{"id":9952,"date":"2018-02-07T09:24:43","date_gmt":"2018-02-07T09:24:43","guid":{"rendered":"https:\/\/ucm.one\/theatrical-distribution\/kinostarts\/"},"modified":"2025-11-22T15:29:30","modified_gmt":"2025-11-22T15:29:30","slug":"theatrical-releases-2024","status":"publish","type":"page","link":"https:\/\/ucm.one\/en\/theatrical-distribution\/theatrical-releases-2024\/","title":{"rendered":"Theatrical Releases (2024)"},"content":{"rendered":"<div class=\"wpb-content-wrapper\"><p>[vc_row css=&#8221;.vc_custom_1691101198889{margin-bottom: 20px !important;}&#8221;][vc_column][vc_column_text css=&#8221;&#8221;]<\/p>\n<h1>Theatrical releases (2024)<\/h1>\n<p>[\/vc_column_text][vc_column_text]Most movies are produced for the big screens of cinemas. Because of we&#8217;re cinema lovers, we want to pay tribute to this fact and therefore we operate our own theatrical distribution in Berlin.[\/vc_column_text][vc_column_text css=&#8221;&#8221; el_id=&#8221;martin-reads-the-quran&#8221;]The following films had (or will have) theatrical release on the specified dates and have since been screened in selected cinemas:[\/vc_column_text][\/vc_column][\/vc_row][vc_row css=&#8221;.vc_custom_1763813035847{margin-top: 20px !important;}&#8221; el_id=&#8221;siehe-oben&#8221;][vc_column width=&#8221;1\/4&#8243; offset=&#8221;vc_col-lg-offset-0 vc_col-md-offset-0 vc_col-sm-offset-0&#8243;][vc_column_text css=&#8221;.vc_custom_1729787977250{background-position: center !important;background-repeat: no-repeat !important;background-size: cover !important;}&#8221;]<img decoding=\"async\" class=\"alignnone wp-image-107837 size-full\" src=\"https:\/\/ucm.one\/wp-content\/uploads\/2024\/10\/P-Martin-liest-den-Koran-Poster.jpg\" alt=\"\" width=\"699\" height=\"1000\" srcset=\"https:\/\/ucm.one\/wp-content\/uploads\/2024\/10\/P-Martin-liest-den-Koran-Poster.jpg 699w, https:\/\/ucm.one\/wp-content\/uploads\/2024\/10\/P-Martin-liest-den-Koran-Poster-210x300.jpg 210w, https:\/\/ucm.one\/wp-content\/uploads\/2024\/10\/P-Martin-liest-den-Koran-Poster-300x429.jpg 300w, https:\/\/ucm.one\/wp-content\/uploads\/2024\/10\/P-Martin-liest-den-Koran-Poster-600x858.jpg 600w\" sizes=\"(max-width: 699px) 100vw, 699px\" \/>[\/vc_column_text][\/vc_column][vc_column width=&#8221;3\/4&#8243;][vc_column_text css=&#8221;&#8221;]<\/p>\n<h2>Martin liest den Koran | Martin Reads the Quran<\/h2>\n<h3><span style=\"font-family: arial, helvetica, sans-serif;\">by <\/span>Jurijs Saule<\/h3>\n<div class=\"wpb_text_column wpb_content_element \">\n<div class=\"wpb_wrapper\">\n<div class=\"wpb_text_column wpb_content_element \">\n<div class=\"wpb_wrapper\">\n<div class=\"wpb_text_column wpb_content_element vc_custom_1681339038108\">\n<div class=\"wpb_wrapper\">\n<p>Martin is a 35-year-old family man with Iranian roots who has only been studying Islam for a year. He visits Professor Neuweiser, a professor of Islamic Studies, to tell him about the exciting terrorist attack he initiated this morning. Martin is confused when criticising terrorists because he believes that they only follow what is written in the Quran. Or can Professor Neuweiser Martin show a passage that clearly forbids killing people with bombs? If not, Martin&#8217;s bomb will consequently kill many people. The professor has no other weapon than the Koran itself, the word of God, to prove that violence is forbidden.<\/p>\n<p>But did Martin really visit the professor just to get the advice of a \u2018wise man\u2019, or is there something else behind the unannounced visit? Martin himself is the big mystery throughout the film, which only unfolds in its full emotional depth at the end \u2013 only to finally detonate in the hearts of the audience.<\/p>\n<\/div>\n<\/div>\n<\/div>\n<\/div>\n<\/div>\n<\/div>\n<div class=\"wpb_text_column wpb_content_element \">\n<div class=\"wpb_wrapper\">\n<h3><span style=\"font-family: arial, helvetica, sans-serif;\">Theatrical release: November 07, 2024<\/span><\/h3>\n<\/div>\n<\/div>\n<p>[\/vc_column_text][vc_column_text css=&#8221;&#8221;]<span style=\"color: #999999;\"><em>Available via <span style=\"font-family: 'arial black', sans-serif;\"><strong>UCM.ONE<\/strong> <\/span><\/em><em>in<\/em>\u00a0<em>Germany, Austria &amp; Switzerland.<\/em><\/span>[\/vc_column_text][\/vc_column][\/vc_row][vc_row][vc_column width=&#8221;5\/6&#8243;][vc_column_text css=&#8221;&#8221;]Artkeim\u00b2 | 2023 | Drama, Thriller | Germany | Original title: <a href=\"https:\/\/ucm.one\/en\/martin-reads-the-quran\/\">Martin liest den Koran<\/a> | English title: Martin Reads the Quran | Spanish title: Martin lee el Cor\u00e1n[\/vc_column_text][\/vc_column][vc_column width=&#8221;1\/6&#8243;][vc_btn title=&#8221;Press Material (German)&#8221; size=&#8221;xs&#8221; align=&#8221;center&#8221; i_icon_fontawesome=&#8221;fas fa-download&#8221; css=&#8221;&#8221; button_block=&#8221;true&#8221; add_icon=&#8221;true&#8221; link=&#8221;url:https%3A%2F%2Fwww.ucm.one%2Fpresse%2Fak_martin-liest-den-koran_presskit-de.zip|title:Martin%20liest%20den%20Koran%20Pressekit|rel:nofollow&#8221;][\/vc_column][\/vc_row][vc_row][vc_column][vc_tta_accordion style=&#8221;modern&#8221; shape=&#8221;square&#8221; c_icon=&#8221;chevron&#8221; active_section=&#8221;33&#8243; no_fill=&#8221;true&#8221; collapsible_all=&#8221;true&#8221;][vc_tta_section title=&#8221;More information&#8221; tab_id=&#8221;1739109870227-b9ffc9fd-2588&#8243;][vc_column_text css=&#8221;&#8221;]<\/p>\n<div class=\"wpb_text_column wpb_content_element \">\n<div class=\"wpb_wrapper\">\n<div class=\"wpb_text_column wpb_content_element \">\n<div class=\"wpb_wrapper\">\n<div class=\"wpb_text_column wpb_content_element \">\n<div class=\"wpb_wrapper\">\n<div class=\"wpb_text_column wpb_content_element \">\n<div class=\"wpb_wrapper\">\n<p><b>Original title:<\/b> Martin liest den Koran<\/p>\n<p><b>Director:<\/b> Jurijs Saule<\/p>\n<p><b>Screenplay:<\/b> Michail Lurje, Jurijs Saule<\/p>\n<p><b>Producers:<\/b> Michail Lurje, Jurijs Saule<\/p>\n<p><b>Executive producer:<\/b> Julia Rovnik<\/p>\n<p><b>Actors:<\/b> Ulrich Tukur (Prof. Dr. Neuweiser), Zejhun Demirov (Martin Harirat), Sarah Sandeh (Aliyah Harirat), Alissia Krupsky (Jannetta Harirat), Prince Chughtai (Fahid Amrosi)<\/p>\n<p><b>Cinematography by:<\/b> Arsenij Gusev<\/p>\n<p><b>Film editor:<\/b> Jurijs Saule<\/p>\n<p><b>Assistant film editors:<\/b> Camilo Correa Costa, Mascha Kokina<\/p>\n<p><b>Sound:<\/b> Michael Kaczmarek (re-recording mixer) Adrian Lo (re-recording mixer \/ sound design), Jonas Vicent (recording\/dialogue editor \/ Foley artist)<\/p>\n<p><b>Music:<\/b> Raphael Schalz<\/p>\n<p><b>Genres:<\/b> Drama, Thriller<\/p>\n<p><b>Production company:<\/b> Blobel Film<\/p>\n<p><b>Country of production:<\/b> Germany<\/p>\n<p><b>Year of production:<\/b> 2024<\/p>\n<p><b>Language:<\/b> German<\/p>\n<p><b>Subtitles:<\/b> English, German (partial subtitles)<\/p>\n<p><b>Rating:<\/b> FSK 16 (descriptors: violence, injury)<\/p>\n<p><b>Length:<\/b> 107 minutes<\/p>\n<p><b>Aspect ratio:<\/b> 1.5:1<\/p>\n<p><b>Resolution: <\/b>3240\u00d72160 (1620\u00d71080)<\/p>\n<p><b>Sound:<\/b> 5.1 (DCP)<\/p>\n<\/div>\n<\/div>\n<div class=\"vc_separator wpb_content_element vc_separator_align_center vc_sep_width_100 vc_sep_pos_align_center vc_separator_no_text wpb_content_element wpb_content_element\"><\/div>\n<div class=\"wpb_text_column wpb_content_element \">\n<div class=\"wpb_wrapper\">\n<p><b>Premiere:<\/b><\/p>\n<p>58th Hof International Film Festival 2024, Germany<\/p>\n<\/div>\n<\/div>\n<div class=\"vc_separator wpb_content_element vc_separator_align_center vc_sep_width_100 vc_sep_pos_align_center vc_separator_no_text wpb_content_element wpb_content_element\"><\/div>\n<div class=\"wpb_text_column wpb_content_element \">\n<div class=\"wpb_wrapper\">\n<p><em>Other titles:<\/em><\/p>\n<p><b>German: <\/b>Martin liest den Koran<\/p>\n<p><b>English:<\/b> Martin Reads the Quran<\/p>\n<p><b>Spanish:<\/b> Martin lee el Cor\u00e1n<\/p>\n<\/div>\n<\/div>\n<div class=\"vc_separator wpb_content_element vc_separator_align_center vc_sep_width_100 vc_sep_pos_align_center vc_separator_no_text wpb_content_element wpb_content_element\"><\/div>\n<div class=\"wpb_text_column wpb_content_element \">\n<div class=\"wpb_wrapper\">\n<p><b>Film label:<\/b> Artkeim\u00b2<\/p>\n<p><b>Distribution:<\/b> <b>UCM.ONE<\/b><\/p>\n<p><b>Theatrical release: <\/b>November 7, 2024<\/p>\n<\/div>\n<\/div>\n<div class=\"vc_separator wpb_content_element vc_separator_align_center vc_sep_width_100 vc_sep_pos_align_center vc_separator_no_text wpb_content_element wpb_content_element\"><\/div>\n<\/div>\n<\/div>\n<\/div>\n<\/div>\n<\/div>\n<\/div>\n<div class=\"wpb_text_column wpb_content_element \">\n<div class=\"wpb_wrapper\">\n<div class=\"wpb_text_column wpb_content_element \">\n<div class=\"wpb_wrapper\">\n<div class=\"wpb_text_column wpb_content_element \">\n<div class=\"wpb_wrapper\">\n<div class=\"gap\" style=\"line-height: 20px; height: 20px;\"><\/div>\n<\/div>\n<\/div>\n<div class=\"vc_separator wpb_content_element vc_separator_align_center vc_sep_width_100 vc_sep_pos_align_center vc_separator_no_text wpb_content_element wpb_content_element\">All information about the movie: <a href=\"https:\/\/ucm.one\/en\/martin-reads-the-quran\/\">Martin Reads the Quran<\/a><\/div>\n<div><\/div>\n<div><\/div>\n<\/div>\n<\/div>\n<\/div>\n<\/div>\n<p>[\/vc_column_text][\/vc_tta_section][vc_tta_section title=&#8221;Trailer (German)&#8221; tab_id=&#8221;1739109870449-2c0bc426-0896&#8243;][vc_video link=&#8221;https:\/\/youtu.be\/nNMy3hSnTcE&#8221; css=&#8221;&#8221;][\/vc_tta_section][vc_tta_section title=&#8221;Festival Trailer (German with English subs)&#8221; tab_id=&#8221;1739109870636-a3353c88-15a9&#8243;][vc_video link=&#8221;https:\/\/youtu.be\/PN12cX7CA4M&#8221; css=&#8221;&#8221;][\/vc_tta_section][vc_tta_section title=&#8221;News&#8221; tab_id=&#8221;1739109870825-cd4071c9-c37d&#8221;]<style type=\"text\/css\" data-type=\"the7_shortcodes-inline-css\">.blog-shortcode.blog-masonry-shortcode-id-e1d20c78f76f1db78ccebe3cfbad8f75.content-bg-on.classic-layout-list article {\n  background: #e6e6e6;\n  box-shadow: none;\n}\n.blog-shortcode.blog-masonry-shortcode-id-e1d20c78f76f1db78ccebe3cfbad8f75.dividers-on.classic-layout-list article {\n  padding-top: 0;\n}\n.blog-shortcode.blog-masonry-shortcode-id-e1d20c78f76f1db78ccebe3cfbad8f75.dividers-on.classic-layout-list article:first-of-type {\n  margin-top: 0;\n  padding-top: 0;\n}\n.blog-shortcode.blog-masonry-shortcode-id-e1d20c78f76f1db78ccebe3cfbad8f75.classic-layout-list.mode-list .post-entry-content {\n  width: calc(100% - );\n}\n.blog-shortcode.blog-masonry-shortcode-id-e1d20c78f76f1db78ccebe3cfbad8f75.classic-layout-list.mode-list .no-img .post-entry-content {\n  width: 100%;\n}\n.blog-shortcode.blog-masonry-shortcode-id-e1d20c78f76f1db78ccebe3cfbad8f75 .filter-bg-decoration .filter-categories a.act {\n  color: #fff;\n}\n.blog-shortcode.blog-masonry-shortcode-id-e1d20c78f76f1db78ccebe3cfbad8f75:not(.mode-masonry) article:first-of-type,\n.blog-shortcode.blog-masonry-shortcode-id-e1d20c78f76f1db78ccebe3cfbad8f75:not(.mode-masonry) article.visible.first:not(.product) {\n  margin-top: 0;\n}\n.blog-shortcode.blog-masonry-shortcode-id-e1d20c78f76f1db78ccebe3cfbad8f75.dividers-on:not(.mode-masonry) article {\n  margin-top: 0;\n}\n.blog-shortcode.blog-masonry-shortcode-id-e1d20c78f76f1db78ccebe3cfbad8f75.dividers-on:not(.mode-masonry) article:first-of-type,\n.blog-shortcode.blog-masonry-shortcode-id-e1d20c78f76f1db78ccebe3cfbad8f75.dividers-on:not(.mode-masonry) article.visible.first:not(.product) {\n  margin-top: 0;\n  padding-top: 0;\n}\n.blog-shortcode.blog-masonry-shortcode-id-e1d20c78f76f1db78ccebe3cfbad8f75 .post-thumbnail-wrap {\n  padding: 0px 0px 0px 0px;\n}\n.blog-shortcode.blog-masonry-shortcode-id-e1d20c78f76f1db78ccebe3cfbad8f75.enable-bg-rollover .post-thumbnail-rollover:after {\n  background: -webkit-linear-gradient();\n  background: linear-gradient();\n}\n.blog-shortcode.blog-masonry-shortcode-id-e1d20c78f76f1db78ccebe3cfbad8f75 .gallery-zoom-ico {\n  width: 44px;\n  height: 44px;\n  line-height: 44px;\n  border-radius: 100px;\n  margin: -22px 0 0 -22px;\n  border-width: 0px;\n  color: #ffffff;\n}\n.bottom-overlap-layout-list.blog-shortcode.blog-masonry-shortcode-id-e1d20c78f76f1db78ccebe3cfbad8f75 .gallery-zoom-ico {\n  margin-top: -72px;\n}\n.gradient-overlay-layout-list.blog-shortcode.blog-masonry-shortcode-id-e1d20c78f76f1db78ccebe3cfbad8f75 .gallery-zoom-ico,\n.content-rollover-layout-list.blog-shortcode.blog-masonry-shortcode-id-e1d20c78f76f1db78ccebe3cfbad8f75 .gallery-zoom-ico {\n  margin: 0 0 10px;\n}\n.content-align-center.gradient-overlay-layout-list.blog-shortcode.blog-masonry-shortcode-id-e1d20c78f76f1db78ccebe3cfbad8f75 .gallery-zoom-ico,\n.content-align-center.content-rollover-layout-list.blog-shortcode.blog-masonry-shortcode-id-e1d20c78f76f1db78ccebe3cfbad8f75 .gallery-zoom-ico {\n  margin: 0 auto 10px;\n}\n.dt-icon-bg-on.blog-shortcode.blog-masonry-shortcode-id-e1d20c78f76f1db78ccebe3cfbad8f75 .gallery-zoom-ico {\n  background: rgba(255,255,255,0.3);\n  box-shadow: none;\n}\n.blog-shortcode.blog-masonry-shortcode-id-e1d20c78f76f1db78ccebe3cfbad8f75 .gallery-zoom-ico > span,\n.blog-shortcode.blog-masonry-shortcode-id-e1d20c78f76f1db78ccebe3cfbad8f75 .gallery-zoom-ico:before {\n  font-size: 32px;\n  line-height: 44px;\n}\n.blog-shortcode.blog-masonry-shortcode-id-e1d20c78f76f1db78ccebe3cfbad8f75 .gallery-zoom-ico > span,\n.blog-shortcode.blog-masonry-shortcode-id-e1d20c78f76f1db78ccebe3cfbad8f75 .gallery-zoom-ico:before {\n  color: #ffffff;\n}\n.blog-shortcode.blog-masonry-shortcode-id-e1d20c78f76f1db78ccebe3cfbad8f75 .entry-title,\n.blog-shortcode.blog-masonry-shortcode-id-e1d20c78f76f1db78ccebe3cfbad8f75.owl-carousel .entry-title {\n  margin-bottom: 5px;\n  font-weight: bold;\n}\n.blog-shortcode.blog-masonry-shortcode-id-e1d20c78f76f1db78ccebe3cfbad8f75 .entry-meta {\n  margin-bottom: 15px;\n}\n.blog-shortcode.blog-masonry-shortcode-id-e1d20c78f76f1db78ccebe3cfbad8f75 .portfolio-categories {\n  margin-bottom: 15px;\n}\n.blog-shortcode.blog-masonry-shortcode-id-e1d20c78f76f1db78ccebe3cfbad8f75 .entry-excerpt {\n  margin-bottom: 5px;\n}\n.blog-shortcode.blog-masonry-shortcode-id-e1d20c78f76f1db78ccebe3cfbad8f75:not(.centered-layout-list) .post-entry-content {\n  padding: 15px 20px 20px 20px;\n}\n.blog-shortcode.blog-masonry-shortcode-id-e1d20c78f76f1db78ccebe3cfbad8f75:not(.centered-layout-list):not(.content-bg-on):not(.mode-list) .no-img .post-entry-content {\n  padding: 0;\n}\n.blog-shortcode.blog-masonry-shortcode-id-e1d20c78f76f1db78ccebe3cfbad8f75.content-bg-on:not(.classic-layout-list):not(.centered-layout-list) .post-entry-content {\n  background: #e6e6e6;\n  box-shadow: none;\n}\n@media screen and (max-width: ) {\n  .blog-shortcode.blog-masonry-shortcode-id-e1d20c78f76f1db78ccebe3cfbad8f75 article {\n    -ms-flex-flow: column nowrap;\n    flex-flow: column nowrap;\n    margin-top: 20px;\n  }\n  .blog-shortcode.blog-masonry-shortcode-id-e1d20c78f76f1db78ccebe3cfbad8f75.dividers-on article {\n    border: none;\n  }\n  .blog-shortcode.blog-masonry-shortcode-id-e1d20c78f76f1db78ccebe3cfbad8f75.content-bg-on.centered-layout-list article {\n    padding: 0;\n  }\n  .blog-shortcode.blog-masonry-shortcode-id-e1d20c78f76f1db78ccebe3cfbad8f75.blog-shortcode.dividers-on article,\n  .blog-shortcode.blog-masonry-shortcode-id-e1d20c78f76f1db78ccebe3cfbad8f75.dividers-on.classic-layout-list article {\n    margin-top: 20px;\n    padding: 0;\n  }\n  .blog-shortcode.blog-masonry-shortcode-id-e1d20c78f76f1db78ccebe3cfbad8f75.blog-shortcode.dividers-on article:first-of-type,\n  .blog-shortcode.blog-masonry-shortcode-id-e1d20c78f76f1db78ccebe3cfbad8f75.dividers-on.classic-layout-list article:first-of-type {\n    padding: 0;\n  }\n  #page .blog-shortcode.blog-masonry-shortcode-id-e1d20c78f76f1db78ccebe3cfbad8f75 .post-thumbnail-wrap,\n  #page .blog-shortcode.blog-masonry-shortcode-id-e1d20c78f76f1db78ccebe3cfbad8f75 .post-entry-content {\n    width: 100%;\n    margin: 0;\n    top: 0;\n  }\n  #page .blog-shortcode.blog-masonry-shortcode-id-e1d20c78f76f1db78ccebe3cfbad8f75 .post-thumbnail-wrap {\n    padding: 0;\n  }\n  #page .blog-shortcode.blog-masonry-shortcode-id-e1d20c78f76f1db78ccebe3cfbad8f75 .post-entry-content:after {\n    display: none;\n  }\n  #page .blog-shortcode.blog-masonry-shortcode-id-e1d20c78f76f1db78ccebe3cfbad8f75 .project-even .post-thumbnail-wrap,\n  #page .blog-shortcode.blog-masonry-shortcode-id-e1d20c78f76f1db78ccebe3cfbad8f75.centered-layout-list .post-thumbnail-wrap {\n    -ms-flex-order: 0;\n    order: 0;\n  }\n  #page .blog-shortcode.blog-masonry-shortcode-id-e1d20c78f76f1db78ccebe3cfbad8f75.centered-layout-list .post-entry-title-content {\n    -ms-flex-order: 1;\n    order: 1;\n    width: 100%;\n    padding: 20px 20px 0;\n  }\n  #page .blog-shortcode.blog-masonry-shortcode-id-e1d20c78f76f1db78ccebe3cfbad8f75.centered-layout-list .post-entry-content {\n    -ms-flex-order: 2;\n    order: 2;\n    padding-top: 0;\n  }\n  #page .blog-shortcode.blog-masonry-shortcode-id-e1d20c78f76f1db78ccebe3cfbad8f75 .fancy-categories {\n    top: 10px;\n    left: 10px;\n    bottom: auto;\n    right: auto;\n  }\n  #page .blog-shortcode.blog-masonry-shortcode-id-e1d20c78f76f1db78ccebe3cfbad8f75 .fancy-date a {\n    top: 10px;\n    right: 10px;\n    left: auto;\n    bottom: auto;\n  }\n  #page .blog-shortcode.blog-masonry-shortcode-id-e1d20c78f76f1db78ccebe3cfbad8f75 .post-entry-content {\n    padding: 20px;\n  }\n  #page .blog-shortcode.blog-masonry-shortcode-id-e1d20c78f76f1db78ccebe3cfbad8f75 .entry-title {\n    margin: 3px 0 5px;\n    font-size: 20px;\n    line-height: 26px;\n  }\n  #page .blog-shortcode.blog-masonry-shortcode-id-e1d20c78f76f1db78ccebe3cfbad8f75 .entry-meta {\n    margin: 5px 0 5px;\n  }\n  #page .blog-shortcode.blog-masonry-shortcode-id-e1d20c78f76f1db78ccebe3cfbad8f75 .entry-excerpt {\n    margin: 15px 0 0;\n  }\n  #page .blog-shortcode.blog-masonry-shortcode-id-e1d20c78f76f1db78ccebe3cfbad8f75 .post-details {\n    margin: 5px 0 10px;\n  }\n  #page .blog-shortcode.blog-masonry-shortcode-id-e1d20c78f76f1db78ccebe3cfbad8f75 .post-details.details-type-link {\n    margin-bottom: 2px;\n  }\n}\n.blog-shortcode.blog-masonry-shortcode-id-e1d20c78f76f1db78ccebe3cfbad8f75:not(.resize-by-browser-width) .dt-css-grid {\n  grid-row-gap: 50px;\n  grid-column-gap: 50px;\n  grid-template-columns: repeat(auto-fill,minmax(,1fr));\n}\n.blog-shortcode.blog-masonry-shortcode-id-e1d20c78f76f1db78ccebe3cfbad8f75:not(.resize-by-browser-width) .dt-css-grid .double-width {\n  grid-column: span 2;\n}\n.cssgridlegacy.no-cssgrid .blog-shortcode.blog-masonry-shortcode-id-e1d20c78f76f1db78ccebe3cfbad8f75:not(.resize-by-browser-width) .dt-css-grid,\n.no-cssgridlegacy.no-cssgrid .blog-shortcode.blog-masonry-shortcode-id-e1d20c78f76f1db78ccebe3cfbad8f75:not(.resize-by-browser-width) .dt-css-grid {\n  display: flex;\n  flex-flow: row wrap;\n  margin: -25px;\n}\n.cssgridlegacy.no-cssgrid .blog-shortcode.blog-masonry-shortcode-id-e1d20c78f76f1db78ccebe3cfbad8f75:not(.resize-by-browser-width) .dt-css-grid .wf-cell,\n.no-cssgridlegacy.no-cssgrid .blog-shortcode.blog-masonry-shortcode-id-e1d20c78f76f1db78ccebe3cfbad8f75:not(.resize-by-browser-width) .dt-css-grid .wf-cell {\n  flex: 1 0 ;\n  max-width: 100%;\n  padding: 25px;\n  box-sizing: border-box;\n}\n.blog-shortcode.blog-masonry-shortcode-id-e1d20c78f76f1db78ccebe3cfbad8f75.resize-by-browser-width .dt-css-grid {\n  grid-template-columns: repeat(1,1fr);\n  grid-template-rows: auto;\n  grid-column-gap: 50px;\n  grid-row-gap: 50px;\n}\n.blog-shortcode.blog-masonry-shortcode-id-e1d20c78f76f1db78ccebe3cfbad8f75.resize-by-browser-width .dt-css-grid .double-width {\n  grid-column: span 2;\n}\n.cssgridlegacy.no-cssgrid .blog-shortcode.blog-masonry-shortcode-id-e1d20c78f76f1db78ccebe3cfbad8f75.resize-by-browser-width .dt-css-grid {\n  margin: -25px;\n}\n.cssgridlegacy.no-cssgrid .blog-shortcode.blog-masonry-shortcode-id-e1d20c78f76f1db78ccebe3cfbad8f75.resize-by-browser-width .dt-css-grid .wf-cell {\n  width: 100%;\n  padding: 25px;\n}\n.cssgridlegacy.no-cssgrid .blog-shortcode.blog-masonry-shortcode-id-e1d20c78f76f1db78ccebe3cfbad8f75.resize-by-browser-width .dt-css-grid .wf-cell.double-width {\n  width: calc(100%) * 2;\n}\n.blog-shortcode.blog-masonry-shortcode-id-e1d20c78f76f1db78ccebe3cfbad8f75.resize-by-browser-width:not(.centered-layout-list):not(.content-bg-on) .dt-css-grid {\n  grid-row-gap: 30px;\n}\n@media screen and (max-width: 1199px) {\n  .blog-shortcode.blog-masonry-shortcode-id-e1d20c78f76f1db78ccebe3cfbad8f75.resize-by-browser-width .dt-css-grid {\n    grid-template-columns: repeat(1,1fr);\n  }\n  .cssgridlegacy.no-cssgrid .blog-shortcode.blog-masonry-shortcode-id-e1d20c78f76f1db78ccebe3cfbad8f75.resize-by-browser-width .dt-css-grid .wf-cell,\n  .no-cssgridlegacy.no-cssgrid .blog-shortcode.blog-masonry-shortcode-id-e1d20c78f76f1db78ccebe3cfbad8f75.resize-by-browser-width .dt-css-grid .wf-cell {\n    width: 100%;\n  }\n  .cssgridlegacy.no-cssgrid .blog-shortcode.blog-masonry-shortcode-id-e1d20c78f76f1db78ccebe3cfbad8f75.resize-by-browser-width .dt-css-grid .wf-cell.double-width,\n  .no-cssgridlegacy.no-cssgrid .blog-shortcode.blog-masonry-shortcode-id-e1d20c78f76f1db78ccebe3cfbad8f75.resize-by-browser-width .dt-css-grid .wf-cell.double-width {\n    width: calc(100%)*2;\n  }\n}\n@media screen and (max-width: 991px) {\n  .blog-shortcode.blog-masonry-shortcode-id-e1d20c78f76f1db78ccebe3cfbad8f75.resize-by-browser-width .dt-css-grid {\n    grid-template-columns: repeat(1,1fr);\n  }\n  .cssgridlegacy.no-cssgrid .blog-shortcode.blog-masonry-shortcode-id-e1d20c78f76f1db78ccebe3cfbad8f75.resize-by-browser-width .dt-css-grid .wf-cell,\n  .no-cssgridlegacy.no-cssgrid .blog-shortcode.blog-masonry-shortcode-id-e1d20c78f76f1db78ccebe3cfbad8f75.resize-by-browser-width .dt-css-grid .wf-cell {\n    width: 100%;\n  }\n  .cssgridlegacy.no-cssgrid .blog-shortcode.blog-masonry-shortcode-id-e1d20c78f76f1db78ccebe3cfbad8f75.resize-by-browser-width .dt-css-grid .wf-cell.double-width,\n  .no-cssgridlegacy.no-cssgrid .blog-shortcode.blog-masonry-shortcode-id-e1d20c78f76f1db78ccebe3cfbad8f75.resize-by-browser-width .dt-css-grid .wf-cell.double-width {\n    width: calc(100%)*2;\n  }\n}\n@media screen and (max-width: 767px) {\n  .blog-shortcode.blog-masonry-shortcode-id-e1d20c78f76f1db78ccebe3cfbad8f75.resize-by-browser-width .dt-css-grid {\n    grid-template-columns: repeat(1,1fr);\n  }\n  .blog-shortcode.blog-masonry-shortcode-id-e1d20c78f76f1db78ccebe3cfbad8f75.resize-by-browser-width .dt-css-grid .double-width {\n    grid-column: span 1;\n  }\n  .cssgridlegacy.no-cssgrid .blog-shortcode.blog-masonry-shortcode-id-e1d20c78f76f1db78ccebe3cfbad8f75.resize-by-browser-width .dt-css-grid .wf-cell,\n  .no-cssgridlegacy.no-cssgrid .blog-shortcode.blog-masonry-shortcode-id-e1d20c78f76f1db78ccebe3cfbad8f75.resize-by-browser-width .dt-css-grid .wf-cell {\n    width: 100%;\n  }\n  .cssgridlegacy.no-cssgrid .blog-shortcode.blog-masonry-shortcode-id-e1d20c78f76f1db78ccebe3cfbad8f75.resize-by-browser-width .dt-css-grid .wf-cell.double-width,\n  .no-cssgridlegacy.no-cssgrid .blog-shortcode.blog-masonry-shortcode-id-e1d20c78f76f1db78ccebe3cfbad8f75.resize-by-browser-width .dt-css-grid .wf-cell.double-width {\n    width: calc(100%)*2;\n  }\n}<\/style><div class=\"blog-shortcode blog-masonry-shortcode-id-e1d20c78f76f1db78ccebe3cfbad8f75 mode-grid classic-layout-list content-bg-on jquery-filter vertical-fancy-style scale-img dt-css-grid-wrap dt-icon-bg-off resize-by-browser-width loading-effect-none description-under-image \" data-padding=\"25px\" data-cur-page=\"1\" data-post-limit=\"2\" data-pagination-mode=\"load-more\" aria-live=\"assertive\" data-desktop-columns-num=\"1\" data-v-tablet-columns-num=\"1\" data-h-tablet-columns-num=\"1\" data-phone-columns-num=\"1\" data-width=\"0px\" data-columns=\"0\"><div class=\"dt-css-grid\" ><div class=\"visible wf-cell\" data-post-id=\"412565\" data-date=\"2025-12-01T22:38:04+00:00\" data-name=\"\ud83c\udfac \u2018Martin reads the Quran\u2019 by Jurijs Saule can be seen today in the NDR TV programme and in the ARD media library\"><article class=\"post project-odd visible post-412565 type-post status-publish format-standard has-post-thumbnail hentry category-artkeim-en category-film-en category-news-en tag-alissia-krupsky-2 tag-ard-en tag-deutscher-filmpreis-en tag-islam-2 tag-jurijs-saule-2 tag-lola-en tag-martin-reads-the-quran tag-michail-lurje-2 tag-ndr-en tag-prince-chughtai-2 tag-sarah-sandeh-2 tag-ulrich-tukur-2 tag-zejhun-demirov-2 category-570 category-942 category-941\" data-name=\"\ud83c\udfac \u2018Martin reads the Quran\u2019 by Jurijs Saule can be seen today in the NDR TV programme and in the ARD media library\" data-date=\"2025-12-01T22:38:04+00:00\">\n\n<div class=\"post-thumbnail-wrap\">\n\t<div class=\"post-thumbnail\">\n\t\t\n\t\t\n\t\t<a href=\"https:\/\/ucm.one\/en\/%f0%9f%8e%ac-martin-reads-the-quran-by-jurijs-saule-can-be-seen-today-in-the-ndr-tv-programme-and-in-the-ard-media-library\/\" class=\"post-thumbnail-rollover layzr-bg layzr-bg\" ><img fetchpriority=\"high\" decoding=\"async\" class=\"iso-lazy-load preload-me iso-lazy-load aspect\" src=\"data:image\/svg+xml,%3Csvg%20xmlns%3D&#39;http%3A%2F%2Fwww.w3.org%2F2000%2Fsvg&#39;%20viewBox%3D&#39;0%200%20990%20309&#39;%2F%3E\" data-src=\"https:\/\/ucm.one\/wp-content\/uploads\/2025\/12\/B-Martin-reads-the-Quran-NDR-ENG-990x309.jpg\" data-srcset=\"https:\/\/ucm.one\/wp-content\/uploads\/2025\/12\/B-Martin-reads-the-Quran-NDR-ENG-990x309.jpg 990w, https:\/\/ucm.one\/wp-content\/uploads\/2025\/12\/B-Martin-reads-the-Quran-NDR-ENG-1485x464.jpg 1485w\" loading=\"eager\" style=\"--ratio: 990 \/ 309\" sizes=\"(max-width: 990px) 100vw, 990px\" alt=\"\" title=\"B Martin reads the Quran NDR ENG\" width=\"990\" height=\"309\"  \/><\/a>\t<\/div>\n<\/div>\n\n\n<div class=\"post-entry-content\">\n\n\t<h3 class=\"entry-title\">\n\t\t<a href=\"https:\/\/ucm.one\/en\/%f0%9f%8e%ac-martin-reads-the-quran-by-jurijs-saule-can-be-seen-today-in-the-ndr-tv-programme-and-in-the-ard-media-library\/\" title=\"\ud83c\udfac \u2018Martin reads the Quran\u2019 by Jurijs Saule can be seen today in the NDR TV programme and in the ARD media library\" rel=\"bookmark\">\ud83c\udfac \u2018Martin reads the Quran\u2019 by Jurijs Saule can be seen today in the NDR TV programme and in the ARD media library<\/a>\n\t<\/h3>\n\n\t<div class=\"entry-meta\"><span class=\"category-link\"><a href=\"https:\/\/ucm.one\/en\/category\/news-en\/film-en\/artkeim-en\/\" >Artkeim\u00b2<\/a>, <a href=\"https:\/\/ucm.one\/en\/category\/news-en\/film-en\/\" >Film<\/a>, <a href=\"https:\/\/ucm.one\/en\/category\/news-en\/\" >News<\/a><\/span><a class=\"author vcard\" href=\"\" title=\"View all posts by Joachim Keil\" rel=\"author\">By <span class=\"fn\">Joachim Keil<\/span><\/a><a href=\"https:\/\/ucm.one\/en\/2025\/12\/01\/\" title=\"22:38\" class=\"data-link\" rel=\"bookmark\"><time class=\"entry-date updated\" datetime=\"2025-12-01T22:38:04+00:00\">1. December 2025<\/time><\/a><\/div>\n\t<div class=\"entry-excerpt\"><p>[vc_row][vc_column][vc_column_text css=&#8221;&#8221;] The film \u2018Martin reads the Quran\u2019 by Jurijs Saule can be seen tonight in the NDR TV programme and is also available to watch in the ARD Mediathek. Ulrich Tukur is convincing in one of the leading roles as an Islamic scholar who engages in an intensive dialogue about faith and self-image. The&hellip;<\/p>\n<\/div>\n\t\n<a href=\"https:\/\/ucm.one\/en\/%f0%9f%8e%ac-martin-reads-the-quran-by-jurijs-saule-can-be-seen-today-in-the-ndr-tv-programme-and-in-the-ard-media-library\/\" class=\"post-details details-type-link\" aria-label=\"Read more about \ud83c\udfac \u2018Martin reads the Quran\u2019 by Jurijs Saule can be seen today in the NDR TV programme and in the ARD media library\">Read more<i class=\"dt-icon-the7-arrow-03\" aria-hidden=\"true\"><\/i><\/a>\n\n<\/div><\/article><\/div><div class=\"visible wf-cell\" data-post-id=\"411706\" data-date=\"2025-10-31T21:17:14+00:00\" data-name=\"\ud83c\udfac \u2018Martin Reads the Quran\u2019 by Jurijs Saule available digitally from today and on DVD in presale\"><article class=\"post project-odd visible post-411706 type-post status-publish format-standard has-post-thumbnail hentry category-artkeim-en category-cinema category-film-en category-movie-distribution category-news-en tag-alissia-krupsky-2 tag-deutscher-filmpreis-en tag-islam-2 tag-jurijs-saule-2 tag-lola-en tag-martin-reads-the-quran tag-michail-lurje-2 tag-prince-chughtai-2 tag-sarah-sandeh-2 tag-ulrich-tukur-2 tag-zejhun-demirov-2 category-570 category-1011 category-942 category-4630 category-941\" data-name=\"\ud83c\udfac \u2018Martin Reads the Quran\u2019 by Jurijs Saule available digitally from today and on DVD in presale\" data-date=\"2025-10-31T21:17:14+00:00\">\n\n<div class=\"post-thumbnail-wrap\">\n\t<div class=\"post-thumbnail\">\n\t\t\n\t\t\n\t\t<a href=\"https:\/\/ucm.one\/en\/martin-reads-the-quran-by-jurijs-saule-available-digitally-from-today-and-on-dvd-in-presale\/\" class=\"post-thumbnail-rollover layzr-bg layzr-bg\" ><img decoding=\"async\" class=\"iso-lazy-load preload-me iso-lazy-load aspect\" src=\"data:image\/svg+xml,%3Csvg%20xmlns%3D&#39;http%3A%2F%2Fwww.w3.org%2F2000%2Fsvg&#39;%20viewBox%3D&#39;0%200%20990%20309&#39;%2F%3E\" data-src=\"https:\/\/ucm.one\/wp-content\/uploads\/2025\/11\/B-Martin-Liest-den-Koran-2025-VoD-990x309.jpg\" data-srcset=\"https:\/\/ucm.one\/wp-content\/uploads\/2025\/11\/B-Martin-Liest-den-Koran-2025-VoD-990x309.jpg 990w, https:\/\/ucm.one\/wp-content\/uploads\/2025\/11\/B-Martin-Liest-den-Koran-2025-VoD-1485x464.jpg 1485w\" loading=\"eager\" style=\"--ratio: 990 \/ 309\" sizes=\"(max-width: 990px) 100vw, 990px\" alt=\"\" title=\"B Martin Liest den Koran 2025 VoD\" width=\"990\" height=\"309\"  \/><\/a>\t<\/div>\n<\/div>\n\n\n<div class=\"post-entry-content\">\n\n\t<h3 class=\"entry-title\">\n\t\t<a href=\"https:\/\/ucm.one\/en\/martin-reads-the-quran-by-jurijs-saule-available-digitally-from-today-and-on-dvd-in-presale\/\" title=\"\ud83c\udfac \u2018Martin Reads the Quran\u2019 by Jurijs Saule available digitally from today and on DVD in presale\" rel=\"bookmark\">\ud83c\udfac \u2018Martin Reads the Quran\u2019 by Jurijs Saule available digitally from today and on DVD in presale<\/a>\n\t<\/h3>\n\n\t<div class=\"entry-meta\"><span class=\"category-link\"><a href=\"https:\/\/ucm.one\/en\/category\/news-en\/film-en\/artkeim-en\/\" >Artkeim\u00b2<\/a>, <a href=\"https:\/\/ucm.one\/en\/category\/news-en\/cinema\/\" >Cinema<\/a>, <a href=\"https:\/\/ucm.one\/en\/category\/news-en\/film-en\/\" >Film<\/a>, <a href=\"https:\/\/ucm.one\/en\/category\/news-en\/movie-distribution\/\" >Movie Distribution<\/a>, <a href=\"https:\/\/ucm.one\/en\/category\/news-en\/\" >News<\/a><\/span><a class=\"author vcard\" href=\"\" title=\"View all posts by Joachim Keil\" rel=\"author\">By <span class=\"fn\">Joachim Keil<\/span><\/a><a href=\"https:\/\/ucm.one\/en\/2025\/10\/31\/\" title=\"21:17\" class=\"data-link\" rel=\"bookmark\"><time class=\"entry-date updated\" datetime=\"2025-10-31T21:17:14+00:00\">31. October 2025<\/time><\/a><\/div>\n\t<div class=\"entry-excerpt\"><p>[vc_row][vc_column][vc_column_text css=&#8221;&#8221;]Starting today, the film \u2018Martin Reads the Quran\u2018 (German original title &#8220;Martin liest den Koran&#8220;) by Jurijs Saule is available digitally and can now also be pre-ordered on DVD. The film, in which Ulrich Tukur plays one of the leading roles, addresses key issues of our time \u2013 identity, radicalisation and cultural tensions. With&hellip;<\/p>\n<\/div>\n\t\n<a href=\"https:\/\/ucm.one\/en\/martin-reads-the-quran-by-jurijs-saule-available-digitally-from-today-and-on-dvd-in-presale\/\" class=\"post-details details-type-link\" aria-label=\"Read more about \ud83c\udfac \u2018Martin Reads the Quran\u2019 by Jurijs Saule available digitally from today and on DVD in presale\">Read more<i class=\"dt-icon-the7-arrow-03\" aria-hidden=\"true\"><\/i><\/a>\n\n<\/div><\/article><\/div><div class=\"hidden wf-cell\" data-post-id=\"226170\" data-date=\"2025-03-18T12:12:54+00:00\" data-name=\"\ud83c\udfac &quot;Martin liest den Koran&quot; (int.Title: &quot;Martin Reads the Quran&quot;) is competing at the 10th Bremen Film Festival.\"><article class=\"post project-odd visible post-226170 type-post status-publish format-standard has-post-thumbnail hentry category-artkeim-en category-cinema category-film-en category-movie-distribution category-news-en tag-alissia-krupsky-2 tag-bremen-film-festival tag-deutscher-filmpreis-en tag-islam-2 tag-jurijs-saule-2 tag-kino-en tag-lola-en tag-martin-reads-the-quran tag-michail-lurje-2 tag-prince-chughtai-2 tag-sarah-sandeh-2 tag-ulrich-tukur-2 tag-zejhun-demirov-2 category-570 category-1011 category-942 category-4630 category-941\" data-name=\"\ud83c\udfac &#8220;Martin liest den Koran&#8221; (int.Title: &#8220;Martin Reads the Quran&#8221;) is competing at the 10th Bremen Film Festival.\" data-date=\"2025-03-18T12:12:54+00:00\">\n\n<div class=\"post-thumbnail-wrap\">\n\t<div class=\"post-thumbnail\">\n\t\t\n\t\t\n\t\t<a href=\"https:\/\/ucm.one\/en\/martin-liest-den-koran-int-title-martin-reads-the-quran-is-competing-at-the-10th-bremen-film-festival\/\" class=\"post-thumbnail-rollover layzr-bg layzr-bg\" ><img decoding=\"async\" class=\"iso-lazy-load preload-me iso-lazy-load aspect\" src=\"data:image\/svg+xml,%3Csvg%20xmlns%3D&#39;http%3A%2F%2Fwww.w3.org%2F2000%2Fsvg&#39;%20viewBox%3D&#39;0%200%20990%20309&#39;%2F%3E\" data-src=\"https:\/\/ucm.one\/wp-content\/uploads\/2025\/03\/bMLDK_FFBremen_EN_1920x600-990x309.jpg\" data-srcset=\"https:\/\/ucm.one\/wp-content\/uploads\/2025\/03\/bMLDK_FFBremen_EN_1920x600-990x309.jpg 990w, https:\/\/ucm.one\/wp-content\/uploads\/2025\/03\/bMLDK_FFBremen_EN_1920x600-1485x464.jpg 1485w\" loading=\"eager\" style=\"--ratio: 990 \/ 309\" sizes=\"(max-width: 990px) 100vw, 990px\" alt=\"\" title=\"bMLDK_FFBremen_EN_1920x600\" width=\"990\" height=\"309\"  \/><\/a>\t<\/div>\n<\/div>\n\n\n<div class=\"post-entry-content\">\n\n\t<h3 class=\"entry-title\">\n\t\t<a href=\"https:\/\/ucm.one\/en\/martin-liest-den-koran-int-title-martin-reads-the-quran-is-competing-at-the-10th-bremen-film-festival\/\" title=\"\ud83c\udfac &#8220;Martin liest den Koran&#8221; (int.Title: &#8220;Martin Reads the Quran&#8221;) is competing at the 10th Bremen Film Festival.\" rel=\"bookmark\">\ud83c\udfac &#8220;Martin liest den Koran&#8221; (int.Title: &#8220;Martin Reads the Quran&#8221;) is competing at the 10th Bremen Film Festival.<\/a>\n\t<\/h3>\n\n\t<div class=\"entry-meta\"><span class=\"category-link\"><a href=\"https:\/\/ucm.one\/en\/category\/news-en\/film-en\/artkeim-en\/\" >Artkeim\u00b2<\/a>, <a href=\"https:\/\/ucm.one\/en\/category\/news-en\/cinema\/\" >Cinema<\/a>, <a href=\"https:\/\/ucm.one\/en\/category\/news-en\/film-en\/\" >Film<\/a>, <a href=\"https:\/\/ucm.one\/en\/category\/news-en\/movie-distribution\/\" >Movie Distribution<\/a>, <a href=\"https:\/\/ucm.one\/en\/category\/news-en\/\" >News<\/a><\/span><a class=\"author vcard\" href=\"\" title=\"View all posts by robert.zimmermann\" rel=\"author\">By <span class=\"fn\">robert.zimmermann<\/span><\/a><a href=\"https:\/\/ucm.one\/en\/2025\/03\/18\/\" title=\"12:12\" class=\"data-link\" rel=\"bookmark\"><time class=\"entry-date updated\" datetime=\"2025-03-18T12:12:54+00:00\">18. March 2025<\/time><\/a><\/div>\n\t<div class=\"entry-excerpt\"><p>[vc_row][vc_column][vc_column_text css=&#8221;&#8221;]&#8220;Martin reads the Quran&#8221; by Jurijs Saule takes part in the international innovation competition of the 10th Bremen Film Festival.\u00a0UCM.ONE is distributing the psychological drama starring Ulrich Tukur in German-speaking countries on its film label Artkeim\u00b2.[\/vc_column_text][\/vc_column][\/vc_row][vc_row][vc_column width=&#8221;1\/3&#8243;][vc_single_image image=&#8221;226153&#8243; img_size=&#8221;full&#8221; onclick=&#8221;custom_link&#8221; img_link_target=&#8221;_blank&#8221; css=&#8221;&#8221; link=&#8221;https:\/\/www.filmfestbremen.com\/en\/movies\/martin-reads-the-quran\/&#8221;][\/vc_column][vc_column width=&#8221;2\/3&#8243;][vc_column_text css=&#8221;&#8221;] Filmfest Bremen is celebrating its tenth anniversary this year&hellip;<\/p>\n<\/div>\n\t\n<a href=\"https:\/\/ucm.one\/en\/martin-liest-den-koran-int-title-martin-reads-the-quran-is-competing-at-the-10th-bremen-film-festival\/\" class=\"post-details details-type-link\" aria-label=\"Read more about \ud83c\udfac &#8220;Martin liest den Koran&#8221; (int.Title: &#8220;Martin Reads the Quran&#8221;) is competing at the 10th Bremen Film Festival.\">Read more<i class=\"dt-icon-the7-arrow-03\" aria-hidden=\"true\"><\/i><\/a>\n\n<\/div><\/article><\/div><div class=\"hidden wf-cell\" data-post-id=\"110098\" data-date=\"2024-11-07T21:29:38+00:00\" data-name=\"\ud83c\udfac  Theatrical release: Ulrich Tukur in &quot;Martin reads the Quran&quot; by Jurijs Saule is in cinemas nationwide from today.\"><article class=\"post project-odd visible post-110098 type-post status-publish format-standard has-post-thumbnail hentry category-artkeim-en category-cinema category-film-en category-movie-distribution category-news-en tag-alissia-krupsky-2 tag-deutscher-filmpreis-en tag-islam-2 tag-jurijs-saule-2 tag-kino-en tag-lola-en tag-martin-reads-the-quran tag-michail-lurje-2 tag-prince-chughtai-2 tag-sarah-sandeh-2 tag-ulrich-tukur-2 tag-zejhun-demirov-2 category-570 category-1011 category-942 category-4630 category-941\" data-name=\"\ud83c\udfac  Theatrical release: Ulrich Tukur in &#8220;Martin reads the Quran&#8221; by Jurijs Saule is in cinemas nationwide from today.\" data-date=\"2024-11-07T21:29:38+00:00\">\n\n<div class=\"post-thumbnail-wrap\">\n\t<div class=\"post-thumbnail\">\n\t\t\n\t\t\n\t\t<a href=\"https:\/\/ucm.one\/en\/theatrical-release-ulrich-tukur-in-martin-reads-the-quran-by-jurijs-saule-is-in-cinemas-nationwide-from-today\/\" class=\"post-thumbnail-rollover layzr-bg layzr-bg\" ><img decoding=\"async\" class=\"iso-lazy-load preload-me iso-lazy-load aspect\" src=\"data:image\/svg+xml,%3Csvg%20xmlns%3D&#39;http%3A%2F%2Fwww.w3.org%2F2000%2Fsvg&#39;%20viewBox%3D&#39;0%200%20990%20309&#39;%2F%3E\" data-src=\"https:\/\/ucm.one\/wp-content\/uploads\/2024\/11\/B-MLDK-Kinostart-EN-990x309.jpg\" data-srcset=\"https:\/\/ucm.one\/wp-content\/uploads\/2024\/11\/B-MLDK-Kinostart-EN-990x309.jpg 990w, https:\/\/ucm.one\/wp-content\/uploads\/2024\/11\/B-MLDK-Kinostart-EN-1485x464.jpg 1485w\" loading=\"eager\" style=\"--ratio: 990 \/ 309\" sizes=\"(max-width: 990px) 100vw, 990px\" alt=\"\" title=\"B MLDK Kinostart EN\" width=\"990\" height=\"309\"  \/><\/a>\t<\/div>\n<\/div>\n\n\n<div class=\"post-entry-content\">\n\n\t<h3 class=\"entry-title\">\n\t\t<a href=\"https:\/\/ucm.one\/en\/theatrical-release-ulrich-tukur-in-martin-reads-the-quran-by-jurijs-saule-is-in-cinemas-nationwide-from-today\/\" title=\"\ud83c\udfac  Theatrical release: Ulrich Tukur in &#8220;Martin reads the Quran&#8221; by Jurijs Saule is in cinemas nationwide from today.\" rel=\"bookmark\">\ud83c\udfac  Theatrical release: Ulrich Tukur in &#8220;Martin reads the Quran&#8221; by Jurijs Saule is in cinemas nationwide from today.<\/a>\n\t<\/h3>\n\n\t<div class=\"entry-meta\"><span class=\"category-link\"><a href=\"https:\/\/ucm.one\/en\/category\/news-en\/film-en\/artkeim-en\/\" >Artkeim\u00b2<\/a>, <a href=\"https:\/\/ucm.one\/en\/category\/news-en\/cinema\/\" >Cinema<\/a>, <a href=\"https:\/\/ucm.one\/en\/category\/news-en\/film-en\/\" >Film<\/a>, <a href=\"https:\/\/ucm.one\/en\/category\/news-en\/movie-distribution\/\" >Movie Distribution<\/a>, <a href=\"https:\/\/ucm.one\/en\/category\/news-en\/\" >News<\/a><\/span><a class=\"author vcard\" href=\"\" title=\"View all posts by Joachim Keil\" rel=\"author\">By <span class=\"fn\">Joachim Keil<\/span><\/a><a href=\"https:\/\/ucm.one\/en\/2024\/11\/07\/\" title=\"21:29\" class=\"data-link\" rel=\"bookmark\"><time class=\"entry-date updated\" datetime=\"2024-11-07T21:29:38+00:00\">7. November 2024<\/time><\/a><\/div>\n\t<div class=\"entry-excerpt\"><p>[vc_row][vc_column][vc_column_text css=&#8221;&#8221;]From today, Thursday 7 November 2024, \u2018Martin reads the Quran\u2019 \u00a0(German title: &#8220;Martin liest den Koran&#8220;) can be seen in cinemas across Germany. The film, in which Ulrich Tukur plays one of the leading roles, addresses current issues such as identity, radicalisation and cultural tensions. Ulrich Tukur gives the film a strong and thoughtful&hellip;<\/p>\n<\/div>\n\t\n<a href=\"https:\/\/ucm.one\/en\/theatrical-release-ulrich-tukur-in-martin-reads-the-quran-by-jurijs-saule-is-in-cinemas-nationwide-from-today\/\" class=\"post-details details-type-link\" aria-label=\"Read more about \ud83c\udfac  Theatrical release: Ulrich Tukur in &#8220;Martin reads the Quran&#8221; by Jurijs Saule is in cinemas nationwide from today.\">Read more<i class=\"dt-icon-the7-arrow-03\" aria-hidden=\"true\"><\/i><\/a>\n\n<\/div><\/article><\/div><div class=\"hidden wf-cell\" data-post-id=\"110167\" data-date=\"2024-11-06T23:48:06+00:00\" data-name=\"\ud83c\udfac \u201cMartin Reads the Quran\u201d by Jurijs Saule celebrated its theatrical release at the traditional Babylon Cinema in Berlin\"><article class=\"post project-odd visible post-110167 type-post status-publish format-standard has-post-thumbnail hentry category-artkeim-en category-cinema category-film-en category-movie-distribution category-news-en tag-alissia-krupsky-2 tag-deutscher-filmpreis-en tag-islam-2 tag-jurijs-saule-2 tag-kino-en tag-lola-en tag-martin-reads-the-quran tag-michail-lurje-2 tag-prince-chughtai-2 tag-sarah-sandeh-2 tag-ulrich-tukur-2 tag-zejhun-demirov-2 category-570 category-1011 category-942 category-4630 category-941\" data-name=\"\ud83c\udfac \u201cMartin Reads the Quran\u201d by Jurijs Saule celebrated its theatrical release at the traditional Babylon Cinema in Berlin\" data-date=\"2024-11-06T23:48:06+00:00\">\n\n<div class=\"post-thumbnail-wrap\">\n\t<div class=\"post-thumbnail\">\n\t\t\n\t\t\n\t\t<a href=\"https:\/\/ucm.one\/en\/martin-reads-the-quran-by-jurijs-saule-celebrated-its-theatrical-release-at-the-traditional-babylon-cinema-in-berlin\/\" class=\"post-thumbnail-rollover layzr-bg layzr-bg\" ><img decoding=\"async\" class=\"iso-lazy-load preload-me iso-lazy-load aspect\" src=\"data:image\/svg+xml,%3Csvg%20xmlns%3D&#39;http%3A%2F%2Fwww.w3.org%2F2000%2Fsvg&#39;%20viewBox%3D&#39;0%200%20990%20309&#39;%2F%3E\" data-src=\"https:\/\/ucm.one\/wp-content\/uploads\/2024\/11\/B-MLDK-Premiere-EN-990x309.jpg\" data-srcset=\"https:\/\/ucm.one\/wp-content\/uploads\/2024\/11\/B-MLDK-Premiere-EN-990x309.jpg 990w, https:\/\/ucm.one\/wp-content\/uploads\/2024\/11\/B-MLDK-Premiere-EN-1485x464.jpg 1485w\" loading=\"eager\" style=\"--ratio: 990 \/ 309\" sizes=\"(max-width: 990px) 100vw, 990px\" alt=\"\" title=\"B MLDK Premiere EN\" width=\"990\" height=\"309\"  \/><\/a>\t<\/div>\n<\/div>\n\n\n<div class=\"post-entry-content\">\n\n\t<h3 class=\"entry-title\">\n\t\t<a href=\"https:\/\/ucm.one\/en\/martin-reads-the-quran-by-jurijs-saule-celebrated-its-theatrical-release-at-the-traditional-babylon-cinema-in-berlin\/\" title=\"\ud83c\udfac \u201cMartin Reads the Quran\u201d by Jurijs Saule celebrated its theatrical release at the traditional Babylon Cinema in Berlin\" rel=\"bookmark\">\ud83c\udfac \u201cMartin Reads the Quran\u201d by Jurijs Saule celebrated its theatrical release at the traditional Babylon Cinema in Berlin<\/a>\n\t<\/h3>\n\n\t<div class=\"entry-meta\"><span class=\"category-link\"><a href=\"https:\/\/ucm.one\/en\/category\/news-en\/film-en\/artkeim-en\/\" >Artkeim\u00b2<\/a>, <a href=\"https:\/\/ucm.one\/en\/category\/news-en\/cinema\/\" >Cinema<\/a>, <a href=\"https:\/\/ucm.one\/en\/category\/news-en\/film-en\/\" >Film<\/a>, <a href=\"https:\/\/ucm.one\/en\/category\/news-en\/movie-distribution\/\" >Movie Distribution<\/a>, <a href=\"https:\/\/ucm.one\/en\/category\/news-en\/\" >News<\/a><\/span><a class=\"author vcard\" href=\"\" title=\"View all posts by Joachim Keil\" rel=\"author\">By <span class=\"fn\">Joachim Keil<\/span><\/a><a href=\"https:\/\/ucm.one\/en\/2024\/11\/06\/\" title=\"23:48\" class=\"data-link\" rel=\"bookmark\"><time class=\"entry-date updated\" datetime=\"2024-11-06T23:48:06+00:00\">6. November 2024<\/time><\/a><\/div>\n\t<div class=\"entry-excerpt\"><p>[vc_row][vc_column][vc_column_text css=&#8221;&#8221;]The psychological religious thriller about a family man of Iranian descent (Zejhun Demirov) who wants to get an assurance from a professor of Islamic studies (Ulrich Tukur) that the Quran allows the killing of third parties under certain circumstances had its Berlin and theatrical premiere in front of a sold-out house at the traditional&hellip;<\/p>\n<\/div>\n\t\n<a href=\"https:\/\/ucm.one\/en\/martin-reads-the-quran-by-jurijs-saule-celebrated-its-theatrical-release-at-the-traditional-babylon-cinema-in-berlin\/\" class=\"post-details details-type-link\" aria-label=\"Read more about \ud83c\udfac \u201cMartin Reads the Quran\u201d by Jurijs Saule celebrated its theatrical release at the traditional Babylon Cinema in Berlin\">Read more<i class=\"dt-icon-the7-arrow-03\" aria-hidden=\"true\"><\/i><\/a>\n\n<\/div><\/article><\/div><div class=\"hidden wf-cell\" data-post-id=\"109127\" data-date=\"2024-10-24T10:59:02+00:00\" data-name=\"\ud83c\udfac  German premiere of \u201cMartin Reads the Quran\u201d at the Hof International Film Festival. In cinemas from November 6, 2024 at Babylon Mitte\"><article class=\"post project-odd visible post-109127 type-post status-publish format-standard has-post-thumbnail hentry category-artkeim-en category-cinema category-film-en category-movie-distribution category-news-en tag-alissia-krupsky-2 tag-deutscher-filmpreis-en tag-hofer-filmtage-2 tag-internationale-hofer-filmtage-2 tag-islam-2 tag-jurijs-saule-2 tag-lola-en tag-martin-reads-the-quran tag-michail-lurje-2 tag-prince-chughtai-2 tag-sarah-sandeh-2 tag-ulrich-tukur-2 tag-zejhun-demirov-2 category-570 category-1011 category-942 category-4630 category-941\" data-name=\"\ud83c\udfac  German premiere of \u201cMartin Reads the Quran\u201d at the Hof International Film Festival. In cinemas from November 6, 2024 at Babylon Mitte\" data-date=\"2024-10-24T10:59:02+00:00\">\n\n<div class=\"post-thumbnail-wrap\">\n\t<div class=\"post-thumbnail\">\n\t\t\n\t\t\n\t\t<a href=\"https:\/\/ucm.one\/en\/german-premiere-of-martin-reads-the-quran-at-the-hof-international-film-festival-in-cinemas-from-november-6-2024-at-babylon-mitte\/\" class=\"post-thumbnail-rollover layzr-bg layzr-bg\" ><img decoding=\"async\" class=\"iso-lazy-load preload-me iso-lazy-load aspect\" src=\"data:image\/svg+xml,%3Csvg%20xmlns%3D&#39;http%3A%2F%2Fwww.w3.org%2F2000%2Fsvg&#39;%20viewBox%3D&#39;0%200%20990%20309&#39;%2F%3E\" data-src=\"https:\/\/ucm.one\/wp-content\/uploads\/2024\/10\/MLDK-Hof-Babylon-EN-1920x600-1-990x309.jpeg\" data-srcset=\"https:\/\/ucm.one\/wp-content\/uploads\/2024\/10\/MLDK-Hof-Babylon-EN-1920x600-1-990x309.jpeg 990w, https:\/\/ucm.one\/wp-content\/uploads\/2024\/10\/MLDK-Hof-Babylon-EN-1920x600-1-1485x464.jpeg 1485w\" loading=\"eager\" style=\"--ratio: 990 \/ 309\" sizes=\"(max-width: 990px) 100vw, 990px\" alt=\"\" title=\"MLDK Hof : Babylon EN 1920&#215;600\" width=\"990\" height=\"309\"  \/><\/a>\t<\/div>\n<\/div>\n\n\n<div class=\"post-entry-content\">\n\n\t<h3 class=\"entry-title\">\n\t\t<a href=\"https:\/\/ucm.one\/en\/german-premiere-of-martin-reads-the-quran-at-the-hof-international-film-festival-in-cinemas-from-november-6-2024-at-babylon-mitte\/\" title=\"\ud83c\udfac  German premiere of \u201cMartin Reads the Quran\u201d at the Hof International Film Festival. In cinemas from November 6, 2024 at Babylon Mitte\" rel=\"bookmark\">\ud83c\udfac  German premiere of \u201cMartin Reads the Quran\u201d at the Hof International Film Festival. In cinemas from November 6, 2024 at Babylon Mitte<\/a>\n\t<\/h3>\n\n\t<div class=\"entry-meta\"><span class=\"category-link\"><a href=\"https:\/\/ucm.one\/en\/category\/news-en\/film-en\/artkeim-en\/\" >Artkeim\u00b2<\/a>, <a href=\"https:\/\/ucm.one\/en\/category\/news-en\/cinema\/\" >Cinema<\/a>, <a href=\"https:\/\/ucm.one\/en\/category\/news-en\/film-en\/\" >Film<\/a>, <a href=\"https:\/\/ucm.one\/en\/category\/news-en\/movie-distribution\/\" >Movie Distribution<\/a>, <a href=\"https:\/\/ucm.one\/en\/category\/news-en\/\" >News<\/a><\/span><a class=\"author vcard\" href=\"\" title=\"View all posts by Joachim Keil\" rel=\"author\">By <span class=\"fn\">Joachim Keil<\/span><\/a><a href=\"https:\/\/ucm.one\/en\/2024\/10\/24\/\" title=\"10:59\" class=\"data-link\" rel=\"bookmark\"><time class=\"entry-date updated\" datetime=\"2024-10-24T10:59:02+00:00\">24. October 2024<\/time><\/a><\/div>\n\t<div class=\"entry-excerpt\"><p>[vc_row][vc_column][vc_column_text css=&#8221;&#8221;]The psychological thriller \u201cMartin liest den Koran\u201d (Martin Reads the Quran) by Jurijs Saule celebrates its German premiere today at the Hof International Film Festival. The theatrical release premiere will be celebrated on Wednesday, 6 November 2024 with a screening at Babylon Mitte in Berlin with the film team and guests. The regular theatrical&hellip;<\/p>\n<\/div>\n\t\n<a href=\"https:\/\/ucm.one\/en\/german-premiere-of-martin-reads-the-quran-at-the-hof-international-film-festival-in-cinemas-from-november-6-2024-at-babylon-mitte\/\" class=\"post-details details-type-link\" aria-label=\"Read more about \ud83c\udfac  German premiere of \u201cMartin Reads the Quran\u201d at the Hof International Film Festival. In cinemas from November 6, 2024 at Babylon Mitte\">Read more<i class=\"dt-icon-the7-arrow-03\" aria-hidden=\"true\"><\/i><\/a>\n\n<\/div><\/article><\/div><div class=\"hidden wf-cell\" data-post-id=\"107354\" data-date=\"2024-10-03T14:41:24+00:00\" data-name=\"\ud83c\udfac  Preview: \u2018Martin Reads the Quran\u2019 by Jurijs Saule at the Biberach Film Festival\"><article class=\"post project-odd visible post-107354 type-post status-publish format-standard has-post-thumbnail hentry category-artkeim-en category-cinema category-film-en category-movie-distribution category-news-en tag-alissia-krupsky-2 tag-biberach-film-festival tag-deutscher-filmpreis-en tag-islam-2 tag-jurijs-saule-2 tag-lola-en tag-martin-reads-the-quran tag-michail-lurje-2 tag-prince-chughtai-2 tag-sarah-sandeh-2 tag-ulrich-tukur-2 tag-zejhun-demirov-2 category-570 category-1011 category-942 category-4630 category-941\" data-name=\"\ud83c\udfac  Preview: \u2018Martin Reads the Quran\u2019 by Jurijs Saule at the Biberach Film Festival\" data-date=\"2024-10-03T14:41:24+00:00\">\n\n<div class=\"post-thumbnail-wrap\">\n\t<div class=\"post-thumbnail\">\n\t\t\n\t\t\n\t\t<a href=\"https:\/\/ucm.one\/en\/preview-martin-reads-the-quran-by-jurijs-saule-at-the-biberach-film-festival\/\" class=\"post-thumbnail-rollover layzr-bg layzr-bg\" ><img decoding=\"async\" class=\"iso-lazy-load preload-me iso-lazy-load aspect\" src=\"data:image\/svg+xml,%3Csvg%20xmlns%3D&#39;http%3A%2F%2Fwww.w3.org%2F2000%2Fsvg&#39;%20viewBox%3D&#39;0%200%20990%20309&#39;%2F%3E\" data-src=\"https:\/\/ucm.one\/wp-content\/uploads\/2024\/10\/B-MLDK-Biberach-EN-990x309.jpg\" data-srcset=\"https:\/\/ucm.one\/wp-content\/uploads\/2024\/10\/B-MLDK-Biberach-EN-990x309.jpg 990w, https:\/\/ucm.one\/wp-content\/uploads\/2024\/10\/B-MLDK-Biberach-EN-1485x464.jpg 1485w\" loading=\"eager\" style=\"--ratio: 990 \/ 309\" sizes=\"(max-width: 990px) 100vw, 990px\" alt=\"\" title=\"B MLDK Biberach EN\" width=\"990\" height=\"309\"  \/><\/a>\t<\/div>\n<\/div>\n\n\n<div class=\"post-entry-content\">\n\n\t<h3 class=\"entry-title\">\n\t\t<a href=\"https:\/\/ucm.one\/en\/preview-martin-reads-the-quran-by-jurijs-saule-at-the-biberach-film-festival\/\" title=\"\ud83c\udfac  Preview: \u2018Martin Reads the Quran\u2019 by Jurijs Saule at the Biberach Film Festival\" rel=\"bookmark\">\ud83c\udfac  Preview: \u2018Martin Reads the Quran\u2019 by Jurijs Saule at the Biberach Film Festival<\/a>\n\t<\/h3>\n\n\t<div class=\"entry-meta\"><span class=\"category-link\"><a href=\"https:\/\/ucm.one\/en\/category\/news-en\/film-en\/artkeim-en\/\" >Artkeim\u00b2<\/a>, <a href=\"https:\/\/ucm.one\/en\/category\/news-en\/cinema\/\" >Cinema<\/a>, <a href=\"https:\/\/ucm.one\/en\/category\/news-en\/film-en\/\" >Film<\/a>, <a href=\"https:\/\/ucm.one\/en\/category\/news-en\/movie-distribution\/\" >Movie Distribution<\/a>, <a href=\"https:\/\/ucm.one\/en\/category\/news-en\/\" >News<\/a><\/span><a class=\"author vcard\" href=\"\" title=\"View all posts by Joachim Keil\" rel=\"author\">By <span class=\"fn\">Joachim Keil<\/span><\/a><a href=\"https:\/\/ucm.one\/en\/2024\/10\/03\/\" title=\"14:41\" class=\"data-link\" rel=\"bookmark\"><time class=\"entry-date updated\" datetime=\"2024-10-03T14:41:24+00:00\">3. October 2024<\/time><\/a><\/div>\n\t<div class=\"entry-excerpt\"><p>[vc_row][vc_column][vc_column_text css=&#8221;&#8221;]One week before the official cinema release on 7 November, the Biberach Film Festival will present Jurijs Saule&#8216;s debut feature film \u201cMartin Reads the Quran\u201d (German title: &#8220;Martin liest den Koran&#8220;) in a festival preview. The drama, whose script won the German Film Award(Lola) for best unfilmed script in 2022, is celebrating another sneak&hellip;<\/p>\n<\/div>\n\t\n<a href=\"https:\/\/ucm.one\/en\/preview-martin-reads-the-quran-by-jurijs-saule-at-the-biberach-film-festival\/\" class=\"post-details details-type-link\" aria-label=\"Read more about \ud83c\udfac  Preview: \u2018Martin Reads the Quran\u2019 by Jurijs Saule at the Biberach Film Festival\">Read more<i class=\"dt-icon-the7-arrow-03\" aria-hidden=\"true\"><\/i><\/a>\n\n<\/div><\/article><\/div><\/div><!-- iso-container|iso-grid --><div class=\"paginator paginator-more-button\">\n\t\t\t\t<a class=\"button-load-more \" href=\"javascript:void(0);\" data-dt-page=\"1\" ><span class=\"stick\"><\/span><span class=\"stick\"><\/span><span class=\"stick\"><\/span><span class=\"button-caption\">Load more<\/span><\/a>\n\t\t\t<\/div><\/div>[\/vc_tta_section][\/vc_tta_accordion][vc_separator][vc_empty_space height=&#8221;80px&#8221;][\/vc_column][\/vc_row][vc_row el_id=&#8221;the-vanishing-soldier&#8221;][vc_column width=&#8221;1\/4&#8243; offset=&#8221;vc_col-lg-offset-0 vc_col-md-offset-0 vc_col-sm-offset-0&#8243;][vc_column_text css=&#8221;.vc_custom_1725272927901{background-position: center !important;background-repeat: no-repeat !important;background-size: cover !important;}&#8221;]<img decoding=\"async\" class=\"alignnone wp-image-105224 size-full\" src=\"https:\/\/ucm.one\/wp-content\/uploads\/2024\/06\/P-The-Vanishing-Soldier.jpg\" alt=\"\" width=\"699\" height=\"1000\" srcset=\"https:\/\/ucm.one\/wp-content\/uploads\/2024\/06\/P-The-Vanishing-Soldier.jpg 699w, https:\/\/ucm.one\/wp-content\/uploads\/2024\/06\/P-The-Vanishing-Soldier-210x300.jpg 210w, https:\/\/ucm.one\/wp-content\/uploads\/2024\/06\/P-The-Vanishing-Soldier-300x429.jpg 300w, https:\/\/ucm.one\/wp-content\/uploads\/2024\/06\/P-The-Vanishing-Soldier-600x858.jpg 600w\" sizes=\"(max-width: 699px) 100vw, 699px\" \/>[\/vc_column_text][\/vc_column][vc_column width=&#8221;3\/4&#8243;][vc_column_text css=&#8221;&#8221;]<\/p>\n<h2>The Vanishing Soldier<\/h2>\n<h3><span style=\"font-family: arial, helvetica, sans-serif;\">by <\/span><span lang=\"EN-US\">Dani Rosenberg<\/span><\/h3>\n<div class=\"wpb_text_column wpb_content_element \">\n<div class=\"wpb_wrapper\">\n<div class=\"wpb_text_column wpb_content_element \">\n<div class=\"wpb_wrapper\">\n<div class=\"wpb_text_column wpb_content_element vc_custom_1681339038108\">\n<div class=\"wpb_wrapper\">\n<p>At dawn after a combat mission in the Gaza Strip, Shlomi Aharonov, an 18-year-old infantry soldier in the Golani Brigade, runs away from his unit and the troops. His route first takes him to his parents&#8217; house in the settlement of Sde Uziel in the countryside. He does not meet his parents. When soldiers appear in front of the house, apparently to look for his parents, Shlomi flees on a bicycle. He eventually arrives in Tel Aviv on a military bus, in which he can travel undetected, where he visits his girlfriend Shiri at work.<\/p>\n<p>When Shlomi learns that the military leadership is convinced that he has been kidnapped in the chaos of war, he no longer hides from the soldiers he thought were after him, but from his own identity, which has become a trap. Despite his parents&#8217; pleas to return to his unit before it is too late, Shlomi takes a desperate risk for love &#8211; with dramatic consequences. This tragic-comic journey, which takes place over a 24-hour period in the hot and humid streets of Tel Aviv, alternates from horror to hope, from romance to nightmare.<\/p>\n<\/div>\n<\/div>\n<\/div>\n<\/div>\n<\/div>\n<\/div>\n<div class=\"wpb_text_column wpb_content_element \">\n<div class=\"wpb_wrapper\">\n<h3><span style=\"font-family: arial, helvetica, sans-serif;\">Theatrical release: October 17, 2024<\/span><\/h3>\n<\/div>\n<\/div>\n<p>[\/vc_column_text][vc_column_text css=&#8221;&#8221;]<span style=\"color: #999999;\"><em>Available via <span style=\"font-family: 'arial black', sans-serif;\"><strong>UCM.ONE<\/strong> <\/span><\/em><em>in<\/em>\u00a0<em>Germany, Austria &amp; Switzerland.<\/em><\/span>[\/vc_column_text][\/vc_column][\/vc_row][vc_row][vc_column width=&#8221;5\/6&#8243;][vc_column_text css=&#8221;&#8221;]Artkeim\u00b2 | 2023 | Drama, Thriller, War film | Israel | International title: \u201c<a href=\"https:\/\/ucm.one\/en\/the-vanishing-soldier\/\"><u>The Vanishing Soldier<\/u><\/a>\u201d | Original title: \u05d4\u05d7\u05d9\u05d9\u05dc \u05d4\u05e0\u05e2\u05dc\u05dd | German title: Der verschwundene Soldat | French title: Le d\u00e9serteur[\/vc_column_text][\/vc_column][vc_column width=&#8221;1\/6&#8243;][vc_btn title=&#8221;Press Material (German)&#8221; size=&#8221;xs&#8221; align=&#8221;center&#8221; i_icon_fontawesome=&#8221;fas fa-download&#8221; css=&#8221;&#8221; button_block=&#8221;true&#8221; add_icon=&#8221;true&#8221; link=&#8221;url:https%3A%2F%2Fwww.ucm.one%2Fpresse%2Fak_the-vanishing-soldier_presskit-de.zip|title:The%20Vanishing%20Soldier%20Pressekit|rel:nofollow&#8221;][\/vc_column][\/vc_row][vc_row][vc_column][vc_tta_accordion style=&#8221;modern&#8221; shape=&#8221;square&#8221; c_icon=&#8221;chevron&#8221; active_section=&#8221;33&#8243; no_fill=&#8221;true&#8221; collapsible_all=&#8221;true&#8221;][vc_tta_section title=&#8221;More information&#8221; tab_id=&#8221;1727731864557-f484d41e-9fe6&#8243;][vc_column_text css=&#8221;&#8221;]<\/p>\n<div class=\"wpb_text_column wpb_content_element \">\n<div class=\"wpb_wrapper\">\n<div class=\"wpb_text_column wpb_content_element \">\n<div class=\"wpb_wrapper\">\n<div class=\"wpb_text_column wpb_content_element \">\n<div class=\"wpb_wrapper\">\n<p><strong>International title:<\/strong> The Vanishing Soldier<\/p>\n<p><strong>Original title:<\/strong> \u05d4\u05d7\u05d9\u05d9\u05dc \u05d4\u05e0\u05e2\u05dc\u05dd<\/p>\n<p><strong>Director:<\/strong> Dani Rosenberg<\/p>\n<p><strong>Screenplay:<\/strong> Dani Rosenberg, Amir Klinger<\/p>\n<p><strong>Producers:<\/strong> Avraham Pirchi, Chilik Michaeli, Itamar Pirchi, Leon Edery, Moshe Edery<\/p>\n<p><strong>Performers:<\/strong> Ido Tako, Mika Reiss, Efrat Ben Tzur, Tikva Dayan, Shmulik Cohen, Yariv Horowitz, Seif Nabul, Mushy Vider<\/p>\n<p><strong>Cinematography:<\/strong> David Stragmeister<\/p>\n<p><strong>Editing:<\/strong> Nili Feller<\/p>\n<p><strong>Sound:<\/strong> Michael Stoliar<\/p>\n<p><strong>Sound design:<\/strong> Neal Gibbs<\/p>\n<p><strong>Music:<\/strong> Yuval Semo<\/p>\n<p><strong>Production company:<\/strong> United Channels Movies (UCM)<\/p>\n<p><strong>Country of production:<\/strong> Israel<\/p>\n<p><strong>Production year<\/strong>: 2023<\/p>\n<p><strong>Genres:<\/strong> Drama, Thriller, War movie<\/p>\n<p><strong>Aspect ratio:<\/strong> 2.39:1 [DCP: DCI 2K Scope]<\/p>\n<p><strong>Resolution:<\/strong> 2048\u00d7858<\/p>\n<p><strong>Length<\/strong>: 89 min<\/p>\n<p><strong>Languages:<\/strong> Hebrew, German dubbed version<\/p>\n<p><strong>Subtitles:<\/strong> English, German<\/p>\n<p><strong>Sound:<\/strong> Surround 5.1 \/ 2.0 Stereo<\/p>\n<p><strong>Rating:<\/strong> FSK 12<\/p>\n<div class=\"gap\" style=\"line-height: 20px; height: 20px;\"><\/div>\n<\/div>\n<\/div>\n<\/div>\n<\/div>\n<\/div>\n<\/div>\n<div class=\"wpb_text_column wpb_content_element \">\n<div class=\"wpb_wrapper\">\n<div class=\"wpb_text_column wpb_content_element \">\n<div class=\"wpb_wrapper\">\n<div class=\"wpb_text_column wpb_content_element \">\n<div class=\"wpb_wrapper\">\n<p><em>Other titles:<\/em><\/p>\n<p><strong>German:<\/strong> Der verschwundene Soldat<\/p>\n<p><strong>French:<\/strong> Le d\u00e9serteur<\/p>\n<p><strong>Japanese:<\/strong> \u6d88\u3048\u305f\u5175\u58eb<\/p>\n<\/div>\n<\/div>\n<\/div>\n<\/div>\n<\/div>\n<\/div>\n<div class=\"vc_separator wpb_content_element vc_separator_align_center vc_sep_width_100 vc_sep_pos_align_center vc_separator_no_text wpb_content_element wpb_content_element\"><div class=\"gap\" style=\"line-height: 20px; height: 20px;\"><\/div><\/div>\n<div><b>Premiere: <\/b>August 04, 2023 at the <strong>76th Locarno Film Festival<\/strong><\/div>\n<div class=\"vc_separator wpb_content_element vc_separator_align_center vc_sep_width_100 vc_sep_pos_align_center vc_separator_no_text wpb_content_element wpb_content_element\"><div class=\"gap\" style=\"line-height: 20px; height: 20px;\"><\/div><\/div>\n<div><strong>Film label:<\/strong> Artkeim\u00b2<\/div>\n<div class=\"wpb_text_column wpb_content_element \">\n<div class=\"wpb_wrapper\">\n<div class=\"wpb_text_column wpb_content_element \">\n<div class=\"wpb_wrapper\">\n<div class=\"wpb_text_column wpb_content_element \">\n<div class=\"wpb_wrapper\">\n<p><strong>Distribution:<\/strong> <strong>UCM.ONE<\/strong><\/p>\n<p><strong>Theatrical release: <\/strong>October 17, 2024<\/p>\n<div class=\"gap\" style=\"line-height: 20px; height: 20px;\"><\/div>\n<\/div>\n<\/div>\n<div class=\"vc_separator wpb_content_element vc_separator_align_center vc_sep_width_100 vc_sep_pos_align_center vc_separator_no_text wpb_content_element wpb_content_element\">All information about the movie: <a href=\"https:\/\/ucm.one\/en\/the-vanishing-soldier\/\">The Vanishing Soldier<\/a><\/div>\n<div><\/div>\n<div><\/div>\n<\/div>\n<\/div>\n<\/div>\n<\/div>\n<p>[\/vc_column_text][\/vc_tta_section][vc_tta_section title=&#8221;Trailer (Hebrew with English subtitles) \u1d34\u1d30&#8221; tab_id=&#8221;1727731864682-0031509b-3862&#8243;][vc_video link=&#8221;https:\/\/youtu.be\/75GkAJOaE_g?si=sFrXIMNdjv95HR0x&#8221; css=&#8221;&#8221;][\/vc_tta_section][vc_tta_section title=&#8221;Trailer (Hebrew with German subtitles) \u1d34\u1d30&#8221; tab_id=&#8221;1729200168484-0e131ef6-79c2&#8243;][vc_video link=&#8221;https:\/\/www.youtube.com\/watch?v=Ym7Hsw6ng4I&#8221; css=&#8221;&#8221;][\/vc_tta_section][vc_tta_section title=&#8221;Q&amp;A @ Locarno Film Festival 2023 `{`English`}`&#8221; tab_id=&#8221;1727731864814-36571f69-c8cb&#8221;][vc_video link=&#8221;https:\/\/www.youtube.com\/watch?v=Oa-avCkfiA8&#8243; css=&#8221;&#8221;][\/vc_tta_section][vc_tta_section title=&#8221;News&#8221; tab_id=&#8221;1727731864946-307aa2b9-de81&#8243;]<style type=\"text\/css\" data-type=\"the7_shortcodes-inline-css\">.blog-shortcode.blog-masonry-shortcode-id-2a18c8ac119dfdf267c6eb5698493f49.content-bg-on.classic-layout-list article {\n  background: #e6e6e6;\n  box-shadow: none;\n}\n.blog-shortcode.blog-masonry-shortcode-id-2a18c8ac119dfdf267c6eb5698493f49.dividers-on.classic-layout-list article {\n  padding-top: 0;\n}\n.blog-shortcode.blog-masonry-shortcode-id-2a18c8ac119dfdf267c6eb5698493f49.dividers-on.classic-layout-list article:first-of-type {\n  margin-top: 0;\n  padding-top: 0;\n}\n.blog-shortcode.blog-masonry-shortcode-id-2a18c8ac119dfdf267c6eb5698493f49.classic-layout-list.mode-list .post-entry-content {\n  width: calc(100% - );\n}\n.blog-shortcode.blog-masonry-shortcode-id-2a18c8ac119dfdf267c6eb5698493f49.classic-layout-list.mode-list .no-img .post-entry-content {\n  width: 100%;\n}\n.blog-shortcode.blog-masonry-shortcode-id-2a18c8ac119dfdf267c6eb5698493f49 .filter-bg-decoration .filter-categories a.act {\n  color: #fff;\n}\n.blog-shortcode.blog-masonry-shortcode-id-2a18c8ac119dfdf267c6eb5698493f49:not(.mode-masonry) article:first-of-type,\n.blog-shortcode.blog-masonry-shortcode-id-2a18c8ac119dfdf267c6eb5698493f49:not(.mode-masonry) article.visible.first:not(.product) {\n  margin-top: 0;\n}\n.blog-shortcode.blog-masonry-shortcode-id-2a18c8ac119dfdf267c6eb5698493f49.dividers-on:not(.mode-masonry) article {\n  margin-top: 0;\n}\n.blog-shortcode.blog-masonry-shortcode-id-2a18c8ac119dfdf267c6eb5698493f49.dividers-on:not(.mode-masonry) article:first-of-type,\n.blog-shortcode.blog-masonry-shortcode-id-2a18c8ac119dfdf267c6eb5698493f49.dividers-on:not(.mode-masonry) article.visible.first:not(.product) {\n  margin-top: 0;\n  padding-top: 0;\n}\n.blog-shortcode.blog-masonry-shortcode-id-2a18c8ac119dfdf267c6eb5698493f49 .post-thumbnail-wrap {\n  padding: 0px 0px 0px 0px;\n}\n.blog-shortcode.blog-masonry-shortcode-id-2a18c8ac119dfdf267c6eb5698493f49.enable-bg-rollover .post-thumbnail-rollover:after {\n  background: -webkit-linear-gradient();\n  background: linear-gradient();\n}\n.blog-shortcode.blog-masonry-shortcode-id-2a18c8ac119dfdf267c6eb5698493f49 .gallery-zoom-ico {\n  width: 44px;\n  height: 44px;\n  line-height: 44px;\n  border-radius: 100px;\n  margin: -22px 0 0 -22px;\n  border-width: 0px;\n  color: #ffffff;\n}\n.bottom-overlap-layout-list.blog-shortcode.blog-masonry-shortcode-id-2a18c8ac119dfdf267c6eb5698493f49 .gallery-zoom-ico {\n  margin-top: -72px;\n}\n.gradient-overlay-layout-list.blog-shortcode.blog-masonry-shortcode-id-2a18c8ac119dfdf267c6eb5698493f49 .gallery-zoom-ico,\n.content-rollover-layout-list.blog-shortcode.blog-masonry-shortcode-id-2a18c8ac119dfdf267c6eb5698493f49 .gallery-zoom-ico {\n  margin: 0 0 10px;\n}\n.content-align-center.gradient-overlay-layout-list.blog-shortcode.blog-masonry-shortcode-id-2a18c8ac119dfdf267c6eb5698493f49 .gallery-zoom-ico,\n.content-align-center.content-rollover-layout-list.blog-shortcode.blog-masonry-shortcode-id-2a18c8ac119dfdf267c6eb5698493f49 .gallery-zoom-ico {\n  margin: 0 auto 10px;\n}\n.dt-icon-bg-on.blog-shortcode.blog-masonry-shortcode-id-2a18c8ac119dfdf267c6eb5698493f49 .gallery-zoom-ico {\n  background: rgba(255,255,255,0.3);\n  box-shadow: none;\n}\n.blog-shortcode.blog-masonry-shortcode-id-2a18c8ac119dfdf267c6eb5698493f49 .gallery-zoom-ico > span,\n.blog-shortcode.blog-masonry-shortcode-id-2a18c8ac119dfdf267c6eb5698493f49 .gallery-zoom-ico:before {\n  font-size: 32px;\n  line-height: 44px;\n}\n.blog-shortcode.blog-masonry-shortcode-id-2a18c8ac119dfdf267c6eb5698493f49 .gallery-zoom-ico > span,\n.blog-shortcode.blog-masonry-shortcode-id-2a18c8ac119dfdf267c6eb5698493f49 .gallery-zoom-ico:before {\n  color: #ffffff;\n}\n.blog-shortcode.blog-masonry-shortcode-id-2a18c8ac119dfdf267c6eb5698493f49 .entry-title,\n.blog-shortcode.blog-masonry-shortcode-id-2a18c8ac119dfdf267c6eb5698493f49.owl-carousel .entry-title {\n  margin-bottom: 5px;\n  font-weight: bold;\n}\n.blog-shortcode.blog-masonry-shortcode-id-2a18c8ac119dfdf267c6eb5698493f49 .entry-meta {\n  margin-bottom: 15px;\n}\n.blog-shortcode.blog-masonry-shortcode-id-2a18c8ac119dfdf267c6eb5698493f49 .portfolio-categories {\n  margin-bottom: 15px;\n}\n.blog-shortcode.blog-masonry-shortcode-id-2a18c8ac119dfdf267c6eb5698493f49 .entry-excerpt {\n  margin-bottom: 5px;\n}\n.blog-shortcode.blog-masonry-shortcode-id-2a18c8ac119dfdf267c6eb5698493f49:not(.centered-layout-list) .post-entry-content {\n  padding: 15px 20px 20px 20px;\n}\n.blog-shortcode.blog-masonry-shortcode-id-2a18c8ac119dfdf267c6eb5698493f49:not(.centered-layout-list):not(.content-bg-on):not(.mode-list) .no-img .post-entry-content {\n  padding: 0;\n}\n.blog-shortcode.blog-masonry-shortcode-id-2a18c8ac119dfdf267c6eb5698493f49.content-bg-on:not(.classic-layout-list):not(.centered-layout-list) .post-entry-content {\n  background: #e6e6e6;\n  box-shadow: none;\n}\n@media screen and (max-width: ) {\n  .blog-shortcode.blog-masonry-shortcode-id-2a18c8ac119dfdf267c6eb5698493f49 article {\n    -ms-flex-flow: column nowrap;\n    flex-flow: column nowrap;\n    margin-top: 20px;\n  }\n  .blog-shortcode.blog-masonry-shortcode-id-2a18c8ac119dfdf267c6eb5698493f49.dividers-on article {\n    border: none;\n  }\n  .blog-shortcode.blog-masonry-shortcode-id-2a18c8ac119dfdf267c6eb5698493f49.content-bg-on.centered-layout-list article {\n    padding: 0;\n  }\n  .blog-shortcode.blog-masonry-shortcode-id-2a18c8ac119dfdf267c6eb5698493f49.blog-shortcode.dividers-on article,\n  .blog-shortcode.blog-masonry-shortcode-id-2a18c8ac119dfdf267c6eb5698493f49.dividers-on.classic-layout-list article {\n    margin-top: 20px;\n    padding: 0;\n  }\n  .blog-shortcode.blog-masonry-shortcode-id-2a18c8ac119dfdf267c6eb5698493f49.blog-shortcode.dividers-on article:first-of-type,\n  .blog-shortcode.blog-masonry-shortcode-id-2a18c8ac119dfdf267c6eb5698493f49.dividers-on.classic-layout-list article:first-of-type {\n    padding: 0;\n  }\n  #page .blog-shortcode.blog-masonry-shortcode-id-2a18c8ac119dfdf267c6eb5698493f49 .post-thumbnail-wrap,\n  #page .blog-shortcode.blog-masonry-shortcode-id-2a18c8ac119dfdf267c6eb5698493f49 .post-entry-content {\n    width: 100%;\n    margin: 0;\n    top: 0;\n  }\n  #page .blog-shortcode.blog-masonry-shortcode-id-2a18c8ac119dfdf267c6eb5698493f49 .post-thumbnail-wrap {\n    padding: 0;\n  }\n  #page .blog-shortcode.blog-masonry-shortcode-id-2a18c8ac119dfdf267c6eb5698493f49 .post-entry-content:after {\n    display: none;\n  }\n  #page .blog-shortcode.blog-masonry-shortcode-id-2a18c8ac119dfdf267c6eb5698493f49 .project-even .post-thumbnail-wrap,\n  #page .blog-shortcode.blog-masonry-shortcode-id-2a18c8ac119dfdf267c6eb5698493f49.centered-layout-list .post-thumbnail-wrap {\n    -ms-flex-order: 0;\n    order: 0;\n  }\n  #page .blog-shortcode.blog-masonry-shortcode-id-2a18c8ac119dfdf267c6eb5698493f49.centered-layout-list .post-entry-title-content {\n    -ms-flex-order: 1;\n    order: 1;\n    width: 100%;\n    padding: 20px 20px 0;\n  }\n  #page .blog-shortcode.blog-masonry-shortcode-id-2a18c8ac119dfdf267c6eb5698493f49.centered-layout-list .post-entry-content {\n    -ms-flex-order: 2;\n    order: 2;\n    padding-top: 0;\n  }\n  #page .blog-shortcode.blog-masonry-shortcode-id-2a18c8ac119dfdf267c6eb5698493f49 .fancy-categories {\n    top: 10px;\n    left: 10px;\n    bottom: auto;\n    right: auto;\n  }\n  #page .blog-shortcode.blog-masonry-shortcode-id-2a18c8ac119dfdf267c6eb5698493f49 .fancy-date a {\n    top: 10px;\n    right: 10px;\n    left: auto;\n    bottom: auto;\n  }\n  #page .blog-shortcode.blog-masonry-shortcode-id-2a18c8ac119dfdf267c6eb5698493f49 .post-entry-content {\n    padding: 20px;\n  }\n  #page .blog-shortcode.blog-masonry-shortcode-id-2a18c8ac119dfdf267c6eb5698493f49 .entry-title {\n    margin: 3px 0 5px;\n    font-size: 20px;\n    line-height: 26px;\n  }\n  #page .blog-shortcode.blog-masonry-shortcode-id-2a18c8ac119dfdf267c6eb5698493f49 .entry-meta {\n    margin: 5px 0 5px;\n  }\n  #page .blog-shortcode.blog-masonry-shortcode-id-2a18c8ac119dfdf267c6eb5698493f49 .entry-excerpt {\n    margin: 15px 0 0;\n  }\n  #page .blog-shortcode.blog-masonry-shortcode-id-2a18c8ac119dfdf267c6eb5698493f49 .post-details {\n    margin: 5px 0 10px;\n  }\n  #page .blog-shortcode.blog-masonry-shortcode-id-2a18c8ac119dfdf267c6eb5698493f49 .post-details.details-type-link {\n    margin-bottom: 2px;\n  }\n}\n.blog-shortcode.blog-masonry-shortcode-id-2a18c8ac119dfdf267c6eb5698493f49:not(.resize-by-browser-width) .dt-css-grid {\n  grid-row-gap: 50px;\n  grid-column-gap: 50px;\n  grid-template-columns: repeat(auto-fill,minmax(,1fr));\n}\n.blog-shortcode.blog-masonry-shortcode-id-2a18c8ac119dfdf267c6eb5698493f49:not(.resize-by-browser-width) .dt-css-grid .double-width {\n  grid-column: span 2;\n}\n.cssgridlegacy.no-cssgrid .blog-shortcode.blog-masonry-shortcode-id-2a18c8ac119dfdf267c6eb5698493f49:not(.resize-by-browser-width) .dt-css-grid,\n.no-cssgridlegacy.no-cssgrid .blog-shortcode.blog-masonry-shortcode-id-2a18c8ac119dfdf267c6eb5698493f49:not(.resize-by-browser-width) .dt-css-grid {\n  display: flex;\n  flex-flow: row wrap;\n  margin: -25px;\n}\n.cssgridlegacy.no-cssgrid .blog-shortcode.blog-masonry-shortcode-id-2a18c8ac119dfdf267c6eb5698493f49:not(.resize-by-browser-width) .dt-css-grid .wf-cell,\n.no-cssgridlegacy.no-cssgrid .blog-shortcode.blog-masonry-shortcode-id-2a18c8ac119dfdf267c6eb5698493f49:not(.resize-by-browser-width) .dt-css-grid .wf-cell {\n  flex: 1 0 ;\n  max-width: 100%;\n  padding: 25px;\n  box-sizing: border-box;\n}\n.blog-shortcode.blog-masonry-shortcode-id-2a18c8ac119dfdf267c6eb5698493f49.resize-by-browser-width .dt-css-grid {\n  grid-template-columns: repeat(1,1fr);\n  grid-template-rows: auto;\n  grid-column-gap: 50px;\n  grid-row-gap: 50px;\n}\n.blog-shortcode.blog-masonry-shortcode-id-2a18c8ac119dfdf267c6eb5698493f49.resize-by-browser-width .dt-css-grid .double-width {\n  grid-column: span 2;\n}\n.cssgridlegacy.no-cssgrid .blog-shortcode.blog-masonry-shortcode-id-2a18c8ac119dfdf267c6eb5698493f49.resize-by-browser-width .dt-css-grid {\n  margin: -25px;\n}\n.cssgridlegacy.no-cssgrid .blog-shortcode.blog-masonry-shortcode-id-2a18c8ac119dfdf267c6eb5698493f49.resize-by-browser-width .dt-css-grid .wf-cell {\n  width: 100%;\n  padding: 25px;\n}\n.cssgridlegacy.no-cssgrid .blog-shortcode.blog-masonry-shortcode-id-2a18c8ac119dfdf267c6eb5698493f49.resize-by-browser-width .dt-css-grid .wf-cell.double-width {\n  width: calc(100%) * 2;\n}\n.blog-shortcode.blog-masonry-shortcode-id-2a18c8ac119dfdf267c6eb5698493f49.resize-by-browser-width:not(.centered-layout-list):not(.content-bg-on) .dt-css-grid {\n  grid-row-gap: 30px;\n}\n@media screen and (max-width: 1199px) {\n  .blog-shortcode.blog-masonry-shortcode-id-2a18c8ac119dfdf267c6eb5698493f49.resize-by-browser-width .dt-css-grid {\n    grid-template-columns: repeat(1,1fr);\n  }\n  .cssgridlegacy.no-cssgrid .blog-shortcode.blog-masonry-shortcode-id-2a18c8ac119dfdf267c6eb5698493f49.resize-by-browser-width .dt-css-grid .wf-cell,\n  .no-cssgridlegacy.no-cssgrid .blog-shortcode.blog-masonry-shortcode-id-2a18c8ac119dfdf267c6eb5698493f49.resize-by-browser-width .dt-css-grid .wf-cell {\n    width: 100%;\n  }\n  .cssgridlegacy.no-cssgrid .blog-shortcode.blog-masonry-shortcode-id-2a18c8ac119dfdf267c6eb5698493f49.resize-by-browser-width .dt-css-grid .wf-cell.double-width,\n  .no-cssgridlegacy.no-cssgrid .blog-shortcode.blog-masonry-shortcode-id-2a18c8ac119dfdf267c6eb5698493f49.resize-by-browser-width .dt-css-grid .wf-cell.double-width {\n    width: calc(100%)*2;\n  }\n}\n@media screen and (max-width: 991px) {\n  .blog-shortcode.blog-masonry-shortcode-id-2a18c8ac119dfdf267c6eb5698493f49.resize-by-browser-width .dt-css-grid {\n    grid-template-columns: repeat(1,1fr);\n  }\n  .cssgridlegacy.no-cssgrid .blog-shortcode.blog-masonry-shortcode-id-2a18c8ac119dfdf267c6eb5698493f49.resize-by-browser-width .dt-css-grid .wf-cell,\n  .no-cssgridlegacy.no-cssgrid .blog-shortcode.blog-masonry-shortcode-id-2a18c8ac119dfdf267c6eb5698493f49.resize-by-browser-width .dt-css-grid .wf-cell {\n    width: 100%;\n  }\n  .cssgridlegacy.no-cssgrid .blog-shortcode.blog-masonry-shortcode-id-2a18c8ac119dfdf267c6eb5698493f49.resize-by-browser-width .dt-css-grid .wf-cell.double-width,\n  .no-cssgridlegacy.no-cssgrid .blog-shortcode.blog-masonry-shortcode-id-2a18c8ac119dfdf267c6eb5698493f49.resize-by-browser-width .dt-css-grid .wf-cell.double-width {\n    width: calc(100%)*2;\n  }\n}\n@media screen and (max-width: 767px) {\n  .blog-shortcode.blog-masonry-shortcode-id-2a18c8ac119dfdf267c6eb5698493f49.resize-by-browser-width .dt-css-grid {\n    grid-template-columns: repeat(1,1fr);\n  }\n  .blog-shortcode.blog-masonry-shortcode-id-2a18c8ac119dfdf267c6eb5698493f49.resize-by-browser-width .dt-css-grid .double-width {\n    grid-column: span 1;\n  }\n  .cssgridlegacy.no-cssgrid .blog-shortcode.blog-masonry-shortcode-id-2a18c8ac119dfdf267c6eb5698493f49.resize-by-browser-width .dt-css-grid .wf-cell,\n  .no-cssgridlegacy.no-cssgrid .blog-shortcode.blog-masonry-shortcode-id-2a18c8ac119dfdf267c6eb5698493f49.resize-by-browser-width .dt-css-grid .wf-cell {\n    width: 100%;\n  }\n  .cssgridlegacy.no-cssgrid .blog-shortcode.blog-masonry-shortcode-id-2a18c8ac119dfdf267c6eb5698493f49.resize-by-browser-width .dt-css-grid .wf-cell.double-width,\n  .no-cssgridlegacy.no-cssgrid .blog-shortcode.blog-masonry-shortcode-id-2a18c8ac119dfdf267c6eb5698493f49.resize-by-browser-width .dt-css-grid .wf-cell.double-width {\n    width: calc(100%)*2;\n  }\n}<\/style><div class=\"blog-shortcode blog-masonry-shortcode-id-2a18c8ac119dfdf267c6eb5698493f49 mode-grid classic-layout-list content-bg-on jquery-filter vertical-fancy-style scale-img dt-css-grid-wrap dt-icon-bg-off resize-by-browser-width loading-effect-none description-under-image \" data-padding=\"25px\" data-cur-page=\"1\" data-post-limit=\"2\" data-pagination-mode=\"load-more\" aria-live=\"assertive\" data-desktop-columns-num=\"1\" data-v-tablet-columns-num=\"1\" data-h-tablet-columns-num=\"1\" data-phone-columns-num=\"1\" data-width=\"0px\" data-columns=\"0\"><div class=\"dt-css-grid\" ><div class=\"visible wf-cell\" data-post-id=\"220440\" data-date=\"2025-03-10T08:31:21+00:00\" data-name=\"\ud83c\udfac &quot;The Vanishing Soldier&quot; with two screenings at the Jewish Film Festival Vienna 2025\"><article class=\"post project-odd visible post-220440 type-post status-publish format-standard has-post-thumbnail hentry category-artkeim-en category-film-en category-news-en tag-artkeim-en tag-dani-rosenberg-2 tag-european-film-award tag-festival-del-film-locarno-en tag-film-festival-locarno-en tag-gaza-strip tag-haifa-film-festival-2 tag-hakolnoa-2 tag-hamas-2 tag-israel-2 tag-jewish-film-festival-berlin-brandenburg tag-jewish-film-festival-vienna-jfw tag-jfbb-2 tag-krieg-2 tag-montpellier-international-film-festival tag-oldenburg-en tag-tel-aviv-2 tag-the-vanishing-soldier-2 tag-the-vanishing-soldier-3 category-570 category-942 category-941\" data-name=\"\ud83c\udfac &#8220;The Vanishing Soldier&#8221; with two screenings at the Jewish Film Festival Vienna 2025\" data-date=\"2025-03-10T08:31:21+00:00\">\n\n<div class=\"post-thumbnail-wrap\">\n\t<div class=\"post-thumbnail\">\n\t\t\n\t\t\n\t\t<a href=\"https:\/\/ucm.one\/en\/the-vanishing-soldier-with-two-screenings-at-the-jewish-film-festival-vienna-2025\/\" class=\"post-thumbnail-rollover layzr-bg layzr-bg\" ><img decoding=\"async\" class=\"iso-lazy-load preload-me iso-lazy-load aspect\" src=\"data:image\/svg+xml,%3Csvg%20xmlns%3D&#39;http%3A%2F%2Fwww.w3.org%2F2000%2Fsvg&#39;%20viewBox%3D&#39;0%200%20990%20309&#39;%2F%3E\" data-src=\"https:\/\/ucm.one\/wp-content\/uploads\/2025\/03\/b-TVS_JFW25_en-990x309.jpg\" data-srcset=\"https:\/\/ucm.one\/wp-content\/uploads\/2025\/03\/b-TVS_JFW25_en-990x309.jpg 990w, https:\/\/ucm.one\/wp-content\/uploads\/2025\/03\/b-TVS_JFW25_en-1485x464.jpg 1485w\" loading=\"eager\" style=\"--ratio: 990 \/ 309\" sizes=\"(max-width: 990px) 100vw, 990px\" alt=\"\" title=\"b-TVS_JFW25_en\" width=\"990\" height=\"309\"  \/><\/a>\t<\/div>\n<\/div>\n\n\n<div class=\"post-entry-content\">\n\n\t<h3 class=\"entry-title\">\n\t\t<a href=\"https:\/\/ucm.one\/en\/the-vanishing-soldier-with-two-screenings-at-the-jewish-film-festival-vienna-2025\/\" title=\"\ud83c\udfac &#8220;The Vanishing Soldier&#8221; with two screenings at the Jewish Film Festival Vienna 2025\" rel=\"bookmark\">\ud83c\udfac &#8220;The Vanishing Soldier&#8221; with two screenings at the Jewish Film Festival Vienna 2025<\/a>\n\t<\/h3>\n\n\t<div class=\"entry-meta\"><span class=\"category-link\"><a href=\"https:\/\/ucm.one\/en\/category\/news-en\/film-en\/artkeim-en\/\" >Artkeim\u00b2<\/a>, <a href=\"https:\/\/ucm.one\/en\/category\/news-en\/film-en\/\" >Film<\/a>, <a href=\"https:\/\/ucm.one\/en\/category\/news-en\/\" >News<\/a><\/span><a class=\"author vcard\" href=\"\" title=\"View all posts by robert.zimmermann\" rel=\"author\">By <span class=\"fn\">robert.zimmermann<\/span><\/a><a href=\"https:\/\/ucm.one\/en\/2025\/03\/10\/\" title=\"08:31\" class=\"data-link\" rel=\"bookmark\"><time class=\"entry-date updated\" datetime=\"2025-03-10T08:31:21+00:00\">10. March 2025<\/time><\/a><\/div>\n\t<div class=\"entry-excerpt\"><p>[vc_row][vc_column][vc_column_text css=&#8221;&#8221;] The Israeli anti-war film &#8220;The Vanishing Soldier&#8221; by Dani Rosenberg will be shown at the Jewish Film Festival Vienna 2025. The Jewish Film Festival Vienna (JFW), which takes place from March 11 to 25, 2025, is celebrating its 34th anniversary this year. Under the motto &#8220;Shalom Oida&#8221;, the festival will present around 50&hellip;<\/p>\n<\/div>\n\t\n<a href=\"https:\/\/ucm.one\/en\/the-vanishing-soldier-with-two-screenings-at-the-jewish-film-festival-vienna-2025\/\" class=\"post-details details-type-link\" aria-label=\"Read more about \ud83c\udfac &#8220;The Vanishing Soldier&#8221; with two screenings at the Jewish Film Festival Vienna 2025\">Read more<i class=\"dt-icon-the7-arrow-03\" aria-hidden=\"true\"><\/i><\/a>\n\n<\/div><\/article><\/div><div class=\"visible wf-cell\" data-post-id=\"109141\" data-date=\"2024-10-18T11:35:14+00:00\" data-name=\"\ud83c\udfac \u201cThe Vanishing Soldier\u201d at CineK in Oldenburg, with a follow-up discussion on Sunday with HAKOLNOA\"><article class=\"post project-odd visible post-109141 type-post status-publish format-standard has-post-thumbnail hentry category-artkeim-en category-film-en category-news-en tag-artkeim-en tag-cinek-2 tag-dani-rosenberg-2 tag-european-film-award tag-festival-del-film-locarno-en tag-film-festival-locarno-en tag-gaza-strip tag-haifa-film-festival-2 tag-hakolnoa-2 tag-hamas-2 tag-israel-2 tag-jewish-film-festival-berlin-brandenburg tag-jfbb-2 tag-krieg-2 tag-montpellier-international-film-festival tag-oldenburg-en tag-tel-aviv-2 tag-the-vanishing-soldier-2 tag-the-vanishing-soldier-3 category-570 category-942 category-941\" data-name=\"\ud83c\udfac \u201cThe Vanishing Soldier\u201d at CineK in Oldenburg, with a follow-up discussion on Sunday with HAKOLNOA\" data-date=\"2024-10-18T11:35:14+00:00\">\n\n<div class=\"post-thumbnail-wrap\">\n\t<div class=\"post-thumbnail\">\n\t\t\n\t\t\n\t\t<a href=\"https:\/\/ucm.one\/en\/the-vanishing-soldier-at-cinek-in-oldenburg-with-a-follow-up-discussion-on-sunday-with-hakolnoa\/\" class=\"post-thumbnail-rollover layzr-bg layzr-bg\" ><img decoding=\"async\" class=\"iso-lazy-load preload-me iso-lazy-load aspect\" src=\"data:image\/svg+xml,%3Csvg%20xmlns%3D&#39;http%3A%2F%2Fwww.w3.org%2F2000%2Fsvg&#39;%20viewBox%3D&#39;0%200%20990%20309&#39;%2F%3E\" data-src=\"https:\/\/ucm.one\/wp-content\/uploads\/2024\/10\/B-DerVerschwundeneSoldat-Oldenburg-990x309.jpg\" data-srcset=\"https:\/\/ucm.one\/wp-content\/uploads\/2024\/10\/B-DerVerschwundeneSoldat-Oldenburg-990x309.jpg 990w, https:\/\/ucm.one\/wp-content\/uploads\/2024\/10\/B-DerVerschwundeneSoldat-Oldenburg-1485x464.jpg 1485w\" loading=\"eager\" style=\"--ratio: 990 \/ 309\" sizes=\"(max-width: 990px) 100vw, 990px\" alt=\"\" title=\"B DerVerschwundeneSoldat Oldenburg\" width=\"990\" height=\"309\"  \/><\/a>\t<\/div>\n<\/div>\n\n\n<div class=\"post-entry-content\">\n\n\t<h3 class=\"entry-title\">\n\t\t<a href=\"https:\/\/ucm.one\/en\/the-vanishing-soldier-at-cinek-in-oldenburg-with-a-follow-up-discussion-on-sunday-with-hakolnoa\/\" title=\"\ud83c\udfac \u201cThe Vanishing Soldier\u201d at CineK in Oldenburg, with a follow-up discussion on Sunday with HAKOLNOA\" rel=\"bookmark\">\ud83c\udfac \u201cThe Vanishing Soldier\u201d at CineK in Oldenburg, with a follow-up discussion on Sunday with HAKOLNOA<\/a>\n\t<\/h3>\n\n\t<div class=\"entry-meta\"><span class=\"category-link\"><a href=\"https:\/\/ucm.one\/en\/category\/news-en\/film-en\/artkeim-en\/\" >Artkeim\u00b2<\/a>, <a href=\"https:\/\/ucm.one\/en\/category\/news-en\/film-en\/\" >Film<\/a>, <a href=\"https:\/\/ucm.one\/en\/category\/news-en\/\" >News<\/a><\/span><a class=\"author vcard\" href=\"\" title=\"View all posts by Joachim Keil\" rel=\"author\">By <span class=\"fn\">Joachim Keil<\/span><\/a><a href=\"https:\/\/ucm.one\/en\/2024\/10\/18\/\" title=\"11:35\" class=\"data-link\" rel=\"bookmark\"><time class=\"entry-date updated\" datetime=\"2024-10-18T11:35:14+00:00\">18. October 2024<\/time><\/a><\/div>\n\t<div class=\"entry-excerpt\"><p>[vc_row][vc_column][vc_column_text css=&#8221;&#8221;] The Israeli anti-war film \u201cThe Vanishing Soldier\u201d (German title: \u201cDer verschwundene Soldat\u201d) by Dani Rosenberg will be shown nationwide starting this week, but also daily at CineK in Oldenburg. This Sunday, September 20, 2024, at 6:30 p.m., after the screening of the film (in the Hebrew original with German subtitles) in Oldenburg, there&hellip;<\/p>\n<\/div>\n\t\n<a href=\"https:\/\/ucm.one\/en\/the-vanishing-soldier-at-cinek-in-oldenburg-with-a-follow-up-discussion-on-sunday-with-hakolnoa\/\" class=\"post-details details-type-link\" aria-label=\"Read more about \ud83c\udfac \u201cThe Vanishing Soldier\u201d at CineK in Oldenburg, with a follow-up discussion on Sunday with HAKOLNOA\">Read more<i class=\"dt-icon-the7-arrow-03\" aria-hidden=\"true\"><\/i><\/a>\n\n<\/div><\/article><\/div><div class=\"hidden wf-cell\" data-post-id=\"107473\" data-date=\"2024-10-17T09:34:28+00:00\" data-name=\"\ud83c\udfac \u201cThe Vanishing Soldier\u201d by Dani Rosenberg opens in German cinemas today\"><article class=\"post project-odd visible post-107473 type-post status-publish format-standard has-post-thumbnail hentry category-artkeim-en category-film-en category-news-en tag-artkeim-en tag-dani-rosenberg-2 tag-european-film-award tag-festival-del-film-locarno-en tag-film-festival-locarno-en tag-filmkunst-66-2 tag-gaza-strip tag-haifa-film-festival-2 tag-hamas-2 tag-israel-2 tag-jewish-film-festival-berlin-brandenburg tag-jfbb-2 tag-krieg-2 tag-montpellier-international-film-festival tag-tel-aviv-2 tag-thalia-potsdam-2 tag-the-vanishing-soldier-2 tag-the-vanishing-soldier-3 category-570 category-942 category-941\" data-name=\"\ud83c\udfac \u201cThe Vanishing Soldier\u201d by Dani Rosenberg opens in German cinemas today\" data-date=\"2024-10-17T09:34:28+00:00\">\n\n<div class=\"post-thumbnail-wrap\">\n\t<div class=\"post-thumbnail\">\n\t\t\n\t\t\n\t\t<a href=\"https:\/\/ucm.one\/en\/the-vanishing-soldier-by-dani-rosenberg-opens-in-german-cinemas-today\/\" class=\"post-thumbnail-rollover layzr-bg layzr-bg\" ><img decoding=\"async\" class=\"iso-lazy-load preload-me iso-lazy-load aspect\" src=\"data:image\/svg+xml,%3Csvg%20xmlns%3D&#39;http%3A%2F%2Fwww.w3.org%2F2000%2Fsvg&#39;%20viewBox%3D&#39;0%200%20990%20309&#39;%2F%3E\" data-src=\"https:\/\/ucm.one\/wp-content\/uploads\/2024\/10\/TheVanishingSoldier-Banner-Artwork-990x309.jpg\" data-srcset=\"https:\/\/ucm.one\/wp-content\/uploads\/2024\/10\/TheVanishingSoldier-Banner-Artwork-990x309.jpg 990w, https:\/\/ucm.one\/wp-content\/uploads\/2024\/10\/TheVanishingSoldier-Banner-Artwork-1485x464.jpg 1485w\" loading=\"eager\" style=\"--ratio: 990 \/ 309\" sizes=\"(max-width: 990px) 100vw, 990px\" alt=\"\" title=\"TheVanishingSoldier-Banner-Artwork\" width=\"990\" height=\"309\"  \/><\/a>\t<\/div>\n<\/div>\n\n\n<div class=\"post-entry-content\">\n\n\t<h3 class=\"entry-title\">\n\t\t<a href=\"https:\/\/ucm.one\/en\/the-vanishing-soldier-by-dani-rosenberg-opens-in-german-cinemas-today\/\" title=\"\ud83c\udfac \u201cThe Vanishing Soldier\u201d by Dani Rosenberg opens in German cinemas today\" rel=\"bookmark\">\ud83c\udfac \u201cThe Vanishing Soldier\u201d by Dani Rosenberg opens in German cinemas today<\/a>\n\t<\/h3>\n\n\t<div class=\"entry-meta\"><span class=\"category-link\"><a href=\"https:\/\/ucm.one\/en\/category\/news-en\/film-en\/artkeim-en\/\" >Artkeim\u00b2<\/a>, <a href=\"https:\/\/ucm.one\/en\/category\/news-en\/film-en\/\" >Film<\/a>, <a href=\"https:\/\/ucm.one\/en\/category\/news-en\/\" >News<\/a><\/span><a class=\"author vcard\" href=\"\" title=\"View all posts by Joachim Keil\" rel=\"author\">By <span class=\"fn\">Joachim Keil<\/span><\/a><a href=\"https:\/\/ucm.one\/en\/2024\/10\/17\/\" title=\"09:34\" class=\"data-link\" rel=\"bookmark\"><time class=\"entry-date updated\" datetime=\"2024-10-17T09:34:28+00:00\">17. October 2024<\/time><\/a><\/div>\n\t<div class=\"entry-excerpt\"><p>[vc_row][vc_column][vc_column_text css=&#8221;&#8221;] Today, the new film \u201cThe Vanishing Soldier\u201d (German title: \u201cDer verschwundene Soldat\u201d) by Dani Rosenberg is released in German cinemas. In addition to the original Hebrew version, UCM.ONE presents the film for the first time in a German dubbed version on the label Artkeim\u00b2. [\/vc_column_text][\/vc_column][\/vc_row][vc_row][vc_column width=&#8221;3\/4&#8243;][vc_row_inner][vc_column_inner][vc_column_text css=&#8221;&#8221;] The film, about Shlomi, an 18-year-old&hellip;<\/p>\n<\/div>\n\t\n<a href=\"https:\/\/ucm.one\/en\/the-vanishing-soldier-by-dani-rosenberg-opens-in-german-cinemas-today\/\" class=\"post-details details-type-link\" aria-label=\"Read more about \ud83c\udfac \u201cThe Vanishing Soldier\u201d by Dani Rosenberg opens in German cinemas today\">Read more<i class=\"dt-icon-the7-arrow-03\" aria-hidden=\"true\"><\/i><\/a>\n\n<\/div><\/article><\/div><div class=\"hidden wf-cell\" data-post-id=\"105275\" data-date=\"2024-06-19T06:34:36+00:00\" data-name=\"\ud83c\udfac Anti-war drama &quot;The Vanishing Soldier&quot; by Dani Rosenberg in competition at the 30th Jewish Film Festival Berlin Brandenburg\"><article class=\"post project-odd visible post-105275 type-post status-publish format-standard has-post-thumbnail hentry category-artkeim-en category-film-en category-film-distribution-en category-news-en tag-artkeim-en tag-bundesplatz-kino-2 tag-dani-rosenberg-2 tag-european-film-award tag-festival-del-film-locarno-en tag-film-festival-locarno-en tag-filmkunst-66-2 tag-gaza-strip tag-haifa-film-festival-2 tag-hamas-2 tag-israel-2 tag-jewish-film-festival-berlin-brandenburg tag-jfbb-2 tag-krieg-2 tag-montpellier-international-film-festival tag-tel-aviv-2 tag-thalia-potsdam-2 tag-the-vanishing-soldier-2 category-570 category-942 category-15326 category-941\" data-name=\"\ud83c\udfac Anti-war drama &#8220;The Vanishing Soldier&#8221; by Dani Rosenberg in competition at the 30th Jewish Film Festival Berlin Brandenburg\" data-date=\"2024-06-19T06:34:36+00:00\">\n\n<div class=\"post-thumbnail-wrap\">\n\t<div class=\"post-thumbnail\">\n\t\t\n\t\t\n\t\t<a href=\"https:\/\/ucm.one\/en\/anti-war-drama-the-vanishing-soldier-by-dani-rosenberg-in-competition-at-the-30th-jewish-film-festival-berlin-brandenburg\/\" class=\"post-thumbnail-rollover layzr-bg layzr-bg\" ><img decoding=\"async\" class=\"iso-lazy-load preload-me iso-lazy-load aspect\" src=\"data:image\/svg+xml,%3Csvg%20xmlns%3D&#39;http%3A%2F%2Fwww.w3.org%2F2000%2Fsvg&#39;%20viewBox%3D&#39;0%200%20990%20309&#39;%2F%3E\" data-src=\"https:\/\/ucm.one\/wp-content\/uploads\/2024\/06\/BB-The-Vanishing-Soldier-JFBB-2024-990x309.jpg\" data-srcset=\"https:\/\/ucm.one\/wp-content\/uploads\/2024\/06\/BB-The-Vanishing-Soldier-JFBB-2024-990x309.jpg 990w, https:\/\/ucm.one\/wp-content\/uploads\/2024\/06\/BB-The-Vanishing-Soldier-JFBB-2024-1485x464.jpg 1485w\" loading=\"eager\" style=\"--ratio: 990 \/ 309\" sizes=\"(max-width: 990px) 100vw, 990px\" alt=\"\" title=\"BB The Vanishing Soldier &#8211; JFBB-2024\" width=\"990\" height=\"309\"  \/><\/a>\t<\/div>\n<\/div>\n\n\n<div class=\"post-entry-content\">\n\n\t<h3 class=\"entry-title\">\n\t\t<a href=\"https:\/\/ucm.one\/en\/anti-war-drama-the-vanishing-soldier-by-dani-rosenberg-in-competition-at-the-30th-jewish-film-festival-berlin-brandenburg\/\" title=\"\ud83c\udfac Anti-war drama &#8220;The Vanishing Soldier&#8221; by Dani Rosenberg in competition at the 30th Jewish Film Festival Berlin Brandenburg\" rel=\"bookmark\">\ud83c\udfac Anti-war drama &#8220;The Vanishing Soldier&#8221; by Dani Rosenberg in competition at the 30th Jewish Film Festival Berlin Brandenburg<\/a>\n\t<\/h3>\n\n\t<div class=\"entry-meta\"><span class=\"category-link\"><a href=\"https:\/\/ucm.one\/en\/category\/news-en\/film-en\/artkeim-en\/\" >Artkeim\u00b2<\/a>, <a href=\"https:\/\/ucm.one\/en\/category\/news-en\/film-en\/\" >Film<\/a>, <a href=\"https:\/\/ucm.one\/en\/category\/news-en\/media-distribution-en\/film-distribution-en\/\" >Film Distribution<\/a>, <a href=\"https:\/\/ucm.one\/en\/category\/news-en\/\" >News<\/a><\/span><a class=\"author vcard\" href=\"\" title=\"View all posts by Joachim Keil\" rel=\"author\">By <span class=\"fn\">Joachim Keil<\/span><\/a><a href=\"https:\/\/ucm.one\/en\/2024\/06\/19\/\" title=\"06:34\" class=\"data-link\" rel=\"bookmark\"><time class=\"entry-date updated\" datetime=\"2024-06-19T06:34:36+00:00\">19. June 2024<\/time><\/a><\/div>\n\t<div class=\"entry-excerpt\"><p>[vc_row][vc_column][vc_column_text css=&#8221;&#8221;] The Israeli anti-war drama &#8220;The Vanishing Soldier&#8221; by renowned director Dani Rosenberg, distributed by UCM.ONE for German-speaking countries, is taking part in the feature film competition of the 30th Jewish Film Festival Berlin Brandenburg (in short: 30.JFBB). [\/vc_column_text][\/vc_column][\/vc_row][vc_row][vc_column width=&#8221;3\/4&#8243;][vc_row_inner][vc_column_inner][vc_column_text css=&#8221;&#8221;] The film about Shlomi, an 18-year-old Israeli IDF soldier who irregularly leaves the&hellip;<\/p>\n<\/div>\n\t\n<a href=\"https:\/\/ucm.one\/en\/anti-war-drama-the-vanishing-soldier-by-dani-rosenberg-in-competition-at-the-30th-jewish-film-festival-berlin-brandenburg\/\" class=\"post-details details-type-link\" aria-label=\"Read more about \ud83c\udfac Anti-war drama &#8220;The Vanishing Soldier&#8221; by Dani Rosenberg in competition at the 30th Jewish Film Festival Berlin Brandenburg\">Read more<i class=\"dt-icon-the7-arrow-03\" aria-hidden=\"true\"><\/i><\/a>\n\n<\/div><\/article><\/div><div class=\"hidden wf-cell\" data-post-id=\"106497\" data-date=\"2023-10-30T13:10:38+00:00\" data-name=\"\ud83c\udfac UCM.ONE takes the Israeli film \u201cThe Vanishing Soldier\u201d by Dani Rosenberg under contract\"><article class=\"post project-odd visible post-106497 type-post status-publish format-standard has-post-thumbnail hentry category-artkeim-en category-film-en category-film-distribution-en category-news-en tag-artkeim-en tag-dani-rosenberg-2 tag-festival-del-film-locarno-en tag-film-festival-locarno-en tag-gaza-strip tag-hamas-2 tag-israel-2 tag-krieg-2 tag-tel-aviv-2 tag-the-vanishing-soldier-2 category-570 category-942 category-15326 category-941\" data-name=\"\ud83c\udfac UCM.ONE takes the Israeli film \u201cThe Vanishing Soldier\u201d by Dani Rosenberg under contract\" data-date=\"2023-10-30T13:10:38+00:00\">\n\n<div class=\"post-thumbnail-wrap\">\n\t<div class=\"post-thumbnail\">\n\t\t\n\t\t\n\t\t<a href=\"https:\/\/ucm.one\/en\/ucm-one-takes-the-israeli-film-the-vanishing-soldier-by-dani-rosenberg-under-contract\/\" class=\"post-thumbnail-rollover layzr-bg layzr-bg\" ><img decoding=\"async\" class=\"iso-lazy-load preload-me iso-lazy-load aspect\" src=\"data:image\/svg+xml,%3Csvg%20xmlns%3D&#39;http%3A%2F%2Fwww.w3.org%2F2000%2Fsvg&#39;%20viewBox%3D&#39;0%200%20990%20309&#39;%2F%3E\" data-src=\"https:\/\/ucm.one\/wp-content\/uploads\/2024\/09\/The-Vanishing-Soldier-Locarno-2023-990x309.jpg\" data-srcset=\"https:\/\/ucm.one\/wp-content\/uploads\/2024\/09\/The-Vanishing-Soldier-Locarno-2023-990x309.jpg 990w, https:\/\/ucm.one\/wp-content\/uploads\/2024\/09\/The-Vanishing-Soldier-Locarno-2023-1485x464.jpg 1485w\" loading=\"eager\" style=\"--ratio: 990 \/ 309\" sizes=\"(max-width: 990px) 100vw, 990px\" alt=\"\" title=\"The Vanishing Soldier Locarno 2023\" width=\"990\" height=\"309\"  \/><\/a>\t<\/div>\n<\/div>\n\n\n<div class=\"post-entry-content\">\n\n\t<h3 class=\"entry-title\">\n\t\t<a href=\"https:\/\/ucm.one\/en\/ucm-one-takes-the-israeli-film-the-vanishing-soldier-by-dani-rosenberg-under-contract\/\" title=\"\ud83c\udfac UCM.ONE takes the Israeli film \u201cThe Vanishing Soldier\u201d by Dani Rosenberg under contract\" rel=\"bookmark\">\ud83c\udfac UCM.ONE takes the Israeli film \u201cThe Vanishing Soldier\u201d by Dani Rosenberg under contract<\/a>\n\t<\/h3>\n\n\t<div class=\"entry-meta\"><span class=\"category-link\"><a href=\"https:\/\/ucm.one\/en\/category\/news-en\/film-en\/artkeim-en\/\" >Artkeim\u00b2<\/a>, <a href=\"https:\/\/ucm.one\/en\/category\/news-en\/film-en\/\" >Film<\/a>, <a href=\"https:\/\/ucm.one\/en\/category\/news-en\/media-distribution-en\/film-distribution-en\/\" >Film Distribution<\/a>, <a href=\"https:\/\/ucm.one\/en\/category\/news-en\/\" >News<\/a><\/span><a class=\"author vcard\" href=\"\" title=\"View all posts by Joachim Keil\" rel=\"author\">By <span class=\"fn\">Joachim Keil<\/span><\/a><a href=\"https:\/\/ucm.one\/en\/2023\/10\/30\/\" title=\"13:10\" class=\"data-link\" rel=\"bookmark\"><time class=\"entry-date updated\" datetime=\"2023-10-30T13:10:38+00:00\">30. October 2023<\/time><\/a><\/div>\n\t<div class=\"entry-excerpt\"><p>[vc_row][vc_column][vc_column_text css=&#8221;&#8221;] UCM.ONE has signed the Israeli film \u201cThe Vanishing Soldier\u201d by renowned director Dani Rosenberg, which premiered at the 76th Locarno Film Festival 2023 in Switzerland this summer, for the German-speaking countries of Germany, Austria and Switzerland. [\/vc_column_text][\/vc_column][\/vc_row][vc_row][vc_column width=&#8221;3\/4&#8243;][vc_row_inner][vc_column_inner][vc_column_text css=&#8221;&#8221;] The film about Shlomi, an 18-year-old Israeli IDF soldier who irregularly leaves the troops&hellip;<\/p>\n<\/div>\n\t\n<a href=\"https:\/\/ucm.one\/en\/ucm-one-takes-the-israeli-film-the-vanishing-soldier-by-dani-rosenberg-under-contract\/\" class=\"post-details details-type-link\" aria-label=\"Read more about \ud83c\udfac UCM.ONE takes the Israeli film \u201cThe Vanishing Soldier\u201d by Dani Rosenberg under contract\">Read more<i class=\"dt-icon-the7-arrow-03\" aria-hidden=\"true\"><\/i><\/a>\n\n<\/div><\/article><\/div><\/div><!-- iso-container|iso-grid --><div class=\"paginator paginator-more-button\">\n\t\t\t\t<a class=\"button-load-more \" href=\"javascript:void(0);\" data-dt-page=\"1\" ><span class=\"stick\"><\/span><span class=\"stick\"><\/span><span class=\"stick\"><\/span><span class=\"button-caption\">Load more<\/span><\/a>\n\t\t\t<\/div><\/div>[\/vc_tta_section][\/vc_tta_accordion][vc_separator][vc_empty_space height=&#8221;80px&#8221;][\/vc_column][\/vc_row][vc_row el_id=&#8221;rock-n-roll-ringo&#8221;][vc_column width=&#8221;1\/4&#8243; offset=&#8221;vc_col-lg-offset-0 vc_col-md-offset-0 vc_col-sm-offset-0&#8243;][vc_column_text css=&#8221;.vc_custom_1725126740186{background-position: center !important;background-repeat: no-repeat !important;background-size: cover !important;}&#8221;]<img decoding=\"async\" class=\"alignnone wp-image-105744 size-full\" src=\"https:\/\/ucm.one\/wp-content\/uploads\/2024\/08\/P-Rock-n-Roll-Ringo.jpg\" alt=\"\" width=\"699\" height=\"1000\" srcset=\"https:\/\/ucm.one\/wp-content\/uploads\/2024\/08\/P-Rock-n-Roll-Ringo.jpg 699w, https:\/\/ucm.one\/wp-content\/uploads\/2024\/08\/P-Rock-n-Roll-Ringo-210x300.jpg 210w, https:\/\/ucm.one\/wp-content\/uploads\/2024\/08\/P-Rock-n-Roll-Ringo-300x429.jpg 300w, https:\/\/ucm.one\/wp-content\/uploads\/2024\/08\/P-Rock-n-Roll-Ringo-600x858.jpg 600w\" sizes=\"(max-width: 699px) 100vw, 699px\" \/>[\/vc_column_text][\/vc_column][vc_column width=&#8221;3\/4&#8243;][vc_column_text css=&#8221;&#8221;]<\/p>\n<h2>Rock &#8216;n&#8217; Roll Ringo<\/h2>\n<h3><span style=\"font-family: arial, helvetica, sans-serif;\">by <\/span><span lang=\"EN-US\">Dominik Galizia<\/span><\/h3>\n<div class=\"wpb_text_column wpb_content_element \">\n<div class=\"wpb_wrapper\">\n<div class=\"wpb_text_column wpb_content_element \">\n<div class=\"wpb_wrapper\">\n<div class=\"wpb_text_column wpb_content_element vc_custom_1681339038108\">\n<div class=\"wpb_wrapper\">\n<p>Ringo Fleisch, a scaffolder from Herne, loses his job and starts working as a temporary worker at the funfair. There, showman Fr\u00e4nkie tempts him to make a career as a fairground boxer. Ringo leaves home for the first time and travels with the funfair. The fairground family changes Ringo&#8217;s life. Fr\u00e4nkie becomes his mentor, tempting him with fast money and star status at the funfair. Jenny from the bumper cars shows him the fast life of the funfair.<\/p>\n<p>From fight to fight, Ringo dives deeper into the funfair family. The Great Hainz, a pantomime, becomes his loyal companion. Through Jenny from the bumper cars, he gets to know the fast life of the funfair, even if he repeatedly clashes with her brother Mirko. Jenny and Ringo have a fierce friendship, a mixture of affection and mutual benefit. But Ringo is driven by a different goal: At the end of the funfair season, he wants to sail to the North Sea on a cabin cruiser with his daughter Mia.<\/p>\n<\/div>\n<\/div>\n<\/div>\n<\/div>\n<\/div>\n<\/div>\n<div class=\"wpb_text_column wpb_content_element \">\n<div class=\"wpb_wrapper\">\n<h3><span style=\"font-family: arial, helvetica, sans-serif;\">Theatrical release: September 05, 2024<\/span><\/h3>\n<\/div>\n<\/div>\n<p>[\/vc_column_text][\/vc_column][\/vc_row][vc_row][vc_column width=&#8221;5\/6&#8243;][vc_column_text css=&#8221;&#8221;]Artkeim\u00b2 | 2024 | Drama (Spectacle) | Germany | Original title: \u201e<a title=\"Einhundertvier (2023) von Jonathan Sch\u00f6rnig | NONFY Documentaries\" href=\"https:\/\/ucm.one\/en\/rock-n-roll-ringo\/\">Rock \u2019n\u2018 Roll Ringo<\/a>\u201e[\/vc_column_text][\/vc_column][vc_column width=&#8221;1\/6&#8243;][vc_btn title=&#8221;Press Material&#8221; size=&#8221;xs&#8221; align=&#8221;center&#8221; i_icon_fontawesome=&#8221;fas fa-download&#8221; css=&#8221;&#8221; button_block=&#8221;true&#8221; add_icon=&#8221;true&#8221; link=&#8221;url:https%3A%2F%2Fwww.ucm.one%2Fpresse%2Fak_rrr_presskit.zip|title:Rock%20&#8217;n&#8217;%20Roll%20Ringo%20Pressekit|rel:nofollow&#8221;][\/vc_column][\/vc_row][vc_row][vc_column][vc_tta_accordion style=&#8221;modern&#8221; shape=&#8221;square&#8221; c_icon=&#8221;chevron&#8221; active_section=&#8221;33&#8243; no_fill=&#8221;true&#8221; collapsible_all=&#8221;true&#8221;][vc_tta_section title=&#8221;More information&#8221; tab_id=&#8221;1725272854429-26b6fb28-5a42&#8243;][vc_column_text css=&#8221;&#8221;]<\/p>\n<div class=\"wpb_text_column wpb_content_element \">\n<div class=\"wpb_wrapper\">\n<div class=\"wpb_text_column wpb_content_element \">\n<div class=\"wpb_wrapper\">\n<p><strong>Original title:<\/strong> Rock \u2018n\u2019 Roll Ringo<\/p>\n<p><strong>Director:<\/strong> Dominik Galizia<\/p>\n<p><strong>Screenplay:<\/strong> Dominik Galizia<\/p>\n<p><strong>Producer:<\/strong> Dominik Galizia, Massuda Kassem, Alexander Schoeller<\/p>\n<p><strong>Actors:<\/strong> Martin Rohde (Ringo), Larissa Sirah Herden (Jenny), Charly Schultz (Fr\u00e4nkie), Margarethe Tiesel (Inge), Erwin Leder (Pater Petrus), Peter Trabner (Der Gro\u00dfe Hainz), Tuba Seese (Mia), Victoria Schulz (Tamara), Eric Cordes (Montecarlo Manfred)<\/p>\n<p><strong>Cinematography:<\/strong> Elias C.J. K\u00f6hler<\/p>\n<p><strong>Editing:<\/strong> Daniel Kundrat<\/p>\n<p><strong>Music:<\/strong> Bethany Barrett<\/p>\n<p><strong>Genre:<\/strong> Drama (Spectacle)<\/p>\n<p>&nbsp;<\/p>\n<p><strong>Production companies:<\/strong> Mutter &amp; Vater Film GmbH, ASP Alexander Schoeller Productions GmbH<\/p>\n<p><strong>Country:<\/strong> Germany<\/p>\n<p><strong>Year of production<\/strong>: 2024<\/p>\n<p><strong>Languages: <\/strong>German, German (sign language)<\/p>\n<p><strong>Subtitles:<\/strong> English, German Partial dub)<\/p>\n<p><strong>Rating: <\/strong>FSK 16<\/p>\n<p><strong>Length:<\/strong> 100 Min<\/p>\n<p><strong>Picture format:<\/strong> 2.39:1<\/p>\n<p><strong>Frame rate:<\/strong> 24 FPS<\/p>\n<p><strong>Resolution:<\/strong> 4096\u00d71716 (2048\u00d7858)<\/p>\n<p><strong>Sound:<\/strong> 5.1 \/ 7.1 Surround, Dolby Atmos<\/p>\n<\/div>\n<\/div>\n<div class=\"vc_separator wpb_content_element vc_separator_align_center vc_sep_width_100 vc_sep_pos_align_center vc_separator_no_text wpb_content_element wpb_content_element\"><\/div>\n<div class=\"wpb_text_column wpb_content_element \">\n<div class=\"wpb_wrapper\">\n<p><b>Premiere:<\/b><\/p>\n<p>September 05, 2024 in Herne (Germany)<\/p>\n<\/div>\n<\/div>\n<div class=\"vc_separator wpb_content_element vc_separator_align_center vc_sep_width_100 vc_sep_pos_align_center vc_separator_no_text wpb_content_element wpb_content_element\"><\/div>\n<div class=\"wpb_text_column wpb_content_element \">\n<div class=\"wpb_wrapper\">\n<p><strong>Film label:<\/strong> Artkeim\u00b2<\/p>\n<p><strong>Distributor:<\/strong> <strong>UCM.ONE<\/strong><\/p>\n<p><strong>Theatrical start: <\/strong>September 05, 2024<\/p>\n<\/div>\n<\/div>\n<\/div>\n<\/div>\n<p>[\/vc_column_text][\/vc_tta_section][vc_tta_section title=&#8221;Trailer&#8221; tab_id=&#8221;1725272854537-8c5e8b56-60f6&#8243;][vc_video link=&#8221;https:\/\/www.youtube.com\/watch?v=7TRZIlN9OvY&#8221; css=&#8221;&#8221;][\/vc_tta_section][vc_tta_section title=&#8221;News&#8221; tab_id=&#8221;1725272854645-cb52517b-924e&#8221;]<style type=\"text\/css\" data-type=\"the7_shortcodes-inline-css\">.blog-shortcode.blog-masonry-shortcode-id-b978b9a8e042f8d400c94304aefa7db4.content-bg-on.classic-layout-list article {\n  background: #e6e6e6;\n  box-shadow: none;\n}\n.blog-shortcode.blog-masonry-shortcode-id-b978b9a8e042f8d400c94304aefa7db4.dividers-on.classic-layout-list article {\n  padding-top: 0;\n}\n.blog-shortcode.blog-masonry-shortcode-id-b978b9a8e042f8d400c94304aefa7db4.dividers-on.classic-layout-list article:first-of-type {\n  margin-top: 0;\n  padding-top: 0;\n}\n.blog-shortcode.blog-masonry-shortcode-id-b978b9a8e042f8d400c94304aefa7db4.classic-layout-list.mode-list .post-entry-content {\n  width: calc(100% - );\n}\n.blog-shortcode.blog-masonry-shortcode-id-b978b9a8e042f8d400c94304aefa7db4.classic-layout-list.mode-list .no-img .post-entry-content {\n  width: 100%;\n}\n.blog-shortcode.blog-masonry-shortcode-id-b978b9a8e042f8d400c94304aefa7db4 .filter-bg-decoration .filter-categories a.act {\n  color: #fff;\n}\n.blog-shortcode.blog-masonry-shortcode-id-b978b9a8e042f8d400c94304aefa7db4:not(.mode-masonry) article:first-of-type,\n.blog-shortcode.blog-masonry-shortcode-id-b978b9a8e042f8d400c94304aefa7db4:not(.mode-masonry) article.visible.first:not(.product) {\n  margin-top: 0;\n}\n.blog-shortcode.blog-masonry-shortcode-id-b978b9a8e042f8d400c94304aefa7db4.dividers-on:not(.mode-masonry) article {\n  margin-top: 0;\n}\n.blog-shortcode.blog-masonry-shortcode-id-b978b9a8e042f8d400c94304aefa7db4.dividers-on:not(.mode-masonry) article:first-of-type,\n.blog-shortcode.blog-masonry-shortcode-id-b978b9a8e042f8d400c94304aefa7db4.dividers-on:not(.mode-masonry) article.visible.first:not(.product) {\n  margin-top: 0;\n  padding-top: 0;\n}\n.blog-shortcode.blog-masonry-shortcode-id-b978b9a8e042f8d400c94304aefa7db4 .post-thumbnail-wrap {\n  padding: 0px 0px 0px 0px;\n}\n.blog-shortcode.blog-masonry-shortcode-id-b978b9a8e042f8d400c94304aefa7db4.enable-bg-rollover .post-thumbnail-rollover:after {\n  background: -webkit-linear-gradient();\n  background: linear-gradient();\n}\n.blog-shortcode.blog-masonry-shortcode-id-b978b9a8e042f8d400c94304aefa7db4 .gallery-zoom-ico {\n  width: 44px;\n  height: 44px;\n  line-height: 44px;\n  border-radius: 100px;\n  margin: -22px 0 0 -22px;\n  border-width: 0px;\n  color: #ffffff;\n}\n.bottom-overlap-layout-list.blog-shortcode.blog-masonry-shortcode-id-b978b9a8e042f8d400c94304aefa7db4 .gallery-zoom-ico {\n  margin-top: -72px;\n}\n.gradient-overlay-layout-list.blog-shortcode.blog-masonry-shortcode-id-b978b9a8e042f8d400c94304aefa7db4 .gallery-zoom-ico,\n.content-rollover-layout-list.blog-shortcode.blog-masonry-shortcode-id-b978b9a8e042f8d400c94304aefa7db4 .gallery-zoom-ico {\n  margin: 0 0 10px;\n}\n.content-align-center.gradient-overlay-layout-list.blog-shortcode.blog-masonry-shortcode-id-b978b9a8e042f8d400c94304aefa7db4 .gallery-zoom-ico,\n.content-align-center.content-rollover-layout-list.blog-shortcode.blog-masonry-shortcode-id-b978b9a8e042f8d400c94304aefa7db4 .gallery-zoom-ico {\n  margin: 0 auto 10px;\n}\n.dt-icon-bg-on.blog-shortcode.blog-masonry-shortcode-id-b978b9a8e042f8d400c94304aefa7db4 .gallery-zoom-ico {\n  background: rgba(255,255,255,0.3);\n  box-shadow: none;\n}\n.blog-shortcode.blog-masonry-shortcode-id-b978b9a8e042f8d400c94304aefa7db4 .gallery-zoom-ico > span,\n.blog-shortcode.blog-masonry-shortcode-id-b978b9a8e042f8d400c94304aefa7db4 .gallery-zoom-ico:before {\n  font-size: 32px;\n  line-height: 44px;\n}\n.blog-shortcode.blog-masonry-shortcode-id-b978b9a8e042f8d400c94304aefa7db4 .gallery-zoom-ico > span,\n.blog-shortcode.blog-masonry-shortcode-id-b978b9a8e042f8d400c94304aefa7db4 .gallery-zoom-ico:before {\n  color: #ffffff;\n}\n.blog-shortcode.blog-masonry-shortcode-id-b978b9a8e042f8d400c94304aefa7db4 .entry-title,\n.blog-shortcode.blog-masonry-shortcode-id-b978b9a8e042f8d400c94304aefa7db4.owl-carousel .entry-title {\n  margin-bottom: 5px;\n  font-weight: bold;\n}\n.blog-shortcode.blog-masonry-shortcode-id-b978b9a8e042f8d400c94304aefa7db4 .entry-meta {\n  margin-bottom: 15px;\n}\n.blog-shortcode.blog-masonry-shortcode-id-b978b9a8e042f8d400c94304aefa7db4 .portfolio-categories {\n  margin-bottom: 15px;\n}\n.blog-shortcode.blog-masonry-shortcode-id-b978b9a8e042f8d400c94304aefa7db4 .entry-excerpt {\n  margin-bottom: 5px;\n}\n.blog-shortcode.blog-masonry-shortcode-id-b978b9a8e042f8d400c94304aefa7db4:not(.centered-layout-list) .post-entry-content {\n  padding: 15px 20px 20px 20px;\n}\n.blog-shortcode.blog-masonry-shortcode-id-b978b9a8e042f8d400c94304aefa7db4:not(.centered-layout-list):not(.content-bg-on):not(.mode-list) .no-img .post-entry-content {\n  padding: 0;\n}\n.blog-shortcode.blog-masonry-shortcode-id-b978b9a8e042f8d400c94304aefa7db4.content-bg-on:not(.classic-layout-list):not(.centered-layout-list) .post-entry-content {\n  background: #e6e6e6;\n  box-shadow: none;\n}\n@media screen and (max-width: ) {\n  .blog-shortcode.blog-masonry-shortcode-id-b978b9a8e042f8d400c94304aefa7db4 article {\n    -ms-flex-flow: column nowrap;\n    flex-flow: column nowrap;\n    margin-top: 20px;\n  }\n  .blog-shortcode.blog-masonry-shortcode-id-b978b9a8e042f8d400c94304aefa7db4.dividers-on article {\n    border: none;\n  }\n  .blog-shortcode.blog-masonry-shortcode-id-b978b9a8e042f8d400c94304aefa7db4.content-bg-on.centered-layout-list article {\n    padding: 0;\n  }\n  .blog-shortcode.blog-masonry-shortcode-id-b978b9a8e042f8d400c94304aefa7db4.blog-shortcode.dividers-on article,\n  .blog-shortcode.blog-masonry-shortcode-id-b978b9a8e042f8d400c94304aefa7db4.dividers-on.classic-layout-list article {\n    margin-top: 20px;\n    padding: 0;\n  }\n  .blog-shortcode.blog-masonry-shortcode-id-b978b9a8e042f8d400c94304aefa7db4.blog-shortcode.dividers-on article:first-of-type,\n  .blog-shortcode.blog-masonry-shortcode-id-b978b9a8e042f8d400c94304aefa7db4.dividers-on.classic-layout-list article:first-of-type {\n    padding: 0;\n  }\n  #page .blog-shortcode.blog-masonry-shortcode-id-b978b9a8e042f8d400c94304aefa7db4 .post-thumbnail-wrap,\n  #page .blog-shortcode.blog-masonry-shortcode-id-b978b9a8e042f8d400c94304aefa7db4 .post-entry-content {\n    width: 100%;\n    margin: 0;\n    top: 0;\n  }\n  #page .blog-shortcode.blog-masonry-shortcode-id-b978b9a8e042f8d400c94304aefa7db4 .post-thumbnail-wrap {\n    padding: 0;\n  }\n  #page .blog-shortcode.blog-masonry-shortcode-id-b978b9a8e042f8d400c94304aefa7db4 .post-entry-content:after {\n    display: none;\n  }\n  #page .blog-shortcode.blog-masonry-shortcode-id-b978b9a8e042f8d400c94304aefa7db4 .project-even .post-thumbnail-wrap,\n  #page .blog-shortcode.blog-masonry-shortcode-id-b978b9a8e042f8d400c94304aefa7db4.centered-layout-list .post-thumbnail-wrap {\n    -ms-flex-order: 0;\n    order: 0;\n  }\n  #page .blog-shortcode.blog-masonry-shortcode-id-b978b9a8e042f8d400c94304aefa7db4.centered-layout-list .post-entry-title-content {\n    -ms-flex-order: 1;\n    order: 1;\n    width: 100%;\n    padding: 20px 20px 0;\n  }\n  #page .blog-shortcode.blog-masonry-shortcode-id-b978b9a8e042f8d400c94304aefa7db4.centered-layout-list .post-entry-content {\n    -ms-flex-order: 2;\n    order: 2;\n    padding-top: 0;\n  }\n  #page .blog-shortcode.blog-masonry-shortcode-id-b978b9a8e042f8d400c94304aefa7db4 .fancy-categories {\n    top: 10px;\n    left: 10px;\n    bottom: auto;\n    right: auto;\n  }\n  #page .blog-shortcode.blog-masonry-shortcode-id-b978b9a8e042f8d400c94304aefa7db4 .fancy-date a {\n    top: 10px;\n    right: 10px;\n    left: auto;\n    bottom: auto;\n  }\n  #page .blog-shortcode.blog-masonry-shortcode-id-b978b9a8e042f8d400c94304aefa7db4 .post-entry-content {\n    padding: 20px;\n  }\n  #page .blog-shortcode.blog-masonry-shortcode-id-b978b9a8e042f8d400c94304aefa7db4 .entry-title {\n    margin: 3px 0 5px;\n    font-size: 20px;\n    line-height: 26px;\n  }\n  #page .blog-shortcode.blog-masonry-shortcode-id-b978b9a8e042f8d400c94304aefa7db4 .entry-meta {\n    margin: 5px 0 5px;\n  }\n  #page .blog-shortcode.blog-masonry-shortcode-id-b978b9a8e042f8d400c94304aefa7db4 .entry-excerpt {\n    margin: 15px 0 0;\n  }\n  #page .blog-shortcode.blog-masonry-shortcode-id-b978b9a8e042f8d400c94304aefa7db4 .post-details {\n    margin: 5px 0 10px;\n  }\n  #page .blog-shortcode.blog-masonry-shortcode-id-b978b9a8e042f8d400c94304aefa7db4 .post-details.details-type-link {\n    margin-bottom: 2px;\n  }\n}\n.blog-shortcode.blog-masonry-shortcode-id-b978b9a8e042f8d400c94304aefa7db4:not(.resize-by-browser-width) .dt-css-grid {\n  grid-row-gap: 50px;\n  grid-column-gap: 50px;\n  grid-template-columns: repeat(auto-fill,minmax(,1fr));\n}\n.blog-shortcode.blog-masonry-shortcode-id-b978b9a8e042f8d400c94304aefa7db4:not(.resize-by-browser-width) .dt-css-grid .double-width {\n  grid-column: span 2;\n}\n.cssgridlegacy.no-cssgrid .blog-shortcode.blog-masonry-shortcode-id-b978b9a8e042f8d400c94304aefa7db4:not(.resize-by-browser-width) .dt-css-grid,\n.no-cssgridlegacy.no-cssgrid .blog-shortcode.blog-masonry-shortcode-id-b978b9a8e042f8d400c94304aefa7db4:not(.resize-by-browser-width) .dt-css-grid {\n  display: flex;\n  flex-flow: row wrap;\n  margin: -25px;\n}\n.cssgridlegacy.no-cssgrid .blog-shortcode.blog-masonry-shortcode-id-b978b9a8e042f8d400c94304aefa7db4:not(.resize-by-browser-width) .dt-css-grid .wf-cell,\n.no-cssgridlegacy.no-cssgrid .blog-shortcode.blog-masonry-shortcode-id-b978b9a8e042f8d400c94304aefa7db4:not(.resize-by-browser-width) .dt-css-grid .wf-cell {\n  flex: 1 0 ;\n  max-width: 100%;\n  padding: 25px;\n  box-sizing: border-box;\n}\n.blog-shortcode.blog-masonry-shortcode-id-b978b9a8e042f8d400c94304aefa7db4.resize-by-browser-width .dt-css-grid {\n  grid-template-columns: repeat(1,1fr);\n  grid-template-rows: auto;\n  grid-column-gap: 50px;\n  grid-row-gap: 50px;\n}\n.blog-shortcode.blog-masonry-shortcode-id-b978b9a8e042f8d400c94304aefa7db4.resize-by-browser-width .dt-css-grid .double-width {\n  grid-column: span 2;\n}\n.cssgridlegacy.no-cssgrid .blog-shortcode.blog-masonry-shortcode-id-b978b9a8e042f8d400c94304aefa7db4.resize-by-browser-width .dt-css-grid {\n  margin: -25px;\n}\n.cssgridlegacy.no-cssgrid .blog-shortcode.blog-masonry-shortcode-id-b978b9a8e042f8d400c94304aefa7db4.resize-by-browser-width .dt-css-grid .wf-cell {\n  width: 100%;\n  padding: 25px;\n}\n.cssgridlegacy.no-cssgrid .blog-shortcode.blog-masonry-shortcode-id-b978b9a8e042f8d400c94304aefa7db4.resize-by-browser-width .dt-css-grid .wf-cell.double-width {\n  width: calc(100%) * 2;\n}\n.blog-shortcode.blog-masonry-shortcode-id-b978b9a8e042f8d400c94304aefa7db4.resize-by-browser-width:not(.centered-layout-list):not(.content-bg-on) .dt-css-grid {\n  grid-row-gap: 30px;\n}\n@media screen and (max-width: 1199px) {\n  .blog-shortcode.blog-masonry-shortcode-id-b978b9a8e042f8d400c94304aefa7db4.resize-by-browser-width .dt-css-grid {\n    grid-template-columns: repeat(1,1fr);\n  }\n  .cssgridlegacy.no-cssgrid .blog-shortcode.blog-masonry-shortcode-id-b978b9a8e042f8d400c94304aefa7db4.resize-by-browser-width .dt-css-grid .wf-cell,\n  .no-cssgridlegacy.no-cssgrid .blog-shortcode.blog-masonry-shortcode-id-b978b9a8e042f8d400c94304aefa7db4.resize-by-browser-width .dt-css-grid .wf-cell {\n    width: 100%;\n  }\n  .cssgridlegacy.no-cssgrid .blog-shortcode.blog-masonry-shortcode-id-b978b9a8e042f8d400c94304aefa7db4.resize-by-browser-width .dt-css-grid .wf-cell.double-width,\n  .no-cssgridlegacy.no-cssgrid .blog-shortcode.blog-masonry-shortcode-id-b978b9a8e042f8d400c94304aefa7db4.resize-by-browser-width .dt-css-grid .wf-cell.double-width {\n    width: calc(100%)*2;\n  }\n}\n@media screen and (max-width: 991px) {\n  .blog-shortcode.blog-masonry-shortcode-id-b978b9a8e042f8d400c94304aefa7db4.resize-by-browser-width .dt-css-grid {\n    grid-template-columns: repeat(1,1fr);\n  }\n  .cssgridlegacy.no-cssgrid .blog-shortcode.blog-masonry-shortcode-id-b978b9a8e042f8d400c94304aefa7db4.resize-by-browser-width .dt-css-grid .wf-cell,\n  .no-cssgridlegacy.no-cssgrid .blog-shortcode.blog-masonry-shortcode-id-b978b9a8e042f8d400c94304aefa7db4.resize-by-browser-width .dt-css-grid .wf-cell {\n    width: 100%;\n  }\n  .cssgridlegacy.no-cssgrid .blog-shortcode.blog-masonry-shortcode-id-b978b9a8e042f8d400c94304aefa7db4.resize-by-browser-width .dt-css-grid .wf-cell.double-width,\n  .no-cssgridlegacy.no-cssgrid .blog-shortcode.blog-masonry-shortcode-id-b978b9a8e042f8d400c94304aefa7db4.resize-by-browser-width .dt-css-grid .wf-cell.double-width {\n    width: calc(100%)*2;\n  }\n}\n@media screen and (max-width: 767px) {\n  .blog-shortcode.blog-masonry-shortcode-id-b978b9a8e042f8d400c94304aefa7db4.resize-by-browser-width .dt-css-grid {\n    grid-template-columns: repeat(1,1fr);\n  }\n  .blog-shortcode.blog-masonry-shortcode-id-b978b9a8e042f8d400c94304aefa7db4.resize-by-browser-width .dt-css-grid .double-width {\n    grid-column: span 1;\n  }\n  .cssgridlegacy.no-cssgrid .blog-shortcode.blog-masonry-shortcode-id-b978b9a8e042f8d400c94304aefa7db4.resize-by-browser-width .dt-css-grid .wf-cell,\n  .no-cssgridlegacy.no-cssgrid .blog-shortcode.blog-masonry-shortcode-id-b978b9a8e042f8d400c94304aefa7db4.resize-by-browser-width .dt-css-grid .wf-cell {\n    width: 100%;\n  }\n  .cssgridlegacy.no-cssgrid .blog-shortcode.blog-masonry-shortcode-id-b978b9a8e042f8d400c94304aefa7db4.resize-by-browser-width .dt-css-grid .wf-cell.double-width,\n  .no-cssgridlegacy.no-cssgrid .blog-shortcode.blog-masonry-shortcode-id-b978b9a8e042f8d400c94304aefa7db4.resize-by-browser-width .dt-css-grid .wf-cell.double-width {\n    width: calc(100%)*2;\n  }\n}<\/style><div class=\"blog-shortcode blog-masonry-shortcode-id-b978b9a8e042f8d400c94304aefa7db4 mode-grid classic-layout-list content-bg-on jquery-filter vertical-fancy-style scale-img dt-css-grid-wrap dt-icon-bg-off resize-by-browser-width loading-effect-none description-under-image \" data-padding=\"25px\" data-cur-page=\"1\" data-post-limit=\"2\" data-pagination-mode=\"load-more\" aria-live=\"assertive\" data-desktop-columns-num=\"1\" data-v-tablet-columns-num=\"1\" data-h-tablet-columns-num=\"1\" data-phone-columns-num=\"1\" data-width=\"0px\" data-columns=\"0\"><div class=\"dt-css-grid\" ><div class=\"visible wf-cell\" data-post-id=\"94186\" data-date=\"2023-05-05T02:01:26+00:00\" data-name=\"\ud83c\udfb5 S.O.R.M release new song with guitarist Nick Petrino from Dee Snider\"><article class=\"post project-odd visible post-94186 type-post status-publish format-standard has-post-thumbnail hentry category-music category-news-en category-noble-demon-en tag-dee-snider-2 tag-heavy-rock-3 tag-heavy-rock-2 tag-i-die-for-my-rock-n-roll-2 tag-johan-ostman-2 tag-johan-ostman tag-metallica-2 tag-micke-holm-2 tag-nick-petrino-2 tag-noble-demon-en-2 tag-noble-demon-en tag-robin-wernebratt-2 tag-rock-en tag-s-o-r-m-en tag-sweden category-943 category-941 category-7078\" data-name=\"\ud83c\udfb5 S.O.R.M release new song with guitarist Nick Petrino from Dee Snider\" data-date=\"2023-05-05T02:01:26+00:00\">\n\n<div class=\"post-thumbnail-wrap\">\n\t<div class=\"post-thumbnail\">\n\t\t\n\t\t\n\t\t<a href=\"https:\/\/ucm.one\/en\/s-o-r-m-release-new-song-with-guitarist-nick-petrino-from-dee-snider\/\" class=\"post-thumbnail-rollover layzr-bg layzr-bg\" ><img decoding=\"async\" class=\"iso-lazy-load preload-me iso-lazy-load aspect\" src=\"data:image\/svg+xml,%3Csvg%20xmlns%3D&#39;http%3A%2F%2Fwww.w3.org%2F2000%2Fsvg&#39;%20viewBox%3D&#39;0%200%20990%20310&#39;%2F%3E\" data-src=\"https:\/\/ucm.one\/wp-content\/uploads\/2023\/05\/B-SORM-I-Die-For-My-Rock-N-Roll-990x310.jpg\" data-srcset=\"https:\/\/ucm.one\/wp-content\/uploads\/2023\/05\/B-SORM-I-Die-For-My-Rock-N-Roll-990x310.jpg 990w, https:\/\/ucm.one\/wp-content\/uploads\/2023\/05\/B-SORM-I-Die-For-My-Rock-N-Roll-1485x465.jpg 1485w\" loading=\"eager\" style=\"--ratio: 990 \/ 310\" sizes=\"(max-width: 990px) 100vw, 990px\" alt=\"\" title=\"B SORM &#8211; I Die For My Rock N Roll\" width=\"990\" height=\"310\"  \/><\/a>\t<\/div>\n<\/div>\n\n\n<div class=\"post-entry-content\">\n\n\t<h3 class=\"entry-title\">\n\t\t<a href=\"https:\/\/ucm.one\/en\/s-o-r-m-release-new-song-with-guitarist-nick-petrino-from-dee-snider\/\" title=\"\ud83c\udfb5 S.O.R.M release new song with guitarist Nick Petrino from Dee Snider\" rel=\"bookmark\">\ud83c\udfb5 S.O.R.M release new song with guitarist Nick Petrino from Dee Snider<\/a>\n\t<\/h3>\n\n\t<div class=\"entry-meta\"><span class=\"category-link\"><a href=\"https:\/\/ucm.one\/en\/category\/news-en\/music\/\" >Music<\/a>, <a href=\"https:\/\/ucm.one\/en\/category\/news-en\/\" >News<\/a>, <a href=\"https:\/\/ucm.one\/en\/category\/news-en\/music\/noble-demon-en\/\" >Noble Demon<\/a><\/span><a class=\"author vcard\" href=\"\" title=\"View all posts by Joachim Keil\" rel=\"author\">By <span class=\"fn\">Joachim Keil<\/span><\/a><a href=\"https:\/\/ucm.one\/en\/2023\/05\/05\/\" title=\"02:01\" class=\"data-link\" rel=\"bookmark\"><time class=\"entry-date updated\" datetime=\"2023-05-05T02:01:26+00:00\">5. May 2023<\/time><\/a><\/div>\n\t<div class=\"entry-excerpt\"><p>[vc_row][vc_column width=&#8221;3\/4&#8243;][vc_column_text] Swedish hard rockers S.O.R.M today release their brand new single &#8220;I Die For My Rock &#8216;n&#8217; Roll&#8220;, the first taste of the band&#8217;s eagerly awaited debut album, which will be released via Noble Demon in 2023. Featuring a high-profile guest contribution from none other than Nick Petrino, Dee Snider&#8216;s guitarist, the track offers&hellip;<\/p>\n<\/div>\n\t\n<a href=\"https:\/\/ucm.one\/en\/s-o-r-m-release-new-song-with-guitarist-nick-petrino-from-dee-snider\/\" class=\"post-details details-type-link\" aria-label=\"Read more about \ud83c\udfb5 S.O.R.M release new song with guitarist Nick Petrino from Dee Snider\">Read more<i class=\"dt-icon-the7-arrow-03\" aria-hidden=\"true\"><\/i><\/a>\n\n<\/div><\/article><\/div><\/div><!-- iso-container|iso-grid --><div class=\"paginator paginator-more-button\">\n\t\t\t\t<a class=\"button-load-more \" href=\"javascript:void(0);\" data-dt-page=\"1\" ><span class=\"stick\"><\/span><span class=\"stick\"><\/span><span class=\"stick\"><\/span><span class=\"button-caption\">Load more<\/span><\/a>\n\t\t\t<\/div><\/div>[\/vc_tta_section][\/vc_tta_accordion][vc_separator][vc_empty_space height=&#8221;80px&#8221;][\/vc_column][\/vc_row][vc_row el_id=&#8221;one-hundred-four&#8221;][vc_column width=&#8221;1\/4&#8243; offset=&#8221;vc_col-lg-offset-0 vc_col-md-offset-0 vc_col-sm-offset-0&#8243;][vc_column_text css=&#8221;.vc_custom_1707842997310{background-position: center !important;background-repeat: no-repeat !important;background-size: cover !important;}&#8221;]<img decoding=\"async\" class=\"alignnone wp-image-101637 size-full\" src=\"https:\/\/ucm.one\/wp-content\/uploads\/2024\/02\/P-One-Hundred-Four.jpg\" alt=\"\" width=\"699\" height=\"1000\" srcset=\"https:\/\/ucm.one\/wp-content\/uploads\/2024\/02\/P-One-Hundred-Four.jpg 699w, https:\/\/ucm.one\/wp-content\/uploads\/2024\/02\/P-One-Hundred-Four-210x300.jpg 210w, https:\/\/ucm.one\/wp-content\/uploads\/2024\/02\/P-One-Hundred-Four-300x429.jpg 300w, https:\/\/ucm.one\/wp-content\/uploads\/2024\/02\/P-One-Hundred-Four-600x858.jpg 600w\" sizes=\"(max-width: 699px) 100vw, 699px\" \/>[\/vc_column_text][\/vc_column][vc_column width=&#8221;3\/4&#8243;][vc_column_text]<\/p>\n<h2>One Hundred Four<\/h2>\n<h3><span style=\"font-family: arial, helvetica, sans-serif;\">by <\/span><span lang=\"EN-US\">Jonathan Sch\u00f6rnig<\/span><\/h3>\n<div class=\"wpb_text_column wpb_content_element \">\n<div class=\"wpb_wrapper\">\n<div class=\"wpb_text_column wpb_content_element \">\n<div class=\"wpb_wrapper\">\n<div class=\"wpb_text_column wpb_content_element vc_custom_1681339038108\">\n<div class=\"wpb_wrapper\">\n<p>How a sea rescue can take place is beyond imagination. The real-time documentary &#8220;One Hundred Four&#8221; brings this dramatic situation closer. The film shows how agonisingly long it takes to rescue 104 people from a sinking rubber dinghy. Person by person, step by step, the action is accompanied by several parallel cameras. The situation comes to a head when the Libyan coastguard appears. The rescued people and the crew wait for days on the high seas, as no Mediterranean country allows them to dock. Only after a terrible storm does the ship reach a European harbour.<\/p>\n<p>Every year, the world&#8217;s most dangerous escape route claims thousands of lives. In the first half of 2023 alone, almost 2,000 people died in the Mediterranean because the European Union&#8217;s border policy systematically violates existing rights. Instead of helping the shipwrecked, Frontex carries out illegal pushbacks, supports the violent actions of the Libyan coastguard and massively combats private sea rescue missions that intervene where the EU fails.<\/p>\n<\/div>\n<\/div>\n<\/div>\n<\/div>\n<\/div>\n<\/div>\n<div class=\"wpb_text_column wpb_content_element \">\n<div class=\"wpb_wrapper\">\n<h3><span style=\"font-family: arial, helvetica, sans-serif;\">Theatrical release: May 23, 2024<\/span><\/h3>\n<\/div>\n<\/div>\n<p>[\/vc_column_text][\/vc_column][\/vc_row][vc_row][vc_column width=&#8221;5\/6&#8243;][vc_column_text]NONFY Documentaries | 2023 | Documentary | Germany | Original title: \u201c<a title=\"One Hundred Four (2023) by Jonathan Sch\u00f6rnig | NONFY Documentaries\" href=\"https:\/\/ucm.one\/en\/one-hundred-four\/\">Einhundertvier<\/a>\u201c[\/vc_column_text][\/vc_column][vc_column width=&#8221;1\/6&#8243;][vc_btn title=&#8221;Press Material&#8221; size=&#8221;xs&#8221; align=&#8221;center&#8221; i_icon_fontawesome=&#8221;fas fa-download&#8221; button_block=&#8221;true&#8221; add_icon=&#8221;true&#8221; link=&#8221;url:https%3A%2F%2Fwww.ucm.one%2Fpresse%2Fnf_einhundertvier.zip|title:One%20Hundred%20Four|rel:nofollow&#8221;][\/vc_column][\/vc_row][vc_row][vc_column][vc_tta_accordion style=&#8221;modern&#8221; shape=&#8221;square&#8221; c_icon=&#8221;chevron&#8221; active_section=&#8221;33&#8243; no_fill=&#8221;true&#8221; collapsible_all=&#8221;true&#8221;][vc_tta_section title=&#8221;More information&#8221; tab_id=&#8221;1725126618890-bcea8218-b444&#8243;][vc_column_text]<\/p>\n<div class=\"wpb_text_column wpb_content_element \">\n<div class=\"wpb_wrapper\">\n<p id=\"u3084-2\"><strong>Original title: <\/strong>One Hundred Four<\/p>\n<p><strong>Director: <\/strong><span lang=\"EN-US\">Jonathan Sch\u00f6rnig<\/span><\/p>\n<p><strong>Cinematography: <\/strong><span lang=\"EN-US\">Jonathan Sch\u00f6rnig, Johannes Filous<\/span><\/p>\n<p><strong>Editing:<\/strong><em> no editing (real-time documentary)<\/em><\/p>\n<p><strong>Sound: <\/strong><em>Real-time audio<\/em><\/p>\n<div><b>Cast: <\/b>Crew of the rescue ship ELEONORE: Claus-Peter Reisch (captain), Martin Ernst (1st officer (RHIB driver), Thorsten Smikalla (2nd officer), Gerald Karl (3rd officer \/ deck manager), Clara Richter (cultural mediator \/ cook), Georg Albiez (ship\u2019s doctor), Kostis Plevris (RHIB communications)<\/div>\n<div><\/div>\n<p><strong>Producer: <\/strong><span lang=\"EN-US\">Uwe Nitschke<\/span><\/p>\n<p><strong>Co-Producer:<\/strong> <span lang=\"EN-US\">Adrian Then<\/span><\/p>\n<p><strong>Year of production: <\/strong>2023<\/p>\n<p><strong>Genre:<\/strong> Dokumentary<\/p>\n<p><strong>Country:<\/strong> Germany<\/p>\n<p><strong>Languages:<\/strong> English, Germany<\/p>\n<p><strong>Subtitles:<\/strong> German, English, French, Spanish, Portuguese, Russian, Arabic, Chinese<\/p>\n<p><strong>Length:<\/strong> 93 Min<\/p>\n<p><strong>Rating: <\/strong>FSK 12 <em>(requested)<\/em><\/p>\n<p><strong>Aspect ratio \/ resolution: <\/strong>1,85:1 (4K: 3996\u00d72160 \/ 2K:1998\u00d71080)<\/p>\n<p><strong>DCP \/ Projektions-mp4: <\/strong>DCI 4K\/2K-F Stereo (2.0) \/ 1080P LB185 (Letterboxed)<\/p>\n<\/div>\n<\/div>\n<div class=\"vc_separator wpb_content_element vc_separator_align_center vc_sep_width_100 vc_sep_pos_align_center vc_separator_no_text\"><\/div>\n<div class=\"wpb_text_column wpb_content_element \">\n<div class=\"wpb_wrapper\">\n<p><em>International title: <\/em><\/p>\n<p><strong>English:<\/strong> One Hundred Four<\/p>\n<\/div>\n<\/div>\n<div class=\"vc_separator wpb_content_element vc_separator_align_center vc_sep_width_100 vc_sep_pos_align_center vc_separator_no_text\"><\/div>\n<div class=\"wpb_text_column wpb_content_element \">\n<div class=\"wpb_wrapper\">\n<p><em>Awards:<\/em><\/p>\n<p><b>2023 DOK Leipzig:<\/b> Deutscher Wettbewerb Dokumentarfilm <em>\u201cGoldene Taube Langfilm\u201d<\/em> -&gt; Einhundertvier<\/p>\n<p><b>2023 DOK Leipzig:<\/b> <em>\u201cFilmpreis Leipziger Ring\u201d<\/em> -&gt; Einhundertvier<\/p>\n<p><b>2023 DOK Leipzig:<\/b> <em>\u201cDokumentarfilmpreis des Goethe-Instituts<\/em>\u201d -&gt; Einhundertvier<\/p>\n<p><b>2023 DOK Leipzig:<\/b> <em>\u201cver.di Preis f\u00fcr Solidarit\u00e4t, Menschlichkeit und Fairness\u201d<\/em> -&gt; Einhundertvier<\/p>\n<\/div>\n<\/div>\n<div class=\"vc_separator wpb_content_element vc_separator_align_center vc_sep_width_100 vc_sep_pos_align_center vc_separator_no_text\"><\/div>\n<div class=\"wpb_text_column wpb_content_element \">\n<div class=\"wpb_wrapper\">\n<p><strong>Film label:<\/strong> <strong>NONFY<\/strong> <strong>Documentaries<\/strong><\/p>\n<p><strong>Verleih:<\/strong> <strong>UCM.ONE<\/strong><\/p>\n<p><strong>Theatrical start Germany:<\/strong> May 23, 2024<\/p>\n<\/div>\n<\/div>\n<p>[\/vc_column_text][\/vc_tta_section][vc_tta_section title=&#8221;Trailer&#8221; tab_id=&#8221;1725126618993-04529029-b241&#8243;][vc_video link=&#8221;https:\/\/youtu.be\/MQ4EhZdZAIQ?si=tzpCIH5NEw77vFan&#8221;][\/vc_tta_section][vc_tta_section title=&#8221;News&#8221; tab_id=&#8221;1725126619111-15859a18-8c63&#8243;]<style type=\"text\/css\" data-type=\"the7_shortcodes-inline-css\">.blog-shortcode.blog-masonry-shortcode-id-f6e89c0b51b766fa11f958635cafb36c.content-bg-on.classic-layout-list article {\n  background: #e6e6e6;\n  box-shadow: none;\n}\n.blog-shortcode.blog-masonry-shortcode-id-f6e89c0b51b766fa11f958635cafb36c.dividers-on.classic-layout-list article {\n  padding-top: 0;\n}\n.blog-shortcode.blog-masonry-shortcode-id-f6e89c0b51b766fa11f958635cafb36c.dividers-on.classic-layout-list article:first-of-type {\n  margin-top: 0;\n  padding-top: 0;\n}\n.blog-shortcode.blog-masonry-shortcode-id-f6e89c0b51b766fa11f958635cafb36c.classic-layout-list.mode-list .post-entry-content {\n  width: calc(100% - );\n}\n.blog-shortcode.blog-masonry-shortcode-id-f6e89c0b51b766fa11f958635cafb36c.classic-layout-list.mode-list .no-img .post-entry-content {\n  width: 100%;\n}\n.blog-shortcode.blog-masonry-shortcode-id-f6e89c0b51b766fa11f958635cafb36c .filter-bg-decoration .filter-categories a.act {\n  color: #fff;\n}\n.blog-shortcode.blog-masonry-shortcode-id-f6e89c0b51b766fa11f958635cafb36c:not(.mode-masonry) article:first-of-type,\n.blog-shortcode.blog-masonry-shortcode-id-f6e89c0b51b766fa11f958635cafb36c:not(.mode-masonry) article.visible.first:not(.product) {\n  margin-top: 0;\n}\n.blog-shortcode.blog-masonry-shortcode-id-f6e89c0b51b766fa11f958635cafb36c.dividers-on:not(.mode-masonry) article {\n  margin-top: 0;\n}\n.blog-shortcode.blog-masonry-shortcode-id-f6e89c0b51b766fa11f958635cafb36c.dividers-on:not(.mode-masonry) article:first-of-type,\n.blog-shortcode.blog-masonry-shortcode-id-f6e89c0b51b766fa11f958635cafb36c.dividers-on:not(.mode-masonry) article.visible.first:not(.product) {\n  margin-top: 0;\n  padding-top: 0;\n}\n.blog-shortcode.blog-masonry-shortcode-id-f6e89c0b51b766fa11f958635cafb36c .post-thumbnail-wrap {\n  padding: 0px 0px 0px 0px;\n}\n.blog-shortcode.blog-masonry-shortcode-id-f6e89c0b51b766fa11f958635cafb36c.enable-bg-rollover .post-thumbnail-rollover:after {\n  background: -webkit-linear-gradient();\n  background: linear-gradient();\n}\n.blog-shortcode.blog-masonry-shortcode-id-f6e89c0b51b766fa11f958635cafb36c .gallery-zoom-ico {\n  width: 44px;\n  height: 44px;\n  line-height: 44px;\n  border-radius: 100px;\n  margin: -22px 0 0 -22px;\n  border-width: 0px;\n  color: #ffffff;\n}\n.bottom-overlap-layout-list.blog-shortcode.blog-masonry-shortcode-id-f6e89c0b51b766fa11f958635cafb36c .gallery-zoom-ico {\n  margin-top: -72px;\n}\n.gradient-overlay-layout-list.blog-shortcode.blog-masonry-shortcode-id-f6e89c0b51b766fa11f958635cafb36c .gallery-zoom-ico,\n.content-rollover-layout-list.blog-shortcode.blog-masonry-shortcode-id-f6e89c0b51b766fa11f958635cafb36c .gallery-zoom-ico {\n  margin: 0 0 10px;\n}\n.content-align-center.gradient-overlay-layout-list.blog-shortcode.blog-masonry-shortcode-id-f6e89c0b51b766fa11f958635cafb36c .gallery-zoom-ico,\n.content-align-center.content-rollover-layout-list.blog-shortcode.blog-masonry-shortcode-id-f6e89c0b51b766fa11f958635cafb36c .gallery-zoom-ico {\n  margin: 0 auto 10px;\n}\n.dt-icon-bg-on.blog-shortcode.blog-masonry-shortcode-id-f6e89c0b51b766fa11f958635cafb36c .gallery-zoom-ico {\n  background: rgba(255,255,255,0.3);\n  box-shadow: none;\n}\n.blog-shortcode.blog-masonry-shortcode-id-f6e89c0b51b766fa11f958635cafb36c .gallery-zoom-ico > span,\n.blog-shortcode.blog-masonry-shortcode-id-f6e89c0b51b766fa11f958635cafb36c .gallery-zoom-ico:before {\n  font-size: 32px;\n  line-height: 44px;\n}\n.blog-shortcode.blog-masonry-shortcode-id-f6e89c0b51b766fa11f958635cafb36c .gallery-zoom-ico > span,\n.blog-shortcode.blog-masonry-shortcode-id-f6e89c0b51b766fa11f958635cafb36c .gallery-zoom-ico:before {\n  color: #ffffff;\n}\n.blog-shortcode.blog-masonry-shortcode-id-f6e89c0b51b766fa11f958635cafb36c .entry-title,\n.blog-shortcode.blog-masonry-shortcode-id-f6e89c0b51b766fa11f958635cafb36c.owl-carousel .entry-title {\n  margin-bottom: 5px;\n  font-weight: bold;\n}\n.blog-shortcode.blog-masonry-shortcode-id-f6e89c0b51b766fa11f958635cafb36c .entry-meta {\n  margin-bottom: 15px;\n}\n.blog-shortcode.blog-masonry-shortcode-id-f6e89c0b51b766fa11f958635cafb36c .portfolio-categories {\n  margin-bottom: 15px;\n}\n.blog-shortcode.blog-masonry-shortcode-id-f6e89c0b51b766fa11f958635cafb36c .entry-excerpt {\n  margin-bottom: 5px;\n}\n.blog-shortcode.blog-masonry-shortcode-id-f6e89c0b51b766fa11f958635cafb36c:not(.centered-layout-list) .post-entry-content {\n  padding: 15px 20px 20px 20px;\n}\n.blog-shortcode.blog-masonry-shortcode-id-f6e89c0b51b766fa11f958635cafb36c:not(.centered-layout-list):not(.content-bg-on):not(.mode-list) .no-img .post-entry-content {\n  padding: 0;\n}\n.blog-shortcode.blog-masonry-shortcode-id-f6e89c0b51b766fa11f958635cafb36c.content-bg-on:not(.classic-layout-list):not(.centered-layout-list) .post-entry-content {\n  background: #e6e6e6;\n  box-shadow: none;\n}\n@media screen and (max-width: ) {\n  .blog-shortcode.blog-masonry-shortcode-id-f6e89c0b51b766fa11f958635cafb36c article {\n    -ms-flex-flow: column nowrap;\n    flex-flow: column nowrap;\n    margin-top: 20px;\n  }\n  .blog-shortcode.blog-masonry-shortcode-id-f6e89c0b51b766fa11f958635cafb36c.dividers-on article {\n    border: none;\n  }\n  .blog-shortcode.blog-masonry-shortcode-id-f6e89c0b51b766fa11f958635cafb36c.content-bg-on.centered-layout-list article {\n    padding: 0;\n  }\n  .blog-shortcode.blog-masonry-shortcode-id-f6e89c0b51b766fa11f958635cafb36c.blog-shortcode.dividers-on article,\n  .blog-shortcode.blog-masonry-shortcode-id-f6e89c0b51b766fa11f958635cafb36c.dividers-on.classic-layout-list article {\n    margin-top: 20px;\n    padding: 0;\n  }\n  .blog-shortcode.blog-masonry-shortcode-id-f6e89c0b51b766fa11f958635cafb36c.blog-shortcode.dividers-on article:first-of-type,\n  .blog-shortcode.blog-masonry-shortcode-id-f6e89c0b51b766fa11f958635cafb36c.dividers-on.classic-layout-list article:first-of-type {\n    padding: 0;\n  }\n  #page .blog-shortcode.blog-masonry-shortcode-id-f6e89c0b51b766fa11f958635cafb36c .post-thumbnail-wrap,\n  #page .blog-shortcode.blog-masonry-shortcode-id-f6e89c0b51b766fa11f958635cafb36c .post-entry-content {\n    width: 100%;\n    margin: 0;\n    top: 0;\n  }\n  #page .blog-shortcode.blog-masonry-shortcode-id-f6e89c0b51b766fa11f958635cafb36c .post-thumbnail-wrap {\n    padding: 0;\n  }\n  #page .blog-shortcode.blog-masonry-shortcode-id-f6e89c0b51b766fa11f958635cafb36c .post-entry-content:after {\n    display: none;\n  }\n  #page .blog-shortcode.blog-masonry-shortcode-id-f6e89c0b51b766fa11f958635cafb36c .project-even .post-thumbnail-wrap,\n  #page .blog-shortcode.blog-masonry-shortcode-id-f6e89c0b51b766fa11f958635cafb36c.centered-layout-list .post-thumbnail-wrap {\n    -ms-flex-order: 0;\n    order: 0;\n  }\n  #page .blog-shortcode.blog-masonry-shortcode-id-f6e89c0b51b766fa11f958635cafb36c.centered-layout-list .post-entry-title-content {\n    -ms-flex-order: 1;\n    order: 1;\n    width: 100%;\n    padding: 20px 20px 0;\n  }\n  #page .blog-shortcode.blog-masonry-shortcode-id-f6e89c0b51b766fa11f958635cafb36c.centered-layout-list .post-entry-content {\n    -ms-flex-order: 2;\n    order: 2;\n    padding-top: 0;\n  }\n  #page .blog-shortcode.blog-masonry-shortcode-id-f6e89c0b51b766fa11f958635cafb36c .fancy-categories {\n    top: 10px;\n    left: 10px;\n    bottom: auto;\n    right: auto;\n  }\n  #page .blog-shortcode.blog-masonry-shortcode-id-f6e89c0b51b766fa11f958635cafb36c .fancy-date a {\n    top: 10px;\n    right: 10px;\n    left: auto;\n    bottom: auto;\n  }\n  #page .blog-shortcode.blog-masonry-shortcode-id-f6e89c0b51b766fa11f958635cafb36c .post-entry-content {\n    padding: 20px;\n  }\n  #page .blog-shortcode.blog-masonry-shortcode-id-f6e89c0b51b766fa11f958635cafb36c .entry-title {\n    margin: 3px 0 5px;\n    font-size: 20px;\n    line-height: 26px;\n  }\n  #page .blog-shortcode.blog-masonry-shortcode-id-f6e89c0b51b766fa11f958635cafb36c .entry-meta {\n    margin: 5px 0 5px;\n  }\n  #page .blog-shortcode.blog-masonry-shortcode-id-f6e89c0b51b766fa11f958635cafb36c .entry-excerpt {\n    margin: 15px 0 0;\n  }\n  #page .blog-shortcode.blog-masonry-shortcode-id-f6e89c0b51b766fa11f958635cafb36c .post-details {\n    margin: 5px 0 10px;\n  }\n  #page .blog-shortcode.blog-masonry-shortcode-id-f6e89c0b51b766fa11f958635cafb36c .post-details.details-type-link {\n    margin-bottom: 2px;\n  }\n}\n.blog-shortcode.blog-masonry-shortcode-id-f6e89c0b51b766fa11f958635cafb36c:not(.resize-by-browser-width) .dt-css-grid {\n  grid-row-gap: 50px;\n  grid-column-gap: 50px;\n  grid-template-columns: repeat(auto-fill,minmax(,1fr));\n}\n.blog-shortcode.blog-masonry-shortcode-id-f6e89c0b51b766fa11f958635cafb36c:not(.resize-by-browser-width) .dt-css-grid .double-width {\n  grid-column: span 2;\n}\n.cssgridlegacy.no-cssgrid .blog-shortcode.blog-masonry-shortcode-id-f6e89c0b51b766fa11f958635cafb36c:not(.resize-by-browser-width) .dt-css-grid,\n.no-cssgridlegacy.no-cssgrid .blog-shortcode.blog-masonry-shortcode-id-f6e89c0b51b766fa11f958635cafb36c:not(.resize-by-browser-width) .dt-css-grid {\n  display: flex;\n  flex-flow: row wrap;\n  margin: -25px;\n}\n.cssgridlegacy.no-cssgrid .blog-shortcode.blog-masonry-shortcode-id-f6e89c0b51b766fa11f958635cafb36c:not(.resize-by-browser-width) .dt-css-grid .wf-cell,\n.no-cssgridlegacy.no-cssgrid .blog-shortcode.blog-masonry-shortcode-id-f6e89c0b51b766fa11f958635cafb36c:not(.resize-by-browser-width) .dt-css-grid .wf-cell {\n  flex: 1 0 ;\n  max-width: 100%;\n  padding: 25px;\n  box-sizing: border-box;\n}\n.blog-shortcode.blog-masonry-shortcode-id-f6e89c0b51b766fa11f958635cafb36c.resize-by-browser-width .dt-css-grid {\n  grid-template-columns: repeat(1,1fr);\n  grid-template-rows: auto;\n  grid-column-gap: 50px;\n  grid-row-gap: 50px;\n}\n.blog-shortcode.blog-masonry-shortcode-id-f6e89c0b51b766fa11f958635cafb36c.resize-by-browser-width .dt-css-grid .double-width {\n  grid-column: span 2;\n}\n.cssgridlegacy.no-cssgrid .blog-shortcode.blog-masonry-shortcode-id-f6e89c0b51b766fa11f958635cafb36c.resize-by-browser-width .dt-css-grid {\n  margin: -25px;\n}\n.cssgridlegacy.no-cssgrid .blog-shortcode.blog-masonry-shortcode-id-f6e89c0b51b766fa11f958635cafb36c.resize-by-browser-width .dt-css-grid .wf-cell {\n  width: 100%;\n  padding: 25px;\n}\n.cssgridlegacy.no-cssgrid .blog-shortcode.blog-masonry-shortcode-id-f6e89c0b51b766fa11f958635cafb36c.resize-by-browser-width .dt-css-grid .wf-cell.double-width {\n  width: calc(100%) * 2;\n}\n.blog-shortcode.blog-masonry-shortcode-id-f6e89c0b51b766fa11f958635cafb36c.resize-by-browser-width:not(.centered-layout-list):not(.content-bg-on) .dt-css-grid {\n  grid-row-gap: 30px;\n}\n@media screen and (max-width: 1199px) {\n  .blog-shortcode.blog-masonry-shortcode-id-f6e89c0b51b766fa11f958635cafb36c.resize-by-browser-width .dt-css-grid {\n    grid-template-columns: repeat(1,1fr);\n  }\n  .cssgridlegacy.no-cssgrid .blog-shortcode.blog-masonry-shortcode-id-f6e89c0b51b766fa11f958635cafb36c.resize-by-browser-width .dt-css-grid .wf-cell,\n  .no-cssgridlegacy.no-cssgrid .blog-shortcode.blog-masonry-shortcode-id-f6e89c0b51b766fa11f958635cafb36c.resize-by-browser-width .dt-css-grid .wf-cell {\n    width: 100%;\n  }\n  .cssgridlegacy.no-cssgrid .blog-shortcode.blog-masonry-shortcode-id-f6e89c0b51b766fa11f958635cafb36c.resize-by-browser-width .dt-css-grid .wf-cell.double-width,\n  .no-cssgridlegacy.no-cssgrid .blog-shortcode.blog-masonry-shortcode-id-f6e89c0b51b766fa11f958635cafb36c.resize-by-browser-width .dt-css-grid .wf-cell.double-width {\n    width: calc(100%)*2;\n  }\n}\n@media screen and (max-width: 991px) {\n  .blog-shortcode.blog-masonry-shortcode-id-f6e89c0b51b766fa11f958635cafb36c.resize-by-browser-width .dt-css-grid {\n    grid-template-columns: repeat(1,1fr);\n  }\n  .cssgridlegacy.no-cssgrid .blog-shortcode.blog-masonry-shortcode-id-f6e89c0b51b766fa11f958635cafb36c.resize-by-browser-width .dt-css-grid .wf-cell,\n  .no-cssgridlegacy.no-cssgrid .blog-shortcode.blog-masonry-shortcode-id-f6e89c0b51b766fa11f958635cafb36c.resize-by-browser-width .dt-css-grid .wf-cell {\n    width: 100%;\n  }\n  .cssgridlegacy.no-cssgrid .blog-shortcode.blog-masonry-shortcode-id-f6e89c0b51b766fa11f958635cafb36c.resize-by-browser-width .dt-css-grid .wf-cell.double-width,\n  .no-cssgridlegacy.no-cssgrid .blog-shortcode.blog-masonry-shortcode-id-f6e89c0b51b766fa11f958635cafb36c.resize-by-browser-width .dt-css-grid .wf-cell.double-width {\n    width: calc(100%)*2;\n  }\n}\n@media screen and (max-width: 767px) {\n  .blog-shortcode.blog-masonry-shortcode-id-f6e89c0b51b766fa11f958635cafb36c.resize-by-browser-width .dt-css-grid {\n    grid-template-columns: repeat(1,1fr);\n  }\n  .blog-shortcode.blog-masonry-shortcode-id-f6e89c0b51b766fa11f958635cafb36c.resize-by-browser-width .dt-css-grid .double-width {\n    grid-column: span 1;\n  }\n  .cssgridlegacy.no-cssgrid .blog-shortcode.blog-masonry-shortcode-id-f6e89c0b51b766fa11f958635cafb36c.resize-by-browser-width .dt-css-grid .wf-cell,\n  .no-cssgridlegacy.no-cssgrid .blog-shortcode.blog-masonry-shortcode-id-f6e89c0b51b766fa11f958635cafb36c.resize-by-browser-width .dt-css-grid .wf-cell {\n    width: 100%;\n  }\n  .cssgridlegacy.no-cssgrid .blog-shortcode.blog-masonry-shortcode-id-f6e89c0b51b766fa11f958635cafb36c.resize-by-browser-width .dt-css-grid .wf-cell.double-width,\n  .no-cssgridlegacy.no-cssgrid .blog-shortcode.blog-masonry-shortcode-id-f6e89c0b51b766fa11f958635cafb36c.resize-by-browser-width .dt-css-grid .wf-cell.double-width {\n    width: calc(100%)*2;\n  }\n}<\/style><div class=\"blog-shortcode blog-masonry-shortcode-id-f6e89c0b51b766fa11f958635cafb36c mode-grid classic-layout-list content-bg-on jquery-filter vertical-fancy-style scale-img dt-css-grid-wrap dt-icon-bg-off resize-by-browser-width loading-effect-none description-under-image \" data-padding=\"25px\" data-cur-page=\"1\" data-post-limit=\"2\" data-pagination-mode=\"load-more\" aria-live=\"assertive\" data-desktop-columns-num=\"1\" data-v-tablet-columns-num=\"1\" data-h-tablet-columns-num=\"1\" data-phone-columns-num=\"1\" data-width=\"0px\" data-columns=\"0\"><div class=\"dt-css-grid\" ><div class=\"visible wf-cell\" data-post-id=\"211486\" data-date=\"2025-03-06T18:24:59+00:00\" data-name=\"\ud83c\udfac \u2018One Hundred Four\u2019 by Jonathan Sch\u00f6rnig wins the 2025 Grimme Award in the category \u201cInformation &amp; Culture\u201d\"><article class=\"post project-odd visible post-211486 type-post status-publish format-standard has-post-thumbnail hentry category-cinema category-documentaries category-film-en category-news-en category-nonfy-documentaries-en category-world-sales tag-adrian-then-2 tag-castaway tag-documentary tag-dokumentarfilm-2 tag-dokumentarfilm-en tag-einhundertvier-2 tag-eleonore-2 tag-european-union tag-frontex-2 tag-grimme-preis-en tag-jonathan-schornig tag-mediterranean-sea tag-nonfy-documentaries-en tag-one-hundred-four-2 tag-oscars-2 tag-sea-rescue tag-shortlist-2 category-1011 category-6286 category-942 category-941 category-4627 category-7530\" data-name=\"\ud83c\udfac \u2018One Hundred Four\u2019 by Jonathan Sch\u00f6rnig wins the 2025 Grimme Award in the category \u201cInformation &#038; Culture\u201d\" data-date=\"2025-03-06T18:24:59+00:00\">\n\n<div class=\"post-thumbnail-wrap\">\n\t<div class=\"post-thumbnail\">\n\t\t\n\t\t\n\t\t<a href=\"https:\/\/ucm.one\/en\/one-hundred-four-by-jonathan-schoernig-wins-the-2025-grimme-award-in-the-category-information-culture\/\" class=\"post-thumbnail-rollover layzr-bg layzr-bg\" ><img decoding=\"async\" class=\"iso-lazy-load preload-me iso-lazy-load aspect\" src=\"data:image\/svg+xml,%3Csvg%20xmlns%3D&#39;http%3A%2F%2Fwww.w3.org%2F2000%2Fsvg&#39;%20viewBox%3D&#39;0%200%20990%20309&#39;%2F%3E\" data-src=\"https:\/\/ucm.one\/wp-content\/uploads\/2025\/03\/B-Onehundredfour-Grimme-Preis-2025-990x309.jpg\" data-srcset=\"https:\/\/ucm.one\/wp-content\/uploads\/2025\/03\/B-Onehundredfour-Grimme-Preis-2025-990x309.jpg 990w, https:\/\/ucm.one\/wp-content\/uploads\/2025\/03\/B-Onehundredfour-Grimme-Preis-2025-1485x464.jpg 1485w\" loading=\"eager\" style=\"--ratio: 990 \/ 309\" sizes=\"(max-width: 990px) 100vw, 990px\" alt=\"\" title=\"B Onehundredfour Grimme Preis 2025\" width=\"990\" height=\"309\"  \/><\/a>\t<\/div>\n<\/div>\n\n\n<div class=\"post-entry-content\">\n\n\t<h3 class=\"entry-title\">\n\t\t<a href=\"https:\/\/ucm.one\/en\/one-hundred-four-by-jonathan-schoernig-wins-the-2025-grimme-award-in-the-category-information-culture\/\" title=\"\ud83c\udfac \u2018One Hundred Four\u2019 by Jonathan Sch\u00f6rnig wins the 2025 Grimme Award in the category \u201cInformation &#038; Culture\u201d\" rel=\"bookmark\">\ud83c\udfac \u2018One Hundred Four\u2019 by Jonathan Sch\u00f6rnig wins the 2025 Grimme Award in the category \u201cInformation &#038; Culture\u201d<\/a>\n\t<\/h3>\n\n\t<div class=\"entry-meta\"><span class=\"category-link\"><a href=\"https:\/\/ucm.one\/en\/category\/news-en\/cinema\/\" >Cinema<\/a>, <a href=\"https:\/\/ucm.one\/en\/category\/news-en\/documentaries\/\" >Documentaries<\/a>, <a href=\"https:\/\/ucm.one\/en\/category\/news-en\/film-en\/\" >Film<\/a>, <a href=\"https:\/\/ucm.one\/en\/category\/news-en\/\" >News<\/a>, <a href=\"https:\/\/ucm.one\/en\/category\/news-en\/film-en\/nonfy-documentaries-en\/\" >NONFY Documentaries<\/a>, <a href=\"https:\/\/ucm.one\/en\/category\/news-en\/movie-distribution\/world-sales\/\" >World Sales<\/a><\/span><a class=\"author vcard\" href=\"\" title=\"View all posts by Joachim Keil\" rel=\"author\">By <span class=\"fn\">Joachim Keil<\/span><\/a><a href=\"https:\/\/ucm.one\/en\/2025\/03\/06\/\" title=\"18:24\" class=\"data-link\" rel=\"bookmark\"><time class=\"entry-date updated\" datetime=\"2025-03-06T18:24:59+00:00\">6. March 2025<\/time><\/a><\/div>\n\t<div class=\"entry-excerpt\"><p>[vc_row][vc_column][vc_row_inner][vc_column_inner][vc_column_text css=&#8221;&#8221;]The real-time documentary \u2018One Hundred Four\u2019 (German Original title: &#8220;Einhundertvier&#8220;) by Jonathan Sch\u00f6rnig, which was released on the NONFY Documentaries label, has been awarded this year&#8217;s Grimme Prize in the category \u2018Information &amp; Culture\u2019. The jury praised the film for its powerful examination of socially relevant topics and its convincing narrative design.[\/vc_column_text][\/vc_column_inner][\/vc_row_inner][\/vc_column][\/vc_row][vc_row][vc_column width=&#8221;3\/4&#8243;][vc_column_text css=&#8221;&#8221;]&hellip;<\/p>\n<\/div>\n\t\n<a href=\"https:\/\/ucm.one\/en\/one-hundred-four-by-jonathan-schoernig-wins-the-2025-grimme-award-in-the-category-information-culture\/\" class=\"post-details details-type-link\" aria-label=\"Read more about \ud83c\udfac \u2018One Hundred Four\u2019 by Jonathan Sch\u00f6rnig wins the 2025 Grimme Award in the category \u201cInformation &#038; Culture\u201d\">Read more<i class=\"dt-icon-the7-arrow-03\" aria-hidden=\"true\"><\/i><\/a>\n\n<\/div><\/article><\/div><div class=\"visible wf-cell\" data-post-id=\"104561\" data-date=\"2024-05-23T13:32:03+00:00\" data-name=\"\ud83c\udfac Documentary film \u201cOne Hundred Four\u201d (NONFY Documentaries) opens in German cinemas\"><article class=\"post project-odd visible post-104561 type-post status-publish format-standard has-post-thumbnail hentry category-cinema category-documentaries category-film-en category-news-en category-nonfy-documentaries-en category-world-sales tag-adrian-then-2 tag-castaway tag-dok-fest-muenchen-2 tag-dokumentarfilm-2 tag-einhundertvier-2 tag-eleonore-2 tag-eu-2 tag-european-union tag-fish-festival-2 tag-frontex-2 tag-jonathan-schornig tag-mediterranean-sea tag-muenchen-en tag-nonfy-documentaries-en tag-one-hundred-four-2 tag-rostock-2 tag-sea-rescue tag-uwe-nitschke-2 category-1011 category-6286 category-942 category-941 category-4627 category-7530\" data-name=\"\ud83c\udfac Documentary film \u201cOne Hundred Four\u201d (NONFY Documentaries) opens in German cinemas\" data-date=\"2024-05-23T13:32:03+00:00\">\n\n<div class=\"post-thumbnail-wrap\">\n\t<div class=\"post-thumbnail\">\n\t\t\n\t\t\n\t\t<a href=\"https:\/\/ucm.one\/en\/documentary-film-one-hundred-four-nonfy-documentaries-opens-in-german-cinemas\/\" class=\"post-thumbnail-rollover layzr-bg layzr-bg\" ><img decoding=\"async\" class=\"iso-lazy-load preload-me iso-lazy-load aspect\" src=\"data:image\/svg+xml,%3Csvg%20xmlns%3D&#39;http%3A%2F%2Fwww.w3.org%2F2000%2Fsvg&#39;%20viewBox%3D&#39;0%200%20990%20309&#39;%2F%3E\" data-src=\"https:\/\/ucm.one\/wp-content\/uploads\/2024\/05\/OneHundredFour-in-cinemas-1920x600-1-990x309.jpeg\" data-srcset=\"https:\/\/ucm.one\/wp-content\/uploads\/2024\/05\/OneHundredFour-in-cinemas-1920x600-1-990x309.jpeg 990w, https:\/\/ucm.one\/wp-content\/uploads\/2024\/05\/OneHundredFour-in-cinemas-1920x600-1-1485x464.jpeg 1485w\" loading=\"eager\" style=\"--ratio: 990 \/ 309\" sizes=\"(max-width: 990px) 100vw, 990px\" alt=\"\" title=\"OneHundredFour in cinemas 1920&#215;600\" width=\"990\" height=\"309\"  \/><\/a>\t<\/div>\n<\/div>\n\n\n<div class=\"post-entry-content\">\n\n\t<h3 class=\"entry-title\">\n\t\t<a href=\"https:\/\/ucm.one\/en\/documentary-film-one-hundred-four-nonfy-documentaries-opens-in-german-cinemas\/\" title=\"\ud83c\udfac Documentary film \u201cOne Hundred Four\u201d (NONFY Documentaries) opens in German cinemas\" rel=\"bookmark\">\ud83c\udfac Documentary film \u201cOne Hundred Four\u201d (NONFY Documentaries) opens in German cinemas<\/a>\n\t<\/h3>\n\n\t<div class=\"entry-meta\"><span class=\"category-link\"><a href=\"https:\/\/ucm.one\/en\/category\/news-en\/cinema\/\" >Cinema<\/a>, <a href=\"https:\/\/ucm.one\/en\/category\/news-en\/documentaries\/\" >Documentaries<\/a>, <a href=\"https:\/\/ucm.one\/en\/category\/news-en\/film-en\/\" >Film<\/a>, <a href=\"https:\/\/ucm.one\/en\/category\/news-en\/\" >News<\/a>, <a href=\"https:\/\/ucm.one\/en\/category\/news-en\/film-en\/nonfy-documentaries-en\/\" >NONFY Documentaries<\/a>, <a href=\"https:\/\/ucm.one\/en\/category\/news-en\/movie-distribution\/world-sales\/\" >World Sales<\/a><\/span><a class=\"author vcard\" href=\"\" title=\"View all posts by Joachim Keil\" rel=\"author\">By <span class=\"fn\">Joachim Keil<\/span><\/a><a href=\"https:\/\/ucm.one\/en\/2024\/05\/23\/\" title=\"13:32\" class=\"data-link\" rel=\"bookmark\"><time class=\"entry-date updated\" datetime=\"2024-05-23T13:32:03+00:00\">23. May 2024<\/time><\/a><\/div>\n\t<div class=\"entry-excerpt\"><p>[vc_row][vc_column][vc_row_inner][vc_column_inner][vc_column_text css=&#8221;&#8221;]Jonathan Sch\u00f6rnig&#8217;s Oscar 2025-qualifying documentary \u201cOne Hundred Four\u201d (German title: &#8220;Einhundertvier&#8220;) opens today in German cinemas nationwide on the NONFY Documentaries film label. The film team will be guests at the Wolf Kino in Berlin this evening to present the film on its theatrical release. An extensive cinema tour will follow in the coming&hellip;<\/p>\n<\/div>\n\t\n<a href=\"https:\/\/ucm.one\/en\/documentary-film-one-hundred-four-nonfy-documentaries-opens-in-german-cinemas\/\" class=\"post-details details-type-link\" aria-label=\"Read more about \ud83c\udfac Documentary film \u201cOne Hundred Four\u201d (NONFY Documentaries) opens in German cinemas\">Read more<i class=\"dt-icon-the7-arrow-03\" aria-hidden=\"true\"><\/i><\/a>\n\n<\/div><\/article><\/div><div class=\"hidden wf-cell\" data-post-id=\"103823\" data-date=\"2024-04-25T12:53:48+00:00\" data-name=\"\u201cOne Hundred Four\u201d (NONFY Documentaries) wins at the international \u201cIt&#039;s all true\u201d film festival in Brazil\"><article class=\"post project-odd visible post-103823 type-post status-publish format-standard has-post-thumbnail hentry category-cinema category-documentaries category-film-en category-news-en category-nonfy-documentaries-en category-world-sales tag-adrian-then-2 tag-brazil tag-castaway tag-documentary-film tag-dokumentarfilm-en tag-einhundertvier-2 tag-eleonore-2 tag-eu-2 tag-european-union tag-festival-en tag-frontex-2 tag-its-all-true-2 tag-jonathan-schornig tag-mediterranean tag-mediterranean-sea tag-nonfy-documentaries-en tag-one-hundred-four-2 tag-rio-de-janeiro-2 tag-sao-paulo-2 tag-sea-rescue tag-shipwrecked-people tag-south-america tag-uwe-nitschke-2 category-1011 category-6286 category-942 category-941 category-4627 category-7530\" data-name=\"\u201cOne Hundred Four\u201d (NONFY Documentaries) wins at the international \u201cIt&#8217;s all true\u201d film festival in Brazil\" data-date=\"2024-04-25T12:53:48+00:00\">\n\n<div class=\"post-thumbnail-wrap\">\n\t<div class=\"post-thumbnail\">\n\t\t\n\t\t\n\t\t<a href=\"https:\/\/ucm.one\/en\/one-hundred-four-nonfy-documentaries-wins-at-the-international-its-all-true-film-festival-in-brazil\/\" class=\"post-thumbnail-rollover layzr-bg layzr-bg\" ><img decoding=\"async\" class=\"iso-lazy-load preload-me iso-lazy-load aspect\" src=\"data:image\/svg+xml,%3Csvg%20xmlns%3D&#39;http%3A%2F%2Fwww.w3.org%2F2000%2Fsvg&#39;%20viewBox%3D&#39;0%200%20990%20309&#39;%2F%3E\" data-src=\"https:\/\/ucm.one\/wp-content\/uploads\/2024\/04\/B-Einhundertvier-Brasilien-990x309.jpeg\" data-srcset=\"https:\/\/ucm.one\/wp-content\/uploads\/2024\/04\/B-Einhundertvier-Brasilien-990x309.jpeg 990w, https:\/\/ucm.one\/wp-content\/uploads\/2024\/04\/B-Einhundertvier-Brasilien-1485x464.jpeg 1485w\" loading=\"eager\" style=\"--ratio: 990 \/ 309\" sizes=\"(max-width: 990px) 100vw, 990px\" alt=\"\" title=\"B Einhundertvier Brasilien\" width=\"990\" height=\"309\"  \/><\/a>\t<\/div>\n<\/div>\n\n\n<div class=\"post-entry-content\">\n\n\t<h3 class=\"entry-title\">\n\t\t<a href=\"https:\/\/ucm.one\/en\/one-hundred-four-nonfy-documentaries-wins-at-the-international-its-all-true-film-festival-in-brazil\/\" title=\"\u201cOne Hundred Four\u201d (NONFY Documentaries) wins at the international \u201cIt&#8217;s all true\u201d film festival in Brazil\" rel=\"bookmark\">\u201cOne Hundred Four\u201d (NONFY Documentaries) wins at the international \u201cIt&#8217;s all true\u201d film festival in Brazil<\/a>\n\t<\/h3>\n\n\t<div class=\"entry-meta\"><span class=\"category-link\"><a href=\"https:\/\/ucm.one\/en\/category\/news-en\/cinema\/\" >Cinema<\/a>, <a href=\"https:\/\/ucm.one\/en\/category\/news-en\/documentaries\/\" >Documentaries<\/a>, <a href=\"https:\/\/ucm.one\/en\/category\/news-en\/film-en\/\" >Film<\/a>, <a href=\"https:\/\/ucm.one\/en\/category\/news-en\/\" >News<\/a>, <a href=\"https:\/\/ucm.one\/en\/category\/news-en\/film-en\/nonfy-documentaries-en\/\" >NONFY Documentaries<\/a>, <a href=\"https:\/\/ucm.one\/en\/category\/news-en\/movie-distribution\/world-sales\/\" >World Sales<\/a><\/span><a class=\"author vcard\" href=\"\" title=\"View all posts by Joachim Keil\" rel=\"author\">By <span class=\"fn\">Joachim Keil<\/span><\/a><a href=\"https:\/\/ucm.one\/en\/2024\/04\/25\/\" title=\"12:53\" class=\"data-link\" rel=\"bookmark\"><time class=\"entry-date updated\" datetime=\"2024-04-25T12:53:48+00:00\">25. April 2024<\/time><\/a><\/div>\n\t<div class=\"entry-excerpt\"><p>[vc_row][vc_column][vc_row_inner][vc_column_inner][vc_column_text]The documentary sea rescue drama \u201cOne Hundred Four\u201d (NONFY Documentaries) by Jonathan Sch\u00f6ning has won the main prize at the \u201cIt&#8217;s all true\u201d film festival 2024, the leading documentary film festival in South America. The festival took place in Rio de Janeiro and S\u00e3o Paulo, where the film was named best feature film at the&hellip;<\/p>\n<\/div>\n\t\n<a href=\"https:\/\/ucm.one\/en\/one-hundred-four-nonfy-documentaries-wins-at-the-international-its-all-true-film-festival-in-brazil\/\" class=\"post-details details-type-link\" aria-label=\"Read more about \u201cOne Hundred Four\u201d (NONFY Documentaries) wins at the international \u201cIt&#8217;s all true\u201d film festival in Brazil\">Read more<i class=\"dt-icon-the7-arrow-03\" aria-hidden=\"true\"><\/i><\/a>\n\n<\/div><\/article><\/div><div class=\"hidden wf-cell\" data-post-id=\"103797\" data-date=\"2024-04-23T16:11:08+00:00\" data-name=\"\ud83c\udfac Documentary film \u201cOne hundred four\u201d (NONFY Documentaries) at festivals in Munich and Rostock\"><article class=\"post project-odd visible post-103797 type-post status-publish format-standard has-post-thumbnail hentry category-cinema category-documentaries category-film-en category-news-en category-nonfy-documentaries-en category-world-sales tag-adrian-then-2 tag-castaway tag-documentary-film tag-dok-fest-muenchen-2 tag-dokumentarfilm-2 tag-einhundertvier-2 tag-eleonore-2 tag-eu-2 tag-european-union tag-fish-festival-2 tag-frontex-2 tag-jonathan-schornig tag-mediterranean tag-mediterranean-sea tag-muenchen-en tag-nonfy-documentaries-en tag-one-hundred-four-2 tag-rostock-2 tag-sea-rescue tag-shipwrecked-people tag-uwe-nitschke-2 category-1011 category-6286 category-942 category-941 category-4627 category-7530\" data-name=\"\ud83c\udfac Documentary film \u201cOne hundred four\u201d (NONFY Documentaries) at festivals in Munich and Rostock\" data-date=\"2024-04-23T16:11:08+00:00\">\n\n<div class=\"post-thumbnail-wrap\">\n\t<div class=\"post-thumbnail\">\n\t\t\n\t\t\n\t\t<a href=\"https:\/\/ucm.one\/en\/documentary-film-one-hundred-four-nonfy-documentaries-at-festivals-in-munich-and-rostock\/\" class=\"post-thumbnail-rollover layzr-bg layzr-bg\" ><img decoding=\"async\" class=\"iso-lazy-load preload-me iso-lazy-load aspect\" src=\"data:image\/svg+xml,%3Csvg%20xmlns%3D&#39;http%3A%2F%2Fwww.w3.org%2F2000%2Fsvg&#39;%20viewBox%3D&#39;0%200%20990%20309&#39;%2F%3E\" data-src=\"https:\/\/ucm.one\/wp-content\/uploads\/2024\/04\/B-OneHundredFour-News-Festivals-990x309.jpeg\" data-srcset=\"https:\/\/ucm.one\/wp-content\/uploads\/2024\/04\/B-OneHundredFour-News-Festivals-990x309.jpeg 990w, https:\/\/ucm.one\/wp-content\/uploads\/2024\/04\/B-OneHundredFour-News-Festivals-1485x464.jpeg 1485w\" loading=\"eager\" style=\"--ratio: 990 \/ 309\" sizes=\"(max-width: 990px) 100vw, 990px\" alt=\"\" title=\"B OneHundredFour News Festivals\" width=\"990\" height=\"309\"  \/><\/a>\t<\/div>\n<\/div>\n\n\n<div class=\"post-entry-content\">\n\n\t<h3 class=\"entry-title\">\n\t\t<a href=\"https:\/\/ucm.one\/en\/documentary-film-one-hundred-four-nonfy-documentaries-at-festivals-in-munich-and-rostock\/\" title=\"\ud83c\udfac Documentary film \u201cOne hundred four\u201d (NONFY Documentaries) at festivals in Munich and Rostock\" rel=\"bookmark\">\ud83c\udfac Documentary film \u201cOne hundred four\u201d (NONFY Documentaries) at festivals in Munich and Rostock<\/a>\n\t<\/h3>\n\n\t<div class=\"entry-meta\"><span class=\"category-link\"><a href=\"https:\/\/ucm.one\/en\/category\/news-en\/cinema\/\" >Cinema<\/a>, <a href=\"https:\/\/ucm.one\/en\/category\/news-en\/documentaries\/\" >Documentaries<\/a>, <a href=\"https:\/\/ucm.one\/en\/category\/news-en\/film-en\/\" >Film<\/a>, <a href=\"https:\/\/ucm.one\/en\/category\/news-en\/\" >News<\/a>, <a href=\"https:\/\/ucm.one\/en\/category\/news-en\/film-en\/nonfy-documentaries-en\/\" >NONFY Documentaries<\/a>, <a href=\"https:\/\/ucm.one\/en\/category\/news-en\/movie-distribution\/world-sales\/\" >World Sales<\/a><\/span><a class=\"author vcard\" href=\"\" title=\"View all posts by Joachim Keil\" rel=\"author\">By <span class=\"fn\">Joachim Keil<\/span><\/a><a href=\"https:\/\/ucm.one\/en\/2024\/04\/23\/\" title=\"16:11\" class=\"data-link\" rel=\"bookmark\"><time class=\"entry-date updated\" datetime=\"2024-04-23T16:11:08+00:00\">23. April 2024<\/time><\/a><\/div>\n\t<div class=\"entry-excerpt\"><p>[vc_row][vc_column][vc_row_inner][vc_column_inner][vc_column_text]The documentary \u201cOne Hundred Four\u201d (German title: &#8220;Einhundertvier&#8220;) by director Jonathan Sch\u00f6rnig will be shown as a preview at various film festivals in Germany at the beginning of May before its official theatrical release on May 23, 2024. Visitors will have the opportunity to see the film at Dok.fest Munich and the Fish Festival in&hellip;<\/p>\n<\/div>\n\t\n<a href=\"https:\/\/ucm.one\/en\/documentary-film-one-hundred-four-nonfy-documentaries-at-festivals-in-munich-and-rostock\/\" class=\"post-details details-type-link\" aria-label=\"Read more about \ud83c\udfac Documentary film \u201cOne hundred four\u201d (NONFY Documentaries) at festivals in Munich and Rostock\">Read more<i class=\"dt-icon-the7-arrow-03\" aria-hidden=\"true\"><\/i><\/a>\n\n<\/div><\/article><\/div><div class=\"hidden wf-cell\" data-post-id=\"101648\" data-date=\"2024-01-17T02:52:28+00:00\" data-name=\"\ud83c\udfac UCM.ONE is bringing the documentary &quot;One Hundred Four&quot; to German cinemas and is also handling world distribution\"><article class=\"post project-odd visible post-101648 type-post status-publish format-standard has-post-thumbnail hentry category-cinema category-documentaries category-film-en category-news-en category-nonfy-documentaries-en tag-adrian-then-2 tag-documentary-film tag-einhundertvier-2 tag-eleonore-2 tag-eu-2 tag-european-union tag-frontex-2 tag-jonathan-schornig tag-mediterranean tag-nonfy-documentaries-en tag-one-hundred-four-2 tag-sea-rescue tag-shipwrecked-people tag-uwe-nitschke-2 category-1011 category-6286 category-942 category-941 category-4627\" data-name=\"\ud83c\udfac UCM.ONE is bringing the documentary &#8220;One Hundred Four&#8221; to German cinemas and is also handling world distribution\" data-date=\"2024-01-17T02:52:28+00:00\">\n\n<div class=\"post-thumbnail-wrap\">\n\t<div class=\"post-thumbnail\">\n\t\t\n\t\t\n\t\t<a href=\"https:\/\/ucm.one\/en\/ucm-one-is-bringing-the-documentary-one-hundred-four-to-german-cinemas-and-is-also-handling-world-distribution\/\" class=\"post-thumbnail-rollover layzr-bg layzr-bg\" ><img decoding=\"async\" class=\"iso-lazy-load preload-me iso-lazy-load aspect\" src=\"data:image\/svg+xml,%3Csvg%20xmlns%3D&#39;http%3A%2F%2Fwww.w3.org%2F2000%2Fsvg&#39;%20viewBox%3D&#39;0%200%20990%20309&#39;%2F%3E\" data-src=\"https:\/\/ucm.one\/wp-content\/uploads\/2024\/01\/BB-One-Hundred-Four-EFM-990x309.jpg\" data-srcset=\"https:\/\/ucm.one\/wp-content\/uploads\/2024\/01\/BB-One-Hundred-Four-EFM-990x309.jpg 990w, https:\/\/ucm.one\/wp-content\/uploads\/2024\/01\/BB-One-Hundred-Four-EFM-1485x464.jpg 1485w\" loading=\"eager\" style=\"--ratio: 990 \/ 309\" sizes=\"(max-width: 990px) 100vw, 990px\" alt=\"\" title=\"BB One Hundred Four EFM\" width=\"990\" height=\"309\"  \/><\/a>\t<\/div>\n<\/div>\n\n\n<div class=\"post-entry-content\">\n\n\t<h3 class=\"entry-title\">\n\t\t<a href=\"https:\/\/ucm.one\/en\/ucm-one-is-bringing-the-documentary-one-hundred-four-to-german-cinemas-and-is-also-handling-world-distribution\/\" title=\"\ud83c\udfac UCM.ONE is bringing the documentary &#8220;One Hundred Four&#8221; to German cinemas and is also handling world distribution\" rel=\"bookmark\">\ud83c\udfac UCM.ONE is bringing the documentary &#8220;One Hundred Four&#8221; to German cinemas and is also handling world distribution<\/a>\n\t<\/h3>\n\n\t<div class=\"entry-meta\"><span class=\"category-link\"><a href=\"https:\/\/ucm.one\/en\/category\/news-en\/cinema\/\" >Cinema<\/a>, <a href=\"https:\/\/ucm.one\/en\/category\/news-en\/documentaries\/\" >Documentaries<\/a>, <a href=\"https:\/\/ucm.one\/en\/category\/news-en\/film-en\/\" >Film<\/a>, <a href=\"https:\/\/ucm.one\/en\/category\/news-en\/\" >News<\/a>, <a href=\"https:\/\/ucm.one\/en\/category\/news-en\/film-en\/nonfy-documentaries-en\/\" >NONFY Documentaries<\/a><\/span><a class=\"author vcard\" href=\"\" title=\"View all posts by Joachim Keil\" rel=\"author\">By <span class=\"fn\">Joachim Keil<\/span><\/a><a href=\"https:\/\/ucm.one\/en\/2024\/01\/17\/\" title=\"02:52\" class=\"data-link\" rel=\"bookmark\"><time class=\"entry-date updated\" datetime=\"2024-01-17T02:52:28+00:00\">17. January 2024<\/time><\/a><\/div>\n\t<div class=\"entry-excerpt\"><p>[vc_row][vc_column][vc_row_inner][vc_column_inner][vc_column_text]UCM.ONE will release the real-time documentary &#8220;One Hundred Four&#8220;, which does not require editing, in German cinemas in May 2024 on the film label NONFY Documentaries. UCM.ONE is also handling the global distribution of the extraordinary documentary. The film deals with the fact that the world&#8217;s most dangerous escape route claims thousands of lives every&hellip;<\/p>\n<\/div>\n\t\n<a href=\"https:\/\/ucm.one\/en\/ucm-one-is-bringing-the-documentary-one-hundred-four-to-german-cinemas-and-is-also-handling-world-distribution\/\" class=\"post-details details-type-link\" aria-label=\"Read more about \ud83c\udfac UCM.ONE is bringing the documentary &#8220;One Hundred Four&#8221; to German cinemas and is also handling world distribution\">Read more<i class=\"dt-icon-the7-arrow-03\" aria-hidden=\"true\"><\/i><\/a>\n\n<\/div><\/article><\/div><\/div><!-- iso-container|iso-grid --><div class=\"paginator paginator-more-button\">\n\t\t\t\t<a class=\"button-load-more \" href=\"javascript:void(0);\" data-dt-page=\"1\" ><span class=\"stick\"><\/span><span class=\"stick\"><\/span><span class=\"stick\"><\/span><span class=\"button-caption\">Load more<\/span><\/a>\n\t\t\t<\/div><\/div>[\/vc_tta_section][\/vc_tta_accordion][vc_separator][vc_empty_space height=&#8221;80px&#8221;][\/vc_column][\/vc_row][vc_row el_id=&#8221;holy-island&#8221;][vc_column width=&#8221;1\/4&#8243; offset=&#8221;vc_col-lg-offset-0 vc_col-md-offset-0 vc_col-sm-offset-0&#8243;][vc_column_text css=&#8221;.vc_custom_1714638786882{background-position: center !important;background-repeat: no-repeat !important;background-size: cover !important;}&#8221;]<img decoding=\"async\" class=\"alignnone wp-image-101436 size-full\" src=\"https:\/\/ucm.one\/wp-content\/uploads\/2024\/02\/P-Holy-Island-Festival.jpg\" alt=\"\" width=\"699\" height=\"1000\" srcset=\"https:\/\/ucm.one\/wp-content\/uploads\/2024\/02\/P-Holy-Island-Festival.jpg 699w, https:\/\/ucm.one\/wp-content\/uploads\/2024\/02\/P-Holy-Island-Festival-210x300.jpg 210w, https:\/\/ucm.one\/wp-content\/uploads\/2024\/02\/P-Holy-Island-Festival-300x429.jpg 300w, https:\/\/ucm.one\/wp-content\/uploads\/2024\/02\/P-Holy-Island-Festival-600x858.jpg 600w\" sizes=\"(max-width: 699px) 100vw, 699px\" \/>[\/vc_column_text][\/vc_column][vc_column width=&#8221;3\/4&#8243;][vc_column_text]<\/p>\n<h2>Holy Island<\/h2>\n<h3><span style=\"font-family: arial, helvetica, sans-serif;\">by <\/span>Robert Manson<\/h3>\n<div class=\"wpb_text_column wpb_content_element \">\n<div class=\"wpb_wrapper\">\n<div class=\"wpb_text_column wpb_content_element \">\n<div class=\"wpb_wrapper\">\n<div class=\"wpb_text_column wpb_content_element vc_custom_1681339038108\">\n<div class=\"wpb_wrapper\">\n<p>\u2018Holy Island\u2019 is a story about two lost souls, Rosa and David, who are trapped in purgatory in the form of a run-down harbour town. They meet while waiting for a boat to leave the island and both long to return home. Together they are forced to traverse an abnormal labyrinth, piecing together their past lives through shared conversations and memories. In the end, only one of them can be saved. This film deals with the themes of death, loss, home, love, emigration, family, survival, redemption and loneliness. Contemporary archetypes and stereotypes of &#8216;Irishness&#8217; and national identity are explored through intergenerational encounters within this story.<\/p>\n<p>The film&#8217;s aesthetic for the black and white, lifeless harbour town of \u2018Limbo\u2019 is an allusion to Michael Powell&#8217;s \u2018A Matter of Life and Death\u2019, in which the question of why the sky is black and white is posed.<\/p>\n<\/div>\n<\/div>\n<\/div>\n<\/div>\n<\/div>\n<\/div>\n<div class=\"wpb_text_column wpb_content_element \">\n<div class=\"wpb_wrapper\">\n<h3><span style=\"font-family: arial, helvetica, sans-serif;\">Theatrical release: May 05, 2024<\/span><\/h3>\n<\/div>\n<\/div>\n<p>[\/vc_column_text][\/vc_column][\/vc_row][vc_row][vc_column width=&#8221;5\/6&#8243;][vc_column_text]Artkeim\u00b2 | 2021 | Drama | Irland | Original title: \u201c<a title=\"Holy Island (2021) by Robert Manson | Artkeim\u00b2\" href=\"https:\/\/ucm.one\/en\/holy-island\/\">Holy Island<\/a>\u201c[\/vc_column_text][\/vc_column][vc_column width=&#8221;1\/6&#8243;][vc_btn title=&#8221;Press Material&#8221; size=&#8221;xs&#8221; align=&#8221;center&#8221; i_icon_fontawesome=&#8221;fas fa-download&#8221; button_block=&#8221;true&#8221; add_icon=&#8221;true&#8221; link=&#8221;url:https%3A%2F%2Fucm.one%2Fpresse%2Fak_holy-island.zip|title:Holy%20Island|rel:nofollow&#8221;][\/vc_column][\/vc_row][vc_row][vc_column][vc_tta_accordion style=&#8221;modern&#8221; shape=&#8221;square&#8221; c_icon=&#8221;chevron&#8221; active_section=&#8221;33&#8243; no_fill=&#8221;true&#8221; collapsible_all=&#8221;true&#8221;][vc_tta_section title=&#8221;More information&#8221; tab_id=&#8221;1714638395988-0db00d10-ecf5&#8243;][vc_column_text]<\/p>\n<div class=\"wpb_text_column wpb_content_element \">\n<div class=\"wpb_wrapper\">\n<div class=\"wpb_text_column wpb_content_element \">\n<div class=\"wpb_wrapper\">\n<p><strong>Original title:<\/strong> Holy Island<\/p>\n<p><strong>Written &amp; directed by:<\/strong> Robert Manson<\/p>\n<p><strong>Actors:<\/strong> Jeanne Nicole N\u00ed \u00c1inle, Conor Madden, Dermot Murphy, Mark Doherty, Maria Oxley Boardman<\/p>\n<p><strong>Producer:<\/strong> Claire McCabe<\/p>\n<p><strong>Cinematograpy:<\/strong> Evan Barry<\/p>\n<p><strong>Editor:<\/strong> David Byrne<\/p>\n<p><strong>Sound:<\/strong> Dean Murray<\/p>\n<p><strong>Production companies:<\/strong> Samson Films &amp; Ballyrogan Films<\/p>\n<p><strong>Year of production:<\/strong> 2021<\/p>\n<p><strong>Genre:<\/strong> Drama<\/p>\n<p><strong>Country:<\/strong> Ireland<\/p>\n<p><strong>Language:<\/strong> English<\/p>\n<p><strong>Subtitles:<\/strong> German (OmeU)<\/p>\n<p>&nbsp;<\/p>\n<p><strong>Length:<\/strong> 89 min<\/p>\n<p><strong>Aspect ratio:<\/strong> 2.39:1<\/p>\n<p><strong>Sound:<\/strong> Surround 5.1<\/p>\n<p><strong>Colour:<\/strong> black and white \/ colour<\/p>\n<p><strong>Raring:<\/strong> FSK 12 (requested)<\/p>\n<\/div>\n<\/div>\n<div class=\"vc_separator wpb_content_element vc_separator_align_center vc_sep_width_100 vc_sep_pos_align_center vc_separator_no_text\"><\/div>\n<div class=\"wpb_text_column wpb_content_element \">\n<div class=\"wpb_wrapper\">\n<p><strong>Film label:<\/strong> Artkeim\u00b2<\/p>\n<p><strong>Distributor:<\/strong> <strong>UCM.ONE<\/strong><\/p>\n<p><strong>Theatrical release:<\/strong> May 05, 2024<\/p>\n<p>&nbsp;<\/p>\n<\/div>\n<\/div>\n<\/div>\n<\/div>\n<p>[\/vc_column_text][\/vc_tta_section][vc_tta_section title=&#8221;Trailer&#8221; tab_id=&#8221;1714638396092-b63ca9c8-f56f&#8221;][vc_video link=&#8221;https:\/\/www.youtube.com\/watch?v=GgUa8Xz8Aao&#8221;][\/vc_tta_section][vc_tta_section title=&#8221;News&#8221; tab_id=&#8221;1714638396200-36646797-d534&#8243;]<style type=\"text\/css\" data-type=\"the7_shortcodes-inline-css\">.blog-shortcode.blog-masonry-shortcode-id-994c7552d5168f2071ced4a4644bdc6a.content-bg-on.classic-layout-list article {\n  background: #e6e6e6;\n  box-shadow: none;\n}\n.blog-shortcode.blog-masonry-shortcode-id-994c7552d5168f2071ced4a4644bdc6a.dividers-on.classic-layout-list article {\n  padding-top: 0;\n}\n.blog-shortcode.blog-masonry-shortcode-id-994c7552d5168f2071ced4a4644bdc6a.dividers-on.classic-layout-list article:first-of-type {\n  margin-top: 0;\n  padding-top: 0;\n}\n.blog-shortcode.blog-masonry-shortcode-id-994c7552d5168f2071ced4a4644bdc6a.classic-layout-list.mode-list .post-entry-content {\n  width: calc(100% - );\n}\n.blog-shortcode.blog-masonry-shortcode-id-994c7552d5168f2071ced4a4644bdc6a.classic-layout-list.mode-list .no-img .post-entry-content {\n  width: 100%;\n}\n.blog-shortcode.blog-masonry-shortcode-id-994c7552d5168f2071ced4a4644bdc6a .filter-bg-decoration .filter-categories a.act {\n  color: #fff;\n}\n.blog-shortcode.blog-masonry-shortcode-id-994c7552d5168f2071ced4a4644bdc6a:not(.mode-masonry) article:first-of-type,\n.blog-shortcode.blog-masonry-shortcode-id-994c7552d5168f2071ced4a4644bdc6a:not(.mode-masonry) article.visible.first:not(.product) {\n  margin-top: 0;\n}\n.blog-shortcode.blog-masonry-shortcode-id-994c7552d5168f2071ced4a4644bdc6a.dividers-on:not(.mode-masonry) article {\n  margin-top: 0;\n}\n.blog-shortcode.blog-masonry-shortcode-id-994c7552d5168f2071ced4a4644bdc6a.dividers-on:not(.mode-masonry) article:first-of-type,\n.blog-shortcode.blog-masonry-shortcode-id-994c7552d5168f2071ced4a4644bdc6a.dividers-on:not(.mode-masonry) article.visible.first:not(.product) {\n  margin-top: 0;\n  padding-top: 0;\n}\n.blog-shortcode.blog-masonry-shortcode-id-994c7552d5168f2071ced4a4644bdc6a .post-thumbnail-wrap {\n  padding: 0px 0px 0px 0px;\n}\n.blog-shortcode.blog-masonry-shortcode-id-994c7552d5168f2071ced4a4644bdc6a.enable-bg-rollover .post-thumbnail-rollover:after {\n  background: -webkit-linear-gradient();\n  background: linear-gradient();\n}\n.blog-shortcode.blog-masonry-shortcode-id-994c7552d5168f2071ced4a4644bdc6a .gallery-zoom-ico {\n  width: 44px;\n  height: 44px;\n  line-height: 44px;\n  border-radius: 100px;\n  margin: -22px 0 0 -22px;\n  border-width: 0px;\n  color: #ffffff;\n}\n.bottom-overlap-layout-list.blog-shortcode.blog-masonry-shortcode-id-994c7552d5168f2071ced4a4644bdc6a .gallery-zoom-ico {\n  margin-top: -72px;\n}\n.gradient-overlay-layout-list.blog-shortcode.blog-masonry-shortcode-id-994c7552d5168f2071ced4a4644bdc6a .gallery-zoom-ico,\n.content-rollover-layout-list.blog-shortcode.blog-masonry-shortcode-id-994c7552d5168f2071ced4a4644bdc6a .gallery-zoom-ico {\n  margin: 0 0 10px;\n}\n.content-align-center.gradient-overlay-layout-list.blog-shortcode.blog-masonry-shortcode-id-994c7552d5168f2071ced4a4644bdc6a .gallery-zoom-ico,\n.content-align-center.content-rollover-layout-list.blog-shortcode.blog-masonry-shortcode-id-994c7552d5168f2071ced4a4644bdc6a .gallery-zoom-ico {\n  margin: 0 auto 10px;\n}\n.dt-icon-bg-on.blog-shortcode.blog-masonry-shortcode-id-994c7552d5168f2071ced4a4644bdc6a .gallery-zoom-ico {\n  background: rgba(255,255,255,0.3);\n  box-shadow: none;\n}\n.blog-shortcode.blog-masonry-shortcode-id-994c7552d5168f2071ced4a4644bdc6a .gallery-zoom-ico > span,\n.blog-shortcode.blog-masonry-shortcode-id-994c7552d5168f2071ced4a4644bdc6a .gallery-zoom-ico:before {\n  font-size: 32px;\n  line-height: 44px;\n}\n.blog-shortcode.blog-masonry-shortcode-id-994c7552d5168f2071ced4a4644bdc6a .gallery-zoom-ico > span,\n.blog-shortcode.blog-masonry-shortcode-id-994c7552d5168f2071ced4a4644bdc6a .gallery-zoom-ico:before {\n  color: #ffffff;\n}\n.blog-shortcode.blog-masonry-shortcode-id-994c7552d5168f2071ced4a4644bdc6a .entry-title,\n.blog-shortcode.blog-masonry-shortcode-id-994c7552d5168f2071ced4a4644bdc6a.owl-carousel .entry-title {\n  margin-bottom: 5px;\n  font-weight: bold;\n}\n.blog-shortcode.blog-masonry-shortcode-id-994c7552d5168f2071ced4a4644bdc6a .entry-meta {\n  margin-bottom: 15px;\n}\n.blog-shortcode.blog-masonry-shortcode-id-994c7552d5168f2071ced4a4644bdc6a .portfolio-categories {\n  margin-bottom: 15px;\n}\n.blog-shortcode.blog-masonry-shortcode-id-994c7552d5168f2071ced4a4644bdc6a .entry-excerpt {\n  margin-bottom: 5px;\n}\n.blog-shortcode.blog-masonry-shortcode-id-994c7552d5168f2071ced4a4644bdc6a:not(.centered-layout-list) .post-entry-content {\n  padding: 15px 20px 20px 20px;\n}\n.blog-shortcode.blog-masonry-shortcode-id-994c7552d5168f2071ced4a4644bdc6a:not(.centered-layout-list):not(.content-bg-on):not(.mode-list) .no-img .post-entry-content {\n  padding: 0;\n}\n.blog-shortcode.blog-masonry-shortcode-id-994c7552d5168f2071ced4a4644bdc6a.content-bg-on:not(.classic-layout-list):not(.centered-layout-list) .post-entry-content {\n  background: #e6e6e6;\n  box-shadow: none;\n}\n@media screen and (max-width: ) {\n  .blog-shortcode.blog-masonry-shortcode-id-994c7552d5168f2071ced4a4644bdc6a article {\n    -ms-flex-flow: column nowrap;\n    flex-flow: column nowrap;\n    margin-top: 20px;\n  }\n  .blog-shortcode.blog-masonry-shortcode-id-994c7552d5168f2071ced4a4644bdc6a.dividers-on article {\n    border: none;\n  }\n  .blog-shortcode.blog-masonry-shortcode-id-994c7552d5168f2071ced4a4644bdc6a.content-bg-on.centered-layout-list article {\n    padding: 0;\n  }\n  .blog-shortcode.blog-masonry-shortcode-id-994c7552d5168f2071ced4a4644bdc6a.blog-shortcode.dividers-on article,\n  .blog-shortcode.blog-masonry-shortcode-id-994c7552d5168f2071ced4a4644bdc6a.dividers-on.classic-layout-list article {\n    margin-top: 20px;\n    padding: 0;\n  }\n  .blog-shortcode.blog-masonry-shortcode-id-994c7552d5168f2071ced4a4644bdc6a.blog-shortcode.dividers-on article:first-of-type,\n  .blog-shortcode.blog-masonry-shortcode-id-994c7552d5168f2071ced4a4644bdc6a.dividers-on.classic-layout-list article:first-of-type {\n    padding: 0;\n  }\n  #page .blog-shortcode.blog-masonry-shortcode-id-994c7552d5168f2071ced4a4644bdc6a .post-thumbnail-wrap,\n  #page .blog-shortcode.blog-masonry-shortcode-id-994c7552d5168f2071ced4a4644bdc6a .post-entry-content {\n    width: 100%;\n    margin: 0;\n    top: 0;\n  }\n  #page .blog-shortcode.blog-masonry-shortcode-id-994c7552d5168f2071ced4a4644bdc6a .post-thumbnail-wrap {\n    padding: 0;\n  }\n  #page .blog-shortcode.blog-masonry-shortcode-id-994c7552d5168f2071ced4a4644bdc6a .post-entry-content:after {\n    display: none;\n  }\n  #page .blog-shortcode.blog-masonry-shortcode-id-994c7552d5168f2071ced4a4644bdc6a .project-even .post-thumbnail-wrap,\n  #page .blog-shortcode.blog-masonry-shortcode-id-994c7552d5168f2071ced4a4644bdc6a.centered-layout-list .post-thumbnail-wrap {\n    -ms-flex-order: 0;\n    order: 0;\n  }\n  #page .blog-shortcode.blog-masonry-shortcode-id-994c7552d5168f2071ced4a4644bdc6a.centered-layout-list .post-entry-title-content {\n    -ms-flex-order: 1;\n    order: 1;\n    width: 100%;\n    padding: 20px 20px 0;\n  }\n  #page .blog-shortcode.blog-masonry-shortcode-id-994c7552d5168f2071ced4a4644bdc6a.centered-layout-list .post-entry-content {\n    -ms-flex-order: 2;\n    order: 2;\n    padding-top: 0;\n  }\n  #page .blog-shortcode.blog-masonry-shortcode-id-994c7552d5168f2071ced4a4644bdc6a .fancy-categories {\n    top: 10px;\n    left: 10px;\n    bottom: auto;\n    right: auto;\n  }\n  #page .blog-shortcode.blog-masonry-shortcode-id-994c7552d5168f2071ced4a4644bdc6a .fancy-date a {\n    top: 10px;\n    right: 10px;\n    left: auto;\n    bottom: auto;\n  }\n  #page .blog-shortcode.blog-masonry-shortcode-id-994c7552d5168f2071ced4a4644bdc6a .post-entry-content {\n    padding: 20px;\n  }\n  #page .blog-shortcode.blog-masonry-shortcode-id-994c7552d5168f2071ced4a4644bdc6a .entry-title {\n    margin: 3px 0 5px;\n    font-size: 20px;\n    line-height: 26px;\n  }\n  #page .blog-shortcode.blog-masonry-shortcode-id-994c7552d5168f2071ced4a4644bdc6a .entry-meta {\n    margin: 5px 0 5px;\n  }\n  #page .blog-shortcode.blog-masonry-shortcode-id-994c7552d5168f2071ced4a4644bdc6a .entry-excerpt {\n    margin: 15px 0 0;\n  }\n  #page .blog-shortcode.blog-masonry-shortcode-id-994c7552d5168f2071ced4a4644bdc6a .post-details {\n    margin: 5px 0 10px;\n  }\n  #page .blog-shortcode.blog-masonry-shortcode-id-994c7552d5168f2071ced4a4644bdc6a .post-details.details-type-link {\n    margin-bottom: 2px;\n  }\n}\n.blog-shortcode.blog-masonry-shortcode-id-994c7552d5168f2071ced4a4644bdc6a:not(.resize-by-browser-width) .dt-css-grid {\n  grid-row-gap: 50px;\n  grid-column-gap: 50px;\n  grid-template-columns: repeat(auto-fill,minmax(,1fr));\n}\n.blog-shortcode.blog-masonry-shortcode-id-994c7552d5168f2071ced4a4644bdc6a:not(.resize-by-browser-width) .dt-css-grid .double-width {\n  grid-column: span 2;\n}\n.cssgridlegacy.no-cssgrid .blog-shortcode.blog-masonry-shortcode-id-994c7552d5168f2071ced4a4644bdc6a:not(.resize-by-browser-width) .dt-css-grid,\n.no-cssgridlegacy.no-cssgrid .blog-shortcode.blog-masonry-shortcode-id-994c7552d5168f2071ced4a4644bdc6a:not(.resize-by-browser-width) .dt-css-grid {\n  display: flex;\n  flex-flow: row wrap;\n  margin: -25px;\n}\n.cssgridlegacy.no-cssgrid .blog-shortcode.blog-masonry-shortcode-id-994c7552d5168f2071ced4a4644bdc6a:not(.resize-by-browser-width) .dt-css-grid .wf-cell,\n.no-cssgridlegacy.no-cssgrid .blog-shortcode.blog-masonry-shortcode-id-994c7552d5168f2071ced4a4644bdc6a:not(.resize-by-browser-width) .dt-css-grid .wf-cell {\n  flex: 1 0 ;\n  max-width: 100%;\n  padding: 25px;\n  box-sizing: border-box;\n}\n.blog-shortcode.blog-masonry-shortcode-id-994c7552d5168f2071ced4a4644bdc6a.resize-by-browser-width .dt-css-grid {\n  grid-template-columns: repeat(1,1fr);\n  grid-template-rows: auto;\n  grid-column-gap: 50px;\n  grid-row-gap: 50px;\n}\n.blog-shortcode.blog-masonry-shortcode-id-994c7552d5168f2071ced4a4644bdc6a.resize-by-browser-width .dt-css-grid .double-width {\n  grid-column: span 2;\n}\n.cssgridlegacy.no-cssgrid .blog-shortcode.blog-masonry-shortcode-id-994c7552d5168f2071ced4a4644bdc6a.resize-by-browser-width .dt-css-grid {\n  margin: -25px;\n}\n.cssgridlegacy.no-cssgrid .blog-shortcode.blog-masonry-shortcode-id-994c7552d5168f2071ced4a4644bdc6a.resize-by-browser-width .dt-css-grid .wf-cell {\n  width: 100%;\n  padding: 25px;\n}\n.cssgridlegacy.no-cssgrid .blog-shortcode.blog-masonry-shortcode-id-994c7552d5168f2071ced4a4644bdc6a.resize-by-browser-width .dt-css-grid .wf-cell.double-width {\n  width: calc(100%) * 2;\n}\n.blog-shortcode.blog-masonry-shortcode-id-994c7552d5168f2071ced4a4644bdc6a.resize-by-browser-width:not(.centered-layout-list):not(.content-bg-on) .dt-css-grid {\n  grid-row-gap: 30px;\n}\n@media screen and (max-width: 1199px) {\n  .blog-shortcode.blog-masonry-shortcode-id-994c7552d5168f2071ced4a4644bdc6a.resize-by-browser-width .dt-css-grid {\n    grid-template-columns: repeat(1,1fr);\n  }\n  .cssgridlegacy.no-cssgrid .blog-shortcode.blog-masonry-shortcode-id-994c7552d5168f2071ced4a4644bdc6a.resize-by-browser-width .dt-css-grid .wf-cell,\n  .no-cssgridlegacy.no-cssgrid .blog-shortcode.blog-masonry-shortcode-id-994c7552d5168f2071ced4a4644bdc6a.resize-by-browser-width .dt-css-grid .wf-cell {\n    width: 100%;\n  }\n  .cssgridlegacy.no-cssgrid .blog-shortcode.blog-masonry-shortcode-id-994c7552d5168f2071ced4a4644bdc6a.resize-by-browser-width .dt-css-grid .wf-cell.double-width,\n  .no-cssgridlegacy.no-cssgrid .blog-shortcode.blog-masonry-shortcode-id-994c7552d5168f2071ced4a4644bdc6a.resize-by-browser-width .dt-css-grid .wf-cell.double-width {\n    width: calc(100%)*2;\n  }\n}\n@media screen and (max-width: 991px) {\n  .blog-shortcode.blog-masonry-shortcode-id-994c7552d5168f2071ced4a4644bdc6a.resize-by-browser-width .dt-css-grid {\n    grid-template-columns: repeat(1,1fr);\n  }\n  .cssgridlegacy.no-cssgrid .blog-shortcode.blog-masonry-shortcode-id-994c7552d5168f2071ced4a4644bdc6a.resize-by-browser-width .dt-css-grid .wf-cell,\n  .no-cssgridlegacy.no-cssgrid .blog-shortcode.blog-masonry-shortcode-id-994c7552d5168f2071ced4a4644bdc6a.resize-by-browser-width .dt-css-grid .wf-cell {\n    width: 100%;\n  }\n  .cssgridlegacy.no-cssgrid .blog-shortcode.blog-masonry-shortcode-id-994c7552d5168f2071ced4a4644bdc6a.resize-by-browser-width .dt-css-grid .wf-cell.double-width,\n  .no-cssgridlegacy.no-cssgrid .blog-shortcode.blog-masonry-shortcode-id-994c7552d5168f2071ced4a4644bdc6a.resize-by-browser-width .dt-css-grid .wf-cell.double-width {\n    width: calc(100%)*2;\n  }\n}\n@media screen and (max-width: 767px) {\n  .blog-shortcode.blog-masonry-shortcode-id-994c7552d5168f2071ced4a4644bdc6a.resize-by-browser-width .dt-css-grid {\n    grid-template-columns: repeat(1,1fr);\n  }\n  .blog-shortcode.blog-masonry-shortcode-id-994c7552d5168f2071ced4a4644bdc6a.resize-by-browser-width .dt-css-grid .double-width {\n    grid-column: span 1;\n  }\n  .cssgridlegacy.no-cssgrid .blog-shortcode.blog-masonry-shortcode-id-994c7552d5168f2071ced4a4644bdc6a.resize-by-browser-width .dt-css-grid .wf-cell,\n  .no-cssgridlegacy.no-cssgrid .blog-shortcode.blog-masonry-shortcode-id-994c7552d5168f2071ced4a4644bdc6a.resize-by-browser-width .dt-css-grid .wf-cell {\n    width: 100%;\n  }\n  .cssgridlegacy.no-cssgrid .blog-shortcode.blog-masonry-shortcode-id-994c7552d5168f2071ced4a4644bdc6a.resize-by-browser-width .dt-css-grid .wf-cell.double-width,\n  .no-cssgridlegacy.no-cssgrid .blog-shortcode.blog-masonry-shortcode-id-994c7552d5168f2071ced4a4644bdc6a.resize-by-browser-width .dt-css-grid .wf-cell.double-width {\n    width: calc(100%)*2;\n  }\n}<\/style><div class=\"blog-shortcode blog-masonry-shortcode-id-994c7552d5168f2071ced4a4644bdc6a mode-grid classic-layout-list content-bg-on jquery-filter vertical-fancy-style scale-img dt-css-grid-wrap dt-icon-bg-off resize-by-browser-width loading-effect-none description-under-image \" data-padding=\"25px\" data-cur-page=\"1\" data-post-limit=\"2\" data-pagination-mode=\"load-more\" aria-live=\"assertive\" data-desktop-columns-num=\"1\" data-v-tablet-columns-num=\"1\" data-h-tablet-columns-num=\"1\" data-phone-columns-num=\"1\" data-width=\"0px\" data-columns=\"0\"><div class=\"dt-css-grid\" ><div class=\"visible wf-cell\" data-post-id=\"103993\" data-date=\"2024-05-02T17:53:32+00:00\" data-name=\"\ud83c\udfac &quot;Holy Island&quot; (Artkeim\u00b2) by Robert Manson in German cinemas from today\"><article class=\"post project-odd visible post-103993 type-post status-publish format-standard has-post-thumbnail hentry category-artkeim-en category-cinema category-film-en category-film-distribution-en category-news-en category-world-sales tag-artkeim-en tag-ballyrogan-films-2 tag-claire-mccabe-2 tag-conor-madden-2 tag-dermot-murphy-2 tag-holy-island-2 tag-jeanne-nicole-ni-ainle-2 tag-maria-oxley-boardman-2 tag-mark-doherty-2 tag-robert-manson-en tag-samson-films-2 category-570 category-1011 category-942 category-15326 category-941 category-7530\" data-name=\"\ud83c\udfac &#8220;Holy Island&#8221; (Artkeim\u00b2) by Robert Manson in German cinemas from today\" data-date=\"2024-05-02T17:53:32+00:00\">\n\n<div class=\"post-thumbnail-wrap\">\n\t<div class=\"post-thumbnail\">\n\t\t\n\t\t\n\t\t<a href=\"https:\/\/ucm.one\/en\/holy-island-artkeim%c2%b2-by-robert-manson-in-german-cinemas-from-today\/\" class=\"post-thumbnail-rollover layzr-bg layzr-bg\" ><img decoding=\"async\" class=\"iso-lazy-load preload-me iso-lazy-load aspect\" src=\"data:image\/svg+xml,%3Csvg%20xmlns%3D&#39;http%3A%2F%2Fwww.w3.org%2F2000%2Fsvg&#39;%20viewBox%3D&#39;0%200%20990%20309&#39;%2F%3E\" data-src=\"https:\/\/ucm.one\/wp-content\/uploads\/2024\/05\/B-Holy-Island-Kinostart-990x309.jpeg\" data-srcset=\"https:\/\/ucm.one\/wp-content\/uploads\/2024\/05\/B-Holy-Island-Kinostart-990x309.jpeg 990w, https:\/\/ucm.one\/wp-content\/uploads\/2024\/05\/B-Holy-Island-Kinostart-1485x464.jpeg 1485w\" loading=\"eager\" style=\"--ratio: 990 \/ 309\" sizes=\"(max-width: 990px) 100vw, 990px\" alt=\"\" title=\"B Holy Island Kinostart\" width=\"990\" height=\"309\"  \/><\/a>\t<\/div>\n<\/div>\n\n\n<div class=\"post-entry-content\">\n\n\t<h3 class=\"entry-title\">\n\t\t<a href=\"https:\/\/ucm.one\/en\/holy-island-artkeim%c2%b2-by-robert-manson-in-german-cinemas-from-today\/\" title=\"\ud83c\udfac &#8220;Holy Island&#8221; (Artkeim\u00b2) by Robert Manson in German cinemas from today\" rel=\"bookmark\">\ud83c\udfac &#8220;Holy Island&#8221; (Artkeim\u00b2) by Robert Manson in German cinemas from today<\/a>\n\t<\/h3>\n\n\t<div class=\"entry-meta\"><span class=\"category-link\"><a href=\"https:\/\/ucm.one\/en\/category\/news-en\/film-en\/artkeim-en\/\" >Artkeim\u00b2<\/a>, <a href=\"https:\/\/ucm.one\/en\/category\/news-en\/cinema\/\" >Cinema<\/a>, <a href=\"https:\/\/ucm.one\/en\/category\/news-en\/film-en\/\" >Film<\/a>, <a href=\"https:\/\/ucm.one\/en\/category\/news-en\/media-distribution-en\/film-distribution-en\/\" >Film Distribution<\/a>, <a href=\"https:\/\/ucm.one\/en\/category\/news-en\/\" >News<\/a>, <a href=\"https:\/\/ucm.one\/en\/category\/news-en\/movie-distribution\/world-sales\/\" >World Sales<\/a><\/span><a class=\"author vcard\" href=\"\" title=\"View all posts by Joachim Keil\" rel=\"author\">By <span class=\"fn\">Joachim Keil<\/span><\/a><a href=\"https:\/\/ucm.one\/en\/2024\/05\/02\/\" title=\"17:53\" class=\"data-link\" rel=\"bookmark\"><time class=\"entry-date updated\" datetime=\"2024-05-02T17:53:32+00:00\">2. May 2024<\/time><\/a><\/div>\n\t<div class=\"entry-excerpt\"><p>[vc_row][vc_column][vc_column_text] The film &#8220;Holy Island&#8220;, distributed by UCM.ONE on the Artkeim\u00b2 film label, opens today in selected German cinemas. The film was directed by Irish filmmaker Robert Manson. [\/vc_column_text][vc_column_text] In the film&#8217;s plot, David, a man in his forties, finds himself stuck in a run-down harbour town. He is waiting for a ship to take&hellip;<\/p>\n<\/div>\n\t\n<a href=\"https:\/\/ucm.one\/en\/holy-island-artkeim%c2%b2-by-robert-manson-in-german-cinemas-from-today\/\" class=\"post-details details-type-link\" aria-label=\"Read more about \ud83c\udfac &#8220;Holy Island&#8221; (Artkeim\u00b2) by Robert Manson in German cinemas from today\">Read more<i class=\"dt-icon-the7-arrow-03\" aria-hidden=\"true\"><\/i><\/a>\n\n<\/div><\/article><\/div><div class=\"visible wf-cell\" data-post-id=\"101458\" data-date=\"2024-02-01T18:06:40+00:00\" data-name=\"\ud83c\udfac &quot;Holy Island&quot; by Robert Manson, distributed worldwide by UCM.ONE, will be released in German cinemas in May 2024\"><article class=\"post project-odd visible post-101458 type-post status-publish format-standard has-post-thumbnail hentry category-artkeim-en category-cinema category-film-en category-film-distribution-en category-news-en category-world-sales tag-artkeim-en tag-ballyrogan-films-2 tag-claire-mccabe-2 tag-conor-madden-2 tag-dermot-murphy-2 tag-holy-island-2 tag-jeanne-nicole-ni-ainle-2 tag-maria-oxley-boardman-2 tag-mark-doherty-2 tag-robert-manson-en tag-samson-films-2 category-570 category-1011 category-942 category-15326 category-941 category-7530\" data-name=\"\ud83c\udfac &#8220;Holy Island&#8221; by Robert Manson, distributed worldwide by UCM.ONE, will be released in German cinemas in May 2024\" data-date=\"2024-02-01T18:06:40+00:00\">\n\n<div class=\"post-thumbnail-wrap\">\n\t<div class=\"post-thumbnail\">\n\t\t\n\t\t\n\t\t<a href=\"https:\/\/ucm.one\/en\/holy-island-by-robert-manson-distributed-worldwide-by-ucm-one-will-be-released-in-german-cinemas-in-may-2024\/\" class=\"post-thumbnail-rollover layzr-bg layzr-bg\" ><img decoding=\"async\" class=\"iso-lazy-load preload-me iso-lazy-load aspect\" src=\"data:image\/svg+xml,%3Csvg%20xmlns%3D&#39;http%3A%2F%2Fwww.w3.org%2F2000%2Fsvg&#39;%20viewBox%3D&#39;0%200%20990%20309&#39;%2F%3E\" data-src=\"https:\/\/ucm.one\/wp-content\/uploads\/2024\/02\/BB-Holy-Island-EFM-990x309.jpg\" data-srcset=\"https:\/\/ucm.one\/wp-content\/uploads\/2024\/02\/BB-Holy-Island-EFM-990x309.jpg 990w, https:\/\/ucm.one\/wp-content\/uploads\/2024\/02\/BB-Holy-Island-EFM-1485x464.jpg 1485w\" loading=\"eager\" style=\"--ratio: 990 \/ 309\" sizes=\"(max-width: 990px) 100vw, 990px\" alt=\"\" title=\"BB Holy Island EFM\" width=\"990\" height=\"309\"  \/><\/a>\t<\/div>\n<\/div>\n\n\n<div class=\"post-entry-content\">\n\n\t<h3 class=\"entry-title\">\n\t\t<a href=\"https:\/\/ucm.one\/en\/holy-island-by-robert-manson-distributed-worldwide-by-ucm-one-will-be-released-in-german-cinemas-in-may-2024\/\" title=\"\ud83c\udfac &#8220;Holy Island&#8221; by Robert Manson, distributed worldwide by UCM.ONE, will be released in German cinemas in May 2024\" rel=\"bookmark\">\ud83c\udfac &#8220;Holy Island&#8221; by Robert Manson, distributed worldwide by UCM.ONE, will be released in German cinemas in May 2024<\/a>\n\t<\/h3>\n\n\t<div class=\"entry-meta\"><span class=\"category-link\"><a href=\"https:\/\/ucm.one\/en\/category\/news-en\/film-en\/artkeim-en\/\" >Artkeim\u00b2<\/a>, <a href=\"https:\/\/ucm.one\/en\/category\/news-en\/cinema\/\" >Cinema<\/a>, <a href=\"https:\/\/ucm.one\/en\/category\/news-en\/film-en\/\" >Film<\/a>, <a href=\"https:\/\/ucm.one\/en\/category\/news-en\/media-distribution-en\/film-distribution-en\/\" >Film Distribution<\/a>, <a href=\"https:\/\/ucm.one\/en\/category\/news-en\/\" >News<\/a>, <a href=\"https:\/\/ucm.one\/en\/category\/news-en\/movie-distribution\/world-sales\/\" >World Sales<\/a><\/span><a class=\"author vcard\" href=\"\" title=\"View all posts by Joachim Keil\" rel=\"author\">By <span class=\"fn\">Joachim Keil<\/span><\/a><a href=\"https:\/\/ucm.one\/en\/2024\/02\/01\/\" title=\"18:06\" class=\"data-link\" rel=\"bookmark\"><time class=\"entry-date updated\" datetime=\"2024-02-01T18:06:40+00:00\">1. February 2024<\/time><\/a><\/div>\n\t<div class=\"entry-excerpt\"><p>[vc_row][vc_column][\/vc_column][\/vc_row][vc_row][vc_column width=&#8221;3\/4&#8243;][vc_column_text] The film drama &#8220;Holy Island&#8221; by Irish filmmaker Robert Manson will be released in German cinemas by UCM.ONE in May 2024 on the Artkeim\u00b2 label. [\/vc_column_text][vc_column_text] &#8220;Holy Island&#8221; is a story about two lost souls, Rosa and David, who are trapped in purgatory in the form of a run-down harbour town. They meet&hellip;<\/p>\n<\/div>\n\t\n<a href=\"https:\/\/ucm.one\/en\/holy-island-by-robert-manson-distributed-worldwide-by-ucm-one-will-be-released-in-german-cinemas-in-may-2024\/\" class=\"post-details details-type-link\" aria-label=\"Read more about \ud83c\udfac &#8220;Holy Island&#8221; by Robert Manson, distributed worldwide by UCM.ONE, will be released in German cinemas in May 2024\">Read more<i class=\"dt-icon-the7-arrow-03\" aria-hidden=\"true\"><\/i><\/a>\n\n<\/div><\/article><\/div><div class=\"hidden wf-cell\" data-post-id=\"96951\" data-date=\"2023-09-21T13:37:00+00:00\" data-name=\"\ud83c\udfac UCM.ONE presents &quot;Holy Island&quot; by Robert Manson at the Leipzig Film Art Fair\"><article class=\"post project-odd visible post-96951 type-post status-publish format-standard has-post-thumbnail hentry category-artkeim-en category-cinema category-film-en category-film-distribution-en category-news-en category-world-sales tag-artkeim-en tag-conor-madden-2 tag-dermot-murphy-2 tag-holy-island-2 tag-jeanne-nicole-ni-ainle-2 tag-maria-oxley-boardman-2 tag-mark-doherty-2 tag-robert-manson-en category-570 category-1011 category-942 category-15326 category-941 category-7530\" data-name=\"\ud83c\udfac UCM.ONE presents &#8220;Holy Island&#8221; by Robert Manson at the Leipzig Film Art Fair\" data-date=\"2023-09-21T13:37:00+00:00\">\n\n<div class=\"post-thumbnail-wrap\">\n\t<div class=\"post-thumbnail\">\n\t\t\n\t\t\n\t\t<a href=\"https:\/\/ucm.one\/en\/ucm-one-presents-holy-island-by-robert-manson-at-the-leipzig-film-art-fair\/\" class=\"post-thumbnail-rollover layzr-bg layzr-bg\" ><img decoding=\"async\" class=\"iso-lazy-load preload-me iso-lazy-load aspect\" src=\"data:image\/svg+xml,%3Csvg%20xmlns%3D&#39;http%3A%2F%2Fwww.w3.org%2F2000%2Fsvg&#39;%20viewBox%3D&#39;0%200%20990%20309&#39;%2F%3E\" data-src=\"https:\/\/ucm.one\/wp-content\/uploads\/2023\/09\/B-Holy-Island-Filmkunstmesse-EN-990x309.jpg\" data-srcset=\"https:\/\/ucm.one\/wp-content\/uploads\/2023\/09\/B-Holy-Island-Filmkunstmesse-EN-990x309.jpg 990w, https:\/\/ucm.one\/wp-content\/uploads\/2023\/09\/B-Holy-Island-Filmkunstmesse-EN-1485x464.jpg 1485w\" loading=\"eager\" style=\"--ratio: 990 \/ 309\" sizes=\"(max-width: 990px) 100vw, 990px\" alt=\"\" title=\"B Holy Island Filmkunstmesse EN\" width=\"990\" height=\"309\"  \/><\/a>\t<\/div>\n<\/div>\n\n\n<div class=\"post-entry-content\">\n\n\t<h3 class=\"entry-title\">\n\t\t<a href=\"https:\/\/ucm.one\/en\/ucm-one-presents-holy-island-by-robert-manson-at-the-leipzig-film-art-fair\/\" title=\"\ud83c\udfac UCM.ONE presents &#8220;Holy Island&#8221; by Robert Manson at the Leipzig Film Art Fair\" rel=\"bookmark\">\ud83c\udfac UCM.ONE presents &#8220;Holy Island&#8221; by Robert Manson at the Leipzig Film Art Fair<\/a>\n\t<\/h3>\n\n\t<div class=\"entry-meta\"><span class=\"category-link\"><a href=\"https:\/\/ucm.one\/en\/category\/news-en\/film-en\/artkeim-en\/\" >Artkeim\u00b2<\/a>, <a href=\"https:\/\/ucm.one\/en\/category\/news-en\/cinema\/\" >Cinema<\/a>, <a href=\"https:\/\/ucm.one\/en\/category\/news-en\/film-en\/\" >Film<\/a>, <a href=\"https:\/\/ucm.one\/en\/category\/news-en\/media-distribution-en\/film-distribution-en\/\" >Film Distribution<\/a>, <a href=\"https:\/\/ucm.one\/en\/category\/news-en\/\" >News<\/a>, <a href=\"https:\/\/ucm.one\/en\/category\/news-en\/movie-distribution\/world-sales\/\" >World Sales<\/a><\/span><a class=\"author vcard\" href=\"\" title=\"View all posts by Joachim Keil\" rel=\"author\">By <span class=\"fn\">Joachim Keil<\/span><\/a><a href=\"https:\/\/ucm.one\/en\/2023\/09\/21\/\" title=\"13:37\" class=\"data-link\" rel=\"bookmark\"><time class=\"entry-date updated\" datetime=\"2023-09-21T13:37:00+00:00\">21. September 2023<\/time><\/a><\/div>\n\t<div class=\"entry-excerpt\"><p>[vc_row][vc_column][vc_column_text] This week in Leipzig, the film releases of the next few months will be presented to German cinema professionals at AG Kino&#8216;s annual film art fair. UCM.ONE Filmverleih will present the Irish film &#8220;Holy Island&#8221; by director Robert Manson on Tuesday and Wednesday. Manson&#8217;s debut film &#8220;Lost in the Living&#8221; from 2015 was released&hellip;<\/p>\n<\/div>\n\t\n<a href=\"https:\/\/ucm.one\/en\/ucm-one-presents-holy-island-by-robert-manson-at-the-leipzig-film-art-fair\/\" class=\"post-details details-type-link\" aria-label=\"Read more about \ud83c\udfac UCM.ONE presents &#8220;Holy Island&#8221; by Robert Manson at the Leipzig Film Art Fair\">Read more<i class=\"dt-icon-the7-arrow-03\" aria-hidden=\"true\"><\/i><\/a>\n\n<\/div><\/article><\/div><\/div><!-- iso-container|iso-grid --><div class=\"paginator paginator-more-button\">\n\t\t\t\t<a class=\"button-load-more \" href=\"javascript:void(0);\" data-dt-page=\"1\" ><span class=\"stick\"><\/span><span class=\"stick\"><\/span><span class=\"stick\"><\/span><span class=\"button-caption\">Load more<\/span><\/a>\n\t\t\t<\/div><\/div>[\/vc_tta_section][\/vc_tta_accordion][vc_separator][vc_empty_space height=&#8221;80px&#8221;][\/vc_column][\/vc_row][vc_row el_id=&#8221;surviving-brandenburg&#8221;][vc_column width=&#8221;1\/4&#8243; offset=&#8221;vc_col-lg-offset-0 vc_col-md-offset-0 vc_col-sm-offset-0&#8243;][vc_column_text css=&#8221;.vc_custom_1711763426381{background-position: center !important;background-repeat: no-repeat !important;background-size: cover !important;}&#8221;]<img decoding=\"async\" class=\"alignnone wp-image-102935 size-full\" src=\"https:\/\/ucm.one\/wp-content\/uploads\/2024\/03\/P-Surviving-Brandenburg.jpg\" alt=\"\" width=\"699\" height=\"1000\" srcset=\"https:\/\/ucm.one\/wp-content\/uploads\/2024\/03\/P-Surviving-Brandenburg.jpg 699w, https:\/\/ucm.one\/wp-content\/uploads\/2024\/03\/P-Surviving-Brandenburg-210x300.jpg 210w, https:\/\/ucm.one\/wp-content\/uploads\/2024\/03\/P-Surviving-Brandenburg-300x429.jpg 300w, https:\/\/ucm.one\/wp-content\/uploads\/2024\/03\/P-Surviving-Brandenburg-600x858.jpg 600w\" sizes=\"(max-width: 699px) 100vw, 699px\" \/>[\/vc_column_text][\/vc_column][vc_column width=&#8221;3\/4&#8243;][vc_column_text]<\/p>\n<h2>Surviving Brandenburg<\/h2>\n<h3><span style=\"font-family: arial, helvetica, sans-serif;\">by <\/span><span lang=\"EN-US\">Zoltan Paul &amp; Ben von Grafenstein<\/span><\/h3>\n<div class=\"wpb_text_column wpb_content_element \">\n<div class=\"wpb_wrapper\">\n<div class=\"wpb_text_column wpb_content_element \">\n<div class=\"wpb_wrapper\">\n<div class=\"wpb_text_column wpb_content_element vc_custom_1681339038108\">\n<div class=\"wpb_wrapper\">\n<p>L\u00e1szl\u00f3 Kov\u00e1cs, auteur filmmaker, is denied funding for his film project: too old, white and heart problems to boot! Conclusion: no longer employable. Wasn&#8217;t the Hungarian from Lake Balaton aiming high? What now? Continue to be on his successful wife&#8217;s back? Laszlo slips into a real life crisis and initially finds solace in the fascinating attraction of a &#8220;crazy woman&#8221; from the neighbouring village. But when a right-wing populist stands as the only candidate for mayor in the village of 120 souls, Laszlo comes to his senses. In order to &#8220;prevent the right-wing idiot&#8221;, he puts himself forward as a liberal opponent. The only question that remains is whether L\u00e1szl\u00f3&#8217;s marriage and he himself will survive the village election campaign?<\/p>\n<p>&#8220;Surviving Brandenburg&#8221; is a comedy about age discrimination and the post-midlife crisis with a very topical reference to the political situation.<\/p>\n<\/div>\n<\/div>\n<\/div>\n<\/div>\n<\/div>\n<\/div>\n<div class=\"wpb_text_column wpb_content_element \">\n<div class=\"wpb_wrapper\">\n<h3><span style=\"font-family: arial, helvetica, sans-serif;\">Theatrical release: April 11, 2024<\/span><\/h3>\n<\/div>\n<\/div>\n<p>[\/vc_column_text][\/vc_column][\/vc_row][vc_row][vc_column width=&#8221;5\/6&#8243;][vc_column_text]Darling Berlin | 2023 | Comedy | Germany | Original \u00a0title: \u201c<a title=\"\u00dcberleben in Brandenburg (2023) by Zoltan Paul &amp; Ben von Grafenstein | Darling Berlin\" href=\"https:\/\/ucm.one\/en\/surviving-brandenburg\/\">\u00dcberleben in Brandenburg<\/a>\u201d | English title: \u201cSurviving Brandenburg\u201d[\/vc_column_text][\/vc_column][vc_column width=&#8221;1\/6&#8243;][vc_btn title=&#8221;Press Material&#8221; size=&#8221;xs&#8221; align=&#8221;center&#8221; i_icon_fontawesome=&#8221;fas fa-download&#8221; button_block=&#8221;true&#8221; add_icon=&#8221;true&#8221; link=&#8221;url:https%3A%2F%2Fwww.ucm.one%2Fpresse%2Fdb_ueberleben-in-brandenburg.zip|title:Surviving%20Brandenburg|rel:nofollow&#8221;][\/vc_column][\/vc_row][vc_row][vc_column][vc_tta_accordion style=&#8221;modern&#8221; shape=&#8221;square&#8221; c_icon=&#8221;chevron&#8221; active_section=&#8221;33&#8243; no_fill=&#8221;true&#8221; collapsible_all=&#8221;true&#8221;][vc_tta_section title=&#8221;More information&#8221; tab_id=&#8221;1707841034632-3cf64946-88c5&#8243;][vc_column_text]<\/p>\n<div class=\"wpb_text_column wpb_content_element \">\n<div class=\"wpb_wrapper\">\n<p><strong>Original title:<\/strong>\u00a0\u00dcberleben in Brandenburg<\/p>\n<p><strong>Directors:<\/strong>\u00a0Zoltan Paul, Ben von Grafenstein<\/p>\n<p><strong>Screenplay:<\/strong>\u00a0Zoltan Paul<\/p>\n<p><strong>Cast:<\/strong>\u00a0Zoltan Paul (L\u00e1szl\u00f3), Adele Neuhauser (Emma Meisel), Dietrich Hollinderb\u00e4umer (Fritz), Joachim Paul Assb\u00f6ck (Weidland), Laszlo I. Kish (Karcsi), Sabine Waibel (Lisa), Werner Eng (Mario), Ralph Herforth (Clemens), Attila Georg Borlan (Attila), Gisa Flake (Chantal), Andr\u00e9 Fischer (Andrzej), Ulrike Bliefert (L\u00e1szl\u00f3\u2019s mother), Dietrich Hollinderb\u00e4umer (Fritz Meisel), Monica Reyes (journalist), Ruth Rosenfeld (Sabrina), Jessica Sy (Rita), and many more.<\/p>\n<p><strong>Producer:<\/strong>\u00a0Clementina Hegewisch, Jan Kerhart, Sandra Maischberger (Production)<\/p>\n<p><strong>Cinematography:<\/strong>\u00a0Jan Kerhart<\/p>\n<p><strong>Editing:<\/strong>\u00a0Ben von Grafenstein, Antje Lass, Sebastian Bonde, Mirja Gerle<\/p>\n<p><strong>Sound:<\/strong>\u00a0Andr\u00e9 Goeters<\/p>\n<p><strong>Visual effects:<\/strong>\u00a0Roman Gonther<\/p>\n<p><strong>Music<\/strong>: Julian Adam Pajzs<\/p>\n<p>&nbsp;<\/p>\n<p><strong>Year of production:<\/strong>\u00a02023<\/p>\n<p><strong>Production companies:<\/strong>\u00a0Vincent Productions, NEXT Film<\/p>\n<p><strong>Genres:<\/strong>\u00a0Comedy, Drama<\/p>\n<p><strong>Country:<\/strong>\u00a0Germany<\/p>\n<p><strong>Language:<\/strong>\u00a0German<\/p>\n<p><strong>Subtitles:<\/strong>\u00a0English<\/p>\n<p>&nbsp;<\/p>\n<p><strong>Length<\/strong>: 80 min<\/p>\n<p><strong>Rating:<\/strong>\u00a0FSK 12<\/p>\n<p><strong>Aspect ratio:<\/strong>\u00a02.39:1 (2048\u00d7858 pixels)<\/p>\n<p><strong>Frame rate:<\/strong>\u00a025 fps<\/p>\n<p><strong>Sound:<\/strong>\u00a0Surround 5.1, Stereo 2.0<\/p>\n<p><strong>Resolution:<\/strong>\u00a0digital 2K<\/p>\n<\/div>\n<\/div>\n<div class=\"vc_separator wpb_content_element vc_separator_align_center vc_sep_width_100 vc_sep_pos_align_center vc_separator_no_text\"><\/div>\n<div class=\"wpb_text_column wpb_content_element \">\n<div class=\"wpb_wrapper\">\n<p><em>More titles:<\/em><\/p>\n<p><strong>German:\u00a0<\/strong>\u00dcber Leben in Brandenburg (Festival title), \u00dcberLeben in Brandenburg (working title)<\/p>\n<p><strong>English<\/strong>: Surviving Brandenburg, About Living in Brandenburg (alternative title)<\/p>\n<\/div>\n<\/div>\n<div class=\"vc_separator wpb_content_element vc_separator_align_center vc_sep_width_100 vc_sep_pos_align_center vc_separator_no_text\"><\/div>\n<div class=\"wpb_text_column wpb_content_element \">\n<div class=\"wpb_wrapper\">\n<p><em>World premiere:<\/em><\/p>\n<p><strong>57th Hof International Film Festival<\/strong>\u00a0on 26.10.2023<\/p>\n<\/div>\n<\/div>\n<div class=\"vc_separator wpb_content_element vc_separator_align_center vc_sep_width_100 vc_sep_pos_align_center vc_separator_no_text\"><\/div>\n<div class=\"wpb_text_column wpb_content_element \">\n<div class=\"wpb_wrapper\">\n<p><strong>Film label:<\/strong>\u00a0Darling Berlin<\/p>\n<p><strong>Distributor:<\/strong>\u00a0<strong>UCM.ONE<\/strong><\/p>\n<p>&nbsp;<\/p>\n<p><strong>Theatrical start Germany:\u00a0<\/strong>April 11, 2024<\/p>\n<\/div>\n<\/div>\n<div class=\"vc_separator wpb_content_element vc_separator_align_center vc_sep_width_100 vc_sep_pos_align_center vc_separator_no_text\"><\/div>\n<p>All information about the movie: <a title=\"Surviving Brandenburg (2023) by Zoltan Paul &amp; Ben von Grafenstein | Darling Berlin\" href=\"https:\/\/ucm.one\/en\/surviving-brandenburg\/\">Surviving Brandenburg<\/a>[\/vc_column_text][\/vc_tta_section][vc_tta_section title=&#8221;Trailer&#8221; tab_id=&#8221;1707841034732-2febfcd6-62ed&#8221;][vc_video link=&#8221;https:\/\/www.youtube.com\/watch?v=XNNHnLzyD-Y&#8221;][\/vc_tta_section][vc_tta_section title=&#8221;News&#8221; tab_id=&#8221;1707841034825-70994075-6571&#8243;]<style type=\"text\/css\" data-type=\"the7_shortcodes-inline-css\">.blog-shortcode.blog-masonry-shortcode-id-37792c0fb95f841f4bf981b7eb6063e3.content-bg-on.classic-layout-list article {\n  background: #e6e6e6;\n  box-shadow: none;\n}\n.blog-shortcode.blog-masonry-shortcode-id-37792c0fb95f841f4bf981b7eb6063e3.dividers-on.classic-layout-list article {\n  padding-top: 0;\n}\n.blog-shortcode.blog-masonry-shortcode-id-37792c0fb95f841f4bf981b7eb6063e3.dividers-on.classic-layout-list article:first-of-type {\n  margin-top: 0;\n  padding-top: 0;\n}\n.blog-shortcode.blog-masonry-shortcode-id-37792c0fb95f841f4bf981b7eb6063e3.classic-layout-list.mode-list .post-entry-content {\n  width: calc(100% - );\n}\n.blog-shortcode.blog-masonry-shortcode-id-37792c0fb95f841f4bf981b7eb6063e3.classic-layout-list.mode-list .no-img .post-entry-content {\n  width: 100%;\n}\n.blog-shortcode.blog-masonry-shortcode-id-37792c0fb95f841f4bf981b7eb6063e3 .filter-bg-decoration .filter-categories a.act {\n  color: #fff;\n}\n.blog-shortcode.blog-masonry-shortcode-id-37792c0fb95f841f4bf981b7eb6063e3:not(.mode-masonry) article:first-of-type,\n.blog-shortcode.blog-masonry-shortcode-id-37792c0fb95f841f4bf981b7eb6063e3:not(.mode-masonry) article.visible.first:not(.product) {\n  margin-top: 0;\n}\n.blog-shortcode.blog-masonry-shortcode-id-37792c0fb95f841f4bf981b7eb6063e3.dividers-on:not(.mode-masonry) article {\n  margin-top: 0;\n}\n.blog-shortcode.blog-masonry-shortcode-id-37792c0fb95f841f4bf981b7eb6063e3.dividers-on:not(.mode-masonry) article:first-of-type,\n.blog-shortcode.blog-masonry-shortcode-id-37792c0fb95f841f4bf981b7eb6063e3.dividers-on:not(.mode-masonry) article.visible.first:not(.product) {\n  margin-top: 0;\n  padding-top: 0;\n}\n.blog-shortcode.blog-masonry-shortcode-id-37792c0fb95f841f4bf981b7eb6063e3 .post-thumbnail-wrap {\n  padding: 0px 0px 0px 0px;\n}\n.blog-shortcode.blog-masonry-shortcode-id-37792c0fb95f841f4bf981b7eb6063e3.enable-bg-rollover .post-thumbnail-rollover:after {\n  background: -webkit-linear-gradient();\n  background: linear-gradient();\n}\n.blog-shortcode.blog-masonry-shortcode-id-37792c0fb95f841f4bf981b7eb6063e3 .gallery-zoom-ico {\n  width: 44px;\n  height: 44px;\n  line-height: 44px;\n  border-radius: 100px;\n  margin: -22px 0 0 -22px;\n  border-width: 0px;\n  color: #ffffff;\n}\n.bottom-overlap-layout-list.blog-shortcode.blog-masonry-shortcode-id-37792c0fb95f841f4bf981b7eb6063e3 .gallery-zoom-ico {\n  margin-top: -72px;\n}\n.gradient-overlay-layout-list.blog-shortcode.blog-masonry-shortcode-id-37792c0fb95f841f4bf981b7eb6063e3 .gallery-zoom-ico,\n.content-rollover-layout-list.blog-shortcode.blog-masonry-shortcode-id-37792c0fb95f841f4bf981b7eb6063e3 .gallery-zoom-ico {\n  margin: 0 0 10px;\n}\n.content-align-center.gradient-overlay-layout-list.blog-shortcode.blog-masonry-shortcode-id-37792c0fb95f841f4bf981b7eb6063e3 .gallery-zoom-ico,\n.content-align-center.content-rollover-layout-list.blog-shortcode.blog-masonry-shortcode-id-37792c0fb95f841f4bf981b7eb6063e3 .gallery-zoom-ico {\n  margin: 0 auto 10px;\n}\n.dt-icon-bg-on.blog-shortcode.blog-masonry-shortcode-id-37792c0fb95f841f4bf981b7eb6063e3 .gallery-zoom-ico {\n  background: rgba(255,255,255,0.3);\n  box-shadow: none;\n}\n.blog-shortcode.blog-masonry-shortcode-id-37792c0fb95f841f4bf981b7eb6063e3 .gallery-zoom-ico > span,\n.blog-shortcode.blog-masonry-shortcode-id-37792c0fb95f841f4bf981b7eb6063e3 .gallery-zoom-ico:before {\n  font-size: 32px;\n  line-height: 44px;\n}\n.blog-shortcode.blog-masonry-shortcode-id-37792c0fb95f841f4bf981b7eb6063e3 .gallery-zoom-ico > span,\n.blog-shortcode.blog-masonry-shortcode-id-37792c0fb95f841f4bf981b7eb6063e3 .gallery-zoom-ico:before {\n  color: #ffffff;\n}\n.blog-shortcode.blog-masonry-shortcode-id-37792c0fb95f841f4bf981b7eb6063e3 .entry-title,\n.blog-shortcode.blog-masonry-shortcode-id-37792c0fb95f841f4bf981b7eb6063e3.owl-carousel .entry-title {\n  margin-bottom: 5px;\n  font-weight: bold;\n}\n.blog-shortcode.blog-masonry-shortcode-id-37792c0fb95f841f4bf981b7eb6063e3 .entry-meta {\n  margin-bottom: 15px;\n}\n.blog-shortcode.blog-masonry-shortcode-id-37792c0fb95f841f4bf981b7eb6063e3 .portfolio-categories {\n  margin-bottom: 15px;\n}\n.blog-shortcode.blog-masonry-shortcode-id-37792c0fb95f841f4bf981b7eb6063e3 .entry-excerpt {\n  margin-bottom: 5px;\n}\n.blog-shortcode.blog-masonry-shortcode-id-37792c0fb95f841f4bf981b7eb6063e3:not(.centered-layout-list) .post-entry-content {\n  padding: 15px 20px 20px 20px;\n}\n.blog-shortcode.blog-masonry-shortcode-id-37792c0fb95f841f4bf981b7eb6063e3:not(.centered-layout-list):not(.content-bg-on):not(.mode-list) .no-img .post-entry-content {\n  padding: 0;\n}\n.blog-shortcode.blog-masonry-shortcode-id-37792c0fb95f841f4bf981b7eb6063e3.content-bg-on:not(.classic-layout-list):not(.centered-layout-list) .post-entry-content {\n  background: #e6e6e6;\n  box-shadow: none;\n}\n@media screen and (max-width: ) {\n  .blog-shortcode.blog-masonry-shortcode-id-37792c0fb95f841f4bf981b7eb6063e3 article {\n    -ms-flex-flow: column nowrap;\n    flex-flow: column nowrap;\n    margin-top: 20px;\n  }\n  .blog-shortcode.blog-masonry-shortcode-id-37792c0fb95f841f4bf981b7eb6063e3.dividers-on article {\n    border: none;\n  }\n  .blog-shortcode.blog-masonry-shortcode-id-37792c0fb95f841f4bf981b7eb6063e3.content-bg-on.centered-layout-list article {\n    padding: 0;\n  }\n  .blog-shortcode.blog-masonry-shortcode-id-37792c0fb95f841f4bf981b7eb6063e3.blog-shortcode.dividers-on article,\n  .blog-shortcode.blog-masonry-shortcode-id-37792c0fb95f841f4bf981b7eb6063e3.dividers-on.classic-layout-list article {\n    margin-top: 20px;\n    padding: 0;\n  }\n  .blog-shortcode.blog-masonry-shortcode-id-37792c0fb95f841f4bf981b7eb6063e3.blog-shortcode.dividers-on article:first-of-type,\n  .blog-shortcode.blog-masonry-shortcode-id-37792c0fb95f841f4bf981b7eb6063e3.dividers-on.classic-layout-list article:first-of-type {\n    padding: 0;\n  }\n  #page .blog-shortcode.blog-masonry-shortcode-id-37792c0fb95f841f4bf981b7eb6063e3 .post-thumbnail-wrap,\n  #page .blog-shortcode.blog-masonry-shortcode-id-37792c0fb95f841f4bf981b7eb6063e3 .post-entry-content {\n    width: 100%;\n    margin: 0;\n    top: 0;\n  }\n  #page .blog-shortcode.blog-masonry-shortcode-id-37792c0fb95f841f4bf981b7eb6063e3 .post-thumbnail-wrap {\n    padding: 0;\n  }\n  #page .blog-shortcode.blog-masonry-shortcode-id-37792c0fb95f841f4bf981b7eb6063e3 .post-entry-content:after {\n    display: none;\n  }\n  #page .blog-shortcode.blog-masonry-shortcode-id-37792c0fb95f841f4bf981b7eb6063e3 .project-even .post-thumbnail-wrap,\n  #page .blog-shortcode.blog-masonry-shortcode-id-37792c0fb95f841f4bf981b7eb6063e3.centered-layout-list .post-thumbnail-wrap {\n    -ms-flex-order: 0;\n    order: 0;\n  }\n  #page .blog-shortcode.blog-masonry-shortcode-id-37792c0fb95f841f4bf981b7eb6063e3.centered-layout-list .post-entry-title-content {\n    -ms-flex-order: 1;\n    order: 1;\n    width: 100%;\n    padding: 20px 20px 0;\n  }\n  #page .blog-shortcode.blog-masonry-shortcode-id-37792c0fb95f841f4bf981b7eb6063e3.centered-layout-list .post-entry-content {\n    -ms-flex-order: 2;\n    order: 2;\n    padding-top: 0;\n  }\n  #page .blog-shortcode.blog-masonry-shortcode-id-37792c0fb95f841f4bf981b7eb6063e3 .fancy-categories {\n    top: 10px;\n    left: 10px;\n    bottom: auto;\n    right: auto;\n  }\n  #page .blog-shortcode.blog-masonry-shortcode-id-37792c0fb95f841f4bf981b7eb6063e3 .fancy-date a {\n    top: 10px;\n    right: 10px;\n    left: auto;\n    bottom: auto;\n  }\n  #page .blog-shortcode.blog-masonry-shortcode-id-37792c0fb95f841f4bf981b7eb6063e3 .post-entry-content {\n    padding: 20px;\n  }\n  #page .blog-shortcode.blog-masonry-shortcode-id-37792c0fb95f841f4bf981b7eb6063e3 .entry-title {\n    margin: 3px 0 5px;\n    font-size: 20px;\n    line-height: 26px;\n  }\n  #page .blog-shortcode.blog-masonry-shortcode-id-37792c0fb95f841f4bf981b7eb6063e3 .entry-meta {\n    margin: 5px 0 5px;\n  }\n  #page .blog-shortcode.blog-masonry-shortcode-id-37792c0fb95f841f4bf981b7eb6063e3 .entry-excerpt {\n    margin: 15px 0 0;\n  }\n  #page .blog-shortcode.blog-masonry-shortcode-id-37792c0fb95f841f4bf981b7eb6063e3 .post-details {\n    margin: 5px 0 10px;\n  }\n  #page .blog-shortcode.blog-masonry-shortcode-id-37792c0fb95f841f4bf981b7eb6063e3 .post-details.details-type-link {\n    margin-bottom: 2px;\n  }\n}\n.blog-shortcode.blog-masonry-shortcode-id-37792c0fb95f841f4bf981b7eb6063e3:not(.resize-by-browser-width) .dt-css-grid {\n  grid-row-gap: 50px;\n  grid-column-gap: 50px;\n  grid-template-columns: repeat(auto-fill,minmax(,1fr));\n}\n.blog-shortcode.blog-masonry-shortcode-id-37792c0fb95f841f4bf981b7eb6063e3:not(.resize-by-browser-width) .dt-css-grid .double-width {\n  grid-column: span 2;\n}\n.cssgridlegacy.no-cssgrid .blog-shortcode.blog-masonry-shortcode-id-37792c0fb95f841f4bf981b7eb6063e3:not(.resize-by-browser-width) .dt-css-grid,\n.no-cssgridlegacy.no-cssgrid .blog-shortcode.blog-masonry-shortcode-id-37792c0fb95f841f4bf981b7eb6063e3:not(.resize-by-browser-width) .dt-css-grid {\n  display: flex;\n  flex-flow: row wrap;\n  margin: -25px;\n}\n.cssgridlegacy.no-cssgrid .blog-shortcode.blog-masonry-shortcode-id-37792c0fb95f841f4bf981b7eb6063e3:not(.resize-by-browser-width) .dt-css-grid .wf-cell,\n.no-cssgridlegacy.no-cssgrid .blog-shortcode.blog-masonry-shortcode-id-37792c0fb95f841f4bf981b7eb6063e3:not(.resize-by-browser-width) .dt-css-grid .wf-cell {\n  flex: 1 0 ;\n  max-width: 100%;\n  padding: 25px;\n  box-sizing: border-box;\n}\n.blog-shortcode.blog-masonry-shortcode-id-37792c0fb95f841f4bf981b7eb6063e3.resize-by-browser-width .dt-css-grid {\n  grid-template-columns: repeat(1,1fr);\n  grid-template-rows: auto;\n  grid-column-gap: 50px;\n  grid-row-gap: 50px;\n}\n.blog-shortcode.blog-masonry-shortcode-id-37792c0fb95f841f4bf981b7eb6063e3.resize-by-browser-width .dt-css-grid .double-width {\n  grid-column: span 2;\n}\n.cssgridlegacy.no-cssgrid .blog-shortcode.blog-masonry-shortcode-id-37792c0fb95f841f4bf981b7eb6063e3.resize-by-browser-width .dt-css-grid {\n  margin: -25px;\n}\n.cssgridlegacy.no-cssgrid .blog-shortcode.blog-masonry-shortcode-id-37792c0fb95f841f4bf981b7eb6063e3.resize-by-browser-width .dt-css-grid .wf-cell {\n  width: 100%;\n  padding: 25px;\n}\n.cssgridlegacy.no-cssgrid .blog-shortcode.blog-masonry-shortcode-id-37792c0fb95f841f4bf981b7eb6063e3.resize-by-browser-width .dt-css-grid .wf-cell.double-width {\n  width: calc(100%) * 2;\n}\n.blog-shortcode.blog-masonry-shortcode-id-37792c0fb95f841f4bf981b7eb6063e3.resize-by-browser-width:not(.centered-layout-list):not(.content-bg-on) .dt-css-grid {\n  grid-row-gap: 30px;\n}\n@media screen and (max-width: 1199px) {\n  .blog-shortcode.blog-masonry-shortcode-id-37792c0fb95f841f4bf981b7eb6063e3.resize-by-browser-width .dt-css-grid {\n    grid-template-columns: repeat(1,1fr);\n  }\n  .cssgridlegacy.no-cssgrid .blog-shortcode.blog-masonry-shortcode-id-37792c0fb95f841f4bf981b7eb6063e3.resize-by-browser-width .dt-css-grid .wf-cell,\n  .no-cssgridlegacy.no-cssgrid .blog-shortcode.blog-masonry-shortcode-id-37792c0fb95f841f4bf981b7eb6063e3.resize-by-browser-width .dt-css-grid .wf-cell {\n    width: 100%;\n  }\n  .cssgridlegacy.no-cssgrid .blog-shortcode.blog-masonry-shortcode-id-37792c0fb95f841f4bf981b7eb6063e3.resize-by-browser-width .dt-css-grid .wf-cell.double-width,\n  .no-cssgridlegacy.no-cssgrid .blog-shortcode.blog-masonry-shortcode-id-37792c0fb95f841f4bf981b7eb6063e3.resize-by-browser-width .dt-css-grid .wf-cell.double-width {\n    width: calc(100%)*2;\n  }\n}\n@media screen and (max-width: 991px) {\n  .blog-shortcode.blog-masonry-shortcode-id-37792c0fb95f841f4bf981b7eb6063e3.resize-by-browser-width .dt-css-grid {\n    grid-template-columns: repeat(1,1fr);\n  }\n  .cssgridlegacy.no-cssgrid .blog-shortcode.blog-masonry-shortcode-id-37792c0fb95f841f4bf981b7eb6063e3.resize-by-browser-width .dt-css-grid .wf-cell,\n  .no-cssgridlegacy.no-cssgrid .blog-shortcode.blog-masonry-shortcode-id-37792c0fb95f841f4bf981b7eb6063e3.resize-by-browser-width .dt-css-grid .wf-cell {\n    width: 100%;\n  }\n  .cssgridlegacy.no-cssgrid .blog-shortcode.blog-masonry-shortcode-id-37792c0fb95f841f4bf981b7eb6063e3.resize-by-browser-width .dt-css-grid .wf-cell.double-width,\n  .no-cssgridlegacy.no-cssgrid .blog-shortcode.blog-masonry-shortcode-id-37792c0fb95f841f4bf981b7eb6063e3.resize-by-browser-width .dt-css-grid .wf-cell.double-width {\n    width: calc(100%)*2;\n  }\n}\n@media screen and (max-width: 767px) {\n  .blog-shortcode.blog-masonry-shortcode-id-37792c0fb95f841f4bf981b7eb6063e3.resize-by-browser-width .dt-css-grid {\n    grid-template-columns: repeat(1,1fr);\n  }\n  .blog-shortcode.blog-masonry-shortcode-id-37792c0fb95f841f4bf981b7eb6063e3.resize-by-browser-width .dt-css-grid .double-width {\n    grid-column: span 1;\n  }\n  .cssgridlegacy.no-cssgrid .blog-shortcode.blog-masonry-shortcode-id-37792c0fb95f841f4bf981b7eb6063e3.resize-by-browser-width .dt-css-grid .wf-cell,\n  .no-cssgridlegacy.no-cssgrid .blog-shortcode.blog-masonry-shortcode-id-37792c0fb95f841f4bf981b7eb6063e3.resize-by-browser-width .dt-css-grid .wf-cell {\n    width: 100%;\n  }\n  .cssgridlegacy.no-cssgrid .blog-shortcode.blog-masonry-shortcode-id-37792c0fb95f841f4bf981b7eb6063e3.resize-by-browser-width .dt-css-grid .wf-cell.double-width,\n  .no-cssgridlegacy.no-cssgrid .blog-shortcode.blog-masonry-shortcode-id-37792c0fb95f841f4bf981b7eb6063e3.resize-by-browser-width .dt-css-grid .wf-cell.double-width {\n    width: calc(100%)*2;\n  }\n}<\/style><div class=\"blog-shortcode blog-masonry-shortcode-id-37792c0fb95f841f4bf981b7eb6063e3 mode-grid classic-layout-list content-bg-on jquery-filter vertical-fancy-style scale-img dt-css-grid-wrap dt-icon-bg-off resize-by-browser-width loading-effect-none description-under-image \" data-padding=\"25px\" data-cur-page=\"1\" data-post-limit=\"2\" data-pagination-mode=\"load-more\" aria-live=\"assertive\" data-desktop-columns-num=\"1\" data-v-tablet-columns-num=\"1\" data-h-tablet-columns-num=\"1\" data-phone-columns-num=\"1\" data-width=\"0px\" data-columns=\"0\"><div class=\"dt-css-grid\" ><div class=\"visible wf-cell\" data-post-id=\"198106\" data-date=\"2025-02-22T13:06:17+00:00\" data-name=\"\ud83c\udfac &quot;Surviving Brandenburg\u201d celebrates its international premiere at the 31st Sedona International Film Festival 2025\"><article class=\"post project-odd visible post-198106 type-post status-publish format-standard has-post-thumbnail hentry category-darling-berlin category-film-en category-news-en category-world-sales tag-ben-von-grafenstein-2 tag-darling-berlin-en tag-elections tag-international-premiere tag-jan-kerhart-2 tag-kinostart-en tag-local-elections tag-sandra-maischberger-2 tag-sedona-international-film-festival-2 tag-surviving-brandenburg tag-tina-hegewisch-2 tag-uberleben-in-brandenburg tag-zoltan-paul-en category-22 category-942 category-941 category-7530\" data-name=\"\ud83c\udfac &#8220;Surviving Brandenburg\u201d celebrates its international premiere at the 31st Sedona International Film Festival 2025\" data-date=\"2025-02-22T13:06:17+00:00\">\n\n<div class=\"post-thumbnail-wrap\">\n\t<div class=\"post-thumbnail\">\n\t\t\n\t\t\n\t\t<a href=\"https:\/\/ucm.one\/en\/surviving-brandenburg-celebrates-its-international-premiere-at-the-31st-sedona-international-film-festival-2025\/\" class=\"post-thumbnail-rollover layzr-bg layzr-bg\" ><img decoding=\"async\" class=\"iso-lazy-load preload-me iso-lazy-load aspect\" src=\"data:image\/svg+xml,%3Csvg%20xmlns%3D&#39;http%3A%2F%2Fwww.w3.org%2F2000%2Fsvg&#39;%20viewBox%3D&#39;0%200%20990%20309&#39;%2F%3E\" data-src=\"https:\/\/ucm.one\/wp-content\/uploads\/2025\/02\/B-UELIB-EN_SIFF_1920x600-990x309.jpg\" data-srcset=\"https:\/\/ucm.one\/wp-content\/uploads\/2025\/02\/B-UELIB-EN_SIFF_1920x600-990x309.jpg 990w, https:\/\/ucm.one\/wp-content\/uploads\/2025\/02\/B-UELIB-EN_SIFF_1920x600-1485x464.jpg 1485w\" loading=\"eager\" style=\"--ratio: 990 \/ 309\" sizes=\"(max-width: 990px) 100vw, 990px\" alt=\"\" title=\"B-UELIB-EN_SIFF_1920x600\" width=\"990\" height=\"309\"  \/><\/a>\t<\/div>\n<\/div>\n\n\n<div class=\"post-entry-content\">\n\n\t<h3 class=\"entry-title\">\n\t\t<a href=\"https:\/\/ucm.one\/en\/surviving-brandenburg-celebrates-its-international-premiere-at-the-31st-sedona-international-film-festival-2025\/\" title=\"\ud83c\udfac &#8220;Surviving Brandenburg\u201d celebrates its international premiere at the 31st Sedona International Film Festival 2025\" rel=\"bookmark\">\ud83c\udfac &#8220;Surviving Brandenburg\u201d celebrates its international premiere at the 31st Sedona International Film Festival 2025<\/a>\n\t<\/h3>\n\n\t<div class=\"entry-meta\"><span class=\"category-link\"><a href=\"https:\/\/ucm.one\/en\/category\/news-en\/film-en\/darling-berlin\/\" >Darling Berlin<\/a>, <a href=\"https:\/\/ucm.one\/en\/category\/news-en\/film-en\/\" >Film<\/a>, <a href=\"https:\/\/ucm.one\/en\/category\/news-en\/\" >News<\/a>, <a href=\"https:\/\/ucm.one\/en\/category\/news-en\/movie-distribution\/world-sales\/\" >World Sales<\/a><\/span><a class=\"author vcard\" href=\"\" title=\"View all posts by robert.zimmermann\" rel=\"author\">By <span class=\"fn\">robert.zimmermann<\/span><\/a><a href=\"https:\/\/ucm.one\/en\/2025\/02\/22\/\" title=\"13:06\" class=\"data-link\" rel=\"bookmark\"><time class=\"entry-date updated\" datetime=\"2025-02-22T13:06:17+00:00\">22. February 2025<\/time><\/a><\/div>\n\t<div class=\"entry-excerpt\"><p>[vc_row][vc_column][vc_column_text css=&#8221;&#8221;]Ten months after its German theatrical release in April 2024, the comedy &#8220;Surviving Brandenburg&#8221; (German title &#8220;\u00dcberleben in Brandenburg&#8221;) celebrates its international premiere at the Sedona International Film Festival (SIFF), Sedona, Arizona, USA.[\/vc_column_text][vc_column_text css=&#8221;&#8221;] The Sedona International Film Festival (SIFF) is an annual film festival in Sedona, Arizona, founded in 1994. It will take&hellip;<\/p>\n<\/div>\n\t\n<a href=\"https:\/\/ucm.one\/en\/surviving-brandenburg-celebrates-its-international-premiere-at-the-31st-sedona-international-film-festival-2025\/\" class=\"post-details details-type-link\" aria-label=\"Read more about \ud83c\udfac &#8220;Surviving Brandenburg\u201d celebrates its international premiere at the 31st Sedona International Film Festival 2025\">Read more<i class=\"dt-icon-the7-arrow-03\" aria-hidden=\"true\"><\/i><\/a>\n\n<\/div><\/article><\/div><div class=\"visible wf-cell\" data-post-id=\"104390\" data-date=\"2024-05-21T17:54:19+00:00\" data-name=\"\ud83c\udfac \u2018Surviving Brandenburg\u2019 goes on a tour of villages and towns in eastern Germany\"><article class=\"post project-odd visible post-104390 type-post status-publish format-standard has-post-thumbnail hentry category-darling-berlin category-film-en category-film-distribution-en category-news-en category-world-sales tag-ben-von-grafenstein-2 tag-darling-berlin-en tag-european-elections tag-jan-kerhart-2 tag-kinostart-en tag-local-elections tag-sandra-maischberger-2 tag-thalia-cinema tag-tina-hegewisch-2 tag-uberleben-in-brandenburg tag-zoltan-paul-en category-22 category-942 category-15326 category-941 category-7530\" data-name=\"\ud83c\udfac \u2018Surviving Brandenburg\u2019 goes on a tour of villages and towns in eastern Germany\" data-date=\"2024-05-21T17:54:19+00:00\">\n\n<div class=\"post-thumbnail-wrap\">\n\t<div class=\"post-thumbnail\">\n\t\t\n\t\t\n\t\t<a href=\"https:\/\/ucm.one\/en\/surviving-brandenburg-goes-on-a-tour-of-villages-and-towns-in-eastern-germany\/\" class=\"post-thumbnail-rollover layzr-bg layzr-bg\" ><img decoding=\"async\" class=\"iso-lazy-load preload-me iso-lazy-load aspect\" src=\"data:image\/svg+xml,%3Csvg%20xmlns%3D&#39;http%3A%2F%2Fwww.w3.org%2F2000%2Fsvg&#39;%20viewBox%3D&#39;0%200%20990%20309&#39;%2F%3E\" data-src=\"https:\/\/ucm.one\/wp-content\/uploads\/2024\/05\/B-Survival-in-Brandenburg-tour-990x309.jpeg\" data-srcset=\"https:\/\/ucm.one\/wp-content\/uploads\/2024\/05\/B-Survival-in-Brandenburg-tour-990x309.jpeg 990w, https:\/\/ucm.one\/wp-content\/uploads\/2024\/05\/B-Survival-in-Brandenburg-tour-1485x464.jpeg 1485w\" loading=\"eager\" style=\"--ratio: 990 \/ 309\" sizes=\"(max-width: 990px) 100vw, 990px\" alt=\"\" title=\"B Survival in Brandenburg tour\" width=\"990\" height=\"309\"  \/><\/a>\t<\/div>\n<\/div>\n\n\n<div class=\"post-entry-content\">\n\n\t<h3 class=\"entry-title\">\n\t\t<a href=\"https:\/\/ucm.one\/en\/surviving-brandenburg-goes-on-a-tour-of-villages-and-towns-in-eastern-germany\/\" title=\"\ud83c\udfac \u2018Surviving Brandenburg\u2019 goes on a tour of villages and towns in eastern Germany\" rel=\"bookmark\">\ud83c\udfac \u2018Surviving Brandenburg\u2019 goes on a tour of villages and towns in eastern Germany<\/a>\n\t<\/h3>\n\n\t<div class=\"entry-meta\"><span class=\"category-link\"><a href=\"https:\/\/ucm.one\/en\/category\/news-en\/film-en\/darling-berlin\/\" >Darling Berlin<\/a>, <a href=\"https:\/\/ucm.one\/en\/category\/news-en\/film-en\/\" >Film<\/a>, <a href=\"https:\/\/ucm.one\/en\/category\/news-en\/media-distribution-en\/film-distribution-en\/\" >Film Distribution<\/a>, <a href=\"https:\/\/ucm.one\/en\/category\/news-en\/\" >News<\/a>, <a href=\"https:\/\/ucm.one\/en\/category\/news-en\/movie-distribution\/world-sales\/\" >World Sales<\/a><\/span><a class=\"author vcard\" href=\"\" title=\"View all posts by Joachim Keil\" rel=\"author\">By <span class=\"fn\">Joachim Keil<\/span><\/a><a href=\"https:\/\/ucm.one\/en\/2024\/05\/21\/\" title=\"17:54\" class=\"data-link\" rel=\"bookmark\"><time class=\"entry-date updated\" datetime=\"2024-05-21T17:54:19+00:00\">21. May 2024<\/time><\/a><\/div>\n\t<div class=\"entry-excerpt\"><p>[vc_row][vc_column][vc_column_text css=&#8221;&#8221;] Two weeks before the local and European elections in Brandenburg on 9 June, the feature film \u2018Surviving Brandenburg\u2019 (Darling Berlin) is going on another cinema tour through East German villages, towns and cities. In Berlin, the comedy will be shown daily from Thursday 23 May at the Kant Kino, where the film team&hellip;<\/p>\n<\/div>\n\t\n<a href=\"https:\/\/ucm.one\/en\/surviving-brandenburg-goes-on-a-tour-of-villages-and-towns-in-eastern-germany\/\" class=\"post-details details-type-link\" aria-label=\"Read more about \ud83c\udfac \u2018Surviving Brandenburg\u2019 goes on a tour of villages and towns in eastern Germany\">Read more<i class=\"dt-icon-the7-arrow-03\" aria-hidden=\"true\"><\/i><\/a>\n\n<\/div><\/article><\/div><div class=\"hidden wf-cell\" data-post-id=\"103558\" data-date=\"2024-04-12T20:38:00+00:00\" data-name=\"\ud83c\udfac Acclaimed premiere for the cinema release of &quot;Survival in Brandenburg&quot; by Zoltan Paul and Ben von Grafenstein at the 20th Achtung Berlin Film Festival\"><article class=\"post project-odd visible post-103558 type-post status-publish format-standard has-post-thumbnail hentry category-darling-berlin category-film-en category-film-distribution-en category-news-en category-world-sales tag-babylon-berlin-en tag-ben-von-grafenstein-2 tag-darling-berlin-en tag-jan-kerhart-2 tag-kinostart-en tag-sandra-maischberger-2 tag-tina-hegewisch-2 tag-uberleben-in-brandenburg tag-zoltan-paul-en category-22 category-942 category-15326 category-941 category-7530\" data-name=\"\ud83c\udfac Acclaimed premiere for the cinema release of &#8220;Survival in Brandenburg&#8221; by Zoltan Paul and Ben von Grafenstein at the 20th Achtung Berlin Film Festival\" data-date=\"2024-04-12T20:38:00+00:00\">\n\n<div class=\"post-thumbnail-wrap\">\n\t<div class=\"post-thumbnail\">\n\t\t\n\t\t\n\t\t<a href=\"https:\/\/ucm.one\/en\/acclaimed-premiere-for-the-cinema-release-of-survival-in-brandenburg-by-zoltan-paul-and-ben-von-grafenstein-at-the-20th-achtung-berlin-film-festival\/\" class=\"post-thumbnail-rollover layzr-bg layzr-bg\" ><img decoding=\"async\" class=\"iso-lazy-load preload-me iso-lazy-load aspect\" src=\"data:image\/svg+xml,%3Csvg%20xmlns%3D&#39;http%3A%2F%2Fwww.w3.org%2F2000%2Fsvg&#39;%20viewBox%3D&#39;0%200%20990%20309&#39;%2F%3E\" data-src=\"https:\/\/ucm.one\/wp-content\/uploads\/2024\/04\/B-UeiB-Babylon-990x309.jpeg\" data-srcset=\"https:\/\/ucm.one\/wp-content\/uploads\/2024\/04\/B-UeiB-Babylon-990x309.jpeg 990w, https:\/\/ucm.one\/wp-content\/uploads\/2024\/04\/B-UeiB-Babylon-1485x464.jpeg 1485w\" loading=\"eager\" style=\"--ratio: 990 \/ 309\" sizes=\"(max-width: 990px) 100vw, 990px\" alt=\"\" title=\"B \u00dciB Babylon\" width=\"990\" height=\"309\"  \/><\/a>\t<\/div>\n<\/div>\n\n\n<div class=\"post-entry-content\">\n\n\t<h3 class=\"entry-title\">\n\t\t<a href=\"https:\/\/ucm.one\/en\/acclaimed-premiere-for-the-cinema-release-of-survival-in-brandenburg-by-zoltan-paul-and-ben-von-grafenstein-at-the-20th-achtung-berlin-film-festival\/\" title=\"\ud83c\udfac Acclaimed premiere for the cinema release of &#8220;Survival in Brandenburg&#8221; by Zoltan Paul and Ben von Grafenstein at the 20th Achtung Berlin Film Festival\" rel=\"bookmark\">\ud83c\udfac Acclaimed premiere for the cinema release of &#8220;Survival in Brandenburg&#8221; by Zoltan Paul and Ben von Grafenstein at the 20th Achtung Berlin Film Festival<\/a>\n\t<\/h3>\n\n\t<div class=\"entry-meta\"><span class=\"category-link\"><a href=\"https:\/\/ucm.one\/en\/category\/news-en\/film-en\/darling-berlin\/\" >Darling Berlin<\/a>, <a href=\"https:\/\/ucm.one\/en\/category\/news-en\/film-en\/\" >Film<\/a>, <a href=\"https:\/\/ucm.one\/en\/category\/news-en\/media-distribution-en\/film-distribution-en\/\" >Film Distribution<\/a>, <a href=\"https:\/\/ucm.one\/en\/category\/news-en\/\" >News<\/a>, <a href=\"https:\/\/ucm.one\/en\/category\/news-en\/movie-distribution\/world-sales\/\" >World Sales<\/a><\/span><a class=\"author vcard\" href=\"\" title=\"View all posts by Joachim Keil\" rel=\"author\">By <span class=\"fn\">Joachim Keil<\/span><\/a><a href=\"https:\/\/ucm.one\/en\/2024\/04\/12\/\" title=\"20:38\" class=\"data-link\" rel=\"bookmark\"><time class=\"entry-date updated\" datetime=\"2024-04-12T20:38:00+00:00\">12. April 2024<\/time><\/a><\/div>\n\t<div class=\"entry-excerpt\"><p>[vc_row][vc_column][vc_column_text] The feature film &#8220;Survival in Brandenburg&#8221; by Zoltan Paul and Ben von Grafenstein celebrated its cinema premiere on 11 April 2024 at the traditional Berlin cinema Babylon in Berlin Mitte to an almost sold-out audience. [\/vc_column_text][\/vc_column][\/vc_row][vc_row][vc_column width=&#8221;1\/3&#8243;][vc_empty_space height=&#8221;8px&#8221;][vc_single_image image=&#8221;103519&#8243; img_size=&#8221;full&#8221; add_caption=&#8221;yes&#8221; alignment=&#8221;center&#8221; onclick=&#8221;link_image&#8221;][\/vc_column][vc_column width=&#8221;1\/3&#8243;][vc_column_text]The highly topical comedy about the ageing filmmaker Laszl\u00f3 Kovacs(Zoltan Paul),&hellip;<\/p>\n<\/div>\n\t\n<a href=\"https:\/\/ucm.one\/en\/acclaimed-premiere-for-the-cinema-release-of-survival-in-brandenburg-by-zoltan-paul-and-ben-von-grafenstein-at-the-20th-achtung-berlin-film-festival\/\" class=\"post-details details-type-link\" aria-label=\"Read more about \ud83c\udfac Acclaimed premiere for the cinema release of &#8220;Survival in Brandenburg&#8221; by Zoltan Paul and Ben von Grafenstein at the 20th Achtung Berlin Film Festival\">Read more<i class=\"dt-icon-the7-arrow-03\" aria-hidden=\"true\"><\/i><\/a>\n\n<\/div><\/article><\/div><div class=\"hidden wf-cell\" data-post-id=\"103494\" data-date=\"2024-04-11T13:22:55+00:00\" data-name=\"\ud83c\udfac &quot;Surviving Brandenburg&quot; by Zoltan Paul &amp; Ben von Grafenstein opens in cinemas today\"><article class=\"post project-odd visible post-103494 type-post status-publish format-standard has-post-thumbnail hentry category-darling-berlin category-film-en category-film-distribution-en category-news-en category-world-sales tag-adele-neuhauser-2 tag-babylon-berlin-en tag-ben-von-grafenstein-2 tag-clementina-hegewisch-en tag-darling-berlin-en tag-hofer-filmtage-2 tag-jan-kerhart-2 tag-julian-pajzs-2 tag-kinostart-en tag-premiere-en tag-sabine-weibel-2 tag-sandra-maischberger-2 tag-surviving-brandenburg tag-tina-hegewisch-2 tag-uberleben-in-brandenburg tag-zoltan-paul-en category-22 category-942 category-15326 category-941 category-7530\" data-name=\"\ud83c\udfac &#8220;Surviving Brandenburg&#8221; by Zoltan Paul &#038; Ben von Grafenstein opens in cinemas today\" data-date=\"2024-04-11T13:22:55+00:00\">\n\n<div class=\"post-thumbnail-wrap\">\n\t<div class=\"post-thumbnail\">\n\t\t\n\t\t\n\t\t<a href=\"https:\/\/ucm.one\/en\/surviving-brandenburg-by-zoltan-paul-ben-von-grafenstein-opens-in-cinemas-today\/\" class=\"post-thumbnail-rollover layzr-bg layzr-bg\" ><img decoding=\"async\" class=\"iso-lazy-load preload-me iso-lazy-load aspect\" src=\"data:image\/svg+xml,%3Csvg%20xmlns%3D&#39;http%3A%2F%2Fwww.w3.org%2F2000%2Fsvg&#39;%20viewBox%3D&#39;0%200%20990%20309&#39;%2F%3E\" data-src=\"https:\/\/ucm.one\/wp-content\/uploads\/2024\/04\/B-Ueberleben-in-Brandenburg-in-den-Kinos-990x309.jpeg\" data-srcset=\"https:\/\/ucm.one\/wp-content\/uploads\/2024\/04\/B-Ueberleben-in-Brandenburg-in-den-Kinos-990x309.jpeg 990w, https:\/\/ucm.one\/wp-content\/uploads\/2024\/04\/B-Ueberleben-in-Brandenburg-in-den-Kinos-1485x464.jpeg 1485w\" loading=\"eager\" style=\"--ratio: 990 \/ 309\" sizes=\"(max-width: 990px) 100vw, 990px\" alt=\"\" title=\"B \u00dcberleben in Brandenburg in den Kinos\" width=\"990\" height=\"309\"  \/><\/a>\t<\/div>\n<\/div>\n\n\n<div class=\"post-entry-content\">\n\n\t<h3 class=\"entry-title\">\n\t\t<a href=\"https:\/\/ucm.one\/en\/surviving-brandenburg-by-zoltan-paul-ben-von-grafenstein-opens-in-cinemas-today\/\" title=\"\ud83c\udfac &#8220;Surviving Brandenburg&#8221; by Zoltan Paul &#038; Ben von Grafenstein opens in cinemas today\" rel=\"bookmark\">\ud83c\udfac &#8220;Surviving Brandenburg&#8221; by Zoltan Paul &#038; Ben von Grafenstein opens in cinemas today<\/a>\n\t<\/h3>\n\n\t<div class=\"entry-meta\"><span class=\"category-link\"><a href=\"https:\/\/ucm.one\/en\/category\/news-en\/film-en\/darling-berlin\/\" >Darling Berlin<\/a>, <a href=\"https:\/\/ucm.one\/en\/category\/news-en\/film-en\/\" >Film<\/a>, <a href=\"https:\/\/ucm.one\/en\/category\/news-en\/media-distribution-en\/film-distribution-en\/\" >Film Distribution<\/a>, <a href=\"https:\/\/ucm.one\/en\/category\/news-en\/\" >News<\/a>, <a href=\"https:\/\/ucm.one\/en\/category\/news-en\/movie-distribution\/world-sales\/\" >World Sales<\/a><\/span><a class=\"author vcard\" href=\"\" title=\"View all posts by Joachim Keil\" rel=\"author\">By <span class=\"fn\">Joachim Keil<\/span><\/a><a href=\"https:\/\/ucm.one\/en\/2024\/04\/11\/\" title=\"13:22\" class=\"data-link\" rel=\"bookmark\"><time class=\"entry-date updated\" datetime=\"2024-04-11T13:22:55+00:00\">11. April 2024<\/time><\/a><\/div>\n\t<div class=\"entry-excerpt\"><p>[vc_row][vc_column][vc_column_text] The comedy &#8220;Surving Brandenburg&#8221; (German title: \u00dcberleben in Brandenburg&#8220;) opens in cinemas nationwide today on the Darling Berlin label. The film is the posthumous work of director and actor Zoltan Paul, whose friend, Ben von Grafenstein, co-directed the comedy. It tells the story of a discarded &#8220;best-ager director&#8221; (Zoltan Paul) who tries to prevent&hellip;<\/p>\n<\/div>\n\t\n<a href=\"https:\/\/ucm.one\/en\/surviving-brandenburg-by-zoltan-paul-ben-von-grafenstein-opens-in-cinemas-today\/\" class=\"post-details details-type-link\" aria-label=\"Read more about \ud83c\udfac &#8220;Surviving Brandenburg&#8221; by Zoltan Paul &#038; Ben von Grafenstein opens in cinemas today\">Read more<i class=\"dt-icon-the7-arrow-03\" aria-hidden=\"true\"><\/i><\/a>\n\n<\/div><\/article><\/div><div class=\"hidden wf-cell\" data-post-id=\"102998\" data-date=\"2024-03-19T02:48:54+00:00\" data-name=\"\ud83c\udfac Adele Neuhauser nominated for the German Film Award 2024 in the category &quot;Best Female Supporting Actress&quot;\"><article class=\"post project-odd visible post-102998 type-post status-publish format-standard has-post-thumbnail hentry category-cinema category-darling-berlin category-film-en category-film-distribution-en category-news-en tag-2024-2 tag-adele-neuhauser-2 tag-ben-von-grafenstein-2 tag-clementina-hegewisch-en tag-darling-berlin-en tag-deutsche-filmakademie-2 tag-deutscher-filmpreis-en tag-german-film-academy tag-german-film-award tag-hofer-filmtage-2 tag-julian-pajzs-2 tag-lola-en tag-premiere-en tag-sabine-weibel-2 tag-surviving-brandenburg tag-uberleben-in-brandenburg tag-zoltan-paul-en category-1011 category-22 category-942 category-15326 category-941\" data-name=\"\ud83c\udfac Adele Neuhauser nominated for the German Film Award 2024 in the category &#8220;Best Female Supporting Actress&#8221;\" data-date=\"2024-03-19T02:48:54+00:00\">\n\n<div class=\"post-thumbnail-wrap\">\n\t<div class=\"post-thumbnail\">\n\t\t\n\t\t\n\t\t<a href=\"https:\/\/ucm.one\/en\/adele-neuhauser-nominated-for-the-german-film-award-2024-in-the-category-best-female-supporting-actress\/\" class=\"post-thumbnail-rollover layzr-bg layzr-bg\" ><img decoding=\"async\" class=\"iso-lazy-load preload-me iso-lazy-load aspect\" src=\"data:image\/svg+xml,%3Csvg%20xmlns%3D&#39;http%3A%2F%2Fwww.w3.org%2F2000%2Fsvg&#39;%20viewBox%3D&#39;0%200%20990%20309&#39;%2F%3E\" data-src=\"https:\/\/ucm.one\/wp-content\/uploads\/2024\/03\/ADELE-NEUHAUSER-Nominiert-fuer-den-Deutschen-Filmpreis-1920x600-1-990x309.jpeg\" data-srcset=\"https:\/\/ucm.one\/wp-content\/uploads\/2024\/03\/ADELE-NEUHAUSER-Nominiert-fuer-den-Deutschen-Filmpreis-1920x600-1-990x309.jpeg 990w, https:\/\/ucm.one\/wp-content\/uploads\/2024\/03\/ADELE-NEUHAUSER-Nominiert-fuer-den-Deutschen-Filmpreis-1920x600-1-1485x464.jpeg 1485w\" loading=\"eager\" style=\"--ratio: 990 \/ 309\" sizes=\"(max-width: 990px) 100vw, 990px\" alt=\"\" title=\"ADELE NEUHAUSER &#8211; Nominiert f\u00fcr den Deutschen Filmpreis 1920&#215;600\" width=\"990\" height=\"309\"  \/><\/a>\t<\/div>\n<\/div>\n\n\n<div class=\"post-entry-content\">\n\n\t<h3 class=\"entry-title\">\n\t\t<a href=\"https:\/\/ucm.one\/en\/adele-neuhauser-nominated-for-the-german-film-award-2024-in-the-category-best-female-supporting-actress\/\" title=\"\ud83c\udfac Adele Neuhauser nominated for the German Film Award 2024 in the category &#8220;Best Female Supporting Actress&#8221;\" rel=\"bookmark\">\ud83c\udfac Adele Neuhauser nominated for the German Film Award 2024 in the category &#8220;Best Female Supporting Actress&#8221;<\/a>\n\t<\/h3>\n\n\t<div class=\"entry-meta\"><span class=\"category-link\"><a href=\"https:\/\/ucm.one\/en\/category\/news-en\/cinema\/\" >Cinema<\/a>, <a href=\"https:\/\/ucm.one\/en\/category\/news-en\/film-en\/darling-berlin\/\" >Darling Berlin<\/a>, <a href=\"https:\/\/ucm.one\/en\/category\/news-en\/film-en\/\" >Film<\/a>, <a href=\"https:\/\/ucm.one\/en\/category\/news-en\/media-distribution-en\/film-distribution-en\/\" >Film Distribution<\/a>, <a href=\"https:\/\/ucm.one\/en\/category\/news-en\/\" >News<\/a><\/span><a class=\"author vcard\" href=\"\" title=\"View all posts by Joachim Keil\" rel=\"author\">By <span class=\"fn\">Joachim Keil<\/span><\/a><a href=\"https:\/\/ucm.one\/en\/2024\/03\/19\/\" title=\"02:48\" class=\"data-link\" rel=\"bookmark\"><time class=\"entry-date updated\" datetime=\"2024-03-19T02:48:54+00:00\">19. March 2024<\/time><\/a><\/div>\n\t<div class=\"entry-excerpt\"><p>[vc_row][vc_column][vc_column_text] On 19 March 2024, the nominations for the German Film Awards 2024 were announced by the German Film Academy. [\/vc_column_text][vc_column_text] UCM.ONE congratulates Adele Neuhauser on her nomination in the category &#8220;Best Female Supporting Role&#8220; in the feature film &#8220;15 Years&#8221; by Chris Kraus. Adele Neuhauser can currently also be seen in the comedy &#8220;Surviving&hellip;<\/p>\n<\/div>\n\t\n<a href=\"https:\/\/ucm.one\/en\/adele-neuhauser-nominated-for-the-german-film-award-2024-in-the-category-best-female-supporting-actress\/\" class=\"post-details details-type-link\" aria-label=\"Read more about \ud83c\udfac Adele Neuhauser nominated for the German Film Award 2024 in the category &#8220;Best Female Supporting Actress&#8221;\">Read more<i class=\"dt-icon-the7-arrow-03\" aria-hidden=\"true\"><\/i><\/a>\n\n<\/div><\/article><\/div><div class=\"hidden wf-cell\" data-post-id=\"101725\" data-date=\"2024-01-27T06:38:03+00:00\" data-name=\"\ud83c\udfac &quot;About Living in Brandenburg&quot; by Zoltan Paul &amp; Ben von Grafenstein will be shown in German cinemas from April 11, 2024\"><article class=\"post project-odd visible post-101725 type-post status-publish format-standard has-post-thumbnail hentry category-darling-berlin category-film-en category-film-distribution-en category-news-en category-world-sales tag-about-living-in-brandenburg tag-ben-von-grafenstein-2 tag-darling-berlin-en tag-jan-kerhart-2 tag-sandra-maischberger-2 tag-tina-hegewisch-2 tag-uberleben-in-brandenburg tag-zoltan-paul-en category-22 category-942 category-15326 category-941 category-7530\" data-name=\"\ud83c\udfac &#8220;About Living in Brandenburg&#8221; by Zoltan Paul &#038; Ben von Grafenstein will be shown in German cinemas from April 11, 2024\" data-date=\"2024-01-27T06:38:03+00:00\">\n\n<div class=\"post-thumbnail-wrap\">\n\t<div class=\"post-thumbnail\">\n\t\t\n\t\t\n\t\t<a href=\"https:\/\/ucm.one\/en\/about-living-in-brandenburg-efm\/\" class=\"post-thumbnail-rollover layzr-bg layzr-bg\" ><img decoding=\"async\" class=\"iso-lazy-load preload-me iso-lazy-load aspect\" src=\"data:image\/svg+xml,%3Csvg%20xmlns%3D&#39;http%3A%2F%2Fwww.w3.org%2F2000%2Fsvg&#39;%20viewBox%3D&#39;0%200%20990%20309&#39;%2F%3E\" data-src=\"https:\/\/ucm.one\/wp-content\/uploads\/2024\/01\/B-Ueber-Leben-in-Brandenburg-EFM-990x309.jpg\" data-srcset=\"https:\/\/ucm.one\/wp-content\/uploads\/2024\/01\/B-Ueber-Leben-in-Brandenburg-EFM-990x309.jpg 990w, https:\/\/ucm.one\/wp-content\/uploads\/2024\/01\/B-Ueber-Leben-in-Brandenburg-EFM-1485x464.jpg 1485w\" loading=\"eager\" style=\"--ratio: 990 \/ 309\" sizes=\"(max-width: 990px) 100vw, 990px\" alt=\"\" title=\"B \u00dcber-Leben-in-Brandenburg-EFM\" width=\"990\" height=\"309\"  \/><\/a>\t<\/div>\n<\/div>\n\n\n<div class=\"post-entry-content\">\n\n\t<h3 class=\"entry-title\">\n\t\t<a href=\"https:\/\/ucm.one\/en\/about-living-in-brandenburg-efm\/\" title=\"\ud83c\udfac &#8220;About Living in Brandenburg&#8221; by Zoltan Paul &#038; Ben von Grafenstein will be shown in German cinemas from April 11, 2024\" rel=\"bookmark\">\ud83c\udfac &#8220;About Living in Brandenburg&#8221; by Zoltan Paul &#038; Ben von Grafenstein will be shown in German cinemas from April 11, 2024<\/a>\n\t<\/h3>\n\n\t<div class=\"entry-meta\"><span class=\"category-link\"><a href=\"https:\/\/ucm.one\/en\/category\/news-en\/film-en\/darling-berlin\/\" >Darling Berlin<\/a>, <a href=\"https:\/\/ucm.one\/en\/category\/news-en\/film-en\/\" >Film<\/a>, <a href=\"https:\/\/ucm.one\/en\/category\/news-en\/media-distribution-en\/film-distribution-en\/\" >Film Distribution<\/a>, <a href=\"https:\/\/ucm.one\/en\/category\/news-en\/\" >News<\/a>, <a href=\"https:\/\/ucm.one\/en\/category\/news-en\/movie-distribution\/world-sales\/\" >World Sales<\/a><\/span><a class=\"author vcard\" href=\"\" title=\"View all posts by Joachim Keil\" rel=\"author\">By <span class=\"fn\">Joachim Keil<\/span><\/a><a href=\"https:\/\/ucm.one\/en\/2024\/01\/27\/\" title=\"06:38\" class=\"data-link\" rel=\"bookmark\"><time class=\"entry-date updated\" datetime=\"2024-01-27T06:38:03+00:00\">27. January 2024<\/time><\/a><\/div>\n\t<div class=\"entry-excerpt\"><p>[vc_row][vc_column width=&#8221;3\/4&#8243;][vc_row_inner][vc_column_inner][vc_column_text] &#8220;About Living in Brandenburg&#8221; (German original title: &#8220;\u00dcberLeben in Brandenburg&#8220;) by Zoltan Paul and Ben von Grafenstein tells the story of a discarded &#8220;best-ager director&#8221; who tries to prevent a right-wing mayor in his village of 120 souls. Topical, meaningful, hilarious! The film will be released by UCM.ONE via the Artkeim\u00b2 label in&hellip;<\/p>\n<\/div>\n\t\n<a href=\"https:\/\/ucm.one\/en\/about-living-in-brandenburg-efm\/\" class=\"post-details details-type-link\" aria-label=\"Read more about \ud83c\udfac &#8220;About Living in Brandenburg&#8221; by Zoltan Paul &#038; Ben von Grafenstein will be shown in German cinemas from April 11, 2024\">Read more<i class=\"dt-icon-the7-arrow-03\" aria-hidden=\"true\"><\/i><\/a>\n\n<\/div><\/article><\/div><div class=\"hidden wf-cell\" data-post-id=\"98224\" data-date=\"2023-10-27T00:48:17+00:00\" data-name=\"\ud83c\udfac Hof Film Festival: Survival in Brandenburg with additional screening\"><article class=\"post project-odd visible post-98224 type-post status-publish format-standard has-post-thumbnail hentry category-cinema category-darling-berlin category-film-en category-movie-distribution category-news-en tag-adele-neuhauser-2 tag-ben-von-grafenstein-2 tag-clementina-hegewisch-en tag-darling-berlin-en tag-hofer-filmtage-2 tag-hofer-filmtage-en tag-julian-pajzs-2 tag-premiere-en tag-sabine-weibel-2 tag-uberleben-in-brandenburg tag-zoltan-paul-en category-1011 category-22 category-942 category-4630 category-941\" data-name=\"\ud83c\udfac Hof Film Festival: Survival in Brandenburg with additional screening\" data-date=\"2023-10-27T00:48:17+00:00\">\n\n<div class=\"post-thumbnail-wrap\">\n\t<div class=\"post-thumbnail\">\n\t\t\n\t\t\n\t\t<a href=\"https:\/\/ucm.one\/en\/hof-film-festival-survival-in-brandenburg-with-additional-screening\/\" class=\"post-thumbnail-rollover layzr-bg layzr-bg\" ><img decoding=\"async\" class=\"iso-lazy-load preload-me iso-lazy-load aspect\" src=\"data:image\/svg+xml,%3Csvg%20xmlns%3D&#39;http%3A%2F%2Fwww.w3.org%2F2000%2Fsvg&#39;%20viewBox%3D&#39;0%200%20990%20309&#39;%2F%3E\" data-src=\"https:\/\/ucm.one\/wp-content\/uploads\/2023\/10\/B-UeiB-Hofer-Filmtage-EN-990x309.jpg\" data-srcset=\"https:\/\/ucm.one\/wp-content\/uploads\/2023\/10\/B-UeiB-Hofer-Filmtage-EN-990x309.jpg 990w, https:\/\/ucm.one\/wp-content\/uploads\/2023\/10\/B-UeiB-Hofer-Filmtage-EN-1485x464.jpg 1485w\" loading=\"eager\" style=\"--ratio: 990 \/ 309\" sizes=\"(max-width: 990px) 100vw, 990px\" alt=\"\" title=\"B \u00dciB Hofer Filmtage EN\" width=\"990\" height=\"309\"  \/><\/a>\t<\/div>\n<\/div>\n\n\n<div class=\"post-entry-content\">\n\n\t<h3 class=\"entry-title\">\n\t\t<a href=\"https:\/\/ucm.one\/en\/hof-film-festival-survival-in-brandenburg-with-additional-screening\/\" title=\"\ud83c\udfac Hof Film Festival: Survival in Brandenburg with additional screening\" rel=\"bookmark\">\ud83c\udfac Hof Film Festival: Survival in Brandenburg with additional screening<\/a>\n\t<\/h3>\n\n\t<div class=\"entry-meta\"><span class=\"category-link\"><a href=\"https:\/\/ucm.one\/en\/category\/news-en\/cinema\/\" >Cinema<\/a>, <a href=\"https:\/\/ucm.one\/en\/category\/news-en\/film-en\/darling-berlin\/\" >Darling Berlin<\/a>, <a href=\"https:\/\/ucm.one\/en\/category\/news-en\/film-en\/\" >Film<\/a>, <a href=\"https:\/\/ucm.one\/en\/category\/news-en\/movie-distribution\/\" >Movie Distribution<\/a>, <a href=\"https:\/\/ucm.one\/en\/category\/news-en\/\" >News<\/a><\/span><a class=\"author vcard\" href=\"\" title=\"View all posts by Joachim Keil\" rel=\"author\">By <span class=\"fn\">Joachim Keil<\/span><\/a><a href=\"https:\/\/ucm.one\/en\/2023\/10\/27\/\" title=\"00:48\" class=\"data-link\" rel=\"bookmark\"><time class=\"entry-date updated\" datetime=\"2023-10-27T00:48:17+00:00\">27. October 2023<\/time><\/a><\/div>\n\t<div class=\"entry-excerpt\"><p>[vc_row][vc_column][vc_column_text]The posthumous new comedy by Zoltan Paul &#8220;Survival in Brandenburg&#8221; (Darling Berlin), which co-director Ben von Grafenstein completed, celebrated its world premiere at the Hof Film Festival on Thursday. The demand for tickets was so great that the festival management has scheduled a fourth screening for Saturday at Central Kino 1 at 10.30 am.[\/vc_column_text][\/vc_column][\/vc_row][vc_row][vc_column width=&#8221;1\/2&#8243;][vc_single_image&hellip;<\/p>\n<\/div>\n\t\n<a href=\"https:\/\/ucm.one\/en\/hof-film-festival-survival-in-brandenburg-with-additional-screening\/\" class=\"post-details details-type-link\" aria-label=\"Read more about \ud83c\udfac Hof Film Festival: Survival in Brandenburg with additional screening\">Read more<i class=\"dt-icon-the7-arrow-03\" aria-hidden=\"true\"><\/i><\/a>\n\n<\/div><\/article><\/div><div class=\"hidden wf-cell\" data-post-id=\"97905\" data-date=\"2023-10-17T22:30:43+00:00\" data-name=\"\ud83c\udfac Two World Premieres at the Hof Film Festival: &quot;Survival in Brandenburg&quot; and &quot;House of Silence\"><article class=\"post project-odd visible post-97905 type-post status-publish format-standard has-post-thumbnail hentry category-cinema category-darling-berlin category-film-en category-movie-distribution category-news-en tag-darling-berlin-en tag-haus-der-stille-2 tag-hofer-filmtage-2 tag-hofer-filmtage-en tag-house-of-silence tag-premiere-en tag-simone-geissler-2 tag-survival-in-brandenburg tag-uberleben-in-brandenburg tag-zoltan-paul-en category-1011 category-22 category-942 category-4630 category-941\" data-name=\"\ud83c\udfac Two World Premieres at the Hof Film Festival: &#8220;Survival in Brandenburg&#8221; and &#8220;House of Silence\" data-date=\"2023-10-17T22:30:43+00:00\">\n\n<div class=\"post-thumbnail-wrap\">\n\t<div class=\"post-thumbnail\">\n\t\t\n\t\t\n\t\t<a href=\"https:\/\/ucm.one\/en\/two-world-premieres-at-the-hof-film-festival-survival-in-brandenburg-and-house-of-silence\/\" class=\"post-thumbnail-rollover layzr-bg layzr-bg\" ><img decoding=\"async\" class=\"iso-lazy-load preload-me iso-lazy-load aspect\" src=\"data:image\/svg+xml,%3Csvg%20xmlns%3D&#39;http%3A%2F%2Fwww.w3.org%2F2000%2Fsvg&#39;%20viewBox%3D&#39;0%200%20990%20309&#39;%2F%3E\" data-src=\"https:\/\/ucm.one\/wp-content\/uploads\/2023\/10\/Zwei-Weltpremieren-Hofer-Filmtage-1920x600-1-990x309.jpeg\" data-srcset=\"https:\/\/ucm.one\/wp-content\/uploads\/2023\/10\/Zwei-Weltpremieren-Hofer-Filmtage-1920x600-1-990x309.jpeg 990w, https:\/\/ucm.one\/wp-content\/uploads\/2023\/10\/Zwei-Weltpremieren-Hofer-Filmtage-1920x600-1-1485x464.jpeg 1485w\" loading=\"eager\" style=\"--ratio: 990 \/ 309\" sizes=\"(max-width: 990px) 100vw, 990px\" alt=\"\" title=\"Zwei Weltpremieren Hofer Filmtage 1920&#215;600\" width=\"990\" height=\"309\"  \/><\/a>\t<\/div>\n<\/div>\n\n\n<div class=\"post-entry-content\">\n\n\t<h3 class=\"entry-title\">\n\t\t<a href=\"https:\/\/ucm.one\/en\/two-world-premieres-at-the-hof-film-festival-survival-in-brandenburg-and-house-of-silence\/\" title=\"\ud83c\udfac Two World Premieres at the Hof Film Festival: &#8220;Survival in Brandenburg&#8221; and &#8220;House of Silence\" rel=\"bookmark\">\ud83c\udfac Two World Premieres at the Hof Film Festival: &#8220;Survival in Brandenburg&#8221; and &#8220;House of Silence<\/a>\n\t<\/h3>\n\n\t<div class=\"entry-meta\"><span class=\"category-link\"><a href=\"https:\/\/ucm.one\/en\/category\/news-en\/cinema\/\" >Cinema<\/a>, <a href=\"https:\/\/ucm.one\/en\/category\/news-en\/film-en\/darling-berlin\/\" >Darling Berlin<\/a>, <a href=\"https:\/\/ucm.one\/en\/category\/news-en\/film-en\/\" >Film<\/a>, <a href=\"https:\/\/ucm.one\/en\/category\/news-en\/movie-distribution\/\" >Movie Distribution<\/a>, <a href=\"https:\/\/ucm.one\/en\/category\/news-en\/\" >News<\/a><\/span><a class=\"author vcard\" href=\"\" title=\"View all posts by Joachim Keil\" rel=\"author\">By <span class=\"fn\">Joachim Keil<\/span><\/a><a href=\"https:\/\/ucm.one\/en\/2023\/10\/17\/\" title=\"22:30\" class=\"data-link\" rel=\"bookmark\"><time class=\"entry-date updated\" datetime=\"2023-10-17T22:30:43+00:00\">17. October 2023<\/time><\/a><\/div>\n\t<div class=\"entry-excerpt\"><p>[vc_row][vc_column][vc_column_text]On Thursday, October 26, two new films from the Darling Berlin label will be presented for the first time at the Hof Film Festival: &#8220;Haus der Stille&#8221; by Simone Geissler and &#8220;\u00dcberleben in Brandenburg&#8221; by Zoltan Paul.[\/vc_column_text][\/vc_column][\/vc_row][vc_row][vc_column][vc_single_image image=&#8221;97890&#8243; img_size=&#8221;full&#8221;][vc_column_text]&#8221;Haus der Stille&#8221; (English translation &#8220;House of Silence&#8221;), directed and performed by Simone Geissler, tells the dramatic&hellip;<\/p>\n<\/div>\n\t\n<a href=\"https:\/\/ucm.one\/en\/two-world-premieres-at-the-hof-film-festival-survival-in-brandenburg-and-house-of-silence\/\" class=\"post-details details-type-link\" aria-label=\"Read more about \ud83c\udfac Two World Premieres at the Hof Film Festival: &#8220;Survival in Brandenburg&#8221; and &#8220;House of Silence\">Read more<i class=\"dt-icon-the7-arrow-03\" aria-hidden=\"true\"><\/i><\/a>\n\n<\/div><\/article><\/div><div class=\"hidden wf-cell\" data-post-id=\"70892\" data-date=\"2022-07-04T21:12:32+00:00\" data-name=\"\ud83c\udfac  UCM.ONE and Darling Berlin mourn the death of Zoltan Paul\"><article class=\"post project-odd visible post-70892 type-post status-publish format-standard has-post-thumbnail hentry category-company-en category-darling-berlin category-film-en category-movie-distribution category-news-en tag-a-father-goes-crazy tag-amok-en tag-breakdown-in-tokyo-en tag-budapest-en tag-darling-berlin-en tag-deceased tag-dust-en tag-ein-vater-dreht-durch-en tag-freiherr-von-racalmas-en tag-hansi-geht-es-gut-en tag-hansi-is-doing-well tag-uberleben-in-brandenburg tag-verstorben-en tag-vienna tag-wien-en tag-zoltan-paul-en category-5599 category-22 category-942 category-4630 category-941\" data-name=\"\ud83c\udfac  UCM.ONE and Darling Berlin mourn the death of Zoltan Paul\" data-date=\"2022-07-04T21:12:32+00:00\">\n\n<div class=\"post-thumbnail-wrap\">\n\t<div class=\"post-thumbnail\">\n\t\t\n\t\t\n\t\t<a href=\"https:\/\/ucm.one\/en\/ucm-one-and-darling-berlin-mourn-the-death-of-zoltan-paul\/\" class=\"post-thumbnail-rollover layzr-bg layzr-bg\" ><img decoding=\"async\" class=\"iso-lazy-load preload-me iso-lazy-load aspect\" src=\"data:image\/svg+xml,%3Csvg%20xmlns%3D&#39;http%3A%2F%2Fwww.w3.org%2F2000%2Fsvg&#39;%20viewBox%3D&#39;0%200%20990%20309&#39;%2F%3E\" data-src=\"https:\/\/ucm.one\/wp-content\/uploads\/2022\/07\/Zoltan-Paul-Traurbanner-Website-NEU-990x309.jpg\" data-srcset=\"https:\/\/ucm.one\/wp-content\/uploads\/2022\/07\/Zoltan-Paul-Traurbanner-Website-NEU-990x309.jpg 990w, https:\/\/ucm.one\/wp-content\/uploads\/2022\/07\/Zoltan-Paul-Traurbanner-Website-NEU-1485x464.jpg 1485w\" loading=\"eager\" style=\"--ratio: 990 \/ 309\" sizes=\"(max-width: 990px) 100vw, 990px\" alt=\"\" title=\"Zoltan Paul Traurbanner Website NEU\" width=\"990\" height=\"309\"  \/><\/a>\t<\/div>\n<\/div>\n\n\n<div class=\"post-entry-content\">\n\n\t<h3 class=\"entry-title\">\n\t\t<a href=\"https:\/\/ucm.one\/en\/ucm-one-and-darling-berlin-mourn-the-death-of-zoltan-paul\/\" title=\"\ud83c\udfac  UCM.ONE and Darling Berlin mourn the death of Zoltan Paul\" rel=\"bookmark\">\ud83c\udfac  UCM.ONE and Darling Berlin mourn the death of Zoltan Paul<\/a>\n\t<\/h3>\n\n\t<div class=\"entry-meta\"><span class=\"category-link\"><a href=\"https:\/\/ucm.one\/en\/category\/news-en\/company-en\/\" >Company<\/a>, <a href=\"https:\/\/ucm.one\/en\/category\/news-en\/film-en\/darling-berlin\/\" >Darling Berlin<\/a>, <a href=\"https:\/\/ucm.one\/en\/category\/news-en\/film-en\/\" >Film<\/a>, <a href=\"https:\/\/ucm.one\/en\/category\/news-en\/movie-distribution\/\" >Movie Distribution<\/a>, <a href=\"https:\/\/ucm.one\/en\/category\/news-en\/\" >News<\/a><\/span><a class=\"author vcard\" href=\"\" title=\"View all posts by Joachim Keil\" rel=\"author\">By <span class=\"fn\">Joachim Keil<\/span><\/a><a href=\"https:\/\/ucm.one\/en\/2022\/07\/04\/\" title=\"21:12\" class=\"data-link\" rel=\"bookmark\"><time class=\"entry-date updated\" datetime=\"2022-07-04T21:12:32+00:00\">4. July 2022<\/time><\/a><\/div>\n\t<div class=\"entry-excerpt\"><p>[vc_row][vc_column][vc_column_text]The team of Darling Berlin and the staff of UCM.ONE mourn the loss of Zoltan Paul. The actor and director died unexpectedly on Friday July 1, 2022 at the age of 68. Zoltan Paul was part of the Darling Berlin family since his last two films &#8220;Amok &#8211; Hansi geht&#8217;s gut&#8221; in 2014 and &#8220;Breakdown&hellip;<\/p>\n<\/div>\n\t\n<a href=\"https:\/\/ucm.one\/en\/ucm-one-and-darling-berlin-mourn-the-death-of-zoltan-paul\/\" class=\"post-details details-type-link\" aria-label=\"Read more about \ud83c\udfac  UCM.ONE and Darling Berlin mourn the death of Zoltan Paul\">Read more<i class=\"dt-icon-the7-arrow-03\" aria-hidden=\"true\"><\/i><\/a>\n\n<\/div><\/article><\/div><\/div><!-- iso-container|iso-grid --><div class=\"paginator paginator-more-button\">\n\t\t\t\t<a class=\"button-load-more \" href=\"javascript:void(0);\" data-dt-page=\"1\" ><span class=\"stick\"><\/span><span class=\"stick\"><\/span><span class=\"stick\"><\/span><span class=\"button-caption\">Load more<\/span><\/a>\n\t\t\t<\/div><\/div>[\/vc_tta_section][\/vc_tta_accordion][vc_separator][\/vc_column][\/vc_row][vc_row el_id=&#8221;the-mechanics-of-things&#8221; css=&#8221;.vc_custom_1712495276478{padding-top: 80px !important;}&#8221;][vc_column width=&#8221;1\/4&#8243; offset=&#8221;vc_col-lg-offset-0 vc_col-md-offset-0 vc_col-sm-offset-0&#8243;][vc_column_text css=&#8221;.vc_custom_1712495307581{background-position: center !important;background-repeat: no-repeat !important;background-size: cover !important;}&#8221;]<img decoding=\"async\" class=\"alignnone wp-image-103198 size-full\" src=\"https:\/\/ucm.one\/wp-content\/uploads\/2024\/04\/P-Die-Mechanik-der-Dinge.jpg\" alt=\"\" width=\"699\" height=\"1000\" srcset=\"https:\/\/ucm.one\/wp-content\/uploads\/2024\/04\/P-Die-Mechanik-der-Dinge.jpg 699w, https:\/\/ucm.one\/wp-content\/uploads\/2024\/04\/P-Die-Mechanik-der-Dinge-210x300.jpg 210w, https:\/\/ucm.one\/wp-content\/uploads\/2024\/04\/P-Die-Mechanik-der-Dinge-300x429.jpg 300w, https:\/\/ucm.one\/wp-content\/uploads\/2024\/04\/P-Die-Mechanik-der-Dinge-600x858.jpg 600w\" sizes=\"(max-width: 699px) 100vw, 699px\" \/>[\/vc_column_text][\/vc_column][vc_column width=&#8221;3\/4&#8243;][vc_column_text]<\/p>\n<h2>The Mechanics of Things<\/h2>\n<h3><span style=\"font-family: arial, helvetica, sans-serif;\">by <\/span>Alessandra Celesia<\/h3>\n<div class=\"wpb_text_column wpb_content_element \">\n<div class=\"wpb_wrapper\">\n<div class=\"wpb_text_column wpb_content_element \">\n<div class=\"wpb_wrapper\">\n<div class=\"wpb_text_column wpb_content_element vc_custom_1681339038108\">\n<div class=\"wpb_wrapper\">\n<p>Tito, the stray cat of an Italian filmmaker, falls from the eighth floor, triggering events that reach as far as China and affect the filmmaker to her very core. Will my cat ever be able to walk again? Will we ever be able to walk again? This is the question that every paraplegic asks themselves. The film accompanies six paraplegic French people who have volunteered for a clinical trial in China and Tito the cat on their journey to China, where they will receive artificial spinal cord transplants (neurogel). The fall of her cat also confronts the filmmaker with her own story. With experiences that reach deep into her childhood and which she allows the audience to participate in coming to terms with.<\/p>\n<p>The Mechanics of Things is a filmmaker&#8217;s journey in search of healing, during which she has to learn to accept that there are things that cannot be restored and things that we can restore.<\/p>\n<\/div>\n<\/div>\n<\/div>\n<\/div>\n<\/div>\n<\/div>\n<div class=\"wpb_text_column wpb_content_element \">\n<div class=\"wpb_wrapper\">\n<h3><span style=\"font-family: arial, helvetica, sans-serif;\">Theatrical release: April 05, 2024<\/span><\/h3>\n<\/div>\n<\/div>\n<p>[\/vc_column_text][vc_column_text]<span style=\"color: #999999;\"><em>Available via <span style=\"font-family: 'arial black', sans-serif;\"><strong>UCM.ONE <\/strong><\/span><\/em><em>in<\/em>\u00a0<em>Germany, Austria &amp; Switzerland.<\/em><\/span>[\/vc_column_text][\/vc_column][\/vc_row][vc_row][vc_column width=&#8221;5\/6&#8243;][vc_column_text]NONFY Documentaries | 2023 | Documentary | France, Germany | English title: &#8220;<a title=\"The Mechanics of Things (2023) by Alessandra Celesia | NONFY Documentaries\" href=\"https:\/\/ucm.one\/en\/the-mechanics-of-things\/\">The Mechanics of Things<\/a>&#8221; | Original title: \u201cLa M\u00e9canique des choses\u201c[\/vc_column_text][\/vc_column][vc_column width=&#8221;1\/6&#8243;][vc_btn title=&#8221;Press Material&#8221; size=&#8221;xs&#8221; align=&#8221;center&#8221; i_icon_fontawesome=&#8221;fas fa-download&#8221; button_block=&#8221;true&#8221; add_icon=&#8221;true&#8221; link=&#8221;url:https%3A%2F%2Fwww.ucm.one%2Fpresse%2Fnf_die-mechanik-der-dinge.zip|title:Dreamers|rel:nofollow&#8221;][\/vc_column][\/vc_row][vc_row][vc_column][vc_tta_accordion style=&#8221;modern&#8221; shape=&#8221;square&#8221; c_icon=&#8221;chevron&#8221; active_section=&#8221;33&#8243; no_fill=&#8221;true&#8221; collapsible_all=&#8221;true&#8221;][vc_tta_section title=&#8221;More information&#8221; tab_id=&#8221;1712495221369-f3da33fe-4a1d&#8221;][vc_column_text]<\/p>\n<div class=\"wpb_text_column wpb_content_element \">\n<div class=\"wpb_wrapper\">\n<div class=\"wpb_text_column wpb_content_element \">\n<div class=\"wpb_wrapper\">\n<div class=\"wpb_text_column wpb_content_element \">\n<div class=\"wpb_wrapper\">\n<div class=\"wpb_text_column wpb_content_element \">\n<div class=\"wpb_wrapper\">\n<div class=\"wpb_text_column wpb_content_element \">\n<div class=\"wpb_wrapper\">\n<div class=\"wpb_text_column wpb_content_element \">\n<div class=\"wpb_wrapper\">\n<div class=\"wpb_text_column wpb_content_element \">\n<div class=\"wpb_wrapper\">\n<p><strong>Original title: <\/strong><span class=\"hero__primary-text\" data-testid=\"hero__primary-text\">La M\u00e9canique des choses<\/span><\/p>\n<p><strong>Script &amp; director: <\/strong>Alessandra Celesia<\/p>\n<p><strong>Producer:<\/strong> <span lang=\"FR\">Jean-Laurent Csinidis; Dirk Manthey<\/span><\/p>\n<p><strong>Cinematography: <\/strong>Fran\u00e7ois Chambe<\/p>\n<p><strong>Sound:<\/strong> Marilou Cuffini-Fabre<\/p>\n<p><strong>Post-production coordinator:<\/strong> Nora Bertone<\/p>\n<p>&nbsp;<\/p>\n<p><strong>Production companies: <\/strong><span lang=\"FR\">Les Films de Force Majeure, Dirk Manthey Film<\/span><\/p>\n<div><\/div>\n<p><strong>Year of production: <\/strong>2023<\/p>\n<p><strong>Genre:<\/strong> Documentary<\/p>\n<p><strong>Countries:<\/strong> France, Germany<\/p>\n<p><strong>Language:<\/strong> Italian<\/p>\n<p><strong>Subtitles:<\/strong> German, English, French<\/p>\n<p>&nbsp;<\/p>\n<p><strong>Lenght:<\/strong> ca. 102 Min.<\/p>\n<p><strong>Rating: <\/strong>FSK 12 (requested)<\/p>\n<p><strong>Aspect ratio \/ resolution: <\/strong><span lang=\"EN-US\">16:9 \/ 1998\u00d71080<\/span><\/p>\n<p><strong>DCP: <\/strong>DCI 2K F-178<\/p>\n<p><strong>Sound:<\/strong> Stereo<\/p>\n<\/div>\n<\/div>\n<div class=\"vc_separator wpb_content_element vc_separator_align_center vc_sep_width_100 vc_sep_pos_align_center vc_separator_no_text\"><\/div>\n<div class=\"wpb_text_column wpb_content_element \">\n<div class=\"wpb_wrapper\">\n<p><strong>Film label:<\/strong> NONFY Documentaries<\/p>\n<p><strong>Distribition in Germany, Austria &amp; Switzerland:<\/strong> <strong>UCM.ONE<\/strong><\/p>\n<p>&nbsp;<\/p>\n<p><strong>Theatrical start in Germany, Austria &amp; Switzerland:<\/strong> April 05, 2024<\/p>\n<\/div>\n<p>&nbsp;<\/p>\n<p>More information about the movie: <a title=\"The Mechanics of Things (2023) by Alessandra Celesia | NONFY Documentaries\" href=\"https:\/\/ucm.one\/en\/the-mechanics-of-things\/\">The Mechanics of Things<\/a><\/p>\n<\/div>\n<p>&nbsp;<\/p>\n<div class=\"wpb_text_column wpb_content_element \">\n<p>&nbsp;<\/p>\n<\/div>\n<p>&nbsp;<\/p>\n<\/div>\n<\/div>\n<\/div>\n<\/div>\n<\/div>\n<\/div>\n<\/div>\n<\/div>\n<\/div>\n<\/div>\n<\/div>\n<\/div>\n<p>[\/vc_column_text][\/vc_tta_section][vc_tta_section title=&#8221;Trailer&#8221; tab_id=&#8221;1712495221469-81da7b7a-8d1d&#8221;][vc_video link=&#8221;https:\/\/youtu.be\/oC5VjZewUW8&#8243;][\/vc_tta_section][vc_tta_section title=&#8221;News&#8221; tab_id=&#8221;1712495221571-8117e1a5-5984&#8243;]<style type=\"text\/css\" data-type=\"the7_shortcodes-inline-css\">.blog-shortcode.blog-masonry-shortcode-id-abe1542e1369683c7c4ef0890e8d000a.content-bg-on.classic-layout-list article {\n  background: #e6e6e6;\n  box-shadow: none;\n}\n.blog-shortcode.blog-masonry-shortcode-id-abe1542e1369683c7c4ef0890e8d000a.dividers-on.classic-layout-list article {\n  padding-top: 0;\n}\n.blog-shortcode.blog-masonry-shortcode-id-abe1542e1369683c7c4ef0890e8d000a.dividers-on.classic-layout-list article:first-of-type {\n  margin-top: 0;\n  padding-top: 0;\n}\n.blog-shortcode.blog-masonry-shortcode-id-abe1542e1369683c7c4ef0890e8d000a.classic-layout-list.mode-list .post-entry-content {\n  width: calc(100% - );\n}\n.blog-shortcode.blog-masonry-shortcode-id-abe1542e1369683c7c4ef0890e8d000a.classic-layout-list.mode-list .no-img .post-entry-content {\n  width: 100%;\n}\n.blog-shortcode.blog-masonry-shortcode-id-abe1542e1369683c7c4ef0890e8d000a .filter-bg-decoration .filter-categories a.act {\n  color: #fff;\n}\n.blog-shortcode.blog-masonry-shortcode-id-abe1542e1369683c7c4ef0890e8d000a:not(.mode-masonry) article:first-of-type,\n.blog-shortcode.blog-masonry-shortcode-id-abe1542e1369683c7c4ef0890e8d000a:not(.mode-masonry) article.visible.first:not(.product) {\n  margin-top: 0;\n}\n.blog-shortcode.blog-masonry-shortcode-id-abe1542e1369683c7c4ef0890e8d000a.dividers-on:not(.mode-masonry) article {\n  margin-top: 0;\n}\n.blog-shortcode.blog-masonry-shortcode-id-abe1542e1369683c7c4ef0890e8d000a.dividers-on:not(.mode-masonry) article:first-of-type,\n.blog-shortcode.blog-masonry-shortcode-id-abe1542e1369683c7c4ef0890e8d000a.dividers-on:not(.mode-masonry) article.visible.first:not(.product) {\n  margin-top: 0;\n  padding-top: 0;\n}\n.blog-shortcode.blog-masonry-shortcode-id-abe1542e1369683c7c4ef0890e8d000a .post-thumbnail-wrap {\n  padding: 0px 0px 0px 0px;\n}\n.blog-shortcode.blog-masonry-shortcode-id-abe1542e1369683c7c4ef0890e8d000a.enable-bg-rollover .post-thumbnail-rollover:after {\n  background: -webkit-linear-gradient();\n  background: linear-gradient();\n}\n.blog-shortcode.blog-masonry-shortcode-id-abe1542e1369683c7c4ef0890e8d000a .gallery-zoom-ico {\n  width: 44px;\n  height: 44px;\n  line-height: 44px;\n  border-radius: 100px;\n  margin: -22px 0 0 -22px;\n  border-width: 0px;\n  color: #ffffff;\n}\n.bottom-overlap-layout-list.blog-shortcode.blog-masonry-shortcode-id-abe1542e1369683c7c4ef0890e8d000a .gallery-zoom-ico {\n  margin-top: -72px;\n}\n.gradient-overlay-layout-list.blog-shortcode.blog-masonry-shortcode-id-abe1542e1369683c7c4ef0890e8d000a .gallery-zoom-ico,\n.content-rollover-layout-list.blog-shortcode.blog-masonry-shortcode-id-abe1542e1369683c7c4ef0890e8d000a .gallery-zoom-ico {\n  margin: 0 0 10px;\n}\n.content-align-center.gradient-overlay-layout-list.blog-shortcode.blog-masonry-shortcode-id-abe1542e1369683c7c4ef0890e8d000a .gallery-zoom-ico,\n.content-align-center.content-rollover-layout-list.blog-shortcode.blog-masonry-shortcode-id-abe1542e1369683c7c4ef0890e8d000a .gallery-zoom-ico {\n  margin: 0 auto 10px;\n}\n.dt-icon-bg-on.blog-shortcode.blog-masonry-shortcode-id-abe1542e1369683c7c4ef0890e8d000a .gallery-zoom-ico {\n  background: rgba(255,255,255,0.3);\n  box-shadow: none;\n}\n.blog-shortcode.blog-masonry-shortcode-id-abe1542e1369683c7c4ef0890e8d000a .gallery-zoom-ico > span,\n.blog-shortcode.blog-masonry-shortcode-id-abe1542e1369683c7c4ef0890e8d000a .gallery-zoom-ico:before {\n  font-size: 32px;\n  line-height: 44px;\n}\n.blog-shortcode.blog-masonry-shortcode-id-abe1542e1369683c7c4ef0890e8d000a .gallery-zoom-ico > span,\n.blog-shortcode.blog-masonry-shortcode-id-abe1542e1369683c7c4ef0890e8d000a .gallery-zoom-ico:before {\n  color: #ffffff;\n}\n.blog-shortcode.blog-masonry-shortcode-id-abe1542e1369683c7c4ef0890e8d000a .entry-title,\n.blog-shortcode.blog-masonry-shortcode-id-abe1542e1369683c7c4ef0890e8d000a.owl-carousel .entry-title {\n  margin-bottom: 5px;\n  font-weight: bold;\n}\n.blog-shortcode.blog-masonry-shortcode-id-abe1542e1369683c7c4ef0890e8d000a .entry-meta {\n  margin-bottom: 15px;\n}\n.blog-shortcode.blog-masonry-shortcode-id-abe1542e1369683c7c4ef0890e8d000a .portfolio-categories {\n  margin-bottom: 15px;\n}\n.blog-shortcode.blog-masonry-shortcode-id-abe1542e1369683c7c4ef0890e8d000a .entry-excerpt {\n  margin-bottom: 5px;\n}\n.blog-shortcode.blog-masonry-shortcode-id-abe1542e1369683c7c4ef0890e8d000a:not(.centered-layout-list) .post-entry-content {\n  padding: 15px 20px 20px 20px;\n}\n.blog-shortcode.blog-masonry-shortcode-id-abe1542e1369683c7c4ef0890e8d000a:not(.centered-layout-list):not(.content-bg-on):not(.mode-list) .no-img .post-entry-content {\n  padding: 0;\n}\n.blog-shortcode.blog-masonry-shortcode-id-abe1542e1369683c7c4ef0890e8d000a.content-bg-on:not(.classic-layout-list):not(.centered-layout-list) .post-entry-content {\n  background: #e6e6e6;\n  box-shadow: none;\n}\n@media screen and (max-width: ) {\n  .blog-shortcode.blog-masonry-shortcode-id-abe1542e1369683c7c4ef0890e8d000a article {\n    -ms-flex-flow: column nowrap;\n    flex-flow: column nowrap;\n    margin-top: 20px;\n  }\n  .blog-shortcode.blog-masonry-shortcode-id-abe1542e1369683c7c4ef0890e8d000a.dividers-on article {\n    border: none;\n  }\n  .blog-shortcode.blog-masonry-shortcode-id-abe1542e1369683c7c4ef0890e8d000a.content-bg-on.centered-layout-list article {\n    padding: 0;\n  }\n  .blog-shortcode.blog-masonry-shortcode-id-abe1542e1369683c7c4ef0890e8d000a.blog-shortcode.dividers-on article,\n  .blog-shortcode.blog-masonry-shortcode-id-abe1542e1369683c7c4ef0890e8d000a.dividers-on.classic-layout-list article {\n    margin-top: 20px;\n    padding: 0;\n  }\n  .blog-shortcode.blog-masonry-shortcode-id-abe1542e1369683c7c4ef0890e8d000a.blog-shortcode.dividers-on article:first-of-type,\n  .blog-shortcode.blog-masonry-shortcode-id-abe1542e1369683c7c4ef0890e8d000a.dividers-on.classic-layout-list article:first-of-type {\n    padding: 0;\n  }\n  #page .blog-shortcode.blog-masonry-shortcode-id-abe1542e1369683c7c4ef0890e8d000a .post-thumbnail-wrap,\n  #page .blog-shortcode.blog-masonry-shortcode-id-abe1542e1369683c7c4ef0890e8d000a .post-entry-content {\n    width: 100%;\n    margin: 0;\n    top: 0;\n  }\n  #page .blog-shortcode.blog-masonry-shortcode-id-abe1542e1369683c7c4ef0890e8d000a .post-thumbnail-wrap {\n    padding: 0;\n  }\n  #page .blog-shortcode.blog-masonry-shortcode-id-abe1542e1369683c7c4ef0890e8d000a .post-entry-content:after {\n    display: none;\n  }\n  #page .blog-shortcode.blog-masonry-shortcode-id-abe1542e1369683c7c4ef0890e8d000a .project-even .post-thumbnail-wrap,\n  #page .blog-shortcode.blog-masonry-shortcode-id-abe1542e1369683c7c4ef0890e8d000a.centered-layout-list .post-thumbnail-wrap {\n    -ms-flex-order: 0;\n    order: 0;\n  }\n  #page .blog-shortcode.blog-masonry-shortcode-id-abe1542e1369683c7c4ef0890e8d000a.centered-layout-list .post-entry-title-content {\n    -ms-flex-order: 1;\n    order: 1;\n    width: 100%;\n    padding: 20px 20px 0;\n  }\n  #page .blog-shortcode.blog-masonry-shortcode-id-abe1542e1369683c7c4ef0890e8d000a.centered-layout-list .post-entry-content {\n    -ms-flex-order: 2;\n    order: 2;\n    padding-top: 0;\n  }\n  #page .blog-shortcode.blog-masonry-shortcode-id-abe1542e1369683c7c4ef0890e8d000a .fancy-categories {\n    top: 10px;\n    left: 10px;\n    bottom: auto;\n    right: auto;\n  }\n  #page .blog-shortcode.blog-masonry-shortcode-id-abe1542e1369683c7c4ef0890e8d000a .fancy-date a {\n    top: 10px;\n    right: 10px;\n    left: auto;\n    bottom: auto;\n  }\n  #page .blog-shortcode.blog-masonry-shortcode-id-abe1542e1369683c7c4ef0890e8d000a .post-entry-content {\n    padding: 20px;\n  }\n  #page .blog-shortcode.blog-masonry-shortcode-id-abe1542e1369683c7c4ef0890e8d000a .entry-title {\n    margin: 3px 0 5px;\n    font-size: 20px;\n    line-height: 26px;\n  }\n  #page .blog-shortcode.blog-masonry-shortcode-id-abe1542e1369683c7c4ef0890e8d000a .entry-meta {\n    margin: 5px 0 5px;\n  }\n  #page .blog-shortcode.blog-masonry-shortcode-id-abe1542e1369683c7c4ef0890e8d000a .entry-excerpt {\n    margin: 15px 0 0;\n  }\n  #page .blog-shortcode.blog-masonry-shortcode-id-abe1542e1369683c7c4ef0890e8d000a .post-details {\n    margin: 5px 0 10px;\n  }\n  #page .blog-shortcode.blog-masonry-shortcode-id-abe1542e1369683c7c4ef0890e8d000a .post-details.details-type-link {\n    margin-bottom: 2px;\n  }\n}\n.blog-shortcode.blog-masonry-shortcode-id-abe1542e1369683c7c4ef0890e8d000a:not(.resize-by-browser-width) .dt-css-grid {\n  grid-row-gap: 50px;\n  grid-column-gap: 50px;\n  grid-template-columns: repeat(auto-fill,minmax(,1fr));\n}\n.blog-shortcode.blog-masonry-shortcode-id-abe1542e1369683c7c4ef0890e8d000a:not(.resize-by-browser-width) .dt-css-grid .double-width {\n  grid-column: span 2;\n}\n.cssgridlegacy.no-cssgrid .blog-shortcode.blog-masonry-shortcode-id-abe1542e1369683c7c4ef0890e8d000a:not(.resize-by-browser-width) .dt-css-grid,\n.no-cssgridlegacy.no-cssgrid .blog-shortcode.blog-masonry-shortcode-id-abe1542e1369683c7c4ef0890e8d000a:not(.resize-by-browser-width) .dt-css-grid {\n  display: flex;\n  flex-flow: row wrap;\n  margin: -25px;\n}\n.cssgridlegacy.no-cssgrid .blog-shortcode.blog-masonry-shortcode-id-abe1542e1369683c7c4ef0890e8d000a:not(.resize-by-browser-width) .dt-css-grid .wf-cell,\n.no-cssgridlegacy.no-cssgrid .blog-shortcode.blog-masonry-shortcode-id-abe1542e1369683c7c4ef0890e8d000a:not(.resize-by-browser-width) .dt-css-grid .wf-cell {\n  flex: 1 0 ;\n  max-width: 100%;\n  padding: 25px;\n  box-sizing: border-box;\n}\n.blog-shortcode.blog-masonry-shortcode-id-abe1542e1369683c7c4ef0890e8d000a.resize-by-browser-width .dt-css-grid {\n  grid-template-columns: repeat(1,1fr);\n  grid-template-rows: auto;\n  grid-column-gap: 50px;\n  grid-row-gap: 50px;\n}\n.blog-shortcode.blog-masonry-shortcode-id-abe1542e1369683c7c4ef0890e8d000a.resize-by-browser-width .dt-css-grid .double-width {\n  grid-column: span 2;\n}\n.cssgridlegacy.no-cssgrid .blog-shortcode.blog-masonry-shortcode-id-abe1542e1369683c7c4ef0890e8d000a.resize-by-browser-width .dt-css-grid {\n  margin: -25px;\n}\n.cssgridlegacy.no-cssgrid .blog-shortcode.blog-masonry-shortcode-id-abe1542e1369683c7c4ef0890e8d000a.resize-by-browser-width .dt-css-grid .wf-cell {\n  width: 100%;\n  padding: 25px;\n}\n.cssgridlegacy.no-cssgrid .blog-shortcode.blog-masonry-shortcode-id-abe1542e1369683c7c4ef0890e8d000a.resize-by-browser-width .dt-css-grid .wf-cell.double-width {\n  width: calc(100%) * 2;\n}\n.blog-shortcode.blog-masonry-shortcode-id-abe1542e1369683c7c4ef0890e8d000a.resize-by-browser-width:not(.centered-layout-list):not(.content-bg-on) .dt-css-grid {\n  grid-row-gap: 30px;\n}\n@media screen and (max-width: 1199px) {\n  .blog-shortcode.blog-masonry-shortcode-id-abe1542e1369683c7c4ef0890e8d000a.resize-by-browser-width .dt-css-grid {\n    grid-template-columns: repeat(1,1fr);\n  }\n  .cssgridlegacy.no-cssgrid .blog-shortcode.blog-masonry-shortcode-id-abe1542e1369683c7c4ef0890e8d000a.resize-by-browser-width .dt-css-grid .wf-cell,\n  .no-cssgridlegacy.no-cssgrid .blog-shortcode.blog-masonry-shortcode-id-abe1542e1369683c7c4ef0890e8d000a.resize-by-browser-width .dt-css-grid .wf-cell {\n    width: 100%;\n  }\n  .cssgridlegacy.no-cssgrid .blog-shortcode.blog-masonry-shortcode-id-abe1542e1369683c7c4ef0890e8d000a.resize-by-browser-width .dt-css-grid .wf-cell.double-width,\n  .no-cssgridlegacy.no-cssgrid .blog-shortcode.blog-masonry-shortcode-id-abe1542e1369683c7c4ef0890e8d000a.resize-by-browser-width .dt-css-grid .wf-cell.double-width {\n    width: calc(100%)*2;\n  }\n}\n@media screen and (max-width: 991px) {\n  .blog-shortcode.blog-masonry-shortcode-id-abe1542e1369683c7c4ef0890e8d000a.resize-by-browser-width .dt-css-grid {\n    grid-template-columns: repeat(1,1fr);\n  }\n  .cssgridlegacy.no-cssgrid .blog-shortcode.blog-masonry-shortcode-id-abe1542e1369683c7c4ef0890e8d000a.resize-by-browser-width .dt-css-grid .wf-cell,\n  .no-cssgridlegacy.no-cssgrid .blog-shortcode.blog-masonry-shortcode-id-abe1542e1369683c7c4ef0890e8d000a.resize-by-browser-width .dt-css-grid .wf-cell {\n    width: 100%;\n  }\n  .cssgridlegacy.no-cssgrid .blog-shortcode.blog-masonry-shortcode-id-abe1542e1369683c7c4ef0890e8d000a.resize-by-browser-width .dt-css-grid .wf-cell.double-width,\n  .no-cssgridlegacy.no-cssgrid .blog-shortcode.blog-masonry-shortcode-id-abe1542e1369683c7c4ef0890e8d000a.resize-by-browser-width .dt-css-grid .wf-cell.double-width {\n    width: calc(100%)*2;\n  }\n}\n@media screen and (max-width: 767px) {\n  .blog-shortcode.blog-masonry-shortcode-id-abe1542e1369683c7c4ef0890e8d000a.resize-by-browser-width .dt-css-grid {\n    grid-template-columns: repeat(1,1fr);\n  }\n  .blog-shortcode.blog-masonry-shortcode-id-abe1542e1369683c7c4ef0890e8d000a.resize-by-browser-width .dt-css-grid .double-width {\n    grid-column: span 1;\n  }\n  .cssgridlegacy.no-cssgrid .blog-shortcode.blog-masonry-shortcode-id-abe1542e1369683c7c4ef0890e8d000a.resize-by-browser-width .dt-css-grid .wf-cell,\n  .no-cssgridlegacy.no-cssgrid .blog-shortcode.blog-masonry-shortcode-id-abe1542e1369683c7c4ef0890e8d000a.resize-by-browser-width .dt-css-grid .wf-cell {\n    width: 100%;\n  }\n  .cssgridlegacy.no-cssgrid .blog-shortcode.blog-masonry-shortcode-id-abe1542e1369683c7c4ef0890e8d000a.resize-by-browser-width .dt-css-grid .wf-cell.double-width,\n  .no-cssgridlegacy.no-cssgrid .blog-shortcode.blog-masonry-shortcode-id-abe1542e1369683c7c4ef0890e8d000a.resize-by-browser-width .dt-css-grid .wf-cell.double-width {\n    width: calc(100%)*2;\n  }\n}<\/style><div class=\"blog-shortcode blog-masonry-shortcode-id-abe1542e1369683c7c4ef0890e8d000a mode-grid classic-layout-list content-bg-on jquery-filter vertical-fancy-style scale-img dt-css-grid-wrap dt-icon-bg-off resize-by-browser-width loading-effect-none description-under-image \" data-padding=\"25px\" data-cur-page=\"1\" data-post-limit=\"2\" data-pagination-mode=\"load-more\" aria-live=\"assertive\" data-desktop-columns-num=\"1\" data-v-tablet-columns-num=\"1\" data-h-tablet-columns-num=\"1\" data-phone-columns-num=\"1\" data-width=\"0px\" data-columns=\"0\"><div class=\"dt-css-grid\" ><div class=\"visible wf-cell\" data-post-id=\"103315\" data-date=\"2024-04-04T21:30:12+00:00\" data-name=\"\ud83c\udfac The documentary &quot;The Mechanics of Things&quot; by Alessandra Celesia in selected cinemas from today\"><article class=\"post project-odd visible post-103315 type-post status-publish format-standard has-post-thumbnail hentry category-film-en category-film-distribution-en category-news-en category-nonfy-documentaries-en tag-alessandra-celesia-2 tag-cat tag-dirk-manthey-en tag-healing tag-jean-laurent-csinidis-2 tag-nonfy-documentaries-en tag-paraplegia tag-spinal-cord tag-spinal-cord-transplantation tag-the-mechanics-of-things category-942 category-15326 category-941 category-4627\" data-name=\"\ud83c\udfac The documentary &#8220;The Mechanics of Things&#8221; by Alessandra Celesia in selected cinemas from today\" data-date=\"2024-04-04T21:30:12+00:00\">\n\n<div class=\"post-thumbnail-wrap\">\n\t<div class=\"post-thumbnail\">\n\t\t\n\t\t\n\t\t<a href=\"https:\/\/ucm.one\/en\/the-documentary-the-mechanics-of-things-by-alessandra-celesia-in-selected-cinemas-from-today\/\" class=\"post-thumbnail-rollover layzr-bg layzr-bg\" ><img decoding=\"async\" class=\"iso-lazy-load preload-me iso-lazy-load aspect\" src=\"data:image\/svg+xml,%3Csvg%20xmlns%3D&#39;http%3A%2F%2Fwww.w3.org%2F2000%2Fsvg&#39;%20viewBox%3D&#39;0%200%20990%20309&#39;%2F%3E\" data-src=\"https:\/\/ucm.one\/wp-content\/uploads\/2024\/04\/B-The-Mechanics-of-Things-en-990x309.jpg\" data-srcset=\"https:\/\/ucm.one\/wp-content\/uploads\/2024\/04\/B-The-Mechanics-of-Things-en-990x309.jpg 990w, https:\/\/ucm.one\/wp-content\/uploads\/2024\/04\/B-The-Mechanics-of-Things-en-1485x464.jpg 1485w\" loading=\"eager\" style=\"--ratio: 990 \/ 309\" sizes=\"(max-width: 990px) 100vw, 990px\" alt=\"\" title=\"B The-Mechanics-of-Things en\" width=\"990\" height=\"309\"  \/><\/a>\t<\/div>\n<\/div>\n\n\n<div class=\"post-entry-content\">\n\n\t<h3 class=\"entry-title\">\n\t\t<a href=\"https:\/\/ucm.one\/en\/the-documentary-the-mechanics-of-things-by-alessandra-celesia-in-selected-cinemas-from-today\/\" title=\"\ud83c\udfac The documentary &#8220;The Mechanics of Things&#8221; by Alessandra Celesia in selected cinemas from today\" rel=\"bookmark\">\ud83c\udfac The documentary &#8220;The Mechanics of Things&#8221; by Alessandra Celesia in selected cinemas from today<\/a>\n\t<\/h3>\n\n\t<div class=\"entry-meta\"><span class=\"category-link\"><a href=\"https:\/\/ucm.one\/en\/category\/news-en\/film-en\/\" >Film<\/a>, <a href=\"https:\/\/ucm.one\/en\/category\/news-en\/media-distribution-en\/film-distribution-en\/\" >Film Distribution<\/a>, <a href=\"https:\/\/ucm.one\/en\/category\/news-en\/\" >News<\/a>, <a href=\"https:\/\/ucm.one\/en\/category\/news-en\/film-en\/nonfy-documentaries-en\/\" >NONFY Documentaries<\/a><\/span><a class=\"author vcard\" href=\"\" title=\"View all posts by Joachim Keil\" rel=\"author\">By <span class=\"fn\">Joachim Keil<\/span><\/a><a href=\"https:\/\/ucm.one\/en\/2024\/04\/04\/\" title=\"21:30\" class=\"data-link\" rel=\"bookmark\"><time class=\"entry-date updated\" datetime=\"2024-04-04T21:30:12+00:00\">4. April 2024<\/time><\/a><\/div>\n\t<div class=\"entry-excerpt\"><p>[vc_row][vc_column][vc_column_text] The internationally produced documentary &#8220;The Mechanics of Things&#8221; by Italian director Alessandra Celesia will be released by UCM.ONE on the NONFY Documentaries label in selected arthouse cinemas across Germany on 4 April. [\/vc_column_text][\/vc_column][\/vc_row][vc_row][vc_column width=&#8221;3\/4&#8243;][vc_row_inner][vc_column_inner][vc_column_text] Synopsis: It was a minor miracle that her cat Tito survived the fall from the eighth floor, paralysed but with&hellip;<\/p>\n<\/div>\n\t\n<a href=\"https:\/\/ucm.one\/en\/the-documentary-the-mechanics-of-things-by-alessandra-celesia-in-selected-cinemas-from-today\/\" class=\"post-details details-type-link\" aria-label=\"Read more about \ud83c\udfac The documentary &#8220;The Mechanics of Things&#8221; by Alessandra Celesia in selected cinemas from today\">Read more<i class=\"dt-icon-the7-arrow-03\" aria-hidden=\"true\"><\/i><\/a>\n\n<\/div><\/article><\/div><\/div><!-- iso-container|iso-grid --><div class=\"paginator paginator-more-button\">\n\t\t\t\t<a class=\"button-load-more \" href=\"javascript:void(0);\" data-dt-page=\"1\" ><span class=\"stick\"><\/span><span class=\"stick\"><\/span><span class=\"stick\"><\/span><span class=\"button-caption\">Load more<\/span><\/a>\n\t\t\t<\/div><\/div>[\/vc_tta_section][\/vc_tta_accordion][vc_separator][\/vc_column][\/vc_row][vc_row el_id=&#8221;berlin-bytch-love&#8221; css=&#8221;.vc_custom_1709205080929{padding-top: 80px !important;}&#8221;][vc_column width=&#8221;1\/4&#8243; offset=&#8221;vc_col-lg-offset-0 vc_col-md-offset-0 vc_col-sm-offset-0&#8243;][vc_column_text css=&#8221;.vc_custom_1707778025450{background-position: center !important;background-repeat: no-repeat !important;background-size: cover !important;}&#8221;]<img decoding=\"async\" class=\"alignnone wp-image-101540 size-full\" src=\"https:\/\/ucm.one\/wp-content\/uploads\/2024\/02\/P-Berlin-Bytch-Love.jpg\" alt=\"\" width=\"699\" height=\"1000\" srcset=\"https:\/\/ucm.one\/wp-content\/uploads\/2024\/02\/P-Berlin-Bytch-Love.jpg 699w, https:\/\/ucm.one\/wp-content\/uploads\/2024\/02\/P-Berlin-Bytch-Love-210x300.jpg 210w, https:\/\/ucm.one\/wp-content\/uploads\/2024\/02\/P-Berlin-Bytch-Love-300x429.jpg 300w, https:\/\/ucm.one\/wp-content\/uploads\/2024\/02\/P-Berlin-Bytch-Love-600x858.jpg 600w\" sizes=\"(max-width: 699px) 100vw, 699px\" \/>[\/vc_column_text][\/vc_column][vc_column width=&#8221;3\/4&#8243;][vc_column_text]<\/p>\n<h2>Berlin Bytch Love<\/h2>\n<h3><span style=\"font-family: arial, helvetica, sans-serif;\">by <\/span><span lang=\"EN-US\">Heiko Aufdermauer &amp; Johannes Girke<\/span><\/h3>\n<div class=\"wpb_text_column wpb_content_element \">\n<div class=\"wpb_wrapper\">\n<div class=\"wpb_text_column wpb_content_element \">\n<div class=\"wpb_wrapper\">\n<div class=\"wpb_text_column wpb_content_element vc_custom_1681339038108\">\n<div class=\"wpb_wrapper\">\n<p>&#8220;Berlin Bytch Love&#8221; is a documentary film by Heiko Aufdermauer and Johannes Girke about Sophie and Dominik, a young homeless couple in Berlin. The film shows their life on the streets of Berlin, their relationship and the challenges they face.<\/p>\n<p>Sophie, 15, and Dominik, 17, have been living on the streets around G\u00f6rlitzer Park for six months. Their everyday life is characterised by a struggle for survival, including sleeping in doorways, collecting bottles and begging. Despite the difficult circumstances, their relationship remains strong. The film also sheds light on Sophie&#8217;s pregnancy and Dominik&#8217;s upcoming trial for several criminal offences.<\/p>\n<\/div>\n<\/div>\n<\/div>\n<\/div>\n<\/div>\n<\/div>\n<div class=\"wpb_text_column wpb_content_element \">\n<div class=\"wpb_wrapper\">\n<h3><span style=\"font-family: arial, helvetica, sans-serif;\">Theatrical release: February 29, 2024<\/span><\/h3>\n<\/div>\n<\/div>\n<p>[\/vc_column_text][\/vc_column][\/vc_row][vc_row][vc_column width=&#8221;5\/6&#8243;][vc_column_text]Darling Berlin | 2022 | Documentary | Germany | Original title: \u201c<a title=\"\u201cBerlin Bytch Love\u201d (Darling Berlin) nominated for the German Documentary Film Award 2023\" href=\"https:\/\/ucm.one\/en\/berlin-bytch-love\/\">Berlin Bytch Love<\/a>\u201c[\/vc_column_text][\/vc_column][vc_column width=&#8221;1\/6&#8243;][\/vc_column][\/vc_row][vc_row][vc_column][vc_tta_accordion style=&#8221;modern&#8221; shape=&#8221;square&#8221; c_icon=&#8221;chevron&#8221; active_section=&#8221;33&#8243; no_fill=&#8221;true&#8221; collapsible_all=&#8221;true&#8221;][vc_tta_section title=&#8221;More information&#8221; tab_id=&#8221;1711763363018-799ced4b-8810&#8243;][vc_column_text]<strong>Title:<\/strong> Berlin Bytch Love<br \/>\n<strong>Director:<\/strong> Heiko Aufdermauer, Johannes Girke<br \/>\n<strong>Script \/ Writer:<\/strong> Heiko Aufdermauer, Johannes Girke<br \/>\n<strong>Producers:<\/strong> Heiko Aufdermauer, Johannes Girke<br \/>\n<strong>Production:<\/strong> Silentfilm Film &amp; Video Produktion, Berlin<br \/>\n<strong>Visual design:<\/strong> Johannes Girke, Heiko Aufdermauer, Victoire Bonin<br \/>\n<strong>Editors:<\/strong> Johannes Girke, Heiko Aufdermauer<br \/>\n<strong>Sound:<\/strong> Liam Algrisi, Luuk van den Heuvel, Fabio Thieme<br \/>\n<strong>Genre:<\/strong> Documentary<br \/>\n<strong>Country\/year of production:<\/strong> Germany \/ 2022<br \/>\n<strong>Theatrical release:<\/strong> February 02, 2024<br \/>\n<strong>Running time \/ frame rate:<\/strong> 86 minutes \/ 25 FPS<br \/>\n<strong>DCP:<\/strong> 2K F-178 5.1 Surround<br \/>\n<strong>Colour\/SW:<\/strong> Colour<br \/>\n<strong>Aspect Ratio \/ Resolution:<\/strong> 16:9 \/ 1920\u00d71080)<br \/>\n<strong>Language version (original):<\/strong> German<br \/>\n<strong>Subtitles:<\/strong> English \/ French<br \/>\n<strong>Rating:<\/strong> FSK 12<\/p>\n<p>All information about the movie: <a title=\"Berlin Bytch Love\" href=\"https:\/\/ucm.one\/en\/berlin-bytch-love\/\">Berlin Bytch Love<\/a><\/p>\n<p>[\/vc_column_text][\/vc_tta_section][vc_tta_section title=&#8221;Trailer&#8221; tab_id=&#8221;1711763363110-b97decd1-1a2d&#8221;][vc_video link=&#8221;https:\/\/www.youtube.com\/watch?v=nhmTF3ZbPrU&#8221;][\/vc_tta_section][vc_tta_section title=&#8221;News&#8221; tab_id=&#8221;1711763363197-d7718fb9-6647&#8243;]<style type=\"text\/css\" data-type=\"the7_shortcodes-inline-css\">.blog-shortcode.blog-masonry-shortcode-id-768b117ec8424e0ee5213c8f8741e352.content-bg-on.classic-layout-list article {\n  background: #e6e6e6;\n  box-shadow: none;\n}\n.blog-shortcode.blog-masonry-shortcode-id-768b117ec8424e0ee5213c8f8741e352.dividers-on.classic-layout-list article {\n  padding-top: 0;\n}\n.blog-shortcode.blog-masonry-shortcode-id-768b117ec8424e0ee5213c8f8741e352.dividers-on.classic-layout-list article:first-of-type {\n  margin-top: 0;\n  padding-top: 0;\n}\n.blog-shortcode.blog-masonry-shortcode-id-768b117ec8424e0ee5213c8f8741e352.classic-layout-list.mode-list .post-entry-content {\n  width: calc(100% - );\n}\n.blog-shortcode.blog-masonry-shortcode-id-768b117ec8424e0ee5213c8f8741e352.classic-layout-list.mode-list .no-img .post-entry-content {\n  width: 100%;\n}\n.blog-shortcode.blog-masonry-shortcode-id-768b117ec8424e0ee5213c8f8741e352 .filter-bg-decoration .filter-categories a.act {\n  color: #fff;\n}\n.blog-shortcode.blog-masonry-shortcode-id-768b117ec8424e0ee5213c8f8741e352:not(.mode-masonry) article:first-of-type,\n.blog-shortcode.blog-masonry-shortcode-id-768b117ec8424e0ee5213c8f8741e352:not(.mode-masonry) article.visible.first:not(.product) {\n  margin-top: 0;\n}\n.blog-shortcode.blog-masonry-shortcode-id-768b117ec8424e0ee5213c8f8741e352.dividers-on:not(.mode-masonry) article {\n  margin-top: 0;\n}\n.blog-shortcode.blog-masonry-shortcode-id-768b117ec8424e0ee5213c8f8741e352.dividers-on:not(.mode-masonry) article:first-of-type,\n.blog-shortcode.blog-masonry-shortcode-id-768b117ec8424e0ee5213c8f8741e352.dividers-on:not(.mode-masonry) article.visible.first:not(.product) {\n  margin-top: 0;\n  padding-top: 0;\n}\n.blog-shortcode.blog-masonry-shortcode-id-768b117ec8424e0ee5213c8f8741e352 .post-thumbnail-wrap {\n  padding: 0px 0px 0px 0px;\n}\n.blog-shortcode.blog-masonry-shortcode-id-768b117ec8424e0ee5213c8f8741e352.enable-bg-rollover .post-thumbnail-rollover:after {\n  background: -webkit-linear-gradient();\n  background: linear-gradient();\n}\n.blog-shortcode.blog-masonry-shortcode-id-768b117ec8424e0ee5213c8f8741e352 .gallery-zoom-ico {\n  width: 44px;\n  height: 44px;\n  line-height: 44px;\n  border-radius: 100px;\n  margin: -22px 0 0 -22px;\n  border-width: 0px;\n  color: #ffffff;\n}\n.bottom-overlap-layout-list.blog-shortcode.blog-masonry-shortcode-id-768b117ec8424e0ee5213c8f8741e352 .gallery-zoom-ico {\n  margin-top: -72px;\n}\n.gradient-overlay-layout-list.blog-shortcode.blog-masonry-shortcode-id-768b117ec8424e0ee5213c8f8741e352 .gallery-zoom-ico,\n.content-rollover-layout-list.blog-shortcode.blog-masonry-shortcode-id-768b117ec8424e0ee5213c8f8741e352 .gallery-zoom-ico {\n  margin: 0 0 10px;\n}\n.content-align-center.gradient-overlay-layout-list.blog-shortcode.blog-masonry-shortcode-id-768b117ec8424e0ee5213c8f8741e352 .gallery-zoom-ico,\n.content-align-center.content-rollover-layout-list.blog-shortcode.blog-masonry-shortcode-id-768b117ec8424e0ee5213c8f8741e352 .gallery-zoom-ico {\n  margin: 0 auto 10px;\n}\n.dt-icon-bg-on.blog-shortcode.blog-masonry-shortcode-id-768b117ec8424e0ee5213c8f8741e352 .gallery-zoom-ico {\n  background: rgba(255,255,255,0.3);\n  box-shadow: none;\n}\n.blog-shortcode.blog-masonry-shortcode-id-768b117ec8424e0ee5213c8f8741e352 .gallery-zoom-ico > span,\n.blog-shortcode.blog-masonry-shortcode-id-768b117ec8424e0ee5213c8f8741e352 .gallery-zoom-ico:before {\n  font-size: 32px;\n  line-height: 44px;\n}\n.blog-shortcode.blog-masonry-shortcode-id-768b117ec8424e0ee5213c8f8741e352 .gallery-zoom-ico > span,\n.blog-shortcode.blog-masonry-shortcode-id-768b117ec8424e0ee5213c8f8741e352 .gallery-zoom-ico:before {\n  color: #ffffff;\n}\n.blog-shortcode.blog-masonry-shortcode-id-768b117ec8424e0ee5213c8f8741e352 .entry-title,\n.blog-shortcode.blog-masonry-shortcode-id-768b117ec8424e0ee5213c8f8741e352.owl-carousel .entry-title {\n  margin-bottom: 5px;\n  font-weight: bold;\n}\n.blog-shortcode.blog-masonry-shortcode-id-768b117ec8424e0ee5213c8f8741e352 .entry-meta {\n  margin-bottom: 15px;\n}\n.blog-shortcode.blog-masonry-shortcode-id-768b117ec8424e0ee5213c8f8741e352 .portfolio-categories {\n  margin-bottom: 15px;\n}\n.blog-shortcode.blog-masonry-shortcode-id-768b117ec8424e0ee5213c8f8741e352 .entry-excerpt {\n  margin-bottom: 5px;\n}\n.blog-shortcode.blog-masonry-shortcode-id-768b117ec8424e0ee5213c8f8741e352:not(.centered-layout-list) .post-entry-content {\n  padding: 15px 20px 20px 20px;\n}\n.blog-shortcode.blog-masonry-shortcode-id-768b117ec8424e0ee5213c8f8741e352:not(.centered-layout-list):not(.content-bg-on):not(.mode-list) .no-img .post-entry-content {\n  padding: 0;\n}\n.blog-shortcode.blog-masonry-shortcode-id-768b117ec8424e0ee5213c8f8741e352.content-bg-on:not(.classic-layout-list):not(.centered-layout-list) .post-entry-content {\n  background: #e6e6e6;\n  box-shadow: none;\n}\n@media screen and (max-width: ) {\n  .blog-shortcode.blog-masonry-shortcode-id-768b117ec8424e0ee5213c8f8741e352 article {\n    -ms-flex-flow: column nowrap;\n    flex-flow: column nowrap;\n    margin-top: 20px;\n  }\n  .blog-shortcode.blog-masonry-shortcode-id-768b117ec8424e0ee5213c8f8741e352.dividers-on article {\n    border: none;\n  }\n  .blog-shortcode.blog-masonry-shortcode-id-768b117ec8424e0ee5213c8f8741e352.content-bg-on.centered-layout-list article {\n    padding: 0;\n  }\n  .blog-shortcode.blog-masonry-shortcode-id-768b117ec8424e0ee5213c8f8741e352.blog-shortcode.dividers-on article,\n  .blog-shortcode.blog-masonry-shortcode-id-768b117ec8424e0ee5213c8f8741e352.dividers-on.classic-layout-list article {\n    margin-top: 20px;\n    padding: 0;\n  }\n  .blog-shortcode.blog-masonry-shortcode-id-768b117ec8424e0ee5213c8f8741e352.blog-shortcode.dividers-on article:first-of-type,\n  .blog-shortcode.blog-masonry-shortcode-id-768b117ec8424e0ee5213c8f8741e352.dividers-on.classic-layout-list article:first-of-type {\n    padding: 0;\n  }\n  #page .blog-shortcode.blog-masonry-shortcode-id-768b117ec8424e0ee5213c8f8741e352 .post-thumbnail-wrap,\n  #page .blog-shortcode.blog-masonry-shortcode-id-768b117ec8424e0ee5213c8f8741e352 .post-entry-content {\n    width: 100%;\n    margin: 0;\n    top: 0;\n  }\n  #page .blog-shortcode.blog-masonry-shortcode-id-768b117ec8424e0ee5213c8f8741e352 .post-thumbnail-wrap {\n    padding: 0;\n  }\n  #page .blog-shortcode.blog-masonry-shortcode-id-768b117ec8424e0ee5213c8f8741e352 .post-entry-content:after {\n    display: none;\n  }\n  #page .blog-shortcode.blog-masonry-shortcode-id-768b117ec8424e0ee5213c8f8741e352 .project-even .post-thumbnail-wrap,\n  #page .blog-shortcode.blog-masonry-shortcode-id-768b117ec8424e0ee5213c8f8741e352.centered-layout-list .post-thumbnail-wrap {\n    -ms-flex-order: 0;\n    order: 0;\n  }\n  #page .blog-shortcode.blog-masonry-shortcode-id-768b117ec8424e0ee5213c8f8741e352.centered-layout-list .post-entry-title-content {\n    -ms-flex-order: 1;\n    order: 1;\n    width: 100%;\n    padding: 20px 20px 0;\n  }\n  #page .blog-shortcode.blog-masonry-shortcode-id-768b117ec8424e0ee5213c8f8741e352.centered-layout-list .post-entry-content {\n    -ms-flex-order: 2;\n    order: 2;\n    padding-top: 0;\n  }\n  #page .blog-shortcode.blog-masonry-shortcode-id-768b117ec8424e0ee5213c8f8741e352 .fancy-categories {\n    top: 10px;\n    left: 10px;\n    bottom: auto;\n    right: auto;\n  }\n  #page .blog-shortcode.blog-masonry-shortcode-id-768b117ec8424e0ee5213c8f8741e352 .fancy-date a {\n    top: 10px;\n    right: 10px;\n    left: auto;\n    bottom: auto;\n  }\n  #page .blog-shortcode.blog-masonry-shortcode-id-768b117ec8424e0ee5213c8f8741e352 .post-entry-content {\n    padding: 20px;\n  }\n  #page .blog-shortcode.blog-masonry-shortcode-id-768b117ec8424e0ee5213c8f8741e352 .entry-title {\n    margin: 3px 0 5px;\n    font-size: 20px;\n    line-height: 26px;\n  }\n  #page .blog-shortcode.blog-masonry-shortcode-id-768b117ec8424e0ee5213c8f8741e352 .entry-meta {\n    margin: 5px 0 5px;\n  }\n  #page .blog-shortcode.blog-masonry-shortcode-id-768b117ec8424e0ee5213c8f8741e352 .entry-excerpt {\n    margin: 15px 0 0;\n  }\n  #page .blog-shortcode.blog-masonry-shortcode-id-768b117ec8424e0ee5213c8f8741e352 .post-details {\n    margin: 5px 0 10px;\n  }\n  #page .blog-shortcode.blog-masonry-shortcode-id-768b117ec8424e0ee5213c8f8741e352 .post-details.details-type-link {\n    margin-bottom: 2px;\n  }\n}\n.blog-shortcode.blog-masonry-shortcode-id-768b117ec8424e0ee5213c8f8741e352:not(.resize-by-browser-width) .dt-css-grid {\n  grid-row-gap: 50px;\n  grid-column-gap: 50px;\n  grid-template-columns: repeat(auto-fill,minmax(,1fr));\n}\n.blog-shortcode.blog-masonry-shortcode-id-768b117ec8424e0ee5213c8f8741e352:not(.resize-by-browser-width) .dt-css-grid .double-width {\n  grid-column: span 2;\n}\n.cssgridlegacy.no-cssgrid .blog-shortcode.blog-masonry-shortcode-id-768b117ec8424e0ee5213c8f8741e352:not(.resize-by-browser-width) .dt-css-grid,\n.no-cssgridlegacy.no-cssgrid .blog-shortcode.blog-masonry-shortcode-id-768b117ec8424e0ee5213c8f8741e352:not(.resize-by-browser-width) .dt-css-grid {\n  display: flex;\n  flex-flow: row wrap;\n  margin: -25px;\n}\n.cssgridlegacy.no-cssgrid .blog-shortcode.blog-masonry-shortcode-id-768b117ec8424e0ee5213c8f8741e352:not(.resize-by-browser-width) .dt-css-grid .wf-cell,\n.no-cssgridlegacy.no-cssgrid .blog-shortcode.blog-masonry-shortcode-id-768b117ec8424e0ee5213c8f8741e352:not(.resize-by-browser-width) .dt-css-grid .wf-cell {\n  flex: 1 0 ;\n  max-width: 100%;\n  padding: 25px;\n  box-sizing: border-box;\n}\n.blog-shortcode.blog-masonry-shortcode-id-768b117ec8424e0ee5213c8f8741e352.resize-by-browser-width .dt-css-grid {\n  grid-template-columns: repeat(1,1fr);\n  grid-template-rows: auto;\n  grid-column-gap: 50px;\n  grid-row-gap: 50px;\n}\n.blog-shortcode.blog-masonry-shortcode-id-768b117ec8424e0ee5213c8f8741e352.resize-by-browser-width .dt-css-grid .double-width {\n  grid-column: span 2;\n}\n.cssgridlegacy.no-cssgrid .blog-shortcode.blog-masonry-shortcode-id-768b117ec8424e0ee5213c8f8741e352.resize-by-browser-width .dt-css-grid {\n  margin: -25px;\n}\n.cssgridlegacy.no-cssgrid .blog-shortcode.blog-masonry-shortcode-id-768b117ec8424e0ee5213c8f8741e352.resize-by-browser-width .dt-css-grid .wf-cell {\n  width: 100%;\n  padding: 25px;\n}\n.cssgridlegacy.no-cssgrid .blog-shortcode.blog-masonry-shortcode-id-768b117ec8424e0ee5213c8f8741e352.resize-by-browser-width .dt-css-grid .wf-cell.double-width {\n  width: calc(100%) * 2;\n}\n.blog-shortcode.blog-masonry-shortcode-id-768b117ec8424e0ee5213c8f8741e352.resize-by-browser-width:not(.centered-layout-list):not(.content-bg-on) .dt-css-grid {\n  grid-row-gap: 30px;\n}\n@media screen and (max-width: 1199px) {\n  .blog-shortcode.blog-masonry-shortcode-id-768b117ec8424e0ee5213c8f8741e352.resize-by-browser-width .dt-css-grid {\n    grid-template-columns: repeat(1,1fr);\n  }\n  .cssgridlegacy.no-cssgrid .blog-shortcode.blog-masonry-shortcode-id-768b117ec8424e0ee5213c8f8741e352.resize-by-browser-width .dt-css-grid .wf-cell,\n  .no-cssgridlegacy.no-cssgrid .blog-shortcode.blog-masonry-shortcode-id-768b117ec8424e0ee5213c8f8741e352.resize-by-browser-width .dt-css-grid .wf-cell {\n    width: 100%;\n  }\n  .cssgridlegacy.no-cssgrid .blog-shortcode.blog-masonry-shortcode-id-768b117ec8424e0ee5213c8f8741e352.resize-by-browser-width .dt-css-grid .wf-cell.double-width,\n  .no-cssgridlegacy.no-cssgrid .blog-shortcode.blog-masonry-shortcode-id-768b117ec8424e0ee5213c8f8741e352.resize-by-browser-width .dt-css-grid .wf-cell.double-width {\n    width: calc(100%)*2;\n  }\n}\n@media screen and (max-width: 991px) {\n  .blog-shortcode.blog-masonry-shortcode-id-768b117ec8424e0ee5213c8f8741e352.resize-by-browser-width .dt-css-grid {\n    grid-template-columns: repeat(1,1fr);\n  }\n  .cssgridlegacy.no-cssgrid .blog-shortcode.blog-masonry-shortcode-id-768b117ec8424e0ee5213c8f8741e352.resize-by-browser-width .dt-css-grid .wf-cell,\n  .no-cssgridlegacy.no-cssgrid .blog-shortcode.blog-masonry-shortcode-id-768b117ec8424e0ee5213c8f8741e352.resize-by-browser-width .dt-css-grid .wf-cell {\n    width: 100%;\n  }\n  .cssgridlegacy.no-cssgrid .blog-shortcode.blog-masonry-shortcode-id-768b117ec8424e0ee5213c8f8741e352.resize-by-browser-width .dt-css-grid .wf-cell.double-width,\n  .no-cssgridlegacy.no-cssgrid .blog-shortcode.blog-masonry-shortcode-id-768b117ec8424e0ee5213c8f8741e352.resize-by-browser-width .dt-css-grid .wf-cell.double-width {\n    width: calc(100%)*2;\n  }\n}\n@media screen and (max-width: 767px) {\n  .blog-shortcode.blog-masonry-shortcode-id-768b117ec8424e0ee5213c8f8741e352.resize-by-browser-width .dt-css-grid {\n    grid-template-columns: repeat(1,1fr);\n  }\n  .blog-shortcode.blog-masonry-shortcode-id-768b117ec8424e0ee5213c8f8741e352.resize-by-browser-width .dt-css-grid .double-width {\n    grid-column: span 1;\n  }\n  .cssgridlegacy.no-cssgrid .blog-shortcode.blog-masonry-shortcode-id-768b117ec8424e0ee5213c8f8741e352.resize-by-browser-width .dt-css-grid .wf-cell,\n  .no-cssgridlegacy.no-cssgrid .blog-shortcode.blog-masonry-shortcode-id-768b117ec8424e0ee5213c8f8741e352.resize-by-browser-width .dt-css-grid .wf-cell {\n    width: 100%;\n  }\n  .cssgridlegacy.no-cssgrid .blog-shortcode.blog-masonry-shortcode-id-768b117ec8424e0ee5213c8f8741e352.resize-by-browser-width .dt-css-grid .wf-cell.double-width,\n  .no-cssgridlegacy.no-cssgrid .blog-shortcode.blog-masonry-shortcode-id-768b117ec8424e0ee5213c8f8741e352.resize-by-browser-width .dt-css-grid .wf-cell.double-width {\n    width: calc(100%)*2;\n  }\n}<\/style><div class=\"blog-shortcode blog-masonry-shortcode-id-768b117ec8424e0ee5213c8f8741e352 mode-grid classic-layout-list content-bg-on jquery-filter vertical-fancy-style scale-img dt-css-grid-wrap dt-icon-bg-off resize-by-browser-width loading-effect-none description-under-image \" data-padding=\"25px\" data-cur-page=\"1\" data-post-limit=\"2\" data-pagination-mode=\"load-more\" aria-live=\"assertive\" data-desktop-columns-num=\"1\" data-v-tablet-columns-num=\"1\" data-h-tablet-columns-num=\"1\" data-phone-columns-num=\"1\" data-width=\"0px\" data-columns=\"0\"><div class=\"dt-css-grid\" ><div class=\"visible wf-cell\" data-post-id=\"106926\" data-date=\"2024-09-11T09:56:48+00:00\" data-name=\"\ud83c\udfac On Homeless Day: Berlin Bytch Love (Darling Berlin) at Babylon Mitte\"><article class=\"post project-odd visible post-106926 type-post status-publish format-standard has-post-thumbnail hentry category-cinema category-darling-berlin category-film-en category-film-distribution-en category-news-en category-world-sales tag-babylon-en tag-berlin-en tag-berlin-bytch-love-2 tag-berlin-housing-crisis-working-group tag-betteln-2 tag-darling-berlin-en tag-dokumentarfilm-2 tag-flaschensammeln-2 tag-gorlitzer-park tag-heiko-aufdermauer-2 tag-homeless-day tag-johannes-girke tag-obdachlos-2 tag-ueberlebenskampf-2 category-1011 category-22 category-942 category-15326 category-941 category-7530\" data-name=\"\ud83c\udfac On Homeless Day: Berlin Bytch Love (Darling Berlin) at Babylon Mitte\" data-date=\"2024-09-11T09:56:48+00:00\">\n\n<div class=\"post-thumbnail-wrap\">\n\t<div class=\"post-thumbnail\">\n\t\t\n\t\t\n\t\t<a href=\"https:\/\/ucm.one\/en\/on-homeless-day-berlin-bytch-love-darling-berlin-at-babylon-mitte\/\" class=\"post-thumbnail-rollover layzr-bg layzr-bg\" ><img decoding=\"async\" class=\"iso-lazy-load preload-me iso-lazy-load aspect\" src=\"data:image\/svg+xml,%3Csvg%20xmlns%3D&#39;http%3A%2F%2Fwww.w3.org%2F2000%2Fsvg&#39;%20viewBox%3D&#39;0%200%20990%20309&#39;%2F%3E\" data-src=\"https:\/\/ucm.one\/wp-content\/uploads\/2024\/09\/B-Berlin-Bytch-Love-Tag-der-Wohznungslosen--990x309.jpg\" data-srcset=\"https:\/\/ucm.one\/wp-content\/uploads\/2024\/09\/B-Berlin-Bytch-Love-Tag-der-Wohznungslosen--990x309.jpg 990w, https:\/\/ucm.one\/wp-content\/uploads\/2024\/09\/B-Berlin-Bytch-Love-Tag-der-Wohznungslosen--1485x464.jpg 1485w\" loading=\"eager\" style=\"--ratio: 990 \/ 309\" sizes=\"(max-width: 990px) 100vw, 990px\" alt=\"\" title=\"B Berlin Bytch Love &#8211; Tag der Wohznungslosen\" width=\"990\" height=\"309\"  \/><\/a>\t<\/div>\n<\/div>\n\n\n<div class=\"post-entry-content\">\n\n\t<h3 class=\"entry-title\">\n\t\t<a href=\"https:\/\/ucm.one\/en\/on-homeless-day-berlin-bytch-love-darling-berlin-at-babylon-mitte\/\" title=\"\ud83c\udfac On Homeless Day: Berlin Bytch Love (Darling Berlin) at Babylon Mitte\" rel=\"bookmark\">\ud83c\udfac On Homeless Day: Berlin Bytch Love (Darling Berlin) at Babylon Mitte<\/a>\n\t<\/h3>\n\n\t<div class=\"entry-meta\"><span class=\"category-link\"><a href=\"https:\/\/ucm.one\/en\/category\/news-en\/cinema\/\" >Cinema<\/a>, <a href=\"https:\/\/ucm.one\/en\/category\/news-en\/film-en\/darling-berlin\/\" >Darling Berlin<\/a>, <a href=\"https:\/\/ucm.one\/en\/category\/news-en\/film-en\/\" >Film<\/a>, <a href=\"https:\/\/ucm.one\/en\/category\/news-en\/media-distribution-en\/film-distribution-en\/\" >Film Distribution<\/a>, <a href=\"https:\/\/ucm.one\/en\/category\/news-en\/\" >News<\/a>, <a href=\"https:\/\/ucm.one\/en\/category\/news-en\/movie-distribution\/world-sales\/\" >World Sales<\/a><\/span><a class=\"author vcard\" href=\"\" title=\"View all posts by Joachim Keil\" rel=\"author\">By <span class=\"fn\">Joachim Keil<\/span><\/a><a href=\"https:\/\/ucm.one\/en\/2024\/09\/11\/\" title=\"09:56\" class=\"data-link\" rel=\"bookmark\"><time class=\"entry-date updated\" datetime=\"2024-09-11T09:56:48+00:00\">11. September 2024<\/time><\/a><\/div>\n\t<div class=\"entry-excerpt\"><p>[vc_row][vc_column][vc_column_text css=&#8221;&#8221;] On Homeless Day on 11 September, the Babylon cinema is showing the documentary film *Berlin Bytch Love* (Darling Berlin, directed by Heiko Aufdermauer and Johannes Girke) today at 6 p.m. in cooperation with UCM.ONE and the Berlin Housing Crisis Working Group. [\/vc_column_text][\/vc_column][\/vc_row][vc_row][vc_column width=&#8221;3\/4&#8243;][vc_row_inner][vc_column_inner][vc_column_text]\u2018Berlin Bytch Love\u2019 was made under the direction of Heiko Aufdermauer&hellip;<\/p>\n<\/div>\n\t\n<a href=\"https:\/\/ucm.one\/en\/on-homeless-day-berlin-bytch-love-darling-berlin-at-babylon-mitte\/\" class=\"post-details details-type-link\" aria-label=\"Read more about \ud83c\udfac On Homeless Day: Berlin Bytch Love (Darling Berlin) at Babylon Mitte\">Read more<i class=\"dt-icon-the7-arrow-03\" aria-hidden=\"true\"><\/i><\/a>\n\n<\/div><\/article><\/div><div class=\"visible wf-cell\" data-post-id=\"102094\" data-date=\"2024-03-01T14:51:37+00:00\" data-name=\"\ud83c\udfac &quot;Berlin Bytch Love&quot; (Darling Berlin) celebrated its theatrical premiere at the Krokodil cinema in Berlin\"><article class=\"post project-odd visible post-102094 type-post status-publish format-standard has-post-thumbnail hentry category-cinema category-darling-berlin category-film-en category-film-distribution-en category-news-en category-world-sales tag-begging-2 tag-berlin-en tag-berlin-bytch-love-2 tag-betteln-2 tag-bottle-collecting tag-darling-berlin-en tag-documentary-film tag-dokumentarfilm-en tag-flaschensammeln-2 tag-gorlitzer-park tag-heiko-aufdermauer-2 tag-homeless tag-johannes-girke tag-krokodil-2 tag-obdachlos-2 tag-struggle-for-survival tag-ueberlebenskampf-2 category-1011 category-22 category-942 category-15326 category-941 category-7530\" data-name=\"\ud83c\udfac &#8220;Berlin Bytch Love&#8221; (Darling Berlin) celebrated its theatrical premiere at the Krokodil cinema in Berlin\" data-date=\"2024-03-01T14:51:37+00:00\">\n\n<div class=\"post-thumbnail-wrap\">\n\t<div class=\"post-thumbnail\">\n\t\t\n\t\t\n\t\t<a href=\"https:\/\/ucm.one\/en\/berlin-bytch-love-darling-berlin-celebrated-its-theatrical-premiere-at-the-krokodil-cinema-in-berlin\/\" class=\"post-thumbnail-rollover layzr-bg layzr-bg\" ><img decoding=\"async\" class=\"iso-lazy-load preload-me iso-lazy-load aspect\" src=\"data:image\/svg+xml,%3Csvg%20xmlns%3D&#39;http%3A%2F%2Fwww.w3.org%2F2000%2Fsvg&#39;%20viewBox%3D&#39;0%200%20990%20309&#39;%2F%3E\" data-src=\"https:\/\/ucm.one\/wp-content\/uploads\/2024\/03\/B-Berlin-Nytch-Love-Premiere-990x309.jpg\" data-srcset=\"https:\/\/ucm.one\/wp-content\/uploads\/2024\/03\/B-Berlin-Nytch-Love-Premiere-990x309.jpg 990w, https:\/\/ucm.one\/wp-content\/uploads\/2024\/03\/B-Berlin-Nytch-Love-Premiere-1485x464.jpg 1485w\" loading=\"eager\" style=\"--ratio: 990 \/ 309\" sizes=\"(max-width: 990px) 100vw, 990px\" alt=\"\" title=\"B Berlin Nytch Love Premiere\" width=\"990\" height=\"309\"  \/><\/a>\t<\/div>\n<\/div>\n\n\n<div class=\"post-entry-content\">\n\n\t<h3 class=\"entry-title\">\n\t\t<a href=\"https:\/\/ucm.one\/en\/berlin-bytch-love-darling-berlin-celebrated-its-theatrical-premiere-at-the-krokodil-cinema-in-berlin\/\" title=\"\ud83c\udfac &#8220;Berlin Bytch Love&#8221; (Darling Berlin) celebrated its theatrical premiere at the Krokodil cinema in Berlin\" rel=\"bookmark\">\ud83c\udfac &#8220;Berlin Bytch Love&#8221; (Darling Berlin) celebrated its theatrical premiere at the Krokodil cinema in Berlin<\/a>\n\t<\/h3>\n\n\t<div class=\"entry-meta\"><span class=\"category-link\"><a href=\"https:\/\/ucm.one\/en\/category\/news-en\/cinema\/\" >Cinema<\/a>, <a href=\"https:\/\/ucm.one\/en\/category\/news-en\/film-en\/darling-berlin\/\" >Darling Berlin<\/a>, <a href=\"https:\/\/ucm.one\/en\/category\/news-en\/film-en\/\" >Film<\/a>, <a href=\"https:\/\/ucm.one\/en\/category\/news-en\/media-distribution-en\/film-distribution-en\/\" >Film Distribution<\/a>, <a href=\"https:\/\/ucm.one\/en\/category\/news-en\/\" >News<\/a>, <a href=\"https:\/\/ucm.one\/en\/category\/news-en\/movie-distribution\/world-sales\/\" >World Sales<\/a><\/span><a class=\"author vcard\" href=\"\" title=\"View all posts by Joachim Keil\" rel=\"author\">By <span class=\"fn\">Joachim Keil<\/span><\/a><a href=\"https:\/\/ucm.one\/en\/2024\/03\/01\/\" title=\"14:51\" class=\"data-link\" rel=\"bookmark\"><time class=\"entry-date updated\" datetime=\"2024-03-01T14:51:37+00:00\">1. March 2024<\/time><\/a><\/div>\n\t<div class=\"entry-excerpt\"><p>[vc_row][vc_column][vc_column_text] The documentary &#8220;Berlin Bytch Love&#8221; by Heiko Aufdermauer and Johannes Girke celebrated its theatrical release premiere on February 29, 2024 at the renowned Berlin arthouse cinema &#8220;Krokodil&#8221; in Prenzlauer Berg. The screening was followed by a film talk in which the filmmakers and the protagonist Sophie gave insights into the making of the film&hellip;<\/p>\n<\/div>\n\t\n<a href=\"https:\/\/ucm.one\/en\/berlin-bytch-love-darling-berlin-celebrated-its-theatrical-premiere-at-the-krokodil-cinema-in-berlin\/\" class=\"post-details details-type-link\" aria-label=\"Read more about \ud83c\udfac &#8220;Berlin Bytch Love&#8221; (Darling Berlin) celebrated its theatrical premiere at the Krokodil cinema in Berlin\">Read more<i class=\"dt-icon-the7-arrow-03\" aria-hidden=\"true\"><\/i><\/a>\n\n<\/div><\/article><\/div><div class=\"hidden wf-cell\" data-post-id=\"101994\" data-date=\"2024-02-29T10:38:54+00:00\" data-name=\"\ud83c\udfac &quot;Berlin Bytch Love&quot; (Darling Berlin) can be seen in cinemas nationwide from today\"><article class=\"post project-odd visible post-101994 type-post status-publish format-standard has-post-thumbnail hentry category-cinema category-darling-berlin category-film-en category-film-distribution-en category-news-en category-world-sales tag-berlin-en tag-berlin-bytch-love-2 tag-betteln-2 tag-darling-berlin-en tag-dokumentarfilm-2 tag-flaschensammeln-2 tag-gorlitzer-park tag-heiko-aufdermauer-2 tag-johannes-girke tag-obdachlos-2 tag-ueberlebenskampf-2 category-1011 category-22 category-942 category-15326 category-941 category-7530\" data-name=\"\ud83c\udfac &#8220;Berlin Bytch Love&#8221; (Darling Berlin) can be seen in cinemas nationwide from today\" data-date=\"2024-02-29T10:38:54+00:00\">\n\n<div class=\"post-thumbnail-wrap\">\n\t<div class=\"post-thumbnail\">\n\t\t\n\t\t\n\t\t<a href=\"https:\/\/ucm.one\/en\/berlin-bytch-love-darling-berlin-can-be-seen-in-cinemas-nationwide-from-today\/\" class=\"post-thumbnail-rollover layzr-bg layzr-bg\" ><img decoding=\"async\" class=\"iso-lazy-load preload-me iso-lazy-load aspect\" src=\"data:image\/svg+xml,%3Csvg%20xmlns%3D&#39;http%3A%2F%2Fwww.w3.org%2F2000%2Fsvg&#39;%20viewBox%3D&#39;0%200%20990%20309&#39;%2F%3E\" data-src=\"https:\/\/ucm.one\/wp-content\/uploads\/2024\/02\/B-Berlin-Bsytch-Love-Kinopremiere-990x309.jpg\" data-srcset=\"https:\/\/ucm.one\/wp-content\/uploads\/2024\/02\/B-Berlin-Bsytch-Love-Kinopremiere-990x309.jpg 990w, https:\/\/ucm.one\/wp-content\/uploads\/2024\/02\/B-Berlin-Bsytch-Love-Kinopremiere-1485x464.jpg 1485w\" loading=\"eager\" style=\"--ratio: 990 \/ 309\" sizes=\"(max-width: 990px) 100vw, 990px\" alt=\"\" title=\"B Berlin Bsytch Love Kinopremiere\" width=\"990\" height=\"309\"  \/><\/a>\t<\/div>\n<\/div>\n\n\n<div class=\"post-entry-content\">\n\n\t<h3 class=\"entry-title\">\n\t\t<a href=\"https:\/\/ucm.one\/en\/berlin-bytch-love-darling-berlin-can-be-seen-in-cinemas-nationwide-from-today\/\" title=\"\ud83c\udfac &#8220;Berlin Bytch Love&#8221; (Darling Berlin) can be seen in cinemas nationwide from today\" rel=\"bookmark\">\ud83c\udfac &#8220;Berlin Bytch Love&#8221; (Darling Berlin) can be seen in cinemas nationwide from today<\/a>\n\t<\/h3>\n\n\t<div class=\"entry-meta\"><span class=\"category-link\"><a href=\"https:\/\/ucm.one\/en\/category\/news-en\/cinema\/\" >Cinema<\/a>, <a href=\"https:\/\/ucm.one\/en\/category\/news-en\/film-en\/darling-berlin\/\" >Darling Berlin<\/a>, <a href=\"https:\/\/ucm.one\/en\/category\/news-en\/film-en\/\" >Film<\/a>, <a href=\"https:\/\/ucm.one\/en\/category\/news-en\/media-distribution-en\/film-distribution-en\/\" >Film Distribution<\/a>, <a href=\"https:\/\/ucm.one\/en\/category\/news-en\/\" >News<\/a>, <a href=\"https:\/\/ucm.one\/en\/category\/news-en\/movie-distribution\/world-sales\/\" >World Sales<\/a><\/span><a class=\"author vcard\" href=\"\" title=\"View all posts by Joachim Keil\" rel=\"author\">By <span class=\"fn\">Joachim Keil<\/span><\/a><a href=\"https:\/\/ucm.one\/en\/2024\/02\/29\/\" title=\"10:38\" class=\"data-link\" rel=\"bookmark\"><time class=\"entry-date updated\" datetime=\"2024-02-29T10:38:54+00:00\">29. February 2024<\/time><\/a><\/div>\n\t<div class=\"entry-excerpt\"><p>[vc_row][vc_column][vc_column_text] From today, &#8220;Berlin Bytch Love&#8221; can be seen in selected cinemas across Germany. The documentary is also celebrating its theatrical release premiere at the Krokodil cinema in Berlin on the Darling Berlin film label. The film takes an unvarnished look at the lives of Sophie (15) and Dominik (17), who have been living on&hellip;<\/p>\n<\/div>\n\t\n<a href=\"https:\/\/ucm.one\/en\/berlin-bytch-love-darling-berlin-can-be-seen-in-cinemas-nationwide-from-today\/\" class=\"post-details details-type-link\" aria-label=\"Read more about \ud83c\udfac &#8220;Berlin Bytch Love&#8221; (Darling Berlin) can be seen in cinemas nationwide from today\">Read more<i class=\"dt-icon-the7-arrow-03\" aria-hidden=\"true\"><\/i><\/a>\n\n<\/div><\/article><\/div><div class=\"hidden wf-cell\" data-post-id=\"101892\" data-date=\"2024-01-12T21:30:09+00:00\" data-name=\"\ud83c\udfac The documentary film &quot;Berlin Bytch Love&quot; (Darling Berlin) will celebrate its German cinema release on February 29, 2024\"><article class=\"post project-odd visible post-101892 type-post status-publish format-standard has-post-thumbnail hentry category-cinema category-film-en category-film-distribution-en category-news-en category-world-sales tag-begging-2 tag-berlin-en tag-berlin-bytch-love-2 tag-bottle-collecting tag-darling-berlin-en tag-documentary-film tag-gorlitzer-park tag-heiko-aufdermauer-2 tag-homeless tag-johannes-girke tag-struggle-for-survival category-1011 category-942 category-15326 category-941 category-7530\" data-name=\"\ud83c\udfac The documentary film &#8220;Berlin Bytch Love&#8221; (Darling Berlin) will celebrate its German cinema release on February 29, 2024\" data-date=\"2024-01-12T21:30:09+00:00\">\n\n<div class=\"post-thumbnail-wrap\">\n\t<div class=\"post-thumbnail\">\n\t\t\n\t\t\n\t\t<a href=\"https:\/\/ucm.one\/en\/the-documentary-film-berlin-bytch-love-darling-berlin-will-celebrate-its-german-cinema-release-on-february-29-2024\/\" class=\"post-thumbnail-rollover layzr-bg layzr-bg\" ><img decoding=\"async\" class=\"iso-lazy-load preload-me iso-lazy-load aspect\" src=\"data:image\/svg+xml,%3Csvg%20xmlns%3D&#39;http%3A%2F%2Fwww.w3.org%2F2000%2Fsvg&#39;%20viewBox%3D&#39;0%200%20990%20309&#39;%2F%3E\" data-src=\"https:\/\/ucm.one\/wp-content\/uploads\/2024\/02\/BBL-Banner-EFM-990x309.jpg\" data-srcset=\"https:\/\/ucm.one\/wp-content\/uploads\/2024\/02\/BBL-Banner-EFM-990x309.jpg 990w, https:\/\/ucm.one\/wp-content\/uploads\/2024\/02\/BBL-Banner-EFM-1485x464.jpg 1485w\" loading=\"eager\" style=\"--ratio: 990 \/ 309\" sizes=\"(max-width: 990px) 100vw, 990px\" alt=\"\" title=\"BBL Banner EFM\" width=\"990\" height=\"309\"  \/><\/a>\t<\/div>\n<\/div>\n\n\n<div class=\"post-entry-content\">\n\n\t<h3 class=\"entry-title\">\n\t\t<a href=\"https:\/\/ucm.one\/en\/the-documentary-film-berlin-bytch-love-darling-berlin-will-celebrate-its-german-cinema-release-on-february-29-2024\/\" title=\"\ud83c\udfac The documentary film &#8220;Berlin Bytch Love&#8221; (Darling Berlin) will celebrate its German cinema release on February 29, 2024\" rel=\"bookmark\">\ud83c\udfac The documentary film &#8220;Berlin Bytch Love&#8221; (Darling Berlin) will celebrate its German cinema release on February 29, 2024<\/a>\n\t<\/h3>\n\n\t<div class=\"entry-meta\"><span class=\"category-link\"><a href=\"https:\/\/ucm.one\/en\/category\/news-en\/cinema\/\" >Cinema<\/a>, <a href=\"https:\/\/ucm.one\/en\/category\/news-en\/film-en\/\" >Film<\/a>, <a href=\"https:\/\/ucm.one\/en\/category\/news-en\/media-distribution-en\/film-distribution-en\/\" >Film Distribution<\/a>, <a href=\"https:\/\/ucm.one\/en\/category\/news-en\/\" >News<\/a>, <a href=\"https:\/\/ucm.one\/en\/category\/news-en\/movie-distribution\/world-sales\/\" >World Sales<\/a><\/span><a class=\"author vcard\" href=\"\" title=\"View all posts by Joachim Keil\" rel=\"author\">By <span class=\"fn\">Joachim Keil<\/span><\/a><a href=\"https:\/\/ucm.one\/en\/2024\/01\/12\/\" title=\"21:30\" class=\"data-link\" rel=\"bookmark\"><time class=\"entry-date updated\" datetime=\"2024-01-12T21:30:09+00:00\">12. January 2024<\/time><\/a><\/div>\n\t<div class=\"entry-excerpt\"><p>[vc_row][vc_column][vc_column_text] On 29 February 2024, UCM.ONE will release the documentary &#8220;Berlin Bytch Love&#8221; by Heiko Aufdermauer and Johannes Girke on the Darling Berlin label in German cinemas. The film is about a young couple (aged 15 and 17) who live on the streets around Berlin&#8217;s G\u00f6rlitzer Park and whom the two filmmakers were allowed to&hellip;<\/p>\n<\/div>\n\t\n<a href=\"https:\/\/ucm.one\/en\/the-documentary-film-berlin-bytch-love-darling-berlin-will-celebrate-its-german-cinema-release-on-february-29-2024\/\" class=\"post-details details-type-link\" aria-label=\"Read more about \ud83c\udfac The documentary film &#8220;Berlin Bytch Love&#8221; (Darling Berlin) will celebrate its German cinema release on February 29, 2024\">Read more<i class=\"dt-icon-the7-arrow-03\" aria-hidden=\"true\"><\/i><\/a>\n\n<\/div><\/article><\/div><div class=\"hidden wf-cell\" data-post-id=\"100743\" data-date=\"2023-05-25T20:15:10+00:00\" data-name=\"\ud83c\udfac &quot;Berlin Bytch Love&quot; (Darling Berlin) nominated for the German Documentary Film Award 2023\"><article class=\"post project-odd visible post-100743 type-post status-publish format-standard has-post-thumbnail hentry category-cinema category-darling-berlin category-film-en category-film-distribution-en category-news-en category-world-sales tag-berlin-en tag-berlin-bytch-love-2 tag-betteln-2 tag-darling-berlin-en tag-dokumentarfilm-2 tag-flaschensammeln-2 tag-gorlitzer-park tag-heiko-aufdermauer-2 tag-johannes-girke tag-obdachlos-2 tag-ueberlebenskampf-2 category-1011 category-22 category-942 category-15326 category-941 category-7530\" data-name=\"\ud83c\udfac &#8220;Berlin Bytch Love&#8221; (Darling Berlin) nominated for the German Documentary Film Award 2023\" data-date=\"2023-05-25T20:15:10+00:00\">\n\n<div class=\"post-thumbnail-wrap\">\n\t<div class=\"post-thumbnail\">\n\t\t\n\t\t\n\t\t<a href=\"https:\/\/ucm.one\/en\/berlin-bytch-love-darling-berlin-nominated-for-the-german-documentary-film-award-2023\/\" class=\"post-thumbnail-rollover layzr-bg layzr-bg\" ><img decoding=\"async\" class=\"iso-lazy-load preload-me iso-lazy-load aspect\" src=\"data:image\/svg+xml,%3Csvg%20xmlns%3D&#39;http%3A%2F%2Fwww.w3.org%2F2000%2Fsvg&#39;%20viewBox%3D&#39;0%200%20990%20309&#39;%2F%3E\" data-src=\"https:\/\/ucm.one\/wp-content\/uploads\/2024\/01\/B-Berlin-Bytch-Love-Deutscher-Dokumentarfilmpreis-2023-990x309.jpg\" data-srcset=\"https:\/\/ucm.one\/wp-content\/uploads\/2024\/01\/B-Berlin-Bytch-Love-Deutscher-Dokumentarfilmpreis-2023-990x309.jpg 990w, https:\/\/ucm.one\/wp-content\/uploads\/2024\/01\/B-Berlin-Bytch-Love-Deutscher-Dokumentarfilmpreis-2023-1485x464.jpg 1485w\" loading=\"eager\" style=\"--ratio: 990 \/ 309\" sizes=\"(max-width: 990px) 100vw, 990px\" alt=\"\" title=\"B Berlin Bytch Love &#8211; Deutscher Dokumentarfilmpreis 2023\" width=\"990\" height=\"309\"  \/><\/a>\t<\/div>\n<\/div>\n\n\n<div class=\"post-entry-content\">\n\n\t<h3 class=\"entry-title\">\n\t\t<a href=\"https:\/\/ucm.one\/en\/berlin-bytch-love-darling-berlin-nominated-for-the-german-documentary-film-award-2023\/\" title=\"\ud83c\udfac &#8220;Berlin Bytch Love&#8221; (Darling Berlin) nominated for the German Documentary Film Award 2023\" rel=\"bookmark\">\ud83c\udfac &#8220;Berlin Bytch Love&#8221; (Darling Berlin) nominated for the German Documentary Film Award 2023<\/a>\n\t<\/h3>\n\n\t<div class=\"entry-meta\"><span class=\"category-link\"><a href=\"https:\/\/ucm.one\/en\/category\/news-en\/cinema\/\" >Cinema<\/a>, <a href=\"https:\/\/ucm.one\/en\/category\/news-en\/film-en\/darling-berlin\/\" >Darling Berlin<\/a>, <a href=\"https:\/\/ucm.one\/en\/category\/news-en\/film-en\/\" >Film<\/a>, <a href=\"https:\/\/ucm.one\/en\/category\/news-en\/media-distribution-en\/film-distribution-en\/\" >Film Distribution<\/a>, <a href=\"https:\/\/ucm.one\/en\/category\/news-en\/\" >News<\/a>, <a href=\"https:\/\/ucm.one\/en\/category\/news-en\/movie-distribution\/world-sales\/\" >World Sales<\/a><\/span><a class=\"author vcard\" href=\"\" title=\"View all posts by Joachim Keil\" rel=\"author\">By <span class=\"fn\">Joachim Keil<\/span><\/a><a href=\"https:\/\/ucm.one\/en\/2023\/05\/25\/\" title=\"20:15\" class=\"data-link\" rel=\"bookmark\"><time class=\"entry-date updated\" datetime=\"2023-05-25T20:15:10+00:00\">25. May 2023<\/time><\/a><\/div>\n\t<div class=\"entry-excerpt\"><p>[vc_row][vc_column][vc_column_text] &#8220;Berlin Bytch Love&#8221; (Darling Berlin), a documentary film by Heiko Aufdermauer and Johannes Girke about Sophie and Dominik, a young homeless couple in Berlin, has been nominated for the German Documentary Film Award 2023. The film shows their life on the streets of Berlin, their relationship and the challenges they face. [\/vc_column_text][\/vc_column][\/vc_row][vc_row][vc_column width=&#8221;3\/4&#8243;][vc_row_inner][vc_column_inner][vc_column_text] The&hellip;<\/p>\n<\/div>\n\t\n<a href=\"https:\/\/ucm.one\/en\/berlin-bytch-love-darling-berlin-nominated-for-the-german-documentary-film-award-2023\/\" class=\"post-details details-type-link\" aria-label=\"Read more about \ud83c\udfac &#8220;Berlin Bytch Love&#8221; (Darling Berlin) nominated for the German Documentary Film Award 2023\">Read more<i class=\"dt-icon-the7-arrow-03\" aria-hidden=\"true\"><\/i><\/a>\n\n<\/div><\/article><\/div><\/div><!-- iso-container|iso-grid --><div class=\"paginator paginator-more-button\">\n\t\t\t\t<a class=\"button-load-more \" href=\"javascript:void(0);\" data-dt-page=\"1\" ><span class=\"stick\"><\/span><span class=\"stick\"><\/span><span class=\"stick\"><\/span><span class=\"button-caption\">Load more<\/span><\/a>\n\t\t\t<\/div><\/div>[\/vc_tta_section][\/vc_tta_accordion][vc_separator][\/vc_column][\/vc_row][vc_row el_id=&#8221;dreamers&#8221; css=&#8221;.vc_custom_1709205069264{padding-top: 80px !important;}&#8221;][vc_column width=&#8221;1\/4&#8243; offset=&#8221;vc_col-lg-offset-0 vc_col-md-offset-0 vc_col-sm-offset-0&#8243;][vc_column_text css=&#8221;.vc_custom_1707089169465{background-position: center !important;background-repeat: no-repeat !important;background-size: cover !important;}&#8221;]<img decoding=\"async\" class=\"alignnone wp-image-101073 size-full\" src=\"https:\/\/ucm.one\/wp-content\/uploads\/2024\/01\/P-Dreamers.jpg\" alt=\"\" width=\"699\" height=\"1000\" srcset=\"https:\/\/ucm.one\/wp-content\/uploads\/2024\/01\/P-Dreamers.jpg 699w, https:\/\/ucm.one\/wp-content\/uploads\/2024\/01\/P-Dreamers-210x300.jpg 210w, https:\/\/ucm.one\/wp-content\/uploads\/2024\/01\/P-Dreamers-300x429.jpg 300w, https:\/\/ucm.one\/wp-content\/uploads\/2024\/01\/P-Dreamers-600x858.jpg 600w\" sizes=\"(max-width: 699px) 100vw, 699px\" \/>[\/vc_column_text][\/vc_column][vc_column width=&#8221;3\/4&#8243;][vc_column_text]<\/p>\n<h2>Dreamers<\/h2>\n<h3><span style=\"font-family: arial, helvetica, sans-serif;\">by <\/span>St\u00e9phanie Barbey &amp; Luc Peter<\/h3>\n<div class=\"wpb_text_column wpb_content_element \">\n<div class=\"wpb_wrapper\">\n<div class=\"wpb_text_column wpb_content_element \">\n<div class=\"wpb_wrapper\">\n<div class=\"wpb_text_column wpb_content_element vc_custom_1681339038108\">\n<div class=\"wpb_wrapper\">\n<p>At the age of 9, he came to Chicago illegally from Mexico with his three brothers and his parents. He had the right to stay in the USA until he was 17. His status changed on his 18th birthday: in the eyes of the law, he has been in the USA illegally ever since. The American dream turns into a nightmare. The slightest mistake can lead to his deportation.<\/p>\n<p>The director couple Stephanie Barbey &amp; Luc Peter accompanied Carlos and his family for more than two years and through them experienced what it means to live in the USA without legal status. The black and white cinematography by Nikolai von Graevenitz (German Camera Award 2022) was specially chosen to highlight these contrasts and contradictions and emphasize what it means to live in the shadow of the US legal system. They make us forget the glittering world of the American dream and convey hope for a better future, despite the protagonists&#8217; harsh living conditions.<\/p>\n<\/div>\n<\/div>\n<\/div>\n<\/div>\n<\/div>\n<\/div>\n<div class=\"wpb_text_column wpb_content_element \">\n<div class=\"wpb_wrapper\">\n<h3><span style=\"font-family: arial, helvetica, sans-serif;\">Theatrical release: February 08, 2024<\/span><\/h3>\n<\/div>\n<\/div>\n<p>[\/vc_column_text][vc_column_text]<span style=\"color: #999999;\"><em>Available via <span style=\"font-family: 'arial black', sans-serif;\"><strong>UCM.ONE <\/strong><\/span><\/em><em>in<\/em>\u00a0<em>Germany, Austria &amp; Switzerland.<\/em><\/span>[\/vc_column_text][\/vc_column][\/vc_row][vc_row][vc_column width=&#8221;5\/6&#8243;][vc_column_text]NONFY Documentaries | 2023 | Documentary | Switzerland, Germany | Original title: \u201c<a title=\"Dreamers (2023) by St\u00e9phanie Barbey &amp; Luc Peter | NONFY Documentaries\" href=\"https:\/\/ucm.one\/en\/dreamers\/\">Dreamers<\/a>\u201c[\/vc_column_text][\/vc_column][vc_column width=&#8221;1\/6&#8243;][vc_btn title=&#8221;Press Material&#8221; size=&#8221;xs&#8221; align=&#8221;center&#8221; i_icon_fontawesome=&#8221;fas fa-download&#8221; button_block=&#8221;true&#8221; add_icon=&#8221;true&#8221; link=&#8221;url:https%3A%2F%2Fwww.ucm.one%2Fpresse%2Fnf_dreamers.zip|title:Dreamers|rel:nofollow&#8221;][\/vc_column][\/vc_row][vc_row][vc_column][vc_tta_accordion style=&#8221;modern&#8221; shape=&#8221;square&#8221; c_icon=&#8221;chevron&#8221; active_section=&#8221;33&#8243; no_fill=&#8221;true&#8221; collapsible_all=&#8221;true&#8221;][vc_tta_section title=&#8221;More information&#8221; tab_id=&#8221;1705846554837-ee9c7c4c-ceab&#8221;][vc_column_text]<\/p>\n<div class=\"wpb_text_column wpb_content_element \">\n<div class=\"wpb_wrapper\">\n<div class=\"wpb_text_column wpb_content_element \">\n<div class=\"wpb_wrapper\">\n<div class=\"wpb_text_column wpb_content_element \">\n<div class=\"wpb_wrapper\">\n<div class=\"wpb_text_column wpb_content_element \">\n<div class=\"wpb_wrapper\">\n<div class=\"wpb_text_column wpb_content_element \">\n<div class=\"wpb_wrapper\">\n<div class=\"wpb_text_column wpb_content_element \">\n<div class=\"wpb_wrapper\">\n<p id=\"u3084-2\"><strong>Original title: <\/strong>Dreamers<\/p>\n<p><strong>Directors: <\/strong><span lang=\"EN-US\">St\u00e9phanie Barbey, Luc Peter<\/span><\/p>\n<p><strong>Cinematography: <\/strong><span lang=\"EN-US\">Nikola\u00ef von Graevenitz<\/span><\/p>\n<p><strong>Editing: <\/strong><span lang=\"EN-US\">Florent Mangeot, Aurique Delannoy<\/span><\/p>\n<p><strong>Sound: <\/strong><span lang=\"EN-US\">Masaki Hatsui, Janis Grossmann<\/span><\/p>\n<p><strong>Music: <\/strong><span lang=\"EN-US\">Louis Jucker<\/span><\/p>\n<p>&nbsp;<\/p>\n<p><strong>Production company: <\/strong>Intermezzo Films, in Co-production mit Dirk Manthey Film, RTS Radio T\u00e9l\u00e9vision Suisse, SWR\/ARTE<\/p>\n<p><strong>Producer:<\/strong>\u00a0Luc Peter, Katia Monla<\/p>\n<p><strong>Co-Producer:<\/strong>\u00a0Dirk Manthey<\/p>\n<div><\/div>\n<p><strong>Year of production: <\/strong>2023<\/p>\n<p><strong>Genre:<\/strong> Documentary<\/p>\n<p><strong>Countries:<\/strong> Switzerland, Germany<\/p>\n<p><strong>Filming location:<\/strong>\u00a0Chicago (USA)<\/p>\n<p><strong>Languages:<\/strong> English, Spanish<\/p>\n<p><strong>Subtitle versions:<\/strong> German, English, French<\/p>\n<p>&nbsp;<\/p>\n<p><strong>Length:<\/strong> 84 Min.<\/p>\n<p><strong>Rating: <\/strong>FSK 12<\/p>\n<p><strong>Aspect ration \/ Resolution: <\/strong><span lang=\"EN-US\">16:9 \/ 1998\u00d71080 (letterboxed 2,0:1)<\/span><\/p>\n<p><strong>DCP \/ Projection-mp4: <\/strong><span lang=\"EN-US\">DCI 2K F-200 5.1 Surround \/ 1080p24<\/span><\/p>\n<p><strong>Sound:<\/strong>\u00a05.1. Surround<\/p>\n<p>&nbsp;<\/p>\n<\/div>\n<\/div>\n<\/div>\n<\/div>\n<\/div>\n<\/div>\n<\/div>\n<\/div>\n<\/div>\n<\/div>\n<\/div>\n<\/div>\n<p>[\/vc_column_text][\/vc_tta_section][vc_tta_section title=&#8221;Trailer&#8221; tab_id=&#8221;1705846554915-7b8acb6b-a8e2&#8243;][vc_video link=&#8221;https:\/\/www.youtube.com\/watch?v=m_id8IG7zTA&#8221;][\/vc_tta_section][vc_tta_section title=&#8221;News&#8221; tab_id=&#8221;1705846554996-7289cbe4-e96d&#8221;]<style type=\"text\/css\" data-type=\"the7_shortcodes-inline-css\">.blog-shortcode.blog-masonry-shortcode-id-d75da02ab9b29caf638426625d5cb1b4.content-bg-on.classic-layout-list article {\n  background: #e6e6e6;\n  box-shadow: none;\n}\n.blog-shortcode.blog-masonry-shortcode-id-d75da02ab9b29caf638426625d5cb1b4.dividers-on.classic-layout-list article {\n  padding-top: 0;\n}\n.blog-shortcode.blog-masonry-shortcode-id-d75da02ab9b29caf638426625d5cb1b4.dividers-on.classic-layout-list article:first-of-type {\n  margin-top: 0;\n  padding-top: 0;\n}\n.blog-shortcode.blog-masonry-shortcode-id-d75da02ab9b29caf638426625d5cb1b4.classic-layout-list.mode-list .post-entry-content {\n  width: calc(100% - );\n}\n.blog-shortcode.blog-masonry-shortcode-id-d75da02ab9b29caf638426625d5cb1b4.classic-layout-list.mode-list .no-img .post-entry-content {\n  width: 100%;\n}\n.blog-shortcode.blog-masonry-shortcode-id-d75da02ab9b29caf638426625d5cb1b4 .filter-bg-decoration .filter-categories a.act {\n  color: #fff;\n}\n.blog-shortcode.blog-masonry-shortcode-id-d75da02ab9b29caf638426625d5cb1b4:not(.mode-masonry) article:first-of-type,\n.blog-shortcode.blog-masonry-shortcode-id-d75da02ab9b29caf638426625d5cb1b4:not(.mode-masonry) article.visible.first:not(.product) {\n  margin-top: 0;\n}\n.blog-shortcode.blog-masonry-shortcode-id-d75da02ab9b29caf638426625d5cb1b4.dividers-on:not(.mode-masonry) article {\n  margin-top: 0;\n}\n.blog-shortcode.blog-masonry-shortcode-id-d75da02ab9b29caf638426625d5cb1b4.dividers-on:not(.mode-masonry) article:first-of-type,\n.blog-shortcode.blog-masonry-shortcode-id-d75da02ab9b29caf638426625d5cb1b4.dividers-on:not(.mode-masonry) article.visible.first:not(.product) {\n  margin-top: 0;\n  padding-top: 0;\n}\n.blog-shortcode.blog-masonry-shortcode-id-d75da02ab9b29caf638426625d5cb1b4 .post-thumbnail-wrap {\n  padding: 0px 0px 0px 0px;\n}\n.blog-shortcode.blog-masonry-shortcode-id-d75da02ab9b29caf638426625d5cb1b4.enable-bg-rollover .post-thumbnail-rollover:after {\n  background: -webkit-linear-gradient();\n  background: linear-gradient();\n}\n.blog-shortcode.blog-masonry-shortcode-id-d75da02ab9b29caf638426625d5cb1b4 .gallery-zoom-ico {\n  width: 44px;\n  height: 44px;\n  line-height: 44px;\n  border-radius: 100px;\n  margin: -22px 0 0 -22px;\n  border-width: 0px;\n  color: #ffffff;\n}\n.bottom-overlap-layout-list.blog-shortcode.blog-masonry-shortcode-id-d75da02ab9b29caf638426625d5cb1b4 .gallery-zoom-ico {\n  margin-top: -72px;\n}\n.gradient-overlay-layout-list.blog-shortcode.blog-masonry-shortcode-id-d75da02ab9b29caf638426625d5cb1b4 .gallery-zoom-ico,\n.content-rollover-layout-list.blog-shortcode.blog-masonry-shortcode-id-d75da02ab9b29caf638426625d5cb1b4 .gallery-zoom-ico {\n  margin: 0 0 10px;\n}\n.content-align-center.gradient-overlay-layout-list.blog-shortcode.blog-masonry-shortcode-id-d75da02ab9b29caf638426625d5cb1b4 .gallery-zoom-ico,\n.content-align-center.content-rollover-layout-list.blog-shortcode.blog-masonry-shortcode-id-d75da02ab9b29caf638426625d5cb1b4 .gallery-zoom-ico {\n  margin: 0 auto 10px;\n}\n.dt-icon-bg-on.blog-shortcode.blog-masonry-shortcode-id-d75da02ab9b29caf638426625d5cb1b4 .gallery-zoom-ico {\n  background: rgba(255,255,255,0.3);\n  box-shadow: none;\n}\n.blog-shortcode.blog-masonry-shortcode-id-d75da02ab9b29caf638426625d5cb1b4 .gallery-zoom-ico > span,\n.blog-shortcode.blog-masonry-shortcode-id-d75da02ab9b29caf638426625d5cb1b4 .gallery-zoom-ico:before {\n  font-size: 32px;\n  line-height: 44px;\n}\n.blog-shortcode.blog-masonry-shortcode-id-d75da02ab9b29caf638426625d5cb1b4 .gallery-zoom-ico > span,\n.blog-shortcode.blog-masonry-shortcode-id-d75da02ab9b29caf638426625d5cb1b4 .gallery-zoom-ico:before {\n  color: #ffffff;\n}\n.blog-shortcode.blog-masonry-shortcode-id-d75da02ab9b29caf638426625d5cb1b4 .entry-title,\n.blog-shortcode.blog-masonry-shortcode-id-d75da02ab9b29caf638426625d5cb1b4.owl-carousel .entry-title {\n  margin-bottom: 5px;\n  font-weight: bold;\n}\n.blog-shortcode.blog-masonry-shortcode-id-d75da02ab9b29caf638426625d5cb1b4 .entry-meta {\n  margin-bottom: 15px;\n}\n.blog-shortcode.blog-masonry-shortcode-id-d75da02ab9b29caf638426625d5cb1b4 .portfolio-categories {\n  margin-bottom: 15px;\n}\n.blog-shortcode.blog-masonry-shortcode-id-d75da02ab9b29caf638426625d5cb1b4 .entry-excerpt {\n  margin-bottom: 5px;\n}\n.blog-shortcode.blog-masonry-shortcode-id-d75da02ab9b29caf638426625d5cb1b4:not(.centered-layout-list) .post-entry-content {\n  padding: 15px 20px 20px 20px;\n}\n.blog-shortcode.blog-masonry-shortcode-id-d75da02ab9b29caf638426625d5cb1b4:not(.centered-layout-list):not(.content-bg-on):not(.mode-list) .no-img .post-entry-content {\n  padding: 0;\n}\n.blog-shortcode.blog-masonry-shortcode-id-d75da02ab9b29caf638426625d5cb1b4.content-bg-on:not(.classic-layout-list):not(.centered-layout-list) .post-entry-content {\n  background: #e6e6e6;\n  box-shadow: none;\n}\n@media screen and (max-width: ) {\n  .blog-shortcode.blog-masonry-shortcode-id-d75da02ab9b29caf638426625d5cb1b4 article {\n    -ms-flex-flow: column nowrap;\n    flex-flow: column nowrap;\n    margin-top: 20px;\n  }\n  .blog-shortcode.blog-masonry-shortcode-id-d75da02ab9b29caf638426625d5cb1b4.dividers-on article {\n    border: none;\n  }\n  .blog-shortcode.blog-masonry-shortcode-id-d75da02ab9b29caf638426625d5cb1b4.content-bg-on.centered-layout-list article {\n    padding: 0;\n  }\n  .blog-shortcode.blog-masonry-shortcode-id-d75da02ab9b29caf638426625d5cb1b4.blog-shortcode.dividers-on article,\n  .blog-shortcode.blog-masonry-shortcode-id-d75da02ab9b29caf638426625d5cb1b4.dividers-on.classic-layout-list article {\n    margin-top: 20px;\n    padding: 0;\n  }\n  .blog-shortcode.blog-masonry-shortcode-id-d75da02ab9b29caf638426625d5cb1b4.blog-shortcode.dividers-on article:first-of-type,\n  .blog-shortcode.blog-masonry-shortcode-id-d75da02ab9b29caf638426625d5cb1b4.dividers-on.classic-layout-list article:first-of-type {\n    padding: 0;\n  }\n  #page .blog-shortcode.blog-masonry-shortcode-id-d75da02ab9b29caf638426625d5cb1b4 .post-thumbnail-wrap,\n  #page .blog-shortcode.blog-masonry-shortcode-id-d75da02ab9b29caf638426625d5cb1b4 .post-entry-content {\n    width: 100%;\n    margin: 0;\n    top: 0;\n  }\n  #page .blog-shortcode.blog-masonry-shortcode-id-d75da02ab9b29caf638426625d5cb1b4 .post-thumbnail-wrap {\n    padding: 0;\n  }\n  #page .blog-shortcode.blog-masonry-shortcode-id-d75da02ab9b29caf638426625d5cb1b4 .post-entry-content:after {\n    display: none;\n  }\n  #page .blog-shortcode.blog-masonry-shortcode-id-d75da02ab9b29caf638426625d5cb1b4 .project-even .post-thumbnail-wrap,\n  #page .blog-shortcode.blog-masonry-shortcode-id-d75da02ab9b29caf638426625d5cb1b4.centered-layout-list .post-thumbnail-wrap {\n    -ms-flex-order: 0;\n    order: 0;\n  }\n  #page .blog-shortcode.blog-masonry-shortcode-id-d75da02ab9b29caf638426625d5cb1b4.centered-layout-list .post-entry-title-content {\n    -ms-flex-order: 1;\n    order: 1;\n    width: 100%;\n    padding: 20px 20px 0;\n  }\n  #page .blog-shortcode.blog-masonry-shortcode-id-d75da02ab9b29caf638426625d5cb1b4.centered-layout-list .post-entry-content {\n    -ms-flex-order: 2;\n    order: 2;\n    padding-top: 0;\n  }\n  #page .blog-shortcode.blog-masonry-shortcode-id-d75da02ab9b29caf638426625d5cb1b4 .fancy-categories {\n    top: 10px;\n    left: 10px;\n    bottom: auto;\n    right: auto;\n  }\n  #page .blog-shortcode.blog-masonry-shortcode-id-d75da02ab9b29caf638426625d5cb1b4 .fancy-date a {\n    top: 10px;\n    right: 10px;\n    left: auto;\n    bottom: auto;\n  }\n  #page .blog-shortcode.blog-masonry-shortcode-id-d75da02ab9b29caf638426625d5cb1b4 .post-entry-content {\n    padding: 20px;\n  }\n  #page .blog-shortcode.blog-masonry-shortcode-id-d75da02ab9b29caf638426625d5cb1b4 .entry-title {\n    margin: 3px 0 5px;\n    font-size: 20px;\n    line-height: 26px;\n  }\n  #page .blog-shortcode.blog-masonry-shortcode-id-d75da02ab9b29caf638426625d5cb1b4 .entry-meta {\n    margin: 5px 0 5px;\n  }\n  #page .blog-shortcode.blog-masonry-shortcode-id-d75da02ab9b29caf638426625d5cb1b4 .entry-excerpt {\n    margin: 15px 0 0;\n  }\n  #page .blog-shortcode.blog-masonry-shortcode-id-d75da02ab9b29caf638426625d5cb1b4 .post-details {\n    margin: 5px 0 10px;\n  }\n  #page .blog-shortcode.blog-masonry-shortcode-id-d75da02ab9b29caf638426625d5cb1b4 .post-details.details-type-link {\n    margin-bottom: 2px;\n  }\n}\n.blog-shortcode.blog-masonry-shortcode-id-d75da02ab9b29caf638426625d5cb1b4:not(.resize-by-browser-width) .dt-css-grid {\n  grid-row-gap: 50px;\n  grid-column-gap: 50px;\n  grid-template-columns: repeat(auto-fill,minmax(,1fr));\n}\n.blog-shortcode.blog-masonry-shortcode-id-d75da02ab9b29caf638426625d5cb1b4:not(.resize-by-browser-width) .dt-css-grid .double-width {\n  grid-column: span 2;\n}\n.cssgridlegacy.no-cssgrid .blog-shortcode.blog-masonry-shortcode-id-d75da02ab9b29caf638426625d5cb1b4:not(.resize-by-browser-width) .dt-css-grid,\n.no-cssgridlegacy.no-cssgrid .blog-shortcode.blog-masonry-shortcode-id-d75da02ab9b29caf638426625d5cb1b4:not(.resize-by-browser-width) .dt-css-grid {\n  display: flex;\n  flex-flow: row wrap;\n  margin: -25px;\n}\n.cssgridlegacy.no-cssgrid .blog-shortcode.blog-masonry-shortcode-id-d75da02ab9b29caf638426625d5cb1b4:not(.resize-by-browser-width) .dt-css-grid .wf-cell,\n.no-cssgridlegacy.no-cssgrid .blog-shortcode.blog-masonry-shortcode-id-d75da02ab9b29caf638426625d5cb1b4:not(.resize-by-browser-width) .dt-css-grid .wf-cell {\n  flex: 1 0 ;\n  max-width: 100%;\n  padding: 25px;\n  box-sizing: border-box;\n}\n.blog-shortcode.blog-masonry-shortcode-id-d75da02ab9b29caf638426625d5cb1b4.resize-by-browser-width .dt-css-grid {\n  grid-template-columns: repeat(1,1fr);\n  grid-template-rows: auto;\n  grid-column-gap: 50px;\n  grid-row-gap: 50px;\n}\n.blog-shortcode.blog-masonry-shortcode-id-d75da02ab9b29caf638426625d5cb1b4.resize-by-browser-width .dt-css-grid .double-width {\n  grid-column: span 2;\n}\n.cssgridlegacy.no-cssgrid .blog-shortcode.blog-masonry-shortcode-id-d75da02ab9b29caf638426625d5cb1b4.resize-by-browser-width .dt-css-grid {\n  margin: -25px;\n}\n.cssgridlegacy.no-cssgrid .blog-shortcode.blog-masonry-shortcode-id-d75da02ab9b29caf638426625d5cb1b4.resize-by-browser-width .dt-css-grid .wf-cell {\n  width: 100%;\n  padding: 25px;\n}\n.cssgridlegacy.no-cssgrid .blog-shortcode.blog-masonry-shortcode-id-d75da02ab9b29caf638426625d5cb1b4.resize-by-browser-width .dt-css-grid .wf-cell.double-width {\n  width: calc(100%) * 2;\n}\n.blog-shortcode.blog-masonry-shortcode-id-d75da02ab9b29caf638426625d5cb1b4.resize-by-browser-width:not(.centered-layout-list):not(.content-bg-on) .dt-css-grid {\n  grid-row-gap: 30px;\n}\n@media screen and (max-width: 1199px) {\n  .blog-shortcode.blog-masonry-shortcode-id-d75da02ab9b29caf638426625d5cb1b4.resize-by-browser-width .dt-css-grid {\n    grid-template-columns: repeat(1,1fr);\n  }\n  .cssgridlegacy.no-cssgrid .blog-shortcode.blog-masonry-shortcode-id-d75da02ab9b29caf638426625d5cb1b4.resize-by-browser-width .dt-css-grid .wf-cell,\n  .no-cssgridlegacy.no-cssgrid .blog-shortcode.blog-masonry-shortcode-id-d75da02ab9b29caf638426625d5cb1b4.resize-by-browser-width .dt-css-grid .wf-cell {\n    width: 100%;\n  }\n  .cssgridlegacy.no-cssgrid .blog-shortcode.blog-masonry-shortcode-id-d75da02ab9b29caf638426625d5cb1b4.resize-by-browser-width .dt-css-grid .wf-cell.double-width,\n  .no-cssgridlegacy.no-cssgrid .blog-shortcode.blog-masonry-shortcode-id-d75da02ab9b29caf638426625d5cb1b4.resize-by-browser-width .dt-css-grid .wf-cell.double-width {\n    width: calc(100%)*2;\n  }\n}\n@media screen and (max-width: 991px) {\n  .blog-shortcode.blog-masonry-shortcode-id-d75da02ab9b29caf638426625d5cb1b4.resize-by-browser-width .dt-css-grid {\n    grid-template-columns: repeat(1,1fr);\n  }\n  .cssgridlegacy.no-cssgrid .blog-shortcode.blog-masonry-shortcode-id-d75da02ab9b29caf638426625d5cb1b4.resize-by-browser-width .dt-css-grid .wf-cell,\n  .no-cssgridlegacy.no-cssgrid .blog-shortcode.blog-masonry-shortcode-id-d75da02ab9b29caf638426625d5cb1b4.resize-by-browser-width .dt-css-grid .wf-cell {\n    width: 100%;\n  }\n  .cssgridlegacy.no-cssgrid .blog-shortcode.blog-masonry-shortcode-id-d75da02ab9b29caf638426625d5cb1b4.resize-by-browser-width .dt-css-grid .wf-cell.double-width,\n  .no-cssgridlegacy.no-cssgrid .blog-shortcode.blog-masonry-shortcode-id-d75da02ab9b29caf638426625d5cb1b4.resize-by-browser-width .dt-css-grid .wf-cell.double-width {\n    width: calc(100%)*2;\n  }\n}\n@media screen and (max-width: 767px) {\n  .blog-shortcode.blog-masonry-shortcode-id-d75da02ab9b29caf638426625d5cb1b4.resize-by-browser-width .dt-css-grid {\n    grid-template-columns: repeat(1,1fr);\n  }\n  .blog-shortcode.blog-masonry-shortcode-id-d75da02ab9b29caf638426625d5cb1b4.resize-by-browser-width .dt-css-grid .double-width {\n    grid-column: span 1;\n  }\n  .cssgridlegacy.no-cssgrid .blog-shortcode.blog-masonry-shortcode-id-d75da02ab9b29caf638426625d5cb1b4.resize-by-browser-width .dt-css-grid .wf-cell,\n  .no-cssgridlegacy.no-cssgrid .blog-shortcode.blog-masonry-shortcode-id-d75da02ab9b29caf638426625d5cb1b4.resize-by-browser-width .dt-css-grid .wf-cell {\n    width: 100%;\n  }\n  .cssgridlegacy.no-cssgrid .blog-shortcode.blog-masonry-shortcode-id-d75da02ab9b29caf638426625d5cb1b4.resize-by-browser-width .dt-css-grid .wf-cell.double-width,\n  .no-cssgridlegacy.no-cssgrid .blog-shortcode.blog-masonry-shortcode-id-d75da02ab9b29caf638426625d5cb1b4.resize-by-browser-width .dt-css-grid .wf-cell.double-width {\n    width: calc(100%)*2;\n  }\n}<\/style><div class=\"blog-shortcode blog-masonry-shortcode-id-d75da02ab9b29caf638426625d5cb1b4 mode-grid classic-layout-list content-bg-on jquery-filter vertical-fancy-style scale-img dt-css-grid-wrap dt-icon-bg-off resize-by-browser-width loading-effect-none description-under-image \" data-padding=\"25px\" data-cur-page=\"1\" data-post-limit=\"2\" data-pagination-mode=\"load-more\" aria-live=\"assertive\" data-desktop-columns-num=\"1\" data-v-tablet-columns-num=\"1\" data-h-tablet-columns-num=\"1\" data-phone-columns-num=\"1\" data-width=\"0px\" data-columns=\"0\"><div class=\"dt-css-grid\" ><div class=\"visible wf-cell\" data-post-id=\"101260\" data-date=\"2024-02-08T16:29:13+00:00\" data-name=\"\ud83c\udfac The documentary film &quot;Dreamers&quot; (NONFY Documentaries) in German cinemas from today\"><article class=\"post project-odd visible post-101260 type-post status-publish format-standard has-post-thumbnail hentry category-cinema category-documentaries category-film-en category-news-en category-nonfy-documentaries-en tag-dreamers-2 tag-louis-jucker-2 tag-luc-peter-2 tag-mexico tag-migration-2 tag-nikolai-von-graevenitz-2 tag-nonfy-documentaries-en tag-stephanie-barbey-2 tag-usa-en category-1011 category-6286 category-942 category-941 category-4627\" data-name=\"\ud83c\udfac The documentary film &#8220;Dreamers&#8221; (NONFY Documentaries) in German cinemas from today\" data-date=\"2024-02-08T16:29:13+00:00\">\n\n<div class=\"post-thumbnail-wrap\">\n\t<div class=\"post-thumbnail\">\n\t\t\n\t\t\n\t\t<a href=\"https:\/\/ucm.one\/en\/the-documentary-film-dreamers-nonfy-documentaries-in-german-cinemas-from-today\/\" class=\"post-thumbnail-rollover layzr-bg layzr-bg\" ><img decoding=\"async\" class=\"iso-lazy-load preload-me iso-lazy-load aspect\" src=\"data:image\/svg+xml,%3Csvg%20xmlns%3D&#39;http%3A%2F%2Fwww.w3.org%2F2000%2Fsvg&#39;%20viewBox%3D&#39;0%200%20990%20309&#39;%2F%3E\" data-src=\"https:\/\/ucm.one\/wp-content\/uploads\/2024\/02\/B-Dreamers-Kinostart--990x309.jpg\" data-srcset=\"https:\/\/ucm.one\/wp-content\/uploads\/2024\/02\/B-Dreamers-Kinostart--990x309.jpg 990w, https:\/\/ucm.one\/wp-content\/uploads\/2024\/02\/B-Dreamers-Kinostart--1485x464.jpg 1485w\" loading=\"eager\" style=\"--ratio: 990 \/ 309\" sizes=\"(max-width: 990px) 100vw, 990px\" alt=\"\" title=\"B Dreamers Kinostart\" width=\"990\" height=\"309\"  \/><\/a>\t<\/div>\n<\/div>\n\n\n<div class=\"post-entry-content\">\n\n\t<h3 class=\"entry-title\">\n\t\t<a href=\"https:\/\/ucm.one\/en\/the-documentary-film-dreamers-nonfy-documentaries-in-german-cinemas-from-today\/\" title=\"\ud83c\udfac The documentary film &#8220;Dreamers&#8221; (NONFY Documentaries) in German cinemas from today\" rel=\"bookmark\">\ud83c\udfac The documentary film &#8220;Dreamers&#8221; (NONFY Documentaries) in German cinemas from today<\/a>\n\t<\/h3>\n\n\t<div class=\"entry-meta\"><span class=\"category-link\"><a href=\"https:\/\/ucm.one\/en\/category\/news-en\/cinema\/\" >Cinema<\/a>, <a href=\"https:\/\/ucm.one\/en\/category\/news-en\/documentaries\/\" >Documentaries<\/a>, <a href=\"https:\/\/ucm.one\/en\/category\/news-en\/film-en\/\" >Film<\/a>, <a href=\"https:\/\/ucm.one\/en\/category\/news-en\/\" >News<\/a>, <a href=\"https:\/\/ucm.one\/en\/category\/news-en\/film-en\/nonfy-documentaries-en\/\" >NONFY Documentaries<\/a><\/span><a class=\"author vcard\" href=\"\" title=\"View all posts by Joachim Keil\" rel=\"author\">By <span class=\"fn\">Joachim Keil<\/span><\/a><a href=\"https:\/\/ucm.one\/en\/2024\/02\/08\/\" title=\"16:29\" class=\"data-link\" rel=\"bookmark\"><time class=\"entry-date updated\" datetime=\"2024-02-08T16:29:13+00:00\">8. February 2024<\/time><\/a><\/div>\n\t<div class=\"entry-excerpt\"><p>[vc_row][vc_column][vc_column_text] The documentary film &#8220;Dreamers&#8220;, directed by Stephanie Barbey and Luc Peter, accompanies Carlos and his family, who come from Mexico and immigrated illegally to the USA, and is being released today in selected German cinemas on the NONFY Documentaries film label. [\/vc_column_text][\/vc_column][\/vc_row][vc_row][vc_column width=&#8221;3\/4&#8243;][vc_row_inner][vc_column_inner][vc_column_text] Synopsis At the age of 9, he came to Chicago illegally&hellip;<\/p>\n<\/div>\n\t\n<a href=\"https:\/\/ucm.one\/en\/the-documentary-film-dreamers-nonfy-documentaries-in-german-cinemas-from-today\/\" class=\"post-details details-type-link\" aria-label=\"Read more about \ud83c\udfac The documentary film &#8220;Dreamers&#8221; (NONFY Documentaries) in German cinemas from today\">Read more<i class=\"dt-icon-the7-arrow-03\" aria-hidden=\"true\"><\/i><\/a>\n\n<\/div><\/article><\/div><div class=\"visible wf-cell\" data-post-id=\"101108\" data-date=\"2024-01-15T20:56:15+00:00\" data-name=\"\ud83c\udfac The documentary &quot;Dreamers&quot; by St\u00e9phanie Barbey and Luc Peter will be released in cinemas on February 8\"><article class=\"post project-odd visible post-101108 type-post status-publish format-standard has-post-thumbnail hentry category-cinema category-documentaries category-film-en category-news-en category-nonfy-documentaries-en tag-dreamers-2 tag-louis-jucker-2 tag-luc-peter-2 tag-mexico tag-migration-2 tag-nikolai-von-graevenitz-2 tag-nonfy-documentaries-en tag-stephanie-barbey-2 tag-usa-en category-1011 category-6286 category-942 category-941 category-4627\" data-name=\"\ud83c\udfac The documentary &#8220;Dreamers&#8221; by St\u00e9phanie Barbey and Luc Peter will be released in cinemas on February 8\" data-date=\"2024-01-15T20:56:15+00:00\">\n\n<div class=\"post-thumbnail-wrap\">\n\t<div class=\"post-thumbnail\">\n\t\t\n\t\t\n\t\t<a href=\"https:\/\/ucm.one\/en\/the-documentary-dreamers-by-stephanie-barbey-and-luc-peter-will-be-released-in-cinemas-on-february-8\/\" class=\"post-thumbnail-rollover layzr-bg layzr-bg\" ><img decoding=\"async\" class=\"iso-lazy-load preload-me iso-lazy-load aspect\" src=\"data:image\/svg+xml,%3Csvg%20xmlns%3D&#39;http%3A%2F%2Fwww.w3.org%2F2000%2Fsvg&#39;%20viewBox%3D&#39;0%200%20990%20309&#39;%2F%3E\" data-src=\"https:\/\/ucm.one\/wp-content\/uploads\/2024\/01\/B-Dreamers-Banner-Vorankuendigung-990x309.jpg\" data-srcset=\"https:\/\/ucm.one\/wp-content\/uploads\/2024\/01\/B-Dreamers-Banner-Vorankuendigung-990x309.jpg 990w, https:\/\/ucm.one\/wp-content\/uploads\/2024\/01\/B-Dreamers-Banner-Vorankuendigung-1485x464.jpg 1485w\" loading=\"eager\" style=\"--ratio: 990 \/ 309\" sizes=\"(max-width: 990px) 100vw, 990px\" alt=\"\" title=\"B Dreamers Banner Vorank\u00fcndigung\" width=\"990\" height=\"309\"  \/><\/a>\t<\/div>\n<\/div>\n\n\n<div class=\"post-entry-content\">\n\n\t<h3 class=\"entry-title\">\n\t\t<a href=\"https:\/\/ucm.one\/en\/the-documentary-dreamers-by-stephanie-barbey-and-luc-peter-will-be-released-in-cinemas-on-february-8\/\" title=\"\ud83c\udfac The documentary &#8220;Dreamers&#8221; by St\u00e9phanie Barbey and Luc Peter will be released in cinemas on February 8\" rel=\"bookmark\">\ud83c\udfac The documentary &#8220;Dreamers&#8221; by St\u00e9phanie Barbey and Luc Peter will be released in cinemas on February 8<\/a>\n\t<\/h3>\n\n\t<div class=\"entry-meta\"><span class=\"category-link\"><a href=\"https:\/\/ucm.one\/en\/category\/news-en\/cinema\/\" >Cinema<\/a>, <a href=\"https:\/\/ucm.one\/en\/category\/news-en\/documentaries\/\" >Documentaries<\/a>, <a href=\"https:\/\/ucm.one\/en\/category\/news-en\/film-en\/\" >Film<\/a>, <a href=\"https:\/\/ucm.one\/en\/category\/news-en\/\" >News<\/a>, <a href=\"https:\/\/ucm.one\/en\/category\/news-en\/film-en\/nonfy-documentaries-en\/\" >NONFY Documentaries<\/a><\/span><a class=\"author vcard\" href=\"\" title=\"View all posts by Joachim Keil\" rel=\"author\">By <span class=\"fn\">Joachim Keil<\/span><\/a><a href=\"https:\/\/ucm.one\/en\/2024\/01\/15\/\" title=\"20:56\" class=\"data-link\" rel=\"bookmark\"><time class=\"entry-date updated\" datetime=\"2024-01-15T20:56:15+00:00\">15. January 2024<\/time><\/a><\/div>\n\t<div class=\"entry-excerpt\"><p>[vc_row][vc_column][vc_column_text] &#8220;Dreamers&#8220; is the name given to young people without US identity papers who were brought to the USA by their parents as children &#8211; usually via the border with Mexico. It is estimated that more than two million &#8220;Dreamers&#8220; in the USA lead a life in the shadows of society. They are illegal, &#8220;undocumented&#8221;.&hellip;<\/p>\n<\/div>\n\t\n<a href=\"https:\/\/ucm.one\/en\/the-documentary-dreamers-by-stephanie-barbey-and-luc-peter-will-be-released-in-cinemas-on-february-8\/\" class=\"post-details details-type-link\" aria-label=\"Read more about \ud83c\udfac The documentary &#8220;Dreamers&#8221; by St\u00e9phanie Barbey and Luc Peter will be released in cinemas on February 8\">Read more<i class=\"dt-icon-the7-arrow-03\" aria-hidden=\"true\"><\/i><\/a>\n\n<\/div><\/article><\/div><\/div><!-- iso-container|iso-grid --><div class=\"paginator paginator-more-button\">\n\t\t\t\t<a class=\"button-load-more \" href=\"javascript:void(0);\" data-dt-page=\"1\" ><span class=\"stick\"><\/span><span class=\"stick\"><\/span><span class=\"stick\"><\/span><span class=\"button-caption\">Load more<\/span><\/a>\n\t\t\t<\/div><\/div>[\/vc_tta_section][\/vc_tta_accordion][vc_separator][\/vc_column][\/vc_row][vc_row el_id=&#8221;talk-to-me&#8221; css=&#8221;.vc_custom_1705847436825{padding-top: 80px !important;}&#8221;][vc_column width=&#8221;1\/4&#8243; offset=&#8221;vc_col-lg-offset-0 vc_col-md-offset-0 vc_col-sm-offset-0&#8243;][vc_column_text css=&#8221;.vc_custom_1705367366499{background-position: center !important;background-repeat: no-repeat !important;background-size: cover !important;}&#8221;]<img decoding=\"async\" class=\"alignnone wp-image-100527 size-full\" src=\"https:\/\/ucm.one\/wp-content\/uploads\/2024\/01\/P-Talk-to-me.jpg\" alt=\"\" width=\"699\" height=\"1000\" srcset=\"https:\/\/ucm.one\/wp-content\/uploads\/2024\/01\/P-Talk-to-me.jpg 699w, https:\/\/ucm.one\/wp-content\/uploads\/2024\/01\/P-Talk-to-me-210x300.jpg 210w, https:\/\/ucm.one\/wp-content\/uploads\/2024\/01\/P-Talk-to-me-300x429.jpg 300w, https:\/\/ucm.one\/wp-content\/uploads\/2024\/01\/P-Talk-to-me-600x858.jpg 600w\" sizes=\"(max-width: 699px) 100vw, 699px\" \/>[\/vc_column_text][\/vc_column][vc_column width=&#8221;3\/4&#8243;][vc_column_text]<\/p>\n<h2>Sprich mit mir | Talk to me<\/h2>\n<h3><span style=\"font-family: arial, helvetica, sans-serif;\">by <\/span><span lang=\"EN-US\">Janin Halisch<\/span><\/h3>\n<div class=\"wpb_text_column wpb_content_element \">\n<div class=\"wpb_wrapper\">\n<div class=\"wpb_text_column wpb_content_element \">\n<div class=\"wpb_wrapper\">\n<div class=\"wpb_text_column wpb_content_element vc_custom_1681339038108\">\n<div class=\"wpb_wrapper\">\n<p>Karo (28) is newly separated and is struggling with her non-existent relationship with her father. When her mother Michaela (50) wants to take her on holiday to R\u00fcgen, Karo suspects another failed male affair. What begins as a spontaneous trip soon turns out to be a journey into the past of two women who couldn&#8217;t be more different: Michaela wants a distraction, Karo wants peace and quiet. When they arrive at the hotel, they meet the newly divorced Jochen (60) and his teenage daughter Marie (16). For Michaela, Jochen is a holiday flirt and for Karo he could be the answer to all her questions and longings, while Marie is the mirror of a youth that Karo never had.<\/p>\n<p>Mother and daughter quickly realise that their absent father has left a void that is bigger and more painful than they thought. Old wounds are torn open and both try to heal in their own way and free themselves from their entrenched roles.<\/p>\n<\/div>\n<\/div>\n<\/div>\n<\/div>\n<\/div>\n<\/div>\n<div class=\"wpb_text_column wpb_content_element \">\n<div class=\"wpb_wrapper\">\n<h3><span style=\"font-family: arial, helvetica, sans-serif;\">Theatrical release: January 18, 2024<\/span><\/h3>\n<\/div>\n<\/div>\n<p>[\/vc_column_text][\/vc_column][\/vc_row][vc_row][vc_column width=&#8221;5\/6&#8243;][vc_column_text]Darling Berlin | 2023 | Drama, Coming-Of-Age | Germany | Original tiltle: \u201c<a title=\"Talk to me (2023) by Janin Halisch | Darling Berlin\" href=\"https:\/\/ucm.one\/en\/talk-to-me\/\">Sprich mit mir<\/a>\u201c[\/vc_column_text][\/vc_column][vc_column width=&#8221;1\/6&#8243;][vc_btn title=&#8221;Press Material&#8221; size=&#8221;xs&#8221; align=&#8221;center&#8221; i_icon_fontawesome=&#8221;fas fa-download&#8221; button_block=&#8221;true&#8221; add_icon=&#8221;true&#8221; link=&#8221;url:https%3A%2F%2Fwww.ucm.one%2Fpresse%2Fdb_sprich_mit_mir.zip|title:Sprich%20mit%20mir|rel:nofollow&#8221;][\/vc_column][\/vc_row][vc_row][vc_column][vc_tta_accordion style=&#8221;modern&#8221; shape=&#8221;square&#8221; c_icon=&#8221;chevron&#8221; active_section=&#8221;33&#8243; no_fill=&#8221;true&#8221; collapsible_all=&#8221;true&#8221;][vc_tta_section title=&#8221;More information&#8221; tab_id=&#8221;1707089078194-682710ac-b3c6&#8243;][vc_column_text]<\/p>\n<div class=\"wpb_text_column wpb_content_element \">\n<div class=\"wpb_wrapper\">\n<div class=\"wpb_text_column wpb_content_element \">\n<div class=\"wpb_wrapper\">\n<div>\n<div class=\"wpb_text_column wpb_content_element \">\n<div class=\"wpb_wrapper\">\n<div class=\"wpb_text_column wpb_content_element \">\n<div class=\"wpb_wrapper\">\n<div class=\"wpb_text_column wpb_content_element \">\n<div class=\"wpb_wrapper\">\n<div class=\"wpb_text_column wpb_content_element \">\n<div class=\"wpb_wrapper\">\n<div><strong>Original title:<\/strong> Sprich mit mir<br \/>\n<strong>Director:<\/strong> Janin Halisch<br \/>\n<strong>Screenplay:<\/strong> Janin Halisch, Hannah Sioda<br \/>\n<strong>Producer:<\/strong> Clara Gerst<br \/>\n<strong>Cast:<\/strong> Alina Stiegler (Karo), Barbara Philipp (Michaela), Peter Lohmeyer (Jochen), Pearl Graw (Marie), Jonathan Berlin (Alex), Zethphan Smith Gneist (Victor), Pierre Besson (Father)<br \/>\n<strong>Cinematography<\/strong>: Antonia Lange<br \/>\n<strong>Editing:<\/strong> Jamin Benazzouz<\/div>\n<p><strong>Genres:<\/strong> Drama, Coming-Of-Age<br \/>\n<strong>Country of production:<\/strong> Germany<br \/>\n<strong>Year of production:<\/strong> 2023<\/p>\n<p><strong>Length:<\/strong> 80 min<br \/>\n<strong>Picture format:<\/strong> 1.85:1 (16:9) [DCI 2K F-185]<br \/>\n<strong>Resolution:<\/strong> 1998\u00d71080<br \/>\n<strong>Sound:<\/strong> Surround 5.1 \/ 2.0 Stereo<br \/>\n<strong>Rating:<\/strong> FSK 12<\/p>\n<p><strong>Available projection media:<\/strong><\/p>\n<ul>\n<li>Digital Cinema Packages: DE-XX (OV), DE-EN (VF)<\/li>\n<li>Projektions-Mp4 (16:9)<\/li>\n<\/ul>\n<p>&nbsp;<\/p>\n<\/div>\n<p>All information about the film: <a title=\"Talk to me (2023) by Janin Halisch | Darling Berlin\" href=\"https:\/\/ucm.one\/en\/talk-to-me\/\">Talk to me<\/a><\/p>\n<\/div>\n<\/div>\n<\/div>\n<\/div>\n<\/div>\n<\/div>\n<\/div>\n<\/div>\n<p>&nbsp;<\/p>\n<\/div>\n<\/div>\n<\/div>\n<\/div>\n<p>[\/vc_column_text][\/vc_tta_section][vc_tta_section title=&#8221;Trailer&#8221; tab_id=&#8221;1707089078274-d7d6d5f2-00ba&#8221;][vc_video link=&#8221;https:\/\/youtu.be\/o_lhgLxJ_D4?si=UWMjO8msSrz6Pe7W&#8221;][\/vc_tta_section][vc_tta_section title=&#8221;News&#8221; tab_id=&#8221;1707089078350-d6591eba-3d1b&#8221;]<style type=\"text\/css\" data-type=\"the7_shortcodes-inline-css\">.blog-shortcode.blog-masonry-shortcode-id-2e6ace43bad351549b87d8624e31e80d.content-bg-on.classic-layout-list article {\n  background: #e6e6e6;\n  box-shadow: none;\n}\n.blog-shortcode.blog-masonry-shortcode-id-2e6ace43bad351549b87d8624e31e80d.dividers-on.classic-layout-list article {\n  padding-top: 0;\n}\n.blog-shortcode.blog-masonry-shortcode-id-2e6ace43bad351549b87d8624e31e80d.dividers-on.classic-layout-list article:first-of-type {\n  margin-top: 0;\n  padding-top: 0;\n}\n.blog-shortcode.blog-masonry-shortcode-id-2e6ace43bad351549b87d8624e31e80d.classic-layout-list.mode-list .post-entry-content {\n  width: calc(100% - );\n}\n.blog-shortcode.blog-masonry-shortcode-id-2e6ace43bad351549b87d8624e31e80d.classic-layout-list.mode-list .no-img .post-entry-content {\n  width: 100%;\n}\n.blog-shortcode.blog-masonry-shortcode-id-2e6ace43bad351549b87d8624e31e80d .filter-bg-decoration .filter-categories a.act {\n  color: #fff;\n}\n.blog-shortcode.blog-masonry-shortcode-id-2e6ace43bad351549b87d8624e31e80d:not(.mode-masonry) article:first-of-type,\n.blog-shortcode.blog-masonry-shortcode-id-2e6ace43bad351549b87d8624e31e80d:not(.mode-masonry) article.visible.first:not(.product) {\n  margin-top: 0;\n}\n.blog-shortcode.blog-masonry-shortcode-id-2e6ace43bad351549b87d8624e31e80d.dividers-on:not(.mode-masonry) article {\n  margin-top: 0;\n}\n.blog-shortcode.blog-masonry-shortcode-id-2e6ace43bad351549b87d8624e31e80d.dividers-on:not(.mode-masonry) article:first-of-type,\n.blog-shortcode.blog-masonry-shortcode-id-2e6ace43bad351549b87d8624e31e80d.dividers-on:not(.mode-masonry) article.visible.first:not(.product) {\n  margin-top: 0;\n  padding-top: 0;\n}\n.blog-shortcode.blog-masonry-shortcode-id-2e6ace43bad351549b87d8624e31e80d .post-thumbnail-wrap {\n  padding: 0px 0px 0px 0px;\n}\n.blog-shortcode.blog-masonry-shortcode-id-2e6ace43bad351549b87d8624e31e80d.enable-bg-rollover .post-thumbnail-rollover:after {\n  background: -webkit-linear-gradient();\n  background: linear-gradient();\n}\n.blog-shortcode.blog-masonry-shortcode-id-2e6ace43bad351549b87d8624e31e80d .gallery-zoom-ico {\n  width: 44px;\n  height: 44px;\n  line-height: 44px;\n  border-radius: 100px;\n  margin: -22px 0 0 -22px;\n  border-width: 0px;\n  color: #ffffff;\n}\n.bottom-overlap-layout-list.blog-shortcode.blog-masonry-shortcode-id-2e6ace43bad351549b87d8624e31e80d .gallery-zoom-ico {\n  margin-top: -72px;\n}\n.gradient-overlay-layout-list.blog-shortcode.blog-masonry-shortcode-id-2e6ace43bad351549b87d8624e31e80d .gallery-zoom-ico,\n.content-rollover-layout-list.blog-shortcode.blog-masonry-shortcode-id-2e6ace43bad351549b87d8624e31e80d .gallery-zoom-ico {\n  margin: 0 0 10px;\n}\n.content-align-center.gradient-overlay-layout-list.blog-shortcode.blog-masonry-shortcode-id-2e6ace43bad351549b87d8624e31e80d .gallery-zoom-ico,\n.content-align-center.content-rollover-layout-list.blog-shortcode.blog-masonry-shortcode-id-2e6ace43bad351549b87d8624e31e80d .gallery-zoom-ico {\n  margin: 0 auto 10px;\n}\n.dt-icon-bg-on.blog-shortcode.blog-masonry-shortcode-id-2e6ace43bad351549b87d8624e31e80d .gallery-zoom-ico {\n  background: rgba(255,255,255,0.3);\n  box-shadow: none;\n}\n.blog-shortcode.blog-masonry-shortcode-id-2e6ace43bad351549b87d8624e31e80d .gallery-zoom-ico > span,\n.blog-shortcode.blog-masonry-shortcode-id-2e6ace43bad351549b87d8624e31e80d .gallery-zoom-ico:before {\n  font-size: 32px;\n  line-height: 44px;\n}\n.blog-shortcode.blog-masonry-shortcode-id-2e6ace43bad351549b87d8624e31e80d .gallery-zoom-ico > span,\n.blog-shortcode.blog-masonry-shortcode-id-2e6ace43bad351549b87d8624e31e80d .gallery-zoom-ico:before {\n  color: #ffffff;\n}\n.blog-shortcode.blog-masonry-shortcode-id-2e6ace43bad351549b87d8624e31e80d .entry-title,\n.blog-shortcode.blog-masonry-shortcode-id-2e6ace43bad351549b87d8624e31e80d.owl-carousel .entry-title {\n  margin-bottom: 5px;\n  font-weight: bold;\n}\n.blog-shortcode.blog-masonry-shortcode-id-2e6ace43bad351549b87d8624e31e80d .entry-meta {\n  margin-bottom: 15px;\n}\n.blog-shortcode.blog-masonry-shortcode-id-2e6ace43bad351549b87d8624e31e80d .portfolio-categories {\n  margin-bottom: 15px;\n}\n.blog-shortcode.blog-masonry-shortcode-id-2e6ace43bad351549b87d8624e31e80d .entry-excerpt {\n  margin-bottom: 5px;\n}\n.blog-shortcode.blog-masonry-shortcode-id-2e6ace43bad351549b87d8624e31e80d:not(.centered-layout-list) .post-entry-content {\n  padding: 15px 20px 20px 20px;\n}\n.blog-shortcode.blog-masonry-shortcode-id-2e6ace43bad351549b87d8624e31e80d:not(.centered-layout-list):not(.content-bg-on):not(.mode-list) .no-img .post-entry-content {\n  padding: 0;\n}\n.blog-shortcode.blog-masonry-shortcode-id-2e6ace43bad351549b87d8624e31e80d.content-bg-on:not(.classic-layout-list):not(.centered-layout-list) .post-entry-content {\n  background: #e6e6e6;\n  box-shadow: none;\n}\n@media screen and (max-width: ) {\n  .blog-shortcode.blog-masonry-shortcode-id-2e6ace43bad351549b87d8624e31e80d article {\n    -ms-flex-flow: column nowrap;\n    flex-flow: column nowrap;\n    margin-top: 20px;\n  }\n  .blog-shortcode.blog-masonry-shortcode-id-2e6ace43bad351549b87d8624e31e80d.dividers-on article {\n    border: none;\n  }\n  .blog-shortcode.blog-masonry-shortcode-id-2e6ace43bad351549b87d8624e31e80d.content-bg-on.centered-layout-list article {\n    padding: 0;\n  }\n  .blog-shortcode.blog-masonry-shortcode-id-2e6ace43bad351549b87d8624e31e80d.blog-shortcode.dividers-on article,\n  .blog-shortcode.blog-masonry-shortcode-id-2e6ace43bad351549b87d8624e31e80d.dividers-on.classic-layout-list article {\n    margin-top: 20px;\n    padding: 0;\n  }\n  .blog-shortcode.blog-masonry-shortcode-id-2e6ace43bad351549b87d8624e31e80d.blog-shortcode.dividers-on article:first-of-type,\n  .blog-shortcode.blog-masonry-shortcode-id-2e6ace43bad351549b87d8624e31e80d.dividers-on.classic-layout-list article:first-of-type {\n    padding: 0;\n  }\n  #page .blog-shortcode.blog-masonry-shortcode-id-2e6ace43bad351549b87d8624e31e80d .post-thumbnail-wrap,\n  #page .blog-shortcode.blog-masonry-shortcode-id-2e6ace43bad351549b87d8624e31e80d .post-entry-content {\n    width: 100%;\n    margin: 0;\n    top: 0;\n  }\n  #page .blog-shortcode.blog-masonry-shortcode-id-2e6ace43bad351549b87d8624e31e80d .post-thumbnail-wrap {\n    padding: 0;\n  }\n  #page .blog-shortcode.blog-masonry-shortcode-id-2e6ace43bad351549b87d8624e31e80d .post-entry-content:after {\n    display: none;\n  }\n  #page .blog-shortcode.blog-masonry-shortcode-id-2e6ace43bad351549b87d8624e31e80d .project-even .post-thumbnail-wrap,\n  #page .blog-shortcode.blog-masonry-shortcode-id-2e6ace43bad351549b87d8624e31e80d.centered-layout-list .post-thumbnail-wrap {\n    -ms-flex-order: 0;\n    order: 0;\n  }\n  #page .blog-shortcode.blog-masonry-shortcode-id-2e6ace43bad351549b87d8624e31e80d.centered-layout-list .post-entry-title-content {\n    -ms-flex-order: 1;\n    order: 1;\n    width: 100%;\n    padding: 20px 20px 0;\n  }\n  #page .blog-shortcode.blog-masonry-shortcode-id-2e6ace43bad351549b87d8624e31e80d.centered-layout-list .post-entry-content {\n    -ms-flex-order: 2;\n    order: 2;\n    padding-top: 0;\n  }\n  #page .blog-shortcode.blog-masonry-shortcode-id-2e6ace43bad351549b87d8624e31e80d .fancy-categories {\n    top: 10px;\n    left: 10px;\n    bottom: auto;\n    right: auto;\n  }\n  #page .blog-shortcode.blog-masonry-shortcode-id-2e6ace43bad351549b87d8624e31e80d .fancy-date a {\n    top: 10px;\n    right: 10px;\n    left: auto;\n    bottom: auto;\n  }\n  #page .blog-shortcode.blog-masonry-shortcode-id-2e6ace43bad351549b87d8624e31e80d .post-entry-content {\n    padding: 20px;\n  }\n  #page .blog-shortcode.blog-masonry-shortcode-id-2e6ace43bad351549b87d8624e31e80d .entry-title {\n    margin: 3px 0 5px;\n    font-size: 20px;\n    line-height: 26px;\n  }\n  #page .blog-shortcode.blog-masonry-shortcode-id-2e6ace43bad351549b87d8624e31e80d .entry-meta {\n    margin: 5px 0 5px;\n  }\n  #page .blog-shortcode.blog-masonry-shortcode-id-2e6ace43bad351549b87d8624e31e80d .entry-excerpt {\n    margin: 15px 0 0;\n  }\n  #page .blog-shortcode.blog-masonry-shortcode-id-2e6ace43bad351549b87d8624e31e80d .post-details {\n    margin: 5px 0 10px;\n  }\n  #page .blog-shortcode.blog-masonry-shortcode-id-2e6ace43bad351549b87d8624e31e80d .post-details.details-type-link {\n    margin-bottom: 2px;\n  }\n}\n.blog-shortcode.blog-masonry-shortcode-id-2e6ace43bad351549b87d8624e31e80d:not(.resize-by-browser-width) .dt-css-grid {\n  grid-row-gap: 50px;\n  grid-column-gap: 50px;\n  grid-template-columns: repeat(auto-fill,minmax(,1fr));\n}\n.blog-shortcode.blog-masonry-shortcode-id-2e6ace43bad351549b87d8624e31e80d:not(.resize-by-browser-width) .dt-css-grid .double-width {\n  grid-column: span 2;\n}\n.cssgridlegacy.no-cssgrid .blog-shortcode.blog-masonry-shortcode-id-2e6ace43bad351549b87d8624e31e80d:not(.resize-by-browser-width) .dt-css-grid,\n.no-cssgridlegacy.no-cssgrid .blog-shortcode.blog-masonry-shortcode-id-2e6ace43bad351549b87d8624e31e80d:not(.resize-by-browser-width) .dt-css-grid {\n  display: flex;\n  flex-flow: row wrap;\n  margin: -25px;\n}\n.cssgridlegacy.no-cssgrid .blog-shortcode.blog-masonry-shortcode-id-2e6ace43bad351549b87d8624e31e80d:not(.resize-by-browser-width) .dt-css-grid .wf-cell,\n.no-cssgridlegacy.no-cssgrid .blog-shortcode.blog-masonry-shortcode-id-2e6ace43bad351549b87d8624e31e80d:not(.resize-by-browser-width) .dt-css-grid .wf-cell {\n  flex: 1 0 ;\n  max-width: 100%;\n  padding: 25px;\n  box-sizing: border-box;\n}\n.blog-shortcode.blog-masonry-shortcode-id-2e6ace43bad351549b87d8624e31e80d.resize-by-browser-width .dt-css-grid {\n  grid-template-columns: repeat(1,1fr);\n  grid-template-rows: auto;\n  grid-column-gap: 50px;\n  grid-row-gap: 50px;\n}\n.blog-shortcode.blog-masonry-shortcode-id-2e6ace43bad351549b87d8624e31e80d.resize-by-browser-width .dt-css-grid .double-width {\n  grid-column: span 2;\n}\n.cssgridlegacy.no-cssgrid .blog-shortcode.blog-masonry-shortcode-id-2e6ace43bad351549b87d8624e31e80d.resize-by-browser-width .dt-css-grid {\n  margin: -25px;\n}\n.cssgridlegacy.no-cssgrid .blog-shortcode.blog-masonry-shortcode-id-2e6ace43bad351549b87d8624e31e80d.resize-by-browser-width .dt-css-grid .wf-cell {\n  width: 100%;\n  padding: 25px;\n}\n.cssgridlegacy.no-cssgrid .blog-shortcode.blog-masonry-shortcode-id-2e6ace43bad351549b87d8624e31e80d.resize-by-browser-width .dt-css-grid .wf-cell.double-width {\n  width: calc(100%) * 2;\n}\n.blog-shortcode.blog-masonry-shortcode-id-2e6ace43bad351549b87d8624e31e80d.resize-by-browser-width:not(.centered-layout-list):not(.content-bg-on) .dt-css-grid {\n  grid-row-gap: 30px;\n}\n@media screen and (max-width: 1199px) {\n  .blog-shortcode.blog-masonry-shortcode-id-2e6ace43bad351549b87d8624e31e80d.resize-by-browser-width .dt-css-grid {\n    grid-template-columns: repeat(1,1fr);\n  }\n  .cssgridlegacy.no-cssgrid .blog-shortcode.blog-masonry-shortcode-id-2e6ace43bad351549b87d8624e31e80d.resize-by-browser-width .dt-css-grid .wf-cell,\n  .no-cssgridlegacy.no-cssgrid .blog-shortcode.blog-masonry-shortcode-id-2e6ace43bad351549b87d8624e31e80d.resize-by-browser-width .dt-css-grid .wf-cell {\n    width: 100%;\n  }\n  .cssgridlegacy.no-cssgrid .blog-shortcode.blog-masonry-shortcode-id-2e6ace43bad351549b87d8624e31e80d.resize-by-browser-width .dt-css-grid .wf-cell.double-width,\n  .no-cssgridlegacy.no-cssgrid .blog-shortcode.blog-masonry-shortcode-id-2e6ace43bad351549b87d8624e31e80d.resize-by-browser-width .dt-css-grid .wf-cell.double-width {\n    width: calc(100%)*2;\n  }\n}\n@media screen and (max-width: 991px) {\n  .blog-shortcode.blog-masonry-shortcode-id-2e6ace43bad351549b87d8624e31e80d.resize-by-browser-width .dt-css-grid {\n    grid-template-columns: repeat(1,1fr);\n  }\n  .cssgridlegacy.no-cssgrid .blog-shortcode.blog-masonry-shortcode-id-2e6ace43bad351549b87d8624e31e80d.resize-by-browser-width .dt-css-grid .wf-cell,\n  .no-cssgridlegacy.no-cssgrid .blog-shortcode.blog-masonry-shortcode-id-2e6ace43bad351549b87d8624e31e80d.resize-by-browser-width .dt-css-grid .wf-cell {\n    width: 100%;\n  }\n  .cssgridlegacy.no-cssgrid .blog-shortcode.blog-masonry-shortcode-id-2e6ace43bad351549b87d8624e31e80d.resize-by-browser-width .dt-css-grid .wf-cell.double-width,\n  .no-cssgridlegacy.no-cssgrid .blog-shortcode.blog-masonry-shortcode-id-2e6ace43bad351549b87d8624e31e80d.resize-by-browser-width .dt-css-grid .wf-cell.double-width {\n    width: calc(100%)*2;\n  }\n}\n@media screen and (max-width: 767px) {\n  .blog-shortcode.blog-masonry-shortcode-id-2e6ace43bad351549b87d8624e31e80d.resize-by-browser-width .dt-css-grid {\n    grid-template-columns: repeat(1,1fr);\n  }\n  .blog-shortcode.blog-masonry-shortcode-id-2e6ace43bad351549b87d8624e31e80d.resize-by-browser-width .dt-css-grid .double-width {\n    grid-column: span 1;\n  }\n  .cssgridlegacy.no-cssgrid .blog-shortcode.blog-masonry-shortcode-id-2e6ace43bad351549b87d8624e31e80d.resize-by-browser-width .dt-css-grid .wf-cell,\n  .no-cssgridlegacy.no-cssgrid .blog-shortcode.blog-masonry-shortcode-id-2e6ace43bad351549b87d8624e31e80d.resize-by-browser-width .dt-css-grid .wf-cell {\n    width: 100%;\n  }\n  .cssgridlegacy.no-cssgrid .blog-shortcode.blog-masonry-shortcode-id-2e6ace43bad351549b87d8624e31e80d.resize-by-browser-width .dt-css-grid .wf-cell.double-width,\n  .no-cssgridlegacy.no-cssgrid .blog-shortcode.blog-masonry-shortcode-id-2e6ace43bad351549b87d8624e31e80d.resize-by-browser-width .dt-css-grid .wf-cell.double-width {\n    width: calc(100%)*2;\n  }\n}<\/style><div class=\"blog-shortcode blog-masonry-shortcode-id-2e6ace43bad351549b87d8624e31e80d mode-grid classic-layout-list content-bg-on jquery-filter vertical-fancy-style scale-img dt-css-grid-wrap dt-icon-bg-off resize-by-browser-width loading-effect-none description-under-image \" data-padding=\"25px\" data-cur-page=\"1\" data-post-limit=\"2\" data-pagination-mode=\"load-more\" aria-live=\"assertive\" data-desktop-columns-num=\"1\" data-v-tablet-columns-num=\"1\" data-h-tablet-columns-num=\"1\" data-phone-columns-num=\"1\" data-width=\"0px\" data-columns=\"0\"><div class=\"dt-css-grid\" ><div class=\"visible wf-cell\" data-post-id=\"103662\" data-date=\"2024-04-15T21:30:27+00:00\" data-name=\"\ud83c\udfac &quot;Talk to me&quot; (Darling Berlin) Lola screening in Cologne\"><article class=\"post project-odd visible post-103662 type-post status-publish format-standard has-post-thumbnail hentry category-cinema category-darling-berlin category-film-en category-film-distribution-en category-news-en category-world-sales tag-2024-2 tag-alina-stiegler-en tag-barbara-phillipp-en tag-cinenova-en tag-clara-gerst-en tag-darling-berlin-en tag-deutsche-filmakademie-2 tag-deutscher-filmpreis-en tag-hannah-sioda-en tag-janin-halisch-en tag-koeln-en tag-lola-en tag-pearl-graw-en tag-peter-lohmeyer-en tag-sprich-mit-mir-en tag-talk-to-me-en category-1011 category-22 category-942 category-15326 category-941 category-7530\" data-name=\"\ud83c\udfac &#8220;Talk to me&#8221; (Darling Berlin) Lola screening in Cologne\" data-date=\"2024-04-15T21:30:27+00:00\">\n\n<div class=\"post-thumbnail-wrap\">\n\t<div class=\"post-thumbnail\">\n\t\t\n\t\t\n\t\t<a href=\"https:\/\/ucm.one\/en\/talk-to-me-darling-berlin-lola-screening-in-cologne\/\" class=\"post-thumbnail-rollover layzr-bg layzr-bg\" ><img decoding=\"async\" class=\"iso-lazy-load preload-me iso-lazy-load aspect\" src=\"data:image\/svg+xml,%3Csvg%20xmlns%3D&#39;http%3A%2F%2Fwww.w3.org%2F2000%2Fsvg&#39;%20viewBox%3D&#39;0%200%20990%20309&#39;%2F%3E\" data-src=\"https:\/\/ucm.one\/wp-content\/uploads\/2024\/04\/Talk-to-me-Lola-Screening-in-Cologne-1920x600-1-990x309.jpeg\" data-srcset=\"https:\/\/ucm.one\/wp-content\/uploads\/2024\/04\/Talk-to-me-Lola-Screening-in-Cologne-1920x600-1-990x309.jpeg 990w, https:\/\/ucm.one\/wp-content\/uploads\/2024\/04\/Talk-to-me-Lola-Screening-in-Cologne-1920x600-1-1485x464.jpeg 1485w\" loading=\"eager\" style=\"--ratio: 990 \/ 309\" sizes=\"(max-width: 990px) 100vw, 990px\" alt=\"\" title=\"Talk to me Lola Screening in Cologne 1920&#215;600\" width=\"990\" height=\"309\"  \/><\/a>\t<\/div>\n<\/div>\n\n\n<div class=\"post-entry-content\">\n\n\t<h3 class=\"entry-title\">\n\t\t<a href=\"https:\/\/ucm.one\/en\/talk-to-me-darling-berlin-lola-screening-in-cologne\/\" title=\"\ud83c\udfac &#8220;Talk to me&#8221; (Darling Berlin) Lola screening in Cologne\" rel=\"bookmark\">\ud83c\udfac &#8220;Talk to me&#8221; (Darling Berlin) Lola screening in Cologne<\/a>\n\t<\/h3>\n\n\t<div class=\"entry-meta\"><span class=\"category-link\"><a href=\"https:\/\/ucm.one\/en\/category\/news-en\/cinema\/\" >Cinema<\/a>, <a href=\"https:\/\/ucm.one\/en\/category\/news-en\/film-en\/darling-berlin\/\" >Darling Berlin<\/a>, <a href=\"https:\/\/ucm.one\/en\/category\/news-en\/film-en\/\" >Film<\/a>, <a href=\"https:\/\/ucm.one\/en\/category\/news-en\/media-distribution-en\/film-distribution-en\/\" >Film Distribution<\/a>, <a href=\"https:\/\/ucm.one\/en\/category\/news-en\/\" >News<\/a>, <a href=\"https:\/\/ucm.one\/en\/category\/news-en\/movie-distribution\/world-sales\/\" >World Sales<\/a><\/span><a class=\"author vcard\" href=\"\" title=\"View all posts by Joachim Keil\" rel=\"author\">By <span class=\"fn\">Joachim Keil<\/span><\/a><a href=\"https:\/\/ucm.one\/en\/2024\/04\/15\/\" title=\"21:30\" class=\"data-link\" rel=\"bookmark\"><time class=\"entry-date updated\" datetime=\"2024-04-15T21:30:27+00:00\">15. April 2024<\/time><\/a><\/div>\n\t<div class=\"entry-excerpt\"><p>[vc_row][vc_column][\/vc_column][\/vc_row][vc_row][vc_column width=&#8221;3\/4&#8243;][vc_row_inner][vc_column_inner][vc_column_text] A good two weeks before the German Film Awards(Lola) 2024 are presented, there will be a public screening for members of the German Film Academy of &#8220;Sprich mit mir&#8221; by Janin Halisch (present) at the Cinenova cinema in Cologne on Thursday, 18 April at 8 pm. Actress Barbara Philipp has been nominated for&hellip;<\/p>\n<\/div>\n\t\n<a href=\"https:\/\/ucm.one\/en\/talk-to-me-darling-berlin-lola-screening-in-cologne\/\" class=\"post-details details-type-link\" aria-label=\"Read more about \ud83c\udfac &#8220;Talk to me&#8221; (Darling Berlin) Lola screening in Cologne\">Read more<i class=\"dt-icon-the7-arrow-03\" aria-hidden=\"true\"><\/i><\/a>\n\n<\/div><\/article><\/div><div class=\"visible wf-cell\" data-post-id=\"102989\" data-date=\"2024-03-19T08:22:16+00:00\" data-name=\"\ud83c\udfac Barbara Philipp nominated for the German Film Award 2024 in the category &quot;Best Female Supporting Actress&quot;\"><article class=\"post project-odd visible post-102989 type-post status-publish format-standard has-post-thumbnail hentry category-cinema category-darling-berlin category-film-en category-film-distribution-en category-news-en category-world-sales tag-2024-2 tag-alina-stiegler-en tag-barbara-phillipp-en tag-clara-gerst-en tag-darling-berlin-en tag-deutsche-filmakademie-2 tag-deutscher-filmpreis-en tag-german-film-academy tag-german-film-award tag-hannah-sioda-en tag-janin-halisch-en tag-lola-en tag-pearl-graw-en tag-peter-lohmeyer-en tag-sprich-mit-mir-en tag-talk-to-me-en category-1011 category-22 category-942 category-15326 category-941 category-7530\" data-name=\"\ud83c\udfac Barbara Philipp nominated for the German Film Award 2024 in the category &#8220;Best Female Supporting Actress&#8221;\" data-date=\"2024-03-19T08:22:16+00:00\">\n\n<div class=\"post-thumbnail-wrap\">\n\t<div class=\"post-thumbnail\">\n\t\t\n\t\t\n\t\t<a href=\"https:\/\/ucm.one\/en\/barbara-philipp-nominated-for-the-german-film-award-2024-in-the-category-best-female-supporting-actress\/\" class=\"post-thumbnail-rollover layzr-bg layzr-bg\" ><img decoding=\"async\" class=\"iso-lazy-load preload-me iso-lazy-load aspect\" src=\"data:image\/svg+xml,%3Csvg%20xmlns%3D&#39;http%3A%2F%2Fwww.w3.org%2F2000%2Fsvg&#39;%20viewBox%3D&#39;0%200%20990%20309&#39;%2F%3E\" data-src=\"https:\/\/ucm.one\/wp-content\/uploads\/2024\/03\/BARBARA-PHILIPP-Nominiert-fuer-den-Deutschen-Filmpreis-EN-1920x600-1-990x309.jpeg\" data-srcset=\"https:\/\/ucm.one\/wp-content\/uploads\/2024\/03\/BARBARA-PHILIPP-Nominiert-fuer-den-Deutschen-Filmpreis-EN-1920x600-1-990x309.jpeg 990w, https:\/\/ucm.one\/wp-content\/uploads\/2024\/03\/BARBARA-PHILIPP-Nominiert-fuer-den-Deutschen-Filmpreis-EN-1920x600-1-1485x464.jpeg 1485w\" loading=\"eager\" style=\"--ratio: 990 \/ 309\" sizes=\"(max-width: 990px) 100vw, 990px\" alt=\"\" title=\"BARBARA PHILIPP &#8211; Nominiert f\u00fcr den Deutschen Filmpreis EN 1920&#215;600\" width=\"990\" height=\"309\"  \/><\/a>\t<\/div>\n<\/div>\n\n\n<div class=\"post-entry-content\">\n\n\t<h3 class=\"entry-title\">\n\t\t<a href=\"https:\/\/ucm.one\/en\/barbara-philipp-nominated-for-the-german-film-award-2024-in-the-category-best-female-supporting-actress\/\" title=\"\ud83c\udfac Barbara Philipp nominated for the German Film Award 2024 in the category &#8220;Best Female Supporting Actress&#8221;\" rel=\"bookmark\">\ud83c\udfac Barbara Philipp nominated for the German Film Award 2024 in the category &#8220;Best Female Supporting Actress&#8221;<\/a>\n\t<\/h3>\n\n\t<div class=\"entry-meta\"><span class=\"category-link\"><a href=\"https:\/\/ucm.one\/en\/category\/news-en\/cinema\/\" >Cinema<\/a>, <a href=\"https:\/\/ucm.one\/en\/category\/news-en\/film-en\/darling-berlin\/\" >Darling Berlin<\/a>, <a href=\"https:\/\/ucm.one\/en\/category\/news-en\/film-en\/\" >Film<\/a>, <a href=\"https:\/\/ucm.one\/en\/category\/news-en\/media-distribution-en\/film-distribution-en\/\" >Film Distribution<\/a>, <a href=\"https:\/\/ucm.one\/en\/category\/news-en\/\" >News<\/a>, <a href=\"https:\/\/ucm.one\/en\/category\/news-en\/movie-distribution\/world-sales\/\" >World Sales<\/a><\/span><a class=\"author vcard\" href=\"\" title=\"View all posts by Joachim Keil\" rel=\"author\">By <span class=\"fn\">Joachim Keil<\/span><\/a><a href=\"https:\/\/ucm.one\/en\/2024\/03\/19\/\" title=\"08:22\" class=\"data-link\" rel=\"bookmark\"><time class=\"entry-date updated\" datetime=\"2024-03-19T08:22:16+00:00\">19. March 2024<\/time><\/a><\/div>\n\t<div class=\"entry-excerpt\"><p>[vc_row][vc_column][vc_column_text] On 19 March 2024, the nominations for the German Film Awards 2024 were announced by the German Film Academy. [\/vc_column_text][vc_column_text] UCM.ONE congratulates Barbara Philipp on her nomination in the category &#8220;Best female supporting role&#8220; in the feature film &#8220;Talk to me&#8221; (German original title &#8220;Sprich mit mir)&#8221; by Janin Halisch. &#8220;Talk to me&#8221; is&hellip;<\/p>\n<\/div>\n\t\n<a href=\"https:\/\/ucm.one\/en\/barbara-philipp-nominated-for-the-german-film-award-2024-in-the-category-best-female-supporting-actress\/\" class=\"post-details details-type-link\" aria-label=\"Read more about \ud83c\udfac Barbara Philipp nominated for the German Film Award 2024 in the category &#8220;Best Female Supporting Actress&#8221;\">Read more<i class=\"dt-icon-the7-arrow-03\" aria-hidden=\"true\"><\/i><\/a>\n\n<\/div><\/article><\/div><div class=\"hidden wf-cell\" data-post-id=\"100701\" data-date=\"2024-01-19T16:23:46+00:00\" data-name=\"\ud83c\udfac Enthusiastic audience: &quot;Talk to me&quot; celebrates its cinema premiere at the Colosseum Filmtheater Berlin\"><article class=\"post project-odd visible post-100701 type-post status-publish format-standard has-post-thumbnail hentry category-cinema category-darling-berlin category-film-en category-film-distribution-en category-news-en category-world-sales tag-alina-stiegler-en tag-barbara-phillipp-en tag-clara-gerst-en tag-colosseum-filmtheater-2 tag-darling-berlin-en tag-hannah-sioda-en tag-janin-halisch-en tag-knut-elstermann-2 tag-pearl-graw-en tag-peter-lohmeyer-en tag-premiere-en tag-sprich-mit-mir-en tag-talk-to-me-en category-1011 category-22 category-942 category-15326 category-941 category-7530\" data-name=\"\ud83c\udfac Enthusiastic audience: &#8220;Talk to me&#8221; celebrates its cinema premiere at the Colosseum Filmtheater Berlin\" data-date=\"2024-01-19T16:23:46+00:00\">\n\n<div class=\"post-thumbnail-wrap\">\n\t<div class=\"post-thumbnail\">\n\t\t\n\t\t\n\t\t<a href=\"https:\/\/ucm.one\/en\/enthusiastic-audience-talk-to-me-celebrates-its-cinema-premiere-at-the-colosseum-filmtheater-berlin\/\" class=\"post-thumbnail-rollover layzr-bg layzr-bg\" ><img decoding=\"async\" class=\"iso-lazy-load preload-me iso-lazy-load aspect\" src=\"data:image\/svg+xml,%3Csvg%20xmlns%3D&#39;http%3A%2F%2Fwww.w3.org%2F2000%2Fsvg&#39;%20viewBox%3D&#39;0%200%20990%20309&#39;%2F%3E\" data-src=\"https:\/\/ucm.one\/wp-content\/uploads\/2024\/01\/B-Talk-To-Me-Premiere-1-990x309.jpg\" data-srcset=\"https:\/\/ucm.one\/wp-content\/uploads\/2024\/01\/B-Talk-To-Me-Premiere-1-990x309.jpg 990w, https:\/\/ucm.one\/wp-content\/uploads\/2024\/01\/B-Talk-To-Me-Premiere-1-1485x464.jpg 1485w\" loading=\"eager\" style=\"--ratio: 990 \/ 309\" sizes=\"(max-width: 990px) 100vw, 990px\" alt=\"\" title=\"B Talk To Me Premiere\" width=\"990\" height=\"309\"  \/><\/a>\t<\/div>\n<\/div>\n\n\n<div class=\"post-entry-content\">\n\n\t<h3 class=\"entry-title\">\n\t\t<a href=\"https:\/\/ucm.one\/en\/enthusiastic-audience-talk-to-me-celebrates-its-cinema-premiere-at-the-colosseum-filmtheater-berlin\/\" title=\"\ud83c\udfac Enthusiastic audience: &#8220;Talk to me&#8221; celebrates its cinema premiere at the Colosseum Filmtheater Berlin\" rel=\"bookmark\">\ud83c\udfac Enthusiastic audience: &#8220;Talk to me&#8221; celebrates its cinema premiere at the Colosseum Filmtheater Berlin<\/a>\n\t<\/h3>\n\n\t<div class=\"entry-meta\"><span class=\"category-link\"><a href=\"https:\/\/ucm.one\/en\/category\/news-en\/cinema\/\" >Cinema<\/a>, <a href=\"https:\/\/ucm.one\/en\/category\/news-en\/film-en\/darling-berlin\/\" >Darling Berlin<\/a>, <a href=\"https:\/\/ucm.one\/en\/category\/news-en\/film-en\/\" >Film<\/a>, <a href=\"https:\/\/ucm.one\/en\/category\/news-en\/media-distribution-en\/film-distribution-en\/\" >Film Distribution<\/a>, <a href=\"https:\/\/ucm.one\/en\/category\/news-en\/\" >News<\/a>, <a href=\"https:\/\/ucm.one\/en\/category\/news-en\/movie-distribution\/world-sales\/\" >World Sales<\/a><\/span><a class=\"author vcard\" href=\"\" title=\"View all posts by Joachim Keil\" rel=\"author\">By <span class=\"fn\">Joachim Keil<\/span><\/a><a href=\"https:\/\/ucm.one\/en\/2024\/01\/19\/\" title=\"16:23\" class=\"data-link\" rel=\"bookmark\"><time class=\"entry-date updated\" datetime=\"2024-01-19T16:23:46+00:00\">19. January 2024<\/time><\/a><\/div>\n\t<div class=\"entry-excerpt\"><p>[vc_row][vc_column][vc_column_text]The film drama &#8220;Talk to me&#8221; (German original title: &#8220;Sprich mit mir&#8221; by Janin Halisch had its cinema premiere in Berlin on January 01, 2024 in the almost sold-out Hall 1 of the Colosseum Filmtheater in Berlin&#8217;s Prenzlauer Berg district. The numerous guests at the premiere included the cast and crew as well as many&hellip;<\/p>\n<\/div>\n\t\n<a href=\"https:\/\/ucm.one\/en\/enthusiastic-audience-talk-to-me-celebrates-its-cinema-premiere-at-the-colosseum-filmtheater-berlin\/\" class=\"post-details details-type-link\" aria-label=\"Read more about \ud83c\udfac Enthusiastic audience: &#8220;Talk to me&#8221; celebrates its cinema premiere at the Colosseum Filmtheater Berlin\">Read more<i class=\"dt-icon-the7-arrow-03\" aria-hidden=\"true\"><\/i><\/a>\n\n<\/div><\/article><\/div><div class=\"hidden wf-cell\" data-post-id=\"100639\" data-date=\"2024-01-18T15:55:30+00:00\" data-name=\"\ud83c\udfac &quot;Talk to me&quot; (Darling Berlin) by Janin Halisch opens in cinemas today\"><article class=\"post project-odd visible post-100639 type-post status-publish format-standard has-post-thumbnail hentry category-cinema category-darling-berlin category-film-en category-film-distribution-en category-news-en category-world-sales tag-alina-stiegler-en tag-barbara-phillipp-en tag-clara-gerst-en tag-darling-berlin-en tag-hannah-sioda-en tag-janin-halisch-en tag-pearl-graw-en tag-peter-lohmeyer-en tag-sprich-mit-mir-en tag-talk-to-me-en category-1011 category-22 category-942 category-15326 category-941 category-7530\" data-name=\"\ud83c\udfac &#8220;Talk to me&#8221; (Darling Berlin) by Janin Halisch opens in cinemas today\" data-date=\"2024-01-18T15:55:30+00:00\">\n\n<div class=\"post-thumbnail-wrap\">\n\t<div class=\"post-thumbnail\">\n\t\t\n\t\t\n\t\t<a href=\"https:\/\/ucm.one\/en\/talk-to-me-darling-berlin-by-janin-halisch-opens-in-cinemas-today\/\" class=\"post-thumbnail-rollover layzr-bg layzr-bg\" ><img decoding=\"async\" class=\"iso-lazy-load preload-me iso-lazy-load aspect\" src=\"data:image\/svg+xml,%3Csvg%20xmlns%3D&#39;http%3A%2F%2Fwww.w3.org%2F2000%2Fsvg&#39;%20viewBox%3D&#39;0%200%20990%20309&#39;%2F%3E\" data-src=\"https:\/\/ucm.one\/wp-content\/uploads\/2024\/01\/Talk-to-me-Banner-Artwork-alternativ-990x309.jpeg\" data-srcset=\"https:\/\/ucm.one\/wp-content\/uploads\/2024\/01\/Talk-to-me-Banner-Artwork-alternativ-990x309.jpeg 990w, https:\/\/ucm.one\/wp-content\/uploads\/2024\/01\/Talk-to-me-Banner-Artwork-alternativ-1485x464.jpeg 1485w\" loading=\"eager\" style=\"--ratio: 990 \/ 309\" sizes=\"(max-width: 990px) 100vw, 990px\" alt=\"\" title=\"Talk to me Banner Artwork alternativ\" width=\"990\" height=\"309\"  \/><\/a>\t<\/div>\n<\/div>\n\n\n<div class=\"post-entry-content\">\n\n\t<h3 class=\"entry-title\">\n\t\t<a href=\"https:\/\/ucm.one\/en\/talk-to-me-darling-berlin-by-janin-halisch-opens-in-cinemas-today\/\" title=\"\ud83c\udfac &#8220;Talk to me&#8221; (Darling Berlin) by Janin Halisch opens in cinemas today\" rel=\"bookmark\">\ud83c\udfac &#8220;Talk to me&#8221; (Darling Berlin) by Janin Halisch opens in cinemas today<\/a>\n\t<\/h3>\n\n\t<div class=\"entry-meta\"><span class=\"category-link\"><a href=\"https:\/\/ucm.one\/en\/category\/news-en\/cinema\/\" >Cinema<\/a>, <a href=\"https:\/\/ucm.one\/en\/category\/news-en\/film-en\/darling-berlin\/\" >Darling Berlin<\/a>, <a href=\"https:\/\/ucm.one\/en\/category\/news-en\/film-en\/\" >Film<\/a>, <a href=\"https:\/\/ucm.one\/en\/category\/news-en\/media-distribution-en\/film-distribution-en\/\" >Film Distribution<\/a>, <a href=\"https:\/\/ucm.one\/en\/category\/news-en\/\" >News<\/a>, <a href=\"https:\/\/ucm.one\/en\/category\/news-en\/movie-distribution\/world-sales\/\" >World Sales<\/a><\/span><a class=\"author vcard\" href=\"\" title=\"View all posts by Joachim Keil\" rel=\"author\">By <span class=\"fn\">Joachim Keil<\/span><\/a><a href=\"https:\/\/ucm.one\/en\/2024\/01\/18\/\" title=\"15:55\" class=\"data-link\" rel=\"bookmark\"><time class=\"entry-date updated\" datetime=\"2024-01-18T15:55:30+00:00\">18. January 2024<\/time><\/a><\/div>\n\t<div class=\"entry-excerpt\"><p>[vc_row][vc_column][vc_column_text] With screenings in Berlin, Hamburg, Munich, M\u00fcnster and Aachen, among others, the feature film &#8220;Talk to me&#8220;&#8221;(German title: &#8220;Sprich mit mir&#8220;), released on the German film label Darling Berlin, opens in cinemas today. Janin Halisch&#8216;s debut film sheds light on the complex relationship between two women who struggle with misunderstandings and communication problems. [\/vc_column_text][\/vc_column][\/vc_row][vc_row][vc_column&hellip;<\/p>\n<\/div>\n\t\n<a href=\"https:\/\/ucm.one\/en\/talk-to-me-darling-berlin-by-janin-halisch-opens-in-cinemas-today\/\" class=\"post-details details-type-link\" aria-label=\"Read more about \ud83c\udfac &#8220;Talk to me&#8221; (Darling Berlin) by Janin Halisch opens in cinemas today\">Read more<i class=\"dt-icon-the7-arrow-03\" aria-hidden=\"true\"><\/i><\/a>\n\n<\/div><\/article><\/div><div class=\"hidden wf-cell\" data-post-id=\"100324\" data-date=\"2024-01-02T01:00:43+00:00\" data-name=\"\ud83c\udfac Theatrical release premiere of &quot;Sprich mir mir&quot; on January 18, 2024 at Berlin&#039;s traditional Colosseum Filmtheater\"><article class=\"post project-odd visible post-100324 type-post status-publish format-standard has-post-thumbnail hentry category-cinema category-darling-berlin category-film-en category-film-distribution-en category-news-en category-world-sales tag-alina-stiegler-en tag-barbara-phillipp-en tag-clara-gerst-en tag-colosseum-filmtheater-2 tag-darling-berlin-en tag-hannah-sioda-en tag-janin-halisch-en tag-knut-elstermann-3 tag-knut-elstermann-2 tag-pearl-graw-en tag-peter-lohmeyer-en tag-sprich-mit-mir-en tag-talk-to-me-en category-1011 category-22 category-942 category-15326 category-941 category-7530\" data-name=\"\ud83c\udfac Theatrical release premiere of &#8220;Sprich mir mir&#8221; on January 18, 2024 at Berlin&#8217;s traditional Colosseum Filmtheater\" data-date=\"2024-01-02T01:00:43+00:00\">\n\n<div class=\"post-thumbnail-wrap\">\n\t<div class=\"post-thumbnail\">\n\t\t\n\t\t\n\t\t<a href=\"https:\/\/ucm.one\/en\/theatrical-release-premiere-of-sprich-mir-mir-on-january-18-2024-at-berlins-traditional-colosseum-filmtheater\/\" class=\"post-thumbnail-rollover layzr-bg layzr-bg\" ><img decoding=\"async\" class=\"iso-lazy-load preload-me iso-lazy-load aspect\" src=\"data:image\/svg+xml,%3Csvg%20xmlns%3D&#39;http%3A%2F%2Fwww.w3.org%2F2000%2Fsvg&#39;%20viewBox%3D&#39;0%200%20990%20309&#39;%2F%3E\" data-src=\"https:\/\/ucm.one\/wp-content\/uploads\/2024\/01\/B-Talk-To-Me-Premiere-990x309.jpg\" data-srcset=\"https:\/\/ucm.one\/wp-content\/uploads\/2024\/01\/B-Talk-To-Me-Premiere-990x309.jpg 990w, https:\/\/ucm.one\/wp-content\/uploads\/2024\/01\/B-Talk-To-Me-Premiere-1485x464.jpg 1485w\" loading=\"eager\" style=\"--ratio: 990 \/ 309\" sizes=\"(max-width: 990px) 100vw, 990px\" alt=\"\" title=\"B Talk To Me Premiere\" width=\"990\" height=\"309\"  \/><\/a>\t<\/div>\n<\/div>\n\n\n<div class=\"post-entry-content\">\n\n\t<h3 class=\"entry-title\">\n\t\t<a href=\"https:\/\/ucm.one\/en\/theatrical-release-premiere-of-sprich-mir-mir-on-january-18-2024-at-berlins-traditional-colosseum-filmtheater\/\" title=\"\ud83c\udfac Theatrical release premiere of &#8220;Sprich mir mir&#8221; on January 18, 2024 at Berlin&#8217;s traditional Colosseum Filmtheater\" rel=\"bookmark\">\ud83c\udfac Theatrical release premiere of &#8220;Sprich mir mir&#8221; on January 18, 2024 at Berlin&#8217;s traditional Colosseum Filmtheater<\/a>\n\t<\/h3>\n\n\t<div class=\"entry-meta\"><span class=\"category-link\"><a href=\"https:\/\/ucm.one\/en\/category\/news-en\/cinema\/\" >Cinema<\/a>, <a href=\"https:\/\/ucm.one\/en\/category\/news-en\/film-en\/darling-berlin\/\" >Darling Berlin<\/a>, <a href=\"https:\/\/ucm.one\/en\/category\/news-en\/film-en\/\" >Film<\/a>, <a href=\"https:\/\/ucm.one\/en\/category\/news-en\/media-distribution-en\/film-distribution-en\/\" >Film Distribution<\/a>, <a href=\"https:\/\/ucm.one\/en\/category\/news-en\/\" >News<\/a>, <a href=\"https:\/\/ucm.one\/en\/category\/news-en\/movie-distribution\/world-sales\/\" >World Sales<\/a><\/span><a class=\"author vcard\" href=\"\" title=\"View all posts by Joachim Keil\" rel=\"author\">By <span class=\"fn\">Joachim Keil<\/span><\/a><a href=\"https:\/\/ucm.one\/en\/2024\/01\/02\/\" title=\"01:00\" class=\"data-link\" rel=\"bookmark\"><time class=\"entry-date updated\" datetime=\"2024-01-02T01:00:43+00:00\">2. January 2024<\/time><\/a><\/div>\n\t<div class=\"entry-excerpt\"><p>[vc_row][vc_column][vc_column_text] On January 18, 2024, the feature film &#8220;Talk to me&#8221; (Original German title: &#8220;Sprich mir mir&#8220;) by Janin Halisch will celebrate its cinema premiere at Berlin&#8217;s renowned Colosseum Filmtheater on Sch\u00f6nhauser Allee in the Prenzlauer Berg district of Berlin. Following the screening, radio presenter and film critic Knut Elstermann will hold a film discussion&hellip;<\/p>\n<\/div>\n\t\n<a href=\"https:\/\/ucm.one\/en\/theatrical-release-premiere-of-sprich-mir-mir-on-january-18-2024-at-berlins-traditional-colosseum-filmtheater\/\" class=\"post-details details-type-link\" aria-label=\"Read more about \ud83c\udfac Theatrical release premiere of &#8220;Sprich mir mir&#8221; on January 18, 2024 at Berlin&#8217;s traditional Colosseum Filmtheater\">Read more<i class=\"dt-icon-the7-arrow-03\" aria-hidden=\"true\"><\/i><\/a>\n\n<\/div><\/article><\/div><div class=\"hidden wf-cell\" data-post-id=\"97410\" data-date=\"2023-10-09T16:54:01+00:00\" data-name=\"\ud83c\udfac Producer Clara Gerst of &quot;Talk to Me&quot; honoured with the &quot;No Fear Award&quot;\"><article class=\"post project-odd visible post-97410 type-post status-publish format-standard has-post-thumbnail hentry category-cinema category-darling-berlin category-film-en category-film-distribution-en category-news-en category-world-sales tag-alina-stiegler-en tag-barbara-phillipp-en tag-clara-gerst-en tag-darling-berlin-en tag-first-steps-awards-2 tag-hannah-sioda-en tag-janin-halisch-en tag-no-fear-award-2 tag-pearl-graw-en tag-peter-lohmeyer-en tag-sprich-mit-mir-en tag-talk-to-me-en category-1011 category-22 category-942 category-15326 category-941 category-7530\" data-name=\"\ud83c\udfac Producer Clara Gerst of &#8220;Talk to Me&#8221; honoured with the &#8220;No Fear Award&#8221;\" data-date=\"2023-10-09T16:54:01+00:00\">\n\n<div class=\"post-thumbnail-wrap\">\n\t<div class=\"post-thumbnail\">\n\t\t\n\t\t\n\t\t<a href=\"https:\/\/ucm.one\/en\/producer-clara-gerst-of-talk-to-me-honoured-with-the-no-fear-award\/\" class=\"post-thumbnail-rollover layzr-bg layzr-bg\" ><img decoding=\"async\" class=\"iso-lazy-load preload-me iso-lazy-load aspect\" src=\"data:image\/svg+xml,%3Csvg%20xmlns%3D&#39;http%3A%2F%2Fwww.w3.org%2F2000%2Fsvg&#39;%20viewBox%3D&#39;0%200%20990%20309&#39;%2F%3E\" data-src=\"https:\/\/ucm.one\/wp-content\/uploads\/2023\/10\/Talk-to-me-NO-FEAR-Award-1920x600-2-990x309.jpeg\" data-srcset=\"https:\/\/ucm.one\/wp-content\/uploads\/2023\/10\/Talk-to-me-NO-FEAR-Award-1920x600-2-990x309.jpeg 990w, https:\/\/ucm.one\/wp-content\/uploads\/2023\/10\/Talk-to-me-NO-FEAR-Award-1920x600-2-1485x464.jpeg 1485w\" loading=\"eager\" style=\"--ratio: 990 \/ 309\" sizes=\"(max-width: 990px) 100vw, 990px\" alt=\"\" title=\"Talk to me NO FEAR Award 1920&#215;600 2\" width=\"990\" height=\"309\"  \/><\/a>\t<\/div>\n<\/div>\n\n\n<div class=\"post-entry-content\">\n\n\t<h3 class=\"entry-title\">\n\t\t<a href=\"https:\/\/ucm.one\/en\/producer-clara-gerst-of-talk-to-me-honoured-with-the-no-fear-award\/\" title=\"\ud83c\udfac Producer Clara Gerst of &#8220;Talk to Me&#8221; honoured with the &#8220;No Fear Award&#8221;\" rel=\"bookmark\">\ud83c\udfac Producer Clara Gerst of &#8220;Talk to Me&#8221; honoured with the &#8220;No Fear Award&#8221;<\/a>\n\t<\/h3>\n\n\t<div class=\"entry-meta\"><span class=\"category-link\"><a href=\"https:\/\/ucm.one\/en\/category\/news-en\/cinema\/\" >Cinema<\/a>, <a href=\"https:\/\/ucm.one\/en\/category\/news-en\/film-en\/darling-berlin\/\" >Darling Berlin<\/a>, <a href=\"https:\/\/ucm.one\/en\/category\/news-en\/film-en\/\" >Film<\/a>, <a href=\"https:\/\/ucm.one\/en\/category\/news-en\/media-distribution-en\/film-distribution-en\/\" >Film Distribution<\/a>, <a href=\"https:\/\/ucm.one\/en\/category\/news-en\/\" >News<\/a>, <a href=\"https:\/\/ucm.one\/en\/category\/news-en\/movie-distribution\/world-sales\/\" >World Sales<\/a><\/span><a class=\"author vcard\" href=\"\" title=\"View all posts by Joachim Keil\" rel=\"author\">By <span class=\"fn\">Joachim Keil<\/span><\/a><a href=\"https:\/\/ucm.one\/en\/2023\/10\/09\/\" title=\"16:54\" class=\"data-link\" rel=\"bookmark\"><time class=\"entry-date updated\" datetime=\"2023-10-09T16:54:01+00:00\">9. October 2023<\/time><\/a><\/div>\n\t<div class=\"entry-excerpt\"><p>[vc_row][vc_column][vc_column_text] The producer of the feature film &#8220;Talk to me&#8221; (German original title: &#8220;Sprich mit mir&#8220;), Clara Gerst, was awarded the producer prize &#8220;No Fear Award&#8221; on Sunday, 8 October 2023, at the presentation of the German Film Young Talent Awards, First Steps Awards 2023. [\/vc_column_text][vc_column_text]&#8221;First Steps &#8211; Der deutsche Nachwuchspreis&#8221; is an annual competition&hellip;<\/p>\n<\/div>\n\t\n<a href=\"https:\/\/ucm.one\/en\/producer-clara-gerst-of-talk-to-me-honoured-with-the-no-fear-award\/\" class=\"post-details details-type-link\" aria-label=\"Read more about \ud83c\udfac Producer Clara Gerst of &#8220;Talk to Me&#8221; honoured with the &#8220;No Fear Award&#8221;\">Read more<i class=\"dt-icon-the7-arrow-03\" aria-hidden=\"true\"><\/i><\/a>\n\n<\/div><\/article><\/div><div class=\"hidden wf-cell\" data-post-id=\"97372\" data-date=\"2023-10-05T23:15:48+00:00\" data-name=\"\ud83c\udfac &quot;Talk to me&quot; by Janin Halisch celebrates its international premiere as the competition entry of the 39th Warsaw International Film Festival\"><article class=\"post project-odd visible post-97372 type-post status-publish format-standard has-post-thumbnail hentry category-cinema category-darling-berlin category-film-en category-film-distribution-en category-news-en category-world-sales tag-alina-stiegler-en tag-barbara-phillipp-en tag-clara-gerst-en tag-darling-berlin-en tag-hannah-sioda-en tag-internationales-filmfestival-warschau-2 tag-janin-halisch-en tag-pearl-graw-en tag-peter-lohmeyer-en tag-sprich-mit-mir-en tag-talk-to-me-en tag-warsaw-international-film-festival category-1011 category-22 category-942 category-15326 category-941 category-7530\" data-name=\"\ud83c\udfac &#8220;Talk to me&#8221; by Janin Halisch celebrates its international premiere as the competition entry of the 39th Warsaw International Film Festival\" data-date=\"2023-10-05T23:15:48+00:00\">\n\n<div class=\"post-thumbnail-wrap\">\n\t<div class=\"post-thumbnail\">\n\t\t\n\t\t\n\t\t<a href=\"https:\/\/ucm.one\/en\/talk-to-me-by-janin-halisch-celebrates-its-international-premiere-as-the-competition-entry-of-the-39th-warsaw-international-film-festival\/\" class=\"post-thumbnail-rollover layzr-bg layzr-bg\" ><img decoding=\"async\" class=\"iso-lazy-load preload-me iso-lazy-load aspect\" src=\"data:image\/svg+xml,%3Csvg%20xmlns%3D&#39;http%3A%2F%2Fwww.w3.org%2F2000%2Fsvg&#39;%20viewBox%3D&#39;0%200%20990%20309&#39;%2F%3E\" data-src=\"https:\/\/ucm.one\/wp-content\/uploads\/2023\/10\/B-Sprich-mit-mir-Int.Premiere-39.-IFFW-990x309.jpg\" data-srcset=\"https:\/\/ucm.one\/wp-content\/uploads\/2023\/10\/B-Sprich-mit-mir-Int.Premiere-39.-IFFW-990x309.jpg 990w, https:\/\/ucm.one\/wp-content\/uploads\/2023\/10\/B-Sprich-mit-mir-Int.Premiere-39.-IFFW-1485x464.jpg 1485w\" loading=\"eager\" style=\"--ratio: 990 \/ 309\" sizes=\"(max-width: 990px) 100vw, 990px\" alt=\"\" title=\"B Sprich mit mir Int.Premiere 39. IFFW\" width=\"990\" height=\"309\"  \/><\/a>\t<\/div>\n<\/div>\n\n\n<div class=\"post-entry-content\">\n\n\t<h3 class=\"entry-title\">\n\t\t<a href=\"https:\/\/ucm.one\/en\/talk-to-me-by-janin-halisch-celebrates-its-international-premiere-as-the-competition-entry-of-the-39th-warsaw-international-film-festival\/\" title=\"\ud83c\udfac &#8220;Talk to me&#8221; by Janin Halisch celebrates its international premiere as the competition entry of the 39th Warsaw International Film Festival\" rel=\"bookmark\">\ud83c\udfac &#8220;Talk to me&#8221; by Janin Halisch celebrates its international premiere as the competition entry of the 39th Warsaw International Film Festival<\/a>\n\t<\/h3>\n\n\t<div class=\"entry-meta\"><span class=\"category-link\"><a href=\"https:\/\/ucm.one\/en\/category\/news-en\/cinema\/\" >Cinema<\/a>, <a href=\"https:\/\/ucm.one\/en\/category\/news-en\/film-en\/darling-berlin\/\" >Darling Berlin<\/a>, <a href=\"https:\/\/ucm.one\/en\/category\/news-en\/film-en\/\" >Film<\/a>, <a href=\"https:\/\/ucm.one\/en\/category\/news-en\/media-distribution-en\/film-distribution-en\/\" >Film Distribution<\/a>, <a href=\"https:\/\/ucm.one\/en\/category\/news-en\/\" >News<\/a>, <a href=\"https:\/\/ucm.one\/en\/category\/news-en\/movie-distribution\/world-sales\/\" >World Sales<\/a><\/span><a class=\"author vcard\" href=\"\" title=\"View all posts by Joachim Keil\" rel=\"author\">By <span class=\"fn\">Joachim Keil<\/span><\/a><a href=\"https:\/\/ucm.one\/en\/2023\/10\/05\/\" title=\"23:15\" class=\"data-link\" rel=\"bookmark\"><time class=\"entry-date updated\" datetime=\"2023-10-05T23:15:48+00:00\">5. October 2023<\/time><\/a><\/div>\n\t<div class=\"entry-excerpt\"><p>[vc_row][vc_column][vc_column_text] The feature film \u201eTalk to Me&#8221; (Original German title: &#8220;Sprich mit mir&#8220;) by writer and director Janin Halisch will celebrate its international premiere at the 39th Warsaw International Film Festival on 6 October 2023. The film will start in the competition category &#8220;1-2 Competition: First and Second Films over 60 minutes by directors from&hellip;<\/p>\n<\/div>\n\t\n<a href=\"https:\/\/ucm.one\/en\/talk-to-me-by-janin-halisch-celebrates-its-international-premiere-as-the-competition-entry-of-the-39th-warsaw-international-film-festival\/\" class=\"post-details details-type-link\" aria-label=\"Read more about \ud83c\udfac &#8220;Talk to me&#8221; by Janin Halisch celebrates its international premiere as the competition entry of the 39th Warsaw International Film Festival\">Read more<i class=\"dt-icon-the7-arrow-03\" aria-hidden=\"true\"><\/i><\/a>\n\n<\/div><\/article><\/div><div class=\"hidden wf-cell\" data-post-id=\"93480\" data-date=\"2023-04-19T11:50:50+00:00\" data-name=\"\ud83c\udfac &quot;Monolith&quot; by Julius Schulthei\u00df wins &quot;Achtung Berlin Award&quot; for Best Feature Film\"><article class=\"post project-odd visible post-93480 type-post status-publish format-standard has-post-thumbnail hentry category-cinema category-company-en category-darling-berlin category-film-en category-news-en tag-2023-en tag-achtung-berlin-en tag-achtung-berlin-fimfestival-en tag-alaska-2 tag-berlin-en tag-bester-film-2 tag-bestes-drehbuch-2 tag-bettina-blumer tag-darling-berlin-en tag-filmfestival-2 tag-filmfestival-en tag-hannah-sioda-en tag-janin-halisch-en tag-julius-schultheiss-en tag-max-gleschinski-2 tag-milena-dreissig-en tag-monolith-2 tag-regina-kraeh-en tag-sebastian-brose-en tag-speak-with-me tag-sprich-mit-mir-en category-1011 category-5599 category-22 category-942 category-941\" data-name=\"\ud83c\udfac &#8220;Monolith&#8221; by Julius Schulthei\u00df wins &#8220;Achtung Berlin Award&#8221; for Best Feature Film\" data-date=\"2023-04-19T11:50:50+00:00\">\n\n<div class=\"post-thumbnail-wrap\">\n\t<div class=\"post-thumbnail\">\n\t\t\n\t\t\n\t\t<a href=\"https:\/\/ucm.one\/en\/monolith-by-julius-schultheiss-wins-achtung-berlin-award-for-best-feature-film\/\" class=\"post-thumbnail-rollover layzr-bg layzr-bg\" ><img decoding=\"async\" class=\"iso-lazy-load preload-me iso-lazy-load aspect\" src=\"data:image\/svg+xml,%3Csvg%20xmlns%3D&#39;http%3A%2F%2Fwww.w3.org%2F2000%2Fsvg&#39;%20viewBox%3D&#39;0%200%20990%20309&#39;%2F%3E\" data-src=\"https:\/\/ucm.one\/wp-content\/uploads\/2023\/04\/B-Monolith-Achtung-Berlin-EN-990x309.jpg\" data-srcset=\"https:\/\/ucm.one\/wp-content\/uploads\/2023\/04\/B-Monolith-Achtung-Berlin-EN-990x309.jpg 990w, https:\/\/ucm.one\/wp-content\/uploads\/2023\/04\/B-Monolith-Achtung-Berlin-EN-1485x464.jpg 1485w\" loading=\"eager\" style=\"--ratio: 990 \/ 309\" sizes=\"(max-width: 990px) 100vw, 990px\" alt=\"\" title=\"B Monolith Achtung Berlin EN\" width=\"990\" height=\"309\"  \/><\/a>\t<\/div>\n<\/div>\n\n\n<div class=\"post-entry-content\">\n\n\t<h3 class=\"entry-title\">\n\t\t<a href=\"https:\/\/ucm.one\/en\/monolith-by-julius-schultheiss-wins-achtung-berlin-award-for-best-feature-film\/\" title=\"\ud83c\udfac &#8220;Monolith&#8221; by Julius Schulthei\u00df wins &#8220;Achtung Berlin Award&#8221; for Best Feature Film\" rel=\"bookmark\">\ud83c\udfac &#8220;Monolith&#8221; by Julius Schulthei\u00df wins &#8220;Achtung Berlin Award&#8221; for Best Feature Film<\/a>\n\t<\/h3>\n\n\t<div class=\"entry-meta\"><span class=\"category-link\"><a href=\"https:\/\/ucm.one\/en\/category\/news-en\/cinema\/\" >Cinema<\/a>, <a href=\"https:\/\/ucm.one\/en\/category\/news-en\/company-en\/\" >Company<\/a>, <a href=\"https:\/\/ucm.one\/en\/category\/news-en\/film-en\/darling-berlin\/\" >Darling Berlin<\/a>, <a href=\"https:\/\/ucm.one\/en\/category\/news-en\/film-en\/\" >Film<\/a>, <a href=\"https:\/\/ucm.one\/en\/category\/news-en\/\" >News<\/a><\/span><a class=\"author vcard\" href=\"\" title=\"View all posts by Joachim Keil\" rel=\"author\">By <span class=\"fn\">Joachim Keil<\/span><\/a><a href=\"https:\/\/ucm.one\/en\/2023\/04\/19\/\" title=\"11:50\" class=\"data-link\" rel=\"bookmark\"><time class=\"entry-date updated\" datetime=\"2023-04-19T11:50:50+00:00\">19. April 2023<\/time><\/a><\/div>\n\t<div class=\"entry-excerpt\"><p>[vc_row][vc_column][vc_column_text] At the 19th Achtung Berlin Film Festival 2023, the film &#8220;Monolith&#8221; by Julius Schulthei\u00df, produced by Finderlohnfilm and co-produced by UCMP, was awarded &#8220;Best Feature Film&#8220;. The film, distributed by UCM.ONE on the Darling Berlin label, is a &#8220;quiet and very hauntingly told drama about an undercover investigator whose existence and faith are at&hellip;<\/p>\n<\/div>\n\t\n<a href=\"https:\/\/ucm.one\/en\/monolith-by-julius-schultheiss-wins-achtung-berlin-award-for-best-feature-film\/\" class=\"post-details details-type-link\" aria-label=\"Read more about \ud83c\udfac &#8220;Monolith&#8221; by Julius Schulthei\u00df wins &#8220;Achtung Berlin Award&#8221; for Best Feature Film\">Read more<i class=\"dt-icon-the7-arrow-03\" aria-hidden=\"true\"><\/i><\/a>\n\n<\/div><\/article><\/div><div class=\"hidden wf-cell\" data-post-id=\"88220\" data-date=\"2023-02-19T22:29:06+00:00\" data-name=\"\ud83c\udfac UCM.ONE acquires the coming-of-age drama &quot;Speak to Me&quot; by Janin Halisch during the Berlinale 2023\"><article class=\"post project-odd visible post-88220 type-post status-publish format-standard has-post-thumbnail hentry category-cinema category-darling-berlin category-film-en category-film-distribution-en category-news-en category-world-sales tag-alina-stiegler-en tag-barbara-phillipp-en tag-clara-gerst-en tag-darling-berlin-en tag-hannah-sioda-en tag-janin-halisch-en tag-pearl-graw-en tag-peter-lohmeyer-en tag-sprich-mit-mir-en tag-talk-to-me-en category-1011 category-22 category-942 category-15326 category-941 category-7530\" data-name=\"\ud83c\udfac UCM.ONE acquires the coming-of-age drama &#8220;Speak to Me&#8221; by Janin Halisch during the Berlinale 2023\" data-date=\"2023-02-19T22:29:06+00:00\">\n\n<div class=\"post-thumbnail-wrap\">\n\t<div class=\"post-thumbnail\">\n\t\t\n\t\t\n\t\t<a href=\"https:\/\/ucm.one\/en\/ucm-one-acquires-the-coming-of-age-drama-speak-to-me-by-janin-halisch-during-the-berlinale-2023\/\" class=\"post-thumbnail-rollover layzr-bg layzr-bg\" ><img decoding=\"async\" class=\"iso-lazy-load preload-me iso-lazy-load aspect\" src=\"data:image\/svg+xml,%3Csvg%20xmlns%3D&#39;http%3A%2F%2Fwww.w3.org%2F2000%2Fsvg&#39;%20viewBox%3D&#39;0%200%20990%20309&#39;%2F%3E\" data-src=\"https:\/\/ucm.one\/wp-content\/uploads\/2023\/02\/B-Sprich-mit-mir-Signing-990x309.jpg\" data-srcset=\"https:\/\/ucm.one\/wp-content\/uploads\/2023\/02\/B-Sprich-mit-mir-Signing-990x309.jpg 990w, https:\/\/ucm.one\/wp-content\/uploads\/2023\/02\/B-Sprich-mit-mir-Signing-1485x464.jpg 1485w\" loading=\"eager\" style=\"--ratio: 990 \/ 309\" sizes=\"(max-width: 990px) 100vw, 990px\" alt=\"\" title=\"B Sprich mit mir Signing\" width=\"990\" height=\"309\"  \/><\/a>\t<\/div>\n<\/div>\n\n\n<div class=\"post-entry-content\">\n\n\t<h3 class=\"entry-title\">\n\t\t<a href=\"https:\/\/ucm.one\/en\/ucm-one-acquires-the-coming-of-age-drama-speak-to-me-by-janin-halisch-during-the-berlinale-2023\/\" title=\"\ud83c\udfac UCM.ONE acquires the coming-of-age drama &#8220;Speak to Me&#8221; by Janin Halisch during the Berlinale 2023\" rel=\"bookmark\">\ud83c\udfac UCM.ONE acquires the coming-of-age drama &#8220;Speak to Me&#8221; by Janin Halisch during the Berlinale 2023<\/a>\n\t<\/h3>\n\n\t<div class=\"entry-meta\"><span class=\"category-link\"><a href=\"https:\/\/ucm.one\/en\/category\/news-en\/cinema\/\" >Cinema<\/a>, <a href=\"https:\/\/ucm.one\/en\/category\/news-en\/film-en\/darling-berlin\/\" >Darling Berlin<\/a>, <a href=\"https:\/\/ucm.one\/en\/category\/news-en\/film-en\/\" >Film<\/a>, <a href=\"https:\/\/ucm.one\/en\/category\/news-en\/media-distribution-en\/film-distribution-en\/\" >Film Distribution<\/a>, <a href=\"https:\/\/ucm.one\/en\/category\/news-en\/\" >News<\/a>, <a href=\"https:\/\/ucm.one\/en\/category\/news-en\/movie-distribution\/world-sales\/\" >World Sales<\/a><\/span><a class=\"author vcard\" href=\"\" title=\"View all posts by Joachim Keil\" rel=\"author\">By <span class=\"fn\">Joachim Keil<\/span><\/a><a href=\"https:\/\/ucm.one\/en\/2023\/02\/19\/\" title=\"22:29\" class=\"data-link\" rel=\"bookmark\"><time class=\"entry-date updated\" datetime=\"2023-02-19T22:29:06+00:00\">19. February 2023<\/time><\/a><\/div>\n\t<div class=\"entry-excerpt\"><p>[vc_row][vc_column][vc_column_text] Produced by the Deutsche Film und Fernsehakademie Berlin (DFFB) [producer: Clara Gerst]\u00a0the feature film &#8220;Sprich mit mir&#8221; (International title: &#8220;Talk to me&#8220;) by Janin Halisch (writer and director) was acquired for the theatrical distribution as well as for the world sales by UCM.ONE at the European Film Market (EFM) during the 73rd International Berlin&hellip;<\/p>\n<\/div>\n\t\n<a href=\"https:\/\/ucm.one\/en\/ucm-one-acquires-the-coming-of-age-drama-speak-to-me-by-janin-halisch-during-the-berlinale-2023\/\" class=\"post-details details-type-link\" aria-label=\"Read more about \ud83c\udfac UCM.ONE acquires the coming-of-age drama &#8220;Speak to Me&#8221; by Janin Halisch during the Berlinale 2023\">Read more<i class=\"dt-icon-the7-arrow-03\" aria-hidden=\"true\"><\/i><\/a>\n\n<\/div><\/article><\/div><\/div><!-- iso-container|iso-grid --><div class=\"paginator paginator-more-button\">\n\t\t\t\t<a class=\"button-load-more \" href=\"javascript:void(0);\" data-dt-page=\"1\" ><span class=\"stick\"><\/span><span class=\"stick\"><\/span><span class=\"stick\"><\/span><span class=\"button-caption\">Load more<\/span><\/a>\n\t\t\t<\/div><\/div>[\/vc_tta_section][\/vc_tta_accordion][vc_separator][\/vc_column][\/vc_row][vc_row css=&#8221;.vc_custom_1704974705918{padding-top: 80px !important;}&#8221; el_id=&#8221;house-of-silence&#8221;][vc_column width=&#8221;1\/4&#8243; offset=&#8221;vc_col-lg-offset-0 vc_col-md-offset-0 vc_col-sm-offset-0&#8243;][vc_column_text css=&#8221;.vc_custom_1704974102379{background-position: center !important;background-repeat: no-repeat !important;background-size: cover !important;}&#8221;]<img decoding=\"async\" class=\"alignnone wp-image-99501 size-full\" src=\"https:\/\/ucm.one\/wp-content\/uploads\/2023\/11\/House-of-Silence-Plakat-dunkel-Website.jpg\" alt=\"\" width=\"699\" height=\"1000\" srcset=\"https:\/\/ucm.one\/wp-content\/uploads\/2023\/11\/House-of-Silence-Plakat-dunkel-Website.jpg 699w, https:\/\/ucm.one\/wp-content\/uploads\/2023\/11\/House-of-Silence-Plakat-dunkel-Website-210x300.jpg 210w, https:\/\/ucm.one\/wp-content\/uploads\/2023\/11\/House-of-Silence-Plakat-dunkel-Website-300x429.jpg 300w, https:\/\/ucm.one\/wp-content\/uploads\/2023\/11\/House-of-Silence-Plakat-dunkel-Website-600x858.jpg 600w\" sizes=\"(max-width: 699px) 100vw, 699px\" \/>[\/vc_column_text][\/vc_column][vc_column width=&#8221;3\/4&#8243;][vc_column_text]<\/p>\n<h2>House of Silence<\/h2>\n<h3>by Simone Gei\u00dfler<\/h3>\n<div class=\"wpb_text_column wpb_content_element \">\n<div class=\"wpb_wrapper\">\n<div class=\"wpb_text_column wpb_content_element \">\n<div class=\"wpb_wrapper\">\n<div class=\"wpb_text_column wpb_content_element vc_custom_1681339038108\">\n<div class=\"wpb_wrapper\">\n<p>The successful author, Sorel Malkow (Simone Gei\u00dfler), retreats to the L\u00fcneburg Heath to write her new novel in a remote estate. Sorel draws the structure of her crime novel with the help of index cards. The more the novel develops, the more strange and unsettling the events become. It becomes clear that she is being stalked by a man. The intruder seems to know her memories and slowly drives her to the edge of her sanity. Neither meeting the village mechanic, Marius Moos (Aaron Thiesse), nor a surprise visit from her friend, Laura Anders (Cosma Dujat), gives her any respite.<\/p>\n<p>As the line between reality and nightmare blurs, Sorel is faced with a decision: should she face up to the threat and take the risk of plunging even deeper into the abyss of her fear, or flee?<\/p>\n<\/div>\n<\/div>\n<\/div>\n<\/div>\n<\/div>\n<\/div>\n<div class=\"wpb_text_column wpb_content_element \">\n<div class=\"wpb_wrapper\">\n<h3><span style=\"font-family: arial, helvetica, sans-serif;\">Theatrical release: December 07, 2023<\/span><\/h3>\n<\/div>\n<\/div>\n<p>[\/vc_column_text][\/vc_column][\/vc_row][vc_row][vc_column width=&#8221;5\/6&#8243;][vc_column_text]Artkeim\u00b2 | 2023 | Drama, Thriller | Germany| Original title: \u201c<a title=\"Haus der Stille\" href=\"https:\/\/ucm.one\/en\/house-of-silence\/\">Haus der Stille<\/a>\u201c[\/vc_column_text][\/vc_column][vc_column width=&#8221;1\/6&#8243;][vc_btn title=&#8221;Press Material&#8221; size=&#8221;xs&#8221; align=&#8221;center&#8221; i_icon_fontawesome=&#8221;fas fa-download&#8221; button_block=&#8221;true&#8221; add_icon=&#8221;true&#8221; link=&#8221;url:https%3A%2F%2Fwww.ucm.one%2Fpresse%2Fak_haus_der_stille.zip|title:House%20of%20Silence|rel:nofollow&#8221;][\/vc_column][\/vc_row][vc_row][vc_column][vc_tta_accordion style=&#8221;modern&#8221; shape=&#8221;square&#8221; c_icon=&#8221;chevron&#8221; active_section=&#8221;33&#8243; no_fill=&#8221;true&#8221; collapsible_all=&#8221;true&#8221;][vc_tta_section title=&#8221;More information&#8221; tab_id=&#8221;1699182576118-667bd14e-f36f&#8221;][vc_column_text]<\/p>\n<div class=\"wpb_text_column wpb_content_element \">\n<div class=\"wpb_wrapper\">\n<div class=\"wpb_text_column wpb_content_element \">\n<div class=\"wpb_wrapper\">\n<div>\n<div>\n<div class=\"wpb_text_column wpb_content_element \">\n<div class=\"wpb_wrapper\">\n<div class=\"wpb_text_column wpb_content_element \">\n<div class=\"wpb_wrapper\">\n<div class=\"wpb_text_column wpb_content_element \">\n<div class=\"wpb_wrapper\">\n<div class=\"wpb_text_column wpb_content_element \">\n<div class=\"wpb_wrapper\"><\/div>\n<\/div>\n<\/div>\n<\/div>\n<\/div>\n<\/div>\n<\/div>\n<\/div>\n<\/div>\n<\/div>\n<p><strong>Original title:<\/strong> Haus der Stille<br \/>\n<strong>Director:<\/strong> Simon Gei\u00dfler<br \/>\n<strong>Screenplay:<\/strong> Simon Gei\u00dfler<br \/>\n<strong>Executive Producer:<\/strong> Simon Gei\u00dfler<br \/>\n<strong>Producer:<\/strong> Linda Matern<br \/>\n<strong>Actors:<\/strong> Simone Gei\u00dfler, Aaron Thiesse, Lutz Scheffer, Cosma Dujat, Christiane Ostermayer, Julia Dordel<br \/>\n<strong>Cinematography<\/strong>: Anna Motzel<br \/>\n<strong>Editing:<\/strong> Filipa Ekeroth<\/p>\n<p><strong>Genres:<\/strong> Drama, Thriller<\/p>\n<p><strong>Country of production:<\/strong> Germany<\/p>\n<p><strong>Year of production:<\/strong> 2023<\/p>\n<p><strong>Length:<\/strong> 84 min<\/p>\n<p><strong>Picture format:<\/strong> 2.39:1 (22:9) [DCP: DCI 2K Scope]<\/p>\n<p><strong>Resolution:<\/strong> 2048\u00d7858<\/p>\n<p><strong>Sound:<\/strong> Surround 5.1 \/ 2.0 Stereo<\/p>\n<p><strong>Rating;<\/strong> FSK 16 (Descriptors: Sexualised violence, Violence)<\/p>\n<p>&nbsp;<\/p>\n<p><strong>Available projection media:<\/strong><br \/>\nDigital Cinema Packages: DE-XX (OV), DE-EN (VF), DE-en (OV)<br \/>\nProjection BluRay 1080p25 (16:9 &#8211; 2.39:1 Letterbox)<br \/>\nProjection Mp4 (16:9 &#8211; 2.39:1 Letterbox)<\/p>\n<\/div>\n<\/div>\n<p>&nbsp;<\/p>\n<p>All Information about the movie: <a title=\"House of Silence (2023) by Simone Gei\u00dfler | Artkeim\u00b2\" href=\"https:\/\/ucm.one\/en\/house-of-silence\/\">House of Silence<\/a><\/p>\n<p>&nbsp;<\/p>\n<\/div>\n<\/div>\n<p>[\/vc_column_text][\/vc_tta_section][vc_tta_section title=&#8221;Trailer&#8221; tab_id=&#8221;1699182576213-d53ad0b2-34d7&#8243;][vc_video link=&#8221;https:\/\/www.youtube.com\/watch?v=p3fWQ0SgBJA&#8221;][\/vc_tta_section][vc_tta_section title=&#8221;News&#8221; tab_id=&#8221;1699182576319-e4ed18da-27bf&#8221;]<style type=\"text\/css\" data-type=\"the7_shortcodes-inline-css\">.blog-shortcode.blog-masonry-shortcode-id-454f674de7726b10f6781d01af106242.content-bg-on.classic-layout-list article {\n  background: #e6e6e6;\n  box-shadow: none;\n}\n.blog-shortcode.blog-masonry-shortcode-id-454f674de7726b10f6781d01af106242.dividers-on.classic-layout-list article {\n  padding-top: 0;\n}\n.blog-shortcode.blog-masonry-shortcode-id-454f674de7726b10f6781d01af106242.dividers-on.classic-layout-list article:first-of-type {\n  margin-top: 0;\n  padding-top: 0;\n}\n.blog-shortcode.blog-masonry-shortcode-id-454f674de7726b10f6781d01af106242.classic-layout-list.mode-list .post-entry-content {\n  width: calc(100% - );\n}\n.blog-shortcode.blog-masonry-shortcode-id-454f674de7726b10f6781d01af106242.classic-layout-list.mode-list .no-img .post-entry-content {\n  width: 100%;\n}\n.blog-shortcode.blog-masonry-shortcode-id-454f674de7726b10f6781d01af106242 .filter-bg-decoration .filter-categories a.act {\n  color: #fff;\n}\n.blog-shortcode.blog-masonry-shortcode-id-454f674de7726b10f6781d01af106242:not(.mode-masonry) article:first-of-type,\n.blog-shortcode.blog-masonry-shortcode-id-454f674de7726b10f6781d01af106242:not(.mode-masonry) article.visible.first:not(.product) {\n  margin-top: 0;\n}\n.blog-shortcode.blog-masonry-shortcode-id-454f674de7726b10f6781d01af106242.dividers-on:not(.mode-masonry) article {\n  margin-top: 0;\n}\n.blog-shortcode.blog-masonry-shortcode-id-454f674de7726b10f6781d01af106242.dividers-on:not(.mode-masonry) article:first-of-type,\n.blog-shortcode.blog-masonry-shortcode-id-454f674de7726b10f6781d01af106242.dividers-on:not(.mode-masonry) article.visible.first:not(.product) {\n  margin-top: 0;\n  padding-top: 0;\n}\n.blog-shortcode.blog-masonry-shortcode-id-454f674de7726b10f6781d01af106242 .post-thumbnail-wrap {\n  padding: 0px 0px 0px 0px;\n}\n.blog-shortcode.blog-masonry-shortcode-id-454f674de7726b10f6781d01af106242.enable-bg-rollover .post-thumbnail-rollover:after {\n  background: -webkit-linear-gradient();\n  background: linear-gradient();\n}\n.blog-shortcode.blog-masonry-shortcode-id-454f674de7726b10f6781d01af106242 .gallery-zoom-ico {\n  width: 44px;\n  height: 44px;\n  line-height: 44px;\n  border-radius: 100px;\n  margin: -22px 0 0 -22px;\n  border-width: 0px;\n  color: #ffffff;\n}\n.bottom-overlap-layout-list.blog-shortcode.blog-masonry-shortcode-id-454f674de7726b10f6781d01af106242 .gallery-zoom-ico {\n  margin-top: -72px;\n}\n.gradient-overlay-layout-list.blog-shortcode.blog-masonry-shortcode-id-454f674de7726b10f6781d01af106242 .gallery-zoom-ico,\n.content-rollover-layout-list.blog-shortcode.blog-masonry-shortcode-id-454f674de7726b10f6781d01af106242 .gallery-zoom-ico {\n  margin: 0 0 10px;\n}\n.content-align-center.gradient-overlay-layout-list.blog-shortcode.blog-masonry-shortcode-id-454f674de7726b10f6781d01af106242 .gallery-zoom-ico,\n.content-align-center.content-rollover-layout-list.blog-shortcode.blog-masonry-shortcode-id-454f674de7726b10f6781d01af106242 .gallery-zoom-ico {\n  margin: 0 auto 10px;\n}\n.dt-icon-bg-on.blog-shortcode.blog-masonry-shortcode-id-454f674de7726b10f6781d01af106242 .gallery-zoom-ico {\n  background: rgba(255,255,255,0.3);\n  box-shadow: none;\n}\n.blog-shortcode.blog-masonry-shortcode-id-454f674de7726b10f6781d01af106242 .gallery-zoom-ico > span,\n.blog-shortcode.blog-masonry-shortcode-id-454f674de7726b10f6781d01af106242 .gallery-zoom-ico:before {\n  font-size: 32px;\n  line-height: 44px;\n}\n.blog-shortcode.blog-masonry-shortcode-id-454f674de7726b10f6781d01af106242 .gallery-zoom-ico > span,\n.blog-shortcode.blog-masonry-shortcode-id-454f674de7726b10f6781d01af106242 .gallery-zoom-ico:before {\n  color: #ffffff;\n}\n.blog-shortcode.blog-masonry-shortcode-id-454f674de7726b10f6781d01af106242 .entry-title,\n.blog-shortcode.blog-masonry-shortcode-id-454f674de7726b10f6781d01af106242.owl-carousel .entry-title {\n  margin-bottom: 5px;\n  font-weight: bold;\n}\n.blog-shortcode.blog-masonry-shortcode-id-454f674de7726b10f6781d01af106242 .entry-meta {\n  margin-bottom: 15px;\n}\n.blog-shortcode.blog-masonry-shortcode-id-454f674de7726b10f6781d01af106242 .portfolio-categories {\n  margin-bottom: 15px;\n}\n.blog-shortcode.blog-masonry-shortcode-id-454f674de7726b10f6781d01af106242 .entry-excerpt {\n  margin-bottom: 5px;\n}\n.blog-shortcode.blog-masonry-shortcode-id-454f674de7726b10f6781d01af106242:not(.centered-layout-list) .post-entry-content {\n  padding: 15px 20px 20px 20px;\n}\n.blog-shortcode.blog-masonry-shortcode-id-454f674de7726b10f6781d01af106242:not(.centered-layout-list):not(.content-bg-on):not(.mode-list) .no-img .post-entry-content {\n  padding: 0;\n}\n.blog-shortcode.blog-masonry-shortcode-id-454f674de7726b10f6781d01af106242.content-bg-on:not(.classic-layout-list):not(.centered-layout-list) .post-entry-content {\n  background: #e6e6e6;\n  box-shadow: none;\n}\n@media screen and (max-width: ) {\n  .blog-shortcode.blog-masonry-shortcode-id-454f674de7726b10f6781d01af106242 article {\n    -ms-flex-flow: column nowrap;\n    flex-flow: column nowrap;\n    margin-top: 20px;\n  }\n  .blog-shortcode.blog-masonry-shortcode-id-454f674de7726b10f6781d01af106242.dividers-on article {\n    border: none;\n  }\n  .blog-shortcode.blog-masonry-shortcode-id-454f674de7726b10f6781d01af106242.content-bg-on.centered-layout-list article {\n    padding: 0;\n  }\n  .blog-shortcode.blog-masonry-shortcode-id-454f674de7726b10f6781d01af106242.blog-shortcode.dividers-on article,\n  .blog-shortcode.blog-masonry-shortcode-id-454f674de7726b10f6781d01af106242.dividers-on.classic-layout-list article {\n    margin-top: 20px;\n    padding: 0;\n  }\n  .blog-shortcode.blog-masonry-shortcode-id-454f674de7726b10f6781d01af106242.blog-shortcode.dividers-on article:first-of-type,\n  .blog-shortcode.blog-masonry-shortcode-id-454f674de7726b10f6781d01af106242.dividers-on.classic-layout-list article:first-of-type {\n    padding: 0;\n  }\n  #page .blog-shortcode.blog-masonry-shortcode-id-454f674de7726b10f6781d01af106242 .post-thumbnail-wrap,\n  #page .blog-shortcode.blog-masonry-shortcode-id-454f674de7726b10f6781d01af106242 .post-entry-content {\n    width: 100%;\n    margin: 0;\n    top: 0;\n  }\n  #page .blog-shortcode.blog-masonry-shortcode-id-454f674de7726b10f6781d01af106242 .post-thumbnail-wrap {\n    padding: 0;\n  }\n  #page .blog-shortcode.blog-masonry-shortcode-id-454f674de7726b10f6781d01af106242 .post-entry-content:after {\n    display: none;\n  }\n  #page .blog-shortcode.blog-masonry-shortcode-id-454f674de7726b10f6781d01af106242 .project-even .post-thumbnail-wrap,\n  #page .blog-shortcode.blog-masonry-shortcode-id-454f674de7726b10f6781d01af106242.centered-layout-list .post-thumbnail-wrap {\n    -ms-flex-order: 0;\n    order: 0;\n  }\n  #page .blog-shortcode.blog-masonry-shortcode-id-454f674de7726b10f6781d01af106242.centered-layout-list .post-entry-title-content {\n    -ms-flex-order: 1;\n    order: 1;\n    width: 100%;\n    padding: 20px 20px 0;\n  }\n  #page .blog-shortcode.blog-masonry-shortcode-id-454f674de7726b10f6781d01af106242.centered-layout-list .post-entry-content {\n    -ms-flex-order: 2;\n    order: 2;\n    padding-top: 0;\n  }\n  #page .blog-shortcode.blog-masonry-shortcode-id-454f674de7726b10f6781d01af106242 .fancy-categories {\n    top: 10px;\n    left: 10px;\n    bottom: auto;\n    right: auto;\n  }\n  #page .blog-shortcode.blog-masonry-shortcode-id-454f674de7726b10f6781d01af106242 .fancy-date a {\n    top: 10px;\n    right: 10px;\n    left: auto;\n    bottom: auto;\n  }\n  #page .blog-shortcode.blog-masonry-shortcode-id-454f674de7726b10f6781d01af106242 .post-entry-content {\n    padding: 20px;\n  }\n  #page .blog-shortcode.blog-masonry-shortcode-id-454f674de7726b10f6781d01af106242 .entry-title {\n    margin: 3px 0 5px;\n    font-size: 20px;\n    line-height: 26px;\n  }\n  #page .blog-shortcode.blog-masonry-shortcode-id-454f674de7726b10f6781d01af106242 .entry-meta {\n    margin: 5px 0 5px;\n  }\n  #page .blog-shortcode.blog-masonry-shortcode-id-454f674de7726b10f6781d01af106242 .entry-excerpt {\n    margin: 15px 0 0;\n  }\n  #page .blog-shortcode.blog-masonry-shortcode-id-454f674de7726b10f6781d01af106242 .post-details {\n    margin: 5px 0 10px;\n  }\n  #page .blog-shortcode.blog-masonry-shortcode-id-454f674de7726b10f6781d01af106242 .post-details.details-type-link {\n    margin-bottom: 2px;\n  }\n}\n.blog-shortcode.blog-masonry-shortcode-id-454f674de7726b10f6781d01af106242:not(.resize-by-browser-width) .dt-css-grid {\n  grid-row-gap: 50px;\n  grid-column-gap: 50px;\n  grid-template-columns: repeat(auto-fill,minmax(,1fr));\n}\n.blog-shortcode.blog-masonry-shortcode-id-454f674de7726b10f6781d01af106242:not(.resize-by-browser-width) .dt-css-grid .double-width {\n  grid-column: span 2;\n}\n.cssgridlegacy.no-cssgrid .blog-shortcode.blog-masonry-shortcode-id-454f674de7726b10f6781d01af106242:not(.resize-by-browser-width) .dt-css-grid,\n.no-cssgridlegacy.no-cssgrid .blog-shortcode.blog-masonry-shortcode-id-454f674de7726b10f6781d01af106242:not(.resize-by-browser-width) .dt-css-grid {\n  display: flex;\n  flex-flow: row wrap;\n  margin: -25px;\n}\n.cssgridlegacy.no-cssgrid .blog-shortcode.blog-masonry-shortcode-id-454f674de7726b10f6781d01af106242:not(.resize-by-browser-width) .dt-css-grid .wf-cell,\n.no-cssgridlegacy.no-cssgrid .blog-shortcode.blog-masonry-shortcode-id-454f674de7726b10f6781d01af106242:not(.resize-by-browser-width) .dt-css-grid .wf-cell {\n  flex: 1 0 ;\n  max-width: 100%;\n  padding: 25px;\n  box-sizing: border-box;\n}\n.blog-shortcode.blog-masonry-shortcode-id-454f674de7726b10f6781d01af106242.resize-by-browser-width .dt-css-grid {\n  grid-template-columns: repeat(1,1fr);\n  grid-template-rows: auto;\n  grid-column-gap: 50px;\n  grid-row-gap: 50px;\n}\n.blog-shortcode.blog-masonry-shortcode-id-454f674de7726b10f6781d01af106242.resize-by-browser-width .dt-css-grid .double-width {\n  grid-column: span 2;\n}\n.cssgridlegacy.no-cssgrid .blog-shortcode.blog-masonry-shortcode-id-454f674de7726b10f6781d01af106242.resize-by-browser-width .dt-css-grid {\n  margin: -25px;\n}\n.cssgridlegacy.no-cssgrid .blog-shortcode.blog-masonry-shortcode-id-454f674de7726b10f6781d01af106242.resize-by-browser-width .dt-css-grid .wf-cell {\n  width: 100%;\n  padding: 25px;\n}\n.cssgridlegacy.no-cssgrid .blog-shortcode.blog-masonry-shortcode-id-454f674de7726b10f6781d01af106242.resize-by-browser-width .dt-css-grid .wf-cell.double-width {\n  width: calc(100%) * 2;\n}\n.blog-shortcode.blog-masonry-shortcode-id-454f674de7726b10f6781d01af106242.resize-by-browser-width:not(.centered-layout-list):not(.content-bg-on) .dt-css-grid {\n  grid-row-gap: 30px;\n}\n@media screen and (max-width: 1199px) {\n  .blog-shortcode.blog-masonry-shortcode-id-454f674de7726b10f6781d01af106242.resize-by-browser-width .dt-css-grid {\n    grid-template-columns: repeat(1,1fr);\n  }\n  .cssgridlegacy.no-cssgrid .blog-shortcode.blog-masonry-shortcode-id-454f674de7726b10f6781d01af106242.resize-by-browser-width .dt-css-grid .wf-cell,\n  .no-cssgridlegacy.no-cssgrid .blog-shortcode.blog-masonry-shortcode-id-454f674de7726b10f6781d01af106242.resize-by-browser-width .dt-css-grid .wf-cell {\n    width: 100%;\n  }\n  .cssgridlegacy.no-cssgrid .blog-shortcode.blog-masonry-shortcode-id-454f674de7726b10f6781d01af106242.resize-by-browser-width .dt-css-grid .wf-cell.double-width,\n  .no-cssgridlegacy.no-cssgrid .blog-shortcode.blog-masonry-shortcode-id-454f674de7726b10f6781d01af106242.resize-by-browser-width .dt-css-grid .wf-cell.double-width {\n    width: calc(100%)*2;\n  }\n}\n@media screen and (max-width: 991px) {\n  .blog-shortcode.blog-masonry-shortcode-id-454f674de7726b10f6781d01af106242.resize-by-browser-width .dt-css-grid {\n    grid-template-columns: repeat(1,1fr);\n  }\n  .cssgridlegacy.no-cssgrid .blog-shortcode.blog-masonry-shortcode-id-454f674de7726b10f6781d01af106242.resize-by-browser-width .dt-css-grid .wf-cell,\n  .no-cssgridlegacy.no-cssgrid .blog-shortcode.blog-masonry-shortcode-id-454f674de7726b10f6781d01af106242.resize-by-browser-width .dt-css-grid .wf-cell {\n    width: 100%;\n  }\n  .cssgridlegacy.no-cssgrid .blog-shortcode.blog-masonry-shortcode-id-454f674de7726b10f6781d01af106242.resize-by-browser-width .dt-css-grid .wf-cell.double-width,\n  .no-cssgridlegacy.no-cssgrid .blog-shortcode.blog-masonry-shortcode-id-454f674de7726b10f6781d01af106242.resize-by-browser-width .dt-css-grid .wf-cell.double-width {\n    width: calc(100%)*2;\n  }\n}\n@media screen and (max-width: 767px) {\n  .blog-shortcode.blog-masonry-shortcode-id-454f674de7726b10f6781d01af106242.resize-by-browser-width .dt-css-grid {\n    grid-template-columns: repeat(1,1fr);\n  }\n  .blog-shortcode.blog-masonry-shortcode-id-454f674de7726b10f6781d01af106242.resize-by-browser-width .dt-css-grid .double-width {\n    grid-column: span 1;\n  }\n  .cssgridlegacy.no-cssgrid .blog-shortcode.blog-masonry-shortcode-id-454f674de7726b10f6781d01af106242.resize-by-browser-width .dt-css-grid .wf-cell,\n  .no-cssgridlegacy.no-cssgrid .blog-shortcode.blog-masonry-shortcode-id-454f674de7726b10f6781d01af106242.resize-by-browser-width .dt-css-grid .wf-cell {\n    width: 100%;\n  }\n  .cssgridlegacy.no-cssgrid .blog-shortcode.blog-masonry-shortcode-id-454f674de7726b10f6781d01af106242.resize-by-browser-width .dt-css-grid .wf-cell.double-width,\n  .no-cssgridlegacy.no-cssgrid .blog-shortcode.blog-masonry-shortcode-id-454f674de7726b10f6781d01af106242.resize-by-browser-width .dt-css-grid .wf-cell.double-width {\n    width: calc(100%)*2;\n  }\n}<\/style><div class=\"blog-shortcode blog-masonry-shortcode-id-454f674de7726b10f6781d01af106242 mode-grid classic-layout-list content-bg-on jquery-filter vertical-fancy-style scale-img dt-css-grid-wrap dt-icon-bg-off resize-by-browser-width loading-effect-none description-under-image \" data-padding=\"25px\" data-cur-page=\"1\" data-post-limit=\"2\" data-pagination-mode=\"load-more\" aria-live=\"assertive\" data-desktop-columns-num=\"1\" data-v-tablet-columns-num=\"1\" data-h-tablet-columns-num=\"1\" data-phone-columns-num=\"1\" data-width=\"0px\" data-columns=\"0\"><div class=\"dt-css-grid\" ><div class=\"visible wf-cell\" data-post-id=\"103637\" data-date=\"2024-04-12T00:26:50+00:00\" data-name=\"\ud83c\udfac &quot;House of Silence&quot; by Simone Gei\u00dfler available today as download &amp; streaming\"><article class=\"post project-odd visible post-103637 type-post status-publish format-standard has-post-thumbnail hentry category-artkeim-en category-film-en category-film-distribution-en category-news-en category-world-sales tag-aaron-thiesse-2 tag-artkeim-en tag-christiane-ostermayer-2 tag-cosma-dujat-2 tag-download-2 tag-filipa-ekeroth-2 tag-haus-der-stille-2 tag-helga-riez-2 tag-house-of-silence tag-julia-dordel-2 tag-kino-en tag-linda-matern-2 tag-luneburger-heide tag-lutz-scheffer-2 tag-missbrauch-2 tag-simone-geissler-2 tag-stalking-2 tag-streaming-2 tag-vergewaltigung-2 category-570 category-942 category-15326 category-941 category-7530\" data-name=\"\ud83c\udfac &#8220;House of Silence&#8221; by Simone Gei\u00dfler available today as download &#038; streaming\" data-date=\"2024-04-12T00:26:50+00:00\">\n\n<div class=\"post-thumbnail-wrap\">\n\t<div class=\"post-thumbnail\">\n\t\t\n\t\t\n\t\t<a href=\"https:\/\/ucm.one\/en\/house-of-silence-by-simone-geissler-available-today-as-download-streaming\/\" class=\"post-thumbnail-rollover layzr-bg layzr-bg\" ><img decoding=\"async\" class=\"iso-lazy-load preload-me iso-lazy-load aspect\" src=\"data:image\/svg+xml,%3Csvg%20xmlns%3D&#39;http%3A%2F%2Fwww.w3.org%2F2000%2Fsvg&#39;%20viewBox%3D&#39;0%200%20990%20309&#39;%2F%3E\" data-src=\"https:\/\/ucm.one\/wp-content\/uploads\/2024\/04\/B-Haus-der-Stille-Banner-VoD-EST-990x309.jpg\" data-srcset=\"https:\/\/ucm.one\/wp-content\/uploads\/2024\/04\/B-Haus-der-Stille-Banner-VoD-EST-990x309.jpg 990w, https:\/\/ucm.one\/wp-content\/uploads\/2024\/04\/B-Haus-der-Stille-Banner-VoD-EST-1485x464.jpg 1485w\" loading=\"eager\" style=\"--ratio: 990 \/ 309\" sizes=\"(max-width: 990px) 100vw, 990px\" alt=\"\" title=\"B Haus der Stille Banner VoD-EST\" width=\"990\" height=\"309\"  \/><\/a>\t<\/div>\n<\/div>\n\n\n<div class=\"post-entry-content\">\n\n\t<h3 class=\"entry-title\">\n\t\t<a href=\"https:\/\/ucm.one\/en\/house-of-silence-by-simone-geissler-available-today-as-download-streaming\/\" title=\"\ud83c\udfac &#8220;House of Silence&#8221; by Simone Gei\u00dfler available today as download &#038; streaming\" rel=\"bookmark\">\ud83c\udfac &#8220;House of Silence&#8221; by Simone Gei\u00dfler available today as download &#038; streaming<\/a>\n\t<\/h3>\n\n\t<div class=\"entry-meta\"><span class=\"category-link\"><a href=\"https:\/\/ucm.one\/en\/category\/news-en\/film-en\/artkeim-en\/\" >Artkeim\u00b2<\/a>, <a href=\"https:\/\/ucm.one\/en\/category\/news-en\/film-en\/\" >Film<\/a>, <a href=\"https:\/\/ucm.one\/en\/category\/news-en\/media-distribution-en\/film-distribution-en\/\" >Film Distribution<\/a>, <a href=\"https:\/\/ucm.one\/en\/category\/news-en\/\" >News<\/a>, <a href=\"https:\/\/ucm.one\/en\/category\/news-en\/movie-distribution\/world-sales\/\" >World Sales<\/a><\/span><a class=\"author vcard\" href=\"\" title=\"View all posts by Joachim Keil\" rel=\"author\">By <span class=\"fn\">Joachim Keil<\/span><\/a><a href=\"https:\/\/ucm.one\/en\/2024\/04\/12\/\" title=\"00:26\" class=\"data-link\" rel=\"bookmark\"><time class=\"entry-date updated\" datetime=\"2024-04-12T00:26:50+00:00\">12. April 2024<\/time><\/a><\/div>\n\t<div class=\"entry-excerpt\"><p>[vc_row][vc_column width=&#8221;3\/4&#8243;][vc_row_inner][vc_column_inner][vc_column_text]The psychological thriller &#8220;Haus der Stille&#8221; by Simone Gei\u00dfler, which tells the story of a writer who not only wants to write a new bestseller on a secluded estate, but also wants to come to terms with her post-traumatic experiences, is available today as a digital download and stream on the Artkeim\u00b2 label.[\/vc_column_text][vc_column_text]The film&hellip;<\/p>\n<\/div>\n\t\n<a href=\"https:\/\/ucm.one\/en\/house-of-silence-by-simone-geissler-available-today-as-download-streaming\/\" class=\"post-details details-type-link\" aria-label=\"Read more about \ud83c\udfac &#8220;House of Silence&#8221; by Simone Gei\u00dfler available today as download &#038; streaming\">Read more<i class=\"dt-icon-the7-arrow-03\" aria-hidden=\"true\"><\/i><\/a>\n\n<\/div><\/article><\/div><div class=\"visible wf-cell\" data-post-id=\"101286\" data-date=\"2024-02-05T23:22:58+00:00\" data-name=\"\ud83c\udfac &quot;House of Silence&quot; by Simone Gei\u00dfler wins international festival awards\"><article class=\"post project-odd visible post-101286 type-post status-publish format-standard has-post-thumbnail hentry category-artkeim-en category-cinema category-film-en category-film-distribution-en category-news-en category-world-sales tag-aaron-thiesse-2 tag-artkeim-en tag-christiane-ostermayer-2 tag-cosma-dujat-2 tag-filipa-ekeroth-2 tag-haus-der-stille-2 tag-helga-riez-2 tag-house-of-silence tag-julia-dordel-2 tag-linda-matern-2 tag-luneburger-heide tag-lutz-scheffer-2 tag-simone-geissler-2 tag-stalking-2 category-570 category-1011 category-942 category-15326 category-941 category-7530\" data-name=\"\ud83c\udfac &#8220;House of Silence&#8221; by Simone Gei\u00dfler wins international festival awards\" data-date=\"2024-02-05T23:22:58+00:00\">\n\n<div class=\"post-thumbnail-wrap\">\n\t<div class=\"post-thumbnail\">\n\t\t\n\t\t\n\t\t<a href=\"https:\/\/ucm.one\/en\/house-of-silence-by-simone-geissler-wins-international-festival-awards\/\" class=\"post-thumbnail-rollover layzr-bg layzr-bg\" ><img decoding=\"async\" class=\"iso-lazy-load preload-me iso-lazy-load aspect\" src=\"data:image\/svg+xml,%3Csvg%20xmlns%3D&#39;http%3A%2F%2Fwww.w3.org%2F2000%2Fsvg&#39;%20viewBox%3D&#39;0%200%20990%20309&#39;%2F%3E\" data-src=\"https:\/\/ucm.one\/wp-content\/uploads\/2024\/02\/B-House-of-Silence-international-festivals-990x309.jpg\" data-srcset=\"https:\/\/ucm.one\/wp-content\/uploads\/2024\/02\/B-House-of-Silence-international-festivals-990x309.jpg 990w, https:\/\/ucm.one\/wp-content\/uploads\/2024\/02\/B-House-of-Silence-international-festivals-1485x464.jpg 1485w\" loading=\"eager\" style=\"--ratio: 990 \/ 309\" sizes=\"(max-width: 990px) 100vw, 990px\" alt=\"\" title=\"B House of Silence international festivals\" width=\"990\" height=\"309\"  \/><\/a>\t<\/div>\n<\/div>\n\n\n<div class=\"post-entry-content\">\n\n\t<h3 class=\"entry-title\">\n\t\t<a href=\"https:\/\/ucm.one\/en\/house-of-silence-by-simone-geissler-wins-international-festival-awards\/\" title=\"\ud83c\udfac &#8220;House of Silence&#8221; by Simone Gei\u00dfler wins international festival awards\" rel=\"bookmark\">\ud83c\udfac &#8220;House of Silence&#8221; by Simone Gei\u00dfler wins international festival awards<\/a>\n\t<\/h3>\n\n\t<div class=\"entry-meta\"><span class=\"category-link\"><a href=\"https:\/\/ucm.one\/en\/category\/news-en\/film-en\/artkeim-en\/\" >Artkeim\u00b2<\/a>, <a href=\"https:\/\/ucm.one\/en\/category\/news-en\/cinema\/\" >Cinema<\/a>, <a href=\"https:\/\/ucm.one\/en\/category\/news-en\/film-en\/\" >Film<\/a>, <a href=\"https:\/\/ucm.one\/en\/category\/news-en\/media-distribution-en\/film-distribution-en\/\" >Film Distribution<\/a>, <a href=\"https:\/\/ucm.one\/en\/category\/news-en\/\" >News<\/a>, <a href=\"https:\/\/ucm.one\/en\/category\/news-en\/movie-distribution\/world-sales\/\" >World Sales<\/a><\/span><a class=\"author vcard\" href=\"\" title=\"View all posts by Joachim Keil\" rel=\"author\">By <span class=\"fn\">Joachim Keil<\/span><\/a><a href=\"https:\/\/ucm.one\/en\/2024\/02\/05\/\" title=\"23:22\" class=\"data-link\" rel=\"bookmark\"><time class=\"entry-date updated\" datetime=\"2024-02-05T23:22:58+00:00\">5. February 2024<\/time><\/a><\/div>\n\t<div class=\"entry-excerpt\"><p>[vc_row][vc_column width=&#8221;3\/4&#8243;][vc_row_inner][vc_column_inner][vc_column_text] The thriller &#8220;House of Silence&#8221; by director and actress Simone Gei\u00dfler, which UCM.ONE is distributing worldwide on the arthouse label Artkeim\u00b2, won the prizes for Best First Time Director and Best Actress at the Milan Independent Awards in January 2024. [\/vc_column_text][vc_column_text]The award honours the achievements of Simone Gei\u00dfler, both as an author and&hellip;<\/p>\n<\/div>\n\t\n<a href=\"https:\/\/ucm.one\/en\/house-of-silence-by-simone-geissler-wins-international-festival-awards\/\" class=\"post-details details-type-link\" aria-label=\"Read more about \ud83c\udfac &#8220;House of Silence&#8221; by Simone Gei\u00dfler wins international festival awards\">Read more<i class=\"dt-icon-the7-arrow-03\" aria-hidden=\"true\"><\/i><\/a>\n\n<\/div><\/article><\/div><div class=\"hidden wf-cell\" data-post-id=\"99938\" data-date=\"2023-12-08T10:43:38+00:00\" data-name=\"\ud83c\udfac Thriller &quot;House of Silence&quot; celebrated its cinema premiere in front of a large audience in Berlin\"><article class=\"post project-odd visible post-99938 type-post status-publish format-standard has-post-thumbnail hentry category-artkeim-en category-cinema category-film-en category-film-distribution-en category-news-en category-world-sales tag-aaron-thiesse-2 tag-abuse tag-artkeim-en tag-christiane-ostermayer-2 tag-colosseum-filmtheater-2 tag-cosma-dujat-2 tag-filipa-ekeroth-2 tag-haus-der-stille-2 tag-helga-riez-2 tag-house-of-silence tag-julia-dordel-2 tag-kino-en tag-linda-matern-2 tag-luneburger-heide tag-lutz-scheffer-2 tag-rape tag-simone-geissler-2 tag-stalking-2 category-570 category-1011 category-942 category-15326 category-941 category-7530\" data-name=\"\ud83c\udfac Thriller &#8220;House of Silence&#8221; celebrated its cinema premiere in front of a large audience in Berlin\" data-date=\"2023-12-08T10:43:38+00:00\">\n\n<div class=\"post-thumbnail-wrap\">\n\t<div class=\"post-thumbnail\">\n\t\t\n\t\t\n\t\t<a href=\"https:\/\/ucm.one\/en\/thriller-house-of-silence-celebrated-its-cinema-premiere-in-front-of-a-large-audience-in-berlin\/\" class=\"post-thumbnail-rollover layzr-bg layzr-bg\" ><img decoding=\"async\" class=\"iso-lazy-load preload-me iso-lazy-load aspect\" src=\"data:image\/svg+xml,%3Csvg%20xmlns%3D&#39;http%3A%2F%2Fwww.w3.org%2F2000%2Fsvg&#39;%20viewBox%3D&#39;0%200%20990%20309&#39;%2F%3E\" data-src=\"https:\/\/ucm.one\/wp-content\/uploads\/2023\/12\/House-of-Silence-Premiere-1920x600-1-990x309.jpeg\" data-srcset=\"https:\/\/ucm.one\/wp-content\/uploads\/2023\/12\/House-of-Silence-Premiere-1920x600-1-990x309.jpeg 990w, https:\/\/ucm.one\/wp-content\/uploads\/2023\/12\/House-of-Silence-Premiere-1920x600-1-1485x464.jpeg 1485w\" loading=\"eager\" style=\"--ratio: 990 \/ 309\" sizes=\"(max-width: 990px) 100vw, 990px\" alt=\"\" title=\"House of Silence Premiere 1920&#215;600\" width=\"990\" height=\"309\"  \/><\/a>\t<\/div>\n<\/div>\n\n\n<div class=\"post-entry-content\">\n\n\t<h3 class=\"entry-title\">\n\t\t<a href=\"https:\/\/ucm.one\/en\/thriller-house-of-silence-celebrated-its-cinema-premiere-in-front-of-a-large-audience-in-berlin\/\" title=\"\ud83c\udfac Thriller &#8220;House of Silence&#8221; celebrated its cinema premiere in front of a large audience in Berlin\" rel=\"bookmark\">\ud83c\udfac Thriller &#8220;House of Silence&#8221; celebrated its cinema premiere in front of a large audience in Berlin<\/a>\n\t<\/h3>\n\n\t<div class=\"entry-meta\"><span class=\"category-link\"><a href=\"https:\/\/ucm.one\/en\/category\/news-en\/film-en\/artkeim-en\/\" >Artkeim\u00b2<\/a>, <a href=\"https:\/\/ucm.one\/en\/category\/news-en\/cinema\/\" >Cinema<\/a>, <a href=\"https:\/\/ucm.one\/en\/category\/news-en\/film-en\/\" >Film<\/a>, <a href=\"https:\/\/ucm.one\/en\/category\/news-en\/media-distribution-en\/film-distribution-en\/\" >Film Distribution<\/a>, <a href=\"https:\/\/ucm.one\/en\/category\/news-en\/\" >News<\/a>, <a href=\"https:\/\/ucm.one\/en\/category\/news-en\/movie-distribution\/world-sales\/\" >World Sales<\/a><\/span><a class=\"author vcard\" href=\"\" title=\"View all posts by Joachim Keil\" rel=\"author\">By <span class=\"fn\">Joachim Keil<\/span><\/a><a href=\"https:\/\/ucm.one\/en\/2023\/12\/08\/\" title=\"10:43\" class=\"data-link\" rel=\"bookmark\"><time class=\"entry-date updated\" datetime=\"2023-12-08T10:43:38+00:00\">8. December 2023<\/time><\/a><\/div>\n\t<div class=\"entry-excerpt\"><p>[vc_row][vc_column][vc_column_text] The thriller &#8220;House of Silence&#8221; (German original title: &#8220;Haus der Stille&#8220;) celebrated its cinema premiere in Berlin on the evening of 7 December 2023 at the traditional Berlin film theatre Colosseum in the Prenzlauer Berg district. In front of an almost sold-out auditorium, the interested audience followed the feature film directorial debut of writer,&hellip;<\/p>\n<\/div>\n\t\n<a href=\"https:\/\/ucm.one\/en\/thriller-house-of-silence-celebrated-its-cinema-premiere-in-front-of-a-large-audience-in-berlin\/\" class=\"post-details details-type-link\" aria-label=\"Read more about \ud83c\udfac Thriller &#8220;House of Silence&#8221; celebrated its cinema premiere in front of a large audience in Berlin\">Read more<i class=\"dt-icon-the7-arrow-03\" aria-hidden=\"true\"><\/i><\/a>\n\n<\/div><\/article><\/div><div class=\"hidden wf-cell\" data-post-id=\"99949\" data-date=\"2023-12-07T09:48:46+00:00\" data-name=\"\ud83c\udfac &quot;House of Silence&quot; by Simone Gei\u00dfler celebrates its cinema premiere at Berlin&#039;s Colosseum Filmtheater\"><article class=\"post project-odd visible post-99949 type-post status-publish format-standard has-post-thumbnail hentry category-artkeim-en category-cinema category-film-en category-film-distribution-en category-news-en category-world-sales tag-aaron-thiesse-2 tag-abuse-2 tag-artkeim-en tag-christiane-ostermayer-2 tag-colosseum-filmtheater-2 tag-cosma-dujat-2 tag-filipa-ekeroth-2 tag-haus-der-stille-2 tag-helga-riez-2 tag-house-of-silence tag-julia-dordel-2 tag-kino-en tag-linda-matern-2 tag-luneburger-heide tag-lutz-scheffer-2 tag-missbrauch-2 tag-rape-2 tag-simone-geissler-2 tag-stalking-2 tag-vergewaltigung-2 category-570 category-1011 category-942 category-15326 category-941 category-7530\" data-name=\"\ud83c\udfac &#8220;House of Silence&#8221; by Simone Gei\u00dfler celebrates its cinema premiere at Berlin&#8217;s Colosseum Filmtheater\" data-date=\"2023-12-07T09:48:46+00:00\">\n\n<div class=\"post-thumbnail-wrap\">\n\t<div class=\"post-thumbnail\">\n\t\t\n\t\t\n\t\t<a href=\"https:\/\/ucm.one\/en\/house-of-silence-by-simone-geissler-celebrates-its-cinema-premiere-at-berlins-colosseum-filmtheater\/\" class=\"post-thumbnail-rollover layzr-bg layzr-bg\" ><img decoding=\"async\" class=\"iso-lazy-load preload-me iso-lazy-load aspect\" src=\"data:image\/svg+xml,%3Csvg%20xmlns%3D&#39;http%3A%2F%2Fwww.w3.org%2F2000%2Fsvg&#39;%20viewBox%3D&#39;0%200%20990%20309&#39;%2F%3E\" data-src=\"https:\/\/ucm.one\/wp-content\/uploads\/2023\/12\/House-of-Silence-Banner-Artwork-990x309.jpeg\" data-srcset=\"https:\/\/ucm.one\/wp-content\/uploads\/2023\/12\/House-of-Silence-Banner-Artwork-990x309.jpeg 990w, https:\/\/ucm.one\/wp-content\/uploads\/2023\/12\/House-of-Silence-Banner-Artwork-1485x464.jpeg 1485w\" loading=\"eager\" style=\"--ratio: 990 \/ 309\" sizes=\"(max-width: 990px) 100vw, 990px\" alt=\"\" title=\"House of Silence Banner Artwork\" width=\"990\" height=\"309\"  \/><\/a>\t<\/div>\n<\/div>\n\n\n<div class=\"post-entry-content\">\n\n\t<h3 class=\"entry-title\">\n\t\t<a href=\"https:\/\/ucm.one\/en\/house-of-silence-by-simone-geissler-celebrates-its-cinema-premiere-at-berlins-colosseum-filmtheater\/\" title=\"\ud83c\udfac &#8220;House of Silence&#8221; by Simone Gei\u00dfler celebrates its cinema premiere at Berlin&#8217;s Colosseum Filmtheater\" rel=\"bookmark\">\ud83c\udfac &#8220;House of Silence&#8221; by Simone Gei\u00dfler celebrates its cinema premiere at Berlin&#8217;s Colosseum Filmtheater<\/a>\n\t<\/h3>\n\n\t<div class=\"entry-meta\"><span class=\"category-link\"><a href=\"https:\/\/ucm.one\/en\/category\/news-en\/film-en\/artkeim-en\/\" >Artkeim\u00b2<\/a>, <a href=\"https:\/\/ucm.one\/en\/category\/news-en\/cinema\/\" >Cinema<\/a>, <a href=\"https:\/\/ucm.one\/en\/category\/news-en\/film-en\/\" >Film<\/a>, <a href=\"https:\/\/ucm.one\/en\/category\/news-en\/media-distribution-en\/film-distribution-en\/\" >Film Distribution<\/a>, <a href=\"https:\/\/ucm.one\/en\/category\/news-en\/\" >News<\/a>, <a href=\"https:\/\/ucm.one\/en\/category\/news-en\/movie-distribution\/world-sales\/\" >World Sales<\/a><\/span><a class=\"author vcard\" href=\"\" title=\"View all posts by Joachim Keil\" rel=\"author\">By <span class=\"fn\">Joachim Keil<\/span><\/a><a href=\"https:\/\/ucm.one\/en\/2023\/12\/07\/\" title=\"09:48\" class=\"data-link\" rel=\"bookmark\"><time class=\"entry-date updated\" datetime=\"2023-12-07T09:48:46+00:00\">7. December 2023<\/time><\/a><\/div>\n\t<div class=\"entry-excerpt\"><p>[vc_row][vc_column width=&#8221;3\/4&#8243;][vc_row_inner][vc_column_inner][vc_column_text] Today, the thriller &#8220;House of Silence&#8221; (German original title: &#8220;Haus der Stille&#8220;) by Simone Gei\u00dfler celebrates its cinema premiere in Berlin&#8217;s traditional Colosseum Filmtheater. Simone Gei\u00dfler, who acts in several roles in her feature film debut, as screenwriter, director, producer and leading actress, will answer questions from the interested audience in a film&hellip;<\/p>\n<\/div>\n\t\n<a href=\"https:\/\/ucm.one\/en\/house-of-silence-by-simone-geissler-celebrates-its-cinema-premiere-at-berlins-colosseum-filmtheater\/\" class=\"post-details details-type-link\" aria-label=\"Read more about \ud83c\udfac &#8220;House of Silence&#8221; by Simone Gei\u00dfler celebrates its cinema premiere at Berlin&#8217;s Colosseum Filmtheater\">Read more<i class=\"dt-icon-the7-arrow-03\" aria-hidden=\"true\"><\/i><\/a>\n\n<\/div><\/article><\/div><div class=\"hidden wf-cell\" data-post-id=\"99490\" data-date=\"2023-11-28T23:41:52+00:00\" data-name=\"\ud83c\udfac &quot;House of Silence&quot; by Simone Gei\u00dfler opens in cinemas nationwide on December 7, 2023\"><article class=\"post project-odd visible post-99490 type-post status-publish format-standard has-post-thumbnail hentry category-artkeim-en category-cinema category-film-en category-film-distribution-en category-news-en category-world-sales tag-aaron-thiesse-2 tag-abuse tag-artkeim-en tag-christiane-ostermayer-2 tag-cosma-dujat-2 tag-filipa-ekeroth-2 tag-haus-der-stille-2 tag-helga-riez-2 tag-house-of-silence tag-julia-dordel-2 tag-kino-en tag-linda-matern-2 tag-luneburger-heide tag-lutz-scheffer-2 tag-rape tag-simone-geissler-2 tag-stalking-2 category-570 category-1011 category-942 category-15326 category-941 category-7530\" data-name=\"\ud83c\udfac &#8220;House of Silence&#8221; by Simone Gei\u00dfler opens in cinemas nationwide on December 7, 2023\" data-date=\"2023-11-28T23:41:52+00:00\">\n\n<div class=\"post-thumbnail-wrap\">\n\t<div class=\"post-thumbnail\">\n\t\t\n\t\t\n\t\t<a href=\"https:\/\/ucm.one\/en\/house-of-silence-by-simone-geissler-opens-in-cinemas-nationwide-on-december-7-2023\/\" class=\"post-thumbnail-rollover layzr-bg layzr-bg\" ><img decoding=\"async\" class=\"iso-lazy-load preload-me iso-lazy-load aspect\" src=\"data:image\/svg+xml,%3Csvg%20xmlns%3D&#39;http%3A%2F%2Fwww.w3.org%2F2000%2Fsvg&#39;%20viewBox%3D&#39;0%200%20990%20309&#39;%2F%3E\" data-src=\"https:\/\/ucm.one\/wp-content\/uploads\/2023\/11\/House-of-Silence-Kinostart-Banner-Artwork-990x309.jpeg\" data-srcset=\"https:\/\/ucm.one\/wp-content\/uploads\/2023\/11\/House-of-Silence-Kinostart-Banner-Artwork-990x309.jpeg 990w, https:\/\/ucm.one\/wp-content\/uploads\/2023\/11\/House-of-Silence-Kinostart-Banner-Artwork-1485x464.jpeg 1485w\" loading=\"eager\" style=\"--ratio: 990 \/ 309\" sizes=\"(max-width: 990px) 100vw, 990px\" alt=\"\" title=\"House of Silence Kinostart Banner Artwork\" width=\"990\" height=\"309\"  \/><\/a>\t<\/div>\n<\/div>\n\n\n<div class=\"post-entry-content\">\n\n\t<h3 class=\"entry-title\">\n\t\t<a href=\"https:\/\/ucm.one\/en\/house-of-silence-by-simone-geissler-opens-in-cinemas-nationwide-on-december-7-2023\/\" title=\"\ud83c\udfac &#8220;House of Silence&#8221; by Simone Gei\u00dfler opens in cinemas nationwide on December 7, 2023\" rel=\"bookmark\">\ud83c\udfac &#8220;House of Silence&#8221; by Simone Gei\u00dfler opens in cinemas nationwide on December 7, 2023<\/a>\n\t<\/h3>\n\n\t<div class=\"entry-meta\"><span class=\"category-link\"><a href=\"https:\/\/ucm.one\/en\/category\/news-en\/film-en\/artkeim-en\/\" >Artkeim\u00b2<\/a>, <a href=\"https:\/\/ucm.one\/en\/category\/news-en\/cinema\/\" >Cinema<\/a>, <a href=\"https:\/\/ucm.one\/en\/category\/news-en\/film-en\/\" >Film<\/a>, <a href=\"https:\/\/ucm.one\/en\/category\/news-en\/media-distribution-en\/film-distribution-en\/\" >Film Distribution<\/a>, <a href=\"https:\/\/ucm.one\/en\/category\/news-en\/\" >News<\/a>, <a href=\"https:\/\/ucm.one\/en\/category\/news-en\/movie-distribution\/world-sales\/\" >World Sales<\/a><\/span><a class=\"author vcard\" href=\"\" title=\"View all posts by Joachim Keil\" rel=\"author\">By <span class=\"fn\">Joachim Keil<\/span><\/a><a href=\"https:\/\/ucm.one\/en\/2023\/11\/28\/\" title=\"23:41\" class=\"data-link\" rel=\"bookmark\"><time class=\"entry-date updated\" datetime=\"2023-11-28T23:41:52+00:00\">28. November 2023<\/time><\/a><\/div>\n\t<div class=\"entry-excerpt\"><p>[vc_row][vc_column width=&#8221;3\/4&#8243;][vc_row_inner][vc_column_inner][vc_column_text] UCM.ONE will release the film &#8220;House of Silence&#8221; (German title: &#8220;Haus der Stille&#8220;, which was directed and directed by Simone Gei\u00dfler, in German cinemas nationwide on December 7, 2023 on the film label Artkeim\u00b2. [\/vc_column_text][vc_column_text]The film tells the story of a successful author, Sorel Malkow (Simone Gei\u00dfler), who retreats to the L\u00fcneburg Heath&hellip;<\/p>\n<\/div>\n\t\n<a href=\"https:\/\/ucm.one\/en\/house-of-silence-by-simone-geissler-opens-in-cinemas-nationwide-on-december-7-2023\/\" class=\"post-details details-type-link\" aria-label=\"Read more about \ud83c\udfac &#8220;House of Silence&#8221; by Simone Gei\u00dfler opens in cinemas nationwide on December 7, 2023\">Read more<i class=\"dt-icon-the7-arrow-03\" aria-hidden=\"true\"><\/i><\/a>\n\n<\/div><\/article><\/div><div class=\"hidden wf-cell\" data-post-id=\"97905\" data-date=\"2023-10-17T22:30:43+00:00\" data-name=\"\ud83c\udfac Two World Premieres at the Hof Film Festival: &quot;Survival in Brandenburg&quot; and &quot;House of Silence\"><article class=\"post project-odd visible post-97905 type-post status-publish format-standard has-post-thumbnail hentry category-cinema category-darling-berlin category-film-en category-movie-distribution category-news-en tag-darling-berlin-en tag-haus-der-stille-2 tag-hofer-filmtage-2 tag-hofer-filmtage-en tag-house-of-silence tag-premiere-en tag-simone-geissler-2 tag-survival-in-brandenburg tag-uberleben-in-brandenburg tag-zoltan-paul-en category-1011 category-22 category-942 category-4630 category-941\" data-name=\"\ud83c\udfac Two World Premieres at the Hof Film Festival: &#8220;Survival in Brandenburg&#8221; and &#8220;House of Silence\" data-date=\"2023-10-17T22:30:43+00:00\">\n\n<div class=\"post-thumbnail-wrap\">\n\t<div class=\"post-thumbnail\">\n\t\t\n\t\t\n\t\t<a href=\"https:\/\/ucm.one\/en\/two-world-premieres-at-the-hof-film-festival-survival-in-brandenburg-and-house-of-silence\/\" class=\"post-thumbnail-rollover layzr-bg layzr-bg\" ><img decoding=\"async\" class=\"iso-lazy-load preload-me iso-lazy-load aspect\" src=\"data:image\/svg+xml,%3Csvg%20xmlns%3D&#39;http%3A%2F%2Fwww.w3.org%2F2000%2Fsvg&#39;%20viewBox%3D&#39;0%200%20990%20309&#39;%2F%3E\" data-src=\"https:\/\/ucm.one\/wp-content\/uploads\/2023\/10\/Zwei-Weltpremieren-Hofer-Filmtage-1920x600-1-990x309.jpeg\" data-srcset=\"https:\/\/ucm.one\/wp-content\/uploads\/2023\/10\/Zwei-Weltpremieren-Hofer-Filmtage-1920x600-1-990x309.jpeg 990w, https:\/\/ucm.one\/wp-content\/uploads\/2023\/10\/Zwei-Weltpremieren-Hofer-Filmtage-1920x600-1-1485x464.jpeg 1485w\" loading=\"eager\" style=\"--ratio: 990 \/ 309\" sizes=\"(max-width: 990px) 100vw, 990px\" alt=\"\" title=\"Zwei Weltpremieren Hofer Filmtage 1920&#215;600\" width=\"990\" height=\"309\"  \/><\/a>\t<\/div>\n<\/div>\n\n\n<div class=\"post-entry-content\">\n\n\t<h3 class=\"entry-title\">\n\t\t<a href=\"https:\/\/ucm.one\/en\/two-world-premieres-at-the-hof-film-festival-survival-in-brandenburg-and-house-of-silence\/\" title=\"\ud83c\udfac Two World Premieres at the Hof Film Festival: &#8220;Survival in Brandenburg&#8221; and &#8220;House of Silence\" rel=\"bookmark\">\ud83c\udfac Two World Premieres at the Hof Film Festival: &#8220;Survival in Brandenburg&#8221; and &#8220;House of Silence<\/a>\n\t<\/h3>\n\n\t<div class=\"entry-meta\"><span class=\"category-link\"><a href=\"https:\/\/ucm.one\/en\/category\/news-en\/cinema\/\" >Cinema<\/a>, <a href=\"https:\/\/ucm.one\/en\/category\/news-en\/film-en\/darling-berlin\/\" >Darling Berlin<\/a>, <a href=\"https:\/\/ucm.one\/en\/category\/news-en\/film-en\/\" >Film<\/a>, <a href=\"https:\/\/ucm.one\/en\/category\/news-en\/movie-distribution\/\" >Movie Distribution<\/a>, <a href=\"https:\/\/ucm.one\/en\/category\/news-en\/\" >News<\/a><\/span><a class=\"author vcard\" href=\"\" title=\"View all posts by Joachim Keil\" rel=\"author\">By <span class=\"fn\">Joachim Keil<\/span><\/a><a href=\"https:\/\/ucm.one\/en\/2023\/10\/17\/\" title=\"22:30\" class=\"data-link\" rel=\"bookmark\"><time class=\"entry-date updated\" datetime=\"2023-10-17T22:30:43+00:00\">17. October 2023<\/time><\/a><\/div>\n\t<div class=\"entry-excerpt\"><p>[vc_row][vc_column][vc_column_text]On Thursday, October 26, two new films from the Darling Berlin label will be presented for the first time at the Hof Film Festival: &#8220;Haus der Stille&#8221; by Simone Geissler and &#8220;\u00dcberleben in Brandenburg&#8221; by Zoltan Paul.[\/vc_column_text][\/vc_column][\/vc_row][vc_row][vc_column][vc_single_image image=&#8221;97890&#8243; img_size=&#8221;full&#8221;][vc_column_text]&#8221;Haus der Stille&#8221; (English translation &#8220;House of Silence&#8221;), directed and performed by Simone Geissler, tells the dramatic&hellip;<\/p>\n<\/div>\n\t\n<a href=\"https:\/\/ucm.one\/en\/two-world-premieres-at-the-hof-film-festival-survival-in-brandenburg-and-house-of-silence\/\" class=\"post-details details-type-link\" aria-label=\"Read more about \ud83c\udfac Two World Premieres at the Hof Film Festival: &#8220;Survival in Brandenburg&#8221; and &#8220;House of Silence\">Read more<i class=\"dt-icon-the7-arrow-03\" aria-hidden=\"true\"><\/i><\/a>\n\n<\/div><\/article><\/div><\/div><!-- iso-container|iso-grid --><div class=\"paginator paginator-more-button\">\n\t\t\t\t<a class=\"button-load-more \" href=\"javascript:void(0);\" data-dt-page=\"1\" ><span class=\"stick\"><\/span><span class=\"stick\"><\/span><span class=\"stick\"><\/span><span class=\"button-caption\">Load more<\/span><\/a>\n\t\t\t<\/div><\/div>[\/vc_tta_section][\/vc_tta_accordion][vc_separator][\/vc_column][\/vc_row][vc_row css=&#8221;.vc_custom_1704974670061{padding-top: 80px !important;}&#8221; el_id=&#8221;sharknado-more-sharks-more-nado&#8221;][vc_column width=&#8221;1\/4&#8243; offset=&#8221;vc_col-lg-offset-0 vc_col-md-offset-0 vc_col-sm-offset-0&#8243;]<style type=\"text\/css\" data-type=\"the7_shortcodes-inline-css\">.gallery-carousel-shortcode.gallery-carousel-shortcode-id-db88712e4bdc5125188477c5a7840926.owl-carousel .owl-nav div {\n  width: 36px;\n  height: 36px;\n  border-radius: 500px;\n}\n.dt-arrow-border-on.gallery-carousel-shortcode.gallery-carousel-shortcode-id-db88712e4bdc5125188477c5a7840926.owl-carousel .owl-nav div:not(:hover):before {\n  border-width: 0px;\n}\n.dt-arrow-hover-border-on.gallery-carousel-shortcode.gallery-carousel-shortcode-id-db88712e4bdc5125188477c5a7840926.owl-carousel .owl-nav div:hover:after {\n  border-width: 0px;\n}\n.gallery-carousel-shortcode.gallery-carousel-shortcode-id-db88712e4bdc5125188477c5a7840926.owl-carousel .owl-nav div.owl-prev {\n  top: 50%;\n  transform: translateY(calc(-50% + 0px));\n  left: -43px;\n}\n@media all and (-ms-high-contrast: none) {\n  .gallery-carousel-shortcode.gallery-carousel-shortcode-id-db88712e4bdc5125188477c5a7840926.owl-carousel .owl-nav div.owl-prev {\n    transform: translateY(-50%);\n    margin-top: 0px;\n  }\n}\n.gallery-carousel-shortcode.gallery-carousel-shortcode-id-db88712e4bdc5125188477c5a7840926.owl-carousel .owl-nav div.owl-prev i {\n  padding: 0px 0px 0px 0px;\n}\n.gallery-carousel-shortcode.gallery-carousel-shortcode-id-db88712e4bdc5125188477c5a7840926.owl-carousel .owl-nav div.owl-next {\n  top: 50%;\n  transform: translateY(calc(-50% + 0px));\n  right: -43px;\n}\n@media all and (-ms-high-contrast: none) {\n  .gallery-carousel-shortcode.gallery-carousel-shortcode-id-db88712e4bdc5125188477c5a7840926.owl-carousel .owl-nav div.owl-next {\n    transform: translateY(-50%);\n    margin-top: 0px;\n  }\n}\n.gallery-carousel-shortcode.gallery-carousel-shortcode-id-db88712e4bdc5125188477c5a7840926.owl-carousel .owl-nav div.owl-next i {\n  padding: 0px 0px 0px 0px;\n}\n.gallery-carousel-shortcode.gallery-carousel-shortcode-id-db88712e4bdc5125188477c5a7840926.owl-carousel .owl-nav i {\n  font-size: 18px;\n}\n.gallery-carousel-shortcode.gallery-carousel-shortcode-id-db88712e4bdc5125188477c5a7840926.owl-carousel .owl-nav div:not(:hover) i,\n.gallery-carousel-shortcode.gallery-carousel-shortcode-id-db88712e4bdc5125188477c5a7840926.owl-carousel .owl-nav div:not(:hover) i:before {\n  color: #ffffff;\n  background: none;\n}\n.gallery-carousel-shortcode.gallery-carousel-shortcode-id-db88712e4bdc5125188477c5a7840926.owl-carousel .owl-nav div:hover i,\n.gallery-carousel-shortcode.gallery-carousel-shortcode-id-db88712e4bdc5125188477c5a7840926.owl-carousel .owl-nav div:hover i:before {\n  color: rgba(255,255,255,0.75);\n  background: none;\n}\n.gallery-carousel-shortcode.gallery-carousel-shortcode-id-db88712e4bdc5125188477c5a7840926 .owl-dots {\n  top: calc(100% + 20px);\n  left: 50%;\n  transform: translateX(calc(-50% + 0px));\n}\n@media all and (-ms-high-contrast: none) {\n  .gallery-carousel-shortcode.gallery-carousel-shortcode-id-db88712e4bdc5125188477c5a7840926 .owl-dots {\n    transform: translateX(-50%);\n    margin-left: 0px;\n  }\n}\n.gallery-carousel-shortcode.gallery-carousel-shortcode-id-db88712e4bdc5125188477c5a7840926 .owl-dot {\n  width: 10px;\n  height: 10px;\n  margin: 0 8px;\n}\n@media screen and (max-width: 778px) {\n  .gallery-carousel-shortcode.gallery-carousel-shortcode-id-db88712e4bdc5125188477c5a7840926.hide-arrows .owl-nav a {\n    display: none;\n  }\n}\n@media screen and (max-width: 778px) {\n  .gallery-carousel-shortcode.gallery-carousel-shortcode-id-db88712e4bdc5125188477c5a7840926.reposition-arrows .owl-nav div.owl-prev {\n    top: 50%;\n    transform: translateY(calc(-50% + 0px));\n    left: 10px;\n  }\n  .gallery-carousel-shortcode.gallery-carousel-shortcode-id-db88712e4bdc5125188477c5a7840926.reposition-arrows .owl-nav div.owl-next {\n    top: 50%;\n    transform: translateY(calc(-50% + 0px));\n    right: 10px;\n  }\n}\n@media screen and (max-width: 778px) and all and (-ms-high-contrast: none) {\n  .gallery-carousel-shortcode.gallery-carousel-shortcode-id-db88712e4bdc5125188477c5a7840926.reposition-arrows .owl-nav div.owl-prev {\n    transform: translateY(-50%);\n    margin-top: 0px;\n  }\n}\n@media screen and (max-width: 778px) and all and (-ms-high-contrast: none) {\n  .gallery-carousel-shortcode.gallery-carousel-shortcode-id-db88712e4bdc5125188477c5a7840926.reposition-arrows .owl-nav div.owl-next {\n    transform: translateY(-50%);\n    margin-top: 0px;\n  }\n}\n.gallery-carousel-shortcode.gallery-carousel-shortcode-id-db88712e4bdc5125188477c5a7840926 figure,\n.gallery-carousel-shortcode.gallery-carousel-shortcode-id-db88712e4bdc5125188477c5a7840926 .rollover,\n.gallery-carousel-shortcode.gallery-carousel-shortcode-id-db88712e4bdc5125188477c5a7840926 img,\n.gallery-carousel-shortcode.gallery-carousel-shortcode-id-db88712e4bdc5125188477c5a7840926 .gallery-rollover {\n  border-radius: 0px;\n}\n.gallery-carousel-shortcode.gallery-carousel-shortcode-id-db88712e4bdc5125188477c5a7840926.enable-bg-rollover .gallery-rollover {\n  background: -webkit-linear-gradient();\n  background: linear-gradient();\n}\n.gallery-carousel-shortcode.gallery-carousel-shortcode-id-db88712e4bdc5125188477c5a7840926.enable-img-shadow .owl-stage-outer {\n  padding: 6px 0;\n}\n.gallery-carousel-shortcode.gallery-carousel-shortcode-id-db88712e4bdc5125188477c5a7840926.enable-bg-rollover.hover-scale figure .rollover:after {\n  background: -webkit-linear-gradient();\n  background: linear-gradient();\n}\n.gallery-carousel-shortcode.gallery-carousel-shortcode-id-db88712e4bdc5125188477c5a7840926.gallery-shortcode .gallery-zoom-ico {\n  width: 44px;\n  height: 44px;\n  line-height: 44px;\n  border-radius: 100px;\n  margin: -22px 0 0 -22px;\n  border-width: 0px;\n}\n.dt-icon-bg-on.gallery-carousel-shortcode.gallery-carousel-shortcode-id-db88712e4bdc5125188477c5a7840926.gallery-shortcode .gallery-zoom-ico {\n  background: rgba(255,255,255,0.3);\n  box-shadow: none;\n}\n.gallery-carousel-shortcode.gallery-carousel-shortcode-id-db88712e4bdc5125188477c5a7840926.gallery-shortcode .gallery-zoom-ico:before,\n.gallery-carousel-shortcode.gallery-carousel-shortcode-id-db88712e4bdc5125188477c5a7840926.gallery-shortcode .gallery-zoom-ico span {\n  font-size: 32px;\n  line-height: 44px;\n  color: #ffffff;\n  background: none;\n}<\/style><div class=\"owl-carousel gallery-carousel-shortcode gallery-shortcode  dt-gallery-container dt-owl-carousel-call gallery-carousel-shortcode-id-db88712e4bdc5125188477c5a7840926 quick-scale-img enable-bg-rollover meta-info-off dt-arrow-border-on dt-arrow-hover-border-on bullets-small-dot-stroke reposition-arrows dt-icon-bg-off arrows-bg-on disable-arrows-hover-bg arrows-hover-bg-on  hover-fade \" data-scroll-mode=\"page\" data-col-num=\"1\" data-wide-col-num=\"1\" data-laptop-col=\"1\" data-h-tablet-columns-num=\"1\" data-v-tablet-columns-num=\"1\" data-phone-columns-num=\"1\" data-col-gap=\"2\" data-stage-padding=\"1\" data-speed=\"300\" data-autoplay=\"true\" data-autoplay_speed=\"5000\" data-arrows=\"false\" data-bullet=\"false\" data-next-icon=\"icon-ar-017-r\" data-prev-icon=\"icon-ar-017-l\" data-img-shadow-size=\"12px\" data-img-shadow-spread=\"3px\"><div data-post-id=\"97621\" data-date=\"2023-10-16T20:34:31+00:00\" data-name=\"P Sharknado 2023-2\"><figure class=\"post\"><a href=\"https:\/\/ucm.one\/wp-content\/uploads\/2023\/10\/P-Sharknado-2023-2.jpg\" class=\"rollover dt-pswp-item layzr-bg\" data-large_image_width=\"699\" data-large_image_height=\"1000\" data-dt-img-description=\"\" title=\"P Sharknado 2023-2\"><img decoding=\"async\" class=\"preload-me owl-lazy-load aspect\" src=\"data:image\/svg+xml,%3Csvg%20xmlns%3D&#39;http%3A%2F%2Fwww.w3.org%2F2000%2Fsvg&#39;%20viewBox%3D&#39;0%200%20699%201000&#39;%2F%3E\" data-src=\"https:\/\/ucm.one\/wp-content\/uploads\/2023\/10\/P-Sharknado-2023-2.jpg\" data-srcset=\"https:\/\/ucm.one\/wp-content\/uploads\/2023\/10\/P-Sharknado-2023-2.jpg 699w\" loading=\"eager\" style=\"--ratio: 699 \/ 1000\" sizes=\"(max-width: 699px) 100vw, 699px\" alt=\"\" width=\"699\" height=\"1000\"  \/><span class=\"gallery-rollover\"><\/span><\/a><\/figure><\/div><div data-post-id=\"97619\" data-date=\"2023-10-16T20:34:05+00:00\" data-name=\"P Sharknado 2023-1\"><figure class=\"post\"><a href=\"https:\/\/ucm.one\/wp-content\/uploads\/2023\/10\/P-Sharknado-2023-1-.jpg\" class=\"rollover dt-pswp-item layzr-bg\" data-large_image_width=\"699\" data-large_image_height=\"1000\" data-dt-img-description=\"\" title=\"P Sharknado 2023-1\"><img decoding=\"async\" class=\"preload-me owl-lazy-load aspect\" src=\"data:image\/svg+xml,%3Csvg%20xmlns%3D&#39;http%3A%2F%2Fwww.w3.org%2F2000%2Fsvg&#39;%20viewBox%3D&#39;0%200%20699%201000&#39;%2F%3E\" data-src=\"https:\/\/ucm.one\/wp-content\/uploads\/2023\/10\/P-Sharknado-2023-1-.jpg\" data-srcset=\"https:\/\/ucm.one\/wp-content\/uploads\/2023\/10\/P-Sharknado-2023-1-.jpg 699w\" loading=\"eager\" style=\"--ratio: 699 \/ 1000\" sizes=\"(max-width: 699px) 100vw, 699px\" alt=\"\" width=\"699\" height=\"1000\"  \/><span class=\"gallery-rollover\"><\/span><\/a><\/figure><\/div><\/div>[vc_empty_space][\/vc_column][vc_column width=&#8221;3\/4&#8243;][vc_column_text]<\/p>\n<h2>Sharknado \u2013 More Sharks, More \u2018Nado! <span style=\"font-size: 10pt;\">(10th Anniversary 4K Edition)<\/span><\/h2>\n<h3><span style=\"font-family: arial, helvetica, sans-serif;\">by <\/span><span lang=\"EN-US\">Anthony C. Ferrante<\/span><\/h3>\n<div class=\"wpb_text_column wpb_content_element \">\n<div class=\"wpb_wrapper\">\n<div class=\"wpb_text_column wpb_content_element \">\n<div class=\"wpb_wrapper\">\n<div class=\"wpb_text_column wpb_content_element vc_custom_1681339038108\">\n<div class=\"wpb_wrapper\">\n<p>A gigantic hurricane that has caught a school of sharks off the Californian coast and blown them up with it is heading for Los Angeles. Fin (Ian Ziering), the owner of a surf bar on Long Beach, watches in horror as the storm and an almost incessant rain of gigantic sharks destroy his lifelong dream. Together with his best friend Baz (Jaason Simmons), his girlfriend (Cassie Scerbo) and the old drunk George (John Heard), he sets out armed with chainsaws and shotguns to protect his ex-wife April (Tara Reid) and his two children from these flying eating machines. But this is a hopeless endeavour, as the storm has also pushed the seawater into the city and the group must now also protect themselves from the sharks swimming through the flooded streets.<\/p>\n<p>He&#8217;s back! Probably the most successful trash film of the last decade in a remastered, optimised version for the first time in 4K: More Sharks, More &#8216;Nado!<\/p>\n<\/div>\n<\/div>\n<\/div>\n<\/div>\n<\/div>\n<\/div>\n<div class=\"wpb_text_column wpb_content_element \">\n<div class=\"wpb_wrapper\">\n<h3><span style=\"font-family: arial, helvetica, sans-serif;\">Theatrical release: November 16, 2023<\/span><\/h3>\n<\/div>\n<\/div>\n<p>[\/vc_column_text][vc_column_text]<span style=\"color: #999999;\"><em>Available via <span style=\"font-family: 'arial black', sans-serif;\"><strong>UCM.ONE <\/strong><\/span><\/em><em>in<\/em>\u00a0<em>Germany, Austria &amp; Switzerland.<\/em><\/span>[\/vc_column_text][\/vc_column][\/vc_row][vc_row][vc_column width=&#8221;5\/6&#8243;][vc_column_text]M-Square Pictures | 2023 | Action, Horror, Comedy | USA | Original title: \u201c<a title=\"Sharknado \u2013 More Sharks, More \u2018Nado!\" href=\"https:\/\/ucm.one\/en\/sharknado-more-sharks-more-nado\/\">Sharknado \u2013 More Sharks, More \u2018Nado!<\/a>\u201c[\/vc_column_text][\/vc_column][vc_column width=&#8221;1\/6&#8243;][vc_btn title=&#8221;Press Material&#8221; size=&#8221;xs&#8221; align=&#8221;center&#8221; i_icon_fontawesome=&#8221;fas fa-download&#8221; button_block=&#8221;true&#8221; add_icon=&#8221;true&#8221; link=&#8221;url:https%3A%2F%2Fwww.ucm.one%2Fpresse%2Fms_sharknado_msmn.zip|title:Sharknado%20Press%20Material|rel:nofollow&#8221;][\/vc_column][\/vc_row][vc_row][vc_column][vc_tta_accordion style=&#8221;modern&#8221; shape=&#8221;square&#8221; c_icon=&#8221;chevron&#8221; active_section=&#8221;33&#8243; no_fill=&#8221;true&#8221; collapsible_all=&#8221;true&#8221;][vc_tta_section title=&#8221;More information&#8221; tab_id=&#8221;1704973818096-4d22e0ea-c47f&#8221;][vc_column_text]<\/p>\n<div class=\"wpb_text_column wpb_content_element \">\n<div class=\"wpb_wrapper\">\n<div class=\"wpb_text_column wpb_content_element \">\n<div class=\"wpb_wrapper\">\n<div>\n<div>\n<div class=\"wpb_text_column wpb_content_element \">\n<div class=\"wpb_wrapper\">\n<div class=\"wpb_text_column wpb_content_element \">\n<div class=\"wpb_wrapper\">\n<div class=\"wpb_text_column wpb_content_element \">\n<div class=\"wpb_wrapper\">\n<div class=\"wpb_text_column wpb_content_element \">\n<div class=\"wpb_wrapper\">\n<div><strong>Title:<\/strong>\u00a0Sharknado \u2013 More Sharks, More \u2018Nado! (10th Anniversary Edition)<\/div>\n<div><strong>Director:<\/strong>\u00a0Anthony C. Ferrante<\/div>\n<div><strong>Screenplay:<\/strong>\u00a0Thunder Levin<\/div>\n<div><strong>Producer:<\/strong>\u00a0David Michael Latt<\/div>\n<div><strong>Actors:<\/strong>\u00a0Ian Ziering, Tara Reid, John Heard, Cassandra Scerbo, Jaason Simmons, Alex Arleo, Marcus Choi, Israel S\u00e1ez de Miguel, Tiffany Cole, Trish Coren, Charles Hittinger, Aubrey Peeples, Michael Teh, Connor Weil, Christopher Wolfe, Steve Moulton, Robbie Rist, David Bittick David Bittick, Derek Caldwell, Adrian Bustamante<\/div>\n<div><strong>Genres:<\/strong> Action, Horror, Comedy<\/div>\n<div><strong>Country:<\/strong>\u00a0USA<\/div>\n<div><strong>Year of production:<\/strong> 2013 (new 4K-Version \u201cMore Sharks, More \u2018Nado\u201d: 2023)<\/div>\n<div><strong>Rating: <\/strong>FSK 16<\/div>\n<\/div>\n<\/div>\n<div class=\"vc_separator wpb_content_element vc_separator_align_center vc_sep_width_100 vc_sep_pos_align_center vc_separator_no_text\"><\/div>\n<\/div>\n<\/div>\n<\/div>\n<\/div>\n<\/div>\n<\/div>\n<\/div>\n<\/div>\n<p>All information about the movie:\u00a0<a title=\"Sharknado - More Sharks, More 'Nado!\" href=\"https:\/\/ucm.one\/en\/sharknado-more-sharks-more-nado\/\">Sharknado &#8211; More Sharks, More &#8216;Nado!<\/a><\/p>\n<p>&nbsp;<\/p>\n<\/div>\n<\/div>\n<\/div>\n<\/div>\n<p>[\/vc_column_text][\/vc_tta_section][vc_tta_section title=&#8221;Trailer&#8221; tab_id=&#8221;1704973818159-45cfe496-3163&#8243;][vc_video link=&#8221;https:\/\/www.youtube.com\/watch?v=eJXQW23cZlI&#8221;][\/vc_tta_section][vc_tta_section title=&#8221;News&#8221; tab_id=&#8221;1704973818230-bf51a98c-e8c5&#8243;]<style type=\"text\/css\" data-type=\"the7_shortcodes-inline-css\">.blog-shortcode.blog-masonry-shortcode-id-b12030ee59f0c67807a79d7fec7401bf.content-bg-on.classic-layout-list article {\n  background: #e6e6e6;\n  box-shadow: none;\n}\n.blog-shortcode.blog-masonry-shortcode-id-b12030ee59f0c67807a79d7fec7401bf.dividers-on.classic-layout-list article {\n  padding-top: 0;\n}\n.blog-shortcode.blog-masonry-shortcode-id-b12030ee59f0c67807a79d7fec7401bf.dividers-on.classic-layout-list article:first-of-type {\n  margin-top: 0;\n  padding-top: 0;\n}\n.blog-shortcode.blog-masonry-shortcode-id-b12030ee59f0c67807a79d7fec7401bf.classic-layout-list.mode-list .post-entry-content {\n  width: calc(100% - );\n}\n.blog-shortcode.blog-masonry-shortcode-id-b12030ee59f0c67807a79d7fec7401bf.classic-layout-list.mode-list .no-img .post-entry-content {\n  width: 100%;\n}\n.blog-shortcode.blog-masonry-shortcode-id-b12030ee59f0c67807a79d7fec7401bf .filter-bg-decoration .filter-categories a.act {\n  color: #fff;\n}\n.blog-shortcode.blog-masonry-shortcode-id-b12030ee59f0c67807a79d7fec7401bf:not(.mode-masonry) article:first-of-type,\n.blog-shortcode.blog-masonry-shortcode-id-b12030ee59f0c67807a79d7fec7401bf:not(.mode-masonry) article.visible.first:not(.product) {\n  margin-top: 0;\n}\n.blog-shortcode.blog-masonry-shortcode-id-b12030ee59f0c67807a79d7fec7401bf.dividers-on:not(.mode-masonry) article {\n  margin-top: 0;\n}\n.blog-shortcode.blog-masonry-shortcode-id-b12030ee59f0c67807a79d7fec7401bf.dividers-on:not(.mode-masonry) article:first-of-type,\n.blog-shortcode.blog-masonry-shortcode-id-b12030ee59f0c67807a79d7fec7401bf.dividers-on:not(.mode-masonry) article.visible.first:not(.product) {\n  margin-top: 0;\n  padding-top: 0;\n}\n.blog-shortcode.blog-masonry-shortcode-id-b12030ee59f0c67807a79d7fec7401bf .post-thumbnail-wrap {\n  padding: 0px 0px 0px 0px;\n}\n.blog-shortcode.blog-masonry-shortcode-id-b12030ee59f0c67807a79d7fec7401bf.enable-bg-rollover .post-thumbnail-rollover:after {\n  background: -webkit-linear-gradient();\n  background: linear-gradient();\n}\n.blog-shortcode.blog-masonry-shortcode-id-b12030ee59f0c67807a79d7fec7401bf .gallery-zoom-ico {\n  width: 44px;\n  height: 44px;\n  line-height: 44px;\n  border-radius: 100px;\n  margin: -22px 0 0 -22px;\n  border-width: 0px;\n  color: #ffffff;\n}\n.bottom-overlap-layout-list.blog-shortcode.blog-masonry-shortcode-id-b12030ee59f0c67807a79d7fec7401bf .gallery-zoom-ico {\n  margin-top: -72px;\n}\n.gradient-overlay-layout-list.blog-shortcode.blog-masonry-shortcode-id-b12030ee59f0c67807a79d7fec7401bf .gallery-zoom-ico,\n.content-rollover-layout-list.blog-shortcode.blog-masonry-shortcode-id-b12030ee59f0c67807a79d7fec7401bf .gallery-zoom-ico {\n  margin: 0 0 10px;\n}\n.content-align-center.gradient-overlay-layout-list.blog-shortcode.blog-masonry-shortcode-id-b12030ee59f0c67807a79d7fec7401bf .gallery-zoom-ico,\n.content-align-center.content-rollover-layout-list.blog-shortcode.blog-masonry-shortcode-id-b12030ee59f0c67807a79d7fec7401bf .gallery-zoom-ico {\n  margin: 0 auto 10px;\n}\n.dt-icon-bg-on.blog-shortcode.blog-masonry-shortcode-id-b12030ee59f0c67807a79d7fec7401bf .gallery-zoom-ico {\n  background: rgba(255,255,255,0.3);\n  box-shadow: none;\n}\n.blog-shortcode.blog-masonry-shortcode-id-b12030ee59f0c67807a79d7fec7401bf .gallery-zoom-ico > span,\n.blog-shortcode.blog-masonry-shortcode-id-b12030ee59f0c67807a79d7fec7401bf .gallery-zoom-ico:before {\n  font-size: 32px;\n  line-height: 44px;\n}\n.blog-shortcode.blog-masonry-shortcode-id-b12030ee59f0c67807a79d7fec7401bf .gallery-zoom-ico > span,\n.blog-shortcode.blog-masonry-shortcode-id-b12030ee59f0c67807a79d7fec7401bf .gallery-zoom-ico:before {\n  color: #ffffff;\n}\n.blog-shortcode.blog-masonry-shortcode-id-b12030ee59f0c67807a79d7fec7401bf .entry-title,\n.blog-shortcode.blog-masonry-shortcode-id-b12030ee59f0c67807a79d7fec7401bf.owl-carousel .entry-title {\n  margin-bottom: 5px;\n  font-weight: bold;\n}\n.blog-shortcode.blog-masonry-shortcode-id-b12030ee59f0c67807a79d7fec7401bf .entry-meta {\n  margin-bottom: 15px;\n}\n.blog-shortcode.blog-masonry-shortcode-id-b12030ee59f0c67807a79d7fec7401bf .portfolio-categories {\n  margin-bottom: 15px;\n}\n.blog-shortcode.blog-masonry-shortcode-id-b12030ee59f0c67807a79d7fec7401bf .entry-excerpt {\n  margin-bottom: 5px;\n}\n.blog-shortcode.blog-masonry-shortcode-id-b12030ee59f0c67807a79d7fec7401bf:not(.centered-layout-list) .post-entry-content {\n  padding: 15px 20px 20px 20px;\n}\n.blog-shortcode.blog-masonry-shortcode-id-b12030ee59f0c67807a79d7fec7401bf:not(.centered-layout-list):not(.content-bg-on):not(.mode-list) .no-img .post-entry-content {\n  padding: 0;\n}\n.blog-shortcode.blog-masonry-shortcode-id-b12030ee59f0c67807a79d7fec7401bf.content-bg-on:not(.classic-layout-list):not(.centered-layout-list) .post-entry-content {\n  background: #e6e6e6;\n  box-shadow: none;\n}\n@media screen and (max-width: ) {\n  .blog-shortcode.blog-masonry-shortcode-id-b12030ee59f0c67807a79d7fec7401bf article {\n    -ms-flex-flow: column nowrap;\n    flex-flow: column nowrap;\n    margin-top: 20px;\n  }\n  .blog-shortcode.blog-masonry-shortcode-id-b12030ee59f0c67807a79d7fec7401bf.dividers-on article {\n    border: none;\n  }\n  .blog-shortcode.blog-masonry-shortcode-id-b12030ee59f0c67807a79d7fec7401bf.content-bg-on.centered-layout-list article {\n    padding: 0;\n  }\n  .blog-shortcode.blog-masonry-shortcode-id-b12030ee59f0c67807a79d7fec7401bf.blog-shortcode.dividers-on article,\n  .blog-shortcode.blog-masonry-shortcode-id-b12030ee59f0c67807a79d7fec7401bf.dividers-on.classic-layout-list article {\n    margin-top: 20px;\n    padding: 0;\n  }\n  .blog-shortcode.blog-masonry-shortcode-id-b12030ee59f0c67807a79d7fec7401bf.blog-shortcode.dividers-on article:first-of-type,\n  .blog-shortcode.blog-masonry-shortcode-id-b12030ee59f0c67807a79d7fec7401bf.dividers-on.classic-layout-list article:first-of-type {\n    padding: 0;\n  }\n  #page .blog-shortcode.blog-masonry-shortcode-id-b12030ee59f0c67807a79d7fec7401bf .post-thumbnail-wrap,\n  #page .blog-shortcode.blog-masonry-shortcode-id-b12030ee59f0c67807a79d7fec7401bf .post-entry-content {\n    width: 100%;\n    margin: 0;\n    top: 0;\n  }\n  #page .blog-shortcode.blog-masonry-shortcode-id-b12030ee59f0c67807a79d7fec7401bf .post-thumbnail-wrap {\n    padding: 0;\n  }\n  #page .blog-shortcode.blog-masonry-shortcode-id-b12030ee59f0c67807a79d7fec7401bf .post-entry-content:after {\n    display: none;\n  }\n  #page .blog-shortcode.blog-masonry-shortcode-id-b12030ee59f0c67807a79d7fec7401bf .project-even .post-thumbnail-wrap,\n  #page .blog-shortcode.blog-masonry-shortcode-id-b12030ee59f0c67807a79d7fec7401bf.centered-layout-list .post-thumbnail-wrap {\n    -ms-flex-order: 0;\n    order: 0;\n  }\n  #page .blog-shortcode.blog-masonry-shortcode-id-b12030ee59f0c67807a79d7fec7401bf.centered-layout-list .post-entry-title-content {\n    -ms-flex-order: 1;\n    order: 1;\n    width: 100%;\n    padding: 20px 20px 0;\n  }\n  #page .blog-shortcode.blog-masonry-shortcode-id-b12030ee59f0c67807a79d7fec7401bf.centered-layout-list .post-entry-content {\n    -ms-flex-order: 2;\n    order: 2;\n    padding-top: 0;\n  }\n  #page .blog-shortcode.blog-masonry-shortcode-id-b12030ee59f0c67807a79d7fec7401bf .fancy-categories {\n    top: 10px;\n    left: 10px;\n    bottom: auto;\n    right: auto;\n  }\n  #page .blog-shortcode.blog-masonry-shortcode-id-b12030ee59f0c67807a79d7fec7401bf .fancy-date a {\n    top: 10px;\n    right: 10px;\n    left: auto;\n    bottom: auto;\n  }\n  #page .blog-shortcode.blog-masonry-shortcode-id-b12030ee59f0c67807a79d7fec7401bf .post-entry-content {\n    padding: 20px;\n  }\n  #page .blog-shortcode.blog-masonry-shortcode-id-b12030ee59f0c67807a79d7fec7401bf .entry-title {\n    margin: 3px 0 5px;\n    font-size: 20px;\n    line-height: 26px;\n  }\n  #page .blog-shortcode.blog-masonry-shortcode-id-b12030ee59f0c67807a79d7fec7401bf .entry-meta {\n    margin: 5px 0 5px;\n  }\n  #page .blog-shortcode.blog-masonry-shortcode-id-b12030ee59f0c67807a79d7fec7401bf .entry-excerpt {\n    margin: 15px 0 0;\n  }\n  #page .blog-shortcode.blog-masonry-shortcode-id-b12030ee59f0c67807a79d7fec7401bf .post-details {\n    margin: 5px 0 10px;\n  }\n  #page .blog-shortcode.blog-masonry-shortcode-id-b12030ee59f0c67807a79d7fec7401bf .post-details.details-type-link {\n    margin-bottom: 2px;\n  }\n}\n.blog-shortcode.blog-masonry-shortcode-id-b12030ee59f0c67807a79d7fec7401bf:not(.resize-by-browser-width) .dt-css-grid {\n  grid-row-gap: 50px;\n  grid-column-gap: 50px;\n  grid-template-columns: repeat(auto-fill,minmax(,1fr));\n}\n.blog-shortcode.blog-masonry-shortcode-id-b12030ee59f0c67807a79d7fec7401bf:not(.resize-by-browser-width) .dt-css-grid .double-width {\n  grid-column: span 2;\n}\n.cssgridlegacy.no-cssgrid .blog-shortcode.blog-masonry-shortcode-id-b12030ee59f0c67807a79d7fec7401bf:not(.resize-by-browser-width) .dt-css-grid,\n.no-cssgridlegacy.no-cssgrid .blog-shortcode.blog-masonry-shortcode-id-b12030ee59f0c67807a79d7fec7401bf:not(.resize-by-browser-width) .dt-css-grid {\n  display: flex;\n  flex-flow: row wrap;\n  margin: -25px;\n}\n.cssgridlegacy.no-cssgrid .blog-shortcode.blog-masonry-shortcode-id-b12030ee59f0c67807a79d7fec7401bf:not(.resize-by-browser-width) .dt-css-grid .wf-cell,\n.no-cssgridlegacy.no-cssgrid .blog-shortcode.blog-masonry-shortcode-id-b12030ee59f0c67807a79d7fec7401bf:not(.resize-by-browser-width) .dt-css-grid .wf-cell {\n  flex: 1 0 ;\n  max-width: 100%;\n  padding: 25px;\n  box-sizing: border-box;\n}\n.blog-shortcode.blog-masonry-shortcode-id-b12030ee59f0c67807a79d7fec7401bf.resize-by-browser-width .dt-css-grid {\n  grid-template-columns: repeat(1,1fr);\n  grid-template-rows: auto;\n  grid-column-gap: 50px;\n  grid-row-gap: 50px;\n}\n.blog-shortcode.blog-masonry-shortcode-id-b12030ee59f0c67807a79d7fec7401bf.resize-by-browser-width .dt-css-grid .double-width {\n  grid-column: span 2;\n}\n.cssgridlegacy.no-cssgrid .blog-shortcode.blog-masonry-shortcode-id-b12030ee59f0c67807a79d7fec7401bf.resize-by-browser-width .dt-css-grid {\n  margin: -25px;\n}\n.cssgridlegacy.no-cssgrid .blog-shortcode.blog-masonry-shortcode-id-b12030ee59f0c67807a79d7fec7401bf.resize-by-browser-width .dt-css-grid .wf-cell {\n  width: 100%;\n  padding: 25px;\n}\n.cssgridlegacy.no-cssgrid .blog-shortcode.blog-masonry-shortcode-id-b12030ee59f0c67807a79d7fec7401bf.resize-by-browser-width .dt-css-grid .wf-cell.double-width {\n  width: calc(100%) * 2;\n}\n.blog-shortcode.blog-masonry-shortcode-id-b12030ee59f0c67807a79d7fec7401bf.resize-by-browser-width:not(.centered-layout-list):not(.content-bg-on) .dt-css-grid {\n  grid-row-gap: 30px;\n}\n@media screen and (max-width: 1199px) {\n  .blog-shortcode.blog-masonry-shortcode-id-b12030ee59f0c67807a79d7fec7401bf.resize-by-browser-width .dt-css-grid {\n    grid-template-columns: repeat(1,1fr);\n  }\n  .cssgridlegacy.no-cssgrid .blog-shortcode.blog-masonry-shortcode-id-b12030ee59f0c67807a79d7fec7401bf.resize-by-browser-width .dt-css-grid .wf-cell,\n  .no-cssgridlegacy.no-cssgrid .blog-shortcode.blog-masonry-shortcode-id-b12030ee59f0c67807a79d7fec7401bf.resize-by-browser-width .dt-css-grid .wf-cell {\n    width: 100%;\n  }\n  .cssgridlegacy.no-cssgrid .blog-shortcode.blog-masonry-shortcode-id-b12030ee59f0c67807a79d7fec7401bf.resize-by-browser-width .dt-css-grid .wf-cell.double-width,\n  .no-cssgridlegacy.no-cssgrid .blog-shortcode.blog-masonry-shortcode-id-b12030ee59f0c67807a79d7fec7401bf.resize-by-browser-width .dt-css-grid .wf-cell.double-width {\n    width: calc(100%)*2;\n  }\n}\n@media screen and (max-width: 991px) {\n  .blog-shortcode.blog-masonry-shortcode-id-b12030ee59f0c67807a79d7fec7401bf.resize-by-browser-width .dt-css-grid {\n    grid-template-columns: repeat(1,1fr);\n  }\n  .cssgridlegacy.no-cssgrid .blog-shortcode.blog-masonry-shortcode-id-b12030ee59f0c67807a79d7fec7401bf.resize-by-browser-width .dt-css-grid .wf-cell,\n  .no-cssgridlegacy.no-cssgrid .blog-shortcode.blog-masonry-shortcode-id-b12030ee59f0c67807a79d7fec7401bf.resize-by-browser-width .dt-css-grid .wf-cell {\n    width: 100%;\n  }\n  .cssgridlegacy.no-cssgrid .blog-shortcode.blog-masonry-shortcode-id-b12030ee59f0c67807a79d7fec7401bf.resize-by-browser-width .dt-css-grid .wf-cell.double-width,\n  .no-cssgridlegacy.no-cssgrid .blog-shortcode.blog-masonry-shortcode-id-b12030ee59f0c67807a79d7fec7401bf.resize-by-browser-width .dt-css-grid .wf-cell.double-width {\n    width: calc(100%)*2;\n  }\n}\n@media screen and (max-width: 767px) {\n  .blog-shortcode.blog-masonry-shortcode-id-b12030ee59f0c67807a79d7fec7401bf.resize-by-browser-width .dt-css-grid {\n    grid-template-columns: repeat(1,1fr);\n  }\n  .blog-shortcode.blog-masonry-shortcode-id-b12030ee59f0c67807a79d7fec7401bf.resize-by-browser-width .dt-css-grid .double-width {\n    grid-column: span 1;\n  }\n  .cssgridlegacy.no-cssgrid .blog-shortcode.blog-masonry-shortcode-id-b12030ee59f0c67807a79d7fec7401bf.resize-by-browser-width .dt-css-grid .wf-cell,\n  .no-cssgridlegacy.no-cssgrid .blog-shortcode.blog-masonry-shortcode-id-b12030ee59f0c67807a79d7fec7401bf.resize-by-browser-width .dt-css-grid .wf-cell {\n    width: 100%;\n  }\n  .cssgridlegacy.no-cssgrid .blog-shortcode.blog-masonry-shortcode-id-b12030ee59f0c67807a79d7fec7401bf.resize-by-browser-width .dt-css-grid .wf-cell.double-width,\n  .no-cssgridlegacy.no-cssgrid .blog-shortcode.blog-masonry-shortcode-id-b12030ee59f0c67807a79d7fec7401bf.resize-by-browser-width .dt-css-grid .wf-cell.double-width {\n    width: calc(100%)*2;\n  }\n}<\/style><div class=\"blog-shortcode blog-masonry-shortcode-id-b12030ee59f0c67807a79d7fec7401bf mode-grid classic-layout-list content-bg-on jquery-filter vertical-fancy-style scale-img dt-css-grid-wrap dt-icon-bg-off resize-by-browser-width loading-effect-none description-under-image \" data-padding=\"25px\" data-cur-page=\"1\" data-post-limit=\"2\" data-pagination-mode=\"load-more\" aria-live=\"assertive\" data-desktop-columns-num=\"1\" data-v-tablet-columns-num=\"1\" data-h-tablet-columns-num=\"1\" data-phone-columns-num=\"1\" data-width=\"0px\" data-columns=\"0\"><div class=\"dt-css-grid\" ><div class=\"visible wf-cell\" data-post-id=\"279600\" data-date=\"2025-05-01T12:25:48+00:00\" data-name=\"\ud83c\udfac &quot;Sharknado - More Sharks, More \u2018Nado!&quot; now available on Netflix in Germany\"><article class=\"post project-odd visible post-279600 type-post status-publish format-standard has-post-thumbnail hentry category-cinema category-film-en category-film-distribution-en category-m-square-pictures-en category-news-en tag-haie-2 tag-ian-zieringian-ziering-en tag-john-heard-en tag-more-nado-2 tag-more-sharks-2 tag-netflix-en tag-sharknado-en tag-sharks-2 tag-tara-reid-en tag-the-asylum-en category-1011 category-942 category-15326 category-141 category-941\" data-name=\"\ud83c\udfac &#8220;Sharknado &#8211; More Sharks, More \u2018Nado!&#8221; now available on Netflix in Germany\" data-date=\"2025-05-01T12:25:48+00:00\">\n\n<div class=\"post-thumbnail-wrap\">\n\t<div class=\"post-thumbnail\">\n\t\t\n\t\t\n\t\t<a href=\"https:\/\/ucm.one\/en\/sharknado-more-sharks-more-nado-now-available-on-netflix-in-germany\/\" class=\"post-thumbnail-rollover layzr-bg layzr-bg\" ><img decoding=\"async\" class=\"iso-lazy-load preload-me iso-lazy-load aspect\" src=\"data:image\/svg+xml,%3Csvg%20xmlns%3D&#39;http%3A%2F%2Fwww.w3.org%2F2000%2Fsvg&#39;%20viewBox%3D&#39;0%200%20990%20309&#39;%2F%3E\" data-src=\"https:\/\/ucm.one\/wp-content\/uploads\/2025\/05\/B-Sharknado-Netflix-990x309.jpg\" data-srcset=\"https:\/\/ucm.one\/wp-content\/uploads\/2025\/05\/B-Sharknado-Netflix-990x309.jpg 990w, https:\/\/ucm.one\/wp-content\/uploads\/2025\/05\/B-Sharknado-Netflix-1485x464.jpg 1485w\" loading=\"eager\" style=\"--ratio: 990 \/ 309\" sizes=\"(max-width: 990px) 100vw, 990px\" alt=\"\" title=\"B Sharknado Netflix\" width=\"990\" height=\"309\"  \/><\/a>\t<\/div>\n<\/div>\n\n\n<div class=\"post-entry-content\">\n\n\t<h3 class=\"entry-title\">\n\t\t<a href=\"https:\/\/ucm.one\/en\/sharknado-more-sharks-more-nado-now-available-on-netflix-in-germany\/\" title=\"\ud83c\udfac &#8220;Sharknado &#8211; More Sharks, More \u2018Nado!&#8221; now available on Netflix in Germany\" rel=\"bookmark\">\ud83c\udfac &#8220;Sharknado &#8211; More Sharks, More \u2018Nado!&#8221; now available on Netflix in Germany<\/a>\n\t<\/h3>\n\n\t<div class=\"entry-meta\"><span class=\"category-link\"><a href=\"https:\/\/ucm.one\/en\/category\/news-en\/cinema\/\" >Cinema<\/a>, <a href=\"https:\/\/ucm.one\/en\/category\/news-en\/film-en\/\" >Film<\/a>, <a href=\"https:\/\/ucm.one\/en\/category\/news-en\/media-distribution-en\/film-distribution-en\/\" >Film Distribution<\/a>, <a href=\"https:\/\/ucm.one\/en\/category\/news-en\/film-en\/m-square-pictures-en\/\" >M-Square Pictures<\/a>, <a href=\"https:\/\/ucm.one\/en\/category\/news-en\/\" >News<\/a><\/span><a class=\"author vcard\" href=\"\" title=\"View all posts by Joachim Keil\" rel=\"author\">By <span class=\"fn\">Joachim Keil<\/span><\/a><a href=\"https:\/\/ucm.one\/en\/2025\/05\/01\/\" title=\"12:25\" class=\"data-link\" rel=\"bookmark\"><time class=\"entry-date updated\" datetime=\"2025-05-01T12:25:48+00:00\">1. May 2025<\/time><\/a><\/div>\n\t<div class=\"entry-excerpt\"><p>[vc_row][vc_column width=&#8221;3\/4&#8243;][vc_row_inner][vc_column_inner][vc_column_text css=&#8221;&#8221;] The first part of \u2018Sharknado\u2019 can be seen on Netflix in Germany, Austria &amp; Switzerland from May 1, 2025 in the new version created for the tenth anniversary with the additional title \u2018More Sharks, More \u201cNado!\u201d and with many new special effects. [\/vc_column_text][vc_column_text css=&#8221;&#8221;]The film, which first aired twelve years ago, was&hellip;<\/p>\n<\/div>\n\t\n<a href=\"https:\/\/ucm.one\/en\/sharknado-more-sharks-more-nado-now-available-on-netflix-in-germany\/\" class=\"post-details details-type-link\" aria-label=\"Read more about \ud83c\udfac &#8220;Sharknado &#8211; More Sharks, More \u2018Nado!&#8221; now available on Netflix in Germany\">Read more<i class=\"dt-icon-the7-arrow-03\" aria-hidden=\"true\"><\/i><\/a>\n\n<\/div><\/article><\/div><div class=\"visible wf-cell\" data-post-id=\"110999\" data-date=\"2024-11-30T10:30:14+00:00\" data-name=\"\ud83c\udfac Premiere of \u2018Bull Shark 3\u2019 in English on YouTube, exclusively on CiNENET\"><article class=\"post project-odd visible post-110999 type-post status-publish format-standard has-post-thumbnail hentry category-cinenet category-film-en category-news-en tag-bull-shark-4 tag-bull-shark-2-2 tag-bull-shark-3-2 tag-bullenhai-2 tag-cinenet-en tag-haie-2 tag-horror-en tag-itn-distribution-2 tag-megalodon-2 tag-sharknado-en category-1272 category-942 category-941\" data-name=\"\ud83c\udfac Premiere of \u2018Bull Shark 3\u2019 in English on YouTube, exclusively on CiNENET\" data-date=\"2024-11-30T10:30:14+00:00\">\n\n<div class=\"post-thumbnail-wrap\">\n\t<div class=\"post-thumbnail\">\n\t\t\n\t\t\n\t\t<a href=\"https:\/\/ucm.one\/en\/premiere-of-bull-shark-3-in-english-on-youtube-exclusively-on-cinenet\/\" class=\"post-thumbnail-rollover layzr-bg layzr-bg\" ><img decoding=\"async\" class=\"iso-lazy-load preload-me iso-lazy-load aspect\" src=\"data:image\/svg+xml,%3Csvg%20xmlns%3D&#39;http%3A%2F%2Fwww.w3.org%2F2000%2Fsvg&#39;%20viewBox%3D&#39;0%200%20990%20309&#39;%2F%3E\" data-src=\"https:\/\/ucm.one\/wp-content\/uploads\/2024\/12\/B-Bull-Shark-3-990x309.jpg\" data-srcset=\"https:\/\/ucm.one\/wp-content\/uploads\/2024\/12\/B-Bull-Shark-3-990x309.jpg 990w, https:\/\/ucm.one\/wp-content\/uploads\/2024\/12\/B-Bull-Shark-3-1485x464.jpg 1485w\" loading=\"eager\" style=\"--ratio: 990 \/ 309\" sizes=\"(max-width: 990px) 100vw, 990px\" alt=\"\" title=\"B Bull Shark 3\" width=\"990\" height=\"309\"  \/><\/a>\t<\/div>\n<\/div>\n\n\n<div class=\"post-entry-content\">\n\n\t<h3 class=\"entry-title\">\n\t\t<a href=\"https:\/\/ucm.one\/en\/premiere-of-bull-shark-3-in-english-on-youtube-exclusively-on-cinenet\/\" title=\"\ud83c\udfac Premiere of \u2018Bull Shark 3\u2019 in English on YouTube, exclusively on CiNENET\" rel=\"bookmark\">\ud83c\udfac Premiere of \u2018Bull Shark 3\u2019 in English on YouTube, exclusively on CiNENET<\/a>\n\t<\/h3>\n\n\t<div class=\"entry-meta\"><span class=\"category-link\"><a href=\"https:\/\/ucm.one\/en\/category\/news-en\/film-en\/cinenet\/\" >CiNENET<\/a>, <a href=\"https:\/\/ucm.one\/en\/category\/news-en\/film-en\/\" >Film<\/a>, <a href=\"https:\/\/ucm.one\/en\/category\/news-en\/\" >News<\/a><\/span><a class=\"author vcard\" href=\"\" title=\"View all posts by Joachim Keil\" rel=\"author\">By <span class=\"fn\">Joachim Keil<\/span><\/a><a href=\"https:\/\/ucm.one\/en\/2024\/11\/30\/\" title=\"10:30\" class=\"data-link\" rel=\"bookmark\"><time class=\"entry-date updated\" datetime=\"2024-11-30T10:30:14+00:00\">30. November 2024<\/time><\/a><\/div>\n\t<div class=\"entry-excerpt\"><p>[vc_row][vc_column][vc_column_text css=&#8221;&#8221;]The UCM.ONE team is pleased to announce that not only the two films \u2018Bull Shark\u2019 from 2022 and \u2018Bull Shark 2\u2019 from 2023 can be seen today on the English channel of CiNENET, but also the new \u2018Bull Shark 3\u2019 from 2024, as a premiere and exclusively on YouTube. This premiere was made possible&hellip;<\/p>\n<\/div>\n\t\n<a href=\"https:\/\/ucm.one\/en\/premiere-of-bull-shark-3-in-english-on-youtube-exclusively-on-cinenet\/\" class=\"post-details details-type-link\" aria-label=\"Read more about \ud83c\udfac Premiere of \u2018Bull Shark 3\u2019 in English on YouTube, exclusively on CiNENET\">Read more<i class=\"dt-icon-the7-arrow-03\" aria-hidden=\"true\"><\/i><\/a>\n\n<\/div><\/article><\/div><div class=\"hidden wf-cell\" data-post-id=\"104742\" data-date=\"2024-05-30T07:05:59+00:00\" data-name=\"\ud83c\udfac Cinemaxx celebrates \u201cSharkweek\u201d with the 4K version of \u201cSharknado\u201d\"><article class=\"post project-odd visible post-104742 type-post status-publish format-standard has-post-thumbnail hentry category-cinema category-film-en category-film-distribution-en category-m-square-pictures-en category-news-en tag-10th-anniversary-2 tag-cinemaxx-2 tag-haie-2 tag-ian-zieringian-ziering-en tag-john-heard-en tag-more-nado-2 tag-more-sharks-2 tag-sharknado-en tag-sharks-2 tag-sharkweek-2 tag-tara-reid-en tag-the-asylum-en category-1011 category-942 category-15326 category-141 category-941\" data-name=\"\ud83c\udfac Cinemaxx celebrates \u201cSharkweek\u201d with the 4K version of \u201cSharknado\u201d\" data-date=\"2024-05-30T07:05:59+00:00\">\n\n<div class=\"post-thumbnail-wrap\">\n\t<div class=\"post-thumbnail\">\n\t\t\n\t\t\n\t\t<a href=\"https:\/\/ucm.one\/en\/cinemaxx-celebrates-sharkweek-with-the-4k-version-of-sharknado\/\" class=\"post-thumbnail-rollover layzr-bg layzr-bg\" ><img decoding=\"async\" class=\"iso-lazy-load preload-me iso-lazy-load aspect\" src=\"data:image\/svg+xml,%3Csvg%20xmlns%3D&#39;http%3A%2F%2Fwww.w3.org%2F2000%2Fsvg&#39;%20viewBox%3D&#39;0%200%20990%20309&#39;%2F%3E\" data-src=\"https:\/\/ucm.one\/wp-content\/uploads\/2024\/05\/Sharkweek-EN-1920x600-1-990x309.jpeg\" data-srcset=\"https:\/\/ucm.one\/wp-content\/uploads\/2024\/05\/Sharkweek-EN-1920x600-1-990x309.jpeg 990w, https:\/\/ucm.one\/wp-content\/uploads\/2024\/05\/Sharkweek-EN-1920x600-1-1485x464.jpeg 1485w\" loading=\"eager\" style=\"--ratio: 990 \/ 309\" sizes=\"(max-width: 990px) 100vw, 990px\" alt=\"\" title=\"Sharkweek EN 1920&#215;600\" width=\"990\" height=\"309\"  \/><\/a>\t<\/div>\n<\/div>\n\n\n<div class=\"post-entry-content\">\n\n\t<h3 class=\"entry-title\">\n\t\t<a href=\"https:\/\/ucm.one\/en\/cinemaxx-celebrates-sharkweek-with-the-4k-version-of-sharknado\/\" title=\"\ud83c\udfac Cinemaxx celebrates \u201cSharkweek\u201d with the 4K version of \u201cSharknado\u201d\" rel=\"bookmark\">\ud83c\udfac Cinemaxx celebrates \u201cSharkweek\u201d with the 4K version of \u201cSharknado\u201d<\/a>\n\t<\/h3>\n\n\t<div class=\"entry-meta\"><span class=\"category-link\"><a href=\"https:\/\/ucm.one\/en\/category\/news-en\/cinema\/\" >Cinema<\/a>, <a href=\"https:\/\/ucm.one\/en\/category\/news-en\/film-en\/\" >Film<\/a>, <a href=\"https:\/\/ucm.one\/en\/category\/news-en\/media-distribution-en\/film-distribution-en\/\" >Film Distribution<\/a>, <a href=\"https:\/\/ucm.one\/en\/category\/news-en\/film-en\/m-square-pictures-en\/\" >M-Square Pictures<\/a>, <a href=\"https:\/\/ucm.one\/en\/category\/news-en\/\" >News<\/a><\/span><a class=\"author vcard\" href=\"\" title=\"View all posts by Joachim Keil\" rel=\"author\">By <span class=\"fn\">Joachim Keil<\/span><\/a><a href=\"https:\/\/ucm.one\/en\/2024\/05\/30\/\" title=\"07:05\" class=\"data-link\" rel=\"bookmark\"><time class=\"entry-date updated\" datetime=\"2024-05-30T07:05:59+00:00\">30. May 2024<\/time><\/a><\/div>\n\t<div class=\"entry-excerpt\"><p>[vc_row][vc_column][\/vc_column][\/vc_row][vc_row][vc_column width=&#8221;3\/4&#8243;][vc_row_inner][vc_column_inner][vc_column_text css=&#8221;&#8221;] The German Cinemaxx chain is celebrating \u201cSharkweek\u201d in all its cinemas at the end of May with the &#8220;Hai-Lights&#8221; (&#8220;Hai&#8221; is the German word for &#8220;shark&#8221;) \u00a0of cinema history. In addition to \u201cJaws\u201d, \u201cMEG\u201d and two children&#8217;s cartoons, \u201cSharknado\u201d in the new 4K 10th Anniversary version, distributed by UCM.ONE, is on the&hellip;<\/p>\n<\/div>\n\t\n<a href=\"https:\/\/ucm.one\/en\/cinemaxx-celebrates-sharkweek-with-the-4k-version-of-sharknado\/\" class=\"post-details details-type-link\" aria-label=\"Read more about \ud83c\udfac Cinemaxx celebrates \u201cSharkweek\u201d with the 4K version of \u201cSharknado\u201d\">Read more<i class=\"dt-icon-the7-arrow-03\" aria-hidden=\"true\"><\/i><\/a>\n\n<\/div><\/article><\/div><div class=\"hidden wf-cell\" data-post-id=\"104648\" data-date=\"2024-05-24T07:47:02+00:00\" data-name=\"\ud83c\udfac \u201cMonsternado\u201d by Tyler James available everywhere from today (M-Square Pictures)\"><article class=\"post project-odd visible post-104648 type-post status-publish format-standard has-post-thumbnail hentry category-film-en category-m-square-pictures-en category-news-en tag-bermuda-triangle tag-chloe-karr-2 tag-danielle-scott-2 tag-derek-miller-2 tag-graham-miller-2 tag-haie-2 tag-hannah-pauley-2 tag-jase-rivers-2 tag-lila-lasso-2 tag-may-kelly-2 tag-michael-s-siegel-2 tag-monster-2 tag-monstrnado-2 tag-sharknado-en tag-three-angels-for-charlie tag-tyler-james-2 category-942 category-141 category-941\" data-name=\"\ud83c\udfac \u201cMonsternado\u201d by Tyler James available everywhere from today (M-Square Pictures)\" data-date=\"2024-05-24T07:47:02+00:00\">\n\n<div class=\"post-thumbnail-wrap\">\n\t<div class=\"post-thumbnail\">\n\t\t\n\t\t\n\t\t<a href=\"https:\/\/ucm.one\/en\/monsternado-by-tyler-james-available-everywhere-from-today-m-square-pictures\/\" class=\"post-thumbnail-rollover layzr-bg layzr-bg\" ><img decoding=\"async\" class=\"iso-lazy-load preload-me iso-lazy-load aspect\" src=\"data:image\/svg+xml,%3Csvg%20xmlns%3D&#39;http%3A%2F%2Fwww.w3.org%2F2000%2Fsvg&#39;%20viewBox%3D&#39;0%200%20990%20309&#39;%2F%3E\" data-src=\"https:\/\/ucm.one\/wp-content\/uploads\/2024\/05\/B-Monsternado-Artwork-990x309.jpg\" data-srcset=\"https:\/\/ucm.one\/wp-content\/uploads\/2024\/05\/B-Monsternado-Artwork-990x309.jpg 990w, https:\/\/ucm.one\/wp-content\/uploads\/2024\/05\/B-Monsternado-Artwork-1485x464.jpg 1485w\" loading=\"eager\" style=\"--ratio: 990 \/ 309\" sizes=\"(max-width: 990px) 100vw, 990px\" alt=\"\" title=\"B Monsternado &#8211; Artwork\" width=\"990\" height=\"309\"  \/><\/a>\t<\/div>\n<\/div>\n\n\n<div class=\"post-entry-content\">\n\n\t<h3 class=\"entry-title\">\n\t\t<a href=\"https:\/\/ucm.one\/en\/monsternado-by-tyler-james-available-everywhere-from-today-m-square-pictures\/\" title=\"\ud83c\udfac \u201cMonsternado\u201d by Tyler James available everywhere from today (M-Square Pictures)\" rel=\"bookmark\">\ud83c\udfac \u201cMonsternado\u201d by Tyler James available everywhere from today (M-Square Pictures)<\/a>\n\t<\/h3>\n\n\t<div class=\"entry-meta\"><span class=\"category-link\"><a href=\"https:\/\/ucm.one\/en\/category\/news-en\/film-en\/\" >Film<\/a>, <a href=\"https:\/\/ucm.one\/en\/category\/news-en\/film-en\/m-square-pictures-en\/\" >M-Square Pictures<\/a>, <a href=\"https:\/\/ucm.one\/en\/category\/news-en\/\" >News<\/a><\/span><a class=\"author vcard\" href=\"\" title=\"View all posts by Joachim Keil\" rel=\"author\">By <span class=\"fn\">Joachim Keil<\/span><\/a><a href=\"https:\/\/ucm.one\/en\/2024\/05\/24\/\" title=\"07:47\" class=\"data-link\" rel=\"bookmark\"><time class=\"entry-date updated\" datetime=\"2024-05-24T07:47:02+00:00\">24. May 2024<\/time><\/a><\/div>\n\t<div class=\"entry-excerpt\"><p>[vc_row][vc_column][vc_column_text css=&#8221;&#8221;] The time has come! The infamous Asylum film studio is getting its own mockbuster! If \u201cSharknado\u201d was still too close to reality for you, you can now breathe a sigh of relief, because in \u201cMonsternado\u201d there are not only many more creatures from prehistoric times and the oceans, but also the \u201cThree Angels&hellip;<\/p>\n<\/div>\n\t\n<a href=\"https:\/\/ucm.one\/en\/monsternado-by-tyler-james-available-everywhere-from-today-m-square-pictures\/\" class=\"post-details details-type-link\" aria-label=\"Read more about \ud83c\udfac \u201cMonsternado\u201d by Tyler James available everywhere from today (M-Square Pictures)\">Read more<i class=\"dt-icon-the7-arrow-03\" aria-hidden=\"true\"><\/i><\/a>\n\n<\/div><\/article><\/div><div class=\"hidden wf-cell\" data-post-id=\"99061\" data-date=\"2023-11-15T13:08:13+00:00\" data-name=\"\ud83c\udfac &quot;Sharknado - More Sharks, More &#039;Nado!&quot; in cinemas from 16 November to mark the 10th anniversary\"><article class=\"post project-odd visible post-99061 type-post status-publish format-standard has-post-thumbnail hentry category-cinema category-film-en category-film-distribution-en category-m-square-pictures-en category-news-en tag-10th-anniversary-2 tag-haie-2 tag-ian-zieringian-ziering-en tag-john-heard-en tag-more-nado-2 tag-more-sharks-2 tag-sharknado-en tag-sharks-2 tag-tara-reid-en tag-the-asylum-en category-1011 category-942 category-15326 category-141 category-941\" data-name=\"\ud83c\udfac &#8220;Sharknado &#8211; More Sharks, More &#8216;Nado!&#8221; in cinemas from 16 November to mark the 10th anniversary\" data-date=\"2023-11-15T13:08:13+00:00\">\n\n<div class=\"post-thumbnail-wrap\">\n\t<div class=\"post-thumbnail\">\n\t\t\n\t\t\n\t\t<a href=\"https:\/\/ucm.one\/en\/sharknado-more-sharks-more-nado-in-cinemas-from-16-november-to-mark-the-10th-anniversary\/\" class=\"post-thumbnail-rollover layzr-bg layzr-bg\" ><img decoding=\"async\" class=\"iso-lazy-load preload-me iso-lazy-load aspect\" src=\"data:image\/svg+xml,%3Csvg%20xmlns%3D&#39;http%3A%2F%2Fwww.w3.org%2F2000%2Fsvg&#39;%20viewBox%3D&#39;0%200%20990%20309&#39;%2F%3E\" data-src=\"https:\/\/ucm.one\/wp-content\/uploads\/2023\/10\/B-Barknado-990x309.jpg\" data-srcset=\"https:\/\/ucm.one\/wp-content\/uploads\/2023\/10\/B-Barknado-990x309.jpg 990w, https:\/\/ucm.one\/wp-content\/uploads\/2023\/10\/B-Barknado-1485x464.jpg 1485w\" loading=\"eager\" style=\"--ratio: 990 \/ 309\" sizes=\"(max-width: 990px) 100vw, 990px\" alt=\"\" title=\"B Barknado\" width=\"990\" height=\"309\"  \/><\/a>\t<\/div>\n<\/div>\n\n\n<div class=\"post-entry-content\">\n\n\t<h3 class=\"entry-title\">\n\t\t<a href=\"https:\/\/ucm.one\/en\/sharknado-more-sharks-more-nado-in-cinemas-from-16-november-to-mark-the-10th-anniversary\/\" title=\"\ud83c\udfac &#8220;Sharknado &#8211; More Sharks, More &#8216;Nado!&#8221; in cinemas from 16 November to mark the 10th anniversary\" rel=\"bookmark\">\ud83c\udfac &#8220;Sharknado &#8211; More Sharks, More &#8216;Nado!&#8221; in cinemas from 16 November to mark the 10th anniversary<\/a>\n\t<\/h3>\n\n\t<div class=\"entry-meta\"><span class=\"category-link\"><a href=\"https:\/\/ucm.one\/en\/category\/news-en\/cinema\/\" >Cinema<\/a>, <a href=\"https:\/\/ucm.one\/en\/category\/news-en\/film-en\/\" >Film<\/a>, <a href=\"https:\/\/ucm.one\/en\/category\/news-en\/media-distribution-en\/film-distribution-en\/\" >Film Distribution<\/a>, <a href=\"https:\/\/ucm.one\/en\/category\/news-en\/film-en\/m-square-pictures-en\/\" >M-Square Pictures<\/a>, <a href=\"https:\/\/ucm.one\/en\/category\/news-en\/\" >News<\/a><\/span><a class=\"author vcard\" href=\"\" title=\"View all posts by Joachim Keil\" rel=\"author\">By <span class=\"fn\">Joachim Keil<\/span><\/a><a href=\"https:\/\/ucm.one\/en\/2023\/11\/15\/\" title=\"13:08\" class=\"data-link\" rel=\"bookmark\"><time class=\"entry-date updated\" datetime=\"2023-11-15T13:08:13+00:00\">15. November 2023<\/time><\/a><\/div>\n\t<div class=\"entry-excerpt\"><p>[vc_row][vc_column width=&#8221;3\/4&#8243;][vc_row_inner][vc_column_inner][vc_column_text]&#8221;Sharknado&#8220;, which first aired on the Syfy Channel in 2013, quickly became a cultural phenomenon, not least due to the massive hype on social media. After its TV broadcast, the film was shown directly in hundreds of cinemas, with record results for a TV film. Its unique and seemingly absurd concept &#8211; a tornado&hellip;<\/p>\n<\/div>\n\t\n<a href=\"https:\/\/ucm.one\/en\/sharknado-more-sharks-more-nado-in-cinemas-from-16-november-to-mark-the-10th-anniversary\/\" class=\"post-details details-type-link\" aria-label=\"Read more about \ud83c\udfac &#8220;Sharknado &#8211; More Sharks, More &#8216;Nado!&#8221; in cinemas from 16 November to mark the 10th anniversary\">Read more<i class=\"dt-icon-the7-arrow-03\" aria-hidden=\"true\"><\/i><\/a>\n\n<\/div><\/article><\/div><div class=\"hidden wf-cell\" data-post-id=\"97710\" data-date=\"2023-10-10T23:45:43+00:00\" data-name=\"\ud83c\udfac UCM.ONE presents &quot;Sharknado - More Sharks, More &#039;Nado!&quot; to celebrate 10th anniversary\"><article class=\"post project-odd visible post-97710 type-post status-publish format-standard has-post-thumbnail hentry category-cinema category-film-en category-film-distribution-en category-m-square-pictures-en category-news-en tag-10th-anniversary-2 tag-haie-2 tag-ian-zieringian-ziering-en tag-john-heard-en tag-more-nado-2 tag-more-sharks-2 tag-sharknado-en tag-sharks-2 tag-tara-reid-en tag-the-asylum-en category-1011 category-942 category-15326 category-141 category-941\" data-name=\"\ud83c\udfac UCM.ONE presents &#8220;Sharknado &#8211; More Sharks, More &#8216;Nado!&#8221; to celebrate 10th anniversary\" data-date=\"2023-10-10T23:45:43+00:00\">\n\n<div class=\"post-thumbnail-wrap\">\n\t<div class=\"post-thumbnail\">\n\t\t\n\t\t\n\t\t<a href=\"https:\/\/ucm.one\/en\/ucm-one-presents-sharknado-more-sharks-more-nado-to-celebrate-10th-anniversary\/\" class=\"post-thumbnail-rollover layzr-bg layzr-bg\" ><img decoding=\"async\" class=\"iso-lazy-load preload-me iso-lazy-load aspect\" src=\"data:image\/svg+xml,%3Csvg%20xmlns%3D&#39;http%3A%2F%2Fwww.w3.org%2F2000%2Fsvg&#39;%20viewBox%3D&#39;0%200%20990%20309&#39;%2F%3E\" data-src=\"https:\/\/ucm.one\/wp-content\/uploads\/2023\/11\/B-Sharknado-10th-Ankuendigung-990x309.jpg\" data-srcset=\"https:\/\/ucm.one\/wp-content\/uploads\/2023\/11\/B-Sharknado-10th-Ankuendigung-990x309.jpg 990w, https:\/\/ucm.one\/wp-content\/uploads\/2023\/11\/B-Sharknado-10th-Ankuendigung-1485x464.jpg 1485w\" loading=\"eager\" style=\"--ratio: 990 \/ 309\" sizes=\"(max-width: 990px) 100vw, 990px\" alt=\"\" title=\"B Sharknado 10th Ank\u00fcndigung\" width=\"990\" height=\"309\"  \/><\/a>\t<\/div>\n<\/div>\n\n\n<div class=\"post-entry-content\">\n\n\t<h3 class=\"entry-title\">\n\t\t<a href=\"https:\/\/ucm.one\/en\/ucm-one-presents-sharknado-more-sharks-more-nado-to-celebrate-10th-anniversary\/\" title=\"\ud83c\udfac UCM.ONE presents &#8220;Sharknado &#8211; More Sharks, More &#8216;Nado!&#8221; to celebrate 10th anniversary\" rel=\"bookmark\">\ud83c\udfac UCM.ONE presents &#8220;Sharknado &#8211; More Sharks, More &#8216;Nado!&#8221; to celebrate 10th anniversary<\/a>\n\t<\/h3>\n\n\t<div class=\"entry-meta\"><span class=\"category-link\"><a href=\"https:\/\/ucm.one\/en\/category\/news-en\/cinema\/\" >Cinema<\/a>, <a href=\"https:\/\/ucm.one\/en\/category\/news-en\/film-en\/\" >Film<\/a>, <a href=\"https:\/\/ucm.one\/en\/category\/news-en\/media-distribution-en\/film-distribution-en\/\" >Film Distribution<\/a>, <a href=\"https:\/\/ucm.one\/en\/category\/news-en\/film-en\/m-square-pictures-en\/\" >M-Square Pictures<\/a>, <a href=\"https:\/\/ucm.one\/en\/category\/news-en\/\" >News<\/a><\/span><a class=\"author vcard\" href=\"\" title=\"View all posts by Joachim Keil\" rel=\"author\">By <span class=\"fn\">Joachim Keil<\/span><\/a><a href=\"https:\/\/ucm.one\/en\/2023\/10\/10\/\" title=\"23:45\" class=\"data-link\" rel=\"bookmark\"><time class=\"entry-date updated\" datetime=\"2023-10-10T23:45:43+00:00\">10. October 2023<\/time><\/a><\/div>\n\t<div class=\"entry-excerpt\"><p>[vc_row][vc_column][\/vc_column][\/vc_row][vc_row][vc_column width=&#8221;3\/4&#8243;][vc_row_inner][vc_column_inner][vc_column_text] A decade after its initial release, &#8220;Sharknado&#8221; will hit German cinemas for the first time in 4K on November 16, 2023 on the M-Square Pictures film label in a new version with the additional title &#8220;More Sharks, More &#8216;Nado!&#8221; and with hundreds of new special effects and &#8220;Barbie Posters&#8221;. [\/vc_column_text][vc_column_text]The film, which first&hellip;<\/p>\n<\/div>\n\t\n<a href=\"https:\/\/ucm.one\/en\/ucm-one-presents-sharknado-more-sharks-more-nado-to-celebrate-10th-anniversary\/\" class=\"post-details details-type-link\" aria-label=\"Read more about \ud83c\udfac UCM.ONE presents &#8220;Sharknado &#8211; More Sharks, More &#8216;Nado!&#8221; to celebrate 10th anniversary\">Read more<i class=\"dt-icon-the7-arrow-03\" aria-hidden=\"true\"><\/i><\/a>\n\n<\/div><\/article><\/div><div class=\"hidden wf-cell\" data-post-id=\"17271\" data-date=\"2018-10-01T17:30:16+00:00\" data-name=\"All Sharknado movies available now at the theatrical distribution from UCM.ONE\"><article class=\"post project-odd visible post-17271 type-post status-publish format-standard has-post-thumbnail hentry category-cinema category-film-en category-m-square-pictures-en category-movie-distribution category-news-en tag-anthony-c-ferrante-en tag-bo-derek-en tag-bret-michaels-en tag-cassandra-scerbo-en tag-cody-linley-en tag-dan-fogler-en tag-david-faustino-en tag-david-hasselhoff-en tag-gary-busey-en tag-george-r-r-martin-en tag-horror-en tag-ian-zieringian-ziering-en tag-jason-simmons-en tag-jena-sims-en tag-jeremy-wagener-en tag-john-heard-en tag-katie-price-en tag-liliana-matthaeus-en tag-m-square-pictures-en tag-mark-cuban-en tag-masiela-lusha-en tag-nicholas-shone-en tag-oliver-kalkofe-en tag-olivia-newton-john-en tag-russ-mullan-en tag-sarah-knappik-en tag-seth-rollins-en tag-sharknado-en tag-tara-reid-en tag-the-asylum-en tag-tony-hawk-en category-1011 category-942 category-141 category-4630 category-941\" data-name=\"All Sharknado movies available now at the theatrical distribution from UCM.ONE\" data-date=\"2018-10-01T17:30:16+00:00\">\n\n<div class=\"post-thumbnail-wrap\">\n\t<div class=\"post-thumbnail\">\n\t\t\n\t\t\n\t\t<a href=\"https:\/\/ucm.one\/en\/all-sharknado-movies-available-now-at-the-theatrical-distribution-from-ucm-one\/\" class=\"post-thumbnail-rollover layzr-bg layzr-bg\" ><img decoding=\"async\" class=\"iso-lazy-load preload-me iso-lazy-load aspect\" src=\"data:image\/svg+xml,%3Csvg%20xmlns%3D&#39;http%3A%2F%2Fwww.w3.org%2F2000%2Fsvg&#39;%20viewBox%3D&#39;0%200%20990%20309&#39;%2F%3E\" data-src=\"https:\/\/ucm.one\/wp-content\/uploads\/2018\/10\/B-Sharknado-Kino-990x309.jpg\" data-srcset=\"https:\/\/ucm.one\/wp-content\/uploads\/2018\/10\/B-Sharknado-Kino-990x309.jpg 990w, https:\/\/ucm.one\/wp-content\/uploads\/2018\/10\/B-Sharknado-Kino-1485x464.jpg 1485w\" loading=\"eager\" style=\"--ratio: 990 \/ 309\" sizes=\"(max-width: 990px) 100vw, 990px\" alt=\"\" title=\"B Sharknado Kino\" width=\"990\" height=\"309\"  \/><\/a>\t<\/div>\n<\/div>\n\n\n<div class=\"post-entry-content\">\n\n\t<h3 class=\"entry-title\">\n\t\t<a href=\"https:\/\/ucm.one\/en\/all-sharknado-movies-available-now-at-the-theatrical-distribution-from-ucm-one\/\" title=\"All Sharknado movies available now at the theatrical distribution from UCM.ONE\" rel=\"bookmark\">All Sharknado movies available now at the theatrical distribution from UCM.ONE<\/a>\n\t<\/h3>\n\n\t<div class=\"entry-meta\"><span class=\"category-link\"><a href=\"https:\/\/ucm.one\/en\/category\/news-en\/cinema\/\" >Cinema<\/a>, <a href=\"https:\/\/ucm.one\/en\/category\/news-en\/film-en\/\" >Film<\/a>, <a href=\"https:\/\/ucm.one\/en\/category\/news-en\/film-en\/m-square-pictures-en\/\" >M-Square Pictures<\/a>, <a href=\"https:\/\/ucm.one\/en\/category\/news-en\/movie-distribution\/\" >Movie Distribution<\/a>, <a href=\"https:\/\/ucm.one\/en\/category\/news-en\/\" >News<\/a><\/span><a class=\"author vcard\" href=\"\" title=\"View all posts by Joachim Keil\" rel=\"author\">By <span class=\"fn\">Joachim Keil<\/span><\/a><a href=\"https:\/\/ucm.one\/en\/2018\/10\/01\/\" title=\"17:30\" class=\"data-link\" rel=\"bookmark\"><time class=\"entry-date updated\" datetime=\"2018-10-01T17:30:16+00:00\">1. October 2018<\/time><\/a><\/div>\n\t<div class=\"entry-excerpt\"><p>[vc_row][vc_column][vc_column_text]The first of six parts of the &#8220;Sharknado series&#8221; was released by the production company The Asylum in the fall of 2013. It is a film about a tornado that causes thousands of sharks to rain from the sky, actually quite pointless and yet the first part has already advanced Sharknado has become a cult&hellip;<\/p>\n<\/div>\n\t\n<a href=\"https:\/\/ucm.one\/en\/all-sharknado-movies-available-now-at-the-theatrical-distribution-from-ucm-one\/\" class=\"post-details details-type-link\" aria-label=\"Read more about All Sharknado movies available now at the theatrical distribution from UCM.ONE\">Read more<i class=\"dt-icon-the7-arrow-03\" aria-hidden=\"true\"><\/i><\/a>\n\n<\/div><\/article><\/div><\/div><!-- iso-container|iso-grid --><div class=\"paginator paginator-more-button\">\n\t\t\t\t<a class=\"button-load-more \" href=\"javascript:void(0);\" data-dt-page=\"1\" ><span class=\"stick\"><\/span><span class=\"stick\"><\/span><span class=\"stick\"><\/span><span class=\"button-caption\">Load more<\/span><\/a>\n\t\t\t<\/div><\/div>[\/vc_tta_section][\/vc_tta_accordion][vc_separator][\/vc_column][\/vc_row][vc_row css=&#8221;.vc_custom_1704974608452{padding-top: 80px !important;}&#8221; el_id=&#8221;soultribe&#8221;][vc_column width=&#8221;1\/4&#8243; offset=&#8221;vc_col-lg-offset-0 vc_col-md-offset-0 vc_col-sm-offset-0&#8243;][vc_column_text css=&#8221;.vc_custom_1700002597247{background-position: center !important;background-repeat: no-repeat !important;background-size: cover !important;}&#8221;]<img decoding=\"async\" class=\"alignnone wp-image-98968 size-full\" src=\"https:\/\/ucm.one\/wp-content\/uploads\/2023\/11\/P-Soultribe-E.jpg\" alt=\"\" width=\"699\" height=\"1000\" srcset=\"https:\/\/ucm.one\/wp-content\/uploads\/2023\/11\/P-Soultribe-E.jpg 699w, https:\/\/ucm.one\/wp-content\/uploads\/2023\/11\/P-Soultribe-E-210x300.jpg 210w, https:\/\/ucm.one\/wp-content\/uploads\/2023\/11\/P-Soultribe-E-300x429.jpg 300w, https:\/\/ucm.one\/wp-content\/uploads\/2023\/11\/P-Soultribe-E-600x858.jpg 600w\" sizes=\"(max-width: 699px) 100vw, 699px\" \/>[\/vc_column_text][\/vc_column][vc_column width=&#8221;3\/4&#8243;][vc_column_text]<\/p>\n<h2>Soultribe<\/h2>\n<h3><span style=\"font-family: arial, helvetica, sans-serif;\">by <\/span>Stefan Rainer<\/h3>\n<div class=\"wpb_text_column wpb_content_element \">\n<div class=\"wpb_wrapper\">\n<div class=\"wpb_text_column wpb_content_element \">\n<div class=\"wpb_wrapper\">\n<div class=\"wpb_text_column wpb_content_element vc_custom_1681339038108\">\n<div class=\"wpb_wrapper\">\n<p>The shared journey of visionaries, artists and entrepreneurs Stefan and Jenny, Patrick and Johanna and Maik and Dunja repeatedly reveals major hurdles and setbacks that have to be overcome &#8211; such as the balancing act between family life, partnership, gender roles and professional projects as well as creative individual fulfilment. The film also explores the protagonists&#8217; inner conflict between social expectations and the pressure to earn money, as well as the desire for a free-flowing life without boundaries. The film &#8220;Soultribes&#8221; portrays the authentic story of how the three young families got to know each other and their shared and individual hero&#8217;s journey as they inspire, support and lift each other to their potential. The film also shows the power of individual expression, joy and community and inspires the viewer to follow their own path in life.<\/p>\n<p>The film touches the viewer with genuine, authentic actors who openly present their inner and outer development stories with all their doubts, setbacks and at the same time the courage to take unknown steps..<\/p>\n<\/div>\n<\/div>\n<\/div>\n<\/div>\n<\/div>\n<\/div>\n<div class=\"wpb_text_column wpb_content_element \">\n<div class=\"wpb_wrapper\">\n<h3><span style=\"font-family: arial, helvetica, sans-serif;\">Theatrical release: November 05, 2023<\/span><\/h3>\n<\/div>\n<\/div>\n<p>[\/vc_column_text][\/vc_column][\/vc_row][vc_row][vc_column width=&#8221;4\/6&#8243;][vc_column_text]Artkeim\u00b2 | 2023 | Adventure, Drama, Music | Germany | Original title: &#8220;<a title=\"Soultribe (2023) by Stefan Rainer | Artkeim\u00b2\" href=\"https:\/\/ucm.one\/en\/soultribe\/\">Soultribe &#8211; Der Tanz des Lebens<\/a>&#8220;.[\/vc_column_text][\/vc_column][vc_column width=&#8221;1\/6&#8243;][vc_btn title=&#8221;Press Material&#8221; size=&#8221;xs&#8221; align=&#8221;center&#8221; i_icon_fontawesome=&#8221;far fa-file-pdf&#8221; button_block=&#8221;true&#8221; add_icon=&#8221;true&#8221; link=&#8221;url:http%3A%2F%2Fucm.one%2Fpresse%2Fsoultribe_press_booklet_eng.pdf|title:Press%20Material|target:_blank&#8221;][\/vc_column][vc_column width=&#8221;1\/6&#8243;][vc_btn title=&#8221;Web page (German)&#8221; size=&#8221;xs&#8221; align=&#8221;center&#8221; i_icon_fontawesome=&#8221;fas fa-external-link-alt&#8221; button_block=&#8221;true&#8221; add_icon=&#8221;true&#8221; link=&#8221;url:https%3A%2F%2Fwww.soultribe-film.com%2F|title:Web%20page|target:_blank&#8221;][\/vc_column][\/vc_row][vc_row][vc_column][vc_tta_accordion style=&#8221;modern&#8221; shape=&#8221;square&#8221; c_icon=&#8221;chevron&#8221; active_section=&#8221;33&#8243; no_fill=&#8221;true&#8221; collapsible_all=&#8221;true&#8221;][vc_tta_section title=&#8221;More information&#8221; tab_id=&#8221;1694473889809-ccd504db-adc6&#8243;][vc_column_text]<\/p>\n<div class=\"wpb_text_column wpb_content_element \">\n<div class=\"wpb_wrapper\">\n<div class=\"wpb_text_column wpb_content_element \">\n<div class=\"wpb_wrapper\">\n<div class=\"wpb_text_column wpb_content_element \">\n<div class=\"wpb_wrapper\">\n<div class=\"wpb_text_column wpb_content_element \">\n<div class=\"wpb_wrapper\">\n<div class=\"wpb_text_column wpb_content_element \">\n<div class=\"wpb_wrapper\">\n<div class=\"wpb_text_column wpb_content_element \">\n<div class=\"wpb_wrapper\"><strong>Original title:<\/strong> Soultribe &#8211; Ein Tanz des Lebens<\/div>\n<div class=\"wpb_wrapper\"><b>Screenplay<\/b>: Stefan Rainer, Dunja Burghardt, Michael Mack<br \/>\n<strong>Director:<\/strong>\u00a0Stefan Rainer<br \/>\n<strong>Co-director:<\/strong>\u00a0Maik Burghardt<\/div>\n<div><strong>Cinematography:<\/strong>\u00a0Stefan Rainer, Maik Burghardt<\/div>\n<div class=\"wpb_wrapper\"><strong>Technical departement:<\/strong>\u00a0Stefan Rainer, Maik Burghardt, Jenny Biedermann, Peter Moser, Mario Breuer, Matthias Preu\u00dfner<\/div>\n<div class=\"wpb_wrapper\"><strong>Editing: <\/strong>Stefan Rainer<\/div>\n<div><strong>Colorgrading:<\/strong>\u00a0Stefan Rainer<\/div>\n<div><strong>Sound:<\/strong>\u00a0Falko Ro\u0308\u00dfner<\/div>\n<div>\n<div class=\"page\" title=\"Page 8\">\n<div class=\"layoutArea\">\n<div class=\"column\"><\/div>\n<\/div>\n<\/div>\n<\/div>\n<div class=\"wpb_wrapper\"><strong>Genres:<\/strong> Adventure, Drama, Music<br \/>\n<strong>Country:<\/strong>\u00a0Deutschland<br \/>\n<strong>Year of production:<\/strong>\u00a02023<br \/>\n<strong>Running time:<\/strong>\u00a0111 Minuten<\/div>\n<div class=\"wpb_wrapper\"><strong>Resolution: <\/strong>4096 x 1716 (4K)<\/div>\n<div class=\"wpb_wrapper\"><strong>Aspect Ratio:\u00a0<\/strong>2.39:1 CineScope<strong><br \/>\n<\/strong><strong>Rating: <\/strong>FSK 0<\/div>\n<\/div>\n<div><div class=\"gap\" style=\"line-height: 20px; height: 20px;\"><\/div><\/div>\n<div>All information about the movie: <a title=\"Soultribe (2023) by Stefan Rainer | Artkeim\u00b2\" href=\"https:\/\/ucm.one\/en\/soultribe\/\">Soultribe &#8211; A Dance of Life<\/a><\/div>\n<div><div class=\"gap\" style=\"line-height: 10px; height: 10px;\"><\/div><\/div>\n<div class=\"wpb_text_column wpb_content_element \">\n<div><\/div>\n<\/div>\n<\/div>\n<\/div>\n<\/div>\n<\/div>\n<\/div>\n<\/div>\n<\/div>\n<\/div>\n<\/div>\n<\/div>\n<p>[\/vc_column_text][\/vc_tta_section][vc_tta_section title=&#8221;Trailer&#8221; tab_id=&#8221;1694473889855-af58c261-4cdc&#8221;][vc_video link=&#8221;https:\/\/www.youtube.com\/watch?v=_-Dponfr-7c&#8221;][\/vc_tta_section][vc_tta_section title=&#8221;News&#8221; tab_id=&#8221;1694473889903-6417cb7e-1872&#8243;]<style type=\"text\/css\" data-type=\"the7_shortcodes-inline-css\">.blog-shortcode.blog-masonry-shortcode-id-c07967022d654bc57b49da0dfa51644f.content-bg-on.classic-layout-list article {\n  background: #e6e6e6;\n  box-shadow: none;\n}\n.blog-shortcode.blog-masonry-shortcode-id-c07967022d654bc57b49da0dfa51644f.dividers-on.classic-layout-list article {\n  padding-top: 0;\n}\n.blog-shortcode.blog-masonry-shortcode-id-c07967022d654bc57b49da0dfa51644f.dividers-on.classic-layout-list article:first-of-type {\n  margin-top: 0;\n  padding-top: 0;\n}\n.blog-shortcode.blog-masonry-shortcode-id-c07967022d654bc57b49da0dfa51644f.classic-layout-list.mode-list .post-entry-content {\n  width: calc(100% - );\n}\n.blog-shortcode.blog-masonry-shortcode-id-c07967022d654bc57b49da0dfa51644f.classic-layout-list.mode-list .no-img .post-entry-content {\n  width: 100%;\n}\n.blog-shortcode.blog-masonry-shortcode-id-c07967022d654bc57b49da0dfa51644f .filter-bg-decoration .filter-categories a.act {\n  color: #fff;\n}\n.blog-shortcode.blog-masonry-shortcode-id-c07967022d654bc57b49da0dfa51644f:not(.mode-masonry) article:first-of-type,\n.blog-shortcode.blog-masonry-shortcode-id-c07967022d654bc57b49da0dfa51644f:not(.mode-masonry) article.visible.first:not(.product) {\n  margin-top: 0;\n}\n.blog-shortcode.blog-masonry-shortcode-id-c07967022d654bc57b49da0dfa51644f.dividers-on:not(.mode-masonry) article {\n  margin-top: 0;\n}\n.blog-shortcode.blog-masonry-shortcode-id-c07967022d654bc57b49da0dfa51644f.dividers-on:not(.mode-masonry) article:first-of-type,\n.blog-shortcode.blog-masonry-shortcode-id-c07967022d654bc57b49da0dfa51644f.dividers-on:not(.mode-masonry) article.visible.first:not(.product) {\n  margin-top: 0;\n  padding-top: 0;\n}\n.blog-shortcode.blog-masonry-shortcode-id-c07967022d654bc57b49da0dfa51644f .post-thumbnail-wrap {\n  padding: 0px 0px 0px 0px;\n}\n.blog-shortcode.blog-masonry-shortcode-id-c07967022d654bc57b49da0dfa51644f.enable-bg-rollover .post-thumbnail-rollover:after {\n  background: -webkit-linear-gradient();\n  background: linear-gradient();\n}\n.blog-shortcode.blog-masonry-shortcode-id-c07967022d654bc57b49da0dfa51644f .gallery-zoom-ico {\n  width: 44px;\n  height: 44px;\n  line-height: 44px;\n  border-radius: 100px;\n  margin: -22px 0 0 -22px;\n  border-width: 0px;\n  color: #ffffff;\n}\n.bottom-overlap-layout-list.blog-shortcode.blog-masonry-shortcode-id-c07967022d654bc57b49da0dfa51644f .gallery-zoom-ico {\n  margin-top: -72px;\n}\n.gradient-overlay-layout-list.blog-shortcode.blog-masonry-shortcode-id-c07967022d654bc57b49da0dfa51644f .gallery-zoom-ico,\n.content-rollover-layout-list.blog-shortcode.blog-masonry-shortcode-id-c07967022d654bc57b49da0dfa51644f .gallery-zoom-ico {\n  margin: 0 0 10px;\n}\n.content-align-center.gradient-overlay-layout-list.blog-shortcode.blog-masonry-shortcode-id-c07967022d654bc57b49da0dfa51644f .gallery-zoom-ico,\n.content-align-center.content-rollover-layout-list.blog-shortcode.blog-masonry-shortcode-id-c07967022d654bc57b49da0dfa51644f .gallery-zoom-ico {\n  margin: 0 auto 10px;\n}\n.dt-icon-bg-on.blog-shortcode.blog-masonry-shortcode-id-c07967022d654bc57b49da0dfa51644f .gallery-zoom-ico {\n  background: rgba(255,255,255,0.3);\n  box-shadow: none;\n}\n.blog-shortcode.blog-masonry-shortcode-id-c07967022d654bc57b49da0dfa51644f .gallery-zoom-ico > span,\n.blog-shortcode.blog-masonry-shortcode-id-c07967022d654bc57b49da0dfa51644f .gallery-zoom-ico:before {\n  font-size: 32px;\n  line-height: 44px;\n}\n.blog-shortcode.blog-masonry-shortcode-id-c07967022d654bc57b49da0dfa51644f .gallery-zoom-ico > span,\n.blog-shortcode.blog-masonry-shortcode-id-c07967022d654bc57b49da0dfa51644f .gallery-zoom-ico:before {\n  color: #ffffff;\n}\n.blog-shortcode.blog-masonry-shortcode-id-c07967022d654bc57b49da0dfa51644f .entry-title,\n.blog-shortcode.blog-masonry-shortcode-id-c07967022d654bc57b49da0dfa51644f.owl-carousel .entry-title {\n  margin-bottom: 5px;\n  font-weight: bold;\n}\n.blog-shortcode.blog-masonry-shortcode-id-c07967022d654bc57b49da0dfa51644f .entry-meta {\n  margin-bottom: 15px;\n}\n.blog-shortcode.blog-masonry-shortcode-id-c07967022d654bc57b49da0dfa51644f .portfolio-categories {\n  margin-bottom: 15px;\n}\n.blog-shortcode.blog-masonry-shortcode-id-c07967022d654bc57b49da0dfa51644f .entry-excerpt {\n  margin-bottom: 5px;\n}\n.blog-shortcode.blog-masonry-shortcode-id-c07967022d654bc57b49da0dfa51644f:not(.centered-layout-list) .post-entry-content {\n  padding: 15px 20px 20px 20px;\n}\n.blog-shortcode.blog-masonry-shortcode-id-c07967022d654bc57b49da0dfa51644f:not(.centered-layout-list):not(.content-bg-on):not(.mode-list) .no-img .post-entry-content {\n  padding: 0;\n}\n.blog-shortcode.blog-masonry-shortcode-id-c07967022d654bc57b49da0dfa51644f.content-bg-on:not(.classic-layout-list):not(.centered-layout-list) .post-entry-content {\n  background: #e6e6e6;\n  box-shadow: none;\n}\n@media screen and (max-width: ) {\n  .blog-shortcode.blog-masonry-shortcode-id-c07967022d654bc57b49da0dfa51644f article {\n    -ms-flex-flow: column nowrap;\n    flex-flow: column nowrap;\n    margin-top: 20px;\n  }\n  .blog-shortcode.blog-masonry-shortcode-id-c07967022d654bc57b49da0dfa51644f.dividers-on article {\n    border: none;\n  }\n  .blog-shortcode.blog-masonry-shortcode-id-c07967022d654bc57b49da0dfa51644f.content-bg-on.centered-layout-list article {\n    padding: 0;\n  }\n  .blog-shortcode.blog-masonry-shortcode-id-c07967022d654bc57b49da0dfa51644f.blog-shortcode.dividers-on article,\n  .blog-shortcode.blog-masonry-shortcode-id-c07967022d654bc57b49da0dfa51644f.dividers-on.classic-layout-list article {\n    margin-top: 20px;\n    padding: 0;\n  }\n  .blog-shortcode.blog-masonry-shortcode-id-c07967022d654bc57b49da0dfa51644f.blog-shortcode.dividers-on article:first-of-type,\n  .blog-shortcode.blog-masonry-shortcode-id-c07967022d654bc57b49da0dfa51644f.dividers-on.classic-layout-list article:first-of-type {\n    padding: 0;\n  }\n  #page .blog-shortcode.blog-masonry-shortcode-id-c07967022d654bc57b49da0dfa51644f .post-thumbnail-wrap,\n  #page .blog-shortcode.blog-masonry-shortcode-id-c07967022d654bc57b49da0dfa51644f .post-entry-content {\n    width: 100%;\n    margin: 0;\n    top: 0;\n  }\n  #page .blog-shortcode.blog-masonry-shortcode-id-c07967022d654bc57b49da0dfa51644f .post-thumbnail-wrap {\n    padding: 0;\n  }\n  #page .blog-shortcode.blog-masonry-shortcode-id-c07967022d654bc57b49da0dfa51644f .post-entry-content:after {\n    display: none;\n  }\n  #page .blog-shortcode.blog-masonry-shortcode-id-c07967022d654bc57b49da0dfa51644f .project-even .post-thumbnail-wrap,\n  #page .blog-shortcode.blog-masonry-shortcode-id-c07967022d654bc57b49da0dfa51644f.centered-layout-list .post-thumbnail-wrap {\n    -ms-flex-order: 0;\n    order: 0;\n  }\n  #page .blog-shortcode.blog-masonry-shortcode-id-c07967022d654bc57b49da0dfa51644f.centered-layout-list .post-entry-title-content {\n    -ms-flex-order: 1;\n    order: 1;\n    width: 100%;\n    padding: 20px 20px 0;\n  }\n  #page .blog-shortcode.blog-masonry-shortcode-id-c07967022d654bc57b49da0dfa51644f.centered-layout-list .post-entry-content {\n    -ms-flex-order: 2;\n    order: 2;\n    padding-top: 0;\n  }\n  #page .blog-shortcode.blog-masonry-shortcode-id-c07967022d654bc57b49da0dfa51644f .fancy-categories {\n    top: 10px;\n    left: 10px;\n    bottom: auto;\n    right: auto;\n  }\n  #page .blog-shortcode.blog-masonry-shortcode-id-c07967022d654bc57b49da0dfa51644f .fancy-date a {\n    top: 10px;\n    right: 10px;\n    left: auto;\n    bottom: auto;\n  }\n  #page .blog-shortcode.blog-masonry-shortcode-id-c07967022d654bc57b49da0dfa51644f .post-entry-content {\n    padding: 20px;\n  }\n  #page .blog-shortcode.blog-masonry-shortcode-id-c07967022d654bc57b49da0dfa51644f .entry-title {\n    margin: 3px 0 5px;\n    font-size: 20px;\n    line-height: 26px;\n  }\n  #page .blog-shortcode.blog-masonry-shortcode-id-c07967022d654bc57b49da0dfa51644f .entry-meta {\n    margin: 5px 0 5px;\n  }\n  #page .blog-shortcode.blog-masonry-shortcode-id-c07967022d654bc57b49da0dfa51644f .entry-excerpt {\n    margin: 15px 0 0;\n  }\n  #page .blog-shortcode.blog-masonry-shortcode-id-c07967022d654bc57b49da0dfa51644f .post-details {\n    margin: 5px 0 10px;\n  }\n  #page .blog-shortcode.blog-masonry-shortcode-id-c07967022d654bc57b49da0dfa51644f .post-details.details-type-link {\n    margin-bottom: 2px;\n  }\n}\n.blog-shortcode.blog-masonry-shortcode-id-c07967022d654bc57b49da0dfa51644f:not(.resize-by-browser-width) .dt-css-grid {\n  grid-row-gap: 50px;\n  grid-column-gap: 50px;\n  grid-template-columns: repeat(auto-fill,minmax(,1fr));\n}\n.blog-shortcode.blog-masonry-shortcode-id-c07967022d654bc57b49da0dfa51644f:not(.resize-by-browser-width) .dt-css-grid .double-width {\n  grid-column: span 2;\n}\n.cssgridlegacy.no-cssgrid .blog-shortcode.blog-masonry-shortcode-id-c07967022d654bc57b49da0dfa51644f:not(.resize-by-browser-width) .dt-css-grid,\n.no-cssgridlegacy.no-cssgrid .blog-shortcode.blog-masonry-shortcode-id-c07967022d654bc57b49da0dfa51644f:not(.resize-by-browser-width) .dt-css-grid {\n  display: flex;\n  flex-flow: row wrap;\n  margin: -25px;\n}\n.cssgridlegacy.no-cssgrid .blog-shortcode.blog-masonry-shortcode-id-c07967022d654bc57b49da0dfa51644f:not(.resize-by-browser-width) .dt-css-grid .wf-cell,\n.no-cssgridlegacy.no-cssgrid .blog-shortcode.blog-masonry-shortcode-id-c07967022d654bc57b49da0dfa51644f:not(.resize-by-browser-width) .dt-css-grid .wf-cell {\n  flex: 1 0 ;\n  max-width: 100%;\n  padding: 25px;\n  box-sizing: border-box;\n}\n.blog-shortcode.blog-masonry-shortcode-id-c07967022d654bc57b49da0dfa51644f.resize-by-browser-width .dt-css-grid {\n  grid-template-columns: repeat(1,1fr);\n  grid-template-rows: auto;\n  grid-column-gap: 50px;\n  grid-row-gap: 50px;\n}\n.blog-shortcode.blog-masonry-shortcode-id-c07967022d654bc57b49da0dfa51644f.resize-by-browser-width .dt-css-grid .double-width {\n  grid-column: span 2;\n}\n.cssgridlegacy.no-cssgrid .blog-shortcode.blog-masonry-shortcode-id-c07967022d654bc57b49da0dfa51644f.resize-by-browser-width .dt-css-grid {\n  margin: -25px;\n}\n.cssgridlegacy.no-cssgrid .blog-shortcode.blog-masonry-shortcode-id-c07967022d654bc57b49da0dfa51644f.resize-by-browser-width .dt-css-grid .wf-cell {\n  width: 100%;\n  padding: 25px;\n}\n.cssgridlegacy.no-cssgrid .blog-shortcode.blog-masonry-shortcode-id-c07967022d654bc57b49da0dfa51644f.resize-by-browser-width .dt-css-grid .wf-cell.double-width {\n  width: calc(100%) * 2;\n}\n.blog-shortcode.blog-masonry-shortcode-id-c07967022d654bc57b49da0dfa51644f.resize-by-browser-width:not(.centered-layout-list):not(.content-bg-on) .dt-css-grid {\n  grid-row-gap: 30px;\n}\n@media screen and (max-width: 1199px) {\n  .blog-shortcode.blog-masonry-shortcode-id-c07967022d654bc57b49da0dfa51644f.resize-by-browser-width .dt-css-grid {\n    grid-template-columns: repeat(1,1fr);\n  }\n  .cssgridlegacy.no-cssgrid .blog-shortcode.blog-masonry-shortcode-id-c07967022d654bc57b49da0dfa51644f.resize-by-browser-width .dt-css-grid .wf-cell,\n  .no-cssgridlegacy.no-cssgrid .blog-shortcode.blog-masonry-shortcode-id-c07967022d654bc57b49da0dfa51644f.resize-by-browser-width .dt-css-grid .wf-cell {\n    width: 100%;\n  }\n  .cssgridlegacy.no-cssgrid .blog-shortcode.blog-masonry-shortcode-id-c07967022d654bc57b49da0dfa51644f.resize-by-browser-width .dt-css-grid .wf-cell.double-width,\n  .no-cssgridlegacy.no-cssgrid .blog-shortcode.blog-masonry-shortcode-id-c07967022d654bc57b49da0dfa51644f.resize-by-browser-width .dt-css-grid .wf-cell.double-width {\n    width: calc(100%)*2;\n  }\n}\n@media screen and (max-width: 991px) {\n  .blog-shortcode.blog-masonry-shortcode-id-c07967022d654bc57b49da0dfa51644f.resize-by-browser-width .dt-css-grid {\n    grid-template-columns: repeat(1,1fr);\n  }\n  .cssgridlegacy.no-cssgrid .blog-shortcode.blog-masonry-shortcode-id-c07967022d654bc57b49da0dfa51644f.resize-by-browser-width .dt-css-grid .wf-cell,\n  .no-cssgridlegacy.no-cssgrid .blog-shortcode.blog-masonry-shortcode-id-c07967022d654bc57b49da0dfa51644f.resize-by-browser-width .dt-css-grid .wf-cell {\n    width: 100%;\n  }\n  .cssgridlegacy.no-cssgrid .blog-shortcode.blog-masonry-shortcode-id-c07967022d654bc57b49da0dfa51644f.resize-by-browser-width .dt-css-grid .wf-cell.double-width,\n  .no-cssgridlegacy.no-cssgrid .blog-shortcode.blog-masonry-shortcode-id-c07967022d654bc57b49da0dfa51644f.resize-by-browser-width .dt-css-grid .wf-cell.double-width {\n    width: calc(100%)*2;\n  }\n}\n@media screen and (max-width: 767px) {\n  .blog-shortcode.blog-masonry-shortcode-id-c07967022d654bc57b49da0dfa51644f.resize-by-browser-width .dt-css-grid {\n    grid-template-columns: repeat(1,1fr);\n  }\n  .blog-shortcode.blog-masonry-shortcode-id-c07967022d654bc57b49da0dfa51644f.resize-by-browser-width .dt-css-grid .double-width {\n    grid-column: span 1;\n  }\n  .cssgridlegacy.no-cssgrid .blog-shortcode.blog-masonry-shortcode-id-c07967022d654bc57b49da0dfa51644f.resize-by-browser-width .dt-css-grid .wf-cell,\n  .no-cssgridlegacy.no-cssgrid .blog-shortcode.blog-masonry-shortcode-id-c07967022d654bc57b49da0dfa51644f.resize-by-browser-width .dt-css-grid .wf-cell {\n    width: 100%;\n  }\n  .cssgridlegacy.no-cssgrid .blog-shortcode.blog-masonry-shortcode-id-c07967022d654bc57b49da0dfa51644f.resize-by-browser-width .dt-css-grid .wf-cell.double-width,\n  .no-cssgridlegacy.no-cssgrid .blog-shortcode.blog-masonry-shortcode-id-c07967022d654bc57b49da0dfa51644f.resize-by-browser-width .dt-css-grid .wf-cell.double-width {\n    width: calc(100%)*2;\n  }\n}<\/style><div class=\"blog-shortcode blog-masonry-shortcode-id-c07967022d654bc57b49da0dfa51644f mode-grid classic-layout-list content-bg-on jquery-filter vertical-fancy-style scale-img dt-css-grid-wrap dt-icon-bg-off resize-by-browser-width loading-effect-none description-under-image \" data-padding=\"25px\" data-cur-page=\"1\" data-post-limit=\"2\" data-pagination-mode=\"load-more\" aria-live=\"assertive\" data-desktop-columns-num=\"1\" data-v-tablet-columns-num=\"1\" data-h-tablet-columns-num=\"1\" data-phone-columns-num=\"1\" data-width=\"0px\" data-columns=\"0\"><div class=\"dt-css-grid\" ><div class=\"visible wf-cell\" data-post-id=\"98763\" data-date=\"2023-11-06T00:33:36+00:00\" data-name=\"\ud83c\udfac Successful premiere of the film &quot;Soultribe - A Dance of Life&quot; by Stefan Rainer in Munich\"><article class=\"post project-odd visible post-98763 type-post status-publish format-standard has-post-thumbnail hentry category-artkeim-en category-cinema category-film-en category-movie-distribution category-news-en category-world-sales tag-artkeim-en tag-cosmic-cine-tv-2 tag-ein-tanz-des-lebens-2 tag-gloria-filmpalast-2 tag-kino-en tag-mathaser tag-mathaser-filmpalast tag-muenchen-en tag-soultribe-2 tag-stefan-rainer-2 category-570 category-1011 category-942 category-4630 category-941 category-7530\" data-name=\"\ud83c\udfac Successful premiere of the film &#8220;Soultribe &#8211; A Dance of Life&#8221; by Stefan Rainer in Munich\" data-date=\"2023-11-06T00:33:36+00:00\">\n\n<div class=\"post-thumbnail-wrap\">\n\t<div class=\"post-thumbnail\">\n\t\t\n\t\t\n\t\t<a href=\"https:\/\/ucm.one\/en\/successful-premiere-of-the-film-soultribe-a-dance-of-life-by-stefan-rainer-in-munich\/\" class=\"post-thumbnail-rollover layzr-bg layzr-bg\" ><img decoding=\"async\" class=\"iso-lazy-load preload-me iso-lazy-load aspect\" src=\"data:image\/svg+xml,%3Csvg%20xmlns%3D&#39;http%3A%2F%2Fwww.w3.org%2F2000%2Fsvg&#39;%20viewBox%3D&#39;0%200%20990%20309&#39;%2F%3E\" data-src=\"https:\/\/ucm.one\/wp-content\/uploads\/2023\/11\/B-Soultribe-Premiere-990x309.jpg\" data-srcset=\"https:\/\/ucm.one\/wp-content\/uploads\/2023\/11\/B-Soultribe-Premiere-990x309.jpg 990w, https:\/\/ucm.one\/wp-content\/uploads\/2023\/11\/B-Soultribe-Premiere-1485x464.jpg 1485w\" loading=\"eager\" style=\"--ratio: 990 \/ 309\" sizes=\"(max-width: 990px) 100vw, 990px\" alt=\"\" title=\"B Soultribe Premiere\" width=\"990\" height=\"309\"  \/><\/a>\t<\/div>\n<\/div>\n\n\n<div class=\"post-entry-content\">\n\n\t<h3 class=\"entry-title\">\n\t\t<a href=\"https:\/\/ucm.one\/en\/successful-premiere-of-the-film-soultribe-a-dance-of-life-by-stefan-rainer-in-munich\/\" title=\"\ud83c\udfac Successful premiere of the film &#8220;Soultribe &#8211; A Dance of Life&#8221; by Stefan Rainer in Munich\" rel=\"bookmark\">\ud83c\udfac Successful premiere of the film &#8220;Soultribe &#8211; A Dance of Life&#8221; by Stefan Rainer in Munich<\/a>\n\t<\/h3>\n\n\t<div class=\"entry-meta\"><span class=\"category-link\"><a href=\"https:\/\/ucm.one\/en\/category\/news-en\/film-en\/artkeim-en\/\" >Artkeim\u00b2<\/a>, <a href=\"https:\/\/ucm.one\/en\/category\/news-en\/cinema\/\" >Cinema<\/a>, <a href=\"https:\/\/ucm.one\/en\/category\/news-en\/film-en\/\" >Film<\/a>, <a href=\"https:\/\/ucm.one\/en\/category\/news-en\/movie-distribution\/\" >Movie Distribution<\/a>, <a href=\"https:\/\/ucm.one\/en\/category\/news-en\/\" >News<\/a>, <a href=\"https:\/\/ucm.one\/en\/category\/news-en\/movie-distribution\/world-sales\/\" >World Sales<\/a><\/span><a class=\"author vcard\" href=\"\" title=\"View all posts by Joachim Keil\" rel=\"author\">By <span class=\"fn\">Joachim Keil<\/span><\/a><a href=\"https:\/\/ucm.one\/en\/2023\/11\/06\/\" title=\"00:33\" class=\"data-link\" rel=\"bookmark\"><time class=\"entry-date updated\" datetime=\"2023-11-06T00:33:36+00:00\">6. November 2023<\/time><\/a><\/div>\n\t<div class=\"entry-excerpt\"><p>[vc_row][vc_column][vc_column_text] The moving cinema premiere of &#8220;Soultribe &#8211; A Dance of Life&#8221; by director and producer Stefan Rainer on 5 November at the Math\u00e4ser Filmpalast and Gloria Palast in Munich inspired and touched the audience in the sold-out cinema auditorium and ended with standing ovations for the protagonists present and at the same time the&hellip;<\/p>\n<\/div>\n\t\n<a href=\"https:\/\/ucm.one\/en\/successful-premiere-of-the-film-soultribe-a-dance-of-life-by-stefan-rainer-in-munich\/\" class=\"post-details details-type-link\" aria-label=\"Read more about \ud83c\udfac Successful premiere of the film &#8220;Soultribe &#8211; A Dance of Life&#8221; by Stefan Rainer in Munich\">Read more<i class=\"dt-icon-the7-arrow-03\" aria-hidden=\"true\"><\/i><\/a>\n\n<\/div><\/article><\/div><div class=\"visible wf-cell\" data-post-id=\"98269\" data-date=\"2023-11-02T00:01:39+00:00\" data-name=\"\ud83c\udfac Theatrical release of &quot;Soultribe&quot;. Premiere at Munich&#039;s Math\u00e4ser and Glorias Filmpalast\"><article class=\"post project-odd visible post-98269 type-post status-publish format-standard has-post-thumbnail hentry category-artkeim-en category-cinema category-film-en category-movie-distribution category-news-en category-world-sales tag-artkeim-en tag-cosmic-cine-tv-2 tag-ein-tanz-des-lebens-2 tag-gloria-filmpalast-2 tag-kino-en tag-mathaser tag-mathaser-filmpalast tag-muenchen-en tag-soultribe-2 tag-stefan-rainer-2 category-570 category-1011 category-942 category-4630 category-941 category-7530\" data-name=\"\ud83c\udfac Theatrical release of &#8220;Soultribe&#8221;. Premiere at Munich&#8217;s Math\u00e4ser and Glorias Filmpalast\" data-date=\"2023-11-02T00:01:39+00:00\">\n\n<div class=\"post-thumbnail-wrap\">\n\t<div class=\"post-thumbnail\">\n\t\t\n\t\t\n\t\t<a href=\"https:\/\/ucm.one\/en\/theatrical-release-of-soultribe-premiere-at-munichs-mathaeser-and-glorias-filmpalast\/\" class=\"post-thumbnail-rollover layzr-bg layzr-bg\" ><img decoding=\"async\" class=\"iso-lazy-load preload-me iso-lazy-load aspect\" src=\"data:image\/svg+xml,%3Csvg%20xmlns%3D&#39;http%3A%2F%2Fwww.w3.org%2F2000%2Fsvg&#39;%20viewBox%3D&#39;0%200%20990%20309&#39;%2F%3E\" data-src=\"https:\/\/ucm.one\/wp-content\/uploads\/2023\/11\/B-Soultribe-Kinostart-990x309.jpg\" data-srcset=\"https:\/\/ucm.one\/wp-content\/uploads\/2023\/11\/B-Soultribe-Kinostart-990x309.jpg 990w, https:\/\/ucm.one\/wp-content\/uploads\/2023\/11\/B-Soultribe-Kinostart-1485x464.jpg 1485w\" loading=\"eager\" style=\"--ratio: 990 \/ 309\" sizes=\"(max-width: 990px) 100vw, 990px\" alt=\"\" title=\"B Soultribe Kinostart\" width=\"990\" height=\"309\"  \/><\/a>\t<\/div>\n<\/div>\n\n\n<div class=\"post-entry-content\">\n\n\t<h3 class=\"entry-title\">\n\t\t<a href=\"https:\/\/ucm.one\/en\/theatrical-release-of-soultribe-premiere-at-munichs-mathaeser-and-glorias-filmpalast\/\" title=\"\ud83c\udfac Theatrical release of &#8220;Soultribe&#8221;. Premiere at Munich&#8217;s Math\u00e4ser and Glorias Filmpalast\" rel=\"bookmark\">\ud83c\udfac Theatrical release of &#8220;Soultribe&#8221;. Premiere at Munich&#8217;s Math\u00e4ser and Glorias Filmpalast<\/a>\n\t<\/h3>\n\n\t<div class=\"entry-meta\"><span class=\"category-link\"><a href=\"https:\/\/ucm.one\/en\/category\/news-en\/film-en\/artkeim-en\/\" >Artkeim\u00b2<\/a>, <a href=\"https:\/\/ucm.one\/en\/category\/news-en\/cinema\/\" >Cinema<\/a>, <a href=\"https:\/\/ucm.one\/en\/category\/news-en\/film-en\/\" >Film<\/a>, <a href=\"https:\/\/ucm.one\/en\/category\/news-en\/movie-distribution\/\" >Movie Distribution<\/a>, <a href=\"https:\/\/ucm.one\/en\/category\/news-en\/\" >News<\/a>, <a href=\"https:\/\/ucm.one\/en\/category\/news-en\/movie-distribution\/world-sales\/\" >World Sales<\/a><\/span><a class=\"author vcard\" href=\"\" title=\"View all posts by Joachim Keil\" rel=\"author\">By <span class=\"fn\">Joachim Keil<\/span><\/a><a href=\"https:\/\/ucm.one\/en\/2023\/11\/02\/\" title=\"00:01\" class=\"data-link\" rel=\"bookmark\"><time class=\"entry-date updated\" datetime=\"2023-11-02T00:01:39+00:00\">2. November 2023<\/time><\/a><\/div>\n\t<div class=\"entry-excerpt\"><p>[vc_row][vc_column][vc_column_text] This week the film &#8220;Soultribe&#8221; by Stefan Rainer will be released in German cinemas. The official premiere will take place on Sunday, 5 November 2023, at 5 pm at the Math\u00e4ser and at 5.30 pm at the Gloria Filmpalast in Munich. The 5pm screening is sold out. There are still remaining tickets for the&hellip;<\/p>\n<\/div>\n\t\n<a href=\"https:\/\/ucm.one\/en\/theatrical-release-of-soultribe-premiere-at-munichs-mathaeser-and-glorias-filmpalast\/\" class=\"post-details details-type-link\" aria-label=\"Read more about \ud83c\udfac Theatrical release of &#8220;Soultribe&#8221;. Premiere at Munich&#8217;s Math\u00e4ser and Glorias Filmpalast\">Read more<i class=\"dt-icon-the7-arrow-03\" aria-hidden=\"true\"><\/i><\/a>\n\n<\/div><\/article><\/div><\/div><!-- iso-container|iso-grid --><div class=\"paginator paginator-more-button\">\n\t\t\t\t<a class=\"button-load-more \" href=\"javascript:void(0);\" data-dt-page=\"1\" ><span class=\"stick\"><\/span><span class=\"stick\"><\/span><span class=\"stick\"><\/span><span class=\"button-caption\">Load more<\/span><\/a>\n\t\t\t<\/div><\/div>[\/vc_tta_section][\/vc_tta_accordion][vc_separator][\/vc_column][\/vc_row][vc_row css=&#8221;.vc_custom_1704974608452{padding-top: 80px !important;}&#8221;][vc_column width=&#8221;1\/4&#8243; offset=&#8221;vc_col-lg-offset-0 vc_col-md-offset-0 vc_col-sm-offset-0&#8243;][vc_column_text css=&#8221;.vc_custom_1705448257471{background-position: center !important;background-repeat: no-repeat !important;background-size: cover !important;}&#8221;]<img decoding=\"async\" class=\"alignnone wp-image-98025 size-full\" src=\"https:\/\/ucm.one\/wp-content\/uploads\/2023\/10\/P-Monolith.jpg\" alt=\"\" width=\"699\" height=\"1000\" srcset=\"https:\/\/ucm.one\/wp-content\/uploads\/2023\/10\/P-Monolith.jpg 699w, https:\/\/ucm.one\/wp-content\/uploads\/2023\/10\/P-Monolith-210x300.jpg 210w, https:\/\/ucm.one\/wp-content\/uploads\/2023\/10\/P-Monolith-300x429.jpg 300w, https:\/\/ucm.one\/wp-content\/uploads\/2023\/10\/P-Monolith-600x858.jpg 600w\" sizes=\"(max-width: 699px) 100vw, 699px\" \/>[\/vc_column_text][\/vc_column][vc_column width=&#8221;3\/4&#8243;][vc_column_text]<\/p>\n<h2>Monolith<\/h2>\n<h3><span style=\"font-family: arial, helvetica, sans-serif;\">by <\/span><span lang=\"EN-US\">Julius Schulthei\u00df<\/span><\/h3>\n<div class=\"wpb_text_column wpb_content_element \">\n<div class=\"wpb_wrapper\">\n<div class=\"wpb_text_column wpb_content_element \">\n<div class=\"wpb_wrapper\">\n<div class=\"wpb_text_column wpb_content_element vc_custom_1681339038108\">\n<div class=\"wpb_wrapper\">\n<p>Samir is part of a social circle of friends. One evening, his friend Basil suddenly leaves the group and doesn&#8217;t return. Shortly afterwards, Samir&#8217;s night shift begins, he gets into a taxi and we follow him for 24 hours: he sets off on a road trip through Berlin at night, one eye always on his smartphone to show him the way. The next day, while searching for Basil, Samir meets people who make him increasingly aware of his dwindling existence. When he realises that he can&#8217;t get anywhere on his own, the mysterious Henry appears and offers him a solution that requires sacrifice.<\/p>\n<p>Monolith is an &#8220;essayistic film noir&#8221; (according to director and author Julius Schulthei\u00df) told with the means of a police thriller, which takes the viewer on an oppressive journey into the protagonist&#8217;s inner world. The film succeeds in telling the story of the protagonist&#8217;s seemingly deliberate annihilation of his own existence in impressive and powerful images.<\/p>\n<\/div>\n<\/div>\n<\/div>\n<\/div>\n<\/div>\n<\/div>\n<div class=\"wpb_text_column wpb_content_element \">\n<div class=\"wpb_wrapper\">\n<h3><span style=\"font-family: arial, helvetica, sans-serif;\">Theatrical release: October 12, 2023<\/span><\/h3>\n<\/div>\n<\/div>\n<p>[\/vc_column_text][\/vc_column][\/vc_row][vc_row][vc_column width=&#8221;5\/6&#8243;][vc_column_text]Darling Berlin | 2023 | Drama, Thriller | Germany | Original title: \u201c<a title=\"Monolith (2023) by Julius Schulthei\u00df | Darling Berlin\" href=\"https:\/\/ucm.one\/en\/monolith\/\">Monolith<\/a>\u201c[\/vc_column_text][\/vc_column][vc_column width=&#8221;1\/6&#8243;][vc_btn title=&#8221;Press Material&#8221; size=&#8221;xs&#8221; align=&#8221;center&#8221; i_icon_fontawesome=&#8221;far fa-file-pdf&#8221; button_block=&#8221;true&#8221; add_icon=&#8221;true&#8221; link=&#8221;url:https%3A%2F%2Fwww.ucm.one%2Fpresse%2Fdb_monolith_presskit.zip|title:Press%20Material|target:_blank&#8221;][\/vc_column][\/vc_row][vc_row][vc_column][vc_tta_accordion style=&#8221;modern&#8221; shape=&#8221;square&#8221; c_icon=&#8221;chevron&#8221; active_section=&#8221;33&#8243; no_fill=&#8221;true&#8221; collapsible_all=&#8221;true&#8221;][vc_tta_section title=&#8221;More information&#8221; tab_id=&#8221;1705448134165-80e98f0d-156b&#8221;][vc_column_text]<\/p>\n<div class=\"wpb_text_column wpb_content_element \">\n<div class=\"wpb_wrapper\">\n<div class=\"wpb_text_column wpb_content_element \">\n<div class=\"wpb_wrapper\">\n<div class=\"wpb_text_column wpb_content_element \">\n<div class=\"wpb_wrapper\">\n<div class=\"wpb_text_column wpb_content_element \">\n<div class=\"wpb_wrapper\">\n<div class=\"wpb_text_column wpb_content_element \">\n<div class=\"wpb_wrapper\">\n<div class=\"wpb_text_column wpb_content_element \">\n<div class=\"wpb_wrapper\">\n<p><strong>Title:<\/strong> Monolith &#8211; An essayistic film noir<br \/>\n<strong>Director &amp; Writer:<\/strong> Julius Schulthei\u00df<br \/>\n<strong>Visual design:<\/strong> Lukas Eylandt<br \/>\n<strong>Editors:<\/strong> Julius Maibaum, Robert Falckenberg<br \/>\n<strong>Music:<\/strong> Peter Ries, Ivan Piperov &amp; Benjamin Trinkle<br \/>\n<strong>Costume design:<\/strong> Eva Maibaum<br \/>\n<strong>Sound:<\/strong> Luis Burkhardt<br \/>\n<strong>Production:<\/strong> finderlohnfilm<br \/>\n<strong>Producers:<\/strong> Julius Schulthei\u00df, Patrick Schorn<br \/>\n<strong>Associated producers:<\/strong> Gerold &amp; Ulrike Dukat, Karin &amp; Hans-Georg Schulthei\u00df, Dr med Sami Watad, Gerd &amp; Heidrun Schulthei\u00df, Andreas Behrendt. Ruth Gl\u00f6rfeld, Christa Meyszner, Margareta Bloom<br \/>\n<strong>Performers:<\/strong> Thomas Halle (Samir\/Levent), Susana AbdulMajid (Seynep), Ali Berber (Basil), David Bredin (Henry), Marc Ben Puch (Bruckner), Maxi Geithner (Maren), Thea Rasche (perpetrator)<br \/>\n<strong>Genres:<\/strong> Drama, Mystery-Thriller<br \/>\n<strong>Country of production:<\/strong> Germany<br \/>\n<strong>Year of production:<\/strong> 2023<\/p>\n<p><strong>Running time:<\/strong> 72 minutes<br \/>\n<strong>Projection format:<\/strong> DCI 2K F-178<br \/>\n<strong>Resolution:<\/strong> 1920\u00d71080<br \/>\n<strong>Sound<\/strong>: Stereo 2.0<br \/>\n<strong>Rating:<\/strong> FSK 12 (Descriptors: Threat, Language)<\/p>\n<\/div>\n<\/div>\n<div><div class=\"gap\" style=\"line-height: 10px; height: 10px;\"><\/div><\/div>\n<div>All information about the film: <a title=\"Monolith (2023) by Julius Schulthei\u00df | Darling Berlin\" href=\"https:\/\/ucm.one\/en\/monolith\/\">Monolith<\/a><\/div>\n<div><div class=\"gap\" style=\"line-height: 20px; height: 20px;\"><\/div><\/div>\n<div class=\"wpb_text_column wpb_content_element \">\n<div><\/div>\n<\/div>\n<\/div>\n<\/div>\n<\/div>\n<\/div>\n<\/div>\n<\/div>\n<\/div>\n<\/div>\n<\/div>\n<\/div>\n<p>[\/vc_column_text][\/vc_tta_section][vc_tta_section title=&#8221;Trailer&#8221; tab_id=&#8221;1705448134251-9f686200-8260&#8243;][vc_video link=&#8221;https:\/\/www.youtube.com\/watch?v=qMj0PrxkFC4&#8243;][\/vc_tta_section][vc_tta_section title=&#8221;News&#8221; tab_id=&#8221;1705448134340-5f118c1f-80b6&#8243;]<style type=\"text\/css\" data-type=\"the7_shortcodes-inline-css\">.blog-shortcode.blog-masonry-shortcode-id-6bd41377409645384df303750187de9b.content-bg-on.classic-layout-list article {\n  background: #e6e6e6;\n  box-shadow: none;\n}\n.blog-shortcode.blog-masonry-shortcode-id-6bd41377409645384df303750187de9b.dividers-on.classic-layout-list article {\n  padding-top: 0;\n}\n.blog-shortcode.blog-masonry-shortcode-id-6bd41377409645384df303750187de9b.dividers-on.classic-layout-list article:first-of-type {\n  margin-top: 0;\n  padding-top: 0;\n}\n.blog-shortcode.blog-masonry-shortcode-id-6bd41377409645384df303750187de9b.classic-layout-list.mode-list .post-entry-content {\n  width: calc(100% - );\n}\n.blog-shortcode.blog-masonry-shortcode-id-6bd41377409645384df303750187de9b.classic-layout-list.mode-list .no-img .post-entry-content {\n  width: 100%;\n}\n.blog-shortcode.blog-masonry-shortcode-id-6bd41377409645384df303750187de9b .filter-bg-decoration .filter-categories a.act {\n  color: #fff;\n}\n.blog-shortcode.blog-masonry-shortcode-id-6bd41377409645384df303750187de9b:not(.mode-masonry) article:first-of-type,\n.blog-shortcode.blog-masonry-shortcode-id-6bd41377409645384df303750187de9b:not(.mode-masonry) article.visible.first:not(.product) {\n  margin-top: 0;\n}\n.blog-shortcode.blog-masonry-shortcode-id-6bd41377409645384df303750187de9b.dividers-on:not(.mode-masonry) article {\n  margin-top: 0;\n}\n.blog-shortcode.blog-masonry-shortcode-id-6bd41377409645384df303750187de9b.dividers-on:not(.mode-masonry) article:first-of-type,\n.blog-shortcode.blog-masonry-shortcode-id-6bd41377409645384df303750187de9b.dividers-on:not(.mode-masonry) article.visible.first:not(.product) {\n  margin-top: 0;\n  padding-top: 0;\n}\n.blog-shortcode.blog-masonry-shortcode-id-6bd41377409645384df303750187de9b .post-thumbnail-wrap {\n  padding: 0px 0px 0px 0px;\n}\n.blog-shortcode.blog-masonry-shortcode-id-6bd41377409645384df303750187de9b.enable-bg-rollover .post-thumbnail-rollover:after {\n  background: -webkit-linear-gradient();\n  background: linear-gradient();\n}\n.blog-shortcode.blog-masonry-shortcode-id-6bd41377409645384df303750187de9b .gallery-zoom-ico {\n  width: 44px;\n  height: 44px;\n  line-height: 44px;\n  border-radius: 100px;\n  margin: -22px 0 0 -22px;\n  border-width: 0px;\n  color: #ffffff;\n}\n.bottom-overlap-layout-list.blog-shortcode.blog-masonry-shortcode-id-6bd41377409645384df303750187de9b .gallery-zoom-ico {\n  margin-top: -72px;\n}\n.gradient-overlay-layout-list.blog-shortcode.blog-masonry-shortcode-id-6bd41377409645384df303750187de9b .gallery-zoom-ico,\n.content-rollover-layout-list.blog-shortcode.blog-masonry-shortcode-id-6bd41377409645384df303750187de9b .gallery-zoom-ico {\n  margin: 0 0 10px;\n}\n.content-align-center.gradient-overlay-layout-list.blog-shortcode.blog-masonry-shortcode-id-6bd41377409645384df303750187de9b .gallery-zoom-ico,\n.content-align-center.content-rollover-layout-list.blog-shortcode.blog-masonry-shortcode-id-6bd41377409645384df303750187de9b .gallery-zoom-ico {\n  margin: 0 auto 10px;\n}\n.dt-icon-bg-on.blog-shortcode.blog-masonry-shortcode-id-6bd41377409645384df303750187de9b .gallery-zoom-ico {\n  background: rgba(255,255,255,0.3);\n  box-shadow: none;\n}\n.blog-shortcode.blog-masonry-shortcode-id-6bd41377409645384df303750187de9b .gallery-zoom-ico > span,\n.blog-shortcode.blog-masonry-shortcode-id-6bd41377409645384df303750187de9b .gallery-zoom-ico:before {\n  font-size: 32px;\n  line-height: 44px;\n}\n.blog-shortcode.blog-masonry-shortcode-id-6bd41377409645384df303750187de9b .gallery-zoom-ico > span,\n.blog-shortcode.blog-masonry-shortcode-id-6bd41377409645384df303750187de9b .gallery-zoom-ico:before {\n  color: #ffffff;\n}\n.blog-shortcode.blog-masonry-shortcode-id-6bd41377409645384df303750187de9b .entry-title,\n.blog-shortcode.blog-masonry-shortcode-id-6bd41377409645384df303750187de9b.owl-carousel .entry-title {\n  margin-bottom: 5px;\n  font-weight: bold;\n}\n.blog-shortcode.blog-masonry-shortcode-id-6bd41377409645384df303750187de9b .entry-meta {\n  margin-bottom: 15px;\n}\n.blog-shortcode.blog-masonry-shortcode-id-6bd41377409645384df303750187de9b .portfolio-categories {\n  margin-bottom: 15px;\n}\n.blog-shortcode.blog-masonry-shortcode-id-6bd41377409645384df303750187de9b .entry-excerpt {\n  margin-bottom: 5px;\n}\n.blog-shortcode.blog-masonry-shortcode-id-6bd41377409645384df303750187de9b:not(.centered-layout-list) .post-entry-content {\n  padding: 15px 20px 20px 20px;\n}\n.blog-shortcode.blog-masonry-shortcode-id-6bd41377409645384df303750187de9b:not(.centered-layout-list):not(.content-bg-on):not(.mode-list) .no-img .post-entry-content {\n  padding: 0;\n}\n.blog-shortcode.blog-masonry-shortcode-id-6bd41377409645384df303750187de9b.content-bg-on:not(.classic-layout-list):not(.centered-layout-list) .post-entry-content {\n  background: #e6e6e6;\n  box-shadow: none;\n}\n@media screen and (max-width: ) {\n  .blog-shortcode.blog-masonry-shortcode-id-6bd41377409645384df303750187de9b article {\n    -ms-flex-flow: column nowrap;\n    flex-flow: column nowrap;\n    margin-top: 20px;\n  }\n  .blog-shortcode.blog-masonry-shortcode-id-6bd41377409645384df303750187de9b.dividers-on article {\n    border: none;\n  }\n  .blog-shortcode.blog-masonry-shortcode-id-6bd41377409645384df303750187de9b.content-bg-on.centered-layout-list article {\n    padding: 0;\n  }\n  .blog-shortcode.blog-masonry-shortcode-id-6bd41377409645384df303750187de9b.blog-shortcode.dividers-on article,\n  .blog-shortcode.blog-masonry-shortcode-id-6bd41377409645384df303750187de9b.dividers-on.classic-layout-list article {\n    margin-top: 20px;\n    padding: 0;\n  }\n  .blog-shortcode.blog-masonry-shortcode-id-6bd41377409645384df303750187de9b.blog-shortcode.dividers-on article:first-of-type,\n  .blog-shortcode.blog-masonry-shortcode-id-6bd41377409645384df303750187de9b.dividers-on.classic-layout-list article:first-of-type {\n    padding: 0;\n  }\n  #page .blog-shortcode.blog-masonry-shortcode-id-6bd41377409645384df303750187de9b .post-thumbnail-wrap,\n  #page .blog-shortcode.blog-masonry-shortcode-id-6bd41377409645384df303750187de9b .post-entry-content {\n    width: 100%;\n    margin: 0;\n    top: 0;\n  }\n  #page .blog-shortcode.blog-masonry-shortcode-id-6bd41377409645384df303750187de9b .post-thumbnail-wrap {\n    padding: 0;\n  }\n  #page .blog-shortcode.blog-masonry-shortcode-id-6bd41377409645384df303750187de9b .post-entry-content:after {\n    display: none;\n  }\n  #page .blog-shortcode.blog-masonry-shortcode-id-6bd41377409645384df303750187de9b .project-even .post-thumbnail-wrap,\n  #page .blog-shortcode.blog-masonry-shortcode-id-6bd41377409645384df303750187de9b.centered-layout-list .post-thumbnail-wrap {\n    -ms-flex-order: 0;\n    order: 0;\n  }\n  #page .blog-shortcode.blog-masonry-shortcode-id-6bd41377409645384df303750187de9b.centered-layout-list .post-entry-title-content {\n    -ms-flex-order: 1;\n    order: 1;\n    width: 100%;\n    padding: 20px 20px 0;\n  }\n  #page .blog-shortcode.blog-masonry-shortcode-id-6bd41377409645384df303750187de9b.centered-layout-list .post-entry-content {\n    -ms-flex-order: 2;\n    order: 2;\n    padding-top: 0;\n  }\n  #page .blog-shortcode.blog-masonry-shortcode-id-6bd41377409645384df303750187de9b .fancy-categories {\n    top: 10px;\n    left: 10px;\n    bottom: auto;\n    right: auto;\n  }\n  #page .blog-shortcode.blog-masonry-shortcode-id-6bd41377409645384df303750187de9b .fancy-date a {\n    top: 10px;\n    right: 10px;\n    left: auto;\n    bottom: auto;\n  }\n  #page .blog-shortcode.blog-masonry-shortcode-id-6bd41377409645384df303750187de9b .post-entry-content {\n    padding: 20px;\n  }\n  #page .blog-shortcode.blog-masonry-shortcode-id-6bd41377409645384df303750187de9b .entry-title {\n    margin: 3px 0 5px;\n    font-size: 20px;\n    line-height: 26px;\n  }\n  #page .blog-shortcode.blog-masonry-shortcode-id-6bd41377409645384df303750187de9b .entry-meta {\n    margin: 5px 0 5px;\n  }\n  #page .blog-shortcode.blog-masonry-shortcode-id-6bd41377409645384df303750187de9b .entry-excerpt {\n    margin: 15px 0 0;\n  }\n  #page .blog-shortcode.blog-masonry-shortcode-id-6bd41377409645384df303750187de9b .post-details {\n    margin: 5px 0 10px;\n  }\n  #page .blog-shortcode.blog-masonry-shortcode-id-6bd41377409645384df303750187de9b .post-details.details-type-link {\n    margin-bottom: 2px;\n  }\n}\n.blog-shortcode.blog-masonry-shortcode-id-6bd41377409645384df303750187de9b:not(.resize-by-browser-width) .dt-css-grid {\n  grid-row-gap: 50px;\n  grid-column-gap: 50px;\n  grid-template-columns: repeat(auto-fill,minmax(,1fr));\n}\n.blog-shortcode.blog-masonry-shortcode-id-6bd41377409645384df303750187de9b:not(.resize-by-browser-width) .dt-css-grid .double-width {\n  grid-column: span 2;\n}\n.cssgridlegacy.no-cssgrid .blog-shortcode.blog-masonry-shortcode-id-6bd41377409645384df303750187de9b:not(.resize-by-browser-width) .dt-css-grid,\n.no-cssgridlegacy.no-cssgrid .blog-shortcode.blog-masonry-shortcode-id-6bd41377409645384df303750187de9b:not(.resize-by-browser-width) .dt-css-grid {\n  display: flex;\n  flex-flow: row wrap;\n  margin: -25px;\n}\n.cssgridlegacy.no-cssgrid .blog-shortcode.blog-masonry-shortcode-id-6bd41377409645384df303750187de9b:not(.resize-by-browser-width) .dt-css-grid .wf-cell,\n.no-cssgridlegacy.no-cssgrid .blog-shortcode.blog-masonry-shortcode-id-6bd41377409645384df303750187de9b:not(.resize-by-browser-width) .dt-css-grid .wf-cell {\n  flex: 1 0 ;\n  max-width: 100%;\n  padding: 25px;\n  box-sizing: border-box;\n}\n.blog-shortcode.blog-masonry-shortcode-id-6bd41377409645384df303750187de9b.resize-by-browser-width .dt-css-grid {\n  grid-template-columns: repeat(1,1fr);\n  grid-template-rows: auto;\n  grid-column-gap: 50px;\n  grid-row-gap: 50px;\n}\n.blog-shortcode.blog-masonry-shortcode-id-6bd41377409645384df303750187de9b.resize-by-browser-width .dt-css-grid .double-width {\n  grid-column: span 2;\n}\n.cssgridlegacy.no-cssgrid .blog-shortcode.blog-masonry-shortcode-id-6bd41377409645384df303750187de9b.resize-by-browser-width .dt-css-grid {\n  margin: -25px;\n}\n.cssgridlegacy.no-cssgrid .blog-shortcode.blog-masonry-shortcode-id-6bd41377409645384df303750187de9b.resize-by-browser-width .dt-css-grid .wf-cell {\n  width: 100%;\n  padding: 25px;\n}\n.cssgridlegacy.no-cssgrid .blog-shortcode.blog-masonry-shortcode-id-6bd41377409645384df303750187de9b.resize-by-browser-width .dt-css-grid .wf-cell.double-width {\n  width: calc(100%) * 2;\n}\n.blog-shortcode.blog-masonry-shortcode-id-6bd41377409645384df303750187de9b.resize-by-browser-width:not(.centered-layout-list):not(.content-bg-on) .dt-css-grid {\n  grid-row-gap: 30px;\n}\n@media screen and (max-width: 1199px) {\n  .blog-shortcode.blog-masonry-shortcode-id-6bd41377409645384df303750187de9b.resize-by-browser-width .dt-css-grid {\n    grid-template-columns: repeat(1,1fr);\n  }\n  .cssgridlegacy.no-cssgrid .blog-shortcode.blog-masonry-shortcode-id-6bd41377409645384df303750187de9b.resize-by-browser-width .dt-css-grid .wf-cell,\n  .no-cssgridlegacy.no-cssgrid .blog-shortcode.blog-masonry-shortcode-id-6bd41377409645384df303750187de9b.resize-by-browser-width .dt-css-grid .wf-cell {\n    width: 100%;\n  }\n  .cssgridlegacy.no-cssgrid .blog-shortcode.blog-masonry-shortcode-id-6bd41377409645384df303750187de9b.resize-by-browser-width .dt-css-grid .wf-cell.double-width,\n  .no-cssgridlegacy.no-cssgrid .blog-shortcode.blog-masonry-shortcode-id-6bd41377409645384df303750187de9b.resize-by-browser-width .dt-css-grid .wf-cell.double-width {\n    width: calc(100%)*2;\n  }\n}\n@media screen and (max-width: 991px) {\n  .blog-shortcode.blog-masonry-shortcode-id-6bd41377409645384df303750187de9b.resize-by-browser-width .dt-css-grid {\n    grid-template-columns: repeat(1,1fr);\n  }\n  .cssgridlegacy.no-cssgrid .blog-shortcode.blog-masonry-shortcode-id-6bd41377409645384df303750187de9b.resize-by-browser-width .dt-css-grid .wf-cell,\n  .no-cssgridlegacy.no-cssgrid .blog-shortcode.blog-masonry-shortcode-id-6bd41377409645384df303750187de9b.resize-by-browser-width .dt-css-grid .wf-cell {\n    width: 100%;\n  }\n  .cssgridlegacy.no-cssgrid .blog-shortcode.blog-masonry-shortcode-id-6bd41377409645384df303750187de9b.resize-by-browser-width .dt-css-grid .wf-cell.double-width,\n  .no-cssgridlegacy.no-cssgrid .blog-shortcode.blog-masonry-shortcode-id-6bd41377409645384df303750187de9b.resize-by-browser-width .dt-css-grid .wf-cell.double-width {\n    width: calc(100%)*2;\n  }\n}\n@media screen and (max-width: 767px) {\n  .blog-shortcode.blog-masonry-shortcode-id-6bd41377409645384df303750187de9b.resize-by-browser-width .dt-css-grid {\n    grid-template-columns: repeat(1,1fr);\n  }\n  .blog-shortcode.blog-masonry-shortcode-id-6bd41377409645384df303750187de9b.resize-by-browser-width .dt-css-grid .double-width {\n    grid-column: span 1;\n  }\n  .cssgridlegacy.no-cssgrid .blog-shortcode.blog-masonry-shortcode-id-6bd41377409645384df303750187de9b.resize-by-browser-width .dt-css-grid .wf-cell,\n  .no-cssgridlegacy.no-cssgrid .blog-shortcode.blog-masonry-shortcode-id-6bd41377409645384df303750187de9b.resize-by-browser-width .dt-css-grid .wf-cell {\n    width: 100%;\n  }\n  .cssgridlegacy.no-cssgrid .blog-shortcode.blog-masonry-shortcode-id-6bd41377409645384df303750187de9b.resize-by-browser-width .dt-css-grid .wf-cell.double-width,\n  .no-cssgridlegacy.no-cssgrid .blog-shortcode.blog-masonry-shortcode-id-6bd41377409645384df303750187de9b.resize-by-browser-width .dt-css-grid .wf-cell.double-width {\n    width: calc(100%)*2;\n  }\n}<\/style><div class=\"blog-shortcode blog-masonry-shortcode-id-6bd41377409645384df303750187de9b mode-grid classic-layout-list content-bg-on jquery-filter vertical-fancy-style scale-img dt-css-grid-wrap dt-icon-bg-off resize-by-browser-width loading-effect-none description-under-image \" data-padding=\"25px\" data-cur-page=\"1\" data-post-limit=\"2\" data-pagination-mode=\"load-more\" aria-live=\"assertive\" data-desktop-columns-num=\"1\" data-v-tablet-columns-num=\"1\" data-h-tablet-columns-num=\"1\" data-phone-columns-num=\"1\" data-width=\"0px\" data-columns=\"0\"><div class=\"dt-css-grid\" ><div class=\"visible wf-cell\" data-post-id=\"410351\" data-date=\"2025-09-26T23:59:43+00:00\" data-name=\"\ud83c\udfac The award-winning film \u201cMonolith\u201d by Julius Schulthei\u00df is now available on DVD (Darling Berlin).\"><article class=\"post project-odd visible post-410351 type-post status-publish format-standard has-post-thumbnail hentry category-cinema category-darling-berlin category-film-en category-media-distribution-en category-news-en category-world-sales tag-ali-berber-2 tag-darling-berlin-en tag-david-bredin-3 tag-david-bredin-2 tag-dvd-en tag-julius-schultheiss-en tag-lotte-en tag-marc-ben-puch-en tag-maxi-geithner-2 tag-monolith-2 tag-patrick-schorn-2 tag-robert-falckenberg-2 tag-susana-abdulmajid-2 tag-thea-rasche-2 tag-thomas-halle-2 category-1011 category-22 category-942 category-15324 category-941 category-7530\" data-name=\"\ud83c\udfac The award-winning film \u201cMonolith\u201d by Julius Schulthei\u00df is now available on DVD (Darling Berlin).\" data-date=\"2025-09-26T23:59:43+00:00\">\n\n<div class=\"post-thumbnail-wrap\">\n\t<div class=\"post-thumbnail\">\n\t\t\n\t\t\n\t\t<a href=\"https:\/\/ucm.one\/en\/the-award-winning-film-monolith-by-julius-schultheiss-is-now-available-on-dvd-darling-berlin\/\" class=\"post-thumbnail-rollover layzr-bg layzr-bg\" ><img decoding=\"async\" class=\"iso-lazy-load preload-me iso-lazy-load aspect\" src=\"data:image\/svg+xml,%3Csvg%20xmlns%3D&#39;http%3A%2F%2Fwww.w3.org%2F2000%2Fsvg&#39;%20viewBox%3D&#39;0%200%20990%20309&#39;%2F%3E\" data-src=\"https:\/\/ucm.one\/wp-content\/uploads\/2025\/09\/B-Monolith-DVD-DE-250926-990x309.jpg\" data-srcset=\"https:\/\/ucm.one\/wp-content\/uploads\/2025\/09\/B-Monolith-DVD-DE-250926-990x309.jpg 990w, https:\/\/ucm.one\/wp-content\/uploads\/2025\/09\/B-Monolith-DVD-DE-250926-1485x464.jpg 1485w\" loading=\"eager\" style=\"--ratio: 990 \/ 309\" sizes=\"(max-width: 990px) 100vw, 990px\" alt=\"\" title=\"B Monolith DVD DE 250926\" width=\"990\" height=\"309\"  \/><\/a>\t<\/div>\n<\/div>\n\n\n<div class=\"post-entry-content\">\n\n\t<h3 class=\"entry-title\">\n\t\t<a href=\"https:\/\/ucm.one\/en\/the-award-winning-film-monolith-by-julius-schultheiss-is-now-available-on-dvd-darling-berlin\/\" title=\"\ud83c\udfac The award-winning film \u201cMonolith\u201d by Julius Schulthei\u00df is now available on DVD (Darling Berlin).\" rel=\"bookmark\">\ud83c\udfac The award-winning film \u201cMonolith\u201d by Julius Schulthei\u00df is now available on DVD (Darling Berlin).<\/a>\n\t<\/h3>\n\n\t<div class=\"entry-meta\"><span class=\"category-link\"><a href=\"https:\/\/ucm.one\/en\/category\/news-en\/cinema\/\" >Cinema<\/a>, <a href=\"https:\/\/ucm.one\/en\/category\/news-en\/film-en\/darling-berlin\/\" >Darling Berlin<\/a>, <a href=\"https:\/\/ucm.one\/en\/category\/news-en\/film-en\/\" >Film<\/a>, <a href=\"https:\/\/ucm.one\/en\/category\/news-en\/media-distribution-en\/\" >Media Distribution<\/a>, <a href=\"https:\/\/ucm.one\/en\/category\/news-en\/\" >News<\/a>, <a href=\"https:\/\/ucm.one\/en\/category\/news-en\/movie-distribution\/world-sales\/\" >World Sales<\/a><\/span><a class=\"author vcard\" href=\"\" title=\"View all posts by Joachim Keil\" rel=\"author\">By <span class=\"fn\">Joachim Keil<\/span><\/a><a href=\"https:\/\/ucm.one\/en\/2025\/09\/26\/\" title=\"23:59\" class=\"data-link\" rel=\"bookmark\"><time class=\"entry-date updated\" datetime=\"2025-09-26T23:59:43+00:00\">26. September 2025<\/time><\/a><\/div>\n\t<div class=\"entry-excerpt\"><p>[vc_row][vc_column width=&#8221;3\/4&#8243;][vc_row_inner][vc_column_inner][vc_column_text css=&#8221;&#8221;] The award-winning film \u201cMonolith\u201d is now available on DVD from the Darling Berlin label. It can also be found digitally on all relevant portals. In this existentialist drama, director and writer Julius Schulthei\u00df tells the story of a driven, characterless man who loses control and self-destructs. [\/vc_column_text][vc_column_text] Monolith is an \u201cessayistic film&hellip;<\/p>\n<\/div>\n\t\n<a href=\"https:\/\/ucm.one\/en\/the-award-winning-film-monolith-by-julius-schultheiss-is-now-available-on-dvd-darling-berlin\/\" class=\"post-details details-type-link\" aria-label=\"Read more about \ud83c\udfac The award-winning film \u201cMonolith\u201d by Julius Schulthei\u00df is now available on DVD (Darling Berlin).\">Read more<i class=\"dt-icon-the7-arrow-03\" aria-hidden=\"true\"><\/i><\/a>\n\n<\/div><\/article><\/div><div class=\"visible wf-cell\" data-post-id=\"103391\" data-date=\"2024-04-09T12:43:02+00:00\" data-name=\"\ud83c\udfac Kick-off to &quot;10 years of Darling Berlin&quot;: &quot;Julius Schulthei\u00df Special&quot; at the Lichtblick-Kino in Berlin\"><article class=\"post project-odd visible post-103391 type-post status-publish format-standard has-post-thumbnail hentry category-cinema category-darling-berlin category-film-en category-film-distribution-en category-news-en tag-achtung-berlin-en tag-ali-berber-2 tag-berlin-en tag-berlinale-en tag-darling-berlin-en tag-david-bredin-2 tag-julius-schultheiss-en tag-karin-hanczewski-en tag-lichtblick-en tag-lichtblick-kino-en tag-lotte-en tag-marc-ben-puch-en tag-maxi-geithner-2 tag-monolith-2 tag-patrick-schorn-2 tag-robert-falckenberg-2 tag-susana-abdulmajid-2 tag-thea-rasche-2 tag-thomas-halle-2 category-1011 category-22 category-942 category-15326 category-941\" data-name=\"\ud83c\udfac Kick-off to &#8220;10 years of Darling Berlin&#8221;: &#8220;Julius Schulthei\u00df Special&#8221; at the Lichtblick-Kino in Berlin\" data-date=\"2024-04-09T12:43:02+00:00\">\n\n<div class=\"post-thumbnail-wrap\">\n\t<div class=\"post-thumbnail\">\n\t\t\n\t\t\n\t\t<a href=\"https:\/\/ucm.one\/en\/kick-off-to-10-years-of-darling-berlin-julius-schultheiss-special-at-the-lichtblick-kino-in-berlin\/\" class=\"post-thumbnail-rollover layzr-bg layzr-bg\" ><img decoding=\"async\" class=\"iso-lazy-load preload-me iso-lazy-load aspect\" src=\"data:image\/svg+xml,%3Csvg%20xmlns%3D&#39;http%3A%2F%2Fwww.w3.org%2F2000%2Fsvg&#39;%20viewBox%3D&#39;0%200%20990%20309&#39;%2F%3E\" data-src=\"https:\/\/ucm.one\/wp-content\/uploads\/2024\/04\/Kick-off-to-10-years-of-Darling-Berlin-1920x600-1-990x309.jpeg\" data-srcset=\"https:\/\/ucm.one\/wp-content\/uploads\/2024\/04\/Kick-off-to-10-years-of-Darling-Berlin-1920x600-1-990x309.jpeg 990w, https:\/\/ucm.one\/wp-content\/uploads\/2024\/04\/Kick-off-to-10-years-of-Darling-Berlin-1920x600-1-1485x464.jpeg 1485w\" loading=\"eager\" style=\"--ratio: 990 \/ 309\" sizes=\"(max-width: 990px) 100vw, 990px\" alt=\"\" title=\"Kick-off to 10 years of Darling Berlin 1920&#215;600\" width=\"990\" height=\"309\"  \/><\/a>\t<\/div>\n<\/div>\n\n\n<div class=\"post-entry-content\">\n\n\t<h3 class=\"entry-title\">\n\t\t<a href=\"https:\/\/ucm.one\/en\/kick-off-to-10-years-of-darling-berlin-julius-schultheiss-special-at-the-lichtblick-kino-in-berlin\/\" title=\"\ud83c\udfac Kick-off to &#8220;10 years of Darling Berlin&#8221;: &#8220;Julius Schulthei\u00df Special&#8221; at the Lichtblick-Kino in Berlin\" rel=\"bookmark\">\ud83c\udfac Kick-off to &#8220;10 years of Darling Berlin&#8221;: &#8220;Julius Schulthei\u00df Special&#8221; at the Lichtblick-Kino in Berlin<\/a>\n\t<\/h3>\n\n\t<div class=\"entry-meta\"><span class=\"category-link\"><a href=\"https:\/\/ucm.one\/en\/category\/news-en\/cinema\/\" >Cinema<\/a>, <a href=\"https:\/\/ucm.one\/en\/category\/news-en\/film-en\/darling-berlin\/\" >Darling Berlin<\/a>, <a href=\"https:\/\/ucm.one\/en\/category\/news-en\/film-en\/\" >Film<\/a>, <a href=\"https:\/\/ucm.one\/en\/category\/news-en\/media-distribution-en\/film-distribution-en\/\" >Film Distribution<\/a>, <a href=\"https:\/\/ucm.one\/en\/category\/news-en\/\" >News<\/a><\/span><a class=\"author vcard\" href=\"\" title=\"View all posts by Joachim Keil\" rel=\"author\">By <span class=\"fn\">Joachim Keil<\/span><\/a><a href=\"https:\/\/ucm.one\/en\/2024\/04\/09\/\" title=\"12:43\" class=\"data-link\" rel=\"bookmark\"><time class=\"entry-date updated\" datetime=\"2024-04-09T12:43:02+00:00\">9. April 2024<\/time><\/a><\/div>\n\t<div class=\"entry-excerpt\"><p>[vc_row][vc_column][vc_column_text]UCM.ONE film label Darling Berlin kicks off its tenth anniversary today, 9 April, with a double screening of the films *Lotte* and *Monolith*, both by director Julius Schulthei\u00df, at Berlin&#8217;s Lichtblick cinema in Kastanienallee. Both films won the main prize at the Achtung Berlin Film Festival, which opens its twentieth edition a day later.[\/vc_column_text][\/vc_column][\/vc_row][vc_row][vc_column][vc_row_inner][vc_column_inner][vc_column_text] The&hellip;<\/p>\n<\/div>\n\t\n<a href=\"https:\/\/ucm.one\/en\/kick-off-to-10-years-of-darling-berlin-julius-schultheiss-special-at-the-lichtblick-kino-in-berlin\/\" class=\"post-details details-type-link\" aria-label=\"Read more about \ud83c\udfac Kick-off to &#8220;10 years of Darling Berlin&#8221;: &#8220;Julius Schulthei\u00df Special&#8221; at the Lichtblick-Kino in Berlin\">Read more<i class=\"dt-icon-the7-arrow-03\" aria-hidden=\"true\"><\/i><\/a>\n\n<\/div><\/article><\/div><div class=\"hidden wf-cell\" data-post-id=\"99860\" data-date=\"2023-10-12T01:01:53+00:00\" data-name=\"\ud83c\udfac &quot;Monolith&quot; by Julius Schulthei\u00df can be seen in the cinema from today (Darling Berlin)\"><article class=\"post project-odd visible post-99860 type-post status-publish format-standard has-post-thumbnail hentry category-cinema category-darling-berlin category-film-en category-film-distribution-en category-news-en category-world-sales tag-ali-berber-2 tag-darling-berlin-en tag-david-bredin-2 tag-julius-schultheiss-en tag-lotte-en tag-marc-ben-puch-en tag-maxi-geithner-2 tag-monolith-2 tag-patrick-schorn-2 tag-robert-falckenberg-2 tag-susana-abdulmajid-2 tag-thea-rasche-2 tag-thomas-halle-2 category-1011 category-22 category-942 category-15326 category-941 category-7530\" data-name=\"\ud83c\udfac &#8220;Monolith&#8221; by Julius Schulthei\u00df can be seen in the cinema from today (Darling Berlin)\" data-date=\"2023-10-12T01:01:53+00:00\">\n\n<div class=\"post-thumbnail-wrap\">\n\t<div class=\"post-thumbnail\">\n\t\t\n\t\t\n\t\t<a href=\"https:\/\/ucm.one\/en\/monolith-by-julius-schultheiss-can-be-seen-in-the-cinema-from-today-darling-berlin\/\" class=\"post-thumbnail-rollover layzr-bg layzr-bg\" ><img decoding=\"async\" class=\"iso-lazy-load preload-me iso-lazy-load aspect\" src=\"data:image\/svg+xml,%3Csvg%20xmlns%3D&#39;http%3A%2F%2Fwww.w3.org%2F2000%2Fsvg&#39;%20viewBox%3D&#39;0%200%20990%20309&#39;%2F%3E\" data-src=\"https:\/\/ucm.one\/wp-content\/uploads\/2023\/12\/MONOLITH-Banner-Artwork-990x309.jpg\" data-srcset=\"https:\/\/ucm.one\/wp-content\/uploads\/2023\/12\/MONOLITH-Banner-Artwork-990x309.jpg 990w, https:\/\/ucm.one\/wp-content\/uploads\/2023\/12\/MONOLITH-Banner-Artwork-1485x464.jpg 1485w\" loading=\"eager\" style=\"--ratio: 990 \/ 309\" sizes=\"(max-width: 990px) 100vw, 990px\" alt=\"\" title=\"MONOLITH Banner Artwork\" width=\"990\" height=\"309\"  \/><\/a>\t<\/div>\n<\/div>\n\n\n<div class=\"post-entry-content\">\n\n\t<h3 class=\"entry-title\">\n\t\t<a href=\"https:\/\/ucm.one\/en\/monolith-by-julius-schultheiss-can-be-seen-in-the-cinema-from-today-darling-berlin\/\" title=\"\ud83c\udfac &#8220;Monolith&#8221; by Julius Schulthei\u00df can be seen in the cinema from today (Darling Berlin)\" rel=\"bookmark\">\ud83c\udfac &#8220;Monolith&#8221; by Julius Schulthei\u00df can be seen in the cinema from today (Darling Berlin)<\/a>\n\t<\/h3>\n\n\t<div class=\"entry-meta\"><span class=\"category-link\"><a href=\"https:\/\/ucm.one\/en\/category\/news-en\/cinema\/\" >Cinema<\/a>, <a href=\"https:\/\/ucm.one\/en\/category\/news-en\/film-en\/darling-berlin\/\" >Darling Berlin<\/a>, <a href=\"https:\/\/ucm.one\/en\/category\/news-en\/film-en\/\" >Film<\/a>, <a href=\"https:\/\/ucm.one\/en\/category\/news-en\/media-distribution-en\/film-distribution-en\/\" >Film Distribution<\/a>, <a href=\"https:\/\/ucm.one\/en\/category\/news-en\/\" >News<\/a>, <a href=\"https:\/\/ucm.one\/en\/category\/news-en\/movie-distribution\/world-sales\/\" >World Sales<\/a><\/span><a class=\"author vcard\" href=\"\" title=\"View all posts by Joachim Keil\" rel=\"author\">By <span class=\"fn\">Joachim Keil<\/span><\/a><a href=\"https:\/\/ucm.one\/en\/2023\/10\/12\/\" title=\"01:01\" class=\"data-link\" rel=\"bookmark\"><time class=\"entry-date updated\" datetime=\"2023-10-12T01:01:53+00:00\">12. October 2023<\/time><\/a><\/div>\n\t<div class=\"entry-excerpt\"><p>[vc_row][vc_column width=&#8221;3\/4&#8243;][vc_row_inner][vc_column_inner][vc_column_text] UCM.ONE is bringing the award-winning film &#8220;Monolith&#8221; to German cinemas on the Darling Berlin label from 12 October 2023. In this existentialist film drama, director and writer Julius Schulthei\u00df tells the story of a driven, characterless man&#8217;s loss of control and self-dissolution. [\/vc_column_text][vc_column_text] Monolith is an &#8220;essayistic film noir&#8220; (according to director and&hellip;<\/p>\n<\/div>\n\t\n<a href=\"https:\/\/ucm.one\/en\/monolith-by-julius-schultheiss-can-be-seen-in-the-cinema-from-today-darling-berlin\/\" class=\"post-details details-type-link\" aria-label=\"Read more about \ud83c\udfac &#8220;Monolith&#8221; by Julius Schulthei\u00df can be seen in the cinema from today (Darling Berlin)\">Read more<i class=\"dt-icon-the7-arrow-03\" aria-hidden=\"true\"><\/i><\/a>\n\n<\/div><\/article><\/div><div class=\"hidden wf-cell\" data-post-id=\"93480\" data-date=\"2023-04-19T11:50:50+00:00\" data-name=\"\ud83c\udfac &quot;Monolith&quot; by Julius Schulthei\u00df wins &quot;Achtung Berlin Award&quot; for Best Feature Film\"><article class=\"post project-odd visible post-93480 type-post status-publish format-standard has-post-thumbnail hentry category-cinema category-company-en category-darling-berlin category-film-en category-news-en tag-2023-en tag-achtung-berlin-en tag-achtung-berlin-fimfestival-en tag-alaska-2 tag-berlin-en tag-bester-film-2 tag-bestes-drehbuch-2 tag-bettina-blumer tag-darling-berlin-en tag-filmfestival-2 tag-filmfestival-en tag-hannah-sioda-en tag-janin-halisch-en tag-julius-schultheiss-en tag-max-gleschinski-2 tag-milena-dreissig-en tag-monolith-2 tag-regina-kraeh-en tag-sebastian-brose-en tag-speak-with-me tag-sprich-mit-mir-en category-1011 category-5599 category-22 category-942 category-941\" data-name=\"\ud83c\udfac &#8220;Monolith&#8221; by Julius Schulthei\u00df wins &#8220;Achtung Berlin Award&#8221; for Best Feature Film\" data-date=\"2023-04-19T11:50:50+00:00\">\n\n<div class=\"post-thumbnail-wrap\">\n\t<div class=\"post-thumbnail\">\n\t\t\n\t\t\n\t\t<a href=\"https:\/\/ucm.one\/en\/monolith-by-julius-schultheiss-wins-achtung-berlin-award-for-best-feature-film\/\" class=\"post-thumbnail-rollover layzr-bg layzr-bg\" ><img decoding=\"async\" class=\"iso-lazy-load preload-me iso-lazy-load aspect\" src=\"data:image\/svg+xml,%3Csvg%20xmlns%3D&#39;http%3A%2F%2Fwww.w3.org%2F2000%2Fsvg&#39;%20viewBox%3D&#39;0%200%20990%20309&#39;%2F%3E\" data-src=\"https:\/\/ucm.one\/wp-content\/uploads\/2023\/04\/B-Monolith-Achtung-Berlin-EN-990x309.jpg\" data-srcset=\"https:\/\/ucm.one\/wp-content\/uploads\/2023\/04\/B-Monolith-Achtung-Berlin-EN-990x309.jpg 990w, https:\/\/ucm.one\/wp-content\/uploads\/2023\/04\/B-Monolith-Achtung-Berlin-EN-1485x464.jpg 1485w\" loading=\"eager\" style=\"--ratio: 990 \/ 309\" sizes=\"(max-width: 990px) 100vw, 990px\" alt=\"\" title=\"B Monolith Achtung Berlin EN\" width=\"990\" height=\"309\"  \/><\/a>\t<\/div>\n<\/div>\n\n\n<div class=\"post-entry-content\">\n\n\t<h3 class=\"entry-title\">\n\t\t<a href=\"https:\/\/ucm.one\/en\/monolith-by-julius-schultheiss-wins-achtung-berlin-award-for-best-feature-film\/\" title=\"\ud83c\udfac &#8220;Monolith&#8221; by Julius Schulthei\u00df wins &#8220;Achtung Berlin Award&#8221; for Best Feature Film\" rel=\"bookmark\">\ud83c\udfac &#8220;Monolith&#8221; by Julius Schulthei\u00df wins &#8220;Achtung Berlin Award&#8221; for Best Feature Film<\/a>\n\t<\/h3>\n\n\t<div class=\"entry-meta\"><span class=\"category-link\"><a href=\"https:\/\/ucm.one\/en\/category\/news-en\/cinema\/\" >Cinema<\/a>, <a href=\"https:\/\/ucm.one\/en\/category\/news-en\/company-en\/\" >Company<\/a>, <a href=\"https:\/\/ucm.one\/en\/category\/news-en\/film-en\/darling-berlin\/\" >Darling Berlin<\/a>, <a href=\"https:\/\/ucm.one\/en\/category\/news-en\/film-en\/\" >Film<\/a>, <a href=\"https:\/\/ucm.one\/en\/category\/news-en\/\" >News<\/a><\/span><a class=\"author vcard\" href=\"\" title=\"View all posts by Joachim Keil\" rel=\"author\">By <span class=\"fn\">Joachim Keil<\/span><\/a><a href=\"https:\/\/ucm.one\/en\/2023\/04\/19\/\" title=\"11:50\" class=\"data-link\" rel=\"bookmark\"><time class=\"entry-date updated\" datetime=\"2023-04-19T11:50:50+00:00\">19. April 2023<\/time><\/a><\/div>\n\t<div class=\"entry-excerpt\"><p>[vc_row][vc_column][vc_column_text] At the 19th Achtung Berlin Film Festival 2023, the film &#8220;Monolith&#8221; by Julius Schulthei\u00df, produced by Finderlohnfilm and co-produced by UCMP, was awarded &#8220;Best Feature Film&#8220;. The film, distributed by UCM.ONE on the Darling Berlin label, is a &#8220;quiet and very hauntingly told drama about an undercover investigator whose existence and faith are at&hellip;<\/p>\n<\/div>\n\t\n<a href=\"https:\/\/ucm.one\/en\/monolith-by-julius-schultheiss-wins-achtung-berlin-award-for-best-feature-film\/\" class=\"post-details details-type-link\" aria-label=\"Read more about \ud83c\udfac &#8220;Monolith&#8221; by Julius Schulthei\u00df wins &#8220;Achtung Berlin Award&#8221; for Best Feature Film\">Read more<i class=\"dt-icon-the7-arrow-03\" aria-hidden=\"true\"><\/i><\/a>\n\n<\/div><\/article><\/div><\/div><!-- iso-container|iso-grid --><div class=\"paginator paginator-more-button\">\n\t\t\t\t<a class=\"button-load-more \" href=\"javascript:void(0);\" data-dt-page=\"1\" ><span class=\"stick\"><\/span><span class=\"stick\"><\/span><span class=\"stick\"><\/span><span class=\"button-caption\">Load more<\/span><\/a>\n\t\t\t<\/div><\/div>[\/vc_tta_section][\/vc_tta_accordion][vc_separator][\/vc_column][\/vc_row][vc_row css=&#8221;.vc_custom_1699182663238{padding-top: 80px !important;}&#8221; el_id=&#8221;junk-space-berlin&#8221;][vc_column width=&#8221;1\/4&#8243; offset=&#8221;vc_col-lg-offset-0 vc_col-md-offset-0 vc_col-sm-offset-0&#8243;][vc_column_text css=&#8221;.vc_custom_1694473992099{background-position: center !important;background-repeat: no-repeat !important;background-size: cover !important;}&#8221;]<img decoding=\"async\" class=\"alignnone wp-image-96479 size-full\" src=\"https:\/\/ucm.one\/wp-content\/uploads\/2023\/09\/P-Junk-Space-Berlin.jpg\" alt=\"\" width=\"699\" height=\"1000\" srcset=\"https:\/\/ucm.one\/wp-content\/uploads\/2023\/09\/P-Junk-Space-Berlin.jpg 699w, https:\/\/ucm.one\/wp-content\/uploads\/2023\/09\/P-Junk-Space-Berlin-210x300.jpg 210w, https:\/\/ucm.one\/wp-content\/uploads\/2023\/09\/P-Junk-Space-Berlin-300x429.jpg 300w, https:\/\/ucm.one\/wp-content\/uploads\/2023\/09\/P-Junk-Space-Berlin-600x858.jpg 600w\" sizes=\"(max-width: 699px) 100vw, 699px\" \/>[\/vc_column_text][\/vc_column][vc_column width=&#8221;3\/4&#8243;][vc_column_text]<\/p>\n<h2>Junk Space Berlin<\/h2>\n<h3><span style=\"font-family: arial, helvetica, sans-serif;\">by <\/span><span lang=\"EN-US\">Juri Padel<\/span><\/h3>\n<div class=\"wpb_text_column wpb_content_element \">\n<div class=\"wpb_wrapper\">\n<div class=\"wpb_text_column wpb_content_element \">\n<div class=\"wpb_wrapper\">\n<div class=\"wpb_text_column wpb_content_element vc_custom_1681339038108\">\n<div class=\"wpb_wrapper\">\n<p>Between Berlin&#8217;s past and a dystopian future, Juri Padel&#8217;s pulsating trip finds cinematic access to the fourth dimension. An inexplicable rift runs through Berlin that seems to split the city in two. When the artificial intelligence &#8220;Billie&#8221; disappears between these worlds, her friend Marion, with the help of former activist and hacker Blue, tries to follow her digital trail, which gets lost somewhere in the rift. But the closer they get to Billie, the deeper they penetrate into the marginal deviation of reality.<\/p>\n<p>The crack not only fragments the film&#8217;s narrative, but also takes us viewers into a world where the boundaries between reality and virtual manipulation have been lost in the digital background noise. Junk Space Berlin, in parts AI-based, is &#8220;mindfuck at it&#8217;s best&#8221;. Suggestive and full of subversive energy. Trainspotting meets Shakespeare in a Berlin whose division only exists in people&#8217;s minds and is therefore all the more present.<\/p>\n<\/div>\n<\/div>\n<\/div>\n<\/div>\n<\/div>\n<\/div>\n<div class=\"wpb_text_column wpb_content_element \">\n<div class=\"wpb_wrapper\">\n<h3><span style=\"font-family: arial, helvetica, sans-serif;\">Theatrical release: September 21, 2023<\/span><\/h3>\n<\/div>\n<\/div>\n<p>[\/vc_column_text][\/vc_column][\/vc_row][vc_row][vc_column width=&#8221;5\/6&#8243;][vc_column_text]Darling Berlin | 2022 | Thriller, Mystery, Science-Fiction | Germany | Original title: &#8220;<a title=\"Junk Space Berlin (2022) by Juri Padel | Darling Berlin\" href=\"https:\/\/ucm.one\/en\/junk-space-berlin\/\">Junk Space Berlin<\/a>&#8220;.[\/vc_column_text][\/vc_column][vc_column width=&#8221;1\/6&#8243;][vc_btn title=&#8221;Press Material&#8221; size=&#8221;xs&#8221; align=&#8221;center&#8221; i_icon_fontawesome=&#8221;fas fa-download&#8221; button_block=&#8221;true&#8221; add_icon=&#8221;true&#8221; link=&#8221;url:https%3A%2F%2Fwww.ucm.one%2Fpresse%2Fdb_junk_space_berlin.zip|title:Junk%20Space%20Berlin%20Press%20Material|rel:nofollow&#8221;][\/vc_column][\/vc_row][vc_row][vc_column][vc_tta_accordion style=&#8221;modern&#8221; shape=&#8221;square&#8221; c_icon=&#8221;chevron&#8221; active_section=&#8221;33&#8243; no_fill=&#8221;true&#8221; collapsible_all=&#8221;true&#8221;][vc_tta_section title=&#8221;More information&#8221; tab_id=&#8221;1633814031402-fb3f427c-6e8b&#8221;][vc_column_text]<\/p>\n<div class=\"wpb_text_column wpb_content_element \">\n<div class=\"wpb_wrapper\">\n<div class=\"wpb_text_column wpb_content_element \">\n<div class=\"wpb_wrapper\">\n<div>\n<div>\n<div class=\"wpb_text_column wpb_content_element \">\n<div class=\"wpb_wrapper\">\n<div class=\"wpb_text_column wpb_content_element \">\n<div class=\"wpb_wrapper\">\n<div class=\"wpb_text_column wpb_content_element \">\n<div class=\"wpb_wrapper\">\n<div class=\"wpb_text_column wpb_content_element \">\n<div class=\"wpb_wrapper\">\n<div>\n<p><strong>Original title:<\/strong>\u00a0Junk Space Berlin<\/p>\n<p><strong>Director:<\/strong>\u00a0Juri Padel<\/p>\n<p><strong>Screnplay:<\/strong>\u00a0Vera Schindler, Juri Padel<\/p>\n<p><strong>Actors:<\/strong>\u00a0Tamara Semzov (Blue), Thomas Schimanski (Bird) , Otiti Engelhardt (Marion), Selin Kavak (Akira), Carolin Haupt, Komi Togbonou, Marta Sroka, Mano Thiravong\u00a0und Tommi Tokyo (Billie)<\/p>\n<p><strong>Producer:\u00a0<\/strong>Juri Padel<\/p>\n<p><strong>Associated Producers:<\/strong>\u00a0<a href=\"https:\/\/www.imdb.com\/name\/nm1447256\/?ref_=ttfc_fc_cr3\">I<\/a>ngrid Klein, Clemens Rehbein, Roland Stiller<\/p>\n<p><strong>Junior Producer:<\/strong>\u00a0Kai Hotz<\/p>\n<p><strong>Cinematography:\u00a0<\/strong>Florian Baumgarten, Moritz von Dungern<\/p>\n<p><strong>Editing:<\/strong>\u00a0Florian Klein<\/p>\n<p><strong>Sound:<\/strong>\u00a0Elias Lenzen<\/p>\n<p><strong>Setdesign und costumes:<\/strong>\u00a0Anna Kurz<\/p>\n<p>&nbsp;<\/p>\n<\/div>\n<p><strong>Production company:\u00a0<\/strong>JCProductions<\/p>\n<p><strong>Year of production:<\/strong>\u00a02022<\/p>\n<p><strong>Genres<\/strong>: Thriller, Mystery, Science-Fiction<\/p>\n<p><strong>Country:<\/strong>\u00a0Germany<\/p>\n<p><strong>Language:<\/strong>\u00a0German<\/p>\n<p>&nbsp;<\/p>\n<p><strong>Lenght:\u00a0<\/strong>105 Min<\/p>\n<p><strong>Rating:<\/strong> FSK 16<\/p>\n<p><strong>Aspect ratio:<\/strong>\u00a016:9, DCI 2K F-178<\/p>\n<p><strong>Resolution:<\/strong>\u00a01920\u00d71080<\/p>\n<p><strong>Sound:<\/strong>\u00a0Surround 5.1<\/p>\n<\/div>\n<\/div>\n<div class=\"vc_separator wpb_content_element vc_separator_align_center vc_sep_width_100 vc_sep_pos_align_center vc_separator_no_text\"><\/div>\n<div class=\"wpb_text_column wpb_content_element \">\n<div class=\"wpb_wrapper\">\n<p><strong>Film label:<\/strong>\u00a0Darling Berlin<\/p>\n<p><strong>Distribution:<\/strong>\u00a0<strong>UCM.ONE<\/strong><\/p>\n<p><strong>Theatrical start:\u00a0<\/strong>September 21, 2023<\/p>\n<\/div>\n<\/div>\n<div class=\"vc_separator wpb_content_element vc_separator_align_center vc_sep_width_100 vc_sep_pos_align_center vc_separator_no_text\"><\/div>\n<\/div>\n<\/div>\n<\/div>\n<\/div>\n<\/div>\n<\/div>\n<\/div>\n<p>&nbsp;<\/p>\n<\/div>\n<p>All information about the movie:\u00a0<a title=\"Junk Space Berlin (2022) by Juri Padel | Darling Berlin\" href=\"https:\/\/ucm.one\/en\/junk-space-berlin\/\">Junk Space Berlin<\/a><\/p>\n<p>&nbsp;<\/p>\n<\/div>\n<\/div>\n<\/div>\n<\/div>\n<p>[\/vc_column_text][\/vc_tta_section][vc_tta_section title=&#8221;Trailer&#8221; tab_id=&#8221;1633814032255-1309830d-762c&#8221;][vc_video link=&#8221;https:\/\/youtu.be\/9F-hF6S0zYk?si=GbjJqy-zoVcASuyJ&#8221;][\/vc_tta_section][vc_tta_section title=&#8221;News&#8221; tab_id=&#8221;1633814033086-58e39046-f516&#8243;]<style type=\"text\/css\" data-type=\"the7_shortcodes-inline-css\">.blog-shortcode.blog-masonry-shortcode-id-ae6fca97f1f93d25f3b2b74c09e8e232.content-bg-on.classic-layout-list article {\n  background: #e6e6e6;\n  box-shadow: none;\n}\n.blog-shortcode.blog-masonry-shortcode-id-ae6fca97f1f93d25f3b2b74c09e8e232.dividers-on.classic-layout-list article {\n  padding-top: 0;\n}\n.blog-shortcode.blog-masonry-shortcode-id-ae6fca97f1f93d25f3b2b74c09e8e232.dividers-on.classic-layout-list article:first-of-type {\n  margin-top: 0;\n  padding-top: 0;\n}\n.blog-shortcode.blog-masonry-shortcode-id-ae6fca97f1f93d25f3b2b74c09e8e232.classic-layout-list.mode-list .post-entry-content {\n  width: calc(100% - );\n}\n.blog-shortcode.blog-masonry-shortcode-id-ae6fca97f1f93d25f3b2b74c09e8e232.classic-layout-list.mode-list .no-img .post-entry-content {\n  width: 100%;\n}\n.blog-shortcode.blog-masonry-shortcode-id-ae6fca97f1f93d25f3b2b74c09e8e232 .filter-bg-decoration .filter-categories a.act {\n  color: #fff;\n}\n.blog-shortcode.blog-masonry-shortcode-id-ae6fca97f1f93d25f3b2b74c09e8e232:not(.mode-masonry) article:first-of-type,\n.blog-shortcode.blog-masonry-shortcode-id-ae6fca97f1f93d25f3b2b74c09e8e232:not(.mode-masonry) article.visible.first:not(.product) {\n  margin-top: 0;\n}\n.blog-shortcode.blog-masonry-shortcode-id-ae6fca97f1f93d25f3b2b74c09e8e232.dividers-on:not(.mode-masonry) article {\n  margin-top: 0;\n}\n.blog-shortcode.blog-masonry-shortcode-id-ae6fca97f1f93d25f3b2b74c09e8e232.dividers-on:not(.mode-masonry) article:first-of-type,\n.blog-shortcode.blog-masonry-shortcode-id-ae6fca97f1f93d25f3b2b74c09e8e232.dividers-on:not(.mode-masonry) article.visible.first:not(.product) {\n  margin-top: 0;\n  padding-top: 0;\n}\n.blog-shortcode.blog-masonry-shortcode-id-ae6fca97f1f93d25f3b2b74c09e8e232 .post-thumbnail-wrap {\n  padding: 0px 0px 0px 0px;\n}\n.blog-shortcode.blog-masonry-shortcode-id-ae6fca97f1f93d25f3b2b74c09e8e232.enable-bg-rollover .post-thumbnail-rollover:after {\n  background: -webkit-linear-gradient();\n  background: linear-gradient();\n}\n.blog-shortcode.blog-masonry-shortcode-id-ae6fca97f1f93d25f3b2b74c09e8e232 .gallery-zoom-ico {\n  width: 44px;\n  height: 44px;\n  line-height: 44px;\n  border-radius: 100px;\n  margin: -22px 0 0 -22px;\n  border-width: 0px;\n  color: #ffffff;\n}\n.bottom-overlap-layout-list.blog-shortcode.blog-masonry-shortcode-id-ae6fca97f1f93d25f3b2b74c09e8e232 .gallery-zoom-ico {\n  margin-top: -72px;\n}\n.gradient-overlay-layout-list.blog-shortcode.blog-masonry-shortcode-id-ae6fca97f1f93d25f3b2b74c09e8e232 .gallery-zoom-ico,\n.content-rollover-layout-list.blog-shortcode.blog-masonry-shortcode-id-ae6fca97f1f93d25f3b2b74c09e8e232 .gallery-zoom-ico {\n  margin: 0 0 10px;\n}\n.content-align-center.gradient-overlay-layout-list.blog-shortcode.blog-masonry-shortcode-id-ae6fca97f1f93d25f3b2b74c09e8e232 .gallery-zoom-ico,\n.content-align-center.content-rollover-layout-list.blog-shortcode.blog-masonry-shortcode-id-ae6fca97f1f93d25f3b2b74c09e8e232 .gallery-zoom-ico {\n  margin: 0 auto 10px;\n}\n.dt-icon-bg-on.blog-shortcode.blog-masonry-shortcode-id-ae6fca97f1f93d25f3b2b74c09e8e232 .gallery-zoom-ico {\n  background: rgba(255,255,255,0.3);\n  box-shadow: none;\n}\n.blog-shortcode.blog-masonry-shortcode-id-ae6fca97f1f93d25f3b2b74c09e8e232 .gallery-zoom-ico > span,\n.blog-shortcode.blog-masonry-shortcode-id-ae6fca97f1f93d25f3b2b74c09e8e232 .gallery-zoom-ico:before {\n  font-size: 32px;\n  line-height: 44px;\n}\n.blog-shortcode.blog-masonry-shortcode-id-ae6fca97f1f93d25f3b2b74c09e8e232 .gallery-zoom-ico > span,\n.blog-shortcode.blog-masonry-shortcode-id-ae6fca97f1f93d25f3b2b74c09e8e232 .gallery-zoom-ico:before {\n  color: #ffffff;\n}\n.blog-shortcode.blog-masonry-shortcode-id-ae6fca97f1f93d25f3b2b74c09e8e232 .entry-title,\n.blog-shortcode.blog-masonry-shortcode-id-ae6fca97f1f93d25f3b2b74c09e8e232.owl-carousel .entry-title {\n  margin-bottom: 5px;\n  font-weight: bold;\n}\n.blog-shortcode.blog-masonry-shortcode-id-ae6fca97f1f93d25f3b2b74c09e8e232 .entry-meta {\n  margin-bottom: 15px;\n}\n.blog-shortcode.blog-masonry-shortcode-id-ae6fca97f1f93d25f3b2b74c09e8e232 .portfolio-categories {\n  margin-bottom: 15px;\n}\n.blog-shortcode.blog-masonry-shortcode-id-ae6fca97f1f93d25f3b2b74c09e8e232 .entry-excerpt {\n  margin-bottom: 5px;\n}\n.blog-shortcode.blog-masonry-shortcode-id-ae6fca97f1f93d25f3b2b74c09e8e232:not(.centered-layout-list) .post-entry-content {\n  padding: 15px 20px 20px 20px;\n}\n.blog-shortcode.blog-masonry-shortcode-id-ae6fca97f1f93d25f3b2b74c09e8e232:not(.centered-layout-list):not(.content-bg-on):not(.mode-list) .no-img .post-entry-content {\n  padding: 0;\n}\n.blog-shortcode.blog-masonry-shortcode-id-ae6fca97f1f93d25f3b2b74c09e8e232.content-bg-on:not(.classic-layout-list):not(.centered-layout-list) .post-entry-content {\n  background: #e6e6e6;\n  box-shadow: none;\n}\n@media screen and (max-width: ) {\n  .blog-shortcode.blog-masonry-shortcode-id-ae6fca97f1f93d25f3b2b74c09e8e232 article {\n    -ms-flex-flow: column nowrap;\n    flex-flow: column nowrap;\n    margin-top: 20px;\n  }\n  .blog-shortcode.blog-masonry-shortcode-id-ae6fca97f1f93d25f3b2b74c09e8e232.dividers-on article {\n    border: none;\n  }\n  .blog-shortcode.blog-masonry-shortcode-id-ae6fca97f1f93d25f3b2b74c09e8e232.content-bg-on.centered-layout-list article {\n    padding: 0;\n  }\n  .blog-shortcode.blog-masonry-shortcode-id-ae6fca97f1f93d25f3b2b74c09e8e232.blog-shortcode.dividers-on article,\n  .blog-shortcode.blog-masonry-shortcode-id-ae6fca97f1f93d25f3b2b74c09e8e232.dividers-on.classic-layout-list article {\n    margin-top: 20px;\n    padding: 0;\n  }\n  .blog-shortcode.blog-masonry-shortcode-id-ae6fca97f1f93d25f3b2b74c09e8e232.blog-shortcode.dividers-on article:first-of-type,\n  .blog-shortcode.blog-masonry-shortcode-id-ae6fca97f1f93d25f3b2b74c09e8e232.dividers-on.classic-layout-list article:first-of-type {\n    padding: 0;\n  }\n  #page .blog-shortcode.blog-masonry-shortcode-id-ae6fca97f1f93d25f3b2b74c09e8e232 .post-thumbnail-wrap,\n  #page .blog-shortcode.blog-masonry-shortcode-id-ae6fca97f1f93d25f3b2b74c09e8e232 .post-entry-content {\n    width: 100%;\n    margin: 0;\n    top: 0;\n  }\n  #page .blog-shortcode.blog-masonry-shortcode-id-ae6fca97f1f93d25f3b2b74c09e8e232 .post-thumbnail-wrap {\n    padding: 0;\n  }\n  #page .blog-shortcode.blog-masonry-shortcode-id-ae6fca97f1f93d25f3b2b74c09e8e232 .post-entry-content:after {\n    display: none;\n  }\n  #page .blog-shortcode.blog-masonry-shortcode-id-ae6fca97f1f93d25f3b2b74c09e8e232 .project-even .post-thumbnail-wrap,\n  #page .blog-shortcode.blog-masonry-shortcode-id-ae6fca97f1f93d25f3b2b74c09e8e232.centered-layout-list .post-thumbnail-wrap {\n    -ms-flex-order: 0;\n    order: 0;\n  }\n  #page .blog-shortcode.blog-masonry-shortcode-id-ae6fca97f1f93d25f3b2b74c09e8e232.centered-layout-list .post-entry-title-content {\n    -ms-flex-order: 1;\n    order: 1;\n    width: 100%;\n    padding: 20px 20px 0;\n  }\n  #page .blog-shortcode.blog-masonry-shortcode-id-ae6fca97f1f93d25f3b2b74c09e8e232.centered-layout-list .post-entry-content {\n    -ms-flex-order: 2;\n    order: 2;\n    padding-top: 0;\n  }\n  #page .blog-shortcode.blog-masonry-shortcode-id-ae6fca97f1f93d25f3b2b74c09e8e232 .fancy-categories {\n    top: 10px;\n    left: 10px;\n    bottom: auto;\n    right: auto;\n  }\n  #page .blog-shortcode.blog-masonry-shortcode-id-ae6fca97f1f93d25f3b2b74c09e8e232 .fancy-date a {\n    top: 10px;\n    right: 10px;\n    left: auto;\n    bottom: auto;\n  }\n  #page .blog-shortcode.blog-masonry-shortcode-id-ae6fca97f1f93d25f3b2b74c09e8e232 .post-entry-content {\n    padding: 20px;\n  }\n  #page .blog-shortcode.blog-masonry-shortcode-id-ae6fca97f1f93d25f3b2b74c09e8e232 .entry-title {\n    margin: 3px 0 5px;\n    font-size: 20px;\n    line-height: 26px;\n  }\n  #page .blog-shortcode.blog-masonry-shortcode-id-ae6fca97f1f93d25f3b2b74c09e8e232 .entry-meta {\n    margin: 5px 0 5px;\n  }\n  #page .blog-shortcode.blog-masonry-shortcode-id-ae6fca97f1f93d25f3b2b74c09e8e232 .entry-excerpt {\n    margin: 15px 0 0;\n  }\n  #page .blog-shortcode.blog-masonry-shortcode-id-ae6fca97f1f93d25f3b2b74c09e8e232 .post-details {\n    margin: 5px 0 10px;\n  }\n  #page .blog-shortcode.blog-masonry-shortcode-id-ae6fca97f1f93d25f3b2b74c09e8e232 .post-details.details-type-link {\n    margin-bottom: 2px;\n  }\n}\n.blog-shortcode.blog-masonry-shortcode-id-ae6fca97f1f93d25f3b2b74c09e8e232:not(.resize-by-browser-width) .dt-css-grid {\n  grid-row-gap: 50px;\n  grid-column-gap: 50px;\n  grid-template-columns: repeat(auto-fill,minmax(,1fr));\n}\n.blog-shortcode.blog-masonry-shortcode-id-ae6fca97f1f93d25f3b2b74c09e8e232:not(.resize-by-browser-width) .dt-css-grid .double-width {\n  grid-column: span 2;\n}\n.cssgridlegacy.no-cssgrid .blog-shortcode.blog-masonry-shortcode-id-ae6fca97f1f93d25f3b2b74c09e8e232:not(.resize-by-browser-width) .dt-css-grid,\n.no-cssgridlegacy.no-cssgrid .blog-shortcode.blog-masonry-shortcode-id-ae6fca97f1f93d25f3b2b74c09e8e232:not(.resize-by-browser-width) .dt-css-grid {\n  display: flex;\n  flex-flow: row wrap;\n  margin: -25px;\n}\n.cssgridlegacy.no-cssgrid .blog-shortcode.blog-masonry-shortcode-id-ae6fca97f1f93d25f3b2b74c09e8e232:not(.resize-by-browser-width) .dt-css-grid .wf-cell,\n.no-cssgridlegacy.no-cssgrid .blog-shortcode.blog-masonry-shortcode-id-ae6fca97f1f93d25f3b2b74c09e8e232:not(.resize-by-browser-width) .dt-css-grid .wf-cell {\n  flex: 1 0 ;\n  max-width: 100%;\n  padding: 25px;\n  box-sizing: border-box;\n}\n.blog-shortcode.blog-masonry-shortcode-id-ae6fca97f1f93d25f3b2b74c09e8e232.resize-by-browser-width .dt-css-grid {\n  grid-template-columns: repeat(1,1fr);\n  grid-template-rows: auto;\n  grid-column-gap: 50px;\n  grid-row-gap: 50px;\n}\n.blog-shortcode.blog-masonry-shortcode-id-ae6fca97f1f93d25f3b2b74c09e8e232.resize-by-browser-width .dt-css-grid .double-width {\n  grid-column: span 2;\n}\n.cssgridlegacy.no-cssgrid .blog-shortcode.blog-masonry-shortcode-id-ae6fca97f1f93d25f3b2b74c09e8e232.resize-by-browser-width .dt-css-grid {\n  margin: -25px;\n}\n.cssgridlegacy.no-cssgrid .blog-shortcode.blog-masonry-shortcode-id-ae6fca97f1f93d25f3b2b74c09e8e232.resize-by-browser-width .dt-css-grid .wf-cell {\n  width: 100%;\n  padding: 25px;\n}\n.cssgridlegacy.no-cssgrid .blog-shortcode.blog-masonry-shortcode-id-ae6fca97f1f93d25f3b2b74c09e8e232.resize-by-browser-width .dt-css-grid .wf-cell.double-width {\n  width: calc(100%) * 2;\n}\n.blog-shortcode.blog-masonry-shortcode-id-ae6fca97f1f93d25f3b2b74c09e8e232.resize-by-browser-width:not(.centered-layout-list):not(.content-bg-on) .dt-css-grid {\n  grid-row-gap: 30px;\n}\n@media screen and (max-width: 1199px) {\n  .blog-shortcode.blog-masonry-shortcode-id-ae6fca97f1f93d25f3b2b74c09e8e232.resize-by-browser-width .dt-css-grid {\n    grid-template-columns: repeat(1,1fr);\n  }\n  .cssgridlegacy.no-cssgrid .blog-shortcode.blog-masonry-shortcode-id-ae6fca97f1f93d25f3b2b74c09e8e232.resize-by-browser-width .dt-css-grid .wf-cell,\n  .no-cssgridlegacy.no-cssgrid .blog-shortcode.blog-masonry-shortcode-id-ae6fca97f1f93d25f3b2b74c09e8e232.resize-by-browser-width .dt-css-grid .wf-cell {\n    width: 100%;\n  }\n  .cssgridlegacy.no-cssgrid .blog-shortcode.blog-masonry-shortcode-id-ae6fca97f1f93d25f3b2b74c09e8e232.resize-by-browser-width .dt-css-grid .wf-cell.double-width,\n  .no-cssgridlegacy.no-cssgrid .blog-shortcode.blog-masonry-shortcode-id-ae6fca97f1f93d25f3b2b74c09e8e232.resize-by-browser-width .dt-css-grid .wf-cell.double-width {\n    width: calc(100%)*2;\n  }\n}\n@media screen and (max-width: 991px) {\n  .blog-shortcode.blog-masonry-shortcode-id-ae6fca97f1f93d25f3b2b74c09e8e232.resize-by-browser-width .dt-css-grid {\n    grid-template-columns: repeat(1,1fr);\n  }\n  .cssgridlegacy.no-cssgrid .blog-shortcode.blog-masonry-shortcode-id-ae6fca97f1f93d25f3b2b74c09e8e232.resize-by-browser-width .dt-css-grid .wf-cell,\n  .no-cssgridlegacy.no-cssgrid .blog-shortcode.blog-masonry-shortcode-id-ae6fca97f1f93d25f3b2b74c09e8e232.resize-by-browser-width .dt-css-grid .wf-cell {\n    width: 100%;\n  }\n  .cssgridlegacy.no-cssgrid .blog-shortcode.blog-masonry-shortcode-id-ae6fca97f1f93d25f3b2b74c09e8e232.resize-by-browser-width .dt-css-grid .wf-cell.double-width,\n  .no-cssgridlegacy.no-cssgrid .blog-shortcode.blog-masonry-shortcode-id-ae6fca97f1f93d25f3b2b74c09e8e232.resize-by-browser-width .dt-css-grid .wf-cell.double-width {\n    width: calc(100%)*2;\n  }\n}\n@media screen and (max-width: 767px) {\n  .blog-shortcode.blog-masonry-shortcode-id-ae6fca97f1f93d25f3b2b74c09e8e232.resize-by-browser-width .dt-css-grid {\n    grid-template-columns: repeat(1,1fr);\n  }\n  .blog-shortcode.blog-masonry-shortcode-id-ae6fca97f1f93d25f3b2b74c09e8e232.resize-by-browser-width .dt-css-grid .double-width {\n    grid-column: span 1;\n  }\n  .cssgridlegacy.no-cssgrid .blog-shortcode.blog-masonry-shortcode-id-ae6fca97f1f93d25f3b2b74c09e8e232.resize-by-browser-width .dt-css-grid .wf-cell,\n  .no-cssgridlegacy.no-cssgrid .blog-shortcode.blog-masonry-shortcode-id-ae6fca97f1f93d25f3b2b74c09e8e232.resize-by-browser-width .dt-css-grid .wf-cell {\n    width: 100%;\n  }\n  .cssgridlegacy.no-cssgrid .blog-shortcode.blog-masonry-shortcode-id-ae6fca97f1f93d25f3b2b74c09e8e232.resize-by-browser-width .dt-css-grid .wf-cell.double-width,\n  .no-cssgridlegacy.no-cssgrid .blog-shortcode.blog-masonry-shortcode-id-ae6fca97f1f93d25f3b2b74c09e8e232.resize-by-browser-width .dt-css-grid .wf-cell.double-width {\n    width: calc(100%)*2;\n  }\n}<\/style><div class=\"blog-shortcode blog-masonry-shortcode-id-ae6fca97f1f93d25f3b2b74c09e8e232 mode-grid classic-layout-list content-bg-on jquery-filter vertical-fancy-style scale-img dt-css-grid-wrap dt-icon-bg-off resize-by-browser-width loading-effect-none description-under-image \" data-padding=\"25px\" data-cur-page=\"1\" data-post-limit=\"2\" data-pagination-mode=\"load-more\" aria-live=\"assertive\" data-desktop-columns-num=\"1\" data-v-tablet-columns-num=\"1\" data-h-tablet-columns-num=\"1\" data-phone-columns-num=\"1\" data-width=\"0px\" data-columns=\"0\"><div class=\"dt-css-grid\" ><div class=\"visible wf-cell\" data-post-id=\"97024\" data-date=\"2023-09-22T21:18:20+00:00\" data-name=\"\ud83c\udfac Cinema release of &quot;Junk Space Berlin&quot; by Juri Padel (Darling Berlin)\"><article class=\"post project-odd visible post-97024 type-post status-publish format-standard has-post-thumbnail hentry category-cinema category-darling-berlin category-film-en category-film-distribution-en category-news-en category-world-sales tag-berlin-en tag-carolin-haupt-2 tag-darling-berlin-en tag-junk-space-berlin-2 tag-juri-padel-2 tag-ki-2 tag-kino-der-kulturbrauerei-2 tag-komi-togbonou-2 tag-mano-thiravong-2 tag-marta-sroka-2 tag-otiti-engelhardt-2 tag-prenzlauer-berg-2 tag-selin-kavak-2 tag-tamara-semzov-2 tag-thomas-schimanski-2 tag-tommi-tokyo-billie-2 category-1011 category-22 category-942 category-15326 category-941 category-7530\" data-name=\"\ud83c\udfac Cinema release of &#8220;Junk Space Berlin&#8221; by Juri Padel (Darling Berlin)\" data-date=\"2023-09-22T21:18:20+00:00\">\n\n<div class=\"post-thumbnail-wrap\">\n\t<div class=\"post-thumbnail\">\n\t\t\n\t\t\n\t\t<a href=\"https:\/\/ucm.one\/en\/cinema-release-of-junk-space-berlin-by-juri-padel-darling-berlin\/\" class=\"post-thumbnail-rollover layzr-bg layzr-bg\" ><img decoding=\"async\" class=\"iso-lazy-load preload-me iso-lazy-load aspect\" src=\"data:image\/svg+xml,%3Csvg%20xmlns%3D&#39;http%3A%2F%2Fwww.w3.org%2F2000%2Fsvg&#39;%20viewBox%3D&#39;0%200%20990%20309&#39;%2F%3E\" data-src=\"https:\/\/ucm.one\/wp-content\/uploads\/2023\/09\/B-Junk-Space-Berlin-Premiere-Gruppenbild-990x309.jpeg\" data-srcset=\"https:\/\/ucm.one\/wp-content\/uploads\/2023\/09\/B-Junk-Space-Berlin-Premiere-Gruppenbild-990x309.jpeg 990w, https:\/\/ucm.one\/wp-content\/uploads\/2023\/09\/B-Junk-Space-Berlin-Premiere-Gruppenbild-1485x464.jpeg 1485w\" loading=\"eager\" style=\"--ratio: 990 \/ 309\" sizes=\"(max-width: 990px) 100vw, 990px\" alt=\"\" title=\"B Junk Space Berlin Premiere Gruppenbild\" width=\"990\" height=\"309\"  \/><\/a>\t<\/div>\n<\/div>\n\n\n<div class=\"post-entry-content\">\n\n\t<h3 class=\"entry-title\">\n\t\t<a href=\"https:\/\/ucm.one\/en\/cinema-release-of-junk-space-berlin-by-juri-padel-darling-berlin\/\" title=\"\ud83c\udfac Cinema release of &#8220;Junk Space Berlin&#8221; by Juri Padel (Darling Berlin)\" rel=\"bookmark\">\ud83c\udfac Cinema release of &#8220;Junk Space Berlin&#8221; by Juri Padel (Darling Berlin)<\/a>\n\t<\/h3>\n\n\t<div class=\"entry-meta\"><span class=\"category-link\"><a href=\"https:\/\/ucm.one\/en\/category\/news-en\/cinema\/\" >Cinema<\/a>, <a href=\"https:\/\/ucm.one\/en\/category\/news-en\/film-en\/darling-berlin\/\" >Darling Berlin<\/a>, <a href=\"https:\/\/ucm.one\/en\/category\/news-en\/film-en\/\" >Film<\/a>, <a href=\"https:\/\/ucm.one\/en\/category\/news-en\/media-distribution-en\/film-distribution-en\/\" >Film Distribution<\/a>, <a href=\"https:\/\/ucm.one\/en\/category\/news-en\/\" >News<\/a>, <a href=\"https:\/\/ucm.one\/en\/category\/news-en\/movie-distribution\/world-sales\/\" >World Sales<\/a><\/span><a class=\"author vcard\" href=\"\" title=\"View all posts by Joachim Keil\" rel=\"author\">By <span class=\"fn\">Joachim Keil<\/span><\/a><a href=\"https:\/\/ucm.one\/en\/2023\/09\/22\/\" title=\"21:18\" class=\"data-link\" rel=\"bookmark\"><time class=\"entry-date updated\" datetime=\"2023-09-22T21:18:20+00:00\">22. September 2023<\/time><\/a><\/div>\n\t<div class=\"entry-excerpt\"><p>[vc_row][vc_column][vc_column_text]On 21.09.2023, the cinema premiere of the arthouse science fiction film &#8220;Junk Space Berlin&#8221; took place in the almost sold-out Berlin cinema in the KulturBrauerei (Prenzlauer Berg).[\/vc_column_text][\/vc_column][\/vc_row][vc_row][vc_column width=&#8221;1\/2&#8243;][vc_row_inner][vc_column_inner][vc_column_text] After the screening, producer, director and writer Juri Padel and playwright Vera Schindler as well as the actors Tamara Semzov, Thomas Schimanski, Selin Kavak, Carolin Haupt, Komi&hellip;<\/p>\n<\/div>\n\t\n<a href=\"https:\/\/ucm.one\/en\/cinema-release-of-junk-space-berlin-by-juri-padel-darling-berlin\/\" class=\"post-details details-type-link\" aria-label=\"Read more about \ud83c\udfac Cinema release of &#8220;Junk Space Berlin&#8221; by Juri Padel (Darling Berlin)\">Read more<i class=\"dt-icon-the7-arrow-03\" aria-hidden=\"true\"><\/i><\/a>\n\n<\/div><\/article><\/div><div class=\"visible wf-cell\" data-post-id=\"96967\" data-date=\"2023-09-21T14:53:44+00:00\" data-name=\"\ud83c\udfac Premiere of &quot;Junk Space Berlin&quot; (Darling Berlin) at the Kulturbrauerei cinema\"><article class=\"post project-odd visible post-96967 type-post status-publish format-standard has-post-thumbnail hentry category-cinema category-darling-berlin category-film-en category-film-distribution-en category-news-en category-world-sales tag-berlin-en tag-carolin-haupt-2 tag-darling-berlin-en tag-junk-space-berlin-2 tag-juri-padel-2 tag-ki-2 tag-kino-der-kulturbrauerei-2 tag-komi-togbonou-2 tag-mano-thiravong-2 tag-marta-sroka-2 tag-otiti-engelhardt-2 tag-prenzlauer-berg-2 tag-selin-kavak-2 tag-tamara-semzov-2 tag-thomas-schimanski-2 tag-tommi-tokyo-billie-2 category-1011 category-22 category-942 category-15326 category-941 category-7530\" data-name=\"\ud83c\udfac Premiere of &#8220;Junk Space Berlin&#8221; (Darling Berlin) at the Kulturbrauerei cinema\" data-date=\"2023-09-21T14:53:44+00:00\">\n\n<div class=\"post-thumbnail-wrap\">\n\t<div class=\"post-thumbnail\">\n\t\t\n\t\t\n\t\t<a href=\"https:\/\/ucm.one\/en\/premiere-of-junk-space-berlin-darling-berlin-at-the-kulturbrauerei-cinema\/\" class=\"post-thumbnail-rollover layzr-bg layzr-bg\" ><img decoding=\"async\" class=\"iso-lazy-load preload-me iso-lazy-load aspect\" src=\"data:image\/svg+xml,%3Csvg%20xmlns%3D&#39;http%3A%2F%2Fwww.w3.org%2F2000%2Fsvg&#39;%20viewBox%3D&#39;0%200%20990%20309&#39;%2F%3E\" data-src=\"https:\/\/ucm.one\/wp-content\/uploads\/2023\/09\/Junk-Space-Berlin-Premiere-Kulturbrauerei-EN-1920x600-1-990x309.jpeg\" data-srcset=\"https:\/\/ucm.one\/wp-content\/uploads\/2023\/09\/Junk-Space-Berlin-Premiere-Kulturbrauerei-EN-1920x600-1-990x309.jpeg 990w, https:\/\/ucm.one\/wp-content\/uploads\/2023\/09\/Junk-Space-Berlin-Premiere-Kulturbrauerei-EN-1920x600-1-1485x464.jpeg 1485w\" loading=\"eager\" style=\"--ratio: 990 \/ 309\" sizes=\"(max-width: 990px) 100vw, 990px\" alt=\"\" title=\"Junk Space Berlin Premiere Kulturbrauerei EN 1920&#215;600\" width=\"990\" height=\"309\"  \/><\/a>\t<\/div>\n<\/div>\n\n\n<div class=\"post-entry-content\">\n\n\t<h3 class=\"entry-title\">\n\t\t<a href=\"https:\/\/ucm.one\/en\/premiere-of-junk-space-berlin-darling-berlin-at-the-kulturbrauerei-cinema\/\" title=\"\ud83c\udfac Premiere of &#8220;Junk Space Berlin&#8221; (Darling Berlin) at the Kulturbrauerei cinema\" rel=\"bookmark\">\ud83c\udfac Premiere of &#8220;Junk Space Berlin&#8221; (Darling Berlin) at the Kulturbrauerei cinema<\/a>\n\t<\/h3>\n\n\t<div class=\"entry-meta\"><span class=\"category-link\"><a href=\"https:\/\/ucm.one\/en\/category\/news-en\/cinema\/\" >Cinema<\/a>, <a href=\"https:\/\/ucm.one\/en\/category\/news-en\/film-en\/darling-berlin\/\" >Darling Berlin<\/a>, <a href=\"https:\/\/ucm.one\/en\/category\/news-en\/film-en\/\" >Film<\/a>, <a href=\"https:\/\/ucm.one\/en\/category\/news-en\/media-distribution-en\/film-distribution-en\/\" >Film Distribution<\/a>, <a href=\"https:\/\/ucm.one\/en\/category\/news-en\/\" >News<\/a>, <a href=\"https:\/\/ucm.one\/en\/category\/news-en\/movie-distribution\/world-sales\/\" >World Sales<\/a><\/span><a class=\"author vcard\" href=\"\" title=\"View all posts by Joachim Keil\" rel=\"author\">By <span class=\"fn\">Joachim Keil<\/span><\/a><a href=\"https:\/\/ucm.one\/en\/2023\/09\/21\/\" title=\"14:53\" class=\"data-link\" rel=\"bookmark\"><time class=\"entry-date updated\" datetime=\"2023-09-21T14:53:44+00:00\">21. September 2023<\/time><\/a><\/div>\n\t<div class=\"entry-excerpt\"><p>[vc_row][vc_column width=&#8221;3\/4&#8243;][vc_row_inner][vc_column_inner][vc_column_text]The Darling Berlin film &#8220;Junk Space Berlin&#8221; by Juri Padel celebrates its cinema premiere today at the Kulturbrauerei cinema in Prenzlauer Berg.[\/vc_column_text][vc_column_text] The critically acclaimed science fiction film about a mysterious rift that runs through Berlin is already being compared to Tom Tykwer&#8216;s &#8220;Run Lola Run&#8221; from 1998, among others, in terms of its&hellip;<\/p>\n<\/div>\n\t\n<a href=\"https:\/\/ucm.one\/en\/premiere-of-junk-space-berlin-darling-berlin-at-the-kulturbrauerei-cinema\/\" class=\"post-details details-type-link\" aria-label=\"Read more about \ud83c\udfac Premiere of &#8220;Junk Space Berlin&#8221; (Darling Berlin) at the Kulturbrauerei cinema\">Read more<i class=\"dt-icon-the7-arrow-03\" aria-hidden=\"true\"><\/i><\/a>\n\n<\/div><\/article><\/div><div class=\"hidden wf-cell\" data-post-id=\"95409\" data-date=\"2023-07-20T22:32:23+00:00\" data-name=\"\ud83c\udfac UCM.ONE brings the film &quot;Junk Space Berlin&quot; by Juri Padel to cinemas nationwide on September 21\"><article class=\"post project-odd visible post-95409 type-post status-publish format-standard has-post-thumbnail hentry category-cinema category-darling-berlin category-film-en category-film-distribution-en category-news-en category-world-sales tag-berlin-en tag-carolin-haupt-2 tag-darling-berlin-en tag-junk-space-berlin-2 tag-juri-padel-2 tag-ki-2 tag-komi-togbonou-2 tag-mano-thiravong-2 tag-marta-sroka-2 tag-otiti-engelhardt-2 tag-selin-kavak-2 tag-tamara-semzov-2 tag-thomas-schimanski-2 tag-tommi-tokyo-billie-2 category-1011 category-22 category-942 category-15326 category-941 category-7530\" data-name=\"\ud83c\udfac UCM.ONE brings the film &#8220;Junk Space Berlin&#8221; by Juri Padel to cinemas nationwide on September 21\" data-date=\"2023-07-20T22:32:23+00:00\">\n\n<div class=\"post-thumbnail-wrap\">\n\t<div class=\"post-thumbnail\">\n\t\t\n\t\t\n\t\t<a href=\"https:\/\/ucm.one\/en\/ucm-one-brings-the-film-junk-space-berlin-by-juri-padel-to-cinemas-nationwide-on-september-21\/\" class=\"post-thumbnail-rollover layzr-bg layzr-bg\" ><img decoding=\"async\" class=\"iso-lazy-load preload-me iso-lazy-load aspect\" src=\"data:image\/svg+xml,%3Csvg%20xmlns%3D&#39;http%3A%2F%2Fwww.w3.org%2F2000%2Fsvg&#39;%20viewBox%3D&#39;0%200%20990%20309&#39;%2F%3E\" data-src=\"https:\/\/ucm.one\/wp-content\/uploads\/2023\/07\/B-Junk-Space-Berlin-990x309.jpg\" data-srcset=\"https:\/\/ucm.one\/wp-content\/uploads\/2023\/07\/B-Junk-Space-Berlin-990x309.jpg 990w, https:\/\/ucm.one\/wp-content\/uploads\/2023\/07\/B-Junk-Space-Berlin-1485x464.jpg 1485w\" loading=\"eager\" style=\"--ratio: 990 \/ 309\" sizes=\"(max-width: 990px) 100vw, 990px\" alt=\"\" title=\"B Junk Space Berlin\" width=\"990\" height=\"309\"  \/><\/a>\t<\/div>\n<\/div>\n\n\n<div class=\"post-entry-content\">\n\n\t<h3 class=\"entry-title\">\n\t\t<a href=\"https:\/\/ucm.one\/en\/ucm-one-brings-the-film-junk-space-berlin-by-juri-padel-to-cinemas-nationwide-on-september-21\/\" title=\"\ud83c\udfac UCM.ONE brings the film &#8220;Junk Space Berlin&#8221; by Juri Padel to cinemas nationwide on September 21\" rel=\"bookmark\">\ud83c\udfac UCM.ONE brings the film &#8220;Junk Space Berlin&#8221; by Juri Padel to cinemas nationwide on September 21<\/a>\n\t<\/h3>\n\n\t<div class=\"entry-meta\"><span class=\"category-link\"><a href=\"https:\/\/ucm.one\/en\/category\/news-en\/cinema\/\" >Cinema<\/a>, <a href=\"https:\/\/ucm.one\/en\/category\/news-en\/film-en\/darling-berlin\/\" >Darling Berlin<\/a>, <a href=\"https:\/\/ucm.one\/en\/category\/news-en\/film-en\/\" >Film<\/a>, <a href=\"https:\/\/ucm.one\/en\/category\/news-en\/media-distribution-en\/film-distribution-en\/\" >Film Distribution<\/a>, <a href=\"https:\/\/ucm.one\/en\/category\/news-en\/\" >News<\/a>, <a href=\"https:\/\/ucm.one\/en\/category\/news-en\/movie-distribution\/world-sales\/\" >World Sales<\/a><\/span><a class=\"author vcard\" href=\"\" title=\"View all posts by Joachim Keil\" rel=\"author\">By <span class=\"fn\">Joachim Keil<\/span><\/a><a href=\"https:\/\/ucm.one\/en\/2023\/07\/20\/\" title=\"22:32\" class=\"data-link\" rel=\"bookmark\"><time class=\"entry-date updated\" datetime=\"2023-07-20T22:32:23+00:00\">20. July 2023<\/time><\/a><\/div>\n\t<div class=\"entry-excerpt\"><p>[vc_row][vc_column][vc_column_text] Juri Padel&#8217;s dystopian film drama &#8220;Junk Space Berlin&#8221; between psycho-thriller, mystery and science fiction examines social division, marginalisation and abuse, traces the current dangers and opportunities of digitalisation and artificial intelligence and deals with identity politics and new social concepts. [\/vc_column_text][\/vc_column][\/vc_row][vc_row][vc_column width=&#8221;1\/2&#8243;][vc_single_image image=&#8221;95368&#8243; img_size=&#8221;full&#8221; onclick=&#8221;link_image&#8221;][\/vc_column][vc_column width=&#8221;1\/2&#8243;][vc_single_image image=&#8221;95370&#8243; img_size=&#8221;full&#8221; onclick=&#8221;link_image&#8221;][\/vc_column][\/vc_row][vc_row][vc_column][vc_column_text] UCM.ONE is bringing the cutting-edge&hellip;<\/p>\n<\/div>\n\t\n<a href=\"https:\/\/ucm.one\/en\/ucm-one-brings-the-film-junk-space-berlin-by-juri-padel-to-cinemas-nationwide-on-september-21\/\" class=\"post-details details-type-link\" aria-label=\"Read more about \ud83c\udfac UCM.ONE brings the film &#8220;Junk Space Berlin&#8221; by Juri Padel to cinemas nationwide on September 21\">Read more<i class=\"dt-icon-the7-arrow-03\" aria-hidden=\"true\"><\/i><\/a>\n\n<\/div><\/article><\/div><\/div><!-- iso-container|iso-grid --><div class=\"paginator paginator-more-button\">\n\t\t\t\t<a class=\"button-load-more \" href=\"javascript:void(0);\" data-dt-page=\"1\" ><span class=\"stick\"><\/span><span class=\"stick\"><\/span><span class=\"stick\"><\/span><span class=\"button-caption\">Load more<\/span><\/a>\n\t\t\t<\/div><\/div>[\/vc_tta_section][\/vc_tta_accordion][vc_separator][\/vc_column][\/vc_row][vc_row css=&#8221;.vc_custom_1694474033427{padding-top: 80px !important;}&#8221; el_id=&#8221;youth-topia&#8221;][vc_column width=&#8221;1\/4&#8243; offset=&#8221;vc_col-lg-offset-0 vc_col-md-offset-0 vc_col-sm-offset-0&#8243;][vc_column_text css=&#8221;.vc_custom_1691100511906{background-position: center !important;background-repeat: no-repeat !important;background-size: cover !important;}&#8221;]<img decoding=\"async\" class=\"alignnone wp-image-87721 size-full\" src=\"https:\/\/ucm.one\/wp-content\/uploads\/2023\/02\/P-YouthTopia.jpg\" alt=\"\" width=\"699\" height=\"999\" srcset=\"https:\/\/ucm.one\/wp-content\/uploads\/2023\/02\/P-YouthTopia.jpg 699w, https:\/\/ucm.one\/wp-content\/uploads\/2023\/02\/P-YouthTopia-210x300.jpg 210w, https:\/\/ucm.one\/wp-content\/uploads\/2023\/02\/P-YouthTopia-300x429.jpg 300w, https:\/\/ucm.one\/wp-content\/uploads\/2023\/02\/P-YouthTopia-600x858.jpg 600w\" sizes=\"(max-width: 699px) 100vw, 699px\" \/>[\/vc_column_text][\/vc_column][vc_column width=&#8221;3\/4&#8243;][vc_column_text]<\/p>\n<h2>Youth Topia<\/h2>\n<h3><span style=\"font-family: arial, helvetica, sans-serif;\">by <\/span><span lang=\"EN-US\">Dennis Stormer<\/span><\/h3>\n<div class=\"wpb_text_column wpb_content_element \">\n<div class=\"wpb_wrapper\">\n<div class=\"wpb_text_column wpb_content_element \">\n<div class=\"wpb_wrapper\">\n<div class=\"wpb_text_column wpb_content_element vc_custom_1681339038108\">\n<div class=\"wpb_wrapper\">\n<p>The film tells the story of Wanja, who is transformed from an outsider into an adult by the &#8220;algorithm&#8221; that ubiquitously dominates the near future. She leaves her exciting youthful life as a good-for-nothing behind and finds the recognition she thought was long missing in her newfound dream job as an architect. From now on, Vanya&#8217;s best friends have to go around the houses without her to have a good time and make a ruckus. They are the only and most precious remnant of Vanya&#8217;s former life. But without her friends, the only and most precious remnant of her past as a teenager, Wanja is terribly lonely and alone. If Vanya wants to continue climbing the career ladder, she has to make a serious decision.<\/p>\n<p>&#8220;Youth Topia&#8221; is a portrait of a young generation that is beginning to understand that with the privilege of self-realisation comes a lonely path. A generation that misses a community under the pressure to succeed that it has created itself, a generation that feels that simply being in the world is the highest form of happiness.<\/p>\n<\/div>\n<\/div>\n<\/div>\n<\/div>\n<\/div>\n<\/div>\n<div class=\"wpb_text_column wpb_content_element \">\n<div class=\"wpb_wrapper\">\n<h3><span style=\"font-family: arial, helvetica, sans-serif;\">Theatrical release: August 17, 2023<\/span><\/h3>\n<\/div>\n<\/div>\n<p>[\/vc_column_text][vc_column_text]<span style=\"color: #999999;\"><em>Available via <span style=\"font-family: 'arial black', sans-serif;\"><strong>UCM.ONE <\/strong><\/span>worldwide excluding<\/em><em>\u00a0Switzerland.<\/em><\/span>[\/vc_column_text][\/vc_column][\/vc_row][vc_row][vc_column width=&#8221;5\/6&#8243;][vc_column_text]Artkeim\u00b2 | 2022 | Science-Fiction, Comedy, Satire | Switzerland, Germany | Original title: &#8220;<a title=\"Youth Topia (2021) von Dennis Stormer | Artkeim\u00b2\" href=\"https:\/\/ucm.one\/en\/youth-topia\/\">Youth Topia<\/a>&#8220;.[\/vc_column_text][\/vc_column][vc_column width=&#8221;1\/6&#8243;][vc_btn title=&#8221;Press Material&#8221; size=&#8221;xs&#8221; align=&#8221;center&#8221; i_icon_fontawesome=&#8221;fas fa-download&#8221; button_block=&#8221;true&#8221; add_icon=&#8221;true&#8221; link=&#8221;url:https%3A%2F%2Fucm.one%2Fpresse%2Fak_youth_topia_presskit.zip|title:Youth%20Topia%20Press%20Material|rel:nofollow&#8221;][\/vc_column][\/vc_row][vc_row][vc_column][vc_tta_accordion style=&#8221;modern&#8221; shape=&#8221;square&#8221; c_icon=&#8221;chevron&#8221; active_section=&#8221;33&#8243; no_fill=&#8221;true&#8221; collapsible_all=&#8221;true&#8221;][vc_tta_section title=&#8221;More information&#8221; tab_id=&#8221;1699181792961-7594b22f-a64d&#8221;][vc_column_text]<\/p>\n<div class=\"wpb_text_column wpb_content_element \">\n<div class=\"wpb_wrapper\">\n<div class=\"wpb_text_column wpb_content_element \">\n<div class=\"wpb_wrapper\">\n<div>\n<div>\n<div class=\"wpb_text_column wpb_content_element \">\n<div class=\"wpb_wrapper\">\n<div class=\"wpb_text_column wpb_content_element \">\n<div class=\"wpb_wrapper\">\n<div class=\"wpb_text_column wpb_content_element \">\n<div class=\"wpb_wrapper\">\n<p><strong>Original title:<\/strong> Youth Topia<\/p>\n<p><strong>Director: <\/strong><span lang=\"de\">Dennis Stormer<\/span><\/p>\n<p><strong>Screenplay: <\/strong>Marisa Meier, Dennis Stormer<\/p>\n<p><strong>Actors:<\/strong> Nadim Ben, Gottfried Breitfuss, Alice Britschgi, Saladin Dellers, Lou Haltinner, Regula Imboden, Timon Kiefer, Reiner Krausz, Elsa Langn\u00e4se, Amy Lombardi, Marisa Meier, Manon Pfrunder, J\u00fcrg Pl\u00fcss, Nicolas Rosat, Sabrina Tannen, Lia von Blarer, Virginia Zaretskie<\/p>\n<p><strong>Producer:<\/strong> Marisa Meier, Dennis Stormer, Katrin Renz, Stefan J\u00e4ger, Reiner Krausz, Vita Spie\u00df<\/p>\n<p><strong>Cinematography:<\/strong> Jonas Schneider<\/p>\n<p><strong>Editing:<\/strong> No\u00ebmi Katharina Preiswerk<\/p>\n<p><strong>Sound:<\/strong> Daniel Fuchs<\/p>\n<p><strong>Make-up:<\/strong> Julia Althof<\/p>\n<p><strong>Costume design:<\/strong> Sabrina Bosshard<\/p>\n<p><strong>Camera assistance &amp; Technical departement<\/strong>: Marc Angele, Jonas Schneider<\/p>\n<p><strong>Color grading:<\/strong> Stefano Zordan<\/p>\n<p><strong>Production companies:<\/strong> Tellfilm (Switzerland), Intuition Club (Germany), Sehstern Filmproduktion (Germany)<\/p>\n<p><strong>Year of production:<\/strong> 2021<\/p>\n<p><strong>Genres:<\/strong> Science-Fiction, Comedy, Satire<\/p>\n<p><strong>Countries:<\/strong> Switzerland, Germany<\/p>\n<p><strong>Language:<\/strong> German<\/p>\n<p><strong>Subtitles:<\/strong> English<\/p>\n<p>&nbsp;<\/p>\n<p><strong>Length:<\/strong> 85 Min<\/p>\n<p><strong>Aspect ratio:<\/strong> 2K Scope<\/p>\n<p><strong>Resolution:<\/strong> 2048\u00d7858<\/p>\n<p><strong>Sound:<\/strong> Surround 5.1<\/p>\n<p><strong>Rating: <\/strong>FSK 16<\/p>\n<p>&nbsp;<\/p>\n<p><strong>Film label:<\/strong> Artkeim\u00b2<\/p>\n<\/div>\n<\/div>\n<div class=\"wpb_text_column wpb_content_element \">\n<div class=\"wpb_wrapper\">\n<p><strong>Distributor:<\/strong> <strong>UCM.ONE<\/strong><\/p>\n<p><strong>Premiere: <\/strong>September 25, 2021 at the <strong>Zurich Film Festival<\/strong><\/p>\n<p><strong>Theatrical release Germany: <\/strong>August 17, 2023<\/p>\n<\/div>\n<\/div>\n<\/div>\n<\/div>\n<\/div>\n<\/div>\n<\/div>\n<p>&nbsp;<\/p>\n<\/div>\n<p>All information about the movie:\u00a0<a title=\"Youth Topia (2021) von Dennis Stormer | Artkeim\u00b2\" href=\"https:\/\/ucm.one\/en\/youth-topia\/\">Youth Topia<\/a><\/p>\n<p>&nbsp;<\/p>\n<\/div>\n<\/div>\n<\/div>\n<\/div>\n<p>[\/vc_column_text][\/vc_tta_section][vc_tta_section title=&#8221;Trailer&#8221; tab_id=&#8221;1699181793059-6c400aa2-c1f1&#8243;][vc_video link=&#8221;https:\/\/youtu.be\/m0R97YRr4LY&#8221;][\/vc_tta_section][vc_tta_section title=&#8221;News&#8221; tab_id=&#8221;1699181793167-a6411acd-1c73&#8243;]<style type=\"text\/css\" data-type=\"the7_shortcodes-inline-css\">.blog-shortcode.blog-masonry-shortcode-id-605ba11f134ac6e2ae20308e0e4876aa.content-bg-on.classic-layout-list article {\n  background: #e6e6e6;\n  box-shadow: none;\n}\n.blog-shortcode.blog-masonry-shortcode-id-605ba11f134ac6e2ae20308e0e4876aa.dividers-on.classic-layout-list article {\n  padding-top: 0;\n}\n.blog-shortcode.blog-masonry-shortcode-id-605ba11f134ac6e2ae20308e0e4876aa.dividers-on.classic-layout-list article:first-of-type {\n  margin-top: 0;\n  padding-top: 0;\n}\n.blog-shortcode.blog-masonry-shortcode-id-605ba11f134ac6e2ae20308e0e4876aa.classic-layout-list.mode-list .post-entry-content {\n  width: calc(100% - );\n}\n.blog-shortcode.blog-masonry-shortcode-id-605ba11f134ac6e2ae20308e0e4876aa.classic-layout-list.mode-list .no-img .post-entry-content {\n  width: 100%;\n}\n.blog-shortcode.blog-masonry-shortcode-id-605ba11f134ac6e2ae20308e0e4876aa .filter-bg-decoration .filter-categories a.act {\n  color: #fff;\n}\n.blog-shortcode.blog-masonry-shortcode-id-605ba11f134ac6e2ae20308e0e4876aa:not(.mode-masonry) article:first-of-type,\n.blog-shortcode.blog-masonry-shortcode-id-605ba11f134ac6e2ae20308e0e4876aa:not(.mode-masonry) article.visible.first:not(.product) {\n  margin-top: 0;\n}\n.blog-shortcode.blog-masonry-shortcode-id-605ba11f134ac6e2ae20308e0e4876aa.dividers-on:not(.mode-masonry) article {\n  margin-top: 0;\n}\n.blog-shortcode.blog-masonry-shortcode-id-605ba11f134ac6e2ae20308e0e4876aa.dividers-on:not(.mode-masonry) article:first-of-type,\n.blog-shortcode.blog-masonry-shortcode-id-605ba11f134ac6e2ae20308e0e4876aa.dividers-on:not(.mode-masonry) article.visible.first:not(.product) {\n  margin-top: 0;\n  padding-top: 0;\n}\n.blog-shortcode.blog-masonry-shortcode-id-605ba11f134ac6e2ae20308e0e4876aa .post-thumbnail-wrap {\n  padding: 0px 0px 0px 0px;\n}\n.blog-shortcode.blog-masonry-shortcode-id-605ba11f134ac6e2ae20308e0e4876aa.enable-bg-rollover .post-thumbnail-rollover:after {\n  background: -webkit-linear-gradient();\n  background: linear-gradient();\n}\n.blog-shortcode.blog-masonry-shortcode-id-605ba11f134ac6e2ae20308e0e4876aa .gallery-zoom-ico {\n  width: 44px;\n  height: 44px;\n  line-height: 44px;\n  border-radius: 100px;\n  margin: -22px 0 0 -22px;\n  border-width: 0px;\n  color: #ffffff;\n}\n.bottom-overlap-layout-list.blog-shortcode.blog-masonry-shortcode-id-605ba11f134ac6e2ae20308e0e4876aa .gallery-zoom-ico {\n  margin-top: -72px;\n}\n.gradient-overlay-layout-list.blog-shortcode.blog-masonry-shortcode-id-605ba11f134ac6e2ae20308e0e4876aa .gallery-zoom-ico,\n.content-rollover-layout-list.blog-shortcode.blog-masonry-shortcode-id-605ba11f134ac6e2ae20308e0e4876aa .gallery-zoom-ico {\n  margin: 0 0 10px;\n}\n.content-align-center.gradient-overlay-layout-list.blog-shortcode.blog-masonry-shortcode-id-605ba11f134ac6e2ae20308e0e4876aa .gallery-zoom-ico,\n.content-align-center.content-rollover-layout-list.blog-shortcode.blog-masonry-shortcode-id-605ba11f134ac6e2ae20308e0e4876aa .gallery-zoom-ico {\n  margin: 0 auto 10px;\n}\n.dt-icon-bg-on.blog-shortcode.blog-masonry-shortcode-id-605ba11f134ac6e2ae20308e0e4876aa .gallery-zoom-ico {\n  background: rgba(255,255,255,0.3);\n  box-shadow: none;\n}\n.blog-shortcode.blog-masonry-shortcode-id-605ba11f134ac6e2ae20308e0e4876aa .gallery-zoom-ico > span,\n.blog-shortcode.blog-masonry-shortcode-id-605ba11f134ac6e2ae20308e0e4876aa .gallery-zoom-ico:before {\n  font-size: 32px;\n  line-height: 44px;\n}\n.blog-shortcode.blog-masonry-shortcode-id-605ba11f134ac6e2ae20308e0e4876aa .gallery-zoom-ico > span,\n.blog-shortcode.blog-masonry-shortcode-id-605ba11f134ac6e2ae20308e0e4876aa .gallery-zoom-ico:before {\n  color: #ffffff;\n}\n.blog-shortcode.blog-masonry-shortcode-id-605ba11f134ac6e2ae20308e0e4876aa .entry-title,\n.blog-shortcode.blog-masonry-shortcode-id-605ba11f134ac6e2ae20308e0e4876aa.owl-carousel .entry-title {\n  margin-bottom: 5px;\n  font-weight: bold;\n}\n.blog-shortcode.blog-masonry-shortcode-id-605ba11f134ac6e2ae20308e0e4876aa .entry-meta {\n  margin-bottom: 15px;\n}\n.blog-shortcode.blog-masonry-shortcode-id-605ba11f134ac6e2ae20308e0e4876aa .portfolio-categories {\n  margin-bottom: 15px;\n}\n.blog-shortcode.blog-masonry-shortcode-id-605ba11f134ac6e2ae20308e0e4876aa .entry-excerpt {\n  margin-bottom: 5px;\n}\n.blog-shortcode.blog-masonry-shortcode-id-605ba11f134ac6e2ae20308e0e4876aa:not(.centered-layout-list) .post-entry-content {\n  padding: 15px 20px 20px 20px;\n}\n.blog-shortcode.blog-masonry-shortcode-id-605ba11f134ac6e2ae20308e0e4876aa:not(.centered-layout-list):not(.content-bg-on):not(.mode-list) .no-img .post-entry-content {\n  padding: 0;\n}\n.blog-shortcode.blog-masonry-shortcode-id-605ba11f134ac6e2ae20308e0e4876aa.content-bg-on:not(.classic-layout-list):not(.centered-layout-list) .post-entry-content {\n  background: #e6e6e6;\n  box-shadow: none;\n}\n@media screen and (max-width: ) {\n  .blog-shortcode.blog-masonry-shortcode-id-605ba11f134ac6e2ae20308e0e4876aa article {\n    -ms-flex-flow: column nowrap;\n    flex-flow: column nowrap;\n    margin-top: 20px;\n  }\n  .blog-shortcode.blog-masonry-shortcode-id-605ba11f134ac6e2ae20308e0e4876aa.dividers-on article {\n    border: none;\n  }\n  .blog-shortcode.blog-masonry-shortcode-id-605ba11f134ac6e2ae20308e0e4876aa.content-bg-on.centered-layout-list article {\n    padding: 0;\n  }\n  .blog-shortcode.blog-masonry-shortcode-id-605ba11f134ac6e2ae20308e0e4876aa.blog-shortcode.dividers-on article,\n  .blog-shortcode.blog-masonry-shortcode-id-605ba11f134ac6e2ae20308e0e4876aa.dividers-on.classic-layout-list article {\n    margin-top: 20px;\n    padding: 0;\n  }\n  .blog-shortcode.blog-masonry-shortcode-id-605ba11f134ac6e2ae20308e0e4876aa.blog-shortcode.dividers-on article:first-of-type,\n  .blog-shortcode.blog-masonry-shortcode-id-605ba11f134ac6e2ae20308e0e4876aa.dividers-on.classic-layout-list article:first-of-type {\n    padding: 0;\n  }\n  #page .blog-shortcode.blog-masonry-shortcode-id-605ba11f134ac6e2ae20308e0e4876aa .post-thumbnail-wrap,\n  #page .blog-shortcode.blog-masonry-shortcode-id-605ba11f134ac6e2ae20308e0e4876aa .post-entry-content {\n    width: 100%;\n    margin: 0;\n    top: 0;\n  }\n  #page .blog-shortcode.blog-masonry-shortcode-id-605ba11f134ac6e2ae20308e0e4876aa .post-thumbnail-wrap {\n    padding: 0;\n  }\n  #page .blog-shortcode.blog-masonry-shortcode-id-605ba11f134ac6e2ae20308e0e4876aa .post-entry-content:after {\n    display: none;\n  }\n  #page .blog-shortcode.blog-masonry-shortcode-id-605ba11f134ac6e2ae20308e0e4876aa .project-even .post-thumbnail-wrap,\n  #page .blog-shortcode.blog-masonry-shortcode-id-605ba11f134ac6e2ae20308e0e4876aa.centered-layout-list .post-thumbnail-wrap {\n    -ms-flex-order: 0;\n    order: 0;\n  }\n  #page .blog-shortcode.blog-masonry-shortcode-id-605ba11f134ac6e2ae20308e0e4876aa.centered-layout-list .post-entry-title-content {\n    -ms-flex-order: 1;\n    order: 1;\n    width: 100%;\n    padding: 20px 20px 0;\n  }\n  #page .blog-shortcode.blog-masonry-shortcode-id-605ba11f134ac6e2ae20308e0e4876aa.centered-layout-list .post-entry-content {\n    -ms-flex-order: 2;\n    order: 2;\n    padding-top: 0;\n  }\n  #page .blog-shortcode.blog-masonry-shortcode-id-605ba11f134ac6e2ae20308e0e4876aa .fancy-categories {\n    top: 10px;\n    left: 10px;\n    bottom: auto;\n    right: auto;\n  }\n  #page .blog-shortcode.blog-masonry-shortcode-id-605ba11f134ac6e2ae20308e0e4876aa .fancy-date a {\n    top: 10px;\n    right: 10px;\n    left: auto;\n    bottom: auto;\n  }\n  #page .blog-shortcode.blog-masonry-shortcode-id-605ba11f134ac6e2ae20308e0e4876aa .post-entry-content {\n    padding: 20px;\n  }\n  #page .blog-shortcode.blog-masonry-shortcode-id-605ba11f134ac6e2ae20308e0e4876aa .entry-title {\n    margin: 3px 0 5px;\n    font-size: 20px;\n    line-height: 26px;\n  }\n  #page .blog-shortcode.blog-masonry-shortcode-id-605ba11f134ac6e2ae20308e0e4876aa .entry-meta {\n    margin: 5px 0 5px;\n  }\n  #page .blog-shortcode.blog-masonry-shortcode-id-605ba11f134ac6e2ae20308e0e4876aa .entry-excerpt {\n    margin: 15px 0 0;\n  }\n  #page .blog-shortcode.blog-masonry-shortcode-id-605ba11f134ac6e2ae20308e0e4876aa .post-details {\n    margin: 5px 0 10px;\n  }\n  #page .blog-shortcode.blog-masonry-shortcode-id-605ba11f134ac6e2ae20308e0e4876aa .post-details.details-type-link {\n    margin-bottom: 2px;\n  }\n}\n.blog-shortcode.blog-masonry-shortcode-id-605ba11f134ac6e2ae20308e0e4876aa:not(.resize-by-browser-width) .dt-css-grid {\n  grid-row-gap: 50px;\n  grid-column-gap: 50px;\n  grid-template-columns: repeat(auto-fill,minmax(,1fr));\n}\n.blog-shortcode.blog-masonry-shortcode-id-605ba11f134ac6e2ae20308e0e4876aa:not(.resize-by-browser-width) .dt-css-grid .double-width {\n  grid-column: span 2;\n}\n.cssgridlegacy.no-cssgrid .blog-shortcode.blog-masonry-shortcode-id-605ba11f134ac6e2ae20308e0e4876aa:not(.resize-by-browser-width) .dt-css-grid,\n.no-cssgridlegacy.no-cssgrid .blog-shortcode.blog-masonry-shortcode-id-605ba11f134ac6e2ae20308e0e4876aa:not(.resize-by-browser-width) .dt-css-grid {\n  display: flex;\n  flex-flow: row wrap;\n  margin: -25px;\n}\n.cssgridlegacy.no-cssgrid .blog-shortcode.blog-masonry-shortcode-id-605ba11f134ac6e2ae20308e0e4876aa:not(.resize-by-browser-width) .dt-css-grid .wf-cell,\n.no-cssgridlegacy.no-cssgrid .blog-shortcode.blog-masonry-shortcode-id-605ba11f134ac6e2ae20308e0e4876aa:not(.resize-by-browser-width) .dt-css-grid .wf-cell {\n  flex: 1 0 ;\n  max-width: 100%;\n  padding: 25px;\n  box-sizing: border-box;\n}\n.blog-shortcode.blog-masonry-shortcode-id-605ba11f134ac6e2ae20308e0e4876aa.resize-by-browser-width .dt-css-grid {\n  grid-template-columns: repeat(1,1fr);\n  grid-template-rows: auto;\n  grid-column-gap: 50px;\n  grid-row-gap: 50px;\n}\n.blog-shortcode.blog-masonry-shortcode-id-605ba11f134ac6e2ae20308e0e4876aa.resize-by-browser-width .dt-css-grid .double-width {\n  grid-column: span 2;\n}\n.cssgridlegacy.no-cssgrid .blog-shortcode.blog-masonry-shortcode-id-605ba11f134ac6e2ae20308e0e4876aa.resize-by-browser-width .dt-css-grid {\n  margin: -25px;\n}\n.cssgridlegacy.no-cssgrid .blog-shortcode.blog-masonry-shortcode-id-605ba11f134ac6e2ae20308e0e4876aa.resize-by-browser-width .dt-css-grid .wf-cell {\n  width: 100%;\n  padding: 25px;\n}\n.cssgridlegacy.no-cssgrid .blog-shortcode.blog-masonry-shortcode-id-605ba11f134ac6e2ae20308e0e4876aa.resize-by-browser-width .dt-css-grid .wf-cell.double-width {\n  width: calc(100%) * 2;\n}\n.blog-shortcode.blog-masonry-shortcode-id-605ba11f134ac6e2ae20308e0e4876aa.resize-by-browser-width:not(.centered-layout-list):not(.content-bg-on) .dt-css-grid {\n  grid-row-gap: 30px;\n}\n@media screen and (max-width: 1199px) {\n  .blog-shortcode.blog-masonry-shortcode-id-605ba11f134ac6e2ae20308e0e4876aa.resize-by-browser-width .dt-css-grid {\n    grid-template-columns: repeat(1,1fr);\n  }\n  .cssgridlegacy.no-cssgrid .blog-shortcode.blog-masonry-shortcode-id-605ba11f134ac6e2ae20308e0e4876aa.resize-by-browser-width .dt-css-grid .wf-cell,\n  .no-cssgridlegacy.no-cssgrid .blog-shortcode.blog-masonry-shortcode-id-605ba11f134ac6e2ae20308e0e4876aa.resize-by-browser-width .dt-css-grid .wf-cell {\n    width: 100%;\n  }\n  .cssgridlegacy.no-cssgrid .blog-shortcode.blog-masonry-shortcode-id-605ba11f134ac6e2ae20308e0e4876aa.resize-by-browser-width .dt-css-grid .wf-cell.double-width,\n  .no-cssgridlegacy.no-cssgrid .blog-shortcode.blog-masonry-shortcode-id-605ba11f134ac6e2ae20308e0e4876aa.resize-by-browser-width .dt-css-grid .wf-cell.double-width {\n    width: calc(100%)*2;\n  }\n}\n@media screen and (max-width: 991px) {\n  .blog-shortcode.blog-masonry-shortcode-id-605ba11f134ac6e2ae20308e0e4876aa.resize-by-browser-width .dt-css-grid {\n    grid-template-columns: repeat(1,1fr);\n  }\n  .cssgridlegacy.no-cssgrid .blog-shortcode.blog-masonry-shortcode-id-605ba11f134ac6e2ae20308e0e4876aa.resize-by-browser-width .dt-css-grid .wf-cell,\n  .no-cssgridlegacy.no-cssgrid .blog-shortcode.blog-masonry-shortcode-id-605ba11f134ac6e2ae20308e0e4876aa.resize-by-browser-width .dt-css-grid .wf-cell {\n    width: 100%;\n  }\n  .cssgridlegacy.no-cssgrid .blog-shortcode.blog-masonry-shortcode-id-605ba11f134ac6e2ae20308e0e4876aa.resize-by-browser-width .dt-css-grid .wf-cell.double-width,\n  .no-cssgridlegacy.no-cssgrid .blog-shortcode.blog-masonry-shortcode-id-605ba11f134ac6e2ae20308e0e4876aa.resize-by-browser-width .dt-css-grid .wf-cell.double-width {\n    width: calc(100%)*2;\n  }\n}\n@media screen and (max-width: 767px) {\n  .blog-shortcode.blog-masonry-shortcode-id-605ba11f134ac6e2ae20308e0e4876aa.resize-by-browser-width .dt-css-grid {\n    grid-template-columns: repeat(1,1fr);\n  }\n  .blog-shortcode.blog-masonry-shortcode-id-605ba11f134ac6e2ae20308e0e4876aa.resize-by-browser-width .dt-css-grid .double-width {\n    grid-column: span 1;\n  }\n  .cssgridlegacy.no-cssgrid .blog-shortcode.blog-masonry-shortcode-id-605ba11f134ac6e2ae20308e0e4876aa.resize-by-browser-width .dt-css-grid .wf-cell,\n  .no-cssgridlegacy.no-cssgrid .blog-shortcode.blog-masonry-shortcode-id-605ba11f134ac6e2ae20308e0e4876aa.resize-by-browser-width .dt-css-grid .wf-cell {\n    width: 100%;\n  }\n  .cssgridlegacy.no-cssgrid .blog-shortcode.blog-masonry-shortcode-id-605ba11f134ac6e2ae20308e0e4876aa.resize-by-browser-width .dt-css-grid .wf-cell.double-width,\n  .no-cssgridlegacy.no-cssgrid .blog-shortcode.blog-masonry-shortcode-id-605ba11f134ac6e2ae20308e0e4876aa.resize-by-browser-width .dt-css-grid .wf-cell.double-width {\n    width: calc(100%)*2;\n  }\n}<\/style><div class=\"blog-shortcode blog-masonry-shortcode-id-605ba11f134ac6e2ae20308e0e4876aa mode-grid classic-layout-list content-bg-on jquery-filter vertical-fancy-style scale-img dt-css-grid-wrap dt-icon-bg-off resize-by-browser-width loading-effect-none description-under-image \" data-padding=\"25px\" data-cur-page=\"1\" data-post-limit=\"2\" data-pagination-mode=\"load-more\" aria-live=\"assertive\" data-desktop-columns-num=\"1\" data-v-tablet-columns-num=\"1\" data-h-tablet-columns-num=\"1\" data-phone-columns-num=\"1\" data-width=\"0px\" data-columns=\"0\"><div class=\"dt-css-grid\" ><div class=\"visible wf-cell\" data-post-id=\"96084\" data-date=\"2023-08-18T15:59:18+00:00\" data-name=\"\ud83c\udfac Premiere of &quot;Youth Topia&quot; by Dennis Stormer at City Kino Wedding in Berlin\"><article class=\"post project-odd visible post-96084 type-post status-publish format-standard has-post-thumbnail hentry category-artkeim-en category-cinema category-film-en category-film-distribution-en category-news-en category-world-sales tag-algorithmus-en tag-artkeim-en tag-city-kino-wedding-en tag-dennis-stormer-en tag-elsa-langnaese-en tag-lia-von-blarer-en tag-lou-haltinner-en tag-marisa-meier-en tag-saladin-dellers-en tag-tellfilm-en tag-youth-topia-en category-570 category-1011 category-942 category-15326 category-941 category-7530\" data-name=\"\ud83c\udfac Premiere of &#8220;Youth Topia&#8221; by Dennis Stormer at City Kino Wedding in Berlin\" data-date=\"2023-08-18T15:59:18+00:00\">\n\n<div class=\"post-thumbnail-wrap\">\n\t<div class=\"post-thumbnail\">\n\t\t\n\t\t\n\t\t<a href=\"https:\/\/ucm.one\/en\/premiere-of-youth-topia-by-dennis-stormer-at-city-kino-wedding-in-berlin\/\" class=\"post-thumbnail-rollover layzr-bg layzr-bg\" ><img decoding=\"async\" class=\"iso-lazy-load preload-me iso-lazy-load aspect\" src=\"data:image\/svg+xml,%3Csvg%20xmlns%3D&#39;http%3A%2F%2Fwww.w3.org%2F2000%2Fsvg&#39;%20viewBox%3D&#39;0%200%20990%20309&#39;%2F%3E\" data-src=\"https:\/\/ucm.one\/wp-content\/uploads\/2023\/08\/YouthTopia-Banner-Premiere-1920x600-1-990x309.jpeg\" data-srcset=\"https:\/\/ucm.one\/wp-content\/uploads\/2023\/08\/YouthTopia-Banner-Premiere-1920x600-1-990x309.jpeg 990w, https:\/\/ucm.one\/wp-content\/uploads\/2023\/08\/YouthTopia-Banner-Premiere-1920x600-1-1485x464.jpeg 1485w\" loading=\"eager\" style=\"--ratio: 990 \/ 309\" sizes=\"(max-width: 990px) 100vw, 990px\" alt=\"\" title=\"YouthTopia Banner Premiere 1920&#215;600\" width=\"990\" height=\"309\"  \/><\/a>\t<\/div>\n<\/div>\n\n\n<div class=\"post-entry-content\">\n\n\t<h3 class=\"entry-title\">\n\t\t<a href=\"https:\/\/ucm.one\/en\/premiere-of-youth-topia-by-dennis-stormer-at-city-kino-wedding-in-berlin\/\" title=\"\ud83c\udfac Premiere of &#8220;Youth Topia&#8221; by Dennis Stormer at City Kino Wedding in Berlin\" rel=\"bookmark\">\ud83c\udfac Premiere of &#8220;Youth Topia&#8221; by Dennis Stormer at City Kino Wedding in Berlin<\/a>\n\t<\/h3>\n\n\t<div class=\"entry-meta\"><span class=\"category-link\"><a href=\"https:\/\/ucm.one\/en\/category\/news-en\/film-en\/artkeim-en\/\" >Artkeim\u00b2<\/a>, <a href=\"https:\/\/ucm.one\/en\/category\/news-en\/cinema\/\" >Cinema<\/a>, <a href=\"https:\/\/ucm.one\/en\/category\/news-en\/film-en\/\" >Film<\/a>, <a href=\"https:\/\/ucm.one\/en\/category\/news-en\/media-distribution-en\/film-distribution-en\/\" >Film Distribution<\/a>, <a href=\"https:\/\/ucm.one\/en\/category\/news-en\/\" >News<\/a>, <a href=\"https:\/\/ucm.one\/en\/category\/news-en\/movie-distribution\/world-sales\/\" >World Sales<\/a><\/span><a class=\"author vcard\" href=\"\" title=\"View all posts by Joachim Keil\" rel=\"author\">By <span class=\"fn\">Joachim Keil<\/span><\/a><a href=\"https:\/\/ucm.one\/en\/2023\/08\/18\/\" title=\"15:59\" class=\"data-link\" rel=\"bookmark\"><time class=\"entry-date updated\" datetime=\"2023-08-18T15:59:18+00:00\">18. August 2023<\/time><\/a><\/div>\n\t<div class=\"entry-excerpt\"><p>[vc_row][vc_column][vc_column_text] Last night, the City Kino Wedding in Berlin hosted the theatrical release premiere of the film &#8220;Youth Topia&#8221; (Artkeim\u00b2) by Dennis Stormer. Actors, film crew and guests came together to celebrate the launch of this film, which is now being shown nationwide on the UCM.ONE film distribution label Artkeim\u00b2. [\/vc_column_text][\/vc_column][\/vc_row][vc_row][vc_column width=&#8221;1\/2&#8243;][vc_column_text] &#8220;Youth Topia&#8221; takes&hellip;<\/p>\n<\/div>\n\t\n<a href=\"https:\/\/ucm.one\/en\/premiere-of-youth-topia-by-dennis-stormer-at-city-kino-wedding-in-berlin\/\" class=\"post-details details-type-link\" aria-label=\"Read more about \ud83c\udfac Premiere of &#8220;Youth Topia&#8221; by Dennis Stormer at City Kino Wedding in Berlin\">Read more<i class=\"dt-icon-the7-arrow-03\" aria-hidden=\"true\"><\/i><\/a>\n\n<\/div><\/article><\/div><div class=\"visible wf-cell\" data-post-id=\"96038\" data-date=\"2023-08-17T21:36:47+00:00\" data-name=\"\ud83c\udfac &quot;Youth Topia&quot; by Dennis Stormer launches in theaters nationwide on the Artkeim\u00b2 label\"><article class=\"post project-odd visible post-96038 type-post status-publish format-standard has-post-thumbnail hentry category-artkeim-en category-cinema category-film-en category-film-distribution-en category-news-en category-world-sales tag-algorithmus-en tag-artkeim-en tag-city-kino-wedding-en tag-dennis-stormer-en tag-elsa-langnaese-en tag-lia-von-blarer-en tag-lou-haltinner-en tag-marisa-meier-en tag-saladin-dellers-en tag-tellfilm-en tag-youth-topia-en category-570 category-1011 category-942 category-15326 category-941 category-7530\" data-name=\"\ud83c\udfac &#8220;Youth Topia&#8221; by Dennis Stormer launches in theaters nationwide on the Artkeim\u00b2 label\" data-date=\"2023-08-17T21:36:47+00:00\">\n\n<div class=\"post-thumbnail-wrap\">\n\t<div class=\"post-thumbnail\">\n\t\t\n\t\t\n\t\t<a href=\"https:\/\/ucm.one\/en\/youth-topia-by-dennis-stormer-launches-in-theaters-nationwide-on-the-artkeim%c2%b2-label\/\" class=\"post-thumbnail-rollover layzr-bg layzr-bg\" ><img decoding=\"async\" class=\"iso-lazy-load preload-me iso-lazy-load aspect\" src=\"data:image\/svg+xml,%3Csvg%20xmlns%3D&#39;http%3A%2F%2Fwww.w3.org%2F2000%2Fsvg&#39;%20viewBox%3D&#39;0%200%20990%20309&#39;%2F%3E\" data-src=\"https:\/\/ucm.one\/wp-content\/uploads\/2023\/08\/YouthTopia-Kinostart-EN-1920x600-2-990x309.jpeg\" data-srcset=\"https:\/\/ucm.one\/wp-content\/uploads\/2023\/08\/YouthTopia-Kinostart-EN-1920x600-2-990x309.jpeg 990w, https:\/\/ucm.one\/wp-content\/uploads\/2023\/08\/YouthTopia-Kinostart-EN-1920x600-2-1485x464.jpeg 1485w\" loading=\"eager\" style=\"--ratio: 990 \/ 309\" sizes=\"(max-width: 990px) 100vw, 990px\" alt=\"\" title=\"YouthTopia Kinostart EN 1920&#215;600\" width=\"990\" height=\"309\"  \/><\/a>\t<\/div>\n<\/div>\n\n\n<div class=\"post-entry-content\">\n\n\t<h3 class=\"entry-title\">\n\t\t<a href=\"https:\/\/ucm.one\/en\/youth-topia-by-dennis-stormer-launches-in-theaters-nationwide-on-the-artkeim%c2%b2-label\/\" title=\"\ud83c\udfac &#8220;Youth Topia&#8221; by Dennis Stormer launches in theaters nationwide on the Artkeim\u00b2 label\" rel=\"bookmark\">\ud83c\udfac &#8220;Youth Topia&#8221; by Dennis Stormer launches in theaters nationwide on the Artkeim\u00b2 label<\/a>\n\t<\/h3>\n\n\t<div class=\"entry-meta\"><span class=\"category-link\"><a href=\"https:\/\/ucm.one\/en\/category\/news-en\/film-en\/artkeim-en\/\" >Artkeim\u00b2<\/a>, <a href=\"https:\/\/ucm.one\/en\/category\/news-en\/cinema\/\" >Cinema<\/a>, <a href=\"https:\/\/ucm.one\/en\/category\/news-en\/film-en\/\" >Film<\/a>, <a href=\"https:\/\/ucm.one\/en\/category\/news-en\/media-distribution-en\/film-distribution-en\/\" >Film Distribution<\/a>, <a href=\"https:\/\/ucm.one\/en\/category\/news-en\/\" >News<\/a>, <a href=\"https:\/\/ucm.one\/en\/category\/news-en\/movie-distribution\/world-sales\/\" >World Sales<\/a><\/span><a class=\"author vcard\" href=\"\" title=\"View all posts by Joachim Keil\" rel=\"author\">By <span class=\"fn\">Joachim Keil<\/span><\/a><a href=\"https:\/\/ucm.one\/en\/2023\/08\/17\/\" title=\"21:36\" class=\"data-link\" rel=\"bookmark\"><time class=\"entry-date updated\" datetime=\"2023-08-17T21:36:47+00:00\">17. August 2023<\/time><\/a><\/div>\n\t<div class=\"entry-excerpt\"><p>[vc_row][vc_column][vc_column_text] In the film distribution of UCM.ONE on the Artkeim\u00b2 label, the film &#8220;Youth Topia&#8221; by Dennis Stormer opens nationwide today. The premiere will take place at 7pm at Berlin&#8217;s City Kino Wedding, and the entire film team will be present. [\/vc_column_text][\/vc_column][\/vc_row][vc_row][vc_column width=&#8221;3\/4&#8243;][vc_column_text] &#8220;Youth Topia&#8221; takes viewers into a not-too-distant future in which an algorithm&hellip;<\/p>\n<\/div>\n\t\n<a href=\"https:\/\/ucm.one\/en\/youth-topia-by-dennis-stormer-launches-in-theaters-nationwide-on-the-artkeim%c2%b2-label\/\" class=\"post-details details-type-link\" aria-label=\"Read more about \ud83c\udfac &#8220;Youth Topia&#8221; by Dennis Stormer launches in theaters nationwide on the Artkeim\u00b2 label\">Read more<i class=\"dt-icon-the7-arrow-03\" aria-hidden=\"true\"><\/i><\/a>\n\n<\/div><\/article><\/div><div class=\"hidden wf-cell\" data-post-id=\"95653\" data-date=\"2023-08-02T00:01:57+00:00\" data-name=\"\ud83c\udfac UCM.ONE is part of the 76th edition of the Locarno Film Festival\"><article class=\"post project-odd visible post-95653 type-post status-publish format-standard has-post-thumbnail hentry category-artkeim-en category-company-en category-darling-berlin category-film-en category-movie-distribution category-news-en category-nonfy-documentaries-en tag-artkeim-en tag-darling-berlin-en tag-festival-del-film-locarno-en tag-film-festival-locarno-en tag-filmfestival-2 tag-filmfestival-en tag-goldener-leopard-en tag-lili-hinstins-2 tag-locarno-en tag-nonfy-en tag-nonfy-documentaries-en tag-piazza-grande-en tag-schweiz-en tag-switzerland tag-ucm-one-en tag-youth-topia-en category-570 category-5599 category-22 category-942 category-4630 category-941 category-4627\" data-name=\"\ud83c\udfac UCM.ONE is part of the 76th edition of the Locarno Film Festival\" data-date=\"2023-08-02T00:01:57+00:00\">\n\n<div class=\"post-thumbnail-wrap\">\n\t<div class=\"post-thumbnail\">\n\t\t\n\t\t\n\t\t<a href=\"https:\/\/ucm.one\/en\/ucm-one-is-part-of-the-76th-edition-of-the-locarno-film-festival\/\" class=\"post-thumbnail-rollover layzr-bg layzr-bg\" ><img decoding=\"async\" class=\"iso-lazy-load preload-me iso-lazy-load aspect\" src=\"data:image\/svg+xml,%3Csvg%20xmlns%3D&#39;http%3A%2F%2Fwww.w3.org%2F2000%2Fsvg&#39;%20viewBox%3D&#39;0%200%20990%20309&#39;%2F%3E\" data-src=\"https:\/\/ucm.one\/wp-content\/uploads\/2023\/07\/B-Locarno-2023-990x309.jpg\" data-srcset=\"https:\/\/ucm.one\/wp-content\/uploads\/2023\/07\/B-Locarno-2023-990x309.jpg 990w, https:\/\/ucm.one\/wp-content\/uploads\/2023\/07\/B-Locarno-2023-1485x464.jpg 1485w\" loading=\"eager\" style=\"--ratio: 990 \/ 309\" sizes=\"(max-width: 990px) 100vw, 990px\" alt=\"\" title=\"B Locarno 2023\" width=\"990\" height=\"309\"  \/><\/a>\t<\/div>\n<\/div>\n\n\n<div class=\"post-entry-content\">\n\n\t<h3 class=\"entry-title\">\n\t\t<a href=\"https:\/\/ucm.one\/en\/ucm-one-is-part-of-the-76th-edition-of-the-locarno-film-festival\/\" title=\"\ud83c\udfac UCM.ONE is part of the 76th edition of the Locarno Film Festival\" rel=\"bookmark\">\ud83c\udfac UCM.ONE is part of the 76th edition of the Locarno Film Festival<\/a>\n\t<\/h3>\n\n\t<div class=\"entry-meta\"><span class=\"category-link\"><a href=\"https:\/\/ucm.one\/en\/category\/news-en\/film-en\/artkeim-en\/\" >Artkeim\u00b2<\/a>, <a href=\"https:\/\/ucm.one\/en\/category\/news-en\/company-en\/\" >Company<\/a>, <a href=\"https:\/\/ucm.one\/en\/category\/news-en\/film-en\/darling-berlin\/\" >Darling Berlin<\/a>, <a href=\"https:\/\/ucm.one\/en\/category\/news-en\/film-en\/\" >Film<\/a>, <a href=\"https:\/\/ucm.one\/en\/category\/news-en\/movie-distribution\/\" >Movie Distribution<\/a>, <a href=\"https:\/\/ucm.one\/en\/category\/news-en\/\" >News<\/a>, <a href=\"https:\/\/ucm.one\/en\/category\/news-en\/film-en\/nonfy-documentaries-en\/\" >NONFY Documentaries<\/a><\/span><a class=\"author vcard\" href=\"\" title=\"View all posts by Joachim Keil\" rel=\"author\">By <span class=\"fn\">Joachim Keil<\/span><\/a><a href=\"https:\/\/ucm.one\/en\/2023\/08\/02\/\" title=\"00:01\" class=\"data-link\" rel=\"bookmark\"><time class=\"entry-date updated\" datetime=\"2023-08-02T00:01:57+00:00\">2. August 2023<\/time><\/a><\/div>\n\t<div class=\"entry-excerpt\"><p>[vc_row][vc_column][vc_column_text] This year, the &#8220;Locarno Film Festival&#8221; is the 76th edition of the well-known international film festival that has been held in the city of Locarno in Switzerland since 1946. The main feature of the festival, which will take place from 2 to 12 August 2023, is of course still the open-air stage on the&hellip;<\/p>\n<\/div>\n\t\n<a href=\"https:\/\/ucm.one\/en\/ucm-one-is-part-of-the-76th-edition-of-the-locarno-film-festival\/\" class=\"post-details details-type-link\" aria-label=\"Read more about \ud83c\udfac UCM.ONE is part of the 76th edition of the Locarno Film Festival\">Read more<i class=\"dt-icon-the7-arrow-03\" aria-hidden=\"true\"><\/i><\/a>\n\n<\/div><\/article><\/div><div class=\"hidden wf-cell\" data-post-id=\"87512\" data-date=\"2023-02-11T23:29:29+00:00\" data-name=\"\ud83c\udfac Tellfilm and UCM.ONE agree to collaborate on the film &quot;Youth Topia&quot; by Dennis Stormer\"><article class=\"post project-odd visible post-87512 type-post status-publish format-standard has-post-thumbnail hentry category-artkeim-en category-cinema category-film-en category-film-distribution-en category-news-en category-world-sales tag-algorithmus-en tag-artkeim-en tag-dennis-stormer-en tag-elsa-langnaese-en tag-lia-von-blarer-en tag-lou-haltinner-en tag-marisa-meier-en tag-saladin-dellers-en tag-tellfilm-en tag-youth-topia-en category-570 category-1011 category-942 category-15326 category-941 category-7530\" data-name=\"\ud83c\udfac Tellfilm and UCM.ONE agree to collaborate on the film &#8220;Youth Topia&#8221; by Dennis Stormer\" data-date=\"2023-02-11T23:29:29+00:00\">\n\n<div class=\"post-thumbnail-wrap\">\n\t<div class=\"post-thumbnail\">\n\t\t\n\t\t\n\t\t<a href=\"https:\/\/ucm.one\/en\/tellfilm-and-ucm-one-agree-to-collaborate-on-the-film-youth-topia-by-dennis-stormer\/\" class=\"post-thumbnail-rollover layzr-bg layzr-bg\" ><img decoding=\"async\" class=\"iso-lazy-load preload-me iso-lazy-load aspect\" src=\"data:image\/svg+xml,%3Csvg%20xmlns%3D&#39;http%3A%2F%2Fwww.w3.org%2F2000%2Fsvg&#39;%20viewBox%3D&#39;0%200%20990%20309&#39;%2F%3E\" data-src=\"https:\/\/ucm.one\/wp-content\/uploads\/2023\/02\/B-Youth-Topia-Signing-990x309.jpg\" data-srcset=\"https:\/\/ucm.one\/wp-content\/uploads\/2023\/02\/B-Youth-Topia-Signing-990x309.jpg 990w, https:\/\/ucm.one\/wp-content\/uploads\/2023\/02\/B-Youth-Topia-Signing-1485x464.jpg 1485w\" loading=\"eager\" style=\"--ratio: 990 \/ 309\" sizes=\"(max-width: 990px) 100vw, 990px\" alt=\"\" title=\"B Youth Topia Signing\" width=\"990\" height=\"309\"  \/><\/a>\t<\/div>\n<\/div>\n\n\n<div class=\"post-entry-content\">\n\n\t<h3 class=\"entry-title\">\n\t\t<a href=\"https:\/\/ucm.one\/en\/tellfilm-and-ucm-one-agree-to-collaborate-on-the-film-youth-topia-by-dennis-stormer\/\" title=\"\ud83c\udfac Tellfilm and UCM.ONE agree to collaborate on the film &#8220;Youth Topia&#8221; by Dennis Stormer\" rel=\"bookmark\">\ud83c\udfac Tellfilm and UCM.ONE agree to collaborate on the film &#8220;Youth Topia&#8221; by Dennis Stormer<\/a>\n\t<\/h3>\n\n\t<div class=\"entry-meta\"><span class=\"category-link\"><a href=\"https:\/\/ucm.one\/en\/category\/news-en\/film-en\/artkeim-en\/\" >Artkeim\u00b2<\/a>, <a href=\"https:\/\/ucm.one\/en\/category\/news-en\/cinema\/\" >Cinema<\/a>, <a href=\"https:\/\/ucm.one\/en\/category\/news-en\/film-en\/\" >Film<\/a>, <a href=\"https:\/\/ucm.one\/en\/category\/news-en\/media-distribution-en\/film-distribution-en\/\" >Film Distribution<\/a>, <a href=\"https:\/\/ucm.one\/en\/category\/news-en\/\" >News<\/a>, <a href=\"https:\/\/ucm.one\/en\/category\/news-en\/movie-distribution\/world-sales\/\" >World Sales<\/a><\/span><a class=\"author vcard\" href=\"\" title=\"View all posts by Joachim Keil\" rel=\"author\">By <span class=\"fn\">Joachim Keil<\/span><\/a><a href=\"https:\/\/ucm.one\/en\/2023\/02\/11\/\" title=\"23:29\" class=\"data-link\" rel=\"bookmark\"><time class=\"entry-date updated\" datetime=\"2023-02-11T23:29:29+00:00\">11. February 2023<\/time><\/a><\/div>\n\t<div class=\"entry-excerpt\"><p>[vc_row][vc_column][vc_column_text]The Swiss company tellfilm and UCM.ONE agree on a far-reaching cooperation. In the course of this, UCM.ONE will release the film &#8220;Youth Topia&#8221; by Dennis Stormer in Germany on the Artkeim\u00b2 label and also market the film worldwide outside Switzerland.[\/vc_column_text][\/vc_column][\/vc_row][vc_row][vc_column width=&#8221;1\/2&#8243;][vc_single_image image=&#8221;87471&#8243; img_size=&#8221;full&#8221; onclick=&#8221;link_image&#8221;][\/vc_column][vc_column width=&#8221;1\/2&#8243;][vc_single_image image=&#8221;87474&#8243; img_size=&#8221;full&#8221; onclick=&#8221;link_image&#8221;][\/vc_column][\/vc_row][vc_row][vc_column][vc_column_text]The dystopian coming of age comedy &#8220;Youth Topia&#8221;&hellip;<\/p>\n<\/div>\n\t\n<a href=\"https:\/\/ucm.one\/en\/tellfilm-and-ucm-one-agree-to-collaborate-on-the-film-youth-topia-by-dennis-stormer\/\" class=\"post-details details-type-link\" aria-label=\"Read more about \ud83c\udfac Tellfilm and UCM.ONE agree to collaborate on the film &#8220;Youth Topia&#8221; by Dennis Stormer\">Read more<i class=\"dt-icon-the7-arrow-03\" aria-hidden=\"true\"><\/i><\/a>\n\n<\/div><\/article><\/div><\/div><!-- iso-container|iso-grid --><div class=\"paginator paginator-more-button\">\n\t\t\t\t<a class=\"button-load-more \" href=\"javascript:void(0);\" data-dt-page=\"1\" ><span class=\"stick\"><\/span><span class=\"stick\"><\/span><span class=\"stick\"><\/span><span class=\"button-caption\">Load more<\/span><\/a>\n\t\t\t<\/div><\/div>[\/vc_tta_section][\/vc_tta_accordion][vc_separator][\/vc_column][\/vc_row][vc_row css=&#8221;.vc_custom_1691100420414{padding-top: 80px !important;}&#8221;][vc_column width=&#8221;1\/4&#8243; offset=&#8221;vc_col-lg-offset-0 vc_col-md-offset-0 vc_col-sm-offset-0&#8243;][vc_column_text css=&#8221;.vc_custom_1682947648176{background-position: center !important;background-repeat: no-repeat !important;background-size: cover !important;}&#8221;]<img decoding=\"async\" class=\"alignnone wp-image-93645 size-full\" src=\"https:\/\/ucm.one\/wp-content\/uploads\/2023\/04\/P-Fisch-im-Fell.jpg\" alt=\"\" width=\"699\" height=\"1000\" srcset=\"https:\/\/ucm.one\/wp-content\/uploads\/2023\/04\/P-Fisch-im-Fell.jpg 699w, https:\/\/ucm.one\/wp-content\/uploads\/2023\/04\/P-Fisch-im-Fell-210x300.jpg 210w, https:\/\/ucm.one\/wp-content\/uploads\/2023\/04\/P-Fisch-im-Fell-300x429.jpg 300w, https:\/\/ucm.one\/wp-content\/uploads\/2023\/04\/P-Fisch-im-Fell-600x858.jpg 600w\" sizes=\"(max-width: 699px) 100vw, 699px\" \/>[\/vc_column_text][\/vc_column][vc_column width=&#8221;3\/4&#8243;][vc_column_text]<\/p>\n<h2>Fish in the Fur | Fisch im Fell<\/h2>\n<h3><span style=\"font-family: arial, helvetica, sans-serif;\">by <\/span><span lang=\"EN-US\">Dean Benzin<\/span><\/h3>\n<div class=\"wpb_text_column wpb_content_element \">\n<div class=\"wpb_wrapper\">\n<div class=\"wpb_text_column wpb_content_element \">\n<div class=\"wpb_wrapper\">\n<div class=\"wpb_text_column wpb_content_element vc_custom_1681339038108\">\n<div class=\"wpb_wrapper\">\n<p>It is supposed to be more than just an excursion. Once a year, the village youth group goes away for a few days to experience fellowship and leisure away from home. But this time it is to be more than just fun and recreation. Much more. After a serious fire, the meeting place of six youths, a small hut, is completely destroyed, revealing a casket hidden under the floorboards. The mysterious contents call the group around Lydia to South Tyrol in the mountains. For Theo in his wheelchair, the tour is unthinkable. But he, of all people, is enthusiastic about the idea. He loves the mountains, for him the trip would be a dream. After initial scepticism, Sarah, Johanna, Finn and Luca agree. The journey begins. The destination is a cave near the summit.<\/p>\n<p>Not only the encounter with the transgender punk Ninja causes tensions in the group, but also the hike with the experienced mountain guide Peter brings up fears and self-doubt among the young people. The repercussions tug at the cohesion of the teens among themselves. Can they reach their goal despite the difficulties? And what will await them when they solve the riddle of the mysterious find from the silver capsule?<\/p>\n<\/div>\n<\/div>\n<\/div>\n<\/div>\n<\/div>\n<\/div>\n<div class=\"wpb_text_column wpb_content_element \">\n<div class=\"wpb_wrapper\">\n<h3><span style=\"font-family: arial, helvetica, sans-serif;\">Theatrical release: May 25, 2023<\/span><\/h3>\n<\/div>\n<\/div>\n<p>[\/vc_column_text][\/vc_column][\/vc_row][vc_row][vc_column width=&#8221;5\/6&#8243;][vc_column_text]Artkeim\u00b2 | 2022 | Adventure | Germany | Original title: \u201c<a title=\"Fish in the Fur (2022) by Dean Benzin | Artkeim\u00b2\" href=\"https:\/\/ucm.one\/en\/fish-in-the-fur\/\">Fisch im Fell<\/a>\u201c[\/vc_column_text][\/vc_column][vc_column width=&#8221;1\/6&#8243;][vc_btn title=&#8221;Press Material&#8221; size=&#8221;xs&#8221; align=&#8221;center&#8221; i_icon_fontawesome=&#8221;fas fa-download&#8221; button_block=&#8221;true&#8221; add_icon=&#8221;true&#8221; link=&#8221;url:https%3A%2F%2Fucm.one%2Fpresse%2Fak_fif_presskit.zip|title:FIF%20Press%20Material|rel:nofollow&#8221;][\/vc_column][\/vc_row][vc_row][vc_column][vc_tta_accordion style=&#8221;modern&#8221; shape=&#8221;square&#8221; c_icon=&#8221;chevron&#8221; active_section=&#8221;33&#8243; no_fill=&#8221;true&#8221; collapsible_all=&#8221;true&#8221;][vc_tta_section title=&#8221;More information&#8221; tab_id=&#8221;1691100429859-ae71c52e-f9b1&#8243;][vc_column_text]<\/p>\n<div class=\"wpb_text_column wpb_content_element \">\n<div class=\"wpb_wrapper\">\n<div class=\"wpb_text_column wpb_content_element \">\n<div class=\"wpb_wrapper\">\n<div>\n<div>\n<div class=\"wpb_text_column wpb_content_element \">\n<div class=\"wpb_wrapper\">\n<div class=\"wpb_text_column wpb_content_element \">\n<div class=\"wpb_wrapper\">\n<p><strong>Original title:<\/strong>\u00a0Fisch im Fell<\/p>\n<p><strong>Director:<\/strong>\u00a0Dean Benzin<\/p>\n<p><strong>Screenplay:<\/strong>\u00a0Christian Pasquariello<\/p>\n<p><strong>Actors:<\/strong>\u00a0Lene Deike,\u00a0Falco Heidzig,\u00a0Phelan Brunk,\u00a0Leab\u00e9,\u00a0Amalia Teuber,\u00a0\u00a0Lukas Bake,\u00a0Leonie Fries,\u00a0\u00a0Emanuel Fellmer,\u00a0Kati Ruppert,\u00a0Frederick Lau,\u00a0Dieter Hallervorden<\/p>\n<p><strong>Producer:<\/strong>\u00a0Michael Marintschak, Martin Widiger<\/p>\n<p><strong>Executive producer:<\/strong>\u00a0Johann Subklew, Dean Benzin<\/p>\n<p><strong>Cinematography:<\/strong>\u00a0Konstantin Freyer<\/p>\n<p><strong>Editing:<\/strong>\u00a0Ina Tangermann, Claudio Demel<\/p>\n<p><strong>Sound:<\/strong>\u00a0Johannes Doberenz, J\u00f6rg Weimann<\/p>\n<p><strong>Make-up:<\/strong>\u00a0Jasmin Arnold<\/p>\n<p><strong>Costumes:<\/strong>\u00a0Marie Rebscher<\/p>\n<p><strong>Production design:<\/strong>\u00a0Hans-Dieter \u201eKrolli\u201c Kroll<\/p>\n<p><strong>Property:<\/strong>\u00a0Andrea Korb<\/p>\n<p><strong>Music:<\/strong>\u00a0Max Wege<\/p>\n<p><strong>Sound Design:<\/strong>\u00a0Marvin Keil<\/p>\n<p><strong>VFX:<\/strong>\u00a0Lukas Schwabe<\/p>\n<p>&nbsp;<\/p>\n<p><strong>Production:<\/strong>\u00a0Evangelische Jugend Bad Harzburg<\/p>\n<p><strong>Year of production:<\/strong>\u00a02022<\/p>\n<p><strong>Genres:<\/strong>\u00a0Abenteuer, Jugendfilm<\/p>\n<p><strong>Country:<\/strong>\u00a0Germany<\/p>\n<p><strong>Language:<\/strong>\u00a0German<\/p>\n<p>&nbsp;<\/p>\n<p><strong>Length:<\/strong>\u00a084 Min<\/p>\n<p><strong>Aspect ratio:<\/strong>\u00a01,85:1<\/p>\n<p><strong>Resolution:<\/strong>\u00a0DCI 2K Flat<\/p>\n<p><strong>Sound:<\/strong>\u00a05.1 Surround<\/p>\n<p><strong>Rating:<\/strong>\u00a0 FSK 12<\/p>\n<\/div>\n<\/div>\n<div class=\"vc_separator wpb_content_element vc_separator_align_center vc_sep_width_100 vc_sep_pos_align_center vc_separator_no_text\"><\/div>\n<div class=\"wpb_text_column wpb_content_element \">\n<div class=\"wpb_wrapper\">\n<p><strong>Premiere<\/strong>\u00a0on November 13, 2022 at the\u00a0<strong>36th Braunschweig International Film Festival<\/strong><\/p>\n<\/div>\n<\/div>\n<div class=\"vc_separator wpb_content_element vc_separator_align_center vc_sep_width_100 vc_sep_pos_align_center vc_separator_no_text\"><\/div>\n<div class=\"wpb_text_column wpb_content_element \">\n<div class=\"wpb_wrapper\">\n<p><strong>Filmlabel:<\/strong>\u00a0Artkeim\u00b2<\/p>\n<p><strong>Distributor:<\/strong>\u00a0<strong>UCM.ONE<\/strong><\/p>\n<p><strong>Theatrical start:\u00a0<\/strong>May 25, 2023<\/p>\n<\/div>\n<\/div>\n<\/div>\n<\/div>\n<\/div>\n<p>&nbsp;<\/p>\n<\/div>\n<p>All information about the movie:\u00a0<a title=\"Fish in the Fur (2022) by Dean Benzin | Artkeim\u00b2\" href=\"https:\/\/ucm.one\/en\/fish-in-the-fur\/\">Fish in the Fur<\/a><\/p>\n<p>&nbsp;<\/p>\n<\/div>\n<\/div>\n<\/div>\n<\/div>\n<p>[\/vc_column_text][\/vc_tta_section][vc_tta_section title=&#8221;Trailer&#8221; tab_id=&#8221;1691100430031-54bf3aeb-bc97&#8243;][vc_video link=&#8221;https:\/\/youtu.be\/nfK0RPQw2O0&#8243;][\/vc_tta_section][vc_tta_section title=&#8221;News&#8221; tab_id=&#8221;1691100430202-1dd8ace4-83ed&#8221;]<style type=\"text\/css\" data-type=\"the7_shortcodes-inline-css\">.blog-shortcode.blog-masonry-shortcode-id-4858a303432f7a241535f38f63a8be96.content-bg-on.classic-layout-list article {\n  background: #e6e6e6;\n  box-shadow: none;\n}\n.blog-shortcode.blog-masonry-shortcode-id-4858a303432f7a241535f38f63a8be96.dividers-on.classic-layout-list article {\n  padding-top: 0;\n}\n.blog-shortcode.blog-masonry-shortcode-id-4858a303432f7a241535f38f63a8be96.dividers-on.classic-layout-list article:first-of-type {\n  margin-top: 0;\n  padding-top: 0;\n}\n.blog-shortcode.blog-masonry-shortcode-id-4858a303432f7a241535f38f63a8be96.classic-layout-list.mode-list .post-entry-content {\n  width: calc(100% - );\n}\n.blog-shortcode.blog-masonry-shortcode-id-4858a303432f7a241535f38f63a8be96.classic-layout-list.mode-list .no-img .post-entry-content {\n  width: 100%;\n}\n.blog-shortcode.blog-masonry-shortcode-id-4858a303432f7a241535f38f63a8be96 .filter-bg-decoration .filter-categories a.act {\n  color: #fff;\n}\n.blog-shortcode.blog-masonry-shortcode-id-4858a303432f7a241535f38f63a8be96:not(.mode-masonry) article:first-of-type,\n.blog-shortcode.blog-masonry-shortcode-id-4858a303432f7a241535f38f63a8be96:not(.mode-masonry) article.visible.first:not(.product) {\n  margin-top: 0;\n}\n.blog-shortcode.blog-masonry-shortcode-id-4858a303432f7a241535f38f63a8be96.dividers-on:not(.mode-masonry) article {\n  margin-top: 0;\n}\n.blog-shortcode.blog-masonry-shortcode-id-4858a303432f7a241535f38f63a8be96.dividers-on:not(.mode-masonry) article:first-of-type,\n.blog-shortcode.blog-masonry-shortcode-id-4858a303432f7a241535f38f63a8be96.dividers-on:not(.mode-masonry) article.visible.first:not(.product) {\n  margin-top: 0;\n  padding-top: 0;\n}\n.blog-shortcode.blog-masonry-shortcode-id-4858a303432f7a241535f38f63a8be96 .post-thumbnail-wrap {\n  padding: 0px 0px 0px 0px;\n}\n.blog-shortcode.blog-masonry-shortcode-id-4858a303432f7a241535f38f63a8be96.enable-bg-rollover .post-thumbnail-rollover:after {\n  background: -webkit-linear-gradient();\n  background: linear-gradient();\n}\n.blog-shortcode.blog-masonry-shortcode-id-4858a303432f7a241535f38f63a8be96 .gallery-zoom-ico {\n  width: 44px;\n  height: 44px;\n  line-height: 44px;\n  border-radius: 100px;\n  margin: -22px 0 0 -22px;\n  border-width: 0px;\n  color: #ffffff;\n}\n.bottom-overlap-layout-list.blog-shortcode.blog-masonry-shortcode-id-4858a303432f7a241535f38f63a8be96 .gallery-zoom-ico {\n  margin-top: -72px;\n}\n.gradient-overlay-layout-list.blog-shortcode.blog-masonry-shortcode-id-4858a303432f7a241535f38f63a8be96 .gallery-zoom-ico,\n.content-rollover-layout-list.blog-shortcode.blog-masonry-shortcode-id-4858a303432f7a241535f38f63a8be96 .gallery-zoom-ico {\n  margin: 0 0 10px;\n}\n.content-align-center.gradient-overlay-layout-list.blog-shortcode.blog-masonry-shortcode-id-4858a303432f7a241535f38f63a8be96 .gallery-zoom-ico,\n.content-align-center.content-rollover-layout-list.blog-shortcode.blog-masonry-shortcode-id-4858a303432f7a241535f38f63a8be96 .gallery-zoom-ico {\n  margin: 0 auto 10px;\n}\n.dt-icon-bg-on.blog-shortcode.blog-masonry-shortcode-id-4858a303432f7a241535f38f63a8be96 .gallery-zoom-ico {\n  background: rgba(255,255,255,0.3);\n  box-shadow: none;\n}\n.blog-shortcode.blog-masonry-shortcode-id-4858a303432f7a241535f38f63a8be96 .gallery-zoom-ico > span,\n.blog-shortcode.blog-masonry-shortcode-id-4858a303432f7a241535f38f63a8be96 .gallery-zoom-ico:before {\n  font-size: 32px;\n  line-height: 44px;\n}\n.blog-shortcode.blog-masonry-shortcode-id-4858a303432f7a241535f38f63a8be96 .gallery-zoom-ico > span,\n.blog-shortcode.blog-masonry-shortcode-id-4858a303432f7a241535f38f63a8be96 .gallery-zoom-ico:before {\n  color: #ffffff;\n}\n.blog-shortcode.blog-masonry-shortcode-id-4858a303432f7a241535f38f63a8be96 .entry-title,\n.blog-shortcode.blog-masonry-shortcode-id-4858a303432f7a241535f38f63a8be96.owl-carousel .entry-title {\n  margin-bottom: 5px;\n  font-weight: bold;\n}\n.blog-shortcode.blog-masonry-shortcode-id-4858a303432f7a241535f38f63a8be96 .entry-meta {\n  margin-bottom: 15px;\n}\n.blog-shortcode.blog-masonry-shortcode-id-4858a303432f7a241535f38f63a8be96 .portfolio-categories {\n  margin-bottom: 15px;\n}\n.blog-shortcode.blog-masonry-shortcode-id-4858a303432f7a241535f38f63a8be96 .entry-excerpt {\n  margin-bottom: 5px;\n}\n.blog-shortcode.blog-masonry-shortcode-id-4858a303432f7a241535f38f63a8be96:not(.centered-layout-list) .post-entry-content {\n  padding: 15px 20px 20px 20px;\n}\n.blog-shortcode.blog-masonry-shortcode-id-4858a303432f7a241535f38f63a8be96:not(.centered-layout-list):not(.content-bg-on):not(.mode-list) .no-img .post-entry-content {\n  padding: 0;\n}\n.blog-shortcode.blog-masonry-shortcode-id-4858a303432f7a241535f38f63a8be96.content-bg-on:not(.classic-layout-list):not(.centered-layout-list) .post-entry-content {\n  background: #e6e6e6;\n  box-shadow: none;\n}\n@media screen and (max-width: ) {\n  .blog-shortcode.blog-masonry-shortcode-id-4858a303432f7a241535f38f63a8be96 article {\n    -ms-flex-flow: column nowrap;\n    flex-flow: column nowrap;\n    margin-top: 20px;\n  }\n  .blog-shortcode.blog-masonry-shortcode-id-4858a303432f7a241535f38f63a8be96.dividers-on article {\n    border: none;\n  }\n  .blog-shortcode.blog-masonry-shortcode-id-4858a303432f7a241535f38f63a8be96.content-bg-on.centered-layout-list article {\n    padding: 0;\n  }\n  .blog-shortcode.blog-masonry-shortcode-id-4858a303432f7a241535f38f63a8be96.blog-shortcode.dividers-on article,\n  .blog-shortcode.blog-masonry-shortcode-id-4858a303432f7a241535f38f63a8be96.dividers-on.classic-layout-list article {\n    margin-top: 20px;\n    padding: 0;\n  }\n  .blog-shortcode.blog-masonry-shortcode-id-4858a303432f7a241535f38f63a8be96.blog-shortcode.dividers-on article:first-of-type,\n  .blog-shortcode.blog-masonry-shortcode-id-4858a303432f7a241535f38f63a8be96.dividers-on.classic-layout-list article:first-of-type {\n    padding: 0;\n  }\n  #page .blog-shortcode.blog-masonry-shortcode-id-4858a303432f7a241535f38f63a8be96 .post-thumbnail-wrap,\n  #page .blog-shortcode.blog-masonry-shortcode-id-4858a303432f7a241535f38f63a8be96 .post-entry-content {\n    width: 100%;\n    margin: 0;\n    top: 0;\n  }\n  #page .blog-shortcode.blog-masonry-shortcode-id-4858a303432f7a241535f38f63a8be96 .post-thumbnail-wrap {\n    padding: 0;\n  }\n  #page .blog-shortcode.blog-masonry-shortcode-id-4858a303432f7a241535f38f63a8be96 .post-entry-content:after {\n    display: none;\n  }\n  #page .blog-shortcode.blog-masonry-shortcode-id-4858a303432f7a241535f38f63a8be96 .project-even .post-thumbnail-wrap,\n  #page .blog-shortcode.blog-masonry-shortcode-id-4858a303432f7a241535f38f63a8be96.centered-layout-list .post-thumbnail-wrap {\n    -ms-flex-order: 0;\n    order: 0;\n  }\n  #page .blog-shortcode.blog-masonry-shortcode-id-4858a303432f7a241535f38f63a8be96.centered-layout-list .post-entry-title-content {\n    -ms-flex-order: 1;\n    order: 1;\n    width: 100%;\n    padding: 20px 20px 0;\n  }\n  #page .blog-shortcode.blog-masonry-shortcode-id-4858a303432f7a241535f38f63a8be96.centered-layout-list .post-entry-content {\n    -ms-flex-order: 2;\n    order: 2;\n    padding-top: 0;\n  }\n  #page .blog-shortcode.blog-masonry-shortcode-id-4858a303432f7a241535f38f63a8be96 .fancy-categories {\n    top: 10px;\n    left: 10px;\n    bottom: auto;\n    right: auto;\n  }\n  #page .blog-shortcode.blog-masonry-shortcode-id-4858a303432f7a241535f38f63a8be96 .fancy-date a {\n    top: 10px;\n    right: 10px;\n    left: auto;\n    bottom: auto;\n  }\n  #page .blog-shortcode.blog-masonry-shortcode-id-4858a303432f7a241535f38f63a8be96 .post-entry-content {\n    padding: 20px;\n  }\n  #page .blog-shortcode.blog-masonry-shortcode-id-4858a303432f7a241535f38f63a8be96 .entry-title {\n    margin: 3px 0 5px;\n    font-size: 20px;\n    line-height: 26px;\n  }\n  #page .blog-shortcode.blog-masonry-shortcode-id-4858a303432f7a241535f38f63a8be96 .entry-meta {\n    margin: 5px 0 5px;\n  }\n  #page .blog-shortcode.blog-masonry-shortcode-id-4858a303432f7a241535f38f63a8be96 .entry-excerpt {\n    margin: 15px 0 0;\n  }\n  #page .blog-shortcode.blog-masonry-shortcode-id-4858a303432f7a241535f38f63a8be96 .post-details {\n    margin: 5px 0 10px;\n  }\n  #page .blog-shortcode.blog-masonry-shortcode-id-4858a303432f7a241535f38f63a8be96 .post-details.details-type-link {\n    margin-bottom: 2px;\n  }\n}\n.blog-shortcode.blog-masonry-shortcode-id-4858a303432f7a241535f38f63a8be96:not(.resize-by-browser-width) .dt-css-grid {\n  grid-row-gap: 50px;\n  grid-column-gap: 50px;\n  grid-template-columns: repeat(auto-fill,minmax(,1fr));\n}\n.blog-shortcode.blog-masonry-shortcode-id-4858a303432f7a241535f38f63a8be96:not(.resize-by-browser-width) .dt-css-grid .double-width {\n  grid-column: span 2;\n}\n.cssgridlegacy.no-cssgrid .blog-shortcode.blog-masonry-shortcode-id-4858a303432f7a241535f38f63a8be96:not(.resize-by-browser-width) .dt-css-grid,\n.no-cssgridlegacy.no-cssgrid .blog-shortcode.blog-masonry-shortcode-id-4858a303432f7a241535f38f63a8be96:not(.resize-by-browser-width) .dt-css-grid {\n  display: flex;\n  flex-flow: row wrap;\n  margin: -25px;\n}\n.cssgridlegacy.no-cssgrid .blog-shortcode.blog-masonry-shortcode-id-4858a303432f7a241535f38f63a8be96:not(.resize-by-browser-width) .dt-css-grid .wf-cell,\n.no-cssgridlegacy.no-cssgrid .blog-shortcode.blog-masonry-shortcode-id-4858a303432f7a241535f38f63a8be96:not(.resize-by-browser-width) .dt-css-grid .wf-cell {\n  flex: 1 0 ;\n  max-width: 100%;\n  padding: 25px;\n  box-sizing: border-box;\n}\n.blog-shortcode.blog-masonry-shortcode-id-4858a303432f7a241535f38f63a8be96.resize-by-browser-width .dt-css-grid {\n  grid-template-columns: repeat(1,1fr);\n  grid-template-rows: auto;\n  grid-column-gap: 50px;\n  grid-row-gap: 50px;\n}\n.blog-shortcode.blog-masonry-shortcode-id-4858a303432f7a241535f38f63a8be96.resize-by-browser-width .dt-css-grid .double-width {\n  grid-column: span 2;\n}\n.cssgridlegacy.no-cssgrid .blog-shortcode.blog-masonry-shortcode-id-4858a303432f7a241535f38f63a8be96.resize-by-browser-width .dt-css-grid {\n  margin: -25px;\n}\n.cssgridlegacy.no-cssgrid .blog-shortcode.blog-masonry-shortcode-id-4858a303432f7a241535f38f63a8be96.resize-by-browser-width .dt-css-grid .wf-cell {\n  width: 100%;\n  padding: 25px;\n}\n.cssgridlegacy.no-cssgrid .blog-shortcode.blog-masonry-shortcode-id-4858a303432f7a241535f38f63a8be96.resize-by-browser-width .dt-css-grid .wf-cell.double-width {\n  width: calc(100%) * 2;\n}\n.blog-shortcode.blog-masonry-shortcode-id-4858a303432f7a241535f38f63a8be96.resize-by-browser-width:not(.centered-layout-list):not(.content-bg-on) .dt-css-grid {\n  grid-row-gap: 30px;\n}\n@media screen and (max-width: 1199px) {\n  .blog-shortcode.blog-masonry-shortcode-id-4858a303432f7a241535f38f63a8be96.resize-by-browser-width .dt-css-grid {\n    grid-template-columns: repeat(1,1fr);\n  }\n  .cssgridlegacy.no-cssgrid .blog-shortcode.blog-masonry-shortcode-id-4858a303432f7a241535f38f63a8be96.resize-by-browser-width .dt-css-grid .wf-cell,\n  .no-cssgridlegacy.no-cssgrid .blog-shortcode.blog-masonry-shortcode-id-4858a303432f7a241535f38f63a8be96.resize-by-browser-width .dt-css-grid .wf-cell {\n    width: 100%;\n  }\n  .cssgridlegacy.no-cssgrid .blog-shortcode.blog-masonry-shortcode-id-4858a303432f7a241535f38f63a8be96.resize-by-browser-width .dt-css-grid .wf-cell.double-width,\n  .no-cssgridlegacy.no-cssgrid .blog-shortcode.blog-masonry-shortcode-id-4858a303432f7a241535f38f63a8be96.resize-by-browser-width .dt-css-grid .wf-cell.double-width {\n    width: calc(100%)*2;\n  }\n}\n@media screen and (max-width: 991px) {\n  .blog-shortcode.blog-masonry-shortcode-id-4858a303432f7a241535f38f63a8be96.resize-by-browser-width .dt-css-grid {\n    grid-template-columns: repeat(1,1fr);\n  }\n  .cssgridlegacy.no-cssgrid .blog-shortcode.blog-masonry-shortcode-id-4858a303432f7a241535f38f63a8be96.resize-by-browser-width .dt-css-grid .wf-cell,\n  .no-cssgridlegacy.no-cssgrid .blog-shortcode.blog-masonry-shortcode-id-4858a303432f7a241535f38f63a8be96.resize-by-browser-width .dt-css-grid .wf-cell {\n    width: 100%;\n  }\n  .cssgridlegacy.no-cssgrid .blog-shortcode.blog-masonry-shortcode-id-4858a303432f7a241535f38f63a8be96.resize-by-browser-width .dt-css-grid .wf-cell.double-width,\n  .no-cssgridlegacy.no-cssgrid .blog-shortcode.blog-masonry-shortcode-id-4858a303432f7a241535f38f63a8be96.resize-by-browser-width .dt-css-grid .wf-cell.double-width {\n    width: calc(100%)*2;\n  }\n}\n@media screen and (max-width: 767px) {\n  .blog-shortcode.blog-masonry-shortcode-id-4858a303432f7a241535f38f63a8be96.resize-by-browser-width .dt-css-grid {\n    grid-template-columns: repeat(1,1fr);\n  }\n  .blog-shortcode.blog-masonry-shortcode-id-4858a303432f7a241535f38f63a8be96.resize-by-browser-width .dt-css-grid .double-width {\n    grid-column: span 1;\n  }\n  .cssgridlegacy.no-cssgrid .blog-shortcode.blog-masonry-shortcode-id-4858a303432f7a241535f38f63a8be96.resize-by-browser-width .dt-css-grid .wf-cell,\n  .no-cssgridlegacy.no-cssgrid .blog-shortcode.blog-masonry-shortcode-id-4858a303432f7a241535f38f63a8be96.resize-by-browser-width .dt-css-grid .wf-cell {\n    width: 100%;\n  }\n  .cssgridlegacy.no-cssgrid .blog-shortcode.blog-masonry-shortcode-id-4858a303432f7a241535f38f63a8be96.resize-by-browser-width .dt-css-grid .wf-cell.double-width,\n  .no-cssgridlegacy.no-cssgrid .blog-shortcode.blog-masonry-shortcode-id-4858a303432f7a241535f38f63a8be96.resize-by-browser-width .dt-css-grid .wf-cell.double-width {\n    width: calc(100%)*2;\n  }\n}<\/style><div class=\"blog-shortcode blog-masonry-shortcode-id-4858a303432f7a241535f38f63a8be96 mode-grid classic-layout-list content-bg-on jquery-filter vertical-fancy-style scale-img dt-css-grid-wrap dt-icon-bg-off resize-by-browser-width loading-effect-none description-under-image \" data-padding=\"25px\" data-cur-page=\"1\" data-post-limit=\"2\" data-pagination-mode=\"load-more\" aria-live=\"assertive\" data-desktop-columns-num=\"1\" data-v-tablet-columns-num=\"1\" data-h-tablet-columns-num=\"1\" data-phone-columns-num=\"1\" data-width=\"0px\" data-columns=\"0\"><div class=\"dt-css-grid\" ><div class=\"visible wf-cell\" data-post-id=\"95069\" data-date=\"2023-06-19T10:18:29+00:00\" data-name=\"\ud83c\udfac &quot;Fish in the Fur&quot; (Artkeim\u00b2) shown in more cinemas in 5th week of play\"><article class=\"post project-odd visible post-95069 type-post status-publish format-standard has-post-thumbnail hentry category-artkeim-en category-cinema category-film-en category-movie-distribution category-news-en category-world-sales tag-2023-en tag-amalia-teuber-2 tag-artkeim-en tag-christian-pasquariello-2 tag-dean-benzin-en tag-dieter-hallervorden-en tag-falco-heidzig-2 tag-fisch-im-fell-en tag-frederick-lau-en tag-kinostart-en tag-landeskirche-braunschweig-en tag-leabe-2 tag-lene-deike-2 tag-lukas-bake-2 tag-phelan-brunk-2 category-570 category-1011 category-942 category-4630 category-941 category-7530\" data-name=\"\ud83c\udfac &#8220;Fish in the Fur&#8221; (Artkeim\u00b2) shown in more cinemas in 5th week of play\" data-date=\"2023-06-19T10:18:29+00:00\">\n\n<div class=\"post-thumbnail-wrap\">\n\t<div class=\"post-thumbnail\">\n\t\t\n\t\t\n\t\t<a href=\"https:\/\/ucm.one\/en\/fish-in-the-fur-artkeim%c2%b2-shown-in-more-cinemas-in-5th-week-of-play\/\" class=\"post-thumbnail-rollover layzr-bg layzr-bg\" ><img decoding=\"async\" class=\"iso-lazy-load preload-me iso-lazy-load aspect\" src=\"data:image\/svg+xml,%3Csvg%20xmlns%3D&#39;http%3A%2F%2Fwww.w3.org%2F2000%2Fsvg&#39;%20viewBox%3D&#39;0%200%20990%20309&#39;%2F%3E\" data-src=\"https:\/\/ucm.one\/wp-content\/uploads\/2023\/06\/Fish-in-the-Fur-5th-week-1920x600-2-990x309.jpeg\" data-srcset=\"https:\/\/ucm.one\/wp-content\/uploads\/2023\/06\/Fish-in-the-Fur-5th-week-1920x600-2-990x309.jpeg 990w, https:\/\/ucm.one\/wp-content\/uploads\/2023\/06\/Fish-in-the-Fur-5th-week-1920x600-2-1485x464.jpeg 1485w\" loading=\"eager\" style=\"--ratio: 990 \/ 309\" sizes=\"(max-width: 990px) 100vw, 990px\" alt=\"\" title=\"Fish in the Fur 5th week 1920&#215;600 2\" width=\"990\" height=\"309\"  \/><\/a>\t<\/div>\n<\/div>\n\n\n<div class=\"post-entry-content\">\n\n\t<h3 class=\"entry-title\">\n\t\t<a href=\"https:\/\/ucm.one\/en\/fish-in-the-fur-artkeim%c2%b2-shown-in-more-cinemas-in-5th-week-of-play\/\" title=\"\ud83c\udfac &#8220;Fish in the Fur&#8221; (Artkeim\u00b2) shown in more cinemas in 5th week of play\" rel=\"bookmark\">\ud83c\udfac &#8220;Fish in the Fur&#8221; (Artkeim\u00b2) shown in more cinemas in 5th week of play<\/a>\n\t<\/h3>\n\n\t<div class=\"entry-meta\"><span class=\"category-link\"><a href=\"https:\/\/ucm.one\/en\/category\/news-en\/film-en\/artkeim-en\/\" >Artkeim\u00b2<\/a>, <a href=\"https:\/\/ucm.one\/en\/category\/news-en\/cinema\/\" >Cinema<\/a>, <a href=\"https:\/\/ucm.one\/en\/category\/news-en\/film-en\/\" >Film<\/a>, <a href=\"https:\/\/ucm.one\/en\/category\/news-en\/movie-distribution\/\" >Movie Distribution<\/a>, <a href=\"https:\/\/ucm.one\/en\/category\/news-en\/\" >News<\/a>, <a href=\"https:\/\/ucm.one\/en\/category\/news-en\/movie-distribution\/world-sales\/\" >World Sales<\/a><\/span><a class=\"author vcard\" href=\"\" title=\"View all posts by Joachim Keil\" rel=\"author\">By <span class=\"fn\">Joachim Keil<\/span><\/a><a href=\"https:\/\/ucm.one\/en\/2023\/06\/19\/\" title=\"10:18\" class=\"data-link\" rel=\"bookmark\"><time class=\"entry-date updated\" datetime=\"2023-06-19T10:18:29+00:00\">19. June 2023<\/time><\/a><\/div>\n\t<div class=\"entry-excerpt\"><p>[vc_row][vc_column][vc_column_text] The youth film &#8220;Fish in the Fur&#8221; (Geman original title: &#8220;Fisch im Fell&#8220;) \u00a0by director Dean Benzin, produced by the Protestant Ladenkirche in Braunschweig, is starting its fifth week of screenings. After successful screenings at the Protestant Church Congress in Nuremberg and in selected cinemas in Germany, the film continues to expand its presence.&hellip;<\/p>\n<\/div>\n\t\n<a href=\"https:\/\/ucm.one\/en\/fish-in-the-fur-artkeim%c2%b2-shown-in-more-cinemas-in-5th-week-of-play\/\" class=\"post-details details-type-link\" aria-label=\"Read more about \ud83c\udfac &#8220;Fish in the Fur&#8221; (Artkeim\u00b2) shown in more cinemas in 5th week of play\">Read more<i class=\"dt-icon-the7-arrow-03\" aria-hidden=\"true\"><\/i><\/a>\n\n<\/div><\/article><\/div><div class=\"visible wf-cell\" data-post-id=\"95112\" data-date=\"2023-06-16T14:05:11+00:00\" data-name=\"\ud83c\udfb5 Tracks from the &quot;Fish in the Skin&quot; soundtrack available today on streaming and download portals\"><article class=\"post project-odd visible post-95112 type-post status-publish format-standard has-post-thumbnail hentry category-artkeim-en category-film-en category-music category-news-en tag-amalia-teuber-2 tag-artkeim-en tag-charlie-paschen-2 tag-christian-pasquariello-2 tag-dean-benzin-en tag-dieter-hallervorden-en tag-falco-heidzig-2 tag-fisch-im-fell-en tag-fish-in-the-fur tag-frederick-lau-en tag-landeskirche-braunschweig-en tag-leabe-2 tag-lene-deike-2 tag-lukas-bake-2 tag-max-wege-2 tag-mein-geheimnis-2 tag-phelan-brunk-2 tag-porzellan-2 category-570 category-942 category-943 category-941\" data-name=\"\ud83c\udfb5 Tracks from the &#8220;Fish in the Skin&#8221; soundtrack available today on streaming and download portals\" data-date=\"2023-06-16T14:05:11+00:00\">\n\n<div class=\"post-thumbnail-wrap\">\n\t<div class=\"post-thumbnail\">\n\t\t\n\t\t\n\t\t<a href=\"https:\/\/ucm.one\/en\/tracks-from-the-fish-in-the-skin-soundtrack-available-today-on-streaming-and-download-portals\/\" class=\"post-thumbnail-rollover layzr-bg layzr-bg\" ><img decoding=\"async\" class=\"iso-lazy-load preload-me iso-lazy-load aspect\" src=\"data:image\/svg+xml,%3Csvg%20xmlns%3D&#39;http%3A%2F%2Fwww.w3.org%2F2000%2Fsvg&#39;%20viewBox%3D&#39;0%200%20990%20309&#39;%2F%3E\" data-src=\"https:\/\/ucm.one\/wp-content\/uploads\/2023\/06\/B-Porzellan-\u2013-Mein-Geheimnis-990x309.jpg\" data-srcset=\"https:\/\/ucm.one\/wp-content\/uploads\/2023\/06\/B-Porzellan-\u2013-Mein-Geheimnis-990x309.jpg 990w, https:\/\/ucm.one\/wp-content\/uploads\/2023\/06\/B-Porzellan-\u2013-Mein-Geheimnis-1485x464.jpg 1485w\" loading=\"eager\" style=\"--ratio: 990 \/ 309\" sizes=\"(max-width: 990px) 100vw, 990px\" alt=\"\" title=\"B Porzellan \u2013 Mein Geheimnis\" width=\"990\" height=\"309\"  \/><\/a>\t<\/div>\n<\/div>\n\n\n<div class=\"post-entry-content\">\n\n\t<h3 class=\"entry-title\">\n\t\t<a href=\"https:\/\/ucm.one\/en\/tracks-from-the-fish-in-the-skin-soundtrack-available-today-on-streaming-and-download-portals\/\" title=\"\ud83c\udfb5 Tracks from the &#8220;Fish in the Skin&#8221; soundtrack available today on streaming and download portals\" rel=\"bookmark\">\ud83c\udfb5 Tracks from the &#8220;Fish in the Skin&#8221; soundtrack available today on streaming and download portals<\/a>\n\t<\/h3>\n\n\t<div class=\"entry-meta\"><span class=\"category-link\"><a href=\"https:\/\/ucm.one\/en\/category\/news-en\/film-en\/artkeim-en\/\" >Artkeim\u00b2<\/a>, <a href=\"https:\/\/ucm.one\/en\/category\/news-en\/film-en\/\" >Film<\/a>, <a href=\"https:\/\/ucm.one\/en\/category\/news-en\/music\/\" >Music<\/a>, <a href=\"https:\/\/ucm.one\/en\/category\/news-en\/\" >News<\/a><\/span><a class=\"author vcard\" href=\"\" title=\"View all posts by Joachim Keil\" rel=\"author\">By <span class=\"fn\">Joachim Keil<\/span><\/a><a href=\"https:\/\/ucm.one\/en\/2023\/06\/16\/\" title=\"14:05\" class=\"data-link\" rel=\"bookmark\"><time class=\"entry-date updated\" datetime=\"2023-06-16T14:05:11+00:00\">16. June 2023<\/time><\/a><\/div>\n\t<div class=\"entry-excerpt\"><p>[vc_row][vc_column][\/vc_column][vc_column width=&#8221;4\/5&#8243;][vc_column_text]Max Wege, the musician from Balgst\u00e4dt who lives in Leipzig, has released a new song together with his colleague Charlie Paschen under the project name Porzellan. The track &#8220;Mein Geheimnis&#8221; (English: &#8220;My secret&#8220;) was released on Friday, 16 June 2023, on Artkeim\u00b2 and is now available on all streaming and download portals.[\/vc_column_text][vc_column_text] The two&hellip;<\/p>\n<\/div>\n\t\n<a href=\"https:\/\/ucm.one\/en\/tracks-from-the-fish-in-the-skin-soundtrack-available-today-on-streaming-and-download-portals\/\" class=\"post-details details-type-link\" aria-label=\"Read more about \ud83c\udfb5 Tracks from the &#8220;Fish in the Skin&#8221; soundtrack available today on streaming and download portals\">Read more<i class=\"dt-icon-the7-arrow-03\" aria-hidden=\"true\"><\/i><\/a>\n\n<\/div><\/article><\/div><div class=\"hidden wf-cell\" data-post-id=\"94755\" data-date=\"2023-06-06T22:28:53+00:00\" data-name=\"\ud83c\udfac &quot;Fish in the Fur&quot; (Artkeim\u00b2) at the Protestant Church Congress in Nuremberg&#039;s Meistersingerhalle\"><article class=\"post project-odd visible post-94755 type-post status-publish format-standard has-post-thumbnail hentry category-artkeim-en category-cinema category-film-en category-movie-distribution category-news-en category-world-sales tag-2023-en tag-amalia-teuber-2 tag-artkeim-en tag-christian-pasquariello-2 tag-dean-benzin-en tag-dieter-hallervorden-en tag-falco-heidzig-2 tag-fisch-im-fell-en tag-fish-in-the-fur tag-frederick-lau-en tag-landeskirche-braunschweig-en tag-leabe-2 tag-lene-deike-2 tag-lukas-bake-2 tag-nuremberg tag-phelan-brunk-2 tag-protestant-church-congress category-570 category-1011 category-942 category-4630 category-941 category-7530\" data-name=\"\ud83c\udfac &#8220;Fish in the Fur&#8221; (Artkeim\u00b2) at the Protestant Church Congress in Nuremberg&#8217;s Meistersingerhalle\" data-date=\"2023-06-06T22:28:53+00:00\">\n\n<div class=\"post-thumbnail-wrap\">\n\t<div class=\"post-thumbnail\">\n\t\t\n\t\t\n\t\t<a href=\"https:\/\/ucm.one\/en\/fish-in-the-fur-artkeim%c2%b2-at-the-protestant-church-congress-in-nurembergs-meistersingerhalle\/\" class=\"post-thumbnail-rollover layzr-bg layzr-bg\" ><img decoding=\"async\" class=\"iso-lazy-load preload-me iso-lazy-load aspect\" src=\"data:image\/svg+xml,%3Csvg%20xmlns%3D&#39;http%3A%2F%2Fwww.w3.org%2F2000%2Fsvg&#39;%20viewBox%3D&#39;0%200%20990%20309&#39;%2F%3E\" data-src=\"https:\/\/ucm.one\/wp-content\/uploads\/2023\/06\/B-Fisch-im-Fell-Kirchentag-990x309.jpg\" data-srcset=\"https:\/\/ucm.one\/wp-content\/uploads\/2023\/06\/B-Fisch-im-Fell-Kirchentag-990x309.jpg 990w, https:\/\/ucm.one\/wp-content\/uploads\/2023\/06\/B-Fisch-im-Fell-Kirchentag-1485x464.jpg 1485w\" loading=\"eager\" style=\"--ratio: 990 \/ 309\" sizes=\"(max-width: 990px) 100vw, 990px\" alt=\"\" title=\"B Fisch im Fell Kirchentag\" width=\"990\" height=\"309\"  \/><\/a>\t<\/div>\n<\/div>\n\n\n<div class=\"post-entry-content\">\n\n\t<h3 class=\"entry-title\">\n\t\t<a href=\"https:\/\/ucm.one\/en\/fish-in-the-fur-artkeim%c2%b2-at-the-protestant-church-congress-in-nurembergs-meistersingerhalle\/\" title=\"\ud83c\udfac &#8220;Fish in the Fur&#8221; (Artkeim\u00b2) at the Protestant Church Congress in Nuremberg&#8217;s Meistersingerhalle\" rel=\"bookmark\">\ud83c\udfac &#8220;Fish in the Fur&#8221; (Artkeim\u00b2) at the Protestant Church Congress in Nuremberg&#8217;s Meistersingerhalle<\/a>\n\t<\/h3>\n\n\t<div class=\"entry-meta\"><span class=\"category-link\"><a href=\"https:\/\/ucm.one\/en\/category\/news-en\/film-en\/artkeim-en\/\" >Artkeim\u00b2<\/a>, <a href=\"https:\/\/ucm.one\/en\/category\/news-en\/cinema\/\" >Cinema<\/a>, <a href=\"https:\/\/ucm.one\/en\/category\/news-en\/film-en\/\" >Film<\/a>, <a href=\"https:\/\/ucm.one\/en\/category\/news-en\/movie-distribution\/\" >Movie Distribution<\/a>, <a href=\"https:\/\/ucm.one\/en\/category\/news-en\/\" >News<\/a>, <a href=\"https:\/\/ucm.one\/en\/category\/news-en\/movie-distribution\/world-sales\/\" >World Sales<\/a><\/span><a class=\"author vcard\" href=\"\" title=\"View all posts by Joachim Keil\" rel=\"author\">By <span class=\"fn\">Joachim Keil<\/span><\/a><a href=\"https:\/\/ucm.one\/en\/2023\/06\/06\/\" title=\"22:28\" class=\"data-link\" rel=\"bookmark\"><time class=\"entry-date updated\" datetime=\"2023-06-06T22:28:53+00:00\">6. June 2023<\/time><\/a><\/div>\n\t<div class=\"entry-excerpt\"><p>[vc_row][vc_column][vc_column_text]&#8221;Fish in the Fur&#8221; (Artkeim\u00b2), the remarkable youth adventure film that provides an intensive examination of topics such as youth, diversity, environmental protection and the digital world, will be presented at this year&#8217;s Protestant Church Congress in Nuremberg.[\/vc_column_text][\/vc_column][\/vc_row][vc_row][vc_column width=&#8221;3\/4&#8243;][vc_row_inner][vc_column_inner][vc_column_text]The screening is scheduled for Friday 9, June 2023, at 7.30 pm in Nuremberg&#8217;s Meistersingerhalle.[\/vc_column_text][vc_column_text] This film&hellip;<\/p>\n<\/div>\n\t\n<a href=\"https:\/\/ucm.one\/en\/fish-in-the-fur-artkeim%c2%b2-at-the-protestant-church-congress-in-nurembergs-meistersingerhalle\/\" class=\"post-details details-type-link\" aria-label=\"Read more about \ud83c\udfac &#8220;Fish in the Fur&#8221; (Artkeim\u00b2) at the Protestant Church Congress in Nuremberg&#8217;s Meistersingerhalle\">Read more<i class=\"dt-icon-the7-arrow-03\" aria-hidden=\"true\"><\/i><\/a>\n\n<\/div><\/article><\/div><div class=\"hidden wf-cell\" data-post-id=\"94609\" data-date=\"2023-05-26T00:01:18+00:00\" data-name=\"\ud83c\udfac &quot;Fish in the Fur&quot; by Dean Benzin celebrated its premiere last night at the Kant Kino in Berlin\"><article class=\"post project-odd visible post-94609 type-post status-publish format-standard has-post-thumbnail hentry category-artkeim-en category-cinema category-film-en category-movie-distribution category-news-en category-world-sales tag-amalia-teuber-2 tag-artkeim-en tag-christian-pasquariello-2 tag-dean-benzin-en tag-dieter-hallervorden-en tag-falco-heidzig-2 tag-fisch-im-fell-en tag-fish-in-the-fur tag-frederick-lau-en tag-kant-kino-2 tag-kinostart-en tag-landeskirche-braunschweig-en tag-leabe-2 tag-lene-deike-2 tag-lukas-bake-2 tag-phelan-brunk-2 category-570 category-1011 category-942 category-4630 category-941 category-7530\" data-name=\"\ud83c\udfac &#8220;Fish in the Fur&#8221; by Dean Benzin celebrated its premiere last night at the Kant Kino in Berlin\" data-date=\"2023-05-26T00:01:18+00:00\">\n\n<div class=\"post-thumbnail-wrap\">\n\t<div class=\"post-thumbnail\">\n\t\t\n\t\t\n\t\t<a href=\"https:\/\/ucm.one\/en\/fish-in-the-fur-by-dean-benzin-celebrated-its-premiere-last-night-at-the-kant-kino-in-berlin\/\" class=\"post-thumbnail-rollover layzr-bg layzr-bg\" ><img decoding=\"async\" class=\"iso-lazy-load preload-me iso-lazy-load aspect\" src=\"data:image\/svg+xml,%3Csvg%20xmlns%3D&#39;http%3A%2F%2Fwww.w3.org%2F2000%2Fsvg&#39;%20viewBox%3D&#39;0%200%20990%20309&#39;%2F%3E\" data-src=\"https:\/\/ucm.one\/wp-content\/uploads\/2023\/05\/Fish-in-the-Fur-Premiere-1920x600-1-990x309.jpg\" data-srcset=\"https:\/\/ucm.one\/wp-content\/uploads\/2023\/05\/Fish-in-the-Fur-Premiere-1920x600-1-990x309.jpg 990w, https:\/\/ucm.one\/wp-content\/uploads\/2023\/05\/Fish-in-the-Fur-Premiere-1920x600-1-1485x464.jpg 1485w\" loading=\"eager\" style=\"--ratio: 990 \/ 309\" sizes=\"(max-width: 990px) 100vw, 990px\" alt=\"\" title=\"Fish in the Fur Premiere 1920&#215;600\" width=\"990\" height=\"309\"  \/><\/a>\t<\/div>\n<\/div>\n\n\n<div class=\"post-entry-content\">\n\n\t<h3 class=\"entry-title\">\n\t\t<a href=\"https:\/\/ucm.one\/en\/fish-in-the-fur-by-dean-benzin-celebrated-its-premiere-last-night-at-the-kant-kino-in-berlin\/\" title=\"\ud83c\udfac &#8220;Fish in the Fur&#8221; by Dean Benzin celebrated its premiere last night at the Kant Kino in Berlin\" rel=\"bookmark\">\ud83c\udfac &#8220;Fish in the Fur&#8221; by Dean Benzin celebrated its premiere last night at the Kant Kino in Berlin<\/a>\n\t<\/h3>\n\n\t<div class=\"entry-meta\"><span class=\"category-link\"><a href=\"https:\/\/ucm.one\/en\/category\/news-en\/film-en\/artkeim-en\/\" >Artkeim\u00b2<\/a>, <a href=\"https:\/\/ucm.one\/en\/category\/news-en\/cinema\/\" >Cinema<\/a>, <a href=\"https:\/\/ucm.one\/en\/category\/news-en\/film-en\/\" >Film<\/a>, <a href=\"https:\/\/ucm.one\/en\/category\/news-en\/movie-distribution\/\" >Movie Distribution<\/a>, <a href=\"https:\/\/ucm.one\/en\/category\/news-en\/\" >News<\/a>, <a href=\"https:\/\/ucm.one\/en\/category\/news-en\/movie-distribution\/world-sales\/\" >World Sales<\/a><\/span><a class=\"author vcard\" href=\"\" title=\"View all posts by Joachim Keil\" rel=\"author\">By <span class=\"fn\">Joachim Keil<\/span><\/a><a href=\"https:\/\/ucm.one\/en\/2023\/05\/26\/\" title=\"00:01\" class=\"data-link\" rel=\"bookmark\"><time class=\"entry-date updated\" datetime=\"2023-05-26T00:01:18+00:00\">26. May 2023<\/time><\/a><\/div>\n\t<div class=\"entry-excerpt\"><p>[vc_row][vc_column][vc_column_text]The cinema film &#8220;Fish in the Fur&#8221; (Artkeim\u00b2) premiered at the Kant Kino in Berlin on Thursday, 25 May 2023. An unusual adventure film that begins in the rubble of a burnt-down youth hut in the Harz Mountains and takes the protagonists all the way to South Tyrol in search of a secret cave in&hellip;<\/p>\n<\/div>\n\t\n<a href=\"https:\/\/ucm.one\/en\/fish-in-the-fur-by-dean-benzin-celebrated-its-premiere-last-night-at-the-kant-kino-in-berlin\/\" class=\"post-details details-type-link\" aria-label=\"Read more about \ud83c\udfac &#8220;Fish in the Fur&#8221; by Dean Benzin celebrated its premiere last night at the Kant Kino in Berlin\">Read more<i class=\"dt-icon-the7-arrow-03\" aria-hidden=\"true\"><\/i><\/a>\n\n<\/div><\/article><\/div><div class=\"hidden wf-cell\" data-post-id=\"94499\" data-date=\"2023-05-25T14:55:52+00:00\" data-name=\"\ud83c\udfac &quot;Fish in the Fur&quot; by Dean Benzin (Artkeim\u00b2) opens in cinemas today\"><article class=\"post project-odd visible post-94499 type-post status-publish format-standard has-post-thumbnail hentry category-artkeim-en category-cinema category-film-en category-movie-distribution category-news-en category-world-sales tag-amalia-teuber-2 tag-artkeim-en tag-christian-pasquariello-2 tag-dean-benzin-en tag-dieter-hallervorden-en tag-falco-heidzig-2 tag-fisch-im-fell-en tag-fish-in-the-fur tag-frederick-lau-en tag-kinostart-en tag-landeskirche-braunschweig-en tag-leabe-2 tag-lene-deike-2 tag-lukas-bake-2 tag-phelan-brunk-2 category-570 category-1011 category-942 category-4630 category-941 category-7530\" data-name=\"\ud83c\udfac &#8220;Fish in the Fur&#8221; by Dean Benzin (Artkeim\u00b2) opens in cinemas today\" data-date=\"2023-05-25T14:55:52+00:00\">\n\n<div class=\"post-thumbnail-wrap\">\n\t<div class=\"post-thumbnail\">\n\t\t\n\t\t\n\t\t<a href=\"https:\/\/ucm.one\/en\/fish-in-the-fur-by-dean-benzin-artkeim%c2%b2-opens-in-cinemas-today\/\" class=\"post-thumbnail-rollover layzr-bg layzr-bg\" ><img decoding=\"async\" class=\"iso-lazy-load preload-me iso-lazy-load aspect\" src=\"data:image\/svg+xml,%3Csvg%20xmlns%3D&#39;http%3A%2F%2Fwww.w3.org%2F2000%2Fsvg&#39;%20viewBox%3D&#39;0%200%20990%20309&#39;%2F%3E\" data-src=\"https:\/\/ucm.one\/wp-content\/uploads\/2023\/05\/B-Fisch-im-Fell-Kinostart-990x309.jpg\" data-srcset=\"https:\/\/ucm.one\/wp-content\/uploads\/2023\/05\/B-Fisch-im-Fell-Kinostart-990x309.jpg 990w, https:\/\/ucm.one\/wp-content\/uploads\/2023\/05\/B-Fisch-im-Fell-Kinostart-1485x464.jpg 1485w\" loading=\"eager\" style=\"--ratio: 990 \/ 309\" sizes=\"(max-width: 990px) 100vw, 990px\" alt=\"\" title=\"B Fisch im Fell Kinostart\" width=\"990\" height=\"309\"  \/><\/a>\t<\/div>\n<\/div>\n\n\n<div class=\"post-entry-content\">\n\n\t<h3 class=\"entry-title\">\n\t\t<a href=\"https:\/\/ucm.one\/en\/fish-in-the-fur-by-dean-benzin-artkeim%c2%b2-opens-in-cinemas-today\/\" title=\"\ud83c\udfac &#8220;Fish in the Fur&#8221; by Dean Benzin (Artkeim\u00b2) opens in cinemas today\" rel=\"bookmark\">\ud83c\udfac &#8220;Fish in the Fur&#8221; by Dean Benzin (Artkeim\u00b2) opens in cinemas today<\/a>\n\t<\/h3>\n\n\t<div class=\"entry-meta\"><span class=\"category-link\"><a href=\"https:\/\/ucm.one\/en\/category\/news-en\/film-en\/artkeim-en\/\" >Artkeim\u00b2<\/a>, <a href=\"https:\/\/ucm.one\/en\/category\/news-en\/cinema\/\" >Cinema<\/a>, <a href=\"https:\/\/ucm.one\/en\/category\/news-en\/film-en\/\" >Film<\/a>, <a href=\"https:\/\/ucm.one\/en\/category\/news-en\/movie-distribution\/\" >Movie Distribution<\/a>, <a href=\"https:\/\/ucm.one\/en\/category\/news-en\/\" >News<\/a>, <a href=\"https:\/\/ucm.one\/en\/category\/news-en\/movie-distribution\/world-sales\/\" >World Sales<\/a><\/span><a class=\"author vcard\" href=\"\" title=\"View all posts by Joachim Keil\" rel=\"author\">By <span class=\"fn\">Joachim Keil<\/span><\/a><a href=\"https:\/\/ucm.one\/en\/2023\/05\/25\/\" title=\"14:55\" class=\"data-link\" rel=\"bookmark\"><time class=\"entry-date updated\" datetime=\"2023-05-25T14:55:52+00:00\">25. May 2023<\/time><\/a><\/div>\n\t<div class=\"entry-excerpt\"><p>[vc_row][vc_column][vc_column_text]The unconventional adventure film &#8220;Fish in the Fur&#8221; (German title: &#8220;Fisch im Fell&#8220;) celebrates its release in German cinemas today, May 25, 2023. The unusual film project, which will be released on the film label Artkeim\u00b2, was created under the auspices of the Protestant Youth Bad Harzburg and the director Dean Benzin.[\/vc_column_text][\/vc_column][\/vc_row][vc_row][vc_column width=&#8221;3\/4&#8243;][vc_row_inner][vc_column_inner][vc_column_text]Six film-loving young&hellip;<\/p>\n<\/div>\n\t\n<a href=\"https:\/\/ucm.one\/en\/fish-in-the-fur-by-dean-benzin-artkeim%c2%b2-opens-in-cinemas-today\/\" class=\"post-details details-type-link\" aria-label=\"Read more about \ud83c\udfac &#8220;Fish in the Fur&#8221; by Dean Benzin (Artkeim\u00b2) opens in cinemas today\">Read more<i class=\"dt-icon-the7-arrow-03\" aria-hidden=\"true\"><\/i><\/a>\n\n<\/div><\/article><\/div><div class=\"hidden wf-cell\" data-post-id=\"93888\" data-date=\"2023-05-02T09:04:59+00:00\" data-name=\"\ud83c\udfac &quot;Fisch im Fell&quot; by Dean Benzin via UCM.ONE in cinemas from May 25, 2023\"><article class=\"post project-odd visible post-93888 type-post status-publish format-standard has-post-thumbnail hentry category-artkeim-en category-cinema category-film-en category-movie-distribution category-news-en category-world-sales tag-artkeim-en tag-christian-pasquariello-2 tag-dean-benzin-en tag-dieter-hallervorden-en tag-fisch-im-fell-en tag-fish-in-the-fur tag-frederick-lau-en tag-kinostart-en tag-landeskirche-braunschweig-en category-570 category-1011 category-942 category-4630 category-941 category-7530\" data-name=\"\ud83c\udfac &#8220;Fisch im Fell&#8221; by Dean Benzin via UCM.ONE in cinemas from May 25, 2023\" data-date=\"2023-05-02T09:04:59+00:00\">\n\n<div class=\"post-thumbnail-wrap\">\n\t<div class=\"post-thumbnail\">\n\t\t\n\t\t\n\t\t<a href=\"https:\/\/ucm.one\/en\/fisch-im-fell-by-dean-benzin-via-ucm-one-in-cinemas-from-may-25-2023\/\" class=\"post-thumbnail-rollover layzr-bg layzr-bg\" ><img decoding=\"async\" class=\"iso-lazy-load preload-me iso-lazy-load aspect\" src=\"data:image\/svg+xml,%3Csvg%20xmlns%3D&#39;http%3A%2F%2Fwww.w3.org%2F2000%2Fsvg&#39;%20viewBox%3D&#39;0%200%20990%20309&#39;%2F%3E\" data-src=\"https:\/\/ucm.one\/wp-content\/uploads\/2023\/05\/B-Fisch-im-Fell-Kinostart-Ankuendigung-ENG-990x309.jpg\" data-srcset=\"https:\/\/ucm.one\/wp-content\/uploads\/2023\/05\/B-Fisch-im-Fell-Kinostart-Ankuendigung-ENG-990x309.jpg 990w, https:\/\/ucm.one\/wp-content\/uploads\/2023\/05\/B-Fisch-im-Fell-Kinostart-Ankuendigung-ENG-1485x464.jpg 1485w\" loading=\"eager\" style=\"--ratio: 990 \/ 309\" sizes=\"(max-width: 990px) 100vw, 990px\" alt=\"\" title=\"B Fisch im Fell Kinostart Ank\u00fcndigung ENG\" width=\"990\" height=\"309\"  \/><\/a>\t<\/div>\n<\/div>\n\n\n<div class=\"post-entry-content\">\n\n\t<h3 class=\"entry-title\">\n\t\t<a href=\"https:\/\/ucm.one\/en\/fisch-im-fell-by-dean-benzin-via-ucm-one-in-cinemas-from-may-25-2023\/\" title=\"\ud83c\udfac &#8220;Fisch im Fell&#8221; by Dean Benzin via UCM.ONE in cinemas from May 25, 2023\" rel=\"bookmark\">\ud83c\udfac &#8220;Fisch im Fell&#8221; by Dean Benzin via UCM.ONE in cinemas from May 25, 2023<\/a>\n\t<\/h3>\n\n\t<div class=\"entry-meta\"><span class=\"category-link\"><a href=\"https:\/\/ucm.one\/en\/category\/news-en\/film-en\/artkeim-en\/\" >Artkeim\u00b2<\/a>, <a href=\"https:\/\/ucm.one\/en\/category\/news-en\/cinema\/\" >Cinema<\/a>, <a href=\"https:\/\/ucm.one\/en\/category\/news-en\/film-en\/\" >Film<\/a>, <a href=\"https:\/\/ucm.one\/en\/category\/news-en\/movie-distribution\/\" >Movie Distribution<\/a>, <a href=\"https:\/\/ucm.one\/en\/category\/news-en\/\" >News<\/a>, <a href=\"https:\/\/ucm.one\/en\/category\/news-en\/movie-distribution\/world-sales\/\" >World Sales<\/a><\/span><a class=\"author vcard\" href=\"\" title=\"View all posts by Joachim Keil\" rel=\"author\">By <span class=\"fn\">Joachim Keil<\/span><\/a><a href=\"https:\/\/ucm.one\/en\/2023\/05\/02\/\" title=\"09:04\" class=\"data-link\" rel=\"bookmark\"><time class=\"entry-date updated\" datetime=\"2023-05-02T09:04:59+00:00\">2. May 2023<\/time><\/a><\/div>\n\t<div class=\"entry-excerpt\"><p>[vc_row][vc_column][vc_column_text] With &#8220;Fisch im Fell&#8221; (English title: &#8220;Fish in the Fur&#8220;) on the Artkeim\u00b2 label, UCM.ONE is bringing an extraordinary film to German cinemas on May 25, 2023. The cinema film was produced in the youth work of the Protestant regional church of Braunschweig with professional accompaniment and guest stars such as Frederick Lau and&hellip;<\/p>\n<\/div>\n\t\n<a href=\"https:\/\/ucm.one\/en\/fisch-im-fell-by-dean-benzin-via-ucm-one-in-cinemas-from-may-25-2023\/\" class=\"post-details details-type-link\" aria-label=\"Read more about \ud83c\udfac &#8220;Fisch im Fell&#8221; by Dean Benzin via UCM.ONE in cinemas from May 25, 2023\">Read more<i class=\"dt-icon-the7-arrow-03\" aria-hidden=\"true\"><\/i><\/a>\n\n<\/div><\/article><\/div><div class=\"hidden wf-cell\" data-post-id=\"87330\" data-date=\"2022-11-15T13:10:36+00:00\" data-name=\"\ud83c\udfac The youth adventure film &quot;Fisch im Fell&quot; opens nationwide at Whitsun 2023 in distribution by UCM.ONE\"><article class=\"post project-odd visible post-87330 type-post status-publish format-standard has-post-thumbnail hentry category-artkeim-en category-cinema category-film-en category-news-en tag-cinema-en tag-dean-benzin-en tag-dieter-hallervorden-en tag-fisch-im-fell-en tag-frederick-lau-en tag-internationalen-filmfestival-braunschweig-en tag-landeskirche-braunschweig-en category-570 category-1011 category-942 category-941\" data-name=\"\ud83c\udfac The youth adventure film &#8220;Fisch im Fell&#8221; opens nationwide at Whitsun 2023 in distribution by UCM.ONE\" data-date=\"2022-11-15T13:10:36+00:00\">\n\n<div class=\"post-thumbnail-wrap\">\n\t<div class=\"post-thumbnail\">\n\t\t\n\t\t\n\t\t<a href=\"https:\/\/ucm.one\/en\/the-youth-adventure-film-fisch-im-fell-opens-nationwide-at-whitsun-2023-in-distribution-by-ucm-one\/\" class=\"post-thumbnail-rollover layzr-bg layzr-bg\" ><img decoding=\"async\" class=\"iso-lazy-load preload-me iso-lazy-load aspect\" src=\"data:image\/svg+xml,%3Csvg%20xmlns%3D&#39;http%3A%2F%2Fwww.w3.org%2F2000%2Fsvg&#39;%20viewBox%3D&#39;0%200%20990%20309&#39;%2F%3E\" data-src=\"https:\/\/ucm.one\/wp-content\/uploads\/2022\/11\/B-Fisch-im-Fell-Braunschweig-2022-eng-990x309.jpg\" data-srcset=\"https:\/\/ucm.one\/wp-content\/uploads\/2022\/11\/B-Fisch-im-Fell-Braunschweig-2022-eng-990x309.jpg 990w, https:\/\/ucm.one\/wp-content\/uploads\/2022\/11\/B-Fisch-im-Fell-Braunschweig-2022-eng-1485x464.jpg 1485w\" loading=\"eager\" style=\"--ratio: 990 \/ 309\" sizes=\"(max-width: 990px) 100vw, 990px\" alt=\"\" title=\"B Fisch im Fell Braunschweig 2022 eng\" width=\"990\" height=\"309\"  \/><\/a>\t<\/div>\n<\/div>\n\n\n<div class=\"post-entry-content\">\n\n\t<h3 class=\"entry-title\">\n\t\t<a href=\"https:\/\/ucm.one\/en\/the-youth-adventure-film-fisch-im-fell-opens-nationwide-at-whitsun-2023-in-distribution-by-ucm-one\/\" title=\"\ud83c\udfac The youth adventure film &#8220;Fisch im Fell&#8221; opens nationwide at Whitsun 2023 in distribution by UCM.ONE\" rel=\"bookmark\">\ud83c\udfac The youth adventure film &#8220;Fisch im Fell&#8221; opens nationwide at Whitsun 2023 in distribution by UCM.ONE<\/a>\n\t<\/h3>\n\n\t<div class=\"entry-meta\"><span class=\"category-link\"><a href=\"https:\/\/ucm.one\/en\/category\/news-en\/film-en\/artkeim-en\/\" >Artkeim\u00b2<\/a>, <a href=\"https:\/\/ucm.one\/en\/category\/news-en\/cinema\/\" >Cinema<\/a>, <a href=\"https:\/\/ucm.one\/en\/category\/news-en\/film-en\/\" >Film<\/a>, <a href=\"https:\/\/ucm.one\/en\/category\/news-en\/\" >News<\/a><\/span><a class=\"author vcard\" href=\"\" title=\"View all posts by Joachim Keil\" rel=\"author\">By <span class=\"fn\">Joachim Keil<\/span><\/a><a href=\"https:\/\/ucm.one\/en\/2022\/11\/15\/\" title=\"13:10\" class=\"data-link\" rel=\"bookmark\"><time class=\"entry-date updated\" datetime=\"2022-11-15T13:10:36+00:00\">15. November 2022<\/time><\/a><\/div>\n\t<div class=\"entry-excerpt\"><p>[vc_row][vc_column][vc_column_text] Following the world premiere of the youth adventure film &#8220;Fisch im Fell&#8221; at the 36th Braunschweig International Film Festival, the film producers signed an exclusive worldwide distribution agreement with UCM.ONE. [\/vc_column_text][\/vc_column][\/vc_row][vc_row][vc_column width=&#8221;1\/2&#8243;][vc_single_image image=&#8221;87308&#8243; img_size=&#8221;full&#8221; onclick=&#8221;link_image&#8221;][\/vc_column][vc_column width=&#8221;1\/2&#8243;][vc_single_image image=&#8221;87311&#8243; img_size=&#8221;full&#8221; onclick=&#8221;link_image&#8221;][\/vc_column][\/vc_row][vc_row][vc_column][vc_column_text]Summary A great adventure often begins with a mystery.\u00a0The youth group&#8217;s hut in the Harz mountains&hellip;<\/p>\n<\/div>\n\t\n<a href=\"https:\/\/ucm.one\/en\/the-youth-adventure-film-fisch-im-fell-opens-nationwide-at-whitsun-2023-in-distribution-by-ucm-one\/\" class=\"post-details details-type-link\" aria-label=\"Read more about \ud83c\udfac The youth adventure film &#8220;Fisch im Fell&#8221; opens nationwide at Whitsun 2023 in distribution by UCM.ONE\">Read more<i class=\"dt-icon-the7-arrow-03\" aria-hidden=\"true\"><\/i><\/a>\n\n<\/div><\/article><\/div><\/div><!-- iso-container|iso-grid --><div class=\"paginator paginator-more-button\">\n\t\t\t\t<a class=\"button-load-more \" href=\"javascript:void(0);\" data-dt-page=\"1\" ><span class=\"stick\"><\/span><span class=\"stick\"><\/span><span class=\"stick\"><\/span><span class=\"button-caption\">Load more<\/span><\/a>\n\t\t\t<\/div><\/div>[\/vc_tta_section][\/vc_tta_accordion][vc_separator][\/vc_column][\/vc_row][vc_row el_id=&#8221;forces&#8221; css=&#8221;.vc_custom_1682947608465{padding-top: 60px !important;}&#8221;][vc_column width=&#8221;1\/4&#8243; offset=&#8221;vc_col-lg-offset-0 vc_col-md-offset-0 vc_col-sm-offset-0&#8243;][vc_column_text css=&#8221;.vc_custom_1682947166341{background-position: center !important;background-repeat: no-repeat !important;background-size: cover !important;}&#8221;]<img decoding=\"async\" class=\"alignnone wp-image-93391 size-full\" src=\"https:\/\/ucm.one\/wp-content\/uploads\/2023\/04\/P-Gewalten.jpg\" alt=\"\" width=\"699\" height=\"1000\" srcset=\"https:\/\/ucm.one\/wp-content\/uploads\/2023\/04\/P-Gewalten.jpg 699w, https:\/\/ucm.one\/wp-content\/uploads\/2023\/04\/P-Gewalten-210x300.jpg 210w, https:\/\/ucm.one\/wp-content\/uploads\/2023\/04\/P-Gewalten-300x429.jpg 300w, https:\/\/ucm.one\/wp-content\/uploads\/2023\/04\/P-Gewalten-600x858.jpg 600w\" sizes=\"(max-width: 699px) 100vw, 699px\" \/>[\/vc_column_text][\/vc_column][vc_column width=&#8221;3\/4&#8243;][vc_column_text]<\/p>\n<h2>Gewalten | Forces<\/h2>\n<h3><span style=\"font-family: arial, helvetica, sans-serif;\">by <\/span><span lang=\"EN-US\">Constantin Hatz<\/span><\/h3>\n<div class=\"wpb_text_column wpb_content_element \">\n<div class=\"wpb_wrapper\">\n<div class=\"wpb_text_column wpb_content_element \">\n<div class=\"wpb_wrapper\">\n<p>In an isolated village, beyond temporal and geographical localisation, lives 14-year-old Daniel. The life of this gentle and tolerant boy, who only wants to please everyone, is marked by violence and emotional coldness. He sacrifices himself for his family, tries to please his violent big brother and devotedly cares for his terminally ill father, who longs for his own end but does not dare to end his life himself.<\/p>\n<p>In the forest, Daniel meets Marcel, an outcast who has returned to the village after many years and ekes out a living by fighting dogs. The two are united by their receptivity to the comforting silence of the forest and an intense relationship with nature. With a stoic expression, Daniel endures his dashed hopes as well as the humiliations of his emotionally stunted fellow men, as if he wants to avoid becoming just like them until the very end &#8211; even if that means surrendering to raw nature in the end.<\/p>\n<\/div>\n<\/div>\n<\/div>\n<\/div>\n<div class=\"wpb_text_column wpb_content_element \">\n<div class=\"wpb_wrapper\">\n<h3><span style=\"font-family: arial, helvetica, sans-serif;\">Theatrical release: May 11, 2023<\/span><\/h3>\n<\/div>\n<\/div>\n<p>[\/vc_column_text][\/vc_column][\/vc_row][vc_row][vc_column width=&#8221;5\/6&#8243;][vc_column_text]Artkeim\u00b2 | 2022 | Drama | Germany | Original Titel: \u201c<a title=\"Gewalten (2022) by Constantin Hatz | Artkeim\u00b2\" href=\"https:\/\/ucm.one\/en\/forces\/\">Gewalten<\/a>\u201c[\/vc_column_text][\/vc_column][vc_column width=&#8221;1\/6&#8243;][vc_btn title=&#8221;Press Material&#8221; size=&#8221;xs&#8221; align=&#8221;center&#8221; i_icon_fontawesome=&#8221;fas fa-download&#8221; button_block=&#8221;true&#8221; add_icon=&#8221;true&#8221; link=&#8221;url:https%3A%2F%2Fucm.one%2Fpresse%2Fak_gewalten_presskit.zip|target:_blank|rel:nofollow&#8221;][\/vc_column][\/vc_row][vc_row][vc_column][vc_tta_accordion style=&#8221;modern&#8221; shape=&#8221;square&#8221; c_icon=&#8221;chevron&#8221; active_section=&#8221;33&#8243; no_fill=&#8221;true&#8221; collapsible_all=&#8221;true&#8221;][vc_tta_section title=&#8221;More information&#8221; tab_id=&#8221;1682154493430-7e35b4b8-1680&#8243;][vc_column_text]<\/p>\n<div class=\"wpb_text_column wpb_content_element \">\n<div class=\"wpb_wrapper\">\n<div class=\"wpb_text_column wpb_content_element \">\n<div class=\"wpb_wrapper\">\n<div>\n<div>\n<div class=\"wpb_text_column wpb_content_element \">\n<div class=\"wpb_wrapper\">\n<p id=\"u3084-2\"><strong>Original title:\u00a0<\/strong>Gewalten<\/p>\n<p><strong>Screenplay &amp; director:<\/strong>\u00a0Constantin Hatz<\/p>\n<p><strong>Actors:\u00a0<\/strong>Malte Oskar Frank (Daniel), Robert Kuchenbuch (Vater), Paul Wollin (Marcel), Eric Cordes<span class=\"Apple-converted-space\">\u00a0\u00a0<\/span>(Michael), Ben Felipe (Lukas), Susanne Bredeh\u00f6ft (Erika), Beatrix Strobel (Ivana), Mohamed Haj Younis (Karim), Bashar Kanan (Karims Bruder), Nahla Nabil (Karims Mutter), Ludger B\u00f6kelmann (Freund von Lukas), Christian Schneewei\u00df (Bestatter), Max Koch (Sportlehrer) und Robert Gallinowski\u2020 (Trainer)<\/p>\n<p><strong>Producer:\u00a0<\/strong>Matthias Greving, Janina Sara Hennemann, Kirsten Lukaczik<\/p>\n<p><strong>Cinematography:\u00a0<\/strong>Rafael Starman<\/p>\n<p><strong>Editing:\u00a0<\/strong>Marco Rottig<\/p>\n<p><strong>Sound:\u00a0<\/strong>Corinna Zink<\/p>\n<p><strong>Technical department:<\/strong>\u00a0Deborah Bode, Nico Flach, Tristan Hurlbrink<\/p>\n<p>&nbsp;<\/p>\n<p><strong>Production company:\u00a0<\/strong>Kinescope Film GmbH, Bremen<\/p>\n<p><strong>Year of production:<\/strong>\u00a02022<\/p>\n<p><strong>Genre<\/strong>: Drama<\/p>\n<p><strong>Country:<\/strong>\u00a0Deutschland<\/p>\n<p><strong>Language:<\/strong>\u00a0Deutsch<\/p>\n<p><strong>Subtitles:<\/strong>\u00a0English, German (SDH, bafA)<\/p>\n<p>&nbsp;<\/p>\n<p><strong>Lenght:<\/strong>\u00a0147 Min<\/p>\n<p><strong>Aspect ratio:\u00a0<\/strong>2,39:1 (DCI-2K Scope)<\/p>\n<p><strong>Sound:<\/strong>\u00a0Surround 5.1<\/p>\n<p><strong>Resolution:<\/strong>\u00a02048\u00d7858<\/p>\n<p><strong>Rating:<\/strong>\u00a0FSK 12<\/p>\n<\/div>\n<\/div>\n<div class=\"vc_separator wpb_content_element vc_separator_align_center vc_sep_width_100 vc_sep_pos_align_center vc_separator_no_text\"><\/div>\n<div class=\"wpb_text_column wpb_content_element \">\n<div class=\"wpb_wrapper\">\n<p><em>Other title:<\/em><\/p>\n<p><strong>English:\u00a0<\/strong>Forces<\/p>\n<\/div>\n<\/div>\n<div class=\"vc_separator wpb_content_element vc_separator_align_center vc_sep_width_100 vc_sep_pos_align_center vc_separator_no_text\"><\/div>\n<div class=\"wpb_text_column wpb_content_element \">\n<div class=\"wpb_wrapper\">\n<p><strong>Label:<\/strong>\u00a0Artkeim\u00b2<\/p>\n<p><strong>Distributor:<\/strong>\u00a0<strong>UCM.ONE<\/strong><\/p>\n<p><strong>Theatrical start:<\/strong>\u00a0May 11, 2023<\/p>\n<\/div>\n<\/div>\n<\/div>\n<p>&nbsp;<\/p>\n<\/div>\n<p>All information about the movie:\u00a0<a title=\"Forces (2022) by Constantin Hatz | Artkeim\u00b2\" href=\"https:\/\/ucm.one\/en\/forces\/\">Forces<\/a><\/p>\n<p>&nbsp;<\/p>\n<\/div>\n<\/div>\n<\/div>\n<\/div>\n<p>[\/vc_column_text][\/vc_tta_section][vc_tta_section title=&#8221;Clip&#8221; tab_id=&#8221;1682154493639-d8bf0a22-c508&#8243;][vc_video link=&#8221;https:\/\/youtu.be\/eyO9rciuhgE&#8221;][\/vc_tta_section][vc_tta_section title=&#8221;News&#8221; tab_id=&#8221;1682154493853-76252815-5ae0&#8243;]<style type=\"text\/css\" data-type=\"the7_shortcodes-inline-css\">.blog-shortcode.blog-masonry-shortcode-id-b46046ba7140e93a9d00f4846d5b31e4.content-bg-on.classic-layout-list article {\n  background: #e6e6e6;\n  box-shadow: none;\n}\n.blog-shortcode.blog-masonry-shortcode-id-b46046ba7140e93a9d00f4846d5b31e4.dividers-on.classic-layout-list article {\n  padding-top: 0;\n}\n.blog-shortcode.blog-masonry-shortcode-id-b46046ba7140e93a9d00f4846d5b31e4.dividers-on.classic-layout-list article:first-of-type {\n  margin-top: 0;\n  padding-top: 0;\n}\n.blog-shortcode.blog-masonry-shortcode-id-b46046ba7140e93a9d00f4846d5b31e4.classic-layout-list.mode-list .post-entry-content {\n  width: calc(100% - );\n}\n.blog-shortcode.blog-masonry-shortcode-id-b46046ba7140e93a9d00f4846d5b31e4.classic-layout-list.mode-list .no-img .post-entry-content {\n  width: 100%;\n}\n.blog-shortcode.blog-masonry-shortcode-id-b46046ba7140e93a9d00f4846d5b31e4 .filter-bg-decoration .filter-categories a.act {\n  color: #fff;\n}\n.blog-shortcode.blog-masonry-shortcode-id-b46046ba7140e93a9d00f4846d5b31e4:not(.mode-masonry) article:first-of-type,\n.blog-shortcode.blog-masonry-shortcode-id-b46046ba7140e93a9d00f4846d5b31e4:not(.mode-masonry) article.visible.first:not(.product) {\n  margin-top: 0;\n}\n.blog-shortcode.blog-masonry-shortcode-id-b46046ba7140e93a9d00f4846d5b31e4.dividers-on:not(.mode-masonry) article {\n  margin-top: 0;\n}\n.blog-shortcode.blog-masonry-shortcode-id-b46046ba7140e93a9d00f4846d5b31e4.dividers-on:not(.mode-masonry) article:first-of-type,\n.blog-shortcode.blog-masonry-shortcode-id-b46046ba7140e93a9d00f4846d5b31e4.dividers-on:not(.mode-masonry) article.visible.first:not(.product) {\n  margin-top: 0;\n  padding-top: 0;\n}\n.blog-shortcode.blog-masonry-shortcode-id-b46046ba7140e93a9d00f4846d5b31e4 .post-thumbnail-wrap {\n  padding: 0px 0px 0px 0px;\n}\n.blog-shortcode.blog-masonry-shortcode-id-b46046ba7140e93a9d00f4846d5b31e4.enable-bg-rollover .post-thumbnail-rollover:after {\n  background: -webkit-linear-gradient();\n  background: linear-gradient();\n}\n.blog-shortcode.blog-masonry-shortcode-id-b46046ba7140e93a9d00f4846d5b31e4 .gallery-zoom-ico {\n  width: 44px;\n  height: 44px;\n  line-height: 44px;\n  border-radius: 100px;\n  margin: -22px 0 0 -22px;\n  border-width: 0px;\n  color: #ffffff;\n}\n.bottom-overlap-layout-list.blog-shortcode.blog-masonry-shortcode-id-b46046ba7140e93a9d00f4846d5b31e4 .gallery-zoom-ico {\n  margin-top: -72px;\n}\n.gradient-overlay-layout-list.blog-shortcode.blog-masonry-shortcode-id-b46046ba7140e93a9d00f4846d5b31e4 .gallery-zoom-ico,\n.content-rollover-layout-list.blog-shortcode.blog-masonry-shortcode-id-b46046ba7140e93a9d00f4846d5b31e4 .gallery-zoom-ico {\n  margin: 0 0 10px;\n}\n.content-align-center.gradient-overlay-layout-list.blog-shortcode.blog-masonry-shortcode-id-b46046ba7140e93a9d00f4846d5b31e4 .gallery-zoom-ico,\n.content-align-center.content-rollover-layout-list.blog-shortcode.blog-masonry-shortcode-id-b46046ba7140e93a9d00f4846d5b31e4 .gallery-zoom-ico {\n  margin: 0 auto 10px;\n}\n.dt-icon-bg-on.blog-shortcode.blog-masonry-shortcode-id-b46046ba7140e93a9d00f4846d5b31e4 .gallery-zoom-ico {\n  background: rgba(255,255,255,0.3);\n  box-shadow: none;\n}\n.blog-shortcode.blog-masonry-shortcode-id-b46046ba7140e93a9d00f4846d5b31e4 .gallery-zoom-ico > span,\n.blog-shortcode.blog-masonry-shortcode-id-b46046ba7140e93a9d00f4846d5b31e4 .gallery-zoom-ico:before {\n  font-size: 32px;\n  line-height: 44px;\n}\n.blog-shortcode.blog-masonry-shortcode-id-b46046ba7140e93a9d00f4846d5b31e4 .gallery-zoom-ico > span,\n.blog-shortcode.blog-masonry-shortcode-id-b46046ba7140e93a9d00f4846d5b31e4 .gallery-zoom-ico:before {\n  color: #ffffff;\n}\n.blog-shortcode.blog-masonry-shortcode-id-b46046ba7140e93a9d00f4846d5b31e4 .entry-title,\n.blog-shortcode.blog-masonry-shortcode-id-b46046ba7140e93a9d00f4846d5b31e4.owl-carousel .entry-title {\n  margin-bottom: 5px;\n  font-weight: bold;\n}\n.blog-shortcode.blog-masonry-shortcode-id-b46046ba7140e93a9d00f4846d5b31e4 .entry-meta {\n  margin-bottom: 15px;\n}\n.blog-shortcode.blog-masonry-shortcode-id-b46046ba7140e93a9d00f4846d5b31e4 .portfolio-categories {\n  margin-bottom: 15px;\n}\n.blog-shortcode.blog-masonry-shortcode-id-b46046ba7140e93a9d00f4846d5b31e4 .entry-excerpt {\n  margin-bottom: 5px;\n}\n.blog-shortcode.blog-masonry-shortcode-id-b46046ba7140e93a9d00f4846d5b31e4:not(.centered-layout-list) .post-entry-content {\n  padding: 15px 20px 20px 20px;\n}\n.blog-shortcode.blog-masonry-shortcode-id-b46046ba7140e93a9d00f4846d5b31e4:not(.centered-layout-list):not(.content-bg-on):not(.mode-list) .no-img .post-entry-content {\n  padding: 0;\n}\n.blog-shortcode.blog-masonry-shortcode-id-b46046ba7140e93a9d00f4846d5b31e4.content-bg-on:not(.classic-layout-list):not(.centered-layout-list) .post-entry-content {\n  background: #e6e6e6;\n  box-shadow: none;\n}\n@media screen and (max-width: ) {\n  .blog-shortcode.blog-masonry-shortcode-id-b46046ba7140e93a9d00f4846d5b31e4 article {\n    -ms-flex-flow: column nowrap;\n    flex-flow: column nowrap;\n    margin-top: 20px;\n  }\n  .blog-shortcode.blog-masonry-shortcode-id-b46046ba7140e93a9d00f4846d5b31e4.dividers-on article {\n    border: none;\n  }\n  .blog-shortcode.blog-masonry-shortcode-id-b46046ba7140e93a9d00f4846d5b31e4.content-bg-on.centered-layout-list article {\n    padding: 0;\n  }\n  .blog-shortcode.blog-masonry-shortcode-id-b46046ba7140e93a9d00f4846d5b31e4.blog-shortcode.dividers-on article,\n  .blog-shortcode.blog-masonry-shortcode-id-b46046ba7140e93a9d00f4846d5b31e4.dividers-on.classic-layout-list article {\n    margin-top: 20px;\n    padding: 0;\n  }\n  .blog-shortcode.blog-masonry-shortcode-id-b46046ba7140e93a9d00f4846d5b31e4.blog-shortcode.dividers-on article:first-of-type,\n  .blog-shortcode.blog-masonry-shortcode-id-b46046ba7140e93a9d00f4846d5b31e4.dividers-on.classic-layout-list article:first-of-type {\n    padding: 0;\n  }\n  #page .blog-shortcode.blog-masonry-shortcode-id-b46046ba7140e93a9d00f4846d5b31e4 .post-thumbnail-wrap,\n  #page .blog-shortcode.blog-masonry-shortcode-id-b46046ba7140e93a9d00f4846d5b31e4 .post-entry-content {\n    width: 100%;\n    margin: 0;\n    top: 0;\n  }\n  #page .blog-shortcode.blog-masonry-shortcode-id-b46046ba7140e93a9d00f4846d5b31e4 .post-thumbnail-wrap {\n    padding: 0;\n  }\n  #page .blog-shortcode.blog-masonry-shortcode-id-b46046ba7140e93a9d00f4846d5b31e4 .post-entry-content:after {\n    display: none;\n  }\n  #page .blog-shortcode.blog-masonry-shortcode-id-b46046ba7140e93a9d00f4846d5b31e4 .project-even .post-thumbnail-wrap,\n  #page .blog-shortcode.blog-masonry-shortcode-id-b46046ba7140e93a9d00f4846d5b31e4.centered-layout-list .post-thumbnail-wrap {\n    -ms-flex-order: 0;\n    order: 0;\n  }\n  #page .blog-shortcode.blog-masonry-shortcode-id-b46046ba7140e93a9d00f4846d5b31e4.centered-layout-list .post-entry-title-content {\n    -ms-flex-order: 1;\n    order: 1;\n    width: 100%;\n    padding: 20px 20px 0;\n  }\n  #page .blog-shortcode.blog-masonry-shortcode-id-b46046ba7140e93a9d00f4846d5b31e4.centered-layout-list .post-entry-content {\n    -ms-flex-order: 2;\n    order: 2;\n    padding-top: 0;\n  }\n  #page .blog-shortcode.blog-masonry-shortcode-id-b46046ba7140e93a9d00f4846d5b31e4 .fancy-categories {\n    top: 10px;\n    left: 10px;\n    bottom: auto;\n    right: auto;\n  }\n  #page .blog-shortcode.blog-masonry-shortcode-id-b46046ba7140e93a9d00f4846d5b31e4 .fancy-date a {\n    top: 10px;\n    right: 10px;\n    left: auto;\n    bottom: auto;\n  }\n  #page .blog-shortcode.blog-masonry-shortcode-id-b46046ba7140e93a9d00f4846d5b31e4 .post-entry-content {\n    padding: 20px;\n  }\n  #page .blog-shortcode.blog-masonry-shortcode-id-b46046ba7140e93a9d00f4846d5b31e4 .entry-title {\n    margin: 3px 0 5px;\n    font-size: 20px;\n    line-height: 26px;\n  }\n  #page .blog-shortcode.blog-masonry-shortcode-id-b46046ba7140e93a9d00f4846d5b31e4 .entry-meta {\n    margin: 5px 0 5px;\n  }\n  #page .blog-shortcode.blog-masonry-shortcode-id-b46046ba7140e93a9d00f4846d5b31e4 .entry-excerpt {\n    margin: 15px 0 0;\n  }\n  #page .blog-shortcode.blog-masonry-shortcode-id-b46046ba7140e93a9d00f4846d5b31e4 .post-details {\n    margin: 5px 0 10px;\n  }\n  #page .blog-shortcode.blog-masonry-shortcode-id-b46046ba7140e93a9d00f4846d5b31e4 .post-details.details-type-link {\n    margin-bottom: 2px;\n  }\n}\n.blog-shortcode.blog-masonry-shortcode-id-b46046ba7140e93a9d00f4846d5b31e4:not(.resize-by-browser-width) .dt-css-grid {\n  grid-row-gap: 50px;\n  grid-column-gap: 50px;\n  grid-template-columns: repeat(auto-fill,minmax(,1fr));\n}\n.blog-shortcode.blog-masonry-shortcode-id-b46046ba7140e93a9d00f4846d5b31e4:not(.resize-by-browser-width) .dt-css-grid .double-width {\n  grid-column: span 2;\n}\n.cssgridlegacy.no-cssgrid .blog-shortcode.blog-masonry-shortcode-id-b46046ba7140e93a9d00f4846d5b31e4:not(.resize-by-browser-width) .dt-css-grid,\n.no-cssgridlegacy.no-cssgrid .blog-shortcode.blog-masonry-shortcode-id-b46046ba7140e93a9d00f4846d5b31e4:not(.resize-by-browser-width) .dt-css-grid {\n  display: flex;\n  flex-flow: row wrap;\n  margin: -25px;\n}\n.cssgridlegacy.no-cssgrid .blog-shortcode.blog-masonry-shortcode-id-b46046ba7140e93a9d00f4846d5b31e4:not(.resize-by-browser-width) .dt-css-grid .wf-cell,\n.no-cssgridlegacy.no-cssgrid .blog-shortcode.blog-masonry-shortcode-id-b46046ba7140e93a9d00f4846d5b31e4:not(.resize-by-browser-width) .dt-css-grid .wf-cell {\n  flex: 1 0 ;\n  max-width: 100%;\n  padding: 25px;\n  box-sizing: border-box;\n}\n.blog-shortcode.blog-masonry-shortcode-id-b46046ba7140e93a9d00f4846d5b31e4.resize-by-browser-width .dt-css-grid {\n  grid-template-columns: repeat(1,1fr);\n  grid-template-rows: auto;\n  grid-column-gap: 50px;\n  grid-row-gap: 50px;\n}\n.blog-shortcode.blog-masonry-shortcode-id-b46046ba7140e93a9d00f4846d5b31e4.resize-by-browser-width .dt-css-grid .double-width {\n  grid-column: span 2;\n}\n.cssgridlegacy.no-cssgrid .blog-shortcode.blog-masonry-shortcode-id-b46046ba7140e93a9d00f4846d5b31e4.resize-by-browser-width .dt-css-grid {\n  margin: -25px;\n}\n.cssgridlegacy.no-cssgrid .blog-shortcode.blog-masonry-shortcode-id-b46046ba7140e93a9d00f4846d5b31e4.resize-by-browser-width .dt-css-grid .wf-cell {\n  width: 100%;\n  padding: 25px;\n}\n.cssgridlegacy.no-cssgrid .blog-shortcode.blog-masonry-shortcode-id-b46046ba7140e93a9d00f4846d5b31e4.resize-by-browser-width .dt-css-grid .wf-cell.double-width {\n  width: calc(100%) * 2;\n}\n.blog-shortcode.blog-masonry-shortcode-id-b46046ba7140e93a9d00f4846d5b31e4.resize-by-browser-width:not(.centered-layout-list):not(.content-bg-on) .dt-css-grid {\n  grid-row-gap: 30px;\n}\n@media screen and (max-width: 1199px) {\n  .blog-shortcode.blog-masonry-shortcode-id-b46046ba7140e93a9d00f4846d5b31e4.resize-by-browser-width .dt-css-grid {\n    grid-template-columns: repeat(1,1fr);\n  }\n  .cssgridlegacy.no-cssgrid .blog-shortcode.blog-masonry-shortcode-id-b46046ba7140e93a9d00f4846d5b31e4.resize-by-browser-width .dt-css-grid .wf-cell,\n  .no-cssgridlegacy.no-cssgrid .blog-shortcode.blog-masonry-shortcode-id-b46046ba7140e93a9d00f4846d5b31e4.resize-by-browser-width .dt-css-grid .wf-cell {\n    width: 100%;\n  }\n  .cssgridlegacy.no-cssgrid .blog-shortcode.blog-masonry-shortcode-id-b46046ba7140e93a9d00f4846d5b31e4.resize-by-browser-width .dt-css-grid .wf-cell.double-width,\n  .no-cssgridlegacy.no-cssgrid .blog-shortcode.blog-masonry-shortcode-id-b46046ba7140e93a9d00f4846d5b31e4.resize-by-browser-width .dt-css-grid .wf-cell.double-width {\n    width: calc(100%)*2;\n  }\n}\n@media screen and (max-width: 991px) {\n  .blog-shortcode.blog-masonry-shortcode-id-b46046ba7140e93a9d00f4846d5b31e4.resize-by-browser-width .dt-css-grid {\n    grid-template-columns: repeat(1,1fr);\n  }\n  .cssgridlegacy.no-cssgrid .blog-shortcode.blog-masonry-shortcode-id-b46046ba7140e93a9d00f4846d5b31e4.resize-by-browser-width .dt-css-grid .wf-cell,\n  .no-cssgridlegacy.no-cssgrid .blog-shortcode.blog-masonry-shortcode-id-b46046ba7140e93a9d00f4846d5b31e4.resize-by-browser-width .dt-css-grid .wf-cell {\n    width: 100%;\n  }\n  .cssgridlegacy.no-cssgrid .blog-shortcode.blog-masonry-shortcode-id-b46046ba7140e93a9d00f4846d5b31e4.resize-by-browser-width .dt-css-grid .wf-cell.double-width,\n  .no-cssgridlegacy.no-cssgrid .blog-shortcode.blog-masonry-shortcode-id-b46046ba7140e93a9d00f4846d5b31e4.resize-by-browser-width .dt-css-grid .wf-cell.double-width {\n    width: calc(100%)*2;\n  }\n}\n@media screen and (max-width: 767px) {\n  .blog-shortcode.blog-masonry-shortcode-id-b46046ba7140e93a9d00f4846d5b31e4.resize-by-browser-width .dt-css-grid {\n    grid-template-columns: repeat(1,1fr);\n  }\n  .blog-shortcode.blog-masonry-shortcode-id-b46046ba7140e93a9d00f4846d5b31e4.resize-by-browser-width .dt-css-grid .double-width {\n    grid-column: span 1;\n  }\n  .cssgridlegacy.no-cssgrid .blog-shortcode.blog-masonry-shortcode-id-b46046ba7140e93a9d00f4846d5b31e4.resize-by-browser-width .dt-css-grid .wf-cell,\n  .no-cssgridlegacy.no-cssgrid .blog-shortcode.blog-masonry-shortcode-id-b46046ba7140e93a9d00f4846d5b31e4.resize-by-browser-width .dt-css-grid .wf-cell {\n    width: 100%;\n  }\n  .cssgridlegacy.no-cssgrid .blog-shortcode.blog-masonry-shortcode-id-b46046ba7140e93a9d00f4846d5b31e4.resize-by-browser-width .dt-css-grid .wf-cell.double-width,\n  .no-cssgridlegacy.no-cssgrid .blog-shortcode.blog-masonry-shortcode-id-b46046ba7140e93a9d00f4846d5b31e4.resize-by-browser-width .dt-css-grid .wf-cell.double-width {\n    width: calc(100%)*2;\n  }\n}<\/style><div class=\"blog-shortcode blog-masonry-shortcode-id-b46046ba7140e93a9d00f4846d5b31e4 mode-grid classic-layout-list content-bg-on jquery-filter vertical-fancy-style scale-img dt-css-grid-wrap dt-icon-bg-off resize-by-browser-width loading-effect-none description-under-image \" data-padding=\"25px\" data-cur-page=\"1\" data-post-limit=\"2\" data-pagination-mode=\"load-more\" aria-live=\"assertive\" data-desktop-columns-num=\"1\" data-v-tablet-columns-num=\"1\" data-h-tablet-columns-num=\"1\" data-phone-columns-num=\"1\" data-width=\"0px\" data-columns=\"0\"><div class=\"dt-css-grid\" ><div class=\"visible wf-cell\" data-post-id=\"94110\" data-date=\"2023-05-11T22:35:04+00:00\" data-name=\"\ud83c\udfac &quot;Forces&quot; by Constantin Hatz (Artkeim\u00b2) in cinemas from today onwards\"><article class=\"post project-odd visible post-94110 type-post status-publish format-standard has-post-thumbnail hentry category-artkeim-en category-cinema category-film-en category-movie-distribution category-news-en category-world-sales tag-artkeim-en tag-constantin-hatz-2 tag-eric-cordes tag-forces tag-gewalten-2 tag-janina-sara-hennemann tag-kinescope-2 tag-kirsten-lukaczik tag-malte-oskar-frank tag-matthias-greving tag-paul-wollin tag-robert-kuchenbuch category-570 category-1011 category-942 category-4630 category-941 category-7530\" data-name=\"\ud83c\udfac &#8220;Forces&#8221; by Constantin Hatz (Artkeim\u00b2) in cinemas from today onwards\" data-date=\"2023-05-11T22:35:04+00:00\">\n\n<div class=\"post-thumbnail-wrap\">\n\t<div class=\"post-thumbnail\">\n\t\t\n\t\t\n\t\t<a href=\"https:\/\/ucm.one\/en\/forces-by-constantin-hatz-artkeim%c2%b2-in-cinemas-from-today-onwards\/\" class=\"post-thumbnail-rollover layzr-bg layzr-bg\" ><img decoding=\"async\" class=\"iso-lazy-load preload-me iso-lazy-load aspect\" src=\"data:image\/svg+xml,%3Csvg%20xmlns%3D&#39;http%3A%2F%2Fwww.w3.org%2F2000%2Fsvg&#39;%20viewBox%3D&#39;0%200%20990%20309&#39;%2F%3E\" data-src=\"https:\/\/ucm.one\/wp-content\/uploads\/2023\/05\/B-Force-990x309.jpg\" data-srcset=\"https:\/\/ucm.one\/wp-content\/uploads\/2023\/05\/B-Force-990x309.jpg 990w, https:\/\/ucm.one\/wp-content\/uploads\/2023\/05\/B-Force-1485x464.jpg 1485w\" loading=\"eager\" style=\"--ratio: 990 \/ 309\" sizes=\"(max-width: 990px) 100vw, 990px\" alt=\"\" title=\"B Force\" width=\"990\" height=\"309\"  \/><\/a>\t<\/div>\n<\/div>\n\n\n<div class=\"post-entry-content\">\n\n\t<h3 class=\"entry-title\">\n\t\t<a href=\"https:\/\/ucm.one\/en\/forces-by-constantin-hatz-artkeim%c2%b2-in-cinemas-from-today-onwards\/\" title=\"\ud83c\udfac &#8220;Forces&#8221; by Constantin Hatz (Artkeim\u00b2) in cinemas from today onwards\" rel=\"bookmark\">\ud83c\udfac &#8220;Forces&#8221; by Constantin Hatz (Artkeim\u00b2) in cinemas from today onwards<\/a>\n\t<\/h3>\n\n\t<div class=\"entry-meta\"><span class=\"category-link\"><a href=\"https:\/\/ucm.one\/en\/category\/news-en\/film-en\/artkeim-en\/\" >Artkeim\u00b2<\/a>, <a href=\"https:\/\/ucm.one\/en\/category\/news-en\/cinema\/\" >Cinema<\/a>, <a href=\"https:\/\/ucm.one\/en\/category\/news-en\/film-en\/\" >Film<\/a>, <a href=\"https:\/\/ucm.one\/en\/category\/news-en\/movie-distribution\/\" >Movie Distribution<\/a>, <a href=\"https:\/\/ucm.one\/en\/category\/news-en\/\" >News<\/a>, <a href=\"https:\/\/ucm.one\/en\/category\/news-en\/movie-distribution\/world-sales\/\" >World Sales<\/a><\/span><a class=\"author vcard\" href=\"\" title=\"View all posts by Joachim Keil\" rel=\"author\">By <span class=\"fn\">Joachim Keil<\/span><\/a><a href=\"https:\/\/ucm.one\/en\/2023\/05\/11\/\" title=\"22:35\" class=\"data-link\" rel=\"bookmark\"><time class=\"entry-date updated\" datetime=\"2023-05-11T22:35:04+00:00\">11. May 2023<\/time><\/a><\/div>\n\t<div class=\"entry-excerpt\"><p>[vc_row][vc_column width=&#8221;3\/4&#8243;][vc_row_inner][vc_column_inner][vc_column_text] The arthouse drama &#8220;Forces&#8221; by Austrian director Constantin Hatz opens today in German cinemas on the Artkeim\u00b2 label distributed by UCM.ONE. [\/vc_column_text][vc_column_text]\u201cForces\u201d manages without a single note of music in its almost 150 minutes. Cinematographer\u00a0Rafael Starman\u2018s images were awarded the\u00a0\u201cHeiner Carow Prize for the Promotion of German Cinematic Art\u201c\u00a0at the 2022 Berlinale.[\/vc_column_text][vc_column_text]Synopsis In&hellip;<\/p>\n<\/div>\n\t\n<a href=\"https:\/\/ucm.one\/en\/forces-by-constantin-hatz-artkeim%c2%b2-in-cinemas-from-today-onwards\/\" class=\"post-details details-type-link\" aria-label=\"Read more about \ud83c\udfac &#8220;Forces&#8221; by Constantin Hatz (Artkeim\u00b2) in cinemas from today onwards\">Read more<i class=\"dt-icon-the7-arrow-03\" aria-hidden=\"true\"><\/i><\/a>\n\n<\/div><\/article><\/div><div class=\"visible wf-cell\" data-post-id=\"94059\" data-date=\"2023-05-10T11:37:08+00:00\" data-name=\"\ud83c\udfac Premiere tour of &quot;Forces&quot; (Artkeim\u00b2) starts today at Schauburg in Bremen\"><article class=\"post project-odd visible post-94059 type-post status-publish format-standard has-post-thumbnail hentry category-artkeim-en category-cinema category-film-en category-movie-distribution category-news-en category-world-sales tag-abaton-en tag-artkeim-en tag-berlinale-en tag-constantin-hatz-2 tag-drama-2 tag-eric-cordes tag-forces tag-gewalten-2 tag-janina-sara-hennemann tag-kinescope-2 tag-kino-en tag-kirsten-lukaczik tag-malte-oskar-frank tag-matthias-greving tag-paul-wollin tag-robert-kuchenbuch tag-schauburg-en tag-studio-filmtheater-2 category-570 category-1011 category-942 category-4630 category-941 category-7530\" data-name=\"\ud83c\udfac Premiere tour of &#8220;Forces&#8221; (Artkeim\u00b2) starts today at Schauburg in Bremen\" data-date=\"2023-05-10T11:37:08+00:00\">\n\n<div class=\"post-thumbnail-wrap\">\n\t<div class=\"post-thumbnail\">\n\t\t\n\t\t\n\t\t<a href=\"https:\/\/ucm.one\/en\/premiere-tour-of-forces-artkeim%c2%b2-starts-today-at-schauburg-in-bremen\/\" class=\"post-thumbnail-rollover layzr-bg layzr-bg\" ><img decoding=\"async\" class=\"iso-lazy-load preload-me iso-lazy-load aspect\" src=\"data:image\/svg+xml,%3Csvg%20xmlns%3D&#39;http%3A%2F%2Fwww.w3.org%2F2000%2Fsvg&#39;%20viewBox%3D&#39;0%200%20990%20309&#39;%2F%3E\" data-src=\"https:\/\/ucm.one\/wp-content\/uploads\/2023\/05\/B-Forces-Premiere-990x309.jpg\" data-srcset=\"https:\/\/ucm.one\/wp-content\/uploads\/2023\/05\/B-Forces-Premiere-990x309.jpg 990w, https:\/\/ucm.one\/wp-content\/uploads\/2023\/05\/B-Forces-Premiere-1485x464.jpg 1485w\" loading=\"eager\" style=\"--ratio: 990 \/ 309\" sizes=\"(max-width: 990px) 100vw, 990px\" alt=\"\" title=\"B Forces Premiere\" width=\"990\" height=\"309\"  \/><\/a>\t<\/div>\n<\/div>\n\n\n<div class=\"post-entry-content\">\n\n\t<h3 class=\"entry-title\">\n\t\t<a href=\"https:\/\/ucm.one\/en\/premiere-tour-of-forces-artkeim%c2%b2-starts-today-at-schauburg-in-bremen\/\" title=\"\ud83c\udfac Premiere tour of &#8220;Forces&#8221; (Artkeim\u00b2) starts today at Schauburg in Bremen\" rel=\"bookmark\">\ud83c\udfac Premiere tour of &#8220;Forces&#8221; (Artkeim\u00b2) starts today at Schauburg in Bremen<\/a>\n\t<\/h3>\n\n\t<div class=\"entry-meta\"><span class=\"category-link\"><a href=\"https:\/\/ucm.one\/en\/category\/news-en\/film-en\/artkeim-en\/\" >Artkeim\u00b2<\/a>, <a href=\"https:\/\/ucm.one\/en\/category\/news-en\/cinema\/\" >Cinema<\/a>, <a href=\"https:\/\/ucm.one\/en\/category\/news-en\/film-en\/\" >Film<\/a>, <a href=\"https:\/\/ucm.one\/en\/category\/news-en\/movie-distribution\/\" >Movie Distribution<\/a>, <a href=\"https:\/\/ucm.one\/en\/category\/news-en\/\" >News<\/a>, <a href=\"https:\/\/ucm.one\/en\/category\/news-en\/movie-distribution\/world-sales\/\" >World Sales<\/a><\/span><a class=\"author vcard\" href=\"\" title=\"View all posts by Joachim Keil\" rel=\"author\">By <span class=\"fn\">Joachim Keil<\/span><\/a><a href=\"https:\/\/ucm.one\/en\/2023\/05\/10\/\" title=\"11:37\" class=\"data-link\" rel=\"bookmark\"><time class=\"entry-date updated\" datetime=\"2023-05-10T11:37:08+00:00\">10. May 2023<\/time><\/a><\/div>\n\t<div class=\"entry-excerpt\"><p>[vc_row][vc_column][vc_column_text] Kinescope and UCM.ONE Filmverleih invite you to the theatrical release tour of the film &#8220;Forces&#8221; (German original title: &#8220;Gewalten&#8220;), which starts today, Wednesday 10 May 2023, in Bremen. The production directed by Constantin Hatz will also be presented in Kiel and Hamburg on this tour. [\/vc_column_text][\/vc_column][\/vc_row][vc_row][vc_column width=&#8221;3\/4&#8243;][vc_row_inner][vc_column_inner][vc_column_text]The film &#8220;Forces&#8220;, which is marketed on the&hellip;<\/p>\n<\/div>\n\t\n<a href=\"https:\/\/ucm.one\/en\/premiere-tour-of-forces-artkeim%c2%b2-starts-today-at-schauburg-in-bremen\/\" class=\"post-details details-type-link\" aria-label=\"Read more about \ud83c\udfac Premiere tour of &#8220;Forces&#8221; (Artkeim\u00b2) starts today at Schauburg in Bremen\">Read more<i class=\"dt-icon-the7-arrow-03\" aria-hidden=\"true\"><\/i><\/a>\n\n<\/div><\/article><\/div><div class=\"hidden wf-cell\" data-post-id=\"93470\" data-date=\"2023-04-17T22:06:59+00:00\" data-name=\"\ud83c\udfac UCM.ONE brings the film &quot;Gewalten&quot; by Constantin Hatz to the cinemas\"><article class=\"post project-odd visible post-93470 type-post status-publish format-standard has-post-thumbnail hentry category-artkeim-en category-cinema category-film-en category-film-distribution-en category-media-distribution-en category-movie-distribution category-news-en category-world-sales tag-artkeim-en tag-berlinale-en tag-cinescope-2 tag-constantin-hatz-2 tag-drama-2 tag-gewalten-2 tag-kino-en category-570 category-1011 category-942 category-15326 category-15324 category-4630 category-941 category-7530\" data-name=\"\ud83c\udfac UCM.ONE brings the film &#8220;Gewalten&#8221; by Constantin Hatz to the cinemas\" data-date=\"2023-04-17T22:06:59+00:00\">\n\n<div class=\"post-thumbnail-wrap\">\n\t<div class=\"post-thumbnail\">\n\t\t\n\t\t\n\t\t<a href=\"https:\/\/ucm.one\/en\/ucm-one-brings-the-film-gewalten-by-constantin-hatz-to-the-cinemas\/\" class=\"post-thumbnail-rollover layzr-bg layzr-bg\" ><img decoding=\"async\" class=\"iso-lazy-load preload-me iso-lazy-load aspect\" src=\"data:image\/svg+xml,%3Csvg%20xmlns%3D&#39;http%3A%2F%2Fwww.w3.org%2F2000%2Fsvg&#39;%20viewBox%3D&#39;0%200%20990%20309&#39;%2F%3E\" data-src=\"https:\/\/ucm.one\/wp-content\/uploads\/2023\/04\/B-Gewalten-in-German-cinemas-990x309.jpg\" data-srcset=\"https:\/\/ucm.one\/wp-content\/uploads\/2023\/04\/B-Gewalten-in-German-cinemas-990x309.jpg 990w, https:\/\/ucm.one\/wp-content\/uploads\/2023\/04\/B-Gewalten-in-German-cinemas-1485x464.jpg 1485w\" loading=\"eager\" style=\"--ratio: 990 \/ 309\" sizes=\"(max-width: 990px) 100vw, 990px\" alt=\"\" title=\"B Gewalten-in-German-cinemas\" width=\"990\" height=\"309\"  \/><\/a>\t<\/div>\n<\/div>\n\n\n<div class=\"post-entry-content\">\n\n\t<h3 class=\"entry-title\">\n\t\t<a href=\"https:\/\/ucm.one\/en\/ucm-one-brings-the-film-gewalten-by-constantin-hatz-to-the-cinemas\/\" title=\"\ud83c\udfac UCM.ONE brings the film &#8220;Gewalten&#8221; by Constantin Hatz to the cinemas\" rel=\"bookmark\">\ud83c\udfac UCM.ONE brings the film &#8220;Gewalten&#8221; by Constantin Hatz to the cinemas<\/a>\n\t<\/h3>\n\n\t<div class=\"entry-meta\"><span class=\"category-link\"><a href=\"https:\/\/ucm.one\/en\/category\/news-en\/film-en\/artkeim-en\/\" >Artkeim\u00b2<\/a>, <a href=\"https:\/\/ucm.one\/en\/category\/news-en\/cinema\/\" >Cinema<\/a>, <a href=\"https:\/\/ucm.one\/en\/category\/news-en\/film-en\/\" >Film<\/a>, <a href=\"https:\/\/ucm.one\/en\/category\/news-en\/media-distribution-en\/film-distribution-en\/\" >Film Distribution<\/a>, <a href=\"https:\/\/ucm.one\/en\/category\/news-en\/media-distribution-en\/\" >Media Distribution<\/a>, <a href=\"https:\/\/ucm.one\/en\/category\/news-en\/movie-distribution\/\" >Movie Distribution<\/a>, <a href=\"https:\/\/ucm.one\/en\/category\/news-en\/\" >News<\/a>, <a href=\"https:\/\/ucm.one\/en\/category\/news-en\/movie-distribution\/world-sales\/\" >World Sales<\/a><\/span><a class=\"author vcard\" href=\"\" title=\"View all posts by Joachim Keil\" rel=\"author\">By <span class=\"fn\">Joachim Keil<\/span><\/a><a href=\"https:\/\/ucm.one\/en\/2023\/04\/17\/\" title=\"22:06\" class=\"data-link\" rel=\"bookmark\"><time class=\"entry-date updated\" datetime=\"2023-04-17T22:06:59+00:00\">17. April 2023<\/time><\/a><\/div>\n\t<div class=\"entry-excerpt\"><p>[vc_row][vc_column width=&#8221;3\/4&#8243;][vc_column_text] Last year, the arthouse drama &#8220;Gewalten&#8221; (English title &#8220;Forces&#8220;) celebrated its world premiere at the Berlinale. Now the film by Austrian director Constantin Hatz is coming to German cinemas. The start date is 11 May 2023. [\/vc_column_text][vc_row_inner][vc_column_inner][vc_column_text]&#8221;Gewalten&#8221; manages without a single note of music in its almost 150 minutes. Cinematographer Rafael Starman&#8216;s images&hellip;<\/p>\n<\/div>\n\t\n<a href=\"https:\/\/ucm.one\/en\/ucm-one-brings-the-film-gewalten-by-constantin-hatz-to-the-cinemas\/\" class=\"post-details details-type-link\" aria-label=\"Read more about \ud83c\udfac UCM.ONE brings the film &#8220;Gewalten&#8221; by Constantin Hatz to the cinemas\">Read more<i class=\"dt-icon-the7-arrow-03\" aria-hidden=\"true\"><\/i><\/a>\n\n<\/div><\/article><\/div><\/div><!-- iso-container|iso-grid --><div class=\"paginator paginator-more-button\">\n\t\t\t\t<a class=\"button-load-more \" href=\"javascript:void(0);\" data-dt-page=\"1\" ><span class=\"stick\"><\/span><span class=\"stick\"><\/span><span class=\"stick\"><\/span><span class=\"button-caption\">Load more<\/span><\/a>\n\t\t\t<\/div><\/div>[\/vc_tta_section][\/vc_tta_accordion][vc_separator][\/vc_column][\/vc_row][vc_row css=&#8221;.vc_custom_1682947562101{padding-top: 60px !important;}&#8221; el_id=&#8221;one-in-a-million&#8221;][vc_column width=&#8221;1\/4&#8243; offset=&#8221;vc_col-lg-offset-0 vc_col-md-offset-0 vc_col-sm-offset-0&#8243;][vc_column_text css=&#8221;.vc_custom_1682155931560{background-position: center !important;background-repeat: no-repeat !important;background-size: cover !important;}&#8221;]<img decoding=\"async\" class=\"alignnone wp-image-87706 size-full\" src=\"https:\/\/ucm.one\/wp-content\/uploads\/2023\/02\/P-One-in-a-Million-Festival-1.jpg\" alt=\"\" width=\"699\" height=\"1000\" srcset=\"https:\/\/ucm.one\/wp-content\/uploads\/2023\/02\/P-One-in-a-Million-Festival-1.jpg 699w, https:\/\/ucm.one\/wp-content\/uploads\/2023\/02\/P-One-in-a-Million-Festival-1-210x300.jpg 210w, https:\/\/ucm.one\/wp-content\/uploads\/2023\/02\/P-One-in-a-Million-Festival-1-300x429.jpg 300w, https:\/\/ucm.one\/wp-content\/uploads\/2023\/02\/P-One-in-a-Million-Festival-1-600x858.jpg 600w\" sizes=\"(max-width: 699px) 100vw, 699px\" \/>[\/vc_column_text][\/vc_column][vc_column width=&#8221;3\/4&#8243;][vc_column_text]<\/p>\n<h2>One In A Million<\/h2>\n<h3><span style=\"font-family: arial, helvetica, sans-serif;\">by <\/span><span lang=\"EN-US\">Joya Thome<\/span><\/h3>\n<div class=\"wpb_text_column wpb_content_element \">\n<div class=\"wpb_wrapper\">\n<div class=\"wpb_text_column wpb_content_element \">\n<div class=\"wpb_wrapper\">\n<div class=\"wpb_text_column wpb_content_element vc_custom_1681339038108\">\n<div class=\"wpb_wrapper\">\n<p>The documentary tells the story of two teenage girls on different continents who are connected by their screens and their passion for gymnastics. Amidst the dazzling world of social media, they begin to figure out who they are and what they want out of life.<\/p>\n<p>Whitney Bjerken from the USA is a world-famous YouTuber and gifted singer-songwriter. The quiet but sensitive Yara from Germany is one of her biggest fans. Connected by the glittering world of social media and their passion for gymnastics, they begin to find out who they are and what they want from life. A coming-of-age film about success and loneliness, friendship and first love, queer coming out and the courage to find your own voice.<\/p>\n<p>Director Joya Thome&#8217;s first feature-length documentary has become a poetic psychogram of the social media generation. The film tells the story of two girls &#8211; fan and idol &#8211; who vacillate between vulnerability and strength, between the external image and their inner truth.<\/p>\n<\/div>\n<\/div>\n<\/div>\n<\/div>\n<\/div>\n<\/div>\n<div class=\"wpb_text_column wpb_content_element \">\n<div class=\"wpb_wrapper\">\n<h3><span style=\"font-family: arial, helvetica, sans-serif;\">Theatrical release: April 20, 2023<\/span><\/h3>\n<\/div>\n<\/div>\n<p>[\/vc_column_text][vc_column_text]<span style=\"color: #999999;\"><em>Available via <span style=\"font-family: 'arial black', sans-serif;\"><strong>UCM.ONE <\/strong><\/span><\/em><em>in<\/em>\u00a0<em>Germany.<\/em><\/span>[\/vc_column_text][\/vc_column][\/vc_row][vc_row][vc_column width=&#8221;5\/6&#8243;][vc_column_text]NONFY Documentaries | 2022 | Documentary | Germany | Original title: \u201c<a title=\"One In A Million (2022) by Joya Thome | NONFY Documentaries\" href=\"https:\/\/ucm.one\/en\/one-in-a-million\/\">One In A Million<\/a>&#8220;[\/vc_column_text][\/vc_column][vc_column width=&#8221;1\/6&#8243;][vc_btn title=&#8221;Press Material&#8221; size=&#8221;xs&#8221; align=&#8221;center&#8221; i_icon_fontawesome=&#8221;fas fa-download&#8221; button_block=&#8221;true&#8221; add_icon=&#8221;true&#8221; link=&#8221;url:https%3A%2F%2Fwww.ucm.one%2Fpresse%2Fnf_one_in_a_million.zip|target:_blank|rel:nofollow&#8221;][\/vc_column][\/vc_row][vc_row][vc_column][vc_tta_accordion style=&#8221;modern&#8221; shape=&#8221;square&#8221; c_icon=&#8221;chevron&#8221; active_section=&#8221;33&#8243; no_fill=&#8221;true&#8221; collapsible_all=&#8221;true&#8221;][vc_tta_section title=&#8221;More information&#8221; tab_id=&#8221;1682947477750-b430ad64-ac07&#8243;][vc_column_text]<\/p>\n<div class=\"wpb_text_column wpb_content_element \">\n<div class=\"wpb_wrapper\">\n<div class=\"wpb_text_column wpb_content_element \">\n<div class=\"wpb_wrapper\">\n<div>\n<div>\n<div class=\"wpb_text_column wpb_content_element \">\n<div class=\"wpb_wrapper\">\n<p id=\"u3084-2\"><strong>Original title: <\/strong>One In A Million<\/p>\n<p><strong>Director:<\/strong> Joya Thome<\/p>\n<p><strong>Sreenplay:<\/strong>\u00a0Lydia Richter, Joya Thome,\u00a0Philipp Wunderlich<\/p>\n<p><strong>Cinematography:<\/strong> Lydia Richter<\/p>\n<p><strong>Sound:<\/strong> Philipp Wunderlich<\/p>\n<p><strong>Editing: <\/strong><span lang=\"EN-US\">Jamin Benazzouz, BFS<\/span><\/p>\n<p><strong>Music:<\/strong>\u00a0Hundreds \u2013 Philipp Milner<\/p>\n<p><strong>Sound Design:\u00a0<\/strong>Felix Roggel<\/p>\n<p><strong>Mixing:<\/strong>\u00a0Lasse Kr\u00f6ger<\/p>\n<p><strong>Production Coordination:<\/strong> Isis Struiksma<\/p>\n<p><strong>Production Manager: <\/strong>Martina Hedwig<\/p>\n<p><strong>Producer:<\/strong> Katharina Bergfeld,\u00a0Martin Heisler<\/p>\n<p><strong>Editorial (NDR):<\/strong> Timo Gro\u00dfpietsch<\/p>\n<p>&nbsp;<\/p>\n<p><strong>Production company: <\/strong>Flare Film GmbH<\/p>\n<p><strong>Year of production: <\/strong>2022<\/p>\n<p><strong>Genre:<\/strong> Documentary<\/p>\n<p><strong>Country:<\/strong> Germany<\/p>\n<p><strong>Film locations:<\/strong> Georgia (USA), Neum\u00fcnster\/ Schleswig-Holstein (Germany)<\/p>\n<p>&nbsp;<\/p>\n<p><strong>Lenght:<\/strong> ca. 84 Min.<\/p>\n<p><strong>Rating:<\/strong> FSK 0<\/p>\n<p><strong>Aspect ratio: <\/strong>16:9<\/p>\n<p><strong>Sound:<\/strong> Stereo<\/p>\n<p><strong>Language:<\/strong> German, English (available with English UT and in German VO)<\/p>\n<p><strong>Resolution: <\/strong>2K<\/p>\n<\/div>\n<\/div>\n<\/div>\n<p>&nbsp;<\/p>\n<\/div>\n<p>All information about the movie:\u00a0<a title=\"One In A Million (2022) by Joya Thome | NONFY Documentaries\" href=\"https:\/\/ucm.one\/en\/one-in-a-million\/\">One In A Million<\/a><\/p>\n<p>&nbsp;<\/p>\n<\/div>\n<\/div>\n<\/div>\n<\/div>\n<p>[\/vc_column_text][\/vc_tta_section][vc_tta_section title=&#8221;Clip&#8221; tab_id=&#8221;1682947477964-544c2572-c23b&#8221;][vc_video link=&#8221;https:\/\/youtu.be\/VEe3dkbhB4o&#8221;][\/vc_tta_section][vc_tta_section title=&#8221;News&#8221; tab_id=&#8221;1682947478181-6efd7320-8898&#8243;]<style type=\"text\/css\" data-type=\"the7_shortcodes-inline-css\">.blog-shortcode.blog-masonry-shortcode-id-4258706867c971ca856f23f379d76768.content-bg-on.classic-layout-list article {\n  background: #e6e6e6;\n  box-shadow: none;\n}\n.blog-shortcode.blog-masonry-shortcode-id-4258706867c971ca856f23f379d76768.dividers-on.classic-layout-list article {\n  padding-top: 0;\n}\n.blog-shortcode.blog-masonry-shortcode-id-4258706867c971ca856f23f379d76768.dividers-on.classic-layout-list article:first-of-type {\n  margin-top: 0;\n  padding-top: 0;\n}\n.blog-shortcode.blog-masonry-shortcode-id-4258706867c971ca856f23f379d76768.classic-layout-list.mode-list .post-entry-content {\n  width: calc(100% - );\n}\n.blog-shortcode.blog-masonry-shortcode-id-4258706867c971ca856f23f379d76768.classic-layout-list.mode-list .no-img .post-entry-content {\n  width: 100%;\n}\n.blog-shortcode.blog-masonry-shortcode-id-4258706867c971ca856f23f379d76768 .filter-bg-decoration .filter-categories a.act {\n  color: #fff;\n}\n.blog-shortcode.blog-masonry-shortcode-id-4258706867c971ca856f23f379d76768:not(.mode-masonry) article:first-of-type,\n.blog-shortcode.blog-masonry-shortcode-id-4258706867c971ca856f23f379d76768:not(.mode-masonry) article.visible.first:not(.product) {\n  margin-top: 0;\n}\n.blog-shortcode.blog-masonry-shortcode-id-4258706867c971ca856f23f379d76768.dividers-on:not(.mode-masonry) article {\n  margin-top: 0;\n}\n.blog-shortcode.blog-masonry-shortcode-id-4258706867c971ca856f23f379d76768.dividers-on:not(.mode-masonry) article:first-of-type,\n.blog-shortcode.blog-masonry-shortcode-id-4258706867c971ca856f23f379d76768.dividers-on:not(.mode-masonry) article.visible.first:not(.product) {\n  margin-top: 0;\n  padding-top: 0;\n}\n.blog-shortcode.blog-masonry-shortcode-id-4258706867c971ca856f23f379d76768 .post-thumbnail-wrap {\n  padding: 0px 0px 0px 0px;\n}\n.blog-shortcode.blog-masonry-shortcode-id-4258706867c971ca856f23f379d76768.enable-bg-rollover .post-thumbnail-rollover:after {\n  background: -webkit-linear-gradient();\n  background: linear-gradient();\n}\n.blog-shortcode.blog-masonry-shortcode-id-4258706867c971ca856f23f379d76768 .gallery-zoom-ico {\n  width: 44px;\n  height: 44px;\n  line-height: 44px;\n  border-radius: 100px;\n  margin: -22px 0 0 -22px;\n  border-width: 0px;\n  color: #ffffff;\n}\n.bottom-overlap-layout-list.blog-shortcode.blog-masonry-shortcode-id-4258706867c971ca856f23f379d76768 .gallery-zoom-ico {\n  margin-top: -72px;\n}\n.gradient-overlay-layout-list.blog-shortcode.blog-masonry-shortcode-id-4258706867c971ca856f23f379d76768 .gallery-zoom-ico,\n.content-rollover-layout-list.blog-shortcode.blog-masonry-shortcode-id-4258706867c971ca856f23f379d76768 .gallery-zoom-ico {\n  margin: 0 0 10px;\n}\n.content-align-center.gradient-overlay-layout-list.blog-shortcode.blog-masonry-shortcode-id-4258706867c971ca856f23f379d76768 .gallery-zoom-ico,\n.content-align-center.content-rollover-layout-list.blog-shortcode.blog-masonry-shortcode-id-4258706867c971ca856f23f379d76768 .gallery-zoom-ico {\n  margin: 0 auto 10px;\n}\n.dt-icon-bg-on.blog-shortcode.blog-masonry-shortcode-id-4258706867c971ca856f23f379d76768 .gallery-zoom-ico {\n  background: rgba(255,255,255,0.3);\n  box-shadow: none;\n}\n.blog-shortcode.blog-masonry-shortcode-id-4258706867c971ca856f23f379d76768 .gallery-zoom-ico > span,\n.blog-shortcode.blog-masonry-shortcode-id-4258706867c971ca856f23f379d76768 .gallery-zoom-ico:before {\n  font-size: 32px;\n  line-height: 44px;\n}\n.blog-shortcode.blog-masonry-shortcode-id-4258706867c971ca856f23f379d76768 .gallery-zoom-ico > span,\n.blog-shortcode.blog-masonry-shortcode-id-4258706867c971ca856f23f379d76768 .gallery-zoom-ico:before {\n  color: #ffffff;\n}\n.blog-shortcode.blog-masonry-shortcode-id-4258706867c971ca856f23f379d76768 .entry-title,\n.blog-shortcode.blog-masonry-shortcode-id-4258706867c971ca856f23f379d76768.owl-carousel .entry-title {\n  margin-bottom: 5px;\n  font-weight: bold;\n}\n.blog-shortcode.blog-masonry-shortcode-id-4258706867c971ca856f23f379d76768 .entry-meta {\n  margin-bottom: 15px;\n}\n.blog-shortcode.blog-masonry-shortcode-id-4258706867c971ca856f23f379d76768 .portfolio-categories {\n  margin-bottom: 15px;\n}\n.blog-shortcode.blog-masonry-shortcode-id-4258706867c971ca856f23f379d76768 .entry-excerpt {\n  margin-bottom: 5px;\n}\n.blog-shortcode.blog-masonry-shortcode-id-4258706867c971ca856f23f379d76768:not(.centered-layout-list) .post-entry-content {\n  padding: 15px 20px 20px 20px;\n}\n.blog-shortcode.blog-masonry-shortcode-id-4258706867c971ca856f23f379d76768:not(.centered-layout-list):not(.content-bg-on):not(.mode-list) .no-img .post-entry-content {\n  padding: 0;\n}\n.blog-shortcode.blog-masonry-shortcode-id-4258706867c971ca856f23f379d76768.content-bg-on:not(.classic-layout-list):not(.centered-layout-list) .post-entry-content {\n  background: #e6e6e6;\n  box-shadow: none;\n}\n@media screen and (max-width: ) {\n  .blog-shortcode.blog-masonry-shortcode-id-4258706867c971ca856f23f379d76768 article {\n    -ms-flex-flow: column nowrap;\n    flex-flow: column nowrap;\n    margin-top: 20px;\n  }\n  .blog-shortcode.blog-masonry-shortcode-id-4258706867c971ca856f23f379d76768.dividers-on article {\n    border: none;\n  }\n  .blog-shortcode.blog-masonry-shortcode-id-4258706867c971ca856f23f379d76768.content-bg-on.centered-layout-list article {\n    padding: 0;\n  }\n  .blog-shortcode.blog-masonry-shortcode-id-4258706867c971ca856f23f379d76768.blog-shortcode.dividers-on article,\n  .blog-shortcode.blog-masonry-shortcode-id-4258706867c971ca856f23f379d76768.dividers-on.classic-layout-list article {\n    margin-top: 20px;\n    padding: 0;\n  }\n  .blog-shortcode.blog-masonry-shortcode-id-4258706867c971ca856f23f379d76768.blog-shortcode.dividers-on article:first-of-type,\n  .blog-shortcode.blog-masonry-shortcode-id-4258706867c971ca856f23f379d76768.dividers-on.classic-layout-list article:first-of-type {\n    padding: 0;\n  }\n  #page .blog-shortcode.blog-masonry-shortcode-id-4258706867c971ca856f23f379d76768 .post-thumbnail-wrap,\n  #page .blog-shortcode.blog-masonry-shortcode-id-4258706867c971ca856f23f379d76768 .post-entry-content {\n    width: 100%;\n    margin: 0;\n    top: 0;\n  }\n  #page .blog-shortcode.blog-masonry-shortcode-id-4258706867c971ca856f23f379d76768 .post-thumbnail-wrap {\n    padding: 0;\n  }\n  #page .blog-shortcode.blog-masonry-shortcode-id-4258706867c971ca856f23f379d76768 .post-entry-content:after {\n    display: none;\n  }\n  #page .blog-shortcode.blog-masonry-shortcode-id-4258706867c971ca856f23f379d76768 .project-even .post-thumbnail-wrap,\n  #page .blog-shortcode.blog-masonry-shortcode-id-4258706867c971ca856f23f379d76768.centered-layout-list .post-thumbnail-wrap {\n    -ms-flex-order: 0;\n    order: 0;\n  }\n  #page .blog-shortcode.blog-masonry-shortcode-id-4258706867c971ca856f23f379d76768.centered-layout-list .post-entry-title-content {\n    -ms-flex-order: 1;\n    order: 1;\n    width: 100%;\n    padding: 20px 20px 0;\n  }\n  #page .blog-shortcode.blog-masonry-shortcode-id-4258706867c971ca856f23f379d76768.centered-layout-list .post-entry-content {\n    -ms-flex-order: 2;\n    order: 2;\n    padding-top: 0;\n  }\n  #page .blog-shortcode.blog-masonry-shortcode-id-4258706867c971ca856f23f379d76768 .fancy-categories {\n    top: 10px;\n    left: 10px;\n    bottom: auto;\n    right: auto;\n  }\n  #page .blog-shortcode.blog-masonry-shortcode-id-4258706867c971ca856f23f379d76768 .fancy-date a {\n    top: 10px;\n    right: 10px;\n    left: auto;\n    bottom: auto;\n  }\n  #page .blog-shortcode.blog-masonry-shortcode-id-4258706867c971ca856f23f379d76768 .post-entry-content {\n    padding: 20px;\n  }\n  #page .blog-shortcode.blog-masonry-shortcode-id-4258706867c971ca856f23f379d76768 .entry-title {\n    margin: 3px 0 5px;\n    font-size: 20px;\n    line-height: 26px;\n  }\n  #page .blog-shortcode.blog-masonry-shortcode-id-4258706867c971ca856f23f379d76768 .entry-meta {\n    margin: 5px 0 5px;\n  }\n  #page .blog-shortcode.blog-masonry-shortcode-id-4258706867c971ca856f23f379d76768 .entry-excerpt {\n    margin: 15px 0 0;\n  }\n  #page .blog-shortcode.blog-masonry-shortcode-id-4258706867c971ca856f23f379d76768 .post-details {\n    margin: 5px 0 10px;\n  }\n  #page .blog-shortcode.blog-masonry-shortcode-id-4258706867c971ca856f23f379d76768 .post-details.details-type-link {\n    margin-bottom: 2px;\n  }\n}\n.blog-shortcode.blog-masonry-shortcode-id-4258706867c971ca856f23f379d76768:not(.resize-by-browser-width) .dt-css-grid {\n  grid-row-gap: 50px;\n  grid-column-gap: 50px;\n  grid-template-columns: repeat(auto-fill,minmax(,1fr));\n}\n.blog-shortcode.blog-masonry-shortcode-id-4258706867c971ca856f23f379d76768:not(.resize-by-browser-width) .dt-css-grid .double-width {\n  grid-column: span 2;\n}\n.cssgridlegacy.no-cssgrid .blog-shortcode.blog-masonry-shortcode-id-4258706867c971ca856f23f379d76768:not(.resize-by-browser-width) .dt-css-grid,\n.no-cssgridlegacy.no-cssgrid .blog-shortcode.blog-masonry-shortcode-id-4258706867c971ca856f23f379d76768:not(.resize-by-browser-width) .dt-css-grid {\n  display: flex;\n  flex-flow: row wrap;\n  margin: -25px;\n}\n.cssgridlegacy.no-cssgrid .blog-shortcode.blog-masonry-shortcode-id-4258706867c971ca856f23f379d76768:not(.resize-by-browser-width) .dt-css-grid .wf-cell,\n.no-cssgridlegacy.no-cssgrid .blog-shortcode.blog-masonry-shortcode-id-4258706867c971ca856f23f379d76768:not(.resize-by-browser-width) .dt-css-grid .wf-cell {\n  flex: 1 0 ;\n  max-width: 100%;\n  padding: 25px;\n  box-sizing: border-box;\n}\n.blog-shortcode.blog-masonry-shortcode-id-4258706867c971ca856f23f379d76768.resize-by-browser-width .dt-css-grid {\n  grid-template-columns: repeat(1,1fr);\n  grid-template-rows: auto;\n  grid-column-gap: 50px;\n  grid-row-gap: 50px;\n}\n.blog-shortcode.blog-masonry-shortcode-id-4258706867c971ca856f23f379d76768.resize-by-browser-width .dt-css-grid .double-width {\n  grid-column: span 2;\n}\n.cssgridlegacy.no-cssgrid .blog-shortcode.blog-masonry-shortcode-id-4258706867c971ca856f23f379d76768.resize-by-browser-width .dt-css-grid {\n  margin: -25px;\n}\n.cssgridlegacy.no-cssgrid .blog-shortcode.blog-masonry-shortcode-id-4258706867c971ca856f23f379d76768.resize-by-browser-width .dt-css-grid .wf-cell {\n  width: 100%;\n  padding: 25px;\n}\n.cssgridlegacy.no-cssgrid .blog-shortcode.blog-masonry-shortcode-id-4258706867c971ca856f23f379d76768.resize-by-browser-width .dt-css-grid .wf-cell.double-width {\n  width: calc(100%) * 2;\n}\n.blog-shortcode.blog-masonry-shortcode-id-4258706867c971ca856f23f379d76768.resize-by-browser-width:not(.centered-layout-list):not(.content-bg-on) .dt-css-grid {\n  grid-row-gap: 30px;\n}\n@media screen and (max-width: 1199px) {\n  .blog-shortcode.blog-masonry-shortcode-id-4258706867c971ca856f23f379d76768.resize-by-browser-width .dt-css-grid {\n    grid-template-columns: repeat(1,1fr);\n  }\n  .cssgridlegacy.no-cssgrid .blog-shortcode.blog-masonry-shortcode-id-4258706867c971ca856f23f379d76768.resize-by-browser-width .dt-css-grid .wf-cell,\n  .no-cssgridlegacy.no-cssgrid .blog-shortcode.blog-masonry-shortcode-id-4258706867c971ca856f23f379d76768.resize-by-browser-width .dt-css-grid .wf-cell {\n    width: 100%;\n  }\n  .cssgridlegacy.no-cssgrid .blog-shortcode.blog-masonry-shortcode-id-4258706867c971ca856f23f379d76768.resize-by-browser-width .dt-css-grid .wf-cell.double-width,\n  .no-cssgridlegacy.no-cssgrid .blog-shortcode.blog-masonry-shortcode-id-4258706867c971ca856f23f379d76768.resize-by-browser-width .dt-css-grid .wf-cell.double-width {\n    width: calc(100%)*2;\n  }\n}\n@media screen and (max-width: 991px) {\n  .blog-shortcode.blog-masonry-shortcode-id-4258706867c971ca856f23f379d76768.resize-by-browser-width .dt-css-grid {\n    grid-template-columns: repeat(1,1fr);\n  }\n  .cssgridlegacy.no-cssgrid .blog-shortcode.blog-masonry-shortcode-id-4258706867c971ca856f23f379d76768.resize-by-browser-width .dt-css-grid .wf-cell,\n  .no-cssgridlegacy.no-cssgrid .blog-shortcode.blog-masonry-shortcode-id-4258706867c971ca856f23f379d76768.resize-by-browser-width .dt-css-grid .wf-cell {\n    width: 100%;\n  }\n  .cssgridlegacy.no-cssgrid .blog-shortcode.blog-masonry-shortcode-id-4258706867c971ca856f23f379d76768.resize-by-browser-width .dt-css-grid .wf-cell.double-width,\n  .no-cssgridlegacy.no-cssgrid .blog-shortcode.blog-masonry-shortcode-id-4258706867c971ca856f23f379d76768.resize-by-browser-width .dt-css-grid .wf-cell.double-width {\n    width: calc(100%)*2;\n  }\n}\n@media screen and (max-width: 767px) {\n  .blog-shortcode.blog-masonry-shortcode-id-4258706867c971ca856f23f379d76768.resize-by-browser-width .dt-css-grid {\n    grid-template-columns: repeat(1,1fr);\n  }\n  .blog-shortcode.blog-masonry-shortcode-id-4258706867c971ca856f23f379d76768.resize-by-browser-width .dt-css-grid .double-width {\n    grid-column: span 1;\n  }\n  .cssgridlegacy.no-cssgrid .blog-shortcode.blog-masonry-shortcode-id-4258706867c971ca856f23f379d76768.resize-by-browser-width .dt-css-grid .wf-cell,\n  .no-cssgridlegacy.no-cssgrid .blog-shortcode.blog-masonry-shortcode-id-4258706867c971ca856f23f379d76768.resize-by-browser-width .dt-css-grid .wf-cell {\n    width: 100%;\n  }\n  .cssgridlegacy.no-cssgrid .blog-shortcode.blog-masonry-shortcode-id-4258706867c971ca856f23f379d76768.resize-by-browser-width .dt-css-grid .wf-cell.double-width,\n  .no-cssgridlegacy.no-cssgrid .blog-shortcode.blog-masonry-shortcode-id-4258706867c971ca856f23f379d76768.resize-by-browser-width .dt-css-grid .wf-cell.double-width {\n    width: calc(100%)*2;\n  }\n}<\/style><div class=\"blog-shortcode blog-masonry-shortcode-id-4258706867c971ca856f23f379d76768 mode-grid classic-layout-list content-bg-on jquery-filter vertical-fancy-style scale-img dt-css-grid-wrap dt-icon-bg-off resize-by-browser-width loading-effect-none description-under-image \" data-padding=\"25px\" data-cur-page=\"1\" data-post-limit=\"2\" data-pagination-mode=\"load-more\" aria-live=\"assertive\" data-desktop-columns-num=\"1\" data-v-tablet-columns-num=\"1\" data-h-tablet-columns-num=\"1\" data-phone-columns-num=\"1\" data-width=\"0px\" data-columns=\"0\"><div class=\"dt-css-grid\" ><div class=\"visible wf-cell\" data-post-id=\"98449\" data-date=\"2023-11-06T21:35:23+00:00\" data-name=\"\ud83c\udfac &quot;One In A Million&quot; by Joya Thome nominated for the European Young Audiance Award 2023\"><article class=\"post project-odd visible post-98449 type-post status-publish format-standard has-post-thumbnail hentry category-cinema category-documentaries category-film-en category-news-en category-nonfy-documentaries-en tag-charlotte-regan-2 tag-europaischer-jugendfilmpreis tag-european-young-audience-award-2 tag-gymnastics tag-jenna-hasse-2 tag-joya-thome-en tag-koenigin-von-niendorf-en tag-longing-for-the-world-2 tag-nonfy-documentaries-en tag-one-in-a-million-2 tag-queen-of-niendorf-en tag-scrapper-2 tag-sport-2 tag-whitney-bjerken-2 category-1011 category-6286 category-942 category-941 category-4627\" data-name=\"\ud83c\udfac &#8220;One In A Million&#8221; by Joya Thome nominated for the European Young Audiance Award 2023\" data-date=\"2023-11-06T21:35:23+00:00\">\n\n<div class=\"post-thumbnail-wrap\">\n\t<div class=\"post-thumbnail\">\n\t\t\n\t\t\n\t\t<a href=\"https:\/\/ucm.one\/en\/one-in-a-million-by-joya-thome-nominated-for-the-european-young-audiance-award-2023\/\" class=\"post-thumbnail-rollover layzr-bg layzr-bg\" ><img decoding=\"async\" class=\"iso-lazy-load preload-me iso-lazy-load aspect\" src=\"data:image\/svg+xml,%3Csvg%20xmlns%3D&#39;http%3A%2F%2Fwww.w3.org%2F2000%2Fsvg&#39;%20viewBox%3D&#39;0%200%20990%20309&#39;%2F%3E\" data-src=\"https:\/\/ucm.one\/wp-content\/uploads\/2023\/11\/B-One-in-a-Million-Young-Audience-Award-990x309.jpeg\" data-srcset=\"https:\/\/ucm.one\/wp-content\/uploads\/2023\/11\/B-One-in-a-Million-Young-Audience-Award-990x309.jpeg 990w, https:\/\/ucm.one\/wp-content\/uploads\/2023\/11\/B-One-in-a-Million-Young-Audience-Award-1485x464.jpeg 1485w\" loading=\"eager\" style=\"--ratio: 990 \/ 309\" sizes=\"(max-width: 990px) 100vw, 990px\" alt=\"\" title=\"B One in a Million &#8211; Young Audience Award\" width=\"990\" height=\"309\"  \/><\/a>\t<\/div>\n<\/div>\n\n\n<div class=\"post-entry-content\">\n\n\t<h3 class=\"entry-title\">\n\t\t<a href=\"https:\/\/ucm.one\/en\/one-in-a-million-by-joya-thome-nominated-for-the-european-young-audiance-award-2023\/\" title=\"\ud83c\udfac &#8220;One In A Million&#8221; by Joya Thome nominated for the European Young Audiance Award 2023\" rel=\"bookmark\">\ud83c\udfac &#8220;One In A Million&#8221; by Joya Thome nominated for the European Young Audiance Award 2023<\/a>\n\t<\/h3>\n\n\t<div class=\"entry-meta\"><span class=\"category-link\"><a href=\"https:\/\/ucm.one\/en\/category\/news-en\/cinema\/\" >Cinema<\/a>, <a href=\"https:\/\/ucm.one\/en\/category\/news-en\/documentaries\/\" >Documentaries<\/a>, <a href=\"https:\/\/ucm.one\/en\/category\/news-en\/film-en\/\" >Film<\/a>, <a href=\"https:\/\/ucm.one\/en\/category\/news-en\/\" >News<\/a>, <a href=\"https:\/\/ucm.one\/en\/category\/news-en\/film-en\/nonfy-documentaries-en\/\" >NONFY Documentaries<\/a><\/span><a class=\"author vcard\" href=\"\" title=\"View all posts by Joachim Keil\" rel=\"author\">By <span class=\"fn\">Joachim Keil<\/span><\/a><a href=\"https:\/\/ucm.one\/en\/2023\/11\/06\/\" title=\"21:35\" class=\"data-link\" rel=\"bookmark\"><time class=\"entry-date updated\" datetime=\"2023-11-06T21:35:23+00:00\">6. November 2023<\/time><\/a><\/div>\n\t<div class=\"entry-excerpt\"><p>[vc_row][vc_column][vc_column_text]The documentary film &#8220;One in a Million&#8221; by Joya Thome has been nominated for the European Young Audience Award 2023 of the European Film Awards. The nomination was announced by the European Film Academy in Berlin on 5 November 2023.[\/vc_column_text][\/vc_column][\/vc_row][vc_row][vc_column width=&#8221;3\/4&#8243;][vc_row_inner][vc_column_inner][vc_column_text] In addition to &#8220;One in a Million&#8220;, the film &#8220;Longing for the World&#8221; (Switzerland,&hellip;<\/p>\n<\/div>\n\t\n<a href=\"https:\/\/ucm.one\/en\/one-in-a-million-by-joya-thome-nominated-for-the-european-young-audiance-award-2023\/\" class=\"post-details details-type-link\" aria-label=\"Read more about \ud83c\udfac &#8220;One In A Million&#8221; by Joya Thome nominated for the European Young Audiance Award 2023\">Read more<i class=\"dt-icon-the7-arrow-03\" aria-hidden=\"true\"><\/i><\/a>\n\n<\/div><\/article><\/div><div class=\"visible wf-cell\" data-post-id=\"93495\" data-date=\"2023-04-20T19:36:17+00:00\" data-name=\"\ud83c\udfac &quot;One In A Million&quot; by Joya Thome opens in cinemas today (NONFY Documentaries)\"><article class=\"post project-odd visible post-93495 type-post status-publish format-standard has-post-thumbnail hentry category-cinema category-documentaries category-film-en category-news-en category-nonfy-documentaries-en tag-city-kino-wedding-en tag-gymnastics tag-joya-thome-en tag-koenigin-von-niendorf-en tag-nonfy-documentaries-en tag-one-in-a-million-2 tag-sport-2 tag-whitney-bjerken-2 category-1011 category-6286 category-942 category-941 category-4627\" data-name=\"\ud83c\udfac &#8220;One In A Million&#8221; by Joya Thome opens in cinemas today (NONFY Documentaries)\" data-date=\"2023-04-20T19:36:17+00:00\">\n\n<div class=\"post-thumbnail-wrap\">\n\t<div class=\"post-thumbnail\">\n\t\t\n\t\t\n\t\t<a href=\"https:\/\/ucm.one\/en\/one-in-a-million-by-joya-thome-opens-in-cinemas-today-nonfy-documentaries\/\" class=\"post-thumbnail-rollover layzr-bg layzr-bg\" ><img decoding=\"async\" class=\"iso-lazy-load preload-me iso-lazy-load aspect\" src=\"data:image\/svg+xml,%3Csvg%20xmlns%3D&#39;http%3A%2F%2Fwww.w3.org%2F2000%2Fsvg&#39;%20viewBox%3D&#39;0%200%20990%20309&#39;%2F%3E\" data-src=\"https:\/\/ucm.one\/wp-content\/uploads\/2023\/04\/B-One-In-A-Million-Cinema-EN-990x309.jpg\" data-srcset=\"https:\/\/ucm.one\/wp-content\/uploads\/2023\/04\/B-One-In-A-Million-Cinema-EN-990x309.jpg 990w, https:\/\/ucm.one\/wp-content\/uploads\/2023\/04\/B-One-In-A-Million-Cinema-EN-1485x464.jpg 1485w\" loading=\"eager\" style=\"--ratio: 990 \/ 309\" sizes=\"(max-width: 990px) 100vw, 990px\" alt=\"\" title=\"B One In A Million Cinema EN\" width=\"990\" height=\"309\"  \/><\/a>\t<\/div>\n<\/div>\n\n\n<div class=\"post-entry-content\">\n\n\t<h3 class=\"entry-title\">\n\t\t<a href=\"https:\/\/ucm.one\/en\/one-in-a-million-by-joya-thome-opens-in-cinemas-today-nonfy-documentaries\/\" title=\"\ud83c\udfac &#8220;One In A Million&#8221; by Joya Thome opens in cinemas today (NONFY Documentaries)\" rel=\"bookmark\">\ud83c\udfac &#8220;One In A Million&#8221; by Joya Thome opens in cinemas today (NONFY Documentaries)<\/a>\n\t<\/h3>\n\n\t<div class=\"entry-meta\"><span class=\"category-link\"><a href=\"https:\/\/ucm.one\/en\/category\/news-en\/cinema\/\" >Cinema<\/a>, <a href=\"https:\/\/ucm.one\/en\/category\/news-en\/documentaries\/\" >Documentaries<\/a>, <a href=\"https:\/\/ucm.one\/en\/category\/news-en\/film-en\/\" >Film<\/a>, <a href=\"https:\/\/ucm.one\/en\/category\/news-en\/\" >News<\/a>, <a href=\"https:\/\/ucm.one\/en\/category\/news-en\/film-en\/nonfy-documentaries-en\/\" >NONFY Documentaries<\/a><\/span><a class=\"author vcard\" href=\"\" title=\"View all posts by Joachim Keil\" rel=\"author\">By <span class=\"fn\">Joachim Keil<\/span><\/a><a href=\"https:\/\/ucm.one\/en\/2023\/04\/20\/\" title=\"19:36\" class=\"data-link\" rel=\"bookmark\"><time class=\"entry-date updated\" datetime=\"2023-04-20T19:36:17+00:00\">20. April 2023<\/time><\/a><\/div>\n\t<div class=\"entry-excerpt\"><p>[vc_row][vc_column][vc_column_text] The documentary film &#8220;One In A Million&#8221; opens today in German cinemas on the film label NONFY Documentaries. The documentary for children and young people by Joya Thome tells the story of two teenage girls in Georgia (USA) and Northern Germany who are digitally connected through their social media activities and their passion for&hellip;<\/p>\n<\/div>\n\t\n<a href=\"https:\/\/ucm.one\/en\/one-in-a-million-by-joya-thome-opens-in-cinemas-today-nonfy-documentaries\/\" class=\"post-details details-type-link\" aria-label=\"Read more about \ud83c\udfac &#8220;One In A Million&#8221; by Joya Thome opens in cinemas today (NONFY Documentaries)\">Read more<i class=\"dt-icon-the7-arrow-03\" aria-hidden=\"true\"><\/i><\/a>\n\n<\/div><\/article><\/div><\/div><!-- iso-container|iso-grid --><div class=\"paginator paginator-more-button\">\n\t\t\t\t<a class=\"button-load-more \" href=\"javascript:void(0);\" data-dt-page=\"1\" ><span class=\"stick\"><\/span><span class=\"stick\"><\/span><span class=\"stick\"><\/span><span class=\"button-caption\">Load more<\/span><\/a>\n\t\t\t<\/div><\/div>[\/vc_tta_section][\/vc_tta_accordion][vc_separator][\/vc_column][\/vc_row][vc_row el_id=&#8221;the-mission&#8221; css=&#8221;.vc_custom_1682155893673{padding-top: 60px !important;}&#8221;][vc_column width=&#8221;1\/4&#8243; offset=&#8221;vc_col-lg-offset-0 vc_col-md-offset-0 vc_col-sm-offset-0&#8243;][vc_column_text css=&#8221;.vc_custom_1680378484110{background-position: center !important;background-repeat: no-repeat !important;background-size: cover !important;}&#8221;]<img decoding=\"async\" class=\"alignnone wp-image-87702 size-full\" src=\"https:\/\/ucm.one\/wp-content\/uploads\/2023\/02\/P-The-Mission.jpg\" alt=\"\" width=\"699\" height=\"1000\" srcset=\"https:\/\/ucm.one\/wp-content\/uploads\/2023\/02\/P-The-Mission.jpg 699w, https:\/\/ucm.one\/wp-content\/uploads\/2023\/02\/P-The-Mission-210x300.jpg 210w, https:\/\/ucm.one\/wp-content\/uploads\/2023\/02\/P-The-Mission-300x429.jpg 300w, https:\/\/ucm.one\/wp-content\/uploads\/2023\/02\/P-The-Mission-600x858.jpg 600w\" sizes=\"(max-width: 699px) 100vw, 699px\" \/>[\/vc_column_text][\/vc_column][vc_column width=&#8221;3\/4&#8243;][vc_column_text]<\/p>\n<h2>The Mission<\/h2>\n<h3><span style=\"font-family: arial, helvetica, sans-serif;\">by <\/span><span lang=\"EN-US\">Tania Anderson<\/span><\/h3>\n<div class=\"wpb_text_column wpb_content_element \">\n<div class=\"wpb_wrapper\">\n<div class=\"wpb_text_column wpb_content_element \">\n<div class=\"wpb_wrapper\">\n<p>Each year, over 60,000 missionaries from the Church of Jesus Christ of Latter-day Saints (LDS, usually referred to as Mormons) are sent around the world to preach their gospel. The documentary follows four American LDS teenagers who have received a mission from God that takes them from their families and the safety of their remote, religion-filled bubbles to the icy, forested reaches of Finland, home to the least religious, most closed-minded and sceptical people in Europe.<\/p>\n<p>The journey they embark on will prove to be the most emotionally and psychologically difficult time of their young lives. As these wide-eyed, passionate teenagers struggle with the absence of their families, language hurdles, aching feet and daily rejection, they are pushed beyond their limits and fall deeper and deeper into their faith.<\/p>\n<\/div>\n<\/div>\n<\/div>\n<\/div>\n<div class=\"wpb_text_column wpb_content_element \">\n<div class=\"wpb_wrapper\">\n<h3><span style=\"font-family: arial, helvetica, sans-serif;\">Theatrical release: March 31, 2023<\/span><\/h3>\n<\/div>\n<\/div>\n<p>[\/vc_column_text][vc_column_text]<span style=\"color: #999999;\"><em>Available via <span style=\"font-family: 'arial black', sans-serif;\"><strong>UCM.ONE <\/strong><\/span><\/em><em>in<\/em>\u00a0<em>Germany, Austria &amp; Switzerland.<\/em><\/span>[\/vc_column_text][\/vc_column][\/vc_row][vc_row][vc_column width=&#8221;5\/6&#8243;][vc_column_text]NONFY Documentaries | 2022 | Documentary | Finland, Germany | Original title: \u201c<a title=\"The Mission (2022) by Tania Anderson | NONFY Documentaries\" href=\"https:\/\/ucm.one\/en\/the-mission\/\">The Mission<\/a>&#8220;[\/vc_column_text][\/vc_column][vc_column width=&#8221;1\/6&#8243;][vc_btn title=&#8221;Press Material&#8221; size=&#8221;xs&#8221; align=&#8221;center&#8221; i_icon_fontawesome=&#8221;fas fa-download&#8221; button_block=&#8221;true&#8221; add_icon=&#8221;true&#8221; link=&#8221;url:https%3A%2F%2Fwww.ucm.one%2Fpresse%2Fnf_the_mission.zip|target:_blank|rel:nofollow&#8221;][\/vc_column][\/vc_row][vc_row][vc_column][vc_tta_accordion style=&#8221;modern&#8221; shape=&#8221;square&#8221; c_icon=&#8221;chevron&#8221; active_section=&#8221;33&#8243; no_fill=&#8221;true&#8221; collapsible_all=&#8221;true&#8221;][vc_tta_section title=&#8221;More information&#8221; tab_id=&#8221;1682947085602-2698533b-71f7&#8243;][vc_column_text]<\/p>\n<div class=\"wpb_text_column wpb_content_element \">\n<div class=\"wpb_wrapper\">\n<div class=\"wpb_text_column wpb_content_element \">\n<div class=\"wpb_wrapper\">\n<div>\n<div>\n<p id=\"u3084-2\"><strong>Original title:\u00a0<\/strong>The Mission<\/p>\n<p><strong>Director:<\/strong>\u00a0Tania Anderson<\/p>\n<p><strong>Cinematography:<\/strong> Antti Savolainen<\/p>\n<p><strong>Editing:<\/strong> Suvi Solja<\/p>\n<p><strong>Sound:<\/strong> Janis Grossmann-Alhambra, Isa K\u00f6roglu<\/p>\n<p><strong>Music:<\/strong>\u00a0Mikko Joensuu<\/p>\n<p>&nbsp;<\/p>\n<p><strong>Production companies:\u00a0<\/strong>Danish Bear Productions, Dirk Manthey Film<\/p>\n<p><strong>Producer:<\/strong>\u00a0<span lang=\"EN-US\">Isabella Karhu,\u00a0<\/span><span lang=\"EN-US\">Juho-Pekka\u00a0<\/span><span lang=\"EN-US\">Tanskanen<\/span><\/p>\n<p><strong>Genre:<\/strong>\u00a0Documentary<\/p>\n<p><strong>Countries:<\/strong>\u00a0Finland, Germany<\/p>\n<p>&nbsp;<\/p>\n<p><strong>Lenght:<\/strong>\u00a0ca. 96 Min.<\/p>\n<p><strong>Rating: <\/strong>FSK 6<\/p>\n<p><strong>Aspect ratio:\u00a0<\/strong>Cinemascope (21:9)<\/p>\n<p><strong>Sound:<\/strong>\u00a0Stereo<\/p>\n<p><strong>Resolution:\u00a0<\/strong>2K<\/p>\n<\/div>\n<p>&nbsp;<\/p>\n<\/div>\n<p>All information about the movie:\u00a0<a title=\"The Mission (2022) by Tania Anderson | NONFY Documentaries\" href=\"https:\/\/ucm.one\/en\/the-mission\/\">The Mission<\/a><\/p>\n<p>&nbsp;<\/p>\n<\/div>\n<\/div>\n<\/div>\n<\/div>\n<p>[\/vc_column_text][\/vc_tta_section][vc_tta_section title=&#8221;Trailer&#8221; tab_id=&#8221;1682947085821-860d9c7d-4fa2&#8243;][vc_video link=&#8221;https:\/\/youtu.be\/u4FnRO652o4&#8243;][\/vc_tta_section][vc_tta_section title=&#8221;News&#8221; tab_id=&#8221;1682947086043-fc2d0f9d-78b6&#8243;]<style type=\"text\/css\" data-type=\"the7_shortcodes-inline-css\">.blog-shortcode.blog-masonry-shortcode-id-6817123763dd48f6f4ea3666711074fc.content-bg-on.classic-layout-list article {\n  background: #e6e6e6;\n  box-shadow: none;\n}\n.blog-shortcode.blog-masonry-shortcode-id-6817123763dd48f6f4ea3666711074fc.dividers-on.classic-layout-list article {\n  padding-top: 0;\n}\n.blog-shortcode.blog-masonry-shortcode-id-6817123763dd48f6f4ea3666711074fc.dividers-on.classic-layout-list article:first-of-type {\n  margin-top: 0;\n  padding-top: 0;\n}\n.blog-shortcode.blog-masonry-shortcode-id-6817123763dd48f6f4ea3666711074fc.classic-layout-list.mode-list .post-entry-content {\n  width: calc(100% - );\n}\n.blog-shortcode.blog-masonry-shortcode-id-6817123763dd48f6f4ea3666711074fc.classic-layout-list.mode-list .no-img .post-entry-content {\n  width: 100%;\n}\n.blog-shortcode.blog-masonry-shortcode-id-6817123763dd48f6f4ea3666711074fc .filter-bg-decoration .filter-categories a.act {\n  color: #fff;\n}\n.blog-shortcode.blog-masonry-shortcode-id-6817123763dd48f6f4ea3666711074fc:not(.mode-masonry) article:first-of-type,\n.blog-shortcode.blog-masonry-shortcode-id-6817123763dd48f6f4ea3666711074fc:not(.mode-masonry) article.visible.first:not(.product) {\n  margin-top: 0;\n}\n.blog-shortcode.blog-masonry-shortcode-id-6817123763dd48f6f4ea3666711074fc.dividers-on:not(.mode-masonry) article {\n  margin-top: 0;\n}\n.blog-shortcode.blog-masonry-shortcode-id-6817123763dd48f6f4ea3666711074fc.dividers-on:not(.mode-masonry) article:first-of-type,\n.blog-shortcode.blog-masonry-shortcode-id-6817123763dd48f6f4ea3666711074fc.dividers-on:not(.mode-masonry) article.visible.first:not(.product) {\n  margin-top: 0;\n  padding-top: 0;\n}\n.blog-shortcode.blog-masonry-shortcode-id-6817123763dd48f6f4ea3666711074fc .post-thumbnail-wrap {\n  padding: 0px 0px 0px 0px;\n}\n.blog-shortcode.blog-masonry-shortcode-id-6817123763dd48f6f4ea3666711074fc.enable-bg-rollover .post-thumbnail-rollover:after {\n  background: -webkit-linear-gradient();\n  background: linear-gradient();\n}\n.blog-shortcode.blog-masonry-shortcode-id-6817123763dd48f6f4ea3666711074fc .gallery-zoom-ico {\n  width: 44px;\n  height: 44px;\n  line-height: 44px;\n  border-radius: 100px;\n  margin: -22px 0 0 -22px;\n  border-width: 0px;\n  color: #ffffff;\n}\n.bottom-overlap-layout-list.blog-shortcode.blog-masonry-shortcode-id-6817123763dd48f6f4ea3666711074fc .gallery-zoom-ico {\n  margin-top: -72px;\n}\n.gradient-overlay-layout-list.blog-shortcode.blog-masonry-shortcode-id-6817123763dd48f6f4ea3666711074fc .gallery-zoom-ico,\n.content-rollover-layout-list.blog-shortcode.blog-masonry-shortcode-id-6817123763dd48f6f4ea3666711074fc .gallery-zoom-ico {\n  margin: 0 0 10px;\n}\n.content-align-center.gradient-overlay-layout-list.blog-shortcode.blog-masonry-shortcode-id-6817123763dd48f6f4ea3666711074fc .gallery-zoom-ico,\n.content-align-center.content-rollover-layout-list.blog-shortcode.blog-masonry-shortcode-id-6817123763dd48f6f4ea3666711074fc .gallery-zoom-ico {\n  margin: 0 auto 10px;\n}\n.dt-icon-bg-on.blog-shortcode.blog-masonry-shortcode-id-6817123763dd48f6f4ea3666711074fc .gallery-zoom-ico {\n  background: rgba(255,255,255,0.3);\n  box-shadow: none;\n}\n.blog-shortcode.blog-masonry-shortcode-id-6817123763dd48f6f4ea3666711074fc .gallery-zoom-ico > span,\n.blog-shortcode.blog-masonry-shortcode-id-6817123763dd48f6f4ea3666711074fc .gallery-zoom-ico:before {\n  font-size: 32px;\n  line-height: 44px;\n}\n.blog-shortcode.blog-masonry-shortcode-id-6817123763dd48f6f4ea3666711074fc .gallery-zoom-ico > span,\n.blog-shortcode.blog-masonry-shortcode-id-6817123763dd48f6f4ea3666711074fc .gallery-zoom-ico:before {\n  color: #ffffff;\n}\n.blog-shortcode.blog-masonry-shortcode-id-6817123763dd48f6f4ea3666711074fc .entry-title,\n.blog-shortcode.blog-masonry-shortcode-id-6817123763dd48f6f4ea3666711074fc.owl-carousel .entry-title {\n  margin-bottom: 5px;\n  font-weight: bold;\n}\n.blog-shortcode.blog-masonry-shortcode-id-6817123763dd48f6f4ea3666711074fc .entry-meta {\n  margin-bottom: 15px;\n}\n.blog-shortcode.blog-masonry-shortcode-id-6817123763dd48f6f4ea3666711074fc .portfolio-categories {\n  margin-bottom: 15px;\n}\n.blog-shortcode.blog-masonry-shortcode-id-6817123763dd48f6f4ea3666711074fc .entry-excerpt {\n  margin-bottom: 5px;\n}\n.blog-shortcode.blog-masonry-shortcode-id-6817123763dd48f6f4ea3666711074fc:not(.centered-layout-list) .post-entry-content {\n  padding: 15px 20px 20px 20px;\n}\n.blog-shortcode.blog-masonry-shortcode-id-6817123763dd48f6f4ea3666711074fc:not(.centered-layout-list):not(.content-bg-on):not(.mode-list) .no-img .post-entry-content {\n  padding: 0;\n}\n.blog-shortcode.blog-masonry-shortcode-id-6817123763dd48f6f4ea3666711074fc.content-bg-on:not(.classic-layout-list):not(.centered-layout-list) .post-entry-content {\n  background: #e6e6e6;\n  box-shadow: none;\n}\n@media screen and (max-width: ) {\n  .blog-shortcode.blog-masonry-shortcode-id-6817123763dd48f6f4ea3666711074fc article {\n    -ms-flex-flow: column nowrap;\n    flex-flow: column nowrap;\n    margin-top: 20px;\n  }\n  .blog-shortcode.blog-masonry-shortcode-id-6817123763dd48f6f4ea3666711074fc.dividers-on article {\n    border: none;\n  }\n  .blog-shortcode.blog-masonry-shortcode-id-6817123763dd48f6f4ea3666711074fc.content-bg-on.centered-layout-list article {\n    padding: 0;\n  }\n  .blog-shortcode.blog-masonry-shortcode-id-6817123763dd48f6f4ea3666711074fc.blog-shortcode.dividers-on article,\n  .blog-shortcode.blog-masonry-shortcode-id-6817123763dd48f6f4ea3666711074fc.dividers-on.classic-layout-list article {\n    margin-top: 20px;\n    padding: 0;\n  }\n  .blog-shortcode.blog-masonry-shortcode-id-6817123763dd48f6f4ea3666711074fc.blog-shortcode.dividers-on article:first-of-type,\n  .blog-shortcode.blog-masonry-shortcode-id-6817123763dd48f6f4ea3666711074fc.dividers-on.classic-layout-list article:first-of-type {\n    padding: 0;\n  }\n  #page .blog-shortcode.blog-masonry-shortcode-id-6817123763dd48f6f4ea3666711074fc .post-thumbnail-wrap,\n  #page .blog-shortcode.blog-masonry-shortcode-id-6817123763dd48f6f4ea3666711074fc .post-entry-content {\n    width: 100%;\n    margin: 0;\n    top: 0;\n  }\n  #page .blog-shortcode.blog-masonry-shortcode-id-6817123763dd48f6f4ea3666711074fc .post-thumbnail-wrap {\n    padding: 0;\n  }\n  #page .blog-shortcode.blog-masonry-shortcode-id-6817123763dd48f6f4ea3666711074fc .post-entry-content:after {\n    display: none;\n  }\n  #page .blog-shortcode.blog-masonry-shortcode-id-6817123763dd48f6f4ea3666711074fc .project-even .post-thumbnail-wrap,\n  #page .blog-shortcode.blog-masonry-shortcode-id-6817123763dd48f6f4ea3666711074fc.centered-layout-list .post-thumbnail-wrap {\n    -ms-flex-order: 0;\n    order: 0;\n  }\n  #page .blog-shortcode.blog-masonry-shortcode-id-6817123763dd48f6f4ea3666711074fc.centered-layout-list .post-entry-title-content {\n    -ms-flex-order: 1;\n    order: 1;\n    width: 100%;\n    padding: 20px 20px 0;\n  }\n  #page .blog-shortcode.blog-masonry-shortcode-id-6817123763dd48f6f4ea3666711074fc.centered-layout-list .post-entry-content {\n    -ms-flex-order: 2;\n    order: 2;\n    padding-top: 0;\n  }\n  #page .blog-shortcode.blog-masonry-shortcode-id-6817123763dd48f6f4ea3666711074fc .fancy-categories {\n    top: 10px;\n    left: 10px;\n    bottom: auto;\n    right: auto;\n  }\n  #page .blog-shortcode.blog-masonry-shortcode-id-6817123763dd48f6f4ea3666711074fc .fancy-date a {\n    top: 10px;\n    right: 10px;\n    left: auto;\n    bottom: auto;\n  }\n  #page .blog-shortcode.blog-masonry-shortcode-id-6817123763dd48f6f4ea3666711074fc .post-entry-content {\n    padding: 20px;\n  }\n  #page .blog-shortcode.blog-masonry-shortcode-id-6817123763dd48f6f4ea3666711074fc .entry-title {\n    margin: 3px 0 5px;\n    font-size: 20px;\n    line-height: 26px;\n  }\n  #page .blog-shortcode.blog-masonry-shortcode-id-6817123763dd48f6f4ea3666711074fc .entry-meta {\n    margin: 5px 0 5px;\n  }\n  #page .blog-shortcode.blog-masonry-shortcode-id-6817123763dd48f6f4ea3666711074fc .entry-excerpt {\n    margin: 15px 0 0;\n  }\n  #page .blog-shortcode.blog-masonry-shortcode-id-6817123763dd48f6f4ea3666711074fc .post-details {\n    margin: 5px 0 10px;\n  }\n  #page .blog-shortcode.blog-masonry-shortcode-id-6817123763dd48f6f4ea3666711074fc .post-details.details-type-link {\n    margin-bottom: 2px;\n  }\n}\n.blog-shortcode.blog-masonry-shortcode-id-6817123763dd48f6f4ea3666711074fc:not(.resize-by-browser-width) .dt-css-grid {\n  grid-row-gap: 50px;\n  grid-column-gap: 50px;\n  grid-template-columns: repeat(auto-fill,minmax(,1fr));\n}\n.blog-shortcode.blog-masonry-shortcode-id-6817123763dd48f6f4ea3666711074fc:not(.resize-by-browser-width) .dt-css-grid .double-width {\n  grid-column: span 2;\n}\n.cssgridlegacy.no-cssgrid .blog-shortcode.blog-masonry-shortcode-id-6817123763dd48f6f4ea3666711074fc:not(.resize-by-browser-width) .dt-css-grid,\n.no-cssgridlegacy.no-cssgrid .blog-shortcode.blog-masonry-shortcode-id-6817123763dd48f6f4ea3666711074fc:not(.resize-by-browser-width) .dt-css-grid {\n  display: flex;\n  flex-flow: row wrap;\n  margin: -25px;\n}\n.cssgridlegacy.no-cssgrid .blog-shortcode.blog-masonry-shortcode-id-6817123763dd48f6f4ea3666711074fc:not(.resize-by-browser-width) .dt-css-grid .wf-cell,\n.no-cssgridlegacy.no-cssgrid .blog-shortcode.blog-masonry-shortcode-id-6817123763dd48f6f4ea3666711074fc:not(.resize-by-browser-width) .dt-css-grid .wf-cell {\n  flex: 1 0 ;\n  max-width: 100%;\n  padding: 25px;\n  box-sizing: border-box;\n}\n.blog-shortcode.blog-masonry-shortcode-id-6817123763dd48f6f4ea3666711074fc.resize-by-browser-width .dt-css-grid {\n  grid-template-columns: repeat(1,1fr);\n  grid-template-rows: auto;\n  grid-column-gap: 50px;\n  grid-row-gap: 50px;\n}\n.blog-shortcode.blog-masonry-shortcode-id-6817123763dd48f6f4ea3666711074fc.resize-by-browser-width .dt-css-grid .double-width {\n  grid-column: span 2;\n}\n.cssgridlegacy.no-cssgrid .blog-shortcode.blog-masonry-shortcode-id-6817123763dd48f6f4ea3666711074fc.resize-by-browser-width .dt-css-grid {\n  margin: -25px;\n}\n.cssgridlegacy.no-cssgrid .blog-shortcode.blog-masonry-shortcode-id-6817123763dd48f6f4ea3666711074fc.resize-by-browser-width .dt-css-grid .wf-cell {\n  width: 100%;\n  padding: 25px;\n}\n.cssgridlegacy.no-cssgrid .blog-shortcode.blog-masonry-shortcode-id-6817123763dd48f6f4ea3666711074fc.resize-by-browser-width .dt-css-grid .wf-cell.double-width {\n  width: calc(100%) * 2;\n}\n.blog-shortcode.blog-masonry-shortcode-id-6817123763dd48f6f4ea3666711074fc.resize-by-browser-width:not(.centered-layout-list):not(.content-bg-on) .dt-css-grid {\n  grid-row-gap: 30px;\n}\n@media screen and (max-width: 1199px) {\n  .blog-shortcode.blog-masonry-shortcode-id-6817123763dd48f6f4ea3666711074fc.resize-by-browser-width .dt-css-grid {\n    grid-template-columns: repeat(1,1fr);\n  }\n  .cssgridlegacy.no-cssgrid .blog-shortcode.blog-masonry-shortcode-id-6817123763dd48f6f4ea3666711074fc.resize-by-browser-width .dt-css-grid .wf-cell,\n  .no-cssgridlegacy.no-cssgrid .blog-shortcode.blog-masonry-shortcode-id-6817123763dd48f6f4ea3666711074fc.resize-by-browser-width .dt-css-grid .wf-cell {\n    width: 100%;\n  }\n  .cssgridlegacy.no-cssgrid .blog-shortcode.blog-masonry-shortcode-id-6817123763dd48f6f4ea3666711074fc.resize-by-browser-width .dt-css-grid .wf-cell.double-width,\n  .no-cssgridlegacy.no-cssgrid .blog-shortcode.blog-masonry-shortcode-id-6817123763dd48f6f4ea3666711074fc.resize-by-browser-width .dt-css-grid .wf-cell.double-width {\n    width: calc(100%)*2;\n  }\n}\n@media screen and (max-width: 991px) {\n  .blog-shortcode.blog-masonry-shortcode-id-6817123763dd48f6f4ea3666711074fc.resize-by-browser-width .dt-css-grid {\n    grid-template-columns: repeat(1,1fr);\n  }\n  .cssgridlegacy.no-cssgrid .blog-shortcode.blog-masonry-shortcode-id-6817123763dd48f6f4ea3666711074fc.resize-by-browser-width .dt-css-grid .wf-cell,\n  .no-cssgridlegacy.no-cssgrid .blog-shortcode.blog-masonry-shortcode-id-6817123763dd48f6f4ea3666711074fc.resize-by-browser-width .dt-css-grid .wf-cell {\n    width: 100%;\n  }\n  .cssgridlegacy.no-cssgrid .blog-shortcode.blog-masonry-shortcode-id-6817123763dd48f6f4ea3666711074fc.resize-by-browser-width .dt-css-grid .wf-cell.double-width,\n  .no-cssgridlegacy.no-cssgrid .blog-shortcode.blog-masonry-shortcode-id-6817123763dd48f6f4ea3666711074fc.resize-by-browser-width .dt-css-grid .wf-cell.double-width {\n    width: calc(100%)*2;\n  }\n}\n@media screen and (max-width: 767px) {\n  .blog-shortcode.blog-masonry-shortcode-id-6817123763dd48f6f4ea3666711074fc.resize-by-browser-width .dt-css-grid {\n    grid-template-columns: repeat(1,1fr);\n  }\n  .blog-shortcode.blog-masonry-shortcode-id-6817123763dd48f6f4ea3666711074fc.resize-by-browser-width .dt-css-grid .double-width {\n    grid-column: span 1;\n  }\n  .cssgridlegacy.no-cssgrid .blog-shortcode.blog-masonry-shortcode-id-6817123763dd48f6f4ea3666711074fc.resize-by-browser-width .dt-css-grid .wf-cell,\n  .no-cssgridlegacy.no-cssgrid .blog-shortcode.blog-masonry-shortcode-id-6817123763dd48f6f4ea3666711074fc.resize-by-browser-width .dt-css-grid .wf-cell {\n    width: 100%;\n  }\n  .cssgridlegacy.no-cssgrid .blog-shortcode.blog-masonry-shortcode-id-6817123763dd48f6f4ea3666711074fc.resize-by-browser-width .dt-css-grid .wf-cell.double-width,\n  .no-cssgridlegacy.no-cssgrid .blog-shortcode.blog-masonry-shortcode-id-6817123763dd48f6f4ea3666711074fc.resize-by-browser-width .dt-css-grid .wf-cell.double-width {\n    width: calc(100%)*2;\n  }\n}<\/style><div class=\"blog-shortcode blog-masonry-shortcode-id-6817123763dd48f6f4ea3666711074fc mode-grid classic-layout-list content-bg-on jquery-filter vertical-fancy-style scale-img dt-css-grid-wrap dt-icon-bg-off resize-by-browser-width loading-effect-none description-under-image \" data-padding=\"25px\" data-cur-page=\"1\" data-post-limit=\"2\" data-pagination-mode=\"load-more\" aria-live=\"assertive\" data-desktop-columns-num=\"1\" data-v-tablet-columns-num=\"1\" data-h-tablet-columns-num=\"1\" data-phone-columns-num=\"1\" data-width=\"0px\" data-columns=\"0\"><div class=\"dt-css-grid\" ><div class=\"visible wf-cell\" data-post-id=\"93013\" data-date=\"2023-03-30T20:42:16+00:00\" data-name=\"\ud83c\udfac The documentary &quot;The Mission&quot; (NONFY Documentaries) starts today in German cinemas\"><article class=\"post project-odd visible post-93013 type-post status-publish format-standard has-post-thumbnail hentry category-cinema category-documentaries category-film-en category-news-en category-nonfy-documentaries-en tag-dirk-manthey-en tag-isabella-karhu-2 tag-jesu-christi-2 tag-juho-pekka-tanskanen-2 tag-kirche-jesu-christi-der-heiligen-der-letzten-tage-2 tag-lds-2 tag-nonfy-documentaries-en tag-sundance-film-festival-2 tag-tania-anderson-2 tag-the-mission-2 category-1011 category-6286 category-942 category-941 category-4627\" data-name=\"\ud83c\udfac The documentary &#8220;The Mission&#8221; (NONFY Documentaries) starts today in German cinemas\" data-date=\"2023-03-30T20:42:16+00:00\">\n\n<div class=\"post-thumbnail-wrap\">\n\t<div class=\"post-thumbnail\">\n\t\t\n\t\t\n\t\t<a href=\"https:\/\/ucm.one\/en\/the-documentary-the-mission-nonfy-documentaries-starts-today-in-german-cinemas\/\" class=\"post-thumbnail-rollover layzr-bg layzr-bg\" ><img decoding=\"async\" class=\"iso-lazy-load preload-me iso-lazy-load aspect\" src=\"data:image\/svg+xml,%3Csvg%20xmlns%3D&#39;http%3A%2F%2Fwww.w3.org%2F2000%2Fsvg&#39;%20viewBox%3D&#39;0%200%20990%20309&#39;%2F%3E\" data-src=\"https:\/\/ucm.one\/wp-content\/uploads\/2023\/03\/B-The-Mission-Cinema-990x309.jpg\" data-srcset=\"https:\/\/ucm.one\/wp-content\/uploads\/2023\/03\/B-The-Mission-Cinema-990x309.jpg 990w, https:\/\/ucm.one\/wp-content\/uploads\/2023\/03\/B-The-Mission-Cinema-1485x464.jpg 1485w\" loading=\"eager\" style=\"--ratio: 990 \/ 309\" sizes=\"(max-width: 990px) 100vw, 990px\" alt=\"\" title=\"B The Mission Cinema\" width=\"990\" height=\"309\"  \/><\/a>\t<\/div>\n<\/div>\n\n\n<div class=\"post-entry-content\">\n\n\t<h3 class=\"entry-title\">\n\t\t<a href=\"https:\/\/ucm.one\/en\/the-documentary-the-mission-nonfy-documentaries-starts-today-in-german-cinemas\/\" title=\"\ud83c\udfac The documentary &#8220;The Mission&#8221; (NONFY Documentaries) starts today in German cinemas\" rel=\"bookmark\">\ud83c\udfac The documentary &#8220;The Mission&#8221; (NONFY Documentaries) starts today in German cinemas<\/a>\n\t<\/h3>\n\n\t<div class=\"entry-meta\"><span class=\"category-link\"><a href=\"https:\/\/ucm.one\/en\/category\/news-en\/cinema\/\" >Cinema<\/a>, <a href=\"https:\/\/ucm.one\/en\/category\/news-en\/documentaries\/\" >Documentaries<\/a>, <a href=\"https:\/\/ucm.one\/en\/category\/news-en\/film-en\/\" >Film<\/a>, <a href=\"https:\/\/ucm.one\/en\/category\/news-en\/\" >News<\/a>, <a href=\"https:\/\/ucm.one\/en\/category\/news-en\/film-en\/nonfy-documentaries-en\/\" >NONFY Documentaries<\/a><\/span><a class=\"author vcard\" href=\"\" title=\"View all posts by Joachim Keil\" rel=\"author\">By <span class=\"fn\">Joachim Keil<\/span><\/a><a href=\"https:\/\/ucm.one\/en\/2023\/03\/30\/\" title=\"20:42\" class=\"data-link\" rel=\"bookmark\"><time class=\"entry-date updated\" datetime=\"2023-03-30T20:42:16+00:00\">30. March 2023<\/time><\/a><\/div>\n\t<div class=\"entry-excerpt\"><p>[vc_row][vc_column][vc_column_text] Today, &#8220;The Mission&#8221; start in German cinemas on the UCM.ONE label NONFY Documentaries. The film by British-American-Swiss director Tania Anderson shows the life on &#8220;mission&#8221; of a group of young missionaries of the Church of Jesus Christ of Latter-day Saints. They leave their home in the USA to convert the most unreligious, closed-minded and&hellip;<\/p>\n<\/div>\n\t\n<a href=\"https:\/\/ucm.one\/en\/the-documentary-the-mission-nonfy-documentaries-starts-today-in-german-cinemas\/\" class=\"post-details details-type-link\" aria-label=\"Read more about \ud83c\udfac The documentary &#8220;The Mission&#8221; (NONFY Documentaries) starts today in German cinemas\">Read more<i class=\"dt-icon-the7-arrow-03\" aria-hidden=\"true\"><\/i><\/a>\n\n<\/div><\/article><\/div><div class=\"visible wf-cell\" data-post-id=\"91626\" data-date=\"2023-03-09T23:41:46+00:00\" data-name=\"\ud83c\udfac The documentary film &quot;The Mission&quot; by Tania Anderson will be released in German cinemas at the end of March\"><article class=\"post project-odd visible post-91626 type-post status-publish format-standard has-post-thumbnail hentry category-cinema category-documentaries category-film-en category-news-en category-nonfy-documentaries-en tag-dirk-manthey-en tag-isabella-karhu-2 tag-jesu-christi-2 tag-juho-pekka-tanskanen-2 tag-kirche-jesu-christi-der-heiligen-der-letzten-tage-2 tag-lds-2 tag-nonfy-documentaries-en tag-sundance-film-festival-2 tag-sundance-film-festival-en tag-tania-anderson-2 tag-the-mission-2 category-1011 category-6286 category-942 category-941 category-4627\" data-name=\"\ud83c\udfac The documentary film &#8220;The Mission&#8221; by Tania Anderson will be released in German cinemas at the end of March\" data-date=\"2023-03-09T23:41:46+00:00\">\n\n<div class=\"post-thumbnail-wrap\">\n\t<div class=\"post-thumbnail\">\n\t\t\n\t\t\n\t\t<a href=\"https:\/\/ucm.one\/en\/the-documentary-film-the-mission-by-tania-anderson-will-be-released-in-german-cinemas-at-the-end-of-march\/\" class=\"post-thumbnail-rollover layzr-bg layzr-bg\" ><img decoding=\"async\" class=\"iso-lazy-load preload-me iso-lazy-load aspect\" src=\"data:image\/svg+xml,%3Csvg%20xmlns%3D&#39;http%3A%2F%2Fwww.w3.org%2F2000%2Fsvg&#39;%20viewBox%3D&#39;0%200%20990%20309&#39;%2F%3E\" data-src=\"https:\/\/ucm.one\/wp-content\/uploads\/2023\/03\/THE-MISSION-1920x1600-1-990x309.jpg\" data-srcset=\"https:\/\/ucm.one\/wp-content\/uploads\/2023\/03\/THE-MISSION-1920x1600-1-990x309.jpg 990w, https:\/\/ucm.one\/wp-content\/uploads\/2023\/03\/THE-MISSION-1920x1600-1-1485x464.jpg 1485w\" loading=\"eager\" style=\"--ratio: 990 \/ 309\" sizes=\"(max-width: 990px) 100vw, 990px\" alt=\"The Mission\" title=\"THE MISSION 1920&#215;1600\" width=\"990\" height=\"309\"  \/><\/a>\t<\/div>\n<\/div>\n\n\n<div class=\"post-entry-content\">\n\n\t<h3 class=\"entry-title\">\n\t\t<a href=\"https:\/\/ucm.one\/en\/the-documentary-film-the-mission-by-tania-anderson-will-be-released-in-german-cinemas-at-the-end-of-march\/\" title=\"\ud83c\udfac The documentary film &#8220;The Mission&#8221; by Tania Anderson will be released in German cinemas at the end of March\" rel=\"bookmark\">\ud83c\udfac The documentary film &#8220;The Mission&#8221; by Tania Anderson will be released in German cinemas at the end of March<\/a>\n\t<\/h3>\n\n\t<div class=\"entry-meta\"><span class=\"category-link\"><a href=\"https:\/\/ucm.one\/en\/category\/news-en\/cinema\/\" >Cinema<\/a>, <a href=\"https:\/\/ucm.one\/en\/category\/news-en\/documentaries\/\" >Documentaries<\/a>, <a href=\"https:\/\/ucm.one\/en\/category\/news-en\/film-en\/\" >Film<\/a>, <a href=\"https:\/\/ucm.one\/en\/category\/news-en\/\" >News<\/a>, <a href=\"https:\/\/ucm.one\/en\/category\/news-en\/film-en\/nonfy-documentaries-en\/\" >NONFY Documentaries<\/a><\/span><a class=\"author vcard\" href=\"\" title=\"View all posts by Joachim Keil\" rel=\"author\">By <span class=\"fn\">Joachim Keil<\/span><\/a><a href=\"https:\/\/ucm.one\/en\/2023\/03\/09\/\" title=\"23:41\" class=\"data-link\" rel=\"bookmark\"><time class=\"entry-date updated\" datetime=\"2023-03-09T23:41:46+00:00\">9. March 2023<\/time><\/a><\/div>\n\t<div class=\"entry-excerpt\"><p>[vc_row][vc_column][vc_column_text] UCM.ONE is bringing the documentary film &#8220;The Mission&#8221; to German cinemas on 30 March 2023 on the NONFY Documentaries label in Germany, Austria and Switzerland. The film by British-American-Swiss director Tania Anderson had its world premiere at the Sundance Film Festival 2022. [\/vc_column_text][\/vc_column][\/vc_row][vc_row][vc_column width=&#8221;3\/4&#8243;][vc_row_inner][vc_column_inner][vc_column_text] The international documentary production, a co-production of Danish Bear Productions&hellip;<\/p>\n<\/div>\n\t\n<a href=\"https:\/\/ucm.one\/en\/the-documentary-film-the-mission-by-tania-anderson-will-be-released-in-german-cinemas-at-the-end-of-march\/\" class=\"post-details details-type-link\" aria-label=\"Read more about \ud83c\udfac The documentary film &#8220;The Mission&#8221; by Tania Anderson will be released in German cinemas at the end of March\">Read more<i class=\"dt-icon-the7-arrow-03\" aria-hidden=\"true\"><\/i><\/a>\n\n<\/div><\/article><\/div><\/div><!-- iso-container|iso-grid --><div class=\"paginator paginator-more-button\">\n\t\t\t\t<a class=\"button-load-more \" href=\"javascript:void(0);\" data-dt-page=\"1\" ><span class=\"stick\"><\/span><span class=\"stick\"><\/span><span class=\"stick\"><\/span><span class=\"button-caption\">Load more<\/span><\/a>\n\t\t\t<\/div><\/div>[\/vc_tta_section][\/vc_tta_accordion][vc_separator][vc_column_text css=&#8221;&#8221;]Other films that have been officially released in cinemas via UCM.ONE: <a title=\"Theatrical Releases (page 2)\" href=\"https:\/\/ucm.one\/en\/theatrical-distribution\/theatrical-releases-2023\">Theatrical releases (2023 I)<\/a>[\/vc_column_text][vc_separator color=&#8221;blue&#8221;][\/vc_column][\/vc_row][vc_row css=&#8221;.vc_custom_1518458873891{margin-top: 65px !important;}&#8221;][vc_column width=&#8221;1\/4&#8243;][vc_btn title=&#8221;Overview&#8221; style=&#8221;flat&#8221; size=&#8221;lg&#8221; align=&#8221;center&#8221; i_icon_fontawesome=&#8221;fas fa-home&#8221; button_block=&#8221;true&#8221; add_icon=&#8221;true&#8221; link=&#8221;url:%2Fen%2F|title:Overview||&#8221;][\/vc_column][vc_column width=&#8221;1\/4&#8243;][vc_btn title=&#8221;Film Labels&#8221; style=&#8221;flat&#8221; size=&#8221;lg&#8221; align=&#8221;center&#8221; i_icon_fontawesome=&#8221;fa fa-film&#8221; button_block=&#8221;true&#8221; add_icon=&#8221;true&#8221; link=&#8221;url:https%3A%2F%2Fucm.one%2Fen%2Ffilm-labels%2F|title:Film%20Labels||&#8221;][\/vc_column][vc_column width=&#8221;1\/4&#8243;][vc_btn title=&#8221;Movie Catalogue&#8221; style=&#8221;flat&#8221; size=&#8221;lg&#8221; align=&#8221;center&#8221; i_icon_fontawesome=&#8221;fa fa-tasks&#8221; button_block=&#8221;true&#8221; add_icon=&#8221;true&#8221; link=&#8221;url:https%3A%2F%2Fucm.one%2Fen%2Ftheatrical-movie-catalogue%2F|title:Theatrical%20Movie%20Catalogue||&#8221;][\/vc_column][vc_column width=&#8221;1\/4&#8243;][vc_btn title=&#8221;World Sales&#8221; style=&#8221;flat&#8221; size=&#8221;lg&#8221; align=&#8221;center&#8221; i_icon_fontawesome=&#8221;fas fa-globe-asia&#8221; button_block=&#8221;true&#8221; add_icon=&#8221;true&#8221; link=&#8221;url:%2Fen%2Fworld-sales%2F|title:World%20Sales|target:%20_blank|&#8221;][\/vc_column][vc_column offset=&#8221;vc_hidden-lg vc_hidden-md vc_hidden-sm&#8221;][vc_btn title=&#8221;Contact&#8221; style=&#8221;flat&#8221; color=&#8221;juicy-pink&#8221; size=&#8221;lg&#8221; align=&#8221;center&#8221; i_icon_fontawesome=&#8221;far fa-envelope&#8221; button_block=&#8221;true&#8221; add_icon=&#8221;true&#8221; link=&#8221;url:https%3A%2F%2Fucm.one%2Fen%2Ffirma%2Fcontact%2F|title:Contact||&#8221;][\/vc_column][\/vc_row]<\/p>\n<\/div>","protected":false},"excerpt":{"rendered":"<p>[vc_row css=&#8221;.vc_custom_1691101198889{margin-bottom: 20px !important;}&#8221;][vc_column][vc_column_text css=&#8221;&#8221;] Theatrical releases (2024) [\/vc_column_text][vc_column_text]Most movies are produced for the big screens of cinemas. Because of we&#8217;re cinema lovers, we want to pay tribute to this fact and therefore we operate our own theatrical distribution in Berlin.[\/vc_column_text][vc_column_text css=&#8221;&#8221; el_id=&#8221;martin-reads-the-quran&#8221;]The following films had (or will have) theatrical release on the specified dates&hellip;<\/p>\n","protected":false},"author":1,"featured_media":19852,"parent":11317,"menu_order":0,"comment_status":"closed","ping_status":"closed","template":"","meta":{"_acf_changed":false,"footnotes":""},"class_list":["post-9952","page","type-page","status-publish","has-post-thumbnail","hentry","description-off"],"acf":[],"yoast_head":"<!-- This site is optimized with the Yoast SEO plugin v27.5 - https:\/\/yoast.com\/product\/yoast-seo-wordpress\/ -->\n<title>Theatrical Releases (2024)<\/title>\n<meta name=\"description\" content=\"Most movies are produced for the big screens of cinemas. Because of we&#039;re cinema lovers, we want to pay tribute to this fact and therefore we operate our own theatrical distribution in Berlin.\" \/>\n<meta name=\"robots\" content=\"index, follow, max-snippet:-1, max-image-preview:large, max-video-preview:-1\" \/>\n<link rel=\"canonical\" href=\"https:\/\/ucm.one\/en\/theatrical-distribution\/theatrical-releases-2024\/\" \/>\n<meta property=\"og:locale\" content=\"en_US\" \/>\n<meta property=\"og:type\" content=\"article\" \/>\n<meta property=\"og:title\" content=\"Theatrical Releases (2024)\" \/>\n<meta property=\"og:description\" content=\"Most movies are produced for the big screens of cinemas. Because of we&#039;re cinema lovers, we want to pay tribute to this fact and therefore we operate our own theatrical distribution in Berlin.\" \/>\n<meta property=\"og:url\" content=\"https:\/\/ucm.one\/en\/theatrical-distribution\/theatrical-releases-2024\/\" \/>\n<meta property=\"og:site_name\" content=\"UCM.ONE\" \/>\n<meta property=\"article:modified_time\" content=\"2025-11-22T15:29:30+00:00\" \/>\n<meta property=\"og:image\" content=\"https:\/\/ucm.one\/wp-content\/uploads\/2018\/05\/B-Filmstarts.jpg\" \/>\n\t<meta property=\"og:image:width\" content=\"1920\" \/>\n\t<meta property=\"og:image:height\" content=\"600\" \/>\n\t<meta property=\"og:image:type\" content=\"image\/jpeg\" \/>\n<meta name=\"twitter:card\" content=\"summary_large_image\" \/>\n<meta name=\"twitter:label1\" content=\"Est. reading time\" \/>\n\t<meta name=\"twitter:data1\" content=\"47 minutes\" \/>\n<!-- \/ Yoast SEO plugin. -->","yoast_head_json":{"title":"Theatrical Releases (2024)","description":"Most movies are produced for the big screens of cinemas. Because of we're cinema lovers, we want to pay tribute to this fact and therefore we operate our own theatrical distribution in Berlin.","robots":{"index":"index","follow":"follow","max-snippet":"max-snippet:-1","max-image-preview":"max-image-preview:large","max-video-preview":"max-video-preview:-1"},"canonical":"https:\/\/ucm.one\/en\/theatrical-distribution\/theatrical-releases-2024\/","og_locale":"en_US","og_type":"article","og_title":"Theatrical Releases (2024)","og_description":"Most movies are produced for the big screens of cinemas. Because of we're cinema lovers, we want to pay tribute to this fact and therefore we operate our own theatrical distribution in Berlin.","og_url":"https:\/\/ucm.one\/en\/theatrical-distribution\/theatrical-releases-2024\/","og_site_name":"UCM.ONE","article_modified_time":"2025-11-22T15:29:30+00:00","og_image":[{"width":1920,"height":600,"url":"https:\/\/ucm.one\/wp-content\/uploads\/2018\/05\/B-Filmstarts.jpg","type":"image\/jpeg"}],"twitter_card":"summary_large_image","twitter_misc":{"Est. reading time":"47 minutes"},"schema":{"@context":"https:\/\/schema.org","@graph":[{"@type":"WebPage","@id":"https:\/\/ucm.one\/en\/theatrical-distribution\/theatrical-releases-2024\/","url":"https:\/\/ucm.one\/en\/theatrical-distribution\/theatrical-releases-2024\/","name":"Theatrical Releases (2024)","isPartOf":{"@id":"https:\/\/ucm.one\/en\/#website"},"primaryImageOfPage":{"@id":"https:\/\/ucm.one\/en\/theatrical-distribution\/theatrical-releases-2024\/#primaryimage"},"image":{"@id":"https:\/\/ucm.one\/en\/theatrical-distribution\/theatrical-releases-2024\/#primaryimage"},"thumbnailUrl":"https:\/\/ucm.one\/wp-content\/uploads\/2018\/05\/B-Filmstarts.jpg","datePublished":"2018-02-07T09:24:43+00:00","dateModified":"2025-11-22T15:29:30+00:00","description":"Most movies are produced for the big screens of cinemas. Because of we're cinema lovers, we want to pay tribute to this fact and therefore we operate our own theatrical distribution in Berlin.","breadcrumb":{"@id":"https:\/\/ucm.one\/en\/theatrical-distribution\/theatrical-releases-2024\/#breadcrumb"},"inLanguage":"en-US","potentialAction":[{"@type":"ReadAction","target":["https:\/\/ucm.one\/en\/theatrical-distribution\/theatrical-releases-2024\/"]}]},{"@type":"ImageObject","inLanguage":"en-US","@id":"https:\/\/ucm.one\/en\/theatrical-distribution\/theatrical-releases-2024\/#primaryimage","url":"https:\/\/ucm.one\/wp-content\/uploads\/2018\/05\/B-Filmstarts.jpg","contentUrl":"https:\/\/ucm.one\/wp-content\/uploads\/2018\/05\/B-Filmstarts.jpg","width":1920,"height":600},{"@type":"BreadcrumbList","@id":"https:\/\/ucm.one\/en\/theatrical-distribution\/theatrical-releases-2024\/#breadcrumb","itemListElement":[{"@type":"ListItem","position":1,"name":"Home","item":"https:\/\/ucm.one\/en\/"},{"@type":"ListItem","position":2,"name":"Theatrical Distribution","item":"https:\/\/ucm.one\/en\/theatrical-distribution\/"},{"@type":"ListItem","position":3,"name":"Theatrical Releases (2024)"}]},{"@type":"WebSite","@id":"https:\/\/ucm.one\/en\/#website","url":"https:\/\/ucm.one\/en\/","name":"UCM.ONE","description":"","publisher":{"@id":"https:\/\/ucm.one\/en\/#organization"},"potentialAction":[{"@type":"SearchAction","target":{"@type":"EntryPoint","urlTemplate":"https:\/\/ucm.one\/en\/?s={search_term_string}"},"query-input":{"@type":"PropertyValueSpecification","valueRequired":true,"valueName":"search_term_string"}}],"inLanguage":"en-US"},{"@type":"Organization","@id":"https:\/\/ucm.one\/en\/#organization","name":"UCM.ONE","url":"https:\/\/ucm.one\/en\/","logo":{"@type":"ImageObject","inLanguage":"en-US","@id":"https:\/\/ucm.one\/en\/#\/schema\/logo\/image\/","url":"https:\/\/ucm.one\/wp-content\/uploads\/2019\/10\/UCM.ONE-Logo-RGB.svg","contentUrl":"https:\/\/ucm.one\/wp-content\/uploads\/2019\/10\/UCM.ONE-Logo-RGB.svg","width":1,"height":1,"caption":"UCM.ONE"},"image":{"@id":"https:\/\/ucm.one\/en\/#\/schema\/logo\/image\/"}}]}},"_links":{"self":[{"href":"https:\/\/ucm.one\/en\/wp-json\/wp\/v2\/pages\/9952","targetHints":{"allow":["GET"]}}],"collection":[{"href":"https:\/\/ucm.one\/en\/wp-json\/wp\/v2\/pages"}],"about":[{"href":"https:\/\/ucm.one\/en\/wp-json\/wp\/v2\/types\/page"}],"author":[{"embeddable":true,"href":"https:\/\/ucm.one\/en\/wp-json\/wp\/v2\/users\/1"}],"replies":[{"embeddable":true,"href":"https:\/\/ucm.one\/en\/wp-json\/wp\/v2\/comments?post=9952"}],"version-history":[{"count":71,"href":"https:\/\/ucm.one\/en\/wp-json\/wp\/v2\/pages\/9952\/revisions"}],"predecessor-version":[{"id":412383,"href":"https:\/\/ucm.one\/en\/wp-json\/wp\/v2\/pages\/9952\/revisions\/412383"}],"up":[{"embeddable":true,"href":"https:\/\/ucm.one\/en\/wp-json\/wp\/v2\/pages\/11317"}],"wp:featuredmedia":[{"embeddable":true,"href":"https:\/\/ucm.one\/en\/wp-json\/wp\/v2\/media\/19852"}],"wp:attachment":[{"href":"https:\/\/ucm.one\/en\/wp-json\/wp\/v2\/media?parent=9952"}],"curies":[{"name":"wp","href":"https:\/\/api.w.org\/{rel}","templated":true}]}}