{"id":95835,"date":"2023-08-02T20:10:15","date_gmt":"2023-08-02T20:10:15","guid":{"rendered":"https:\/\/ucm.one\/youth-topia-2021-von-dennis-stormer-artkeim%c2%b2\/"},"modified":"2023-08-26T09:47:57","modified_gmt":"2023-08-26T09:47:57","slug":"youth-topia","status":"publish","type":"page","link":"https:\/\/ucm.one\/en\/youth-topia\/","title":{"rendered":"Youth Topia (2021) von Dennis Stormer | Artkeim\u00b2"},"content":{"rendered":"<div class=\"wpb-content-wrapper\"><p>[vc_row][vc_column width=&#8221;3\/4&#8243; css=&#8221;.vc_custom_1561291995466{padding-right: 30px !important;}&#8221;][vc_column_text]<\/p>\n<h1>Youth Topia<span style=\"color: #ffffff;\">:<\/span><\/h1>\n<p>[\/vc_column_text][vc_column_text]<\/p>\n<div class=\"vc_row wpb_row vc_row-fluid\">\n<div class=\"wpb_column vc_column_container vc_col-sm-12\">\n<div class=\"vc_column-inner\">\n<div class=\"wpb_wrapper\">\n<div class=\"wpb_text_column wpb_content_element \">\n<div class=\"wpb_wrapper\">\n<p>The dystopian coming of age drama &#8220;<strong>Youth Topia<\/strong>&#8221; &#8211; the feature film debut of <strong>Dennis Stormer<\/strong> (writer &amp; director) and <strong>Marisa Meier<\/strong> (writer &amp; producer) &#8211; tells the story of Wanja (Lia von Blarer), who is turned from an outsider into an adult by the &#8220;algorithm&#8221; that ubiquitously dominates the near future. She leaves her exciting youthful life as a good-for-nothing behind and finds the recognition she thought was long missing in her newfound dream job as an architect.<\/p>\n<\/div>\n<\/div>\n<\/div>\n<\/div>\n<\/div>\n<\/div>\n<p>[\/vc_column_text][vc_row_inner][vc_column_inner width=&#8221;1\/2&#8243; css=&#8221;.vc_custom_1561290391124{border-right-width: -15px !important;}&#8221;][vc_single_image image=&#8221;95746&#8243; img_size=&#8221;full&#8221; onclick=&#8221;link_image&#8221;][\/vc_column_inner][vc_column_inner width=&#8221;1\/2&#8243;][vc_single_image image=&#8221;95748&#8243; img_size=&#8221;full&#8221; onclick=&#8221;link_image&#8221;][\/vc_column_inner][\/vc_row_inner][vc_column_text]<br \/>\nFrom now on, Vanya&#8217;s best friends have to go around the house without her to have a good time and make a ruckus. They are the only and most precious remnant of Vanya&#8217;s former life. But without her friends, the only and most precious remnant of her past as a teenager, Wanja is terribly lonely and alone. If Vanya wants to continue climbing the career ladder, she has to make a serious decision.<br \/>\n[\/vc_column_text][vc_column_text]<\/p>\n<div class=\"vc_row wpb_row vc_row-fluid\">\n<div class=\"wpb_column vc_column_container vc_col-sm-12\">\n<div class=\"vc_column-inner\">\n<div class=\"wpb_wrapper\">\n<div class=\"wpb_text_column wpb_content_element \">\n<div class=\"wpb_wrapper\">\n<p style=\"font-weight: 400;\">&#8220;<strong>Youth Topia<\/strong>&#8221; is the portrait of a young generation that is beginning to understand that a lonely path is being taken with the privilege of self-realisation. A generation that misses a community under the pressure to succeed that it has created, a generation that feels that simply being in the world is the highest form of happiness.<\/p>\n<\/div>\n<\/div>\n<\/div>\n<\/div>\n<\/div>\n<\/div>\n<p>[\/vc_column_text][vc_single_image image=&#8221;95715&#8243; img_size=&#8221;full&#8221; onclick=&#8221;link_image&#8221;][vc_column_text]<\/p>\n<h3>Synopsis<\/h3>\n<div>\n<p style=\"font-weight: 400;\">In Valpolvra, a village that has fallen out of time, self-fulfilment is the focus of all the inhabitants. Their dream jobs are reliably determined by an algorithm. The adolescents are spared the previously endless orientation phase of youth, the search for the perfect job, the many rejections and all the other crises of meaning. Instead, they all live fulfilled and productive lives. Those who don&#8217;t get a job because of rebellious, irresponsible and impulsive online profiles are classified by the algorithm as youthful and thus unfit for work. These people have the task of waiting until they are mature enough for a job. They are exempt from all duties, but also from all attractive privileges that only adults are allowed to enjoy.<\/p>\n<\/div>\n<p>[\/vc_column_text][vc_row_inner][vc_column_inner width=&#8221;1\/2&#8243; css=&#8221;.vc_custom_1561290391124{border-right-width: -15px !important;}&#8221;][vc_single_image image=&#8221;95774&#8243; img_size=&#8221;full&#8221; onclick=&#8221;link_image&#8221;][\/vc_column_inner][vc_column_inner width=&#8221;1\/2&#8243;][vc_single_image image=&#8221;95763&#8243; img_size=&#8221;full&#8221; onclick=&#8221;link_image&#8221;][\/vc_column_inner][\/vc_row_inner][vc_column_text]<br \/>\nWanja (21) resists becoming an adult. As a so-called long-term youth, she lives in an old barn with her clique, cut off from productive society. Together they live into the day, filming their illegal activities and posting clips of their immature and antisocial everyday life in order to remain youthful forever.<\/p>\n<p>One morning, Wanja surprisingly receives a job offer. Believing that she has more freedom as an adult and can still pursue the youthful lifestyle, she accepts the job calculated for her as an architect. Vanya loves suddenly getting so much attention and finally being able to decide freely. She enjoys her clean flat, her own car, her sexual acquaintance Lukas and life as an architect in Eva&#8217;s office. At first she shares her new life generously with her childhood friends. But the more successful she becomes, the more impossible it becomes to unite the two worlds.<br \/>\n[\/vc_column_text][vc_row_inner][vc_column_inner width=&#8221;1\/2&#8243;][vc_single_image image=&#8221;95752&#8243; img_size=&#8221;full&#8221; onclick=&#8221;link_image&#8221;][\/vc_column_inner][vc_column_inner width=&#8221;1\/2&#8243; css=&#8221;.vc_custom_1561290391124{border-right-width: -15px !important;}&#8221;][vc_single_image image=&#8221;95754&#8243; img_size=&#8221;full&#8221; onclick=&#8221;link_image&#8221;][\/vc_column_inner][\/vc_row_inner][vc_column_text]<br \/>\nA new social centre is to force the long-term youths to grow up. Their own chosen home, the old barn is to be demolished for this purpose. Eva offers Wanja artistic direction over this prestigious project. Does Wanja break the last bridge to her old life for success and betray her only friends? Loneliness overcomes the young adult and she realises that young people have something that adults have lost: community.<\/p>\n<p>Vanya decides against her career to protect her old home, her best friends and Valpolvra&#8217;s last form of community.<br \/>\n[\/vc_column_text][\/vc_column][vc_column width=&#8221;1\/4&#8243; css=&#8221;.vc_custom_1581030319933{margin-top: 15px !important;margin-bottom: 36px !important;background-color: #efefef !important;}&#8221;]<style type=\"text\/css\" data-type=\"the7_shortcodes-inline-css\">.shortcode-single-image-wrap.shortcode-single-image-eb81bbb9e21231599aa577189d484cc9.enable-bg-rollover .rollover i,\n.shortcode-single-image-wrap.shortcode-single-image-eb81bbb9e21231599aa577189d484cc9.enable-bg-rollover .rollover-video i {\n  background: -webkit-linear-gradient();\n  background: linear-gradient();\n}\n.shortcode-single-image-wrap.shortcode-single-image-eb81bbb9e21231599aa577189d484cc9 .rollover-icon {\n  font-size: 32px;\n  color: #ffffff;\n  min-width: 44px;\n  min-height: 44px;\n  line-height: 44px;\n  border-radius: 100px;\n  border-style: solid;\n  border-width: 0px;\n}\n.dt-icon-bg-on.shortcode-single-image-wrap.shortcode-single-image-eb81bbb9e21231599aa577189d484cc9 .rollover-icon {\n  background: rgba(255,255,255,0.3);\n  box-shadow: none;\n}<\/style><div class=\"shortcode-single-image-wrap shortcode-single-image-eb81bbb9e21231599aa577189d484cc9 alignnone  vc_custom_1691004126649 enable-bg-rollover dt-icon-bg-off\" ><div class=\"shortcode-single-image\"><div class=\"fancy-media-wrap\" style=\"\"><a class=\"layzr-bg rollover rollover-zoom dt-pswp-item pswp-image\" href=\"https:\/\/ucm.one\/wp-content\/uploads\/2023\/02\/P-YouthTopia.jpg\" title=\"P YouthTopia\" data-dt-img-description=\"\" data-large_image_width=\"699\" data-large_image_height = \"999\"  style=\"\"><img fetchpriority=\"high\" decoding=\"async\" class=\"preload-me lazy-load aspect\" src=\"data:image\/svg+xml,%3Csvg%20xmlns%3D&#39;http%3A%2F%2Fwww.w3.org%2F2000%2Fsvg&#39;%20viewBox%3D&#39;0%200%20699%20998&#39;%2F%3E\" data-src=\"https:\/\/ucm.one\/wp-content\/uploads\/2023\/02\/P-YouthTopia.jpg\" data-srcset=\"https:\/\/ucm.one\/wp-content\/uploads\/2023\/02\/P-YouthTopia.jpg 699w\" loading=\"eager\" style=\"--ratio: 699 \/ 998\" sizes=\"(max-width: 699px) 100vw, 699px\" width=\"699\" height=\"998\"  data-dt-location=\"https:\/\/ucm.one\/en\/tellfilm-und-ucm-one-vereinbaren-zusammenarbeit-beim-film-youth-topia-von-dennis-stormer\/p-youthtopia-2\/\" alt=\"\" \/><\/a><\/div><\/div><\/div>[vc_empty_space height=&#8221;10px&#8221;][vc_column_text]<strong>Original title:<\/strong> Youth Topia<\/p>\n<p><strong>Director: <\/strong><span lang=\"de\">Dennis Stormer<\/span><\/p>\n<p><strong>Screenplay: <\/strong>Marisa Meier, Dennis Stormer<\/p>\n<p><strong>Actors:<\/strong> Lia von Blarer, Saladin Dellers, Elsa Langn\u00e4se, Lou Haltinner, J\u00fcrg Pl\u00fcss, Nadim Ben Sa\u00efd, Nicolas Rosat, Timon\u00a0Kiefer, Regula Imboden, Sabrina Tannen,<br \/>\nGottfried Breitfuss, Amy Lombardi, Manon Pfrunder, Virginia Zaretskie<\/p>\n<p><strong>Producer:<\/strong> Marisa Meier, Dennis Stormer, Katrin Renz, Stefan J\u00e4ger, Reiner Krausz, Vita Spie\u00df<\/p>\n<p><strong>Cinematography:<\/strong> Jonas Schneider<\/p>\n<p><strong>Editing:<\/strong> No\u00ebmi Katharina Preiswerk<\/p>\n<p><strong>Sound:<\/strong> Daniel Fuchs<\/p>\n<p><strong>Make-up:<\/strong> Julia Althof<\/p>\n<p><strong>Costume design:<\/strong> Sabrina Bosshard<\/p>\n<p><strong>Camera assistance &amp; Technical departement<\/strong>: Marc Angele, Jonas Schneider<\/p>\n<p><strong>Color grading:<\/strong> Stefano Zordan<\/p>\n<p><strong>Production companies:<\/strong> Tellfilm (Switzerland), Intuition Club (Germany), Sehstern Filmproduktion (Germany)<\/p>\n<p><strong>Year of production:<\/strong> 2021<\/p>\n<p><strong>Genres:<\/strong> Science-Fiction, Comedy, Satire<\/p>\n<p><strong>Countries:<\/strong> Switzerland, Germany<\/p>\n<p><strong>Language:<\/strong> German<\/p>\n<p><strong>Subtitles:<\/strong> English<\/p>\n<p>&nbsp;<\/p>\n<p><strong>Length:<\/strong> 85 Min<\/p>\n<p><strong>Aspect ratio:<\/strong> 2K Scope<\/p>\n<p><strong>Resolution:<\/strong> 2048&#215;858<\/p>\n<p><strong>Sound:<\/strong> Surround 5.1<\/p>\n<p><strong>Rating: <\/strong>FSK 16[\/vc_column_text][vc_separator color=&#8221;custom&#8221; accent_color=&#8221;#a0a0a0&#8243;][vc_column_text]<strong>Film label:<\/strong> Artkeim\u00b2<\/p>\n<p><strong>Distributor:<\/strong> <span style=\"font-family: 'arial black', sans-serif;\"><strong>UCM.ONE<\/strong><\/span><\/p>\n<p><strong>Premiere: <\/strong>September 25, 2021 at the <strong>Zurich Film Festival<\/strong><\/p>\n<p><strong>Theatrical release Germany: <\/strong>August 17, 2023[\/vc_column_text][vc_separator color=&#8221;custom&#8221; accent_color=&#8221;#a0a0a0&#8243;][vc_btn title=&#8221;Press Material&#8221; color=&#8221;white&#8221; size=&#8221;sm&#8221; align=&#8221;center&#8221; i_icon_fontawesome=&#8221;fas fa-download&#8221; button_block=&#8221;true&#8221; add_icon=&#8221;true&#8221; css=&#8221;.vc_custom_1691055584448{margin-top: -15px !important;}&#8221; link=&#8221;url:https%3A%2F%2Fucm.one%2Fpresse%2Fak_youth_topia_presskit.zip|title:YT-Pressekit|rel:nofollow|&#8221;][\/vc_column][\/vc_row][vc_row][vc_column][vc_column_text]<\/p>\n<div class=\"vc_row wpb_row vc_row-fluid\">\n<div class=\"wpb_column vc_column_container vc_col-sm-12\">\n<div class=\"vc_column-inner\">\n<div class=\"wpb_wrapper\">\n<div class=\"wpb_text_column wpb_content_element \">\n<div class=\"wpb_wrapper\">\n<p style=\"font-weight: 400;\">The film dares a lot; constant format changes, shaky mobile phone shots, a calf in the living room. It&#8217;s a raw kind of cinematography, reminiscent of popular social media content, and thus constantly related to reality. A huge, white mountain of dust rising under Electro Pop as a film backdrop again underpins the feeling of a cinematic utopia. Anyone who has the courage to see Youth Topia&#8217;s utopian society as our own will get goose bumps.<\/p>\n<\/div>\n<\/div>\n<\/div>\n<\/div>\n<\/div>\n<\/div>\n<p>[\/vc_column_text][vc_row_inner][vc_column_inner width=&#8221;1\/2&#8243;][vc_single_image image=&#8221;95770&#8243; img_size=&#8221;full&#8221; onclick=&#8221;link_image&#8221;][\/vc_column_inner][vc_column_inner width=&#8221;1\/2&#8243; css=&#8221;.vc_custom_1561290391124{border-right-width: -15px !important;}&#8221;][vc_single_image image=&#8221;95772&#8243; img_size=&#8221;full&#8221; onclick=&#8221;link_image&#8221;][\/vc_column_inner][\/vc_row_inner][vc_empty_space height=&#8221;10px&#8221;][vc_column_text css=&#8221;.vc_custom_1691014449918{margin-bottom: -12px !important;}&#8221;]<\/p>\n<h3>About director <strong>Dennis Stormer<\/strong><\/h3>\n<p>[\/vc_column_text][vc_empty_space height=&#8221;30px&#8221;][vc_row_inner][vc_column_inner width=&#8221;3\/4&#8243;][vc_column_text]<\/p>\n<p style=\"font-weight: 400;\">Dennis Stormer, born in Kiel, discovered his interest in theatre, art and film at an early age. In his youth, he co-founded an improvisation theatre group and created installations and performances. He moved to Berlin to work as a film critic for <strong>Negativ<\/strong> while realising his first short films.<\/p>\n<p>[\/vc_column_text][vc_column_text]<\/p>\n<p style=\"font-weight: 400;\">He eventually studied directing at <strong>Columbia University New York<\/strong> and at the <strong>Filmakademie Baden-W\u00fcrttemberg<\/strong>, where he graduated in 2019.<\/p>\n<p>[\/vc_column_text][vc_column_text]<\/p>\n<p style=\"font-weight: 400;\">The advertising agency <strong>Adolescent L.A.<\/strong> represents him in the USA. He recently co-founded the production company<strong> Intuition Club<\/strong> and is now based in Kiel and Stockholm and active in human rights and environmental activism in addition to film.<\/p>\n<p>[\/vc_column_text][\/vc_column_inner][vc_column_inner width=&#8221;1\/4&#8243; css=&#8221;.vc_custom_1561290391124{border-right-width: -15px !important;}&#8221;][vc_single_image image=&#8221;95781&#8243; img_size=&#8221;full&#8221;][\/vc_column_inner][\/vc_row_inner][vc_empty_space height=&#8221;10px&#8221;][vc_row_inner][vc_column_inner][vc_column_text css=&#8221;.vc_custom_1691009801774{margin-bottom: -15px !important;}&#8221;]<span style=\"font-size: 12pt;\">Filmographie<\/span>[\/vc_column_text][vc_empty_space height=&#8221;35px&#8221;][vc_column_text css=&#8221;.vc_custom_1691017936622{margin-top: -15px !important;padding-top: 12px !important;padding-right: 12px !important;padding-bottom: 12px !important;padding-left: 12px !important;background-color: #ffffff !important;border-radius: 5px !important;}&#8221;]<\/p>\n<table style=\"height: 161px; width: 100%; border-collapse: collapse;\">\n<tbody>\n<tr style=\"height: 45px;\">\n<td style=\"width: 18.758003%; height: 10px;\">2021<\/td>\n<td style=\"width: 81.241997%; height: 10px;\">Youth Topia (Writer &amp; director), feature film (85 Min); <em><span style=\"font-family: inherit; font-size: inherit;\">Fast Track Award<\/span><\/em><\/td>\n<\/tr>\n<tr style=\"height: 43px;\">\n<td style=\"width: 18.758003%; height: 30px;\">2020<\/td>\n<td style=\"width: 81.241997%; height: 30px;\">Full of Fire (Writer &amp; director), hybrid (80 Min); <em><span style=\"font-family: inherit; font-size: inherit;\">IFF Oldenburg, IFF Exground Wiesbaden IFF Selb<\/span><\/em><\/td>\n<\/tr>\n<tr style=\"height: 47px;\">\n<td style=\"width: 18.758003%; height: 12px;\">2019<\/td>\n<td style=\"width: 81.241997%; height: 12px;\">Light Inside (Writer &amp; director), short movie (35 Min); <em><span style=\"font-family: inherit; font-size: inherit;\">La Cabina IFF Valencia, IFF Achtung Berlin<\/span><\/em><\/td>\n<\/tr>\n<tr style=\"height: 22px;\">\n<td style=\"width: 18.758003%; height: 43px;\">2018<\/td>\n<td style=\"width: 81.241997%; height: 43px;\">Ich z\u00fcnd dir nen Mercedes an (Writer &amp; director), experimental (15 Min); <em><span style=\"font-family: inherit; font-size: inherit;\">Pula IFF, FiSH Rostock<\/span><\/em><\/td>\n<\/tr>\n<tr style=\"height: 34px;\">\n<td style=\"width: 18.758003%; height: 34px;\">2017<\/td>\n<td style=\"width: 81.241997%; height: 34px;\">Locking at Others (Writer &amp; director), documentary (30 Min); <em><span style=\"font-family: inherit; font-size: inherit;\">Oppose Othering Award &#8211; goEast FF Wiesbaden, Int FF Barcelona Gewinner STIFF Rjieka, Filmes do homem Melgaco<\/span><\/em><\/td>\n<\/tr>\n<\/tbody>\n<\/table>\n<p>[\/vc_column_text][\/vc_column_inner][\/vc_row_inner][vc_column_text css=&#8221;.vc_custom_1691014440192{margin-bottom: -12px !important;}&#8221;]<\/p>\n<h3>About producer <strong>Marisa Meier\u00a0<\/strong><\/h3>\n<p>[\/vc_column_text][vc_empty_space height=&#8221;33px&#8221;][vc_row_inner][vc_column_inner width=&#8221;1\/4&#8243; css=&#8221;.vc_custom_1561290391124{border-right-width: -15px !important;}&#8221;][vc_single_image image=&#8221;95790&#8243; img_size=&#8221;full&#8221;][\/vc_column_inner][vc_column_inner width=&#8221;3\/4&#8243;][vc_column_text]<\/p>\n<p style=\"font-weight: 400;\"><strong>Marisa Sarah Meier<\/strong> was born in Zurich. In 2019, she graduated from the renowned <strong>Filmakademie Baden-W\u00fcrttemberg<\/strong> in International Producing with the documentary &#8220;<strong>Closing Time<\/strong>&#8221; (2018, &#8220;<strong>Special Jury Award Concorso Cineasti del presente<\/strong>&#8221; at <strong>Locarno Film Festiva<\/strong>l).<\/p>\n<p>[\/vc_column_text][vc_column_text]<\/p>\n<p style=\"font-weight: 400;\">While producing award-winning short and feature films, she participated in international exchange programmes such as <strong>la f\u00e9mis<\/strong> in Paris, <strong>UCLA<\/strong> in Los Angeles and <strong>Al Quds University<\/strong> in Ramallah.<\/p>\n<p>[\/vc_column_text][vc_column_text]<\/p>\n<p style=\"font-weight: 400;\">Today she works as a freelance producer and writer in Berlin and Zurich. In 2019, together with <strong>Dennis Stormer,<\/strong> she founded the production company <strong>Intuition Club<\/strong>, based in Schleswig-Holstein.<\/p>\n<p>[\/vc_column_text][\/vc_column_inner][\/vc_row_inner][vc_row_inner][vc_column_inner][vc_column_text css=&#8221;.vc_custom_1691009801774{margin-bottom: -15px !important;}&#8221;]<span style=\"font-size: 12pt;\">Filmographie<\/span>[\/vc_column_text][vc_empty_space height=&#8221;35px&#8221;][vc_column_text css=&#8221;.vc_custom_1691014142879{margin-top: -15px !important;padding-top: 12px !important;padding-right: 12px !important;padding-bottom: 12px !important;padding-left: 12px !important;background-color: #ffffff !important;border-radius: 5px !important;}&#8221;]<\/p>\n<table style=\"height: 161px; width: 100%; border-collapse: collapse;\">\n<tbody>\n<tr style=\"height: 45px;\">\n<td style=\"width: 18.758003%; height: 10px;\">in progress<\/td>\n<td style=\"width: 81.241997%; height: 10px;\">Dance With Me (Director: Leila Basma), documentary<\/td>\n<\/tr>\n<tr style=\"height: 43px;\">\n<td style=\"width: 18.758003%; height: 30px;\">in progress<\/td>\n<td style=\"width: 81.241997%; height: 30px;\">Sommer (Director: Ricardo Saleh), feature film<\/td>\n<\/tr>\n<tr style=\"height: 47px;\">\n<td style=\"width: 18.758003%; height: 12px;\">2021<\/td>\n<td style=\"width: 81.241997%; height: 12px;\">Youth Topia (Director: Dennis Stormer), feature film (85 Min)<\/td>\n<\/tr>\n<tr style=\"height: 22px;\">\n<td style=\"width: 18.758003%; height: 43px;\">2018<\/td>\n<td style=\"width: 81.241997%; height: 43px;\">Closing Time, documentary (112 Min); <em><span style=\"font-family: inherit; font-size: inherit;\">Filmfestival Locarno: \u00a0Special Jury Award Cineasti del presente<\/span><\/em><\/td>\n<\/tr>\n<tr style=\"height: 34px;\">\n<td style=\"width: 18.758003%; height: 34px;\">2016<\/td>\n<td style=\"width: 81.241997%; height: 34px;\">Genkingen &#8211; Ein schw\u00e4bisches Volksm\u00e4rchen, documentary (60 Min); <em>Nominated for the German Documentary Film Award<\/em><\/td>\n<\/tr>\n<tr style=\"height: 32px;\">\n<td style=\"width: 18.758003%; height: 32px;\">2016<\/td>\n<td style=\"width: 81.241997%; height: 32px;\">Un #etat d\u00b4urgence, short movie (13 Min); <em><span style=\"font-family: inherit; font-size: inherit;\">Filmfest Dresden &#8211; Goldener Reiter; <\/span><span style=\"font-family: inherit; font-size: inherit;\">Pr\u00e4dikat \u201eBesonders Wertvoll\u201c &#8211; FBW<\/span><\/em><\/td>\n<\/tr>\n<\/tbody>\n<\/table>\n<p>[\/vc_column_text][\/vc_column_inner][\/vc_row_inner][vc_single_image image=&#8221;95733&#8243; img_size=&#8221;full&#8221; onclick=&#8221;link_image&#8221;][vc_empty_space height=&#8221;10px&#8221;][vc_column_text]<\/p>\n<h3><span style=\"font-size: 14pt;\">Creator&#8217;s Note (on the production mode of operation)<\/span><\/h3>\n<p style=\"font-weight: 400;\">The film &#8216;<strong>Youth Tobia<\/strong>&#8216; is not only a feature-length film, but also a non-linear web series in the form of Instagram accounts. During the filming, the actors, equipped with smartphones, independently recorded content. This content was and is continuously shared on the Instagram channels and forms a supplement to the feature film. In this way, the fictional theme of an algorithm analysing our data is shifted into the reality of the viewers.<\/p>\n<p>&nbsp;<\/p>\n<p style=\"font-weight: 400; text-align: center;\"><strong>Follow on Insta @<\/strong><\/p>\n<p style=\"font-weight: 400; text-align: center;\"><span style=\"color: #ff0000;\"><a style=\"color: #ff0000;\" title=\"wanjaphobia3000\" href=\"https:\/\/www.instagram.com\/wanjaphobia3000\/\" target=\"_blank\" rel=\"noopener\">wanjaphobia3000<\/a><\/span><\/p>\n<p style=\"font-weight: 400; text-align: center;\"><span style=\"color: #993366;\"><a style=\"color: #993366;\" title=\"soeren_stoeren\" href=\"https:\/\/www.instagram.com\/soeren_stoeren\/\" target=\"_blank\" rel=\"noopener\">soeren_stoeren<\/a><\/span><\/p>\n<p style=\"font-weight: 400; text-align: center;\"><span style=\"color: #ffcc00;\"><a style=\"color: #ffcc00;\" title=\"honig_leona\" href=\"https:\/\/www.instagram.com\/honig_leona\" target=\"_blank\" rel=\"noopener\">honig_leona<\/a><\/span><\/p>\n<p style=\"font-weight: 400; text-align: center;\"><span style=\"color: #0000ff;\"><a style=\"color: #0000ff;\" title=\"mauler975\" href=\"https:\/\/www.instagram.com\/mauler975\/\" target=\"_blank\" rel=\"noopener\">mauler975<\/a><\/span><\/p>\n<p style=\"font-weight: 400; text-align: center;\"><span style=\"color: #339966;\"><a style=\"color: #339966;\" title=\"medusagreata\" href=\"https:\/\/www.instagram.com\/medusagreata\/\" target=\"_blank\" rel=\"noopener\">medusagreata<\/a><\/span><\/p>\n<p>&nbsp;<\/p>\n<p style=\"font-weight: 400;\">In addition to this special multimedia feature, the two filmmakers have drawn up a &#8220;special&#8221; guideline for the production framework. This framework includes the following production principles:<\/p>\n<p>&nbsp;<\/p>\n<p style=\"text-align: center;\">Humanity before art<\/p>\n<p style=\"text-align: center;\">At least 50 % of the employees in production are women*.<\/p>\n<p style=\"text-align: center;\">All participants receive the same wage<\/p>\n<p style=\"text-align: center;\">Working and rest times, given laws and common sense are taken seriously<\/p>\n<p style=\"text-align: center;\">Play and the fun of creativity are taken seriously<\/p>\n<p style=\"text-align: center;\">There is room for reflection and feedback sessions.<\/p>\n<p style=\"text-align: center;\">The cinematic design is in the spirit of the story<\/p>\n<p style=\"text-align: center;\">Everything that is proposed cinematically is an offer and not a fight<\/p>\n<p>&nbsp;<\/p>\n<p style=\"text-align: center;\">These principles have given all participants the space to take responsibility and enjoy creative freedom. This has enabled traditional hierarchies and fascist structures to be questioned and avoided.<\/p>\n<div><\/div>\n<p>[\/vc_column_text][vc_row_inner][vc_column_inner width=&#8221;1\/2&#8243; css=&#8221;.vc_custom_1561290391124{border-right-width: -15px !important;}&#8221;][vc_single_image image=&#8221;95795&#8243; img_size=&#8221;full&#8221; onclick=&#8221;link_image&#8221;][\/vc_column_inner][vc_column_inner width=&#8221;1\/2&#8243;][vc_single_image image=&#8221;95797&#8243; img_size=&#8221;full&#8221; onclick=&#8221;link_image&#8221;][\/vc_column_inner][\/vc_row_inner][vc_row_inner][vc_column_inner][vc_column_text css=&#8221;.vc_custom_1691015362998{margin-bottom: -15px !important;}&#8221;]<span style=\"font-size: 12pt;\">Cast<\/span>[\/vc_column_text][vc_empty_space height=&#8221;35px&#8221;][vc_column_text css=&#8221;.vc_custom_1691052688915{margin-top: -15px !important;padding-top: 12px !important;padding-right: 12px !important;padding-bottom: 12px !important;padding-left: 12px !important;background-color: #ffffff !important;border-radius: 5px !important;}&#8221;]<\/p>\n<table style=\"height: 161px; width: 100%; border-collapse: collapse;\">\n<tbody>\n<tr style=\"height: 45px;\">\n<td style=\"width: 46.147082%; height: 10px;\"><strong>The youths<\/strong><\/td>\n<td style=\"width: 53.852918%; height: 10px;\"><\/td>\n<\/tr>\n<tr style=\"height: 43px;\">\n<td style=\"width: 46.147082%; height: 30px;\">Lia von Blarer<\/td>\n<td style=\"width: 53.852918%; height: 30px;\">Wanja<\/td>\n<\/tr>\n<tr style=\"height: 47px;\">\n<td style=\"width: 46.147082%; height: 12px;\">Elsa Langn\u00e4se<\/td>\n<td style=\"width: 53.852918%; height: 12px;\">Greta<\/td>\n<\/tr>\n<tr style=\"height: 22px;\">\n<td style=\"width: 46.147082%; height: 43px;\">Lou Haltinner<\/td>\n<td style=\"width: 53.852918%; height: 43px;\">Leona<\/td>\n<\/tr>\n<tr style=\"height: 34px;\">\n<td style=\"width: 46.147082%; height: 34px;\">Saladin Dellers<\/td>\n<td style=\"width: 53.852918%; height: 34px;\">S\u00f6ren<\/td>\n<\/tr>\n<tr style=\"height: 32px;\">\n<td style=\"width: 46.147082%; height: 32px;\">J\u00fcrg Pl\u00fcss<\/td>\n<td style=\"width: 53.852918%; height: 32px;\">Maul<\/td>\n<\/tr>\n<\/tbody>\n<\/table>\n<p>[\/vc_column_text][vc_column_text css=&#8221;.vc_custom_1691015681926{margin-top: -15px !important;padding-top: 12px !important;padding-right: 12px !important;padding-bottom: 12px !important;padding-left: 12px !important;background-color: #ffffff !important;border-radius: 5px !important;}&#8221;]<\/p>\n<table style=\"height: 170px; width: 100%; border-collapse: collapse;\">\n<tbody>\n<tr style=\"height: 45px;\">\n<td style=\"width: 46.147082%; height: 10px;\"><strong>The adults<\/strong><\/td>\n<td style=\"width: 53.852918%; height: 10px;\"><\/td>\n<\/tr>\n<tr style=\"height: 43px;\">\n<td style=\"width: 46.147082%; height: 30px;\">Nicolas Rosat<\/td>\n<td style=\"width: 53.852918%; height: 30px;\">Jochen<\/td>\n<\/tr>\n<tr style=\"height: 47px;\">\n<td style=\"width: 46.147082%; height: 12px;\">Timon Kiefer<\/td>\n<td style=\"width: 53.852918%; height: 12px;\">Lukas<\/td>\n<\/tr>\n<tr style=\"height: 41px;\">\n<td style=\"width: 46.147082%; height: 41px;\">Regula Imboden<\/td>\n<td style=\"width: 53.852918%; height: 41px;\">Eva<\/td>\n<\/tr>\n<tr style=\"height: 22px;\">\n<td style=\"width: 46.147082%; height: 43px;\">Nadim Ben Said<\/td>\n<td style=\"width: 53.852918%; height: 43px;\">Herr Michael<\/td>\n<\/tr>\n<tr style=\"height: 34px;\">\n<td style=\"width: 46.147082%; height: 34px;\">Sabrina Tannen<\/td>\n<td style=\"width: 53.852918%; height: 34px;\">Cornelia<\/td>\n<\/tr>\n<\/tbody>\n<\/table>\n<p>[\/vc_column_text][\/vc_column_inner][\/vc_row_inner][vc_row_inner][vc_column_inner][vc_single_image image=&#8221;95729&#8243; img_size=&#8221;full&#8221; onclick=&#8221;link_image&#8221;][\/vc_column_inner][\/vc_row_inner][\/vc_column][\/vc_row][vc_row][vc_column][vc_empty_space height=&#8221;12px&#8221;][vc_column_text css=&#8221;.vc_custom_1691054914352{margin-bottom: -12px !important;}&#8221;]<\/p>\n<h3>More information about actors<\/h3>\n<p>[\/vc_column_text][vc_empty_space height=&#8221;30px&#8221;][vc_row_inner][vc_column_inner width=&#8221;1\/5&#8243; css=&#8221;.vc_custom_1561290391124{border-right-width: -15px !important;}&#8221;][vc_single_image image=&#8221;95808&#8243; img_size=&#8221;full&#8221; onclick=&#8221;link_image&#8221;][\/vc_column_inner][vc_column_inner width=&#8221;4\/5&#8243;][vc_column_text css=&#8221;.vc_custom_1691053733797{margin-bottom: -15px !important;}&#8221;]<span style=\"font-size: 12pt;\"><strong>Lia von Blarer<\/strong> (Wanja)<\/span>[\/vc_column_text][vc_empty_space height=&#8221;35px&#8221;][vc_column_text]<\/p>\n<p class=\"EinfAbs\"><strong>Lia von Blarer<\/strong> studied acting in Rostock and Paris. Since graduating, she has worked as a theatre and film actress as well as an author and lives in Berlin.<\/p>\n<p>[\/vc_column_text][vc_column_text]<br \/>\nMost recently she appeared in J<strong>ulia von Heinz<\/strong> Mini&#8217;s series &#8220;<strong>Eldora-Do KaDeWe &#8211; Jetzt ist unsere Zeit<\/strong>&#8220;, <strong>Jan Gassmann<\/strong>&#8216;s feature film &#8220;<strong>99 Moons<\/strong>&#8221; and the theatre production <strong>G.O.U.L.E.<\/strong> by the directorial collective <strong>Prinzip Gonzo<\/strong> for the <strong>Th\u00e9\u00e2tre de la Manufacture Nancy<\/strong> and the <strong>Saarl\u00e4ndisches Staatstheater Saarbr\u00fccken<\/strong>.<br \/>\n[\/vc_column_text][\/vc_column_inner][\/vc_row_inner][vc_separator][vc_row_inner][vc_column_inner width=&#8221;1\/5&#8243; css=&#8221;.vc_custom_1561290391124{border-right-width: -15px !important;}&#8221;][vc_single_image image=&#8221;95812&#8243; img_size=&#8221;full&#8221; onclick=&#8221;link_image&#8221;][\/vc_column_inner][vc_column_inner width=&#8221;4\/5&#8243;][vc_column_text css=&#8221;.vc_custom_1691053747153{margin-bottom: -15px !important;}&#8221;]<span style=\"font-size: 12pt;\"><strong>Elsa Langn\u00e4se<\/strong> (Greta)<\/span>[\/vc_column_text][vc_empty_space height=&#8221;35px&#8221;][vc_column_text]<\/p>\n<p style=\"font-weight: 400;\"><strong>Elsa Langn\u00e4se<\/strong> grew up in Dresden and Zurich. She has been in front of the camera as an actress since 2009 and completed her acting studies in London in 2021.<\/p>\n<p>[\/vc_column_text][vc_column_text]<\/p>\n<p style=\"font-weight: 400;\">In 2018 she won the &#8220;<strong>Z\u00fcrcher Radio- und Fernsehpreis<\/strong>&#8221; with her role of <em>&#8220;Eveline Wyler&#8221;<\/em> for the first season of the series &#8220;<strong>NR47<\/strong>&#8220;.<\/p>\n<p>[\/vc_column_text][\/vc_column_inner][\/vc_row_inner][vc_separator][vc_row_inner][vc_column_inner width=&#8221;1\/5&#8243; css=&#8221;.vc_custom_1561290391124{border-right-width: -15px !important;}&#8221;][vc_single_image image=&#8221;95918&#8243; img_size=&#8221;full&#8221; onclick=&#8221;link_image&#8221;][\/vc_column_inner][vc_column_inner width=&#8221;4\/5&#8243;][vc_column_text css=&#8221;.vc_custom_1691053756369{margin-bottom: -15px !important;}&#8221;]<span style=\"font-size: 12pt;\"><strong>Saladin Dellers<\/strong> (S\u00f6ren)<\/span>[\/vc_column_text][vc_empty_space height=&#8221;35px&#8221;][vc_column_text]<\/p>\n<p style=\"font-weight: 400;\"><strong>Saladin Dellers<\/strong> gained his first experience as an actor at the <strong>Junge B\u00fchne Bern<\/strong>. From 2012 to 2016 he studied acting at the <strong>University of Arts<\/strong> in Graz.<\/p>\n<p>[\/vc_column_text][vc_column_text]<\/p>\n<p style=\"font-weight: 400;\"><strong>Saladin Dellers<\/strong> made his debut as a film actor in the feature film &#8220;<strong>Silberwald<\/strong>&#8220;. He was nominated for <em>Best Actor<\/em> at the <strong>Swiss Film Awards<\/strong> in 2012 for his role as Sascha. Numerous other film projects followed, such as &#8220;<strong>St\u00f6ffitown<\/strong>&#8221; (director: <strong>Christoph Schaub<\/strong>), &#8220;<strong>Der L\u00e4ufer<\/strong>&#8221; (director: <strong>Hannes Baumgartner<\/strong>) and &#8220;<strong>Golden Twenities<\/strong>&#8221; (director: <strong>Sophie Kluge<\/strong>).<\/p>\n<p>[\/vc_column_text][\/vc_column_inner][\/vc_row_inner][vc_separator][vc_row_inner][vc_column_inner width=&#8221;1\/5&#8243; css=&#8221;.vc_custom_1561290391124{border-right-width: -15px !important;}&#8221;][vc_single_image image=&#8221;95816&#8243; img_size=&#8221;full&#8221; onclick=&#8221;link_image&#8221;][\/vc_column_inner][vc_column_inner width=&#8221;4\/5&#8243;][vc_column_text css=&#8221;.vc_custom_1691053839489{margin-bottom: -15px !important;}&#8221;]<span style=\"font-size: 12pt;\"><strong>Lou Haltinner<\/strong> (Leona)<\/span>[\/vc_column_text][vc_empty_space height=&#8221;35px&#8221;][vc_column_text]<\/p>\n<p style=\"font-weight: 400;\"><strong>Lou Haltinner<\/strong> grew up in Switzerland. Her first encounter with theatre was at the <strong>jungen theatre basel<\/strong>, where she has been acting in various professional productions since 2015. Lou has also appeared in various theatre, dance, television and film productions. Most recently, she portrayed Elodie in the SRF series &#8220;Neumatt&#8221; and Leona in the feature film &#8220;<strong>Youth Topia<\/strong>&#8220;.<\/p>\n<p>[\/vc_column_text][vc_column_text]<\/p>\n<p style=\"font-weight: 400;\"><strong>Lou Haltinner<\/strong> has been studying acting at the <strong>Bern University of the Arts<\/strong> since 2021.<\/p>\n<p>[\/vc_column_text][\/vc_column_inner][\/vc_row_inner][vc_separator][vc_row_inner][vc_column_inner width=&#8221;1\/5&#8243; css=&#8221;.vc_custom_1561290391124{border-right-width: -15px !important;}&#8221;][vc_single_image image=&#8221;95821&#8243; img_size=&#8221;full&#8221; onclick=&#8221;link_image&#8221;][\/vc_column_inner][vc_column_inner width=&#8221;4\/5&#8243;][vc_column_text css=&#8221;.vc_custom_1691054544922{margin-bottom: -15px !important;}&#8221;]<span style=\"font-size: 12pt;\"><strong>J\u00fcrg Pl\u00fcss<\/strong> (Maul)<\/span>[\/vc_column_text][vc_empty_space height=&#8221;35px&#8221;][vc_column_text]<\/p>\n<p style=\"font-weight: 400;\"><strong>J\u00fcrg Pl\u00fcss<\/strong>, born in 1972 and raised in <strong>Untervaz<\/strong> (GR), came to acting late in life. After an apprenticeship as a railway dispatcher with the <strong>Rhaetian Railway<\/strong>, he finally ended up at the <strong>EFAS<\/strong> drama school in Zurich, from which he graduated in 2002.<\/p>\n<p>[\/vc_column_text][vc_column_text]<\/p>\n<p style=\"font-weight: 400;\">He was a long-time member of the <strong>Spl\u00e4tterlithe-Ater<\/strong> and is also often active in film and television. He has been seen in the 4th season of &#8220;<strong>Bestatter<\/strong>&#8221; or in the series &#8220;<strong>Seitentriebe<\/strong>&#8220;, as well as in cinema films such as &#8220;<strong>Ma-Rio<\/strong>&#8220;, &#8220;<strong>Youth Topia<\/strong>&#8221; or &#8220;<strong>Platzspitzbaby<\/strong>&#8220;.<\/p>\n<p>[\/vc_column_text][\/vc_column_inner][\/vc_row_inner][vc_separator][vc_row_inner][vc_column_inner width=&#8221;1\/5&#8243; css=&#8221;.vc_custom_1561290391124{border-right-width: -15px !important;}&#8221;][vc_single_image image=&#8221;95814&#8243; img_size=&#8221;full&#8221; onclick=&#8221;link_image&#8221;][\/vc_column_inner][vc_column_inner width=&#8221;4\/5&#8243;][vc_column_text css=&#8221;.vc_custom_1691054647285{margin-bottom: -15px !important;}&#8221;]<span style=\"font-size: 12pt;\"><strong>Nicolas Rosat<\/strong> (Wanjas Vater)<\/span>[\/vc_column_text][vc_empty_space height=&#8221;35px&#8221;][vc_column_text]<\/p>\n<p style=\"font-weight: 400;\"><strong>Nicolas Rosat<\/strong> studied acting at the <strong>Conservatory of Music and Theatre<\/strong> in Bern from 1984-1989. His engagements took him to the <strong>Theater Basel<\/strong>, <strong>Theater Bremen<\/strong> and the <strong>Schauspielhaus Hannover<\/strong>. From 2003-2006 and from 2009-2019 he was an ensemble member at the <strong>Schauspielhaus Zurich<\/strong>.<\/p>\n<p>[\/vc_column_text][vc_column_text]<\/p>\n<p style=\"font-weight: 400;\">He has acted in the films &#8220;<strong>Facing Mecca<\/strong>&#8221; by <strong>Jan Eric Mack<\/strong>, &#8220;<strong>Sami<\/strong>&#8220;, &#8220;<strong>Joe and I<\/strong>&#8221; by <strong>Karin Heberlein<\/strong> and in the four-part &#8220;<strong>Frieden<\/strong>&#8221; by <strong>Michael Schaerer<\/strong>.<\/p>\n<p>[\/vc_column_text][\/vc_column_inner][\/vc_row_inner][vc_separator][vc_row_inner][vc_column_inner width=&#8221;1\/5&#8243; css=&#8221;.vc_custom_1561290391124{border-right-width: -15px !important;}&#8221;][vc_single_image image=&#8221;95825&#8243; img_size=&#8221;full&#8221; onclick=&#8221;link_image&#8221;][\/vc_column_inner][vc_column_inner width=&#8221;4\/5&#8243;][vc_column_text css=&#8221;.vc_custom_1691054893695{margin-bottom: -15px !important;}&#8221;]<span style=\"font-size: 12pt;\"><strong>Timon Kiefer<\/strong> (Lukas)<\/span>[\/vc_column_text][vc_empty_space height=&#8221;35px&#8221;][vc_column_text]<\/p>\n<p style=\"font-weight: 400;\"><strong>Timon Kiefer<\/strong> gained his first set experience with a supporting role in the feature film &#8220;<strong>Blue My Mind<\/strong>&#8221; (2017). After further supporting roles in short films such as &#8220;<strong>Diversity Exists<\/strong>&#8221; and &#8220;<strong>Elephant in the Room<\/strong>&#8220;, he appeared in commercials.<\/p>\n<p>[\/vc_column_text][vc_column_text]<\/p>\n<p style=\"font-weight: 400;\">He was in the top 10 at the 2018 Talentscreen Awards. Shortly after, he starred in <strong>Baba Shrimp<\/strong>&#8216;s music video &#8220;<strong>Road to Rome<\/strong>&#8221; before landing the role of Luke in the 2021 feature film &#8220;<strong>Youth Topia<\/strong>&#8220;.<\/p>\n<p>[\/vc_column_text][\/vc_column_inner][\/vc_row_inner][vc_separator][vc_column_text]<\/p>\n<p style=\"font-weight: 400; text-align: center;\"><strong>When AI decides about growing up.<\/strong><\/p>\n<p>[\/vc_column_text][vc_single_image image=&#8221;95723&#8243; img_size=&#8221;full&#8221;][\/vc_column][\/vc_row][vc_row][vc_column][vc_separator el_id=&#8221;trailer-deutsch&#8221;][vc_video link=&#8221;https:\/\/youtu.be\/m0R97YRr4LY&#8221; title=&#8221;Youth Topia | Trailer (German with English subs)\u1d34\u1d30&#8221;][vc_empty_space height=&#8221;10px&#8221;][vc_column_text]<span style=\"font-size: 18pt;\">Comments about the movie<\/span><\/p>\n<p><em>&#8220;Dennis Stormer&#8217;s film is a successful satire of society (&#8230;). It presents a reality that could just as well have been taken from the well-known series &#8220;Black Mirror&#8221;. &#8220;Youth Topia&#8221; fulfils its purpose: to build a bridge between generations. Dreamy, dystopian, yet deeply real, the film encourages the audience to think about what kind of adults we want to become.&#8221;<\/em> (<strong>Alejandro Manjon<\/strong>, www.cineman.ch)<\/p>\n<p><em>&#8220;Stormer and co-writer Marisa Meier have created an original dystopia about growing older and wanting to stay young with Youth Topia.&#8221;<\/em> (<strong>Aline Locher<\/strong>, www.maximumcinema.ch)<br \/>\n[\/vc_column_text][\/vc_column][\/vc_row][vc_row][vc_column][vc_separator css=&#8221;.vc_custom_1560377795279{margin-top: 15px !important;}&#8221;][vc_empty_space height=&#8221;5px&#8221;][\/vc_column][\/vc_row][vc_row][vc_column][vc_column_text]<\/p>\n<h2><span style=\"font-family: arial, helvetica, sans-serif;\">News<\/span><\/h2>\n<p>[\/vc_column_text]<style type=\"text\/css\" data-type=\"the7_shortcodes-inline-css\">.blog-shortcode.blog-masonry-shortcode-id-6d7c3e564cb88de8c2426df68f2d1f30.dividers-on.classic-layout-list article {\n  padding-top: 0;\n}\n.blog-shortcode.blog-masonry-shortcode-id-6d7c3e564cb88de8c2426df68f2d1f30.dividers-on.classic-layout-list article:first-of-type {\n  margin-top: 0;\n  padding-top: 0;\n}\n.blog-shortcode.blog-masonry-shortcode-id-6d7c3e564cb88de8c2426df68f2d1f30.classic-layout-list.mode-list .post-entry-content {\n  width: calc(100% - );\n}\n.blog-shortcode.blog-masonry-shortcode-id-6d7c3e564cb88de8c2426df68f2d1f30.classic-layout-list.mode-list .no-img .post-entry-content {\n  width: 100%;\n}\n.blog-shortcode.blog-masonry-shortcode-id-6d7c3e564cb88de8c2426df68f2d1f30 .filter-bg-decoration .filter-categories a.act {\n  color: #fff;\n}\n.blog-shortcode.blog-masonry-shortcode-id-6d7c3e564cb88de8c2426df68f2d1f30:not(.mode-masonry) article:first-of-type,\n.blog-shortcode.blog-masonry-shortcode-id-6d7c3e564cb88de8c2426df68f2d1f30:not(.mode-masonry) article.visible.first:not(.product) {\n  margin-top: 0;\n}\n.blog-shortcode.blog-masonry-shortcode-id-6d7c3e564cb88de8c2426df68f2d1f30.dividers-on:not(.mode-masonry) article {\n  margin-top: 0;\n}\n.blog-shortcode.blog-masonry-shortcode-id-6d7c3e564cb88de8c2426df68f2d1f30.dividers-on:not(.mode-masonry) article:first-of-type,\n.blog-shortcode.blog-masonry-shortcode-id-6d7c3e564cb88de8c2426df68f2d1f30.dividers-on:not(.mode-masonry) article.visible.first:not(.product) {\n  margin-top: 0;\n  padding-top: 0;\n}\n.blog-shortcode.blog-masonry-shortcode-id-6d7c3e564cb88de8c2426df68f2d1f30 .post-thumbnail-wrap {\n  padding: 0px 0px 0px 0px;\n}\n.blog-shortcode.blog-masonry-shortcode-id-6d7c3e564cb88de8c2426df68f2d1f30.enable-bg-rollover .post-thumbnail-rollover:after {\n  background: -webkit-linear-gradient();\n  background: linear-gradient();\n}\n.blog-shortcode.blog-masonry-shortcode-id-6d7c3e564cb88de8c2426df68f2d1f30 .gallery-zoom-ico {\n  width: 44px;\n  height: 44px;\n  line-height: 44px;\n  border-radius: 100px;\n  margin: -22px 0 0 -22px;\n  border-width: 0px;\n  color: #ffffff;\n}\n.bottom-overlap-layout-list.blog-shortcode.blog-masonry-shortcode-id-6d7c3e564cb88de8c2426df68f2d1f30 .gallery-zoom-ico {\n  margin-top: -72px;\n}\n.gradient-overlay-layout-list.blog-shortcode.blog-masonry-shortcode-id-6d7c3e564cb88de8c2426df68f2d1f30 .gallery-zoom-ico,\n.content-rollover-layout-list.blog-shortcode.blog-masonry-shortcode-id-6d7c3e564cb88de8c2426df68f2d1f30 .gallery-zoom-ico {\n  margin: 0 0 10px;\n}\n.content-align-center.gradient-overlay-layout-list.blog-shortcode.blog-masonry-shortcode-id-6d7c3e564cb88de8c2426df68f2d1f30 .gallery-zoom-ico,\n.content-align-center.content-rollover-layout-list.blog-shortcode.blog-masonry-shortcode-id-6d7c3e564cb88de8c2426df68f2d1f30 .gallery-zoom-ico {\n  margin: 0 auto 10px;\n}\n.dt-icon-bg-on.blog-shortcode.blog-masonry-shortcode-id-6d7c3e564cb88de8c2426df68f2d1f30 .gallery-zoom-ico {\n  background: rgba(255,255,255,0.3);\n  box-shadow: none;\n}\n.blog-shortcode.blog-masonry-shortcode-id-6d7c3e564cb88de8c2426df68f2d1f30 .gallery-zoom-ico > span,\n.blog-shortcode.blog-masonry-shortcode-id-6d7c3e564cb88de8c2426df68f2d1f30 .gallery-zoom-ico:before {\n  font-size: 32px;\n  line-height: 44px;\n}\n.blog-shortcode.blog-masonry-shortcode-id-6d7c3e564cb88de8c2426df68f2d1f30 .gallery-zoom-ico > span,\n.blog-shortcode.blog-masonry-shortcode-id-6d7c3e564cb88de8c2426df68f2d1f30 .gallery-zoom-ico:before {\n  color: #ffffff;\n}\n.blog-shortcode.blog-masonry-shortcode-id-6d7c3e564cb88de8c2426df68f2d1f30 .entry-title,\n.blog-shortcode.blog-masonry-shortcode-id-6d7c3e564cb88de8c2426df68f2d1f30.owl-carousel .entry-title {\n  margin-bottom: 5px;\n  font-weight: bold;\n}\n.blog-shortcode.blog-masonry-shortcode-id-6d7c3e564cb88de8c2426df68f2d1f30 .entry-meta {\n  margin-bottom: 15px;\n}\n.blog-shortcode.blog-masonry-shortcode-id-6d7c3e564cb88de8c2426df68f2d1f30 .portfolio-categories {\n  margin-bottom: 15px;\n}\n.blog-shortcode.blog-masonry-shortcode-id-6d7c3e564cb88de8c2426df68f2d1f30 .entry-excerpt {\n  margin-bottom: 5px;\n}\n.blog-shortcode.blog-masonry-shortcode-id-6d7c3e564cb88de8c2426df68f2d1f30:not(.centered-layout-list) .post-entry-content {\n  padding: 25px 30px 30px 30px;\n}\n.blog-shortcode.blog-masonry-shortcode-id-6d7c3e564cb88de8c2426df68f2d1f30:not(.centered-layout-list):not(.content-bg-on):not(.mode-list) .no-img .post-entry-content {\n  padding: 0;\n}\n@media screen and (max-width: ) {\n  .blog-shortcode.blog-masonry-shortcode-id-6d7c3e564cb88de8c2426df68f2d1f30 article {\n    -ms-flex-flow: column nowrap;\n    flex-flow: column nowrap;\n    margin-top: 20px;\n  }\n  .blog-shortcode.blog-masonry-shortcode-id-6d7c3e564cb88de8c2426df68f2d1f30.dividers-on article {\n    border: none;\n  }\n  .blog-shortcode.blog-masonry-shortcode-id-6d7c3e564cb88de8c2426df68f2d1f30.content-bg-on.centered-layout-list article {\n    padding: 0;\n  }\n  .blog-shortcode.blog-masonry-shortcode-id-6d7c3e564cb88de8c2426df68f2d1f30.blog-shortcode.dividers-on article,\n  .blog-shortcode.blog-masonry-shortcode-id-6d7c3e564cb88de8c2426df68f2d1f30.dividers-on.classic-layout-list article {\n    margin-top: 20px;\n    padding: 0;\n  }\n  .blog-shortcode.blog-masonry-shortcode-id-6d7c3e564cb88de8c2426df68f2d1f30.blog-shortcode.dividers-on article:first-of-type,\n  .blog-shortcode.blog-masonry-shortcode-id-6d7c3e564cb88de8c2426df68f2d1f30.dividers-on.classic-layout-list article:first-of-type {\n    padding: 0;\n  }\n  #page .blog-shortcode.blog-masonry-shortcode-id-6d7c3e564cb88de8c2426df68f2d1f30 .post-thumbnail-wrap,\n  #page .blog-shortcode.blog-masonry-shortcode-id-6d7c3e564cb88de8c2426df68f2d1f30 .post-entry-content {\n    width: 100%;\n    margin: 0;\n    top: 0;\n  }\n  #page .blog-shortcode.blog-masonry-shortcode-id-6d7c3e564cb88de8c2426df68f2d1f30 .post-thumbnail-wrap {\n    padding: 0;\n  }\n  #page .blog-shortcode.blog-masonry-shortcode-id-6d7c3e564cb88de8c2426df68f2d1f30 .post-entry-content:after {\n    display: none;\n  }\n  #page .blog-shortcode.blog-masonry-shortcode-id-6d7c3e564cb88de8c2426df68f2d1f30 .project-even .post-thumbnail-wrap,\n  #page .blog-shortcode.blog-masonry-shortcode-id-6d7c3e564cb88de8c2426df68f2d1f30.centered-layout-list .post-thumbnail-wrap {\n    -ms-flex-order: 0;\n    order: 0;\n  }\n  #page .blog-shortcode.blog-masonry-shortcode-id-6d7c3e564cb88de8c2426df68f2d1f30.centered-layout-list .post-entry-title-content {\n    -ms-flex-order: 1;\n    order: 1;\n    width: 100%;\n    padding: 20px 20px 0;\n  }\n  #page .blog-shortcode.blog-masonry-shortcode-id-6d7c3e564cb88de8c2426df68f2d1f30.centered-layout-list .post-entry-content {\n    -ms-flex-order: 2;\n    order: 2;\n    padding-top: 0;\n  }\n  #page .blog-shortcode.blog-masonry-shortcode-id-6d7c3e564cb88de8c2426df68f2d1f30 .fancy-categories {\n    top: 10px;\n    left: 10px;\n    bottom: auto;\n    right: auto;\n  }\n  #page .blog-shortcode.blog-masonry-shortcode-id-6d7c3e564cb88de8c2426df68f2d1f30 .fancy-date a {\n    top: 10px;\n    right: 10px;\n    left: auto;\n    bottom: auto;\n  }\n  #page .blog-shortcode.blog-masonry-shortcode-id-6d7c3e564cb88de8c2426df68f2d1f30 .post-entry-content {\n    padding: 20px;\n  }\n  #page .blog-shortcode.blog-masonry-shortcode-id-6d7c3e564cb88de8c2426df68f2d1f30 .entry-title {\n    margin: 3px 0 5px;\n    font-size: 20px;\n    line-height: 26px;\n  }\n  #page .blog-shortcode.blog-masonry-shortcode-id-6d7c3e564cb88de8c2426df68f2d1f30 .entry-meta {\n    margin: 5px 0 5px;\n  }\n  #page .blog-shortcode.blog-masonry-shortcode-id-6d7c3e564cb88de8c2426df68f2d1f30 .entry-excerpt {\n    margin: 15px 0 0;\n  }\n  #page .blog-shortcode.blog-masonry-shortcode-id-6d7c3e564cb88de8c2426df68f2d1f30 .post-details {\n    margin: 5px 0 10px;\n  }\n  #page .blog-shortcode.blog-masonry-shortcode-id-6d7c3e564cb88de8c2426df68f2d1f30 .post-details.details-type-link {\n    margin-bottom: 2px;\n  }\n}\n.blog-shortcode.blog-masonry-shortcode-id-6d7c3e564cb88de8c2426df68f2d1f30:not(.resize-by-browser-width) .dt-css-grid {\n  grid-row-gap: 30px;\n  grid-column-gap: 30px;\n  grid-template-columns: repeat(auto-fill,minmax(,1fr));\n}\n.blog-shortcode.blog-masonry-shortcode-id-6d7c3e564cb88de8c2426df68f2d1f30:not(.resize-by-browser-width) .dt-css-grid .double-width {\n  grid-column: span 2;\n}\n.cssgridlegacy.no-cssgrid .blog-shortcode.blog-masonry-shortcode-id-6d7c3e564cb88de8c2426df68f2d1f30:not(.resize-by-browser-width) .dt-css-grid,\n.no-cssgridlegacy.no-cssgrid .blog-shortcode.blog-masonry-shortcode-id-6d7c3e564cb88de8c2426df68f2d1f30:not(.resize-by-browser-width) .dt-css-grid {\n  display: flex;\n  flex-flow: row wrap;\n  margin: -15px;\n}\n.cssgridlegacy.no-cssgrid .blog-shortcode.blog-masonry-shortcode-id-6d7c3e564cb88de8c2426df68f2d1f30:not(.resize-by-browser-width) .dt-css-grid .wf-cell,\n.no-cssgridlegacy.no-cssgrid .blog-shortcode.blog-masonry-shortcode-id-6d7c3e564cb88de8c2426df68f2d1f30:not(.resize-by-browser-width) .dt-css-grid .wf-cell {\n  flex: 1 0 ;\n  max-width: 100%;\n  padding: 15px;\n  box-sizing: border-box;\n}\n.blog-shortcode.blog-masonry-shortcode-id-6d7c3e564cb88de8c2426df68f2d1f30.resize-by-browser-width .dt-css-grid {\n  grid-template-columns: repeat(2,1fr);\n  grid-template-rows: auto;\n  grid-column-gap: 30px;\n  grid-row-gap: 30px;\n}\n.blog-shortcode.blog-masonry-shortcode-id-6d7c3e564cb88de8c2426df68f2d1f30.resize-by-browser-width .dt-css-grid .double-width {\n  grid-column: span 2;\n}\n.cssgridlegacy.no-cssgrid .blog-shortcode.blog-masonry-shortcode-id-6d7c3e564cb88de8c2426df68f2d1f30.resize-by-browser-width .dt-css-grid {\n  margin: -15px;\n}\n.cssgridlegacy.no-cssgrid .blog-shortcode.blog-masonry-shortcode-id-6d7c3e564cb88de8c2426df68f2d1f30.resize-by-browser-width .dt-css-grid .wf-cell {\n  width: 50%;\n  padding: 15px;\n}\n.cssgridlegacy.no-cssgrid .blog-shortcode.blog-masonry-shortcode-id-6d7c3e564cb88de8c2426df68f2d1f30.resize-by-browser-width .dt-css-grid .wf-cell.double-width {\n  width: calc(50%) * 2;\n}\n.blog-shortcode.blog-masonry-shortcode-id-6d7c3e564cb88de8c2426df68f2d1f30.resize-by-browser-width:not(.centered-layout-list):not(.content-bg-on) .dt-css-grid {\n  grid-row-gap: 0px;\n}\n@media screen and (max-width: 1199px) {\n  .blog-shortcode.blog-masonry-shortcode-id-6d7c3e564cb88de8c2426df68f2d1f30.resize-by-browser-width .dt-css-grid {\n    grid-template-columns: repeat(2,1fr);\n  }\n  .cssgridlegacy.no-cssgrid .blog-shortcode.blog-masonry-shortcode-id-6d7c3e564cb88de8c2426df68f2d1f30.resize-by-browser-width .dt-css-grid .wf-cell,\n  .no-cssgridlegacy.no-cssgrid .blog-shortcode.blog-masonry-shortcode-id-6d7c3e564cb88de8c2426df68f2d1f30.resize-by-browser-width .dt-css-grid .wf-cell {\n    width: 50%;\n  }\n  .cssgridlegacy.no-cssgrid .blog-shortcode.blog-masonry-shortcode-id-6d7c3e564cb88de8c2426df68f2d1f30.resize-by-browser-width .dt-css-grid .wf-cell.double-width,\n  .no-cssgridlegacy.no-cssgrid .blog-shortcode.blog-masonry-shortcode-id-6d7c3e564cb88de8c2426df68f2d1f30.resize-by-browser-width .dt-css-grid .wf-cell.double-width {\n    width: calc(50%)*2;\n  }\n}\n@media screen and (max-width: 991px) {\n  .blog-shortcode.blog-masonry-shortcode-id-6d7c3e564cb88de8c2426df68f2d1f30.resize-by-browser-width .dt-css-grid {\n    grid-template-columns: repeat(1,1fr);\n  }\n  .cssgridlegacy.no-cssgrid .blog-shortcode.blog-masonry-shortcode-id-6d7c3e564cb88de8c2426df68f2d1f30.resize-by-browser-width .dt-css-grid .wf-cell,\n  .no-cssgridlegacy.no-cssgrid .blog-shortcode.blog-masonry-shortcode-id-6d7c3e564cb88de8c2426df68f2d1f30.resize-by-browser-width .dt-css-grid .wf-cell {\n    width: 100%;\n  }\n  .cssgridlegacy.no-cssgrid .blog-shortcode.blog-masonry-shortcode-id-6d7c3e564cb88de8c2426df68f2d1f30.resize-by-browser-width .dt-css-grid .wf-cell.double-width,\n  .no-cssgridlegacy.no-cssgrid .blog-shortcode.blog-masonry-shortcode-id-6d7c3e564cb88de8c2426df68f2d1f30.resize-by-browser-width .dt-css-grid .wf-cell.double-width {\n    width: calc(100%)*2;\n  }\n}\n@media screen and (max-width: 767px) {\n  .blog-shortcode.blog-masonry-shortcode-id-6d7c3e564cb88de8c2426df68f2d1f30.resize-by-browser-width .dt-css-grid {\n    grid-template-columns: repeat(1,1fr);\n  }\n  .blog-shortcode.blog-masonry-shortcode-id-6d7c3e564cb88de8c2426df68f2d1f30.resize-by-browser-width .dt-css-grid .double-width {\n    grid-column: span 1;\n  }\n  .cssgridlegacy.no-cssgrid .blog-shortcode.blog-masonry-shortcode-id-6d7c3e564cb88de8c2426df68f2d1f30.resize-by-browser-width .dt-css-grid .wf-cell,\n  .no-cssgridlegacy.no-cssgrid .blog-shortcode.blog-masonry-shortcode-id-6d7c3e564cb88de8c2426df68f2d1f30.resize-by-browser-width .dt-css-grid .wf-cell {\n    width: 100%;\n  }\n  .cssgridlegacy.no-cssgrid .blog-shortcode.blog-masonry-shortcode-id-6d7c3e564cb88de8c2426df68f2d1f30.resize-by-browser-width .dt-css-grid .wf-cell.double-width,\n  .no-cssgridlegacy.no-cssgrid .blog-shortcode.blog-masonry-shortcode-id-6d7c3e564cb88de8c2426df68f2d1f30.resize-by-browser-width .dt-css-grid .wf-cell.double-width {\n    width: calc(100%)*2;\n  }\n}<\/style><div class=\"blog-shortcode blog-masonry-shortcode-id-6d7c3e564cb88de8c2426df68f2d1f30 mode-grid classic-layout-list content-bg-on jquery-filter scale-img dt-css-grid-wrap dt-icon-bg-off resize-by-browser-width loading-effect-none description-under-image \" data-padding=\"15px\" data-cur-page=\"1\" data-post-limit=\"-1\" data-pagination-mode=\"none\" data-desktop-columns-num=\"2\" data-v-tablet-columns-num=\"1\" data-h-tablet-columns-num=\"2\" data-phone-columns-num=\"1\" data-width=\"0px\" data-columns=\"0\"><div class=\"dt-css-grid\" ><div class=\"visible wf-cell\" data-post-id=\"96084\" data-date=\"2023-08-18T15:59:18+00:00\" data-name=\"\ud83c\udfac Premiere of &quot;Youth Topia&quot; by Dennis Stormer at City Kino Wedding in Berlin\"><article class=\"post project-odd visible post-96084 type-post status-publish format-standard has-post-thumbnail hentry category-artkeim-en category-cinema category-film-en category-film-distribution-en category-news-en category-world-sales tag-algorithmus-en tag-artkeim-en tag-city-kino-wedding-en tag-dennis-stormer-en tag-elsa-langnaese-en tag-lia-von-blarer-en tag-lou-haltinner-en tag-marisa-meier-en tag-saladin-dellers-en tag-tellfilm-en tag-youth-topia-en category-570 category-1011 category-942 category-15326 category-941 category-7530\" data-name=\"\ud83c\udfac Premiere of &#8220;Youth Topia&#8221; by Dennis Stormer at City Kino Wedding in Berlin\" data-date=\"2023-08-18T15:59:18+00:00\">\n\n<div class=\"post-thumbnail-wrap\">\n\t<div class=\"post-thumbnail\">\n\t\t\n\t\t\n\t\t<a href=\"https:\/\/ucm.one\/en\/premiere-of-youth-topia-by-dennis-stormer-at-city-kino-wedding-in-berlin\/\" class=\"post-thumbnail-rollover layzr-bg layzr-bg\" ><img decoding=\"async\" class=\"iso-lazy-load preload-me iso-lazy-load aspect\" src=\"data:image\/svg+xml,%3Csvg%20xmlns%3D&#39;http%3A%2F%2Fwww.w3.org%2F2000%2Fsvg&#39;%20viewBox%3D&#39;0%200%20990%20309&#39;%2F%3E\" data-src=\"https:\/\/ucm.one\/wp-content\/uploads\/2023\/08\/YouthTopia-Banner-Premiere-1920x600-1-990x309.jpeg\" data-srcset=\"https:\/\/ucm.one\/wp-content\/uploads\/2023\/08\/YouthTopia-Banner-Premiere-1920x600-1-990x309.jpeg 990w, https:\/\/ucm.one\/wp-content\/uploads\/2023\/08\/YouthTopia-Banner-Premiere-1920x600-1-1485x464.jpeg 1485w\" loading=\"eager\" style=\"--ratio: 990 \/ 309\" sizes=\"(max-width: 990px) 100vw, 990px\" alt=\"\" title=\"YouthTopia Banner Premiere 1920&#215;600\" width=\"990\" height=\"309\"  \/><\/a>\t<\/div>\n<\/div>\n\n\n<div class=\"post-entry-content\">\n\n\t<h3 class=\"entry-title\">\n\t\t<a href=\"https:\/\/ucm.one\/en\/premiere-of-youth-topia-by-dennis-stormer-at-city-kino-wedding-in-berlin\/\" title=\"\ud83c\udfac Premiere of &#8220;Youth Topia&#8221; by Dennis Stormer at City Kino Wedding in Berlin\" rel=\"bookmark\">\ud83c\udfac Premiere of &#8220;Youth Topia&#8221; by Dennis Stormer at City Kino Wedding in Berlin<\/a>\n\t<\/h3>\n\n\t<div class=\"entry-meta\"><span class=\"category-link\"><a href=\"https:\/\/ucm.one\/en\/category\/news-en\/film-en\/artkeim-en\/\" >Artkeim\u00b2<\/a>, <a href=\"https:\/\/ucm.one\/en\/category\/news-en\/cinema\/\" >Cinema<\/a>, <a href=\"https:\/\/ucm.one\/en\/category\/news-en\/film-en\/\" >Film<\/a>, <a href=\"https:\/\/ucm.one\/en\/category\/news-en\/media-distribution-en\/film-distribution-en\/\" >Film Distribution<\/a>, <a href=\"https:\/\/ucm.one\/en\/category\/news-en\/\" >News<\/a>, <a href=\"https:\/\/ucm.one\/en\/category\/news-en\/movie-distribution\/world-sales\/\" >World Sales<\/a><\/span><a class=\"author vcard\" href=\"\" title=\"View all posts by Joachim Keil\" rel=\"author\">By <span class=\"fn\">Joachim Keil<\/span><\/a><a href=\"https:\/\/ucm.one\/en\/2023\/08\/18\/\" title=\"15:59\" class=\"data-link\" rel=\"bookmark\"><time class=\"entry-date updated\" datetime=\"2023-08-18T15:59:18+00:00\">18. August 2023<\/time><\/a><\/div>\n\t<div class=\"entry-excerpt\"><p>[vc_row][vc_column][vc_column_text] Last night, the City Kino Wedding in Berlin hosted the theatrical release premiere of the film &#8220;Youth Topia&#8221; (Artkeim\u00b2) by Dennis Stormer. Actors, film crew and guests came together to celebrate the launch of this film, which is now being shown nationwide on the UCM.ONE film distribution label Artkeim\u00b2. [\/vc_column_text][\/vc_column][\/vc_row][vc_row][vc_column width=&#8221;1\/2&#8243;][vc_column_text] &#8220;Youth Topia&#8221; takes&hellip;<\/p>\n<\/div>\n\t\n<a href=\"https:\/\/ucm.one\/en\/premiere-of-youth-topia-by-dennis-stormer-at-city-kino-wedding-in-berlin\/\" class=\"post-details details-type-link\" aria-label=\"Read more about \ud83c\udfac Premiere of &#8220;Youth Topia&#8221; by Dennis Stormer at City Kino Wedding in Berlin\">Mehr lesen<i class=\"dt-icon-the7-arrow-03\" aria-hidden=\"true\"><\/i><\/a>\n\n<\/div><\/article><\/div><div class=\"visible wf-cell\" data-post-id=\"96038\" data-date=\"2023-08-17T21:36:47+00:00\" data-name=\"\ud83c\udfac &quot;Youth Topia&quot; by Dennis Stormer launches in theaters nationwide on the Artkeim\u00b2 label\"><article class=\"post project-odd visible post-96038 type-post status-publish format-standard has-post-thumbnail hentry category-artkeim-en category-cinema category-film-en category-film-distribution-en category-news-en category-world-sales tag-algorithmus-en tag-artkeim-en tag-city-kino-wedding-en tag-dennis-stormer-en tag-elsa-langnaese-en tag-lia-von-blarer-en tag-lou-haltinner-en tag-marisa-meier-en tag-saladin-dellers-en tag-tellfilm-en tag-youth-topia-en category-570 category-1011 category-942 category-15326 category-941 category-7530\" data-name=\"\ud83c\udfac &#8220;Youth Topia&#8221; by Dennis Stormer launches in theaters nationwide on the Artkeim\u00b2 label\" data-date=\"2023-08-17T21:36:47+00:00\">\n\n<div class=\"post-thumbnail-wrap\">\n\t<div class=\"post-thumbnail\">\n\t\t\n\t\t\n\t\t<a href=\"https:\/\/ucm.one\/en\/youth-topia-by-dennis-stormer-launches-in-theaters-nationwide-on-the-artkeim%c2%b2-label\/\" class=\"post-thumbnail-rollover layzr-bg layzr-bg\" ><img decoding=\"async\" class=\"iso-lazy-load preload-me iso-lazy-load aspect\" src=\"data:image\/svg+xml,%3Csvg%20xmlns%3D&#39;http%3A%2F%2Fwww.w3.org%2F2000%2Fsvg&#39;%20viewBox%3D&#39;0%200%20990%20309&#39;%2F%3E\" data-src=\"https:\/\/ucm.one\/wp-content\/uploads\/2023\/08\/YouthTopia-Kinostart-EN-1920x600-2-990x309.jpeg\" data-srcset=\"https:\/\/ucm.one\/wp-content\/uploads\/2023\/08\/YouthTopia-Kinostart-EN-1920x600-2-990x309.jpeg 990w, https:\/\/ucm.one\/wp-content\/uploads\/2023\/08\/YouthTopia-Kinostart-EN-1920x600-2-1485x464.jpeg 1485w\" loading=\"eager\" style=\"--ratio: 990 \/ 309\" sizes=\"(max-width: 990px) 100vw, 990px\" alt=\"\" title=\"YouthTopia Kinostart EN 1920&#215;600\" width=\"990\" height=\"309\"  \/><\/a>\t<\/div>\n<\/div>\n\n\n<div class=\"post-entry-content\">\n\n\t<h3 class=\"entry-title\">\n\t\t<a href=\"https:\/\/ucm.one\/en\/youth-topia-by-dennis-stormer-launches-in-theaters-nationwide-on-the-artkeim%c2%b2-label\/\" title=\"\ud83c\udfac &#8220;Youth Topia&#8221; by Dennis Stormer launches in theaters nationwide on the Artkeim\u00b2 label\" rel=\"bookmark\">\ud83c\udfac &#8220;Youth Topia&#8221; by Dennis Stormer launches in theaters nationwide on the Artkeim\u00b2 label<\/a>\n\t<\/h3>\n\n\t<div class=\"entry-meta\"><span class=\"category-link\"><a href=\"https:\/\/ucm.one\/en\/category\/news-en\/film-en\/artkeim-en\/\" >Artkeim\u00b2<\/a>, <a href=\"https:\/\/ucm.one\/en\/category\/news-en\/cinema\/\" >Cinema<\/a>, <a href=\"https:\/\/ucm.one\/en\/category\/news-en\/film-en\/\" >Film<\/a>, <a href=\"https:\/\/ucm.one\/en\/category\/news-en\/media-distribution-en\/film-distribution-en\/\" >Film Distribution<\/a>, <a href=\"https:\/\/ucm.one\/en\/category\/news-en\/\" >News<\/a>, <a href=\"https:\/\/ucm.one\/en\/category\/news-en\/movie-distribution\/world-sales\/\" >World Sales<\/a><\/span><a class=\"author vcard\" href=\"\" title=\"View all posts by Joachim Keil\" rel=\"author\">By <span class=\"fn\">Joachim Keil<\/span><\/a><a href=\"https:\/\/ucm.one\/en\/2023\/08\/17\/\" title=\"21:36\" class=\"data-link\" rel=\"bookmark\"><time class=\"entry-date updated\" datetime=\"2023-08-17T21:36:47+00:00\">17. August 2023<\/time><\/a><\/div>\n\t<div class=\"entry-excerpt\"><p>[vc_row][vc_column][vc_column_text] In the film distribution of UCM.ONE on the Artkeim\u00b2 label, the film &#8220;Youth Topia&#8221; by Dennis Stormer opens nationwide today. The premiere will take place at 7pm at Berlin&#8217;s City Kino Wedding, and the entire film team will be present. [\/vc_column_text][\/vc_column][\/vc_row][vc_row][vc_column width=&#8221;3\/4&#8243;][vc_column_text] &#8220;Youth Topia&#8221; takes viewers into a not-too-distant future in which an algorithm&hellip;<\/p>\n<\/div>\n\t\n<a href=\"https:\/\/ucm.one\/en\/youth-topia-by-dennis-stormer-launches-in-theaters-nationwide-on-the-artkeim%c2%b2-label\/\" class=\"post-details details-type-link\" aria-label=\"Read more about \ud83c\udfac &#8220;Youth Topia&#8221; by Dennis Stormer launches in theaters nationwide on the Artkeim\u00b2 label\">Mehr lesen<i class=\"dt-icon-the7-arrow-03\" aria-hidden=\"true\"><\/i><\/a>\n\n<\/div><\/article><\/div><div class=\"visible wf-cell\" data-post-id=\"95653\" data-date=\"2023-08-02T00:01:57+00:00\" data-name=\"\ud83c\udfac UCM.ONE is part of the 76th edition of the Locarno Film Festival\"><article class=\"post project-odd visible post-95653 type-post status-publish format-standard has-post-thumbnail hentry category-artkeim-en category-company-en category-darling-berlin category-film-en category-movie-distribution category-news-en category-nonfy-documentaries-en tag-artkeim-en tag-darling-berlin-en tag-festival-del-film-locarno-en tag-film-festival-locarno-en tag-filmfestival-2 tag-filmfestival-en tag-goldener-leopard-en tag-lili-hinstins-2 tag-locarno-en tag-nonfy-en tag-nonfy-documentaries-en tag-piazza-grande-en tag-schweiz-en tag-switzerland tag-ucm-one-en tag-youth-topia-en category-570 category-5599 category-22 category-942 category-4630 category-941 category-4627\" data-name=\"\ud83c\udfac UCM.ONE is part of the 76th edition of the Locarno Film Festival\" data-date=\"2023-08-02T00:01:57+00:00\">\n\n<div class=\"post-thumbnail-wrap\">\n\t<div class=\"post-thumbnail\">\n\t\t\n\t\t\n\t\t<a href=\"https:\/\/ucm.one\/en\/ucm-one-is-part-of-the-76th-edition-of-the-locarno-film-festival\/\" class=\"post-thumbnail-rollover layzr-bg layzr-bg\" ><img decoding=\"async\" class=\"iso-lazy-load preload-me iso-lazy-load aspect\" src=\"data:image\/svg+xml,%3Csvg%20xmlns%3D&#39;http%3A%2F%2Fwww.w3.org%2F2000%2Fsvg&#39;%20viewBox%3D&#39;0%200%20990%20309&#39;%2F%3E\" data-src=\"https:\/\/ucm.one\/wp-content\/uploads\/2023\/07\/B-Locarno-2023-990x309.jpg\" data-srcset=\"https:\/\/ucm.one\/wp-content\/uploads\/2023\/07\/B-Locarno-2023-990x309.jpg 990w, https:\/\/ucm.one\/wp-content\/uploads\/2023\/07\/B-Locarno-2023-1485x464.jpg 1485w\" loading=\"eager\" style=\"--ratio: 990 \/ 309\" sizes=\"(max-width: 990px) 100vw, 990px\" alt=\"\" title=\"B Locarno 2023\" width=\"990\" height=\"309\"  \/><\/a>\t<\/div>\n<\/div>\n\n\n<div class=\"post-entry-content\">\n\n\t<h3 class=\"entry-title\">\n\t\t<a href=\"https:\/\/ucm.one\/en\/ucm-one-is-part-of-the-76th-edition-of-the-locarno-film-festival\/\" title=\"\ud83c\udfac UCM.ONE is part of the 76th edition of the Locarno Film Festival\" rel=\"bookmark\">\ud83c\udfac UCM.ONE is part of the 76th edition of the Locarno Film Festival<\/a>\n\t<\/h3>\n\n\t<div class=\"entry-meta\"><span class=\"category-link\"><a href=\"https:\/\/ucm.one\/en\/category\/news-en\/film-en\/artkeim-en\/\" >Artkeim\u00b2<\/a>, <a href=\"https:\/\/ucm.one\/en\/category\/news-en\/company-en\/\" >Company<\/a>, <a href=\"https:\/\/ucm.one\/en\/category\/news-en\/film-en\/darling-berlin\/\" >Darling Berlin<\/a>, <a href=\"https:\/\/ucm.one\/en\/category\/news-en\/film-en\/\" >Film<\/a>, <a href=\"https:\/\/ucm.one\/en\/category\/news-en\/movie-distribution\/\" >Movie Distribution<\/a>, <a href=\"https:\/\/ucm.one\/en\/category\/news-en\/\" >News<\/a>, <a href=\"https:\/\/ucm.one\/en\/category\/news-en\/film-en\/nonfy-documentaries-en\/\" >NONFY Documentaries<\/a><\/span><a class=\"author vcard\" href=\"\" title=\"View all posts by Joachim Keil\" rel=\"author\">By <span class=\"fn\">Joachim Keil<\/span><\/a><a href=\"https:\/\/ucm.one\/en\/2023\/08\/02\/\" title=\"00:01\" class=\"data-link\" rel=\"bookmark\"><time class=\"entry-date updated\" datetime=\"2023-08-02T00:01:57+00:00\">2. August 2023<\/time><\/a><\/div>\n\t<div class=\"entry-excerpt\"><p>[vc_row][vc_column][vc_column_text] This year, the &#8220;Locarno Film Festival&#8221; is the 76th edition of the well-known international film festival that has been held in the city of Locarno in Switzerland since 1946. The main feature of the festival, which will take place from 2 to 12 August 2023, is of course still the open-air stage on the&hellip;<\/p>\n<\/div>\n\t\n<a href=\"https:\/\/ucm.one\/en\/ucm-one-is-part-of-the-76th-edition-of-the-locarno-film-festival\/\" class=\"post-details details-type-link\" aria-label=\"Read more about \ud83c\udfac UCM.ONE is part of the 76th edition of the Locarno Film Festival\">Mehr lesen<i class=\"dt-icon-the7-arrow-03\" aria-hidden=\"true\"><\/i><\/a>\n\n<\/div><\/article><\/div><div class=\"visible wf-cell\" data-post-id=\"87512\" data-date=\"2023-02-11T23:29:29+00:00\" data-name=\"\ud83c\udfac Tellfilm and UCM.ONE agree to collaborate on the film &quot;Youth Topia&quot; by Dennis Stormer\"><article class=\"post project-odd visible post-87512 type-post status-publish format-standard has-post-thumbnail hentry category-artkeim-en category-cinema category-film-en category-film-distribution-en category-news-en category-world-sales tag-algorithmus-en tag-artkeim-en tag-dennis-stormer-en tag-elsa-langnaese-en tag-lia-von-blarer-en tag-lou-haltinner-en tag-marisa-meier-en tag-saladin-dellers-en tag-tellfilm-en tag-youth-topia-en category-570 category-1011 category-942 category-15326 category-941 category-7530\" data-name=\"\ud83c\udfac Tellfilm and UCM.ONE agree to collaborate on the film &#8220;Youth Topia&#8221; by Dennis Stormer\" data-date=\"2023-02-11T23:29:29+00:00\">\n\n<div class=\"post-thumbnail-wrap\">\n\t<div class=\"post-thumbnail\">\n\t\t\n\t\t\n\t\t<a href=\"https:\/\/ucm.one\/en\/tellfilm-and-ucm-one-agree-to-collaborate-on-the-film-youth-topia-by-dennis-stormer\/\" class=\"post-thumbnail-rollover layzr-bg layzr-bg\" ><img decoding=\"async\" class=\"iso-lazy-load preload-me iso-lazy-load aspect\" src=\"data:image\/svg+xml,%3Csvg%20xmlns%3D&#39;http%3A%2F%2Fwww.w3.org%2F2000%2Fsvg&#39;%20viewBox%3D&#39;0%200%20990%20309&#39;%2F%3E\" data-src=\"https:\/\/ucm.one\/wp-content\/uploads\/2023\/02\/B-Youth-Topia-Signing-990x309.jpg\" data-srcset=\"https:\/\/ucm.one\/wp-content\/uploads\/2023\/02\/B-Youth-Topia-Signing-990x309.jpg 990w, https:\/\/ucm.one\/wp-content\/uploads\/2023\/02\/B-Youth-Topia-Signing-1485x464.jpg 1485w\" loading=\"eager\" style=\"--ratio: 990 \/ 309\" sizes=\"(max-width: 990px) 100vw, 990px\" alt=\"\" title=\"B Youth Topia Signing\" width=\"990\" height=\"309\"  \/><\/a>\t<\/div>\n<\/div>\n\n\n<div class=\"post-entry-content\">\n\n\t<h3 class=\"entry-title\">\n\t\t<a href=\"https:\/\/ucm.one\/en\/tellfilm-and-ucm-one-agree-to-collaborate-on-the-film-youth-topia-by-dennis-stormer\/\" title=\"\ud83c\udfac Tellfilm and UCM.ONE agree to collaborate on the film &#8220;Youth Topia&#8221; by Dennis Stormer\" rel=\"bookmark\">\ud83c\udfac Tellfilm and UCM.ONE agree to collaborate on the film &#8220;Youth Topia&#8221; by Dennis Stormer<\/a>\n\t<\/h3>\n\n\t<div class=\"entry-meta\"><span class=\"category-link\"><a href=\"https:\/\/ucm.one\/en\/category\/news-en\/film-en\/artkeim-en\/\" >Artkeim\u00b2<\/a>, <a href=\"https:\/\/ucm.one\/en\/category\/news-en\/cinema\/\" >Cinema<\/a>, <a href=\"https:\/\/ucm.one\/en\/category\/news-en\/film-en\/\" >Film<\/a>, <a href=\"https:\/\/ucm.one\/en\/category\/news-en\/media-distribution-en\/film-distribution-en\/\" >Film Distribution<\/a>, <a href=\"https:\/\/ucm.one\/en\/category\/news-en\/\" >News<\/a>, <a href=\"https:\/\/ucm.one\/en\/category\/news-en\/movie-distribution\/world-sales\/\" >World Sales<\/a><\/span><a class=\"author vcard\" href=\"\" title=\"View all posts by Joachim Keil\" rel=\"author\">By <span class=\"fn\">Joachim Keil<\/span><\/a><a href=\"https:\/\/ucm.one\/en\/2023\/02\/11\/\" title=\"23:29\" class=\"data-link\" rel=\"bookmark\"><time class=\"entry-date updated\" datetime=\"2023-02-11T23:29:29+00:00\">11. February 2023<\/time><\/a><\/div>\n\t<div class=\"entry-excerpt\"><p>[vc_row][vc_column][vc_column_text]The Swiss company tellfilm and UCM.ONE agree on a far-reaching cooperation. In the course of this, UCM.ONE will release the film &#8220;Youth Topia&#8221; by Dennis Stormer in Germany on the Artkeim\u00b2 label and also market the film worldwide outside Switzerland.[\/vc_column_text][\/vc_column][\/vc_row][vc_row][vc_column width=&#8221;1\/2&#8243;][vc_single_image image=&#8221;87471&#8243; img_size=&#8221;full&#8221; onclick=&#8221;link_image&#8221;][\/vc_column][vc_column width=&#8221;1\/2&#8243;][vc_single_image image=&#8221;87474&#8243; img_size=&#8221;full&#8221; onclick=&#8221;link_image&#8221;][\/vc_column][\/vc_row][vc_row][vc_column][vc_column_text]The dystopian coming of age comedy &#8220;Youth Topia&#8221;&hellip;<\/p>\n<\/div>\n\t\n<a href=\"https:\/\/ucm.one\/en\/tellfilm-and-ucm-one-agree-to-collaborate-on-the-film-youth-topia-by-dennis-stormer\/\" class=\"post-details details-type-link\" aria-label=\"Read more about \ud83c\udfac Tellfilm and UCM.ONE agree to collaborate on the film &#8220;Youth Topia&#8221; by Dennis Stormer\">Mehr lesen<i class=\"dt-icon-the7-arrow-03\" aria-hidden=\"true\"><\/i><\/a>\n\n<\/div><\/article><\/div><\/div><!-- iso-container|iso-grid --><\/div>[vc_btn title=&#8221;All News&#8221; style=&#8221;flat&#8221; align=&#8221;right&#8221; i_icon_fontawesome=&#8221;far fa-newspaper&#8221; add_icon=&#8221;true&#8221; link=&#8221;url:https%3A%2F%2Fucm.one%2Fen%2F%3Fs%3D%2522Youth%2BTopia%2522|title:All%20News|&#8221; css=&#8221;.vc_custom_1691015952433{margin-top: 25px !important;}&#8221;][vc_empty_space height=&#8221;15px&#8221;][\/vc_column][\/vc_row][vc_row][vc_column][vc_separator color=&#8221;custom&#8221; accent_color=&#8221;#0141a0&#8243;][\/vc_column][\/vc_row][vc_row css=&#8221;.vc_custom_1518458873891{margin-top: 65px !important;}&#8221;][vc_column width=&#8221;1\/5&#8243;][vc_btn title=&#8221;Overview&#8221; style=&#8221;flat&#8221; size=&#8221;lg&#8221; align=&#8221;center&#8221; i_icon_fontawesome=&#8221;fas fa-home&#8221; button_block=&#8221;true&#8221; add_icon=&#8221;true&#8221; link=&#8221;url:https%3A%2F%2Fucm.one%2Fen%2F|title:Overview|&#8221;][\/vc_column][vc_column width=&#8221;1\/5&#8243;][vc_btn title=&#8221;Movies&#8221; style=&#8221;flat&#8221; size=&#8221;lg&#8221; align=&#8221;center&#8221; i_icon_fontawesome=&#8221;fas fa-film&#8221; button_block=&#8221;true&#8221; add_icon=&#8221;true&#8221; link=&#8221;url:https%3A%2F%2Fucm.one%2Fen%2Ffilm-labels%2F|title:Movies|&#8221;][\/vc_column][vc_column width=&#8221;1\/5&#8243;][vc_btn title=&#8221;Cinema&#8221; style=&#8221;flat&#8221; size=&#8221;lg&#8221; align=&#8221;center&#8221; i_icon_fontawesome=&#8221;fas fa-star&#8221; button_block=&#8221;true&#8221; add_icon=&#8221;true&#8221; link=&#8221;url:https%3A%2F%2Fucm.one%2Fen%2Ftheatrical-distribution%2Ftheatrical-releases%2F%23youth-topia|title:Youth%20Topia&#8221;][\/vc_column][vc_column width=&#8221;1\/5&#8243;][vc_btn title=&#8221;Artkeim\u00b2&#8221; style=&#8221;flat&#8221; size=&#8221;lg&#8221; align=&#8221;center&#8221; i_icon_fontawesome=&#8221;fas fa-arrow-right&#8221; button_block=&#8221;true&#8221; add_icon=&#8221;true&#8221; link=&#8221;url:https%3A%2F%2Fucm.one%2Fen%2Ffilm-labels%2Fartkeim%2F|title:Artkeim%C2%B2|&#8221;][\/vc_column][vc_column width=&#8221;1\/5&#8243;][vc_btn title=&#8221;IMDB&#8221; style=&#8221;flat&#8221; color=&#8221;sky&#8221; size=&#8221;lg&#8221; align=&#8221;center&#8221; i_icon_fontawesome=&#8221;fab fa-imdb&#8221; button_block=&#8221;true&#8221; add_icon=&#8221;true&#8221; link=&#8221;url:https%3A%2F%2Fwww.imdb.com%2Ftitle%2Ftt11132688|title:IMDb|target:_blank|&#8221;][\/vc_column][\/vc_row][vc_row content_placement=&#8221;middle&#8221; bg_type=&#8221;grad&#8221; ult_hide_row=&#8221;ult_hide_row_value&#8221; ult_hide_row_large_screen=&#8221;large_screen&#8221; ult_hide_row_desktop=&#8221;desktop&#8221; css=&#8221;.vc_custom_1518701755537{margin-top: 0px !important;padding-top: -50px !important;}&#8221; bg_grad=&#8221;background: -webkit-gradient(linear, left top, left bottom, color-stop(0%, #E3E3E3), color-stop(0%, #FFFFFF), color-stop(6%, #FFFFFF), color-stop(7%, #FFFFFF), color-stop(50%, #FFFFFF));background: -moz-linear-gradient(top,#E3E3E3 0%,#FFFFFF 0%,#FFFFFF 6%,#FFFFFF 7%,#FFFFFF 50%);background: -webkit-linear-gradient(top,#E3E3E3 0%,#FFFFFF 0%,#FFFFFF 6%,#FFFFFF 7%,#FFFFFF 50%);background: -o-linear-gradient(top,#E3E3E3 0%,#FFFFFF 0%,#FFFFFF 6%,#FFFFFF 7%,#FFFFFF 50%);background: -ms-linear-gradient(top,#E3E3E3 0%,#FFFFFF 0%,#FFFFFF 6%,#FFFFFF 7%,#FFFFFF 50%);background: linear-gradient(top,#E3E3E3 0%,#FFFFFF 0%,#FFFFFF 6%,#FFFFFF 7%,#FFFFFF 50%);&#8221;][vc_column][vc_btn title=&#8221;Contact&#8221; style=&#8221;flat&#8221; color=&#8221;juicy-pink&#8221; size=&#8221;lg&#8221; align=&#8221;center&#8221; i_icon_fontawesome=&#8221;far fa-envelope&#8221; button_block=&#8221;true&#8221; add_icon=&#8221;true&#8221; link=&#8221;url:https%3A%2F%2Fucm.one%2Fen%2Fcompany%2Fcontact%2F|title:Contact|&#8221;][\/vc_column][\/vc_row]<\/p>\n<\/div>","protected":false},"excerpt":{"rendered":"<p>[vc_row][vc_column width=&#8221;3\/4&#8243; css=&#8221;.vc_custom_1561291995466{padding-right: 30px !important;}&#8221;][vc_column_text] Youth Topia: [\/vc_column_text][vc_column_text] The dystopian coming of age drama &#8220;Youth Topia&#8221; &#8211; the feature film debut of Dennis Stormer (writer &amp; director) and Marisa Meier (writer &amp; producer) &#8211; tells the story of Wanja (Lia von Blarer), who is turned from an outsider into an adult by the &#8220;algorithm&#8221; that&hellip;<\/p>\n","protected":false},"author":2,"featured_media":87721,"parent":0,"menu_order":0,"comment_status":"closed","ping_status":"closed","template":"","meta":{"_acf_changed":false,"footnotes":""},"class_list":["post-95835","page","type-page","status-publish","has-post-thumbnail","hentry","description-off"],"acf":[],"yoast_head":"<!-- This site is optimized with the Yoast SEO plugin v27.5 - https:\/\/yoast.com\/product\/yoast-seo-wordpress\/ -->\n<title>Youth Topia (2021) von Dennis Stormer | Artkeim\u00b2<\/title>\n<meta name=\"description\" content=\"&quot;Youth Topia&quot; tells the story of Wanja, who is turned from an outsider into an adult by the &quot;algorithm&quot; that dominates the near future.\" \/>\n<meta name=\"robots\" content=\"index, follow, max-snippet:-1, max-image-preview:large, max-video-preview:-1\" \/>\n<link rel=\"canonical\" href=\"https:\/\/ucm.one\/en\/youth-topia\/\" \/>\n<meta property=\"og:locale\" content=\"en_US\" \/>\n<meta property=\"og:type\" content=\"article\" \/>\n<meta property=\"og:title\" content=\"Youth Topia (2021) von Dennis Stormer | Artkeim\u00b2\" \/>\n<meta property=\"og:description\" content=\"&quot;Youth Topia&quot; tells the story of Wanja, who is turned from an outsider into an adult by the &quot;algorithm&quot; that dominates the near future.\" \/>\n<meta property=\"og:url\" content=\"https:\/\/ucm.one\/en\/youth-topia\/\" \/>\n<meta property=\"og:site_name\" content=\"UCM.ONE\" \/>\n<meta property=\"article:modified_time\" content=\"2023-08-26T09:47:57+00:00\" \/>\n<meta property=\"og:image\" content=\"https:\/\/ucm.one\/wp-content\/uploads\/2023\/02\/P-YouthTopia.jpg\" \/>\n<meta name=\"twitter:card\" content=\"summary_large_image\" \/>\n<meta name=\"twitter:title\" content=\"Youth Topia (2021) von Dennis Stormer | Artkeim\u00b2\" \/>\n<meta name=\"twitter:description\" content=\"&quot;Youth Topia&quot; tells the story of Wanja, who is turned from an outsider into an adult by the &quot;algorithm&quot; that dominates the near future.\" \/>\n<meta name=\"twitter:image\" content=\"https:\/\/ucm.one\/wp-content\/uploads\/2023\/02\/P-YouthTopia.jpg\" \/>\n<meta name=\"twitter:label1\" content=\"Est. reading time\" \/>\n\t<meta name=\"twitter:data1\" content=\"20 minutes\" \/>\n<!-- \/ Yoast SEO plugin. -->","yoast_head_json":{"title":"Youth Topia (2021) von Dennis Stormer | Artkeim\u00b2","description":"\"Youth Topia\" tells the story of Wanja, who is turned from an outsider into an adult by the \"algorithm\" that dominates the near future.","robots":{"index":"index","follow":"follow","max-snippet":"max-snippet:-1","max-image-preview":"max-image-preview:large","max-video-preview":"max-video-preview:-1"},"canonical":"https:\/\/ucm.one\/en\/youth-topia\/","og_locale":"en_US","og_type":"article","og_title":"Youth Topia (2021) von Dennis Stormer | Artkeim\u00b2","og_description":"\"Youth Topia\" tells the story of Wanja, who is turned from an outsider into an adult by the \"algorithm\" that dominates the near future.","og_url":"https:\/\/ucm.one\/en\/youth-topia\/","og_site_name":"UCM.ONE","article_modified_time":"2023-08-26T09:47:57+00:00","og_image":[{"url":"https:\/\/ucm.one\/wp-content\/uploads\/2023\/02\/P-YouthTopia.jpg","type":"","width":"","height":""}],"twitter_card":"summary_large_image","twitter_title":"Youth Topia (2021) von Dennis Stormer | Artkeim\u00b2","twitter_description":"\"Youth Topia\" tells the story of Wanja, who is turned from an outsider into an adult by the \"algorithm\" that dominates the near future.","twitter_image":"https:\/\/ucm.one\/wp-content\/uploads\/2023\/02\/P-YouthTopia.jpg","twitter_misc":{"Est. reading time":"20 minutes"},"schema":{"@context":"https:\/\/schema.org","@graph":[{"@type":"WebPage","@id":"https:\/\/ucm.one\/en\/youth-topia\/","url":"https:\/\/ucm.one\/en\/youth-topia\/","name":"Youth Topia (2021) von Dennis Stormer | Artkeim\u00b2","isPartOf":{"@id":"https:\/\/ucm.one\/en\/#website"},"primaryImageOfPage":{"@id":"https:\/\/ucm.one\/en\/youth-topia\/#primaryimage"},"image":{"@id":"https:\/\/ucm.one\/en\/youth-topia\/#primaryimage"},"thumbnailUrl":"https:\/\/ucm.one\/wp-content\/uploads\/2023\/02\/P-YouthTopia.jpg","datePublished":"2023-08-02T20:10:15+00:00","dateModified":"2023-08-26T09:47:57+00:00","description":"\"Youth Topia\" tells the story of Wanja, who is turned from an outsider into an adult by the \"algorithm\" that dominates the near future.","breadcrumb":{"@id":"https:\/\/ucm.one\/en\/youth-topia\/#breadcrumb"},"inLanguage":"en-US","potentialAction":[{"@type":"ReadAction","target":["https:\/\/ucm.one\/en\/youth-topia\/"]}]},{"@type":"ImageObject","inLanguage":"en-US","@id":"https:\/\/ucm.one\/en\/youth-topia\/#primaryimage","url":"https:\/\/ucm.one\/wp-content\/uploads\/2023\/02\/P-YouthTopia.jpg","contentUrl":"https:\/\/ucm.one\/wp-content\/uploads\/2023\/02\/P-YouthTopia.jpg","width":699,"height":999},{"@type":"BreadcrumbList","@id":"https:\/\/ucm.one\/en\/youth-topia\/#breadcrumb","itemListElement":[{"@type":"ListItem","position":1,"name":"Home","item":"https:\/\/ucm.one\/en\/"},{"@type":"ListItem","position":2,"name":"Youth Topia (2021) von Dennis Stormer | Artkeim\u00b2"}]},{"@type":"WebSite","@id":"https:\/\/ucm.one\/en\/#website","url":"https:\/\/ucm.one\/en\/","name":"UCM.ONE","description":"","publisher":{"@id":"https:\/\/ucm.one\/en\/#organization"},"potentialAction":[{"@type":"SearchAction","target":{"@type":"EntryPoint","urlTemplate":"https:\/\/ucm.one\/en\/?s={search_term_string}"},"query-input":{"@type":"PropertyValueSpecification","valueRequired":true,"valueName":"search_term_string"}}],"inLanguage":"en-US"},{"@type":"Organization","@id":"https:\/\/ucm.one\/en\/#organization","name":"UCM.ONE","url":"https:\/\/ucm.one\/en\/","logo":{"@type":"ImageObject","inLanguage":"en-US","@id":"https:\/\/ucm.one\/en\/#\/schema\/logo\/image\/","url":"https:\/\/ucm.one\/wp-content\/uploads\/2019\/10\/UCM.ONE-Logo-RGB.svg","contentUrl":"https:\/\/ucm.one\/wp-content\/uploads\/2019\/10\/UCM.ONE-Logo-RGB.svg","width":1,"height":1,"caption":"UCM.ONE"},"image":{"@id":"https:\/\/ucm.one\/en\/#\/schema\/logo\/image\/"}}]}},"_links":{"self":[{"href":"https:\/\/ucm.one\/en\/wp-json\/wp\/v2\/pages\/95835","targetHints":{"allow":["GET"]}}],"collection":[{"href":"https:\/\/ucm.one\/en\/wp-json\/wp\/v2\/pages"}],"about":[{"href":"https:\/\/ucm.one\/en\/wp-json\/wp\/v2\/types\/page"}],"author":[{"embeddable":true,"href":"https:\/\/ucm.one\/en\/wp-json\/wp\/v2\/users\/2"}],"replies":[{"embeddable":true,"href":"https:\/\/ucm.one\/en\/wp-json\/wp\/v2\/comments?post=95835"}],"version-history":[{"count":0,"href":"https:\/\/ucm.one\/en\/wp-json\/wp\/v2\/pages\/95835\/revisions"}],"wp:featuredmedia":[{"embeddable":true,"href":"https:\/\/ucm.one\/en\/wp-json\/wp\/v2\/media\/87721"}],"wp:attachment":[{"href":"https:\/\/ucm.one\/en\/wp-json\/wp\/v2\/media?parent=95835"}],"curies":[{"name":"wp","href":"https:\/\/api.w.org\/{rel}","templated":true}]}}