{"id":81832,"date":"2022-12-01T06:28:53","date_gmt":"2022-12-01T06:28:53","guid":{"rendered":"https:\/\/ucm.one\/ich-ich-ich-2021-by-zora-rux-darling-berlin\/"},"modified":"2023-08-04T22:13:39","modified_gmt":"2023-08-04T22:13:39","slug":"second-thoughts","status":"publish","type":"page","link":"https:\/\/ucm.one\/en\/second-thoughts\/","title":{"rendered":"Second Thoughts (2021) by Zora Rux | Darling Berlin"},"content":{"rendered":"<div class=\"wpb-content-wrapper\"><p>[vc_row][vc_column width=&#8221;3\/4&#8243; css=&#8221;.vc_custom_1561291995466{padding-right: 30px !important;}&#8221;][vc_column_text]<\/p>\n<h1>Second Thoughts | Ich Ich Ich<span style=\"color: #ffffff;\">:<\/span><\/h1>\n<p>[\/vc_column_text][vc_column_text]<br \/>\nIn her first feature film &#8220;<strong>Second Thoughts<\/strong>&#8221; \u00a0(German title: &#8220;<strong>Ich Ich Ich<\/strong>&#8220;), director<strong> Zora Rux<\/strong>, a long-time collaborator of Swedish filmmaker <strong>Roy Andersson<\/strong>, tells a surrealistic-comic story about the search for the true self in poetic tableaux.<br \/>\n[\/vc_column_text][vc_column_text]<\/p>\n<h3>Synopsis<\/h3>\n<p>Marie (Elisa Pl\u00fcss) is blindsided by her boyfriend Julian (Thomas Fr\u00e4nzel) with a marriage proposal at his brother&#8217;s wedding in front of the assembled family. Marie has no clue how to react to this. She piles into the countryside to think about herself, her life and her relationship alone. Alone?<br \/>\n[\/vc_column_text][vc_row_inner][vc_column_inner width=&#8221;1\/2&#8243; css=&#8221;.vc_custom_1561290391124{border-right-width: -15px !important;}&#8221;][vc_single_image image=&#8221;79484&#8243; img_size=&#8221;full&#8221; onclick=&#8221;link_image&#8221;][\/vc_column_inner][vc_column_inner width=&#8221;1\/2&#8243;][vc_single_image image=&#8221;79487&#8243; img_size=&#8221;full&#8221; onclick=&#8221;link_image&#8221;][\/vc_column_inner][\/vc_row_inner][vc_column_text]<br \/>\nIn her mother&#8217;s vacation home, things soon become increasingly cramped and absurd: because Marie&#8217;s thoughts suddenly take shape, her thought people become more numerous and penetrating. They force possible baby names on her, an ex-boyfriend climbs down from trees, and a &#8220;lyrical me&#8221; in a sari proclaims Marie&#8217;s inner world in verse. Finally, her would-be fianc\u00e9 arrives for real in the deceptive loneliness of the Uckermark, bringing with him a whole busload of his own thought people&#8230;.<br \/>\n[\/vc_column_text][vc_single_image image=&#8221;79481&#8243; img_size=&#8221;full&#8221; onclick=&#8221;link_image&#8221;][vc_column_text]What would happen if you showed your thoughts to each other? How much honesty can a relationship take? In her first feature film, director Zora Rux, a longtime collaborator of Swedish filmmaker Roy Andersson, uses poetic tableaux to tell a surrealistic, comic story about the search for the true self.[\/vc_column_text][vc_column_text]<\/p>\n<h3>About director Zora Rux<\/h3>\n<p><strong>Zora Rux<\/strong>, born in 1988, studied directing at the <strong>German Film and Television Academy Berlin<\/strong> from 2011. In 2015, she received a scholarship to <strong>Columbia University<\/strong> in New York.<br \/>\n[\/vc_column_text][vc_column_text]<br \/>\nHer first short film &#8220;<strong>Protected Space<\/strong>&#8221; (2014) addressed the rights of refugees. The film screened at over 100 film festivals around the world and won numerous awards. Her short film &#8220;<strong>What happens in your brain if you see a german word like&#8230;?<\/strong>&#8221; (2015) won the &#8220;<strong>Short Tiger<\/strong>&#8221; short film award of the <strong>German Federal Film Board<\/strong> (<strong>FFA<\/strong>).<br \/>\n[\/vc_column_text][vc_row_inner][vc_column_inner width=&#8221;1\/3&#8243; css=&#8221;.vc_custom_1561290391124{border-right-width: -15px !important;}&#8221;][vc_single_image image=&#8221;80063&#8243; img_size=&#8221;full&#8221; onclick=&#8221;link_image&#8221;][\/vc_column_inner][vc_column_inner width=&#8221;2\/3&#8243;][vc_column_text]<br \/>\nAlongside her studies, she has already worked as casting director for <strong>Roy Andersson<\/strong>&#8216;s film &#8220;<strong>En duva satt p\u00e5 en gren och funderade p\u00e5 tillvaron<\/strong>&#8221; (Englisch title: &#8220;<strong>A Pigeon Sat on a Branch Reflecting on Existence<\/strong>&#8220;), 2014. In 2021, her first feature-length film &#8220;<strong>Second Thoughts<\/strong>&#8221; was screened at various film festivals, including Zurich, Taipei and S\u00e3o Paulo.<\/p>\n<p>In 2022, the film received an invitation to the <strong>Max Oph\u00fcls Preis Film Festival<\/strong>, where it competed in the Feature Film Competition.<br \/>\n[\/vc_column_text][vc_column_text css=&#8221;.vc_custom_1644162117310{margin-top: -5px !important;margin-bottom: 18px !important;}&#8221;]<span style=\"font-size: 12pt;\">Filmography (Excerpt)<\/span>[\/vc_column_text][vc_empty_space height=&#8221;-3px&#8221;][vc_column_text css=&#8221;.vc_custom_1667889848489{margin-top: -15px !important;padding-top: 12px !important;padding-right: 12px !important;padding-bottom: 12px !important;padding-left: 12px !important;background-color: #efefef !important;border-radius: 5px !important;}&#8221;]<\/p>\n<table style=\"height: 50px; width: 100%; border-collapse: collapse;\">\n<tbody>\n<tr style=\"height: 45px;\">\n<td style=\"width: 18.2381%; height: 18px;\">2014<\/td>\n<td style=\"width: 81.7619%; height: 18px;\"><strong>Gesch\u00fctzter Raum | Safe Space &#8211; <\/strong>Short movie<\/td>\n<\/tr>\n<tr style=\"height: 47px;\">\n<td style=\"width: 18.2381%; height: 10px;\">2015<\/td>\n<td style=\"width: 81.7619%; height: 10px;\"><b>What happens in your brain if you see a german word like&#8230;?\u00a0<\/b>&#8211; Short movie<\/td>\n<\/tr>\n<tr style=\"height: 22px;\">\n<td style=\"width: 18.2381%; height: 22px;\">2021<\/td>\n<td style=\"width: 81.7619%; height: 22px;\"><strong>Ich Ich Ich | Second Thoughts<\/strong> &#8211; Feature<\/td>\n<\/tr>\n<\/tbody>\n<\/table>\n<p>[\/vc_column_text][\/vc_column_inner][\/vc_row_inner][\/vc_column][vc_column width=&#8221;1\/4&#8243; css=&#8221;.vc_custom_1581030319933{margin-top: 15px !important;margin-bottom: 36px !important;background-color: #efefef !important;}&#8221;]<style type=\"text\/css\" data-type=\"the7_shortcodes-inline-css\">.shortcode-single-image-wrap.shortcode-single-image-93e10aa2ee2aaa8938fdc831215a1e32.enable-bg-rollover .rollover i,\n.shortcode-single-image-wrap.shortcode-single-image-93e10aa2ee2aaa8938fdc831215a1e32.enable-bg-rollover .rollover-video i {\n  background: -webkit-linear-gradient();\n  background: linear-gradient();\n}\n.shortcode-single-image-wrap.shortcode-single-image-93e10aa2ee2aaa8938fdc831215a1e32 .rollover-icon {\n  font-size: 32px;\n  color: #ffffff;\n  min-width: 44px;\n  min-height: 44px;\n  line-height: 44px;\n  border-radius: 100px;\n  border-style: solid;\n  border-width: 0px;\n}\n.dt-icon-bg-on.shortcode-single-image-wrap.shortcode-single-image-93e10aa2ee2aaa8938fdc831215a1e32 .rollover-icon {\n  background: rgba(255,255,255,0.3);\n  box-shadow: none;\n}<\/style><div class=\"shortcode-single-image-wrap shortcode-single-image-93e10aa2ee2aaa8938fdc831215a1e32 alignnone  vc_custom_1669926478955 enable-bg-rollover dt-icon-bg-off\" ><div class=\"shortcode-single-image\"><div class=\"fancy-media-wrap\" style=\"\"><a class=\"layzr-bg rollover rollover-zoom dt-pswp-item pswp-image\" href=\"https:\/\/ucm.one\/wp-content\/uploads\/2022\/12\/P-Second-Thoughts.jpg\" title=\"P Second Thoughts\" data-dt-img-description=\"\" data-large_image_width=\"699\" data-large_image_height = \"1000\"  style=\"\"><img fetchpriority=\"high\" decoding=\"async\" class=\"preload-me lazy-load aspect\" src=\"data:image\/svg+xml,%3Csvg%20xmlns%3D&#39;http%3A%2F%2Fwww.w3.org%2F2000%2Fsvg&#39;%20viewBox%3D&#39;0%200%20699%20999&#39;%2F%3E\" data-src=\"https:\/\/ucm.one\/wp-content\/uploads\/2022\/12\/P-Second-Thoughts.jpg\" data-srcset=\"https:\/\/ucm.one\/wp-content\/uploads\/2022\/12\/P-Second-Thoughts.jpg 699w\" loading=\"eager\" style=\"--ratio: 699 \/ 999\" sizes=\"(max-width: 699px) 100vw, 699px\" width=\"699\" height=\"999\"  data-dt-location=\"https:\/\/ucm.one\/en\/film-labels\/darling-berlin\/p-second-thoughts\/\" alt=\"\" \/><\/a><\/div><\/div><\/div>[vc_empty_space height=&#8221;10px&#8221;][vc_column_text]<strong>Original title<\/strong>: Ich Ich Ich<\/p>\n<p><strong>Written &amp; directed by<\/strong>: Zora Rux<\/p>\n<p><strong>Cast<\/strong>: Elisa Pl\u00fcss, Thomas Fr\u00e4nzel, Lola Klamroth, Sebastian Schneider, Judith van der Werff, Henriette Confurius, Wenka von Mikulicz, Paul Lux, Pablo Grant<\/p>\n<p><strong>Producers<\/strong>: Leonie Minor, Roxana Richters, Fred Burle<\/p>\n<p><strong>Camera<\/strong>: Jesse Mazuch<\/p>\n<p><strong>Editing<\/strong>: Zora Rux, Kalle Boman, Martin Herold, Henning St\u00f6ve<\/p>\n<p><strong>Sound<\/strong>: Robert Hefter<\/p>\n<p><strong>Music<\/strong>: Ben R\u00f6ssler, Jonathan Ritzel, Mister Milano<\/p>\n<p>&nbsp;<\/p>\n<p><strong>Production<\/strong>: German Film and Television Academy Berlin GmbH<\/p>\n<p><strong>Co-Production<\/strong>: Zora Rux, Fred Burle<\/p>\n<p><strong>Production Year<\/strong>: 2021<\/p>\n<p><strong>Genres<\/strong>: Comedy<\/p>\n<p><strong>Country<\/strong>: Germany<\/p>\n<p><strong>Language<\/strong>: German<\/p>\n<p>&nbsp;<\/p>\n<p><strong>Length<\/strong>: 85 Min<\/p>\n<p><strong>FSK<\/strong>: 6<\/p>\n<p><strong>Aspect ratio<\/strong>: 1:1,85<\/p>\n<p><strong>Sound<\/strong>: Dolby Surround 5.1[\/vc_column_text][vc_separator color=&#8221;custom&#8221; accent_color=&#8221;#a0a0a0&#8243;][vc_column_text]<strong>Other title<\/strong>:<\/p>\n<p><strong>English<\/strong>: Second Thoughts[\/vc_column_text][vc_separator color=&#8221;custom&#8221; accent_color=&#8221;#a0a0a0&#8243;][vc_column_text]<strong>Filmlabel<\/strong>: Darling Berlin<\/p>\n<p><strong>Distribution<\/strong>: UCM.ONE<\/p>\n<p><strong>Theatrical<\/strong> <strong>release<\/strong>: December 01, 2022<\/p>\n<p><strong>DVD<\/strong> &amp; <strong>VoD<\/strong>: tba.[\/vc_column_text][vc_separator color=&#8221;custom&#8221; accent_color=&#8221;#a0a0a0&#8243;][vc_btn title=&#8221;Press Material<i><small>coming soon<\/small><\/i>&#8221; color=&#8221;white&#8221; size=&#8221;sm&#8221; align=&#8221;center&#8221; i_icon_fontawesome=&#8221;fas fa-download&#8221; button_block=&#8221;true&#8221; add_icon=&#8221;true&#8221; css=&#8221;.vc_custom_1667916396270{margin-top: -15px !important;}&#8221; link=&#8221;url:https%3A%2F%2Fwww.ucm.one%2Fpresse%2Fdb_ich_ich_ich_presskit.zip|title:Press%20Material|target:_blank|rel:nofollow|&#8221;][vc_empty_space height=&#8221;5px&#8221;][vc_btn title=&#8221;DCP Trailer&#8221; color=&#8221;white&#8221; size=&#8221;sm&#8221; align=&#8221;center&#8221; i_icon_fontawesome=&#8221;fas fa-external-link-alt&#8221; button_block=&#8221;true&#8221; add_icon=&#8221;true&#8221; css=&#8221;.vc_custom_1668508781058{margin-top: -15px !important;}&#8221; link=&#8221;url:https%3A%2F%2Fplay.bydeluxe.com%2Fde_DEU%2Fmovies%2Fich-ich-ich|title:DCP%20Trailer|target:_blank|&#8221;][\/vc_column][\/vc_row][vc_row][vc_column][vc_column_text]<\/p>\n<h3><em>Director&#8217;s commentary by Zora Rux<\/em><\/h3>\n<p><em>&#8220;When two people have sex, there are at least four others involved. And those four are their parents.&#8221; I read that once in a psychology book. And I thought: Only four? That was the idea for &#8220;Second Thoughts,&#8221; a film in which we see all thoughts as actual beings. We&#8217;re never really in the moment, we&#8217;re always thinking about the past or dreaming about the future. I wanted to explore this simultaneity of actions and thoughts in the feature film &#8220;Second Thoughts.&#8221; I find it exciting to create a new film universe that functions according to its own rules, and I am always amazed at how quickly I, as a viewer, can find my way around unfamiliar film universes. In order to find one&#8217;s way in our film, it was important to me that there are clear rules: The world looks naturalistic, the absurdity only arises from the thought beings. These thought beings had a handful of rules about who they could see, who they could react to. Precisely because it has become common to capture moments with a cell phone and show them to others, because the supposedly naturalistic has become ubiquitous, it is important to go beyond that and try to depict the impossible, that which we cannot see with the naked eye or through the camera lens: It is important to me to question the patriarchal male gaze, which also applies to me as a woman, and which is so firmly anchored in our viewing habits that we all have to examine whether we are serving film or patriarchy in every image we make.<\/em>[\/vc_column_text][vc_row_inner][vc_column_inner width=&#8221;1\/2&#8243; css=&#8221;.vc_custom_1561290391124{border-right-width: -15px !important;}&#8221;][vc_single_image image=&#8221;79517&#8243; img_size=&#8221;full&#8221; onclick=&#8221;link_image&#8221;][\/vc_column_inner][vc_column_inner width=&#8221;1\/2&#8243;][vc_single_image image=&#8221;79521&#8243; img_size=&#8221;full&#8221; onclick=&#8221;link_image&#8221;][\/vc_column_inner][\/vc_row_inner][vc_column_text]<em>My film was not made with the female gaze, I rather propose the term &#8220;honest gaze&#8221;: the honest gaze looks for the honest image, the image that serves the film and the character. The gaze treats all genders as subjects and, depending on the situation, can perceive a man as an object and even a woman. An honest gaze can be had by anyone, not just women. It always serves the film and never the patriarchy.&#8221;<\/em>[\/vc_column_text][vc_column_text]<\/p>\n<h3>Elisa Pl\u00fcss as Marie<\/h3>\n<p>Elisa Pl\u00fcss was born in Zurich in 1989 and completed her acting training at the <strong>Mozarteum University<\/strong> in Salzburg. In 2010\/11 she completed a practical year in acting at the <strong>Burgtheater in Vienna<\/strong> and performed in <strong>Mogens Rukov<\/strong>&#8216;s and <strong>Thomas Vinterberg<\/strong>&#8216;s &#8220;<strong>Die Kommune<\/strong>&#8220;.<br \/>\n[\/vc_column_text][vc_row_inner][vc_column_inner][vc_single_image image=&#8221;79524&#8243; img_size=&#8221;full&#8221; onclick=&#8221;link_image&#8221;][vc_column_text][\/vc_column_text][\/vc_column_inner][\/vc_row_inner][vc_column_text]<br \/>\nIn 2012, she appeared on stage at the Munich Residenztheater in Martin Ku\u0161ej&#8217;s &#8220;<strong>Die bitteren Tr\u00e4nen der Petra von Kant<\/strong>&#8221; by <strong>Rainer Werner Fassbinder<\/strong> and made her\u00a0 debuat the <strong>Salzburg Festival<\/strong> in 2014 in <strong>Andreas Kriegenburg<\/strong>&#8216;s production of &#8220;<strong>Don Juan kommt aus dem Krieg<\/strong>&#8221; by <strong>\u00d6d\u00f6n von Horv\u00e1th<\/strong>. From 2015 &#8211; 2019 <strong>Elisa Pl\u00fcss<\/strong> was a permanent ensemble member at the <strong>Schauspielhaus Zurich<\/strong> and is a <strong>Migros-Kulturprozent<\/strong> study and sponsorship award winner. In 2015 she appeared again at the <strong>Salzburg Festival<\/strong> in <strong>Shakespeare&#8217;s<\/strong> &#8220;<strong>The<\/strong> <strong>Comedy of Errors<\/strong>&#8220;.<br \/>\n[\/vc_column_text][vc_row_inner][vc_column_inner width=&#8221;1\/2&#8243; css=&#8221;.vc_custom_1561290391124{border-right-width: -15px !important;}&#8221;][vc_single_image image=&#8221;80070&#8243; img_size=&#8221;full&#8221; onclick=&#8221;link_image&#8221;][\/vc_column_inner][vc_column_inner width=&#8221;1\/2&#8243;][vc_single_image image=&#8221;80067&#8243; img_size=&#8221;full&#8221; onclick=&#8221;link_image&#8221;][\/vc_column_inner][\/vc_row_inner][vc_column_text]<br \/>\nIn the 2019\/20 season, <strong>Elisa Pl\u00fcss<\/strong> was, among others, a guest at the <strong>Volksb\u00fchne Berlin<\/strong> and performed in &#8220;<strong>Legende<\/strong>&#8221; by <strong>Stefan Pucher<\/strong>. <strong>Elisa Pl\u00fcss<\/strong> also worked regularly with <strong>Christoph Marthaler<\/strong> (<strong>Schauspielhaus Z\u00fcrich<\/strong>, <strong>Kampnagel<\/strong>, <strong>Ruhrtriennale<\/strong>). She has been part of the ensemble of the<strong> Vienna Burgtheater<\/strong> since December 2021.<br \/>\n[\/vc_column_text][vc_column_text]<\/p>\n<h3>Thomas Fr\u00e4nzel as Julian<\/h3>\n<p>The son of a jazz saxophonist first worked in film and theater after graduating from high school in Erfurt and completing a traineeship in radio. From 2002 to 2006 he studied acting at the <strong>Hochschule f\u00fcr Schauspielkunst &#8220;Ernst Busch&#8221; Berlin<\/strong>. While still a student, he was given the lead role in <strong>Vanessa van Houten<\/strong>&#8216;s debut feature film &#8220;<strong>Haus der W\u00fcnsche<\/strong>&#8220;.<br \/>\n[\/vc_column_text][vc_row_inner][vc_column_inner css=&#8221;.vc_custom_1561290391124{border-right-width: -15px !important;}&#8221;][vc_single_image image=&#8221;80076&#8243; img_size=&#8221;full&#8221; onclick=&#8221;link_image&#8221;][\/vc_column_inner][\/vc_row_inner][vc_column_text]<br \/>\nThe short film &#8220;<strong>Das M\u00e4dchen mit den gelben Str\u00fcmpfen<\/strong>&#8221; starring <strong>Thomas Fr\u00e4nzel<\/strong> and <strong>Rosalie Thomass<\/strong> won the <em><strong>German Short Film Award in gold<\/strong><\/em> in 2008. In the 2008 Tatort episode <strong>&#8220;Bluthochzeit<\/strong>,&#8221; Fr\u00e4nzel had a major role alongside <strong>Peter Kremer<\/strong>, <strong>Eva Mattes<\/strong> and <strong>Petra<\/strong> <strong>Schmidt<\/strong>&#8211;<strong>Schaller<\/strong>. <strong>Thomas<\/strong> <strong>Fr\u00e4nzel<\/strong> played the lead role of an idealistic young teacher in the graduation film &#8220;<strong>Ausreichend<\/strong>&#8220;, which was screened at numerous international festivals and received the <strong>First<\/strong> <strong>Steps<\/strong> <strong>Award<\/strong> 2012 in the category &#8220;<em>feature film up to 60 minutes<\/em>&#8220;. In the same year, he appeared in a major supporting role in the feature film &#8220;<strong>Offroad<\/strong>&#8221; alongside <strong>Nora<\/strong> <strong>Tschirner<\/strong> and <strong>Elyas<\/strong> <strong>M&#8217;Barek<\/strong>.<br \/>\n[\/vc_column_text][vc_row_inner][vc_column_inner width=&#8221;1\/2&#8243; css=&#8221;.vc_custom_1561290391124{border-right-width: -15px !important;}&#8221;][vc_single_image image=&#8221;80079&#8243; img_size=&#8221;full&#8221; onclick=&#8221;link_image&#8221;][\/vc_column_inner][vc_column_inner width=&#8221;1\/2&#8243;][vc_single_image image=&#8221;80082&#8243; img_size=&#8221;full&#8221; onclick=&#8221;link_image&#8221;][\/vc_column_inner][\/vc_row_inner][vc_column_text]In 2013, <strong>Thomas Fr\u00e4nzel<\/strong> starred with <strong>Maria Schrader<\/strong> and <strong>Ursula<\/strong> <strong>Werner<\/strong> in the feature film &#8220;<strong>Schwestern<\/strong>&#8221; by <strong>Anne<\/strong> <strong>Wild<\/strong>. In the improv film &#8220;<strong>Alki<\/strong>, <strong>Alki<\/strong>&#8221; by director <strong>Axel<\/strong> <strong>Ranisch<\/strong>, he filmed in 2014 in the role of a psychotherapist with <strong>Oliver<\/strong> <strong>Korittke<\/strong> and <strong>Iris<\/strong> <strong>Berben<\/strong>. The freelance actor has also appeared in theater, for example as a guest at Berlin&#8217;s <strong>Maxim<\/strong> <strong>Gorki<\/strong> <strong>Theater<\/strong>. He also works as a narrator for radio play productions, features and commercials in cinema and TV.[\/vc_column_text][\/vc_column][\/vc_row][vc_row el_id=&#8221;trailer&#8221;][vc_column][vc_separator el_id=&#8221;trailer&#8221;][vc_video link=&#8221;https:\/\/youtu.be\/DMaPMbLhh0U&#8221; title=&#8221;Second Thoughts | Trailer (German with English Subs) \u1d34\u1d30&#8221;][\/vc_column][\/vc_row][vc_row][vc_column][vc_separator][vc_empty_space height=&#8221;25px&#8221;][vc_column_text]<span style=\"font-size: 18pt;\">Press reviews<\/span><\/p>\n<p><em>&#8220;In her feature-length debut, Zora Rux shows a life world so alienated that it seems to belong to everyone else rather than to the protagonist&#8217;s &#8220;I&#8221;.<\/em>&#8221; (<strong>FAZ<\/strong>)<\/p>\n<p><em>&#8220;About the search for a we. In her film, Zora Rux takes the viewer into the surreal world of visualized thoughts.&#8221;<\/em> (<strong>Schw\u00e4bische<\/strong> <strong>Zeitung<\/strong>)<\/p>\n<p><em>&#8220;Directed by Zora Rux as originally as it is aptly.<\/em>&#8221; (<strong>Tagesspiegel<\/strong>)<\/p>\n<p><em>&#8220;Director Zora Rux finds convincing and surprising and overwhelming moments in her feature-length debut Ich Ich. Incredible images, psychologically accurate and playfully light. It&#8217;s funny and profound and exciting throughout.&#8221;<\/em> (<strong>Cinema<\/strong> <strong>Times<\/strong>)<\/p>\n<p><em>&#8220;This imaginative feature debut is in the tradition of Swedish surrealist Roy Andersson. With poetic imagery, the film explores the search for one&#8217;s own path in life through the introspection of the main characters.<\/em>&#8221; (<strong>Fimdienst<\/strong>)[\/vc_column_text][\/vc_column][\/vc_row][vc_row][vc_column][vc_empty_space height=&#8221;15px&#8221;][vc_separator css=&#8221;.vc_custom_1560377795279{margin-top: 15px !important;}&#8221;][vc_empty_space height=&#8221;5px&#8221;][\/vc_column][\/vc_row][vc_row][vc_column][vc_column_text]<br \/>\nNews<br \/>\n[\/vc_column_text]<style type=\"text\/css\" data-type=\"the7_shortcodes-inline-css\">.blog-shortcode.blog-masonry-shortcode-id-844500629cfc6995dd6dadaabe8bd5bd.dividers-on.classic-layout-list article {\n  padding-top: 0;\n}\n.blog-shortcode.blog-masonry-shortcode-id-844500629cfc6995dd6dadaabe8bd5bd.dividers-on.classic-layout-list article:first-of-type {\n  margin-top: 0;\n  padding-top: 0;\n}\n.blog-shortcode.blog-masonry-shortcode-id-844500629cfc6995dd6dadaabe8bd5bd.classic-layout-list.mode-list .post-entry-content {\n  width: calc(100% - );\n}\n.blog-shortcode.blog-masonry-shortcode-id-844500629cfc6995dd6dadaabe8bd5bd.classic-layout-list.mode-list .no-img .post-entry-content {\n  width: 100%;\n}\n.blog-shortcode.blog-masonry-shortcode-id-844500629cfc6995dd6dadaabe8bd5bd .filter-bg-decoration .filter-categories a.act {\n  color: #fff;\n}\n.blog-shortcode.blog-masonry-shortcode-id-844500629cfc6995dd6dadaabe8bd5bd:not(.mode-masonry) article:first-of-type,\n.blog-shortcode.blog-masonry-shortcode-id-844500629cfc6995dd6dadaabe8bd5bd:not(.mode-masonry) article.visible.first:not(.product) {\n  margin-top: 0;\n}\n.blog-shortcode.blog-masonry-shortcode-id-844500629cfc6995dd6dadaabe8bd5bd.dividers-on:not(.mode-masonry) article {\n  margin-top: 0;\n}\n.blog-shortcode.blog-masonry-shortcode-id-844500629cfc6995dd6dadaabe8bd5bd.dividers-on:not(.mode-masonry) article:first-of-type,\n.blog-shortcode.blog-masonry-shortcode-id-844500629cfc6995dd6dadaabe8bd5bd.dividers-on:not(.mode-masonry) article.visible.first:not(.product) {\n  margin-top: 0;\n  padding-top: 0;\n}\n.blog-shortcode.blog-masonry-shortcode-id-844500629cfc6995dd6dadaabe8bd5bd .post-thumbnail-wrap {\n  padding: 0px 0px 0px 0px;\n}\n.blog-shortcode.blog-masonry-shortcode-id-844500629cfc6995dd6dadaabe8bd5bd.enable-bg-rollover .post-thumbnail-rollover:after {\n  background: -webkit-linear-gradient();\n  background: linear-gradient();\n}\n.blog-shortcode.blog-masonry-shortcode-id-844500629cfc6995dd6dadaabe8bd5bd .gallery-zoom-ico {\n  width: 44px;\n  height: 44px;\n  line-height: 44px;\n  border-radius: 100px;\n  margin: -22px 0 0 -22px;\n  border-width: 0px;\n  color: #ffffff;\n}\n.bottom-overlap-layout-list.blog-shortcode.blog-masonry-shortcode-id-844500629cfc6995dd6dadaabe8bd5bd .gallery-zoom-ico {\n  margin-top: -72px;\n}\n.gradient-overlay-layout-list.blog-shortcode.blog-masonry-shortcode-id-844500629cfc6995dd6dadaabe8bd5bd .gallery-zoom-ico,\n.content-rollover-layout-list.blog-shortcode.blog-masonry-shortcode-id-844500629cfc6995dd6dadaabe8bd5bd .gallery-zoom-ico {\n  margin: 0 0 10px;\n}\n.content-align-center.gradient-overlay-layout-list.blog-shortcode.blog-masonry-shortcode-id-844500629cfc6995dd6dadaabe8bd5bd .gallery-zoom-ico,\n.content-align-center.content-rollover-layout-list.blog-shortcode.blog-masonry-shortcode-id-844500629cfc6995dd6dadaabe8bd5bd .gallery-zoom-ico {\n  margin: 0 auto 10px;\n}\n.dt-icon-bg-on.blog-shortcode.blog-masonry-shortcode-id-844500629cfc6995dd6dadaabe8bd5bd .gallery-zoom-ico {\n  background: rgba(255,255,255,0.3);\n  box-shadow: none;\n}\n.blog-shortcode.blog-masonry-shortcode-id-844500629cfc6995dd6dadaabe8bd5bd .gallery-zoom-ico > span,\n.blog-shortcode.blog-masonry-shortcode-id-844500629cfc6995dd6dadaabe8bd5bd .gallery-zoom-ico:before {\n  font-size: 32px;\n  line-height: 44px;\n}\n.blog-shortcode.blog-masonry-shortcode-id-844500629cfc6995dd6dadaabe8bd5bd .gallery-zoom-ico > span,\n.blog-shortcode.blog-masonry-shortcode-id-844500629cfc6995dd6dadaabe8bd5bd .gallery-zoom-ico:before {\n  color: #ffffff;\n}\n.blog-shortcode.blog-masonry-shortcode-id-844500629cfc6995dd6dadaabe8bd5bd .entry-title,\n.blog-shortcode.blog-masonry-shortcode-id-844500629cfc6995dd6dadaabe8bd5bd.owl-carousel .entry-title {\n  margin-bottom: 5px;\n  font-weight: bold;\n}\n.blog-shortcode.blog-masonry-shortcode-id-844500629cfc6995dd6dadaabe8bd5bd .entry-meta {\n  margin-bottom: 15px;\n}\n.blog-shortcode.blog-masonry-shortcode-id-844500629cfc6995dd6dadaabe8bd5bd .portfolio-categories {\n  margin-bottom: 15px;\n}\n.blog-shortcode.blog-masonry-shortcode-id-844500629cfc6995dd6dadaabe8bd5bd .entry-excerpt {\n  margin-bottom: 5px;\n}\n.blog-shortcode.blog-masonry-shortcode-id-844500629cfc6995dd6dadaabe8bd5bd:not(.centered-layout-list) .post-entry-content {\n  padding: 25px 30px 30px 30px;\n}\n.blog-shortcode.blog-masonry-shortcode-id-844500629cfc6995dd6dadaabe8bd5bd:not(.centered-layout-list):not(.content-bg-on):not(.mode-list) .no-img .post-entry-content {\n  padding: 0;\n}\n@media screen and (max-width: ) {\n  .blog-shortcode.blog-masonry-shortcode-id-844500629cfc6995dd6dadaabe8bd5bd article {\n    -ms-flex-flow: column nowrap;\n    flex-flow: column nowrap;\n    margin-top: 20px;\n  }\n  .blog-shortcode.blog-masonry-shortcode-id-844500629cfc6995dd6dadaabe8bd5bd.dividers-on article {\n    border: none;\n  }\n  .blog-shortcode.blog-masonry-shortcode-id-844500629cfc6995dd6dadaabe8bd5bd.content-bg-on.centered-layout-list article {\n    padding: 0;\n  }\n  .blog-shortcode.blog-masonry-shortcode-id-844500629cfc6995dd6dadaabe8bd5bd.blog-shortcode.dividers-on article,\n  .blog-shortcode.blog-masonry-shortcode-id-844500629cfc6995dd6dadaabe8bd5bd.dividers-on.classic-layout-list article {\n    margin-top: 20px;\n    padding: 0;\n  }\n  .blog-shortcode.blog-masonry-shortcode-id-844500629cfc6995dd6dadaabe8bd5bd.blog-shortcode.dividers-on article:first-of-type,\n  .blog-shortcode.blog-masonry-shortcode-id-844500629cfc6995dd6dadaabe8bd5bd.dividers-on.classic-layout-list article:first-of-type {\n    padding: 0;\n  }\n  #page .blog-shortcode.blog-masonry-shortcode-id-844500629cfc6995dd6dadaabe8bd5bd .post-thumbnail-wrap,\n  #page .blog-shortcode.blog-masonry-shortcode-id-844500629cfc6995dd6dadaabe8bd5bd .post-entry-content {\n    width: 100%;\n    margin: 0;\n    top: 0;\n  }\n  #page .blog-shortcode.blog-masonry-shortcode-id-844500629cfc6995dd6dadaabe8bd5bd .post-thumbnail-wrap {\n    padding: 0;\n  }\n  #page .blog-shortcode.blog-masonry-shortcode-id-844500629cfc6995dd6dadaabe8bd5bd .post-entry-content:after {\n    display: none;\n  }\n  #page .blog-shortcode.blog-masonry-shortcode-id-844500629cfc6995dd6dadaabe8bd5bd .project-even .post-thumbnail-wrap,\n  #page .blog-shortcode.blog-masonry-shortcode-id-844500629cfc6995dd6dadaabe8bd5bd.centered-layout-list .post-thumbnail-wrap {\n    -ms-flex-order: 0;\n    order: 0;\n  }\n  #page .blog-shortcode.blog-masonry-shortcode-id-844500629cfc6995dd6dadaabe8bd5bd.centered-layout-list .post-entry-title-content {\n    -ms-flex-order: 1;\n    order: 1;\n    width: 100%;\n    padding: 20px 20px 0;\n  }\n  #page .blog-shortcode.blog-masonry-shortcode-id-844500629cfc6995dd6dadaabe8bd5bd.centered-layout-list .post-entry-content {\n    -ms-flex-order: 2;\n    order: 2;\n    padding-top: 0;\n  }\n  #page .blog-shortcode.blog-masonry-shortcode-id-844500629cfc6995dd6dadaabe8bd5bd .fancy-categories {\n    top: 10px;\n    left: 10px;\n    bottom: auto;\n    right: auto;\n  }\n  #page .blog-shortcode.blog-masonry-shortcode-id-844500629cfc6995dd6dadaabe8bd5bd .fancy-date a {\n    top: 10px;\n    right: 10px;\n    left: auto;\n    bottom: auto;\n  }\n  #page .blog-shortcode.blog-masonry-shortcode-id-844500629cfc6995dd6dadaabe8bd5bd .post-entry-content {\n    padding: 20px;\n  }\n  #page .blog-shortcode.blog-masonry-shortcode-id-844500629cfc6995dd6dadaabe8bd5bd .entry-title {\n    margin: 3px 0 5px;\n    font-size: 20px;\n    line-height: 26px;\n  }\n  #page .blog-shortcode.blog-masonry-shortcode-id-844500629cfc6995dd6dadaabe8bd5bd .entry-meta {\n    margin: 5px 0 5px;\n  }\n  #page .blog-shortcode.blog-masonry-shortcode-id-844500629cfc6995dd6dadaabe8bd5bd .entry-excerpt {\n    margin: 15px 0 0;\n  }\n  #page .blog-shortcode.blog-masonry-shortcode-id-844500629cfc6995dd6dadaabe8bd5bd .post-details {\n    margin: 5px 0 10px;\n  }\n  #page .blog-shortcode.blog-masonry-shortcode-id-844500629cfc6995dd6dadaabe8bd5bd .post-details.details-type-link {\n    margin-bottom: 2px;\n  }\n}\n.blog-shortcode.blog-masonry-shortcode-id-844500629cfc6995dd6dadaabe8bd5bd:not(.resize-by-browser-width) .dt-css-grid {\n  grid-row-gap: 30px;\n  grid-column-gap: 30px;\n  grid-template-columns: repeat(auto-fill,minmax(,1fr));\n}\n.blog-shortcode.blog-masonry-shortcode-id-844500629cfc6995dd6dadaabe8bd5bd:not(.resize-by-browser-width) .dt-css-grid .double-width {\n  grid-column: span 2;\n}\n.cssgridlegacy.no-cssgrid .blog-shortcode.blog-masonry-shortcode-id-844500629cfc6995dd6dadaabe8bd5bd:not(.resize-by-browser-width) .dt-css-grid,\n.no-cssgridlegacy.no-cssgrid .blog-shortcode.blog-masonry-shortcode-id-844500629cfc6995dd6dadaabe8bd5bd:not(.resize-by-browser-width) .dt-css-grid {\n  display: flex;\n  flex-flow: row wrap;\n  margin: -15px;\n}\n.cssgridlegacy.no-cssgrid .blog-shortcode.blog-masonry-shortcode-id-844500629cfc6995dd6dadaabe8bd5bd:not(.resize-by-browser-width) .dt-css-grid .wf-cell,\n.no-cssgridlegacy.no-cssgrid .blog-shortcode.blog-masonry-shortcode-id-844500629cfc6995dd6dadaabe8bd5bd:not(.resize-by-browser-width) .dt-css-grid .wf-cell {\n  flex: 1 0 ;\n  max-width: 100%;\n  padding: 15px;\n  box-sizing: border-box;\n}\n.blog-shortcode.blog-masonry-shortcode-id-844500629cfc6995dd6dadaabe8bd5bd.resize-by-browser-width .dt-css-grid {\n  grid-template-columns: repeat(2,1fr);\n  grid-template-rows: auto;\n  grid-column-gap: 30px;\n  grid-row-gap: 30px;\n}\n.blog-shortcode.blog-masonry-shortcode-id-844500629cfc6995dd6dadaabe8bd5bd.resize-by-browser-width .dt-css-grid .double-width {\n  grid-column: span 2;\n}\n.cssgridlegacy.no-cssgrid .blog-shortcode.blog-masonry-shortcode-id-844500629cfc6995dd6dadaabe8bd5bd.resize-by-browser-width .dt-css-grid {\n  margin: -15px;\n}\n.cssgridlegacy.no-cssgrid .blog-shortcode.blog-masonry-shortcode-id-844500629cfc6995dd6dadaabe8bd5bd.resize-by-browser-width .dt-css-grid .wf-cell {\n  width: 50%;\n  padding: 15px;\n}\n.cssgridlegacy.no-cssgrid .blog-shortcode.blog-masonry-shortcode-id-844500629cfc6995dd6dadaabe8bd5bd.resize-by-browser-width .dt-css-grid .wf-cell.double-width {\n  width: calc(50%) * 2;\n}\n.blog-shortcode.blog-masonry-shortcode-id-844500629cfc6995dd6dadaabe8bd5bd.resize-by-browser-width:not(.centered-layout-list):not(.content-bg-on) .dt-css-grid {\n  grid-row-gap: 0px;\n}\n@media screen and (max-width: 1199px) {\n  .blog-shortcode.blog-masonry-shortcode-id-844500629cfc6995dd6dadaabe8bd5bd.resize-by-browser-width .dt-css-grid {\n    grid-template-columns: repeat(2,1fr);\n  }\n  .cssgridlegacy.no-cssgrid .blog-shortcode.blog-masonry-shortcode-id-844500629cfc6995dd6dadaabe8bd5bd.resize-by-browser-width .dt-css-grid .wf-cell,\n  .no-cssgridlegacy.no-cssgrid .blog-shortcode.blog-masonry-shortcode-id-844500629cfc6995dd6dadaabe8bd5bd.resize-by-browser-width .dt-css-grid .wf-cell {\n    width: 50%;\n  }\n  .cssgridlegacy.no-cssgrid .blog-shortcode.blog-masonry-shortcode-id-844500629cfc6995dd6dadaabe8bd5bd.resize-by-browser-width .dt-css-grid .wf-cell.double-width,\n  .no-cssgridlegacy.no-cssgrid .blog-shortcode.blog-masonry-shortcode-id-844500629cfc6995dd6dadaabe8bd5bd.resize-by-browser-width .dt-css-grid .wf-cell.double-width {\n    width: calc(50%)*2;\n  }\n}\n@media screen and (max-width: 991px) {\n  .blog-shortcode.blog-masonry-shortcode-id-844500629cfc6995dd6dadaabe8bd5bd.resize-by-browser-width .dt-css-grid {\n    grid-template-columns: repeat(1,1fr);\n  }\n  .cssgridlegacy.no-cssgrid .blog-shortcode.blog-masonry-shortcode-id-844500629cfc6995dd6dadaabe8bd5bd.resize-by-browser-width .dt-css-grid .wf-cell,\n  .no-cssgridlegacy.no-cssgrid .blog-shortcode.blog-masonry-shortcode-id-844500629cfc6995dd6dadaabe8bd5bd.resize-by-browser-width .dt-css-grid .wf-cell {\n    width: 100%;\n  }\n  .cssgridlegacy.no-cssgrid .blog-shortcode.blog-masonry-shortcode-id-844500629cfc6995dd6dadaabe8bd5bd.resize-by-browser-width .dt-css-grid .wf-cell.double-width,\n  .no-cssgridlegacy.no-cssgrid .blog-shortcode.blog-masonry-shortcode-id-844500629cfc6995dd6dadaabe8bd5bd.resize-by-browser-width .dt-css-grid .wf-cell.double-width {\n    width: calc(100%)*2;\n  }\n}\n@media screen and (max-width: 767px) {\n  .blog-shortcode.blog-masonry-shortcode-id-844500629cfc6995dd6dadaabe8bd5bd.resize-by-browser-width .dt-css-grid {\n    grid-template-columns: repeat(1,1fr);\n  }\n  .blog-shortcode.blog-masonry-shortcode-id-844500629cfc6995dd6dadaabe8bd5bd.resize-by-browser-width .dt-css-grid .double-width {\n    grid-column: span 1;\n  }\n  .cssgridlegacy.no-cssgrid .blog-shortcode.blog-masonry-shortcode-id-844500629cfc6995dd6dadaabe8bd5bd.resize-by-browser-width .dt-css-grid .wf-cell,\n  .no-cssgridlegacy.no-cssgrid .blog-shortcode.blog-masonry-shortcode-id-844500629cfc6995dd6dadaabe8bd5bd.resize-by-browser-width .dt-css-grid .wf-cell {\n    width: 100%;\n  }\n  .cssgridlegacy.no-cssgrid .blog-shortcode.blog-masonry-shortcode-id-844500629cfc6995dd6dadaabe8bd5bd.resize-by-browser-width .dt-css-grid .wf-cell.double-width,\n  .no-cssgridlegacy.no-cssgrid .blog-shortcode.blog-masonry-shortcode-id-844500629cfc6995dd6dadaabe8bd5bd.resize-by-browser-width .dt-css-grid .wf-cell.double-width {\n    width: calc(100%)*2;\n  }\n}<\/style><div class=\"blog-shortcode blog-masonry-shortcode-id-844500629cfc6995dd6dadaabe8bd5bd mode-grid classic-layout-list content-bg-on jquery-filter scale-img dt-css-grid-wrap dt-icon-bg-off resize-by-browser-width loading-effect-none description-under-image \" data-padding=\"15px\" data-cur-page=\"1\" data-post-limit=\"-1\" data-pagination-mode=\"none\" data-desktop-columns-num=\"2\" data-v-tablet-columns-num=\"1\" data-h-tablet-columns-num=\"2\" data-phone-columns-num=\"1\" data-width=\"0px\" data-columns=\"0\"><div class=\"dt-css-grid\" ><div class=\"visible wf-cell\" data-post-id=\"176497\" data-date=\"2025-02-03T14:24:00+00:00\" data-name=\"\ud83c\udfac \u201cSecond Thoughts\u201d in the Valentine&#039;s Day special on MUBI\"><article class=\"post project-odd visible post-176497 type-post status-publish format-standard has-post-thumbnail hentry category-cinema category-darling-berlin category-film-en category-film-distribution-en category-news-en tag-berlin-en tag-dffb-en tag-dffb-2 tag-elisa-pluess-en tag-henriette-confurius-en tag-ich-ich-ich-en tag-judith-van-der-werff-en tag-lola-klamroth-en tag-mubi-2 tag-mubi-3 tag-pablo-grant-en tag-paul-lux-en tag-roy-andersson-en tag-sebastian-schneider-en tag-thomas-fraenzel-en tag-wenka-von-mikulicz-en tag-zora-rux-en category-1011 category-22 category-942 category-15326 category-941\" data-name=\"\ud83c\udfac \u201cSecond Thoughts\u201d in the Valentine&#8217;s Day special on MUBI\" data-date=\"2025-02-03T14:24:00+00:00\">\n\n<div class=\"post-thumbnail-wrap\">\n\t<div class=\"post-thumbnail\">\n\t\t\n\t\t\n\t\t<a href=\"https:\/\/ucm.one\/en\/second-thoughts-in-the-valentines-day-special-on-mubi\/\" class=\"post-thumbnail-rollover layzr-bg layzr-bg\" ><img decoding=\"async\" class=\"iso-lazy-load preload-me iso-lazy-load aspect\" src=\"data:image\/svg+xml,%3Csvg%20xmlns%3D&#39;http%3A%2F%2Fwww.w3.org%2F2000%2Fsvg&#39;%20viewBox%3D&#39;0%200%20990%20309&#39;%2F%3E\" data-src=\"https:\/\/ucm.one\/wp-content\/uploads\/2025\/02\/NB-Ich-Ich-Ich-Valentinstag2025-MUBI-en-990x309.jpg\" data-srcset=\"https:\/\/ucm.one\/wp-content\/uploads\/2025\/02\/NB-Ich-Ich-Ich-Valentinstag2025-MUBI-en-990x309.jpg 990w, https:\/\/ucm.one\/wp-content\/uploads\/2025\/02\/NB-Ich-Ich-Ich-Valentinstag2025-MUBI-en-1485x464.jpg 1485w\" loading=\"eager\" style=\"--ratio: 990 \/ 309\" sizes=\"(max-width: 990px) 100vw, 990px\" alt=\"\" title=\"NB-Ich-Ich-Ich-Valentinstag2025-MUBI-en\" width=\"990\" height=\"309\"  \/><\/a>\t<\/div>\n<\/div>\n\n\n<div class=\"post-entry-content\">\n\n\t<h3 class=\"entry-title\">\n\t\t<a href=\"https:\/\/ucm.one\/en\/second-thoughts-in-the-valentines-day-special-on-mubi\/\" title=\"\ud83c\udfac \u201cSecond Thoughts\u201d in the Valentine&#8217;s Day special on MUBI\" rel=\"bookmark\">\ud83c\udfac \u201cSecond Thoughts\u201d in the Valentine&#8217;s Day special on MUBI<\/a>\n\t<\/h3>\n\n\t<div class=\"entry-meta\"><span class=\"category-link\"><a href=\"https:\/\/ucm.one\/en\/category\/news-en\/cinema\/\" >Cinema<\/a>, <a href=\"https:\/\/ucm.one\/en\/category\/news-en\/film-en\/darling-berlin\/\" >Darling Berlin<\/a>, <a href=\"https:\/\/ucm.one\/en\/category\/news-en\/film-en\/\" >Film<\/a>, <a href=\"https:\/\/ucm.one\/en\/category\/news-en\/media-distribution-en\/film-distribution-en\/\" >Film Distribution<\/a>, <a href=\"https:\/\/ucm.one\/en\/category\/news-en\/\" >News<\/a><\/span><a class=\"author vcard\" href=\"\" title=\"View all posts by robert.zimmermann\" rel=\"author\">By <span class=\"fn\">robert.zimmermann<\/span><\/a><a href=\"https:\/\/ucm.one\/en\/2025\/02\/03\/\" title=\"14:24\" class=\"data-link\" rel=\"bookmark\"><time class=\"entry-date updated\" datetime=\"2025-02-03T14:24:00+00:00\">3. February 2025<\/time><\/a><\/div>\n\t<div class=\"entry-excerpt\"><p>[vc_row][vc_column][vc_column_text css=&#8221;&#8221;] The arthouse streaming service MUBI is showing the Darling Berlin film \u201cSecond Thoughts (German title: &#8220;Ich Ich Ich&#8221;) as part of the film series \u201cWill They? Won&#8217;t They?\u201d. [\/vc_column_text][vc_column_text css=&#8221;&#8221;]Director Zora Rux&#8217;s feature film debut, starring Elisa Pl\u00fcss and Thomas Fr\u00e4nzel, premiered on September 25, 2021 at the Zurich Film Festival and screened&hellip;<\/p>\n<\/div>\n\t\n<a href=\"https:\/\/ucm.one\/en\/second-thoughts-in-the-valentines-day-special-on-mubi\/\" class=\"post-details details-type-link\" aria-label=\"Read more about \ud83c\udfac \u201cSecond Thoughts\u201d in the Valentine&#8217;s Day special on MUBI\">More<i class=\"dt-icon-the7-arrow-03\" aria-hidden=\"true\"><\/i><\/a>\n\n<\/div><\/article><\/div><div class=\"visible wf-cell\" data-post-id=\"82734\" data-date=\"2022-12-01T11:13:47+00:00\" data-name=\"\ud83c\udfac &quot;Second Thoughts&quot; (Darling Berlin) by Zora Rux in German cinemas as of today\"><article class=\"post project-odd visible post-82734 type-post status-publish format-standard has-post-thumbnail hentry category-cinema category-darling-berlin category-film-en category-news-en tag-berlin-en tag-darling-berlin-en tag-dffb-2 tag-dffb-en tag-dffb tag-elisa-pluess-en tag-henriette-confurius-en tag-ich-ich-ich-en tag-judith-van-der-werff-en tag-kinostart-en tag-kulturbrauerei-en tag-lola-klamroth-en tag-pablo-grant-en tag-paul-lux-en tag-roy-andersson-en tag-sebastian-schneider-en tag-second-thoughts tag-thomas-fraenzel-en tag-wenka-von-mikulicz-en tag-zora-rux-en category-1011 category-22 category-942 category-941\" data-name=\"\ud83c\udfac &#8220;Second Thoughts&#8221; (Darling Berlin) by Zora Rux in German cinemas as of today\" data-date=\"2022-12-01T11:13:47+00:00\">\n\n<div class=\"post-thumbnail-wrap\">\n\t<div class=\"post-thumbnail\">\n\t\t\n\t\t\n\t\t<a href=\"https:\/\/ucm.one\/en\/second-thoughts-darling-berlin-by-zora-rux-in-german-cinemas-as-of-today\/\" class=\"post-thumbnail-rollover layzr-bg layzr-bg\" ><img decoding=\"async\" class=\"iso-lazy-load preload-me iso-lazy-load aspect\" src=\"data:image\/svg+xml,%3Csvg%20xmlns%3D&#39;http%3A%2F%2Fwww.w3.org%2F2000%2Fsvg&#39;%20viewBox%3D&#39;0%200%20990%20309&#39;%2F%3E\" data-src=\"https:\/\/ucm.one\/wp-content\/uploads\/2022\/12\/Second-Thoughts-in-Cinemas-1920x600-1-990x309.jpg\" data-srcset=\"https:\/\/ucm.one\/wp-content\/uploads\/2022\/12\/Second-Thoughts-in-Cinemas-1920x600-1-990x309.jpg 990w, https:\/\/ucm.one\/wp-content\/uploads\/2022\/12\/Second-Thoughts-in-Cinemas-1920x600-1-1485x464.jpg 1485w\" loading=\"eager\" style=\"--ratio: 990 \/ 309\" sizes=\"(max-width: 990px) 100vw, 990px\" alt=\"\" title=\"Second Thoughts in Cinemas 1920&#215;600\" width=\"990\" height=\"309\"  \/><\/a>\t<\/div>\n<\/div>\n\n\n<div class=\"post-entry-content\">\n\n\t<h3 class=\"entry-title\">\n\t\t<a href=\"https:\/\/ucm.one\/en\/second-thoughts-darling-berlin-by-zora-rux-in-german-cinemas-as-of-today\/\" title=\"\ud83c\udfac &#8220;Second Thoughts&#8221; (Darling Berlin) by Zora Rux in German cinemas as of today\" rel=\"bookmark\">\ud83c\udfac &#8220;Second Thoughts&#8221; (Darling Berlin) by Zora Rux in German cinemas as of today<\/a>\n\t<\/h3>\n\n\t<div class=\"entry-meta\"><span class=\"category-link\"><a href=\"https:\/\/ucm.one\/en\/category\/news-en\/cinema\/\" >Cinema<\/a>, <a href=\"https:\/\/ucm.one\/en\/category\/news-en\/film-en\/darling-berlin\/\" >Darling Berlin<\/a>, <a href=\"https:\/\/ucm.one\/en\/category\/news-en\/film-en\/\" >Film<\/a>, <a href=\"https:\/\/ucm.one\/en\/category\/news-en\/\" >News<\/a><\/span><a class=\"author vcard\" href=\"\" title=\"View all posts by Joachim Keil\" rel=\"author\">By <span class=\"fn\">Joachim Keil<\/span><\/a><a href=\"https:\/\/ucm.one\/en\/2022\/12\/01\/\" title=\"11:13\" class=\"data-link\" rel=\"bookmark\"><time class=\"entry-date updated\" datetime=\"2022-12-01T11:13:47+00:00\">1. December 2022<\/time><\/a><\/div>\n\t<div class=\"entry-excerpt\"><p>[vc_row][vc_column][vc_column_text] Today the moving feature film &#8220;Second Thoughts&#8221; (German title: &#8220;Ich Ich Ich&#8220;) by director Zora Rux on the Darling Berlin label distributed by UCM.ONE opens in cinemas nationwide. The premiere took place yesterday at the KuturBrauerei in Berlin. [\/vc_column_text][vc_column_text]What would happen if you showed each other your thoughts? How much honesty can a relationship&hellip;<\/p>\n<\/div>\n\t\n<a href=\"https:\/\/ucm.one\/en\/second-thoughts-darling-berlin-by-zora-rux-in-german-cinemas-as-of-today\/\" class=\"post-details details-type-link\" aria-label=\"Read more about \ud83c\udfac &#8220;Second Thoughts&#8221; (Darling Berlin) by Zora Rux in German cinemas as of today\">More<i class=\"dt-icon-the7-arrow-03\" aria-hidden=\"true\"><\/i><\/a>\n\n<\/div><\/article><\/div><div class=\"visible wf-cell\" data-post-id=\"80705\" data-date=\"2022-11-13T11:27:23+00:00\" data-name=\"\ud83c\udfac &quot;Second Thoughts&quot; by Zora Rux awarded at the 21st FILMZ - Festival of German Cinema in Mainz\"><article class=\"post project-odd visible post-80705 type-post status-publish format-standard has-post-thumbnail hentry category-cinema category-darling-berlin category-film-en category-news-en tag-biberach-2 tag-darling-berlin-en tag-dffb-en tag-dffb-2 tag-filmz-en tag-ich-ich-ich-en tag-mainz-en tag-mainz-2 tag-mainz tag-roy-andersson-en tag-second-thoughts tag-zora-rux-en category-1011 category-22 category-942 category-941\" data-name=\"\ud83c\udfac &#8220;Second Thoughts&#8221; by Zora Rux awarded at the 21st FILMZ &#8211; Festival of German Cinema in Mainz\" data-date=\"2022-11-13T11:27:23+00:00\">\n\n<div class=\"post-thumbnail-wrap\">\n\t<div class=\"post-thumbnail\">\n\t\t\n\t\t\n\t\t<a href=\"https:\/\/ucm.one\/en\/second-thoughts-by-zora-rux-awarded-at-the-21st-filmz-festival-of-german-cinema-in-mainz\/\" class=\"post-thumbnail-rollover layzr-bg layzr-bg\" ><img decoding=\"async\" class=\"iso-lazy-load preload-me iso-lazy-load aspect\" src=\"data:image\/svg+xml,%3Csvg%20xmlns%3D&#39;http%3A%2F%2Fwww.w3.org%2F2000%2Fsvg&#39;%20viewBox%3D&#39;0%200%20990%20309&#39;%2F%3E\" data-src=\"https:\/\/ucm.one\/wp-content\/uploads\/2022\/11\/Ich-Ich-Ich-News-Special-Prize-Filmz-1920x600-1-990x309.jpg\" data-srcset=\"https:\/\/ucm.one\/wp-content\/uploads\/2022\/11\/Ich-Ich-Ich-News-Special-Prize-Filmz-1920x600-1-990x309.jpg 990w, https:\/\/ucm.one\/wp-content\/uploads\/2022\/11\/Ich-Ich-Ich-News-Special-Prize-Filmz-1920x600-1-1485x464.jpg 1485w\" loading=\"eager\" style=\"--ratio: 990 \/ 309\" sizes=\"(max-width: 990px) 100vw, 990px\" alt=\"\" title=\"Ich-Ich-Ich-News-Special-Prize-Filmz-1920&#215;600\" width=\"990\" height=\"309\"  \/><\/a>\t<\/div>\n<\/div>\n\n\n<div class=\"post-entry-content\">\n\n\t<h3 class=\"entry-title\">\n\t\t<a href=\"https:\/\/ucm.one\/en\/second-thoughts-by-zora-rux-awarded-at-the-21st-filmz-festival-of-german-cinema-in-mainz\/\" title=\"\ud83c\udfac &#8220;Second Thoughts&#8221; by Zora Rux awarded at the 21st FILMZ &#8211; Festival of German Cinema in Mainz\" rel=\"bookmark\">\ud83c\udfac &#8220;Second Thoughts&#8221; by Zora Rux awarded at the 21st FILMZ &#8211; Festival of German Cinema in Mainz<\/a>\n\t<\/h3>\n\n\t<div class=\"entry-meta\"><span class=\"category-link\"><a href=\"https:\/\/ucm.one\/en\/category\/news-en\/cinema\/\" >Cinema<\/a>, <a href=\"https:\/\/ucm.one\/en\/category\/news-en\/film-en\/darling-berlin\/\" >Darling Berlin<\/a>, <a href=\"https:\/\/ucm.one\/en\/category\/news-en\/film-en\/\" >Film<\/a>, <a href=\"https:\/\/ucm.one\/en\/category\/news-en\/\" >News<\/a><\/span><a class=\"author vcard\" href=\"\" title=\"View all posts by Joachim Keil\" rel=\"author\">By <span class=\"fn\">Joachim Keil<\/span><\/a><a href=\"https:\/\/ucm.one\/en\/2022\/11\/13\/\" title=\"11:27\" class=\"data-link\" rel=\"bookmark\"><time class=\"entry-date updated\" datetime=\"2022-11-13T11:27:23+00:00\">13. November 2022<\/time><\/a><\/div>\n\t<div class=\"entry-excerpt\"><p>[vc_row][vc_column][vc_column_text]For the first time at this year&#8217;s 21st FILMZ Festival of German Film, Mainz (3-13 Nov 2022), the special prize for outstanding achievements in film was awarded by the state capital Mainz. Cinematographer Jesse Mazuch received this special prize for his camera work in &#8220;Second Thoughts&#8220;.[\/vc_column_text][vc_column_text]In her first feature film &#8220;Ich Ich Ich&#8221; (English title:&hellip;<\/p>\n<\/div>\n\t\n<a href=\"https:\/\/ucm.one\/en\/second-thoughts-by-zora-rux-awarded-at-the-21st-filmz-festival-of-german-cinema-in-mainz\/\" class=\"post-details details-type-link\" aria-label=\"Read more about \ud83c\udfac &#8220;Second Thoughts&#8221; by Zora Rux awarded at the 21st FILMZ &#8211; Festival of German Cinema in Mainz\">More<i class=\"dt-icon-the7-arrow-03\" aria-hidden=\"true\"><\/i><\/a>\n\n<\/div><\/article><\/div><div class=\"visible wf-cell\" data-post-id=\"79610\" data-date=\"2022-11-01T22:20:01+00:00\" data-name=\"\ud83c\udfac &quot;Ich Ich Ich&quot; by Zora Rux (Darling Berlin) at the Biberach Film Festival and at the FILMZ in Mainz\"><article class=\"post project-odd visible post-79610 type-post status-publish format-standard has-post-thumbnail hentry category-cinema category-darling-berlin category-film-en category-news-en tag-biberach-en tag-biberach-2 tag-biberacher-filmfestpielen-en tag-capitol-kino-en tag-darling-berlin-en tag-dffb-en tag-dffb-2 tag-filmz-en tag-ich-ich-ich-en tag-mainz-2 tag-mainz-en tag-orion-kino-en tag-roy-andersson-en tag-zora-rux-en category-1011 category-22 category-942 category-941\" data-name=\"\ud83c\udfac &#8220;Ich Ich Ich&#8221; by Zora Rux (Darling Berlin) at the Biberach Film Festival and at the FILMZ in Mainz\" data-date=\"2022-11-01T22:20:01+00:00\">\n\n<div class=\"post-thumbnail-wrap\">\n\t<div class=\"post-thumbnail\">\n\t\t\n\t\t\n\t\t<a href=\"https:\/\/ucm.one\/en\/ich-ich-ich-by-zora-rux-darling-berlin-at-the-biberach-film-festival-and-at-the-filmz-in-mainz\/\" class=\"post-thumbnail-rollover layzr-bg layzr-bg\" ><img decoding=\"async\" class=\"iso-lazy-load preload-me iso-lazy-load aspect\" src=\"data:image\/svg+xml,%3Csvg%20xmlns%3D&#39;http%3A%2F%2Fwww.w3.org%2F2000%2Fsvg&#39;%20viewBox%3D&#39;0%200%20990%20309&#39;%2F%3E\" data-src=\"https:\/\/ucm.one\/wp-content\/uploads\/2022\/11\/B-Ich-Ich-Ich-News-Biberach-Mainz-990x309.jpg\" data-srcset=\"https:\/\/ucm.one\/wp-content\/uploads\/2022\/11\/B-Ich-Ich-Ich-News-Biberach-Mainz-990x309.jpg 990w, https:\/\/ucm.one\/wp-content\/uploads\/2022\/11\/B-Ich-Ich-Ich-News-Biberach-Mainz-1485x464.jpg 1485w\" loading=\"eager\" style=\"--ratio: 990 \/ 309\" sizes=\"(max-width: 990px) 100vw, 990px\" alt=\"\" title=\"B Ich Ich Ich News Biberach Mainz\" width=\"990\" height=\"309\"  \/><\/a>\t<\/div>\n<\/div>\n\n\n<div class=\"post-entry-content\">\n\n\t<h3 class=\"entry-title\">\n\t\t<a href=\"https:\/\/ucm.one\/en\/ich-ich-ich-by-zora-rux-darling-berlin-at-the-biberach-film-festival-and-at-the-filmz-in-mainz\/\" title=\"\ud83c\udfac &#8220;Ich Ich Ich&#8221; by Zora Rux (Darling Berlin) at the Biberach Film Festival and at the FILMZ in Mainz\" rel=\"bookmark\">\ud83c\udfac &#8220;Ich Ich Ich&#8221; by Zora Rux (Darling Berlin) at the Biberach Film Festival and at the FILMZ in Mainz<\/a>\n\t<\/h3>\n\n\t<div class=\"entry-meta\"><span class=\"category-link\"><a href=\"https:\/\/ucm.one\/en\/category\/news-en\/cinema\/\" >Cinema<\/a>, <a href=\"https:\/\/ucm.one\/en\/category\/news-en\/film-en\/darling-berlin\/\" >Darling Berlin<\/a>, <a href=\"https:\/\/ucm.one\/en\/category\/news-en\/film-en\/\" >Film<\/a>, <a href=\"https:\/\/ucm.one\/en\/category\/news-en\/\" >News<\/a><\/span><a class=\"author vcard\" href=\"\" title=\"View all posts by Joachim Keil\" rel=\"author\">By <span class=\"fn\">Joachim Keil<\/span><\/a><a href=\"https:\/\/ucm.one\/en\/2022\/11\/01\/\" title=\"22:20\" class=\"data-link\" rel=\"bookmark\"><time class=\"entry-date updated\" datetime=\"2022-11-01T22:20:01+00:00\">1. November 2022<\/time><\/a><\/div>\n\t<div class=\"entry-excerpt\"><p>[vc_row][vc_column][vc_column_text]One month before its nationwide cinema release on December 01, 2022, the new Darling Berlin film &#8220;Ich Ich Ich&#8221; by Zora Rux will be screened at the Biberach Film Festival on Thursday and Friday this week. On 03.11, at 8:30 pm and on 04.11, at 1:30 pm at the Orion Kino. One week later, the&hellip;<\/p>\n<\/div>\n\t\n<a href=\"https:\/\/ucm.one\/en\/ich-ich-ich-by-zora-rux-darling-berlin-at-the-biberach-film-festival-and-at-the-filmz-in-mainz\/\" class=\"post-details details-type-link\" aria-label=\"Read more about \ud83c\udfac &#8220;Ich Ich Ich&#8221; by Zora Rux (Darling Berlin) at the Biberach Film Festival and at the FILMZ in Mainz\">More<i class=\"dt-icon-the7-arrow-03\" aria-hidden=\"true\"><\/i><\/a>\n\n<\/div><\/article><\/div><div class=\"visible wf-cell\" data-post-id=\"74222\" data-date=\"2022-08-22T18:46:01+00:00\" data-name=\"\ud83c\udfac Three Darling Berlin films in Berlin pop-up outdoor cinemas\"><article class=\"post project-odd visible post-74222 type-post status-publish format-standard has-post-thumbnail hentry category-cinema category-darling-berlin category-film-en category-movie-distribution category-news-en tag-achtung-berlin-en tag-darling-berlin-en tag-feldkino-en tag-freiluftkino-en tag-heikos-world-en tag-heikos-world tag-ich-ich-ich-en tag-kiezkino-charlottenburg-en tag-open-air-en tag-pia-hillenthal-en tag-searching-eva-en tag-tempelhofer-feld-en tag-zora-rux-en category-1011 category-22 category-942 category-4630 category-941\" data-name=\"\ud83c\udfac Three Darling Berlin films in Berlin pop-up outdoor cinemas\" data-date=\"2022-08-22T18:46:01+00:00\">\n\n<div class=\"post-thumbnail-wrap\">\n\t<div class=\"post-thumbnail\">\n\t\t\n\t\t\n\t\t<a href=\"https:\/\/ucm.one\/en\/three-darling-berlin-films-in-berlin-pop-up-outdoor-cinemas\/\" class=\"post-thumbnail-rollover layzr-bg layzr-bg\" ><img decoding=\"async\" class=\"iso-lazy-load preload-me iso-lazy-load aspect\" src=\"data:image\/svg+xml,%3Csvg%20xmlns%3D&#39;http%3A%2F%2Fwww.w3.org%2F2000%2Fsvg&#39;%20viewBox%3D&#39;0%200%20990%20309&#39;%2F%3E\" data-src=\"https:\/\/ucm.one\/wp-content\/uploads\/2022\/08\/B-Darling-Berlin-Pop-Up-Kinos-990x309.jpg\" data-srcset=\"https:\/\/ucm.one\/wp-content\/uploads\/2022\/08\/B-Darling-Berlin-Pop-Up-Kinos-990x309.jpg 990w, https:\/\/ucm.one\/wp-content\/uploads\/2022\/08\/B-Darling-Berlin-Pop-Up-Kinos-1485x464.jpg 1485w\" loading=\"eager\" style=\"--ratio: 990 \/ 309\" sizes=\"(max-width: 990px) 100vw, 990px\" alt=\"\" title=\"B Darling Berlin Pop-Up Kinos\" width=\"990\" height=\"309\"  \/><\/a>\t<\/div>\n<\/div>\n\n\n<div class=\"post-entry-content\">\n\n\t<h3 class=\"entry-title\">\n\t\t<a href=\"https:\/\/ucm.one\/en\/three-darling-berlin-films-in-berlin-pop-up-outdoor-cinemas\/\" title=\"\ud83c\udfac Three Darling Berlin films in Berlin pop-up outdoor cinemas\" rel=\"bookmark\">\ud83c\udfac Three Darling Berlin films in Berlin pop-up outdoor cinemas<\/a>\n\t<\/h3>\n\n\t<div class=\"entry-meta\"><span class=\"category-link\"><a href=\"https:\/\/ucm.one\/en\/category\/news-en\/cinema\/\" >Cinema<\/a>, <a href=\"https:\/\/ucm.one\/en\/category\/news-en\/film-en\/darling-berlin\/\" >Darling Berlin<\/a>, <a href=\"https:\/\/ucm.one\/en\/category\/news-en\/film-en\/\" >Film<\/a>, <a href=\"https:\/\/ucm.one\/en\/category\/news-en\/movie-distribution\/\" >Movie Distribution<\/a>, <a href=\"https:\/\/ucm.one\/en\/category\/news-en\/\" >News<\/a><\/span><a class=\"author vcard\" href=\"\" title=\"View all posts by Joachim Keil\" rel=\"author\">By <span class=\"fn\">Joachim Keil<\/span><\/a><a href=\"https:\/\/ucm.one\/en\/2022\/08\/22\/\" title=\"18:46\" class=\"data-link\" rel=\"bookmark\"><time class=\"entry-date updated\" datetime=\"2022-08-22T18:46:01+00:00\">22. August 2022<\/time><\/a><\/div>\n\t<div class=\"entry-excerpt\"><p>[vc_row][vc_column][vc_column_text]Three Darling Berlin films will be shown this week in three different Berlin pop-up cinemas. On Wednesday 24 August, after sunset, the documentary &#8220;Searching Eva&#8221; by Pia Hellenthal will start at the Feldkino on Tempelhofer Feld. On Thursday 25 August at 8 p.m. there will be a screening of &#8220;Heiko&#8217;s World&#8221; by Dominik Galizia in&hellip;<\/p>\n<\/div>\n\t\n<a href=\"https:\/\/ucm.one\/en\/three-darling-berlin-films-in-berlin-pop-up-outdoor-cinemas\/\" class=\"post-details details-type-link\" aria-label=\"Read more about \ud83c\udfac Three Darling Berlin films in Berlin pop-up outdoor cinemas\">More<i class=\"dt-icon-the7-arrow-03\" aria-hidden=\"true\"><\/i><\/a>\n\n<\/div><\/article><\/div><\/div><!-- iso-container|iso-grid --><\/div>[vc_btn title=&#8221;All News&#8221; style=&#8221;flat&#8221; align=&#8221;right&#8221; i_icon_fontawesome=&#8221;far fa-newspaper&#8221; add_icon=&#8221;true&#8221; link=&#8221;url:https%3A%2F%2Fucm.one%2Fen%2Ftag%2Fich-ich-ich-en%2F|title:All%20News|&#8221; css=&#8221;.vc_custom_1667889087234{margin-top: 25px !important;}&#8221;][vc_empty_space height=&#8221;15px&#8221;][\/vc_column][\/vc_row][vc_row][vc_column][vc_separator color=&#8221;custom&#8221; accent_color=&#8221;#0141a0&#8243;][\/vc_column][\/vc_row][vc_row css=&#8221;.vc_custom_1518458873891{margin-top: 65px !important;}&#8221;][vc_column width=&#8221;1\/4&#8243;][vc_btn title=&#8221;Overview&#8221; style=&#8221;flat&#8221; size=&#8221;lg&#8221; align=&#8221;center&#8221; i_icon_fontawesome=&#8221;fa fa-home&#8221; button_block=&#8221;true&#8221; add_icon=&#8221;true&#8221; link=&#8221;url:https%3A%2F%2Fucm.one%2Fen%2F|title:Overview|&#8221;][\/vc_column][vc_column width=&#8221;1\/4&#8243;][vc_btn title=&#8221;Cinema&#8221; style=&#8221;flat&#8221; size=&#8221;lg&#8221; align=&#8221;center&#8221; i_icon_fontawesome=&#8221;fas fa-star&#8221; button_block=&#8221;true&#8221; add_icon=&#8221;true&#8221; link=&#8221;url:https%3A%2F%2Fucm.one%2Fen%2Ftheatrical-distribution%2Ftheatrical-releases-2%2F%23ich-ich-ich|title:Heiko&#8217;s%20World&#8221;][\/vc_column][vc_column width=&#8221;1\/4&#8243;][vc_btn title=&#8221;Darling Berlin&#8221; style=&#8221;flat&#8221; size=&#8221;lg&#8221; align=&#8221;center&#8221; i_icon_fontawesome=&#8221;fas fa-arrow-right&#8221; button_block=&#8221;true&#8221; add_icon=&#8221;true&#8221; link=&#8221;url:https%3A%2F%2Fucm.one%2Fen%2Ffilm-labels%2Fdarling-berlin%2F|title:Darling%20Berlin|&#8221;][\/vc_column][vc_column width=&#8221;1\/4&#8243;][vc_btn title=&#8221;iMDB&#8221; style=&#8221;flat&#8221; color=&#8221;blue&#8221; size=&#8221;lg&#8221; align=&#8221;center&#8221; i_icon_fontawesome=&#8221;fab fa-imdb&#8221; button_block=&#8221;true&#8221; add_icon=&#8221;true&#8221; link=&#8221;url:https%3A%2F%2Fwww.imdb.com%2Ftitle%2Ftt6811556|title:Ich%20Ich%20Ich|target:_blank|&#8221;][\/vc_column][\/vc_row][vc_row content_placement=&#8221;middle&#8221; bg_type=&#8221;grad&#8221; ult_hide_row=&#8221;ult_hide_row_value&#8221; ult_hide_row_large_screen=&#8221;large_screen&#8221; ult_hide_row_desktop=&#8221;desktop&#8221; css=&#8221;.vc_custom_1518701755537{margin-top: 0px !important;padding-top: -50px !important;}&#8221; bg_grad=&#8221;background: -webkit-gradient(linear, left top, left bottom, color-stop(0%, #E3E3E3), color-stop(0%, #FFFFFF), color-stop(6%, #FFFFFF), color-stop(7%, #FFFFFF), color-stop(50%, #FFFFFF));background: -moz-linear-gradient(top,#E3E3E3 0%,#FFFFFF 0%,#FFFFFF 6%,#FFFFFF 7%,#FFFFFF 50%);background: -webkit-linear-gradient(top,#E3E3E3 0%,#FFFFFF 0%,#FFFFFF 6%,#FFFFFF 7%,#FFFFFF 50%);background: -o-linear-gradient(top,#E3E3E3 0%,#FFFFFF 0%,#FFFFFF 6%,#FFFFFF 7%,#FFFFFF 50%);background: -ms-linear-gradient(top,#E3E3E3 0%,#FFFFFF 0%,#FFFFFF 6%,#FFFFFF 7%,#FFFFFF 50%);background: linear-gradient(top,#E3E3E3 0%,#FFFFFF 0%,#FFFFFF 6%,#FFFFFF 7%,#FFFFFF 50%);&#8221;][vc_column][vc_btn title=&#8221;Contact&#8221; style=&#8221;flat&#8221; color=&#8221;sky&#8221; size=&#8221;lg&#8221; align=&#8221;center&#8221; i_icon_fontawesome=&#8221;far fa-envelope&#8221; button_block=&#8221;true&#8221; add_icon=&#8221;true&#8221; link=&#8221;url:https%3A%2F%2Fucm.one%2Fen%2Fcompany%2Fcontact%2F|title:Contact|&#8221;][\/vc_column][\/vc_row]<\/p>\n<\/div>","protected":false},"excerpt":{"rendered":"<p>[vc_row][vc_column width=&#8221;3\/4&#8243; css=&#8221;.vc_custom_1561291995466{padding-right: 30px !important;}&#8221;][vc_column_text] Second Thoughts | Ich Ich Ich: [\/vc_column_text][vc_column_text] In her first feature film &#8220;Second Thoughts&#8221; \u00a0(German title: &#8220;Ich Ich Ich&#8220;), director Zora Rux, a long-time collaborator of Swedish filmmaker Roy Andersson, tells a surrealistic-comic story about the search for the true self in poetic tableaux. [\/vc_column_text][vc_column_text] Synopsis Marie (Elisa Pl\u00fcss) is&hellip;<\/p>\n","protected":false},"author":335,"featured_media":82753,"parent":0,"menu_order":0,"comment_status":"closed","ping_status":"closed","template":"","meta":{"_acf_changed":false,"footnotes":""},"class_list":["post-81832","page","type-page","status-publish","has-post-thumbnail","hentry","description-off"],"acf":[],"yoast_head":"<!-- This site is optimized with the Yoast SEO plugin v27.5 - https:\/\/yoast.com\/product\/yoast-seo-wordpress\/ -->\n<title>Second Thoughts (2021) by Zora Rux | Darling Berlin<\/title>\n<meta name=\"description\" content=\"Marie is blindsided by her boyfriend Julian at his brother&#039;s wedding in front of the assembled family with a marriage proposal\" \/>\n<meta name=\"robots\" content=\"index, follow, max-snippet:-1, max-image-preview:large, max-video-preview:-1\" \/>\n<link rel=\"canonical\" href=\"https:\/\/ucm.one\/en\/second-thoughts\/\" \/>\n<meta property=\"og:locale\" content=\"en_US\" \/>\n<meta property=\"og:type\" content=\"article\" \/>\n<meta property=\"og:title\" content=\"Second Thoughts (2021) by Zora Rux | Darling Berlin\" \/>\n<meta property=\"og:description\" content=\"Marie is blindsided by her boyfriend Julian at his brother&#039;s wedding in front of the assembled family with a marriage proposal\" \/>\n<meta property=\"og:url\" content=\"https:\/\/ucm.one\/en\/second-thoughts\/\" \/>\n<meta property=\"og:site_name\" content=\"UCM.ONE\" \/>\n<meta property=\"article:modified_time\" content=\"2023-08-04T22:13:39+00:00\" \/>\n<meta property=\"og:image\" content=\"https:\/\/ucm.one\/wp-content\/uploads\/2022\/11\/P-Ich-Ich-Ich.jpg\" \/>\n<meta name=\"twitter:card\" content=\"summary_large_image\" \/>\n<meta name=\"twitter:title\" content=\"Second Thoughts (2021) by Zora Rux | Darling Berlin\" \/>\n<meta name=\"twitter:description\" content=\"Marie is blindsided by her boyfriend Julian at his brother&#039;s wedding in front of the assembled family with a marriage proposal\" \/>\n<meta name=\"twitter:image\" content=\"https:\/\/ucm.one\/wp-content\/uploads\/2022\/11\/P-Ich-Ich-Ich.jpg\" \/>\n<meta name=\"twitter:label1\" content=\"Est. reading time\" \/>\n\t<meta name=\"twitter:data1\" content=\"13 minutes\" \/>\n<!-- \/ Yoast SEO plugin. -->","yoast_head_json":{"title":"Second Thoughts (2021) by Zora Rux | Darling Berlin","description":"Marie is blindsided by her boyfriend Julian at his brother's wedding in front of the assembled family with a marriage proposal","robots":{"index":"index","follow":"follow","max-snippet":"max-snippet:-1","max-image-preview":"max-image-preview:large","max-video-preview":"max-video-preview:-1"},"canonical":"https:\/\/ucm.one\/en\/second-thoughts\/","og_locale":"en_US","og_type":"article","og_title":"Second Thoughts (2021) by Zora Rux | Darling Berlin","og_description":"Marie is blindsided by her boyfriend Julian at his brother's wedding in front of the assembled family with a marriage proposal","og_url":"https:\/\/ucm.one\/en\/second-thoughts\/","og_site_name":"UCM.ONE","article_modified_time":"2023-08-04T22:13:39+00:00","og_image":[{"url":"https:\/\/ucm.one\/wp-content\/uploads\/2022\/11\/P-Ich-Ich-Ich.jpg","type":"","width":"","height":""}],"twitter_card":"summary_large_image","twitter_title":"Second Thoughts (2021) by Zora Rux | Darling Berlin","twitter_description":"Marie is blindsided by her boyfriend Julian at his brother's wedding in front of the assembled family with a marriage proposal","twitter_image":"https:\/\/ucm.one\/wp-content\/uploads\/2022\/11\/P-Ich-Ich-Ich.jpg","twitter_misc":{"Est. reading time":"13 minutes"},"schema":{"@context":"https:\/\/schema.org","@graph":[{"@type":"WebPage","@id":"https:\/\/ucm.one\/en\/second-thoughts\/","url":"https:\/\/ucm.one\/en\/second-thoughts\/","name":"Second Thoughts (2021) by Zora Rux | Darling Berlin","isPartOf":{"@id":"https:\/\/ucm.one\/en\/#website"},"primaryImageOfPage":{"@id":"https:\/\/ucm.one\/en\/second-thoughts\/#primaryimage"},"image":{"@id":"https:\/\/ucm.one\/en\/second-thoughts\/#primaryimage"},"thumbnailUrl":"https:\/\/ucm.one\/wp-content\/uploads\/2022\/12\/P-Second-Thoughts.jpg","datePublished":"2022-12-01T06:28:53+00:00","dateModified":"2023-08-04T22:13:39+00:00","description":"Marie is blindsided by her boyfriend Julian at his brother's wedding in front of the assembled family with a marriage proposal","breadcrumb":{"@id":"https:\/\/ucm.one\/en\/second-thoughts\/#breadcrumb"},"inLanguage":"en-US","potentialAction":[{"@type":"ReadAction","target":["https:\/\/ucm.one\/en\/second-thoughts\/"]}]},{"@type":"ImageObject","inLanguage":"en-US","@id":"https:\/\/ucm.one\/en\/second-thoughts\/#primaryimage","url":"https:\/\/ucm.one\/wp-content\/uploads\/2022\/12\/P-Second-Thoughts.jpg","contentUrl":"https:\/\/ucm.one\/wp-content\/uploads\/2022\/12\/P-Second-Thoughts.jpg","width":699,"height":1000},{"@type":"BreadcrumbList","@id":"https:\/\/ucm.one\/en\/second-thoughts\/#breadcrumb","itemListElement":[{"@type":"ListItem","position":1,"name":"Home","item":"https:\/\/ucm.one\/en\/"},{"@type":"ListItem","position":2,"name":"Second Thoughts (2021) by Zora Rux | Darling Berlin"}]},{"@type":"WebSite","@id":"https:\/\/ucm.one\/en\/#website","url":"https:\/\/ucm.one\/en\/","name":"UCM.ONE","description":"","publisher":{"@id":"https:\/\/ucm.one\/en\/#organization"},"potentialAction":[{"@type":"SearchAction","target":{"@type":"EntryPoint","urlTemplate":"https:\/\/ucm.one\/en\/?s={search_term_string}"},"query-input":{"@type":"PropertyValueSpecification","valueRequired":true,"valueName":"search_term_string"}}],"inLanguage":"en-US"},{"@type":"Organization","@id":"https:\/\/ucm.one\/en\/#organization","name":"UCM.ONE","url":"https:\/\/ucm.one\/en\/","logo":{"@type":"ImageObject","inLanguage":"en-US","@id":"https:\/\/ucm.one\/en\/#\/schema\/logo\/image\/","url":"https:\/\/ucm.one\/wp-content\/uploads\/2019\/10\/UCM.ONE-Logo-RGB.svg","contentUrl":"https:\/\/ucm.one\/wp-content\/uploads\/2019\/10\/UCM.ONE-Logo-RGB.svg","width":1,"height":1,"caption":"UCM.ONE"},"image":{"@id":"https:\/\/ucm.one\/en\/#\/schema\/logo\/image\/"}}]}},"_links":{"self":[{"href":"https:\/\/ucm.one\/en\/wp-json\/wp\/v2\/pages\/81832","targetHints":{"allow":["GET"]}}],"collection":[{"href":"https:\/\/ucm.one\/en\/wp-json\/wp\/v2\/pages"}],"about":[{"href":"https:\/\/ucm.one\/en\/wp-json\/wp\/v2\/types\/page"}],"author":[{"embeddable":true,"href":"https:\/\/ucm.one\/en\/wp-json\/wp\/v2\/users\/335"}],"replies":[{"embeddable":true,"href":"https:\/\/ucm.one\/en\/wp-json\/wp\/v2\/comments?post=81832"}],"version-history":[{"count":0,"href":"https:\/\/ucm.one\/en\/wp-json\/wp\/v2\/pages\/81832\/revisions"}],"wp:featuredmedia":[{"embeddable":true,"href":"https:\/\/ucm.one\/en\/wp-json\/wp\/v2\/media\/82753"}],"wp:attachment":[{"href":"https:\/\/ucm.one\/en\/wp-json\/wp\/v2\/media?parent=81832"}],"curies":[{"name":"wp","href":"https:\/\/api.w.org\/{rel}","templated":true}]}}