{"id":63697,"date":"2022-03-24T21:54:37","date_gmt":"2022-03-24T21:54:37","guid":{"rendered":"https:\/\/ucm.one\/truemmermaedchen-germany-year-zero-2021-von-oliver-kracht-artkeim%c2%b2\/"},"modified":"2023-08-04T22:17:14","modified_gmt":"2023-08-04T22:17:14","slug":"truemmermaedchen-germany-year-zero","status":"publish","type":"page","link":"https:\/\/ucm.one\/en\/truemmermaedchen-germany-year-zero\/","title":{"rendered":"Tr\u00fcmmerm\u00e4dchen &#8211; Germany Year Zero (2021) by Oliver Kracht | Artkeim\u00b2"},"content":{"rendered":"<div class=\"wpb-content-wrapper\"><p>[vc_row][vc_column width=&#8221;3\/4&#8243; css=&#8221;.vc_custom_1561291995466{padding-right: 30px !important;}&#8221;][vc_column_text]<\/p>\n<h1>Tr\u00fcmmerm\u00e4dchen &#8211; Germany Year Zero<\/h1>\n<p>[\/vc_column_text][vc_column_text]<br \/>\nThe film &#8220;<strong>Tr\u00fcmmerm\u00e4dchen &#8211; Germany Year Zero<\/strong>&#8221; (German title: &#8220;<strong>Tr\u00fcmmerm\u00e4dchen &#8211; Die Geschichte der Charlotte Schumann<\/strong>&#8220;), for which director and screenwriter <strong>Oliver Kracht<\/strong> was already awarded the <strong>Thomas Strittmatter Prize<\/strong> at the <strong>Berlinale<\/strong> in 2019, celebrated its world premiere at the 55th <strong>Hof Film Festival<\/strong> in 2021, where, in addition to the <strong>Bild-Kunst-F\u00f6rderpreis<\/strong> for the <strong><em>&#8220;Best Costume Design and Best Production Design&#8221;<\/em><\/strong>, it received a <strong><em>&#8220;Special Mention&#8221;<\/em><\/strong> from the jury of the <strong>F\u00f6rderpreis Neues Deutsches Kino<\/strong>.<br \/>\n[\/vc_column_text][vc_row_inner][vc_column_inner width=&#8221;1\/2&#8243; css=&#8221;.vc_custom_1561290391124{border-right-width: -15px !important;}&#8221;][vc_single_image image=&#8221;63590&#8243; img_size=&#8221;full&#8221; onclick=&#8221;link_image&#8221;][\/vc_column_inner][vc_column_inner width=&#8221;1\/2&#8243;][vc_single_image image=&#8221;63593&#8243; img_size=&#8221;full&#8221; onclick=&#8221;link_image&#8221;][\/vc_column_inner][\/vc_row_inner][vc_column_text]<\/p>\n<h3>Synopsis<\/h3>\n<p>Germany, 1946. Hunger, rubble, returning soldiers. Charlotte is pregnant, but her beloved homecomer wants neither her nor his child. To win him over and escape the impending disgrace, she enrols in the &#8220;Fr\u00e4ulein Course&#8221; run by actress Gloria Deven, who was an aspiring film starlet under fascism and is now banned from working.<\/p>\n<p>But Gloria, with her merciless teaching, is not interested in reviving the girls&#8217; coquetry, which had become unnecessary during the war. Instead, she awakens in Lotte a longing for something that has been denied her for too long: Freedom.[\/vc_column_text][vc_single_image image=&#8221;63541&#8243; img_size=&#8221;full&#8221; onclick=&#8221;link_image&#8221;][vc_column_text]<\/p>\n<p class=\"western\">\u201e<strong>Tr\u00fcmmerm\u00e4dchen \u2013 Germany Year Zero<\/strong>\u201c (Working title: &#8220;<strong>Die Geschichte des\u00a0Tr\u00fcmmerm\u00e4dchens Charlotte Schumann<\/strong>&#8220;) tells the story of young women&#8217;s self-empowerment against the backdrop of the destruction of World War II in intense, striking images and is a fervent plea for community and sisterhood. The English translation or the German word <em>&#8220;Tr\u00fcmmerm\u00e4dchen&#8221;<\/em> is <em>&#8220;Rubble Girl&#8221;.<\/em><\/p>\n<p>[\/vc_column_text][vc_column_text]<\/p>\n<h3>Screenwriter and director <strong>Oliver Kracht<\/strong><\/h3>\n<p><strong>Oliver Kracht<\/strong> was born in La Paz in 1981. After graduating from high school, he studied philosophy at the <strong>University of Potsdam<\/strong>. In 2007 he moved to Madrid for studies in screenwriting and dramaturgy at the <strong>ECAM film school<\/strong>.[\/vc_column_text][vc_row_inner][vc_column_inner width=&#8221;1\/3&#8243; css=&#8221;.vc_custom_1561290391124{border-right-width: -15px !important;}&#8221;][vc_single_image image=&#8221;63601&#8243; img_size=&#8221;full&#8221;][\/vc_column_inner][vc_column_inner width=&#8221;2\/3&#8243;][vc_column_text]In 2019 he graduated in scenic directing at the <strong>Filmakademie Baden-W\u00fcrttemberg<\/strong>. For the screenplay of \u201e<strong>Tr\u00fcmmerm\u00e4dchen \u2013 Germany Year Zero<\/strong>\u201c (German title: \u201e<strong>Tr\u00fcmmerm\u00e4dchen &#8211; Die Geschichte der Charlotte Schumann<\/strong>\u201c) he was awarded the <strong>Thomas Strittmacher Prize<\/strong> for <em>&#8220;Best Screenplay&#8221;<\/em> in 2019.[\/vc_column_text][vc_column_text css=&#8221;.vc_custom_1628082410898{margin-bottom: -15px !important;}&#8221;]<span style=\"font-size: 12pt;\">Filmography (Selection)<\/span>[\/vc_column_text][vc_empty_space height=&#8221;35px&#8221;][vc_column_text css=&#8221;.vc_custom_1643930829833{margin-top: -15px !important;padding-top: 12px !important;padding-right: 12px !important;padding-bottom: 12px !important;padding-left: 12px !important;background-color: #efefef !important;border-radius: 5px !important;}&#8221;]<\/p>\n<table style=\"height: 97px; width: 100%; border-collapse: collapse;\">\n<tbody>\n<tr style=\"height: 45px;\">\n<td style=\"width: 18.75800256081946%; height: 18px;\">2021<\/td>\n<td style=\"width: 81.24199743918055%; height: 18px;\"><strong>Tr\u00fcmmerm\u00e4dchen &#8211; Germany Year Zero<\/strong>\u00a0(Feature film, writer &amp;director)<\/td>\n<\/tr>\n<tr style=\"height: 43px;\">\n<td style=\"width: 18.75800256081946%; height: 30px;\">2017<\/td>\n<td style=\"width: 81.24199743918055%; height: 30px;\"><strong>Transit<\/strong> (S<span style=\"font-family: inherit; font-size: inherit;\">hort film, writer &amp; director<\/span>)<\/td>\n<\/tr>\n<tr style=\"height: 47px;\">\n<td style=\"width: 18.75800256081946%; height: 12px;\">2015<\/td>\n<td style=\"width: 81.24199743918055%; height: 12px;\"><strong>Eden<\/strong> (S<span style=\"font-family: inherit; font-size: inherit;\">hort film, writer &amp; director<\/span>)<\/td>\n<\/tr>\n<tr style=\"height: 22px;\">\n<td style=\"width: 18.75800256081946%; height: 27px;\">2013<\/td>\n<td style=\"width: 81.24199743918055%; height: 27px;\"><b>Tiere<\/b> (S<span style=\"font-family: inherit; font-size: inherit;\">hort film, writer &amp; director<\/span>)<\/td>\n<\/tr>\n<tr style=\"height: 22px;\">\n<td style=\"width: 18.75800256081946%; height: 10px;\">2012<\/td>\n<td style=\"width: 81.24199743918055%; height: 10px;\"><strong>Demontage<\/strong> (S<span style=\"font-family: inherit; font-size: inherit;\">hort film, writer &amp; director<\/span>)<\/td>\n<\/tr>\n<\/tbody>\n<\/table>\n<p>[\/vc_column_text][\/vc_column_inner][\/vc_row_inner][vc_column_text]<\/p>\n<h3><i style=\"font-size: 14pt;\">Director\u2019s Statement by\u00a0<\/i><span style=\"font-size: large;\"><i>Oliver<\/i><\/span><i style=\"font-size: 14pt;\">\u00a0Kracht<\/i><\/h3>\n<p><em>&#8220;We, the team and cast, are grateful that we were able to produce this film largely without editorial influence. Only this way was it possible for every department to work freely regardless of the consequences. After all, we wanted to produce a theatrical film that radically and uncompromisingly questions whether we have really made so much progress in terms of patriarchy and\/or fascist structures since 1946. I think we have succeeded in achieving this.<\/em>[\/vc_column_text][vc_column_text]<\/p>\n<h3><em style=\"font-size: 14px; font-weight: normal;\">\u201eTr\u00fcmmerm\u00e4dchen \u2013 Germany Year Zero\u201c will provoke and polarise and above all, always entertain.&#8221;<\/em><\/h3>\n<p>[\/vc_column_text][vc_single_image image=&#8221;63559&#8243; img_size=&#8221;full&#8221;][vc_column_text]The long reverberating, provocative story of emancipation set against the backdrop of a new beginning in the ruins of World War II features an impressive <strong>Laura Balzer<\/strong> (nominated for the <strong>G\u00f6tz George Young Talent Award<\/strong> at the <strong>First Steps Awards<\/strong>) in the lead role, who, with the support of a terrific, predominantly female ensemble (including <strong>Valery Cheplanova<\/strong>, <strong>Lena Urzendowsky<\/strong>), takes us on the emotional journey of the character scarred by trauma and oppression.[\/vc_column_text][vc_column_text]<\/p>\n<h3>Jury statement at the International Hof Film Festival for the Bild-Kunst-F\u00f6rderpreis 2021:<\/h3>\n<p><em>&#8220;Sabrina Kr\u00e4mer and Hannah Ebenau were awarded for the well researched and well realised costumes of the 1940s: The overall concept of the film allows for detours into other times, which were very sensitively and artfully inserted into the cinematic period without imposing themselves in the process. The two costume designers succeeded in creating an artistic arch through colours, cuts and jewellery and in depicting a convincing development of the individual characters with these creative means.<\/em>[\/vc_column_text][vc_column_text]<em>Yvonne Leuze&#8217;s strong conception draws the black and white world of a destroyed and misogynous society, which appears fragmentarily in the infinity of an abstract-dark space. Sophisticated building constructions give rise to mountains of rubble and streetscapes that explore the tightrope walk between the real and scenic reduction. In contrast to this are the elaborate and lovingly decorated sets of the &#8220;Proto&#8221; theatre: a place of painful confrontation and liberating self-empowerment. The visuality of the film burns itself into the retina in ways that range from pleasurable to horrific.&#8221;<\/em>[\/vc_column_text][\/vc_column][vc_column width=&#8221;1\/4&#8243; css=&#8221;.vc_custom_1581030319933{margin-top: 15px !important;margin-bottom: 36px !important;background-color: #efefef !important;}&#8221;]<style type=\"text\/css\" data-type=\"the7_shortcodes-inline-css\">.shortcode-single-image-wrap.shortcode-single-image-be40f1c911e25db6873f03ec97df29e5.enable-bg-rollover .rollover i,\n.shortcode-single-image-wrap.shortcode-single-image-be40f1c911e25db6873f03ec97df29e5.enable-bg-rollover .rollover-video i {\n  background: -webkit-linear-gradient();\n  background: linear-gradient();\n}\n.shortcode-single-image-wrap.shortcode-single-image-be40f1c911e25db6873f03ec97df29e5 .rollover-icon {\n  font-size: 32px;\n  color: #ffffff;\n  min-width: 44px;\n  min-height: 44px;\n  line-height: 44px;\n  border-radius: 100px;\n  border-style: solid;\n  border-width: 0px;\n}\n.dt-icon-bg-on.shortcode-single-image-wrap.shortcode-single-image-be40f1c911e25db6873f03ec97df29e5 .rollover-icon {\n  background: rgba(255,255,255,0.3);\n  box-shadow: none;\n}<\/style><div class=\"shortcode-single-image-wrap shortcode-single-image-be40f1c911e25db6873f03ec97df29e5 alignnone  vc_custom_1644109106177 enable-bg-rollover dt-icon-bg-off\" ><div class=\"shortcode-single-image\"><div class=\"fancy-media-wrap\" style=\"\"><a class=\"layzr-bg rollover rollover-zoom dt-pswp-item pswp-image\" href=\"https:\/\/ucm.one\/wp-content\/uploads\/2022\/01\/P-Truemmermaedchen-Germany-Year-Zero.jpg\" title=\"P Truemmerm\u00e4dchen &#8211; Germany Year Zero\" data-dt-img-description=\"\" data-large_image_width=\"699\" data-large_image_height = \"1000\"  style=\"\"><img fetchpriority=\"high\" decoding=\"async\" class=\"preload-me lazy-load aspect\" src=\"data:image\/svg+xml,%3Csvg%20xmlns%3D&#39;http%3A%2F%2Fwww.w3.org%2F2000%2Fsvg&#39;%20viewBox%3D&#39;0%200%20699%20999&#39;%2F%3E\" data-src=\"https:\/\/ucm.one\/wp-content\/uploads\/2022\/01\/P-Truemmermaedchen-Germany-Year-Zero.jpg\" data-srcset=\"https:\/\/ucm.one\/wp-content\/uploads\/2022\/01\/P-Truemmermaedchen-Germany-Year-Zero.jpg 699w\" loading=\"eager\" style=\"--ratio: 699 \/ 999\" sizes=\"(max-width: 699px) 100vw, 699px\" width=\"699\" height=\"999\"  data-dt-location=\"https:\/\/ucm.one\/en\/film-labels\/artkeim\/p-truemmermaedchen-germany-year-zero\/\" alt=\"\" \/><\/a><\/div><\/div><\/div>[vc_empty_space height=&#8221;10px&#8221;][vc_column_text]<\/p>\n<p id=\"u3084-2\"><strong>Original title: <\/strong>Tr\u00fcmmerm\u00e4dchen &#8211; Die Geschichte der Charlotte Schumann<\/p>\n<p><span style=\"font-family: Arial, sans-serif;\"><strong>Writer &amp; director:<\/strong> Oliver Kracht<\/span><\/p>\n<p><strong>Cast:\u00a0<\/strong>Laura Balzer, Valery Tscheplanowa, Anna Gesa-Raija Lappe, Katja Hutko, Lara Feith, Lena Urzendowsky, Till Wonka, Henning Fl\u00fcsloh, Philipp Karner, Annette Mayer, Fanny M\u00fcller, Jakob M\u00fcller, Raphael Westermeier, Jannik M\u00fchlenweg, Christian Koch, Antonio Lallo, Thorsten M\u00fcller, Georg Blumreiter, Alina Chis, Martin Weigel, Maximilian Klein, Castro Dokyi Affum<\/p>\n<p><strong>Producer:\u00a0<\/strong>Simon Buchner<\/p>\n<p><span style=\"font-family: Arial, sans-serif;\"><strong>Executive producer:<\/strong> Marco Gr\u00f6nwoldt, Lennart Lenzing, Tomy Wigand<\/span><\/p>\n<p><span style=\"font-family: Arial, sans-serif;\"><strong>Cinematography:<\/strong> Marvin Schatz<\/span><\/p>\n<p><span style=\"font-family: Arial, sans-serif;\"><strong>Editing:<\/strong> Petja Nedeltscheva<\/span><\/p>\n<p><span style=\"font-family: Arial, sans-serif;\"><strong>Sound:\u00a0<\/strong><\/span>Max Kersten, Fabian Klein, Johannes Kunz, Jan Lukas Mielke, Johannes Schelle<\/p>\n<p><strong>Camera &amp; technical departement:<\/strong> Niklas Kern, Julia Isabell Leber<\/p>\n<p><span style=\"font-family: Arial, sans-serif;\"><strong>Costume design:<\/strong> Hannah Ebenau, Sabrina Kr\u00e4mer<\/span><\/p>\n<p><span style=\"font-family: Arial, sans-serif;\"><strong>Production design:<\/strong> Yvonne Leuze<\/span><\/p>\n<p><strong>Make-up:<\/strong> Paolo Celano, Charlotte Fleck, Tim Scheidig<\/p>\n<p><span style=\"font-family: Arial, sans-serif;\"><strong>Music:\u00a0<\/strong><\/span>Patrick Puszko<\/p>\n<p>&nbsp;<\/p>\n<p><strong>Production companies:<\/strong> Simonsays Pictures, S\u00fcdwestrundfunk (SWR)<\/p>\n<p><strong>Year of production:<\/strong> 2021<\/p>\n<p><strong>Genre<\/strong>: Drama<\/p>\n<p><strong>Country:<\/strong>\u00a0Germany<\/p>\n<p><strong>Language:<\/strong> German<\/p>\n<p><strong>Subtitles:<\/strong> English, French, Italian, Spanish, Portuguese, Russian, Arabic, Chinese<\/p>\n<p>&nbsp;<\/p>\n<p><strong>Lenght:<\/strong>\u00a0122 Min<\/p>\n<p><strong>Aspect ratio: <\/strong>1:2.39<\/p>\n<p><strong>Sound:<\/strong>\u00a0Surround 5.1, Surround 7.1<\/p>\n<p><strong>Resolution:\u00a0<\/strong>2K Scope<\/p>\n<p><strong>Rating:<\/strong>\u00a0FSK 16[\/vc_column_text][vc_separator color=&#8221;custom&#8221; accent_color=&#8221;#a0a0a0&#8243;][vc_column_text]<em>Other title:<\/em><\/p>\n<p><strong>German: <\/strong>Die Geschichte des Tr\u00fcmmerm\u00e4dchens Charlotte Schumann[\/vc_column_text][vc_separator color=&#8221;custom&#8221; accent_color=&#8221;#a0a0a0&#8243;][vc_column_text]<em>Prizes:<\/em><\/p>\n<p><strong>2019 Berlinale:<\/strong> &#8220;Thomas Strittmatter Prize&#8221; from the MFG Film Fund Baden-W\u00fcrttemberg for the best manuscript -&gt; Oliver Kracht<\/p>\n<p><strong>2021 International Hof Film Festival:<\/strong> &#8220;Bild-Kunst-F\u00f6rderpreis for Best Costume Design&#8221; -&gt; Hannah Ebenau &amp; Sabrina Kr\u00e4mer<\/p>\n<p><strong>2021 International Hof Film Festival:<\/strong> &#8220;Bild-Kunst-F\u00f6rderpreis for Best Production Design&#8221; -&gt; Yvonne Leuze[\/vc_column_text][vc_separator color=&#8221;custom&#8221; accent_color=&#8221;#a0a0a0&#8243;][vc_column_text]<strong>Filmlabel:<\/strong> Artkeim\u00b2<\/p>\n<p><strong>Distribution:<\/strong> <span style=\"font-family: 'arial black', sans-serif;\"><strong>UCM.ONE<\/strong><\/span><\/p>\n<p><strong>Theatrical start: <\/strong>March 24, 2022[\/vc_column_text][vc_separator color=&#8221;custom&#8221; accent_color=&#8221;#a0a0a0&#8243;][vc_btn title=&#8221;Press Material&#8221; color=&#8221;white&#8221; size=&#8221;sm&#8221; align=&#8221;center&#8221; i_icon_fontawesome=&#8221;fas fa-download&#8221; button_block=&#8221;true&#8221; add_icon=&#8221;true&#8221; css=&#8221;.vc_custom_1647854994925{margin-top: -15px !important;}&#8221; link=&#8221;url:https%3A%2F%2Fucm.one%2Fpresse%2Fak_trm-dgcs_presskit.zip|title:Press%20Material|rel:nofollow&#8221;][\/vc_column][\/vc_row][vc_row][vc_column][vc_column_text]<\/p>\n<h3><strong>Laura Balzer<\/strong> as Lotte Schumann<\/h3>\n<p><strong>Laura Balzer<\/strong> was born in Braunschweig in 1993. She studied Fine Arts at the <strong>HBK Braunschweig<\/strong> from 2012 to 2015 and acting at the &#8220;<strong>Ernst Busch<\/strong>&#8221; <strong>Academy of Dramatic Arts<\/strong> in Berlin from 2015 to 2019. Already during her studies (2017) she played a part in the studio production &#8220;<strong>The Good Person of Szechwan<\/strong>&#8221; at the <strong>Berlin Schaub\u00fchne<\/strong>. Since 2019 she has been part of the <strong>Berliner Ensemble<\/strong> and has appeared in productions such as &#8220;<strong>The Threepenny Opera<\/strong>&#8221; by <strong>Barrie Kosky<\/strong>, as well as in &#8220;<strong>Glaube und Heimat<\/strong>&#8221; by <strong>Michael Thalheimer<\/strong>.[\/vc_column_text][vc_row_inner][vc_column_inner width=&#8221;1\/2&#8243;][vc_single_image image=&#8221;63638&#8243; img_size=&#8221;full&#8221; onclick=&#8221;link_image&#8221;][\/vc_column_inner][vc_column_inner width=&#8221;1\/2&#8243;][vc_single_image image=&#8221;63635&#8243; img_size=&#8221;full&#8221; onclick=&#8221;link_image&#8221;][\/vc_column_inner][\/vc_row_inner][vc_column_text]In 2019 she played in her first feature film &#8220;<strong>Tr\u00fcmmerm\u00e4dchen \u2013 Germany Year Zero<\/strong>&#8221; directed by <strong>Oliver Kracht<\/strong>. Here she embodies the title character, a performance for which she was nominated for the <strong>G\u00f6tz-George-Young Talent Prize<\/strong> at the <strong>First Steps Awards<\/strong> in 2021. The jury&#8217;s statement on the nomination reads as follows:<\/p>\n<p><em>&#8220;Tr\u00fcmmerm\u00e4dchen \u2013 Germany Year Zero&#8217; offers a melodramatic, epochal insight into an emancipation story. In the middle of it all a stunning Laura Balzer, who draws on her enormous range of acting skills and increasingly strips the stuttering Charlotte of all role models. She takes us on a virtuoso journey of a character seared by trauma and oppression and carries the entire film with the tailwind of the female ensemble.&#8221;<\/em>[\/vc_column_text][\/vc_column][\/vc_row][vc_row][vc_column][vc_column_text css=&#8221;.vc_custom_1644085776485{margin-bottom: -12px !important;}&#8221;]<span style=\"font-size: 12pt;\">Filmography<\/span>[\/vc_column_text][vc_empty_space height=&#8221;30px&#8221;][vc_column_text css=&#8221;.vc_custom_1644084777368{margin-top: -12px !important;padding-top: 15px !important;padding-right: 15px !important;padding-bottom: 15px !important;padding-left: 15px !important;background-color: #efefef !important;border-radius: 5px !important;}&#8221;]<\/p>\n<table style=\"border-collapse: collapse; width: 100%; height: 98px;\">\n<tbody>\n<tr style=\"height: 25px;\">\n<td style=\"width: 18.75800256081946%; height: 23px;\">2021<\/td>\n<td style=\"width: 81.24199743918055%; height: 23px;\"><b>Tatort<\/b>\u00a0&#8220;<span style=\"font-family: inherit; font-size: inherit;\"><strong>Borowski und das hungrige Herz<\/strong>&#8221; (TV movie, ARD)<\/span><\/td>\n<\/tr>\n<tr style=\"height: 25px;\">\n<td style=\"width: 18.75800256081946%; height: 25px;\">2021<\/td>\n<td style=\"width: 81.24199743918055%; height: 25px;\"><strong> Tr\u00fcmmerm\u00e4dchen &#8211; Germany Year Zero<\/strong>\u00a0&#8211; Feature film<\/td>\n<\/tr>\n<tr style=\"height: 25px;\">\n<td style=\"width: 18.75800256081946%; height: 25px;\">2019<\/td>\n<td style=\"width: 81.24199743918055%; height: 25px;\"><strong>Gebranntes Kind<\/strong>\u00a0&#8211; Short film<\/td>\n<\/tr>\n<\/tbody>\n<\/table>\n<p>[\/vc_column_text][\/vc_column][\/vc_row][vc_row][vc_column][vc_column_text]<\/p>\n<h3><strong>Valery Tscheplanowa<\/strong> als Gloria Deven<\/h3>\n<p><strong>Valery Tscheplanowa<\/strong> was born in 1980 as <strong>Veronika Walerjewna Tscheplanowa<\/strong> in Kazan, where she spent most of her early years growing up.\u00a0She began her training as a dancer at the <strong>Palucca School<\/strong> in Dresden at the age of 17. In 1999 she began studying puppetry at the <strong>&#8220;Ernst Busch&#8221; Academy<\/strong> in Berlin, where she switched to acting after three semesters. After graduating in 2005, she was a permanent ensemble member of the <strong>German Theater Berlin<\/strong> until 2009, then joined the <strong>Schauspiel Frankfurt<\/strong> and in 2013 the <strong>Residenztheater Munich<\/strong>. She has been a free lance actor since 2017.[\/vc_column_text][vc_row_inner][vc_column_inner width=&#8221;1\/2&#8243;][vc_single_image image=&#8221;63646&#8243; img_size=&#8221;full&#8221; onclick=&#8221;link_image&#8221;][\/vc_column_inner][vc_column_inner width=&#8221;1\/2&#8243;][vc_single_image image=&#8221;63643&#8243; img_size=&#8221;full&#8221; onclick=&#8221;link_image&#8221;][\/vc_column_inner][\/vc_row_inner][vc_column_text]After many years in the theatre, she has also been more frequently in front of the camera since 2007. In 2008, she appeared in a cinema production for the first time in &#8220;<strong>Speed Racer<\/strong>&#8221; by the <strong>Wachowski<\/strong>s. She also performs as a singer and takes part in radio play productions. In May 2018,\u00a0<strong><span lang=\"EN-US\">Valery\u00a0<\/span>Tscheplanowa<\/strong> was elected as a new member of the <strong>Performing Arts Section<\/strong> of the <strong>Berlin Academy of Arts<\/strong>.[\/vc_column_text][\/vc_column][\/vc_row][vc_row][vc_column][vc_column_text css=&#8221;.vc_custom_1623537774699{margin-bottom: -12px !important;}&#8221;]<span style=\"font-size: 12pt;\">Filmography (Selection)<\/span>[\/vc_column_text][vc_empty_space height=&#8221;30px&#8221;][vc_column_text css=&#8221;.vc_custom_1644110817139{margin-top: -12px !important;padding-top: 15px !important;padding-right: 15px !important;padding-bottom: 15px !important;padding-left: 15px !important;background-color: #efefef !important;border-radius: 5px !important;}&#8221;]<\/p>\n<table style=\"border-collapse: collapse; width: 100%; height: 98px;\">\n<tbody>\n<tr style=\"height: 25px;\">\n<td style=\"width: 18.75800256081946%; height: 23px;\">2021<\/td>\n<td style=\"width: 81.24199743918055%; height: 23px;\"><b>Echo <\/b>&#8211; Fiction movie<\/td>\n<\/tr>\n<tr style=\"height: 25px;\">\n<td style=\"width: 18.75800256081946%; height: 25px;\">2021<\/td>\n<td style=\"width: 81.24199743918055%; height: 25px;\"><strong> Tr\u00fcmmerm\u00e4dchen &#8211; Germany Year Zero<\/strong> &#8211; Fiction movie<\/td>\n<\/tr>\n<tr style=\"height: 25px;\">\n<td style=\"width: 18.75800256081946%; height: 25px;\">2021<\/td>\n<td style=\"width: 81.24199743918055%; height: 25px;\"><b>Das Haus\u00a0<\/b>&#8211; Fiction movie<\/td>\n<\/tr>\n<tr>\n<td style=\"width: 18.75800256081946%;\">2019<\/td>\n<td style=\"width: 81.24199743918055%;\"><strong>Je suis Karl\u00a0<\/strong>&#8211; Fiction movie<\/td>\n<\/tr>\n<tr>\n<td style=\"width: 18.75800256081946%;\">2012<\/td>\n<td style=\"width: 81.24199743918055%;\"><strong>Der Turm<\/strong>\u00a0&#8211; Fiction movie<\/td>\n<\/tr>\n<tr>\n<td style=\"width: 18.75800256081946%;\">2011<\/td>\n<td style=\"width: 81.24199743918055%;\"><strong>\u00dcber uns das All\u00a0<\/strong>&#8211; Fiction movie<\/td>\n<\/tr>\n<tr>\n<td style=\"width: 18.75800256081946%;\">2009<\/td>\n<td style=\"width: 81.24199743918055%;\"><strong>Whisky mit Wodka<\/strong>\u00a0&#8211; Fiction movie<\/td>\n<\/tr>\n<tr>\n<td style=\"width: 18.75800256081946%;\">2008<\/td>\n<td style=\"width: 81.24199743918055%;\"><strong>Speed Racer\u00a0<\/strong>&#8211; Fiction movie<\/td>\n<\/tr>\n<\/tbody>\n<\/table>\n<p>[\/vc_column_text][\/vc_column][\/vc_row][vc_row][vc_column][vc_column_text]<\/p>\n<h3><strong>Lena Urzendowsky<\/strong> as Evi<\/h3>\n<p><strong>Lena Urzendowsky<\/strong>, born in 2000, grew up in Berlin and attended the theatre and musical school <strong>Stage Factory Berlin<\/strong>, where she graduated top of her class in 2012. She made her debut in a supporting role in the <strong>ZDF<\/strong> fairytale film &#8220;<strong>The Snow Queen<\/strong>&#8220;. After another supporting role in the feature film \u201e<strong>Bibi &amp; Tina: M\u00e4dchen gegen Jungs<\/strong>\u201c (2016), she became known to a wider audience in the same year through her leading role in the critically acclaimed TV film \u201e<strong>Das wei\u00dfe Kaninchen<\/strong>\u201c (English translation: &#8220;<strong>The White Rabbit<\/strong>&#8220;), in which she plays a teenage victim of cyber-grooming.\u00a0For her lead role in the TV film \u201e<strong>Der gro\u00dfe Rudolph<\/strong>\u201c, she received the <strong>Hessian Television Award<\/strong> in 2018 and in 2019 was awarded the <strong>Promotional Priz<\/strong>e of the German Television Awards and the <strong>German Acting Award<\/strong> in the <em>Young Talent<\/em> category.[\/vc_column_text][vc_row_inner][vc_column_inner][vc_single_image image=&#8221;63650&#8243; img_size=&#8221;full&#8221; onclick=&#8221;link_image&#8221;][\/vc_column_inner][\/vc_row_inner][vc_column_text]After graduating from high school in 2018, she played her first leading cinema role in <strong>Leonie Krippendorff<\/strong>&#8216;s feature film \u201e<strong>Kokon<\/strong>\u201c alongside <strong>Jella Haase<\/strong>, <strong>Lena Klenke<\/strong> and <strong>Elina Vildanova<\/strong>. The film celebrated its world premiere at the <strong>Berlinale<\/strong> and quickly became a festival favourite. Among many other awards, <strong>Lena Urzendowsky<\/strong> received the <strong>Bavarian Film Award<\/strong> for <strong><em>Best New Actress<\/em><\/strong> and the prestigious<strong> Iris Award<\/strong> for \u201e<strong>Kokon<\/strong>\u201c. Since 2020 she can be seen in the <strong>Netflix<\/strong> series \u201e<strong>How to Sell Drugs Online (Fast)<\/strong>\u201c and received very positive feedback from audiences and the press for her ensemble lead role in the <strong>Amazon Prime<\/strong> series \u201e<strong>Wir Kinder vom Bahnhof Zoo<\/strong>\u201c.[\/vc_column_text][\/vc_column][\/vc_row][vc_row][vc_column][vc_column_text css=&#8221;.vc_custom_1623537774699{margin-bottom: -12px !important;}&#8221;]<span style=\"font-size: 12pt;\">Filmography (Selection)<\/span>[\/vc_column_text][vc_empty_space height=&#8221;30px&#8221;][vc_column_text css=&#8221;.vc_custom_1644086424589{margin-top: -12px !important;padding-top: 15px !important;padding-right: 15px !important;padding-bottom: 15px !important;padding-left: 15px !important;background-color: #efefef !important;border-radius: 5px !important;}&#8221;]<\/p>\n<table style=\"border-collapse: collapse; width: 100%; height: 98px;\">\n<tbody>\n<tr style=\"height: 25px;\">\n<td style=\"width: 18.75800256081946%; height: 23px;\">2021<\/td>\n<td style=\"width: 81.24199743918055%; height: 23px;\"><strong>Tr\u00fcmmerm\u00e4dchen &#8211; Germany Year Zero<\/strong>\u00a0&#8211; Fiction film<\/td>\n<\/tr>\n<tr style=\"height: 25px;\">\n<td style=\"width: 18.75800256081946%; height: 25px;\">seit 2021<\/td>\n<td style=\"width: 81.24199743918055%; height: 25px;\"><strong> Wir Kinder vom Bahnhof Zoo<\/strong>\u00a0&#8211; Series (Amazon Prime)<\/td>\n<\/tr>\n<tr style=\"height: 25px;\">\n<td style=\"width: 18.75800256081946%; height: 25px;\">seit 2020<\/td>\n<td style=\"width: 81.24199743918055%; height: 25px;\"><b>How to Sell Drugs Online (Fast)\u00a0<\/b>&#8211; Series (Netflix)<\/td>\n<\/tr>\n<tr>\n<td style=\"width: 18.75800256081946%;\">2020<\/td>\n<td style=\"width: 81.24199743918055%;\"><strong>Kokon\u00a0<\/strong>&#8211; Fiction film<\/td>\n<\/tr>\n<tr>\n<td style=\"width: 18.75800256081946%;\">2012<\/td>\n<td style=\"width: 81.24199743918055%;\"><strong>Der gro\u00dfe Rudolph<\/strong>\u00a0&#8211; TV movie<\/td>\n<\/tr>\n<tr>\n<td style=\"width: 18.75800256081946%;\">2011<\/td>\n<td style=\"width: 81.24199743918055%;\"><strong>Das wei\u00dfe Kaninchen<\/strong> &#8211; TV movie<\/td>\n<\/tr>\n<\/tbody>\n<\/table>\n<p>[\/vc_column_text][\/vc_column][\/vc_row][vc_row][vc_column][vc_column_text]<\/p>\n<h3><strong>Katja Hutko<\/strong> as Pauline<\/h3>\n<p><strong>Katja Hutko<\/strong> was born in Berlin in 1994 and completed her acting training at the <strong>Rostock University of Music and Theatre<\/strong> from 2015 to 2019. In theatre, she most recently played the lead role in Lessing&#8217;s tragedy &#8220;<strong>Emilia Galotti<\/strong>&#8220;, directed by <strong>Kay Wuschek<\/strong>, with performances at the <strong>Volkstheater Rostock<\/strong> and the <strong>Theater an der Parkaue<\/strong> in Berlin.[\/vc_column_text][vc_row_inner][vc_column_inner][vc_single_image image=&#8221;64068&#8243; img_size=&#8221;full&#8221; onclick=&#8221;link_image&#8221;][\/vc_column_inner][\/vc_row_inner][vc_column_text]In addition to theatre, she has also appeared on TV and the big screen for several years, having made her film debut in \u201e<strong>Tschiller: Off Duty<\/strong>\u201c in 2016. In the 2021 TV film \u201e<strong>Die unheimliche Leichtigkeit der Revolution<\/strong>\u201c she played a schoolgirl in communist era alongside <strong>Janina Fautz<\/strong>. She has appeared on television in numerous roles, often in series such as <strong>SOKO Wismar<\/strong>, <strong>SOKO Leipzig<\/strong>, <strong>SOKO Cologne<\/strong> or <strong>Notruf Hafenkante<\/strong>.[\/vc_column_text][\/vc_column][\/vc_row][vc_row][vc_column][vc_column_text css=&#8221;.vc_custom_1623537774699{margin-bottom: -12px !important;}&#8221;]<span style=\"font-size: 12pt;\">Filmography (Selection)<\/span>[\/vc_column_text][vc_empty_space height=&#8221;30px&#8221;][vc_column_text css=&#8221;.vc_custom_1644087255989{margin-top: -12px !important;padding-top: 15px !important;padding-right: 15px !important;padding-bottom: 15px !important;padding-left: 15px !important;background-color: #efefef !important;border-radius: 5px !important;}&#8221;]<\/p>\n<table style=\"border-collapse: collapse; width: 100%; height: 98px;\">\n<tbody>\n<tr style=\"height: 25px;\">\n<td style=\"width: 18.75800256081946%; height: 23px;\">2021<\/td>\n<td style=\"width: 81.24199743918055%; height: 23px;\"><strong>Tr\u00fcmmerm\u00e4dchen &#8211;\u00a0Germany Year Zero<\/strong>\u00a0&#8211; Fiction film<\/td>\n<\/tr>\n<tr style=\"height: 25px;\">\n<td style=\"width: 18.75800256081946%; height: 25px;\">2021<\/td>\n<td style=\"width: 81.24199743918055%; height: 25px;\"><strong> Die unheimliche Leichtigkeit der Revolution<\/strong>\u00a0&#8211; TV movie<\/td>\n<\/tr>\n<tr style=\"height: 25px;\">\n<td style=\"width: 18.75800256081946%; height: 25px;\">2020<\/td>\n<td style=\"width: 81.24199743918055%; height: 25px;\"><strong>Andere Eltern<\/strong>\u00a0&#8211; TV movie<\/td>\n<\/tr>\n<tr>\n<td style=\"width: 18.75800256081946%;\">2017<\/td>\n<td style=\"width: 81.24199743918055%;\"><strong>Emma und die Wut\u00a0<\/strong>&#8211; TV movie<\/td>\n<\/tr>\n<tr>\n<td style=\"width: 18.75800256081946%;\">2016<\/td>\n<td style=\"width: 81.24199743918055%;\"><b>Schiller: Off Duty<\/b> &#8211; Fiction film<\/td>\n<\/tr>\n<\/tbody>\n<\/table>\n<p>[\/vc_column_text][\/vc_column][\/vc_row][vc_row][vc_column][vc_column_text]<\/p>\n<h3><strong>Anna Gesa-Raija Lappe<\/strong> as Karin<\/h3>\n<p><strong>Anna Gesa-Raija Lappe<\/strong> was born in Hamburg in 1991. She trained at the <strong>Academy for Performing Arts Baden-W\u00fcrttemberg<\/strong> in Ludwigsburg until 2017. She was nominated as <em>Young Actress of the Year<\/em> by the magazine &#8220;<strong>Theater today<\/strong>&#8221; for her work in the theatre production &#8220;<strong>Die Unerh\u00f6rte<\/strong>&#8220;, which won the <strong>K\u00f6rber Studio Young Director Award<\/strong> in 2017. In 2018, <strong>Anna Gesa-Raija Lappe<\/strong> changed to the <strong>Badisches Staatstheater Karlsruhe<\/strong> and was again nominated as <em>Young Actress of the Year<\/em> in 2019 for her portrayal of Ellida in &#8220;<strong>Nora, Hedda und ihre Schwestern<\/strong>&#8220;. <strong>Anna Gesa-Raija Lappe<\/strong> has been part of the ensemble of the <strong>M\u00fcnchner Kammerspiele<\/strong> since 2020.[\/vc_column_text][vc_row_inner][vc_column_inner width=&#8221;1\/2&#8243;][vc_single_image image=&#8221;63667&#8243; img_size=&#8221;full&#8221; onclick=&#8221;link_image&#8221;][\/vc_column_inner][vc_column_inner width=&#8221;1\/2&#8243;][vc_single_image image=&#8221;63661&#8243; img_size=&#8221;full&#8221; onclick=&#8221;link_image&#8221;][\/vc_column_inner][\/vc_row_inner][vc_column_text]In 2016 she appeared in front of the camera for the first time, since then she has acted in several feature films.[\/vc_column_text][\/vc_column][\/vc_row][vc_row][vc_column][vc_column_text css=&#8221;.vc_custom_1623537774699{margin-bottom: -12px !important;}&#8221;]<span style=\"font-size: 12pt;\">Filmography (Selection)<\/span>[\/vc_column_text][vc_empty_space height=&#8221;30px&#8221;][vc_column_text css=&#8221;.vc_custom_1644087654602{margin-top: -12px !important;padding-top: 15px !important;padding-right: 15px !important;padding-bottom: 15px !important;padding-left: 15px !important;background-color: #efefef !important;border-radius: 5px !important;}&#8221;]<\/p>\n<table style=\"border-collapse: collapse; width: 100%; height: 98px;\">\n<tbody>\n<tr style=\"height: 25px;\">\n<td style=\"width: 18.75800256081946%; height: 23px;\">2021<\/td>\n<td style=\"width: 81.24199743918055%; height: 23px;\"><strong>Tr\u00fcmmerm\u00e4dchen &#8211;\u00a0Germany Year Zero<\/strong> &#8211; Fiction film<\/td>\n<\/tr>\n<tr style=\"height: 25px;\">\n<td style=\"width: 18.75800256081946%; height: 25px;\">2017<\/td>\n<td style=\"width: 81.24199743918055%; height: 25px;\"><strong>Lenz<\/strong>\u00a0&#8211; Fiction film<\/td>\n<\/tr>\n<tr style=\"height: 25px;\">\n<td style=\"width: 18.75800256081946%; height: 25px;\">2017<\/td>\n<td style=\"width: 81.24199743918055%; height: 25px;\"><strong>Die Freibadclique<\/strong>\u00a0&#8211; Fiction film<\/td>\n<\/tr>\n<tr>\n<td style=\"width: 18.75800256081946%;\">2016<\/td>\n<td style=\"width: 81.24199743918055%;\"><strong>Gestern habe ich angefangen Dich zu t\u00f6ten mein Herz\u00a0<\/strong>&#8211; Fiction film<\/td>\n<\/tr>\n<\/tbody>\n<\/table>\n<p>[\/vc_column_text][\/vc_column][\/vc_row][vc_row][vc_column][vc_column_text]<\/p>\n<h3><strong>Lara Feith<\/strong> as Corinna<\/h3>\n<div><span lang=\"EN-US\"><strong>Lara Feith<\/strong> was born in Berlin in 1995. She trained at the <strong>&#8220;Ernst Busch&#8221; Academy of Dramatic Arts<\/strong> in Berlin from 2015 to 2019. Since 2017, Feith has played various roles in film and television, for example in the <strong>Netflix<\/strong> series \u201e<strong>Dogs of Berlin<\/strong>\u201c and \u201e<strong>Tr\u00fcmmerm\u00e4dchen \u2013 Germany Year Zero<\/strong>\u201c. <\/span><\/div>\n<p>[\/vc_column_text][vc_row_inner][vc_column_inner][vc_single_image image=&#8221;63664&#8243; img_size=&#8221;full&#8221; onclick=&#8221;link_image&#8221;][\/vc_column_inner][\/vc_row_inner][vc_column_text]She has appeared on stage at the <strong>Staatstheater Nuremberg<\/strong>, the <strong>Burgtheater Vienna<\/strong>, the <strong>Gorki Theater<\/strong> in Berlin and the <strong>Th\u00e9\u00e2tre National Mohammed V<\/strong> in Rabat, Morocco.[\/vc_column_text][\/vc_column][\/vc_row][vc_row][vc_column][vc_column_text css=&#8221;.vc_custom_1623537774699{margin-bottom: -12px !important;}&#8221;]<span style=\"font-size: 12pt;\">Filmography (Selection)<\/span>[\/vc_column_text][vc_empty_space height=&#8221;30px&#8221;][vc_column_text css=&#8221;.vc_custom_1644088603563{margin-top: -12px !important;padding-top: 15px !important;padding-right: 15px !important;padding-bottom: 15px !important;padding-left: 15px !important;background-color: #efefef !important;border-radius: 5px !important;}&#8221;]<\/p>\n<table style=\"border-collapse: collapse; width: 100%; height: 98px;\">\n<tbody>\n<tr style=\"height: 25px;\">\n<td style=\"width: 18.75800256081946%; height: 23px;\">2022<\/td>\n<td style=\"width: 81.24199743918055%; height: 23px;\"><strong>Arietes<\/strong>\u00a0(working title) &#8211; Fiction film<\/td>\n<\/tr>\n<tr style=\"height: 25px;\">\n<td style=\"width: 18.75800256081946%; height: 25px;\">2021<\/td>\n<td style=\"width: 81.24199743918055%; height: 25px;\"><strong>Tr\u00fcmmerm\u00e4dchen &#8211; Germany Year Zero<\/strong> &#8211; Fiction film<\/td>\n<\/tr>\n<tr style=\"height: 25px;\">\n<td style=\"width: 18.75800256081946%; height: 25px;\">2019<\/td>\n<td style=\"width: 81.24199743918055%; height: 25px;\"><strong>Zwischen uns die Mauer<\/strong>\u00a0&#8211; Fiction film<\/td>\n<\/tr>\n<tr>\n<td style=\"width: 18.75800256081946%;\">2018<\/td>\n<td style=\"width: 81.24199743918055%;\"><strong>Dogs\u00a0of Berlin\u00a0<\/strong>&#8211; Series (Netflix)<\/td>\n<\/tr>\n<tr>\n<td style=\"width: 18.75800256081946%;\">2017<\/td>\n<td style=\"width: 81.24199743918055%;\"><b>Luft<\/b> &#8211; Fiction film<\/td>\n<\/tr>\n<\/tbody>\n<\/table>\n<p>[\/vc_column_text][\/vc_column][\/vc_row][vc_row][vc_column][vc_column_text]<\/p>\n<h3><strong>Till Wonka<\/strong> as Hans<\/h3>\n<p><strong>Till Wonka<\/strong> was born in Dresden in 1982 and completed his acting studies at the <strong>Hochschule f\u00fcr Musik und Theater &#8220;Felix Mendelssohn Bartholdy&#8221;<\/strong> Leipzig. He had engagements at the <strong>Schauspielhaus Leipzig<\/strong>, the <strong>Staatstheater Stuttgart<\/strong> and the <strong>D\u00fcsseldorfer Schauspielhaus<\/strong>, where he played leading roles in plays such as &#8220;<strong>Romeo and Juliet<\/strong>&#8220;, &#8220;<strong>Hamlet<\/strong>&#8221; and <strong>Homer<\/strong>&#8216;s &#8220;<strong>Iliad<\/strong>&#8220;. <strong>Till Wonka<\/strong> received <em>solo awards<\/em> in 2005 at the <strong>Actors&#8217; School Meeting<\/strong> in Frankfurt\/Main and in 2006 at the <strong>International Actors&#8217; School Meeting<\/strong> in Bratislava, as well as an ensemble award at the <strong>NRW Theatre Meeting<\/strong> in 2013. Since August 2013 he has been a permanent ensemble member at the <strong>Maxim Gorki Theater<\/strong> in Berlin.[\/vc_column_text][vc_row_inner][vc_column_inner width=&#8221;1\/2&#8243;][vc_single_image image=&#8221;63674&#8243; img_size=&#8221;full&#8221; onclick=&#8221;link_image&#8221;][\/vc_column_inner][vc_column_inner width=&#8221;1\/2&#8243;][vc_single_image image=&#8221;63671&#8243; img_size=&#8221;full&#8221; onclick=&#8221;link_image&#8221;][\/vc_column_inner][\/vc_row_inner][vc_column_text]Since 2011 he has also appeared in numerous TV productions such as \u201e<strong>Tatort<\/strong>\u201c and \u201e<strong>Polizeiruf 110<\/strong>\u201c and several feature films.[\/vc_column_text][\/vc_column][\/vc_row][vc_row][vc_column][vc_column_text css=&#8221;.vc_custom_1623537774699{margin-bottom: -12px !important;}&#8221;]<span style=\"font-size: 12pt;\">Filmography (Selection)<\/span>[\/vc_column_text][vc_empty_space height=&#8221;30px&#8221;][vc_column_text css=&#8221;.vc_custom_1644088586979{margin-top: -12px !important;padding-top: 15px !important;padding-right: 15px !important;padding-bottom: 15px !important;padding-left: 15px !important;background-color: #efefef !important;border-radius: 5px !important;}&#8221;]<\/p>\n<table style=\"border-collapse: collapse; width: 100%; height: 98px;\">\n<tbody>\n<tr style=\"height: 25px;\">\n<td style=\"width: 18.75800256081946%; height: 23px;\">2021<\/td>\n<td style=\"width: 81.24199743918055%; height: 23px;\"><strong>Tr\u00fcmmerm\u00e4dchen &#8211; Germay Year Zero<\/strong> &#8211; Fiction film<\/td>\n<\/tr>\n<tr style=\"height: 25px;\">\n<td style=\"width: 18.75800256081946%; height: 25px;\">2021<\/td>\n<td style=\"width: 81.24199743918055%; height: 25px;\"><strong>Polizeiruf 110 &#8220;An der Saale hellem\u00a0<\/strong><b>Strand&#8221;<\/b>\u00a0&#8211; Fiction film<\/td>\n<\/tr>\n<tr style=\"height: 25px;\">\n<td style=\"width: 18.75800256081946%; height: 25px;\">2018<\/td>\n<td style=\"width: 81.24199743918055%; height: 25px;\"><strong>Nachthall<\/strong>\u00a0&#8211; Fiction film<\/td>\n<\/tr>\n<tr>\n<td style=\"width: 18.75800256081946%;\">2016<\/td>\n<td style=\"width: 81.24199743918055%;\"><strong>Tschick<\/strong> &#8211; Fiction film<\/td>\n<\/tr>\n<tr>\n<td style=\"width: 18.75800256081946%;\">2016<\/td>\n<td style=\"width: 81.24199743918055%;\"><b>Beat Beat Heart<\/b> &#8211; Fiction film (Darling Berlin)<\/td>\n<\/tr>\n<\/tbody>\n<\/table>\n<p>[\/vc_column_text][vc_single_image image=&#8221;63655&#8243; img_size=&#8221;full&#8221; onclick=&#8221;link_image&#8221;][\/vc_column][\/vc_row][vc_row el_id=&#8221;trailer&#8221;][vc_column][vc_separator][vc_video link=&#8221;https:\/\/youtu.be\/sAo18&#8211;cIqE&#8221; title=&#8221;Tr\u00fcmmerm\u00e4dchen &#8211; Germany Year Zero | Trailer (German with English subtitles) \u1d34\u1d30&#8221;][\/vc_column][\/vc_row][vc_row][vc_column][vc_empty_space height=&#8221;15px&#8221;][vc_separator css=&#8221;.vc_custom_1560377795279{margin-top: 15px !important;}&#8221;][vc_empty_space height=&#8221;5px&#8221;][\/vc_column][\/vc_row][vc_row][vc_column][vc_column_text]<\/p>\n<h2><span style=\"font-family: arial, helvetica, sans-serif;\">News<\/span><\/h2>\n<p>[\/vc_column_text]<style type=\"text\/css\" data-type=\"the7_shortcodes-inline-css\">.blog-shortcode.blog-masonry-shortcode-id-d8f6d281ace6d74b8484e4906bdb70bf.dividers-on.classic-layout-list article {\n  padding-top: 0;\n}\n.blog-shortcode.blog-masonry-shortcode-id-d8f6d281ace6d74b8484e4906bdb70bf.dividers-on.classic-layout-list article:first-of-type {\n  margin-top: 0;\n  padding-top: 0;\n}\n.blog-shortcode.blog-masonry-shortcode-id-d8f6d281ace6d74b8484e4906bdb70bf.classic-layout-list.mode-list .post-entry-content {\n  width: calc(100% - );\n}\n.blog-shortcode.blog-masonry-shortcode-id-d8f6d281ace6d74b8484e4906bdb70bf.classic-layout-list.mode-list .no-img .post-entry-content {\n  width: 100%;\n}\n.blog-shortcode.blog-masonry-shortcode-id-d8f6d281ace6d74b8484e4906bdb70bf .filter-bg-decoration .filter-categories a.act {\n  color: #fff;\n}\n.blog-shortcode.blog-masonry-shortcode-id-d8f6d281ace6d74b8484e4906bdb70bf:not(.mode-masonry) article:first-of-type,\n.blog-shortcode.blog-masonry-shortcode-id-d8f6d281ace6d74b8484e4906bdb70bf:not(.mode-masonry) article.visible.first:not(.product) {\n  margin-top: 0;\n}\n.blog-shortcode.blog-masonry-shortcode-id-d8f6d281ace6d74b8484e4906bdb70bf.dividers-on:not(.mode-masonry) article {\n  margin-top: 0;\n}\n.blog-shortcode.blog-masonry-shortcode-id-d8f6d281ace6d74b8484e4906bdb70bf.dividers-on:not(.mode-masonry) article:first-of-type,\n.blog-shortcode.blog-masonry-shortcode-id-d8f6d281ace6d74b8484e4906bdb70bf.dividers-on:not(.mode-masonry) article.visible.first:not(.product) {\n  margin-top: 0;\n  padding-top: 0;\n}\n.blog-shortcode.blog-masonry-shortcode-id-d8f6d281ace6d74b8484e4906bdb70bf .post-thumbnail-wrap {\n  padding: 0px 0px 0px 0px;\n}\n.blog-shortcode.blog-masonry-shortcode-id-d8f6d281ace6d74b8484e4906bdb70bf.enable-bg-rollover .post-thumbnail-rollover:after {\n  background: -webkit-linear-gradient();\n  background: linear-gradient();\n}\n.blog-shortcode.blog-masonry-shortcode-id-d8f6d281ace6d74b8484e4906bdb70bf .gallery-zoom-ico {\n  width: 44px;\n  height: 44px;\n  line-height: 44px;\n  border-radius: 100px;\n  margin: -22px 0 0 -22px;\n  border-width: 0px;\n  color: #ffffff;\n}\n.bottom-overlap-layout-list.blog-shortcode.blog-masonry-shortcode-id-d8f6d281ace6d74b8484e4906bdb70bf .gallery-zoom-ico {\n  margin-top: -72px;\n}\n.gradient-overlay-layout-list.blog-shortcode.blog-masonry-shortcode-id-d8f6d281ace6d74b8484e4906bdb70bf .gallery-zoom-ico,\n.content-rollover-layout-list.blog-shortcode.blog-masonry-shortcode-id-d8f6d281ace6d74b8484e4906bdb70bf .gallery-zoom-ico {\n  margin: 0 0 10px;\n}\n.content-align-center.gradient-overlay-layout-list.blog-shortcode.blog-masonry-shortcode-id-d8f6d281ace6d74b8484e4906bdb70bf .gallery-zoom-ico,\n.content-align-center.content-rollover-layout-list.blog-shortcode.blog-masonry-shortcode-id-d8f6d281ace6d74b8484e4906bdb70bf .gallery-zoom-ico {\n  margin: 0 auto 10px;\n}\n.dt-icon-bg-on.blog-shortcode.blog-masonry-shortcode-id-d8f6d281ace6d74b8484e4906bdb70bf .gallery-zoom-ico {\n  background: rgba(255,255,255,0.3);\n  box-shadow: none;\n}\n.blog-shortcode.blog-masonry-shortcode-id-d8f6d281ace6d74b8484e4906bdb70bf .gallery-zoom-ico > span,\n.blog-shortcode.blog-masonry-shortcode-id-d8f6d281ace6d74b8484e4906bdb70bf .gallery-zoom-ico:before {\n  font-size: 32px;\n  line-height: 44px;\n}\n.blog-shortcode.blog-masonry-shortcode-id-d8f6d281ace6d74b8484e4906bdb70bf .gallery-zoom-ico > span,\n.blog-shortcode.blog-masonry-shortcode-id-d8f6d281ace6d74b8484e4906bdb70bf .gallery-zoom-ico:before {\n  color: #ffffff;\n}\n.blog-shortcode.blog-masonry-shortcode-id-d8f6d281ace6d74b8484e4906bdb70bf .entry-title,\n.blog-shortcode.blog-masonry-shortcode-id-d8f6d281ace6d74b8484e4906bdb70bf.owl-carousel .entry-title {\n  margin-bottom: 5px;\n  font-weight: bold;\n}\n.blog-shortcode.blog-masonry-shortcode-id-d8f6d281ace6d74b8484e4906bdb70bf .entry-meta {\n  margin-bottom: 15px;\n}\n.blog-shortcode.blog-masonry-shortcode-id-d8f6d281ace6d74b8484e4906bdb70bf .portfolio-categories {\n  margin-bottom: 15px;\n}\n.blog-shortcode.blog-masonry-shortcode-id-d8f6d281ace6d74b8484e4906bdb70bf .entry-excerpt {\n  margin-bottom: 5px;\n}\n.blog-shortcode.blog-masonry-shortcode-id-d8f6d281ace6d74b8484e4906bdb70bf:not(.centered-layout-list) .post-entry-content {\n  padding: 25px 30px 30px 30px;\n}\n.blog-shortcode.blog-masonry-shortcode-id-d8f6d281ace6d74b8484e4906bdb70bf:not(.centered-layout-list):not(.content-bg-on):not(.mode-list) .no-img .post-entry-content {\n  padding: 0;\n}\n@media screen and (max-width: ) {\n  .blog-shortcode.blog-masonry-shortcode-id-d8f6d281ace6d74b8484e4906bdb70bf article {\n    -ms-flex-flow: column nowrap;\n    flex-flow: column nowrap;\n    margin-top: 20px;\n  }\n  .blog-shortcode.blog-masonry-shortcode-id-d8f6d281ace6d74b8484e4906bdb70bf.dividers-on article {\n    border: none;\n  }\n  .blog-shortcode.blog-masonry-shortcode-id-d8f6d281ace6d74b8484e4906bdb70bf.content-bg-on.centered-layout-list article {\n    padding: 0;\n  }\n  .blog-shortcode.blog-masonry-shortcode-id-d8f6d281ace6d74b8484e4906bdb70bf.blog-shortcode.dividers-on article,\n  .blog-shortcode.blog-masonry-shortcode-id-d8f6d281ace6d74b8484e4906bdb70bf.dividers-on.classic-layout-list article {\n    margin-top: 20px;\n    padding: 0;\n  }\n  .blog-shortcode.blog-masonry-shortcode-id-d8f6d281ace6d74b8484e4906bdb70bf.blog-shortcode.dividers-on article:first-of-type,\n  .blog-shortcode.blog-masonry-shortcode-id-d8f6d281ace6d74b8484e4906bdb70bf.dividers-on.classic-layout-list article:first-of-type {\n    padding: 0;\n  }\n  #page .blog-shortcode.blog-masonry-shortcode-id-d8f6d281ace6d74b8484e4906bdb70bf .post-thumbnail-wrap,\n  #page .blog-shortcode.blog-masonry-shortcode-id-d8f6d281ace6d74b8484e4906bdb70bf .post-entry-content {\n    width: 100%;\n    margin: 0;\n    top: 0;\n  }\n  #page .blog-shortcode.blog-masonry-shortcode-id-d8f6d281ace6d74b8484e4906bdb70bf .post-thumbnail-wrap {\n    padding: 0;\n  }\n  #page .blog-shortcode.blog-masonry-shortcode-id-d8f6d281ace6d74b8484e4906bdb70bf .post-entry-content:after {\n    display: none;\n  }\n  #page .blog-shortcode.blog-masonry-shortcode-id-d8f6d281ace6d74b8484e4906bdb70bf .project-even .post-thumbnail-wrap,\n  #page .blog-shortcode.blog-masonry-shortcode-id-d8f6d281ace6d74b8484e4906bdb70bf.centered-layout-list .post-thumbnail-wrap {\n    -ms-flex-order: 0;\n    order: 0;\n  }\n  #page .blog-shortcode.blog-masonry-shortcode-id-d8f6d281ace6d74b8484e4906bdb70bf.centered-layout-list .post-entry-title-content {\n    -ms-flex-order: 1;\n    order: 1;\n    width: 100%;\n    padding: 20px 20px 0;\n  }\n  #page .blog-shortcode.blog-masonry-shortcode-id-d8f6d281ace6d74b8484e4906bdb70bf.centered-layout-list .post-entry-content {\n    -ms-flex-order: 2;\n    order: 2;\n    padding-top: 0;\n  }\n  #page .blog-shortcode.blog-masonry-shortcode-id-d8f6d281ace6d74b8484e4906bdb70bf .fancy-categories {\n    top: 10px;\n    left: 10px;\n    bottom: auto;\n    right: auto;\n  }\n  #page .blog-shortcode.blog-masonry-shortcode-id-d8f6d281ace6d74b8484e4906bdb70bf .fancy-date a {\n    top: 10px;\n    right: 10px;\n    left: auto;\n    bottom: auto;\n  }\n  #page .blog-shortcode.blog-masonry-shortcode-id-d8f6d281ace6d74b8484e4906bdb70bf .post-entry-content {\n    padding: 20px;\n  }\n  #page .blog-shortcode.blog-masonry-shortcode-id-d8f6d281ace6d74b8484e4906bdb70bf .entry-title {\n    margin: 3px 0 5px;\n    font-size: 20px;\n    line-height: 26px;\n  }\n  #page .blog-shortcode.blog-masonry-shortcode-id-d8f6d281ace6d74b8484e4906bdb70bf .entry-meta {\n    margin: 5px 0 5px;\n  }\n  #page .blog-shortcode.blog-masonry-shortcode-id-d8f6d281ace6d74b8484e4906bdb70bf .entry-excerpt {\n    margin: 15px 0 0;\n  }\n  #page .blog-shortcode.blog-masonry-shortcode-id-d8f6d281ace6d74b8484e4906bdb70bf .post-details {\n    margin: 5px 0 10px;\n  }\n  #page .blog-shortcode.blog-masonry-shortcode-id-d8f6d281ace6d74b8484e4906bdb70bf .post-details.details-type-link {\n    margin-bottom: 2px;\n  }\n}\n.blog-shortcode.blog-masonry-shortcode-id-d8f6d281ace6d74b8484e4906bdb70bf:not(.resize-by-browser-width) .dt-css-grid {\n  grid-row-gap: 30px;\n  grid-column-gap: 30px;\n  grid-template-columns: repeat(auto-fill,minmax(,1fr));\n}\n.blog-shortcode.blog-masonry-shortcode-id-d8f6d281ace6d74b8484e4906bdb70bf:not(.resize-by-browser-width) .dt-css-grid .double-width {\n  grid-column: span 2;\n}\n.cssgridlegacy.no-cssgrid .blog-shortcode.blog-masonry-shortcode-id-d8f6d281ace6d74b8484e4906bdb70bf:not(.resize-by-browser-width) .dt-css-grid,\n.no-cssgridlegacy.no-cssgrid .blog-shortcode.blog-masonry-shortcode-id-d8f6d281ace6d74b8484e4906bdb70bf:not(.resize-by-browser-width) .dt-css-grid {\n  display: flex;\n  flex-flow: row wrap;\n  margin: -15px;\n}\n.cssgridlegacy.no-cssgrid .blog-shortcode.blog-masonry-shortcode-id-d8f6d281ace6d74b8484e4906bdb70bf:not(.resize-by-browser-width) .dt-css-grid .wf-cell,\n.no-cssgridlegacy.no-cssgrid .blog-shortcode.blog-masonry-shortcode-id-d8f6d281ace6d74b8484e4906bdb70bf:not(.resize-by-browser-width) .dt-css-grid .wf-cell {\n  flex: 1 0 ;\n  max-width: 100%;\n  padding: 15px;\n  box-sizing: border-box;\n}\n.blog-shortcode.blog-masonry-shortcode-id-d8f6d281ace6d74b8484e4906bdb70bf.resize-by-browser-width .dt-css-grid {\n  grid-template-columns: repeat(2,1fr);\n  grid-template-rows: auto;\n  grid-column-gap: 30px;\n  grid-row-gap: 30px;\n}\n.blog-shortcode.blog-masonry-shortcode-id-d8f6d281ace6d74b8484e4906bdb70bf.resize-by-browser-width .dt-css-grid .double-width {\n  grid-column: span 2;\n}\n.cssgridlegacy.no-cssgrid .blog-shortcode.blog-masonry-shortcode-id-d8f6d281ace6d74b8484e4906bdb70bf.resize-by-browser-width .dt-css-grid {\n  margin: -15px;\n}\n.cssgridlegacy.no-cssgrid .blog-shortcode.blog-masonry-shortcode-id-d8f6d281ace6d74b8484e4906bdb70bf.resize-by-browser-width .dt-css-grid .wf-cell {\n  width: 50%;\n  padding: 15px;\n}\n.cssgridlegacy.no-cssgrid .blog-shortcode.blog-masonry-shortcode-id-d8f6d281ace6d74b8484e4906bdb70bf.resize-by-browser-width .dt-css-grid .wf-cell.double-width {\n  width: calc(50%) * 2;\n}\n.blog-shortcode.blog-masonry-shortcode-id-d8f6d281ace6d74b8484e4906bdb70bf.resize-by-browser-width:not(.centered-layout-list):not(.content-bg-on) .dt-css-grid {\n  grid-row-gap: 0px;\n}\n@media screen and (max-width: 1199px) {\n  .blog-shortcode.blog-masonry-shortcode-id-d8f6d281ace6d74b8484e4906bdb70bf.resize-by-browser-width .dt-css-grid {\n    grid-template-columns: repeat(2,1fr);\n  }\n  .cssgridlegacy.no-cssgrid .blog-shortcode.blog-masonry-shortcode-id-d8f6d281ace6d74b8484e4906bdb70bf.resize-by-browser-width .dt-css-grid .wf-cell,\n  .no-cssgridlegacy.no-cssgrid .blog-shortcode.blog-masonry-shortcode-id-d8f6d281ace6d74b8484e4906bdb70bf.resize-by-browser-width .dt-css-grid .wf-cell {\n    width: 50%;\n  }\n  .cssgridlegacy.no-cssgrid .blog-shortcode.blog-masonry-shortcode-id-d8f6d281ace6d74b8484e4906bdb70bf.resize-by-browser-width .dt-css-grid .wf-cell.double-width,\n  .no-cssgridlegacy.no-cssgrid .blog-shortcode.blog-masonry-shortcode-id-d8f6d281ace6d74b8484e4906bdb70bf.resize-by-browser-width .dt-css-grid .wf-cell.double-width {\n    width: calc(50%)*2;\n  }\n}\n@media screen and (max-width: 991px) {\n  .blog-shortcode.blog-masonry-shortcode-id-d8f6d281ace6d74b8484e4906bdb70bf.resize-by-browser-width .dt-css-grid {\n    grid-template-columns: repeat(1,1fr);\n  }\n  .cssgridlegacy.no-cssgrid .blog-shortcode.blog-masonry-shortcode-id-d8f6d281ace6d74b8484e4906bdb70bf.resize-by-browser-width .dt-css-grid .wf-cell,\n  .no-cssgridlegacy.no-cssgrid .blog-shortcode.blog-masonry-shortcode-id-d8f6d281ace6d74b8484e4906bdb70bf.resize-by-browser-width .dt-css-grid .wf-cell {\n    width: 100%;\n  }\n  .cssgridlegacy.no-cssgrid .blog-shortcode.blog-masonry-shortcode-id-d8f6d281ace6d74b8484e4906bdb70bf.resize-by-browser-width .dt-css-grid .wf-cell.double-width,\n  .no-cssgridlegacy.no-cssgrid .blog-shortcode.blog-masonry-shortcode-id-d8f6d281ace6d74b8484e4906bdb70bf.resize-by-browser-width .dt-css-grid .wf-cell.double-width {\n    width: calc(100%)*2;\n  }\n}\n@media screen and (max-width: 767px) {\n  .blog-shortcode.blog-masonry-shortcode-id-d8f6d281ace6d74b8484e4906bdb70bf.resize-by-browser-width .dt-css-grid {\n    grid-template-columns: repeat(1,1fr);\n  }\n  .blog-shortcode.blog-masonry-shortcode-id-d8f6d281ace6d74b8484e4906bdb70bf.resize-by-browser-width .dt-css-grid .double-width {\n    grid-column: span 1;\n  }\n  .cssgridlegacy.no-cssgrid .blog-shortcode.blog-masonry-shortcode-id-d8f6d281ace6d74b8484e4906bdb70bf.resize-by-browser-width .dt-css-grid .wf-cell,\n  .no-cssgridlegacy.no-cssgrid .blog-shortcode.blog-masonry-shortcode-id-d8f6d281ace6d74b8484e4906bdb70bf.resize-by-browser-width .dt-css-grid .wf-cell {\n    width: 100%;\n  }\n  .cssgridlegacy.no-cssgrid .blog-shortcode.blog-masonry-shortcode-id-d8f6d281ace6d74b8484e4906bdb70bf.resize-by-browser-width .dt-css-grid .wf-cell.double-width,\n  .no-cssgridlegacy.no-cssgrid .blog-shortcode.blog-masonry-shortcode-id-d8f6d281ace6d74b8484e4906bdb70bf.resize-by-browser-width .dt-css-grid .wf-cell.double-width {\n    width: calc(100%)*2;\n  }\n}<\/style><div class=\"blog-shortcode blog-masonry-shortcode-id-d8f6d281ace6d74b8484e4906bdb70bf mode-grid classic-layout-list content-bg-on jquery-filter scale-img dt-css-grid-wrap dt-icon-bg-off resize-by-browser-width loading-effect-none description-under-image \" data-padding=\"15px\" data-cur-page=\"1\" data-post-limit=\"-1\" data-pagination-mode=\"none\" data-desktop-columns-num=\"2\" data-v-tablet-columns-num=\"1\" data-h-tablet-columns-num=\"2\" data-phone-columns-num=\"1\" data-width=\"0px\" data-columns=\"0\"><div class=\"dt-css-grid\" ><div class=\"visible wf-cell\" data-post-id=\"82186\" data-date=\"2022-11-25T14:55:57+00:00\" data-name=\"\ud83c\udfac &quot;Tr\u00fcmmerm\u00e4dchen - Germany Year Zero&quot; available from today on DVD and VoD portals\"><article class=\"post project-odd visible post-82186 type-post status-publish format-standard has-post-thumbnail hentry category-artkeim-en category-cinema category-film-en category-movie-distribution category-news-en tag-anna-gesa-raija-en tag-artkeim-en tag-die-geschichte-der-charlotte-schumann-en tag-internationale-hofer-filmtage-2 tag-lara-feith-en tag-laura-balzer-en tag-laura-balzer-2 tag-lena-urzendowsky-en tag-lennart-lenzing-en tag-marco-groenwoldt-en tag-marco-gronwoldt tag-oliver-kracht-2 tag-oliver-kracht-en tag-philipp-karner-en tag-simon-j-buchner-en tag-simon-j-buchner-2 tag-suedwestrundfunk-2 tag-swr-preis-en tag-swr-preis tag-till-wonka-en tag-trummermadchen-en tag-valery-tscheplanowa-en category-570 category-1011 category-942 category-4630 category-941\" data-name=\"\ud83c\udfac &#8220;Tr\u00fcmmerm\u00e4dchen &#8211; Germany Year Zero&#8221; available from today on DVD and VoD portals\" data-date=\"2022-11-25T14:55:57+00:00\">\n\n<div class=\"post-thumbnail-wrap\">\n\t<div class=\"post-thumbnail\">\n\t\t\n\t\t\n\t\t<a href=\"https:\/\/ucm.one\/en\/truemmermaedchen-germany-year-zero-available-from-today-on-dvd-and-vod-portals\/\" class=\"post-thumbnail-rollover layzr-bg layzr-bg\" ><img decoding=\"async\" class=\"iso-lazy-load preload-me iso-lazy-load aspect\" src=\"data:image\/svg+xml,%3Csvg%20xmlns%3D&#39;http%3A%2F%2Fwww.w3.org%2F2000%2Fsvg&#39;%20viewBox%3D&#39;0%200%20990%20309&#39;%2F%3E\" data-src=\"https:\/\/ucm.one\/wp-content\/uploads\/2022\/11\/B-Truemmermaedchen-Die-Geschichte-der-Charlotte-Schumann-DVD-990x309.jpg\" data-srcset=\"https:\/\/ucm.one\/wp-content\/uploads\/2022\/11\/B-Truemmermaedchen-Die-Geschichte-der-Charlotte-Schumann-DVD-990x309.jpg 990w, https:\/\/ucm.one\/wp-content\/uploads\/2022\/11\/B-Truemmermaedchen-Die-Geschichte-der-Charlotte-Schumann-DVD-1485x464.jpg 1485w\" loading=\"eager\" style=\"--ratio: 990 \/ 309\" sizes=\"(max-width: 990px) 100vw, 990px\" alt=\"\" title=\"B Truemmermaedchen &#8211; Die Geschichte der Charlotte Schumann DVD\" width=\"990\" height=\"309\"  \/><\/a>\t<\/div>\n<\/div>\n\n\n<div class=\"post-entry-content\">\n\n\t<h3 class=\"entry-title\">\n\t\t<a href=\"https:\/\/ucm.one\/en\/truemmermaedchen-germany-year-zero-available-from-today-on-dvd-and-vod-portals\/\" title=\"\ud83c\udfac &#8220;Tr\u00fcmmerm\u00e4dchen &#8211; Germany Year Zero&#8221; available from today on DVD and VoD portals\" rel=\"bookmark\">\ud83c\udfac &#8220;Tr\u00fcmmerm\u00e4dchen &#8211; Germany Year Zero&#8221; available from today on DVD and VoD portals<\/a>\n\t<\/h3>\n\n\t<div class=\"entry-meta\"><span class=\"category-link\"><a href=\"https:\/\/ucm.one\/en\/category\/news-en\/film-en\/artkeim-en\/\" >Artkeim\u00b2<\/a>, <a href=\"https:\/\/ucm.one\/en\/category\/news-en\/cinema\/\" >Cinema<\/a>, <a href=\"https:\/\/ucm.one\/en\/category\/news-en\/film-en\/\" >Film<\/a>, <a href=\"https:\/\/ucm.one\/en\/category\/news-en\/movie-distribution\/\" >Movie Distribution<\/a>, <a href=\"https:\/\/ucm.one\/en\/category\/news-en\/\" >News<\/a><\/span><a class=\"author vcard\" href=\"\" title=\"View all posts by Joachim Keil\" rel=\"author\">By <span class=\"fn\">Joachim Keil<\/span><\/a><a href=\"https:\/\/ucm.one\/en\/2022\/11\/25\/\" title=\"14:55\" class=\"data-link\" rel=\"bookmark\"><time class=\"entry-date updated\" datetime=\"2022-11-25T14:55:57+00:00\">25. November 2022<\/time><\/a><\/div>\n\t<div class=\"entry-excerpt\"><p>[vc_row][vc_column][vc_column_text]The feature film &#8220;Tr\u00fcmmerm\u00e4dchen &#8211; Die Geschichte der Charlotte Schumann&#8221; by director Oliver Kracht is available from today on the Artkeim\u00b2 label on DVD as well as on VoD portals.[\/vc_column_text][\/vc_column][\/vc_row][vc_row][vc_column width=&#8221;3\/4&#8243;][vc_column_text]The film, for whose screenplay Oliver Kracht was already awarded the Thomas Strittmatter Prize at the Berlinale in 2019, celebrated its world premiere at the&hellip;<\/p>\n<\/div>\n\t\n<a href=\"https:\/\/ucm.one\/en\/truemmermaedchen-germany-year-zero-available-from-today-on-dvd-and-vod-portals\/\" class=\"post-details details-type-link\" aria-label=\"Read more about \ud83c\udfac &#8220;Tr\u00fcmmerm\u00e4dchen &#8211; Germany Year Zero&#8221; available from today on DVD and VoD portals\">More<i class=\"dt-icon-the7-arrow-03\" aria-hidden=\"true\"><\/i><\/a>\n\n<\/div><\/article><\/div><div class=\"visible wf-cell\" data-post-id=\"66133\" data-date=\"2022-03-24T22:53:26+00:00\" data-name=\"\ud83c\udfac Theatrical release &quot;Tr\u00fcmmerm\u00e4dchen - Germany Year Zero&quot; by Oliver Kracht\"><article class=\"post project-odd visible post-66133 type-post status-publish format-standard has-post-thumbnail hentry category-artkeim-en category-cinema category-film-en category-movie-distribution category-news-en category-world-sales tag-anna-gesa-raija-en tag-artkeim-en tag-die-geschichte-der-charlotte-schumann-en tag-internationale-hofer-filmtage-2 tag-lara-feith-en tag-laura-balzer-2 tag-lena-urzendowsky-en tag-lennart-lenzing-en tag-marco-gronwoldt tag-marco-groenwoldt-en tag-oliver-kracht-2 tag-philipp-karner-en tag-simon-j-buchner-2 tag-suedwestrundfunk-2 tag-swr-preis-en tag-swr-preis tag-till-wonka-en tag-trummermadchen-en tag-valery-tscheplanowa-en category-570 category-1011 category-942 category-4630 category-941 category-7530\" data-name=\"\ud83c\udfac Theatrical release &#8220;Tr\u00fcmmerm\u00e4dchen &#8211; Germany Year Zero&#8221; by Oliver Kracht\" data-date=\"2022-03-24T22:53:26+00:00\">\n\n<div class=\"post-thumbnail-wrap\">\n\t<div class=\"post-thumbnail\">\n\t\t\n\t\t\n\t\t<a href=\"https:\/\/ucm.one\/en\/theatrical-release-truemmermaedchen-germany-year-zero-by-oliver-kracht\/\" class=\"post-thumbnail-rollover layzr-bg layzr-bg\" ><img decoding=\"async\" class=\"iso-lazy-load preload-me iso-lazy-load aspect\" src=\"data:image\/svg+xml,%3Csvg%20xmlns%3D&#39;http%3A%2F%2Fwww.w3.org%2F2000%2Fsvg&#39;%20viewBox%3D&#39;0%200%20990%20309&#39;%2F%3E\" data-src=\"https:\/\/ucm.one\/wp-content\/uploads\/2022\/03\/B-TRM-Premiere-1-990x309.jpg\" data-srcset=\"https:\/\/ucm.one\/wp-content\/uploads\/2022\/03\/B-TRM-Premiere-1-990x309.jpg 990w, https:\/\/ucm.one\/wp-content\/uploads\/2022\/03\/B-TRM-Premiere-1-1485x464.jpg 1485w\" loading=\"eager\" style=\"--ratio: 990 \/ 309\" sizes=\"(max-width: 990px) 100vw, 990px\" alt=\"\" title=\"B TRM Premiere 1\" width=\"990\" height=\"309\"  \/><\/a>\t<\/div>\n<\/div>\n\n\n<div class=\"post-entry-content\">\n\n\t<h3 class=\"entry-title\">\n\t\t<a href=\"https:\/\/ucm.one\/en\/theatrical-release-truemmermaedchen-germany-year-zero-by-oliver-kracht\/\" title=\"\ud83c\udfac Theatrical release &#8220;Tr\u00fcmmerm\u00e4dchen &#8211; Germany Year Zero&#8221; by Oliver Kracht\" rel=\"bookmark\">\ud83c\udfac Theatrical release &#8220;Tr\u00fcmmerm\u00e4dchen &#8211; Germany Year Zero&#8221; by Oliver Kracht<\/a>\n\t<\/h3>\n\n\t<div class=\"entry-meta\"><span class=\"category-link\"><a href=\"https:\/\/ucm.one\/en\/category\/news-en\/film-en\/artkeim-en\/\" >Artkeim\u00b2<\/a>, <a href=\"https:\/\/ucm.one\/en\/category\/news-en\/cinema\/\" >Cinema<\/a>, <a href=\"https:\/\/ucm.one\/en\/category\/news-en\/film-en\/\" >Film<\/a>, <a href=\"https:\/\/ucm.one\/en\/category\/news-en\/movie-distribution\/\" >Movie Distribution<\/a>, <a href=\"https:\/\/ucm.one\/en\/category\/news-en\/\" >News<\/a>, <a href=\"https:\/\/ucm.one\/en\/category\/news-en\/movie-distribution\/world-sales\/\" >World Sales<\/a><\/span><a class=\"author vcard\" href=\"\" title=\"View all posts by Joachim Keil\" rel=\"author\">By <span class=\"fn\">Joachim Keil<\/span><\/a><a href=\"https:\/\/ucm.one\/en\/2022\/03\/24\/\" title=\"22:53\" class=\"data-link\" rel=\"bookmark\"><time class=\"entry-date updated\" datetime=\"2022-03-24T22:53:26+00:00\">24. March 2022<\/time><\/a><\/div>\n\t<div class=\"entry-excerpt\"><p>[vc_row][vc_column][vc_column_text]Today the feature film &#8220;Tr\u00fcmmerm\u00e4dchen &#8211; Germany Year Zero&#8221; by director Oliver Kracht is being released nationwide in cinemas on the Artkeim\u00b2 label distributed by UCM.ONE. The premiere took place yesterday at the KuturBrauerei in Berlin.[\/vc_column_text][vc_column_text]The film, for whose screenplay Oliver Kracht was already awarded the Thomas Strittmatter Prize at the Berlinale in 2019, celebrated&hellip;<\/p>\n<\/div>\n\t\n<a href=\"https:\/\/ucm.one\/en\/theatrical-release-truemmermaedchen-germany-year-zero-by-oliver-kracht\/\" class=\"post-details details-type-link\" aria-label=\"Read more about \ud83c\udfac Theatrical release &#8220;Tr\u00fcmmerm\u00e4dchen &#8211; Germany Year Zero&#8221; by Oliver Kracht\">More<i class=\"dt-icon-the7-arrow-03\" aria-hidden=\"true\"><\/i><\/a>\n\n<\/div><\/article><\/div><div class=\"visible wf-cell\" data-post-id=\"66017\" data-date=\"2022-03-23T15:28:45+00:00\" data-name=\"\ud83c\udfac Premiere and Special Screening of &quot;Tr\u00fcmmerm\u00e4dchen - Germany Year Zero&quot; in Berlin\"><article class=\"post project-odd visible post-66017 type-post status-publish format-standard has-post-thumbnail hentry category-artkeim category-artkeim-en category-film category-kino category-news category-verleih category-weltvertrieb category-world-sales tag-anna-gesa-raija-en tag-anna-gesa-raija tag-artkeim tag-bild-kunst-foerderpreis-2 tag-die-geschichte-der-charlotte-schumann tag-filmakademie-baden-wuerttemberg tag-germany-year-zero tag-international-hof-film-festival tag-internationale-hofer-filmtage tag-kulturbrauerei tag-kulturbrauerei-en tag-ladenkino tag-lara-feith tag-laura-balzer-2 tag-lena-urzendowsky tag-lennart-lenzing tag-marco-gronwoldt tag-oliver-kracht-2 tag-philipp-karner tag-simon-j-buchner-2 tag-suedwestrundfunk tag-swr tag-till-wonka tag-truemmermaedchen tag-valery-tscheplanowa category-828 category-570 category-8 category-10 category-13 category-752 category-7528 category-7530\" data-name=\"\ud83c\udfac Premiere and Special Screening of &#8220;Tr\u00fcmmerm\u00e4dchen &#8211; Germany Year Zero&#8221; in Berlin\" data-date=\"2022-03-23T15:28:45+00:00\">\n\n<div class=\"post-thumbnail-wrap\">\n\t<div class=\"post-thumbnail\">\n\t\t\n\t\t\n\t\t<a href=\"https:\/\/ucm.one\/en\/premiere-and-special-screening-of-truemmermaedchen-germany-year-zero-in-berlin\/\" class=\"post-thumbnail-rollover layzr-bg layzr-bg\" ><img decoding=\"async\" class=\"iso-lazy-load preload-me iso-lazy-load aspect\" src=\"data:image\/svg+xml,%3Csvg%20xmlns%3D&#39;http%3A%2F%2Fwww.w3.org%2F2000%2Fsvg&#39;%20viewBox%3D&#39;0%200%20990%20309&#39;%2F%3E\" data-src=\"https:\/\/ucm.one\/wp-content\/uploads\/2022\/03\/TRM_BannerPremiere_EN2-990x309.jpg\" data-srcset=\"https:\/\/ucm.one\/wp-content\/uploads\/2022\/03\/TRM_BannerPremiere_EN2-990x309.jpg 990w, https:\/\/ucm.one\/wp-content\/uploads\/2022\/03\/TRM_BannerPremiere_EN2-1485x464.jpg 1485w\" loading=\"eager\" style=\"--ratio: 990 \/ 309\" sizes=\"(max-width: 990px) 100vw, 990px\" alt=\"\" title=\"TRM_BannerPremiere_EN2\" width=\"990\" height=\"309\"  \/><\/a>\t<\/div>\n<\/div>\n\n\n<div class=\"post-entry-content\">\n\n\t<h3 class=\"entry-title\">\n\t\t<a href=\"https:\/\/ucm.one\/en\/premiere-and-special-screening-of-truemmermaedchen-germany-year-zero-in-berlin\/\" title=\"\ud83c\udfac Premiere and Special Screening of &#8220;Tr\u00fcmmerm\u00e4dchen &#8211; Germany Year Zero&#8221; in Berlin\" rel=\"bookmark\">\ud83c\udfac Premiere and Special Screening of &#8220;Tr\u00fcmmerm\u00e4dchen &#8211; Germany Year Zero&#8221; in Berlin<\/a>\n\t<\/h3>\n\n\t<div class=\"entry-meta\"><span class=\"category-link\"><a href=\"https:\/\/ucm.one\/de\/category\/news\/film\/artkeim\/\" >Artkeim\u00b2<\/a>, <a href=\"https:\/\/ucm.one\/en\/category\/news-en\/film-en\/artkeim-en\/\" >Artkeim\u00b2<\/a>, <a href=\"https:\/\/ucm.one\/de\/category\/news\/film\/\" >Film<\/a>, <a href=\"https:\/\/ucm.one\/de\/category\/news\/kino\/\" >Kino<\/a>, <a href=\"https:\/\/ucm.one\/de\/category\/news\/\" >News<\/a>, <a href=\"https:\/\/ucm.one\/de\/category\/news\/verleih\/\" >Verleih<\/a>, <a href=\"https:\/\/ucm.one\/de\/category\/news\/verleih\/weltvertrieb\/\" >Weltvertrieb<\/a>, <a href=\"https:\/\/ucm.one\/en\/category\/news-en\/movie-distribution\/world-sales\/\" >World Sales<\/a><\/span><a class=\"author vcard\" href=\"\" title=\"View all posts by Joachim Keil\" rel=\"author\">By <span class=\"fn\">Joachim Keil<\/span><\/a><a href=\"https:\/\/ucm.one\/en\/2022\/03\/23\/\" title=\"15:28\" class=\"data-link\" rel=\"bookmark\"><time class=\"entry-date updated\" datetime=\"2022-03-23T15:28:45+00:00\">23. March 2022<\/time><\/a><\/div>\n\t<div class=\"entry-excerpt\"><p>[vc_row][vc_column][vc_column_text] Before it is released in cinemas in Germany tomorrow by UCM.ONE\u00a0on the film label Artkeim\u00b2, the extraordinary feature film &#8220;Tr\u00fcmmerm\u00e4dchen &#8211; Germany Year Zero&#8221; by director Oliver Kracht will celebrate its theatrical release tonight at 8:00 pm at Kino in der KulturBrauerei in Berlin. [\/vc_column_text][\/vc_column][\/vc_row][vc_row][vc_column width=&#8221;2\/3&#8243;][vc_column_text]Many of the actors, including the leading actress Laura&hellip;<\/p>\n<\/div>\n\t\n<a href=\"https:\/\/ucm.one\/en\/premiere-and-special-screening-of-truemmermaedchen-germany-year-zero-in-berlin\/\" class=\"post-details details-type-link\" aria-label=\"Read more about \ud83c\udfac Premiere and Special Screening of &#8220;Tr\u00fcmmerm\u00e4dchen &#8211; Germany Year Zero&#8221; in Berlin\">More<i class=\"dt-icon-the7-arrow-03\" aria-hidden=\"true\"><\/i><\/a>\n\n<\/div><\/article><\/div><div class=\"visible wf-cell\" data-post-id=\"64156\" data-date=\"2022-02-10T12:16:21+00:00\" data-name=\"\ud83c\udfac UCM.ONE will be present at the European Film Market (EFM) Online 2022 from 10 - 17 February\"><article class=\"post project-odd visible post-64156 type-post status-publish format-standard has-post-thumbnail hentry category-artkeim-en category-classic-movie-en category-company-en category-documentaries category-film-en category-m-square-classics-en category-m-square-pictures-en category-news-en category-nonfy-documentaries-en category-world-sales tag-2022-2 tag-2022-en tag-72-berlinale-ucm-one-en tag-artkeim-en tag-berlinale-en tag-corona-2 tag-covid-19-2 tag-covid-19-3 tag-dark-dreamers-en tag-darling-berlin-en tag-efm-en tag-european-film-market-en tag-heikos-world-en tag-heikos-world tag-live-film-en tag-m-square-classics-en tag-m-square-pictures-en tag-nico-en tag-nonfy-documentaries-en tag-notes-of-berlin-en tag-online-en tag-trummermadchen-en category-570 category-7005 category-5599 category-6286 category-942 category-5874 category-141 category-941 category-4627 category-7530\" data-name=\"\ud83c\udfac UCM.ONE will be present at the European Film Market (EFM) Online 2022 from 10 &#8211; 17 February\" data-date=\"2022-02-10T12:16:21+00:00\">\n\n<div class=\"post-thumbnail-wrap\">\n\t<div class=\"post-thumbnail\">\n\t\t\n\t\t\n\t\t<a href=\"https:\/\/ucm.one\/en\/ucm-one-will-be-present-at-the-european-film-market-efm-online-2022-from-10-17-february\/\" class=\"post-thumbnail-rollover layzr-bg layzr-bg\" ><img decoding=\"async\" class=\"iso-lazy-load preload-me iso-lazy-load aspect\" src=\"data:image\/svg+xml,%3Csvg%20xmlns%3D&#39;http%3A%2F%2Fwww.w3.org%2F2000%2Fsvg&#39;%20viewBox%3D&#39;0%200%20990%20309&#39;%2F%3E\" data-src=\"https:\/\/ucm.one\/wp-content\/uploads\/2022\/02\/B-Berlinale-EFM-2022-990x309.jpg\" data-srcset=\"https:\/\/ucm.one\/wp-content\/uploads\/2022\/02\/B-Berlinale-EFM-2022-990x309.jpg 990w, https:\/\/ucm.one\/wp-content\/uploads\/2022\/02\/B-Berlinale-EFM-2022-1485x464.jpg 1485w\" loading=\"eager\" style=\"--ratio: 990 \/ 309\" sizes=\"(max-width: 990px) 100vw, 990px\" alt=\"\" title=\"B Berlinale-EFM 2022\" width=\"990\" height=\"309\"  \/><\/a>\t<\/div>\n<\/div>\n\n\n<div class=\"post-entry-content\">\n\n\t<h3 class=\"entry-title\">\n\t\t<a href=\"https:\/\/ucm.one\/en\/ucm-one-will-be-present-at-the-european-film-market-efm-online-2022-from-10-17-february\/\" title=\"\ud83c\udfac UCM.ONE will be present at the European Film Market (EFM) Online 2022 from 10 &#8211; 17 February\" rel=\"bookmark\">\ud83c\udfac UCM.ONE will be present at the European Film Market (EFM) Online 2022 from 10 &#8211; 17 February<\/a>\n\t<\/h3>\n\n\t<div class=\"entry-meta\"><span class=\"category-link\"><a href=\"https:\/\/ucm.one\/en\/category\/news-en\/film-en\/artkeim-en\/\" >Artkeim\u00b2<\/a>, <a href=\"https:\/\/ucm.one\/en\/category\/news-en\/classic-movie-en\/\" >Classic Movie<\/a>, <a href=\"https:\/\/ucm.one\/en\/category\/news-en\/company-en\/\" >Company<\/a>, <a href=\"https:\/\/ucm.one\/en\/category\/news-en\/documentaries\/\" >Documentaries<\/a>, <a href=\"https:\/\/ucm.one\/en\/category\/news-en\/film-en\/\" >Film<\/a>, <a href=\"https:\/\/ucm.one\/en\/category\/news-en\/film-en\/m-square-pictures-en\/m-square-classics-en\/\" >M-Square Classics<\/a>, <a href=\"https:\/\/ucm.one\/en\/category\/news-en\/film-en\/m-square-pictures-en\/\" >M-Square Pictures<\/a>, <a href=\"https:\/\/ucm.one\/en\/category\/news-en\/\" >News<\/a>, <a href=\"https:\/\/ucm.one\/en\/category\/news-en\/film-en\/nonfy-documentaries-en\/\" >NONFY Documentaries<\/a>, <a href=\"https:\/\/ucm.one\/en\/category\/news-en\/movie-distribution\/world-sales\/\" >World Sales<\/a><\/span><a class=\"author vcard\" href=\"\" title=\"View all posts by Joachim Keil\" rel=\"author\">By <span class=\"fn\">Joachim Keil<\/span><\/a><a href=\"https:\/\/ucm.one\/en\/2022\/02\/10\/\" title=\"12:16\" class=\"data-link\" rel=\"bookmark\"><time class=\"entry-date updated\" datetime=\"2022-02-10T12:16:21+00:00\">10. February 2022<\/time><\/a><\/div>\n\t<div class=\"entry-excerpt\"><p>[vc_row][vc_column][vc_column_text]The UCM.ONE team will again be present at the European Film Market (EFM) Online with 3 staff members and at the Berlinale with 2 representatives from 10 &#8211; 17 February. Nearly 3,500 producers, buyers, distributors and sales agents from 110 countries will take part in this year&#8217;s online-only film fair due to the Covid-19 pandemic.\u00a0The&hellip;<\/p>\n<\/div>\n\t\n<a href=\"https:\/\/ucm.one\/en\/ucm-one-will-be-present-at-the-european-film-market-efm-online-2022-from-10-17-february\/\" class=\"post-details details-type-link\" aria-label=\"Read more about \ud83c\udfac UCM.ONE will be present at the European Film Market (EFM) Online 2022 from 10 &#8211; 17 February\">More<i class=\"dt-icon-the7-arrow-03\" aria-hidden=\"true\"><\/i><\/a>\n\n<\/div><\/article><\/div><div class=\"visible wf-cell\" data-post-id=\"63405\" data-date=\"2022-01-25T19:16:02+00:00\" data-name=\"\ud83c\udfac Theatrical release &quot;Tr\u00fcmmerm\u00e4dchen - Germany Year Zero&quot; on March 24, 2022\"><article class=\"post project-odd visible post-63405 type-post status-publish format-standard has-post-thumbnail hentry category-artkeim-en category-cinema category-film-en category-movie-distribution category-news-en category-world-sales tag-anna-gesa-raija-en tag-artkeim-en tag-die-geschichte-der-charlotte-schumann-en tag-germany-year-zero tag-internationale-hofer-filmtage-2 tag-lara-feith-en tag-laura-balzer-2 tag-lena-urzendowsky-en tag-lennart-lenzing-en tag-marco-groenwoldt-en tag-marco-gronwoldt tag-oliver-kracht-2 tag-philipp-karner-en tag-simon-j-buchner-en tag-simon-j-buchner-2 tag-suedwestrundfunk-2 tag-swr-preis-en tag-till-wonka-en tag-trummermadchen-en tag-valery-tscheplanowa-en category-570 category-1011 category-942 category-4630 category-941 category-7530\" data-name=\"\ud83c\udfac Theatrical release &#8220;Tr\u00fcmmerm\u00e4dchen &#8211; Germany Year Zero&#8221; on March 24, 2022\" data-date=\"2022-01-25T19:16:02+00:00\">\n\n<div class=\"post-thumbnail-wrap\">\n\t<div class=\"post-thumbnail\">\n\t\t\n\t\t\n\t\t<a href=\"https:\/\/ucm.one\/en\/theatrical-release-truemmermaedchen-germany-year-zero-on-march-24-2022\/\" class=\"post-thumbnail-rollover layzr-bg layzr-bg\" ><img decoding=\"async\" class=\"iso-lazy-load preload-me iso-lazy-load aspect\" src=\"data:image\/svg+xml,%3Csvg%20xmlns%3D&#39;http%3A%2F%2Fwww.w3.org%2F2000%2Fsvg&#39;%20viewBox%3D&#39;0%200%20990%20309&#39;%2F%3E\" data-src=\"https:\/\/ucm.one\/wp-content\/uploads\/2022\/01\/Truemmermaedchen_BannerArtwork_EN-990x309.jpg\" data-srcset=\"https:\/\/ucm.one\/wp-content\/uploads\/2022\/01\/Truemmermaedchen_BannerArtwork_EN-990x309.jpg 990w, https:\/\/ucm.one\/wp-content\/uploads\/2022\/01\/Truemmermaedchen_BannerArtwork_EN-1485x464.jpg 1485w\" loading=\"eager\" style=\"--ratio: 990 \/ 309\" sizes=\"(max-width: 990px) 100vw, 990px\" alt=\"\" title=\"Tr\u00fcmmerm\u00e4dchen &#8211; Germany Year Zero.jpg\" width=\"990\" height=\"309\"  \/><\/a>\t<\/div>\n<\/div>\n\n\n<div class=\"post-entry-content\">\n\n\t<h3 class=\"entry-title\">\n\t\t<a href=\"https:\/\/ucm.one\/en\/theatrical-release-truemmermaedchen-germany-year-zero-on-march-24-2022\/\" title=\"\ud83c\udfac Theatrical release &#8220;Tr\u00fcmmerm\u00e4dchen &#8211; Germany Year Zero&#8221; on March 24, 2022\" rel=\"bookmark\">\ud83c\udfac Theatrical release &#8220;Tr\u00fcmmerm\u00e4dchen &#8211; Germany Year Zero&#8221; on March 24, 2022<\/a>\n\t<\/h3>\n\n\t<div class=\"entry-meta\"><span class=\"category-link\"><a href=\"https:\/\/ucm.one\/en\/category\/news-en\/film-en\/artkeim-en\/\" >Artkeim\u00b2<\/a>, <a href=\"https:\/\/ucm.one\/en\/category\/news-en\/cinema\/\" >Cinema<\/a>, <a href=\"https:\/\/ucm.one\/en\/category\/news-en\/film-en\/\" >Film<\/a>, <a href=\"https:\/\/ucm.one\/en\/category\/news-en\/movie-distribution\/\" >Movie Distribution<\/a>, <a href=\"https:\/\/ucm.one\/en\/category\/news-en\/\" >News<\/a>, <a href=\"https:\/\/ucm.one\/en\/category\/news-en\/movie-distribution\/world-sales\/\" >World Sales<\/a><\/span><a class=\"author vcard\" href=\"\" title=\"View all posts by Joachim Keil\" rel=\"author\">By <span class=\"fn\">Joachim Keil<\/span><\/a><a href=\"https:\/\/ucm.one\/en\/2022\/01\/25\/\" title=\"19:16\" class=\"data-link\" rel=\"bookmark\"><time class=\"entry-date updated\" datetime=\"2022-01-25T19:16:02+00:00\">25. January 2022<\/time><\/a><\/div>\n\t<div class=\"entry-excerpt\"><p>[vc_row][vc_column][vc_column_text]The feature film &#8220;Tr\u00fcmmerm\u00e4dchen &#8211; Germany Year Zero&#8221; (German title: &#8220;Tr\u00fcmmerm\u00e4dchen &#8211; Die Geschichte der Charlotte Schumann&#8220;) by director Oliver Kracht will be released nationwide in cinemas on 24 March 2022 on the Artkeim\u00b2 label distributed by UCM.ONE.[\/vc_column_text][\/vc_column][\/vc_row][vc_row][vc_column width=&#8221;2\/3&#8243;][vc_column_text]The film, for whose screenplay Oliver Kracht was already awarded the Thomas Strittmatter Prize at the Berlinale&hellip;<\/p>\n<\/div>\n\t\n<a href=\"https:\/\/ucm.one\/en\/theatrical-release-truemmermaedchen-germany-year-zero-on-march-24-2022\/\" class=\"post-details details-type-link\" aria-label=\"Read more about \ud83c\udfac Theatrical release &#8220;Tr\u00fcmmerm\u00e4dchen &#8211; Germany Year Zero&#8221; on March 24, 2022\">More<i class=\"dt-icon-the7-arrow-03\" aria-hidden=\"true\"><\/i><\/a>\n\n<\/div><\/article><\/div><div class=\"visible wf-cell\" data-post-id=\"58655\" data-date=\"2021-10-31T22:57:04+00:00\" data-name=\"&quot;Tr\u00fcmmerm\u00e4dchen - Germany Year Zero&quot; wins the Bild-Kunst-F\u00f6rderpreis in Hof\"><article class=\"post project-odd visible post-58655 type-post status-publish format-standard has-post-thumbnail hentry category-artkeim-en category-cinema category-film-en category-movie-distribution category-news-en category-world-sales tag-artkeim-en tag-bild-kunst-foerderpreis-2 tag-filmakademie-baden-wuerttemberg-en tag-germany-year-zero tag-international-hof-film-festival tag-internationale-hofer-filmtage-2 tag-laura-balzer-2 tag-lennart-lenzing-en tag-marco-gronwoldt tag-oliver-kracht-2 tag-simon-j-buchner-2 tag-suedwestrundfunk-2 tag-swr-2 tag-trummermadchen-en category-570 category-1011 category-942 category-4630 category-941 category-7530\" data-name=\"&#8220;Tr\u00fcmmerm\u00e4dchen &#8211; Germany Year Zero&#8221; wins the Bild-Kunst-F\u00f6rderpreis in Hof\" data-date=\"2021-10-31T22:57:04+00:00\">\n\n<div class=\"post-thumbnail-wrap\">\n\t<div class=\"post-thumbnail\">\n\t\t\n\t\t\n\t\t<a href=\"https:\/\/ucm.one\/en\/truemmermaedchen-germany-year-zero-wins-the-bild-kunst-foerderpreis-in-hof\/\" class=\"post-thumbnail-rollover layzr-bg layzr-bg\" ><img decoding=\"async\" class=\"iso-lazy-load preload-me iso-lazy-load aspect\" src=\"data:image\/svg+xml,%3Csvg%20xmlns%3D&#39;http%3A%2F%2Fwww.w3.org%2F2000%2Fsvg&#39;%20viewBox%3D&#39;0%200%20990%20309&#39;%2F%3E\" data-src=\"https:\/\/ucm.one\/wp-content\/uploads\/2021\/10\/B-Truemmermaedchen-Hof-EN-1_NEU-990x309.jpg\" data-srcset=\"https:\/\/ucm.one\/wp-content\/uploads\/2021\/10\/B-Truemmermaedchen-Hof-EN-1_NEU-990x309.jpg 990w, https:\/\/ucm.one\/wp-content\/uploads\/2021\/10\/B-Truemmermaedchen-Hof-EN-1_NEU-1485x464.jpg 1485w\" loading=\"eager\" style=\"--ratio: 990 \/ 309\" sizes=\"(max-width: 990px) 100vw, 990px\" alt=\"\" title=\"B-Truemmermaedchen-Hof-EN-1_NEU\" width=\"990\" height=\"309\"  \/><\/a>\t<\/div>\n<\/div>\n\n\n<div class=\"post-entry-content\">\n\n\t<h3 class=\"entry-title\">\n\t\t<a href=\"https:\/\/ucm.one\/en\/truemmermaedchen-germany-year-zero-wins-the-bild-kunst-foerderpreis-in-hof\/\" title=\"&#8220;Tr\u00fcmmerm\u00e4dchen &#8211; Germany Year Zero&#8221; wins the Bild-Kunst-F\u00f6rderpreis in Hof\" rel=\"bookmark\">&#8220;Tr\u00fcmmerm\u00e4dchen &#8211; Germany Year Zero&#8221; wins the Bild-Kunst-F\u00f6rderpreis in Hof<\/a>\n\t<\/h3>\n\n\t<div class=\"entry-meta\"><span class=\"category-link\"><a href=\"https:\/\/ucm.one\/en\/category\/news-en\/film-en\/artkeim-en\/\" >Artkeim\u00b2<\/a>, <a href=\"https:\/\/ucm.one\/en\/category\/news-en\/cinema\/\" >Cinema<\/a>, <a href=\"https:\/\/ucm.one\/en\/category\/news-en\/film-en\/\" >Film<\/a>, <a href=\"https:\/\/ucm.one\/en\/category\/news-en\/movie-distribution\/\" >Movie Distribution<\/a>, <a href=\"https:\/\/ucm.one\/en\/category\/news-en\/\" >News<\/a>, <a href=\"https:\/\/ucm.one\/en\/category\/news-en\/movie-distribution\/world-sales\/\" >World Sales<\/a><\/span><a class=\"author vcard\" href=\"\" title=\"View all posts by Joachim Keil\" rel=\"author\">By <span class=\"fn\">Joachim Keil<\/span><\/a><a href=\"https:\/\/ucm.one\/en\/2021\/10\/31\/\" title=\"22:57\" class=\"data-link\" rel=\"bookmark\"><time class=\"entry-date updated\" datetime=\"2021-10-31T22:57:04+00:00\">31. October 2021<\/time><\/a><\/div>\n\t<div class=\"entry-excerpt\"><p>[vc_row][vc_column][vc_column_text]At the 55th Hof Film Festival, which ended yesterday, &#8220;Tr\u00fcmmerm\u00e4dchen &#8211; Germany Year Zero&#8221; by Oliver Kracht was awarded the Bild-Kunst-F\u00f6rderpreis for &#8220;Best Costume Design&#8220; (Hannah Ebenau and Sabrina Kr\u00e4mer) and &#8220;Best Production Design&#8220; (Yvonne Leuze).[\/vc_column_text][vc_column_text]Since 2004, the prize has consisted of an award for &#8220;Best Costume Design&#8220; and\u00a0&#8220;Best Production Design&#8220;, both prizes are endowed&hellip;<\/p>\n<\/div>\n\t\n<a href=\"https:\/\/ucm.one\/en\/truemmermaedchen-germany-year-zero-wins-the-bild-kunst-foerderpreis-in-hof\/\" class=\"post-details details-type-link\" aria-label=\"Read more about &#8220;Tr\u00fcmmerm\u00e4dchen &#8211; Germany Year Zero&#8221; wins the Bild-Kunst-F\u00f6rderpreis in Hof\">More<i class=\"dt-icon-the7-arrow-03\" aria-hidden=\"true\"><\/i><\/a>\n\n<\/div><\/article><\/div><\/div><!-- iso-container|iso-grid --><\/div>[vc_btn title=&#8221;All News&#8221; style=&#8221;flat&#8221; align=&#8221;right&#8221; i_icon_fontawesome=&#8221;far fa-newspaper&#8221; add_icon=&#8221;true&#8221; link=&#8221;url:https%3A%2F%2Fucm.one%2Fen%2Ftag%2Ftrummermadchen-en%2F|title:All%20News&#8221; css=&#8221;.vc_custom_1644110089125{margin-top: 25px !important;}&#8221;][vc_empty_space height=&#8221;15px&#8221;][\/vc_column][\/vc_row][vc_row][vc_column][vc_separator color=&#8221;custom&#8221; accent_color=&#8221;#0141a0&#8243;][\/vc_column][\/vc_row][vc_row css=&#8221;.vc_custom_1518458873891{margin-top: 65px !important;}&#8221;][vc_column width=&#8221;1\/4&#8243;][vc_btn title=&#8221;Overview&#8221; style=&#8221;flat&#8221; size=&#8221;lg&#8221; align=&#8221;center&#8221; i_icon_fontawesome=&#8221;fa fa-home&#8221; button_block=&#8221;true&#8221; add_icon=&#8221;true&#8221; link=&#8221;url:https%3A%2F%2Fucm.one%2Fen%2F|title:Overview|&#8221;][\/vc_column][vc_column width=&#8221;1\/4&#8243;][vc_btn title=&#8221;Cinema&#8221; style=&#8221;flat&#8221; size=&#8221;lg&#8221; align=&#8221;center&#8221; i_icon_fontawesome=&#8221;fas fa-star&#8221; button_block=&#8221;true&#8221; add_icon=&#8221;true&#8221; link=&#8221;url:https%3A%2F%2Fucm.one%2Fen%2Ftheatrical-distribution%2Ftheatrical-releases-2%2F%23truemmermaedchen-germany-year-zero|title:Tr%C3%BCmmerm%C3%A4dchen%20-%20Germany%20Year%20Zero&#8221;][\/vc_column][vc_column width=&#8221;1\/4&#8243;][vc_btn title=&#8221;Artkeim\u00b2&#8221; style=&#8221;flat&#8221; size=&#8221;lg&#8221; align=&#8221;center&#8221; i_icon_fontawesome=&#8221;fas fa-arrow-right&#8221; button_block=&#8221;true&#8221; add_icon=&#8221;true&#8221; link=&#8221;url:https%3A%2F%2Fucm.one%2Fen%2Ffilm-labels%2Fartkeim%2F|title:Artkeim%C2%B2|&#8221;][\/vc_column][vc_column width=&#8221;1\/4&#8243;][vc_btn title=&#8221;iMDB&#8221; style=&#8221;flat&#8221; color=&#8221;blue&#8221; size=&#8221;lg&#8221; align=&#8221;center&#8221; i_icon_fontawesome=&#8221;fab fa-imdb&#8221; button_block=&#8221;true&#8221; add_icon=&#8221;true&#8221; link=&#8221;url:https%3A%2F%2Fwww.imdb.com%2Ftitle%2Ftt10869766|title:Tr%C3%BCmmerm%C3%A4dchen%20-%20Germany%20Year%20Zero|target:_blank|&#8221;][\/vc_column][\/vc_row][vc_row content_placement=&#8221;middle&#8221; bg_type=&#8221;grad&#8221; ult_hide_row=&#8221;ult_hide_row_value&#8221; ult_hide_row_large_screen=&#8221;large_screen&#8221; ult_hide_row_desktop=&#8221;desktop&#8221; css=&#8221;.vc_custom_1518701755537{margin-top: 0px !important;padding-top: -50px !important;}&#8221; bg_grad=&#8221;background: -webkit-gradient(linear, left top, left bottom, color-stop(0%, #E3E3E3), color-stop(0%, #FFFFFF), color-stop(6%, #FFFFFF), color-stop(7%, #FFFFFF), color-stop(50%, #FFFFFF));background: -moz-linear-gradient(top,#E3E3E3 0%,#FFFFFF 0%,#FFFFFF 6%,#FFFFFF 7%,#FFFFFF 50%);background: -webkit-linear-gradient(top,#E3E3E3 0%,#FFFFFF 0%,#FFFFFF 6%,#FFFFFF 7%,#FFFFFF 50%);background: -o-linear-gradient(top,#E3E3E3 0%,#FFFFFF 0%,#FFFFFF 6%,#FFFFFF 7%,#FFFFFF 50%);background: -ms-linear-gradient(top,#E3E3E3 0%,#FFFFFF 0%,#FFFFFF 6%,#FFFFFF 7%,#FFFFFF 50%);background: linear-gradient(top,#E3E3E3 0%,#FFFFFF 0%,#FFFFFF 6%,#FFFFFF 7%,#FFFFFF 50%);&#8221;][vc_column][vc_btn title=&#8221;Contact&#8221; style=&#8221;flat&#8221; color=&#8221;sky&#8221; size=&#8221;lg&#8221; align=&#8221;center&#8221; i_icon_fontawesome=&#8221;far fa-envelope&#8221; button_block=&#8221;true&#8221; add_icon=&#8221;true&#8221; link=&#8221;url:https%3A%2F%2Fucm.one%2Fen%2Fcompany%2Fcontact%2F|title:Contact|&#8221;][\/vc_column][\/vc_row]<\/p>\n<\/div>","protected":false},"excerpt":{"rendered":"<p>[vc_row][vc_column width=&#8221;3\/4&#8243; css=&#8221;.vc_custom_1561291995466{padding-right: 30px !important;}&#8221;][vc_column_text] Tr\u00fcmmerm\u00e4dchen &#8211; Germany Year Zero [\/vc_column_text][vc_column_text] The film &#8220;Tr\u00fcmmerm\u00e4dchen &#8211; Germany Year Zero&#8221; (German title: &#8220;Tr\u00fcmmerm\u00e4dchen &#8211; Die Geschichte der Charlotte Schumann&#8220;), for which director and screenwriter Oliver Kracht was already awarded the Thomas Strittmatter Prize at the Berlinale in 2019, celebrated its world premiere at the 55th Hof Film&hellip;<\/p>\n","protected":false},"author":2,"featured_media":63409,"parent":0,"menu_order":0,"comment_status":"closed","ping_status":"closed","template":"","meta":{"_acf_changed":false,"footnotes":""},"class_list":["post-63697","page","type-page","status-publish","has-post-thumbnail","hentry","description-off"],"acf":[],"yoast_head":"<!-- This site is optimized with the Yoast SEO plugin v27.5 - https:\/\/yoast.com\/product\/yoast-seo-wordpress\/ -->\n<title>Tr\u00fcmmerm\u00e4dchen - Germany Year Zero (2021) by Oliver Kracht<\/title>\n<meta name=\"description\" content=\"The film &quot;Tr\u00fcmmerm\u00e4dchen - Germany Year Zero&quot; celebrated its world premiere at the 55th Hof Film Festival in 2021.\" \/>\n<meta name=\"robots\" content=\"index, follow, max-snippet:-1, max-image-preview:large, max-video-preview:-1\" \/>\n<link rel=\"canonical\" href=\"https:\/\/ucm.one\/en\/truemmermaedchen-germany-year-zero\/\" \/>\n<meta property=\"og:locale\" content=\"en_US\" \/>\n<meta property=\"og:type\" content=\"article\" \/>\n<meta property=\"og:title\" content=\"Tr\u00fcmmerm\u00e4dchen - Germany Year Zero\" \/>\n<meta property=\"og:description\" content=\"The film by Oliver Kracht celebrated its world premiere at the 55th Hof Film Festival in 2021.\" \/>\n<meta property=\"og:url\" content=\"https:\/\/ucm.one\/en\/truemmermaedchen-germany-year-zero\/\" \/>\n<meta property=\"og:site_name\" content=\"UCM.ONE\" \/>\n<meta property=\"article:modified_time\" content=\"2023-08-04T22:17:14+00:00\" \/>\n<meta property=\"og:image\" content=\"https:\/\/ucm.one\/wp-content\/uploads\/2022\/01\/Truemmermaedchen_Thumbnail_DE.jpg\" \/>\n<meta name=\"twitter:card\" content=\"summary_large_image\" \/>\n<meta name=\"twitter:title\" content=\"Tr\u00fcmmerm\u00e4dchen - Germany Year Zero\" \/>\n<meta name=\"twitter:description\" content=\"The film by Oliver Kracht celebrated its world premiere at the 55th Hof Film Festival in 2021.\" \/>\n<meta name=\"twitter:image\" content=\"https:\/\/ucm.one\/wp-content\/uploads\/2022\/01\/Truemmermaedchen_Thumbnail_DE.jpg\" \/>\n<meta name=\"twitter:label1\" content=\"Est. reading time\" \/>\n\t<meta name=\"twitter:data1\" content=\"20 minutes\" \/>\n<!-- \/ Yoast SEO plugin. -->","yoast_head_json":{"title":"Tr\u00fcmmerm\u00e4dchen - Germany Year Zero (2021) by Oliver Kracht","description":"The film \"Tr\u00fcmmerm\u00e4dchen - Germany Year Zero\" celebrated its world premiere at the 55th Hof Film Festival in 2021.","robots":{"index":"index","follow":"follow","max-snippet":"max-snippet:-1","max-image-preview":"max-image-preview:large","max-video-preview":"max-video-preview:-1"},"canonical":"https:\/\/ucm.one\/en\/truemmermaedchen-germany-year-zero\/","og_locale":"en_US","og_type":"article","og_title":"Tr\u00fcmmerm\u00e4dchen - Germany Year Zero","og_description":"The film by Oliver Kracht celebrated its world premiere at the 55th Hof Film Festival in 2021.","og_url":"https:\/\/ucm.one\/en\/truemmermaedchen-germany-year-zero\/","og_site_name":"UCM.ONE","article_modified_time":"2023-08-04T22:17:14+00:00","og_image":[{"url":"https:\/\/ucm.one\/wp-content\/uploads\/2022\/01\/Truemmermaedchen_Thumbnail_DE.jpg","type":"","width":"","height":""}],"twitter_card":"summary_large_image","twitter_title":"Tr\u00fcmmerm\u00e4dchen - Germany Year Zero","twitter_description":"The film by Oliver Kracht celebrated its world premiere at the 55th Hof Film Festival in 2021.","twitter_image":"https:\/\/ucm.one\/wp-content\/uploads\/2022\/01\/Truemmermaedchen_Thumbnail_DE.jpg","twitter_misc":{"Est. reading time":"20 minutes"},"schema":{"@context":"https:\/\/schema.org","@graph":[{"@type":"WebPage","@id":"https:\/\/ucm.one\/en\/truemmermaedchen-germany-year-zero\/","url":"https:\/\/ucm.one\/en\/truemmermaedchen-germany-year-zero\/","name":"Tr\u00fcmmerm\u00e4dchen - Germany Year Zero (2021) by Oliver Kracht","isPartOf":{"@id":"https:\/\/ucm.one\/en\/#website"},"primaryImageOfPage":{"@id":"https:\/\/ucm.one\/en\/truemmermaedchen-germany-year-zero\/#primaryimage"},"image":{"@id":"https:\/\/ucm.one\/en\/truemmermaedchen-germany-year-zero\/#primaryimage"},"thumbnailUrl":"https:\/\/ucm.one\/wp-content\/uploads\/2022\/01\/Truemmermaedchen_BannerArtwork_EN.jpg","datePublished":"2022-03-24T21:54:37+00:00","dateModified":"2023-08-04T22:17:14+00:00","description":"The film \"Tr\u00fcmmerm\u00e4dchen - Germany Year Zero\" celebrated its world premiere at the 55th Hof Film Festival in 2021.","breadcrumb":{"@id":"https:\/\/ucm.one\/en\/truemmermaedchen-germany-year-zero\/#breadcrumb"},"inLanguage":"en-US","potentialAction":[{"@type":"ReadAction","target":["https:\/\/ucm.one\/en\/truemmermaedchen-germany-year-zero\/"]}]},{"@type":"ImageObject","inLanguage":"en-US","@id":"https:\/\/ucm.one\/en\/truemmermaedchen-germany-year-zero\/#primaryimage","url":"https:\/\/ucm.one\/wp-content\/uploads\/2022\/01\/Truemmermaedchen_BannerArtwork_EN.jpg","contentUrl":"https:\/\/ucm.one\/wp-content\/uploads\/2022\/01\/Truemmermaedchen_BannerArtwork_EN.jpg","width":1920,"height":600},{"@type":"BreadcrumbList","@id":"https:\/\/ucm.one\/en\/truemmermaedchen-germany-year-zero\/#breadcrumb","itemListElement":[{"@type":"ListItem","position":1,"name":"Home","item":"https:\/\/ucm.one\/en\/"},{"@type":"ListItem","position":2,"name":"Tr\u00fcmmerm\u00e4dchen &#8211; Germany Year Zero (2021) by Oliver Kracht | Artkeim\u00b2"}]},{"@type":"WebSite","@id":"https:\/\/ucm.one\/en\/#website","url":"https:\/\/ucm.one\/en\/","name":"UCM.ONE","description":"","publisher":{"@id":"https:\/\/ucm.one\/en\/#organization"},"potentialAction":[{"@type":"SearchAction","target":{"@type":"EntryPoint","urlTemplate":"https:\/\/ucm.one\/en\/?s={search_term_string}"},"query-input":{"@type":"PropertyValueSpecification","valueRequired":true,"valueName":"search_term_string"}}],"inLanguage":"en-US"},{"@type":"Organization","@id":"https:\/\/ucm.one\/en\/#organization","name":"UCM.ONE","url":"https:\/\/ucm.one\/en\/","logo":{"@type":"ImageObject","inLanguage":"en-US","@id":"https:\/\/ucm.one\/en\/#\/schema\/logo\/image\/","url":"https:\/\/ucm.one\/wp-content\/uploads\/2019\/10\/UCM.ONE-Logo-RGB.svg","contentUrl":"https:\/\/ucm.one\/wp-content\/uploads\/2019\/10\/UCM.ONE-Logo-RGB.svg","width":1,"height":1,"caption":"UCM.ONE"},"image":{"@id":"https:\/\/ucm.one\/en\/#\/schema\/logo\/image\/"}}]}},"_links":{"self":[{"href":"https:\/\/ucm.one\/en\/wp-json\/wp\/v2\/pages\/63697","targetHints":{"allow":["GET"]}}],"collection":[{"href":"https:\/\/ucm.one\/en\/wp-json\/wp\/v2\/pages"}],"about":[{"href":"https:\/\/ucm.one\/en\/wp-json\/wp\/v2\/types\/page"}],"author":[{"embeddable":true,"href":"https:\/\/ucm.one\/en\/wp-json\/wp\/v2\/users\/2"}],"replies":[{"embeddable":true,"href":"https:\/\/ucm.one\/en\/wp-json\/wp\/v2\/comments?post=63697"}],"version-history":[{"count":0,"href":"https:\/\/ucm.one\/en\/wp-json\/wp\/v2\/pages\/63697\/revisions"}],"wp:featuredmedia":[{"embeddable":true,"href":"https:\/\/ucm.one\/en\/wp-json\/wp\/v2\/media\/63409"}],"wp:attachment":[{"href":"https:\/\/ucm.one\/en\/wp-json\/wp\/v2\/media?parent=63697"}],"curies":[{"name":"wp","href":"https:\/\/api.w.org\/{rel}","templated":true}]}}