{"id":34466,"date":"2019-09-26T22:00:40","date_gmt":"2019-09-26T22:00:40","guid":{"rendered":"https:\/\/ucm.one\/z-nation\/"},"modified":"2023-04-01T15:22:24","modified_gmt":"2023-04-01T15:22:24","slug":"z-nation","status":"publish","type":"page","link":"https:\/\/ucm.one\/en\/z-nation\/","title":{"rendered":"Z Nation | M-Square Pictures"},"content":{"rendered":"<div class=\"wpb-content-wrapper\"><p>[vc_row][vc_column css=&#8221;.vc_custom_1561291995466{padding-right: 30px !important;}&#8221;][vc_column_text]<\/p>\n<h1>Z Nation<\/h1>\n<p>[\/vc_column_text][vc_column_text]Die Serie <strong>Z Nation<\/strong>\u00a0beginnt in einer Zeit, in der ein Zombie-Virus die Menschheit nahezu vollst\u00e4ndig ausgerottet hat. Die letzte Hoffnung auf eine positive Wende ruht auf Murphy &#8211; den einzigen bekannten \u00dcberlebenden eines Zombieangriffs. Doch der potentielle Heilsbringer Murphy tr\u00e4gt nicht nur die begehrten Antik\u00f6rper in sich, sondern auch ein gef\u00e4hrliches Geheimnis \u2013 und jede Menge schlechte Laune.[\/vc_column_text][vc_column_text]Ab der\u00a0<strong>Staffel 3<\/strong> wird die US-amerikanischen postapokalyptischen Zombie-Drama-Serie\u00a0<strong>Z Nation <\/strong>des Regisseurs <strong>Karl Schaefer<\/strong>,\u00a0produziert von <strong>The Asylum<\/strong> (u.a. bekannt von den Sharknado-Filmen),<b>\u00a0<\/b>auf dem<b>\u00a0<\/b>Label<b> M-Square Pictures\u00a0<\/b>ver\u00f6ffentlicht. Die ersten 2 Staffeln werden nach wie vor von <strong>Universal<\/strong> vertrieben und vermarktet.[\/vc_column_text][\/vc_column][\/vc_row][vc_row][vc_column width=&#8221;1\/2&#8243;][vc_single_image image=&#8221;17134&#8243; img_size=&#8221;full&#8221;][\/vc_column][vc_column width=&#8221;1\/2&#8243;][vc_single_image image=&#8221;17132&#8243; img_size=&#8221;full&#8221;][\/vc_column][\/vc_row][vc_row el_id=&#8221;staffel-3&#8243;][vc_column][vc_empty_space height=&#8221;30px&#8221;][vc_column_text]<\/p>\n<h2>Staffel 3<\/h2>\n<p>[\/vc_column_text][vc_column_text]In Staffel 3 der Serie werden Roberta (<strong>Kellita Smith<\/strong>) und der Rest der Gruppe mit einem neuen Gegner &#8220;The Man&#8221; (<strong>Joseph Gatt<\/strong>) konfrontiert, der noch viel m\u00e4chtiger und gef\u00e4hrlicher ist als alle vorherigen. &#8220;The Man&#8221; hat es auf s\u00e4mtliche \u00dcberlebenden abgesehen und greift die Stadt mit seiner Armee lebender Toten an. Insbesondere Dr. Teller (<strong>Frank Boyd<\/strong>) ist ihm ein Dorn im Auge.\u00a0Dabei hat &#8220;The Man&#8221; jedoch eine riesige Gefolgschaft auf seiner Seite und zeigt absolut keine Gnade. Lediglich Murphy (Keith Allen) gelingt es, zusammen mit seinem Team zu entkommen. Fortan setzt er alles daran, seinen eigenen Kult und seine eigene Ordnung in der Zombie-Apokalypse zu errichten.[\/vc_column_text][\/vc_column][\/vc_row][vc_row][vc_column width=&#8221;1\/4&#8243;][vc_single_image image=&#8221;15952&#8243; img_size=&#8221;full&#8221; onclick=&#8221;custom_link&#8221; link=&#8221;https:\/\/ucm.one\/produkt\/z-nation-staffel-3\/&#8221;][\/vc_column][vc_column width=&#8221;3\/4&#8243;][vc_column_text]<\/p>\n<h3>Episoden der Staffel 3 (deutsche und englische Namen):<\/h3>\n<p>[\/vc_column_text][vc_column_text]<\/p>\n<h3><\/h3>\n<ol>\n<li>Gnadenlos [1] (No Mercy [1])<\/li>\n<li>Gnadenlos [2] (No Mercy [2])<\/li>\n<li>Eine neue Mission (A New Mission)<\/li>\n<li>Wenn der Postmann Zombies g\u00e4ngelt (Murphy\u2019s Miracle)<\/li>\n<li>Escorpion und die rote Hand (Escorpion and the Red Hand)<\/li>\n<li>Zehntausend Visionen (Little Red and the Wolf)<\/li>\n<li>Doc fliegt \u00fcbers Kuckucksnest (Doc Flew Over the Cuckoo\u2019s Nest)<\/li>\n<li>Willkommen in Murphytown (Welcome to Murphytown)<\/li>\n<li>Qualkampf (Election Day)<\/li>\n<li>Nur die Rechtschaffenen haben keine Furcht (Heart of Darkness)<\/li>\n<li>Sie werden so schnell erwachsen &#8211; They Grow Up So Quickly<\/li>\n<li>Drei Engel f\u00fcr Doc (Doc\u2019s Angels)<\/li>\n<li>Die Belagerung von Murphytown (The Siege of Murphytown)<\/li>\n<li>Duell um Lucy (Duel)<\/li>\n<li>Und wenn sie nicht gestorben sind (Everybody Dies in the End)<\/li>\n<\/ol>\n<p>[\/vc_column_text][\/vc_column][\/vc_row][vc_row el_id=&#8221;staffel-4&#8243;][vc_column][vc_empty_space height=&#8221;30px&#8221;][vc_column_text]<\/p>\n<h2>Staffel 4<\/h2>\n<p>[\/vc_column_text][vc_column_text]Zu Beginn der 4. Staffel finden sich Warren (<strong>Kellita Smith<\/strong>) und Murphy (<strong>Keith Allan<\/strong>) pl\u00f6tzlich zwei Jahre in der Zukunft in &#8220;Zona&#8221; wieder, einem anscheinend sicheren Refugium f\u00fcr Superreiche auf einer Insel. W\u00e4hrend sich der Rest der Gruppe gegen die Untoten und das Zona-Milit\u00e4r behaupten muss, versucht Warren einer Verschw\u00f6rung auf die Spur zu kommen. Verst\u00f6rende Traumbilder von schwarzem, Regen lenken sie auf eine neue Mission. Auf ihrer Flucht m\u00fcssen die \u00dcberlebenden nicht nur das d\u00fcstere Geheimnis von Zona l\u00f6sen, sondern auch gegen Superzombies k\u00e4mpfen, die ihre bisherigen Erlebnisse wie einen erholsamen Spaziergang erscheinen lassen. Die vierte Staffel des Kult-Zombie-Serienhits bringt einige neue Varianten der Untoten-Plage, wie Zombie-Clowns, Superzombies und verr\u00fcckte Zombies, den Mad-Zs.[\/vc_column_text][vc_column_text]In der Staffel 4 gibt es zudem zwei spektakul\u00e4re Gastauftritte mit Horror-Ikone<strong> Michael Berryman<\/strong> (&#8220;<strong>The Hills Have Eyes<\/strong>&#8220;) und Kult-Musiker <strong>Henry Rollins<\/strong> (&#8220;<strong>Heat<\/strong>&#8220;, &#8220;<strong>Bad Boys II<\/strong>&#8220;).[\/vc_column_text][\/vc_column][\/vc_row][vc_row][vc_column width=&#8221;1\/4&#8243;][vc_single_image image=&#8221;19443&#8243; img_size=&#8221;full&#8221; onclick=&#8221;custom_link&#8221; link=&#8221;https:\/\/ucm.one\/produkt\/z-nation-staffel-4\/&#8221;][\/vc_column][vc_column width=&#8221;3\/4&#8243;][vc_column_text]<\/p>\n<h3>Episoden der Staffel 4 (deutsche und englische Namen):<\/h3>\n<p>[\/vc_column_text][vc_column_text]<\/p>\n<h3><\/h3>\n<p><span style=\"font-size: 11pt;\">1. Neustart (Warren&#8217;s Dream)<\/span><br \/>\n<span style=\"font-size: 11pt;\">2. Flucht aus Zona (Escape from Zona)<\/span><br \/>\n<span style=\"font-size: 11pt;\">3. Zombies 2.0 (The Vanishing)<\/span><br \/>\n<span style=\"font-size: 11pt;\">4. Der gro\u00dfe Pulk (A New Mission: Keep Moving)<\/span><br \/>\n<span style=\"font-size: 11pt;\">5. Unsichtbare Feinde (The Unknowns)<\/span><br \/>\n<span style=\"font-size: 11pt;\">6. Zur\u00fcck von den Untoten (Back from the Undead)<\/span><br \/>\n<span style=\"font-size: 11pt;\">7. Battle-Rap auf Leben und Tod (Warren&#8217;s Wedding)<\/span><br \/>\n<span style=\"font-size: 11pt;\">8. Glaubenskrise (Crisis of Faith)<\/span><br \/>\n<span style=\"font-size: 11pt;\">9. Schlechte Nachrichten (We interrupt this program)<\/span><br \/>\n<span style=\"font-size: 11pt;\">10. Waschen, Schneiden, T\u00f6ten (Frenemies)<\/span><br \/>\n<span style=\"font-size: 11pt;\">11. R\u00fcckkehr zu Mercy Labs (Return to Mercy Labs<\/span><br \/>\n<span style=\"font-size: 11pt;\">12. Hallo, Mr. President (Mt. Weather)<\/span><br \/>\n<span style=\"font-size: 11pt;\">13. Schwarzer Regenbogen (The Black Rainbow)<\/span>[\/vc_column_text][\/vc_column][\/vc_row][vc_row el_id=&#8221;staffel-5&#8243;][vc_column][vc_empty_space height=&#8221;30px&#8221;][vc_column_text]<\/p>\n<h2>Staffel 5<\/h2>\n<p>[\/vc_column_text][vc_column_text]<\/p>\n<div class=\"wpb_text_column wpb_content_element \">\n<div class=\"wpb_wrapper\">\n<p>In der f\u00fcnften und finalen Staffel bekommen es die Helden der Serie <strong>Z Nation<\/strong> mit einem neuen Zombie-Ph\u00e4nomen zu tun: dem Talker, einer sprechenden und denkenden Zombie-Gattung. Warren (<strong>Kellita Smith<\/strong>) kommt nach dem Drohnen-Crash langsam wieder zu Kr\u00e4ften und erh\u00e4lt Hilfe vom mysteri\u00f6sen Cooper (<strong>Mario van Peebles<\/strong>). W\u00e4hrenddessen erreicht die Gruppe um Doc (<strong>Russell Hodgkinson<\/strong>) und Murphy (<strong>Keith Allan<\/strong>) \u201e<strong>Newmerica<\/strong>\u201c\u2013 dort k\u00e4mpft eine Frau namens George (<strong>Katy O\u2019Brian<\/strong>) f\u00fcr die friedliche Ko-Existenz zwischen Talkern und Menschen. Doch nicht jedem gef\u00e4llt diese Vorstellung, was schon sehr bald zu einer ganzen Reihe von Problemen f\u00fchrt\u2026<\/p>\n<\/div>\n<\/div>\n<p>[\/vc_column_text][vc_column_text]<\/p>\n<div class=\"wpb_text_column wpb_content_element \">\n<div class=\"wpb_wrapper\">\n<div class=\"wpb_text_column wpb_content_element \">\n<div class=\"wpb_wrapper\">\n<p>Zwei spektakul\u00e4re Gastauftritte runden den Cast ab: <strong>Katy O\u2019Brian<\/strong> (\u201c<em><strong>The Walking Dead<\/strong><\/em>\u201c) und (80er-90er Jahre Filmstar <strong>Mario Van Peebles<\/strong> (\u201c<em><strong>Heartbreak Ridge<\/strong><\/em>\u201c, \u201c<strong><em>Damages \u2013 Im Netz der Gewalt<\/em><\/strong>\u201c, \u201c<em><strong>New Jack City<\/strong><\/em>\u201c).<\/p>\n<\/div>\n<\/div>\n<\/div>\n<\/div>\n<p>[\/vc_column_text][\/vc_column][\/vc_row][vc_row][vc_column width=&#8221;1\/4&#8243;][vc_single_image image=&#8221;32147&#8243; img_size=&#8221;full&#8221; onclick=&#8221;custom_link&#8221; link=&#8221;https:\/\/ucm.one\/produkt\/z-nation-staffel-5\/&#8221;][\/vc_column][vc_column width=&#8221;3\/4&#8243;][vc_column_text]<\/p>\n<h3>Episoden der Staffel 5 (deutsche und englische Namen):<\/h3>\n<p>[\/vc_column_text][vc_column_text]<span style=\"font-size: 11pt;\">1. Vereint leben wir (Welcome to the new Apocalypse) <\/span><br \/>\n<span style=\"font-size: 11pt;\">2. Die redenden Toten (A new life)<\/span><br \/>\n<span style=\"font-size: 11pt;\">3. Flucht aus Altura (Escape from Altura)<\/span><br \/>\n<span style=\"font-size: 11pt;\">4. Pacifica (Pacifica) <\/span><br \/>\n<span style=\"font-size: 11pt;\">5. Zombiebomben (Killing all the Books) <\/span><br \/>\n<span style=\"font-size: 11pt;\">6. Alles oder Nichts (Limbo) <\/span><br \/>\n<span style=\"font-size: 11pt;\">7. Originalrezept (Doc&#8217;s Stoned History) <\/span><br \/>\n<span style=\"font-size: 11pt;\">8. Ankunft in Heartland (Heartland)\u00a0<\/span><br \/>\n<span style=\"font-size: 11pt;\">9. Die H\u00fcter des Wassers (Water Keepers)\u00a0 <\/span><br \/>\n<span style=\"font-size: 11pt;\">10. Zu viel Lithium (State of Mine)\u00a0<\/span><br \/>\n<span style=\"font-size: 11pt;\">11. Hackerville (Return to Mercy Labs)<\/span><br \/>\n<span style=\"font-size: 11pt;\">12. Um jeden Preis (At all cost) <\/span><br \/>\n<span style=\"font-size: 11pt;\">13. Das Ende (The Black Rainbow) <\/span>[\/vc_column_text][\/vc_column][\/vc_row][vc_row][vc_column][vc_empty_space height=&#8221;30px&#8221;][vc_column_text]Die Initiatoren der Serie <strong>Z Nation<\/strong>,<strong>\u00a0<\/strong>Karl Schaefer und Craig Engler, \u00a0beschreiben die Serie als einen Versuch, <i>\u201cden Spa\u00df zur\u00fcck in das Zombiegenre zu bringen, der ihnen durch Fernsehserien wie \u201e<\/i><strong style=\"font-style: italic;\">The Walking Dead<\/strong><i>\u201c zu ernst geworden sei\u201d. <\/i>Das ist ihnen\u00a0zweifelsfrei gelungen und sicher auch\u00a0einer der Gr\u00fcnde, warum <strong>Z Nation<\/strong> so erfolgreich wurde und auch schon die exklusiv f\u00fcr Netflix parallel produzierte Prequel-Serie &#8220;<i><strong>Black Summer<\/strong>&#8221; aktuell ein Quotenhit ist.\u00a0<\/i>[\/vc_column_text][\/vc_column][\/vc_row][vc_row][vc_column width=&#8221;1\/3&#8243;][vc_video link=&#8221;https:\/\/youtu.be\/bGiD82Max7Q&#8221; title=&#8221;Z Nation &#8211; Staffel 3 | Trailer (deutsch) \u1d34\u1d30&#8221;][\/vc_column][vc_column width=&#8221;1\/3&#8243;][vc_video link=&#8221;https:\/\/youtu.be\/fvXx-DrOlu8&#8243; title=&#8221;Z Nation &#8211; Staffel 4 | Trailer (deutsch) \u1d34\u1d30&#8221;][\/vc_column][vc_column width=&#8221;1\/3&#8243;][vc_video link=&#8221;https:\/\/www.youtube.com\/watch?v=snImhnnHbos&#8221; title=&#8221;Z Nation &#8211; Staffel 5 | Trailer (deutsch) \u1d34\u1d30&#8221;][\/vc_column][\/vc_row][vc_row][vc_column][vc_column_text]<\/p>\n<h3>Pressestimmen<\/h3>\n<p><strong>kino.de:<\/strong><em> \u201eDie Endzeit-Serie ist neben all ihrer Dramatik auch ein augenzwinkernder Splatter-Spa\u00df, der mit absurden Ideen wie Zombietornados und Zombieau\u00dferirdischen punktet\u2026\u201d<\/em><\/p>\n<p><strong>darkmoviedreams.com:<\/strong>\u00a0<em>\u201eAsylum-liefert eine ehrliche Zombie-Serie ab. Sie setzen auf den Fun-Faktor ohne irgendwelchen pseudotiefgr\u00fcndigen Schmuh.\u201d<\/em><\/p>\n<p><strong>rollingstone.de:<\/strong> <em>\u201cZ Nation\u201c: Zombies blasen Trump den Marsch\u2026\u201d<\/em><\/p>\n<p><strong>musikexpress.de:<\/strong> <em>\u00a0\u201cDie Apokalypse, sprechende Zombies als Energiequelle \u2013 Gehirnkekse? Ein echter Irrsinn. Aber ein grandioser Irrsinn.<\/em>\u201c[\/vc_column_text][\/vc_column][\/vc_row][vc_row][vc_column width=&#8221;1\/5&#8243;][vc_btn title=&#8221;Amazon&#8221; style=&#8221;classic&#8221; color=&#8221;orange&#8221; size=&#8221;sm&#8221; align=&#8221;center&#8221; i_icon_fontawesome=&#8221;fab fa-amazon&#8221; button_block=&#8221;true&#8221; add_icon=&#8221;true&#8221; link=&#8221;url:https%3A%2F%2Fwww.amazon.de%2Fs%3Fk%3Dz%2Bnation%26i%3Ddvd%26__mk_de_DE%3D%C3%85M%C3%85%C5%BD%C3%95%C3%91%26ref%3Dnb_sb_noss|title:Amazon|target:%20_blank|&#8221;][\/vc_column][vc_column width=&#8221;1\/5&#8243;][vc_btn title=&#8221;Shop&#8221; style=&#8221;classic&#8221; color=&#8221;juicy-pink&#8221; size=&#8221;sm&#8221; align=&#8221;center&#8221; i_icon_fontawesome=&#8221;fas fa-shopping-cart&#8221; button_block=&#8221;true&#8221; add_icon=&#8221;true&#8221; link=&#8221;url:https%3A%2F%2Fucm.one%2Fde%2F%3Fs%3D%2522Z%2BNation%2522%26post_type%3Dproduct|title:Shop|&#8221;][\/vc_column][vc_column width=&#8221;1\/5&#8243;][vc_btn title=&#8221;Prime Video&#8221; style=&#8221;classic&#8221; color=&#8221;sky&#8221; size=&#8221;sm&#8221; align=&#8221;center&#8221; i_icon_fontawesome=&#8221;fab fa-amazon&#8221; button_block=&#8221;true&#8221; add_icon=&#8221;true&#8221; link=&#8221;url:https%3A%2F%2Fwww.amazon.de%2Fs%3Fk%3Dz%2Bnation%26i%3Dinstant-video%26__mk_de_DE%3D%C3%85M%C3%85%C5%BD%C3%95%C3%91%26ref%3Dnb_sb_noss|title:Amazon|target:%20_blank|&#8221;][\/vc_column][vc_column width=&#8221;1\/5&#8243;][vc_btn title=&#8221;Apple TV&#8221; style=&#8221;classic&#8221; color=&#8221;sky&#8221; size=&#8221;sm&#8221; align=&#8221;center&#8221; i_icon_fontawesome=&#8221;fab fa-apple&#8221; button_block=&#8221;true&#8221; add_icon=&#8221;true&#8221; link=&#8221;url:https%3A%2F%2Fitunes.apple.com%2Fde%2Ftv-season%2Fz-nation-staffel-3%2Fid1433421899|title:Apple%20TV|target:%20_blank|&#8221;][\/vc_column][vc_column width=&#8221;1\/5&#8243;][vc_btn title=&#8221;Wer Streamt Es?&#8221; style=&#8221;classic&#8221; color=&#8221;blue&#8221; size=&#8221;sm&#8221; align=&#8221;center&#8221; i_icon_fontawesome=&#8221;fas fa-question-circle&#8221; button_block=&#8221;true&#8221; add_icon=&#8221;true&#8221; link=&#8221;url:https%3A%2F%2Fwww.werstreamt.es%2Fserie%2Fdetails%2F639222%2Fz-nation%2F|title:Wer%20Streamt%20Es|target:%20_blank|&#8221;][\/vc_column][\/vc_row][vc_row][vc_column][vc_empty_space height=&#8221;30px&#8221;][vc_separator css=&#8221;.vc_custom_1560377795279{margin-top: 15px !important;}&#8221;][\/vc_column][\/vc_row][vc_row][vc_column][vc_column_text]<\/p>\n<h2><span style=\"font-family: arial, helvetica, sans-serif;\">Neuigkeiten<\/span><\/h2>\n<p>[\/vc_column_text]<style type=\"text\/css\" data-type=\"the7_shortcodes-inline-css\">.blog-shortcode.blog-masonry-shortcode-id-3ef8507378135b9a96cdb2e31b333e75.dividers-on.classic-layout-list article {\n  padding-top: 0;\n}\n.blog-shortcode.blog-masonry-shortcode-id-3ef8507378135b9a96cdb2e31b333e75.dividers-on.classic-layout-list article:first-of-type {\n  margin-top: 0;\n  padding-top: 0;\n}\n.blog-shortcode.blog-masonry-shortcode-id-3ef8507378135b9a96cdb2e31b333e75.classic-layout-list.mode-list .post-entry-content {\n  width: calc(100% - );\n}\n.blog-shortcode.blog-masonry-shortcode-id-3ef8507378135b9a96cdb2e31b333e75.classic-layout-list.mode-list .no-img .post-entry-content {\n  width: 100%;\n}\n.blog-shortcode.blog-masonry-shortcode-id-3ef8507378135b9a96cdb2e31b333e75 .filter-bg-decoration .filter-categories a.act {\n  color: #fff;\n}\n.blog-shortcode.blog-masonry-shortcode-id-3ef8507378135b9a96cdb2e31b333e75:not(.mode-masonry) article:first-of-type,\n.blog-shortcode.blog-masonry-shortcode-id-3ef8507378135b9a96cdb2e31b333e75:not(.mode-masonry) article.visible.first:not(.product) {\n  margin-top: 0;\n}\n.blog-shortcode.blog-masonry-shortcode-id-3ef8507378135b9a96cdb2e31b333e75.dividers-on:not(.mode-masonry) article {\n  margin-top: 0;\n}\n.blog-shortcode.blog-masonry-shortcode-id-3ef8507378135b9a96cdb2e31b333e75.dividers-on:not(.mode-masonry) article:first-of-type,\n.blog-shortcode.blog-masonry-shortcode-id-3ef8507378135b9a96cdb2e31b333e75.dividers-on:not(.mode-masonry) article.visible.first:not(.product) {\n  margin-top: 0;\n  padding-top: 0;\n}\n.blog-shortcode.blog-masonry-shortcode-id-3ef8507378135b9a96cdb2e31b333e75 .post-thumbnail-wrap {\n  padding: 0px 0px 0px 0px;\n}\n.blog-shortcode.blog-masonry-shortcode-id-3ef8507378135b9a96cdb2e31b333e75.enable-bg-rollover .post-thumbnail-rollover:after {\n  background: -webkit-linear-gradient();\n  background: linear-gradient();\n}\n.blog-shortcode.blog-masonry-shortcode-id-3ef8507378135b9a96cdb2e31b333e75 .gallery-zoom-ico {\n  width: 44px;\n  height: 44px;\n  line-height: 44px;\n  border-radius: 100px;\n  margin: -22px 0 0 -22px;\n  border-width: 0px;\n  color: #ffffff;\n}\n.bottom-overlap-layout-list.blog-shortcode.blog-masonry-shortcode-id-3ef8507378135b9a96cdb2e31b333e75 .gallery-zoom-ico {\n  margin-top: -72px;\n}\n.gradient-overlay-layout-list.blog-shortcode.blog-masonry-shortcode-id-3ef8507378135b9a96cdb2e31b333e75 .gallery-zoom-ico,\n.content-rollover-layout-list.blog-shortcode.blog-masonry-shortcode-id-3ef8507378135b9a96cdb2e31b333e75 .gallery-zoom-ico {\n  margin: 0 0 10px;\n}\n.content-align-center.gradient-overlay-layout-list.blog-shortcode.blog-masonry-shortcode-id-3ef8507378135b9a96cdb2e31b333e75 .gallery-zoom-ico,\n.content-align-center.content-rollover-layout-list.blog-shortcode.blog-masonry-shortcode-id-3ef8507378135b9a96cdb2e31b333e75 .gallery-zoom-ico {\n  margin: 0 auto 10px;\n}\n.dt-icon-bg-on.blog-shortcode.blog-masonry-shortcode-id-3ef8507378135b9a96cdb2e31b333e75 .gallery-zoom-ico {\n  background: rgba(255,255,255,0.3);\n  box-shadow: none;\n}\n.blog-shortcode.blog-masonry-shortcode-id-3ef8507378135b9a96cdb2e31b333e75 .gallery-zoom-ico > span,\n.blog-shortcode.blog-masonry-shortcode-id-3ef8507378135b9a96cdb2e31b333e75 .gallery-zoom-ico:before {\n  font-size: 32px;\n  line-height: 44px;\n}\n.blog-shortcode.blog-masonry-shortcode-id-3ef8507378135b9a96cdb2e31b333e75 .gallery-zoom-ico > span,\n.blog-shortcode.blog-masonry-shortcode-id-3ef8507378135b9a96cdb2e31b333e75 .gallery-zoom-ico:before {\n  color: #ffffff;\n}\n.blog-shortcode.blog-masonry-shortcode-id-3ef8507378135b9a96cdb2e31b333e75 .entry-title,\n.blog-shortcode.blog-masonry-shortcode-id-3ef8507378135b9a96cdb2e31b333e75.owl-carousel .entry-title {\n  margin-bottom: 5px;\n  font-weight: bold;\n}\n.blog-shortcode.blog-masonry-shortcode-id-3ef8507378135b9a96cdb2e31b333e75 .entry-meta {\n  margin-bottom: 15px;\n}\n.blog-shortcode.blog-masonry-shortcode-id-3ef8507378135b9a96cdb2e31b333e75 .portfolio-categories {\n  margin-bottom: 15px;\n}\n.blog-shortcode.blog-masonry-shortcode-id-3ef8507378135b9a96cdb2e31b333e75 .entry-excerpt {\n  margin-bottom: 5px;\n}\n.blog-shortcode.blog-masonry-shortcode-id-3ef8507378135b9a96cdb2e31b333e75:not(.centered-layout-list) .post-entry-content {\n  padding: 25px 30px 30px 30px;\n}\n.blog-shortcode.blog-masonry-shortcode-id-3ef8507378135b9a96cdb2e31b333e75:not(.centered-layout-list):not(.content-bg-on):not(.mode-list) .no-img .post-entry-content {\n  padding: 0;\n}\n@media screen and (max-width: ) {\n  .blog-shortcode.blog-masonry-shortcode-id-3ef8507378135b9a96cdb2e31b333e75 article {\n    -ms-flex-flow: column nowrap;\n    flex-flow: column nowrap;\n    margin-top: 20px;\n  }\n  .blog-shortcode.blog-masonry-shortcode-id-3ef8507378135b9a96cdb2e31b333e75.dividers-on article {\n    border: none;\n  }\n  .blog-shortcode.blog-masonry-shortcode-id-3ef8507378135b9a96cdb2e31b333e75.content-bg-on.centered-layout-list article {\n    padding: 0;\n  }\n  .blog-shortcode.blog-masonry-shortcode-id-3ef8507378135b9a96cdb2e31b333e75.blog-shortcode.dividers-on article,\n  .blog-shortcode.blog-masonry-shortcode-id-3ef8507378135b9a96cdb2e31b333e75.dividers-on.classic-layout-list article {\n    margin-top: 20px;\n    padding: 0;\n  }\n  .blog-shortcode.blog-masonry-shortcode-id-3ef8507378135b9a96cdb2e31b333e75.blog-shortcode.dividers-on article:first-of-type,\n  .blog-shortcode.blog-masonry-shortcode-id-3ef8507378135b9a96cdb2e31b333e75.dividers-on.classic-layout-list article:first-of-type {\n    padding: 0;\n  }\n  #page .blog-shortcode.blog-masonry-shortcode-id-3ef8507378135b9a96cdb2e31b333e75 .post-thumbnail-wrap,\n  #page .blog-shortcode.blog-masonry-shortcode-id-3ef8507378135b9a96cdb2e31b333e75 .post-entry-content {\n    width: 100%;\n    margin: 0;\n    top: 0;\n  }\n  #page .blog-shortcode.blog-masonry-shortcode-id-3ef8507378135b9a96cdb2e31b333e75 .post-thumbnail-wrap {\n    padding: 0;\n  }\n  #page .blog-shortcode.blog-masonry-shortcode-id-3ef8507378135b9a96cdb2e31b333e75 .post-entry-content:after {\n    display: none;\n  }\n  #page .blog-shortcode.blog-masonry-shortcode-id-3ef8507378135b9a96cdb2e31b333e75 .project-even .post-thumbnail-wrap,\n  #page .blog-shortcode.blog-masonry-shortcode-id-3ef8507378135b9a96cdb2e31b333e75.centered-layout-list .post-thumbnail-wrap {\n    -ms-flex-order: 0;\n    order: 0;\n  }\n  #page .blog-shortcode.blog-masonry-shortcode-id-3ef8507378135b9a96cdb2e31b333e75.centered-layout-list .post-entry-title-content {\n    -ms-flex-order: 1;\n    order: 1;\n    width: 100%;\n    padding: 20px 20px 0;\n  }\n  #page .blog-shortcode.blog-masonry-shortcode-id-3ef8507378135b9a96cdb2e31b333e75.centered-layout-list .post-entry-content {\n    -ms-flex-order: 2;\n    order: 2;\n    padding-top: 0;\n  }\n  #page .blog-shortcode.blog-masonry-shortcode-id-3ef8507378135b9a96cdb2e31b333e75 .fancy-categories {\n    top: 10px;\n    left: 10px;\n    bottom: auto;\n    right: auto;\n  }\n  #page .blog-shortcode.blog-masonry-shortcode-id-3ef8507378135b9a96cdb2e31b333e75 .fancy-date a {\n    top: 10px;\n    right: 10px;\n    left: auto;\n    bottom: auto;\n  }\n  #page .blog-shortcode.blog-masonry-shortcode-id-3ef8507378135b9a96cdb2e31b333e75 .post-entry-content {\n    padding: 20px;\n  }\n  #page .blog-shortcode.blog-masonry-shortcode-id-3ef8507378135b9a96cdb2e31b333e75 .entry-title {\n    margin: 3px 0 5px;\n    font-size: 20px;\n    line-height: 26px;\n  }\n  #page .blog-shortcode.blog-masonry-shortcode-id-3ef8507378135b9a96cdb2e31b333e75 .entry-meta {\n    margin: 5px 0 5px;\n  }\n  #page .blog-shortcode.blog-masonry-shortcode-id-3ef8507378135b9a96cdb2e31b333e75 .entry-excerpt {\n    margin: 15px 0 0;\n  }\n  #page .blog-shortcode.blog-masonry-shortcode-id-3ef8507378135b9a96cdb2e31b333e75 .post-details {\n    margin: 5px 0 10px;\n  }\n  #page .blog-shortcode.blog-masonry-shortcode-id-3ef8507378135b9a96cdb2e31b333e75 .post-details.details-type-link {\n    margin-bottom: 2px;\n  }\n}\n.blog-shortcode.blog-masonry-shortcode-id-3ef8507378135b9a96cdb2e31b333e75:not(.resize-by-browser-width) .dt-css-grid {\n  grid-row-gap: 30px;\n  grid-column-gap: 30px;\n  grid-template-columns: repeat(auto-fill,minmax(,1fr));\n}\n.blog-shortcode.blog-masonry-shortcode-id-3ef8507378135b9a96cdb2e31b333e75:not(.resize-by-browser-width) .dt-css-grid .double-width {\n  grid-column: span 2;\n}\n.cssgridlegacy.no-cssgrid .blog-shortcode.blog-masonry-shortcode-id-3ef8507378135b9a96cdb2e31b333e75:not(.resize-by-browser-width) .dt-css-grid,\n.no-cssgridlegacy.no-cssgrid .blog-shortcode.blog-masonry-shortcode-id-3ef8507378135b9a96cdb2e31b333e75:not(.resize-by-browser-width) .dt-css-grid {\n  display: flex;\n  flex-flow: row wrap;\n  margin: -15px;\n}\n.cssgridlegacy.no-cssgrid .blog-shortcode.blog-masonry-shortcode-id-3ef8507378135b9a96cdb2e31b333e75:not(.resize-by-browser-width) .dt-css-grid .wf-cell,\n.no-cssgridlegacy.no-cssgrid .blog-shortcode.blog-masonry-shortcode-id-3ef8507378135b9a96cdb2e31b333e75:not(.resize-by-browser-width) .dt-css-grid .wf-cell {\n  flex: 1 0 ;\n  max-width: 100%;\n  padding: 15px;\n  box-sizing: border-box;\n}\n.blog-shortcode.blog-masonry-shortcode-id-3ef8507378135b9a96cdb2e31b333e75.resize-by-browser-width .dt-css-grid {\n  grid-template-columns: repeat(2,1fr);\n  grid-template-rows: auto;\n  grid-column-gap: 30px;\n  grid-row-gap: 30px;\n}\n.blog-shortcode.blog-masonry-shortcode-id-3ef8507378135b9a96cdb2e31b333e75.resize-by-browser-width .dt-css-grid .double-width {\n  grid-column: span 2;\n}\n.cssgridlegacy.no-cssgrid .blog-shortcode.blog-masonry-shortcode-id-3ef8507378135b9a96cdb2e31b333e75.resize-by-browser-width .dt-css-grid {\n  margin: -15px;\n}\n.cssgridlegacy.no-cssgrid .blog-shortcode.blog-masonry-shortcode-id-3ef8507378135b9a96cdb2e31b333e75.resize-by-browser-width .dt-css-grid .wf-cell {\n  width: 50%;\n  padding: 15px;\n}\n.cssgridlegacy.no-cssgrid .blog-shortcode.blog-masonry-shortcode-id-3ef8507378135b9a96cdb2e31b333e75.resize-by-browser-width .dt-css-grid .wf-cell.double-width {\n  width: calc(50%) * 2;\n}\n.blog-shortcode.blog-masonry-shortcode-id-3ef8507378135b9a96cdb2e31b333e75.resize-by-browser-width:not(.centered-layout-list):not(.content-bg-on) .dt-css-grid {\n  grid-row-gap: 0px;\n}\n@media screen and (max-width: 1199px) {\n  .blog-shortcode.blog-masonry-shortcode-id-3ef8507378135b9a96cdb2e31b333e75.resize-by-browser-width .dt-css-grid {\n    grid-template-columns: repeat(2,1fr);\n  }\n  .cssgridlegacy.no-cssgrid .blog-shortcode.blog-masonry-shortcode-id-3ef8507378135b9a96cdb2e31b333e75.resize-by-browser-width .dt-css-grid .wf-cell,\n  .no-cssgridlegacy.no-cssgrid .blog-shortcode.blog-masonry-shortcode-id-3ef8507378135b9a96cdb2e31b333e75.resize-by-browser-width .dt-css-grid .wf-cell {\n    width: 50%;\n  }\n  .cssgridlegacy.no-cssgrid .blog-shortcode.blog-masonry-shortcode-id-3ef8507378135b9a96cdb2e31b333e75.resize-by-browser-width .dt-css-grid .wf-cell.double-width,\n  .no-cssgridlegacy.no-cssgrid .blog-shortcode.blog-masonry-shortcode-id-3ef8507378135b9a96cdb2e31b333e75.resize-by-browser-width .dt-css-grid .wf-cell.double-width {\n    width: calc(50%)*2;\n  }\n}\n@media screen and (max-width: 991px) {\n  .blog-shortcode.blog-masonry-shortcode-id-3ef8507378135b9a96cdb2e31b333e75.resize-by-browser-width .dt-css-grid {\n    grid-template-columns: repeat(1,1fr);\n  }\n  .cssgridlegacy.no-cssgrid .blog-shortcode.blog-masonry-shortcode-id-3ef8507378135b9a96cdb2e31b333e75.resize-by-browser-width .dt-css-grid .wf-cell,\n  .no-cssgridlegacy.no-cssgrid .blog-shortcode.blog-masonry-shortcode-id-3ef8507378135b9a96cdb2e31b333e75.resize-by-browser-width .dt-css-grid .wf-cell {\n    width: 100%;\n  }\n  .cssgridlegacy.no-cssgrid .blog-shortcode.blog-masonry-shortcode-id-3ef8507378135b9a96cdb2e31b333e75.resize-by-browser-width .dt-css-grid .wf-cell.double-width,\n  .no-cssgridlegacy.no-cssgrid .blog-shortcode.blog-masonry-shortcode-id-3ef8507378135b9a96cdb2e31b333e75.resize-by-browser-width .dt-css-grid .wf-cell.double-width {\n    width: calc(100%)*2;\n  }\n}\n@media screen and (max-width: 767px) {\n  .blog-shortcode.blog-masonry-shortcode-id-3ef8507378135b9a96cdb2e31b333e75.resize-by-browser-width .dt-css-grid {\n    grid-template-columns: repeat(1,1fr);\n  }\n  .blog-shortcode.blog-masonry-shortcode-id-3ef8507378135b9a96cdb2e31b333e75.resize-by-browser-width .dt-css-grid .double-width {\n    grid-column: span 1;\n  }\n  .cssgridlegacy.no-cssgrid .blog-shortcode.blog-masonry-shortcode-id-3ef8507378135b9a96cdb2e31b333e75.resize-by-browser-width .dt-css-grid .wf-cell,\n  .no-cssgridlegacy.no-cssgrid .blog-shortcode.blog-masonry-shortcode-id-3ef8507378135b9a96cdb2e31b333e75.resize-by-browser-width .dt-css-grid .wf-cell {\n    width: 100%;\n  }\n  .cssgridlegacy.no-cssgrid .blog-shortcode.blog-masonry-shortcode-id-3ef8507378135b9a96cdb2e31b333e75.resize-by-browser-width .dt-css-grid .wf-cell.double-width,\n  .no-cssgridlegacy.no-cssgrid .blog-shortcode.blog-masonry-shortcode-id-3ef8507378135b9a96cdb2e31b333e75.resize-by-browser-width .dt-css-grid .wf-cell.double-width {\n    width: calc(100%)*2;\n  }\n}<\/style><div class=\"blog-shortcode blog-masonry-shortcode-id-3ef8507378135b9a96cdb2e31b333e75 mode-grid classic-layout-list content-bg-on jquery-filter scale-img dt-css-grid-wrap dt-icon-bg-off resize-by-browser-width loading-effect-none description-under-image \" data-padding=\"15px\" data-cur-page=\"1\" data-post-limit=\"-1\" data-pagination-mode=\"none\" data-desktop-columns-num=\"2\" data-v-tablet-columns-num=\"1\" data-h-tablet-columns-num=\"2\" data-phone-columns-num=\"1\" data-width=\"0px\" data-columns=\"0\"><div class=\"dt-css-grid\" ><div class=\"visible wf-cell\" data-post-id=\"73437\" data-date=\"2022-04-29T21:51:20+00:00\" data-name=\"Limited Mediabook &quot;Live or let Die&quot; by Manuel Urbaneck released\"><article class=\"post project-odd visible post-73437 type-post status-publish format-standard has-post-thumbnail hentry category-film-en category-m-square-pictures-en category-news-en tag-alona-hertha-2 tag-horror-en tag-jan-bohlenschmidt tag-jan-bohlenschmidt-en tag-live-or-let-die-2 tag-m-square-pictures-en tag-manuel-urbaneck-2 tag-steven-mooers tag-steven-mooers-en tag-the-walking-dead-en tag-z-nation-en tag-zombie category-942 category-141 category-941\" data-name=\"Limited Mediabook &#8220;Live or let Die&#8221; by Manuel Urbaneck released\" data-date=\"2022-04-29T21:51:20+00:00\">\n\n<div class=\"post-thumbnail-wrap\">\n\t<div class=\"post-thumbnail\">\n\t\t\n\t\t\n\t\t<a href=\"https:\/\/ucm.one\/en\/limited-mediabook-live-or-let-die-by-manuel-urbaneck-released\/\" class=\"post-thumbnail-rollover layzr-bg layzr-bg\" ><img fetchpriority=\"high\" decoding=\"async\" class=\"iso-lazy-load preload-me iso-lazy-load aspect\" src=\"data:image\/svg+xml,%3Csvg%20xmlns%3D&#39;http%3A%2F%2Fwww.w3.org%2F2000%2Fsvg&#39;%20viewBox%3D&#39;0%200%20990%20309&#39;%2F%3E\" data-src=\"https:\/\/ucm.one\/wp-content\/uploads\/2022\/08\/B-Live-or-Let-Die-MB-2022-990x309.jpg\" data-srcset=\"https:\/\/ucm.one\/wp-content\/uploads\/2022\/08\/B-Live-or-Let-Die-MB-2022-990x309.jpg 990w, https:\/\/ucm.one\/wp-content\/uploads\/2022\/08\/B-Live-or-Let-Die-MB-2022-1485x464.jpg 1485w\" loading=\"eager\" style=\"--ratio: 990 \/ 309\" sizes=\"(max-width: 990px) 100vw, 990px\" alt=\"\" title=\"B Live or Let Die MB 2022\" width=\"990\" height=\"309\"  \/><\/a>\t<\/div>\n<\/div>\n\n\n<div class=\"post-entry-content\">\n\n\t<h3 class=\"entry-title\">\n\t\t<a href=\"https:\/\/ucm.one\/en\/limited-mediabook-live-or-let-die-by-manuel-urbaneck-released\/\" title=\"Limited Mediabook &#8220;Live or let Die&#8221; by Manuel Urbaneck released\" rel=\"bookmark\">Limited Mediabook &#8220;Live or let Die&#8221; by Manuel Urbaneck released<\/a>\n\t<\/h3>\n\n\t<div class=\"entry-meta\"><span class=\"category-link\"><a href=\"https:\/\/ucm.one\/en\/category\/news-en\/film-en\/\" >Film<\/a>, <a href=\"https:\/\/ucm.one\/en\/category\/news-en\/film-en\/m-square-pictures-en\/\" >M-Square Pictures<\/a>, <a href=\"https:\/\/ucm.one\/en\/category\/news-en\/\" >News<\/a><\/span><a class=\"author vcard\" href=\"\" title=\"View all posts by Joachim Keil\" rel=\"author\">By <span class=\"fn\">Joachim Keil<\/span><\/a><a href=\"https:\/\/ucm.one\/en\/2022\/04\/29\/\" title=\"21:51\" class=\"data-link\" rel=\"bookmark\"><time class=\"entry-date updated\" datetime=\"2022-04-29T21:51:20+00:00\">29. April 2022<\/time><\/a><\/div>\n\t<div class=\"entry-excerpt\"><p>[vc_row][vc_column][vc_column_text]In addition to the Blu-Ray and DVD releases in autumn 2021, a limited edition mediabook of the film &#8220;Live or Let Die&#8221; by Manuel Urbaneck is now being released.[\/vc_column_text][\/vc_column][\/vc_row][vc_row][vc_column width=&#8221;3\/4&#8243;][vc_column_text]The film is a terrific zombie horror film that has already found its fans at many film festivals (including HEX Film Festival 2020, Anatomy:Crime-Horror International Festival&hellip;<\/p>\n<\/div>\n\t\n<a href=\"https:\/\/ucm.one\/en\/limited-mediabook-live-or-let-die-by-manuel-urbaneck-released\/\" class=\"post-details details-type-link\" aria-label=\"Read more about Limited Mediabook &#8220;Live or let Die&#8221; by Manuel Urbaneck released\">Mehr lesen<i class=\"dt-icon-the7-arrow-03\" aria-hidden=\"true\"><\/i><\/a>\n\n<\/div><\/article><\/div><div class=\"visible wf-cell\" data-post-id=\"58097\" data-date=\"2021-10-15T00:52:24+00:00\" data-name=\"\u201cLive or let Die\u201d (M-Square Pictures) available on Blu-Ray, DVD and on VoD portals\"><article class=\"post project-odd visible post-58097 type-post status-publish format-standard has-post-thumbnail hentry category-film-en category-m-square-pictures-en category-news-en tag-alona-hertha-2 tag-horror-en tag-jan-bohlenschmidt-en tag-jan-bohlenschmidt tag-live-or-let-die-2 tag-m-square-pictures-en tag-manuel-urbaneck-2 tag-steven-mooers-en tag-steven-mooers tag-the-walking-dead-en tag-z-nation-en tag-zombie tag-zombie-de-2 category-942 category-141 category-941\" data-name=\"\u201cLive or let Die\u201d (M-Square Pictures) available on Blu-Ray, DVD and on VoD portals\" data-date=\"2021-10-15T00:52:24+00:00\">\n\n<div class=\"post-thumbnail-wrap\">\n\t<div class=\"post-thumbnail\">\n\t\t\n\t\t\n\t\t<a href=\"https:\/\/ucm.one\/en\/live-or-let-die-m-square-pictures-available-on-blu-ray-dvd-and-on-vod-portals\/\" class=\"post-thumbnail-rollover layzr-bg layzr-bg\" ><img decoding=\"async\" class=\"iso-lazy-load preload-me iso-lazy-load aspect\" src=\"data:image\/svg+xml,%3Csvg%20xmlns%3D&#39;http%3A%2F%2Fwww.w3.org%2F2000%2Fsvg&#39;%20viewBox%3D&#39;0%200%20990%20309&#39;%2F%3E\" data-src=\"https:\/\/ucm.one\/wp-content\/uploads\/2021\/10\/B-Live-Or-Let-Die-990x309.jpg\" data-srcset=\"https:\/\/ucm.one\/wp-content\/uploads\/2021\/10\/B-Live-Or-Let-Die-990x309.jpg 990w, https:\/\/ucm.one\/wp-content\/uploads\/2021\/10\/B-Live-Or-Let-Die-1485x464.jpg 1485w\" loading=\"eager\" style=\"--ratio: 990 \/ 309\" sizes=\"(max-width: 990px) 100vw, 990px\" alt=\"\" title=\"B Live Or Let Die\" width=\"990\" height=\"309\"  \/><\/a>\t<\/div>\n<\/div>\n\n\n<div class=\"post-entry-content\">\n\n\t<h3 class=\"entry-title\">\n\t\t<a href=\"https:\/\/ucm.one\/en\/live-or-let-die-m-square-pictures-available-on-blu-ray-dvd-and-on-vod-portals\/\" title=\"\u201cLive or let Die\u201d (M-Square Pictures) available on Blu-Ray, DVD and on VoD portals\" rel=\"bookmark\">\u201cLive or let Die\u201d (M-Square Pictures) available on Blu-Ray, DVD and on VoD portals<\/a>\n\t<\/h3>\n\n\t<div class=\"entry-meta\"><span class=\"category-link\"><a href=\"https:\/\/ucm.one\/en\/category\/news-en\/film-en\/\" >Film<\/a>, <a href=\"https:\/\/ucm.one\/en\/category\/news-en\/film-en\/m-square-pictures-en\/\" >M-Square Pictures<\/a>, <a href=\"https:\/\/ucm.one\/en\/category\/news-en\/\" >News<\/a><\/span><a class=\"author vcard\" href=\"\" title=\"View all posts by Joachim Keil\" rel=\"author\">By <span class=\"fn\">Joachim Keil<\/span><\/a><a href=\"https:\/\/ucm.one\/en\/2021\/10\/15\/\" title=\"00:52\" class=\"data-link\" rel=\"bookmark\"><time class=\"entry-date updated\" datetime=\"2021-10-15T00:52:24+00:00\">15. October 2021<\/time><\/a><\/div>\n\t<div class=\"entry-excerpt\"><p>[vc_row][vc_column][vc_column_text]With the film \u201cLive or let Die\u201d by Manuel Urbaneck, UCM.ONE is releasing a terrific zombie horror film on the film label \u201cM-Square Pictures\u201d in Germany, Austria and Switzerland, which has already been shown at many film festivals (including HEX Film Festival 2020, Anatomy: Crime-Horror International Festival 2020, Unrestricted View Horror Film Festival 2020, Terror&hellip;<\/p>\n<\/div>\n\t\n<a href=\"https:\/\/ucm.one\/en\/live-or-let-die-m-square-pictures-available-on-blu-ray-dvd-and-on-vod-portals\/\" class=\"post-details details-type-link\" aria-label=\"Read more about \u201cLive or let Die\u201d (M-Square Pictures) available on Blu-Ray, DVD and on VoD portals\">Mehr lesen<i class=\"dt-icon-the7-arrow-03\" aria-hidden=\"true\"><\/i><\/a>\n\n<\/div><\/article><\/div><div class=\"visible wf-cell\" data-post-id=\"34368\" data-date=\"2019-09-27T00:01:35+00:00\" data-name=\"5th season of &quot;Z Nation&quot; series available on DVD, Blu-Ray and VoD portals\"><article class=\"post project-odd visible post-34368 type-post status-publish format-standard has-post-thumbnail hentry category-film-en category-m-square-pictures-en category-news-en tag-blu-ray-2 tag-bluray-2 tag-craig-engler-2 tag-dvd-en tag-karl-schaefer-2 tag-katy-obrian-2 tag-keith-allan tag-kellita-smith-en tag-mario-van-peebles-2 tag-netflix-en tag-newmerica-2 tag-season-5-2 tag-staffel-5-2 tag-the-asylum-en tag-the-walking-dead-en tag-walking-dead-2 tag-z-nation-en tag-zombie tag-zombie-apokalypse-en tag-zombies-en category-942 category-141 category-941\" data-name=\"5th season of &#8220;Z Nation&#8221; series available on DVD, Blu-Ray and VoD portals\" data-date=\"2019-09-27T00:01:35+00:00\">\n\n<div class=\"post-thumbnail-wrap\">\n\t<div class=\"post-thumbnail\">\n\t\t\n\t\t\n\t\t<a href=\"https:\/\/ucm.one\/en\/5th-season-of-z-nation-series-available-on-dvd-blu-ray-and-vod-portals\/\" class=\"post-thumbnail-rollover layzr-bg layzr-bg\" ><img decoding=\"async\" class=\"iso-lazy-load preload-me iso-lazy-load aspect\" src=\"data:image\/svg+xml,%3Csvg%20xmlns%3D&#39;http%3A%2F%2Fwww.w3.org%2F2000%2Fsvg&#39;%20viewBox%3D&#39;0%200%20990%20309&#39;%2F%3E\" data-src=\"https:\/\/ucm.one\/wp-content\/uploads\/2019\/09\/Z-Nation-5-Banner-990x309.jpg\" data-srcset=\"https:\/\/ucm.one\/wp-content\/uploads\/2019\/09\/Z-Nation-5-Banner-990x309.jpg 990w, https:\/\/ucm.one\/wp-content\/uploads\/2019\/09\/Z-Nation-5-Banner-1485x464.jpg 1485w\" loading=\"eager\" style=\"--ratio: 990 \/ 309\" sizes=\"(max-width: 990px) 100vw, 990px\" alt=\"\" title=\"Z-Nation 5 &#8211; Banner\" width=\"990\" height=\"309\"  \/><\/a>\t<\/div>\n<\/div>\n\n\n<div class=\"post-entry-content\">\n\n\t<h3 class=\"entry-title\">\n\t\t<a href=\"https:\/\/ucm.one\/en\/5th-season-of-z-nation-series-available-on-dvd-blu-ray-and-vod-portals\/\" title=\"5th season of &#8220;Z Nation&#8221; series available on DVD, Blu-Ray and VoD portals\" rel=\"bookmark\">5th season of &#8220;Z Nation&#8221; series available on DVD, Blu-Ray and VoD portals<\/a>\n\t<\/h3>\n\n\t<div class=\"entry-meta\"><span class=\"category-link\"><a href=\"https:\/\/ucm.one\/en\/category\/news-en\/film-en\/\" >Film<\/a>, <a href=\"https:\/\/ucm.one\/en\/category\/news-en\/film-en\/m-square-pictures-en\/\" >M-Square Pictures<\/a>, <a href=\"https:\/\/ucm.one\/en\/category\/news-en\/\" >News<\/a><\/span><a class=\"author vcard\" href=\"\" title=\"View all posts by Joachim Keil\" rel=\"author\">By <span class=\"fn\">Joachim Keil<\/span><\/a><a href=\"https:\/\/ucm.one\/en\/2019\/09\/27\/\" title=\"00:01\" class=\"data-link\" rel=\"bookmark\"><time class=\"entry-date updated\" datetime=\"2019-09-27T00:01:35+00:00\">27. September 2019<\/time><\/a><\/div>\n\t<div class=\"entry-excerpt\"><p>[vc_row][vc_column width=&#8221;3\/4&#8243;][vc_column_text] Ab heute kann die 5. Staffel der Zombie-Apokalypse-Serie Z Nation\u00a0sowohl als\u00a0DVD, Blu-Ray als auf bei VoD-Portalen k\u00e4uflich erworben werden. In der f\u00fcnften und finalen Staffel bekommen es die Helden der Serie Z Nation mit einem neuen Zombie-Ph\u00e4nomen zu tun: dem Talker, einer sprechenden und denkenden Zombie-Gattung. Warren (Kellita Smith) kommt nach dem Drohnen-Crash&hellip;<\/p>\n<\/div>\n\t\n<a href=\"https:\/\/ucm.one\/en\/5th-season-of-z-nation-series-available-on-dvd-blu-ray-and-vod-portals\/\" class=\"post-details details-type-link\" aria-label=\"Read more about 5th season of &#8220;Z Nation&#8221; series available on DVD, Blu-Ray and VoD portals\">Mehr lesen<i class=\"dt-icon-the7-arrow-03\" aria-hidden=\"true\"><\/i><\/a>\n\n<\/div><\/article><\/div><div class=\"visible wf-cell\" data-post-id=\"32173\" data-date=\"2019-08-02T11:28:25+00:00\" data-name=\"Season 5 of the Zombie Apocalypse &quot;Z Nation&quot; available from 27 September 2019 on Blu-Ray, DVD and download-portals\"><article class=\"post project-odd visible post-32173 type-post status-publish format-standard has-post-thumbnail hentry category-film-en category-m-square-pictures-en category-news-en tag-black-summer-2 tag-finale-staffel-2 tag-horror-en tag-katy-obrian-3 tag-keith-allan tag-kellita-smith-en tag-m-square-pictures-en tag-mario-van-peebles-2 tag-netflix-en tag-newmerica-2 tag-rtl-ii-en tag-russell-hodgkinson-en tag-serie-en tag-staffel-5-2 tag-syfy-en tag-talker-2 tag-the-asylum-en tag-the-walking-dead-en tag-virus-en tag-z-nation-en tag-zombie-apokalypse-en tag-zombies-en category-942 category-141 category-941\" data-name=\"Season 5 of the Zombie Apocalypse &#8220;Z Nation&#8221; available from 27 September 2019 on Blu-Ray, DVD and download-portals\" data-date=\"2019-08-02T11:28:25+00:00\">\n\n<div class=\"post-thumbnail-wrap\">\n\t<div class=\"post-thumbnail\">\n\t\t\n\t\t\n\t\t<a href=\"https:\/\/ucm.one\/en\/season-5-of-the-zombie-apocalypse-z-nation-available-from-27-september-2019-on-blu-ray-dvd-and-download-portals\/\" class=\"post-thumbnail-rollover layzr-bg layzr-bg\" ><img decoding=\"async\" class=\"iso-lazy-load preload-me iso-lazy-load aspect\" src=\"data:image\/svg+xml,%3Csvg%20xmlns%3D&#39;http%3A%2F%2Fwww.w3.org%2F2000%2Fsvg&#39;%20viewBox%3D&#39;0%200%20990%20309&#39;%2F%3E\" data-src=\"https:\/\/ucm.one\/wp-content\/uploads\/2019\/08\/Z-Nation-Banner-5-Vorank\u00fcndigung-990x309.jpg\" data-srcset=\"https:\/\/ucm.one\/wp-content\/uploads\/2019\/08\/Z-Nation-Banner-5-Vorank\u00fcndigung-990x309.jpg 990w, https:\/\/ucm.one\/wp-content\/uploads\/2019\/08\/Z-Nation-Banner-5-Vorank\u00fcndigung-1485x464.jpg 1485w\" loading=\"eager\" style=\"--ratio: 990 \/ 309\" sizes=\"(max-width: 990px) 100vw, 990px\" alt=\"\" title=\"Z Nation Banner 5 Vorank\u00fcndigung\" width=\"990\" height=\"309\"  \/><\/a>\t<\/div>\n<\/div>\n\n\n<div class=\"post-entry-content\">\n\n\t<h3 class=\"entry-title\">\n\t\t<a href=\"https:\/\/ucm.one\/en\/season-5-of-the-zombie-apocalypse-z-nation-available-from-27-september-2019-on-blu-ray-dvd-and-download-portals\/\" title=\"Season 5 of the Zombie Apocalypse &#8220;Z Nation&#8221; available from 27 September 2019 on Blu-Ray, DVD and download-portals\" rel=\"bookmark\">Season 5 of the Zombie Apocalypse &#8220;Z Nation&#8221; available from 27 September 2019 on Blu-Ray, DVD and download-portals<\/a>\n\t<\/h3>\n\n\t<div class=\"entry-meta\"><span class=\"category-link\"><a href=\"https:\/\/ucm.one\/en\/category\/news-en\/film-en\/\" >Film<\/a>, <a href=\"https:\/\/ucm.one\/en\/category\/news-en\/film-en\/m-square-pictures-en\/\" >M-Square Pictures<\/a>, <a href=\"https:\/\/ucm.one\/en\/category\/news-en\/\" >News<\/a><\/span><a class=\"author vcard\" href=\"\" title=\"View all posts by Joachim Keil\" rel=\"author\">By <span class=\"fn\">Joachim Keil<\/span><\/a><a href=\"https:\/\/ucm.one\/en\/2019\/08\/02\/\" title=\"11:28\" class=\"data-link\" rel=\"bookmark\"><time class=\"entry-date updated\" datetime=\"2019-08-02T11:28:25+00:00\">2. August 2019<\/time><\/a><\/div>\n\t<div class=\"entry-excerpt\"><p>[vc_row][vc_column width=&#8221;3\/4&#8243;][vc_column_text]In the fifth and final season, the heroes of the Z Nation series are confronted with a new zombie phenomenon: the Talker, a talking and thinking zombie species. Warren (Kellita Smith) slowly regains his strength after the drone crash and gets help from the mysterious Cooper (Mario van Peebles). Meanwhile, the group around Doc&hellip;<\/p>\n<\/div>\n\t\n<a href=\"https:\/\/ucm.one\/en\/season-5-of-the-zombie-apocalypse-z-nation-available-from-27-september-2019-on-blu-ray-dvd-and-download-portals\/\" class=\"post-details details-type-link\" aria-label=\"Read more about Season 5 of the Zombie Apocalypse &#8220;Z Nation&#8221; available from 27 September 2019 on Blu-Ray, DVD and download-portals\">Mehr lesen<i class=\"dt-icon-the7-arrow-03\" aria-hidden=\"true\"><\/i><\/a>\n\n<\/div><\/article><\/div><div class=\"visible wf-cell\" data-post-id=\"19441\" data-date=\"2019-01-25T15:36:02+00:00\" data-name=\"Season 4 of the Z Nation series is available today on DVD, Blu-Ray and VoD portals\"><article class=\"post project-odd visible post-19441 type-post status-publish format-standard has-post-thumbnail hentry category-film-en category-m-square-pictures-en category-news-en tag-dj-qualls-en tag-henry-rollins-en tag-horror-en tag-its-good-to-be-alive-en tag-keith-allan tag-keith-allan-kellita-smith tag-kellita-smith-en tag-m-square-pictures-en tag-michael-berryman-en tag-netflix-en tag-noch-sind-wir-nicht-alle-tot-en tag-rtl-ii-en tag-russell-hodgkinson-en tag-season-4 tag-serie-en tag-series tag-staffel-4-en tag-syfy-en tag-the-asylum-en tag-the-hills-have-eyes-en tag-the-walking-dead-en tag-virus-en tag-z-nation-en tag-zombie-apokalypse-en tag-zombies-en category-942 category-141 category-941\" data-name=\"Season 4 of the Z Nation series is available today on DVD, Blu-Ray and VoD portals\" data-date=\"2019-01-25T15:36:02+00:00\">\n\n<div class=\"post-thumbnail-wrap\">\n\t<div class=\"post-thumbnail\">\n\t\t\n\t\t\n\t\t<a href=\"https:\/\/ucm.one\/en\/season-4-of-the-z-nation-series-is-available-today-on-dvd-blu-ray-and-vod-portals\/\" class=\"post-thumbnail-rollover layzr-bg layzr-bg\" ><img decoding=\"async\" class=\"iso-lazy-load preload-me iso-lazy-load aspect\" src=\"data:image\/svg+xml,%3Csvg%20xmlns%3D&#39;http%3A%2F%2Fwww.w3.org%2F2000%2Fsvg&#39;%20viewBox%3D&#39;0%200%20990%20309&#39;%2F%3E\" data-src=\"https:\/\/ucm.one\/wp-content\/uploads\/2019\/01\/B-Z-Nation-Staffel-4-990x309.jpg\" data-srcset=\"https:\/\/ucm.one\/wp-content\/uploads\/2019\/01\/B-Z-Nation-Staffel-4-990x309.jpg 990w, https:\/\/ucm.one\/wp-content\/uploads\/2019\/01\/B-Z-Nation-Staffel-4-1485x464.jpg 1485w\" loading=\"eager\" style=\"--ratio: 990 \/ 309\" sizes=\"(max-width: 990px) 100vw, 990px\" alt=\"\" title=\"B Z Nation Staffel 4\" width=\"990\" height=\"309\"  \/><\/a>\t<\/div>\n<\/div>\n\n\n<div class=\"post-entry-content\">\n\n\t<h3 class=\"entry-title\">\n\t\t<a href=\"https:\/\/ucm.one\/en\/season-4-of-the-z-nation-series-is-available-today-on-dvd-blu-ray-and-vod-portals\/\" title=\"Season 4 of the Z Nation series is available today on DVD, Blu-Ray and VoD portals\" rel=\"bookmark\">Season 4 of the Z Nation series is available today on DVD, Blu-Ray and VoD portals<\/a>\n\t<\/h3>\n\n\t<div class=\"entry-meta\"><span class=\"category-link\"><a href=\"https:\/\/ucm.one\/en\/category\/news-en\/film-en\/\" >Film<\/a>, <a href=\"https:\/\/ucm.one\/en\/category\/news-en\/film-en\/m-square-pictures-en\/\" >M-Square Pictures<\/a>, <a href=\"https:\/\/ucm.one\/en\/category\/news-en\/\" >News<\/a><\/span><a class=\"author vcard\" href=\"\" title=\"View all posts by Joachim Keil\" rel=\"author\">By <span class=\"fn\">Joachim Keil<\/span><\/a><a href=\"https:\/\/ucm.one\/en\/2019\/01\/25\/\" title=\"15:36\" class=\"data-link\" rel=\"bookmark\"><time class=\"entry-date updated\" datetime=\"2019-01-25T15:36:02+00:00\">25. January 2019<\/time><\/a><\/div>\n\t<div class=\"entry-excerpt\"><p>[vc_row][vc_column width=&#8221;3\/4&#8243;][vc_column_text]Ab heute kann die 4. Staffel der Zombie-Apokalypse-Serie Z Nation\u00a0mit dem Untertitel &#8220;Noch sind wir nicht alle tot!&#8221; sowohl als\u00a0DVD, Blu-Ray als auf bei VoD-Portalen k\u00e4uflich erworben werden. Staffel 4 katapultiert die Helden aus Z Nation zwei Jahre in die Zukunft und l\u00e4sst die bisherige Zombie-Apokalypse wie einen Spaziergang aussehen&#8230;\u00a0[\/vc_column_text][vc_column_text]In Staffel 4 finden sich&hellip;<\/p>\n<\/div>\n\t\n<a href=\"https:\/\/ucm.one\/en\/season-4-of-the-z-nation-series-is-available-today-on-dvd-blu-ray-and-vod-portals\/\" class=\"post-details details-type-link\" aria-label=\"Read more about Season 4 of the Z Nation series is available today on DVD, Blu-Ray and VoD portals\">Mehr lesen<i class=\"dt-icon-the7-arrow-03\" aria-hidden=\"true\"><\/i><\/a>\n\n<\/div><\/article><\/div><div class=\"visible wf-cell\" data-post-id=\"18374\" data-date=\"2018-12-17T23:32:49+00:00\" data-name=\"Season 4 of the Zombie Apocalypse &quot;Z Nation&quot; will be available on Blu-Ray, DVD and as a download from January 25, 2019\"><article class=\"post project-odd visible post-18374 type-post status-publish format-standard has-post-thumbnail hentry category-film-en category-m-square-pictures-en category-news-en tag-dj-qualls-en tag-horror-en tag-kellita-smith-en tag-m-square-pictures-en tag-netflix-en tag-russell-hodgkinson-en tag-season-4 tag-series tag-syfy-the-asylum tag-the-walking-dead-en tag-virus-en tag-z-nation-en tag-zombie-apokalypse-en tag-zombies-en category-942 category-141 category-941\" data-name=\"Season 4 of the Zombie Apocalypse &#8220;Z Nation&#8221; will be available on Blu-Ray, DVD and as a download from January 25, 2019\" data-date=\"2018-12-17T23:32:49+00:00\">\n\n<div class=\"post-thumbnail-wrap\">\n\t<div class=\"post-thumbnail\">\n\t\t\n\t\t\n\t\t<a href=\"https:\/\/ucm.one\/en\/season-4-of-the-zombie-apocalypse-z-nation-will-be-available-on-blu-ray-dvd-and-as-a-download-from-january-25-2019\/\" class=\"post-thumbnail-rollover layzr-bg layzr-bg\" ><img decoding=\"async\" class=\"iso-lazy-load preload-me iso-lazy-load aspect\" src=\"data:image\/svg+xml,%3Csvg%20xmlns%3D&#39;http%3A%2F%2Fwww.w3.org%2F2000%2Fsvg&#39;%20viewBox%3D&#39;0%200%20990%20309&#39;%2F%3E\" data-src=\"https:\/\/ucm.one\/wp-content\/uploads\/2018\/12\/B-Z-Nation-4-Ank\u00fcndigung-1812-990x309.jpg\" data-srcset=\"https:\/\/ucm.one\/wp-content\/uploads\/2018\/12\/B-Z-Nation-4-Ank\u00fcndigung-1812-990x309.jpg 990w, https:\/\/ucm.one\/wp-content\/uploads\/2018\/12\/B-Z-Nation-4-Ank\u00fcndigung-1812-1485x464.jpg 1485w\" loading=\"eager\" style=\"--ratio: 990 \/ 309\" sizes=\"(max-width: 990px) 100vw, 990px\" alt=\"\" title=\"B Z Nation 4 Ank\u00fcndigung 1812\" width=\"990\" height=\"309\"  \/><\/a>\t<\/div>\n<\/div>\n\n\n<div class=\"post-entry-content\">\n\n\t<h3 class=\"entry-title\">\n\t\t<a href=\"https:\/\/ucm.one\/en\/season-4-of-the-zombie-apocalypse-z-nation-will-be-available-on-blu-ray-dvd-and-as-a-download-from-january-25-2019\/\" title=\"Season 4 of the Zombie Apocalypse &#8220;Z Nation&#8221; will be available on Blu-Ray, DVD and as a download from January 25, 2019\" rel=\"bookmark\">Season 4 of the Zombie Apocalypse &#8220;Z Nation&#8221; will be available on Blu-Ray, DVD and as a download from January 25, 2019<\/a>\n\t<\/h3>\n\n\t<div class=\"entry-meta\"><span class=\"category-link\"><a href=\"https:\/\/ucm.one\/en\/category\/news-en\/film-en\/\" >Film<\/a>, <a href=\"https:\/\/ucm.one\/en\/category\/news-en\/film-en\/m-square-pictures-en\/\" >M-Square Pictures<\/a>, <a href=\"https:\/\/ucm.one\/en\/category\/news-en\/\" >News<\/a><\/span><a class=\"author vcard\" href=\"\" title=\"View all posts by Joachim Keil\" rel=\"author\">By <span class=\"fn\">Joachim Keil<\/span><\/a><a href=\"https:\/\/ucm.one\/en\/2018\/12\/17\/\" title=\"23:32\" class=\"data-link\" rel=\"bookmark\"><time class=\"entry-date updated\" datetime=\"2018-12-17T23:32:49+00:00\">17. December 2018<\/time><\/a><\/div>\n\t<div class=\"entry-excerpt\"><p>[vc_row][vc_column][vc_column_text]As of January 25, 2019, season 4 of the US-American post-apocalyptic zombie drama series Z Nation by director Karl Schaefer, produced by The Asylum (known inter alia from the Sharknado films) will be available on the M-Square Pictures label. Also, the release dates of Season 5 are already fixed: This will be available from March&hellip;<\/p>\n<\/div>\n\t\n<a href=\"https:\/\/ucm.one\/en\/season-4-of-the-zombie-apocalypse-z-nation-will-be-available-on-blu-ray-dvd-and-as-a-download-from-january-25-2019\/\" class=\"post-details details-type-link\" aria-label=\"Read more about Season 4 of the Zombie Apocalypse &#8220;Z Nation&#8221; will be available on Blu-Ray, DVD and as a download from January 25, 2019\">Mehr lesen<i class=\"dt-icon-the7-arrow-03\" aria-hidden=\"true\"><\/i><\/a>\n\n<\/div><\/article><\/div><\/div><!-- iso-container|iso-grid --><\/div>[vc_empty_space height=&#8221;25px&#8221;][vc_btn title=&#8221;Alle News&#8221; style=&#8221;classic&#8221; align=&#8221;right&#8221; i_icon_fontawesome=&#8221;fas fa-newspaper&#8221; add_icon=&#8221;true&#8221; link=&#8221;url:https%3A%2F%2Fucm.one%2Fen%2Ftag%2Fz-nation-en%2F|title:Z%20Nation|&#8221;][vc_empty_space height=&#8221;15px&#8221;][\/vc_column][\/vc_row][vc_row][vc_column][vc_separator color=&#8221;custom&#8221; accent_color=&#8221;#0141a0&#8243;][\/vc_column][\/vc_row][vc_row css=&#8221;.vc_custom_1518458873891{margin-top: 65px !important;}&#8221;][vc_column width=&#8221;1\/4&#8243;][vc_btn title=&#8221;\u00dcbersicht&#8221; style=&#8221;flat&#8221; size=&#8221;lg&#8221; align=&#8221;center&#8221; i_icon_fontawesome=&#8221;fas fa-home&#8221; button_block=&#8221;true&#8221; add_icon=&#8221;true&#8221; link=&#8221;url:https%3A%2F%2Fucm.one%2Fde|title:%C3%9Cbersicht|&#8221;][\/vc_column][vc_column width=&#8221;1\/4&#8243;][vc_btn title=&#8221;Filme&#8221; style=&#8221;flat&#8221; size=&#8221;lg&#8221; align=&#8221;center&#8221; i_icon_fontawesome=&#8221;fas fa-film&#8221; button_block=&#8221;true&#8221; add_icon=&#8221;true&#8221; link=&#8221;url:https%3A%2F%2Fucm.one%2Fen%2Ffilm-labels%2F|title:Filme|&#8221;][\/vc_column][vc_column width=&#8221;1\/4&#8243;][vc_btn title=&#8221;M-Square Pictures&#8221; style=&#8221;flat&#8221; size=&#8221;lg&#8221; align=&#8221;center&#8221; i_icon_fontawesome=&#8221;fas fa-arrow-right&#8221; button_block=&#8221;true&#8221; add_icon=&#8221;true&#8221; link=&#8221;url:https%3A%2F%2Fucm.one%2Fen%2Ffilm-labels%2Fm-square-pictures%2F|title:M-Square%20Pictures|&#8221;][\/vc_column][vc_column width=&#8221;1\/4&#8243;][vc_btn title=&#8221;iMDB&#8221; style=&#8221;flat&#8221; color=&#8221;blue&#8221; size=&#8221;lg&#8221; align=&#8221;center&#8221; i_icon_fontawesome=&#8221;fa fa-imdb&#8221; button_block=&#8221;true&#8221; add_icon=&#8221;true&#8221; link=&#8221;url:https%3A%2F%2Fwww.imdb.com%2Ftitle%2Ftt3843168|title:Z%20Nation|target:%20_blank|&#8221;][\/vc_column][\/vc_row][vc_row content_placement=&#8221;middle&#8221; bg_type=&#8221;grad&#8221; ult_hide_row=&#8221;ult_hide_row_value&#8221; ult_hide_row_large_screen=&#8221;large_screen&#8221; ult_hide_row_desktop=&#8221;desktop&#8221; css=&#8221;.vc_custom_1518701755537{margin-top: 0px !important;padding-top: -50px !important;}&#8221; bg_grad=&#8221;background: -webkit-gradient(linear, left top, left bottom, color-stop(0%, #E3E3E3), color-stop(0%, #FFFFFF), color-stop(6%, #FFFFFF), color-stop(7%, #FFFFFF), color-stop(50%, #FFFFFF));background: -moz-linear-gradient(top,#E3E3E3 0%,#FFFFFF 0%,#FFFFFF 6%,#FFFFFF 7%,#FFFFFF 50%);background: -webkit-linear-gradient(top,#E3E3E3 0%,#FFFFFF 0%,#FFFFFF 6%,#FFFFFF 7%,#FFFFFF 50%);background: -o-linear-gradient(top,#E3E3E3 0%,#FFFFFF 0%,#FFFFFF 6%,#FFFFFF 7%,#FFFFFF 50%);background: -ms-linear-gradient(top,#E3E3E3 0%,#FFFFFF 0%,#FFFFFF 6%,#FFFFFF 7%,#FFFFFF 50%);background: linear-gradient(top,#E3E3E3 0%,#FFFFFF 0%,#FFFFFF 6%,#FFFFFF 7%,#FFFFFF 50%);&#8221;][vc_column][vc_btn title=&#8221;Kontakt&#8221; style=&#8221;flat&#8221; color=&#8221;sky&#8221; size=&#8221;lg&#8221; align=&#8221;center&#8221; i_icon_fontawesome=&#8221;far fa-envelope&#8221; button_block=&#8221;true&#8221; add_icon=&#8221;true&#8221; link=&#8221;url:https%3A%2F%2Fucm.one%2Fen%2Fcompany%2Fcontact%2F|title:Kontakt|&#8221;][\/vc_column][\/vc_row]<\/p>\n<\/div>","protected":false},"excerpt":{"rendered":"<p>[vc_row][vc_column css=&#8221;.vc_custom_1561291995466{padding-right: 30px !important;}&#8221;][vc_column_text] Z Nation [\/vc_column_text][vc_column_text]Die Serie Z Nation\u00a0beginnt in einer Zeit, in der ein Zombie-Virus die Menschheit nahezu vollst\u00e4ndig ausgerottet hat. Die letzte Hoffnung auf eine positive Wende ruht auf Murphy &#8211; den einzigen bekannten \u00dcberlebenden eines Zombieangriffs. Doch der potentielle Heilsbringer Murphy tr\u00e4gt nicht nur die begehrten Antik\u00f6rper in sich, sondern auch&hellip;<\/p>\n","protected":false},"author":2,"featured_media":32171,"parent":0,"menu_order":0,"comment_status":"closed","ping_status":"closed","template":"","meta":{"_acf_changed":false,"footnotes":""},"class_list":["post-34466","page","type-page","status-publish","has-post-thumbnail","hentry","description-off"],"acf":[],"yoast_head":"<!-- This site is optimized with the Yoast SEO plugin v27.5 - https:\/\/yoast.com\/product\/yoast-seo-wordpress\/ -->\n<title>Z Nation | M-Square Pictures - UCM.ONE<\/title>\n<meta name=\"description\" content=\"The series &quot;Z Nation&quot; begins at a time when a zombie virus has almost completely eradicated humanity.\" \/>\n<meta name=\"robots\" content=\"index, follow, max-snippet:-1, max-image-preview:large, max-video-preview:-1\" \/>\n<link rel=\"canonical\" href=\"https:\/\/ucm.one\/en\/z-nation\/\" \/>\n<meta property=\"og:locale\" content=\"en_US\" \/>\n<meta property=\"og:type\" content=\"article\" \/>\n<meta property=\"og:title\" content=\"Z Nation | M-Square Pictures - UCM.ONE\" \/>\n<meta property=\"og:description\" content=\"The series &quot;Z Nation&quot; begins at a time when a zombie virus has almost completely eradicated humanity.\" \/>\n<meta property=\"og:url\" content=\"https:\/\/ucm.one\/en\/z-nation\/\" \/>\n<meta property=\"og:site_name\" content=\"UCM.ONE\" \/>\n<meta property=\"article:modified_time\" content=\"2023-04-01T15:22:24+00:00\" \/>\n<meta property=\"og:image\" content=\"https:\/\/ucm.one\/wp-content\/uploads\/2019\/08\/Z-Nation-Banner-5-Vorank\u00fcndigung.jpg\" \/>\n\t<meta property=\"og:image:width\" content=\"1920\" \/>\n\t<meta property=\"og:image:height\" content=\"600\" \/>\n\t<meta property=\"og:image:type\" content=\"image\/jpeg\" \/>\n<meta name=\"twitter:card\" content=\"summary_large_image\" \/>\n<meta name=\"twitter:label1\" content=\"Est. reading time\" \/>\n\t<meta name=\"twitter:data1\" content=\"10 minutes\" \/>\n<!-- \/ Yoast SEO plugin. -->","yoast_head_json":{"title":"Z Nation | M-Square Pictures - UCM.ONE","description":"The series \"Z Nation\" begins at a time when a zombie virus has almost completely eradicated humanity.","robots":{"index":"index","follow":"follow","max-snippet":"max-snippet:-1","max-image-preview":"max-image-preview:large","max-video-preview":"max-video-preview:-1"},"canonical":"https:\/\/ucm.one\/en\/z-nation\/","og_locale":"en_US","og_type":"article","og_title":"Z Nation | M-Square Pictures - UCM.ONE","og_description":"The series \"Z Nation\" begins at a time when a zombie virus has almost completely eradicated humanity.","og_url":"https:\/\/ucm.one\/en\/z-nation\/","og_site_name":"UCM.ONE","article_modified_time":"2023-04-01T15:22:24+00:00","og_image":[{"width":1920,"height":600,"url":"https:\/\/ucm.one\/wp-content\/uploads\/2019\/08\/Z-Nation-Banner-5-Vorank\u00fcndigung.jpg","type":"image\/jpeg"}],"twitter_card":"summary_large_image","twitter_misc":{"Est. reading time":"10 minutes"},"schema":{"@context":"https:\/\/schema.org","@graph":[{"@type":"WebPage","@id":"https:\/\/ucm.one\/en\/z-nation\/","url":"https:\/\/ucm.one\/en\/z-nation\/","name":"Z Nation | M-Square Pictures - UCM.ONE","isPartOf":{"@id":"https:\/\/ucm.one\/en\/#website"},"primaryImageOfPage":{"@id":"https:\/\/ucm.one\/en\/z-nation\/#primaryimage"},"image":{"@id":"https:\/\/ucm.one\/en\/z-nation\/#primaryimage"},"thumbnailUrl":"https:\/\/ucm.one\/wp-content\/uploads\/2019\/08\/Z-Nation-Banner-5-Vorank\u00fcndigung.jpg","datePublished":"2019-09-26T22:00:40+00:00","dateModified":"2023-04-01T15:22:24+00:00","description":"The series \"Z Nation\" begins at a time when a zombie virus has almost completely eradicated humanity.","breadcrumb":{"@id":"https:\/\/ucm.one\/en\/z-nation\/#breadcrumb"},"inLanguage":"en-US","potentialAction":[{"@type":"ReadAction","target":["https:\/\/ucm.one\/en\/z-nation\/"]}]},{"@type":"ImageObject","inLanguage":"en-US","@id":"https:\/\/ucm.one\/en\/z-nation\/#primaryimage","url":"https:\/\/ucm.one\/wp-content\/uploads\/2019\/08\/Z-Nation-Banner-5-Vorank\u00fcndigung.jpg","contentUrl":"https:\/\/ucm.one\/wp-content\/uploads\/2019\/08\/Z-Nation-Banner-5-Vorank\u00fcndigung.jpg","width":1920,"height":600},{"@type":"BreadcrumbList","@id":"https:\/\/ucm.one\/en\/z-nation\/#breadcrumb","itemListElement":[{"@type":"ListItem","position":1,"name":"Home","item":"https:\/\/ucm.one\/en\/"},{"@type":"ListItem","position":2,"name":"Z Nation | M-Square Pictures"}]},{"@type":"WebSite","@id":"https:\/\/ucm.one\/en\/#website","url":"https:\/\/ucm.one\/en\/","name":"UCM.ONE","description":"","publisher":{"@id":"https:\/\/ucm.one\/en\/#organization"},"potentialAction":[{"@type":"SearchAction","target":{"@type":"EntryPoint","urlTemplate":"https:\/\/ucm.one\/en\/?s={search_term_string}"},"query-input":{"@type":"PropertyValueSpecification","valueRequired":true,"valueName":"search_term_string"}}],"inLanguage":"en-US"},{"@type":"Organization","@id":"https:\/\/ucm.one\/en\/#organization","name":"UCM.ONE","url":"https:\/\/ucm.one\/en\/","logo":{"@type":"ImageObject","inLanguage":"en-US","@id":"https:\/\/ucm.one\/en\/#\/schema\/logo\/image\/","url":"https:\/\/ucm.one\/wp-content\/uploads\/2019\/10\/UCM.ONE-Logo-RGB.svg","contentUrl":"https:\/\/ucm.one\/wp-content\/uploads\/2019\/10\/UCM.ONE-Logo-RGB.svg","width":1,"height":1,"caption":"UCM.ONE"},"image":{"@id":"https:\/\/ucm.one\/en\/#\/schema\/logo\/image\/"}}]}},"_links":{"self":[{"href":"https:\/\/ucm.one\/en\/wp-json\/wp\/v2\/pages\/34466","targetHints":{"allow":["GET"]}}],"collection":[{"href":"https:\/\/ucm.one\/en\/wp-json\/wp\/v2\/pages"}],"about":[{"href":"https:\/\/ucm.one\/en\/wp-json\/wp\/v2\/types\/page"}],"author":[{"embeddable":true,"href":"https:\/\/ucm.one\/en\/wp-json\/wp\/v2\/users\/2"}],"replies":[{"embeddable":true,"href":"https:\/\/ucm.one\/en\/wp-json\/wp\/v2\/comments?post=34466"}],"version-history":[{"count":0,"href":"https:\/\/ucm.one\/en\/wp-json\/wp\/v2\/pages\/34466\/revisions"}],"wp:featuredmedia":[{"embeddable":true,"href":"https:\/\/ucm.one\/en\/wp-json\/wp\/v2\/media\/32171"}],"wp:attachment":[{"href":"https:\/\/ucm.one\/en\/wp-json\/wp\/v2\/media?parent=34466"}],"curies":[{"name":"wp","href":"https:\/\/api.w.org\/{rel}","templated":true}]}}