{"id":107303,"date":"2024-09-29T20:26:56","date_gmt":"2024-09-29T20:26:56","guid":{"rendered":"https:\/\/ucm.one\/martin-reads-the-quran-2024-by-jurijs-saule-artkeim%c2%b2\/"},"modified":"2025-11-02T15:08:50","modified_gmt":"2025-11-02T15:08:50","slug":"martin-reads-the-quran","status":"publish","type":"page","link":"https:\/\/ucm.one\/en\/martin-reads-the-quran\/","title":{"rendered":"Martin Reads the Quran (2024) by Jurijs Saule | Artkeim\u00b2"},"content":{"rendered":"<div class=\"wpb-content-wrapper\"><p>[vc_row][vc_column width=&#8221;3\/4&#8243; css=&#8221;.vc_custom_1561291995466{padding-right: 30px !important;}&#8221;][vc_column_text css=&#8221;&#8221;]<\/p>\n<h1><span style=\"color: #000000;\">Martin liest den Koran | <\/span><span style=\"color: #ffffff;\"><span style=\"color: #000000;\">Martin Reads the Quran<\/span>:<\/span><\/h1>\n<p>[\/vc_column_text][vc_column_text css=&#8221;&#8221;]<\/p>\n<div class=\"vc_row wpb_row vc_row-fluid\">\n<div class=\"wpb_column vc_column_container vc_col-sm-12\">\n<div class=\"vc_column-inner\">\n<div class=\"wpb_wrapper\">\n<div class=\"wpb_text_column wpb_content_element \">\n<div class=\"wpb_wrapper\">\n<p>A likeable family man with Iranian roots and a professor of Islamic studies. One asks the other to a conversation about faith and disbelief, good and evil and about the question of whether the precepts of the Koran are compatible with violence. What seems to begin harmlessly in the film \u2018<b>Martin Reads the Koran<\/b>\u2019 by <b>Jurijs Saule<\/b> develops into a mental showdown when the professor realises that his visitor is planning an attack \u2013 and is already arming the bomb. Nothing is certain, nothing is as it seems in this drama, which raises urgent questions about hatred and reconciliation, the causes of radicalisation, mutual respect and a world with and without God&#8230;<\/p>\n<\/div>\n<\/div>\n<\/div>\n<\/div>\n<\/div>\n<\/div>\n<p>[\/vc_column_text][vc_row_inner][vc_column_inner width=&#8221;1\/2&#8243;][vc_single_image image=&#8221;107211&#8243; img_size=&#8221;full&#8221; onclick=&#8221;link_image&#8221; css=&#8221;&#8221;][\/vc_column_inner][vc_column_inner width=&#8221;1\/2&#8243; css=&#8221;.vc_custom_1561290391124{border-right-width: -15px !important;}&#8221;][vc_single_image image=&#8221;107213&#8243; img_size=&#8221;full&#8221; onclick=&#8221;link_image&#8221; css=&#8221;&#8221;][\/vc_column_inner][\/vc_row_inner][vc_column_text css=&#8221;&#8221;]<\/p>\n<h3>Synopsis<\/h3>\n<div>\n<p>Martin is a 35-year-old family man with Iranian roots who has only been studying Islam for a year. He visits Professor Neuweiser, a professor of Islamic Studies, to tell him about the exciting terrorist attack he initiated this morning. Martin is confused when criticising terrorists because he believes that they only follow what is written in the Quran. Or can Professor Wise show Martin a passage that clearly forbids killing people with bombs? If not, Martin&#8217;s bomb will logically kill many people. The professor has no other weapon than the Koran itself, the word of God, to prove that violence is forbidden.<\/p>\n<\/div>\n<p>[\/vc_column_text][vc_column_text css=&#8221;&#8221;]<br \/>\nBut did Martin really just visit the professor to get the advice of a \u2018wise man\u2019 or is there something else behind the unannounced visit? Martin himself is the big mystery throughout the film, which only unfolds in its full emotional depth at the end \u2013 only to finally detonate in the hearts of the audience.<br \/>\n[\/vc_column_text][vc_row_inner][vc_column_inner css=&#8221;.vc_custom_1561290391124{border-right-width: -15px !important;}&#8221;][vc_single_image image=&#8221;107158&#8243; img_size=&#8221;full&#8221; onclick=&#8221;link_image&#8221; css=&#8221;&#8221;][\/vc_column_inner][\/vc_row_inner][vc_column_text css=&#8221;&#8221;]Can a professor of Islamic Studies prove to a crazed bomber named Martin that the Koran forbids violence? Can he stop a terrorist using only the word of God as a weapon, or will he have to use violence himself?[\/vc_column_text][vc_empty_space height=&#8221;10px&#8221;][vc_column_text css=&#8221;.vc_custom_1729724401998{margin-bottom: -12px !important;}&#8221;]<\/p>\n<h3><b>Director&#8217;s Note by Jurijs Saule<\/b><\/h3>\n<p>[\/vc_column_text][vc_empty_space height=&#8221;30px&#8221;][vc_column_text css=&#8221;&#8221;]<em>&#8220;The challenge of this film was to go beyond the mere telling of a thriller: at its core is a real-time chamber play, actually a duel on an intellectual and emotional level. A seeker and a knower, locked in a physically and emotionally defined space that is also permeated by a real and growing threat.<\/em> <em>As a director, the challenge was to create the tension not only through external action, but through the subtle dynamics of the dialogues, the interaction of question and answer \u2013 thesis and antithesis.<\/em>[\/vc_column_text][vc_row_inner][vc_column_inner width=&#8221;1\/2&#8243; css=&#8221;.vc_custom_1561290391124{border-right-width: -15px !important;}&#8221;][vc_single_image image=&#8221;107234&#8243; img_size=&#8221;full&#8221; onclick=&#8221;link_image&#8221; css=&#8221;&#8221;][\/vc_column_inner][vc_column_inner width=&#8221;1\/2&#8243;][vc_single_image image=&#8221;107238&#8243; img_size=&#8221;full&#8221; onclick=&#8221;link_image&#8221; css=&#8221;&#8221;][\/vc_column_inner][\/vc_row_inner][vc_column_text css=&#8221;&#8221;]<em>The \u201cnarrowness\u201d of the scope, which is essentially reduced to the place of teaching (university), becomes an important dramaturgical tool: in this cramped setting, every camera movement, every glance, every gesture determines the emotional progress.<\/em> <em>The camera becomes a silent observer of this intellectual exchange, a seismograph of attitudes, assertions and hopes, repeatedly finding uncomfortable or unusual images, axes, framings.<\/em> <em>The aim is to make the invisible visible \u2013 the claim to absoluteness of beliefs and the doubts associated with them, and at the same time to ask general questions about faith, radicalization and moral limits \u2013 without slipping into didactic platitudes.<\/em>[\/vc_column_text][vc_column_text css=&#8221;&#8221;]<em>Wo verl\u00e4uft die Grenze zwischen Wahnsinn und \u00dcberzeugung, zwischen Behauptung und einer Ungewissheit, dass religi\u00f6se Schriften Gewalt vielleicht doch nicht rechtfertigen? I<\/em><em>n einer Welt, in der alles unsicher scheint, bleibt die gr\u00f6\u00dfte Herausforderung, das Verborgene mit der gleichen Spannung zu enth\u00fcllen wie das Offensichtliche. Das haben wir mit \u201eMartin liest den Koran\u201c versucht.<\/em>[\/vc_column_text][vc_empty_space height=&#8221;5px&#8221;][\/vc_column][vc_column width=&#8221;1\/4&#8243; css=&#8221;.vc_custom_1581030319933{margin-top: 15px !important;margin-bottom: 36px !important;background-color: #efefef !important;}&#8221;]<style type=\"text\/css\" data-type=\"the7_shortcodes-inline-css\">.shortcode-single-image-wrap.shortcode-single-image-c9d454c77d2afba61af95656e92216f3.enable-bg-rollover .rollover i,\n.shortcode-single-image-wrap.shortcode-single-image-c9d454c77d2afba61af95656e92216f3.enable-bg-rollover .rollover-video i {\n  background: -webkit-linear-gradient();\n  background: linear-gradient();\n}\n.shortcode-single-image-wrap.shortcode-single-image-c9d454c77d2afba61af95656e92216f3 .rollover-icon {\n  font-size: 32px;\n  color: #ffffff;\n  min-width: 44px;\n  min-height: 44px;\n  line-height: 44px;\n  border-radius: 100px;\n  border-style: solid;\n  border-width: 0px;\n}\n.dt-icon-bg-on.shortcode-single-image-wrap.shortcode-single-image-c9d454c77d2afba61af95656e92216f3 .rollover-icon {\n  background: rgba(255,255,255,0.3);\n  box-shadow: none;\n}<\/style><div class=\"shortcode-single-image-wrap shortcode-single-image-c9d454c77d2afba61af95656e92216f3 alignnone  vc_custom_1729787848550 enable-bg-rollover dt-icon-bg-off\" ><div class=\"shortcode-single-image\"><div class=\"fancy-media-wrap\" style=\"\"><a class=\"layzr-bg rollover rollover-zoom dt-pswp-item pswp-image\" href=\"https:\/\/ucm.one\/wp-content\/uploads\/2024\/10\/P-Martin-liest-den-Koran-Poster.jpg\" title=\"P Martin liest den Koran Poster\" data-dt-img-description=\"\" data-large_image_width=\"699\" data-large_image_height = \"1000\"  style=\"\"><img fetchpriority=\"high\" decoding=\"async\" class=\"preload-me lazy-load aspect\" src=\"data:image\/svg+xml,%3Csvg%20xmlns%3D&#39;http%3A%2F%2Fwww.w3.org%2F2000%2Fsvg&#39;%20viewBox%3D&#39;0%200%20699%20999&#39;%2F%3E\" data-src=\"https:\/\/ucm.one\/wp-content\/uploads\/2024\/10\/P-Martin-liest-den-Koran-Poster.jpg\" data-srcset=\"https:\/\/ucm.one\/wp-content\/uploads\/2024\/10\/P-Martin-liest-den-Koran-Poster.jpg 699w\" loading=\"eager\" style=\"--ratio: 699 \/ 999\" sizes=\"(max-width: 699px) 100vw, 699px\" width=\"699\" height=\"999\"  data-dt-location=\"https:\/\/ucm.one\/en\/martin-reads-the-quran\/p-martin-liest-den-koran-poster-2\/\" alt=\"\" \/><\/a><\/div><\/div><\/div>[vc_empty_space height=&#8221;10px&#8221;][vc_column_text css=&#8221;&#8221;]<b>Original title:<\/b> Martin liest den Koran<\/p>\n<p><b>Director:<\/b> Jurijs Saule<\/p>\n<p><b>Screenplay:<\/b> Michail Lurje, Jurijs Saule<\/p>\n<p><b>Producers:<\/b> Michail Lurje, Jurijs Saule<\/p>\n<p><b>Executive producer:<\/b> Julia Rovnik<\/p>\n<p><b>Actors:<\/b> Ulrich Tukur (Prof. Dr. Neuweiser), Zejhun Demirov (Martin Harirat), Sarah Sandeh (Aliyah Harirat), Alissia Krupsky (Jannetta Harirat), Prince Chughtai (Fahid Amrosi)<\/p>\n<p><b>Cinematography by:<\/b> Arsenij Gusev<\/p>\n<p><b>Film editor:<\/b> Jurijs Saule<\/p>\n<p><b>Assistant film editors:<\/b> Camilo Correa Costa, Mascha Kokina<\/p>\n<p><b>Sound:<\/b> Michael Kaczmarek (re-recording mixer) Adrian Lo (re-recording mixer \/ sound design), Jonas Vicent (recording\/dialogue editor \/ Foley artist)<\/p>\n<p><b>Music:<\/b> Raphael Schalz<\/p>\n<p><b>Genres:<\/b> Drama, Thriller<\/p>\n<p><b>Production company:<\/b> Blobel Film<\/p>\n<p><b>Country of production:<\/b> Germany<\/p>\n<p><b>Year of production:<\/b> 2024<\/p>\n<p><b>Language:<\/b> German<\/p>\n<p><b>Subtitles:<\/b> English, German (partial subtitles)<\/p>\n<p><b>Rating:<\/b> FSK 16 (descriptors: violence, injury)<\/p>\n<p><b>Length:<\/b> 106 minutes<\/p>\n<p><b>Aspect ratio:<\/b> 1.5:1<\/p>\n<p><b>Resolution: <\/b>3240&#215;2160 (1620&#215;1080)<\/p>\n<p><b>Sound:<\/b> 5.1 (DCP)[\/vc_column_text][vc_separator color=&#8221;custom&#8221; accent_color=&#8221;#a0a0a0&#8243;][vc_column_text css=&#8221;&#8221;]<b>Premiere:<\/b><\/p>\n<p>58th Hof International Film Festival 2024, Germany[\/vc_column_text][vc_separator color=&#8221;custom&#8221; accent_color=&#8221;#a0a0a0&#8243;][vc_column_text css=&#8221;&#8221;]<em>Other titles:<\/em><\/p>\n<p><b>German: <\/b>Martin liest den Koran<\/p>\n<p><b>English:<\/b> Martin Reads the Quran<\/p>\n<p><b>Spanish:<\/b> Martin lee el Cor\u00e1n[\/vc_column_text][vc_separator color=&#8221;custom&#8221; accent_color=&#8221;#a0a0a0&#8243;][vc_column_text css=&#8221;&#8221;]<b>Film label:<\/b> Artkeim\u00b2<\/p>\n<p><b>Distribution:<\/b> <b>UCM.ONE<\/b><\/p>\n<p><b>Theatrical release: <\/b>November 7, 2024[\/vc_column_text][vc_separator color=&#8221;custom&#8221; accent_color=&#8221;#a0a0a0&#8243;][vc_btn title=&#8221;Press Material&#8221; color=&#8221;white&#8221; size=&#8221;sm&#8221; align=&#8221;center&#8221; i_icon_fontawesome=&#8221;fas fa-download&#8221; css=&#8221;.vc_custom_1727643364799{margin-top: -15px !important;}&#8221; button_block=&#8221;true&#8221; add_icon=&#8221;true&#8221; link=&#8221;url:https%3A%2F%2Fwww.ucm.one%2Fpresse%2Fak_martin-liest-den-koran_presskit-de.zip|title:Martin%20liest%20den%20Koran%20Pressekit|rel:nofollow|&#8221;][\/vc_column][\/vc_row][vc_row][vc_column][vc_empty_space height=&#8221;5px&#8221;][vc_row_inner][vc_column_inner css=&#8221;.vc_custom_1561290391124{border-right-width: -15px !important;}&#8221;][vc_single_image image=&#8221;107168&#8243; img_size=&#8221;full&#8221; onclick=&#8221;link_image&#8221; css=&#8221;&#8221;][vc_column_text css=&#8221;.vc_custom_1729724651271{margin-bottom: -12px !important;}&#8221;]<\/p>\n<h3><strong>The 2022 Golden Lola for best screenplay goes to \u201cMartin reads the Quran\u201d.<\/strong><\/h3>\n<p>[\/vc_column_text][\/vc_column_inner][\/vc_row_inner][vc_empty_space height=&#8221;30px&#8221;][vc_column_text css=&#8221;&#8221;]On July 5, 2022, the Minister of State for Culture and the Media, <b>Claudia Roth<\/b>, presented the <i>\u201c<\/i><b><i>Golden Lola 2022 for the best unfilmed screenplay<\/i><\/b>\u201d to <b>Jurijs Saule<\/b> and <b>Michail Lurje<\/b> for \u201c<b>Martin reads the Quran<\/b>\u201d. The high-profile award was presented at the reception of the <b>Association of German Screenwriters<\/b> (<b>VDD<\/b>) for the film, which is a thriller and a discourse that, according to the jury, <i>\u201cposes pressing questions about hatred, reconciliation, the causes of radicalization, mindfulness, and a world with or without God.\u201d<\/i>[\/vc_column_text][vc_row_inner][vc_column_inner width=&#8221;1\/2&#8243; css=&#8221;.vc_custom_1561290391124{border-right-width: -15px !important;}&#8221;][vc_empty_space height=&#8221;5px&#8221;][vc_single_image image=&#8221;107806&#8243; img_size=&#8221;full&#8221; add_caption=&#8221;yes&#8221; alignment=&#8221;center&#8221; onclick=&#8221;link_image&#8221; css=&#8221;&#8221;][\/vc_column_inner][vc_column_inner width=&#8221;1\/2&#8243;][vc_column_text css=&#8221;&#8221;]VDD board member <b>Nicole Mosleh<\/b> emphasized: <i>\u201cScreenwriters reflect the world and sometimes show how it could be. We tell how things can continue despite everything.\u201d<\/i>[\/vc_column_text][vc_column_text css=&#8221;&#8221;]The <b><i>German Screenplay Award<\/i><\/b> is the most important and most highly endowed award for screenwriters in Germany and has been presented since 1988.[\/vc_column_text][vc_column_text css=&#8221;&#8221;]Jury statement: &#8220;<i>A highly suspenseful, provocative psychological tightrope act that plays with the audience&#8217;s expectations in a virtuoso manner and consistently subverts them.\u201d<\/i>[\/vc_column_text][vc_column_text css=&#8221;&#8221;]The jury consisted of screenwriter <b>Brigitte Drodtloff<\/b>, director, writer and film producer <b>Florian Eichinger<\/b>, author <b>Susanne Finken<\/b>, director, screenwriter and film producer <b>Uwe Janson<\/b>, screenwriter <b>Sven Poser<\/b> and author and screenwriter <b>Vanessa Walder<\/b>.[\/vc_column_text][\/vc_column_inner][\/vc_row_inner][vc_empty_space height=&#8221;15px&#8221;][vc_column_text css=&#8221;.vc_custom_1727649168377{margin-bottom: -12px !important;}&#8221;]<span style=\"font-size: 14pt;\">Directors, writers and producers<\/span>[\/vc_column_text][vc_empty_space][vc_row_inner][vc_column_inner width=&#8221;1\/4&#8243; css=&#8221;.vc_custom_1561290391124{border-right-width: -15px !important;}&#8221;][vc_empty_space height=&#8221;5px&#8221;][vc_single_image image=&#8221;107225&#8243; img_size=&#8221;full&#8221; add_caption=&#8221;yes&#8221; alignment=&#8221;center&#8221; onclick=&#8221;link_image&#8221; css=&#8221;&#8221;][\/vc_column_inner][vc_column_inner width=&#8221;2\/4&#8243;][vc_column_text css=&#8221;&#8221;]<\/p>\n<h3 style=\"font-weight: 400;\"><strong>Jurijs Saule <\/strong><strong>(director, editor, co-author, co-producer)<\/strong><\/h3>\n<p><b>Jurijs Saule<\/b> was born in Riga, former USSR, in 1985 and studied Slavic languages and literature as well as mathematics (MA) at the Humboldt University in Berlin. <b>Jurijs Saule<\/b> is a member of the <b>German Film Academy.<\/b><br \/>\n[\/vc_column_text][vc_column_text css=&#8221;.vc_custom_1723390884750{margin-top: -10px !important;margin-bottom: 0px !important;}&#8221;]<span style=\"font-size: 12pt;\">Filmography (selection)<\/span>[\/vc_column_text][vc_column_text css=&#8221;.vc_custom_1727649265743{margin-bottom: 0px !important;padding-top: 12px !important;padding-right: 12px !important;padding-bottom: 12px !important;padding-left: 12px !important;background-color: #ffffff !important;border-radius: 5px !important;}&#8221;]<\/p>\n<table style=\"height: 30px; width: 100%; border-collapse: collapse;\">\n<tbody>\n<tr style=\"height: 45px;\">\n<td style=\"width: 11.932064%; height: 10px; vertical-align: top;\">2024<\/td>\n<td style=\"width: 88.067936%; height: 10px; vertical-align: top;\">Martin liest den Koran (<span style=\"font-family: inherit; font-size: inherit;\">feature film<\/span>)<\/td>\n<\/tr>\n<tr style=\"height: 43px;\">\n<td style=\"width: 11.932064%; height: 10px; vertical-align: top;\">2019<\/td>\n<td style=\"width: 88.067936%; height: 10px; vertical-align: top;\">\n<div><span lang=\"EN-US\">Souls for Sale <\/span>(short film)<\/div>\n<\/td>\n<\/tr>\n<tr style=\"height: 32px;\">\n<td style=\"width: 11.932064%; height: 10px; vertical-align: top;\">2009<\/td>\n<td style=\"width: 88.067936%; height: 10px; vertical-align: top;\">\n<p style=\"font-weight: 400;\">Chaconne (short film), Film adaptation of the novel by Franz Kafka<\/p>\n<\/td>\n<\/tr>\n<\/tbody>\n<\/table>\n<p>[\/vc_column_text][vc_empty_space height=&#8221;15px&#8221;][vc_column_text css=&#8221;&#8221;]<\/p>\n<h3 style=\"font-weight: 400;\"><strong>Michail Lurje <\/strong><strong>(author, co-producer)<\/strong><\/h3>\n<p><b>Michail Lurje<\/b> was born in the former USSR in 1985 and studied literature and philosophy at the Freie Universit\u00e4t Berlin. <b>Michail Lurje<\/b> is a member of the <b>German Film Academy<\/b>.<br \/>\n[\/vc_column_text][\/vc_column_inner][vc_column_inner width=&#8221;1\/4&#8243;][vc_empty_space height=&#8221;5px&#8221;][vc_single_image image=&#8221;107227&#8243; img_size=&#8221;full&#8221; add_caption=&#8221;yes&#8221; alignment=&#8221;center&#8221; onclick=&#8221;link_image&#8221; css=&#8221;&#8221;][\/vc_column_inner][\/vc_row_inner][vc_empty_space height=&#8221;20px&#8221;][vc_row_inner][vc_column_inner][vc_column_text css=&#8221;.vc_custom_1727649777705{margin-bottom: -12px !important;}&#8221;]<\/p>\n<h3>About <b>Ulrich Tukur<\/b> (role: Prof Neuweiser)<\/h3>\n<p>[\/vc_column_text][vc_empty_space height=&#8221;25px&#8221;][vc_column_text css=&#8221;&#8221;]Born in Viernheim, Hesse, in 1957, <b>Ulrich Tukur<\/b> initially began studying German and English at the <b>University of T\u00fcbingen<\/b>. After being discovered for the theatre, he switched to the State University of Music and the Performing Arts in Stuttgart in 1980 to study acting. While still a student, he landed his first film role through <b>Michael Verhoeve<\/b>n: in 1982, he played resistance fighter <i>Willi Graf<\/i>, a member of the circle around the <b>Scholl siblings <\/b>who opposed the Nazi regime, in \u2018The White Rose\u2019.[\/vc_column_text][vc_single_image image=&#8221;107186&#8243; img_size=&#8221;full&#8221; onclick=&#8221;link_image&#8221; css=&#8221;&#8221;][vc_column_text css=&#8221;&#8221;]During a performance in Munich of <b>Ferdinand Bruckner&#8217;s \u2018Krankheit der Jugend\u2019<\/b> (Youth&#8217;s Disease), the renowned director <b>Peter Zadek<\/b> became aware of <b>Ulrich Tukur<\/b>r, which led to a long-standing artistic collaboration. This collaboration led to <b>Tukur<\/b>\u2018s breakthrough in theatre in 1984. Under <b>Peter Zadek<\/b>\u2019s direction, he first played the role of SS officer <i>Kittel<\/i> in <b>Joshua Sobol&#8217;s Ghetto<\/b> at the <b>Freie Volksb\u00fchne Berlin<\/b>. Subsequently, the <b>Deutsches Schauspielhaus<\/b> in Hamburg became the artistic home of both of them from 1985 to 1995, with <b>Ulrich Tukur<\/b> excelling in numerous leading and supporting roles. He received particular acclaim for his performances in <b>Shakespeare&#8217;s \u2018As You Like It<\/b>\u2019, as <i>Marc Antony<\/i> in \u2018<b>Julius Caesar<\/b>\u2019, as <i>Alwa Sch\u00f6n<\/i> in <b>Frank Wedekind<\/b>\u2018s <b>\u2019Lulu\u2019 and \u201cHamlet<\/b>\u201d, directed by <b>Michael Bogdanov<\/b>. In 1986, he was named <b>Actor of the Year<\/b> by German theatre critics.[\/vc_column_text][vc_column_text css=&#8221;&#8221;]From 1995 to 2003, <b>Ulrich Tukur<\/b> and <b>Ulrich Waller<\/b> co-directed the <b>Hamburg Kammerspiele<\/b>. He opened the theatre in the role of <i>Beckmann<\/i> in <b>Wolfgang Borchert&#8217;s The Day Outside the Window, Everyman<\/b> at the <b>Salzburg Festival<\/b>.[\/vc_column_text][\/vc_column_inner][\/vc_row_inner][vc_row_inner][vc_column_inner width=&#8221;1\/2&#8243;][vc_single_image image=&#8221;107255&#8243; img_size=&#8221;full&#8221; onclick=&#8221;link_image&#8221; css=&#8221;&#8221;][\/vc_column_inner][vc_column_inner width=&#8221;1\/2&#8243; css=&#8221;.vc_custom_1561290391124{border-right-width: -15px !important;}&#8221;][vc_single_image image=&#8221;107253&#8243; img_size=&#8221;full&#8221; onclick=&#8221;link_image&#8221; css=&#8221;&#8221;][\/vc_column_inner][\/vc_row_inner][vc_column_text css=&#8221;&#8221;]<b>Ulrich Tukur<\/b> achieved international fame in the film world in 2006 for his role as Lieutenant Colonel <i>Anton Grubitz<\/i> in the <b>Oscar-winning The Life of Others<\/b>. In August 2009, it was announced that <b>Ulrich Tukur<\/b> would take on the role of <b>Felix Murot<\/b>, a detective in the crime series Tatort, for the <b>Hessischer Rundfunk<\/b>. On 28 November 2010, the 40th anniversary of the \u2018<b>Tatort\u2019<\/b>, the first episode with him in this role was broadcast.[\/vc_column_text][vc_empty_space height=&#8221;7px&#8221;][vc_row_inner][vc_column_inner][vc_column_text css=&#8221;.vc_custom_1723390884750{margin-top: -10px !important;margin-bottom: 0px !important;}&#8221;]<span style=\"font-size: 12pt;\">Filmography (selection)<\/span>[\/vc_column_text][\/vc_column_inner][\/vc_row_inner][vc_empty_space height=&#8221;35px&#8221;][vc_row_inner][vc_column_inner width=&#8221;1\/2&#8243;][vc_empty_space height=&#8221;-25px&#8221;][vc_column_text css=&#8221;.vc_custom_1727657386161{margin-top: -25px !important;margin-bottom: 0px !important;padding-top: 12px !important;padding-right: 12px !important;padding-bottom: 12px !important;padding-left: 12px !important;background-color: #ffffff !important;border-radius: 5px !important;}&#8221;]<\/p>\n<table style=\"height: 434px; width: 100%; border-collapse: collapse;\">\n<tbody>\n<tr style=\"height: 45px;\">\n<td style=\"width: 11.932064%; height: 20px; vertical-align: top;\" rowspan=\"2\">2024<\/td>\n<td style=\"width: 88.067936%; height: 10px; vertical-align: top;\">Martin liest den Koran (R: Jurijs Saule)<\/td>\n<\/tr>\n<tr style=\"height: 43px;\">\n<td style=\"width: 88.067936%; height: 10px; vertical-align: top;\">Letzte Spur Berlin (R: G\u00fcnther Machmann)<\/td>\n<\/tr>\n<tr style=\"height: 32px;\">\n<td style=\"width: 11.932064%; height: 20px; vertical-align: top;\" rowspan=\"2\">2022<\/td>\n<td style=\"width: 88.067936%; height: 10px; vertical-align: top;\">Die Geschichte der Menschheit \u2013 leicht gek\u00fcrzt (R: Erik Haffner)<\/td>\n<\/tr>\n<tr style=\"height: 10px;\">\n<td style=\"width: 88.067936%; vertical-align: top; height: 10px;\">Mehr denn je (Plus que jamais) (R: Emily Atef)<\/td>\n<\/tr>\n<tr style=\"height: 10px;\">\n<td style=\"width: 11.932064%; vertical-align: top; height: 10px;\">2021<\/td>\n<td style=\"width: 88.067936%; vertical-align: top; height: 10px;\">Es ist nur eine Phase, Hase (R: Florian Gallenberger)<\/td>\n<\/tr>\n<tr style=\"height: 10px;\">\n<td style=\"width: 11.932064%; vertical-align: top; height: 10px;\">2020<\/td>\n<td style=\"width: 88.067936%; vertical-align: top; height: 10px;\">Der \u00dcberl\u00e4ufer (R: Florian Gallenberger)<\/td>\n<\/tr>\n<tr style=\"height: 22px;\">\n<td style=\"width: 11.932064%; vertical-align: top; height: 22px;\" rowspan=\"2\">2019<\/td>\n<td style=\"width: 88.067936%; vertical-align: top; height: 22px;\">Und wer nimmt den Hund? (R: Rainer Kaufmann)<\/td>\n<\/tr>\n<tr style=\"height: 22px;\">\n<td style=\"width: 88.067936%; vertical-align: top; height: 22px;\">Adults in the room (R: Costa-Gavras)<\/td>\n<\/tr>\n<tr style=\"height: 22px;\">\n<td style=\"width: 11.932064%; vertical-align: top; height: 22px;\">2018<\/td>\n<td style=\"width: 88.067936%; vertical-align: top; height: 22px;\">Gr\u00fcner wird\u2019s nicht, sagte der G\u00e4rtner und flog davon (R: Florian Gallenberger)<\/td>\n<\/tr>\n<tr style=\"height: 22px;\">\n<td style=\"width: 11.932064%; vertical-align: top; height: 22px;\">2017<\/td>\n<td style=\"width: 88.067936%; vertical-align: top; height: 22px;\">Aus dem Nichts (R: Fatih Akin)<\/td>\n<\/tr>\n<tr style=\"height: 22px;\">\n<td style=\"width: 11.932064%; vertical-align: top; height: 22px;\">2016<\/td>\n<td style=\"width: 88.067936%; vertical-align: top; height: 22px;\">Glei\u00dfendes Gl\u00fcck (R: Sven Taddicken)<\/td>\n<\/tr>\n<tr style=\"height: 22px;\">\n<td style=\"width: 11.932064%; vertical-align: top; height: 22px;\">2014<\/td>\n<td style=\"width: 88.067936%; vertical-align: top; height: 22px;\">Wochenenden in der Normandie (Week-ends) (Regie: Anne Villac\u00e8que)<\/td>\n<\/tr>\n<tr style=\"height: 22px;\">\n<td style=\"width: 11.932064%; vertical-align: top; height: 22px;\" rowspan=\"2\">2013<\/td>\n<td style=\"width: 88.067936%; vertical-align: top; height: 22px;\">Exit Marrakech (R: Caroline Link)<\/td>\n<\/tr>\n<tr style=\"height: 22px;\">\n<td style=\"width: 88.067936%; vertical-align: top; height: 22px;\">Houston (R: Bastian G\u00fcnther)<\/td>\n<\/tr>\n<tr style=\"height: 22px;\">\n<td style=\"width: 11.932064%; vertical-align: top; height: 22px;\">2012<\/td>\n<td style=\"width: 88.067936%; vertical-align: top; height: 22px;\">Zettl (R: Helmut Dietl)<\/td>\n<\/tr>\n<tr style=\"height: 22px;\">\n<td style=\"width: 11.932064%; vertical-align: top; height: 22px;\" rowspan=\"2\">2011<\/td>\n<td style=\"width: 88.067936%; vertical-align: top; height: 22px;\">Das Schwein von Gaza (R: Sylvain Estibal)<\/td>\n<\/tr>\n<tr style=\"height: 22px;\">\n<td style=\"width: 88.067936%; vertical-align: top; height: 22px;\">Largo Winch II \u2013 Die Burma Verschw\u00f6rung (R: J\u00e9r\u00f4me Salle)<\/td>\n<\/tr>\n<tr style=\"height: 22px;\">\n<td style=\"width: 11.932064%; vertical-align: top; height: 22px;\">2010<\/td>\n<td style=\"width: 88.067936%; vertical-align: top; height: 22px;\">Der gro\u00dfe Kater (R: Wolfgang Panzer)<\/td>\n<\/tr>\n<tr style=\"height: 22px;\">\n<td style=\"width: 11.932064%; vertical-align: top; height: 22px;\" rowspan=\"5\">2009<\/td>\n<td style=\"width: 88.067936%; vertical-align: top; height: 22px;\">Mitten im Sturm (R: Marleen Gorris)<\/td>\n<\/tr>\n<tr style=\"height: 22px;\">\n<td style=\"width: 88.067936%; vertical-align: top; height: 22px;\">Das wei\u00dfe Band \u2013 Eine deutsche Kindergeschichte (R: Michael Haneke)<\/td>\n<\/tr>\n<tr style=\"height: 22px;\">\n<td style=\"width: 88.067936%; vertical-align: top; height: 22px;\">Eden is West (Eden \u00e0 l\u2019Ouest) (R: Costa-Gavras)<\/td>\n<\/tr>\n<tr style=\"height: 22px;\">\n<td style=\"width: 88.067936%; vertical-align: top; height: 22px;\">Das Vaterspiel (R: Michael Glawogger)<\/td>\n<\/tr>\n<tr style=\"height: 22px;\">\n<td style=\"width: 88.067936%; vertical-align: top; height: 22px;\">John Rabe (R: Florian Gallenberger)<\/td>\n<\/tr>\n<\/tbody>\n<\/table>\n<p>[\/vc_column_text][\/vc_column_inner][vc_column_inner width=&#8221;1\/2&#8243;][vc_empty_space height=&#8221;-25px&#8221;][vc_column_text css=&#8221;.vc_custom_1727657468827{margin-top: -25px !important;margin-bottom: 0px !important;padding-top: 12px !important;padding-right: 12px !important;padding-bottom: 12px !important;padding-left: 12px !important;background-color: #ffffff !important;border-radius: 5px !important;}&#8221;]<\/p>\n<table style=\"height: 446px; width: 100%; border-collapse: collapse;\">\n<tbody>\n<tr style=\"height: 22px;\">\n<td style=\"width: 11.932064%; vertical-align: top; height: 32px;\" rowspan=\"2\">2008<\/td>\n<td style=\"width: 88.067936%; vertical-align: top; height: 22px;\">S\u00e9raphine (R: Martin Provost)<\/td>\n<\/tr>\n<tr style=\"height: 43px;\">\n<td style=\"width: 88.067936%; height: 10px; vertical-align: top;\">Nordwand (R: Philipp St\u00f6lzl)<\/td>\n<\/tr>\n<tr style=\"height: 32px;\">\n<td style=\"width: 11.932064%; height: 10px; vertical-align: top;\" rowspan=\"2\">2007<\/td>\n<td style=\"width: 88.067936%; height: 10px; vertical-align: top;\">Ein fliehendes Pferd (R: Rainer Kaufmann)<\/td>\n<\/tr>\n<tr style=\"height: 10px;\">\n<td style=\"width: 88.067936%; vertical-align: top; height: 10px;\">42plus (R: Sabine Derflinger)<\/td>\n<\/tr>\n<tr style=\"height: 10px;\">\n<td style=\"width: 11.932064%; vertical-align: top; height: 10px;\">2006<\/td>\n<td style=\"width: 88.067936%; vertical-align: top; height: 10px;\">Das Leben der Anderen (R: Florian Henckel von Donnersmarck)<\/td>\n<\/tr>\n<tr style=\"height: 10px;\">\n<td style=\"width: 11.932064%; vertical-align: top; height: 10px;\">2005<\/td>\n<td style=\"width: 88.067936%; vertical-align: top; height: 10px;\">Die Axt (Le couperet) (R: Costa-Gavras)<\/td>\n<\/tr>\n<tr style=\"height: 22px;\">\n<td style=\"width: 11.932064%; vertical-align: top; height: 22px;\" rowspan=\"2\">2002<\/td>\n<td style=\"width: 88.067936%; vertical-align: top; height: 22px;\">Solaris (R: Steven Soderbergh)<\/td>\n<\/tr>\n<tr style=\"height: 22px;\">\n<td style=\"width: 88.067936%; vertical-align: top; height: 22px;\">Der Stellvertreter (R: Costa-Gavras)<\/td>\n<\/tr>\n<tr style=\"height: 22px;\">\n<td style=\"width: 11.932064%; vertical-align: top; height: 22px;\">2001<\/td>\n<td style=\"width: 88.067936%; vertical-align: top; height: 22px;\">Taking Sides \u2013 Der Fall Furtw\u00e4ngler (R: Istv\u00e1n Szab\u00f3)<\/td>\n<\/tr>\n<tr style=\"height: 22px;\">\n<td style=\"width: 11.932064%; vertical-align: top; height: 22px;\">2000<\/td>\n<td style=\"width: 88.067936%; vertical-align: top; height: 22px;\">Heimkehr der J\u00e4ger(R: Michael Kreihsl)<\/td>\n<\/tr>\n<tr style=\"height: 22px;\">\n<td style=\"width: 11.932064%; vertical-align: top; height: 22px;\" rowspan=\"2\">1996<\/td>\n<td style=\"width: 88.067936%; vertical-align: top; height: 22px;\">Beim n\u00e4chsten Ku\u00df knall\u2019 ich ihn nieder (R: Hans-Christoph Blumenberg)<\/td>\n<\/tr>\n<tr style=\"height: 22px;\">\n<td style=\"width: 88.067936%; vertical-align: top; height: 22px;\">Charms Zwischenf\u00e4lle (Regie: Michael Kreihsl)<\/td>\n<\/tr>\n<tr style=\"height: 22px;\">\n<td style=\"width: 11.932064%; vertical-align: top; height: 22px;\" rowspan=\"2\">1995<\/td>\n<td style=\"width: 88.067936%; vertical-align: top; height: 22px;\">Tr\u00e4nen aus Stein (R: Hilmar Oddsson)<\/td>\n<\/tr>\n<tr style=\"height: 22px;\">\n<td style=\"width: 88.067936%; vertical-align: top; height: 22px;\">utters Courage (R: Michel Verhoeven)<\/td>\n<\/tr>\n<tr style=\"height: 22px;\">\n<td style=\"width: 11.932064%; vertical-align: top; height: 22px;\">1994<\/td>\n<td style=\"width: 88.067936%; vertical-align: top; height: 22px;\">Rotwang mu\u00df weg! (R: Hans-Christoph Blumenberg)<\/td>\n<\/tr>\n<tr style=\"height: 22px;\">\n<td style=\"width: 11.932064%; vertical-align: top; height: 22px;\">1993<\/td>\n<td style=\"width: 88.067936%; vertical-align: top; height: 22px;\">Wehner \u2013 die unerz\u00e4hlte Geschichte (R:Heinrich Breloer)<\/td>\n<\/tr>\n<tr style=\"height: 22px;\">\n<td style=\"width: 11.932064%; vertical-align: top; height: 22px;\" rowspan=\"2\">1992<\/td>\n<td style=\"width: 88.067936%; vertical-align: top; height: 22px;\">Die Spur des Bernsteinzimmers (R. Roland Gr\u00e4f)<\/td>\n<\/tr>\n<tr style=\"height: 22px;\">\n<td style=\"width: 88.067936%; vertical-align: top; height: 22px;\">er demokratische Terrorist( R. Peer Berglund)<\/td>\n<\/tr>\n<tr style=\"height: 22px;\">\n<td style=\"width: 11.932064%; vertical-align: top; height: 22px;\" rowspan=\"2\">1988<\/td>\n<td style=\"width: 88.067936%; vertical-align: top; height: 22px;\">Felix (Episodenfilm; Regie: Christel Buschmann, Helke Sander, Helma Sanders-Brahms, Margarethe von Trotta)<\/td>\n<\/tr>\n<tr style=\"height: 22px;\">\n<td style=\"width: 88.067936%; vertical-align: top; height: 22px;\">Ballhaus Barmbek (R: Christel Buschmann)<\/td>\n<\/tr>\n<tr style=\"height: 22px;\">\n<td style=\"width: 11.932064%; vertical-align: top; height: 22px;\">1984<\/td>\n<td style=\"width: 88.067936%; vertical-align: top; height: 22px;\">Die Story (R: Eckhart Schmidt)<\/td>\n<\/tr>\n<tr style=\"height: 22px;\">\n<td style=\"width: 11.932064%; vertical-align: top; height: 22px;\">1983<\/td>\n<td style=\"width: 88.067936%; vertical-align: top; height: 22px;\">Die Schaukel (R: Percy Adlon)<\/td>\n<\/tr>\n<tr style=\"height: 22px;\">\n<td style=\"width: 11.932064%; vertical-align: top; height: 22px;\">1982<\/td>\n<td style=\"width: 88.067936%; vertical-align: top; height: 22px;\">Die wei\u00dfe Rose (R: Michael Verhoeven)<\/td>\n<\/tr>\n<\/tbody>\n<\/table>\n<p>[\/vc_column_text][\/vc_column_inner][\/vc_row_inner][vc_empty_space height=&#8221;25px&#8221;][vc_row_inner][vc_column_inner width=&#8221;1\/3&#8243; css=&#8221;.vc_custom_1561290391124{border-right-width: -15px !important;}&#8221;][vc_single_image image=&#8221;107259&#8243; img_size=&#8221;full&#8221; onclick=&#8221;link_image&#8221; css=&#8221;&#8221;][\/vc_column_inner][vc_column_inner width=&#8221;1\/3&#8243;][vc_single_image image=&#8221;107261&#8243; img_size=&#8221;full&#8221; onclick=&#8221;link_image&#8221; css=&#8221;&#8221;][\/vc_column_inner][vc_column_inner width=&#8221;1\/3&#8243;][vc_single_image image=&#8221;107257&#8243; img_size=&#8221;full&#8221; onclick=&#8221;link_image&#8221; css=&#8221;&#8221;][\/vc_column_inner][\/vc_row_inner][vc_empty_space height=&#8221;20px&#8221;][vc_row_inner][vc_column_inner][vc_column_text css=&#8221;.vc_custom_1727653432284{margin-bottom: 15px !important;}&#8221;]<\/p>\n<h3>About Zejhun Demirov <span style=\"font-size: 12pt;\">(role: Martin)<\/span><\/h3>\n<p>[\/vc_column_text][vc_column_text css=&#8221;.vc_custom_1727652913904{margin-bottom: 0px !important;}&#8221;]<br \/>\nBorn in D\u00fcsseldorf in 1992, he began his acting career under the direction of <b>Petra Lammerts<\/b> and <b>Jean-Luc Bubert<\/b> in the youth club of the D\u00fcsseldorf Schauspielhaus. From 2009 to 2016, he played the student <i>Mehmet Yilmaz<\/i> in the <b>RT<\/b>L series \u2018<b>The Teacher<\/b>\u2019. He appeared in a supporting role in a feature film for the first time in 2011, in the <b>ORF<\/b> production \u2018<b>Kebab<\/b>\u2019.<br \/>\n[\/vc_column_text][vc_empty_space height=&#8221;20px&#8221;][\/vc_column_inner][\/vc_row_inner][vc_row_inner][vc_column_inner css=&#8221;.vc_custom_1561290391124{border-right-width: -15px !important;}&#8221;][vc_single_image image=&#8221;107170&#8243; img_size=&#8221;full&#8221; onclick=&#8221;link_image&#8221; css=&#8221;&#8221;][\/vc_column_inner][\/vc_row_inner][vc_column_text css=&#8221;&#8221;]<br \/>\nIn 2018, he was awarded the <b>G\u00f6tz George Young Talent Award<\/b> of the <b>First Steps Film Prize<\/b> for his acting performance in the film \u2018<b>Oray<\/b>\u2019, in which he played the role of the young Muslim <i>Oray<\/i>. In 2020, he was in front of the camera during the shooting of the <b>Tatort<\/b> episode \u2018<b>Rettung so nah<\/b>\u2019.<br \/>\n[\/vc_column_text][vc_empty_space height=&#8221;7px&#8221;][vc_column_text css=&#8221;.vc_custom_1723390884750{margin-top: -10px !important;margin-bottom: 0px !important;}&#8221;]<span style=\"font-size: 12pt;\">Filmography (selection)<\/span>[\/vc_column_text][vc_empty_space height=&#8221;35px&#8221;][vc_row_inner][vc_column_inner width=&#8221;1\/2&#8243;][vc_empty_space height=&#8221;-25px&#8221;][vc_column_text css=&#8221;.vc_custom_1727657508187{margin-top: -25px !important;margin-bottom: 0px !important;padding-top: 12px !important;padding-right: 12px !important;padding-bottom: 12px !important;padding-left: 12px !important;background-color: #ffffff !important;border-radius: 5px !important;}&#8221;]<\/p>\n<table style=\"height: 82px; width: 100%; border-collapse: collapse;\">\n<tbody>\n<tr style=\"height: 45px;\">\n<td style=\"width: 11.932064%; height: 10px; vertical-align: top;\">2024<\/td>\n<td style=\"width: 88.067936%; height: 10px; vertical-align: top;\">Martin liest den Koran (R: Jurijs Saule)<\/td>\n<\/tr>\n<tr style=\"height: 43px;\">\n<td style=\"width: 11.932064%; height: 20px; vertical-align: top;\" rowspan=\"2\">2022<\/td>\n<td style=\"width: 88.067936%; height: 10px; vertical-align: top;\">Zimmer mit Stall \u2013 So ein Zirkus<\/td>\n<\/tr>\n<tr style=\"height: 32px;\">\n<td style=\"width: 88.067936%; height: 10px; vertical-align: top;\">\n<p style=\"font-weight: 400;\">Axiom (R: J\u00f6ns J\u00f6nsson)<\/p>\n<\/td>\n<\/tr>\n<tr style=\"height: 10px;\">\n<td style=\"width: 11.932064%; vertical-align: top; height: 10px;\" rowspan=\"2\">2021<\/td>\n<td style=\"width: 88.067936%; vertical-align: top; height: 10px;\">Krass Klassenfahrt \u2013 Der Kinofilm (R: Felix Charin)<\/td>\n<\/tr>\n<tr style=\"height: 10px;\">\n<td style=\"width: 88.067936%; vertical-align: top; height: 10px;\">\n<p style=\"font-weight: 400;\">Tatort: Rettung so nah (Fernsehreihe) (R: Isabel Braak)<\/p>\n<\/td>\n<\/tr>\n<tr style=\"height: 32px;\">\n<td style=\"width: 11.932064%; vertical-align: top; height: 32px;\">2019<\/td>\n<td style=\"width: 88.067936%; vertical-align: top; height: 32px;\">\n<p style=\"font-weight: 400;\">M \u2013 Eine Stadt sucht einen M\u00f6rder (Fernsehserie, Folgen 1&#215;01, 1&#215;03\u20131&#215;06)<\/p>\n<\/td>\n<\/tr>\n<\/tbody>\n<\/table>\n<p>[\/vc_column_text][\/vc_column_inner][vc_column_inner width=&#8221;1\/2&#8243;][vc_empty_space height=&#8221;-25px&#8221;][vc_column_text css=&#8221;.vc_custom_1727657630168{margin-top: -25px !important;margin-bottom: 0px !important;padding-top: 12px !important;padding-right: 12px !important;padding-bottom: 12px !important;padding-left: 12px !important;background-color: #ffffff !important;border-radius: 5px !important;}&#8221;]<\/p>\n<table style=\"height: 50px; width: 100%; border-collapse: collapse;\">\n<tbody>\n<tr style=\"height: 45px;\">\n<td style=\"width: 11.932064%; height: 10px; vertical-align: top;\">2015<\/td>\n<td style=\"width: 88.067936%; height: 10px; vertical-align: top;\">\n<p style=\"font-weight: 400;\">Die Kleinen und die B\u00f6sen (R: Markus Sehr)<\/p>\n<\/td>\n<\/tr>\n<tr style=\"height: 43px;\">\n<td style=\"width: 11.932064%; height: 20px; vertical-align: top;\" rowspan=\"2\">2012<\/td>\n<td style=\"width: 88.067936%; height: 10px; vertical-align: top;\">Ein Fall f\u00fcr zwei (Fernsehserie, Folge 31&#215;12)<\/td>\n<\/tr>\n<tr style=\"height: 32px;\">\n<td style=\"width: 88.067936%; height: 10px; vertical-align: top;\">\n<p style=\"font-weight: 400;\">Little Thirteen (R: Christian Klandt)<\/p>\n<\/td>\n<\/tr>\n<tr style=\"height: 10px;\">\n<td style=\"width: 11.932064%; vertical-align: top; height: 10px;\">2011<\/td>\n<td style=\"width: 88.067936%; vertical-align: top; height: 10px;\">\n<p style=\"font-weight: 400;\">Kebab mit alles<\/p>\n<\/td>\n<\/tr>\n<tr style=\"height: 10px;\">\n<td style=\"width: 11.932064%; vertical-align: top; height: 10px;\">2009 &#8211; 2016<\/td>\n<td style=\"width: 88.067936%; vertical-align: top; height: 10px;\">\n<p style=\"font-weight: 400;\">Der Lehrer (Fernsehserie, 23 Folgen<\/p>\n<\/td>\n<\/tr>\n<\/tbody>\n<\/table>\n<p>[\/vc_column_text][\/vc_column_inner][\/vc_row_inner][vc_empty_space height=&#8221;25px&#8221;][vc_row_inner][vc_column_inner width=&#8221;1\/3&#8243; css=&#8221;.vc_custom_1561290391124{border-right-width: -15px !important;}&#8221;][vc_single_image image=&#8221;107270&#8243; img_size=&#8221;full&#8221; onclick=&#8221;link_image&#8221; css=&#8221;&#8221;][\/vc_column_inner][vc_column_inner width=&#8221;1\/3&#8243;][vc_single_image image=&#8221;107266&#8243; img_size=&#8221;full&#8221; onclick=&#8221;link_image&#8221; css=&#8221;&#8221;][\/vc_column_inner][vc_column_inner width=&#8221;1\/3&#8243;][vc_single_image image=&#8221;107264&#8243; img_size=&#8221;full&#8221; onclick=&#8221;link_image&#8221; css=&#8221;&#8221;][\/vc_column_inner][\/vc_row_inner][vc_empty_space height=&#8221;20px&#8221;][vc_row_inner][vc_column_inner][vc_column_text css=&#8221;.vc_custom_1727653706120{margin-bottom: 15px !important;}&#8221;]<\/p>\n<h3>About Sarah Sandeh (role: Aliyah)<\/h3>\n<p>[\/vc_column_text][\/vc_column_inner][\/vc_row_inner][vc_column_text css=&#8221;.vc_custom_1727654213992{margin-bottom: 15px !important;}&#8221;]<br \/>\nBorn in Darmstadt in 1980, she is the daughter of Iranian parents. Even before graduating from high school, she passed the acting entrance exam at the <b>School for the Creative and Performing Arts, Ohio<\/b>, USA, where she was able to take acting lessons alongside her academic studies on a scholarship in 1998\/99.<br \/>\n[\/vc_column_text][vc_empty_space height=&#8221;15px&#8221;][vc_row_inner][vc_column_inner width=&#8221;1\/4&#8243;][vc_empty_space height=&#8221;18px&#8221;][vc_single_image image=&#8221;107272&#8243; img_size=&#8221;full&#8221; onclick=&#8221;link_image&#8221; css=&#8221;&#8221;][\/vc_column_inner][vc_column_inner width=&#8221;3\/4&#8243;][vc_column_text css=&#8221;.vc_custom_1727654224189{margin-bottom: 0px !important;padding-top: 12px !important;padding-right: 12px !important;padding-bottom: 12px !important;padding-left: 12px !important;background-color: #ffffff !important;border-radius: 5px !important;}&#8221;]<br \/>\nAfter graduating from high school, she first studied psychology and theatre, film and media studies at the <b>Johann Wolfgang Goethe University<\/b> in Frankfurt am Main.<br \/>\n[\/vc_column_text][vc_column_text css=&#8221;.vc_custom_1727653923485{margin-bottom: 0px !important;padding-top: 12px !important;padding-right: 12px !important;padding-bottom: 12px !important;padding-left: 12px !important;background-color: #ffffff !important;border-radius: 5px !important;}&#8221;]<br \/>\nIn 2003, <b>Sarah Sandeh<\/b> transferred to the <b>Westphalian School of Drama in Bochum<\/b>, where she graduated with a diploma in acting in 2007. In 2011, she completed a course in film acting at the <b>Film Academy Baden-W\u00fcrttemberg<\/b> in Ludwigsburg that was specially tailored to young talents who had completed classical acting training.<br \/>\n[\/vc_column_text][vc_column_text css=&#8221;.vc_custom_1727654294783{margin-bottom: 0px !important;padding-top: 12px !important;padding-right: 12px !important;padding-bottom: 12px !important;padding-left: 12px !important;background-color: #ffffff !important;border-radius: 5px !important;}&#8221;]<br \/>\nIn addition to her work as a theatre actress, <b>Sarah Sandeh<\/b>, who cites<b> Rainer Werner Fassbinder<\/b> as a particular influence in terms of film, has appeared in front of the camera for various series and films, including the feature film \u2018<b>Hey Bunny<\/b>\u2019 and the <b>ARD<\/b> feature film \u2018<b>Hit Mom<\/b>\u2019. In the <b>Tatort<\/b> episode \u2018<b>Greed and Fear<\/b>\u2019, which aired for the first time on 2 January 2022 and stars investigators <i>Faber and B\u00f6nisch<\/i>, she played the widow of the murder victim, <i>Corinna Lembach<\/i>.<br \/>\n[\/vc_column_text][vc_column_text css=&#8221;.vc_custom_1727654303828{margin-bottom: 0px !important;padding-top: 12px !important;padding-right: 12px !important;padding-bottom: 12px !important;padding-left: 12px !important;background-color: #ffffff !important;border-radius: 5px !important;}&#8221;]<br \/>\n<b>Sarah Sandeh <\/b>played the role of <i>Aliyah<\/i> in the film \u2018<b>Martin liest den Koran<\/b>\u2019, which won the <b>German Screenplay Award<\/b> in 2022. She played <i>Miriam Kubitsche<\/i>k in episodes 73 and 74 of the crime series \u2018<b>WaPo Bodensee<\/b>\u2019, which aired on Das Erste in January 2023.<br \/>\n[\/vc_column_text][\/vc_column_inner][\/vc_row_inner][vc_empty_space height=&#8221;7px&#8221;][vc_column_text css=&#8221;.vc_custom_1723390884750{margin-top: -10px !important;margin-bottom: 0px !important;}&#8221;]<span style=\"font-size: 12pt;\">Filmography (selection)<\/span>[\/vc_column_text][vc_empty_space height=&#8221;35px&#8221;][vc_row_inner][vc_column_inner width=&#8221;1\/2&#8243;][vc_empty_space height=&#8221;-25px&#8221;][vc_column_text css=&#8221;.vc_custom_1727654839749{margin-top: -25px !important;margin-bottom: 0px !important;padding-top: 12px !important;padding-right: 12px !important;padding-bottom: 12px !important;padding-left: 12px !important;background-color: #ffffff !important;border-radius: 5px !important;}&#8221;]<\/p>\n<table style=\"height: 50px; width: 100%; border-collapse: collapse;\">\n<tbody>\n<tr style=\"height: 45px;\">\n<td style=\"width: 11.932064%; height: 10px; vertical-align: top;\">2024<\/td>\n<td style=\"width: 88.067936%; height: 10px; vertical-align: top;\">Martin liest den Koran (R: Jurijs Saule)<\/td>\n<\/tr>\n<tr style=\"height: 43px;\">\n<td style=\"width: 11.932064%; height: 10px; vertical-align: top;\">2023<\/td>\n<td style=\"width: 88.067936%; height: 10px; vertical-align: top;\">WaPo Bodensee, Krimiserie, ARD (Regie: Saskia Weisheit)<\/td>\n<\/tr>\n<tr style=\"height: 32px;\">\n<td style=\"width: 11.932064%; height: 10px; vertical-align: top;\">2022<\/td>\n<td style=\"width: 88.067936%; height: 10px; vertical-align: top;\">\n<p style=\"font-weight: 400;\">Tatort: Gier und Angst (Regie: Martin Eigler)<\/p>\n<\/td>\n<\/tr>\n<tr style=\"height: 10px;\">\n<td style=\"width: 11.932064%; vertical-align: top; height: 10px;\">2017<\/td>\n<td style=\"width: 88.067936%; vertical-align: top; height: 10px;\">Hit Mom \u2013 M\u00f6rderische Weihnachten, Spielfilm (Regie: Sebastian Marka<\/td>\n<\/tr>\n<tr style=\"height: 10px;\">\n<td style=\"width: 11.932064%; vertical-align: top; height: 10px;\">2016<\/td>\n<td style=\"width: 88.067936%; vertical-align: top; height: 10px;\">Hey Bunny, Spielfilm (Regie: Barnaby Metschurat)<\/td>\n<\/tr>\n<\/tbody>\n<\/table>\n<p>[\/vc_column_text][\/vc_column_inner][vc_column_inner width=&#8221;1\/2&#8243;][vc_empty_space height=&#8221;-25px&#8221;][vc_column_text css=&#8221;.vc_custom_1727654919036{margin-top: -25px !important;margin-bottom: 0px !important;padding-top: 12px !important;padding-right: 12px !important;padding-bottom: 12px !important;padding-left: 12px !important;background-color: #ffffff !important;border-radius: 5px !important;}&#8221;]<\/p>\n<table style=\"height: 40px; width: 100%; border-collapse: collapse;\">\n<tbody>\n<tr style=\"height: 45px;\">\n<td style=\"width: 11.932064%; height: 10px; vertical-align: top;\">2016<\/td>\n<td style=\"width: 88.067936%; height: 10px; vertical-align: top;\">\n<p style=\"font-weight: 400;\">Voodoo Lily, Spielfilm (Regie: Aleksey Lapin)<\/p>\n<\/td>\n<\/tr>\n<tr style=\"height: 43px;\">\n<td style=\"width: 11.932064%; height: 10px; vertical-align: top;\">2013<\/td>\n<td style=\"width: 88.067936%; height: 10px; vertical-align: top;\">\n<p style=\"font-weight: 400;\">Herz Spiele, Spielfilm (Regie: Michael Burghardt)<\/p>\n<\/td>\n<\/tr>\n<tr style=\"height: 32px;\">\n<td style=\"width: 11.932064%; height: 10px; vertical-align: top;\">2010<\/td>\n<td style=\"width: 88.067936%; height: 10px; vertical-align: top;\">\n<p style=\"font-weight: 400;\">Die Stein, Fernsehserie, ARD (Regie: Bettina W\u00f6rnle)<\/p>\n<\/td>\n<\/tr>\n<tr style=\"height: 10px;\">\n<td style=\"width: 11.932064%; vertical-align: top; height: 10px;\">2005<\/td>\n<td style=\"width: 88.067936%; vertical-align: top; height: 10px;\">\n<p style=\"font-weight: 400;\">Mein Leben &amp; Ich, Fernsehserie, RTL<\/p>\n<\/td>\n<\/tr>\n<\/tbody>\n<\/table>\n<p>[\/vc_column_text][\/vc_column_inner][\/vc_row_inner][vc_empty_space height=&#8221;35px&#8221;][vc_row_inner][vc_column_inner width=&#8221;1\/3&#8243; css=&#8221;.vc_custom_1561290391124{border-right-width: -15px !important;}&#8221;][vc_single_image image=&#8221;107278&#8243; img_size=&#8221;full&#8221; onclick=&#8221;link_image&#8221; css=&#8221;&#8221;][\/vc_column_inner][vc_column_inner width=&#8221;1\/3&#8243;][vc_single_image image=&#8221;107280&#8243; img_size=&#8221;full&#8221; onclick=&#8221;link_image&#8221; css=&#8221;&#8221;][\/vc_column_inner][vc_column_inner width=&#8221;1\/3&#8243;][vc_single_image image=&#8221;107287&#8243; img_size=&#8221;full&#8221; onclick=&#8221;link_image&#8221; css=&#8221;&#8221;][\/vc_column_inner][\/vc_row_inner][vc_separator css=&#8221;&#8221;][\/vc_column][\/vc_row][vc_row][vc_column width=&#8221;1\/2&#8243;][vc_video link=&#8221;https:\/\/www.youtube.com\/watch?v=PN12cX7CA4M&#8221; css=&#8221;&#8221; title=&#8221;Martin liest den Koran | Trailer \u1d34\u1d30 (German)&#8221;][\/vc_column][vc_column width=&#8221;1\/2&#8243;][vc_video link=&#8221;https:\/\/www.youtube.com\/watch?v=_acoFhXBYuw&#8221; css=&#8221;&#8221; title=&#8221;Martin liest den Koran | Emotional Trailer \u1d34\u1d30 (German)&#8221;][\/vc_column][\/vc_row][vc_row][vc_column][vc_empty_space height=&#8221;10px&#8221;][vc_column_text css=&#8221;&#8221;]<span style=\"font-size: 18pt;\">Press reviews of the film<\/span><\/p>\n<div>\n<p><i>\u2018Young German cinema can be so brave and moving.\u2019<\/i> (<b>kinokino &#8211; BR Fernsehen)<\/b><\/p>\n<div class=\"gap\" style=\"line-height: 0px; height: 0px;\"><\/div>\n<p><i>\u2018This film is absolutely worth seeing.\u2019<\/i> (<b>Kulturnews<\/b>)<\/p>\n<div class=\"gap\" style=\"line-height: 0px; height: 0px;\"><\/div>\n<p><i>\u2018Martin liest den Koran\u2019 is an uncompromising film that goes where it hurts.&#8221;<\/i> (<b>J\u00fcdische Allgemeine<\/b>)<\/p>\n<div class=\"gap\" style=\"line-height: 0px; height: 0px;\"><\/div>\n<p><i>\u2018Martin himself is the big mystery throughout the film, one that only unfolds in its full emotional depth at the end, finally detonating in the hearts of the audience<\/i>.\u2019 (<b>Indiekino<\/b>)<\/p>\n<div class=\"gap\" style=\"line-height: 0px; height: 0px;\"><\/div>\n<p><i>\u2018The tense debate duel develops more and more into an emotional tour de force.\u2019<\/i> (<b>TV Today<\/b>)<\/p>\n<div class=\"gap\" style=\"line-height: 0px; height: 0px;\"><\/div>\n<p><i>\u2018A paranoia chamber play between hatred, radicalisation and reconciliation.\u2019<\/i> (<b>S\u00fcddeutsche Zeitung<\/b>)<\/p>\n<div class=\"gap\" style=\"line-height: 0px; height: 0px;\"><\/div>\n<p><i>\u2018A film develops that swings between an exposed state of paranoia and a deliberate theatricality, building up to a stylistically subversive and controversial two-person chamber play.\u2019<\/i> (<b>EPD<\/b>)<\/p>\n<div class=\"gap\" style=\"line-height: 0px; height: 0px;\"><\/div>\n<p><i>\u2018A provocative chamber play that asks many questions.\u2019 <\/i>(<b>3Sat Kulturzeit<\/b>)<\/p>\n<div class=\"gap\" style=\"line-height: 0px; height: 0px;\"><\/div>\n<p><i>\u2018A fusion of genre and discourse.\u2019<\/i> (<b>MagazIn<\/b>)<\/p>\n<\/div>\n<p>[\/vc_column_text][\/vc_column][\/vc_row][vc_row][vc_column][vc_separator css=&#8221;.vc_custom_1560377795279{margin-top: 15px !important;}&#8221;][vc_empty_space height=&#8221;5px&#8221;][\/vc_column][\/vc_row][vc_row][vc_column][vc_column_text]<\/p>\n<h2><span style=\"font-family: arial, helvetica, sans-serif;\">News<\/span><\/h2>\n<p>[\/vc_column_text]<style type=\"text\/css\" data-type=\"the7_shortcodes-inline-css\">.blog-shortcode.blog-masonry-shortcode-id-e59dd3b2c4072f94d4821ad08241cef7.dividers-on.classic-layout-list article {\n  padding-top: 0;\n}\n.blog-shortcode.blog-masonry-shortcode-id-e59dd3b2c4072f94d4821ad08241cef7.dividers-on.classic-layout-list article:first-of-type {\n  margin-top: 0;\n  padding-top: 0;\n}\n.blog-shortcode.blog-masonry-shortcode-id-e59dd3b2c4072f94d4821ad08241cef7.classic-layout-list.mode-list .post-entry-content {\n  width: calc(100% - );\n}\n.blog-shortcode.blog-masonry-shortcode-id-e59dd3b2c4072f94d4821ad08241cef7.classic-layout-list.mode-list .no-img .post-entry-content {\n  width: 100%;\n}\n.blog-shortcode.blog-masonry-shortcode-id-e59dd3b2c4072f94d4821ad08241cef7 .filter-bg-decoration .filter-categories a.act {\n  color: #fff;\n}\n.blog-shortcode.blog-masonry-shortcode-id-e59dd3b2c4072f94d4821ad08241cef7:not(.mode-masonry) article:first-of-type,\n.blog-shortcode.blog-masonry-shortcode-id-e59dd3b2c4072f94d4821ad08241cef7:not(.mode-masonry) article.visible.first:not(.product) {\n  margin-top: 0;\n}\n.blog-shortcode.blog-masonry-shortcode-id-e59dd3b2c4072f94d4821ad08241cef7.dividers-on:not(.mode-masonry) article {\n  margin-top: 0;\n}\n.blog-shortcode.blog-masonry-shortcode-id-e59dd3b2c4072f94d4821ad08241cef7.dividers-on:not(.mode-masonry) article:first-of-type,\n.blog-shortcode.blog-masonry-shortcode-id-e59dd3b2c4072f94d4821ad08241cef7.dividers-on:not(.mode-masonry) article.visible.first:not(.product) {\n  margin-top: 0;\n  padding-top: 0;\n}\n.blog-shortcode.blog-masonry-shortcode-id-e59dd3b2c4072f94d4821ad08241cef7 .post-thumbnail-wrap {\n  padding: 0px 0px 0px 0px;\n}\n.blog-shortcode.blog-masonry-shortcode-id-e59dd3b2c4072f94d4821ad08241cef7.enable-bg-rollover .post-thumbnail-rollover:after {\n  background: -webkit-linear-gradient();\n  background: linear-gradient();\n}\n.blog-shortcode.blog-masonry-shortcode-id-e59dd3b2c4072f94d4821ad08241cef7 .gallery-zoom-ico {\n  width: 44px;\n  height: 44px;\n  line-height: 44px;\n  border-radius: 100px;\n  margin: -22px 0 0 -22px;\n  border-width: 0px;\n  color: #ffffff;\n}\n.bottom-overlap-layout-list.blog-shortcode.blog-masonry-shortcode-id-e59dd3b2c4072f94d4821ad08241cef7 .gallery-zoom-ico {\n  margin-top: -72px;\n}\n.gradient-overlay-layout-list.blog-shortcode.blog-masonry-shortcode-id-e59dd3b2c4072f94d4821ad08241cef7 .gallery-zoom-ico,\n.content-rollover-layout-list.blog-shortcode.blog-masonry-shortcode-id-e59dd3b2c4072f94d4821ad08241cef7 .gallery-zoom-ico {\n  margin: 0 0 10px;\n}\n.content-align-center.gradient-overlay-layout-list.blog-shortcode.blog-masonry-shortcode-id-e59dd3b2c4072f94d4821ad08241cef7 .gallery-zoom-ico,\n.content-align-center.content-rollover-layout-list.blog-shortcode.blog-masonry-shortcode-id-e59dd3b2c4072f94d4821ad08241cef7 .gallery-zoom-ico {\n  margin: 0 auto 10px;\n}\n.dt-icon-bg-on.blog-shortcode.blog-masonry-shortcode-id-e59dd3b2c4072f94d4821ad08241cef7 .gallery-zoom-ico {\n  background: rgba(255,255,255,0.3);\n  box-shadow: none;\n}\n.blog-shortcode.blog-masonry-shortcode-id-e59dd3b2c4072f94d4821ad08241cef7 .gallery-zoom-ico > span,\n.blog-shortcode.blog-masonry-shortcode-id-e59dd3b2c4072f94d4821ad08241cef7 .gallery-zoom-ico:before {\n  font-size: 32px;\n  line-height: 44px;\n}\n.blog-shortcode.blog-masonry-shortcode-id-e59dd3b2c4072f94d4821ad08241cef7 .gallery-zoom-ico > span,\n.blog-shortcode.blog-masonry-shortcode-id-e59dd3b2c4072f94d4821ad08241cef7 .gallery-zoom-ico:before {\n  color: #ffffff;\n}\n.blog-shortcode.blog-masonry-shortcode-id-e59dd3b2c4072f94d4821ad08241cef7 .entry-title,\n.blog-shortcode.blog-masonry-shortcode-id-e59dd3b2c4072f94d4821ad08241cef7.owl-carousel .entry-title {\n  margin-bottom: 5px;\n  font-weight: bold;\n}\n.blog-shortcode.blog-masonry-shortcode-id-e59dd3b2c4072f94d4821ad08241cef7 .entry-meta {\n  margin-bottom: 15px;\n}\n.blog-shortcode.blog-masonry-shortcode-id-e59dd3b2c4072f94d4821ad08241cef7 .portfolio-categories {\n  margin-bottom: 15px;\n}\n.blog-shortcode.blog-masonry-shortcode-id-e59dd3b2c4072f94d4821ad08241cef7 .entry-excerpt {\n  margin-bottom: 5px;\n}\n.blog-shortcode.blog-masonry-shortcode-id-e59dd3b2c4072f94d4821ad08241cef7:not(.centered-layout-list) .post-entry-content {\n  padding: 25px 30px 30px 30px;\n}\n.blog-shortcode.blog-masonry-shortcode-id-e59dd3b2c4072f94d4821ad08241cef7:not(.centered-layout-list):not(.content-bg-on):not(.mode-list) .no-img .post-entry-content {\n  padding: 0;\n}\n@media screen and (max-width: ) {\n  .blog-shortcode.blog-masonry-shortcode-id-e59dd3b2c4072f94d4821ad08241cef7 article {\n    -ms-flex-flow: column nowrap;\n    flex-flow: column nowrap;\n    margin-top: 20px;\n  }\n  .blog-shortcode.blog-masonry-shortcode-id-e59dd3b2c4072f94d4821ad08241cef7.dividers-on article {\n    border: none;\n  }\n  .blog-shortcode.blog-masonry-shortcode-id-e59dd3b2c4072f94d4821ad08241cef7.content-bg-on.centered-layout-list article {\n    padding: 0;\n  }\n  .blog-shortcode.blog-masonry-shortcode-id-e59dd3b2c4072f94d4821ad08241cef7.blog-shortcode.dividers-on article,\n  .blog-shortcode.blog-masonry-shortcode-id-e59dd3b2c4072f94d4821ad08241cef7.dividers-on.classic-layout-list article {\n    margin-top: 20px;\n    padding: 0;\n  }\n  .blog-shortcode.blog-masonry-shortcode-id-e59dd3b2c4072f94d4821ad08241cef7.blog-shortcode.dividers-on article:first-of-type,\n  .blog-shortcode.blog-masonry-shortcode-id-e59dd3b2c4072f94d4821ad08241cef7.dividers-on.classic-layout-list article:first-of-type {\n    padding: 0;\n  }\n  #page .blog-shortcode.blog-masonry-shortcode-id-e59dd3b2c4072f94d4821ad08241cef7 .post-thumbnail-wrap,\n  #page .blog-shortcode.blog-masonry-shortcode-id-e59dd3b2c4072f94d4821ad08241cef7 .post-entry-content {\n    width: 100%;\n    margin: 0;\n    top: 0;\n  }\n  #page .blog-shortcode.blog-masonry-shortcode-id-e59dd3b2c4072f94d4821ad08241cef7 .post-thumbnail-wrap {\n    padding: 0;\n  }\n  #page .blog-shortcode.blog-masonry-shortcode-id-e59dd3b2c4072f94d4821ad08241cef7 .post-entry-content:after {\n    display: none;\n  }\n  #page .blog-shortcode.blog-masonry-shortcode-id-e59dd3b2c4072f94d4821ad08241cef7 .project-even .post-thumbnail-wrap,\n  #page .blog-shortcode.blog-masonry-shortcode-id-e59dd3b2c4072f94d4821ad08241cef7.centered-layout-list .post-thumbnail-wrap {\n    -ms-flex-order: 0;\n    order: 0;\n  }\n  #page .blog-shortcode.blog-masonry-shortcode-id-e59dd3b2c4072f94d4821ad08241cef7.centered-layout-list .post-entry-title-content {\n    -ms-flex-order: 1;\n    order: 1;\n    width: 100%;\n    padding: 20px 20px 0;\n  }\n  #page .blog-shortcode.blog-masonry-shortcode-id-e59dd3b2c4072f94d4821ad08241cef7.centered-layout-list .post-entry-content {\n    -ms-flex-order: 2;\n    order: 2;\n    padding-top: 0;\n  }\n  #page .blog-shortcode.blog-masonry-shortcode-id-e59dd3b2c4072f94d4821ad08241cef7 .fancy-categories {\n    top: 10px;\n    left: 10px;\n    bottom: auto;\n    right: auto;\n  }\n  #page .blog-shortcode.blog-masonry-shortcode-id-e59dd3b2c4072f94d4821ad08241cef7 .fancy-date a {\n    top: 10px;\n    right: 10px;\n    left: auto;\n    bottom: auto;\n  }\n  #page .blog-shortcode.blog-masonry-shortcode-id-e59dd3b2c4072f94d4821ad08241cef7 .post-entry-content {\n    padding: 20px;\n  }\n  #page .blog-shortcode.blog-masonry-shortcode-id-e59dd3b2c4072f94d4821ad08241cef7 .entry-title {\n    margin: 3px 0 5px;\n    font-size: 20px;\n    line-height: 26px;\n  }\n  #page .blog-shortcode.blog-masonry-shortcode-id-e59dd3b2c4072f94d4821ad08241cef7 .entry-meta {\n    margin: 5px 0 5px;\n  }\n  #page .blog-shortcode.blog-masonry-shortcode-id-e59dd3b2c4072f94d4821ad08241cef7 .entry-excerpt {\n    margin: 15px 0 0;\n  }\n  #page .blog-shortcode.blog-masonry-shortcode-id-e59dd3b2c4072f94d4821ad08241cef7 .post-details {\n    margin: 5px 0 10px;\n  }\n  #page .blog-shortcode.blog-masonry-shortcode-id-e59dd3b2c4072f94d4821ad08241cef7 .post-details.details-type-link {\n    margin-bottom: 2px;\n  }\n}\n.blog-shortcode.blog-masonry-shortcode-id-e59dd3b2c4072f94d4821ad08241cef7:not(.resize-by-browser-width) .dt-css-grid {\n  grid-row-gap: 30px;\n  grid-column-gap: 30px;\n  grid-template-columns: repeat(auto-fill,minmax(,1fr));\n}\n.blog-shortcode.blog-masonry-shortcode-id-e59dd3b2c4072f94d4821ad08241cef7:not(.resize-by-browser-width) .dt-css-grid .double-width {\n  grid-column: span 2;\n}\n.cssgridlegacy.no-cssgrid .blog-shortcode.blog-masonry-shortcode-id-e59dd3b2c4072f94d4821ad08241cef7:not(.resize-by-browser-width) .dt-css-grid,\n.no-cssgridlegacy.no-cssgrid .blog-shortcode.blog-masonry-shortcode-id-e59dd3b2c4072f94d4821ad08241cef7:not(.resize-by-browser-width) .dt-css-grid {\n  display: flex;\n  flex-flow: row wrap;\n  margin: -15px;\n}\n.cssgridlegacy.no-cssgrid .blog-shortcode.blog-masonry-shortcode-id-e59dd3b2c4072f94d4821ad08241cef7:not(.resize-by-browser-width) .dt-css-grid .wf-cell,\n.no-cssgridlegacy.no-cssgrid .blog-shortcode.blog-masonry-shortcode-id-e59dd3b2c4072f94d4821ad08241cef7:not(.resize-by-browser-width) .dt-css-grid .wf-cell {\n  flex: 1 0 ;\n  max-width: 100%;\n  padding: 15px;\n  box-sizing: border-box;\n}\n.blog-shortcode.blog-masonry-shortcode-id-e59dd3b2c4072f94d4821ad08241cef7.resize-by-browser-width .dt-css-grid {\n  grid-template-columns: repeat(2,1fr);\n  grid-template-rows: auto;\n  grid-column-gap: 30px;\n  grid-row-gap: 30px;\n}\n.blog-shortcode.blog-masonry-shortcode-id-e59dd3b2c4072f94d4821ad08241cef7.resize-by-browser-width .dt-css-grid .double-width {\n  grid-column: span 2;\n}\n.cssgridlegacy.no-cssgrid .blog-shortcode.blog-masonry-shortcode-id-e59dd3b2c4072f94d4821ad08241cef7.resize-by-browser-width .dt-css-grid {\n  margin: -15px;\n}\n.cssgridlegacy.no-cssgrid .blog-shortcode.blog-masonry-shortcode-id-e59dd3b2c4072f94d4821ad08241cef7.resize-by-browser-width .dt-css-grid .wf-cell {\n  width: 50%;\n  padding: 15px;\n}\n.cssgridlegacy.no-cssgrid .blog-shortcode.blog-masonry-shortcode-id-e59dd3b2c4072f94d4821ad08241cef7.resize-by-browser-width .dt-css-grid .wf-cell.double-width {\n  width: calc(50%) * 2;\n}\n.blog-shortcode.blog-masonry-shortcode-id-e59dd3b2c4072f94d4821ad08241cef7.resize-by-browser-width:not(.centered-layout-list):not(.content-bg-on) .dt-css-grid {\n  grid-row-gap: 0px;\n}\n@media screen and (max-width: 1199px) {\n  .blog-shortcode.blog-masonry-shortcode-id-e59dd3b2c4072f94d4821ad08241cef7.resize-by-browser-width .dt-css-grid {\n    grid-template-columns: repeat(2,1fr);\n  }\n  .cssgridlegacy.no-cssgrid .blog-shortcode.blog-masonry-shortcode-id-e59dd3b2c4072f94d4821ad08241cef7.resize-by-browser-width .dt-css-grid .wf-cell,\n  .no-cssgridlegacy.no-cssgrid .blog-shortcode.blog-masonry-shortcode-id-e59dd3b2c4072f94d4821ad08241cef7.resize-by-browser-width .dt-css-grid .wf-cell {\n    width: 50%;\n  }\n  .cssgridlegacy.no-cssgrid .blog-shortcode.blog-masonry-shortcode-id-e59dd3b2c4072f94d4821ad08241cef7.resize-by-browser-width .dt-css-grid .wf-cell.double-width,\n  .no-cssgridlegacy.no-cssgrid .blog-shortcode.blog-masonry-shortcode-id-e59dd3b2c4072f94d4821ad08241cef7.resize-by-browser-width .dt-css-grid .wf-cell.double-width {\n    width: calc(50%)*2;\n  }\n}\n@media screen and (max-width: 991px) {\n  .blog-shortcode.blog-masonry-shortcode-id-e59dd3b2c4072f94d4821ad08241cef7.resize-by-browser-width .dt-css-grid {\n    grid-template-columns: repeat(1,1fr);\n  }\n  .cssgridlegacy.no-cssgrid .blog-shortcode.blog-masonry-shortcode-id-e59dd3b2c4072f94d4821ad08241cef7.resize-by-browser-width .dt-css-grid .wf-cell,\n  .no-cssgridlegacy.no-cssgrid .blog-shortcode.blog-masonry-shortcode-id-e59dd3b2c4072f94d4821ad08241cef7.resize-by-browser-width .dt-css-grid .wf-cell {\n    width: 100%;\n  }\n  .cssgridlegacy.no-cssgrid .blog-shortcode.blog-masonry-shortcode-id-e59dd3b2c4072f94d4821ad08241cef7.resize-by-browser-width .dt-css-grid .wf-cell.double-width,\n  .no-cssgridlegacy.no-cssgrid .blog-shortcode.blog-masonry-shortcode-id-e59dd3b2c4072f94d4821ad08241cef7.resize-by-browser-width .dt-css-grid .wf-cell.double-width {\n    width: calc(100%)*2;\n  }\n}\n@media screen and (max-width: 767px) {\n  .blog-shortcode.blog-masonry-shortcode-id-e59dd3b2c4072f94d4821ad08241cef7.resize-by-browser-width .dt-css-grid {\n    grid-template-columns: repeat(1,1fr);\n  }\n  .blog-shortcode.blog-masonry-shortcode-id-e59dd3b2c4072f94d4821ad08241cef7.resize-by-browser-width .dt-css-grid .double-width {\n    grid-column: span 1;\n  }\n  .cssgridlegacy.no-cssgrid .blog-shortcode.blog-masonry-shortcode-id-e59dd3b2c4072f94d4821ad08241cef7.resize-by-browser-width .dt-css-grid .wf-cell,\n  .no-cssgridlegacy.no-cssgrid .blog-shortcode.blog-masonry-shortcode-id-e59dd3b2c4072f94d4821ad08241cef7.resize-by-browser-width .dt-css-grid .wf-cell {\n    width: 100%;\n  }\n  .cssgridlegacy.no-cssgrid .blog-shortcode.blog-masonry-shortcode-id-e59dd3b2c4072f94d4821ad08241cef7.resize-by-browser-width .dt-css-grid .wf-cell.double-width,\n  .no-cssgridlegacy.no-cssgrid .blog-shortcode.blog-masonry-shortcode-id-e59dd3b2c4072f94d4821ad08241cef7.resize-by-browser-width .dt-css-grid .wf-cell.double-width {\n    width: calc(100%)*2;\n  }\n}<\/style><div class=\"blog-shortcode blog-masonry-shortcode-id-e59dd3b2c4072f94d4821ad08241cef7 mode-grid classic-layout-list content-bg-on jquery-filter scale-img dt-css-grid-wrap dt-icon-bg-off resize-by-browser-width loading-effect-none description-under-image \" data-padding=\"15px\" data-cur-page=\"1\" data-post-limit=\"-1\" data-pagination-mode=\"none\" data-desktop-columns-num=\"2\" data-v-tablet-columns-num=\"1\" data-h-tablet-columns-num=\"2\" data-phone-columns-num=\"1\" data-width=\"0px\" data-columns=\"0\"><div class=\"dt-css-grid\" ><div class=\"visible wf-cell\" data-post-id=\"412565\" data-date=\"2025-12-01T22:38:04+00:00\" data-name=\"\ud83c\udfac \u2018Martin reads the Quran\u2019 by Jurijs Saule can be seen today in the NDR TV programme and in the ARD media library\"><article class=\"post project-odd visible post-412565 type-post status-publish format-standard has-post-thumbnail hentry category-artkeim-en category-film-en category-news-en tag-alissia-krupsky-2 tag-ard-en tag-deutscher-filmpreis-en tag-islam-2 tag-jurijs-saule-2 tag-lola-en tag-martin-reads-the-quran tag-michail-lurje-2 tag-ndr-en tag-prince-chughtai-2 tag-sarah-sandeh-2 tag-ulrich-tukur-2 tag-zejhun-demirov-2 category-570 category-942 category-941\" data-name=\"\ud83c\udfac \u2018Martin reads the Quran\u2019 by Jurijs Saule can be seen today in the NDR TV programme and in the ARD media library\" data-date=\"2025-12-01T22:38:04+00:00\">\n\n<div class=\"post-thumbnail-wrap\">\n\t<div class=\"post-thumbnail\">\n\t\t\n\t\t\n\t\t<a href=\"https:\/\/ucm.one\/en\/%f0%9f%8e%ac-martin-reads-the-quran-by-jurijs-saule-can-be-seen-today-in-the-ndr-tv-programme-and-in-the-ard-media-library\/\" class=\"post-thumbnail-rollover layzr-bg layzr-bg\" ><img decoding=\"async\" class=\"iso-lazy-load preload-me iso-lazy-load aspect\" src=\"data:image\/svg+xml,%3Csvg%20xmlns%3D&#39;http%3A%2F%2Fwww.w3.org%2F2000%2Fsvg&#39;%20viewBox%3D&#39;0%200%20990%20309&#39;%2F%3E\" data-src=\"https:\/\/ucm.one\/wp-content\/uploads\/2025\/12\/B-Martin-reads-the-Quran-NDR-ENG-990x309.jpg\" data-srcset=\"https:\/\/ucm.one\/wp-content\/uploads\/2025\/12\/B-Martin-reads-the-Quran-NDR-ENG-990x309.jpg 990w, https:\/\/ucm.one\/wp-content\/uploads\/2025\/12\/B-Martin-reads-the-Quran-NDR-ENG-1485x464.jpg 1485w\" loading=\"eager\" style=\"--ratio: 990 \/ 309\" sizes=\"(max-width: 990px) 100vw, 990px\" alt=\"\" title=\"B Martin reads the Quran NDR ENG\" width=\"990\" height=\"309\"  \/><\/a>\t<\/div>\n<\/div>\n\n\n<div class=\"post-entry-content\">\n\n\t<h3 class=\"entry-title\">\n\t\t<a href=\"https:\/\/ucm.one\/en\/%f0%9f%8e%ac-martin-reads-the-quran-by-jurijs-saule-can-be-seen-today-in-the-ndr-tv-programme-and-in-the-ard-media-library\/\" title=\"\ud83c\udfac \u2018Martin reads the Quran\u2019 by Jurijs Saule can be seen today in the NDR TV programme and in the ARD media library\" rel=\"bookmark\">\ud83c\udfac \u2018Martin reads the Quran\u2019 by Jurijs Saule can be seen today in the NDR TV programme and in the ARD media library<\/a>\n\t<\/h3>\n\n\t<div class=\"entry-meta\"><span class=\"category-link\"><a href=\"https:\/\/ucm.one\/en\/category\/news-en\/film-en\/artkeim-en\/\" >Artkeim\u00b2<\/a>, <a href=\"https:\/\/ucm.one\/en\/category\/news-en\/film-en\/\" >Film<\/a>, <a href=\"https:\/\/ucm.one\/en\/category\/news-en\/\" >News<\/a><\/span><a class=\"author vcard\" href=\"\" title=\"View all posts by Joachim Keil\" rel=\"author\">By <span class=\"fn\">Joachim Keil<\/span><\/a><a href=\"https:\/\/ucm.one\/en\/2025\/12\/01\/\" title=\"22:38\" class=\"data-link\" rel=\"bookmark\"><time class=\"entry-date updated\" datetime=\"2025-12-01T22:38:04+00:00\">1. December 2025<\/time><\/a><\/div>\n\t<div class=\"entry-excerpt\"><p>[vc_row][vc_column][vc_column_text css=&#8221;&#8221;] The film \u2018Martin reads the Quran\u2019 by Jurijs Saule can be seen tonight in the NDR TV programme and is also available to watch in the ARD Mediathek. Ulrich Tukur is convincing in one of the leading roles as an Islamic scholar who engages in an intensive dialogue about faith and self-image. The&hellip;<\/p>\n<\/div>\n\t\n<a href=\"https:\/\/ucm.one\/en\/%f0%9f%8e%ac-martin-reads-the-quran-by-jurijs-saule-can-be-seen-today-in-the-ndr-tv-programme-and-in-the-ard-media-library\/\" class=\"post-details details-type-link\" aria-label=\"Read more about \ud83c\udfac \u2018Martin reads the Quran\u2019 by Jurijs Saule can be seen today in the NDR TV programme and in the ARD media library\">More<i class=\"dt-icon-the7-arrow-03\" aria-hidden=\"true\"><\/i><\/a>\n\n<\/div><\/article><\/div><div class=\"visible wf-cell\" data-post-id=\"411706\" data-date=\"2025-10-31T21:17:14+00:00\" data-name=\"\ud83c\udfac \u2018Martin Reads the Quran\u2019 by Jurijs Saule available digitally from today and on DVD in presale\"><article class=\"post project-odd visible post-411706 type-post status-publish format-standard has-post-thumbnail hentry category-artkeim-en category-cinema category-film-en category-movie-distribution category-news-en tag-alissia-krupsky-2 tag-deutscher-filmpreis-en tag-islam-2 tag-jurijs-saule-2 tag-lola-en tag-martin-reads-the-quran tag-michail-lurje-2 tag-prince-chughtai-2 tag-sarah-sandeh-2 tag-ulrich-tukur-2 tag-zejhun-demirov-2 category-570 category-1011 category-942 category-4630 category-941\" data-name=\"\ud83c\udfac \u2018Martin Reads the Quran\u2019 by Jurijs Saule available digitally from today and on DVD in presale\" data-date=\"2025-10-31T21:17:14+00:00\">\n\n<div class=\"post-thumbnail-wrap\">\n\t<div class=\"post-thumbnail\">\n\t\t\n\t\t\n\t\t<a href=\"https:\/\/ucm.one\/en\/martin-reads-the-quran-by-jurijs-saule-available-digitally-from-today-and-on-dvd-in-presale\/\" class=\"post-thumbnail-rollover layzr-bg layzr-bg\" ><img decoding=\"async\" class=\"iso-lazy-load preload-me iso-lazy-load aspect\" src=\"data:image\/svg+xml,%3Csvg%20xmlns%3D&#39;http%3A%2F%2Fwww.w3.org%2F2000%2Fsvg&#39;%20viewBox%3D&#39;0%200%20990%20309&#39;%2F%3E\" data-src=\"https:\/\/ucm.one\/wp-content\/uploads\/2025\/11\/B-Martin-Liest-den-Koran-2025-VoD-990x309.jpg\" data-srcset=\"https:\/\/ucm.one\/wp-content\/uploads\/2025\/11\/B-Martin-Liest-den-Koran-2025-VoD-990x309.jpg 990w, https:\/\/ucm.one\/wp-content\/uploads\/2025\/11\/B-Martin-Liest-den-Koran-2025-VoD-1485x464.jpg 1485w\" loading=\"eager\" style=\"--ratio: 990 \/ 309\" sizes=\"(max-width: 990px) 100vw, 990px\" alt=\"\" title=\"B Martin Liest den Koran 2025 VoD\" width=\"990\" height=\"309\"  \/><\/a>\t<\/div>\n<\/div>\n\n\n<div class=\"post-entry-content\">\n\n\t<h3 class=\"entry-title\">\n\t\t<a href=\"https:\/\/ucm.one\/en\/martin-reads-the-quran-by-jurijs-saule-available-digitally-from-today-and-on-dvd-in-presale\/\" title=\"\ud83c\udfac \u2018Martin Reads the Quran\u2019 by Jurijs Saule available digitally from today and on DVD in presale\" rel=\"bookmark\">\ud83c\udfac \u2018Martin Reads the Quran\u2019 by Jurijs Saule available digitally from today and on DVD in presale<\/a>\n\t<\/h3>\n\n\t<div class=\"entry-meta\"><span class=\"category-link\"><a href=\"https:\/\/ucm.one\/en\/category\/news-en\/film-en\/artkeim-en\/\" >Artkeim\u00b2<\/a>, <a href=\"https:\/\/ucm.one\/en\/category\/news-en\/cinema\/\" >Cinema<\/a>, <a href=\"https:\/\/ucm.one\/en\/category\/news-en\/film-en\/\" >Film<\/a>, <a href=\"https:\/\/ucm.one\/en\/category\/news-en\/movie-distribution\/\" >Movie Distribution<\/a>, <a href=\"https:\/\/ucm.one\/en\/category\/news-en\/\" >News<\/a><\/span><a class=\"author vcard\" href=\"\" title=\"View all posts by Joachim Keil\" rel=\"author\">By <span class=\"fn\">Joachim Keil<\/span><\/a><a href=\"https:\/\/ucm.one\/en\/2025\/10\/31\/\" title=\"21:17\" class=\"data-link\" rel=\"bookmark\"><time class=\"entry-date updated\" datetime=\"2025-10-31T21:17:14+00:00\">31. October 2025<\/time><\/a><\/div>\n\t<div class=\"entry-excerpt\"><p>[vc_row][vc_column][vc_column_text css=&#8221;&#8221;]Starting today, the film \u2018Martin Reads the Quran\u2018 (German original title &#8220;Martin liest den Koran&#8220;) by Jurijs Saule is available digitally and can now also be pre-ordered on DVD. The film, in which Ulrich Tukur plays one of the leading roles, addresses key issues of our time \u2013 identity, radicalisation and cultural tensions. With&hellip;<\/p>\n<\/div>\n\t\n<a href=\"https:\/\/ucm.one\/en\/martin-reads-the-quran-by-jurijs-saule-available-digitally-from-today-and-on-dvd-in-presale\/\" class=\"post-details details-type-link\" aria-label=\"Read more about \ud83c\udfac \u2018Martin Reads the Quran\u2019 by Jurijs Saule available digitally from today and on DVD in presale\">More<i class=\"dt-icon-the7-arrow-03\" aria-hidden=\"true\"><\/i><\/a>\n\n<\/div><\/article><\/div><div class=\"visible wf-cell\" data-post-id=\"226170\" data-date=\"2025-03-18T12:12:54+00:00\" data-name=\"\ud83c\udfac &quot;Martin liest den Koran&quot; (int.Title: &quot;Martin Reads the Quran&quot;) is competing at the 10th Bremen Film Festival.\"><article class=\"post project-odd visible post-226170 type-post status-publish format-standard has-post-thumbnail hentry category-artkeim-en category-cinema category-film-en category-movie-distribution category-news-en tag-alissia-krupsky-2 tag-bremen-film-festival tag-deutscher-filmpreis-en tag-islam-2 tag-jurijs-saule-2 tag-kino-en tag-lola-en tag-martin-reads-the-quran tag-michail-lurje-2 tag-prince-chughtai-2 tag-sarah-sandeh-2 tag-ulrich-tukur-2 tag-zejhun-demirov-2 category-570 category-1011 category-942 category-4630 category-941\" data-name=\"\ud83c\udfac &#8220;Martin liest den Koran&#8221; (int.Title: &#8220;Martin Reads the Quran&#8221;) is competing at the 10th Bremen Film Festival.\" data-date=\"2025-03-18T12:12:54+00:00\">\n\n<div class=\"post-thumbnail-wrap\">\n\t<div class=\"post-thumbnail\">\n\t\t\n\t\t\n\t\t<a href=\"https:\/\/ucm.one\/en\/martin-liest-den-koran-int-title-martin-reads-the-quran-is-competing-at-the-10th-bremen-film-festival\/\" class=\"post-thumbnail-rollover layzr-bg layzr-bg\" ><img decoding=\"async\" class=\"iso-lazy-load preload-me iso-lazy-load aspect\" src=\"data:image\/svg+xml,%3Csvg%20xmlns%3D&#39;http%3A%2F%2Fwww.w3.org%2F2000%2Fsvg&#39;%20viewBox%3D&#39;0%200%20990%20309&#39;%2F%3E\" data-src=\"https:\/\/ucm.one\/wp-content\/uploads\/2025\/03\/bMLDK_FFBremen_EN_1920x600-990x309.jpg\" data-srcset=\"https:\/\/ucm.one\/wp-content\/uploads\/2025\/03\/bMLDK_FFBremen_EN_1920x600-990x309.jpg 990w, https:\/\/ucm.one\/wp-content\/uploads\/2025\/03\/bMLDK_FFBremen_EN_1920x600-1485x464.jpg 1485w\" loading=\"eager\" style=\"--ratio: 990 \/ 309\" sizes=\"(max-width: 990px) 100vw, 990px\" alt=\"\" title=\"bMLDK_FFBremen_EN_1920x600\" width=\"990\" height=\"309\"  \/><\/a>\t<\/div>\n<\/div>\n\n\n<div class=\"post-entry-content\">\n\n\t<h3 class=\"entry-title\">\n\t\t<a href=\"https:\/\/ucm.one\/en\/martin-liest-den-koran-int-title-martin-reads-the-quran-is-competing-at-the-10th-bremen-film-festival\/\" title=\"\ud83c\udfac &#8220;Martin liest den Koran&#8221; (int.Title: &#8220;Martin Reads the Quran&#8221;) is competing at the 10th Bremen Film Festival.\" rel=\"bookmark\">\ud83c\udfac &#8220;Martin liest den Koran&#8221; (int.Title: &#8220;Martin Reads the Quran&#8221;) is competing at the 10th Bremen Film Festival.<\/a>\n\t<\/h3>\n\n\t<div class=\"entry-meta\"><span class=\"category-link\"><a href=\"https:\/\/ucm.one\/en\/category\/news-en\/film-en\/artkeim-en\/\" >Artkeim\u00b2<\/a>, <a href=\"https:\/\/ucm.one\/en\/category\/news-en\/cinema\/\" >Cinema<\/a>, <a href=\"https:\/\/ucm.one\/en\/category\/news-en\/film-en\/\" >Film<\/a>, <a href=\"https:\/\/ucm.one\/en\/category\/news-en\/movie-distribution\/\" >Movie Distribution<\/a>, <a href=\"https:\/\/ucm.one\/en\/category\/news-en\/\" >News<\/a><\/span><a class=\"author vcard\" href=\"\" title=\"View all posts by robert.zimmermann\" rel=\"author\">By <span class=\"fn\">robert.zimmermann<\/span><\/a><a href=\"https:\/\/ucm.one\/en\/2025\/03\/18\/\" title=\"12:12\" class=\"data-link\" rel=\"bookmark\"><time class=\"entry-date updated\" datetime=\"2025-03-18T12:12:54+00:00\">18. March 2025<\/time><\/a><\/div>\n\t<div class=\"entry-excerpt\"><p>[vc_row][vc_column][vc_column_text css=&#8221;&#8221;]&#8220;Martin reads the Quran&#8221; by Jurijs Saule takes part in the international innovation competition of the 10th Bremen Film Festival.\u00a0UCM.ONE is distributing the psychological drama starring Ulrich Tukur in German-speaking countries on its film label Artkeim\u00b2.[\/vc_column_text][\/vc_column][\/vc_row][vc_row][vc_column width=&#8221;1\/3&#8243;][vc_single_image image=&#8221;226153&#8243; img_size=&#8221;full&#8221; onclick=&#8221;custom_link&#8221; img_link_target=&#8221;_blank&#8221; css=&#8221;&#8221; link=&#8221;https:\/\/www.filmfestbremen.com\/en\/movies\/martin-reads-the-quran\/&#8221;][\/vc_column][vc_column width=&#8221;2\/3&#8243;][vc_column_text css=&#8221;&#8221;] Filmfest Bremen is celebrating its tenth anniversary this year&hellip;<\/p>\n<\/div>\n\t\n<a href=\"https:\/\/ucm.one\/en\/martin-liest-den-koran-int-title-martin-reads-the-quran-is-competing-at-the-10th-bremen-film-festival\/\" class=\"post-details details-type-link\" aria-label=\"Read more about \ud83c\udfac &#8220;Martin liest den Koran&#8221; (int.Title: &#8220;Martin Reads the Quran&#8221;) is competing at the 10th Bremen Film Festival.\">More<i class=\"dt-icon-the7-arrow-03\" aria-hidden=\"true\"><\/i><\/a>\n\n<\/div><\/article><\/div><div class=\"visible wf-cell\" data-post-id=\"110098\" data-date=\"2024-11-07T21:29:38+00:00\" data-name=\"\ud83c\udfac  Theatrical release: Ulrich Tukur in &quot;Martin reads the Quran&quot; by Jurijs Saule is in cinemas nationwide from today.\"><article class=\"post project-odd visible post-110098 type-post status-publish format-standard has-post-thumbnail hentry category-artkeim-en category-cinema category-film-en category-movie-distribution category-news-en tag-alissia-krupsky-2 tag-deutscher-filmpreis-en tag-islam-2 tag-jurijs-saule-2 tag-kino-en tag-lola-en tag-martin-reads-the-quran tag-michail-lurje-2 tag-prince-chughtai-2 tag-sarah-sandeh-2 tag-ulrich-tukur-2 tag-zejhun-demirov-2 category-570 category-1011 category-942 category-4630 category-941\" data-name=\"\ud83c\udfac  Theatrical release: Ulrich Tukur in &#8220;Martin reads the Quran&#8221; by Jurijs Saule is in cinemas nationwide from today.\" data-date=\"2024-11-07T21:29:38+00:00\">\n\n<div class=\"post-thumbnail-wrap\">\n\t<div class=\"post-thumbnail\">\n\t\t\n\t\t\n\t\t<a href=\"https:\/\/ucm.one\/en\/theatrical-release-ulrich-tukur-in-martin-reads-the-quran-by-jurijs-saule-is-in-cinemas-nationwide-from-today\/\" class=\"post-thumbnail-rollover layzr-bg layzr-bg\" ><img decoding=\"async\" class=\"iso-lazy-load preload-me iso-lazy-load aspect\" src=\"data:image\/svg+xml,%3Csvg%20xmlns%3D&#39;http%3A%2F%2Fwww.w3.org%2F2000%2Fsvg&#39;%20viewBox%3D&#39;0%200%20990%20309&#39;%2F%3E\" data-src=\"https:\/\/ucm.one\/wp-content\/uploads\/2024\/11\/B-MLDK-Kinostart-EN-990x309.jpg\" data-srcset=\"https:\/\/ucm.one\/wp-content\/uploads\/2024\/11\/B-MLDK-Kinostart-EN-990x309.jpg 990w, https:\/\/ucm.one\/wp-content\/uploads\/2024\/11\/B-MLDK-Kinostart-EN-1485x464.jpg 1485w\" loading=\"eager\" style=\"--ratio: 990 \/ 309\" sizes=\"(max-width: 990px) 100vw, 990px\" alt=\"\" title=\"B MLDK Kinostart EN\" width=\"990\" height=\"309\"  \/><\/a>\t<\/div>\n<\/div>\n\n\n<div class=\"post-entry-content\">\n\n\t<h3 class=\"entry-title\">\n\t\t<a href=\"https:\/\/ucm.one\/en\/theatrical-release-ulrich-tukur-in-martin-reads-the-quran-by-jurijs-saule-is-in-cinemas-nationwide-from-today\/\" title=\"\ud83c\udfac  Theatrical release: Ulrich Tukur in &#8220;Martin reads the Quran&#8221; by Jurijs Saule is in cinemas nationwide from today.\" rel=\"bookmark\">\ud83c\udfac  Theatrical release: Ulrich Tukur in &#8220;Martin reads the Quran&#8221; by Jurijs Saule is in cinemas nationwide from today.<\/a>\n\t<\/h3>\n\n\t<div class=\"entry-meta\"><span class=\"category-link\"><a href=\"https:\/\/ucm.one\/en\/category\/news-en\/film-en\/artkeim-en\/\" >Artkeim\u00b2<\/a>, <a href=\"https:\/\/ucm.one\/en\/category\/news-en\/cinema\/\" >Cinema<\/a>, <a href=\"https:\/\/ucm.one\/en\/category\/news-en\/film-en\/\" >Film<\/a>, <a href=\"https:\/\/ucm.one\/en\/category\/news-en\/movie-distribution\/\" >Movie Distribution<\/a>, <a href=\"https:\/\/ucm.one\/en\/category\/news-en\/\" >News<\/a><\/span><a class=\"author vcard\" href=\"\" title=\"View all posts by Joachim Keil\" rel=\"author\">By <span class=\"fn\">Joachim Keil<\/span><\/a><a href=\"https:\/\/ucm.one\/en\/2024\/11\/07\/\" title=\"21:29\" class=\"data-link\" rel=\"bookmark\"><time class=\"entry-date updated\" datetime=\"2024-11-07T21:29:38+00:00\">7. November 2024<\/time><\/a><\/div>\n\t<div class=\"entry-excerpt\"><p>[vc_row][vc_column][vc_column_text css=&#8221;&#8221;]From today, Thursday 7 November 2024, \u2018Martin reads the Quran\u2019 \u00a0(German title: &#8220;Martin liest den Koran&#8220;) can be seen in cinemas across Germany. The film, in which Ulrich Tukur plays one of the leading roles, addresses current issues such as identity, radicalisation and cultural tensions. Ulrich Tukur gives the film a strong and thoughtful&hellip;<\/p>\n<\/div>\n\t\n<a href=\"https:\/\/ucm.one\/en\/theatrical-release-ulrich-tukur-in-martin-reads-the-quran-by-jurijs-saule-is-in-cinemas-nationwide-from-today\/\" class=\"post-details details-type-link\" aria-label=\"Read more about \ud83c\udfac  Theatrical release: Ulrich Tukur in &#8220;Martin reads the Quran&#8221; by Jurijs Saule is in cinemas nationwide from today.\">More<i class=\"dt-icon-the7-arrow-03\" aria-hidden=\"true\"><\/i><\/a>\n\n<\/div><\/article><\/div><div class=\"visible wf-cell\" data-post-id=\"110167\" data-date=\"2024-11-06T23:48:06+00:00\" data-name=\"\ud83c\udfac \u201cMartin Reads the Quran\u201d by Jurijs Saule celebrated its theatrical release at the traditional Babylon Cinema in Berlin\"><article class=\"post project-odd visible post-110167 type-post status-publish format-standard has-post-thumbnail hentry category-artkeim-en category-cinema category-film-en category-movie-distribution category-news-en tag-alissia-krupsky-2 tag-deutscher-filmpreis-en tag-islam-2 tag-jurijs-saule-2 tag-kino-en tag-lola-en tag-martin-reads-the-quran tag-michail-lurje-2 tag-prince-chughtai-2 tag-sarah-sandeh-2 tag-ulrich-tukur-2 tag-zejhun-demirov-2 category-570 category-1011 category-942 category-4630 category-941\" data-name=\"\ud83c\udfac \u201cMartin Reads the Quran\u201d by Jurijs Saule celebrated its theatrical release at the traditional Babylon Cinema in Berlin\" data-date=\"2024-11-06T23:48:06+00:00\">\n\n<div class=\"post-thumbnail-wrap\">\n\t<div class=\"post-thumbnail\">\n\t\t\n\t\t\n\t\t<a href=\"https:\/\/ucm.one\/en\/martin-reads-the-quran-by-jurijs-saule-celebrated-its-theatrical-release-at-the-traditional-babylon-cinema-in-berlin\/\" class=\"post-thumbnail-rollover layzr-bg layzr-bg\" ><img decoding=\"async\" class=\"iso-lazy-load preload-me iso-lazy-load aspect\" src=\"data:image\/svg+xml,%3Csvg%20xmlns%3D&#39;http%3A%2F%2Fwww.w3.org%2F2000%2Fsvg&#39;%20viewBox%3D&#39;0%200%20990%20309&#39;%2F%3E\" data-src=\"https:\/\/ucm.one\/wp-content\/uploads\/2024\/11\/B-MLDK-Premiere-EN-990x309.jpg\" data-srcset=\"https:\/\/ucm.one\/wp-content\/uploads\/2024\/11\/B-MLDK-Premiere-EN-990x309.jpg 990w, https:\/\/ucm.one\/wp-content\/uploads\/2024\/11\/B-MLDK-Premiere-EN-1485x464.jpg 1485w\" loading=\"eager\" style=\"--ratio: 990 \/ 309\" sizes=\"(max-width: 990px) 100vw, 990px\" alt=\"\" title=\"B MLDK Premiere EN\" width=\"990\" height=\"309\"  \/><\/a>\t<\/div>\n<\/div>\n\n\n<div class=\"post-entry-content\">\n\n\t<h3 class=\"entry-title\">\n\t\t<a href=\"https:\/\/ucm.one\/en\/martin-reads-the-quran-by-jurijs-saule-celebrated-its-theatrical-release-at-the-traditional-babylon-cinema-in-berlin\/\" title=\"\ud83c\udfac \u201cMartin Reads the Quran\u201d by Jurijs Saule celebrated its theatrical release at the traditional Babylon Cinema in Berlin\" rel=\"bookmark\">\ud83c\udfac \u201cMartin Reads the Quran\u201d by Jurijs Saule celebrated its theatrical release at the traditional Babylon Cinema in Berlin<\/a>\n\t<\/h3>\n\n\t<div class=\"entry-meta\"><span class=\"category-link\"><a href=\"https:\/\/ucm.one\/en\/category\/news-en\/film-en\/artkeim-en\/\" >Artkeim\u00b2<\/a>, <a href=\"https:\/\/ucm.one\/en\/category\/news-en\/cinema\/\" >Cinema<\/a>, <a href=\"https:\/\/ucm.one\/en\/category\/news-en\/film-en\/\" >Film<\/a>, <a href=\"https:\/\/ucm.one\/en\/category\/news-en\/movie-distribution\/\" >Movie Distribution<\/a>, <a href=\"https:\/\/ucm.one\/en\/category\/news-en\/\" >News<\/a><\/span><a class=\"author vcard\" href=\"\" title=\"View all posts by Joachim Keil\" rel=\"author\">By <span class=\"fn\">Joachim Keil<\/span><\/a><a href=\"https:\/\/ucm.one\/en\/2024\/11\/06\/\" title=\"23:48\" class=\"data-link\" rel=\"bookmark\"><time class=\"entry-date updated\" datetime=\"2024-11-06T23:48:06+00:00\">6. November 2024<\/time><\/a><\/div>\n\t<div class=\"entry-excerpt\"><p>[vc_row][vc_column][vc_column_text css=&#8221;&#8221;]The psychological religious thriller about a family man of Iranian descent (Zejhun Demirov) who wants to get an assurance from a professor of Islamic studies (Ulrich Tukur) that the Quran allows the killing of third parties under certain circumstances had its Berlin and theatrical premiere in front of a sold-out house at the traditional&hellip;<\/p>\n<\/div>\n\t\n<a href=\"https:\/\/ucm.one\/en\/martin-reads-the-quran-by-jurijs-saule-celebrated-its-theatrical-release-at-the-traditional-babylon-cinema-in-berlin\/\" class=\"post-details details-type-link\" aria-label=\"Read more about \ud83c\udfac \u201cMartin Reads the Quran\u201d by Jurijs Saule celebrated its theatrical release at the traditional Babylon Cinema in Berlin\">More<i class=\"dt-icon-the7-arrow-03\" aria-hidden=\"true\"><\/i><\/a>\n\n<\/div><\/article><\/div><div class=\"visible wf-cell\" data-post-id=\"109127\" data-date=\"2024-10-24T10:59:02+00:00\" data-name=\"\ud83c\udfac  German premiere of \u201cMartin Reads the Quran\u201d at the Hof International Film Festival. In cinemas from November 6, 2024 at Babylon Mitte\"><article class=\"post project-odd visible post-109127 type-post status-publish format-standard has-post-thumbnail hentry category-artkeim-en category-cinema category-film-en category-movie-distribution category-news-en tag-alissia-krupsky-2 tag-deutscher-filmpreis-en tag-hofer-filmtage-2 tag-internationale-hofer-filmtage-2 tag-islam-2 tag-jurijs-saule-2 tag-lola-en tag-martin-reads-the-quran tag-michail-lurje-2 tag-prince-chughtai-2 tag-sarah-sandeh-2 tag-ulrich-tukur-2 tag-zejhun-demirov-2 category-570 category-1011 category-942 category-4630 category-941\" data-name=\"\ud83c\udfac  German premiere of \u201cMartin Reads the Quran\u201d at the Hof International Film Festival. In cinemas from November 6, 2024 at Babylon Mitte\" data-date=\"2024-10-24T10:59:02+00:00\">\n\n<div class=\"post-thumbnail-wrap\">\n\t<div class=\"post-thumbnail\">\n\t\t\n\t\t\n\t\t<a href=\"https:\/\/ucm.one\/en\/german-premiere-of-martin-reads-the-quran-at-the-hof-international-film-festival-in-cinemas-from-november-6-2024-at-babylon-mitte\/\" class=\"post-thumbnail-rollover layzr-bg layzr-bg\" ><img decoding=\"async\" class=\"iso-lazy-load preload-me iso-lazy-load aspect\" src=\"data:image\/svg+xml,%3Csvg%20xmlns%3D&#39;http%3A%2F%2Fwww.w3.org%2F2000%2Fsvg&#39;%20viewBox%3D&#39;0%200%20990%20309&#39;%2F%3E\" data-src=\"https:\/\/ucm.one\/wp-content\/uploads\/2024\/10\/MLDK-Hof-Babylon-EN-1920x600-1-990x309.jpeg\" data-srcset=\"https:\/\/ucm.one\/wp-content\/uploads\/2024\/10\/MLDK-Hof-Babylon-EN-1920x600-1-990x309.jpeg 990w, https:\/\/ucm.one\/wp-content\/uploads\/2024\/10\/MLDK-Hof-Babylon-EN-1920x600-1-1485x464.jpeg 1485w\" loading=\"eager\" style=\"--ratio: 990 \/ 309\" sizes=\"(max-width: 990px) 100vw, 990px\" alt=\"\" title=\"MLDK Hof : Babylon EN 1920&#215;600\" width=\"990\" height=\"309\"  \/><\/a>\t<\/div>\n<\/div>\n\n\n<div class=\"post-entry-content\">\n\n\t<h3 class=\"entry-title\">\n\t\t<a href=\"https:\/\/ucm.one\/en\/german-premiere-of-martin-reads-the-quran-at-the-hof-international-film-festival-in-cinemas-from-november-6-2024-at-babylon-mitte\/\" title=\"\ud83c\udfac  German premiere of \u201cMartin Reads the Quran\u201d at the Hof International Film Festival. In cinemas from November 6, 2024 at Babylon Mitte\" rel=\"bookmark\">\ud83c\udfac  German premiere of \u201cMartin Reads the Quran\u201d at the Hof International Film Festival. In cinemas from November 6, 2024 at Babylon Mitte<\/a>\n\t<\/h3>\n\n\t<div class=\"entry-meta\"><span class=\"category-link\"><a href=\"https:\/\/ucm.one\/en\/category\/news-en\/film-en\/artkeim-en\/\" >Artkeim\u00b2<\/a>, <a href=\"https:\/\/ucm.one\/en\/category\/news-en\/cinema\/\" >Cinema<\/a>, <a href=\"https:\/\/ucm.one\/en\/category\/news-en\/film-en\/\" >Film<\/a>, <a href=\"https:\/\/ucm.one\/en\/category\/news-en\/movie-distribution\/\" >Movie Distribution<\/a>, <a href=\"https:\/\/ucm.one\/en\/category\/news-en\/\" >News<\/a><\/span><a class=\"author vcard\" href=\"\" title=\"View all posts by Joachim Keil\" rel=\"author\">By <span class=\"fn\">Joachim Keil<\/span><\/a><a href=\"https:\/\/ucm.one\/en\/2024\/10\/24\/\" title=\"10:59\" class=\"data-link\" rel=\"bookmark\"><time class=\"entry-date updated\" datetime=\"2024-10-24T10:59:02+00:00\">24. October 2024<\/time><\/a><\/div>\n\t<div class=\"entry-excerpt\"><p>[vc_row][vc_column][vc_column_text css=&#8221;&#8221;]The psychological thriller \u201cMartin liest den Koran\u201d (Martin Reads the Quran) by Jurijs Saule celebrates its German premiere today at the Hof International Film Festival. The theatrical release premiere will be celebrated on Wednesday, 6 November 2024 with a screening at Babylon Mitte in Berlin with the film team and guests. The regular theatrical&hellip;<\/p>\n<\/div>\n\t\n<a href=\"https:\/\/ucm.one\/en\/german-premiere-of-martin-reads-the-quran-at-the-hof-international-film-festival-in-cinemas-from-november-6-2024-at-babylon-mitte\/\" class=\"post-details details-type-link\" aria-label=\"Read more about \ud83c\udfac  German premiere of \u201cMartin Reads the Quran\u201d at the Hof International Film Festival. In cinemas from November 6, 2024 at Babylon Mitte\">More<i class=\"dt-icon-the7-arrow-03\" aria-hidden=\"true\"><\/i><\/a>\n\n<\/div><\/article><\/div><\/div><!-- iso-container|iso-grid --><\/div>[vc_btn title=&#8221;All News&#8221; style=&#8221;flat&#8221; align=&#8221;right&#8221; i_icon_fontawesome=&#8221;fa fa-regular fa-newspaper&#8221; css=&#8221;.vc_custom_1762096124761{margin-top: 25px !important;}&#8221; add_icon=&#8221;true&#8221; link=&#8221;url:https%3A%2F%2Fucm.one%2Fen%2Ftag%2Fmartin-reads-the-quran%2F|title:All%20News&#8221;][vc_empty_space height=&#8221;15px&#8221;][\/vc_column][\/vc_row][vc_row][vc_column][vc_separator color=&#8221;custom&#8221; accent_color=&#8221;#0141a0&#8243;][\/vc_column][\/vc_row][vc_row css=&#8221;.vc_custom_1518458873891{margin-top: 65px !important;}&#8221;][vc_column width=&#8221;1\/5&#8243;][vc_btn title=&#8221;Overview&#8221; style=&#8221;flat&#8221; size=&#8221;lg&#8221; align=&#8221;center&#8221; i_icon_fontawesome=&#8221;fas fa-home&#8221; button_block=&#8221;true&#8221; add_icon=&#8221;true&#8221; link=&#8221;url:https%3A%2F%2Fucm.one%2Fen%2F|title:Overview|&#8221;][\/vc_column][vc_column width=&#8221;1\/5&#8243;][vc_btn title=&#8221;Movies&#8221; style=&#8221;flat&#8221; size=&#8221;lg&#8221; align=&#8221;center&#8221; i_icon_fontawesome=&#8221;fas fa-film&#8221; button_block=&#8221;true&#8221; add_icon=&#8221;true&#8221; link=&#8221;url:https%3A%2F%2Fucm.one%2Fen%2Ffilm-labels%2F|title:Movies|&#8221;][\/vc_column][vc_column width=&#8221;1\/5&#8243;][vc_btn title=&#8221;Cinema&#8221; style=&#8221;flat&#8221; size=&#8221;lg&#8221; align=&#8221;center&#8221; i_icon_fontawesome=&#8221;fas fa-star&#8221; css=&#8221;&#8221; button_block=&#8221;true&#8221; add_icon=&#8221;true&#8221; link=&#8221;url:https%3A%2F%2Fucm.one%2Fen%2Ftheatrical-distribution%2Ftheatrical-releases%2F%23martin-liest-den-koran|title:Martin%20liest%20den%20Koran&#8221;][\/vc_column][vc_column width=&#8221;1\/5&#8243;][vc_btn title=&#8221;Artkeim\u00b2&#8221; style=&#8221;flat&#8221; size=&#8221;lg&#8221; align=&#8221;center&#8221; i_icon_fontawesome=&#8221;fas fa-arrow-right&#8221; button_block=&#8221;true&#8221; add_icon=&#8221;true&#8221; link=&#8221;url:https%3A%2F%2Fucm.one%2Fen%2Ffilm-labels%2Fartkeim%2F|title:Artkeim%C2%B2|&#8221;][\/vc_column][vc_column width=&#8221;1\/5&#8243;][vc_btn title=&#8221;IMDB&#8221; style=&#8221;flat&#8221; color=&#8221;sky&#8221; size=&#8221;lg&#8221; align=&#8221;center&#8221; i_icon_fontawesome=&#8221;fab fa-imdb&#8221; css=&#8221;&#8221; button_block=&#8221;true&#8221; add_icon=&#8221;true&#8221; link=&#8221;url:https%3A%2F%2Fwww.imdb.com%2Ftitle%2Ftt26687375|title:IMDb|target:_blank|&#8221;][\/vc_column][\/vc_row][vc_row content_placement=&#8221;middle&#8221; bg_type=&#8221;grad&#8221; ult_hide_row=&#8221;ult_hide_row_value&#8221; ult_hide_row_large_screen=&#8221;large_screen&#8221; ult_hide_row_desktop=&#8221;desktop&#8221; css=&#8221;.vc_custom_1518701755537{margin-top: 0px !important;padding-top: -50px !important;}&#8221; bg_grad=&#8221;background: -webkit-gradient(linear, left top, left bottom, color-stop(0%, #E3E3E3), color-stop(0%, #FFFFFF), color-stop(6%, #FFFFFF), color-stop(7%, #FFFFFF), color-stop(50%, #FFFFFF));background: -moz-linear-gradient(top,#E3E3E3 0%,#FFFFFF 0%,#FFFFFF 6%,#FFFFFF 7%,#FFFFFF 50%);background: -webkit-linear-gradient(top,#E3E3E3 0%,#FFFFFF 0%,#FFFFFF 6%,#FFFFFF 7%,#FFFFFF 50%);background: -o-linear-gradient(top,#E3E3E3 0%,#FFFFFF 0%,#FFFFFF 6%,#FFFFFF 7%,#FFFFFF 50%);background: -ms-linear-gradient(top,#E3E3E3 0%,#FFFFFF 0%,#FFFFFF 6%,#FFFFFF 7%,#FFFFFF 50%);background: linear-gradient(top,#E3E3E3 0%,#FFFFFF 0%,#FFFFFF 6%,#FFFFFF 7%,#FFFFFF 50%);&#8221;][vc_column][vc_btn title=&#8221;Contact&#8221; style=&#8221;flat&#8221; color=&#8221;juicy-pink&#8221; size=&#8221;lg&#8221; align=&#8221;center&#8221; i_icon_fontawesome=&#8221;far fa-envelope&#8221; button_block=&#8221;true&#8221; add_icon=&#8221;true&#8221; link=&#8221;url:https%3A%2F%2Fucm.one%2Fen%2Fcompany%2Fcontact%2F|title:Contact|&#8221;][\/vc_column][\/vc_row]<\/p>\n<\/div>","protected":false},"excerpt":{"rendered":"<p>[vc_row][vc_column width=&#8221;3\/4&#8243; css=&#8221;.vc_custom_1561291995466{padding-right: 30px !important;}&#8221;][vc_column_text css=&#8221;&#8221;] Martin liest den Koran | Martin Reads the Quran: [\/vc_column_text][vc_column_text css=&#8221;&#8221;] A likeable family man with Iranian roots and a professor of Islamic studies. One asks the other to a conversation about faith and disbelief, good and evil and about the question of whether the precepts of the Koran&hellip;<\/p>\n","protected":false},"author":2,"featured_media":107837,"parent":0,"menu_order":0,"comment_status":"closed","ping_status":"closed","template":"","meta":{"_acf_changed":false,"footnotes":""},"class_list":["post-107303","page","type-page","status-publish","has-post-thumbnail","hentry","description-off"],"acf":[],"yoast_head":"<!-- This site is optimized with the Yoast SEO plugin v27.5 - https:\/\/yoast.com\/product\/yoast-seo-wordpress\/ -->\n<title>Martin Reads the Quran (2024) by Jurijs Saule | Artkeim\u00b2<\/title>\n<meta name=\"description\" content=\"A family man and student of the Koran visits a professor of Islamic Studies to discuss a planned bomb attack.\" \/>\n<meta name=\"robots\" content=\"index, follow, max-snippet:-1, max-image-preview:large, max-video-preview:-1\" \/>\n<link rel=\"canonical\" href=\"https:\/\/ucm.one\/en\/martin-reads-the-quran\/\" \/>\n<meta property=\"og:locale\" content=\"en_US\" \/>\n<meta property=\"og:type\" content=\"article\" \/>\n<meta property=\"og:title\" content=\"Martin Reads the Quran (2024) by Jurijs Saule | Artkeim\u00b2\" \/>\n<meta property=\"og:description\" content=\"A family man and student of the Koran visits a professor of Islamic Studies to discuss a planned bomb attack.\" \/>\n<meta property=\"og:url\" content=\"https:\/\/ucm.one\/en\/martin-reads-the-quran\/\" \/>\n<meta property=\"og:site_name\" content=\"UCM.ONE\" \/>\n<meta property=\"article:modified_time\" content=\"2025-11-02T15:08:50+00:00\" \/>\n<meta property=\"og:image\" content=\"https:\/\/ucm.one\/wp-content\/uploads\/2024\/09\/YT-Martin-liest-den-Koran-300x300.jpg\" \/>\n<meta name=\"twitter:card\" content=\"summary_large_image\" \/>\n<meta name=\"twitter:title\" content=\"Martin Reads the Quran (2024) by Jurijs Saule | Artkeim\u00b2\" \/>\n<meta name=\"twitter:description\" content=\"A family man and student of the Koran visits a professor of Islamic Studies to discuss a planned bomb attack.\" \/>\n<meta name=\"twitter:image\" content=\"https:\/\/ucm.one\/wp-content\/uploads\/2024\/09\/YT-Martin-liest-den-Koran.jpg\" \/>\n<meta name=\"twitter:label1\" content=\"Est. reading time\" \/>\n\t<meta name=\"twitter:data1\" content=\"23 minutes\" \/>\n<!-- \/ Yoast SEO plugin. -->","yoast_head_json":{"title":"Martin Reads the Quran (2024) by Jurijs Saule | Artkeim\u00b2","description":"A family man and student of the Koran visits a professor of Islamic Studies to discuss a planned bomb attack.","robots":{"index":"index","follow":"follow","max-snippet":"max-snippet:-1","max-image-preview":"max-image-preview:large","max-video-preview":"max-video-preview:-1"},"canonical":"https:\/\/ucm.one\/en\/martin-reads-the-quran\/","og_locale":"en_US","og_type":"article","og_title":"Martin Reads the Quran (2024) by Jurijs Saule | Artkeim\u00b2","og_description":"A family man and student of the Koran visits a professor of Islamic Studies to discuss a planned bomb attack.","og_url":"https:\/\/ucm.one\/en\/martin-reads-the-quran\/","og_site_name":"UCM.ONE","article_modified_time":"2025-11-02T15:08:50+00:00","og_image":[{"url":"https:\/\/ucm.one\/wp-content\/uploads\/2024\/09\/YT-Martin-liest-den-Koran-300x300.jpg","type":"","width":"","height":""}],"twitter_card":"summary_large_image","twitter_title":"Martin Reads the Quran (2024) by Jurijs Saule | Artkeim\u00b2","twitter_description":"A family man and student of the Koran visits a professor of Islamic Studies to discuss a planned bomb attack.","twitter_image":"https:\/\/ucm.one\/wp-content\/uploads\/2024\/09\/YT-Martin-liest-den-Koran.jpg","twitter_misc":{"Est. reading time":"23 minutes"},"schema":{"@context":"https:\/\/schema.org","@graph":[{"@type":"WebPage","@id":"https:\/\/ucm.one\/en\/martin-reads-the-quran\/","url":"https:\/\/ucm.one\/en\/martin-reads-the-quran\/","name":"Martin Reads the Quran (2024) by Jurijs Saule | Artkeim\u00b2","isPartOf":{"@id":"https:\/\/ucm.one\/en\/#website"},"primaryImageOfPage":{"@id":"https:\/\/ucm.one\/en\/martin-reads-the-quran\/#primaryimage"},"image":{"@id":"https:\/\/ucm.one\/en\/martin-reads-the-quran\/#primaryimage"},"thumbnailUrl":"https:\/\/ucm.one\/wp-content\/uploads\/2024\/10\/P-Martin-liest-den-Koran-Poster.jpg","datePublished":"2024-09-29T20:26:56+00:00","dateModified":"2025-11-02T15:08:50+00:00","description":"A family man and student of the Koran visits a professor of Islamic Studies to discuss a planned bomb attack.","breadcrumb":{"@id":"https:\/\/ucm.one\/en\/martin-reads-the-quran\/#breadcrumb"},"inLanguage":"en-US","potentialAction":[{"@type":"ReadAction","target":["https:\/\/ucm.one\/en\/martin-reads-the-quran\/"]}]},{"@type":"ImageObject","inLanguage":"en-US","@id":"https:\/\/ucm.one\/en\/martin-reads-the-quran\/#primaryimage","url":"https:\/\/ucm.one\/wp-content\/uploads\/2024\/10\/P-Martin-liest-den-Koran-Poster.jpg","contentUrl":"https:\/\/ucm.one\/wp-content\/uploads\/2024\/10\/P-Martin-liest-den-Koran-Poster.jpg","width":699,"height":1000},{"@type":"BreadcrumbList","@id":"https:\/\/ucm.one\/en\/martin-reads-the-quran\/#breadcrumb","itemListElement":[{"@type":"ListItem","position":1,"name":"Home","item":"https:\/\/ucm.one\/en\/"},{"@type":"ListItem","position":2,"name":"Martin Reads the Quran (2024) by Jurijs Saule | Artkeim\u00b2"}]},{"@type":"WebSite","@id":"https:\/\/ucm.one\/en\/#website","url":"https:\/\/ucm.one\/en\/","name":"UCM.ONE","description":"","publisher":{"@id":"https:\/\/ucm.one\/en\/#organization"},"potentialAction":[{"@type":"SearchAction","target":{"@type":"EntryPoint","urlTemplate":"https:\/\/ucm.one\/en\/?s={search_term_string}"},"query-input":{"@type":"PropertyValueSpecification","valueRequired":true,"valueName":"search_term_string"}}],"inLanguage":"en-US"},{"@type":"Organization","@id":"https:\/\/ucm.one\/en\/#organization","name":"UCM.ONE","url":"https:\/\/ucm.one\/en\/","logo":{"@type":"ImageObject","inLanguage":"en-US","@id":"https:\/\/ucm.one\/en\/#\/schema\/logo\/image\/","url":"https:\/\/ucm.one\/wp-content\/uploads\/2019\/10\/UCM.ONE-Logo-RGB.svg","contentUrl":"https:\/\/ucm.one\/wp-content\/uploads\/2019\/10\/UCM.ONE-Logo-RGB.svg","width":1,"height":1,"caption":"UCM.ONE"},"image":{"@id":"https:\/\/ucm.one\/en\/#\/schema\/logo\/image\/"}}]}},"_links":{"self":[{"href":"https:\/\/ucm.one\/en\/wp-json\/wp\/v2\/pages\/107303","targetHints":{"allow":["GET"]}}],"collection":[{"href":"https:\/\/ucm.one\/en\/wp-json\/wp\/v2\/pages"}],"about":[{"href":"https:\/\/ucm.one\/en\/wp-json\/wp\/v2\/types\/page"}],"author":[{"embeddable":true,"href":"https:\/\/ucm.one\/en\/wp-json\/wp\/v2\/users\/2"}],"replies":[{"embeddable":true,"href":"https:\/\/ucm.one\/en\/wp-json\/wp\/v2\/comments?post=107303"}],"version-history":[{"count":16,"href":"https:\/\/ucm.one\/en\/wp-json\/wp\/v2\/pages\/107303\/revisions"}],"predecessor-version":[{"id":411713,"href":"https:\/\/ucm.one\/en\/wp-json\/wp\/v2\/pages\/107303\/revisions\/411713"}],"wp:featuredmedia":[{"embeddable":true,"href":"https:\/\/ucm.one\/en\/wp-json\/wp\/v2\/media\/107837"}],"wp:attachment":[{"href":"https:\/\/ucm.one\/en\/wp-json\/wp\/v2\/media?parent=107303"}],"curies":[{"name":"wp","href":"https:\/\/api.w.org\/{rel}","templated":true}]}}