{"id":103010,"date":"2024-03-29T23:16:02","date_gmt":"2024-03-29T23:16:02","guid":{"rendered":"https:\/\/ucm.one\/surviving-brandenburg-2023-by-zoltan-paul-ben-von-grafenstein-darling-berlin\/"},"modified":"2024-03-30T01:45:30","modified_gmt":"2024-03-30T01:45:30","slug":"surviving-brandenburg","status":"publish","type":"page","link":"https:\/\/ucm.one\/en\/surviving-brandenburg\/","title":{"rendered":"Surviving Brandenburg (2023) by Zoltan Paul &#038; Ben von Grafenstein | Darling Berlin"},"content":{"rendered":"<div class=\"wpb-content-wrapper\"><p>[vc_row][vc_column width=&#8221;3\/4&#8243; css=&#8221;.vc_custom_1561291995466{padding-right: 30px !important;}&#8221;][vc_column_text]<\/p>\n<h1>Surviving Brandenburg<span style=\"color: #ffffff;\">:<\/span><\/h1>\n<p>[\/vc_column_text][vc_column_text]<br \/>\n&#8220;<strong>Surviving Brandenburg<\/strong>&#8221; (German title: &#8220;<strong>\u00dcberleben in Brandenburg<\/strong>&#8220;) by <strong>Zoltan Paul<\/strong> and <strong>Ben von Grafenstein<\/strong> tells the story of a marginalised <em>&#8220;best-ager director&#8221;<\/em> who tries to prevent a right-wing mayor from taking office in his village of 120 inhabitants. The film, which is being distributed by <span style=\"font-family: 'arial black', sans-serif;\"><strong>UCM.ONE<\/strong><\/span> on the Berlin film label <strong>Darling Berlin<\/strong>, is a comedy about age discrimination and the post-midlife crisis with a highly topical reference to the political situation.<br \/>\n[\/vc_column_text][vc_row_inner][vc_column_inner width=&#8221;1\/2&#8243; css=&#8221;.vc_custom_1561290391124{border-right-width: -15px !important;}&#8221;][vc_single_image image=&#8221;102555&#8243; img_size=&#8221;full&#8221; onclick=&#8221;link_image&#8221;][\/vc_column_inner][vc_column_inner width=&#8221;1\/2&#8243;][vc_single_image image=&#8221;102557&#8243; img_size=&#8221;full&#8221; onclick=&#8221;link_image&#8221;][\/vc_column_inner][\/vc_row_inner][vc_column_text]<\/p>\n<h3><strong><span style=\"font-size: 14pt;\">Summary<\/span><\/strong><\/h3>\n<p style=\"font-weight: 400;\">L\u00e1szl\u00f3 Kov\u00e1cs, auteur filmmaker, is denied funding for his film project: too old, white and heart problems to boot! Conclusion: no longer employable. Wasn&#8217;t the Hungarian from Lake Balaton aiming high? What now? Continue to be on his successful wife&#8217;s back? L\u00e1szl\u00f3 slips into a real life crisis and initially finds solace in the fascinating attraction of a &#8220;crazy woman&#8221; from the neighbouring village. But when a right-wing populist stands as the only candidate for mayor in the village of 120 souls, L\u00e1szl\u00f3 comes to his senses. In order to &#8220;prevent the right-wing idiot&#8221;, he puts himself forward as a liberal counter-candidate.<\/p>\n<p>[\/vc_column_text][vc_column_text]<\/p>\n<p style=\"font-weight: 400;\">The only question that remains is whether L\u00e1szl\u00f3&#8217;s marriage and he himself will survive the village election campaign?<\/p>\n<p>[\/vc_column_text][vc_row_inner][vc_column_inner css=&#8221;.vc_custom_1561290391124{border-right-width: -15px !important;}&#8221;][vc_single_image image=&#8221;102490&#8243; img_size=&#8221;full&#8221;][\/vc_column_inner][\/vc_row_inner][vc_column_text]<\/p>\n<h3><strong><span style=\"font-size: 14pt;\">Director&#8217;s Note by Ben von Grafenstein<\/span><\/strong><\/h3>\n<p><em>&#8220;\u201eSurviving Brandenburg&#8221; is a film about growing old, missteps and the post-midlife crisis with a highly topical reference to the political situation in Germany and Europe. Despite and precisely because of the important social and political background, \u00dcberleben in Brandenburg is a film for the audience, an entertaining comedy.<\/em><\/p>\n<p><em>At the centre of the story is L\u00e1szl\u00f3 Kov\u00e1cs, a discarded best-ager director. The film deals with many personal experiences and stories about Zoltan Paul. Zoltan lived as an indie director in the Brandenburg countryside. The crisis of meaning that L\u00e1szl\u00f3 experiences is all too familiar to him as a filmmaker. L\u00e1szl\u00f3 Kov\u00e1cs is actually Zoltan Paul&#8217;s alter ego. The film draws its comedic power from Zoltan&#8217;s self-deprecating, unsparing portrayal and his honest and courageous way of dealing with himself. That was and has been the film&#8217;s concept from the very beginning.<\/em><br \/>\n[\/vc_column_text][vc_column_text]<\/p>\n<p style=\"font-weight: 400;\"><em>Unfortunately, there is something very sad about the film&#8217;s genesis. Zoltan and I lived on the same lake in Brandenburg, just a few rowing strokes away. We spent almost every weekend there with friends over the last few years. We drank, argued, had inspiring and less inspiring conversations &#8211; a bit like in a film. A few years ago, Zoltan asked me if I wanted to work with him on his last film before he retired. We started talking about the story. As he was playing the lead role, he asked me if I would like to direct the film with him. Being involved in film projects myself, I had to say no. Then Zoltan died unexpectedly and everyone was shocked. Although the main shooting had been completed, the unfinished and not yet functioning film lay idle.<\/em><\/p>\n<p>[\/vc_column_text][vc_row_inner][vc_column_inner width=&#8221;1\/2&#8243; css=&#8221;.vc_custom_1561290391124{border-right-width: -15px !important;}&#8221;][vc_single_image image=&#8221;102632&#8243; img_size=&#8221;full&#8221; onclick=&#8221;link_image&#8221;][\/vc_column_inner][vc_column_inner width=&#8221;1\/2&#8243;][vc_single_image image=&#8221;102562&#8243; img_size=&#8221;full&#8221; onclick=&#8221;link_image&#8221;][\/vc_column_inner][\/vc_row_inner][vc_column_text]<\/p>\n<p style=\"font-weight: 400;\"><em>There were many attempts to integrate Zoltan&#8217;s death into the film with reshoots and voiceovers. It was only after a long struggle that I decided to take over the baton, the direction, and discard all these concepts. I worked on the film for about a year, concentrating on the story, characters and humour. Dialogue was written and inserted where necessary and the ending was reshot in the form of a kiss-off. Together with Julian Adam Pajzs, Zoltan&#8217;s son and film musician, we both wanted to avoid the well-trodden paths of folk music, western or country music that you often hear in German village comedies. Inspired by old master Piero Umiliani and South American rhythms, we created a mixture of lo-fi sound aesthetics and an emotional score that gives the film something special, warm and quirky at the same time.<\/em><\/p>\n<p>[\/vc_column_text][vc_single_image image=&#8221;102508&#8243; img_size=&#8221;full&#8221;][vc_column_text]<\/p>\n<p style=\"font-weight: 400;\"><em>Despite the politically serious background, &#8220;Surviving Brandenburg&#8221; is a warm-hearted, touching film. A film about life and survival. <strong>It is a film for Zoltan: a fun-loving, quirky bon vivant, a colleague &#8211; a loyal friend.&#8221;<\/strong><\/em><\/p>\n<p>[\/vc_column_text][\/vc_column][vc_column width=&#8221;1\/4&#8243; css=&#8221;.vc_custom_1581030319933{margin-top: 15px !important;margin-bottom: 36px !important;background-color: #efefef !important;}&#8221;]<style type=\"text\/css\" data-type=\"the7_shortcodes-inline-css\">.shortcode-single-image-wrap.shortcode-single-image-882ee1c982a0411c5092e290f575d47a.enable-bg-rollover .rollover i,\n.shortcode-single-image-wrap.shortcode-single-image-882ee1c982a0411c5092e290f575d47a.enable-bg-rollover .rollover-video i {\n  background: -webkit-linear-gradient();\n  background: linear-gradient();\n}\n.shortcode-single-image-wrap.shortcode-single-image-882ee1c982a0411c5092e290f575d47a .rollover-icon {\n  font-size: 32px;\n  color: #ffffff;\n  min-width: 44px;\n  min-height: 44px;\n  line-height: 44px;\n  border-radius: 100px;\n  border-style: solid;\n  border-width: 0px;\n}\n.dt-icon-bg-on.shortcode-single-image-wrap.shortcode-single-image-882ee1c982a0411c5092e290f575d47a .rollover-icon {\n  background: rgba(255,255,255,0.3);\n  box-shadow: none;\n}<\/style><div class=\"shortcode-single-image-wrap shortcode-single-image-882ee1c982a0411c5092e290f575d47a alignnone  vc_custom_1711762971244 enable-bg-rollover dt-icon-bg-off\" ><div class=\"shortcode-single-image\"><div class=\"fancy-media-wrap\" style=\"\"><a class=\"layzr-bg rollover rollover-zoom dt-pswp-item pswp-image\" href=\"https:\/\/ucm.one\/wp-content\/uploads\/2024\/03\/P-Surviving-Brandenburg.jpg\" title=\"P Surviving Brandenburg\" data-dt-img-description=\"\" data-large_image_width=\"699\" data-large_image_height = \"1000\"  style=\"\"><img fetchpriority=\"high\" decoding=\"async\" class=\"preload-me lazy-load aspect\" src=\"data:image\/svg+xml,%3Csvg%20xmlns%3D&#39;http%3A%2F%2Fwww.w3.org%2F2000%2Fsvg&#39;%20viewBox%3D&#39;0%200%20699%20999&#39;%2F%3E\" data-src=\"https:\/\/ucm.one\/wp-content\/uploads\/2024\/03\/P-Surviving-Brandenburg.jpg\" data-srcset=\"https:\/\/ucm.one\/wp-content\/uploads\/2024\/03\/P-Surviving-Brandenburg.jpg 699w\" loading=\"eager\" style=\"--ratio: 699 \/ 999\" sizes=\"(max-width: 699px) 100vw, 699px\" width=\"699\" height=\"999\"  data-dt-location=\"https:\/\/ucm.one\/en\/film-labels\/darling-berlin\/p-surviving-brandenburg\/\" alt=\"\" \/><\/a><\/div><\/div><\/div>[vc_empty_space height=&#8221;10px&#8221;][vc_column_text]<br \/>\n<strong>Original title:<\/strong> \u00dcberleben in Brandenburg<\/p>\n<p><strong>Directors:<\/strong> Zoltan Paul, Ben von Grafenstein<\/p>\n<p><strong>Screenplay:<\/strong> Zoltan Paul<\/p>\n<p><strong>Cast:<\/strong> Zoltan Paul (L\u00e1szl\u00f3), Adele Neuhauser (Emma Meisel), Dietrich Hollinderb\u00e4umer (Fritz), Joachim Paul Assb\u00f6ck (Weidland), Laszlo I. Kish (Karcsi), Sabine Waibel (Lisa), Werner Eng (Mario), Ralph Herforth (Clemens), Attila Georg Borlan (Attila), Gisa Flake (Chantal), Andr\u00e9 Fischer (Andrzej), Ulrike Bliefert (L\u00e1szl\u00f3&#8217;s mother), Dietrich Hollinderb\u00e4umer (Fritz Meisel), Monica Reyes (journalist), Ruth Rosenfeld (Sabrina), Jessica Sy (Rita), and many more.<\/p>\n<p><strong>Producer:<\/strong> Clementina Hegewisch, Jan Kerhart, Sandra Maischberger (Production)<\/p>\n<p><strong>Cinematography:<\/strong> Jan Kerhart<\/p>\n<p><strong>Editing:<\/strong> Ben von Grafenstein, Antje Lass, Sebastian Bonde, Mirja Gerle<\/p>\n<p><strong>Sound:<\/strong> Andr\u00e9 Goeters<\/p>\n<p><strong>Visual effects:<\/strong> Roman Gonther<\/p>\n<p><strong>Music<\/strong>: Julian Adam Pajzs<\/p>\n<p>&nbsp;<\/p>\n<p><strong>Year of production:<\/strong> 2023<\/p>\n<p><strong>Production companies:<\/strong> Vincent Productions, NEXT Film<\/p>\n<p><strong>Genres:<\/strong> Comedy, Drama<\/p>\n<p><strong>Country:<\/strong> Germany<\/p>\n<p><strong>Language:<\/strong> German<\/p>\n<p><strong>Subtitles:<\/strong> English<\/p>\n<p>&nbsp;<\/p>\n<p><strong>Length<\/strong>: 80 min<\/p>\n<p><strong>Rating:<\/strong> FSK 12<\/p>\n<p><strong>Aspect ratio:<\/strong> 2.39:1 (2048&#215;858 pixels)<\/p>\n<p><strong>Frame rate:<\/strong> 25 fps<\/p>\n<p><strong>Sound:<\/strong> Surround 5.1, Stereo 2.0<\/p>\n<p><strong>Resolution:<\/strong> digital 2K[\/vc_column_text][vc_separator color=&#8221;custom&#8221; accent_color=&#8221;#a0a0a0&#8243;][vc_column_text]<em>More titles:<\/em><\/p>\n<p><strong>German: <\/strong>\u00dcber Leben in Brandenburg (Festival title), \u00dcberLeben in Brandenburg (working title)<\/p>\n<p><strong>English<\/strong>: Surviving Brandenburg, About Living in Brandenburg (alternative title)[\/vc_column_text][vc_separator color=&#8221;custom&#8221; accent_color=&#8221;#a0a0a0&#8243;][vc_column_text]<em>World premiere:<\/em><\/p>\n<p><strong>57th Hof International Film Festival<\/strong> on 26.10.2023[\/vc_column_text][vc_separator color=&#8221;custom&#8221; accent_color=&#8221;#a0a0a0&#8243;][vc_column_text]<strong>Film label:<\/strong> Darling Berlin<\/p>\n<p><strong>Distributor:<\/strong> <span style=\"font-family: 'arial black', sans-serif;\"><strong>UCM.ONE<\/strong><\/span><\/p>\n<p>&nbsp;<\/p>\n<p><strong>Theatrical start Germany: <\/strong>April 11, 2024[\/vc_column_text][vc_separator color=&#8221;custom&#8221; accent_color=&#8221;#a0a0a0&#8243;][vc_btn title=&#8221;Press Material&#8221; color=&#8221;white&#8221; size=&#8221;sm&#8221; align=&#8221;center&#8221; i_icon_fontawesome=&#8221;fas fa-download&#8221; button_block=&#8221;true&#8221; add_icon=&#8221;true&#8221; css=&#8221;.vc_custom_1710697847729{margin-top: -15px !important;}&#8221; link=&#8221;url:https%3A%2F%2Fwww.ucm.one%2Fpresse%2Fdb_ueberleben-in-brandenburg.zip|title:Talk%20to%20me%20Presskit|rel:nofollow|&#8221;][\/vc_column][\/vc_row][vc_row][vc_column][vc_empty_space height=&#8221;10px&#8221;][vc_column_text css=&#8221;.vc_custom_1710802476567{margin-bottom: -10px !important;}&#8221;]<\/p>\n<h3><span style=\"font-size: 14pt;\">About <strong>Zoltan Paul<sup>\u2671<\/sup><\/strong> (director, screenplay and leading role) [L\u00e1szl\u00f3 Kov\u00e1cs]<\/span><\/h3>\n<p>[\/vc_column_text][vc_empty_space height=&#8221;35px&#8221;][vc_column_text]<\/p>\n<p style=\"font-weight: 400;\"><strong>Zoltan Pau<\/strong>l (real name: <strong>Zoltan Paul Pajzs Freiherr von R\u00e1calm\u00e1s<\/strong>) was born in Budapest in 1953 and emigrated to Austria at the age of 12, where he initially turned to rock music. He graduated from <strong>drama school<\/strong> in Vienna in 1978. During his training, he published several short stories in Viennese literary magazines and took part in the <strong>Orgien-Mysterien-Theater<\/strong> of the Viennese actionist <strong>Hermann Nitsch<\/strong>. After roles in films by <strong>Michael Haneke<\/strong> (&#8220;<strong>Lemminge<\/strong>&#8220;, 1979), <strong>Reinhard Schwabenitzky<\/strong> and others and a two-year engagement at the <strong>Schauspielhaus<\/strong> Vienna, he went on to theatre engagements at the <strong>Stadttheater M\u00fcnster<\/strong>, the <strong>Vereinigte St\u00e4dtische B\u00fchnen Krefeld<\/strong> <strong>and M\u00f6nchengladbach<\/strong> and four years at the <strong>Grillo-Theater Essen<\/strong>. He also acted in German television productions.<\/p>\n<p>[\/vc_column_text][vc_row_inner][vc_column_inner width=&#8221;1\/2&#8243;][vc_single_image image=&#8221;102569&#8243; img_size=&#8221;full&#8221; onclick=&#8221;link_image&#8221;][\/vc_column_inner][vc_column_inner width=&#8221;1\/2&#8243;][vc_column_text]<\/p>\n<p style=\"font-weight: 400;\">In the 1990s, he switched to directing and staged productions at theatres in Austria and Germany. His own plays &#8220;<strong>Salieri&#8217;s Mozart<\/strong>&#8221; (Vienna, Innsbruck) and &#8220;<strong>Rausch<\/strong>&#8220;, a rock opera freely adapted from the play &#8220;<strong>The Liar<\/strong>&#8221; by <strong>Carlo Goldoni<\/strong>, deserve special mention. He began writing his own screenplays with the aim of directing films.<\/p>\n<p>[\/vc_column_text][vc_column_text]<\/p>\n<p style=\"font-weight: 400;\"><strong>\u00a0Zoltan Paul<\/strong> realised his first short film &#8220;<strong>Gone<\/strong>&#8221; in 2001.<\/p>\n<p>[\/vc_column_text][vc_column_text]<\/p>\n<p style=\"font-weight: 400;\">In 2003, he made the feature film &#8220;<strong>Gone &#8211; A Deadly Passion<\/strong>&#8220;, produced by his own company <strong>Atoll Film<\/strong> and produced by <strong>13th Street \/ Universal Studios Network<\/strong>, with his then wife <strong>Adele Neuhauser<\/strong> in the leading role. The film was shown in competition at the A-Festival <strong>Internacional de Cine de Mar del Plata<\/strong> in Argentina in 2004 and in German cinemas from 7 March 2004.<\/p>\n<p>[\/vc_column_text][\/vc_column_inner][\/vc_row_inner][vc_column_text]<\/p>\n<p style=\"font-weight: 400;\">In 2008, <strong>Zoltan Paul<\/strong> directed the comedy &#8220;<strong>Unter Strom<\/strong>&#8220;, produced by <strong>NEXT Film Filmproduktion Berlin<\/strong>, for which he received the <em><strong>Thomas Pluch Award<\/strong><\/em> for the screenplay. The film, whose music was written by his son <strong>Julian Adam Pajzs<\/strong>, had its world premiere at the <strong>Munich Film Festival<\/strong> in June 2009 and was released in German cinemas on 10 December 2009. In Austria, the film was released in October 2010. 2012 saw the release of the film &#8220;<strong>Frauensee<\/strong>&#8220;. The film about a quartet of homosexual women was shown at the <strong>Hof Film Festival<\/strong> and at the<strong><em> Asian Film Festival<\/em><\/strong> in Busan, South Korea, as well as at gay and lesbian film festivals in Toronto, San Francisco, Milan, Boston, Lisbon, Prague and 30 other cities. &#8220;<strong>Frauensee<\/strong>&#8221; was released in cinemas in 2013 by <strong>Edition Salzgeber<\/strong>.<\/p>\n<p>[\/vc_column_text][vc_column_text]<\/p>\n<p style=\"font-weight: 400;\">This was followed in 2014 by &#8220;<strong>Amok &#8211; Hansi geht&#8217;s gut<\/strong>&#8220;, a crowdfunded film production that celebrated its world premiere at the <strong>Hof Film Festival<\/strong> and was shown immediately afterwards in competition at the <strong>Biberach Film Festival<\/strong>. The film was released via the <strong>Darling Berlin<\/strong> label in May 2015 and filming for &#8220;<strong>Breakdown in Tokyo &#8211; A father goes crazy<\/strong>&#8221; began in September 2015. A documentary film team accompanied the <em>&#8220;<strong>Futur-Rock<\/strong>&#8220;<\/em> band from Berlin on their tour of Japan. When the somewhat older director (<strong>Zoltan Paul<\/strong> as &#8220;L\u00e1szl\u00f3&#8221;) falls in love with a young Japanese woman, the film mutates into a music road movie tragicomedy with turbulent emotional rollercoaster rides for everyone involved.<\/p>\n<p>[\/vc_column_text][vc_row_inner][vc_column_inner width=&#8221;1\/2&#8243; css=&#8221;.vc_custom_1561290391124{border-right-width: -15px !important;}&#8221;][vc_single_image image=&#8221;102576&#8243; img_size=&#8221;full&#8221; onclick=&#8221;link_image&#8221;][\/vc_column_inner][vc_column_inner width=&#8221;1\/2&#8243;][vc_single_image image=&#8221;102578&#8243; img_size=&#8221;full&#8221; onclick=&#8221;link_image&#8221;][\/vc_column_inner][\/vc_row_inner][vc_column_text]<\/p>\n<p style=\"font-weight: 400;\"><strong>Zoltan Paul<\/strong> died unexpectedly in the summer of 2022, before completion, but after finishing the main shooting of the film &#8220;<strong>Surviving Brandenburg<\/strong>&#8221; (German title: &#8220;<strong>\u00dcberleben in Brandenburg<\/strong>&#8220;), which he had written. <strong>Zoltan Paul<\/strong> was a member of the <strong>German Film Academy<\/strong>.<\/p>\n<p>[\/vc_column_text][\/vc_column][\/vc_row][vc_row css=&#8221;.vc_custom_1682784923718{background-color: #ffffff !important;}&#8221;][vc_column][vc_column_text css=&#8221;.vc_custom_1705327079455{margin-bottom: -12px !important;}&#8221;]<span style=\"font-size: 12pt;\">Filmography (selection)<\/span>[\/vc_column_text][vc_empty_space height=&#8221;30px&#8221;][vc_row_inner css=&#8221;.vc_custom_1682790211450{margin-bottom: -25px !important;padding-bottom: -25px !important;background-color: #ffffff !important;border-radius: 5px !important;}&#8221;][vc_column_inner width=&#8221;1\/2&#8243;][vc_column_text css=&#8221;.vc_custom_1710809137393{margin-bottom: -5px !important;padding-bottom: 5px !important;}&#8221;]<\/p>\n<table style=\"border-collapse: collapse; width: 100%; height: 55px;\">\n<tbody>\n<tr style=\"height: 25px;\">\n<td style=\"width: 18.758003%; height: 10px; vertical-align: top;\">2023<\/td>\n<td style=\"width: 81.241997%; height: 10px;\"><strong>Surviving Brandenburg<\/strong> (Book, Director), feature film, 80 Min<\/td>\n<\/tr>\n<tr style=\"height: 22px;\">\n<td style=\"width: 18.758003%; height: 23px; text-align: left; vertical-align: top;\">2016<\/td>\n<td style=\"width: 81.241997%; height: 23px;\"><strong>Breakdown in Tokyo <\/strong>(Book, Director, Producer), feature film, 82 Min<\/td>\n<\/tr>\n<tr style=\"height: 22px;\">\n<td style=\"width: 18.758003%; vertical-align: top; height: 22px;\">2014<\/td>\n<td style=\"width: 81.241997%; height: 22px;\"><b>Amok &#8211; Hansi geht&#8217;s gut<\/b> (Book, Director, Producer), feature film, 84 Min<\/td>\n<\/tr>\n<tr style=\"height: 25px;\">\n<td style=\"width: 18.758003%; height: 10px; vertical-align: top;\">2012<\/td>\n<td style=\"width: 81.241997%; height: 10px;\"><strong>Frauensee<\/strong> (Book, Director), feature film, 90 Min<\/td>\n<\/tr>\n<\/tbody>\n<\/table>\n<p>[\/vc_column_text][\/vc_column_inner][vc_column_inner width=&#8221;1\/2&#8243;][vc_column_text css=&#8221;.vc_custom_1710809124810{margin-bottom: -5px !important;padding-bottom: 5px !important;}&#8221;]<\/p>\n<table style=\"border-collapse: collapse; width: 100%; height: 55px;\">\n<tbody>\n<tr style=\"height: 22px;\">\n<td style=\"width: 18.758003%; height: 23px; text-align: left; vertical-align: top;\">2009<\/td>\n<td style=\"width: 81.241997%; height: 23px;\"><strong>Unter Strom <\/strong>(Book, Director), feature film, 90 Min<\/td>\n<\/tr>\n<tr style=\"height: 22px;\">\n<td style=\"width: 18.758003%; vertical-align: top; height: 22px;\">2001<\/td>\n<td style=\"width: 81.241997%; height: 22px;\"><b>Gone &#8211; Eine t\u00f6dliche Leidenschaft<\/b> (Book, Director, Producer), feature film, 84 Min<\/td>\n<\/tr>\n<\/tbody>\n<\/table>\n<p>[\/vc_column_text][\/vc_column_inner][\/vc_row_inner][vc_empty_space][\/vc_column][\/vc_row][vc_row][vc_column][vc_empty_space height=&#8221;35px&#8221;][vc_column_text css=&#8221;.vc_custom_1710805305867{margin-bottom: -10px !important;}&#8221;]<\/p>\n<h3><span style=\"font-size: 14pt;\"><strong>About Ben von Grafenstein (director and editor)<\/strong><\/span><\/h3>\n<p>[\/vc_column_text][vc_empty_space height=&#8221;35px&#8221;][vc_column_text]<\/p>\n<p style=\"font-weight: 400;\"><strong>Ben von Grafenstein<\/strong> was born in W\u00fcrzburg in 1975. He began his film career as a film editor for feature films, documentaries and commercials. From 2000, <strong>Ben von Grafenstein<\/strong> studied &#8220;scenic directing&#8221; at the <strong>Baden-W\u00fcrttemberg Film Academy<\/strong>.<\/p>\n<p>[\/vc_column_text][vc_row_inner][vc_column_inner width=&#8221;3\/5&#8243;][vc_column_text]<\/p>\n<p style=\"font-weight: 400;\"><strong>Ben von Grafenstein<\/strong> has lived and worked as a writer, director, producer and film editor in Berlin since 2006. His films &#8220;<strong>Blindflug<\/strong>&#8221; and &#8220;<strong>Kasimir und Karoline<\/strong>&#8221; have been shown at international film festivals, including the <strong>Berlinale<\/strong> and the <strong>Munich Film Festival<\/strong>. <strong>Ben von Grafenstein<\/strong> has also directed, co-written and edited several TV films.<\/p>\n<p>[\/vc_column_text][vc_column_text]<\/p>\n<p style=\"font-weight: 400;\">His feature-length film &#8220;<strong>Die Ungewollten &#8211; Die Irrfahrt der St. Louis<\/strong>&#8221; was nominated for the <strong><em>Rockie Award of the Banff World Media Festival 2020<\/em><\/strong> in the TV Movie category and won the <em><strong>Robert Geisend\u00f6rfer Award 2021<\/strong><\/em>.<\/p>\n<p>[\/vc_column_text][vc_column_text]<\/p>\n<p style=\"font-weight: 400;\">In autumn 2023, his film &#8220;<strong>Surviving Brandenburg<\/strong>&#8221; (directed by<strong> Zoltan Paul<\/strong> &amp; <strong>Ben von Grafenstein<\/strong>) premiered at the <strong>Hof International Film Festival<\/strong>. In addition to his work as a filmmaker and producer, <strong>Ben von Grafenstein<\/strong> is also a film lecturer.<\/p>\n<p>[\/vc_column_text][\/vc_column_inner][vc_column_inner width=&#8221;2\/5&#8243;][vc_single_image image=&#8221;102583&#8243; img_size=&#8221;full&#8221; onclick=&#8221;link_image&#8221;][\/vc_column_inner][\/vc_row_inner][\/vc_column][\/vc_row][vc_row css=&#8221;.vc_custom_1682784923718{background-color: #ffffff !important;}&#8221;][vc_column][vc_column_text css=&#8221;.vc_custom_1705327079455{margin-bottom: -12px !important;}&#8221;]<span style=\"font-size: 12pt;\">Filmography (selection)<\/span>[\/vc_column_text][vc_empty_space height=&#8221;30px&#8221;][vc_row_inner css=&#8221;.vc_custom_1682790211450{margin-bottom: -25px !important;padding-bottom: -25px !important;background-color: #ffffff !important;border-radius: 5px !important;}&#8221;][vc_column_inner width=&#8221;1\/2&#8243;][vc_column_text css=&#8221;.vc_custom_1711038783823{margin-bottom: -5px !important;padding-bottom: 5px !important;}&#8221;]<\/p>\n<table style=\"border-collapse: collapse; width: 100%; height: 55px;\">\n<tbody>\n<tr style=\"height: 25px;\">\n<td style=\"width: 18.758003%; height: 10px; vertical-align: top;\">2023<\/td>\n<td style=\"width: 81.241997%; height: 10px;\"><strong>Surviving Brandenburg<\/strong> (Director, Editing), feature film<\/td>\n<\/tr>\n<tr style=\"height: 22px;\">\n<td style=\"width: 18.758003%; height: 23px; text-align: left; vertical-align: top;\">2022\/23<\/td>\n<td style=\"width: 81.241997%; height: 23px;\"><strong>Letzter Vorhang \/ The Intermission <\/strong>(Screenplay, Director, Editing), short film<\/td>\n<\/tr>\n<tr style=\"height: 22px;\">\n<td style=\"width: 18.758003%; vertical-align: top; height: 22px;\">2019<\/td>\n<td style=\"width: 81.241997%; height: 22px;\"><b>Die Ungewollten &#8211; Die Irrfahrten der St. Louis<\/b> (Director, Editing), feature film<\/td>\n<\/tr>\n<\/tbody>\n<\/table>\n<p>[\/vc_column_text][\/vc_column_inner][vc_column_inner width=&#8221;1\/2&#8243;][vc_column_text css=&#8221;.vc_custom_1710806517663{margin-bottom: -5px !important;padding-bottom: 5px !important;}&#8221;]<\/p>\n<table style=\"border-collapse: collapse; width: 100%; height: 55px;\">\n<tbody>\n<tr>\n<td style=\"width: 18.758003%; vertical-align: top;\">2014\/15<\/td>\n<td style=\"width: 81.241997%;\"><b>Die Klasse &#8211; Berlin 61 <\/b>(Director, Co-author), Spielfilm<\/td>\n<\/tr>\n<tr style=\"height: 25px;\">\n<td style=\"width: 18.758003%; height: 10px; vertical-align: top;\">2013<\/td>\n<td style=\"width: 81.241997%; height: 10px;\"><strong>Helmut Schmidt &#8211; Lebensfragen<\/strong> (Director), Dokumentarfilm<\/td>\n<\/tr>\n<tr style=\"height: 22px;\">\n<td style=\"width: 18.758003%; height: 23px; text-align: left; vertical-align: top;\">2011<\/td>\n<td style=\"width: 81.241997%; height: 23px;\"><strong>Kasimir und Karoline <\/strong>(Director, Co-author), Spielfilm<\/td>\n<\/tr>\n<tr style=\"height: 22px;\">\n<td style=\"width: 18.758003%; vertical-align: top; height: 22px;\">2006\/07<\/td>\n<td style=\"width: 81.241997%; height: 22px;\"><b>Blindflug<\/b> (Director, Co-author), Spielfilm<\/td>\n<\/tr>\n<\/tbody>\n<\/table>\n<p>[\/vc_column_text][\/vc_column_inner][\/vc_row_inner][vc_empty_space][vc_empty_space height=&#8221;15px&#8221;][vc_single_image image=&#8221;102496&#8243; img_size=&#8221;full&#8221;][\/vc_column][\/vc_row][vc_row][vc_column][vc_empty_space height=&#8221;30px&#8221;][vc_column_text css=&#8221;.vc_custom_1710808555759{margin-bottom: -10px !important;}&#8221;]<\/p>\n<h3><span style=\"font-size: 14pt;\">About <strong>Sandra Maischberger<\/strong> (production \/ Vincent Productions)<\/span><\/h3>\n<p>[\/vc_column_text][vc_empty_space height=&#8221;35px&#8221;][vc_column_text]<strong>Sandra Maischberger<\/strong> was born in Munich. From 1985, she was a presenter at <strong>Bayerischer Rundfunk<\/strong> (<strong>BR<\/strong>). She completed her training at the <strong>German School of Journalism in Munich<\/strong> in 1987.[\/vc_column_text][vc_row_inner][vc_column_inner width=&#8221;2\/5&#8243;][vc_single_image image=&#8221;102595&#8243; img_size=&#8221;full&#8221; onclick=&#8221;link_image&#8221;][\/vc_column_inner][vc_column_inner width=&#8221;3\/5&#8243; css=&#8221;.vc_custom_1710808973342{margin-top: -10px !important;}&#8221;][vc_column_text]<\/p>\n<p style=\"font-weight: 400;\">Since 1988 she has worked regularly as a TV presenter for broadcasters and programmes such as <strong>Tele 5<\/strong>, <strong>BR<\/strong> &#8220;<strong>Live aus dem Schlachthof<\/strong>&#8220;, <strong>SAT 1<\/strong> &#8220;<strong>Talk im Turm<\/strong>&#8220;, <strong>Premiere<\/strong> &#8220;<strong>0137<\/strong>&#8220;, <strong>VOX<\/strong> &#8220;<strong>Spiegel TV Interview<\/strong>&#8220;, <strong>n-tv<\/strong> &#8220;<strong>maischberger<\/strong>&#8220;.<\/p>\n<p>[\/vc_column_text][vc_column_text]<\/p>\n<p style=\"font-weight: 400;\">Since 2003, she has been the presenter of the<strong> ARD<\/strong> programme &#8220;<strong>maischberger<\/strong>&#8221; (formerly &#8220;<strong>Menschen bei Maischberger<\/strong>&#8221; and &#8220;<strong>maischberger.die woche<\/strong>&#8220;) named after her.<\/p>\n<p>[\/vc_column_text][vc_column_text]<\/p>\n<p style=\"font-weight: 400;\">Since 2001, <strong>Sandra Maischberger<\/strong> has also been active as a documentary filmmaker (including &#8220;<strong>50 Jahre Tagesschau<\/strong>&#8220;; &#8220;<strong>Helmut Schmidt au\u00dfer Dienst<\/strong>&#8220;; &#8220;<strong>Richard von Weizs\u00e4cker &#8211; f\u00fcr immer Pr\u00e4sident<\/strong>&#8220;; &#8220;<strong>Pershing statt Petting<\/strong>&#8220;). She has also been a producer and managing director of vincent productions since 2000. The company has produced films such as &#8220;<strong>Ein blinder Held &#8211; Die Liebe des Otto Weidt<\/strong>&#8220;; &#8220;<strong>Der gute G\u00f6ring<\/strong>&#8220;, &#8220;<strong>Mata Hari und Mademoiselle Docteu<\/strong>r&#8221; and <strong>&#8220;Nur eine Frau<\/strong>&#8220;.<\/p>\n<p>[\/vc_column_text][\/vc_column_inner][\/vc_row_inner][\/vc_column][\/vc_row][vc_row css=&#8221;.vc_custom_1682784923718{background-color: #ffffff !important;}&#8221;][vc_column][vc_column_text css=&#8221;.vc_custom_1710806900547{margin-bottom: -12px !important;}&#8221;]<span style=\"font-size: 12pt;\">Filmography (Production &#8211; Selection)<\/span>[\/vc_column_text][vc_empty_space height=&#8221;30px&#8221;][vc_row_inner css=&#8221;.vc_custom_1682790211450{margin-bottom: -25px !important;padding-bottom: -25px !important;background-color: #ffffff !important;border-radius: 5px !important;}&#8221;][vc_column_inner width=&#8221;1\/2&#8243;][vc_column_text css=&#8221;.vc_custom_1711039008266{margin-bottom: -5px !important;padding-bottom: 5px !important;}&#8221;]<\/p>\n<table style=\"border-collapse: collapse; width: 100%; height: 65px;\">\n<tbody>\n<tr style=\"height: 25px;\">\n<td style=\"width: 18.587354%; height: 65px; vertical-align: top;\" rowspan=\"3\">2023<\/td>\n<td style=\"width: 81.412646%; height: 20px;\"><strong>Die wilden Pferde von Do\u00f1ana<\/strong> (Director: Nadja Frenz), documentary (ZDF)<\/td>\n<\/tr>\n<tr style=\"height: 22px;\">\n<td style=\"width: 81.412646%; height: 23px;\"><strong>\u00dcberleben in Brandenburg<\/strong> (Director: Zoltan Paul &amp; Ben &amp; Grafenstein), feature film<\/td>\n<\/tr>\n<tr style=\"height: 22px;\">\n<td style=\"width: 81.412646%; height: 22px;\"><b>Riefenstahl<\/b> (Director: Andres Veiel), docuemntary<\/td>\n<\/tr>\n<tr>\n<td style=\"width: 18.587354%; vertical-align: top;\" rowspan=\"2\">2022<\/td>\n<td style=\"width: 81.412646%;\"><b>Kennedys Liebe zu Europa <\/b>(Director: Kai Christiansen), documentary (arte, NDR, ORF)<\/td>\n<\/tr>\n<tr>\n<td style=\"width: 81.412646%;\"><b>K\u00f6nigreich Jordanien <\/b>(Director: <span style=\"font-family: inherit; font-size: inherit;\">Steven Galling), documentary series (arte, NDR)<\/span><\/td>\n<\/tr>\n<tr>\n<td style=\"width: 18.587354%; vertical-align: top;\">2021\/22<\/td>\n<td style=\"width: 81.412646%;\"><b><b>Raue Welten &#8211; Wilde Sch\u00f6nheiten <\/b><\/b>(Director<span style=\"font-family: inherit; font-size: inherit;\">: Jeremy Jozsef Pierre Fekete), documentary series (arte, ServusTV, ZDF)<\/span><\/td>\n<\/tr>\n<tr>\n<td style=\"width: 18.587354%; vertical-align: top;\" rowspan=\"2\">2021<\/td>\n<td style=\"width: 81.412646%;\"><b><b>Jugo Kultura &#8211; 30 Jahre nach dem Zerfall Jugoslawiens (Director<\/b><\/b><span style=\"font-family: inherit; font-size: inherit;\">: Nadja Frenz), documentary (3sat, ZDF)<\/span><\/td>\n<\/tr>\n<tr>\n<td style=\"width: 81.412646%;\"><b>Muslimisch. Modern.<\/b> (Director: Nadja Frenz), documentary (3sat, ZDF)<\/td>\n<\/tr>\n<\/tbody>\n<\/table>\n<p>[\/vc_column_text][\/vc_column_inner][vc_column_inner width=&#8221;1\/2&#8243;][vc_column_text css=&#8221;.vc_custom_1710808014647{margin-bottom: -5px !important;padding-bottom: 5px !important;}&#8221;]<\/p>\n<table style=\"border-collapse: collapse; width: 100%; height: 121px;\">\n<tbody>\n<tr style=\"height: 22px;\">\n<td style=\"width: 18.758003%; vertical-align: top; height: 22px;\">2020<\/td>\n<td style=\"width: 81.241997%; height: 22px;\"><b>Fr\u00fcchte des Zorns <\/b>(Director: Nadja Frenz), documentary (3sat, ZDF)<\/td>\n<\/tr>\n<tr style=\"height: 25px;\">\n<td style=\"width: 18.758003%; height: 10px; vertical-align: top;\">2018<\/td>\n<td style=\"width: 81.241997%; height: 10px;\"><strong>Nur eine Frau<\/strong> (Director: Sherry Hormann), feature movie<\/td>\n<\/tr>\n<tr style=\"height: 22px;\">\n<td style=\"width: 18.758003%; height: 45px; text-align: left; vertical-align: top;\" rowspan=\"2\">2016<\/td>\n<td style=\"width: 81.241997%; height: 23px;\"><strong>Mata Hari &#8211; Tanz mit dem Tod<\/strong> (Director: Kai Christiansen), docu feature film (NDR, rbb, SWR)<\/td>\n<\/tr>\n<tr style=\"height: 22px;\">\n<td style=\"width: 81.241997%; height: 22px;\"><b>Der Traum des Dirigenten Kent Nagano<\/b> (Director<span style=\"font-family: inherit; font-size: inherit;\">: Inge Kloepfer, Nadja Frenz), docuementary (NDR)<\/span><\/td>\n<\/tr>\n<tr style=\"height: 22px;\">\n<td style=\"width: 18.758003%; vertical-align: top; height: 22px;\" rowspan=\"3\">2015<\/td>\n<td style=\"width: 81.241997%; height: 22px;\"><b>Der gute G\u00f6ring <\/b>(Director: Kai Christiansen), TV film (BR, NDR)<\/td>\n<\/tr>\n<tr style=\"height: 22px;\">\n<td style=\"width: 81.241997%; height: 22px;\"><b>Der W\u00fcstenkrieg &#8211; Islamisten in der Sahara <\/b>(Regie: Michael Richter), documentary (arte, NDR)<\/td>\n<\/tr>\n<tr>\n<td style=\"width: 81.241997%;\"><b>Schau in meine Welt &#8211; Avraham und seine neue Heimat <\/b>(Director: Andrea Morgenthaler), documentaries series (KiKA)<\/td>\n<\/tr>\n<tr>\n<td style=\"width: 18.758003%; vertical-align: top;\">2014<\/td>\n<td style=\"width: 81.241997%;\"><b><b>Ein blinder Held &#8211; Die Liebe das Otto Weidt <\/b><\/b>(Director<span style=\"font-family: inherit; font-size: inherit;\">: Kai Christiansen), feature film (NDR, WDR, rbb, HR)<\/span><\/td>\n<\/tr>\n<\/tbody>\n<\/table>\n<p>[\/vc_column_text][\/vc_column_inner][\/vc_row_inner][vc_empty_space][\/vc_column][\/vc_row][vc_row css=&#8221;.vc_custom_1682784923718{background-color: #ffffff !important;}&#8221;][vc_column][vc_empty_space height=&#8221;20px&#8221;][vc_column_text css=&#8221;.vc_custom_1710806925955{margin-bottom: -12px !important;}&#8221;]<span style=\"font-size: 12pt;\">Filmography (Director &#8211; Selection)<\/span>[\/vc_column_text][vc_empty_space height=&#8221;30px&#8221;][vc_row_inner css=&#8221;.vc_custom_1682790211450{margin-bottom: -25px !important;padding-bottom: -25px !important;background-color: #ffffff !important;border-radius: 5px !important;}&#8221;][vc_column_inner width=&#8221;1\/2&#8243;][vc_column_text css=&#8221;.vc_custom_1710808382233{margin-bottom: -5px !important;padding-bottom: 5px !important;}&#8221;]<\/p>\n<table style=\"border-collapse: collapse; width: 100%; height: 55px;\">\n<tbody>\n<tr style=\"height: 25px;\">\n<td style=\"width: 18.758003%; height: 10px; vertical-align: top;\">2013<\/td>\n<td style=\"width: 81.241997%; height: 10px;\"><strong>Helmut Schmidt und Valery Giscard D&#8217;Estaing<\/strong> <strong>&#8211; Eine M\u00e4nnerfreundschaft<\/strong>, Documentary (arte, ZDFinfo)<\/td>\n<\/tr>\n<tr style=\"height: 22px;\">\n<td style=\"width: 18.758003%; height: 23px; text-align: left; vertical-align: top;\">2011<\/td>\n<td style=\"width: 81.241997%; height: 23px;\"><strong>Pershing statt Petting <\/strong>(Regie zusammen mit Jan N. Lorenzen), Documentary series (ZDF)<\/td>\n<\/tr>\n<\/tbody>\n<\/table>\n<p>[\/vc_column_text][\/vc_column_inner][vc_column_inner width=&#8221;1\/2&#8243;][vc_column_text css=&#8221;.vc_custom_1710808537172{margin-bottom: -5px !important;padding-bottom: 5px !important;}&#8221;]<\/p>\n<table style=\"border-collapse: collapse; width: 100%; height: 10px;\">\n<tbody>\n<tr style=\"height: 25px;\">\n<td style=\"width: 18.758003%; height: 10px; vertical-align: top;\">2009<\/td>\n<td style=\"width: 81.241997%; height: 10px;\"><b>Richard von Weiz\u00e4cker &#8211; F\u00fcr immer Pr\u00e4sident<\/b>, documentary (NDR)<\/td>\n<\/tr>\n<\/tbody>\n<\/table>\n<p>[\/vc_column_text][\/vc_column_inner][\/vc_row_inner][vc_empty_space][\/vc_column][\/vc_row][vc_row][vc_column][vc_empty_space height=&#8221;50px&#8221;][vc_column_text css=&#8221;.vc_custom_1710814297809{margin-bottom: -10px !important;}&#8221;]<\/p>\n<h3><span style=\"font-size: 14pt;\">About <strong>Jan Kerhart<\/strong> (cinematography &amp; producer \/ Vincent Productions)<\/span><\/h3>\n<p>[\/vc_column_text][vc_empty_space height=&#8221;35px&#8221;][vc_column_text]<\/p>\n<p style=\"font-weight: 400;\">Born in Prague in 1960, <strong>Jan Kerhart<\/strong> studied there at <strong>Charles University<\/strong> until 1983. In 1985, he began working as a freelance cameraman in Germany, with professional stays in Jerusalem, London, Brussels and the USA.<\/p>\n<p>[\/vc_column_text][vc_row_inner][vc_column_inner width=&#8221;3\/4&#8243; css=&#8221;.vc_custom_1710808973342{margin-top: -10px !important;}&#8221;][vc_column_text]From 1988-1994, he was managing partner of <strong>Spectrafilm GmbH<\/strong>. In 1995, he founded the company <strong>Vincent Film GmbH<\/strong>, of which he is still managing director today. As chief cameraman, he established the visual language of &#8220;<strong>SPIEGEL TV Interview<\/strong>&#8221; and &#8220;<strong>Das wahre Leben<\/strong>&#8220;, among others.[\/vc_column_text][vc_column_text]<\/p>\n<p style=\"font-weight: 400;\"><strong>Jan Kerhart<\/strong> realised the visual design of fictional material such as &#8220;<strong>Durch die Blume<\/strong>&#8221; <em>(<strong>1st prize Biberach<\/strong>, <strong>1st prize Murnau<\/strong>),<\/em> &#8220;<strong>Ipanema<\/strong>&#8220;, &#8220;<strong>Mata Hari<\/strong>&#8221; and docudramas such as &#8220;<strong>Schabowsisettel<\/strong>&#8220;, &#8220;<strong>Die Geheimdienstlegende &#8211; Reinhard Gehlen und NND<\/strong>&#8220;, director of &#8220;<strong>Es ist 20 Uhr &#8211; Die Tagesschau wird 50<\/strong>&#8220;, &#8220;<strong>Der gro\u00dfe Postzugraub<\/strong>&#8220;, &#8220;<strong>Ein blinder Held &#8211; die Liebe des Otto Weidt<\/strong>&#8221; <em>(<strong>Gold Award Winner New York Festivals<\/strong>)<\/em> and &#8220;<strong>Der gute G\u00f6ring<\/strong>&#8220;.<\/p>\n<p>[\/vc_column_text][vc_column_text]<\/p>\n<p style=\"font-weight: 400;\">His portrait works include &#8220;<strong>Helmut Schmidt &#8211; Off Duty<\/strong>&#8220;<em> (<strong>Golden Camera<\/strong>)<\/em>, &#8220;<strong>Dr Wedel &amp; Mr Hyde<\/strong>&#8220;, &#8220;<strong>Richard von Weizs\u00e4cker &#8211; Forever President<\/strong>&#8221; and &#8220;<strong>Helmut Kohl &#8211; A German Chancellor<\/strong>&#8220;. His work includes a large number of documentaries such as &#8220;<strong>Wenn der Kopf den K\u00f6rper tr\u00e4gt<\/strong>&#8220;, &#8220;<strong>Viel Passiert<\/strong>&#8221; (<strong>Wim Wenders<\/strong>), &#8220;<strong>Die letzte Schlacht<\/strong>&#8220;, &#8220;<strong>50 Jahre RAF<\/strong>&#8220;, &#8220;<strong>Die Jadestra\u00dfe<\/strong>&#8220;, &#8220;<strong>Die gekaufte Revolution<\/strong>&#8220;, &#8220;<strong>Richard Wagner &#8211; Ein Deutsches Drama<\/strong>&#8221; and &#8220;<strong>Johana und die M\u00e4chte der Finsternis<\/strong>&#8220;,<\/p>\n<p>[\/vc_column_text][\/vc_column_inner][vc_column_inner width=&#8221;1\/4&#8243;][vc_single_image image=&#8221;102608&#8243; img_size=&#8221;full&#8221; onclick=&#8221;link_image&#8221;][\/vc_column_inner][\/vc_row_inner][\/vc_column][\/vc_row][vc_row css=&#8221;.vc_custom_1682784923718{background-color: #ffffff !important;}&#8221;][vc_column][vc_column_text css=&#8221;.vc_custom_1710810711334{margin-bottom: -12px !important;}&#8221;]<span style=\"font-size: 12pt;\">Filmography (selection)<\/span>[\/vc_column_text][vc_empty_space height=&#8221;30px&#8221;][vc_row_inner css=&#8221;.vc_custom_1682790211450{margin-bottom: -25px !important;padding-bottom: -25px !important;background-color: #ffffff !important;border-radius: 5px !important;}&#8221;][vc_column_inner width=&#8221;1\/2&#8243;][vc_column_text css=&#8221;.vc_custom_1710810343442{margin-bottom: -5px !important;padding-bottom: 5px !important;}&#8221;]<\/p>\n<table style=\"border-collapse: collapse; width: 100%; height: 57px;\">\n<tbody>\n<tr style=\"height: 13px;\">\n<td style=\"width: 18.587354%; vertical-align: top; height: 13px;\" rowspan=\"2\">2023<\/td>\n<td style=\"width: 81.412646%; height: 13px;\"><b><b><b>Surviving Brandenburg <\/b><\/b><\/b>(Director<span style=\"font-family: inherit; font-size: inherit;\">: Zoltan Paul und Ben &amp; Grafenstein), feature movie<\/span><\/td>\n<\/tr>\n<tr style=\"height: 22px;\">\n<td style=\"width: 81.412646%; height: 22px;\"><b><b>Sound of Cabo Verde &#8211; The Legacy of Ces\u00e1ria \u00c9vora<\/b><\/b> (Director<span style=\"font-family: inherit; font-size: inherit;\"> &amp; Cinematography), music movie<\/span><\/td>\n<\/tr>\n<tr style=\"height: 22px;\">\n<td style=\"width: 18.587354%; vertical-align: top; height: 22px;\">2022<\/td>\n<td style=\"width: 81.412646%; height: 22px;\"><b><b><b>Komm mit mir in das Cinema &#8211; Die Gregors <\/b><\/b><\/b>(Director: Alice Agneskirchner), <span style=\"font-family: inherit; font-size: inherit;\">documentary<\/span><\/td>\n<\/tr>\n<\/tbody>\n<\/table>\n<p>[\/vc_column_text][\/vc_column_inner][vc_column_inner width=&#8221;1\/2&#8243;][vc_column_text css=&#8221;.vc_custom_1711039119589{margin-bottom: -5px !important;padding-bottom: 5px !important;}&#8221;]<\/p>\n<table style=\"border-collapse: collapse; width: 100%; height: 57px;\">\n<tbody>\n<tr style=\"height: 13px;\">\n<td style=\"width: 18.587354%; vertical-align: top; height: 13px;\" rowspan=\"2\">2018<\/td>\n<td style=\"width: 81.412646%; height: 13px;\"><b><b><b>Breakdown in Tokyo <\/b><\/b><\/b>(Director<span style=\"font-family: inherit; font-size: inherit;\">: Zoltan Paul, co-director &amp; cinematography), feature film \u00a0<\/span><\/td>\n<\/tr>\n<tr style=\"height: 22px;\">\n<td style=\"width: 81.412646%; height: 22px;\"><b><b>D-Mark, Einheit, Vaterland &#8211; Das schwierige Erbe der Treuhand \u00a0<\/b><\/b>(Director<span style=\"font-family: inherit; font-size: inherit;\"> Kai Wessel), documentary<\/span><\/td>\n<\/tr>\n<tr style=\"height: 22px;\">\n<td style=\"width: 18.587354%; vertical-align: top; height: 22px;\">2014<\/td>\n<td style=\"width: 81.412646%; height: 22px;\"><b><b><b>Ein blinder Held &#8211; Die Liebe des Otto Weidt <\/b><\/b><\/b>(Director: Kai Christiansen), feature film (NDR, WDR, rbb, HR)<\/td>\n<\/tr>\n<\/tbody>\n<\/table>\n<p>[\/vc_column_text][\/vc_column_inner][\/vc_row_inner][vc_empty_space][\/vc_column][\/vc_row][vc_row][vc_column][vc_empty_space height=&#8221;50px&#8221;][vc_column_text css=&#8221;.vc_custom_1710810916144{margin-bottom: -10px !important;}&#8221;]<\/p>\n<h3><span style=\"font-size: 14pt;\">About <strong>Clementina Hegewisch<\/strong> (producer \/ NEXT Film)<\/span><\/h3>\n<p>[\/vc_column_text][vc_empty_space height=&#8221;35px&#8221;][vc_column_text]<\/p>\n<p style=\"font-weight: 400;\"><strong>Clementina Hegewisch<\/strong> was born in Hamburg in 1959 and studied psychology in Hamburg and London from 1977 to 1983, graduating in 1983.<\/p>\n<p>[\/vc_column_text][vc_row_inner][vc_column_inner width=&#8221;1\/4&#8243;][vc_single_image image=&#8221;102616&#8243; img_size=&#8221;full&#8221; onclick=&#8221;link_image&#8221;][\/vc_column_inner][vc_column_inner width=&#8221;3\/4&#8243; css=&#8221;.vc_custom_1710808973342{margin-top: -10px !important;}&#8221;][vc_column_text]<br \/>\nSubsequently (1983-1991), <strong>Clementina Hegewisch<\/strong> held various positions in film, TV and advertising (including driver, costume design, set design, equipment, recording, production and production management) and worked in theatres (including costumes, sponsoring agent) and as an art consultant.<\/p>\n<p>During these years she worked with <strong>Udo Lindenberg<\/strong>, <strong>Peter Zadek<\/strong>, <strong>Wolfgang M\u00fchlbauer<\/strong>, <strong>Hans Noever<\/strong>, <strong>Ian McNoughton<\/strong> and many others.<br \/>\n[\/vc_column_text][vc_column_text]<\/p>\n<p style=\"font-weight: 400;\">From 1991, <strong>Clementina Hegewisch<\/strong> worked as a co-author and dramaturge on various scripts for TV series (including &#8220;A<strong>larm for Cobra 11<\/strong>&#8221; and &#8220;<strong>The Glacier Clan<\/strong>&#8220;). She was also responsible for the concept and design of the Berlin cocktail bar &#8220;<strong>green door<\/strong>&#8221; as managing director from 1995 to 2000.<\/p>\n<p>[\/vc_column_text][vc_column_text]<\/p>\n<p style=\"font-weight: 400;\">From 2016 to 2023, she was Managing Director of<strong> Neue Impuls Film Produktionsgesellschaft<\/strong> mbH, where she also worked as a producer. <strong>Clementina Hegewisch<\/strong> has been managing director and partner of<strong> NEXT Film Filmproduktion<\/strong> since 2000 and its sole owner since 2007. In addition to managing the company, she mainly works as a producer, production manager and dramaturge.<\/p>\n<p>[\/vc_column_text][\/vc_column_inner][\/vc_row_inner][vc_column_text]<\/p>\n<p style=\"font-weight: 400;\"><strong>Clementina Hegewisc<\/strong>h is a member of the <strong>German Film Academy<\/strong> and the <strong>European Film Academy<\/strong> and a guest lecturer at the <strong>German Film and Television Academy<\/strong> (<strong>dffb<\/strong>) in Berlin.<\/p>\n<p>[\/vc_column_text][\/vc_column][\/vc_row][vc_row css=&#8221;.vc_custom_1682784923718{background-color: #ffffff !important;}&#8221;][vc_column][vc_column_text css=&#8221;.vc_custom_1710812524231{margin-bottom: -12px !important;}&#8221;]<span style=\"font-size: 12pt;\">Filmography (Producer &#8211; Selection)<\/span>[\/vc_column_text][vc_empty_space height=&#8221;30px&#8221;][vc_row_inner css=&#8221;.vc_custom_1682790211450{margin-bottom: -25px !important;padding-bottom: -25px !important;background-color: #ffffff !important;border-radius: 5px !important;}&#8221;][vc_column_inner width=&#8221;1\/2&#8243;][vc_column_text css=&#8221;.vc_custom_1711039288815{margin-bottom: -5px !important;padding-bottom: 5px !important;}&#8221;]<\/p>\n<table style=\"border-collapse: collapse; width: 100%; height: 176px;\">\n<tbody>\n<tr style=\"height: 22px;\">\n<td style=\"width: 18.587354%; vertical-align: top; height: 22px;\">2023<\/td>\n<td style=\"width: 81.412646%; height: 22px;\"><b><b><b><b>Surviving Brandenburg <\/b><\/b><\/b><\/b>(<span style=\"font-family: inherit; font-size: inherit;\">Director:<\/span><span style=\"font-family: inherit; font-size: inherit;\">\u00a0Zoltan Paul &amp; Ben von Grafenstein), feature film<\/span><\/td>\n<\/tr>\n<tr style=\"height: 44px;\">\n<td style=\"width: 18.587354%; vertical-align: top; height: 44px;\">2018<\/td>\n<td style=\"width: 81.412646%; height: 44px;\"><b><b><b>Als Hitler das rosa Kaninchen stahl <\/b><\/b><\/b>(based on the bestseller by Judith Kerr, written and directed by Caroline Link), feature movie<\/td>\n<\/tr>\n<tr style=\"height: 22px;\">\n<td style=\"width: 18.587354%; vertical-align: top; height: 22px;\">2017<\/td>\n<td style=\"width: 81.412646%; height: 22px;\"><b><b><b><b>Nur ein Augenblick <\/b><\/b><\/b><\/b>(<span style=\"font-family: inherit; font-size: inherit;\">Director: <\/span><span style=\"font-family: inherit; font-size: inherit;\">Randa Chahoud), feature film<\/span><\/td>\n<\/tr>\n<tr style=\"height: 22px;\">\n<td style=\"width: 18.587354%; vertical-align: top; height: 22px;\">2016<\/td>\n<td style=\"width: 81.412646%; height: 22px;\"><b><b><b>Breakdown in Tokyo<\/b><\/b><\/b> (<span style=\"font-family: inherit; font-size: inherit;\">Director:<\/span>\u00a0Zoltan Paul), feature film<\/td>\n<\/tr>\n<tr style=\"height: 22px;\">\n<td style=\"width: 18.587354%; vertical-align: top; height: 22px;\">2011<\/td>\n<td style=\"width: 81.412646%; height: 22px;\"><b><b><b>Frauensee <\/b><\/b><\/b>(<span style=\"font-family: inherit; font-size: inherit;\">Director:<\/span> Zoltan Paul), feature film<\/td>\n<\/tr>\n<tr style=\"height: 22px;\">\n<td style=\"width: 18.587354%; vertical-align: top; height: 22px;\">2009<\/td>\n<td style=\"width: 81.412646%; height: 22px;\"><b><b><b>Unter Strom <\/b><\/b><\/b>(<span style=\"font-family: inherit; font-size: inherit;\">Director:<\/span> Zoltan Paul), feature film<\/td>\n<\/tr>\n<tr style=\"height: 22px;\">\n<td style=\"width: 18.587354%; vertical-align: top; height: 22px;\">2007\/08<\/td>\n<td style=\"width: 81.412646%; height: 22px;\"><b><b><b><b>Schattenwelt<\/b><\/b><\/b><\/b> (<span style=\"font-family: inherit; font-size: inherit;\">Director:<\/span><span style=\"font-family: inherit; font-size: inherit;\"> Connie Walther), feature film<\/span><\/td>\n<\/tr>\n<\/tbody>\n<\/table>\n<p>[\/vc_column_text][\/vc_column_inner][vc_column_inner width=&#8221;1\/2&#8243;][vc_column_text css=&#8221;.vc_custom_1711039297439{margin-bottom: -5px !important;padding-bottom: 5px !important;}&#8221;]<\/p>\n<table style=\"border-collapse: collapse; width: 100%; height: 57px;\">\n<tbody>\n<tr style=\"height: 22px;\">\n<td style=\"width: 18.587354%; vertical-align: top; height: 22px;\">2006<\/td>\n<td style=\"width: 81.412646%; height: 22px;\"><b><b><b><b>Demokratische Schulen<\/b><\/b><\/b><\/b> (<span style=\"font-family: inherit; font-size: inherit;\">Director:<\/span>: Jan Gabbert), documentary<\/td>\n<\/tr>\n<tr>\n<td style=\"width: 18.587354%; vertical-align: top;\">2005\/06<\/td>\n<td style=\"width: 81.412646%;\"><b><b><b>Detektive <\/b><\/b><\/b>(<span style=\"font-family: inherit; font-size: inherit;\">Director:<\/span>: Andreas Goldstein), short film<\/td>\n<\/tr>\n<tr>\n<td style=\"width: 18.587354%; vertical-align: top;\">2005<\/td>\n<td style=\"width: 81.412646%;\"><b><b><b><b>Mein \u00dcberleben in Kolbuszowa <\/b><\/b><\/b><\/b>(<span style=\"font-family: inherit; font-size: inherit;\">Director:<\/span><span style=\"font-family: inherit; font-size: inherit;\"> Helga Hirsch), documentary<\/span><\/td>\n<\/tr>\n<tr>\n<td style=\"width: 18.587354%; vertical-align: top;\" rowspan=\"2\">2004<\/td>\n<td style=\"width: 81.412646%;\"><b><b><b>Max &amp; Moritz Reloaded <\/b><\/b><\/b>(<span style=\"font-family: inherit; font-size: inherit;\">Director:<\/span> Thomas Frydetzki), feature film<\/td>\n<\/tr>\n<tr>\n<td style=\"width: 81.412646%;\"><b><b><b>Klaus Kuron &#8211; Spion in eigener Sache <\/b><\/b><\/b>(<span style=\"font-family: inherit; font-size: inherit;\">Director:<\/span> <span style=\"font-family: inherit; font-size: inherit;\">Thomas Knauf<\/span>), documentary<\/td>\n<\/tr>\n<tr>\n<td style=\"width: 18.587354%; vertical-align: top;\">2002<\/td>\n<td style=\"width: 81.412646%;\"><b><b><b>F\u00fchrer X <\/b><\/b><\/b>(<span style=\"font-family: inherit; font-size: inherit;\">Director:<\/span> Winfried Bohnengel), feature film<\/td>\n<\/tr>\n<\/tbody>\n<\/table>\n<p>[\/vc_column_text][\/vc_column_inner][\/vc_row_inner][vc_empty_space][vc_empty_space height=&#8221;15px&#8221;][vc_row_inner][vc_column_inner width=&#8221;1\/3&#8243;][vc_single_image image=&#8221;102848&#8243; img_size=&#8221;full&#8221; onclick=&#8221;link_image&#8221;][\/vc_column_inner][vc_column_inner width=&#8221;1\/3&#8243;][vc_single_image image=&#8221;102624&#8243; img_size=&#8221;full&#8221; onclick=&#8221;link_image&#8221;][\/vc_column_inner][vc_column_inner width=&#8221;1\/3&#8243; css=&#8221;.vc_custom_1561290391124{border-right-width: -15px !important;}&#8221;][vc_single_image image=&#8221;102622&#8243; img_size=&#8221;full&#8221; onclick=&#8221;link_image&#8221;][\/vc_column_inner][\/vc_row_inner][vc_empty_space height=&#8221;15px&#8221;][vc_column_text]<\/p>\n<h3><strong><span style=\"font-size: 14pt;\"> Producer\u2019s Note by Clementina Hegewisch<\/span><\/strong><\/h3>\n<p style=\"font-weight: 400;\"><em>&#8220;Zoltan Paul has always drawn inspiration, strength and content for his films from his own personal experience. He improvised a lot and acted spontaneously. As producers, we are sometimes in the role of capturing the beauty of a force of nature rather than organising an orderly process. In his previous film &#8220;Breakown in Tokyo&#8221;, Zoltan not only invented his alter ego L\u00e1szl\u00f3 Kov\u00e1cs, but also played him himself. He wanted to keep this character alive, and that&#8217;s what the aforementioned L\u00e1sz\u00f3 now does in &#8220;Survival in Brandenburg&#8221;. Once again, Zoltan Paul brings his own life into the film in a comical, highly self-ironic and uninhibited way. The first task was to condense Zoltan Paul&#8217;s film idea into a screenplay.<\/em><\/p>\n<p>[\/vc_column_text][vc_column_text]<\/p>\n<p style=\"font-weight: 400;\"><em>Two motifs moved him when writing the book: on the one hand, the inner world, characterised by the impositions of getting older, the sudden loss of professional opportunities, the clear feeling that one is being discarded. On the other hand, the events in the outside world, a darkening social mood in which people, confronted with a variety of problems in a globalised world, yearn for simple answers. Even or especially in a rural environment, which often loses sight of the problems faced by decision-makers in the metropolises. Zoltan Paul developed the screenplay for &#8220;Survival in Brandenburg&#8221; from these two strands, repeatedly slowed down or fuelled by current political events and always in discussion with his family and his friends Jan Kerhart, Nina Grosse and Ben von Grafenstein.<\/em><\/p>\n<p>[\/vc_column_text][vc_row_inner][vc_column_inner width=&#8221;1\/2&#8243; css=&#8221;.vc_custom_1561290391124{border-right-width: -15px !important;}&#8221;][vc_single_image image=&#8221;102634&#8243; img_size=&#8221;full&#8221; onclick=&#8221;link_image&#8221;][\/vc_column_inner][vc_column_inner width=&#8221;1\/2&#8243;][vc_single_image image=&#8221;102636&#8243; img_size=&#8221;full&#8221; onclick=&#8221;link_image&#8221;][\/vc_column_inner][\/vc_row_inner][vc_column_text]<\/p>\n<p style=\"font-weight: 400;\"><em>After a period of uncertainty, heartache and despair, protagonist L\u00e1szl\u00f3 realises that he doesn&#8217;t just have to be the object of political developments, but can also become active himself. Even though the sphere of influence of a village mayor is limited, he decides to run for political office. He successfully tries to stop the emerging triumph of the right-wing populist candidate in his constituency and at the same time frees himself from his life crisis.<\/em><\/p>\n<p>[\/vc_column_text][vc_column_text]<\/p>\n<p style=\"font-weight: 400;\"><em>It is and remains a great challenge to shoot an independent film with very limited resources, but the freedom of choice that comes with it is worth it. The team around Zoltan Paul also made a virtue out of necessity: many of the film locations are personal places, belong to friends and family and are authentic. The majority of the extras were the actual inhabitants of the location. The team was a mixture of old companions of Zoltan&#8217;s and very young creatives at the beginning of their careers. The filming days were often long but almost always creative and fun. And last but not least, Zoltan Paul&#8217;s own style of improvised acting characterised these shoots. The self-ironic attitude of the main actor L\u00e1szl\u00f3, who plays with his own autobiography, is reminiscent of the ironically exaggerated early films of Nanni Moretti. The film also thrives on the atmospherically harmonious confrontations between the multicultural city dweller L\u00e1szl\u00f3 and his family and the long-established inhabitants of his East German village, who initially observed the Westerner with great suspicion.<\/em><\/p>\n<p>[\/vc_column_text][vc_column_text]<\/p>\n<p style=\"font-weight: 400;\"><em>But the real challenge didn&#8217;t present itself until the last clapperboard had fallen and the happy team had celebrated the end of filming. Not long afterwards, a stroke of fate suddenly took Zoltan, who had just been inspired by the prospect of being able to complete the film in post-production with his friend and colleague Ben von Grafenstein, who had already edited &#8220;Breakdown in Tokyo&#8221;. We, his family and friends, who were also his producers, first had to recover from this heavy blow. The question soon arose as to whether it was even possible to complete such a personal film without the help of the writer and director.<\/em><\/p>\n<p>[\/vc_column_text][vc_single_image image=&#8221;102476&#8243; img_size=&#8221;full&#8221;][vc_column_text]<\/p>\n<p style=\"font-weight: 400;\"><em>Only gradually did a plan mature as to how &#8220;Survival in Brandenburg&#8221; could be realised in the end. Ben von Grafenstein picked up the baton and turned Zoltan Paul&#8217;s film, with his tremendous sense of rhythm and his wonderful talent for finding the right balance between comedy and tragicomedy, into a work that we would now like to present to the public.<\/em><\/p>\n<p>[\/vc_column_text][vc_row_inner][vc_column_inner width=&#8221;1\/2&#8243; css=&#8221;.vc_custom_1561290391124{border-right-width: -15px !important;}&#8221;][vc_single_image image=&#8221;102639&#8243; img_size=&#8221;full&#8221; onclick=&#8221;link_image&#8221;][\/vc_column_inner][vc_column_inner width=&#8221;1\/2&#8243;][vc_single_image image=&#8221;102641&#8243; img_size=&#8221;full&#8221; onclick=&#8221;link_image&#8221;][\/vc_column_inner][\/vc_row_inner][vc_column_text]<\/p>\n<p style=\"font-weight: 400;\"><em>The film fits perfectly into the election year 2024, in which a further strengthening of right-wing populist movements is to be feared, especially in the eastern German states. However, it also fits in at a time when a significant proportion of the population is having to reinvent itself &#8211; whether for reasons of age or because external circumstances no longer allow us to &#8220;carry on like this&#8221; in our old comfort zone. The producers are looking forward to a lively dialogue with the audience. At the film premiere in Hof in autumn 2023, we were able to experience a foretaste. An elderly couple spoke up: &#8220;They had come to Hof from their home town in Brandenburg especially for our film because the husband was about to decide to run for mayor in his village in order to prevent an AfD opponent. A response like that would have made Zoltan very happy.&#8221;<\/em><\/p>\n<p>[\/vc_column_text][vc_row_inner][vc_column_inner css=&#8221;.vc_custom_1561290391124{border-right-width: -15px !important;}&#8221;][vc_single_image image=&#8221;102673&#8243; img_size=&#8221;full&#8221; onclick=&#8221;link_image&#8221;][\/vc_column_inner][\/vc_row_inner][\/vc_column][\/vc_row][vc_row][vc_column][vc_empty_space height=&#8221;30px&#8221;][vc_column_text css=&#8221;.vc_custom_1710944853192{margin-bottom: -10px !important;}&#8221;]<\/p>\n<h3><span style=\"font-size: 14pt;\">About <strong>Adele Neuhauser<\/strong> (role: Emma, L\u00e1sl\u00f3&#8217;s wife)<\/span><\/h3>\n<p>[\/vc_column_text][vc_empty_space height=&#8221;35px&#8221;][vc_column_text]<\/p>\n<p style=\"font-weight: 400;\">Born in Athens, <strong>Adele Neuhauser<\/strong> moved with her family from Greece to Vienna at the age of four, where she grew up. <strong>Adele Neuhauser<\/strong> wanted to be an actress from the age of six. After training as an actress, she began performing on stage, including in M\u00fcnster, Essen, Mainz and occasionally in Vienna.<\/p>\n<p>[\/vc_column_text][vc_row_inner][vc_column_inner width=&#8221;1\/3&#8243;][vc_single_image image=&#8221;102693&#8243; img_size=&#8221;full&#8221; onclick=&#8221;link_image&#8221;][\/vc_column_inner][vc_column_inner width=&#8221;2\/3&#8243; css=&#8221;.vc_custom_1710808973342{margin-top: -10px !important;}&#8221;][vc_column_text]<br \/>\nNeuhauser caused a national sensation in the production of &#8220;<strong>Faust<\/strong>&#8221; at the R<strong>egensburg City Theatre<\/strong>, in which she played <em>Mephisto<\/em> as a woman. She has also appeared in cinema films such as &#8220;<strong>Helden in Tirol<\/strong>&#8221; (directed by <strong>Niki List<\/strong>), &#8220;<strong>Gone &#8211; eine t\u00f6dliche Leidenschaft<\/strong>&#8221; (directed by <strong>Zoltan Paul<\/strong>), &#8220;<strong>Wo ist Fred?<\/strong>&#8221; (director: <strong>Anno Saul<\/strong>), &#8220;<strong>Die Perlmutterfarbe<\/strong>&#8221; (director: <strong>Marcus H. Rosenm\u00fcller<\/strong>, &#8220;<strong>3faltig<\/strong>&#8221; (director: <strong>Harald Sicheritz<\/strong>), &#8220;<strong>R\u00e4uber Knei\u00dfl<\/strong>&#8221; (director: <strong>Marcus H. Rosenm\u00fcller<\/strong>) and in the cult TV series &#8220;<strong>Vier Frauen und ein Todesfall<\/strong>&#8220;, in which she played the role of farmer&#8217;s wife <strong>Jule Zirbner<\/strong>. Most recently, she was seen on <strong>ORF<\/strong> in the film &#8220;<strong>Steiererrausch<\/strong>&#8221; (director: <strong>Wolfgang Murnberger<\/strong>) and in the mini-series &#8220;<strong>Unter Freunden stirbt man nicht<\/strong>&#8221; on TV Now (director: <strong>Felix Stienz<\/strong>).<\/p>\n<p>At the <strong>Munich Film Festival 2021<\/strong>, she celebrated a great success as the lead role in the <strong>ARD<\/strong> comedy &#8220;<strong>Faltenfrei<\/strong>&#8221; and last year she once again took on the lead role in the film &#8220;<strong>Ungeschminkt<\/strong>&#8220;, directed by <strong>Dirk Kummer<\/strong>.<br \/>\n[\/vc_column_text][vc_column_text]<\/p>\n<p style=\"font-weight: 400;\">Since 2010, she has successfully played the investigator <em>Bibi Fellner<\/em> alongside <strong>Harald Krassnitzer<\/strong> (as <em>Moritz Eisner<\/em>) in <strong>ORF<\/strong>&#8216;s Vienna crime series. Since 2014, she has also appeared in the literature &amp; music productions &#8220;<strong>Die letzten ihrer Art<\/strong>&#8221; and &#8220;<strong>Mythos<\/strong>&#8221; together with her son, guitarist <strong>Julian Pajzs<\/strong>.<\/p>\n<p>[\/vc_column_text][\/vc_column_inner][\/vc_row_inner][\/vc_column][\/vc_row][vc_row css=&#8221;.vc_custom_1682784923718{background-color: #ffffff !important;}&#8221;][vc_column][vc_column_text css=&#8221;.vc_custom_1710945306660{margin-bottom: -12px !important;}&#8221;]<span style=\"font-size: 12pt;\">Filmography (cinema &#8211; selection)<\/span>[\/vc_column_text][vc_empty_space height=&#8221;30px&#8221;][vc_row_inner css=&#8221;.vc_custom_1682790211450{margin-bottom: -25px !important;padding-bottom: -25px !important;background-color: #ffffff !important;border-radius: 5px !important;}&#8221;][vc_column_inner width=&#8221;1\/2&#8243;][vc_column_text css=&#8221;.vc_custom_1710958170334{margin-bottom: -5px !important;padding-bottom: 5px !important;}&#8221;]<\/p>\n<table style=\"border-collapse: collapse; width: 100%; height: 23px;\">\n<tbody>\n<tr style=\"height: 13px;\">\n<td style=\"width: 18.587354%; vertical-align: top; height: 13px;\">2023<\/td>\n<td style=\"width: 81.412646%; height: 13px;\"><b><b><b>Surviving Brandenburg <\/b><\/b><\/b>(Director<span style=\"font-family: inherit; font-size: inherit;\">: Zoltan Paul &amp; Ben von Grafenstein), feature film<\/span><\/td>\n<\/tr>\n<tr style=\"height: 22px;\">\n<td style=\"width: 18.587354%; vertical-align: top; height: 10px;\">2022<\/td>\n<td style=\"width: 81.412646%; height: 10px;\"><b><b><b>15 Jahre <\/b><\/b><\/b>(Director<span style=\"font-family: inherit; font-size: inherit;\">:<\/span> Chris Kraus)<span style=\"font-family: inherit; font-size: inherit;\">, feature film<\/span><\/td>\n<\/tr>\n<\/tbody>\n<\/table>\n<p>[\/vc_column_text][\/vc_column_inner][vc_column_inner width=&#8221;1\/2&#8243;][vc_column_text css=&#8221;.vc_custom_1710945588837{margin-bottom: -5px !important;padding-bottom: 5px !important;}&#8221;]<\/p>\n<table style=\"border-collapse: collapse; width: 100%; height: 23px;\">\n<tbody>\n<tr style=\"height: 13px;\">\n<td style=\"width: 18.587354%; vertical-align: top; height: 13px;\">2018<\/td>\n<td style=\"width: 81.412646%; height: 13px;\"><b><b><b>Love Machine <\/b><\/b><\/b>(Director<span style=\"font-family: inherit; font-size: inherit;\">:<\/span><span style=\"font-family: inherit; font-size: inherit;\"> Andreas Schmied), feature film\u00a0<\/span><\/td>\n<\/tr>\n<tr style=\"height: 22px;\">\n<td style=\"width: 18.587354%; vertical-align: top; height: 10px;\">2007<\/td>\n<td style=\"width: 81.412646%; height: 10px;\"><b><b><b>R\u00e4uber Kneissl <\/b><\/b><\/b>(Director<span style=\"font-family: inherit; font-size: inherit;\">:<\/span> Marcus H. Rosenm\u00fcller), feature film<\/td>\n<\/tr>\n<\/tbody>\n<\/table>\n<p>[\/vc_column_text][\/vc_column_inner][\/vc_row_inner][vc_empty_space][\/vc_column][\/vc_row][vc_row css=&#8221;.vc_custom_1682784923718{background-color: #ffffff !important;}&#8221;][vc_column][vc_empty_space height=&#8221;20px&#8221;][vc_column_text css=&#8221;.vc_custom_1710945344216{margin-bottom: -12px !important;}&#8221;]<span style=\"font-size: 12pt;\">Filmography (TV &#8211; Selection)<\/span>[\/vc_column_text][vc_empty_space height=&#8221;30px&#8221;][vc_row_inner css=&#8221;.vc_custom_1682790211450{margin-bottom: -25px !important;padding-bottom: -25px !important;background-color: #ffffff !important;border-radius: 5px !important;}&#8221;][vc_column_inner width=&#8221;1\/2&#8243;][vc_column_text css=&#8221;.vc_custom_1710958593684{margin-bottom: -5px !important;padding-bottom: 5px !important;}&#8221;]<\/p>\n<table style=\"border-collapse: collapse; width: 100%; height: 34px;\">\n<tbody>\n<tr style=\"height: 13px;\">\n<td style=\"width: 18.587354%; vertical-align: top; height: 24px;\">2023<\/td>\n<td style=\"width: 81.412646%; height: 24px;\"><b><b><b>Ungeschminkt <\/b><\/b><\/b>(Director<span style=\"font-family: inherit; font-size: inherit;\">:<\/span><span style=\"font-family: inherit; font-size: inherit;\">\u00a0Dirk Kummer), <em>Bavaria Fiction<\/em><\/span><\/td>\n<\/tr>\n<tr style=\"height: 22px;\">\n<td style=\"width: 18.587354%; vertical-align: top; height: 10px;\" rowspan=\"2\">2022<\/td>\n<td style=\"width: 81.412646%; height: 10px;\"><b><b><b>Charlotte, eine von uns <\/b><\/b><\/b>(Director<span style=\"font-family: inherit; font-size: inherit;\">:<\/span>: Rolando Colla), <em>Peacock Film<\/em><\/td>\n<\/tr>\n<tr>\n<td style=\"width: 81.412646%;\"><b><b><b><b>Die rote Fini un die verschwundenen Millionen der SED <\/b><\/b><\/b><\/b>(Director<span style=\"font-family: inherit; font-size: inherit;\">:<\/span> Gabi Schlag), <em><span style=\"font-family: inherit; font-size: inherit;\">Ilona Grundmann Filmprod, ORF2, ZDF, arte<\/span><\/em><\/td>\n<\/tr>\n<\/tbody>\n<\/table>\n<p>[\/vc_column_text][\/vc_column_inner][vc_column_inner width=&#8221;1\/2&#8243;][vc_column_text css=&#8221;.vc_custom_1710958610988{margin-bottom: -5px !important;padding-bottom: 5px !important;}&#8221;]<\/p>\n<table style=\"border-collapse: collapse; width: 100%; height: 54px;\">\n<tbody>\n<tr style=\"height: 13px;\">\n<td style=\"width: 18.587354%; vertical-align: top; height: 10px;\">2023-2011<\/td>\n<td style=\"width: 81.412646%; height: 10px;\"><b><b><b>Tatort Wien <\/b><\/b><\/b>(Director<span style=\"font-family: inherit; font-size: inherit;\">:<\/span><em> divers<\/em><span style=\"font-family: inherit; font-size: inherit;\">), <em>ARD\/ORF <\/em><\/span><\/td>\n<\/tr>\n<tr style=\"height: 22px;\">\n<td style=\"width: 18.587354%; vertical-align: top; height: 22px;\">2020<\/td>\n<td style=\"width: 81.412646%; height: 22px;\"><b><b><b>Faltenfrei <\/b><\/b><\/b>(Director<span style=\"font-family: inherit; font-size: inherit;\">:<\/span> <span style=\"font-family: inherit; font-size: inherit;\">Dirk Kummer)\u00a0<\/span><em>Bavaria Fiction BR\/ORF<\/em><\/td>\n<\/tr>\n<tr style=\"height: 22px;\">\n<td style=\"width: 18.587354%; vertical-align: top; height: 22px;\">2019-2005<\/td>\n<td style=\"width: 81.412646%; height: 22px;\"><b><b><b>Vier Frauen und ein Todesfall, <\/b><\/b><\/b>9 seasons (Director<span style=\"font-family: inherit; font-size: inherit;\">:<\/span>: <em>divers<\/em>), <em>DOR Film, ORF\/ARD<\/em><\/td>\n<\/tr>\n<\/tbody>\n<\/table>\n<p>[\/vc_column_text][\/vc_column_inner][\/vc_row_inner][vc_empty_space][vc_empty_space height=&#8221;20px&#8221;][vc_row_inner][vc_column_inner width=&#8221;1\/2&#8243; css=&#8221;.vc_custom_1561290391124{border-right-width: -15px !important;}&#8221;][vc_single_image image=&#8221;102688&#8243; img_size=&#8221;full&#8221; onclick=&#8221;link_image&#8221;][\/vc_column_inner][vc_column_inner width=&#8221;1\/2&#8243;][vc_single_image image=&#8221;102690&#8243; img_size=&#8221;full&#8221; onclick=&#8221;link_image&#8221;][\/vc_column_inner][\/vc_row_inner][\/vc_column][\/vc_row][vc_row][vc_column][vc_empty_space height=&#8221;30px&#8221;][vc_column_text css=&#8221;.vc_custom_1710958915649{margin-bottom: -10px !important;}&#8221;]<\/p>\n<h3><span style=\"font-size: 14pt;\">About <strong>Dietrich Hollinderb\u00e4umer<\/strong> (role: Fritz, Emma&#8217;s father)<\/span><\/h3>\n<p>[\/vc_column_text][vc_empty_space height=&#8221;35px&#8221;][vc_column_text]<\/p>\n<p style=\"font-weight: 400;\"><strong>Dietrich Hollinderb\u00e4umer<\/strong> was born in Essen in 1942 and moved to Stockholm, Sweden, with his mother in 1951. After training as an aviation clerk with <strong>Lufthansa<\/strong> in Stockholm and completing his military service, <strong>Dietrich Hollinderb\u00e4umer<\/strong> trained as an actor at the <strong>Royal Dramatic Theatre<\/strong> in Stockholm under the direction of <strong>Stig Torslow<\/strong> and <strong>Ingmar Bergman<\/strong>.<\/p>\n<p>[\/vc_column_text][vc_column_text]<\/p>\n<p style=\"font-weight: 400;\"><strong>Dietrich Hollinderb\u00e4umer<\/strong> had his first theatre engagement from 1968 to 1972 as an actor, assistant director and director at the <strong>Westf\u00e4lisches Landestheater<\/strong> in Castrop-Rauxel. This was followed by stints in Kiel, at the <strong>Deutsches Theater<\/strong> and the <strong>Junges Theater<\/strong> in G\u00f6ttingen and at the <strong>Theater im Zimmer<\/strong> in Hamburg.<\/p>\n<p>[\/vc_column_text][vc_row_inner][vc_column_inner width=&#8221;1\/3&#8243;][vc_single_image image=&#8221;102700&#8243; img_size=&#8221;full&#8221; onclick=&#8221;link_image&#8221; css=&#8221;.vc_custom_1710959183094{margin-top: -2px !important;}&#8221;][\/vc_column_inner][vc_column_inner width=&#8221;2\/3&#8243; css=&#8221;.vc_custom_1710808973342{margin-top: -10px !important;}&#8221;][vc_column_text]<br \/>\nBetween 1978 and 1983, he was a permanent member of the <strong>St\u00e4dtische B\u00fchnen Heidelberg<\/strong> as an actor and director. From 1983 to 1988 he was a member of the ensemble at the <strong>Burgtheater<\/strong> in Vienna. Since then he has worked as a freelance actor, including in Vienna (<strong>Theater in der Josefstadt<\/strong>, <strong>Volkstheater Wien<\/strong>), at <strong>Schauspiel Bonn<\/strong>, at <strong>Theater Bremen<\/strong>, at <strong>Schauspielhaus Z\u00fcrich<\/strong> and at the <strong>Ernst-Deutsch-Theater<\/strong> in Hamburg. <strong>Dietrich Hollinderb\u00e4umer<\/strong> made his film debut in 1968 in the role of <strong>G\u00fcnter Braun<\/strong> under the direction of <strong>Hans-Dieter Schwarze<\/strong> in the television production &#8220;<strong>Schichtwechsel<\/strong>&#8220;. Since the end of the 1980s, he has increasingly worked in film and television productions.<\/p>\n<p>In the cinema, <strong>Dietrich Hollinderb\u00e4umer<\/strong> has appeared in films such as &#8220;<strong>Georg Elser &#8211; Einer aus Deutschland<\/strong>&#8221; (1989) by <strong>Klaus Maria Brandauer<\/strong> and &#8220;<strong>Der Untergang<\/strong>&#8221; (2004) by <strong>Oliver Hirschbiegel<\/strong>. In 2008, he played a German sports organiser in the Swedish comedy &#8220;<strong>M\u00e4nner im Wasser<\/strong>&#8220;.[\/vc_column_text][\/vc_column_inner][\/vc_row_inner][vc_column_text]<\/p>\n<p style=\"font-weight: 400;\">For television in 2002, he acted in for the <strong>ARD<\/strong> two-part film &#8220;<strong>Der Seerosenteich<\/strong>&#8220;, based on the novel of the same name by <strong>Christian Pfannenschmidt<\/strong>, in locations in Schleswig-Holstein, Hamburg, Paris and New York City in the leading role of cloth merchant Carl Trakenberg alongside <strong>Natalia W\u00f6rner<\/strong>, <strong>Anja Kling<\/strong> and <strong>Hannelore Elsner<\/strong> and was also seen in the two-part TV hit &#8220;<strong>Das Jesus Video<\/strong>&#8221; in the co-starring role of the client <em>Kaun<\/em> alongside <strong>Matthias Koeberlin<\/strong> as archaeology student <em>Steffen Vogt<\/em>. He has repeatedly appeared in crime thrillers, including the role of conference organiser and dentist <em>Henry von Haase<\/em> as the perpetrator in the episode &#8220;<strong>Zahn um Zahn<\/strong>&#8221; (2006) of the crime series &#8220;<strong>Ein starkes Team<\/strong>&#8221; and made several guest appearances in <strong>Tatort<\/strong> and the various <strong>SOKO<\/strong> programmes on <strong>ZDF<\/strong>.<\/p>\n<p>[\/vc_column_text][vc_row_inner][vc_column_inner width=&#8221;1\/2&#8243; css=&#8221;.vc_custom_1561290391124{border-right-width: -15px !important;}&#8221;][vc_single_image image=&#8221;102706&#8243; img_size=&#8221;full&#8221; onclick=&#8221;link_image&#8221;][\/vc_column_inner][vc_column_inner width=&#8221;1\/2&#8243;][vc_single_image image=&#8221;102704&#8243; img_size=&#8221;full&#8221; onclick=&#8221;link_image&#8221;][\/vc_column_inner][\/vc_row_inner][vc_column_text]<\/p>\n<p style=\"font-weight: 400;\"><strong>Dietrich Hollinderb\u00e4umer<\/strong> had his first permanent series role as a police officer in the <strong>ARD<\/strong> crime series &#8220;<strong>Hecht &amp; Haie<\/strong>&#8220;. From 1998 to 2001, he appeared in the <strong>Sat.1<\/strong> action series &#8220;<strong>HeliCops &#8211; Einsatz \u00fcber Berlin<\/strong>&#8221; in the role of police chief<em> Dr Koch<\/em>. From 2005 to 2020, he played <strong>Bastian Pastewka<\/strong>&#8216;s father <em>Volker<\/em> in the <strong>Sat.1<\/strong> comedy series &#8220;<strong>Pastewka<\/strong>&#8220;. Since 2009, <strong>Dietrich Hollinderb\u00e4umer<\/strong> has appeared as correspondent <strong>Ulrich von Heesen<\/strong> in the <strong>ZDF<\/strong> satire programme &#8220;<strong>heute-show<\/strong>&#8220;.<\/p>\n<p>[\/vc_column_text][\/vc_column][\/vc_row][vc_row css=&#8221;.vc_custom_1682784923718{background-color: #ffffff !important;}&#8221;][vc_column][vc_column_text css=&#8221;.vc_custom_1710956395099{margin-bottom: -12px !important;}&#8221;]<span style=\"font-size: 12pt;\">Filmography (selection)<\/span>[\/vc_column_text][vc_empty_space height=&#8221;30px&#8221;][vc_row_inner css=&#8221;.vc_custom_1682790211450{margin-bottom: -25px !important;padding-bottom: -25px !important;background-color: #ffffff !important;border-radius: 5px !important;}&#8221;][vc_column_inner width=&#8221;1\/2&#8243;][vc_column_text css=&#8221;.vc_custom_1710958678101{margin-bottom: -5px !important;padding-bottom: 5px !important;}&#8221;]<\/p>\n<table style=\"border-collapse: collapse; width: 100%; height: 23px;\">\n<tbody>\n<tr style=\"height: 13px;\">\n<td style=\"width: 18.587354%; vertical-align: top; height: 13px;\">2009-2024<\/td>\n<td style=\"width: 81.412646%; height: 13px;\"><b><b><b>heute-show <\/b><\/b><\/b>(Director<span style=\"font-family: inherit; font-size: inherit;\">: <em>divers<\/em>), <em>Prime Production, ZDF<\/em><\/span><\/td>\n<\/tr>\n<tr style=\"height: 22px;\">\n<td style=\"width: 18.587354%; vertical-align: top; height: 10px;\" rowspan=\"2\">2023<\/td>\n<td style=\"width: 81.412646%; height: 10px;\"><b>\u00dcberleben in Brandenburg <\/b>(Director<span style=\"font-family: inherit; font-size: inherit;\">: Zoltan Paul und Ben &amp; Grafenstein), Spielfilm<\/span><\/td>\n<\/tr>\n<tr>\n<td style=\"width: 81.412646%;\"><b><b><b>Concordia <\/b><\/b><\/b>(Director:<span style=\"font-family: inherit; font-size: inherit;\"><span style=\"font-family: inherit; font-size: inherit;\">\u00a0<span style=\"font-family: inherit; font-size: inherit;\">Barbara Eder<\/span><\/span><\/span><span style=\"font-family: inherit; font-size: inherit;\">), <em>Itagliofilms, ZD<\/em>F<\/span><\/td>\n<\/tr>\n<tr>\n<td style=\"width: 18.587354%; vertical-align: top;\">2022<\/td>\n<td style=\"width: 81.412646%;\"><b><b><b>Landkrimi Steiermark &#8211; Steierkunst <\/b><\/b><\/b>(Director: Wolfgang Munrberger), <em><span style=\"font-family: inherit; font-size: inherit;\">Allegro Film, ARD &amp; ORF<\/span><\/em><\/td>\n<\/tr>\n<\/tbody>\n<\/table>\n<p>[\/vc_column_text][\/vc_column_inner][vc_column_inner width=&#8221;1\/2&#8243;][vc_column_text css=&#8221;.vc_custom_1710958733479{margin-bottom: -5px !important;padding-bottom: 5px !important;}&#8221;]<\/p>\n<table style=\"border-collapse: collapse; width: 100%; height: 23px;\">\n<tbody>\n<tr style=\"height: 13px;\">\n<td style=\"width: 18.587354%; vertical-align: top; height: 13px;\">2005-2019<\/td>\n<td style=\"width: 81.412646%; height: 13px;\"><b><b><b>Pastewka <\/b><\/b><\/b>(<span style=\"font-family: inherit; font-size: inherit;\">Director: <em>divers<\/em>), <em>brainpool, ZDF<\/em><\/span><\/td>\n<\/tr>\n<tr style=\"height: 22px;\">\n<td style=\"width: 18.587354%; vertical-align: top; height: 10px;\">2018-2019<\/td>\n<td style=\"width: 81.412646%; height: 10px;\"><b>Dark, <\/b>season 2 &amp; 3 (Director<span style=\"font-family: inherit; font-size: inherit;\">: Baran Bo Odar), <em>Netflix<\/em><\/span><\/td>\n<\/tr>\n<tr>\n<td style=\"width: 18.587354%; vertical-align: top;\">2016<\/td>\n<td style=\"width: 81.412646%;\"><b><b><b>Angst <\/b><\/b><\/b>(Director: Thomas Berger),<em> <span style=\"font-family: inherit; font-size: inherit;\">Network Movie, ZDF<\/span><\/em><\/td>\n<\/tr>\n<tr>\n<td style=\"width: 18.587354%; vertical-align: top;\">2003<\/td>\n<td style=\"width: 81.412646%;\"><b><b><b>Der Untergang <\/b><\/b><\/b>(Director: Oliver Hirschbigel), Spielfilm<\/td>\n<\/tr>\n<\/tbody>\n<\/table>\n<p>[\/vc_column_text][vc_empty_space height=&#8221;20px&#8221;][\/vc_column_inner][\/vc_row_inner][vc_empty_space][\/vc_column][\/vc_row][vc_row][vc_column][vc_empty_space height=&#8221;10px&#8221;][vc_empty_space height=&#8221;30px&#8221;][vc_column_text css=&#8221;.vc_custom_1710962066285{margin-bottom: -10px !important;}&#8221;]<\/p>\n<h3><span style=\"font-size: 14pt;\">About <strong>Joachim Paul Assb\u00f6ck<\/strong> (Role: Tilo Weidland)<\/span><\/h3>\n<p>[\/vc_column_text][vc_empty_space height=&#8221;35px&#8221;][vc_column_text]<\/p>\n<p style=\"font-weight: 400;\"><strong>Joachim Paul Assboeck<\/strong> completed his training at the <strong>Max Reinhardt Seminar<\/strong> in Vienna. In 1992, <strong>Steven Spielberg<\/strong> hired him for &#8220;<strong>Schindler&#8217;s List<\/strong>&#8220;. Since then, he has repeatedly worked with world-class film directors. With <strong>Roman Polanski<\/strong> in &#8220;<strong>The Pianist<\/strong>&#8220;, with <strong>Russel Mulcahy<\/strong> (&#8220;<strong>Highlander<\/strong>&#8220;) in &#8220;<strong>Lost Battalion<\/strong>&#8221; or<em> Peter Hyams<\/em> in &#8220;<strong>The Musketeer<\/strong>&#8221; alongside <strong>Catherine Deneuve<\/strong> and <strong>Mena Suvari<\/strong>, as <em>Fritz Kiesewatter<\/em> in &#8220;<strong>Charlatan<\/strong>&#8221; by <strong>Agnieszka Holland<\/strong>.<\/p>\n<p>[\/vc_column_text][vc_row_inner][vc_column_inner width=&#8221;1\/4&#8243;][vc_single_image image=&#8221;102715&#8243; img_size=&#8221;full&#8221; onclick=&#8221;link_image&#8221;][\/vc_column_inner][vc_column_inner width=&#8221;3\/4&#8243; css=&#8221;.vc_custom_1710808973342{margin-top: -10px !important;}&#8221;][vc_column_text]<\/p>\n<p style=\"font-weight: 400;\">He has also appeared in leading roles in Russia, including as <em>Martin Leitner<\/em> in &#8220;<strong>Perevodchik<\/strong>&#8221; by <strong>Andrey Proshkin<\/strong>, as <em>Karl Klyayst<\/em> in &#8220;S<strong>nayper<\/strong>&#8221; by <strong>Aleksandr Efremov<\/strong> and in several productions by <strong>Murad Ibragimbekov<\/strong>.<\/p>\n<p>[\/vc_column_text][vc_column_text]<\/p>\n<p style=\"font-weight: 400;\">On German television,<strong> Joachim Paul Assb\u00f6ck<\/strong> appeared in the comedy series &#8220;<strong>Danke Deutschland<\/strong>&#8220;, as well as in various television films, including &#8220;<strong>Weissensee<\/strong>&#8220;, <strong>&#8220;Soko Leipzig<\/strong>&#8220;, &#8220;<strong>Die Heiland<\/strong>&#8220;, <strong>&#8220;Gladbeck<\/strong>&#8220;, &#8220;<strong>Alarm f\u00fcr Cobra 11<\/strong>&#8220;, several &#8220;<strong>Tatort<\/strong>&#8221; episodes, and in &#8220;<strong>Babylon Berlin<\/strong>&#8221; by <strong>Tom Tykwer<\/strong>.<\/p>\n<p>[\/vc_column_text][vc_column_text]<\/p>\n<p style=\"font-weight: 400;\">As a theatre actor, he has performed at the <strong>Salzburg Festival<\/strong> under the direction of <strong>Peter Stein<\/strong>. He was seen at the <strong>Piccolo Teatro Strehler di Milanno<\/strong> and<strong> Southbank Theatre in London<\/strong> with &#8220;<strong>Violett<\/strong>&#8221; by <strong>Wassily Kandinsky<\/strong> and as a regular guest under the direction of <strong>Franz Josef Heumannsk\u00e4mper<\/strong> at the <strong>Th\u00e9\u00e2tre des Capucins<\/strong> in Luxembourg. In Berlin he played for 5 years in the <strong>Udo Lindenberg<\/strong> musical &#8220;<strong>Hinterm Horizont<\/strong>&#8221; at the theatre on <strong>Potsdamer Platz<\/strong>.<\/p>\n<p>[\/vc_column_text][vc_column_text]<\/p>\n<p style=\"font-weight: 400;\">He also works as a dubbing actor and voice-over artist.<\/p>\n<p>[\/vc_column_text][\/vc_column_inner][\/vc_row_inner][\/vc_column][\/vc_row][vc_row css=&#8221;.vc_custom_1682784923718{background-color: #ffffff !important;}&#8221;][vc_column][vc_column_text css=&#8221;.vc_custom_1710945306660{margin-bottom: -12px !important;}&#8221;]<span style=\"font-size: 12pt;\">Filmography (cinema &#8211; selection)<\/span>[\/vc_column_text][vc_empty_space height=&#8221;30px&#8221;][vc_row_inner css=&#8221;.vc_custom_1682790211450{margin-bottom: -25px !important;padding-bottom: -25px !important;background-color: #ffffff !important;border-radius: 5px !important;}&#8221;][vc_column_inner width=&#8221;1\/2&#8243;][vc_column_text css=&#8221;.vc_custom_1710967501893{margin-bottom: -5px !important;padding-bottom: 5px !important;}&#8221;]<\/p>\n<table style=\"border-collapse: collapse; width: 100%; height: 23px;\">\n<tbody>\n<tr style=\"height: 13px;\">\n<td style=\"width: 18.587354%; vertical-align: top; height: 13px;\">2023<\/td>\n<td style=\"width: 81.412646%; height: 13px;\"><b><b><b>\u00dcberleben in Brandenburg <\/b><\/b><\/b>(<span style=\"font-family: inherit; font-size: inherit;\">Director<\/span><span style=\"font-family: inherit; font-size: inherit;\">: Zoltan Paul &amp; Ben by Grafenstein), feature film<\/span><\/td>\n<\/tr>\n<tr style=\"height: 22px;\">\n<td style=\"width: 18.587354%; vertical-align: top; height: 10px;\">2020<\/td>\n<td style=\"width: 81.412646%; height: 10px;\"><strong>Charlatan<\/strong> (<span style=\"font-family: inherit; font-size: inherit;\">Director<\/span>: Agnieszka Holland), feature film<\/td>\n<\/tr>\n<tr>\n<td style=\"width: 18.587354%; vertical-align: top;\">2018<\/td>\n<td style=\"width: 81.412646%;\"><strong>Hot Dog<\/strong> (<span style=\"font-family: inherit; font-size: inherit;\">Director<\/span>: Torsten K\u00fcnstler), feature film<\/td>\n<\/tr>\n<tr>\n<td style=\"width: 18.587354%; vertical-align: top;\">2016<\/td>\n<td style=\"width: 81.412646%;\"><strong>Gernika<\/strong> (<span style=\"font-family: inherit; font-size: inherit;\">Director<\/span>: Koldo Serra), feature film<\/td>\n<\/tr>\n<tr>\n<td style=\"width: 18.587354%; vertical-align: top;\">2015<\/td>\n<td style=\"width: 81.412646%;\"><strong>Bridge of Spies &#8211; Der Unterh\u00e4ndler<\/strong> (<span style=\"font-family: inherit; font-size: inherit;\">Director<\/span>: Steven Spielberg), feature film<\/td>\n<\/tr>\n<tr>\n<td style=\"width: 18.587354%; vertical-align: top;\">2013<\/td>\n<td style=\"width: 81.412646%;\"><strong>Die B\u00fccherdiebin<\/strong> (<span style=\"font-family: inherit; font-size: inherit;\">Director<\/span>: Brian Percival),feature film<\/td>\n<\/tr>\n<tr>\n<td style=\"width: 18.587354%; vertical-align: top;\" rowspan=\"2\">2011<\/td>\n<td style=\"width: 81.412646%;\"><strong>Lidice<\/strong> (<span style=\"font-family: inherit; font-size: inherit;\">Director<\/span>: Petr Nikolaev), feature film<\/td>\n<\/tr>\n<tr>\n<td style=\"width: 81.412646%;\"><strong>Remembrance &#8211; Die verlorene Zeit<\/strong> (<span style=\"font-family: inherit; font-size: inherit;\">Director<\/span>: Anna Justice)<\/td>\n<\/tr>\n<\/tbody>\n<\/table>\n<p>[\/vc_column_text][\/vc_column_inner][vc_column_inner width=&#8221;1\/2&#8243;][vc_column_text css=&#8221;.vc_custom_1710967611687{margin-bottom: -5px !important;padding-bottom: 5px !important;}&#8221;]<\/p>\n<table style=\"border-collapse: collapse; width: 100%; height: 155px;\">\n<tbody>\n<tr style=\"height: 13px;\">\n<td style=\"width: 18.50203%; vertical-align: top; height: 13px;\" rowspan=\"2\">2010<\/td>\n<td style=\"width: 81.49797%; height: 13px;\"><strong>In Darkness<\/strong> (<span style=\"font-family: inherit; font-size: inherit;\">Director<\/span>: Agnieszka Holland), feature film<\/td>\n<\/tr>\n<tr style=\"height: 22px;\">\n<td style=\"width: 81.49797%; height: 10px;\"><strong>Joanna<\/strong> (<span style=\"font-family: inherit; font-size: inherit;\">Director<\/span>: Feliks Falk), feature film<\/td>\n<\/tr>\n<tr style=\"height: 22px;\">\n<td style=\"width: 18.50203%; vertical-align: top; height: 22px;\" rowspan=\"2\">2007<\/td>\n<td style=\"width: 81.49797%; height: 22px;\"><strong>Das Massaker von Katyn<\/strong> ( <span style=\"font-family: inherit; font-size: inherit;\">Director<\/span>: Andrzej Wajda), feature film<\/td>\n<\/tr>\n<tr style=\"height: 22px;\">\n<td style=\"width: 81.49797%; height: 22px;\"><strong>3 Girls<\/strong> (<span style=\"font-family: inherit; font-size: inherit;\">Director<\/span>: Murad Ibragimbekov), feature film<\/td>\n<\/tr>\n<tr style=\"height: 22px;\">\n<td style=\"width: 18.50203%; vertical-align: top; height: 22px;\">2002<\/td>\n<td style=\"width: 81.49797%; height: 22px;\"><strong>Der Pianist<\/strong> (<span style=\"font-family: inherit; font-size: inherit;\">Director<\/span>: Roman Polanski), feature film<\/td>\n<\/tr>\n<tr style=\"height: 22px;\">\n<td style=\"width: 18.50203%; vertical-align: top; height: 22px;\" rowspan=\"2\">2001<\/td>\n<td style=\"width: 81.49797%; height: 22px;\"><strong>The Musketeer &#8211; Der junge D&#8217;Artagnan<\/strong> (<span style=\"font-family: inherit; font-size: inherit;\">Director<\/span>: Peter Hyams), feature film<\/td>\n<\/tr>\n<tr style=\"height: 22px;\">\n<td style=\"width: 81.49797%; height: 22px;\"><strong>Invincible &#8211; Unbesiegbar<\/strong> (<span style=\"font-family: inherit; font-size: inherit;\">Director<\/span>: Werner Herzog), feature film<\/td>\n<\/tr>\n<tr style=\"height: 22px;\">\n<td style=\"width: 18.50203%; vertical-align: top; height: 22px;\">1993<\/td>\n<td style=\"width: 81.49797%; height: 22px;\"><strong>Schindlers Liste<\/strong> (<span style=\"font-family: inherit; font-size: inherit;\">Director<\/span>: Steven Spielberg), feature film<\/td>\n<\/tr>\n<\/tbody>\n<\/table>\n<p>[\/vc_column_text][\/vc_column_inner][\/vc_row_inner][vc_empty_space][\/vc_column][\/vc_row][vc_row css=&#8221;.vc_custom_1682784923718{background-color: #ffffff !important;}&#8221;][vc_column][vc_empty_space height=&#8221;20px&#8221;][vc_column_text css=&#8221;.vc_custom_1710945344216{margin-bottom: -12px !important;}&#8221;]<span style=\"font-size: 12pt;\">Filmography (TV &#8211; Selection)<\/span>[\/vc_column_text][vc_empty_space height=&#8221;30px&#8221;][vc_row_inner css=&#8221;.vc_custom_1682790211450{margin-bottom: -25px !important;padding-bottom: -25px !important;background-color: #ffffff !important;border-radius: 5px !important;}&#8221;][vc_column_inner width=&#8221;1\/2&#8243;][vc_column_text css=&#8221;.vc_custom_1710970245261{margin-bottom: -5px !important;padding-bottom: 5px !important;}&#8221;]<\/p>\n<table style=\"border-collapse: collapse; width: 100%; height: 34px;\">\n<tbody>\n<tr style=\"height: 13px;\">\n<td style=\"width: 18.587354%; vertical-align: top; height: 24px;\">2024<\/td>\n<td style=\"width: 81.412646%; height: 24px;\"><strong>Masters of Air<\/strong>, season<em>\u00a01<\/em> (<span style=\"font-family: inherit; font-size: inherit;\">Director<\/span>: Cary Joji Fukunaga), <em>Apple TV<\/em><\/td>\n<\/tr>\n<tr style=\"height: 22px;\">\n<td style=\"width: 18.587354%; vertical-align: top; height: 10px;\">2021<\/td>\n<td style=\"width: 81.412646%;\"><strong>Oslo<\/strong> (<span style=\"font-family: inherit; font-size: inherit;\">Director<\/span>: Bartlett Sher), <em>HBO<\/em><\/td>\n<\/tr>\n<tr>\n<td style=\"width: 18.587354%; vertical-align: top;\" rowspan=\"2\">2019<\/td>\n<td style=\"width: 81.412646%;\"><strong>Dark<\/strong>, <em>1 Folge<\/em> (<span style=\"font-family: inherit; font-size: inherit;\">Director<\/span>: Baran bo Odar), <em>Netflix<\/em><\/td>\n<\/tr>\n<tr>\n<td style=\"width: 81.412646%;\"><b><b><b><b>The Witcher<\/b><\/b><\/b><\/b>, <em>1 episode <\/em>(<span style=\"font-family: inherit; font-size: inherit;\">Director<\/span>: Charlotte Brandstrom), <em>Netflix<\/em><\/td>\n<\/tr>\n<tr>\n<td style=\"width: 18.587354%; vertical-align: top;\">2018<\/td>\n<td style=\"width: 81.412646%;\"><b><b><b><b>Danke Deutschland! <\/b><\/b><\/b><\/b>(<span style=\"font-family: inherit; font-size: inherit;\">Director<\/span>: Holger Schmidt),<em> ZDF<\/em><\/td>\n<\/tr>\n<tr>\n<td style=\"width: 18.587354%; vertical-align: top;\">2017<\/td>\n<td style=\"width: 81.412646%;\"><b><b><b><b>Babylon Berlin<\/b><\/b><\/b><\/b><em>, 4 episodes <\/em>(<span style=\"font-family: inherit; font-size: inherit;\">Director<\/span>: Tom Tykwer, Achim v. Borries, Henk Handloegten),<em> Sky, ARD<\/em><\/td>\n<\/tr>\n<tr>\n<td style=\"width: 18.587354%; vertical-align: top;\">2014<\/td>\n<td style=\"width: 81.412646%;\"><b><b><b><b>Perevodchik &#8211; \u00dcbersetzer <\/b><\/b><\/b><\/b>(<span style=\"font-family: inherit; font-size: inherit;\">Director<\/span>: Andrei Proshkin), <em>RU 1<\/em><\/td>\n<\/tr>\n<\/tbody>\n<\/table>\n<p>[\/vc_column_text][\/vc_column_inner][vc_column_inner width=&#8221;1\/2&#8243;][vc_column_text css=&#8221;.vc_custom_1711159672018{margin-bottom: -5px !important;padding-bottom: 5px !important;}&#8221;]<\/p>\n<table style=\"border-collapse: collapse; width: 100%; height: 54px;\">\n<tbody>\n<tr style=\"height: 13px;\">\n<td style=\"width: 18.587354%; vertical-align: top; height: 10px;\" rowspan=\"3\">2009<\/td>\n<td style=\"width: 81.412646%; height: 10px;\"><strong>Stalingrad Snipers<\/strong>, <em>4 episodes<\/em> (<span style=\"font-family: inherit; font-size: inherit;\">Director<\/span>: Alexander Efremov), <em>RU 1<\/em><\/td>\n<\/tr>\n<tr style=\"height: 22px;\">\n<td style=\"width: 81.412646%; height: 22px;\"><strong>Trust.Wohltat<\/strong> (<span style=\"font-family: inherit; font-size: inherit;\">Director<\/span>: Eicke Bettinga), <em>ZDF<\/em><\/td>\n<\/tr>\n<tr style=\"height: 22px;\">\n<td style=\"width: 81.412646%; height: 22px;\"><strong>Romy<\/strong> (<span style=\"font-family: inherit; font-size: inherit;\">Director<\/span>: Torsten C. Fischer), <em>ARD, France 2<\/em><\/td>\n<\/tr>\n<tr>\n<td style=\"width: 18.587354%; vertical-align: top;\">2002<\/td>\n<td style=\"width: 81.412646%;\"><b><b><b>Joe and Max &#8211; Rivalen im Ring <\/b><\/b><\/b>(<span style=\"font-family: inherit; font-size: inherit;\">Director<\/span>: Steve James), <em>Starz Television<\/em><\/td>\n<\/tr>\n<tr>\n<td style=\"width: 18.587354%; vertical-align: top;\">2001<\/td>\n<td style=\"width: 81.412646%;\"><b><b><b>The Lost Battalion<\/b><\/b><\/b> (<span style=\"font-family: inherit; font-size: inherit;\">Director<\/span>: Russell Mulcahy), <em>Prinz Carousel \/ A&amp;E<\/em><\/td>\n<\/tr>\n<tr>\n<td style=\"width: 18.587354%; vertical-align: top;\">2000<\/td>\n<td style=\"width: 81.412646%;\"><b><b><b>Monsignor Renard<\/b><\/b><\/b> (<span style=\"font-family: inherit; font-size: inherit;\">Director<\/span>: Mowbray &amp; David Wheatley), <em>Carlton TV Malcom<\/em><\/td>\n<\/tr>\n<tr>\n<td style=\"width: 18.587354%; vertical-align: top;\">1997<\/td>\n<td style=\"width: 81.412646%;\"><b><b><b>Im Fahrwasser des Todes <\/b><\/b><\/b>(<span style=\"font-family: inherit; font-size: inherit;\">Director<\/span>: David Drury), <em>BBC, HBO<\/em><\/td>\n<\/tr>\n<\/tbody>\n<\/table>\n<p>[\/vc_column_text][\/vc_column_inner][\/vc_row_inner][vc_empty_space][vc_empty_space height=&#8221;20px&#8221;][vc_row_inner][vc_column_inner width=&#8221;1\/2&#8243; css=&#8221;.vc_custom_1561290391124{border-right-width: -15px !important;}&#8221;][vc_single_image image=&#8221;102728&#8243; img_size=&#8221;full&#8221; onclick=&#8221;link_image&#8221;][\/vc_column_inner][vc_column_inner width=&#8221;1\/2&#8243;][vc_single_image image=&#8221;102730&#8243; img_size=&#8221;full&#8221; onclick=&#8221;link_image&#8221;][\/vc_column_inner][\/vc_row_inner][\/vc_column][\/vc_row][vc_row][vc_column][vc_empty_space height=&#8221;30px&#8221;][vc_column_text css=&#8221;.vc_custom_1710971144191{margin-bottom: -10px !important;}&#8221;]<\/p>\n<h3><span style=\"font-size: 14pt;\">About<strong> L\u00e1szl\u00f3 I. Kish<\/strong> (role: <\/span><span style=\"font-size: 14pt;\">Karcsi<\/span><span style=\"font-size: 14pt;\">)<\/span><\/h3>\n<p>[\/vc_column_text][vc_empty_space height=&#8221;35px&#8221;][vc_column_text]<\/p>\n<p style=\"font-weight: 400;\">Born in 1957 in Basel, Switzerland, <strong>L\u00e1szl\u00f3 I. Kish<\/strong> lives in Mecklenburg, Berlin and Basel. He began his career in 1981 at the <strong>Schauspielhaus<\/strong> in Zurich. This was followed by engagements in Cologne, Basel, Bonn, Essen, Stuttgart, Frankfurt and Berlin, among others.<\/p>\n<p>[\/vc_column_text][vc_row_inner][vc_column_inner width=&#8221;3\/5&#8243; css=&#8221;.vc_custom_1710808973342{margin-top: -10px !important;}&#8221;][vc_column_text]<\/p>\n<p style=\"font-weight: 400;\">He has also appeared in over 100 German-language and international cinema and television films such as &#8220;<strong>Quicker than the Eye<\/strong>&#8221; by <strong>Nicolas Gessner<\/strong>, &#8220;<strong>Salt on our Skin<\/strong>&#8221; by <strong>Andrew Birkin<\/strong> and &#8220;<strong>Dune<\/strong>&#8221; by <strong>John Harrison<\/strong>. In the saga &#8220;<strong>Die zweite Heimat<\/strong>&#8221; by <strong>Edgar Reitz<\/strong>, he was seen as the young film director <strong>Reinhard D\u00f6rr<\/strong> in one of the continuous leading roles. He became known to a wider audience when he played the role of the detective <em>&#8220;von Burg&#8221;<\/em> in the Swiss crime series <strong>Tatort<\/strong> for several years from 1993. He can currently be seen on <strong>Netflix<\/strong> in the mini-series &#8220;<strong>Buried Truth<\/strong>&#8220;.<\/p>\n<p>[\/vc_column_text][vc_column_text]<\/p>\n<p style=\"font-weight: 400;\">In 1994, <strong>L\u00e1szl\u00f3 I. Kish<\/strong> founded the production company<strong> Hearts &amp; Brains unlimited<\/strong>. The film &#8220;<strong>Goosebumps<\/strong>&#8220;, which he subsequently scripted and directed, was awarded <em>&#8220;<strong>Best Short Film<\/strong>&#8220;<\/em> at <strong>Locarno<\/strong> and received the <strong>Swiss Quality Award<\/strong>. Likewise three years later &#8220;<strong>Halbe Herzen<\/strong>&#8220;. As a filmmaker and author, <strong>L\u00e1szl\u00f3 I. Kish<\/strong>&#8216;s assignments took him to Mali several times, where he made films about Aids, street children and migrants.<\/p>\n<p>[\/vc_column_text][\/vc_column_inner][vc_column_inner width=&#8221;2\/5&#8243;][vc_single_image image=&#8221;102733&#8243; img_size=&#8221;full&#8221; onclick=&#8221;link_image&#8221; css=&#8221;.vc_custom_1710971830319{margin-top: -2px !important;}&#8221;][\/vc_column_inner][\/vc_row_inner][vc_column_text]<\/p>\n<p style=\"font-weight: 400;\"><strong>L\u00e1szl\u00f3 I. Kish<\/strong> has lived with actress and author <strong>Ulrike Bliefert<\/strong> in Mecklenburg since 2014, where he is involved in local politics as a local councillor.<\/p>\n<p>[\/vc_column_text][\/vc_column][\/vc_row][vc_row css=&#8221;.vc_custom_1682784923718{background-color: #ffffff !important;}&#8221;][vc_column][vc_column_text css=&#8221;.vc_custom_1710971666535{margin-bottom: -12px !important;}&#8221;]<span style=\"font-size: 12pt;\">Filmography (selection)<\/span>[\/vc_column_text][vc_empty_space height=&#8221;30px&#8221;][vc_row_inner css=&#8221;.vc_custom_1682790211450{margin-bottom: -25px !important;padding-bottom: -25px !important;background-color: #ffffff !important;border-radius: 5px !important;}&#8221;][vc_column_inner width=&#8221;1\/2&#8243;][vc_column_text css=&#8221;.vc_custom_1710973598166{margin-bottom: -5px !important;padding-bottom: 5px !important;}&#8221;]<\/p>\n<table style=\"border-collapse: collapse; width: 100%; height: 200px;\">\n<tbody>\n<tr style=\"height: 13px;\">\n<td style=\"width: 18.587354%; vertical-align: top; height: 13px;\">2023<\/td>\n<td style=\"width: 81.412646%; height: 13px;\"><b><b><b>Surviving Brandenburg <\/b><\/b><\/b>(Director<span style=\"font-family: inherit; font-size: inherit;\">: Zoltan Paul &amp; Ben von Grafenstein), feature film<\/span><\/td>\n<\/tr>\n<tr style=\"height: 22px;\">\n<td style=\"width: 18.587354%; vertical-align: top; height: 10px;\" rowspan=\"3\">2022<\/td>\n<td style=\"width: 81.412646%; height: 10px;\"><strong>Briefe aus dem Jenseits<\/strong> (Director: Niki Stein), <em>ZDF<\/em><\/td>\n<\/tr>\n<tr style=\"height: 22px;\">\n<td style=\"width: 81.412646%; height: 22px;\"><strong>Blok\u00e1d<\/strong> (Director: Adam T\u00f6s\u00e9r), Spielfilm<em>, Hungarian Film<\/em><\/td>\n<\/tr>\n<tr style=\"height: 22px;\">\n<td style=\"width: 81.412646%; height: 22px;\"><strong>N\u00fcrnberg<\/strong> (Director: N.Lebedev), Spielfilm, <em>K-International Moscow<\/em><\/td>\n<\/tr>\n<tr style=\"height: 23px;\">\n<td style=\"width: 18.587354%; vertical-align: top; height: 23px;\">2021<\/td>\n<td style=\"width: 81.412646%; height: 23px;\"><strong>Wilder IV<\/strong> (Director: Claudio F\u00e4h), <em><span style=\"font-family: inherit; font-size: inherit;\">SFS, Netflix CH<\/span><\/em><\/td>\n<\/tr>\n<tr style=\"height: 22px;\">\n<td style=\"width: 18.587354%; vertical-align: top; height: 22px;\">2020<\/td>\n<td style=\"width: 81.412646%; height: 22px;\"><strong>Unverbl\u00fcmt<\/strong> (Director: Kerstin Polte), <em>ZDF<\/em><\/td>\n<\/tr>\n<tr style=\"height: 22px;\">\n<td style=\"width: 18.587354%; vertical-align: top; height: 22px;\">2019<\/td>\n<td style=\"width: 81.412646%; height: 22px;\"><strong>Getrieben<\/strong> (Director: Stephan Wagner), <em>ARD<\/em><\/td>\n<\/tr>\n<tr style=\"height: 22px;\">\n<td style=\"width: 18.587354%; vertical-align: top; height: 22px;\">2018<\/td>\n<td style=\"width: 81.412646%; height: 22px;\"><strong>SOKO Leipzig <\/strong>(Director: Peter Winczewski), <em>ZDF<\/em><\/td>\n<\/tr>\n<tr style=\"height: 22px;\">\n<td style=\"width: 18.587354%; vertical-align: top; height: 22px;\">2017<\/td>\n<td style=\"width: 81.412646%; height: 22px;\"><strong>Bad Cops <\/strong>(Director: Peter Ladkani), <em>RTL<\/em><\/td>\n<\/tr>\n<tr style=\"height: 22px;\">\n<td style=\"width: 18.587354%; vertical-align: top; height: 22px;\">2016<\/td>\n<td style=\"width: 81.412646%; height: 22px;\"><strong>SOKO K\u00f6ln &#8211; Kr\u00fcger ist tot <\/strong>(Director: Ulrike Hamacher), <em>ZDF<\/em><\/td>\n<\/tr>\n<tr>\n<td style=\"width: 18.587354%; vertical-align: top;\">2015<\/td>\n<td style=\"width: 81.412646%;\"><strong>Grand Hotel Imperial<\/strong> (Director: Luca Ribuoli), <em>RAI<\/em><\/td>\n<\/tr>\n<tr>\n<td style=\"width: 18.587354%; vertical-align: top;\">2014<\/td>\n<td style=\"width: 81.412646%;\"><strong>Die Eisl\u00e4uferin <\/strong>(Director: Franziska Meyer-Price), <em>ARD \/ Real Film<\/em><\/td>\n<\/tr>\n<\/tbody>\n<\/table>\n<p>[\/vc_column_text][\/vc_column_inner][vc_column_inner width=&#8221;1\/2&#8243;][vc_column_text css=&#8221;.vc_custom_1710973641280{margin-bottom: -5px !important;padding-bottom: 5px !important;}&#8221;]<\/p>\n<table style=\"border-collapse: collapse; width: 100%; height: 13px;\">\n<tbody>\n<tr style=\"height: 13px;\">\n<td style=\"width: 18.50203%; vertical-align: top; height: 13px;\" rowspan=\"3\">2013<\/td>\n<td style=\"width: 81.49797%; height: 13px;\"><strong>\u00dcberleben an der Scheidungsfront<\/strong> (Director: Titus Selge), <em>ZDF<\/em><\/td>\n<\/tr>\n<tr>\n<td style=\"width: 81.49797%;\"><strong>The Ambassador to Bern<\/strong> (Director: Attila Sz\u00e1sz), Spielfilm<\/td>\n<\/tr>\n<tr>\n<td style=\"width: 81.49797%;\"><strong>Doc Meets Dorf <\/strong>(Director: Franziska Meyer-Price), <em>RTL<\/em><\/td>\n<\/tr>\n<tr>\n<td style=\"width: 18.50203%; vertical-align: top;\" rowspan=\"2\">2012<\/td>\n<td style=\"width: 81.49797%;\"><strong>Letze Runde <\/strong>(Director: Kerstin Polte), Spielfilm<\/td>\n<\/tr>\n<tr>\n<td style=\"width: 81.49797%;\"><strong>Ricky &#8211; Normal war gestern <\/strong>(Director: Kai S. Pieck), Spielfilm<\/td>\n<\/tr>\n<tr>\n<td style=\"width: 18.50203%; vertical-align: top;\" rowspan=\"4\">2011<\/td>\n<td style=\"width: 81.49797%;\"><strong>Notruf Hafenkante <\/strong>(Director: J\u00f6rg Schneider), <em>ZDF<\/em><\/td>\n<\/tr>\n<tr>\n<td style=\"width: 81.49797%;\"><strong>Friedrich &#8211; Ein deutscher K\u00f6nig<\/strong> (Director: Jan Peter), documentary<\/td>\n<\/tr>\n<tr>\n<td style=\"width: 81.49797%;\"><strong>Danni Lowinski <\/strong>(Director: Dagmar Seume), <em>Sat 1<\/em><\/td>\n<\/tr>\n<tr>\n<td style=\"width: 81.49797%;\"><strong>Himmelfahrtskomando <\/strong>(Director: Denis Ledergerber), feature film<\/td>\n<\/tr>\n<tr>\n<td style=\"width: 18.50203%; vertical-align: top;\">2010<\/td>\n<td style=\"width: 81.49797%;\"><strong>Wiedersehen mit einem Fremden <\/strong>(Director: Niki Stein), <em>SWR, ARD<\/em><\/td>\n<\/tr>\n<tr>\n<td style=\"width: 18.50203%; vertical-align: top;\">2009<\/td>\n<td style=\"width: 81.49797%;\"><strong><strong>La Donna Velata (Director<\/strong><\/strong><span style=\"font-family: inherit; font-size: inherit;\">: Edoardo Margheriti), feature film<\/span><\/td>\n<\/tr>\n<\/tbody>\n<\/table>\n<p>[\/vc_column_text][\/vc_column_inner][\/vc_row_inner][vc_empty_space][vc_empty_space height=&#8221;20px&#8221;][vc_row_inner][vc_column_inner width=&#8221;1\/2&#8243; css=&#8221;.vc_custom_1561290391124{border-right-width: -15px !important;}&#8221;][vc_single_image image=&#8221;102738&#8243; img_size=&#8221;full&#8221; onclick=&#8221;link_image&#8221;][\/vc_column_inner][vc_column_inner width=&#8221;1\/2&#8243;][vc_single_image image=&#8221;102740&#8243; img_size=&#8221;full&#8221; onclick=&#8221;link_image&#8221;][\/vc_column_inner][\/vc_row_inner][\/vc_column][\/vc_row][vc_row][vc_column][vc_empty_space height=&#8221;30px&#8221;][vc_column_text css=&#8221;.vc_custom_1710973959847{margin-bottom: -10px !important;}&#8221;]<\/p>\n<h3><span style=\"font-size: 14pt;\"><strong>About Sabine Waibel (role: Lisa, the &#8220;mad woman&#8221; from the neighbouring village)<\/strong><\/span><\/h3>\n<p>[\/vc_column_text][vc_empty_space height=&#8221;35px&#8221;][vc_column_text]<\/p>\n<p style=\"font-weight: 400;\"><strong>Sabine Waibel<\/strong> was born in Vienna. After training as an actress at the <strong>Franz Schubert Conservatory<\/strong>, she had her first theatre engagements in St. P\u00f6lten, Braunschweig and Kassel. She was a member of the ensemble at <strong>Schauspiel Frankfurt<\/strong> from 2004 to 2009 and then at the <strong>Maxim Gorki Theatre<\/strong> in Berlin until 2014. She has been a freelancer since 2016 and has performed at the <strong>Deutsches Theater Berlin<\/strong>, the <strong>Berliner Volksb\u00fchne<\/strong>, the <strong>Neumarkt Theatre<\/strong> in Zurich and continuously at <strong>Schauspiel K\u00f6ln<\/strong>. In addition to her theatre work, she has made radio plays and radio broadcasts for<strong> ORF<\/strong> and acted in various film and television productions.<\/p>\n<p>[\/vc_column_text][vc_row_inner][vc_column_inner width=&#8221;1\/4&#8243;][vc_single_image image=&#8221;102748&#8243; img_size=&#8221;full&#8221; onclick=&#8221;link_image&#8221; css=&#8221;.vc_custom_1710974418413{margin-top: -2px !important;}&#8221;][\/vc_column_inner][vc_column_inner width=&#8221;3\/4&#8243; css=&#8221;.vc_custom_1710808973342{margin-top: -10px !important;}&#8221;][vc_column_text css=&#8221;.vc_custom_1710971666535{margin-bottom: -12px !important;}&#8221;]<span style=\"font-size: 12pt;\">Filmography (selection)<\/span>[\/vc_column_text][vc_empty_space height=&#8221;30px&#8221;][vc_column_text css=&#8221;.vc_custom_1710975142466{margin-bottom: -5px !important;padding-bottom: 5px !important;}&#8221;]<\/p>\n<table style=\"border-collapse: collapse; width: 100%; height: 273px;\">\n<tbody>\n<tr style=\"height: 13px;\">\n<td style=\"width: 18.587354%; vertical-align: top; height: 13px;\" rowspan=\"2\">2023<\/td>\n<td style=\"width: 81.412646%; height: 13px;\"><b><b><b>Surviving Brandenburg <\/b><\/b><\/b>(Director<span style=\"font-family: inherit; font-size: inherit;\">: Zoltan Paul &amp; Ben von Grafenstein), feature movie<\/span><\/td>\n<\/tr>\n<tr style=\"height: 23px;\">\n<td style=\"width: 81.412646%; height: 23px;\"><strong>Die Toten von Salzburg<\/strong> (Director: Erhart Riedlsperger), <em><span style=\"font-family: inherit; font-size: inherit;\">ORF<\/span><\/em><\/td>\n<\/tr>\n<tr style=\"height: 22px;\">\n<td style=\"width: 18.587354%; vertical-align: top; height: 22px;\">2021<\/td>\n<td style=\"width: 81.412646%; height: 22px;\"><strong>Wer einmal stirbt dem glaubt man nicht<\/strong> (Director: Dirk Kummer), <em>ARD<\/em><\/td>\n<\/tr>\n<tr style=\"height: 22px;\">\n<td style=\"width: 18.587354%; vertical-align: top; height: 22px;\">2020<\/td>\n<td style=\"width: 81.412646%; height: 22px;\"><strong>SOKO Potsdam<\/strong> (Director: Felix Ahrens), <em>ZDF<\/em><\/td>\n<\/tr>\n<tr style=\"height: 22px;\">\n<td style=\"width: 18.587354%; vertical-align: top; height: 22px;\">2019<\/td>\n<td style=\"width: 81.412646%; height: 22px;\"><strong>Schnell ermittelt\u00a0<\/strong>(Director: Gerald Liegel), <em>ORF<\/em><\/td>\n<\/tr>\n<tr style=\"height: 22px;\">\n<td style=\"width: 18.587354%; vertical-align: top; height: 22px;\">2018<\/td>\n<td style=\"width: 81.412646%; height: 22px;\"><strong>Erbschaftsangelegenheiten <\/strong>(Director: Gerald Liegel), <em>ORF<\/em><\/td>\n<\/tr>\n<tr style=\"height: 22px;\">\n<td style=\"width: 18.587354%; vertical-align: top; height: 22px;\">2016<\/td>\n<td style=\"width: 81.412646%; height: 22px;\"><strong>Pokerface &#8211; Oma zockt sie alle ab <\/strong>(Director: Erhart Riedlsperger), <em>ARD, ORF<\/em><\/td>\n<\/tr>\n<tr style=\"height: 22px;\">\n<td style=\"width: 18.587354%; vertical-align: top; height: 22px;\">2015<\/td>\n<td style=\"width: 81.412646%; height: 22px;\"><strong>Tatort &#8211; Das Muli<\/strong> (Director: Stephan Wagner), <em>ARD<\/em><\/td>\n<\/tr>\n<tr style=\"height: 22px;\">\n<td style=\"width: 18.587354%; vertical-align: top; height: 22px;\">2014<\/td>\n<td style=\"width: 81.412646%; height: 22px;\"><strong>Alles Fleisch ist Gras <\/strong>(Director: Reinhold Bilgeri), <em>ORF<\/em><\/td>\n<\/tr>\n<\/tbody>\n<\/table>\n<p>[\/vc_column_text][vc_empty_space height=&#8221;15px&#8221;][\/vc_column_inner][\/vc_row_inner][vc_empty_space height=&#8221;15px&#8221;][vc_column_text]<\/p>\n<p style=\"font-weight: 400;\">In 2021, she appeared alongside <strong>Heino Ferch<\/strong> in the TV comedy &#8220;<strong>Wer einmal stirbt dem glaubt man nicht<\/strong>&#8220;. In the same year, she was nominated for <em><strong>Actress of the Year<\/strong><\/em> by the magazine Theater heute for her role as <em>Clytemnestra<\/em> in the play &#8220;<strong>Mourning becomes Electra<\/strong>&#8221; at the <strong>Volksb\u00fchne<\/strong> in Berlin. <strong>Sabine Waibel<\/strong> lives in Berlin.<\/p>\n<p>[\/vc_column_text][\/vc_column][\/vc_row][vc_row css=&#8221;.vc_custom_1682784923718{background-color: #ffffff !important;}&#8221;][vc_column][vc_empty_space height=&#8221;15px&#8221;][vc_row_inner][vc_column_inner width=&#8221;1\/2&#8243; css=&#8221;.vc_custom_1561290391124{border-right-width: -15px !important;}&#8221;][vc_single_image image=&#8221;102750&#8243; img_size=&#8221;full&#8221; onclick=&#8221;link_image&#8221;][\/vc_column_inner][vc_column_inner width=&#8221;1\/2&#8243;][vc_single_image image=&#8221;102770&#8243; img_size=&#8221;full&#8221; onclick=&#8221;link_image&#8221;][\/vc_column_inner][\/vc_row_inner][\/vc_column][\/vc_row][vc_row][vc_column][vc_empty_space height=&#8221;30px&#8221;][vc_column_text css=&#8221;.vc_custom_1710975750119{margin-bottom: -10px !important;}&#8221;]<\/p>\n<h3><span style=\"font-size: 14pt;\">About<strong> Werner Eng<\/strong> (role: Mario<\/span><span style=\"font-size: 14pt;\">)<\/span><\/h3>\n<p>[\/vc_column_text][vc_empty_space height=&#8221;35px&#8221;][vc_column_text]<\/p>\n<p style=\"font-weight: 400;\"><strong>Werner Eng<\/strong>, born in Brazil in 1967, is a German actor. From 1985 &#8211; 1989 he studied acting at the <strong>Novalis Schule f\u00fcr Sprachgestaltung und Dramatische Kuns<\/strong>t in Stuttgart.<\/p>\n<p>[\/vc_column_text][vc_row_inner][vc_column_inner width=&#8221;3\/4&#8243; css=&#8221;.vc_custom_1710808973342{margin-top: -10px !important;}&#8221;][vc_column_text]<\/p>\n<p style=\"font-weight: 400;\">Since 1990, numerous theatre engagements have taken him to Stuttgart, St. P\u00f6lten, Graz, Vienna, G\u00f6ttingen, Potsdam, Magdeburg, Meiningen, Halle, Dessau, Zurich, Basel, Bochum and Berlin.<\/p>\n<p>[\/vc_column_text][vc_column_text]<\/p>\n<p style=\"font-weight: 400;\">From 2004 to 2017, he was a permanent guest at the <strong>Volksb\u00fchne Berlin<\/strong>. There he worked with directors such as <strong>Sebastian Hartmann<\/strong>, <strong>Sebastian Baumgarten<\/strong> and <strong>Herbert Fritsch<\/strong>.<\/p>\n<p>[\/vc_column_text][vc_column_text]<\/p>\n<p style=\"font-weight: 400;\">He has worked with <strong>Herbert Fritsch<\/strong> for many years on plays such as &#8220;<strong>Die Spanische Fliege<\/strong>&#8220;, &#8220;<strong>Murmel Murmel<\/strong>&#8220;, <strong>&#8220;Ohne Titel Nr. 1<\/strong>&#8220;, &#8220;<strong>der die mann<\/strong>&#8221; and &#8220;<strong>Pfusch<\/strong>&#8220;, which were invited to the <strong>Berlin Theatertreffen<\/strong>. From 2017 &#8211; 2020 <strong>Werner Eng<\/strong> was an ensemble member of the <strong>Berliner Schaub\u00fchne<\/strong>. There he also worked with <strong>Herbert Fritsch<\/strong>, creating plays such as &#8220;<strong>Zeppelin<\/strong>&#8220;, &#8220;<strong>Null<\/strong>&#8220;, &#8220;<strong>Champignol<\/strong>&#8221; and &#8220;<strong>Amphytrion<\/strong>&#8220;. Since 2023, <strong>Werner Eng<\/strong> has been performing in <strong>Sebastian Baumgarten<\/strong>&#8216;s production of &#8220;<strong>Amerika<\/strong>&#8221; by <strong>Franz Kafka<\/strong> at the <strong>Maxim Gorki Theatre<\/strong> in Berlin.<\/p>\n<p>[\/vc_column_text][\/vc_column_inner][vc_column_inner width=&#8221;1\/4&#8243;][vc_single_image image=&#8221;102763&#8243; img_size=&#8221;full&#8221; onclick=&#8221;link_image&#8221; css=&#8221;.vc_custom_1710975976491{margin-top: -2px !important;}&#8221;][\/vc_column_inner][\/vc_row_inner][\/vc_column][\/vc_row][vc_row css=&#8221;.vc_custom_1682784923718{background-color: #ffffff !important;}&#8221;][vc_column][vc_column_text css=&#8221;.vc_custom_1710971666535{margin-bottom: -12px !important;}&#8221;]<span style=\"font-size: 12pt;\">Filmography (selection)<\/span>[\/vc_column_text][vc_empty_space height=&#8221;30px&#8221;][vc_row_inner css=&#8221;.vc_custom_1682790211450{margin-bottom: -25px !important;padding-bottom: -25px !important;background-color: #ffffff !important;border-radius: 5px !important;}&#8221;][vc_column_inner width=&#8221;1\/2&#8243;][vc_column_text css=&#8221;.vc_custom_1710976778920{margin-bottom: -5px !important;padding-bottom: 5px !important;}&#8221;]<\/p>\n<table style=\"border-collapse: collapse; width: 100%; height: 68px;\">\n<tbody>\n<tr style=\"height: 13px;\">\n<td style=\"width: 18.587354%; vertical-align: top; height: 13px;\">2023<\/td>\n<td style=\"width: 81.412646%; height: 13px;\"><b><b><b>Surviving Brandenburg <\/b><\/b><\/b>(<span style=\"font-family: inherit; font-size: inherit;\">Director<\/span><span style=\"font-family: inherit; font-size: inherit;\">: Zoltan Paul &amp; Ben von Grafenstein), feature film<\/span><\/td>\n<\/tr>\n<tr style=\"height: 23px;\">\n<td style=\"width: 18.587354%; vertical-align: top; height: 23px;\">2019<\/td>\n<td style=\"width: 81.412646%; height: 23px;\"><strong>Keine Geister die er rief<\/strong> (<span style=\"font-family: inherit; font-size: inherit;\">Director<\/span>: Evy Schubert)<span style=\"font-family: inherit; font-size: inherit;\">, feature film<\/span><\/td>\n<\/tr>\n<tr style=\"height: 22px;\">\n<td style=\"width: 18.587354%; vertical-align: top; height: 22px;\">2015<\/td>\n<td style=\"width: 81.412646%; height: 22px;\"><strong>Dominus Dixit<\/strong> (<span style=\"font-family: inherit; font-size: inherit;\">Director<\/span>: Evy Schubert)<span style=\"font-family: inherit; font-size: inherit;\">, feature film<\/span><\/td>\n<\/tr>\n<tr style=\"height: 22px;\">\n<td style=\"width: 18.587354%; vertical-align: top; height: 10px;\">2019<\/td>\n<td style=\"width: 81.412646%; height: 10px;\"><strong>Korridor Nr. 50<\/strong> (<span style=\"font-family: inherit; font-size: inherit;\">Director<\/span>: Evy Schubert)<span style=\"font-family: inherit; font-size: inherit;\">, feature film<\/span><\/td>\n<\/tr>\n<\/tbody>\n<\/table>\n<p>[\/vc_column_text][\/vc_column_inner][vc_column_inner width=&#8221;1\/2&#8243;][vc_column_text css=&#8221;.vc_custom_1710976871548{margin-bottom: -5px !important;padding-bottom: 5px !important;}&#8221;]<\/p>\n<table style=\"border-collapse: collapse; width: 100%; height: 68px;\">\n<tbody>\n<tr style=\"height: 13px;\">\n<td style=\"width: 18.587354%; vertical-align: top; height: 13px;\">2014<\/td>\n<td style=\"width: 81.412646%; height: 13px;\"><b><b><b>Amok <\/b><\/b><\/b>(<span style=\"font-family: inherit; font-size: inherit;\">Director<\/span><span style=\"font-family: inherit; font-size: inherit;\">: Zoltan Paul), feature film<\/span><\/td>\n<\/tr>\n<tr style=\"height: 23px;\">\n<td style=\"width: 18.587354%; vertical-align: top; height: 23px;\">2013<\/td>\n<td style=\"width: 81.412646%; height: 23px;\"><strong>Es war zweimal<\/strong> (<span style=\"font-family: inherit; font-size: inherit;\">Director<\/span>: Evy Schubert)<span style=\"font-family: inherit; font-size: inherit;\">, feature film<\/span><\/td>\n<\/tr>\n<tr style=\"height: 22px;\">\n<td style=\"width: 18.587354%; vertical-align: top; height: 22px;\">2010<\/td>\n<td style=\"width: 81.412646%; height: 22px;\"><strong>Elf Onkel<\/strong> (<span style=\"font-family: inherit; font-size: inherit;\">Director<\/span>: Herbert Fritsch)<span style=\"font-family: inherit; font-size: inherit;\">, feature film<\/span><\/td>\n<\/tr>\n<\/tbody>\n<\/table>\n<p>[\/vc_column_text][\/vc_column_inner][\/vc_row_inner][vc_empty_space][vc_empty_space height=&#8221;20px&#8221;][vc_row_inner][vc_column_inner css=&#8221;.vc_custom_1561290391124{border-right-width: -15px !important;}&#8221;][vc_single_image image=&#8221;102773&#8243; img_size=&#8221;full&#8221; onclick=&#8221;link_image&#8221;][\/vc_column_inner][\/vc_row_inner][\/vc_column][\/vc_row][vc_row][vc_column][vc_empty_space height=&#8221;30px&#8221;][vc_column_text css=&#8221;.vc_custom_1710977684819{margin-bottom: -10px !important;}&#8221;]<\/p>\n<h3><span style=\"font-size: 14pt;\">About<strong>\u00a0Ralph Herforth<\/strong> (role: Clemens<\/span><span style=\"font-size: 14pt;\">)<\/span><\/h3>\n<p>[\/vc_column_text][vc_empty_space height=&#8221;45px&#8221;][vc_row_inner][vc_column_inner width=&#8221;1\/4&#8243;][vc_single_image image=&#8221;102775&#8243; img_size=&#8221;full&#8221; onclick=&#8221;link_image&#8221; css=&#8221;.vc_custom_1710977780110{margin-top: -2px !important;}&#8221;][\/vc_column_inner][vc_column_inner width=&#8221;3\/4&#8243; css=&#8221;.vc_custom_1710808973342{margin-top: -10px !important;}&#8221;][vc_column_text]<\/p>\n<p style=\"font-weight: 400;\"><strong>Ralph Herforth<\/strong>, born in 1960, began his training at the <strong>Max Reinhardt Seminar<\/strong> in Vienna in 1979 and graduated in 1982. He had his first engagement at the <strong>Schiller Theatre<\/strong> in Berlin in 1983. <strong>Ralph Herforth<\/strong> subsequently made further appearances at the <strong>Stadttheater Heilbronn<\/strong> and the <strong>Schauspielhaus D\u00fcsseldorf<\/strong>.<\/p>\n<p>[\/vc_column_text][vc_column_text]<\/p>\n<p style=\"font-weight: 400;\">He made his screen debut in 1992 in the film &#8220;<strong>Schattenboxer<\/strong>&#8221; directed by <strong>Lars Becker<\/strong>, followed by various film and television productions with renowned directors such as <strong>Fatih Ak\u0131n<\/strong>, <strong>Roland Suso Richter<\/strong> and <strong>Friedemann Fromm<\/strong>.<\/p>\n<p>[\/vc_column_text][vc_column_text]<\/p>\n<p style=\"font-weight: 400;\">He also appeared in major cinema productions as a supporting actor, such as in &#8220;<strong>Knockin&#8217; on Heaven&#8217;s Door<\/strong>&#8220;, &#8220;<strong>Kurz und schmerzlos<\/strong>&#8221; and &#8220;<strong>Der Eisb\u00e4r<\/strong>&#8221; alongside <strong>Til Schweiger<\/strong>, before being offered one of the leading roles in <strong>Dominik Graf<\/strong>&#8216;s &#8220;<strong>Der Felsen<\/strong>&#8220;. In 2005, <strong>Ralph Herforth<\/strong> played a killer in &#8220;<strong>\u00c6on Flux<\/strong>&#8221; alongside <strong>Charlize Theron<\/strong>.<\/p>\n<p>[\/vc_column_text][\/vc_column_inner][\/vc_row_inner][\/vc_column][\/vc_row][vc_row css=&#8221;.vc_custom_1682784923718{background-color: #ffffff !important;}&#8221;][vc_column][vc_column_text css=&#8221;.vc_custom_1710971666535{margin-bottom: -12px !important;}&#8221;]<span style=\"font-size: 12pt;\">Filmography (selection)<\/span>[\/vc_column_text][vc_empty_space height=&#8221;30px&#8221;][vc_row_inner css=&#8221;.vc_custom_1682790211450{margin-bottom: -25px !important;padding-bottom: -25px !important;background-color: #ffffff !important;border-radius: 5px !important;}&#8221;][vc_column_inner width=&#8221;1\/2&#8243;][vc_column_text css=&#8221;.vc_custom_1710978444262{margin-bottom: -5px !important;padding-bottom: 5px !important;}&#8221;]<\/p>\n<table style=\"border-collapse: collapse; width: 100%; height: 122px;\">\n<tbody>\n<tr style=\"height: 13px;\">\n<td style=\"width: 18.587354%; vertical-align: top; height: 56px;\" rowspan=\"5\">2023<\/td>\n<td style=\"width: 81.412646%; height: 13px;\"><b><b><b>Surviving Brandenburg <\/b><\/b><\/b>(Director<span style=\"font-family: inherit; font-size: inherit;\">: Zoltan Paul &amp; Ben von Grafenstein), feature film<\/span><\/td>\n<\/tr>\n<tr style=\"height: 23px;\">\n<td style=\"width: 81.412646%; height: 23px;\"><b>The Zone of Interest <\/b>(Director: <span style=\"font-family: inherit; font-size: inherit;\">Jonathan Glazer<\/span>)<span style=\"font-family: inherit; font-size: inherit;\">, feature film<\/span><\/td>\n<\/tr>\n<tr style=\"height: 22px;\">\n<td style=\"width: 81.412646%; height: 10px;\"><strong>Unter anderen Umst\u00e4nden &#8211; Im freien Fall<\/strong> (Director: Judith Kennel)<span style=\"font-family: inherit; font-size: inherit;\">, Serie, <em>ZDF<\/em><\/span><\/td>\n<\/tr>\n<tr style=\"height: 22px;\">\n<td style=\"width: 81.412646%; height: 10px;\"><strong>Tatort &#8211; Wunderkind<\/strong> Director: Thomas Stiller)<span style=\"font-family: inherit; font-size: inherit;\">, <em>BR, ARD<\/em><\/span><\/td>\n<\/tr>\n<tr style=\"height: 22px;\">\n<td style=\"width: 81.412646%; height: 22px;\"><strong>Unter anderen Umst\u00e4nden &#8211; Dominiks Geheimnis <\/strong>(Director: Ziska Riemann)<span style=\"font-family: inherit; font-size: inherit;\">, Serie,<em> ZDF<\/em><\/span><\/td>\n<\/tr>\n<tr style=\"height: 22px;\">\n<td style=\"width: 18.587354%; vertical-align: top; height: 22px;\">2022<\/td>\n<td style=\"width: 81.412646%; height: 22px;\"><strong>Unter anderen Umst\u00e4nden &#8211; Unter den Wolken <\/strong>(Director: Gunnar Fuss)<span style=\"font-family: inherit; font-size: inherit;\">, Serie,<em> ZDF<\/em><\/span><\/td>\n<\/tr>\n<\/tbody>\n<\/table>\n<p>[\/vc_column_text][\/vc_column_inner][vc_column_inner width=&#8221;1\/2&#8243;][vc_column_text css=&#8221;.vc_custom_1710978911654{margin-bottom: -5px !important;padding-bottom: 5px !important;}&#8221;]<\/p>\n<table style=\"border-collapse: collapse; width: 100%; height: 68px;\">\n<tbody>\n<tr style=\"height: 13px;\">\n<td style=\"width: 18.587354%; vertical-align: top; height: 13px;\" rowspan=\"3\">2020<\/td>\n<td style=\"width: 81.412646%; height: 13px;\"><b><b><b>8 Zeugen <\/b><\/b><\/b>(Director<span style=\"font-family: inherit; font-size: inherit;\">: J\u00f6rg L\u00fchdorff), series, <em>TV Now<\/em><\/span><\/td>\n<\/tr>\n<tr style=\"height: 23px;\">\n<td style=\"width: 81.412646%; height: 23px;\"><strong>Billy Kuckuck &#8211; Angez\u00e4hlt<\/strong> (Director: Thomas Freundner)<span style=\"font-family: inherit; font-size: inherit;\">, Serie, <em>SWR, ARD<\/em><\/span><\/td>\n<\/tr>\n<tr style=\"height: 22px;\">\n<td style=\"width: 81.412646%; height: 22px;\"><strong>Elf Onkel<\/strong> (Director: Herbert Fritsch)<span style=\"font-family: inherit; font-size: inherit;\">, feature film<\/span><\/td>\n<\/tr>\n<tr>\n<td style=\"width: 18.587354%; vertical-align: top;\" rowspan=\"2\">2019<\/td>\n<td style=\"width: 81.412646%;\"><strong>Freaks &#8211; Du bist eine von uns <\/strong>(Director: Felix Binder), <em>Netflix, ZDF<\/em><\/td>\n<\/tr>\n<tr>\n<td style=\"width: 81.412646%;\"><strong>K\u00f6nig der Raben <\/strong>(Director: Piotr Lewandowski), feature film<\/td>\n<\/tr>\n<tr>\n<td style=\"width: 18.587354%; vertical-align: top;\">2018<\/td>\n<td style=\"width: 81.412646%;\"><strong><strong>Skylines <\/strong><\/strong>(Director: Maximilian Erlenwein, Soleen Yusef), series<span style=\"font-family: inherit; font-size: inherit;\">, <em>Netflix<\/em><\/span><\/td>\n<\/tr>\n<\/tbody>\n<\/table>\n<p>[\/vc_column_text][\/vc_column_inner][\/vc_row_inner][vc_empty_space][vc_empty_space height=&#8221;20px&#8221;][vc_row_inner][vc_column_inner width=&#8221;1\/2&#8243; css=&#8221;.vc_custom_1561290391124{border-right-width: -15px !important;}&#8221;][vc_single_image image=&#8221;102777&#8243; img_size=&#8221;full&#8221; onclick=&#8221;link_image&#8221;][\/vc_column_inner][vc_column_inner width=&#8221;1\/2&#8243;][vc_single_image image=&#8221;102779&#8243; img_size=&#8221;full&#8221; onclick=&#8221;link_image&#8221;][\/vc_column_inner][\/vc_row_inner][\/vc_column][\/vc_row][vc_row][vc_column][vc_empty_space height=&#8221;30px&#8221;][vc_column_text css=&#8221;.vc_custom_1710979106140{margin-bottom: -10px !important;}&#8221;]<\/p>\n<h3><span style=\"font-size: 14pt;\">About<strong> Attila Georg Borlan<\/strong> (role: Attila<\/span><span style=\"font-size: 14pt;\">)<\/span><\/h3>\n<p>[\/vc_column_text][vc_empty_space height=&#8221;45px&#8221;][vc_row_inner][vc_column_inner width=&#8221;3\/4&#8243; css=&#8221;.vc_custom_1710808973342{margin-top: -10px !important;}&#8221;][vc_column_text]<\/p>\n<p style=\"font-weight: 400;\"><strong>Attila Georg Borlan<\/strong> was born in Jimbolia (Hatzfeld), Banat, Romania in 1968. He grew up trilingual, with German and Hungarian (both native speakers) and Romanian. After completing his German-language Abitur in Romania, he came to Germany as a late resettler.<\/p>\n<p>[\/vc_column_text][vc_column_text]<br \/>\nFrom 1991 to 1994, he completed his artistic training at the <strong>Hochschule der K\u00fcnste<\/strong> in Berlin, specialising in acting, singing and dance.<\/p>\n<p>In addition to numerous theatre engagements, Borlan works primarily for film and television. <strong>Attila Georg Borlan<\/strong>&#8216;s first film work, including short films, dates back to the early 1990s. His cinema roles include the film drama &#8220;<strong>Heimkehr<\/strong>&#8221; (2003: directed by <strong>Damir Luka\u010devi\u0107<\/strong>) and &#8220;<strong>Blindflug<\/strong>&#8220;, the cinema debut of director <strong>Ben von Grafenstein<\/strong>, in which he co-starred with <strong>Michael Rotschopf<\/strong>. In the homosexual drama &#8220;<strong>Freier Fall<\/strong>&#8221; (2013), he played the unpleasant instructor <em>Werner Brandt<\/em>.[\/vc_column_text][vc_column_text]<\/p>\n<p style=\"font-weight: 400;\">He has appeared in the TV series &#8220;<strong>Medicopter 117 &#8211; Jedes Leben z\u00e4hlt<\/strong>&#8221; (2000), &#8220;<strong>Unser Charly<\/strong>&#8221; (2009), &#8220;<strong>Forsthaus Falkenau<\/strong>&#8221; (2013) and many more.<\/p>\n<p>[\/vc_column_text][\/vc_column_inner][vc_column_inner width=&#8221;1\/4&#8243;][vc_single_image image=&#8221;102782&#8243; img_size=&#8221;full&#8221; onclick=&#8221;link_image&#8221; css=&#8221;.vc_custom_1710979174839{margin-top: -2px !important;}&#8221;][\/vc_column_inner][\/vc_row_inner][\/vc_column][\/vc_row][vc_row css=&#8221;.vc_custom_1682784923718{background-color: #ffffff !important;}&#8221;][vc_column][vc_column_text css=&#8221;.vc_custom_1710971666535{margin-bottom: -12px !important;}&#8221;]<span style=\"font-size: 12pt;\">Filmography (selection)<\/span>[\/vc_column_text][vc_empty_space height=&#8221;30px&#8221;][vc_row_inner css=&#8221;.vc_custom_1682790211450{margin-bottom: -25px !important;padding-bottom: -25px !important;background-color: #ffffff !important;border-radius: 5px !important;}&#8221;][vc_column_inner width=&#8221;1\/2&#8243;][vc_column_text css=&#8221;.vc_custom_1710980672240{margin-bottom: -5px !important;padding-bottom: 5px !important;}&#8221;]<\/p>\n<table style=\"border-collapse: collapse; width: 100%; height: 86px;\">\n<tbody>\n<tr style=\"height: 13px;\">\n<td style=\"width: 18.587354%; vertical-align: top; height: 10px;\">2023<\/td>\n<td style=\"width: 81.412646%; height: 10px;\"><b><b><b>\u00dcberleben in Brandenburg <\/b><\/b><\/b>(Director<span style=\"font-family: inherit; font-size: inherit;\">: Zoltan Paul und Ben von Grafenstein), feature film<\/span><\/td>\n<\/tr>\n<tr style=\"height: 22px;\">\n<td style=\"width: 18.587354%; vertical-align: top; height: 10px;\"><\/td>\n<td style=\"width: 81.412646%; height: 10px;\"><strong>Die Ermittler <\/strong>(Director: RP Kahl)<span style=\"font-family: inherit; font-size: inherit;\">, feature film<\/span><\/td>\n<\/tr>\n<tr style=\"height: 22px;\">\n<td style=\"width: 18.587354%; vertical-align: top; height: 22px;\">2022<\/td>\n<td style=\"width: 81.412646%; height: 22px;\"><strong>Tatort &#8211; Die Geisterfahrt <\/strong>(Director: Christine Hartmann)<span style=\"font-family: inherit; font-size: inherit;\">, TV series, <em>NDR<\/em><\/span><\/td>\n<\/tr>\n<tr style=\"height: 22px;\">\n<td style=\"width: 18.587354%; vertical-align: top; height: 22px;\">2020<\/td>\n<td style=\"width: 81.412646%; height: 22px;\"><strong>Wir Kinder vom Bahnhof Zoo <\/strong>(Regie: Philipp Kadelbach)<span style=\"font-family: inherit; font-size: inherit;\">, TV series, <em>Amazon Prime Video<\/em><\/span><\/td>\n<\/tr>\n<\/tbody>\n<\/table>\n<p>[\/vc_column_text][\/vc_column_inner][vc_column_inner width=&#8221;1\/2&#8243;][vc_column_text css=&#8221;.vc_custom_1710980336263{margin-bottom: -5px !important;padding-bottom: 5px !important;}&#8221;]<\/p>\n<table style=\"border-collapse: collapse; width: 100%; height: 68px;\">\n<tbody>\n<tr style=\"height: 22px;\">\n<td style=\"width: 18.587354%; vertical-align: top; height: 22px;\">2017-2020<\/td>\n<td style=\"width: 81.412646%; height: 22px;\"><strong>SOKO Stuttgart <\/strong>(Director: <em>divers<\/em>)<span style=\"font-family: inherit; font-size: inherit;\">, TV series, <em>ZDF<\/em><\/span><\/td>\n<\/tr>\n<tr style=\"height: 13px;\">\n<td style=\"width: 18.587354%; vertical-align: top; height: 13px;\">2019<\/td>\n<td style=\"width: 81.412646%; height: 13px;\"><b><b><b>Die Ungewollten &#8211; Die Irrfahrt der St. Louis <\/b><\/b><\/b>(Director<span style=\"font-family: inherit; font-size: inherit;\">: Ben von Grafenstein), documentary, <em>HR, NDR, rbb, SWR<\/em><\/span><\/td>\n<\/tr>\n<tr>\n<td style=\"width: 18.587354%; vertical-align: top;\">2018<\/td>\n<td style=\"width: 81.412646%;\"><strong><strong>Das Boot <\/strong><\/strong>(Director: Andrea Prochaska), series<span style=\"font-family: inherit; font-size: inherit;\">, <em>Sky<\/em><\/span><\/td>\n<\/tr>\n<tr>\n<td style=\"width: 18.587354%; vertical-align: top;\" rowspan=\"2\">2015<\/td>\n<td style=\"width: 81.412646%;\"><strong><strong>Das kalte Herz <\/strong><\/strong>(Director: Johannes Naber), feature film<\/td>\n<\/tr>\n<tr>\n<td style=\"width: 81.412646%;\"><strong><strong>Freier Fall <\/strong><\/strong>(Director: Stephan Lacant), feature film<\/td>\n<\/tr>\n<\/tbody>\n<\/table>\n<p>[\/vc_column_text][\/vc_column_inner][\/vc_row_inner][vc_empty_space][vc_empty_space height=&#8221;20px&#8221;][vc_row_inner][vc_column_inner css=&#8221;.vc_custom_1561290391124{border-right-width: -15px !important;}&#8221;][vc_single_image image=&#8221;102791&#8243; img_size=&#8221;full&#8221; onclick=&#8221;link_image&#8221;][\/vc_column_inner][\/vc_row_inner][\/vc_column][\/vc_row][vc_row][vc_column][vc_empty_space height=&#8221;30px&#8221;][vc_column_text css=&#8221;.vc_custom_1710980747279{margin-bottom: -10px !important;}&#8221;]<\/p>\n<h3><span style=\"font-size: 14pt;\">About<strong> Ulrike Bliefert<\/strong> (role: L\u00e1zl\u00f3&#8217;s 90-year-old mother)<\/span><\/h3>\n<p>[\/vc_column_text][vc_empty_space height=&#8221;45px&#8221;][vc_row_inner][vc_column_inner width=&#8221;1\/4&#8243;][vc_single_image image=&#8221;102795&#8243; img_size=&#8221;full&#8221; onclick=&#8221;link_image&#8221; css=&#8221;.vc_custom_1710980819956{margin-top: -2px !important;}&#8221;][\/vc_column_inner][vc_column_inner width=&#8221;3\/4&#8243; css=&#8221;.vc_custom_1710808973342{margin-top: -10px !important;}&#8221;][vc_column_text]<\/p>\n<p style=\"font-weight: 400;\"><strong>Ulrike Bliefert<\/strong> studied German, English, drama and theatre studies.<\/p>\n<p>[\/vc_column_text][vc_column_text]<\/p>\n<p style=\"font-weight: 400;\">Since 1974 she has worked as a stage, film and television actress, radio play narrator, screenplay, stage and novel author.<\/p>\n<p>[\/vc_column_text][vc_column_text css=&#8221;.vc_custom_1710983359993{margin-bottom: 12px !important;padding-bottom: 5px !important;}&#8221;]<\/p>\n<p style=\"font-weight: 400;\"><em>About the filming of &#8220;Surviving Brandenburg&#8221;:<\/em><\/p>\n<p>[\/vc_column_text][vc_column_text css=&#8221;.vc_custom_1710983265987{margin-top: -1px !important;margin-bottom: 2px !important;border-top-width: 2px !important;border-right-width: 2px !important;border-bottom-width: 2px !important;border-left-width: 2px !important;padding-top: 10px !important;padding-right: 10px !important;padding-bottom: 10px !important;padding-left: 10px !important;background-color: #f2f2f2 !important;border-left-color: #dddddd !important;border-left-style: solid !important;border-right-color: #dddddd !important;border-right-style: solid !important;border-top-color: #dddddd !important;border-top-style: solid !important;border-bottom-color: #dddddd !important;border-bottom-style: solid !important;border-radius: 3px !important;}&#8221;]<br \/>\n<em>The set had conjured up an unmistakably Hungarian garden idyll with a birthday coffee table for the scene. I felt like I was in Szeged with my family (by marriage).<\/em><\/p>\n<p><em>Zoltan: &#8220;And please speak like Marika R\u00f6ck.&#8221;<\/em><\/p>\n<p><em>Or like my Hungarian mother-in-law, for whom I remained &#8220;Urrick\u00e4\u00e4&#8221; all my life.<\/em><\/p>\n<p><em>&#8220;M\u00f3kusk\u00e1m&#8221; &#8230; &#8211; &#8220;My squirrel&#8221;.<\/em><\/p>\n<p><em>It was a wonderful, warm summer afternoon that still resonates with me today.<\/em><br \/>\n[\/vc_column_text][\/vc_column_inner][\/vc_row_inner][\/vc_column][\/vc_row][vc_row css=&#8221;.vc_custom_1682784923718{background-color: #ffffff !important;}&#8221;][vc_column][vc_empty_space height=&#8221;15px&#8221;][vc_column_text css=&#8221;.vc_custom_1710971666535{margin-bottom: -12px !important;}&#8221;]<span style=\"font-size: 12pt;\">Filmography (selection)<\/span>[\/vc_column_text][vc_empty_space height=&#8221;30px&#8221;][vc_row_inner css=&#8221;.vc_custom_1682790211450{margin-bottom: -25px !important;padding-bottom: -25px !important;background-color: #ffffff !important;border-radius: 5px !important;}&#8221;][vc_column_inner width=&#8221;1\/2&#8243;][vc_column_text css=&#8221;.vc_custom_1710981209175{margin-bottom: -5px !important;padding-bottom: 5px !important;}&#8221;]<\/p>\n<table style=\"border-collapse: collapse; width: 100%; height: 96px;\">\n<tbody>\n<tr style=\"height: 13px;\">\n<td style=\"width: 18.587354%; vertical-align: top; height: 10px;\">2023<\/td>\n<td style=\"width: 81.412646%; height: 10px;\"><b><b><b>Surviving Brandenburg <\/b><\/b><\/b>(Director<span style=\"font-family: inherit; font-size: inherit;\">: Zoltan Paul &amp; Ben von Grafenstein), feature film<\/span><\/td>\n<\/tr>\n<tr style=\"height: 22px;\">\n<td style=\"width: 18.587354%; vertical-align: top; height: 10px;\"><\/td>\n<td style=\"width: 81.412646%; height: 10px;\"><strong>Und dann steht einer auf und \u00f6ffnet das Fenster, <\/strong>TV movie<\/td>\n<\/tr>\n<tr style=\"height: 22px;\">\n<td style=\"width: 18.587354%; vertical-align: top; height: 22px;\">2022<\/td>\n<td style=\"width: 81.412646%; height: 22px;\"><strong>Mittagsstunde <\/strong>(Regie: Lars Jessen)<span style=\"font-family: inherit; font-size: inherit;\">, feature film<\/span><\/td>\n<\/tr>\n<tr style=\"height: 22px;\">\n<td style=\"width: 18.587354%; vertical-align: top; height: 22px;\">2021<\/td>\n<td style=\"width: 81.412646%; height: 22px;\"><strong>Immer der Nase nach<\/strong>, TV movie<\/td>\n<\/tr>\n<tr style=\"height: 22px;\">\n<td style=\"width: 18.587354%; vertical-align: top; height: 22px;\">2020<\/td>\n<td style=\"width: 81.412646%; height: 22px;\"><strong>Unverbl\u00fcmt<\/strong>, TV movie<\/td>\n<\/tr>\n<tr style=\"height: 10px;\">\n<td style=\"width: 18.587354%; vertical-align: top; height: 10px;\">2019<\/td>\n<td style=\"width: 81.412646%; height: 10px;\">\n<p style=\"font-weight: 400;\"><strong>SOKO K\u00f6ln<\/strong>, <em>1 episode<\/em>, TV series<\/p>\n<\/td>\n<\/tr>\n<\/tbody>\n<\/table>\n<p>[\/vc_column_text][\/vc_column_inner][vc_column_inner width=&#8221;1\/2&#8243;][vc_column_text css=&#8221;.vc_custom_1711160055515{margin-bottom: -5px !important;padding-bottom: 5px !important;}&#8221;]<\/p>\n<table style=\"border-collapse: collapse; width: 100%; height: 68px;\">\n<tbody>\n<tr style=\"height: 22px;\">\n<td style=\"width: 18.587354%; vertical-align: top; height: 22px;\"><span style=\"color: #cfcfcf;\">2019<\/span><\/td>\n<td style=\"width: 81.412646%; height: 22px;\"><strong>Auf d\u00fcnnem Eis<\/strong>, TV movie<\/td>\n<\/tr>\n<tr style=\"height: 13px;\">\n<td style=\"width: 18.587354%; vertical-align: top; height: 13px;\" rowspan=\"3\">2018<\/td>\n<td style=\"width: 81.412646%; height: 13px;\"><strong>Kreuzfahrt ins Gl\u00fcck<\/strong>, <em>1 episode<\/em>, TV series<\/td>\n<\/tr>\n<tr>\n<td style=\"width: 81.412646%;\"><strong>Heldt &#8211; Ein perfekte Familie<\/strong>, TV movie<\/td>\n<\/tr>\n<tr>\n<td style=\"width: 81.412646%;\"><strong>Lotta &amp; der sch\u00f6ne Schein<\/strong>,<em>1 episode<\/em>, TV series<\/td>\n<\/tr>\n<tr>\n<td style=\"width: 18.587354%; vertical-align: top;\" rowspan=\"2\">2017<\/td>\n<td style=\"width: 81.412646%;\"><strong>Die Spezialisten \u2013 Im Namen der Opfer<\/strong>,<em>1 episode<\/em>, TV series<\/td>\n<\/tr>\n<tr>\n<td style=\"width: 81.412646%;\"><strong>Die Eifelpraxis Fernsehserie<\/strong>,<em>1 episode<\/em>, TV series<\/td>\n<\/tr>\n<\/tbody>\n<\/table>\n<p>[\/vc_column_text][\/vc_column_inner][\/vc_row_inner][vc_empty_space][vc_empty_space height=&#8221;20px&#8221;][vc_row_inner][vc_column_inner width=&#8221;1\/2&#8243; css=&#8221;.vc_custom_1561290391124{border-right-width: -15px !important;}&#8221;][vc_single_image image=&#8221;102804&#8243; img_size=&#8221;full&#8221; onclick=&#8221;link_image&#8221;][\/vc_column_inner][vc_column_inner width=&#8221;1\/2&#8243;][vc_single_image image=&#8221;102798&#8243; img_size=&#8221;full&#8221; onclick=&#8221;link_image&#8221;][\/vc_column_inner][\/vc_row_inner][\/vc_column][\/vc_row][vc_row][vc_column][vc_empty_space height=&#8221;30px&#8221;][vc_column_text css=&#8221;.vc_custom_1710983465442{margin-bottom: -10px !important;}&#8221;]<\/p>\n<h3><span style=\"font-size: 14pt;\">About<strong> Gisa Flake<\/strong> (role: Chantal<\/span><span style=\"font-size: 14pt;\">)<\/span><\/h3>\n<p>[\/vc_column_text][vc_empty_space height=&#8221;35px&#8221;][vc_column_text]<\/p>\n<p style=\"font-weight: 400;\">Born in Braunschweig, <strong>Gisa Flake<\/strong> studied acting at the <strong>Bavarian Theatre Academy August Everding<\/strong> from 2006 to 2010. Since then, she has appeared in various film, TV and theatre productions, sings in blues and soul bands and performs as a cabaret artist.<\/p>\n<p>[\/vc_column_text][vc_row_inner][vc_column_inner width=&#8221;3\/4&#8243; css=&#8221;.vc_custom_1710808973342{margin-top: -10px !important;}&#8221;][vc_column_text]<\/p>\n<p style=\"font-weight: 400;\">She made her film debut in 2009 in <strong>Michael Herbig<\/strong>&#8216;s film &#8220;<strong>Wickie und die starken M\u00e4nner<\/strong>&#8220;, in which she appeared as <em>Tjure<\/em>&#8216;s wife. In 2011, she also played the same role in the sequel &#8220;<strong>Wickie auf gro\u00dfer Fahrt<\/strong>&#8220;.<\/p>\n<p>[\/vc_column_text][vc_column_text]<\/p>\n<p style=\"font-weight: 400;\">In 2009, she won the <em><strong>Bundeswettbewerb Gesang Berlin<\/strong><\/em> in the &#8220;<em>Musical\/Chanson&#8221;<\/em> category and went on tour throughout Germany in 2010 with her programme &#8220;<strong>Ich glaub, &#8216;ne Dame werd ich nie<\/strong>&#8220;. In 2010, she appeared as <em>Tanya Gleason<\/em> in<strong> Simon Stephen<\/strong>&#8216;s play &#8220;<strong>Punkrock<\/strong>&#8221; (director: <strong>Daniel Wahl<\/strong>) at the <strong>Hamburg Schauspielhaus<\/strong> and in 2014 in <strong>Tobias Ginsburg<\/strong>&#8216;s &#8220;<strong>Radikal. Monument to Decay<\/strong>&#8221; at <strong>i-camp Munich<\/strong>. Her new cabaret programme &#8220;<strong>Scham &amp; Schande<\/strong>&#8221; followed in 2015.<\/p>\n<p>[\/vc_column_text][vc_column_text]<\/p>\n<p style=\"font-weight: 400;\"><strong>Gisa Flake<\/strong> worked with <strong>Michael Herbig<\/strong> again in 2013 for the sitcom &#8220;<strong>Bully macht Buddy<\/strong>&#8220;. She took on one of the leading roles alongside <strong>Rick Kavanian<\/strong> and <strong>Bully Herbig<\/strong>. In 2015, she appeared in the <strong>ZDF<\/strong> thriller series &#8220;<strong>Blochin &#8211; Die Lebenden und die Toten<\/strong>&#8221; alongside <strong>J\u00fcrgen Vogel.<\/strong> Since 2018, she has appeared in the TV series &#8220;<strong>Ella Sch\u00f6n<\/strong>&#8220;.<\/p>\n<p>[\/vc_column_text][\/vc_column_inner][vc_column_inner width=&#8221;1\/4&#8243;][vc_single_image image=&#8221;102818&#8243; img_size=&#8221;full&#8221; onclick=&#8221;link_image&#8221; css=&#8221;.vc_custom_1710983434180{margin-top: -2px !important;}&#8221;][\/vc_column_inner][\/vc_row_inner][\/vc_column][\/vc_row][vc_row css=&#8221;.vc_custom_1682784923718{background-color: #ffffff !important;}&#8221;][vc_column][vc_column_text css=&#8221;.vc_custom_1710971666535{margin-bottom: -12px !important;}&#8221;]<span style=\"font-size: 12pt;\">Filmography (selection)<\/span>[\/vc_column_text][vc_empty_space height=&#8221;30px&#8221;][vc_row_inner css=&#8221;.vc_custom_1682790211450{margin-bottom: -25px !important;padding-bottom: -25px !important;background-color: #ffffff !important;border-radius: 5px !important;}&#8221;][vc_column_inner width=&#8221;1\/2&#8243;][vc_column_text css=&#8221;.vc_custom_1710989831757{margin-bottom: -5px !important;padding-bottom: 5px !important;}&#8221;]<\/p>\n<table style=\"border-collapse: collapse; width: 100%; height: 84px;\">\n<tbody>\n<tr style=\"height: 13px;\">\n<td style=\"width: 18.587354%; vertical-align: top; height: 52px;\" rowspan=\"4\">2023<\/td>\n<td style=\"width: 81.412646%; height: 10px;\"><b><b><b>Surviving Brandenburg <\/b><\/b><\/b>(<span style=\"font-family: inherit; font-size: inherit;\">Director<\/span><span style=\"font-family: inherit; font-size: inherit;\">: Zoltan Paul &amp; Ben von Grafenstein), feature film<\/span><\/td>\n<\/tr>\n<tr style=\"height: 22px;\">\n<td style=\"width: 81.412646%; height: 10px;\"><strong>Kannawoniwasein!<\/strong><span style=\"font-family: inherit; font-size: inherit;\"> (Director: Stefan Westerwelle), feature film<\/span><\/td>\n<\/tr>\n<tr style=\"height: 22px;\">\n<td style=\"width: 81.412646%; height: 22px;\"><strong>Polizeiruf 110: Cottbus Kopflos<\/strong>, TV movie<\/td>\n<\/tr>\n<tr style=\"height: 22px;\">\n<td style=\"width: 81.412646%; height: 10px;\"><strong>SOKO Hamburg: Das Leben ist eine Baustelle<\/strong>, TV movie<\/td>\n<\/tr>\n<tr style=\"height: 22px;\">\n<td style=\"width: 18.587354%; vertical-align: top; height: 32px;\" rowspan=\"2\">2020<\/td>\n<td style=\"width: 81.412646%; height: 22px;\"><strong>Unverbl\u00fcmt<\/strong>, TV movie<\/td>\n<\/tr>\n<tr style=\"height: 10px;\">\n<td style=\"width: 81.412646%; height: 10px;\">\n<p style=\"font-weight: 400;\"><strong>SOKO K\u00f6ln<\/strong>, <em>1 episode<\/em>, TV series<\/p>\n<\/td>\n<\/tr>\n<\/tbody>\n<\/table>\n<p>[\/vc_column_text][\/vc_column_inner][vc_column_inner width=&#8221;1\/2&#8243;][vc_column_text css=&#8221;.vc_custom_1711159795647{margin-bottom: -5px !important;padding-bottom: 5px !important;}&#8221;]<\/p>\n<table style=\"border-collapse: collapse; width: 100%; height: 93px;\">\n<tbody>\n<tr style=\"height: 22px;\">\n<td style=\"width: 18.587354%; vertical-align: top; height: 35px;\" rowspan=\"2\"><span style=\"color: #cfcfcf;\">2020<\/span><\/td>\n<td style=\"width: 81.412646%; height: 22px;\"><strong>Heldt \u2013 Die Zuflucht<\/strong>, TV series<\/td>\n<\/tr>\n<tr style=\"height: 13px;\">\n<td style=\"width: 81.412646%; height: 13px;\"><strong>Freaks \u2013 Du bist eine von uns<\/strong>, TV movie<\/td>\n<\/tr>\n<tr style=\"height: 24px;\">\n<td style=\"width: 18.587354%; vertical-align: top; height: 24px;\">2019<\/td>\n<td style=\"width: 81.412646%; height: 24px;\">\n<p style=\"font-weight: 400;\"><strong>Systemsprenger<\/strong> (<span style=\"font-family: inherit; font-size: inherit;\">Director<\/span>: Nora Fingscheidt), feature film<\/p>\n<\/td>\n<\/tr>\n<tr style=\"height: 22px;\">\n<td style=\"width: 18.587354%; vertical-align: top; height: 34px;\" rowspan=\"2\">2017<\/td>\n<td style=\"width: 81.412646%; height: 22px;\"><strong>\u00a0Tigermilch<\/strong>, (<span style=\"font-family: inherit; font-size: inherit;\">Director<\/span>: Ute Wieland), feature film<\/td>\n<\/tr>\n<tr style=\"height: 12px;\">\n<td style=\"width: 81.412646%; height: 12px;\"><strong>\u00a04 Blocks<\/strong>, TV series<\/td>\n<\/tr>\n<\/tbody>\n<\/table>\n<p>[\/vc_column_text][\/vc_column_inner][\/vc_row_inner][vc_empty_space][vc_empty_space height=&#8221;20px&#8221;][vc_row_inner][vc_column_inner css=&#8221;.vc_custom_1561290391124{border-right-width: -15px !important;}&#8221;][vc_single_image image=&#8221;102821&#8243; img_size=&#8221;full&#8221; onclick=&#8221;link_image&#8221;][\/vc_column_inner][\/vc_row_inner][\/vc_column][\/vc_row][vc_row][vc_column][vc_empty_space height=&#8221;30px&#8221;][vc_column_text css=&#8221;.vc_custom_1710984638191{margin-bottom: -10px !important;}&#8221;]<\/p>\n<h3><span style=\"font-size: 14pt;\">About<strong> Andr\u00e9 Fischer<\/strong> (role: Andrzej<\/span><span style=\"font-size: 14pt;\">)<\/span><\/h3>\n<p>[\/vc_column_text][vc_empty_space height=&#8221;35px&#8221;][vc_column_text]<\/p>\n<p style=\"font-weight: 400;\">Born in Friedrichshafen on Lake Constance, Fischer graduated from the <strong>Berlin School of Theatre Arts<\/strong> with a degree in dance, singing and acting. Since then, he has mainly worked as an author, director and actor in the fields of revue, music, show and playback theatre. He is co-founder of the Berlin theatre <strong>O-Ton-Art<\/strong>.<\/p>\n<p>[\/vc_column_text][vc_row_inner][vc_column_inner width=&#8221;1\/4&#8243;][vc_single_image image=&#8221;102826&#8243; img_size=&#8221;full&#8221; onclick=&#8221;link_image&#8221; css=&#8221;.vc_custom_1710984815299{margin-top: -2px !important;}&#8221;][\/vc_column_inner][vc_column_inner width=&#8221;3\/4&#8243; css=&#8221;.vc_custom_1710808973342{margin-top: -10px !important;}&#8221;][vc_empty_space height=&#8221;5px&#8221;][vc_column_text css=&#8221;.vc_custom_1710984840464{margin-bottom: -12px !important;}&#8221;]<span style=\"font-size: 12pt;\">Theatre works (selection)<\/span>[\/vc_column_text][vc_empty_space height=&#8221;30px&#8221;][vc_column_text css=&#8221;.vc_custom_1710985384622{margin-bottom: -5px !important;padding-bottom: 5px !important;}&#8221;]<\/p>\n<ul>\n<li>SOLO play: &#8216;<strong>Maman and<\/strong> I&#8217; (French tragicomedy by <strong>Gaulliaume Gallienne<\/strong>), German premiere \/ Berlin 2016 \/ <strong>Theatre O-TonArt<\/strong><br \/>\n2014 Co-founder of <strong>Berliner Diven<\/strong> (musical theatre) Berlin \/ <strong>Theater O-TonArt<\/strong> (since 2014), &#8216;<strong>Berliner Diven<\/strong>&#8216; , <strong>&#8216;Frisch, Duftend &amp; Bereit<\/strong>&#8216; , &#8216;<strong>S\u00fcsser die Diven nie Singen<\/strong>&#8216;<br \/>\nTHEATER STRAHL ( youth theatre ) Berlin, &#8216;<strong>Volltreffer<\/strong>&#8216; , &#8216;<strong>Wilder Panther<\/strong>&#8216; , &#8216;<strong>Keks<\/strong>&#8216; , &#8216;<strong>Gleich knallts<\/strong>&#8216; , &#8216;<strong>Romeo u. Julia<\/strong>&#8216; (1995 &#8211; 2011 &amp; tour)<br \/>\n2010 Co-founder of the theatre <strong>O-TonArt<\/strong> \/ Berlin<br \/>\nO-TONPIRATEN (show \/ music+film+theatre spectacle in full playback) Berlin, co-founder, acting , organisation , direction , dramaturgy , choreography, &#8216;<strong>Come(play)back<\/strong>&#8216; , &#8216;<strong>Liebe ist<\/strong>&#8216; , &#8216;<strong>Gro\u00df in Fahrt<\/strong>&#8216; , &#8216;<strong>Geschnitten vom St\u00fcck<\/strong>&#8216;, &#8216;<strong>Roemisch Fuenf<\/strong>&#8216; (1999 &#8211; 2013, &amp; tour )<br \/>\nSOLO play: &#8216;<strong>V\u00f6llig ausgebucht<\/strong>&#8216; comedy, &#8220;<strong>Bar jeder Vernunft &#8211; Berlin<\/strong>&#8221; (2004)<\/li>\n<\/ul>\n<p>[\/vc_column_text][\/vc_column_inner][\/vc_row_inner][\/vc_column][\/vc_row][vc_row css=&#8221;.vc_custom_1682784923718{background-color: #ffffff !important;}&#8221;][vc_column][vc_column_text css=&#8221;.vc_custom_1710988060968{margin-bottom: -12px !important;}&#8221;]<span style=\"font-size: 12pt;\">Filmography<\/span>[\/vc_column_text][vc_empty_space height=&#8221;30px&#8221;][vc_row_inner css=&#8221;.vc_custom_1682790211450{margin-bottom: -25px !important;padding-bottom: -25px !important;background-color: #ffffff !important;border-radius: 5px !important;}&#8221;][vc_column_inner][vc_column_text css=&#8221;.vc_custom_1710986399122{margin-bottom: -5px !important;padding-bottom: 5px !important;}&#8221;]<\/p>\n<table style=\"border-collapse: collapse; width: 100%; height: 10px;\">\n<tbody>\n<tr style=\"height: 24px;\">\n<td style=\"width: 18.587354%; vertical-align: top; height: 10px;\">2023<\/td>\n<td style=\"width: 81.412646%; height: 10px;\">\n<p style=\"font-weight: 400;\"><b>Surviving Brandenburg <\/b>(<span style=\"font-family: inherit; font-size: inherit;\">Director: Zoltan Paul &amp; Ben von Grafenstein), Spielfilm<\/span><\/p>\n<\/td>\n<\/tr>\n<\/tbody>\n<\/table>\n<p>[\/vc_column_text][\/vc_column_inner][\/vc_row_inner][vc_empty_space][vc_empty_space height=&#8221;20px&#8221;][vc_row_inner][vc_column_inner width=&#8221;1\/2&#8243; css=&#8221;.vc_custom_1561290391124{border-right-width: -15px !important;}&#8221;][vc_single_image image=&#8221;102829&#8243; img_size=&#8221;full&#8221; onclick=&#8221;link_image&#8221;][\/vc_column_inner][vc_column_inner width=&#8221;1\/2&#8243;][vc_single_image image=&#8221;102831&#8243; img_size=&#8221;full&#8221; onclick=&#8221;link_image&#8221;][\/vc_column_inner][\/vc_row_inner][\/vc_column][\/vc_row][vc_row][vc_column][vc_empty_space height=&#8221;30px&#8221;][vc_column_text css=&#8221;.vc_custom_1710986016097{margin-bottom: -10px !important;}&#8221;]<\/p>\n<h3><span style=\"font-size: 14pt;\">About<strong> Julian Adam Pajzs<\/strong> (film music<\/span><span style=\"font-size: 14pt;\">)<\/span><\/h3>\n<p>[\/vc_column_text][vc_empty_space height=&#8221;35px&#8221;][vc_column_text]<\/p>\n<p style=\"font-weight: 400;\"><strong>Julian Adam Pajzs<\/strong>, whose parents are the actor and director <strong>Zoltan Paul<\/strong> and the actress <strong>Adele Neuhauser<\/strong>, graduated from <strong>Weilheim grammar<\/strong> school in 2006.<\/p>\n<p>[\/vc_column_text][vc_row_inner][vc_column_inner width=&#8221;3\/4&#8243; css=&#8221;.vc_custom_1710808973342{margin-top: -10px !important;}&#8221;][vc_column_text]<\/p>\n<p style=\"font-weight: 400;\">He then studied jazz guitar at the <strong>University of Music and Performing Arts Graz<\/strong> with <strong>Guido Jeszenszky<\/strong> (2011 Bachelor of Arts with honours) and at the <strong>Franz Liszt University of Music Weimar<\/strong> with <strong>Frank M\u00f6bus<\/strong> (2013 Master).<\/p>\n<p>[\/vc_column_text][vc_column_text]<\/p>\n<p style=\"font-weight: 400;\">He initially worked in the group <strong>Beinfreiheit<\/strong> (with <strong>Adrian Kleinlosen<\/strong>, <strong>Lukas Raumberger<\/strong>, <strong>Valentin Schuster<\/strong>). Since 2011, he has been playing (with bass clarinettist <strong>Siegmar Brecher<\/strong> and drummer <strong>Valentin Schuster<\/strong>) in the trio <strong>Edi Nulz<\/strong> and has also been touring with <strong>Adele Neuhauser<\/strong> in the literature &amp; music production &#8220;<strong>Die letzten ihrer Art<\/strong>&#8221; since 2014.<\/p>\n<p>[\/vc_column_text][vc_column_text]<\/p>\n<p style=\"font-weight: 400;\">He also works with Schuster in the progressive metal duo &#8220;<strong>PeroPero<\/strong>&#8220;. He can also be heard on albums by <strong>Michael Lagger<\/strong>, <strong>Skin Ba<\/strong>n, <strong>Jani \u0160epetavec<\/strong>, <strong>Krachberg<\/strong> and <strong>Julia Maier<\/strong>.<\/p>\n<p>[\/vc_column_text][vc_column_text]<\/p>\n<p style=\"font-weight: 400;\">He composed several film scores for <strong>Zoltan Paul<\/strong>.<\/p>\n<p>[\/vc_column_text][\/vc_column_inner][vc_column_inner width=&#8221;1\/4&#8243;][vc_single_image image=&#8221;102833&#8243; img_size=&#8221;full&#8221; onclick=&#8221;link_image&#8221; css=&#8221;.vc_custom_1710985909458{margin-top: -2px !important;}&#8221;][\/vc_column_inner][\/vc_row_inner][\/vc_column][\/vc_row][vc_row css=&#8221;.vc_custom_1682784923718{background-color: #ffffff !important;}&#8221;][vc_column][vc_column_text css=&#8221;.vc_custom_1710986422988{margin-bottom: -12px !important;}&#8221;]<span style=\"font-size: 12pt;\">Filmography (film music)<\/span>[\/vc_column_text][vc_empty_space height=&#8221;30px&#8221;][vc_row_inner css=&#8221;.vc_custom_1682790211450{margin-bottom: -25px !important;padding-bottom: -25px !important;background-color: #ffffff !important;border-radius: 5px !important;}&#8221;][vc_column_inner width=&#8221;1\/2&#8243;][vc_column_text css=&#8221;.vc_custom_1710986367996{margin-bottom: -5px !important;padding-bottom: 5px !important;}&#8221;]<\/p>\n<table style=\"border-collapse: collapse; width: 100%; height: 30px;\">\n<tbody>\n<tr style=\"height: 24px;\">\n<td style=\"width: 18.587354%; vertical-align: top; height: 10px;\">2023<\/td>\n<td style=\"width: 81.412646%; height: 10px;\">\n<p style=\"font-weight: 400;\"><b>Surviving Brandenburg <\/b>(Director<span style=\"font-family: inherit; font-size: inherit;\">: Zoltan Paul &amp; Ben von Grafenstein), feature film<\/span><\/p>\n<\/td>\n<\/tr>\n<tr style=\"height: 10px;\">\n<td style=\"width: 18.587354%; vertical-align: top; height: 10px;\">2017<\/td>\n<td style=\"width: 81.412646%; height: 10px;\">\n<p style=\"font-weight: 400;\"><b>Breakdown in Tokyo <\/b>(Director<span style=\"font-family: inherit; font-size: inherit;\">: Zoltan Paul), feature film<\/span><\/p>\n<\/td>\n<\/tr>\n<tr style=\"height: 10px;\">\n<td style=\"width: 18.587354%; vertical-align: top; height: 10px;\">2015<\/td>\n<td style=\"width: 81.412646%; height: 10px;\">\n<p style=\"font-weight: 400;\"><b>Amok &#8211; Hansi geht es gut <\/b>(Director<span style=\"font-family: inherit; font-size: inherit;\">: Zoltan Paul), feature film<\/span><\/p>\n<\/td>\n<\/tr>\n<\/tbody>\n<\/table>\n<p>[\/vc_column_text][\/vc_column_inner][vc_column_inner width=&#8221;1\/2&#8243;][vc_column_text css=&#8221;.vc_custom_1710986475625{margin-bottom: -5px !important;padding-bottom: 5px !important;}&#8221;]<\/p>\n<table style=\"border-collapse: collapse; width: 100%; height: 30px;\">\n<tbody>\n<tr style=\"height: 24px;\">\n<td style=\"width: 18.587354%; vertical-align: top; height: 10px;\">2013<\/td>\n<td style=\"width: 81.412646%; height: 10px;\">\n<p style=\"font-weight: 400;\"><b>Frauensee <\/b>(Director<span style=\"font-family: inherit; font-size: inherit;\">: Zoltan Paul), feature movie<\/span><\/p>\n<\/td>\n<\/tr>\n<tr style=\"height: 10px;\">\n<td style=\"width: 18.587354%; vertical-align: top; height: 10px;\">2009<\/td>\n<td style=\"width: 81.412646%; height: 10px;\">\n<p style=\"font-weight: 400;\"><b>Unter Strom <\/b>(Director<span style=\"font-family: inherit; font-size: inherit;\">: Zoltan Paul), feature movie<\/span><\/p>\n<\/td>\n<\/tr>\n<\/tbody>\n<\/table>\n<p>[\/vc_column_text][\/vc_column_inner][\/vc_row_inner][vc_empty_space][vc_empty_space height=&#8221;20px&#8221;][vc_row_inner][vc_column_inner width=&#8221;1\/2&#8243; css=&#8221;.vc_custom_1561290391124{border-right-width: -15px !important;}&#8221;][vc_single_image image=&#8221;102840&#8243; img_size=&#8221;full&#8221; onclick=&#8221;link_image&#8221;][\/vc_column_inner][vc_column_inner width=&#8221;1\/2&#8243;][vc_single_image image=&#8221;102835&#8243; img_size=&#8221;full&#8221; onclick=&#8221;link_image&#8221;][\/vc_column_inner][\/vc_row_inner][vc_separator][\/vc_column][\/vc_row][vc_row bg_type=&#8221;bg_color&#8221; ult_hide_row=&#8221;ult_hide_row_value&#8221; ult_hide_row_large_screen=&#8221;large_screen&#8221; ult_hide_row_desktop=&#8221;desktop&#8221; ult_hide_row_tablet=&#8221;tablet&#8221;][vc_column][vc_empty_space][\/vc_column][\/vc_row][vc_row][vc_column][vc_empty_space height=&#8221;25px&#8221;][vc_video link=&#8221;https:\/\/youtu.be\/XNNHnLzyD-Y?si=F7TB1l4vi8DUCYbl&#8221; title=&#8221;Surviving Brandenburg | Trailer\u1d34\u1d30&#8221;][\/vc_column][\/vc_row][vc_row][vc_column][vc_empty_space height=&#8221;15px&#8221;][vc_separator css=&#8221;.vc_custom_1560377795279{margin-top: 15px !important;}&#8221;][vc_empty_space height=&#8221;5px&#8221;][\/vc_column][\/vc_row][vc_row][vc_column][vc_column_text]<\/p>\n<h2><span style=\"font-family: arial, helvetica, sans-serif;\">News<\/span><\/h2>\n<p>[\/vc_column_text]<style type=\"text\/css\" data-type=\"the7_shortcodes-inline-css\">.blog-shortcode.blog-masonry-shortcode-id-416f29bb74ed6ccd4db1f06eada3bff8.dividers-on.classic-layout-list article {\n  padding-top: 0;\n}\n.blog-shortcode.blog-masonry-shortcode-id-416f29bb74ed6ccd4db1f06eada3bff8.dividers-on.classic-layout-list article:first-of-type {\n  margin-top: 0;\n  padding-top: 0;\n}\n.blog-shortcode.blog-masonry-shortcode-id-416f29bb74ed6ccd4db1f06eada3bff8.classic-layout-list.mode-list .post-entry-content {\n  width: calc(100% - );\n}\n.blog-shortcode.blog-masonry-shortcode-id-416f29bb74ed6ccd4db1f06eada3bff8.classic-layout-list.mode-list .no-img .post-entry-content {\n  width: 100%;\n}\n.blog-shortcode.blog-masonry-shortcode-id-416f29bb74ed6ccd4db1f06eada3bff8 .filter-bg-decoration .filter-categories a.act {\n  color: #fff;\n}\n.blog-shortcode.blog-masonry-shortcode-id-416f29bb74ed6ccd4db1f06eada3bff8:not(.mode-masonry) article:first-of-type,\n.blog-shortcode.blog-masonry-shortcode-id-416f29bb74ed6ccd4db1f06eada3bff8:not(.mode-masonry) article.visible.first:not(.product) {\n  margin-top: 0;\n}\n.blog-shortcode.blog-masonry-shortcode-id-416f29bb74ed6ccd4db1f06eada3bff8.dividers-on:not(.mode-masonry) article {\n  margin-top: 0;\n}\n.blog-shortcode.blog-masonry-shortcode-id-416f29bb74ed6ccd4db1f06eada3bff8.dividers-on:not(.mode-masonry) article:first-of-type,\n.blog-shortcode.blog-masonry-shortcode-id-416f29bb74ed6ccd4db1f06eada3bff8.dividers-on:not(.mode-masonry) article.visible.first:not(.product) {\n  margin-top: 0;\n  padding-top: 0;\n}\n.blog-shortcode.blog-masonry-shortcode-id-416f29bb74ed6ccd4db1f06eada3bff8 .post-thumbnail-wrap {\n  padding: 0px 0px 0px 0px;\n}\n.blog-shortcode.blog-masonry-shortcode-id-416f29bb74ed6ccd4db1f06eada3bff8.enable-bg-rollover .post-thumbnail-rollover:after {\n  background: -webkit-linear-gradient();\n  background: linear-gradient();\n}\n.blog-shortcode.blog-masonry-shortcode-id-416f29bb74ed6ccd4db1f06eada3bff8 .gallery-zoom-ico {\n  width: 44px;\n  height: 44px;\n  line-height: 44px;\n  border-radius: 100px;\n  margin: -22px 0 0 -22px;\n  border-width: 0px;\n  color: #ffffff;\n}\n.bottom-overlap-layout-list.blog-shortcode.blog-masonry-shortcode-id-416f29bb74ed6ccd4db1f06eada3bff8 .gallery-zoom-ico {\n  margin-top: -72px;\n}\n.gradient-overlay-layout-list.blog-shortcode.blog-masonry-shortcode-id-416f29bb74ed6ccd4db1f06eada3bff8 .gallery-zoom-ico,\n.content-rollover-layout-list.blog-shortcode.blog-masonry-shortcode-id-416f29bb74ed6ccd4db1f06eada3bff8 .gallery-zoom-ico {\n  margin: 0 0 10px;\n}\n.content-align-center.gradient-overlay-layout-list.blog-shortcode.blog-masonry-shortcode-id-416f29bb74ed6ccd4db1f06eada3bff8 .gallery-zoom-ico,\n.content-align-center.content-rollover-layout-list.blog-shortcode.blog-masonry-shortcode-id-416f29bb74ed6ccd4db1f06eada3bff8 .gallery-zoom-ico {\n  margin: 0 auto 10px;\n}\n.dt-icon-bg-on.blog-shortcode.blog-masonry-shortcode-id-416f29bb74ed6ccd4db1f06eada3bff8 .gallery-zoom-ico {\n  background: rgba(255,255,255,0.3);\n  box-shadow: none;\n}\n.blog-shortcode.blog-masonry-shortcode-id-416f29bb74ed6ccd4db1f06eada3bff8 .gallery-zoom-ico > span,\n.blog-shortcode.blog-masonry-shortcode-id-416f29bb74ed6ccd4db1f06eada3bff8 .gallery-zoom-ico:before {\n  font-size: 32px;\n  line-height: 44px;\n}\n.blog-shortcode.blog-masonry-shortcode-id-416f29bb74ed6ccd4db1f06eada3bff8 .gallery-zoom-ico > span,\n.blog-shortcode.blog-masonry-shortcode-id-416f29bb74ed6ccd4db1f06eada3bff8 .gallery-zoom-ico:before {\n  color: #ffffff;\n}\n.blog-shortcode.blog-masonry-shortcode-id-416f29bb74ed6ccd4db1f06eada3bff8 .entry-title,\n.blog-shortcode.blog-masonry-shortcode-id-416f29bb74ed6ccd4db1f06eada3bff8.owl-carousel .entry-title {\n  margin-bottom: 5px;\n  font-weight: bold;\n}\n.blog-shortcode.blog-masonry-shortcode-id-416f29bb74ed6ccd4db1f06eada3bff8 .entry-meta {\n  margin-bottom: 15px;\n}\n.blog-shortcode.blog-masonry-shortcode-id-416f29bb74ed6ccd4db1f06eada3bff8 .portfolio-categories {\n  margin-bottom: 15px;\n}\n.blog-shortcode.blog-masonry-shortcode-id-416f29bb74ed6ccd4db1f06eada3bff8 .entry-excerpt {\n  margin-bottom: 5px;\n}\n.blog-shortcode.blog-masonry-shortcode-id-416f29bb74ed6ccd4db1f06eada3bff8:not(.centered-layout-list) .post-entry-content {\n  padding: 25px 30px 30px 30px;\n}\n.blog-shortcode.blog-masonry-shortcode-id-416f29bb74ed6ccd4db1f06eada3bff8:not(.centered-layout-list):not(.content-bg-on):not(.mode-list) .no-img .post-entry-content {\n  padding: 0;\n}\n@media screen and (max-width: ) {\n  .blog-shortcode.blog-masonry-shortcode-id-416f29bb74ed6ccd4db1f06eada3bff8 article {\n    -ms-flex-flow: column nowrap;\n    flex-flow: column nowrap;\n    margin-top: 20px;\n  }\n  .blog-shortcode.blog-masonry-shortcode-id-416f29bb74ed6ccd4db1f06eada3bff8.dividers-on article {\n    border: none;\n  }\n  .blog-shortcode.blog-masonry-shortcode-id-416f29bb74ed6ccd4db1f06eada3bff8.content-bg-on.centered-layout-list article {\n    padding: 0;\n  }\n  .blog-shortcode.blog-masonry-shortcode-id-416f29bb74ed6ccd4db1f06eada3bff8.blog-shortcode.dividers-on article,\n  .blog-shortcode.blog-masonry-shortcode-id-416f29bb74ed6ccd4db1f06eada3bff8.dividers-on.classic-layout-list article {\n    margin-top: 20px;\n    padding: 0;\n  }\n  .blog-shortcode.blog-masonry-shortcode-id-416f29bb74ed6ccd4db1f06eada3bff8.blog-shortcode.dividers-on article:first-of-type,\n  .blog-shortcode.blog-masonry-shortcode-id-416f29bb74ed6ccd4db1f06eada3bff8.dividers-on.classic-layout-list article:first-of-type {\n    padding: 0;\n  }\n  #page .blog-shortcode.blog-masonry-shortcode-id-416f29bb74ed6ccd4db1f06eada3bff8 .post-thumbnail-wrap,\n  #page .blog-shortcode.blog-masonry-shortcode-id-416f29bb74ed6ccd4db1f06eada3bff8 .post-entry-content {\n    width: 100%;\n    margin: 0;\n    top: 0;\n  }\n  #page .blog-shortcode.blog-masonry-shortcode-id-416f29bb74ed6ccd4db1f06eada3bff8 .post-thumbnail-wrap {\n    padding: 0;\n  }\n  #page .blog-shortcode.blog-masonry-shortcode-id-416f29bb74ed6ccd4db1f06eada3bff8 .post-entry-content:after {\n    display: none;\n  }\n  #page .blog-shortcode.blog-masonry-shortcode-id-416f29bb74ed6ccd4db1f06eada3bff8 .project-even .post-thumbnail-wrap,\n  #page .blog-shortcode.blog-masonry-shortcode-id-416f29bb74ed6ccd4db1f06eada3bff8.centered-layout-list .post-thumbnail-wrap {\n    -ms-flex-order: 0;\n    order: 0;\n  }\n  #page .blog-shortcode.blog-masonry-shortcode-id-416f29bb74ed6ccd4db1f06eada3bff8.centered-layout-list .post-entry-title-content {\n    -ms-flex-order: 1;\n    order: 1;\n    width: 100%;\n    padding: 20px 20px 0;\n  }\n  #page .blog-shortcode.blog-masonry-shortcode-id-416f29bb74ed6ccd4db1f06eada3bff8.centered-layout-list .post-entry-content {\n    -ms-flex-order: 2;\n    order: 2;\n    padding-top: 0;\n  }\n  #page .blog-shortcode.blog-masonry-shortcode-id-416f29bb74ed6ccd4db1f06eada3bff8 .fancy-categories {\n    top: 10px;\n    left: 10px;\n    bottom: auto;\n    right: auto;\n  }\n  #page .blog-shortcode.blog-masonry-shortcode-id-416f29bb74ed6ccd4db1f06eada3bff8 .fancy-date a {\n    top: 10px;\n    right: 10px;\n    left: auto;\n    bottom: auto;\n  }\n  #page .blog-shortcode.blog-masonry-shortcode-id-416f29bb74ed6ccd4db1f06eada3bff8 .post-entry-content {\n    padding: 20px;\n  }\n  #page .blog-shortcode.blog-masonry-shortcode-id-416f29bb74ed6ccd4db1f06eada3bff8 .entry-title {\n    margin: 3px 0 5px;\n    font-size: 20px;\n    line-height: 26px;\n  }\n  #page .blog-shortcode.blog-masonry-shortcode-id-416f29bb74ed6ccd4db1f06eada3bff8 .entry-meta {\n    margin: 5px 0 5px;\n  }\n  #page .blog-shortcode.blog-masonry-shortcode-id-416f29bb74ed6ccd4db1f06eada3bff8 .entry-excerpt {\n    margin: 15px 0 0;\n  }\n  #page .blog-shortcode.blog-masonry-shortcode-id-416f29bb74ed6ccd4db1f06eada3bff8 .post-details {\n    margin: 5px 0 10px;\n  }\n  #page .blog-shortcode.blog-masonry-shortcode-id-416f29bb74ed6ccd4db1f06eada3bff8 .post-details.details-type-link {\n    margin-bottom: 2px;\n  }\n}\n.blog-shortcode.blog-masonry-shortcode-id-416f29bb74ed6ccd4db1f06eada3bff8:not(.resize-by-browser-width) .dt-css-grid {\n  grid-row-gap: 30px;\n  grid-column-gap: 30px;\n  grid-template-columns: repeat(auto-fill,minmax(,1fr));\n}\n.blog-shortcode.blog-masonry-shortcode-id-416f29bb74ed6ccd4db1f06eada3bff8:not(.resize-by-browser-width) .dt-css-grid .double-width {\n  grid-column: span 2;\n}\n.cssgridlegacy.no-cssgrid .blog-shortcode.blog-masonry-shortcode-id-416f29bb74ed6ccd4db1f06eada3bff8:not(.resize-by-browser-width) .dt-css-grid,\n.no-cssgridlegacy.no-cssgrid .blog-shortcode.blog-masonry-shortcode-id-416f29bb74ed6ccd4db1f06eada3bff8:not(.resize-by-browser-width) .dt-css-grid {\n  display: flex;\n  flex-flow: row wrap;\n  margin: -15px;\n}\n.cssgridlegacy.no-cssgrid .blog-shortcode.blog-masonry-shortcode-id-416f29bb74ed6ccd4db1f06eada3bff8:not(.resize-by-browser-width) .dt-css-grid .wf-cell,\n.no-cssgridlegacy.no-cssgrid .blog-shortcode.blog-masonry-shortcode-id-416f29bb74ed6ccd4db1f06eada3bff8:not(.resize-by-browser-width) .dt-css-grid .wf-cell {\n  flex: 1 0 ;\n  max-width: 100%;\n  padding: 15px;\n  box-sizing: border-box;\n}\n.blog-shortcode.blog-masonry-shortcode-id-416f29bb74ed6ccd4db1f06eada3bff8.resize-by-browser-width .dt-css-grid {\n  grid-template-columns: repeat(2,1fr);\n  grid-template-rows: auto;\n  grid-column-gap: 30px;\n  grid-row-gap: 30px;\n}\n.blog-shortcode.blog-masonry-shortcode-id-416f29bb74ed6ccd4db1f06eada3bff8.resize-by-browser-width .dt-css-grid .double-width {\n  grid-column: span 2;\n}\n.cssgridlegacy.no-cssgrid .blog-shortcode.blog-masonry-shortcode-id-416f29bb74ed6ccd4db1f06eada3bff8.resize-by-browser-width .dt-css-grid {\n  margin: -15px;\n}\n.cssgridlegacy.no-cssgrid .blog-shortcode.blog-masonry-shortcode-id-416f29bb74ed6ccd4db1f06eada3bff8.resize-by-browser-width .dt-css-grid .wf-cell {\n  width: 50%;\n  padding: 15px;\n}\n.cssgridlegacy.no-cssgrid .blog-shortcode.blog-masonry-shortcode-id-416f29bb74ed6ccd4db1f06eada3bff8.resize-by-browser-width .dt-css-grid .wf-cell.double-width {\n  width: calc(50%) * 2;\n}\n.blog-shortcode.blog-masonry-shortcode-id-416f29bb74ed6ccd4db1f06eada3bff8.resize-by-browser-width:not(.centered-layout-list):not(.content-bg-on) .dt-css-grid {\n  grid-row-gap: 0px;\n}\n@media screen and (max-width: 1199px) {\n  .blog-shortcode.blog-masonry-shortcode-id-416f29bb74ed6ccd4db1f06eada3bff8.resize-by-browser-width .dt-css-grid {\n    grid-template-columns: repeat(2,1fr);\n  }\n  .cssgridlegacy.no-cssgrid .blog-shortcode.blog-masonry-shortcode-id-416f29bb74ed6ccd4db1f06eada3bff8.resize-by-browser-width .dt-css-grid .wf-cell,\n  .no-cssgridlegacy.no-cssgrid .blog-shortcode.blog-masonry-shortcode-id-416f29bb74ed6ccd4db1f06eada3bff8.resize-by-browser-width .dt-css-grid .wf-cell {\n    width: 50%;\n  }\n  .cssgridlegacy.no-cssgrid .blog-shortcode.blog-masonry-shortcode-id-416f29bb74ed6ccd4db1f06eada3bff8.resize-by-browser-width .dt-css-grid .wf-cell.double-width,\n  .no-cssgridlegacy.no-cssgrid .blog-shortcode.blog-masonry-shortcode-id-416f29bb74ed6ccd4db1f06eada3bff8.resize-by-browser-width .dt-css-grid .wf-cell.double-width {\n    width: calc(50%)*2;\n  }\n}\n@media screen and (max-width: 991px) {\n  .blog-shortcode.blog-masonry-shortcode-id-416f29bb74ed6ccd4db1f06eada3bff8.resize-by-browser-width .dt-css-grid {\n    grid-template-columns: repeat(1,1fr);\n  }\n  .cssgridlegacy.no-cssgrid .blog-shortcode.blog-masonry-shortcode-id-416f29bb74ed6ccd4db1f06eada3bff8.resize-by-browser-width .dt-css-grid .wf-cell,\n  .no-cssgridlegacy.no-cssgrid .blog-shortcode.blog-masonry-shortcode-id-416f29bb74ed6ccd4db1f06eada3bff8.resize-by-browser-width .dt-css-grid .wf-cell {\n    width: 100%;\n  }\n  .cssgridlegacy.no-cssgrid .blog-shortcode.blog-masonry-shortcode-id-416f29bb74ed6ccd4db1f06eada3bff8.resize-by-browser-width .dt-css-grid .wf-cell.double-width,\n  .no-cssgridlegacy.no-cssgrid .blog-shortcode.blog-masonry-shortcode-id-416f29bb74ed6ccd4db1f06eada3bff8.resize-by-browser-width .dt-css-grid .wf-cell.double-width {\n    width: calc(100%)*2;\n  }\n}\n@media screen and (max-width: 767px) {\n  .blog-shortcode.blog-masonry-shortcode-id-416f29bb74ed6ccd4db1f06eada3bff8.resize-by-browser-width .dt-css-grid {\n    grid-template-columns: repeat(1,1fr);\n  }\n  .blog-shortcode.blog-masonry-shortcode-id-416f29bb74ed6ccd4db1f06eada3bff8.resize-by-browser-width .dt-css-grid .double-width {\n    grid-column: span 1;\n  }\n  .cssgridlegacy.no-cssgrid .blog-shortcode.blog-masonry-shortcode-id-416f29bb74ed6ccd4db1f06eada3bff8.resize-by-browser-width .dt-css-grid .wf-cell,\n  .no-cssgridlegacy.no-cssgrid .blog-shortcode.blog-masonry-shortcode-id-416f29bb74ed6ccd4db1f06eada3bff8.resize-by-browser-width .dt-css-grid .wf-cell {\n    width: 100%;\n  }\n  .cssgridlegacy.no-cssgrid .blog-shortcode.blog-masonry-shortcode-id-416f29bb74ed6ccd4db1f06eada3bff8.resize-by-browser-width .dt-css-grid .wf-cell.double-width,\n  .no-cssgridlegacy.no-cssgrid .blog-shortcode.blog-masonry-shortcode-id-416f29bb74ed6ccd4db1f06eada3bff8.resize-by-browser-width .dt-css-grid .wf-cell.double-width {\n    width: calc(100%)*2;\n  }\n}<\/style><div class=\"blog-shortcode blog-masonry-shortcode-id-416f29bb74ed6ccd4db1f06eada3bff8 mode-grid classic-layout-list content-bg-on jquery-filter scale-img dt-css-grid-wrap dt-icon-bg-off resize-by-browser-width loading-effect-none description-under-image \" data-padding=\"15px\" data-cur-page=\"1\" data-post-limit=\"-1\" data-pagination-mode=\"none\" data-desktop-columns-num=\"2\" data-v-tablet-columns-num=\"1\" data-h-tablet-columns-num=\"2\" data-phone-columns-num=\"1\" data-width=\"0px\" data-columns=\"0\"><div class=\"dt-css-grid\" ><div class=\"visible wf-cell\" data-post-id=\"198106\" data-date=\"2025-02-22T13:06:17+00:00\" data-name=\"\ud83c\udfac &quot;Surviving Brandenburg\u201d celebrates its international premiere at the 31st Sedona International Film Festival 2025\"><article class=\"post project-odd visible post-198106 type-post status-publish format-standard has-post-thumbnail hentry category-darling-berlin category-film-en category-news-en category-world-sales tag-ben-von-grafenstein-2 tag-darling-berlin-en tag-elections tag-international-premiere tag-jan-kerhart-2 tag-kinostart-en tag-local-elections tag-sandra-maischberger-2 tag-sedona-international-film-festival-2 tag-surviving-brandenburg tag-tina-hegewisch-2 tag-uberleben-in-brandenburg tag-zoltan-paul-en category-22 category-942 category-941 category-7530\" data-name=\"\ud83c\udfac &#8220;Surviving Brandenburg\u201d celebrates its international premiere at the 31st Sedona International Film Festival 2025\" data-date=\"2025-02-22T13:06:17+00:00\">\n\n<div class=\"post-thumbnail-wrap\">\n\t<div class=\"post-thumbnail\">\n\t\t\n\t\t\n\t\t<a href=\"https:\/\/ucm.one\/en\/surviving-brandenburg-celebrates-its-international-premiere-at-the-31st-sedona-international-film-festival-2025\/\" class=\"post-thumbnail-rollover layzr-bg layzr-bg\" ><img decoding=\"async\" class=\"iso-lazy-load preload-me iso-lazy-load aspect\" src=\"data:image\/svg+xml,%3Csvg%20xmlns%3D&#39;http%3A%2F%2Fwww.w3.org%2F2000%2Fsvg&#39;%20viewBox%3D&#39;0%200%20990%20309&#39;%2F%3E\" data-src=\"https:\/\/ucm.one\/wp-content\/uploads\/2025\/02\/B-UELIB-EN_SIFF_1920x600-990x309.jpg\" data-srcset=\"https:\/\/ucm.one\/wp-content\/uploads\/2025\/02\/B-UELIB-EN_SIFF_1920x600-990x309.jpg 990w, https:\/\/ucm.one\/wp-content\/uploads\/2025\/02\/B-UELIB-EN_SIFF_1920x600-1485x464.jpg 1485w\" loading=\"eager\" style=\"--ratio: 990 \/ 309\" sizes=\"(max-width: 990px) 100vw, 990px\" alt=\"\" title=\"B-UELIB-EN_SIFF_1920x600\" width=\"990\" height=\"309\"  \/><\/a>\t<\/div>\n<\/div>\n\n\n<div class=\"post-entry-content\">\n\n\t<h3 class=\"entry-title\">\n\t\t<a href=\"https:\/\/ucm.one\/en\/surviving-brandenburg-celebrates-its-international-premiere-at-the-31st-sedona-international-film-festival-2025\/\" title=\"\ud83c\udfac &#8220;Surviving Brandenburg\u201d celebrates its international premiere at the 31st Sedona International Film Festival 2025\" rel=\"bookmark\">\ud83c\udfac &#8220;Surviving Brandenburg\u201d celebrates its international premiere at the 31st Sedona International Film Festival 2025<\/a>\n\t<\/h3>\n\n\t<div class=\"entry-meta\"><span class=\"category-link\"><a href=\"https:\/\/ucm.one\/en\/category\/news-en\/film-en\/darling-berlin\/\" >Darling Berlin<\/a>, <a href=\"https:\/\/ucm.one\/en\/category\/news-en\/film-en\/\" >Film<\/a>, <a href=\"https:\/\/ucm.one\/en\/category\/news-en\/\" >News<\/a>, <a href=\"https:\/\/ucm.one\/en\/category\/news-en\/movie-distribution\/world-sales\/\" >World Sales<\/a><\/span><a class=\"author vcard\" href=\"\" title=\"View all posts by robert.zimmermann\" rel=\"author\">By <span class=\"fn\">robert.zimmermann<\/span><\/a><a href=\"https:\/\/ucm.one\/en\/2025\/02\/22\/\" title=\"13:06\" class=\"data-link\" rel=\"bookmark\"><time class=\"entry-date updated\" datetime=\"2025-02-22T13:06:17+00:00\">22. February 2025<\/time><\/a><\/div>\n\t<div class=\"entry-excerpt\"><p>[vc_row][vc_column][vc_column_text css=&#8221;&#8221;]Ten months after its German theatrical release in April 2024, the comedy &#8220;Surviving Brandenburg&#8221; (German title &#8220;\u00dcberleben in Brandenburg&#8221;) celebrates its international premiere at the Sedona International Film Festival (SIFF), Sedona, Arizona, USA.[\/vc_column_text][vc_column_text css=&#8221;&#8221;] The Sedona International Film Festival (SIFF) is an annual film festival in Sedona, Arizona, founded in 1994. It will take&hellip;<\/p>\n<\/div>\n\t\n<a href=\"https:\/\/ucm.one\/en\/surviving-brandenburg-celebrates-its-international-premiere-at-the-31st-sedona-international-film-festival-2025\/\" class=\"post-details details-type-link\" aria-label=\"Read more about \ud83c\udfac &#8220;Surviving Brandenburg\u201d celebrates its international premiere at the 31st Sedona International Film Festival 2025\">More<i class=\"dt-icon-the7-arrow-03\" aria-hidden=\"true\"><\/i><\/a>\n\n<\/div><\/article><\/div><div class=\"visible wf-cell\" data-post-id=\"104390\" data-date=\"2024-05-21T17:54:19+00:00\" data-name=\"\ud83c\udfac \u2018Surviving Brandenburg\u2019 goes on a tour of villages and towns in eastern Germany\"><article class=\"post project-odd visible post-104390 type-post status-publish format-standard has-post-thumbnail hentry category-darling-berlin category-film-en category-film-distribution-en category-news-en category-world-sales tag-ben-von-grafenstein-2 tag-darling-berlin-en tag-european-elections tag-jan-kerhart-2 tag-kinostart-en tag-local-elections tag-sandra-maischberger-2 tag-thalia-cinema tag-tina-hegewisch-2 tag-uberleben-in-brandenburg tag-zoltan-paul-en category-22 category-942 category-15326 category-941 category-7530\" data-name=\"\ud83c\udfac \u2018Surviving Brandenburg\u2019 goes on a tour of villages and towns in eastern Germany\" data-date=\"2024-05-21T17:54:19+00:00\">\n\n<div class=\"post-thumbnail-wrap\">\n\t<div class=\"post-thumbnail\">\n\t\t\n\t\t\n\t\t<a href=\"https:\/\/ucm.one\/en\/surviving-brandenburg-goes-on-a-tour-of-villages-and-towns-in-eastern-germany\/\" class=\"post-thumbnail-rollover layzr-bg layzr-bg\" ><img decoding=\"async\" class=\"iso-lazy-load preload-me iso-lazy-load aspect\" src=\"data:image\/svg+xml,%3Csvg%20xmlns%3D&#39;http%3A%2F%2Fwww.w3.org%2F2000%2Fsvg&#39;%20viewBox%3D&#39;0%200%20990%20309&#39;%2F%3E\" data-src=\"https:\/\/ucm.one\/wp-content\/uploads\/2024\/05\/B-Survival-in-Brandenburg-tour-990x309.jpeg\" data-srcset=\"https:\/\/ucm.one\/wp-content\/uploads\/2024\/05\/B-Survival-in-Brandenburg-tour-990x309.jpeg 990w, https:\/\/ucm.one\/wp-content\/uploads\/2024\/05\/B-Survival-in-Brandenburg-tour-1485x464.jpeg 1485w\" loading=\"eager\" style=\"--ratio: 990 \/ 309\" sizes=\"(max-width: 990px) 100vw, 990px\" alt=\"\" title=\"B Survival in Brandenburg tour\" width=\"990\" height=\"309\"  \/><\/a>\t<\/div>\n<\/div>\n\n\n<div class=\"post-entry-content\">\n\n\t<h3 class=\"entry-title\">\n\t\t<a href=\"https:\/\/ucm.one\/en\/surviving-brandenburg-goes-on-a-tour-of-villages-and-towns-in-eastern-germany\/\" title=\"\ud83c\udfac \u2018Surviving Brandenburg\u2019 goes on a tour of villages and towns in eastern Germany\" rel=\"bookmark\">\ud83c\udfac \u2018Surviving Brandenburg\u2019 goes on a tour of villages and towns in eastern Germany<\/a>\n\t<\/h3>\n\n\t<div class=\"entry-meta\"><span class=\"category-link\"><a href=\"https:\/\/ucm.one\/en\/category\/news-en\/film-en\/darling-berlin\/\" >Darling Berlin<\/a>, <a href=\"https:\/\/ucm.one\/en\/category\/news-en\/film-en\/\" >Film<\/a>, <a href=\"https:\/\/ucm.one\/en\/category\/news-en\/media-distribution-en\/film-distribution-en\/\" >Film Distribution<\/a>, <a href=\"https:\/\/ucm.one\/en\/category\/news-en\/\" >News<\/a>, <a href=\"https:\/\/ucm.one\/en\/category\/news-en\/movie-distribution\/world-sales\/\" >World Sales<\/a><\/span><a class=\"author vcard\" href=\"\" title=\"View all posts by Joachim Keil\" rel=\"author\">By <span class=\"fn\">Joachim Keil<\/span><\/a><a href=\"https:\/\/ucm.one\/en\/2024\/05\/21\/\" title=\"17:54\" class=\"data-link\" rel=\"bookmark\"><time class=\"entry-date updated\" datetime=\"2024-05-21T17:54:19+00:00\">21. May 2024<\/time><\/a><\/div>\n\t<div class=\"entry-excerpt\"><p>[vc_row][vc_column][vc_column_text css=&#8221;&#8221;] Two weeks before the local and European elections in Brandenburg on 9 June, the feature film \u2018Surviving Brandenburg\u2019 (Darling Berlin) is going on another cinema tour through East German villages, towns and cities. In Berlin, the comedy will be shown daily from Thursday 23 May at the Kant Kino, where the film team&hellip;<\/p>\n<\/div>\n\t\n<a href=\"https:\/\/ucm.one\/en\/surviving-brandenburg-goes-on-a-tour-of-villages-and-towns-in-eastern-germany\/\" class=\"post-details details-type-link\" aria-label=\"Read more about \ud83c\udfac \u2018Surviving Brandenburg\u2019 goes on a tour of villages and towns in eastern Germany\">More<i class=\"dt-icon-the7-arrow-03\" aria-hidden=\"true\"><\/i><\/a>\n\n<\/div><\/article><\/div><div class=\"visible wf-cell\" data-post-id=\"103558\" data-date=\"2024-04-12T20:38:00+00:00\" data-name=\"\ud83c\udfac Acclaimed premiere for the cinema release of &quot;Survival in Brandenburg&quot; by Zoltan Paul and Ben von Grafenstein at the 20th Achtung Berlin Film Festival\"><article class=\"post project-odd visible post-103558 type-post status-publish format-standard has-post-thumbnail hentry category-darling-berlin category-film-en category-film-distribution-en category-news-en category-world-sales tag-babylon-berlin-en tag-ben-von-grafenstein-2 tag-darling-berlin-en tag-jan-kerhart-2 tag-kinostart-en tag-sandra-maischberger-2 tag-tina-hegewisch-2 tag-uberleben-in-brandenburg tag-zoltan-paul-en category-22 category-942 category-15326 category-941 category-7530\" data-name=\"\ud83c\udfac Acclaimed premiere for the cinema release of &#8220;Survival in Brandenburg&#8221; by Zoltan Paul and Ben von Grafenstein at the 20th Achtung Berlin Film Festival\" data-date=\"2024-04-12T20:38:00+00:00\">\n\n<div class=\"post-thumbnail-wrap\">\n\t<div class=\"post-thumbnail\">\n\t\t\n\t\t\n\t\t<a href=\"https:\/\/ucm.one\/en\/acclaimed-premiere-for-the-cinema-release-of-survival-in-brandenburg-by-zoltan-paul-and-ben-von-grafenstein-at-the-20th-achtung-berlin-film-festival\/\" class=\"post-thumbnail-rollover layzr-bg layzr-bg\" ><img decoding=\"async\" class=\"iso-lazy-load preload-me iso-lazy-load aspect\" src=\"data:image\/svg+xml,%3Csvg%20xmlns%3D&#39;http%3A%2F%2Fwww.w3.org%2F2000%2Fsvg&#39;%20viewBox%3D&#39;0%200%20990%20309&#39;%2F%3E\" data-src=\"https:\/\/ucm.one\/wp-content\/uploads\/2024\/04\/B-UeiB-Babylon-990x309.jpeg\" data-srcset=\"https:\/\/ucm.one\/wp-content\/uploads\/2024\/04\/B-UeiB-Babylon-990x309.jpeg 990w, https:\/\/ucm.one\/wp-content\/uploads\/2024\/04\/B-UeiB-Babylon-1485x464.jpeg 1485w\" loading=\"eager\" style=\"--ratio: 990 \/ 309\" sizes=\"(max-width: 990px) 100vw, 990px\" alt=\"\" title=\"B \u00dciB Babylon\" width=\"990\" height=\"309\"  \/><\/a>\t<\/div>\n<\/div>\n\n\n<div class=\"post-entry-content\">\n\n\t<h3 class=\"entry-title\">\n\t\t<a href=\"https:\/\/ucm.one\/en\/acclaimed-premiere-for-the-cinema-release-of-survival-in-brandenburg-by-zoltan-paul-and-ben-von-grafenstein-at-the-20th-achtung-berlin-film-festival\/\" title=\"\ud83c\udfac Acclaimed premiere for the cinema release of &#8220;Survival in Brandenburg&#8221; by Zoltan Paul and Ben von Grafenstein at the 20th Achtung Berlin Film Festival\" rel=\"bookmark\">\ud83c\udfac Acclaimed premiere for the cinema release of &#8220;Survival in Brandenburg&#8221; by Zoltan Paul and Ben von Grafenstein at the 20th Achtung Berlin Film Festival<\/a>\n\t<\/h3>\n\n\t<div class=\"entry-meta\"><span class=\"category-link\"><a href=\"https:\/\/ucm.one\/en\/category\/news-en\/film-en\/darling-berlin\/\" >Darling Berlin<\/a>, <a href=\"https:\/\/ucm.one\/en\/category\/news-en\/film-en\/\" >Film<\/a>, <a href=\"https:\/\/ucm.one\/en\/category\/news-en\/media-distribution-en\/film-distribution-en\/\" >Film Distribution<\/a>, <a href=\"https:\/\/ucm.one\/en\/category\/news-en\/\" >News<\/a>, <a href=\"https:\/\/ucm.one\/en\/category\/news-en\/movie-distribution\/world-sales\/\" >World Sales<\/a><\/span><a class=\"author vcard\" href=\"\" title=\"View all posts by Joachim Keil\" rel=\"author\">By <span class=\"fn\">Joachim Keil<\/span><\/a><a href=\"https:\/\/ucm.one\/en\/2024\/04\/12\/\" title=\"20:38\" class=\"data-link\" rel=\"bookmark\"><time class=\"entry-date updated\" datetime=\"2024-04-12T20:38:00+00:00\">12. April 2024<\/time><\/a><\/div>\n\t<div class=\"entry-excerpt\"><p>[vc_row][vc_column][vc_column_text] The feature film &#8220;Survival in Brandenburg&#8221; by Zoltan Paul and Ben von Grafenstein celebrated its cinema premiere on 11 April 2024 at the traditional Berlin cinema Babylon in Berlin Mitte to an almost sold-out audience. [\/vc_column_text][\/vc_column][\/vc_row][vc_row][vc_column width=&#8221;1\/3&#8243;][vc_empty_space height=&#8221;8px&#8221;][vc_single_image image=&#8221;103519&#8243; img_size=&#8221;full&#8221; add_caption=&#8221;yes&#8221; alignment=&#8221;center&#8221; onclick=&#8221;link_image&#8221;][\/vc_column][vc_column width=&#8221;1\/3&#8243;][vc_column_text]The highly topical comedy about the ageing filmmaker Laszl\u00f3 Kovacs(Zoltan Paul),&hellip;<\/p>\n<\/div>\n\t\n<a href=\"https:\/\/ucm.one\/en\/acclaimed-premiere-for-the-cinema-release-of-survival-in-brandenburg-by-zoltan-paul-and-ben-von-grafenstein-at-the-20th-achtung-berlin-film-festival\/\" class=\"post-details details-type-link\" aria-label=\"Read more about \ud83c\udfac Acclaimed premiere for the cinema release of &#8220;Survival in Brandenburg&#8221; by Zoltan Paul and Ben von Grafenstein at the 20th Achtung Berlin Film Festival\">More<i class=\"dt-icon-the7-arrow-03\" aria-hidden=\"true\"><\/i><\/a>\n\n<\/div><\/article><\/div><div class=\"visible wf-cell\" data-post-id=\"103494\" data-date=\"2024-04-11T13:22:55+00:00\" data-name=\"\ud83c\udfac &quot;Surviving Brandenburg&quot; by Zoltan Paul &amp; Ben von Grafenstein opens in cinemas today\"><article class=\"post project-odd visible post-103494 type-post status-publish format-standard has-post-thumbnail hentry category-darling-berlin category-film-en category-film-distribution-en category-news-en category-world-sales tag-adele-neuhauser-2 tag-babylon-berlin-en tag-ben-von-grafenstein-2 tag-clementina-hegewisch-en tag-darling-berlin-en tag-hofer-filmtage-2 tag-jan-kerhart-2 tag-julian-pajzs-2 tag-kinostart-en tag-premiere-en tag-sabine-weibel-2 tag-sandra-maischberger-2 tag-surviving-brandenburg tag-tina-hegewisch-2 tag-uberleben-in-brandenburg tag-zoltan-paul-en category-22 category-942 category-15326 category-941 category-7530\" data-name=\"\ud83c\udfac &#8220;Surviving Brandenburg&#8221; by Zoltan Paul &#038; Ben von Grafenstein opens in cinemas today\" data-date=\"2024-04-11T13:22:55+00:00\">\n\n<div class=\"post-thumbnail-wrap\">\n\t<div class=\"post-thumbnail\">\n\t\t\n\t\t\n\t\t<a href=\"https:\/\/ucm.one\/en\/surviving-brandenburg-by-zoltan-paul-ben-von-grafenstein-opens-in-cinemas-today\/\" class=\"post-thumbnail-rollover layzr-bg layzr-bg\" ><img decoding=\"async\" class=\"iso-lazy-load preload-me iso-lazy-load aspect\" src=\"data:image\/svg+xml,%3Csvg%20xmlns%3D&#39;http%3A%2F%2Fwww.w3.org%2F2000%2Fsvg&#39;%20viewBox%3D&#39;0%200%20990%20309&#39;%2F%3E\" data-src=\"https:\/\/ucm.one\/wp-content\/uploads\/2024\/04\/B-Ueberleben-in-Brandenburg-in-den-Kinos-990x309.jpeg\" data-srcset=\"https:\/\/ucm.one\/wp-content\/uploads\/2024\/04\/B-Ueberleben-in-Brandenburg-in-den-Kinos-990x309.jpeg 990w, https:\/\/ucm.one\/wp-content\/uploads\/2024\/04\/B-Ueberleben-in-Brandenburg-in-den-Kinos-1485x464.jpeg 1485w\" loading=\"eager\" style=\"--ratio: 990 \/ 309\" sizes=\"(max-width: 990px) 100vw, 990px\" alt=\"\" title=\"B \u00dcberleben in Brandenburg in den Kinos\" width=\"990\" height=\"309\"  \/><\/a>\t<\/div>\n<\/div>\n\n\n<div class=\"post-entry-content\">\n\n\t<h3 class=\"entry-title\">\n\t\t<a href=\"https:\/\/ucm.one\/en\/surviving-brandenburg-by-zoltan-paul-ben-von-grafenstein-opens-in-cinemas-today\/\" title=\"\ud83c\udfac &#8220;Surviving Brandenburg&#8221; by Zoltan Paul &#038; Ben von Grafenstein opens in cinemas today\" rel=\"bookmark\">\ud83c\udfac &#8220;Surviving Brandenburg&#8221; by Zoltan Paul &#038; Ben von Grafenstein opens in cinemas today<\/a>\n\t<\/h3>\n\n\t<div class=\"entry-meta\"><span class=\"category-link\"><a href=\"https:\/\/ucm.one\/en\/category\/news-en\/film-en\/darling-berlin\/\" >Darling Berlin<\/a>, <a href=\"https:\/\/ucm.one\/en\/category\/news-en\/film-en\/\" >Film<\/a>, <a href=\"https:\/\/ucm.one\/en\/category\/news-en\/media-distribution-en\/film-distribution-en\/\" >Film Distribution<\/a>, <a href=\"https:\/\/ucm.one\/en\/category\/news-en\/\" >News<\/a>, <a href=\"https:\/\/ucm.one\/en\/category\/news-en\/movie-distribution\/world-sales\/\" >World Sales<\/a><\/span><a class=\"author vcard\" href=\"\" title=\"View all posts by Joachim Keil\" rel=\"author\">By <span class=\"fn\">Joachim Keil<\/span><\/a><a href=\"https:\/\/ucm.one\/en\/2024\/04\/11\/\" title=\"13:22\" class=\"data-link\" rel=\"bookmark\"><time class=\"entry-date updated\" datetime=\"2024-04-11T13:22:55+00:00\">11. April 2024<\/time><\/a><\/div>\n\t<div class=\"entry-excerpt\"><p>[vc_row][vc_column][vc_column_text] The comedy &#8220;Surving Brandenburg&#8221; (German title: \u00dcberleben in Brandenburg&#8220;) opens in cinemas nationwide today on the Darling Berlin label. The film is the posthumous work of director and actor Zoltan Paul, whose friend, Ben von Grafenstein, co-directed the comedy. It tells the story of a discarded &#8220;best-ager director&#8221; (Zoltan Paul) who tries to prevent&hellip;<\/p>\n<\/div>\n\t\n<a href=\"https:\/\/ucm.one\/en\/surviving-brandenburg-by-zoltan-paul-ben-von-grafenstein-opens-in-cinemas-today\/\" class=\"post-details details-type-link\" aria-label=\"Read more about \ud83c\udfac &#8220;Surviving Brandenburg&#8221; by Zoltan Paul &#038; Ben von Grafenstein opens in cinemas today\">More<i class=\"dt-icon-the7-arrow-03\" aria-hidden=\"true\"><\/i><\/a>\n\n<\/div><\/article><\/div><div class=\"visible wf-cell\" data-post-id=\"102998\" data-date=\"2024-03-19T02:48:54+00:00\" data-name=\"\ud83c\udfac Adele Neuhauser nominated for the German Film Award 2024 in the category &quot;Best Female Supporting Actress&quot;\"><article class=\"post project-odd visible post-102998 type-post status-publish format-standard has-post-thumbnail hentry category-cinema category-darling-berlin category-film-en category-film-distribution-en category-news-en tag-2024-2 tag-adele-neuhauser-2 tag-ben-von-grafenstein-2 tag-clementina-hegewisch-en tag-darling-berlin-en tag-deutsche-filmakademie-2 tag-deutscher-filmpreis-en tag-german-film-academy tag-german-film-award tag-hofer-filmtage-2 tag-julian-pajzs-2 tag-lola-en tag-premiere-en tag-sabine-weibel-2 tag-surviving-brandenburg tag-uberleben-in-brandenburg tag-zoltan-paul-en category-1011 category-22 category-942 category-15326 category-941\" data-name=\"\ud83c\udfac Adele Neuhauser nominated for the German Film Award 2024 in the category &#8220;Best Female Supporting Actress&#8221;\" data-date=\"2024-03-19T02:48:54+00:00\">\n\n<div class=\"post-thumbnail-wrap\">\n\t<div class=\"post-thumbnail\">\n\t\t\n\t\t\n\t\t<a href=\"https:\/\/ucm.one\/en\/adele-neuhauser-nominated-for-the-german-film-award-2024-in-the-category-best-female-supporting-actress\/\" class=\"post-thumbnail-rollover layzr-bg layzr-bg\" ><img decoding=\"async\" class=\"iso-lazy-load preload-me iso-lazy-load aspect\" src=\"data:image\/svg+xml,%3Csvg%20xmlns%3D&#39;http%3A%2F%2Fwww.w3.org%2F2000%2Fsvg&#39;%20viewBox%3D&#39;0%200%20990%20309&#39;%2F%3E\" data-src=\"https:\/\/ucm.one\/wp-content\/uploads\/2024\/03\/ADELE-NEUHAUSER-Nominiert-fuer-den-Deutschen-Filmpreis-1920x600-1-990x309.jpeg\" data-srcset=\"https:\/\/ucm.one\/wp-content\/uploads\/2024\/03\/ADELE-NEUHAUSER-Nominiert-fuer-den-Deutschen-Filmpreis-1920x600-1-990x309.jpeg 990w, https:\/\/ucm.one\/wp-content\/uploads\/2024\/03\/ADELE-NEUHAUSER-Nominiert-fuer-den-Deutschen-Filmpreis-1920x600-1-1485x464.jpeg 1485w\" loading=\"eager\" style=\"--ratio: 990 \/ 309\" sizes=\"(max-width: 990px) 100vw, 990px\" alt=\"\" title=\"ADELE NEUHAUSER &#8211; Nominiert f\u00fcr den Deutschen Filmpreis 1920&#215;600\" width=\"990\" height=\"309\"  \/><\/a>\t<\/div>\n<\/div>\n\n\n<div class=\"post-entry-content\">\n\n\t<h3 class=\"entry-title\">\n\t\t<a href=\"https:\/\/ucm.one\/en\/adele-neuhauser-nominated-for-the-german-film-award-2024-in-the-category-best-female-supporting-actress\/\" title=\"\ud83c\udfac Adele Neuhauser nominated for the German Film Award 2024 in the category &#8220;Best Female Supporting Actress&#8221;\" rel=\"bookmark\">\ud83c\udfac Adele Neuhauser nominated for the German Film Award 2024 in the category &#8220;Best Female Supporting Actress&#8221;<\/a>\n\t<\/h3>\n\n\t<div class=\"entry-meta\"><span class=\"category-link\"><a href=\"https:\/\/ucm.one\/en\/category\/news-en\/cinema\/\" >Cinema<\/a>, <a href=\"https:\/\/ucm.one\/en\/category\/news-en\/film-en\/darling-berlin\/\" >Darling Berlin<\/a>, <a href=\"https:\/\/ucm.one\/en\/category\/news-en\/film-en\/\" >Film<\/a>, <a href=\"https:\/\/ucm.one\/en\/category\/news-en\/media-distribution-en\/film-distribution-en\/\" >Film Distribution<\/a>, <a href=\"https:\/\/ucm.one\/en\/category\/news-en\/\" >News<\/a><\/span><a class=\"author vcard\" href=\"\" title=\"View all posts by Joachim Keil\" rel=\"author\">By <span class=\"fn\">Joachim Keil<\/span><\/a><a href=\"https:\/\/ucm.one\/en\/2024\/03\/19\/\" title=\"02:48\" class=\"data-link\" rel=\"bookmark\"><time class=\"entry-date updated\" datetime=\"2024-03-19T02:48:54+00:00\">19. March 2024<\/time><\/a><\/div>\n\t<div class=\"entry-excerpt\"><p>[vc_row][vc_column][vc_column_text] On 19 March 2024, the nominations for the German Film Awards 2024 were announced by the German Film Academy. [\/vc_column_text][vc_column_text] UCM.ONE congratulates Adele Neuhauser on her nomination in the category &#8220;Best Female Supporting Role&#8220; in the feature film &#8220;15 Years&#8221; by Chris Kraus. Adele Neuhauser can currently also be seen in the comedy &#8220;Surviving&hellip;<\/p>\n<\/div>\n\t\n<a href=\"https:\/\/ucm.one\/en\/adele-neuhauser-nominated-for-the-german-film-award-2024-in-the-category-best-female-supporting-actress\/\" class=\"post-details details-type-link\" aria-label=\"Read more about \ud83c\udfac Adele Neuhauser nominated for the German Film Award 2024 in the category &#8220;Best Female Supporting Actress&#8221;\">More<i class=\"dt-icon-the7-arrow-03\" aria-hidden=\"true\"><\/i><\/a>\n\n<\/div><\/article><\/div><div class=\"visible wf-cell\" data-post-id=\"101725\" data-date=\"2024-01-27T06:38:03+00:00\" data-name=\"\ud83c\udfac &quot;About Living in Brandenburg&quot; by Zoltan Paul &amp; Ben von Grafenstein will be shown in German cinemas from April 11, 2024\"><article class=\"post project-odd visible post-101725 type-post status-publish format-standard has-post-thumbnail hentry category-darling-berlin category-film-en category-film-distribution-en category-news-en category-world-sales tag-about-living-in-brandenburg tag-ben-von-grafenstein-2 tag-darling-berlin-en tag-jan-kerhart-2 tag-sandra-maischberger-2 tag-tina-hegewisch-2 tag-uberleben-in-brandenburg tag-zoltan-paul-en category-22 category-942 category-15326 category-941 category-7530\" data-name=\"\ud83c\udfac &#8220;About Living in Brandenburg&#8221; by Zoltan Paul &#038; Ben von Grafenstein will be shown in German cinemas from April 11, 2024\" data-date=\"2024-01-27T06:38:03+00:00\">\n\n<div class=\"post-thumbnail-wrap\">\n\t<div class=\"post-thumbnail\">\n\t\t\n\t\t\n\t\t<a href=\"https:\/\/ucm.one\/en\/about-living-in-brandenburg-efm\/\" class=\"post-thumbnail-rollover layzr-bg layzr-bg\" ><img decoding=\"async\" class=\"iso-lazy-load preload-me iso-lazy-load aspect\" src=\"data:image\/svg+xml,%3Csvg%20xmlns%3D&#39;http%3A%2F%2Fwww.w3.org%2F2000%2Fsvg&#39;%20viewBox%3D&#39;0%200%20990%20309&#39;%2F%3E\" data-src=\"https:\/\/ucm.one\/wp-content\/uploads\/2024\/01\/B-Ueber-Leben-in-Brandenburg-EFM-990x309.jpg\" data-srcset=\"https:\/\/ucm.one\/wp-content\/uploads\/2024\/01\/B-Ueber-Leben-in-Brandenburg-EFM-990x309.jpg 990w, https:\/\/ucm.one\/wp-content\/uploads\/2024\/01\/B-Ueber-Leben-in-Brandenburg-EFM-1485x464.jpg 1485w\" loading=\"eager\" style=\"--ratio: 990 \/ 309\" sizes=\"(max-width: 990px) 100vw, 990px\" alt=\"\" title=\"B \u00dcber-Leben-in-Brandenburg-EFM\" width=\"990\" height=\"309\"  \/><\/a>\t<\/div>\n<\/div>\n\n\n<div class=\"post-entry-content\">\n\n\t<h3 class=\"entry-title\">\n\t\t<a href=\"https:\/\/ucm.one\/en\/about-living-in-brandenburg-efm\/\" title=\"\ud83c\udfac &#8220;About Living in Brandenburg&#8221; by Zoltan Paul &#038; Ben von Grafenstein will be shown in German cinemas from April 11, 2024\" rel=\"bookmark\">\ud83c\udfac &#8220;About Living in Brandenburg&#8221; by Zoltan Paul &#038; Ben von Grafenstein will be shown in German cinemas from April 11, 2024<\/a>\n\t<\/h3>\n\n\t<div class=\"entry-meta\"><span class=\"category-link\"><a href=\"https:\/\/ucm.one\/en\/category\/news-en\/film-en\/darling-berlin\/\" >Darling Berlin<\/a>, <a href=\"https:\/\/ucm.one\/en\/category\/news-en\/film-en\/\" >Film<\/a>, <a href=\"https:\/\/ucm.one\/en\/category\/news-en\/media-distribution-en\/film-distribution-en\/\" >Film Distribution<\/a>, <a href=\"https:\/\/ucm.one\/en\/category\/news-en\/\" >News<\/a>, <a href=\"https:\/\/ucm.one\/en\/category\/news-en\/movie-distribution\/world-sales\/\" >World Sales<\/a><\/span><a class=\"author vcard\" href=\"\" title=\"View all posts by Joachim Keil\" rel=\"author\">By <span class=\"fn\">Joachim Keil<\/span><\/a><a href=\"https:\/\/ucm.one\/en\/2024\/01\/27\/\" title=\"06:38\" class=\"data-link\" rel=\"bookmark\"><time class=\"entry-date updated\" datetime=\"2024-01-27T06:38:03+00:00\">27. January 2024<\/time><\/a><\/div>\n\t<div class=\"entry-excerpt\"><p>[vc_row][vc_column width=&#8221;3\/4&#8243;][vc_row_inner][vc_column_inner][vc_column_text] &#8220;About Living in Brandenburg&#8221; (German original title: &#8220;\u00dcberLeben in Brandenburg&#8220;) by Zoltan Paul and Ben von Grafenstein tells the story of a discarded &#8220;best-ager director&#8221; who tries to prevent a right-wing mayor in his village of 120 souls. Topical, meaningful, hilarious! The film will be released by UCM.ONE via the Artkeim\u00b2 label in&hellip;<\/p>\n<\/div>\n\t\n<a href=\"https:\/\/ucm.one\/en\/about-living-in-brandenburg-efm\/\" class=\"post-details details-type-link\" aria-label=\"Read more about \ud83c\udfac &#8220;About Living in Brandenburg&#8221; by Zoltan Paul &#038; Ben von Grafenstein will be shown in German cinemas from April 11, 2024\">More<i class=\"dt-icon-the7-arrow-03\" aria-hidden=\"true\"><\/i><\/a>\n\n<\/div><\/article><\/div><\/div><!-- iso-container|iso-grid --><\/div>[vc_btn title=&#8221;All News&#8221; style=&#8221;flat&#8221; align=&#8221;right&#8221; i_icon_fontawesome=&#8221;far fa-newspaper&#8221; add_icon=&#8221;true&#8221; link=&#8221;url:https%3A%2F%2Fucm.one%2Fde%2Ftag%2Fzoltan-paul-en%2F|title:All%20News|&#8221; css=&#8221;.vc_custom_1710712230389{margin-top: 25px !important;}&#8221;][vc_empty_space height=&#8221;15px&#8221;][\/vc_column][\/vc_row][vc_row][vc_column][vc_separator color=&#8221;custom&#8221; accent_color=&#8221;#0141a0&#8243;][\/vc_column][\/vc_row][vc_row css=&#8221;.vc_custom_1518458873891{margin-top: 65px !important;}&#8221;][vc_column width=&#8221;1\/4&#8243;][vc_btn title=&#8221;Overview&#8221; style=&#8221;flat&#8221; size=&#8221;lg&#8221; align=&#8221;center&#8221; i_icon_fontawesome=&#8221;fas fa-home&#8221; button_block=&#8221;true&#8221; add_icon=&#8221;true&#8221; link=&#8221;url:https%3A%2F%2Fucm.one%2Fen%2F|title:Overview|&#8221;][\/vc_column][vc_column width=&#8221;1\/4&#8243;][vc_btn title=&#8221;Cinema&#8221; style=&#8221;flat&#8221; size=&#8221;lg&#8221; align=&#8221;center&#8221; i_icon_fontawesome=&#8221;fas fa-star&#8221; button_block=&#8221;true&#8221; add_icon=&#8221;true&#8221; link=&#8221;url:https%3A%2F%2Fucm.one%2Fen%2Ftheatrical-distribution%2Ftheatrical-releases%2F%23sprich-mit-mir|title:Surviving%20Brandenburg|&#8221;][\/vc_column][vc_column width=&#8221;1\/4&#8243;][vc_btn title=&#8221;Darling Berlin&#8221; style=&#8221;flat&#8221; size=&#8221;lg&#8221; align=&#8221;center&#8221; i_icon_fontawesome=&#8221;fas fa-arrow-right&#8221; button_block=&#8221;true&#8221; add_icon=&#8221;true&#8221; link=&#8221;url:https%3A%2F%2Fucm.one%2Fen%2Ffilm-labels%2Fdarling-berlin%2F|title:Darling%20Berlin|&#8221;][\/vc_column][vc_column width=&#8221;1\/4&#8243;][vc_btn title=&#8221;iMDB&#8221; style=&#8221;flat&#8221; color=&#8221;blue&#8221; size=&#8221;lg&#8221; align=&#8221;center&#8221; i_icon_fontawesome=&#8221;fab fa-imdb&#8221; button_block=&#8221;true&#8221; add_icon=&#8221;true&#8221; link=&#8221;url:https%3A%2F%2Fwww.imdb.com%2Ftitle%2Ftt23143392|title:Surviving%20Brandenburg|target:_blank|&#8221;][\/vc_column][\/vc_row][vc_row content_placement=&#8221;middle&#8221; bg_type=&#8221;grad&#8221; ult_hide_row=&#8221;ult_hide_row_value&#8221; ult_hide_row_large_screen=&#8221;large_screen&#8221; ult_hide_row_desktop=&#8221;desktop&#8221; css=&#8221;.vc_custom_1518701755537{margin-top: 0px !important;padding-top: -50px !important;}&#8221; bg_grad=&#8221;background: -webkit-gradient(linear, left top, left bottom, color-stop(0%, #E3E3E3), color-stop(0%, #FFFFFF), color-stop(6%, #FFFFFF), color-stop(7%, #FFFFFF), color-stop(50%, #FFFFFF));background: -moz-linear-gradient(top,#E3E3E3 0%,#FFFFFF 0%,#FFFFFF 6%,#FFFFFF 7%,#FFFFFF 50%);background: -webkit-linear-gradient(top,#E3E3E3 0%,#FFFFFF 0%,#FFFFFF 6%,#FFFFFF 7%,#FFFFFF 50%);background: -o-linear-gradient(top,#E3E3E3 0%,#FFFFFF 0%,#FFFFFF 6%,#FFFFFF 7%,#FFFFFF 50%);background: -ms-linear-gradient(top,#E3E3E3 0%,#FFFFFF 0%,#FFFFFF 6%,#FFFFFF 7%,#FFFFFF 50%);background: linear-gradient(top,#E3E3E3 0%,#FFFFFF 0%,#FFFFFF 6%,#FFFFFF 7%,#FFFFFF 50%);&#8221;][vc_column][vc_btn title=&#8221;Contact&#8221; style=&#8221;flat&#8221; color=&#8221;juicy-pink&#8221; size=&#8221;lg&#8221; align=&#8221;center&#8221; i_icon_fontawesome=&#8221;far fa-envelope&#8221; button_block=&#8221;true&#8221; add_icon=&#8221;true&#8221; link=&#8221;url:https%3A%2F%2Fucm.one%2Fen%2Fcompany%2Fcontact%2F|title:Contact|&#8221;][\/vc_column][\/vc_row]<\/p>\n<\/div>","protected":false},"excerpt":{"rendered":"<p>[vc_row][vc_column width=&#8221;3\/4&#8243; css=&#8221;.vc_custom_1561291995466{padding-right: 30px !important;}&#8221;][vc_column_text] Surviving Brandenburg: [\/vc_column_text][vc_column_text] &#8220;Surviving Brandenburg&#8221; (German title: &#8220;\u00dcberleben in Brandenburg&#8220;) by Zoltan Paul and Ben von Grafenstein tells the story of a marginalised &#8220;best-ager director&#8221; who tries to prevent a right-wing mayor from taking office in his village of 120 inhabitants. The film, which is being distributed by UCM.ONE on&hellip;<\/p>\n","protected":false},"author":2,"featured_media":102935,"parent":0,"menu_order":0,"comment_status":"closed","ping_status":"closed","template":"","meta":{"_acf_changed":false,"footnotes":""},"class_list":["post-103010","page","type-page","status-publish","has-post-thumbnail","hentry","description-off"],"acf":[],"yoast_head":"<!-- This site is optimized with the Yoast SEO plugin v27.5 - https:\/\/yoast.com\/product\/yoast-seo-wordpress\/ -->\n<title>Surviving Brandenburg (2023) | Darling Berlin<\/title>\n<meta name=\"description\" content=\"The film tells the story of a best-ager director who tries to prevent a right-wing mayor from taking office in his village of 120 inhabitants.\" \/>\n<meta name=\"robots\" content=\"index, follow, max-snippet:-1, max-image-preview:large, max-video-preview:-1\" \/>\n<link rel=\"canonical\" href=\"https:\/\/ucm.one\/en\/surviving-brandenburg\/\" \/>\n<meta property=\"og:locale\" content=\"en_US\" \/>\n<meta property=\"og:type\" content=\"article\" \/>\n<meta property=\"og:title\" content=\"Surviving Brandenburg (2023) | Darling Berlin\" \/>\n<meta property=\"og:description\" content=\"The film tells the story of a best-ager director who tries to prevent a right-wing mayor from taking office in his village of 120 inhabitants.\" \/>\n<meta property=\"og:url\" content=\"https:\/\/ucm.one\/en\/surviving-brandenburg\/\" \/>\n<meta property=\"og:site_name\" content=\"UCM.ONE\" \/>\n<meta property=\"article:modified_time\" content=\"2024-03-30T01:45:30+00:00\" \/>\n<meta property=\"og:image\" content=\"https:\/\/ucm.one\/wp-content\/uploads\/2024\/03\/P-Surviving-Brandenburg.jpg\" \/>\n<meta name=\"twitter:card\" content=\"summary_large_image\" \/>\n<meta name=\"twitter:title\" content=\"Surviving Brandenburg (2023) | Darling Berlin\" \/>\n<meta name=\"twitter:description\" content=\"The film tells the story of a best-ager director who tries to prevent a right-wing mayor from taking office in his village of 120 inhabitants.\" \/>\n<meta name=\"twitter:image\" content=\"https:\/\/ucm.one\/wp-content\/uploads\/2024\/03\/P-Surviving-Brandenburg.jpg\" \/>\n<meta name=\"twitter:label1\" content=\"Est. reading time\" \/>\n\t<meta name=\"twitter:data1\" content=\"63 minutes\" \/>\n<!-- \/ Yoast SEO plugin. -->","yoast_head_json":{"title":"Surviving Brandenburg (2023) | Darling Berlin","description":"The film tells the story of a best-ager director who tries to prevent a right-wing mayor from taking office in his village of 120 inhabitants.","robots":{"index":"index","follow":"follow","max-snippet":"max-snippet:-1","max-image-preview":"max-image-preview:large","max-video-preview":"max-video-preview:-1"},"canonical":"https:\/\/ucm.one\/en\/surviving-brandenburg\/","og_locale":"en_US","og_type":"article","og_title":"Surviving Brandenburg (2023) | Darling Berlin","og_description":"The film tells the story of a best-ager director who tries to prevent a right-wing mayor from taking office in his village of 120 inhabitants.","og_url":"https:\/\/ucm.one\/en\/surviving-brandenburg\/","og_site_name":"UCM.ONE","article_modified_time":"2024-03-30T01:45:30+00:00","og_image":[{"url":"https:\/\/ucm.one\/wp-content\/uploads\/2024\/03\/P-Surviving-Brandenburg.jpg","type":"","width":"","height":""}],"twitter_card":"summary_large_image","twitter_title":"Surviving Brandenburg (2023) | Darling Berlin","twitter_description":"The film tells the story of a best-ager director who tries to prevent a right-wing mayor from taking office in his village of 120 inhabitants.","twitter_image":"https:\/\/ucm.one\/wp-content\/uploads\/2024\/03\/P-Surviving-Brandenburg.jpg","twitter_misc":{"Est. reading time":"63 minutes"},"schema":{"@context":"https:\/\/schema.org","@graph":[{"@type":"WebPage","@id":"https:\/\/ucm.one\/en\/surviving-brandenburg\/","url":"https:\/\/ucm.one\/en\/surviving-brandenburg\/","name":"Surviving Brandenburg (2023) | Darling Berlin","isPartOf":{"@id":"https:\/\/ucm.one\/en\/#website"},"primaryImageOfPage":{"@id":"https:\/\/ucm.one\/en\/surviving-brandenburg\/#primaryimage"},"image":{"@id":"https:\/\/ucm.one\/en\/surviving-brandenburg\/#primaryimage"},"thumbnailUrl":"https:\/\/ucm.one\/wp-content\/uploads\/2024\/03\/P-Surviving-Brandenburg.jpg","datePublished":"2024-03-29T23:16:02+00:00","dateModified":"2024-03-30T01:45:30+00:00","description":"The film tells the story of a best-ager director who tries to prevent a right-wing mayor from taking office in his village of 120 inhabitants.","breadcrumb":{"@id":"https:\/\/ucm.one\/en\/surviving-brandenburg\/#breadcrumb"},"inLanguage":"en-US","potentialAction":[{"@type":"ReadAction","target":["https:\/\/ucm.one\/en\/surviving-brandenburg\/"]}]},{"@type":"ImageObject","inLanguage":"en-US","@id":"https:\/\/ucm.one\/en\/surviving-brandenburg\/#primaryimage","url":"https:\/\/ucm.one\/wp-content\/uploads\/2024\/03\/P-Surviving-Brandenburg.jpg","contentUrl":"https:\/\/ucm.one\/wp-content\/uploads\/2024\/03\/P-Surviving-Brandenburg.jpg","width":699,"height":1000},{"@type":"BreadcrumbList","@id":"https:\/\/ucm.one\/en\/surviving-brandenburg\/#breadcrumb","itemListElement":[{"@type":"ListItem","position":1,"name":"Home","item":"https:\/\/ucm.one\/en\/"},{"@type":"ListItem","position":2,"name":"Surviving Brandenburg (2023) by Zoltan Paul &#038; Ben von Grafenstein | Darling Berlin"}]},{"@type":"WebSite","@id":"https:\/\/ucm.one\/en\/#website","url":"https:\/\/ucm.one\/en\/","name":"UCM.ONE","description":"","publisher":{"@id":"https:\/\/ucm.one\/en\/#organization"},"potentialAction":[{"@type":"SearchAction","target":{"@type":"EntryPoint","urlTemplate":"https:\/\/ucm.one\/en\/?s={search_term_string}"},"query-input":{"@type":"PropertyValueSpecification","valueRequired":true,"valueName":"search_term_string"}}],"inLanguage":"en-US"},{"@type":"Organization","@id":"https:\/\/ucm.one\/en\/#organization","name":"UCM.ONE","url":"https:\/\/ucm.one\/en\/","logo":{"@type":"ImageObject","inLanguage":"en-US","@id":"https:\/\/ucm.one\/en\/#\/schema\/logo\/image\/","url":"https:\/\/ucm.one\/wp-content\/uploads\/2019\/10\/UCM.ONE-Logo-RGB.svg","contentUrl":"https:\/\/ucm.one\/wp-content\/uploads\/2019\/10\/UCM.ONE-Logo-RGB.svg","width":1,"height":1,"caption":"UCM.ONE"},"image":{"@id":"https:\/\/ucm.one\/en\/#\/schema\/logo\/image\/"}}]}},"_links":{"self":[{"href":"https:\/\/ucm.one\/en\/wp-json\/wp\/v2\/pages\/103010","targetHints":{"allow":["GET"]}}],"collection":[{"href":"https:\/\/ucm.one\/en\/wp-json\/wp\/v2\/pages"}],"about":[{"href":"https:\/\/ucm.one\/en\/wp-json\/wp\/v2\/types\/page"}],"author":[{"embeddable":true,"href":"https:\/\/ucm.one\/en\/wp-json\/wp\/v2\/users\/2"}],"replies":[{"embeddable":true,"href":"https:\/\/ucm.one\/en\/wp-json\/wp\/v2\/comments?post=103010"}],"version-history":[{"count":6,"href":"https:\/\/ucm.one\/en\/wp-json\/wp\/v2\/pages\/103010\/revisions"}],"predecessor-version":[{"id":103017,"href":"https:\/\/ucm.one\/en\/wp-json\/wp\/v2\/pages\/103010\/revisions\/103017"}],"wp:featuredmedia":[{"embeddable":true,"href":"https:\/\/ucm.one\/en\/wp-json\/wp\/v2\/media\/102935"}],"wp:attachment":[{"href":"https:\/\/ucm.one\/en\/wp-json\/wp\/v2\/media?parent=103010"}],"curies":[{"name":"wp","href":"https:\/\/api.w.org\/{rel}","templated":true}]}}