{"id":100586,"date":"2023-11-02T00:36:20","date_gmt":"2023-11-02T00:36:20","guid":{"rendered":"https:\/\/ucm.one\/soultribe-2023-by-stefan-rainer-artkeim%c2%b2\/"},"modified":"2024-01-16T23:16:36","modified_gmt":"2024-01-16T23:16:36","slug":"soultribe","status":"publish","type":"page","link":"https:\/\/ucm.one\/en\/soultribe\/","title":{"rendered":"Soultribe (2023) by Stefan Rainer | Artkeim\u00b2"},"content":{"rendered":"<div class=\"wpb-content-wrapper\"><p>[vc_row][vc_column width=&#8221;3\/4&#8243; css=&#8221;.vc_custom_1561291995466{padding-right: 30px !important;}&#8221;][vc_column_text]<\/p>\n<h1>Soultribe &#8211; A Dance of Life<span style=\"color: #ffffff;\">:<\/span><\/h1>\n<p>[\/vc_column_text][vc_column_text]<\/p>\n<div class=\"vc_row wpb_row vc_row-fluid\">\n<div class=\"wpb_column vc_column_container vc_col-sm-12\">\n<div class=\"vc_column-inner\">\n<div class=\"wpb_wrapper\">\n<div class=\"wpb_text_column wpb_content_element \">\n<div class=\"wpb_wrapper\">\n<p>The film &#8220;<strong>Soultribe &#8211; A Dance of Life<\/strong>&#8221; by <strong>Stefan Reiner<\/strong> touches the viewer with its authentic actors, who openly present their own inner and outer development story with all its doubts, setbacks and at the same time the courage to take big steps, thus inspiring the viewer to go their own way.<\/p>\n<\/div>\n<\/div>\n<\/div>\n<\/div>\n<\/div>\n<\/div>\n<p>[\/vc_column_text][vc_row_inner][vc_column_inner width=&#8221;1\/2&#8243; css=&#8221;.vc_custom_1561290391124{border-right-width: -15px !important;}&#8221;][vc_single_image image=&#8221;99099&#8243; img_size=&#8221;full&#8221; onclick=&#8221;link_image&#8221;][\/vc_column_inner][vc_column_inner width=&#8221;1\/2&#8243;][vc_single_image image=&#8221;99097&#8243; img_size=&#8221;full&#8221; onclick=&#8221;link_image&#8221;][\/vc_column_inner][\/vc_row_inner][vc_column_text]<\/p>\n<h3>Summary<\/h3>\n<div>\n<p style=\"font-weight: 400;\">The shared journey of visionaries, artists and entrepreneurs Stefan and Jenny, Patrick and Johanna and Maik and Dunja repeatedly reveals major hurdles and setbacks that have to be overcome &#8211; such as the balancing act between family life, partnership, gender roles and professional projects as well as creative individual fulfilment. The protagonists&#8217; inner conflict between social expectations and the pressure to earn money, as well as the desire for a free-flowing life without boundaries, is also addressed.<\/p>\n<\/div>\n<p>[\/vc_column_text][vc_row_inner][vc_column_inner css=&#8221;.vc_custom_1561290391124{border-right-width: -15px !important;}&#8221;][vc_single_image image=&#8221;99007&#8243; img_size=&#8221;full&#8221; onclick=&#8221;link_image&#8221;][\/vc_column_inner][\/vc_row_inner][vc_column_text]<\/p>\n<p style=\"font-weight: 400;\">&#8220;<strong>Soultribe &#8211; A Dance of Life<\/strong>&#8221; portrays the authentic story of how three young families got to know each other and the shared and individual hero&#8217;s journey of three young families who inspire, support and lift each other to their potential as companions. The film also shows the power of individual expression, joy and community and inspires viewers to follow their own path in life.<\/p>\n<p>[\/vc_column_text][vc_row_inner][vc_column_inner width=&#8221;1\/2&#8243;][vc_single_image image=&#8221;99103&#8243; img_size=&#8221;full&#8221; onclick=&#8221;link_image&#8221;][\/vc_column_inner][vc_column_inner width=&#8221;1\/2&#8243; css=&#8221;.vc_custom_1561290391124{border-right-width: -15px !important;}&#8221;][vc_single_image image=&#8221;99105&#8243; img_size=&#8221;full&#8221; onclick=&#8221;link_image&#8221;][\/vc_column_inner][\/vc_row_inner][vc_column_text]&#8221;<strong>Soultribe &#8211; a dance of life<\/strong>&#8221; is a story based on true events that inspires, makes you think and at the same time gives you hope.[\/vc_column_text][vc_column_text css=&#8221;.vc_custom_1700100607428{padding: 10px !important;background-color: #efefef !important;border: 2px solid #67a49c !important;border-radius: 5px !important;}&#8221;]<\/p>\n<p style=\"text-align: center;\"><div class=\"gap\" style=\"line-height: 10px; height: 10px;\"><\/div>\n<p style=\"text-align: center;\">The film can be seen in a lot of cinemas, <strong>See you &#8211; at the cinema<\/strong>.<\/p>\n<p style=\"text-align: center;\"><div class=\"gap\" style=\"line-height: 10px; height: 10px;\"><\/div>\n<p>[\/vc_column_text][vc_column_text css=&#8221;.vc_custom_1700092460580{margin-bottom: -12px !important;}&#8221;]<\/p>\n<h3>Development of the film (by Stefan Rainer)<\/h3>\n<p>[\/vc_column_text][vc_empty_space height=&#8221;30px&#8221;][vc_column_text]<em>&#8220;The original idea for the film was to make a documentary about three families in a lifestyle format and to show ourselves as we are. A lot of the film was to be created from the moment and at the same time be professional. The demands on ourselves were high and so was the joy of getting involved in something new. The further the project progressed in the planning stage, the more it became clear that in order to be able to shoot the scenes from several perspectives, we also needed predetermined dialogues so that the protagonists could repeat the dialogues immediately and a change of perspective of the cameras was possible with just a few cameramen and the available equipment. So we set about writing the script. For me as a filmmaker, a lot of it was new territory and a huge challenge. I received support from Dunja Burghardt and Michael Mack.&#8221;<\/em>[\/vc_column_text][vc_single_image image=&#8221;99009&#8243; img_size=&#8221;full&#8221; onclick=&#8221;link_image&#8221;][\/vc_column][vc_column width=&#8221;1\/4&#8243; css=&#8221;.vc_custom_1581030319933{margin-top: 15px !important;margin-bottom: 36px !important;background-color: #efefef !important;}&#8221;]<style type=\"text\/css\" data-type=\"the7_shortcodes-inline-css\">.shortcode-single-image-wrap.shortcode-single-image-9847f03d4a24746c6f37679b33b8747f.enable-bg-rollover .rollover i,\n.shortcode-single-image-wrap.shortcode-single-image-9847f03d4a24746c6f37679b33b8747f.enable-bg-rollover .rollover-video i {\n  background: -webkit-linear-gradient();\n  background: linear-gradient();\n}\n.shortcode-single-image-wrap.shortcode-single-image-9847f03d4a24746c6f37679b33b8747f .rollover-icon {\n  font-size: 32px;\n  color: #ffffff;\n  min-width: 44px;\n  min-height: 44px;\n  line-height: 44px;\n  border-radius: 100px;\n  border-style: solid;\n  border-width: 0px;\n}\n.dt-icon-bg-on.shortcode-single-image-wrap.shortcode-single-image-9847f03d4a24746c6f37679b33b8747f .rollover-icon {\n  background: rgba(255,255,255,0.3);\n  box-shadow: none;\n}<\/style><div class=\"shortcode-single-image-wrap shortcode-single-image-9847f03d4a24746c6f37679b33b8747f alignnone  vc_custom_1705446429686 enable-bg-rollover dt-icon-bg-off\" ><div class=\"shortcode-single-image\"><div class=\"fancy-media-wrap\" style=\"\"><a class=\"layzr-bg rollover rollover-zoom dt-pswp-item pswp-image\" href=\"https:\/\/ucm.one\/wp-content\/uploads\/2023\/11\/P-Soultribe-E.jpg\" title=\"P Soultribe E\" data-dt-img-description=\"\" data-large_image_width=\"699\" data-large_image_height = \"1000\"  style=\"\"><img fetchpriority=\"high\" decoding=\"async\" class=\"preload-me lazy-load aspect\" src=\"data:image\/svg+xml,%3Csvg%20xmlns%3D&#39;http%3A%2F%2Fwww.w3.org%2F2000%2Fsvg&#39;%20viewBox%3D&#39;0%200%20699%20999&#39;%2F%3E\" data-src=\"https:\/\/ucm.one\/wp-content\/uploads\/2023\/11\/P-Soultribe-E.jpg\" data-srcset=\"https:\/\/ucm.one\/wp-content\/uploads\/2023\/11\/P-Soultribe-E.jpg 699w\" loading=\"eager\" style=\"--ratio: 699 \/ 999\" sizes=\"(max-width: 699px) 100vw, 699px\" width=\"699\" height=\"999\"  data-dt-location=\"https:\/\/ucm.one\/en\/theatrical-distribution\/theatrical-releases-2024\/p-soultribe-e\/\" alt=\"\" \/><\/a><\/div><\/div><\/div>[vc_empty_space height=&#8221;10px&#8221;][vc_column_text]<strong>Original title:<\/strong> Soultribe<\/p>\n<p><strong>Alternative original title:<\/strong> Soultribe &#8211; Ein Tanz des Lebens<\/p>\n<p><strong>Director: <\/strong>Stefan Rainer<\/p>\n<p><strong>Co-Director:<\/strong> Maik Burghardt<\/p>\n<p><strong>Screenplay: <\/strong>Stefan Rainer, Dunja Burghardt, Michael Mack<\/p>\n<p><strong>Cast:<\/strong> Stefan Rainer, Jenny Rainer, Maik Burghardt, Dunja Burghardt, Patrick SEOM Kammerer, Johanna Heizmann, Diana Gl\u00fcck, Winnie Lindel, Alexander K\u00fchn, Katrin Seibold, Maya Rainer, Elon Rainer, Finn Heizmann, Mira Breuer, Leni Breuer, Jan Gaertig, Falko R\u00f6\u00dfner, Michael Swoboda<\/p>\n<p><strong>Producer:<\/strong> Maik Burghardt,\u00a0Stefan Rainer<\/p>\n<p><strong>Cinematography:<\/strong> Stefan Rainer, Maik Burghardt<\/p>\n<p><strong>Technical departement:<\/strong>\u00a0Stefan Rainer, Maik Burghardt, Jenny Biedermann, Peter Moser, Mario Breuer, Matthias Preu\u00dfner<\/p>\n<p><strong>Editing:<\/strong>\u00a0Stefan Rainer<\/p>\n<p><strong>Colorgrading:<\/strong> Stefan Rainer<\/p>\n<p><strong>Sound:<\/strong> Falko Ro\u0308\u00dfner<\/p>\n<p>&nbsp;<\/p>\n<p><strong>Countries: <\/strong>Austria, Germany<\/p>\n<p><strong>Language:<\/strong> German<\/p>\n<p><strong>Year of production :<\/strong> 2023<\/p>\n<p><strong>Genres:<\/strong> Aventure, Drama, Music<\/p>\n<p>&nbsp;<\/p>\n<p><strong>Lenght:<\/strong> 111 Min<\/p>\n<p><strong>Aspect ratio:<\/strong> 2.39:1 CineScope<\/p>\n<p><strong>Resolution:<\/strong> 4096 x 1716 (4K)<\/p>\n<p><strong>Sound:<\/strong> Surround 5.1<\/p>\n<p><strong>Rating: <\/strong>FSK 0[\/vc_column_text][vc_separator color=&#8221;custom&#8221; accent_color=&#8221;#a0a0a0&#8243;][vc_column_text]<b>Premiere Germany: <\/b>November 05, 2023 at the Math\u00e4ser Filmpalast in Munich<\/p>\n<p><strong>Premiere Austria:<\/strong> December 06, 2023 at the Hollywood Megaplex Gasometer in Vienna[\/vc_column_text][vc_separator color=&#8221;custom&#8221; accent_color=&#8221;#a0a0a0&#8243;][vc_column_text]<strong>Film label:<\/strong> Artkeim\u00b2<\/p>\n<p><strong>Theatrical distribution:<\/strong> <span style=\"font-family: 'arial black', sans-serif;\"><strong>UCM.ONE<\/strong><\/span><\/p>\n<p><strong>Theatrical release: <\/strong>November 02, 2023[\/vc_column_text][vc_separator color=&#8221;custom&#8221; accent_color=&#8221;#a0a0a0&#8243;][vc_btn title=&#8221;Pressmap&#8221; color=&#8221;white&#8221; size=&#8221;sm&#8221; align=&#8221;center&#8221; i_icon_fontawesome=&#8221;far fa-file-pdf&#8221; button_block=&#8221;true&#8221; add_icon=&#8221;true&#8221; css=&#8221;.vc_custom_1700864806022{margin-top: -15px !important;}&#8221; link=&#8221;url:http%3A%2F%2Fucm.one%2Fpresse%2Fsoultribe_pressemappe_de.pdf|title:Pressmap|target:_blank|&#8221;][\/vc_column][\/vc_row][vc_row][vc_column][vc_column_text]<strong>Stefan Rainer<\/strong> went on to report on the making of the film: <em>&#8220;In January 2022, a trip to Mexico was planned with the aim of shooting music videos for one of the protagonists &#8211; Patrick Kammerer alias SEOM. Since Maik Burghardt, who plays in the film, was also on the trip, it made sense to integrate this trip into the film and so Mexico became part of the story. At this point, the script was at an intermediate stage and far from finished. More and more we discovered a kind of exchange, healing and co-creation in screenwriting. Whereas at the beginning the aim was to have a final script in our hands as quickly as possible, we became more and more certain that screenwriting is also a parallel process. Sometimes I would write scenes the same morning and then shoot them the same afternoon.<\/em>[\/vc_column_text][vc_column_text]<em>At the same time, I also realised how important it is to keep at it so that results are also visible in all this becoming. The actual filming started in August 2022. It was now clear that the documentary was also a feature film &#8211; a film about our own lives. Producing a feature film was new for all of us, as no one really had any previous acting experience &#8211; even for me, as I had mainly filmed documentaries and adverts before.<\/em>[\/vc_column_text][vc_row_inner][vc_column_inner width=&#8221;1\/2&#8243;][vc_single_image image=&#8221;99109&#8243; img_size=&#8221;full&#8221; onclick=&#8221;link_image&#8221;][\/vc_column_inner][vc_column_inner width=&#8221;1\/2&#8243; css=&#8221;.vc_custom_1561290391124{border-right-width: -15px !important;}&#8221;][vc_single_image image=&#8221;99111&#8243; img_size=&#8221;full&#8221; onclick=&#8221;link_image&#8221;][\/vc_column_inner][\/vc_row_inner][vc_column_text]<\/p>\n<div class=\"vc_row wpb_row vc_row-fluid\">\n<div class=\"wpb_column vc_column_container vc_col-sm-12\">\n<div class=\"vc_column-inner\">\n<div class=\"wpb_wrapper\">\n<div class=\"wpb_text_column wpb_content_element \">\n<div class=\"wpb_wrapper\">\n<p><em>The biggest challenge and at the same time the greatest potential for development was to show ourselves really honestly and authentically in the different scenes and to &#8220;play&#8221; ourselves. In a way, we also benefited from the many challenges of everyday life, which sometimes allowed us to shoot in such a tight time slot that we didn&#8217;t have to act out our emotions. And since we were still in this role in everyday life anyway, it was a lot easier than we thought.<\/em><\/p>\n<\/div>\n<\/div>\n<\/div>\n<\/div>\n<\/div>\n<\/div>\n<p>[\/vc_column_text][vc_column_text]<\/p>\n<div class=\"vc_row wpb_row vc_row-fluid\">\n<div class=\"wpb_column vc_column_container vc_col-sm-12\">\n<div class=\"vc_column-inner\">\n<div class=\"wpb_wrapper\">\n<div class=\"wpb_text_column wpb_content_element \">\n<div class=\"wpb_wrapper\">\n<p><em>By playing our own role, we also had the chance to observe our own behavioural patterns from a new perspective and it was easier for us to step out of these patterns. At the same time, we were able to recognise ourselves more and more in others and understand that everyone is confronted with similar issues. Overall, the film was probably the biggest challenge that we have all mastered together so far. In the process, we have grown incredibly together and each individual has surpassed themselves. Our message with this film is to inspire and invite other people to embark on their own journey, to follow their own hearts, to recognise themselves in others and yet to be whole themselves. How important the soul tribe is &#8211; the togetherness and togetherness on many levels &#8211; is also important.&#8221;<\/em><\/p>\n<\/div>\n<\/div>\n<\/div>\n<\/div>\n<\/div>\n<\/div>\n<p>[\/vc_column_text][vc_empty_space height=&#8221;12px&#8221;][vc_column_text css=&#8221;.vc_custom_1700093555412{margin-bottom: -12px !important;}&#8221;]<\/p>\n<h2>Protagonists<\/h2>\n<p>[\/vc_column_text][vc_empty_space height=&#8221;30px&#8221;][vc_row_inner][vc_column_inner width=&#8221;2\/3&#8243;][vc_empty_space height=&#8221;12px&#8221;][vc_column_text css=&#8221;.vc_custom_1700093609001{margin-bottom: -12px !important;}&#8221;]<\/p>\n<h3>Johanna Heizmann<\/h3>\n<p>[\/vc_column_text][vc_empty_space height=&#8221;30px&#8221;][vc_column_text]<\/p>\n<p style=\"font-weight: 400;\"><strong>Johanna Heizmann<\/strong> grew up as the youngest daughter of a theologian and a nurse with three siblings. As social interaction and being there for each other were important values in her family, she decided to train as an occupational therapist in 2010 and worked in various rehabilitation centres for a total of six years.<\/p>\n<p>[\/vc_column_text][vc_column_text]<\/p>\n<p style=\"font-weight: 400;\">During this time, she also met her partner <strong>Patrick Kammerer<\/strong> and supported him in making a living from his music. As a freelancer, Johanna supported Seom at concerts and together they created seminars on the topics of self-love and personal development. She lives her own creativity through painting and filming. Travelling has also become an important part of her life.<\/p>\n<p>[\/vc_column_text][vc_column_text]She has been mum to a wonderful son since 2020 and is now accompanying him on his journey. In their joint &#8220;At Home&#8221; podcast, Johanna and Seom take time to talk about parenthood, the art of leading a happy life and finding balance again and again.[\/vc_column_text][\/vc_column_inner][vc_column_inner width=&#8221;1\/3&#8243; css=&#8221;.vc_custom_1561290391124{border-right-width: -15px !important;}&#8221;][vc_single_image image=&#8221;99114&#8243; img_size=&#8221;full&#8221;][\/vc_column_inner][\/vc_row_inner][vc_empty_space height=&#8221;12px&#8221;][vc_column_text css=&#8221;.vc_custom_1700094085797{margin-bottom: -12px !important;}&#8221;]<\/p>\n<h3>Patrick SEOM Kammerer<\/h3>\n<p>[\/vc_column_text][vc_empty_space height=&#8221;30px&#8221;][vc_column_text]&#8221;<strong>SEOM<\/strong>&#8221; (real name: <strong>Patrick Kammerer<\/strong>) was born in Germany in 1983 and wrote his first lyrics and original songs at the age of around 14. As the son of a meditation teacher and an alternative practitioner &amp; personal coach, he grew up with spiritual knowledge from an early age. His loving parents showed him ways of meditation and mindfulness exercises at an early age.[\/vc_column_text][vc_row_inner][vc_column_inner width=&#8221;1\/3&#8243; css=&#8221;.vc_custom_1561290391124{border-right-width: -15px !important;}&#8221;][vc_single_image image=&#8221;99118&#8243; img_size=&#8221;full&#8221;][\/vc_column_inner][vc_column_inner width=&#8221;2\/3&#8243;][vc_column_text]<strong>SEOM<\/strong> has been releasing his music under his own label since 2018. By founding his own record label &#8220;<strong>SEOM MUSIC<\/strong>&#8220;, he decided to live his dreams with full freedom on all levels.[\/vc_column_text][vc_column_text]He has released a total of 25 albums and 5 books. Together with his community, he created the successful &#8220;<strong>Pirate Guerilla<\/strong>&#8221; podcast, which reached number 2 in the German <strong>Spotify<\/strong> and <strong>iTunes<\/strong> charts in the <em>&#8220;Spirituality&#8221;<\/em> category in April 2021. The video views on <strong>YouTube<\/strong> are well over 10 million.[\/vc_column_text][vc_column_text]The large network of companions is what makes <strong>SEOM<\/strong>&#8216;s vision so great. Shared livestreams, social media groups, online courses and gigantic events connect this network ever more deeply. Always full of <strong>S<\/strong>-sensitivity, <strong>E<\/strong>-energy, <strong>O<\/strong>-orientation and <strong>M<\/strong>-ut (<em>Mut<\/em> is the German word or <em> Courage<\/em>).[\/vc_column_text][\/vc_column_inner][\/vc_row_inner][vc_empty_space height=&#8221;12px&#8221;][vc_row_inner][vc_column_inner width=&#8221;2\/3&#8243;][vc_column_text css=&#8221;.vc_custom_1700094599364{margin-bottom: -12px !important;}&#8221;]<\/p>\n<h3>Jenny Rainer<\/h3>\n<p>[\/vc_column_text][vc_empty_space height=&#8221;30px&#8221;][vc_column_text]<strong>Jenny Rainer<\/strong> was born in Germany in 1982 and has lived in Austria for 14 years. After training as an occupational therapist, she specialised in working with children and young people. During her first pregnancy, she and her partner Stefan became increasingly interested in the topic of &#8220;free learning&#8221; and visited several independent schools to deepen their knowledge of the subject.[\/vc_column_text][vc_column_text]In 2017, she completed her training as a painting and design therapist. Her second child was born in 2019. During her maternity leave, Jenny was increasingly able to recognise her own inner voice and follow her heart.[\/vc_column_text][vc_column_text]She quit her permanent job, started working creatively again and has been offering workshops for children and teenage girls on the topic of building the heart since 2022. Her daughter Maya now accompanies Jenny in her first years of school at home.[\/vc_column_text][\/vc_column_inner][vc_column_inner width=&#8221;1\/3&#8243; css=&#8221;.vc_custom_1561290391124{border-right-width: -15px !important;}&#8221;][vc_single_image image=&#8221;99124&#8243; img_size=&#8221;full&#8221;][\/vc_column_inner][\/vc_row_inner][vc_empty_space height=&#8221;12px&#8221;][vc_column_text css=&#8221;.vc_custom_1700095110411{margin-bottom: -12px !important;}&#8221;]<\/p>\n<h3>Stefan Rainer<\/h3>\n<p>[\/vc_column_text][vc_empty_space height=&#8221;30px&#8221;][vc_column_text]<strong>Stefan Rainer<\/strong> was born in Austria in 1987. In his youth, he developed a passion for film and movement, which has continued to develop over the years.[\/vc_column_text][vc_row_inner][vc_column_inner width=&#8221;1\/3&#8243; css=&#8221;.vc_custom_1561290391124{border-right-width: -15px !important;}&#8221;][vc_single_image image=&#8221;99128&#8243; img_size=&#8221;full&#8221;][\/vc_column_inner][vc_column_inner width=&#8221;2\/3&#8243;][vc_column_text]He founded his own film production company in 2011 and has since realised countless projects and several cinema films. The film &#8220;<strong>Boundless Life<\/strong>&#8221; won over 10 awards at various international festivals.[\/vc_column_text][vc_column_text]Stefan has been practising martial arts since his childhood and has been involved in various forms of movement such as parkour, freerunning and tricking.[\/vc_column_text][vc_column_text]In 2013, he trained as a Yiquan teaching coach (Yiquan is a Chinese healing and martial art) and finally created his own movement programme, Boundless Movement, in 2020.[\/vc_column_text][vc_column_text]This is a form of natural and conscious movement to strengthen body and mind in equal measure. He has also been offering Boundless Movement Trainer training since 2023.[\/vc_column_text][\/vc_column_inner][\/vc_row_inner][vc_row_inner][vc_column_inner][vc_column_text css=&#8221;.vc_custom_1691009801774{margin-bottom: -15px !important;}&#8221;]<span style=\"font-size: 12pt;\">Filmography<\/span>[\/vc_column_text][vc_empty_space height=&#8221;35px&#8221;][vc_column_text css=&#8221;.vc_custom_1700095322703{margin-top: -15px !important;padding-top: 12px !important;padding-right: 12px !important;padding-bottom: 12px !important;padding-left: 12px !important;background-color: #ffffff !important;border-radius: 5px !important;}&#8221;]<\/p>\n<table style=\"height: 35px; width: 100%; border-collapse: collapse;\">\n<tbody>\n<tr style=\"height: 45px;\">\n<td style=\"width: 18.758003%; height: 10px;\">2012<\/td>\n<td style=\"width: 81.241997%; height: 10px;\">Breath<\/td>\n<\/tr>\n<tr style=\"height: 43px;\">\n<td style=\"width: 18.758003%; height: 15px;\">2020<\/td>\n<td style=\"width: 81.241997%; height: 15px;\">Boundless Life<\/td>\n<\/tr>\n<tr style=\"height: 47px;\">\n<td style=\"width: 18.758003%; height: 10px;\">2023<\/td>\n<td style=\"width: 81.241997%; height: 10px;\">Soultribe &#8211; A Dance to Life<\/td>\n<\/tr>\n<\/tbody>\n<\/table>\n<p>[\/vc_column_text][\/vc_column_inner][\/vc_row_inner][vc_empty_space height=&#8221;12px&#8221;][vc_row_inner][vc_column_inner width=&#8221;2\/3&#8243;][vc_column_text css=&#8221;.vc_custom_1700095443447{margin-bottom: -12px !important;}&#8221;]<\/p>\n<h3>Dunja Burghardt<\/h3>\n<p>[\/vc_column_text][vc_empty_space height=&#8221;30px&#8221;][vc_column_text]<strong>Dunja Burghardt<\/strong> was born in Germany in 1980. After studying business administration, she worked in a public financial institution, gained insights into PR and communications work in industry and founded her own creative agency with her husband <strong>Maik Burghardt<\/strong> in 2007. Her talent lies in taking life as it comes and quickly empathising with people and situations. This path eventually led her to moderation within her own companies, as well as at events in the field of future design and cinema. Her interest in topics such as sustainability, spirituality and a living, breathing economy has remained unbroken ever since.[\/vc_column_text][vc_column_text]In times when events were not possible, the film platform <strong>COSMIC-CINE.TV<\/strong> brought about new ways of creativity, humanity and living together.[\/vc_column_text][\/vc_column_inner][vc_column_inner width=&#8221;1\/3&#8243; css=&#8221;.vc_custom_1561290391124{border-right-width: -15px !important;}&#8221;][vc_single_image image=&#8221;99130&#8243; img_size=&#8221;full&#8221;][\/vc_column_inner][\/vc_row_inner][vc_empty_space height=&#8221;12px&#8221;][vc_column_text css=&#8221;.vc_custom_1700095842200{margin-bottom: -12px !important;}&#8221;]<\/p>\n<h3>Maik Burghardt<\/h3>\n<p>[\/vc_column_text][vc_empty_space height=&#8221;30px&#8221;][vc_column_text]Using the power of films to strengthen the self, make stories more tangible and take the viewer on a journey is the aim of <strong>COSMIC-CINE.TV<\/strong> &#8211; a young streaming platform co-founded by <strong>Maik Burghardt<\/strong>.[\/vc_column_text][vc_row_inner][vc_column_inner width=&#8221;1\/3&#8243; css=&#8221;.vc_custom_1561290391124{border-right-width: -15px !important;}&#8221;][vc_single_image image=&#8221;99134&#8243; img_size=&#8221;full&#8221;][\/vc_column_inner][vc_column_inner width=&#8221;2\/3&#8243;][vc_column_text]Born in Germany in 1980, after studying business administration he first worked in a public financial institution and then in an advertising agency before founding his own creative agency in 2007. From customer service to graphics, photography and moving images, his heart beats for beauty in detail.[\/vc_column_text][vc_column_text]Close to nature, even the smallest creature is allowed to become visible. In 2015, he founded the film production company treibholzfilm. He has been fascinated by the creative art in films as well as the great cinema film since his childhood &#8211; technology and digital ways as well. From 2011 to 2020, he organised the <strong>Cosmic Cine Film Festival<\/strong> in co-creation with cinema, filmmakers and artists. Maik Burghardt has arrived at <strong>COSMIC-CINE.TV<\/strong>.[\/vc_column_text][vc_column_text]There is room to pass on the message in spiritual films, to actively help shape conscious media consumption and to develop one&#8217;s own skills together as a team.[\/vc_column_text][\/vc_column_inner][\/vc_row_inner][\/vc_column][\/vc_row][vc_row][vc_column][vc_empty_space height=&#8221;12px&#8221;][vc_column_text css=&#8221;.vc_custom_1700101183832{margin-bottom: -12px !important;}&#8221;]<\/p>\n<h2>Excerpt from the interview<\/h2>\n<p>[\/vc_column_text][vc_empty_space height=&#8221;10px&#8221;][vc_column_text css=&#8221;.vc_custom_1700101262221{margin-bottom: -12px !important;}&#8221;]<span style=\"font-size: 12pt;\">with director Stefan Rainer &amp; moderator Alexander Ku\u0308hn<\/span>[\/vc_column_text][vc_empty_space height=&#8221;33px&#8221;][vc_column_text]<strong>Alexander K\u00fchn<\/strong>: <em>&#8220;(&#8230;) The film could serve as a blueprint for other families who are struggling with similar problems. Have you already received any feedback from viewers?&#8221;<\/em><\/p>\n<p><strong>Stefan Rainer:<\/strong> <em>&#8220;(&#8230;) We presented the trailer a few times and the response was positive. We&#8217;ve also received a lot of feedback that many people can identify with it. That was very touching. And that was also our intention, to really show the scenes from everyday life as they are and not to embellish them, but to really portray life. Our aim was to encourage people. (&#8230;) It&#8217;s not important that everything just goes by itself at some point, but to really face these challenges, because that&#8217;s how you grow.&#8221;<\/em>[\/vc_column_text][vc_column_text]<strong>Alexander K\u00fchn:<\/strong> <em>&#8220;The film portrays a kind of transformation that has already begun in society and for many people. (&#8230;) From the old structures to the new structures. That you do more of the things professionally that you like and that you love. (&#8230;) Have you already achieved that for yourself or are you still in the process yourself?&#8221;<\/em><\/p>\n<p><strong>Stefan Rainer:<\/strong> <em>&#8220;I think it&#8217;s a lifelong process and lifelong learning. (&#8230;) One topic is: how can I realise my vocation for myself without being in a classic employee context? (&#8230;) The film shows our path, how we have managed to follow our vision so far.&#8221;<\/em>[\/vc_column_text][\/vc_column][\/vc_row][vc_row][vc_column][vc_single_image image=&#8221;99144&#8243; img_size=&#8221;full&#8221; onclick=&#8221;link_image&#8221;][vc_column_text]<strong>Alexander K\u00fchn:<\/strong> <em>&#8220;(&#8230;) These setbacks that appear in the film, did they really happen to you?&#8221;<\/em><\/p>\n<p><strong>Stefan Rainer:<\/strong> <em>&#8220;The film is more or less a factual report. (&#8230;) Everything you see in the film really happened. It really is the story of our lives.&#8221;<\/em>[\/vc_column_text][\/vc_column][\/vc_row][vc_row][vc_column width=&#8221;2\/3&#8243;][vc_column_text]<strong>Alexander K\u00fchn:<\/strong> <em>&#8220;How did you come to become a filmmaker in the first place?&#8221;<\/em><\/p>\n<p><strong>Stefan Rainer:<\/strong> <em>&#8220;For me, it&#8217;s also a way of new times. I&#8217;ve always enjoyed making films, even when I was young. (&#8230;) That&#8217;s how I was able to gain my first experience. (&#8230;) Together with a friend, I came up with little stories and filmed them myself. That grew over time. When I was 18, we started filming the outdoor activities that you can do here in Austria: Paragliding, skiing, mountain biking, mountaineering, climbing. This resulted in the first film. The film was well received at the screening and then the first customers came, tourism associations, smaller companies, and asked if I could also make promotional films\/image clips for them. (&#8230;)<\/em>[\/vc_column_text][\/vc_column][vc_column width=&#8221;1\/3&#8243;][vc_single_image image=&#8221;99141&#8243; img_size=&#8221;full&#8221; onclick=&#8221;link_image&#8221;][\/vc_column][\/vc_row][vc_row][vc_column][vc_column_text]<em>It was never actually planned to have a film production. (&#8230;) I had a lot of fun and that&#8217;s how the job came about. I never trained in this field (&#8230;) and my customers don&#8217;t care, they want to see a good end product. I think in the future it will be less and less important what training and certificates we have, but rather what we can do and contribute and how we can serve humanity. (&#8230;) Anything you enjoy doing, you get good at it over time and then success comes naturally.&#8221;<\/em>[\/vc_column_text][vc_column_text]<strong>Alexander K\u00fchn:<\/strong> <em>&#8220;How did your second project, the movement concept &#8216;boundless movement&#8217;, come about?&#8221;<\/em><\/p>\n<p><strong>Stefan Rainer:<\/strong> <em>&#8220;Sport has always been very important to me. Movement is so much more than just sport. (&#8230;) Movement is part of life. (&#8230;) You can lead a healthy life without sport, but not without movement. It is crucial for me that we bring movement back into life. (&#8230;) The urge to move is inherent in all of us. At some point in school, we lose this urge to move because we are forced to sit still for long periods of time. (&#8230;) We hardly move any more. (&#8230;) The fitness industry presents us with certain idealised images. This no longer has anything to do with the original joy of movement. But it&#8217;s about discovering the joy of movement and incorporating the mental and emotional aspects holistically. (&#8230;).&#8221;<\/em>[\/vc_column_text][vc_row_inner][vc_column_inner width=&#8221;1\/2&#8243;][vc_single_image image=&#8221;99147&#8243; img_size=&#8221;full&#8221; onclick=&#8221;link_image&#8221;][\/vc_column_inner][vc_column_inner width=&#8221;1\/2&#8243; css=&#8221;.vc_custom_1561290391124{border-right-width: -15px !important;}&#8221;][vc_single_image image=&#8221;99151&#8243; img_size=&#8221;full&#8221; onclick=&#8221;link_image&#8221;][\/vc_column_inner][\/vc_row_inner][\/vc_column][\/vc_row][vc_row][vc_column][vc_column_text]<strong>Alexander K\u00fchn:<\/strong> <em>&#8220;You live in a very idyllic location in the mountains near a forest, does that do something to you when you live in nature?&#8221;<\/em><\/p>\n<p><strong>Stefan Rainer:<\/strong> <em>&#8220;Definitely. I believe that we humans don&#8217;t just need nature, we are part of nature. And if we lose our connection to nature, we also lose our connection to ourselves. (&#8230;) A few hours of peace and quiet in seclusion simply does a lot for people when they can reconnect with themselves and regain their balance. (&#8230;) Children need movement and space so that they can develop. If we only ever move in an artificial environment, we lose some of our natural movement skills. (&#8230;) The good news is that our bodies can adapt throughout our lives and mobility can be restored. (&#8230;) Exercise, like our diet, must be varied.&#8221;<\/em>[\/vc_column_text][vc_column_text]The full-length interview is available in German at <a title=\"\" href=\"https:\/\/www.cosmic-cine.tv\" target=\"_blank\" rel=\"noopener\">www.cosmic-cine.tv<\/a>[\/vc_column_text][vc_row_inner][vc_column_inner][vc_single_image image=&#8221;98993&#8243; img_size=&#8221;full&#8221; onclick=&#8221;link_image&#8221;][vc_column_text css=&#8221;.vc_custom_1700100607428{padding: 10px !important;background-color: #efefef !important;border: 2px solid #67a49c !important;border-radius: 5px !important;}&#8221;]<\/p>\n<p style=\"text-align: center;\"><div class=\"gap\" style=\"line-height: 10px; height: 10px;\"><\/div>\n<p style=\"text-align: center;\">The film can be seen in a lot of cinemas, <strong>See you &#8211; at the cinema<\/strong>.<\/p>\n<p style=\"text-align: center;\"><div class=\"gap\" style=\"line-height: 10px; height: 10px;\"><\/div>\n<p>[\/vc_column_text][vc_single_image image=&#8221;99153&#8243; img_size=&#8221;full&#8221; alignment=&#8221;center&#8221;][\/vc_column_inner][\/vc_row_inner][\/vc_column][\/vc_row][vc_row][vc_column][vc_row_inner][vc_column_inner width=&#8221;1\/2&#8243;][vc_video link=&#8221;https:\/\/youtu.be\/_-Dponfr-7c?si=BKZgk7jg5ZoU2xNc&#8221; title=&#8221;Soultribe &#8211; Dance of Life| Trailer (German)\u1d34\u1d30&#8221;][\/vc_column_inner][vc_column_inner width=&#8221;1\/2&#8243;][vc_video link=&#8221;https:\/\/youtu.be\/gLpYEoBdj1o?si=0Vp5mF5x4g0i_och&#8221; title=&#8221;Soultribe &#8211; An unforgettable evening at the premiere in Munich&#8221;][\/vc_column_inner][\/vc_row_inner][vc_separator el_id=&#8221;trailer-deutsch&#8221;][vc_empty_space height=&#8221;10px&#8221;][vc_column_text]<span style=\"font-size: 18pt;\">Comments on the film<\/span><\/p>\n<p><em>&#8220;This film invites people to rediscover their own vitality.&#8221;<\/em> (<strong>Gerald H\u00fcther neurobiologist &amp; author \/ Academy for Potential Development<\/strong>)<\/p>\n<p><em>&#8220;This film encourages people to start their own life adventure.&#8221;<\/em> (<strong>Catharina Roland Director &amp; Earthkeeper \/ Living Earth<\/strong>)<\/p>\n<p><em>&#8220;A beautiful, very touching film.&#8221;<\/em> (<strong>Thomas Schmelzer presenter &amp; media companion \/ Mystica.TV<\/strong>)<\/p>\n<p><em>&#8220;A new kind of film, without any violence.&#8221;<\/em> (<strong>Caroline Wendt Head of Acquisitions &amp; Sales \/ polyband Medien GmbH &#8211; Mind &amp; Spirit<\/strong>)<br \/>\n[\/vc_column_text][\/vc_column][\/vc_row][vc_row][vc_column][vc_separator css=&#8221;.vc_custom_1560377795279{margin-top: 15px !important;}&#8221;][vc_empty_space height=&#8221;5px&#8221;][\/vc_column][\/vc_row][vc_row][vc_column][vc_column_text]<\/p>\n<h2><span style=\"font-family: arial, helvetica, sans-serif;\">News<\/span><\/h2>\n<p>[\/vc_column_text]<style type=\"text\/css\" data-type=\"the7_shortcodes-inline-css\">.blog-shortcode.blog-masonry-shortcode-id-c87318a5f07edc8b356b78fdf9be93a0.dividers-on.classic-layout-list article {\n  padding-top: 0;\n}\n.blog-shortcode.blog-masonry-shortcode-id-c87318a5f07edc8b356b78fdf9be93a0.dividers-on.classic-layout-list article:first-of-type {\n  margin-top: 0;\n  padding-top: 0;\n}\n.blog-shortcode.blog-masonry-shortcode-id-c87318a5f07edc8b356b78fdf9be93a0.classic-layout-list.mode-list .post-entry-content {\n  width: calc(100% - );\n}\n.blog-shortcode.blog-masonry-shortcode-id-c87318a5f07edc8b356b78fdf9be93a0.classic-layout-list.mode-list .no-img .post-entry-content {\n  width: 100%;\n}\n.blog-shortcode.blog-masonry-shortcode-id-c87318a5f07edc8b356b78fdf9be93a0 .filter-bg-decoration .filter-categories a.act {\n  color: #fff;\n}\n.blog-shortcode.blog-masonry-shortcode-id-c87318a5f07edc8b356b78fdf9be93a0:not(.mode-masonry) article:first-of-type,\n.blog-shortcode.blog-masonry-shortcode-id-c87318a5f07edc8b356b78fdf9be93a0:not(.mode-masonry) article.visible.first:not(.product) {\n  margin-top: 0;\n}\n.blog-shortcode.blog-masonry-shortcode-id-c87318a5f07edc8b356b78fdf9be93a0.dividers-on:not(.mode-masonry) article {\n  margin-top: 0;\n}\n.blog-shortcode.blog-masonry-shortcode-id-c87318a5f07edc8b356b78fdf9be93a0.dividers-on:not(.mode-masonry) article:first-of-type,\n.blog-shortcode.blog-masonry-shortcode-id-c87318a5f07edc8b356b78fdf9be93a0.dividers-on:not(.mode-masonry) article.visible.first:not(.product) {\n  margin-top: 0;\n  padding-top: 0;\n}\n.blog-shortcode.blog-masonry-shortcode-id-c87318a5f07edc8b356b78fdf9be93a0 .post-thumbnail-wrap {\n  padding: 0px 0px 0px 0px;\n}\n.blog-shortcode.blog-masonry-shortcode-id-c87318a5f07edc8b356b78fdf9be93a0.enable-bg-rollover .post-thumbnail-rollover:after {\n  background: -webkit-linear-gradient();\n  background: linear-gradient();\n}\n.blog-shortcode.blog-masonry-shortcode-id-c87318a5f07edc8b356b78fdf9be93a0 .gallery-zoom-ico {\n  width: 44px;\n  height: 44px;\n  line-height: 44px;\n  border-radius: 100px;\n  margin: -22px 0 0 -22px;\n  border-width: 0px;\n  color: #ffffff;\n}\n.bottom-overlap-layout-list.blog-shortcode.blog-masonry-shortcode-id-c87318a5f07edc8b356b78fdf9be93a0 .gallery-zoom-ico {\n  margin-top: -72px;\n}\n.gradient-overlay-layout-list.blog-shortcode.blog-masonry-shortcode-id-c87318a5f07edc8b356b78fdf9be93a0 .gallery-zoom-ico,\n.content-rollover-layout-list.blog-shortcode.blog-masonry-shortcode-id-c87318a5f07edc8b356b78fdf9be93a0 .gallery-zoom-ico {\n  margin: 0 0 10px;\n}\n.content-align-center.gradient-overlay-layout-list.blog-shortcode.blog-masonry-shortcode-id-c87318a5f07edc8b356b78fdf9be93a0 .gallery-zoom-ico,\n.content-align-center.content-rollover-layout-list.blog-shortcode.blog-masonry-shortcode-id-c87318a5f07edc8b356b78fdf9be93a0 .gallery-zoom-ico {\n  margin: 0 auto 10px;\n}\n.dt-icon-bg-on.blog-shortcode.blog-masonry-shortcode-id-c87318a5f07edc8b356b78fdf9be93a0 .gallery-zoom-ico {\n  background: rgba(255,255,255,0.3);\n  box-shadow: none;\n}\n.blog-shortcode.blog-masonry-shortcode-id-c87318a5f07edc8b356b78fdf9be93a0 .gallery-zoom-ico > span,\n.blog-shortcode.blog-masonry-shortcode-id-c87318a5f07edc8b356b78fdf9be93a0 .gallery-zoom-ico:before {\n  font-size: 32px;\n  line-height: 44px;\n}\n.blog-shortcode.blog-masonry-shortcode-id-c87318a5f07edc8b356b78fdf9be93a0 .gallery-zoom-ico > span,\n.blog-shortcode.blog-masonry-shortcode-id-c87318a5f07edc8b356b78fdf9be93a0 .gallery-zoom-ico:before {\n  color: #ffffff;\n}\n.blog-shortcode.blog-masonry-shortcode-id-c87318a5f07edc8b356b78fdf9be93a0 .entry-title,\n.blog-shortcode.blog-masonry-shortcode-id-c87318a5f07edc8b356b78fdf9be93a0.owl-carousel .entry-title {\n  margin-bottom: 5px;\n  font-weight: bold;\n}\n.blog-shortcode.blog-masonry-shortcode-id-c87318a5f07edc8b356b78fdf9be93a0 .entry-meta {\n  margin-bottom: 15px;\n}\n.blog-shortcode.blog-masonry-shortcode-id-c87318a5f07edc8b356b78fdf9be93a0 .portfolio-categories {\n  margin-bottom: 15px;\n}\n.blog-shortcode.blog-masonry-shortcode-id-c87318a5f07edc8b356b78fdf9be93a0 .entry-excerpt {\n  margin-bottom: 5px;\n}\n.blog-shortcode.blog-masonry-shortcode-id-c87318a5f07edc8b356b78fdf9be93a0:not(.centered-layout-list) .post-entry-content {\n  padding: 25px 30px 30px 30px;\n}\n.blog-shortcode.blog-masonry-shortcode-id-c87318a5f07edc8b356b78fdf9be93a0:not(.centered-layout-list):not(.content-bg-on):not(.mode-list) .no-img .post-entry-content {\n  padding: 0;\n}\n@media screen and (max-width: ) {\n  .blog-shortcode.blog-masonry-shortcode-id-c87318a5f07edc8b356b78fdf9be93a0 article {\n    -ms-flex-flow: column nowrap;\n    flex-flow: column nowrap;\n    margin-top: 20px;\n  }\n  .blog-shortcode.blog-masonry-shortcode-id-c87318a5f07edc8b356b78fdf9be93a0.dividers-on article {\n    border: none;\n  }\n  .blog-shortcode.blog-masonry-shortcode-id-c87318a5f07edc8b356b78fdf9be93a0.content-bg-on.centered-layout-list article {\n    padding: 0;\n  }\n  .blog-shortcode.blog-masonry-shortcode-id-c87318a5f07edc8b356b78fdf9be93a0.blog-shortcode.dividers-on article,\n  .blog-shortcode.blog-masonry-shortcode-id-c87318a5f07edc8b356b78fdf9be93a0.dividers-on.classic-layout-list article {\n    margin-top: 20px;\n    padding: 0;\n  }\n  .blog-shortcode.blog-masonry-shortcode-id-c87318a5f07edc8b356b78fdf9be93a0.blog-shortcode.dividers-on article:first-of-type,\n  .blog-shortcode.blog-masonry-shortcode-id-c87318a5f07edc8b356b78fdf9be93a0.dividers-on.classic-layout-list article:first-of-type {\n    padding: 0;\n  }\n  #page .blog-shortcode.blog-masonry-shortcode-id-c87318a5f07edc8b356b78fdf9be93a0 .post-thumbnail-wrap,\n  #page .blog-shortcode.blog-masonry-shortcode-id-c87318a5f07edc8b356b78fdf9be93a0 .post-entry-content {\n    width: 100%;\n    margin: 0;\n    top: 0;\n  }\n  #page .blog-shortcode.blog-masonry-shortcode-id-c87318a5f07edc8b356b78fdf9be93a0 .post-thumbnail-wrap {\n    padding: 0;\n  }\n  #page .blog-shortcode.blog-masonry-shortcode-id-c87318a5f07edc8b356b78fdf9be93a0 .post-entry-content:after {\n    display: none;\n  }\n  #page .blog-shortcode.blog-masonry-shortcode-id-c87318a5f07edc8b356b78fdf9be93a0 .project-even .post-thumbnail-wrap,\n  #page .blog-shortcode.blog-masonry-shortcode-id-c87318a5f07edc8b356b78fdf9be93a0.centered-layout-list .post-thumbnail-wrap {\n    -ms-flex-order: 0;\n    order: 0;\n  }\n  #page .blog-shortcode.blog-masonry-shortcode-id-c87318a5f07edc8b356b78fdf9be93a0.centered-layout-list .post-entry-title-content {\n    -ms-flex-order: 1;\n    order: 1;\n    width: 100%;\n    padding: 20px 20px 0;\n  }\n  #page .blog-shortcode.blog-masonry-shortcode-id-c87318a5f07edc8b356b78fdf9be93a0.centered-layout-list .post-entry-content {\n    -ms-flex-order: 2;\n    order: 2;\n    padding-top: 0;\n  }\n  #page .blog-shortcode.blog-masonry-shortcode-id-c87318a5f07edc8b356b78fdf9be93a0 .fancy-categories {\n    top: 10px;\n    left: 10px;\n    bottom: auto;\n    right: auto;\n  }\n  #page .blog-shortcode.blog-masonry-shortcode-id-c87318a5f07edc8b356b78fdf9be93a0 .fancy-date a {\n    top: 10px;\n    right: 10px;\n    left: auto;\n    bottom: auto;\n  }\n  #page .blog-shortcode.blog-masonry-shortcode-id-c87318a5f07edc8b356b78fdf9be93a0 .post-entry-content {\n    padding: 20px;\n  }\n  #page .blog-shortcode.blog-masonry-shortcode-id-c87318a5f07edc8b356b78fdf9be93a0 .entry-title {\n    margin: 3px 0 5px;\n    font-size: 20px;\n    line-height: 26px;\n  }\n  #page .blog-shortcode.blog-masonry-shortcode-id-c87318a5f07edc8b356b78fdf9be93a0 .entry-meta {\n    margin: 5px 0 5px;\n  }\n  #page .blog-shortcode.blog-masonry-shortcode-id-c87318a5f07edc8b356b78fdf9be93a0 .entry-excerpt {\n    margin: 15px 0 0;\n  }\n  #page .blog-shortcode.blog-masonry-shortcode-id-c87318a5f07edc8b356b78fdf9be93a0 .post-details {\n    margin: 5px 0 10px;\n  }\n  #page .blog-shortcode.blog-masonry-shortcode-id-c87318a5f07edc8b356b78fdf9be93a0 .post-details.details-type-link {\n    margin-bottom: 2px;\n  }\n}\n.blog-shortcode.blog-masonry-shortcode-id-c87318a5f07edc8b356b78fdf9be93a0:not(.resize-by-browser-width) .dt-css-grid {\n  grid-row-gap: 30px;\n  grid-column-gap: 30px;\n  grid-template-columns: repeat(auto-fill,minmax(,1fr));\n}\n.blog-shortcode.blog-masonry-shortcode-id-c87318a5f07edc8b356b78fdf9be93a0:not(.resize-by-browser-width) .dt-css-grid .double-width {\n  grid-column: span 2;\n}\n.cssgridlegacy.no-cssgrid .blog-shortcode.blog-masonry-shortcode-id-c87318a5f07edc8b356b78fdf9be93a0:not(.resize-by-browser-width) .dt-css-grid,\n.no-cssgridlegacy.no-cssgrid .blog-shortcode.blog-masonry-shortcode-id-c87318a5f07edc8b356b78fdf9be93a0:not(.resize-by-browser-width) .dt-css-grid {\n  display: flex;\n  flex-flow: row wrap;\n  margin: -15px;\n}\n.cssgridlegacy.no-cssgrid .blog-shortcode.blog-masonry-shortcode-id-c87318a5f07edc8b356b78fdf9be93a0:not(.resize-by-browser-width) .dt-css-grid .wf-cell,\n.no-cssgridlegacy.no-cssgrid .blog-shortcode.blog-masonry-shortcode-id-c87318a5f07edc8b356b78fdf9be93a0:not(.resize-by-browser-width) .dt-css-grid .wf-cell {\n  flex: 1 0 ;\n  max-width: 100%;\n  padding: 15px;\n  box-sizing: border-box;\n}\n.blog-shortcode.blog-masonry-shortcode-id-c87318a5f07edc8b356b78fdf9be93a0.resize-by-browser-width .dt-css-grid {\n  grid-template-columns: repeat(2,1fr);\n  grid-template-rows: auto;\n  grid-column-gap: 30px;\n  grid-row-gap: 30px;\n}\n.blog-shortcode.blog-masonry-shortcode-id-c87318a5f07edc8b356b78fdf9be93a0.resize-by-browser-width .dt-css-grid .double-width {\n  grid-column: span 2;\n}\n.cssgridlegacy.no-cssgrid .blog-shortcode.blog-masonry-shortcode-id-c87318a5f07edc8b356b78fdf9be93a0.resize-by-browser-width .dt-css-grid {\n  margin: -15px;\n}\n.cssgridlegacy.no-cssgrid .blog-shortcode.blog-masonry-shortcode-id-c87318a5f07edc8b356b78fdf9be93a0.resize-by-browser-width .dt-css-grid .wf-cell {\n  width: 50%;\n  padding: 15px;\n}\n.cssgridlegacy.no-cssgrid .blog-shortcode.blog-masonry-shortcode-id-c87318a5f07edc8b356b78fdf9be93a0.resize-by-browser-width .dt-css-grid .wf-cell.double-width {\n  width: calc(50%) * 2;\n}\n.blog-shortcode.blog-masonry-shortcode-id-c87318a5f07edc8b356b78fdf9be93a0.resize-by-browser-width:not(.centered-layout-list):not(.content-bg-on) .dt-css-grid {\n  grid-row-gap: 0px;\n}\n@media screen and (max-width: 1199px) {\n  .blog-shortcode.blog-masonry-shortcode-id-c87318a5f07edc8b356b78fdf9be93a0.resize-by-browser-width .dt-css-grid {\n    grid-template-columns: repeat(2,1fr);\n  }\n  .cssgridlegacy.no-cssgrid .blog-shortcode.blog-masonry-shortcode-id-c87318a5f07edc8b356b78fdf9be93a0.resize-by-browser-width .dt-css-grid .wf-cell,\n  .no-cssgridlegacy.no-cssgrid .blog-shortcode.blog-masonry-shortcode-id-c87318a5f07edc8b356b78fdf9be93a0.resize-by-browser-width .dt-css-grid .wf-cell {\n    width: 50%;\n  }\n  .cssgridlegacy.no-cssgrid .blog-shortcode.blog-masonry-shortcode-id-c87318a5f07edc8b356b78fdf9be93a0.resize-by-browser-width .dt-css-grid .wf-cell.double-width,\n  .no-cssgridlegacy.no-cssgrid .blog-shortcode.blog-masonry-shortcode-id-c87318a5f07edc8b356b78fdf9be93a0.resize-by-browser-width .dt-css-grid .wf-cell.double-width {\n    width: calc(50%)*2;\n  }\n}\n@media screen and (max-width: 991px) {\n  .blog-shortcode.blog-masonry-shortcode-id-c87318a5f07edc8b356b78fdf9be93a0.resize-by-browser-width .dt-css-grid {\n    grid-template-columns: repeat(1,1fr);\n  }\n  .cssgridlegacy.no-cssgrid .blog-shortcode.blog-masonry-shortcode-id-c87318a5f07edc8b356b78fdf9be93a0.resize-by-browser-width .dt-css-grid .wf-cell,\n  .no-cssgridlegacy.no-cssgrid .blog-shortcode.blog-masonry-shortcode-id-c87318a5f07edc8b356b78fdf9be93a0.resize-by-browser-width .dt-css-grid .wf-cell {\n    width: 100%;\n  }\n  .cssgridlegacy.no-cssgrid .blog-shortcode.blog-masonry-shortcode-id-c87318a5f07edc8b356b78fdf9be93a0.resize-by-browser-width .dt-css-grid .wf-cell.double-width,\n  .no-cssgridlegacy.no-cssgrid .blog-shortcode.blog-masonry-shortcode-id-c87318a5f07edc8b356b78fdf9be93a0.resize-by-browser-width .dt-css-grid .wf-cell.double-width {\n    width: calc(100%)*2;\n  }\n}\n@media screen and (max-width: 767px) {\n  .blog-shortcode.blog-masonry-shortcode-id-c87318a5f07edc8b356b78fdf9be93a0.resize-by-browser-width .dt-css-grid {\n    grid-template-columns: repeat(1,1fr);\n  }\n  .blog-shortcode.blog-masonry-shortcode-id-c87318a5f07edc8b356b78fdf9be93a0.resize-by-browser-width .dt-css-grid .double-width {\n    grid-column: span 1;\n  }\n  .cssgridlegacy.no-cssgrid .blog-shortcode.blog-masonry-shortcode-id-c87318a5f07edc8b356b78fdf9be93a0.resize-by-browser-width .dt-css-grid .wf-cell,\n  .no-cssgridlegacy.no-cssgrid .blog-shortcode.blog-masonry-shortcode-id-c87318a5f07edc8b356b78fdf9be93a0.resize-by-browser-width .dt-css-grid .wf-cell {\n    width: 100%;\n  }\n  .cssgridlegacy.no-cssgrid .blog-shortcode.blog-masonry-shortcode-id-c87318a5f07edc8b356b78fdf9be93a0.resize-by-browser-width .dt-css-grid .wf-cell.double-width,\n  .no-cssgridlegacy.no-cssgrid .blog-shortcode.blog-masonry-shortcode-id-c87318a5f07edc8b356b78fdf9be93a0.resize-by-browser-width .dt-css-grid .wf-cell.double-width {\n    width: calc(100%)*2;\n  }\n}<\/style><div class=\"blog-shortcode blog-masonry-shortcode-id-c87318a5f07edc8b356b78fdf9be93a0 mode-grid classic-layout-list content-bg-on jquery-filter scale-img dt-css-grid-wrap dt-icon-bg-off resize-by-browser-width loading-effect-none description-under-image \" data-padding=\"15px\" data-cur-page=\"1\" data-post-limit=\"-1\" data-pagination-mode=\"none\" data-desktop-columns-num=\"2\" data-v-tablet-columns-num=\"1\" data-h-tablet-columns-num=\"2\" data-phone-columns-num=\"1\" data-width=\"0px\" data-columns=\"0\"><div class=\"dt-css-grid\" ><div class=\"visible wf-cell\" data-post-id=\"98763\" data-date=\"2023-11-06T00:33:36+00:00\" data-name=\"\ud83c\udfac Successful premiere of the film &quot;Soultribe - A Dance of Life&quot; by Stefan Rainer in Munich\"><article class=\"post project-odd visible post-98763 type-post status-publish format-standard has-post-thumbnail hentry category-artkeim-en category-cinema category-film-en category-movie-distribution category-news-en category-world-sales tag-artkeim-en tag-cosmic-cine-tv-2 tag-ein-tanz-des-lebens-2 tag-gloria-filmpalast-2 tag-kino-en tag-mathaser tag-mathaser-filmpalast tag-muenchen-en tag-soultribe-2 tag-stefan-rainer-2 category-570 category-1011 category-942 category-4630 category-941 category-7530\" data-name=\"\ud83c\udfac Successful premiere of the film &#8220;Soultribe &#8211; A Dance of Life&#8221; by Stefan Rainer in Munich\" data-date=\"2023-11-06T00:33:36+00:00\">\n\n<div class=\"post-thumbnail-wrap\">\n\t<div class=\"post-thumbnail\">\n\t\t\n\t\t\n\t\t<a href=\"https:\/\/ucm.one\/en\/successful-premiere-of-the-film-soultribe-a-dance-of-life-by-stefan-rainer-in-munich\/\" class=\"post-thumbnail-rollover layzr-bg layzr-bg\" ><img decoding=\"async\" class=\"iso-lazy-load preload-me iso-lazy-load aspect\" src=\"data:image\/svg+xml,%3Csvg%20xmlns%3D&#39;http%3A%2F%2Fwww.w3.org%2F2000%2Fsvg&#39;%20viewBox%3D&#39;0%200%20990%20309&#39;%2F%3E\" data-src=\"https:\/\/ucm.one\/wp-content\/uploads\/2023\/11\/B-Soultribe-Premiere-990x309.jpg\" data-srcset=\"https:\/\/ucm.one\/wp-content\/uploads\/2023\/11\/B-Soultribe-Premiere-990x309.jpg 990w, https:\/\/ucm.one\/wp-content\/uploads\/2023\/11\/B-Soultribe-Premiere-1485x464.jpg 1485w\" loading=\"eager\" style=\"--ratio: 990 \/ 309\" sizes=\"(max-width: 990px) 100vw, 990px\" alt=\"\" title=\"B Soultribe Premiere\" width=\"990\" height=\"309\"  \/><\/a>\t<\/div>\n<\/div>\n\n\n<div class=\"post-entry-content\">\n\n\t<h3 class=\"entry-title\">\n\t\t<a href=\"https:\/\/ucm.one\/en\/successful-premiere-of-the-film-soultribe-a-dance-of-life-by-stefan-rainer-in-munich\/\" title=\"\ud83c\udfac Successful premiere of the film &#8220;Soultribe &#8211; A Dance of Life&#8221; by Stefan Rainer in Munich\" rel=\"bookmark\">\ud83c\udfac Successful premiere of the film &#8220;Soultribe &#8211; A Dance of Life&#8221; by Stefan Rainer in Munich<\/a>\n\t<\/h3>\n\n\t<div class=\"entry-meta\"><span class=\"category-link\"><a href=\"https:\/\/ucm.one\/en\/category\/news-en\/film-en\/artkeim-en\/\" >Artkeim\u00b2<\/a>, <a href=\"https:\/\/ucm.one\/en\/category\/news-en\/cinema\/\" >Cinema<\/a>, <a href=\"https:\/\/ucm.one\/en\/category\/news-en\/film-en\/\" >Film<\/a>, <a href=\"https:\/\/ucm.one\/en\/category\/news-en\/movie-distribution\/\" >Movie Distribution<\/a>, <a href=\"https:\/\/ucm.one\/en\/category\/news-en\/\" >News<\/a>, <a href=\"https:\/\/ucm.one\/en\/category\/news-en\/movie-distribution\/world-sales\/\" >World Sales<\/a><\/span><a class=\"author vcard\" href=\"\" title=\"View all posts by Joachim Keil\" rel=\"author\">By <span class=\"fn\">Joachim Keil<\/span><\/a><a href=\"https:\/\/ucm.one\/en\/2023\/11\/06\/\" title=\"00:33\" class=\"data-link\" rel=\"bookmark\"><time class=\"entry-date updated\" datetime=\"2023-11-06T00:33:36+00:00\">6. November 2023<\/time><\/a><\/div>\n\t<div class=\"entry-excerpt\"><p>[vc_row][vc_column][vc_column_text] The moving cinema premiere of &#8220;Soultribe &#8211; A Dance of Life&#8221; by director and producer Stefan Rainer on 5 November at the Math\u00e4ser Filmpalast and Gloria Palast in Munich inspired and touched the audience in the sold-out cinema auditorium and ended with standing ovations for the protagonists present and at the same time the&hellip;<\/p>\n<\/div>\n\t\n<a href=\"https:\/\/ucm.one\/en\/successful-premiere-of-the-film-soultribe-a-dance-of-life-by-stefan-rainer-in-munich\/\" class=\"post-details details-type-link\" aria-label=\"Read more about \ud83c\udfac Successful premiere of the film &#8220;Soultribe &#8211; A Dance of Life&#8221; by Stefan Rainer in Munich\">More<i class=\"dt-icon-the7-arrow-03\" aria-hidden=\"true\"><\/i><\/a>\n\n<\/div><\/article><\/div><div class=\"visible wf-cell\" data-post-id=\"98269\" data-date=\"2023-11-02T00:01:39+00:00\" data-name=\"\ud83c\udfac Theatrical release of &quot;Soultribe&quot;. Premiere at Munich&#039;s Math\u00e4ser and Glorias Filmpalast\"><article class=\"post project-odd visible post-98269 type-post status-publish format-standard has-post-thumbnail hentry category-artkeim-en category-cinema category-film-en category-movie-distribution category-news-en category-world-sales tag-artkeim-en tag-cosmic-cine-tv-2 tag-ein-tanz-des-lebens-2 tag-gloria-filmpalast-2 tag-kino-en tag-mathaser tag-mathaser-filmpalast tag-muenchen-en tag-soultribe-2 tag-stefan-rainer-2 category-570 category-1011 category-942 category-4630 category-941 category-7530\" data-name=\"\ud83c\udfac Theatrical release of &#8220;Soultribe&#8221;. Premiere at Munich&#8217;s Math\u00e4ser and Glorias Filmpalast\" data-date=\"2023-11-02T00:01:39+00:00\">\n\n<div class=\"post-thumbnail-wrap\">\n\t<div class=\"post-thumbnail\">\n\t\t\n\t\t\n\t\t<a href=\"https:\/\/ucm.one\/en\/theatrical-release-of-soultribe-premiere-at-munichs-mathaeser-and-glorias-filmpalast\/\" class=\"post-thumbnail-rollover layzr-bg layzr-bg\" ><img decoding=\"async\" class=\"iso-lazy-load preload-me iso-lazy-load aspect\" src=\"data:image\/svg+xml,%3Csvg%20xmlns%3D&#39;http%3A%2F%2Fwww.w3.org%2F2000%2Fsvg&#39;%20viewBox%3D&#39;0%200%20990%20309&#39;%2F%3E\" data-src=\"https:\/\/ucm.one\/wp-content\/uploads\/2023\/11\/B-Soultribe-Kinostart-990x309.jpg\" data-srcset=\"https:\/\/ucm.one\/wp-content\/uploads\/2023\/11\/B-Soultribe-Kinostart-990x309.jpg 990w, https:\/\/ucm.one\/wp-content\/uploads\/2023\/11\/B-Soultribe-Kinostart-1485x464.jpg 1485w\" loading=\"eager\" style=\"--ratio: 990 \/ 309\" sizes=\"(max-width: 990px) 100vw, 990px\" alt=\"\" title=\"B Soultribe Kinostart\" width=\"990\" height=\"309\"  \/><\/a>\t<\/div>\n<\/div>\n\n\n<div class=\"post-entry-content\">\n\n\t<h3 class=\"entry-title\">\n\t\t<a href=\"https:\/\/ucm.one\/en\/theatrical-release-of-soultribe-premiere-at-munichs-mathaeser-and-glorias-filmpalast\/\" title=\"\ud83c\udfac Theatrical release of &#8220;Soultribe&#8221;. Premiere at Munich&#8217;s Math\u00e4ser and Glorias Filmpalast\" rel=\"bookmark\">\ud83c\udfac Theatrical release of &#8220;Soultribe&#8221;. Premiere at Munich&#8217;s Math\u00e4ser and Glorias Filmpalast<\/a>\n\t<\/h3>\n\n\t<div class=\"entry-meta\"><span class=\"category-link\"><a href=\"https:\/\/ucm.one\/en\/category\/news-en\/film-en\/artkeim-en\/\" >Artkeim\u00b2<\/a>, <a href=\"https:\/\/ucm.one\/en\/category\/news-en\/cinema\/\" >Cinema<\/a>, <a href=\"https:\/\/ucm.one\/en\/category\/news-en\/film-en\/\" >Film<\/a>, <a href=\"https:\/\/ucm.one\/en\/category\/news-en\/movie-distribution\/\" >Movie Distribution<\/a>, <a href=\"https:\/\/ucm.one\/en\/category\/news-en\/\" >News<\/a>, <a href=\"https:\/\/ucm.one\/en\/category\/news-en\/movie-distribution\/world-sales\/\" >World Sales<\/a><\/span><a class=\"author vcard\" href=\"\" title=\"View all posts by Joachim Keil\" rel=\"author\">By <span class=\"fn\">Joachim Keil<\/span><\/a><a href=\"https:\/\/ucm.one\/en\/2023\/11\/02\/\" title=\"00:01\" class=\"data-link\" rel=\"bookmark\"><time class=\"entry-date updated\" datetime=\"2023-11-02T00:01:39+00:00\">2. November 2023<\/time><\/a><\/div>\n\t<div class=\"entry-excerpt\"><p>[vc_row][vc_column][vc_column_text] This week the film &#8220;Soultribe&#8221; by Stefan Rainer will be released in German cinemas. The official premiere will take place on Sunday, 5 November 2023, at 5 pm at the Math\u00e4ser and at 5.30 pm at the Gloria Filmpalast in Munich. The 5pm screening is sold out. There are still remaining tickets for the&hellip;<\/p>\n<\/div>\n\t\n<a href=\"https:\/\/ucm.one\/en\/theatrical-release-of-soultribe-premiere-at-munichs-mathaeser-and-glorias-filmpalast\/\" class=\"post-details details-type-link\" aria-label=\"Read more about \ud83c\udfac Theatrical release of &#8220;Soultribe&#8221;. Premiere at Munich&#8217;s Math\u00e4ser and Glorias Filmpalast\">More<i class=\"dt-icon-the7-arrow-03\" aria-hidden=\"true\"><\/i><\/a>\n\n<\/div><\/article><\/div><\/div><!-- iso-container|iso-grid --><\/div>[vc_btn title=&#8221;All News&#8221; style=&#8221;flat&#8221; align=&#8221;right&#8221; i_icon_fontawesome=&#8221;far fa-newspaper&#8221; add_icon=&#8221;true&#8221; link=&#8221;url:https%3A%2F%2Fucm.one%2Fen%2F%3Fs%3Dsoultribe%26lang%3Den|title:All%20News|&#8221; css=&#8221;.vc_custom_1700104726843{margin-top: 25px !important;}&#8221;][vc_empty_space height=&#8221;15px&#8221;][\/vc_column][\/vc_row][vc_row][vc_column][vc_separator color=&#8221;custom&#8221; accent_color=&#8221;#0141a0&#8243;][\/vc_column][\/vc_row][vc_row css=&#8221;.vc_custom_1518458873891{margin-top: 65px !important;}&#8221;][vc_column width=&#8221;1\/5&#8243;][vc_btn title=&#8221;Overview&#8221; style=&#8221;flat&#8221; size=&#8221;lg&#8221; align=&#8221;center&#8221; i_icon_fontawesome=&#8221;fas fa-home&#8221; button_block=&#8221;true&#8221; add_icon=&#8221;true&#8221; link=&#8221;url:https%3A%2F%2Fucm.one%2Fen%2F|title:Overview|&#8221;][\/vc_column][vc_column width=&#8221;1\/5&#8243;][vc_btn title=&#8221;Movies&#8221; style=&#8221;flat&#8221; size=&#8221;lg&#8221; align=&#8221;center&#8221; i_icon_fontawesome=&#8221;fas fa-film&#8221; button_block=&#8221;true&#8221; add_icon=&#8221;true&#8221; link=&#8221;url:https%3A%2F%2Fucm.one%2Fen%2Ffilm-labels%2F|title:Movies|&#8221;][\/vc_column][vc_column width=&#8221;1\/5&#8243;][vc_btn title=&#8221;Cinema&#8221; style=&#8221;flat&#8221; size=&#8221;lg&#8221; align=&#8221;center&#8221; i_icon_fontawesome=&#8221;fas fa-star&#8221; button_block=&#8221;true&#8221; add_icon=&#8221;true&#8221; link=&#8221;url:https%3A%2F%2Fucm.one%2Fen%2Ftheatrical-distribution%2Ftheatrical-releases%2F%23soultribe|title:Soultribe|&#8221;][\/vc_column][vc_column width=&#8221;1\/5&#8243;][vc_btn title=&#8221;Artkeim\u00b2&#8221; style=&#8221;flat&#8221; size=&#8221;lg&#8221; align=&#8221;center&#8221; i_icon_fontawesome=&#8221;fas fa-arrow-right&#8221; button_block=&#8221;true&#8221; add_icon=&#8221;true&#8221; link=&#8221;url:https%3A%2F%2Fucm.one%2Fen%2Ffilm-labels%2Fartkeim%2F|title:Artkeim%C2%B2|&#8221;][\/vc_column][vc_column width=&#8221;1\/5&#8243;][vc_btn title=&#8221;IMDB&#8221; style=&#8221;flat&#8221; color=&#8221;blue&#8221; size=&#8221;lg&#8221; align=&#8221;center&#8221; i_icon_fontawesome=&#8221;fab fa-imdb&#8221; button_block=&#8221;true&#8221; add_icon=&#8221;true&#8221; link=&#8221;url:https%3A%2F%2Fwww.imdb.com%2Ftitle%2Ftt28857749|title:IMDb|target:_blank|&#8221;][\/vc_column][\/vc_row][vc_row content_placement=&#8221;middle&#8221; bg_type=&#8221;grad&#8221; ult_hide_row=&#8221;ult_hide_row_value&#8221; ult_hide_row_large_screen=&#8221;large_screen&#8221; ult_hide_row_desktop=&#8221;desktop&#8221; css=&#8221;.vc_custom_1518701755537{margin-top: 0px !important;padding-top: -50px !important;}&#8221; bg_grad=&#8221;background: -webkit-gradient(linear, left top, left bottom, color-stop(0%, #E3E3E3), color-stop(0%, #FFFFFF), color-stop(6%, #FFFFFF), color-stop(7%, #FFFFFF), color-stop(50%, #FFFFFF));background: -moz-linear-gradient(top,#E3E3E3 0%,#FFFFFF 0%,#FFFFFF 6%,#FFFFFF 7%,#FFFFFF 50%);background: -webkit-linear-gradient(top,#E3E3E3 0%,#FFFFFF 0%,#FFFFFF 6%,#FFFFFF 7%,#FFFFFF 50%);background: -o-linear-gradient(top,#E3E3E3 0%,#FFFFFF 0%,#FFFFFF 6%,#FFFFFF 7%,#FFFFFF 50%);background: -ms-linear-gradient(top,#E3E3E3 0%,#FFFFFF 0%,#FFFFFF 6%,#FFFFFF 7%,#FFFFFF 50%);background: linear-gradient(top,#E3E3E3 0%,#FFFFFF 0%,#FFFFFF 6%,#FFFFFF 7%,#FFFFFF 50%);&#8221;][vc_column][vc_btn title=&#8221;Contact&#8221; style=&#8221;flat&#8221; color=&#8221;juicy-pink&#8221; size=&#8221;lg&#8221; align=&#8221;center&#8221; i_icon_fontawesome=&#8221;far fa-envelope&#8221; button_block=&#8221;true&#8221; add_icon=&#8221;true&#8221; link=&#8221;url:https%3A%2F%2Fucm.one%2Fen%2Fcompany%2Fcontact%2F|title:Contact|&#8221;][\/vc_column][\/vc_row]<\/p>\n<\/div>","protected":false},"excerpt":{"rendered":"<p>[vc_row][vc_column width=&#8221;3\/4&#8243; css=&#8221;.vc_custom_1561291995466{padding-right: 30px !important;}&#8221;][vc_column_text] Soultribe &#8211; A Dance of Life: [\/vc_column_text][vc_column_text] The film &#8220;Soultribe &#8211; A Dance of Life&#8221; by Stefan Reiner touches the viewer with its authentic actors, who openly present their own inner and outer development story with all its doubts, setbacks and at the same time the courage to take big&hellip;<\/p>\n","protected":false},"author":2,"featured_media":98968,"parent":0,"menu_order":0,"comment_status":"closed","ping_status":"closed","template":"","meta":{"_acf_changed":false,"footnotes":""},"class_list":["post-100586","page","type-page","status-publish","has-post-thumbnail","hentry","description-off"],"acf":[],"yoast_head":"<!-- This site is optimized with the Yoast SEO plugin v27.5 - https:\/\/yoast.com\/product\/yoast-seo-wordpress\/ -->\n<title>Soultribe (2023) by Stefan Rainer | Artkeim\u00b2<\/title>\n<meta name=\"description\" content=\"&quot;Soultribe - A Dance of Life&quot; touches the viewer with its authentic actors, who openly present their own inner and outer development story.\" \/>\n<meta name=\"robots\" content=\"index, follow, max-snippet:-1, max-image-preview:large, max-video-preview:-1\" \/>\n<link rel=\"canonical\" href=\"https:\/\/ucm.one\/en\/soultribe\/\" \/>\n<meta property=\"og:locale\" content=\"en_US\" \/>\n<meta property=\"og:type\" content=\"article\" \/>\n<meta property=\"og:title\" content=\"Soultribe (2023) by Stefan Rainer | Artkeim\u00b2\" \/>\n<meta property=\"og:description\" content=\"&quot;Soultribe - A Dance of Life&quot; touches the viewer with its authentic actors, who openly present their own inner and outer development story.\" \/>\n<meta property=\"og:url\" content=\"https:\/\/ucm.one\/en\/soultribe\/\" \/>\n<meta property=\"og:site_name\" content=\"UCM.ONE\" \/>\n<meta property=\"article:modified_time\" content=\"2024-01-16T23:16:36+00:00\" \/>\n<meta property=\"og:image\" content=\"https:\/\/ucm.one\/wp-content\/uploads\/2023\/11\/YT-Soultribe.jpg\" \/>\n<meta name=\"twitter:card\" content=\"summary_large_image\" \/>\n<meta name=\"twitter:title\" content=\"Soultribe (2023) by Stefan Rainer | Artkeim\u00b2\" \/>\n<meta name=\"twitter:description\" content=\"&quot;Soultribe - A Dance of Life&quot; touches the viewer with its authentic actors, who openly present their own inner and outer development story.\" \/>\n<meta name=\"twitter:image\" content=\"https:\/\/ucm.one\/wp-content\/uploads\/2023\/11\/YT-Soultribe.jpg\" \/>\n<meta name=\"twitter:label1\" content=\"Est. reading time\" \/>\n\t<meta name=\"twitter:data1\" content=\"23 minutes\" \/>\n<!-- \/ Yoast SEO plugin. -->","yoast_head_json":{"title":"Soultribe (2023) by Stefan Rainer | Artkeim\u00b2","description":"\"Soultribe - A Dance of Life\" touches the viewer with its authentic actors, who openly present their own inner and outer development story.","robots":{"index":"index","follow":"follow","max-snippet":"max-snippet:-1","max-image-preview":"max-image-preview:large","max-video-preview":"max-video-preview:-1"},"canonical":"https:\/\/ucm.one\/en\/soultribe\/","og_locale":"en_US","og_type":"article","og_title":"Soultribe (2023) by Stefan Rainer | Artkeim\u00b2","og_description":"\"Soultribe - A Dance of Life\" touches the viewer with its authentic actors, who openly present their own inner and outer development story.","og_url":"https:\/\/ucm.one\/en\/soultribe\/","og_site_name":"UCM.ONE","article_modified_time":"2024-01-16T23:16:36+00:00","og_image":[{"url":"https:\/\/ucm.one\/wp-content\/uploads\/2023\/11\/YT-Soultribe.jpg","type":"","width":"","height":""}],"twitter_card":"summary_large_image","twitter_title":"Soultribe (2023) by Stefan Rainer | Artkeim\u00b2","twitter_description":"\"Soultribe - A Dance of Life\" touches the viewer with its authentic actors, who openly present their own inner and outer development story.","twitter_image":"https:\/\/ucm.one\/wp-content\/uploads\/2023\/11\/YT-Soultribe.jpg","twitter_misc":{"Est. reading time":"23 minutes"},"schema":{"@context":"https:\/\/schema.org","@graph":[{"@type":"WebPage","@id":"https:\/\/ucm.one\/en\/soultribe\/","url":"https:\/\/ucm.one\/en\/soultribe\/","name":"Soultribe (2023) by Stefan Rainer | Artkeim\u00b2","isPartOf":{"@id":"https:\/\/ucm.one\/en\/#website"},"primaryImageOfPage":{"@id":"https:\/\/ucm.one\/en\/soultribe\/#primaryimage"},"image":{"@id":"https:\/\/ucm.one\/en\/soultribe\/#primaryimage"},"thumbnailUrl":"https:\/\/ucm.one\/wp-content\/uploads\/2023\/11\/P-Soultribe-E.jpg","datePublished":"2023-11-02T00:36:20+00:00","dateModified":"2024-01-16T23:16:36+00:00","description":"\"Soultribe - A Dance of Life\" touches the viewer with its authentic actors, who openly present their own inner and outer development story.","breadcrumb":{"@id":"https:\/\/ucm.one\/en\/soultribe\/#breadcrumb"},"inLanguage":"en-US","potentialAction":[{"@type":"ReadAction","target":["https:\/\/ucm.one\/en\/soultribe\/"]}]},{"@type":"ImageObject","inLanguage":"en-US","@id":"https:\/\/ucm.one\/en\/soultribe\/#primaryimage","url":"https:\/\/ucm.one\/wp-content\/uploads\/2023\/11\/P-Soultribe-E.jpg","contentUrl":"https:\/\/ucm.one\/wp-content\/uploads\/2023\/11\/P-Soultribe-E.jpg","width":699,"height":1000},{"@type":"BreadcrumbList","@id":"https:\/\/ucm.one\/en\/soultribe\/#breadcrumb","itemListElement":[{"@type":"ListItem","position":1,"name":"Home","item":"https:\/\/ucm.one\/en\/"},{"@type":"ListItem","position":2,"name":"Soultribe (2023) by Stefan Rainer | Artkeim\u00b2"}]},{"@type":"WebSite","@id":"https:\/\/ucm.one\/en\/#website","url":"https:\/\/ucm.one\/en\/","name":"UCM.ONE","description":"","publisher":{"@id":"https:\/\/ucm.one\/en\/#organization"},"potentialAction":[{"@type":"SearchAction","target":{"@type":"EntryPoint","urlTemplate":"https:\/\/ucm.one\/en\/?s={search_term_string}"},"query-input":{"@type":"PropertyValueSpecification","valueRequired":true,"valueName":"search_term_string"}}],"inLanguage":"en-US"},{"@type":"Organization","@id":"https:\/\/ucm.one\/en\/#organization","name":"UCM.ONE","url":"https:\/\/ucm.one\/en\/","logo":{"@type":"ImageObject","inLanguage":"en-US","@id":"https:\/\/ucm.one\/en\/#\/schema\/logo\/image\/","url":"https:\/\/ucm.one\/wp-content\/uploads\/2019\/10\/UCM.ONE-Logo-RGB.svg","contentUrl":"https:\/\/ucm.one\/wp-content\/uploads\/2019\/10\/UCM.ONE-Logo-RGB.svg","width":1,"height":1,"caption":"UCM.ONE"},"image":{"@id":"https:\/\/ucm.one\/en\/#\/schema\/logo\/image\/"}}]}},"_links":{"self":[{"href":"https:\/\/ucm.one\/en\/wp-json\/wp\/v2\/pages\/100586","targetHints":{"allow":["GET"]}}],"collection":[{"href":"https:\/\/ucm.one\/en\/wp-json\/wp\/v2\/pages"}],"about":[{"href":"https:\/\/ucm.one\/en\/wp-json\/wp\/v2\/types\/page"}],"author":[{"embeddable":true,"href":"https:\/\/ucm.one\/en\/wp-json\/wp\/v2\/users\/2"}],"replies":[{"embeddable":true,"href":"https:\/\/ucm.one\/en\/wp-json\/wp\/v2\/comments?post=100586"}],"version-history":[{"count":6,"href":"https:\/\/ucm.one\/en\/wp-json\/wp\/v2\/pages\/100586\/revisions"}],"predecessor-version":[{"id":100595,"href":"https:\/\/ucm.one\/en\/wp-json\/wp\/v2\/pages\/100586\/revisions\/100595"}],"wp:featuredmedia":[{"embeddable":true,"href":"https:\/\/ucm.one\/en\/wp-json\/wp\/v2\/media\/98968"}],"wp:attachment":[{"href":"https:\/\/ucm.one\/en\/wp-json\/wp\/v2\/media?parent=100586"}],"curies":[{"name":"wp","href":"https:\/\/api.w.org\/{rel}","templated":true}]}}