{"id":95744,"date":"2023-08-02T20:10:15","date_gmt":"2023-08-02T20:10:15","guid":{"rendered":"https:\/\/ucm.one\/?page_id=95744"},"modified":"2024-09-02T11:01:11","modified_gmt":"2024-09-02T11:01:11","slug":"youth-topia","status":"publish","type":"page","link":"https:\/\/ucm.one\/de\/youth-topia\/","title":{"rendered":"Youth Topia (2021) von Dennis Stormer | Artkeim\u00b2"},"content":{"rendered":"<div class=\"wpb-content-wrapper\"><p>[vc_row][vc_column width=&#8220;3\/4&#8243; css=&#8220;.vc_custom_1561291995466{padding-right: 30px !important;}&#8220;][vc_column_text]<\/p>\n<h1>Youth Topia<span style=\"color: #ffffff;\">:<\/span><\/h1>\n<p>[\/vc_column_text][vc_column_text]<\/p>\n<div class=\"vc_row wpb_row vc_row-fluid\">\n<div class=\"wpb_column vc_column_container vc_col-sm-12\">\n<div class=\"vc_column-inner\">\n<div class=\"wpb_wrapper\">\n<div class=\"wpb_text_column wpb_content_element \">\n<div class=\"wpb_wrapper\">\n<p>Das dystopische Coming of Age Drama &#8222;<strong>Youth Topia<\/strong>&#8220; &#8211; das Langspielfilm-Deb\u00fct von <strong>Dennis Stormer<\/strong> (Buch &amp; Regie) und <strong>Marisa Meier<\/strong> (Buch &amp; Produktion) &#8211; erz\u00e4hlt die Geschichte von Wanja (<strong>Lia von Blarer<\/strong>), die durch den die nahe Zukunft allgegenw\u00e4rtig beherrschenden <em>\u201cAlgorithmus\u201d<\/em> von einer Au\u00dfenseiterin zur Erwachsenen gemacht wird. Sie l\u00e4sst ihr aufregendes Jugendleben als Taugenichts hinter sich und findet in ihrem neugewonnenen Traumjob als Architektin die Anerkennung, die sie lange vermisst glaubte.<\/p>\n<\/div>\n<\/div>\n<\/div>\n<\/div>\n<\/div>\n<\/div>\n<p>[\/vc_column_text][vc_row_inner][vc_column_inner width=&#8220;1\/2&#8243; css=&#8220;.vc_custom_1561290391124{border-right-width: -15px !important;}&#8220;][vc_single_image image=&#8220;95745&#8243; img_size=&#8220;full&#8220; onclick=&#8220;link_image&#8220;][\/vc_column_inner][vc_column_inner width=&#8220;1\/2&#8243;][vc_single_image image=&#8220;95747&#8243; img_size=&#8220;full&#8220; onclick=&#8220;link_image&#8220;][\/vc_column_inner][\/vc_row_inner][vc_column_text]<\/p>\n<div class=\"vc_row wpb_row vc_row-fluid\">\n<div class=\"wpb_column vc_column_container vc_col-sm-12\">\n<div class=\"vc_column-inner\">\n<div class=\"wpb_wrapper\">\n<div class=\"wpb_text_column wpb_content_element \">\n<div class=\"wpb_wrapper\">\n<p style=\"font-weight: 400;\">Von nun an m\u00fcssen Wanjas beste Freunde ohne sie um die H\u00e4user ziehen, um auf Krawall geb\u00fcrstet, ordentlich Spa\u00df zu haben. Sie sind das einzige und wertvollste \u00dcberbleibsel aus Wanjas fr\u00fcherem Leben. Aber ohne ihre Freunde, das einzige und wertvollste \u00dcberbleibsel ihrer Vergangenheit als Jugendliche, ist Wanja schrecklich einsam und alleine. Wenn Wanja die Karriereleiter weiter hinauf\u00a0 will, muss sie eine schwerwiegende Entscheidung treffen.<\/p>\n<\/div>\n<\/div>\n<\/div>\n<\/div>\n<\/div>\n<\/div>\n<p>[\/vc_column_text][vc_column_text]<\/p>\n<div class=\"vc_row wpb_row vc_row-fluid\">\n<div class=\"wpb_column vc_column_container vc_col-sm-12\">\n<div class=\"vc_column-inner\">\n<div class=\"wpb_wrapper\">\n<div class=\"wpb_text_column wpb_content_element \">\n<div class=\"wpb_wrapper\">\n<p style=\"font-weight: 400;\"><strong>&#8222;Youth Topia&#8220;<\/strong> ist das Portr\u00e4t einer jungen Generation, die zu verstehen beginnt, dass mit dem Privileg der Selbstverwirklichung ein einsamer Pfad eingeschlagen wird. Eine Generation, die unter dem eigens geschaffenen Erfolgsdruck eine Gemeinschaft vermisst, die das einfache Auf-der-Welt-Sein als h\u00f6chste Form des Gl\u00fccks empfindet.<\/p>\n<\/div>\n<\/div>\n<\/div>\n<\/div>\n<\/div>\n<\/div>\n<p>[\/vc_column_text][vc_single_image image=&#8220;95714&#8243; img_size=&#8220;full&#8220; onclick=&#8220;link_image&#8220;][vc_column_text]<\/p>\n<h3>Inhaltsangabe<\/h3>\n<div>\n<p style=\"font-weight: 400;\">In Valpolvra, einem aus der Zeit gefallenen Dorf steht die Selbstverwirklichung im Fokus von allen\u00a0Bewohnern. Ihre Traumjobs werden zuverl\u00e4ssig durch einen Algorithmus bestimmt. Die zuvor\u00a0 endlose Orientierungsphase der Jugend, die Suche nach dem perfekten Job, die vielen Absagen\u00a0 und alle weiteren Sinnkrisen bleiben den Heranwachsenden so erspart. Stattdessen leben alle\u00a0 erf\u00fcllt und produktiv. Wer keinen Job erh\u00e4lt, aufgrund von rebellischen, verantwortungslosen und\u00a0 impulsiven online Profilen, wird vom Algorithmus als jugendlich und somit arbeitsuntauglich\u00a0 eingestuft. Diese Menschen haben die Aufgabe zu warten, bis sie reif genug f\u00fcr einen Job sind. Sie sind befreit von allen Pflichten, aber auch von allen attraktiven Privilegien, die nur Erwachsene\u00a0 genie\u00dfen d\u00fcrfen.<\/p>\n<\/div>\n<p>[\/vc_column_text][vc_row_inner][vc_column_inner width=&#8220;1\/2&#8243; css=&#8220;.vc_custom_1561290391124{border-right-width: -15px !important;}&#8220;][vc_single_image image=&#8220;95773&#8243; img_size=&#8220;full&#8220; onclick=&#8220;link_image&#8220;][\/vc_column_inner][vc_column_inner width=&#8220;1\/2&#8243;][vc_single_image image=&#8220;95762&#8243; img_size=&#8220;full&#8220; onclick=&#8220;link_image&#8220;][\/vc_column_inner][\/vc_row_inner][vc_column_text]<\/p>\n<p style=\"font-weight: 400;\">Wanja (21) str\u00e4ubt sich dagegen, erwachsen zu werden. Sie behaust als sogenannte Langzeit-Jugendliche mit ihrer Clique eine alte Scheune, abgeschottet von der produktiven Gesellschaft.\u00a0 Gemeinsam leben sie in den Tag hinein, filmen ihre illegalen Aktivit\u00e4ten und posten Clips von\u00a0 ihrem unreifen und asozialen Alltag, um f\u00fcr immer jugendlich zu bleiben.<\/p>\n<p style=\"font-weight: 400;\">Eines Morgens erh\u00e4lt Wanja \u00fcberraschenderweise ein Jobangebot. Im Glauben, dass sie als\u00a0 Erwachsene mehr Freiheiten hat und trotzdem dem jugendlichen Lebensstil nachgehen kann,\u00a0 nimmt sie die f\u00fcr sie kalkulierte Stelle als Architektin an. Wanja liebt es, pl\u00f6tzlich so viel Aufmerksamkeit zu bekommen und endlich frei entscheiden zu\u00a0 k\u00f6nnen. Sie genie\u00dft ihre saubere Wohnung, ihr eigenes Auto, ihre sexuelle Bekanntschaft Lukas und das Leben als Architektin im B\u00fcro von Eva.\u00a0Zun\u00e4chst teilt sie ihr neues Leben gro\u00dfz\u00fcgig mit ihren Jugendfreunden. Doch je erfolgreicher sie\u00a0 wird, desto unm\u00f6glicher wird es, die beiden Welten zu vereinen.<\/p>\n<p>[\/vc_column_text][vc_row_inner][vc_column_inner width=&#8220;1\/2&#8243;][vc_single_image image=&#8220;95751&#8243; img_size=&#8220;full&#8220; onclick=&#8220;link_image&#8220;][\/vc_column_inner][vc_column_inner width=&#8220;1\/2&#8243; css=&#8220;.vc_custom_1561290391124{border-right-width: -15px !important;}&#8220;][vc_single_image image=&#8220;95753&#8243; img_size=&#8220;full&#8220; onclick=&#8220;link_image&#8220;][\/vc_column_inner][\/vc_row_inner][vc_column_text]<\/p>\n<p style=\"font-weight: 400;\">Ein neues Sozialzentrum soll die Langzeit-Jugendlichen dazu zwingen, erwachsen zu werden.\u00a0 Ihr eigenes gew\u00e4hltes Zuhause, die alte Scheune soll daf\u00fcr abgerissen werden. Eva bietet Wanja\u00a0 die k\u00fcnstlerische Leitung \u00fcber dieses Prestigeprojekt an. Bricht Wanja f\u00fcr den Erfolg die letzte\u00a0 Br\u00fccke zu ihrem alten Leben ab und verr\u00e4t ihre einzigen Freunde?\u00a0Die Einsamkeit \u00fcberkommt die junge Erwachsene und sie realisiert, dass die Jugendlichen etwas\u00a0 haben, was den Erwachsenen abhandengekommen ist: Gemeinschaft.<\/p>\n<p style=\"font-weight: 400;\">Wanja entscheidet sich gegen ihre Karriere, um ihr altes Zuhause, ihre besten Freunde und Valpolvras letzte Form von Gemeinschaft zu sch\u00fctzen.<\/p>\n<p>[\/vc_column_text][\/vc_column][vc_column width=&#8220;1\/4&#8243; css=&#8220;.vc_custom_1581030319933{margin-top: 15px !important;margin-bottom: 36px !important;background-color: #efefef !important;}&#8220;]<style type=\"text\/css\" data-type=\"the7_shortcodes-inline-css\">.shortcode-single-image-wrap.shortcode-single-image-eb81bbb9e21231599aa577189d484cc9.enable-bg-rollover .rollover i,\n.shortcode-single-image-wrap.shortcode-single-image-eb81bbb9e21231599aa577189d484cc9.enable-bg-rollover .rollover-video i {\n  background: -webkit-linear-gradient();\n  background: linear-gradient();\n}\n.shortcode-single-image-wrap.shortcode-single-image-eb81bbb9e21231599aa577189d484cc9 .rollover-icon {\n  font-size: 32px;\n  color: #ffffff;\n  min-width: 44px;\n  min-height: 44px;\n  line-height: 44px;\n  border-radius: 100px;\n  border-style: solid;\n  border-width: 0px;\n}\n.dt-icon-bg-on.shortcode-single-image-wrap.shortcode-single-image-eb81bbb9e21231599aa577189d484cc9 .rollover-icon {\n  background: rgba(255,255,255,0.3);\n  box-shadow: none;\n}<\/style><div class=\"shortcode-single-image-wrap shortcode-single-image-eb81bbb9e21231599aa577189d484cc9 alignnone  vc_custom_1691004126649 enable-bg-rollover dt-icon-bg-off\" ><div class=\"shortcode-single-image\"><div class=\"fancy-media-wrap\" style=\"\"><a class=\"layzr-bg rollover rollover-zoom dt-pswp-item pswp-image\" href=\"https:\/\/ucm.one\/wp-content\/uploads\/2023\/02\/P-YouthTopia.jpg\" title=\"P YouthTopia\" data-dt-img-description=\"\" data-large_image_width=\"699\" data-large_image_height = \"999\"  style=\"\"><img fetchpriority=\"high\" decoding=\"async\" class=\"preload-me lazy-load aspect\" src=\"data:image\/svg+xml,%3Csvg%20xmlns%3D&#39;http%3A%2F%2Fwww.w3.org%2F2000%2Fsvg&#39;%20viewBox%3D&#39;0%200%20699%20998&#39;%2F%3E\" data-src=\"https:\/\/ucm.one\/wp-content\/uploads\/2023\/02\/P-YouthTopia.jpg\" data-srcset=\"https:\/\/ucm.one\/wp-content\/uploads\/2023\/02\/P-YouthTopia.jpg 699w\" loading=\"eager\" style=\"--ratio: 699 \/ 998\" sizes=\"(max-width: 699px) 100vw, 699px\" width=\"699\" height=\"998\"  data-dt-location=\"https:\/\/ucm.one\/de\/tellfilm-und-ucm-one-vereinbaren-zusammenarbeit-beim-film-youth-topia-von-dennis-stormer\/p-youthtopia-2\/\" alt=\"\" \/><\/a><\/div><\/div><\/div>[vc_empty_space height=&#8220;10px&#8220;][vc_column_text]<strong>Original Titel:<\/strong> Youth Topia<\/p>\n<p><strong>Regie: <\/strong><span lang=\"de\">Dennis Stormer<\/span><\/p>\n<p><strong>Drehbuch: <\/strong>Marisa Meier, Dennis Stormer<\/p>\n<p><strong>Schauspieler:innen:<\/strong> Lia von Blarer, Saladin Dellers, Elsa Langn\u00e4se, Lou Haltinner, J\u00fcrg Pl\u00fcss, Nadim Ben Sa\u00efd, Nicolas Rosat, Timon\u00a0Kiefer, Regula Imboden, Sabrina Tannen,<br \/>\nGottfried Breitfuss, Amy\u00a0Lombardi, Manon\u00a0Pfrunder, Virginia Zaretskie<\/p>\n<p><strong>Produzenten:innen:<\/strong> Marisa Meier, Dennis Stormer, Katrin Renz, Stefan J\u00e4ger, Reiner Krausz, Vita Spie\u00df<\/p>\n<p><strong>Kamera:<\/strong> Jonas Schneider<\/p>\n<p><strong>Schnitt:<\/strong> No\u00ebmi Katharina Preiswerk<\/p>\n<p><strong>Ton:<\/strong> Daniel Fuchs<\/p>\n<p><strong>Maskenbild:<\/strong> Julia Althof<\/p>\n<p><strong>Kost\u00fcme:<\/strong> Sabrina Bosshard<\/p>\n<p><b>Kamera-Assistenz &amp; Technik<\/b>: Marc Angele, Jonas Schneider<\/p>\n<p><strong>Farbanpassungen:<\/strong> Stefano Zordan<\/p>\n<p>&nbsp;<\/p>\n<p><strong>Produktionsfirmen:<\/strong> Tellfilm (Schweiz), Intuition Club (Deutschland), Sehstern Filmproduktion (Deutschland)<\/p>\n<p><strong>Produktionsjahr:<\/strong> 2021<\/p>\n<p><strong>Genres:<\/strong> Science-Fiction, Kom\u00f6die, Satire<\/p>\n<p><strong>Produktionsl\u00e4nder:<\/strong> Schweiz, Deutschland<\/p>\n<p><strong>Sprache:<\/strong> Deutsch<\/p>\n<p>&nbsp;<\/p>\n<p><strong>L\u00e4nge:<\/strong> 85 Min<\/p>\n<p><strong>Bildformat:<\/strong> 2K Scope<\/p>\n<p><strong>Aufl\u00f6sung:<\/strong> 2048&#215;858<\/p>\n<p><strong>Ton:<\/strong> Surround 5.1<\/p>\n<p><strong>FSK:<\/strong> 16[\/vc_column_text][vc_separator color=&#8220;custom&#8220; accent_color=&#8220;#a0a0a0&#8243;][vc_column_text]<b>Premiere: <\/b>25. September 2021 beim <strong>Zurich Film Festival<\/strong>[\/vc_column_text][vc_separator color=&#8220;custom&#8220; accent_color=&#8220;#a0a0a0&#8243;][vc_column_text]<strong>Filmlabel:<\/strong> Artkeim\u00b2<\/p>\n<p><strong>Verleih:<\/strong> <span style=\"font-family: 'arial black', sans-serif;\"><strong>UCM.ONE<\/strong><\/span><\/p>\n<p><strong>Kinostart: <\/strong>17. August 2023[\/vc_column_text][vc_btn title=&#8220;Kinofinder&#8220; color=&#8220;juicy-pink&#8220; size=&#8220;sm&#8220; align=&#8220;center&#8220; i_icon_fontawesome=&#8220;fas fa-external-link-square-alt&#8220; css=&#8220;.vc_custom_1693908142405{margin-top: -15px !important;}&#8220; button_block=&#8220;true&#8220; add_icon=&#8220;true&#8220; link=&#8220;url:https%3A%2F%2Fwww.kino-zeit.de%2Fkinoprogramm%2Ffilm%2F56849-youth-topia-2021|title:Kinofinder|target:_blank&#8220;][vc_separator color=&#8220;custom&#8220; accent_color=&#8220;#a0a0a0&#8243;][vc_btn title=&#8220;Presse Materialien&#8220; color=&#8220;white&#8220; size=&#8220;sm&#8220; align=&#8220;center&#8220; i_icon_fontawesome=&#8220;fas fa-download&#8220; css=&#8220;.vc_custom_1691055584448{margin-top: -15px !important;}&#8220; button_block=&#8220;true&#8220; add_icon=&#8220;true&#8220; link=&#8220;url:https%3A%2F%2Fucm.one%2Fpresse%2Fak_youth_topia_presskit.zip|title:YT-Pressekit|rel:nofollow&#8220;][vc_btn title=&#8220;DCP Trailer (DF)&#8220; color=&#8220;white&#8220; size=&#8220;sm&#8220; align=&#8220;center&#8220; i_icon_fontawesome=&#8220;fas fa-download&#8220; css=&#8220;.vc_custom_1691005368384{margin-top: -15px !important;}&#8220; button_block=&#8220;true&#8220; add_icon=&#8220;true&#8220; link=&#8220;url:https%3A%2F%2Fwww.dropbox.com%2Fscl%2Ffo%2F2vwr8tau4iu21yzobeiel%2Fh%3Fdl%3D0%26rlkey%3Df0xsz90etrjfwiupe54v5qb0n|title:DCP%20Trailer|target:_blank|rel:nofollow&#8220;][\/vc_column][\/vc_row][vc_row][vc_column][vc_column_text]<\/p>\n<div class=\"vc_row wpb_row vc_row-fluid\">\n<div class=\"wpb_column vc_column_container vc_col-sm-12\">\n<div class=\"vc_column-inner\">\n<div class=\"wpb_wrapper\">\n<div class=\"wpb_text_column wpb_content_element \">\n<div class=\"wpb_wrapper\">\n<p style=\"font-weight: 400;\">Der Film wagt viel; st\u00e4ndige Formatwechsel, wackelnde Handyaufnahmen, ein Kalb im Wohnzimmer. Es ist eine roughe Art der Filmkunst, die an g\u00e4ngigen Social Media Content erinnert und somit st\u00e4ndig Bezug zur Realit\u00e4t schafft. Ein riesiger, wei\u00dfer Staubberg der unter Electro Pop als Filmkulisse emporsteigt, untermalt wiederum das Gef\u00fchl einer cineastischen Utopie. Wer den Mut hat, in Youth Topias\u00a0utopischer Gesellschaft die unsere zu sehen, kriegt G\u00e4nsehaut.<\/p>\n<\/div>\n<\/div>\n<\/div>\n<\/div>\n<\/div>\n<\/div>\n<p>[\/vc_column_text][vc_row_inner][vc_column_inner width=&#8220;1\/2&#8243;][vc_single_image image=&#8220;95769&#8243; img_size=&#8220;full&#8220; onclick=&#8220;link_image&#8220;][\/vc_column_inner][vc_column_inner width=&#8220;1\/2&#8243; css=&#8220;.vc_custom_1561290391124{border-right-width: -15px !important;}&#8220;][vc_single_image image=&#8220;95771&#8243; img_size=&#8220;full&#8220; onclick=&#8220;link_image&#8220;][\/vc_column_inner][\/vc_row_inner][vc_empty_space height=&#8220;10px&#8220;][vc_column_text css=&#8220;.vc_custom_1691014449918{margin-bottom: -12px !important;}&#8220;]<\/p>\n<h3>\u00dcber Regisseur <strong>Dennis Stormer<\/strong><\/h3>\n<p>[\/vc_column_text][vc_empty_space height=&#8220;30px&#8220;][vc_row_inner][vc_column_inner width=&#8220;3\/4&#8243;][vc_column_text]<\/p>\n<p style=\"font-weight: 400;\">Dennis Stormer, geboren in Kiel, entdeckte schon fr\u00fch sein Interesse f\u00fcr Theater, Kunst und Film. In seiner Jugend war er Mitgr\u00fcnder einer Improvisationstheatergruppe und kreierte Installationen und Performances. Er zog nach Berlin, um als Filmkritiker f\u00fcr <strong>Negativ<\/strong> zu arbeiten, w\u00e4hrend er seine ersten Kurzfilme realisierte.<\/p>\n<p>[\/vc_column_text][vc_column_text]<\/p>\n<p style=\"font-weight: 400;\">Schlie\u00dflich studierte er Regie an der <strong>Columbia University New York<\/strong> und an der <strong>Filmakademie Baden-W\u00fcrttemberg<\/strong>, wo er 2019 seinen Abschluss machte.<\/p>\n<p>[\/vc_column_text][vc_column_text]<\/p>\n<p style=\"font-weight: 400;\">Die Werbeagentur <strong>Adolescent L.A.<\/strong> vertritt ihn in den USA. Vor kurzem hat er die Produktionsfirma <strong>Intuition Club<\/strong> mitgegr\u00fcndet und ist heute in Kiel und Stockholm ans\u00e4ssig und neben Film im Menschenrechts- und Umweltaktivismus t\u00e4tig.<\/p>\n<p>[\/vc_column_text][\/vc_column_inner][vc_column_inner width=&#8220;1\/4&#8243; css=&#8220;.vc_custom_1561290391124{border-right-width: -15px !important;}&#8220;][vc_single_image image=&#8220;95780&#8243; img_size=&#8220;full&#8220;][\/vc_column_inner][\/vc_row_inner][vc_empty_space height=&#8220;10px&#8220;][vc_row_inner][vc_column_inner][vc_column_text css=&#8220;.vc_custom_1691009801774{margin-bottom: -15px !important;}&#8220;]<span style=\"font-size: 12pt;\">Filmographie<\/span>[\/vc_column_text][vc_empty_space height=&#8220;35px&#8220;][vc_column_text css=&#8220;.vc_custom_1691017936622{margin-top: -15px !important;padding-top: 12px !important;padding-right: 12px !important;padding-bottom: 12px !important;padding-left: 12px !important;background-color: #ffffff !important;border-radius: 5px !important;}&#8220;]<\/p>\n<table style=\"height: 161px; width: 100%; border-collapse: collapse;\">\n<tbody>\n<tr style=\"height: 45px;\">\n<td style=\"width: 18.758003%; height: 10px;\">2021<\/td>\n<td style=\"width: 81.241997%; height: 10px;\">Youth Topia (Drehbuch &amp; Regie), Spielfilm (85 Min); <em><span style=\"font-family: inherit; font-size: inherit;\">Fast Track Award<\/span><\/em><\/td>\n<\/tr>\n<tr style=\"height: 43px;\">\n<td style=\"width: 18.758003%; height: 30px;\">2020<\/td>\n<td style=\"width: 81.241997%; height: 30px;\">Full of Fire (Drehbuch &amp; Regie), Hybrid (80 Min); <em><span style=\"font-family: inherit; font-size: inherit;\">IFF Oldenburg, IFF Exground Wiesbaden IFF Selb<\/span><\/em><\/td>\n<\/tr>\n<tr style=\"height: 47px;\">\n<td style=\"width: 18.758003%; height: 12px;\">2019<\/td>\n<td style=\"width: 81.241997%; height: 12px;\">Light Inside (Drehbuch &amp; Regie), Kurzfilm (35 Min); <em><span style=\"font-family: inherit; font-size: inherit;\">La Cabina IFF Valencia, IFF Achtung Berlin<\/span><\/em><\/td>\n<\/tr>\n<tr style=\"height: 22px;\">\n<td style=\"width: 18.758003%; height: 43px;\">2018<\/td>\n<td style=\"width: 81.241997%; height: 43px;\">Ich z\u00fcnd dir nen Mercedes an (Drehbuch &amp; Regie), Experimental (15 Min); <em><span style=\"font-family: inherit; font-size: inherit;\">Pula IFF, FiSH Rostock<\/span><\/em><\/td>\n<\/tr>\n<tr style=\"height: 34px;\">\n<td style=\"width: 18.758003%; height: 34px;\">2017<\/td>\n<td style=\"width: 81.241997%; height: 34px;\">Locking at Others (Drehbuch &amp; Regie), Dokumentarfilm (30 Min); <em><span style=\"font-family: inherit; font-size: inherit;\">Oppose Othering Award &#8211; goEast FF Wiesbaden, Int FF Barcelona Gewinner STIFF Rjieka, Filmes do homem Melgaco<\/span><\/em><\/td>\n<\/tr>\n<\/tbody>\n<\/table>\n<p>[\/vc_column_text][\/vc_column_inner][\/vc_row_inner][vc_column_text css=&#8220;.vc_custom_1691014440192{margin-bottom: -12px !important;}&#8220;]<\/p>\n<h3>\u00dcber die ausf\u00fchrende Produzentin <strong>Marisa Meier\u00a0<\/strong><\/h3>\n<p>[\/vc_column_text][vc_empty_space height=&#8220;33px&#8220;][vc_row_inner][vc_column_inner width=&#8220;1\/4&#8243; css=&#8220;.vc_custom_1561290391124{border-right-width: -15px !important;}&#8220;][vc_single_image image=&#8220;95789&#8243; img_size=&#8220;full&#8220;][\/vc_column_inner][vc_column_inner width=&#8220;3\/4&#8243;][vc_column_text]<\/p>\n<p style=\"font-weight: 400;\"><strong>Marisa Sarah Meier<\/strong> wurde in Z\u00fcrich geboren. 2019 schloss sie ihr Studium an der renommierten <strong>Filmakademie Baden-W\u00fcrttemberg<\/strong> in International Producing mit dem Dokumentarfilm &#8222;<strong>Closing Time<\/strong>&#8220; (2018, <em>&#8222;<strong>Special Jury Award Concorso Cineasti del presente<\/strong>&#8222;<\/em> at <strong>Locarno Film Festival<\/strong>) ab.<\/p>\n<p>[\/vc_column_text][vc_column_text]<\/p>\n<p style=\"font-weight: 400;\">W\u00e4hrend sie preisgekr\u00f6nte Kurz- und Langfilme produzierte, nahm sie an internationalen Austauschprogrammen teil, wie an der<strong> la f\u00e9mis<\/strong> in Paris, der <strong>UCLA<\/strong> in Los Angeles und der <strong>Al Quds Universit\u00e4t<\/strong> in Ramallah.<\/p>\n<p>[\/vc_column_text][vc_column_text]<\/p>\n<p style=\"font-weight: 400;\">Heute ist sie als freiberufliche Producerin und Autorin in Berlin und Z\u00fcrich t\u00e4tig. 2019 gr\u00fcndete sie gemeinsam mit <strong>Dennis Stormer<\/strong> die Produktionsfirma <strong>Intuition Club<\/strong> mit Sitz in Schleswig-Holstein.<\/p>\n<p>[\/vc_column_text][\/vc_column_inner][\/vc_row_inner][vc_row_inner][vc_column_inner][vc_column_text css=&#8220;.vc_custom_1691009801774{margin-bottom: -15px !important;}&#8220;]<span style=\"font-size: 12pt;\">Filmographie<\/span>[\/vc_column_text][vc_empty_space height=&#8220;35px&#8220;][vc_column_text css=&#8220;.vc_custom_1691014142879{margin-top: -15px !important;padding-top: 12px !important;padding-right: 12px !important;padding-bottom: 12px !important;padding-left: 12px !important;background-color: #ffffff !important;border-radius: 5px !important;}&#8220;]<\/p>\n<table style=\"height: 161px; width: 100%; border-collapse: collapse;\">\n<tbody>\n<tr style=\"height: 45px;\">\n<td style=\"width: 18.758003%; height: 10px;\">in Entwicklung<\/td>\n<td style=\"width: 81.241997%; height: 10px;\">Dance With Me (Regie: Leila Basma), Dokumentarfilm<\/td>\n<\/tr>\n<tr style=\"height: 43px;\">\n<td style=\"width: 18.758003%; height: 30px;\">in Entwicklung<\/td>\n<td style=\"width: 81.241997%; height: 30px;\">Sommer (Regie: Ricardo Saleh), Spielfilm<\/td>\n<\/tr>\n<tr style=\"height: 47px;\">\n<td style=\"width: 18.758003%; height: 12px;\">2021<\/td>\n<td style=\"width: 81.241997%; height: 12px;\">Youth Topia (Regie: Dennis Stormer), Spielfilm (85 Min)<\/td>\n<\/tr>\n<tr style=\"height: 22px;\">\n<td style=\"width: 18.758003%; height: 43px;\">2018<\/td>\n<td style=\"width: 81.241997%; height: 43px;\">Closing Time, Dokumentarfilm (112 Min); <em><span style=\"font-family: inherit; font-size: inherit;\">Filmfestival Locarno: \u00a0Special Jury Award Cineasti del presente<\/span><\/em><\/td>\n<\/tr>\n<tr style=\"height: 34px;\">\n<td style=\"width: 18.758003%; height: 34px;\">2016<\/td>\n<td style=\"width: 81.241997%; height: 34px;\">Genkingen &#8211; Ein schw\u00e4bisches Volksm\u00e4rchen, Dokumentarfilm (60 Min); <em><span style=\"font-family: inherit; font-size: inherit;\">Nominiert f\u00fcr den Deutscher Dokumentarfilmpreis<\/span><\/em><\/td>\n<\/tr>\n<tr style=\"height: 32px;\">\n<td style=\"width: 18.758003%; height: 32px;\">2016<\/td>\n<td style=\"width: 81.241997%; height: 32px;\">Un #etat d\u00b4urgence, Kurzfilm (13 Min); <em><span style=\"font-family: inherit; font-size: inherit;\">Filmfest Dresden &#8211; Goldener Reiter; <\/span><span style=\"font-family: inherit; font-size: inherit;\">Pr\u00e4dikat \u201eBesonders Wertvoll\u201c &#8211; FBW<\/span><\/em><\/td>\n<\/tr>\n<\/tbody>\n<\/table>\n<p>[\/vc_column_text][\/vc_column_inner][\/vc_row_inner][vc_single_image image=&#8220;95732&#8243; img_size=&#8220;full&#8220; onclick=&#8220;link_image&#8220;][vc_empty_space height=&#8220;10px&#8220;][vc_column_text]<\/p>\n<h3><span style=\"font-size: 14pt;\">Creator&#8217;s Note (zur produktionellen\u00a0<\/span><span style=\"font-size: large;\">Arbeitsweise)<\/span><\/h3>\n<p style=\"font-weight: 400;\">&#8222;Der Film &#8218;<strong>Youth Tobia<\/strong>&#8218; ist nicht nur ein Langfilm, sondern auch eine non-lineare Webserie in der Form von Instagram Accounts. W\u00e4hrend den Dreharbeiten haben die Schauspielenden mit Smartphones ausgestattet eigenst\u00e4ndig Inhalte aufgenommen. Diese Inhalte wurden und werden laufend auf den Instagram Kan\u00e4len geteilt und bilden ein Beiwerk zum Spielfilm. So wird die fiktionale Thematik, dass ein Algorithmus unsere Daten analysiert in die Realit\u00e4t der Zuschauenden verschoben.<\/p>\n<p>&nbsp;<\/p>\n<p style=\"font-weight: 400; text-align: center;\"><strong>Follow auf Insta @<\/strong><\/p>\n<p style=\"font-weight: 400; text-align: center;\"><span style=\"color: #ff0000;\"><a style=\"color: #ff0000;\" title=\"wanjaphobia3000\" href=\"https:\/\/www.instagram.com\/wanjaphobia3000\/\" target=\"_blank\" rel=\"noopener\">wanjaphobia3000<\/a><\/span><\/p>\n<p style=\"font-weight: 400; text-align: center;\"><span style=\"color: #993366;\"><a style=\"color: #993366;\" title=\"soeren_stoeren\" href=\"https:\/\/www.instagram.com\/soeren_stoeren\/\" target=\"_blank\" rel=\"noopener\">soeren_stoeren<\/a><\/span><\/p>\n<p style=\"font-weight: 400; text-align: center;\"><span style=\"color: #ffcc00;\"><a style=\"color: #ffcc00;\" title=\"honig_leona\" href=\"https:\/\/www.instagram.com\/honig_leona\" target=\"_blank\" rel=\"noopener\">honig_leona<\/a><\/span><\/p>\n<p style=\"font-weight: 400; text-align: center;\"><span style=\"color: #0000ff;\"><a style=\"color: #0000ff;\" title=\"mauler975\" href=\"https:\/\/www.instagram.com\/mauler975\/\" target=\"_blank\" rel=\"noopener\">mauler975<\/a><\/span><\/p>\n<p style=\"font-weight: 400; text-align: center;\"><span style=\"color: #339966;\"><a style=\"color: #339966;\" title=\"medusagreata\" href=\"https:\/\/www.instagram.com\/medusagreata\/\" target=\"_blank\" rel=\"noopener\">medusagreata<\/a><\/span><\/p>\n<p>&nbsp;<\/p>\n<p style=\"font-weight: 400;\">Neben dieser multimedialen Besonderheit haben die beiden Filmemachenden einen \u201ebesonderen\u201c Leitfaden zum produktionellen Rahmen gefasst. Dieser Rahmen umfasst folgende Produktionsgrunds\u00e4tze:<\/p>\n<p>&nbsp;<\/p>\n<p style=\"font-weight: 400; text-align: center;\"><span style=\"color: #000000;\">Menschlichkeit vor Kunst<\/span><\/p>\n<p style=\"font-weight: 400; text-align: center;\"><span style=\"color: #000000;\">Mindestens 50 % der Besch\u00e4ftigten in der Produktion sind Frauen*<\/span><\/p>\n<p style=\"font-weight: 400; text-align: center;\"><span style=\"color: #000000;\">Alle Beteiligten erhalten den gleichen Lohn<\/span><\/p>\n<p style=\"font-weight: 400; text-align: center;\"><span style=\"color: #000000;\">Arbeits- und Ruhezeiten, gegebene Gesetze und der Menschenverstand werden ernst genommen<\/span><\/p>\n<p style=\"font-weight: 400; text-align: center;\"><span style=\"color: #000000;\">Das Spielen und der Spa\u00df an der Kreativit\u00e4t werden ernst genommen<\/span><\/p>\n<p style=\"font-weight: 400; text-align: center;\"><span style=\"color: #000000;\">Es gibt Raum f\u00fcr Reflexionszeiten und Feedbackrunden<\/span><\/p>\n<p style=\"font-weight: 400; text-align: center;\"><span style=\"color: #000000;\">Die filmische Gestaltung steht im Sinne der Geschichte<\/span><\/p>\n<p style=\"font-weight: 400; text-align: center;\"><span style=\"color: #000000;\">Alles, was filmisch vorschlagen wird, ist ein Angebot und kein Kampf<\/span><\/p>\n<p>&nbsp;<\/p>\n<div><span lang=\"de\">Diese Grunds\u00e4tze haben allen Beteiligten den Raum gegeben, Verantwortung zu tragen und kreative Freiheit zu geniessen. So konnten traditionelle Hierarchien und faschistische Strukturen hinterfragt und vermieden werden.<\/span><\/div>\n<p>[\/vc_column_text][vc_row_inner][vc_column_inner width=&#8220;1\/2&#8243; css=&#8220;.vc_custom_1561290391124{border-right-width: -15px !important;}&#8220;][vc_single_image image=&#8220;95794&#8243; img_size=&#8220;full&#8220; onclick=&#8220;link_image&#8220;][\/vc_column_inner][vc_column_inner width=&#8220;1\/2&#8243;][vc_single_image image=&#8220;95796&#8243; img_size=&#8220;full&#8220; onclick=&#8220;link_image&#8220;][\/vc_column_inner][\/vc_row_inner][vc_row_inner][vc_column_inner][vc_column_text css=&#8220;.vc_custom_1691015362998{margin-bottom: -15px !important;}&#8220;]<span style=\"font-size: 12pt;\">Besetzung<\/span>[\/vc_column_text][vc_empty_space height=&#8220;35px&#8220;][vc_column_text css=&#8220;.vc_custom_1691052688915{margin-top: -15px !important;padding-top: 12px !important;padding-right: 12px !important;padding-bottom: 12px !important;padding-left: 12px !important;background-color: #ffffff !important;border-radius: 5px !important;}&#8220;]<\/p>\n<table style=\"height: 161px; width: 100%; border-collapse: collapse;\">\n<tbody>\n<tr style=\"height: 45px;\">\n<td style=\"width: 46.147082%; height: 10px;\"><strong>Die Jugendlichen<\/strong><\/td>\n<td style=\"width: 53.852918%; height: 10px;\"><\/td>\n<\/tr>\n<tr style=\"height: 43px;\">\n<td style=\"width: 46.147082%; height: 30px;\">Lia von Blarer<\/td>\n<td style=\"width: 53.852918%; height: 30px;\">Wanja<\/td>\n<\/tr>\n<tr style=\"height: 47px;\">\n<td style=\"width: 46.147082%; height: 12px;\">Elsa Langn\u00e4se<\/td>\n<td style=\"width: 53.852918%; height: 12px;\">Greta<\/td>\n<\/tr>\n<tr style=\"height: 22px;\">\n<td style=\"width: 46.147082%; height: 43px;\">Lou Haltinner<\/td>\n<td style=\"width: 53.852918%; height: 43px;\">Leona<\/td>\n<\/tr>\n<tr style=\"height: 34px;\">\n<td style=\"width: 46.147082%; height: 34px;\">Saladin Dellers<\/td>\n<td style=\"width: 53.852918%; height: 34px;\">S\u00f6ren<\/td>\n<\/tr>\n<tr style=\"height: 32px;\">\n<td style=\"width: 46.147082%; height: 32px;\">J\u00fcrg Pl\u00fcss<\/td>\n<td style=\"width: 53.852918%; height: 32px;\">Maul<\/td>\n<\/tr>\n<\/tbody>\n<\/table>\n<p>[\/vc_column_text][vc_column_text css=&#8220;.vc_custom_1691015681926{margin-top: -15px !important;padding-top: 12px !important;padding-right: 12px !important;padding-bottom: 12px !important;padding-left: 12px !important;background-color: #ffffff !important;border-radius: 5px !important;}&#8220;]<\/p>\n<table style=\"height: 170px; width: 100%; border-collapse: collapse;\">\n<tbody>\n<tr style=\"height: 45px;\">\n<td style=\"width: 46.147082%; height: 10px;\"><strong>Die Erwachsenen<\/strong><\/td>\n<td style=\"width: 53.852918%; height: 10px;\"><\/td>\n<\/tr>\n<tr style=\"height: 43px;\">\n<td style=\"width: 46.147082%; height: 30px;\">Nicolas Rosat<\/td>\n<td style=\"width: 53.852918%; height: 30px;\">Jochen<\/td>\n<\/tr>\n<tr style=\"height: 47px;\">\n<td style=\"width: 46.147082%; height: 12px;\">Timon Kiefer<\/td>\n<td style=\"width: 53.852918%; height: 12px;\">Lukas<\/td>\n<\/tr>\n<tr style=\"height: 41px;\">\n<td style=\"width: 46.147082%; height: 41px;\">Regula Imboden<\/td>\n<td style=\"width: 53.852918%; height: 41px;\">Eva<\/td>\n<\/tr>\n<tr style=\"height: 22px;\">\n<td style=\"width: 46.147082%; height: 43px;\">Nadim Ben Said<\/td>\n<td style=\"width: 53.852918%; height: 43px;\">Herr Michael<\/td>\n<\/tr>\n<tr style=\"height: 34px;\">\n<td style=\"width: 46.147082%; height: 34px;\">Sabrina Tannen<\/td>\n<td style=\"width: 53.852918%; height: 34px;\">Cornelia<\/td>\n<\/tr>\n<\/tbody>\n<\/table>\n<p>[\/vc_column_text][\/vc_column_inner][\/vc_row_inner][vc_row_inner][vc_column_inner][vc_single_image image=&#8220;95728&#8243; img_size=&#8220;full&#8220; onclick=&#8220;link_image&#8220;][\/vc_column_inner][\/vc_row_inner][\/vc_column][\/vc_row][vc_row][vc_column][vc_empty_space height=&#8220;12px&#8220;][vc_column_text css=&#8220;.vc_custom_1691054914352{margin-bottom: -12px !important;}&#8220;]<\/p>\n<h3>Weitere Informationen \u00fcber Darstellende<\/h3>\n<p>[\/vc_column_text][vc_empty_space height=&#8220;30px&#8220;][vc_row_inner][vc_column_inner width=&#8220;1\/5&#8243; css=&#8220;.vc_custom_1561290391124{border-right-width: -15px !important;}&#8220;][vc_single_image image=&#8220;95807&#8243; img_size=&#8220;full&#8220; onclick=&#8220;link_image&#8220;][\/vc_column_inner][vc_column_inner width=&#8220;4\/5&#8243;][vc_column_text css=&#8220;.vc_custom_1691053733797{margin-bottom: -15px !important;}&#8220;]<span style=\"font-size: 12pt;\"><strong>Lia von Blarer<\/strong> (Wanja)<\/span>[\/vc_column_text][vc_empty_space height=&#8220;35px&#8220;][vc_column_text]<\/p>\n<p class=\"EinfAbs\"><span lang=\"de\"><strong>Lia von Blarer<\/strong> studierte Schauspiel in Rostock und Paris. Seit ihrem Abschluss arbeitet sie als Theater- und Film-schauspielerin sowie als Autorin und lebt in Berlin.<\/span><\/p>\n<p>[\/vc_column_text][vc_column_text]<\/p>\n<p class=\"EinfAbs\">Zuletzt spielte sie in <strong>Julia von Heinz<\/strong> Mini Serie &#8222;<strong>Eldora-Do KaDeWe &#8211; Jetzt ist unsere Zeit<\/strong>&#8222;, <strong>Jan Gassmann<\/strong>s Kinofilm &#8222;<strong>99 Moons<\/strong>&#8220; und der Theaterproduktion <strong>G.O.U.L.E.<\/strong> des Regiekollektivs <strong>Prinzip Gonzo<\/strong> f\u00fcr das <strong>Th\u00e9\u00e2tre de la Manufacture Nancy<\/strong> und das <strong>Saarl\u00e4ndische Staatstheater Saarbr\u00fccken.<\/strong><\/p>\n<p>[\/vc_column_text][\/vc_column_inner][\/vc_row_inner][vc_separator][vc_row_inner][vc_column_inner width=&#8220;1\/5&#8243; css=&#8220;.vc_custom_1561290391124{border-right-width: -15px !important;}&#8220;][vc_single_image image=&#8220;95811&#8243; img_size=&#8220;full&#8220; onclick=&#8220;link_image&#8220;][\/vc_column_inner][vc_column_inner width=&#8220;4\/5&#8243;][vc_column_text css=&#8220;.vc_custom_1691053747153{margin-bottom: -15px !important;}&#8220;]<span style=\"font-size: 12pt;\"><strong>Elsa Langn\u00e4se<\/strong> (Greta)<\/span>[\/vc_column_text][vc_empty_space height=&#8220;35px&#8220;][vc_column_text]<\/p>\n<p style=\"font-weight: 400;\"><strong>Elsa Langn\u00e4se<\/strong> ist in Dresden und Z\u00fcrich aufgewachsen. Seit 2009 steht sie als Schauspielerin vor der Kamera und hat 2021 ihr Schauspielstudium in London abgeschlossen.<\/p>\n<p>[\/vc_column_text][vc_column_text]<\/p>\n<p style=\"font-weight: 400;\">2018 hat sie mit ihrer Rolle der <em>\u201cEveline Wyler\u201d<\/em> f\u00fcr die erste Staffel der Serie \u201e<strong>NR47<\/strong>\u201d den \u201c<strong>Z\u00fcrcher Radio- und Fernsehpreis<\/strong>\u201d gewonnen.<\/p>\n<p>[\/vc_column_text][\/vc_column_inner][\/vc_row_inner][vc_separator][vc_row_inner][vc_column_inner width=&#8220;1\/5&#8243; css=&#8220;.vc_custom_1561290391124{border-right-width: -15px !important;}&#8220;][vc_single_image image=&#8220;95917&#8243; img_size=&#8220;full&#8220; onclick=&#8220;link_image&#8220;][\/vc_column_inner][vc_column_inner width=&#8220;4\/5&#8243;][vc_column_text css=&#8220;.vc_custom_1691053756369{margin-bottom: -15px !important;}&#8220;]<span style=\"font-size: 12pt;\"><strong>Saladin Dellers<\/strong> (S\u00f6ren)<\/span>[\/vc_column_text][vc_empty_space height=&#8220;35px&#8220;][vc_column_text]<\/p>\n<p style=\"font-weight: 400;\">Erste Erfahrungen als Schauspieler sammelte <strong>Saladin Dellers<\/strong> bei der <strong>Jungen B\u00fchne Bern<\/strong>. Von 2012 bis 2016 studierte er Schauspiel an der <strong>Kunstuniversit\u00e4t Graz<\/strong>.<\/p>\n<p>[\/vc_column_text][vc_column_text]<\/p>\n<p style=\"font-weight: 400;\">Sein Deb\u00fct als Filmschauspieler gab <strong>Saladin Dellers<\/strong> in dem Kinospielfilm &#8222;<strong>Silberwald<\/strong>&#8222;. F\u00fcr seine Rolle als Sascha wurde er 2012 als bester Darsteller beim <strong>Schweizer Filmpreis<\/strong> nominiert. Es folgten zahlreiche weitere Filmprojekte wie &#8222;<strong>St\u00f6ffitown<\/strong>&#8220; (Regie: <strong>Christoph Schaub<\/strong>), &#8222;<strong>Der L\u00e4ufer&#8220;<\/strong> (Regie: <strong>Hannes Baumgartner<\/strong>) und &#8222;<strong>Golden Twenities<\/strong>&#8220; (Regie: <strong>Sophie Kluge).<\/strong><\/p>\n<p>[\/vc_column_text][\/vc_column_inner][\/vc_row_inner][vc_separator][vc_row_inner][vc_column_inner width=&#8220;1\/5&#8243; css=&#8220;.vc_custom_1561290391124{border-right-width: -15px !important;}&#8220;][vc_single_image image=&#8220;95815&#8243; img_size=&#8220;full&#8220; onclick=&#8220;link_image&#8220;][\/vc_column_inner][vc_column_inner width=&#8220;4\/5&#8243;][vc_column_text css=&#8220;.vc_custom_1691053839489{margin-bottom: -15px !important;}&#8220;]<span style=\"font-size: 12pt;\"><strong>Lou Haltinner<\/strong> (Leona)<\/span>[\/vc_column_text][vc_empty_space height=&#8220;35px&#8220;][vc_column_text]<\/p>\n<p style=\"font-weight: 400;\"><strong>Lou Haltinner<\/strong> wuchs in der Schweiz auf. Ihre erste Begegnung mit Theater war im <strong>jungen theater basel<\/strong>, wo sie seit 2015 in verschiedenen professionellen Produktionen mitspielt. Zudem wirkte Lou in verschiedenen Theater-, Tanz-, Fernseh- und Filmproduktionen mit.\u00a0 Zuletzt\u00a0verk\u00f6rperte sie <em>Elodie<\/em> in der SRF-Serie &#8222;Neumatt&#8220; und <em>Leona<\/em> im Spielfilm &#8222;<strong>Youth Topia<\/strong>&#8222;.<\/p>\n<p>[\/vc_column_text][vc_column_text]<\/p>\n<p style=\"font-weight: 400;\">Seit 2021 studiert <strong>Lou Haltinner<\/strong> Schauspiel an der <strong>Hochschule der K\u00fcnste Bern<\/strong>.<\/p>\n<p>[\/vc_column_text][\/vc_column_inner][\/vc_row_inner][vc_separator][vc_row_inner][vc_column_inner width=&#8220;1\/5&#8243; css=&#8220;.vc_custom_1561290391124{border-right-width: -15px !important;}&#8220;][vc_single_image image=&#8220;95820&#8243; img_size=&#8220;full&#8220; onclick=&#8220;link_image&#8220;][\/vc_column_inner][vc_column_inner width=&#8220;4\/5&#8243;][vc_column_text css=&#8220;.vc_custom_1691054544922{margin-bottom: -15px !important;}&#8220;]<span style=\"font-size: 12pt;\"><strong>J\u00fcrg Pl\u00fcss<\/strong> (Maul)<\/span>[\/vc_column_text][vc_empty_space height=&#8220;35px&#8220;][vc_column_text]<\/p>\n<p style=\"font-weight: 400;\"><strong>J\u00fcrg Pl\u00fcss<\/strong>, 1972 geboren und in <strong>Untervaz<\/strong> (GR) aufgewachsen, kam erst sp\u00e4t zur Schauspielerei. Nach einer Lehre zum Bahnbetriebsdisponenten bei der <strong>Rh\u00e4tischen Bahn,<\/strong> ist er schlussendlich an der Schauspielschule <strong>EFAS<\/strong> in Z\u00fcrich gelandet, die er 2002 abschloss.<\/p>\n<p>[\/vc_column_text][vc_column_text]<\/p>\n<p style=\"font-weight: 400;\">Er war langj\u00e4hriges Mitglied des <strong>Spl\u00e4tterlithe-Ater&#8217;s<\/strong> und ist auch oft f\u00fcr Film und Fernsehen t\u00e4tig. So hat man ihn in der 4. Staffel vom &#8222;<strong>Bestatter<\/strong>&#8220; oder in der Serie &#8222;<strong>Seitentriebe<\/strong>&#8222;, sowie auch in Kinofilmen wie &#8222;<strong>Ma-Rio<\/strong>&#8222;, &#8222;<strong>Youth Topia<\/strong>&#8220; oder &#8222;<strong>Platzspitzbaby<\/strong>&#8220; gesehen.<\/p>\n<p>[\/vc_column_text][\/vc_column_inner][\/vc_row_inner][vc_separator][vc_row_inner][vc_column_inner width=&#8220;1\/5&#8243; css=&#8220;.vc_custom_1561290391124{border-right-width: -15px !important;}&#8220;][vc_single_image image=&#8220;95813&#8243; img_size=&#8220;full&#8220; onclick=&#8220;link_image&#8220;][\/vc_column_inner][vc_column_inner width=&#8220;4\/5&#8243;][vc_column_text css=&#8220;.vc_custom_1691054647285{margin-bottom: -15px !important;}&#8220;]<span style=\"font-size: 12pt;\"><strong>Nicolas Rosat<\/strong> (Wanjas Vater)<\/span>[\/vc_column_text][vc_empty_space height=&#8220;35px&#8220;][vc_column_text]<\/p>\n<p style=\"font-weight: 400;\"><strong>Nicolas Rosat<\/strong> studierte Schauspiel von 1984-1989 am <strong>Konservatorium f\u00fcr Musik und Theater<\/strong> in Bern. Seine Engagements f\u00fchrten ihn an das <strong>Theater Basel,<\/strong> <strong>Theater Bremen<\/strong> und ans <strong>Schauspielhaus Hannover<\/strong>. Von 2003-2006 und von 2009-2019 war er Ensemblemitglied am <strong>Schauspielhaus Z\u00fcrich<\/strong>.<\/p>\n<p>[\/vc_column_text][vc_column_text]<\/p>\n<p style=\"font-weight: 400;\">Er hat in den Filmen &#8222;<strong>Facing Mecca<\/strong>&#8220; von <strong>Jan Eric Mack<\/strong>, &#8222;<strong>Sami<\/strong>&#8222;, &#8222;<strong>Joe und ich<\/strong>&#8220; von<strong> Karin Heberlein<\/strong> und in dem Vierteiler &#8222;<strong>Frieden<\/strong>&#8220; von <strong>Michael Schaerer<\/strong> mitgespielt.<\/p>\n<p>[\/vc_column_text][\/vc_column_inner][\/vc_row_inner][vc_separator][vc_row_inner][vc_column_inner width=&#8220;1\/5&#8243; css=&#8220;.vc_custom_1561290391124{border-right-width: -15px !important;}&#8220;][vc_single_image image=&#8220;95824&#8243; img_size=&#8220;full&#8220; onclick=&#8220;link_image&#8220;][\/vc_column_inner][vc_column_inner width=&#8220;4\/5&#8243;][vc_column_text css=&#8220;.vc_custom_1691054893695{margin-bottom: -15px !important;}&#8220;]<span style=\"font-size: 12pt;\"><strong>Timon Kiefer<\/strong> (Lukas)<\/span>[\/vc_column_text][vc_empty_space height=&#8220;35px&#8220;][vc_column_text]<\/p>\n<p style=\"font-weight: 400;\">Seine erste Set-Erfahrung hat <strong>Timon Kiefer<\/strong> mit einer Nebenrolle im Kinofilm &#8222;<strong>Blue My Mind<\/strong>&#8220; (2017) gemacht. Nach weiteren Nebenrollen in Kurzfilmen wie &#8222;<strong>Diversity Exists<\/strong>&#8220; und &#8222;<strong>Elephant in the Room<\/strong>&#8220; war er in Werbungen zu sehen.<\/p>\n<p>[\/vc_column_text][vc_column_text]<\/p>\n<p style=\"font-weight: 400;\">Am Talentscreen Award 2018 war er unter den Top 10. Kurz darauf spielte er im Musikvideo von <strong>Baba Shrimps<\/strong> &#8222;<strong>Road to Rome<\/strong>&#8222;, bevor er 2021 in die Rolle des <em>Lukas<\/em> im Kinofilm &#8222;<strong>Youth Topia<\/strong>&#8220; schl\u00fcpfte.<\/p>\n<p>[\/vc_column_text][\/vc_column_inner][\/vc_row_inner][vc_separator][vc_column_text]<\/p>\n<p style=\"font-weight: 400; text-align: center;\"><strong>Wenn die KI \u00fcber das Erwachsenwerden bestimmt.<\/strong><\/p>\n<p>[\/vc_column_text][vc_single_image image=&#8220;95722&#8243; img_size=&#8220;full&#8220;][\/vc_column][\/vc_row][vc_row][vc_column][vc_separator el_id=&#8220;trailer-deutsch&#8220;][vc_video link=&#8220;https:\/\/youtu.be\/m0R97YRr4LY&#8220; title=&#8220;Youth Topia | Trailer (deutsch)\u1d34\u1d30&#8220;][vc_empty_space height=&#8220;10px&#8220;][vc_column_text]<span style=\"font-size: 18pt;\">Stimmen zum Film<\/span><\/p>\n<p style=\"font-weight: 400;\"><em>&#8222;Der Film vom Dennis Stormer ist eine gelungene Satire der Gesellschaft (&#8230;). Er pr\u00e4sentiert eine Realit\u00e4t, die genauso gut der bekannten Serie \u00abBlack Mirror\u00bb entnommen sein k\u00f6nnte. \u00abYouth Topia\u00bb erf\u00fcllt seinen Zweck: Eine Br\u00fccke zwischen Generationen zu bauen. Vertr\u00e4umt, dystopisch, jedoch zutiefst real regt der Film das Publikum an, dar\u00fcber nachzudenken, welche Art Erwachsener wir werden m\u00f6chten.&#8220; <\/em>(<strong>Alejandro Manjon<\/strong>, <a href=\"http:\/\/www.cineman.ch\/\">www.cineman.ch<\/a>)<\/p>\n<p style=\"font-weight: 400;\"><em>&#8222;Stormer und Co-Autorin Marisa Meier haben mit \u00abYouth Topia\u00bb eine originelle Dystopie \u00fcber das \u00c4lterwerden und Jungbleiben-Wollen geschaffen.&#8220; <\/em>(<strong>Aline Locher<\/strong>, <a href=\"https:\/\/www.maximumcinema.ch\/\">www.maximumcinema.ch<\/a>)<\/p>\n<p>[\/vc_column_text][\/vc_column][\/vc_row][vc_row][vc_column][vc_separator css=&#8220;.vc_custom_1560377795279{margin-top: 15px !important;}&#8220;][vc_empty_space height=&#8220;5px&#8220;][\/vc_column][\/vc_row][vc_row][vc_column][vc_column_text]<\/p>\n<h2><span style=\"font-family: arial, helvetica, sans-serif;\">Neuigkeiten<\/span><\/h2>\n<p>[\/vc_column_text]<style type=\"text\/css\" data-type=\"the7_shortcodes-inline-css\">.blog-shortcode.blog-masonry-shortcode-id-6d7c3e564cb88de8c2426df68f2d1f30.dividers-on.classic-layout-list article {\n  padding-top: 0;\n}\n.blog-shortcode.blog-masonry-shortcode-id-6d7c3e564cb88de8c2426df68f2d1f30.dividers-on.classic-layout-list article:first-of-type {\n  margin-top: 0;\n  padding-top: 0;\n}\n.blog-shortcode.blog-masonry-shortcode-id-6d7c3e564cb88de8c2426df68f2d1f30.classic-layout-list.mode-list .post-entry-content {\n  width: calc(100% - );\n}\n.blog-shortcode.blog-masonry-shortcode-id-6d7c3e564cb88de8c2426df68f2d1f30.classic-layout-list.mode-list .no-img .post-entry-content {\n  width: 100%;\n}\n.blog-shortcode.blog-masonry-shortcode-id-6d7c3e564cb88de8c2426df68f2d1f30 .filter-bg-decoration .filter-categories a.act {\n  color: #fff;\n}\n.blog-shortcode.blog-masonry-shortcode-id-6d7c3e564cb88de8c2426df68f2d1f30:not(.mode-masonry) article:first-of-type,\n.blog-shortcode.blog-masonry-shortcode-id-6d7c3e564cb88de8c2426df68f2d1f30:not(.mode-masonry) article.visible.first:not(.product) {\n  margin-top: 0;\n}\n.blog-shortcode.blog-masonry-shortcode-id-6d7c3e564cb88de8c2426df68f2d1f30.dividers-on:not(.mode-masonry) article {\n  margin-top: 0;\n}\n.blog-shortcode.blog-masonry-shortcode-id-6d7c3e564cb88de8c2426df68f2d1f30.dividers-on:not(.mode-masonry) article:first-of-type,\n.blog-shortcode.blog-masonry-shortcode-id-6d7c3e564cb88de8c2426df68f2d1f30.dividers-on:not(.mode-masonry) article.visible.first:not(.product) {\n  margin-top: 0;\n  padding-top: 0;\n}\n.blog-shortcode.blog-masonry-shortcode-id-6d7c3e564cb88de8c2426df68f2d1f30 .post-thumbnail-wrap {\n  padding: 0px 0px 0px 0px;\n}\n.blog-shortcode.blog-masonry-shortcode-id-6d7c3e564cb88de8c2426df68f2d1f30.enable-bg-rollover .post-thumbnail-rollover:after {\n  background: -webkit-linear-gradient();\n  background: linear-gradient();\n}\n.blog-shortcode.blog-masonry-shortcode-id-6d7c3e564cb88de8c2426df68f2d1f30 .gallery-zoom-ico {\n  width: 44px;\n  height: 44px;\n  line-height: 44px;\n  border-radius: 100px;\n  margin: -22px 0 0 -22px;\n  border-width: 0px;\n  color: #ffffff;\n}\n.bottom-overlap-layout-list.blog-shortcode.blog-masonry-shortcode-id-6d7c3e564cb88de8c2426df68f2d1f30 .gallery-zoom-ico {\n  margin-top: -72px;\n}\n.gradient-overlay-layout-list.blog-shortcode.blog-masonry-shortcode-id-6d7c3e564cb88de8c2426df68f2d1f30 .gallery-zoom-ico,\n.content-rollover-layout-list.blog-shortcode.blog-masonry-shortcode-id-6d7c3e564cb88de8c2426df68f2d1f30 .gallery-zoom-ico {\n  margin: 0 0 10px;\n}\n.content-align-center.gradient-overlay-layout-list.blog-shortcode.blog-masonry-shortcode-id-6d7c3e564cb88de8c2426df68f2d1f30 .gallery-zoom-ico,\n.content-align-center.content-rollover-layout-list.blog-shortcode.blog-masonry-shortcode-id-6d7c3e564cb88de8c2426df68f2d1f30 .gallery-zoom-ico {\n  margin: 0 auto 10px;\n}\n.dt-icon-bg-on.blog-shortcode.blog-masonry-shortcode-id-6d7c3e564cb88de8c2426df68f2d1f30 .gallery-zoom-ico {\n  background: rgba(255,255,255,0.3);\n  box-shadow: none;\n}\n.blog-shortcode.blog-masonry-shortcode-id-6d7c3e564cb88de8c2426df68f2d1f30 .gallery-zoom-ico > span,\n.blog-shortcode.blog-masonry-shortcode-id-6d7c3e564cb88de8c2426df68f2d1f30 .gallery-zoom-ico:before {\n  font-size: 32px;\n  line-height: 44px;\n}\n.blog-shortcode.blog-masonry-shortcode-id-6d7c3e564cb88de8c2426df68f2d1f30 .gallery-zoom-ico > span,\n.blog-shortcode.blog-masonry-shortcode-id-6d7c3e564cb88de8c2426df68f2d1f30 .gallery-zoom-ico:before {\n  color: #ffffff;\n}\n.blog-shortcode.blog-masonry-shortcode-id-6d7c3e564cb88de8c2426df68f2d1f30 .entry-title,\n.blog-shortcode.blog-masonry-shortcode-id-6d7c3e564cb88de8c2426df68f2d1f30.owl-carousel .entry-title {\n  margin-bottom: 5px;\n  font-weight: bold;\n}\n.blog-shortcode.blog-masonry-shortcode-id-6d7c3e564cb88de8c2426df68f2d1f30 .entry-meta {\n  margin-bottom: 15px;\n}\n.blog-shortcode.blog-masonry-shortcode-id-6d7c3e564cb88de8c2426df68f2d1f30 .portfolio-categories {\n  margin-bottom: 15px;\n}\n.blog-shortcode.blog-masonry-shortcode-id-6d7c3e564cb88de8c2426df68f2d1f30 .entry-excerpt {\n  margin-bottom: 5px;\n}\n.blog-shortcode.blog-masonry-shortcode-id-6d7c3e564cb88de8c2426df68f2d1f30:not(.centered-layout-list) .post-entry-content {\n  padding: 25px 30px 30px 30px;\n}\n.blog-shortcode.blog-masonry-shortcode-id-6d7c3e564cb88de8c2426df68f2d1f30:not(.centered-layout-list):not(.content-bg-on):not(.mode-list) .no-img .post-entry-content {\n  padding: 0;\n}\n@media screen and (max-width: ) {\n  .blog-shortcode.blog-masonry-shortcode-id-6d7c3e564cb88de8c2426df68f2d1f30 article {\n    -ms-flex-flow: column nowrap;\n    flex-flow: column nowrap;\n    margin-top: 20px;\n  }\n  .blog-shortcode.blog-masonry-shortcode-id-6d7c3e564cb88de8c2426df68f2d1f30.dividers-on article {\n    border: none;\n  }\n  .blog-shortcode.blog-masonry-shortcode-id-6d7c3e564cb88de8c2426df68f2d1f30.content-bg-on.centered-layout-list article {\n    padding: 0;\n  }\n  .blog-shortcode.blog-masonry-shortcode-id-6d7c3e564cb88de8c2426df68f2d1f30.blog-shortcode.dividers-on article,\n  .blog-shortcode.blog-masonry-shortcode-id-6d7c3e564cb88de8c2426df68f2d1f30.dividers-on.classic-layout-list article {\n    margin-top: 20px;\n    padding: 0;\n  }\n  .blog-shortcode.blog-masonry-shortcode-id-6d7c3e564cb88de8c2426df68f2d1f30.blog-shortcode.dividers-on article:first-of-type,\n  .blog-shortcode.blog-masonry-shortcode-id-6d7c3e564cb88de8c2426df68f2d1f30.dividers-on.classic-layout-list article:first-of-type {\n    padding: 0;\n  }\n  #page .blog-shortcode.blog-masonry-shortcode-id-6d7c3e564cb88de8c2426df68f2d1f30 .post-thumbnail-wrap,\n  #page .blog-shortcode.blog-masonry-shortcode-id-6d7c3e564cb88de8c2426df68f2d1f30 .post-entry-content {\n    width: 100%;\n    margin: 0;\n    top: 0;\n  }\n  #page .blog-shortcode.blog-masonry-shortcode-id-6d7c3e564cb88de8c2426df68f2d1f30 .post-thumbnail-wrap {\n    padding: 0;\n  }\n  #page .blog-shortcode.blog-masonry-shortcode-id-6d7c3e564cb88de8c2426df68f2d1f30 .post-entry-content:after {\n    display: none;\n  }\n  #page .blog-shortcode.blog-masonry-shortcode-id-6d7c3e564cb88de8c2426df68f2d1f30 .project-even .post-thumbnail-wrap,\n  #page .blog-shortcode.blog-masonry-shortcode-id-6d7c3e564cb88de8c2426df68f2d1f30.centered-layout-list .post-thumbnail-wrap {\n    -ms-flex-order: 0;\n    order: 0;\n  }\n  #page .blog-shortcode.blog-masonry-shortcode-id-6d7c3e564cb88de8c2426df68f2d1f30.centered-layout-list .post-entry-title-content {\n    -ms-flex-order: 1;\n    order: 1;\n    width: 100%;\n    padding: 20px 20px 0;\n  }\n  #page .blog-shortcode.blog-masonry-shortcode-id-6d7c3e564cb88de8c2426df68f2d1f30.centered-layout-list .post-entry-content {\n    -ms-flex-order: 2;\n    order: 2;\n    padding-top: 0;\n  }\n  #page .blog-shortcode.blog-masonry-shortcode-id-6d7c3e564cb88de8c2426df68f2d1f30 .fancy-categories {\n    top: 10px;\n    left: 10px;\n    bottom: auto;\n    right: auto;\n  }\n  #page .blog-shortcode.blog-masonry-shortcode-id-6d7c3e564cb88de8c2426df68f2d1f30 .fancy-date a {\n    top: 10px;\n    right: 10px;\n    left: auto;\n    bottom: auto;\n  }\n  #page .blog-shortcode.blog-masonry-shortcode-id-6d7c3e564cb88de8c2426df68f2d1f30 .post-entry-content {\n    padding: 20px;\n  }\n  #page .blog-shortcode.blog-masonry-shortcode-id-6d7c3e564cb88de8c2426df68f2d1f30 .entry-title {\n    margin: 3px 0 5px;\n    font-size: 20px;\n    line-height: 26px;\n  }\n  #page .blog-shortcode.blog-masonry-shortcode-id-6d7c3e564cb88de8c2426df68f2d1f30 .entry-meta {\n    margin: 5px 0 5px;\n  }\n  #page .blog-shortcode.blog-masonry-shortcode-id-6d7c3e564cb88de8c2426df68f2d1f30 .entry-excerpt {\n    margin: 15px 0 0;\n  }\n  #page .blog-shortcode.blog-masonry-shortcode-id-6d7c3e564cb88de8c2426df68f2d1f30 .post-details {\n    margin: 5px 0 10px;\n  }\n  #page .blog-shortcode.blog-masonry-shortcode-id-6d7c3e564cb88de8c2426df68f2d1f30 .post-details.details-type-link {\n    margin-bottom: 2px;\n  }\n}\n.blog-shortcode.blog-masonry-shortcode-id-6d7c3e564cb88de8c2426df68f2d1f30:not(.resize-by-browser-width) .dt-css-grid {\n  grid-row-gap: 30px;\n  grid-column-gap: 30px;\n  grid-template-columns: repeat(auto-fill,minmax(,1fr));\n}\n.blog-shortcode.blog-masonry-shortcode-id-6d7c3e564cb88de8c2426df68f2d1f30:not(.resize-by-browser-width) .dt-css-grid .double-width {\n  grid-column: span 2;\n}\n.cssgridlegacy.no-cssgrid .blog-shortcode.blog-masonry-shortcode-id-6d7c3e564cb88de8c2426df68f2d1f30:not(.resize-by-browser-width) .dt-css-grid,\n.no-cssgridlegacy.no-cssgrid .blog-shortcode.blog-masonry-shortcode-id-6d7c3e564cb88de8c2426df68f2d1f30:not(.resize-by-browser-width) .dt-css-grid {\n  display: flex;\n  flex-flow: row wrap;\n  margin: -15px;\n}\n.cssgridlegacy.no-cssgrid .blog-shortcode.blog-masonry-shortcode-id-6d7c3e564cb88de8c2426df68f2d1f30:not(.resize-by-browser-width) .dt-css-grid .wf-cell,\n.no-cssgridlegacy.no-cssgrid .blog-shortcode.blog-masonry-shortcode-id-6d7c3e564cb88de8c2426df68f2d1f30:not(.resize-by-browser-width) .dt-css-grid .wf-cell {\n  flex: 1 0 ;\n  max-width: 100%;\n  padding: 15px;\n  box-sizing: border-box;\n}\n.blog-shortcode.blog-masonry-shortcode-id-6d7c3e564cb88de8c2426df68f2d1f30.resize-by-browser-width .dt-css-grid {\n  grid-template-columns: repeat(2,1fr);\n  grid-template-rows: auto;\n  grid-column-gap: 30px;\n  grid-row-gap: 30px;\n}\n.blog-shortcode.blog-masonry-shortcode-id-6d7c3e564cb88de8c2426df68f2d1f30.resize-by-browser-width .dt-css-grid .double-width {\n  grid-column: span 2;\n}\n.cssgridlegacy.no-cssgrid .blog-shortcode.blog-masonry-shortcode-id-6d7c3e564cb88de8c2426df68f2d1f30.resize-by-browser-width .dt-css-grid {\n  margin: -15px;\n}\n.cssgridlegacy.no-cssgrid .blog-shortcode.blog-masonry-shortcode-id-6d7c3e564cb88de8c2426df68f2d1f30.resize-by-browser-width .dt-css-grid .wf-cell {\n  width: 50%;\n  padding: 15px;\n}\n.cssgridlegacy.no-cssgrid .blog-shortcode.blog-masonry-shortcode-id-6d7c3e564cb88de8c2426df68f2d1f30.resize-by-browser-width .dt-css-grid .wf-cell.double-width {\n  width: calc(50%) * 2;\n}\n.blog-shortcode.blog-masonry-shortcode-id-6d7c3e564cb88de8c2426df68f2d1f30.resize-by-browser-width:not(.centered-layout-list):not(.content-bg-on) .dt-css-grid {\n  grid-row-gap: 0px;\n}\n@media screen and (max-width: 1199px) {\n  .blog-shortcode.blog-masonry-shortcode-id-6d7c3e564cb88de8c2426df68f2d1f30.resize-by-browser-width .dt-css-grid {\n    grid-template-columns: repeat(2,1fr);\n  }\n  .cssgridlegacy.no-cssgrid .blog-shortcode.blog-masonry-shortcode-id-6d7c3e564cb88de8c2426df68f2d1f30.resize-by-browser-width .dt-css-grid .wf-cell,\n  .no-cssgridlegacy.no-cssgrid .blog-shortcode.blog-masonry-shortcode-id-6d7c3e564cb88de8c2426df68f2d1f30.resize-by-browser-width .dt-css-grid .wf-cell {\n    width: 50%;\n  }\n  .cssgridlegacy.no-cssgrid .blog-shortcode.blog-masonry-shortcode-id-6d7c3e564cb88de8c2426df68f2d1f30.resize-by-browser-width .dt-css-grid .wf-cell.double-width,\n  .no-cssgridlegacy.no-cssgrid .blog-shortcode.blog-masonry-shortcode-id-6d7c3e564cb88de8c2426df68f2d1f30.resize-by-browser-width .dt-css-grid .wf-cell.double-width {\n    width: calc(50%)*2;\n  }\n}\n@media screen and (max-width: 991px) {\n  .blog-shortcode.blog-masonry-shortcode-id-6d7c3e564cb88de8c2426df68f2d1f30.resize-by-browser-width .dt-css-grid {\n    grid-template-columns: repeat(1,1fr);\n  }\n  .cssgridlegacy.no-cssgrid .blog-shortcode.blog-masonry-shortcode-id-6d7c3e564cb88de8c2426df68f2d1f30.resize-by-browser-width .dt-css-grid .wf-cell,\n  .no-cssgridlegacy.no-cssgrid .blog-shortcode.blog-masonry-shortcode-id-6d7c3e564cb88de8c2426df68f2d1f30.resize-by-browser-width .dt-css-grid .wf-cell {\n    width: 100%;\n  }\n  .cssgridlegacy.no-cssgrid .blog-shortcode.blog-masonry-shortcode-id-6d7c3e564cb88de8c2426df68f2d1f30.resize-by-browser-width .dt-css-grid .wf-cell.double-width,\n  .no-cssgridlegacy.no-cssgrid .blog-shortcode.blog-masonry-shortcode-id-6d7c3e564cb88de8c2426df68f2d1f30.resize-by-browser-width .dt-css-grid .wf-cell.double-width {\n    width: calc(100%)*2;\n  }\n}\n@media screen and (max-width: 767px) {\n  .blog-shortcode.blog-masonry-shortcode-id-6d7c3e564cb88de8c2426df68f2d1f30.resize-by-browser-width .dt-css-grid {\n    grid-template-columns: repeat(1,1fr);\n  }\n  .blog-shortcode.blog-masonry-shortcode-id-6d7c3e564cb88de8c2426df68f2d1f30.resize-by-browser-width .dt-css-grid .double-width {\n    grid-column: span 1;\n  }\n  .cssgridlegacy.no-cssgrid .blog-shortcode.blog-masonry-shortcode-id-6d7c3e564cb88de8c2426df68f2d1f30.resize-by-browser-width .dt-css-grid .wf-cell,\n  .no-cssgridlegacy.no-cssgrid .blog-shortcode.blog-masonry-shortcode-id-6d7c3e564cb88de8c2426df68f2d1f30.resize-by-browser-width .dt-css-grid .wf-cell {\n    width: 100%;\n  }\n  .cssgridlegacy.no-cssgrid .blog-shortcode.blog-masonry-shortcode-id-6d7c3e564cb88de8c2426df68f2d1f30.resize-by-browser-width .dt-css-grid .wf-cell.double-width,\n  .no-cssgridlegacy.no-cssgrid .blog-shortcode.blog-masonry-shortcode-id-6d7c3e564cb88de8c2426df68f2d1f30.resize-by-browser-width .dt-css-grid .wf-cell.double-width {\n    width: calc(100%)*2;\n  }\n}<\/style><div class=\"blog-shortcode blog-masonry-shortcode-id-6d7c3e564cb88de8c2426df68f2d1f30 mode-grid classic-layout-list content-bg-on jquery-filter scale-img dt-css-grid-wrap dt-icon-bg-off resize-by-browser-width loading-effect-none description-under-image \" data-padding=\"15px\" data-cur-page=\"1\" data-post-limit=\"-1\" data-pagination-mode=\"none\" data-desktop-columns-num=\"2\" data-v-tablet-columns-num=\"1\" data-h-tablet-columns-num=\"2\" data-phone-columns-num=\"1\" data-width=\"0px\" data-columns=\"0\"><div class=\"dt-css-grid\" ><div class=\"visible wf-cell\" data-post-id=\"96065\" data-date=\"2023-08-18T15:59:18+00:00\" data-name=\"\ud83c\udfac Premiere von &quot;Youth Topia&quot; von Dennis Stormer im City Kino Wedding in Berlin\"><article class=\"post project-odd visible post-96065 type-post status-publish format-standard has-post-thumbnail hentry category-artkeim category-film category-filmvertrieb-de category-kino category-news category-weltvertrieb tag-algorithmus tag-artkeim tag-city-kino-wedding tag-dennis-stormer tag-elsa-langnaese tag-lia-von-blarer tag-lou-haltinner tag-marisa-meier tag-saladin-dellers tag-tellfilm tag-youth-topia category-828 category-8 category-15325 category-10 category-13 category-7528\" data-name=\"\ud83c\udfac Premiere von &#8222;Youth Topia&#8220; von Dennis Stormer im City Kino Wedding in Berlin\" data-date=\"2023-08-18T15:59:18+00:00\">\n\n<div class=\"post-thumbnail-wrap\">\n\t<div class=\"post-thumbnail\">\n\t\t\n\t\t\n\t\t<a href=\"https:\/\/ucm.one\/de\/premiere-von-youth-topia-von-dennis-stormer-im-city-kino-wedding-in-berlin\/\" class=\"post-thumbnail-rollover layzr-bg layzr-bg\" ><img decoding=\"async\" class=\"iso-lazy-load preload-me iso-lazy-load aspect\" src=\"data:image\/svg+xml,%3Csvg%20xmlns%3D&#39;http%3A%2F%2Fwww.w3.org%2F2000%2Fsvg&#39;%20viewBox%3D&#39;0%200%20990%20309&#39;%2F%3E\" data-src=\"https:\/\/ucm.one\/wp-content\/uploads\/2023\/08\/YouthTopia-Banner-Premiere-1920x600-1-990x309.jpeg\" data-srcset=\"https:\/\/ucm.one\/wp-content\/uploads\/2023\/08\/YouthTopia-Banner-Premiere-1920x600-1-990x309.jpeg 990w, https:\/\/ucm.one\/wp-content\/uploads\/2023\/08\/YouthTopia-Banner-Premiere-1920x600-1-1485x464.jpeg 1485w\" loading=\"eager\" style=\"--ratio: 990 \/ 309\" sizes=\"(max-width: 990px) 100vw, 990px\" alt=\"\" title=\"YouthTopia Banner Premiere 1920&#215;600\" width=\"990\" height=\"309\"  \/><\/a>\t<\/div>\n<\/div>\n\n\n<div class=\"post-entry-content\">\n\n\t<h3 class=\"entry-title\">\n\t\t<a href=\"https:\/\/ucm.one\/de\/premiere-von-youth-topia-von-dennis-stormer-im-city-kino-wedding-in-berlin\/\" title=\"\ud83c\udfac Premiere von &#8222;Youth Topia&#8220; von Dennis Stormer im City Kino Wedding in Berlin\" rel=\"bookmark\">\ud83c\udfac Premiere von &#8222;Youth Topia&#8220; von Dennis Stormer im City Kino Wedding in Berlin<\/a>\n\t<\/h3>\n\n\t<div class=\"entry-meta\"><span class=\"category-link\"><a href=\"https:\/\/ucm.one\/de\/category\/news\/film\/artkeim\/\" >Artkeim\u00b2<\/a>, <a href=\"https:\/\/ucm.one\/de\/category\/news\/film\/\" >Film<\/a>, <a href=\"https:\/\/ucm.one\/de\/category\/news\/vertrieb-von-medien-de\/filmvertrieb-de\/\" >Filmvertrieb<\/a>, <a href=\"https:\/\/ucm.one\/de\/category\/news\/kino\/\" >Kino<\/a>, <a href=\"https:\/\/ucm.one\/de\/category\/news\/\" >News<\/a>, <a href=\"https:\/\/ucm.one\/de\/category\/news\/verleih\/weltvertrieb\/\" >Weltvertrieb<\/a><\/span><a class=\"author vcard\" href=\"\" title=\"Zeige alle Beitr\u00e4ge von Joachim Keil\" rel=\"author\">Von <span class=\"fn\">Joachim Keil<\/span><\/a><a href=\"https:\/\/ucm.one\/de\/2023\/08\/18\/\" title=\"15:59\" class=\"data-link\" rel=\"bookmark\"><time class=\"entry-date updated\" datetime=\"2023-08-18T15:59:18+00:00\">18. August 2023<\/time><\/a><\/div>\n\t<div class=\"entry-excerpt\"><p>[vc_row][vc_column][vc_column_text] Gestern Abend fand im City Kino Wedding in Berlin die Kinostartpremiere des Films &#8222;Youth Topia\u201c (Artkeim\u00b2) von Dennis Stormer statt. Schauspieler, Filmteam und G\u00e4ste kamen zusammen, um den Start dieses Films zu feiern, der nun im Filmverleih der UCM.ONE auf dem Label Artkeim\u00b2 bundesweit gezeigt wird. [\/vc_column_text][\/vc_column][\/vc_row][vc_row][vc_column width=&#8220;1\/2&#8243;][vc_column_text] &#8222;Youth Topia&#8220; wirft einen Blick in&hellip;<\/p>\n<\/div>\n\t\n<a href=\"https:\/\/ucm.one\/de\/premiere-von-youth-topia-von-dennis-stormer-im-city-kino-wedding-in-berlin\/\" class=\"post-details details-type-link\" aria-label=\"Read more about \ud83c\udfac Premiere von &#8222;Youth Topia&#8220; von Dennis Stormer im City Kino Wedding in Berlin\">Mehr lesen<i class=\"dt-icon-the7-arrow-03\" aria-hidden=\"true\"><\/i><\/a>\n\n<\/div><\/article><\/div><div class=\"visible wf-cell\" data-post-id=\"96031\" data-date=\"2023-08-17T21:36:47+00:00\" data-name=\"\ud83c\udfac &quot;Youth Topia&quot; von Dennis Stormer startet auf dem Label Artkeim\u00b2 bundesweit in den Kinos\"><article class=\"post project-odd visible post-96031 type-post status-publish format-standard has-post-thumbnail hentry category-artkeim category-film category-filmvertrieb-de category-kino category-news category-weltvertrieb tag-algorithmus tag-artkeim tag-city-kino-wedding tag-dennis-stormer tag-elsa-langnaese tag-lia-von-blarer tag-lou-haltinner tag-marisa-meier tag-saladin-dellers tag-tellfilm tag-youth-topia category-828 category-8 category-15325 category-10 category-13 category-7528\" data-name=\"\ud83c\udfac &#8222;Youth Topia&#8220; von Dennis Stormer startet auf dem Label Artkeim\u00b2 bundesweit in den Kinos\" data-date=\"2023-08-17T21:36:47+00:00\">\n\n<div class=\"post-thumbnail-wrap\">\n\t<div class=\"post-thumbnail\">\n\t\t\n\t\t\n\t\t<a href=\"https:\/\/ucm.one\/de\/youth-topia-von-dennis-stormer-startet-auf-dem-label-artkeim%c2%b2-bundesweit-in-den-kinos\/\" class=\"post-thumbnail-rollover layzr-bg layzr-bg\" ><img decoding=\"async\" class=\"iso-lazy-load preload-me iso-lazy-load aspect\" src=\"data:image\/svg+xml,%3Csvg%20xmlns%3D&#39;http%3A%2F%2Fwww.w3.org%2F2000%2Fsvg&#39;%20viewBox%3D&#39;0%200%20990%20309&#39;%2F%3E\" data-src=\"https:\/\/ucm.one\/wp-content\/uploads\/2023\/08\/YouthTopia-Kinostart-DE-1920x600-2-990x309.jpeg\" data-srcset=\"https:\/\/ucm.one\/wp-content\/uploads\/2023\/08\/YouthTopia-Kinostart-DE-1920x600-2-990x309.jpeg 990w, https:\/\/ucm.one\/wp-content\/uploads\/2023\/08\/YouthTopia-Kinostart-DE-1920x600-2-1485x464.jpeg 1485w\" loading=\"eager\" style=\"--ratio: 990 \/ 309\" sizes=\"(max-width: 990px) 100vw, 990px\" alt=\"\" title=\"YouthTopia Kinostart DE 1920&#215;600\" width=\"990\" height=\"309\"  \/><\/a>\t<\/div>\n<\/div>\n\n\n<div class=\"post-entry-content\">\n\n\t<h3 class=\"entry-title\">\n\t\t<a href=\"https:\/\/ucm.one\/de\/youth-topia-von-dennis-stormer-startet-auf-dem-label-artkeim%c2%b2-bundesweit-in-den-kinos\/\" title=\"\ud83c\udfac &#8222;Youth Topia&#8220; von Dennis Stormer startet auf dem Label Artkeim\u00b2 bundesweit in den Kinos\" rel=\"bookmark\">\ud83c\udfac &#8222;Youth Topia&#8220; von Dennis Stormer startet auf dem Label Artkeim\u00b2 bundesweit in den Kinos<\/a>\n\t<\/h3>\n\n\t<div class=\"entry-meta\"><span class=\"category-link\"><a href=\"https:\/\/ucm.one\/de\/category\/news\/film\/artkeim\/\" >Artkeim\u00b2<\/a>, <a href=\"https:\/\/ucm.one\/de\/category\/news\/film\/\" >Film<\/a>, <a href=\"https:\/\/ucm.one\/de\/category\/news\/vertrieb-von-medien-de\/filmvertrieb-de\/\" >Filmvertrieb<\/a>, <a href=\"https:\/\/ucm.one\/de\/category\/news\/kino\/\" >Kino<\/a>, <a href=\"https:\/\/ucm.one\/de\/category\/news\/\" >News<\/a>, <a href=\"https:\/\/ucm.one\/de\/category\/news\/verleih\/weltvertrieb\/\" >Weltvertrieb<\/a><\/span><a class=\"author vcard\" href=\"\" title=\"Zeige alle Beitr\u00e4ge von Joachim Keil\" rel=\"author\">Von <span class=\"fn\">Joachim Keil<\/span><\/a><a href=\"https:\/\/ucm.one\/de\/2023\/08\/17\/\" title=\"21:36\" class=\"data-link\" rel=\"bookmark\"><time class=\"entry-date updated\" datetime=\"2023-08-17T21:36:47+00:00\">17. August 2023<\/time><\/a><\/div>\n\t<div class=\"entry-excerpt\"><p>[vc_row][vc_column][vc_column_text] Im Filmverleih der UCM.ONE auf dem Label Artkeim\u00b2 startet heute bundesweit der Film &#8222;Youth Topia&#8220; von Dennis Stormer. Die Premiere findet um 19 Uhr im Berliner City Kino Wedding statt, und das gesamte Filmteam wird anwesend sein. [\/vc_column_text][\/vc_column][\/vc_row][vc_row][vc_column width=&#8220;3\/4&#8243;][vc_column_text] &#8222;Youth Topia&#8220; entf\u00fchrt die Zuschauer:innen in eine nicht allzu ferne Zukunft, in der ein Algorithmus&hellip;<\/p>\n<\/div>\n\t\n<a href=\"https:\/\/ucm.one\/de\/youth-topia-von-dennis-stormer-startet-auf-dem-label-artkeim%c2%b2-bundesweit-in-den-kinos\/\" class=\"post-details details-type-link\" aria-label=\"Read more about \ud83c\udfac &#8222;Youth Topia&#8220; von Dennis Stormer startet auf dem Label Artkeim\u00b2 bundesweit in den Kinos\">Mehr lesen<i class=\"dt-icon-the7-arrow-03\" aria-hidden=\"true\"><\/i><\/a>\n\n<\/div><\/article><\/div><div class=\"visible wf-cell\" data-post-id=\"95644\" data-date=\"2023-08-02T00:01:57+00:00\" data-name=\"\ud83c\udfac UCM.ONE ist bei der 76. Ausgabe des Locarno Film Festivals mit dabei\"><article class=\"post project-odd visible post-95644 type-post status-publish format-standard has-post-thumbnail hentry category-artkeim category-darling-berlin category-film category-firma category-news category-nonfy-documentaries category-verleih tag-artkeim tag-darling-berlin tag-festival-del-film-locarno tag-film-festival-locarno tag-filmfestival tag-goldener-leopard tag-lili-hinstins tag-locarno tag-nonfy tag-nonfy-documentaries tag-piazza-grande tag-schweiz tag-ucm-one tag-youth-topia category-828 category-830 category-8 category-5590 category-13 category-4587 category-752\" data-name=\"\ud83c\udfac UCM.ONE ist bei der 76. Ausgabe des Locarno Film Festivals mit dabei\" data-date=\"2023-08-02T00:01:57+00:00\">\n\n<div class=\"post-thumbnail-wrap\">\n\t<div class=\"post-thumbnail\">\n\t\t\n\t\t\n\t\t<a href=\"https:\/\/ucm.one\/de\/ucm-one-ist-bei-der-76-ausgabe-des-locarno-film-festivals-mit-dabei\/\" class=\"post-thumbnail-rollover layzr-bg layzr-bg\" ><img decoding=\"async\" class=\"iso-lazy-load preload-me iso-lazy-load aspect\" src=\"data:image\/svg+xml,%3Csvg%20xmlns%3D&#39;http%3A%2F%2Fwww.w3.org%2F2000%2Fsvg&#39;%20viewBox%3D&#39;0%200%20990%20309&#39;%2F%3E\" data-src=\"https:\/\/ucm.one\/wp-content\/uploads\/2023\/07\/B-Locarno-2023-990x309.jpg\" data-srcset=\"https:\/\/ucm.one\/wp-content\/uploads\/2023\/07\/B-Locarno-2023-990x309.jpg 990w, https:\/\/ucm.one\/wp-content\/uploads\/2023\/07\/B-Locarno-2023-1485x464.jpg 1485w\" loading=\"eager\" style=\"--ratio: 990 \/ 309\" sizes=\"(max-width: 990px) 100vw, 990px\" alt=\"\" title=\"B Locarno 2023\" width=\"990\" height=\"309\"  \/><\/a>\t<\/div>\n<\/div>\n\n\n<div class=\"post-entry-content\">\n\n\t<h3 class=\"entry-title\">\n\t\t<a href=\"https:\/\/ucm.one\/de\/ucm-one-ist-bei-der-76-ausgabe-des-locarno-film-festivals-mit-dabei\/\" title=\"\ud83c\udfac UCM.ONE ist bei der 76. Ausgabe des Locarno Film Festivals mit dabei\" rel=\"bookmark\">\ud83c\udfac UCM.ONE ist bei der 76. Ausgabe des Locarno Film Festivals mit dabei<\/a>\n\t<\/h3>\n\n\t<div class=\"entry-meta\"><span class=\"category-link\"><a href=\"https:\/\/ucm.one\/de\/category\/news\/film\/artkeim\/\" >Artkeim\u00b2<\/a>, <a href=\"https:\/\/ucm.one\/de\/category\/news\/film\/darling-berlin\/\" >Darling Berlin<\/a>, <a href=\"https:\/\/ucm.one\/de\/category\/news\/film\/\" >Film<\/a>, <a href=\"https:\/\/ucm.one\/de\/category\/news\/firma\/\" >Firma<\/a>, <a href=\"https:\/\/ucm.one\/de\/category\/news\/\" >News<\/a>, <a href=\"https:\/\/ucm.one\/de\/category\/news\/film\/nonfy-documentaries\/\" >NONFY Documentaries<\/a>, <a href=\"https:\/\/ucm.one\/de\/category\/news\/verleih\/\" >Verleih<\/a><\/span><a class=\"author vcard\" href=\"\" title=\"Zeige alle Beitr\u00e4ge von Joachim Keil\" rel=\"author\">Von <span class=\"fn\">Joachim Keil<\/span><\/a><a href=\"https:\/\/ucm.one\/de\/2023\/08\/02\/\" title=\"00:01\" class=\"data-link\" rel=\"bookmark\"><time class=\"entry-date updated\" datetime=\"2023-08-02T00:01:57+00:00\">2. August 2023<\/time><\/a><\/div>\n\t<div class=\"entry-excerpt\"><p>[vc_row][vc_column][vc_column_text] In diesem Jahr ist das \u201eLocarno Film Festival\u201c die 76. Ausgabe des bekannten internationalen Filmfestivals, das seit 1946 in der Stadt Locarno in der Schweiz stattfindet. Das Hauptmerkmal des Festivals, welches vom 2. bis 12. August 2023 stattfindet, ist nat\u00fcrlich weiterhin die Freilichtb\u00fchne auf der \u201ePiazza Grande\u201c mit Platz f\u00fcr \u00fcber 8.000 Zuschauer und&hellip;<\/p>\n<\/div>\n\t\n<a href=\"https:\/\/ucm.one\/de\/ucm-one-ist-bei-der-76-ausgabe-des-locarno-film-festivals-mit-dabei\/\" class=\"post-details details-type-link\" aria-label=\"Read more about \ud83c\udfac UCM.ONE ist bei der 76. Ausgabe des Locarno Film Festivals mit dabei\">Mehr lesen<i class=\"dt-icon-the7-arrow-03\" aria-hidden=\"true\"><\/i><\/a>\n\n<\/div><\/article><\/div><div class=\"visible wf-cell\" data-post-id=\"87466\" data-date=\"2023-02-11T23:29:29+00:00\" data-name=\"\ud83c\udfac Tellfilm und UCM.ONE vereinbaren Zusammenarbeit beim Film &quot;Youth Topia&quot; von Dennis Stormer\"><article class=\"post project-odd visible post-87466 type-post status-publish format-standard has-post-thumbnail hentry category-artkeim category-film category-filmvertrieb-de category-kino category-news category-weltvertrieb tag-algorithmus tag-artkeim tag-dennis-stormer tag-elsa-langnaese tag-lia-von-blarer tag-lou-haltinner tag-marisa-meier tag-saladin-dellers tag-tellfilm tag-youth-topia category-828 category-8 category-15325 category-10 category-13 category-7528\" data-name=\"\ud83c\udfac Tellfilm und UCM.ONE vereinbaren Zusammenarbeit beim Film &#8222;Youth Topia&#8220; von Dennis Stormer\" data-date=\"2023-02-11T23:29:29+00:00\">\n\n<div class=\"post-thumbnail-wrap\">\n\t<div class=\"post-thumbnail\">\n\t\t\n\t\t\n\t\t<a href=\"https:\/\/ucm.one\/de\/tellfilm-und-ucm-one-vereinbaren-zusammenarbeit-beim-film-youth-topia-von-dennis-stormer\/\" class=\"post-thumbnail-rollover layzr-bg layzr-bg\" ><img decoding=\"async\" class=\"iso-lazy-load preload-me iso-lazy-load aspect\" src=\"data:image\/svg+xml,%3Csvg%20xmlns%3D&#39;http%3A%2F%2Fwww.w3.org%2F2000%2Fsvg&#39;%20viewBox%3D&#39;0%200%20990%20309&#39;%2F%3E\" data-src=\"https:\/\/ucm.one\/wp-content\/uploads\/2023\/02\/B-Youth-Topia-Signing-990x309.jpg\" data-srcset=\"https:\/\/ucm.one\/wp-content\/uploads\/2023\/02\/B-Youth-Topia-Signing-990x309.jpg 990w, https:\/\/ucm.one\/wp-content\/uploads\/2023\/02\/B-Youth-Topia-Signing-1485x464.jpg 1485w\" loading=\"eager\" style=\"--ratio: 990 \/ 309\" sizes=\"(max-width: 990px) 100vw, 990px\" alt=\"\" title=\"B Youth Topia Signing\" width=\"990\" height=\"309\"  \/><\/a>\t<\/div>\n<\/div>\n\n\n<div class=\"post-entry-content\">\n\n\t<h3 class=\"entry-title\">\n\t\t<a href=\"https:\/\/ucm.one\/de\/tellfilm-und-ucm-one-vereinbaren-zusammenarbeit-beim-film-youth-topia-von-dennis-stormer\/\" title=\"\ud83c\udfac Tellfilm und UCM.ONE vereinbaren Zusammenarbeit beim Film &#8222;Youth Topia&#8220; von Dennis Stormer\" rel=\"bookmark\">\ud83c\udfac Tellfilm und UCM.ONE vereinbaren Zusammenarbeit beim Film &#8222;Youth Topia&#8220; von Dennis Stormer<\/a>\n\t<\/h3>\n\n\t<div class=\"entry-meta\"><span class=\"category-link\"><a href=\"https:\/\/ucm.one\/de\/category\/news\/film\/artkeim\/\" >Artkeim\u00b2<\/a>, <a href=\"https:\/\/ucm.one\/de\/category\/news\/film\/\" >Film<\/a>, <a href=\"https:\/\/ucm.one\/de\/category\/news\/vertrieb-von-medien-de\/filmvertrieb-de\/\" >Filmvertrieb<\/a>, <a href=\"https:\/\/ucm.one\/de\/category\/news\/kino\/\" >Kino<\/a>, <a href=\"https:\/\/ucm.one\/de\/category\/news\/\" >News<\/a>, <a href=\"https:\/\/ucm.one\/de\/category\/news\/verleih\/weltvertrieb\/\" >Weltvertrieb<\/a><\/span><a class=\"author vcard\" href=\"\" title=\"Zeige alle Beitr\u00e4ge von Joachim Keil\" rel=\"author\">Von <span class=\"fn\">Joachim Keil<\/span><\/a><a href=\"https:\/\/ucm.one\/de\/2023\/02\/11\/\" title=\"23:29\" class=\"data-link\" rel=\"bookmark\"><time class=\"entry-date updated\" datetime=\"2023-02-11T23:29:29+00:00\">11. Februar 2023<\/time><\/a><\/div>\n\t<div class=\"entry-excerpt\"><p>[vc_row][vc_column][vc_column_text] Die Schweizer Firma tellfilm und UCM.ONE vereinbaren eine weitreichende Zusammenarbeit. Im Zuge dessen wird UCM.ONE den Film &#8222;Youth Topia&#8220; von Dennis Stormer\u00a0in Deutschland auf dem Label Artkeim\u00b2 in die Kinos bringen und den Film zudem weltweit au\u00dferhalb der Schweiz vermarkten. [\/vc_column_text][\/vc_column][\/vc_row][vc_row][vc_column width=&#8220;1\/2&#8243;][vc_single_image image=&#8220;87470&#8243; img_size=&#8220;full&#8220; onclick=&#8220;link_image&#8220;][\/vc_column][vc_column width=&#8220;1\/2&#8243;][vc_single_image image=&#8220;87473&#8243; img_size=&#8220;full&#8220; onclick=&#8220;link_image&#8220;][\/vc_column][\/vc_row][vc_row][vc_column][vc_column_text] Das dystopische Coming of Age&hellip;<\/p>\n<\/div>\n\t\n<a href=\"https:\/\/ucm.one\/de\/tellfilm-und-ucm-one-vereinbaren-zusammenarbeit-beim-film-youth-topia-von-dennis-stormer\/\" class=\"post-details details-type-link\" aria-label=\"Read more about \ud83c\udfac Tellfilm und UCM.ONE vereinbaren Zusammenarbeit beim Film &#8222;Youth Topia&#8220; von Dennis Stormer\">Mehr lesen<i class=\"dt-icon-the7-arrow-03\" aria-hidden=\"true\"><\/i><\/a>\n\n<\/div><\/article><\/div><\/div><!-- iso-container|iso-grid --><\/div>[vc_btn title=&#8220;Alle News&#8220; style=&#8220;flat&#8220; align=&#8220;right&#8220; i_icon_fontawesome=&#8220;far fa-newspaper&#8220; css=&#8220;.vc_custom_1691015952433{margin-top: 25px !important;}&#8220; add_icon=&#8220;true&#8220; link=&#8220;url:https%3A%2F%2Fucm.one%2Fde%2F%3Fs%3D%2522Youth%2BTopia%2522|title:Alle%20News&#8220;][vc_empty_space height=&#8220;15px&#8220;][\/vc_column][\/vc_row][vc_row][vc_column][vc_separator color=&#8220;custom&#8220; accent_color=&#8220;#0141a0&#8243;][\/vc_column][\/vc_row][vc_row css=&#8220;.vc_custom_1518458873891{margin-top: 65px !important;}&#8220;][vc_column width=&#8220;1\/5&#8243;][vc_btn title=&#8220;\u00dcbersicht&#8220; style=&#8220;flat&#8220; size=&#8220;lg&#8220; align=&#8220;center&#8220; i_icon_fontawesome=&#8220;fas fa-home&#8220; button_block=&#8220;true&#8220; add_icon=&#8220;true&#8220; link=&#8220;url:https%3A%2F%2Fucm.one%2Fde|title:%C3%9Cbersicht&#8220;][\/vc_column][vc_column width=&#8220;1\/5&#8243;][vc_btn title=&#8220;Filme&#8220; style=&#8220;flat&#8220; size=&#8220;lg&#8220; align=&#8220;center&#8220; i_icon_fontawesome=&#8220;fas fa-film&#8220; button_block=&#8220;true&#8220; add_icon=&#8220;true&#8220; link=&#8220;url:https%3A%2F%2Fucm.one%2Fde%2Ffilm-labels%2F|title:Filme&#8220;][\/vc_column][vc_column width=&#8220;1\/5&#8243;][vc_btn title=&#8220;Kino&#8220; style=&#8220;flat&#8220; size=&#8220;lg&#8220; align=&#8220;center&#8220; i_icon_fontawesome=&#8220;fas fa-star&#8220; css=&#8220;&#8220; button_block=&#8220;true&#8220; add_icon=&#8220;true&#8220; link=&#8220;url:https%3A%2F%2Fucm.one%2Fde%2Fkinoverleih%2Fkinostarts-1a%2F%23youth-topia|title:Youth%20Topia&#8220;][\/vc_column][vc_column width=&#8220;1\/5&#8243;][vc_btn title=&#8220;Artkeim\u00b2&#8220; style=&#8220;flat&#8220; size=&#8220;lg&#8220; align=&#8220;center&#8220; i_icon_fontawesome=&#8220;fas fa-arrow-right&#8220; button_block=&#8220;true&#8220; add_icon=&#8220;true&#8220; link=&#8220;url:https%3A%2F%2Fucm.one%2Fde%2Ffilm-labels%2Fartkeim%2F|title:Artkeim%C2%B2&#8243;][\/vc_column][vc_column width=&#8220;1\/5&#8243;][vc_btn title=&#8220;IMDB&#8220; style=&#8220;flat&#8220; color=&#8220;sky&#8220; size=&#8220;lg&#8220; align=&#8220;center&#8220; i_icon_fontawesome=&#8220;fab fa-imdb&#8220; button_block=&#8220;true&#8220; add_icon=&#8220;true&#8220; link=&#8220;url:https%3A%2F%2Fwww.imdb.com%2Ftitle%2Ftt11132688|title:IMDb|target:_blank&#8220;][\/vc_column][\/vc_row][vc_row content_placement=&#8220;middle&#8220; bg_type=&#8220;grad&#8220; ult_hide_row=&#8220;ult_hide_row_value&#8220; ult_hide_row_large_screen=&#8220;large_screen&#8220; ult_hide_row_desktop=&#8220;desktop&#8220; css=&#8220;.vc_custom_1518701755537{margin-top: 0px !important;padding-top: -50px !important;}&#8220; bg_grad=&#8220;background: -webkit-gradient(linear, left top, left bottom, color-stop(0%, #E3E3E3), color-stop(0%, #FFFFFF), color-stop(6%, #FFFFFF), color-stop(7%, #FFFFFF), color-stop(50%, #FFFFFF));background: -moz-linear-gradient(top,#E3E3E3 0%,#FFFFFF 0%,#FFFFFF 6%,#FFFFFF 7%,#FFFFFF 50%);background: -webkit-linear-gradient(top,#E3E3E3 0%,#FFFFFF 0%,#FFFFFF 6%,#FFFFFF 7%,#FFFFFF 50%);background: -o-linear-gradient(top,#E3E3E3 0%,#FFFFFF 0%,#FFFFFF 6%,#FFFFFF 7%,#FFFFFF 50%);background: -ms-linear-gradient(top,#E3E3E3 0%,#FFFFFF 0%,#FFFFFF 6%,#FFFFFF 7%,#FFFFFF 50%);background: linear-gradient(top,#E3E3E3 0%,#FFFFFF 0%,#FFFFFF 6%,#FFFFFF 7%,#FFFFFF 50%);&#8220;][vc_column][vc_btn title=&#8220;Kontakt&#8220; style=&#8220;flat&#8220; color=&#8220;juicy-pink&#8220; size=&#8220;lg&#8220; align=&#8220;center&#8220; i_icon_fontawesome=&#8220;far fa-envelope&#8220; button_block=&#8220;true&#8220; add_icon=&#8220;true&#8220; link=&#8220;url:https%3A%2F%2Fucm.one%2Fde%2Ffirma%2Fkontakt%2F|title:Kontakt&#8220;][\/vc_column][\/vc_row]<\/p>\n<\/div>","protected":false},"excerpt":{"rendered":"<p>[vc_row][vc_column width=&#8220;3\/4&#8243; css=&#8220;.vc_custom_1561291995466{padding-right: 30px !important;}&#8220;][vc_column_text] Youth Topia: [\/vc_column_text][vc_column_text] Das dystopische Coming of Age Drama &#8222;Youth Topia&#8220; &#8211; das Langspielfilm-Deb\u00fct von Dennis Stormer (Buch &amp; Regie) und Marisa Meier (Buch &amp; Produktion) &#8211; erz\u00e4hlt die Geschichte von Wanja (Lia von Blarer), die durch den die nahe Zukunft allgegenw\u00e4rtig beherrschenden \u201cAlgorithmus\u201d von einer Au\u00dfenseiterin zur Erwachsenen gemacht&hellip;<\/p>\n","protected":false},"author":2,"featured_media":87722,"parent":0,"menu_order":0,"comment_status":"closed","ping_status":"closed","template":"","meta":{"_acf_changed":false,"footnotes":""},"class_list":["post-95744","page","type-page","status-publish","has-post-thumbnail","hentry","description-off"],"acf":[],"yoast_head":"<!-- This site is optimized with the Yoast SEO plugin v27.5 - https:\/\/yoast.com\/product\/yoast-seo-wordpress\/ -->\n<title>Youth Topia (2021) von Dennis Stormer | Artkeim\u00b2<\/title>\n<meta name=\"description\" content=\"Wenn die KI \u00fcber das Erwachsenwerden bestimmt: Dennis Stormers &amp; Marisa Meiers hochaktuelle dystopische Coming of Age \u2013 Satire \u201eYouth Topia\u201c.\" \/>\n<meta name=\"robots\" content=\"index, follow, max-snippet:-1, max-image-preview:large, max-video-preview:-1\" \/>\n<link rel=\"canonical\" href=\"https:\/\/ucm.one\/de\/youth-topia\/\" \/>\n<meta property=\"og:locale\" content=\"de_DE\" \/>\n<meta property=\"og:type\" content=\"article\" \/>\n<meta property=\"og:title\" content=\"Youth Topia (2021) von Dennis Stormer | Artkeim\u00b2\" \/>\n<meta property=\"og:description\" content=\"Wenn die KI \u00fcber das Erwachsenwerden bestimmt: Dennis Stormers &amp; Marisa Meiers hochaktuelle dystopische Coming of Age \u2013 Satire \u201eYouth Topia\u201c.\" \/>\n<meta property=\"og:url\" content=\"https:\/\/ucm.one\/de\/youth-topia\/\" \/>\n<meta property=\"og:site_name\" content=\"UCM.ONE\" \/>\n<meta property=\"article:modified_time\" content=\"2024-09-02T11:01:11+00:00\" \/>\n<meta property=\"og:image\" content=\"https:\/\/ucm.one\/wp-content\/uploads\/2023\/02\/P-YouthTopia.jpg\" \/>\n<meta name=\"twitter:card\" content=\"summary_large_image\" \/>\n<meta name=\"twitter:title\" content=\"Youth Topia (2021) von Dennis Stormer | Artkeim\u00b2\" \/>\n<meta name=\"twitter:description\" content=\"Wenn die KI \u00fcber das Erwachsenwerden bestimmt: Dennis Stormers &amp; Marisa Meiers hochaktuelle dystopische Coming of Age \u2013 Satire \u201eYouth Topia\u201c.\" \/>\n<meta name=\"twitter:image\" content=\"https:\/\/ucm.one\/wp-content\/uploads\/2023\/02\/P-YouthTopia.jpg\" \/>\n<meta name=\"twitter:label1\" content=\"Gesch\u00e4tzte Lesezeit\" \/>\n\t<meta name=\"twitter:data1\" content=\"14\u00a0Minuten\" \/>\n<!-- \/ Yoast SEO plugin. -->","yoast_head_json":{"title":"Youth Topia (2021) von Dennis Stormer | Artkeim\u00b2","description":"Wenn die KI \u00fcber das Erwachsenwerden bestimmt: Dennis Stormers & Marisa Meiers hochaktuelle dystopische Coming of Age \u2013 Satire \u201eYouth Topia\u201c.","robots":{"index":"index","follow":"follow","max-snippet":"max-snippet:-1","max-image-preview":"max-image-preview:large","max-video-preview":"max-video-preview:-1"},"canonical":"https:\/\/ucm.one\/de\/youth-topia\/","og_locale":"de_DE","og_type":"article","og_title":"Youth Topia (2021) von Dennis Stormer | Artkeim\u00b2","og_description":"Wenn die KI \u00fcber das Erwachsenwerden bestimmt: Dennis Stormers & Marisa Meiers hochaktuelle dystopische Coming of Age \u2013 Satire \u201eYouth Topia\u201c.","og_url":"https:\/\/ucm.one\/de\/youth-topia\/","og_site_name":"UCM.ONE","article_modified_time":"2024-09-02T11:01:11+00:00","og_image":[{"url":"https:\/\/ucm.one\/wp-content\/uploads\/2023\/02\/P-YouthTopia.jpg","type":"","width":"","height":""}],"twitter_card":"summary_large_image","twitter_title":"Youth Topia (2021) von Dennis Stormer | Artkeim\u00b2","twitter_description":"Wenn die KI \u00fcber das Erwachsenwerden bestimmt: Dennis Stormers & Marisa Meiers hochaktuelle dystopische Coming of Age \u2013 Satire \u201eYouth Topia\u201c.","twitter_image":"https:\/\/ucm.one\/wp-content\/uploads\/2023\/02\/P-YouthTopia.jpg","twitter_misc":{"Gesch\u00e4tzte Lesezeit":"14\u00a0Minuten"},"schema":{"@context":"https:\/\/schema.org","@graph":[{"@type":"WebPage","@id":"https:\/\/ucm.one\/de\/youth-topia\/","url":"https:\/\/ucm.one\/de\/youth-topia\/","name":"Youth Topia (2021) von Dennis Stormer | Artkeim\u00b2","isPartOf":{"@id":"https:\/\/ucm.one\/de\/#website"},"primaryImageOfPage":{"@id":"https:\/\/ucm.one\/de\/youth-topia\/#primaryimage"},"image":{"@id":"https:\/\/ucm.one\/de\/youth-topia\/#primaryimage"},"thumbnailUrl":"https:\/\/ucm.one\/wp-content\/uploads\/2023\/02\/P-YouthTopia.jpg","datePublished":"2023-08-02T20:10:15+00:00","dateModified":"2024-09-02T11:01:11+00:00","description":"Wenn die KI \u00fcber das Erwachsenwerden bestimmt: Dennis Stormers & Marisa Meiers hochaktuelle dystopische Coming of Age \u2013 Satire \u201eYouth Topia\u201c.","breadcrumb":{"@id":"https:\/\/ucm.one\/de\/youth-topia\/#breadcrumb"},"inLanguage":"de","potentialAction":[{"@type":"ReadAction","target":["https:\/\/ucm.one\/de\/youth-topia\/"]}]},{"@type":"ImageObject","inLanguage":"de","@id":"https:\/\/ucm.one\/de\/youth-topia\/#primaryimage","url":"https:\/\/ucm.one\/wp-content\/uploads\/2023\/02\/P-YouthTopia.jpg","contentUrl":"https:\/\/ucm.one\/wp-content\/uploads\/2023\/02\/P-YouthTopia.jpg","width":699,"height":999},{"@type":"BreadcrumbList","@id":"https:\/\/ucm.one\/de\/youth-topia\/#breadcrumb","itemListElement":[{"@type":"ListItem","position":1,"name":"Home","item":"https:\/\/ucm.one\/de\/"},{"@type":"ListItem","position":2,"name":"Youth Topia (2021) von Dennis Stormer | Artkeim\u00b2"}]},{"@type":"WebSite","@id":"https:\/\/ucm.one\/de\/#website","url":"https:\/\/ucm.one\/de\/","name":"UCM.ONE","description":"","publisher":{"@id":"https:\/\/ucm.one\/de\/#organization"},"potentialAction":[{"@type":"SearchAction","target":{"@type":"EntryPoint","urlTemplate":"https:\/\/ucm.one\/de\/?s={search_term_string}"},"query-input":{"@type":"PropertyValueSpecification","valueRequired":true,"valueName":"search_term_string"}}],"inLanguage":"de"},{"@type":"Organization","@id":"https:\/\/ucm.one\/de\/#organization","name":"UCM.ONE","url":"https:\/\/ucm.one\/de\/","logo":{"@type":"ImageObject","inLanguage":"de","@id":"https:\/\/ucm.one\/de\/#\/schema\/logo\/image\/","url":"https:\/\/ucm.one\/wp-content\/uploads\/2019\/10\/UCM.ONE-Logo-RGB.svg","contentUrl":"https:\/\/ucm.one\/wp-content\/uploads\/2019\/10\/UCM.ONE-Logo-RGB.svg","width":1,"height":1,"caption":"UCM.ONE"},"image":{"@id":"https:\/\/ucm.one\/de\/#\/schema\/logo\/image\/"}}]}},"_links":{"self":[{"href":"https:\/\/ucm.one\/de\/wp-json\/wp\/v2\/pages\/95744","targetHints":{"allow":["GET"]}}],"collection":[{"href":"https:\/\/ucm.one\/de\/wp-json\/wp\/v2\/pages"}],"about":[{"href":"https:\/\/ucm.one\/de\/wp-json\/wp\/v2\/types\/page"}],"author":[{"embeddable":true,"href":"https:\/\/ucm.one\/de\/wp-json\/wp\/v2\/users\/2"}],"replies":[{"embeddable":true,"href":"https:\/\/ucm.one\/de\/wp-json\/wp\/v2\/comments?post=95744"}],"version-history":[{"count":1,"href":"https:\/\/ucm.one\/de\/wp-json\/wp\/v2\/pages\/95744\/revisions"}],"predecessor-version":[{"id":106548,"href":"https:\/\/ucm.one\/de\/wp-json\/wp\/v2\/pages\/95744\/revisions\/106548"}],"wp:featuredmedia":[{"embeddable":true,"href":"https:\/\/ucm.one\/de\/wp-json\/wp\/v2\/media\/87722"}],"wp:attachment":[{"href":"https:\/\/ucm.one\/de\/wp-json\/wp\/v2\/media?parent=95744"}],"curies":[{"name":"wp","href":"https:\/\/api.w.org\/{rel}","templated":true}]}}