{"id":93741,"date":"2023-04-29T12:18:01","date_gmt":"2023-04-29T12:18:01","guid":{"rendered":"https:\/\/ucm.one\/?page_id=93741"},"modified":"2024-09-02T11:03:04","modified_gmt":"2024-09-02T11:03:04","slug":"gewalten","status":"publish","type":"page","link":"https:\/\/ucm.one\/de\/gewalten\/","title":{"rendered":"Gewalten (2022) von Constantin Hatz | Artkeim\u00b2"},"content":{"rendered":"<div class=\"wpb-content-wrapper\"><p>[vc_row][vc_column width=&#8220;3\/4&#8243; css=&#8220;.vc_custom_1561291995466{padding-right: 30px !important;}&#8220;][vc_column_text]<\/p>\n<h1>Gewalten<span style=\"color: #ffffff;\">:<\/span><\/h1>\n<p>[\/vc_column_text][vc_column_text]<\/p>\n<div class=\"vc_row wpb_row vc_row-fluid\">\n<div class=\"wpb_column vc_column_container vc_col-sm-12\">\n<div class=\"vc_column-inner\">\n<div class=\"wpb_wrapper\">\n<div class=\"wpb_text_column wpb_content_element \">\n<div class=\"wpb_wrapper\">\n<p>In seinem dritten Spielfilm &#8222;<strong>Gewalten<\/strong>&#8220; begibt sich der \u00f6sterreichische Regisseur <b>Constantin Hatz<\/b> auf die Suche nach Z\u00e4rtlichkeit in einem von Hass und Unzufriedenheit, Gef\u00fchlsk\u00e4lte und Gewalt, \u00fcbersteigerten M\u00e4nnlichkeitsvorstellungen und Xenophobie gepr\u00e4gten d\u00f6rflichen Soziotop.<\/p>\n<\/div>\n<\/div>\n<\/div>\n<\/div>\n<\/div>\n<\/div>\n<p>[\/vc_column_text][vc_row_inner][vc_column_inner width=&#8220;1\/2&#8243;][vc_single_image image=&#8220;93802&#8243; img_size=&#8220;full&#8220; onclick=&#8220;link_image&#8220;][\/vc_column_inner][vc_column_inner width=&#8220;1\/2&#8243;][vc_single_image image=&#8220;93817&#8243; img_size=&#8220;full&#8220; onclick=&#8220;link_image&#8220;][\/vc_column_inner][\/vc_row_inner][vc_column_text]<\/p>\n<div class=\"vc_row wpb_row vc_row-fluid\">\n<div class=\"wpb_column vc_column_container vc_col-sm-12\">\n<div class=\"vc_column-inner\">\n<div class=\"wpb_wrapper\">\n<div class=\"wpb_text_column wpb_content_element \">\n<div class=\"wpb_wrapper\">\n<p>Die Weltpremiere feierte &#8222;<b>Gewalten<\/b>&#8220; im Februar 2022 bei den <b>72. I<\/b><b>nternationalen Filmfestspielen Berlin<\/b>, wo der Film in der Sektion <b>Perspektive Deutsches Kino<\/b> gezeigt und f\u00fcr die herausragende Kameraarbeit von <strong>Rafael Starman<\/strong>\u00a0mit dem<em> \u201c<strong>Heiner-Carow-Preis<\/strong>\u201d<\/em> ausgezeichnet wurde.<span class=\"Apple-converted-space\">\u00a0<\/span><\/p>\n<\/div>\n<\/div>\n<\/div>\n<\/div>\n<\/div>\n<\/div>\n<p>[\/vc_column_text][vc_column_text]<\/p>\n<h3>Inhaltsangabe<\/h3>\n<p>In einem abgeschiedenen Dorf, jenseits von zeitlicher und geografischer Verortung, lebt der 14-j\u00e4hrige Daniel. Das Leben des sanftm\u00fctigen und duldsamen Jungen, der es doch nur allen recht machen m\u00f6chte, ist gepr\u00e4gt von all obwaltender Gewalt und emotionaler K\u00e4lte. F\u00fcr seine Familie opfert er sich auf, versucht seinem gewaltt\u00e4tigen gro\u00dfen Bruder zu gen\u00fcgen und pflegt hingebungsvoll den todkranken Vater, der zwar das eigene Ende herbeisehnt, aber nicht wagt, sein Leben selbst zu beenden. Im Wald trifft Daniel auf Marcel, einen Ausgesto\u00dfenen, der nach vielen Jahren in das Dorf zur\u00fcckgekehrt ist und sich mit Hundek\u00e4mpfen durchschl\u00e4gt. Die beiden eint ihre Empf\u00e4nglichkeit f\u00fcr die tr\u00f6stende Stille des Waldes und eine intensive Beziehung zur Natur.[\/vc_column_text][vc_single_image image=&#8220;93761&#8243; img_size=&#8220;full&#8220; onclick=&#8220;link_image&#8220;][vc_column_text]<\/p>\n<p class=\"western\">Mit stoischer Miene ertr\u00e4gt Daniel seine entt\u00e4uschten Hoffnungen ebenso wie die Dem\u00fctigungen seiner emotional verk\u00fcmmerten Mitmenschen, als wolle er bis zuletzt vermeiden, genauso zu werden wie sie \u2013 selbst wenn das am Ende bedeutet, sich der rohen Natur auszuliefern.<\/p>\n<p>[\/vc_column_text][vc_column_text]<\/p>\n<h3>Drehbuchautor und Regisseur <strong>Constantin Hatz<\/strong><\/h3>\n<p><strong>Constantin Hatz<\/strong> wurde 1989 in Wien. Er absolvierte die <strong>H\u00f6here Graphische Bundes-Lehr- und Versuchsanstalt<\/strong> mit dem Schwerpunkt <em>&#8222;Fotografie und audiovisuelle Medien&#8220;<\/em> in Wien. Anschlie\u00dfend folgte ein Studium im Fachbereich Regie an der <strong>Filmakademie Baden-W\u00fcrttemberg<\/strong>.[\/vc_column_text][vc_row_inner][vc_column_inner width=&#8220;1\/2&#8243; css=&#8220;.vc_custom_1561290391124{border-right-width: -15px !important;}&#8220;][vc_single_image image=&#8220;93805&#8243; img_size=&#8220;full&#8220;][\/vc_column_inner][vc_column_inner width=&#8220;1\/2&#8243;][vc_column_text css=&#8220;.vc_custom_1682781025207{margin-top: -9px !important;margin-bottom: -15px !important;}&#8220;]<span style=\"font-size: 12pt;\">Filmographie (Auswahl)<\/span>[\/vc_column_text][vc_empty_space height=&#8220;35px&#8220;][vc_column_text css=&#8220;.vc_custom_1682780957059{margin-top: -15px !important;padding-top: 12px !important;padding-right: 12px !important;padding-bottom: 12px !important;padding-left: 12px !important;background-color: #ffffff !important;border-radius: 5px !important;}&#8220;]<\/p>\n<table style=\"height: 97px; width: 100%; border-collapse: collapse;\">\n<tbody>\n<tr style=\"height: 45px;\">\n<td style=\"width: 18.75800256081946%; height: 18px;\">2022<\/td>\n<td style=\"width: 81.24199743918055%; height: 18px;\"><strong>Elaha<\/strong> (Spielfilm, Drehbuch &amp; Regie)<\/td>\n<\/tr>\n<tr style=\"height: 43px;\">\n<td style=\"width: 18.75800256081946%; height: 30px;\">2018<\/td>\n<td style=\"width: 81.24199743918055%; height: 30px;\"><strong>Stammtisch<\/strong> (Dokumentarfilm, Konzept &amp; Regie)<\/td>\n<\/tr>\n<tr style=\"height: 47px;\">\n<td style=\"width: 18.75800256081946%; height: 12px;\">2017<\/td>\n<td style=\"width: 81.24199743918055%; height: 12px;\"><strong>Brut<\/strong> (Spielfilm, Drehbuch &amp; Regie)<\/td>\n<\/tr>\n<tr style=\"height: 22px;\">\n<td style=\"width: 18.75800256081946%; height: 27px;\">2015<\/td>\n<td style=\"width: 81.24199743918055%; height: 27px;\"><b>Fuge<\/b> (Spielfilm, Drehbuch &amp; Regie)<\/td>\n<\/tr>\n<tr style=\"height: 22px;\">\n<td style=\"width: 18.75800256081946%; height: 10px;\">2014<\/td>\n<td style=\"width: 81.24199743918055%; height: 10px;\"><b>Helikopter-Hausarrest <\/b>(Mittellanger Dokumentarfilm, Konzept &amp; Regie)<\/td>\n<\/tr>\n<\/tbody>\n<\/table>\n<p>[\/vc_column_text][\/vc_column_inner][\/vc_row_inner][vc_column_text]F\u00fcr seine Arbeiten erhielt er unter anderem den <em>\u201e<strong>Deutschen Kurzfilmpreis<\/strong>\u201c<\/em> und den <em>\u201e<strong>F\u00f6rderpreis Neues Deutsches Kino<\/strong>\u201c<\/em>. Sein Film &#8222;<strong>Gewalten<\/strong>&#8220; wurde in die \u201e<strong>Perspektive Deutsches Kino<\/strong>\u201c der <strong>72. Berlinale<\/strong> eingeladen und erhielt dort den <em>\u201e<strong>Heiner Carow Preis<\/strong>\u201c.<\/em>[\/vc_column_text][vc_single_image image=&#8220;93781&#8243; img_size=&#8220;full&#8220;][\/vc_column][vc_column width=&#8220;1\/4&#8243; css=&#8220;.vc_custom_1581030319933{margin-top: 15px !important;margin-bottom: 36px !important;background-color: #efefef !important;}&#8220;]<style type=\"text\/css\" data-type=\"the7_shortcodes-inline-css\">.shortcode-single-image-wrap.shortcode-single-image-f3748f838b2fb1088537ace47c14d90b.enable-bg-rollover .rollover i,\n.shortcode-single-image-wrap.shortcode-single-image-f3748f838b2fb1088537ace47c14d90b.enable-bg-rollover .rollover-video i {\n  background: -webkit-linear-gradient();\n  background: linear-gradient();\n}\n.shortcode-single-image-wrap.shortcode-single-image-f3748f838b2fb1088537ace47c14d90b .rollover-icon {\n  font-size: 32px;\n  color: #ffffff;\n  min-width: 44px;\n  min-height: 44px;\n  line-height: 44px;\n  border-radius: 100px;\n  border-style: solid;\n  border-width: 0px;\n}\n.dt-icon-bg-on.shortcode-single-image-wrap.shortcode-single-image-f3748f838b2fb1088537ace47c14d90b .rollover-icon {\n  background: rgba(255,255,255,0.3);\n  box-shadow: none;\n}<\/style><div class=\"shortcode-single-image-wrap shortcode-single-image-f3748f838b2fb1088537ace47c14d90b alignnone  vc_custom_1682770626205 enable-bg-rollover dt-icon-bg-off\" ><div class=\"shortcode-single-image\"><div class=\"fancy-media-wrap\" style=\"\"><a href=\"\" class=\" layzr-bg rollover\" style=\"\" aria-label=\"Image\"><img fetchpriority=\"high\" decoding=\"async\" class=\"preload-me lazy-load aspect\" src=\"data:image\/svg+xml,%3Csvg%20xmlns%3D&#39;http%3A%2F%2Fwww.w3.org%2F2000%2Fsvg&#39;%20viewBox%3D&#39;0%200%20699%20999&#39;%2F%3E\" data-src=\"https:\/\/ucm.one\/wp-content\/uploads\/2023\/04\/P-Gewalten.jpg\" data-srcset=\"https:\/\/ucm.one\/wp-content\/uploads\/2023\/04\/P-Gewalten.jpg 699w\" loading=\"eager\" style=\"--ratio: 699 \/ 999\" sizes=\"(max-width: 699px) 100vw, 699px\" width=\"699\" height=\"999\"  data-dt-location=\"https:\/\/ucm.one\/de\/film-labels\/artkeim\/p-gewalten\/\" alt=\"\" \/><\/a><\/div><\/div><\/div>[vc_empty_space height=&#8220;10px&#8220;][vc_column_text]<\/p>\n<p id=\"u3084-2\"><strong>Original Titel: <\/strong>Gewalten<\/p>\n<p><span style=\"font-family: Arial, sans-serif;\"><strong>Buch &amp; Regie:<\/strong> Constantin Hatz<\/span><\/p>\n<p><strong>Schauspieler:innen: <\/strong>Malte Oskar Frank (Daniel), Robert Kuchenbuch (Vater), Paul Wollin (Marcel), Eric Cordes<span class=\"Apple-converted-space\">\u00a0 <\/span>(Michael), Ben Felipe (Lukas), Susanne Bredeh\u00f6ft (Erika), Beatrix Strobel (Ivana), Mohamed Haj Younis (Karim), Bashar Kanan (Karims Bruder), Nahla Nabil (Karims Mutter), Ludger B\u00f6kelmann (Freund von Lukas), Christian Schneewei\u00df (Bestatter), Max Koch (Sportlehrer) und Robert Gallinowski\u2020 (Trainer)<\/p>\n<p><strong>Produzent:innen: <\/strong>Matthias Greving, Janina Sara Hennemann, Kirsten Lukaczik<\/p>\n<p><span style=\"font-family: Arial, sans-serif;\"><strong>Kamera: <\/strong><\/span>Rafael Starman<\/p>\n<p><strong>Schnitt: <\/strong>Marco Rottig<\/p>\n<p><span style=\"font-family: Arial, sans-serif;\"><strong>Ton: <\/strong><\/span>Corinna Zink<\/p>\n<p><strong>Technik:<\/strong> Deborah Bode, Nico Flach, Tristan Hurlbrink<\/p>\n<p>&nbsp;<\/p>\n<p><strong>Produktion: <\/strong>Kinescope Film GmbH, Bremen<\/p>\n<p><strong>Produktionsjahr:<\/strong> 2022<\/p>\n<p><strong>Genre<\/strong>: Drama<\/p>\n<p><strong>Land:<\/strong>\u00a0Deutschland<\/p>\n<p><strong>Sprache:<\/strong> Deutsch<\/p>\n<p><strong>Untertitel:<\/strong> englisch, deutsch (SDH, bafA)<\/p>\n<p>&nbsp;<\/p>\n<p><strong>L\u00e4nge:<\/strong> 147 Min<\/p>\n<p><strong>Bildformat: <\/strong>2,39:1 (DCI-2K Scope)<\/p>\n<p><strong>Ton:<\/strong> Surround 5.1<\/p>\n<p><strong>Bildaufl\u00f6sung:<\/strong> 2048&#215;858<\/p>\n<p><strong>FSK:<\/strong> 12, feiertagsfrei (FSK-Deskriptoren: Selbstsch\u00e4digung, Diskriminierung, Sexualit\u00e4t)[\/vc_column_text][vc_separator color=&#8220;custom&#8220; accent_color=&#8220;#a0a0a0&#8243;][vc_column_text]<em>Weiterer Titel:<\/em><\/p>\n<p><strong>Englisch: <\/strong>Forces[\/vc_column_text][vc_separator color=&#8220;custom&#8220; accent_color=&#8220;#a0a0a0&#8243;][vc_column_text]<strong>Filmlabel:<\/strong> Artkeim\u00b2<\/p>\n<p><strong>Verleih:<\/strong> <span style=\"font-family: 'arial black', sans-serif;\"><strong>UCM.ONE<\/strong><\/span><\/p>\n<p><strong>Kinostart:<\/strong> 11. Mai 2023[\/vc_column_text][vc_separator color=&#8220;custom&#8220; accent_color=&#8220;#a0a0a0&#8243;][vc_btn title=&#8220;Presse Materialien&#8220; color=&#8220;white&#8220; size=&#8220;sm&#8220; align=&#8220;center&#8220; i_icon_fontawesome=&#8220;fas fa-download&#8220; css=&#8220;.vc_custom_1682783251730{margin-top: -15px !important;}&#8220; button_block=&#8220;true&#8220; add_icon=&#8220;true&#8220; link=&#8220;url:https%3A%2F%2Fucm.one%2Fpresse%2Fak_gewalten_presskit.zip|title:Gewalten%20Presskit|rel:nofollow&#8220;][vc_btn title=&#8220;DCP Trailer (DF)&#8220; color=&#8220;white&#8220; size=&#8220;sm&#8220; align=&#8220;center&#8220; i_icon_fontawesome=&#8220;fas fa-download&#8220; css=&#8220;.vc_custom_1682783339403{margin-top: -15px !important;}&#8220; button_block=&#8220;true&#8220; add_icon=&#8220;true&#8220; link=&#8220;url:https%3A%2F%2Fwww.dropbox.com%2Fscl%2Ffo%2F9b9xn0qjrkdg4cs4bkvo6%2Fh%3Fdl%3D0%26rlkey%3Dk74b1x30urc0wqx00ygfzgpgv|title:DCP%20Trailer%20Gewalten|target:_blank|rel:nofollow&#8220;][\/vc_column][\/vc_row][vc_row][vc_column][vc_column_text]<span style=\"font-size: 14pt;\"><em>Regiekommentar von <\/em><strong><em>Constantin Hatz<\/em> <\/strong><em style=\"font-weight: normal;\">zum Film<\/em><\/span><\/p>\n<p><em>&#8222;Weltschmerz &#8211; dieser Begriff hat sich wie ein stabiles Fundament unter dem Schreibprozess des Drehbuchs verh\u00e4rtet. Mein Bestreben war es, diesen Begriff filmisch zu \u00fcbersetzen und eine Welt zu konstruieren, der ein immanenter Weltschmerz innewohnt. Die Hauptfigur Daniel ist in gewisser Weise ein Hybrid, denn einerseits leidet sie unter dem Weltschmerz, und andererseits ist sie seine Personifikation. Daniels Scheitern an seinen Anspr\u00fcchen an die Welt offenbart die Auffassung von Leid als ein Mittel gesteigerter Sinneserkenntnis. In Gewalten findet eine \u00c4sthetisierung des Leidens statt. Diese findet man auch bei Dostojewski, der einen Satz ver\u00e4u\u00dferlichte, an den ich bei Daniels Erschaffung fortw\u00e4hrend denken musste: \u00bbLeiden und Schmerz sind unabdingbar f\u00fcr ein weites Bewusstsein und ein tiefes Herz. Wahrhaft gro\u00dfe Menschen, so scheint es mir, m\u00fcssen gro\u00dfe Traurigkeit in der Welt empfinden.\u00ab<\/em>[\/vc_column_text][vc_row_inner][vc_column_inner width=&#8220;1\/2&#8243;][vc_single_image image=&#8220;93825&#8243; img_size=&#8220;full&#8220; onclick=&#8220;link_image&#8220;][\/vc_column_inner][vc_column_inner width=&#8220;1\/2&#8243;][vc_single_image image=&#8220;93827&#8243; img_size=&#8220;full&#8220; onclick=&#8220;link_image&#8220;][\/vc_column_inner][\/vc_row_inner][vc_column_text]<em>Schlie\u00dfen w\u00fcrde ich diesen Kommentar gerne mit einem Gedanken des Novalis. Doch dieser sollte keinesfalls rein monotheistisch betrachtet werden. So sollte man sich nicht dazu verleiten lassen, hierin Gott als singul\u00e4ren Sch\u00f6pfer zu verstehen. \u00bbIch will nicht klagen mehr, ich will mich froh erheben. Und wohl zufrieden sein mit meinem Lebenslauf. Ein einziger Augenblick, wo Gott sich mir gegeben, wiegt jahrelange Leiden auf.\u00ab<\/em><\/p>\n<p><em>Und der Weltschmerz? Der wird unaufh\u00f6rlich weitergehen.<\/em>[\/vc_column_text][vc_column_text]<em>Die Natur braucht unser Denken nicht. Aber aufgrund unserer \u00dcberheblichkeit versuchen wir, uns in die Natur hineinzudenken. Die Vernunft zwingt unseren Instinkt in die Opposition. Was w\u00fcrde passieren, wenn die Natur versucht, sich den Gedanken der Menschen zu widersetzen, und die Menschheit in die Kausalit\u00e4t des Irrationalen st\u00fcrzt, sodass sie unweigerlich mit ihren eigenen Instinkten konfrontiert wird? Ich glaube, dass die tier\u00e4hnliche Natur des Menschen, sein intuitives Verhalten, wahrhaftiger ist als sein erlerntes oder angepasstes Verhalten. Es spielt keine Rolle, wie zivilisiert die Gesellschaft ist, der barbarische Teil des Menschen bleibt unzerst\u00f6rbar. Die Barbarei wird nicht unterdr\u00fcckt durch Kultur oder Erziehung.\u00a0<\/em>[\/vc_column_text][vc_row_inner][vc_column_inner][vc_single_image image=&#8220;93787&#8243; img_size=&#8220;full&#8220; onclick=&#8220;link_image&#8220;][\/vc_column_inner][\/vc_row_inner][vc_column_text]<em>Gewalten zeigt eine solche Welt, eine animalische und barbarische Welt, in der alles stirbt, eine Welt, die bald aussterben wird. Man trifft nur auf dunkle Spiegelungen von Menschen, die versuchen Schutz und Geborgenheit hinter ihren eigenen Schatten zu suchen. Der junge Daniel versucht sich dieser Welt zu stellen, wird zerschmettert und steht doch wieder auf. In seinen geliebten Menschen sieht er schlie\u00dflich das Spiegelbild seines eigenen Todes.&#8220;<\/em>[\/vc_column_text][\/vc_column][\/vc_row][vc_row][vc_column][vc_empty_space height=&#8220;10px&#8220;][vc_column_text css=&#8220;.vc_custom_1682785825516{margin-bottom: -10px !important;}&#8220;]<\/p>\n<h3>\u00dcber Kameramann Rafael Starman<\/h3>\n<p>[\/vc_column_text][vc_empty_space height=&#8220;25px&#8220;][vc_row_inner][vc_column_inner width=&#8220;3\/4&#8243;][vc_column_text]<strong>Rafael Starman <\/strong>wurde am 20. Juni 1987 in Wien geboren und ist aktuell wohnhaft in Gersthofen. Seine Ausbildung erhielt er auf der <strong>HTBLVA Ortweinschule<\/strong> in Graz in Film und Fotografie. Von September 2008 bis April 2010 war er als Kameramann und Editor bei dem Regionalfernsehsender<strong> Steiermark 1 TV<\/strong> in Graz festangestellt.[\/vc_column_text][vc_column_text]Seit Juli 2010 ist er freiberuflicher Kameramann. Von 2013 bis 2020 absolvierte er ein Studium an der <strong>Filmakademie Baden-W\u00fcrttemberg<\/strong> mit Schwerpunkt Bildgestaltung\/Kamera.[\/vc_column_text][\/vc_column_inner][vc_column_inner width=&#8220;1\/4&#8243;][vc_single_image image=&#8220;93835&#8243; img_size=&#8220;full&#8220; onclick=&#8220;link_image&#8220;][\/vc_column_inner][\/vc_row_inner][\/vc_column][\/vc_row][vc_row css=&#8220;.vc_custom_1682784923718{background-color: #ffffff !important;}&#8220;][vc_column][vc_column_text css=&#8220;.vc_custom_1644085776485{margin-bottom: -12px !important;}&#8220;]<span style=\"font-size: 12pt;\">Filmographie<\/span>[\/vc_column_text][vc_empty_space height=&#8220;30px&#8220;][vc_row_inner css=&#8220;.vc_custom_1682790211450{margin-bottom: -25px !important;padding-bottom: -25px !important;background-color: #ffffff !important;border-radius: 5px !important;}&#8220;][vc_column_inner width=&#8220;1\/2&#8243;][vc_column_text css=&#8220;.vc_custom_1682790896385{margin-bottom: -5px !important;padding-bottom: 5px !important;}&#8220;]<\/p>\n<table style=\"border-collapse: collapse; width: 100%; height: 87px;\">\n<tbody>\n<tr style=\"height: 25px;\">\n<td style=\"width: 18.75800256081946%; height: 23px;\">2022<\/td>\n<td style=\"width: 81.24199743918055%; height: 23px;\"><span style=\"font-family: inherit; font-size: inherit;\"><span style=\"font-family: inherit; font-size: inherit;\"><b>Gewalten (<\/b><\/span><\/span><span style=\"font-family: inherit; font-size: inherit;\">Spielfilm, 147 min.; Regie: Constantin Hatz)<\/span><\/td>\n<\/tr>\n<tr style=\"height: 25px;\">\n<td style=\"width: 18.758003%; height: 10px;\">2020<\/td>\n<td style=\"width: 81.241997%; height: 10px;\"><b><b>Endj\u00e4hrig (<\/b><\/b><span style=\"font-family: inherit; font-size: inherit;\">Spielfilm, 73 min. | Regie: Willi Kubica)<\/span><\/td>\n<\/tr>\n<tr style=\"height: 22px;\">\n<td style=\"width: 18.758003%; height: 22px;\">2019<\/td>\n<td style=\"width: 81.241997%; height: 22px;\"><b><b>F\u00fcnf nach Zw\u00f6lf (<\/b><\/b><span style=\"font-family: inherit; font-size: inherit;\">Kurzfilm, 43 min.; Regie: Tarek Roehlinger)<\/span><\/td>\n<\/tr>\n<tr style=\"height: 22px;\">\n<td style=\"width: 18.758003%; height: 22px;\">2018<\/td>\n<td style=\"width: 81.241997%; height: 22px;\"><b><b>Stammtisch <\/b><\/b>(<span style=\"font-family: inherit; font-size: inherit;\">Dokumentarfilm, 93 min.; Regie: Constantin Hatz)<\/span><\/td>\n<\/tr>\n<tr style=\"height: 22px;\">\n<td style=\"width: 18.758003%; height: 10px; vertical-align: top;\">2017<\/td>\n<td style=\"width: 81.241997%; height: 10px;\"><b><b>Brut <\/b><\/b>(<span style=\"font-family: inherit; font-size: inherit;\">Spielfilm, 122 min.; Regie: Constantin Hatz)<\/span><b><b><br \/>\n<\/b><\/b><\/td>\n<\/tr>\n<\/tbody>\n<\/table>\n<p>[\/vc_column_text][\/vc_column_inner][vc_column_inner width=&#8220;1\/2&#8243;][vc_column_text css=&#8220;.vc_custom_1682790102219{margin-bottom: 0px !important;}&#8220;]<\/p>\n<table style=\"border-collapse: collapse; width: 100%; height: 95px;\">\n<tbody>\n<tr style=\"height: 25px;\">\n<td style=\"width: 18.75800256081946%; height: 23px;\">2016<\/td>\n<td style=\"width: 81.24199743918055%; height: 23px;\"><span style=\"font-family: inherit; font-size: inherit;\"><b>Ausnahmezustand (<\/b><\/span><span style=\"font-family: inherit; font-size: inherit;\">Kurzfilm, 11 min.; Regie: Tarek Roehlinger)<\/span><\/td>\n<\/tr>\n<tr style=\"height: 25px;\">\n<td style=\"width: 18.75800256081946%; height: 25px;\">2015<\/td>\n<td style=\"width: 81.24199743918055%; height: 25px;\"><b>Fuge (<\/b><span style=\"font-family: inherit; font-size: inherit;\">Spielfilm, 73 min.; Regie: Constantin Hatz)<\/span><\/td>\n<\/tr>\n<tr style=\"height: 25px;\">\n<td style=\"width: 18.758003%; height: 47px; vertical-align: top;\" rowspan=\"2\">2014<\/td>\n<td style=\"width: 81.24199743918055%; height: 25px;\"><strong>Adam<\/strong> (<span style=\"font-family: inherit; font-size: inherit;\">Spielfilm, 123 min.; Regie: David Lapuch)<\/span><\/td>\n<\/tr>\n<tr style=\"height: 22px;\">\n<td style=\"width: 81.241997%; height: 22px;\"><b>Helikopter &#8211; Hausarrest<\/b> (<span style=\"font-family: inherit; font-size: inherit;\">Dokumentarfilm, 38 min. | Regie: Constantin Hatz)<\/span><\/td>\n<\/tr>\n<\/tbody>\n<\/table>\n<p>[\/vc_column_text][vc_empty_space][\/vc_column_inner][\/vc_row_inner][vc_empty_space][\/vc_column][\/vc_row][vc_row][vc_column][vc_empty_space height=&#8220;5px&#8220;][vc_column_text css=&#8220;.vc_custom_1682790644699{margin-bottom: -10px !important;}&#8220;]<\/p>\n<h3>\u00dcber Filmeditor Marco Rottig<\/h3>\n<p>[\/vc_column_text][vc_empty_space height=&#8220;25px&#8220;][vc_row_inner][vc_column_inner width=&#8220;1\/4&#8243;][vc_single_image image=&#8220;93848&#8243; img_size=&#8220;full&#8220; onclick=&#8220;link_image&#8220; css=&#8220;.vc_custom_1682808671532{margin-top: 9px !important;}&#8220;][\/vc_column_inner][vc_column_inner width=&#8220;3\/4&#8243;][vc_column_text]<strong>Marco Rottig<\/strong> wurde 1987 in Konstanz geboren und ist in der Stadt auch aufgewachsen. Er absolvierte von 2010 bis 2012 eine Ausbildung zum Mediengestalter Bild und Ton in Freiburg.[\/vc_column_text][vc_column_text]Es folgte von 2012 bis 2018 das Studium im Fach Montage\/Schnitt an der <strong>Filmakademie Baden-W\u00fcrttemberg<\/strong>. Seit 2018 ist er als freier Filmeditor t\u00e4tig.[\/vc_column_text][\/vc_column_inner][\/vc_row_inner][\/vc_column][\/vc_row][vc_row css=&#8220;.vc_custom_1682784923718{background-color: #ffffff !important;}&#8220;][vc_column][vc_column_text css=&#8220;.vc_custom_1644085776485{margin-bottom: -12px !important;}&#8220;]<span style=\"font-size: 12pt;\">Filmographie<\/span>[\/vc_column_text][vc_empty_space height=&#8220;30px&#8220;][vc_row_inner css=&#8220;.vc_custom_1682790211450{margin-bottom: -25px !important;padding-bottom: -25px !important;background-color: #ffffff !important;border-radius: 5px !important;}&#8220;][vc_column_inner width=&#8220;1\/2&#8243;][vc_column_text css=&#8220;.vc_custom_1682808064281{margin-bottom: -5px !important;padding-bottom: 5px !important;}&#8220;]<\/p>\n<table style=\"border-collapse: collapse; width: 100%; height: 153px;\">\n<tbody>\n<tr style=\"height: 25px;\">\n<td style=\"width: 18.758003%; height: 23px;\">2022<\/td>\n<td style=\"width: 81.241997%; height: 23px;\"><span style=\"font-family: inherit; font-size: inherit;\"><span style=\"font-family: inherit; font-size: inherit;\"><b>Gewalten<\/b> (<\/span><\/span><span style=\"font-family: inherit; font-size: inherit;\">Spielfilm, 147 min.; Regie: Constantin Hatz)<\/span><\/td>\n<\/tr>\n<tr style=\"height: 25px;\">\n<td style=\"width: 18.758003%; height: 10px;\">2021<\/td>\n<td style=\"width: 81.241997%; height: 10px;\"><b><b><b>St\u00f6rung<\/b><\/b><\/b> (<span style=\"font-family: inherit; font-size: inherit;\">Konzeptfilm \/ Spielfilm, 95 min; Regie: Constantin Hatz)<\/span><\/td>\n<\/tr>\n<tr style=\"height: 22px;\">\n<td style=\"width: 18.758003%; height: 44px; vertical-align: top;\" rowspan=\"2\">2020<\/td>\n<td style=\"width: 81.241997%; height: 22px;\"><b><b><b>Stille Post<\/b><\/b><\/b> (<span style=\"font-family: inherit; font-size: inherit;\">Spielfilm, 95 min; Regie: Florian Hoffmann)<\/span><\/td>\n<\/tr>\n<tr style=\"height: 22px;\">\n<td style=\"width: 81.241997%; height: 22px;\"><b><b>Die Gewichtheberin <\/b><\/b>(<span style=\"font-family: inherit; font-size: inherit;\">Dokumentarfilm, 40 min; Regie: Constantin Hatz, Annelie Boros)<\/span><\/td>\n<\/tr>\n<tr style=\"height: 22px;\">\n<td style=\"width: 18.758003%; height: 10px; vertical-align: top;\">2019<\/td>\n<td style=\"width: 81.241997%; height: 10px;\"><b><b>Fellwechselzeit <\/b><\/b>(<span style=\"font-family: inherit; font-size: inherit;\">Spielfilm, 80 min; Regie: Sabrina Mertens)<\/span><b><b><br \/>\n<\/b><\/b><\/td>\n<\/tr>\n<tr style=\"height: 22px;\">\n<td style=\"width: 18.758003%; vertical-align: top; height: 22px;\" rowspan=\"2\">2018<\/td>\n<td style=\"width: 81.241997%; height: 22px;\"><b><b><b>Stammtisch<\/b><\/b><\/b> (<span style=\"font-family: inherit; font-size: inherit;\">Dokumentarfilm, 95 min; Regie: Constantin Hatz)<\/span><\/td>\n<\/tr>\n<tr style=\"height: 22px;\">\n<td style=\"width: 81.241997%; height: 22px;\"><b><b><b>Schwimmen<\/b><\/b><\/b> (<span style=\"font-family: inherit; font-size: inherit;\">Spielfilm, 100 min; Regie: Luzie Loose)<\/span><b><b><b><br \/>\n<\/b><\/b><\/b><\/td>\n<\/tr>\n<tr style=\"height: 22px;\">\n<td style=\"width: 18.758003%; vertical-align: top; height: 22px;\">2017<\/td>\n<td style=\"width: 81.241997%; height: 22px;\"><b><b><b>Remo<\/b><\/b><\/b> (<span style=\"font-family: inherit; font-size: inherit;\">Dokumentarfilm, 48 min; Regie: Uta Schindler)<\/span><\/td>\n<\/tr>\n<\/tbody>\n<\/table>\n<p>[\/vc_column_text][\/vc_column_inner][vc_column_inner width=&#8220;1\/2&#8243;][vc_column_text css=&#8220;.vc_custom_1682807997995{margin-bottom: 0px !important;}&#8220;]<\/p>\n<table style=\"border-collapse: collapse; width: 100%; height: 131px;\">\n<tbody>\n<tr style=\"height: 25px;\">\n<td style=\"width: 18.758003%; height: 23px; vertical-align: top;\">2017<\/td>\n<td style=\"width: 81.24199743918055%; height: 23px;\"><span style=\"font-family: inherit; font-size: inherit;\"><span style=\"font-family: inherit; font-size: inherit;\"><b>Brut<\/b> (<span style=\"font-family: inherit; font-size: inherit;\">Spielfilm, 123 min; Regie: Constantin Hatz<\/span><\/span><\/span><span style=\"font-family: inherit; font-size: inherit;\">)<\/span><\/td>\n<\/tr>\n<tr style=\"height: 25px;\">\n<td style=\"width: 18.758003%; height: 10px; vertical-align: top;\">2016<\/td>\n<td style=\"width: 81.241997%; height: 10px;\"><b><b>Talsperre<\/b><\/b> (<span style=\"font-family: inherit; font-size: inherit;\">Kurzfilm, 12 min; <\/span><span style=\"font-family: inherit; font-size: inherit;\">Regie: Constantin Hatz<\/span><span style=\"font-family: inherit; font-size: inherit;\">)<\/span><\/td>\n<\/tr>\n<tr style=\"height: 22px;\">\n<td style=\"width: 18.758003%; height: 54px; vertical-align: top;\" rowspan=\"3\">2015<\/td>\n<td style=\"width: 81.241997%; height: 22px;\"><b><b>Fuge<\/b><\/b> (<span style=\"font-family: inherit; font-size: inherit;\">Spielfilm, 77 min; Regie: Constantin Hatz)<\/span><\/td>\n<\/tr>\n<tr style=\"height: 10px;\">\n<td style=\"width: 81.241997%; height: 10px;\"><strong>French Fries<\/strong> (<span style=\"font-family: inherit; font-size: inherit;\">Kurzfilm, 8 min; Regie: Luzie Loose<\/span><\/td>\n<\/tr>\n<tr style=\"height: 22px;\">\n<td style=\"width: 81.241997%; height: 22px;\"><b>Dead Girls Don&#8217;t Love<\/b> (<span style=\"font-family: inherit; font-size: inherit;\">Kurzfilm, 12 min |Regie: Philipp Westerfeld<\/span><span style=\"font-family: inherit; font-size: inherit;\">)<\/span><\/td>\n<\/tr>\n<tr style=\"height: 22px;\">\n<td style=\"width: 18.758003%; height: 44px; vertical-align: top;\" rowspan=\"2\">2014<\/td>\n<td style=\"width: 81.241997%; height: 22px;\"><b><b>Helikopter &#8211; Hausarrest <\/b><\/b>(<span style=\"font-family: inherit; font-size: inherit;\">Dokumentarfilm, 38 min; Regie: Constantin Hatz)<\/span><\/td>\n<\/tr>\n<tr style=\"height: 22px;\">\n<td style=\"width: 81.241997%; height: 22px;\"><b><b>N\u00e4he<\/b><\/b> (<span style=\"font-family: inherit; font-size: inherit;\">Dokumentarfilm, 31 min; Regie: Constantin Hatz)<\/span><\/td>\n<\/tr>\n<\/tbody>\n<\/table>\n<p>[\/vc_column_text][vc_empty_space][\/vc_column_inner][\/vc_row_inner][vc_empty_space][\/vc_column][\/vc_row][vc_row][vc_column][vc_empty_space height=&#8220;20px&#8220;][vc_column_text]<\/p>\n<h3>\u00dcber Robert Kuchenbuch (Rolle: Vater)<\/h3>\n<p>Geboren 1967 in Lutherstadt Wittenberg, studierte <strong>Robert Kuchenbuch<\/strong> von 1990\/91 bis 1994\/95 Schauspiel an der Hochschule f\u00fcr Schauspielkunst \u201eErnst Busch\u201c in Berlin. Festengagements f\u00fchrten in an zahlreiche deutschsprachige Theaterh\u00e4user, so u.a. an das <strong>Theater St. Gallen<\/strong>, Schauspiel Frankfurt a.M., <strong>Maxim Gorki Theater Berlin<\/strong>, <strong>Schauspiel Stuttgart<\/strong>. Er spielte zudem in zahlreicehn Fernseh- und Filmproduktionen mit.[\/vc_column_text][vc_single_image image=&#8220;93853&#8243; img_size=&#8220;full&#8220; onclick=&#8220;link_image&#8220;][\/vc_column][\/vc_row][vc_row css=&#8220;.vc_custom_1682784923718{background-color: #ffffff !important;}&#8220;][vc_column][vc_column_text css=&#8220;.vc_custom_1682808888661{margin-bottom: -12px !important;}&#8220;]<span style=\"font-size: 12pt;\">Filmographie (Auswahl)<\/span>[\/vc_column_text][vc_empty_space height=&#8220;30px&#8220;][vc_row_inner css=&#8220;.vc_custom_1682790211450{margin-bottom: -25px !important;padding-bottom: -25px !important;background-color: #ffffff !important;border-radius: 5px !important;}&#8220;][vc_column_inner width=&#8220;1\/2&#8243;][vc_column_text css=&#8220;.vc_custom_1682809976959{margin-bottom: -5px !important;padding-bottom: 5px !important;}&#8220;]<\/p>\n<table style=\"border-collapse: collapse; width: 100%; height: 119px;\">\n<tbody>\n<tr style=\"height: 25px;\">\n<td style=\"width: 18.758003%; height: 43px; vertical-align: top;\" rowspan=\"3\">2022<\/td>\n<td style=\"width: 81.241997%; height: 23px;\"><span style=\"font-family: inherit; font-size: inherit;\"><span style=\"font-family: inherit; font-size: inherit;\"><span style=\"font-family: inherit; font-size: inherit;\"><b>Theresa Wolff: Ikarus<\/b> (TV Fernsehreihe, ZDF; Regie: <\/span><\/span><\/span><span style=\"font-family: inherit; font-size: inherit;\">Bruno Grass)<\/span><\/td>\n<\/tr>\n<tr style=\"height: 25px;\">\n<td style=\"width: 81.241997%; height: 10px;\"><strong>A Distant Figure<\/strong> (<span style=\"font-family: inherit; font-size: inherit;\"><span style=\"font-family: inherit; font-size: inherit;\">Kurzfilm; Regie: <\/span><\/span><span style=\"font-family: inherit; font-size: inherit;\">Ram\u00f3n Durman<\/span><span style=\"font-family: inherit; font-size: inherit;\">)<\/span><\/td>\n<\/tr>\n<tr style=\"height: 22px;\">\n<td style=\"width: 81.241997%; height: 10px;\"><b><b><span style=\"font-family: inherit; font-size: inherit;\">Gewalten<\/span><\/b><\/b><span style=\"font-family: inherit; font-size: inherit;\"> (<\/span><span style=\"font-family: inherit; font-size: inherit;\">Spielfilm; Regie: Constantin Hatz)<\/span><\/td>\n<\/tr>\n<tr style=\"height: 22px;\">\n<td style=\"width: 18.758003%; vertical-align: top; height: 10px;\" rowspan=\"3\">2021<\/td>\n<td style=\"width: 81.241997%; height: 10px;\"><b><b><b>St\u00f6rung<\/b><\/b><\/b>\u00a0(<span style=\"font-family: inherit; font-size: inherit;\">TV-Film, ZDF; Regie: Constantin Hatz)<\/span><\/td>\n<\/tr>\n<tr style=\"height: 22px;\">\n<td style=\"width: 81.241997%; height: 22px;\"><b><b><b>Der \u00dcberfall <\/b><\/b><\/b>(Mini-Serie, ZDF; Regie: <span style=\"font-family: inherit; font-size: inherit;\">Stephan Lacant)<\/span><\/td>\n<\/tr>\n<tr style=\"height: 22px;\">\n<td style=\"width: 81.241997%; height: 22px;\"><b><b><b><b>SOKO K\u00f6ln<\/b><\/b><\/b><\/b> (Serie, ZDF; Regie: <span style=\"font-family: inherit; font-size: inherit;\">Christoph Heininger)<\/span><\/td>\n<\/tr>\n<tr style=\"height: 22px;\">\n<td style=\"width: 18.758003%; vertical-align: top; height: 22px;\">2020<\/td>\n<td style=\"width: 81.241997%; height: 22px;\"><b><b>Wapo-Berlin: Goldm\u00e4dchen<\/b><\/b> (Serie, ARD; Regie: <span style=\"font-family: inherit; font-size: inherit;\">Oren Schmuckler)<\/span><\/td>\n<\/tr>\n<tr style=\"height: 25px;\">\n<td style=\"width: 18.758003%; height: 23px; vertical-align: top;\">2019<\/td>\n<td style=\"width: 81.241997%; height: 23px;\"><span style=\"font-family: inherit; font-size: inherit;\"><span style=\"font-family: inherit; font-size: inherit;\"><span style=\"font-family: inherit; font-size: inherit;\"><b>Letzte Spur Berlin: Am\u00f6benliebe<\/b> (<span style=\"font-family: inherit; font-size: inherit;\">Serie, ZDF; Regie: <span style=\"font-family: inherit; font-size: inherit;\">K\u00e4the Niemeyer<\/span><\/span><\/span><\/span><\/span><span style=\"font-family: inherit; font-size: inherit;\">)<\/span><\/td>\n<\/tr>\n<\/tbody>\n<\/table>\n<p>[\/vc_column_text][\/vc_column_inner][vc_column_inner width=&#8220;1\/2&#8243;][vc_column_text css=&#8220;.vc_custom_1682811453443{margin-bottom: 0px !important;}&#8220;]<\/p>\n<table style=\"border-collapse: collapse; width: 100%; height: 141px;\">\n<tbody>\n<tr style=\"height: 25px;\">\n<td style=\"width: 18.758003%; height: 23px; vertical-align: top;\" rowspan=\"2\">2018<\/td>\n<td style=\"width: 81.24199743918055%; height: 23px;\"><b>Zoros Solo<\/b>\u00a0(<span style=\"font-family: inherit; font-size: inherit;\">Spielfilm; <\/span><span style=\"font-family: inherit; font-size: inherit;\"><span style=\"font-family: inherit; font-size: inherit;\">Regie: <span style=\"font-family: inherit; font-size: inherit;\">Martin Busker<\/span><\/span><\/span><span style=\"font-family: inherit; font-size: inherit;\">)<\/span><\/td>\n<\/tr>\n<tr style=\"height: 25px;\">\n<td style=\"width: 81.241997%; height: 10px;\"><b>Kokon<\/b>\u00a0(<span style=\"font-family: inherit; font-size: inherit;\"><span style=\"font-family: inherit; font-size: inherit;\">TV-Film, ZDF; <span style=\"font-family: inherit; font-size: inherit;\">Leonie Krippendorff<\/span><\/span><\/span><span style=\"font-family: inherit; font-size: inherit;\">)<\/span><\/td>\n<\/tr>\n<tr style=\"height: 22px;\">\n<td style=\"width: 18.758003%; vertical-align: top; height: 22px;\" rowspan=\"2\">2016<\/td>\n<td style=\"width: 81.241997%; height: 22px;\"><b><b>Die Freibandclique<\/b><\/b> (TV-Film, SWR; Regie: <span style=\"font-family: inherit; font-size: inherit;\">Friedemann Fromm)<\/span><\/td>\n<\/tr>\n<tr style=\"height: 22px;\">\n<td style=\"width: 81.241997%; height: 22px;\"><b><b><b>SOKO Stuttgart: Spielfeld des Todes<\/b><\/b><\/b> (TV-Film, SWR; Regie: <span style=\"font-family: inherit; font-size: inherit;\">Rainer Matsutani)<\/span><\/td>\n<\/tr>\n<tr>\n<td style=\"width: 18.758003%; vertical-align: top;\" rowspan=\"3\">2014<\/td>\n<td style=\"width: 81.241997%;\"><strong>Der Bergdoktor<\/strong> (Serie, ZDF; Regie: Axel Barth)<b><b><br \/>\n<\/b><\/b><\/td>\n<\/tr>\n<tr style=\"height: 10px;\">\n<td style=\"width: 81.241997%; height: 10px;\"><b><b><b>Notruf Hafenkante<\/b><\/b><\/b> (Serie, ZDF; Regie: <span style=\"font-family: inherit; font-size: inherit;\">Oren Schmuckler<\/span>)<\/td>\n<\/tr>\n<tr style=\"height: 22px;\">\n<td style=\"width: 81.241997%; height: 22px;\"><b><b><b>Windscherung<\/b><\/b><\/b> (Kurzfilm; Regie: <span style=\"font-family: inherit; font-size: inherit;\">Marcel Reimann)<\/span><b><b><b><br \/>\n<\/b><\/b><\/b><\/td>\n<\/tr>\n<\/tbody>\n<\/table>\n<p>[\/vc_column_text][vc_empty_space][\/vc_column_inner][\/vc_row_inner][vc_empty_space][\/vc_column][\/vc_row][vc_row][vc_column][vc_empty_space height=&#8220;20px&#8220;][vc_column_text]<\/p>\n<h3>\u00dcber Eric Cordes (Rolle: Michael)<\/h3>\n<p>Geboren 1996 in Bremen, studierte <strong>Eric Cordes<\/strong> nach dem Abitur P\u00e4dagogik und war als Kampfsportrainer f\u00fcr Jugendliche aus schwierigen sozialen Verh\u00e4ltnisses t\u00e4tig. Seit mehreren Jahren steht er f\u00fcr Produktionen der <strong>ARD<\/strong> des<strong> ZDF<\/strong>, <strong>SKY<\/strong>, <strong>Amazon <\/strong>und <strong>RTL+<\/strong> vor der Kamera. &#8222;<strong>Gewalten<\/strong>&#8220; ist <strong>Eric Cordes<\/strong> Kinofilmdebut.[\/vc_column_text][vc_single_image image=&#8220;93857&#8243; img_size=&#8220;full&#8220; onclick=&#8220;link_image&#8220;][\/vc_column][\/vc_row][vc_row css=&#8220;.vc_custom_1682784923718{background-color: #ffffff !important;}&#8220;][vc_column][vc_column_text css=&#8220;.vc_custom_1682808888661{margin-bottom: -12px !important;}&#8220;]<span style=\"font-size: 12pt;\">Filmographie (Auswahl)<\/span>[\/vc_column_text][vc_empty_space height=&#8220;30px&#8220;][vc_row_inner css=&#8220;.vc_custom_1682790211450{margin-bottom: -25px !important;padding-bottom: -25px !important;background-color: #ffffff !important;border-radius: 5px !important;}&#8220;][vc_column_inner width=&#8220;1\/2&#8243;][vc_column_text css=&#8220;.vc_custom_1682811470633{margin-bottom: -5px !important;padding-bottom: 5px !important;}&#8220;]<\/p>\n<table style=\"border-collapse: collapse; width: 100%; height: 98px;\">\n<tbody>\n<tr style=\"height: 22px;\">\n<td style=\"width: 18.758003%; vertical-align: top; height: 22px;\">2023<\/td>\n<td style=\"width: 81.241997%; height: 22px;\"><b><b>Helen Dorn &#8211; Der deutsche Sizilianer<\/b><\/b> (Spielfilm; Regie: <span style=\"font-family: inherit; font-size: inherit;\">Friedemann Fromm)<\/span><\/td>\n<\/tr>\n<tr style=\"height: 25px;\">\n<td style=\"width: 18.758003%; height: 10px; vertical-align: top;\" rowspan=\"4\">2022<\/td>\n<td style=\"width: 81.241997%; height: 10px;\"><span style=\"font-family: inherit; font-size: inherit;\"><span style=\"font-family: inherit; font-size: inherit;\"><span style=\"font-family: inherit; font-size: inherit;\"><span style=\"font-family: inherit; font-size: inherit;\"><b>Das Boot<\/b>\u00a0(<span style=\"font-family: inherit; font-size: inherit;\">Serie, Staffel 4, SKY; Regie: <span style=\"font-family: inherit; font-size: inherit;\">Dennis Gansel<\/span><\/span><\/span><\/span><\/span><\/span><span style=\"font-family: inherit; font-size: inherit;\">)<\/span><\/td>\n<\/tr>\n<tr style=\"height: 22px;\">\n<td style=\"width: 81.241997%; height: 22px;\"><span style=\"font-family: inherit; font-size: inherit;\"><span style=\"font-family: inherit; font-size: inherit;\"><span style=\"font-family: inherit; font-size: inherit;\"><b>Die\u00a0<\/b><\/span><\/span><\/span><b>Discounter<\/b> <span style=\"font-family: inherit; font-size: inherit;\"><span style=\"font-family: inherit; font-size: inherit;\">(Serie, Staffel 2, Amazon Prime; Regie: <span style=\"font-family: inherit; font-size: inherit;\">Emil Belton, Oskar Belton, Bruno Alexander<\/span><\/span><\/span><span style=\"font-family: inherit; font-size: inherit;\">)<\/span><\/td>\n<\/tr>\n<tr style=\"height: 22px;\">\n<td style=\"width: 81.241997%; height: 22px;\"><span style=\"font-family: inherit; font-size: inherit;\"><span style=\"font-family: inherit; font-size: inherit;\"><span style=\"font-family: inherit; font-size: inherit;\"><b>Der\u00a0<\/b><\/span><\/span><\/span><b><b>Staatsanwalt &#8211; \u00a0Die letzte Verwandlung<\/b><\/b> (TV-Film, ZDF; Regie: <span style=\"font-family: inherit; font-size: inherit;\">Steffi Doehlemann)<\/span><\/td>\n<\/tr>\n<tr style=\"height: 22px;\">\n<td style=\"width: 81.241997%; height: 22px;\"><span style=\"font-family: inherit; font-size: inherit;\"><span style=\"font-family: inherit; font-size: inherit;\"><span style=\"font-family: inherit; font-size: inherit;\"><span style=\"font-family: inherit; font-size: inherit;\"><b>Blutige Anf\u00e4nger <\/b>(TV-Film, ZDF; Regie: <span style=\"font-family: inherit; font-size: inherit;\">Philipp Eichholtz, Irina Popow, Franco Tozza<\/span><\/span><\/span><\/span><\/span><span style=\"font-family: inherit; font-size: inherit;\"><span style=\"font-family: inherit; font-size: inherit;\"><span style=\"font-family: inherit; font-size: inherit;\">)<\/span><\/span><\/span><\/td>\n<\/tr>\n<\/tbody>\n<\/table>\n<p>[\/vc_column_text][\/vc_column_inner][vc_column_inner width=&#8220;1\/2&#8243;][vc_column_text css=&#8220;.vc_custom_1682811790267{margin-bottom: 0px !important;}&#8220;]<\/p>\n<table style=\"border-collapse: collapse; width: 100%; height: 75px;\">\n<tbody>\n<tr style=\"height: 25px;\">\n<td style=\"width: 18.758003%; height: 75px; vertical-align: top;\" rowspan=\"5\">2021<\/td>\n<td style=\"width: 81.24199743918055%; height: 23px;\"><b>Love Addicts<\/b>\u00a0(<span style=\"font-family: inherit; font-size: inherit;\">Serie, Staffel 1, Amazon Originals; <\/span><span style=\"font-family: inherit; font-size: inherit;\"><span style=\"font-family: inherit; font-size: inherit;\"><span style=\"font-family: inherit; font-size: inherit;\">Regie: <span style=\"font-family: inherit; font-size: inherit;\">Arabella Bartsch, Janosch Ch\u00e1vez Kreft<\/span><\/span><\/span><\/span><span style=\"font-family: inherit; font-size: inherit;\">)<\/span><\/td>\n<\/tr>\n<tr style=\"height: 25px;\">\n<td style=\"width: 81.241997%; height: 10px;\"><b>Unter anderen Umst\u00e4nden &#8211; D\u00e4monen<\/b>\u00a0(<span style=\"font-family: inherit; font-size: inherit;\"><span style=\"font-family: inherit; font-size: inherit;\"><span style=\"font-family: inherit; font-size: inherit;\">TV-Film, ZDF; Regie: <span style=\"font-family: inherit; font-size: inherit;\">Judith Kennel<\/span><\/span><\/span><\/span><span style=\"font-family: inherit; font-size: inherit;\">)<\/span><\/td>\n<\/tr>\n<tr style=\"height: 22px;\">\n<td style=\"width: 81.241997%; height: 22px;\"><b><b>Die Freibandclique<\/b><\/b> (TV-Film, SWR; Regie: <span style=\"font-family: inherit; font-size: inherit;\">Friedemann Fromm)<\/span><\/td>\n<\/tr>\n<tr style=\"height: 22px;\">\n<td style=\"width: 81.241997%; height: 10px;\"><b>Das Netz <\/b>(Serie, ARD; Regie: <span style=\"font-family: inherit; font-size: inherit;\">Rick Ostermann<\/span><span style=\"font-family: inherit; font-size: inherit;\">)<\/span><\/td>\n<\/tr>\n<tr style=\"height: 10px;\">\n<td style=\"width: 81.241997%; height: 10px;\"><strong>Subotnik<\/strong> (Mini-Serie, RTL+; Regie: <span style=\"font-family: inherit; font-size: inherit;\">Helene Hegemann<\/span>)<b><b><br \/>\n<\/b><\/b><\/td>\n<\/tr>\n<\/tbody>\n<\/table>\n<p>[\/vc_column_text][vc_empty_space][\/vc_column_inner][\/vc_row_inner][vc_empty_space][\/vc_column][\/vc_row][vc_row][vc_column][vc_empty_space height=&#8220;20px&#8220;][vc_column_text]<\/p>\n<h3>\u00dcber Paul Wollin (Rolle: Marcel)<\/h3>\n<p>Geboren 1989 in Berlin, absolvierte <strong>Paul Wollin<\/strong> eine Schauspielausbildung an der <strong>Filmschauspielschule Berlin<\/strong>. Gastengagements f\u00fchrten in an nationale und internationale deutschsprachige Theater, u.a. <strong>Nationaltheater Mannheim<\/strong>, <strong>Junges Deutsches Theater Berlin<\/strong>, <strong>Ballhaus Naunynstrasse Berlin<\/strong> und dem <strong>Maxim Gorki Theater Berlin<\/strong>. Daneben spiel er regelm\u00e4\u00dfig in Film- und Fernsehproduktionen.[\/vc_column_text][vc_single_image image=&#8220;93860&#8243; img_size=&#8220;full&#8220; onclick=&#8220;link_image&#8220;][\/vc_column][\/vc_row][vc_row css=&#8220;.vc_custom_1682784923718{background-color: #ffffff !important;}&#8220;][vc_column][vc_column_text css=&#8220;.vc_custom_1682808888661{margin-bottom: -12px !important;}&#8220;]<span style=\"font-size: 12pt;\">Filmographie (Auswahl)<\/span>[\/vc_column_text][vc_empty_space height=&#8220;30px&#8220;][vc_row_inner css=&#8220;.vc_custom_1682790211450{margin-bottom: -25px !important;padding-bottom: -25px !important;background-color: #ffffff !important;border-radius: 5px !important;}&#8220;][vc_column_inner width=&#8220;1\/2&#8243;][vc_column_text css=&#8220;.vc_custom_1682815071389{margin-bottom: -5px !important;padding-bottom: 5px !important;}&#8220;]<\/p>\n<table style=\"border-collapse: collapse; width: 100%; height: 358px;\">\n<tbody>\n<tr style=\"height: 22px;\">\n<td style=\"width: 18.758003%; vertical-align: top; height: 10px;\">2023<\/td>\n<td style=\"width: 81.241997%; height: 10px;\"><b>SOKO K\u00f6ln: Ruhe nach dem Sturm<\/b> (TV-Film, ZDF; Regie: <span style=\"font-family: inherit; font-size: inherit;\">Sascha Thiel<\/span><span style=\"font-family: inherit; font-size: inherit;\">)<\/span><\/td>\n<\/tr>\n<tr style=\"height: 22px;\">\n<td style=\"width: 18.758003%; vertical-align: top; height: 172px;\" rowspan=\"8\">2022<\/td>\n<td style=\"width: 81.241997%; height: 22px;\"><b><b>Gewalten <\/b><\/b>(Spielfilm, Regie: <span style=\"font-family: inherit; font-size: inherit;\">Constantin Hatz)<\/span><\/td>\n<\/tr>\n<tr style=\"height: 22px;\">\n<td style=\"width: 81.241997%; height: 22px;\"><b><b>60 Minuten <\/b><\/b>(Netflix-Film, Netflix; Regie: <span style=\"font-family: inherit; font-size: inherit;\">Oliver Kienle<\/span><span style=\"font-family: inherit; font-size: inherit;\">)<\/span><\/td>\n<\/tr>\n<tr style=\"height: 22px;\">\n<td style=\"width: 81.241997%; height: 22px;\"><b><b><b>Vena<\/b><\/b><\/b> (Spielfilm; Regie: <span style=\"font-family: inherit; font-size: inherit;\">Chiara Fleischhacker)<\/span><\/td>\n<\/tr>\n<tr style=\"height: 22px;\">\n<td style=\"width: 81.241997%; height: 22px;\"><b><b><b>Nackt \u00fcber Berlin <\/b><\/b><\/b>(Mini-Serie, arte\/SWR; Regie: <span style=\"font-family: inherit; font-size: inherit;\">Axel Ranisch)<\/span><\/td>\n<\/tr>\n<tr style=\"height: 22px;\">\n<td style=\"width: 81.241997%; height: 22px;\"><b><b>Tod den Lebenden<\/b><\/b> (Spielfilm, ARD Mediathek; Regie: Tom Lass)<\/td>\n<\/tr>\n<tr style=\"height: 18px;\">\n<td style=\"width: 81.241997%; height: 18px;\"><strong>Ostfriesenkrimi: Ostfriesenwut<\/strong> (TV-Film, ZDF; Regie: <span style=\"font-family: inherit; font-size: inherit;\">Christine Repond<\/span>)<\/td>\n<\/tr>\n<tr style=\"height: 22px;\">\n<td style=\"width: 81.241997%; height: 22px;\"><b><b><b>Die Discounter<\/b><\/b><\/b> (Serie, Staffel 2, Amazon Prime; Regie: <span style=\"font-family: inherit; font-size: inherit;\">Oskar Belton, Emil Belton, Bruno Alexander)<\/span><\/td>\n<\/tr>\n<tr style=\"height: 22px;\">\n<td style=\"width: 81.241997%; height: 22px;\"><b><b><b>Boom Boom Bruno<\/b><\/b><\/b> (TV-Serie, Warner; <span style=\"font-family: inherit; font-size: inherit;\">Regie: Maurice H\u00fcbner)<\/span><\/td>\n<\/tr>\n<tr style=\"height: 22px;\">\n<td style=\"width: 18.758003%; vertical-align: top; height: 176px;\" rowspan=\"7\">2021<\/td>\n<td style=\"width: 81.241997%; height: 22px;\"><b><b><b>Munich Games<\/b><\/b><\/b> (Serie, Sky; <span style=\"font-family: inherit; font-size: inherit;\">Regie: Philipp Kadelbach)<\/span><\/td>\n<\/tr>\n<tr style=\"height: 22px;\">\n<td style=\"width: 81.241997%; height: 22px;\"><b><b>SOKO Leipzig: Und pl\u00f6tzlich ist alles dunkel <\/b><\/b>(TV-Film, ZDF; <span style=\"font-family: inherit; font-size: inherit;\">Regie: Robert del Maestro)<\/span><\/td>\n<\/tr>\n<tr style=\"height: 22px;\">\n<td style=\"width: 81.241997%; height: 22px;\"><b><b><b>Tatort: Schutzma\u00dfnahmen<\/b><\/b><\/b> (TV-Dilm, ARD; <span style=\"font-family: inherit; font-size: inherit;\">Regie: Nina Vukovic)<\/span><\/td>\n<\/tr>\n<tr style=\"height: 22px;\">\n<td style=\"width: 81.241997%; height: 22px;\"><b><b>Doppelhaush\u00e4lfte<\/b><\/b> (Serie, ZDFneo; R<span style=\"font-family: inherit; font-size: inherit;\">egie: Florian Dietrich)<\/span><\/td>\n<\/tr>\n<tr style=\"height: 22px;\">\n<td style=\"width: 81.241997%; height: 22px;\"><b><b><b>John Wick 4 <\/b><\/b><\/b>(US-Spielfilm; <span style=\"font-family: inherit; font-size: inherit;\">Regie: Chad Stahelski)<\/span><\/td>\n<\/tr>\n<tr style=\"height: 22px;\">\n<td style=\"width: 81.241997%; height: 22px;\"><b><b><b>Babylon Berlin <\/b><\/b><\/b>(Serie, Staffel 4, SKY \/ ARD; Regie: <span style=\"font-family: inherit; font-size: inherit;\">Achim von Borries, Henk Handloegten, Tom Tykwer)<\/span><\/td>\n<\/tr>\n<tr style=\"height: 22px;\">\n<td style=\"width: 81.241997%; height: 22px;\"><b><b><b>Wolfsland: 20 Stunden<\/b><\/b><\/b> (TV-Film, ARD; <span style=\"font-family: inherit; font-size: inherit;\">Regie:<\/span> <span style=\"font-family: inherit; font-size: inherit;\">C\u00fcneyt Kaya)<\/span><\/td>\n<\/tr>\n<\/tbody>\n<\/table>\n<p>[\/vc_column_text][\/vc_column_inner][vc_column_inner width=&#8220;1\/2&#8243;][vc_column_text css=&#8220;.vc_custom_1682944570677{margin-bottom: 0px !important;}&#8220;]<\/p>\n<table style=\"border-collapse: collapse; width: 100%; height: 368px;\">\n<tbody>\n<tr style=\"height: 25px;\">\n<td style=\"width: 18.758003%; height: 22px; vertical-align: top;\">2020<\/td>\n<td style=\"width: 81.241997%; height: 22px;\"><span style=\"font-family: inherit; font-size: inherit;\"><b>Die Macht der Kr\u00e4nkung<\/b> (Serie, ZDFneo; Regie: Umut Dag)<\/span><\/td>\n<\/tr>\n<tr style=\"height: 16px;\">\n<td style=\"width: 18.758003%; vertical-align: top; height: 16px;\"><\/td>\n<td style=\"width: 81.241997%; height: 16px;\"><b>Deadlift<\/b>\u00a0(<span style=\"font-family: inherit; font-size: inherit;\">Spielfilm; Regie: Tim Br\u00fcckmann<\/span><span style=\"font-family: inherit; font-size: inherit;\">)<\/span><\/td>\n<\/tr>\n<tr style=\"height: 22px;\">\n<td style=\"width: 18.758003%; vertical-align: top; height: 110px;\" rowspan=\"5\">2019<\/td>\n<td style=\"width: 81.241997%; height: 22px;\"><b>Warten auf&#8217;n Bus<\/b> (<span style=\"font-family: inherit; font-size: inherit;\"><span style=\"font-family: inherit; font-size: inherit;\">Miniserie, rbb; <span style=\"font-family: inherit; font-size: inherit;\">Regie: Dirk Kummer<\/span><\/span><\/span><span style=\"font-family: inherit; font-size: inherit;\">)<\/span><\/td>\n<\/tr>\n<tr style=\"height: 22px;\">\n<td style=\"width: 81.241997%; height: 22px;\"><b><b>Professor T. &#8211; Die Zeugin <\/b><\/b>(<span style=\"font-family: inherit; font-size: inherit;\">TV-Film, ZDF, rbb; <\/span><span style=\"font-family: inherit; font-size: inherit;\">Regie: Thomas Jahn<\/span><span style=\"font-family: inherit; font-size: inherit;\">)<\/span><\/td>\n<\/tr>\n<tr style=\"height: 22px;\">\n<td style=\"width: 81.241997%; height: 22px;\"><b><b>Nightlife<\/b><\/b> (Spielfilm; <span style=\"font-family: inherit; font-size: inherit;\">Regie: Simon Verhoeven)<\/span><\/td>\n<\/tr>\n<tr style=\"height: 22px;\">\n<td style=\"width: 81.241997%; height: 22px;\"><b><b>Das Gesetz sind wir<\/b><\/b> ( TV-Film, ZDF; <span style=\"font-family: inherit; font-size: inherit;\">Regie:<\/span> <span style=\"font-family: inherit; font-size: inherit;\">Markus Imboden)<\/span><\/td>\n<\/tr>\n<tr style=\"height: 22px;\">\n<td style=\"width: 81.241997%; height: 22px;\"><b><b>Wiessnitz<\/b><\/b> (Serie, Pilot; Regie: <span style=\"font-family: inherit; font-size: inherit;\">Andreas Reinhardt, Tim Burek)<\/span><\/td>\n<\/tr>\n<tr style=\"height: 22px;\">\n<td style=\"width: 18.758003%; vertical-align: top; height: 110px;\" rowspan=\"5\">2018<\/td>\n<td style=\"width: 81.241997%; height: 22px;\"><b><b>Arthurs Gesetz<\/b><\/b> (Comedy-Serie, TNT; <span style=\"font-family: inherit; font-size: inherit;\">Regie: Christian Z\u00fcbert)<\/span><\/td>\n<\/tr>\n<tr style=\"height: 22px;\">\n<td style=\"width: 81.241997%; height: 22px;\"><b>Dogs of Berlin<\/b> (Netflix-Serie; <span style=\"font-family: inherit; font-size: inherit;\">Regie: Christian Alvart)<\/span><\/td>\n<\/tr>\n<tr style=\"height: 22px;\">\n<td style=\"width: 81.241997%; height: 22px;\"><b><b>Marie Brand und der Reiz der Gewalt<\/b><\/b> (TV-Film, ZDF; Regie: <span style=\"font-family: inherit; font-size: inherit;\">Nicole Weegmann)<\/span><\/td>\n<\/tr>\n<tr style=\"height: 22px;\">\n<td style=\"width: 81.241997%; height: 22px;\"><b><b>Tatort Dortmund: Inferno<\/b><\/b> (TV-Film, ARD; <span style=\"font-family: inherit; font-size: inherit;\">Regie: Richard Huber)<\/span><\/td>\n<\/tr>\n<tr style=\"height: 22px;\">\n<td style=\"width: 81.241997%; height: 22px;\"><b><b>Toubab<\/b><\/b> (Spielfilm; <span style=\"font-family: inherit; font-size: inherit;\">Regie: Florian Dietrich)<\/span><\/td>\n<\/tr>\n<tr style=\"height: 22px;\">\n<td style=\"width: 18.758003%; vertical-align: top; height: 22px;\">2017<\/td>\n<td style=\"width: 81.241997%; height: 22px;\"><b><b>7500<\/b><\/b> (Spielfilm; <span style=\"font-family: inherit; font-size: inherit;\">Regie: Patrick Vollrath)<\/span><\/td>\n<\/tr>\n<tr style=\"height: 22px;\">\n<td style=\"width: 18.758003%; vertical-align: top; height: 66px;\" rowspan=\"3\">2016<\/td>\n<td style=\"width: 81.241997%; height: 22px;\"><b><b>Vierfarbendruck<\/b><\/b> (Poetry-Spielfilm; <span style=\"font-family: inherit; font-size: inherit;\">Regie: Sina Sailer)<\/span><\/td>\n<\/tr>\n<tr style=\"height: 22px;\">\n<td style=\"width: 81.241997%; height: 22px;\"><b><b>Toro<\/b><\/b> (Spielfilm; <span style=\"font-family: inherit; font-size: inherit;\">Regie: Martin Hawie)<\/span><\/td>\n<\/tr>\n<tr style=\"height: 22px;\">\n<td style=\"width: 81.241997%; height: 22px;\"><b><b>SOKO Wismar: Verletzt<\/b><\/b> (TV-Film, ZDF; <span style=\"font-family: inherit; font-size: inherit;\">Regie: Kerstin Ahlrich<\/span><b><b><br \/>\n<\/b><\/b><\/td>\n<\/tr>\n<tr style=\"height: 22px;\">\n<td style=\"width: 18.758003%; vertical-align: top; height: 22px;\">2015<\/td>\n<td style=\"width: 81.241997%; height: 22px;\"><b><b>SOKO Leipzig: T\u00f6chter und S\u00f6hne<\/b><\/b> (TV-Film, ZDF; <span style=\"font-family: inherit; font-size: inherit;\">Regie: Andreas Morell)<\/span><\/td>\n<\/tr>\n<\/tbody>\n<\/table>\n<p>[\/vc_column_text][vc_empty_space height=&#8220;40px&#8220;][\/vc_column_inner][\/vc_row_inner][vc_empty_space][vc_row_inner][vc_column_inner width=&#8220;1\/2&#8243;][vc_single_image image=&#8220;93864&#8243; img_size=&#8220;full&#8220; onclick=&#8220;link_image&#8220;][\/vc_column_inner][vc_column_inner width=&#8220;1\/2&#8243;][vc_single_image image=&#8220;93866&#8243; img_size=&#8220;full&#8220; onclick=&#8220;link_image&#8220;][\/vc_column_inner][\/vc_row_inner][vc_column_text]<span style=\"font-size: 14pt;\">Stimmen zum Film (Auswahl)<\/span><\/p>\n<p><i>&#8222;In ausdrucksstarken Bildern, welche die beengte D\u00fcsterkeit von Innenr\u00e4umen effektvoll mit der lichten Weite der umliegenden Landschaft kontrastieren, entwirft Constantin Hatz ein unheilvolles Gem\u00e4lde humanistischen Niedergangs. Baulicher Verfall wird zum Symbol f\u00fcr psychische Degeneration, karge R\u00e4ume bezeichnen die emotionale Verk\u00fcmmerung ihrer Bewohner. Das moralisch verkommene Milieu, das der erhabenen Naturkulisse noch trotzt, ist so vergiftet, dass aufkeimende Freundschaft nicht wachsen kann. Ein bitteres Fazit \u00fcber den menschlichen Zustand, dem trotz \u00dcberl\u00e4nge eine gespenstische Poesie innewohnt.&#8220; <\/i>(<strong>Linda Bach, moviebreak.de)<\/strong><\/p>\n<p><i>&#8222;Dieser Film hat uns irritiert, seine eindringlichen Momente wollten uns jedoch nicht loslassen. Gewalten hat es uns nicht leicht gemacht, er ist nicht gef\u00e4llig, wir waren ihm ausgeliefert; aber es ist ein Film, der nachhallt, dessen intensiven Bildern wir uns nicht entziehen konnten, der zu Fragen zwingt, auf die sich schwer Antworten finden lassen. <\/i><i>In einer Welt voller Brutalit\u00e4t erschafft Rafael Starman mit seiner Bildgestaltung eine unglaubliche Poesie. Mit seinen perfekt komponierten Bildern kreiert er eine beklemmende Atmosph\u00e4re, die keine Dunkelheit scheut. Gleichzeitig gibt er dem gro\u00dfartigen Ensemble voller neuer, unverbrauchter Gesichter viel Raum und setzt sie gekonnt in Szene.<span class=\"Apple-converted-space\">\u00a0<\/span><\/i><i>Wir mussten uns Gewalten im wahrsten Sinne des Wortes erk\u00e4mpfen, doch trotz aller H\u00fcrden und Klippen ist dieser Film &#8211; auch dank der Bilder &#8211; vor allem eines: Kino, Kino, Kino! <\/i>(<strong>Begr\u00fcndung der Vergabe-Jury zur Verleihung des \u201cHeiner-Carow-Preis\u201d der DEFA-Stiftung<\/strong>)[\/vc_column_text][\/vc_column][\/vc_row][vc_row][vc_column][vc_separator el_id=&#8220;trailer-deutsch&#8220;][vc_video link=&#8220;https:\/\/youtu.be\/eyO9rciuhgE&#8220; title=&#8220;Gewalten | Clip (deutsch) \u1d34\u1d30&#8220;][\/vc_column][\/vc_row][vc_row disable_element=&#8220;yes&#8220;][vc_column][vc_separator][vc_video link=&#8220;https:\/\/youtu.be\/sAo18&#8211;cIqE&#8220; title=&#8220;Tr\u00fcmmerm\u00e4dchen &#8211; Die Geschichte der Charlotte Schumann | Trailer (deutsch) \u1d34\u1d30&#8220;][vc_empty_space height=&#8220;20px&#8220;][vc_row_inner][vc_column_inner width=&#8220;1\/4&#8243;][vc_btn title=&#8220;Amazon&#8220; style=&#8220;classic&#8220; color=&#8220;orange&#8220; size=&#8220;sm&#8220; align=&#8220;center&#8220; i_icon_fontawesome=&#8220;fab fa-amazon&#8220; button_block=&#8220;true&#8220; add_icon=&#8220;true&#8220; link=&#8220;url:https%3A%2F%2Fwww.amazon.de%2FTr%C3%BCmmerm%C3%A4dchen-Geschichte-Charlotte-Schumann-Kinofassung%2Fdp%2FB0BHKV228H|title:Amazon|target:_blank&#8220;][\/vc_column_inner][vc_column_inner width=&#8220;1\/4&#8243;][vc_btn title=&#8220;MediaMarkt&#8220; style=&#8220;classic&#8220; color=&#8220;danger&#8220; size=&#8220;sm&#8220; align=&#8220;center&#8220; i_icon_fontawesome=&#8220;far fa-dot-circle&#8220; button_block=&#8220;true&#8220; add_icon=&#8220;true&#8220; link=&#8220;url:https%3A%2F%2Fwww.mediamarkt.de%2Fde%2Fproduct%2F_trummermadchen-die-geschichte-der-charlotte-dvd-2839374.html|title:Mediamarkt|target:_blank&#8220;][\/vc_column_inner][vc_column_inner width=&#8220;1\/4&#8243;][vc_btn title=&#8220;Shop&#8220; style=&#8220;classic&#8220; color=&#8220;juicy-pink&#8220; size=&#8220;sm&#8220; align=&#8220;center&#8220; i_icon_fontawesome=&#8220;fas fa-shopping-cart&#8220; button_block=&#8220;true&#8220; add_icon=&#8220;true&#8220; link=&#8220;url:https%3A%2F%2Fucm.one%2Fde%2Fprodukt%2Ftruemmermaedchen-die-geschichte-der-charlotte-schumann%2F|title:Shop&#8220;][\/vc_column_inner][vc_column_inner width=&#8220;1\/4&#8243;][vc_btn title=&#8220;Wer Streamt Es?&#8220; style=&#8220;classic&#8220; color=&#8220;sky&#8220; size=&#8220;sm&#8220; align=&#8220;center&#8220; i_icon_fontawesome=&#8220;fas fa-question-circle&#8220; button_block=&#8220;true&#8220; add_icon=&#8220;true&#8220; link=&#8220;url:https%3A%2F%2Fwww.werstreamt.es%2Ffilm%2Fdetails%2F2979338%2Ftruemmermaedchen-die-geschichte-der-charlotte-schumann%2F|title:Wer%20Streamt%20Es%3F|target:_blank&#8220;][\/vc_column_inner][\/vc_row_inner][vc_empty_space height=&#8220;10px&#8220;][vc_column_text]<\/p>\n<p class=\"yikes-custom-woo-tab-title yikes-custom-woo-tab-title-ausstattungen-technische-daten\"><span style=\"font-size: 14pt;\">Ausstattungen &amp; technische Daten<\/span><\/p>\n<p><b>DVD<\/b> | Bildformat: 2,39:1 \u2013 16:9 | Laufzeit: 121 Min | Tonformate: Deutsch 5.1 und 2.0 | Untertitel: Englisch | Bonusmaterial: Kino-Trailer, Artkeim<sup>2<\/sup> Trailer-Show, Slideshow mit Filmstils | FSK 16[\/vc_column_text][\/vc_column][\/vc_row][vc_row][vc_column][vc_separator css=&#8220;.vc_custom_1560377795279{margin-top: 15px !important;}&#8220;][vc_empty_space height=&#8220;5px&#8220;][\/vc_column][\/vc_row][vc_row][vc_column][vc_column_text]<\/p>\n<h2><span style=\"font-family: arial, helvetica, sans-serif;\">Neuigkeiten<\/span><\/h2>\n<p>[\/vc_column_text]<style type=\"text\/css\" data-type=\"the7_shortcodes-inline-css\">.blog-shortcode.blog-masonry-shortcode-id-a56e25ab2f2bd9cdbab0245e436874c5.dividers-on.classic-layout-list article {\n  padding-top: 0;\n}\n.blog-shortcode.blog-masonry-shortcode-id-a56e25ab2f2bd9cdbab0245e436874c5.dividers-on.classic-layout-list article:first-of-type {\n  margin-top: 0;\n  padding-top: 0;\n}\n.blog-shortcode.blog-masonry-shortcode-id-a56e25ab2f2bd9cdbab0245e436874c5.classic-layout-list.mode-list .post-entry-content {\n  width: calc(100% - );\n}\n.blog-shortcode.blog-masonry-shortcode-id-a56e25ab2f2bd9cdbab0245e436874c5.classic-layout-list.mode-list .no-img .post-entry-content {\n  width: 100%;\n}\n.blog-shortcode.blog-masonry-shortcode-id-a56e25ab2f2bd9cdbab0245e436874c5 .filter-bg-decoration .filter-categories a.act {\n  color: #fff;\n}\n.blog-shortcode.blog-masonry-shortcode-id-a56e25ab2f2bd9cdbab0245e436874c5:not(.mode-masonry) article:first-of-type,\n.blog-shortcode.blog-masonry-shortcode-id-a56e25ab2f2bd9cdbab0245e436874c5:not(.mode-masonry) article.visible.first:not(.product) {\n  margin-top: 0;\n}\n.blog-shortcode.blog-masonry-shortcode-id-a56e25ab2f2bd9cdbab0245e436874c5.dividers-on:not(.mode-masonry) article {\n  margin-top: 0;\n}\n.blog-shortcode.blog-masonry-shortcode-id-a56e25ab2f2bd9cdbab0245e436874c5.dividers-on:not(.mode-masonry) article:first-of-type,\n.blog-shortcode.blog-masonry-shortcode-id-a56e25ab2f2bd9cdbab0245e436874c5.dividers-on:not(.mode-masonry) article.visible.first:not(.product) {\n  margin-top: 0;\n  padding-top: 0;\n}\n.blog-shortcode.blog-masonry-shortcode-id-a56e25ab2f2bd9cdbab0245e436874c5 .post-thumbnail-wrap {\n  padding: 0px 0px 0px 0px;\n}\n.blog-shortcode.blog-masonry-shortcode-id-a56e25ab2f2bd9cdbab0245e436874c5.enable-bg-rollover .post-thumbnail-rollover:after {\n  background: -webkit-linear-gradient();\n  background: linear-gradient();\n}\n.blog-shortcode.blog-masonry-shortcode-id-a56e25ab2f2bd9cdbab0245e436874c5 .gallery-zoom-ico {\n  width: 44px;\n  height: 44px;\n  line-height: 44px;\n  border-radius: 100px;\n  margin: -22px 0 0 -22px;\n  border-width: 0px;\n  color: #ffffff;\n}\n.bottom-overlap-layout-list.blog-shortcode.blog-masonry-shortcode-id-a56e25ab2f2bd9cdbab0245e436874c5 .gallery-zoom-ico {\n  margin-top: -72px;\n}\n.gradient-overlay-layout-list.blog-shortcode.blog-masonry-shortcode-id-a56e25ab2f2bd9cdbab0245e436874c5 .gallery-zoom-ico,\n.content-rollover-layout-list.blog-shortcode.blog-masonry-shortcode-id-a56e25ab2f2bd9cdbab0245e436874c5 .gallery-zoom-ico {\n  margin: 0 0 10px;\n}\n.content-align-center.gradient-overlay-layout-list.blog-shortcode.blog-masonry-shortcode-id-a56e25ab2f2bd9cdbab0245e436874c5 .gallery-zoom-ico,\n.content-align-center.content-rollover-layout-list.blog-shortcode.blog-masonry-shortcode-id-a56e25ab2f2bd9cdbab0245e436874c5 .gallery-zoom-ico {\n  margin: 0 auto 10px;\n}\n.dt-icon-bg-on.blog-shortcode.blog-masonry-shortcode-id-a56e25ab2f2bd9cdbab0245e436874c5 .gallery-zoom-ico {\n  background: rgba(255,255,255,0.3);\n  box-shadow: none;\n}\n.blog-shortcode.blog-masonry-shortcode-id-a56e25ab2f2bd9cdbab0245e436874c5 .gallery-zoom-ico > span,\n.blog-shortcode.blog-masonry-shortcode-id-a56e25ab2f2bd9cdbab0245e436874c5 .gallery-zoom-ico:before {\n  font-size: 32px;\n  line-height: 44px;\n}\n.blog-shortcode.blog-masonry-shortcode-id-a56e25ab2f2bd9cdbab0245e436874c5 .gallery-zoom-ico > span,\n.blog-shortcode.blog-masonry-shortcode-id-a56e25ab2f2bd9cdbab0245e436874c5 .gallery-zoom-ico:before {\n  color: #ffffff;\n}\n.blog-shortcode.blog-masonry-shortcode-id-a56e25ab2f2bd9cdbab0245e436874c5 .entry-title,\n.blog-shortcode.blog-masonry-shortcode-id-a56e25ab2f2bd9cdbab0245e436874c5.owl-carousel .entry-title {\n  margin-bottom: 5px;\n  font-weight: bold;\n}\n.blog-shortcode.blog-masonry-shortcode-id-a56e25ab2f2bd9cdbab0245e436874c5 .entry-meta {\n  margin-bottom: 15px;\n}\n.blog-shortcode.blog-masonry-shortcode-id-a56e25ab2f2bd9cdbab0245e436874c5 .portfolio-categories {\n  margin-bottom: 15px;\n}\n.blog-shortcode.blog-masonry-shortcode-id-a56e25ab2f2bd9cdbab0245e436874c5 .entry-excerpt {\n  margin-bottom: 5px;\n}\n.blog-shortcode.blog-masonry-shortcode-id-a56e25ab2f2bd9cdbab0245e436874c5:not(.centered-layout-list) .post-entry-content {\n  padding: 25px 30px 30px 30px;\n}\n.blog-shortcode.blog-masonry-shortcode-id-a56e25ab2f2bd9cdbab0245e436874c5:not(.centered-layout-list):not(.content-bg-on):not(.mode-list) .no-img .post-entry-content {\n  padding: 0;\n}\n@media screen and (max-width: ) {\n  .blog-shortcode.blog-masonry-shortcode-id-a56e25ab2f2bd9cdbab0245e436874c5 article {\n    -ms-flex-flow: column nowrap;\n    flex-flow: column nowrap;\n    margin-top: 20px;\n  }\n  .blog-shortcode.blog-masonry-shortcode-id-a56e25ab2f2bd9cdbab0245e436874c5.dividers-on article {\n    border: none;\n  }\n  .blog-shortcode.blog-masonry-shortcode-id-a56e25ab2f2bd9cdbab0245e436874c5.content-bg-on.centered-layout-list article {\n    padding: 0;\n  }\n  .blog-shortcode.blog-masonry-shortcode-id-a56e25ab2f2bd9cdbab0245e436874c5.blog-shortcode.dividers-on article,\n  .blog-shortcode.blog-masonry-shortcode-id-a56e25ab2f2bd9cdbab0245e436874c5.dividers-on.classic-layout-list article {\n    margin-top: 20px;\n    padding: 0;\n  }\n  .blog-shortcode.blog-masonry-shortcode-id-a56e25ab2f2bd9cdbab0245e436874c5.blog-shortcode.dividers-on article:first-of-type,\n  .blog-shortcode.blog-masonry-shortcode-id-a56e25ab2f2bd9cdbab0245e436874c5.dividers-on.classic-layout-list article:first-of-type {\n    padding: 0;\n  }\n  #page .blog-shortcode.blog-masonry-shortcode-id-a56e25ab2f2bd9cdbab0245e436874c5 .post-thumbnail-wrap,\n  #page .blog-shortcode.blog-masonry-shortcode-id-a56e25ab2f2bd9cdbab0245e436874c5 .post-entry-content {\n    width: 100%;\n    margin: 0;\n    top: 0;\n  }\n  #page .blog-shortcode.blog-masonry-shortcode-id-a56e25ab2f2bd9cdbab0245e436874c5 .post-thumbnail-wrap {\n    padding: 0;\n  }\n  #page .blog-shortcode.blog-masonry-shortcode-id-a56e25ab2f2bd9cdbab0245e436874c5 .post-entry-content:after {\n    display: none;\n  }\n  #page .blog-shortcode.blog-masonry-shortcode-id-a56e25ab2f2bd9cdbab0245e436874c5 .project-even .post-thumbnail-wrap,\n  #page .blog-shortcode.blog-masonry-shortcode-id-a56e25ab2f2bd9cdbab0245e436874c5.centered-layout-list .post-thumbnail-wrap {\n    -ms-flex-order: 0;\n    order: 0;\n  }\n  #page .blog-shortcode.blog-masonry-shortcode-id-a56e25ab2f2bd9cdbab0245e436874c5.centered-layout-list .post-entry-title-content {\n    -ms-flex-order: 1;\n    order: 1;\n    width: 100%;\n    padding: 20px 20px 0;\n  }\n  #page .blog-shortcode.blog-masonry-shortcode-id-a56e25ab2f2bd9cdbab0245e436874c5.centered-layout-list .post-entry-content {\n    -ms-flex-order: 2;\n    order: 2;\n    padding-top: 0;\n  }\n  #page .blog-shortcode.blog-masonry-shortcode-id-a56e25ab2f2bd9cdbab0245e436874c5 .fancy-categories {\n    top: 10px;\n    left: 10px;\n    bottom: auto;\n    right: auto;\n  }\n  #page .blog-shortcode.blog-masonry-shortcode-id-a56e25ab2f2bd9cdbab0245e436874c5 .fancy-date a {\n    top: 10px;\n    right: 10px;\n    left: auto;\n    bottom: auto;\n  }\n  #page .blog-shortcode.blog-masonry-shortcode-id-a56e25ab2f2bd9cdbab0245e436874c5 .post-entry-content {\n    padding: 20px;\n  }\n  #page .blog-shortcode.blog-masonry-shortcode-id-a56e25ab2f2bd9cdbab0245e436874c5 .entry-title {\n    margin: 3px 0 5px;\n    font-size: 20px;\n    line-height: 26px;\n  }\n  #page .blog-shortcode.blog-masonry-shortcode-id-a56e25ab2f2bd9cdbab0245e436874c5 .entry-meta {\n    margin: 5px 0 5px;\n  }\n  #page .blog-shortcode.blog-masonry-shortcode-id-a56e25ab2f2bd9cdbab0245e436874c5 .entry-excerpt {\n    margin: 15px 0 0;\n  }\n  #page .blog-shortcode.blog-masonry-shortcode-id-a56e25ab2f2bd9cdbab0245e436874c5 .post-details {\n    margin: 5px 0 10px;\n  }\n  #page .blog-shortcode.blog-masonry-shortcode-id-a56e25ab2f2bd9cdbab0245e436874c5 .post-details.details-type-link {\n    margin-bottom: 2px;\n  }\n}\n.blog-shortcode.blog-masonry-shortcode-id-a56e25ab2f2bd9cdbab0245e436874c5:not(.resize-by-browser-width) .dt-css-grid {\n  grid-row-gap: 30px;\n  grid-column-gap: 30px;\n  grid-template-columns: repeat(auto-fill,minmax(,1fr));\n}\n.blog-shortcode.blog-masonry-shortcode-id-a56e25ab2f2bd9cdbab0245e436874c5:not(.resize-by-browser-width) .dt-css-grid .double-width {\n  grid-column: span 2;\n}\n.cssgridlegacy.no-cssgrid .blog-shortcode.blog-masonry-shortcode-id-a56e25ab2f2bd9cdbab0245e436874c5:not(.resize-by-browser-width) .dt-css-grid,\n.no-cssgridlegacy.no-cssgrid .blog-shortcode.blog-masonry-shortcode-id-a56e25ab2f2bd9cdbab0245e436874c5:not(.resize-by-browser-width) .dt-css-grid {\n  display: flex;\n  flex-flow: row wrap;\n  margin: -15px;\n}\n.cssgridlegacy.no-cssgrid .blog-shortcode.blog-masonry-shortcode-id-a56e25ab2f2bd9cdbab0245e436874c5:not(.resize-by-browser-width) .dt-css-grid .wf-cell,\n.no-cssgridlegacy.no-cssgrid .blog-shortcode.blog-masonry-shortcode-id-a56e25ab2f2bd9cdbab0245e436874c5:not(.resize-by-browser-width) .dt-css-grid .wf-cell {\n  flex: 1 0 ;\n  max-width: 100%;\n  padding: 15px;\n  box-sizing: border-box;\n}\n.blog-shortcode.blog-masonry-shortcode-id-a56e25ab2f2bd9cdbab0245e436874c5.resize-by-browser-width .dt-css-grid {\n  grid-template-columns: repeat(2,1fr);\n  grid-template-rows: auto;\n  grid-column-gap: 30px;\n  grid-row-gap: 30px;\n}\n.blog-shortcode.blog-masonry-shortcode-id-a56e25ab2f2bd9cdbab0245e436874c5.resize-by-browser-width .dt-css-grid .double-width {\n  grid-column: span 2;\n}\n.cssgridlegacy.no-cssgrid .blog-shortcode.blog-masonry-shortcode-id-a56e25ab2f2bd9cdbab0245e436874c5.resize-by-browser-width .dt-css-grid {\n  margin: -15px;\n}\n.cssgridlegacy.no-cssgrid .blog-shortcode.blog-masonry-shortcode-id-a56e25ab2f2bd9cdbab0245e436874c5.resize-by-browser-width .dt-css-grid .wf-cell {\n  width: 50%;\n  padding: 15px;\n}\n.cssgridlegacy.no-cssgrid .blog-shortcode.blog-masonry-shortcode-id-a56e25ab2f2bd9cdbab0245e436874c5.resize-by-browser-width .dt-css-grid .wf-cell.double-width {\n  width: calc(50%) * 2;\n}\n.blog-shortcode.blog-masonry-shortcode-id-a56e25ab2f2bd9cdbab0245e436874c5.resize-by-browser-width:not(.centered-layout-list):not(.content-bg-on) .dt-css-grid {\n  grid-row-gap: 0px;\n}\n@media screen and (max-width: 1199px) {\n  .blog-shortcode.blog-masonry-shortcode-id-a56e25ab2f2bd9cdbab0245e436874c5.resize-by-browser-width .dt-css-grid {\n    grid-template-columns: repeat(2,1fr);\n  }\n  .cssgridlegacy.no-cssgrid .blog-shortcode.blog-masonry-shortcode-id-a56e25ab2f2bd9cdbab0245e436874c5.resize-by-browser-width .dt-css-grid .wf-cell,\n  .no-cssgridlegacy.no-cssgrid .blog-shortcode.blog-masonry-shortcode-id-a56e25ab2f2bd9cdbab0245e436874c5.resize-by-browser-width .dt-css-grid .wf-cell {\n    width: 50%;\n  }\n  .cssgridlegacy.no-cssgrid .blog-shortcode.blog-masonry-shortcode-id-a56e25ab2f2bd9cdbab0245e436874c5.resize-by-browser-width .dt-css-grid .wf-cell.double-width,\n  .no-cssgridlegacy.no-cssgrid .blog-shortcode.blog-masonry-shortcode-id-a56e25ab2f2bd9cdbab0245e436874c5.resize-by-browser-width .dt-css-grid .wf-cell.double-width {\n    width: calc(50%)*2;\n  }\n}\n@media screen and (max-width: 991px) {\n  .blog-shortcode.blog-masonry-shortcode-id-a56e25ab2f2bd9cdbab0245e436874c5.resize-by-browser-width .dt-css-grid {\n    grid-template-columns: repeat(1,1fr);\n  }\n  .cssgridlegacy.no-cssgrid .blog-shortcode.blog-masonry-shortcode-id-a56e25ab2f2bd9cdbab0245e436874c5.resize-by-browser-width .dt-css-grid .wf-cell,\n  .no-cssgridlegacy.no-cssgrid .blog-shortcode.blog-masonry-shortcode-id-a56e25ab2f2bd9cdbab0245e436874c5.resize-by-browser-width .dt-css-grid .wf-cell {\n    width: 100%;\n  }\n  .cssgridlegacy.no-cssgrid .blog-shortcode.blog-masonry-shortcode-id-a56e25ab2f2bd9cdbab0245e436874c5.resize-by-browser-width .dt-css-grid .wf-cell.double-width,\n  .no-cssgridlegacy.no-cssgrid .blog-shortcode.blog-masonry-shortcode-id-a56e25ab2f2bd9cdbab0245e436874c5.resize-by-browser-width .dt-css-grid .wf-cell.double-width {\n    width: calc(100%)*2;\n  }\n}\n@media screen and (max-width: 767px) {\n  .blog-shortcode.blog-masonry-shortcode-id-a56e25ab2f2bd9cdbab0245e436874c5.resize-by-browser-width .dt-css-grid {\n    grid-template-columns: repeat(1,1fr);\n  }\n  .blog-shortcode.blog-masonry-shortcode-id-a56e25ab2f2bd9cdbab0245e436874c5.resize-by-browser-width .dt-css-grid .double-width {\n    grid-column: span 1;\n  }\n  .cssgridlegacy.no-cssgrid .blog-shortcode.blog-masonry-shortcode-id-a56e25ab2f2bd9cdbab0245e436874c5.resize-by-browser-width .dt-css-grid .wf-cell,\n  .no-cssgridlegacy.no-cssgrid .blog-shortcode.blog-masonry-shortcode-id-a56e25ab2f2bd9cdbab0245e436874c5.resize-by-browser-width .dt-css-grid .wf-cell {\n    width: 100%;\n  }\n  .cssgridlegacy.no-cssgrid .blog-shortcode.blog-masonry-shortcode-id-a56e25ab2f2bd9cdbab0245e436874c5.resize-by-browser-width .dt-css-grid .wf-cell.double-width,\n  .no-cssgridlegacy.no-cssgrid .blog-shortcode.blog-masonry-shortcode-id-a56e25ab2f2bd9cdbab0245e436874c5.resize-by-browser-width .dt-css-grid .wf-cell.double-width {\n    width: calc(100%)*2;\n  }\n}<\/style><div class=\"blog-shortcode blog-masonry-shortcode-id-a56e25ab2f2bd9cdbab0245e436874c5 mode-grid classic-layout-list content-bg-on jquery-filter scale-img dt-css-grid-wrap dt-icon-bg-off resize-by-browser-width loading-effect-none description-under-image \" data-padding=\"15px\" data-cur-page=\"1\" data-post-limit=\"-1\" data-pagination-mode=\"none\" data-desktop-columns-num=\"2\" data-v-tablet-columns-num=\"1\" data-h-tablet-columns-num=\"2\" data-phone-columns-num=\"1\" data-width=\"0px\" data-columns=\"0\"><div class=\"dt-css-grid\" ><div class=\"visible wf-cell\" data-post-id=\"94105\" data-date=\"2023-05-11T22:35:04+00:00\" data-name=\"\ud83c\udfac &quot;Gewalten&quot; von Constantin Hatz (Artkeim\u00b2) ab heute in den Kinos zu sehen\"><article class=\"post project-odd visible post-94105 type-post status-publish format-standard has-post-thumbnail hentry category-artkeim category-film category-kino category-news category-verleih category-weltvertrieb tag-constantin-hatz tag-eric-cordes-de tag-gewalten tag-janina-sara-hennemann-de tag-kinescope tag-kirsten-lukaczik-de tag-malte-oskar-frank-de tag-matthias-greving-de tag-paul-wollin-de tag-robert-kuchenbuch-de category-828 category-8 category-10 category-13 category-752 category-7528\" data-name=\"\ud83c\udfac &#8222;Gewalten&#8220; von Constantin Hatz (Artkeim\u00b2) ab heute in den Kinos zu sehen\" data-date=\"2023-05-11T22:35:04+00:00\">\n\n<div class=\"post-thumbnail-wrap\">\n\t<div class=\"post-thumbnail\">\n\t\t\n\t\t\n\t\t<a href=\"https:\/\/ucm.one\/de\/gewalten-von-constantin-hatz-artkeim-ab-heute-in-den-kinos-zu-sehen\/\" class=\"post-thumbnail-rollover layzr-bg layzr-bg\" ><img decoding=\"async\" class=\"iso-lazy-load preload-me iso-lazy-load aspect\" src=\"data:image\/svg+xml,%3Csvg%20xmlns%3D&#39;http%3A%2F%2Fwww.w3.org%2F2000%2Fsvg&#39;%20viewBox%3D&#39;0%200%20990%20309&#39;%2F%3E\" data-src=\"https:\/\/ucm.one\/wp-content\/uploads\/2023\/05\/B-Gewalten-Kinostart-990x309.jpg\" data-srcset=\"https:\/\/ucm.one\/wp-content\/uploads\/2023\/05\/B-Gewalten-Kinostart-990x309.jpg 990w, https:\/\/ucm.one\/wp-content\/uploads\/2023\/05\/B-Gewalten-Kinostart-1485x464.jpg 1485w\" loading=\"eager\" style=\"--ratio: 990 \/ 309\" sizes=\"(max-width: 990px) 100vw, 990px\" alt=\"\" title=\"B Gewalten Kinostart\" width=\"990\" height=\"309\"  \/><\/a>\t<\/div>\n<\/div>\n\n\n<div class=\"post-entry-content\">\n\n\t<h3 class=\"entry-title\">\n\t\t<a href=\"https:\/\/ucm.one\/de\/gewalten-von-constantin-hatz-artkeim-ab-heute-in-den-kinos-zu-sehen\/\" title=\"\ud83c\udfac &#8222;Gewalten&#8220; von Constantin Hatz (Artkeim\u00b2) ab heute in den Kinos zu sehen\" rel=\"bookmark\">\ud83c\udfac &#8222;Gewalten&#8220; von Constantin Hatz (Artkeim\u00b2) ab heute in den Kinos zu sehen<\/a>\n\t<\/h3>\n\n\t<div class=\"entry-meta\"><span class=\"category-link\"><a href=\"https:\/\/ucm.one\/de\/category\/news\/film\/artkeim\/\" >Artkeim\u00b2<\/a>, <a href=\"https:\/\/ucm.one\/de\/category\/news\/film\/\" >Film<\/a>, <a href=\"https:\/\/ucm.one\/de\/category\/news\/kino\/\" >Kino<\/a>, <a href=\"https:\/\/ucm.one\/de\/category\/news\/\" >News<\/a>, <a href=\"https:\/\/ucm.one\/de\/category\/news\/verleih\/\" >Verleih<\/a>, <a href=\"https:\/\/ucm.one\/de\/category\/news\/verleih\/weltvertrieb\/\" >Weltvertrieb<\/a><\/span><a class=\"author vcard\" href=\"\" title=\"Zeige alle Beitr\u00e4ge von Joachim Keil\" rel=\"author\">Von <span class=\"fn\">Joachim Keil<\/span><\/a><a href=\"https:\/\/ucm.one\/de\/2023\/05\/11\/\" title=\"22:35\" class=\"data-link\" rel=\"bookmark\"><time class=\"entry-date updated\" datetime=\"2023-05-11T22:35:04+00:00\">11. Mai 2023<\/time><\/a><\/div>\n\t<div class=\"entry-excerpt\"><p>[vc_row][vc_column][vc_column_text] Das Arthouse-Drama &#8222;Gewalten&#8220; vom \u00f6sterreichischen Regisseur Constantin Hatz startet heute auf dem Label Artkeim\u00b2 im Verleih der UCM.ONE in den deutschen Kinos. [\/vc_column_text][\/vc_column][\/vc_row][vc_row][vc_column width=&#8220;3\/4&#8243;][vc_row_inner][vc_column_inner][vc_column_text]&#8220;Gewalten&#8220; kommt in seinen fast 150 Minuten ohne einen Ton Musik aus. Die Bilder von Kameramann Rafael Starman wurden 2022 auf der Berlinale mit dem &#8222;Heiner-Carow-Preis zur F\u00f6rderung der deutschen Filmkunst&#8222;&hellip;<\/p>\n<\/div>\n\t\n<a href=\"https:\/\/ucm.one\/de\/gewalten-von-constantin-hatz-artkeim-ab-heute-in-den-kinos-zu-sehen\/\" class=\"post-details details-type-link\" aria-label=\"Read more about \ud83c\udfac &#8222;Gewalten&#8220; von Constantin Hatz (Artkeim\u00b2) ab heute in den Kinos zu sehen\">Mehr lesen<i class=\"dt-icon-the7-arrow-03\" aria-hidden=\"true\"><\/i><\/a>\n\n<\/div><\/article><\/div><div class=\"visible wf-cell\" data-post-id=\"94048\" data-date=\"2023-05-10T11:37:08+00:00\" data-name=\"\ud83c\udfac Premierentour von &quot;Gewalten&quot; (Artkeim\u00b2) startet heute in Bremer Schauburg\"><article class=\"post project-odd visible post-94048 type-post status-publish format-standard has-post-thumbnail hentry category-artkeim category-film category-kino category-news category-verleih category-weltvertrieb tag-abaton tag-artkeim tag-berlinale tag-constantin-hatz tag-drama tag-gewalten tag-kinescope tag-kino tag-schauburg tag-studio-filmtheater category-828 category-8 category-10 category-13 category-752 category-7528\" data-name=\"\ud83c\udfac Premierentour von &#8222;Gewalten&#8220; (Artkeim\u00b2) startet heute in Bremer Schauburg\" data-date=\"2023-05-10T11:37:08+00:00\">\n\n<div class=\"post-thumbnail-wrap\">\n\t<div class=\"post-thumbnail\">\n\t\t\n\t\t\n\t\t<a href=\"https:\/\/ucm.one\/de\/premierentour-von-gewalten-artkeim%c2%b2-startet-heute-in-bremer-schauburg\/\" class=\"post-thumbnail-rollover layzr-bg layzr-bg\" ><img decoding=\"async\" class=\"iso-lazy-load preload-me iso-lazy-load aspect\" src=\"data:image\/svg+xml,%3Csvg%20xmlns%3D&#39;http%3A%2F%2Fwww.w3.org%2F2000%2Fsvg&#39;%20viewBox%3D&#39;0%200%20990%20309&#39;%2F%3E\" data-src=\"https:\/\/ucm.one\/wp-content\/uploads\/2023\/05\/B-Gewalten-Premierentour-1-990x309.jpg\" data-srcset=\"https:\/\/ucm.one\/wp-content\/uploads\/2023\/05\/B-Gewalten-Premierentour-1-990x309.jpg 990w, https:\/\/ucm.one\/wp-content\/uploads\/2023\/05\/B-Gewalten-Premierentour-1-1485x464.jpg 1485w\" loading=\"eager\" style=\"--ratio: 990 \/ 309\" sizes=\"(max-width: 990px) 100vw, 990px\" alt=\"\" title=\"B Gewalten Premierentour\" width=\"990\" height=\"309\"  \/><\/a>\t<\/div>\n<\/div>\n\n\n<div class=\"post-entry-content\">\n\n\t<h3 class=\"entry-title\">\n\t\t<a href=\"https:\/\/ucm.one\/de\/premierentour-von-gewalten-artkeim%c2%b2-startet-heute-in-bremer-schauburg\/\" title=\"\ud83c\udfac Premierentour von &#8222;Gewalten&#8220; (Artkeim\u00b2) startet heute in Bremer Schauburg\" rel=\"bookmark\">\ud83c\udfac Premierentour von &#8222;Gewalten&#8220; (Artkeim\u00b2) startet heute in Bremer Schauburg<\/a>\n\t<\/h3>\n\n\t<div class=\"entry-meta\"><span class=\"category-link\"><a href=\"https:\/\/ucm.one\/de\/category\/news\/film\/artkeim\/\" >Artkeim\u00b2<\/a>, <a href=\"https:\/\/ucm.one\/de\/category\/news\/film\/\" >Film<\/a>, <a href=\"https:\/\/ucm.one\/de\/category\/news\/kino\/\" >Kino<\/a>, <a href=\"https:\/\/ucm.one\/de\/category\/news\/\" >News<\/a>, <a href=\"https:\/\/ucm.one\/de\/category\/news\/verleih\/\" >Verleih<\/a>, <a href=\"https:\/\/ucm.one\/de\/category\/news\/verleih\/weltvertrieb\/\" >Weltvertrieb<\/a><\/span><a class=\"author vcard\" href=\"\" title=\"Zeige alle Beitr\u00e4ge von Joachim Keil\" rel=\"author\">Von <span class=\"fn\">Joachim Keil<\/span><\/a><a href=\"https:\/\/ucm.one\/de\/2023\/05\/10\/\" title=\"11:37\" class=\"data-link\" rel=\"bookmark\"><time class=\"entry-date updated\" datetime=\"2023-05-10T11:37:08+00:00\">10. Mai 2023<\/time><\/a><\/div>\n\t<div class=\"entry-excerpt\"><p>[vc_row][vc_column][vc_column_text] Kinescope und der UCM.ONE Filmverleih laden zur Kinostartpremierentour des Films &#8222;Gewalten&#8220; ein, die heute am Mittwoch, den 10. Mai 2023, in Bremen startet. Die von Constantin Hatz inszenierte Produktion wird auf dieser Tour auch in Kiel und Hamburg pr\u00e4sentiert. [\/vc_column_text][\/vc_column][\/vc_row][vc_row][vc_column width=&#8220;3\/4&#8243;][vc_row_inner][vc_column_inner][vc_column_text]Der Film &#8222;Gewalten&#8220; der auf dem Filmlabel Artkeim\u00b2 vermarktet wird, erz\u00e4hlt die bewegende Geschichte&hellip;<\/p>\n<\/div>\n\t\n<a href=\"https:\/\/ucm.one\/de\/premierentour-von-gewalten-artkeim%c2%b2-startet-heute-in-bremer-schauburg\/\" class=\"post-details details-type-link\" aria-label=\"Read more about \ud83c\udfac Premierentour von &#8222;Gewalten&#8220; (Artkeim\u00b2) startet heute in Bremer Schauburg\">Mehr lesen<i class=\"dt-icon-the7-arrow-03\" aria-hidden=\"true\"><\/i><\/a>\n\n<\/div><\/article><\/div><div class=\"visible wf-cell\" data-post-id=\"93398\" data-date=\"2023-04-17T22:06:59+00:00\" data-name=\"\ud83c\udfac UCM.ONE bringt den Film &quot;Gewalten&quot; von Constantin Hatz in die Kinos\"><article class=\"post project-odd visible post-93398 type-post status-publish format-standard has-post-thumbnail hentry category-artkeim category-film category-kino category-news category-verleih category-weltvertrieb tag-artkeim tag-berlinale tag-cinescope tag-constantin-hatz tag-drama tag-gewalten tag-kino category-828 category-8 category-10 category-13 category-752 category-7528\" data-name=\"\ud83c\udfac UCM.ONE bringt den Film &#8222;Gewalten&#8220; von Constantin Hatz in die Kinos\" data-date=\"2023-04-17T22:06:59+00:00\">\n\n<div class=\"post-thumbnail-wrap\">\n\t<div class=\"post-thumbnail\">\n\t\t\n\t\t\n\t\t<a href=\"https:\/\/ucm.one\/de\/ucm-one-bringt-den-film-gewalten-von-constantin-hatz-in-die-kinos\/\" class=\"post-thumbnail-rollover layzr-bg layzr-bg\" ><img decoding=\"async\" class=\"iso-lazy-load preload-me iso-lazy-load aspect\" src=\"data:image\/svg+xml,%3Csvg%20xmlns%3D&#39;http%3A%2F%2Fwww.w3.org%2F2000%2Fsvg&#39;%20viewBox%3D&#39;0%200%20990%20309&#39;%2F%3E\" data-src=\"https:\/\/ucm.one\/wp-content\/uploads\/2023\/04\/B-Gewalten-in-deutschen-Kinos-990x309.jpg\" data-srcset=\"https:\/\/ucm.one\/wp-content\/uploads\/2023\/04\/B-Gewalten-in-deutschen-Kinos-990x309.jpg 990w, https:\/\/ucm.one\/wp-content\/uploads\/2023\/04\/B-Gewalten-in-deutschen-Kinos-1485x464.jpg 1485w\" loading=\"eager\" style=\"--ratio: 990 \/ 309\" sizes=\"(max-width: 990px) 100vw, 990px\" alt=\"\" title=\"B Gewalten-in-deutschen-Kinos\" width=\"990\" height=\"309\"  \/><\/a>\t<\/div>\n<\/div>\n\n\n<div class=\"post-entry-content\">\n\n\t<h3 class=\"entry-title\">\n\t\t<a href=\"https:\/\/ucm.one\/de\/ucm-one-bringt-den-film-gewalten-von-constantin-hatz-in-die-kinos\/\" title=\"\ud83c\udfac UCM.ONE bringt den Film &#8222;Gewalten&#8220; von Constantin Hatz in die Kinos\" rel=\"bookmark\">\ud83c\udfac UCM.ONE bringt den Film &#8222;Gewalten&#8220; von Constantin Hatz in die Kinos<\/a>\n\t<\/h3>\n\n\t<div class=\"entry-meta\"><span class=\"category-link\"><a href=\"https:\/\/ucm.one\/de\/category\/news\/film\/artkeim\/\" >Artkeim\u00b2<\/a>, <a href=\"https:\/\/ucm.one\/de\/category\/news\/film\/\" >Film<\/a>, <a href=\"https:\/\/ucm.one\/de\/category\/news\/kino\/\" >Kino<\/a>, <a href=\"https:\/\/ucm.one\/de\/category\/news\/\" >News<\/a>, <a href=\"https:\/\/ucm.one\/de\/category\/news\/verleih\/\" >Verleih<\/a>, <a href=\"https:\/\/ucm.one\/de\/category\/news\/verleih\/weltvertrieb\/\" >Weltvertrieb<\/a><\/span><a class=\"author vcard\" href=\"\" title=\"Zeige alle Beitr\u00e4ge von Joachim Keil\" rel=\"author\">Von <span class=\"fn\">Joachim Keil<\/span><\/a><a href=\"https:\/\/ucm.one\/de\/2023\/04\/17\/\" title=\"22:06\" class=\"data-link\" rel=\"bookmark\"><time class=\"entry-date updated\" datetime=\"2023-04-17T22:06:59+00:00\">17. April 2023<\/time><\/a><\/div>\n\t<div class=\"entry-excerpt\"><p>[vc_row][vc_column][vc_column_text] Letztes Jahr feierte das Arthouse-Drama &#8222;Gewalten&#8220; seine Weltpremiere auf der Berlinale. Jetzt kommt der Film von \u00f6sterreichischen Regisseur Constantin Hatz in die deutschen Kinos. Start ist der 11. Mai 2023. [\/vc_column_text][\/vc_column][\/vc_row][vc_row][vc_column width=&#8220;3\/4&#8243;][vc_row_inner][vc_column_inner][vc_column_text]&#8220;Gewalten&#8220; kommt in seinen fast 150 Minuten ohne einen Ton Musik aus. Die Bilder von Kameramann Rafael Starman wurden 2022 auf der Berlinale&hellip;<\/p>\n<\/div>\n\t\n<a href=\"https:\/\/ucm.one\/de\/ucm-one-bringt-den-film-gewalten-von-constantin-hatz-in-die-kinos\/\" class=\"post-details details-type-link\" aria-label=\"Read more about \ud83c\udfac UCM.ONE bringt den Film &#8222;Gewalten&#8220; von Constantin Hatz in die Kinos\">Mehr lesen<i class=\"dt-icon-the7-arrow-03\" aria-hidden=\"true\"><\/i><\/a>\n\n<\/div><\/article><\/div><\/div><!-- iso-container|iso-grid --><\/div>[vc_btn title=&#8220;Alle News&#8220; style=&#8220;flat&#8220; align=&#8220;right&#8220; i_icon_fontawesome=&#8220;far fa-newspaper&#8220; css=&#8220;.vc_custom_1682778650717{margin-top: 25px !important;}&#8220; add_icon=&#8220;true&#8220; link=&#8220;url:https%3A%2F%2Fucm.one%2Fde%2Ftag%2Fgewalten|title:Alle%20News&#8220;][vc_empty_space height=&#8220;15px&#8220;][\/vc_column][\/vc_row][vc_row][vc_column][vc_separator color=&#8220;custom&#8220; accent_color=&#8220;#0141a0&#8243;][\/vc_column][\/vc_row][vc_row css=&#8220;.vc_custom_1518458873891{margin-top: 65px !important;}&#8220;][vc_column width=&#8220;1\/4&#8243;][vc_btn title=&#8220;\u00dcbersicht&#8220; style=&#8220;flat&#8220; size=&#8220;lg&#8220; align=&#8220;center&#8220; i_icon_fontawesome=&#8220;fas fa-home&#8220; button_block=&#8220;true&#8220; add_icon=&#8220;true&#8220; link=&#8220;url:https%3A%2F%2Fucm.one%2Fde|title:%C3%9Cbersicht&#8220;][\/vc_column][vc_column width=&#8220;1\/4&#8243;][vc_btn title=&#8220;Kino&#8220; style=&#8220;flat&#8220; size=&#8220;lg&#8220; align=&#8220;center&#8220; i_icon_fontawesome=&#8220;fas fa-star&#8220; css=&#8220;&#8220; button_block=&#8220;true&#8220; add_icon=&#8220;true&#8220; link=&#8220;url:https%3A%2F%2Fucm.one%2Fde%2Fkinoverleih%2Fkinostarts-1a%2F%23gewalten|title:Gewalten&#8220;][\/vc_column][vc_column width=&#8220;1\/4&#8243;][vc_btn title=&#8220;Artkeim\u00b2&#8220; style=&#8220;flat&#8220; size=&#8220;lg&#8220; align=&#8220;center&#8220; i_icon_fontawesome=&#8220;fas fa-arrow-right&#8220; button_block=&#8220;true&#8220; add_icon=&#8220;true&#8220; link=&#8220;url:https%3A%2F%2Fucm.one%2Fde%2Ffilm-labels%2Fartkeim%2F|title:Artkeim%C2%B2&#8243;][\/vc_column][vc_column width=&#8220;1\/4&#8243;][vc_btn title=&#8220;iMDB&#8220; style=&#8220;flat&#8220; color=&#8220;blue&#8220; size=&#8220;lg&#8220; align=&#8220;center&#8220; i_icon_fontawesome=&#8220;fab fa-imdb&#8220; button_block=&#8220;true&#8220; add_icon=&#8220;true&#8220; link=&#8220;url:https%3A%2F%2Fwww.imdb.com%2Ftitle%2Ftt17321168|title:Gewalten|target:_blank&#8220;][\/vc_column][\/vc_row][vc_row content_placement=&#8220;middle&#8220; bg_type=&#8220;grad&#8220; ult_hide_row=&#8220;ult_hide_row_value&#8220; ult_hide_row_large_screen=&#8220;large_screen&#8220; ult_hide_row_desktop=&#8220;desktop&#8220; css=&#8220;.vc_custom_1518701755537{margin-top: 0px !important;padding-top: -50px !important;}&#8220; bg_grad=&#8220;background: -webkit-gradient(linear, left top, left bottom, color-stop(0%, #E3E3E3), color-stop(0%, #FFFFFF), color-stop(6%, #FFFFFF), color-stop(7%, #FFFFFF), color-stop(50%, #FFFFFF));background: -moz-linear-gradient(top,#E3E3E3 0%,#FFFFFF 0%,#FFFFFF 6%,#FFFFFF 7%,#FFFFFF 50%);background: -webkit-linear-gradient(top,#E3E3E3 0%,#FFFFFF 0%,#FFFFFF 6%,#FFFFFF 7%,#FFFFFF 50%);background: -o-linear-gradient(top,#E3E3E3 0%,#FFFFFF 0%,#FFFFFF 6%,#FFFFFF 7%,#FFFFFF 50%);background: -ms-linear-gradient(top,#E3E3E3 0%,#FFFFFF 0%,#FFFFFF 6%,#FFFFFF 7%,#FFFFFF 50%);background: linear-gradient(top,#E3E3E3 0%,#FFFFFF 0%,#FFFFFF 6%,#FFFFFF 7%,#FFFFFF 50%);&#8220;][vc_column][vc_btn title=&#8220;Kontakt&#8220; style=&#8220;flat&#8220; color=&#8220;juicy-pink&#8220; size=&#8220;lg&#8220; align=&#8220;center&#8220; i_icon_fontawesome=&#8220;far fa-envelope&#8220; button_block=&#8220;true&#8220; add_icon=&#8220;true&#8220; link=&#8220;url:https%3A%2F%2Fucm.one%2Fde%2Ffirma%2Fkontakt%2F|title:Kontakt&#8220;][\/vc_column][\/vc_row]<\/p>\n<\/div>","protected":false},"excerpt":{"rendered":"<p>[vc_row][vc_column width=&#8220;3\/4&#8243; css=&#8220;.vc_custom_1561291995466{padding-right: 30px !important;}&#8220;][vc_column_text] Gewalten: [\/vc_column_text][vc_column_text] In seinem dritten Spielfilm &#8222;Gewalten&#8220; begibt sich der \u00f6sterreichische Regisseur Constantin Hatz auf die Suche nach Z\u00e4rtlichkeit in einem von Hass und Unzufriedenheit, Gef\u00fchlsk\u00e4lte und Gewalt, \u00fcbersteigerten M\u00e4nnlichkeitsvorstellungen und Xenophobie gepr\u00e4gten d\u00f6rflichen Soziotop. [\/vc_column_text][vc_row_inner][vc_column_inner width=&#8220;1\/2&#8243;][vc_single_image image=&#8220;93802&#8243; img_size=&#8220;full&#8220; onclick=&#8220;link_image&#8220;][\/vc_column_inner][vc_column_inner width=&#8220;1\/2&#8243;][vc_single_image image=&#8220;93817&#8243; img_size=&#8220;full&#8220; onclick=&#8220;link_image&#8220;][\/vc_column_inner][\/vc_row_inner][vc_column_text] Die Weltpremiere feierte &#8222;Gewalten&#8220; im Februar&hellip;<\/p>\n","protected":false},"author":2,"featured_media":93390,"parent":0,"menu_order":0,"comment_status":"closed","ping_status":"closed","template":"","meta":{"_acf_changed":false,"footnotes":""},"class_list":["post-93741","page","type-page","status-publish","has-post-thumbnail","hentry","description-off"],"acf":[],"yoast_head":"<!-- This site is optimized with the Yoast SEO plugin v27.5 - https:\/\/yoast.com\/product\/yoast-seo-wordpress\/ -->\n<title>Gewalten (2022) von Constantin Hatz | Artkeim\u00b2<\/title>\n<meta name=\"description\" content=\"Der in einem von Gef\u00fchlsk\u00e4lte und Gewalt gepr\u00e4gten Dorf lebende Daniel lernt Marcel kennen, der sich illegalen Hundek\u00e4mpfen \u00fcber Wasser h\u00e4lt.\" \/>\n<meta name=\"robots\" content=\"index, follow, max-snippet:-1, max-image-preview:large, max-video-preview:-1\" \/>\n<link rel=\"canonical\" href=\"https:\/\/ucm.one\/de\/gewalten\/\" \/>\n<meta property=\"og:locale\" content=\"de_DE\" \/>\n<meta property=\"og:type\" content=\"article\" \/>\n<meta property=\"og:title\" content=\"Gewalten (2022) von Constantin Hatz | Artkeim\u00b2\" \/>\n<meta property=\"og:description\" content=\"Der in einem von Gef\u00fchlsk\u00e4lte und Gewalt gepr\u00e4gten Dorf lebende Daniel lernt Marcel kennen, der sich illegalen Hundek\u00e4mpfen \u00fcber Wasser h\u00e4lt.\" \/>\n<meta property=\"og:url\" content=\"https:\/\/ucm.one\/de\/gewalten\/\" \/>\n<meta property=\"og:site_name\" content=\"UCM.ONE\" \/>\n<meta property=\"article:modified_time\" content=\"2024-09-02T11:03:04+00:00\" \/>\n<meta property=\"og:image\" content=\"https:\/\/ucm.one\/wp-content\/uploads\/2023\/04\/P-Gewalten.jpg\" \/>\n<meta name=\"twitter:card\" content=\"summary_large_image\" \/>\n<meta name=\"twitter:title\" content=\"Gewalten (2022) von Constantin Hatz | Artkeim\u00b2\" \/>\n<meta name=\"twitter:description\" content=\"Der in einem von Gef\u00fchlsk\u00e4lte und Gewalt gepr\u00e4gten Dorf lebende Daniel lernt Marcel kennen, der sich illegalen Hundek\u00e4mpfen \u00fcber Wasser h\u00e4lt.\" \/>\n<meta name=\"twitter:image\" content=\"https:\/\/ucm.one\/wp-content\/uploads\/2023\/04\/P-Gewalten.jpg\" \/>\n<meta name=\"twitter:label1\" content=\"Gesch\u00e4tzte Lesezeit\" \/>\n\t<meta name=\"twitter:data1\" content=\"17\u00a0Minuten\" \/>\n<!-- \/ Yoast SEO plugin. -->","yoast_head_json":{"title":"Gewalten (2022) von Constantin Hatz | Artkeim\u00b2","description":"Der in einem von Gef\u00fchlsk\u00e4lte und Gewalt gepr\u00e4gten Dorf lebende Daniel lernt Marcel kennen, der sich illegalen Hundek\u00e4mpfen \u00fcber Wasser h\u00e4lt.","robots":{"index":"index","follow":"follow","max-snippet":"max-snippet:-1","max-image-preview":"max-image-preview:large","max-video-preview":"max-video-preview:-1"},"canonical":"https:\/\/ucm.one\/de\/gewalten\/","og_locale":"de_DE","og_type":"article","og_title":"Gewalten (2022) von Constantin Hatz | Artkeim\u00b2","og_description":"Der in einem von Gef\u00fchlsk\u00e4lte und Gewalt gepr\u00e4gten Dorf lebende Daniel lernt Marcel kennen, der sich illegalen Hundek\u00e4mpfen \u00fcber Wasser h\u00e4lt.","og_url":"https:\/\/ucm.one\/de\/gewalten\/","og_site_name":"UCM.ONE","article_modified_time":"2024-09-02T11:03:04+00:00","og_image":[{"url":"https:\/\/ucm.one\/wp-content\/uploads\/2023\/04\/P-Gewalten.jpg","type":"","width":"","height":""}],"twitter_card":"summary_large_image","twitter_title":"Gewalten (2022) von Constantin Hatz | Artkeim\u00b2","twitter_description":"Der in einem von Gef\u00fchlsk\u00e4lte und Gewalt gepr\u00e4gten Dorf lebende Daniel lernt Marcel kennen, der sich illegalen Hundek\u00e4mpfen \u00fcber Wasser h\u00e4lt.","twitter_image":"https:\/\/ucm.one\/wp-content\/uploads\/2023\/04\/P-Gewalten.jpg","twitter_misc":{"Gesch\u00e4tzte Lesezeit":"17\u00a0Minuten"},"schema":{"@context":"https:\/\/schema.org","@graph":[{"@type":"WebPage","@id":"https:\/\/ucm.one\/de\/gewalten\/","url":"https:\/\/ucm.one\/de\/gewalten\/","name":"Gewalten (2022) von Constantin Hatz | Artkeim\u00b2","isPartOf":{"@id":"https:\/\/ucm.one\/de\/#website"},"primaryImageOfPage":{"@id":"https:\/\/ucm.one\/de\/gewalten\/#primaryimage"},"image":{"@id":"https:\/\/ucm.one\/de\/gewalten\/#primaryimage"},"thumbnailUrl":"https:\/\/ucm.one\/wp-content\/uploads\/2023\/04\/P-Gewalten.jpg","datePublished":"2023-04-29T12:18:01+00:00","dateModified":"2024-09-02T11:03:04+00:00","description":"Der in einem von Gef\u00fchlsk\u00e4lte und Gewalt gepr\u00e4gten Dorf lebende Daniel lernt Marcel kennen, der sich illegalen Hundek\u00e4mpfen \u00fcber Wasser h\u00e4lt.","breadcrumb":{"@id":"https:\/\/ucm.one\/de\/gewalten\/#breadcrumb"},"inLanguage":"de","potentialAction":[{"@type":"ReadAction","target":["https:\/\/ucm.one\/de\/gewalten\/"]}]},{"@type":"ImageObject","inLanguage":"de","@id":"https:\/\/ucm.one\/de\/gewalten\/#primaryimage","url":"https:\/\/ucm.one\/wp-content\/uploads\/2023\/04\/P-Gewalten.jpg","contentUrl":"https:\/\/ucm.one\/wp-content\/uploads\/2023\/04\/P-Gewalten.jpg","width":699,"height":1000},{"@type":"BreadcrumbList","@id":"https:\/\/ucm.one\/de\/gewalten\/#breadcrumb","itemListElement":[{"@type":"ListItem","position":1,"name":"Home","item":"https:\/\/ucm.one\/de\/"},{"@type":"ListItem","position":2,"name":"Gewalten (2022) von Constantin Hatz | Artkeim\u00b2"}]},{"@type":"WebSite","@id":"https:\/\/ucm.one\/de\/#website","url":"https:\/\/ucm.one\/de\/","name":"UCM.ONE","description":"","publisher":{"@id":"https:\/\/ucm.one\/de\/#organization"},"potentialAction":[{"@type":"SearchAction","target":{"@type":"EntryPoint","urlTemplate":"https:\/\/ucm.one\/de\/?s={search_term_string}"},"query-input":{"@type":"PropertyValueSpecification","valueRequired":true,"valueName":"search_term_string"}}],"inLanguage":"de"},{"@type":"Organization","@id":"https:\/\/ucm.one\/de\/#organization","name":"UCM.ONE","url":"https:\/\/ucm.one\/de\/","logo":{"@type":"ImageObject","inLanguage":"de","@id":"https:\/\/ucm.one\/de\/#\/schema\/logo\/image\/","url":"https:\/\/ucm.one\/wp-content\/uploads\/2019\/10\/UCM.ONE-Logo-RGB.svg","contentUrl":"https:\/\/ucm.one\/wp-content\/uploads\/2019\/10\/UCM.ONE-Logo-RGB.svg","width":1,"height":1,"caption":"UCM.ONE"},"image":{"@id":"https:\/\/ucm.one\/de\/#\/schema\/logo\/image\/"}}]}},"_links":{"self":[{"href":"https:\/\/ucm.one\/de\/wp-json\/wp\/v2\/pages\/93741","targetHints":{"allow":["GET"]}}],"collection":[{"href":"https:\/\/ucm.one\/de\/wp-json\/wp\/v2\/pages"}],"about":[{"href":"https:\/\/ucm.one\/de\/wp-json\/wp\/v2\/types\/page"}],"author":[{"embeddable":true,"href":"https:\/\/ucm.one\/de\/wp-json\/wp\/v2\/users\/2"}],"replies":[{"embeddable":true,"href":"https:\/\/ucm.one\/de\/wp-json\/wp\/v2\/comments?post=93741"}],"version-history":[{"count":1,"href":"https:\/\/ucm.one\/de\/wp-json\/wp\/v2\/pages\/93741\/revisions"}],"predecessor-version":[{"id":106550,"href":"https:\/\/ucm.one\/de\/wp-json\/wp\/v2\/pages\/93741\/revisions\/106550"}],"wp:featuredmedia":[{"embeddable":true,"href":"https:\/\/ucm.one\/de\/wp-json\/wp\/v2\/media\/93390"}],"wp:attachment":[{"href":"https:\/\/ucm.one\/de\/wp-json\/wp\/v2\/media?parent=93741"}],"curies":[{"name":"wp","href":"https:\/\/api.w.org\/{rel}","templated":true}]}}