{"id":80,"date":"2018-02-06T23:51:54","date_gmt":"2018-02-06T23:51:54","guid":{"rendered":"https:\/\/ucm.one\/?page_id=80"},"modified":"2026-08-29T19:29:26","modified_gmt":"2026-08-29T19:29:26","slug":"start-3","status":"publish","type":"page","link":"https:\/\/ucm.one\/de\/","title":{"rendered":"Start"},"content":{"rendered":"<div class=\"wpb-content-wrapper\"><p>[vc_row content_placement=&#8220;middle&#8220; css=&#8220;.vc_custom_1518424122748{margin-top: 0px !important;padding-top: -50px !important;}&#8220;][vc_column width=&#8220;1\/4&#8243;][vc_btn title=&#8220;Filme&#8220; style=&#8220;flat&#8220; color=&#8220;inverse&#8220; size=&#8220;lg&#8220; align=&#8220;center&#8220; i_icon_fontawesome=&#8220;fas fa-film&#8220; button_block=&#8220;true&#8220; add_icon=&#8220;true&#8220; link=&#8220;url:https%3A%2F%2Fucm.one%2Fde%2Ffilm-labels%2F|title:Filme&#8220;][\/vc_column][vc_column width=&#8220;1\/4&#8243;][vc_btn title=&#8220;Kino&#8220; style=&#8220;flat&#8220; color=&#8220;inverse&#8220; size=&#8220;lg&#8220; align=&#8220;center&#8220; i_icon_fontawesome=&#8220;fas fa-university&#8220; button_block=&#8220;true&#8220; add_icon=&#8220;true&#8220; link=&#8220;url:https%3A%2F%2Fucm.one%2Fde%2Fkinoverleih%2Fkinostarts%2F|title:Kino&#8220;][\/vc_column][vc_column width=&#8220;1\/4&#8243;][vc_btn title=&#8220;Musik&#8220; style=&#8220;flat&#8220; color=&#8220;inverse&#8220; size=&#8220;lg&#8220; align=&#8220;center&#8220; i_icon_fontawesome=&#8220;fas fa-music&#8220; button_block=&#8220;true&#8220; add_icon=&#8220;true&#8220; link=&#8220;url:https%3A%2F%2Fucm.one%2Fde%2Fmusik-labels%2F|title:Musik&#8220;][\/vc_column][vc_column width=&#8220;1\/4&#8243; offset=&#8220;vc_hidden-xs&#8220;][vc_btn title=&#8220;Vertrieb&#8220; style=&#8220;flat&#8220; color=&#8220;inverse&#8220; size=&#8220;lg&#8220; align=&#8220;center&#8220; i_icon_fontawesome=&#8220;fas fa-globe&#8220; css=&#8220;&#8220; button_block=&#8220;true&#8220; add_icon=&#8220;true&#8220; link=&#8220;url:https%3A%2F%2Fucm.one%2Fde%2Fvertrieb%2F|title:Vertrieb&#8220;][\/vc_column][\/vc_row][vc_row content_placement=&#8220;middle&#8220; ult_hide_row=&#8220;ult_hide_row_value&#8220; ult_hide_row_mobile=&#8220;mobile&#8220; ult_hide_row_mobile_large=&#8220;xl_mobile&#8220;][vc_column offset=&#8220;vc_hidden-lg vc_hidden-md vc_hidden-sm&#8220;][vc_btn title=&#8220;Shop&#8220; style=&#8220;flat&#8220; color=&#8220;juicy-pink&#8220; size=&#8220;lg&#8220; align=&#8220;center&#8220; i_icon_fontawesome=&#8220;fas fa-shopping-cart&#8220; css=&#8220;.vc_custom_1694157675837{margin-top: -35px !important;}&#8220; button_block=&#8220;true&#8220; add_icon=&#8220;true&#8220; link=&#8220;url:https%3A%2F%2Fucm.one%2Fde%2Fshop|title:Shop&#8220;][\/vc_column][\/vc_row][vc_row css=&#8220;.vc_custom_1518424110605{margin-top: 50px !important;}&#8220;][vc_column][vc_column_text]<\/p>\n<h1>Neuigkeiten<\/h1>\n<p>[\/vc_column_text]<style type=\"text\/css\" data-type=\"the7_shortcodes-inline-css\">.blog-shortcode.blog-list-shortcode-id-09b1ce1f25ca9ff1d0d90a5d64c553dc.content-bg-on.classic-layout-list article {\n  background: rgba(165,165,165,0.23);\n  box-shadow: none;\n}\n.blog-shortcode.blog-list-shortcode-id-09b1ce1f25ca9ff1d0d90a5d64c553dc.dividers-on.classic-layout-list article {\n  margin-top: 50px;\n  padding-top: 0;\n  border-color: #003399;\n}\n.blog-shortcode.blog-list-shortcode-id-09b1ce1f25ca9ff1d0d90a5d64c553dc.dividers-on.classic-layout-list article:first-of-type {\n  margin-top: 0;\n  padding-top: 0;\n}\n.blog-shortcode.blog-list-shortcode-id-09b1ce1f25ca9ff1d0d90a5d64c553dc.classic-layout-list.mode-list .post-thumbnail-wrap {\n  width: 100%;\n}\n.blog-shortcode.blog-list-shortcode-id-09b1ce1f25ca9ff1d0d90a5d64c553dc.classic-layout-list.mode-list .post-entry-content {\n  width: calc(100% - 100%);\n}\n.blog-shortcode.blog-list-shortcode-id-09b1ce1f25ca9ff1d0d90a5d64c553dc.classic-layout-list.mode-list .no-img .post-entry-content {\n  width: 100%;\n}\n.blog-shortcode.blog-list-shortcode-id-09b1ce1f25ca9ff1d0d90a5d64c553dc .filter-bg-decoration .filter-categories a.act {\n  color: #fff;\n}\n.blog-shortcode.blog-list-shortcode-id-09b1ce1f25ca9ff1d0d90a5d64c553dc:not(.mode-masonry) article {\n  margin-top: 50px;\n}\n.blog-shortcode.blog-list-shortcode-id-09b1ce1f25ca9ff1d0d90a5d64c553dc:not(.mode-masonry) article:first-of-type,\n.blog-shortcode.blog-list-shortcode-id-09b1ce1f25ca9ff1d0d90a5d64c553dc:not(.mode-masonry) article.visible.first:not(.product) {\n  margin-top: 0;\n}\n.blog-shortcode.blog-list-shortcode-id-09b1ce1f25ca9ff1d0d90a5d64c553dc.dividers-on:not(.mode-masonry) article {\n  margin-top: 0;\n  padding-top: 50px;\n}\n.blog-shortcode.blog-list-shortcode-id-09b1ce1f25ca9ff1d0d90a5d64c553dc.dividers-on:not(.mode-masonry) article:first-of-type,\n.blog-shortcode.blog-list-shortcode-id-09b1ce1f25ca9ff1d0d90a5d64c553dc.dividers-on:not(.mode-masonry) article.visible.first:not(.product) {\n  margin-top: 0;\n  padding-top: 0;\n}\n.blog-shortcode.blog-list-shortcode-id-09b1ce1f25ca9ff1d0d90a5d64c553dc .post-thumbnail-wrap {\n  padding: 0px 0px 0px 0px;\n}\n.blog-shortcode.blog-list-shortcode-id-09b1ce1f25ca9ff1d0d90a5d64c553dc.enable-bg-rollover .post-thumbnail-rollover:after {\n  background: -webkit-linear-gradient();\n  background: linear-gradient();\n}\n.blog-shortcode.blog-list-shortcode-id-09b1ce1f25ca9ff1d0d90a5d64c553dc .gallery-zoom-ico {\n  width: 44px;\n  height: 44px;\n  line-height: 44px;\n  border-radius: 100px;\n  margin: -22px 0 0 -22px;\n  border-width: 0px;\n  color: #ffffff;\n}\n.bottom-overlap-layout-list.blog-shortcode.blog-list-shortcode-id-09b1ce1f25ca9ff1d0d90a5d64c553dc .gallery-zoom-ico {\n  margin-top: -22px;\n}\n.gradient-overlay-layout-list.blog-shortcode.blog-list-shortcode-id-09b1ce1f25ca9ff1d0d90a5d64c553dc .gallery-zoom-ico,\n.content-rollover-layout-list.blog-shortcode.blog-list-shortcode-id-09b1ce1f25ca9ff1d0d90a5d64c553dc .gallery-zoom-ico {\n  margin: 0 0 10px;\n}\n.content-align-center.gradient-overlay-layout-list.blog-shortcode.blog-list-shortcode-id-09b1ce1f25ca9ff1d0d90a5d64c553dc .gallery-zoom-ico,\n.content-align-center.content-rollover-layout-list.blog-shortcode.blog-list-shortcode-id-09b1ce1f25ca9ff1d0d90a5d64c553dc .gallery-zoom-ico {\n  margin: 0 auto 10px;\n}\n.dt-icon-bg-on.blog-shortcode.blog-list-shortcode-id-09b1ce1f25ca9ff1d0d90a5d64c553dc .gallery-zoom-ico {\n  background: rgba(255,255,255,0.3);\n  box-shadow: none;\n}\n.blog-shortcode.blog-list-shortcode-id-09b1ce1f25ca9ff1d0d90a5d64c553dc .gallery-zoom-ico > span,\n.blog-shortcode.blog-list-shortcode-id-09b1ce1f25ca9ff1d0d90a5d64c553dc .gallery-zoom-ico:before {\n  font-size: 32px;\n  line-height: 44px;\n}\n.blog-shortcode.blog-list-shortcode-id-09b1ce1f25ca9ff1d0d90a5d64c553dc .gallery-zoom-ico > span,\n.blog-shortcode.blog-list-shortcode-id-09b1ce1f25ca9ff1d0d90a5d64c553dc .gallery-zoom-ico:before {\n  color: #ffffff;\n}\n.blog-shortcode.blog-list-shortcode-id-09b1ce1f25ca9ff1d0d90a5d64c553dc .fancy-date a {\n  background: #ffffff;\n  box-shadow: none;\n}\n.blog-shortcode.blog-list-shortcode-id-09b1ce1f25ca9ff1d0d90a5d64c553dc .fancy-date a * {\n  color: #2d2d2d;\n}\n.blog-shortcode.blog-list-shortcode-id-09b1ce1f25ca9ff1d0d90a5d64c553dc .entry-title,\n.blog-shortcode.blog-list-shortcode-id-09b1ce1f25ca9ff1d0d90a5d64c553dc.owl-carousel .entry-title {\n  margin-bottom: 5px;\n  font-weight: bold;\n  text-transform: uppercase;\n}\n.blog-shortcode.blog-list-shortcode-id-09b1ce1f25ca9ff1d0d90a5d64c553dc .entry-meta {\n  margin-bottom: 15px;\n}\n.blog-shortcode.blog-list-shortcode-id-09b1ce1f25ca9ff1d0d90a5d64c553dc .portfolio-categories {\n  margin-bottom: 15px;\n}\n.blog-shortcode.blog-list-shortcode-id-09b1ce1f25ca9ff1d0d90a5d64c553dc .entry-excerpt {\n  margin-bottom: 5px;\n}\n.blog-shortcode.blog-list-shortcode-id-09b1ce1f25ca9ff1d0d90a5d64c553dc:not(.centered-layout-list) .post-entry-content {\n  padding: 25px 30px 30px 30px;\n}\n.blog-shortcode.blog-list-shortcode-id-09b1ce1f25ca9ff1d0d90a5d64c553dc:not(.centered-layout-list):not(.content-bg-on):not(.mode-list) .no-img .post-entry-content {\n  padding: 0;\n}\n.blog-shortcode.blog-list-shortcode-id-09b1ce1f25ca9ff1d0d90a5d64c553dc.content-bg-on:not(.classic-layout-list):not(.centered-layout-list) .post-entry-content {\n  background: rgba(165,165,165,0.23);\n  box-shadow: none;\n}\n@media screen and (max-width: 768px) {\n  .blog-shortcode.blog-list-shortcode-id-09b1ce1f25ca9ff1d0d90a5d64c553dc article {\n    -ms-flex-flow: column nowrap;\n    flex-flow: column nowrap;\n    margin-top: 20px;\n  }\n  .blog-shortcode.blog-list-shortcode-id-09b1ce1f25ca9ff1d0d90a5d64c553dc.dividers-on article {\n    border: none;\n  }\n  .blog-shortcode.blog-list-shortcode-id-09b1ce1f25ca9ff1d0d90a5d64c553dc.content-bg-on.centered-layout-list article {\n    padding: 0;\n  }\n  .blog-shortcode.blog-list-shortcode-id-09b1ce1f25ca9ff1d0d90a5d64c553dc.blog-shortcode.dividers-on article,\n  .blog-shortcode.blog-list-shortcode-id-09b1ce1f25ca9ff1d0d90a5d64c553dc.dividers-on.classic-layout-list article {\n    margin-top: 20px;\n    padding: 0;\n  }\n  .blog-shortcode.blog-list-shortcode-id-09b1ce1f25ca9ff1d0d90a5d64c553dc.blog-shortcode.dividers-on article:first-of-type,\n  .blog-shortcode.blog-list-shortcode-id-09b1ce1f25ca9ff1d0d90a5d64c553dc.dividers-on.classic-layout-list article:first-of-type {\n    padding: 0;\n  }\n  #page .blog-shortcode.blog-list-shortcode-id-09b1ce1f25ca9ff1d0d90a5d64c553dc .post-thumbnail-wrap,\n  #page .blog-shortcode.blog-list-shortcode-id-09b1ce1f25ca9ff1d0d90a5d64c553dc .post-entry-content {\n    width: 100%;\n    margin: 0;\n    top: 0;\n  }\n  #page .blog-shortcode.blog-list-shortcode-id-09b1ce1f25ca9ff1d0d90a5d64c553dc .post-thumbnail-wrap {\n    padding: 0;\n  }\n  #page .blog-shortcode.blog-list-shortcode-id-09b1ce1f25ca9ff1d0d90a5d64c553dc .post-entry-content:after {\n    display: none;\n  }\n  #page .blog-shortcode.blog-list-shortcode-id-09b1ce1f25ca9ff1d0d90a5d64c553dc .project-even .post-thumbnail-wrap,\n  #page .blog-shortcode.blog-list-shortcode-id-09b1ce1f25ca9ff1d0d90a5d64c553dc.centered-layout-list .post-thumbnail-wrap {\n    -ms-flex-order: 0;\n    order: 0;\n  }\n  #page .blog-shortcode.blog-list-shortcode-id-09b1ce1f25ca9ff1d0d90a5d64c553dc.centered-layout-list .post-entry-title-content {\n    -ms-flex-order: 1;\n    order: 1;\n    width: 100%;\n    padding: 20px 20px 0;\n  }\n  #page .blog-shortcode.blog-list-shortcode-id-09b1ce1f25ca9ff1d0d90a5d64c553dc.centered-layout-list .post-entry-content {\n    -ms-flex-order: 2;\n    order: 2;\n    padding-top: 0;\n  }\n  #page .blog-shortcode.blog-list-shortcode-id-09b1ce1f25ca9ff1d0d90a5d64c553dc .fancy-categories {\n    top: 10px;\n    left: 10px;\n    bottom: auto;\n    right: auto;\n  }\n  #page .blog-shortcode.blog-list-shortcode-id-09b1ce1f25ca9ff1d0d90a5d64c553dc .fancy-date a {\n    top: 10px;\n    right: 10px;\n    left: auto;\n    bottom: auto;\n  }\n  #page .blog-shortcode.blog-list-shortcode-id-09b1ce1f25ca9ff1d0d90a5d64c553dc .post-entry-content {\n    padding: 20px;\n  }\n  #page .blog-shortcode.blog-list-shortcode-id-09b1ce1f25ca9ff1d0d90a5d64c553dc .entry-title {\n    margin: 3px 0 5px;\n    font-size: 20px;\n    line-height: 26px;\n  }\n  #page .blog-shortcode.blog-list-shortcode-id-09b1ce1f25ca9ff1d0d90a5d64c553dc .entry-meta {\n    margin: 5px 0 5px;\n  }\n  #page .blog-shortcode.blog-list-shortcode-id-09b1ce1f25ca9ff1d0d90a5d64c553dc .entry-excerpt {\n    margin: 15px 0 0;\n  }\n  #page .blog-shortcode.blog-list-shortcode-id-09b1ce1f25ca9ff1d0d90a5d64c553dc .post-details {\n    margin: 5px 0 10px;\n  }\n  #page .blog-shortcode.blog-list-shortcode-id-09b1ce1f25ca9ff1d0d90a5d64c553dc .post-details.details-type-link {\n    margin-bottom: 2px;\n  }\n}<\/style><div class=\"articles-list blog-shortcode mode-list blog-list-shortcode-id-09b1ce1f25ca9ff1d0d90a5d64c553dc classic-layout-list content-bg-on jquery-filter scale-img dt-icon-bg-off vertical-fancy-style loading-effect-fade-in\" data-cur-page=\"1\" data-post-limit=\"-1\" data-pagination-mode=\"none\"><article class=\"post project-odd visible  full-width-img post-419175 type-post status-publish format-standard has-post-thumbnail hentry category-news tag-jana-stallein tag-nonfy-documentaries tag-where-the-waves-took-her tag-wueste-film-west category-13 description-off\" data-name=\"\ud83c\udfac Erfolgreicher Auftakt der Kinotour von \u201eWhere the Waves Took Her\u201c in Leipzig und VisionKino Filmtipp\" data-date=\"2026-08-29T12:47:45+00:00\">\n\n<div class=\"post-thumbnail-wrap\">\n\t<div class=\"post-thumbnail\">\n\n\t\t\n\t\t\n\t\t<a href=\"https:\/\/ucm.one\/de\/erfolgreicher-auftakt-der-kinotour-von-where-the-waves-took-her-in-leipzig-und-visionkino-filmtipp\/\" class=\"post-thumbnail-rollover layzr-bg layzr-bg\" ><img fetchpriority=\"high\" decoding=\"async\" class=\"blog-thumb-lazy-load preload-me lazy-load aspect\" src=\"data:image\/svg+xml,%3Csvg%20xmlns%3D&#39;http%3A%2F%2Fwww.w3.org%2F2000%2Fsvg&#39;%20viewBox%3D&#39;0%200%20925%20289&#39;%2F%3E\" data-src=\"https:\/\/ucm.one\/wp-content\/uploads\/2026\/08\/b_WTWTH_1920x600-News_Kinotour_Filmtipp_de-925x289.jpg\" data-srcset=\"https:\/\/ucm.one\/wp-content\/uploads\/2026\/08\/b_WTWTH_1920x600-News_Kinotour_Filmtipp_de-925x289.jpg 925w, https:\/\/ucm.one\/wp-content\/uploads\/2026\/08\/b_WTWTH_1920x600-News_Kinotour_Filmtipp_de-1573x491.jpg 1573w\" loading=\"eager\" style=\"--ratio: 925 \/ 289\" sizes=\"(max-width: 925px) 100vw, 925px\" alt=\"\" title=\"b_WTWTH_1920x600-News_Kinotour_Filmtipp_de\" width=\"925\" height=\"289\"  \/><\/a>\n\t<\/div>\n<\/div>\n\n\n<div class=\"post-entry-content\">\n\n\t<h3 class=\"entry-title\">\n\t\t<a href=\"https:\/\/ucm.one\/de\/erfolgreicher-auftakt-der-kinotour-von-where-the-waves-took-her-in-leipzig-und-visionkino-filmtipp\/\" title=\"\ud83c\udfac Erfolgreicher Auftakt der Kinotour von \u201eWhere the Waves Took Her\u201c in Leipzig und VisionKino Filmtipp\" rel=\"bookmark\">\ud83c\udfac Erfolgreicher Auftakt der Kinotour von \u201eWhere the Waves Took Her\u201c in Leipzig und VisionKino Filmtipp<\/a>\n\t<\/h3>\n\n\t<div class=\"entry-meta\"><span class=\"category-link\"><a href=\"https:\/\/ucm.one\/de\/category\/news\/\" >News<\/a><\/span><a href=\"https:\/\/ucm.one\/de\/2026\/08\/29\/\" title=\"12:47\" class=\"data-link\" rel=\"bookmark\"><time class=\"entry-date updated\" datetime=\"2026-08-29T12:47:45+00:00\">29. August 2026<\/time><\/a><\/div>\n\t<div class=\"entry-excerpt\"><p>[vc_row][vc_column][vc_column_text css=&#8220;&#8220;] Erfolgreicher Auftakt der Kinotour in Leipzig [\/vc_column_text][vc_column_text css=&#8220;&#8220;] Die Kinotour zu \u201eWhere the Waves Took Her\u201c hat am\u00a0Donnerstag, dem 27. August 2026, im\u00a0Luru Kino in der Spinnerei in Leipzig begonnen &#8211; vor ausverkauftem Haus. Weil die Nachfrage das Platzangebot der 19:00-Uhr-Vorstellung \u00fcberstieg, setzte das Kino noch am selben Abend um 21:15 Uhr\u00a0kurzfristig eine&hellip;<\/p>\n<\/div>\n\t\n<a href=\"https:\/\/ucm.one\/de\/erfolgreicher-auftakt-der-kinotour-von-where-the-waves-took-her-in-leipzig-und-visionkino-filmtipp\/\" class=\"post-details details-type-link\" aria-label=\"Read more about \ud83c\udfac Erfolgreicher Auftakt der Kinotour von \u201eWhere the Waves Took Her\u201c in Leipzig und VisionKino Filmtipp\">Mehr lesen<i class=\"dt-icon-the7-arrow-03\" aria-hidden=\"true\"><\/i><\/a>\n\n<\/div><\/article><article class=\"post project-odd visible  full-width-img post-419223 type-post status-publish format-standard has-post-thumbnail hentry category-harthouse-de category-musik category-news tag-absonderlichkeiten tag-absonderlichkeiten-2 tag-andy-lupoli tag-harthouse tag-la-madonnina tag-marco-zaffarano tag-marco-zaffarano-andy-lupoli tag-techno tag-the-energy category-793 category-9 category-13 description-off\" data-name=\"\ud83c\udfb5 Marco Zaffarano &#038; Andy Lupoli setzen mit \u201eAbsonderlichkeiten 2\u201c ihre Zusammenarbeit auf Harthouse fort\" data-date=\"2026-08-28T18:26:18+00:00\">\n\n<div class=\"post-thumbnail-wrap\">\n\t<div class=\"post-thumbnail\">\n\n\t\t\n\t\t\n\t\t<a href=\"https:\/\/ucm.one\/de\/marco-zaffarano-andy-lupoli-setzen-mit-absonderlichkeiten-2-ihre-zusammenarbeit-auf-harthouse-fort\/\" class=\"post-thumbnail-rollover layzr-bg layzr-bg\" ><img decoding=\"async\" class=\"blog-thumb-lazy-load preload-me lazy-load aspect\" src=\"data:image\/svg+xml,%3Csvg%20xmlns%3D&#39;http%3A%2F%2Fwww.w3.org%2F2000%2Fsvg&#39;%20viewBox%3D&#39;0%200%20925%20289&#39;%2F%3E\" data-src=\"https:\/\/ucm.one\/wp-content\/uploads\/2026\/08\/B-Marco-Zaffarano-Andy-Lupoli-\u2013-La-Madonnina-925x289.jpg\" data-srcset=\"https:\/\/ucm.one\/wp-content\/uploads\/2026\/08\/B-Marco-Zaffarano-Andy-Lupoli-\u2013-La-Madonnina-925x289.jpg 925w, https:\/\/ucm.one\/wp-content\/uploads\/2026\/08\/B-Marco-Zaffarano-Andy-Lupoli-\u2013-La-Madonnina-1573x491.jpg 1573w\" loading=\"eager\" style=\"--ratio: 925 \/ 289\" sizes=\"(max-width: 925px) 100vw, 925px\" alt=\"\" title=\"B Marco Zaffarano &#038; Andy Lupoli \u2013 La Madonnina\" width=\"925\" height=\"289\"  \/><\/a>\n\t<\/div>\n<\/div>\n\n\n<div class=\"post-entry-content\">\n\n\t<h3 class=\"entry-title\">\n\t\t<a href=\"https:\/\/ucm.one\/de\/marco-zaffarano-andy-lupoli-setzen-mit-absonderlichkeiten-2-ihre-zusammenarbeit-auf-harthouse-fort\/\" title=\"\ud83c\udfb5 Marco Zaffarano &#038; Andy Lupoli setzen mit \u201eAbsonderlichkeiten 2\u201c ihre Zusammenarbeit auf Harthouse fort\" rel=\"bookmark\">\ud83c\udfb5 Marco Zaffarano &#038; Andy Lupoli setzen mit \u201eAbsonderlichkeiten 2\u201c ihre Zusammenarbeit auf Harthouse fort<\/a>\n\t<\/h3>\n\n\t<div class=\"entry-meta\"><span class=\"category-link\"><a href=\"https:\/\/ucm.one\/de\/category\/news\/musik\/harthouse-de\/\" >Harthouse<\/a>, <a href=\"https:\/\/ucm.one\/de\/category\/news\/musik\/\" >Musik<\/a>, <a href=\"https:\/\/ucm.one\/de\/category\/news\/\" >News<\/a><\/span><a href=\"https:\/\/ucm.one\/de\/2026\/08\/28\/\" title=\"18:26\" class=\"data-link\" rel=\"bookmark\"><time class=\"entry-date updated\" datetime=\"2026-08-28T18:26:18+00:00\">28. August 2026<\/time><\/a><\/div>\n\t<div class=\"entry-excerpt\"><p>[vc_row][vc_column][vc_column_text css=&#8220;&#8220;] Nach ihrem gemeinsamen Album \u201eAbsonderlichkeiten\u201c setzen Marco Zaffarano &amp; Andy Lupoli ihre kreative Zusammenarbeit fort und pr\u00e4sentieren mit \u201eAbsonderlichkeiten 2\u201c das n\u00e4chste Kapitel ihrer gemeinsamen Reise auf dem legend\u00e4ren Techno-Label Harthouse. Das neue Album kn\u00fcpft an die Energie und Vielseitigkeit des Vorg\u00e4ngers an, entwickelt den gemeinsamen Sound der beiden Produzenten jedoch konsequent weiter.&hellip;<\/p>\n<\/div>\n\t\n<a href=\"https:\/\/ucm.one\/de\/marco-zaffarano-andy-lupoli-setzen-mit-absonderlichkeiten-2-ihre-zusammenarbeit-auf-harthouse-fort\/\" class=\"post-details details-type-link\" aria-label=\"Read more about \ud83c\udfb5 Marco Zaffarano &#038; Andy Lupoli setzen mit \u201eAbsonderlichkeiten 2\u201c ihre Zusammenarbeit auf Harthouse fort\">Mehr lesen<i class=\"dt-icon-the7-arrow-03\" aria-hidden=\"true\"><\/i><\/a>\n\n<\/div><\/article><article class=\"post project-odd visible  full-width-img post-419138 type-post status-publish format-standard has-post-thumbnail hentry category-merchandising category-musik category-news category-noble-demon tag-descending-into-madness tag-digipak tag-gatefolder tag-heavy-metal tag-hoodie tag-marble tag-merchandising tag-noble-demon tag-schweden tag-stockholm tag-t-shirt tag-the-funeral-march tag-vinyl tag-zorn tag-zornheym category-10190 category-9 category-13 category-7077 description-off\" data-name=\"\ud83c\udfb5 Zornheym pr\u00e4sentieren dritte Single &#8222;The Funeral March&#8220; vom kommenden Album &#8222;Descending Into Madness&#8220;\" data-date=\"2026-08-21T21:42:28+00:00\">\n\n<div class=\"post-thumbnail-wrap\">\n\t<div class=\"post-thumbnail\">\n\n\t\t\n\t\t\n\t\t<a href=\"https:\/\/ucm.one\/de\/zornheym-praesentieren-dritte-single-the-funeral-march-vom-kommenden-album-descending-into-madness\/\" class=\"post-thumbnail-rollover layzr-bg layzr-bg\" ><img decoding=\"async\" class=\"blog-thumb-lazy-load preload-me lazy-load aspect\" src=\"data:image\/svg+xml,%3Csvg%20xmlns%3D&#39;http%3A%2F%2Fwww.w3.org%2F2000%2Fsvg&#39;%20viewBox%3D&#39;0%200%20925%20289&#39;%2F%3E\" data-src=\"https:\/\/ucm.one\/wp-content\/uploads\/2026\/08\/B-The-Funeral-March-925x289.jpg\" data-srcset=\"https:\/\/ucm.one\/wp-content\/uploads\/2026\/08\/B-The-Funeral-March-925x289.jpg 925w, https:\/\/ucm.one\/wp-content\/uploads\/2026\/08\/B-The-Funeral-March-1573x491.jpg 1573w\" loading=\"eager\" style=\"--ratio: 925 \/ 289\" sizes=\"(max-width: 925px) 100vw, 925px\" alt=\"\" title=\"B The Funeral March\" width=\"925\" height=\"289\"  \/><\/a>\n\t<\/div>\n<\/div>\n\n\n<div class=\"post-entry-content\">\n\n\t<h3 class=\"entry-title\">\n\t\t<a href=\"https:\/\/ucm.one\/de\/zornheym-praesentieren-dritte-single-the-funeral-march-vom-kommenden-album-descending-into-madness\/\" title=\"\ud83c\udfb5 Zornheym pr\u00e4sentieren dritte Single &#8222;The Funeral March&#8220; vom kommenden Album &#8222;Descending Into Madness&#8220;\" rel=\"bookmark\">\ud83c\udfb5 Zornheym pr\u00e4sentieren dritte Single &#8222;The Funeral March&#8220; vom kommenden Album &#8222;Descending Into Madness&#8220;<\/a>\n\t<\/h3>\n\n\t<div class=\"entry-meta\"><span class=\"category-link\"><a href=\"https:\/\/ucm.one\/de\/category\/news\/merchandising\/\" >Merchandising<\/a>, <a href=\"https:\/\/ucm.one\/de\/category\/news\/musik\/\" >Musik<\/a>, <a href=\"https:\/\/ucm.one\/de\/category\/news\/\" >News<\/a>, <a href=\"https:\/\/ucm.one\/de\/category\/news\/musik\/noble-demon\/\" >Noble Demon<\/a><\/span><a href=\"https:\/\/ucm.one\/de\/2026\/08\/21\/\" title=\"21:42\" class=\"data-link\" rel=\"bookmark\"><time class=\"entry-date updated\" datetime=\"2026-08-21T21:42:28+00:00\">21. August 2026<\/time><\/a><\/div>\n\t<div class=\"entry-excerpt\"><p>[vc_row][vc_column][vc_column_text css=&#8220;&#8220;] Die schwedischen Symphonic Metaller Zornheym ver\u00f6ffentlichen heute die dritte Single &#8222;The Funeral March&#8220; aus ihrem kommenden Studioalbum &#8222;Descending Into Madness&#8220;, welches am 2. Oktober \u00fcber Noble Demon erscheinen wird. Inspiriert von Fr\u00e9d\u00e9ric Chopins legend\u00e4rem &#8222;Trauermarsch&#8220; verschmelzen Zornheym in dem neuen Titel kraftvolle Riffs, cineastische Orchestrierung und subtile skandinavische Folk-Einfl\u00fcsse zu einem der dramatischsten&hellip;<\/p>\n<\/div>\n\t\n<a href=\"https:\/\/ucm.one\/de\/zornheym-praesentieren-dritte-single-the-funeral-march-vom-kommenden-album-descending-into-madness\/\" class=\"post-details details-type-link\" aria-label=\"Read more about \ud83c\udfb5 Zornheym pr\u00e4sentieren dritte Single &#8222;The Funeral March&#8220; vom kommenden Album &#8222;Descending Into Madness&#8220;\">Mehr lesen<i class=\"dt-icon-the7-arrow-03\" aria-hidden=\"true\"><\/i><\/a>\n\n<\/div><\/article><article class=\"post project-odd visible  full-width-img post-419092 type-post status-publish format-standard has-post-thumbnail hentry category-harthouse-de category-musik category-news tag-4xlp tag-boris-brejcha tag-dance tag-feuerfalter tag-harthouse tag-minimal tag-part-01 tag-techno tag-vinyl category-793 category-9 category-13 description-off\" data-name=\"\ud83c\udfb5 Ab heute als exklusive 4xLP-Vinyl-Edition erh\u00e4ltlich: &#8222;Boris Brejcha &#8211; Feuerfalter (Special Edition)\u201c\" data-date=\"2026-08-18T08:56:12+00:00\">\n\n<div class=\"post-thumbnail-wrap\">\n\t<div class=\"post-thumbnail\">\n\n\t\t\n\t\t\n\t\t<a href=\"https:\/\/ucm.one\/de\/ab-heute-als-exklusive-4xlp-vinyl-edition-erhaeltlich-boris-brejcha-feuerfalter-special-edition\/\" class=\"post-thumbnail-rollover layzr-bg layzr-bg\" ><img decoding=\"async\" class=\"blog-thumb-lazy-load preload-me lazy-load aspect\" src=\"data:image\/svg+xml,%3Csvg%20xmlns%3D&#39;http%3A%2F%2Fwww.w3.org%2F2000%2Fsvg&#39;%20viewBox%3D&#39;0%200%20925%20289&#39;%2F%3E\" data-src=\"https:\/\/ucm.one\/wp-content\/uploads\/2026\/06\/B-Boris-Brejcha-Feuerfalter-Special-Edition-2026-925x289.jpg\" data-srcset=\"https:\/\/ucm.one\/wp-content\/uploads\/2026\/06\/B-Boris-Brejcha-Feuerfalter-Special-Edition-2026-925x289.jpg 925w, https:\/\/ucm.one\/wp-content\/uploads\/2026\/06\/B-Boris-Brejcha-Feuerfalter-Special-Edition-2026-1573x491.jpg 1573w\" loading=\"eager\" style=\"--ratio: 925 \/ 289\" sizes=\"(max-width: 925px) 100vw, 925px\" alt=\"\" title=\"B Boris Brejcha &#8211; Feuerfalter Special Edition 2026\" width=\"925\" height=\"289\"  \/><\/a>\n\t<\/div>\n<\/div>\n\n\n<div class=\"post-entry-content\">\n\n\t<h3 class=\"entry-title\">\n\t\t<a href=\"https:\/\/ucm.one\/de\/ab-heute-als-exklusive-4xlp-vinyl-edition-erhaeltlich-boris-brejcha-feuerfalter-special-edition\/\" title=\"\ud83c\udfb5 Ab heute als exklusive 4xLP-Vinyl-Edition erh\u00e4ltlich: &#8222;Boris Brejcha &#8211; Feuerfalter (Special Edition)\u201c\" rel=\"bookmark\">\ud83c\udfb5 Ab heute als exklusive 4xLP-Vinyl-Edition erh\u00e4ltlich: &#8222;Boris Brejcha &#8211; Feuerfalter (Special Edition)\u201c<\/a>\n\t<\/h3>\n\n\t<div class=\"entry-meta\"><span class=\"category-link\"><a href=\"https:\/\/ucm.one\/de\/category\/news\/musik\/harthouse-de\/\" >Harthouse<\/a>, <a href=\"https:\/\/ucm.one\/de\/category\/news\/musik\/\" >Musik<\/a>, <a href=\"https:\/\/ucm.one\/de\/category\/news\/\" >News<\/a><\/span><a href=\"https:\/\/ucm.one\/de\/2026\/08\/18\/\" title=\"08:56\" class=\"data-link\" rel=\"bookmark\"><time class=\"entry-date updated\" datetime=\"2026-08-18T08:56:12+00:00\">18. August 2026<\/time><\/a><\/div>\n\t<div class=\"entry-excerpt\"><p>[vc_row css=&#8220;.vc_custom_1608340212440{margin-top: -15px !important;}&#8220;][vc_column width=&#8220;3\/4&#8243;][vc_column_text css=&#8220;&#8220;] Mit einer besonderen Vinyl-Ver\u00f6ffentlichung kehren zwei der bekanntesten Werke von Boris Brejcha in einem au\u00dfergew\u00f6hnlichen Format zur\u00fcck: \u201eFeuerfalter Part 1\u201c und \u201eFeuerfalter Part 2\u201c sind ab heute erstmals gemeinsam als hochwertige 4xLP-Edition erh\u00e4ltlich. Die Ausgabe vereint beide Teile in einem umfassenden Sammlerformat und pr\u00e4sentiert das Projekt erstmals als zusammenh\u00e4ngende&hellip;<\/p>\n<\/div>\n\t\n<a href=\"https:\/\/ucm.one\/de\/ab-heute-als-exklusive-4xlp-vinyl-edition-erhaeltlich-boris-brejcha-feuerfalter-special-edition\/\" class=\"post-details details-type-link\" aria-label=\"Read more about \ud83c\udfb5 Ab heute als exklusive 4xLP-Vinyl-Edition erh\u00e4ltlich: &#8222;Boris Brejcha &#8211; Feuerfalter (Special Edition)\u201c\">Mehr lesen<i class=\"dt-icon-the7-arrow-03\" aria-hidden=\"true\"><\/i><\/a>\n\n<\/div><\/article><article class=\"post project-odd visible  full-width-img post-418959 type-post status-publish format-standard has-post-thumbnail hentry category-harthouse-de category-musik category-news tag-analoges-leben tag-harthouse tag-im-rampenlicht tag-koerpertanz tag-polyphonic tag-techno tag-thomas-corbach category-793 category-9 category-13 description-off\" data-name=\"\ud83c\udfb5 Thomas Corbach deb\u00fctiert mit der \u201eAnaloges Leben EP\u201c auf Harthouse\" data-date=\"2026-08-14T22:19:45+00:00\">\n\n<div class=\"post-thumbnail-wrap\">\n\t<div class=\"post-thumbnail\">\n\n\t\t\n\t\t\n\t\t<a href=\"https:\/\/ucm.one\/de\/thomas-corbach-debuetiert-mit-der-analoges-leben-ep-auf-harthouse\/\" class=\"post-thumbnail-rollover layzr-bg layzr-bg\" ><img decoding=\"async\" class=\"blog-thumb-lazy-load preload-me lazy-load aspect\" src=\"data:image\/svg+xml,%3Csvg%20xmlns%3D&#39;http%3A%2F%2Fwww.w3.org%2F2000%2Fsvg&#39;%20viewBox%3D&#39;0%200%20925%20289&#39;%2F%3E\" data-src=\"https:\/\/ucm.one\/wp-content\/uploads\/2026\/08\/B-Thomas-Corbach-Analoges-Leben-925x289.jpg\" data-srcset=\"https:\/\/ucm.one\/wp-content\/uploads\/2026\/08\/B-Thomas-Corbach-Analoges-Leben-925x289.jpg 925w, https:\/\/ucm.one\/wp-content\/uploads\/2026\/08\/B-Thomas-Corbach-Analoges-Leben-1573x491.jpg 1573w\" loading=\"eager\" style=\"--ratio: 925 \/ 289\" sizes=\"(max-width: 925px) 100vw, 925px\" alt=\"\" title=\"B Thomas Corbach &#8211; Analoges Leben\" width=\"925\" height=\"289\"  \/><\/a>\n\t<\/div>\n<\/div>\n\n\n<div class=\"post-entry-content\">\n\n\t<h3 class=\"entry-title\">\n\t\t<a href=\"https:\/\/ucm.one\/de\/thomas-corbach-debuetiert-mit-der-analoges-leben-ep-auf-harthouse\/\" title=\"\ud83c\udfb5 Thomas Corbach deb\u00fctiert mit der \u201eAnaloges Leben EP\u201c auf Harthouse\" rel=\"bookmark\">\ud83c\udfb5 Thomas Corbach deb\u00fctiert mit der \u201eAnaloges Leben EP\u201c auf Harthouse<\/a>\n\t<\/h3>\n\n\t<div class=\"entry-meta\"><span class=\"category-link\"><a href=\"https:\/\/ucm.one\/de\/category\/news\/musik\/harthouse-de\/\" >Harthouse<\/a>, <a href=\"https:\/\/ucm.one\/de\/category\/news\/musik\/\" >Musik<\/a>, <a href=\"https:\/\/ucm.one\/de\/category\/news\/\" >News<\/a><\/span><a href=\"https:\/\/ucm.one\/de\/2026\/08\/14\/\" title=\"22:19\" class=\"data-link\" rel=\"bookmark\"><time class=\"entry-date updated\" datetime=\"2026-08-14T22:19:45+00:00\">14. August 2026<\/time><\/a><\/div>\n\t<div class=\"entry-excerpt\"><p>[vc_row][vc_column][vc_column_text css=&#8220;&#8220;] Mit der \u201eAnaloges Leben EP\u201c feiert Thomas Corbach sein Deb\u00fct auf dem legend\u00e4ren Label Harthouse und pr\u00e4sentiert vier atmosph\u00e4risch dichte Tracks, die tief in die Welt von Dub Techno und hypnotischer elektronischer Musik eintauchen. Warme analoge Klangfarben, weitl\u00e4ufige Delay-Strukturen und rollende Grooves verbinden sich zu einer vielschichtigen EP, die gleicherma\u00dfen f\u00fcr konzentriertes H\u00f6ren&hellip;<\/p>\n<\/div>\n\t\n<a href=\"https:\/\/ucm.one\/de\/thomas-corbach-debuetiert-mit-der-analoges-leben-ep-auf-harthouse\/\" class=\"post-details details-type-link\" aria-label=\"Read more about \ud83c\udfb5 Thomas Corbach deb\u00fctiert mit der \u201eAnaloges Leben EP\u201c auf Harthouse\">Mehr lesen<i class=\"dt-icon-the7-arrow-03\" aria-hidden=\"true\"><\/i><\/a>\n\n<\/div><\/article><article class=\"post project-odd visible  full-width-img post-418937 type-post status-publish format-standard has-post-thumbnail hentry category-musik category-news category-plastic-city tag-deep-house tag-endzeit tag-max-benini tag-plastic-city tag-tech-house category-9 category-13 category-802 description-off\" data-name=\"\ud83c\udfb5 Max Benini ver\u00f6ffentlicht \u201eEndzeit\u201c auf Plastic City\" data-date=\"2026-08-14T20:52:33+00:00\">\n\n<div class=\"post-thumbnail-wrap\">\n\t<div class=\"post-thumbnail\">\n\n\t\t\n\t\t\n\t\t<a href=\"https:\/\/ucm.one\/de\/max-benini-veroeffentlicht-endzeit-auf-plastic-city\/\" class=\"post-thumbnail-rollover layzr-bg layzr-bg\" ><img decoding=\"async\" class=\"blog-thumb-lazy-load preload-me lazy-load aspect\" src=\"data:image\/svg+xml,%3Csvg%20xmlns%3D&#39;http%3A%2F%2Fwww.w3.org%2F2000%2Fsvg&#39;%20viewBox%3D&#39;0%200%20925%20289&#39;%2F%3E\" data-src=\"https:\/\/ucm.one\/wp-content\/uploads\/2026\/08\/B-Max-Benini-Endzeit-925x289.jpg\" data-srcset=\"https:\/\/ucm.one\/wp-content\/uploads\/2026\/08\/B-Max-Benini-Endzeit-925x289.jpg 925w, https:\/\/ucm.one\/wp-content\/uploads\/2026\/08\/B-Max-Benini-Endzeit-1573x491.jpg 1573w\" loading=\"eager\" style=\"--ratio: 925 \/ 289\" sizes=\"(max-width: 925px) 100vw, 925px\" alt=\"\" title=\"B Max Benini &#8211; Endzeit\" width=\"925\" height=\"289\"  \/><\/a>\n\t<\/div>\n<\/div>\n\n\n<div class=\"post-entry-content\">\n\n\t<h3 class=\"entry-title\">\n\t\t<a href=\"https:\/\/ucm.one\/de\/max-benini-veroeffentlicht-endzeit-auf-plastic-city\/\" title=\"\ud83c\udfb5 Max Benini ver\u00f6ffentlicht \u201eEndzeit\u201c auf Plastic City\" rel=\"bookmark\">\ud83c\udfb5 Max Benini ver\u00f6ffentlicht \u201eEndzeit\u201c auf Plastic City<\/a>\n\t<\/h3>\n\n\t<div class=\"entry-meta\"><span class=\"category-link\"><a href=\"https:\/\/ucm.one\/de\/category\/news\/musik\/\" >Musik<\/a>, <a href=\"https:\/\/ucm.one\/de\/category\/news\/\" >News<\/a>, <a href=\"https:\/\/ucm.one\/de\/category\/news\/musik\/plastic-city\/\" >Plastic City<\/a><\/span><a href=\"https:\/\/ucm.one\/de\/2026\/08\/14\/\" title=\"20:52\" class=\"data-link\" rel=\"bookmark\"><time class=\"entry-date updated\" datetime=\"2026-08-14T20:52:33+00:00\">14. August 2026<\/time><\/a><\/div>\n\t<div class=\"entry-excerpt\"><p>[vc_row][vc_column][vc_column_text css=&#8220;&#8220;] Mit \u201eEndzeit\u201c pr\u00e4sentiert Max Benini seine zweite Ver\u00f6ffentlichung auf dem renommierten Deep-House-Label Plastic City. Nach seinem Deb\u00fct \u201eOur Dreams\u201c, das mit hypnotischen Grooves, melancholischen Synthesizer-Fl\u00e4chen und atmosph\u00e4rischer Tiefe seinen Einstand auf dem Label markierte, zeigt der Produzent nun eine deutlich dunklere Facette seines Sounds. [\/vc_column_text][\/vc_column][\/vc_row][vc_row][vc_column width=&#8220;3\/4&#8243;][vc_column_text css=&#8220;&#8220;] \u201eEndzeit\u201c verbindet treibende Rhythmen mit einem&hellip;<\/p>\n<\/div>\n\t\n<a href=\"https:\/\/ucm.one\/de\/max-benini-veroeffentlicht-endzeit-auf-plastic-city\/\" class=\"post-details details-type-link\" aria-label=\"Read more about \ud83c\udfb5 Max Benini ver\u00f6ffentlicht \u201eEndzeit\u201c auf Plastic City\">Mehr lesen<i class=\"dt-icon-the7-arrow-03\" aria-hidden=\"true\"><\/i><\/a>\n\n<\/div><\/article><\/div>[vc_empty_space height=&#8220;30px&#8220;][vc_btn title=&#8220;Alle News&#8220; style=&#8220;flat&#8220; size=&#8220;sm&#8220; align=&#8220;right&#8220; i_icon_fontawesome=&#8220;fas fa-newspaper&#8220; add_icon=&#8220;true&#8220; link=&#8220;url:https%3A%2F%2Fucm.one%2Fde%2Ffirma%2Fneuigkeiten%2F|title:%26nbsp%3Balle%20News&#8220;][vc_empty_space height=&#8220;10px&#8220;][vc_separator][\/vc_column][\/vc_row][vc_section][vc_row][vc_column][vc_empty_space height=&#8220;20px&#8220;][vc_column_text]<\/p>\n<h2>Aktuell in den Kinos<\/h2>\n<p>[\/vc_column_text][\/vc_column][\/vc_row][vc_row][vc_column width=&#8220;1\/2&#8243;]<div class=\"ult-content-box-container \" >\t\t<div class=\"ult-content-box\" style=\"background-color:rgba(165,165,165,0.23);box-shadow: px px px px none;border-style:none;padding-top:10px;padding-right:0px;padding-bottom:0px;padding-left:0px;margin:0px;-webkit-transition: all 700ms ease;-moz-transition: all 700ms ease;-ms-transition: all 700ms ease;-o-transition: all 700ms ease;transition: all 700ms ease;\"  data-hover_box_shadow=\"none\"    data-normal_margins=\"margin:0px;\"   data-bg=\"rgba(165,165,165,0.23)\"  data-border_color=\"\" >[vc_raw_html css=&#8220;&#8220;]JTNDcCUyMHN0eWxlJTNEJTIycGFkZGluZyUzQSUyMDJweCUyMDAlMjAwJTIwMTVweCUzQiUyMGxpbmUtaGVpZ2h0JTNBMS4yJTNCJTIwY29sb3IlM0ElMjMwMDAwMDAlM0IlMjBmb250LXNpemUlM0ExNnB4JTNCJTIyJTNFRmxpZWclMjBTdGVpbCUzQ2JyJTIwJTJGJTNFJTBBJTNDc21hbGwlM0V2b24lMjBNYXJ0aW5hJTIwU2NoJUMzJUI2bmUtUmFkdW5za2klMjAlMjYlMjBMYW5hJTIwQ29vcGVyJTNDJTJGc21hbGwlM0UlM0MlMkZwJTNF[\/vc_raw_html][vc_video link=&#8220;https:\/\/www.youtube.com\/watch?v=dTEpcmdMKy8&#8243; align=&#8220;center&#8220; css=&#8220;.vc_custom_1786232868728{margin-top: -25px !important;}&#8220;]\t\t<\/div><\/div>[\/vc_column][vc_column width=&#8220;1\/2&#8243;]<div class=\"ult-content-box-container \" >\t\t<div class=\"ult-content-box\" style=\"background-color:rgba(165,165,165,0.23);box-shadow: px px px px none;border-style:none;padding-top:10px;padding-right:0px;padding-bottom:0px;padding-left:0px;margin:0px;-webkit-transition: all 700ms ease;-moz-transition: all 700ms ease;-ms-transition: all 700ms ease;-o-transition: all 700ms ease;transition: all 700ms ease;\"  data-hover_box_shadow=\"none\"    data-normal_margins=\"margin:0px;\"   data-bg=\"rgba(165,165,165,0.23)\"  data-border_color=\"\" >[vc_raw_html css=&#8220;&#8220;]JTNDcCUyMHN0eWxlJTNEJTIycGFkZGluZyUzQSUyMDJweCUyMDAlMjAwJTIwMTVweCUzQiUyMGxpbmUtaGVpZ2h0JTNBMS4yJTNCJTIwY29sb3IlM0ElMjMwMDAwMDAlM0IlMjBmb250LXNpemUlM0ExNnB4JTNCJTIyJTNFTnVscGVuJTNDYnIlMjAlMkYlM0UlMEElM0NzbWFsbCUzRXZvbiUyMFNvcmluYSUyMEdhamV3c2tpJTNDJTJGc21hbGwlM0UlM0MlMkZwJTNF[\/vc_raw_html][vc_video link=&#8220;https:\/\/www.youtube.com\/watch?v=_OWgFGHOcZs&#8220; align=&#8220;center&#8220; css=&#8220;.vc_custom_1781599533632{margin-top: -25px !important;}&#8220;]\t\t<\/div><\/div>[\/vc_column][\/vc_row][vc_row css=&#8220;.vc_custom_1518423693452{margin-top: 20px !important;}&#8220;][vc_column][vc_empty_space height=&#8220;10px&#8220;][vc_separator][\/vc_column][\/vc_row][vc_row][vc_column][vc_empty_space height=&#8220;20px&#8220;][\/vc_column][\/vc_row][vc_row][vc_column][vc_column_text]<\/p>\n<h2>Neue DVDs, Blu-rays &amp; Mediabooks<\/h2>\n<p>[\/vc_column_text]<div class=\"woocommerce columns-4 \"><div class=\"wf-container dt-products  woo-hover products loading-effect-fade-in description-on-hover cart-btn-on-img hide-description wc-grid\" data-padding=\"0px\" data-cur-page=\"1\" data-desktop-columns-num=\"4\" data-v-tablet-columns-num=\"2\" data-h-tablet-columns-num=\"3\" data-phone-columns-num=\"1\">\n\n<article class=\"post visible description-off product type-product post-418424 status-publish first instock product_cat-blu-ray-de product_cat-science-fiction-de product_cat-filme-de product_cat-m-square-pictures-de product_cat-horror-de product_cat-mystery-de product_cat-dvd-de product_tag-eule product_tag-kodachrome product_tag-aliens product_tag-alien product_tag-fourth-kind product_tag-die-vierte-art product_tag-mila-jovovich product_tag-milla-jovovich product_tag-ufos has-post-thumbnail taxable shipping-taxable purchasable product-type-variable\">\n\n\t<figure class=\"woocom-project\">\n\t<div class=\"woo-buttons-on-img\">\n\n\t\t<a href=\"https:\/\/ucm.one\/de\/produkt\/fourth-kind-die-vierte-art\/\" class=\"alignnone layzr-bg\"><img decoding=\"async\" width=\"300\" height=\"429\" src=\"data:image\/svg+xml;charset=utf-8,%3Csvg xmlns%3D&#039;http%3A%2F%2Fwww.w3.org%2F2000%2Fsvg&#039; viewBox%3D&#039;0 0 300 429&#039;%2F%3E\" class=\"attachment-woocommerce_thumbnail size-woocommerce_thumbnail lazy-load preload-me\" alt=\"Fourth Kind - Die vierte Art\" data-src=\"https:\/\/ucm.one\/wp-content\/uploads\/2026\/08\/KCH0039_2D-DVD_Frontansicht_The-Fourth-Kind-Die-vierte-Art_FSK16-300x429.jpg\" data-srcset=\"https:\/\/ucm.one\/wp-content\/uploads\/2026\/08\/KCH0039_2D-DVD_Frontansicht_The-Fourth-Kind-Die-vierte-Art_FSK16-300x429.jpg 300w, https:\/\/ucm.one\/wp-content\/uploads\/2026\/08\/KCH0039_2D-DVD_Frontansicht_The-Fourth-Kind-Die-vierte-Art_FSK16-210x300.jpg 210w, https:\/\/ucm.one\/wp-content\/uploads\/2026\/08\/KCH0039_2D-DVD_Frontansicht_The-Fourth-Kind-Die-vierte-Art_FSK16-600x858.jpg 600w, https:\/\/ucm.one\/wp-content\/uploads\/2026\/08\/KCH0039_2D-DVD_Frontansicht_The-Fourth-Kind-Die-vierte-Art_FSK16.jpg 699w\" \/><\/a>\n\t<\/div>\n\t<figcaption class=\"woocom-list-content\">\n\n\t\t\n\n\n<div class=\"woocommerce-product-details__short-description\">\n\t<p>Regie:<strong> <a href=\"https:\/\/ucm.one\/de\/?s=%22Olatunde+Osunsanmi %22&amp;post_type=product\">Olatunde Osunsanmi<\/a><\/strong><\/p>\n<p>Label: <a title=\"M-Square Pictures\" href=\"https:\/\/ucm.one\/de\/produkt-kategorie\/label-film-de\/kodachrome\"><strong>Kodachrome<\/strong><\/a><\/p>\n<p>Art:\u00a0<strong><a href=\"https:\/\/ucm.one\/de\/produkt-kategorie\/art-de\/filme-de\/\">Film<\/a> (Spielfilm)<\/strong><\/p>\n<p>Genre: <b><a href=\"https:\/\/ucm.one\/de\/produkt-kategorie\/genre-film-de\/science-fiction-de\/\">Science-Fiction<\/a>, <a href=\"https:\/\/ucm.one\/de\/produkt-kategorie\/genre-film-de\/horror-de\/\">Horror<\/a><\/b><\/p>\n<p>Jahr: <strong>2009<\/strong><\/p>\n<p>FSK: <strong>16<\/strong><\/p>\n<p>Formate: <strong>Diverse<\/strong><\/p>\n<\/div>\n\n\t<p class=\"wc-gzd-additional-info wc-gzd-additional-info-loop tax-info\">inkl. MwSt.<\/p>\n\n\t<p class=\"wc-gzd-additional-info wc-gzd-additional-info-loop shipping-costs-info\">zzgl. <a href=\"https:\/\/ucm.one\/de\/versandarten\/\" target=\"_blank\">Versandkosten<\/a><\/p>\n\n\n\n\t<\/figcaption>\n<\/figure>\n\n<\/article>\n\n\n\n<article class=\"post visible description-off product type-product post-417804 status-publish instock product_cat-filme-de product_cat-klassiker-de product_cat-itn-germany-de product_cat-genre-film-de product_cat-thriller-de product_cat-dvd-de product_cat-action-de product_cat-history-de product_tag-public-enemy product_tag-public-enemies product_tag-action product_tag-gangster product_tag-itn product_tag-mark-l-lester product_tag-phantom-kommando product_tag-itn-germany product_tag-the-axe product_tag-the-ex has-post-thumbnail taxable shipping-taxable purchasable product-type-variable has-default-attributes\">\n\n\t<figure class=\"woocom-project\">\n\t<div class=\"woo-buttons-on-img\">\n\n\t\t<a href=\"https:\/\/ucm.one\/de\/produkt\/public-enemy\/\" class=\"alignnone layzr-bg\"><img decoding=\"async\" width=\"300\" height=\"429\" src=\"data:image\/svg+xml;charset=utf-8,%3Csvg xmlns%3D&#039;http%3A%2F%2Fwww.w3.org%2F2000%2Fsvg&#039; viewBox%3D&#039;0 0 300 429&#039;%2F%3E\" class=\"attachment-woocommerce_thumbnail size-woocommerce_thumbnail lazy-load preload-me\" alt=\"Public Enemy\" data-src=\"https:\/\/ucm.one\/wp-content\/uploads\/2026\/07\/ITN7609-2D_DVD_Frontansicht_Public-Enemy_alte-FSK-18-300x429.jpg\" data-srcset=\"https:\/\/ucm.one\/wp-content\/uploads\/2026\/07\/ITN7609-2D_DVD_Frontansicht_Public-Enemy_alte-FSK-18-300x429.jpg 300w, https:\/\/ucm.one\/wp-content\/uploads\/2026\/07\/ITN7609-2D_DVD_Frontansicht_Public-Enemy_alte-FSK-18-210x300.jpg 210w, https:\/\/ucm.one\/wp-content\/uploads\/2026\/07\/ITN7609-2D_DVD_Frontansicht_Public-Enemy_alte-FSK-18-600x858.jpg 600w, https:\/\/ucm.one\/wp-content\/uploads\/2026\/07\/ITN7609-2D_DVD_Frontansicht_Public-Enemy_alte-FSK-18.jpg 699w\" \/><\/a>\n\t<\/div>\n\t<figcaption class=\"woocom-list-content\">\n\n\t\t\n\n\n<div class=\"woocommerce-product-details__short-description\">\n\t<p>Regie: <a title=\"Brendan Petrizzo\" href=\"https:\/\/ucm.one\/de\/?s=%22Mark+L.+Lester%22&amp;post_type=product\"><strong>Mark L. Lester<\/strong><\/a><\/p>\n<p>Label: <a title=\"M-Square Pictures\" href=\"https:\/\/ucm.one\/de\/produkt-kategorie\/label-film-de\/itn-germany-de\/\"><strong>ITN Germany<\/strong><\/a><\/p>\n<p>Art: <strong><a href=\"https:\/\/ucm.one\/de\/produkt-kategorie\/art-de\/filme-de\/\">Film<\/a>\u00a0(Spielfilm)<\/strong><\/p>\n<p>Genre: <b><a href=\"https:\/\/ucm.one\/de\/produkt-kategorie\/genre-film-de\/thriller-de\/\">Thriller<\/a><\/b><\/p>\n<p>Jahr: <strong>2026<\/strong><\/p>\n<p>FSK: <strong>18<\/strong><\/p>\n<p>Formate: <strong>DVD<\/strong><\/p>\n<\/div>\n\n\t<p class=\"wc-gzd-additional-info wc-gzd-additional-info-loop tax-info\">inkl. MwSt.<\/p>\n\n\t<p class=\"wc-gzd-additional-info wc-gzd-additional-info-loop shipping-costs-info\">zzgl. <a href=\"https:\/\/ucm.one\/de\/versandarten\/\" target=\"_blank\">Versandkosten<\/a><\/p>\n\n\n\n\t<\/figcaption>\n<\/figure>\n\n<\/article>\n\n\n\n<article class=\"post visible description-off product type-product post-72152 status-publish instock product_cat-darling-berlin-de product_cat-klassiker-de product_cat-arthouse-de product_cat-filme-de product_cat-dvd-de product_cat-drama-de product_tag-wolfgang-neuss product_tag-harald-leipnitz product_tag-karin-huebner product_tag-louise-martini product_tag-berlin product_tag-bruce-low product_tag-alexandra-stewart product_tag-darling-berlin product_tag-paul-esser product_tag-wolfgang-spier product_tag-hannelore-elsner product_tag-oscar-sabo product_tag-die-endlose-nacht product_tag-hans-hardt product_tag-will-tremper product_tag-mario-adorf product_tag-tempelhof has-post-thumbnail taxable shipping-taxable purchasable product-type-variable has-default-attributes\">\n\n\t<figure class=\"woocom-project\">\n\t<div class=\"woo-buttons-on-img\">\n\n\t\t<a href=\"https:\/\/ucm.one\/de\/produkt\/die-endlose-nacht\/\" class=\"alignnone layzr-bg\"><img decoding=\"async\" width=\"300\" height=\"429\" src=\"data:image\/svg+xml;charset=utf-8,%3Csvg xmlns%3D&#039;http%3A%2F%2Fwww.w3.org%2F2000%2Fsvg&#039; viewBox%3D&#039;0 0 300 429&#039;%2F%3E\" class=\"attachment-woocommerce_thumbnail size-woocommerce_thumbnail lazy-load preload-me\" alt=\"Die endlose Nacht\" data-src=\"https:\/\/ucm.one\/wp-content\/uploads\/2019\/06\/C-Die-endlose-Nacht-DVD-2D-FSK16-300x429.jpg\" data-srcset=\"https:\/\/ucm.one\/wp-content\/uploads\/2019\/06\/C-Die-endlose-Nacht-DVD-2D-FSK16-300x429.jpg 300w, https:\/\/ucm.one\/wp-content\/uploads\/2019\/06\/C-Die-endlose-Nacht-DVD-2D-FSK16-210x300.jpg 210w, https:\/\/ucm.one\/wp-content\/uploads\/2019\/06\/C-Die-endlose-Nacht-DVD-2D-FSK16-600x858.jpg 600w, https:\/\/ucm.one\/wp-content\/uploads\/2019\/06\/C-Die-endlose-Nacht-DVD-2D-FSK16.jpg 699w\" \/><\/a>\n\t<\/div>\n\t<figcaption class=\"woocom-list-content\">\n\n\t\t\n\n\n<div class=\"woocommerce-product-details__short-description\">\n\t<p>Regie: <strong><a title=\"Will Tremper\" href=\"https:\/\/ucm.one\/de\/?s=%22Will+Tremper%22&amp;post_type=product\">Will Tremper<\/a><\/strong><\/p>\n<p>Label:\u00a0<a title=\"\" href=\"https:\/\/ucm.one\/de\/produkt-kategorie\/label-film-de\/darling-berlin-de\/\"><strong>Darling Berlin<\/strong><\/a><\/p>\n<p>Art:\u00a0<strong><a href=\"https:\/\/ucm.one\/de\/produkt-kategorie\/art-de\/filme-de\/\">Film<\/a> (Spielfilm)<\/strong><\/p>\n<p>Genres:\u00a0<b><a href=\"https:\/\/ucm.one\/de\/produkt-kategorie\/genre-film-de\/drama-de\/\">Drama<\/a>, <a title=\"Klassiker\" href=\"https:\/\/ucm.one\/de\/produkt-kategorie\/genre-film-de\/klassiker-de\/\">Klassiker<\/a><\/b><\/p>\n<p>Jahre: <strong>2019 &amp;<\/strong> <strong>2026<\/strong><\/p>\n<p>FSK: <strong>16<\/strong><\/p>\n<p>Format: <strong>DVD<\/strong><\/p>\n<\/div>\n\n\t<p class=\"wc-gzd-additional-info wc-gzd-additional-info-loop tax-info\">inkl. MwSt.<\/p>\n\n\t<p class=\"wc-gzd-additional-info wc-gzd-additional-info-loop shipping-costs-info\">zzgl. <a href=\"https:\/\/ucm.one\/de\/versandarten\/\" target=\"_blank\">Versandkosten<\/a><\/p>\n\n\n\n\t<\/figcaption>\n<\/figure>\n\n<\/article>\n\n\n\n<article class=\"post visible description-off product type-product post-416936 status-publish last instock product_cat-blu-ray-de product_cat-filme-de product_cat-itn-germany-de product_cat-genre-film-de product_cat-thriller-de product_cat-dvd-de product_tag-the-ex product_tag-action product_tag-itn product_tag-fluch product_tag-mark-l-lester product_tag-phantom-kommando product_tag-itn-germany product_tag-the-axe has-post-thumbnail taxable shipping-taxable purchasable product-type-variable\">\n\n\t<figure class=\"woocom-project\">\n\t<div class=\"woo-buttons-on-img\">\n\n\t\t<a href=\"https:\/\/ucm.one\/de\/produkt\/the-ex\/\" class=\"alignnone layzr-bg\"><img decoding=\"async\" width=\"300\" height=\"424\" src=\"data:image\/svg+xml;charset=utf-8,%3Csvg xmlns%3D&#039;http%3A%2F%2Fwww.w3.org%2F2000%2Fsvg&#039; viewBox%3D&#039;0 0 300 424&#039;%2F%3E\" class=\"attachment-woocommerce_thumbnail size-woocommerce_thumbnail lazy-load preload-me\" alt=\"The Ex\" data-src=\"https:\/\/ucm.one\/wp-content\/uploads\/2026\/05\/The-Ex-DVD-Front-300x424.jpg\" data-srcset=\"https:\/\/ucm.one\/wp-content\/uploads\/2026\/05\/The-Ex-DVD-Front-300x424.jpg 300w, https:\/\/ucm.one\/wp-content\/uploads\/2026\/05\/The-Ex-DVD-Front-212x300.jpg 212w, https:\/\/ucm.one\/wp-content\/uploads\/2026\/05\/The-Ex-DVD-Front-724x1024.jpg 724w, https:\/\/ucm.one\/wp-content\/uploads\/2026\/05\/The-Ex-DVD-Front-768x1086.jpg 768w, https:\/\/ucm.one\/wp-content\/uploads\/2026\/05\/The-Ex-DVD-Front-1086x1536.jpg 1086w, https:\/\/ucm.one\/wp-content\/uploads\/2026\/05\/The-Ex-DVD-Front-1448x2048.jpg 1448w, https:\/\/ucm.one\/wp-content\/uploads\/2026\/05\/The-Ex-DVD-Front-600x849.jpg 600w, https:\/\/ucm.one\/wp-content\/uploads\/2026\/05\/The-Ex-DVD-Front.jpg 1529w\" \/><\/a>\n\t<\/div>\n\t<figcaption class=\"woocom-list-content\">\n\n\t\t\n\n\n<div class=\"woocommerce-product-details__short-description\">\n\t<p>Regie: <a title=\"Brendan Petrizzo\" href=\"https:\/\/ucm.one\/de\/?s=%22Mark+L.+Lester%22&amp;post_type=product\"><strong>Mark L. Lester<\/strong><\/a><\/p>\n<p>Label: <a title=\"M-Square Pictures\" href=\"https:\/\/ucm.one\/de\/produkt-kategorie\/label-film-de\/itn-germany-de\/\"><strong>ITN Germany<\/strong><\/a><\/p>\n<p>Art: <strong><a href=\"https:\/\/ucm.one\/de\/produkt-kategorie\/art-de\/filme-de\/\">Film<\/a>\u00a0(Spielfilm)<\/strong><\/p>\n<p>Genre: <b><a href=\"https:\/\/ucm.one\/de\/produkt-kategorie\/genre-film-de\/thriller-de\/\">Thriller<\/a><\/b><\/p>\n<p>Jahr: <strong>2026<\/strong><\/p>\n<p>FSK: <strong>16<\/strong><\/p>\n<p>Formate: <strong>Diverse<\/strong><\/p>\n<\/div>\n\n\t<p class=\"wc-gzd-additional-info wc-gzd-additional-info-loop tax-info\">inkl. MwSt.<\/p>\n\n\t<p class=\"wc-gzd-additional-info wc-gzd-additional-info-loop shipping-costs-info\">zzgl. <a href=\"https:\/\/ucm.one\/de\/versandarten\/\" target=\"_blank\">Versandkosten<\/a><\/p>\n\n\n\n\t<\/figcaption>\n<\/figure>\n\n<\/article>\n\n<\/div><\/div>[vc_empty_space height=&#8220;10px&#8220;][vc_btn title=&#8220;Mehr Filme&#8220; style=&#8220;outline-custom&#8220; outline_custom_color=&#8220;#666666&#8243; outline_custom_hover_background=&#8220;#a0a0a0&#8243; outline_custom_hover_text=&#8220;#ffffff&#8220; size=&#8220;xs&#8220; align=&#8220;right&#8220; i_icon_fontawesome=&#8220;fas fa-angle-double-right&#8220; css=&#8220;.vc_custom_1678957582418{margin-top: -30px !important;}&#8220; add_icon=&#8220;true&#8220; link=&#8220;url:https%3A%2F%2Fucm.one%2Fde%2Fprodukt-kategorie%2Fart-de%2Ffilme-de%2F|title:Mehr%20Filme&#8220;][\/vc_column][\/vc_row][vc_row][vc_column][vc_empty_space height=&#8220;10px&#8220;][vc_separator][vc_empty_space height=&#8220;20px&#8220;][\/vc_column][\/vc_row][vc_row][vc_column][vc_column_text]<\/p>\n<h2>Neue CDs &amp; Vinyl-Ver\u00f6ffentlichungen<\/h2>\n<p>[\/vc_column_text]<div class=\"woocommerce columns-4 \"><div class=\"wf-container dt-products  woo-hover products loading-effect-fade-in description-on-hover cart-btn-on-img hide-description wc-grid\" data-padding=\"0px\" data-cur-page=\"1\" data-desktop-columns-num=\"4\" data-v-tablet-columns-num=\"2\" data-h-tablet-columns-num=\"3\" data-phone-columns-num=\"1\">\n\n<article class=\"post visible description-off product type-product post-417398 status-publish first instock product_cat-minimal-de product_cat-musik-de product_cat-sonderedition-de product_cat-vinyl-de product_cat-harthouse-de product_cat-techno-de product_cat-dance-de product_tag-schwarz product_tag-special-edition product_tag-boris-brejcha product_tag-harthouse product_tag-vinyl product_tag-feuerfalter has-post-thumbnail taxable shipping-taxable purchasable product-type-variable has-default-attributes\">\n\n\t<figure class=\"woocom-project\">\n\t<div class=\"woo-buttons-on-img\">\n\n\t\t<a href=\"https:\/\/ucm.one\/de\/produkt\/boris-brejcha-feuerfalter-special-edition\/\" class=\"alignnone layzr-bg\"><img decoding=\"async\" width=\"300\" height=\"300\" src=\"data:image\/svg+xml;charset=utf-8,%3Csvg xmlns%3D&#039;http%3A%2F%2Fwww.w3.org%2F2000%2Fsvg&#039; viewBox%3D&#039;0 0 300 300&#039;%2F%3E\" class=\"attachment-woocommerce_thumbnail size-woocommerce_thumbnail lazy-load preload-me\" alt=\"Boris Brejcha - Feuerfalter (Special Edition)\" data-src=\"https:\/\/ucm.one\/wp-content\/uploads\/2026\/06\/C-Boris-Brehcja-Feuerfalter-Special-Edition-300x300.jpg\" data-srcset=\"https:\/\/ucm.one\/wp-content\/uploads\/2026\/06\/C-Boris-Brehcja-Feuerfalter-Special-Edition-300x300.jpg 300w, https:\/\/ucm.one\/wp-content\/uploads\/2026\/06\/C-Boris-Brehcja-Feuerfalter-Special-Edition-150x150.jpg 150w, https:\/\/ucm.one\/wp-content\/uploads\/2026\/06\/C-Boris-Brehcja-Feuerfalter-Special-Edition-768x768.jpg 768w, https:\/\/ucm.one\/wp-content\/uploads\/2026\/06\/C-Boris-Brehcja-Feuerfalter-Special-Edition-600x600.jpg 600w, https:\/\/ucm.one\/wp-content\/uploads\/2026\/06\/C-Boris-Brehcja-Feuerfalter-Special-Edition-200x200.jpg 200w, https:\/\/ucm.one\/wp-content\/uploads\/2026\/06\/C-Boris-Brehcja-Feuerfalter-Special-Edition.jpg 1000w\" \/><\/a>\n\t<\/div>\n\t<figcaption class=\"woocom-list-content\">\n\n\t\t\n\n\n<div class=\"woocommerce-product-details__short-description\">\n\t<p>Artist:\u00a0<strong><a title=\"\" href=\"https:\/\/ucm.one\/de\/?s=Boris+Brejcha&amp;post_type=product\">Boris Brejcha<\/a><\/strong><\/p>\n<p>Label:\u00a0<a href=\"https:\/\/ucm.one\/de\/produkt-kategorie\/label-musik-de\/harthouse-de\"><b>Harthouse<\/b><\/a><\/p>\n<p>Art:\u00a0<strong><a href=\"https:\/\/ucm.one\/de\/produkt-kategorie\/art-de\/musik-de\/\">Musik<\/a> (Album)<\/strong><\/p>\n<p>Genre:\u00a0<b><a href=\"https:\/\/ucm.one\/de\/produkt-kategorie\/genre-musik-de\/dance-de\/techno-de\/\">Techno<\/a><\/b><\/p>\n<p>Jahr: <strong>2026<\/strong><\/p>\n<p>Format: <strong>4xLP<\/strong><\/p>\n<\/div>\n\n\t<p class=\"wc-gzd-additional-info wc-gzd-additional-info-loop tax-info\">inkl. MwSt.<\/p>\n\n\t<p class=\"wc-gzd-additional-info wc-gzd-additional-info-loop shipping-costs-info\">zzgl. <a href=\"https:\/\/ucm.one\/de\/versandarten\/\" target=\"_blank\">Versandkosten<\/a><\/p>\n\n\n\n\t<\/figcaption>\n<\/figure>\n\n<\/article>\n\n\n\n<article class=\"post visible description-off product type-product post-416256 status-publish instock product_cat-metal-de product_cat-symphonic-metal-de product_cat-noble-demon-de product_cat-cd-de product_cat-musik-de product_cat-doom-metal-de product_cat-vinyl-de product_cat-sonderedition-de product_tag-zornheym product_tag-noble-demon product_tag-zorn product_tag-heavy-metal product_tag-the-zornheim-sleep-experiment product_tag-dark-funeral product_tag-where-hatred-dwells-and-darkness-reigns product_tag-schweden product_tag-stockholm has-post-thumbnail taxable shipping-taxable purchasable product-type-variable\">\n\n\t<figure class=\"woocom-project\">\n\t<div class=\"woo-buttons-on-img\">\n\n\t\t<a href=\"https:\/\/ucm.one\/de\/produkt\/zornheym-descending-into-madness\/\" class=\"alignnone layzr-bg\"><img decoding=\"async\" width=\"300\" height=\"300\" src=\"data:image\/svg+xml;charset=utf-8,%3Csvg xmlns%3D&#039;http%3A%2F%2Fwww.w3.org%2F2000%2Fsvg&#039; viewBox%3D&#039;0 0 300 300&#039;%2F%3E\" class=\"attachment-woocommerce_thumbnail size-woocommerce_thumbnail lazy-load preload-me\" alt=\"Zornheym - Descending into Madness\" data-src=\"https:\/\/ucm.one\/wp-content\/uploads\/2026\/04\/C-Zornheym-Descending-Into-Madeness-300x300.jpg\" data-srcset=\"https:\/\/ucm.one\/wp-content\/uploads\/2026\/04\/C-Zornheym-Descending-Into-Madeness-300x300.jpg 300w, https:\/\/ucm.one\/wp-content\/uploads\/2026\/04\/C-Zornheym-Descending-Into-Madeness-150x150.jpg 150w, https:\/\/ucm.one\/wp-content\/uploads\/2026\/04\/C-Zornheym-Descending-Into-Madeness-768x768.jpg 768w, https:\/\/ucm.one\/wp-content\/uploads\/2026\/04\/C-Zornheym-Descending-Into-Madeness-600x600.jpg 600w, https:\/\/ucm.one\/wp-content\/uploads\/2026\/04\/C-Zornheym-Descending-Into-Madeness-200x200.jpg 200w, https:\/\/ucm.one\/wp-content\/uploads\/2026\/04\/C-Zornheym-Descending-Into-Madeness.jpg 1000w\" \/><\/a>\n\t<\/div>\n\t<figcaption class=\"woocom-list-content\">\n\n\t\t\n\n\n<div class=\"woocommerce-product-details__short-description\">\n\t<p>Band:\u00a0<a href=\"https:\/\/ucm.one\/de\/?s=zornheym&amp;post_type=product\"><strong>Zornheym<\/strong><\/a><\/p>\n<p>Label:\u00a0<a href=\"https:\/\/ucm.one\/de\/produkt-kategorie\/label-musik-de\/noble-demon-de\/\"><strong>Noble Demon<\/strong><\/a><\/p>\n<p>Art: <strong><a href=\"https:\/\/ucm.one\/de\/produkt-kategorie\/art-de\/musik-de\/\">Musik<\/a> (Album)<\/strong><\/p>\n<p>Genres: <strong><a href=\"https:\/\/ucm.one\/de\/produkt-kategorie\/genre-musik-de\/metal-de\/\">Metal<\/a>, <a href=\"https:\/\/ucm.one\/de\/produkt-kategorie\/genre-musik-de\/metal-de\/symphonic-metal-de\/\">Symphonic Metal<\/a><\/strong><\/p>\n<p>Jahr: <strong>2026<\/strong><\/p>\n<p>Formate: <strong>Diverse<\/strong><\/p>\n<\/div>\n\n\t<p class=\"wc-gzd-additional-info wc-gzd-additional-info-loop tax-info\">inkl. MwSt.<\/p>\n\n\t<p class=\"wc-gzd-additional-info wc-gzd-additional-info-loop shipping-costs-info\">zzgl. <a href=\"https:\/\/ucm.one\/de\/versandarten\/\" target=\"_blank\">Versandkosten<\/a><\/p>\n\n\n\n\t<\/figcaption>\n<\/figure>\n\n<\/article>\n\n\n\n<article class=\"post visible description-off product type-product post-414924 status-publish instock product_cat-doom-metal-de product_cat-death-metal-de product_cat-musik-de product_cat-black-metal-de product_cat-vinyl-de product_cat-cd-de product_cat-metal-de product_cat-noble-demon-de product_tag-cd product_tag-melodic-metal product_tag-noble-demon product_tag-metal product_tag-marbled-vinyl product_tag-melancholie product_tag-death-metal product_tag-behind-us-all product_tag-vinyl product_tag-grain-of-pain product_tag-doom-metal has-post-thumbnail taxable shipping-taxable purchasable product-type-variable\">\n\n\t<figure class=\"woocom-project\">\n\t<div class=\"woo-buttons-on-img\">\n\n\t\t<a href=\"https:\/\/ucm.one\/de\/produkt\/grain-of-pain-behind-us-all\/\" class=\"alignnone layzr-bg\"><img decoding=\"async\" width=\"300\" height=\"300\" src=\"data:image\/svg+xml;charset=utf-8,%3Csvg xmlns%3D&#039;http%3A%2F%2Fwww.w3.org%2F2000%2Fsvg&#039; viewBox%3D&#039;0 0 300 300&#039;%2F%3E\" class=\"attachment-woocommerce_thumbnail size-woocommerce_thumbnail lazy-load preload-me\" alt=\"Grain Of Pain - Behind Us All\" data-src=\"https:\/\/ucm.one\/wp-content\/uploads\/2026\/02\/C-Grain-Of-Pain-Behind-Us-All-Art-300x300.jpg\" data-srcset=\"https:\/\/ucm.one\/wp-content\/uploads\/2026\/02\/C-Grain-Of-Pain-Behind-Us-All-Art-300x300.jpg 300w, https:\/\/ucm.one\/wp-content\/uploads\/2026\/02\/C-Grain-Of-Pain-Behind-Us-All-Art-150x150.jpg 150w, https:\/\/ucm.one\/wp-content\/uploads\/2026\/02\/C-Grain-Of-Pain-Behind-Us-All-Art-768x768.jpg 768w, https:\/\/ucm.one\/wp-content\/uploads\/2026\/02\/C-Grain-Of-Pain-Behind-Us-All-Art-600x600.jpg 600w, https:\/\/ucm.one\/wp-content\/uploads\/2026\/02\/C-Grain-Of-Pain-Behind-Us-All-Art-200x200.jpg 200w, https:\/\/ucm.one\/wp-content\/uploads\/2026\/02\/C-Grain-Of-Pain-Behind-Us-All-Art.jpg 1000w\" \/><\/a>\n\t<\/div>\n\t<figcaption class=\"woocom-list-content\">\n\n\t\t\n\n\n<div class=\"woocommerce-product-details__short-description\">\n\t<p>Band: <a href=\"https:\/\/ucm.one\/de\/?s=%22Grain+of+Pain%22&amp;post_type=product\"><strong>Grain of Pain<\/strong><\/a><\/p>\n<p>Label: <a href=\"https:\/\/ucm.one\/de\/produkt-kategorie\/label-musik-de\/noble-demon-de\/\"><strong>Noble Demon<\/strong><\/a><\/p>\n<p>Art: <strong><a href=\"https:\/\/ucm.one\/de\/produkt-kategorie\/art-de\/musik-de\/\">Musik<\/a> (Album)<\/strong><\/p>\n<p>Genres: <strong><a title=\"\" href=\"https:\/\/ucm.one\/de\/produkt-kategorie\/genre-musik-de\/metal-de\/melodic-metal-de\/\">Melodic Metal<\/a><\/strong><strong>, <a title=\"\" href=\"https:\/\/ucm.one\/de\/produkt-kategorie\/genre-musik-de\/metal-de\/doom-metal-de\/\">Doom Metal<\/a><\/strong><\/p>\n<p>Jahr: <strong>2026<\/strong><\/p>\n<p>Formate: <strong>Diverse<\/strong><\/p>\n<\/div>\n\n\t<p class=\"wc-gzd-additional-info wc-gzd-additional-info-loop tax-info\">inkl. MwSt.<\/p>\n\n\t<p class=\"wc-gzd-additional-info wc-gzd-additional-info-loop shipping-costs-info\">zzgl. <a href=\"https:\/\/ucm.one\/de\/versandarten\/\" target=\"_blank\">Versandkosten<\/a><\/p>\n\n\n\n\t<\/figcaption>\n<\/figure>\n\n<\/article>\n\n\n\n<article class=\"post visible description-off product type-product post-411042 status-publish last instock product_cat-death-metal-de product_cat-musik-de product_cat-black-metal-de product_cat-vinyl-de product_cat-cd-de product_cat-metal-de product_cat-noble-demon-de product_cat-doom-metal-de product_tag-metal product_tag-marbled-vinyl product_tag-marianas-rest product_tag-death-metal product_tag-the-bereaved product_tag-melancholie product_tag-vinyl product_tag-doom-metal product_tag-cd product_tag-melodic-metal product_tag-noble-demon has-post-thumbnail taxable shipping-taxable purchasable product-type-variable\">\n\n\t<figure class=\"woocom-project\">\n\t<div class=\"woo-buttons-on-img\">\n\n\t\t<a href=\"https:\/\/ucm.one\/de\/produkt\/marianas-rest-the-bereaved\/\" class=\"alignnone layzr-bg\"><img decoding=\"async\" width=\"300\" height=\"300\" src=\"data:image\/svg+xml;charset=utf-8,%3Csvg xmlns%3D&#039;http%3A%2F%2Fwww.w3.org%2F2000%2Fsvg&#039; viewBox%3D&#039;0 0 300 300&#039;%2F%3E\" class=\"attachment-woocommerce_thumbnail size-woocommerce_thumbnail lazy-load preload-me\" alt=\"Marianas Rest - The Bereaved\" data-src=\"https:\/\/ucm.one\/wp-content\/uploads\/2025\/10\/C-Marianas-Rest-The-Bereaved-300x300.jpg\" data-srcset=\"https:\/\/ucm.one\/wp-content\/uploads\/2025\/10\/C-Marianas-Rest-The-Bereaved-300x300.jpg 300w, https:\/\/ucm.one\/wp-content\/uploads\/2025\/10\/C-Marianas-Rest-The-Bereaved-150x150.jpg 150w, https:\/\/ucm.one\/wp-content\/uploads\/2025\/10\/C-Marianas-Rest-The-Bereaved-768x768.jpg 768w, https:\/\/ucm.one\/wp-content\/uploads\/2025\/10\/C-Marianas-Rest-The-Bereaved-600x600.jpg 600w, https:\/\/ucm.one\/wp-content\/uploads\/2025\/10\/C-Marianas-Rest-The-Bereaved-200x200.jpg 200w, https:\/\/ucm.one\/wp-content\/uploads\/2025\/10\/C-Marianas-Rest-The-Bereaved.jpg 1000w\" \/><\/a>\n\t<\/div>\n\t<figcaption class=\"woocom-list-content\">\n\n\t\t\n\n\n<div class=\"woocommerce-product-details__short-description\">\n\t<p>Band: <a href=\"https:\/\/ucm.one\/de\/?s=%22Marianas+Rest%22&amp;post_type=product\"><strong>Marianas Rest<\/strong><\/a><\/p>\n<p>Label: <a href=\"https:\/\/ucm.one\/de\/produkt-kategorie\/label-musik-de\/noble-demon-de\/\"><strong>Noble Demon<\/strong><\/a><\/p>\n<p>Art: <strong><a href=\"https:\/\/ucm.one\/de\/produkt-kategorie\/art-de\/musik-de\/\">Musik<\/a> (Album)<\/strong><\/p>\n<p>Genres: <strong><a title=\"\" href=\"https:\/\/ucm.one\/de\/produkt-kategorie\/genre-musik-de\/metal-de\/melodic-metal-de\/\">Melodic Metal<\/a><\/strong><strong>, <a title=\"\" href=\"https:\/\/ucm.one\/de\/produkt-kategorie\/genre-musik-de\/metal-de\/doom-metal-de\/\">Doom Metal<\/a><\/strong><\/p>\n<p>Jahr: <strong>2025<\/strong><\/p>\n<p>Formate: <strong>Diverse<\/strong><\/p>\n<\/div>\n\n\t<p class=\"wc-gzd-additional-info wc-gzd-additional-info-loop tax-info\">inkl. MwSt.<\/p>\n\n\t<p class=\"wc-gzd-additional-info wc-gzd-additional-info-loop shipping-costs-info\">zzgl. <a href=\"https:\/\/ucm.one\/de\/versandarten\/\" target=\"_blank\">Versandkosten<\/a><\/p>\n\n\n\n\t<\/figcaption>\n<\/figure>\n\n<\/article>\n\n<\/div><\/div>[vc_empty_space height=&#8220;10px&#8220;][vc_btn title=&#8220;Mehr Musik&#8220; style=&#8220;outline-custom&#8220; outline_custom_color=&#8220;#666666&#8243; outline_custom_hover_background=&#8220;#a0a0a0&#8243; outline_custom_hover_text=&#8220;#ffffff&#8220; size=&#8220;xs&#8220; align=&#8220;right&#8220; i_icon_fontawesome=&#8220;fas fa-angle-double-right&#8220; css=&#8220;.vc_custom_1678957566486{margin-top: -30px !important;}&#8220; add_icon=&#8220;true&#8220; link=&#8220;url:https%3A%2F%2Fucm.one%2Fde%2Fprodukt-kategorie%2Fart-de%2Fmusik-de%2F|title:Mehr%20Musik&#8220;][\/vc_column][\/vc_row][\/vc_section][vc_row css=&#8220;.vc_custom_1645032604067{margin-top: 10px !important;}&#8220;][vc_column][vc_separator color=&#8220;custom&#8220; accent_color=&#8220;#003399&#8243;][\/vc_column][\/vc_row][vc_row css=&#8220;.vc_custom_1518169240037{margin-top: 50px !important;}&#8220;][vc_column][vc_column_text]<\/p>\n<h2><span style=\"color: #333333;\"><span style=\"font-family: 'arial black', sans-serif;\"><strong>UCM.ONE<\/strong><\/span> &#8211; Filme und Musik \u00fcberall und zu jeder Zeit &#8230;<\/span><\/h2>\n<p>[\/vc_column_text][vc_column_text]<span style=\"font-family: 'arial black', sans-serif;\"><strong>UCM.ONE<\/strong><\/span> (<span style=\"font-family: 'arial black', sans-serif;\"><strong>U<\/strong><\/span>nited <strong><span style=\"font-family: 'arial black', sans-serif;\">C<\/span><\/strong>ontent <strong><span style=\"font-family: 'arial black', sans-serif;\">M<\/span><\/strong>anagement<span style=\"font-family: 'arial black', sans-serif;\"><strong>.ONE<\/strong><\/span>) steht f\u00fcr die erfolgreiche Kombination physischer und digitaler Vermarktung von Medieninhalten und arbeitet als globale Entertainment Firma im Vertriebs-, Lizenz- und Verleihgesch\u00e4ft, sowie als Produktions- und Kreativfirma f\u00fcr alle Spielarten der Medien von Film, Musik und Bild.<\/p>\n<p><span style=\"font-family: 'arial black', sans-serif;\"><strong>UCM.ONE<\/strong><\/span> betreibt diverse etablierte Musiklabels wie Harthouse, Plastic City, Mole Listening Pearls, Noble Demon, Noom Records und hat u.a. Titel von K\u00fcnstlern wie Terry Lee Brown Junior, Der Dritte Raum, The Timewriter, Dawn of Solace, Kool &amp; the Gang, Alphawezen, Zornheym, Hardfloor, Liquid Child, AWEX, Commander Tom oder Naomi im Katalog. Zudem betreibt <span style=\"font-family: 'arial black', sans-serif;\"><strong>UCM.ONE<\/strong><\/span> eigene Filmlabels wie Darling Berlin, Artkeim\u00b2, B-Spree Pictures, M-Square Pictures, U1 Films Berlin, Zeitlose Filmkunst und NONFY Documentaries.<\/p>\n<p>Das Ziel von <span style=\"font-family: 'arial black', sans-serif;\"><strong>UCM.ONE<\/strong><\/span> ist es, die Konsumenten auf allen m\u00f6glichen und zur Verf\u00fcgung stehenden Kan\u00e4len zu erreichen. Wir wollen Konsumenten nicht bedr\u00e4ngen, ihr Konsumentenverhalten wegen unseren Inhalten \u00e4ndern zu m\u00fcssen, sondern die Filme und Musiktitel sollen dort angeboten werden und zur Verf\u00fcgung stehen, wo der Konsument gerne seine Medieninhalte antreffen m\u00f6chte: Filme im Kino, auf Blu-Ray oder DVD, im Fernsehen\u00a0oder bei Download- sowie Streaming-Portalen; Musiktitel auf CD, Vinyl, im Radio, als Download oder\u00a0bei Streaming-Anbietern.[\/vc_column_text][vc_separator color=&#8220;blue&#8220;][\/vc_column][\/vc_row][vc_row content_placement=&#8220;middle&#8220; css=&#8220;.vc_custom_1518423881282{margin-top: 30px !important;padding-top: -50px !important;}&#8220;][vc_column width=&#8220;1\/4&#8243;][vc_btn title=&#8220;Filme&#8220; style=&#8220;flat&#8220; size=&#8220;lg&#8220; align=&#8220;center&#8220; i_icon_fontawesome=&#8220;fas fa-film&#8220; button_block=&#8220;true&#8220; add_icon=&#8220;true&#8220; link=&#8220;url:https%3A%2F%2Fucm.one%2Fde%2Ffilm-labels%2F|title:Filme&#8220;][\/vc_column][vc_column width=&#8220;1\/4&#8243;][vc_btn title=&#8220;Kino&#8220; style=&#8220;flat&#8220; size=&#8220;lg&#8220; align=&#8220;center&#8220; i_icon_fontawesome=&#8220;fas fa-university&#8220; button_block=&#8220;true&#8220; add_icon=&#8220;true&#8220; link=&#8220;url:https%3A%2F%2Fucm.one%2Fde%2Fkinoverleih%2Fkinostarts%2F|title:Kino&#8220;][\/vc_column][vc_column width=&#8220;1\/4&#8243;][vc_btn title=&#8220;Musik&#8220; style=&#8220;flat&#8220; size=&#8220;lg&#8220; align=&#8220;center&#8220; i_icon_fontawesome=&#8220;fas fa-music&#8220; button_block=&#8220;true&#8220; add_icon=&#8220;true&#8220; link=&#8220;url:https%3A%2F%2Fucm.one%2Fde%2Fmusik-labels%2F|title:Musik&#8220;][\/vc_column][vc_column width=&#8220;1\/4&#8243;][vc_btn title=&#8220;Vertrieb&#8220; style=&#8220;flat&#8220; size=&#8220;lg&#8220; align=&#8220;center&#8220; i_icon_fontawesome=&#8220;fas fa-globe&#8220; css=&#8220;&#8220; button_block=&#8220;true&#8220; add_icon=&#8220;true&#8220; link=&#8220;url:https%3A%2F%2Fucm.one%2Fde%2Fvertrieb%2F|title:Vertrieb&#8220;][\/vc_column][\/vc_row][vc_row content_placement=&#8220;middle&#8220; bg_type=&#8220;grad&#8220; ult_hide_row=&#8220;ult_hide_row_value&#8220; ult_hide_row_large_screen=&#8220;large_screen&#8220; ult_hide_row_desktop=&#8220;desktop&#8220; css=&#8220;.vc_custom_1518701755537{margin-top: 0px !important;padding-top: -50px !important;}&#8220; bg_grad=&#8220;background: -webkit-gradient(linear, left top, left bottom, color-stop(0%, #E3E3E3), color-stop(0%, #FFFFFF), color-stop(6%, #FFFFFF), color-stop(7%, #FFFFFF), color-stop(50%, #FFFFFF));background: -moz-linear-gradient(top,#E3E3E3 0%,#FFFFFF 0%,#FFFFFF 6%,#FFFFFF 7%,#FFFFFF 50%);background: -webkit-linear-gradient(top,#E3E3E3 0%,#FFFFFF 0%,#FFFFFF 6%,#FFFFFF 7%,#FFFFFF 50%);background: -o-linear-gradient(top,#E3E3E3 0%,#FFFFFF 0%,#FFFFFF 6%,#FFFFFF 7%,#FFFFFF 50%);background: -ms-linear-gradient(top,#E3E3E3 0%,#FFFFFF 0%,#FFFFFF 6%,#FFFFFF 7%,#FFFFFF 50%);background: linear-gradient(top,#E3E3E3 0%,#FFFFFF 0%,#FFFFFF 6%,#FFFFFF 7%,#FFFFFF 50%);&#8220;][vc_column][vc_btn title=&#8220;Kontakt&#8220; style=&#8220;flat&#8220; color=&#8220;juicy-pink&#8220; size=&#8220;lg&#8220; align=&#8220;center&#8220; i_icon_fontawesome=&#8220;far fa-envelope&#8220; button_block=&#8220;true&#8220; add_icon=&#8220;true&#8220; link=&#8220;url:https%3A%2F%2Fucm.one%2Fde%2Ffirma%2Fkontakt%2F|title:Kontakt&#8220;][\/vc_column][\/vc_row]<\/p>\n<\/div>","protected":false},"excerpt":{"rendered":"<p>[vc_row content_placement=&#8220;middle&#8220; css=&#8220;.vc_custom_1518424122748{margin-top: 0px !important;padding-top: -50px !important;}&#8220;][vc_column width=&#8220;1\/4&#8243;][vc_btn title=&#8220;Filme&#8220; style=&#8220;flat&#8220; color=&#8220;inverse&#8220; size=&#8220;lg&#8220; align=&#8220;center&#8220; i_icon_fontawesome=&#8220;fas fa-film&#8220; button_block=&#8220;true&#8220; add_icon=&#8220;true&#8220; link=&#8220;url:https%3A%2F%2Fucm.one%2Fde%2Ffilm-labels%2F|title:Filme&#8220;][\/vc_column][vc_column width=&#8220;1\/4&#8243;][vc_btn title=&#8220;Kino&#8220; style=&#8220;flat&#8220; color=&#8220;inverse&#8220; size=&#8220;lg&#8220; align=&#8220;center&#8220; i_icon_fontawesome=&#8220;fas fa-university&#8220; button_block=&#8220;true&#8220; add_icon=&#8220;true&#8220; link=&#8220;url:https%3A%2F%2Fucm.one%2Fde%2Fkinoverleih%2Fkinostarts%2F|title:Kino&#8220;][\/vc_column][vc_column width=&#8220;1\/4&#8243;][vc_btn title=&#8220;Musik&#8220; style=&#8220;flat&#8220; color=&#8220;inverse&#8220; size=&#8220;lg&#8220; align=&#8220;center&#8220; i_icon_fontawesome=&#8220;fas fa-music&#8220; button_block=&#8220;true&#8220; add_icon=&#8220;true&#8220; link=&#8220;url:https%3A%2F%2Fucm.one%2Fde%2Fmusik-labels%2F|title:Musik&#8220;][\/vc_column][vc_column width=&#8220;1\/4&#8243; offset=&#8220;vc_hidden-xs&#8220;][vc_btn title=&#8220;Vertrieb&#8220; style=&#8220;flat&#8220; color=&#8220;inverse&#8220; size=&#8220;lg&#8220; align=&#8220;center&#8220; i_icon_fontawesome=&#8220;fas fa-globe&#8220; css=&#8220;&#8220; button_block=&#8220;true&#8220; add_icon=&#8220;true&#8220; link=&#8220;url:https%3A%2F%2Fucm.one%2Fde%2Fvertrieb%2F|title:Vertrieb&#8220;][\/vc_column][\/vc_row][vc_row content_placement=&#8220;middle&#8220; ult_hide_row=&#8220;ult_hide_row_value&#8220;&hellip;<\/p>\n","protected":false},"author":1,"featured_media":14078,"parent":0,"menu_order":0,"comment_status":"closed","ping_status":"closed","template":"","meta":{"_acf_changed":false,"footnotes":""},"class_list":["post-80","page","type-page","status-publish","has-post-thumbnail","hentry","description-off"],"acf":[],"yoast_head":"<!-- This site is optimized with the Yoast SEO plugin v28.3 - https:\/\/yoast.com\/product\/yoast-seo-wordpress\/ -->\n<title>UCM.ONE - Filme und Musik \u00fcberall und zu jeder Zeit ...<\/title>\n<meta name=\"description\" content=\"UCM.ONE steht f\u00fcr die erfolgreiche Kombination physischer und digitaler Vermarktung von Medieninhalten und agiert global.\" \/>\n<meta name=\"robots\" content=\"index, follow, max-snippet:-1, max-image-preview:large, max-video-preview:-1\" \/>\n<link rel=\"canonical\" href=\"https:\/\/ucm.one\/de\/\" \/>\n<meta property=\"og:locale\" content=\"de_DE\" \/>\n<meta property=\"og:type\" content=\"article\" \/>\n<meta property=\"og:title\" content=\"UCM.ONE - Filme und Musik \u00fcberall und zu jeder Zeit ...\" \/>\n<meta property=\"og:description\" content=\"UCM.ONE steht f\u00fcr die erfolgreiche Kombination physischer und digitaler Vermarktung von Medieninhalten und agiert global.\" \/>\n<meta property=\"og:url\" content=\"https:\/\/ucm.one\/de\/\" \/>\n<meta property=\"og:site_name\" content=\"UCM.ONE\" \/>\n<meta property=\"article:modified_time\" content=\"2026-08-29T19:29:26+00:00\" \/>\n<meta property=\"og:image\" content=\"https:\/\/ucm.one\/wp-content\/uploads\/2018\/05\/B-\u00dcber-uns.jpg\" \/>\n\t<meta property=\"og:image:width\" content=\"1920\" \/>\n\t<meta property=\"og:image:height\" content=\"600\" \/>\n\t<meta property=\"og:image:type\" content=\"image\/jpeg\" \/>\n<meta name=\"twitter:card\" content=\"summary_large_image\" \/>\n<meta name=\"twitter:label1\" content=\"Gesch\u00e4tzte Lesezeit\" \/>\n\t<meta name=\"twitter:data1\" content=\"3\u00a0Minuten\" \/>\n<!-- \/ Yoast SEO plugin. -->","yoast_head_json":{"title":"UCM.ONE - Filme und Musik \u00fcberall und zu jeder Zeit ...","description":"UCM.ONE steht f\u00fcr die erfolgreiche Kombination physischer und digitaler Vermarktung von Medieninhalten und agiert global.","robots":{"index":"index","follow":"follow","max-snippet":"max-snippet:-1","max-image-preview":"max-image-preview:large","max-video-preview":"max-video-preview:-1"},"canonical":"https:\/\/ucm.one\/de\/","og_locale":"de_DE","og_type":"article","og_title":"UCM.ONE - Filme und Musik \u00fcberall und zu jeder Zeit ...","og_description":"UCM.ONE steht f\u00fcr die erfolgreiche Kombination physischer und digitaler Vermarktung von Medieninhalten und agiert global.","og_url":"https:\/\/ucm.one\/de\/","og_site_name":"UCM.ONE","article_modified_time":"2026-08-29T19:29:26+00:00","og_image":[{"width":1920,"height":600,"url":"https:\/\/ucm.one\/wp-content\/uploads\/2018\/05\/B-\u00dcber-uns.jpg","type":"image\/jpeg"}],"twitter_card":"summary_large_image","twitter_misc":{"Gesch\u00e4tzte Lesezeit":"3\u00a0Minuten"},"schema":{"@context":"https:\/\/schema.org","@graph":[{"@type":"WebPage","@id":"https:\/\/ucm.one\/de\/","url":"https:\/\/ucm.one\/de\/","name":"UCM.ONE - Filme und Musik \u00fcberall und zu jeder Zeit ...","isPartOf":{"@id":"https:\/\/ucm.one\/de\/#website"},"primaryImageOfPage":{"@id":"https:\/\/ucm.one\/de\/#primaryimage"},"image":{"@id":"https:\/\/ucm.one\/de\/#primaryimage"},"thumbnailUrl":"https:\/\/ucm.one\/wp-content\/uploads\/2018\/05\/B-\u00dcber-uns.jpg","datePublished":"2018-02-06T23:51:54+00:00","dateModified":"2026-08-29T19:29:26+00:00","description":"UCM.ONE steht f\u00fcr die erfolgreiche Kombination physischer und digitaler Vermarktung von Medieninhalten und agiert global.","breadcrumb":{"@id":"https:\/\/ucm.one\/de\/#breadcrumb"},"inLanguage":"de","potentialAction":[{"@type":"ReadAction","target":["https:\/\/ucm.one\/de\/"]}]},{"@type":"ImageObject","inLanguage":"de","@id":"https:\/\/ucm.one\/de\/#primaryimage","url":"https:\/\/ucm.one\/wp-content\/uploads\/2018\/05\/B-\u00dcber-uns.jpg","contentUrl":"https:\/\/ucm.one\/wp-content\/uploads\/2018\/05\/B-\u00dcber-uns.jpg","width":1920,"height":600},{"@type":"BreadcrumbList","@id":"https:\/\/ucm.one\/de\/#breadcrumb","itemListElement":[{"@type":"ListItem","position":1,"name":"Home","item":"https:\/\/ucm.one\/de\/"},{"@type":"ListItem","position":2,"name":"Start"}]},{"@type":"WebSite","@id":"https:\/\/ucm.one\/de\/#website","url":"https:\/\/ucm.one\/de\/","name":"UCM.ONE","description":"","publisher":{"@id":"https:\/\/ucm.one\/de\/#organization"},"potentialAction":[{"@type":"SearchAction","target":{"@type":"EntryPoint","urlTemplate":"https:\/\/ucm.one\/de\/?s={search_term_string}"},"query-input":{"@type":"PropertyValueSpecification","valueRequired":true,"valueName":"search_term_string"}}],"inLanguage":"de"},{"@type":"Organization","@id":"https:\/\/ucm.one\/de\/#organization","name":"UCM.ONE","url":"https:\/\/ucm.one\/de\/","logo":{"@type":"ImageObject","inLanguage":"de","@id":"https:\/\/ucm.one\/de\/#\/schema\/logo\/image\/","url":"https:\/\/ucm.one\/wp-content\/uploads\/2019\/10\/UCM.ONE-Logo-RGB.svg","contentUrl":"https:\/\/ucm.one\/wp-content\/uploads\/2019\/10\/UCM.ONE-Logo-RGB.svg","width":1,"height":1,"caption":"UCM.ONE"},"image":{"@id":"https:\/\/ucm.one\/de\/#\/schema\/logo\/image\/"}}]}},"_links":{"self":[{"href":"https:\/\/ucm.one\/de\/wp-json\/wp\/v2\/pages\/80","targetHints":{"allow":["GET"]}}],"collection":[{"href":"https:\/\/ucm.one\/de\/wp-json\/wp\/v2\/pages"}],"about":[{"href":"https:\/\/ucm.one\/de\/wp-json\/wp\/v2\/types\/page"}],"author":[{"embeddable":true,"href":"https:\/\/ucm.one\/de\/wp-json\/wp\/v2\/users\/1"}],"replies":[{"embeddable":true,"href":"https:\/\/ucm.one\/de\/wp-json\/wp\/v2\/comments?post=80"}],"version-history":[{"count":29,"href":"https:\/\/ucm.one\/de\/wp-json\/wp\/v2\/pages\/80\/revisions"}],"predecessor-version":[{"id":418650,"href":"https:\/\/ucm.one\/de\/wp-json\/wp\/v2\/pages\/80\/revisions\/418650"}],"wp:featuredmedia":[{"embeddable":true,"href":"https:\/\/ucm.one\/de\/wp-json\/wp\/v2\/media\/14078"}],"wp:attachment":[{"href":"https:\/\/ucm.one\/de\/wp-json\/wp\/v2\/media?parent=80"}],"curies":[{"name":"wp","href":"https:\/\/api.w.org\/{rel}","templated":true}]}}