{"id":78189,"date":"2022-10-20T10:50:25","date_gmt":"2022-10-20T10:50:25","guid":{"rendered":"https:\/\/ucm.one\/?page_id=78189"},"modified":"2023-04-01T15:52:17","modified_gmt":"2023-04-01T15:52:17","slug":"phantom","status":"publish","type":"page","link":"https:\/\/ucm.one\/de\/phantom\/","title":{"rendered":"Phantom (1922) von Friedrich Wilhelm Murnau | B-Spree Classics"},"content":{"rendered":"<div class=\"wpb-content-wrapper\"><p>[vc_row css=&#8220;.vc_custom_1561374765584{margin-top: 20px !important;}&#8220;][vc_column width=&#8220;3\/4&#8243; css=&#8220;.vc_custom_1561378576831{padding-right: 30px !important;}&#8220;][vc_column_text]<\/p>\n<h1>Phantom<span style=\"color: #ffffff;\">:<\/span><\/h1>\n<p>[\/vc_column_text][vc_column_text]<\/p>\n<p style=\"font-weight: 400;\"><strong>&#8222;Phantom&#8220;\u00a0<\/strong>ist ein expressionistischer Stummfilm von <strong>Friedrich Wilhelm Murnau<\/strong>. &#8222;<strong>Phantom<\/strong>&#8220; zeigt eindrucksvoll und in murnauscher \u00c4sthetik die Geschichte des Stadtschreibers Lorenz Lubota \u00fcber seine Suche nach Erl\u00f6sung und der Verschwendung seines Potentials. Kein Fantasy-Horror wie<strong> &#8222;Nosferatu&#8220;<\/strong>, doch ein tief greifendes Drama \u00fcber unerf\u00fcllte Tr\u00e4umen und falsche Entscheidungen.<\/p>\n<p>[\/vc_column_text][vc_column_text]<span style=\"font-size: 18pt;\">Inhalt des Films<\/span><\/p>\n<div>\n<p class=\"Default\"><span style=\"font-weight: 400;\">Lorenz Lubota ist angestellter Stadtschreiber. Privat schreibt er Gedichte und schreibt Erlebnisse aus seinem Leben auf. Eines Tages wird er auf dem Weg zur Arbeit von einer Pferdekutsche angefahren. Er wird nur unerheblich verletzt, ist aber fasziniert von der Dame die diese Kutsche steuerte. Er kann sie nicht vergessen und sucht nach ihr wie nach einem Phantom. Kutscherin Veronica ist die sch\u00f6ne Tochter des reichen Eisenwarenh\u00e4ndlers Harlan. Lubota verf\u00e4llt ihr total und spricht sogar bei den Eltern vor, macht einen Heiratsantrag. Er wird verjagt und schwer gedem\u00fctigt. Er verf\u00e4llt total in seine Traumwelt und vernachl\u00e4ssigt sein Leben und seine Arbeit. Dabei merkt er nicht, das er von einem h\u00fcbschen, stillen M\u00e4dchen, Marie, heimlich verehrt wird. Die Folge seines unsteten Lebenswandels ist, er wird entlassen. Da lernt er ein M\u00e4dchen kennen, das seinem Schwarm Veronica zum verwechseln \u00e4hnlich sieht. Ihr Name ist Melitta. Er tr\u00f6stet sich mit ihr, aber Melitta ist anspruchsvoll und kostet Lubota eine Menge Geld. Als seine Ersparnisse aufgebraucht sind und Melitta nach immer mehr Geld fragt, leiht er sich welches unter einem Vorwand bei seine Tante, einer Pfandleiherin.\u00a0<\/span><\/p>\n<\/div>\n<p>[\/vc_column_text][vc_single_image image=&#8220;78704&#8243; img_size=&#8220;full&#8220; onclick=&#8220;link_image&#8220;][vc_column_text]<span style=\"font-weight: 400;\">Als Lubota das Geld nicht p\u00fcnktlich zur\u00fcckzahlt droht im die Pfandleiherin Schwabe zur Polizei zu gehen. Gemeinsam mit seinem zwielichtigen Kumpel Wigottschinski bricht er bei der Pfandleiherin ein. Beide werden von ihr \u00fcberrascht und die Pfandleiherin wird von Wigottschinski get\u00f6tet. Lubota wird als Mitt\u00e4ter verurteilt und kommt ins Gef\u00e4ngnis. Er hat Gl\u00fcck, das Gericht war gn\u00e4dig mit ihm. Er kommt bald wieder frei. Bei seiner Entlassung wartet Marie auf ihn und nimmt sich seiner an. Beide werden ein Paar und heiraten.<\/span>[\/vc_column_text][vc_row_inner][vc_column_inner width=&#8220;1\/2&#8243;][vc_single_image image=&#8220;78432&#8243; img_size=&#8220;full&#8220; onclick=&#8220;link_image&#8220;][\/vc_column_inner][vc_column_inner width=&#8220;1\/2&#8243;][vc_single_image image=&#8220;78438&#8243; img_size=&#8220;full&#8220; onclick=&#8220;link_image&#8220;][\/vc_column_inner][\/vc_row_inner][vc_column_text]<span style=\"font-size: 18pt;\">Produktionsgeschichte<\/span><\/p>\n<p style=\"font-weight: 400;\"><span style=\"font-weight: 400;\">Gedreht wurde im <strong>Studio Babelsberg<\/strong> in Potsdam. Der Autor der Romanvorlage, <strong>Gerhart Hauptmann<\/strong>, tritt im Film am Anfang selber auf. Die zeitgen\u00f6ssischen Kritiken sind durchweg positiv. Es wird auf die Zeit nach dem ersten Weltkrieg hingewiesen und die Orientierungslosigkeit der Menschen, auf ein gest\u00f6rtes Realit\u00e4tsverh\u00e4ltnis und auf gro\u00dfe Ratlosigkeit am Beispiel von <strong>Lorenz Lubotas<\/strong>. Der expressionistische Filmstil sorgt f\u00fcr Spannung und eine unbestimmte Mystik.<\/span><\/p>\n<p>[\/vc_column_text][vc_row_inner][vc_column_inner][\/vc_column_inner][\/vc_row_inner][vc_row_inner][vc_column_inner width=&#8220;1\/2&#8243;][vc_single_image image=&#8220;78444&#8243; img_size=&#8220;full&#8220; onclick=&#8220;link_image&#8220;][\/vc_column_inner][vc_column_inner width=&#8220;1\/2&#8243;][vc_single_image image=&#8220;78441&#8243; img_size=&#8220;full&#8220; onclick=&#8220;link_image&#8220;][\/vc_column_inner][\/vc_row_inner][\/vc_column][vc_column width=&#8220;1\/4&#8243; css=&#8220;.vc_custom_1561379511981{margin-top: 10px !important;margin-bottom: 30px !important;background-color: #efefef !important;}&#8220;][vc_single_image image=&#8220;79898&#8243; img_size=&#8220;full&#8220; onclick=&#8220;link_image&#8220; css=&#8220;.vc_custom_1667824452950{padding-top: 15px !important;}&#8220;][vc_column_text css=&#8220;.vc_custom_1665667838466{margin-top: -10px !important;}&#8220;]<strong>Titel:\u00a0<\/strong><span lang=\"ES\">Phantom<\/span><\/p>\n<p><strong>Regie: <\/strong>Friedrich Wilhelm Murnau<\/p>\n<p><strong>Drehbuch: <span style=\"font-weight: 400;\">Thea von Harbou<\/span><\/strong><\/p>\n<p><span style=\"font-weight: 400;\"><strong>Romanvorlage<\/strong>: Gerhart Hauptmann<\/span><\/p>\n<p><strong>Schauspieler*innen:<\/strong> \u00a0Alfred Abel, Frida Richard, Aud Egede-Nissen, Lil Dagover, Karl Etlinger, Hans Heinrich von Twardowski, Adolf Klein, Olga Engl, Lya de Putti, Ilka Gr\u00fcning<\/p>\n<p><strong>Produzent: <\/strong>Erich Pommer<\/p>\n<p><strong>Kamera: <\/strong><span style=\"font-weight: 400;\">Axel Graatkjaer,<\/span><span style=\"font-weight: 400;\">\u00a0Theophan Ouchakoff<\/span><\/p>\n<p><span style=\"font-weight: 400;\"><strong>Bauten<\/strong>: Erich Czerwonski,<\/span><span style=\"font-weight: 400;\">\u00a0Hermann Warm<\/span><\/p>\n<p style=\"font-weight: 400;\"><strong>Schnitt: <\/strong>Friedrich Wilhelm Murnau<\/p>\n<p><strong>Musik: <span style=\"font-weight: 400;\">\u00a0Leo Spies<\/span><\/strong><\/p>\n<p>&nbsp;<\/p>\n<p><strong>Produktionsfirma:<\/strong> Uco-Film GmbH<\/p>\n<p><strong>Produktionsjahr:\u00a0<\/strong>1922<\/p>\n<p><strong>Genres: <\/strong>Drama, Stummfilm<\/p>\n<p><strong>Land:<\/strong>\u00a0Deutschland<\/p>\n<p><strong>Sprache<\/strong>: Stummfilm<\/p>\n<p><strong>Drehort: <\/strong>Bioscop-Atelier, Neubabelsberg, Potsdam, Brandenburg<\/p>\n<p><strong>L\u00e4nge: <\/strong>116 Min<\/p>\n<p><strong>FSK:<\/strong> 12<\/p>\n<p><strong>Seitenverh\u00e4ltnis: <\/strong><span class=\"a-text-bold\">\u00a0<\/span>4:3 \u2013 1.33:1<\/p>\n<p><strong>Sound<\/strong>: Mono[\/vc_column_text][vc_separator color=&#8220;custom&#8220; accent_color=&#8220;#a0a0a0&#8243;][vc_column_text]<em>Weitere Titel:<\/em><\/p>\n<p><strong>Englisch (US): <\/strong>The Phantom<\/p>\n<p><strong>Franz\u00f6sisch:<\/strong> Le fant\u00f4me<\/p>\n<p><strong>Italienisch:\u00a0<\/strong>Fantasma<\/p>\n<p><b>Spanisch: <\/b>El beso de la fama[\/vc_column_text][vc_separator color=&#8220;custom&#8220; accent_color=&#8220;#a0a0a0&#8243;][vc_column_text]<strong>Filmlabel: <\/strong>B-Spree Classics<\/p>\n<p>&nbsp;<\/p>\n<p><strong>Urauff\u00fchrung<\/strong>\u00a0am 13. November 1922, Ufa-Palast am Zoo, Berlin anl\u00e4sslich des 60. Geburtstages von Gerhart Hauptmann.<\/p>\n<p><strong>Mediabook (Blu-Ray+DVD): <\/strong>11. November 2022[\/vc_column_text][\/vc_column][\/vc_row][vc_row][vc_column][vc_column_text]<span style=\"font-size: 18pt;\">\u00dcber Friedrich Wilhelm Murnau<\/span><\/p>\n<p style=\"font-weight: 400;\"><span style=\"font-weight: 400;\"><strong>Friedrich Wilhelm Plumpe<\/strong>, so sein b\u00fcrgerlicher Name, wurde am 28. Dezember 1888 in Bielefeld geboren. Er besuchte die <strong>Schauspielschule <\/strong>bei<strong> Max Reinhard<\/strong><strong>t,<\/strong> der sofort sein gro\u00dfes Talent erkannte und ihn zu seinem Regieassistenten am <strong>Hebbel-Theater<\/strong> machte. 1910 nahm er den K\u00fcnstlernamen <strong>\u201eMurnau\u201c<\/strong> an. Zun\u00e4chst aus k\u00fcnstlerischen Aspekten vor allem aber auch als Zeichen des Bruchs mit seinen Eltern, die seine k\u00fcnstlerischen T\u00e4tigkeiten ebenso wenig akzeptierten wie seine Homosexualit\u00e4t. <strong>Murnau<\/strong> gilt bis heute als einer der bedeutendsten Regisseure der Stummfilmzeit weltweit und als einer der bedeutendsten deutschen Filmregisseure \u00fcberhaupt. Drei seiner Filme (\u201e<strong>Nosferatu, eine Symphonie des Grauens<\/strong>\u201c \u201e<strong>Der letzte Mann<\/strong>\u201c, \u201e<strong>Faust<\/strong>\u201c), stehen in den Top 30 (nach Expertenmeinung) der besten in Deutschland entstandenen Filme aller Zeiten. <strong>Murnau<\/strong> ging 1927 in die USA und drehte Filme f\u00fcr die Firma <strong>Fox<\/strong>. \u00a0Der 1927 in den USA entstandene Film \u201e<strong>Sunrise<\/strong>\u201c erhielt bei der <strong>Oscarverleihung 1929<\/strong> drei Oscars. Beim folgenden Film \u201e<strong>Vier Teufel<\/strong>\u201c gab es gro\u00dfe Schwierigkeiten mit der Filmfirma<strong> Fox<\/strong>, was <strong>Murnau<\/strong> ver\u00e4rgerte. Aber auch dieser Film wurde in den USA sehr gut aufgenommen und bewertet. 1929 kam es zum endg\u00fcltigen Zerw\u00fcrfnis zwischen <strong>Murnau<\/strong> und dem Studio <strong>Fox<\/strong>. Bei den Dreharbeiten zu \u201e<strong>City Girl<\/strong>\u201c griff man st\u00e4ndig in seine Arbeit ein. <strong>Murnau<\/strong> mochte solche Zw\u00e4nge nicht und k\u00fcndigte den Vertrag mit <strong>Fox<\/strong>. Er versuchte in Berlin wieder mit der <strong>UFA<\/strong> ins Gesch\u00e4ft zu kommen, aber auch das misslang. Daraufhin kaufte er sich eine Segelyacht und fuhr damit in die S\u00fcdsee.<\/span><\/p>\n<p>[\/vc_column_text][vc_column_text][\/vc_column_text][vc_row_inner][vc_column_inner width=&#8220;1\/2&#8243;][vc_single_image image=&#8220;78456&#8243; img_size=&#8220;full&#8220; onclick=&#8220;link_image&#8220;][\/vc_column_inner][vc_column_inner width=&#8220;1\/2&#8243;][vc_single_image image=&#8220;78453&#8243; img_size=&#8220;full&#8220; onclick=&#8220;link_image&#8220;][\/vc_column_inner][\/vc_row_inner][vc_column_text]<span style=\"font-weight: 400;\">Auf der Insel Bora Bora drehte er ausschlie\u00dflich mit Laiendarstellern den Film \u201e<strong>Tabu<\/strong>\u201c. Dieser Film, den <strong>Murnau<\/strong> selber finanziert hatte, \u00fcbernahm das Studio <strong>Paramount<\/strong>. Dort war man von diesem Film so begeistert, dass man <strong>Murnau<\/strong> einen Zweijahresvertrag gab. Das Leben von <strong>Friedrich Wilhelm Murnau<\/strong> nahm jedoch einen tragischen Verlauf. Am 11. M\u00e4rz 1931, kurz vor einer in Deutschland geplanten Promotions-Tour f\u00fcr den Film \u201e<strong>Tabu<\/strong>\u201c, fuhr <strong>Murnau<\/strong> auf einer Stra\u00dfe s\u00fcdlich von Santa Barbara (Kalifornien). Er hatte seinen erst 14 j\u00e4hrigen Diener Filipino ans Steuer gelassen. Der schwere Wagen geriet bei hoher Geschwindigkeit au\u00dfer Kontrolle des Fahrers, \u00fcberschlug sich und st\u00fcrzte eine B\u00f6schung zehn Meter hinab. W\u00e4hrend alle anderen Insassen, neben <strong>Murnau<\/strong> und dem Diener noch eine weitere Person und sein Sch\u00e4ferhund nur mit ein paar Kratzern davon kamen prallte <strong>Murnau<\/strong> mit dem Hinterkopf gegen einen Leitungsmast und wurde schwer verletzt. Er wurde in ein Krankenhaus in Santa Barbara eingeliefert und starb in der folgenden Nacht an seinen schweren Kopfverletzungen. Die Premiere seines Film \u201e<strong>Tabu<\/strong>\u201c am 18. M\u00e4rz 1931 konnte er nicht mehr erleben. Am 19. M\u00e4rz wurde er in Berlin begraben. An seinem Begr\u00e4bnis nahmen nur 9 Personen teil, darunter<strong> Greta Garbo<\/strong>, <strong>Emil Jannings<\/strong>, <strong>Erich Pommer<\/strong> und <strong>G. W. Pabst<\/strong>. <strong>Fritz Lang<\/strong> hielt die Trauerrede.<\/span>[\/vc_column_text][vc_column_text css=&#8220;.vc_custom_1653179697701{margin-bottom: -20px !important;}&#8220;]<span style=\"font-size: 12pt;\">Filmografie (Auswahl)<\/span>[\/vc_column_text][vc_empty_space height=&#8220;28px&#8220;][vc_row_inner css=&#8220;.vc_custom_1653179480172{margin-bottom: -25px !important;padding-bottom: -25px !important;background-color: #efefef !important;border-radius: 5px !important;}&#8220;][vc_column_inner width=&#8220;1\/2&#8243;][vc_column_text css=&#8220;.vc_custom_1665666244342{margin-bottom: -5px !important;padding-bottom: 5px !important;}&#8220;]<\/p>\n<table style=\"height: 206px; width: 100%; border-collapse: collapse;\">\n<tbody>\n<tr style=\"height: 22px;\">\n<td style=\"width: 7.49718%; height: 26px;\"><span style=\"font-weight: 400;\">1917<\/span><\/td>\n<td style=\"width: 92.5028%; height: 26px;\"><span style=\"font-weight: 400;\">Teufelsm\u00e4dchen (<em>verschollen<\/em>)<\/span><\/td>\n<\/tr>\n<tr style=\"height: 22px;\">\n<td style=\"width: 7.49718%; height: 22px;\">1919<\/td>\n<td style=\"width: 92.5028%; height: 22px;\"><span style=\"font-weight: 400;\">Der Knabe in blau (<em>verschollen<\/em>)<\/span><\/td>\n<\/tr>\n<tr style=\"height: 22px;\">\n<td style=\"width: 7.49718%; height: 10px;\">1920<\/td>\n<td style=\"width: 92.5028%; height: 10px;\"><span style=\"font-weight: 400;\">Satanus (<em>Fragment<\/em>)<\/span><\/td>\n<\/tr>\n<tr style=\"height: 22px;\">\n<td style=\"width: 7.49718%; height: 22px;\"><\/td>\n<td style=\"width: 92.5028%; height: 22px;\"><span style=\"font-weight: 400;\">Der Bucklige und die T\u00e4nzerin (<em>verschollen<\/em>)<\/span><\/td>\n<\/tr>\n<tr style=\"height: 22px;\">\n<td style=\"width: 7.49718%; height: 22px;\"><\/td>\n<td style=\"width: 92.5028%; height: 22px;\"><span style=\"font-weight: 400;\">Der Januskopf (<em>verschollen<\/em>)<\/span><\/td>\n<\/tr>\n<tr style=\"height: 22px;\">\n<td style=\"width: 7.49718%; height: 22px;\"><\/td>\n<td style=\"width: 92.5028%; height: 22px;\"><span style=\"font-weight: 400;\">Abend, Nacht, Morgen (<em>verschollen<\/em>)<\/span><\/td>\n<\/tr>\n<tr style=\"height: 22px;\">\n<td style=\"width: 7.49718%; height: 22px;\"><span style=\"font-weight: 400;\">1921<\/span><\/td>\n<td style=\"width: 92.5028%; height: 22px;\"><span style=\"font-weight: 400;\">Der Gang in die Nacht<\/span><\/td>\n<\/tr>\n<tr style=\"height: 22px;\">\n<td style=\"width: 7.49718%; height: 22px;\"><\/td>\n<td style=\"width: 92.5028%; height: 22px;\"><span style=\"font-weight: 400;\">Marizza, die Schmugglermadonna (<em>Fragment<\/em>)<\/span><\/td>\n<\/tr>\n<tr style=\"height: 16px;\">\n<td style=\"width: 7.49718%; height: 16px;\"><\/td>\n<td style=\"width: 92.5028%; height: 16px;\"><span style=\"font-weight: 400;\">Schloss Vogel\u00f6d<\/span><\/td>\n<\/tr>\n<tr style=\"height: 22px;\">\n<td style=\"width: 7.49718%; height: 22px;\"><\/td>\n<td style=\"width: 92.5028%; height: 22px;\"><span style=\"font-weight: 400;\"> Sehnsucht (<em>verschollen<\/em>)<\/span><\/td>\n<\/tr>\n<tr style=\"height: 22px;\">\n<td style=\"width: 7.49718%; height: 21px;\"><span style=\"font-weight: 400;\">1922 <\/span><\/td>\n<td style=\"width: 92.5028%; height: 21px;\"><span style=\"font-weight: 400;\">Der brennende Acker<\/span><\/td>\n<\/tr>\n<\/tbody>\n<\/table>\n<p>[\/vc_column_text][\/vc_column_inner][vc_column_inner width=&#8220;1\/2&#8243;][vc_column_text css=&#8220;.vc_custom_1665666258658{margin-bottom: 0px !important;}&#8220;]<\/p>\n<table style=\"height: 326px; width: 99.7567%; border-collapse: collapse;\">\n<tbody>\n<tr style=\"height: 22px;\">\n<td style=\"width: 7.49718%; height: 22px;\">1922<\/td>\n<td style=\"width: 92.5028%; height: 22px;\"><span style=\"font-weight: 400;\">Nosferatu, eine Symphonie des Grauens<\/span><\/td>\n<\/tr>\n<tr style=\"height: 22px;\">\n<td style=\"width: 7.49718%; height: 10px;\"><\/td>\n<td style=\"width: 92.5028%; height: 10px;\"><span style=\"font-weight: 400;\">Phantom<\/span><\/td>\n<\/tr>\n<tr style=\"height: 22px;\">\n<td style=\"width: 7.49718%; height: 22px;\"><span style=\"font-weight: 400;\">1923 <\/span><\/td>\n<td style=\"width: 92.5028%; height: 22px;\"><span style=\"font-weight: 400;\">Die Austreibung (<em>Fragment<\/em>)<\/span><\/td>\n<\/tr>\n<tr style=\"height: 22px;\">\n<td style=\"width: 7.49718%; height: 22px;\"><span style=\"font-weight: 400;\">1924 <\/span><\/td>\n<td style=\"width: 92.5028%; height: 22px;\"><span style=\"font-weight: 400;\">Die Finanzen des Gro\u00dfherzogs<\/span><\/td>\n<\/tr>\n<tr style=\"height: 22px;\">\n<td style=\"width: 7.49718%; height: 22px;\"><\/td>\n<td style=\"width: 92.5028%; height: 22px;\"><span style=\"font-weight: 400;\">Der letzte Mann<\/span><\/td>\n<\/tr>\n<tr style=\"height: 22px;\">\n<td style=\"width: 7.49718%; height: 22px;\"><span style=\"font-weight: 400;\">1925 <\/span><\/td>\n<td style=\"width: 92.5028%; height: 22px;\"><span style=\"font-weight: 400;\">Tart\u00fcff<\/span><\/td>\n<\/tr>\n<tr style=\"height: 22px;\">\n<td style=\"width: 7.49718%; height: 22px;\"><span style=\"font-weight: 400;\">1926 <\/span><\/td>\n<td style=\"width: 92.5028%; height: 22px;\"><span style=\"font-weight: 400;\">Faust, eine Volkssage<\/span><\/td>\n<\/tr>\n<tr style=\"height: 16px;\">\n<td style=\"width: 7.49718%; height: 16px;\"><span style=\"font-weight: 400;\">1927 <\/span><\/td>\n<td style=\"width: 92.5028%; height: 16px;\"><span style=\"font-weight: 400;\">Sunrise<\/span><\/td>\n<\/tr>\n<tr style=\"height: 22px;\">\n<td style=\"width: 7.49718%; height: 22px;\"><span style=\"font-weight: 400;\">1928 <\/span><\/td>\n<td style=\"width: 92.5028%; height: 22px;\"><span style=\"font-weight: 400;\">Vier Teufel (<em>verbrannt<\/em>)<\/span><\/td>\n<\/tr>\n<tr style=\"height: 10px;\">\n<td style=\"width: 7.49718%; height: 10px;\"><span style=\"font-weight: 400;\">1930 <\/span><\/td>\n<td style=\"width: 92.5028%; height: 10px;\"><span style=\"font-weight: 400;\">City Girl<\/span><\/td>\n<\/tr>\n<tr style=\"height: 22px;\">\n<td style=\"width: 7.49718%; height: 10px;\"><span style=\"font-weight: 400;\">1931 <\/span><\/td>\n<td style=\"width: 92.5028%; height: 10px;\"><span style=\"font-weight: 400;\">Tabu<\/span><\/td>\n<\/tr>\n<\/tbody>\n<\/table>\n<p>[\/vc_column_text][\/vc_column_inner][\/vc_row_inner][vc_empty_space height=&#8220;5&#8243;][vc_empty_space height=&#8220;35&#8243;][vc_column_text]<span style=\"font-weight: 400;\">In den Wirren des zweiten Weltkrieges gingen einige der deutschen Filme von <strong>Friedrich Wilhelm Murnau<\/strong> verloren und gelten heute als verschollen. Bei einem Gro\u00dfbrand in den Firmengeb\u00e4uden von <strong>Fox<\/strong> in den USA verbrannte auch der Film \u201e<strong>Vier Teufel<\/strong>\u201c. Von den 22 Filmen <strong>Murnaus<\/strong> sind heute nur noch 12 vollst\u00e4ndig, 3 als Fragment und 7 nicht mehr vorhanden.<\/span>[\/vc_column_text][vc_row_inner][vc_column_inner][vc_single_image image=&#8220;78489&#8243; img_size=&#8220;full&#8220;][\/vc_column_inner][\/vc_row_inner][vc_column_text css=&#8220;.vc_custom_1668296280871{margin-top: 15px !important;}&#8220;]<span style=\"font-size: 18pt;\">\u00dcber Alfred Abel<\/span><\/p>\n<p><span style=\"font-weight: 400;\"><strong>Alfred Abel<\/strong> wurde als Sohn eines j\u00fcdischen Kaufmanns am 12. M\u00e4rz 1879 in Leipzig geboren. Abel absolvierte eine kaufm\u00e4nnische Ausbildung und studierte anschlie\u00dfend an der<strong> Leipziger Kunstakademie<\/strong> Kunstzeichnen. Au\u00dferdem erhielt er privaten Schauspielunterricht. Nach einigen Stationen an kleineren Theatern kam er 1904 nach Berlin ans <strong>Deutsche Theater<\/strong> von <strong>Max Reinhardt<\/strong>. In der bekanntesten der nur wenigen Filmarbeiten von <strong>Max Reinhardt<\/strong> \u201e<strong>Die venezianische Nacht<\/strong>\u201c gab <strong>Abel<\/strong> sein Filmdeb\u00fct. In seinen \u00fcber 100 Stummfilmrollen arbeitete er mit den damals bedeutendsten Regisseuren wie <strong>Fritz Lang<\/strong> und<strong> Friedrich Wilhelm Murnau<\/strong> in mehreren Filmen zusammen.<\/span>[\/vc_column_text][vc_row_inner][vc_column_inner width=&#8220;1\/2&#8243;][vc_single_image image=&#8220;78540&#8243; img_size=&#8220;full&#8220;][\/vc_column_inner][vc_column_inner width=&#8220;1\/2&#8243;][vc_single_image image=&#8220;78543&#8243; img_size=&#8220;full&#8220;][\/vc_column_inner][\/vc_row_inner][vc_column_text]<\/p>\n<p style=\"font-weight: 400;\"><span style=\"font-weight: 400;\"> 1930 besetzte ihn <strong>Alfred Hitchcock<\/strong> in seinem Film \u201e<strong>Mary<\/strong>\u201c, der deutschen Version von \u201e<strong>Murder<\/strong>\u201c. Im Tonfilm spielte Abel meistens Herren mit guten Manieren, bestens gekleidet, von vornehm zur\u00fcckhaltender Art eines perfekten Gentleman. <strong>Abel<\/strong> f\u00fchrte in f\u00fcnf Filmen selbst Regie und wurde in 36 Tonfilmen als Schauspieler besetzt. Als die Nazis 1935 entdeckten, das <strong>Alfred Abel<\/strong> einen j\u00fcdischen Vater hatte, also j\u00fcdischer Abstammung war, wurde er aus der Reichsfachschaft Film ausgeschlossen. <strong>Goebbels<\/strong> pers\u00f6nlich ordnete jedoch an, <strong>Alfred\u00a0Abel<\/strong> aus k\u00fcnstlerischen Gr\u00fcnden wieder aufzunehmen. <strong>Alfred Abel<\/strong> starb am 12. Dezember 1937 \u00fcberraschend in Berlin. Er wurde nur 58 Jahre alt.<\/span><\/p>\n<p>[\/vc_column_text][vc_column_text css=&#8220;.vc_custom_1653179697701{margin-bottom: -20px !important;}&#8220;]<span style=\"font-size: 12pt;\">Filmografie (Auswahl)<\/span>[\/vc_column_text][vc_empty_space height=&#8220;28px&#8220;][vc_row_inner css=&#8220;.vc_custom_1653179480172{margin-bottom: -25px !important;padding-bottom: -25px !important;background-color: #efefef !important;border-radius: 5px !important;}&#8220;][vc_column_inner width=&#8220;1\/2&#8243;][vc_column_text css=&#8220;.vc_custom_1665668644843{margin-bottom: -5px !important;padding-bottom: 5px !important;}&#8220;]<\/p>\n<table style=\"height: 228px; width: 100%; border-collapse: collapse;\">\n<tbody>\n<tr style=\"height: 22px;\">\n<td style=\"width: 7.497181510710259%; height: 22px;\"><span style=\"font-weight: 400;\">1913 <\/span><\/td>\n<td style=\"width: 92.50281848928975%; height: 22px;\"><span style=\"font-weight: 400;\">Eine venezianische Nacht<\/span><\/td>\n<\/tr>\n<tr style=\"height: 22px;\">\n<td style=\"width: 7.497181510710259%; height: 22px;\"><span style=\"font-weight: 400;\">1915 <\/span><\/td>\n<td style=\"width: 92.50281848928975%; height: 22px;\"><span style=\"font-weight: 400;\">Lache, Bajazzo<\/span><\/td>\n<\/tr>\n<tr style=\"height: 22px;\">\n<td style=\"width: 7.497181510710259%; height: 68px; vertical-align: top;\" rowspan=\"3\"><span style=\"font-weight: 400;\">1922 <\/span><\/td>\n<td style=\"width: 92.50281848928975%; height: 22px;\"><span style=\"font-weight: 400;\">Dr. Mabuse, der Spieler 1+2<\/span><\/td>\n<\/tr>\n<tr style=\"height: 23px;\">\n<td style=\"width: 92.50281848928975%; height: 23px;\"><span style=\"font-weight: 400;\">Der brennende Acker<\/span><\/td>\n<\/tr>\n<tr style=\"height: 23px;\">\n<td style=\"width: 92.50281848928975%; height: 23px;\"><span style=\"font-weight: 400;\">Phantom<\/span><\/td>\n<\/tr>\n<tr style=\"height: 22px;\">\n<td style=\"width: 7.49718%; height: 22px;\"><span style=\"font-weight: 400;\">1923 <\/span><\/td>\n<td style=\"width: 92.5028%; height: 22px;\"><span style=\"font-weight: 400;\">Buddenbrooks<\/span><\/td>\n<\/tr>\n<tr style=\"height: 23px;\">\n<td style=\"width: 7.49718%; height: 32px;\"><span style=\"font-weight: 400;\">1924 <\/span><\/td>\n<td style=\"width: 92.5028%; height: 32px;\"><span style=\"font-weight: 400;\">Die Finanzen des Gro\u00dfherzogs<\/span><\/td>\n<\/tr>\n<tr style=\"height: 23px;\">\n<td style=\"width: 7.49718%; height: 45px; vertical-align: top;\" rowspan=\"2\"><span style=\"font-weight: 400;\">1927<\/span><\/td>\n<td style=\"width: 92.50281848928975%; height: 23px;\">\u00a0Die Trag\u00f6die eines Verlorenen<\/td>\n<\/tr>\n<tr style=\"height: 22px;\">\n<td style=\"width: 92.50281848928975%; height: 22px;\"><span style=\"font-weight: 400;\"> Metropolis<\/span><\/td>\n<\/tr>\n<tr style=\"height: 23px;\">\n<td style=\"width: 7.49718%; vertical-align: top; height: 17px;\"><span style=\"font-weight: 400;\">1930 <\/span><\/td>\n<td style=\"width: 92.5028%; height: 17px;\"><span style=\"font-weight: 400;\">Dolly macht Karriere<\/span><\/td>\n<\/tr>\n<\/tbody>\n<\/table>\n<p>[\/vc_column_text][\/vc_column_inner][vc_column_inner width=&#8220;1\/2&#8243;][vc_column_text css=&#8220;.vc_custom_1665668931086{margin-bottom: 0px !important;}&#8220;]<\/p>\n<table style=\"height: 186px; width: 100%; border-collapse: collapse;\">\n<tbody>\n<tr style=\"height: 22px;\">\n<td style=\"width: 7.49718%; height: 61px; vertical-align: top;\" rowspan=\"4\"><span style=\"font-weight: 400;\">1931 <\/span><\/td>\n<td style=\"width: 92.5028%; height: 10px;\"><span style=\"font-weight: 400;\">Mary<\/span><\/td>\n<\/tr>\n<tr style=\"height: 23px;\">\n<td style=\"width: 92.5028%; height: 20px;\"><span style=\"font-weight: 400;\">Das Ekel<\/span><\/td>\n<\/tr>\n<tr style=\"height: 17px;\">\n<td style=\"width: 92.5028%; height: 17px;\"><span style=\"font-weight: 400;\">Meine Frau, die Hochstaplerin<\/span><\/td>\n<\/tr>\n<tr style=\"height: 23px;\">\n<td style=\"width: 92.5028%; height: 14px;\"><span style=\"font-weight: 400;\">Der Kongress tanzt<\/span><\/td>\n<\/tr>\n<tr style=\"height: 22px;\">\n<td style=\"width: 7.49718%; height: 22px;\"><span style=\"font-weight: 400;\">1932 <\/span><\/td>\n<td style=\"width: 92.5028%; height: 22px;\"><span style=\"font-weight: 400;\">Der wei\u00dfe D\u00e4mon<\/span><\/td>\n<\/tr>\n<tr style=\"height: 23px;\">\n<td style=\"width: 7.49718%; height: 32px;\"><span style=\"font-weight: 400;\">1933 <\/span><\/td>\n<td style=\"width: 92.5028%; height: 32px;\"><span style=\"font-weight: 400;\">Brennendes Geheimnis<\/span><\/td>\n<\/tr>\n<tr style=\"height: 22px;\">\n<td style=\"width: 7.49718%; height: 22px;\"><span style=\"font-weight: 400;\">1935 <\/span><\/td>\n<td style=\"width: 92.5028%; height: 22px;\"><span style=\"font-weight: 400;\">Victoria<\/span><\/td>\n<\/tr>\n<tr style=\"height: 22px;\">\n<td style=\"width: 7.49718%; height: 22px;\"><span style=\"font-weight: 400;\">1936 <\/span><\/td>\n<td style=\"width: 92.5028%; height: 22px;\"><span style=\"font-weight: 400;\">Das Hofkonzert<\/span><span style=\"font-weight: 400;\"><br \/>\n<\/span><\/td>\n<\/tr>\n<tr style=\"height: 23px;\">\n<td style=\"width: 7.49718%; height: 27px; vertical-align: top;\" rowspan=\"2\"><span style=\"font-weight: 400;\">1937 <\/span><\/td>\n<td style=\"width: 92.5028%; height: 10px;\"><span style=\"font-weight: 400;\">Sieben Ohrfeigen<\/span><\/td>\n<\/tr>\n<tr style=\"height: 22px;\">\n<td style=\"width: 92.5028%; height: 17px;\"><span style=\"font-weight: 400;\">Unter Ausschluss der \u00d6ffentlichkeit<\/span><\/td>\n<\/tr>\n<\/tbody>\n<\/table>\n<p>[\/vc_column_text][\/vc_column_inner][\/vc_row_inner][vc_empty_space height=&#8220;5&#8243;][vc_empty_space height=&#8220;32&#8243;][vc_row_inner][vc_column_inner width=&#8220;1\/2&#8243;][vc_single_image image=&#8220;78546&#8243; img_size=&#8220;full&#8220; alignment=&#8220;center&#8220; onclick=&#8220;link_image&#8220;][\/vc_column_inner][vc_column_inner width=&#8220;1\/2&#8243;][vc_single_image image=&#8220;78549&#8243; img_size=&#8220;full&#8220; alignment=&#8220;center&#8220; onclick=&#8220;link_image&#8220;][\/vc_column_inner][\/vc_row_inner][vc_column_text css=&#8220;.vc_custom_1668296440986{margin-top: 15px !important;}&#8220;]<span style=\"font-size: 18pt;\">\u00dcber <span style=\"font-weight: 400;\">Lil Dagover<\/span><\/span><\/p>\n<p style=\"font-weight: 400;\"><span style=\"font-weight: 400;\"><strong>Lil Dagover<\/strong> wurde am 30. September 1887 in Pati (heute Indonesien) als <strong>Marie Antonie Sieglinde Marta Seubert<\/strong> geboren. <strong>Lil Dagover<\/strong> war eine der f\u00fchrenden deutschen Stummfilmstars, wirkte aber, anders als andere Stummfilmschauspielerinnen, auch in der Zeit des Tonfilms in vielen Kino und Fernsehproduktionen mit. Sie war von 1913 bis kurz vor ihrem Tod im Januar 1980 in rund 80 Kinofilmen besetzt. Dabei spielte sie unter den bedeutenden deutschen Regisseuren wie<strong> Helmut K\u00e4utner<\/strong>, <strong>Fritz Lang<\/strong>, <strong>Friedrich Wilhelm Murnau<\/strong>, <strong>Detlef Sierck<\/strong>, <strong>Alfred Weidenmann<\/strong> und <strong>Ottokar Runze<\/strong>. Aber auch in internationalen Produktionen war sie zu sehen, so in den USA unter Regisseur <strong>Michael Curtiz<\/strong> und in Frankreich unter Regisseur <strong>Henri Fescourt<\/strong>. 1907 heiratete sie den Schauspieler <strong>Fritz Daghofer<\/strong> und wandelte nun ihren Ehenamen in <strong>Lil Dagover<\/strong> ab. <strong>Lil<\/strong> von ihrem Rufnamen Sieglinde und bei ihren neuen Ehenamen ersetzte sie das \u201ef\u201c durch ein \u201ev\u201c. Durch ihren Ehemann kam sie zum Film. 1913 feierte sie ihr Filmdeb\u00fct in dem Stummfilmstreifen \u201e<strong>Schlangentanz<\/strong>\u201c. 1919 spielte sie in dem <strong>Fritz Lang<\/strong> Zweiteiler \u201e<strong>Die Spinnen<\/strong>\u201c ihre erste bedeutende Rolle. 1920 wirkte sie in einem der bedeutendsten deutschen Filme aller Zeiten mit: \u201e<strong>Das Cabinet des Dr. Caligari\u201c<\/strong> unter der Regie von <strong>Robert Wiene. <\/strong><\/span><\/p>\n<p>[\/vc_column_text][vc_single_image image=&#8220;78552&#8243; img_size=&#8220;full&#8220;][vc_column_text css=&#8220;.vc_custom_1668296488423{margin-top: 15px !important;}&#8220;]<span style=\"font-weight: 400;\">Lil Dagover war die Topbesetzung in den meisten anspruchsvollen Stummfilmen der 1920er Jahre. Nach ihrer Scheidung von<strong> Fritz Daghofer<\/strong> heiratete sie 1926 den Filmproduzenten <strong>Georg Witt<\/strong>. In den 1920er Jahren spielte sie auch Theater unter <strong>Max Reinhardt<\/strong> am <strong>Deutschen Theater<\/strong> in Berlin. Sie hatte eine Sprachausbildung, so fiel ihr der Umstieg in den Tonfilm nicht schwer. Auch in der NS-Zeit blieb sie ein gefeierte Filmstar. Sie gab sich unpolitisch und hielt sich von der \u00d6ffentlichkeit, so gut es eben ging, fern. Auch nach dem Ende des zweiten Weltkrieges drehte sie ab 1948 wieder Filme. Als sie 1961 in dem <strong>Edgar Wallace<\/strong> Klassiker \u201e<strong>Die seltsame Gr\u00e4fin<\/strong>\u201c die Titelrolle spielte, war sie fast 75 Jahre. In ihrer letzten Filmrolle unter der Regie von<strong> Maximilian Schell<\/strong> in \u201e<strong>Geschichten aus dem Wienerwald<\/strong>\u201c war sie dann schon im biblischen Alter von 92 Jahren. Nach dem zweiten Weltkrieg erhielt sie den <strong>Bundesfilmpreis<\/strong> f\u00fcr ihre Rolle in \u201e<strong>K\u00f6nigliche Hoheit<\/strong>\u201c und das <strong>Filmband<\/strong> in Gold! <strong>Lil Dagover<\/strong> starb am 23. Januar 1980 in ihrem Haus in Gr\u00fcnwald-Geiselgasteig (<strong>Bavaria Filmstudios<\/strong>).<\/span>[\/vc_column_text][vc_column_text css=&#8220;.vc_custom_1653179697701{margin-bottom: -20px !important;}&#8220;]<span style=\"font-size: 12pt;\">Filmografie (Auswahl)<\/span>[\/vc_column_text][vc_empty_space height=&#8220;28px&#8220;][vc_row_inner css=&#8220;.vc_custom_1653179480172{margin-bottom: -25px !important;padding-bottom: -25px !important;background-color: #efefef !important;border-radius: 5px !important;}&#8220;][vc_column_inner width=&#8220;1\/2&#8243;][vc_column_text css=&#8220;.vc_custom_1665670340510{margin-bottom: -5px !important;padding-bottom: 5px !important;}&#8220;]<\/p>\n<table style=\"height: 303px; width: 100%; border-collapse: collapse;\">\n<tbody>\n<tr style=\"height: 22px;\">\n<td style=\"width: 7.49718%; height: 22px;\"><span style=\"font-weight: 400;\">1913 <\/span><\/td>\n<td style=\"width: 92.5028%; height: 22px;\"><span style=\"font-weight: 400;\">Schlangentanz<\/span><\/td>\n<\/tr>\n<tr style=\"height: 22px;\">\n<td style=\"width: 7.49718%; height: 22px;\"><span style=\"font-weight: 400;\">1918 <\/span><\/td>\n<td style=\"width: 92.5028%; height: 22px;\"><span style=\"font-weight: 400;\">Das Lied der Mutter<\/span><\/td>\n<\/tr>\n<tr style=\"height: 22px;\">\n<td style=\"width: 7.49718%; height: 45px; vertical-align: top;\" rowspan=\"2\"><span style=\"font-weight: 400;\">1919 <\/span><\/td>\n<td style=\"width: 92.5028%; height: 22px;\"><span style=\"font-weight: 400;\">Die Spinnen 1+2<\/span><\/td>\n<\/tr>\n<tr style=\"height: 23px;\">\n<td style=\"width: 92.5028%; height: 23px;\"><span style=\"font-weight: 400;\">Harakiri<\/span><\/td>\n<\/tr>\n<tr style=\"height: 22px;\">\n<td style=\"width: 7.49718%; height: 22px;\"><span style=\"font-weight: 400;\">1920 <\/span><\/td>\n<td style=\"width: 92.5028%; height: 22px;\"><span style=\"font-weight: 400;\">Das Cabinet des Dr. Caligari<\/span><\/td>\n<\/tr>\n<tr style=\"height: 23px;\">\n<td style=\"width: 7.49718%; height: 32px;\"><span style=\"font-weight: 400;\">1921 <\/span><\/td>\n<td style=\"width: 92.5028%; height: 32px;\"><span style=\"font-weight: 400;\">Der m\u00fcde Tod<\/span><\/td>\n<\/tr>\n<tr style=\"height: 22px;\">\n<td style=\"width: 7.49718%; height: 22px;\"><span style=\"font-weight: 400;\">1922 <\/span><\/td>\n<td style=\"width: 92.5028%; height: 22px;\"><span style=\"font-weight: 400;\">Phantom<\/span><\/td>\n<\/tr>\n<tr style=\"height: 22px;\">\n<td style=\"width: 7.49718%; height: 22px;\"><span style=\"font-weight: 400;\">1925 <\/span><\/td>\n<td style=\"width: 92.5028%; height: 22px;\"><span style=\"font-weight: 400;\">Tart\u00fcff<\/span><\/td>\n<\/tr>\n<tr style=\"height: 22px;\">\n<td style=\"width: 7.49718%; height: 22px;\"><span style=\"font-weight: 400;\">1927 <\/span><\/td>\n<td style=\"width: 92.5028%; height: 22px;\"><span style=\"font-weight: 400;\">Der Graf von Monte Christo<\/span><span style=\"font-weight: 400;\"><br \/>\n<\/span><\/td>\n<\/tr>\n<tr style=\"height: 23px;\">\n<td style=\"width: 7.49718%; height: 45px; vertical-align: top;\" rowspan=\"2\"><span style=\"font-weight: 400;\">1930 <\/span><\/td>\n<td style=\"width: 92.5028%; height: 23px;\"><span style=\"font-weight: 400;\">Es gibt eine Frau die dich niemals vergisst<\/span><\/td>\n<\/tr>\n<tr style=\"height: 22px;\">\n<td style=\"width: 92.5028%; height: 22px;\"><span style=\"font-weight: 400;\">Der wei\u00dfe Teufel<\/span><\/td>\n<\/tr>\n<tr style=\"height: 23px;\">\n<td style=\"width: 7.49718%; vertical-align: top; height: 17px;\"><span style=\"font-weight: 400;\">1931 <\/span><\/td>\n<td style=\"width: 92.5028%; height: 17px;\"><span style=\"font-weight: 400;\">Der Kongress tanzt<\/span><\/p>\n<p><span style=\"font-weight: 400;\">Elisabeth von \u00d6sterreich<\/span><\/p>\n<p><span style=\"font-weight: 400;\">The Woman from Monte Carlo<\/span><\/td>\n<\/tr>\n<tr style=\"height: 32px;\">\n<td style=\"width: 7.49718%; vertical-align: top; height: 32px;\"><span style=\"font-weight: 400;\">1934 <\/span><\/td>\n<td style=\"width: 92.5028%; height: 32px;\"><span style=\"font-weight: 400;\">Ich heirate meine Frau<\/span><\/td>\n<\/tr>\n<tr style=\"height: 22px;\">\n<td style=\"width: 7.49718%; height: 22px;\"><span style=\"font-weight: 400;\">1935 <\/span><\/td>\n<td style=\"width: 92.5028%; height: 22px;\"><span style=\"font-weight: 400;\">Der Vogelh\u00e4ndler<\/span><\/td>\n<\/tr>\n<\/tbody>\n<\/table>\n<p>[\/vc_column_text][\/vc_column_inner][vc_column_inner width=&#8220;1\/2&#8243;][vc_column_text css=&#8220;.vc_custom_1665670323114{margin-bottom: 0px !important;}&#8220;]<\/p>\n<table style=\"height: 341px; width: 100%; border-collapse: collapse;\">\n<tbody>\n<tr style=\"height: 22px;\">\n<td style=\"width: 7.497181510710259%; height: 22px;\"><span style=\"font-weight: 400;\">1936 <\/span><\/td>\n<td style=\"width: 92.50281848928975%; height: 22px;\"><span style=\"font-weight: 400;\">Schlussakkord<\/span><\/td>\n<\/tr>\n<tr style=\"height: 21px;\">\n<td style=\"width: 7.49718%; height: 21px;\"><span style=\"font-weight: 400;\">1937 <\/span><\/td>\n<td style=\"width: 92.5028%; height: 21px;\"><span style=\"font-weight: 400;\">Die Kreutzersonate<\/span><span style=\"font-weight: 400;\"><br \/>\n<\/span><\/td>\n<\/tr>\n<tr style=\"height: 21px;\">\n<td style=\"width: 7.49718%; height: 21px;\"><span style=\"font-weight: 400;\">1938 <\/span><\/td>\n<td style=\"width: 92.5028%; height: 21px;\"><span style=\"font-weight: 400;\">Es leuchten die Sterne<\/span><\/td>\n<\/tr>\n<tr style=\"height: 22px;\">\n<td style=\"width: 7.49718%; height: 45px; vertical-align: top;\" rowspan=\"2\"><span style=\"font-weight: 400;\">1940 <\/span><\/td>\n<td style=\"width: 92.50281848928975%; height: 22px;\"><span style=\"font-weight: 400;\">Friedrich Schiller<\/span><\/td>\n<\/tr>\n<tr style=\"height: 23px;\">\n<td style=\"width: 92.50281848928975%; height: 23px;\"><span style=\"font-weight: 400;\">Bismarck<\/span><\/td>\n<\/tr>\n<tr style=\"height: 22px;\">\n<td style=\"width: 7.49718%; height: 22px;\"><span style=\"font-weight: 400;\">1950 <\/span><\/td>\n<td style=\"width: 92.5028%; height: 22px;\"><span style=\"font-weight: 400;\">Vom Teufel gejagt<\/span><\/td>\n<\/tr>\n<tr style=\"height: 23px;\">\n<td style=\"width: 7.49718%; height: 32px;\"><span style=\"font-weight: 400;\">1953 <\/span><\/td>\n<td style=\"width: 92.5028%; height: 32px;\"><span style=\"font-weight: 400;\">K\u00f6nigliche Hoheit<\/span><\/td>\n<\/tr>\n<tr style=\"height: 22px;\">\n<td style=\"width: 7.49718%; height: 22px;\"><span style=\"font-weight: 400;\">1954 <\/span><\/td>\n<td style=\"width: 92.5028%; height: 22px;\"><span style=\"font-weight: 400;\">Schlo\u00df Hubertus<\/span><\/td>\n<\/tr>\n<tr style=\"height: 22px;\">\n<td style=\"width: 7.49718%; height: 22px;\"><span style=\"font-weight: 400;\">1955 <\/span><\/td>\n<td style=\"width: 92.5028%; height: 22px;\"><span style=\"font-weight: 400;\">Rosen im Herbst (Effi Briest)<\/span><\/td>\n<\/tr>\n<tr style=\"height: 22px;\">\n<td style=\"width: 7.49718%; height: 22px;\"><span style=\"font-weight: 400;\">1956<\/span><\/td>\n<td style=\"width: 92.5028%; height: 22px;\"><span style=\"font-weight: 400;\">Kronprinz Rudolfs letzte Liebe<\/span><\/td>\n<\/tr>\n<tr style=\"height: 23px;\">\n<td style=\"width: 7.49718%; vertical-align: top; height: 17px;\"><span style=\"font-weight: 400;\">1959 <\/span><\/td>\n<td style=\"width: 92.5028%; height: 17px;\"><span style=\"font-weight: 400;\">Buddenbrooks<\/span><\/td>\n<\/tr>\n<tr style=\"height: 21px;\">\n<td style=\"width: 7.49718%; vertical-align: top; height: 21px;\"><span style=\"font-weight: 400;\">1961 <\/span><\/td>\n<td style=\"width: 92.5028%; height: 21px;\"><span style=\"font-weight: 400;\">Die seltsame Gr\u00e4fin<\/span><\/td>\n<\/tr>\n<tr style=\"height: 21px;\">\n<td style=\"width: 7.49718%; vertical-align: top; height: 21px;\"><span style=\"font-weight: 400;\">1975 <\/span><\/td>\n<td style=\"width: 92.5028%; height: 21px;\"><span style=\"font-weight: 400;\">Der Richter und sein Henker<\/span><\/td>\n<\/tr>\n<tr style=\"height: 21px;\">\n<td style=\"width: 7.49718%; vertical-align: top; height: 21px;\"><span style=\"font-weight: 400;\">1977 <\/span><\/td>\n<td style=\"width: 92.5028%; height: 21px;\"><span style=\"font-weight: 400;\">Die Standarte<\/span><\/td>\n<\/tr>\n<tr style=\"height: 32px;\">\n<td style=\"width: 7.49718%; vertical-align: top; height: 10px;\"><span style=\"font-weight: 400;\">1979 <\/span><\/td>\n<td style=\"width: 92.5028%; height: 10px;\"><span style=\"font-weight: 400;\">Geschichten aus dem Wienerwald<\/span><\/td>\n<\/tr>\n<\/tbody>\n<\/table>\n<p>[\/vc_column_text][\/vc_column_inner][\/vc_row_inner][vc_empty_space height=&#8220;5&#8243;][vc_empty_space height=&#8220;32&#8243;][vc_empty_space height=&#8220;10&#8243;][vc_column_text css=&#8220;.vc_custom_1665675959983{margin-top: 15px !important;}&#8220;]<span style=\"font-size: 18pt;\">\u00dcber Frida Richard<\/span><\/p>\n<p><span style=\"font-weight: 400;\"><strong>Friederike Raithel<\/strong>, so ihr b\u00fcrgerlicher Name wurde am 1. November 1873 in Wien geboren. Dort besuchte sie, gemeinsam mit<strong> Max Reinhardt<\/strong> und <strong>Fritz Richard<\/strong> eine Tanz und Schauspielschule. <strong>Fritz Richard<\/strong> heiratete sie 1898. Sie arbeitete zun\u00e4chst als Englischlehrerin. 1905 zog sie mit ihrem Mann nach Berlin. Dort traf sie auch <strong>Max Reinhardt<\/strong> wieder und spielte an seinen B\u00fchnen Theater.<\/span>[\/vc_column_text][vc_row_inner][vc_column_inner width=&#8220;1\/2&#8243;][vc_single_image image=&#8220;78555&#8243; img_size=&#8220;full&#8220; alignment=&#8220;center&#8220; onclick=&#8220;link_image&#8220;][\/vc_column_inner][vc_column_inner width=&#8220;1\/2&#8243;][vc_single_image image=&#8220;78558&#8243; img_size=&#8220;full&#8220; alignment=&#8220;center&#8220; onclick=&#8220;link_image&#8220;][\/vc_column_inner][\/vc_row_inner][vc_column_text css=&#8220;.vc_custom_1665676014613{margin-top: 15px !important;}&#8220;]<span style=\"font-weight: 400;\"> Ab 1910 trat sie auch in Stummfilmen auf und wurde eine der meistbesch\u00e4ftigten Darstellerinnen der Stummfilmzeit, meistens in Nebenrollen. 1932 zog das Ehepaar <strong>Richard<\/strong> nach Salzburg, wo <strong>Fritz Richard<\/strong> ein Jahr sp\u00e4ter starb. Ab Mitte der 1930er Jahre trat sie auch in deutschen Top-Produktionen auf. So spielte sie in \u201eD<strong>er Sieger<\/strong>\u201c, \u201e<strong>Mutterliebe<\/strong>\u201c, \u201e<strong>Ein hoffnungsloser Fall<\/strong>\u201c, \u201e<strong>Der Postmeister<\/strong>\u201c und \u201e<strong>Opfergang<\/strong>\u201c wichtige Rollen. Letzter Film vor ihrem Tod war <strong>Leni Riefenstahls<\/strong> \u201e<strong>Tiefland<\/strong>\u201c. <strong>Frida Richard<\/strong> starb am 12. September 1946 in Salzburg.\u00a0<\/span>[\/vc_column_text][vc_column_text css=&#8220;.vc_custom_1653179697701{margin-bottom: -20px !important;}&#8220;]<span style=\"font-size: 12pt;\">Filmografie (Auswahl)<\/span>[\/vc_column_text][vc_empty_space height=&#8220;28px&#8220;][vc_row_inner css=&#8220;.vc_custom_1653179480172{margin-bottom: -25px !important;padding-bottom: -25px !important;background-color: #efefef !important;border-radius: 5px !important;}&#8220;][vc_column_inner width=&#8220;1\/2&#8243;][vc_column_text css=&#8220;.vc_custom_1665673093462{margin-bottom: -5px !important;padding-bottom: 5px !important;}&#8220;]<\/p>\n<table style=\"height: 217px; width: 100%; border-collapse: collapse;\">\n<tbody>\n<tr style=\"height: 22px;\">\n<td style=\"width: 7.49718%; height: 22px;\"><span style=\"font-weight: 400;\">1910 <\/span><\/td>\n<td style=\"width: 92.5028%; height: 22px;\"><span style=\"font-weight: 400;\">Das vierte Gebot<\/span><\/td>\n<\/tr>\n<tr style=\"height: 22px;\">\n<td style=\"width: 7.49718%; height: 22px;\"><span style=\"font-weight: 400;\">1913 <\/span><\/td>\n<td style=\"width: 92.5028%; height: 22px;\"><span style=\"font-weight: 400;\">Eva<\/span><\/td>\n<\/tr>\n<tr style=\"height: 21px;\">\n<td style=\"width: 7.49718%; height: 21px;\"><span style=\"font-weight: 400;\">1917 <\/span><\/td>\n<td style=\"width: 92.5028%; height: 21px;\"><span style=\"font-weight: 400;\">Die Glocke<\/span><\/td>\n<\/tr>\n<tr style=\"height: 32px;\">\n<td style=\"width: 7.49718%; height: 32px;\"><span style=\"font-weight: 400;\">1922<\/span><\/td>\n<td style=\"width: 92.5028%; height: 32px;\"><span style=\"font-weight: 400;\">Phantom<\/span><span style=\"font-weight: 400;\"><br \/>\n<\/span><\/td>\n<\/tr>\n<tr style=\"height: 22px;\">\n<td style=\"width: 7.49718%; height: 32px; vertical-align: top;\"><span style=\"font-weight: 400;\">1924 <\/span><\/td>\n<td style=\"width: 92.5028%; height: 32px;\"><span style=\"font-weight: 400;\">Die Nibelungen 1+2<\/span><\/p>\n<p><span style=\"font-weight: 400;\">Der Berg des Schicksals<\/span><\/td>\n<\/tr>\n<tr style=\"height: 81px;\">\n<td style=\"width: 7.49718%; vertical-align: top; height: 66px;\"><span style=\"font-weight: 400;\">1926 <\/span><\/td>\n<td style=\"width: 92.5028%; height: 66px;\"><span style=\"font-weight: 400;\">Faust<\/span><\/p>\n<p><span style=\"font-weight: 400;\">Manon Lescaut<\/span><\/p>\n<p><span style=\"font-weight: 400;\">Der heilige Berg<\/span><\/td>\n<\/tr>\n<tr style=\"height: 22px;\">\n<td style=\"width: 7.49718%; height: 22px;\"><span style=\"font-weight: 400;\">1928\u00a0<\/span><\/td>\n<td style=\"width: 92.5028%; height: 22px;\"><span style=\"font-weight: 400;\">Schinderhannes<\/span><\/td>\n<\/tr>\n<\/tbody>\n<\/table>\n<p>[\/vc_column_text][\/vc_column_inner][vc_column_inner width=&#8220;1\/2&#8243;][vc_column_text css=&#8220;.vc_custom_1665673203095{margin-bottom: 0px !important;}&#8220;]<\/p>\n<table style=\"height: 186px; width: 100%; border-collapse: collapse;\">\n<tbody>\n<tr style=\"height: 22px;\">\n<td style=\"width: 7.49718%; height: 22px;\"><span style=\"font-weight: 400;\">1929 <\/span><\/td>\n<td style=\"width: 92.5028%; height: 22px;\"><span style=\"font-weight: 400;\">Das brennende Herz<\/span><\/td>\n<\/tr>\n<tr style=\"height: 22px;\">\n<td style=\"width: 7.49718%; height: 22px;\"><span style=\"font-weight: 400;\">1932 <\/span><\/td>\n<td style=\"width: 92.5028%; height: 22px;\"><span style=\"font-weight: 400;\">Der Sieger<\/span><\/td>\n<\/tr>\n<tr style=\"height: 21px;\">\n<td style=\"width: 7.49718%; height: 21px;\"><span style=\"font-weight: 400;\">1939 <\/span><\/td>\n<td style=\"width: 92.5028%; height: 21px;\"><span style=\"font-weight: 400;\">Mutterliebe<\/span><\/td>\n<\/tr>\n<tr style=\"height: 32px;\">\n<td style=\"width: 7.49718%; height: 32px;\"><span style=\"font-weight: 400;\">1940 <\/span><\/td>\n<td style=\"width: 92.5028%; height: 32px;\"><span style=\"font-weight: 400;\">Der Postmeister<\/span><\/td>\n<\/tr>\n<tr style=\"height: 22px;\">\n<td style=\"width: 7.49718%; height: 32px; vertical-align: top;\"><span style=\"font-weight: 400;\">1941 <\/span><\/td>\n<td style=\"width: 92.5028%; height: 32px;\"><span style=\"font-weight: 400;\">Auf Wiedersehn, Franziska<\/span><\/td>\n<\/tr>\n<tr style=\"height: 81px;\">\n<td style=\"width: 7.49718%; vertical-align: top; height: 35px;\"><span style=\"font-weight: 400;\">1942<\/span><\/td>\n<td style=\"width: 92.5028%; height: 35px;\"><span style=\"font-weight: 400;\">Ewiger Rembrandt<\/span><\/p>\n<p><span style=\"font-weight: 400;\">Die goldene Stadt<\/span><\/p>\n<p><span style=\"font-weight: 400;\">Opfergang<\/span><\/td>\n<\/tr>\n<tr style=\"height: 22px;\">\n<td style=\"width: 7.49718%; height: 22px;\"><span style=\"font-weight: 400;\">1945 <\/span><\/td>\n<td style=\"width: 92.5028%; height: 22px;\"><span style=\"font-weight: 400;\">Tiefland<\/span><\/td>\n<\/tr>\n<\/tbody>\n<\/table>\n<p>[\/vc_column_text][\/vc_column_inner][\/vc_row_inner][vc_empty_space height=&#8220;5&#8243;][vc_empty_space height=&#8220;32&#8243;][vc_column_text css=&#8220;.vc_custom_1668296534548{margin-top: 15px !important;}&#8220;]<span style=\"font-size: 18pt;\">\u00dcber <span style=\"font-weight: 400;\">Aud Egede-Nissen<\/span><\/span><\/p>\n<p><span style=\"font-weight: 400;\"><strong>Aud Egede-Nissen<\/strong> wurde am 30. Mai 1893 in Bergen (Norwegen) geboren. Sie spielte ab 1914 in einer Reihe deutscher Stummfilme die Rolle der <em>Femme Fatal<\/em>. Ob als berechnende Verf\u00fchrerin oder als Dirne, in diesen Rollen war sie gro\u00dfartig. Mit Beginn der Tonfilmzeit endete ihre Filmkarriere. In ihrem letzten deutschen Film, einem der ersten Tonfilme\u00a0 \u201e<strong>Zwischen Tag und Morgen<\/strong>\u201c spielte sie allerdings noch mal in einer Glanzrolle. Nach ihrer Filmkarriere spielte sie in Norwegen nur noch Theater und f\u00fchrte auch am Theater Regie. Sie starb am 15. November 1974 in Oslo.<\/span>[\/vc_column_text][vc_row_inner][vc_column_inner width=&#8220;1\/2&#8243;][vc_single_image image=&#8220;78561&#8243; img_size=&#8220;full&#8220; alignment=&#8220;center&#8220; onclick=&#8220;link_image&#8220;][\/vc_column_inner][vc_column_inner width=&#8220;1\/2&#8243;][vc_single_image image=&#8220;78862&#8243; img_size=&#8220;full&#8220; alignment=&#8220;center&#8220; onclick=&#8220;link_image&#8220;][\/vc_column_inner][\/vc_row_inner][vc_column_text css=&#8220;.vc_custom_1653179697701{margin-bottom: -20px !important;}&#8220;]<span style=\"font-size: 12pt;\">Filmografie (Auswahl)<\/span>[\/vc_column_text][vc_empty_space height=&#8220;28px&#8220;][vc_row_inner css=&#8220;.vc_custom_1653179480172{margin-bottom: -25px !important;padding-bottom: -25px !important;background-color: #efefef !important;border-radius: 5px !important;}&#8220;][vc_column_inner width=&#8220;1\/2&#8243;][vc_column_text css=&#8220;.vc_custom_1667844588515{margin-bottom: -5px !important;padding-bottom: 5px !important;}&#8220;]<\/p>\n<table style=\"height: 75px; width: 98.1522%; border-collapse: collapse;\">\n<tbody>\n<tr style=\"height: 22px;\">\n<td style=\"width: 7.49718%; height: 22px;\"><span style=\"font-weight: 400;\">1916 <\/span><\/td>\n<td style=\"width: 92.5028%; height: 22px;\"><span style=\"font-weight: 400;\">Das Phantom der Oper<\/span><\/td>\n<\/tr>\n<tr style=\"height: 22px;\">\n<td style=\"width: 7.49718%; height: 22px;\"><span style=\"font-weight: 400;\">1920 <\/span><\/td>\n<td style=\"width: 92.5028%; height: 22px;\"><span style=\"font-weight: 400;\">Sumurun<\/span><\/td>\n<\/tr>\n<tr style=\"height: 21px;\">\n<td style=\"width: 7.49718%; height: 21px;\"><\/td>\n<td style=\"width: 92.5028%; height: 21px;\"><span style=\"font-weight: 400;\">Anna Boleyn<\/span><\/td>\n<\/tr>\n<tr style=\"height: 32px;\">\n<td style=\"width: 7.49718%; height: 10px;\"><span style=\"font-weight: 400;\">1922 <\/span><\/td>\n<td style=\"width: 92.5028%; height: 10px;\"><span style=\"font-weight: 400;\">Dr. Mabuse, der Spieler 1+2<\/span><\/td>\n<\/tr>\n<tr>\n<td style=\"width: 7.49718%;\"><span style=\"font-weight: 400;\">\u00a0<\/span><\/td>\n<td style=\"width: 92.5028%;\"><span style=\"font-weight: 400;\">Phantom<\/span><span style=\"font-weight: 400;\"><br \/>\n<\/span><\/td>\n<\/tr>\n<\/tbody>\n<\/table>\n<p>[\/vc_column_text][\/vc_column_inner][vc_column_inner width=&#8220;1\/2&#8243;][vc_column_text css=&#8220;.vc_custom_1666270244895{margin-bottom: 0px !important;}&#8220;]<\/p>\n<table style=\"height: 42px; width: 98.1522%; border-collapse: collapse;\">\n<tbody>\n<tr style=\"height: 22px;\">\n<td style=\"width: 7.49718%; height: 22px;\"><span style=\"font-weight: 400;\">1923 <\/span><\/td>\n<td style=\"width: 92.5028%; height: 22px;\"><span style=\"font-weight: 400;\"> Die Stra\u00dfe<\/span><\/td>\n<\/tr>\n<tr style=\"height: 21px;\">\n<td style=\"width: 7.49718%; height: 10px;\"><span style=\"font-weight: 400;\">1925 <\/span><\/td>\n<td style=\"width: 92.5028%; height: 10px;\"><span style=\"font-weight: 400;\">Die Verrufenen<\/span><\/td>\n<\/tr>\n<tr style=\"height: 32px;\">\n<td style=\"width: 7.49718%; height: 10px;\"><span style=\"font-weight: 400;\">1931 <\/span><\/td>\n<td style=\"width: 92.5028%; height: 10px;\"><span style=\"font-weight: 400;\">Zwischen Nacht und Morgen<\/span><\/td>\n<\/tr>\n<\/tbody>\n<\/table>\n<p>[\/vc_column_text][\/vc_column_inner][\/vc_row_inner][vc_empty_space height=&#8220;5&#8243;][vc_empty_space height=&#8220;10&#8243;][\/vc_column][\/vc_row][vc_row][vc_column][vc_empty_space][vc_column_text]<span style=\"font-size: 18pt;\">Phantom | Trailer [2022] (deutsch) \u1d34\u1d30<\/span>[\/vc_column_text][vc_video link=&#8220;https:\/\/youtu.be\/vX9Z5rETJYc&#8220; css=&#8220;.vc_custom_1668423953143{margin-top: -10px !important;}&#8220;][\/vc_column][\/vc_row][vc_row][vc_column][vc_separator][vc_column_text]<span style=\"font-size: 18pt;\">Stimmen zum Film<\/span><\/p>\n<p><em><span style=\"font-weight: 400;\">\u201e<\/span><span style=\"font-weight: 400;\">Das Phantom<\/span><span style=\"font-weight: 400;\"> stellt nach <\/span><span style=\"font-weight: 400;\">Nosferatu<\/span><\/em><span style=\"font-weight: 400;\"><em> eine deutliche Weiterentwicklung von Murnaus Talent dar.\u201c<\/em> (<strong>themoviewaffler.com<\/strong>)\u00a0 <\/span><\/p>\n<p><em><span style=\"font-weight: 400;\">\u201eEs ist weniger als ein Jahrzehnt her, dass das lange Zeit als verschollen geglaubte <\/span><span style=\"font-weight: 400;\">Phantom<\/span><\/em><span style=\"font-weight: 400;\"><em> wiederentdeckt und restauriert wurde. Er steht im Schatten seines ber\u00fchmteren Vorg\u00e4ngers, aber auch wenn er nicht der Meilenstein ist, den Nosferatu darstellt, sollte man ihn sich ansehen.\u201c<\/em> (<strong>battleshippretension.com<\/strong>)\u00a0<\/span><\/p>\n<p><em><span style=\"font-weight: 400;\"> \u201eF.W. Murnaus <\/span><span style=\"font-weight: 400;\">Phantom<\/span><span style=\"font-weight: 400;\">, der im selben Jahr erschien, aber nach <\/span><span style=\"font-weight: 400;\">Nosferatu g<\/span><\/em><span style=\"font-weight: 400;\"><em>edreht wurde, ist kein Fantasyfilm, wie sein Titel vermuten l\u00e4sst, aber er n\u00e4hert sich diesem Genre manchmal wegen seiner wiederkehrenden expressionistischen \u00c4sthetik und einiger \u201eMurnauscher\u201c-Themenelemente. Die verschiedenen monochromen Farbt\u00f6ne des Bildes wurden ausdr\u00fccklich von Murnau ausgew\u00e4hlt, der jedoch wollte, dass die Traum- und Alptraumvisionen in reinem Schwarzwei\u00df bleiben.\u201c<\/em> (<strong>Francis Moury, juanasensio.com<\/strong>)\u00a0 \u00a0 \u00a0 \u00a0 <\/span><\/p>\n<p><em><span style=\"font-weight: 400;\">\u201eDas vielleicht interessanteste Merkmal von <\/span><span style=\"font-weight: 400;\">Phantom<\/span><\/em><span style=\"font-weight: 400;\"><em> ist, dass die wichtigsten thematischen Knotenpunkte alle durch unmittelbare visuelle Gimmicks aufgel\u00f6st werden, d.h. voll funktionsf\u00e4hig auf der narrativen und gleichzeitig auf der symbolischen Ebene.\u201c<\/em> (<strong>David Bax 2015 \/ garden-of-silence.com<\/strong>)\u00a0 \u00a0 \u00a0 \u00a0 \u00a0 \u00a0 \u00a0 \u00a0 \u00a0 \u00a0 \u00a0 \u00a0 \u00a0 \u00a0 \u00a0 \u00a0 \u00a0 \u00a0 \u00a0<\/span><\/p>\n<p><em><span style=\"font-weight: 400;\"> \u201e<\/span><span style=\"font-weight: 400;\">Phantom<\/span><\/em><span style=\"font-weight: 400;\"><em>, ein ergreifendes Drama \u00fcber ungl\u00fcckliche Entscheidungen und die Trag\u00f6die eines Lebens im Schatten des Scheiterns.\u201c<\/em> (<strong>cinegrandiose.com<\/strong>) \u00a0 \u00a0 \u00a0 \u00a0 \u00a0 \u00a0 <\/span>[\/vc_column_text][vc_separator][\/vc_column][\/vc_row][vc_row][vc_column width=&#8220;1\/4&#8243;][vc_btn title=&#8220;Amazon&#8220; style=&#8220;flat&#8220; color=&#8220;orange&#8220; size=&#8220;sm&#8220; align=&#8220;center&#8220; i_icon_fontawesome=&#8220;fab fa-amazon&#8220; button_block=&#8220;true&#8220; add_icon=&#8220;true&#8220; link=&#8220;url:https%3A%2F%2Fwww.amazon.de%2FFriedrich-Wilhelm-Murnaus-PHANTOM-24-seitiges%2Fdp%2FB0BHMZHBHN%2Fref%3Dsr_1_2%3F__mk_de_DE%3D%25C3%2585M%25C3%2585%25C5%25BD%25C3%2595%25C3%2591%26crid%3DDS5EUMP98QXY%26keywords%3Ddas%2Bphantom%2Bmurnau%26qid%3D1666083811%26s%3Ddvd%26sprefix%3Ddas%2Bphantom%2Bmurnau%252Cdvd%252C95%26sr%3D1-2|title:Amazon|target:_blank&#8220;][\/vc_column][vc_column width=&#8220;1\/4&#8243;][vc_btn title=&#8220;JPC&#8220; style=&#8220;flat&#8220; color=&#8220;green&#8220; size=&#8220;sm&#8220; align=&#8220;center&#8220; i_icon_fontawesome=&#8220;far fa-dot-circle&#8220; button_block=&#8220;true&#8220; add_icon=&#8220;true&#8220; link=&#8220;url:https%3A%2F%2Fwww.jpc.de%2Fjpcng%2Fmovie%2Fdetail%2F-%2Fart%2Ffriedrich-wilhelm-murnaus-phantom-limited-mediabook%2Fhnum%2F11062249%3Fiampartner%3Dspon6%26awc%3D150%26awa%3D1263%26gclid%3DCjwKCAiA9qKbBhAzEiwAS4yeDa2sPtZ1vsjE8RRkVOyVwXgUtWDMILapLlKWr9zzIVnx64_TRxrf5RoCQp0QAvD_BwE|title:JPC|target:_blank&#8220;][\/vc_column][vc_column width=&#8220;1\/4&#8243;][vc_btn title=&#8220;Shop&#8220; style=&#8220;flat&#8220; color=&#8220;juicy-pink&#8220; size=&#8220;sm&#8220; align=&#8220;center&#8220; i_icon_fontawesome=&#8220;fas fa-shopping-cart&#8220; button_block=&#8220;true&#8220; add_icon=&#8220;true&#8220; link=&#8220;url:https%3A%2F%2Fucm.one%2Fde%2Fprodukt%2Fphantom%2F|title:Shop&#8220;][\/vc_column][vc_column width=&#8220;1\/4&#8243;][vc_btn title=&#8220;Wer Streamt Es&#8220; style=&#8220;flat&#8220; color=&#8220;sky&#8220; size=&#8220;sm&#8220; align=&#8220;center&#8220; i_icon_fontawesome=&#8220;fas fa-question-circle&#8220; button_block=&#8220;true&#8220; add_icon=&#8220;true&#8220; link=&#8220;url:https%3A%2F%2Fwww.werstreamt.es%2Ffilm%2Fdetails%2F2936440%2Fphantom%2F|title:W3er%20Streamt%20Es%3F|target:_blank&#8220;][\/vc_column][\/vc_row][vc_row][vc_column][vc_empty_space height=&#8220;15px&#8220;][vc_column_text css=&#8220;.vc_custom_1667823681875{margin-bottom: -5px !important;}&#8220;]<span style=\"font-size: 18pt;\">Erh\u00e4ltliches Format und Ausstattung<\/span>[\/vc_column_text][vc_empty_space][vc_row_inner][vc_column_inner width=&#8220;1\/6&#8243;][vc_single_image image=&#8220;78213&#8243; img_size=&#8220;full&#8220;][\/vc_column_inner][vc_column_inner width=&#8220;5\/6&#8243;][vc_empty_space height=&#8220;12px&#8220;][vc_column_text]<strong>Limitiertes Mediabook (Blu-Ray + DVD):<\/strong><\/p>\n<p>Bildformat Blu-Ray: 4:3 \u2013 1.33:1 \/ 1080p 24; Bildformat DVD: 4:3 \u2013 1.33:1<\/p>\n<p>Laufzeit Blu-Ray: 121 Min; Laufzeit DVD: 116 Min<\/p>\n<p>Tonformat Blu-Ray: Deutsch DTS-HD Master Audio 2.0 (mono); Tonformat DVD: Deutsch DD 2.0 (mono)<\/p>\n<p>Bonusmaterial: Mediabook mit 24-seitigem Buchteil mit vielen Bildern und interessanten Hintergrundinformationen<\/p>\n<p><span lang=\"EN-US\">FSK 12 | FSK-Sticker abziehbar \u00a0 <\/span>[\/vc_column_text][\/vc_column_inner][\/vc_row_inner][vc_separator css=&#8220;.vc_custom_1653175357110{margin-top: -5px !important;}&#8220;][vc_empty_space height=&#8220;10px&#8220;][\/vc_column][\/vc_row][vc_row][vc_column][vc_empty_space height=&#8220;15px&#8220;][vc_column_text]<\/p>\n<h2>Neuigkeiten<\/h2>\n<p>[\/vc_column_text]<style type=\"text\/css\" data-type=\"the7_shortcodes-inline-css\">.blog-shortcode.blog-masonry-shortcode-id-2c33f3d763742f0d9d4b127669521b24.dividers-on.classic-layout-list article {\n  padding-top: 0;\n}\n.blog-shortcode.blog-masonry-shortcode-id-2c33f3d763742f0d9d4b127669521b24.dividers-on.classic-layout-list article:first-of-type {\n  margin-top: 0;\n  padding-top: 0;\n}\n.blog-shortcode.blog-masonry-shortcode-id-2c33f3d763742f0d9d4b127669521b24.classic-layout-list.mode-list .post-entry-content {\n  width: calc(100% - );\n}\n.blog-shortcode.blog-masonry-shortcode-id-2c33f3d763742f0d9d4b127669521b24.classic-layout-list.mode-list .no-img .post-entry-content {\n  width: 100%;\n}\n.blog-shortcode.blog-masonry-shortcode-id-2c33f3d763742f0d9d4b127669521b24 .filter-bg-decoration .filter-categories a.act {\n  color: #fff;\n}\n.blog-shortcode.blog-masonry-shortcode-id-2c33f3d763742f0d9d4b127669521b24:not(.mode-masonry) article:first-of-type,\n.blog-shortcode.blog-masonry-shortcode-id-2c33f3d763742f0d9d4b127669521b24:not(.mode-masonry) article.visible.first:not(.product) {\n  margin-top: 0;\n}\n.blog-shortcode.blog-masonry-shortcode-id-2c33f3d763742f0d9d4b127669521b24.dividers-on:not(.mode-masonry) article {\n  margin-top: 0;\n}\n.blog-shortcode.blog-masonry-shortcode-id-2c33f3d763742f0d9d4b127669521b24.dividers-on:not(.mode-masonry) article:first-of-type,\n.blog-shortcode.blog-masonry-shortcode-id-2c33f3d763742f0d9d4b127669521b24.dividers-on:not(.mode-masonry) article.visible.first:not(.product) {\n  margin-top: 0;\n  padding-top: 0;\n}\n.blog-shortcode.blog-masonry-shortcode-id-2c33f3d763742f0d9d4b127669521b24 .post-thumbnail-wrap {\n  padding: 0px 0px 0px 0px;\n}\n.blog-shortcode.blog-masonry-shortcode-id-2c33f3d763742f0d9d4b127669521b24.enable-bg-rollover .post-thumbnail-rollover:after {\n  background: -webkit-linear-gradient();\n  background: linear-gradient();\n}\n.blog-shortcode.blog-masonry-shortcode-id-2c33f3d763742f0d9d4b127669521b24 .gallery-zoom-ico {\n  width: 44px;\n  height: 44px;\n  line-height: 44px;\n  border-radius: 100px;\n  margin: -22px 0 0 -22px;\n  border-width: 0px;\n  color: #ffffff;\n}\n.bottom-overlap-layout-list.blog-shortcode.blog-masonry-shortcode-id-2c33f3d763742f0d9d4b127669521b24 .gallery-zoom-ico {\n  margin-top: -72px;\n}\n.gradient-overlay-layout-list.blog-shortcode.blog-masonry-shortcode-id-2c33f3d763742f0d9d4b127669521b24 .gallery-zoom-ico,\n.content-rollover-layout-list.blog-shortcode.blog-masonry-shortcode-id-2c33f3d763742f0d9d4b127669521b24 .gallery-zoom-ico {\n  margin: 0 0 10px;\n}\n.content-align-center.gradient-overlay-layout-list.blog-shortcode.blog-masonry-shortcode-id-2c33f3d763742f0d9d4b127669521b24 .gallery-zoom-ico,\n.content-align-center.content-rollover-layout-list.blog-shortcode.blog-masonry-shortcode-id-2c33f3d763742f0d9d4b127669521b24 .gallery-zoom-ico {\n  margin: 0 auto 10px;\n}\n.dt-icon-bg-on.blog-shortcode.blog-masonry-shortcode-id-2c33f3d763742f0d9d4b127669521b24 .gallery-zoom-ico {\n  background: rgba(255,255,255,0.3);\n  box-shadow: none;\n}\n.blog-shortcode.blog-masonry-shortcode-id-2c33f3d763742f0d9d4b127669521b24 .gallery-zoom-ico > span,\n.blog-shortcode.blog-masonry-shortcode-id-2c33f3d763742f0d9d4b127669521b24 .gallery-zoom-ico:before {\n  font-size: 32px;\n  line-height: 44px;\n}\n.blog-shortcode.blog-masonry-shortcode-id-2c33f3d763742f0d9d4b127669521b24 .gallery-zoom-ico > span,\n.blog-shortcode.blog-masonry-shortcode-id-2c33f3d763742f0d9d4b127669521b24 .gallery-zoom-ico:before {\n  color: #ffffff;\n}\n.blog-shortcode.blog-masonry-shortcode-id-2c33f3d763742f0d9d4b127669521b24 .entry-title,\n.blog-shortcode.blog-masonry-shortcode-id-2c33f3d763742f0d9d4b127669521b24.owl-carousel .entry-title {\n  margin-bottom: 5px;\n  font-weight: bold;\n}\n.blog-shortcode.blog-masonry-shortcode-id-2c33f3d763742f0d9d4b127669521b24 .entry-meta {\n  margin-bottom: 15px;\n}\n.blog-shortcode.blog-masonry-shortcode-id-2c33f3d763742f0d9d4b127669521b24 .portfolio-categories {\n  margin-bottom: 15px;\n}\n.blog-shortcode.blog-masonry-shortcode-id-2c33f3d763742f0d9d4b127669521b24 .entry-excerpt {\n  margin-bottom: 5px;\n}\n.blog-shortcode.blog-masonry-shortcode-id-2c33f3d763742f0d9d4b127669521b24:not(.centered-layout-list) .post-entry-content {\n  padding: 25px 30px 30px 30px;\n}\n.blog-shortcode.blog-masonry-shortcode-id-2c33f3d763742f0d9d4b127669521b24:not(.centered-layout-list):not(.content-bg-on):not(.mode-list) .no-img .post-entry-content {\n  padding: 0;\n}\n@media screen and (max-width: ) {\n  .blog-shortcode.blog-masonry-shortcode-id-2c33f3d763742f0d9d4b127669521b24 article {\n    -ms-flex-flow: column nowrap;\n    flex-flow: column nowrap;\n    margin-top: 20px;\n  }\n  .blog-shortcode.blog-masonry-shortcode-id-2c33f3d763742f0d9d4b127669521b24.dividers-on article {\n    border: none;\n  }\n  .blog-shortcode.blog-masonry-shortcode-id-2c33f3d763742f0d9d4b127669521b24.content-bg-on.centered-layout-list article {\n    padding: 0;\n  }\n  .blog-shortcode.blog-masonry-shortcode-id-2c33f3d763742f0d9d4b127669521b24.blog-shortcode.dividers-on article,\n  .blog-shortcode.blog-masonry-shortcode-id-2c33f3d763742f0d9d4b127669521b24.dividers-on.classic-layout-list article {\n    margin-top: 20px;\n    padding: 0;\n  }\n  .blog-shortcode.blog-masonry-shortcode-id-2c33f3d763742f0d9d4b127669521b24.blog-shortcode.dividers-on article:first-of-type,\n  .blog-shortcode.blog-masonry-shortcode-id-2c33f3d763742f0d9d4b127669521b24.dividers-on.classic-layout-list article:first-of-type {\n    padding: 0;\n  }\n  #page .blog-shortcode.blog-masonry-shortcode-id-2c33f3d763742f0d9d4b127669521b24 .post-thumbnail-wrap,\n  #page .blog-shortcode.blog-masonry-shortcode-id-2c33f3d763742f0d9d4b127669521b24 .post-entry-content {\n    width: 100%;\n    margin: 0;\n    top: 0;\n  }\n  #page .blog-shortcode.blog-masonry-shortcode-id-2c33f3d763742f0d9d4b127669521b24 .post-thumbnail-wrap {\n    padding: 0;\n  }\n  #page .blog-shortcode.blog-masonry-shortcode-id-2c33f3d763742f0d9d4b127669521b24 .post-entry-content:after {\n    display: none;\n  }\n  #page .blog-shortcode.blog-masonry-shortcode-id-2c33f3d763742f0d9d4b127669521b24 .project-even .post-thumbnail-wrap,\n  #page .blog-shortcode.blog-masonry-shortcode-id-2c33f3d763742f0d9d4b127669521b24.centered-layout-list .post-thumbnail-wrap {\n    -ms-flex-order: 0;\n    order: 0;\n  }\n  #page .blog-shortcode.blog-masonry-shortcode-id-2c33f3d763742f0d9d4b127669521b24.centered-layout-list .post-entry-title-content {\n    -ms-flex-order: 1;\n    order: 1;\n    width: 100%;\n    padding: 20px 20px 0;\n  }\n  #page .blog-shortcode.blog-masonry-shortcode-id-2c33f3d763742f0d9d4b127669521b24.centered-layout-list .post-entry-content {\n    -ms-flex-order: 2;\n    order: 2;\n    padding-top: 0;\n  }\n  #page .blog-shortcode.blog-masonry-shortcode-id-2c33f3d763742f0d9d4b127669521b24 .fancy-categories {\n    top: 10px;\n    left: 10px;\n    bottom: auto;\n    right: auto;\n  }\n  #page .blog-shortcode.blog-masonry-shortcode-id-2c33f3d763742f0d9d4b127669521b24 .fancy-date a {\n    top: 10px;\n    right: 10px;\n    left: auto;\n    bottom: auto;\n  }\n  #page .blog-shortcode.blog-masonry-shortcode-id-2c33f3d763742f0d9d4b127669521b24 .post-entry-content {\n    padding: 20px;\n  }\n  #page .blog-shortcode.blog-masonry-shortcode-id-2c33f3d763742f0d9d4b127669521b24 .entry-title {\n    margin: 3px 0 5px;\n    font-size: 20px;\n    line-height: 26px;\n  }\n  #page .blog-shortcode.blog-masonry-shortcode-id-2c33f3d763742f0d9d4b127669521b24 .entry-meta {\n    margin: 5px 0 5px;\n  }\n  #page .blog-shortcode.blog-masonry-shortcode-id-2c33f3d763742f0d9d4b127669521b24 .entry-excerpt {\n    margin: 15px 0 0;\n  }\n  #page .blog-shortcode.blog-masonry-shortcode-id-2c33f3d763742f0d9d4b127669521b24 .post-details {\n    margin: 5px 0 10px;\n  }\n  #page .blog-shortcode.blog-masonry-shortcode-id-2c33f3d763742f0d9d4b127669521b24 .post-details.details-type-link {\n    margin-bottom: 2px;\n  }\n}\n.blog-shortcode.blog-masonry-shortcode-id-2c33f3d763742f0d9d4b127669521b24:not(.resize-by-browser-width) .dt-css-grid {\n  grid-row-gap: 30px;\n  grid-column-gap: 30px;\n  grid-template-columns: repeat(auto-fill,minmax(,1fr));\n}\n.blog-shortcode.blog-masonry-shortcode-id-2c33f3d763742f0d9d4b127669521b24:not(.resize-by-browser-width) .dt-css-grid .double-width {\n  grid-column: span 2;\n}\n.cssgridlegacy.no-cssgrid .blog-shortcode.blog-masonry-shortcode-id-2c33f3d763742f0d9d4b127669521b24:not(.resize-by-browser-width) .dt-css-grid,\n.no-cssgridlegacy.no-cssgrid .blog-shortcode.blog-masonry-shortcode-id-2c33f3d763742f0d9d4b127669521b24:not(.resize-by-browser-width) .dt-css-grid {\n  display: flex;\n  flex-flow: row wrap;\n  margin: -15px;\n}\n.cssgridlegacy.no-cssgrid .blog-shortcode.blog-masonry-shortcode-id-2c33f3d763742f0d9d4b127669521b24:not(.resize-by-browser-width) .dt-css-grid .wf-cell,\n.no-cssgridlegacy.no-cssgrid .blog-shortcode.blog-masonry-shortcode-id-2c33f3d763742f0d9d4b127669521b24:not(.resize-by-browser-width) .dt-css-grid .wf-cell {\n  flex: 1 0 ;\n  max-width: 100%;\n  padding: 15px;\n  box-sizing: border-box;\n}\n.blog-shortcode.blog-masonry-shortcode-id-2c33f3d763742f0d9d4b127669521b24.resize-by-browser-width .dt-css-grid {\n  grid-template-columns: repeat(2,1fr);\n  grid-template-rows: auto;\n  grid-column-gap: 30px;\n  grid-row-gap: 30px;\n}\n.blog-shortcode.blog-masonry-shortcode-id-2c33f3d763742f0d9d4b127669521b24.resize-by-browser-width .dt-css-grid .double-width {\n  grid-column: span 2;\n}\n.cssgridlegacy.no-cssgrid .blog-shortcode.blog-masonry-shortcode-id-2c33f3d763742f0d9d4b127669521b24.resize-by-browser-width .dt-css-grid {\n  margin: -15px;\n}\n.cssgridlegacy.no-cssgrid .blog-shortcode.blog-masonry-shortcode-id-2c33f3d763742f0d9d4b127669521b24.resize-by-browser-width .dt-css-grid .wf-cell {\n  width: 50%;\n  padding: 15px;\n}\n.cssgridlegacy.no-cssgrid .blog-shortcode.blog-masonry-shortcode-id-2c33f3d763742f0d9d4b127669521b24.resize-by-browser-width .dt-css-grid .wf-cell.double-width {\n  width: calc(50%) * 2;\n}\n.blog-shortcode.blog-masonry-shortcode-id-2c33f3d763742f0d9d4b127669521b24.resize-by-browser-width:not(.centered-layout-list):not(.content-bg-on) .dt-css-grid {\n  grid-row-gap: 0px;\n}\n@media screen and (max-width: 1199px) {\n  .blog-shortcode.blog-masonry-shortcode-id-2c33f3d763742f0d9d4b127669521b24.resize-by-browser-width .dt-css-grid {\n    grid-template-columns: repeat(2,1fr);\n  }\n  .cssgridlegacy.no-cssgrid .blog-shortcode.blog-masonry-shortcode-id-2c33f3d763742f0d9d4b127669521b24.resize-by-browser-width .dt-css-grid .wf-cell,\n  .no-cssgridlegacy.no-cssgrid .blog-shortcode.blog-masonry-shortcode-id-2c33f3d763742f0d9d4b127669521b24.resize-by-browser-width .dt-css-grid .wf-cell {\n    width: 50%;\n  }\n  .cssgridlegacy.no-cssgrid .blog-shortcode.blog-masonry-shortcode-id-2c33f3d763742f0d9d4b127669521b24.resize-by-browser-width .dt-css-grid .wf-cell.double-width,\n  .no-cssgridlegacy.no-cssgrid .blog-shortcode.blog-masonry-shortcode-id-2c33f3d763742f0d9d4b127669521b24.resize-by-browser-width .dt-css-grid .wf-cell.double-width {\n    width: calc(50%)*2;\n  }\n}\n@media screen and (max-width: 991px) {\n  .blog-shortcode.blog-masonry-shortcode-id-2c33f3d763742f0d9d4b127669521b24.resize-by-browser-width .dt-css-grid {\n    grid-template-columns: repeat(1,1fr);\n  }\n  .cssgridlegacy.no-cssgrid .blog-shortcode.blog-masonry-shortcode-id-2c33f3d763742f0d9d4b127669521b24.resize-by-browser-width .dt-css-grid .wf-cell,\n  .no-cssgridlegacy.no-cssgrid .blog-shortcode.blog-masonry-shortcode-id-2c33f3d763742f0d9d4b127669521b24.resize-by-browser-width .dt-css-grid .wf-cell {\n    width: 100%;\n  }\n  .cssgridlegacy.no-cssgrid .blog-shortcode.blog-masonry-shortcode-id-2c33f3d763742f0d9d4b127669521b24.resize-by-browser-width .dt-css-grid .wf-cell.double-width,\n  .no-cssgridlegacy.no-cssgrid .blog-shortcode.blog-masonry-shortcode-id-2c33f3d763742f0d9d4b127669521b24.resize-by-browser-width .dt-css-grid .wf-cell.double-width {\n    width: calc(100%)*2;\n  }\n}\n@media screen and (max-width: 767px) {\n  .blog-shortcode.blog-masonry-shortcode-id-2c33f3d763742f0d9d4b127669521b24.resize-by-browser-width .dt-css-grid {\n    grid-template-columns: repeat(1,1fr);\n  }\n  .blog-shortcode.blog-masonry-shortcode-id-2c33f3d763742f0d9d4b127669521b24.resize-by-browser-width .dt-css-grid .double-width {\n    grid-column: span 1;\n  }\n  .cssgridlegacy.no-cssgrid .blog-shortcode.blog-masonry-shortcode-id-2c33f3d763742f0d9d4b127669521b24.resize-by-browser-width .dt-css-grid .wf-cell,\n  .no-cssgridlegacy.no-cssgrid .blog-shortcode.blog-masonry-shortcode-id-2c33f3d763742f0d9d4b127669521b24.resize-by-browser-width .dt-css-grid .wf-cell {\n    width: 100%;\n  }\n  .cssgridlegacy.no-cssgrid .blog-shortcode.blog-masonry-shortcode-id-2c33f3d763742f0d9d4b127669521b24.resize-by-browser-width .dt-css-grid .wf-cell.double-width,\n  .no-cssgridlegacy.no-cssgrid .blog-shortcode.blog-masonry-shortcode-id-2c33f3d763742f0d9d4b127669521b24.resize-by-browser-width .dt-css-grid .wf-cell.double-width {\n    width: calc(100%)*2;\n  }\n}<\/style><div class=\"blog-shortcode blog-masonry-shortcode-id-2c33f3d763742f0d9d4b127669521b24 mode-grid classic-layout-list content-bg-on jquery-filter scale-img dt-css-grid-wrap dt-icon-bg-off resize-by-browser-width loading-effect-none description-under-image \" data-padding=\"15px\" data-cur-page=\"1\" data-post-limit=\"-1\" data-pagination-mode=\"none\" data-desktop-columns-num=\"2\" data-v-tablet-columns-num=\"1\" data-h-tablet-columns-num=\"2\" data-phone-columns-num=\"1\" data-width=\"0px\" data-columns=\"0\"><div class=\"dt-css-grid\" ><div class=\"visible wf-cell\" data-post-id=\"80395\" data-date=\"2022-11-11T22:18:11+00:00\" data-name=\"\ud83c\udfac &quot;Phantom&quot; von Friedrich Wilhelm Murnau digital und als limitiertes Mediabook erh\u00e4ltlich\"><article class=\"post project-odd visible post-80395 type-post status-publish format-standard has-post-thumbnail hentry category-b-spree-classics category-b-spree-pictures category-film category-filmklassiker category-news tag-100-jahre tag-13-11-1922 tag-b-spree-classics tag-berlin tag-friedrich-wilhelm-murnau tag-gerhart-hauptmann tag-kinoorgel tag-murnau-stiftung tag-phantom tag-ufa-palast tag-ufa-palast-am-zoo category-10894 category-9377 category-8 category-7004 category-13\" data-name=\"\ud83c\udfac &#8222;Phantom&#8220; von Friedrich Wilhelm Murnau digital und als limitiertes Mediabook erh\u00e4ltlich\" data-date=\"2022-11-11T22:18:11+00:00\">\n\n<div class=\"post-thumbnail-wrap\">\n\t<div class=\"post-thumbnail\">\n\t\t\n\t\t\n\t\t<a href=\"https:\/\/ucm.one\/de\/phantom-von-friedrich-wilhelm-murnau-digital-und-als-limitiertes-mediabook-erhaeltlich\/\" class=\"post-thumbnail-rollover layzr-bg layzr-bg\" ><img fetchpriority=\"high\" decoding=\"async\" class=\"iso-lazy-load preload-me iso-lazy-load aspect\" src=\"data:image\/svg+xml,%3Csvg%20xmlns%3D&#39;http%3A%2F%2Fwww.w3.org%2F2000%2Fsvg&#39;%20viewBox%3D&#39;0%200%20990%20309&#39;%2F%3E\" data-src=\"https:\/\/ucm.one\/wp-content\/uploads\/2022\/11\/B-Phantom-990x309.jpg\" data-srcset=\"https:\/\/ucm.one\/wp-content\/uploads\/2022\/11\/B-Phantom-990x309.jpg 990w, https:\/\/ucm.one\/wp-content\/uploads\/2022\/11\/B-Phantom-1485x464.jpg 1485w\" loading=\"eager\" style=\"--ratio: 990 \/ 309\" sizes=\"(max-width: 990px) 100vw, 990px\" alt=\"\" title=\"B Phantom\" width=\"990\" height=\"309\"  \/><\/a>\t<\/div>\n<\/div>\n\n\n<div class=\"post-entry-content\">\n\n\t<h3 class=\"entry-title\">\n\t\t<a href=\"https:\/\/ucm.one\/de\/phantom-von-friedrich-wilhelm-murnau-digital-und-als-limitiertes-mediabook-erhaeltlich\/\" title=\"\ud83c\udfac &#8222;Phantom&#8220; von Friedrich Wilhelm Murnau digital und als limitiertes Mediabook erh\u00e4ltlich\" rel=\"bookmark\">\ud83c\udfac &#8222;Phantom&#8220; von Friedrich Wilhelm Murnau digital und als limitiertes Mediabook erh\u00e4ltlich<\/a>\n\t<\/h3>\n\n\t<div class=\"entry-meta\"><span class=\"category-link\"><a href=\"https:\/\/ucm.one\/de\/category\/news\/film\/b-spree-pictures\/b-spree-classics\/\" >B-Spree Classics<\/a>, <a href=\"https:\/\/ucm.one\/de\/category\/news\/film\/b-spree-pictures\/\" >B-Spree Pictures<\/a>, <a href=\"https:\/\/ucm.one\/de\/category\/news\/film\/\" >Film<\/a>, <a href=\"https:\/\/ucm.one\/de\/category\/news\/filmklassiker\/\" >Filmklassiker<\/a>, <a href=\"https:\/\/ucm.one\/de\/category\/news\/\" >News<\/a><\/span><a class=\"author vcard\" href=\"\" title=\"Zeige alle Beitr\u00e4ge von Joachim Keil\" rel=\"author\">Von <span class=\"fn\">Joachim Keil<\/span><\/a><a href=\"https:\/\/ucm.one\/de\/2022\/11\/11\/\" title=\"22:18\" class=\"data-link\" rel=\"bookmark\"><time class=\"entry-date updated\" datetime=\"2022-11-11T22:18:11+00:00\">11. November 2022<\/time><\/a><\/div>\n\t<div class=\"entry-excerpt\"><p>[vc_row][vc_column][vc_column_text] UCM.ONE ver\u00f6ffentlicht in Zusammenarbeit mit der Murnau Stiftung zum 100j\u00e4hrigen Jubil\u00e4um der Urauff\u00fchrung den verschollen geglaubten, gro\u00dfen deutschen Murnau-Filmklassiker, erstmalig in atemberaubender Restauration, p\u00fcnktlich zum 100- j\u00e4hrigen Jubil\u00e4um seiner Urauff\u00fchrung am 13. November 1922. Film &#8222;Phantom&#8220; als Limited Mediabook (in HD neu abgetastet, Blu-ray+DVD+24-seitiges Booklet) sowie bei ausgew\u00e4hlten Download-Portalen. [\/vc_column_text][vc_column_text]Die literarische Vorlage zu Friedrich&hellip;<\/p>\n<\/div>\n\t\n<a href=\"https:\/\/ucm.one\/de\/phantom-von-friedrich-wilhelm-murnau-digital-und-als-limitiertes-mediabook-erhaeltlich\/\" class=\"post-details details-type-link\" aria-label=\"Read more about \ud83c\udfac &#8222;Phantom&#8220; von Friedrich Wilhelm Murnau digital und als limitiertes Mediabook erh\u00e4ltlich\">Mehr lesen<i class=\"dt-icon-the7-arrow-03\" aria-hidden=\"true\"><\/i><\/a>\n\n<\/div><\/article><\/div><div class=\"visible wf-cell\" data-post-id=\"79938\" data-date=\"2022-11-07T18:19:47+00:00\" data-name=\"\ud83c\udfac 100 Jahre &quot;Phantom&quot; von Friedrich Wilhelm Murnau im Kino Babylon in Berlin\"><article class=\"post project-odd visible post-79938 type-post status-publish format-standard has-post-thumbnail hentry category-b-spree-classics category-b-spree-pictures category-film category-filmklassiker category-kino category-news tag-100-jahre tag-13-11-1922 tag-b-spree-classics tag-babylon tag-berlin tag-friedrich-wilhelm-murnau tag-gerhart-hauptmann tag-kinoorgel tag-murnau-stiftung tag-phantom tag-ufa-palast-am-zoo category-10894 category-9377 category-8 category-7004 category-10 category-13\" data-name=\"\ud83c\udfac 100 Jahre &#8222;Phantom&#8220; von Friedrich Wilhelm Murnau im Kino Babylon in Berlin\" data-date=\"2022-11-07T18:19:47+00:00\">\n\n<div class=\"post-thumbnail-wrap\">\n\t<div class=\"post-thumbnail\">\n\t\t\n\t\t\n\t\t<a href=\"https:\/\/ucm.one\/de\/100-jahre-phantom-von-friedrich-wilhelm-murnau-im-kino-babylon-in-berlin\/\" class=\"post-thumbnail-rollover layzr-bg layzr-bg\" ><img decoding=\"async\" class=\"iso-lazy-load preload-me iso-lazy-load aspect\" src=\"data:image\/svg+xml,%3Csvg%20xmlns%3D&#39;http%3A%2F%2Fwww.w3.org%2F2000%2Fsvg&#39;%20viewBox%3D&#39;0%200%20990%20309&#39;%2F%3E\" data-src=\"https:\/\/ucm.one\/wp-content\/uploads\/2022\/11\/B-100-Jahre-Phantom-990x309.jpg\" data-srcset=\"https:\/\/ucm.one\/wp-content\/uploads\/2022\/11\/B-100-Jahre-Phantom-990x309.jpg 990w, https:\/\/ucm.one\/wp-content\/uploads\/2022\/11\/B-100-Jahre-Phantom-1485x464.jpg 1485w\" loading=\"eager\" style=\"--ratio: 990 \/ 309\" sizes=\"(max-width: 990px) 100vw, 990px\" alt=\"\" title=\"B 100 Jahre Phantom\" width=\"990\" height=\"309\"  \/><\/a>\t<\/div>\n<\/div>\n\n\n<div class=\"post-entry-content\">\n\n\t<h3 class=\"entry-title\">\n\t\t<a href=\"https:\/\/ucm.one\/de\/100-jahre-phantom-von-friedrich-wilhelm-murnau-im-kino-babylon-in-berlin\/\" title=\"\ud83c\udfac 100 Jahre &#8222;Phantom&#8220; von Friedrich Wilhelm Murnau im Kino Babylon in Berlin\" rel=\"bookmark\">\ud83c\udfac 100 Jahre &#8222;Phantom&#8220; von Friedrich Wilhelm Murnau im Kino Babylon in Berlin<\/a>\n\t<\/h3>\n\n\t<div class=\"entry-meta\"><span class=\"category-link\"><a href=\"https:\/\/ucm.one\/de\/category\/news\/film\/b-spree-pictures\/b-spree-classics\/\" >B-Spree Classics<\/a>, <a href=\"https:\/\/ucm.one\/de\/category\/news\/film\/b-spree-pictures\/\" >B-Spree Pictures<\/a>, <a href=\"https:\/\/ucm.one\/de\/category\/news\/film\/\" >Film<\/a>, <a href=\"https:\/\/ucm.one\/de\/category\/news\/filmklassiker\/\" >Filmklassiker<\/a>, <a href=\"https:\/\/ucm.one\/de\/category\/news\/kino\/\" >Kino<\/a>, <a href=\"https:\/\/ucm.one\/de\/category\/news\/\" >News<\/a><\/span><a class=\"author vcard\" href=\"\" title=\"Zeige alle Beitr\u00e4ge von Joachim Keil\" rel=\"author\">Von <span class=\"fn\">Joachim Keil<\/span><\/a><a href=\"https:\/\/ucm.one\/de\/2022\/11\/07\/\" title=\"18:19\" class=\"data-link\" rel=\"bookmark\"><time class=\"entry-date updated\" datetime=\"2022-11-07T18:19:47+00:00\">7. November 2022<\/time><\/a><\/div>\n\t<div class=\"entry-excerpt\"><p>[vc_row][vc_column][vc_column_text]In der Nacht zum Sonntag, den 13. November 2022, pr\u00e4sentiert die Murnau Stiftung in Kooperation mit\u00a0UCM.ONE um Mitternacht im Kino Babylon\u00a0in Berlin Mitte den Film &#8222;Phantom&#8220; von Friedrich Wilhelm Murnau. Der Stummfilm aus dem Jahr 1922 feiert an dem Datum exakt seine 100j\u00e4hrige Urauff\u00fchrung in Berlin. Der Film wird im Babylon bei freiem Eintritt auf&hellip;<\/p>\n<\/div>\n\t\n<a href=\"https:\/\/ucm.one\/de\/100-jahre-phantom-von-friedrich-wilhelm-murnau-im-kino-babylon-in-berlin\/\" class=\"post-details details-type-link\" aria-label=\"Read more about \ud83c\udfac 100 Jahre &#8222;Phantom&#8220; von Friedrich Wilhelm Murnau im Kino Babylon in Berlin\">Mehr lesen<i class=\"dt-icon-the7-arrow-03\" aria-hidden=\"true\"><\/i><\/a>\n\n<\/div><\/article><\/div><div class=\"visible wf-cell\" data-post-id=\"36010\" data-date=\"2019-11-16T13:10:41+00:00\" data-name=\"&quot;cinefest - XVI. Internationales Festival des deutschen Film-Erbes&quot; in Hamburg er\u00f6ffnet\"><article class=\"post project-odd visible post-36010 type-post status-publish format-standard has-post-thumbnail hentry category-artkeim category-darling-berlin category-edition-cinefest category-film category-filmklassiker category-news tag-bundesarchiv tag-cinefest tag-cinegraph tag-curd-juergens tag-defa tag-deutsches-filmerbe tag-die-endlose-nacht tag-edition-cinefest tag-festival tag-filmerbe tag-filmklassiker tag-gerhard-klingenberg tag-giovanni-spagnoletti tag-guenter-pfitzmann tag-hamburg tag-hannelore-elsner tag-hans-michael-bock tag-harald-leipnitz tag-hildegard-knef tag-ingrid-van-bergen tag-jo-herbst tag-jochen-wiedermann tag-karin-baal tag-karin-huebner tag-kommunales-kino-metropolis tag-metropolis tag-murnau-stiftung tag-pavla-ustinov tag-reinhold-schuenzel-preis tag-thomas-piper tag-ursela-monn tag-warum-die-ufos-den-salat-klauen tag-was-waere tag-wenn tag-will-tremper tag-wir-kellerkinder tag-wolfgang-gruner tag-wolfgang-neuss category-828 category-830 category-6979 category-8 category-7004 category-13\" data-name=\"&#8222;cinefest &#8211; XVI. Internationales Festival des deutschen Film-Erbes&#8220; in Hamburg er\u00f6ffnet\" data-date=\"2019-11-16T13:10:41+00:00\">\n\n<div class=\"post-thumbnail-wrap\">\n\t<div class=\"post-thumbnail\">\n\t\t\n\t\t\n\t\t<a href=\"https:\/\/ucm.one\/de\/cinefest-xvi-internationales-festival-des-deutschen-film-erbes-in-hamburg-eroeffnet\/\" class=\"post-thumbnail-rollover layzr-bg layzr-bg\" ><img decoding=\"async\" class=\"iso-lazy-load preload-me iso-lazy-load aspect\" src=\"data:image\/svg+xml,%3Csvg%20xmlns%3D&#39;http%3A%2F%2Fwww.w3.org%2F2000%2Fsvg&#39;%20viewBox%3D&#39;0%200%20990%20309&#39;%2F%3E\" data-src=\"https:\/\/ucm.one\/wp-content\/uploads\/2019\/11\/B-Cinefest-Nov-2019-Hamburg-990x309.jpg\" data-srcset=\"https:\/\/ucm.one\/wp-content\/uploads\/2019\/11\/B-Cinefest-Nov-2019-Hamburg-990x309.jpg 990w, https:\/\/ucm.one\/wp-content\/uploads\/2019\/11\/B-Cinefest-Nov-2019-Hamburg-1485x464.jpg 1485w\" loading=\"eager\" style=\"--ratio: 990 \/ 309\" sizes=\"(max-width: 990px) 100vw, 990px\" alt=\"\" title=\"B Cinefest Nov 2019 Hamburg\" width=\"990\" height=\"309\"  \/><\/a>\t<\/div>\n<\/div>\n\n\n<div class=\"post-entry-content\">\n\n\t<h3 class=\"entry-title\">\n\t\t<a href=\"https:\/\/ucm.one\/de\/cinefest-xvi-internationales-festival-des-deutschen-film-erbes-in-hamburg-eroeffnet\/\" title=\"&#8222;cinefest &#8211; XVI. Internationales Festival des deutschen Film-Erbes&#8220; in Hamburg er\u00f6ffnet\" rel=\"bookmark\">&#8222;cinefest &#8211; XVI. Internationales Festival des deutschen Film-Erbes&#8220; in Hamburg er\u00f6ffnet<\/a>\n\t<\/h3>\n\n\t<div class=\"entry-meta\"><span class=\"category-link\"><a href=\"https:\/\/ucm.one\/de\/category\/news\/film\/artkeim\/\" >Artkeim\u00b2<\/a>, <a href=\"https:\/\/ucm.one\/de\/category\/news\/film\/darling-berlin\/\" >Darling Berlin<\/a>, <a href=\"https:\/\/ucm.one\/de\/category\/news\/film\/artkeim\/edition-cinefest\/\" >Edition Cinefest<\/a>, <a href=\"https:\/\/ucm.one\/de\/category\/news\/film\/\" >Film<\/a>, <a href=\"https:\/\/ucm.one\/de\/category\/news\/filmklassiker\/\" >Filmklassiker<\/a>, <a href=\"https:\/\/ucm.one\/de\/category\/news\/\" >News<\/a><\/span><a class=\"author vcard\" href=\"\" title=\"Zeige alle Beitr\u00e4ge von Joachim Keil\" rel=\"author\">Von <span class=\"fn\">Joachim Keil<\/span><\/a><a href=\"https:\/\/ucm.one\/de\/2019\/11\/16\/\" title=\"13:10\" class=\"data-link\" rel=\"bookmark\"><time class=\"entry-date updated\" datetime=\"2019-11-16T13:10:41+00:00\">16. November 2019<\/time><\/a><\/div>\n\t<div class=\"entry-excerpt\"><p>[vc_row][vc_column][vc_column_text]Heute wird im Kommunalen Kino Metropolis (Kleine Theaterstr. 10) in Hamburg feierlich das diesj\u00e4hrige cinefest &#8211; XVI. Internationales Festival des deutschen Film-Erbes er\u00f6ffnet, welches vom 16. bis 24. November in Hamburg stattfinden.\u00a0UCM.ONE ist in diesem Jahr erstmalig als Partner mit dabei. Zuk\u00fcnftig werden cinefest und UCM.ONE regelm\u00e4\u00dfig auserlesene Filmperlen ver\u00f6ffentlichen, die im Rahmen des Festivals&hellip;<\/p>\n<\/div>\n\t\n<a href=\"https:\/\/ucm.one\/de\/cinefest-xvi-internationales-festival-des-deutschen-film-erbes-in-hamburg-eroeffnet\/\" class=\"post-details details-type-link\" aria-label=\"Read more about &#8222;cinefest &#8211; XVI. Internationales Festival des deutschen Film-Erbes&#8220; in Hamburg er\u00f6ffnet\">Mehr lesen<i class=\"dt-icon-the7-arrow-03\" aria-hidden=\"true\"><\/i><\/a>\n\n<\/div><\/article><\/div><\/div><!-- iso-container|iso-grid --><\/div>[vc_empty_space height=&#8220;25px&#8220;][vc_btn title=&#8220;Alle News&#8220; style=&#8220;classic&#8220; align=&#8220;right&#8220; i_icon_fontawesome=&#8220;fas fa-newspaper&#8220; add_icon=&#8220;true&#8220; link=&#8220;url:https%3A%2F%2Fucm.one%2Fde%2F%3Fs%3D%2522murnau%2Bstiftung%2522%26lang%3Dde|title:Murnau%20Stiftung&#8220;][vc_empty_space height=&#8220;0px&#8220;][\/vc_column][\/vc_row][vc_row][vc_column][vc_separator color=&#8220;blue&#8220;][\/vc_column][\/vc_row][vc_row css=&#8220;.vc_custom_1518458873891{margin-top: 65px !important;}&#8220;][vc_column width=&#8220;1\/4&#8243;][vc_btn title=&#8220;U8 Films Berlin&#8220; style=&#8220;flat&#8220; size=&#8220;lg&#8220; align=&#8220;center&#8220; i_icon_fontawesome=&#8220;fas fa-arrow-right&#8220; button_block=&#8220;true&#8220; add_icon=&#8220;true&#8220; link=&#8220;url:https%3A%2F%2Fucm.one%2Fde%2Ffilm-labels%2Fu1-films-berlin%2F%23u8-films-berlin|title:U8%20Films%20Berlin&#8220;][\/vc_column][vc_column width=&#8220;1\/4&#8243;][vc_btn title=&#8220;Filmportal&#8220; style=&#8220;flat&#8220; color=&#8220;blue&#8220; size=&#8220;lg&#8220; align=&#8220;center&#8220; i_icon_fontawesome=&#8220;fas fa-film&#8220; button_block=&#8220;true&#8220; add_icon=&#8220;true&#8220; link=&#8220;url:https%3A%2F%2Fwww.filmportal.de%2Ffilm%2Fphantom_ac3177fc867140d8898e646db498c207|title:Filportal|target:_blank&#8220;][\/vc_column][vc_column width=&#8220;1\/4&#8243;][vc_btn title=&#8220;IMDb&#8220; style=&#8220;flat&#8220; color=&#8220;blue&#8220; size=&#8220;lg&#8220; align=&#8220;center&#8220; i_icon_fontawesome=&#8220;fab fa-imdb&#8220; button_block=&#8220;true&#8220; add_icon=&#8220;true&#8220; link=&#8220;url:https%3A%2F%2Fwww.imdb.com%2Ftitle%2Ftt0013496%2F%3Fref_%3Dfn_al_tt_0|title:IMDB|target:_blank&#8220;][\/vc_column][vc_column width=&#8220;1\/4&#8243;][vc_btn title=&#8220;Wikipedia&#8220; style=&#8220;flat&#8220; color=&#8220;blue&#8220; size=&#8220;lg&#8220; align=&#8220;center&#8220; i_icon_fontawesome=&#8220;fab fa-wikipedia-w&#8220; button_block=&#8220;true&#8220; add_icon=&#8220;true&#8220; link=&#8220;url:https%3A%2F%2Fde.wikipedia.org%2Fwiki%2FPhantom_(1922)|title:Wikipedia|target:_blank&#8220;][\/vc_column][\/vc_row][vc_row content_placement=&#8220;middle&#8220; bg_type=&#8220;grad&#8220; ult_hide_row=&#8220;ult_hide_row_value&#8220; ult_hide_row_large_screen=&#8220;large_screen&#8220; ult_hide_row_desktop=&#8220;desktop&#8220; css=&#8220;.vc_custom_1518701755537{margin-top: 0px !important;padding-top: -50px !important;}&#8220; bg_grad=&#8220;background: -webkit-gradient(linear, left top, left bottom, color-stop(0%, #E3E3E3), color-stop(0%, #FFFFFF), color-stop(6%, #FFFFFF), color-stop(7%, #FFFFFF), color-stop(50%, #FFFFFF));background: -moz-linear-gradient(top,#E3E3E3 0%,#FFFFFF 0%,#FFFFFF 6%,#FFFFFF 7%,#FFFFFF 50%);background: -webkit-linear-gradient(top,#E3E3E3 0%,#FFFFFF 0%,#FFFFFF 6%,#FFFFFF 7%,#FFFFFF 50%);background: -o-linear-gradient(top,#E3E3E3 0%,#FFFFFF 0%,#FFFFFF 6%,#FFFFFF 7%,#FFFFFF 50%);background: -ms-linear-gradient(top,#E3E3E3 0%,#FFFFFF 0%,#FFFFFF 6%,#FFFFFF 7%,#FFFFFF 50%);background: linear-gradient(top,#E3E3E3 0%,#FFFFFF 0%,#FFFFFF 6%,#FFFFFF 7%,#FFFFFF 50%);&#8220;][vc_column][vc_btn title=&#8220;Kontakt&#8220; style=&#8220;flat&#8220; color=&#8220;primary&#8220; size=&#8220;lg&#8220; align=&#8220;center&#8220; i_icon_fontawesome=&#8220;far fa-envelope&#8220; button_block=&#8220;true&#8220; add_icon=&#8220;true&#8220; link=&#8220;url:https%3A%2F%2Fucm.one%2Fde%2Ffirma%2Fkontakt%2F|title:Kontakt&#8220;][\/vc_column][\/vc_row]<\/p>\n<\/div>","protected":false},"excerpt":{"rendered":"<p>[vc_row css=&#8220;.vc_custom_1561374765584{margin-top: 20px !important;}&#8220;][vc_column width=&#8220;3\/4&#8243; css=&#8220;.vc_custom_1561378576831{padding-right: 30px !important;}&#8220;][vc_column_text] Phantom: [\/vc_column_text][vc_column_text] &#8222;Phantom&#8220;\u00a0ist ein expressionistischer Stummfilm von Friedrich Wilhelm Murnau. &#8222;Phantom&#8220; zeigt eindrucksvoll und in murnauscher \u00c4sthetik die Geschichte des Stadtschreibers Lorenz Lubota \u00fcber seine Suche nach Erl\u00f6sung und der Verschwendung seines Potentials. Kein Fantasy-Horror wie &#8222;Nosferatu&#8220;, doch ein tief greifendes Drama \u00fcber unerf\u00fcllte Tr\u00e4umen und falsche&hellip;<\/p>\n","protected":false},"author":2,"featured_media":79898,"parent":0,"menu_order":2,"comment_status":"closed","ping_status":"closed","template":"","meta":{"_acf_changed":false,"footnotes":""},"class_list":["post-78189","page","type-page","status-publish","has-post-thumbnail","hentry","description-off"],"acf":[],"yoast_head":"<!-- This site is optimized with the Yoast SEO plugin v27.5 - https:\/\/yoast.com\/product\/yoast-seo-wordpress\/ -->\n<title>Phantom (1922) von Friedrich Wilhelm Murnau<\/title>\n<meta name=\"description\" content=\"&quot;Phantom&quot;\u00a0ist ein expressionistischer Stummfilm von Friedrich Wilhelm Murnau. Ein Drama \u00fcber unerf\u00fcllte Tr\u00e4umen und falsche Entscheidungen.\" \/>\n<meta name=\"robots\" content=\"index, follow, max-snippet:-1, max-image-preview:large, max-video-preview:-1\" \/>\n<link rel=\"canonical\" href=\"https:\/\/ucm.one\/de\/phantom\/\" \/>\n<meta property=\"og:locale\" content=\"de_DE\" \/>\n<meta property=\"og:type\" content=\"article\" \/>\n<meta property=\"og:title\" content=\"Phantom (1922) von Friedrich Wilhelm Murnau\" \/>\n<meta property=\"og:description\" content=\"&quot;Phantom&quot;\u00a0ist ein expressionistischer Stummfilm von Friedrich Wilhelm Murnau. Ein Drama \u00fcber unerf\u00fcllte Tr\u00e4umen und falsche Entscheidungen.\" \/>\n<meta property=\"og:url\" content=\"https:\/\/ucm.one\/de\/phantom\/\" \/>\n<meta property=\"og:site_name\" content=\"UCM.ONE\" \/>\n<meta property=\"article:modified_time\" content=\"2023-04-01T15:52:17+00:00\" \/>\n<meta property=\"og:image\" content=\"https:\/\/ucm.one\/wp-content\/uploads\/2022\/11\/P-Phantom.jpg\" \/>\n<meta name=\"twitter:card\" content=\"summary_large_image\" \/>\n<meta name=\"twitter:title\" content=\"Phantom (1922) von Friedrich Wilhelm Murnau\" \/>\n<meta name=\"twitter:description\" content=\"&quot;Phantom&quot;\u00a0ist ein expressionistischer Stummfilm von Friedrich Wilhelm Murnau. Ein Drama \u00fcber unerf\u00fcllte Tr\u00e4umen und falsche Entscheidungen.\" \/>\n<meta name=\"twitter:image\" content=\"https:\/\/ucm.one\/wp-content\/uploads\/2022\/11\/P-Phantom.jpg\" \/>\n<meta name=\"twitter:label1\" content=\"Gesch\u00e4tzte Lesezeit\" \/>\n\t<meta name=\"twitter:data1\" content=\"21\u00a0Minuten\" \/>\n<!-- \/ Yoast SEO plugin. -->","yoast_head_json":{"title":"Phantom (1922) von Friedrich Wilhelm Murnau","description":"\"Phantom\"\u00a0ist ein expressionistischer Stummfilm von Friedrich Wilhelm Murnau. Ein Drama \u00fcber unerf\u00fcllte Tr\u00e4umen und falsche Entscheidungen.","robots":{"index":"index","follow":"follow","max-snippet":"max-snippet:-1","max-image-preview":"max-image-preview:large","max-video-preview":"max-video-preview:-1"},"canonical":"https:\/\/ucm.one\/de\/phantom\/","og_locale":"de_DE","og_type":"article","og_title":"Phantom (1922) von Friedrich Wilhelm Murnau","og_description":"\"Phantom\"\u00a0ist ein expressionistischer Stummfilm von Friedrich Wilhelm Murnau. Ein Drama \u00fcber unerf\u00fcllte Tr\u00e4umen und falsche Entscheidungen.","og_url":"https:\/\/ucm.one\/de\/phantom\/","og_site_name":"UCM.ONE","article_modified_time":"2023-04-01T15:52:17+00:00","og_image":[{"url":"https:\/\/ucm.one\/wp-content\/uploads\/2022\/11\/P-Phantom.jpg","type":"","width":"","height":""}],"twitter_card":"summary_large_image","twitter_title":"Phantom (1922) von Friedrich Wilhelm Murnau","twitter_description":"\"Phantom\"\u00a0ist ein expressionistischer Stummfilm von Friedrich Wilhelm Murnau. Ein Drama \u00fcber unerf\u00fcllte Tr\u00e4umen und falsche Entscheidungen.","twitter_image":"https:\/\/ucm.one\/wp-content\/uploads\/2022\/11\/P-Phantom.jpg","twitter_misc":{"Gesch\u00e4tzte Lesezeit":"21\u00a0Minuten"},"schema":{"@context":"https:\/\/schema.org","@graph":[{"@type":"WebPage","@id":"https:\/\/ucm.one\/de\/phantom\/","url":"https:\/\/ucm.one\/de\/phantom\/","name":"Phantom (1922) von Friedrich Wilhelm Murnau","isPartOf":{"@id":"https:\/\/ucm.one\/de\/#website"},"primaryImageOfPage":{"@id":"https:\/\/ucm.one\/de\/phantom\/#primaryimage"},"image":{"@id":"https:\/\/ucm.one\/de\/phantom\/#primaryimage"},"thumbnailUrl":"https:\/\/ucm.one\/wp-content\/uploads\/2022\/11\/P-Phantom.jpg","datePublished":"2022-10-20T10:50:25+00:00","dateModified":"2023-04-01T15:52:17+00:00","description":"\"Phantom\"\u00a0ist ein expressionistischer Stummfilm von Friedrich Wilhelm Murnau. Ein Drama \u00fcber unerf\u00fcllte Tr\u00e4umen und falsche Entscheidungen.","breadcrumb":{"@id":"https:\/\/ucm.one\/de\/phantom\/#breadcrumb"},"inLanguage":"de","potentialAction":[{"@type":"ReadAction","target":["https:\/\/ucm.one\/de\/phantom\/"]}]},{"@type":"ImageObject","inLanguage":"de","@id":"https:\/\/ucm.one\/de\/phantom\/#primaryimage","url":"https:\/\/ucm.one\/wp-content\/uploads\/2022\/11\/P-Phantom.jpg","contentUrl":"https:\/\/ucm.one\/wp-content\/uploads\/2022\/11\/P-Phantom.jpg","width":699,"height":1000},{"@type":"BreadcrumbList","@id":"https:\/\/ucm.one\/de\/phantom\/#breadcrumb","itemListElement":[{"@type":"ListItem","position":1,"name":"Home","item":"https:\/\/ucm.one\/de\/"},{"@type":"ListItem","position":2,"name":"Phantom (1922) von Friedrich Wilhelm Murnau | B-Spree Classics"}]},{"@type":"WebSite","@id":"https:\/\/ucm.one\/de\/#website","url":"https:\/\/ucm.one\/de\/","name":"UCM.ONE","description":"","publisher":{"@id":"https:\/\/ucm.one\/de\/#organization"},"potentialAction":[{"@type":"SearchAction","target":{"@type":"EntryPoint","urlTemplate":"https:\/\/ucm.one\/de\/?s={search_term_string}"},"query-input":{"@type":"PropertyValueSpecification","valueRequired":true,"valueName":"search_term_string"}}],"inLanguage":"de"},{"@type":"Organization","@id":"https:\/\/ucm.one\/de\/#organization","name":"UCM.ONE","url":"https:\/\/ucm.one\/de\/","logo":{"@type":"ImageObject","inLanguage":"de","@id":"https:\/\/ucm.one\/de\/#\/schema\/logo\/image\/","url":"https:\/\/ucm.one\/wp-content\/uploads\/2019\/10\/UCM.ONE-Logo-RGB.svg","contentUrl":"https:\/\/ucm.one\/wp-content\/uploads\/2019\/10\/UCM.ONE-Logo-RGB.svg","width":1,"height":1,"caption":"UCM.ONE"},"image":{"@id":"https:\/\/ucm.one\/de\/#\/schema\/logo\/image\/"}}]}},"_links":{"self":[{"href":"https:\/\/ucm.one\/de\/wp-json\/wp\/v2\/pages\/78189","targetHints":{"allow":["GET"]}}],"collection":[{"href":"https:\/\/ucm.one\/de\/wp-json\/wp\/v2\/pages"}],"about":[{"href":"https:\/\/ucm.one\/de\/wp-json\/wp\/v2\/types\/page"}],"author":[{"embeddable":true,"href":"https:\/\/ucm.one\/de\/wp-json\/wp\/v2\/users\/2"}],"replies":[{"embeddable":true,"href":"https:\/\/ucm.one\/de\/wp-json\/wp\/v2\/comments?post=78189"}],"version-history":[{"count":0,"href":"https:\/\/ucm.one\/de\/wp-json\/wp\/v2\/pages\/78189\/revisions"}],"wp:featuredmedia":[{"embeddable":true,"href":"https:\/\/ucm.one\/de\/wp-json\/wp\/v2\/media\/79898"}],"wp:attachment":[{"href":"https:\/\/ucm.one\/de\/wp-json\/wp\/v2\/media?parent=78189"}],"curies":[{"name":"wp","href":"https:\/\/api.w.org\/{rel}","templated":true}]}}