{"id":78127,"date":"2022-10-20T14:10:03","date_gmt":"2022-10-20T14:10:03","guid":{"rendered":"https:\/\/ucm.one\/?page_id=78127"},"modified":"2023-04-01T16:59:57","modified_gmt":"2023-04-01T16:59:57","slug":"hanussen","status":"publish","type":"page","link":"https:\/\/ucm.one\/de\/hanussen\/","title":{"rendered":"Hanussen (1988) von Istv\u00e1n Sz\u00e1bo | U8 Films Berlin"},"content":{"rendered":"<div class=\"wpb-content-wrapper\"><p>[vc_row css=&#8220;.vc_custom_1561374765584{margin-top: 20px !important;}&#8220;][vc_column width=&#8220;3\/4&#8243; css=&#8220;.vc_custom_1561378576831{padding-right: 30px !important;}&#8220;][vc_column_text]<\/p>\n<h1>Hanussen<span style=\"color: #ffffff;\">:<\/span><\/h1>\n<p>[\/vc_column_text][vc_column_text]<\/p>\n<p style=\"font-weight: 400;\"><strong>Istv\u00e1n Sz\u00e1bo<\/strong> insziniert eindrucksvoll in seinem Film &#8222;<strong>Hanussen<\/strong>&#8220; den Aufstieg und Fall des selbsternannten Hellsehers Erik Jan Hanussen. In der Hauptrolle brilliert <strong>Klaus Maria Brandauer <\/strong>neben <strong><span style=\"font-weight: 400;\"><strong>Erland <\/strong><strong>Josephson<\/strong>, <strong>Ildik\u00f3 <\/strong><strong>B\u00e1ns\u00e1gi<\/strong>, <strong>Walter <\/strong><strong>Schmidinger.<\/strong><\/span><\/strong><\/p>\n<p>[\/vc_column_text][vc_column_text]<span style=\"font-size: 18pt;\">Inhalt des Films<\/span><\/p>\n<div>\n<p><span style=\"font-weight: 400;\">Der Zugf\u00fchrer Klaus Schneider wird im ersten Weltkrieg verwundet in ein Lazarett eingeliefert. Der dortige Arzt Dr. Bettelheim behandelt Schneiders schwere Kopfverletzung und findet heraus, dass Schneider hellseherische F\u00e4higkeiten hat. Nach dem Krieg trifft Schneider seinen fr\u00fcheren Vorgesetzten, Hauptmann Nowotny wieder. Nowotny sorgte im Krieg f\u00fcr die Unterhaltung der Soldaten, indem er ein Wandertheater an der Front betrieb. Er nahm sich jetzt Schneider an und will ihn ber\u00fchmt machen. Er schl\u00e4gt ihm vor seinen Namen zu \u00e4ndern, den mit Klaus Schneider k\u00f6nnen die Menschen nichts anfangen. Sein Name wird in Jan Erik Hanussen ge\u00e4ndert und der neue Hanussen legt Wert auf seine <\/span><i><span style=\"font-weight: 400;\">d\u00e4nische<\/span><\/i><span style=\"font-weight: 400;\"> Abstammung! Nowotny macht aus Hanussen einen Variete Star. <\/span><\/p>\n<p><span style=\"font-weight: 400;\">Gro\u00dfe Aufmerksamkeit erregte dieser, als er den Untergang eines Kreuzfahrtschiffes vorher sagte. Hanussen wir verhaftet und wegen Hochstapelei angeklagt. Da man ihm die Vorw\u00fcrfe nicht nachweisen kann, wird er freigesprochen. Er zieht gemeinsam mit Nowotny und seiner Freundin Wally nach Berlin. Dort verkehrt er in den Kreisen der oberen Zehntausend. Hanussen ist zwar Jude, dennoch biedert er sich bei den Nationalsozialisten an. In diesen Kreisen gibt man sich gerne mit ihm ab, seine j\u00fcdische Abstammung ist zun\u00e4chst nicht bekannt.<\/span><\/p>\n<\/div>\n<p>[\/vc_column_text][vc_row_inner][vc_column_inner width=&#8220;1\/2&#8243;][vc_single_image image=&#8220;78609&#8243; img_size=&#8220;full&#8220; onclick=&#8220;link_image&#8220;][\/vc_column_inner][vc_column_inner width=&#8220;1\/2&#8243;][vc_single_image image=&#8220;78049&#8243; img_size=&#8220;full&#8220; onclick=&#8220;link_image&#8220;][\/vc_column_inner][\/vc_row_inner][vc_column_text]<span style=\"font-weight: 400;\">Hanussen ist inzwischen reich geworden. Er ist in Gesellschaftskreisen durchaus gro\u00dfz\u00fcgig und unterst\u00fctzt die Nazis im Wahlkampf. Er sagt den Wahlsieg von Adolf Hitler voraus und behauptet dieser werde neuer Reichskanzler. Hanussen sollte recht behalten. War es aber eine Vorhersage, oder war es einfach nur Zufall? 1933, die Nazis kommen an die Macht. Hanussen ist inzwischen fest in der F\u00fchrung der SA verwurzelt. Er d\u00fcrfte aus dieser Quelle erfahren haben, das die Nazis den Reichstag in Brand setzen wollen. Hanussen macht auch das \u00f6ffentlich. Wenige Tage sp\u00e4ter brennt der Reichstag. Seine Freunde Nowotny und Wally sind entsetzt. Hanussen hatte immer darauf geachtet sich \u00f6ffentlich niemals politisch zu \u00e4u\u00dfern. <\/span><\/p>\n<p><span style=\"font-weight: 400;\">Hanussen ist aber nun der gro\u00dfe Star und wird von der Boulevardpresse gefeiert. F\u00fcr die SA-F\u00fchrer ist er nun aber ein Verr\u00e4ter und wird verhaftet. Au\u00dferdem wurde bekannt, das Hanussen Jude ist. Viele Deutsche hatten Hanussen f\u00fcr einen Nationalsozialisten gehalten und pl\u00f6tzlich war er ein Volksfeind. Die SA Schergen ermordeten ihn in der Nacht vom 24. auf den 25. M\u00e4rz 1933.\u00a0<\/span>[\/vc_column_text][vc_single_image image=&#8220;78615&#8243; img_size=&#8220;full&#8220; onclick=&#8220;link_image&#8220;][vc_column_text]<span style=\"font-size: 18pt;\">Produktionsgeschichte<\/span><\/p>\n<p><span style=\"font-weight: 400;\">Der Film ist eine ungarisch-\u00f6sterreichisch-deutsche Koproduktion. Aus Deutschland wurde der Film von der <strong>CCC<\/strong>&#8211;<strong>Filmkunst<\/strong> von <strong>Artur<\/strong> <strong>Brauner<\/strong> und dem <strong>ZDF<\/strong> finanziert. Die Handlung entspricht zwar weitgehend den historischen Tatsachen, aber die Person des Jan Erik Hanussen wird hier sehr viel positiver dargestellt als sie in Wirklichkeit war. Vor allem sorgt<strong> Klaus Maria Brandauer<\/strong> mit seiner Darstellung f\u00fcr diese positive Person. Hanussen war in Wirklichkeit ein Gauner, Betr\u00fcger und wie man ihn damals nannte, ein Halsabschneider. Er hat unz\u00e4hlige Menschen um ihr Geld betrogen. Ermordet wurde er in Wirklichkeit wegen einer SA internen Intrige, an der er selber nur am Rande beteiligt war.\u00a0 <\/span><span style=\"font-weight: 400;\">Im Lexikon des internationalen Films ist zu lesen: \u201e<em>Ein diskutabler Beitrag zur wichtigen Thematik der Machtsituationen des 20. Jahrhunderts.\u201c<\/em><\/span>[\/vc_column_text][vc_row_inner][vc_column_inner width=&#8220;1\/2&#8243;][vc_single_image image=&#8220;78354&#8243; img_size=&#8220;full&#8220; onclick=&#8220;link_image&#8220;][\/vc_column_inner][vc_column_inner width=&#8220;1\/2&#8243;][vc_single_image image=&#8220;78043&#8243; img_size=&#8220;full&#8220; onclick=&#8220;link_image&#8220;][\/vc_column_inner][\/vc_row_inner][\/vc_column][vc_column width=&#8220;1\/4&#8243; css=&#8220;.vc_custom_1561379511981{margin-top: 10px !important;margin-bottom: 30px !important;background-color: #efefef !important;}&#8220;][vc_single_image image=&#8220;82250&#8243; img_size=&#8220;full&#8220; onclick=&#8220;link_image&#8220; css=&#8220;.vc_custom_1671381605296{padding-top: 15px !important;}&#8220;][vc_column_text css=&#8220;.vc_custom_1669497625286{margin-top: -10px !important;}&#8220;]<strong>Titel: <\/strong>Hanussen<\/p>\n<p><strong>Originaltitel:<\/strong> Profeta<\/p>\n<p><strong>Regie: <\/strong>Istv\u00e1n Sz\u00e1bo<\/p>\n<p><span style=\"font-weight: 400;\"><strong>Regieassistenz: <\/strong>Ivan Artner,<\/span><span style=\"font-weight: 400;\">\u00a0Krisztina Goda<\/span><\/p>\n<p><strong>Drehbuch: <\/strong><span style=\"font-weight: 400;\">P\u00e9ter Dobai, <\/span><span style=\"font-weight: 400;\">Paul Hengge, <\/span><span style=\"font-weight: 400;\">Gabriella Prekop<\/span><\/p>\n<p><strong>Schauspieler*innen:<\/strong> K<span style=\"font-weight: 400;\">laus Maria Brandauer, Erland Josephson, Ildik\u00f3 B\u00e1ns\u00e1gi, Walter Schmidinger,\u00a0 Gabriela Kownacka, K\u00e1roly Eperjes, Gra\u017cyna Szapo\u0142owska, Collette Pilz-Warren, Gy\u00f6rgy Cserhalm, Ewa Blaszczyk, Adrianna Biedrzynska, Michal Bajor, P\u00e9ter Andorai<\/span><\/p>\n<p><span style=\"font-weight: 400;\"><strong>Autobiografische Vorlage: \u00a0<\/strong>Erik Jan Hanussen<\/span><\/p>\n<p><span style=\"font-weight: 400;\"><strong>Produktion: <\/strong>Artur Brauner, <\/span><span style=\"font-weight: 400;\">Judit Sug\u00e1r<\/span><\/p>\n<p><span style=\"font-weight: 400;\"><strong>Herstellungsleitung:<\/strong> Lajos \u00d3v\u00e1ri,<\/span><span style=\"font-weight: 400;\">\u00a0Judit L\u00f6k\u00f6s<\/span><\/p>\n<p><span style=\"font-weight: 400;\"><strong>Musik:\u00a0<\/strong> Zdenko Tam\u00e1ssy,<\/span><span style=\"font-weight: 400;\">\u00a0Gy\u00f6rgy Vuk\u00e1n<\/span><\/p>\n<p><span style=\"font-weight: 400;\"><strong>Schnitt<\/strong>: Zsuzsa Cs\u00e1k\u00e1ny, <\/span><span style=\"font-weight: 400;\">Brigitta Kajd\u00e1csi, <\/span><span style=\"font-weight: 400;\">Bettina Rekuc, <\/span><span style=\"font-weight: 400;\">\u00c9va Szentandrasi<\/span><\/p>\n<p><span style=\"font-weight: 400;\"><strong>Kamera<\/strong>: Lajos Koltai<\/span><\/p>\n<p><span style=\"font-weight: 400;\"><strong>Ton: <\/strong>J\u00e1nos Cs\u00e1ki,<\/span><span style=\"font-weight: 400;\"> Gy\u00f6rgy F\u00e9k, <\/span><span style=\"font-weight: 400;\">Antal Szab\u00f3<\/span><\/p>\n<p><span style=\"font-weight: 400;\"><strong>Bauten:<\/strong> J\u00f3zsef Romv\u00e1ri,<\/span><span style=\"font-weight: 400;\"> Gyula T\u00f3th<\/span><\/p>\n<p><span style=\"font-weight: 400;\"><strong>Kost\u00fcme: <\/strong>Nelly V\u00e1g\u00f3<\/span><\/p>\n<p>&nbsp;<\/p>\n<p><strong>Produktionsfirmen:\u00a0<\/strong>Central Cinema Company Film (CCC), Hungarofilm, Mafilm<\/p>\n<p><strong>Produktionsjahr:\u00a0<\/strong>1988<\/p>\n<p><strong>Genres: <\/strong>Drama, Historienfilm<\/p>\n<p><strong>Land:<\/strong> Ungarn, Deutschland<\/p>\n<p><strong>Sprache<\/strong>: Ungarisch, Deutsch<\/p>\n<p><strong>Drehort: <\/strong>Karlovy Vary, Tschechische Republik<\/p>\n<p><strong>L\u00e4nge:\u00a0<\/strong>140 Min<\/p>\n<p><strong>FSK:<\/strong>\u00a016<\/p>\n<p><strong>Seitenverh\u00e4ltnis: <\/strong>16:9 &#8211; 1.66:1<\/p>\n<p><strong>Sound Mix<\/strong>: <span class=\"a-text-bold\">\u00a0Mono<\/span><\/p>\n<p><strong>Aufl\u00f6sung:\u00a0<\/strong>Full HD (neue 4K-Abtastung)[\/vc_column_text][vc_separator color=&#8220;custom&#8220; accent_color=&#8220;#a0a0a0&#8243;][vc_column_text]<strong>Filmlabel: <span style=\"font-family: 'arial black', sans-serif;\">U8<\/span><\/strong> <strong>Films Berlin<\/strong><\/p>\n<p><strong>Kinostart:<\/strong> 13.10.1988<\/p>\n<p><strong>Mediabook (Blu-Ray+DVD):<\/strong> 25.11.2022[\/vc_column_text][\/vc_column][\/vc_row][vc_row][vc_column][vc_column_text]<span style=\"font-size: 18pt;\">\u00dcber die historische Figur Jan Erik Hanussen<\/span><\/p>\n<p><span style=\"font-weight: 400;\">Herschel Chajm Steinschneider, so war sein richtiger Name, wurde am 2. Juni 1889 in Wien geboren und wuchs in sehr \u00e4rmlichen Verh\u00e4ltnissen auf. Er begann seine Berufsjahre als Gesellschaftsreporter in Wien. Er wurde sehr schnell in seinem Job kriminell. Er erpresste betuchte Personen indem er drohte eine skandal\u00f6se Geschichte in der Boulevardpresse zu ver\u00f6ffentlichen und lie\u00df sich diese Drohungen gut bezahlen. Einen \u201eHellseher\u201c stellte er blo\u00df, indem er seine Tricks ebenfalls in der Presse ver\u00f6ffentlichte. Sp\u00e4ter bediente er sich dieser Tricks selber. 1928 wurde er in Leitmeritz (Sudetenland) wegen hundertfachen Betrugs angeklagt. Er wurde nach \u00fcber zwei Jahren freigesprochen. Begr\u00fcndung des Gerichts: Nur ein schwachsinniger Mensch w\u00fcrde einem Wahrsager glauben. Er arbeitete bald beim Zirkus als Akrobat und Zauberer, oder auch als Varietek\u00fcnstler.\u00a0<\/span>[\/vc_column_text][vc_empty_space height=&#8220;5&#8243;][vc_row_inner][vc_column_inner width=&#8220;1\/2&#8243;][vc_single_image image=&#8220;78656&#8243; img_size=&#8220;full&#8220; onclick=&#8220;link_image&#8220;][\/vc_column_inner][vc_column_inner width=&#8220;1\/2&#8243;][vc_single_image image=&#8220;78659&#8243; img_size=&#8220;full&#8220; onclick=&#8220;link_image&#8220;][\/vc_column_inner][\/vc_row_inner][vc_column_text]<\/p>\n<p style=\"font-weight: 400;\"><span style=\"font-weight: 400;\">Sp\u00e4ter befasste er sich mit Okkultismus sowie Wahrsagerei und zeigte Fakir-Kunstst\u00fccke. Ab 1930 schloss sich Hanussen den Nationalsozialisten an. Besonders in der SA-F\u00fchrung war er beliebt. Er finanzierte das \u201esch\u00f6ne Leben\u201c der SA Oberen mit dem Verleihen von Geld. Einer seiner gr\u00f6\u00dften Schuldner war da ein gewisser Graf Helldorf, damals hoher Offizier der SA. Dieser gab wahrscheinlich den Befehl Hanussen zu t\u00f6ten um seine hohen Schulden bei Hanussen los zu werden. Den Mord selber f\u00fchrten die SA Schergen Karl Ernst, Wilhelm Ohst, Kurt Egger und Rudolf Steinle aus. Das ist historisch verbrieft. Steinle erkl\u00e4rte sp\u00e4ter in einem Verh\u00f6r durch die Gestapo, er habe in der Nacht vom 24. auf den 25. M\u00e4rz 1933 die t\u00f6dlichen Sch\u00fcsse auf Hanussen abgegeben.<\/span><\/p>\n<div><\/div>\n<p>[\/vc_column_text][vc_empty_space height=&#8220;5&#8243;][vc_column_text css=&#8220;.vc_custom_1670930183411{margin-top: 15px !important;}&#8220;]<span style=\"font-size: 18pt;\">\u00dcber Klaus Maria Brandauer<\/span><\/p>\n<p style=\"font-weight: 400;\"><span style=\"font-weight: 400;\">Eigendlich hei\u00dft er<strong> Klaus Georg Steng<\/strong> und wurde am 22. Juni 1943 in Bad Aussee in der Steiermark geboren. Sp\u00e4ter nahm er den Vor- und M\u00e4dchennamen seiner Mutter, Maria Brandauer, als K\u00fcnstlernamen an. <strong>Brandauer<\/strong> lebte zun\u00e4chst bei den Gro\u00dfeltern in Altaussee und sp\u00e4ter bei den Eltern in Grenzach-Wyhlen, einem deutschen Grenzort zur Schweiz. Nach dem Abitur studierte er in Stuttgart Musik und Darstellende Kunst. 1963 deb\u00fctierte er am <strong>Landestheater<\/strong> in <strong>T\u00fcbingen<\/strong> in einem Theaterst\u00fcck William Shakespeares, <\/span><i><span style=\"font-weight: 400;\">Ma\u00df f\u00fcr Ma\u00df<\/span><\/i><span style=\"font-weight: 400;\">. Danach ging er nach Wien und spielte am Theater in der Josefstadt. Ab 1970 ist er festes Ensemblemitglied des <strong>Wiener<\/strong> <strong>Burgtheaters<\/strong>. Braundauer war und ist ein Theaterschauspieler. F\u00fcrs Fernsehen spielte er sehr oft in Theateraufzeichnungen oder entsprechenden Fernsehadaptionen.<\/span><\/p>\n<p>[\/vc_column_text][vc_row_inner][vc_column_inner][vc_single_image image=&#8220;78618&#8243; img_size=&#8220;full&#8220;][\/vc_column_inner][\/vc_row_inner][vc_column_text]<span style=\"font-weight: 400;\">Allerdings trat er auch ab und zu in einzelnen Folgen verschiedener bekannter Fernsehserien auf. Auch f\u00fcr das Kino waren seine Rollen meistens auf Filmbiographien ber\u00fchmter Personen festgelegt. Sie bestimmen den gr\u00f6\u00dften Teil seines Filmschaffens. Als Filmschauspieler wurde Brandauer durch den Film \u201e<strong>Mephisto<\/strong>\u201c 1981 unter der Regie von <strong>Istv\u00e1n<\/strong> <strong>Sz\u00e1bo<\/strong> bekannt. Auch in zwei weiteren Filmen des Regisseurs spielte er die Hauptrolle, 1985 in \u201e<strong>Oberst<\/strong> <strong>Redl<\/strong>\u201c und 1988 in \u201e<strong>Hanussen<\/strong>\u201c. 1983 war Brandauer in der Rolle des Schurken Maximilian Largo in dem James Bond Film \u201e<strong>Sag<\/strong> <strong>niemals<\/strong> <strong>nie<\/strong>\u201c zu sehen. F\u00fcr seine Rolle in \u201e<strong>Jenseits von Afrika\u201c<\/strong> erhielt Brandauer eine<strong> Oscar-Nominierung<\/strong>. 1989 belegte Klaus Maria Brandauer die Hauptrolle als <\/span><i><span style=\"font-weight: 400;\">Danton <\/span><\/i><span style=\"font-weight: 400;\">in einer der monumentalsten, teuersten und l\u00e4ngsten Filmen der europ\u00e4ischen Filmgeschichte, \u201e<strong>Die franz\u00f6sische Revolution<\/strong>\u201c. Der fast sechs st\u00fcndige Film verschlang \u00fcber 50 Millionen US-Dollar an Produktionskosten. Auch im weiteren Verlauf seiner Filmkarriere stellte Brandauer wieder gro\u00dfe Pers\u00f6nlichkeiten dar. So zum Beispiel \u201e<strong>Rembrandt<\/strong>\u201c, Kronprinz Rudolph, Wilhelm Reich und den gescheiterten Hitler-Attent\u00e4ter Georg Elser.\u00a0<\/span>[\/vc_column_text][vc_empty_space height=&#8220;5px&#8220;][vc_row_inner][vc_column_inner width=&#8220;1\/2&#8243;][vc_single_image image=&#8220;78624&#8243; img_size=&#8220;full&#8220;][\/vc_column_inner][vc_column_inner width=&#8220;1\/2&#8243;][vc_single_image image=&#8220;78621&#8243; img_size=&#8220;full&#8220;][\/vc_column_inner][\/vc_row_inner][vc_empty_space height=&#8220;28px&#8220;][vc_column_text css=&#8220;.vc_custom_1665580193824{margin-bottom: -20px !important;}&#8220;]<span style=\"font-size: 12pt;\">Auszeichnungen (Auswahl)<\/span>[\/vc_column_text][vc_empty_space height=&#8220;28px&#8220;][vc_row_inner css=&#8220;.vc_custom_1653179480172{margin-bottom: -25px !important;padding-bottom: -25px !important;background-color: #efefef !important;border-radius: 5px !important;}&#8220;][vc_column_inner width=&#8220;1\/2&#8243;][vc_column_text css=&#8220;.vc_custom_1666276694280{margin-bottom: -5px !important;padding-bottom: 5px !important;}&#8220;]<\/p>\n<table style=\"height: 76px; width: 100%; border-collapse: collapse;\">\n<tbody>\n<tr style=\"height: 22px;\">\n<td style=\"width: 7.497181510710259%; height: 22px;\"><span style=\"font-weight: 400;\">1985 <\/span><\/td>\n<td style=\"width: 92.50281848928975%; height: 22px;\"><span style=\"font-weight: 400;\">Filmband in Gold f\u00fcr die Titelrolle in &#8222;Oberst Redl&#8220;<\/span><\/td>\n<\/tr>\n<tr style=\"height: 22px;\">\n<td style=\"width: 7.497181510710259%; height: 22px;\"><span style=\"font-weight: 400;\">1986<\/span><\/td>\n<td style=\"width: 92.50281848928975%; height: 22px;\"><span style=\"font-weight: 400;\">Golden Globe und Oscar Nominierung f\u00fcr die beste Nebenrolle in &#8222;Jenseits von Afrika&#8220;<\/span><\/td>\n<\/tr>\n<tr style=\"height: 22px;\">\n<td style=\"width: 7.497181510710259%; height: 22px;\"><span style=\"font-weight: 400;\">2000<\/span><\/td>\n<td style=\"width: 92.50281848928975%; height: 22px;\"><span style=\"font-weight: 400;\">Golden Globe Nominierung f\u00fcr die beste Nebenrolle in &#8222;Rising Star&#8220;<\/span><\/td>\n<\/tr>\n<tr style=\"height: 22px;\">\n<td style=\"width: 7.49718%; height: 10px; vertical-align: top;\"><span style=\"font-weight: 400;\">2006\u00a0<\/span><\/td>\n<td style=\"width: 92.5028%; height: 10px;\"><span style=\"font-weight: 400;\">Europ\u00e4ischer Kulturpreis f\u00fcr Schauspielkunst<\/span><\/td>\n<\/tr>\n<\/tbody>\n<\/table>\n<p>[\/vc_column_text][\/vc_column_inner][vc_column_inner width=&#8220;1\/2&#8243;][vc_column_text css=&#8220;.vc_custom_1665580501995{margin-bottom: 0px !important;}&#8220;]<\/p>\n<table style=\"border-collapse: collapse; width: 100%; height: 97px;\">\n<tbody>\n<tr style=\"height: 22px;\">\n<td style=\"width: 7.49718%; height: 31px; vertical-align: top;\"><span style=\"font-weight: 400;\">2006 <\/span><\/td>\n<td style=\"width: 92.5028%; height: 31px;\"><span style=\"font-weight: 400;\">Preis f\u00fcr Schauspielkunst beim Festival des Deutschen Films<\/span><\/td>\n<\/tr>\n<tr style=\"height: 22px;\">\n<td style=\"width: 7.497181510710259%; height: 22px;\"><span style=\"font-weight: 400;\">2010 <\/span><\/td>\n<td style=\"width: 92.50281848928975%; height: 22px;\"><span style=\"font-weight: 400;\"> Platin-Romy f\u00fcr sein Lebenswerk<\/span><\/td>\n<\/tr>\n<tr style=\"height: 22px;\">\n<td style=\"width: 7.497181510710259%; height: 22px; vertical-align: top;\"><span style=\"font-weight: 400;\">2014 <\/span><\/td>\n<td style=\"width: 92.50281848928975%; height: 22px;\"><span style=\"font-weight: 400;\">Friedenspreis des Deutschen Films als Ehrenpreis<\/span><\/td>\n<\/tr>\n<tr style=\"height: 22px;\">\n<td style=\"width: 7.497181510710259%; height: 22px; vertical-align: top;\">\n<div><\/div>\n<\/td>\n<td style=\"width: 92.50281848928975%; height: 22px;\"><span style=\"font-weight: 400;\">Mehrfacher Gewinner des Bambi<\/span><\/td>\n<\/tr>\n<\/tbody>\n<\/table>\n<p>[\/vc_column_text][\/vc_column_inner][\/vc_row_inner][vc_empty_space height=&#8220;28px&#8220;][vc_column_text]<span style=\"font-weight: 400;\">In der Filmbiographie der farbigen US-Schauspielerin Dorothy Dandridge, \u201e<strong>Rising<\/strong> <strong>Star<\/strong>\u201c, spielte Brandauer den US-Filmregisseur Otto Preminger. In den 2000er Jahren widmete sich Brandauer wieder mehr dem Theater. Au\u00dferdem lehrte er als Professor am <strong>Max Reinhardt<\/strong> Seminar in Wien. 1962 heiratete er seine Jugendliebe Karin M\u00fcller. Die Ehe hielt bis zu ihrem Tode nach einer Krebserkrankung 1992. Aus dieser Ehe stammt Sohn Christian. 2007 heiratete Brandauer seine zweite Frau Natalie Krenn. Aus dieser Ehe stammt Sohn Ferdinand. Klaus Maria Brandauer lebt heute in seinem Geburtsort Altaussee in der Steiermark.\u00a0<\/span>[\/vc_column_text][vc_column_text css=&#8220;.vc_custom_1653179697701{margin-bottom: -20px !important;}&#8220;]<span style=\"font-size: 12pt;\">Filmografie (Auswahl)<\/span>[\/vc_column_text][vc_empty_space height=&#8220;28px&#8220;][vc_row_inner css=&#8220;.vc_custom_1653179480172{margin-bottom: -25px !important;padding-bottom: -25px !important;background-color: #efefef !important;border-radius: 5px !important;}&#8220;][vc_column_inner width=&#8220;1\/2&#8243;][vc_column_text css=&#8220;.vc_custom_1665582564471{margin-bottom: -5px !important;padding-bottom: 5px !important;}&#8220;]<\/p>\n<table style=\"height: 193px; width: 100%; border-collapse: collapse;\">\n<tbody>\n<tr style=\"height: 22px;\">\n<td style=\"width: 7.25476%; height: 22px;\"><span style=\"font-weight: 400;\">1981<\/span><\/td>\n<td style=\"width: 92.7452%; height: 22px;\"><span style=\"font-weight: 400;\">Mephisto<\/span><\/td>\n<\/tr>\n<tr style=\"height: 22px;\">\n<td style=\"width: 7.25476%; height: 22px;\"><span style=\"font-weight: 400;\">1983 <\/span><\/td>\n<td style=\"width: 92.7452%; height: 22px;\"><span style=\"font-weight: 400;\">James Bond \u2013 Sag niemals nie<\/span><\/td>\n<\/tr>\n<tr>\n<td style=\"width: 7.25476%; vertical-align: top;\"><span style=\"font-weight: 400;\">1985<\/span><\/td>\n<td style=\"width: 92.7452%;\"><span style=\"font-weight: 400;\">Oberst Redl<\/span><\/p>\n<p><span style=\"font-weight: 400;\"> Das Feuerschiff<\/span><\/p>\n<p><span style=\"font-weight: 400;\">Jenseits von Afrika<\/span><\/td>\n<\/tr>\n<tr style=\"height: 22px;\">\n<td style=\"width: 7.25476%; height: 24px; vertical-align: top;\"><span style=\"font-weight: 400;\">1986<\/span><\/td>\n<td style=\"width: 92.7452%; height: 24px;\"><span style=\"font-weight: 400;\">Streets of Gold<\/span><\/td>\n<\/tr>\n<tr style=\"height: 23px;\">\n<td style=\"width: 7.25476%; height: 45px; vertical-align: top;\"><span style=\"font-weight: 400;\">1988<\/span><\/td>\n<td style=\"width: 92.7452%; height: 23px;\"><span style=\"font-weight: 400;\">Brennendes Geheimnis<\/span><\/p>\n<p><span style=\"font-weight: 400;\">Hanussen<\/span><\/td>\n<\/tr>\n<tr style=\"height: 23px;\">\n<td style=\"width: 7.25476%; vertical-align: top; height: 23px;\"><span style=\"font-weight: 400;\">1989<\/span><\/td>\n<td style=\"width: 92.7452%; height: 23px;\"><span style=\"font-weight: 400;\">Das Spinnennetz<\/span><\/p>\n<p><span style=\"font-weight: 400;\">Die Franz\u00f6sische Revolution<\/span><\/td>\n<\/tr>\n<tr style=\"height: 35px;\">\n<td style=\"width: 7.25476%; vertical-align: top; height: 35px;\"><span style=\"font-weight: 400;\">1990 <\/span><\/td>\n<td style=\"width: 92.7452%; height: 35px;\"><span style=\"font-weight: 400;\">Das Russland-Haus<\/span><\/td>\n<\/tr>\n<tr>\n<td style=\"width: 7.25476%; height: 32px;\"><span style=\"font-weight: 400;\">1991<\/span><\/td>\n<td style=\"width: 92.7452%; height: 32px;\"><span style=\"font-weight: 400;\">Wolfsblut<\/span><\/td>\n<\/tr>\n<\/tbody>\n<\/table>\n<p>[\/vc_column_text][\/vc_column_inner][vc_column_inner width=&#8220;1\/2&#8243;][vc_column_text css=&#8220;.vc_custom_1665582528199{margin-bottom: 0px !important;}&#8220;]<\/p>\n<table style=\"border-collapse: collapse; width: 100%; height: 252px;\">\n<tbody>\n<tr style=\"height: 22px;\">\n<td style=\"width: 7.49718%; height: 22px;\"><span style=\"font-weight: 400;\">1994 <\/span><\/td>\n<td style=\"width: 92.5028%; height: 22px;\"><span style=\"font-weight: 400;\">Mario und der Zauberer<\/span><\/td>\n<\/tr>\n<tr style=\"height: 22px;\">\n<td style=\"width: 7.49718%; height: 22px; vertical-align: top;\"><span style=\"font-weight: 400;\">1999<\/span><\/td>\n<td style=\"width: 92.5028%; height: 22px;\"><span style=\"font-weight: 400;\">Rising Star<\/span><\/p>\n<p><span style=\"font-weight: 400;\">Rembrandt<\/span><\/td>\n<\/tr>\n<tr style=\"height: 22px;\">\n<td style=\"width: 7.49718%; height: 22px; vertical-align: top;\"><span style=\"font-weight: 400;\">2002<\/span><\/td>\n<td style=\"width: 92.5028%; height: 22px;\"><span style=\"font-weight: 400;\">Jedermanns Fest<\/span><\/p>\n<p><span style=\"font-weight: 400;\">Zwischen Fremden<\/span><\/td>\n<\/tr>\n<tr style=\"height: 22px;\">\n<td style=\"width: 7.49718%; height: 22px;\">2006<\/td>\n<td style=\"width: 92.5028%; height: 22px;\"><span style=\"font-weight: 400;\">Kronprinz Rudolfs letzte Liebe<\/span><\/td>\n<\/tr>\n<tr style=\"height: 22px;\">\n<td style=\"width: 7.49718%; height: 22px;\"><span style=\"font-weight: 400;\">2009<\/span><\/td>\n<td style=\"width: 92.5028%; height: 22px;\"><span style=\"font-weight: 400;\">Tetro<\/span><\/td>\n<\/tr>\n<tr style=\"height: 22px;\">\n<td style=\"width: 7.49718%; height: 22px;\"><span style=\"font-weight: 400;\">2011<\/span><\/td>\n<td style=\"width: 92.5028%; height: 22px;\"><span style=\"font-weight: 400;\">Manipulation<\/span><\/td>\n<\/tr>\n<tr style=\"height: 22px;\">\n<td style=\"width: 7.49718%; height: 22px;\"><span style=\"font-weight: 400;\">2012 <\/span><\/td>\n<td style=\"width: 92.5028%; height: 22px;\"><span style=\"font-weight: 400;\">Der Fall Wilhelm Reich<\/span><\/td>\n<\/tr>\n<tr style=\"height: 22px;\">\n<td style=\"width: 7.49718%; height: 22px;\"><span style=\"font-weight: 400;\">2013 <\/span><\/td>\n<td style=\"width: 92.5028%; height: 22px;\"><span style=\"font-weight: 400;\">Die Ausl\u00f6schung<\/span><\/td>\n<\/tr>\n<tr style=\"height: 22px;\">\n<td style=\"width: 7.49718%; height: 22px;\"><span style=\"font-weight: 400;\">2020 <\/span><\/td>\n<td style=\"width: 92.5028%; height: 22px;\"><span style=\"font-weight: 400;\">Abschlussbericht<\/span><\/td>\n<\/tr>\n<tr style=\"height: 22px;\">\n<td style=\"width: 7.49718%; height: 22px;\"><span style=\"font-weight: 400;\">2021 <\/span><\/td>\n<td style=\"width: 92.5028%; height: 22px;\"><span style=\"font-weight: 400;\">Maestro<\/span><\/td>\n<\/tr>\n<\/tbody>\n<\/table>\n<p>[\/vc_column_text][\/vc_column_inner][\/vc_row_inner][vc_empty_space height=&#8220;5&#8243;][vc_empty_space height=&#8220;32&#8243;][vc_empty_space height=&#8220;10&#8243;][vc_column_text css=&#8220;.vc_custom_1670930337821{margin-top: 15px !important;}&#8220;]<span style=\"font-size: 18pt;\">\u00dcber Erland Josephson<\/span><\/p>\n<p><span style=\"font-weight: 400;\"><strong>Erland Josephson<\/strong> wurde am 15. Juni 1923 in Stockholm geboren. Internationale Bekanntheit erlangte er als Darsteller in den meisten Filmen von <strong>Ingmar<\/strong> <strong>Bergman<\/strong>. Josephson war j\u00fcdischer Abstammung und war ein Enkel des schwedischen Malers <strong>Ernst<\/strong> <strong>Josephson<\/strong>. Er begann seine Karriere als Theaterschauspieler am Studententheater in Stockholm. Ab 1945 spielte er am <strong>Theater<\/strong> in <strong>Helsingborg<\/strong>. Ingmar Bergman holte ihn schon 1946 zum Film. Er spielte eine kleine Rolle im Film \u201e<strong>Es regnet auf unsere Liebe.<\/strong>\u201c Ab 1949 spielte Josephson am <strong>Theater<\/strong> in <strong>G\u00f6teborg<\/strong>.\u00a0<\/span>[\/vc_column_text][vc_row_inner][vc_column_inner width=&#8220;1\/2&#8243;][vc_single_image image=&#8220;78630&#8243; img_size=&#8220;full&#8220; alignment=&#8220;center&#8220; onclick=&#8220;link_image&#8220;][\/vc_column_inner][vc_column_inner width=&#8220;1\/2&#8243;][vc_single_image image=&#8220;78627&#8243; img_size=&#8220;full&#8220; alignment=&#8220;center&#8220; onclick=&#8220;link_image&#8220;][\/vc_column_inner][\/vc_row_inner][vc_column_text css=&#8220;.vc_custom_1670930372891{margin-top: 15px !important;}&#8220;]<\/p>\n<p style=\"font-weight: 400;\"><span style=\"font-weight: 400;\">Ende der 1950er Jahre wirkte er haupts\u00e4chlich in Kinofilmen mit, vor allem unter Regisseur <strong>Bergman<\/strong>. Josephson machte sich auch als Schriftsteller einen Namen. Er schrieb Gedichtb\u00e4nde, Romane, Drehb\u00fccher und Theaterst\u00fccke. 1978 wurde ihm die Hauptrolle im Film \u201e<strong>Der wei\u00dfe Hai 2<\/strong>\u201c angeboten, die ihm sicher viel Geld eingebracht h\u00e4tte. Er lehnte ab. Sein Kommentar dazu: \u201e<em>Mir sind intellektuelle Schlachten mit Liv Ullmann lieber als Schlachten mit Haien.<\/em>\u201c Er spielte weiter in Filmen von Bergman, sein letzter war 2003 \u201e<strong>Sarabande<\/strong>\u201c. Dann erkrankte er an der Parkinson-Krankheit, die ihm weitere Arbeiten an Filmen unm\u00f6glich machte. Er starb an den Folgen der Krankheit am 25. Februar 2012 in einem Stockholmer Pflegeheim.\u00a0<\/span><\/p>\n<p>[\/vc_column_text][vc_single_image image=&#8220;78633&#8243; img_size=&#8220;full&#8220;][vc_column_text css=&#8220;.vc_custom_1653179697701{margin-bottom: -20px !important;}&#8220;]<span style=\"font-size: 12pt;\">Filmografie (Auswahl)<\/span>[\/vc_column_text][vc_empty_space height=&#8220;28&#8243;][vc_row_inner css=&#8220;.vc_custom_1653179480172{margin-bottom: -25px !important;padding-bottom: -25px !important;background-color: #efefef !important;border-radius: 5px !important;}&#8220;][vc_column_inner width=&#8220;1\/2&#8243;][vc_column_text css=&#8220;.vc_custom_1665584182248{margin-bottom: -5px !important;padding-bottom: 5px !important;}&#8220;]<\/p>\n<table style=\"height: 299px; width: 100%; border-collapse: collapse;\">\n<tbody>\n<tr style=\"height: 22px;\">\n<td style=\"width: 6.40627%; height: 32px; vertical-align: top;\"><span style=\"font-weight: 400;\">1946 <\/span><\/td>\n<td style=\"width: 93.5938%; height: 32px;\"><span style=\"font-weight: 400;\">Es regnet auf unsere Liebe<\/span><\/td>\n<\/tr>\n<tr>\n<td style=\"width: 6.40627%; vertical-align: top;\"><span style=\"font-weight: 400;\">1958<\/span><\/td>\n<td style=\"width: 93.5938%;\"><span style=\"font-weight: 400;\">Nahe dem Leben<\/span><\/p>\n<p><span style=\"font-weight: 400;\">Das Gesicht<\/span><\/td>\n<\/tr>\n<tr>\n<td style=\"width: 6.40627%; vertical-align: top;\"><span style=\"font-weight: 400;\">1968<\/span><\/td>\n<td style=\"width: 93.5938%;\"><span style=\"font-weight: 400;\">Die Stunde des Wolfes<\/span><\/p>\n<p><span style=\"font-weight: 400;\">Das M\u00e4dchen<\/span><\/td>\n<\/tr>\n<tr style=\"height: 22px;\">\n<td style=\"width: 6.40627%; height: 22px;\"><span style=\"font-weight: 400;\">1969<\/span><\/td>\n<td style=\"width: 93.5938%; height: 22px;\"><span style=\"font-weight: 400;\">Passion<\/span><\/td>\n<\/tr>\n<tr style=\"height: 22px;\">\n<td style=\"width: 6.40627%; height: 22px;\"><span style=\"font-weight: 400;\">1972 <\/span><\/td>\n<td style=\"width: 93.5938%; height: 22px;\"><span style=\"font-weight: 400;\">Schreie und Fl\u00fcstern<\/span><\/td>\n<\/tr>\n<tr style=\"height: 22px;\">\n<td style=\"width: 6.40627%; height: 22px;\"><span style=\"font-weight: 400;\">1973<\/span><\/td>\n<td style=\"width: 93.5938%; height: 22px;\"><span style=\"font-weight: 400;\"> Szenen einer Ehe<\/span><\/td>\n<\/tr>\n<tr style=\"height: 22px;\">\n<td style=\"width: 6.40627%; height: 22px;\"><span style=\"font-weight: 400;\">1976 <\/span><\/td>\n<td style=\"width: 93.5938%; height: 22px;\"><span style=\"font-weight: 400;\">Von Angesicht zu Angesicht<\/span><\/td>\n<\/tr>\n<tr style=\"height: 22px;\">\n<td style=\"width: 6.40627%; height: 22px;\"><span style=\"font-weight: 400;\">1978<\/span><\/td>\n<td style=\"width: 93.5938%; height: 22px;\"><span style=\"font-weight: 400;\">Herbstsonate<\/span><\/td>\n<\/tr>\n<tr style=\"height: 22px;\">\n<td style=\"width: 6.40627%; height: 22px;\"><span style=\"font-weight: 400;\">1979 <\/span><\/td>\n<td style=\"width: 93.5938%; height: 22px;\"><span style=\"font-weight: 400;\">Die erste Polka<\/span><\/td>\n<\/tr>\n<tr style=\"height: 32px;\">\n<td style=\"width: 6.40627%; height: 32px;\"><span style=\"font-weight: 400;\">1981 <\/span><\/td>\n<td style=\"width: 93.5938%; height: 32px;\"><span style=\"font-weight: 400;\">Die Ballade von Lucy Jordan<\/span><\/td>\n<\/tr>\n<tr style=\"height: 38px;\">\n<td style=\"width: 6.40627%; height: 29px;\"><span style=\"font-weight: 400;\">1982 <\/span><\/td>\n<td style=\"width: 93.5938%; height: 29px;\"><span style=\"font-weight: 400;\">Fanny und Alexander<\/span><\/td>\n<\/tr>\n<\/tbody>\n<\/table>\n<p>[\/vc_column_text][\/vc_column_inner][vc_column_inner width=&#8220;1\/2&#8243;][vc_column_text css=&#8220;.vc_custom_1665584720097{margin-bottom: 0px !important;}&#8220;]<\/p>\n<table style=\"height: 266px; width: 100%; border-collapse: collapse;\">\n<tbody>\n<tr style=\"height: 22px;\">\n<td style=\"width: 6.40627%; height: 32px; vertical-align: top;\"><span style=\"font-weight: 400;\">1983 <\/span><\/td>\n<td style=\"width: 93.5938%; height: 32px;\"><span style=\"font-weight: 400;\">Nostalghia<\/span><\/p>\n<p><span style=\"font-weight: 400;\">Bella Donna<\/span><\/p>\n<p><span style=\"font-weight: 400;\">Nach der Probe<\/span><\/td>\n<\/tr>\n<tr style=\"height: 64px;\">\n<td style=\"width: 6.40627%; vertical-align: top; height: 64px;\"><span style=\"font-weight: 400;\">1986<\/span><\/td>\n<td style=\"width: 93.5938%; height: 64px;\"><span style=\"font-weight: 400;\">Opfer<\/span><\/p>\n<p><span style=\"font-weight: 400;\">Der Schimmelreiter<\/span><\/td>\n<\/tr>\n<tr style=\"height: 64px;\">\n<td style=\"width: 6.40627%; vertical-align: top; height: 64px;\"><span style=\"font-weight: 400;\">1988<\/span><\/td>\n<td style=\"width: 93.5938%; height: 64px;\"><span style=\"font-weight: 400;\">Hanussen<\/span><\/p>\n<p><span style=\"font-weight: 400;\">Die unertr\u00e4gliche Leichtigkeit des Seins<\/span><\/td>\n<\/tr>\n<tr style=\"height: 32px;\">\n<td style=\"width: 6.40627%; vertical-align: top; height: 32px;\"><span style=\"font-weight: 400;\">1991<\/span><\/td>\n<td style=\"width: 93.5938%; height: 32px;\"><span style=\"font-weight: 400;\">Zauber der Venus<\/span><\/td>\n<\/tr>\n<tr style=\"height: 32px;\">\n<td style=\"width: 6.40627%; vertical-align: top; height: 32px;\"><span style=\"font-weight: 400;\">1995<\/span><\/td>\n<td style=\"width: 93.5938%; height: 32px;\"><span style=\"font-weight: 400;\">Der Blick des Odysseus<\/span><\/td>\n<\/tr>\n<tr style=\"height: 32px;\">\n<td style=\"width: 6.40627%; vertical-align: top; height: 32px;\"><span style=\"font-weight: 400;\">1997<\/span><\/td>\n<td style=\"width: 93.5938%; height: 32px;\"><span style=\"font-weight: 400;\">Dabei: Ein Clown<\/span><\/td>\n<\/tr>\n<tr style=\"height: 10px;\">\n<td style=\"width: 6.40627%; vertical-align: top; height: 10px;\"><span style=\"font-weight: 400;\">2003<\/span><\/td>\n<td style=\"width: 93.5938%; height: 10px;\"><span style=\"font-weight: 400;\">Johannes der XXIII \u2013 F\u00fcr eine Welt im Frieden<\/span><\/p>\n<p>Sarabande<\/td>\n<\/tr>\n<\/tbody>\n<\/table>\n<p>[\/vc_column_text][\/vc_column_inner][\/vc_row_inner][vc_empty_space height=&#8220;5&#8243;][vc_empty_space height=&#8220;32&#8243;][vc_empty_space height=&#8220;10&#8243;][vc_column_text css=&#8220;.vc_custom_1670930414906{margin-top: 15px !important;}&#8220;]<span style=\"font-size: 18pt;\">\u00dcber K\u00e1rily Eperjes<\/span><\/p>\n<p style=\"font-weight: 400;\"><span style=\"font-weight: 400;\"><strong>K\u00e1rily Eperjes<\/strong> wurde am 17. Februar 1954 in Hegyk\u00f6 (Ungarn) geboren. Eigentlich sollte er ein katholischer Priester werden, er entschied sich aber f\u00fcr den Beruf des Schauspielers. Er besuchte in Budapest eine Schauspielschule und spielte nach seinem Abschluss ab 1980 am <strong>Budapester<\/strong> <strong>Nationaltheater<\/strong>. Der Regisseur <strong>Peter<\/strong> <strong>F\u00e1bry<\/strong> holte ihn zum Film. 1982 Spielte er in dem Kriminalfilm \u201e<strong>Ohne Spur\u201c<\/strong> seine erste Rolle. Unter Regisseur <strong>Istv\u00e1n<\/strong> <strong>Szab\u00f3<\/strong> spielte er in gro\u00dfen Filmen wie \u201e<strong>Hanussen<\/strong>\u201c, \u201e<strong>Oberst<\/strong> <strong>Redl<\/strong>\u201c und \u201e<strong>Abschlussbericht<\/strong>\u201c jeweils an der Seite von <strong>Klaus Maria Brandauer<\/strong>. F\u00fcr seine Rolle in dem Film \u201e<strong>Eldorado<\/strong>\u201c wurde er als bester Hauptdarsteller 1989 f\u00fcr den <strong>Europ\u00e4ischen Filmpreis<\/strong> nominiert.<\/span><\/p>\n<p>[\/vc_column_text][vc_single_image image=&#8220;78643&#8243; img_size=&#8220;full&#8220; alignment=&#8220;center&#8220; onclick=&#8220;link_image&#8220;][vc_column_text css=&#8220;.vc_custom_1653179697701{margin-bottom: -20px !important;}&#8220;]<span style=\"font-size: 12pt;\">Filmografie (Auswahl)<\/span>[\/vc_column_text][vc_empty_space height=&#8220;28px&#8220;][vc_row_inner css=&#8220;.vc_custom_1653179480172{margin-bottom: -25px !important;padding-bottom: -25px !important;background-color: #efefef !important;border-radius: 5px !important;}&#8220;][vc_column_inner width=&#8220;1\/2&#8243;][vc_column_text css=&#8220;.vc_custom_1665584998157{margin-bottom: -5px !important;padding-bottom: 5px !important;}&#8220;]<\/p>\n<table style=\"height: 72px; width: 100%; border-collapse: collapse;\">\n<tbody>\n<tr style=\"height: 10px;\">\n<td style=\"width: 7.497181510710259%; height: 10px;\"><span style=\"font-weight: 400;\">1982 <\/span><\/td>\n<td style=\"width: 92.50281848928975%; height: 10px;\">\n<div><span style=\"font-weight: 400;\">Ohne Spur<\/span><\/div>\n<\/td>\n<\/tr>\n<tr style=\"height: 22px;\">\n<td style=\"width: 7.49718%; height: 22px;\"><span style=\"font-weight: 400;\">1985 <\/span><\/td>\n<td style=\"width: 92.5028%; height: 22px;\"><span style=\"font-weight: 400;\">Oberst Redl<\/span><\/td>\n<\/tr>\n<tr style=\"height: 22px;\">\n<td style=\"width: 7.49718%; height: 22px;\"><span style=\"font-weight: 400;\">1988 <\/span><\/td>\n<td style=\"width: 92.5028%; height: 22px;\"><span style=\"font-weight: 400;\">Hanussen<\/span><\/td>\n<\/tr>\n<tr style=\"height: 18px;\">\n<td style=\"width: 7.49718%; height: 18px;\"><span style=\"font-weight: 400;\">1989 <\/span><\/td>\n<td style=\"width: 92.5028%; height: 18px;\"><span style=\"font-weight: 400;\">Eldorado<\/span><\/td>\n<\/tr>\n<\/tbody>\n<\/table>\n<p>[\/vc_column_text][\/vc_column_inner][vc_column_inner width=&#8220;1\/2&#8243;][vc_column_text css=&#8220;.vc_custom_1665585090662{margin-bottom: 0px !important;}&#8220;]<\/p>\n<table style=\"height: 64px; width: 100%; border-collapse: collapse;\">\n<tbody>\n<tr style=\"height: 10px;\">\n<td style=\"width: 7.497181510710259%; height: 10px;\"><span style=\"font-weight: 400;\">1990 <\/span><\/td>\n<td style=\"width: 92.50281848928975%; height: 10px;\"><span style=\"font-weight: 400;\">Guten Abend, Herr Wallenberg<\/span><\/td>\n<\/tr>\n<tr style=\"height: 22px;\">\n<td style=\"width: 7.49718%; height: 22px;\"><span style=\"font-weight: 400;\">2002 <\/span><\/td>\n<td style=\"width: 92.5028%; height: 22px;\"><span style=\"font-weight: 400;\">Im Schatten der Br\u00fccke<\/span><\/td>\n<\/tr>\n<tr style=\"height: 22px;\">\n<td style=\"width: 7.49718%; height: 22px;\"><span style=\"font-weight: 400;\">2012 <\/span><\/td>\n<td style=\"width: 92.5028%; height: 22px;\"><span style=\"font-weight: 400;\">Hinter der T\u00fcr<\/span><\/td>\n<\/tr>\n<tr style=\"height: 18px;\">\n<td style=\"width: 7.49718%; height: 10px;\"><span style=\"font-weight: 400;\">2020 <\/span><\/td>\n<td style=\"width: 92.5028%; height: 10px;\"><span style=\"font-weight: 400;\">Abschlussbericht<\/span><\/td>\n<\/tr>\n<\/tbody>\n<\/table>\n<p>[\/vc_column_text][\/vc_column_inner][\/vc_row_inner][vc_empty_space height=&#8220;5&#8243;][vc_empty_space height=&#8220;32&#8243;][vc_empty_space height=&#8220;10&#8243;][vc_column_text css=&#8220;.vc_custom_1670930439568{margin-top: 15px !important;}&#8220;]<span style=\"font-size: 18pt;\">\u00dcber Ildik\u00f3 B\u00e1ns\u00e1gi<\/span><\/p>\n<p style=\"font-weight: 400;\"><span style=\"font-weight: 400;\"><strong>Ildik\u00f3 B\u00e1ns\u00e1gi<\/strong> wurde am 19. Oktober 1947 in Budapest geboren. Schon vor ihrem Abschluss des Studiums an der Theater und Filmhochschule stand sie vor der Kamera. In den 1970er Jahren war sie ein beliebter Filmstar in Ungarn. International bekannt wurde sie durch ihre Rollen in <strong>Istv\u00e1n<\/strong> <strong>Szab\u00f3s<\/strong> Filmen \u201e<strong>Mephisto<\/strong>\u201c und \u201e<strong>Hanussen<\/strong>\u201c an der Seite von<strong> Klaus Maria Brandauer<\/strong>. Sie wirkte auch in weiteren Filmen von <strong>Istv\u00e1n<\/strong> <strong>Szab\u00f3<\/strong> mit, der f\u00fcr ihre bisherige Filmkarriere bestimmend war.<\/span><\/p>\n<p>[\/vc_column_text][vc_row_inner][vc_column_inner width=&#8220;1\/2&#8243;][vc_single_image image=&#8220;78652&#8243; img_size=&#8220;full&#8220; alignment=&#8220;center&#8220; onclick=&#8220;link_image&#8220;][\/vc_column_inner][vc_column_inner width=&#8220;1\/2&#8243;][vc_single_image image=&#8220;78649&#8243; img_size=&#8220;full&#8220; alignment=&#8220;center&#8220; onclick=&#8220;link_image&#8220;][\/vc_column_inner][\/vc_row_inner][vc_column_text css=&#8220;.vc_custom_1653179697701{margin-bottom: -20px !important;}&#8220;]<span style=\"font-size: 12pt;\">Filmografie (Auswahl)<\/span>[\/vc_column_text][vc_empty_space height=&#8220;28px&#8220;][vc_row_inner css=&#8220;.vc_custom_1653179480172{margin-bottom: -25px !important;padding-bottom: -25px !important;background-color: #efefef !important;border-radius: 5px !important;}&#8220;][vc_column_inner width=&#8220;1\/2&#8243;][vc_column_text css=&#8220;.vc_custom_1665586843665{margin-bottom: -5px !important;padding-bottom: 5px !important;}&#8220;]<\/p>\n<table style=\"height: 74px; width: 100%; border-collapse: collapse;\">\n<tbody>\n<tr style=\"height: 32px;\">\n<td style=\"width: 6.40627%; vertical-align: top; height: 32px;\"><span style=\"font-weight: 400;\">1971 <\/span><\/td>\n<td style=\"width: 93.5938%; height: 32px;\"><span style=\"font-weight: 400;\">Sindbad<\/span><\/td>\n<\/tr>\n<tr style=\"height: 32px;\">\n<td style=\"width: 6.40627%; vertical-align: top; height: 32px;\"><span style=\"font-weight: 400;\">1977 <\/span><\/td>\n<td style=\"width: 93.5938%; height: 32px;\"><span style=\"font-weight: 400;\">Budapester Legende<\/span><\/td>\n<\/tr>\n<tr style=\"height: 10px;\">\n<td style=\"width: 6.40627%; vertical-align: top; height: 10px;\"><span style=\"font-weight: 400;\">1980<\/span><\/td>\n<td style=\"width: 93.5938%; height: 10px;\"><span style=\"font-weight: 400;\">Zimmer ohne Ausgang<\/span><\/p>\n<p><span style=\"font-weight: 400;\">Mephisto<\/span><\/td>\n<\/tr>\n<tr>\n<td style=\"width: 6.40627%; vertical-align: top;\"><span style=\"font-weight: 400;\">1983<\/span><\/td>\n<td style=\"width: 93.5938%; height: 22px;\"><span style=\"font-weight: 400;\">Flucht in den Tod<\/span><\/td>\n<\/tr>\n<\/tbody>\n<\/table>\n<p>[\/vc_column_text][\/vc_column_inner][vc_column_inner width=&#8220;1\/2&#8243;][vc_column_text css=&#8220;.vc_custom_1665586953641{margin-bottom: 0px !important;}&#8220;]<\/p>\n<table style=\"height: 74px; width: 97.981%; border-collapse: collapse;\">\n<tbody>\n<tr style=\"height: 32px;\">\n<td style=\"width: 6.40627%; vertical-align: top; height: 32px;\"><span style=\"font-weight: 400;\">1988<\/span><\/td>\n<td style=\"width: 93.5938%; height: 32px;\"><span style=\"font-weight: 400;\">Hanussen<\/span><\/td>\n<\/tr>\n<tr style=\"height: 32px;\">\n<td style=\"width: 6.40627%; vertical-align: top; height: 32px;\"><span style=\"font-weight: 400;\">1991 <\/span><\/td>\n<td style=\"width: 93.5938%; height: 32px;\"><span style=\"font-weight: 400;\">Zauber der Venus<\/span><\/td>\n<\/tr>\n<tr style=\"height: 10px;\">\n<td style=\"width: 6.40627%; vertical-align: top; height: 10px;\"><span style=\"font-weight: 400;\">1992 <\/span><\/td>\n<td style=\"width: 93.5938%; height: 10px;\"><span style=\"font-weight: 400;\">Donauwalzer<\/span><\/td>\n<\/tr>\n<tr>\n<td style=\"width: 6.40627%; vertical-align: top;\"><span style=\"font-weight: 400;\">2002 <\/span><\/td>\n<td style=\"width: 93.5938%; height: 22px;\"><span style=\"font-weight: 400;\">Ten Minutes Older<\/span><\/td>\n<\/tr>\n<tr>\n<td style=\"width: 6.40627%; vertical-align: top;\"><span style=\"font-weight: 400;\">2006 <\/span><\/td>\n<td style=\"width: 93.5938%;\"><span style=\"font-weight: 400;\">Children of Glory<\/span><\/td>\n<\/tr>\n<\/tbody>\n<\/table>\n<p>[\/vc_column_text][\/vc_column_inner][\/vc_row_inner][vc_empty_space height=&#8220;5&#8243;][vc_empty_space height=&#8220;32&#8243;][vc_empty_space height=&#8220;10&#8243;][vc_column_text css=&#8220;.vc_custom_1670930503255{margin-top: 15px !important;}&#8220;]<span style=\"font-size: 18pt;\">\u00dcber Walter Schmidinger<\/span><\/p>\n<p><span style=\"font-weight: 400;\"><strong>Walter Schmidinger<\/strong> wurde am 28. April 1933 in Linz (\u00d6sterreich) geboren. Er absolvierte eine kaufm\u00e4nnische Lehre und begann 1951 eine Schauspielausbildung am <strong>Max Reinhardt Seminar<\/strong> in Wien. 1954 erhielt er ein langfristiges Engagement an den B\u00fchnen der Stadt Bonn. Dort blieb er 15 Jahre. Weitere Theaterstationen waren M\u00fcnchen und Berlin. Ab 1970 arbeitete Schmidinger auch f\u00fcr das Fernsehen. Er wirkte immer mal wieder in einzelnen Folgen der Fernsehserien &#8222;<strong>Tatort&#8220;<\/strong>, &#8222;<strong>Der<\/strong> <strong>Alte&#8220;<\/strong> oder &#8222;<strong>Derrick&#8220;<\/strong> mit.<\/span>[\/vc_column_text][vc_row_inner][vc_column_inner][vc_single_image image=&#8220;78646&#8243; img_size=&#8220;full&#8220; alignment=&#8220;center&#8220; onclick=&#8220;link_image&#8220;][\/vc_column_inner][\/vc_row_inner][vc_column_text css=&#8220;.vc_custom_1670930550501{margin-top: 15px !important;}&#8220;]<\/p>\n<p style=\"font-weight: 400;\"><span style=\"font-weight: 400;\">In Kinofilmen sah man ihn nur selten. Seinen ersten Auftritt in einem Kinofilm hatte er 1973 in \u201e<strong>Der<\/strong> <strong>Fu\u00dfg\u00e4nger<\/strong>\u201c unter der Regie von <strong>Maximilian<\/strong> <strong>Schell<\/strong>. Er spielte auch in Filmen von <strong>Ingmar<\/strong> <strong>Bergman<\/strong>, <strong>Peter Schamoni<\/strong>, <strong>Peter Zadek<\/strong>, <strong>Otto Schenk<\/strong> und I<strong>stv\u00e1n Szab\u00f3<\/strong> meistens gr\u00f6\u00dfere Nebenrollen.<strong> Walter Schmidinger<\/strong> war ein sehr temperamentvoller Schauspieler. Als er auf einer B\u00fchne in Schweinfurt mal einen H\u00e4nger hatte, zertr\u00fcmmerte er vor lauter Wut auf sich selber schon mal die B\u00fchnendekoration. Das Publikum war der Meinung, das geh\u00f6rt zum St\u00fcck und am\u00fcsierte sich k\u00f6stlich. Walter Schmidinger starb am 28. September 2013 in Berlin.<\/span><\/p>\n<p>[\/vc_column_text][vc_column_text css=&#8220;.vc_custom_1653179697701{margin-bottom: -20px !important;}&#8220;]<span style=\"font-size: 12pt;\">Filmografie (Auswahl)<\/span>[\/vc_column_text][vc_empty_space height=&#8220;28px&#8220;][vc_row_inner css=&#8220;.vc_custom_1653179480172{margin-bottom: -25px !important;padding-bottom: -25px !important;background-color: #efefef !important;border-radius: 5px !important;}&#8220;][vc_column_inner width=&#8220;1\/2&#8243;][vc_column_text css=&#8220;.vc_custom_1665587280062{margin-bottom: -5px !important;padding-bottom: 5px !important;}&#8220;]<\/p>\n<table style=\"height: 64px; width: 100%; border-collapse: collapse;\">\n<tbody>\n<tr style=\"height: 10px;\">\n<td style=\"width: 7.49718%; height: 10px;\"><span style=\"font-weight: 400;\">1973 <\/span><\/td>\n<td style=\"width: 92.5028%; height: 10px;\"><span style=\"font-weight: 400;\">Der Fu\u00dfg\u00e4nger<\/span><\/td>\n<\/tr>\n<tr style=\"height: 22px;\">\n<td style=\"width: 7.49718%; height: 22px;\"><span style=\"font-weight: 400;\">1975<\/span><\/td>\n<td style=\"width: 92.5028%; height: 22px;\"><span style=\"font-weight: 400;\">Eiszeit<\/span><\/td>\n<\/tr>\n<tr style=\"height: 22px;\">\n<td style=\"width: 7.49718%; height: 22px;\"><span style=\"font-weight: 400;\">1980 <\/span><\/td>\n<td style=\"width: 92.5028%; height: 22px;\"><span style=\"font-weight: 400;\">Aus dem Leben der Marionetten<\/span><\/td>\n<\/tr>\n<tr style=\"height: 10px;\">\n<td style=\"width: 7.49718%; height: 10px;\"><span style=\"font-weight: 400;\">1985<\/span><\/td>\n<td style=\"width: 92.5028%; height: 10px;\"><span style=\"font-weight: 400;\">Spiel im Schloss<\/span><\/td>\n<\/tr>\n<\/tbody>\n<\/table>\n<p>[\/vc_column_text][\/vc_column_inner][vc_column_inner width=&#8220;1\/2&#8243;][vc_column_text css=&#8220;.vc_custom_1665587356351{margin-bottom: 0px !important;}&#8220;]<\/p>\n<table style=\"border-collapse: collapse; width: 100%; height: 62px;\">\n<tbody>\n<tr style=\"height: 22px;\">\n<td style=\"width: 7.497181510710259%; height: 10px; vertical-align: top;\"><span style=\"font-weight: 400;\">1986 <\/span><\/td>\n<td style=\"width: 92.50281848928975%; height: 10px;\"><span style=\"font-weight: 400;\">Caspar David Friedrich \u2013 Grenzen der Zeit<\/span><\/td>\n<\/tr>\n<tr style=\"height: 22px;\">\n<td style=\"width: 7.497181510710259%; vertical-align: top; height: 32px;\"><span style=\"font-weight: 400;\">1988 <\/span><\/td>\n<td style=\"width: 92.5028%; height: 32px;\"><span style=\"font-weight: 400;\">Hanussen<\/span><\/td>\n<\/tr>\n<tr style=\"height: 10px;\">\n<td style=\"width: 7.497181510710259%; vertical-align: top; height: 10px;\"><span style=\"font-weight: 400;\">1998 <\/span><\/td>\n<td style=\"width: 92.50281848928975%; height: 10px;\"><span style=\"font-weight: 400;\">Opernball<\/span><\/td>\n<\/tr>\n<tr style=\"height: 10px;\">\n<td style=\"width: 7.49718%; vertical-align: top; height: 10px;\"><span style=\"font-weight: 400;\">2006 <\/span><\/td>\n<td style=\"width: 92.5028%; height: 10px;\"><span style=\"font-weight: 400;\">Requiem<\/span><\/td>\n<\/tr>\n<\/tbody>\n<\/table>\n<p>[\/vc_column_text][\/vc_column_inner][\/vc_row_inner][vc_empty_space height=&#8220;5&#8243;][vc_empty_space height=&#8220;50px&#8220;][vc_column_text]<span style=\"font-size: 18pt;\">Bilder vom Dreh<\/span>[\/vc_column_text][vc_empty_space height=&#8220;5&#8243;][vc_row_inner css=&#8220;.vc_custom_1669545893815{margin-top: -15px !important;}&#8220;][vc_column_inner width=&#8220;1\/3&#8243;][vc_single_image image=&#8220;82300&#8243; img_size=&#8220;full&#8220; onclick=&#8220;link_image&#8220;][\/vc_column_inner][vc_column_inner width=&#8220;1\/3&#8243;][vc_single_image image=&#8220;82297&#8243; img_size=&#8220;full&#8220; onclick=&#8220;link_image&#8220;][\/vc_column_inner][vc_column_inner width=&#8220;1\/3&#8243;][vc_single_image image=&#8220;82303&#8243; img_size=&#8220;full&#8220; onclick=&#8220;link_image&#8220;][\/vc_column_inner][\/vc_row_inner][vc_empty_space height=&#8220;15px&#8220;][\/vc_column][\/vc_row][vc_row][vc_column width=&#8220;1\/2&#8243;][vc_empty_space height=&#8220;10px&#8220;][vc_column_text]<span style=\"font-size: 18pt;\">Hanussen | Trailer [2022] (deutsch) \u1d34\u1d30<\/span>[\/vc_column_text][vc_video link=&#8220;https:\/\/youtu.be\/7nqA9I2yr00&#8243; css=&#8220;.vc_custom_1665588412391{margin-top: -10px !important;}&#8220;][\/vc_column][vc_column width=&#8220;1\/2&#8243;][vc_empty_space height=&#8220;10px&#8220;][vc_column_text]<span style=\"font-size: 18pt;\">Hanussen | Unboxing (deutsch) \u1d34\u1d30<\/span>[\/vc_column_text][vc_video link=&#8220;https:\/\/www.youtube.com\/watch?v=gYPy6o4IAJ4&#8243; css=&#8220;.vc_custom_1677363244415{margin-top: -10px !important;}&#8220;][\/vc_column][\/vc_row][vc_row][vc_column][vc_separator][vc_column_text]<span style=\"font-size: 18pt;\">Stimmen zum Film<\/span><\/p>\n<p><span style=\"font-weight: 400;\"><em>\u00a0\u201eEin diskutabler Beitrag zur wichtigen Thematik der Machtsituationen unseres Jahrhunderts.\u201c<\/em>(<strong>Lexikon des Internationalen Films<\/strong>)\u00a0 <\/span><\/p>\n<p><span style=\"font-weight: 400;\"><em>\u00a0\u201eDie dritte Zusammenarbeit von Kameramann Koltai, Regisseur Szab\u00f3 und Schauspieler Brandauer verdichtet \u201eHanussen\u201c zu einer s\u00fc\u00dflichen Kolportage bestehend aus lauter scharfen Momentaufnahmen, die zusammen eine gro\u00dfe L\u00fcge ergeben, ein einziges Vexierbild, dessen Schl\u00fcssel in den Kaffeeh\u00e4usern dieser Welt verloren gegangen ist.\u201c<\/em> (<strong>hardsensations.com<\/strong>)\u00a0 \u00a0 \u00a0 \u00a0 \u00a0 \u00a0<\/span><\/p>\n<p><span style=\"font-weight: 400;\"><em>\u201eIn Regisseur Istv\u00e1n Szab\u00f3s Historiendrama Hanussen aus dem Jahr 1988 gl\u00e4nzt Klaus Maria Brandauer erneut als \u00f6sterreichischer Soldat Klaus Schneider, der nach einem Kopfschuss im Ersten Weltkrieg sein zweites Augenlicht erlangt &#8211; der dritte Teil von Szab\u00f3s Trilogie \u00fcber den deutschen Faschismus ist beeindruckend.\u201c<\/em> (<strong>derekwinnert.com<\/strong>) \u00a0 \u00a0 \u00a0 \u00a0 \u00a0 \u00a0 \u00a0 \u00a0 \u00a0 <\/span><\/p>\n<p><em><span style=\"font-weight: 400;\">\u201e<\/span><span style=\"font-weight: 400;\">Hanussen<\/span><span style=\"font-weight: 400;\"> ist vielleicht nicht der beste Moment von Szabo und Brandauer, das w\u00e4re der unglaubliche <\/span><span style=\"font-weight: 400;\">Oberst Redl,<\/span><\/em><span style=\"font-weight: 400;\"><em> aber es ist immer noch eine faszinierende Geschichte und eine sehenswerte, intensive Leistung.\u201c<\/em> (<strong>bonjourtristesse.net<\/strong>)<\/span><\/p>\n<p><span style=\"font-weight: 400;\"><em>\u201eSzabo macht die Figur des Hanussen auch zu einem starken Symbol f\u00fcr den historischen Wandel, den Deutschland in der Zeit zwischen den beiden Weltkriegen durchmachte. Hanussen ist ein absolut faszinierender Film.\u201c<\/em> (<strong>moriareviews.com<\/strong>)\u00a0 \u00a0\u00a0<\/span>[\/vc_column_text][vc_separator el_id=&#8220;schlangengrube-deluxe-mediabook&#8220;][\/vc_column][\/vc_row][vc_row][vc_column width=&#8220;1\/4&#8243;][vc_btn title=&#8220;Amazon&#8220; style=&#8220;flat&#8220; color=&#8220;orange&#8220; size=&#8220;sm&#8220; align=&#8220;center&#8220; i_icon_fontawesome=&#8220;fab fa-amazon&#8220; button_block=&#8220;true&#8220; add_icon=&#8220;true&#8220; link=&#8220;url:https%3A%2F%2Fwww.amazon.de%2FHanussen-erstmals-HD-2-DVDs%2Fdp%2FB0B92HRK6X%2Fref%3Dsr_1_3%3Fkeywords%3DHanussen%26qid%3D1665578968%26qu%3DeyJxc2MiOiI0LjM1IiwicXNhIjoiMy41OCIsInFzcCI6IjMuMDIifQ%253D%253D%26s%3Ddvd%26sr%3D1-3|title:Amazon|target:_blank&#8220;][\/vc_column][vc_column width=&#8220;1\/4&#8243;][vc_btn title=&#8220;MediaMarkt&#8220; style=&#8220;flat&#8220; color=&#8220;danger&#8220; size=&#8220;sm&#8220; align=&#8220;center&#8220; i_icon_fontawesome=&#8220;far fa-dot-circle&#8220; button_block=&#8220;true&#8220; add_icon=&#8220;true&#8220; link=&#8220;url:https%3A%2F%2Fwww.mediamarkt.de%2Fde%2Fproduct%2F_hanussen-blu-ray-dvd-2814284.html|title:MediaMarkt|target:_blank&#8220;][\/vc_column][vc_column width=&#8220;1\/4&#8243;][vc_btn title=&#8220;Shop&#8220; style=&#8220;flat&#8220; color=&#8220;juicy-pink&#8220; size=&#8220;sm&#8220; align=&#8220;center&#8220; i_icon_fontawesome=&#8220;fas fa-shopping-cart&#8220; button_block=&#8220;true&#8220; add_icon=&#8220;true&#8220; link=&#8220;url:https%3A%2F%2Fucm.one%2Fde%2Fprodukt%2Fhanussen%2F|title:Shop&#8220;][\/vc_column][vc_column width=&#8220;1\/4&#8243;][vc_btn title=&#8220;Wer Streamt Es?&#8220; style=&#8220;flat&#8220; color=&#8220;blue&#8220; size=&#8220;sm&#8220; align=&#8220;center&#8220; i_icon_fontawesome=&#8220;fas fa-question-circle&#8220; button_block=&#8220;true&#8220; add_icon=&#8220;true&#8220; link=&#8220;url:https%3A%2F%2Fwww.werstreamt.es%2Ffilm%2Fdetails%2F7749%2Fhanussen%2F|title:Wer%20Streamt%20Es%3F|target:_blank&#8220;][\/vc_column][\/vc_row][vc_row][vc_column][vc_empty_space height=&#8220;15px&#8220;][vc_column_text css=&#8220;.vc_custom_1666276386284{margin-bottom: -5px !important;}&#8220;]<span style=\"font-size: 18pt;\">Erh\u00e4ltliches Format und Ausstattung<\/span>[\/vc_column_text][vc_empty_space][vc_row_inner][vc_column_inner width=&#8220;1\/6&#8243;][vc_single_image image=&#8220;78360&#8243; img_size=&#8220;full&#8220; onclick=&#8220;custom_link&#8220; link=&#8220;https:\/\/ucm.one\/produkt\/hanussen\/&#8220;][\/vc_column_inner][vc_column_inner width=&#8220;5\/6&#8243;][vc_column_text]<strong>Limitiertes Mediabook (Blu-Ray + DVD):<\/strong><\/p>\n<p>Ungek\u00fcrzte Kinofassung erstmalig in 4K neu abgetastet und in Full-HD restauriert<\/p>\n<p>Bildformat Blu-Ray: WS 1.85:1 \/ 1080p 24<span lang=\"EN-US\">; Bildformat DVD:\u00a0<\/span>WS 1.85:1 (anamorph)\u00a0<span lang=\"EN-US\">| Gesamtlaufzeit Blu-Ray: 113 Min; Gesamtlaufzeit DVD: 109 Min<\/span><\/p>\n<p><span lang=\"EN-US\">Tonformat Blu-Ray: Deutsch DTS-HD Master Audio 2.0 (mono); Tonformat DVD: Deutsch DD 2.0 (mono)<\/span><\/p>\n<p><span lang=\"EN-US\">Bonusmaterial:\u00a0Ungarischer Originaltrailer, Deutscher Trailer, Artwork-Galerie, Mediabook mit 16 seitigem Buchteil mit vielen Bildern und Informationen<\/span><\/p>\n<p><span lang=\"EN-US\">FSK 16 | FSK-Sticker abziehbar<\/span>[\/vc_column_text][\/vc_column_inner][\/vc_row_inner][vc_separator css=&#8220;.vc_custom_1653175357110{margin-top: -5px !important;}&#8220;][vc_empty_space height=&#8220;10px&#8220;][\/vc_column][\/vc_row][vc_row][vc_column][vc_empty_space height=&#8220;15px&#8220;][vc_column_text]<\/p>\n<h2>Neuigkeiten<\/h2>\n<p>[\/vc_column_text]<style type=\"text\/css\" data-type=\"the7_shortcodes-inline-css\">.blog-shortcode.blog-masonry-shortcode-id-25d3a20cb85b44fa3b0c1fbf39672400.dividers-on.classic-layout-list article {\n  padding-top: 0;\n}\n.blog-shortcode.blog-masonry-shortcode-id-25d3a20cb85b44fa3b0c1fbf39672400.dividers-on.classic-layout-list article:first-of-type {\n  margin-top: 0;\n  padding-top: 0;\n}\n.blog-shortcode.blog-masonry-shortcode-id-25d3a20cb85b44fa3b0c1fbf39672400.classic-layout-list.mode-list .post-entry-content {\n  width: calc(100% - );\n}\n.blog-shortcode.blog-masonry-shortcode-id-25d3a20cb85b44fa3b0c1fbf39672400.classic-layout-list.mode-list .no-img .post-entry-content {\n  width: 100%;\n}\n.blog-shortcode.blog-masonry-shortcode-id-25d3a20cb85b44fa3b0c1fbf39672400 .filter-bg-decoration .filter-categories a.act {\n  color: #fff;\n}\n.blog-shortcode.blog-masonry-shortcode-id-25d3a20cb85b44fa3b0c1fbf39672400:not(.mode-masonry) article:first-of-type,\n.blog-shortcode.blog-masonry-shortcode-id-25d3a20cb85b44fa3b0c1fbf39672400:not(.mode-masonry) article.visible.first:not(.product) {\n  margin-top: 0;\n}\n.blog-shortcode.blog-masonry-shortcode-id-25d3a20cb85b44fa3b0c1fbf39672400.dividers-on:not(.mode-masonry) article {\n  margin-top: 0;\n}\n.blog-shortcode.blog-masonry-shortcode-id-25d3a20cb85b44fa3b0c1fbf39672400.dividers-on:not(.mode-masonry) article:first-of-type,\n.blog-shortcode.blog-masonry-shortcode-id-25d3a20cb85b44fa3b0c1fbf39672400.dividers-on:not(.mode-masonry) article.visible.first:not(.product) {\n  margin-top: 0;\n  padding-top: 0;\n}\n.blog-shortcode.blog-masonry-shortcode-id-25d3a20cb85b44fa3b0c1fbf39672400 .post-thumbnail-wrap {\n  padding: 0px 0px 0px 0px;\n}\n.blog-shortcode.blog-masonry-shortcode-id-25d3a20cb85b44fa3b0c1fbf39672400.enable-bg-rollover .post-thumbnail-rollover:after {\n  background: -webkit-linear-gradient();\n  background: linear-gradient();\n}\n.blog-shortcode.blog-masonry-shortcode-id-25d3a20cb85b44fa3b0c1fbf39672400 .gallery-zoom-ico {\n  width: 44px;\n  height: 44px;\n  line-height: 44px;\n  border-radius: 100px;\n  margin: -22px 0 0 -22px;\n  border-width: 0px;\n  color: #ffffff;\n}\n.bottom-overlap-layout-list.blog-shortcode.blog-masonry-shortcode-id-25d3a20cb85b44fa3b0c1fbf39672400 .gallery-zoom-ico {\n  margin-top: -72px;\n}\n.gradient-overlay-layout-list.blog-shortcode.blog-masonry-shortcode-id-25d3a20cb85b44fa3b0c1fbf39672400 .gallery-zoom-ico,\n.content-rollover-layout-list.blog-shortcode.blog-masonry-shortcode-id-25d3a20cb85b44fa3b0c1fbf39672400 .gallery-zoom-ico {\n  margin: 0 0 10px;\n}\n.content-align-center.gradient-overlay-layout-list.blog-shortcode.blog-masonry-shortcode-id-25d3a20cb85b44fa3b0c1fbf39672400 .gallery-zoom-ico,\n.content-align-center.content-rollover-layout-list.blog-shortcode.blog-masonry-shortcode-id-25d3a20cb85b44fa3b0c1fbf39672400 .gallery-zoom-ico {\n  margin: 0 auto 10px;\n}\n.dt-icon-bg-on.blog-shortcode.blog-masonry-shortcode-id-25d3a20cb85b44fa3b0c1fbf39672400 .gallery-zoom-ico {\n  background: rgba(255,255,255,0.3);\n  box-shadow: none;\n}\n.blog-shortcode.blog-masonry-shortcode-id-25d3a20cb85b44fa3b0c1fbf39672400 .gallery-zoom-ico > span,\n.blog-shortcode.blog-masonry-shortcode-id-25d3a20cb85b44fa3b0c1fbf39672400 .gallery-zoom-ico:before {\n  font-size: 32px;\n  line-height: 44px;\n}\n.blog-shortcode.blog-masonry-shortcode-id-25d3a20cb85b44fa3b0c1fbf39672400 .gallery-zoom-ico > span,\n.blog-shortcode.blog-masonry-shortcode-id-25d3a20cb85b44fa3b0c1fbf39672400 .gallery-zoom-ico:before {\n  color: #ffffff;\n}\n.blog-shortcode.blog-masonry-shortcode-id-25d3a20cb85b44fa3b0c1fbf39672400 .entry-title,\n.blog-shortcode.blog-masonry-shortcode-id-25d3a20cb85b44fa3b0c1fbf39672400.owl-carousel .entry-title {\n  margin-bottom: 5px;\n  font-weight: bold;\n}\n.blog-shortcode.blog-masonry-shortcode-id-25d3a20cb85b44fa3b0c1fbf39672400 .entry-meta {\n  margin-bottom: 15px;\n}\n.blog-shortcode.blog-masonry-shortcode-id-25d3a20cb85b44fa3b0c1fbf39672400 .portfolio-categories {\n  margin-bottom: 15px;\n}\n.blog-shortcode.blog-masonry-shortcode-id-25d3a20cb85b44fa3b0c1fbf39672400 .entry-excerpt {\n  margin-bottom: 5px;\n}\n.blog-shortcode.blog-masonry-shortcode-id-25d3a20cb85b44fa3b0c1fbf39672400:not(.centered-layout-list) .post-entry-content {\n  padding: 25px 30px 30px 30px;\n}\n.blog-shortcode.blog-masonry-shortcode-id-25d3a20cb85b44fa3b0c1fbf39672400:not(.centered-layout-list):not(.content-bg-on):not(.mode-list) .no-img .post-entry-content {\n  padding: 0;\n}\n@media screen and (max-width: ) {\n  .blog-shortcode.blog-masonry-shortcode-id-25d3a20cb85b44fa3b0c1fbf39672400 article {\n    -ms-flex-flow: column nowrap;\n    flex-flow: column nowrap;\n    margin-top: 20px;\n  }\n  .blog-shortcode.blog-masonry-shortcode-id-25d3a20cb85b44fa3b0c1fbf39672400.dividers-on article {\n    border: none;\n  }\n  .blog-shortcode.blog-masonry-shortcode-id-25d3a20cb85b44fa3b0c1fbf39672400.content-bg-on.centered-layout-list article {\n    padding: 0;\n  }\n  .blog-shortcode.blog-masonry-shortcode-id-25d3a20cb85b44fa3b0c1fbf39672400.blog-shortcode.dividers-on article,\n  .blog-shortcode.blog-masonry-shortcode-id-25d3a20cb85b44fa3b0c1fbf39672400.dividers-on.classic-layout-list article {\n    margin-top: 20px;\n    padding: 0;\n  }\n  .blog-shortcode.blog-masonry-shortcode-id-25d3a20cb85b44fa3b0c1fbf39672400.blog-shortcode.dividers-on article:first-of-type,\n  .blog-shortcode.blog-masonry-shortcode-id-25d3a20cb85b44fa3b0c1fbf39672400.dividers-on.classic-layout-list article:first-of-type {\n    padding: 0;\n  }\n  #page .blog-shortcode.blog-masonry-shortcode-id-25d3a20cb85b44fa3b0c1fbf39672400 .post-thumbnail-wrap,\n  #page .blog-shortcode.blog-masonry-shortcode-id-25d3a20cb85b44fa3b0c1fbf39672400 .post-entry-content {\n    width: 100%;\n    margin: 0;\n    top: 0;\n  }\n  #page .blog-shortcode.blog-masonry-shortcode-id-25d3a20cb85b44fa3b0c1fbf39672400 .post-thumbnail-wrap {\n    padding: 0;\n  }\n  #page .blog-shortcode.blog-masonry-shortcode-id-25d3a20cb85b44fa3b0c1fbf39672400 .post-entry-content:after {\n    display: none;\n  }\n  #page .blog-shortcode.blog-masonry-shortcode-id-25d3a20cb85b44fa3b0c1fbf39672400 .project-even .post-thumbnail-wrap,\n  #page .blog-shortcode.blog-masonry-shortcode-id-25d3a20cb85b44fa3b0c1fbf39672400.centered-layout-list .post-thumbnail-wrap {\n    -ms-flex-order: 0;\n    order: 0;\n  }\n  #page .blog-shortcode.blog-masonry-shortcode-id-25d3a20cb85b44fa3b0c1fbf39672400.centered-layout-list .post-entry-title-content {\n    -ms-flex-order: 1;\n    order: 1;\n    width: 100%;\n    padding: 20px 20px 0;\n  }\n  #page .blog-shortcode.blog-masonry-shortcode-id-25d3a20cb85b44fa3b0c1fbf39672400.centered-layout-list .post-entry-content {\n    -ms-flex-order: 2;\n    order: 2;\n    padding-top: 0;\n  }\n  #page .blog-shortcode.blog-masonry-shortcode-id-25d3a20cb85b44fa3b0c1fbf39672400 .fancy-categories {\n    top: 10px;\n    left: 10px;\n    bottom: auto;\n    right: auto;\n  }\n  #page .blog-shortcode.blog-masonry-shortcode-id-25d3a20cb85b44fa3b0c1fbf39672400 .fancy-date a {\n    top: 10px;\n    right: 10px;\n    left: auto;\n    bottom: auto;\n  }\n  #page .blog-shortcode.blog-masonry-shortcode-id-25d3a20cb85b44fa3b0c1fbf39672400 .post-entry-content {\n    padding: 20px;\n  }\n  #page .blog-shortcode.blog-masonry-shortcode-id-25d3a20cb85b44fa3b0c1fbf39672400 .entry-title {\n    margin: 3px 0 5px;\n    font-size: 20px;\n    line-height: 26px;\n  }\n  #page .blog-shortcode.blog-masonry-shortcode-id-25d3a20cb85b44fa3b0c1fbf39672400 .entry-meta {\n    margin: 5px 0 5px;\n  }\n  #page .blog-shortcode.blog-masonry-shortcode-id-25d3a20cb85b44fa3b0c1fbf39672400 .entry-excerpt {\n    margin: 15px 0 0;\n  }\n  #page .blog-shortcode.blog-masonry-shortcode-id-25d3a20cb85b44fa3b0c1fbf39672400 .post-details {\n    margin: 5px 0 10px;\n  }\n  #page .blog-shortcode.blog-masonry-shortcode-id-25d3a20cb85b44fa3b0c1fbf39672400 .post-details.details-type-link {\n    margin-bottom: 2px;\n  }\n}\n.blog-shortcode.blog-masonry-shortcode-id-25d3a20cb85b44fa3b0c1fbf39672400:not(.resize-by-browser-width) .dt-css-grid {\n  grid-row-gap: 30px;\n  grid-column-gap: 30px;\n  grid-template-columns: repeat(auto-fill,minmax(,1fr));\n}\n.blog-shortcode.blog-masonry-shortcode-id-25d3a20cb85b44fa3b0c1fbf39672400:not(.resize-by-browser-width) .dt-css-grid .double-width {\n  grid-column: span 2;\n}\n.cssgridlegacy.no-cssgrid .blog-shortcode.blog-masonry-shortcode-id-25d3a20cb85b44fa3b0c1fbf39672400:not(.resize-by-browser-width) .dt-css-grid,\n.no-cssgridlegacy.no-cssgrid .blog-shortcode.blog-masonry-shortcode-id-25d3a20cb85b44fa3b0c1fbf39672400:not(.resize-by-browser-width) .dt-css-grid {\n  display: flex;\n  flex-flow: row wrap;\n  margin: -15px;\n}\n.cssgridlegacy.no-cssgrid .blog-shortcode.blog-masonry-shortcode-id-25d3a20cb85b44fa3b0c1fbf39672400:not(.resize-by-browser-width) .dt-css-grid .wf-cell,\n.no-cssgridlegacy.no-cssgrid .blog-shortcode.blog-masonry-shortcode-id-25d3a20cb85b44fa3b0c1fbf39672400:not(.resize-by-browser-width) .dt-css-grid .wf-cell {\n  flex: 1 0 ;\n  max-width: 100%;\n  padding: 15px;\n  box-sizing: border-box;\n}\n.blog-shortcode.blog-masonry-shortcode-id-25d3a20cb85b44fa3b0c1fbf39672400.resize-by-browser-width .dt-css-grid {\n  grid-template-columns: repeat(2,1fr);\n  grid-template-rows: auto;\n  grid-column-gap: 30px;\n  grid-row-gap: 30px;\n}\n.blog-shortcode.blog-masonry-shortcode-id-25d3a20cb85b44fa3b0c1fbf39672400.resize-by-browser-width .dt-css-grid .double-width {\n  grid-column: span 2;\n}\n.cssgridlegacy.no-cssgrid .blog-shortcode.blog-masonry-shortcode-id-25d3a20cb85b44fa3b0c1fbf39672400.resize-by-browser-width .dt-css-grid {\n  margin: -15px;\n}\n.cssgridlegacy.no-cssgrid .blog-shortcode.blog-masonry-shortcode-id-25d3a20cb85b44fa3b0c1fbf39672400.resize-by-browser-width .dt-css-grid .wf-cell {\n  width: 50%;\n  padding: 15px;\n}\n.cssgridlegacy.no-cssgrid .blog-shortcode.blog-masonry-shortcode-id-25d3a20cb85b44fa3b0c1fbf39672400.resize-by-browser-width .dt-css-grid .wf-cell.double-width {\n  width: calc(50%) * 2;\n}\n.blog-shortcode.blog-masonry-shortcode-id-25d3a20cb85b44fa3b0c1fbf39672400.resize-by-browser-width:not(.centered-layout-list):not(.content-bg-on) .dt-css-grid {\n  grid-row-gap: 0px;\n}\n@media screen and (max-width: 1199px) {\n  .blog-shortcode.blog-masonry-shortcode-id-25d3a20cb85b44fa3b0c1fbf39672400.resize-by-browser-width .dt-css-grid {\n    grid-template-columns: repeat(2,1fr);\n  }\n  .cssgridlegacy.no-cssgrid .blog-shortcode.blog-masonry-shortcode-id-25d3a20cb85b44fa3b0c1fbf39672400.resize-by-browser-width .dt-css-grid .wf-cell,\n  .no-cssgridlegacy.no-cssgrid .blog-shortcode.blog-masonry-shortcode-id-25d3a20cb85b44fa3b0c1fbf39672400.resize-by-browser-width .dt-css-grid .wf-cell {\n    width: 50%;\n  }\n  .cssgridlegacy.no-cssgrid .blog-shortcode.blog-masonry-shortcode-id-25d3a20cb85b44fa3b0c1fbf39672400.resize-by-browser-width .dt-css-grid .wf-cell.double-width,\n  .no-cssgridlegacy.no-cssgrid .blog-shortcode.blog-masonry-shortcode-id-25d3a20cb85b44fa3b0c1fbf39672400.resize-by-browser-width .dt-css-grid .wf-cell.double-width {\n    width: calc(50%)*2;\n  }\n}\n@media screen and (max-width: 991px) {\n  .blog-shortcode.blog-masonry-shortcode-id-25d3a20cb85b44fa3b0c1fbf39672400.resize-by-browser-width .dt-css-grid {\n    grid-template-columns: repeat(1,1fr);\n  }\n  .cssgridlegacy.no-cssgrid .blog-shortcode.blog-masonry-shortcode-id-25d3a20cb85b44fa3b0c1fbf39672400.resize-by-browser-width .dt-css-grid .wf-cell,\n  .no-cssgridlegacy.no-cssgrid .blog-shortcode.blog-masonry-shortcode-id-25d3a20cb85b44fa3b0c1fbf39672400.resize-by-browser-width .dt-css-grid .wf-cell {\n    width: 100%;\n  }\n  .cssgridlegacy.no-cssgrid .blog-shortcode.blog-masonry-shortcode-id-25d3a20cb85b44fa3b0c1fbf39672400.resize-by-browser-width .dt-css-grid .wf-cell.double-width,\n  .no-cssgridlegacy.no-cssgrid .blog-shortcode.blog-masonry-shortcode-id-25d3a20cb85b44fa3b0c1fbf39672400.resize-by-browser-width .dt-css-grid .wf-cell.double-width {\n    width: calc(100%)*2;\n  }\n}\n@media screen and (max-width: 767px) {\n  .blog-shortcode.blog-masonry-shortcode-id-25d3a20cb85b44fa3b0c1fbf39672400.resize-by-browser-width .dt-css-grid {\n    grid-template-columns: repeat(1,1fr);\n  }\n  .blog-shortcode.blog-masonry-shortcode-id-25d3a20cb85b44fa3b0c1fbf39672400.resize-by-browser-width .dt-css-grid .double-width {\n    grid-column: span 1;\n  }\n  .cssgridlegacy.no-cssgrid .blog-shortcode.blog-masonry-shortcode-id-25d3a20cb85b44fa3b0c1fbf39672400.resize-by-browser-width .dt-css-grid .wf-cell,\n  .no-cssgridlegacy.no-cssgrid .blog-shortcode.blog-masonry-shortcode-id-25d3a20cb85b44fa3b0c1fbf39672400.resize-by-browser-width .dt-css-grid .wf-cell {\n    width: 100%;\n  }\n  .cssgridlegacy.no-cssgrid .blog-shortcode.blog-masonry-shortcode-id-25d3a20cb85b44fa3b0c1fbf39672400.resize-by-browser-width .dt-css-grid .wf-cell.double-width,\n  .no-cssgridlegacy.no-cssgrid .blog-shortcode.blog-masonry-shortcode-id-25d3a20cb85b44fa3b0c1fbf39672400.resize-by-browser-width .dt-css-grid .wf-cell.double-width {\n    width: calc(100%)*2;\n  }\n}<\/style><div class=\"blog-shortcode blog-masonry-shortcode-id-25d3a20cb85b44fa3b0c1fbf39672400 mode-grid classic-layout-list content-bg-on jquery-filter scale-img dt-css-grid-wrap dt-icon-bg-off resize-by-browser-width loading-effect-none description-under-image \" data-padding=\"15px\" data-cur-page=\"1\" data-post-limit=\"-1\" data-pagination-mode=\"none\" data-desktop-columns-num=\"2\" data-v-tablet-columns-num=\"1\" data-h-tablet-columns-num=\"2\" data-phone-columns-num=\"1\" data-width=\"0px\" data-columns=\"0\"><div class=\"dt-css-grid\" ><div class=\"visible wf-cell\" data-post-id=\"102226\" data-date=\"2024-03-10T01:15:28+00:00\" data-name=\"\ud83c\udfac Im Filmtheater Metropolis in Hamburg wird heute der Film \u201eDer Pfarrer von St. Pauli\u201c in Anwesenheit des &quot;echten Pfarrers&quot; gezeigt\"><article class=\"post project-odd visible post-102226 type-post status-publish format-standard has-post-thumbnail hentry category-film category-filmklassiker category-news category-u1-films-berlin category-u8-films-berlin tag-barbara-lass tag-carl-lange tag-corny-collins tag-curd-juergens tag-der-pfarrer-von-st-pauli tag-gunther-stoll tag-heinz-reincke tag-horst-naumann tag-karl-schultz tag-klaus-hagen-latwesen tag-rolf-olsen tag-u8-films-berlin-de tag-udo-lindenberg tag-walter-buschhof tag-werner-bruhns category-8 category-7004 category-13 category-8294 category-8304\" data-name=\"\ud83c\udfac Im Filmtheater Metropolis in Hamburg wird heute der Film \u201eDer Pfarrer von St. Pauli\u201c in Anwesenheit des &#8222;echten Pfarrers&#8220; gezeigt\" data-date=\"2024-03-10T01:15:28+00:00\">\n\n<div class=\"post-thumbnail-wrap\">\n\t<div class=\"post-thumbnail\">\n\t\t\n\t\t\n\t\t<a href=\"https:\/\/ucm.one\/de\/im-filmtheater-metropolis-in-hamburg-wird-heute-um-17-00-uhr-der-film-der-pfarrer-von-st-pauli-gezeigt\/\" class=\"post-thumbnail-rollover layzr-bg layzr-bg\" ><img fetchpriority=\"high\" decoding=\"async\" class=\"iso-lazy-load preload-me iso-lazy-load aspect\" src=\"data:image\/svg+xml,%3Csvg%20xmlns%3D&#39;http%3A%2F%2Fwww.w3.org%2F2000%2Fsvg&#39;%20viewBox%3D&#39;0%200%20990%20309&#39;%2F%3E\" data-src=\"https:\/\/ucm.one\/wp-content\/uploads\/2024\/03\/Der-Pfarrer-von-St.-Pauli-Banner-2024-990x309.jpg\" data-srcset=\"https:\/\/ucm.one\/wp-content\/uploads\/2024\/03\/Der-Pfarrer-von-St.-Pauli-Banner-2024-990x309.jpg 990w, https:\/\/ucm.one\/wp-content\/uploads\/2024\/03\/Der-Pfarrer-von-St.-Pauli-Banner-2024-1485x464.jpg 1485w\" loading=\"eager\" style=\"--ratio: 990 \/ 309\" sizes=\"(max-width: 990px) 100vw, 990px\" alt=\"\" title=\"Der Pfarrer von St. Pauli Banner 2024\" width=\"990\" height=\"309\"  \/><\/a>\t<\/div>\n<\/div>\n\n\n<div class=\"post-entry-content\">\n\n\t<h3 class=\"entry-title\">\n\t\t<a href=\"https:\/\/ucm.one\/de\/im-filmtheater-metropolis-in-hamburg-wird-heute-um-17-00-uhr-der-film-der-pfarrer-von-st-pauli-gezeigt\/\" title=\"\ud83c\udfac Im Filmtheater Metropolis in Hamburg wird heute der Film \u201eDer Pfarrer von St. Pauli\u201c in Anwesenheit des &#8222;echten Pfarrers&#8220; gezeigt\" rel=\"bookmark\">\ud83c\udfac Im Filmtheater Metropolis in Hamburg wird heute der Film \u201eDer Pfarrer von St. Pauli\u201c in Anwesenheit des &#8222;echten Pfarrers&#8220; gezeigt<\/a>\n\t<\/h3>\n\n\t<div class=\"entry-meta\"><span class=\"category-link\"><a href=\"https:\/\/ucm.one\/de\/category\/news\/film\/\" >Film<\/a>, <a href=\"https:\/\/ucm.one\/de\/category\/news\/filmklassiker\/\" >Filmklassiker<\/a>, <a href=\"https:\/\/ucm.one\/de\/category\/news\/\" >News<\/a>, <a href=\"https:\/\/ucm.one\/de\/category\/news\/film\/u1-films-berlin\/\" >U1 Films Berlin<\/a>, <a href=\"https:\/\/ucm.one\/de\/category\/news\/film\/u1-films-berlin\/u8-films-berlin\/\" >U8 Films Berlin<\/a><\/span><a class=\"author vcard\" href=\"\" title=\"Zeige alle Beitr\u00e4ge von Joachim Keil\" rel=\"author\">Von <span class=\"fn\">Joachim Keil<\/span><\/a><a href=\"https:\/\/ucm.one\/de\/2024\/03\/10\/\" title=\"01:15\" class=\"data-link\" rel=\"bookmark\"><time class=\"entry-date updated\" datetime=\"2024-03-10T01:15:28+00:00\">10. M\u00e4rz 2024<\/time><\/a><\/div>\n\t<div class=\"entry-excerpt\"><p>[vc_row][vc_column][vc_column_text]Im Filmtheater Metropolis (Kleine Theaterstra\u00dfe 10, 20354 Hamburg) wird am 10. M\u00e4rz 2024 um 17.00 Uhr der Film \u201eDer Pfarrer von St. Pauli\u201c gezeigt. Der Filmklassiker vermittelt den Zeitgeist und die Atmosph\u00e4re der 70er Jahre auf dem Hamburger Kiez. Schlu\u0308sselszenen wurden in der Kirche St. Joseph auf der Gro\u00dfen Freiheit gedreht. Curd Ju\u0308rgens verk\u00f6rpert sehr&hellip;<\/p>\n<\/div>\n\t\n<a href=\"https:\/\/ucm.one\/de\/im-filmtheater-metropolis-in-hamburg-wird-heute-um-17-00-uhr-der-film-der-pfarrer-von-st-pauli-gezeigt\/\" class=\"post-details details-type-link\" aria-label=\"Read more about \ud83c\udfac Im Filmtheater Metropolis in Hamburg wird heute der Film \u201eDer Pfarrer von St. Pauli\u201c in Anwesenheit des &#8222;echten Pfarrers&#8220; gezeigt\">Mehr lesen<i class=\"dt-icon-the7-arrow-03\" aria-hidden=\"true\"><\/i><\/a>\n\n<\/div><\/article><\/div><div class=\"visible wf-cell\" data-post-id=\"84185\" data-date=\"2022-12-16T14:34:00+00:00\" data-name=\"\ud83c\udfac Ab heute als Mediabook, Blu-Ray, DVD und VoD erh\u00e4ltlich: &quot;K\u00e4pt\u2018n Rauhbein aus St. Pauli&quot; mit Curd J\u00fcrgens\"><article class=\"post project-odd visible post-84185 type-post status-publish format-standard has-post-thumbnail hentry category-film category-filmklassiker category-news category-u1-films-berlin category-u8-films-berlin tag-angelika-ott tag-christine-schuberth tag-curd-juergens tag-elisabeth-flickenschildt tag-friedrich-joloff tag-fritz-tillmann tag-heinz-reincke tag-herbert-fleischmann tag-johanna-von-koczian tag-kaeptn-rauhbein-aus-st-pauli tag-rolf-olsen tag-sieghardt-rupp tag-u8-films-berlin-de category-8 category-7004 category-13 category-8294 category-8304\" data-name=\"\ud83c\udfac Ab heute als Mediabook, Blu-Ray, DVD und VoD erh\u00e4ltlich: &#8222;K\u00e4pt\u2018n Rauhbein aus St. Pauli&#8220; mit Curd J\u00fcrgens\" data-date=\"2022-12-16T14:34:00+00:00\">\n\n<div class=\"post-thumbnail-wrap\">\n\t<div class=\"post-thumbnail\">\n\t\t\n\t\t\n\t\t<a href=\"https:\/\/ucm.one\/de\/ab-heute-als-mediabook-blu-ray-dvd-und-vod-erhaeltlich-kaeptn-rauhbein-aus-st-pauli-mit-curd-juergens\/\" class=\"post-thumbnail-rollover layzr-bg layzr-bg\" ><img decoding=\"async\" class=\"iso-lazy-load preload-me iso-lazy-load aspect\" src=\"data:image\/svg+xml,%3Csvg%20xmlns%3D&#39;http%3A%2F%2Fwww.w3.org%2F2000%2Fsvg&#39;%20viewBox%3D&#39;0%200%20990%20309&#39;%2F%3E\" data-src=\"https:\/\/ucm.one\/wp-content\/uploads\/2022\/12\/B-Kaeptn-Rauhbein-aus-St.-Pauli-990x309.jpg\" data-srcset=\"https:\/\/ucm.one\/wp-content\/uploads\/2022\/12\/B-Kaeptn-Rauhbein-aus-St.-Pauli-990x309.jpg 990w, https:\/\/ucm.one\/wp-content\/uploads\/2022\/12\/B-Kaeptn-Rauhbein-aus-St.-Pauli-1485x464.jpg 1485w\" loading=\"eager\" style=\"--ratio: 990 \/ 309\" sizes=\"(max-width: 990px) 100vw, 990px\" alt=\"\" title=\"B K\u00e4ptn Rauhbein aus St. Pauli\" width=\"990\" height=\"309\"  \/><\/a>\t<\/div>\n<\/div>\n\n\n<div class=\"post-entry-content\">\n\n\t<h3 class=\"entry-title\">\n\t\t<a href=\"https:\/\/ucm.one\/de\/ab-heute-als-mediabook-blu-ray-dvd-und-vod-erhaeltlich-kaeptn-rauhbein-aus-st-pauli-mit-curd-juergens\/\" title=\"\ud83c\udfac Ab heute als Mediabook, Blu-Ray, DVD und VoD erh\u00e4ltlich: &#8222;K\u00e4pt\u2018n Rauhbein aus St. Pauli&#8220; mit Curd J\u00fcrgens\" rel=\"bookmark\">\ud83c\udfac Ab heute als Mediabook, Blu-Ray, DVD und VoD erh\u00e4ltlich: &#8222;K\u00e4pt\u2018n Rauhbein aus St. Pauli&#8220; mit Curd J\u00fcrgens<\/a>\n\t<\/h3>\n\n\t<div class=\"entry-meta\"><span class=\"category-link\"><a href=\"https:\/\/ucm.one\/de\/category\/news\/film\/\" >Film<\/a>, <a href=\"https:\/\/ucm.one\/de\/category\/news\/filmklassiker\/\" >Filmklassiker<\/a>, <a href=\"https:\/\/ucm.one\/de\/category\/news\/\" >News<\/a>, <a href=\"https:\/\/ucm.one\/de\/category\/news\/film\/u1-films-berlin\/\" >U1 Films Berlin<\/a>, <a href=\"https:\/\/ucm.one\/de\/category\/news\/film\/u1-films-berlin\/u8-films-berlin\/\" >U8 Films Berlin<\/a><\/span><a class=\"author vcard\" href=\"\" title=\"Zeige alle Beitr\u00e4ge von Joachim Keil\" rel=\"author\">Von <span class=\"fn\">Joachim Keil<\/span><\/a><a href=\"https:\/\/ucm.one\/de\/2022\/12\/16\/\" title=\"14:34\" class=\"data-link\" rel=\"bookmark\"><time class=\"entry-date updated\" datetime=\"2022-12-16T14:34:00+00:00\">16. Dezember 2022<\/time><\/a><\/div>\n\t<div class=\"entry-excerpt\"><p>[vc_row][vc_column][vc_column_text]Der Film &#8222;K\u00e4pt\u2019n Rauhbein aus St. Pauli&#8220;\u00a0entstand vom 19. April bis zum 1. Juni 1971 in Hamburg, an der Nordsee und an Schaupl\u00e4tzen in San Felice und Porto. UCM.ONE\u00a0bringt den Film von Regisseur Rolf Olsen\u00a0auf dem Label U8 Films Berlin\u00a0in Kooperation mit \u00a0moviemax nun\u00a0in der neuen in 4K abgetasteten und in Full-HD restaurierten Fassung als&hellip;<\/p>\n<\/div>\n\t\n<a href=\"https:\/\/ucm.one\/de\/ab-heute-als-mediabook-blu-ray-dvd-und-vod-erhaeltlich-kaeptn-rauhbein-aus-st-pauli-mit-curd-juergens\/\" class=\"post-details details-type-link\" aria-label=\"Read more about \ud83c\udfac Ab heute als Mediabook, Blu-Ray, DVD und VoD erh\u00e4ltlich: &#8222;K\u00e4pt\u2018n Rauhbein aus St. Pauli&#8220; mit Curd J\u00fcrgens\">Mehr lesen<i class=\"dt-icon-the7-arrow-03\" aria-hidden=\"true\"><\/i><\/a>\n\n<\/div><\/article><\/div><div class=\"visible wf-cell\" data-post-id=\"82321\" data-date=\"2022-11-25T22:19:15+00:00\" data-name=\"\ud83c\udfac Ab heute erh\u00e4ltlich: Limitiertes Mediabook &quot;Hanussen&quot; von Istv\u00e1n Sz\u00e1bo mit Karl Maria Brandauer\"><article class=\"post project-odd visible post-82321 type-post status-publish format-standard has-post-thumbnail hentry category-film category-filmklassiker category-news category-u1-films-berlin category-u8-films-berlin tag-colette-pilz-warren tag-erland-josephson tag-ewa-blaszczyk tag-grazyna-szapolowska tag-hanussen tag-ildiko-bansagi tag-istvan-szabo tag-karoly-eperjes tag-klaus-maria-brandauer tag-u8-films-berlin-de tag-walter-schmidinger category-8 category-7004 category-13 category-8294 category-8304\" data-name=\"\ud83c\udfac Ab heute erh\u00e4ltlich: Limitiertes Mediabook &#8222;Hanussen&#8220; von Istv\u00e1n Sz\u00e1bo mit Karl Maria Brandauer\" data-date=\"2022-11-25T22:19:15+00:00\">\n\n<div class=\"post-thumbnail-wrap\">\n\t<div class=\"post-thumbnail\">\n\t\t\n\t\t\n\t\t<a href=\"https:\/\/ucm.one\/de\/ab-heute-erhaeltlich-limitiertes-mediabook-hanussen-von-istvan-szabo-mit-karl-maria-brandauer\/\" class=\"post-thumbnail-rollover layzr-bg layzr-bg\" ><img decoding=\"async\" class=\"iso-lazy-load preload-me iso-lazy-load aspect\" src=\"data:image\/svg+xml,%3Csvg%20xmlns%3D&#39;http%3A%2F%2Fwww.w3.org%2F2000%2Fsvg&#39;%20viewBox%3D&#39;0%200%20990%20309&#39;%2F%3E\" data-src=\"https:\/\/ucm.one\/wp-content\/uploads\/2022\/11\/B-Hanussen-1-990x309.jpg\" data-srcset=\"https:\/\/ucm.one\/wp-content\/uploads\/2022\/11\/B-Hanussen-1-990x309.jpg 990w, https:\/\/ucm.one\/wp-content\/uploads\/2022\/11\/B-Hanussen-1-1485x464.jpg 1485w\" loading=\"eager\" style=\"--ratio: 990 \/ 309\" sizes=\"(max-width: 990px) 100vw, 990px\" alt=\"\" title=\"B Hanussen\" width=\"990\" height=\"309\"  \/><\/a>\t<\/div>\n<\/div>\n\n\n<div class=\"post-entry-content\">\n\n\t<h3 class=\"entry-title\">\n\t\t<a href=\"https:\/\/ucm.one\/de\/ab-heute-erhaeltlich-limitiertes-mediabook-hanussen-von-istvan-szabo-mit-karl-maria-brandauer\/\" title=\"\ud83c\udfac Ab heute erh\u00e4ltlich: Limitiertes Mediabook &#8222;Hanussen&#8220; von Istv\u00e1n Sz\u00e1bo mit Karl Maria Brandauer\" rel=\"bookmark\">\ud83c\udfac Ab heute erh\u00e4ltlich: Limitiertes Mediabook &#8222;Hanussen&#8220; von Istv\u00e1n Sz\u00e1bo mit Karl Maria Brandauer<\/a>\n\t<\/h3>\n\n\t<div class=\"entry-meta\"><span class=\"category-link\"><a href=\"https:\/\/ucm.one\/de\/category\/news\/film\/\" >Film<\/a>, <a href=\"https:\/\/ucm.one\/de\/category\/news\/filmklassiker\/\" >Filmklassiker<\/a>, <a href=\"https:\/\/ucm.one\/de\/category\/news\/\" >News<\/a>, <a href=\"https:\/\/ucm.one\/de\/category\/news\/film\/u1-films-berlin\/\" >U1 Films Berlin<\/a>, <a href=\"https:\/\/ucm.one\/de\/category\/news\/film\/u1-films-berlin\/u8-films-berlin\/\" >U8 Films Berlin<\/a><\/span><a class=\"author vcard\" href=\"\" title=\"Zeige alle Beitr\u00e4ge von Joachim Keil\" rel=\"author\">Von <span class=\"fn\">Joachim Keil<\/span><\/a><a href=\"https:\/\/ucm.one\/de\/2022\/11\/25\/\" title=\"22:19\" class=\"data-link\" rel=\"bookmark\"><time class=\"entry-date updated\" datetime=\"2022-11-25T22:19:15+00:00\">25. November 2022<\/time><\/a><\/div>\n\t<div class=\"entry-excerpt\"><p>[vc_row][vc_column][vc_column_text]Mit dem Film &#8222;Hanussen&#8220; bringt UCM.ONE in Kooperation mit CCC Film den Oscar\u00ae-nominierten Film aus dem Jahr 1988 erstmalig in der neu abgetasteten und restaurierten Full-HD-Fassung in den Handel bzw. zu den bekannten Downloadportalen. Die Geschichte basiert auf dem wahren Leben des Hermann Chajm Steinschneider, der als Hellseher nach dem Ersten Weltkrieg Karriere machte und&hellip;<\/p>\n<\/div>\n\t\n<a href=\"https:\/\/ucm.one\/de\/ab-heute-erhaeltlich-limitiertes-mediabook-hanussen-von-istvan-szabo-mit-karl-maria-brandauer\/\" class=\"post-details details-type-link\" aria-label=\"Read more about \ud83c\udfac Ab heute erh\u00e4ltlich: Limitiertes Mediabook &#8222;Hanussen&#8220; von Istv\u00e1n Sz\u00e1bo mit Karl Maria Brandauer\">Mehr lesen<i class=\"dt-icon-the7-arrow-03\" aria-hidden=\"true\"><\/i><\/a>\n\n<\/div><\/article><\/div><div class=\"visible wf-cell\" data-post-id=\"77802\" data-date=\"2022-10-07T18:51:05+00:00\" data-name=\"\ud83c\udfac &quot;Der Pfarrer von St. Pauli&quot; mit Curd J\u00fcrgens als Mediabook, Blu-Ray, DVD und bei VoD-Portalen erh\u00e4ltlich\"><article class=\"post project-odd visible post-77802 type-post status-publish format-standard has-post-thumbnail hentry category-film category-filmklassiker category-news category-u1-films-berlin category-u8-films-berlin tag-barbara-lass tag-carl-lange tag-christian-engelmann tag-christine-diersch tag-corny-collins tag-curd-juergens tag-der-pfarrer-von-st-pauli tag-gunther-stoll tag-heinz-reincke tag-horst-naumann tag-jean tag-klaus-hagen-latwesen tag-rolf-olsen tag-u8-films-berlin-de tag-walter-buschhof tag-werner-bruhns category-8 category-7004 category-13 category-8294 category-8304\" data-name=\"\ud83c\udfac &#8222;Der Pfarrer von St. Pauli&#8220; mit Curd J\u00fcrgens als Mediabook, Blu-Ray, DVD und bei VoD-Portalen erh\u00e4ltlich\" data-date=\"2022-10-07T18:51:05+00:00\">\n\n<div class=\"post-thumbnail-wrap\">\n\t<div class=\"post-thumbnail\">\n\t\t\n\t\t\n\t\t<a href=\"https:\/\/ucm.one\/de\/der-pfarrer-von-st-pauli-mit-curd-juergens-als-mediabook-blu-ray-dvd-und-bei-vod-portalen-erhaeltlich\/\" class=\"post-thumbnail-rollover layzr-bg layzr-bg\" ><img decoding=\"async\" class=\"iso-lazy-load preload-me iso-lazy-load aspect\" src=\"data:image\/svg+xml,%3Csvg%20xmlns%3D&#39;http%3A%2F%2Fwww.w3.org%2F2000%2Fsvg&#39;%20viewBox%3D&#39;0%200%20990%20309&#39;%2F%3E\" data-src=\"https:\/\/ucm.one\/wp-content\/uploads\/2022\/10\/Der-Pfarrer-von-St.-Pauli-Banner-Artwork-990x309.jpg\" data-srcset=\"https:\/\/ucm.one\/wp-content\/uploads\/2022\/10\/Der-Pfarrer-von-St.-Pauli-Banner-Artwork-990x309.jpg 990w, https:\/\/ucm.one\/wp-content\/uploads\/2022\/10\/Der-Pfarrer-von-St.-Pauli-Banner-Artwork-1485x464.jpg 1485w\" loading=\"eager\" style=\"--ratio: 990 \/ 309\" sizes=\"(max-width: 990px) 100vw, 990px\" alt=\"\" title=\"Der Pfarrer von St. Pauli Banner Artwork\" width=\"990\" height=\"309\"  \/><\/a>\t<\/div>\n<\/div>\n\n\n<div class=\"post-entry-content\">\n\n\t<h3 class=\"entry-title\">\n\t\t<a href=\"https:\/\/ucm.one\/de\/der-pfarrer-von-st-pauli-mit-curd-juergens-als-mediabook-blu-ray-dvd-und-bei-vod-portalen-erhaeltlich\/\" title=\"\ud83c\udfac &#8222;Der Pfarrer von St. Pauli&#8220; mit Curd J\u00fcrgens als Mediabook, Blu-Ray, DVD und bei VoD-Portalen erh\u00e4ltlich\" rel=\"bookmark\">\ud83c\udfac &#8222;Der Pfarrer von St. Pauli&#8220; mit Curd J\u00fcrgens als Mediabook, Blu-Ray, DVD und bei VoD-Portalen erh\u00e4ltlich<\/a>\n\t<\/h3>\n\n\t<div class=\"entry-meta\"><span class=\"category-link\"><a href=\"https:\/\/ucm.one\/de\/category\/news\/film\/\" >Film<\/a>, <a href=\"https:\/\/ucm.one\/de\/category\/news\/filmklassiker\/\" >Filmklassiker<\/a>, <a href=\"https:\/\/ucm.one\/de\/category\/news\/\" >News<\/a>, <a href=\"https:\/\/ucm.one\/de\/category\/news\/film\/u1-films-berlin\/\" >U1 Films Berlin<\/a>, <a href=\"https:\/\/ucm.one\/de\/category\/news\/film\/u1-films-berlin\/u8-films-berlin\/\" >U8 Films Berlin<\/a><\/span><a class=\"author vcard\" href=\"\" title=\"Zeige alle Beitr\u00e4ge von Joachim Keil\" rel=\"author\">Von <span class=\"fn\">Joachim Keil<\/span><\/a><a href=\"https:\/\/ucm.one\/de\/2022\/10\/07\/\" title=\"18:51\" class=\"data-link\" rel=\"bookmark\"><time class=\"entry-date updated\" datetime=\"2022-10-07T18:51:05+00:00\">7. Oktober 2022<\/time><\/a><\/div>\n\t<div class=\"entry-excerpt\"><p>[vc_row][vc_column][vc_column_text]Der\u00a0Film \u201cDer Pfarrer von St. Pauli\u201d\u00a0von Regisseur Rolf Olsen, sicherlich kein Werbefilme f\u00fcr die katholische Kirche, ist ab heute in der neuen in 4K abgetasteten und in Full-HD restaurierten Fassung auf den Label U8 Films Berlin\u00a0von UCM.ONE in Kooperation mit \u00a0moviemax\u00a0erh\u00e4ltlich.\u00a0Zitierte Bibelstellen sind eher ethischer Natur und verdeutlicht, dass Johannsen (Curd J\u00fcrgens) eine Ausnahmeerscheinung ist,&hellip;<\/p>\n<\/div>\n\t\n<a href=\"https:\/\/ucm.one\/de\/der-pfarrer-von-st-pauli-mit-curd-juergens-als-mediabook-blu-ray-dvd-und-bei-vod-portalen-erhaeltlich\/\" class=\"post-details details-type-link\" aria-label=\"Read more about \ud83c\udfac &#8222;Der Pfarrer von St. Pauli&#8220; mit Curd J\u00fcrgens als Mediabook, Blu-Ray, DVD und bei VoD-Portalen erh\u00e4ltlich\">Mehr lesen<i class=\"dt-icon-the7-arrow-03\" aria-hidden=\"true\"><\/i><\/a>\n\n<\/div><\/article><\/div><div class=\"visible wf-cell\" data-post-id=\"74841\" data-date=\"2022-08-26T15:01:11+00:00\" data-name=\"\ud83c\udfac &quot;Der Arzt von St. Pauli&quot; mit Curd J\u00fcrgens als Mediabook, Blu-Ray, DVD und bei VoD-Portalen erh\u00e4ltlich\"><article class=\"post project-odd visible post-74841 type-post status-publish format-standard has-post-thumbnail hentry category-film category-filmklassiker category-news category-u1-films-berlin category-u8-films-berlin tag-barbara-lass tag-carl-lange tag-christian-engelmann tag-christine-diersch tag-corny-collins tag-curd-juergens tag-der-pfarrer-von-st-pauli tag-gunther-stoll tag-heinz-reincke tag-horst-naumann tag-jean tag-klaus-hagen-latwesen tag-rolf-olsen tag-u8-films-berlin-de tag-walter-buschhof tag-werner-bruhns category-8 category-7004 category-13 category-8294 category-8304\" data-name=\"\ud83c\udfac &#8222;Der Arzt von St. Pauli&#8220; mit Curd J\u00fcrgens als Mediabook, Blu-Ray, DVD und bei VoD-Portalen erh\u00e4ltlich\" data-date=\"2022-08-26T15:01:11+00:00\">\n\n<div class=\"post-thumbnail-wrap\">\n\t<div class=\"post-thumbnail\">\n\t\t\n\t\t\n\t\t<a href=\"https:\/\/ucm.one\/de\/der-arzt-von-st-pauli-mit-curd-juergens-als-mediabook-blu-ray-dvd-und-bei-vod-portalen-erhaeltlich\/\" class=\"post-thumbnail-rollover layzr-bg layzr-bg\" ><img decoding=\"async\" class=\"iso-lazy-load preload-me iso-lazy-load aspect\" src=\"data:image\/svg+xml,%3Csvg%20xmlns%3D&#39;http%3A%2F%2Fwww.w3.org%2F2000%2Fsvg&#39;%20viewBox%3D&#39;0%200%20990%20309&#39;%2F%3E\" data-src=\"https:\/\/ucm.one\/wp-content\/uploads\/2022\/08\/Der-Arzt-von-St.-Pauli-Banner-Artwork-990x309.jpg\" data-srcset=\"https:\/\/ucm.one\/wp-content\/uploads\/2022\/08\/Der-Arzt-von-St.-Pauli-Banner-Artwork-990x309.jpg 990w, https:\/\/ucm.one\/wp-content\/uploads\/2022\/08\/Der-Arzt-von-St.-Pauli-Banner-Artwork-1485x464.jpg 1485w\" loading=\"eager\" style=\"--ratio: 990 \/ 309\" sizes=\"(max-width: 990px) 100vw, 990px\" alt=\"\" title=\"Der Arzt von St. Pauli Banner Artwork\" width=\"990\" height=\"309\"  \/><\/a>\t<\/div>\n<\/div>\n\n\n<div class=\"post-entry-content\">\n\n\t<h3 class=\"entry-title\">\n\t\t<a href=\"https:\/\/ucm.one\/de\/der-arzt-von-st-pauli-mit-curd-juergens-als-mediabook-blu-ray-dvd-und-bei-vod-portalen-erhaeltlich\/\" title=\"\ud83c\udfac &#8222;Der Arzt von St. Pauli&#8220; mit Curd J\u00fcrgens als Mediabook, Blu-Ray, DVD und bei VoD-Portalen erh\u00e4ltlich\" rel=\"bookmark\">\ud83c\udfac &#8222;Der Arzt von St. Pauli&#8220; mit Curd J\u00fcrgens als Mediabook, Blu-Ray, DVD und bei VoD-Portalen erh\u00e4ltlich<\/a>\n\t<\/h3>\n\n\t<div class=\"entry-meta\"><span class=\"category-link\"><a href=\"https:\/\/ucm.one\/de\/category\/news\/film\/\" >Film<\/a>, <a href=\"https:\/\/ucm.one\/de\/category\/news\/filmklassiker\/\" >Filmklassiker<\/a>, <a href=\"https:\/\/ucm.one\/de\/category\/news\/\" >News<\/a>, <a href=\"https:\/\/ucm.one\/de\/category\/news\/film\/u1-films-berlin\/\" >U1 Films Berlin<\/a>, <a href=\"https:\/\/ucm.one\/de\/category\/news\/film\/u1-films-berlin\/u8-films-berlin\/\" >U8 Films Berlin<\/a><\/span><a class=\"author vcard\" href=\"\" title=\"Zeige alle Beitr\u00e4ge von Joachim Keil\" rel=\"author\">Von <span class=\"fn\">Joachim Keil<\/span><\/a><a href=\"https:\/\/ucm.one\/de\/2022\/08\/26\/\" title=\"15:01\" class=\"data-link\" rel=\"bookmark\"><time class=\"entry-date updated\" datetime=\"2022-08-26T15:01:11+00:00\">26. August 2022<\/time><\/a><\/div>\n\t<div class=\"entry-excerpt\"><p>[vc_row][vc_column][vc_column_text] Der Film &#8222;Der Arzt von St. Pauli&#8220; von Regisseur Rolf Olsen ist ab heute in der neuen in 4K abgetasteten und in Full-HD restaurierten Fassung auf den Label U8 Films Berlin\u00a0von UCM.ONE in Kooperation mit \u00a0moviemax\u00a0erh\u00e4ltlich. Der starbesetzte Film mit Curd J\u00fcrgens (&#8222;Der Spion, der mich liebte&#8222;), Fritz Wepper (&#8222;Derrick&#8222;, &#8222;Der Kommissar&#8222;), Dieter Borsche&hellip;<\/p>\n<\/div>\n\t\n<a href=\"https:\/\/ucm.one\/de\/der-arzt-von-st-pauli-mit-curd-juergens-als-mediabook-blu-ray-dvd-und-bei-vod-portalen-erhaeltlich\/\" class=\"post-details details-type-link\" aria-label=\"Read more about \ud83c\udfac &#8222;Der Arzt von St. Pauli&#8220; mit Curd J\u00fcrgens als Mediabook, Blu-Ray, DVD und bei VoD-Portalen erh\u00e4ltlich\">Mehr lesen<i class=\"dt-icon-the7-arrow-03\" aria-hidden=\"true\"><\/i><\/a>\n\n<\/div><\/article><\/div><div class=\"visible wf-cell\" data-post-id=\"71530\" data-date=\"2022-08-12T15:06:49+00:00\" data-name=\"\ud83c\udfac Limitiertes Mediabook \u201eSchwarzwaldfahrt aus Liebeskummer\u201c ab 28. August 2022 erh\u00e4ltlich\"><article class=\"post project-odd visible post-71530 type-post status-publish format-standard has-post-thumbnail hentry category-film category-filmklassiker category-news category-u8-films-berlin tag-anita-mally tag-barbara-nielsen tag-bettina-haensler tag-elke-aberle tag-eva-garden tag-gracia-maria-kaus tag-hans-juergen-baeumler tag-heidi-hansen tag-james-last tag-peter-millowitsch tag-rolf-olsen tag-roy-black tag-rut-rex tag-schwarzwaldfahrt-aus-liebeskummer tag-u8-films tag-werner-jacobs category-8 category-7004 category-13 category-8304\" data-name=\"\ud83c\udfac Limitiertes Mediabook \u201eSchwarzwaldfahrt aus Liebeskummer\u201c ab 28. August 2022 erh\u00e4ltlich\" data-date=\"2022-08-12T15:06:49+00:00\">\n\n<div class=\"post-thumbnail-wrap\">\n\t<div class=\"post-thumbnail\">\n\t\t\n\t\t\n\t\t<a href=\"https:\/\/ucm.one\/de\/limitiertes-mediabook-schwarzwaldfahrt-aus-liebeskummer-ab-28-august-2022-erhaeltlich\/\" class=\"post-thumbnail-rollover layzr-bg layzr-bg\" ><img decoding=\"async\" class=\"iso-lazy-load preload-me iso-lazy-load aspect\" src=\"data:image\/svg+xml,%3Csvg%20xmlns%3D&#39;http%3A%2F%2Fwww.w3.org%2F2000%2Fsvg&#39;%20viewBox%3D&#39;0%200%20990%20309&#39;%2F%3E\" data-src=\"https:\/\/ucm.one\/wp-content\/uploads\/2022\/07\/B-B-Schwarzwaldfahrt-aus-Liebeskummer-MB-990x309.jpg\" data-srcset=\"https:\/\/ucm.one\/wp-content\/uploads\/2022\/07\/B-B-Schwarzwaldfahrt-aus-Liebeskummer-MB-990x309.jpg 990w, https:\/\/ucm.one\/wp-content\/uploads\/2022\/07\/B-B-Schwarzwaldfahrt-aus-Liebeskummer-MB-1485x464.jpg 1485w\" loading=\"eager\" style=\"--ratio: 990 \/ 309\" sizes=\"(max-width: 990px) 100vw, 990px\" alt=\"\" title=\"BB Schwarzwaldfahrt aus Liebeskummer MB\" width=\"990\" height=\"309\"  \/><\/a>\t<\/div>\n<\/div>\n\n\n<div class=\"post-entry-content\">\n\n\t<h3 class=\"entry-title\">\n\t\t<a href=\"https:\/\/ucm.one\/de\/limitiertes-mediabook-schwarzwaldfahrt-aus-liebeskummer-ab-28-august-2022-erhaeltlich\/\" title=\"\ud83c\udfac Limitiertes Mediabook \u201eSchwarzwaldfahrt aus Liebeskummer\u201c ab 28. August 2022 erh\u00e4ltlich\" rel=\"bookmark\">\ud83c\udfac Limitiertes Mediabook \u201eSchwarzwaldfahrt aus Liebeskummer\u201c ab 28. August 2022 erh\u00e4ltlich<\/a>\n\t<\/h3>\n\n\t<div class=\"entry-meta\"><span class=\"category-link\"><a href=\"https:\/\/ucm.one\/de\/category\/news\/film\/\" >Film<\/a>, <a href=\"https:\/\/ucm.one\/de\/category\/news\/filmklassiker\/\" >Filmklassiker<\/a>, <a href=\"https:\/\/ucm.one\/de\/category\/news\/\" >News<\/a>, <a href=\"https:\/\/ucm.one\/de\/category\/news\/film\/u1-films-berlin\/u8-films-berlin\/\" >U8 Films Berlin<\/a><\/span><a class=\"author vcard\" href=\"\" title=\"Zeige alle Beitr\u00e4ge von Joachim Keil\" rel=\"author\">Von <span class=\"fn\">Joachim Keil<\/span><\/a><a href=\"https:\/\/ucm.one\/de\/2022\/08\/12\/\" title=\"15:06\" class=\"data-link\" rel=\"bookmark\"><time class=\"entry-date updated\" datetime=\"2022-08-12T15:06:49+00:00\">12. August 2022<\/time><\/a><\/div>\n\t<div class=\"entry-excerpt\"><p>[vc_row][vc_column][vc_column_text] Der Film \u201cSchwarzwaldfahrt aus Liebeskummer\u201d von Werner Jacobs ist nun erstmalig auf dem Label U8 Films Berlin von UCM.ONE in Kooperation mit moviemax\u00a0in der neu in 2K\u00a0abgetastet und restaurierten Kinofassung in Full-HD als Mediabook erh\u00e4ltlich. Ein besonders Highlight dieser limitierten Ver\u00f6ffentlichung ist auch, dass erstmalig der Soundtrack auf CD mit enthalten ist. Dieser wird&hellip;<\/p>\n<\/div>\n\t\n<a href=\"https:\/\/ucm.one\/de\/limitiertes-mediabook-schwarzwaldfahrt-aus-liebeskummer-ab-28-august-2022-erhaeltlich\/\" class=\"post-details details-type-link\" aria-label=\"Read more about \ud83c\udfac Limitiertes Mediabook \u201eSchwarzwaldfahrt aus Liebeskummer\u201c ab 28. August 2022 erh\u00e4ltlich\">Mehr lesen<i class=\"dt-icon-the7-arrow-03\" aria-hidden=\"true\"><\/i><\/a>\n\n<\/div><\/article><\/div><\/div><!-- iso-container|iso-grid --><\/div>[vc_empty_space height=&#8220;25px&#8220;][vc_btn title=&#8220;Alle News&#8220; style=&#8220;classic&#8220; align=&#8220;right&#8220; i_icon_fontawesome=&#8220;fas fa-newspaper&#8220; add_icon=&#8220;true&#8220; link=&#8220;url:https%3A%2F%2Fucm.one%2Fde%2Fcategory%2Fnews%2Ffilmklassiker%2F|title:Film%20Klassiker&#8220;][vc_empty_space height=&#8220;0px&#8220;][\/vc_column][\/vc_row][vc_row][vc_column][vc_separator color=&#8220;blue&#8220;][\/vc_column][\/vc_row][vc_row css=&#8220;.vc_custom_1518458873891{margin-top: 65px !important;}&#8220;][vc_column width=&#8220;1\/4&#8243;][vc_btn title=&#8220;U8 Films Berlin&#8220; style=&#8220;flat&#8220; size=&#8220;lg&#8220; align=&#8220;center&#8220; i_icon_fontawesome=&#8220;fas fa-arrow-right&#8220; button_block=&#8220;true&#8220; add_icon=&#8220;true&#8220; link=&#8220;url:https%3A%2F%2Fucm.one%2Fde%2Ffilm-labels%2Fu1-films-berlin%2F%23u8-films-berlin|title:U8%20Films%20Berlin&#8220;][\/vc_column][vc_column width=&#8220;1\/4&#8243;][vc_btn title=&#8220;Filmportal&#8220; style=&#8220;flat&#8220; color=&#8220;blue&#8220; size=&#8220;lg&#8220; align=&#8220;center&#8220; i_icon_fontawesome=&#8220;fas fa-film&#8220; button_block=&#8220;true&#8220; add_icon=&#8220;true&#8220; link=&#8220;url:https%3A%2F%2Fwww.filmportal.de%2Ffilm%2Fhanussen_0742ab11aa50421d85d9cd57b3690910|title:Filportal|target:_blank&#8220;][\/vc_column][vc_column width=&#8220;1\/4&#8243;][vc_btn title=&#8220;IMDb&#8220; style=&#8220;flat&#8220; color=&#8220;blue&#8220; size=&#8220;lg&#8220; align=&#8220;center&#8220; i_icon_fontawesome=&#8220;fab fa-imdb&#8220; button_block=&#8220;true&#8220; add_icon=&#8220;true&#8220; link=&#8220;url:https%3A%2F%2Fwww.imdb.com%2Ftitle%2Ftt0095276%2F|title:IMDB|target:_blank&#8220;][\/vc_column][vc_column width=&#8220;1\/4&#8243;][vc_btn title=&#8220;Wikipedia&#8220; style=&#8220;flat&#8220; color=&#8220;blue&#8220; size=&#8220;lg&#8220; align=&#8220;center&#8220; i_icon_fontawesome=&#8220;fab fa-wikipedia-w&#8220; button_block=&#8220;true&#8220; add_icon=&#8220;true&#8220; link=&#8220;url:https%3A%2F%2Fde.wikipedia.org%2Fwiki%2FHanussen_(1988)|title:Wikipedia|target:_blank&#8220;][\/vc_column][\/vc_row][vc_row content_placement=&#8220;middle&#8220; bg_type=&#8220;grad&#8220; ult_hide_row=&#8220;ult_hide_row_value&#8220; ult_hide_row_large_screen=&#8220;large_screen&#8220; ult_hide_row_desktop=&#8220;desktop&#8220; css=&#8220;.vc_custom_1518701755537{margin-top: 0px !important;padding-top: -50px !important;}&#8220; bg_grad=&#8220;background: -webkit-gradient(linear, left top, left bottom, color-stop(0%, #E3E3E3), color-stop(0%, #FFFFFF), color-stop(6%, #FFFFFF), color-stop(7%, #FFFFFF), color-stop(50%, #FFFFFF));background: -moz-linear-gradient(top,#E3E3E3 0%,#FFFFFF 0%,#FFFFFF 6%,#FFFFFF 7%,#FFFFFF 50%);background: -webkit-linear-gradient(top,#E3E3E3 0%,#FFFFFF 0%,#FFFFFF 6%,#FFFFFF 7%,#FFFFFF 50%);background: -o-linear-gradient(top,#E3E3E3 0%,#FFFFFF 0%,#FFFFFF 6%,#FFFFFF 7%,#FFFFFF 50%);background: -ms-linear-gradient(top,#E3E3E3 0%,#FFFFFF 0%,#FFFFFF 6%,#FFFFFF 7%,#FFFFFF 50%);background: linear-gradient(top,#E3E3E3 0%,#FFFFFF 0%,#FFFFFF 6%,#FFFFFF 7%,#FFFFFF 50%);&#8220;][vc_column][vc_btn title=&#8220;Kontakt&#8220; style=&#8220;flat&#8220; color=&#8220;primary&#8220; size=&#8220;lg&#8220; align=&#8220;center&#8220; i_icon_fontawesome=&#8220;far fa-envelope&#8220; button_block=&#8220;true&#8220; add_icon=&#8220;true&#8220; link=&#8220;url:https%3A%2F%2Fucm.one%2Fde%2Ffirma%2Fkontakt%2F|title:Kontakt&#8220;][\/vc_column][\/vc_row]<\/p>\n<\/div>","protected":false},"excerpt":{"rendered":"<p>[vc_row css=&#8220;.vc_custom_1561374765584{margin-top: 20px !important;}&#8220;][vc_column width=&#8220;3\/4&#8243; css=&#8220;.vc_custom_1561378576831{padding-right: 30px !important;}&#8220;][vc_column_text] Hanussen: [\/vc_column_text][vc_column_text] Istv\u00e1n Sz\u00e1bo insziniert eindrucksvoll in seinem Film &#8222;Hanussen&#8220; den Aufstieg und Fall des selbsternannten Hellsehers Erik Jan Hanussen. In der Hauptrolle brilliert Klaus Maria Brandauer neben Erland Josephson, Ildik\u00f3 B\u00e1ns\u00e1gi, Walter Schmidinger. [\/vc_column_text][vc_column_text]Inhalt des Films Der Zugf\u00fchrer Klaus Schneider wird im ersten Weltkrieg verwundet in&hellip;<\/p>\n","protected":false},"author":2,"featured_media":82250,"parent":0,"menu_order":2,"comment_status":"closed","ping_status":"closed","template":"","meta":{"_acf_changed":false,"footnotes":""},"class_list":["post-78127","page","type-page","status-publish","has-post-thumbnail","hentry","description-off"],"acf":[],"yoast_head":"<!-- This site is optimized with the Yoast SEO plugin v27.5 - https:\/\/yoast.com\/product\/yoast-seo-wordpress\/ -->\n<title>Hanussen (1988) von Istv\u00e1n Sz\u00e1bo<\/title>\n<meta name=\"description\" content=\"Hanussen (1988) von Istv\u00e1n Sz\u00e1bo | U8 Films Berlin\" \/>\n<meta name=\"robots\" content=\"index, follow, max-snippet:-1, max-image-preview:large, max-video-preview:-1\" \/>\n<link rel=\"canonical\" href=\"https:\/\/ucm.one\/de\/hanussen\/\" \/>\n<meta property=\"og:locale\" content=\"de_DE\" \/>\n<meta property=\"og:type\" content=\"article\" \/>\n<meta property=\"og:title\" content=\"Der Arzt von St. Pauli (1968) von Rolf Olson | U8 Films Berlin\" \/>\n<meta property=\"og:description\" content=\"&quot;Der Arzt von St. Pauli&quot; ist eine starbesetzte, exploitative deutsche Milieustudie mit u.a. Curd J\u00fcrgens, Fritz Wepper und Dieter Borsche.\" \/>\n<meta property=\"og:url\" content=\"https:\/\/ucm.one\/de\/hanussen\/\" \/>\n<meta property=\"og:site_name\" content=\"UCM.ONE\" \/>\n<meta property=\"article:modified_time\" content=\"2023-04-01T16:59:57+00:00\" \/>\n<meta property=\"og:image\" content=\"https:\/\/ucm.one\/wp-content\/uploads\/2022\/08\/Der-Arzt-von-St.-Pauli-Banner-Artwork-1920x1080-1.jpg\" \/>\n<meta name=\"twitter:card\" content=\"summary_large_image\" \/>\n<meta name=\"twitter:title\" content=\"Der Arzt von St. Pauli (1968) von Rolf Olson | U8 Films Berlin\" \/>\n<meta name=\"twitter:description\" content=\"&quot;Der Arzt von St. Pauli&quot; ist eine starbesetzte, exploitative deutsche Milieustudie mit u.a. Curd J\u00fcrgens, Fritz Wepper und Dieter Borsche.\" \/>\n<meta name=\"twitter:image\" content=\"https:\/\/ucm.one\/wp-content\/uploads\/2022\/08\/Der-Arzt-von-St.-Pauli-Banner-Artwork-1920x1080-1.jpg\" \/>\n<meta name=\"twitter:label1\" content=\"Gesch\u00e4tzte Lesezeit\" \/>\n\t<meta name=\"twitter:data1\" content=\"22\u00a0Minuten\" \/>\n<!-- \/ Yoast SEO plugin. -->","yoast_head_json":{"title":"Hanussen (1988) von Istv\u00e1n Sz\u00e1bo","description":"Hanussen (1988) von Istv\u00e1n Sz\u00e1bo | U8 Films Berlin","robots":{"index":"index","follow":"follow","max-snippet":"max-snippet:-1","max-image-preview":"max-image-preview:large","max-video-preview":"max-video-preview:-1"},"canonical":"https:\/\/ucm.one\/de\/hanussen\/","og_locale":"de_DE","og_type":"article","og_title":"Der Arzt von St. Pauli (1968) von Rolf Olson | U8 Films Berlin","og_description":"\"Der Arzt von St. Pauli\" ist eine starbesetzte, exploitative deutsche Milieustudie mit u.a. Curd J\u00fcrgens, Fritz Wepper und Dieter Borsche.","og_url":"https:\/\/ucm.one\/de\/hanussen\/","og_site_name":"UCM.ONE","article_modified_time":"2023-04-01T16:59:57+00:00","og_image":[{"url":"https:\/\/ucm.one\/wp-content\/uploads\/2022\/08\/Der-Arzt-von-St.-Pauli-Banner-Artwork-1920x1080-1.jpg","type":"","width":"","height":""}],"twitter_card":"summary_large_image","twitter_title":"Der Arzt von St. Pauli (1968) von Rolf Olson | U8 Films Berlin","twitter_description":"\"Der Arzt von St. Pauli\" ist eine starbesetzte, exploitative deutsche Milieustudie mit u.a. Curd J\u00fcrgens, Fritz Wepper und Dieter Borsche.","twitter_image":"https:\/\/ucm.one\/wp-content\/uploads\/2022\/08\/Der-Arzt-von-St.-Pauli-Banner-Artwork-1920x1080-1.jpg","twitter_misc":{"Gesch\u00e4tzte Lesezeit":"22\u00a0Minuten"},"schema":{"@context":"https:\/\/schema.org","@graph":[{"@type":"WebPage","@id":"https:\/\/ucm.one\/de\/hanussen\/","url":"https:\/\/ucm.one\/de\/hanussen\/","name":"Hanussen (1988) von Istv\u00e1n Sz\u00e1bo","isPartOf":{"@id":"https:\/\/ucm.one\/de\/#website"},"primaryImageOfPage":{"@id":"https:\/\/ucm.one\/de\/hanussen\/#primaryimage"},"image":{"@id":"https:\/\/ucm.one\/de\/hanussen\/#primaryimage"},"thumbnailUrl":"https:\/\/ucm.one\/wp-content\/uploads\/2022\/11\/P-Hanussen.jpg","datePublished":"2022-10-20T14:10:03+00:00","dateModified":"2023-04-01T16:59:57+00:00","description":"Hanussen (1988) von Istv\u00e1n Sz\u00e1bo | U8 Films Berlin","breadcrumb":{"@id":"https:\/\/ucm.one\/de\/hanussen\/#breadcrumb"},"inLanguage":"de","potentialAction":[{"@type":"ReadAction","target":["https:\/\/ucm.one\/de\/hanussen\/"]}]},{"@type":"ImageObject","inLanguage":"de","@id":"https:\/\/ucm.one\/de\/hanussen\/#primaryimage","url":"https:\/\/ucm.one\/wp-content\/uploads\/2022\/11\/P-Hanussen.jpg","contentUrl":"https:\/\/ucm.one\/wp-content\/uploads\/2022\/11\/P-Hanussen.jpg","width":699,"height":1000},{"@type":"BreadcrumbList","@id":"https:\/\/ucm.one\/de\/hanussen\/#breadcrumb","itemListElement":[{"@type":"ListItem","position":1,"name":"Home","item":"https:\/\/ucm.one\/de\/"},{"@type":"ListItem","position":2,"name":"Hanussen (1988) von Istv\u00e1n Sz\u00e1bo | U8 Films Berlin"}]},{"@type":"WebSite","@id":"https:\/\/ucm.one\/de\/#website","url":"https:\/\/ucm.one\/de\/","name":"UCM.ONE","description":"","publisher":{"@id":"https:\/\/ucm.one\/de\/#organization"},"potentialAction":[{"@type":"SearchAction","target":{"@type":"EntryPoint","urlTemplate":"https:\/\/ucm.one\/de\/?s={search_term_string}"},"query-input":{"@type":"PropertyValueSpecification","valueRequired":true,"valueName":"search_term_string"}}],"inLanguage":"de"},{"@type":"Organization","@id":"https:\/\/ucm.one\/de\/#organization","name":"UCM.ONE","url":"https:\/\/ucm.one\/de\/","logo":{"@type":"ImageObject","inLanguage":"de","@id":"https:\/\/ucm.one\/de\/#\/schema\/logo\/image\/","url":"https:\/\/ucm.one\/wp-content\/uploads\/2019\/10\/UCM.ONE-Logo-RGB.svg","contentUrl":"https:\/\/ucm.one\/wp-content\/uploads\/2019\/10\/UCM.ONE-Logo-RGB.svg","width":1,"height":1,"caption":"UCM.ONE"},"image":{"@id":"https:\/\/ucm.one\/de\/#\/schema\/logo\/image\/"}}]}},"_links":{"self":[{"href":"https:\/\/ucm.one\/de\/wp-json\/wp\/v2\/pages\/78127","targetHints":{"allow":["GET"]}}],"collection":[{"href":"https:\/\/ucm.one\/de\/wp-json\/wp\/v2\/pages"}],"about":[{"href":"https:\/\/ucm.one\/de\/wp-json\/wp\/v2\/types\/page"}],"author":[{"embeddable":true,"href":"https:\/\/ucm.one\/de\/wp-json\/wp\/v2\/users\/2"}],"replies":[{"embeddable":true,"href":"https:\/\/ucm.one\/de\/wp-json\/wp\/v2\/comments?post=78127"}],"version-history":[{"count":0,"href":"https:\/\/ucm.one\/de\/wp-json\/wp\/v2\/pages\/78127\/revisions"}],"wp:featuredmedia":[{"embeddable":true,"href":"https:\/\/ucm.one\/de\/wp-json\/wp\/v2\/media\/82250"}],"wp:attachment":[{"href":"https:\/\/ucm.one\/de\/wp-json\/wp\/v2\/media?parent=78127"}],"curies":[{"name":"wp","href":"https:\/\/api.w.org\/{rel}","templated":true}]}}