{"id":77050,"date":"2022-10-04T11:19:21","date_gmt":"2022-10-04T11:19:21","guid":{"rendered":"https:\/\/ucm.one\/?page_id=77050"},"modified":"2023-04-05T12:02:49","modified_gmt":"2023-04-05T12:02:49","slug":"kaeptn-rauhbein-aus-st-pauli","status":"publish","type":"page","link":"https:\/\/ucm.one\/de\/kaeptn-rauhbein-aus-st-pauli\/","title":{"rendered":"K\u00e4pt\u00b4n Rauhbein aus St. Pauli von Rolf Olsen | U8 Films Berlin"},"content":{"rendered":"<div class=\"wpb-content-wrapper\"><p>[vc_row css=&#8220;.vc_custom_1561374765584{margin-top: 20px !important;}&#8220;][vc_column width=&#8220;3\/4&#8243; css=&#8220;.vc_custom_1561378576831{padding-right: 30px !important;}&#8220;][vc_column_text]<\/p>\n<h1>K\u00e4pt\u00b4n Rauhbein aus St. Pauli<span style=\"color: #ffffff;\">:<\/span><\/h1>\n<p>[\/vc_column_text][vc_column_text]<span style=\"font-weight: 400;\"><span style=\"font-family: arial, helvetica, sans-serif;\">Bei<\/span>\u00a0&#8222;<strong>K\u00e4pt\u00b4n Rauhbein aus St. Pauli<\/strong>&#8220; st\u00fcrzt sich Kapit\u00e4n Markus Jolly (<strong>Curd J\u00fcrgens<\/strong>) in unfreiwillige Abenteuer: er sticht nicht nur in die S\u00fcdsee, <\/span><span style=\"font-weight: 400;\">sondern versucht auch eine Gangsterbande \u00fcbers Knie zu legen, die dringend ben\u00f6tige Medikamente gestohlen hat. <\/span><span style=\"font-weight: 400;\">An seiner Seite immer mit dabei: sein Bootsmann, Oliver Kniehase (<strong>Heinz Reincke<\/strong>), um keinen eindeutig zweideutigen Spruch auf den Lippen verlegen.<\/span>[\/vc_column_text][vc_column_text]<span style=\"font-size: 18pt;\">Inhalt des Films<\/span><\/p>\n<div>\n<p><span style=\"font-weight: 400;\">Kapit\u00e4n Markus Jolly ist ein alter Haudegen und hat schon alle Weltmeere befahren. Wegen seiner oft schroffen Art nennen ihn seine Freunde K\u00e4pt&#8217;n Rauhbein. Einer von nur wenigen echten Freunden ist sein Bootsmann Oliver. Nun kommen beide nach langer Fahrt fr\u00fcher als erwartet wieder in Hamburg an. Markus Jolly m\u00f6chte gerne seine Frau \u00fcberraschen und meldet sich nicht sofort zur\u00fcck. Als er zu Hause ankommt, findet er seine Frau mit einem anderen im Bett. Er will sie sofort verlassen. Als er aus der Wohnung geht, rennt ihm seine Frau nach. Er st\u00f6\u00dft sie aber weg, sie stolpert und bricht durch das marode Treppengel\u00e4nder und st\u00fcrzt in die Tiefe. Sie bleibt tot im unteren Flur liegen.\u00a0<\/span><\/p>\n<\/div>\n<p>[\/vc_column_text][vc_column_text]<span style=\"font-weight: 400;\">Vor Gericht wird Jolly freigesprochen, denn die Sache wird als Unfall gewertet. Jolly sucht seinen Bootsmann Oliver und beide \u00fcbernehmen sofort einen neuen Auftrag. Auf einer Insel in der Karibik ist eine Seuche ausgebrochen. Jolly soll nun den dort dringend ben\u00f6tigten Impfstoff zu der Insel bringen. Kapit\u00e4n Jolly sticht also mit der wichtigen Ladung Impfstoff und weiteren G\u00fctern, unter anderem einer gro\u00dfen Menge Alkohol, wieder in See.<\/span>[\/vc_column_text][vc_row_inner][vc_column_inner width=&#8220;1\/2&#8243;][vc_single_image image=&#8220;77054&#8243; img_size=&#8220;full&#8220; onclick=&#8220;link_image&#8220;][\/vc_column_inner][vc_column_inner width=&#8220;1\/2&#8243;][vc_single_image image=&#8220;77058&#8243; img_size=&#8220;full&#8220; onclick=&#8220;link_image&#8220;][\/vc_column_inner][\/vc_row_inner][vc_column_text]<span style=\"font-weight: 400;\">In der Karibik angekommen, legen sie im Hafen der kleinen Insel Puerto Negro an. Hier herrscht das totale Chaos. Die Insel wird von einer Gangsterbande beherrscht. Die Polizei ist korrupt und wird von den Gangstern kommandiert. Sofort nach dem L\u00f6schen der Ladung wird diese gestohlen und der Diebstahl Kapit\u00e4n Jolly und Bootsmann Oliver Kniehase in die Schuhe geschoben. Beide werden verhaftet und das Schiff wird beschlagnahmt. Im Gef\u00e4ngnis wird Oliver, der sich der Festnahme widersetzt hat, von der \u00c4rztin Dr. Andersen versorgt. Diese wird danach, gemeinsam mit ihren Helfern (\u00c4rzte und Krankenschwestern), verhaftet und verschleppt. Sie sollten eigentlich die Impfkampagne durchf\u00fchren. Jolly und Kniehase k\u00f6nnen aus dem Gef\u00e4ngnis fliehen. Sie finden in der Kaschemme des alten Kumpels von Jolly, Nico, Unterschlupf. Sie beraten, wie es weitergehen soll.<\/span>[\/vc_column_text][vc_row_inner][vc_column_inner][vc_single_image image=&#8220;77667&#8243; img_size=&#8220;full&#8220; onclick=&#8220;link_image&#8220;][\/vc_column_inner][\/vc_row_inner][vc_column_text]<span style=\"font-weight: 400;\">Jolly heuert auf einem Luxusliner als Steward an. Er f\u00e4llt bei den versnobten und superreichen Passagieren wegen seines mangelhaften Benehmens sofort unangenehm auf. Als er jedoch einer total erschrockenen alten Dame eine dicke, schwarze Tarantel vom Bauch nimmt und diese ins Meer entsorgt, wird er pl\u00f6tzlich zum Helden der Passagiere.\u00a0<\/span>[\/vc_column_text][vc_column_text]<span style=\"font-weight: 400;\">Auf deren Dr\u00e4ngen legt das Schiff an einer bestimmten Stelle der Insel an und Jolly kann von Bord gehen. Hier trifft er wieder auf seinen Bootsmann und gemeinsam wollen sie Dr. Andersen und deren Team aus den H\u00e4nden der Gangster befreien. Kapit\u00e4n Markus Jolly ist total \u00fcberrascht, als er feststellt, wer der Boss hinter der Verbrecherbande ist&#8230;<\/span>[\/vc_column_text][vc_column_text]<span style=\"font-size: 18pt;\">Produktionsgeschichte<\/span><\/p>\n<p style=\"font-weight: 400;\"><span style=\"font-weight: 400;\">Der Film wurde in Hamburg und in Porto gedreht.<strong> Johanna von Koczian<\/strong>, weiblicher Top-Star der 50er und 60er Jahre, drehte hier ihren letzten Kinofilm. Danach spielte sie nur noch f\u00fcrs Fernsehen. Im Lexikon des internationalen Films ist zu lesen: <em>\u201eKolportage-Geschichte mit deutlichem Hang zur Schilderung von Brutalit\u00e4ten\u201c.<\/em><\/span><\/p>\n<p>[\/vc_column_text][vc_row_inner][vc_column_inner][vc_single_image image=&#8220;77064&#8243; img_size=&#8220;full&#8220; onclick=&#8220;link_image&#8220;][\/vc_column_inner][\/vc_row_inner][\/vc_column][vc_column width=&#8220;1\/4&#8243; css=&#8220;.vc_custom_1561379511981{margin-top: 10px !important;margin-bottom: 30px !important;background-color: #efefef !important;}&#8220;][vc_single_image image=&#8220;82253&#8243; img_size=&#8220;full&#8220; onclick=&#8220;link_image&#8220; css=&#8220;.vc_custom_1671436868230{padding-top: 15px !important;}&#8220;][vc_column_text css=&#8220;.vc_custom_1664292836165{margin-top: -10px !important;}&#8220;]<strong>Titel: <\/strong>K\u00e4pt\u00b4n Rauhbein aus St. Pauli<\/p>\n<p><strong>Regie:\u00a0<\/strong>Rolf Olsen<\/p>\n<p><strong>Drehbuch:\u00a0<\/strong>Rolf Olsen<\/p>\n<p><strong>Schauspieler*innen:<\/strong> Curd J\u00fcrgens, Heinz Reincke, <span style=\"font-weight: 400;\">Johanna von Koczian, <\/span><span style=\"font-weight: 400;\">Herbert Fleischmann, <\/span><span style=\"font-weight: 400;\">Sieghardt Rupp, \u00a0Elisabeth Flickenschildt, <\/span><span style=\"font-weight: 400;\">Angelika Ott, <\/span><span style=\"font-weight: 400;\">Christine Schuberth, Ilse Peternell, <\/span><span style=\"font-weight: 400;\">Fritz Tillmann, <\/span><span style=\"font-weight: 400;\">Gerhart Lippert, <\/span><span style=\"font-weight: 400;\">Friedrich Joloff, Rolf Olsen, <\/span><span style=\"font-weight: 400;\">Emilio Schuberth, <\/span><span style=\"font-weight: 400;\">James Graser, <\/span><span style=\"font-weight: 400;\">Poldo Bendandi, <\/span><span style=\"font-weight: 400;\">Beryl Cunningham, <\/span><span style=\"font-weight: 400;\">Gerda-Maria J\u00fcrgens, <\/span><span style=\"font-weight: 400;\">Giulio Marchetti, <\/span><span style=\"font-weight: 400;\">Lenka Novak, Janine Reynaud, <\/span><span style=\"font-weight: 400;\">Bill Vanders<\/span><\/p>\n<p><strong>Produzent:\u00a0<\/strong>Heinz Willeg, <span style=\"font-weight: 400;\">\u00a0Samuel M. Sherman<\/span><\/p>\n<p><strong>Kamera:\u00a0<\/strong>Franz Xaver Lederle<\/p>\n<p style=\"font-weight: 400;\"><strong>Schnitt:\u00a0<\/strong>Renate Willeg<\/p>\n<p><strong>Musik:\u00a0<\/strong><span style=\"font-weight: 400;\">Gert Wilden<\/span><\/p>\n<p>&nbsp;<\/p>\n<p><strong>Produktionsfirmen:\u00a0<\/strong>Terra-Filmkunst, Allianz Filmproduktion<\/p>\n<p><strong>Produktionsjahr:\u00a0<\/strong>1971<\/p>\n<p><strong>Genres:\u00a0<\/strong>Abenteuer<\/p>\n<p><strong>Land:<\/strong>\u00a0Deutschland<\/p>\n<p><strong>Sprache<\/strong>: Deutsch<\/p>\n<p><strong>Synchronisationen:<\/strong>\u00a0Italienisch, Deutsch<\/p>\n<p><strong>Drehort: <\/strong>Puerto Rico<\/p>\n<p><strong>L\u00e4nge:<\/strong> 91\u00a0Min<\/p>\n<p><strong>FSK:<\/strong>\u00a016<\/p>\n<p><strong>Seitenverh\u00e4ltnis:\u00a0<\/strong>1.66 : 1<\/p>\n<p><strong>Sound Mix<\/strong>: Mono<\/p>\n<p><strong>Aufl\u00f6sung:\u00a0<\/strong>Full HD (neue 4K-Abtastung)[\/vc_column_text][vc_separator color=&#8220;custom&#8220; accent_color=&#8220;#a0a0a0&#8243;][vc_column_text]<em>Weitere Titel:<\/em><\/p>\n<p><strong>Englisch (world-wide): <\/strong>Captain Roughneck from St. Pauli<\/p>\n<p><strong>Canada<\/strong>: Captain Typhoon<\/p>\n<p><strong>Franz\u00f6sisch:<\/strong> Un ours mal l\u00e9ch\u00e9<\/p>\n<p><strong>Griechisch:<\/strong> Kaftes nyhtes stin agria zougla[\/vc_column_text][vc_separator color=&#8220;custom&#8220; accent_color=&#8220;#a0a0a0&#8243;][vc_column_text]<strong>Filmlabel: <span style=\"font-family: 'arial black', sans-serif;\">U8<\/span><\/strong> <strong>Films Berlin<\/strong><\/p>\n<p><strong>Kinostart: <\/strong>26. August 1971<\/p>\n<p><strong>Mediabook (Blu-Ray+DVD): <\/strong>14.10.2022<\/p>\n<p><strong>DVD &amp; Blu-Ray: <\/strong>14.10.2022[\/vc_column_text][\/vc_column][\/vc_row][vc_row][vc_column css=&#8220;.vc_custom_1664894643696{margin-top: -35px !important;}&#8220;][vc_column_text][\/vc_column_text][vc_column_text css=&#8220;.vc_custom_1664898909473{margin-top: 15px !important;}&#8220;]<span style=\"font-size: 18pt;\">\u00dcber Regisseur\u00a0Rolf Olsen<\/span><\/p>\n<p style=\"font-weight: 400;\"><strong>Rolf Olsen<\/strong> war ein Multitalent des Films. Der am 26.12.1919 in Wien als <strong>Rudolf Knoblich<\/strong> geborene Allesk\u00f6nner bet\u00e4tigte sich in seiner langen und erfolgreichen Filmkarriere als Drehbuchautor, Schauspieler und Regisseur. F\u00fcr viele Filme tat er dies immer gleichzeitig. Auch in diesem Film schrieb er das Drehbuch, f\u00fchrte Regie und spielte in der Rolle als Leichenbeschauer auch noch mit.<strong> Rolf Olsen<\/strong> war ein Workaholic! Er arbeitete an rund 100 Filmen und Fernsehproduktionen von 1947 bis 1990 mit. Olsen beherrschte alle Sparten. Ob Kom\u00f6die, Drama, Krimi oder Horror, Olsen konnte alles. <strong>Rolf Olsen<\/strong> erlag am 3.4.1998 in Starnberg einem Krebsleiden.<\/p>\n<p>[\/vc_column_text][vc_column_text css=&#8220;.vc_custom_1653179697701{margin-bottom: -20px !important;}&#8220;]<span style=\"font-size: 12pt;\">Filmografie (Auswahl)<\/span>[\/vc_column_text][vc_empty_space height=&#8220;28px&#8220;][vc_row_inner css=&#8220;.vc_custom_1653179480172{margin-bottom: -25px !important;padding-bottom: -25px !important;background-color: #efefef !important;border-radius: 5px !important;}&#8220;][vc_column_inner width=&#8220;1\/2&#8243;][vc_column_text css=&#8220;.vc_custom_1661461652467{margin-bottom: -5px !important;padding-bottom: 5px !important;}&#8220;]<\/p>\n<table style=\"height: 54px; width: 100%; border-collapse: collapse;\">\n<tbody>\n<tr style=\"height: 22px;\">\n<td style=\"width: 7.497181510710259%; height: 22px;\">1963<\/td>\n<td style=\"width: 92.50281848928975%; height: 22px;\">Der letzte Ritt nach Santa Cruz<\/td>\n<\/tr>\n<tr style=\"height: 22px;\">\n<td style=\"width: 7.497181510710259%; height: 22px;\">1964<\/td>\n<td style=\"width: 92.50281848928975%; height: 22px;\">Hei\u00df weht der Wind<\/td>\n<\/tr>\n<tr style=\"height: 22px;\">\n<td style=\"width: 7.497181510710259%; height: 10px;\">1966<\/td>\n<td style=\"width: 92.50281848928975%; height: 10px;\">In Frankfurt sind die N\u00e4chte hei\u00df<\/td>\n<\/tr>\n<tr>\n<td style=\"width: 7.497181510710259%;\">1968<\/td>\n<td style=\"width: 92.50281848928975%;\">Der Arzt von St. Pauli<\/td>\n<\/tr>\n<tr>\n<td style=\"width: 7.497181510710259%;\">1969<\/td>\n<td style=\"width: 92.50281848928975%;\">Auf der Reeperbahn nachts um halb eins<\/td>\n<\/tr>\n<\/tbody>\n<\/table>\n<p>[\/vc_column_text][\/vc_column_inner][vc_column_inner width=&#8220;1\/2&#8243;][vc_column_text css=&#8220;.vc_custom_1661464781066{margin-bottom: 0px !important;}&#8220;]<\/p>\n<table style=\"border-collapse: collapse; width: 100%; height: 20px;\">\n<tbody>\n<tr style=\"height: 22px;\">\n<td style=\"width: 7.497181510710259%; height: 10px; vertical-align: top;\" rowspan=\"2\">1970<\/td>\n<td style=\"width: 92.50281848928975%; height: 10px;\">Das kann doch unser\u00b4n Willi nicht ersch\u00fcttern<\/td>\n<\/tr>\n<tr style=\"height: 22px;\">\n<td style=\"width: 92.50281848928975%; height: 10px;\">Der Pfarrer von St. Pauli<\/td>\n<\/tr>\n<tr>\n<td style=\"width: 7.497181510710259%;\">1977<\/td>\n<td style=\"width: 92.50281848928975%;\">Reise ins Jenseits (Dokumentarfilm)<\/td>\n<\/tr>\n<tr>\n<td style=\"width: 7.497181510710259%;\">1988<\/td>\n<td style=\"width: 92.50281848928975%;\">Starke Zeiten<\/td>\n<\/tr>\n<\/tbody>\n<\/table>\n<p>[\/vc_column_text][\/vc_column_inner][\/vc_row_inner][\/vc_column][\/vc_row][vc_row][vc_column css=&#8220;.vc_custom_1664894643696{margin-top: -35px !important;}&#8220;][vc_empty_space height=&#8220;75px&#8220;][vc_row_inner][vc_column_inner width=&#8220;1\/2&#8243;][vc_single_image image=&#8220;77101&#8243; img_size=&#8220;full&#8220; onclick=&#8220;link_image&#8220;][\/vc_column_inner][vc_column_inner width=&#8220;1\/2&#8243;][vc_single_image image=&#8220;77103&#8243; img_size=&#8220;full&#8220; onclick=&#8220;link_image&#8220;][\/vc_column_inner][\/vc_row_inner][vc_column_text css=&#8220;.vc_custom_1662065822008{margin-top: 15px !important;}&#8220;]<span style=\"font-size: 18pt;\">\u00dcber Curd J\u00fcrgens<\/span><\/p>\n<p style=\"font-weight: 400;\"><strong>Curd Gustav Andreas Gottlieb Franz J\u00fcrgens<\/strong> wurde am 13.12.1915 in Solln bei M\u00fcnchen geboren. Er war ein deutscher Theater- und Filmschauspieler, m\u00fctterlicherseits mit franz\u00f6sischen Wurzeln. Er wuchs in Berlin auf. <strong>Curd J\u00fcrgens<\/strong> arbeitete nach seinem Schulabschluss als Journalist und besuchte nebenher eine Schauspielschule. 1935 stellte er sich bei der <strong>UFA<\/strong> vor und wurde prompt engagiert. W\u00e4hrend der NS-Zeit wirkte er in 19 Kinofilmen mit. J\u00fcrgens war in seiner Jugend unpolitisch. Trotzdem \u00e4u\u00dferte er immer wieder seine Meinung kritisch und ohne Angst vor der Staatsmacht. 1944 w\u00e4re ihm diese Einstellung beinahe zum Verh\u00e4ngnis geworden, weil er sich In einem Lokal in Wien mit ein paar SS-Leuten anlegte, ohne um deren Identit\u00e4t zu wissen. Es handelte sich um\u00a0den Bruder von Gestapo-Chef Ernst Kaltenbrunner, Robert Kaltenbrunner, SS-Obersturmbannf\u00fchrer Otto Skorzeny und einen Mitarbeiter Baldur von Schirachs. J\u00fcrgens wurde verhaftet und in ein Arbeitslager gesperrt, von wo ihm nach kurzer Zeit jedoch die Flucht gelang und er untertauchte.<\/p>\n<p>[\/vc_column_text][vc_single_image image=&#8220;77075&#8243; img_size=&#8220;full&#8220;][vc_column_text]<\/p>\n<p style=\"font-weight: 400;\">Nach Kriegsende wurde er Intendant des Theaters in Straubing. <strong>Curd J\u00fcrgens<\/strong> bewarb sich danach am <strong>Wiener Burgtheater<\/strong> und wurde angenommen. Um eine Tournee in die Schweiz mitmachen zu k\u00f6nnen, nahm er die \u00f6sterreichische Staatsb\u00fcrgerschaft an, denn Deutsche durften nicht aus \u00d6sterreich in die Schweiz einreisen. In den 60er und 70er Jahren war er ein Anh\u00e4nger von <strong>Willy Brandt<\/strong>, den er auch pers\u00f6nlich gut kannte und \u00f6fter traf. <strong>Curd J\u00fcrgens<\/strong> war f\u00fcnfmal verheiratet, unter anderem mit der bekannten Schauspielerin <strong>Eva Bartok<\/strong>. Er galt als einer der attraktivsten M\u00e4nner in Deutschland. <strong>Brigitte Bardot<\/strong> bezeichnete ihn als <em>\u201enormannischen Schrank\u201c.<\/em> Die Boulevardzeitung <strong>Bild<\/strong>\u00a0w\u00e4hlte ihn unter den M\u00e4nnern<em> &#8222;mit dem gr\u00f6\u00dften Sexappeal&#8220;<\/em> auf Platz 2. <strong>Curd J\u00fcrgens<\/strong> hat in seinem Schauspielerleben sehr gut verdient. Er leistete sich mehrere Wohnsitze &#8211; \u00fcberall dort wo es sch\u00f6n, sonnig und teuer war. Auf Luxus k\u00f6nne er nicht verzichten, hat er mal gesagt. Auch sein Hobby, teure Luxusautos zu fahren, stellte diese Aussage unter Beweis. <strong>Curd J\u00fcrgens<\/strong> war ein Lebemann. Er liebte es, gut und \u00fcppig zu essen, zu trinken und zu rauchen. Die Folge dieses Lebenswandels waren mehrere Herzoperationen. 1981 spielte er in der gro\u00dfen Russischen Filmproduktion \u201e<strong>Teheran 43<\/strong>\u201c seine letzte gro\u00dfe Rolle als ein reicher Anwalt. Kurz nach dem Ende der Dreharbeiten starb <strong>Curd J\u00fcrgens<\/strong> am 18. Juni 1982 in Wien an multiplem Organversagen. Die Deutsche Fassung des Films, in der er f\u00fcr seine eigene Synchronisation vorgesehen war, konnte er nicht mehr abschlie\u00dfen.<\/p>\n<p>[\/vc_column_text][vc_row_inner][vc_column_inner width=&#8220;1\/2&#8243;][vc_single_image image=&#8220;77073&#8243; img_size=&#8220;full&#8220;][\/vc_column_inner][vc_column_inner width=&#8220;1\/2&#8243;][vc_single_image image=&#8220;77071&#8243; img_size=&#8220;full&#8220;][\/vc_column_inner][\/vc_row_inner][vc_column_text css=&#8220;.vc_custom_1653179697701{margin-bottom: -20px !important;}&#8220;]<span style=\"font-size: 12pt;\">Filmografie (Auswahl)<\/span>[\/vc_column_text][vc_empty_space height=&#8220;28px&#8220;][vc_row_inner css=&#8220;.vc_custom_1653179480172{margin-bottom: -25px !important;padding-bottom: -25px !important;background-color: #efefef !important;border-radius: 5px !important;}&#8220;][vc_column_inner width=&#8220;1\/2&#8243;][vc_column_text css=&#8220;.vc_custom_1661464442519{margin-bottom: -5px !important;padding-bottom: 5px !important;}&#8220;]<\/p>\n<table style=\"height: 248px; width: 100%; border-collapse: collapse;\">\n<tbody>\n<tr style=\"height: 22px;\">\n<td style=\"width: 7.497181510710259%; height: 22px;\">1937<\/td>\n<td style=\"width: 92.50281848928975%; height: 22px;\">Zu neuen Ufern<\/td>\n<\/tr>\n<tr style=\"height: 22px;\">\n<td style=\"width: 7.497181510710259%; height: 22px;\">1954<\/td>\n<td style=\"width: 92.50281848928975%; height: 22px;\">Meines Vaters Pferde<\/td>\n<\/tr>\n<tr style=\"height: 22px;\">\n<td style=\"width: 7.497181510710259%; height: 22px;\">1955<\/td>\n<td style=\"width: 92.50281848928975%; height: 22px;\">Des Teufels General<\/td>\n<\/tr>\n<tr style=\"height: 22px;\">\n<td style=\"width: 7.497181510710259%; height: 68px; vertical-align: top;\" rowspan=\"3\">1956<\/td>\n<td style=\"width: 92.50281848928975%; height: 22px;\">Und immer lockt das Weib<\/td>\n<\/tr>\n<tr style=\"height: 23px;\">\n<td style=\"width: 92.50281848928975%; height: 23px;\">Der Kurier des Zaren<\/td>\n<\/tr>\n<tr style=\"height: 23px;\">\n<td style=\"width: 92.50281848928975%; height: 23px;\">London ruft Nordpol<\/td>\n<\/tr>\n<tr style=\"height: 23px;\">\n<td style=\"width: 7.497181510710259%; height: 23px;\">1957<\/td>\n<td style=\"width: 92.50281848928975%; height: 23px;\">Duell im Atlantik<\/td>\n<\/tr>\n<tr style=\"height: 23px;\">\n<td style=\"width: 7.497181510710259%; height: 68px; vertical-align: top;\" rowspan=\"3\">1958<\/td>\n<td style=\"width: 92.50281848928975%; height: 23px;\">Jakubowsky und der Oberst<\/td>\n<\/tr>\n<tr style=\"height: 22px;\">\n<td style=\"width: 92.50281848928975%; height: 22px;\">Die Herberge zur 6. Gl\u00fcckseligkeit<\/td>\n<\/tr>\n<tr style=\"height: 23px;\">\n<td style=\"width: 92.50281848928975%; height: 23px;\">Schinderhannes<\/td>\n<\/tr>\n<tr style=\"height: 23px;\">\n<td style=\"width: 7.497181510710259%; vertical-align: top; height: 23px;\">1959<\/td>\n<td style=\"width: 92.50281848928975%; height: 23px;\">Katja, die ungekr\u00f6nte Kaiserin<\/td>\n<\/tr>\n<\/tbody>\n<\/table>\n<p>[\/vc_column_text][\/vc_column_inner][vc_column_inner width=&#8220;1\/2&#8243;][vc_column_text css=&#8220;.vc_custom_1661464813948{margin-bottom: 0px !important;}&#8220;]<\/p>\n<table style=\"border-collapse: collapse; width: 100%; height: 208px;\">\n<tbody>\n<tr style=\"height: 22px;\">\n<td style=\"width: 7.497181510710259%; height: 10px; vertical-align: top;\" rowspan=\"2\">1960<\/td>\n<td style=\"width: 92.50281848928975%; height: 10px;\">Schachnovelle<\/td>\n<\/tr>\n<tr style=\"height: 22px;\">\n<td style=\"width: 92.50281848928975%; height: 22px;\">Gustav Adolfs Page<\/td>\n<\/tr>\n<tr style=\"height: 22px;\">\n<td style=\"width: 7.497181510710259%; height: 22px;\">\n<div><span lang=\"EN-US\">1962<\/span><\/div>\n<\/td>\n<td style=\"width: 92.50281848928975%; height: 22px;\">Der l\u00e4ngste Tag<\/td>\n<\/tr>\n<tr style=\"height: 22px;\">\n<td style=\"width: 7.497181510710259%; height: 22px; vertical-align: top;\">\n<div><span lang=\"EN-US\">1963<\/span><\/div>\n<\/td>\n<td style=\"width: 92.50281848928975%; height: 22px;\">Die Flucht der wei\u00dfen Hengste<\/td>\n<\/tr>\n<tr style=\"height: 22px;\">\n<td style=\"width: 7.497181510710259%; height: 22px; vertical-align: top;\">\n<div><span lang=\"EN-US\">1968<\/span><\/div>\n<\/td>\n<td style=\"width: 92.50281848928975%; height: 22px;\">Der Arzt von St. Pauli<\/td>\n<\/tr>\n<tr style=\"height: 22px;\">\n<td style=\"width: 7.497181510710259%; height: 22px;\">1969<\/td>\n<td style=\"width: 92.50281848928975%; height: 22px;\">Luftschlacht um England<\/td>\n<\/tr>\n<tr style=\"height: 22px;\">\n<td style=\"width: 7.497181510710259%; height: 22px;\">1977<\/td>\n<td style=\"width: 92.50281848928975%; height: 22px;\">James Bond \u2013 Der Spion der mich liebte<\/td>\n<\/tr>\n<tr style=\"height: 22px;\">\n<td style=\"width: 7.497181510710259%; height: 22px;\">1978<\/td>\n<td style=\"width: 92.50281848928975%; height: 22px;\">Sch\u00f6ner Gigolo, armer Gigolo<\/td>\n<\/tr>\n<tr style=\"height: 22px;\">\n<td style=\"width: 7.497181510710259%; height: 22px;\">1980<\/td>\n<td style=\"width: 92.50281848928975%; height: 22px;\">Warum die UFOs unseren Salat klauen<\/td>\n<\/tr>\n<tr style=\"height: 22px;\">\n<td style=\"width: 7.497181510710259%; height: 22px;\">1981<\/td>\n<td style=\"width: 92.50281848928975%; height: 22px;\">Teheran 43<\/td>\n<\/tr>\n<\/tbody>\n<\/table>\n<p>[\/vc_column_text][\/vc_column_inner][\/vc_row_inner][vc_empty_space height=&#8220;5&#8243;][vc_empty_space height=&#8220;32&#8243;][vc_empty_space height=&#8220;10&#8243;][vc_column_text css=&#8220;.vc_custom_1664286505945{margin-top: 15px !important;}&#8220;]<span style=\"font-size: 18pt;\">\u00dcber Heinz Reincke<\/span><\/p>\n<p style=\"font-weight: 400;\"><span style=\"font-weight: 400;\"><strong>Heinz Franz Ludwig Reincke<\/strong> wurde am 28.5.1925 in Kiel geboren. Schon als Kind entwickelte sich in ihm der Wunsch, Schauspieler zu werden. Er absolvierte eine Ausbildung an der Handelskammer in Kiel und nahm nebenbei Schauspielunterricht. Das Kieler Stadttheater stellte ihn zun\u00e4chst als Souffleur und Komparsen ein. Bis 1955 spielte er an verschiedenen Theatern in Deutschland und im benachbarten Ausland. 1955 holte ihn <strong>Gustaf Gr\u00fcndgens<\/strong> an das Deutsche Schauspielhaus nach Hamburg. 10 Jahre lang spielte er dort gro\u00dfe Charakterrollen. Von 1968 bis 1985 geh\u00f6rte er dem Ensemble des <strong>Wiener Burgtheaters<\/strong> an. <\/span><\/p>\n<p>[\/vc_column_text][vc_row_inner][vc_column_inner width=&#8220;1\/2&#8243;][vc_single_image image=&#8220;77085&#8243; img_size=&#8220;full&#8220; alignment=&#8220;center&#8220; onclick=&#8220;link_image&#8220;][\/vc_column_inner][vc_column_inner width=&#8220;1\/2&#8243;][vc_single_image image=&#8220;77083&#8243; img_size=&#8220;full&#8220; alignment=&#8220;center&#8220; onclick=&#8220;link_image&#8220;][\/vc_column_inner][\/vc_row_inner][vc_column_text css=&#8220;.vc_custom_1664286640075{margin-top: 15px !important;}&#8220;]<\/p>\n<p style=\"font-weight: 400;\"><span style=\"font-weight: 400;\"><strong>Reincke<\/strong> wirkte auch in verschiedenen Kinofilmen mit. Seine besondere Liebe galt aber dem Fernsehen. Er machte sich vor allem als Seriendarsteller einen Namen. Mit der Rolle als Pastor in der Fernsehserie \u201e<strong>Der Landarzt<\/strong>\u201d von 1987 bis 2010 wurde er einem breiten Fernsehpublikum bekannt. Au\u00dferdem spielte er in Fernsehserien wie \u201e<strong>Hotel Sacher<\/strong>\u201d, \u201e<strong>Ein verr\u00fccktes Paar<\/strong>\u201d, \u201e<strong>Der Alte<\/strong>\u201d, \u201e<strong>Derrick<\/strong>\u201d, \u201e<strong>Schwarzwaldklinik<\/strong>\u201d, \u201e<strong>Zwei M\u00fcnchner in Hamburg<\/strong>\u201d, \u201e<strong>Gro\u00dfstadtrevier<\/strong>\u201d und weiteren Serien mit. Wegen seiner markanten Stimme war er auch ein gesuchter Sprecher f\u00fcr H\u00f6rspiele, Synchronisationen und H\u00f6rb\u00fccher. Seine bedeutendste Sprechrolle war im Film \u201e<strong>Die unendliche Geschichte<\/strong>\u201c, als Stimme des Drachen Fuchur. <strong>Reincke<\/strong>, der zwar gerne die Rolle des kantigen Norddeutschen spielte, lebte aber seit 1968 mit seiner Ehefrau Elfi Petsch in Wien. Er starb am 13.7.2011 an Lungenkrebs in Purkersdorf bei Wien. <strong>Heinz Reincke<\/strong>, der bereits seit 1970 \u00f6sterreichischer Staatsb\u00fcrger war, ist auf dem Wiener Zentralfriedhof begraben.<\/span><\/p>\n<p>[\/vc_column_text][vc_single_image image=&#8220;77087&#8243; img_size=&#8220;full&#8220;][vc_column_text css=&#8220;.vc_custom_1653179697701{margin-bottom: -20px !important;}&#8220;]<span style=\"font-size: 12pt;\">Filmografie (Auswahl)<\/span>[\/vc_column_text][vc_empty_space height=&#8220;28px&#8220;][vc_row_inner css=&#8220;.vc_custom_1653179480172{margin-bottom: -25px !important;padding-bottom: -25px !important;background-color: #efefef !important;border-radius: 5px !important;}&#8220;][vc_column_inner width=&#8220;1\/2&#8243;][vc_column_text css=&#8220;.vc_custom_1664285940701{margin-bottom: -5px !important;padding-bottom: 5px !important;}&#8220;]<\/p>\n<table style=\"height: 172px; width: 99.8788%; border-collapse: collapse;\">\n<tbody>\n<tr style=\"height: 22px;\">\n<td style=\"width: 7.497181510710259%; height: 32px; vertical-align: top;\">1957<\/td>\n<td style=\"width: 92.5028%; height: 32px;\"><span style=\"font-weight: 400;\">Bekenntnisse der Hochstaplers Felix Krull<\/span><\/td>\n<\/tr>\n<tr style=\"height: 22px;\">\n<td style=\"width: 7.49718%; vertical-align: top; height: 22px;\"><span style=\"font-weight: 400;\">1958<\/span><\/td>\n<td style=\"width: 92.5028%; height: 22px;\"><span style=\"font-weight: 400;\">Nasser Asphalt<\/span><\/td>\n<\/tr>\n<tr style=\"height: 10px;\">\n<td style=\"width: 7.497181510710259%; height: 10px;\">1960<\/td>\n<td style=\"width: 92.50281848928975%; height: 10px;\"><span style=\"font-weight: 400;\">Faust<\/span><\/td>\n<\/tr>\n<tr style=\"height: 22px;\">\n<td style=\"width: 7.49718%; height: 22px;\"><span style=\"font-weight: 400;\">1962<\/span><\/td>\n<td style=\"width: 92.5028%; height: 22px;\"><span style=\"font-weight: 400;\">Der l\u00e4ngste Tag<\/span><\/td>\n<\/tr>\n<tr style=\"height: 22px;\">\n<td style=\"width: 7.49718%; height: 22px;\"><span style=\"font-weight: 400;\">1968<\/span><\/td>\n<td style=\"width: 92.5028%; height: 22px;\"><span style=\"font-weight: 400;\">Der Arzt von St. Pauli<\/span><\/td>\n<\/tr>\n<tr style=\"height: 22px;\">\n<td style=\"width: 7.49718%; height: 22px;\"><span style=\"font-weight: 400;\">1968<\/span><\/td>\n<td style=\"width: 92.5028%; height: 22px;\"><span style=\"font-weight: 400;\">Die Br\u00fccke von Remagen<\/span><\/td>\n<\/tr>\n<\/tbody>\n<\/table>\n<p>[\/vc_column_text][\/vc_column_inner][vc_column_inner width=&#8220;1\/2&#8243;][vc_column_text css=&#8220;.vc_custom_1664286209235{margin-bottom: 0px !important;}&#8220;]<\/p>\n<table style=\"border-collapse: collapse; width: 102.061%; height: 141px;\">\n<tbody>\n<tr style=\"height: 22px;\">\n<td style=\"width: 7.497181510710259%; height: 22px;\">\n<div><span lang=\"EN-US\">1970<\/span><\/div>\n<\/td>\n<td style=\"width: 92.50281848928975%; height: 22px;\"><span style=\"font-weight: 400;\"> Der Pfarrer von St. Pauli<\/span><\/td>\n<\/tr>\n<tr style=\"height: 22px;\">\n<td style=\"width: 7.497181510710259%; height: 10px; vertical-align: top;\"><span style=\"font-weight: 400;\">1971\u00a0<\/span><\/td>\n<td style=\"width: 92.50281848928975%; height: 10px;\"><span style=\"font-weight: 400;\">Sie nannten ihn Krambambuli<\/span><\/td>\n<\/tr>\n<tr style=\"height: 64px;\">\n<td style=\"width: 7.49718%; vertical-align: top; height: 64px;\"><span style=\"font-weight: 400;\">1973 <\/span><\/td>\n<td style=\"width: 92.5028%; height: 64px;\"><span style=\"font-weight: 400;\">Das fliegende Klassenzimmer<\/span><\/p>\n<p><span style=\"font-weight: 400;\">Der Lord von Barmbeck<\/span><\/td>\n<\/tr>\n<tr style=\"height: 32px;\">\n<td style=\"width: 7.49718%; vertical-align: top; height: 32px;\">\n<div><span lang=\"EN-US\"><span style=\"font-weight: 400;\">1984 <\/span><\/span><\/div>\n<\/td>\n<td style=\"width: 92.5028%; height: 32px;\"><span style=\"font-weight: 400;\">Die unendliche Geschichte (Stimme des Drachen Fuchur)<\/span><\/td>\n<\/tr>\n<\/tbody>\n<\/table>\n<p>[\/vc_column_text][\/vc_column_inner][\/vc_row_inner][vc_empty_space height=&#8220;5&#8243;][vc_empty_space height=&#8220;32&#8243;][vc_empty_space height=&#8220;10&#8243;][vc_column_text css=&#8220;.vc_custom_1664899875552{margin-top: 25px !important;}&#8220;][\/vc_column_text][vc_column_text css=&#8220;.vc_custom_1664896169796{margin-top: 15px !important;}&#8220;]<span style=\"font-size: 18pt;\">\u00dcber\u00a0Johanna von Koczian<\/span><\/p>\n<p style=\"font-weight: 400;\"><span style=\"font-weight: 400;\"><strong>Johanna von Koczian-Miskolczy<\/strong> ist die Tochter einer Berliner Adelsfamilie und wurde am 30. Oktober 1933 in Berlin geboren. Sie lernte Schauspiel am <strong>Mozarteum<\/strong> in Salzburg und begann Anfang der 1950er Jahre, Theater zu spielen. Ab 1951 war sie bei den <strong>Salzburger Festspielen<\/strong> fest engagiert. In den folgenden Jahren trat sie wegen ihres Gesangstalentes haupts\u00e4chlich in Musicals auf. 1955 wurde sie f\u00fcr den Film entdeckt. In Filmen wie \u201e<strong>Wir Wunderkinder<\/strong>\u201c, f\u00fcr die Rolle in diesem Film erhielt sie den Bundesfilmpreis und den Preis der Filmkritik, sowie in den Filmen \u201e<strong>Bezaubernde Arabella<\/strong>\u201c, \u201e<strong>Jacqueline<\/strong>\u201c, \u201e<strong>Heldinnen<\/strong>\u201c und \u201e<strong>Single Bells<\/strong>\u201c spielte sie Hauptrollen, f\u00fcr die sie viel Lob und Anerkennung erhielt. F\u00fcr ihre gro\u00dfartigen Leistungen auf der Theaterb\u00fchne wurde sie ebenfalls mit Preisen bedacht. Sie erhielt den Berliner Kunstpreis, die Goldene Maske und dreimal den Goldenen Vorhang.<\/span><\/p>\n<p>[\/vc_column_text][vc_row_inner][vc_column_inner][vc_single_image image=&#8220;77099&#8243; img_size=&#8220;full&#8220; alignment=&#8220;center&#8220; onclick=&#8220;link_image&#8220;][\/vc_column_inner][\/vc_row_inner][vc_column_text css=&#8220;.vc_custom_1664287595877{margin-top: 15px !important;}&#8220;]<span style=\"font-weight: 400;\">Dem heutigen Publikum ist sie vor allem als Darstellerin in verschiedenen Fernsehserien bekannt. So spielte sie die Hauptrollen in den ARD-Serien \u201e<strong>Stewardessen<\/strong>\u201c, \u201e<strong>Caf\u00e9 Wernicke<\/strong>\u201c, \u201e<strong>Die Land\u00e4rztin<\/strong>\u201c und vor allem in \u201e<strong>Praxis B\u00fclowbogen<\/strong>\u201c. Einzelne Auftritte hatte sie mehrfach in den ZDF Serien \u201e<strong>Der Kommissar<\/strong>\u201c, \u201e<strong>Das Traumschiff<\/strong>\u201c, \u201e<strong>Derrick<\/strong>\u201c und \u201e<strong>Da kommt Kalle<\/strong>\u201c. In der ARD ist sie in einzelnen Folgen der Serien \u201e<strong>Tatort<\/strong>\u201c, \u201e<strong>In aller Freundschaft<\/strong>\u201c und \u201e<strong>Unter wei\u00dfen Segeln<\/strong>\u201c zu sehen. Ihren bisher letzten B\u00fchnenauftritt hatte <strong>Johanna von Koczian<\/strong> 2010 in Berlin. 1977 landete sie als S\u00e4ngerin mit dem satirischen Schlager \u201e<strong>Das bisschen Haushalt<\/strong>\u201c einen Top-Hit. Sie ist auch als Schriftstellerin erfolgreich, vor allem in der Kinder- und Jugendliteratur. Der Roman \u201e<strong>Das Geheimnis einer Vollmondnacht<\/strong>\u201c wurde verfilmt. <\/span>[\/vc_column_text][vc_row_inner][vc_column_inner width=&#8220;1\/2&#8243;][vc_single_image image=&#8220;77095&#8243; img_size=&#8220;full&#8220; alignment=&#8220;center&#8220; onclick=&#8220;link_image&#8220;][\/vc_column_inner][vc_column_inner width=&#8220;1\/2&#8243;][vc_single_image image=&#8220;77097&#8243; img_size=&#8220;full&#8220; alignment=&#8220;center&#8220; onclick=&#8220;link_image&#8220;][\/vc_column_inner][\/vc_row_inner][vc_column_text]<\/p>\n<p style=\"font-weight: 400;\"><span style=\"font-weight: 400;\"><strong>Johanna von Koczian<\/strong> war zweimal verheiratet. In den 1960er Jahren in einer kurzen Ehe mit dem Filmregisseur<strong> Dietrich Haugk<\/strong> und danach mit dem Musikproduzenten <strong>Wolf Kabitzky<\/strong>, der 2004 verstarb. Heute lebt Johanna von Koczian zur\u00fcckgezogen in Berlin.<\/span><\/p>\n<p>[\/vc_column_text][vc_column_text css=&#8220;.vc_custom_1653179697701{margin-bottom: -20px !important;}&#8220;]<span style=\"font-size: 12pt;\">Filmografie (Auswahl)<\/span>[\/vc_column_text][vc_empty_space height=&#8220;28px&#8220;][vc_row_inner css=&#8220;.vc_custom_1653179480172{margin-bottom: -25px !important;padding-bottom: -25px !important;background-color: #efefef !important;border-radius: 5px !important;}&#8220;][vc_column_inner width=&#8220;1\/2&#8243;][vc_column_text css=&#8220;.vc_custom_1664287114663{margin-bottom: -5px !important;padding-bottom: 5px !important;}&#8220;]<\/p>\n<table style=\"height: 86px; width: 100%; border-collapse: collapse;\">\n<tbody>\n<tr style=\"height: 10px;\">\n<td style=\"width: 7.49718%; height: 10px;\"><span style=\"font-weight: 400;\">1957 <\/span><\/td>\n<td style=\"width: 92.5028%; height: 10px;\"><span style=\"font-weight: 400;\">Viktor und Viktoria<\/span><\/td>\n<\/tr>\n<tr style=\"height: 22px;\">\n<td style=\"width: 7.49718%; height: 22px;\"><span style=\"font-weight: 400;\">1958 <\/span><\/td>\n<td style=\"width: 92.5028%; height: 22px;\"><span style=\"font-weight: 400;\">Wir Wunderkinder<\/span><\/td>\n<\/tr>\n<tr style=\"height: 22px;\">\n<td style=\"width: 7.49718%; height: 22px;\"><span style=\"font-weight: 400;\">1959<\/span><\/td>\n<td style=\"width: 92.5028%; height: 22px;\"><span style=\"font-weight: 400;\">Bezaubernde Arabella<\/span><\/td>\n<\/tr>\n<tr style=\"height: 22px;\">\n<td style=\"width: 7.49718%; height: 22px;\"><span style=\"font-weight: 400;\">1959\u00a0<\/span><\/td>\n<td style=\"width: 92.5028%; height: 22px;\"><span style=\"font-weight: 400;\">Jacqueline<\/span><\/td>\n<\/tr>\n<tr style=\"height: 10px;\">\n<td style=\"width: 7.49718%; height: 10px;\"><span style=\"font-weight: 400;\">1960<\/span><\/td>\n<td style=\"width: 92.5028%; height: 10px;\"><span style=\"font-weight: 400;\">Heldinnen<\/span><\/td>\n<\/tr>\n<\/tbody>\n<\/table>\n<p>[\/vc_column_text][\/vc_column_inner][vc_column_inner width=&#8220;1\/2&#8243;][vc_column_text css=&#8220;.vc_custom_1664287277137{margin-bottom: 0px !important;}&#8220;]<\/p>\n<table style=\"height: 86px; width: 100%; border-collapse: collapse;\">\n<tbody>\n<tr style=\"height: 10px;\">\n<td style=\"width: 7.49718%; height: 10px;\"><span style=\"font-weight: 400;\">1962 <\/span><\/td>\n<td style=\"width: 92.5028%; height: 10px;\"><span style=\"font-weight: 400;\">Stra\u00dfe der Verhei\u00dfung<\/span><\/td>\n<\/tr>\n<tr style=\"height: 22px;\">\n<td style=\"width: 7.49718%; height: 22px;\"><span style=\"font-weight: 400;\">1971 <\/span><\/td>\n<td style=\"width: 92.5028%; height: 22px;\"><span style=\"font-weight: 400;\">K\u00e4pt\u00b4n Rauhbein aus St. Pauli<\/span><\/td>\n<\/tr>\n<tr style=\"height: 22px;\">\n<td style=\"width: 7.49718%; height: 22px;\"><span style=\"font-weight: 400;\">1997 <\/span><\/td>\n<td style=\"width: 92.5028%; height: 22px;\"><span style=\"font-weight: 400;\">Single Bells<\/span><\/td>\n<\/tr>\n<tr style=\"height: 22px;\">\n<td style=\"width: 7.49718%; height: 22px;\"><span style=\"font-weight: 400;\">2000 <\/span><\/td>\n<td style=\"width: 92.5028%; height: 22px;\"><span style=\"font-weight: 400;\">O Palmenbaum<\/span><\/td>\n<\/tr>\n<tr style=\"height: 10px;\">\n<td style=\"width: 7.49718%; height: 10px;\"><span style=\"font-weight: 400;\">2001 <\/span><\/td>\n<td style=\"width: 92.5028%; height: 10px;\"><span style=\"font-weight: 400;\">Scheidung mit Hindernissen<\/span><\/td>\n<\/tr>\n<\/tbody>\n<\/table>\n<p>[\/vc_column_text][\/vc_column_inner][\/vc_row_inner][vc_empty_space height=&#8220;5&#8243;][vc_empty_space height=&#8220;32&#8243;][vc_empty_space height=&#8220;10&#8243;][vc_column_text css=&#8220;.vc_custom_1664288088048{margin-top: 15px !important;}&#8220;]<\/p>\n<p>[\/vc_column_text][vc_column_text css=&#8220;.vc_custom_1664292872641{margin-top: 15px !important;}&#8220;]<span style=\"font-size: 18pt;\">\u00dcber Elisabeth Flickenschildt<\/span><\/p>\n<p style=\"font-weight: 400;\"><span style=\"font-weight: 400;\"><strong>Elisabeth Ida Marie Flickenschildt<\/strong> wurde am 16. M\u00e4rz 1905 in Hamburg-Blankenese geboren. Sie wuchs in Hamburg auf und machte dort auch ihr Abitur. Mit 23 Jahren nahm sie Schauspielunterricht und ging anschlie\u00dfend an das Hamburger Schauspielhaus. Danach spielte sie in M\u00fcnchen und Berlin an verschiedenen B\u00fchnen. <\/span><\/p>\n<p>[\/vc_column_text][vc_single_image image=&#8220;77081&#8243; img_size=&#8220;full&#8220; alignment=&#8220;center&#8220; onclick=&#8220;link_image&#8220;][vc_column_text css=&#8220;.vc_custom_1664292958354{margin-top: 15px !important;}&#8220;]<span style=\"font-weight: 400;\">1936 heiratete sie den Dramaturgen und pers\u00f6nlichen Assistenten von <strong>Gustaf Gr\u00fcndgens<\/strong>, <strong>Rolf Badenhausen<\/strong>, von dem sie 1944 wieder geschieden wurde. Sie blieb aber bei Gr\u00fcndgens und spielte unter seiner Regie weiter Theater. Sie folgte Gr\u00fcndgens von Berlin nach D\u00fcsseldorf und nach Hamburg. Unter ihm spielte sie alle denkbaren gro\u00dfen Frauenrollen des klassischen Theaters. 1935 kam sie zum Film. Auch hier gl\u00e4nzte sie mit gro\u00dfer Schauspielkunst in Hauptrollen der Filme \u201e<strong>Der zerbrochene Krug<\/strong>\u201c, \u201e<strong>Ein M\u00e4dchen geht an Land<\/strong>\u201c, \u201e<strong>Trenck, der Pandur<\/strong>\u201c, \u201e<strong>Rembrandt<\/strong>\u201c und \u201e<strong>Romanze in Moll<\/strong>\u201c. In der NS-Zeit war sie Mitglied der NSDAP und stand auf der sogenannten Gottbegnadeten Liste von Josef Goebbels. Nach dem Krieg wurde sie von den Alliierten Machthabern inhaftiert, allerdings nur f\u00fcr kurze Zeit. Vor allem die Briten nahmen ihr die Mitwirkung in den antibritischen Hetzfilmen \u201e<strong>Ohm Kr\u00fcger<\/strong>\u201c und \u201e<strong>Der Fuchs von Glenarvon<\/strong>\u201c \u00fcbel und unterstellten ihr die F\u00e4lschung von Frageb\u00f6gen bez\u00fcglich ihrer Entnazifizierung. In den 1950er Jahren spielte sie weiter Theater unter Gr\u00fcndgens. Nach dessen Tod 1963 spielte sie in vielen Filmkom\u00f6dien, wie den Verfilmungen von <strong>Ludwig Thomas<\/strong> Lausbubengeschichten, oder in Kriminalfilmen nach Romanen von <strong>Edgar Wallace<\/strong>.\u00a0<\/span>[\/vc_column_text][vc_row_inner][vc_column_inner width=&#8220;1\/2&#8243;][vc_single_image image=&#8220;77077&#8243; img_size=&#8220;full&#8220; alignment=&#8220;center&#8220; onclick=&#8220;link_image&#8220;][\/vc_column_inner][vc_column_inner width=&#8220;1\/2&#8243;][vc_single_image image=&#8220;77079&#8243; img_size=&#8220;full&#8220; alignment=&#8220;center&#8220; onclick=&#8220;link_image&#8220;][\/vc_column_inner][\/vc_row_inner][vc_column_text css=&#8220;.vc_custom_1664292988841{margin-top: 15px !important;}&#8220;]<span style=\"font-weight: 400;\">1963 kaufte sie den Hof Maria Rast am Chiemsee und zog sich ab 1970 weitgehend vom Theater und Film zur\u00fcck. 1965 konvertierte sie zum katholischen Glauben. Sie \u00fcbernahm nur noch gelegentlich Rollen. Um wieder ein Engagement am <strong>Hamburger Thalia Theater<\/strong> annehmen zu k\u00f6nnen, zog sie 1976 wieder nach Stade bei Hamburg. In der N\u00e4he von Stade war sie 1977 Opfer eines schweren Autounfalls, an dessen Folgen sie am 27. Oktober 1977 in Steinkirchen, im Landkreis Stade, verstarb. Das <strong>Deutsche Theater<\/strong> verlor eine der gr\u00f6\u00dften deutschen B\u00fchnen-Darstellerinnen des zwanzigsten Jahrhunderts. Neben einer gro\u00dfen Zahl von Ehrungen bekam sie u.a. das Filmband in Gold, den Bambi und das gro\u00dfe Bundesverdienstkreuz.<\/span>[\/vc_column_text][vc_column_text css=&#8220;.vc_custom_1653179697701{margin-bottom: -20px !important;}&#8220;]<span style=\"font-size: 12pt;\">Filmografie (Auswahl)<\/span>[\/vc_column_text][vc_empty_space height=&#8220;28px&#8220;][vc_row_inner css=&#8220;.vc_custom_1653179480172{margin-bottom: -25px !important;padding-bottom: -25px !important;background-color: #efefef !important;border-radius: 5px !important;}&#8220;][vc_column_inner width=&#8220;1\/2&#8243;][vc_column_text css=&#8220;.vc_custom_1664288501168{margin-bottom: -5px !important;padding-bottom: 5px !important;}&#8220;]<\/p>\n<table style=\"height: 230px; width: 100%; border-collapse: collapse;\">\n<tbody>\n<tr style=\"height: 13px;\">\n<td style=\"width: 7.49718%; vertical-align: top; height: 13px;\"><span style=\"font-weight: 400;\">1937 <\/span><\/td>\n<td style=\"width: 92.5028%; height: 13px;\"><span style=\"font-weight: 400;\">Der zerbrochene Krug<\/span><\/td>\n<\/tr>\n<tr style=\"height: 22px;\">\n<td style=\"width: 7.49718%; vertical-align: top; height: 22px;\"><span style=\"font-weight: 400;\">1938 <\/span><\/td>\n<td style=\"width: 92.5028%; height: 22px;\"><span style=\"font-weight: 400;\">Der Maulkorb<\/span><\/p>\n<p><span style=\"font-weight: 400;\">Ein M\u00e4dchen geht an Land<\/span><\/td>\n<\/tr>\n<tr style=\"height: 22px;\">\n<td style=\"width: 7.49718%; vertical-align: top; height: 22px;\"><span style=\"font-weight: 400;\">1939 <\/span><\/td>\n<td style=\"width: 92.5028%; height: 22px;\"><span style=\"font-weight: 400;\">Robert Koch<\/span><\/td>\n<\/tr>\n<tr style=\"height: 19px;\">\n<td style=\"width: 7.49718%; vertical-align: top; height: 19px;\"><span style=\"font-weight: 400;\">1940 <\/span><\/td>\n<td style=\"width: 92.5028%; height: 19px;\"><span style=\"font-weight: 400;\">Trenck, der Pandur<\/span><\/td>\n<\/tr>\n<tr style=\"height: 22px;\">\n<td style=\"width: 7.49718%; vertical-align: top; height: 22px;\"><span style=\"font-weight: 400;\">1942 <\/span><\/td>\n<td style=\"width: 92.5028%; height: 22px;\"><span style=\"font-weight: 400;\">Der gro\u00dfe K\u00f6nig<\/span><\/p>\n<p><span style=\"font-weight: 400;\">Rembrandt<\/span><\/td>\n<\/tr>\n<tr style=\"height: 22px;\">\n<td style=\"width: 7.49718%; vertical-align: top; height: 22px;\"><span style=\"font-weight: 400;\">1943 <\/span><\/td>\n<td style=\"width: 92.5028%; height: 22px;\"><span style=\"font-weight: 400;\">Romanze in Moll<\/span><\/td>\n<\/tr>\n<tr style=\"height: 22px;\">\n<td style=\"width: 7.49718%; vertical-align: top; height: 22px;\"><span style=\"font-weight: 400;\">1944 <\/span><\/td>\n<td style=\"width: 92.5028%; height: 22px;\"><span style=\"font-weight: 400;\">Familie Buchholz<\/span><\/td>\n<\/tr>\n<tr style=\"height: 22px;\">\n<td style=\"width: 7.49718%; vertical-align: top; height: 22px;\"><span style=\"font-weight: 400;\">1954 <\/span><\/td>\n<td style=\"width: 92.5028%; height: 22px;\"><span style=\"font-weight: 400;\">Rittmeister Wronski<\/span><\/td>\n<\/tr>\n<tr style=\"height: 22px;\">\n<td style=\"width: 7.49718%; vertical-align: top; height: 22px;\"><span style=\"font-weight: 400;\">1957 <\/span><\/td>\n<td style=\"width: 92.5028%; height: 22px;\"><span style=\"font-weight: 400;\">Robinson soll nicht sterben<\/span><\/p>\n<p><span style=\"font-weight: 400;\">Herrscher ohne Krone<\/span><\/td>\n<\/tr>\n<\/tbody>\n<\/table>\n<p>[\/vc_column_text][\/vc_column_inner][vc_column_inner width=&#8220;1\/2&#8243;][vc_column_text css=&#8220;.vc_custom_1664288703172{margin-bottom: 0px !important;}&#8220;]<\/p>\n<table style=\"height: 218px; width: 100%; border-collapse: collapse;\">\n<tbody>\n<tr style=\"height: 13px;\">\n<td style=\"width: 7.61839%; vertical-align: top; height: 13px;\"><span style=\"font-weight: 400;\">1958 <\/span><\/td>\n<td style=\"width: 92.3816%; height: 13px;\"><span style=\"font-weight: 400;\">Wir Wunderkinder<\/span><\/p>\n<p><span style=\"font-weight: 400;\">Scampolo<\/span><\/td>\n<\/tr>\n<tr style=\"height: 22px;\">\n<td style=\"width: 7.61839%; vertical-align: top; height: 22px;\"><span style=\"font-weight: 400;\">1959 <\/span><\/td>\n<td style=\"width: 92.3816%; height: 22px;\"><span style=\"font-weight: 400;\">Der Besuch der alten Dame<\/span><\/td>\n<\/tr>\n<tr style=\"height: 22px;\">\n<td style=\"width: 7.61839%; vertical-align: top; height: 22px;\"><span style=\"font-weight: 400;\">1960 <\/span><\/td>\n<td style=\"width: 92.3816%; height: 22px;\"><span style=\"font-weight: 400;\">Faust<\/span><\/td>\n<\/tr>\n<tr style=\"height: 19px;\">\n<td style=\"width: 7.61839%; vertical-align: top; height: 19px;\"><span style=\"font-weight: 400;\">1962 <\/span><\/td>\n<td style=\"width: 92.3816%; height: 19px;\"><span style=\"font-weight: 400;\">Das Gasthaus an der Themse<\/span><\/td>\n<\/tr>\n<tr style=\"height: 22px;\">\n<td style=\"width: 7.61839%; vertical-align: top; height: 22px;\"><span style=\"font-weight: 400;\">1963 <\/span><\/td>\n<td style=\"width: 92.3816%; height: 22px;\"><span style=\"font-weight: 400;\">Das gro\u00dfe Liebesspiel<\/span><\/p>\n<p><span style=\"font-weight: 400;\">Das indische Tuch<\/span><\/td>\n<\/tr>\n<tr style=\"height: 22px;\">\n<td style=\"width: 7.61839%; vertical-align: top; height: 22px;\"><span style=\"font-weight: 400;\">1965 <\/span><\/td>\n<td style=\"width: 92.3816%; height: 22px;\"><span style=\"font-weight: 400;\">Tante Frieda<\/span><\/td>\n<\/tr>\n<tr style=\"height: 22px;\">\n<td style=\"width: 7.61839%; vertical-align: top; height: 22px;\"><span style=\"font-weight: 400;\">1971 <\/span><\/td>\n<td style=\"width: 92.3816%; height: 22px;\"><span style=\"font-weight: 400;\">K\u00e4pt\u00b4n Rauhbein aus St. Pauli<\/span><\/td>\n<\/tr>\n<tr style=\"height: 22px;\">\n<td style=\"width: 7.61839%; vertical-align: top; height: 22px;\"><span style=\"font-weight: 400;\">1974 <\/span><\/td>\n<td style=\"width: 92.3816%; height: 22px;\"><span style=\"font-weight: 400;\">Als Mutter streikte<\/span><\/td>\n<\/tr>\n<tr style=\"height: 22px;\">\n<td style=\"width: 7.61839%; vertical-align: top; height: 22px;\"><span style=\"font-weight: 400;\">1975 <\/span><\/td>\n<td style=\"width: 92.3816%; height: 22px;\"><span style=\"font-weight: 400;\">Mit Gift<\/span><\/td>\n<\/tr>\n<tr style=\"height: 32px;\">\n<td style=\"width: 7.61839%; vertical-align: top; height: 32px;\"><span style=\"font-weight: 400;\">1976 <\/span><\/td>\n<td style=\"width: 92.3816%; height: 32px;\"><span style=\"font-weight: 400;\">Die Nacht aus Gold<\/span><\/td>\n<\/tr>\n<\/tbody>\n<\/table>\n<p>[\/vc_column_text][\/vc_column_inner][\/vc_row_inner][vc_empty_space height=&#8220;5&#8243;][vc_empty_space height=&#8220;32&#8243;][vc_empty_space height=&#8220;10&#8243;][vc_column_text css=&#8220;.vc_custom_1664293961485{margin-top: 15px !important;}&#8220;]<span style=\"font-size: 18pt;\">\u00dcber Herbert Fleischmann<\/span><\/p>\n<p style=\"font-weight: 400;\"><span style=\"font-weight: 400;\"><strong>Herbert Fleischmann<\/strong> wurde am 13. M\u00e4rz 1925 in N\u00fcrnberg geboren. Er absolvierte seine Schauspielausbildung am <strong>Max Reinhardt Seminar<\/strong> in Wien. Danach spielte er bis 1960 an diversen B\u00fchnen in Deutschland und \u00d6sterreich Theater. Er kam 1961 zum Film. F\u00fcr das Kino arbeitete er nur ganz selten. Er machte sich allerdings durch sein Mitwirken in sechs Verfilmungen von Romanen des Bestsellerautors <strong>Johannes Mario Simmel<\/strong> einen Namen. <\/span><\/p>\n<p>[\/vc_column_text][vc_empty_space height=&#8220;32&#8243;][vc_row_inner][vc_column_inner width=&#8220;1\/2&#8243;][vc_single_image image=&#8220;77091&#8243; img_size=&#8220;full&#8220; alignment=&#8220;center&#8220; onclick=&#8220;link_image&#8220;][\/vc_column_inner][vc_column_inner width=&#8220;1\/2&#8243;][vc_single_image image=&#8220;77089&#8243; img_size=&#8220;full&#8220; alignment=&#8220;center&#8220; onclick=&#8220;link_image&#8220;][\/vc_column_inner][\/vc_row_inner][vc_column_text css=&#8220;.vc_custom_1664294210580{margin-top: 15px !important;}&#8220;]<span style=\"font-weight: 400;\">Im Fernsehen war er in verschiedenen Rollen in bekannten Fernsehserien zu sehen. Er spielte in Klassikern wie \u201e<strong>Raumschiff Orion<\/strong>\u201c mit, wie auch in mehreren Folgen von \u201e<strong>Der Kommissar<\/strong>\u201c, \u201e<strong>Derrick<\/strong>\u201c, \u201e<strong>Tatort<\/strong>\u201c, \u201e<strong>Der Alte<\/strong>\u201c, \u201e<strong>Das Traumschiff\u201c<\/strong>, oder \u201e<strong>Sonderdezernat K1<\/strong>\u201c und einer Menge mehr. Au\u00dferdem wirkte er in einer Reihe von H\u00f6rspielen mit. <strong>Fleischmann<\/strong> war von 1949 bis 1953 mit der Schauspielerin <strong>Ruth Leuwerik<\/strong> verheiratet. Sp\u00e4ter heiratete er die Schweizerin Miriam Spoerri und lebte mit ihr in Cavigliano im Tessin, wo er auch am 5. April 1984 an Herzversagen starb.<\/span>[\/vc_column_text][vc_column_text css=&#8220;.vc_custom_1664289063020{margin-bottom: -20px !important;}&#8220;]<span style=\"font-size: 12pt;\">Filmografie (Auswahl, Nur Kinofilme)<\/span>[\/vc_column_text][vc_row_inner css=&#8220;.vc_custom_1653179480172{margin-bottom: -25px !important;padding-bottom: -25px !important;background-color: #efefef !important;border-radius: 5px !important;}&#8220;][vc_column_inner width=&#8220;1\/2&#8243;][vc_column_text css=&#8220;.vc_custom_1664289191651{margin-bottom: -5px !important;padding-bottom: 5px !important;}&#8220;]<\/p>\n<table style=\"height: 199px; width: 100%; border-collapse: collapse;\">\n<tbody>\n<tr style=\"height: 13px;\">\n<td style=\"width: 7.49718%; vertical-align: top; height: 16px;\"><span style=\"font-weight: 400;\">1961<\/span><\/td>\n<td style=\"width: 92.5028%; height: 16px;\"><span style=\"font-weight: 400;\">Barbara<\/span><\/td>\n<\/tr>\n<tr style=\"height: 22px;\">\n<td style=\"width: 7.49718%; vertical-align: top; height: 22px;\"><span style=\"font-weight: 400;\">1963 <\/span><\/td>\n<td style=\"width: 92.5028%; height: 22px;\"><span style=\"font-weight: 400;\">Durchbruch Lok 234<\/span><\/td>\n<\/tr>\n<tr style=\"height: 22px;\">\n<td style=\"width: 7.49718%; vertical-align: top; height: 22px;\"><span style=\"font-weight: 400;\">1967 <\/span><\/td>\n<td style=\"width: 92.5028%; height: 22px;\"><span style=\"font-weight: 400;\">Kopfstand, Madame<\/span><\/td>\n<\/tr>\n<tr style=\"height: 19px;\">\n<td style=\"width: 7.49718%; vertical-align: top; height: 29px;\"><span style=\"font-weight: 400;\">1971 <\/span><\/td>\n<td style=\"width: 92.5028%; height: 29px;\"><span style=\"font-weight: 400;\">Und Jimmy ging zum Regenbogen<\/span><\/p>\n<p><span style=\"font-weight: 400;\">K\u00e4pt\u00b4n Rauhbein aus St. Pauli<\/span><\/p>\n<p><span style=\"font-weight: 400;\">Liebe ist nur ein Wort<\/span><\/td>\n<\/tr>\n<\/tbody>\n<\/table>\n<p>[\/vc_column_text][\/vc_column_inner][vc_column_inner width=&#8220;1\/2&#8243;][vc_column_text css=&#8220;.vc_custom_1664289281635{margin-bottom: 0px !important;}&#8220;]<\/p>\n<table style=\"height: 227px; width: 100%; border-collapse: collapse;\">\n<tbody>\n<tr style=\"height: 13px;\">\n<td style=\"width: 7.61839%; vertical-align: top; height: 13px;\"><span style=\"font-weight: 400;\">1972 <\/span><\/td>\n<td style=\"width: 92.3816%; height: 13px;\"><span style=\"font-weight: 400;\">Der Stoff aus dem die Tr\u00e4ume sind<\/span><\/td>\n<\/tr>\n<tr style=\"height: 22px;\">\n<td style=\"width: 7.61839%; vertical-align: top; height: 22px;\"><span style=\"font-weight: 400;\">1973 <\/span><\/td>\n<td style=\"width: 92.3816%; height: 22px;\"><span style=\"font-weight: 400;\">Alle Menschen werden Br\u00fcder<\/span><\/td>\n<\/tr>\n<tr style=\"height: 22px;\">\n<td style=\"width: 7.61839%; vertical-align: top; height: 22px;\">1974<\/td>\n<td style=\"width: 92.3816%; height: 22px;\">Die Antwort kennt nur der Wind<\/td>\n<\/tr>\n<tr style=\"height: 19px;\">\n<td style=\"width: 7.61839%; vertical-align: top; height: 19px;\"><span style=\"font-weight: 400;\">1975 <\/span><\/td>\n<td style=\"width: 92.3816%; height: 19px;\"><span style=\"font-weight: 400;\">Verbrechen nach Ladenschluss<\/span><\/td>\n<\/tr>\n<tr style=\"height: 22px;\">\n<td style=\"width: 7.61839%; vertical-align: top; height: 22px;\"><span style=\"font-weight: 400;\">1977 <\/span><\/td>\n<td style=\"width: 92.3816%; height: 22px;\"><span style=\"font-weight: 400;\">Es muss nicht immer Kaviar sein<\/span><\/td>\n<\/tr>\n<\/tbody>\n<\/table>\n<p>[\/vc_column_text][\/vc_column_inner][\/vc_row_inner][vc_empty_space height=&#8220;32&#8243;][vc_row_inner][vc_column_inner][vc_single_image image=&#8220;77093&#8243; img_size=&#8220;full&#8220; alignment=&#8220;center&#8220; onclick=&#8220;link_image&#8220;][\/vc_column_inner][\/vc_row_inner][vc_empty_space height=&#8220;10&#8243;][\/vc_column][vc_column][\/vc_column][\/vc_row][vc_row][vc_column][vc_separator][vc_column_text]<span style=\"font-size: 18pt;\">Aushangbilder<\/span><\/p>\n<p>Der damalige Verleih <strong>Constantin<\/strong> druckte zum Kinostart 1971 viele Aushangbilder, die in den Schauk\u00e4sten der Kinos vor dem Eingang bundesweit ausgeh\u00e4ngt wurden. Auf diesen konnte man Szenen aus dem Film sowie Werbebotschaften lesen. Nachfolgend ein paar dieser Motive und Texte <em>(zum vergr\u00f6\u00dfern einfach auf das gew\u00fcnschte Bild klicken)<\/em>:[\/vc_column_text][vc_row_inner][vc_column_inner width=&#8220;1\/4&#8243;][vc_single_image image=&#8220;77154&#8243; img_size=&#8220;full&#8220; onclick=&#8220;link_image&#8220;][\/vc_column_inner][vc_column_inner width=&#8220;1\/4&#8243;][vc_single_image image=&#8220;77156&#8243; img_size=&#8220;full&#8220; onclick=&#8220;link_image&#8220;][\/vc_column_inner][vc_column_inner width=&#8220;1\/4&#8243;][vc_single_image image=&#8220;77162&#8243; img_size=&#8220;full&#8220; onclick=&#8220;link_image&#8220;][\/vc_column_inner][vc_column_inner width=&#8220;1\/4&#8243;][vc_single_image image=&#8220;77164&#8243; img_size=&#8220;full&#8220; onclick=&#8220;link_image&#8220;][\/vc_column_inner][\/vc_row_inner][vc_row_inner][vc_column_inner width=&#8220;1\/4&#8243;][vc_single_image image=&#8220;77160&#8243; img_size=&#8220;full&#8220; onclick=&#8220;link_image&#8220;][\/vc_column_inner][vc_column_inner width=&#8220;1\/4&#8243;][vc_single_image image=&#8220;77158&#8243; img_size=&#8220;full&#8220; onclick=&#8220;link_image&#8220;][\/vc_column_inner][vc_column_inner width=&#8220;1\/4&#8243;][vc_single_image image=&#8220;77158&#8243; img_size=&#8220;full&#8220; onclick=&#8220;link_image&#8220;][\/vc_column_inner][vc_column_inner width=&#8220;1\/4&#8243;][vc_single_image image=&#8220;77174&#8243; img_size=&#8220;full&#8220; onclick=&#8220;link_image&#8220;][\/vc_column_inner][\/vc_row_inner][vc_separator][vc_column_text]<span style=\"font-size: 18pt;\">Materialbearbeitung\u00a0<\/span><\/p>\n<p>Die \u201eAufwendige Digitalisierung\u201c konnte\u00a0<strong>Walter Potganski<\/strong>\u00a0zusammen\u00a0mit <strong>Cristos Pateludis<\/strong> realisieren, einem Fachmann f\u00fcr Filmrestauration, der selbst einige Tools f\u00fcr die jeweiligen Bearbeitungsstufen entwickelt hat. Zusammen mit <strong>Reno Bornkamm<\/strong> ist er Inhaber der Firma <strong>Pateludis Video Transfer<\/strong> und war unter anderem verantwortlich f\u00fcr den 4K-Scan, die Lichtbestimmung und Farbkorrektur.[\/vc_column_text][vc_column_text]In der Regel werden diese Schritte in Anwesenheit des Kameramanns und des Regisseurs vorgenommen, was in diesem Fall nat\u00fcrlich nicht mehr m\u00f6glich war. Die Erfahrungen im technischen Bereich der Filmrestaurierung reichen \u00fcber 40 Jahre zur\u00fcck und so waren <strong>Walter Potganski<\/strong> und <strong>Cristos Pateludis<\/strong> in diesem Fall nun selbst verantwortlich f\u00fcr das, was man den \u201eFilm-Look\u201c nennt.[\/vc_column_text][vc_row_inner][vc_column_inner width=&#8220;1\/4&#8243;][vc_column_text css=&#8220;.vc_custom_1664882488421{margin-top: -1px !important;}&#8220;]<span style=\"font-size: 12pt;\">Vorher<\/span>[\/vc_column_text][vc_empty_space height=&#8220;- 5px&#8220;][vc_single_image image=&#8220;77624&#8243; img_size=&#8220;full&#8220; onclick=&#8220;link_image&#8220; css=&#8220;.vc_custom_1664883639746{margin-top: -30px !important;}&#8220;][\/vc_column_inner][vc_column_inner width=&#8220;1\/4&#8243;][vc_column_text css=&#8220;.vc_custom_1664883471887{margin-top: -1px !important;}&#8220;]<span style=\"font-size: 12pt;\">Nachher<\/span>[\/vc_column_text][vc_empty_space height=&#8220;- 5px&#8220;][vc_single_image image=&#8220;77633&#8243; img_size=&#8220;full&#8220; onclick=&#8220;link_image&#8220; css=&#8220;.vc_custom_1664883718158{margin-top: -30px !important;}&#8220;][\/vc_column_inner][vc_column_inner width=&#8220;1\/4&#8243;][vc_column_text css=&#8220;.vc_custom_1664882488421{margin-top: -1px !important;}&#8220;]<span style=\"font-size: 12pt;\">Vorher<\/span>[\/vc_column_text][vc_empty_space height=&#8220;- 5px&#8220;][vc_single_image image=&#8220;77627&#8243; img_size=&#8220;full&#8220; onclick=&#8220;link_image&#8220; css=&#8220;.vc_custom_1664883972220{margin-top: -30px !important;}&#8220;][\/vc_column_inner][vc_column_inner width=&#8220;1\/4&#8243;][vc_column_text css=&#8220;.vc_custom_1664883471887{margin-top: -1px !important;}&#8220;]<span style=\"font-size: 12pt;\">Nachher<\/span>[\/vc_column_text][vc_empty_space height=&#8220;- 5px&#8220;][vc_single_image image=&#8220;77636&#8243; img_size=&#8220;full&#8220; onclick=&#8220;link_image&#8220; css=&#8220;.vc_custom_1664883984103{margin-top: -30px !important;}&#8220;][\/vc_column_inner][\/vc_row_inner][vc_separator][\/vc_column][\/vc_row][vc_row][vc_column][vc_empty_space height=&#8220;-30px&#8220;][vc_column_text]<span style=\"font-size: 18pt;\">K\u00e4ptn\u2018 Rauhbein aus St. Pauli | Trailer [2022] (deutsch) \u1d34\u1d30<\/span><\/p>\n<p>&nbsp;<\/p>\n<p>[\/vc_column_text][vc_video link=&#8220;https:\/\/youtu.be\/FmQXtFKkrxw&#8220; css=&#8220;.vc_custom_1664888029051{margin-top: -50px !important;}&#8220;][vc_empty_space][\/vc_column][\/vc_row][vc_row][vc_column][vc_separator][vc_column_text]<span style=\"font-size: 18pt;\">Stimmen zum Film<\/span><\/p>\n<p><em>\u201eAuf den normannischen Kleiderschrank Curd J\u00fcrgens zugeschnittener deutscher Abenteuerfilm von Rolf Olsen, der f\u00fcr einigen teils am\u00fcsanten Trash der 60er und 70er Jahre zust\u00e4ndig war.\u201c<\/em> (<strong>kino.de<\/strong>)<\/p>\n<p><em>\u201eMerkw\u00fcrdigerweise stellt sich ein Gesamteindruck her, der eine Mischung aus alter Jovialit\u00e4t und Anh\u00e4nglichkeit an den &#8222;m\u00e4nnlichen&#8220; Helden von damals ist, der sich selber als alt geworden bezeichnet, aber immer noch wei\u00df, was zu tun ist und einen Hauch von Melancholie und Trauer um sich verbreitet. Kommt hinzu, dass das Ganze in Puerto Rico spielt und Exotik stand dem Curd von jeher gut.\u201c<\/em> (<strong>Review, filmportal.de<\/strong>)<\/p>\n<p><em>\u201eEin Seeb\u00e4r k\u00e4mpft sich durch: Curd J\u00fcrgens gl\u00e4nzt als willensstarker Kapit\u00e4n.\u201c<\/em> (<strong>fernsehserien.de<\/strong>)<\/p>\n<p><em>\u201eJ\u00fcrgens positive Erscheinung l\u00e4sst noch heute so manche andere Filmber\u00fchmtheit k\u00fcmmerlich erscheinen.\u201c<\/em> (<strong>Review, film.terrorverlag.de<\/strong>)[\/vc_column_text][vc_separator el_id=&#8220;schlangengrube-deluxe-mediabook&#8220;][\/vc_column][\/vc_row][vc_row][vc_column width=&#8220;1\/4&#8243;][vc_btn title=&#8220;Amazon&#8220; style=&#8220;flat&#8220; color=&#8220;orange&#8220; size=&#8220;sm&#8220; align=&#8220;center&#8220; i_icon_fontawesome=&#8220;fab fa-amazon&#8220; button_block=&#8220;true&#8220; add_icon=&#8220;true&#8220; link=&#8220;url:https%3A%2F%2Fwww.amazon.de%2FK%25C3%25A4ptn-Rauhbein-aus-St-Pauli%2Fdp%2FB0B5KVD6M6%2Fref%3Dtmm_blu_title_0%3F_encoding%3DUTF8%26qid%3D%26sr%3D|title:Amazon|target:_blank&#8220;][\/vc_column][vc_column width=&#8220;1\/4&#8243;][vc_btn title=&#8220;MediaMarkt&#8220; style=&#8220;flat&#8220; color=&#8220;danger&#8220; size=&#8220;sm&#8220; align=&#8220;center&#8220; i_icon_fontawesome=&#8220;far fa-dot-circle&#8220; button_block=&#8220;true&#8220; add_icon=&#8220;true&#8220; link=&#8220;url:https%3A%2F%2Fwww.mediamarkt.de%2Fde%2Fproduct%2F_kaptn-rauhbein-aus-stpauli-blu-ray-dvd-2814276.html|title:MediaMarkt|target:_blank&#8220;][\/vc_column][vc_column width=&#8220;1\/4&#8243;][vc_btn title=&#8220;Shop&#8220; style=&#8220;flat&#8220; color=&#8220;juicy-pink&#8220; size=&#8220;sm&#8220; align=&#8220;center&#8220; i_icon_fontawesome=&#8220;fas fa-shopping-cart&#8220; button_block=&#8220;true&#8220; add_icon=&#8220;true&#8220; link=&#8220;url:https%3A%2F%2Fucm.one%2Fde%2Fprodukt%2Fkaeptn-rauhbein-aus-st-pauli%2F|title:Shop&#8220;][\/vc_column][vc_column width=&#8220;1\/4&#8243;][vc_btn title=&#8220;Wer Streamt Es?&#8220; style=&#8220;flat&#8220; color=&#8220;blue&#8220; size=&#8220;sm&#8220; align=&#8220;center&#8220; i_icon_fontawesome=&#8220;fas fa-question-circle&#8220; button_block=&#8220;true&#8220; add_icon=&#8220;true&#8220; link=&#8220;url:https%3A%2F%2Fwww.werstreamt.es%2Ffilm%2Fdetails%2F8926%2Fkaeptn-rauhbein-aus-st-pauli%2F|title:Wer%20Streamt%20Es%3F|target:_blank&#8220;][\/vc_column][\/vc_row][vc_row][vc_column][vc_empty_space height=&#8220;15px&#8220;][vc_column_text css=&#8220;.vc_custom_1658097653201{margin-bottom: -5px !important;}&#8220;]<span style=\"font-size: 18pt;\">Erh\u00e4ltliche Formate und Ausstattungen<\/span>[\/vc_column_text][vc_empty_space][vc_row_inner][vc_column_inner width=&#8220;1\/6&#8243;][vc_single_image image=&#8220;77250&#8243; img_size=&#8220;full&#8220;][\/vc_column_inner][vc_column_inner width=&#8220;5\/6&#8243;][vc_column_text]<strong>Limitiertes Mediabook (Blu-Ray + DVD):<\/strong><\/p>\n<p>Ungek\u00fcrzte Kinofassung erstmalig in 4K neu abgetastet und in Full-HD restauriert<\/p>\n<p>Bildformat Blu-Ray:\u00a0<span lang=\"EN-US\">WS 1.66:1 \/ 1080p 24; Bildformat DVD:\u00a0<\/span><span lang=\"EN-US\">WS 1.66:1 (anamorph) | Gesamtlaufzeit Blu-Ray: <span style=\"font-weight: 400;\">92<\/span> Min (Deutsche Kinofassung); Gesamtlaufzeit DVD: 89 Min<\/span><\/p>\n<p><span lang=\"EN-US\">Tonformat Blu-Ray: Deutsch DTS-HD Master Audio 2.0 (mono); Tonformat DVD: Deutsch DD 2.0 (mono) <\/span><\/p>\n<p><span lang=\"EN-US\">Bonusmaterial: <\/span><span style=\"font-weight: 400;\">Deutscher Trailer, Artwork-Galerie, Mediabook mit 20 seitigem Buchteil mit vielen Bildern und Informationen, inklusive exklusivem Miniatur-Nachdruck des 04-seitigen Filmprogramms von 1971, Trailer zu <\/span><i><span style=\"font-weight: 400;\">Der Arzt von St. Pauli<\/span><\/i><span style=\"font-weight: 400;\"> u. <\/span><i><span style=\"font-weight: 400;\">Der Pfarrer<\/span><\/i> <i><span style=\"font-weight: 400;\">aus St. Pauli. <\/span><\/i><span style=\"font-weight: 400;\">Video-Clip: <em>\u201e\u00dcberall auf der Welt ist es sch\u00f6n&#8220;<\/em><\/span><\/p>\n<p><span lang=\"EN-US\">FSK 16 | FSK-Sticker abziehbar<\/span>[\/vc_column_text][\/vc_column_inner][\/vc_row_inner][vc_separator css=&#8220;.vc_custom_1653175357110{margin-top: -5px !important;}&#8220;][vc_empty_space height=&#8220;10px&#8220;][vc_row_inner][vc_column_inner width=&#8220;1\/6&#8243;][vc_single_image image=&#8220;77179&#8243; img_size=&#8220;full&#8220;][\/vc_column_inner][vc_column_inner width=&#8220;5\/6&#8243;][vc_column_text]<strong>Blu-Ray:<\/strong><\/p>\n<p>Ungek\u00fcrzte Kinofassung erstmalig in 4K neu abgetastet und in Full-HD restauriert<\/p>\n<p>Bildformat:\u00a0<span lang=\"EN-US\">WS 1.66:1 \/ 1080p 24<\/span><span lang=\"EN-US\"> | Gesamtlaufzeit: 92 Min<\/span><\/p>\n<p><span lang=\"EN-US\">Tonformat : Deutsch DTS-HD Master Audio 2.0 (mono) |\u00a0<\/span><span lang=\"EN-US\">Bonusmat<\/span><span lang=\"EN-US\">erial: <span style=\"font-weight: 400;\">Deutscher Trailer, Artwork-Galerie, Trailer zu <\/span><i><span style=\"font-weight: 400;\">Der Arzt von St. Pauli<\/span><\/i><span style=\"font-weight: 400;\"> u. <\/span><i><span style=\"font-weight: 400;\">Der Pfarrer<\/span><\/i> <i><span style=\"font-weight: 400;\">aus St. Pauli. <\/span><\/i><span style=\"font-weight: 400;\">Video-Clip: \u201e\u00dcberall auf der Welt ist es sch\u00f6n\u201c<\/span><\/span><\/p>\n<p>F<span lang=\"EN-US\">SK 16 | Wendecover ohne FSK-Logo<\/span>[\/vc_column_text][\/vc_column_inner][\/vc_row_inner][vc_separator css=&#8220;.vc_custom_1653175357110{margin-top: -5px !important;}&#8220;][vc_empty_space height=&#8220;10px&#8220;][vc_row_inner][vc_column_inner width=&#8220;1\/6&#8243;][vc_single_image image=&#8220;77181&#8243; img_size=&#8220;full&#8220;][\/vc_column_inner][vc_column_inner width=&#8220;5\/6&#8243;][vc_column_text]<strong>DVD:<\/strong><\/p>\n<p>Ungek\u00fcrzte Kinofassung erstmalig in 4K neu abgetastet und in Full-HD restauriert<\/p>\n<p>Bildformat<span lang=\"EN-US\">:\u00a0<\/span><span lang=\"EN-US\">WS 1.66:1 (anamorph) | Gesamtlaufzeit: 89 Min <\/span><\/p>\n<p><span lang=\"EN-US\">Tonformat: Deutsch DD 2.0 (mono) <\/span><\/p>\n<p><span lang=\"EN-US\">Bonusmaterial: <span style=\"font-weight: 400;\">Deutscher Trailer, Artwork-Galerie, Trailer zu <\/span><i><span style=\"font-weight: 400;\">Der Arzt von St. Pauli<\/span><\/i><span style=\"font-weight: 400;\"> u. <\/span><i><span style=\"font-weight: 400;\">Der Pfarrer<\/span><\/i> <i><span style=\"font-weight: 400;\">aus St. Pauli. <\/span><\/i><span style=\"font-weight: 400;\">Video-Clip: \u201e\u00dcberall auf der Welt ist es sch\u00f6n\u201c<\/span><\/span><\/p>\n<p><span lang=\"EN-US\"> FSK 16 | <\/span><span lang=\"EN-US\">Wendecover ohne FSK-Logo<\/span>[\/vc_column_text][\/vc_column_inner][\/vc_row_inner][\/vc_column][\/vc_row][vc_row][vc_column][vc_empty_space height=&#8220;15px&#8220;][vc_separator][vc_empty_space height=&#8220;15px&#8220;][vc_column_text]<\/p>\n<h2>Neuigkeiten<\/h2>\n<p>[\/vc_column_text]<style type=\"text\/css\" data-type=\"the7_shortcodes-inline-css\">.blog-shortcode.blog-masonry-shortcode-id-0b3371ffba075619e80dbc3ebdcb8b81.dividers-on.classic-layout-list article {\n  padding-top: 0;\n}\n.blog-shortcode.blog-masonry-shortcode-id-0b3371ffba075619e80dbc3ebdcb8b81.dividers-on.classic-layout-list article:first-of-type {\n  margin-top: 0;\n  padding-top: 0;\n}\n.blog-shortcode.blog-masonry-shortcode-id-0b3371ffba075619e80dbc3ebdcb8b81.classic-layout-list.mode-list .post-entry-content {\n  width: calc(100% - );\n}\n.blog-shortcode.blog-masonry-shortcode-id-0b3371ffba075619e80dbc3ebdcb8b81.classic-layout-list.mode-list .no-img .post-entry-content {\n  width: 100%;\n}\n.blog-shortcode.blog-masonry-shortcode-id-0b3371ffba075619e80dbc3ebdcb8b81 .filter-bg-decoration .filter-categories a.act {\n  color: #fff;\n}\n.blog-shortcode.blog-masonry-shortcode-id-0b3371ffba075619e80dbc3ebdcb8b81:not(.mode-masonry) article:first-of-type,\n.blog-shortcode.blog-masonry-shortcode-id-0b3371ffba075619e80dbc3ebdcb8b81:not(.mode-masonry) article.visible.first:not(.product) {\n  margin-top: 0;\n}\n.blog-shortcode.blog-masonry-shortcode-id-0b3371ffba075619e80dbc3ebdcb8b81.dividers-on:not(.mode-masonry) article {\n  margin-top: 0;\n}\n.blog-shortcode.blog-masonry-shortcode-id-0b3371ffba075619e80dbc3ebdcb8b81.dividers-on:not(.mode-masonry) article:first-of-type,\n.blog-shortcode.blog-masonry-shortcode-id-0b3371ffba075619e80dbc3ebdcb8b81.dividers-on:not(.mode-masonry) article.visible.first:not(.product) {\n  margin-top: 0;\n  padding-top: 0;\n}\n.blog-shortcode.blog-masonry-shortcode-id-0b3371ffba075619e80dbc3ebdcb8b81 .post-thumbnail-wrap {\n  padding: 0px 0px 0px 0px;\n}\n.blog-shortcode.blog-masonry-shortcode-id-0b3371ffba075619e80dbc3ebdcb8b81.enable-bg-rollover .post-thumbnail-rollover:after {\n  background: -webkit-linear-gradient();\n  background: linear-gradient();\n}\n.blog-shortcode.blog-masonry-shortcode-id-0b3371ffba075619e80dbc3ebdcb8b81 .gallery-zoom-ico {\n  width: 44px;\n  height: 44px;\n  line-height: 44px;\n  border-radius: 100px;\n  margin: -22px 0 0 -22px;\n  border-width: 0px;\n  color: #ffffff;\n}\n.bottom-overlap-layout-list.blog-shortcode.blog-masonry-shortcode-id-0b3371ffba075619e80dbc3ebdcb8b81 .gallery-zoom-ico {\n  margin-top: -72px;\n}\n.gradient-overlay-layout-list.blog-shortcode.blog-masonry-shortcode-id-0b3371ffba075619e80dbc3ebdcb8b81 .gallery-zoom-ico,\n.content-rollover-layout-list.blog-shortcode.blog-masonry-shortcode-id-0b3371ffba075619e80dbc3ebdcb8b81 .gallery-zoom-ico {\n  margin: 0 0 10px;\n}\n.content-align-center.gradient-overlay-layout-list.blog-shortcode.blog-masonry-shortcode-id-0b3371ffba075619e80dbc3ebdcb8b81 .gallery-zoom-ico,\n.content-align-center.content-rollover-layout-list.blog-shortcode.blog-masonry-shortcode-id-0b3371ffba075619e80dbc3ebdcb8b81 .gallery-zoom-ico {\n  margin: 0 auto 10px;\n}\n.dt-icon-bg-on.blog-shortcode.blog-masonry-shortcode-id-0b3371ffba075619e80dbc3ebdcb8b81 .gallery-zoom-ico {\n  background: rgba(255,255,255,0.3);\n  box-shadow: none;\n}\n.blog-shortcode.blog-masonry-shortcode-id-0b3371ffba075619e80dbc3ebdcb8b81 .gallery-zoom-ico > span,\n.blog-shortcode.blog-masonry-shortcode-id-0b3371ffba075619e80dbc3ebdcb8b81 .gallery-zoom-ico:before {\n  font-size: 32px;\n  line-height: 44px;\n}\n.blog-shortcode.blog-masonry-shortcode-id-0b3371ffba075619e80dbc3ebdcb8b81 .gallery-zoom-ico > span,\n.blog-shortcode.blog-masonry-shortcode-id-0b3371ffba075619e80dbc3ebdcb8b81 .gallery-zoom-ico:before {\n  color: #ffffff;\n}\n.blog-shortcode.blog-masonry-shortcode-id-0b3371ffba075619e80dbc3ebdcb8b81 .entry-title,\n.blog-shortcode.blog-masonry-shortcode-id-0b3371ffba075619e80dbc3ebdcb8b81.owl-carousel .entry-title {\n  margin-bottom: 5px;\n  font-weight: bold;\n}\n.blog-shortcode.blog-masonry-shortcode-id-0b3371ffba075619e80dbc3ebdcb8b81 .entry-meta {\n  margin-bottom: 15px;\n}\n.blog-shortcode.blog-masonry-shortcode-id-0b3371ffba075619e80dbc3ebdcb8b81 .portfolio-categories {\n  margin-bottom: 15px;\n}\n.blog-shortcode.blog-masonry-shortcode-id-0b3371ffba075619e80dbc3ebdcb8b81 .entry-excerpt {\n  margin-bottom: 5px;\n}\n.blog-shortcode.blog-masonry-shortcode-id-0b3371ffba075619e80dbc3ebdcb8b81:not(.centered-layout-list) .post-entry-content {\n  padding: 25px 30px 30px 30px;\n}\n.blog-shortcode.blog-masonry-shortcode-id-0b3371ffba075619e80dbc3ebdcb8b81:not(.centered-layout-list):not(.content-bg-on):not(.mode-list) .no-img .post-entry-content {\n  padding: 0;\n}\n@media screen and (max-width: ) {\n  .blog-shortcode.blog-masonry-shortcode-id-0b3371ffba075619e80dbc3ebdcb8b81 article {\n    -ms-flex-flow: column nowrap;\n    flex-flow: column nowrap;\n    margin-top: 20px;\n  }\n  .blog-shortcode.blog-masonry-shortcode-id-0b3371ffba075619e80dbc3ebdcb8b81.dividers-on article {\n    border: none;\n  }\n  .blog-shortcode.blog-masonry-shortcode-id-0b3371ffba075619e80dbc3ebdcb8b81.content-bg-on.centered-layout-list article {\n    padding: 0;\n  }\n  .blog-shortcode.blog-masonry-shortcode-id-0b3371ffba075619e80dbc3ebdcb8b81.blog-shortcode.dividers-on article,\n  .blog-shortcode.blog-masonry-shortcode-id-0b3371ffba075619e80dbc3ebdcb8b81.dividers-on.classic-layout-list article {\n    margin-top: 20px;\n    padding: 0;\n  }\n  .blog-shortcode.blog-masonry-shortcode-id-0b3371ffba075619e80dbc3ebdcb8b81.blog-shortcode.dividers-on article:first-of-type,\n  .blog-shortcode.blog-masonry-shortcode-id-0b3371ffba075619e80dbc3ebdcb8b81.dividers-on.classic-layout-list article:first-of-type {\n    padding: 0;\n  }\n  #page .blog-shortcode.blog-masonry-shortcode-id-0b3371ffba075619e80dbc3ebdcb8b81 .post-thumbnail-wrap,\n  #page .blog-shortcode.blog-masonry-shortcode-id-0b3371ffba075619e80dbc3ebdcb8b81 .post-entry-content {\n    width: 100%;\n    margin: 0;\n    top: 0;\n  }\n  #page .blog-shortcode.blog-masonry-shortcode-id-0b3371ffba075619e80dbc3ebdcb8b81 .post-thumbnail-wrap {\n    padding: 0;\n  }\n  #page .blog-shortcode.blog-masonry-shortcode-id-0b3371ffba075619e80dbc3ebdcb8b81 .post-entry-content:after {\n    display: none;\n  }\n  #page .blog-shortcode.blog-masonry-shortcode-id-0b3371ffba075619e80dbc3ebdcb8b81 .project-even .post-thumbnail-wrap,\n  #page .blog-shortcode.blog-masonry-shortcode-id-0b3371ffba075619e80dbc3ebdcb8b81.centered-layout-list .post-thumbnail-wrap {\n    -ms-flex-order: 0;\n    order: 0;\n  }\n  #page .blog-shortcode.blog-masonry-shortcode-id-0b3371ffba075619e80dbc3ebdcb8b81.centered-layout-list .post-entry-title-content {\n    -ms-flex-order: 1;\n    order: 1;\n    width: 100%;\n    padding: 20px 20px 0;\n  }\n  #page .blog-shortcode.blog-masonry-shortcode-id-0b3371ffba075619e80dbc3ebdcb8b81.centered-layout-list .post-entry-content {\n    -ms-flex-order: 2;\n    order: 2;\n    padding-top: 0;\n  }\n  #page .blog-shortcode.blog-masonry-shortcode-id-0b3371ffba075619e80dbc3ebdcb8b81 .fancy-categories {\n    top: 10px;\n    left: 10px;\n    bottom: auto;\n    right: auto;\n  }\n  #page .blog-shortcode.blog-masonry-shortcode-id-0b3371ffba075619e80dbc3ebdcb8b81 .fancy-date a {\n    top: 10px;\n    right: 10px;\n    left: auto;\n    bottom: auto;\n  }\n  #page .blog-shortcode.blog-masonry-shortcode-id-0b3371ffba075619e80dbc3ebdcb8b81 .post-entry-content {\n    padding: 20px;\n  }\n  #page .blog-shortcode.blog-masonry-shortcode-id-0b3371ffba075619e80dbc3ebdcb8b81 .entry-title {\n    margin: 3px 0 5px;\n    font-size: 20px;\n    line-height: 26px;\n  }\n  #page .blog-shortcode.blog-masonry-shortcode-id-0b3371ffba075619e80dbc3ebdcb8b81 .entry-meta {\n    margin: 5px 0 5px;\n  }\n  #page .blog-shortcode.blog-masonry-shortcode-id-0b3371ffba075619e80dbc3ebdcb8b81 .entry-excerpt {\n    margin: 15px 0 0;\n  }\n  #page .blog-shortcode.blog-masonry-shortcode-id-0b3371ffba075619e80dbc3ebdcb8b81 .post-details {\n    margin: 5px 0 10px;\n  }\n  #page .blog-shortcode.blog-masonry-shortcode-id-0b3371ffba075619e80dbc3ebdcb8b81 .post-details.details-type-link {\n    margin-bottom: 2px;\n  }\n}\n.blog-shortcode.blog-masonry-shortcode-id-0b3371ffba075619e80dbc3ebdcb8b81:not(.resize-by-browser-width) .dt-css-grid {\n  grid-row-gap: 30px;\n  grid-column-gap: 30px;\n  grid-template-columns: repeat(auto-fill,minmax(,1fr));\n}\n.blog-shortcode.blog-masonry-shortcode-id-0b3371ffba075619e80dbc3ebdcb8b81:not(.resize-by-browser-width) .dt-css-grid .double-width {\n  grid-column: span 2;\n}\n.cssgridlegacy.no-cssgrid .blog-shortcode.blog-masonry-shortcode-id-0b3371ffba075619e80dbc3ebdcb8b81:not(.resize-by-browser-width) .dt-css-grid,\n.no-cssgridlegacy.no-cssgrid .blog-shortcode.blog-masonry-shortcode-id-0b3371ffba075619e80dbc3ebdcb8b81:not(.resize-by-browser-width) .dt-css-grid {\n  display: flex;\n  flex-flow: row wrap;\n  margin: -15px;\n}\n.cssgridlegacy.no-cssgrid .blog-shortcode.blog-masonry-shortcode-id-0b3371ffba075619e80dbc3ebdcb8b81:not(.resize-by-browser-width) .dt-css-grid .wf-cell,\n.no-cssgridlegacy.no-cssgrid .blog-shortcode.blog-masonry-shortcode-id-0b3371ffba075619e80dbc3ebdcb8b81:not(.resize-by-browser-width) .dt-css-grid .wf-cell {\n  flex: 1 0 ;\n  max-width: 100%;\n  padding: 15px;\n  box-sizing: border-box;\n}\n.blog-shortcode.blog-masonry-shortcode-id-0b3371ffba075619e80dbc3ebdcb8b81.resize-by-browser-width .dt-css-grid {\n  grid-template-columns: repeat(2,1fr);\n  grid-template-rows: auto;\n  grid-column-gap: 30px;\n  grid-row-gap: 30px;\n}\n.blog-shortcode.blog-masonry-shortcode-id-0b3371ffba075619e80dbc3ebdcb8b81.resize-by-browser-width .dt-css-grid .double-width {\n  grid-column: span 2;\n}\n.cssgridlegacy.no-cssgrid .blog-shortcode.blog-masonry-shortcode-id-0b3371ffba075619e80dbc3ebdcb8b81.resize-by-browser-width .dt-css-grid {\n  margin: -15px;\n}\n.cssgridlegacy.no-cssgrid .blog-shortcode.blog-masonry-shortcode-id-0b3371ffba075619e80dbc3ebdcb8b81.resize-by-browser-width .dt-css-grid .wf-cell {\n  width: 50%;\n  padding: 15px;\n}\n.cssgridlegacy.no-cssgrid .blog-shortcode.blog-masonry-shortcode-id-0b3371ffba075619e80dbc3ebdcb8b81.resize-by-browser-width .dt-css-grid .wf-cell.double-width {\n  width: calc(50%) * 2;\n}\n.blog-shortcode.blog-masonry-shortcode-id-0b3371ffba075619e80dbc3ebdcb8b81.resize-by-browser-width:not(.centered-layout-list):not(.content-bg-on) .dt-css-grid {\n  grid-row-gap: 0px;\n}\n@media screen and (max-width: 1199px) {\n  .blog-shortcode.blog-masonry-shortcode-id-0b3371ffba075619e80dbc3ebdcb8b81.resize-by-browser-width .dt-css-grid {\n    grid-template-columns: repeat(2,1fr);\n  }\n  .cssgridlegacy.no-cssgrid .blog-shortcode.blog-masonry-shortcode-id-0b3371ffba075619e80dbc3ebdcb8b81.resize-by-browser-width .dt-css-grid .wf-cell,\n  .no-cssgridlegacy.no-cssgrid .blog-shortcode.blog-masonry-shortcode-id-0b3371ffba075619e80dbc3ebdcb8b81.resize-by-browser-width .dt-css-grid .wf-cell {\n    width: 50%;\n  }\n  .cssgridlegacy.no-cssgrid .blog-shortcode.blog-masonry-shortcode-id-0b3371ffba075619e80dbc3ebdcb8b81.resize-by-browser-width .dt-css-grid .wf-cell.double-width,\n  .no-cssgridlegacy.no-cssgrid .blog-shortcode.blog-masonry-shortcode-id-0b3371ffba075619e80dbc3ebdcb8b81.resize-by-browser-width .dt-css-grid .wf-cell.double-width {\n    width: calc(50%)*2;\n  }\n}\n@media screen and (max-width: 991px) {\n  .blog-shortcode.blog-masonry-shortcode-id-0b3371ffba075619e80dbc3ebdcb8b81.resize-by-browser-width .dt-css-grid {\n    grid-template-columns: repeat(1,1fr);\n  }\n  .cssgridlegacy.no-cssgrid .blog-shortcode.blog-masonry-shortcode-id-0b3371ffba075619e80dbc3ebdcb8b81.resize-by-browser-width .dt-css-grid .wf-cell,\n  .no-cssgridlegacy.no-cssgrid .blog-shortcode.blog-masonry-shortcode-id-0b3371ffba075619e80dbc3ebdcb8b81.resize-by-browser-width .dt-css-grid .wf-cell {\n    width: 100%;\n  }\n  .cssgridlegacy.no-cssgrid .blog-shortcode.blog-masonry-shortcode-id-0b3371ffba075619e80dbc3ebdcb8b81.resize-by-browser-width .dt-css-grid .wf-cell.double-width,\n  .no-cssgridlegacy.no-cssgrid .blog-shortcode.blog-masonry-shortcode-id-0b3371ffba075619e80dbc3ebdcb8b81.resize-by-browser-width .dt-css-grid .wf-cell.double-width {\n    width: calc(100%)*2;\n  }\n}\n@media screen and (max-width: 767px) {\n  .blog-shortcode.blog-masonry-shortcode-id-0b3371ffba075619e80dbc3ebdcb8b81.resize-by-browser-width .dt-css-grid {\n    grid-template-columns: repeat(1,1fr);\n  }\n  .blog-shortcode.blog-masonry-shortcode-id-0b3371ffba075619e80dbc3ebdcb8b81.resize-by-browser-width .dt-css-grid .double-width {\n    grid-column: span 1;\n  }\n  .cssgridlegacy.no-cssgrid .blog-shortcode.blog-masonry-shortcode-id-0b3371ffba075619e80dbc3ebdcb8b81.resize-by-browser-width .dt-css-grid .wf-cell,\n  .no-cssgridlegacy.no-cssgrid .blog-shortcode.blog-masonry-shortcode-id-0b3371ffba075619e80dbc3ebdcb8b81.resize-by-browser-width .dt-css-grid .wf-cell {\n    width: 100%;\n  }\n  .cssgridlegacy.no-cssgrid .blog-shortcode.blog-masonry-shortcode-id-0b3371ffba075619e80dbc3ebdcb8b81.resize-by-browser-width .dt-css-grid .wf-cell.double-width,\n  .no-cssgridlegacy.no-cssgrid .blog-shortcode.blog-masonry-shortcode-id-0b3371ffba075619e80dbc3ebdcb8b81.resize-by-browser-width .dt-css-grid .wf-cell.double-width {\n    width: calc(100%)*2;\n  }\n}<\/style><div class=\"blog-shortcode blog-masonry-shortcode-id-0b3371ffba075619e80dbc3ebdcb8b81 mode-grid classic-layout-list content-bg-on jquery-filter scale-img dt-css-grid-wrap dt-icon-bg-off resize-by-browser-width loading-effect-none description-under-image \" data-padding=\"15px\" data-cur-page=\"1\" data-post-limit=\"-1\" data-pagination-mode=\"none\" data-desktop-columns-num=\"2\" data-v-tablet-columns-num=\"1\" data-h-tablet-columns-num=\"2\" data-phone-columns-num=\"1\" data-width=\"0px\" data-columns=\"0\"><div class=\"dt-css-grid\" ><div class=\"visible wf-cell\" data-post-id=\"102226\" data-date=\"2024-03-10T01:15:28+00:00\" data-name=\"\ud83c\udfac Im Filmtheater Metropolis in Hamburg wird heute der Film \u201eDer Pfarrer von St. Pauli\u201c in Anwesenheit des &quot;echten Pfarrers&quot; gezeigt\"><article class=\"post project-odd visible post-102226 type-post status-publish format-standard has-post-thumbnail hentry category-film category-filmklassiker category-news category-u1-films-berlin category-u8-films-berlin tag-barbara-lass tag-carl-lange tag-corny-collins tag-curd-juergens tag-der-pfarrer-von-st-pauli tag-gunther-stoll tag-heinz-reincke tag-horst-naumann tag-karl-schultz tag-klaus-hagen-latwesen tag-rolf-olsen tag-u8-films-berlin-de tag-udo-lindenberg tag-walter-buschhof tag-werner-bruhns category-8 category-7004 category-13 category-8294 category-8304\" data-name=\"\ud83c\udfac Im Filmtheater Metropolis in Hamburg wird heute der Film \u201eDer Pfarrer von St. Pauli\u201c in Anwesenheit des &#8222;echten Pfarrers&#8220; gezeigt\" data-date=\"2024-03-10T01:15:28+00:00\">\n\n<div class=\"post-thumbnail-wrap\">\n\t<div class=\"post-thumbnail\">\n\t\t\n\t\t\n\t\t<a href=\"https:\/\/ucm.one\/de\/im-filmtheater-metropolis-in-hamburg-wird-heute-um-17-00-uhr-der-film-der-pfarrer-von-st-pauli-gezeigt\/\" class=\"post-thumbnail-rollover layzr-bg layzr-bg\" ><img fetchpriority=\"high\" decoding=\"async\" class=\"iso-lazy-load preload-me iso-lazy-load aspect\" src=\"data:image\/svg+xml,%3Csvg%20xmlns%3D&#39;http%3A%2F%2Fwww.w3.org%2F2000%2Fsvg&#39;%20viewBox%3D&#39;0%200%20990%20309&#39;%2F%3E\" data-src=\"https:\/\/ucm.one\/wp-content\/uploads\/2024\/03\/Der-Pfarrer-von-St.-Pauli-Banner-2024-990x309.jpg\" data-srcset=\"https:\/\/ucm.one\/wp-content\/uploads\/2024\/03\/Der-Pfarrer-von-St.-Pauli-Banner-2024-990x309.jpg 990w, https:\/\/ucm.one\/wp-content\/uploads\/2024\/03\/Der-Pfarrer-von-St.-Pauli-Banner-2024-1485x464.jpg 1485w\" loading=\"eager\" style=\"--ratio: 990 \/ 309\" sizes=\"(max-width: 990px) 100vw, 990px\" alt=\"\" title=\"Der Pfarrer von St. Pauli Banner 2024\" width=\"990\" height=\"309\"  \/><\/a>\t<\/div>\n<\/div>\n\n\n<div class=\"post-entry-content\">\n\n\t<h3 class=\"entry-title\">\n\t\t<a href=\"https:\/\/ucm.one\/de\/im-filmtheater-metropolis-in-hamburg-wird-heute-um-17-00-uhr-der-film-der-pfarrer-von-st-pauli-gezeigt\/\" title=\"\ud83c\udfac Im Filmtheater Metropolis in Hamburg wird heute der Film \u201eDer Pfarrer von St. Pauli\u201c in Anwesenheit des &#8222;echten Pfarrers&#8220; gezeigt\" rel=\"bookmark\">\ud83c\udfac Im Filmtheater Metropolis in Hamburg wird heute der Film \u201eDer Pfarrer von St. Pauli\u201c in Anwesenheit des &#8222;echten Pfarrers&#8220; gezeigt<\/a>\n\t<\/h3>\n\n\t<div class=\"entry-meta\"><span class=\"category-link\"><a href=\"https:\/\/ucm.one\/de\/category\/news\/film\/\" >Film<\/a>, <a href=\"https:\/\/ucm.one\/de\/category\/news\/filmklassiker\/\" >Filmklassiker<\/a>, <a href=\"https:\/\/ucm.one\/de\/category\/news\/\" >News<\/a>, <a href=\"https:\/\/ucm.one\/de\/category\/news\/film\/u1-films-berlin\/\" >U1 Films Berlin<\/a>, <a href=\"https:\/\/ucm.one\/de\/category\/news\/film\/u1-films-berlin\/u8-films-berlin\/\" >U8 Films Berlin<\/a><\/span><a class=\"author vcard\" href=\"\" title=\"Zeige alle Beitr\u00e4ge von Joachim Keil\" rel=\"author\">Von <span class=\"fn\">Joachim Keil<\/span><\/a><a href=\"https:\/\/ucm.one\/de\/2024\/03\/10\/\" title=\"01:15\" class=\"data-link\" rel=\"bookmark\"><time class=\"entry-date updated\" datetime=\"2024-03-10T01:15:28+00:00\">10. M\u00e4rz 2024<\/time><\/a><\/div>\n\t<div class=\"entry-excerpt\"><p>[vc_row][vc_column][vc_column_text]Im Filmtheater Metropolis (Kleine Theaterstra\u00dfe 10, 20354 Hamburg) wird am 10. M\u00e4rz 2024 um 17.00 Uhr der Film \u201eDer Pfarrer von St. Pauli\u201c gezeigt. Der Filmklassiker vermittelt den Zeitgeist und die Atmosph\u00e4re der 70er Jahre auf dem Hamburger Kiez. Schlu\u0308sselszenen wurden in der Kirche St. Joseph auf der Gro\u00dfen Freiheit gedreht. Curd Ju\u0308rgens verk\u00f6rpert sehr&hellip;<\/p>\n<\/div>\n\t\n<a href=\"https:\/\/ucm.one\/de\/im-filmtheater-metropolis-in-hamburg-wird-heute-um-17-00-uhr-der-film-der-pfarrer-von-st-pauli-gezeigt\/\" class=\"post-details details-type-link\" aria-label=\"Read more about \ud83c\udfac Im Filmtheater Metropolis in Hamburg wird heute der Film \u201eDer Pfarrer von St. Pauli\u201c in Anwesenheit des &#8222;echten Pfarrers&#8220; gezeigt\">Mehr lesen<i class=\"dt-icon-the7-arrow-03\" aria-hidden=\"true\"><\/i><\/a>\n\n<\/div><\/article><\/div><div class=\"visible wf-cell\" data-post-id=\"84185\" data-date=\"2022-12-16T14:34:00+00:00\" data-name=\"\ud83c\udfac Ab heute als Mediabook, Blu-Ray, DVD und VoD erh\u00e4ltlich: &quot;K\u00e4pt\u2018n Rauhbein aus St. Pauli&quot; mit Curd J\u00fcrgens\"><article class=\"post project-odd visible post-84185 type-post status-publish format-standard has-post-thumbnail hentry category-film category-filmklassiker category-news category-u1-films-berlin category-u8-films-berlin tag-angelika-ott tag-christine-schuberth tag-curd-juergens tag-elisabeth-flickenschildt tag-friedrich-joloff tag-fritz-tillmann tag-heinz-reincke tag-herbert-fleischmann tag-johanna-von-koczian tag-kaeptn-rauhbein-aus-st-pauli tag-rolf-olsen tag-sieghardt-rupp tag-u8-films-berlin-de category-8 category-7004 category-13 category-8294 category-8304\" data-name=\"\ud83c\udfac Ab heute als Mediabook, Blu-Ray, DVD und VoD erh\u00e4ltlich: &#8222;K\u00e4pt\u2018n Rauhbein aus St. Pauli&#8220; mit Curd J\u00fcrgens\" data-date=\"2022-12-16T14:34:00+00:00\">\n\n<div class=\"post-thumbnail-wrap\">\n\t<div class=\"post-thumbnail\">\n\t\t\n\t\t\n\t\t<a href=\"https:\/\/ucm.one\/de\/ab-heute-als-mediabook-blu-ray-dvd-und-vod-erhaeltlich-kaeptn-rauhbein-aus-st-pauli-mit-curd-juergens\/\" class=\"post-thumbnail-rollover layzr-bg layzr-bg\" ><img decoding=\"async\" class=\"iso-lazy-load preload-me iso-lazy-load aspect\" src=\"data:image\/svg+xml,%3Csvg%20xmlns%3D&#39;http%3A%2F%2Fwww.w3.org%2F2000%2Fsvg&#39;%20viewBox%3D&#39;0%200%20990%20309&#39;%2F%3E\" data-src=\"https:\/\/ucm.one\/wp-content\/uploads\/2022\/12\/B-Kaeptn-Rauhbein-aus-St.-Pauli-990x309.jpg\" data-srcset=\"https:\/\/ucm.one\/wp-content\/uploads\/2022\/12\/B-Kaeptn-Rauhbein-aus-St.-Pauli-990x309.jpg 990w, https:\/\/ucm.one\/wp-content\/uploads\/2022\/12\/B-Kaeptn-Rauhbein-aus-St.-Pauli-1485x464.jpg 1485w\" loading=\"eager\" style=\"--ratio: 990 \/ 309\" sizes=\"(max-width: 990px) 100vw, 990px\" alt=\"\" title=\"B K\u00e4ptn Rauhbein aus St. Pauli\" width=\"990\" height=\"309\"  \/><\/a>\t<\/div>\n<\/div>\n\n\n<div class=\"post-entry-content\">\n\n\t<h3 class=\"entry-title\">\n\t\t<a href=\"https:\/\/ucm.one\/de\/ab-heute-als-mediabook-blu-ray-dvd-und-vod-erhaeltlich-kaeptn-rauhbein-aus-st-pauli-mit-curd-juergens\/\" title=\"\ud83c\udfac Ab heute als Mediabook, Blu-Ray, DVD und VoD erh\u00e4ltlich: &#8222;K\u00e4pt\u2018n Rauhbein aus St. Pauli&#8220; mit Curd J\u00fcrgens\" rel=\"bookmark\">\ud83c\udfac Ab heute als Mediabook, Blu-Ray, DVD und VoD erh\u00e4ltlich: &#8222;K\u00e4pt\u2018n Rauhbein aus St. Pauli&#8220; mit Curd J\u00fcrgens<\/a>\n\t<\/h3>\n\n\t<div class=\"entry-meta\"><span class=\"category-link\"><a href=\"https:\/\/ucm.one\/de\/category\/news\/film\/\" >Film<\/a>, <a href=\"https:\/\/ucm.one\/de\/category\/news\/filmklassiker\/\" >Filmklassiker<\/a>, <a href=\"https:\/\/ucm.one\/de\/category\/news\/\" >News<\/a>, <a href=\"https:\/\/ucm.one\/de\/category\/news\/film\/u1-films-berlin\/\" >U1 Films Berlin<\/a>, <a href=\"https:\/\/ucm.one\/de\/category\/news\/film\/u1-films-berlin\/u8-films-berlin\/\" >U8 Films Berlin<\/a><\/span><a class=\"author vcard\" href=\"\" title=\"Zeige alle Beitr\u00e4ge von Joachim Keil\" rel=\"author\">Von <span class=\"fn\">Joachim Keil<\/span><\/a><a href=\"https:\/\/ucm.one\/de\/2022\/12\/16\/\" title=\"14:34\" class=\"data-link\" rel=\"bookmark\"><time class=\"entry-date updated\" datetime=\"2022-12-16T14:34:00+00:00\">16. Dezember 2022<\/time><\/a><\/div>\n\t<div class=\"entry-excerpt\"><p>[vc_row][vc_column][vc_column_text]Der Film &#8222;K\u00e4pt\u2019n Rauhbein aus St. Pauli&#8220;\u00a0entstand vom 19. April bis zum 1. Juni 1971 in Hamburg, an der Nordsee und an Schaupl\u00e4tzen in San Felice und Porto. UCM.ONE\u00a0bringt den Film von Regisseur Rolf Olsen\u00a0auf dem Label U8 Films Berlin\u00a0in Kooperation mit \u00a0moviemax nun\u00a0in der neuen in 4K abgetasteten und in Full-HD restaurierten Fassung als&hellip;<\/p>\n<\/div>\n\t\n<a href=\"https:\/\/ucm.one\/de\/ab-heute-als-mediabook-blu-ray-dvd-und-vod-erhaeltlich-kaeptn-rauhbein-aus-st-pauli-mit-curd-juergens\/\" class=\"post-details details-type-link\" aria-label=\"Read more about \ud83c\udfac Ab heute als Mediabook, Blu-Ray, DVD und VoD erh\u00e4ltlich: &#8222;K\u00e4pt\u2018n Rauhbein aus St. Pauli&#8220; mit Curd J\u00fcrgens\">Mehr lesen<i class=\"dt-icon-the7-arrow-03\" aria-hidden=\"true\"><\/i><\/a>\n\n<\/div><\/article><\/div><div class=\"visible wf-cell\" data-post-id=\"77802\" data-date=\"2022-10-07T18:51:05+00:00\" data-name=\"\ud83c\udfac &quot;Der Pfarrer von St. Pauli&quot; mit Curd J\u00fcrgens als Mediabook, Blu-Ray, DVD und bei VoD-Portalen erh\u00e4ltlich\"><article class=\"post project-odd visible post-77802 type-post status-publish format-standard has-post-thumbnail hentry category-film category-filmklassiker category-news category-u1-films-berlin category-u8-films-berlin tag-barbara-lass tag-carl-lange tag-christian-engelmann tag-christine-diersch tag-corny-collins tag-curd-juergens tag-der-pfarrer-von-st-pauli tag-gunther-stoll tag-heinz-reincke tag-horst-naumann tag-jean tag-klaus-hagen-latwesen tag-rolf-olsen tag-u8-films-berlin-de tag-walter-buschhof tag-werner-bruhns category-8 category-7004 category-13 category-8294 category-8304\" data-name=\"\ud83c\udfac &#8222;Der Pfarrer von St. Pauli&#8220; mit Curd J\u00fcrgens als Mediabook, Blu-Ray, DVD und bei VoD-Portalen erh\u00e4ltlich\" data-date=\"2022-10-07T18:51:05+00:00\">\n\n<div class=\"post-thumbnail-wrap\">\n\t<div class=\"post-thumbnail\">\n\t\t\n\t\t\n\t\t<a href=\"https:\/\/ucm.one\/de\/der-pfarrer-von-st-pauli-mit-curd-juergens-als-mediabook-blu-ray-dvd-und-bei-vod-portalen-erhaeltlich\/\" class=\"post-thumbnail-rollover layzr-bg layzr-bg\" ><img decoding=\"async\" class=\"iso-lazy-load preload-me iso-lazy-load aspect\" src=\"data:image\/svg+xml,%3Csvg%20xmlns%3D&#39;http%3A%2F%2Fwww.w3.org%2F2000%2Fsvg&#39;%20viewBox%3D&#39;0%200%20990%20309&#39;%2F%3E\" data-src=\"https:\/\/ucm.one\/wp-content\/uploads\/2022\/10\/Der-Pfarrer-von-St.-Pauli-Banner-Artwork-990x309.jpg\" data-srcset=\"https:\/\/ucm.one\/wp-content\/uploads\/2022\/10\/Der-Pfarrer-von-St.-Pauli-Banner-Artwork-990x309.jpg 990w, https:\/\/ucm.one\/wp-content\/uploads\/2022\/10\/Der-Pfarrer-von-St.-Pauli-Banner-Artwork-1485x464.jpg 1485w\" loading=\"eager\" style=\"--ratio: 990 \/ 309\" sizes=\"(max-width: 990px) 100vw, 990px\" alt=\"\" title=\"Der Pfarrer von St. Pauli Banner Artwork\" width=\"990\" height=\"309\"  \/><\/a>\t<\/div>\n<\/div>\n\n\n<div class=\"post-entry-content\">\n\n\t<h3 class=\"entry-title\">\n\t\t<a href=\"https:\/\/ucm.one\/de\/der-pfarrer-von-st-pauli-mit-curd-juergens-als-mediabook-blu-ray-dvd-und-bei-vod-portalen-erhaeltlich\/\" title=\"\ud83c\udfac &#8222;Der Pfarrer von St. Pauli&#8220; mit Curd J\u00fcrgens als Mediabook, Blu-Ray, DVD und bei VoD-Portalen erh\u00e4ltlich\" rel=\"bookmark\">\ud83c\udfac &#8222;Der Pfarrer von St. Pauli&#8220; mit Curd J\u00fcrgens als Mediabook, Blu-Ray, DVD und bei VoD-Portalen erh\u00e4ltlich<\/a>\n\t<\/h3>\n\n\t<div class=\"entry-meta\"><span class=\"category-link\"><a href=\"https:\/\/ucm.one\/de\/category\/news\/film\/\" >Film<\/a>, <a href=\"https:\/\/ucm.one\/de\/category\/news\/filmklassiker\/\" >Filmklassiker<\/a>, <a href=\"https:\/\/ucm.one\/de\/category\/news\/\" >News<\/a>, <a href=\"https:\/\/ucm.one\/de\/category\/news\/film\/u1-films-berlin\/\" >U1 Films Berlin<\/a>, <a href=\"https:\/\/ucm.one\/de\/category\/news\/film\/u1-films-berlin\/u8-films-berlin\/\" >U8 Films Berlin<\/a><\/span><a class=\"author vcard\" href=\"\" title=\"Zeige alle Beitr\u00e4ge von Joachim Keil\" rel=\"author\">Von <span class=\"fn\">Joachim Keil<\/span><\/a><a href=\"https:\/\/ucm.one\/de\/2022\/10\/07\/\" title=\"18:51\" class=\"data-link\" rel=\"bookmark\"><time class=\"entry-date updated\" datetime=\"2022-10-07T18:51:05+00:00\">7. Oktober 2022<\/time><\/a><\/div>\n\t<div class=\"entry-excerpt\"><p>[vc_row][vc_column][vc_column_text]Der\u00a0Film \u201cDer Pfarrer von St. Pauli\u201d\u00a0von Regisseur Rolf Olsen, sicherlich kein Werbefilme f\u00fcr die katholische Kirche, ist ab heute in der neuen in 4K abgetasteten und in Full-HD restaurierten Fassung auf den Label U8 Films Berlin\u00a0von UCM.ONE in Kooperation mit \u00a0moviemax\u00a0erh\u00e4ltlich.\u00a0Zitierte Bibelstellen sind eher ethischer Natur und verdeutlicht, dass Johannsen (Curd J\u00fcrgens) eine Ausnahmeerscheinung ist,&hellip;<\/p>\n<\/div>\n\t\n<a href=\"https:\/\/ucm.one\/de\/der-pfarrer-von-st-pauli-mit-curd-juergens-als-mediabook-blu-ray-dvd-und-bei-vod-portalen-erhaeltlich\/\" class=\"post-details details-type-link\" aria-label=\"Read more about \ud83c\udfac &#8222;Der Pfarrer von St. Pauli&#8220; mit Curd J\u00fcrgens als Mediabook, Blu-Ray, DVD und bei VoD-Portalen erh\u00e4ltlich\">Mehr lesen<i class=\"dt-icon-the7-arrow-03\" aria-hidden=\"true\"><\/i><\/a>\n\n<\/div><\/article><\/div><div class=\"visible wf-cell\" data-post-id=\"74841\" data-date=\"2022-08-26T15:01:11+00:00\" data-name=\"\ud83c\udfac &quot;Der Arzt von St. Pauli&quot; mit Curd J\u00fcrgens als Mediabook, Blu-Ray, DVD und bei VoD-Portalen erh\u00e4ltlich\"><article class=\"post project-odd visible post-74841 type-post status-publish format-standard has-post-thumbnail hentry category-film category-filmklassiker category-news category-u1-films-berlin category-u8-films-berlin tag-barbara-lass tag-carl-lange tag-christian-engelmann tag-christine-diersch tag-corny-collins tag-curd-juergens tag-der-pfarrer-von-st-pauli tag-gunther-stoll tag-heinz-reincke tag-horst-naumann tag-jean tag-klaus-hagen-latwesen tag-rolf-olsen tag-u8-films-berlin-de tag-walter-buschhof tag-werner-bruhns category-8 category-7004 category-13 category-8294 category-8304\" data-name=\"\ud83c\udfac &#8222;Der Arzt von St. Pauli&#8220; mit Curd J\u00fcrgens als Mediabook, Blu-Ray, DVD und bei VoD-Portalen erh\u00e4ltlich\" data-date=\"2022-08-26T15:01:11+00:00\">\n\n<div class=\"post-thumbnail-wrap\">\n\t<div class=\"post-thumbnail\">\n\t\t\n\t\t\n\t\t<a href=\"https:\/\/ucm.one\/de\/der-arzt-von-st-pauli-mit-curd-juergens-als-mediabook-blu-ray-dvd-und-bei-vod-portalen-erhaeltlich\/\" class=\"post-thumbnail-rollover layzr-bg layzr-bg\" ><img decoding=\"async\" class=\"iso-lazy-load preload-me iso-lazy-load aspect\" src=\"data:image\/svg+xml,%3Csvg%20xmlns%3D&#39;http%3A%2F%2Fwww.w3.org%2F2000%2Fsvg&#39;%20viewBox%3D&#39;0%200%20990%20309&#39;%2F%3E\" data-src=\"https:\/\/ucm.one\/wp-content\/uploads\/2022\/08\/Der-Arzt-von-St.-Pauli-Banner-Artwork-990x309.jpg\" data-srcset=\"https:\/\/ucm.one\/wp-content\/uploads\/2022\/08\/Der-Arzt-von-St.-Pauli-Banner-Artwork-990x309.jpg 990w, https:\/\/ucm.one\/wp-content\/uploads\/2022\/08\/Der-Arzt-von-St.-Pauli-Banner-Artwork-1485x464.jpg 1485w\" loading=\"eager\" style=\"--ratio: 990 \/ 309\" sizes=\"(max-width: 990px) 100vw, 990px\" alt=\"\" title=\"Der Arzt von St. Pauli Banner Artwork\" width=\"990\" height=\"309\"  \/><\/a>\t<\/div>\n<\/div>\n\n\n<div class=\"post-entry-content\">\n\n\t<h3 class=\"entry-title\">\n\t\t<a href=\"https:\/\/ucm.one\/de\/der-arzt-von-st-pauli-mit-curd-juergens-als-mediabook-blu-ray-dvd-und-bei-vod-portalen-erhaeltlich\/\" title=\"\ud83c\udfac &#8222;Der Arzt von St. Pauli&#8220; mit Curd J\u00fcrgens als Mediabook, Blu-Ray, DVD und bei VoD-Portalen erh\u00e4ltlich\" rel=\"bookmark\">\ud83c\udfac &#8222;Der Arzt von St. Pauli&#8220; mit Curd J\u00fcrgens als Mediabook, Blu-Ray, DVD und bei VoD-Portalen erh\u00e4ltlich<\/a>\n\t<\/h3>\n\n\t<div class=\"entry-meta\"><span class=\"category-link\"><a href=\"https:\/\/ucm.one\/de\/category\/news\/film\/\" >Film<\/a>, <a href=\"https:\/\/ucm.one\/de\/category\/news\/filmklassiker\/\" >Filmklassiker<\/a>, <a href=\"https:\/\/ucm.one\/de\/category\/news\/\" >News<\/a>, <a href=\"https:\/\/ucm.one\/de\/category\/news\/film\/u1-films-berlin\/\" >U1 Films Berlin<\/a>, <a href=\"https:\/\/ucm.one\/de\/category\/news\/film\/u1-films-berlin\/u8-films-berlin\/\" >U8 Films Berlin<\/a><\/span><a class=\"author vcard\" href=\"\" title=\"Zeige alle Beitr\u00e4ge von Joachim Keil\" rel=\"author\">Von <span class=\"fn\">Joachim Keil<\/span><\/a><a href=\"https:\/\/ucm.one\/de\/2022\/08\/26\/\" title=\"15:01\" class=\"data-link\" rel=\"bookmark\"><time class=\"entry-date updated\" datetime=\"2022-08-26T15:01:11+00:00\">26. August 2022<\/time><\/a><\/div>\n\t<div class=\"entry-excerpt\"><p>[vc_row][vc_column][vc_column_text] Der Film &#8222;Der Arzt von St. Pauli&#8220; von Regisseur Rolf Olsen ist ab heute in der neuen in 4K abgetasteten und in Full-HD restaurierten Fassung auf den Label U8 Films Berlin\u00a0von UCM.ONE in Kooperation mit \u00a0moviemax\u00a0erh\u00e4ltlich. Der starbesetzte Film mit Curd J\u00fcrgens (&#8222;Der Spion, der mich liebte&#8222;), Fritz Wepper (&#8222;Derrick&#8222;, &#8222;Der Kommissar&#8222;), Dieter Borsche&hellip;<\/p>\n<\/div>\n\t\n<a href=\"https:\/\/ucm.one\/de\/der-arzt-von-st-pauli-mit-curd-juergens-als-mediabook-blu-ray-dvd-und-bei-vod-portalen-erhaeltlich\/\" class=\"post-details details-type-link\" aria-label=\"Read more about \ud83c\udfac &#8222;Der Arzt von St. Pauli&#8220; mit Curd J\u00fcrgens als Mediabook, Blu-Ray, DVD und bei VoD-Portalen erh\u00e4ltlich\">Mehr lesen<i class=\"dt-icon-the7-arrow-03\" aria-hidden=\"true\"><\/i><\/a>\n\n<\/div><\/article><\/div><div class=\"visible wf-cell\" data-post-id=\"36010\" data-date=\"2019-11-16T13:10:41+00:00\" data-name=\"&quot;cinefest - XVI. Internationales Festival des deutschen Film-Erbes&quot; in Hamburg er\u00f6ffnet\"><article class=\"post project-odd visible post-36010 type-post status-publish format-standard has-post-thumbnail hentry category-artkeim category-darling-berlin category-edition-cinefest category-film category-filmklassiker category-news tag-bundesarchiv tag-cinefest tag-cinegraph tag-curd-juergens tag-defa tag-deutsches-filmerbe tag-die-endlose-nacht tag-edition-cinefest tag-festival tag-filmerbe tag-filmklassiker tag-gerhard-klingenberg tag-giovanni-spagnoletti tag-guenter-pfitzmann tag-hamburg tag-hannelore-elsner tag-hans-michael-bock tag-harald-leipnitz tag-hildegard-knef tag-ingrid-van-bergen tag-jo-herbst tag-jochen-wiedermann tag-karin-baal tag-karin-huebner tag-kommunales-kino-metropolis tag-metropolis tag-murnau-stiftung tag-pavla-ustinov tag-reinhold-schuenzel-preis tag-thomas-piper tag-ursela-monn tag-warum-die-ufos-den-salat-klauen tag-was-waere tag-wenn tag-will-tremper tag-wir-kellerkinder tag-wolfgang-gruner tag-wolfgang-neuss category-828 category-830 category-6979 category-8 category-7004 category-13\" data-name=\"&#8222;cinefest &#8211; XVI. Internationales Festival des deutschen Film-Erbes&#8220; in Hamburg er\u00f6ffnet\" data-date=\"2019-11-16T13:10:41+00:00\">\n\n<div class=\"post-thumbnail-wrap\">\n\t<div class=\"post-thumbnail\">\n\t\t\n\t\t\n\t\t<a href=\"https:\/\/ucm.one\/de\/cinefest-xvi-internationales-festival-des-deutschen-film-erbes-in-hamburg-eroeffnet\/\" class=\"post-thumbnail-rollover layzr-bg layzr-bg\" ><img decoding=\"async\" class=\"iso-lazy-load preload-me iso-lazy-load aspect\" src=\"data:image\/svg+xml,%3Csvg%20xmlns%3D&#39;http%3A%2F%2Fwww.w3.org%2F2000%2Fsvg&#39;%20viewBox%3D&#39;0%200%20990%20309&#39;%2F%3E\" data-src=\"https:\/\/ucm.one\/wp-content\/uploads\/2019\/11\/B-Cinefest-Nov-2019-Hamburg-990x309.jpg\" data-srcset=\"https:\/\/ucm.one\/wp-content\/uploads\/2019\/11\/B-Cinefest-Nov-2019-Hamburg-990x309.jpg 990w, https:\/\/ucm.one\/wp-content\/uploads\/2019\/11\/B-Cinefest-Nov-2019-Hamburg-1485x464.jpg 1485w\" loading=\"eager\" style=\"--ratio: 990 \/ 309\" sizes=\"(max-width: 990px) 100vw, 990px\" alt=\"\" title=\"B Cinefest Nov 2019 Hamburg\" width=\"990\" height=\"309\"  \/><\/a>\t<\/div>\n<\/div>\n\n\n<div class=\"post-entry-content\">\n\n\t<h3 class=\"entry-title\">\n\t\t<a href=\"https:\/\/ucm.one\/de\/cinefest-xvi-internationales-festival-des-deutschen-film-erbes-in-hamburg-eroeffnet\/\" title=\"&#8222;cinefest &#8211; XVI. Internationales Festival des deutschen Film-Erbes&#8220; in Hamburg er\u00f6ffnet\" rel=\"bookmark\">&#8222;cinefest &#8211; XVI. Internationales Festival des deutschen Film-Erbes&#8220; in Hamburg er\u00f6ffnet<\/a>\n\t<\/h3>\n\n\t<div class=\"entry-meta\"><span class=\"category-link\"><a href=\"https:\/\/ucm.one\/de\/category\/news\/film\/artkeim\/\" >Artkeim\u00b2<\/a>, <a href=\"https:\/\/ucm.one\/de\/category\/news\/film\/darling-berlin\/\" >Darling Berlin<\/a>, <a href=\"https:\/\/ucm.one\/de\/category\/news\/film\/artkeim\/edition-cinefest\/\" >Edition Cinefest<\/a>, <a href=\"https:\/\/ucm.one\/de\/category\/news\/film\/\" >Film<\/a>, <a href=\"https:\/\/ucm.one\/de\/category\/news\/filmklassiker\/\" >Filmklassiker<\/a>, <a href=\"https:\/\/ucm.one\/de\/category\/news\/\" >News<\/a><\/span><a class=\"author vcard\" href=\"\" title=\"Zeige alle Beitr\u00e4ge von Joachim Keil\" rel=\"author\">Von <span class=\"fn\">Joachim Keil<\/span><\/a><a href=\"https:\/\/ucm.one\/de\/2019\/11\/16\/\" title=\"13:10\" class=\"data-link\" rel=\"bookmark\"><time class=\"entry-date updated\" datetime=\"2019-11-16T13:10:41+00:00\">16. November 2019<\/time><\/a><\/div>\n\t<div class=\"entry-excerpt\"><p>[vc_row][vc_column][vc_column_text]Heute wird im Kommunalen Kino Metropolis (Kleine Theaterstr. 10) in Hamburg feierlich das diesj\u00e4hrige cinefest &#8211; XVI. Internationales Festival des deutschen Film-Erbes er\u00f6ffnet, welches vom 16. bis 24. November in Hamburg stattfinden.\u00a0UCM.ONE ist in diesem Jahr erstmalig als Partner mit dabei. Zuk\u00fcnftig werden cinefest und UCM.ONE regelm\u00e4\u00dfig auserlesene Filmperlen ver\u00f6ffentlichen, die im Rahmen des Festivals&hellip;<\/p>\n<\/div>\n\t\n<a href=\"https:\/\/ucm.one\/de\/cinefest-xvi-internationales-festival-des-deutschen-film-erbes-in-hamburg-eroeffnet\/\" class=\"post-details details-type-link\" aria-label=\"Read more about &#8222;cinefest &#8211; XVI. Internationales Festival des deutschen Film-Erbes&#8220; in Hamburg er\u00f6ffnet\">Mehr lesen<i class=\"dt-icon-the7-arrow-03\" aria-hidden=\"true\"><\/i><\/a>\n\n<\/div><\/article><\/div><div class=\"visible wf-cell\" data-post-id=\"19258\" data-date=\"2019-01-18T14:43:07+00:00\" data-name=\"UCM.ONE ver\u00f6ffentlich 80er Jahre Kom\u00f6die mit deutschen Weltstars auf dem Label Darling Berlin neu auf DVD und VoD\"><article class=\"post project-odd visible post-19258 type-post status-publish format-standard has-post-thumbnail hentry category-darling-berlin category-film category-filmklassiker category-news category-verleih tag-5210 tag-alexander-kerst tag-almut-eggert tag-antonia-dauphin tag-beate-hasenau tag-checkpoint-charly tag-curd-juergens tag-dan-van-husen tag-darling-berlin tag-darling-berlin-klassiker tag-ddr tag-edgar-froese tag-filmklassiker tag-gerd-duwner tag-guenter-pfitzmann tag-hansjuergen-pohland tag-heinz-freitag tag-henning-venske tag-herbert-fux tag-herbert-weissbach tag-hildegard-knef tag-ilse-page tag-jan-george tag-joachim-tennstedt tag-klaus-muenster tag-kurt-raab tag-mauer tag-moviemax tag-pavla-ustinov tag-peter-schlesinger tag-raimund-harmstorf tag-thomas-piper tag-tommi-piper tag-ufo tag-ursela-monn tag-uwe-paulsen tag-warum-die-ufos-den-salat-klauen category-830 category-8 category-7004 category-13 category-752\" data-name=\"UCM.ONE ver\u00f6ffentlich 80er Jahre Kom\u00f6die mit deutschen Weltstars auf dem Label Darling Berlin neu auf DVD und VoD\" data-date=\"2019-01-18T14:43:07+00:00\">\n\n<div class=\"post-thumbnail-wrap\">\n\t<div class=\"post-thumbnail\">\n\t\t\n\t\t\n\t\t<a href=\"https:\/\/ucm.one\/de\/ucm-one-veroeffentlich-80er-jahre-komoedie-mit-deutschen-weltstars-auf-dem-label-darling-berlin-neu-auf-dvd-und-vod\/\" class=\"post-thumbnail-rollover layzr-bg layzr-bg\" ><img decoding=\"async\" class=\"iso-lazy-load preload-me iso-lazy-load aspect\" src=\"data:image\/svg+xml,%3Csvg%20xmlns%3D&#39;http%3A%2F%2Fwww.w3.org%2F2000%2Fsvg&#39;%20viewBox%3D&#39;0%200%20990%20309&#39;%2F%3E\" data-src=\"https:\/\/ucm.one\/wp-content\/uploads\/2019\/01\/B-UFO-1901-990x309.jpg\" data-srcset=\"https:\/\/ucm.one\/wp-content\/uploads\/2019\/01\/B-UFO-1901-990x309.jpg 990w, https:\/\/ucm.one\/wp-content\/uploads\/2019\/01\/B-UFO-1901-1485x464.jpg 1485w\" loading=\"eager\" style=\"--ratio: 990 \/ 309\" sizes=\"(max-width: 990px) 100vw, 990px\" alt=\"\" title=\"B UFO 1901\" width=\"990\" height=\"309\"  \/><\/a>\t<\/div>\n<\/div>\n\n\n<div class=\"post-entry-content\">\n\n\t<h3 class=\"entry-title\">\n\t\t<a href=\"https:\/\/ucm.one\/de\/ucm-one-veroeffentlich-80er-jahre-komoedie-mit-deutschen-weltstars-auf-dem-label-darling-berlin-neu-auf-dvd-und-vod\/\" title=\"UCM.ONE ver\u00f6ffentlich 80er Jahre Kom\u00f6die mit deutschen Weltstars auf dem Label Darling Berlin neu auf DVD und VoD\" rel=\"bookmark\">UCM.ONE ver\u00f6ffentlich 80er Jahre Kom\u00f6die mit deutschen Weltstars auf dem Label Darling Berlin neu auf DVD und VoD<\/a>\n\t<\/h3>\n\n\t<div class=\"entry-meta\"><span class=\"category-link\"><a href=\"https:\/\/ucm.one\/de\/category\/news\/film\/darling-berlin\/\" >Darling Berlin<\/a>, <a href=\"https:\/\/ucm.one\/de\/category\/news\/film\/\" >Film<\/a>, <a href=\"https:\/\/ucm.one\/de\/category\/news\/filmklassiker\/\" >Filmklassiker<\/a>, <a href=\"https:\/\/ucm.one\/de\/category\/news\/\" >News<\/a>, <a href=\"https:\/\/ucm.one\/de\/category\/news\/verleih\/\" >Verleih<\/a><\/span><a class=\"author vcard\" href=\"\" title=\"Zeige alle Beitr\u00e4ge von Joachim Keil\" rel=\"author\">Von <span class=\"fn\">Joachim Keil<\/span><\/a><a href=\"https:\/\/ucm.one\/de\/2019\/01\/18\/\" title=\"14:43\" class=\"data-link\" rel=\"bookmark\"><time class=\"entry-date updated\" datetime=\"2019-01-18T14:43:07+00:00\">18. Januar 2019<\/time><\/a><\/div>\n\t<div class=\"entry-excerpt\"><p>[vc_row][vc_column width=&#8220;3\/4&#8243;][vc_column_text] &#8222;Warum die Ufos unseren Salat klauen (Checkpoint Charly)&#8220; ist der Titel einer 80er Jahre Berliner Science Fiction Kom\u00f6die von Hansj\u00fcrgen Pohland, die unser Film Label Darling Berlin in Kooperation mit moviemax neu auf DVD und VoD ver\u00f6ffentlicht. Neben Thomas\u00a0&#8222;Tommi&#8220; Piper und Ursula Monn in den Hauptrollen spielen deutsche Weltstars wie Hildegard Knef und&hellip;<\/p>\n<\/div>\n\t\n<a href=\"https:\/\/ucm.one\/de\/ucm-one-veroeffentlich-80er-jahre-komoedie-mit-deutschen-weltstars-auf-dem-label-darling-berlin-neu-auf-dvd-und-vod\/\" class=\"post-details details-type-link\" aria-label=\"Read more about UCM.ONE ver\u00f6ffentlich 80er Jahre Kom\u00f6die mit deutschen Weltstars auf dem Label Darling Berlin neu auf DVD und VoD\">Mehr lesen<i class=\"dt-icon-the7-arrow-03\" aria-hidden=\"true\"><\/i><\/a>\n\n<\/div><\/article><\/div><\/div><!-- iso-container|iso-grid --><\/div>[vc_empty_space height=&#8220;25px&#8220;][vc_btn title=&#8220;Alle News&#8220; style=&#8220;classic&#8220; align=&#8220;right&#8220; i_icon_fontawesome=&#8220;fas fa-newspaper&#8220; add_icon=&#8220;true&#8220; link=&#8220;url:https%3A%2F%2Fucm.one%2F%3Fs%3D%2522curd%2BJ%C3%BCrgens%2522%26lang%3Dde|title:Curd%20J%C3%BCrgens&#8220;][vc_empty_space height=&#8220;0px&#8220;][\/vc_column][\/vc_row][vc_row][vc_column][vc_separator color=&#8220;blue&#8220;][\/vc_column][\/vc_row][vc_row css=&#8220;.vc_custom_1518458873891{margin-top: 65px !important;}&#8220;][vc_column width=&#8220;1\/4&#8243;][vc_btn title=&#8220;U8 Films Berlin&#8220; style=&#8220;flat&#8220; size=&#8220;lg&#8220; align=&#8220;center&#8220; i_icon_fontawesome=&#8220;fas fa-arrow-right&#8220; button_block=&#8220;true&#8220; add_icon=&#8220;true&#8220; link=&#8220;url:https%3A%2F%2Fucm.one%2Fde%2Ffilm-labels%2Fu1-films-berlin%2F%23u8-films-berlin|title:U8%20Films%20Berlin&#8220;][\/vc_column][vc_column width=&#8220;1\/4&#8243;][vc_btn title=&#8220;Filmportal&#8220; style=&#8220;flat&#8220; color=&#8220;blue&#8220; size=&#8220;lg&#8220; align=&#8220;center&#8220; i_icon_fontawesome=&#8220;fas fa-film&#8220; button_block=&#8220;true&#8220; add_icon=&#8220;true&#8220; link=&#8220;url:https%3A%2F%2Fwww.filmportal.de%2Ffilm%2Fkaeptn-rauhbein-aus-st-pauli_a13f4bc13bb840169c52dd42fe248cd7|title:Filmportal|target:_blank&#8220;][\/vc_column][vc_column width=&#8220;1\/4&#8243;][vc_btn title=&#8220;IMDb&#8220; style=&#8220;flat&#8220; color=&#8220;blue&#8220; size=&#8220;lg&#8220; align=&#8220;center&#8220; i_icon_fontawesome=&#8220;fab fa-imdb&#8220; button_block=&#8220;true&#8220; add_icon=&#8220;true&#8220; link=&#8220;url:https%3A%2F%2Fwww.imdb.com%2Ftitle%2Ftt0067319%2F|title:IMDB|target:_blank&#8220;][\/vc_column][vc_column width=&#8220;1\/4&#8243;][vc_btn title=&#8220;Wikipedia&#8220; style=&#8220;flat&#8220; color=&#8220;blue&#8220; size=&#8220;lg&#8220; align=&#8220;center&#8220; i_icon_fontawesome=&#8220;fab fa-wikipedia-w&#8220; button_block=&#8220;true&#8220; add_icon=&#8220;true&#8220; link=&#8220;url:https%3A%2F%2Fde.wikipedia.org%2Fwiki%2FK%25C3%25A4pt%25E2%2580%2599n_Rauhbein_aus_St._Pauli|title:Wikipedia|target:_blank&#8220;][\/vc_column][\/vc_row][vc_row content_placement=&#8220;middle&#8220; bg_type=&#8220;grad&#8220; ult_hide_row=&#8220;ult_hide_row_value&#8220; ult_hide_row_large_screen=&#8220;large_screen&#8220; ult_hide_row_desktop=&#8220;desktop&#8220; css=&#8220;.vc_custom_1518701755537{margin-top: 0px !important;padding-top: -50px !important;}&#8220; bg_grad=&#8220;background: -webkit-gradient(linear, left top, left bottom, color-stop(0%, #E3E3E3), color-stop(0%, #FFFFFF), color-stop(6%, #FFFFFF), color-stop(7%, #FFFFFF), color-stop(50%, #FFFFFF));background: -moz-linear-gradient(top,#E3E3E3 0%,#FFFFFF 0%,#FFFFFF 6%,#FFFFFF 7%,#FFFFFF 50%);background: -webkit-linear-gradient(top,#E3E3E3 0%,#FFFFFF 0%,#FFFFFF 6%,#FFFFFF 7%,#FFFFFF 50%);background: -o-linear-gradient(top,#E3E3E3 0%,#FFFFFF 0%,#FFFFFF 6%,#FFFFFF 7%,#FFFFFF 50%);background: -ms-linear-gradient(top,#E3E3E3 0%,#FFFFFF 0%,#FFFFFF 6%,#FFFFFF 7%,#FFFFFF 50%);background: linear-gradient(top,#E3E3E3 0%,#FFFFFF 0%,#FFFFFF 6%,#FFFFFF 7%,#FFFFFF 50%);&#8220;][vc_column][vc_btn title=&#8220;Kontakt&#8220; style=&#8220;flat&#8220; color=&#8220;juicy-pink&#8220; size=&#8220;lg&#8220; align=&#8220;center&#8220; i_icon_fontawesome=&#8220;far fa-envelope&#8220; button_block=&#8220;true&#8220; add_icon=&#8220;true&#8220; link=&#8220;url:https%3A%2F%2Fucm.one%2Fde%2Ffirma%2Fkontakt%2F|title:Kontakt&#8220;][\/vc_column][\/vc_row]<\/p>\n<\/div>","protected":false},"excerpt":{"rendered":"<p>[vc_row css=&#8220;.vc_custom_1561374765584{margin-top: 20px !important;}&#8220;][vc_column width=&#8220;3\/4&#8243; css=&#8220;.vc_custom_1561378576831{padding-right: 30px !important;}&#8220;][vc_column_text] K\u00e4pt\u00b4n Rauhbein aus St. Pauli: [\/vc_column_text][vc_column_text]Bei\u00a0&#8222;K\u00e4pt\u00b4n Rauhbein aus St. Pauli&#8220; st\u00fcrzt sich Kapit\u00e4n Markus Jolly (Curd J\u00fcrgens) in unfreiwillige Abenteuer: er sticht nicht nur in die S\u00fcdsee, sondern versucht auch eine Gangsterbande \u00fcbers Knie zu legen, die dringend ben\u00f6tige Medikamente gestohlen hat. An seiner Seite immer mit&hellip;<\/p>\n","protected":false},"author":2,"featured_media":82253,"parent":0,"menu_order":2,"comment_status":"closed","ping_status":"closed","template":"","meta":{"_acf_changed":false,"footnotes":""},"class_list":["post-77050","page","type-page","status-publish","has-post-thumbnail","hentry","description-off"],"acf":[],"yoast_head":"<!-- This site is optimized with the Yoast SEO plugin v27.5 - https:\/\/yoast.com\/product\/yoast-seo-wordpress\/ -->\n<title>K\u00e4pt\u00b4n Rauhbein aus St. Pauli von Rolf Olsen<\/title>\n<meta name=\"description\" content=\"UCM.ONE ver\u00f6ffentlicht auf dem Label U8 Films Berlin in Kooperation mit moviemax den Film &quot;K\u00e4pt\u00b4n Rauhbein aus St. Pauli&quot;.\" \/>\n<meta name=\"robots\" content=\"index, follow, max-snippet:-1, max-image-preview:large, max-video-preview:-1\" \/>\n<link rel=\"canonical\" href=\"https:\/\/ucm.one\/de\/kaeptn-rauhbein-aus-st-pauli\/\" \/>\n<meta property=\"og:locale\" content=\"de_DE\" \/>\n<meta property=\"og:type\" content=\"article\" \/>\n<meta property=\"og:title\" content=\"Der Pfarrer von St. Pauli (1970) von Rolf Olson\" \/>\n<meta property=\"og:description\" content=\"UCM.ONE ver\u00f6ffentlicht auf dem Label U8 Films Berlin in Kooperation mit moviemax den Film &quot;Der Pfarrer von St. Pauli&quot;.\" \/>\n<meta property=\"og:url\" content=\"https:\/\/ucm.one\/de\/kaeptn-rauhbein-aus-st-pauli\/\" \/>\n<meta property=\"og:site_name\" content=\"UCM.ONE\" \/>\n<meta property=\"article:modified_time\" content=\"2023-04-05T12:02:49+00:00\" \/>\n<meta property=\"og:image\" content=\"https:\/\/ucm.one\/wp-content\/uploads\/2022\/09\/C-Kaeptn-Rauhbein-2D-ohneFSK.jpg\" \/>\n<meta name=\"twitter:card\" content=\"summary_large_image\" \/>\n<meta name=\"twitter:title\" content=\"Der Pfarrer von St. Pauli (1970) von Rolf Olson\" \/>\n<meta name=\"twitter:description\" content=\"UCM.ONE ver\u00f6ffentlicht auf dem Label U8 Films Berlin in Kooperation mit moviemax den Film &quot;Der Pfarrer von St. Pauli&quot;.\" \/>\n<meta name=\"twitter:image\" content=\"https:\/\/ucm.one\/wp-content\/uploads\/2022\/09\/C-Kaeptn-Rauhbein-2D-ohneFSK.jpg\" \/>\n<meta name=\"twitter:label1\" content=\"Gesch\u00e4tzte Lesezeit\" \/>\n\t<meta name=\"twitter:data1\" content=\"28\u00a0Minuten\" \/>\n<!-- \/ Yoast SEO plugin. -->","yoast_head_json":{"title":"K\u00e4pt\u00b4n Rauhbein aus St. Pauli von Rolf Olsen","description":"UCM.ONE ver\u00f6ffentlicht auf dem Label U8 Films Berlin in Kooperation mit moviemax den Film \"K\u00e4pt\u00b4n Rauhbein aus St. Pauli\".","robots":{"index":"index","follow":"follow","max-snippet":"max-snippet:-1","max-image-preview":"max-image-preview:large","max-video-preview":"max-video-preview:-1"},"canonical":"https:\/\/ucm.one\/de\/kaeptn-rauhbein-aus-st-pauli\/","og_locale":"de_DE","og_type":"article","og_title":"Der Pfarrer von St. Pauli (1970) von Rolf Olson","og_description":"UCM.ONE ver\u00f6ffentlicht auf dem Label U8 Films Berlin in Kooperation mit moviemax den Film \"Der Pfarrer von St. Pauli\".","og_url":"https:\/\/ucm.one\/de\/kaeptn-rauhbein-aus-st-pauli\/","og_site_name":"UCM.ONE","article_modified_time":"2023-04-05T12:02:49+00:00","og_image":[{"url":"https:\/\/ucm.one\/wp-content\/uploads\/2022\/09\/C-Kaeptn-Rauhbein-2D-ohneFSK.jpg","type":"","width":"","height":""}],"twitter_card":"summary_large_image","twitter_title":"Der Pfarrer von St. Pauli (1970) von Rolf Olson","twitter_description":"UCM.ONE ver\u00f6ffentlicht auf dem Label U8 Films Berlin in Kooperation mit moviemax den Film \"Der Pfarrer von St. Pauli\".","twitter_image":"https:\/\/ucm.one\/wp-content\/uploads\/2022\/09\/C-Kaeptn-Rauhbein-2D-ohneFSK.jpg","twitter_misc":{"Gesch\u00e4tzte Lesezeit":"28\u00a0Minuten"},"schema":{"@context":"https:\/\/schema.org","@graph":[{"@type":"WebPage","@id":"https:\/\/ucm.one\/de\/kaeptn-rauhbein-aus-st-pauli\/","url":"https:\/\/ucm.one\/de\/kaeptn-rauhbein-aus-st-pauli\/","name":"K\u00e4pt\u00b4n Rauhbein aus St. Pauli von Rolf Olsen","isPartOf":{"@id":"https:\/\/ucm.one\/de\/#website"},"primaryImageOfPage":{"@id":"https:\/\/ucm.one\/de\/kaeptn-rauhbein-aus-st-pauli\/#primaryimage"},"image":{"@id":"https:\/\/ucm.one\/de\/kaeptn-rauhbein-aus-st-pauli\/#primaryimage"},"thumbnailUrl":"https:\/\/ucm.one\/wp-content\/uploads\/2022\/11\/P-Kaethn-Rauhbein.jpg","datePublished":"2022-10-04T11:19:21+00:00","dateModified":"2023-04-05T12:02:49+00:00","description":"UCM.ONE ver\u00f6ffentlicht auf dem Label U8 Films Berlin in Kooperation mit moviemax den Film \"K\u00e4pt\u00b4n Rauhbein aus St. Pauli\".","breadcrumb":{"@id":"https:\/\/ucm.one\/de\/kaeptn-rauhbein-aus-st-pauli\/#breadcrumb"},"inLanguage":"de","potentialAction":[{"@type":"ReadAction","target":["https:\/\/ucm.one\/de\/kaeptn-rauhbein-aus-st-pauli\/"]}]},{"@type":"ImageObject","inLanguage":"de","@id":"https:\/\/ucm.one\/de\/kaeptn-rauhbein-aus-st-pauli\/#primaryimage","url":"https:\/\/ucm.one\/wp-content\/uploads\/2022\/11\/P-Kaethn-Rauhbein.jpg","contentUrl":"https:\/\/ucm.one\/wp-content\/uploads\/2022\/11\/P-Kaethn-Rauhbein.jpg","width":699,"height":1000},{"@type":"BreadcrumbList","@id":"https:\/\/ucm.one\/de\/kaeptn-rauhbein-aus-st-pauli\/#breadcrumb","itemListElement":[{"@type":"ListItem","position":1,"name":"Home","item":"https:\/\/ucm.one\/de\/"},{"@type":"ListItem","position":2,"name":"K\u00e4pt\u00b4n Rauhbein aus St. Pauli von Rolf Olsen | U8 Films Berlin"}]},{"@type":"WebSite","@id":"https:\/\/ucm.one\/de\/#website","url":"https:\/\/ucm.one\/de\/","name":"UCM.ONE","description":"","publisher":{"@id":"https:\/\/ucm.one\/de\/#organization"},"potentialAction":[{"@type":"SearchAction","target":{"@type":"EntryPoint","urlTemplate":"https:\/\/ucm.one\/de\/?s={search_term_string}"},"query-input":{"@type":"PropertyValueSpecification","valueRequired":true,"valueName":"search_term_string"}}],"inLanguage":"de"},{"@type":"Organization","@id":"https:\/\/ucm.one\/de\/#organization","name":"UCM.ONE","url":"https:\/\/ucm.one\/de\/","logo":{"@type":"ImageObject","inLanguage":"de","@id":"https:\/\/ucm.one\/de\/#\/schema\/logo\/image\/","url":"https:\/\/ucm.one\/wp-content\/uploads\/2019\/10\/UCM.ONE-Logo-RGB.svg","contentUrl":"https:\/\/ucm.one\/wp-content\/uploads\/2019\/10\/UCM.ONE-Logo-RGB.svg","width":1,"height":1,"caption":"UCM.ONE"},"image":{"@id":"https:\/\/ucm.one\/de\/#\/schema\/logo\/image\/"}}]}},"_links":{"self":[{"href":"https:\/\/ucm.one\/de\/wp-json\/wp\/v2\/pages\/77050","targetHints":{"allow":["GET"]}}],"collection":[{"href":"https:\/\/ucm.one\/de\/wp-json\/wp\/v2\/pages"}],"about":[{"href":"https:\/\/ucm.one\/de\/wp-json\/wp\/v2\/types\/page"}],"author":[{"embeddable":true,"href":"https:\/\/ucm.one\/de\/wp-json\/wp\/v2\/users\/2"}],"replies":[{"embeddable":true,"href":"https:\/\/ucm.one\/de\/wp-json\/wp\/v2\/comments?post=77050"}],"version-history":[{"count":0,"href":"https:\/\/ucm.one\/de\/wp-json\/wp\/v2\/pages\/77050\/revisions"}],"wp:featuredmedia":[{"embeddable":true,"href":"https:\/\/ucm.one\/de\/wp-json\/wp\/v2\/media\/82253"}],"wp:attachment":[{"href":"https:\/\/ucm.one\/de\/wp-json\/wp\/v2\/media?parent=77050"}],"curies":[{"name":"wp","href":"https:\/\/api.w.org\/{rel}","templated":true}]}}