{"id":67620,"date":"2022-04-27T21:24:03","date_gmt":"2022-04-27T21:24:03","guid":{"rendered":"https:\/\/ucm.one\/?page_id=67620"},"modified":"2025-05-09T12:20:08","modified_gmt":"2025-05-09T12:20:08","slug":"nachtblende","status":"publish","type":"page","link":"https:\/\/ucm.one\/de\/nachtblende\/","title":{"rendered":"Nachtblende (1975) von Andrzej \u017bu\u0142awski | Artkeim\u00b2"},"content":{"rendered":"<div class=\"wpb-content-wrapper\"><p>[vc_row css=&#8220;.vc_custom_1561374765584{margin-top: 20px !important;}&#8220;][vc_column width=&#8220;3\/4&#8243; css=&#8220;.vc_custom_1561378576831{padding-right: 30px !important;}&#8220;][vc_column_text]<\/p>\n<h1>Nachtblende<span style=\"color: #ffffff;\">:<\/span><\/h1>\n<p>[\/vc_column_text][vc_column_text]Der Film &#8222;<strong>Nachtblende<\/strong>&#8220; von <strong>Andrzej \u017bu\u0142awski\u00a0<\/strong>ist ein Highlights des franz\u00f6sischen Autorenkinos. Der Film basiert auf dem Roman &#8222;<em><strong>La nuit americaine<\/strong>&#8220;\u00a0<\/em>von <strong>Christopher Frank<\/strong>, wobei sich \u017bu\u0142awskis Drehbuch und Inszenierung stark von der Romanvorlage entfernen. Der Film ist mit <strong>Romy Schneider<\/strong>, <strong>Fabio Testi<\/strong>, <strong>Klaus Kinski<\/strong>\u00a0starbesetzt mit\u00a0Gr\u00f6\u00dfen des europ\u00e4ischen 70er-Jahre Kinos. <strong>Romy Schneider<\/strong> bekam f\u00fcr ihre Rolle 1976 den\u00a0<strong>C\u00e9sar<\/strong> f\u00fcr die beste weibliche Hauptrolle und wurde zudem 1975 beim <strong>Faro Island Filmfest\u00edval<\/strong> und beim <strong>Taormina International Film Festival<\/strong> als beste Darstellerin ausgezeichnet.<\/p>\n<div><\/div>\n<p>[\/vc_column_text][vc_column_text]<span style=\"font-size: 18pt;\">Inhalt des Films<\/span><\/p>\n<p style=\"font-weight: 400;\">Nadine Chevalier ist als Schauspielerin erfolglos. Zu Hause hat sie einen manisch-depressiven und impotenten Mann, den sie aber sehr liebt. Damit etwas Geld ins Haus kommt, l\u00e4sst sie sich auf ein schl\u00fcpfriges Gesch\u00e4ft ein: sie dreht Softpornos. Bei Dreharbeiten lernt sie den Fotografen Servais Mont kennen. Er verliebt sich sofort in sie, sie jedoch sucht allenfalls eine rein sexuelle Beziehung. Servais hat ebenfalls h\u00e4usliche Probleme: Sein Vater ist drogens\u00fcchtig und alkoholkrank, au\u00dferdem schuldet er der Mafia einen gro\u00dfen Geldbetrag. Servais m\u00f6chte ihm helfen und l\u00e4sst sich vom Mafia-Paten Mazelli daf\u00fcr einspannen, Fotoshootings mit jungen M\u00e4dchen durchzuf\u00fchren, um diese als Pornodarstellerinnen zu gewinnen.<\/p>\n<p>[\/vc_column_text][vc_row_inner][vc_column_inner width=&#8220;1\/2&#8243;][vc_single_image image=&#8220;67687&#8243; img_size=&#8220;full&#8220; onclick=&#8220;link_image&#8220;][\/vc_column_inner][vc_column_inner width=&#8220;1\/2&#8243;][vc_single_image image=&#8220;67690&#8243; img_size=&#8220;full&#8220; onclick=&#8220;link_image&#8220;][\/vc_column_inner][\/vc_row_inner][vc_column_text]Um eine Theaterauff\u00fchrung von Richard III zu finanzieren und Nadine darin eine Rolle zu verschaffen, leiht Servais sich weiteres Geld von der Mafia. Inzwischen macht ihm Nadine Avancen, die weist er aber zur\u00fcck, um ihre Ehe nicht zu zerst\u00f6ren. Das Theaterst\u00fcck Richard III wird von der Kritik verrissen und f\u00e4llt beim Publikum durch. Daraufhin zwingt man Servais, weiter f\u00fcr die Mafia zu arbeiten. Jacques, Nadines Ehemann, erf\u00e4hrt von der ganzen Geschichte und begeht Selbstmord. Servais weigert sich nun, weiterhin f\u00fcr die Mafia zu arbeiten, und wird fast totgeschlagen. Nadine kommt zu dem halbtoten Servais und erkl\u00e4rt ihm ihre Liebe.[\/vc_column_text][vc_column_text]<span style=\"font-size: 18pt;\">Produktionsgeschichte<\/span><\/p>\n<p style=\"font-weight: 400;\">Der Film wurde im Winter 1974\/75 sehr schnell abgedreht, die Handlung lie\u00df das zu. Regisseur <strong>Andrzej \u017bu\u0142awski<\/strong> baute Szenen ein, die ein Publikum in den 70er Jahren nur aus eindeutigen Softpornostreifen kannte. In einem dramatischen Film gab es so etwas bis dahin noch nicht. Die Folge war, dass die Kritik fast \u00fcberwiegend negativ ausfiel. Von Skandalfilm, Schweinerei und Porno-brutal war die Rede. Es gab aber auch sachliche Kritik. So schaffe es der Film, die Themen Geld, Liebe und schwierige existentielle Situationen miteinander zu vereinbaren. Er zeige auch, dass es au\u00dfer Geld, Sex und Liebe noch etwas anderes geben muss, wof\u00fcr es sich zu leben lohnt.<\/p>\n<p>[\/vc_column_text][vc_row_inner][vc_column_inner][vc_single_image image=&#8220;67664&#8243; img_size=&#8220;full&#8220; onclick=&#8220;link_image&#8220;][\/vc_column_inner][\/vc_row_inner][vc_column_text]<span style=\"font-size: 18pt;\">\u00dcber Regisseur\u00a0Andrzej \u017bu\u0142awski<\/span><\/p>\n<p style=\"font-weight: 400;\"><strong>Andrzej \u017bu\u0142awski<\/strong> wurde am 22. November 1940 in Lemberg in der heutigen Ukraine geboren. Die Kindheit verbrachte er im besetzten Polen in gro\u00dfer Armut. Seine j\u00fcngere Schwester verhungerte. Nach dem Krieg wurde sein Vater, <strong>Miros\u0142aw \u017bu\u0142awski<\/strong>, polnischer Diplomat in Paris und bei der <strong>UNESCO<\/strong>. Die Familie zog nach Paris. <strong>Andrzej \u017bu\u0142awski<\/strong> studierte an der <strong>Filmhochschule IDHEC<\/strong> in Paris und startete seine Filmkarriere in Polen als Regieassistent von <strong>Andrzej Wajda<\/strong>. Danach drehte er einige Filme f\u00fcr das polnische Fernsehen. Als die polnische Zensur seinen zweiten Kinofilm, \u201e<strong>Diabe\u0142<\/strong>\u201c, verbot, ging \u017bu\u0142awski wieder nach Frankreich zur\u00fcck. Dort war er mit seinem ersten Kinofilm, \u201e<strong>Nachtblende<\/strong>\u201c, sofort erfolgreich. Danach ging er wieder nach Polen und begann mit einem Mammutprojekt, der Verfilmung eines Sci-Fi-Romans seines Gro\u00dfonkels <strong>Jerzy \u017bu\u0142awski<\/strong>, \u201e<strong>Der silberne Planet<\/strong>\u201c. Diesen Film konnte er bis 1977 zu 80 Prozent fertig stellen, dann wurden die Dreharbeiten von den polnischen Beh\u00f6rden wieder gestoppt. Teile des abgedrehten Materials wurden vernichtet. Er konnte seinen Film erst 1989, nach der Demokratisierung Polens, fertigstellen.<\/p>\n<p>[\/vc_column_text][vc_column_text]<\/p>\n<p style=\"font-weight: 400;\">Man warf <strong>Andrzej \u017bu\u0142awski<\/strong> vor, Totalitarismus zu zeigen und dies auf die polnische Regierung zu projizieren. Wieder verlie\u00df \u017bu\u0142awski Polen in Richtung Paris.\u00a0Er heiratete Anfang der 70er Jahre die polnische Schauspielerin <strong>Ma\u0142gorzata Braunek<\/strong>, aus dieser Ehe ging sein Sohn <strong>Xawery \u017bu\u0142awski<\/strong>, der ebenfalls Filmregisseur wurde, hervor. Das Paar trennte sich und \u017bu\u0142awski hatte eine Reihe Aff\u00e4ren und Beziehungen, unter anderem mit der Schauspielerin <strong>Sophie Marceau<\/strong>, mit der er zehn Jahre liiert war und eine gemeinsame Tochter hat., und mit der Malerin <strong>Hanna Wolska<\/strong>, mit der er einen Sohn hat. \u017bu\u0142awski war auch als Drehbuchautor, Romanschriftsteller und Journalist t\u00e4tig. Er starb am 17. Februar 2016 in Warschau an einem Krebsleiden.<\/p>\n<p>[\/vc_column_text][vc_column_text css=&#8220;.vc_custom_1651180368649{margin-bottom: -15px !important;}&#8220;]<span style=\"font-size: 12pt;\">Filmografie (Auswahl)<\/span>[\/vc_column_text][vc_empty_space height=&#8220;35px&#8220;][vc_column_text css=&#8220;.vc_custom_1651103977897{margin-top: -15px !important;padding-top: 12px !important;padding-right: 12px !important;padding-bottom: 12px !important;padding-left: 12px !important;background-color: #efefef !important;border-radius: 5px !important;}&#8220;]<\/p>\n<table style=\"height: 97px; width: 100%; border-collapse: collapse;\">\n<tbody>\n<tr style=\"height: 45px;\">\n<td style=\"width: 18.75800256081946%; height: 18px;\">1971<\/td>\n<td style=\"width: 81.24199743918055%; height: 18px;\"><strong>Der dritte Teil der Nacht<\/strong><\/td>\n<\/tr>\n<tr style=\"height: 43px;\">\n<td style=\"width: 18.75800256081946%; height: 30px;\">1972<\/td>\n<td style=\"width: 81.24199743918055%; height: 30px;\"><strong>Diabe\u0142<\/strong><\/td>\n<\/tr>\n<tr style=\"height: 47px;\">\n<td style=\"width: 18.75800256081946%; height: 12px;\">1975<\/td>\n<td style=\"width: 81.24199743918055%; height: 12px;\"><strong>Nachtblende<\/strong><\/td>\n<\/tr>\n<tr style=\"height: 22px;\">\n<td style=\"width: 18.75800256081946%; height: 27px;\">1977-1989<\/td>\n<td style=\"width: 81.24199743918055%; height: 27px;\">\n<p style=\"font-weight: 400;\"><strong>Der silberne Planet<\/strong><\/p>\n<\/td>\n<\/tr>\n<tr style=\"height: 22px;\">\n<td style=\"width: 18.75800256081946%; height: 10px;\">1984<\/td>\n<td style=\"width: 81.24199743918055%; height: 10px;\"><strong>Die \u00f6ffentliche Frau<\/strong><\/td>\n<\/tr>\n<tr>\n<td style=\"width: 18.75800256081946%;\">1989<\/td>\n<td style=\"width: 81.24199743918055%;\"><strong>Meine N\u00e4chte sind sch\u00f6ner als deine Tage<\/strong><\/td>\n<\/tr>\n<tr>\n<td style=\"width: 18.75800256081946%;\">1989<\/td>\n<td style=\"width: 81.24199743918055%;\"><strong>Boris Godunow<\/strong><\/td>\n<\/tr>\n<tr>\n<td style=\"width: 18.75800256081946%;\">2003<\/td>\n<td style=\"width: 81.24199743918055%;\">\n<p style=\"font-weight: 400;\"><strong>Gef\u00e4hrliche Liebschaften<\/strong> (als Darsteller)<\/p>\n<\/td>\n<\/tr>\n<tr>\n<td style=\"width: 18.75800256081946%;\">2015<\/td>\n<td style=\"width: 81.24199743918055%;\">\n<p style=\"font-weight: 400;\"><strong>Cosmos<\/strong><\/p>\n<\/td>\n<\/tr>\n<\/tbody>\n<\/table>\n<p>[\/vc_column_text][vc_column_text]<\/p>\n<p>[\/vc_column_text][vc_row_inner][vc_column_inner][\/vc_column_inner][\/vc_row_inner][vc_column_text]<span style=\"font-size: 18pt;\">\u00dcber Romy Schneider<\/span><\/p>\n<p style=\"font-weight: 400;\"><strong>Romy Schneider<\/strong> wurde am 23. September 1938 in Wien unter ihrem b\u00fcrgerlichen Namen <strong>Rosemarie Magdalena Albach-Retty<\/strong> als Tochter des Schauspielerehepaares <strong>Wolf Albach-Retty<\/strong> und <strong>Magda Schneider<\/strong> geboren. Ihre Vorfahren v\u00e4terlicherseits geh\u00f6rten der ber\u00fchmten \u00f6sterreichischen Schauspielerdynastie <strong>Albach-Retty<\/strong> an. Diese reichte bis zu ihrem Ururgro\u00dfvater <strong>Adolf Retty<\/strong> (geb. 1821) zur\u00fcck. <strong>Romy Schneider<\/strong> wuchs am K\u00f6nigssee, im Ort Sch\u00f6nau, auf und besuchte dort ab 1944 die Volksschule. 1949 wechselte sie auf das M\u00e4dcheninternat Schloss Goldenstein bei Salzburg. Dort spielte sie h\u00e4ufig bei Schultheaterauff\u00fchrungen mit, wo sie ihre Leidenschaft f\u00fcr die Schauspielerei entdeckte. Im Juli 1953 sollte sie nach dem Schulabschluss der <em>\u201emittleren Reife\u201c<\/em> in K\u00f6ln eine Kunstschule besuchen, da man bei ihr ein Talent f\u00fcr die Malerei entdeckt hatte.<\/p>\n<p>[\/vc_column_text][vc_single_image image=&#8220;67631&#8243; img_size=&#8220;full&#8220; alignment=&#8220;center&#8220; onclick=&#8220;link_image&#8220;][vc_column_text]<\/p>\n<p style=\"font-weight: 400;\">Zu Gunsten ihrer ersten Filmrolle in \u201e<strong>Wenn der wei\u00dfe Flieder wieder bl\u00fcht<\/strong>\u201c verzichtete sie auf den Schulbesuch. <strong>Romy Schneider<\/strong> hatte diese Rolle auf Vorschlag ihrer Mutter <strong>Magda Schneider<\/strong> bekommen, die in dem Film die Hauptrolle \u00fcbernahm. In diesem Film feierte au\u00dfer <strong>Romy Schneider<\/strong> noch <strong>G\u00f6tz George<\/strong> sein Filmdeb\u00fct. Nach einigen weiteren, belanglosen Filmen spielte sie im Remake des <strong><em>Murnau-Klassikers<\/em><\/strong> von 1924 \u201e<strong>Der letzte Mann<\/strong>\u201c an der Seite von <strong>Hans Albers<\/strong> eine Rolle, die auch bei den Kritikern Aufmerksamkeit erregte.<\/p>\n<p>[\/vc_column_text][vc_column_text]<\/p>\n<p style=\"font-weight: 400;\">Mit der nun folgenden \u201e<strong>Sissi<\/strong>\u201c-Trilogie kam ihr internationaler Durchbruch. Bald wusste jeder in der Filmwelt, wer <strong>Romy Schneider<\/strong> war. Ihr Stiefvater <strong>Herbert Blatzheim<\/strong>, der zweite Mann von <strong>Magda Schneider<\/strong>, \u00fcbernahm ab 1955 ihr Management. Er dr\u00e4ngte sie zum zweiten <strong>Sissi<\/strong>-Film, eine Rolle, die <strong>Romy Schneider<\/strong> eigentlich nicht mehr spielen wollte.<\/p>\n<p>[\/vc_column_text][\/vc_column][vc_column width=&#8220;1\/4&#8243; css=&#8220;.vc_custom_1561379511981{margin-top: 10px !important;margin-bottom: 30px !important;background-color: #efefef !important;}&#8220;][vc_single_image image=&#8220;67621&#8243; img_size=&#8220;full&#8220; onclick=&#8220;link_image&#8220; css=&#8220;.vc_custom_1651092875053{padding-top: 15px !important;}&#8220;][vc_column_text css=&#8220;.vc_custom_1653145434978{margin-top: -10px !important;}&#8220;]<strong>Original Titel:\u00a0<\/strong><span lang=\"ES\">L\u2019important c\u2019est d\u2019aimer<\/span><\/p>\n<p><strong>Regie:\u00a0<\/strong>Andrzej \u017bu\u0142awski<\/p>\n<p><strong>Drehbuch:\u00a0<\/strong>Christopher Frank, Andrzej \u017bu\u0142awski<\/p>\n<p><strong>Schauspieler*innen:<\/strong> Romy Schneider, Fabio Testi, Jacques Dutronc, Claude Dauphin, Roger Blin, Gabrielle Doulcet, Michel Robin, Guy Mairesse, Katia Tchenko, Nicoletta Machiavelli, Klaus Kinski, Paul Bisciglia, Henri Coutet Henri Coutet, Sylvain Levignac, Andr\u00e9e Tainsy, Olga Val\u00e9ry, Jacques Boudet, Robert Dadi\u00e8s, Georges-Fr\u00e9deric Dehlen, Jack Jourdain, Claude Legros, Kira Potonie, Michel Such, Jacques Van Dooren Jacques Van Dooren, Nadia Vasil Nadia Vasil, Sin May Zao, G\u00e9rard Zimmermann<\/p>\n<p><strong>Produzenten: <\/strong>Albina du Boisrouvray, Wolfdieter von Stein, L\u00e9o L. Fuchs<\/p>\n<p><strong>Kamera:\u00a0<\/strong>Ricardo Aronovich<\/p>\n<p style=\"font-weight: 400;\"><strong>Schnitt:<\/strong> Christiane Lack<\/p>\n<p style=\"font-weight: 400;\"><strong>B\u00fchnenbild:<\/strong> Jean-Pierre Kohut-Svelko<\/p>\n<p><strong>Kost\u00fcme:<\/strong> Catherine Leterrier<\/p>\n<p><strong>Maske \/ Make-up:<\/strong> Massimo De Rossi, Didier Lavergne<\/p>\n<p><strong>Produktionsleitung:\u00a0<\/strong>Georges Casati<\/p>\n<p><strong>Produktionsassistenten:<\/strong> Daniel Deschamps, Alain Artur, Roland Godard<\/p>\n<p><strong>Filmarchitekt &amp; Bauten:<\/strong> Pierre Roudeix, Jean-Claude S\u00e9venet<\/p>\n<p><span lang=\"de\" tabindex=\"0\"><strong>Ton<\/strong>: Daniel Couteau, Jacques G\u00e9rardot, Maurice Laumain, Jean N\u00e9ny<\/span><\/p>\n<p><strong>Technik:<\/strong> Walter Bal, Jean-Pierre Fizet, Andrzej J. Jaroszewicz, Jacques Labesse, Flore Thulliez<\/p>\n<p><strong>Musik:\u00a0<\/strong> Georges Delerue<\/p>\n<p>&nbsp;<\/p>\n<p><strong>Produktion:\u00a0<\/strong>Albina du Boisrouvray, Rizzoli Film, T.I.T. Filmproduktion<\/p>\n<p><strong>Produktionsjahr:\u00a0<\/strong>1975<\/p>\n<p><strong>Genre:\u00a0<\/strong>Drama<\/p>\n<p><strong>L\u00e4nder:<\/strong>\u00a0Frankreich, Italien, Westdeutschland<\/p>\n<p><strong>Sprache<\/strong>: Franz\u00f6sisch<\/p>\n<p><strong>Synchronisation:<\/strong>\u00a0Englisch, Deutsch<\/p>\n<p><strong>Drehort: <\/strong>Paris (Frankreich)<\/p>\n<p><strong>L\u00e4nge:\u00a0<\/strong>109 Min<\/p>\n<p><strong>FSK:<\/strong>\u00a016<\/p>\n<p><strong>Seitenverh\u00e4ltnis:\u00a0<\/strong>1.66 : 1<\/p>\n<p><strong>Sound Mix<\/strong>: Mono<\/p>\n<p><strong>Aufl\u00f6sungen: <\/strong>4K (neue Abtastung 2021), Full-HD[\/vc_column_text][vc_separator color=&#8220;custom&#8220; accent_color=&#8220;#a0a0a0&#8243;][vc_column_text]<em>Weitere Titel:<\/em><\/p>\n<p><strong>Franz\u00f6sisch: <\/strong>La merci! (Arbeitstitel)<\/p>\n<p><strong>Italienisch:<\/strong> L&#8217;importante \u00e8 amare<\/p>\n<p><strong>Deutsch: <\/strong>Nachtblende<\/p>\n<p><strong>Englisch:\u00a0<\/strong>That Most Important Thing: Love<\/p>\n<p><strong>Spanisch:<\/strong> Lo importante es amar<\/p>\n<p><strong>Portugiesisch<\/strong>: O Importante \u00c9 Amar<\/p>\n<p><strong>Polnisch:<\/strong> Najwa\u017cniejsze to kocha\u0107<\/p>\n<p><strong>Ungarisch:<\/strong> A szeretet a legfontosabb<\/p>\n<p><strong>Griechisch:<\/strong> \u03a3\u03b7\u03bc\u03b1\u03c3\u03af\u03b1 \u03ad\u03c7\u03b5\u03b9 \u03bd&#8216; \u03b1\u03b3\u03b1\u03c0\u03ac\u03c2<\/p>\n<p><strong>T\u00fcrkisch:<\/strong> \u00d6nemli Olan Sevmek<\/p>\n<p><strong>Russisch:<\/strong> \u0413\u043b\u0430\u0432\u043d\u043e\u0435 &#8211; \u043b\u044e\u0431\u0438\u0442\u044c<\/p>\n<p><strong>Chinesisch (Mandarin):<\/strong> \u7231\u662f\u6700\u91cd\u8981\u7684\u4e8b[\/vc_column_text][vc_separator color=&#8220;custom&#8220; accent_color=&#8220;#a0a0a0&#8243;][vc_column_text]<em>Preise:<\/em><\/p>\n<p><strong>1975\u00a0Faro Island Film Festival<\/strong>: Golden Moon Award f\u00fcr die &#8222;Beste Schauspielerin&#8220; -&gt; Romy Schneider<\/p>\n<p><strong>1975\u00a0Taormina International Film Festival:<\/strong> Preis f\u00fcr die &#8222;Beste Schauspielerin&#8220; &gt; Romy Schneider<\/p>\n<p><strong>1976 Franz\u00f6sischer Filmpreis C\u00e9sar:<\/strong> C\u00e9sar f\u00fcr die &#8222;Beste Schauspielerin&#8220; -&gt; Romy Schneider[\/vc_column_text][vc_separator color=&#8220;custom&#8220; accent_color=&#8220;#a0a0a0&#8243;][vc_column_text]<strong>Filmlabel: <\/strong>Artkeim\u00b2 (Edition ParaSol Videoth\u00e8que)<\/p>\n<p><strong>Verleih:\u00a0<\/strong><span style=\"font-family: 'arial black', sans-serif;\"><strong>UCM.ONE<\/strong><\/span><\/p>\n<p><strong>Kinostart\u00a0Frankreich:<\/strong>\u00a012.02.1975<\/p>\n<p><strong>Kinostart Deutschland:<\/strong> 21.02.1975<\/p>\n<p><strong>Mediabook (Blu-Ray+DVD): <\/strong>29.04.2022[\/vc_column_text][\/vc_column][\/vc_row][vc_row][vc_column][vc_column_text]<\/p>\n<p style=\"font-weight: 400;\"><strong>Romy Schneider<\/strong> suchte nach k\u00fcnstlerisch anspruchsvollen Rollen. Trotzdem willigte sie ein, und so entstand 1956 \u201e<strong>Sissi, die junge Kaiserin<\/strong>\u201c. 1957 gelang es ihr, erstmals der Rolle des liebreizenden, braven deutschen Vorzeigem\u00e4dchen aus der Heimatfilmromantik zu entschl\u00fcpfen. Im Film \u201e<strong>Robinson soll nicht sterben<\/strong>\u201c spielte sie die Tochter einer Baumwollspinnerin aus der Unterschicht. Es war die erste Rolle, die sich <strong>Romy Schneider<\/strong> selber ausgesucht hatte. Ebenfalls 1957 widmete sich <strong>Romy Schneider<\/strong> einem v\u00f6llig anderen Projekt. Gemeinsam mit <strong>Herbert von Karajan<\/strong> entstand die Schallplattenproduktion \u201e<strong>Peter und der Wolf<\/strong>\u201c nach <strong>Sergei Prokofjew<\/strong>. <strong>Romy Schneider<\/strong> agierte als Erz\u00e4hlerin, <strong>Herbert von Karajan<\/strong> sorgte mit den <strong>Wiener Philharmonikern<\/strong> f\u00fcr die Musik. Dann folgten wieder mehrere Filmarbeiten, darunter auch die romantische Kom\u00f6die \u201e<strong>Scampolo<\/strong>\u201c, die ihr gro\u00dfe Anerkennung brachte. Mit sehr gro\u00dfem Widerwillen erf\u00fcllte sie ihren Vertrag f\u00fcr den dritten Teil der <strong><em>Sissi-Trilogie<\/em><\/strong>, \u201e<strong>Schicksalsjahre einer Kaiserin<\/strong>\u201c.<\/p>\n<p>[\/vc_column_text][vc_row_inner][vc_column_inner width=&#8220;1\/2&#8243;][vc_single_image image=&#8220;67739&#8243; img_size=&#8220;full&#8220; alignment=&#8220;center&#8220; onclick=&#8220;link_image&#8220;][\/vc_column_inner][vc_column_inner width=&#8220;1\/2&#8243;][vc_single_image image=&#8220;67719&#8243; img_size=&#8220;full&#8220; alignment=&#8220;center&#8220; onclick=&#8220;link_image&#8220;][\/vc_column_inner][\/vc_row_inner][vc_column_text]<\/p>\n<p style=\"font-weight: 400;\">Als sie erfuhr, dass ihr Stiefvater\u00a0<strong>Herbert Blatzheim<\/strong> mehrere Filmangebote, darunter die Remakes \u201e<strong>Die drei von der Tankstelle<\/strong>\u201c, \u201e<strong>Der Kongress tanzt<\/strong>\u201c ebenso wie ein Filmangebot des ber\u00fchmten spanisch-mexikanischen Filmregisseurs <strong>Luis Bu\u00f1uel<\/strong>, abgelehnt hatte, wurde <strong>Romy Schneider<\/strong> w\u00fctend. Au\u00dferdem scheiterte ein Angebot aus Hollywood an den von Blatzheim vorgegebenen Bedingungen. <strong>Romy Schneider<\/strong> nahm ihre schauspielerische Zukunft nun selbst in die Hand. Ihr n\u00e4chster Film, \u201e<strong>M\u00e4dchen in Uniform<\/strong>\u201c, mit vielen gro\u00dfen Schauspielerinnen wie <strong>Lilli Palmer<\/strong>, <strong>Therese Giehse<\/strong>, <strong>Sabine Sinjen<\/strong> und <strong>Christine Kaufmann<\/strong> brachte ihr die ersehnte Anerkennung als Charakterdarstellerin.\u00a0Mit dem Film \u201e<strong>Christine<\/strong>\u201c kam dann die komplette Wende in ihrem Leben.<\/p>\n<p>[\/vc_column_text][vc_column_text]<\/p>\n<p style=\"font-weight: 400;\">Nach Ende der Dreharbeiten verlie\u00df sie Deutschland gemeinsam mit Filmpartner <strong>Alain Delon<\/strong> und ging nach Paris. Dort drehte sie im selben Jahr 1959 noch drei weitere Filme, \u201eE<strong>in Engel auf Erden<\/strong>\u201c, \u201e<strong>Die sch\u00f6ne L\u00fcgnerin<\/strong>\u201c und \u201e<strong>Katja, die ungekr\u00f6nte Kaiserin<\/strong>\u201c. In den n\u00e4chsten Jahren spielte <strong>Romy Schneider<\/strong> haupts\u00e4chlich in Paris Theater. Einer ihrer Theaterregisseure war <strong>Luchino Visconti<\/strong>, vom dem sie viel lernte. 1962 \u00fcbernahm sie, ebenfalls unter <strong>Viscontis<\/strong> Regie, wieder eine Filmrolle in \u201e<strong>Boccaccio 70<\/strong>\u201c Nun folgten einige Rollen in Blockbustern wie \u201e<strong>Der Prozess<\/strong>\u201c, \u201e<strong>Der Sieger<\/strong>\u201c und \u201e<strong>Der Kardinal<\/strong>\u201c.<\/p>\n<p>[\/vc_column_text][vc_single_image image=&#8220;67679&#8243; img_size=&#8220;full&#8220; alignment=&#8220;center&#8220; onclick=&#8220;link_image&#8220;][vc_column_text]<\/p>\n<p style=\"font-weight: 400;\">In den 60er und 70er Jahren war <strong>Romy Schneider<\/strong> auf dem H\u00f6hepunkt ihrer Karriere. 1963 drehte sie in Hollywood neben <strong>Jack Lemmon<\/strong> die Kom\u00f6die \u201e<strong>Leih mir deinen Mann<\/strong>\u201c. Privat war das Jahr 1963 allerdings ein schlimmes Jahr. Ihre Beziehung mit <strong>Alain Delon<\/strong> ging in die Br\u00fcche. Als sie aus den USA zur\u00fcckkehrte, war er aus der gemeinsamen Wohnung bereits ausgezogen. Sie unternahm daraufhin einen Suizidversuch. Es folgte eine Auszeit. Erst ein Jahr sp\u00e4ter drehte sie mit Altmeister <strong>Henry-Georges Clouzot<\/strong> den Film \u201e<strong>Die H\u00f6lle<\/strong>\u201c. Aber das Pech blieb ihr zu dieser Zeit treu, da der Film nie fertig wurde. Erst erkrankte ihr Filmpartner <strong>Serge Reggiani<\/strong> schwer, dann erlitt Regisseur <strong>Clouzot<\/strong> einen Herzinfarkt. 1965 folgte dann einer ihrer erfolgreichsten Filme, \u201e<strong>Was gibt\u00b4s Neues, Pussy?<\/strong>\u201c nach einem Drehbuch von <strong>Woody Allen<\/strong>. Bei einem Besuch in Deutschland lernte sie den Schauspieler und Regisseur <strong>Harry Meyen<\/strong> kennen, die beiden wurden ein Paar. W\u00e4hrend der Dreharbeiten zum Film \u201e<strong>Spion zwischen zwei Fronten<\/strong>\u201c 1966 heirateten <strong>Romy Schneider<\/strong> und <strong>Harry Meyen<\/strong>. Im Dezember desselben Jahres kam der gemeinsame Sohn David zur Welt.<\/p>\n<p>[\/vc_column_text][vc_row_inner][vc_column_inner width=&#8220;1\/3&#8243;][vc_single_image image=&#8220;68033&#8243; img_size=&#8220;full&#8220; alignment=&#8220;center&#8220; onclick=&#8220;link_image&#8220;][\/vc_column_inner][vc_column_inner width=&#8220;1\/3&#8243;][vc_single_image image=&#8220;68036&#8243; img_size=&#8220;full&#8220; alignment=&#8220;center&#8220; onclick=&#8220;link_image&#8220;][\/vc_column_inner][vc_column_inner width=&#8220;1\/3&#8243;][vc_single_image image=&#8220;68039&#8243; img_size=&#8220;full&#8220; alignment=&#8220;center&#8220; onclick=&#8220;link_image&#8220;][\/vc_column_inner][\/vc_row_inner][vc_column_text]<\/p>\n<p style=\"font-weight: 400;\">In den folgenden zwei Jahren widmete sich <strong>Romy Schneider<\/strong> ausschlie\u00dflich ihrer Aufgabe als Ehefrau und Mutter, erst 1968 begann sie wieder zu drehen. 1969 spielte sie im Film \u201e<strong>Der Swimmingpool<\/strong>\u201c wieder an der Seite ihres Ex-Liebhabers <strong>Alain Delon<\/strong>. Der Film wurde einer ihrer gr\u00f6\u00dften Erfolge. In den 70er Jahren folgten eine Reihe von Filmen, darunter so bekannte und erfolgreiche wie \u201e<strong>Das wilde Schaf<\/strong>\u201c, \u201eT<strong>rio Infernal<\/strong>\u201c, \u201e<strong>Das alte Gewehr<\/strong>&#8220; (aka &#8222;<strong>Abschied in der Nacht<\/strong>\u201c) und \u201e<strong>Nachtblende<\/strong>\u201c. 1975 wurde die Ehe mit <strong>Harry Meyen<\/strong> geschieden. Zu diesem Zeitpunkt war <strong>Romy Schneider<\/strong> bereits mit <strong>Daniel Biasini<\/strong>, ihrem Privatsekret\u00e4r liiert, den sie noch im selben Jahr heiratete. Nach der Geburt ihrer Tochter Sarah drehte sie 1978 mit dem Film \u201e<strong>Eine einfache Geschichte<\/strong>\u201c einen ihrer erfolgreichsten Filme \u00fcberhaupt. Von nun an ging es in ihrem Leben jedoch nur noch bergab. Ihr Ex-Mann <strong>Harry Meyen<\/strong> erh\u00e4ngte sich 1979. Mit dem Film \u201e<strong>Der verkaufte Tod<\/strong>\u201c verscherzte sich <strong>Romy Schneider<\/strong> viele Sympathien bei ihren Fans: Es war die Geschichte einer kranken, dem Tod geweihten Frau, die die Rechte an ihrem Tod einer Fernsehgesellschaft zur \u00dcbertragung verkaufte. Dieser Film errang zwar einige Auszeichnungen, fiel aber beim Publikum durch. Bei den Dreharbeiten zu drei weiteren Filmen gab es immer wieder Probleme wegen \u00fcberm\u00e4\u00dfigen Alkoholgenusses. Sie erschien mehrfach betrunken am Set oder sie erschien gar nicht.<\/p>\n<p>[\/vc_column_text][vc_column_text]<\/p>\n<p style=\"font-weight: 400;\">Am 5. Juli 1981 verungl\u00fcckte ihr Sohn <strong>David<\/strong> t\u00f6dlich. Dieses Ereignis warf sie v\u00f6llig aus der Bahn. Ihre zweite Ehe mit <strong>Daniel Biasini<\/strong> war am Ende und wurde geschieden. <strong>Romy Schneider<\/strong> musste sich au\u00dferdem einer schweren Nierenoperation unterziehen. Ihren v\u00f6lligen Absturz verhinderte ihr neuer Liebhaber <strong>Laurent Petin<\/strong>. Er gab ihr wieder etwas Halt. Regisseur <strong>Jacques Rouffio<\/strong> \u00fcberredete sie zu einem weiteren Film, \u201e<strong>Die Spazierg\u00e4ngerin von Sans-Souci<\/strong>\u201c. Es sollte ihr letzter Film werden. In der Nacht zum 29. Mai 1982 starb sie an den Folgen \u00fcberm\u00e4\u00dfigen Tablettenkonsums. Der Tod war laut den Untersuchungen der Beh\u00f6rden kein Suizid, sondern eine Folge ihrer Tabletten und Alkoholsucht. <strong>Romy Schneider<\/strong> wurde auf dem Friedhof des kleinen Dorfes Boissy-sans-Avoir, ihrem letzten Wohnort, beigesetzt. <strong>Alain Delon<\/strong> hatte ihre Beerdigung organisiert.<\/p>\n<p>[\/vc_column_text][vc_column_text]<span style=\"font-size: 18pt;\">\u00dcber Fabio Testi<\/span><\/p>\n<p style=\"font-weight: 400;\">Der italienische S\u00e4nger und Schauspieler <strong>Fabio Testi<\/strong> wurde am 2. August 1941 in Peschiera del Garda in der Provinz Verona (Italien) geboren. Er begann beim Film als Stuntman und spielte in den 60er Jahren in diversen Italowestern und Kriegsfilmen meistens in kleineren Rollen. Regisseur <strong>Sergio Leone<\/strong> gab ihm dann eine kleinere Rolle in seinem Meisterwerk \u201e<strong>Spiel mir das Lied vom Tod<\/strong>\u201c. <strong>Vittorio De Sica<\/strong> besetzte ihn 1970 in dem antifaschistischen Film \u201c<strong>Der Garten der Finzi Contini<\/strong>\u201c. Diese Rolle sorgte f\u00fcr Testis internationalen Durchbruch. Er wurde nun \u00f6fters in internationalen Produktionen besetzt.<\/p>\n<p>[\/vc_column_text][vc_row_inner][vc_column_inner width=&#8220;1\/2&#8243;][vc_single_image image=&#8220;67743&#8243; img_size=&#8220;full&#8220; alignment=&#8220;center&#8220; onclick=&#8220;link_image&#8220;][\/vc_column_inner][vc_column_inner width=&#8220;1\/2&#8243;][vc_single_image image=&#8220;67746&#8243; img_size=&#8220;full&#8220; alignment=&#8220;center&#8220; onclick=&#8220;link_image&#8220;][\/vc_column_inner][\/vc_row_inner][vc_column_text]In den 1980er Jahren arbeitete \u00fcberwiegend f\u00fcr das italienische Fernsehen. <strong>Fabio Testi<\/strong> ist in Italien auch heute noch als S\u00e4nger bekannt. Als Duettpartner von <strong>Raffaella Cara<\/strong> hatte er in Italien mehrere Hits.[\/vc_column_text][vc_column_text]<span style=\"font-size: 18pt;\">\u00dcber\u00a0Jacques Dutronc<\/span><\/p>\n<p style=\"font-weight: 400;\"><strong>Jacques Dutronc<\/strong> wurde<span style=\"font-size: 12pt;\">\u00a0<\/span>am 28. April 1943 in Paris geboren. Seine erste gro\u00dfe Karriere war die eines S\u00e4ngers, Musikers und Songschreibers. Von 1966 bis 2003 ver\u00f6ffentlichte <strong>Jacques Dutronc<\/strong> \u00fcber 20 Musikalben und verkaufte 1,2 Millionen Tontr\u00e4ger. Erst 1973 \u00fcbernahm er seine erste Rolle in einem Kinofilm. Er wurde von den gro\u00dfen Regisseuren des franz\u00f6sischen Kinos wie <strong>Sautet<\/strong>, <strong>Rouffio<\/strong>, <strong>Godard<\/strong>, <strong>Chabrol<\/strong> oder <strong>\u017bu\u0142awski<\/strong> in Filmen besetzt und erhielt eine Reihe von Auszeichnungen. Seine gr\u00f6\u00dfte Rolle war die des holl\u00e4ndischen Malers <em>Vincent van Gogh<\/em>, f\u00fcr die er 1992 einen <strong>C\u00e9sar<\/strong> erhielt.<\/p>\n<p>[\/vc_column_text][vc_row_inner][vc_column_inner][vc_single_image image=&#8220;67771&#8243; img_size=&#8220;full&#8220; alignment=&#8220;center&#8220; onclick=&#8220;link_image&#8220;][\/vc_column_inner][\/vc_row_inner][vc_column_text]Seit 1981 ist <strong>Jacques Dutronc<\/strong> mit der franz\u00f6sischen Chansons\u00e4ngerin <strong>Fran\u00e7oise Hardy<\/strong>, mit der er den 1973 geborenen gemeinsamen Sohn, Schauspieler und Musiker <strong>Thomas Dutronc<\/strong>, hat, verheiratet. Aktuell leben sie allerdings schon seit vielen Jahren getrennt &#8211; er mit seiner neuen Partnerin in Monticello auf Korsika, sie in Paris.[\/vc_column_text][vc_column_text]<span style=\"font-size: 18pt;\">\u00dcber\u00a0Klaus Kinski<\/span><\/p>\n<p><strong>Klaus G\u00fcnter Karl Nakszynski<\/strong>, so sein b\u00fcrgerlicher Name, wurde am 18. Oktober 1926 in der freien Stadt Danzig geboren. 1930 zog er mit seiner Familie nach Berlin. 1944 wurde er im Krieg zu einer Fallschirmj\u00e4gereinheit eingezogen und geriet bald in britische Gefangenschaft. Er wurde in der N\u00e4he der englischen Hafenstadt Colchester interniert. Im Gefangenenlager spielte er zum ersten Mal Theater. 1946 wurde er aus der Gefangenschaft entlassen, er ging nach Berlin und ging dort an das Theater. 1947 lernte er den Filmproduzenten <strong>Artur Brauner<\/strong> kennen, der ihn f\u00fcr seine erste Filmrolle in \u201e<strong>Morituri<\/strong>\u201c von Regisseur <strong>Eugen York<\/strong> engagierte.\u00a01950 griff er eine \u00c4rztin t\u00e4tlich an und landete f\u00fcr einige Tage in der geschlossenen Abteilung einer Nervenklinik. Ab 1952 ging er als \u201e<em>Ein-Mann-Wanderb\u00fchne\u201c<\/em> auf Tour durch Deutschland. Dabei rezitierte er aus Werken deutscher Literaturgr\u00f6\u00dfen wie <strong>Schiller<\/strong>, <strong>Goethe<\/strong>, <strong>Nietzsche<\/strong> und <strong>Tucholsky<\/strong> sowie aus dem Neuen Testament. Seine Auftritte zogen einige mediale Aufmerksamkeit auf sich und machten seinen Namen bekannt.[\/vc_column_text][vc_row_inner][vc_column_inner width=&#8220;1\/2&#8243;][vc_single_image image=&#8220;67756&#8243; img_size=&#8220;full&#8220; alignment=&#8220;center&#8220; onclick=&#8220;link_image&#8220;][\/vc_column_inner][vc_column_inner width=&#8220;1\/2&#8243;][vc_single_image image=&#8220;67759&#8243; img_size=&#8220;full&#8220; alignment=&#8220;center&#8220; onclick=&#8220;link_image&#8220;][\/vc_column_inner][\/vc_row_inner][vc_column_text]<\/p>\n<p style=\"font-weight: 400;\">Seine Aff\u00e4ren und seine drei Ehen waren genauso exzentrisch wie sein sonstiges Leben. Als er 1946 aus britischer Gefangenschaft nach Deutschland kam, war er eine kurze Zeit in Heidelberg. Dort hatte er nach eigener Aussage mehrere Wochen eine wilde Liaison mit einer 16-j\u00e4hrigen. 1952 heiratete er <strong>Gislinde K\u00fchbeck<\/strong>. Aus dieser Ehe ging Tochter <strong>Pola<\/strong> hervor, die Ehe wurde 1955 bereits wieder geschieden. 1955 hatte er eine kurze Aff\u00e4re mit der Schauspielerin <strong>Erika Remberg<\/strong>, nach dem Ende der Beziehung versuchte er sich umzubringen. In Berlin heiratete er 1960 die erst 20j\u00e4hrige Brigitte <strong>Ruth Tocki<\/strong>. Aus dieser Ehe stammt die Tochter <strong>Nastassja Kinski<\/strong>. Von 1964 bis 1975 lebte <strong>Klaus Kinski<\/strong> in Rom. Nach der Scheidung von <strong>Brigitte Tocki<\/strong> 1969 heiratete er 1971 in Rom das 19-j\u00e4hrige vietnamesische Model <strong>Minho\u00ef Loanic<\/strong>. Aus dieser Ehe ging der heute sehr bekannte und vielbesch\u00e4ftigte Schauspieler <strong>Nanho\u00ef Nikolai Kinski<\/strong> hervor. Auch diese Ehe wurde bereits 1979 wieder geschieden. Von 1987 bis 1989 hatte er eine Beziehung mit der ebenfalls erst 19-j\u00e4hrigen italienischen Schauspielerin <strong>Debora Caprioglio<\/strong>. <strong>Klaus Kinski<\/strong> mochte also immer sehr junge Frauen. Die damals aufkommenden Ger\u00fcchte, er habe seine beiden T\u00f6chter <strong>Pola<\/strong> und <strong>Nastassja<\/strong> sexuell missbraucht, wurden von beiden sp\u00e4ter best\u00e4tigt. 1981 soll <strong>Klaus Kinski<\/strong> selbst gegen\u00fcber Regisseur <strong>Werner Herzog<\/strong> ge\u00e4u\u00dfert haben: <em>\u201eF\u00fcr das, was ich meinen beiden T\u00f6chtern angetan habe, w\u00fcrde ich in den USA 20 Jahre hinter Gitter wandern!\u201c<\/em><\/p>\n<p>[\/vc_column_text][vc_column_text]<\/p>\n<p style=\"font-weight: 400;\">Skandale begleiteten auch sonst sein Leben. 1971 hatte er im Berliner Sportpalast einen Rezitationsabend mit eigenen Texten und Bibelzitaten aus dem Neuen Testament unter dem Titel \u201e<em><strong>Jesus Christus Erl\u00f6ser<\/strong>\u201c<\/em>. Der Vortrag kam beim Publikum nicht gut an und es kam zu immer mehr Zwischenrufen. Nach heftigen Diskussionen rastete Kinski v\u00f6llig aus und beschimpfte die Zuschauer als <em>\u201eSchei\u00df Gesindel\u201c<\/em>, <em>\u201eDu dumme Sau\u201c<\/em> oder <em>\u201eDummes Arschloch\u201c<\/em>. Die Veranstaltung musste abgebrochen werden. Bei einer Talkshow 1977 reagierte er auf keine einzige Frage des Moderators <strong>Reinhard M\u00fcnchenhagen<\/strong> und sprach diesen st\u00e4ndig mit <em>\u201eHerr M\u00fcnchhausen\u201c<\/em> an.<\/p>\n<p>[\/vc_column_text][vc_row_inner][vc_column_inner][vc_single_image image=&#8220;67661&#8243; img_size=&#8220;full&#8220; alignment=&#8220;center&#8220; onclick=&#8220;link_image&#8220;][\/vc_column_inner][\/vc_row_inner][vc_column_text]<\/p>\n<p style=\"font-weight: 400;\">Aber <strong>Klaus Kinski<\/strong> war auch ein guter Schauspieler. Bekannt wurde er vor allem durch seine 16 Rollen in den in den 1960er Jahren sehr popul\u00e4ren Verfilmungen der <strong>Edgar Wallace<\/strong> Romane. Eine international viel beachtete Rolle spielte <strong>Klaus Kinski<\/strong> 1965 in der Romanverfilmung \u201e<strong>Doktor Schiwago<\/strong>\u201c unter der Regie von <strong>David Lean<\/strong>. Als Schauspieler war Klaus Kinski immer sehr diszipliniert, professionell und flei\u00dfig. Er lernte alle seine Rollen gr\u00fcndlich und die Regisseure hatten am Set wenig Probleme &#8211; Kinski beherrschte seine Rollen fast immer perfekt. Besonders Regisseur <strong>Werner Herzog<\/strong>, der ihn als Jugendlicher in M\u00fcnchen kennengelernt hatte, wusste das zu sch\u00e4tzen. Mit ihm als Regisseur entstanden Kinskis beste Filme wie \u201e<strong>Aguirre, der Zorn Gottes<\/strong>\u201c, \u201e<strong>Nosferatu, Phantom der Nacht<\/strong>\u201c, \u201e<strong>Fitzcarraldo<\/strong>\u201c, \u201e<strong>Woyzeck<\/strong>\u201c und \u201e<strong>Cobra Verde<\/strong>\u201c. <strong>Werner Herzog<\/strong>, dem die Arbeiten mit Klaus Kinski nie leicht fielen, konnte aber mit diesem <em>\u201eEnfant terrible\u201c<\/em> umgehen.<\/p>\n<p>[\/vc_column_text][vc_column_text]<\/p>\n<p style=\"font-weight: 400;\">1981 erwarb <strong>Klaus Kinski<\/strong> in Kalifornien, nahe Los Angeles, ein Grundst\u00fcck und baute ein Haus. Nach der Fertigstellung 1983 zog er dort ein. Nach seinem letzten Film, \u201e<strong>Kinski Paganini<\/strong>\u201c, in dem er selbst Regie f\u00fchrte, das Drehbuch schrieb, die Hauptrolle spielte und f\u00fcr den Filmschnitt sorgte, setzte er sich auf seinem neuen Landsitz zur Ruhe. Er starb am 23. November 1991 an einem Herzinfarkt. Die Obduktion zeigte ein v\u00f6llig vernarbtes Herz. <strong>Klaus Kinski<\/strong> muss mehrere Infarkte gehabt haben, die er nie behandeln lie\u00df. Auch diese Tatsache zeigt seinen extremen, eigenwilligen Charakter. Auf seinen Wunsch wurde seine Leiche verbrannt und die Asche in die Bucht von San Francisco in den Pazifik gestreut.<\/p>\n<p>[\/vc_column_text][vc_separator][vc_column_text css=&#8220;.vc_custom_1651111067347{margin-bottom: -10px !important;}&#8220;]<span style=\"font-size: 18pt;\">Kinoplakate<\/span>[\/vc_column_text][vc_empty_space height=&#8220;20px&#8220;][vc_row_inner][vc_column_inner width=&#8220;1\/4&#8243;][vc_single_image image=&#8220;67778&#8243; img_size=&#8220;full&#8220; onclick=&#8220;link_image&#8220;][\/vc_column_inner][vc_column_inner width=&#8220;1\/4&#8243;][vc_single_image image=&#8220;67781&#8243; img_size=&#8220;full&#8220; onclick=&#8220;link_image&#8220;][\/vc_column_inner][vc_column_inner width=&#8220;1\/4&#8243;][vc_single_image image=&#8220;67787&#8243; img_size=&#8220;full&#8220; onclick=&#8220;link_image&#8220;][\/vc_column_inner][vc_column_inner width=&#8220;1\/4&#8243;][vc_single_image image=&#8220;67784&#8243; img_size=&#8220;full&#8220; onclick=&#8220;link_image&#8220;][\/vc_column_inner][\/vc_row_inner][\/vc_column][\/vc_row][vc_row][vc_column][vc_empty_space height=&#8220;15&#8243;][vc_separator][vc_column_text]<span style=\"font-size: 18pt;\">Materialbearbeitung\u00a0<\/span><\/p>\n<p>Die \u201eAufwendige Digitalisierung\u201c konnte\u00a0<strong>Walter Potganski<\/strong>\u00a0zusammen\u00a0mit <strong>Cristos Pateludis<\/strong> realisieren, einem Fachmann f\u00fcr Filmrestauration, der selbst einige Tools f\u00fcr die jeweiligen Bearbeitungsstufen entwickelt hat. Zusammen mit <strong>Reno Bornkamm<\/strong> ist er Inhaber der Firma <strong>Pateludis Video Transfer<\/strong> und war unter anderem verantwortlich f\u00fcr den 4K-Scan, die Lichtbestimmung und Farbkorrektur. In der Regel werden diese Schritte in Anwesenheit des Kameramanns und des Regisseurs vorgenommen, was in diesem Fall nat\u00fcrlich nicht mehr m\u00f6glich war. Die Erfahrungen im technischen Bereich der Filmrestaurierung reichen \u00fcber 40 Jahre zur\u00fcck und so waren <strong>Walter Potganski<\/strong> und <strong>Cristos Pateludis<\/strong> in diesem Fall nun selbst verantwortlich f\u00fcr das, was man den \u201eFilm-Look\u201c nennt.[\/vc_column_text][vc_row_inner][vc_column_inner width=&#8220;1\/3&#8243;][vc_single_image image=&#8220;285707&#8243; img_size=&#8220;full&#8220; onclick=&#8220;link_image&#8220; css=&#8220;&#8220;][\/vc_column_inner][vc_column_inner width=&#8220;1\/3&#8243;][vc_single_image image=&#8220;285714&#8243; img_size=&#8220;full&#8220; onclick=&#8220;link_image&#8220; css=&#8220;&#8220;][\/vc_column_inner][vc_column_inner width=&#8220;1\/3&#8243;][vc_single_image image=&#8220;285712&#8243; img_size=&#8220;full&#8220; onclick=&#8220;link_image&#8220; css=&#8220;&#8220;][\/vc_column_inner][\/vc_row_inner][vc_column_text]<\/p>\n<p align=\"JUSTIFY\"><span style=\"font-size: 18pt;\">Zus\u00e4tzliche Informationen<\/span><\/p>\n<p style=\"text-align: left;\" align=\"JUSTIFY\">Gedreht wurde der Film haupts\u00e4chlich in Paris. Der Kinostart in Westdeutschland\u00a0fand am 21. Februar 1975\u00a0im Verleih des Cinerama Filmverleihs statt.\u00a0Am 29. Mai 2022 j\u00e4hrt sich <strong>Romy Schneider<\/strong>s Todestag bereits zum 40. mal. Sie starb am 29. Mai 1982 in Paris.<\/p>\n<p>[\/vc_column_text][vc_separator][\/vc_column][\/vc_row][vc_row][vc_column width=&#8220;1\/2&#8243;][vc_empty_space][vc_column_text]<span style=\"font-size: 18pt;\">Teaser [2022] (deutsch) \u1d34\u1d30<\/span>[\/vc_column_text][vc_video link=&#8220;https:\/\/youtu.be\/RH8X4DOmEIw&#8220; css=&#8220;.vc_custom_1651098490036{margin-top: -10px !important;}&#8220;][\/vc_column][vc_column width=&#8220;1\/2&#8243;][vc_empty_space][vc_column_text]<span style=\"font-size: 18pt;\">Trailer [2022] (deutsch) \u1d34\u1d30<\/span>[\/vc_column_text][vc_video link=&#8220;https:\/\/youtu.be\/4vKN1_ZU6mY&#8220; css=&#8220;.vc_custom_1651098435783{margin-top: -10px !important;}&#8220;][\/vc_column][\/vc_row][vc_row][vc_column][vc_separator][vc_column_text]<span style=\"font-size: 18pt;\">Stimmen zum Film<\/span><\/p>\n<p><em>\u201eNachtblende\u2018 ist ein Skandalfilm. Brutal, nackt, obsessiv und intensiv. Ein Filmgenuss der komplizierteren Art.\u201c<\/em> (<strong>mitternachtskino.de<\/strong>)<\/p>\n<p><em>\u201eMischung aus Psychogramm-Versuch und Melodram, inszeniert in barocker, greller Manier. In der Schilderung existentieller Extremsituationen stellenweise spekulativ, nicht selten aber auch unfreiwillig komisch.\u201c<\/em> (<strong>Lexikon des internationalen Films<\/strong>)<\/p>\n<p><em>\u201eRegisseur Zulawski erz\u00e4hlt also eine Geschichte, in der sich zwei Prinzipien nicht nur diametral gegen\u00fcberstehen, sondern miteinander verschr\u00e4nkt sind: das Prinzip Geld und das Prinzip Liebe.\u201c<\/em> (<strong>filmstarts.de<\/strong>)<\/p>\n<p><em>\u201eNachtblende ist ohne Frage ein gro\u00dfer Film Andrzej \u017bu\u0142awskis, der sich durch seine Darsteller auszeichnet, sowie durch sein Bild einer amoralischen Gesellschaft.\u201c <\/em>(<strong>film-rezensionen.de<\/strong>)<\/p>\n<p><em>\u201eEs wird geweint, geschrien und gelitten, f\u00fcr manche bis \u00fcber die Grenzen des guten Geschmacks hinaus. Unser Fazit: ein \u00fcberaus gelungenes Drama \u00fcber menschliche Leidenschaften und Abgr\u00fcnde.\u201c<\/em> (<strong>filmreporter.de<\/strong>)<\/p>\n<p><em>\u201eZulawski konfrontierte die Figuren mit ihrer eigenen Erb\u00e4rmlichkeit, den Autor mit seiner eigenen Oberfl\u00e4chlichkeit, die Schauspieler mit ihrer eigenen Zerbrechlichkeit und destillierte daraus pure Authentizit\u00e4t, puren Ausdruck.\u201c<\/em> (<strong>eskalierende-traeume.de<\/strong>)<\/p>\n<p><em>\u201eEine Sternstunde des franz\u00f6sischen Kinos !\u201c<\/em> (<strong>Prisma-italo-cinema.de<\/strong>)<\/p>\n<p><em>\u201eDie gelungene Mischung aus Psychogramm und Melodram punktet mit einer \u00fcberw\u00e4ltigenden Romy Schneider\u2026\u00a0<\/em>(<strong>filmreporter.de<\/strong>)<\/p>\n<p><em>\u201eNachtblende ist eine destruktive Liebesgeschichte am Rande des Wahnsinns; zerm\u00fcrbend-triste Poesie zwischen \u00fcberzeichneter Groteske, provokanten, verk\u00fcnstelten Expressionismus mit dem Hang zur narrativen Sackgasse\u2026\u201c<\/em> (<strong>moviebreak.de<\/strong>)<\/p>\n<p><span style=\"font-weight: 400;\"><em>\u201eZulawskis Film ist intelligentes Kino. Ein Manifest gegen die Oberfl\u00e4chlichkeit, geschaffen f\u00fcr liberale und unvoreingenommene Menschen, die bereit sind, abzutauchen in die Untiefen und Schattenseiten menschlicher Emotionen und Handlungen.\u201c<\/em> (<strong>schatten-lichter.blogspot.com<\/strong>)<\/span>[\/vc_column_text][vc_separator el_id=&#8220;schlangengrube-deluxe-mediabook&#8220;][vc_empty_space height=&#8220;15px&#8220;][vc_column_text css=&#8220;.vc_custom_1651111648576{margin-bottom: -5px !important;}&#8220;]<span style=\"font-size: 18pt;\">Alternative Poster und Cover<\/span>[\/vc_column_text][vc_empty_space height=&#8220;20px&#8220;][vc_single_image image=&#8220;67792&#8243; img_size=&#8220;full&#8220; onclick=&#8220;link_image&#8220;][vc_column_text]Am <strong>29. April 2022<\/strong>\u00a0bringen <span style=\"font-family: 'arial black', sans-serif;\"><strong>UCM.ONE<\/strong><\/span> und <strong>moviemax<\/strong> mit \u201e<b>Nachtblende<\/b>\u201c\u00a0eines der gro\u00dfen Highlights des franz\u00f6sischen Autorenkinos vom polnischen Regisseur <strong>Andrzej \u017bu\u0142awski <\/strong>und produziert von <strong>Albina du Boisrouvray\u00a0<\/strong>als limitiertes Mediabook in Deutschland, \u00d6sterreich und der Schweiz auf den Markt.[\/vc_column_text][vc_separator][\/vc_column][\/vc_row][vc_row][vc_column width=&#8220;1\/4&#8243;][vc_btn title=&#8220;Amazon&#8220; style=&#8220;flat&#8220; color=&#8220;orange&#8220; size=&#8220;sm&#8220; align=&#8220;center&#8220; i_icon_fontawesome=&#8220;fab fa-amazon&#8220; button_block=&#8220;true&#8220; add_icon=&#8220;true&#8220; link=&#8220;url:https%3A%2F%2Fwww.amazon.de%2FNachtblende-Limited-Mediabook-Kinofassung-abgetastet%2Fdp%2FB09TDZMV4R|title:Amazon|target:_blank&#8220;][\/vc_column][vc_column width=&#8220;1\/4&#8243;][vc_btn title=&#8220;M\u00fcller&#8220; style=&#8220;flat&#8220; color=&#8220;orange&#8220; size=&#8220;sm&#8220; align=&#8220;center&#8220; i_icon_fontawesome=&#8220;fab fa-medium&#8220; button_block=&#8220;true&#8220; add_icon=&#8220;true&#8220; link=&#8220;url:https%3A%2F%2Fwww.mueller.de%2Fp%2Fnachtblende-uncut-limited-mediabook-kinofassung-in-hd-neu-abgetastet-dvd-2810218%2F|title:M%C3%BCller|target:_blank&#8220;][\/vc_column][vc_column width=&#8220;1\/4&#8243;][vc_btn title=&#8220;Shop&#8220; style=&#8220;flat&#8220; color=&#8220;juicy-pink&#8220; size=&#8220;sm&#8220; align=&#8220;center&#8220; i_icon_fontawesome=&#8220;fas fa-shopping-cart&#8220; button_block=&#8220;true&#8220; add_icon=&#8220;true&#8220; link=&#8220;url:https%3A%2F%2Fucm.one%2Fde%2Fprodukt%2Fnachtblende|title:Shop&#8220;][\/vc_column][vc_column width=&#8220;1\/4&#8243;][vc_btn title=&#8220;Wer Streamt Es?&#8220; style=&#8220;flat&#8220; color=&#8220;blue&#8220; size=&#8220;sm&#8220; align=&#8220;center&#8220; i_icon_fontawesome=&#8220;fas fa-play-circle&#8220; button_block=&#8220;true&#8220; add_icon=&#8220;true&#8220; link=&#8220;url:https%3A%2F%2Fwww.werstreamt.es%2Ffilm%2Fdetails%2F12546%2Fnachtblende%2F|title:Wer%20Streamt%20Es%3F|target:_blank&#8220;][\/vc_column][\/vc_row][vc_row][vc_column][vc_empty_space height=&#8220;15px&#8220;][vc_column_text css=&#8220;.vc_custom_1651243681413{margin-bottom: -5px !important;}&#8220;]<span style=\"font-size: 18pt;\">Ausstattung und technische Daten des Mediabooks<\/span>[\/vc_column_text][vc_empty_space height=&#8220;20px&#8220;][vc_column_text css=&#8220;.vc_custom_1651142313743{margin-bottom: -5px !important;}&#8220;]Kinofassung erstmalig in 4K neu abgetastet und in Full-HD restauriert | Bildformat Blu-Ray:\u00a0<span lang=\"EN-US\">WS 1.66:1 \/ 1080p 24; Bildformat DVD:\u00a0<\/span><span lang=\"EN-US\">WS 1.66:1 (anamorph) | Gesamtlaufzeit Blu-Ray 113 Min;\u00a0Gesamtlaufzeit DVD 109 Min\u00a0| Tonformate Blu-Ray: Deutsch DTS-HD Master Audio 2.0 (mono), Franz\u00f6sisch DTS-HD Master Audio 2.0 (mono); Tonformate DVD: Deutsch DD 2.0 (mono); Franz\u00f6sisch DD 2.0 (mono) | Untertitel: deutsch | Bonusmaterial:\u00a0<\/span>32-seitigem Booklet mit Originalfotos sowie vielen interessanten Zusatzinformationen (u.a. mit Texten\u00a0von Prof. Dr. Stiglegger und Publizist &amp; Medienwissenschaftler Stefan Jung), Original Trailer, Deutscher Trailer, Bildgalerie\u00a0<span lang=\"EN-US\">| FSK 16\u00a0 \u00a0 \u00a0 \u00a0 \u00a0 \u00a0\u00a0<\/span>[\/vc_column_text][\/vc_column][\/vc_row][vc_row][vc_column][vc_empty_space height=&#8220;15px&#8220;][vc_separator][vc_empty_space height=&#8220;15px&#8220;][vc_column_text]<\/p>\n<h2>Neuigkeiten<\/h2>\n<p>[\/vc_column_text]<style type=\"text\/css\" data-type=\"the7_shortcodes-inline-css\">.blog-shortcode.blog-masonry-shortcode-id-40738e327d3e1edfee87bc31b5fcedbd.dividers-on.classic-layout-list article {\n  padding-top: 0;\n}\n.blog-shortcode.blog-masonry-shortcode-id-40738e327d3e1edfee87bc31b5fcedbd.dividers-on.classic-layout-list article:first-of-type {\n  margin-top: 0;\n  padding-top: 0;\n}\n.blog-shortcode.blog-masonry-shortcode-id-40738e327d3e1edfee87bc31b5fcedbd.classic-layout-list.mode-list .post-entry-content {\n  width: calc(100% - );\n}\n.blog-shortcode.blog-masonry-shortcode-id-40738e327d3e1edfee87bc31b5fcedbd.classic-layout-list.mode-list .no-img .post-entry-content {\n  width: 100%;\n}\n.blog-shortcode.blog-masonry-shortcode-id-40738e327d3e1edfee87bc31b5fcedbd .filter-bg-decoration .filter-categories a.act {\n  color: #fff;\n}\n.blog-shortcode.blog-masonry-shortcode-id-40738e327d3e1edfee87bc31b5fcedbd:not(.mode-masonry) article:first-of-type,\n.blog-shortcode.blog-masonry-shortcode-id-40738e327d3e1edfee87bc31b5fcedbd:not(.mode-masonry) article.visible.first:not(.product) {\n  margin-top: 0;\n}\n.blog-shortcode.blog-masonry-shortcode-id-40738e327d3e1edfee87bc31b5fcedbd.dividers-on:not(.mode-masonry) article {\n  margin-top: 0;\n}\n.blog-shortcode.blog-masonry-shortcode-id-40738e327d3e1edfee87bc31b5fcedbd.dividers-on:not(.mode-masonry) article:first-of-type,\n.blog-shortcode.blog-masonry-shortcode-id-40738e327d3e1edfee87bc31b5fcedbd.dividers-on:not(.mode-masonry) article.visible.first:not(.product) {\n  margin-top: 0;\n  padding-top: 0;\n}\n.blog-shortcode.blog-masonry-shortcode-id-40738e327d3e1edfee87bc31b5fcedbd .post-thumbnail-wrap {\n  padding: 0px 0px 0px 0px;\n}\n.blog-shortcode.blog-masonry-shortcode-id-40738e327d3e1edfee87bc31b5fcedbd.enable-bg-rollover .post-thumbnail-rollover:after {\n  background: -webkit-linear-gradient();\n  background: linear-gradient();\n}\n.blog-shortcode.blog-masonry-shortcode-id-40738e327d3e1edfee87bc31b5fcedbd .gallery-zoom-ico {\n  width: 44px;\n  height: 44px;\n  line-height: 44px;\n  border-radius: 100px;\n  margin: -22px 0 0 -22px;\n  border-width: 0px;\n  color: #ffffff;\n}\n.bottom-overlap-layout-list.blog-shortcode.blog-masonry-shortcode-id-40738e327d3e1edfee87bc31b5fcedbd .gallery-zoom-ico {\n  margin-top: -72px;\n}\n.gradient-overlay-layout-list.blog-shortcode.blog-masonry-shortcode-id-40738e327d3e1edfee87bc31b5fcedbd .gallery-zoom-ico,\n.content-rollover-layout-list.blog-shortcode.blog-masonry-shortcode-id-40738e327d3e1edfee87bc31b5fcedbd .gallery-zoom-ico {\n  margin: 0 0 10px;\n}\n.content-align-center.gradient-overlay-layout-list.blog-shortcode.blog-masonry-shortcode-id-40738e327d3e1edfee87bc31b5fcedbd .gallery-zoom-ico,\n.content-align-center.content-rollover-layout-list.blog-shortcode.blog-masonry-shortcode-id-40738e327d3e1edfee87bc31b5fcedbd .gallery-zoom-ico {\n  margin: 0 auto 10px;\n}\n.dt-icon-bg-on.blog-shortcode.blog-masonry-shortcode-id-40738e327d3e1edfee87bc31b5fcedbd .gallery-zoom-ico {\n  background: rgba(255,255,255,0.3);\n  box-shadow: none;\n}\n.blog-shortcode.blog-masonry-shortcode-id-40738e327d3e1edfee87bc31b5fcedbd .gallery-zoom-ico > span,\n.blog-shortcode.blog-masonry-shortcode-id-40738e327d3e1edfee87bc31b5fcedbd .gallery-zoom-ico:before {\n  font-size: 32px;\n  line-height: 44px;\n}\n.blog-shortcode.blog-masonry-shortcode-id-40738e327d3e1edfee87bc31b5fcedbd .gallery-zoom-ico > span,\n.blog-shortcode.blog-masonry-shortcode-id-40738e327d3e1edfee87bc31b5fcedbd .gallery-zoom-ico:before {\n  color: #ffffff;\n}\n.blog-shortcode.blog-masonry-shortcode-id-40738e327d3e1edfee87bc31b5fcedbd .entry-title,\n.blog-shortcode.blog-masonry-shortcode-id-40738e327d3e1edfee87bc31b5fcedbd.owl-carousel .entry-title {\n  margin-bottom: 5px;\n  font-weight: bold;\n}\n.blog-shortcode.blog-masonry-shortcode-id-40738e327d3e1edfee87bc31b5fcedbd .entry-meta {\n  margin-bottom: 15px;\n}\n.blog-shortcode.blog-masonry-shortcode-id-40738e327d3e1edfee87bc31b5fcedbd .portfolio-categories {\n  margin-bottom: 15px;\n}\n.blog-shortcode.blog-masonry-shortcode-id-40738e327d3e1edfee87bc31b5fcedbd .entry-excerpt {\n  margin-bottom: 5px;\n}\n.blog-shortcode.blog-masonry-shortcode-id-40738e327d3e1edfee87bc31b5fcedbd:not(.centered-layout-list) .post-entry-content {\n  padding: 25px 30px 30px 30px;\n}\n.blog-shortcode.blog-masonry-shortcode-id-40738e327d3e1edfee87bc31b5fcedbd:not(.centered-layout-list):not(.content-bg-on):not(.mode-list) .no-img .post-entry-content {\n  padding: 0;\n}\n@media screen and (max-width: ) {\n  .blog-shortcode.blog-masonry-shortcode-id-40738e327d3e1edfee87bc31b5fcedbd article {\n    -ms-flex-flow: column nowrap;\n    flex-flow: column nowrap;\n    margin-top: 20px;\n  }\n  .blog-shortcode.blog-masonry-shortcode-id-40738e327d3e1edfee87bc31b5fcedbd.dividers-on article {\n    border: none;\n  }\n  .blog-shortcode.blog-masonry-shortcode-id-40738e327d3e1edfee87bc31b5fcedbd.content-bg-on.centered-layout-list article {\n    padding: 0;\n  }\n  .blog-shortcode.blog-masonry-shortcode-id-40738e327d3e1edfee87bc31b5fcedbd.blog-shortcode.dividers-on article,\n  .blog-shortcode.blog-masonry-shortcode-id-40738e327d3e1edfee87bc31b5fcedbd.dividers-on.classic-layout-list article {\n    margin-top: 20px;\n    padding: 0;\n  }\n  .blog-shortcode.blog-masonry-shortcode-id-40738e327d3e1edfee87bc31b5fcedbd.blog-shortcode.dividers-on article:first-of-type,\n  .blog-shortcode.blog-masonry-shortcode-id-40738e327d3e1edfee87bc31b5fcedbd.dividers-on.classic-layout-list article:first-of-type {\n    padding: 0;\n  }\n  #page .blog-shortcode.blog-masonry-shortcode-id-40738e327d3e1edfee87bc31b5fcedbd .post-thumbnail-wrap,\n  #page .blog-shortcode.blog-masonry-shortcode-id-40738e327d3e1edfee87bc31b5fcedbd .post-entry-content {\n    width: 100%;\n    margin: 0;\n    top: 0;\n  }\n  #page .blog-shortcode.blog-masonry-shortcode-id-40738e327d3e1edfee87bc31b5fcedbd .post-thumbnail-wrap {\n    padding: 0;\n  }\n  #page .blog-shortcode.blog-masonry-shortcode-id-40738e327d3e1edfee87bc31b5fcedbd .post-entry-content:after {\n    display: none;\n  }\n  #page .blog-shortcode.blog-masonry-shortcode-id-40738e327d3e1edfee87bc31b5fcedbd .project-even .post-thumbnail-wrap,\n  #page .blog-shortcode.blog-masonry-shortcode-id-40738e327d3e1edfee87bc31b5fcedbd.centered-layout-list .post-thumbnail-wrap {\n    -ms-flex-order: 0;\n    order: 0;\n  }\n  #page .blog-shortcode.blog-masonry-shortcode-id-40738e327d3e1edfee87bc31b5fcedbd.centered-layout-list .post-entry-title-content {\n    -ms-flex-order: 1;\n    order: 1;\n    width: 100%;\n    padding: 20px 20px 0;\n  }\n  #page .blog-shortcode.blog-masonry-shortcode-id-40738e327d3e1edfee87bc31b5fcedbd.centered-layout-list .post-entry-content {\n    -ms-flex-order: 2;\n    order: 2;\n    padding-top: 0;\n  }\n  #page .blog-shortcode.blog-masonry-shortcode-id-40738e327d3e1edfee87bc31b5fcedbd .fancy-categories {\n    top: 10px;\n    left: 10px;\n    bottom: auto;\n    right: auto;\n  }\n  #page .blog-shortcode.blog-masonry-shortcode-id-40738e327d3e1edfee87bc31b5fcedbd .fancy-date a {\n    top: 10px;\n    right: 10px;\n    left: auto;\n    bottom: auto;\n  }\n  #page .blog-shortcode.blog-masonry-shortcode-id-40738e327d3e1edfee87bc31b5fcedbd .post-entry-content {\n    padding: 20px;\n  }\n  #page .blog-shortcode.blog-masonry-shortcode-id-40738e327d3e1edfee87bc31b5fcedbd .entry-title {\n    margin: 3px 0 5px;\n    font-size: 20px;\n    line-height: 26px;\n  }\n  #page .blog-shortcode.blog-masonry-shortcode-id-40738e327d3e1edfee87bc31b5fcedbd .entry-meta {\n    margin: 5px 0 5px;\n  }\n  #page .blog-shortcode.blog-masonry-shortcode-id-40738e327d3e1edfee87bc31b5fcedbd .entry-excerpt {\n    margin: 15px 0 0;\n  }\n  #page .blog-shortcode.blog-masonry-shortcode-id-40738e327d3e1edfee87bc31b5fcedbd .post-details {\n    margin: 5px 0 10px;\n  }\n  #page .blog-shortcode.blog-masonry-shortcode-id-40738e327d3e1edfee87bc31b5fcedbd .post-details.details-type-link {\n    margin-bottom: 2px;\n  }\n}\n.blog-shortcode.blog-masonry-shortcode-id-40738e327d3e1edfee87bc31b5fcedbd:not(.resize-by-browser-width) .dt-css-grid {\n  grid-row-gap: 30px;\n  grid-column-gap: 30px;\n  grid-template-columns: repeat(auto-fill,minmax(,1fr));\n}\n.blog-shortcode.blog-masonry-shortcode-id-40738e327d3e1edfee87bc31b5fcedbd:not(.resize-by-browser-width) .dt-css-grid .double-width {\n  grid-column: span 2;\n}\n.cssgridlegacy.no-cssgrid .blog-shortcode.blog-masonry-shortcode-id-40738e327d3e1edfee87bc31b5fcedbd:not(.resize-by-browser-width) .dt-css-grid,\n.no-cssgridlegacy.no-cssgrid .blog-shortcode.blog-masonry-shortcode-id-40738e327d3e1edfee87bc31b5fcedbd:not(.resize-by-browser-width) .dt-css-grid {\n  display: flex;\n  flex-flow: row wrap;\n  margin: -15px;\n}\n.cssgridlegacy.no-cssgrid .blog-shortcode.blog-masonry-shortcode-id-40738e327d3e1edfee87bc31b5fcedbd:not(.resize-by-browser-width) .dt-css-grid .wf-cell,\n.no-cssgridlegacy.no-cssgrid .blog-shortcode.blog-masonry-shortcode-id-40738e327d3e1edfee87bc31b5fcedbd:not(.resize-by-browser-width) .dt-css-grid .wf-cell {\n  flex: 1 0 ;\n  max-width: 100%;\n  padding: 15px;\n  box-sizing: border-box;\n}\n.blog-shortcode.blog-masonry-shortcode-id-40738e327d3e1edfee87bc31b5fcedbd.resize-by-browser-width .dt-css-grid {\n  grid-template-columns: repeat(2,1fr);\n  grid-template-rows: auto;\n  grid-column-gap: 30px;\n  grid-row-gap: 30px;\n}\n.blog-shortcode.blog-masonry-shortcode-id-40738e327d3e1edfee87bc31b5fcedbd.resize-by-browser-width .dt-css-grid .double-width {\n  grid-column: span 2;\n}\n.cssgridlegacy.no-cssgrid .blog-shortcode.blog-masonry-shortcode-id-40738e327d3e1edfee87bc31b5fcedbd.resize-by-browser-width .dt-css-grid {\n  margin: -15px;\n}\n.cssgridlegacy.no-cssgrid .blog-shortcode.blog-masonry-shortcode-id-40738e327d3e1edfee87bc31b5fcedbd.resize-by-browser-width .dt-css-grid .wf-cell {\n  width: 50%;\n  padding: 15px;\n}\n.cssgridlegacy.no-cssgrid .blog-shortcode.blog-masonry-shortcode-id-40738e327d3e1edfee87bc31b5fcedbd.resize-by-browser-width .dt-css-grid .wf-cell.double-width {\n  width: calc(50%) * 2;\n}\n.blog-shortcode.blog-masonry-shortcode-id-40738e327d3e1edfee87bc31b5fcedbd.resize-by-browser-width:not(.centered-layout-list):not(.content-bg-on) .dt-css-grid {\n  grid-row-gap: 0px;\n}\n@media screen and (max-width: 1199px) {\n  .blog-shortcode.blog-masonry-shortcode-id-40738e327d3e1edfee87bc31b5fcedbd.resize-by-browser-width .dt-css-grid {\n    grid-template-columns: repeat(2,1fr);\n  }\n  .cssgridlegacy.no-cssgrid .blog-shortcode.blog-masonry-shortcode-id-40738e327d3e1edfee87bc31b5fcedbd.resize-by-browser-width .dt-css-grid .wf-cell,\n  .no-cssgridlegacy.no-cssgrid .blog-shortcode.blog-masonry-shortcode-id-40738e327d3e1edfee87bc31b5fcedbd.resize-by-browser-width .dt-css-grid .wf-cell {\n    width: 50%;\n  }\n  .cssgridlegacy.no-cssgrid .blog-shortcode.blog-masonry-shortcode-id-40738e327d3e1edfee87bc31b5fcedbd.resize-by-browser-width .dt-css-grid .wf-cell.double-width,\n  .no-cssgridlegacy.no-cssgrid .blog-shortcode.blog-masonry-shortcode-id-40738e327d3e1edfee87bc31b5fcedbd.resize-by-browser-width .dt-css-grid .wf-cell.double-width {\n    width: calc(50%)*2;\n  }\n}\n@media screen and (max-width: 991px) {\n  .blog-shortcode.blog-masonry-shortcode-id-40738e327d3e1edfee87bc31b5fcedbd.resize-by-browser-width .dt-css-grid {\n    grid-template-columns: repeat(1,1fr);\n  }\n  .cssgridlegacy.no-cssgrid .blog-shortcode.blog-masonry-shortcode-id-40738e327d3e1edfee87bc31b5fcedbd.resize-by-browser-width .dt-css-grid .wf-cell,\n  .no-cssgridlegacy.no-cssgrid .blog-shortcode.blog-masonry-shortcode-id-40738e327d3e1edfee87bc31b5fcedbd.resize-by-browser-width .dt-css-grid .wf-cell {\n    width: 100%;\n  }\n  .cssgridlegacy.no-cssgrid .blog-shortcode.blog-masonry-shortcode-id-40738e327d3e1edfee87bc31b5fcedbd.resize-by-browser-width .dt-css-grid .wf-cell.double-width,\n  .no-cssgridlegacy.no-cssgrid .blog-shortcode.blog-masonry-shortcode-id-40738e327d3e1edfee87bc31b5fcedbd.resize-by-browser-width .dt-css-grid .wf-cell.double-width {\n    width: calc(100%)*2;\n  }\n}\n@media screen and (max-width: 767px) {\n  .blog-shortcode.blog-masonry-shortcode-id-40738e327d3e1edfee87bc31b5fcedbd.resize-by-browser-width .dt-css-grid {\n    grid-template-columns: repeat(1,1fr);\n  }\n  .blog-shortcode.blog-masonry-shortcode-id-40738e327d3e1edfee87bc31b5fcedbd.resize-by-browser-width .dt-css-grid .double-width {\n    grid-column: span 1;\n  }\n  .cssgridlegacy.no-cssgrid .blog-shortcode.blog-masonry-shortcode-id-40738e327d3e1edfee87bc31b5fcedbd.resize-by-browser-width .dt-css-grid .wf-cell,\n  .no-cssgridlegacy.no-cssgrid .blog-shortcode.blog-masonry-shortcode-id-40738e327d3e1edfee87bc31b5fcedbd.resize-by-browser-width .dt-css-grid .wf-cell {\n    width: 100%;\n  }\n  .cssgridlegacy.no-cssgrid .blog-shortcode.blog-masonry-shortcode-id-40738e327d3e1edfee87bc31b5fcedbd.resize-by-browser-width .dt-css-grid .wf-cell.double-width,\n  .no-cssgridlegacy.no-cssgrid .blog-shortcode.blog-masonry-shortcode-id-40738e327d3e1edfee87bc31b5fcedbd.resize-by-browser-width .dt-css-grid .wf-cell.double-width {\n    width: calc(100%)*2;\n  }\n}<\/style><div class=\"blog-shortcode blog-masonry-shortcode-id-40738e327d3e1edfee87bc31b5fcedbd mode-grid classic-layout-list content-bg-on jquery-filter scale-img dt-css-grid-wrap dt-icon-bg-off resize-by-browser-width loading-effect-none description-under-image \" data-padding=\"15px\" data-cur-page=\"1\" data-post-limit=\"-1\" data-pagination-mode=\"none\" data-desktop-columns-num=\"2\" data-v-tablet-columns-num=\"1\" data-h-tablet-columns-num=\"2\" data-phone-columns-num=\"1\" data-width=\"0px\" data-columns=\"0\"><div class=\"dt-css-grid\" ><div class=\"visible wf-cell\" data-post-id=\"69643\" data-date=\"2022-05-29T00:01:18+00:00\" data-name=\"\ud83c\udfac 40. Todestag der Schauspielerin Romy Schneider\"><article class=\"post project-odd visible post-69643 type-post status-publish format-standard has-post-thumbnail hentry category-artkeim category-edition-parasol-videotheque category-film category-news tag-23-september-1938 tag-29-mai-1982 tag-40-todestag tag-abschied-in-der-nacht tag-alain-delon tag-artkeim tag-boissy-sans-avoir tag-nachtblende tag-paris tag-romy-schneider tag-sissi tag-trio-infernal category-828 category-4658 category-8 category-13\" data-name=\"\ud83c\udfac 40. Todestag der Schauspielerin Romy Schneider\" data-date=\"2022-05-29T00:01:18+00:00\">\n\n<div class=\"post-thumbnail-wrap\">\n\t<div class=\"post-thumbnail\">\n\t\t\n\t\t\n\t\t<a href=\"https:\/\/ucm.one\/de\/40-todestag-der-schauspielerin-romy-schneider\/\" class=\"post-thumbnail-rollover layzr-bg layzr-bg\" ><img fetchpriority=\"high\" decoding=\"async\" class=\"iso-lazy-load preload-me iso-lazy-load aspect\" src=\"data:image\/svg+xml,%3Csvg%20xmlns%3D&#39;http%3A%2F%2Fwww.w3.org%2F2000%2Fsvg&#39;%20viewBox%3D&#39;0%200%20990%20309&#39;%2F%3E\" data-src=\"https:\/\/ucm.one\/wp-content\/uploads\/2022\/05\/Romy-Schneider-Todestag-Banner-990x309.jpg\" data-srcset=\"https:\/\/ucm.one\/wp-content\/uploads\/2022\/05\/Romy-Schneider-Todestag-Banner-990x309.jpg 990w, https:\/\/ucm.one\/wp-content\/uploads\/2022\/05\/Romy-Schneider-Todestag-Banner-1485x464.jpg 1485w\" loading=\"eager\" style=\"--ratio: 990 \/ 309\" sizes=\"(max-width: 990px) 100vw, 990px\" alt=\"\" title=\"Romy Schneider &#8211; 40. Todestag\" width=\"990\" height=\"309\"  \/><\/a>\t<\/div>\n<\/div>\n\n\n<div class=\"post-entry-content\">\n\n\t<h3 class=\"entry-title\">\n\t\t<a href=\"https:\/\/ucm.one\/de\/40-todestag-der-schauspielerin-romy-schneider\/\" title=\"\ud83c\udfac 40. Todestag der Schauspielerin Romy Schneider\" rel=\"bookmark\">\ud83c\udfac 40. Todestag der Schauspielerin Romy Schneider<\/a>\n\t<\/h3>\n\n\t<div class=\"entry-meta\"><span class=\"category-link\"><a href=\"https:\/\/ucm.one\/de\/category\/news\/film\/artkeim\/\" >Artkeim\u00b2<\/a>, <a href=\"https:\/\/ucm.one\/de\/category\/news\/film\/artkeim\/edition-parasol-videotheque\/\" >\u00c9dition ParaSol Videoth\u00e8que<\/a>, <a href=\"https:\/\/ucm.one\/de\/category\/news\/film\/\" >Film<\/a>, <a href=\"https:\/\/ucm.one\/de\/category\/news\/\" >News<\/a><\/span><a class=\"author vcard\" href=\"\" title=\"Zeige alle Beitr\u00e4ge von Joachim Keil\" rel=\"author\">Von <span class=\"fn\">Joachim Keil<\/span><\/a><a href=\"https:\/\/ucm.one\/de\/2022\/05\/29\/\" title=\"00:01\" class=\"data-link\" rel=\"bookmark\"><time class=\"entry-date updated\" datetime=\"2022-05-29T00:01:18+00:00\">29. Mai 2022<\/time><\/a><\/div>\n\t<div class=\"entry-excerpt\"><p>[vc_row][vc_column][vc_column_text] Am 29. Mai 1982 starb die 43 j\u00e4hrige Schauspielerin Romy Schneider allein in ihrer Wohnung in Paris.\u00a0Sp\u00e4testens mit ihren Filmen aus den 1970er Jahren hat die Schauspielerin bewiesen, dass sie sich schon lange aus der Zuckerwattewelt der Sissi-Filme herausgespielt hatte. Sie arbeitete damals, bereits seit 15 Jahren \u00fcberwiegend in Frankreich, wo sie bis heute&hellip;<\/p>\n<\/div>\n\t\n<a href=\"https:\/\/ucm.one\/de\/40-todestag-der-schauspielerin-romy-schneider\/\" class=\"post-details details-type-link\" aria-label=\"Read more about \ud83c\udfac 40. Todestag der Schauspielerin Romy Schneider\">Mehr lesen<i class=\"dt-icon-the7-arrow-03\" aria-hidden=\"true\"><\/i><\/a>\n\n<\/div><\/article><\/div><div class=\"visible wf-cell\" data-post-id=\"67881\" data-date=\"2022-04-29T16:56:07+00:00\" data-name=\"\ud83c\udfac &quot;Nachtblende&quot; von Andrzej \u017bu\u0142awski mit Romy Schneider als limitiertes Mediabook erh\u00e4ltlich\"><article class=\"post project-odd visible post-67881 type-post status-publish format-standard has-post-thumbnail hentry category-artkeim category-edition-parasol-videotheque category-film category-filmklassiker category-news tag-andrzej-zulawski tag-cesar tag-fabio-testi tag-jacques-dutronc tag-klaus-kinski tag-limportant-cest-daimer tag-nachtblende tag-paris tag-roger-blin tag-romy-schneider tag-sissi tag-that-informant-thing-love category-828 category-4658 category-8 category-7004 category-13\" data-name=\"\ud83c\udfac &#8222;Nachtblende&#8220; von Andrzej \u017bu\u0142awski mit Romy Schneider als limitiertes Mediabook erh\u00e4ltlich\" data-date=\"2022-04-29T16:56:07+00:00\">\n\n<div class=\"post-thumbnail-wrap\">\n\t<div class=\"post-thumbnail\">\n\t\t\n\t\t\n\t\t<a href=\"https:\/\/ucm.one\/de\/nachtblende-von-andrzej-zulawski-mit-romy-schneider-als-limitiertes-mediabook-erhaeltlich\/\" class=\"post-thumbnail-rollover layzr-bg layzr-bg\" ><img decoding=\"async\" class=\"iso-lazy-load preload-me iso-lazy-load aspect\" src=\"data:image\/svg+xml,%3Csvg%20xmlns%3D&#39;http%3A%2F%2Fwww.w3.org%2F2000%2Fsvg&#39;%20viewBox%3D&#39;0%200%20990%20309&#39;%2F%3E\" data-src=\"https:\/\/ucm.one\/wp-content\/uploads\/2022\/04\/Romy-Schneider-2022-Nchtblende-990x309.jpg\" data-srcset=\"https:\/\/ucm.one\/wp-content\/uploads\/2022\/04\/Romy-Schneider-2022-Nchtblende-990x309.jpg 990w, https:\/\/ucm.one\/wp-content\/uploads\/2022\/04\/Romy-Schneider-2022-Nchtblende-1485x464.jpg 1485w\" loading=\"eager\" style=\"--ratio: 990 \/ 309\" sizes=\"(max-width: 990px) 100vw, 990px\" alt=\"\" title=\"Romy Schneider 2022 Nchtblende\" width=\"990\" height=\"309\"  \/><\/a>\t<\/div>\n<\/div>\n\n\n<div class=\"post-entry-content\">\n\n\t<h3 class=\"entry-title\">\n\t\t<a href=\"https:\/\/ucm.one\/de\/nachtblende-von-andrzej-zulawski-mit-romy-schneider-als-limitiertes-mediabook-erhaeltlich\/\" title=\"\ud83c\udfac &#8222;Nachtblende&#8220; von Andrzej \u017bu\u0142awski mit Romy Schneider als limitiertes Mediabook erh\u00e4ltlich\" rel=\"bookmark\">\ud83c\udfac &#8222;Nachtblende&#8220; von Andrzej \u017bu\u0142awski mit Romy Schneider als limitiertes Mediabook erh\u00e4ltlich<\/a>\n\t<\/h3>\n\n\t<div class=\"entry-meta\"><span class=\"category-link\"><a href=\"https:\/\/ucm.one\/de\/category\/news\/film\/artkeim\/\" >Artkeim\u00b2<\/a>, <a href=\"https:\/\/ucm.one\/de\/category\/news\/film\/artkeim\/edition-parasol-videotheque\/\" >\u00c9dition ParaSol Videoth\u00e8que<\/a>, <a href=\"https:\/\/ucm.one\/de\/category\/news\/film\/\" >Film<\/a>, <a href=\"https:\/\/ucm.one\/de\/category\/news\/filmklassiker\/\" >Filmklassiker<\/a>, <a href=\"https:\/\/ucm.one\/de\/category\/news\/\" >News<\/a><\/span><a class=\"author vcard\" href=\"\" title=\"Zeige alle Beitr\u00e4ge von Joachim Keil\" rel=\"author\">Von <span class=\"fn\">Joachim Keil<\/span><\/a><a href=\"https:\/\/ucm.one\/de\/2022\/04\/29\/\" title=\"16:56\" class=\"data-link\" rel=\"bookmark\"><time class=\"entry-date updated\" datetime=\"2022-04-29T16:56:07+00:00\">29. April 2022<\/time><\/a><\/div>\n\t<div class=\"entry-excerpt\"><p>[vc_row][vc_column][vc_column_text] Am 29. April 2022\u00a0bringt UCM.ONE\u00a0im Rahmen der \u00c9dition ParaSol Videoth\u00e8que auf dem Label Artkeim\u00b2 in Kooperation mit \u00a0moviemax mit \u201eNachtblende\u201c\u00a0eines der gro\u00dfen Highlights des franz\u00f6sischen Autorenkinos vom polnischen Regisseur Andrzej \u017bu\u0142awski und produziert von Albina du Boisrouvray\u00a0als limitiertes Mediabook in Deutschland, \u00d6sterreich und der Schweiz auf den Markt. Zudem ist der Film auch bei&hellip;<\/p>\n<\/div>\n\t\n<a href=\"https:\/\/ucm.one\/de\/nachtblende-von-andrzej-zulawski-mit-romy-schneider-als-limitiertes-mediabook-erhaeltlich\/\" class=\"post-details details-type-link\" aria-label=\"Read more about \ud83c\udfac &#8222;Nachtblende&#8220; von Andrzej \u017bu\u0142awski mit Romy Schneider als limitiertes Mediabook erh\u00e4ltlich\">Mehr lesen<i class=\"dt-icon-the7-arrow-03\" aria-hidden=\"true\"><\/i><\/a>\n\n<\/div><\/article><\/div><div class=\"visible wf-cell\" data-post-id=\"67536\" data-date=\"2022-04-25T22:41:43+00:00\" data-name=\"\ud83c\udfac Drei Meisterwerke mit Romy Schneider in neu abgetasteten und restaurierten Fassungen\"><article class=\"post project-odd visible post-67536 type-post status-publish format-standard has-post-thumbnail hentry category-artkeim category-edition-parasol-videotheque category-film category-filmklassiker category-kino category-news tag-29-mai-1982 tag-40-todestag tag-abschied-in-der-nacht tag-andrea-ferreol tag-andrzej-zulawski tag-artkeim tag-caroline-bonhomme tag-catherine-delaporte tag-cesar tag-claude-dauphin tag-das-alte-gewehr tag-edition-parasol-videotheque tag-fabio-testi tag-filmklassiker tag-francis-girod tag-frankreich tag-gabrielle-doulcet tag-jacques-dutronc tag-jean-bouise tag-jean-rigaux tag-joachim-hansen tag-karl-michael-vogler tag-klaus-kinski tag-madeleine-ozeray tag-mascha-gonska tag-michel-piccoli tag-nachtblende tag-philippe-brizard tag-philippe-noiret tag-robert-enrico-2 tag-robert-hoffmann tag-roger-blin tag-romy-schneider tag-trio-infernal category-828 category-4658 category-8 category-7004 category-10 category-13\" data-name=\"\ud83c\udfac Drei Meisterwerke mit Romy Schneider in neu abgetasteten und restaurierten Fassungen\" data-date=\"2022-04-25T22:41:43+00:00\">\n\n<div class=\"post-thumbnail-wrap\">\n\t<div class=\"post-thumbnail\">\n\t\t\n\t\t\n\t\t<a href=\"https:\/\/ucm.one\/de\/drei-meisterwerke-mit-romy-schneider-in-neu-abgetasteten-und-restaurierten-fassungen\/\" class=\"post-thumbnail-rollover layzr-bg layzr-bg\" ><img decoding=\"async\" class=\"iso-lazy-load preload-me iso-lazy-load aspect\" src=\"data:image\/svg+xml,%3Csvg%20xmlns%3D&#39;http%3A%2F%2Fwww.w3.org%2F2000%2Fsvg&#39;%20viewBox%3D&#39;0%200%20990%20309&#39;%2F%3E\" data-src=\"https:\/\/ucm.one\/wp-content\/uploads\/2022\/04\/Romy-Schneider-2022-3xAnkuendigung-DE-990x309.jpeg\" data-srcset=\"https:\/\/ucm.one\/wp-content\/uploads\/2022\/04\/Romy-Schneider-2022-3xAnkuendigung-DE-990x309.jpeg 990w, https:\/\/ucm.one\/wp-content\/uploads\/2022\/04\/Romy-Schneider-2022-3xAnkuendigung-DE-1485x464.jpeg 1485w\" loading=\"eager\" style=\"--ratio: 990 \/ 309\" sizes=\"(max-width: 990px) 100vw, 990px\" alt=\"\" title=\"Romy Schneider 2022 3xAnk\u00fcndigung DE\" width=\"990\" height=\"309\"  \/><\/a>\t<\/div>\n<\/div>\n\n\n<div class=\"post-entry-content\">\n\n\t<h3 class=\"entry-title\">\n\t\t<a href=\"https:\/\/ucm.one\/de\/drei-meisterwerke-mit-romy-schneider-in-neu-abgetasteten-und-restaurierten-fassungen\/\" title=\"\ud83c\udfac Drei Meisterwerke mit Romy Schneider in neu abgetasteten und restaurierten Fassungen\" rel=\"bookmark\">\ud83c\udfac Drei Meisterwerke mit Romy Schneider in neu abgetasteten und restaurierten Fassungen<\/a>\n\t<\/h3>\n\n\t<div class=\"entry-meta\"><span class=\"category-link\"><a href=\"https:\/\/ucm.one\/de\/category\/news\/film\/artkeim\/\" >Artkeim\u00b2<\/a>, <a href=\"https:\/\/ucm.one\/de\/category\/news\/film\/artkeim\/edition-parasol-videotheque\/\" >\u00c9dition ParaSol Videoth\u00e8que<\/a>, <a href=\"https:\/\/ucm.one\/de\/category\/news\/film\/\" >Film<\/a>, <a href=\"https:\/\/ucm.one\/de\/category\/news\/filmklassiker\/\" >Filmklassiker<\/a>, <a href=\"https:\/\/ucm.one\/de\/category\/news\/kino\/\" >Kino<\/a>, <a href=\"https:\/\/ucm.one\/de\/category\/news\/\" >News<\/a><\/span><a class=\"author vcard\" href=\"\" title=\"Zeige alle Beitr\u00e4ge von Joachim Keil\" rel=\"author\">Von <span class=\"fn\">Joachim Keil<\/span><\/a><a href=\"https:\/\/ucm.one\/de\/2022\/04\/25\/\" title=\"22:41\" class=\"data-link\" rel=\"bookmark\"><time class=\"entry-date updated\" datetime=\"2022-04-25T22:41:43+00:00\">25. April 2022<\/time><\/a><\/div>\n\t<div class=\"entry-excerpt\"><p>[vc_row][vc_column][vc_column_text] Am 29. Mai 2022 j\u00e4hrt sich Romy Schneiders tragischer Tod bereits zum 40. Mal. UCM.ONE nimmt dies in Zusammenarbeit mit moviemax zum Anlass und ver\u00f6ffentlicht in den n\u00e4chsten Wochen auf der \u00c9dition ParaSol Videoth\u00e8que\u00a0drei filmische Meisterwerke aus den Mitt-1970ern, mit denen Romy Schneider endg\u00fcltig in den Olymp der &#8222;Grandes Dames&#8220; des franz\u00f6sischen Kinos aufstieg,&hellip;<\/p>\n<\/div>\n\t\n<a href=\"https:\/\/ucm.one\/de\/drei-meisterwerke-mit-romy-schneider-in-neu-abgetasteten-und-restaurierten-fassungen\/\" class=\"post-details details-type-link\" aria-label=\"Read more about \ud83c\udfac Drei Meisterwerke mit Romy Schneider in neu abgetasteten und restaurierten Fassungen\">Mehr lesen<i class=\"dt-icon-the7-arrow-03\" aria-hidden=\"true\"><\/i><\/a>\n\n<\/div><\/article><\/div><div class=\"visible wf-cell\" data-post-id=\"58518\" data-date=\"2021-11-07T17:00:37+00:00\" data-name=\"\u201eNachtblende\u201c mit Romy Schneider erstmalig in der neu abgetasteten Version auf MUBI\"><article class=\"post project-odd visible post-58518 type-post status-publish format-standard has-post-thumbnail hentry category-artkeim category-edition-parasol-videotheque category-film category-filmklassiker category-news tag-4k tag-andrzej-zulawski tag-artkeim tag-claude-dauphin tag-edition-parasol-videotheque tag-fabio-testi tag-filmklassiker tag-filmlassiker tag-full-hd tag-gabrielle-doulcet tag-jacques-dutronc tag-klaus-kinski tag-mubi tag-nachtblende tag-neue-abtastung tag-roger-blin tag-romy-schneider category-828 category-4658 category-8 category-7004 category-13\" data-name=\"\u201eNachtblende\u201c mit Romy Schneider erstmalig in der neu abgetasteten Version auf MUBI\" data-date=\"2021-11-07T17:00:37+00:00\">\n\n<div class=\"post-thumbnail-wrap\">\n\t<div class=\"post-thumbnail\">\n\t\t\n\t\t\n\t\t<a href=\"https:\/\/ucm.one\/de\/nachtblende-mit-romy-schneider-erstmalig-in-der-neu-abgetasteten-version-auf-mubi\/\" class=\"post-thumbnail-rollover layzr-bg layzr-bg\" ><img decoding=\"async\" class=\"iso-lazy-load preload-me iso-lazy-load aspect\" src=\"data:image\/svg+xml,%3Csvg%20xmlns%3D&#39;http%3A%2F%2Fwww.w3.org%2F2000%2Fsvg&#39;%20viewBox%3D&#39;0%200%20990%20309&#39;%2F%3E\" data-src=\"https:\/\/ucm.one\/wp-content\/uploads\/2021\/11\/B-Nachtblende-Mubi-de-990x309.jpg\" data-srcset=\"https:\/\/ucm.one\/wp-content\/uploads\/2021\/11\/B-Nachtblende-Mubi-de-990x309.jpg 990w, https:\/\/ucm.one\/wp-content\/uploads\/2021\/11\/B-Nachtblende-Mubi-de-1485x464.jpg 1485w\" loading=\"eager\" style=\"--ratio: 990 \/ 309\" sizes=\"(max-width: 990px) 100vw, 990px\" alt=\"\" title=\"B Nachtblende Mubi de\" width=\"990\" height=\"309\"  \/><\/a>\t<\/div>\n<\/div>\n\n\n<div class=\"post-entry-content\">\n\n\t<h3 class=\"entry-title\">\n\t\t<a href=\"https:\/\/ucm.one\/de\/nachtblende-mit-romy-schneider-erstmalig-in-der-neu-abgetasteten-version-auf-mubi\/\" title=\"\u201eNachtblende\u201c mit Romy Schneider erstmalig in der neu abgetasteten Version auf MUBI\" rel=\"bookmark\">\u201eNachtblende\u201c mit Romy Schneider erstmalig in der neu abgetasteten Version auf MUBI<\/a>\n\t<\/h3>\n\n\t<div class=\"entry-meta\"><span class=\"category-link\"><a href=\"https:\/\/ucm.one\/de\/category\/news\/film\/artkeim\/\" >Artkeim\u00b2<\/a>, <a href=\"https:\/\/ucm.one\/de\/category\/news\/film\/artkeim\/edition-parasol-videotheque\/\" >\u00c9dition ParaSol Videoth\u00e8que<\/a>, <a href=\"https:\/\/ucm.one\/de\/category\/news\/film\/\" >Film<\/a>, <a href=\"https:\/\/ucm.one\/de\/category\/news\/filmklassiker\/\" >Filmklassiker<\/a>, <a href=\"https:\/\/ucm.one\/de\/category\/news\/\" >News<\/a><\/span><a class=\"author vcard\" href=\"\" title=\"Zeige alle Beitr\u00e4ge von Joachim Keil\" rel=\"author\">Von <span class=\"fn\">Joachim Keil<\/span><\/a><a href=\"https:\/\/ucm.one\/de\/2021\/11\/07\/\" title=\"17:00\" class=\"data-link\" rel=\"bookmark\"><time class=\"entry-date updated\" datetime=\"2021-11-07T17:00:37+00:00\">7. November 2021<\/time><\/a><\/div>\n\t<div class=\"entry-excerpt\"><p>[vc_row][vc_column][vc_column_text]Am 7. November zeigt MUBI die exklusive Premiere der neu abgetasteten Version des franz\u00f6sischen Filmdramas \u201eNachtblende\u201c (Originaltitel: &#8222;L\u2019important c\u2019est d\u2019aimer&#8222;) von 1975. Anfang 2022 wird der Film dann von UCM.ONE auch in einem aufwendig gestalteten Mediabook auf dem Label Artkeim\u00b2 im Rahmen der\u00a0\u00c9dition ParaSol Videoth\u00e8que in den Handel kommen.[\/vc_column_text][\/vc_column][\/vc_row][vc_row][vc_column width=&#8220;3\/4&#8243;][vc_column_text]Der Spielfilm von Regisseur Andrzej \u017bu\u0142awski&hellip;<\/p>\n<\/div>\n\t\n<a href=\"https:\/\/ucm.one\/de\/nachtblende-mit-romy-schneider-erstmalig-in-der-neu-abgetasteten-version-auf-mubi\/\" class=\"post-details details-type-link\" aria-label=\"Read more about \u201eNachtblende\u201c mit Romy Schneider erstmalig in der neu abgetasteten Version auf MUBI\">Mehr lesen<i class=\"dt-icon-the7-arrow-03\" aria-hidden=\"true\"><\/i><\/a>\n\n<\/div><\/article><\/div><div class=\"visible wf-cell\" data-post-id=\"44857\" data-date=\"2020-09-23T12:55:16+00:00\" data-name=\"In Erinnerung an Romy Schneider\"><article class=\"post project-odd visible post-44857 type-post status-publish format-standard has-post-thumbnail hentry category-artkeim category-edition-parasol-videotheque category-film category-news tag-82-geburtstag tag-abschied-in-der-nacht tag-andrzej-zulawski tag-anthony-perkins tag-helmut-berger tag-jack-lemmon tag-jean-louis-trintignant tag-michel-piccoli tag-nachtblende tag-peter-otoole tag-peter-sellers tag-philippe-noiret tag-romy-schneider tag-trio-infernal tag-yves-montand category-828 category-4658 category-8 category-13\" data-name=\"In Erinnerung an Romy Schneider\" data-date=\"2020-09-23T12:55:16+00:00\">\n\n<div class=\"post-thumbnail-wrap\">\n\t<div class=\"post-thumbnail\">\n\t\t\n\t\t\n\t\t<a href=\"https:\/\/ucm.one\/de\/in-erinnerung-an-romy-schneider\/\" class=\"post-thumbnail-rollover layzr-bg layzr-bg\" ><img decoding=\"async\" class=\"iso-lazy-load preload-me iso-lazy-load aspect\" src=\"data:image\/svg+xml,%3Csvg%20xmlns%3D&#39;http%3A%2F%2Fwww.w3.org%2F2000%2Fsvg&#39;%20viewBox%3D&#39;0%200%20990%20309&#39;%2F%3E\" data-src=\"https:\/\/ucm.one\/wp-content\/uploads\/2020\/09\/InMemoriam_RomySchneider-990x309.png\" data-srcset=\"https:\/\/ucm.one\/wp-content\/uploads\/2020\/09\/InMemoriam_RomySchneider-990x309.png 990w, https:\/\/ucm.one\/wp-content\/uploads\/2020\/09\/InMemoriam_RomySchneider-1485x464.png 1485w\" loading=\"eager\" style=\"--ratio: 990 \/ 309\" sizes=\"(max-width: 990px) 100vw, 990px\" alt=\"\" title=\"InMemoriam_RomySchneider\" width=\"990\" height=\"309\"  \/><\/a>\t<\/div>\n<\/div>\n\n\n<div class=\"post-entry-content\">\n\n\t<h3 class=\"entry-title\">\n\t\t<a href=\"https:\/\/ucm.one\/de\/in-erinnerung-an-romy-schneider\/\" title=\"In Erinnerung an Romy Schneider\" rel=\"bookmark\">In Erinnerung an Romy Schneider<\/a>\n\t<\/h3>\n\n\t<div class=\"entry-meta\"><span class=\"category-link\"><a href=\"https:\/\/ucm.one\/de\/category\/news\/film\/artkeim\/\" >Artkeim\u00b2<\/a>, <a href=\"https:\/\/ucm.one\/de\/category\/news\/film\/artkeim\/edition-parasol-videotheque\/\" >\u00c9dition ParaSol Videoth\u00e8que<\/a>, <a href=\"https:\/\/ucm.one\/de\/category\/news\/film\/\" >Film<\/a>, <a href=\"https:\/\/ucm.one\/de\/category\/news\/\" >News<\/a><\/span><a class=\"author vcard\" href=\"\" title=\"Zeige alle Beitr\u00e4ge von Joachim Keil\" rel=\"author\">Von <span class=\"fn\">Joachim Keil<\/span><\/a><a href=\"https:\/\/ucm.one\/de\/2020\/09\/23\/\" title=\"12:55\" class=\"data-link\" rel=\"bookmark\"><time class=\"entry-date updated\" datetime=\"2020-09-23T12:55:16+00:00\">23. September 2020<\/time><\/a><\/div>\n\t<div class=\"entry-excerpt\"><p>[vc_row][vc_column][vc_column_text] Heute, am 23. September 2020, w\u00e4re Romy Schneider 82 Jahre alt geworden.\u00a0Die Schauspielerin war bereits im Alter von 15 Jahren ein Filmstar. An der Seite ihrer Mutter Magda und von Filmpartner Karlheinz B\u00f6hm wurde sie 1955 in der Rolle der \u201eSissi\u201c weltber\u00fchmt. Der Film beziehungsweise die Filmtrilogie um die \u00f6sterreichische Kaiserin Elisabeth legte Romy&hellip;<\/p>\n<\/div>\n\t\n<a href=\"https:\/\/ucm.one\/de\/in-erinnerung-an-romy-schneider\/\" class=\"post-details details-type-link\" aria-label=\"Read more about In Erinnerung an Romy Schneider\">Mehr lesen<i class=\"dt-icon-the7-arrow-03\" aria-hidden=\"true\"><\/i><\/a>\n\n<\/div><\/article><\/div><div class=\"visible wf-cell\" data-post-id=\"16842\" data-date=\"2018-09-16T14:41:35+00:00\" data-name=\"\u201eNachtblende\u201c mit Romy Schneider und Klaus Kinski ab jetzt auf VoD-Portalen erh\u00e4ltlich\"><article class=\"post project-odd visible post-16842 type-post status-publish format-standard has-post-thumbnail hentry category-artkeim category-edition-parasol-videotheque category-film category-filmklassiker category-news tag-andrzej-zulawski tag-artkeim tag-claude-dauphin tag-edition-parasol-videotheque tag-fabio-testi tag-filmklassiker tag-gabrielle-doulcet tag-jacques-dutronc tag-klaus-kinski tag-nachtblende tag-roger-blin tag-romy-schneider category-828 category-4658 category-8 category-7004 category-13\" data-name=\"\u201eNachtblende\u201c mit Romy Schneider und Klaus Kinski ab jetzt auf VoD-Portalen erh\u00e4ltlich\" data-date=\"2018-09-16T14:41:35+00:00\">\n\n<div class=\"post-thumbnail-wrap\">\n\t<div class=\"post-thumbnail\">\n\t\t\n\t\t\n\t\t<a href=\"https:\/\/ucm.one\/de\/nachtblende-mit-romy-schneider-und-klaus-kinski-ab-jetzt-auf-vod-portalen-erhaeltlich\/\" class=\"post-thumbnail-rollover layzr-bg layzr-bg\" ><img decoding=\"async\" class=\"iso-lazy-load preload-me iso-lazy-load aspect\" src=\"data:image\/svg+xml,%3Csvg%20xmlns%3D&#39;http%3A%2F%2Fwww.w3.org%2F2000%2Fsvg&#39;%20viewBox%3D&#39;0%200%20990%20309&#39;%2F%3E\" data-src=\"https:\/\/ucm.one\/wp-content\/uploads\/2018\/09\/B-Romy-Schneider-Nachtblende-990x309.jpg\" data-srcset=\"https:\/\/ucm.one\/wp-content\/uploads\/2018\/09\/B-Romy-Schneider-Nachtblende-990x309.jpg 990w, https:\/\/ucm.one\/wp-content\/uploads\/2018\/09\/B-Romy-Schneider-Nachtblende-1485x464.jpg 1485w\" loading=\"eager\" style=\"--ratio: 990 \/ 309\" sizes=\"(max-width: 990px) 100vw, 990px\" alt=\"\" title=\"B Romy Schneider &#8211; Nachtblende\" width=\"990\" height=\"309\"  \/><\/a>\t<\/div>\n<\/div>\n\n\n<div class=\"post-entry-content\">\n\n\t<h3 class=\"entry-title\">\n\t\t<a href=\"https:\/\/ucm.one\/de\/nachtblende-mit-romy-schneider-und-klaus-kinski-ab-jetzt-auf-vod-portalen-erhaeltlich\/\" title=\"\u201eNachtblende\u201c mit Romy Schneider und Klaus Kinski ab jetzt auf VoD-Portalen erh\u00e4ltlich\" rel=\"bookmark\">\u201eNachtblende\u201c mit Romy Schneider und Klaus Kinski ab jetzt auf VoD-Portalen erh\u00e4ltlich<\/a>\n\t<\/h3>\n\n\t<div class=\"entry-meta\"><span class=\"category-link\"><a href=\"https:\/\/ucm.one\/de\/category\/news\/film\/artkeim\/\" >Artkeim\u00b2<\/a>, <a href=\"https:\/\/ucm.one\/de\/category\/news\/film\/artkeim\/edition-parasol-videotheque\/\" >\u00c9dition ParaSol Videoth\u00e8que<\/a>, <a href=\"https:\/\/ucm.one\/de\/category\/news\/film\/\" >Film<\/a>, <a href=\"https:\/\/ucm.one\/de\/category\/news\/filmklassiker\/\" >Filmklassiker<\/a>, <a href=\"https:\/\/ucm.one\/de\/category\/news\/\" >News<\/a><\/span><a class=\"author vcard\" href=\"\" title=\"Zeige alle Beitr\u00e4ge von Joachim Keil\" rel=\"author\">Von <span class=\"fn\">Joachim Keil<\/span><\/a><a href=\"https:\/\/ucm.one\/de\/2018\/09\/16\/\" title=\"14:41\" class=\"data-link\" rel=\"bookmark\"><time class=\"entry-date updated\" datetime=\"2018-09-16T14:41:35+00:00\">16. September 2018<\/time><\/a><\/div>\n\t<div class=\"entry-excerpt\"><p>[vc_row][vc_column][vc_column_text]Romy Schneider wurde am 23. September 1938 in Wien\u00a0geboren und w\u00e4re, wenn sie nicht schon viel zu fr\u00fch verstorben w\u00e4re, am 23. September 2018 somit\u00a080 Jahre alt geworden. Anl\u00e4sslich dieses runden Geburtstages ver\u00f6ffentlicht UCM.ONE im Rahmen der\u00a0\u00c9dition ParaSol Videoth\u00e8que des Labels Artkeim\u00b2\u00a0den Film \u201eNachtblende\u201c (1975) von Regisseur Andrzej Zulawski\u00a0in einer neuen restaurierten Version fast \u00fcberall&hellip;<\/p>\n<\/div>\n\t\n<a href=\"https:\/\/ucm.one\/de\/nachtblende-mit-romy-schneider-und-klaus-kinski-ab-jetzt-auf-vod-portalen-erhaeltlich\/\" class=\"post-details details-type-link\" aria-label=\"Read more about \u201eNachtblende\u201c mit Romy Schneider und Klaus Kinski ab jetzt auf VoD-Portalen erh\u00e4ltlich\">Mehr lesen<i class=\"dt-icon-the7-arrow-03\" aria-hidden=\"true\"><\/i><\/a>\n\n<\/div><\/article><\/div><\/div><!-- iso-container|iso-grid --><\/div>[vc_empty_space height=&#8220;25px&#8220;][vc_btn title=&#8220;Alle News&#8220; style=&#8220;classic&#8220; align=&#8220;right&#8220; i_icon_fontawesome=&#8220;fas fa-newspaper&#8220; add_icon=&#8220;true&#8220; link=&#8220;url:https%3A%2F%2Fucm.one%2Fde%2Ftag%2Fnachtblende|title:Nachtblende&#8220;][vc_empty_space height=&#8220;0px&#8220;][\/vc_column][\/vc_row][vc_row][vc_column][vc_separator color=&#8220;blue&#8220;][\/vc_column][\/vc_row][vc_row css=&#8220;.vc_custom_1518458873891{margin-top: 65px !important;}&#8220;][vc_column width=&#8220;1\/4&#8243;][vc_btn title=&#8220;Artkeim\u00b2&#8220; style=&#8220;flat&#8220; size=&#8220;lg&#8220; align=&#8220;center&#8220; i_icon_fontawesome=&#8220;fas fa-arrow-right&#8220; button_block=&#8220;true&#8220; add_icon=&#8220;true&#8220; link=&#8220;url:https%3A%2F%2Fucm.one%2Fde%2Ffilm-labels%2Fartkeim%2F|title:Artkeim%C2%B2&#8243;][\/vc_column][vc_column width=&#8220;1\/4&#8243;][vc_btn title=&#8220;Filmportal&#8220; style=&#8220;flat&#8220; color=&#8220;blue&#8220; size=&#8220;lg&#8220; align=&#8220;center&#8220; i_icon_fontawesome=&#8220;fas fa-film&#8220; button_block=&#8220;true&#8220; add_icon=&#8220;true&#8220; link=&#8220;url:https%3A%2F%2Fwww.filmportal.de%2Ffilm%2Fnachtblende_c0de535c8dbf469eab0e402d24aa720e|title:Nachtblende|target:_blank&#8220;][\/vc_column][vc_column width=&#8220;1\/4&#8243;][vc_btn title=&#8220;IMDb&#8220; style=&#8220;flat&#8220; color=&#8220;blue&#8220; size=&#8220;lg&#8220; align=&#8220;center&#8220; i_icon_fontawesome=&#8220;fab fa-imdb&#8220; button_block=&#8220;true&#8220; add_icon=&#8220;true&#8220; link=&#8220;url:https%3A%2F%2Fwww.imdb.com%2Ftitle%2Ftt0073155|title:IMDB|target:_blank&#8220;][\/vc_column][vc_column width=&#8220;1\/4&#8243;][vc_btn title=&#8220;Wikipedia&#8220; style=&#8220;flat&#8220; color=&#8220;blue&#8220; size=&#8220;lg&#8220; align=&#8220;center&#8220; i_icon_fontawesome=&#8220;fab fa-wikipedia-w&#8220; button_block=&#8220;true&#8220; add_icon=&#8220;true&#8220; link=&#8220;url:https%3A%2F%2Fde.wikipedia.org%2Fwiki%2FNachtblende_(1975)|title:Wikipedia|target:_blank&#8220;][\/vc_column][\/vc_row][vc_row content_placement=&#8220;middle&#8220; bg_type=&#8220;grad&#8220; ult_hide_row=&#8220;ult_hide_row_value&#8220; ult_hide_row_large_screen=&#8220;large_screen&#8220; ult_hide_row_desktop=&#8220;desktop&#8220; css=&#8220;.vc_custom_1518701755537{margin-top: 0px !important;padding-top: -50px !important;}&#8220; bg_grad=&#8220;background: -webkit-gradient(linear, left top, left bottom, color-stop(0%, #E3E3E3), color-stop(0%, #FFFFFF), color-stop(6%, #FFFFFF), color-stop(7%, #FFFFFF), color-stop(50%, #FFFFFF));background: -moz-linear-gradient(top,#E3E3E3 0%,#FFFFFF 0%,#FFFFFF 6%,#FFFFFF 7%,#FFFFFF 50%);background: -webkit-linear-gradient(top,#E3E3E3 0%,#FFFFFF 0%,#FFFFFF 6%,#FFFFFF 7%,#FFFFFF 50%);background: -o-linear-gradient(top,#E3E3E3 0%,#FFFFFF 0%,#FFFFFF 6%,#FFFFFF 7%,#FFFFFF 50%);background: -ms-linear-gradient(top,#E3E3E3 0%,#FFFFFF 0%,#FFFFFF 6%,#FFFFFF 7%,#FFFFFF 50%);background: linear-gradient(top,#E3E3E3 0%,#FFFFFF 0%,#FFFFFF 6%,#FFFFFF 7%,#FFFFFF 50%);&#8220;][vc_column][vc_btn title=&#8220;Kontakt&#8220; style=&#8220;flat&#8220; color=&#8220;primary&#8220; size=&#8220;lg&#8220; align=&#8220;center&#8220; i_icon_fontawesome=&#8220;far fa-envelope&#8220; button_block=&#8220;true&#8220; add_icon=&#8220;true&#8220; link=&#8220;url:https%3A%2F%2Fucm.one%2Fde%2Ffirma%2Fkontakt%2F|title:Kontakt&#8220;][\/vc_column][\/vc_row]<\/p>\n<\/div>","protected":false},"excerpt":{"rendered":"<p>[vc_row css=&#8220;.vc_custom_1561374765584{margin-top: 20px !important;}&#8220;][vc_column width=&#8220;3\/4&#8243; css=&#8220;.vc_custom_1561378576831{padding-right: 30px !important;}&#8220;][vc_column_text] Nachtblende: [\/vc_column_text][vc_column_text]Der Film &#8222;Nachtblende&#8220; von Andrzej \u017bu\u0142awski\u00a0ist ein Highlights des franz\u00f6sischen Autorenkinos. Der Film basiert auf dem Roman &#8222;La nuit americaine&#8220;\u00a0von Christopher Frank, wobei sich \u017bu\u0142awskis Drehbuch und Inszenierung stark von der Romanvorlage entfernen. Der Film ist mit Romy Schneider, Fabio Testi, Klaus Kinski\u00a0starbesetzt mit\u00a0Gr\u00f6\u00dfen des europ\u00e4ischen&hellip;<\/p>\n","protected":false},"author":2,"featured_media":67621,"parent":0,"menu_order":2,"comment_status":"closed","ping_status":"closed","template":"","meta":{"_acf_changed":false,"footnotes":""},"class_list":["post-67620","page","type-page","status-publish","has-post-thumbnail","hentry","description-off"],"acf":[],"yoast_head":"<!-- This site is optimized with the Yoast SEO plugin v27.5 - https:\/\/yoast.com\/product\/yoast-seo-wordpress\/ -->\n<title>Nachtblende (1975) von Andrzej \u017bu\u0142awski | Artkeim\u00b2<\/title>\n<meta name=\"description\" content=\"Der Film &quot;Nachtblende&quot; von Andrzej \u017bu\u0142awski mit Romy Schneider, Fabio Testi und Klaus Kinski ist ein Highlights des franz\u00f6sischen Autorenkinos.\" \/>\n<meta name=\"robots\" content=\"index, follow, max-snippet:-1, max-image-preview:large, max-video-preview:-1\" \/>\n<link rel=\"canonical\" href=\"https:\/\/ucm.one\/de\/nachtblende\/\" \/>\n<meta property=\"og:locale\" content=\"de_DE\" \/>\n<meta property=\"og:type\" content=\"article\" \/>\n<meta property=\"og:title\" content=\"Nachtblende (1975) von Andrzej \u017bu\u0142awski | Artkeim\u00b2\" \/>\n<meta property=\"og:description\" content=\"Der Film &quot;Nachtblende&quot; von Andrzej \u017bu\u0142awski mit Romy Schneider, Fabio Testi und Klaus Kinski ist ein Highlights des franz\u00f6sischen Autorenkinos.\" \/>\n<meta property=\"og:url\" content=\"https:\/\/ucm.one\/de\/nachtblende\/\" \/>\n<meta property=\"og:site_name\" content=\"UCM.ONE\" \/>\n<meta property=\"article:modified_time\" content=\"2025-05-09T12:20:08+00:00\" \/>\n<meta property=\"og:image\" content=\"https:\/\/ucm.one\/wp-content\/uploads\/2022\/04\/P-Romy-Schneider-Nachtblende-2022.jpg\" \/>\n<meta name=\"twitter:card\" content=\"summary_large_image\" \/>\n<meta name=\"twitter:title\" content=\"Nachtblende (1975) von Andrzej \u017bu\u0142awski | Artkeim\u00b2\" \/>\n<meta name=\"twitter:description\" content=\"Der Film &quot;Nachtblende&quot; von Andrzej \u017bu\u0142awski mit Romy Schneider, Fabio Testi und Klaus Kinski ist ein Highlights des franz\u00f6sischen Autorenkinos.\" \/>\n<meta name=\"twitter:image\" content=\"https:\/\/ucm.one\/wp-content\/uploads\/2022\/04\/P-Romy-Schneider-Nachtblende-2022.jpg\" \/>\n<meta name=\"twitter:label1\" content=\"Gesch\u00e4tzte Lesezeit\" \/>\n\t<meta name=\"twitter:data1\" content=\"28\u00a0Minuten\" \/>\n<!-- \/ Yoast SEO plugin. -->","yoast_head_json":{"title":"Nachtblende (1975) von Andrzej \u017bu\u0142awski | Artkeim\u00b2","description":"Der Film \"Nachtblende\" von Andrzej \u017bu\u0142awski mit Romy Schneider, Fabio Testi und Klaus Kinski ist ein Highlights des franz\u00f6sischen Autorenkinos.","robots":{"index":"index","follow":"follow","max-snippet":"max-snippet:-1","max-image-preview":"max-image-preview:large","max-video-preview":"max-video-preview:-1"},"canonical":"https:\/\/ucm.one\/de\/nachtblende\/","og_locale":"de_DE","og_type":"article","og_title":"Nachtblende (1975) von Andrzej \u017bu\u0142awski | Artkeim\u00b2","og_description":"Der Film \"Nachtblende\" von Andrzej \u017bu\u0142awski mit Romy Schneider, Fabio Testi und Klaus Kinski ist ein Highlights des franz\u00f6sischen Autorenkinos.","og_url":"https:\/\/ucm.one\/de\/nachtblende\/","og_site_name":"UCM.ONE","article_modified_time":"2025-05-09T12:20:08+00:00","og_image":[{"url":"https:\/\/ucm.one\/wp-content\/uploads\/2022\/04\/P-Romy-Schneider-Nachtblende-2022.jpg","type":"","width":"","height":""}],"twitter_card":"summary_large_image","twitter_title":"Nachtblende (1975) von Andrzej \u017bu\u0142awski | Artkeim\u00b2","twitter_description":"Der Film \"Nachtblende\" von Andrzej \u017bu\u0142awski mit Romy Schneider, Fabio Testi und Klaus Kinski ist ein Highlights des franz\u00f6sischen Autorenkinos.","twitter_image":"https:\/\/ucm.one\/wp-content\/uploads\/2022\/04\/P-Romy-Schneider-Nachtblende-2022.jpg","twitter_misc":{"Gesch\u00e4tzte Lesezeit":"28\u00a0Minuten"},"schema":{"@context":"https:\/\/schema.org","@graph":[{"@type":"WebPage","@id":"https:\/\/ucm.one\/de\/nachtblende\/","url":"https:\/\/ucm.one\/de\/nachtblende\/","name":"Nachtblende (1975) von Andrzej \u017bu\u0142awski | Artkeim\u00b2","isPartOf":{"@id":"https:\/\/ucm.one\/de\/#website"},"primaryImageOfPage":{"@id":"https:\/\/ucm.one\/de\/nachtblende\/#primaryimage"},"image":{"@id":"https:\/\/ucm.one\/de\/nachtblende\/#primaryimage"},"thumbnailUrl":"https:\/\/ucm.one\/wp-content\/uploads\/2022\/04\/P-Romy-Schneider-Nachtblende-2022.jpg","datePublished":"2022-04-27T21:24:03+00:00","dateModified":"2025-05-09T12:20:08+00:00","description":"Der Film \"Nachtblende\" von Andrzej \u017bu\u0142awski mit Romy Schneider, Fabio Testi und Klaus Kinski ist ein Highlights des franz\u00f6sischen Autorenkinos.","breadcrumb":{"@id":"https:\/\/ucm.one\/de\/nachtblende\/#breadcrumb"},"inLanguage":"de","potentialAction":[{"@type":"ReadAction","target":["https:\/\/ucm.one\/de\/nachtblende\/"]}]},{"@type":"ImageObject","inLanguage":"de","@id":"https:\/\/ucm.one\/de\/nachtblende\/#primaryimage","url":"https:\/\/ucm.one\/wp-content\/uploads\/2022\/04\/P-Romy-Schneider-Nachtblende-2022.jpg","contentUrl":"https:\/\/ucm.one\/wp-content\/uploads\/2022\/04\/P-Romy-Schneider-Nachtblende-2022.jpg","width":699,"height":1000},{"@type":"BreadcrumbList","@id":"https:\/\/ucm.one\/de\/nachtblende\/#breadcrumb","itemListElement":[{"@type":"ListItem","position":1,"name":"Home","item":"https:\/\/ucm.one\/de\/"},{"@type":"ListItem","position":2,"name":"Nachtblende (1975) von Andrzej \u017bu\u0142awski | Artkeim\u00b2"}]},{"@type":"WebSite","@id":"https:\/\/ucm.one\/de\/#website","url":"https:\/\/ucm.one\/de\/","name":"UCM.ONE","description":"","publisher":{"@id":"https:\/\/ucm.one\/de\/#organization"},"potentialAction":[{"@type":"SearchAction","target":{"@type":"EntryPoint","urlTemplate":"https:\/\/ucm.one\/de\/?s={search_term_string}"},"query-input":{"@type":"PropertyValueSpecification","valueRequired":true,"valueName":"search_term_string"}}],"inLanguage":"de"},{"@type":"Organization","@id":"https:\/\/ucm.one\/de\/#organization","name":"UCM.ONE","url":"https:\/\/ucm.one\/de\/","logo":{"@type":"ImageObject","inLanguage":"de","@id":"https:\/\/ucm.one\/de\/#\/schema\/logo\/image\/","url":"https:\/\/ucm.one\/wp-content\/uploads\/2019\/10\/UCM.ONE-Logo-RGB.svg","contentUrl":"https:\/\/ucm.one\/wp-content\/uploads\/2019\/10\/UCM.ONE-Logo-RGB.svg","width":1,"height":1,"caption":"UCM.ONE"},"image":{"@id":"https:\/\/ucm.one\/de\/#\/schema\/logo\/image\/"}}]}},"_links":{"self":[{"href":"https:\/\/ucm.one\/de\/wp-json\/wp\/v2\/pages\/67620","targetHints":{"allow":["GET"]}}],"collection":[{"href":"https:\/\/ucm.one\/de\/wp-json\/wp\/v2\/pages"}],"about":[{"href":"https:\/\/ucm.one\/de\/wp-json\/wp\/v2\/types\/page"}],"author":[{"embeddable":true,"href":"https:\/\/ucm.one\/de\/wp-json\/wp\/v2\/users\/2"}],"replies":[{"embeddable":true,"href":"https:\/\/ucm.one\/de\/wp-json\/wp\/v2\/comments?post=67620"}],"version-history":[{"count":2,"href":"https:\/\/ucm.one\/de\/wp-json\/wp\/v2\/pages\/67620\/revisions"}],"predecessor-version":[{"id":285716,"href":"https:\/\/ucm.one\/de\/wp-json\/wp\/v2\/pages\/67620\/revisions\/285716"}],"wp:featuredmedia":[{"embeddable":true,"href":"https:\/\/ucm.one\/de\/wp-json\/wp\/v2\/media\/67621"}],"wp:attachment":[{"href":"https:\/\/ucm.one\/de\/wp-json\/wp\/v2\/media?parent=67620"}],"curies":[{"name":"wp","href":"https:\/\/api.w.org\/{rel}","templated":true}]}}