{"id":65557,"date":"2020-10-08T00:57:45","date_gmt":"2020-10-08T00:57:45","guid":{"rendered":"https:\/\/ucm.one\/?page_id=65557"},"modified":"2023-04-01T16:54:23","modified_gmt":"2023-04-01T16:54:23","slug":"barabbas-er-lebte-weil-jesus-starb","status":"publish","type":"page","link":"https:\/\/ucm.one\/de\/barabbas-er-lebte-weil-jesus-starb\/","title":{"rendered":"Barabbas &#8211; Er lebte, weil Jesus starb (2019) von Evgeniy Emelin | U1 Films Berlin"},"content":{"rendered":"<div class=\"wpb-content-wrapper\"><p>[vc_row][vc_column width=&#8220;3\/4&#8243; css=&#8220;.vc_custom_1561291995466{padding-right: 30px !important;}&#8220;][vc_column_text]<\/p>\n<h1>Barabbas <span id=\"productTitle\" class=\"a-size-large product-title-word-break\">&#8211; Er lebte, weil Jesus starb<\/span><\/h1>\n<p>[\/vc_column_text][vc_column_text]<span style=\"font-family: 'arial black', sans-serif;\"><strong>UCM.ONE<\/strong><\/span>\u00a0ver\u00f6ffentlicht auf dem neuen Filmlabel <strong><span style=\"font-family: 'arial black', sans-serif;\">U1<\/span> Film Berlin<\/strong> den russischen Historienfilm <strong>Barabbas <\/strong>von\u00a0Regisseur\u00a0<strong>Evgeniy Emelin<\/strong>, der einen einzigartigen Blick auf die bekannte Geschichte von Christi Tod und dessen Auferstehung, gesehen mit den Augen des R\u00e4ubers Barabbas, der dem Tod am Kreuz entkommen konnte, wirft.[\/vc_column_text][vc_row_inner][vc_column_inner width=&#8220;1\/2&#8243; css=&#8220;.vc_custom_1561290391124{border-right-width: -15px !important;}&#8220;][vc_single_image image=&#8220;65568&#8243; img_size=&#8220;full&#8220;][\/vc_column_inner][vc_column_inner width=&#8220;1\/2&#8243;][vc_single_image image=&#8220;65579&#8243; img_size=&#8220;full&#8220;][\/vc_column_inner][\/vc_row_inner][vc_column_text]<\/p>\n<h3>Inhaltsangabe des Films:<\/h3>\n<p>Eben noch glaubt Barabbas, dass er wegen eines Mordes hingerichtet wird. Doch dann fordert das Volk Jerusalems seine Freilassung und stattdessen den Kreuzestod von Jesus Christus. Barabbas meint eigentlich, den Tod f\u00fcr seine Tat verdient zu haben. Statt seiner wird jedoch der offensichtlich unschuldige Jesus hingerichtet. Es folgen die drei Tage bis zur Auferstehung Jesu, in denen Barabbas sich mithilfe seines Gef\u00e4hrten Melchior auf den Weg macht, die Wahrheit \u00fcber den Nazarener herauszufinden. Er trifft Maria, einige J\u00fcnger, Maria Magdalena und Joseph und fragt sich immer ernsthafter: &#8222;Ist Jesus Gott?&#8220; Dieser russische Bibelfilm ist fiktiv, bietet aber einen guten Blick auf das, was Jesus durch seinen Kreuzestod f\u00fcr die Menschen getan hat.[\/vc_column_text][vc_row_inner][vc_column_inner css=&#8220;.vc_custom_1561290391124{border-right-width: -15px !important;}&#8220;][vc_single_image image=&#8220;65547&#8243; img_size=&#8220;full&#8220;][\/vc_column_inner][\/vc_row_inner][vc_column_text]<\/p>\n<h3>Die biblische Figur<\/h3>\n<p>Barabbas befand sich zur Zeit der Vorf\u00fchrung Jesu vor Pilatus in Haft. Er wurde des Aufruhrs und des Mordes angeklagt. Da es nach den Evangelien Brauch war, einmal im Jahr zum Passahfest auf Wunsch der Menge einen Gefangenen freizulassen, lie\u00df Pilatus das Volk zwischen Barabbas und Jesus w\u00e4hlen. Pilatus hatte bemerkt, dass die Anklage der Priester gegen Jesus b\u00f6swillig war und wollte sich deshalb aus der Aff\u00e4re ziehen.\u00a0Aber unter dem Einfluss der Priester und auch der Barabbas-Anh\u00e4nger forderte die Menge, dass Barabbas freigelassen werden sollte. Pilatus wusch seine H\u00e4nde in Unschuld und gab nach.<\/p>\n<p>Die Geschichte von Barabbas kann in den Evangelien nachgelesen werden: Mt. 27,1ff; Lk. 23,1ff und Joh. 18,1ff.[\/vc_column_text][vc_row_inner][vc_column_inner width=&#8220;1\/2&#8243; css=&#8220;.vc_custom_1561290391124{border-right-width: -15px !important;}&#8220;][vc_single_image image=&#8220;65565&#8243; img_size=&#8220;full&#8220;][\/vc_column_inner][vc_column_inner width=&#8220;1\/2&#8243;][vc_single_image image=&#8220;65582&#8243; img_size=&#8220;full&#8220;][\/vc_column_inner][\/vc_row_inner][vc_column_text]<\/p>\n<h3>Historische Erkenntnisse<\/h3>\n<p>F\u00fcr einige Historiker ist die Tatsache, dass es \u00dcberlieferungen des Namens in der Form Jesus Barabbas gab, ein Hinweis darauf, dass Barabbas keine fiktive Person war. Weitere Erkenntnisse \u00fcber die Umst\u00e4nde seiner Inhaftierung, die Anschuldigungen gegen ihn und seine rechtliche Situation lassen sich aus den Evangelienberichten jedoch nicht gewinnen. Nach Mk 15,7 EU wurde Barabbas zusammen mit einigen Aufst\u00e4ndischen, die einen Mord begangen hatten, eingekerkert oder gefangen gehalten. Im Lukasevangelium (23,19 EU) werden Aufruhr und Mord als Grund f\u00fcr seine Verhaftung angegeben, aber diese Stelle wird als Entlehnung aus dem Markusevangelium angesehen. In Mt 27,16 EU wird Barabbas nur als &#8222;angesehener Gefangener&#8220; beschrieben, und im Johannesevangelium (18,40 EU) hei\u00dft es nur, dass er ein &#8222;Bandit&#8220; (lest\u00e9s) war.[\/vc_column_text][vc_single_image image=&#8220;65529&#8243; img_size=&#8220;full&#8220;][vc_column_text]Laut dem j\u00fcdischen Historiker Max Dimont ist die Geschichte von Barabbas, wie sie in den Evangelien erz\u00e4hlt wird, sowohl vom r\u00f6mischen als auch vom j\u00fcdischen Standpunkt aus nicht glaubw\u00fcrdig. Die Geschichte stellt auf den ersten Blick die r\u00f6mische Autorit\u00e4t, Pontius Pilatus, dar, der mit \u00fcberw\u00e4ltigender milit\u00e4rischer Macht im R\u00fccken von einer kleinen Menge unbewaffneter Zivilisten eingesch\u00fcchtert wurde, einen Gefangenen freizulassen, der wegen Aufruhrs gegen das r\u00f6mische Reich zum Tode verurteilt worden war. Ein r\u00f6mischer Statthalter, der das getan h\u00e4tte, h\u00e4tte selbst mit der Hinrichtung rechnen m\u00fcssen. Des Weiteren argumentiert Dimont gegen die Glaubw\u00fcrdigkeit der Barabbas-Geschichte, indem er anmerkt, dass der angebliche Brauch des privilegium paschale, &#8222;das Privileg des Passahfestes&#8220;, bei dem ein Verbrecher freigelassen wird, nur in den Evangelien zu finden ist. Kein \u00e4hnlicher Brauch wird in au\u00dferbiblischen Berichten erw\u00e4hnt, noch gibt es einen Pr\u00e4zedenzfall f\u00fcr eine solche Praxis in biblischen oder au\u00dferbiblischen Quellen; dieses bemerkenswerte Fehlen, so argumentiert Dimont, macht die Grundlage f\u00fcr die Erz\u00e4hlung unglaubw\u00fcrdig und schwer zu glauben.[\/vc_column_text][vc_column_text][\/vc_column_text][\/vc_column][vc_column width=&#8220;1\/4&#8243; css=&#8220;.vc_custom_1597571175666{margin-top: 15px !important;margin-bottom: 15px !important;background-color: #efefef !important;}&#8220;]<style type=\"text\/css\" data-type=\"the7_shortcodes-inline-css\">.shortcode-single-image-wrap.shortcode-single-image-0f38ed538492205f08f031464a95f874.enable-bg-rollover .rollover i,\n.shortcode-single-image-wrap.shortcode-single-image-0f38ed538492205f08f031464a95f874.enable-bg-rollover .rollover-video i {\n  background: -webkit-linear-gradient();\n  background: linear-gradient();\n}\n.shortcode-single-image-wrap.shortcode-single-image-0f38ed538492205f08f031464a95f874 .rollover-icon {\n  font-size: 32px;\n  color: #ffffff;\n  min-width: 44px;\n  min-height: 44px;\n  line-height: 44px;\n  border-radius: 100px;\n  border-style: solid;\n  border-width: 0px;\n}\n.dt-icon-bg-on.shortcode-single-image-wrap.shortcode-single-image-0f38ed538492205f08f031464a95f874 .rollover-icon {\n  background: rgba(255,255,255,0.3);\n  box-shadow: none;\n}<\/style><div class=\"shortcode-single-image-wrap shortcode-single-image-0f38ed538492205f08f031464a95f874 alignnone  vc_custom_1646701205159 enable-bg-rollover dt-icon-bg-off\" ><div class=\"shortcode-single-image\"><div class=\"fancy-media-wrap\" style=\"\"><a href=\"\" class=\" layzr-bg rollover\" style=\"\" aria-label=\"Image\"><img fetchpriority=\"high\" decoding=\"async\" class=\"preload-me lazy-load aspect\" src=\"data:image\/svg+xml,%3Csvg%20xmlns%3D&#39;http%3A%2F%2Fwww.w3.org%2F2000%2Fsvg&#39;%20viewBox%3D&#39;0%200%20699%20999&#39;%2F%3E\" data-src=\"https:\/\/ucm.one\/wp-content\/uploads\/2020\/07\/P-Barabbas.jpg\" data-srcset=\"https:\/\/ucm.one\/wp-content\/uploads\/2020\/07\/P-Barabbas.jpg 699w\" loading=\"eager\" style=\"--ratio: 699 \/ 999\" sizes=\"(max-width: 699px) 100vw, 699px\" width=\"699\" height=\"999\"  data-dt-location=\"https:\/\/ucm.one\/de\/film-labels\/u1-films-berlin\/p-barabbas\/\" alt=\"\" \/><\/a><\/div><\/div><\/div>[vc_empty_space height=&#8220;10px&#8220;][vc_column_text]<\/p>\n<p id=\"u3084-2\"><strong>Original Titel: <\/strong>Varavva<\/p>\n<p><strong>Regie:\u00a0<\/strong>Evgeniy Emelin<\/p>\n<p id=\"u3084-7\"><strong>Schauspieler*innen:\u00a0<\/strong>Regina Khakimova, Pavel Kraynov, Zalim Mirzoev, Laptii Oleksandr, Elena Podkaminskaya, Konstantin Samoukov, Sergey Sanaev u.a.<\/p>\n<p><strong>Produzent*innen:\u00a0<\/strong>Evgeniy Emelin, Anton Kirillov<\/p>\n<p><span lang=\"de\" tabindex=\"0\"><span style=\"font-family: arial, helvetica, sans-serif;\"><b>Kamera<\/b>: Andrey Deyneko <\/span><\/span><\/p>\n<p><strong>Kameraassistent &amp; Technik:<\/strong> Taras Miskiv<\/p>\n<p><strong>Schnitt:\u00a0<\/strong>Roman Koshelev,\u00a0Artem Rybakov<\/p>\n<p><strong>Ton:<\/strong> Aleksandr Abramov, Mihail Dozorov, Artur Khayrullin, Papuna Pipiya, Kirill Simakov<\/p>\n<p><strong>Musik:\u00a0<\/strong>Kirill Belorussov,\u00a0Aleksandr Kendysh,\u00a0Aleksandr Knyazev,\u00a0Oleg Saksonov<\/p>\n<p><strong>Produktionsdesign:<\/strong>\u00a0Andrey Gaponov,\u00a0Dmitriy Kuzmenko,\u00a0Vlad Ogay (as Vladislav Ogay),\u00a0Dmitriy Prikhodko<\/p>\n<p>&nbsp;<\/p>\n<p><strong>Produktion: <\/strong>Artworks Film<\/p>\n<p><strong>Produktionsjahr:<\/strong> 2019<\/p>\n<p><strong>Genres:<\/strong> Drama, History<\/p>\n<p><strong>Land:<\/strong>\u00a0Russland<\/p>\n<p><strong>Sprache:<\/strong> Russisch<\/p>\n<p><strong>Synchronisation:<\/strong> Deutsch<\/p>\n<p>&nbsp;<\/p>\n<p><strong>L\u00e4nge:<\/strong> 117 Min<\/p>\n<p><strong>FSK:<\/strong>\u00a012<\/p>\n<p><strong>Seitenverh\u00e4ltnis:<\/strong> 1.78:1<\/p>\n<p><strong>Ton:<\/strong> Dolby Digital 5.1<\/p>\n<p><strong>Aufl\u00f6sung:<\/strong>\u00a0Full-HD[\/vc_column_text][vc_separator color=&#8220;custom&#8220; accent_color=&#8220;#a0a0a0&#8243;][vc_column_text]<em>Weiterere Titel:<\/em><\/p>\n<p><strong>Deutsch: <\/strong>Barabbas &#8211; Er lebte, weil Jesus starb<\/p>\n<p><strong>Englisch:<\/strong> Barabbas<\/p>\n<p><strong>Portugiesisch:<\/strong> Barrab\u00e1s<\/p>\n<p><strong>Russisch:<\/strong> \u0412\u0430\u0440\u0430\u0432\u0432\u0430[\/vc_column_text][vc_separator color=&#8220;custom&#8220; accent_color=&#8220;#a0a0a0&#8243;][vc_column_text]<strong>Filmlabel:<\/strong> U1 Films Berlin<\/p>\n<p>&nbsp;<\/p>\n<p><em>Russland: <\/em><\/p>\n<p><strong>Kino-Start:<\/strong>\u00a029.04.2019<\/p>\n<p>&nbsp;<\/p>\n<p><em>Deutschland:<\/em><\/p>\n<p><strong>Blu-Ray &amp; DVD-Start:<\/strong>\u00a023.09.2020<\/p>\n<p><strong>VoD-Start:<\/strong> 23.09.2020[\/vc_column_text][\/vc_column][\/vc_row][vc_row][vc_column][vc_row_inner][vc_column_inner width=&#8220;1\/2&#8243; css=&#8220;.vc_custom_1561290391124{border-right-width: -15px !important;}&#8220;][vc_single_image image=&#8220;65572&#8243; img_size=&#8220;full&#8220;][\/vc_column_inner][vc_column_inner width=&#8220;1\/2&#8243;][vc_single_image image=&#8220;65575&#8243; img_size=&#8220;full&#8220;][\/vc_column_inner][\/vc_row_inner][vc_empty_space height=&#8220;12px&#8220;][\/vc_column][\/vc_row][vc_row][vc_column][vc_separator][vc_column_text]<span style=\"font-size: 18pt; font-family: arial, helvetica, sans-serif;\">Barabbas | Trailer (deutsch) \u1d34\u1d30<\/span>[\/vc_column_text][vc_video link=&#8220;https:\/\/youtu.be\/deMtFQIhBtc&#8220;][vc_empty_space height=&#8220;15px&#8220;][\/vc_column][\/vc_row][vc_row][vc_column][vc_empty_space height=&#8220;12px&#8220;][vc_column_text]<\/p>\n<div class=\"wpb_text_column wpb_content_element \">\n<div class=\"wpb_wrapper\">\n<p><span style=\"font-size: 18pt;\">Technische Daten<\/span><\/p>\n<p><strong>Blu-Ray<\/strong> | Bildformat: WS 2.35:1 \/ 1080p 23,976\u00a0| Gesamtlaufzeit Blu-Ray: 120 Min | Tonformate: Deutsch (DTS-HD Master Audio 5.1), Russisch (DTS-HD Master Audio 5.1) | Extras:\u00a0<span lang=\"EN-US\">Original Trailer, Trailershow | Untertitel: Deutsch |\u00a0<\/span>FSK 12<\/p>\n<p><strong>DVD<\/strong> | \u00a0Bildformat: WS 2.35:1 (anamorph) | Gesamtlaufzeit: 116 Min | Tonformate: Deutsch DD 5.1, Russisch DD 5.1 | Extras:\u00a0<span lang=\"EN-US\">Original Trailer, Trailershow | Untertitel: Deutsch |\u00a0<\/span>FSK 12<\/p>\n<\/div>\n<\/div>\n<p>[\/vc_column_text][\/vc_column][\/vc_row][vc_row][vc_column width=&#8220;1\/5&#8243;][vc_btn title=&#8220;Amazon&#8220; style=&#8220;classic&#8220; color=&#8220;orange&#8220; size=&#8220;sm&#8220; align=&#8220;center&#8220; i_icon_fontawesome=&#8220;fab fa-amazon&#8220; button_block=&#8220;true&#8220; add_icon=&#8220;true&#8220; link=&#8220;url:https%3A%2F%2Fwww.amazon.de%2FBarabbas-lebte-Jesus-starb-Blu-ray%2Fdp%2FB08HH1JQP2|title:Amazon|target:_blank&#8220;][\/vc_column][vc_column width=&#8220;1\/5&#8243;][vc_btn title=&#8220;MediaMarkt&#8220; style=&#8220;classic&#8220; color=&#8220;danger&#8220; size=&#8220;sm&#8220; align=&#8220;center&#8220; i_icon_fontawesome=&#8220;fas fa-dot-circle&#8220; button_block=&#8220;true&#8220; add_icon=&#8220;true&#8220; link=&#8220;url:https%3A%2F%2Fwww.mediamarkt.de%2Fde%2Fproduct%2F_barabbas-er-lebte-weil-jesus-starb-biografie-dvd-2682843.html|title:MediaMarkt|target:_blank&#8220;][\/vc_column][vc_column width=&#8220;1\/5&#8243;][vc_btn title=&#8220;Shop&#8220; style=&#8220;classic&#8220; color=&#8220;juicy-pink&#8220; size=&#8220;sm&#8220; align=&#8220;center&#8220; i_icon_fontawesome=&#8220;fas fa-shopping-cart&#8220; button_block=&#8220;true&#8220; add_icon=&#8220;true&#8220; link=&#8220;url:https%3A%2F%2Fucm.one%2Fde%2Fprodukt%2Fbarabbas-er-lebte-weil-jesus-starb%2F|title:Shop&#8220;][\/vc_column][vc_column width=&#8220;1\/5&#8243;][vc_btn title=&#8220;Apple TV&#8220; style=&#8220;classic&#8220; color=&#8220;sky&#8220; size=&#8220;sm&#8220; align=&#8220;center&#8220; i_icon_fontawesome=&#8220;fab fa-apple&#8220; button_block=&#8220;true&#8220; add_icon=&#8220;true&#8220; link=&#8220;url:https%3A%2F%2Ftv.apple.com%2Fde%2Fmovie%2Fbarabbas%2Fumc.cmc.43451j3ruwruf3ljbre4jxny3|title:Apple%20TV|target:_blank&#8220;][\/vc_column][vc_column width=&#8220;1\/5&#8243;][vc_btn title=&#8220;Prime Video&#8220; style=&#8220;classic&#8220; color=&#8220;sky&#8220; size=&#8220;sm&#8220; align=&#8220;center&#8220; i_icon_fontawesome=&#8220;fab fa-amazon&#8220; button_block=&#8220;true&#8220; add_icon=&#8220;true&#8220; link=&#8220;url:https%3A%2F%2Fwww.amazon.de%2FBarabbas-Regina-Khakimova%2Fdp%2FB08D7176BP|title:Prime%20Video|target:_blank&#8220;][\/vc_column][\/vc_row][vc_row][vc_column][vc_separator css=&#8220;.vc_custom_1560377795279{margin-top: 15px !important;}&#8220;][vc_empty_space height=&#8220;15px&#8220;][vc_column_text]<\/p>\n<h2><span style=\"font-family: arial, helvetica, sans-serif;\">Neuigkeiten<\/span><\/h2>\n<p>[\/vc_column_text]<style type=\"text\/css\" data-type=\"the7_shortcodes-inline-css\">.blog-shortcode.blog-masonry-shortcode-id-4148af495ac41b487ebca5271733de70.dividers-on.classic-layout-list article {\n  padding-top: 0;\n}\n.blog-shortcode.blog-masonry-shortcode-id-4148af495ac41b487ebca5271733de70.dividers-on.classic-layout-list article:first-of-type {\n  margin-top: 0;\n  padding-top: 0;\n}\n.blog-shortcode.blog-masonry-shortcode-id-4148af495ac41b487ebca5271733de70.classic-layout-list.mode-list .post-entry-content {\n  width: calc(100% - );\n}\n.blog-shortcode.blog-masonry-shortcode-id-4148af495ac41b487ebca5271733de70.classic-layout-list.mode-list .no-img .post-entry-content {\n  width: 100%;\n}\n.blog-shortcode.blog-masonry-shortcode-id-4148af495ac41b487ebca5271733de70 .filter-bg-decoration .filter-categories a.act {\n  color: #fff;\n}\n.blog-shortcode.blog-masonry-shortcode-id-4148af495ac41b487ebca5271733de70:not(.mode-masonry) article:first-of-type,\n.blog-shortcode.blog-masonry-shortcode-id-4148af495ac41b487ebca5271733de70:not(.mode-masonry) article.visible.first:not(.product) {\n  margin-top: 0;\n}\n.blog-shortcode.blog-masonry-shortcode-id-4148af495ac41b487ebca5271733de70.dividers-on:not(.mode-masonry) article {\n  margin-top: 0;\n}\n.blog-shortcode.blog-masonry-shortcode-id-4148af495ac41b487ebca5271733de70.dividers-on:not(.mode-masonry) article:first-of-type,\n.blog-shortcode.blog-masonry-shortcode-id-4148af495ac41b487ebca5271733de70.dividers-on:not(.mode-masonry) article.visible.first:not(.product) {\n  margin-top: 0;\n  padding-top: 0;\n}\n.blog-shortcode.blog-masonry-shortcode-id-4148af495ac41b487ebca5271733de70 .post-thumbnail-wrap {\n  padding: 0px 0px 0px 0px;\n}\n.blog-shortcode.blog-masonry-shortcode-id-4148af495ac41b487ebca5271733de70.enable-bg-rollover .post-thumbnail-rollover:after {\n  background: -webkit-linear-gradient();\n  background: linear-gradient();\n}\n.blog-shortcode.blog-masonry-shortcode-id-4148af495ac41b487ebca5271733de70 .gallery-zoom-ico {\n  width: 44px;\n  height: 44px;\n  line-height: 44px;\n  border-radius: 100px;\n  margin: -22px 0 0 -22px;\n  border-width: 0px;\n  color: #ffffff;\n}\n.bottom-overlap-layout-list.blog-shortcode.blog-masonry-shortcode-id-4148af495ac41b487ebca5271733de70 .gallery-zoom-ico {\n  margin-top: -72px;\n}\n.gradient-overlay-layout-list.blog-shortcode.blog-masonry-shortcode-id-4148af495ac41b487ebca5271733de70 .gallery-zoom-ico,\n.content-rollover-layout-list.blog-shortcode.blog-masonry-shortcode-id-4148af495ac41b487ebca5271733de70 .gallery-zoom-ico {\n  margin: 0 0 10px;\n}\n.content-align-center.gradient-overlay-layout-list.blog-shortcode.blog-masonry-shortcode-id-4148af495ac41b487ebca5271733de70 .gallery-zoom-ico,\n.content-align-center.content-rollover-layout-list.blog-shortcode.blog-masonry-shortcode-id-4148af495ac41b487ebca5271733de70 .gallery-zoom-ico {\n  margin: 0 auto 10px;\n}\n.dt-icon-bg-on.blog-shortcode.blog-masonry-shortcode-id-4148af495ac41b487ebca5271733de70 .gallery-zoom-ico {\n  background: rgba(255,255,255,0.3);\n  box-shadow: none;\n}\n.blog-shortcode.blog-masonry-shortcode-id-4148af495ac41b487ebca5271733de70 .gallery-zoom-ico > span,\n.blog-shortcode.blog-masonry-shortcode-id-4148af495ac41b487ebca5271733de70 .gallery-zoom-ico:before {\n  font-size: 32px;\n  line-height: 44px;\n}\n.blog-shortcode.blog-masonry-shortcode-id-4148af495ac41b487ebca5271733de70 .gallery-zoom-ico > span,\n.blog-shortcode.blog-masonry-shortcode-id-4148af495ac41b487ebca5271733de70 .gallery-zoom-ico:before {\n  color: #ffffff;\n}\n.blog-shortcode.blog-masonry-shortcode-id-4148af495ac41b487ebca5271733de70 .entry-title,\n.blog-shortcode.blog-masonry-shortcode-id-4148af495ac41b487ebca5271733de70.owl-carousel .entry-title {\n  margin-bottom: 5px;\n  font-weight: bold;\n}\n.blog-shortcode.blog-masonry-shortcode-id-4148af495ac41b487ebca5271733de70 .entry-meta {\n  margin-bottom: 15px;\n}\n.blog-shortcode.blog-masonry-shortcode-id-4148af495ac41b487ebca5271733de70 .portfolio-categories {\n  margin-bottom: 15px;\n}\n.blog-shortcode.blog-masonry-shortcode-id-4148af495ac41b487ebca5271733de70 .entry-excerpt {\n  margin-bottom: 5px;\n}\n.blog-shortcode.blog-masonry-shortcode-id-4148af495ac41b487ebca5271733de70:not(.centered-layout-list) .post-entry-content {\n  padding: 25px 30px 30px 30px;\n}\n.blog-shortcode.blog-masonry-shortcode-id-4148af495ac41b487ebca5271733de70:not(.centered-layout-list):not(.content-bg-on):not(.mode-list) .no-img .post-entry-content {\n  padding: 0;\n}\n@media screen and (max-width: ) {\n  .blog-shortcode.blog-masonry-shortcode-id-4148af495ac41b487ebca5271733de70 article {\n    -ms-flex-flow: column nowrap;\n    flex-flow: column nowrap;\n    margin-top: 20px;\n  }\n  .blog-shortcode.blog-masonry-shortcode-id-4148af495ac41b487ebca5271733de70.dividers-on article {\n    border: none;\n  }\n  .blog-shortcode.blog-masonry-shortcode-id-4148af495ac41b487ebca5271733de70.content-bg-on.centered-layout-list article {\n    padding: 0;\n  }\n  .blog-shortcode.blog-masonry-shortcode-id-4148af495ac41b487ebca5271733de70.blog-shortcode.dividers-on article,\n  .blog-shortcode.blog-masonry-shortcode-id-4148af495ac41b487ebca5271733de70.dividers-on.classic-layout-list article {\n    margin-top: 20px;\n    padding: 0;\n  }\n  .blog-shortcode.blog-masonry-shortcode-id-4148af495ac41b487ebca5271733de70.blog-shortcode.dividers-on article:first-of-type,\n  .blog-shortcode.blog-masonry-shortcode-id-4148af495ac41b487ebca5271733de70.dividers-on.classic-layout-list article:first-of-type {\n    padding: 0;\n  }\n  #page .blog-shortcode.blog-masonry-shortcode-id-4148af495ac41b487ebca5271733de70 .post-thumbnail-wrap,\n  #page .blog-shortcode.blog-masonry-shortcode-id-4148af495ac41b487ebca5271733de70 .post-entry-content {\n    width: 100%;\n    margin: 0;\n    top: 0;\n  }\n  #page .blog-shortcode.blog-masonry-shortcode-id-4148af495ac41b487ebca5271733de70 .post-thumbnail-wrap {\n    padding: 0;\n  }\n  #page .blog-shortcode.blog-masonry-shortcode-id-4148af495ac41b487ebca5271733de70 .post-entry-content:after {\n    display: none;\n  }\n  #page .blog-shortcode.blog-masonry-shortcode-id-4148af495ac41b487ebca5271733de70 .project-even .post-thumbnail-wrap,\n  #page .blog-shortcode.blog-masonry-shortcode-id-4148af495ac41b487ebca5271733de70.centered-layout-list .post-thumbnail-wrap {\n    -ms-flex-order: 0;\n    order: 0;\n  }\n  #page .blog-shortcode.blog-masonry-shortcode-id-4148af495ac41b487ebca5271733de70.centered-layout-list .post-entry-title-content {\n    -ms-flex-order: 1;\n    order: 1;\n    width: 100%;\n    padding: 20px 20px 0;\n  }\n  #page .blog-shortcode.blog-masonry-shortcode-id-4148af495ac41b487ebca5271733de70.centered-layout-list .post-entry-content {\n    -ms-flex-order: 2;\n    order: 2;\n    padding-top: 0;\n  }\n  #page .blog-shortcode.blog-masonry-shortcode-id-4148af495ac41b487ebca5271733de70 .fancy-categories {\n    top: 10px;\n    left: 10px;\n    bottom: auto;\n    right: auto;\n  }\n  #page .blog-shortcode.blog-masonry-shortcode-id-4148af495ac41b487ebca5271733de70 .fancy-date a {\n    top: 10px;\n    right: 10px;\n    left: auto;\n    bottom: auto;\n  }\n  #page .blog-shortcode.blog-masonry-shortcode-id-4148af495ac41b487ebca5271733de70 .post-entry-content {\n    padding: 20px;\n  }\n  #page .blog-shortcode.blog-masonry-shortcode-id-4148af495ac41b487ebca5271733de70 .entry-title {\n    margin: 3px 0 5px;\n    font-size: 20px;\n    line-height: 26px;\n  }\n  #page .blog-shortcode.blog-masonry-shortcode-id-4148af495ac41b487ebca5271733de70 .entry-meta {\n    margin: 5px 0 5px;\n  }\n  #page .blog-shortcode.blog-masonry-shortcode-id-4148af495ac41b487ebca5271733de70 .entry-excerpt {\n    margin: 15px 0 0;\n  }\n  #page .blog-shortcode.blog-masonry-shortcode-id-4148af495ac41b487ebca5271733de70 .post-details {\n    margin: 5px 0 10px;\n  }\n  #page .blog-shortcode.blog-masonry-shortcode-id-4148af495ac41b487ebca5271733de70 .post-details.details-type-link {\n    margin-bottom: 2px;\n  }\n}\n.blog-shortcode.blog-masonry-shortcode-id-4148af495ac41b487ebca5271733de70:not(.resize-by-browser-width) .dt-css-grid {\n  grid-row-gap: 30px;\n  grid-column-gap: 30px;\n  grid-template-columns: repeat(auto-fill,minmax(,1fr));\n}\n.blog-shortcode.blog-masonry-shortcode-id-4148af495ac41b487ebca5271733de70:not(.resize-by-browser-width) .dt-css-grid .double-width {\n  grid-column: span 2;\n}\n.cssgridlegacy.no-cssgrid .blog-shortcode.blog-masonry-shortcode-id-4148af495ac41b487ebca5271733de70:not(.resize-by-browser-width) .dt-css-grid,\n.no-cssgridlegacy.no-cssgrid .blog-shortcode.blog-masonry-shortcode-id-4148af495ac41b487ebca5271733de70:not(.resize-by-browser-width) .dt-css-grid {\n  display: flex;\n  flex-flow: row wrap;\n  margin: -15px;\n}\n.cssgridlegacy.no-cssgrid .blog-shortcode.blog-masonry-shortcode-id-4148af495ac41b487ebca5271733de70:not(.resize-by-browser-width) .dt-css-grid .wf-cell,\n.no-cssgridlegacy.no-cssgrid .blog-shortcode.blog-masonry-shortcode-id-4148af495ac41b487ebca5271733de70:not(.resize-by-browser-width) .dt-css-grid .wf-cell {\n  flex: 1 0 ;\n  max-width: 100%;\n  padding: 15px;\n  box-sizing: border-box;\n}\n.blog-shortcode.blog-masonry-shortcode-id-4148af495ac41b487ebca5271733de70.resize-by-browser-width .dt-css-grid {\n  grid-template-columns: repeat(2,1fr);\n  grid-template-rows: auto;\n  grid-column-gap: 30px;\n  grid-row-gap: 30px;\n}\n.blog-shortcode.blog-masonry-shortcode-id-4148af495ac41b487ebca5271733de70.resize-by-browser-width .dt-css-grid .double-width {\n  grid-column: span 2;\n}\n.cssgridlegacy.no-cssgrid .blog-shortcode.blog-masonry-shortcode-id-4148af495ac41b487ebca5271733de70.resize-by-browser-width .dt-css-grid {\n  margin: -15px;\n}\n.cssgridlegacy.no-cssgrid .blog-shortcode.blog-masonry-shortcode-id-4148af495ac41b487ebca5271733de70.resize-by-browser-width .dt-css-grid .wf-cell {\n  width: 50%;\n  padding: 15px;\n}\n.cssgridlegacy.no-cssgrid .blog-shortcode.blog-masonry-shortcode-id-4148af495ac41b487ebca5271733de70.resize-by-browser-width .dt-css-grid .wf-cell.double-width {\n  width: calc(50%) * 2;\n}\n.blog-shortcode.blog-masonry-shortcode-id-4148af495ac41b487ebca5271733de70.resize-by-browser-width:not(.centered-layout-list):not(.content-bg-on) .dt-css-grid {\n  grid-row-gap: 0px;\n}\n@media screen and (max-width: 1199px) {\n  .blog-shortcode.blog-masonry-shortcode-id-4148af495ac41b487ebca5271733de70.resize-by-browser-width .dt-css-grid {\n    grid-template-columns: repeat(2,1fr);\n  }\n  .cssgridlegacy.no-cssgrid .blog-shortcode.blog-masonry-shortcode-id-4148af495ac41b487ebca5271733de70.resize-by-browser-width .dt-css-grid .wf-cell,\n  .no-cssgridlegacy.no-cssgrid .blog-shortcode.blog-masonry-shortcode-id-4148af495ac41b487ebca5271733de70.resize-by-browser-width .dt-css-grid .wf-cell {\n    width: 50%;\n  }\n  .cssgridlegacy.no-cssgrid .blog-shortcode.blog-masonry-shortcode-id-4148af495ac41b487ebca5271733de70.resize-by-browser-width .dt-css-grid .wf-cell.double-width,\n  .no-cssgridlegacy.no-cssgrid .blog-shortcode.blog-masonry-shortcode-id-4148af495ac41b487ebca5271733de70.resize-by-browser-width .dt-css-grid .wf-cell.double-width {\n    width: calc(50%)*2;\n  }\n}\n@media screen and (max-width: 991px) {\n  .blog-shortcode.blog-masonry-shortcode-id-4148af495ac41b487ebca5271733de70.resize-by-browser-width .dt-css-grid {\n    grid-template-columns: repeat(1,1fr);\n  }\n  .cssgridlegacy.no-cssgrid .blog-shortcode.blog-masonry-shortcode-id-4148af495ac41b487ebca5271733de70.resize-by-browser-width .dt-css-grid .wf-cell,\n  .no-cssgridlegacy.no-cssgrid .blog-shortcode.blog-masonry-shortcode-id-4148af495ac41b487ebca5271733de70.resize-by-browser-width .dt-css-grid .wf-cell {\n    width: 100%;\n  }\n  .cssgridlegacy.no-cssgrid .blog-shortcode.blog-masonry-shortcode-id-4148af495ac41b487ebca5271733de70.resize-by-browser-width .dt-css-grid .wf-cell.double-width,\n  .no-cssgridlegacy.no-cssgrid .blog-shortcode.blog-masonry-shortcode-id-4148af495ac41b487ebca5271733de70.resize-by-browser-width .dt-css-grid .wf-cell.double-width {\n    width: calc(100%)*2;\n  }\n}\n@media screen and (max-width: 767px) {\n  .blog-shortcode.blog-masonry-shortcode-id-4148af495ac41b487ebca5271733de70.resize-by-browser-width .dt-css-grid {\n    grid-template-columns: repeat(1,1fr);\n  }\n  .blog-shortcode.blog-masonry-shortcode-id-4148af495ac41b487ebca5271733de70.resize-by-browser-width .dt-css-grid .double-width {\n    grid-column: span 1;\n  }\n  .cssgridlegacy.no-cssgrid .blog-shortcode.blog-masonry-shortcode-id-4148af495ac41b487ebca5271733de70.resize-by-browser-width .dt-css-grid .wf-cell,\n  .no-cssgridlegacy.no-cssgrid .blog-shortcode.blog-masonry-shortcode-id-4148af495ac41b487ebca5271733de70.resize-by-browser-width .dt-css-grid .wf-cell {\n    width: 100%;\n  }\n  .cssgridlegacy.no-cssgrid .blog-shortcode.blog-masonry-shortcode-id-4148af495ac41b487ebca5271733de70.resize-by-browser-width .dt-css-grid .wf-cell.double-width,\n  .no-cssgridlegacy.no-cssgrid .blog-shortcode.blog-masonry-shortcode-id-4148af495ac41b487ebca5271733de70.resize-by-browser-width .dt-css-grid .wf-cell.double-width {\n    width: calc(100%)*2;\n  }\n}<\/style><div class=\"blog-shortcode blog-masonry-shortcode-id-4148af495ac41b487ebca5271733de70 mode-grid classic-layout-list content-bg-on jquery-filter scale-img dt-css-grid-wrap dt-icon-bg-off resize-by-browser-width loading-effect-none description-under-image \" data-padding=\"15px\" data-cur-page=\"1\" data-post-limit=\"-1\" data-pagination-mode=\"none\" data-desktop-columns-num=\"2\" data-v-tablet-columns-num=\"1\" data-h-tablet-columns-num=\"2\" data-phone-columns-num=\"1\" data-width=\"0px\" data-columns=\"0\"><div class=\"dt-css-grid\" ><div class=\"visible wf-cell\" data-post-id=\"101666\" data-date=\"2024-01-05T17:47:30+00:00\" data-name=\"\ud83c\udfac UCM.ONE \u00fcbernimmt die weltweite Vermarktung des Film &quot;All Through the Hall&quot; von Falko Jakobs\"><article class=\"post project-odd visible post-101666 type-post status-publish format-standard has-post-thumbnail hentry category-film category-filmvertrieb-de category-news category-u1-films-berlin category-weltvertrieb tag-adrian-linke tag-all-through-the-hall tag-andreas-von-studnitz tag-falko-jakobs tag-guido-grollmann tag-nadine-stoeneberg tag-rami-abu-issa tag-tim-olrik-stoeneberg tag-u1-films-berlin-de category-8 category-15325 category-13 category-8294 category-7528\" data-name=\"\ud83c\udfac UCM.ONE \u00fcbernimmt die weltweite Vermarktung des Film &#8222;All Through the Hall&#8220; von Falko Jakobs\" data-date=\"2024-01-05T17:47:30+00:00\">\n\n<div class=\"post-thumbnail-wrap\">\n\t<div class=\"post-thumbnail\">\n\t\t\n\t\t\n\t\t<a href=\"https:\/\/ucm.one\/de\/all-through-the-hall\/\" class=\"post-thumbnail-rollover layzr-bg layzr-bg\" ><img decoding=\"async\" class=\"iso-lazy-load preload-me iso-lazy-load aspect\" src=\"data:image\/svg+xml,%3Csvg%20xmlns%3D&#39;http%3A%2F%2Fwww.w3.org%2F2000%2Fsvg&#39;%20viewBox%3D&#39;0%200%20990%20309&#39;%2F%3E\" data-src=\"https:\/\/ucm.one\/wp-content\/uploads\/2024\/02\/B-All-Through-the-Hall--990x309.jpg\" data-srcset=\"https:\/\/ucm.one\/wp-content\/uploads\/2024\/02\/B-All-Through-the-Hall--990x309.jpg 990w, https:\/\/ucm.one\/wp-content\/uploads\/2024\/02\/B-All-Through-the-Hall--1485x464.jpg 1485w\" loading=\"eager\" style=\"--ratio: 990 \/ 309\" sizes=\"(max-width: 990px) 100vw, 990px\" alt=\"\" title=\"B All Through the Hall\" width=\"990\" height=\"309\"  \/><\/a>\t<\/div>\n<\/div>\n\n\n<div class=\"post-entry-content\">\n\n\t<h3 class=\"entry-title\">\n\t\t<a href=\"https:\/\/ucm.one\/de\/all-through-the-hall\/\" title=\"\ud83c\udfac UCM.ONE \u00fcbernimmt die weltweite Vermarktung des Film &#8222;All Through the Hall&#8220; von Falko Jakobs\" rel=\"bookmark\">\ud83c\udfac UCM.ONE \u00fcbernimmt die weltweite Vermarktung des Film &#8222;All Through the Hall&#8220; von Falko Jakobs<\/a>\n\t<\/h3>\n\n\t<div class=\"entry-meta\"><span class=\"category-link\"><a href=\"https:\/\/ucm.one\/de\/category\/news\/film\/\" >Film<\/a>, <a href=\"https:\/\/ucm.one\/de\/category\/news\/vertrieb-von-medien-de\/filmvertrieb-de\/\" >Filmvertrieb<\/a>, <a href=\"https:\/\/ucm.one\/de\/category\/news\/\" >News<\/a>, <a href=\"https:\/\/ucm.one\/de\/category\/news\/film\/u1-films-berlin\/\" >U1 Films Berlin<\/a>, <a href=\"https:\/\/ucm.one\/de\/category\/news\/verleih\/weltvertrieb\/\" >Weltvertrieb<\/a><\/span><a class=\"author vcard\" href=\"\" title=\"Zeige alle Beitr\u00e4ge von Joachim Keil\" rel=\"author\">Von <span class=\"fn\">Joachim Keil<\/span><\/a><a href=\"https:\/\/ucm.one\/de\/2024\/01\/05\/\" title=\"17:47\" class=\"data-link\" rel=\"bookmark\"><time class=\"entry-date updated\" datetime=\"2024-01-05T17:47:30+00:00\">5. Januar 2024<\/time><\/a><\/div>\n\t<div class=\"entry-excerpt\"><p>[vc_row][vc_column width=&#8220;3\/4&#8243;][vc_column_text] &#8222;All Through the Hall&#8220; ist ein preisgekr\u00f6nter Indie-Thriller \u00fcber R\u00e4uber, Gangster und einen Wachmann mit einem gef\u00e4hrlichen Geheimnis. UCM.ONE wird den Film weitweit auf dem Filmlabel U1 Films Berlin vermarkten. Die Ver\u00f6ffentlichung ist aktuell im zweiten Quartal 2024 geplant. [\/vc_column_text][vc_column_text] Inhaltsangabe Ben, der seine Vergangenheit hinter sich lassen will und auf der Suche&hellip;<\/p>\n<\/div>\n\t\n<a href=\"https:\/\/ucm.one\/de\/all-through-the-hall\/\" class=\"post-details details-type-link\" aria-label=\"Read more about \ud83c\udfac UCM.ONE \u00fcbernimmt die weltweite Vermarktung des Film &#8222;All Through the Hall&#8220; von Falko Jakobs\">Mehr lesen<i class=\"dt-icon-the7-arrow-03\" aria-hidden=\"true\"><\/i><\/a>\n\n<\/div><\/article><\/div><div class=\"visible wf-cell\" data-post-id=\"65243\" data-date=\"2022-03-04T13:47:40+00:00\" data-name=\"\ud83c\udfac Ab heute erh\u00e4ltlich: \u201eEs geschah am 3. Tag\u201c von Daniel de la Vega (U1 Films Berlin)\"><article class=\"post project-odd visible post-65243 type-post status-publish format-standard has-post-thumbnail hentry category-film category-news category-u1-films-berlin tag-al-tercer-dia tag-argentinien tag-arturo-bonin tag-daniel-de-la-vega tag-diego-cremonesi tag-es-geschah-am-3-tag tag-lautaro-delgado tag-mariana-ahghileri tag-mathias-domizi tag-nestor-sanchez-sotelo tag-octavio-belmontehorror tag-on-the-3rd-day tag-u1-films-berlin-de tag-vampire category-8 category-13 category-8294\" data-name=\"\ud83c\udfac Ab heute erh\u00e4ltlich: \u201eEs geschah am 3. Tag\u201c von Daniel de la Vega (U1 Films Berlin)\" data-date=\"2022-03-04T13:47:40+00:00\">\n\n<div class=\"post-thumbnail-wrap\">\n\t<div class=\"post-thumbnail\">\n\t\t\n\t\t\n\t\t<a href=\"https:\/\/ucm.one\/de\/es-geschah-am-3-tag\/\" class=\"post-thumbnail-rollover layzr-bg layzr-bg\" ><img decoding=\"async\" class=\"iso-lazy-load preload-me iso-lazy-load aspect\" src=\"data:image\/svg+xml,%3Csvg%20xmlns%3D&#39;http%3A%2F%2Fwww.w3.org%2F2000%2Fsvg&#39;%20viewBox%3D&#39;0%200%20990%20309&#39;%2F%3E\" data-src=\"https:\/\/ucm.one\/wp-content\/uploads\/2022\/03\/B-Es-Geschah-Am-3Tag-990x309.jpg\" data-srcset=\"https:\/\/ucm.one\/wp-content\/uploads\/2022\/03\/B-Es-Geschah-Am-3Tag-990x309.jpg 990w, https:\/\/ucm.one\/wp-content\/uploads\/2022\/03\/B-Es-Geschah-Am-3Tag-1485x464.jpg 1485w\" loading=\"eager\" style=\"--ratio: 990 \/ 309\" sizes=\"(max-width: 990px) 100vw, 990px\" alt=\"\" title=\"B Es Geschah Am 3Tag\" width=\"990\" height=\"309\"  \/><\/a>\t<\/div>\n<\/div>\n\n\n<div class=\"post-entry-content\">\n\n\t<h3 class=\"entry-title\">\n\t\t<a href=\"https:\/\/ucm.one\/de\/es-geschah-am-3-tag\/\" title=\"\ud83c\udfac Ab heute erh\u00e4ltlich: \u201eEs geschah am 3. Tag\u201c von Daniel de la Vega (U1 Films Berlin)\" rel=\"bookmark\">\ud83c\udfac Ab heute erh\u00e4ltlich: \u201eEs geschah am 3. Tag\u201c von Daniel de la Vega (U1 Films Berlin)<\/a>\n\t<\/h3>\n\n\t<div class=\"entry-meta\"><span class=\"category-link\"><a href=\"https:\/\/ucm.one\/de\/category\/news\/film\/\" >Film<\/a>, <a href=\"https:\/\/ucm.one\/de\/category\/news\/\" >News<\/a>, <a href=\"https:\/\/ucm.one\/de\/category\/news\/film\/u1-films-berlin\/\" >U1 Films Berlin<\/a><\/span><a class=\"author vcard\" href=\"\" title=\"Zeige alle Beitr\u00e4ge von Joachim Keil\" rel=\"author\">Von <span class=\"fn\">Joachim Keil<\/span><\/a><a href=\"https:\/\/ucm.one\/de\/2022\/03\/04\/\" title=\"13:47\" class=\"data-link\" rel=\"bookmark\"><time class=\"entry-date updated\" datetime=\"2022-03-04T13:47:40+00:00\">4. M\u00e4rz 2022<\/time><\/a><\/div>\n\t<div class=\"entry-excerpt\"><p>[vc_row][vc_column][vc_column_text] Der au\u00dfergew\u00f6hnlich atmosph\u00e4risch dichte Horrorfilm &#8222;Es geschah am 3. Tag&#8220;\u00a0von Regisseur Daniel de la Vega\u00a0erscheint heute auf dem Label U1 Films Berlin von UCM.ONE\u00a0in\u00a0Deutschland,\u00a0\u00d6sterreich und der Schweiz. &#8222;Es geschah am 3. Tag&#8220;\u00a0lief 2021 erfolgreich auf dem\u00a0Fantasia International Filmfest\u00a0in Kanada und beim\u00a0Grimmfest International Festival of Fantastic Film in\u00a0Manchester (Gro\u00dfbritannien). [\/vc_column_text][\/vc_column][\/vc_row][vc_row][vc_column width=&#8220;3\/4&#8243;][vc_column_text]&#8220;Es geschah am 3. Tag&#8220;\u00a0(Original&hellip;<\/p>\n<\/div>\n\t\n<a href=\"https:\/\/ucm.one\/de\/es-geschah-am-3-tag\/\" class=\"post-details details-type-link\" aria-label=\"Read more about \ud83c\udfac Ab heute erh\u00e4ltlich: \u201eEs geschah am 3. Tag\u201c von Daniel de la Vega (U1 Films Berlin)\">Mehr lesen<i class=\"dt-icon-the7-arrow-03\" aria-hidden=\"true\"><\/i><\/a>\n\n<\/div><\/article><\/div><div class=\"visible wf-cell\" data-post-id=\"65328\" data-date=\"2022-02-25T17:33:10+00:00\" data-name=\"\ud83c\udfac The Devil\u2019s Triangle - Das Geheimnis von Atlantis (U1 Films Berlin)\"><article class=\"post project-odd visible post-65328 type-post status-publish format-standard has-post-thumbnail hentry category-film category-news category-u1-films-berlin tag-action tag-alyson-gorske tag-atlantis tag-bermuda-dreieck tag-brendan-petrizzo tag-das-geheimnis-von-atlantis tag-devils-triangle tag-diana-prince tag-fantasy tag-fred-williamson tag-liam-hawley tag-morgan-bradley tag-u1-films-berlin-de category-8 category-13 category-8294\" data-name=\"\ud83c\udfac The Devil\u2019s Triangle &#8211; Das Geheimnis von Atlantis (U1 Films Berlin)\" data-date=\"2022-02-25T17:33:10+00:00\">\n\n<div class=\"post-thumbnail-wrap\">\n\t<div class=\"post-thumbnail\">\n\t\t\n\t\t\n\t\t<a href=\"https:\/\/ucm.one\/de\/devils-triangle-das-geheimnis-von-atlantis\/\" class=\"post-thumbnail-rollover layzr-bg layzr-bg\" ><img decoding=\"async\" class=\"iso-lazy-load preload-me iso-lazy-load aspect\" src=\"data:image\/svg+xml,%3Csvg%20xmlns%3D&#39;http%3A%2F%2Fwww.w3.org%2F2000%2Fsvg&#39;%20viewBox%3D&#39;0%200%20990%20309&#39;%2F%3E\" data-src=\"https:\/\/ucm.one\/wp-content\/uploads\/2022\/03\/DevilsTriangle_BannerArtwork-990x309.jpg\" data-srcset=\"https:\/\/ucm.one\/wp-content\/uploads\/2022\/03\/DevilsTriangle_BannerArtwork-990x309.jpg 990w, https:\/\/ucm.one\/wp-content\/uploads\/2022\/03\/DevilsTriangle_BannerArtwork-1485x464.jpg 1485w\" loading=\"eager\" style=\"--ratio: 990 \/ 309\" sizes=\"(max-width: 990px) 100vw, 990px\" alt=\"\" title=\"DevilsTriangle_BannerArtwork\" width=\"990\" height=\"309\"  \/><\/a>\t<\/div>\n<\/div>\n\n\n<div class=\"post-entry-content\">\n\n\t<h3 class=\"entry-title\">\n\t\t<a href=\"https:\/\/ucm.one\/de\/devils-triangle-das-geheimnis-von-atlantis\/\" title=\"\ud83c\udfac The Devil\u2019s Triangle &#8211; Das Geheimnis von Atlantis (U1 Films Berlin)\" rel=\"bookmark\">\ud83c\udfac The Devil\u2019s Triangle &#8211; Das Geheimnis von Atlantis (U1 Films Berlin)<\/a>\n\t<\/h3>\n\n\t<div class=\"entry-meta\"><span class=\"category-link\"><a href=\"https:\/\/ucm.one\/de\/category\/news\/film\/\" >Film<\/a>, <a href=\"https:\/\/ucm.one\/de\/category\/news\/\" >News<\/a>, <a href=\"https:\/\/ucm.one\/de\/category\/news\/film\/u1-films-berlin\/\" >U1 Films Berlin<\/a><\/span><a class=\"author vcard\" href=\"\" title=\"Zeige alle Beitr\u00e4ge von Joachim Keil\" rel=\"author\">Von <span class=\"fn\">Joachim Keil<\/span><\/a><a href=\"https:\/\/ucm.one\/de\/2022\/02\/25\/\" title=\"17:33\" class=\"data-link\" rel=\"bookmark\"><time class=\"entry-date updated\" datetime=\"2022-02-25T17:33:10+00:00\">25. Februar 2022<\/time><\/a><\/div>\n\t<div class=\"entry-excerpt\"><p>[vc_row][vc_column][vc_column_text] UCM.ONE ver\u00f6ffentlicht auf dem Filmlabel U1 Films Berlin den neuen The Asylum-Film &#8222;The Devil\u2019s Triangle &#8211; Das Geheimnis von Atlantis&#8220;\u00a0mit\u00a0Kult-Action-Star Fred Williamson (&#8222;M.A.S.H&#8222;, &#8222;From Dusk till Dawn&#8222;, &#8222;The Riffs&#8222;, &#8222;Delta Force Commando 1 &amp; 2&#8222;, &#8222;Streetfighters&#8222;) in der Rolle des mysteri\u00f6sen Atlantis-Bewohners \u201ePluto\u201c. [\/vc_column_text][\/vc_column][\/vc_row][vc_row][vc_column width=&#8220;3\/4&#8243;][vc_column_text]Im Film von Regisseur\u00a0Brendan Petrizzo spielen neben Fred Williamson u.a.&hellip;<\/p>\n<\/div>\n\t\n<a href=\"https:\/\/ucm.one\/de\/devils-triangle-das-geheimnis-von-atlantis\/\" class=\"post-details details-type-link\" aria-label=\"Read more about \ud83c\udfac The Devil\u2019s Triangle &#8211; Das Geheimnis von Atlantis (U1 Films Berlin)\">Mehr lesen<i class=\"dt-icon-the7-arrow-03\" aria-hidden=\"true\"><\/i><\/a>\n\n<\/div><\/article><\/div><div class=\"visible wf-cell\" data-post-id=\"62406\" data-date=\"2022-01-14T16:15:20+00:00\" data-name=\"\ud83c\udfac &quot;The Graveyard&quot; von Michael Feifer auf DVD (U1 Films Berlin) ver\u00f6ffentlicht\"><article class=\"post project-odd visible post-62406 type-post status-publish format-standard has-post-thumbnail hentry category-film category-news category-u1-films-berlin tag-chris-stewart tag-erin-michelle tag-horror tag-leif-lillehaugen tag-lindsay-ballew tag-markus-potter tag-patrick-scott-lewis tag-slasher tag-the-graveyard tag-trish-coren tag-u1-films-berlin-de category-8 category-13 category-8294\" data-name=\"\ud83c\udfac &#8222;The Graveyard&#8220; von Michael Feifer auf DVD (U1 Films Berlin) ver\u00f6ffentlicht\" data-date=\"2022-01-14T16:15:20+00:00\">\n\n<div class=\"post-thumbnail-wrap\">\n\t<div class=\"post-thumbnail\">\n\t\t\n\t\t\n\t\t<a href=\"https:\/\/ucm.one\/de\/the-graveyard-von-michael-feifer-auf-dvd-u1-films-berlin-veroeffentlicht\/\" class=\"post-thumbnail-rollover layzr-bg layzr-bg\" ><img decoding=\"async\" class=\"iso-lazy-load preload-me iso-lazy-load aspect\" src=\"data:image\/svg+xml,%3Csvg%20xmlns%3D&#39;http%3A%2F%2Fwww.w3.org%2F2000%2Fsvg&#39;%20viewBox%3D&#39;0%200%20990%20309&#39;%2F%3E\" data-src=\"https:\/\/ucm.one\/wp-content\/uploads\/2022\/01\/B-The-Geveyard-2006-990x309.jpg\" data-srcset=\"https:\/\/ucm.one\/wp-content\/uploads\/2022\/01\/B-The-Geveyard-2006-990x309.jpg 990w, https:\/\/ucm.one\/wp-content\/uploads\/2022\/01\/B-The-Geveyard-2006-1485x464.jpg 1485w\" loading=\"eager\" style=\"--ratio: 990 \/ 309\" sizes=\"(max-width: 990px) 100vw, 990px\" alt=\"\" title=\"B The Geveyard 2006\" width=\"990\" height=\"309\"  \/><\/a>\t<\/div>\n<\/div>\n\n\n<div class=\"post-entry-content\">\n\n\t<h3 class=\"entry-title\">\n\t\t<a href=\"https:\/\/ucm.one\/de\/the-graveyard-von-michael-feifer-auf-dvd-u1-films-berlin-veroeffentlicht\/\" title=\"\ud83c\udfac &#8222;The Graveyard&#8220; von Michael Feifer auf DVD (U1 Films Berlin) ver\u00f6ffentlicht\" rel=\"bookmark\">\ud83c\udfac &#8222;The Graveyard&#8220; von Michael Feifer auf DVD (U1 Films Berlin) ver\u00f6ffentlicht<\/a>\n\t<\/h3>\n\n\t<div class=\"entry-meta\"><span class=\"category-link\"><a href=\"https:\/\/ucm.one\/de\/category\/news\/film\/\" >Film<\/a>, <a href=\"https:\/\/ucm.one\/de\/category\/news\/\" >News<\/a>, <a href=\"https:\/\/ucm.one\/de\/category\/news\/film\/u1-films-berlin\/\" >U1 Films Berlin<\/a><\/span><a class=\"author vcard\" href=\"\" title=\"Zeige alle Beitr\u00e4ge von Joachim Keil\" rel=\"author\">Von <span class=\"fn\">Joachim Keil<\/span><\/a><a href=\"https:\/\/ucm.one\/de\/2022\/01\/14\/\" title=\"16:15\" class=\"data-link\" rel=\"bookmark\"><time class=\"entry-date updated\" datetime=\"2022-01-14T16:15:20+00:00\">14. Januar 2022<\/time><\/a><\/div>\n\t<div class=\"entry-excerpt\"><p>[vc_row][vc_column width=&#8220;4\/5&#8243;][vc_column_text] Der Horror Slasher &#8222;The Graveyard&#8220; von Michael Feifer ist auf dem Filmlabel U1 Films Berlin in Deutschland, \u00d6sterreich und der Schweiz wieder erh\u00e4ltlich. [\/vc_column_text][vc_column_text]Inhalt: Manche Dinge k\u00f6nnen nur mit Blut ges\u00fchnt werden.\u00a0Bei einem makabren Spiel auf einem Friedhof kommt einer von sieben Freunden auf tragische Weise ums Leben.\u00a0F\u00fcnf Jahre sp\u00e4ter treffen sich die&hellip;<\/p>\n<\/div>\n\t\n<a href=\"https:\/\/ucm.one\/de\/the-graveyard-von-michael-feifer-auf-dvd-u1-films-berlin-veroeffentlicht\/\" class=\"post-details details-type-link\" aria-label=\"Read more about \ud83c\udfac &#8222;The Graveyard&#8220; von Michael Feifer auf DVD (U1 Films Berlin) ver\u00f6ffentlicht\">Mehr lesen<i class=\"dt-icon-the7-arrow-03\" aria-hidden=\"true\"><\/i><\/a>\n\n<\/div><\/article><\/div><div class=\"visible wf-cell\" data-post-id=\"60991\" data-date=\"2021-12-18T03:54:42+00:00\" data-name=\"Shop f\u00fcr Musik, Filme und Merchandising ab heute online\"><article class=\"post project-odd visible post-60991 type-post status-publish format-standard has-post-thumbnail hentry category-firma category-merchandising category-news tag-artkeim tag-b-spree-pictures tag-berlin tag-darling-berlin tag-film tag-harthouse tag-m-square-pictures tag-mediabooks tag-merchandising tag-musik tag-noble-demon tag-plastic-city tag-shop tag-store tag-u1-films-berlin-de tag-ucm-one tag-webshop tag-webstore category-5590 category-10190 category-13\" data-name=\"Shop f\u00fcr Musik, Filme und Merchandising ab heute online\" data-date=\"2021-12-18T03:54:42+00:00\">\n\n<div class=\"post-thumbnail-wrap\">\n\t<div class=\"post-thumbnail\">\n\t\t\n\t\t\n\t\t<a href=\"https:\/\/ucm.one\/de\/shop-fuer-musik-filme-und-merchandising-ab-heute-online\/\" class=\"post-thumbnail-rollover layzr-bg layzr-bg\" ><img decoding=\"async\" class=\"iso-lazy-load preload-me iso-lazy-load aspect\" src=\"data:image\/svg+xml,%3Csvg%20xmlns%3D&#39;http%3A%2F%2Fwww.w3.org%2F2000%2Fsvg&#39;%20viewBox%3D&#39;0%200%20990%20309&#39;%2F%3E\" data-src=\"https:\/\/ucm.one\/wp-content\/uploads\/2021\/12\/B-UCM.ONE-Shop-990x309.jpg\" data-srcset=\"https:\/\/ucm.one\/wp-content\/uploads\/2021\/12\/B-UCM.ONE-Shop-990x309.jpg 990w, https:\/\/ucm.one\/wp-content\/uploads\/2021\/12\/B-UCM.ONE-Shop-1485x464.jpg 1485w\" loading=\"eager\" style=\"--ratio: 990 \/ 309\" sizes=\"(max-width: 990px) 100vw, 990px\" alt=\"\" title=\"B UCM.ONE Shop\" width=\"990\" height=\"309\"  \/><\/a>\t<\/div>\n<\/div>\n\n\n<div class=\"post-entry-content\">\n\n\t<h3 class=\"entry-title\">\n\t\t<a href=\"https:\/\/ucm.one\/de\/shop-fuer-musik-filme-und-merchandising-ab-heute-online\/\" title=\"Shop f\u00fcr Musik, Filme und Merchandising ab heute online\" rel=\"bookmark\">Shop f\u00fcr Musik, Filme und Merchandising ab heute online<\/a>\n\t<\/h3>\n\n\t<div class=\"entry-meta\"><span class=\"category-link\"><a href=\"https:\/\/ucm.one\/de\/category\/news\/firma\/\" >Firma<\/a>, <a href=\"https:\/\/ucm.one\/de\/category\/news\/merchandising\/\" >Merchandising<\/a>, <a href=\"https:\/\/ucm.one\/de\/category\/news\/\" >News<\/a><\/span><a class=\"author vcard\" href=\"\" title=\"Zeige alle Beitr\u00e4ge von Joachim Keil\" rel=\"author\">Von <span class=\"fn\">Joachim Keil<\/span><\/a><a href=\"https:\/\/ucm.one\/de\/2021\/12\/18\/\" title=\"03:54\" class=\"data-link\" rel=\"bookmark\"><time class=\"entry-date updated\" datetime=\"2021-12-18T03:54:42+00:00\">18. Dezember 2021<\/time><\/a><\/div>\n\t<div class=\"entry-excerpt\"><p>[vc_row][vc_column][vc_column_text] Wir freuen uns, verk\u00fcnden zu k\u00f6nnen, dass ab heute unser UCM.ONE Shop, der komplett in die Webseite integriert wurde, er\u00f6ffnet wurde und damit online ist. Sp\u00e4testens der Lockdown im 1. Halbjahr 2021 hat uns wieder gezeigt, wie wichtig es ist, unseren Kunden:innen und Fans auch unsere Produkte \u00fcber die Webseite anzubieten. Dabei sehen wir&hellip;<\/p>\n<\/div>\n\t\n<a href=\"https:\/\/ucm.one\/de\/shop-fuer-musik-filme-und-merchandising-ab-heute-online\/\" class=\"post-details details-type-link\" aria-label=\"Read more about Shop f\u00fcr Musik, Filme und Merchandising ab heute online\">Mehr lesen<i class=\"dt-icon-the7-arrow-03\" aria-hidden=\"true\"><\/i><\/a>\n\n<\/div><\/article><\/div><div class=\"visible wf-cell\" data-post-id=\"59520\" data-date=\"2021-08-13T19:23:00+00:00\" data-name=\"&quot;The Cage \u2013 Die letzten \u00dcberlebenden&quot; von Jos\u00e9 Salaverr\u00eda ab heute physisch und digital erh\u00e4ltlich\"><article class=\"post project-odd visible post-59520 type-post status-publish format-standard has-post-thumbnail hentry category-film category-news category-u1-films-berlin tag-aliens tag-ananda-troconis tag-die-letzten-ueberlebenden tag-invasion-de tag-jose-salaverria tag-juvel-vielma tag-karina-velasquez tag-la-jaula tag-science-fiction tag-the-cage tag-u1-films-berlin-de tag-venezuela category-8 category-13 category-8294\" data-name=\"&#8222;The Cage \u2013 Die letzten \u00dcberlebenden&#8220; von Jos\u00e9 Salaverr\u00eda ab heute physisch und digital erh\u00e4ltlich\" data-date=\"2021-08-13T19:23:00+00:00\">\n\n<div class=\"post-thumbnail-wrap\">\n\t<div class=\"post-thumbnail\">\n\t\t\n\t\t\n\t\t<a href=\"https:\/\/ucm.one\/de\/the-cage-die-letzten-ueberlebenden\/\" class=\"post-thumbnail-rollover layzr-bg layzr-bg\" ><img decoding=\"async\" class=\"iso-lazy-load preload-me iso-lazy-load aspect\" src=\"data:image\/svg+xml,%3Csvg%20xmlns%3D&#39;http%3A%2F%2Fwww.w3.org%2F2000%2Fsvg&#39;%20viewBox%3D&#39;0%200%20990%20309&#39;%2F%3E\" data-src=\"https:\/\/ucm.one\/wp-content\/uploads\/2021\/12\/TheCage_BannerArtwork-990x309.jpg\" data-srcset=\"https:\/\/ucm.one\/wp-content\/uploads\/2021\/12\/TheCage_BannerArtwork-990x309.jpg 990w, https:\/\/ucm.one\/wp-content\/uploads\/2021\/12\/TheCage_BannerArtwork-1485x464.jpg 1485w\" loading=\"eager\" style=\"--ratio: 990 \/ 309\" sizes=\"(max-width: 990px) 100vw, 990px\" alt=\"\" title=\"TheCage_BannerArtwork\" width=\"990\" height=\"309\"  \/><\/a>\t<\/div>\n<\/div>\n\n\n<div class=\"post-entry-content\">\n\n\t<h3 class=\"entry-title\">\n\t\t<a href=\"https:\/\/ucm.one\/de\/the-cage-die-letzten-ueberlebenden\/\" title=\"&#8222;The Cage \u2013 Die letzten \u00dcberlebenden&#8220; von Jos\u00e9 Salaverr\u00eda ab heute physisch und digital erh\u00e4ltlich\" rel=\"bookmark\">&#8222;The Cage \u2013 Die letzten \u00dcberlebenden&#8220; von Jos\u00e9 Salaverr\u00eda ab heute physisch und digital erh\u00e4ltlich<\/a>\n\t<\/h3>\n\n\t<div class=\"entry-meta\"><span class=\"category-link\"><a href=\"https:\/\/ucm.one\/de\/category\/news\/film\/\" >Film<\/a>, <a href=\"https:\/\/ucm.one\/de\/category\/news\/\" >News<\/a>, <a href=\"https:\/\/ucm.one\/de\/category\/news\/film\/u1-films-berlin\/\" >U1 Films Berlin<\/a><\/span><a class=\"author vcard\" href=\"\" title=\"Zeige alle Beitr\u00e4ge von Joachim Keil\" rel=\"author\">Von <span class=\"fn\">Joachim Keil<\/span><\/a><a href=\"https:\/\/ucm.one\/de\/2021\/08\/13\/\" title=\"19:23\" class=\"data-link\" rel=\"bookmark\"><time class=\"entry-date updated\" datetime=\"2021-08-13T19:23:00+00:00\">13. August 2021<\/time><\/a><\/div>\n\t<div class=\"entry-excerpt\"><p>[vc_row][vc_column width=&#8220;3\/4&#8243;][vc_column_text] &#8222;The Cage \u2013 Die letzten \u00dcberlebenden&#8220; von Jos\u00e9 Salaverr\u00eda war beim Sci-Fi-Filmfest im Berlin 2018 der \u00dcberraschungsfilm des Festivals. Jetzt bringt UCM.ONE auf dem Label U1 Films Berlin endlich diesen ersten Science-Fiction-Film aus Venezuela mit seinen zudem visuell atemberaubenden Naturaufnahmen in Deutschland, \u00d6sterreich sowie in der Schweiz auf Blu-Ray und DVD heraus. Gleichzeitig&hellip;<\/p>\n<\/div>\n\t\n<a href=\"https:\/\/ucm.one\/de\/the-cage-die-letzten-ueberlebenden\/\" class=\"post-details details-type-link\" aria-label=\"Read more about &#8222;The Cage \u2013 Die letzten \u00dcberlebenden&#8220; von Jos\u00e9 Salaverr\u00eda ab heute physisch und digital erh\u00e4ltlich\">Mehr lesen<i class=\"dt-icon-the7-arrow-03\" aria-hidden=\"true\"><\/i><\/a>\n\n<\/div><\/article><\/div><\/div><!-- iso-container|iso-grid --><\/div>[vc_empty_space height=&#8220;50px&#8220;][\/vc_column][\/vc_row][vc_row][vc_column][vc_separator color=&#8220;custom&#8220; accent_color=&#8220;#0141a0&#8243;][\/vc_column][\/vc_row][vc_row css=&#8220;.vc_custom_1518458873891{margin-top: 65px !important;}&#8220;][vc_column width=&#8220;1\/4&#8243;][vc_btn title=&#8220;\u00dcbersicht&#8220; style=&#8220;flat&#8220; size=&#8220;lg&#8220; align=&#8220;center&#8220; i_icon_fontawesome=&#8220;&#8220; button_block=&#8220;true&#8220; add_icon=&#8220;true&#8220; link=&#8220;url:https%3A%2F%2Fucm.one%2Fde|title:%C3%9Cbersicht&#8220;][\/vc_column][vc_column width=&#8220;1\/4&#8243;][vc_btn title=&#8220;Film Labels&#8220; style=&#8220;flat&#8220; size=&#8220;lg&#8220; align=&#8220;center&#8220; i_icon_fontawesome=&#8220;fas fa-film&#8220; button_block=&#8220;true&#8220; add_icon=&#8220;true&#8220; link=&#8220;url:https%3A%2F%2Fucm.one%2Fde%2Ffilm-labels%2F|title:Film%20Labels&#8220;][\/vc_column][vc_column width=&#8220;1\/4&#8243;][vc_btn title=&#8220;U1 Films Berlin&#8220; style=&#8220;flat&#8220; size=&#8220;lg&#8220; align=&#8220;center&#8220; i_icon_fontawesome=&#8220;fas fa-arrow-right&#8220; button_block=&#8220;true&#8220; add_icon=&#8220;true&#8220; link=&#8220;url:%2Fde%2Ffilm-labels%2Fu1-films-berlin|title:U1%20Films%20Berlin&#8220;][\/vc_column][vc_column width=&#8220;1\/4&#8243;][vc_btn title=&#8220;iMDB&#8220; style=&#8220;flat&#8220; color=&#8220;blue&#8220; size=&#8220;lg&#8220; align=&#8220;center&#8220; i_icon_fontawesome=&#8220;fab fa-imdb&#8220; button_block=&#8220;true&#8220; add_icon=&#8220;true&#8220; link=&#8220;url:https%3A%2F%2Fwww.imdb.com%2Ftitle%2Ftt8553134|title:Barabbas|target:_blank&#8220;][\/vc_column][\/vc_row][vc_row content_placement=&#8220;middle&#8220; bg_type=&#8220;grad&#8220; ult_hide_row=&#8220;ult_hide_row_value&#8220; ult_hide_row_large_screen=&#8220;large_screen&#8220; ult_hide_row_desktop=&#8220;desktop&#8220; css=&#8220;.vc_custom_1518701755537{margin-top: 0px !important;padding-top: -50px !important;}&#8220; bg_grad=&#8220;background: -webkit-gradient(linear, left top, left bottom, color-stop(0%, #E3E3E3), color-stop(0%, #FFFFFF), color-stop(6%, #FFFFFF), color-stop(7%, #FFFFFF), color-stop(50%, #FFFFFF));background: -moz-linear-gradient(top,#E3E3E3 0%,#FFFFFF 0%,#FFFFFF 6%,#FFFFFF 7%,#FFFFFF 50%);background: -webkit-linear-gradient(top,#E3E3E3 0%,#FFFFFF 0%,#FFFFFF 6%,#FFFFFF 7%,#FFFFFF 50%);background: -o-linear-gradient(top,#E3E3E3 0%,#FFFFFF 0%,#FFFFFF 6%,#FFFFFF 7%,#FFFFFF 50%);background: -ms-linear-gradient(top,#E3E3E3 0%,#FFFFFF 0%,#FFFFFF 6%,#FFFFFF 7%,#FFFFFF 50%);background: linear-gradient(top,#E3E3E3 0%,#FFFFFF 0%,#FFFFFF 6%,#FFFFFF 7%,#FFFFFF 50%);&#8220;][vc_column][vc_btn title=&#8220;Kontakt&#8220; style=&#8220;flat&#8220; color=&#8220;sky&#8220; size=&#8220;lg&#8220; align=&#8220;center&#8220; i_icon_fontawesome=&#8220;far fa-envelope&#8220; button_block=&#8220;true&#8220; add_icon=&#8220;true&#8220; link=&#8220;url:https%3A%2F%2Fucm.one%2Fde%2Ffirma%2Fkontakt%2F|title:Kontakt&#8220;][\/vc_column][\/vc_row]<\/p>\n<\/div>","protected":false},"excerpt":{"rendered":"<p>[vc_row][vc_column width=&#8220;3\/4&#8243; css=&#8220;.vc_custom_1561291995466{padding-right: 30px !important;}&#8220;][vc_column_text] Barabbas &#8211; Er lebte, weil Jesus starb [\/vc_column_text][vc_column_text]UCM.ONE\u00a0ver\u00f6ffentlicht auf dem neuen Filmlabel U1 Film Berlin den russischen Historienfilm Barabbas von\u00a0Regisseur\u00a0Evgeniy Emelin, der einen einzigartigen Blick auf die bekannte Geschichte von Christi Tod und dessen Auferstehung, gesehen mit den Augen des R\u00e4ubers Barabbas, der dem Tod am Kreuz entkommen konnte, wirft.[\/vc_column_text][vc_row_inner][vc_column_inner&hellip;<\/p>\n","protected":false},"author":2,"featured_media":65562,"parent":0,"menu_order":0,"comment_status":"closed","ping_status":"closed","template":"","meta":{"_acf_changed":false,"footnotes":""},"class_list":["post-65557","page","type-page","status-publish","has-post-thumbnail","hentry","description-off"],"acf":[],"yoast_head":"<!-- This site is optimized with the Yoast SEO plugin v27.5 - https:\/\/yoast.com\/product\/yoast-seo-wordpress\/ -->\n<title>&quot;Barabbas - Er lebte, weil Jesus starb&quot; von Evgeniy Emelin<\/title>\n<meta name=\"description\" content=\"UCM.ONE\u00a0ver\u00f6ffentlicht den russischen Film Barabbas von\u00a0Regisseur\u00a0Evgeniy Emelin, der aufwendig und mit viel Detailliebe gedreht wurde.\" \/>\n<meta name=\"robots\" content=\"index, follow, max-snippet:-1, max-image-preview:large, max-video-preview:-1\" \/>\n<link rel=\"canonical\" href=\"https:\/\/ucm.one\/de\/barabbas-er-lebte-weil-jesus-starb\/\" \/>\n<meta property=\"og:locale\" content=\"de_DE\" \/>\n<meta property=\"og:type\" content=\"article\" \/>\n<meta property=\"og:title\" content=\"&quot;Barabbas - Er lebte, weil Jesus starb&quot; von Evgeniy Emelin\" \/>\n<meta property=\"og:description\" content=\"UCM.ONE\u00a0ver\u00f6ffentlicht den russischen Film Barabbas von\u00a0Regisseur\u00a0Evgeniy Emelin, der aufwendig und mit viel Detailliebe gedreht wurde.\" \/>\n<meta property=\"og:url\" content=\"https:\/\/ucm.one\/de\/barabbas-er-lebte-weil-jesus-starb\/\" \/>\n<meta property=\"og:site_name\" content=\"UCM.ONE\" \/>\n<meta property=\"article:modified_time\" content=\"2023-04-01T16:54:23+00:00\" \/>\n<meta property=\"og:image\" content=\"https:\/\/ucm.one\/wp-content\/uploads\/2020\/07\/P-Barabbas.jpg\" \/>\n<meta name=\"twitter:card\" content=\"summary_large_image\" \/>\n<meta name=\"twitter:title\" content=\"&quot;Barabbas - Er lebte, weil Jesus starb&quot; von Evgeniy Emelin\" \/>\n<meta name=\"twitter:description\" content=\"UCM.ONE\u00a0ver\u00f6ffentlicht den russischen Film Barabbas von\u00a0Regisseur\u00a0Evgeniy Emelin, der aufwendig und mit viel Detailliebe gedreht wurde.\" \/>\n<meta name=\"twitter:image\" content=\"https:\/\/ucm.one\/wp-content\/uploads\/2020\/07\/P-Barabbas.jpg\" \/>\n<meta name=\"twitter:label1\" content=\"Gesch\u00e4tzte Lesezeit\" \/>\n\t<meta name=\"twitter:data1\" content=\"9\u00a0Minuten\" \/>\n<!-- \/ Yoast SEO plugin. -->","yoast_head_json":{"title":"\"Barabbas - Er lebte, weil Jesus starb\" von Evgeniy Emelin","description":"UCM.ONE\u00a0ver\u00f6ffentlicht den russischen Film Barabbas von\u00a0Regisseur\u00a0Evgeniy Emelin, der aufwendig und mit viel Detailliebe gedreht wurde.","robots":{"index":"index","follow":"follow","max-snippet":"max-snippet:-1","max-image-preview":"max-image-preview:large","max-video-preview":"max-video-preview:-1"},"canonical":"https:\/\/ucm.one\/de\/barabbas-er-lebte-weil-jesus-starb\/","og_locale":"de_DE","og_type":"article","og_title":"\"Barabbas - Er lebte, weil Jesus starb\" von Evgeniy Emelin","og_description":"UCM.ONE\u00a0ver\u00f6ffentlicht den russischen Film Barabbas von\u00a0Regisseur\u00a0Evgeniy Emelin, der aufwendig und mit viel Detailliebe gedreht wurde.","og_url":"https:\/\/ucm.one\/de\/barabbas-er-lebte-weil-jesus-starb\/","og_site_name":"UCM.ONE","article_modified_time":"2023-04-01T16:54:23+00:00","og_image":[{"url":"https:\/\/ucm.one\/wp-content\/uploads\/2020\/07\/P-Barabbas.jpg","type":"","width":"","height":""}],"twitter_card":"summary_large_image","twitter_title":"\"Barabbas - Er lebte, weil Jesus starb\" von Evgeniy Emelin","twitter_description":"UCM.ONE\u00a0ver\u00f6ffentlicht den russischen Film Barabbas von\u00a0Regisseur\u00a0Evgeniy Emelin, der aufwendig und mit viel Detailliebe gedreht wurde.","twitter_image":"https:\/\/ucm.one\/wp-content\/uploads\/2020\/07\/P-Barabbas.jpg","twitter_misc":{"Gesch\u00e4tzte Lesezeit":"9\u00a0Minuten"},"schema":{"@context":"https:\/\/schema.org","@graph":[{"@type":"WebPage","@id":"https:\/\/ucm.one\/de\/barabbas-er-lebte-weil-jesus-starb\/","url":"https:\/\/ucm.one\/de\/barabbas-er-lebte-weil-jesus-starb\/","name":"\"Barabbas - Er lebte, weil Jesus starb\" von Evgeniy Emelin","isPartOf":{"@id":"https:\/\/ucm.one\/de\/#website"},"primaryImageOfPage":{"@id":"https:\/\/ucm.one\/de\/barabbas-er-lebte-weil-jesus-starb\/#primaryimage"},"image":{"@id":"https:\/\/ucm.one\/de\/barabbas-er-lebte-weil-jesus-starb\/#primaryimage"},"thumbnailUrl":"https:\/\/ucm.one\/wp-content\/uploads\/2022\/03\/barabbas-banner-artwork.jpg","datePublished":"2020-10-08T00:57:45+00:00","dateModified":"2023-04-01T16:54:23+00:00","description":"UCM.ONE\u00a0ver\u00f6ffentlicht den russischen Film Barabbas von\u00a0Regisseur\u00a0Evgeniy Emelin, der aufwendig und mit viel Detailliebe gedreht wurde.","breadcrumb":{"@id":"https:\/\/ucm.one\/de\/barabbas-er-lebte-weil-jesus-starb\/#breadcrumb"},"inLanguage":"de","potentialAction":[{"@type":"ReadAction","target":["https:\/\/ucm.one\/de\/barabbas-er-lebte-weil-jesus-starb\/"]}]},{"@type":"ImageObject","inLanguage":"de","@id":"https:\/\/ucm.one\/de\/barabbas-er-lebte-weil-jesus-starb\/#primaryimage","url":"https:\/\/ucm.one\/wp-content\/uploads\/2022\/03\/barabbas-banner-artwork.jpg","contentUrl":"https:\/\/ucm.one\/wp-content\/uploads\/2022\/03\/barabbas-banner-artwork.jpg","width":1920,"height":600},{"@type":"BreadcrumbList","@id":"https:\/\/ucm.one\/de\/barabbas-er-lebte-weil-jesus-starb\/#breadcrumb","itemListElement":[{"@type":"ListItem","position":1,"name":"Home","item":"https:\/\/ucm.one\/de\/"},{"@type":"ListItem","position":2,"name":"Barabbas &#8211; Er lebte, weil Jesus starb (2019) von Evgeniy Emelin | U1 Films Berlin"}]},{"@type":"WebSite","@id":"https:\/\/ucm.one\/de\/#website","url":"https:\/\/ucm.one\/de\/","name":"UCM.ONE","description":"","publisher":{"@id":"https:\/\/ucm.one\/de\/#organization"},"potentialAction":[{"@type":"SearchAction","target":{"@type":"EntryPoint","urlTemplate":"https:\/\/ucm.one\/de\/?s={search_term_string}"},"query-input":{"@type":"PropertyValueSpecification","valueRequired":true,"valueName":"search_term_string"}}],"inLanguage":"de"},{"@type":"Organization","@id":"https:\/\/ucm.one\/de\/#organization","name":"UCM.ONE","url":"https:\/\/ucm.one\/de\/","logo":{"@type":"ImageObject","inLanguage":"de","@id":"https:\/\/ucm.one\/de\/#\/schema\/logo\/image\/","url":"https:\/\/ucm.one\/wp-content\/uploads\/2019\/10\/UCM.ONE-Logo-RGB.svg","contentUrl":"https:\/\/ucm.one\/wp-content\/uploads\/2019\/10\/UCM.ONE-Logo-RGB.svg","width":1,"height":1,"caption":"UCM.ONE"},"image":{"@id":"https:\/\/ucm.one\/de\/#\/schema\/logo\/image\/"}}]}},"_links":{"self":[{"href":"https:\/\/ucm.one\/de\/wp-json\/wp\/v2\/pages\/65557","targetHints":{"allow":["GET"]}}],"collection":[{"href":"https:\/\/ucm.one\/de\/wp-json\/wp\/v2\/pages"}],"about":[{"href":"https:\/\/ucm.one\/de\/wp-json\/wp\/v2\/types\/page"}],"author":[{"embeddable":true,"href":"https:\/\/ucm.one\/de\/wp-json\/wp\/v2\/users\/2"}],"replies":[{"embeddable":true,"href":"https:\/\/ucm.one\/de\/wp-json\/wp\/v2\/comments?post=65557"}],"version-history":[{"count":0,"href":"https:\/\/ucm.one\/de\/wp-json\/wp\/v2\/pages\/65557\/revisions"}],"wp:featuredmedia":[{"embeddable":true,"href":"https:\/\/ucm.one\/de\/wp-json\/wp\/v2\/media\/65562"}],"wp:attachment":[{"href":"https:\/\/ucm.one\/de\/wp-json\/wp\/v2\/media?parent=65557"}],"curies":[{"name":"wp","href":"https:\/\/api.w.org\/{rel}","templated":true}]}}