{"id":63942,"date":"2022-05-12T19:18:56","date_gmt":"2022-05-12T19:18:56","guid":{"rendered":"https:\/\/ucm.one\/?page_id=63942"},"modified":"2023-07-31T23:33:27","modified_gmt":"2023-07-31T23:33:27","slug":"nico","status":"publish","type":"page","link":"https:\/\/ucm.one\/de\/nico\/","title":{"rendered":"Nico (2021) von Eline Gehring | Darling Berlin"},"content":{"rendered":"<div class=\"wpb-content-wrapper\"><p>[vc_row][vc_column width=&#8220;3\/4&#8243; css=&#8220;.vc_custom_1561291995466{padding-right: 30px !important;}&#8220;][vc_column_text]<\/p>\n<h1>Nico<span style=\"color: #ffffff;\">:<\/span><\/h1>\n<p>[\/vc_column_text][vc_column_text]<\/p>\n<div class=\"vc_row wpb_row vc_row-fluid\">\n<div class=\"wpb_column vc_column_container vc_col-sm-12\">\n<div class=\"vc_column-inner\">\n<div class=\"wpb_wrapper\">\n<div class=\"wpb_text_column wpb_content_element \">\n<div class=\"wpb_wrapper\">\n<div class=\"wpb_text_column wpb_content_element \">\n<div class=\"wpb_wrapper\">\n<p>Der Film \u201c<strong>Nico<\/strong>\u201c, f\u00fcr den Regisseurin\u00a0<strong>Eline Gehring<\/strong> zusammen mit Kamerafrau <strong>Francy Fabritz<\/strong> und Produzentin und Hauptdarstellerin <strong>Sara Fazilat<\/strong> das Drehbuch geschrieben hat, feierte im Januar 2021 beim <strong>Filmfestival Max Oph\u00fcls Preis<\/strong> seine Premiere in Deutschland.\u00a0<strong>Sara Fazilat<\/strong> gewann dort auch den Preis als <em>\u201cBeste Nachwuchsschauspielerin\u201d<\/em>. Zudem wurde sie als Produzentin kurze Zeit sp\u00e4ter mit dem den \u201c<strong>No Fear Award<\/strong>\u201d beim <strong>First Steps Award 2021\u00a0<\/strong>ausgezeichnet. Die internationale Premiere fand im Rahmen des\u00a0<strong>24. Shanghai International Film Festivals<\/strong> im gleichen Jahr statt.<\/p>\n<\/div>\n<\/div>\n<\/div>\n<\/div>\n<\/div>\n<\/div>\n<\/div>\n<\/div>\n<p>[\/vc_column_text][vc_row_inner][vc_column_inner width=&#8220;1\/2&#8243; css=&#8220;.vc_custom_1561290391124{border-right-width: -15px !important;}&#8220;][vc_single_image image=&#8220;63952&#8243; img_size=&#8220;full&#8220; onclick=&#8220;link_image&#8220;][\/vc_column_inner][vc_column_inner width=&#8220;1\/2&#8243;][vc_single_image image=&#8220;63981&#8243; img_size=&#8220;full&#8220; onclick=&#8220;link_image&#8220;][\/vc_column_inner][\/vc_row_inner][vc_column_text]<\/p>\n<h3>Inhaltsangabe<\/h3>\n<p style=\"font-weight: 400;\">Die selbstbewusste und lebensbejahende Deutsch-Perserin Nico liebt ihren Job als Altenpflegerin und ist wegen ihrer lockeren und verst\u00e4ndnisvollen Art bei allen Patient:innen beliebt. Mit ihrer besten Freundin Rosa genie\u00dft sie den Berliner Sommer, bis ein rassistisch motivierter \u00dcberfall sie pl\u00f6tzlich aus ihrem unbeschwerten Alltag rei\u00dft. Nico wird bewusst, dass sie doch nicht so selbstverst\u00e4ndlich dazugeh\u00f6rt, wie sie immer dachte, und wie viel Rassismus sie tats\u00e4chlich umgibt.<\/p>\n<p style=\"font-weight: 400;\">Geplagt von Erinnerungsfetzen an den schrecklichen Angriff, zieht sich Nico immer mehr in sich selbst zur\u00fcck. Nicht nur Rosa verliert den Bezug zu ihr, auch ihre Patientinnen und Patienten erkennen die einst so fr\u00f6hliche junge Frau nicht wieder. Nico sp\u00fcrt, dass es so nicht weitergehen kann, und wendet sich an den schroffen Karate-Weltmeister Andy. Bei ihm beginnt sie ein hartes Trainingsprogramm und schafft es dadurch, ihre Wut zu kanalisieren und ihre eigene St\u00e4rke zur\u00fcckzuerobern. Doch gleichzeitig verliert sie die Verbindung zu sich selbst und ihrem alten Leben.<\/p>\n<p style=\"font-weight: 400;\">Dann trifft Nico auf die Mazedonierin Ronny. Zwischen den beiden Frauen entwickelt sich eine starke Verbindung, die Nico dazu veranlasst, den eingeschlagenen Weg in Frage zu stellen.<\/p>\n<p>[\/vc_column_text][vc_row_inner][vc_column_inner css=&#8220;.vc_custom_1561290391124{border-right-width: -15px !important;}&#8220;][vc_single_image image=&#8220;63930&#8243; img_size=&#8220;full&#8220; onclick=&#8220;link_image&#8220;][\/vc_column_inner][\/vc_row_inner][vc_column_text]\u201c<strong>Nico<\/strong>\u201d\u00a0ist ein wichtiger und bewegender Film, dessen mitrei\u00dfende Hauptdarstellerin das Publikum jeden Moment des schmerzhaften Heilungsprozesses der Protagonistin mitf\u00fchlen l\u00e4sst.[\/vc_column_text][vc_column_text]<\/p>\n<h3>Kommentar von Regie &amp; Produktion<\/h3>\n<div>\n<p style=\"font-weight: 400;\"><em>&#8222;Im vergangenen Jahr sind in Deutschland so viele Straftaten mit politisch motiviertem Hintergrund ver\u00fcbt worden wie in den vergangenen 20 Jahren nicht. Immer st\u00e4rker bestimmen rassistische Menschen und Strukturen, wor\u00fcber wir reden. Sie diktieren die Inhalte, mit denen wir uns besch\u00e4ftigen, und nehmen uns das Selbstverst\u00e4ndnis unserer Zugeh\u00f6rigkeit.\u00a0Die Wut und Hilflosigkeit dar\u00fcber haben wir in &#8218;Nico&#8216; geb\u00fcndelt, um darauf aufmerksam zu machen, dass Rassismus und Sexismus immer \u2013 und wieder zunehmend \u2013 zu unserem Alltag geh\u00f6ren.<\/em><\/p>\n<\/div>\n<p>[\/vc_column_text][vc_row_inner][vc_column_inner width=&#8220;1\/2&#8243; css=&#8220;.vc_custom_1561290391124{border-right-width: -15px !important;}&#8220;][vc_single_image image=&#8220;63962&#8243; img_size=&#8220;full&#8220; onclick=&#8220;link_image&#8220;][\/vc_column_inner][vc_column_inner width=&#8220;1\/2&#8243;][vc_single_image image=&#8220;63965&#8243; img_size=&#8220;full&#8220; onclick=&#8220;link_image&#8220;][\/vc_column_inner][\/vc_row_inner][vc_column_text]<em>Medien haben eine hohe Reichweite und einen starken Einfluss auf unsere Wahrnehmung. Sie erschaffen bleibende Bilder, die ganze Gesellschaften formen. Deswegen brauchen wir dringend Filme, die selbstverst\u00e4ndlich so divers sind wie ihr Publikum.\u00a0Und zwar nicht nur in Bezug auf Herkunft und K\u00f6rper, sondern auch auf Alter und Sexualit\u00e4t. Es wird Zeit f\u00fcr einen l\u00e4ngst f\u00e4lligen Wandel in der deutschen Film- und Fernsehlandschaft \u2013 Repr\u00e4sentation ist entscheidend, und mit ihr die Abbildung aller Menschen und Geschichten auf der Leinwand und im Kino.<\/em><\/p>\n<p style=\"font-weight: 400;\"><em>Mit diesem Film versuchen wir, nicht nur vor, sondern auch hinter der Kamera eine Realit\u00e4t zu schaffen, um nicht mehr nur damit besch\u00e4ftigt zu sein, auf Realit\u00e4ten zu reagieren, die andere f\u00fcr uns schaffen. Wir wollen selbst handeln und ein neues Narrativ kreieren.<\/em><\/p>\n<p>[\/vc_column_text][vc_column_text]<\/p>\n<h3>Regie und Drehbuch: <strong>Eline Gehring<\/strong><\/h3>\n<div>\n<p>Eline Gehring beginnt ihre Karriere 2006 als Kamerafrau und Editorin f\u00fcr deutsche Berichterstattung in Paris, Prag, Kiew und Berlin. Stationen f\u00fchren sie auch nach S\u00fcdafrika, wo sie 2011 ein Jahr lang Kurzfilme, Dokumentationen und Social Spots f\u00fcr NGOs dreht.<\/p>\n<\/div>\n<p>[\/vc_column_text][vc_row_inner][vc_column_inner width=&#8220;1\/3&#8243; css=&#8220;.vc_custom_1561290391124{border-right-width: -15px !important;}&#8220;][vc_single_image image=&#8220;63971&#8243; img_size=&#8220;full&#8220; onclick=&#8220;link_image&#8220;][\/vc_column_inner][vc_column_inner width=&#8220;2\/3&#8243;][vc_column_text]F\u00fcr den <strong>deutschen Bundestag<\/strong> dreht sie eine Dokumentation in Sankt Petersburg und f\u00fcr die <strong>Deutsche Welle<\/strong> arbeitet sie 2008 in Kairo. Ihre 2013 nimmt sie das Regiestudium an der <strong>Deutschen Film- und Fernsehakademie Berlin (DFFB)<\/strong> auf und inszeniert Kurzfilme, die auf internationalen Filmfestivals ihre Premiere feiern.\u00a0Als Co-Regisseurin arbeitet sie 2016 an der von <strong>Edition Salzgeber<\/strong> produzierten Dokumentation &#8222;<strong>Helmut Berger, meine Mutter und ich<\/strong>&#8222;.<\/p>\n<p style=\"font-weight: 400;\">Im selben Jahr beginnt Eline Gehring die Arbeit an ihrem Langfilm-Deb\u00fct &#8222;<strong>Nico<\/strong>&#8222;, der 2021 bei seiner Weltpremiere im Wettbewerb des <strong>42. Filmfestival Max Oph\u00fcls Preis<\/strong> den <em>&#8222;<strong>Nachwuchs-Schauspielpreis<\/strong>&#8222;<\/em> f\u00fcr <strong>Sara Fazilat<\/strong> in der Hauptrolle gewinnt. Es folgen zahlreiche weitere Festivalteilnahmen und Auszeichnungen.<\/p>\n<p style=\"font-weight: 400;\">Im Jahr 2022 steht &#8222;<strong>Nico<\/strong>&#8220; in der Vorauswahl f\u00fcr den <strong>Deutschen Filmpreis<\/strong>.<\/p>\n<p>[\/vc_column_text][\/vc_column_inner][\/vc_row_inner][vc_column_text]<\/p>\n<p style=\"font-weight: 400;\">Seit 2021 entwickelt Eline <strong>Gehring<\/strong> ihren zweiten Langfilm, mit dem sie das Regiestudium an der <strong>Deutschen Film- und Fernsehakademie Berlin<\/strong>\u00a0(<strong>DFFB<\/strong>) abschlie\u00dft.<\/p>\n<p>[\/vc_column_text][vc_row_inner][vc_column_inner width=&#8220;1\/2&#8243; css=&#8220;.vc_custom_1561290391124{border-right-width: -15px !important;}&#8220;][vc_single_image image=&#8220;68215&#8243; img_size=&#8220;full&#8220; onclick=&#8220;link_image&#8220;][\/vc_column_inner][vc_column_inner width=&#8220;1\/2&#8243;][vc_single_image image=&#8220;64002&#8243; img_size=&#8220;full&#8220; onclick=&#8220;link_image&#8220;][\/vc_column_inner][\/vc_row_inner][\/vc_column][vc_column width=&#8220;1\/4&#8243; css=&#8220;.vc_custom_1581030319933{margin-top: 15px !important;margin-bottom: 36px !important;background-color: #efefef !important;}&#8220;]<style type=\"text\/css\" data-type=\"the7_shortcodes-inline-css\">.shortcode-single-image-wrap.shortcode-single-image-a3661523243627848531281a83f42c6c.enable-bg-rollover .rollover i,\n.shortcode-single-image-wrap.shortcode-single-image-a3661523243627848531281a83f42c6c.enable-bg-rollover .rollover-video i {\n  background: -webkit-linear-gradient();\n  background: linear-gradient();\n}\n.shortcode-single-image-wrap.shortcode-single-image-a3661523243627848531281a83f42c6c .rollover-icon {\n  font-size: 32px;\n  color: #ffffff;\n  min-width: 44px;\n  min-height: 44px;\n  line-height: 44px;\n  border-radius: 100px;\n  border-style: solid;\n  border-width: 0px;\n}\n.dt-icon-bg-on.shortcode-single-image-wrap.shortcode-single-image-a3661523243627848531281a83f42c6c .rollover-icon {\n  background: rgba(255,255,255,0.3);\n  box-shadow: none;\n}<\/style><div class=\"shortcode-single-image-wrap shortcode-single-image-a3661523243627848531281a83f42c6c alignnone  vc_custom_1644175000634 enable-bg-rollover dt-icon-bg-off\" ><div class=\"shortcode-single-image\"><div class=\"fancy-media-wrap\" style=\"\"><a class=\"layzr-bg rollover rollover-zoom dt-pswp-item pswp-image\" href=\"https:\/\/ucm.one\/wp-content\/uploads\/2022\/02\/P-Nico-2022.jpg\" title=\"P Nico 2022\" data-dt-img-description=\"\" data-large_image_width=\"699\" data-large_image_height = \"1000\"  style=\"\"><img fetchpriority=\"high\" decoding=\"async\" class=\"preload-me lazy-load aspect\" src=\"data:image\/svg+xml,%3Csvg%20xmlns%3D&#39;http%3A%2F%2Fwww.w3.org%2F2000%2Fsvg&#39;%20viewBox%3D&#39;0%200%20699%20999&#39;%2F%3E\" data-src=\"https:\/\/ucm.one\/wp-content\/uploads\/2022\/02\/P-Nico-2022.jpg\" data-srcset=\"https:\/\/ucm.one\/wp-content\/uploads\/2022\/02\/P-Nico-2022.jpg 699w\" loading=\"eager\" style=\"--ratio: 699 \/ 999\" sizes=\"(max-width: 699px) 100vw, 699px\" width=\"699\" height=\"999\"  data-dt-location=\"https:\/\/ucm.one\/de\/nico\/p-nico-2022\/\" alt=\"\" \/><\/a><\/div><\/div><\/div>[vc_empty_space height=&#8220;10px&#8220;][vc_column_text]<\/p>\n<div>\n<p><strong>Original Titel:<\/strong> Nico<\/p>\n<p><strong>Regie:<\/strong> Eline Gehring<\/p>\n<p><strong>Drehbuch:<\/strong> Sara Fazilat, Francy Fabritz, Eline Gehring<\/p>\n<p><strong>Schauspieler:innen:<\/strong> Sara Fazilat,\u00a0Sara Klimoska,\u00a0Javeh Asefdjah,\u00a0Andreas Marquardt,\u00a0Brigitte Kramer,\u00a0Isidoro Fernandez Mompelier,\u00a0Sabrina Tannen<\/p>\n<p><strong>Produzentin:<\/strong> Sara Fazilat<\/p>\n<p><strong>Kamera:<\/strong> Francy Fabritz<\/p>\n<p><strong>Schnitt:<\/strong> Eline Gehring<\/p>\n<p><strong>Ton:<\/strong> Andreas Otto, Ye Linlin Cardrage, Olga Nosva, Meik-Ren\u00e9 Enderlein, Justus Wirth, Matthias Rupp, DingDing Jiang, Anna Roznowska<\/p>\n<p><strong>Musik:<\/strong> Zeina Azouqah, Doro Bohr, Konstantin Wecker<\/p>\n<\/div>\n<p>&nbsp;<\/p>\n<p><strong>Produktion:\u00a0<\/strong>Third Culture Kids &amp; DFFB &#8211; Deutsche Film- und Fernsehakademie Berlin<\/p>\n<p><strong>Produktionsjahr:<\/strong> 2021<\/p>\n<p><strong>Genre<\/strong>: Drama<\/p>\n<p><strong>Land:<\/strong>\u00a0Deutschland<\/p>\n<p><strong>Sprachen:<\/strong> Deutsch, Englisch, Persisch<\/p>\n<p><strong>Untertitel:<\/strong> Deutsch f\u00fcr H\u00f6rgesch\u00e4digte, Englisch, Franz\u00f6sisch, Spanisch, Portugiesisch, Tschechisch, Russisch, Arabisch, Russisch, Chinesisch<\/p>\n<p><strong>L\u00e4nge:<\/strong>\u00a079 Min<\/p>\n<p><strong>FSK:<\/strong>\u00a012<\/p>\n<p><strong>Seitenverh\u00e4ltnis:<\/strong> 1: 2.00<\/p>\n<p><strong>Ton:<\/strong> 5.1 Surround, 2.0 Stereo<\/p>\n<p><strong>Aufl\u00f6sung:<\/strong> 2K Flat (24 fps)[\/vc_column_text][vc_column_text]<em>Preise:<\/em><\/p>\n<p><b><strong>2021 Filmfestival Max Oph\u00fcls Preis: <\/strong><\/b>Max Oph\u00fcls Preis f\u00fcr die \u201eBeste Schauspielerin\u201c -&gt; Sara Fazilat<\/p>\n<p><b>2021 First Steps: &#8222;<\/b>No Fear Award&#8220; -&gt; Sara Fazilat<\/p>\n<p><strong>2021 QueerScope:<\/strong> &#8222;Queer Scope Debutfilmpreis&#8220; f\u00fcr das beste Langspieldebut -&gt; Nico<\/p>\n<p><strong>2021 Braunschweig International Film Festival:<\/strong>\u00a0&#8222;Braunschweiger Filmpreis&#8220; als beste\/r Nachwuchsschauspieler:in -&gt; Sara Fazilat<\/p>\n<p><strong>2021 Biberacher Filmfestspiele:<\/strong>\u00a0&#8222;Deb\u00fct-Biber&#8220; f\u00fcr den besten Debutfilm -&gt; Nico<\/p>\n<p><strong>2021 FILMZ Festival des deutschen Kino:<\/strong>\u00a0&#8222;Publikumpreis&#8220; im Langfilmwettbewerb -&gt; Nico<\/p>\n<p><strong>2021\u00a0Filmfestival Radstadt:<\/strong>\u00a0&#8222;Preis der Jugendjury&#8220; f\u00fcr den besten Film -&gt; Nico<\/p>\n<p><strong>2022 Bayerischer Filmpreis:<\/strong> &#8222;Beste Nachwuchsdarstellerin&#8220; -&gt; Sara Fazilat[\/vc_column_text][vc_separator color=&#8220;custom&#8220; accent_color=&#8220;#a0a0a0&#8243;][vc_column_text]<strong>Nationale Premiere:\u00a0<\/strong>42. Filmfestival Max Oph\u00fcls Preis, 2021<\/p>\n<p><strong>Internationale Premiere:<\/strong> 24. Shanghai International Film Festival, 2021<\/p>\n<p>&nbsp;<\/p>\n<p><strong>Filmlabel:<\/strong> Darling Berlin<\/p>\n<p><strong>Verleih:<\/strong> <span style=\"font-family: 'arial black', sans-serif;\"><strong>UCM.ONE <\/strong>\/\u00a0<a title=\"\" href=\"https:\/\/www.filmagentinnen.de\/nico\/\" target=\"_blank\" rel=\"noopener\"><span style=\"font-family: arial, helvetica, sans-serif;\">Die FilmAgentinnen<\/span><\/a><\/span><\/p>\n<p><strong>Kinostart:\u00a0<\/strong>12.05.2022[\/vc_column_text][vc_separator color=&#8220;custom&#8220; accent_color=&#8220;#a0a0a0&#8243;][vc_btn title=&#8220;Presse Materialien&#8220; color=&#8220;white&#8220; size=&#8220;sm&#8220; align=&#8220;center&#8220; i_icon_fontawesome=&#8220;fas fa-download&#8220; button_block=&#8220;true&#8220; add_icon=&#8220;true&#8220; css=&#8220;.vc_custom_1649236709529{margin-top: -15px !important;}&#8220; link=&#8220;url:https%3A%2F%2Fwww.ucm.one%2Fpresse%2Fdb_nico_presskit.zip|rel:nofollow&#8220;][vc_btn title=&#8220;Schule Materialien&#8220; color=&#8220;white&#8220; size=&#8220;sm&#8220; align=&#8220;center&#8220; i_icon_fontawesome=&#8220;far fa-file-pdf&#8220; button_block=&#8220;true&#8220; add_icon=&#8220;true&#8220; css=&#8220;.vc_custom_1652455728851{margin-top: -15px !important;}&#8220; link=&#8220;url:https%3A%2F%2Fwww.ucm.one%2Funterrichtsmaterial%2FViki-Filmtipp-ZOOM-Nico.pdf|rel:nofollow&#8220;][vc_btn title=&#8220;DCP Trailer&#8220; color=&#8220;white&#8220; size=&#8220;sm&#8220; align=&#8220;center&#8220; i_icon_fontawesome=&#8220;fas fa-external-link-alt&#8220; button_block=&#8220;true&#8220; add_icon=&#8220;true&#8220; css=&#8220;.vc_custom_1649236642654{margin-top: -15px !important;}&#8220; link=&#8220;url:https%3A%2F%2Fwww.eclairplay.com%2Fde_DEU%2Fmovies%2Fnico-2021|target:_blank&#8220;][\/vc_column][\/vc_row][vc_row][vc_column][vc_empty_space height=&#8220;15px&#8220;][vc_column_text]<\/p>\n<h3>Produzentin, Drehbuch und Hauptdarstellerin in der Rolle der Nico: <strong>Sara Fazilat<\/strong><\/h3>\n<div>\n<p class=\"Text\">Nach dem Abitur in Bremen besucht Sara die <strong>Rada<\/strong> (<strong>Royal Academy of Dramatic Art<\/strong>) und <strong>Guildhall School of Music and Drama<\/strong> in London. Im Anschluss studiert sie Filmproduktion an der <strong>DFFB<\/strong> in Berlin und der Columbia University in New York.<\/p>\n<\/div>\n<p>[\/vc_column_text][vc_row_inner css=&#8220;.vc_custom_1644192487914{margin-top: -15px !important;}&#8220;][vc_column_inner width=&#8220;1\/4&#8243; css=&#8220;.vc_custom_1561290391124{border-right-width: -15px !important;}&#8220;][vc_single_image image=&#8220;52192&#8243; img_size=&#8220;full&#8220; onclick=&#8220;link_image&#8220;][\/vc_column_inner][vc_column_inner width=&#8220;3\/4&#8243;][vc_column_text]<\/p>\n<p style=\"font-weight: 400;\">2015 wird ihr Film &#8222;<strong>Nicht zu fr\u00fch, nicht zu sp\u00e4t<\/strong>&#8220; (Co-Drehbuchautorin) bei den Filmfestspielen in <strong>Cannes<\/strong> uraufgef\u00fchrt, 2017 wird sie f\u00fcr die <em>\u201e<strong>Berlinale Talents<\/strong>\u201c<\/em> ausgew\u00e4hlt. Ihr Film &#8222;<strong>Revolvo<\/strong>&#8222;, bei dem <strong>Francy Fabritz<\/strong> Regie f\u00fchrt und den <strong>Sara Fazilat<\/strong> produziert, gewinnt 2020 diverse Preise und wird von <strong>German Films<\/strong> nach <strong>Cannes<\/strong> eingeladen. Im selben Jahr wird der ebenfalls von ihr produzierte Film &#8222;<strong>Jiyan<\/strong>&#8220; unter anderem beim <strong>Max Oph\u00fcls Festival<\/strong> ausgezeichnet, sie wird in den Vorstand von <strong>Pro Quote Film<\/strong> gew\u00e4hlt und gr\u00fcndet ihre eigene Produktionsfirma &#8222;<strong>Third Culture Kids<\/strong>&#8222;.<\/p>\n<p style=\"font-weight: 400;\">&#8222;<strong>Nico<\/strong>&#8220; ist ihr Abschlussfilm an der <strong>DFFB<\/strong>, er wird 2021 beim <strong>Filmfestival Max Oph\u00fcls<\/strong> uraufgef\u00fchrt und <strong>Sara Fazilat<\/strong> f\u00fcr die Rolle der &#8222;Nico&#8220; als <strong><em>Beste Nachwuchsschauspielerin<\/em><\/strong> ausgezeichnet. Ebenfalls f\u00fcr &#8222;<strong>Nico<\/strong>&#8220; erh\u00e4lt <strong>Sara Fazilat<\/strong> bei den <strong>First Steps<\/strong> den <strong>No Fear Award<\/strong>\u00a0als Produzentin. Neben vielen weiteren, internationale Auszeichnungen schafft es &#8222;<strong>Nico<\/strong>&#8220; zudem in die Vorauswahl f\u00fcr den D<strong>eutschen Filmpreis 2022<\/strong>.<\/p>\n<p style=\"font-weight: 400;\">2022 startet <strong>Sara Fazilat<\/strong> richtig durch: W\u00e4hrend &#8222;<strong>Nico<\/strong>&#8220; nach einem erfolgreichen Festival-Jahr in den Kinos startet, ist sie als Schauspielerin in zahlreichen weiteren Produktionen auf der gro\u00dfen Leinwand zu sehen. So wird sie in <strong>Michael Bully Herbig<\/strong>s &#8222;<strong>1000 Zeilen<\/strong>&#8220; eine tragende Rolle \u00fcbernehmen, ebenso wie in &#8222;<strong>Holy Spider<\/strong>&#8222;, dem neuen Film von <strong>Ali Abbasi<\/strong> (&#8222;<strong>Border<\/strong>&#8222;, Gewinner <em>&#8222;Un Certain Regard&#8220;<\/em> in <strong>Cannes 2018<\/strong>), der seine Premiere 2022 im Wettbewerb von <strong>Cannes<\/strong> feiern wird. Sie ist au\u00dferdem eines von <em>\u201e7 Talents to Watch\u201c<\/em> bei der <strong><em>Face To Face-Kampagne<\/em><\/strong> von <strong>German Films<\/strong>.\u00a0Als Produzentin und Autorin schreibt sie an ihrem Langfilm &#8222;<strong>Arier<\/strong>&#8220; (ausgew\u00e4hlt f\u00fcr <strong><em>First Steps Masterclass<\/em><\/strong>) und ihrer Serie &#8222;<strong>Underdogs<\/strong>&#8222;.<\/p>\n<p>[\/vc_column_text][\/vc_column_inner][\/vc_row_inner][vc_row_inner][vc_column_inner width=&#8220;1\/2&#8243; css=&#8220;.vc_custom_1561290391124{border-right-width: -15px !important;}&#8220;][vc_single_image image=&#8220;64024&#8243; img_size=&#8220;full&#8220; onclick=&#8220;link_image&#8220;][\/vc_column_inner][vc_column_inner width=&#8220;1\/2&#8243;][vc_single_image image=&#8220;64005&#8243; img_size=&#8220;full&#8220; onclick=&#8220;link_image&#8220;][\/vc_column_inner][\/vc_row_inner][vc_column_text]<\/p>\n<p style=\"text-align: left;\"><span style=\"font-size: 12pt;\">Filmographie (Auswahl)<\/span><\/p>\n<p>[\/vc_column_text][vc_empty_space height=&#8220;-3px&#8220;][vc_column_text css=&#8220;.vc_custom_1651882799418{margin-top: -15px !important;padding-top: 12px !important;padding-right: 12px !important;padding-bottom: 12px !important;padding-left: 12px !important;background-color: #efefef !important;border-radius: 5px !important;}&#8220;]<\/p>\n<table style=\"height: 140px; width: 100%; border-collapse: collapse;\">\n<tbody>\n<tr style=\"height: 45px;\">\n<td style=\"width: 6.8076079723188965%; height: 10px;\">2022<\/td>\n<td style=\"width: 93.19239202768111%; height: 10px;\"><strong>Featuring Ella\u00a0<\/strong><span style=\"font-family: inherit; font-size: inherit;\">(Regie: Marina Bernardi &#8211; Schauspiel)<\/span><\/td>\n<\/tr>\n<tr style=\"height: 43px;\">\n<td style=\"width: 6.8076079723188965%; height: 10px;\">2022<\/td>\n<td style=\"width: 93.19239202768111%; height: 10px;\"><strong>Holy Spider<\/strong>\u00a0(Regie: Ali Abbasi &#8211; Schauspiel)<\/td>\n<\/tr>\n<tr style=\"height: 47px;\">\n<td style=\"width: 6.8076079723188965%; height: 10px;\">2022<\/td>\n<td style=\"width: 93.19239202768111%; height: 10px;\"><b>1000 Zeilen<\/b> (Regie: Michael Bully Herbig &#8211; Schauspiel)<\/td>\n<\/tr>\n<tr style=\"height: 22px;\">\n<td style=\"width: 6.8076079723188965%; height: 22px;\">2022<\/td>\n<td style=\"width: 93.19239202768111%; height: 22px;\"><b><b>Asche\u00a0<\/b><\/b><span style=\"font-family: inherit; font-size: inherit;\">(Regie: DingDing Jiang &#8211; Produktion)<\/span><\/td>\n<\/tr>\n<tr style=\"height: 22px;\">\n<td style=\"width: 6.8076079723188965%; height: 22px;\">2021<\/td>\n<td style=\"width: 93.19239202768111%; height: 22px;\"><b>Nico <\/b>(Regie: Eline Gehring &#8211; Schauspiel, Drehbuch, Produktion)<\/td>\n<\/tr>\n<tr style=\"height: 22px;\">\n<td style=\"width: 6.8076079723188965%; height: 22px;\">2020<\/td>\n<td style=\"width: 93.19239202768111%; height: 22px;\"><b>Revolvo <\/b>(Kurzfilm, Regie: Francy Fabritz &#8211; Produktion)<\/td>\n<\/tr>\n<tr style=\"height: 22px;\">\n<td style=\"width: 6.8076079723188965%; height: 22px;\">2019<\/td>\n<td style=\"width: 93.19239202768111%; height: 22px;\"><b>Jinan\u00a0<\/b>(Regie: S\u00fcheyla Schwenk &#8211; Produktion)<\/td>\n<\/tr>\n<tr style=\"height: 22px;\">\n<td style=\"width: 6.8076079723188965%; height: 22px;\">2016<\/td>\n<td style=\"width: 93.19239202768111%; height: 22px;\"><b>Holly<\/b> <span style=\"font-family: inherit; font-size: inherit;\">(Kurzfilm, Regie: Eline Gehring &#8211; Produktion)<\/span><\/td>\n<\/tr>\n<\/tbody>\n<\/table>\n<p>[\/vc_column_text][\/vc_column][\/vc_row][vc_row][vc_column][vc_empty_space height=&#8220;15px&#8220;][vc_column_text]<\/p>\n<h3>Kamera und Drehbuch: <strong>Francy Fabritz<\/strong><\/h3>\n<p><strong>Francy Fabritz<\/strong> ist eine in Berlin lebende Kamerafrau und Regisseurin. Ihre Filme besch\u00e4ftigen sich mit queer-feministischen Themen, die sie auf humorvolle Art und Weise erz\u00e4hlt.[\/vc_column_text][vc_row_inner css=&#8220;.vc_custom_1644192005668{margin-top: -25px !important;}&#8220;][vc_column_inner width=&#8220;2\/3&#8243;][vc_column_text]<\/p>\n<p style=\"font-weight: 400;\">Nach ihrem Diplom-Abschluss in \u201e<strong>Kulturwissenschaften und \u00e4sthetische Praxis<\/strong>\u201c an der <strong>Universit\u00e4t Hildesheim<\/strong> folgtedas Studium an der <strong>Deutschen Film- und Fernsehakademie Berlin<\/strong> (<strong>DFFB<\/strong>).<\/p>\n<p style=\"font-weight: 400;\">Seither arbeitet <strong>Francy Fabritz<\/strong> in den Bereichen Spielfilm, Kunst und Werbung und schreibt f\u00fcr eigene Filme meist auch das Drehbuch.\u00a0Ihre Kurzfilme &#8222;<strong>Etage X<\/strong>&#8220; (2016) und &#8222;<strong>Revolvo<\/strong>&#8220; (2019) wurden u.a. in <strong>Cannes<\/strong>, <strong>Locarno<\/strong>, <strong>Hof<\/strong> und <strong>Clermont-Ferrand<\/strong> gezeigt und mit dem <em>\u201e<strong>Pr\u00e4dikat Besonders Wertvoll\u201c<\/strong><\/em> (<strong>Deutsche Film- und Medienbewertung FBW<\/strong>) ausgezeichnet. Beide Filme liefen jeweils auf \u00fcber 120 Festivals weltweit.<\/p>\n<p style=\"font-weight: 400;\">Im Jahr 2020 war <strong>Francy Fabritz<\/strong> Mitglied der <strong>Nest Jury<\/strong> beim <strong>68. Internationalen Filmfestival<\/strong> von <strong>San Sebastian<\/strong>. 2021 wurde sie f\u00fcr die <em>&#8222;<strong>Berlinale Talents<\/strong>&#8222;<\/em> ausgew\u00e4hlt. &#8222;<strong>Nico<\/strong>&#8220; ist ihr erster Langspielfilm als Kamerafrau und Co-Drehbuchautorin.<\/p>\n<p>[\/vc_column_text][\/vc_column_inner][vc_column_inner width=&#8220;1\/3&#8243; css=&#8220;.vc_custom_1561290391124{border-right-width: -15px !important;}&#8220;][vc_single_image image=&#8220;63997&#8243; img_size=&#8220;full&#8220; onclick=&#8220;link_image&#8220;][\/vc_column_inner][\/vc_row_inner][vc_empty_space height=&#8220;1px&#8220;][vc_column_text css=&#8220;.vc_custom_1651881330968{margin-top: -19px !important;}&#8220;]<\/p>\n<p style=\"font-weight: 400;\">Ihre j\u00fcngsten Arbeiten als Kamerafrau sind die innovative queere Talkshow &#8222;<strong>Tomorrow TV<\/strong>&#8222;, ein vom <strong>Medienboard Berlin-Brandenburg<\/strong> gef\u00f6rdertes Projekt, sowie die Film-Kunstprojekte f\u00fcr die K\u00fcnstler:innen <strong>Padraig Robinson<\/strong>, <strong>Dominique Hurth<\/strong> und <strong>Shu Lea Cheang<\/strong>.\u00a0Derzeit schreibt <strong>Francy Fabritz<\/strong> das Drehbuch f\u00fcr ihren Regie-Deb\u00fctfilm, der 2023 gedreht wird.<\/p>\n<p>[\/vc_column_text][vc_row_inner][vc_column_inner css=&#8220;.vc_custom_1561290391124{border-right-width: -15px !important;}&#8220;][vc_single_image image=&#8220;63903&#8243; img_size=&#8220;full&#8220; onclick=&#8220;link_image&#8220;][\/vc_column_inner][\/vc_row_inner][\/vc_column][\/vc_row][vc_row][vc_column][vc_empty_space height=&#8220;15px&#8220;][vc_column_text]<\/p>\n<h3><strong>Javeh Asefdjah<\/strong> (als Rosa)<\/h3>\n<p style=\"font-weight: 400;\"><strong>Javeh Asefdjah<\/strong> wird in Teheran geboren und schlie\u00dft 2004 ihr Schauspielstudium an der <strong>Leipziger Hochschule Felix Mendelssohn Bartholdy<\/strong> ab. Sie arbeitet als Schauspielerin an diversen B\u00fchnen, beim Film- und Fernsehen und als Synchronsprecherin.\u00a0Bereits als Studentin spielt sie am <strong>Staatstheater Braunschweig<\/strong> die \u201e<strong>Betty Paris<\/strong>\u201c aus \u201e<strong>Hexenjagd<\/strong>\u201c von <strong>Arthur Miller<\/strong>. Nach ihrem anschlie\u00dfenden Festengagement in Bremerhaven spielt sie freischaffend an den unterschiedlichsten Theatern, unter anderem bei den Autorentheatertagen am <strong>Thalia Theater<\/strong>. Weitere Stationen sind das <strong>Maxim Gorki Theater<\/strong>, <strong>Hans Otto Theater<\/strong>, <strong>Heimathafen Neuk\u00f6lln<\/strong>, <strong>HAU<\/strong>, <strong>Ballhaus Naunynstra\u00dfe<\/strong> und ein Gastengagement am <strong>Deutschen Theater Berlin<\/strong>. 2013 reist sie mit der Tanztheaterproduktion \u201e<strong>Bernarda Albas Haus<\/strong>\u201c zum irakisch-deutschen Theatertreffen nach Bagdad sowie in den Norden des Irak. Das Projekt wird mit dem Hauptpreis f\u00fcr die <em>&#8222;<strong>beste szenische Auff\u00fchrung<\/strong>&#8222;<\/em> von einer internationalen Jury ausgezeichnet.<\/p>\n<p>[\/vc_column_text][vc_empty_space height=&#8220;10px&#8220;][vc_row_inner css=&#8220;.vc_custom_1644192005668{margin-top: -25px !important;}&#8220;][vc_column_inner width=&#8220;1\/2&#8243;][vc_single_image image=&#8220;63978&#8243; img_size=&#8220;full&#8220; onclick=&#8220;link_image&#8220;][\/vc_column_inner][vc_column_inner width=&#8220;1\/2&#8243;][vc_single_image image=&#8220;63955&#8243; img_size=&#8220;full&#8220; onclick=&#8220;link_image&#8220;][\/vc_column_inner][\/vc_row_inner][vc_empty_space height=&#8220;10px&#8220;][vc_column_text css=&#8220;.vc_custom_1651883793189{margin-top: -19px !important;}&#8220;]<\/p>\n<p style=\"font-weight: 400;\">Seit 2001 steht sie f\u00fcr zahlreiche Film- und TV-Produktionen vor der Kamera. Auf der Leinwand ist sie unter anderem im Berlinale-Wettbewerbsfilm &#8222;<strong>Shahada<\/strong>&#8220;\u00a0von <strong>Burhan Qurbani<\/strong> zu sehen. Au\u00dferdem spielt sie in &#8222;<strong>Salami Aleikum<\/strong>&#8220; und &#8222;<strong>Krach der Stille<\/strong>&#8220; sowie im Kurzfilm &#8222;<strong>Stillstand<\/strong>&#8222;, bei dem <strong>Sara Fazilat<\/strong>, die Produzentin und Hauptdarstellerin von &#8222;<strong>Nico<\/strong>&#8222;, Regie f\u00fchrt.\u00a0Seit 2009 ist sie au\u00dferdem als Sprachmittlerin f\u00fcr die <strong>AWO<\/strong> und <strong>Amnesty International<\/strong> in der Asylverfahrensberatung f\u00fcr gefl\u00fcchtete Menschen aus dem Iran und Afghanistan t\u00e4tig und gibt Theaterworkshops f\u00fcr Jugendliche.<\/p>\n<p>[\/vc_column_text][\/vc_column][\/vc_row][vc_row][vc_column][vc_empty_space height=&#8220;15px&#8220;][vc_column_text]<\/p>\n<h3><strong>Sara Klimoska<\/strong> (als Ronny)<\/h3>\n<p style=\"font-weight: 400;\">Die in Nordmazedonien geborene <strong>Sara Klimoska<\/strong> absolviert ihre Ausbildung an der Fakult\u00e4t f\u00fcr dramatische K\u00fcnste in Skopje und ist sowohl auf nationaler als auch auf internationaler Ebene erfolgreich in der Welt des Theaters und des Films unterwegs. Ihre j\u00fcngste Rolle spielt sie in dem Film &#8222;<strong>You Won&#8217;t Be Alone<\/strong>&#8220; unter der Regie von <strong>Goran Stolevski<\/strong> (2021). Darin spielt sie die Hauptrolle an der Seite von u.a. <strong>Noomi Rapace<\/strong> und <strong>Anamaria Marinca<\/strong>. Zuvor spielt <strong>Sara Klimoska<\/strong>, unter derselben Regie, die Hauptrolle in &#8222;<strong>Would You Look At Her<\/strong>&#8222;, der 2018 auf dem <strong>Sundance Film Festival<\/strong> den <em>&#8222;<strong>Preis der Jury f\u00fcr den besten internationalen Kurzfilm<\/strong>&#8222;<\/em> gewann. 2019 wird sie f\u00fcr die Hauptrolle in &#8222;<strong>Willow<\/strong>&#8220; von dem f\u00fcr den <strong>Academy Award<\/strong> nominierten Regisseur <strong>Milcho Manchevski<\/strong> besetzt. Neben anderen Auszeichnungen war &#8222;<strong>Willow<\/strong>&#8220; in der Spielfilmauswahl bei den <strong>Europ\u00e4ischen Filmpreisen<\/strong>.<\/p>\n<p>[\/vc_column_text][vc_row_inner css=&#8220;.vc_custom_1644192005668{margin-top: -25px !important;}&#8220;][vc_column_inner][vc_empty_space height=&#8220;10px&#8220;][vc_single_image image=&#8220;68206&#8243; img_size=&#8220;full&#8220; onclick=&#8220;link_image&#8220;][vc_empty_space height=&#8220;4px&#8220;][\/vc_column_inner][\/vc_row_inner][vc_column_text css=&#8220;.vc_custom_1651884487450{margin-top: -19px !important;}&#8220;]<\/p>\n<p style=\"font-weight: 400;\">Zu <strong>Sara Klimoska<\/strong>s j\u00fcngsten Rollen geh\u00f6ren eine Nebenrolle in dem deutschen Spielfilm &#8222;<strong>Nico<\/strong>&#8220; und die Hauptrollen in zwei Produktionen: &#8222;<strong>Sabatier Effect<\/strong>&#8220; von <strong>Eleonora Veninova<\/strong> und dem Spielfilmdeb\u00fct von Regisseur <strong>Igor Aleksov<\/strong>, &#8222;<strong>Lena I Vladimir&#8220;<\/strong>. Im Jahr 2020 wird\u00a0<strong>Sara Klimoska<\/strong> mit dem Preis f\u00fcr die <em>&#8222;<strong>beste Filmschauspielerin in Nordmazedonien<\/strong>&#8222;<\/em> ausgezeichnet und 2021 geh\u00f6rt sie zu den zehn <em>\u201e<strong>European Shooting-Stars<\/strong>\u201c<\/em>, die bei den <strong>Internationalen Filmfestspielen Berlin<\/strong> ausgezeichnet werden.<\/p>\n<p>[\/vc_column_text][vc_empty_space height=&#8220;10px&#8220;][vc_separator el_id=&#8220;nico-trailer&#8220;][\/vc_column][\/vc_row][vc_row][vc_column width=&#8220;1\/2&#8243;][vc_video link=&#8220;https:\/\/youtu.be\/cvksoOnRxoo&#8220; title=&#8220;Nico | Trailer (deutsch) \u1d34\u1d30&#8220;][\/vc_column][vc_column width=&#8220;1\/2&#8243;][vc_video link=&#8220;https:\/\/youtu.be\/24Zpcygf7vU&#8220; title=&#8220;radioeins | Filmtipp der Woche von Knut Elstermann | Nico&#8220;][\/vc_column][\/vc_row][vc_row][vc_column][vc_empty_space][vc_separator][vc_row_inner][vc_column_inner width=&#8220;1\/4&#8243;][vc_btn title=&#8220;Amazon&#8220; style=&#8220;flat&#8220; color=&#8220;orange&#8220; size=&#8220;sm&#8220; align=&#8220;center&#8220; i_icon_fontawesome=&#8220;fab fa-amazon&#8220; button_block=&#8220;true&#8220; add_icon=&#8220;true&#8220; link=&#8220;url:https%3A%2F%2Fwww.amazon.de%2FNICO-Kinofassung-Sara-Fazilat-Klimoska%2Fdp%2FB0B6LMSCVQ%2Fref%3Dsr_1_8%3F__mk_de_DE%3D%C3%85M%C3%85%C5%BD%C3%95%C3%91%26crid%3D3I8SGELU1X30V%26keywords%3Dnico%26qid%3D1666954825%26qu%3DeyJxc2MiOiI0LjI1IiwicXNhIjoiNC40OSIsInFzcCI6IjIuMzUifQ%253D%253D%26sprefix%3Dnico%252Caps%252C257%26sr%3D8-8|title:Amazon|target:_blank&#8220;][\/vc_column_inner][vc_column_inner width=&#8220;1\/4&#8243;][vc_btn title=&#8220;Thalia&#8220; style=&#8220;flat&#8220; color=&#8220;success&#8220; size=&#8220;sm&#8220; align=&#8220;center&#8220; i_icon_fontawesome=&#8220;far fa-dot-circle&#8220; button_block=&#8220;true&#8220; add_icon=&#8220;true&#8220; link=&#8220;url:https%3A%2F%2Fwww.thalia.de%2Fshop%2Fhome%2Fartikeldetails%2FA1066446990|title:Thalia|target:_blank&#8220;][\/vc_column_inner][vc_column_inner width=&#8220;1\/4&#8243;][vc_btn title=&#8220;Shop&#8220; style=&#8220;flat&#8220; color=&#8220;juicy-pink&#8220; size=&#8220;sm&#8220; align=&#8220;center&#8220; i_icon_fontawesome=&#8220;fas fa-shopping-cart&#8220; button_block=&#8220;true&#8220; add_icon=&#8220;true&#8220; link=&#8220;url:https%3A%2F%2Fucm.one%2Fde%2Fprodukt%2Fnico%2F|title:Shop&#8220;][\/vc_column_inner][vc_column_inner width=&#8220;1\/4&#8243;][vc_btn title=&#8220;Wer Streamt Es?&#8220; style=&#8220;classic&#8220; color=&#8220;sky&#8220; size=&#8220;sm&#8220; align=&#8220;center&#8220; i_icon_fontawesome=&#8220;fas fa-question-circle&#8220; button_block=&#8220;true&#8220; add_icon=&#8220;true&#8220; link=&#8220;url:https%3A%2F%2Fwww.werstreamt.es%2Ffilm%2Fdetails%2F2799607%2Fnico%2F|title:Wer%20Streamt%20es%3F|target:_blank&#8220;][\/vc_column_inner][\/vc_row_inner][vc_column_text]<span style=\"font-size: 18pt;\">Ausstattungen &amp; technische Daten<\/span><\/p>\n<p><strong>Blu-Ray<\/strong> | Bildformat: 1:1,89 \u2013 16:9\u00a0| Laufzeit: ca. 79 Min | Tonformat: Deutsch 5.1 und 2.0 | Untertitel: Englisch, Franz\u00f6sisch, Spanisch, Portugiesisch, Deutsch (TeilUT), Deutsch (SDH) | Extras: Trailer \u2013 Trailer-Show Darling Berlin- Slide-Show, Wendecover ohne FSK | FSK 12<\/p>\n<p><strong>DVD<\/strong> | Bildformat: 1:1,89 \u2013 16:9 | Laufzeit: ca. 79 Min | Tonformat: Deutsch 5.1 und 2.0 | Untertitel: Englisch, Franz\u00f6sisch, Spanisch, Portugiesisch, Deutsch (TeilUT), Deutsch (SDH) | Extras: Trailer \u2013 Trailer-Show Darling Berlin- Slide-Show, Wendecover ohne FSK | FSK 12[\/vc_column_text][vc_separator][\/vc_column][\/vc_row][vc_row][vc_column][vc_empty_space height=&#8220;12px&#8220;][vc_column_text]<span style=\"font-size: 18pt;\">Pressestimmen<\/span><\/p>\n<p style=\"font-weight: 400;\"><em>&#8222;Nico gelingt, was nur wenigen deutschen Produktionen gelingt: das m\u00fchelose Changieren zwischen ber\u00fchrenden Szenen und feinem Humor.&#8220;\u00a0<\/em>(<strong>Zeit.de<\/strong>)<\/p>\n<p style=\"font-weight: 400;\"><em>&#8222;Einer der ber\u00fchrendsten Filme des deutschen Kinojahrs.&#8220;<\/em> (<strong>S\u00fcddeutsche Zeitung<\/strong>)<\/p>\n<p style=\"font-weight: 400;\"><em>&#8222;Ein Regiedeb\u00fct mit Schmackes.&#8220;<\/em> (<strong>Der Tagesspiegel<\/strong>)<\/p>\n<p style=\"font-weight: 400;\"><em>&#8222;Ein erfrischendes, rohes, starkes St\u00fcck Kino. Und eine gro\u00dfe Entdeckung des Kinojahrs 2021.&#8220;<\/em> (<strong>Berliner Morgenpost<\/strong>)<\/p>\n<p style=\"font-weight: 400;\"><em>&#8222;Der teils improvisierte Low-Budget-Film beeindruckt durch seine erz\u00e4hlerische Wucht und die ungeschliffene Authentizit\u00e4t seiner Figuren.&#8220;\u00a0<\/em>(<strong>Cinema<\/strong>)<\/p>\n<p style=\"font-weight: 400;\"><em>&#8222;Dieses feine, packende Deb\u00fct [erz\u00e4hlt] eine mitrei\u00dfende Geschichte von Freundschaft, Selbsterm\u00e4chtigung und Traumabew\u00e4ltigung, ohne Hollywood-Katharsis und jenseits von Klischees, aber doch mit einem Funken Hoffnung.&#8220;<\/em>\u00a0(<strong>Epd film<\/strong>)<\/p>\n<p style=\"font-weight: 400;\"><em>&#8222;Hier passt einfach alles!&#8220;<\/em> (<strong>ARD Morgenmagazin<\/strong>)<\/p>\n<p style=\"font-weight: 400;\"><em>&#8222;Sara Fazilat ist ein absoluter Gl\u00fccksfall f\u00fcr den deutschen Film.&#8220;<\/em> (<strong>rbb Kulturradio<\/strong>)<\/p>\n<p style=\"font-weight: 400;\"><em>&#8222;Ein ermutigender, lebendiger Film \u00fcber eine Selbsterm\u00e4chtigung [\u2026] Einer der sch\u00f6nsten Berlin-Filme der letzten Jahre.&#8220;<\/em> (<strong>Radioeins.de<\/strong>)<\/p>\n<p style=\"font-weight: 400;\">&#8222;Die erz\u00e4hlerische Wut des Films haut einen wirklich um. [\u2026] Ein ganz starker, w\u00fctender, sehenswerter Film.&#8220;\u00a0(<strong>Deutschlandfunk Nova<\/strong>)<\/p>\n<p style=\"font-weight: 400;\"><em>&#8222;NICO ist nicht nur mutig, das Langfilmdeb\u00fct von Eline Gehring ist vor allem auch w\u00fctend. Eine Wut, die \u00fcberspringt in diesem starken, wichtigen Film einer neuen Generation Filmemacher*innen.&#8220;<\/em> (<strong>NDR Info<\/strong>)<\/p>\n<p style=\"font-weight: 400;\"><em>&#8222;Einf\u00fchlsame und h\u00f6chst emotional. [\u2026] Den Macherinnen ist ein mitrei\u00dfender, humorvoller und reflektierter Film zu einem leider immer noch allgegenw\u00e4rtigen Thema gelungen.&#8220;<\/em> (<strong>dpa<\/strong>)<\/p>\n<p style=\"font-weight: 400;\"><em>&#8222;[Eline Gehring] bricht gewitzt Stereotypen und skizziert eine Welt, in der Diversit\u00e4t kein Schimpfwort ist und die trotz allem Ernst durchl\u00e4ssig bleibt f\u00fcr Humor und Wohlwollen.&#8220;<\/em> (<strong>Sueddeutsche.de<\/strong>)<\/p>\n<p style=\"font-weight: 400;\"><em>&#8222;Mit der hervorragenden Hauptdarstellerin, die in jeder Emotion \u00fcberzeugt, und seinem genauen Blick auf Menschen und deren Umfeld hat NICO dieses Ziel [, eigene Realit\u00e4ten zu schaffen,] in jeder Hinsicht erreicht.&#8220;<\/em> (<strong>Kino-zeit.de<\/strong>)<\/p>\n<p style=\"font-weight: 400;\"><em>&#8222;Ein bemerkenswertes Werk. Ein gro\u00dfes Kinoerlebnis.<\/em>&#8220; (<strong>Programmkino.de<\/strong>)<\/p>\n<p style=\"font-weight: 400;\"><em>&#8222;Das Drama um Selbstfindung und Selbstbehauptung ist [\u2026] sehenswert, dabei auch stark gespielt.&#8220;<\/em> (<strong>Film-rezensionen.de<\/strong>)<\/p>\n<p>[\/vc_column_text][vc_single_image image=&#8220;63897&#8243; img_size=&#8220;full&#8220; onclick=&#8220;link_image&#8220;][vc_separator css=&#8220;.vc_custom_1560377795279{margin-top: 15px !important;}&#8220;][vc_empty_space height=&#8220;5px&#8220;][\/vc_column][\/vc_row][vc_row][vc_column][vc_column_text]<\/p>\n<h2><span style=\"font-family: arial, helvetica, sans-serif;\">Neuigkeiten<\/span><\/h2>\n<p>[\/vc_column_text]<style type=\"text\/css\" data-type=\"the7_shortcodes-inline-css\">.blog-shortcode.blog-masonry-shortcode-id-004ad988a79901d2650fe34fec657293.dividers-on.classic-layout-list article {\n  padding-top: 0;\n}\n.blog-shortcode.blog-masonry-shortcode-id-004ad988a79901d2650fe34fec657293.dividers-on.classic-layout-list article:first-of-type {\n  margin-top: 0;\n  padding-top: 0;\n}\n.blog-shortcode.blog-masonry-shortcode-id-004ad988a79901d2650fe34fec657293.classic-layout-list.mode-list .post-entry-content {\n  width: calc(100% - );\n}\n.blog-shortcode.blog-masonry-shortcode-id-004ad988a79901d2650fe34fec657293.classic-layout-list.mode-list .no-img .post-entry-content {\n  width: 100%;\n}\n.blog-shortcode.blog-masonry-shortcode-id-004ad988a79901d2650fe34fec657293 .filter-bg-decoration .filter-categories a.act {\n  color: #fff;\n}\n.blog-shortcode.blog-masonry-shortcode-id-004ad988a79901d2650fe34fec657293:not(.mode-masonry) article:first-of-type,\n.blog-shortcode.blog-masonry-shortcode-id-004ad988a79901d2650fe34fec657293:not(.mode-masonry) article.visible.first:not(.product) {\n  margin-top: 0;\n}\n.blog-shortcode.blog-masonry-shortcode-id-004ad988a79901d2650fe34fec657293.dividers-on:not(.mode-masonry) article {\n  margin-top: 0;\n}\n.blog-shortcode.blog-masonry-shortcode-id-004ad988a79901d2650fe34fec657293.dividers-on:not(.mode-masonry) article:first-of-type,\n.blog-shortcode.blog-masonry-shortcode-id-004ad988a79901d2650fe34fec657293.dividers-on:not(.mode-masonry) article.visible.first:not(.product) {\n  margin-top: 0;\n  padding-top: 0;\n}\n.blog-shortcode.blog-masonry-shortcode-id-004ad988a79901d2650fe34fec657293 .post-thumbnail-wrap {\n  padding: 0px 0px 0px 0px;\n}\n.blog-shortcode.blog-masonry-shortcode-id-004ad988a79901d2650fe34fec657293.enable-bg-rollover .post-thumbnail-rollover:after {\n  background: -webkit-linear-gradient();\n  background: linear-gradient();\n}\n.blog-shortcode.blog-masonry-shortcode-id-004ad988a79901d2650fe34fec657293 .gallery-zoom-ico {\n  width: 44px;\n  height: 44px;\n  line-height: 44px;\n  border-radius: 100px;\n  margin: -22px 0 0 -22px;\n  border-width: 0px;\n  color: #ffffff;\n}\n.bottom-overlap-layout-list.blog-shortcode.blog-masonry-shortcode-id-004ad988a79901d2650fe34fec657293 .gallery-zoom-ico {\n  margin-top: -72px;\n}\n.gradient-overlay-layout-list.blog-shortcode.blog-masonry-shortcode-id-004ad988a79901d2650fe34fec657293 .gallery-zoom-ico,\n.content-rollover-layout-list.blog-shortcode.blog-masonry-shortcode-id-004ad988a79901d2650fe34fec657293 .gallery-zoom-ico {\n  margin: 0 0 10px;\n}\n.content-align-center.gradient-overlay-layout-list.blog-shortcode.blog-masonry-shortcode-id-004ad988a79901d2650fe34fec657293 .gallery-zoom-ico,\n.content-align-center.content-rollover-layout-list.blog-shortcode.blog-masonry-shortcode-id-004ad988a79901d2650fe34fec657293 .gallery-zoom-ico {\n  margin: 0 auto 10px;\n}\n.dt-icon-bg-on.blog-shortcode.blog-masonry-shortcode-id-004ad988a79901d2650fe34fec657293 .gallery-zoom-ico {\n  background: rgba(255,255,255,0.3);\n  box-shadow: none;\n}\n.blog-shortcode.blog-masonry-shortcode-id-004ad988a79901d2650fe34fec657293 .gallery-zoom-ico > span,\n.blog-shortcode.blog-masonry-shortcode-id-004ad988a79901d2650fe34fec657293 .gallery-zoom-ico:before {\n  font-size: 32px;\n  line-height: 44px;\n}\n.blog-shortcode.blog-masonry-shortcode-id-004ad988a79901d2650fe34fec657293 .gallery-zoom-ico > span,\n.blog-shortcode.blog-masonry-shortcode-id-004ad988a79901d2650fe34fec657293 .gallery-zoom-ico:before {\n  color: #ffffff;\n}\n.blog-shortcode.blog-masonry-shortcode-id-004ad988a79901d2650fe34fec657293 .entry-title,\n.blog-shortcode.blog-masonry-shortcode-id-004ad988a79901d2650fe34fec657293.owl-carousel .entry-title {\n  margin-bottom: 5px;\n  font-weight: bold;\n}\n.blog-shortcode.blog-masonry-shortcode-id-004ad988a79901d2650fe34fec657293 .entry-meta {\n  margin-bottom: 15px;\n}\n.blog-shortcode.blog-masonry-shortcode-id-004ad988a79901d2650fe34fec657293 .portfolio-categories {\n  margin-bottom: 15px;\n}\n.blog-shortcode.blog-masonry-shortcode-id-004ad988a79901d2650fe34fec657293 .entry-excerpt {\n  margin-bottom: 5px;\n}\n.blog-shortcode.blog-masonry-shortcode-id-004ad988a79901d2650fe34fec657293:not(.centered-layout-list) .post-entry-content {\n  padding: 25px 30px 30px 30px;\n}\n.blog-shortcode.blog-masonry-shortcode-id-004ad988a79901d2650fe34fec657293:not(.centered-layout-list):not(.content-bg-on):not(.mode-list) .no-img .post-entry-content {\n  padding: 0;\n}\n@media screen and (max-width: ) {\n  .blog-shortcode.blog-masonry-shortcode-id-004ad988a79901d2650fe34fec657293 article {\n    -ms-flex-flow: column nowrap;\n    flex-flow: column nowrap;\n    margin-top: 20px;\n  }\n  .blog-shortcode.blog-masonry-shortcode-id-004ad988a79901d2650fe34fec657293.dividers-on article {\n    border: none;\n  }\n  .blog-shortcode.blog-masonry-shortcode-id-004ad988a79901d2650fe34fec657293.content-bg-on.centered-layout-list article {\n    padding: 0;\n  }\n  .blog-shortcode.blog-masonry-shortcode-id-004ad988a79901d2650fe34fec657293.blog-shortcode.dividers-on article,\n  .blog-shortcode.blog-masonry-shortcode-id-004ad988a79901d2650fe34fec657293.dividers-on.classic-layout-list article {\n    margin-top: 20px;\n    padding: 0;\n  }\n  .blog-shortcode.blog-masonry-shortcode-id-004ad988a79901d2650fe34fec657293.blog-shortcode.dividers-on article:first-of-type,\n  .blog-shortcode.blog-masonry-shortcode-id-004ad988a79901d2650fe34fec657293.dividers-on.classic-layout-list article:first-of-type {\n    padding: 0;\n  }\n  #page .blog-shortcode.blog-masonry-shortcode-id-004ad988a79901d2650fe34fec657293 .post-thumbnail-wrap,\n  #page .blog-shortcode.blog-masonry-shortcode-id-004ad988a79901d2650fe34fec657293 .post-entry-content {\n    width: 100%;\n    margin: 0;\n    top: 0;\n  }\n  #page .blog-shortcode.blog-masonry-shortcode-id-004ad988a79901d2650fe34fec657293 .post-thumbnail-wrap {\n    padding: 0;\n  }\n  #page .blog-shortcode.blog-masonry-shortcode-id-004ad988a79901d2650fe34fec657293 .post-entry-content:after {\n    display: none;\n  }\n  #page .blog-shortcode.blog-masonry-shortcode-id-004ad988a79901d2650fe34fec657293 .project-even .post-thumbnail-wrap,\n  #page .blog-shortcode.blog-masonry-shortcode-id-004ad988a79901d2650fe34fec657293.centered-layout-list .post-thumbnail-wrap {\n    -ms-flex-order: 0;\n    order: 0;\n  }\n  #page .blog-shortcode.blog-masonry-shortcode-id-004ad988a79901d2650fe34fec657293.centered-layout-list .post-entry-title-content {\n    -ms-flex-order: 1;\n    order: 1;\n    width: 100%;\n    padding: 20px 20px 0;\n  }\n  #page .blog-shortcode.blog-masonry-shortcode-id-004ad988a79901d2650fe34fec657293.centered-layout-list .post-entry-content {\n    -ms-flex-order: 2;\n    order: 2;\n    padding-top: 0;\n  }\n  #page .blog-shortcode.blog-masonry-shortcode-id-004ad988a79901d2650fe34fec657293 .fancy-categories {\n    top: 10px;\n    left: 10px;\n    bottom: auto;\n    right: auto;\n  }\n  #page .blog-shortcode.blog-masonry-shortcode-id-004ad988a79901d2650fe34fec657293 .fancy-date a {\n    top: 10px;\n    right: 10px;\n    left: auto;\n    bottom: auto;\n  }\n  #page .blog-shortcode.blog-masonry-shortcode-id-004ad988a79901d2650fe34fec657293 .post-entry-content {\n    padding: 20px;\n  }\n  #page .blog-shortcode.blog-masonry-shortcode-id-004ad988a79901d2650fe34fec657293 .entry-title {\n    margin: 3px 0 5px;\n    font-size: 20px;\n    line-height: 26px;\n  }\n  #page .blog-shortcode.blog-masonry-shortcode-id-004ad988a79901d2650fe34fec657293 .entry-meta {\n    margin: 5px 0 5px;\n  }\n  #page .blog-shortcode.blog-masonry-shortcode-id-004ad988a79901d2650fe34fec657293 .entry-excerpt {\n    margin: 15px 0 0;\n  }\n  #page .blog-shortcode.blog-masonry-shortcode-id-004ad988a79901d2650fe34fec657293 .post-details {\n    margin: 5px 0 10px;\n  }\n  #page .blog-shortcode.blog-masonry-shortcode-id-004ad988a79901d2650fe34fec657293 .post-details.details-type-link {\n    margin-bottom: 2px;\n  }\n}\n.blog-shortcode.blog-masonry-shortcode-id-004ad988a79901d2650fe34fec657293:not(.resize-by-browser-width) .dt-css-grid {\n  grid-row-gap: 30px;\n  grid-column-gap: 30px;\n  grid-template-columns: repeat(auto-fill,minmax(,1fr));\n}\n.blog-shortcode.blog-masonry-shortcode-id-004ad988a79901d2650fe34fec657293:not(.resize-by-browser-width) .dt-css-grid .double-width {\n  grid-column: span 2;\n}\n.cssgridlegacy.no-cssgrid .blog-shortcode.blog-masonry-shortcode-id-004ad988a79901d2650fe34fec657293:not(.resize-by-browser-width) .dt-css-grid,\n.no-cssgridlegacy.no-cssgrid .blog-shortcode.blog-masonry-shortcode-id-004ad988a79901d2650fe34fec657293:not(.resize-by-browser-width) .dt-css-grid {\n  display: flex;\n  flex-flow: row wrap;\n  margin: -15px;\n}\n.cssgridlegacy.no-cssgrid .blog-shortcode.blog-masonry-shortcode-id-004ad988a79901d2650fe34fec657293:not(.resize-by-browser-width) .dt-css-grid .wf-cell,\n.no-cssgridlegacy.no-cssgrid .blog-shortcode.blog-masonry-shortcode-id-004ad988a79901d2650fe34fec657293:not(.resize-by-browser-width) .dt-css-grid .wf-cell {\n  flex: 1 0 ;\n  max-width: 100%;\n  padding: 15px;\n  box-sizing: border-box;\n}\n.blog-shortcode.blog-masonry-shortcode-id-004ad988a79901d2650fe34fec657293.resize-by-browser-width .dt-css-grid {\n  grid-template-columns: repeat(2,1fr);\n  grid-template-rows: auto;\n  grid-column-gap: 30px;\n  grid-row-gap: 30px;\n}\n.blog-shortcode.blog-masonry-shortcode-id-004ad988a79901d2650fe34fec657293.resize-by-browser-width .dt-css-grid .double-width {\n  grid-column: span 2;\n}\n.cssgridlegacy.no-cssgrid .blog-shortcode.blog-masonry-shortcode-id-004ad988a79901d2650fe34fec657293.resize-by-browser-width .dt-css-grid {\n  margin: -15px;\n}\n.cssgridlegacy.no-cssgrid .blog-shortcode.blog-masonry-shortcode-id-004ad988a79901d2650fe34fec657293.resize-by-browser-width .dt-css-grid .wf-cell {\n  width: 50%;\n  padding: 15px;\n}\n.cssgridlegacy.no-cssgrid .blog-shortcode.blog-masonry-shortcode-id-004ad988a79901d2650fe34fec657293.resize-by-browser-width .dt-css-grid .wf-cell.double-width {\n  width: calc(50%) * 2;\n}\n.blog-shortcode.blog-masonry-shortcode-id-004ad988a79901d2650fe34fec657293.resize-by-browser-width:not(.centered-layout-list):not(.content-bg-on) .dt-css-grid {\n  grid-row-gap: 0px;\n}\n@media screen and (max-width: 1199px) {\n  .blog-shortcode.blog-masonry-shortcode-id-004ad988a79901d2650fe34fec657293.resize-by-browser-width .dt-css-grid {\n    grid-template-columns: repeat(2,1fr);\n  }\n  .cssgridlegacy.no-cssgrid .blog-shortcode.blog-masonry-shortcode-id-004ad988a79901d2650fe34fec657293.resize-by-browser-width .dt-css-grid .wf-cell,\n  .no-cssgridlegacy.no-cssgrid .blog-shortcode.blog-masonry-shortcode-id-004ad988a79901d2650fe34fec657293.resize-by-browser-width .dt-css-grid .wf-cell {\n    width: 50%;\n  }\n  .cssgridlegacy.no-cssgrid .blog-shortcode.blog-masonry-shortcode-id-004ad988a79901d2650fe34fec657293.resize-by-browser-width .dt-css-grid .wf-cell.double-width,\n  .no-cssgridlegacy.no-cssgrid .blog-shortcode.blog-masonry-shortcode-id-004ad988a79901d2650fe34fec657293.resize-by-browser-width .dt-css-grid .wf-cell.double-width {\n    width: calc(50%)*2;\n  }\n}\n@media screen and (max-width: 991px) {\n  .blog-shortcode.blog-masonry-shortcode-id-004ad988a79901d2650fe34fec657293.resize-by-browser-width .dt-css-grid {\n    grid-template-columns: repeat(1,1fr);\n  }\n  .cssgridlegacy.no-cssgrid .blog-shortcode.blog-masonry-shortcode-id-004ad988a79901d2650fe34fec657293.resize-by-browser-width .dt-css-grid .wf-cell,\n  .no-cssgridlegacy.no-cssgrid .blog-shortcode.blog-masonry-shortcode-id-004ad988a79901d2650fe34fec657293.resize-by-browser-width .dt-css-grid .wf-cell {\n    width: 100%;\n  }\n  .cssgridlegacy.no-cssgrid .blog-shortcode.blog-masonry-shortcode-id-004ad988a79901d2650fe34fec657293.resize-by-browser-width .dt-css-grid .wf-cell.double-width,\n  .no-cssgridlegacy.no-cssgrid .blog-shortcode.blog-masonry-shortcode-id-004ad988a79901d2650fe34fec657293.resize-by-browser-width .dt-css-grid .wf-cell.double-width {\n    width: calc(100%)*2;\n  }\n}\n@media screen and (max-width: 767px) {\n  .blog-shortcode.blog-masonry-shortcode-id-004ad988a79901d2650fe34fec657293.resize-by-browser-width .dt-css-grid {\n    grid-template-columns: repeat(1,1fr);\n  }\n  .blog-shortcode.blog-masonry-shortcode-id-004ad988a79901d2650fe34fec657293.resize-by-browser-width .dt-css-grid .double-width {\n    grid-column: span 1;\n  }\n  .cssgridlegacy.no-cssgrid .blog-shortcode.blog-masonry-shortcode-id-004ad988a79901d2650fe34fec657293.resize-by-browser-width .dt-css-grid .wf-cell,\n  .no-cssgridlegacy.no-cssgrid .blog-shortcode.blog-masonry-shortcode-id-004ad988a79901d2650fe34fec657293.resize-by-browser-width .dt-css-grid .wf-cell {\n    width: 100%;\n  }\n  .cssgridlegacy.no-cssgrid .blog-shortcode.blog-masonry-shortcode-id-004ad988a79901d2650fe34fec657293.resize-by-browser-width .dt-css-grid .wf-cell.double-width,\n  .no-cssgridlegacy.no-cssgrid .blog-shortcode.blog-masonry-shortcode-id-004ad988a79901d2650fe34fec657293.resize-by-browser-width .dt-css-grid .wf-cell.double-width {\n    width: calc(100%)*2;\n  }\n}<\/style><div class=\"blog-shortcode blog-masonry-shortcode-id-004ad988a79901d2650fe34fec657293 mode-grid classic-layout-list content-bg-on jquery-filter scale-img dt-css-grid-wrap dt-icon-bg-off resize-by-browser-width loading-effect-none description-under-image \" data-padding=\"15px\" data-cur-page=\"1\" data-post-limit=\"-1\" data-pagination-mode=\"none\" data-desktop-columns-num=\"2\" data-v-tablet-columns-num=\"1\" data-h-tablet-columns-num=\"2\" data-phone-columns-num=\"1\" data-width=\"0px\" data-columns=\"0\"><div class=\"dt-css-grid\" ><div class=\"visible wf-cell\" data-post-id=\"84816\" data-date=\"2022-12-08T10:07:32+00:00\" data-name=\"\ud83c\udfac Paramount+ startet heute in Deutschland, \u00d6sterreich und der Schweiz mit dem Darling Berlin Film &quot;Nico&quot; im Angebot\"><article class=\"post project-odd visible post-84816 type-post status-publish format-standard has-post-thumbnail hentry category-darling-berlin category-film category-kino category-news category-verleih tag-andreas-marquardt tag-darling-berlin tag-dffb tag-eline-gehring tag-francy-fabritz tag-javeh-asefdja tag-nico tag-paramount tag-prime-video tag-sara-fazilat tag-sky category-830 category-8 category-10 category-13 category-752\" data-name=\"\ud83c\udfac Paramount+ startet heute in Deutschland, \u00d6sterreich und der Schweiz mit dem Darling Berlin Film &#8222;Nico&#8220; im Angebot\" data-date=\"2022-12-08T10:07:32+00:00\">\n\n<div class=\"post-thumbnail-wrap\">\n\t<div class=\"post-thumbnail\">\n\t\t\n\t\t\n\t\t<a href=\"https:\/\/ucm.one\/de\/paramount-startet-heute-in-deutschland-oesterreich-und-der-schweiz-mit-dem-darling-berlin-film-nico-im-angebot\/\" class=\"post-thumbnail-rollover layzr-bg layzr-bg\" ><img decoding=\"async\" class=\"iso-lazy-load preload-me iso-lazy-load aspect\" src=\"data:image\/svg+xml,%3Csvg%20xmlns%3D&#39;http%3A%2F%2Fwww.w3.org%2F2000%2Fsvg&#39;%20viewBox%3D&#39;0%200%20990%20309&#39;%2F%3E\" data-src=\"https:\/\/ucm.one\/wp-content\/uploads\/2022\/12\/B-Nico-bei-PP-990x309.jpg\" data-srcset=\"https:\/\/ucm.one\/wp-content\/uploads\/2022\/12\/B-Nico-bei-PP-990x309.jpg 990w, https:\/\/ucm.one\/wp-content\/uploads\/2022\/12\/B-Nico-bei-PP-1485x464.jpg 1485w\" loading=\"eager\" style=\"--ratio: 990 \/ 309\" sizes=\"(max-width: 990px) 100vw, 990px\" alt=\"\" title=\"B Nico bei PP\" width=\"990\" height=\"309\"  \/><\/a>\t<\/div>\n<\/div>\n\n\n<div class=\"post-entry-content\">\n\n\t<h3 class=\"entry-title\">\n\t\t<a href=\"https:\/\/ucm.one\/de\/paramount-startet-heute-in-deutschland-oesterreich-und-der-schweiz-mit-dem-darling-berlin-film-nico-im-angebot\/\" title=\"\ud83c\udfac Paramount+ startet heute in Deutschland, \u00d6sterreich und der Schweiz mit dem Darling Berlin Film &#8222;Nico&#8220; im Angebot\" rel=\"bookmark\">\ud83c\udfac Paramount+ startet heute in Deutschland, \u00d6sterreich und der Schweiz mit dem Darling Berlin Film &#8222;Nico&#8220; im Angebot<\/a>\n\t<\/h3>\n\n\t<div class=\"entry-meta\"><span class=\"category-link\"><a href=\"https:\/\/ucm.one\/de\/category\/news\/film\/darling-berlin\/\" >Darling Berlin<\/a>, <a href=\"https:\/\/ucm.one\/de\/category\/news\/film\/\" >Film<\/a>, <a href=\"https:\/\/ucm.one\/de\/category\/news\/kino\/\" >Kino<\/a>, <a href=\"https:\/\/ucm.one\/de\/category\/news\/\" >News<\/a>, <a href=\"https:\/\/ucm.one\/de\/category\/news\/verleih\/\" >Verleih<\/a><\/span><a class=\"author vcard\" href=\"\" title=\"Zeige alle Beitr\u00e4ge von Joachim Keil\" rel=\"author\">Von <span class=\"fn\">Joachim Keil<\/span><\/a><a href=\"https:\/\/ucm.one\/de\/2022\/12\/08\/\" title=\"10:07\" class=\"data-link\" rel=\"bookmark\"><time class=\"entry-date updated\" datetime=\"2022-12-08T10:07:32+00:00\">8. Dezember 2022<\/time><\/a><\/div>\n\t<div class=\"entry-excerpt\"><p>[vc_row][vc_column][vc_column_text] Der neue Streaminganbieter Paramount+ startet heute am 8. Dezember in Deutschland, \u00d6sterreich und der Schweiz mit dem Darling Berlin Film &#8222;Nico&#8220; im Angebot.\u00a0Paramount+ ist ein neuer Streaming-Service f\u00fcr Hollywood-Blockbuster, exklusive Originals, Serien und \u00a0Shows, Der Streamingservice ist u.a. \u00fcber die Sky Q Plattform und per Sky on Demand verf\u00fcgbar, Eine weitere M\u00f6glichkeit, Paramount+ zu&hellip;<\/p>\n<\/div>\n\t\n<a href=\"https:\/\/ucm.one\/de\/paramount-startet-heute-in-deutschland-oesterreich-und-der-schweiz-mit-dem-darling-berlin-film-nico-im-angebot\/\" class=\"post-details details-type-link\" aria-label=\"Read more about \ud83c\udfac Paramount+ startet heute in Deutschland, \u00d6sterreich und der Schweiz mit dem Darling Berlin Film &#8222;Nico&#8220; im Angebot\">Mehr lesen<i class=\"dt-icon-the7-arrow-03\" aria-hidden=\"true\"><\/i><\/a>\n\n<\/div><\/article><\/div><div class=\"visible wf-cell\" data-post-id=\"79362\" data-date=\"2022-10-28T10:46:48+00:00\" data-name=\"\ud83c\udfac &quot;Nico&quot; von Eline Gehring ab heute auf Blu-Ray, DVD und als Download verf\u00fcgbar\"><article class=\"post project-odd visible post-79362 type-post status-publish format-standard has-post-thumbnail hentry category-darling-berlin category-film category-news tag-andreas-marquardt tag-bernd-eichinger tag-darling-berlin tag-deutscher-filmpreis-2022 tag-dffb tag-eline-gehring tag-first-steps-awards tag-francy-fabritz tag-javeh-asefdja tag-lola tag-max-ophuels-preis tag-nico tag-no-fear tag-queer-streifen-filmfestival-de tag-queerscope tag-sara-fazilat category-830 category-8 category-13\" data-name=\"\ud83c\udfac &#8222;Nico&#8220; von Eline Gehring ab heute auf Blu-Ray, DVD und als Download verf\u00fcgbar\" data-date=\"2022-10-28T10:46:48+00:00\">\n\n<div class=\"post-thumbnail-wrap\">\n\t<div class=\"post-thumbnail\">\n\t\t\n\t\t\n\t\t<a href=\"https:\/\/ucm.one\/de\/nico-von-eline-gehring-ab-heute-auf-blu-ray-dvd-und-als-download-verfuegbar\/\" class=\"post-thumbnail-rollover layzr-bg layzr-bg\" ><img decoding=\"async\" class=\"iso-lazy-load preload-me iso-lazy-load aspect\" src=\"data:image\/svg+xml,%3Csvg%20xmlns%3D&#39;http%3A%2F%2Fwww.w3.org%2F2000%2Fsvg&#39;%20viewBox%3D&#39;0%200%20990%20309&#39;%2F%3E\" data-src=\"https:\/\/ucm.one\/wp-content\/uploads\/2022\/02\/NICO_BannerArtwork-990x309.jpg\" data-srcset=\"https:\/\/ucm.one\/wp-content\/uploads\/2022\/02\/NICO_BannerArtwork-990x309.jpg 990w, https:\/\/ucm.one\/wp-content\/uploads\/2022\/02\/NICO_BannerArtwork-1485x464.jpg 1485w\" loading=\"eager\" style=\"--ratio: 990 \/ 309\" sizes=\"(max-width: 990px) 100vw, 990px\" alt=\"\" title=\"NICO_BannerArtwork\" width=\"990\" height=\"309\"  \/><\/a>\t<\/div>\n<\/div>\n\n\n<div class=\"post-entry-content\">\n\n\t<h3 class=\"entry-title\">\n\t\t<a href=\"https:\/\/ucm.one\/de\/nico-von-eline-gehring-ab-heute-auf-blu-ray-dvd-und-als-download-verfuegbar\/\" title=\"\ud83c\udfac &#8222;Nico&#8220; von Eline Gehring ab heute auf Blu-Ray, DVD und als Download verf\u00fcgbar\" rel=\"bookmark\">\ud83c\udfac &#8222;Nico&#8220; von Eline Gehring ab heute auf Blu-Ray, DVD und als Download verf\u00fcgbar<\/a>\n\t<\/h3>\n\n\t<div class=\"entry-meta\"><span class=\"category-link\"><a href=\"https:\/\/ucm.one\/de\/category\/news\/film\/darling-berlin\/\" >Darling Berlin<\/a>, <a href=\"https:\/\/ucm.one\/de\/category\/news\/film\/\" >Film<\/a>, <a href=\"https:\/\/ucm.one\/de\/category\/news\/\" >News<\/a><\/span><a class=\"author vcard\" href=\"\" title=\"Zeige alle Beitr\u00e4ge von Joachim Keil\" rel=\"author\">Von <span class=\"fn\">Joachim Keil<\/span><\/a><a href=\"https:\/\/ucm.one\/de\/2022\/10\/28\/\" title=\"10:46\" class=\"data-link\" rel=\"bookmark\"><time class=\"entry-date updated\" datetime=\"2022-10-28T10:46:48+00:00\">28. Oktober 2022<\/time><\/a><\/div>\n\t<div class=\"entry-excerpt\"><p>[vc_row][vc_column][\/vc_column][\/vc_row][vc_row][vc_column width=&#8220;3\/4&#8243;][vc_column_text]Der Spielfilm &#8222;Nico&#8220; von Regisseurin Eline Gehring, der am 12. Mai 2022 im Verleih von UCM.ONE auf dem Label Darling Berlin in die Kinos gekommen ist, ist ab heute sowohl als Blu-Ray als auch auf DVD \u00fcberall erh\u00e4ltlich. Gleichzeitig kann er auch bei Downloadportalen gekauft und ausgeliehen werden.[\/vc_column_text][vc_column_text]&#8220;Nico&#8222;, f\u00fcr den Eline Gehring zusammen mit&hellip;<\/p>\n<\/div>\n\t\n<a href=\"https:\/\/ucm.one\/de\/nico-von-eline-gehring-ab-heute-auf-blu-ray-dvd-und-als-download-verfuegbar\/\" class=\"post-details details-type-link\" aria-label=\"Read more about \ud83c\udfac &#8222;Nico&#8220; von Eline Gehring ab heute auf Blu-Ray, DVD und als Download verf\u00fcgbar\">Mehr lesen<i class=\"dt-icon-the7-arrow-03\" aria-hidden=\"true\"><\/i><\/a>\n\n<\/div><\/article><\/div><div class=\"visible wf-cell\" data-post-id=\"70651\" data-date=\"2022-06-20T08:57:29+00:00\" data-name=\"\ud83c\udfac &quot;Nico&quot; von Eline Gehring gewinnt den Jury Award beim 36. MiX Festival in Mailand\"><article class=\"post project-odd visible post-70651 type-post status-publish format-standard has-post-thumbnail hentry category-darling-berlin category-film category-kino category-news category-verleih category-weltvertrieb tag-andreas-marquardt tag-darling-berlin tag-dffb tag-eline-gehring tag-francy-fabritz tag-italien tag-javeh-asefdja tag-jury-award tag-mailand tag-max-ophuels-preis tag-mix-festival tag-nico tag-queer-streifen-filmfestival-de tag-queerscope tag-sara-fazilat category-830 category-8 category-10 category-13 category-752 category-7528\" data-name=\"\ud83c\udfac &#8222;Nico&#8220; von Eline Gehring gewinnt den Jury Award beim 36. MiX Festival in Mailand\" data-date=\"2022-06-20T08:57:29+00:00\">\n\n<div class=\"post-thumbnail-wrap\">\n\t<div class=\"post-thumbnail\">\n\t\t\n\t\t\n\t\t<a href=\"https:\/\/ucm.one\/de\/nico-von-eline-gehring-gewinnt-den-jury-award-beim-36-mix-festival-in-mailand\/\" class=\"post-thumbnail-rollover layzr-bg layzr-bg\" ><img decoding=\"async\" class=\"iso-lazy-load preload-me iso-lazy-load aspect\" src=\"data:image\/svg+xml,%3Csvg%20xmlns%3D&#39;http%3A%2F%2Fwww.w3.org%2F2000%2Fsvg&#39;%20viewBox%3D&#39;0%200%20990%20309&#39;%2F%3E\" data-src=\"https:\/\/ucm.one\/wp-content\/uploads\/2022\/06\/NICO-MiX-Award-Banner-DE-990x309.jpg\" data-srcset=\"https:\/\/ucm.one\/wp-content\/uploads\/2022\/06\/NICO-MiX-Award-Banner-DE-990x309.jpg 990w, https:\/\/ucm.one\/wp-content\/uploads\/2022\/06\/NICO-MiX-Award-Banner-DE-1485x464.jpg 1485w\" loading=\"eager\" style=\"--ratio: 990 \/ 309\" sizes=\"(max-width: 990px) 100vw, 990px\" alt=\"\" title=\"NICO MiX Award Banner DE\" width=\"990\" height=\"309\"  \/><\/a>\t<\/div>\n<\/div>\n\n\n<div class=\"post-entry-content\">\n\n\t<h3 class=\"entry-title\">\n\t\t<a href=\"https:\/\/ucm.one\/de\/nico-von-eline-gehring-gewinnt-den-jury-award-beim-36-mix-festival-in-mailand\/\" title=\"\ud83c\udfac &#8222;Nico&#8220; von Eline Gehring gewinnt den Jury Award beim 36. MiX Festival in Mailand\" rel=\"bookmark\">\ud83c\udfac &#8222;Nico&#8220; von Eline Gehring gewinnt den Jury Award beim 36. MiX Festival in Mailand<\/a>\n\t<\/h3>\n\n\t<div class=\"entry-meta\"><span class=\"category-link\"><a href=\"https:\/\/ucm.one\/de\/category\/news\/film\/darling-berlin\/\" >Darling Berlin<\/a>, <a href=\"https:\/\/ucm.one\/de\/category\/news\/film\/\" >Film<\/a>, <a href=\"https:\/\/ucm.one\/de\/category\/news\/kino\/\" >Kino<\/a>, <a href=\"https:\/\/ucm.one\/de\/category\/news\/\" >News<\/a>, <a href=\"https:\/\/ucm.one\/de\/category\/news\/verleih\/\" >Verleih<\/a>, <a href=\"https:\/\/ucm.one\/de\/category\/news\/verleih\/weltvertrieb\/\" >Weltvertrieb<\/a><\/span><a class=\"author vcard\" href=\"\" title=\"Zeige alle Beitr\u00e4ge von Joachim Keil\" rel=\"author\">Von <span class=\"fn\">Joachim Keil<\/span><\/a><a href=\"https:\/\/ucm.one\/de\/2022\/06\/20\/\" title=\"08:57\" class=\"data-link\" rel=\"bookmark\"><time class=\"entry-date updated\" datetime=\"2022-06-20T08:57:29+00:00\">20. Juni 2022<\/time><\/a><\/div>\n\t<div class=\"entry-excerpt\"><p>[vc_row][vc_column][\/vc_column][\/vc_row][vc_row][vc_column width=&#8220;3\/4&#8243;][vc_column_text] Gestern Abend wurde es verk\u00fcndet: Der Film &#8222;Nico&#8220; von Eline Gehring hat beim 36. MiX Festival Internazionale di Cinema LGBTQ+ e Cultura Queer in Mailand den Jury Award gewonnen! Das etablierte Filmfestival lief vom 16. bis 19. Juni in der Hauptstadt der Lombardei, es ist das \u00e4lteste queere Filmfestival Italiens. [\/vc_column_text][vc_column_text] Die Jury&hellip;<\/p>\n<\/div>\n\t\n<a href=\"https:\/\/ucm.one\/de\/nico-von-eline-gehring-gewinnt-den-jury-award-beim-36-mix-festival-in-mailand\/\" class=\"post-details details-type-link\" aria-label=\"Read more about \ud83c\udfac &#8222;Nico&#8220; von Eline Gehring gewinnt den Jury Award beim 36. MiX Festival in Mailand\">Mehr lesen<i class=\"dt-icon-the7-arrow-03\" aria-hidden=\"true\"><\/i><\/a>\n\n<\/div><\/article><\/div><div class=\"visible wf-cell\" data-post-id=\"70090\" data-date=\"2022-06-03T00:09:43+00:00\" data-name=\"\ud83c\udfac &quot;Nico&quot; von Eline Gehring von der FBW-Jugend Filmjury mit 4 Sternen beurteilt\"><article class=\"post project-odd visible post-70090 type-post status-publish format-standard has-post-thumbnail hentry category-darling-berlin category-film category-kino category-news category-verleih category-weltvertrieb tag-darling-berlin tag-deutschen-film-und-medienbewertung tag-dffb tag-eline-gehring tag-fbw tag-jugend-filmjury tag-nico tag-sara-fazilat tag-vision-kino category-830 category-8 category-10 category-13 category-752 category-7528\" data-name=\"\ud83c\udfac &#8222;Nico&#8220; von Eline Gehring von der FBW-Jugend Filmjury mit 4 Sternen beurteilt\" data-date=\"2022-06-03T00:09:43+00:00\">\n\n<div class=\"post-thumbnail-wrap\">\n\t<div class=\"post-thumbnail\">\n\t\t\n\t\t\n\t\t<a href=\"https:\/\/ucm.one\/de\/nico-von-eline-gehring-von-der-fbw-jugend-filmjury-mit-4-sternen-beurteilt\/\" class=\"post-thumbnail-rollover layzr-bg layzr-bg\" ><img decoding=\"async\" class=\"iso-lazy-load preload-me iso-lazy-load aspect\" src=\"data:image\/svg+xml,%3Csvg%20xmlns%3D&#39;http%3A%2F%2Fwww.w3.org%2F2000%2Fsvg&#39;%20viewBox%3D&#39;0%200%20990%20309&#39;%2F%3E\" data-src=\"https:\/\/ucm.one\/wp-content\/uploads\/2022\/06\/NICO-Banner-FBW-DE-990x309.jpg\" data-srcset=\"https:\/\/ucm.one\/wp-content\/uploads\/2022\/06\/NICO-Banner-FBW-DE-990x309.jpg 990w, https:\/\/ucm.one\/wp-content\/uploads\/2022\/06\/NICO-Banner-FBW-DE-1485x464.jpg 1485w\" loading=\"eager\" style=\"--ratio: 990 \/ 309\" sizes=\"(max-width: 990px) 100vw, 990px\" alt=\"\" title=\"NICO Banner FBW DE\" width=\"990\" height=\"309\"  \/><\/a>\t<\/div>\n<\/div>\n\n\n<div class=\"post-entry-content\">\n\n\t<h3 class=\"entry-title\">\n\t\t<a href=\"https:\/\/ucm.one\/de\/nico-von-eline-gehring-von-der-fbw-jugend-filmjury-mit-4-sternen-beurteilt\/\" title=\"\ud83c\udfac &#8222;Nico&#8220; von Eline Gehring von der FBW-Jugend Filmjury mit 4 Sternen beurteilt\" rel=\"bookmark\">\ud83c\udfac &#8222;Nico&#8220; von Eline Gehring von der FBW-Jugend Filmjury mit 4 Sternen beurteilt<\/a>\n\t<\/h3>\n\n\t<div class=\"entry-meta\"><span class=\"category-link\"><a href=\"https:\/\/ucm.one\/de\/category\/news\/film\/darling-berlin\/\" >Darling Berlin<\/a>, <a href=\"https:\/\/ucm.one\/de\/category\/news\/film\/\" >Film<\/a>, <a href=\"https:\/\/ucm.one\/de\/category\/news\/kino\/\" >Kino<\/a>, <a href=\"https:\/\/ucm.one\/de\/category\/news\/\" >News<\/a>, <a href=\"https:\/\/ucm.one\/de\/category\/news\/verleih\/\" >Verleih<\/a>, <a href=\"https:\/\/ucm.one\/de\/category\/news\/verleih\/weltvertrieb\/\" >Weltvertrieb<\/a><\/span><a class=\"author vcard\" href=\"\" title=\"Zeige alle Beitr\u00e4ge von Joachim Keil\" rel=\"author\">Von <span class=\"fn\">Joachim Keil<\/span><\/a><a href=\"https:\/\/ucm.one\/de\/2022\/06\/03\/\" title=\"00:09\" class=\"data-link\" rel=\"bookmark\"><time class=\"entry-date updated\" datetime=\"2022-06-03T00:09:43+00:00\">3. Juni 2022<\/time><\/a><\/div>\n\t<div class=\"entry-excerpt\"><p>[vc_row][vc_column][vc_column_text] Die Jugend Filmjury der Deutschen Film- und Medienbewertung hat &#8222;Nico&#8220; von Eline Gehring gesichtet und mit 4 von 5 Sternen ausgezeichnet \u2013 nachzulesen hier: Nico @ Jugend Filmjury der Deutschen Film- und Medienbewertung [\/vc_column_text][vc_column_text] Dazu ein Auszug aus dem von den Kindern und Jugendlichen selbst verfassten Bewertungstext: &#8222;Nico&#8216;\u00a0ist ein beeindruckend realistischer und tragischer Film,&hellip;<\/p>\n<\/div>\n\t\n<a href=\"https:\/\/ucm.one\/de\/nico-von-eline-gehring-von-der-fbw-jugend-filmjury-mit-4-sternen-beurteilt\/\" class=\"post-details details-type-link\" aria-label=\"Read more about \ud83c\udfac &#8222;Nico&#8220; von Eline Gehring von der FBW-Jugend Filmjury mit 4 Sternen beurteilt\">Mehr lesen<i class=\"dt-icon-the7-arrow-03\" aria-hidden=\"true\"><\/i><\/a>\n\n<\/div><\/article><\/div><div class=\"visible wf-cell\" data-post-id=\"68777\" data-date=\"2022-05-20T19:47:08+00:00\" data-name=\"\ud83c\udfac Bayerischer Filmpreis f\u00fcr Sara Fazilat f\u00fcr ihre Rolle in &quot;Nico&quot;\"><article class=\"post project-odd visible post-68777 type-post status-publish format-standard has-post-thumbnail hentry category-darling-berlin category-film category-kino category-news category-verleih category-weltvertrieb tag-bayerischer-filmpreis tag-beste-nachwuchsdarstellerin tag-darling-berlin tag-dffb tag-eline-gehring tag-javeh-asefdjah tag-lola tag-nico tag-niemand-ist-bei-den-kaelbern tag-sara-fazilat tag-sara-klimoska tag-saskia-rosendahl category-830 category-8 category-10 category-13 category-752 category-7528\" data-name=\"\ud83c\udfac Bayerischer Filmpreis f\u00fcr Sara Fazilat f\u00fcr ihre Rolle in &#8222;Nico&#8220;\" data-date=\"2022-05-20T19:47:08+00:00\">\n\n<div class=\"post-thumbnail-wrap\">\n\t<div class=\"post-thumbnail\">\n\t\t\n\t\t\n\t\t<a href=\"https:\/\/ucm.one\/de\/bayerischer-filmpreis-fuer-sara-fazilat-fuer-ihre-rolle-in-nico\/\" class=\"post-thumbnail-rollover layzr-bg layzr-bg\" ><img decoding=\"async\" class=\"iso-lazy-load preload-me iso-lazy-load aspect\" src=\"data:image\/svg+xml,%3Csvg%20xmlns%3D&#39;http%3A%2F%2Fwww.w3.org%2F2000%2Fsvg&#39;%20viewBox%3D&#39;0%200%20990%20309&#39;%2F%3E\" data-src=\"https:\/\/ucm.one\/wp-content\/uploads\/2022\/06\/NICO-Banner-Filmpreis-DE-990x309.jpg\" data-srcset=\"https:\/\/ucm.one\/wp-content\/uploads\/2022\/06\/NICO-Banner-Filmpreis-DE-990x309.jpg 990w, https:\/\/ucm.one\/wp-content\/uploads\/2022\/06\/NICO-Banner-Filmpreis-DE-1485x464.jpg 1485w\" loading=\"eager\" style=\"--ratio: 990 \/ 309\" sizes=\"(max-width: 990px) 100vw, 990px\" alt=\"\" title=\"NICO Banner Filmpreis DE\" width=\"990\" height=\"309\"  \/><\/a>\t<\/div>\n<\/div>\n\n\n<div class=\"post-entry-content\">\n\n\t<h3 class=\"entry-title\">\n\t\t<a href=\"https:\/\/ucm.one\/de\/bayerischer-filmpreis-fuer-sara-fazilat-fuer-ihre-rolle-in-nico\/\" title=\"\ud83c\udfac Bayerischer Filmpreis f\u00fcr Sara Fazilat f\u00fcr ihre Rolle in &#8222;Nico&#8220;\" rel=\"bookmark\">\ud83c\udfac Bayerischer Filmpreis f\u00fcr Sara Fazilat f\u00fcr ihre Rolle in &#8222;Nico&#8220;<\/a>\n\t<\/h3>\n\n\t<div class=\"entry-meta\"><span class=\"category-link\"><a href=\"https:\/\/ucm.one\/de\/category\/news\/film\/darling-berlin\/\" >Darling Berlin<\/a>, <a href=\"https:\/\/ucm.one\/de\/category\/news\/film\/\" >Film<\/a>, <a href=\"https:\/\/ucm.one\/de\/category\/news\/kino\/\" >Kino<\/a>, <a href=\"https:\/\/ucm.one\/de\/category\/news\/\" >News<\/a>, <a href=\"https:\/\/ucm.one\/de\/category\/news\/verleih\/\" >Verleih<\/a>, <a href=\"https:\/\/ucm.one\/de\/category\/news\/verleih\/weltvertrieb\/\" >Weltvertrieb<\/a><\/span><a class=\"author vcard\" href=\"\" title=\"Zeige alle Beitr\u00e4ge von Joachim Keil\" rel=\"author\">Von <span class=\"fn\">Joachim Keil<\/span><\/a><a href=\"https:\/\/ucm.one\/de\/2022\/05\/20\/\" title=\"19:47\" class=\"data-link\" rel=\"bookmark\"><time class=\"entry-date updated\" datetime=\"2022-05-20T19:47:08+00:00\">20. Mai 2022<\/time><\/a><\/div>\n\t<div class=\"entry-excerpt\"><p>[vc_row][vc_column width=&#8220;3\/4&#8243;][vc_column_text] Gerade wurde es offiziell verk\u00fcndet: Sara Fazilat erh\u00e4lt f\u00fcr ihre beeindruckende Darstellung der \u201eNico\u201c im gleichnamigen Film von Regisseurin Eline Gehring den Bayerischen Filmpreis als &#8222;Beste Nachwuchsdarstellerin&#8222;. [\/vc_column_text][vc_column_text] Die Bayerische Staatsregierung verleiht seit 1979 auf Vorschlag einer unabh\u00e4ngigen Jury den Bayerischen Filmpreis f\u00fcr hervorragende Leistungen im deutschen Filmschaffen, um die Bedeutung des Kinofilms&hellip;<\/p>\n<\/div>\n\t\n<a href=\"https:\/\/ucm.one\/de\/bayerischer-filmpreis-fuer-sara-fazilat-fuer-ihre-rolle-in-nico\/\" class=\"post-details details-type-link\" aria-label=\"Read more about \ud83c\udfac Bayerischer Filmpreis f\u00fcr Sara Fazilat f\u00fcr ihre Rolle in &#8222;Nico&#8220;\">Mehr lesen<i class=\"dt-icon-the7-arrow-03\" aria-hidden=\"true\"><\/i><\/a>\n\n<\/div><\/article><\/div><div class=\"visible wf-cell\" data-post-id=\"68530\" data-date=\"2022-05-12T18:53:52+00:00\" data-name=\"\ud83c\udfac Sara Fazilat f\u00fcr ihre Rolle in &quot;Nico&quot; f\u00fcr den Deutschen Filmpreis nominiert\"><article class=\"post project-odd visible post-68530 type-post status-publish format-standard has-post-thumbnail hentry category-darling-berlin category-film category-kino category-news category-verleih category-weltvertrieb tag-beste-hauptdarstellerin tag-darling-berlin tag-deutscher-filmpreis tag-dffb tag-eline-gehring tag-javeh-asefdjah tag-lola tag-meltem-kaptan tag-nico tag-niemand-ist-bei-den-kaelbern tag-rabiye-kurnaz-gegen-george-w-bush tag-sara-fazilat tag-sara-klimoska tag-saskia-rosendahl tag-ursula-strauss category-830 category-8 category-10 category-13 category-752 category-7528\" data-name=\"\ud83c\udfac Sara Fazilat f\u00fcr ihre Rolle in &#8222;Nico&#8220; f\u00fcr den Deutschen Filmpreis nominiert\" data-date=\"2022-05-12T18:53:52+00:00\">\n\n<div class=\"post-thumbnail-wrap\">\n\t<div class=\"post-thumbnail\">\n\t\t\n\t\t\n\t\t<a href=\"https:\/\/ucm.one\/de\/sara-fazilat-fuer-ihre-rolle-in-nico-fuer-den-deutschen-filmpreis-nominiert\/\" class=\"post-thumbnail-rollover layzr-bg layzr-bg\" ><img decoding=\"async\" class=\"iso-lazy-load preload-me iso-lazy-load aspect\" src=\"data:image\/svg+xml,%3Csvg%20xmlns%3D&#39;http%3A%2F%2Fwww.w3.org%2F2000%2Fsvg&#39;%20viewBox%3D&#39;0%200%20990%20309&#39;%2F%3E\" data-src=\"https:\/\/ucm.one\/wp-content\/uploads\/2022\/05\/NICO-Banner-Deutscher-Filmpreis-990x309.jpg\" data-srcset=\"https:\/\/ucm.one\/wp-content\/uploads\/2022\/05\/NICO-Banner-Deutscher-Filmpreis-990x309.jpg 990w, https:\/\/ucm.one\/wp-content\/uploads\/2022\/05\/NICO-Banner-Deutscher-Filmpreis-1485x464.jpg 1485w\" loading=\"eager\" style=\"--ratio: 990 \/ 309\" sizes=\"(max-width: 990px) 100vw, 990px\" alt=\"\" title=\"NICO Banner Deutscher Filmpreis\" width=\"990\" height=\"309\"  \/><\/a>\t<\/div>\n<\/div>\n\n\n<div class=\"post-entry-content\">\n\n\t<h3 class=\"entry-title\">\n\t\t<a href=\"https:\/\/ucm.one\/de\/sara-fazilat-fuer-ihre-rolle-in-nico-fuer-den-deutschen-filmpreis-nominiert\/\" title=\"\ud83c\udfac Sara Fazilat f\u00fcr ihre Rolle in &#8222;Nico&#8220; f\u00fcr den Deutschen Filmpreis nominiert\" rel=\"bookmark\">\ud83c\udfac Sara Fazilat f\u00fcr ihre Rolle in &#8222;Nico&#8220; f\u00fcr den Deutschen Filmpreis nominiert<\/a>\n\t<\/h3>\n\n\t<div class=\"entry-meta\"><span class=\"category-link\"><a href=\"https:\/\/ucm.one\/de\/category\/news\/film\/darling-berlin\/\" >Darling Berlin<\/a>, <a href=\"https:\/\/ucm.one\/de\/category\/news\/film\/\" >Film<\/a>, <a href=\"https:\/\/ucm.one\/de\/category\/news\/kino\/\" >Kino<\/a>, <a href=\"https:\/\/ucm.one\/de\/category\/news\/\" >News<\/a>, <a href=\"https:\/\/ucm.one\/de\/category\/news\/verleih\/\" >Verleih<\/a>, <a href=\"https:\/\/ucm.one\/de\/category\/news\/verleih\/weltvertrieb\/\" >Weltvertrieb<\/a><\/span><a class=\"author vcard\" href=\"\" title=\"Zeige alle Beitr\u00e4ge von Joachim Keil\" rel=\"author\">Von <span class=\"fn\">Joachim Keil<\/span><\/a><a href=\"https:\/\/ucm.one\/de\/2022\/05\/12\/\" title=\"18:53\" class=\"data-link\" rel=\"bookmark\"><time class=\"entry-date updated\" datetime=\"2022-05-12T18:53:52+00:00\">12. Mai 2022<\/time><\/a><\/div>\n\t<div class=\"entry-excerpt\"><p>[vc_row][vc_column width=&#8220;2\/3&#8243;][vc_column_text] Herzlichen Gl\u00fcckwunsch an Sara Fazilat! Wir sind \u00fcbergl\u00fccklich, dass Sara Fazilat f\u00fcr ihre beeindruckende Darstellung der &#8222;Nico&#8220; f\u00fcr den Deutschen Filmpreis als &#8222;Beste Hauptdarstellerin&#8220; nominiert wurde. Neben Sarah Fazilat wurden auch Ursula Strauss f\u00fcr Ihre Rolle\u00a0im Film &#8222;Le Prince&#8222;, Saskia Rosendahl f\u00fcr Ihre Rolle in &#8222;Niemand ist bei den K\u00e4lbern&#8220; und Meltem Kaptan&hellip;<\/p>\n<\/div>\n\t\n<a href=\"https:\/\/ucm.one\/de\/sara-fazilat-fuer-ihre-rolle-in-nico-fuer-den-deutschen-filmpreis-nominiert\/\" class=\"post-details details-type-link\" aria-label=\"Read more about \ud83c\udfac Sara Fazilat f\u00fcr ihre Rolle in &#8222;Nico&#8220; f\u00fcr den Deutschen Filmpreis nominiert\">Mehr lesen<i class=\"dt-icon-the7-arrow-03\" aria-hidden=\"true\"><\/i><\/a>\n\n<\/div><\/article><\/div><\/div><!-- iso-container|iso-grid --><\/div>[vc_btn title=&#8220;Alle News&#8220; style=&#8220;flat&#8220; align=&#8220;right&#8220; i_icon_fontawesome=&#8220;far fa-newspaper&#8220; add_icon=&#8220;true&#8220; link=&#8220;url:%2Fde%2Ftag%2Fnico|title:Alle%20News&#8220; css=&#8220;.vc_custom_1680351389586{margin-top: 25px !important;}&#8220;][vc_empty_space height=&#8220;15px&#8220;][\/vc_column][\/vc_row][vc_row][vc_column][vc_separator color=&#8220;custom&#8220; accent_color=&#8220;#0141a0&#8243;][\/vc_column][\/vc_row][vc_row css=&#8220;.vc_custom_1518458873891{margin-top: 65px !important;}&#8220;][vc_column width=&#8220;1\/4&#8243;][vc_btn title=&#8220;\u00dcbersicht&#8220; style=&#8220;flat&#8220; size=&#8220;lg&#8220; align=&#8220;center&#8220; i_icon_fontawesome=&#8220;fas fa-home&#8220; button_block=&#8220;true&#8220; add_icon=&#8220;true&#8220; link=&#8220;url:https%3A%2F%2Fucm.one%2Fde|title:%C3%9Cbersicht&#8220;][\/vc_column][vc_column width=&#8220;1\/4&#8243;][vc_btn title=&#8220;Kino&#8220; style=&#8220;flat&#8220; size=&#8220;lg&#8220; align=&#8220;center&#8220; i_icon_fontawesome=&#8220;fas fa-star&#8220; button_block=&#8220;true&#8220; add_icon=&#8220;true&#8220; link=&#8220;url:https%3A%2F%2Fucm.one%2Fde%2Fkinoverleih%2Fkinostarts-2%2F%23nico|title:Nico&#8220;][\/vc_column][vc_column width=&#8220;1\/4&#8243;][vc_btn title=&#8220;Darling Berlin&#8220; style=&#8220;flat&#8220; size=&#8220;lg&#8220; align=&#8220;center&#8220; i_icon_fontawesome=&#8220;fas fa-arrow-right&#8220; button_block=&#8220;true&#8220; add_icon=&#8220;true&#8220; link=&#8220;url:https%3A%2F%2Fucm.one%2Fde%2Ffilm-labels%2Fdarling-berlin%2F|title:Darling%20Berlin&#8220;][\/vc_column][vc_column width=&#8220;1\/4&#8243;][vc_btn title=&#8220;iMDB&#8220; style=&#8220;flat&#8220; color=&#8220;blue&#8220; size=&#8220;lg&#8220; align=&#8220;center&#8220; i_icon_fontawesome=&#8220;fab fa-imdb&#8220; button_block=&#8220;true&#8220; add_icon=&#8220;true&#8220; link=&#8220;url:https%3A%2F%2Fwww.imdb.com%2Ftitle%2Ftt13793134|title:Nico|target:_blank&#8220;][\/vc_column][\/vc_row][vc_row content_placement=&#8220;middle&#8220; bg_type=&#8220;grad&#8220; ult_hide_row=&#8220;ult_hide_row_value&#8220; ult_hide_row_large_screen=&#8220;large_screen&#8220; ult_hide_row_desktop=&#8220;desktop&#8220; css=&#8220;.vc_custom_1518701755537{margin-top: 0px !important;padding-top: -50px !important;}&#8220; bg_grad=&#8220;background: -webkit-gradient(linear, left top, left bottom, color-stop(0%, #E3E3E3), color-stop(0%, #FFFFFF), color-stop(6%, #FFFFFF), color-stop(7%, #FFFFFF), color-stop(50%, #FFFFFF));background: -moz-linear-gradient(top,#E3E3E3 0%,#FFFFFF 0%,#FFFFFF 6%,#FFFFFF 7%,#FFFFFF 50%);background: -webkit-linear-gradient(top,#E3E3E3 0%,#FFFFFF 0%,#FFFFFF 6%,#FFFFFF 7%,#FFFFFF 50%);background: -o-linear-gradient(top,#E3E3E3 0%,#FFFFFF 0%,#FFFFFF 6%,#FFFFFF 7%,#FFFFFF 50%);background: -ms-linear-gradient(top,#E3E3E3 0%,#FFFFFF 0%,#FFFFFF 6%,#FFFFFF 7%,#FFFFFF 50%);background: linear-gradient(top,#E3E3E3 0%,#FFFFFF 0%,#FFFFFF 6%,#FFFFFF 7%,#FFFFFF 50%);&#8220;][vc_column][vc_btn title=&#8220;Kontakt&#8220; style=&#8220;flat&#8220; color=&#8220;sky&#8220; size=&#8220;lg&#8220; align=&#8220;center&#8220; i_icon_fontawesome=&#8220;far fa-envelope&#8220; button_block=&#8220;true&#8220; add_icon=&#8220;true&#8220; link=&#8220;url:https%3A%2F%2Fucm.one%2Fde%2Ffirma%2Fkontakt%2F|title:Kontakt&#8220;][\/vc_column][\/vc_row]<\/p>\n<\/div>","protected":false},"excerpt":{"rendered":"<p>[vc_row][vc_column width=&#8220;3\/4&#8243; css=&#8220;.vc_custom_1561291995466{padding-right: 30px !important;}&#8220;][vc_column_text] Nico: [\/vc_column_text][vc_column_text] Der Film \u201cNico\u201c, f\u00fcr den Regisseurin\u00a0Eline Gehring zusammen mit Kamerafrau Francy Fabritz und Produzentin und Hauptdarstellerin Sara Fazilat das Drehbuch geschrieben hat, feierte im Januar 2021 beim Filmfestival Max Oph\u00fcls Preis seine Premiere in Deutschland.\u00a0Sara Fazilat gewann dort auch den Preis als \u201cBeste Nachwuchsschauspielerin\u201d. Zudem wurde sie als&hellip;<\/p>\n","protected":false},"author":2,"featured_media":63943,"parent":0,"menu_order":0,"comment_status":"closed","ping_status":"closed","template":"","meta":{"_acf_changed":false,"footnotes":""},"class_list":["post-63942","page","type-page","status-publish","has-post-thumbnail","hentry","description-off"],"acf":[],"yoast_head":"<!-- This site is optimized with the Yoast SEO plugin v27.5 - https:\/\/yoast.com\/product\/yoast-seo-wordpress\/ -->\n<title>Nico (2021) von Eline Gehring | Darling Berlin<\/title>\n<meta name=\"description\" content=\"\u201cNico\u201c von Regisseurin\u00a0Eline mit Sara Fazilat feierte im Januar 2021 beim Filmfestival Max Oph\u00fcls Preis seine Deutschlandpremiere.\" \/>\n<meta name=\"robots\" content=\"index, follow, max-snippet:-1, max-image-preview:large, max-video-preview:-1\" \/>\n<link rel=\"canonical\" href=\"https:\/\/ucm.one\/de\/nico\/\" \/>\n<meta property=\"og:locale\" content=\"de_DE\" \/>\n<meta property=\"og:type\" content=\"article\" \/>\n<meta property=\"og:title\" content=\"&quot;Nico&quot; von Eline Gehring\" \/>\n<meta property=\"og:description\" content=\"\u201cNico\u201c von Regisseurin\u00a0Eline mit Sara Fazilat feierte im Januar 2021 beim Filmfestival Max Oph\u00fcls Preis seine Deutschlandpremiere.Fabritz und Produzentin und Hauptdarstellerin Sara Fazilat das Drehbuch geschrieben hat, feierte im Januar 2021 beim Filmfestival Max Oph\u00fcls Preis seine Premiere in Deutschland.\" \/>\n<meta property=\"og:url\" content=\"https:\/\/ucm.one\/de\/nico\/\" \/>\n<meta property=\"og:site_name\" content=\"UCM.ONE\" \/>\n<meta property=\"article:modified_time\" content=\"2023-07-31T23:33:27+00:00\" \/>\n<meta property=\"og:image\" content=\"https:\/\/ucm.one\/wp-content\/uploads\/2022\/02\/NICO_ThumbnailYT.jpg\" \/>\n<meta name=\"twitter:card\" content=\"summary_large_image\" \/>\n<meta name=\"twitter:title\" content=\"&quot;Nico&quot; von Eline Gehring\" \/>\n<meta name=\"twitter:description\" content=\"\u201cNico\u201c von Regisseurin\u00a0Eline mit Sara Fazilat feierte im Januar 2021 beim Filmfestival Max Oph\u00fcls Preis seine Deutschlandpremiere.\" \/>\n<meta name=\"twitter:image\" content=\"https:\/\/ucm.one\/wp-content\/uploads\/2022\/02\/NICO_ThumbnailYT.jpg\" \/>\n<meta name=\"twitter:label1\" content=\"Gesch\u00e4tzte Lesezeit\" \/>\n\t<meta name=\"twitter:data1\" content=\"20\u00a0Minuten\" \/>\n<!-- \/ Yoast SEO plugin. -->","yoast_head_json":{"title":"Nico (2021) von Eline Gehring | Darling Berlin","description":"\u201cNico\u201c von Regisseurin\u00a0Eline mit Sara Fazilat feierte im Januar 2021 beim Filmfestival Max Oph\u00fcls Preis seine Deutschlandpremiere.","robots":{"index":"index","follow":"follow","max-snippet":"max-snippet:-1","max-image-preview":"max-image-preview:large","max-video-preview":"max-video-preview:-1"},"canonical":"https:\/\/ucm.one\/de\/nico\/","og_locale":"de_DE","og_type":"article","og_title":"\"Nico\" von Eline Gehring","og_description":"\u201cNico\u201c von Regisseurin\u00a0Eline mit Sara Fazilat feierte im Januar 2021 beim Filmfestival Max Oph\u00fcls Preis seine Deutschlandpremiere.Fabritz und Produzentin und Hauptdarstellerin Sara Fazilat das Drehbuch geschrieben hat, feierte im Januar 2021 beim Filmfestival Max Oph\u00fcls Preis seine Premiere in Deutschland.","og_url":"https:\/\/ucm.one\/de\/nico\/","og_site_name":"UCM.ONE","article_modified_time":"2023-07-31T23:33:27+00:00","og_image":[{"url":"https:\/\/ucm.one\/wp-content\/uploads\/2022\/02\/NICO_ThumbnailYT.jpg","type":"","width":"","height":""}],"twitter_card":"summary_large_image","twitter_title":"\"Nico\" von Eline Gehring","twitter_description":"\u201cNico\u201c von Regisseurin\u00a0Eline mit Sara Fazilat feierte im Januar 2021 beim Filmfestival Max Oph\u00fcls Preis seine Deutschlandpremiere.","twitter_image":"https:\/\/ucm.one\/wp-content\/uploads\/2022\/02\/NICO_ThumbnailYT.jpg","twitter_misc":{"Gesch\u00e4tzte Lesezeit":"20\u00a0Minuten"},"schema":{"@context":"https:\/\/schema.org","@graph":[{"@type":"WebPage","@id":"https:\/\/ucm.one\/de\/nico\/","url":"https:\/\/ucm.one\/de\/nico\/","name":"Nico (2021) von Eline Gehring | Darling Berlin","isPartOf":{"@id":"https:\/\/ucm.one\/de\/#website"},"primaryImageOfPage":{"@id":"https:\/\/ucm.one\/de\/nico\/#primaryimage"},"image":{"@id":"https:\/\/ucm.one\/de\/nico\/#primaryimage"},"thumbnailUrl":"https:\/\/ucm.one\/wp-content\/uploads\/2022\/02\/P-Nico-2022.jpg","datePublished":"2022-05-12T19:18:56+00:00","dateModified":"2023-07-31T23:33:27+00:00","description":"\u201cNico\u201c von Regisseurin\u00a0Eline mit Sara Fazilat feierte im Januar 2021 beim Filmfestival Max Oph\u00fcls Preis seine Deutschlandpremiere.","breadcrumb":{"@id":"https:\/\/ucm.one\/de\/nico\/#breadcrumb"},"inLanguage":"de","potentialAction":[{"@type":"ReadAction","target":["https:\/\/ucm.one\/de\/nico\/"]}]},{"@type":"ImageObject","inLanguage":"de","@id":"https:\/\/ucm.one\/de\/nico\/#primaryimage","url":"https:\/\/ucm.one\/wp-content\/uploads\/2022\/02\/P-Nico-2022.jpg","contentUrl":"https:\/\/ucm.one\/wp-content\/uploads\/2022\/02\/P-Nico-2022.jpg","width":699,"height":1000},{"@type":"BreadcrumbList","@id":"https:\/\/ucm.one\/de\/nico\/#breadcrumb","itemListElement":[{"@type":"ListItem","position":1,"name":"Home","item":"https:\/\/ucm.one\/de\/"},{"@type":"ListItem","position":2,"name":"Nico (2021) von Eline Gehring | Darling Berlin"}]},{"@type":"WebSite","@id":"https:\/\/ucm.one\/de\/#website","url":"https:\/\/ucm.one\/de\/","name":"UCM.ONE","description":"","publisher":{"@id":"https:\/\/ucm.one\/de\/#organization"},"potentialAction":[{"@type":"SearchAction","target":{"@type":"EntryPoint","urlTemplate":"https:\/\/ucm.one\/de\/?s={search_term_string}"},"query-input":{"@type":"PropertyValueSpecification","valueRequired":true,"valueName":"search_term_string"}}],"inLanguage":"de"},{"@type":"Organization","@id":"https:\/\/ucm.one\/de\/#organization","name":"UCM.ONE","url":"https:\/\/ucm.one\/de\/","logo":{"@type":"ImageObject","inLanguage":"de","@id":"https:\/\/ucm.one\/de\/#\/schema\/logo\/image\/","url":"https:\/\/ucm.one\/wp-content\/uploads\/2019\/10\/UCM.ONE-Logo-RGB.svg","contentUrl":"https:\/\/ucm.one\/wp-content\/uploads\/2019\/10\/UCM.ONE-Logo-RGB.svg","width":1,"height":1,"caption":"UCM.ONE"},"image":{"@id":"https:\/\/ucm.one\/de\/#\/schema\/logo\/image\/"}}]}},"_links":{"self":[{"href":"https:\/\/ucm.one\/de\/wp-json\/wp\/v2\/pages\/63942","targetHints":{"allow":["GET"]}}],"collection":[{"href":"https:\/\/ucm.one\/de\/wp-json\/wp\/v2\/pages"}],"about":[{"href":"https:\/\/ucm.one\/de\/wp-json\/wp\/v2\/types\/page"}],"author":[{"embeddable":true,"href":"https:\/\/ucm.one\/de\/wp-json\/wp\/v2\/users\/2"}],"replies":[{"embeddable":true,"href":"https:\/\/ucm.one\/de\/wp-json\/wp\/v2\/comments?post=63942"}],"version-history":[{"count":0,"href":"https:\/\/ucm.one\/de\/wp-json\/wp\/v2\/pages\/63942\/revisions"}],"wp:featuredmedia":[{"embeddable":true,"href":"https:\/\/ucm.one\/de\/wp-json\/wp\/v2\/media\/63943"}],"wp:attachment":[{"href":"https:\/\/ucm.one\/de\/wp-json\/wp\/v2\/media?parent=63942"}],"curies":[{"name":"wp","href":"https:\/\/api.w.org\/{rel}","templated":true}]}}