{"id":53743,"date":"2021-08-12T19:20:36","date_gmt":"2021-08-12T19:20:36","guid":{"rendered":"https:\/\/ucm.one\/?page_id=53743"},"modified":"2023-07-31T23:37:28","modified_gmt":"2023-07-31T23:37:28","slug":"albtraeumer","status":"publish","type":"page","link":"https:\/\/ucm.one\/de\/albtraeumer\/","title":{"rendered":"Albtr\u00e4umer (2020) von Philipp Klinger | Artkeim\u00b2"},"content":{"rendered":"<div class=\"wpb-content-wrapper\"><p>[vc_row][vc_column width=&#8220;3\/4&#8243; css=&#8220;.vc_custom_1561291995466{padding-right: 30px !important;}&#8220;][vc_column_text]<\/p>\n<h1>Albtr\u00e4umer<span style=\"color: #ffffff;\">:<\/span><\/h1>\n<p>[\/vc_column_text][vc_column_text]<strong>Phillip Klingers<\/strong>\u00a0Deb\u00fctfilm \u201c<strong>Albtr\u00e4umer<\/strong>\u201d feierte seine Premiere bei den\u00a0<strong>Hofer Filmtagen 2020<\/strong>\u00a0und hat seitdem bereits eine beachtliche Festivalkarriere (unter anderem in Braunschweig, Wiesbaden, Biberach) hingelegt. \u201c<strong>Albtr\u00e4umer<\/strong>\u201d ist ein in berauschenden Bildern erz\u00e4hltes und einf\u00fchlsam gespieltes Coming-of-Age-Drama mit Mystery-Elementen, in dem die schmerzhafte Suche einer jungen Frau nach Antworten mit der geistigen und emotionalen Enge ihrer Umgebung kollidiert.[\/vc_column_text][vc_row_inner][vc_column_inner css=&#8220;.vc_custom_1561290391124{border-right-width: -15px !important;}&#8220;][vc_single_image image=&#8220;53741&#8243; img_size=&#8220;full&#8220;][\/vc_column_inner][\/vc_row_inner][vc_column_text]<\/p>\n<h3>Inhaltsangabe:<\/h3>\n<p class=\"western\">Die 17-j\u00e4hrige Rebekka w\u00e4chst beh\u00fctet in einem abgeschiedenen Ort im Schwarzwald auf. Sie ist bei allen beliebt, hat schon l\u00e4nger einen festen Freund und f\u00fchrt vermeintlich ein unbeschwertes Leben. Doch der Schein tr\u00fcgt: Seit ihr \u00e4lterer Bruder Dennis vor zwei Jahren in den selbstgew\u00e4hlten Tod gesprungen ist, ist die famili\u00e4re Idylle nur noch Fassade.\u00a0W\u00e4hrend ihre Eltern vor allem bem\u00fcht sind, das Trauma zu verdr\u00e4ngen und nach au\u00dfen hin als eine \u201enormale\u201c Familie wahrgenommen zu werden, hat die junge Frau mit dem Suizid des Bruders noch keinen Umgang gefunden. Bis eines Tages Vincent, der beste Freund von Dennis, der damals gemeinsam mit ihm von der Br\u00fccke gesprungen ist und den Sturz wie durch ein Wunder \u00fcberlebt hat, nach langer Zeit wieder auftaucht.<\/p>\n<p>[\/vc_column_text][vc_column_text]<\/p>\n<p class=\"western\">Sofort rei\u00dfen in dem kleinen Ort die alten Wunden wieder auf.\u00a0Die Dorfgemeinschaft und Rebekkas Eltern geben dem exzentrischen Einzelg\u00e4nger die Schuld an Dennis\u2018 Tod, f\u00fcr Rebekka aber ist er die Chance, endlich Antworten auf ihre dr\u00e4ngenden Fragen zu erhalten und zu verstehen, wer ihr Bruder wirklich war.<\/p>\n<p>[\/vc_column_text][vc_row_inner][vc_column_inner width=&#8220;1\/2&#8243; css=&#8220;.vc_custom_1561290391124{border-right-width: -15px !important;}&#8220;][vc_single_image image=&#8220;53806&#8243; img_size=&#8220;full&#8220;][\/vc_column_inner][vc_column_inner width=&#8220;1\/2&#8243;][vc_single_image image=&#8220;53809&#8243; img_size=&#8220;full&#8220;][\/vc_column_inner][\/vc_row_inner][vc_column_text]Trotz der Verachtung, die ihnen von allen Seiten entgegenschl\u00e4gt, und obwohl die Eltern ihr aus Angst, auch noch die Tochter zu verlieren, den Umgang mit ihm strikt untersagen, entwickelt sich aus Rebekkas leicht morbider Faszination f\u00fcr Vincent erst eine vorsichtige N\u00e4he, dann eine st\u00fcrmische Liebe. Und schlie\u00dflich etwas, bei dem sie selbst nicht mehr wei\u00df, ob es heilsam oder zerst\u00f6rerisch ist. Je mehr die beiden Jugendlichen sich einander \u00f6ffnen, umso tiefer schlittert auch Vincent wieder in das alte Trauma, und Rebekka wird immer tiefer in die Gef\u00fchlswelt ihres Bruders hineingezogen. Ihr wird klar: Sie muss den schmerzhaften Ausbruch wagen, um sich dem verh\u00e4ngnisvollen Sog zu entziehen und sich selbst zu finden.[\/vc_column_text][vc_row_inner][vc_column_inner css=&#8220;.vc_custom_1561290391124{border-right-width: -15px !important;}&#8220;][vc_single_image image=&#8220;53735&#8243; img_size=&#8220;full&#8220;][\/vc_column_inner][\/vc_row_inner][vc_column_text]<\/p>\n<h3>\u00dcber Regisseur Philipp Klinger<\/h3>\n<p style=\"text-align: left;\" align=\"JUSTIFY\">Aufgewachsen in einem konservativen Dorf im Schwarzwald, fand<strong> Philipp Klinger<\/strong> fr\u00fch Zuflucht und Heimat im Theater, der bildenden Kunst, im kreativen Schreiben und in der Filmkunst. Nach dem Abitur mit Scheffel-Preis-Auszeichnung und der Ausbildung zum Mediengestalter arbeitete er als Editor und Regieassistent bei Spielfilm und Werbung.\u00a0Mit seinem ersten Kurzfilm &#8222;<strong>Das Institut der verlorenen Dinge<\/strong>&#8220; (2010) gelang ihm die Aufnahme an der <strong>Filmakademie Baden-W\u00fcrttemberg<\/strong>, wo er als Stipendiat der renommierten <em>&#8222;Studienstiftung des deutschen Volkes&#8220;<\/em> szenische Regie studierte.<\/p>\n<p>[\/vc_column_text][vc_column_text]<\/p>\n<p style=\"text-align: left;\" align=\"JUSTIFY\">Im Jahr 2014, auf dem H\u00f6hepunkt der Gezi-Proteste absolvierte er ein Auslandssemester an der <strong>Kadir Has University in Istanbul<\/strong>. Dort realisierte er einen dokumentarischen Social-Spot f\u00fcr die NGO <strong>Mavi Kalem<\/strong>, die sich f\u00fcr Kinder mit Fluchthintergrund und Frauenrechte einsetzt. Zus\u00e4tzlich engagiert er sich seit Jahren in sozialen Einrichtungen, mit Fokus auf medienp\u00e4dagogischen Projekten mit Kindern und Jugendlichen.\u00a0W\u00e4hrend des Studiums realisierte er diverse Kurzfilme, die auf zahlreichen nationalen und internationalen Festivals aufgef\u00fchrt und ausgezeichnet wurden. Seine letzten drei Kurzfilme in Koproduktion mit dem <strong>SWR<\/strong> und <strong>arte<\/strong>\u00a0wurden zudem als \u00dcbernahme beim <strong>BR<\/strong> und in der <strong>ARD<\/strong> ausgestrahlt.<\/p>\n<p>[\/vc_column_text][vc_column_text css=&#8220;.vc_custom_1623537774699{margin-bottom: -12px !important;}&#8220;]<span style=\"font-size: 12pt;\">Filmographie (Auswahl)<\/span>[\/vc_column_text][vc_empty_space height=&#8220;25px&#8220;][vc_column_text css=&#8220;.vc_custom_1623536060906{margin-top: -12px !important;padding-top: 15px !important;padding-right: 15px !important;padding-bottom: 15px !important;padding-left: 15px !important;background-color: #efefef !important;border-radius: 5px !important;}&#8220;]<\/p>\n<table style=\"border-collapse: collapse; width: 100%; height: 201px;\">\n<tbody>\n<tr>\n<td style=\"width: 18.75800256081946%;\">2020<\/td>\n<td style=\"width: 81.24199743918055%;\"><strong>Albtr\u00e4umer<\/strong> (Langfilm, 93 Min), Regie &amp; Co-Autor<\/td>\n<\/tr>\n<tr>\n<td style=\"width: 18.75800256081946%;\">2018<\/td>\n<td style=\"width: 81.24199743918055%;\"><strong>Feuertaufe<\/strong> (Kurzfilm, 20 Min), Regie &amp; Autor<\/td>\n<\/tr>\n<tr>\n<td style=\"width: 18.75800256081946%;\">2015<\/td>\n<td style=\"width: 81.24199743918055%;\"><strong>Die Blaue Sophia<\/strong> (Kurzfilm, 8 Min), Regie<\/td>\n<\/tr>\n<tr>\n<td style=\"width: 18.75800256081946%;\">2014<\/td>\n<td style=\"width: 81.24199743918055%;\"><strong>Mavi Kalem<\/strong> (Social Spot, 8 Min), Regie, Kamera, Schnitt<\/td>\n<\/tr>\n<tr>\n<td style=\"width: 18.75800256081946%;\">2013<\/td>\n<td style=\"width: 81.24199743918055%;\"><strong>Am Ende Licht<\/strong> (Kurzfilm, 45 Min), Regie, Co-Autor<\/td>\n<\/tr>\n<tr>\n<td style=\"width: 18.75800256081946%;\">2010<\/td>\n<td style=\"width: 81.24199743918055%;\"><strong>Das Institut der verlorenen Dinge<\/strong> (Kurzfilm, 15 Min), Regie, Autor, Produzent<\/td>\n<\/tr>\n<\/tbody>\n<\/table>\n<p>[\/vc_column_text][vc_column_text]<\/p>\n<p style=\"text-align: left;\" align=\"JUSTIFY\">Sein ebenfalls vom <strong>SWR<\/strong> koproduzierter Deb\u00fctfilm &#8222;<strong>Albtr\u00e4umer<\/strong>&#8220; feierte Premiere bei den<strong> Internationalen Hofer Filmtagen<\/strong>, wurde f\u00fcr diverse Preise nominiert und gewann beim <strong>exground filmfest Wiesbaden<\/strong> sowohl den Jurypreis im Internationalen Jugendfilm-Wettbewerb, als auch den Publikumspreis f\u00fcr den besten Langfilm. <strong>Philipp Klinger<\/strong> arbeitet als freier Autor und Regisseur in Berlin.<\/p>\n<p>[\/vc_column_text][\/vc_column][vc_column width=&#8220;1\/4&#8243; css=&#8220;.vc_custom_1581030319933{margin-top: 15px !important;margin-bottom: 36px !important;background-color: #efefef !important;}&#8220;]<style type=\"text\/css\" data-type=\"the7_shortcodes-inline-css\">.shortcode-single-image-wrap.shortcode-single-image-8efd58235b3dbf47fbee5f9d4445a0a5.enable-bg-rollover .rollover i,\n.shortcode-single-image-wrap.shortcode-single-image-8efd58235b3dbf47fbee5f9d4445a0a5.enable-bg-rollover .rollover-video i {\n  background: -webkit-linear-gradient();\n  background: linear-gradient();\n}\n.shortcode-single-image-wrap.shortcode-single-image-8efd58235b3dbf47fbee5f9d4445a0a5 .rollover-icon {\n  font-size: 32px;\n  color: #ffffff;\n  min-width: 44px;\n  min-height: 44px;\n  line-height: 44px;\n  border-radius: 100px;\n  border-style: solid;\n  border-width: 0px;\n}\n.dt-icon-bg-on.shortcode-single-image-wrap.shortcode-single-image-8efd58235b3dbf47fbee5f9d4445a0a5 .rollover-icon {\n  background: rgba(255,255,255,0.3);\n  box-shadow: none;\n}<\/style><div class=\"shortcode-single-image-wrap shortcode-single-image-8efd58235b3dbf47fbee5f9d4445a0a5 alignnone  vc_custom_1623525774757 enable-bg-rollover dt-icon-bg-off\" ><div class=\"shortcode-single-image\"><div class=\"fancy-media-wrap\" style=\"\"><a class=\"layzr-bg rollover rollover-zoom dt-pswp-item pswp-image\" href=\"https:\/\/ucm.one\/wp-content\/uploads\/2021\/06\/P-Albtraeumer-2021.jpg\" title=\"P Albtr\u00e4umer 2021\" data-dt-img-description=\"\" data-large_image_width=\"699\" data-large_image_height = \"1000\"  style=\"\"><img fetchpriority=\"high\" decoding=\"async\" class=\"preload-me lazy-load aspect\" src=\"data:image\/svg+xml,%3Csvg%20xmlns%3D&#39;http%3A%2F%2Fwww.w3.org%2F2000%2Fsvg&#39;%20viewBox%3D&#39;0%200%20699%20999&#39;%2F%3E\" data-src=\"https:\/\/ucm.one\/wp-content\/uploads\/2021\/06\/P-Albtraeumer-2021.jpg\" data-srcset=\"https:\/\/ucm.one\/wp-content\/uploads\/2021\/06\/P-Albtraeumer-2021.jpg 699w\" loading=\"eager\" style=\"--ratio: 699 \/ 999\" sizes=\"(max-width: 699px) 100vw, 699px\" width=\"699\" height=\"999\"  data-dt-location=\"https:\/\/ucm.one\/de\/albtraeumer\/p-albtraeumer-2021\/\" alt=\"\" \/><\/a><\/div><\/div><\/div>[vc_empty_space height=&#8220;10px&#8220;][vc_column_text]<\/p>\n<p id=\"u3084-2\"><strong>Original Titel: <\/strong>Albtr\u00e4umer<\/p>\n<p><strong>Regie:\u00a0<\/strong>Philipp Klinger<\/p>\n<p><strong>Drehbuch:<\/strong> Simon Thummet, Philipp Klinger (Buchbearbeitung)<\/p>\n<p id=\"u3084-7\"><strong>Schauspieler:innen:\u00a0<\/strong>Sarah Mahita, B\u00e9la Gabor Lenz, Stephan Szasz, Birge Schade, Andreas Warmbrunn, Gustav Schmidt, Valerie Stoll, Julia Brendler<\/p>\n<p><strong>Produzenten:\u00a0<\/strong>Christoph Holthof, Daniel Reich<\/p>\n<p><strong>Produktionsleitung:<\/strong> Sebastian Ebert<\/p>\n<p><strong>Produktionskoordinatorin:<\/strong> Patricia Langenhan<\/p>\n<p><span lang=\"de\" style=\"font-family: arial, helvetica, sans-serif;\" tabindex=\"0\"><strong>Kamera:<\/strong> Adrian Langenbach<\/span><\/p>\n<p><strong>Ton:<\/strong> Christoph Schilling<\/p>\n<p><strong>Schnitt: <\/strong>Bastian Epple<\/p>\n<p><strong>Visuelle Effekte:<\/strong> Marco Zanoni<\/p>\n<p><strong>Szenenbild: <\/strong>Cosima Vellenzer<\/p>\n<p><strong>Kost\u00fcmbild:<\/strong> Teresa Crosser<\/p>\n<p><strong>Maskenbild:<\/strong> Heidi Wick<\/p>\n<p><strong>Sound Design:<\/strong> Robin Harff<\/p>\n<p><strong>Musik:<\/strong> Francesco Wilking, Patrick Reising<\/p>\n<p><strong>Mischung:<\/strong> Clemens Grulich<\/p>\n<p><strong>Redaktion:<\/strong> Jan Berning (SWR)<\/p>\n<p>&nbsp;<\/p>\n<p><strong>Produktion:\u00a0<\/strong>Kurhaus Production<\/p>\n<p><strong>Produktionsjahr:<\/strong> 2020<\/p>\n<p><strong>Genre<\/strong>: Drama<\/p>\n<p><strong>Land:<\/strong>\u00a0Deutschland<\/p>\n<p><strong>Sprache:<\/strong> Deutsch<\/p>\n<p><strong>Untertitel:<\/strong> Englisch<\/p>\n<p>&nbsp;<\/p>\n<p><strong>L\u00e4nge:<\/strong> 93 Min<\/p>\n<p><strong>FSK:<\/strong>\u00a012<\/p>\n<p><strong>Seitenverh\u00e4ltnis:<\/strong> 2.39 : 1<\/p>\n<p><strong>Ton:<\/strong>\u00a0Surround 5.1, Stereo 2.0<\/p>\n<p><strong>Aufl\u00f6sung:<\/strong>\u00a0digital 2K[\/vc_column_text][vc_separator color=&#8220;custom&#8220; accent_color=&#8220;#a0a0a0&#8243;][vc_column_text]<em>Weiterer Titel:<\/em><\/p>\n<p><strong>Englisch:<\/strong> Dark Dreamers[\/vc_column_text][vc_separator color=&#8220;custom&#8220; accent_color=&#8220;#a0a0a0&#8243;][vc_column_text]<em>Preise:<\/em><\/p>\n<p><strong>2020 exground filmfest Wiesbaden: <\/strong>Jurypreis &#8222;Bester Internationaler Jugendfilm&#8220; -&gt; Albtr\u00e4umer<\/p>\n<p><strong>2020 exground filmfest Wiesbaden: <\/strong>Publikumpreis &#8222;Bester Langfilm&#8220; -&gt; Albtr\u00e4umer[\/vc_column_text][vc_separator color=&#8220;custom&#8220; accent_color=&#8220;#a0a0a0&#8243;][vc_column_text]<strong>Filmlabel:<\/strong> Artkeim\u00b2<\/p>\n<p><strong>Verleih:<\/strong> <span style=\"font-family: 'arial black', sans-serif;\"><strong>UCM.ONE<\/strong><\/span><\/p>\n<p>&nbsp;<\/p>\n<p><strong>Kinostart:\u00a0<\/strong>12. August 2021<\/p>\n<p><strong>DVD-Start:<\/strong>\u00a0tba<\/p>\n<p><strong>VoD-Start:<\/strong> tba[\/vc_column_text][vc_separator color=&#8220;custom&#8220; accent_color=&#8220;#a0a0a0&#8243;][vc_btn title=&#8220;Presse Materialien&#8220; color=&#8220;white&#8220; size=&#8220;sm&#8220; align=&#8220;center&#8220; i_icon_fontawesome=&#8220;fas fa-download&#8220; button_block=&#8220;true&#8220; add_icon=&#8220;true&#8220; css=&#8220;.vc_custom_1625676708126{margin-top: -15px !important;}&#8220; link=&#8220;url:https%3A%2F%2Fwww.ucm.one%2Fpresse%2Fak_albtraeumer_presskit.zip|title:Albtr%C3%A4umer%20Presskit|rel:nofollow&#8220;][vc_btn title=&#8220;DCP Trailer&#8220; color=&#8220;white&#8220; size=&#8220;sm&#8220; align=&#8220;center&#8220; i_icon_fontawesome=&#8220;fas fa-external-link-alt&#8220; button_block=&#8220;true&#8220; add_icon=&#8220;true&#8220; css=&#8220;.vc_custom_1625676578209{margin-top: -15px !important;}&#8220; link=&#8220;url:https%3A%2F%2Fwww.eclairplay.com%2Fde_DEU%2Fmovies%2Fdark-dreamers|title:Albtr%C3%A4umer%20Trailer|target:_blank&#8220;][\/vc_column][\/vc_row][vc_row][vc_column][vc_column_text]<\/p>\n<h3>Regiekommentar von Philipp Klinger<\/h3>\n<div class=\"column\">\n<p><em>\u201eUngew\u00f6hnlich viele Suizide und Morde ereigneten sich in dem kleinen Dorf im Schwarzwald, in dem ich aufwuchs \u2013 unter den Opfern war auch mein bester Freund. \u00dcber die Abgr\u00fcnde hinter den wei\u00dfen Gartenz\u00e4unen wurde aber kaum gesprochen, denn die m\u00f6glichen Erkenntnisse waren zu schmerzvoll und ersch\u00fctternd. <\/em><\/p>\n<\/div>\n<p>[\/vc_column_text][vc_row_inner][vc_column_inner width=&#8220;1\/4&#8243;][vc_single_image image=&#8220;53793&#8243; img_size=&#8220;full&#8220;][\/vc_column_inner][vc_column_inner width=&#8220;3\/4&#8243; css=&#8220;.vc_custom_1581030094864{margin-top: -6px !important;}&#8220;][vc_column_text]<em>Suizid und psychische Erkrankungen sind zwar in der \u00d6ffentlichkeit kein Tabuthema mehr, werden im pers\u00f6nlichen Wirkungskreis jedoch oft verdr\u00e4ngt und stigmatisiert. Nahestehende und Angeh\u00f6rige f\u00fchlen sich meist ohnm\u00e4chtig und verloren, ebenso wie die Erkrankten selbst. Diesen Gef\u00fchlen will ich mit &#8222;<strong>Albtr\u00e4umer<\/strong>&#8220; Raum geben, f\u00fcr die individuellen Facetten Verst\u00e4ndnis wecken und einen Resonanzraum schaffen, in dem die Zuschauer:innen den Heilungsprozess von Rebekka, der Hauptfigur, aus n\u00e4chster N\u00e4he mitf\u00fchlen k\u00f6nnen. <\/em>[\/vc_column_text][vc_column_text]<em>Genau wie sie zunehmend den Perspektivwechsel wagt, werden auch f\u00fcr das Publikum die Grenzen immer flie\u00dfender und einfache, monokausale Antworten auf die Frage nach dem Warum immer unzureichender. Weil Rebekka durch ihre Besch\u00e4ftigung mit dem Suizid des Bruders den d\u00f6rflichen Lebensentwurf infrage stellt, f\u00fchrt ihre Trauerarbeit letztlich zu Emanzipation und Ausbruch. <\/em><br \/>\n<em>Diese Selbstwerdung hat eine einmalige Energie: die radikal subjektive Sinnlichkeit der jugendlichen Wahrnehmung, der ersten Liebe, des ersten Verlusts. Eine Kraft, die Rebekkas Welt in ihren Grundfesten ersch\u00fcttert, doch in ihrer Wahrhaftigkeit auch endlich echte Heilung erm\u00f6glicht. <\/em>[\/vc_column_text][\/vc_column_inner][\/vc_row_inner][vc_column_text]<em>Darauf lege ich in diesem Film den Fokus. Ich m\u00f6chte Mut machen, in der destruktiven Energie der Ver\u00e4nderung Notwendigkeit, ja sogar Anmut und Sch\u00f6nheit zu sehen.&#8220;<\/em>[\/vc_column_text][vc_single_image image=&#8220;53699&#8243; img_size=&#8220;full&#8220;][vc_column_text]<\/p>\n<h3>\u00dcber Sarah Mahita (Rebekka)<\/h3>\n<p><strong>Sarah Mahita<\/strong> wurde 1997 in Filderstadt geboren. Von 2005 bis 20011 war sie Mitglied am <strong>Kinder- und Jugendtheater Junges Ensemble Stuttgart<\/strong> (JES), wo sie unter anderem in den Produktionen \u201e<strong>Wir sind Kunst<\/strong>\u201c, \u201e<strong>Wo bist du Zuhause<\/strong>\u201c und \u201e<strong>Mein unm\u00f6gliches Leben<\/strong>\u201c auf der B\u00fchne stand. Von 2014 bis 2019 war sie in der Fernsehserie \u201e<strong>Dr. Klein<\/strong>\u201c zu sehen. Es folgten mehrere wiederkehrende und Epsioden-Rollen in TV-Serien sowie das beeindruckende Fernsehspiel \u201e<strong>Atempause<\/strong>\u201c unter der Regie von <strong>Aelrun Goette<\/strong>.\u00a02017 erhielt sie dann in der Webserie \u201e<strong>Technically Single<\/strong>\u201c ihre erste gro\u00dfe Hauptrolle. Im vielbeachteten Spielfilm BONNIE &amp; BONNIE (2019) von <strong>Ali Hakim<\/strong> war sie an der Seite von <strong>Emma Drogunova<\/strong> in der Hauptrolle der Kiki zu sehen. F\u00fcr ihre Darstellung der Rebekka im Drama &#8222;<strong>Albtr\u00e4umer<\/strong>&#8220; wurde sie 2020 neben <strong>B\u00e9la Gabor Lenz<\/strong> im Rahmen des <strong>Braunschweig International Film Festivals<\/strong> f\u00fcr den Braunschweiger Filmpreis nominiert.[\/vc_column_text][vc_row_inner][vc_column_inner width=&#8220;1\/2&#8243; css=&#8220;.vc_custom_1561290391124{border-right-width: -15px !important;}&#8220;][vc_single_image image=&#8220;53782&#8243; img_size=&#8220;full&#8220;][\/vc_column_inner][vc_column_inner width=&#8220;1\/2&#8243;][vc_single_image image=&#8220;53785&#8243; img_size=&#8220;full&#8220;][\/vc_column_inner][\/vc_row_inner][vc_column_text css=&#8220;.vc_custom_1623537774699{margin-bottom: -12px !important;}&#8220;]<span style=\"font-size: 12pt;\">Filmographie (Auswahl)<\/span>[\/vc_column_text][vc_empty_space height=&#8220;25px&#8220;][vc_column_text css=&#8220;.vc_custom_1623537367687{margin-top: -12px !important;padding-top: 15px !important;padding-right: 15px !important;padding-bottom: 15px !important;padding-left: 15px !important;background-color: #efefef !important;border-radius: 5px !important;}&#8220;]<\/p>\n<table style=\"border-collapse: collapse; width: 100%; height: 175px;\">\n<tbody>\n<tr style=\"height: 25px;\">\n<td style=\"width: 18.75800256081946%; height: 25px;\">2020<\/td>\n<td style=\"width: 81.24199743918055%; height: 25px;\"><strong>Beckenrand Sheriff<\/strong> (Regie: Marcus H. Rosenm\u00fcller) &#8211; Langfilm<\/td>\n<\/tr>\n<tr style=\"height: 25px;\">\n<td style=\"width: 18.75800256081946%; height: 25px;\">2020<\/td>\n<td style=\"width: 81.24199743918055%; height: 25px;\"><strong>Albtr\u00e4umer<\/strong> (Regie: Philipp Klinger) &#8211; Langfilm<\/td>\n<\/tr>\n<tr style=\"height: 25px;\">\n<td style=\"width: 18.75800256081946%; height: 25px;\">2019<\/td>\n<td style=\"width: 81.24199743918055%; height: 25px;\"><strong>Wir sind die Welle<\/strong> (Regie: Anca Lazarescu und Mark Monheim) &#8211; Netflix Serie<\/td>\n<\/tr>\n<tr style=\"height: 25px;\">\n<td style=\"width: 18.75800256081946%; height: 25px;\">2018<\/td>\n<td style=\"width: 81.24199743918055%; height: 25px;\"><strong>Bonnie und Bonnie<\/strong> (Regie: Ali Hakim) &#8211; Langfilm<\/td>\n<\/tr>\n<tr style=\"height: 25px;\">\n<td style=\"width: 18.75800256081946%; height: 25px;\">2017<\/td>\n<td style=\"width: 81.24199743918055%; height: 25px;\"><b>A\u00a0Schicht \u00fcber&#8217;d Lieb\u00a0<\/b>(Regie: Peter Evers) &#8211; Langfilm<\/td>\n<\/tr>\n<tr style=\"height: 25px;\">\n<td style=\"width: 18.75800256081946%; height: 25px;\">2017<\/td>\n<td style=\"width: 81.24199743918055%; height: 25px;\"><strong>Atempause<\/strong> (Regie: Aelrun Goette) &#8211; Langfilm<\/td>\n<\/tr>\n<tr style=\"height: 25px;\">\n<td style=\"width: 18.75800256081946%; height: 25px;\">2017<\/td>\n<td style=\"width: 81.24199743918055%; height: 25px;\"><strong>Technically Single <\/strong>(Regie: Sebastian Stojetz) &#8211; Webserie<\/td>\n<\/tr>\n<\/tbody>\n<\/table>\n<p>[\/vc_column_text][vc_single_image image=&#8220;53693&#8243; img_size=&#8220;full&#8220;][vc_column_text]<\/p>\n<h3>\u00dcber\u00a0B\u00e9la Gabor Lenz (Vincent)<\/h3>\n<p class=\"Kopf-undFusszeilen\"><strong>B\u00e9la Gabor Lenz<\/strong> wurde 1997 in Duisburg geboren. 2007, mit neun Jahren, spielte er bereits im Musical \u201e<strong>Vom Geist der Weihnacht<\/strong>\u201c in Duisburg mit. Als Zw\u00f6lfj\u00e4hriger ging er dann nach M\u00fcnchen auf ein Schauspielinternat, wo er in Gesang und Schauspiel ausgebildet wurde, bevor mit 15 Jahren in seine Heimatstadt Viersen zur\u00fcckkehrte und dort das <strong>Clara-Schumann-Gymnasium<\/strong> besuchte. Im Sommer 2013 stand er dann f\u00fcr den Fernsehfilm &#8222;<strong>Die Auserw\u00e4hlten<\/strong>&#8220; erstmals vor der Kamera. In dem Film, der die Missbrauchsf\u00e4lle an der Odenwaldschule thematisiert, spielte Lenz unter anderem an der Seite von <strong>Ulrich Tukur<\/strong>. Es folgten viele weitere Kino- und Fernsehrollen an der Seite von bekannten Schauspieler:innen wie <strong>Katja Riemann<\/strong>, <strong>Corinna Harfouch<\/strong> oder <strong>Anton Rattinger<\/strong>.<\/p>\n<p>[\/vc_column_text][vc_row_inner][vc_column_inner width=&#8220;1\/2&#8243; css=&#8220;.vc_custom_1561290391124{border-right-width: -15px !important;}&#8220;][vc_single_image image=&#8220;53818&#8243; img_size=&#8220;full&#8220;][\/vc_column_inner][vc_column_inner width=&#8220;1\/2&#8243;][vc_single_image image=&#8220;53822&#8243; img_size=&#8220;full&#8220;][\/vc_column_inner][\/vc_row_inner][vc_column_text]Bei den <strong>First Steps 2019<\/strong> war er f\u00fcr den <strong>G\u00f6tz-George-Nachwuchspreis<\/strong> f\u00fcr die Rolle des Leon in &#8222;<strong>Benzin<\/strong>&#8220; nominiert. 2020 erhielt er beim <strong>Braunschweig International Filmfestiva<\/strong>l eine zusammen mit <strong>Sarah Mahita<\/strong> eine Nominierung als <em>&#8222;Bester deutschsprachiger Nachwuchsschauspieler&#8220;<\/em> f\u00fcr die Rolle des Vincent in &#8222;<strong>Albtr\u00e4umer<\/strong>&#8222;.[\/vc_column_text][vc_column_text css=&#8220;.vc_custom_1623537774699{margin-bottom: -12px !important;}&#8220;]<span style=\"font-size: 12pt;\">Filmographie (Auswahl)<\/span>[\/vc_column_text][vc_empty_space height=&#8220;25px&#8220;][vc_column_text css=&#8220;.vc_custom_1623538962007{margin-top: -12px !important;padding-top: 15px !important;padding-right: 15px !important;padding-bottom: 15px !important;padding-left: 15px !important;background-color: #efefef !important;border-radius: 5px !important;}&#8220;]<\/p>\n<table style=\"border-collapse: collapse; width: 100%; height: 175px;\">\n<tbody>\n<tr style=\"height: 25px;\">\n<td style=\"width: 18.75800256081946%; height: 25px;\">2020<\/td>\n<td style=\"width: 81.24199743918055%; height: 25px;\"><strong>Wild Republic<\/strong> (Regie: Lennart Ruff u. Markus Goller) &#8211; Serie<\/td>\n<\/tr>\n<tr style=\"height: 25px;\">\n<td style=\"width: 18.75800256081946%; height: 25px;\">2020<\/td>\n<td style=\"width: 81.24199743918055%; height: 25px;\"><strong>Albtr\u00e4umer<\/strong> (Regie: Philipp Klinger) &#8211; Langfilm<\/td>\n<\/tr>\n<tr style=\"height: 25px;\">\n<td style=\"width: 18.75800256081946%; height: 25px;\">2019<\/td>\n<td style=\"width: 81.24199743918055%; height: 25px;\"><strong>Dark III<\/strong> (Regie: Baran bo Odar) &#8211; Serie<\/td>\n<\/tr>\n<tr style=\"height: 25px;\">\n<td style=\"width: 18.75800256081946%; height: 25px;\">2019<\/td>\n<td style=\"width: 81.24199743918055%; height: 25px;\"><strong>Wir sind die Welle<\/strong> (Regie: Anca Lazarescu und Mark Monheim) &#8211; Netflix-Serie<\/td>\n<\/tr>\n<tr style=\"height: 25px;\">\n<td style=\"width: 18.75800256081946%; height: 25px;\">2018<\/td>\n<td style=\"width: 81.24199743918055%; height: 25px;\"><b>Benzin\u00a0<\/b>(Regie: Oliver Mohr) &#8211; Langfilm<\/td>\n<\/tr>\n<tr style=\"height: 25px;\">\n<td style=\"width: 18.75800256081946%; height: 25px;\">2016<\/td>\n<td style=\"width: 81.24199743918055%; height: 25px;\"><strong>1000 Arten Regen zum Beschreiben<\/strong> (Regie: Isabel Prahl) &#8211; Langfilm<\/td>\n<\/tr>\n<tr style=\"height: 25px;\">\n<td style=\"width: 18.75800256081946%; height: 25px;\">2015<\/td>\n<td style=\"width: 81.24199743918055%; height: 25px;\"><strong>Der K\u00f6rper des Astronauten\u00a0<\/strong>(Regie: Alisa Berger)\u00a0&#8211; Langfilm<\/td>\n<\/tr>\n<\/tbody>\n<\/table>\n<p>[\/vc_column_text][vc_row_inner][vc_column_inner width=&#8220;1\/2&#8243; css=&#8220;.vc_custom_1561290391124{border-right-width: -15px !important;}&#8220;][vc_single_image image=&#8220;53853&#8243; img_size=&#8220;full&#8220;][\/vc_column_inner][vc_column_inner width=&#8220;1\/2&#8243;][vc_single_image image=&#8220;53856&#8243; img_size=&#8220;full&#8220;][\/vc_column_inner][\/vc_row_inner][vc_column_text]<\/p>\n<h3 class=\"Kopf-undFusszeilen\">Produktionsfirma<\/h3>\n<p class=\"Kopf-undFusszeilen\"><strong>kurhaus production<\/strong> ist eine freie Filmproduktionsfirma in Baden-Baden, die im Fr\u00fchjahr 2007 von <strong>Christoph Holthof<\/strong> und <strong>Daniel Reich<\/strong> gegr\u00fcndet wurde. <strong>kurhaus production<\/strong> entwickelt und produziert Spiel- und Dokumentarfilme sowie dokumentarische Serien f\u00fcr den deutschen und internationalen Kino- und TV-Markt.<\/p>\n<p>[\/vc_column_text][vc_column_text]<\/p>\n<p class=\"Kopf-undFusszeilen\">Mit mittlerweile zw\u00f6lf Spielfilmproduktionen sowie der Produktion von Dokuserien &amp; Dokumentarfilmen ist es gelungenen, die Firma breit und vielseitig aufzustellen. Insbesondere durch die Erfolge von &#8222;<strong>Unter Nachbarn<\/strong>&#8220; (Ausstrahlung auf dem renommierten ARD-Primetime-Sendeplatz <em>\u201eFilmmittwoch im Ersten\u201c<\/em>, \u201e<strong>Goldene Kamera<\/strong>\u201c f\u00fcr <strong>Charly H\u00fcbner<\/strong>) und &#8222;<strong>Freier Fall<\/strong>&#8220; (Berlinale 2013, 100.000 Kinozuschauer, diverse Auslandsverk\u00e4ufe) hat sich <strong>kurhaus production<\/strong> in der Filmbranche einen Namen gemacht und wird von Filmf\u00f6rderinstitutionen und Fernsehsendern gleicherma\u00dfen wahrgenommen. In den letzten drei Jahren hat sich das Produktionsvolumen deutlich erh\u00f6ht. Die gute Zusammenarbeit mit dem <strong>SWR<\/strong> und der <strong>MFG Filmf\u00f6rderung Baden-W\u00fcrttemberg<\/strong> hat sich bew\u00e4hrt. Weitere Koproduktionspartner wie <strong>arte<\/strong>, <strong>ARD Degeto<\/strong>, <strong>KIKA<\/strong> &amp; <strong>ZDF<\/strong> kamen hinzu.<\/p>\n<p>[\/vc_column_text][vc_single_image image=&#8220;53690&#8243; img_size=&#8220;full&#8220;][vc_empty_space height=&#8220;5px&#8220;][\/vc_column][\/vc_row][vc_row][vc_column][vc_column_text]<span style=\"font-size: 14pt;\">Festivals (Auswahl)<\/span><\/p>\n<ul>\n<li>54. Internationale Hofer Filmtage 2020: Wettbewerb, Nominierung Hofer Goldpreis &amp; F\u00f6rderpreis Neues Deutsches Kino<\/li>\n<li>42. Biberacher Filmfeststpiele 2020: Wettbewerb, Nominierung Bester Deb\u00fctspielfilm<\/li>\n<li>34. Braunschweig International Filmfestival 2020: Nominierung Jurypreis, Publikumspreis, Jugendpreis \u201cKINEMA\u201dund \u201eBraunschweiger Filmpreis 2020\u201c f\u00fcr beide Hauptdarsteller<\/li>\n<li>33. exground Filmfest Wiesbaden 2020: Preis der Jugendjury, Publikumspreis f\u00fcr den Besten Langfilm im Internationalen Jugendfilm Wettbewerb<\/li>\n<li>26. Filmschau Baden-W\u00fcrttemberg 2020: Wettbewerb<\/li>\n<li>47. Internationales Filmwochenende W\u00fcrzburg: Wettbewerb<\/li>\n<\/ul>\n<p>[\/vc_column_text][vc_empty_space height=&#8220;15px&#8220;][\/vc_column][\/vc_row][vc_row bg_type=&#8220;bg_color&#8220; css=&#8220;.vc_custom_1623545377207{margin-top: -10px !important;margin-right: -10px !important;margin-bottom: -10px !important;margin-left: -10px !important;border-top-width: -10px !important;border-right-width: -10px !important;border-bottom-width: -10px !important;border-left-width: -10px !important;padding-top: -10px !important;padding-right: -10px !important;padding-bottom: -10px !important;padding-left: -10px !important;background-color: #ddd2d2 !important;border-left-color: #dd3333 !important;border-left-style: solid !important;border-right-color: #dd3333 !important;border-right-style: solid !important;border-top-color: #dd3333 !important;border-top-style: solid !important;border-bottom-color: #dd3333 !important;border-bottom-style: solid !important;border-radius: 3px !important;}&#8220;][vc_column][vc_column_text css=&#8220;.vc_custom_1623585001534{margin-bottom: -7px !important;}&#8220;]<span style=\"color: #800000;\"><span style=\"font-size: 12pt; color: #800000;\"><span style=\"font-size: 14pt;\">Triggerwarnung<\/span> (Der Mediale Umgang mit dem Thema Suizid)<\/span><\/span><\/p>\n<p><span style=\"color: #800000;\">Die Medien haben eine bedeutende Rolle in der Gesellschaft bei der \u00f6ffentlichen und individuellen Wahrnehmung von Problemen und Ereignissen. Sie haben Einfluss auf die individuellen und gesellschaftlichen Haltungen und Meinungen zur Suizidalit\u00e4t und zum Suizid. Eine sensible Berichterstattung in den Medien kann daher eine pr\u00e4ventive Wirkung haben. Die Mehrheit der Menschen, die einen Suizid erw\u00e4gen, sind diesem Entschluss gegen\u00fcber ambivalent. Im Vordergrund steht h\u00e4ufig nicht der Wunsch zu sterben, sondern die Vorstellung, so wie bisher nicht weiterleben zu k\u00f6nnen. Die betroffenen Personen befinden sich in einem extremen krisenhaften emotionalen und psychischen Ausnahmezustand. In dieser Situation k\u00f6nnen Medienberichte \u00fcber Suizide den Entschluss oder Impuls einerseits zum Suizid, andererseits aber auch zur Suche nach Hilfe beeinflussen.<\/span><\/p>\n<p style=\"text-align: right;\"><em><span style=\"color: #800000;\">Quelle: Nationales Suizid Pr\u00e4ventions Programm\u00a0(NaSPro)<\/span><\/em><\/p>\n<p>[\/vc_column_text][vc_empty_space height=&#8220;5px&#8220;][\/vc_column][\/vc_row][vc_row css=&#8220;.vc_custom_1561251907772{margin-top: 20px !important;}&#8220;][vc_column][vc_empty_space height=&#8220;10px&#8220;][vc_column_text css=&#8220;.vc_custom_1623550652130{margin-bottom: -7px !important;}&#8220;]<span style=\"color: #800000;\">Wir bem\u00fchen uns, diesen behutsamen Umgang mit dem Thema Suizid in der Berichterstattung zu &#8222;<strong>Albtr\u00e4umer<\/strong>&#8220; zu wahren und bitten alle Medien und Multiplikatoren darum, dies ebenfalls zu tun.\u00a0<\/span><span style=\"color: #800000;\">Weitere Informationen zum Thema Suizidpr\u00e4vention sind u.a. hier zu finden: <a title=\"www.suizidpraevention-deutschland.de\" href=\"http:\/\/www.suizidpraevention-deutschland.de\" target=\"_blank\" rel=\"noopener\">www.suizidpraevention-deutschland.de<\/a><\/span>[\/vc_column_text][vc_empty_space height=&#8220;25px&#8220;][vc_empty_space height=&#8220;25px&#8220;][vc_row_inner][vc_column_inner width=&#8220;1\/2&#8243; css=&#8220;.vc_custom_1561290391124{border-right-width: -15px !important;}&#8220;][vc_single_image image=&#8220;53859&#8243; img_size=&#8220;full&#8220;][\/vc_column_inner][vc_column_inner width=&#8220;1\/2&#8243;][vc_single_image image=&#8220;53865&#8243; img_size=&#8220;full&#8220;][\/vc_column_inner][\/vc_row_inner][vc_separator css=&#8220;.vc_custom_1560377795279{margin-top: 15px !important;}&#8220;][\/vc_column][\/vc_row][vc_row][vc_column width=&#8220;1\/4&#8243;][vc_btn title=&#8220;Amazon&#8220; style=&#8220;flat&#8220; color=&#8220;orange&#8220; size=&#8220;sm&#8220; align=&#8220;center&#8220; i_icon_fontawesome=&#8220;fab fa-amazon&#8220; button_block=&#8220;true&#8220; add_icon=&#8220;true&#8220; link=&#8220;url:https%3A%2F%2Fwww.amazon.de%2FAlbtr%C3%A4umer-Sarah-Mahita%2Fdp%2FB09KN4FN8T|title:Albtr%C3%A4umer|target:_blank&#8220;][\/vc_column][vc_column width=&#8220;1\/4&#8243;][vc_btn title=&#8220;Shop&#8220; style=&#8220;flat&#8220; color=&#8220;juicy-pink&#8220; size=&#8220;sm&#8220; align=&#8220;center&#8220; i_icon_fontawesome=&#8220;fas fa-shopping-cart&#8220; button_block=&#8220;true&#8220; add_icon=&#8220;true&#8220; link=&#8220;url:https%3A%2F%2Fucm.one%2Fde%2F%3Fs%3D%2522albtr%25C3%25A4umer%2522%26post_type%3Dproduct|title:Shop&#8220;][\/vc_column][vc_column width=&#8220;1\/4&#8243;][vc_btn title=&#8220;Wer Streamt Es&#8220; style=&#8220;flat&#8220; color=&#8220;blue&#8220; size=&#8220;sm&#8220; align=&#8220;center&#8220; i_icon_fontawesome=&#8220;far fa-play-circle&#8220; button_block=&#8220;true&#8220; add_icon=&#8220;true&#8220; link=&#8220;url:https%3A%2F%2Fwww.werstreamt.es%2Ffilm%2Fdetails%2F2658850%2Falbtraeumer%2F|title:Wer%20Streamt%20Es|target:_blank&#8220;][\/vc_column][vc_column width=&#8220;1\/4&#8243;][vc_btn title=&#8220;Vimeo&#8220; style=&#8220;flat&#8220; color=&#8220;sky&#8220; size=&#8220;sm&#8220; align=&#8220;center&#8220; i_icon_fontawesome=&#8220;fab fa-vimeo-v&#8220; button_block=&#8220;true&#8220; add_icon=&#8220;true&#8220; link=&#8220;url:https%3A%2F%2Fvimeo.com%2Fondemand%2Fdarkdreamers|title:Albtr%C3%A4umer|target:_blank&#8220;][\/vc_column][\/vc_row][vc_row][vc_column][vc_empty_space height=&#8220;24px&#8220;][vc_column_text]<span style=\"font-size: 18pt;\">Technische Daten<\/span><\/p>\n<p><b>DVD<\/b> | Bildformat: 2,39:1 in 16:9 | Ton: Deutsch (Dolby Digital 5.1), Deutsch (Dolby Digital 2.0) | Untertitel: Englisch | FSK 12<\/p>\n<p><b>VoD<\/b> | Bildformat: 2,39:1 in 16:9 | Ton: Deutsch (Dolby Digital 5.1), Deutsch (Dolby Digital 2.0) | Untertitel: Deutsch, Englisch, Franz\u00f6sisch, Italienisch, Spanisch, Portugiesisch, Tschechisch, Russisch, T\u00fcrkisch, Arabisch, Chinesisch <em>(nicht alle Untertitel stehen bei allen VoD-Portalen zur Verf\u00fcgung)<\/em>\u00a0| FSK 12[\/vc_column_text][vc_separator][vc_video link=&#8220;https:\/\/youtu.be\/9B8oRESBcnw&#8220; title=&#8220;Albtr\u00e4umer | Trailer (deutsch) \u1d34\u1d30&#8220;][\/vc_column][\/vc_row][vc_row][vc_column][vc_empty_space height=&#8220;24px&#8220;][vc_column_text]<span style=\"font-size: 18pt;\">Pressestimmen<\/span><\/p>\n<p><i>&#8222;Ein beeindruckendes Deb\u00fct mit dem vielleicht h\u00e4rtesten Soundtrack der deutschen Filmgeschichte.&#8220;<\/i> (<b>S\u00fcddeutsche Zeitung<\/b>)<\/p>\n<p><i>&#8222;Ein radikaler, verst\u00f6rend intensiver Film zum Thema Suizid.&#8220;<\/i> (<b>Cinema<\/b>)<\/p>\n<p><i>&#8222;Ein spannungsreicher Mix aus Drama und Thriller, der sein Thema und seine Figuren ernst nimmt und von seiner talentierten Hauptdarstellerin Sarah Mahita profitiert.&#8220;<\/i> (<b>Spielfilm.de<\/b>)<\/p>\n<p><i>&#8222;Mit seinen starken Bildern, glaubw\u00fcrdigen Schauspielern und einem passenden Sounddesign ist &#8222;Albtr\u00e4umer&#8220; in seinen besten Momenten wie eine Mischung aus &#8222;Der Nachtmahr&#8220; und &#8222;Der Samurai.&#8220;&#8220;<\/i> (<b>Deadline<\/b>)[\/vc_column_text][vc_empty_space height=&#8220;25px&#8220;][vc_separator][vc_empty_space height=&#8220;20px&#8220;][\/vc_column][\/vc_row][vc_row][vc_column][vc_column_text]<\/p>\n<h2><span style=\"font-family: arial, helvetica, sans-serif;\">Neuigkeiten<\/span><\/h2>\n<p>[\/vc_column_text]<style type=\"text\/css\" data-type=\"the7_shortcodes-inline-css\">.blog-shortcode.blog-masonry-shortcode-id-44af31ae6350d50b4bb5a497f32fc892.dividers-on.classic-layout-list article {\n  padding-top: 0;\n}\n.blog-shortcode.blog-masonry-shortcode-id-44af31ae6350d50b4bb5a497f32fc892.dividers-on.classic-layout-list article:first-of-type {\n  margin-top: 0;\n  padding-top: 0;\n}\n.blog-shortcode.blog-masonry-shortcode-id-44af31ae6350d50b4bb5a497f32fc892.classic-layout-list.mode-list .post-entry-content {\n  width: calc(100% - );\n}\n.blog-shortcode.blog-masonry-shortcode-id-44af31ae6350d50b4bb5a497f32fc892.classic-layout-list.mode-list .no-img .post-entry-content {\n  width: 100%;\n}\n.blog-shortcode.blog-masonry-shortcode-id-44af31ae6350d50b4bb5a497f32fc892 .filter-bg-decoration .filter-categories a.act {\n  color: #fff;\n}\n.blog-shortcode.blog-masonry-shortcode-id-44af31ae6350d50b4bb5a497f32fc892:not(.mode-masonry) article:first-of-type,\n.blog-shortcode.blog-masonry-shortcode-id-44af31ae6350d50b4bb5a497f32fc892:not(.mode-masonry) article.visible.first:not(.product) {\n  margin-top: 0;\n}\n.blog-shortcode.blog-masonry-shortcode-id-44af31ae6350d50b4bb5a497f32fc892.dividers-on:not(.mode-masonry) article {\n  margin-top: 0;\n}\n.blog-shortcode.blog-masonry-shortcode-id-44af31ae6350d50b4bb5a497f32fc892.dividers-on:not(.mode-masonry) article:first-of-type,\n.blog-shortcode.blog-masonry-shortcode-id-44af31ae6350d50b4bb5a497f32fc892.dividers-on:not(.mode-masonry) article.visible.first:not(.product) {\n  margin-top: 0;\n  padding-top: 0;\n}\n.blog-shortcode.blog-masonry-shortcode-id-44af31ae6350d50b4bb5a497f32fc892 .post-thumbnail-wrap {\n  padding: 0px 0px 0px 0px;\n}\n.blog-shortcode.blog-masonry-shortcode-id-44af31ae6350d50b4bb5a497f32fc892.enable-bg-rollover .post-thumbnail-rollover:after {\n  background: -webkit-linear-gradient();\n  background: linear-gradient();\n}\n.blog-shortcode.blog-masonry-shortcode-id-44af31ae6350d50b4bb5a497f32fc892 .gallery-zoom-ico {\n  width: 44px;\n  height: 44px;\n  line-height: 44px;\n  border-radius: 100px;\n  margin: -22px 0 0 -22px;\n  border-width: 0px;\n  color: #ffffff;\n}\n.bottom-overlap-layout-list.blog-shortcode.blog-masonry-shortcode-id-44af31ae6350d50b4bb5a497f32fc892 .gallery-zoom-ico {\n  margin-top: -72px;\n}\n.gradient-overlay-layout-list.blog-shortcode.blog-masonry-shortcode-id-44af31ae6350d50b4bb5a497f32fc892 .gallery-zoom-ico,\n.content-rollover-layout-list.blog-shortcode.blog-masonry-shortcode-id-44af31ae6350d50b4bb5a497f32fc892 .gallery-zoom-ico {\n  margin: 0 0 10px;\n}\n.content-align-center.gradient-overlay-layout-list.blog-shortcode.blog-masonry-shortcode-id-44af31ae6350d50b4bb5a497f32fc892 .gallery-zoom-ico,\n.content-align-center.content-rollover-layout-list.blog-shortcode.blog-masonry-shortcode-id-44af31ae6350d50b4bb5a497f32fc892 .gallery-zoom-ico {\n  margin: 0 auto 10px;\n}\n.dt-icon-bg-on.blog-shortcode.blog-masonry-shortcode-id-44af31ae6350d50b4bb5a497f32fc892 .gallery-zoom-ico {\n  background: rgba(255,255,255,0.3);\n  box-shadow: none;\n}\n.blog-shortcode.blog-masonry-shortcode-id-44af31ae6350d50b4bb5a497f32fc892 .gallery-zoom-ico > span,\n.blog-shortcode.blog-masonry-shortcode-id-44af31ae6350d50b4bb5a497f32fc892 .gallery-zoom-ico:before {\n  font-size: 32px;\n  line-height: 44px;\n}\n.blog-shortcode.blog-masonry-shortcode-id-44af31ae6350d50b4bb5a497f32fc892 .gallery-zoom-ico > span,\n.blog-shortcode.blog-masonry-shortcode-id-44af31ae6350d50b4bb5a497f32fc892 .gallery-zoom-ico:before {\n  color: #ffffff;\n}\n.blog-shortcode.blog-masonry-shortcode-id-44af31ae6350d50b4bb5a497f32fc892 .entry-title,\n.blog-shortcode.blog-masonry-shortcode-id-44af31ae6350d50b4bb5a497f32fc892.owl-carousel .entry-title {\n  margin-bottom: 5px;\n  font-weight: bold;\n}\n.blog-shortcode.blog-masonry-shortcode-id-44af31ae6350d50b4bb5a497f32fc892 .entry-meta {\n  margin-bottom: 15px;\n}\n.blog-shortcode.blog-masonry-shortcode-id-44af31ae6350d50b4bb5a497f32fc892 .portfolio-categories {\n  margin-bottom: 15px;\n}\n.blog-shortcode.blog-masonry-shortcode-id-44af31ae6350d50b4bb5a497f32fc892 .entry-excerpt {\n  margin-bottom: 5px;\n}\n.blog-shortcode.blog-masonry-shortcode-id-44af31ae6350d50b4bb5a497f32fc892:not(.centered-layout-list) .post-entry-content {\n  padding: 25px 30px 30px 30px;\n}\n.blog-shortcode.blog-masonry-shortcode-id-44af31ae6350d50b4bb5a497f32fc892:not(.centered-layout-list):not(.content-bg-on):not(.mode-list) .no-img .post-entry-content {\n  padding: 0;\n}\n@media screen and (max-width: ) {\n  .blog-shortcode.blog-masonry-shortcode-id-44af31ae6350d50b4bb5a497f32fc892 article {\n    -ms-flex-flow: column nowrap;\n    flex-flow: column nowrap;\n    margin-top: 20px;\n  }\n  .blog-shortcode.blog-masonry-shortcode-id-44af31ae6350d50b4bb5a497f32fc892.dividers-on article {\n    border: none;\n  }\n  .blog-shortcode.blog-masonry-shortcode-id-44af31ae6350d50b4bb5a497f32fc892.content-bg-on.centered-layout-list article {\n    padding: 0;\n  }\n  .blog-shortcode.blog-masonry-shortcode-id-44af31ae6350d50b4bb5a497f32fc892.blog-shortcode.dividers-on article,\n  .blog-shortcode.blog-masonry-shortcode-id-44af31ae6350d50b4bb5a497f32fc892.dividers-on.classic-layout-list article {\n    margin-top: 20px;\n    padding: 0;\n  }\n  .blog-shortcode.blog-masonry-shortcode-id-44af31ae6350d50b4bb5a497f32fc892.blog-shortcode.dividers-on article:first-of-type,\n  .blog-shortcode.blog-masonry-shortcode-id-44af31ae6350d50b4bb5a497f32fc892.dividers-on.classic-layout-list article:first-of-type {\n    padding: 0;\n  }\n  #page .blog-shortcode.blog-masonry-shortcode-id-44af31ae6350d50b4bb5a497f32fc892 .post-thumbnail-wrap,\n  #page .blog-shortcode.blog-masonry-shortcode-id-44af31ae6350d50b4bb5a497f32fc892 .post-entry-content {\n    width: 100%;\n    margin: 0;\n    top: 0;\n  }\n  #page .blog-shortcode.blog-masonry-shortcode-id-44af31ae6350d50b4bb5a497f32fc892 .post-thumbnail-wrap {\n    padding: 0;\n  }\n  #page .blog-shortcode.blog-masonry-shortcode-id-44af31ae6350d50b4bb5a497f32fc892 .post-entry-content:after {\n    display: none;\n  }\n  #page .blog-shortcode.blog-masonry-shortcode-id-44af31ae6350d50b4bb5a497f32fc892 .project-even .post-thumbnail-wrap,\n  #page .blog-shortcode.blog-masonry-shortcode-id-44af31ae6350d50b4bb5a497f32fc892.centered-layout-list .post-thumbnail-wrap {\n    -ms-flex-order: 0;\n    order: 0;\n  }\n  #page .blog-shortcode.blog-masonry-shortcode-id-44af31ae6350d50b4bb5a497f32fc892.centered-layout-list .post-entry-title-content {\n    -ms-flex-order: 1;\n    order: 1;\n    width: 100%;\n    padding: 20px 20px 0;\n  }\n  #page .blog-shortcode.blog-masonry-shortcode-id-44af31ae6350d50b4bb5a497f32fc892.centered-layout-list .post-entry-content {\n    -ms-flex-order: 2;\n    order: 2;\n    padding-top: 0;\n  }\n  #page .blog-shortcode.blog-masonry-shortcode-id-44af31ae6350d50b4bb5a497f32fc892 .fancy-categories {\n    top: 10px;\n    left: 10px;\n    bottom: auto;\n    right: auto;\n  }\n  #page .blog-shortcode.blog-masonry-shortcode-id-44af31ae6350d50b4bb5a497f32fc892 .fancy-date a {\n    top: 10px;\n    right: 10px;\n    left: auto;\n    bottom: auto;\n  }\n  #page .blog-shortcode.blog-masonry-shortcode-id-44af31ae6350d50b4bb5a497f32fc892 .post-entry-content {\n    padding: 20px;\n  }\n  #page .blog-shortcode.blog-masonry-shortcode-id-44af31ae6350d50b4bb5a497f32fc892 .entry-title {\n    margin: 3px 0 5px;\n    font-size: 20px;\n    line-height: 26px;\n  }\n  #page .blog-shortcode.blog-masonry-shortcode-id-44af31ae6350d50b4bb5a497f32fc892 .entry-meta {\n    margin: 5px 0 5px;\n  }\n  #page .blog-shortcode.blog-masonry-shortcode-id-44af31ae6350d50b4bb5a497f32fc892 .entry-excerpt {\n    margin: 15px 0 0;\n  }\n  #page .blog-shortcode.blog-masonry-shortcode-id-44af31ae6350d50b4bb5a497f32fc892 .post-details {\n    margin: 5px 0 10px;\n  }\n  #page .blog-shortcode.blog-masonry-shortcode-id-44af31ae6350d50b4bb5a497f32fc892 .post-details.details-type-link {\n    margin-bottom: 2px;\n  }\n}\n.blog-shortcode.blog-masonry-shortcode-id-44af31ae6350d50b4bb5a497f32fc892:not(.resize-by-browser-width) .dt-css-grid {\n  grid-row-gap: 30px;\n  grid-column-gap: 30px;\n  grid-template-columns: repeat(auto-fill,minmax(,1fr));\n}\n.blog-shortcode.blog-masonry-shortcode-id-44af31ae6350d50b4bb5a497f32fc892:not(.resize-by-browser-width) .dt-css-grid .double-width {\n  grid-column: span 2;\n}\n.cssgridlegacy.no-cssgrid .blog-shortcode.blog-masonry-shortcode-id-44af31ae6350d50b4bb5a497f32fc892:not(.resize-by-browser-width) .dt-css-grid,\n.no-cssgridlegacy.no-cssgrid .blog-shortcode.blog-masonry-shortcode-id-44af31ae6350d50b4bb5a497f32fc892:not(.resize-by-browser-width) .dt-css-grid {\n  display: flex;\n  flex-flow: row wrap;\n  margin: -15px;\n}\n.cssgridlegacy.no-cssgrid .blog-shortcode.blog-masonry-shortcode-id-44af31ae6350d50b4bb5a497f32fc892:not(.resize-by-browser-width) .dt-css-grid .wf-cell,\n.no-cssgridlegacy.no-cssgrid .blog-shortcode.blog-masonry-shortcode-id-44af31ae6350d50b4bb5a497f32fc892:not(.resize-by-browser-width) .dt-css-grid .wf-cell {\n  flex: 1 0 ;\n  max-width: 100%;\n  padding: 15px;\n  box-sizing: border-box;\n}\n.blog-shortcode.blog-masonry-shortcode-id-44af31ae6350d50b4bb5a497f32fc892.resize-by-browser-width .dt-css-grid {\n  grid-template-columns: repeat(2,1fr);\n  grid-template-rows: auto;\n  grid-column-gap: 30px;\n  grid-row-gap: 30px;\n}\n.blog-shortcode.blog-masonry-shortcode-id-44af31ae6350d50b4bb5a497f32fc892.resize-by-browser-width .dt-css-grid .double-width {\n  grid-column: span 2;\n}\n.cssgridlegacy.no-cssgrid .blog-shortcode.blog-masonry-shortcode-id-44af31ae6350d50b4bb5a497f32fc892.resize-by-browser-width .dt-css-grid {\n  margin: -15px;\n}\n.cssgridlegacy.no-cssgrid .blog-shortcode.blog-masonry-shortcode-id-44af31ae6350d50b4bb5a497f32fc892.resize-by-browser-width .dt-css-grid .wf-cell {\n  width: 50%;\n  padding: 15px;\n}\n.cssgridlegacy.no-cssgrid .blog-shortcode.blog-masonry-shortcode-id-44af31ae6350d50b4bb5a497f32fc892.resize-by-browser-width .dt-css-grid .wf-cell.double-width {\n  width: calc(50%) * 2;\n}\n.blog-shortcode.blog-masonry-shortcode-id-44af31ae6350d50b4bb5a497f32fc892.resize-by-browser-width:not(.centered-layout-list):not(.content-bg-on) .dt-css-grid {\n  grid-row-gap: 0px;\n}\n@media screen and (max-width: 1199px) {\n  .blog-shortcode.blog-masonry-shortcode-id-44af31ae6350d50b4bb5a497f32fc892.resize-by-browser-width .dt-css-grid {\n    grid-template-columns: repeat(2,1fr);\n  }\n  .cssgridlegacy.no-cssgrid .blog-shortcode.blog-masonry-shortcode-id-44af31ae6350d50b4bb5a497f32fc892.resize-by-browser-width .dt-css-grid .wf-cell,\n  .no-cssgridlegacy.no-cssgrid .blog-shortcode.blog-masonry-shortcode-id-44af31ae6350d50b4bb5a497f32fc892.resize-by-browser-width .dt-css-grid .wf-cell {\n    width: 50%;\n  }\n  .cssgridlegacy.no-cssgrid .blog-shortcode.blog-masonry-shortcode-id-44af31ae6350d50b4bb5a497f32fc892.resize-by-browser-width .dt-css-grid .wf-cell.double-width,\n  .no-cssgridlegacy.no-cssgrid .blog-shortcode.blog-masonry-shortcode-id-44af31ae6350d50b4bb5a497f32fc892.resize-by-browser-width .dt-css-grid .wf-cell.double-width {\n    width: calc(50%)*2;\n  }\n}\n@media screen and (max-width: 991px) {\n  .blog-shortcode.blog-masonry-shortcode-id-44af31ae6350d50b4bb5a497f32fc892.resize-by-browser-width .dt-css-grid {\n    grid-template-columns: repeat(1,1fr);\n  }\n  .cssgridlegacy.no-cssgrid .blog-shortcode.blog-masonry-shortcode-id-44af31ae6350d50b4bb5a497f32fc892.resize-by-browser-width .dt-css-grid .wf-cell,\n  .no-cssgridlegacy.no-cssgrid .blog-shortcode.blog-masonry-shortcode-id-44af31ae6350d50b4bb5a497f32fc892.resize-by-browser-width .dt-css-grid .wf-cell {\n    width: 100%;\n  }\n  .cssgridlegacy.no-cssgrid .blog-shortcode.blog-masonry-shortcode-id-44af31ae6350d50b4bb5a497f32fc892.resize-by-browser-width .dt-css-grid .wf-cell.double-width,\n  .no-cssgridlegacy.no-cssgrid .blog-shortcode.blog-masonry-shortcode-id-44af31ae6350d50b4bb5a497f32fc892.resize-by-browser-width .dt-css-grid .wf-cell.double-width {\n    width: calc(100%)*2;\n  }\n}\n@media screen and (max-width: 767px) {\n  .blog-shortcode.blog-masonry-shortcode-id-44af31ae6350d50b4bb5a497f32fc892.resize-by-browser-width .dt-css-grid {\n    grid-template-columns: repeat(1,1fr);\n  }\n  .blog-shortcode.blog-masonry-shortcode-id-44af31ae6350d50b4bb5a497f32fc892.resize-by-browser-width .dt-css-grid .double-width {\n    grid-column: span 1;\n  }\n  .cssgridlegacy.no-cssgrid .blog-shortcode.blog-masonry-shortcode-id-44af31ae6350d50b4bb5a497f32fc892.resize-by-browser-width .dt-css-grid .wf-cell,\n  .no-cssgridlegacy.no-cssgrid .blog-shortcode.blog-masonry-shortcode-id-44af31ae6350d50b4bb5a497f32fc892.resize-by-browser-width .dt-css-grid .wf-cell {\n    width: 100%;\n  }\n  .cssgridlegacy.no-cssgrid .blog-shortcode.blog-masonry-shortcode-id-44af31ae6350d50b4bb5a497f32fc892.resize-by-browser-width .dt-css-grid .wf-cell.double-width,\n  .no-cssgridlegacy.no-cssgrid .blog-shortcode.blog-masonry-shortcode-id-44af31ae6350d50b4bb5a497f32fc892.resize-by-browser-width .dt-css-grid .wf-cell.double-width {\n    width: calc(100%)*2;\n  }\n}<\/style><div class=\"blog-shortcode blog-masonry-shortcode-id-44af31ae6350d50b4bb5a497f32fc892 mode-grid classic-layout-list content-bg-on jquery-filter scale-img dt-css-grid-wrap dt-icon-bg-off resize-by-browser-width loading-effect-none description-under-image \" data-padding=\"15px\" data-cur-page=\"1\" data-post-limit=\"-1\" data-pagination-mode=\"none\" data-desktop-columns-num=\"2\" data-v-tablet-columns-num=\"1\" data-h-tablet-columns-num=\"2\" data-phone-columns-num=\"1\" data-width=\"0px\" data-columns=\"0\"><div class=\"dt-css-grid\" ><div class=\"visible wf-cell\" data-post-id=\"64148\" data-date=\"2022-02-10T12:16:21+00:00\" data-name=\"\ud83c\udfac UCM.ONE ist vom 10. - 17. Februar bei dem European Film Market (EFM) Online 2022 vertreten\"><article class=\"post project-odd visible post-64148 type-post status-publish format-standard has-post-thumbnail hentry category-artkeim category-dokumentarfilm category-film category-filmklassiker category-firma category-m-square-classics category-m-square-pictures category-news category-nonfy-documentaries category-weltvertrieb tag-11280 tag-72-berlinale-ucm-one tag-albtraeumer tag-artkeim tag-berlinale tag-corona tag-covid-19 tag-darling-berlin tag-efm tag-european-film-market tag-heikos-welt tag-live-film tag-m-square-classics tag-m-square-pictures tag-nico tag-nonfy-documentaries tag-notes-of-berlin tag-online-de tag-truemmermaedchen category-828 category-6267 category-8 category-7004 category-5590 category-5849 category-1046 category-13 category-4587 category-7528\" data-name=\"\ud83c\udfac UCM.ONE ist vom 10. &#8211; 17. Februar bei dem European Film Market (EFM) Online 2022 vertreten\" data-date=\"2022-02-10T12:16:21+00:00\">\n\n<div class=\"post-thumbnail-wrap\">\n\t<div class=\"post-thumbnail\">\n\t\t\n\t\t\n\t\t<a href=\"https:\/\/ucm.one\/de\/ucm-one-ist-vom-10-17-februar-bei-dem-european-film-market-efm-online-2022-vertreten\/\" class=\"post-thumbnail-rollover layzr-bg layzr-bg\" ><img decoding=\"async\" class=\"iso-lazy-load preload-me iso-lazy-load aspect\" src=\"data:image\/svg+xml,%3Csvg%20xmlns%3D&#39;http%3A%2F%2Fwww.w3.org%2F2000%2Fsvg&#39;%20viewBox%3D&#39;0%200%20990%20309&#39;%2F%3E\" data-src=\"https:\/\/ucm.one\/wp-content\/uploads\/2022\/02\/B-Berlinale-EFM-2022-990x309.jpg\" data-srcset=\"https:\/\/ucm.one\/wp-content\/uploads\/2022\/02\/B-Berlinale-EFM-2022-990x309.jpg 990w, https:\/\/ucm.one\/wp-content\/uploads\/2022\/02\/B-Berlinale-EFM-2022-1485x464.jpg 1485w\" loading=\"eager\" style=\"--ratio: 990 \/ 309\" sizes=\"(max-width: 990px) 100vw, 990px\" alt=\"\" title=\"B Berlinale-EFM 2022\" width=\"990\" height=\"309\"  \/><\/a>\t<\/div>\n<\/div>\n\n\n<div class=\"post-entry-content\">\n\n\t<h3 class=\"entry-title\">\n\t\t<a href=\"https:\/\/ucm.one\/de\/ucm-one-ist-vom-10-17-februar-bei-dem-european-film-market-efm-online-2022-vertreten\/\" title=\"\ud83c\udfac UCM.ONE ist vom 10. &#8211; 17. Februar bei dem European Film Market (EFM) Online 2022 vertreten\" rel=\"bookmark\">\ud83c\udfac UCM.ONE ist vom 10. &#8211; 17. Februar bei dem European Film Market (EFM) Online 2022 vertreten<\/a>\n\t<\/h3>\n\n\t<div class=\"entry-meta\"><span class=\"category-link\"><a href=\"https:\/\/ucm.one\/de\/category\/news\/film\/artkeim\/\" >Artkeim\u00b2<\/a>, <a href=\"https:\/\/ucm.one\/de\/category\/news\/dokumentarfilm\/\" >Dokumentarfilm<\/a>, <a href=\"https:\/\/ucm.one\/de\/category\/news\/film\/\" >Film<\/a>, <a href=\"https:\/\/ucm.one\/de\/category\/news\/filmklassiker\/\" >Filmklassiker<\/a>, <a href=\"https:\/\/ucm.one\/de\/category\/news\/firma\/\" >Firma<\/a>, <a href=\"https:\/\/ucm.one\/de\/category\/news\/film\/m-square-pictures\/m-square-classics\/\" >M-Square Classics<\/a>, <a href=\"https:\/\/ucm.one\/de\/category\/news\/film\/m-square-pictures\/\" >M-Square Pictures<\/a>, <a href=\"https:\/\/ucm.one\/de\/category\/news\/\" >News<\/a>, <a href=\"https:\/\/ucm.one\/de\/category\/news\/film\/nonfy-documentaries\/\" >NONFY Documentaries<\/a>, <a href=\"https:\/\/ucm.one\/de\/category\/news\/verleih\/weltvertrieb\/\" >Weltvertrieb<\/a><\/span><a class=\"author vcard\" href=\"\" title=\"Zeige alle Beitr\u00e4ge von Joachim Keil\" rel=\"author\">Von <span class=\"fn\">Joachim Keil<\/span><\/a><a href=\"https:\/\/ucm.one\/de\/2022\/02\/10\/\" title=\"12:16\" class=\"data-link\" rel=\"bookmark\"><time class=\"entry-date updated\" datetime=\"2022-02-10T12:16:21+00:00\">10. Februar 2022<\/time><\/a><\/div>\n\t<div class=\"entry-excerpt\"><p>[vc_row][vc_column][vc_column_text]Das Team der UCM.ONE ist auch dieses Jahr vom 10.- 17. Februar auf dem\u00a0European Film Market\u00a0(EFM) Online\u00a0mit 3 Mitarbeitern sowie auf der Berlinale\u00a0mit 2 Repr\u00e4sentanten vertreten. Knapp 3.500 Produzenten, Eink\u00e4ufer, Sales Agents, Vertreiber und Verleiher aus 110 L\u00e4ndern nehmen dieses Jahr an der wegen der Covid-19 Pandemie lediglich online stattfindenden Filmmesse teil.\u00a0Die digitalen Angebote des\u00a0EFM\u00a0setzen&hellip;<\/p>\n<\/div>\n\t\n<a href=\"https:\/\/ucm.one\/de\/ucm-one-ist-vom-10-17-februar-bei-dem-european-film-market-efm-online-2022-vertreten\/\" class=\"post-details details-type-link\" aria-label=\"Read more about \ud83c\udfac UCM.ONE ist vom 10. &#8211; 17. Februar bei dem European Film Market (EFM) Online 2022 vertreten\">Mehr lesen<i class=\"dt-icon-the7-arrow-03\" aria-hidden=\"true\"><\/i><\/a>\n\n<\/div><\/article><\/div><div class=\"visible wf-cell\" data-post-id=\"63473\" data-date=\"2022-01-21T23:57:03+00:00\" data-name=\"\ud83c\udfac &quot;Albtr\u00e4umer&quot; ab dem 21. Januar 2022 als DVD und VoD erh\u00e4ltlich\"><article class=\"post project-odd visible post-63473 type-post status-publish format-standard has-post-thumbnail hentry category-artkeim category-film category-kino category-news category-verleih category-weltvertrieb tag-albtraeumer tag-artkeim tag-bela-gabor-lenz tag-biberach tag-city-kino-wedding tag-dark tag-das-boot tag-festival tag-hofer-filmtage tag-kino tag-kurhaus tag-netflix tag-phillip-klinger tag-sarah-mahita tag-swr tag-wir-sind-die-welle category-828 category-8 category-10 category-13 category-752 category-7528\" data-name=\"\ud83c\udfac &#8222;Albtr\u00e4umer&#8220; ab dem 21. Januar 2022 als DVD und VoD erh\u00e4ltlich\" data-date=\"2022-01-21T23:57:03+00:00\">\n\n<div class=\"post-thumbnail-wrap\">\n\t<div class=\"post-thumbnail\">\n\t\t\n\t\t\n\t\t<a href=\"https:\/\/ucm.one\/de\/albtraeumer-ab-dem-21-januar-2022-als-dvd-und-vod-erhaeltlich\/\" class=\"post-thumbnail-rollover layzr-bg layzr-bg\" ><img decoding=\"async\" class=\"iso-lazy-load preload-me iso-lazy-load aspect\" src=\"data:image\/svg+xml,%3Csvg%20xmlns%3D&#39;http%3A%2F%2Fwww.w3.org%2F2000%2Fsvg&#39;%20viewBox%3D&#39;0%200%20990%20309&#39;%2F%3E\" data-src=\"https:\/\/ucm.one\/wp-content\/uploads\/2022\/02\/B-Albtraeumer-DVD-990x309.jpg\" data-srcset=\"https:\/\/ucm.one\/wp-content\/uploads\/2022\/02\/B-Albtraeumer-DVD-990x309.jpg 990w, https:\/\/ucm.one\/wp-content\/uploads\/2022\/02\/B-Albtraeumer-DVD-1485x464.jpg 1485w\" loading=\"eager\" style=\"--ratio: 990 \/ 309\" sizes=\"(max-width: 990px) 100vw, 990px\" alt=\"\" title=\"B Albtr\u00e4umer DVD\" width=\"990\" height=\"309\"  \/><\/a>\t<\/div>\n<\/div>\n\n\n<div class=\"post-entry-content\">\n\n\t<h3 class=\"entry-title\">\n\t\t<a href=\"https:\/\/ucm.one\/de\/albtraeumer-ab-dem-21-januar-2022-als-dvd-und-vod-erhaeltlich\/\" title=\"\ud83c\udfac &#8222;Albtr\u00e4umer&#8220; ab dem 21. Januar 2022 als DVD und VoD erh\u00e4ltlich\" rel=\"bookmark\">\ud83c\udfac &#8222;Albtr\u00e4umer&#8220; ab dem 21. Januar 2022 als DVD und VoD erh\u00e4ltlich<\/a>\n\t<\/h3>\n\n\t<div class=\"entry-meta\"><span class=\"category-link\"><a href=\"https:\/\/ucm.one\/de\/category\/news\/film\/artkeim\/\" >Artkeim\u00b2<\/a>, <a href=\"https:\/\/ucm.one\/de\/category\/news\/film\/\" >Film<\/a>, <a href=\"https:\/\/ucm.one\/de\/category\/news\/kino\/\" >Kino<\/a>, <a href=\"https:\/\/ucm.one\/de\/category\/news\/\" >News<\/a>, <a href=\"https:\/\/ucm.one\/de\/category\/news\/verleih\/\" >Verleih<\/a>, <a href=\"https:\/\/ucm.one\/de\/category\/news\/verleih\/weltvertrieb\/\" >Weltvertrieb<\/a><\/span><a class=\"author vcard\" href=\"\" title=\"Zeige alle Beitr\u00e4ge von Joachim Keil\" rel=\"author\">Von <span class=\"fn\">Joachim Keil<\/span><\/a><a href=\"https:\/\/ucm.one\/de\/2022\/01\/21\/\" title=\"23:57\" class=\"data-link\" rel=\"bookmark\"><time class=\"entry-date updated\" datetime=\"2022-01-21T23:57:03+00:00\">21. Januar 2022<\/time><\/a><\/div>\n\t<div class=\"entry-excerpt\"><p>[vc_row][vc_column][vc_column_text]Der\u00a0bewegende Spielfilm\u00a0&#8222;Albtr\u00e4umer&#8220;\u00a0von Regisseur Philipp Klinger wird\u00a0am 21. Januar 2022 auf dem Label Artkeim\u00b2\u00a0vonUCM.ONE auf DVD und als VoD unter anderem auf den Portalen Apple TV, Prime Video,\u00a0Kino on Demand,\u00a0Maxdome, Videociety.\u00a0Google, Videoload und Vimeo zu sehen sein. Der Film hatte am 12. August 2021\u00a0seinen Kinostart.[\/vc_column_text][\/vc_column][\/vc_row][vc_row][vc_column width=&#8220;3\/4&#8243;][vc_column_text]In seinem Spielfilmdeb\u00fct erz\u00e4hlt der Regisseur Philipp Klinger, der selbst aus&hellip;<\/p>\n<\/div>\n\t\n<a href=\"https:\/\/ucm.one\/de\/albtraeumer-ab-dem-21-januar-2022-als-dvd-und-vod-erhaeltlich\/\" class=\"post-details details-type-link\" aria-label=\"Read more about \ud83c\udfac &#8222;Albtr\u00e4umer&#8220; ab dem 21. Januar 2022 als DVD und VoD erh\u00e4ltlich\">Mehr lesen<i class=\"dt-icon-the7-arrow-03\" aria-hidden=\"true\"><\/i><\/a>\n\n<\/div><\/article><\/div><div class=\"visible wf-cell\" data-post-id=\"57374\" data-date=\"2021-10-17T11:48:31+00:00\" data-name=\"&quot;Albtr\u00e4umer&quot; gewinnt beim 26. Schlingel Festival den Kinder- und Jugendfilmpreis des Goethe-Instituts\"><article class=\"post project-odd visible post-57374 type-post status-publish format-standard has-post-thumbnail hentry category-artkeim category-film category-kino category-news category-verleih category-weltvertrieb tag-albtraeumer tag-artkeim tag-bela-gabor-lenz tag-biberach tag-city-kino-wedding tag-dark tag-festival tag-goethe-institut tag-hofer-filmtage tag-kino tag-kurhaus tag-netflix tag-phillip-klinger tag-sarah-mahita tag-schlingel tag-swr tag-wir-sind-die-welle category-828 category-8 category-10 category-13 category-752 category-7528\" data-name=\"&#8222;Albtr\u00e4umer&#8220; gewinnt beim 26. Schlingel Festival den Kinder- und Jugendfilmpreis des Goethe-Instituts\" data-date=\"2021-10-17T11:48:31+00:00\">\n\n<div class=\"post-thumbnail-wrap\">\n\t<div class=\"post-thumbnail\">\n\t\t\n\t\t\n\t\t<a href=\"https:\/\/ucm.one\/de\/albtraeumer-gewinnt-beim-26-schlingel-festival-den-kinder-und-jugendfilmpreis-des-goethe-instituts\/\" class=\"post-thumbnail-rollover layzr-bg layzr-bg\" ><img decoding=\"async\" class=\"iso-lazy-load preload-me iso-lazy-load aspect\" src=\"data:image\/svg+xml,%3Csvg%20xmlns%3D&#39;http%3A%2F%2Fwww.w3.org%2F2000%2Fsvg&#39;%20viewBox%3D&#39;0%200%20990%20309&#39;%2F%3E\" data-src=\"https:\/\/ucm.one\/wp-content\/uploads\/2021\/10\/AlbtraeumerBanner_Schlingel-990x309.jpg\" data-srcset=\"https:\/\/ucm.one\/wp-content\/uploads\/2021\/10\/AlbtraeumerBanner_Schlingel-990x309.jpg 990w, https:\/\/ucm.one\/wp-content\/uploads\/2021\/10\/AlbtraeumerBanner_Schlingel-1485x464.jpg 1485w\" loading=\"eager\" style=\"--ratio: 990 \/ 309\" sizes=\"(max-width: 990px) 100vw, 990px\" alt=\"\" title=\"AlbtraeumerBanner_Schlingel\" width=\"990\" height=\"309\"  \/><\/a>\t<\/div>\n<\/div>\n\n\n<div class=\"post-entry-content\">\n\n\t<h3 class=\"entry-title\">\n\t\t<a href=\"https:\/\/ucm.one\/de\/albtraeumer-gewinnt-beim-26-schlingel-festival-den-kinder-und-jugendfilmpreis-des-goethe-instituts\/\" title=\"&#8222;Albtr\u00e4umer&#8220; gewinnt beim 26. Schlingel Festival den Kinder- und Jugendfilmpreis des Goethe-Instituts\" rel=\"bookmark\">&#8222;Albtr\u00e4umer&#8220; gewinnt beim 26. Schlingel Festival den Kinder- und Jugendfilmpreis des Goethe-Instituts<\/a>\n\t<\/h3>\n\n\t<div class=\"entry-meta\"><span class=\"category-link\"><a href=\"https:\/\/ucm.one\/de\/category\/news\/film\/artkeim\/\" >Artkeim\u00b2<\/a>, <a href=\"https:\/\/ucm.one\/de\/category\/news\/film\/\" >Film<\/a>, <a href=\"https:\/\/ucm.one\/de\/category\/news\/kino\/\" >Kino<\/a>, <a href=\"https:\/\/ucm.one\/de\/category\/news\/\" >News<\/a>, <a href=\"https:\/\/ucm.one\/de\/category\/news\/verleih\/\" >Verleih<\/a>, <a href=\"https:\/\/ucm.one\/de\/category\/news\/verleih\/weltvertrieb\/\" >Weltvertrieb<\/a><\/span><a class=\"author vcard\" href=\"\" title=\"Zeige alle Beitr\u00e4ge von Joachim Keil\" rel=\"author\">Von <span class=\"fn\">Joachim Keil<\/span><\/a><a href=\"https:\/\/ucm.one\/de\/2021\/10\/17\/\" title=\"11:48\" class=\"data-link\" rel=\"bookmark\"><time class=\"entry-date updated\" datetime=\"2021-10-17T11:48:31+00:00\">17. Oktober 2021<\/time><\/a><\/div>\n\t<div class=\"entry-excerpt\"><p>[vc_row][vc_column][vc_column_text]Wir freuen uns sehr, dass Philipp Klingers Spielfilmdeb\u00fct &#8222;Albtr\u00e4umer&#8222;, der am 12. August von UCM.ONE auf dem Label Artkeim\u00b2 ins Kino gebracht wurde, auf dem Chemnitzer Jugendfilmfestival Schlingel mit dem &#8222;Kinder- und Jugendfilmpreis&#8222; des Goethe-Instituts ausgezeichnet wurde.[\/vc_column_text][\/vc_column][\/vc_row][vc_row][vc_column width=&#8220;3\/4&#8243;][vc_column_text]Der mit Sarah Mahita und B\u00e9la Gabor Lenz in den Hauptrollen gro\u00dfartig besetzte Film \u00fcberzeugte die Jury durch&hellip;<\/p>\n<\/div>\n\t\n<a href=\"https:\/\/ucm.one\/de\/albtraeumer-gewinnt-beim-26-schlingel-festival-den-kinder-und-jugendfilmpreis-des-goethe-instituts\/\" class=\"post-details details-type-link\" aria-label=\"Read more about &#8222;Albtr\u00e4umer&#8220; gewinnt beim 26. Schlingel Festival den Kinder- und Jugendfilmpreis des Goethe-Instituts\">Mehr lesen<i class=\"dt-icon-the7-arrow-03\" aria-hidden=\"true\"><\/i><\/a>\n\n<\/div><\/article><\/div><div class=\"visible wf-cell\" data-post-id=\"55053\" data-date=\"2021-08-12T01:40:05+00:00\" data-name=\"Heute startet &quot;Albtr\u00e4umer&quot; von Philipp Klinger in den Kinos\"><article class=\"post project-odd visible post-55053 type-post status-publish format-standard has-post-thumbnail hentry category-artkeim category-film category-kino category-news category-verleih category-weltvertrieb tag-albtraeumer tag-artkeim tag-bela-gabor-lenz tag-biberach tag-city-kino-wedding tag-dark tag-festival tag-hofer-filmtage tag-kino tag-kurhaus tag-netflix tag-phillip-klinger tag-sarah-mahita tag-swr tag-wir-sind-die-welle category-828 category-8 category-10 category-13 category-752 category-7528\" data-name=\"Heute startet &#8222;Albtr\u00e4umer&#8220; von Philipp Klinger in den Kinos\" data-date=\"2021-08-12T01:40:05+00:00\">\n\n<div class=\"post-thumbnail-wrap\">\n\t<div class=\"post-thumbnail\">\n\t\t\n\t\t\n\t\t<a href=\"https:\/\/ucm.one\/de\/heute-startet-albtraeumer-von-philipp-klinger-in-den-kinos\/\" class=\"post-thumbnail-rollover layzr-bg layzr-bg\" ><img decoding=\"async\" class=\"iso-lazy-load preload-me iso-lazy-load aspect\" src=\"data:image\/svg+xml,%3Csvg%20xmlns%3D&#39;http%3A%2F%2Fwww.w3.org%2F2000%2Fsvg&#39;%20viewBox%3D&#39;0%200%20990%20309&#39;%2F%3E\" data-src=\"https:\/\/ucm.one\/wp-content\/uploads\/2021\/08\/Albtraeumer_Banner_Kinostart-990x309.jpg\" data-srcset=\"https:\/\/ucm.one\/wp-content\/uploads\/2021\/08\/Albtraeumer_Banner_Kinostart-990x309.jpg 990w, https:\/\/ucm.one\/wp-content\/uploads\/2021\/08\/Albtraeumer_Banner_Kinostart-1485x464.jpg 1485w\" loading=\"eager\" style=\"--ratio: 990 \/ 309\" sizes=\"(max-width: 990px) 100vw, 990px\" alt=\"\" title=\"Albtraeumer_Banner_Kinostart\" width=\"990\" height=\"309\"  \/><\/a>\t<\/div>\n<\/div>\n\n\n<div class=\"post-entry-content\">\n\n\t<h3 class=\"entry-title\">\n\t\t<a href=\"https:\/\/ucm.one\/de\/heute-startet-albtraeumer-von-philipp-klinger-in-den-kinos\/\" title=\"Heute startet &#8222;Albtr\u00e4umer&#8220; von Philipp Klinger in den Kinos\" rel=\"bookmark\">Heute startet &#8222;Albtr\u00e4umer&#8220; von Philipp Klinger in den Kinos<\/a>\n\t<\/h3>\n\n\t<div class=\"entry-meta\"><span class=\"category-link\"><a href=\"https:\/\/ucm.one\/de\/category\/news\/film\/artkeim\/\" >Artkeim\u00b2<\/a>, <a href=\"https:\/\/ucm.one\/de\/category\/news\/film\/\" >Film<\/a>, <a href=\"https:\/\/ucm.one\/de\/category\/news\/kino\/\" >Kino<\/a>, <a href=\"https:\/\/ucm.one\/de\/category\/news\/\" >News<\/a>, <a href=\"https:\/\/ucm.one\/de\/category\/news\/verleih\/\" >Verleih<\/a>, <a href=\"https:\/\/ucm.one\/de\/category\/news\/verleih\/weltvertrieb\/\" >Weltvertrieb<\/a><\/span><a class=\"author vcard\" href=\"\" title=\"Zeige alle Beitr\u00e4ge von Joachim Keil\" rel=\"author\">Von <span class=\"fn\">Joachim Keil<\/span><\/a><a href=\"https:\/\/ucm.one\/de\/2021\/08\/12\/\" title=\"01:40\" class=\"data-link\" rel=\"bookmark\"><time class=\"entry-date updated\" datetime=\"2021-08-12T01:40:05+00:00\">12. August 2021<\/time><\/a><\/div>\n\t<div class=\"entry-excerpt\"><p>[vc_row][vc_column][vc_column_text]Am 12. August 2021 kommt der bewegende Spielfilm &#8222;Albtr\u00e4umer&#8220; von Regisseur Philipp Klinger, ein Coming-of-Age Drama mit Mystery-Elementen, \u00fcber das Label Artkeim\u00b2\u00a0im Verleih von UCM.ONE\u00a0bundesweit ins Kino.[\/vc_column_text][\/vc_column][\/vc_row][vc_row][vc_column width=&#8220;3\/4&#8243;][vc_column_text]Philipp Klinger, der selbst in einem kleinen Dorf im Schwarzwald aufgewachsen ist, erz\u00e4hlt in seinem Spielfilmdeb\u00fct in gro\u00dfen Bildern von der Enge und Verzweiflung, die das Erwachsenwerden in&hellip;<\/p>\n<\/div>\n\t\n<a href=\"https:\/\/ucm.one\/de\/heute-startet-albtraeumer-von-philipp-klinger-in-den-kinos\/\" class=\"post-details details-type-link\" aria-label=\"Read more about Heute startet &#8222;Albtr\u00e4umer&#8220; von Philipp Klinger in den Kinos\">Mehr lesen<i class=\"dt-icon-the7-arrow-03\" aria-hidden=\"true\"><\/i><\/a>\n\n<\/div><\/article><\/div><div class=\"visible wf-cell\" data-post-id=\"54919\" data-date=\"2021-08-04T12:16:42+00:00\" data-name=\"&quot;Albtr\u00e4umer&quot; feiert am 12. August Kinostartpremiere in Berlin\"><article class=\"post project-odd visible post-54919 type-post status-publish format-standard has-post-thumbnail hentry category-artkeim category-film category-kino category-news category-verleih category-weltvertrieb tag-7345 tag-albtraeumer tag-artkeim tag-bela-gabor-lenz tag-biberach tag-city-kino-wedding tag-dark tag-festival tag-hofer-filmtage tag-kurhaus tag-netflix tag-phillip-klinger tag-sarah-mahita tag-swr tag-wir-sind-die-welle category-828 category-8 category-10 category-13 category-752 category-7528\" data-name=\"&#8222;Albtr\u00e4umer&#8220; feiert am 12. August Kinostartpremiere in Berlin\" data-date=\"2021-08-04T12:16:42+00:00\">\n\n<div class=\"post-thumbnail-wrap\">\n\t<div class=\"post-thumbnail\">\n\t\t\n\t\t\n\t\t<a href=\"https:\/\/ucm.one\/de\/albtraeumer-feiert-am-12-august-kinostartpremiere-in-berlin-2\/\" class=\"post-thumbnail-rollover layzr-bg layzr-bg\" ><img decoding=\"async\" class=\"iso-lazy-load preload-me iso-lazy-load aspect\" src=\"data:image\/svg+xml,%3Csvg%20xmlns%3D&#39;http%3A%2F%2Fwww.w3.org%2F2000%2Fsvg&#39;%20viewBox%3D&#39;0%200%20990%20309&#39;%2F%3E\" data-src=\"https:\/\/ucm.one\/wp-content\/uploads\/2021\/08\/B-Albtraeumer-Premiere-City-Kino-Wedding-990x309.jpeg\" data-srcset=\"https:\/\/ucm.one\/wp-content\/uploads\/2021\/08\/B-Albtraeumer-Premiere-City-Kino-Wedding-990x309.jpeg 990w, https:\/\/ucm.one\/wp-content\/uploads\/2021\/08\/B-Albtraeumer-Premiere-City-Kino-Wedding-1485x464.jpeg 1485w\" loading=\"eager\" style=\"--ratio: 990 \/ 309\" sizes=\"(max-width: 990px) 100vw, 990px\" alt=\"\" title=\"B Albtr\u00e4umer Premiere City Kino Wedding\" width=\"990\" height=\"309\"  \/><\/a>\t<\/div>\n<\/div>\n\n\n<div class=\"post-entry-content\">\n\n\t<h3 class=\"entry-title\">\n\t\t<a href=\"https:\/\/ucm.one\/de\/albtraeumer-feiert-am-12-august-kinostartpremiere-in-berlin-2\/\" title=\"&#8222;Albtr\u00e4umer&#8220; feiert am 12. August Kinostartpremiere in Berlin\" rel=\"bookmark\">&#8222;Albtr\u00e4umer&#8220; feiert am 12. August Kinostartpremiere in Berlin<\/a>\n\t<\/h3>\n\n\t<div class=\"entry-meta\"><span class=\"category-link\"><a href=\"https:\/\/ucm.one\/de\/category\/news\/film\/artkeim\/\" >Artkeim\u00b2<\/a>, <a href=\"https:\/\/ucm.one\/de\/category\/news\/film\/\" >Film<\/a>, <a href=\"https:\/\/ucm.one\/de\/category\/news\/kino\/\" >Kino<\/a>, <a href=\"https:\/\/ucm.one\/de\/category\/news\/\" >News<\/a>, <a href=\"https:\/\/ucm.one\/de\/category\/news\/verleih\/\" >Verleih<\/a>, <a href=\"https:\/\/ucm.one\/de\/category\/news\/verleih\/weltvertrieb\/\" >Weltvertrieb<\/a><\/span><a class=\"author vcard\" href=\"\" title=\"Zeige alle Beitr\u00e4ge von Joachim Keil\" rel=\"author\">Von <span class=\"fn\">Joachim Keil<\/span><\/a><a href=\"https:\/\/ucm.one\/de\/2021\/08\/04\/\" title=\"12:16\" class=\"data-link\" rel=\"bookmark\"><time class=\"entry-date updated\" datetime=\"2021-08-04T12:16:42+00:00\">4. August 2021<\/time><\/a><\/div>\n\t<div class=\"entry-excerpt\"><p>[vc_row][vc_column width=&#8220;3\/4&#8243;][vc_column_text]Das bewegende Coming-of-Age Drama mit Mystery-Elementen &#8222;Albtr\u00e4umer&#8220; von Regisseur Philipp Klinger feiert am Donnerstag, den 12. August 2021, um 20:30 Uhr im City Kino Wedding in Berlin seine Kinostartpremiere.[\/vc_column_text][vc_column_text]Neben dem Regisseur werden auch einige der Mitglieder des Casts und des Filmteams vor Ort sein. Der Film startet am selben Tag auf dem Label Artkeim\u00b2&hellip;<\/p>\n<\/div>\n\t\n<a href=\"https:\/\/ucm.one\/de\/albtraeumer-feiert-am-12-august-kinostartpremiere-in-berlin-2\/\" class=\"post-details details-type-link\" aria-label=\"Read more about &#8222;Albtr\u00e4umer&#8220; feiert am 12. August Kinostartpremiere in Berlin\">Mehr lesen<i class=\"dt-icon-the7-arrow-03\" aria-hidden=\"true\"><\/i><\/a>\n\n<\/div><\/article><\/div><div class=\"visible wf-cell\" data-post-id=\"50597\" data-date=\"2021-03-01T14:47:56+00:00\" data-name=\"UCM.ONE ist vom 01. - 05. M\u00e4rz bei dem European Film Market (EFM) Online 2021 vertreten\"><article class=\"post project-odd visible post-50597 type-post status-publish format-standard has-post-thumbnail hentry category-artkeim category-darling-berlin category-dokumentarfilm category-film category-filmklassiker category-firma category-m-square-classics category-m-square-pictures category-news category-nonfy-documentaries category-weltvertrieb tag-2021-de tag-71-berlinale-ucm-one tag-albtraeumer tag-artkeim tag-b-spree-pictures tag-berlin tag-berlinale tag-corona tag-covid-19 tag-darling-berlin tag-efm tag-european-film-market tag-festival tag-internationale-filmfestspiele-berlin tag-kahlschlag tag-live-film tag-m-square-classics tag-m-square-pictures tag-nico tag-nonfy-documentaries tag-notes-of-berlin tag-online-de tag-perspektive-deutsches-kino tag-u1-films-berlin-de tag-ucm-one category-828 category-830 category-6267 category-8 category-7004 category-5590 category-5849 category-1046 category-13 category-4587 category-7528\" data-name=\"UCM.ONE ist vom 01. &#8211; 05. M\u00e4rz bei dem European Film Market (EFM) Online 2021 vertreten\" data-date=\"2021-03-01T14:47:56+00:00\">\n\n<div class=\"post-thumbnail-wrap\">\n\t<div class=\"post-thumbnail\">\n\t\t\n\t\t\n\t\t<a href=\"https:\/\/ucm.one\/de\/ucm-one-ist-vom-01-05-maerz-bei-dem-european-film-market-efm-online-2021-vertreten\/\" class=\"post-thumbnail-rollover layzr-bg layzr-bg\" ><img decoding=\"async\" class=\"iso-lazy-load preload-me iso-lazy-load aspect\" src=\"data:image\/svg+xml,%3Csvg%20xmlns%3D&#39;http%3A%2F%2Fwww.w3.org%2F2000%2Fsvg&#39;%20viewBox%3D&#39;0%200%20990%20309&#39;%2F%3E\" data-src=\"https:\/\/ucm.one\/wp-content\/uploads\/2021\/03\/B-EFM-2021-Berlin-990x309.jpg\" data-srcset=\"https:\/\/ucm.one\/wp-content\/uploads\/2021\/03\/B-EFM-2021-Berlin-990x309.jpg 990w, https:\/\/ucm.one\/wp-content\/uploads\/2021\/03\/B-EFM-2021-Berlin-1485x464.jpg 1485w\" loading=\"eager\" style=\"--ratio: 990 \/ 309\" sizes=\"(max-width: 990px) 100vw, 990px\" alt=\"\" title=\"B EFM 2021 Berlin\" width=\"990\" height=\"309\"  \/><\/a>\t<\/div>\n<\/div>\n\n\n<div class=\"post-entry-content\">\n\n\t<h3 class=\"entry-title\">\n\t\t<a href=\"https:\/\/ucm.one\/de\/ucm-one-ist-vom-01-05-maerz-bei-dem-european-film-market-efm-online-2021-vertreten\/\" title=\"UCM.ONE ist vom 01. &#8211; 05. M\u00e4rz bei dem European Film Market (EFM) Online 2021 vertreten\" rel=\"bookmark\">UCM.ONE ist vom 01. &#8211; 05. M\u00e4rz bei dem European Film Market (EFM) Online 2021 vertreten<\/a>\n\t<\/h3>\n\n\t<div class=\"entry-meta\"><span class=\"category-link\"><a href=\"https:\/\/ucm.one\/de\/category\/news\/film\/artkeim\/\" >Artkeim\u00b2<\/a>, <a href=\"https:\/\/ucm.one\/de\/category\/news\/film\/darling-berlin\/\" >Darling Berlin<\/a>, <a href=\"https:\/\/ucm.one\/de\/category\/news\/dokumentarfilm\/\" >Dokumentarfilm<\/a>, <a href=\"https:\/\/ucm.one\/de\/category\/news\/film\/\" >Film<\/a>, <a href=\"https:\/\/ucm.one\/de\/category\/news\/filmklassiker\/\" >Filmklassiker<\/a>, <a href=\"https:\/\/ucm.one\/de\/category\/news\/firma\/\" >Firma<\/a>, <a href=\"https:\/\/ucm.one\/de\/category\/news\/film\/m-square-pictures\/m-square-classics\/\" >M-Square Classics<\/a>, <a href=\"https:\/\/ucm.one\/de\/category\/news\/film\/m-square-pictures\/\" >M-Square Pictures<\/a>, <a href=\"https:\/\/ucm.one\/de\/category\/news\/\" >News<\/a>, <a href=\"https:\/\/ucm.one\/de\/category\/news\/film\/nonfy-documentaries\/\" >NONFY Documentaries<\/a>, <a href=\"https:\/\/ucm.one\/de\/category\/news\/verleih\/weltvertrieb\/\" >Weltvertrieb<\/a><\/span><a class=\"author vcard\" href=\"\" title=\"Zeige alle Beitr\u00e4ge von Joachim Keil\" rel=\"author\">Von <span class=\"fn\">Joachim Keil<\/span><\/a><a href=\"https:\/\/ucm.one\/de\/2021\/03\/01\/\" title=\"14:47\" class=\"data-link\" rel=\"bookmark\"><time class=\"entry-date updated\" datetime=\"2021-03-01T14:47:56+00:00\">1. M\u00e4rz 2021<\/time><\/a><\/div>\n\t<div class=\"entry-excerpt\"><p>[vc_row][vc_column][vc_column_text]Das Team der UCM.ONE ist dieses Jahr vom 01.- 05. M\u00e4rz auf dem\u00a0European Film Market\u00a0(EFM) Online mit 3 Mitarbeitern vertreten. Knapp 3.500 Produzenten, Eink\u00e4ufer, Sales Agents, Vertreiber und Verleiher aus 110 L\u00e4ndern nehmen dieses Jahr an der wegen der Covid-19 Pandemie lediglich online stattfindenden Filmmesse teil. Die EFM\u00a0ist die erste Filmmesse des Jahres und damit&hellip;<\/p>\n<\/div>\n\t\n<a href=\"https:\/\/ucm.one\/de\/ucm-one-ist-vom-01-05-maerz-bei-dem-european-film-market-efm-online-2021-vertreten\/\" class=\"post-details details-type-link\" aria-label=\"Read more about UCM.ONE ist vom 01. &#8211; 05. M\u00e4rz bei dem European Film Market (EFM) Online 2021 vertreten\">Mehr lesen<i class=\"dt-icon-the7-arrow-03\" aria-hidden=\"true\"><\/i><\/a>\n\n<\/div><\/article><\/div><\/div><!-- iso-container|iso-grid --><\/div>[vc_btn title=&#8220;Alle News&#8220; style=&#8220;flat&#8220; align=&#8220;right&#8220; i_icon_fontawesome=&#8220;far fa-newspaper&#8220; add_icon=&#8220;true&#8220; link=&#8220;url:%2Fde%2Ftag%2Falbtr%C3%A4umer%2F|title:Alle%20News&#8220; css=&#8220;.vc_custom_1680354545636{margin-top: 25px !important;}&#8220;][vc_empty_space height=&#8220;15px&#8220;][\/vc_column][\/vc_row][vc_row][vc_column][vc_separator color=&#8220;custom&#8220; accent_color=&#8220;#0141a0&#8243;][\/vc_column][\/vc_row][vc_row css=&#8220;.vc_custom_1518458873891{margin-top: 65px !important;}&#8220;][vc_column width=&#8220;1\/4&#8243;][vc_btn title=&#8220;\u00dcbersicht&#8220; style=&#8220;flat&#8220; size=&#8220;lg&#8220; align=&#8220;center&#8220; i_icon_fontawesome=&#8220;fas fa-home&#8220; button_block=&#8220;true&#8220; add_icon=&#8220;true&#8220; link=&#8220;url:https%3A%2F%2Fucm.one%2Fde|title:%C3%9Cbersicht&#8220;][\/vc_column][vc_column width=&#8220;1\/4&#8243;][vc_btn title=&#8220;Kino&#8220; style=&#8220;flat&#8220; size=&#8220;lg&#8220; align=&#8220;center&#8220; i_icon_fontawesome=&#8220;fas fa-star&#8220; button_block=&#8220;true&#8220; add_icon=&#8220;true&#8220; link=&#8220;url:https%3A%2F%2Fucm.one%2Fde%2Fkinoverleih%2Fkinostarts-2%2F%23albtr%C3%A4umer|title:Albtr%C3%A4umer&#8220;][\/vc_column][vc_column width=&#8220;1\/4&#8243;][vc_btn title=&#8220;Artkeim\u00b2&#8220; style=&#8220;flat&#8220; size=&#8220;lg&#8220; align=&#8220;center&#8220; i_icon_fontawesome=&#8220;fas fa-arrow-right&#8220; button_block=&#8220;true&#8220; add_icon=&#8220;true&#8220; link=&#8220;url:https%3A%2F%2Fucm.one%2Fde%2Ffilm-labels%2Fartkeim%2F|title:Artkeim%C2%B2&#8243;][\/vc_column][vc_column width=&#8220;1\/4&#8243;][vc_btn title=&#8220;iMDB&#8220; style=&#8220;flat&#8220; color=&#8220;blue&#8220; size=&#8220;lg&#8220; align=&#8220;center&#8220; i_icon_fontawesome=&#8220;fab fa-imdb&#8220; button_block=&#8220;true&#8220; add_icon=&#8220;true&#8220; link=&#8220;url:https%3A%2F%2Fwww.imdb.com%2Ftitle%2Ftt13231118|title:Albtr%C3%A4umer|target:_blank&#8220;][\/vc_column][\/vc_row][vc_row content_placement=&#8220;middle&#8220; bg_type=&#8220;grad&#8220; ult_hide_row=&#8220;ult_hide_row_value&#8220; ult_hide_row_large_screen=&#8220;large_screen&#8220; ult_hide_row_desktop=&#8220;desktop&#8220; css=&#8220;.vc_custom_1518701755537{margin-top: 0px !important;padding-top: -50px !important;}&#8220; bg_grad=&#8220;background: -webkit-gradient(linear, left top, left bottom, color-stop(0%, #E3E3E3), color-stop(0%, #FFFFFF), color-stop(6%, #FFFFFF), color-stop(7%, #FFFFFF), color-stop(50%, #FFFFFF));background: -moz-linear-gradient(top,#E3E3E3 0%,#FFFFFF 0%,#FFFFFF 6%,#FFFFFF 7%,#FFFFFF 50%);background: -webkit-linear-gradient(top,#E3E3E3 0%,#FFFFFF 0%,#FFFFFF 6%,#FFFFFF 7%,#FFFFFF 50%);background: -o-linear-gradient(top,#E3E3E3 0%,#FFFFFF 0%,#FFFFFF 6%,#FFFFFF 7%,#FFFFFF 50%);background: -ms-linear-gradient(top,#E3E3E3 0%,#FFFFFF 0%,#FFFFFF 6%,#FFFFFF 7%,#FFFFFF 50%);background: linear-gradient(top,#E3E3E3 0%,#FFFFFF 0%,#FFFFFF 6%,#FFFFFF 7%,#FFFFFF 50%);&#8220;][vc_column][vc_btn title=&#8220;Kontakt&#8220; style=&#8220;flat&#8220; color=&#8220;sky&#8220; size=&#8220;lg&#8220; align=&#8220;center&#8220; i_icon_fontawesome=&#8220;far fa-envelope&#8220; button_block=&#8220;true&#8220; add_icon=&#8220;true&#8220; link=&#8220;url:https%3A%2F%2Fucm.one%2Fde%2Ffirma%2Fkontakt%2F|title:Kontakt&#8220;][\/vc_column][\/vc_row]<\/p>\n<\/div>","protected":false},"excerpt":{"rendered":"<p>[vc_row][vc_column width=&#8220;3\/4&#8243; css=&#8220;.vc_custom_1561291995466{padding-right: 30px !important;}&#8220;][vc_column_text] Albtr\u00e4umer: [\/vc_column_text][vc_column_text]Phillip Klingers\u00a0Deb\u00fctfilm \u201cAlbtr\u00e4umer\u201d feierte seine Premiere bei den\u00a0Hofer Filmtagen 2020\u00a0und hat seitdem bereits eine beachtliche Festivalkarriere (unter anderem in Braunschweig, Wiesbaden, Biberach) hingelegt. \u201cAlbtr\u00e4umer\u201d ist ein in berauschenden Bildern erz\u00e4hltes und einf\u00fchlsam gespieltes Coming-of-Age-Drama mit Mystery-Elementen, in dem die schmerzhafte Suche einer jungen Frau nach Antworten mit der geistigen&hellip;<\/p>\n","protected":false},"author":2,"featured_media":69908,"parent":0,"menu_order":0,"comment_status":"closed","ping_status":"closed","template":"","meta":{"_acf_changed":false,"footnotes":""},"class_list":["post-53743","page","type-page","status-publish","has-post-thumbnail","hentry","description-off"],"acf":[],"yoast_head":"<!-- This site is optimized with the Yoast SEO plugin v27.5 - https:\/\/yoast.com\/product\/yoast-seo-wordpress\/ -->\n<title>Albtr\u00e4umer (2020) von Philipp Klinger | Artkeim\u00b2 - UCM.ONE<\/title>\n<meta name=\"description\" content=\"\u201cAlbtr\u00e4umer\u201d ist ein in berauschenden Bildern erz\u00e4hltes und einf\u00fchlsam gespieltes Coming-of-Age-Drama mit Mystery-Elementen.\" \/>\n<meta name=\"robots\" content=\"index, follow, max-snippet:-1, max-image-preview:large, max-video-preview:-1\" \/>\n<link rel=\"canonical\" href=\"https:\/\/ucm.one\/de\/albtraeumer\/\" \/>\n<meta property=\"og:locale\" content=\"de_DE\" \/>\n<meta property=\"og:type\" content=\"article\" \/>\n<meta property=\"og:title\" content=\"Albtr\u00e4umer (2020) von Philipp Klinger | Artkeim\u00b2 - UCM.ONE\" \/>\n<meta property=\"og:description\" content=\"\u201cAlbtr\u00e4umer\u201d ist ein in berauschenden Bildern erz\u00e4hltes und einf\u00fchlsam gespieltes Coming-of-Age-Drama mit Mystery-Elementen.\" \/>\n<meta property=\"og:url\" content=\"https:\/\/ucm.one\/de\/albtraeumer\/\" \/>\n<meta property=\"og:site_name\" content=\"UCM.ONE\" \/>\n<meta property=\"article:modified_time\" content=\"2023-07-31T23:37:28+00:00\" \/>\n<meta property=\"og:image\" content=\"https:\/\/ucm.one\/wp-content\/uploads\/2022\/06\/Albtraeumer-Plakat.jpg\" \/>\n\t<meta property=\"og:image:width\" content=\"707\" \/>\n\t<meta property=\"og:image:height\" content=\"1000\" \/>\n\t<meta property=\"og:image:type\" content=\"image\/jpeg\" \/>\n<meta name=\"twitter:card\" content=\"summary_large_image\" \/>\n<meta name=\"twitter:label1\" content=\"Gesch\u00e4tzte Lesezeit\" \/>\n\t<meta name=\"twitter:data1\" content=\"18\u00a0Minuten\" \/>\n<!-- \/ Yoast SEO plugin. -->","yoast_head_json":{"title":"Albtr\u00e4umer (2020) von Philipp Klinger | Artkeim\u00b2 - UCM.ONE","description":"\u201cAlbtr\u00e4umer\u201d ist ein in berauschenden Bildern erz\u00e4hltes und einf\u00fchlsam gespieltes Coming-of-Age-Drama mit Mystery-Elementen.","robots":{"index":"index","follow":"follow","max-snippet":"max-snippet:-1","max-image-preview":"max-image-preview:large","max-video-preview":"max-video-preview:-1"},"canonical":"https:\/\/ucm.one\/de\/albtraeumer\/","og_locale":"de_DE","og_type":"article","og_title":"Albtr\u00e4umer (2020) von Philipp Klinger | Artkeim\u00b2 - UCM.ONE","og_description":"\u201cAlbtr\u00e4umer\u201d ist ein in berauschenden Bildern erz\u00e4hltes und einf\u00fchlsam gespieltes Coming-of-Age-Drama mit Mystery-Elementen.","og_url":"https:\/\/ucm.one\/de\/albtraeumer\/","og_site_name":"UCM.ONE","article_modified_time":"2023-07-31T23:37:28+00:00","og_image":[{"width":707,"height":1000,"url":"https:\/\/ucm.one\/wp-content\/uploads\/2022\/06\/Albtraeumer-Plakat.jpg","type":"image\/jpeg"}],"twitter_card":"summary_large_image","twitter_misc":{"Gesch\u00e4tzte Lesezeit":"18\u00a0Minuten"},"schema":{"@context":"https:\/\/schema.org","@graph":[{"@type":"WebPage","@id":"https:\/\/ucm.one\/de\/albtraeumer\/","url":"https:\/\/ucm.one\/de\/albtraeumer\/","name":"Albtr\u00e4umer (2020) von Philipp Klinger | Artkeim\u00b2 - UCM.ONE","isPartOf":{"@id":"https:\/\/ucm.one\/de\/#website"},"primaryImageOfPage":{"@id":"https:\/\/ucm.one\/de\/albtraeumer\/#primaryimage"},"image":{"@id":"https:\/\/ucm.one\/de\/albtraeumer\/#primaryimage"},"thumbnailUrl":"https:\/\/ucm.one\/wp-content\/uploads\/2022\/06\/Albtraeumer-Plakat.jpg","datePublished":"2021-08-12T19:20:36+00:00","dateModified":"2023-07-31T23:37:28+00:00","description":"\u201cAlbtr\u00e4umer\u201d ist ein in berauschenden Bildern erz\u00e4hltes und einf\u00fchlsam gespieltes Coming-of-Age-Drama mit Mystery-Elementen.","breadcrumb":{"@id":"https:\/\/ucm.one\/de\/albtraeumer\/#breadcrumb"},"inLanguage":"de","potentialAction":[{"@type":"ReadAction","target":["https:\/\/ucm.one\/de\/albtraeumer\/"]}]},{"@type":"ImageObject","inLanguage":"de","@id":"https:\/\/ucm.one\/de\/albtraeumer\/#primaryimage","url":"https:\/\/ucm.one\/wp-content\/uploads\/2022\/06\/Albtraeumer-Plakat.jpg","contentUrl":"https:\/\/ucm.one\/wp-content\/uploads\/2022\/06\/Albtraeumer-Plakat.jpg","width":707,"height":1000},{"@type":"BreadcrumbList","@id":"https:\/\/ucm.one\/de\/albtraeumer\/#breadcrumb","itemListElement":[{"@type":"ListItem","position":1,"name":"Home","item":"https:\/\/ucm.one\/de\/"},{"@type":"ListItem","position":2,"name":"Albtr\u00e4umer (2020) von Philipp Klinger | Artkeim\u00b2"}]},{"@type":"WebSite","@id":"https:\/\/ucm.one\/de\/#website","url":"https:\/\/ucm.one\/de\/","name":"UCM.ONE","description":"","publisher":{"@id":"https:\/\/ucm.one\/de\/#organization"},"potentialAction":[{"@type":"SearchAction","target":{"@type":"EntryPoint","urlTemplate":"https:\/\/ucm.one\/de\/?s={search_term_string}"},"query-input":{"@type":"PropertyValueSpecification","valueRequired":true,"valueName":"search_term_string"}}],"inLanguage":"de"},{"@type":"Organization","@id":"https:\/\/ucm.one\/de\/#organization","name":"UCM.ONE","url":"https:\/\/ucm.one\/de\/","logo":{"@type":"ImageObject","inLanguage":"de","@id":"https:\/\/ucm.one\/de\/#\/schema\/logo\/image\/","url":"https:\/\/ucm.one\/wp-content\/uploads\/2019\/10\/UCM.ONE-Logo-RGB.svg","contentUrl":"https:\/\/ucm.one\/wp-content\/uploads\/2019\/10\/UCM.ONE-Logo-RGB.svg","width":1,"height":1,"caption":"UCM.ONE"},"image":{"@id":"https:\/\/ucm.one\/de\/#\/schema\/logo\/image\/"}}]}},"_links":{"self":[{"href":"https:\/\/ucm.one\/de\/wp-json\/wp\/v2\/pages\/53743","targetHints":{"allow":["GET"]}}],"collection":[{"href":"https:\/\/ucm.one\/de\/wp-json\/wp\/v2\/pages"}],"about":[{"href":"https:\/\/ucm.one\/de\/wp-json\/wp\/v2\/types\/page"}],"author":[{"embeddable":true,"href":"https:\/\/ucm.one\/de\/wp-json\/wp\/v2\/users\/2"}],"replies":[{"embeddable":true,"href":"https:\/\/ucm.one\/de\/wp-json\/wp\/v2\/comments?post=53743"}],"version-history":[{"count":0,"href":"https:\/\/ucm.one\/de\/wp-json\/wp\/v2\/pages\/53743\/revisions"}],"wp:featuredmedia":[{"embeddable":true,"href":"https:\/\/ucm.one\/de\/wp-json\/wp\/v2\/media\/69908"}],"wp:attachment":[{"href":"https:\/\/ucm.one\/de\/wp-json\/wp\/v2\/media?parent=53743"}],"curies":[{"name":"wp","href":"https:\/\/api.w.org\/{rel}","templated":true}]}}