{"id":51859,"date":"2021-07-08T22:08:20","date_gmt":"2021-07-08T22:08:20","guid":{"rendered":"https:\/\/ucm.one\/?page_id=51859"},"modified":"2023-07-31T23:39:49","modified_gmt":"2023-07-31T23:39:49","slug":"los-reyes","status":"publish","type":"page","link":"https:\/\/ucm.one\/de\/los-reyes\/","title":{"rendered":"Los Reyes &#8211; K\u00f6nigliche Streuner (2018) von Bettina Perut &#038; Iv\u00e1n Osnovikoff | NONFY Documentaries"},"content":{"rendered":"<div class=\"wpb-content-wrapper\"><p>[vc_row][vc_column width=&#8220;3\/4&#8243; css=&#8220;.vc_custom_1561291995466{padding-right: 30px !important;}&#8220;][vc_column_text]<\/p>\n<h1>Los Reyes &#8211; K\u00f6nigliche Streuner<span style=\"color: #ffffff;\">:<\/span><\/h1>\n<p>[\/vc_column_text][vc_column_text]<strong>Los Reyes<\/strong>\u00a0(deutsch: &#8222;<strong>Die K\u00f6nige<\/strong>&#8222;) ist der \u00e4lteste Skatepark in der chilenischen Hauptstadt Santiago. Der Film &#8222;<strong>Los Reyes &#8211; K\u00f6nigliche Streuner<\/strong>&#8220;\u00a0handelt aber nicht in erster Linie von den Skatern, sondern von den wahren K\u00f6nigen dieses Mikrokosmos: Futbol und Chola, zwei unzertrennbaren streunenden Hunden, die zwischen rasenden Skateboards und l\u00e4rmenden Teenagern im Park ihr Zuhause gefunden haben.[\/vc_column_text][vc_row_inner][vc_column_inner width=&#8220;1\/2&#8243; css=&#8220;.vc_custom_1561290391124{border-right-width: -15px !important;}&#8220;][vc_single_image image=&#8220;51876&#8243; img_size=&#8220;full&#8220; onclick=&#8220;link_image&#8220;][\/vc_column_inner][vc_column_inner width=&#8220;1\/2&#8243;][vc_single_image image=&#8220;51885&#8243; img_size=&#8220;full&#8220; onclick=&#8220;link_image&#8220;][\/vc_column_inner][\/vc_row_inner][vc_column_text]Die j\u00fcngere und lebhaftere Chola liebt es, mit den B\u00e4llen zu spielen, die \u00fcberall herumliegen. Ihr Lieblingsspiel ist es, einen Ball auf den Rand des Parkours, wo die Skater ihre Tricks zeigen, zu legen und zu versuchen, ihn aufzufangen, kurz bevor er herunterf\u00e4llt. Futbol, der \u00e4ltere von den beiden, schaut ihr dabei oft ungeduldig zu. Er wiederum tr\u00e4gt st\u00e4ndig irgendetwas im Maul herum und findet gro\u00dfen Spa\u00df daran, Dinge durch die Gegend zu schleppen und anzunagen.[\/vc_column_text][vc_column_text]Die Teenager um sie herum kommen aus sehr unterschiedlichen, manchmal schwierigen Verh\u00e4ltnissen. Sie haben alle ihre eigenen Geschichten und Probleme, die man im Hintergrund in ihren Gespr\u00e4chen mitverfolgt, w\u00e4hrend die Kamera die subtile Interaktion zwischen den beiden Hunden einf\u00e4ngt, wie sie schlummern, einem Ball nachjagen oder einfach nur herumschn\u00fcffeln.[\/vc_column_text][vc_row_inner][vc_column_inner css=&#8220;.vc_custom_1561290391124{border-right-width: -15px !important;}&#8220;][vc_single_image image=&#8220;51851&#8243; img_size=&#8220;full&#8220; onclick=&#8220;link_image&#8220;][\/vc_column_inner][\/vc_row_inner][vc_column_text]&#8220;<strong>Los Reyes &#8211; K\u00f6nigliche Streuner<\/strong>&#8222;, der im deutschsprachigem Raum auf dem Filmlabel <strong>NONFY Documentaries<\/strong>\u00a0ver\u00f6ffentlicht wird und \u00fcber den Verleih <span style=\"font-family: 'arial black', sans-serif;\"><strong>UCM.ONE<\/strong><\/span>\u00a0zu sehen ist, ist ein meditativer, fast m\u00e4rchenhafter und gleichzeitig sehr ergreifender Dokumentarfilm, der nur durch die Beobachtung zweier Hunde eine ganze Welt erz\u00e4hlt.[\/vc_column_text][vc_column_text]<\/p>\n<h3>\u00dcber die Regisseure, von Iv\u00e1n Pinto (La Fuga):<\/h3>\n<p>Die dokumentarische Arbeit von <strong>Bettina Perut<\/strong> und <strong>Iv\u00e1n Osnovikoff<\/strong> hebt sich seit ihren Anf\u00e4ngen durch das gewagte und kreative Vorgehen bei ihren Themen, ihrer Bearbeitung und ihren Standpunkten hervor. Mit sieben Langfilmen ist ihre poetische Reise voller Wendepunkte und Wandlungen, die mit den technologischen und kulturellen Ver\u00e4nderungen ihrer Zeit einhergingen und die best\u00e4ndigsten und konservativsten Pr\u00e4missen des Dokumentarfilmschaffens in Frage stellen. Ihr Werk hat sich von einer sehr physischen und gestischen ersten Etappe mit einem Fokus auf die Kamera und einem voyeuristischen Drang in Filmen wie &#8222;<strong>Martin Vargas from Chile<\/strong>&#8220; (2000) oder &#8222;<strong>A Man Aside<\/strong>&#8220; (2002), die die performative Dimension ihrer Protagonisten (des Boxers <strong>Mart\u00edn Vargas<\/strong> im ersten und einem Fantasten von Manager im zweiten) hervorheben, zu einer visuellen Stilisierung hin entwickelt, die mit der \u00dcbung einer &#8222;umgekehrten Ethnographie&#8220; begann in &#8222;<strong>Welcome to New York<\/strong>&#8220; (2006), einen Angelpunkt in der ethischen Erforschung des Feldes (und seiner Grenzen) in &#8222;<strong>News<\/strong>&#8220; (2009) fand und in ihrem letzten Werk &#8222;<strong>Surire<\/strong>&#8220; (2015) einen H\u00f6hepunkt erreicht, einem Dokumentarfilm \u00fcber eine Salzebene im Hochland, in dem Landschaft, Natur, Tiere und Menschen mit einem Blick beobachtet werden, der das Sinnliche mit der Materialit\u00e4t verbindet.[\/vc_column_text][vc_row_inner][vc_column_inner width=&#8220;1\/2&#8243; css=&#8220;.vc_custom_1561290391124{border-right-width: -15px !important;}&#8220;][vc_single_image image=&#8220;51897&#8243; img_size=&#8220;full&#8220; onclick=&#8220;link_image&#8220;][\/vc_column_inner][vc_column_inner width=&#8220;1\/2&#8243;][vc_single_image image=&#8220;51894&#8243; img_size=&#8220;full&#8220; onclick=&#8220;link_image&#8220;][\/vc_column_inner][\/vc_row_inner][vc_column_text]Bevor sie zu Schlussfolgerungen kommen, werfen die Dokumentarfilme von <strong>Perut + Osnovikoff<\/strong> Fragen auf; sie hinterfragen Grenzen und den gesunden Menschenverstand. Dies ist zum Beispiel bei den beiden Filmen \u00fcber das soziale Ged\u00e4chtnis der Fall, zum einen dem Film &#8222;<strong>Clever Monkey Pinochet versus La Moneda&#8217;s Pigs<\/strong>&#8220; (2004), in dem Gruppen von Schulkindern den Milit\u00e4rputsch durch schauspielerische Improvisationen darstellen, in denen das Spiel mit der Parodie kombiniert wird und von einer widerspr\u00fcchlichen Gegenwart spricht, die sich in den K\u00f6rpern manifestiert. Das Thema betonen sie noch st\u00e4rker in &#8222;<strong>The Death of Pinochet<\/strong>&#8220; (2011), einem &#8222;sozialen Fresko&#8220; rund um den Tag von Pinochets Tod, das den K\u00f6rper als Horizont des ultimativen Sinnes zeigt, in dem sich die \u00f6ffentliche Auff\u00fchrung der Politik (mit ihren Leidenschaften, ihrer Ersch\u00f6pfung und ihrem Niedergang) begr\u00fcndet. Obwohl ihr Schaffen diskutiert und sogar von einigen Kreisen an den Rand gedr\u00e4ngt wurde, ist ihr Anliegen nur gewachsen und hat neue Wege er\u00f6ffnet, einschlie\u00dflich des Dokumentarfilms als eine bildhafte und soziale\u00a0<span style=\"font-family: Arial, sans-serif;\">Erkundung.<\/span>[\/vc_column_text][vc_row_inner][vc_column_inner css=&#8220;.vc_custom_1561290391124{border-right-width: -15px !important;}&#8220;][vc_single_image image=&#8220;51833&#8243; img_size=&#8220;full&#8220; onclick=&#8220;link_image&#8220;][\/vc_column_inner][\/vc_row_inner][\/vc_column][vc_column width=&#8220;1\/4&#8243; css=&#8220;.vc_custom_1561286315715{margin-top: 15px !important;background-color: #efefef !important;}&#8220;]<style type=\"text\/css\" data-type=\"the7_shortcodes-inline-css\">.shortcode-single-image-wrap.shortcode-single-image-82c6a712ff0c7672e2c4577382b1bb74.enable-bg-rollover .rollover i,\n.shortcode-single-image-wrap.shortcode-single-image-82c6a712ff0c7672e2c4577382b1bb74.enable-bg-rollover .rollover-video i {\n  background: -webkit-linear-gradient();\n  background: linear-gradient();\n}\n.shortcode-single-image-wrap.shortcode-single-image-82c6a712ff0c7672e2c4577382b1bb74 .rollover-icon {\n  font-size: 32px;\n  color: #ffffff;\n  min-width: 44px;\n  min-height: 44px;\n  line-height: 44px;\n  border-radius: 100px;\n  border-style: solid;\n  border-width: 0px;\n}\n.dt-icon-bg-on.shortcode-single-image-wrap.shortcode-single-image-82c6a712ff0c7672e2c4577382b1bb74 .rollover-icon {\n  background: rgba(255,255,255,0.3);\n  box-shadow: none;\n}<\/style><div class=\"shortcode-single-image-wrap shortcode-single-image-82c6a712ff0c7672e2c4577382b1bb74 alignnone  vc_custom_1619308549316 enable-bg-rollover dt-icon-bg-off\" ><div class=\"shortcode-single-image\"><div class=\"fancy-media-wrap\" style=\"\"><a class=\"layzr-bg rollover rollover-zoom dt-pswp-item pswp-image\" href=\"https:\/\/ucm.one\/wp-content\/uploads\/2021\/04\/P-Los-Reyes-Kino.jpg\" title=\"P Los Reyes Kino\" data-dt-img-description=\"\" data-large_image_width=\"699\" data-large_image_height = \"1000\"  style=\"\"><img fetchpriority=\"high\" decoding=\"async\" class=\"preload-me lazy-load aspect\" src=\"data:image\/svg+xml,%3Csvg%20xmlns%3D&#39;http%3A%2F%2Fwww.w3.org%2F2000%2Fsvg&#39;%20viewBox%3D&#39;0%200%20699%20999&#39;%2F%3E\" data-src=\"https:\/\/ucm.one\/wp-content\/uploads\/2021\/04\/P-Los-Reyes-Kino.jpg\" data-srcset=\"https:\/\/ucm.one\/wp-content\/uploads\/2021\/04\/P-Los-Reyes-Kino.jpg 699w\" loading=\"eager\" style=\"--ratio: 699 \/ 999\" sizes=\"(max-width: 699px) 100vw, 699px\" width=\"699\" height=\"999\"  data-dt-location=\"https:\/\/ucm.one\/de\/los-reyes\/p-los-reyes-kino\/\" alt=\"\" \/><\/a><\/div><\/div><\/div>[vc_empty_space height=&#8220;10px&#8220;][vc_column_text]<\/p>\n<p id=\"u3084-2\"><strong>Original Titel:\u00a0<\/strong>Los Reyes<\/p>\n<p><strong>Regie:<\/strong> Bettina Perut, Iv\u00e1n Osnovikoff<\/p>\n<p><strong>Produzentin:<\/strong> Maite Alberdi<\/p>\n<p><strong>Koproduzent:<\/strong> Dirk Manthey<\/p>\n<p><strong>Kamera:<\/strong> Pablo Vald\u00e9s, Adolfo Mes\u00edas<\/p>\n<p><strong>Ton:<\/strong> Iv\u00e1n Osnovikoff<\/p>\n<p><strong>Schnitt:<\/strong> Bettina Perut, Iv\u00e1n Osnovikoff<\/p>\n<p><strong>VFX:<\/strong> Jaime G\u00e1ndara<\/p>\n<p><strong>Musik:<\/strong> Michael Fakesch<\/p>\n<p><strong>Abmischung:<\/strong> Roberto Espinoza<\/p>\n<div class=\"views-field views-field-field-mc-entity-1\"><\/div>\n<p><strong>Produktionen:\u00a0<\/strong>Perut + Osnoviko Ltda, Dirk Manthey Film UG<\/p>\n<p><strong>Produktionsjahr:<\/strong> 2018<\/p>\n<p><strong>Genre:<\/strong> Dokumentation<\/p>\n<p><strong>L\u00e4nder:<\/strong>\u00a0Chile, Deutschland<\/p>\n<p><strong>Drehort<\/strong>: Santiago (Chile)<\/p>\n<p><strong>Sprachen:<\/strong>\u00a0Spanisch<\/p>\n<p><strong>Untertitel:<\/strong>\u00a0Deutsch, Englisch<\/p>\n<p>&nbsp;<\/p>\n<p><strong>L\u00e4nge:<\/strong> 75 Min<\/p>\n<p><strong>FSK:<\/strong>\u00a012<\/p>\n<p><strong>Seitenverh\u00e4ltnis:<\/strong> 1:1.78<\/p>\n<p><strong>Ton:<\/strong> Stereo 5.1 Surround \/ Stereo 2.0<\/p>\n<p><strong>Aufl\u00f6sung:<\/strong>\u00a0Full HD[\/vc_column_text][vc_separator color=&#8220;custom&#8220; accent_color=&#8220;#a0a0a0&#8243;][vc_column_text]<em>Weitere Titel:<\/em><\/p>\n<p><strong>Deutsch:<\/strong> Los Reyes &#8211; K\u00f6nigliche Streuner<\/p>\n<p><strong>Englisch:<\/strong> Los Reyes &#8211; Cola and Football<\/p>\n<p><strong>Taiwanesisch<\/strong>: \u72ac\u72ac\u98a8\u5875[\/vc_column_text][vc_separator color=&#8220;custom&#8220; accent_color=&#8220;#a0a0a0&#8243;][vc_column_text]<em>Preise:<\/em><\/p>\n<p><strong>2019\u00a0Amsterdam, International Documentary Film Festival<\/strong>:\u00a0\u201cSpecial Jury Award\u201d f\u00fcr den besten langen Dokumentarfilm -&gt; Bettina Perut, Iv\u00e1n Osnovikoff<\/p>\n<p><strong>2019 Millennium\u00a0Docs Against Gravity<\/strong>:<strong> &#8222;<\/strong>National Geographic Award&#8220; f\u00fcr die beste Kamera -&gt; Pablo Vald\u00e9s<\/p>\n<p><strong>2019 Vi\u00f1a del Mar Film Festival<\/strong>: &#8222;Grand Paoa&#8220; f\u00fcr den besten Dokumentarfilm -&gt; Bettina Perut, Iv\u00e1n Osnovikoff[\/vc_column_text][vc_separator color=&#8220;custom&#8220; accent_color=&#8220;#a0a0a0&#8243;][vc_column_text]<strong>Filmlabel:<\/strong> NONFY Documentaries<\/p>\n<p><strong>Verleih:<\/strong> <span style=\"font-family: 'arial black', sans-serif;\"><strong>UCM.ONE<\/strong><\/span><\/p>\n<p>&nbsp;<\/p>\n<p><strong>Kinostart:<\/strong>\u00a008.07.2021<\/p>\n<p><strong>DVD-Ver\u00f6ffentlichung<\/strong>: tba<\/p>\n<p><strong>VoD-Ver\u00f6ffentlichung<\/strong>: tba[\/vc_column_text][vc_separator color=&#8220;custom&#8220; accent_color=&#8220;#a0a0a0&#8243;][vc_btn title=&#8220;Presse Materialien&#8220; color=&#8220;white&#8220; align=&#8220;center&#8220; i_icon_fontawesome=&#8220;fas fa-download&#8220; button_block=&#8220;true&#8220; add_icon=&#8220;true&#8220; link=&#8220;url:https%3A%2F%2Fwww.ucm.one%2Fpresse%2Fnf_losreyes.zip|title:Los%20Reyes|rel:nofollow&#8220; css=&#8220;.vc_custom_1619714284196{margin-top: -15px !important;}&#8220;][vc_btn title=&#8220;DCP Trailer&#8220; color=&#8220;white&#8220; align=&#8220;center&#8220; i_icon_fontawesome=&#8220;fas fa-external-link-alt&#8220; button_block=&#8220;true&#8220; add_icon=&#8220;true&#8220; link=&#8220;url:https%3A%2F%2Fwww.eclairplay.com%2Fde_DEU%2Fmovies%2Flos-reyes|title:Los%20Reyes|target:_blank&#8220; css=&#8220;.vc_custom_1619301703946{margin-top: -15px !important;}&#8220;][\/vc_column][\/vc_row][vc_row css=&#8220;.vc_custom_1570471672721{margin-top: 15px !important;}&#8220;][vc_column][vc_column_text]<\/p>\n<h3>Interview mit den Regisseuren:<\/h3>\n<p>[\/vc_column_text][vc_column_text]<strong><em>&#8222;Wie entstand die Idee, Los Reyes zu machen?&#8220;<\/em><\/strong><\/p>\n<p><strong>Bettina<\/strong>: <em>&#8222;2009 schenkte ich Iv\u00e1n zu seinem Geburtstag ein Skateboard, damit er wieder fahren konnte. Er war seit 25 Jahren nicht mehr geskatet und tr\u00e4umte davon, es wieder zu tun. Also begann er, jede Woche in den Skatepark von Los Reyes zu gehen. Er freundete sich mit den jungen Skatern dort an und bekam ihre Gespr\u00e4che mit, von denen er mir sp\u00e4ter erz\u00e4hlte und die sehr interessant waren. Anfang 2013 kam dann bei uns die Idee auf, einen Film in Los Reyes zu drehen, der sich um die Jugendlichen dreht. Anfangs war ich von der Aussicht, mit Teenagern zu arbeiten, nicht sehr begeistert, aber als die Idee sich entwickelte, wurde ich mehr und mehr \u00fcberzeugt.&#8220;<\/em><\/p>\n<p><strong>Iv\u00e1n:<\/strong> <em>&#8222;Die Finanzierung des Projekts ging recht schnell, und Ende 2015 waren wir bereits dabei, erste Aufnahmen zu machen. Damit begannen auch unsere Probleme: Die Skaterinnen und Skater waren vor der Kamera angespannt, sie waren gehemmt, andere agierten \u00fcbertrieben, ihre Gespr\u00e4che waren leer, es funktionierte nicht. Zudem war Bettina mit dem visuellen Stil unzufrieden, sie fand, dass die Form zu konventionell sei, dass sie nicht mit unserer k\u00fcnstlerischen Identit\u00e4t \u00fcbereinstimme und dass wir hier ins Reality TV abrutschten.&#8220;<\/em>[\/vc_column_text][vc_row_inner][vc_column_inner width=&#8220;1\/2&#8243; css=&#8220;.vc_custom_1561290391124{border-right-width: -15px !important;}&#8220;][vc_single_image image=&#8220;51882&#8243; img_size=&#8220;full&#8220; onclick=&#8220;link_image&#8220;][\/vc_column_inner][vc_column_inner width=&#8220;1\/2&#8243;][vc_single_image image=&#8220;51888&#8243; img_size=&#8220;full&#8220; onclick=&#8220;link_image&#8220;][\/vc_column_inner][\/vc_row_inner][vc_column_text]<strong><em>&#8222;Wann sind die Hunde auf der Bildfl\u00e4che erschienen?&#8220;<\/em><\/strong><\/p>\n<p><strong>Bettina<\/strong>: <em>&#8222;Futbol und Chola tauchten gerade im schlimmsten Moment der Krise auf. Eines Tages skatete Iv\u00e1n in Los Reyes und ich rief ihn an, um ihm mitzuteilen, dass der Film gescheitert sei und abgebrochen werden m\u00fcsse. Er versuchte mich zu \u00fcberzeugen, dass das keine Option sei, dass wir unbedingt weitermachen m\u00fcssten, und neben vielen anderen Dingen erz\u00e4hlt er mir, dass genau in diesem Moment zwei Hunde mit einem Ball am Parkours spielten und dass ich mir das ansehen m\u00fcsse.&#8220;<\/em><\/p>\n<p><strong>Iv\u00e1n:<\/strong> <em>&#8222;Am n\u00e4chsten Tag ging Bettina also zu den Hunden und war gefesselt. &#8222;Der Film muss von diesen beiden Hunden handeln&#8220;, sagte sie. Ich war nicht einverstanden. Wir mussten die Hunde mit einbeziehen, aber es gab keinen Grund, die Skater deshalb auszuschlie\u00dfen! F\u00fcr Bettina aber waren die Hunde genau das Objekt f\u00fcr audiovisuelle Experimente, nach dem wir gesucht hatten und das unsere Probleme l\u00f6sen sollte.&#8220;<\/em><\/p>\n<p><strong>Bettina<\/strong>: <em>&#8222;Auf jeden Fall habe ich Iv\u00e1n davon \u00fcberzeugt, dass wir von nun an die Dreharbeiten auf die Hunde konzentrieren m\u00fcssen, weil ihnen jederzeit etwas passieren konnte, w\u00e4hrend die Skater immer da sein w\u00fcrden. Jeder Produzent w\u00e4re bei einer solchen \u00c4nderung in Panik geraten, aber Maite Alberdi und Dirk Manthey haben uns immer unterst\u00fctzt. Dasselbe gilt f\u00fcr Pablo Vald\u00e9s, unseren Kameramann, und die Institutionen, die den Film unterst\u00fctzt haben. Wir sind sehr dankbar.&#8220;<\/em><\/p>\n<p><strong>Iv\u00e1n:<\/strong> <em>&#8222;Und wir haben zehn Monate damit verbracht, die Hunde zu filmen. Am Ende hat sich Bettinas Eingebung, dass der Film von Futbol und Chola handeln muss, von selbst durchgesetzt. Sie hatte absolut Recht. Die Hunde monatelang zu filmen, bedeutete, sie im Detail zu erkunden, Dimensionen und unerwartete Beziehungen zu entdecken, \u00fcberraschende Bilder. Und die Skater blieben im Film, aber auf eine untergr\u00fcndigere Weise, sie wurden Teil der Klangatmosph\u00e4re der Welt der Hunde, dessen, was sie umgab.&#8220;<\/em>[\/vc_column_text][vc_row_inner][vc_column_inner css=&#8220;.vc_custom_1561290391124{border-right-width: -15px !important;}&#8220;][vc_single_image image=&#8220;51927&#8243; img_size=&#8220;full&#8220; onclick=&#8220;link_image&#8220;][\/vc_column_inner][\/vc_row_inner][vc_column_text]<strong><em>&#8222;Was sagten die Skater, als sie sahen, dass Sie Football und Chola filmten?&#8220;<\/em><\/strong><\/p>\n<p><strong>Bettina<\/strong>: <em>&#8222;Zuerst waren sie etwas verwundert, sie haben nicht verstanden, was das Sch\u00f6ne an diesen Hunden ist. Aber f\u00fcr uns war das sehr gut, denn von da an verloren sie ihre Hemmungen. Als sie wussten, dass sie nicht mehr die Protagonisten waren, fingen sie an, sich zu entspannen und vor uns und vor der Kamera sie selbst zu sein. Denn obwohl wir im Film nur ihre Stimmen h\u00f6ren und sie nie sehen, wurden die Aufnahmen immer mit der Kamera gemacht.&#8220;<\/em>[\/vc_column_text][vc_column_text]<strong><em>&#8222;Was war das Ergebnis dieses Prozesses?&#8220;<\/em><\/strong><\/p>\n<p><strong>Iv\u00e1n:<\/strong> <em>&#8222;Was schlie\u00dflich dabei herausgekommen ist, ist ein Film \u00fcber einen Mikrokosmos, den Skatepark Los Reyes, aus der Sicht des Alltags von zwei wunderbaren Hunden, Futbol und Chola, die sich lieben und die umgeben von Insekten, Schnellstra\u00dfen und menschlichen Heranwachsenden leben, die wiederum versuchen, auf eine etwas ungeschickte Art und Weise im Leben anzukommen. Worauf wir stolz sind, ist, dass all diese Dimensionen ineinander greifen und, wie es aussieht, ein starkes Kinoerlebnis schaffen.&#8220;<\/em>[\/vc_column_text][vc_separator][\/vc_column][\/vc_row][vc_row][vc_column][vc_empty_space height=&#8220;16px&#8220;][vc_column_text]<span style=\"font-family: arial, helvetica, sans-serif; font-size: 18pt;\">Kino Trailer (deutsch)<\/span>[\/vc_column_text][vc_video link=&#8220;https:\/\/youtu.be\/XieuhArZ_uU&#8220;][vc_empty_space height=&#8220;20px&#8220;][\/vc_column][\/vc_row][vc_row][vc_column width=&#8220;1\/5&#8243;][vc_btn title=&#8220;Amazon&#8220; style=&#8220;classic&#8220; color=&#8220;orange&#8220; size=&#8220;sm&#8220; align=&#8220;center&#8220; i_icon_fontawesome=&#8220;fab fa-amazon&#8220; button_block=&#8220;true&#8220; add_icon=&#8220;true&#8220; link=&#8220;url:https%3A%2F%2Fwww.amazon.de%2FLos-Reyes-OmU-Ivan-Osnovikoff%2Fdp%2FB0B46K9BMM|title:Amazon|target:_blank&#8220; css=&#8220;.vc_custom_1659112428707{margin-top: -10px !important;}&#8220;][\/vc_column][vc_column width=&#8220;1\/5&#8243;][vc_btn title=&#8220;Thalia&#8220; style=&#8220;flat&#8220; color=&#8220;success&#8220; size=&#8220;sm&#8220; align=&#8220;center&#8220; i_icon_fontawesome=&#8220;far fa-dot-circle&#8220; button_block=&#8220;true&#8220; add_icon=&#8220;true&#8220; link=&#8220;url:https%3A%2F%2Fwww.thalia.de%2Fshop%2Fhome%2Fartikeldetails%2FA1064213317|title:Thalia|target:_blank&#8220; css=&#8220;.vc_custom_1659112443868{margin-top: -10px !important;}&#8220;][\/vc_column][vc_column width=&#8220;1\/5&#8243;][vc_btn title=&#8220;Shop&#8220; style=&#8220;classic&#8220; color=&#8220;juicy-pink&#8220; size=&#8220;sm&#8220; align=&#8220;center&#8220; i_icon_fontawesome=&#8220;fas fa-shopping-cart&#8220; button_block=&#8220;true&#8220; add_icon=&#8220;true&#8220; link=&#8220;url:https%3A%2F%2Fucm.one%2Fde%2Fprodukt%2Flos-reyes-koenigliche-streuner|title:Shop&#8220; css=&#8220;.vc_custom_1680366669274{margin-top: -10px !important;}&#8220;][\/vc_column][vc_column width=&#8220;1\/5&#8243;][vc_btn title=&#8220;Apple&#8220; style=&#8220;classic&#8220; color=&#8220;sky&#8220; size=&#8220;sm&#8220; align=&#8220;center&#8220; i_icon_fontawesome=&#8220;fab fa-apple&#8220; button_block=&#8220;true&#8220; add_icon=&#8220;true&#8220; link=&#8220;url:https%3A%2F%2Ftv.apple.com%2Fde%2Fmovie%2Flos-reyes-konigliche-streuner%2Fumc.cmc.6iuauj551mnho9qjr1s2g0shz|title:Apple|target:_blank&#8220; css=&#8220;.vc_custom_1659116350998{margin-top: -10px !important;}&#8220;][\/vc_column][vc_column width=&#8220;1\/5&#8243;][vc_btn title=&#8220;Prime Video&#8220; style=&#8220;classic&#8220; color=&#8220;sky&#8220; size=&#8220;sm&#8220; align=&#8220;center&#8220; i_icon_fontawesome=&#8220;fab fa-amazon&#8220; button_block=&#8220;true&#8220; add_icon=&#8220;true&#8220; link=&#8220;url:https%3A%2F%2Fwww.amazon.de%2FLos-Reyes-K%C3%B6nigliche-Streuner-Futbol%2Fdp%2FB09T61QH1F|title:Prime%20Video|target:_blank&#8220; css=&#8220;.vc_custom_1659116417194{margin-top: -10px !important;}&#8220;][\/vc_column][\/vc_row][vc_row][vc_column][vc_separator][\/vc_column][\/vc_row][vc_row][vc_column][vc_empty_space height=&#8220;16px&#8220;][vc_column_text]<span style=\"font-size: 18pt;\">Pressestimmen<\/span>[\/vc_column_text][vc_column_text]<em>&#8222;Los Reyes ist ein mutiges und erfolgreiches Experiment: Es stellt die Perspektive der Tiere in den Mittelpunkt, nicht als Metapher f\u00fcr etwas Menschliches, sondern f\u00fcr sich selbst stehend.<\/em><em>&#8222;<\/em> (<strong>The Guardian<\/strong>)<\/p>\n<p><em>&#8222;Das Geplapper der Jugendlichen, der t\u00e4gliche Trott der Hunde aus Ruhe und Spiel wiegen uns in einen kontemplativen Zustand, der es uns erlaubt, das Geheimnis des Daseins besser zu verstehen.<\/em><em>&#8222;<\/em>\u00a0(<strong>The New York Times<\/strong>)<\/p>\n<p><em>&#8222;Die deutsche Koproduktion wurde rund um die betr\u00e4chtliche Leinwandpr\u00e4senz der unzertrennlichen Hauptdarsteller Chola und Futbol gebaut, es passiert nicht viel, aber sie hat viel Atmosph\u00e4re und bescheidenen Charme.<\/em><em>&#8222;<\/em>\u00a0(<strong>Hollywoodreporter<\/strong>)<\/p>\n<p><em>&#8222;Der entspannte Dokumentarfilm von Bettina Perut und Iv\u00e1n Osnovikoff ist ein Slow Burner, hat aber einen hypnotischen Charme.<\/em><em>&#8222;<\/em> (<strong>Screendaily<\/strong>)<\/p>\n<p><em>&#8222;Wie ein Nachmittag, den man beim Skaten oder Sonnenbaden im Park verbringt, ist der Film eine Flucht vor dem Stress da drau\u00dfen, ein Hauch von Freiheit in einer gesch\u00e4ftigen Welt.&#8220;<\/em> (<strong>Variety<\/strong>)[\/vc_column_text][\/vc_column][\/vc_row][vc_row][vc_column][vc_separator][vc_column_text]<\/p>\n<h2><span style=\"font-family: arial, helvetica, sans-serif;\">Neuigkeiten<\/span><\/h2>\n<p>[\/vc_column_text]<style type=\"text\/css\" data-type=\"the7_shortcodes-inline-css\">.blog-shortcode.blog-masonry-shortcode-id-6112a202132ac88bdb245e6c9321b25e.dividers-on.classic-layout-list article {\n  padding-top: 0;\n}\n.blog-shortcode.blog-masonry-shortcode-id-6112a202132ac88bdb245e6c9321b25e.dividers-on.classic-layout-list article:first-of-type {\n  margin-top: 0;\n  padding-top: 0;\n}\n.blog-shortcode.blog-masonry-shortcode-id-6112a202132ac88bdb245e6c9321b25e.classic-layout-list.mode-list .post-entry-content {\n  width: calc(100% - );\n}\n.blog-shortcode.blog-masonry-shortcode-id-6112a202132ac88bdb245e6c9321b25e.classic-layout-list.mode-list .no-img .post-entry-content {\n  width: 100%;\n}\n.blog-shortcode.blog-masonry-shortcode-id-6112a202132ac88bdb245e6c9321b25e .filter-bg-decoration .filter-categories a.act {\n  color: #fff;\n}\n.blog-shortcode.blog-masonry-shortcode-id-6112a202132ac88bdb245e6c9321b25e:not(.mode-masonry) article:first-of-type,\n.blog-shortcode.blog-masonry-shortcode-id-6112a202132ac88bdb245e6c9321b25e:not(.mode-masonry) article.visible.first:not(.product) {\n  margin-top: 0;\n}\n.blog-shortcode.blog-masonry-shortcode-id-6112a202132ac88bdb245e6c9321b25e.dividers-on:not(.mode-masonry) article {\n  margin-top: 0;\n}\n.blog-shortcode.blog-masonry-shortcode-id-6112a202132ac88bdb245e6c9321b25e.dividers-on:not(.mode-masonry) article:first-of-type,\n.blog-shortcode.blog-masonry-shortcode-id-6112a202132ac88bdb245e6c9321b25e.dividers-on:not(.mode-masonry) article.visible.first:not(.product) {\n  margin-top: 0;\n  padding-top: 0;\n}\n.blog-shortcode.blog-masonry-shortcode-id-6112a202132ac88bdb245e6c9321b25e .post-thumbnail-wrap {\n  padding: 0px 0px 0px 0px;\n}\n.blog-shortcode.blog-masonry-shortcode-id-6112a202132ac88bdb245e6c9321b25e.enable-bg-rollover .post-thumbnail-rollover:after {\n  background: -webkit-linear-gradient();\n  background: linear-gradient();\n}\n.blog-shortcode.blog-masonry-shortcode-id-6112a202132ac88bdb245e6c9321b25e .gallery-zoom-ico {\n  width: 44px;\n  height: 44px;\n  line-height: 44px;\n  border-radius: 100px;\n  margin: -22px 0 0 -22px;\n  border-width: 0px;\n  color: #ffffff;\n}\n.bottom-overlap-layout-list.blog-shortcode.blog-masonry-shortcode-id-6112a202132ac88bdb245e6c9321b25e .gallery-zoom-ico {\n  margin-top: -72px;\n}\n.gradient-overlay-layout-list.blog-shortcode.blog-masonry-shortcode-id-6112a202132ac88bdb245e6c9321b25e .gallery-zoom-ico,\n.content-rollover-layout-list.blog-shortcode.blog-masonry-shortcode-id-6112a202132ac88bdb245e6c9321b25e .gallery-zoom-ico {\n  margin: 0 0 10px;\n}\n.content-align-center.gradient-overlay-layout-list.blog-shortcode.blog-masonry-shortcode-id-6112a202132ac88bdb245e6c9321b25e .gallery-zoom-ico,\n.content-align-center.content-rollover-layout-list.blog-shortcode.blog-masonry-shortcode-id-6112a202132ac88bdb245e6c9321b25e .gallery-zoom-ico {\n  margin: 0 auto 10px;\n}\n.dt-icon-bg-on.blog-shortcode.blog-masonry-shortcode-id-6112a202132ac88bdb245e6c9321b25e .gallery-zoom-ico {\n  background: rgba(255,255,255,0.3);\n  box-shadow: none;\n}\n.blog-shortcode.blog-masonry-shortcode-id-6112a202132ac88bdb245e6c9321b25e .gallery-zoom-ico > span,\n.blog-shortcode.blog-masonry-shortcode-id-6112a202132ac88bdb245e6c9321b25e .gallery-zoom-ico:before {\n  font-size: 32px;\n  line-height: 44px;\n}\n.blog-shortcode.blog-masonry-shortcode-id-6112a202132ac88bdb245e6c9321b25e .gallery-zoom-ico > span,\n.blog-shortcode.blog-masonry-shortcode-id-6112a202132ac88bdb245e6c9321b25e .gallery-zoom-ico:before {\n  color: #ffffff;\n}\n.blog-shortcode.blog-masonry-shortcode-id-6112a202132ac88bdb245e6c9321b25e .entry-title,\n.blog-shortcode.blog-masonry-shortcode-id-6112a202132ac88bdb245e6c9321b25e.owl-carousel .entry-title {\n  margin-bottom: 5px;\n  font-weight: bold;\n}\n.blog-shortcode.blog-masonry-shortcode-id-6112a202132ac88bdb245e6c9321b25e .entry-meta {\n  margin-bottom: 15px;\n}\n.blog-shortcode.blog-masonry-shortcode-id-6112a202132ac88bdb245e6c9321b25e .portfolio-categories {\n  margin-bottom: 15px;\n}\n.blog-shortcode.blog-masonry-shortcode-id-6112a202132ac88bdb245e6c9321b25e .entry-excerpt {\n  margin-bottom: 5px;\n}\n.blog-shortcode.blog-masonry-shortcode-id-6112a202132ac88bdb245e6c9321b25e:not(.centered-layout-list) .post-entry-content {\n  padding: 25px 30px 30px 30px;\n}\n.blog-shortcode.blog-masonry-shortcode-id-6112a202132ac88bdb245e6c9321b25e:not(.centered-layout-list):not(.content-bg-on):not(.mode-list) .no-img .post-entry-content {\n  padding: 0;\n}\n@media screen and (max-width: ) {\n  .blog-shortcode.blog-masonry-shortcode-id-6112a202132ac88bdb245e6c9321b25e article {\n    -ms-flex-flow: column nowrap;\n    flex-flow: column nowrap;\n    margin-top: 20px;\n  }\n  .blog-shortcode.blog-masonry-shortcode-id-6112a202132ac88bdb245e6c9321b25e.dividers-on article {\n    border: none;\n  }\n  .blog-shortcode.blog-masonry-shortcode-id-6112a202132ac88bdb245e6c9321b25e.content-bg-on.centered-layout-list article {\n    padding: 0;\n  }\n  .blog-shortcode.blog-masonry-shortcode-id-6112a202132ac88bdb245e6c9321b25e.blog-shortcode.dividers-on article,\n  .blog-shortcode.blog-masonry-shortcode-id-6112a202132ac88bdb245e6c9321b25e.dividers-on.classic-layout-list article {\n    margin-top: 20px;\n    padding: 0;\n  }\n  .blog-shortcode.blog-masonry-shortcode-id-6112a202132ac88bdb245e6c9321b25e.blog-shortcode.dividers-on article:first-of-type,\n  .blog-shortcode.blog-masonry-shortcode-id-6112a202132ac88bdb245e6c9321b25e.dividers-on.classic-layout-list article:first-of-type {\n    padding: 0;\n  }\n  #page .blog-shortcode.blog-masonry-shortcode-id-6112a202132ac88bdb245e6c9321b25e .post-thumbnail-wrap,\n  #page .blog-shortcode.blog-masonry-shortcode-id-6112a202132ac88bdb245e6c9321b25e .post-entry-content {\n    width: 100%;\n    margin: 0;\n    top: 0;\n  }\n  #page .blog-shortcode.blog-masonry-shortcode-id-6112a202132ac88bdb245e6c9321b25e .post-thumbnail-wrap {\n    padding: 0;\n  }\n  #page .blog-shortcode.blog-masonry-shortcode-id-6112a202132ac88bdb245e6c9321b25e .post-entry-content:after {\n    display: none;\n  }\n  #page .blog-shortcode.blog-masonry-shortcode-id-6112a202132ac88bdb245e6c9321b25e .project-even .post-thumbnail-wrap,\n  #page .blog-shortcode.blog-masonry-shortcode-id-6112a202132ac88bdb245e6c9321b25e.centered-layout-list .post-thumbnail-wrap {\n    -ms-flex-order: 0;\n    order: 0;\n  }\n  #page .blog-shortcode.blog-masonry-shortcode-id-6112a202132ac88bdb245e6c9321b25e.centered-layout-list .post-entry-title-content {\n    -ms-flex-order: 1;\n    order: 1;\n    width: 100%;\n    padding: 20px 20px 0;\n  }\n  #page .blog-shortcode.blog-masonry-shortcode-id-6112a202132ac88bdb245e6c9321b25e.centered-layout-list .post-entry-content {\n    -ms-flex-order: 2;\n    order: 2;\n    padding-top: 0;\n  }\n  #page .blog-shortcode.blog-masonry-shortcode-id-6112a202132ac88bdb245e6c9321b25e .fancy-categories {\n    top: 10px;\n    left: 10px;\n    bottom: auto;\n    right: auto;\n  }\n  #page .blog-shortcode.blog-masonry-shortcode-id-6112a202132ac88bdb245e6c9321b25e .fancy-date a {\n    top: 10px;\n    right: 10px;\n    left: auto;\n    bottom: auto;\n  }\n  #page .blog-shortcode.blog-masonry-shortcode-id-6112a202132ac88bdb245e6c9321b25e .post-entry-content {\n    padding: 20px;\n  }\n  #page .blog-shortcode.blog-masonry-shortcode-id-6112a202132ac88bdb245e6c9321b25e .entry-title {\n    margin: 3px 0 5px;\n    font-size: 20px;\n    line-height: 26px;\n  }\n  #page .blog-shortcode.blog-masonry-shortcode-id-6112a202132ac88bdb245e6c9321b25e .entry-meta {\n    margin: 5px 0 5px;\n  }\n  #page .blog-shortcode.blog-masonry-shortcode-id-6112a202132ac88bdb245e6c9321b25e .entry-excerpt {\n    margin: 15px 0 0;\n  }\n  #page .blog-shortcode.blog-masonry-shortcode-id-6112a202132ac88bdb245e6c9321b25e .post-details {\n    margin: 5px 0 10px;\n  }\n  #page .blog-shortcode.blog-masonry-shortcode-id-6112a202132ac88bdb245e6c9321b25e .post-details.details-type-link {\n    margin-bottom: 2px;\n  }\n}\n.blog-shortcode.blog-masonry-shortcode-id-6112a202132ac88bdb245e6c9321b25e:not(.resize-by-browser-width) .dt-css-grid {\n  grid-row-gap: 30px;\n  grid-column-gap: 30px;\n  grid-template-columns: repeat(auto-fill,minmax(,1fr));\n}\n.blog-shortcode.blog-masonry-shortcode-id-6112a202132ac88bdb245e6c9321b25e:not(.resize-by-browser-width) .dt-css-grid .double-width {\n  grid-column: span 2;\n}\n.cssgridlegacy.no-cssgrid .blog-shortcode.blog-masonry-shortcode-id-6112a202132ac88bdb245e6c9321b25e:not(.resize-by-browser-width) .dt-css-grid,\n.no-cssgridlegacy.no-cssgrid .blog-shortcode.blog-masonry-shortcode-id-6112a202132ac88bdb245e6c9321b25e:not(.resize-by-browser-width) .dt-css-grid {\n  display: flex;\n  flex-flow: row wrap;\n  margin: -15px;\n}\n.cssgridlegacy.no-cssgrid .blog-shortcode.blog-masonry-shortcode-id-6112a202132ac88bdb245e6c9321b25e:not(.resize-by-browser-width) .dt-css-grid .wf-cell,\n.no-cssgridlegacy.no-cssgrid .blog-shortcode.blog-masonry-shortcode-id-6112a202132ac88bdb245e6c9321b25e:not(.resize-by-browser-width) .dt-css-grid .wf-cell {\n  flex: 1 0 ;\n  max-width: 100%;\n  padding: 15px;\n  box-sizing: border-box;\n}\n.blog-shortcode.blog-masonry-shortcode-id-6112a202132ac88bdb245e6c9321b25e.resize-by-browser-width .dt-css-grid {\n  grid-template-columns: repeat(2,1fr);\n  grid-template-rows: auto;\n  grid-column-gap: 30px;\n  grid-row-gap: 30px;\n}\n.blog-shortcode.blog-masonry-shortcode-id-6112a202132ac88bdb245e6c9321b25e.resize-by-browser-width .dt-css-grid .double-width {\n  grid-column: span 2;\n}\n.cssgridlegacy.no-cssgrid .blog-shortcode.blog-masonry-shortcode-id-6112a202132ac88bdb245e6c9321b25e.resize-by-browser-width .dt-css-grid {\n  margin: -15px;\n}\n.cssgridlegacy.no-cssgrid .blog-shortcode.blog-masonry-shortcode-id-6112a202132ac88bdb245e6c9321b25e.resize-by-browser-width .dt-css-grid .wf-cell {\n  width: 50%;\n  padding: 15px;\n}\n.cssgridlegacy.no-cssgrid .blog-shortcode.blog-masonry-shortcode-id-6112a202132ac88bdb245e6c9321b25e.resize-by-browser-width .dt-css-grid .wf-cell.double-width {\n  width: calc(50%) * 2;\n}\n.blog-shortcode.blog-masonry-shortcode-id-6112a202132ac88bdb245e6c9321b25e.resize-by-browser-width:not(.centered-layout-list):not(.content-bg-on) .dt-css-grid {\n  grid-row-gap: 0px;\n}\n@media screen and (max-width: 1199px) {\n  .blog-shortcode.blog-masonry-shortcode-id-6112a202132ac88bdb245e6c9321b25e.resize-by-browser-width .dt-css-grid {\n    grid-template-columns: repeat(2,1fr);\n  }\n  .cssgridlegacy.no-cssgrid .blog-shortcode.blog-masonry-shortcode-id-6112a202132ac88bdb245e6c9321b25e.resize-by-browser-width .dt-css-grid .wf-cell,\n  .no-cssgridlegacy.no-cssgrid .blog-shortcode.blog-masonry-shortcode-id-6112a202132ac88bdb245e6c9321b25e.resize-by-browser-width .dt-css-grid .wf-cell {\n    width: 50%;\n  }\n  .cssgridlegacy.no-cssgrid .blog-shortcode.blog-masonry-shortcode-id-6112a202132ac88bdb245e6c9321b25e.resize-by-browser-width .dt-css-grid .wf-cell.double-width,\n  .no-cssgridlegacy.no-cssgrid .blog-shortcode.blog-masonry-shortcode-id-6112a202132ac88bdb245e6c9321b25e.resize-by-browser-width .dt-css-grid .wf-cell.double-width {\n    width: calc(50%)*2;\n  }\n}\n@media screen and (max-width: 991px) {\n  .blog-shortcode.blog-masonry-shortcode-id-6112a202132ac88bdb245e6c9321b25e.resize-by-browser-width .dt-css-grid {\n    grid-template-columns: repeat(1,1fr);\n  }\n  .cssgridlegacy.no-cssgrid .blog-shortcode.blog-masonry-shortcode-id-6112a202132ac88bdb245e6c9321b25e.resize-by-browser-width .dt-css-grid .wf-cell,\n  .no-cssgridlegacy.no-cssgrid .blog-shortcode.blog-masonry-shortcode-id-6112a202132ac88bdb245e6c9321b25e.resize-by-browser-width .dt-css-grid .wf-cell {\n    width: 100%;\n  }\n  .cssgridlegacy.no-cssgrid .blog-shortcode.blog-masonry-shortcode-id-6112a202132ac88bdb245e6c9321b25e.resize-by-browser-width .dt-css-grid .wf-cell.double-width,\n  .no-cssgridlegacy.no-cssgrid .blog-shortcode.blog-masonry-shortcode-id-6112a202132ac88bdb245e6c9321b25e.resize-by-browser-width .dt-css-grid .wf-cell.double-width {\n    width: calc(100%)*2;\n  }\n}\n@media screen and (max-width: 767px) {\n  .blog-shortcode.blog-masonry-shortcode-id-6112a202132ac88bdb245e6c9321b25e.resize-by-browser-width .dt-css-grid {\n    grid-template-columns: repeat(1,1fr);\n  }\n  .blog-shortcode.blog-masonry-shortcode-id-6112a202132ac88bdb245e6c9321b25e.resize-by-browser-width .dt-css-grid .double-width {\n    grid-column: span 1;\n  }\n  .cssgridlegacy.no-cssgrid .blog-shortcode.blog-masonry-shortcode-id-6112a202132ac88bdb245e6c9321b25e.resize-by-browser-width .dt-css-grid .wf-cell,\n  .no-cssgridlegacy.no-cssgrid .blog-shortcode.blog-masonry-shortcode-id-6112a202132ac88bdb245e6c9321b25e.resize-by-browser-width .dt-css-grid .wf-cell {\n    width: 100%;\n  }\n  .cssgridlegacy.no-cssgrid .blog-shortcode.blog-masonry-shortcode-id-6112a202132ac88bdb245e6c9321b25e.resize-by-browser-width .dt-css-grid .wf-cell.double-width,\n  .no-cssgridlegacy.no-cssgrid .blog-shortcode.blog-masonry-shortcode-id-6112a202132ac88bdb245e6c9321b25e.resize-by-browser-width .dt-css-grid .wf-cell.double-width {\n    width: calc(100%)*2;\n  }\n}<\/style><div class=\"blog-shortcode blog-masonry-shortcode-id-6112a202132ac88bdb245e6c9321b25e mode-grid classic-layout-list content-bg-on jquery-filter scale-img dt-css-grid-wrap dt-icon-bg-off resize-by-browser-width loading-effect-none description-under-image \" data-padding=\"15px\" data-cur-page=\"1\" data-post-limit=\"-1\" data-pagination-mode=\"none\" data-desktop-columns-num=\"2\" data-v-tablet-columns-num=\"1\" data-h-tablet-columns-num=\"2\" data-phone-columns-num=\"1\" data-width=\"0px\" data-columns=\"0\"><div class=\"dt-css-grid\" ><div class=\"visible wf-cell\" data-post-id=\"72278\" data-date=\"2022-07-29T16:18:29+00:00\" data-name=\"\ud83c\udfac Ab heute auf DVD erh\u00e4ltlich: &quot;Los Reyes - K\u00f6nigliche Streuner&quot; (NONFY Documentaries)\"><article class=\"post project-odd visible post-72278 type-post status-publish format-standard has-post-thumbnail hentry category-dokumentarfilm category-film category-news category-nonfy-documentaries tag-adolfo-mesias tag-alte-muenze tag-bettina-perut tag-chile tag-dirk-manthey tag-freiluftkino tag-ivan-osnovikoff tag-koenigliche-streuner tag-los-reyes tag-mobile-kino tag-nonfy-documentaries tag-open-air tag-open-air-kino tag-pablo-valdes tag-santiago tag-skateboard tag-skatepark tag-skater category-6267 category-8 category-13 category-4587\" data-name=\"\ud83c\udfac Ab heute auf DVD erh\u00e4ltlich: &#8222;Los Reyes &#8211; K\u00f6nigliche Streuner&#8220; (NONFY Documentaries)\" data-date=\"2022-07-29T16:18:29+00:00\">\n\n<div class=\"post-thumbnail-wrap\">\n\t<div class=\"post-thumbnail\">\n\t\t\n\t\t\n\t\t<a href=\"https:\/\/ucm.one\/de\/ab-heute-auf-dvd-erhaeltlich-los-reyes-koenigliche-streuner-nonfy-documentaries\/\" class=\"post-thumbnail-rollover layzr-bg layzr-bg\" ><img decoding=\"async\" class=\"iso-lazy-load preload-me iso-lazy-load aspect\" src=\"data:image\/svg+xml,%3Csvg%20xmlns%3D&#39;http%3A%2F%2Fwww.w3.org%2F2000%2Fsvg&#39;%20viewBox%3D&#39;0%200%20990%20309&#39;%2F%3E\" data-src=\"https:\/\/ucm.one\/wp-content\/uploads\/2022\/07\/B-Los-Reyes-Koenigliche-Streuner-990x309.jpg\" data-srcset=\"https:\/\/ucm.one\/wp-content\/uploads\/2022\/07\/B-Los-Reyes-Koenigliche-Streuner-990x309.jpg 990w, https:\/\/ucm.one\/wp-content\/uploads\/2022\/07\/B-Los-Reyes-Koenigliche-Streuner-1485x464.jpg 1485w\" loading=\"eager\" style=\"--ratio: 990 \/ 309\" sizes=\"(max-width: 990px) 100vw, 990px\" alt=\"\" title=\"B Los Reyes &#8211; K\u00f6nigliche Streuner\" width=\"990\" height=\"309\"  \/><\/a>\t<\/div>\n<\/div>\n\n\n<div class=\"post-entry-content\">\n\n\t<h3 class=\"entry-title\">\n\t\t<a href=\"https:\/\/ucm.one\/de\/ab-heute-auf-dvd-erhaeltlich-los-reyes-koenigliche-streuner-nonfy-documentaries\/\" title=\"\ud83c\udfac Ab heute auf DVD erh\u00e4ltlich: &#8222;Los Reyes &#8211; K\u00f6nigliche Streuner&#8220; (NONFY Documentaries)\" rel=\"bookmark\">\ud83c\udfac Ab heute auf DVD erh\u00e4ltlich: &#8222;Los Reyes &#8211; K\u00f6nigliche Streuner&#8220; (NONFY Documentaries)<\/a>\n\t<\/h3>\n\n\t<div class=\"entry-meta\"><span class=\"category-link\"><a href=\"https:\/\/ucm.one\/de\/category\/news\/dokumentarfilm\/\" >Dokumentarfilm<\/a>, <a href=\"https:\/\/ucm.one\/de\/category\/news\/film\/\" >Film<\/a>, <a href=\"https:\/\/ucm.one\/de\/category\/news\/\" >News<\/a>, <a href=\"https:\/\/ucm.one\/de\/category\/news\/film\/nonfy-documentaries\/\" >NONFY Documentaries<\/a><\/span><a class=\"author vcard\" href=\"\" title=\"Zeige alle Beitr\u00e4ge von Joachim Keil\" rel=\"author\">Von <span class=\"fn\">Joachim Keil<\/span><\/a><a href=\"https:\/\/ucm.one\/de\/2022\/07\/29\/\" title=\"16:18\" class=\"data-link\" rel=\"bookmark\"><time class=\"entry-date updated\" datetime=\"2022-07-29T16:18:29+00:00\">29. Juli 2022<\/time><\/a><\/div>\n\t<div class=\"entry-excerpt\"><p>[vc_row][vc_column width=&#8220;3\/4&#8243;][vc_column_text]Seite heute ist der gefeierte Dokumentarfilm &#8222;Los Reyes &#8211; K\u00f6nigliche Streuner&#8220; von\u00a0Regisseurin\u00a0Bettina Perut &amp; Regisseur Iv\u00e1n Osnovikoff \u00fcber das Label NONFY Documentaries von UCM.ONE\u00a0in Deutschland, \u00d6sterreich und der Schweiz auf DVD erh\u00e4ltlich.[\/vc_column_text][vc_column_text]Inhaltsangabe: Los Reyes (&#8222;Die K\u00f6nige&#8220;) ist der \u00e4lteste Skatepark in der chilenischen Hauptstadt Santiago. Dieser Film aber handelt nicht in erster Linie von&hellip;<\/p>\n<\/div>\n\t\n<a href=\"https:\/\/ucm.one\/de\/ab-heute-auf-dvd-erhaeltlich-los-reyes-koenigliche-streuner-nonfy-documentaries\/\" class=\"post-details details-type-link\" aria-label=\"Read more about \ud83c\udfac Ab heute auf DVD erh\u00e4ltlich: &#8222;Los Reyes &#8211; K\u00f6nigliche Streuner&#8220; (NONFY Documentaries)\">Mehr lesen<i class=\"dt-icon-the7-arrow-03\" aria-hidden=\"true\"><\/i><\/a>\n\n<\/div><\/article><\/div><div class=\"visible wf-cell\" data-post-id=\"54322\" data-date=\"2021-07-08T10:46:18+00:00\" data-name=\"Heute Kinostart von &quot;Los Reyes - K\u00f6nigliche Streuner&quot;\"><article class=\"post project-odd visible post-54322 type-post status-publish format-standard has-post-thumbnail hentry category-dokumentarfilm category-film category-kino category-news category-nonfy-documentaries category-verleih tag-adolfo-mesias tag-b-ware-ladenkino tag-berlin tag-bettina-perut tag-chile tag-dirk-manthey tag-ivan-osnovikoff tag-koenigliche-streuner tag-los-reyes tag-nonfy-documentaries tag-pablo-valdes tag-santiago tag-skateboard tag-skatepark tag-skater category-6267 category-8 category-10 category-13 category-4587 category-752\" data-name=\"Heute Kinostart von &#8222;Los Reyes &#8211; K\u00f6nigliche Streuner&#8220;\" data-date=\"2021-07-08T10:46:18+00:00\">\n\n<div class=\"post-thumbnail-wrap\">\n\t<div class=\"post-thumbnail\">\n\t\t\n\t\t\n\t\t<a href=\"https:\/\/ucm.one\/de\/heute-kinostart-von-los-reyes-koenigliche-streuner\/\" class=\"post-thumbnail-rollover layzr-bg layzr-bg\" ><img decoding=\"async\" class=\"iso-lazy-load preload-me iso-lazy-load aspect\" src=\"data:image\/svg+xml,%3Csvg%20xmlns%3D&#39;http%3A%2F%2Fwww.w3.org%2F2000%2Fsvg&#39;%20viewBox%3D&#39;0%200%20990%20309&#39;%2F%3E\" data-src=\"https:\/\/ucm.one\/wp-content\/uploads\/2021\/07\/Los-Reyes-Banner-Kinostart-990x309.jpg\" data-srcset=\"https:\/\/ucm.one\/wp-content\/uploads\/2021\/07\/Los-Reyes-Banner-Kinostart-990x309.jpg 990w, https:\/\/ucm.one\/wp-content\/uploads\/2021\/07\/Los-Reyes-Banner-Kinostart-1485x464.jpg 1485w\" loading=\"eager\" style=\"--ratio: 990 \/ 309\" sizes=\"(max-width: 990px) 100vw, 990px\" alt=\"\" title=\"Los Reyes &#8211; Banner &#8211; Kinostart\" width=\"990\" height=\"309\"  \/><\/a>\t<\/div>\n<\/div>\n\n\n<div class=\"post-entry-content\">\n\n\t<h3 class=\"entry-title\">\n\t\t<a href=\"https:\/\/ucm.one\/de\/heute-kinostart-von-los-reyes-koenigliche-streuner\/\" title=\"Heute Kinostart von &#8222;Los Reyes &#8211; K\u00f6nigliche Streuner&#8220;\" rel=\"bookmark\">Heute Kinostart von &#8222;Los Reyes &#8211; K\u00f6nigliche Streuner&#8220;<\/a>\n\t<\/h3>\n\n\t<div class=\"entry-meta\"><span class=\"category-link\"><a href=\"https:\/\/ucm.one\/de\/category\/news\/dokumentarfilm\/\" >Dokumentarfilm<\/a>, <a href=\"https:\/\/ucm.one\/de\/category\/news\/film\/\" >Film<\/a>, <a href=\"https:\/\/ucm.one\/de\/category\/news\/kino\/\" >Kino<\/a>, <a href=\"https:\/\/ucm.one\/de\/category\/news\/\" >News<\/a>, <a href=\"https:\/\/ucm.one\/de\/category\/news\/film\/nonfy-documentaries\/\" >NONFY Documentaries<\/a>, <a href=\"https:\/\/ucm.one\/de\/category\/news\/verleih\/\" >Verleih<\/a><\/span><a class=\"author vcard\" href=\"\" title=\"Zeige alle Beitr\u00e4ge von Joachim Keil\" rel=\"author\">Von <span class=\"fn\">Joachim Keil<\/span><\/a><a href=\"https:\/\/ucm.one\/de\/2021\/07\/08\/\" title=\"10:46\" class=\"data-link\" rel=\"bookmark\"><time class=\"entry-date updated\" datetime=\"2021-07-08T10:46:18+00:00\">8. Juli 2021<\/time><\/a><\/div>\n\t<div class=\"entry-excerpt\"><p>[vc_row][vc_column][vc_column_text]Es ist so weit: Heute startet der wundervolle Dokumentarfilm &#8222;Los Reyes &#8211; K\u00f6nigliche Streuner&#8220; von Bettina Perut und Iv\u00e1n Osnovikoff offiziell im Kino, im Verleih von UCM.ONE auf dem Label NONFY Documentaries! Die Kinostart-Premiere findet heute Abend um 20:30 Uhr im B-Ware Ladenkino in Berlin statt, die beiden Regisseure sind aus Santiago de Chile per&hellip;<\/p>\n<\/div>\n\t\n<a href=\"https:\/\/ucm.one\/de\/heute-kinostart-von-los-reyes-koenigliche-streuner\/\" class=\"post-details details-type-link\" aria-label=\"Read more about Heute Kinostart von &#8222;Los Reyes &#8211; K\u00f6nigliche Streuner&#8220;\">Mehr lesen<i class=\"dt-icon-the7-arrow-03\" aria-hidden=\"true\"><\/i><\/a>\n\n<\/div><\/article><\/div><div class=\"visible wf-cell\" data-post-id=\"53562\" data-date=\"2021-06-07T20:06:59+00:00\" data-name=\"Heute Abend Open Air Kino Preview  &quot;Los Reyes  - K\u00f6nigliche Streuner&quot; in der Alten M\u00fcnze in Berlin\"><article class=\"post project-odd visible post-53562 type-post status-publish format-standard has-post-thumbnail hentry category-dokumentarfilm category-film category-kino category-news category-nonfy-documentaries category-verleih tag-adolfo-mesias tag-alte-muenze tag-bettina-perut tag-chile tag-dirk-manthey tag-freiluftkino tag-ivan-osnovikoff tag-koenigliche-streuner tag-los-reyes tag-mobile-kino tag-nonfy-documentaries tag-open-air tag-open-air-kino tag-pablo-valdes tag-santiago tag-skateboard tag-skatepark tag-skater category-6267 category-8 category-10 category-13 category-4587 category-752\" data-name=\"Heute Abend Open Air Kino Preview  &#8222;Los Reyes  &#8211; K\u00f6nigliche Streuner&#8220; in der Alten M\u00fcnze in Berlin\" data-date=\"2021-06-07T20:06:59+00:00\">\n\n<div class=\"post-thumbnail-wrap\">\n\t<div class=\"post-thumbnail\">\n\t\t\n\t\t\n\t\t<a href=\"https:\/\/ucm.one\/de\/heute-abend-open-air-kino-preview-los-reyes-koenigliche-streuner-in-der-alten-muenze-in-berlin\/\" class=\"post-thumbnail-rollover layzr-bg layzr-bg\" ><img decoding=\"async\" class=\"iso-lazy-load preload-me iso-lazy-load aspect\" src=\"data:image\/svg+xml,%3Csvg%20xmlns%3D&#39;http%3A%2F%2Fwww.w3.org%2F2000%2Fsvg&#39;%20viewBox%3D&#39;0%200%20990%20309&#39;%2F%3E\" data-src=\"https:\/\/ucm.one\/wp-content\/uploads\/2021\/06\/LosReyes_Banner_210607-990x309.jpg\" data-srcset=\"https:\/\/ucm.one\/wp-content\/uploads\/2021\/06\/LosReyes_Banner_210607-990x309.jpg 990w, https:\/\/ucm.one\/wp-content\/uploads\/2021\/06\/LosReyes_Banner_210607-1485x464.jpg 1485w\" loading=\"eager\" style=\"--ratio: 990 \/ 309\" sizes=\"(max-width: 990px) 100vw, 990px\" alt=\"\" title=\"LosReyes_Banner_210607\" width=\"990\" height=\"309\"  \/><\/a>\t<\/div>\n<\/div>\n\n\n<div class=\"post-entry-content\">\n\n\t<h3 class=\"entry-title\">\n\t\t<a href=\"https:\/\/ucm.one\/de\/heute-abend-open-air-kino-preview-los-reyes-koenigliche-streuner-in-der-alten-muenze-in-berlin\/\" title=\"Heute Abend Open Air Kino Preview  &#8222;Los Reyes  &#8211; K\u00f6nigliche Streuner&#8220; in der Alten M\u00fcnze in Berlin\" rel=\"bookmark\">Heute Abend Open Air Kino Preview  &#8222;Los Reyes  &#8211; K\u00f6nigliche Streuner&#8220; in der Alten M\u00fcnze in Berlin<\/a>\n\t<\/h3>\n\n\t<div class=\"entry-meta\"><span class=\"category-link\"><a href=\"https:\/\/ucm.one\/de\/category\/news\/dokumentarfilm\/\" >Dokumentarfilm<\/a>, <a href=\"https:\/\/ucm.one\/de\/category\/news\/film\/\" >Film<\/a>, <a href=\"https:\/\/ucm.one\/de\/category\/news\/kino\/\" >Kino<\/a>, <a href=\"https:\/\/ucm.one\/de\/category\/news\/\" >News<\/a>, <a href=\"https:\/\/ucm.one\/de\/category\/news\/film\/nonfy-documentaries\/\" >NONFY Documentaries<\/a>, <a href=\"https:\/\/ucm.one\/de\/category\/news\/verleih\/\" >Verleih<\/a><\/span><a class=\"author vcard\" href=\"\" title=\"Zeige alle Beitr\u00e4ge von Joachim Keil\" rel=\"author\">Von <span class=\"fn\">Joachim Keil<\/span><\/a><a href=\"https:\/\/ucm.one\/de\/2021\/06\/07\/\" title=\"20:06\" class=\"data-link\" rel=\"bookmark\"><time class=\"entry-date updated\" datetime=\"2021-06-07T20:06:59+00:00\">7. Juni 2021<\/time><\/a><\/div>\n\t<div class=\"entry-excerpt\"><p>[vc_row][vc_column][vc_column_text]Der gefeierte Dokumentarfilm &#8222;Los Reyes &#8211; K\u00f6nigliche Streuner&#8220; er\u00f6ffnet heute Abend um 21:45 Uhr die Freiluftkino-Saison des Mobile Kino in der Alten M\u00fcnze, Molkenmarkt 2, in Berlin Mitte.\u00a0Die beiden Regisseurin\u00a0Bettina Perut &amp; Regisseur Iv\u00e1n Osnovikoff\u00a0werden per Video f\u00fcr ein Filmgespr\u00e4ch und Q&amp;A aus Chile dazugeschaltet.[\/vc_column_text][vc_column_text]Tickets und weitere Informationen k\u00f6nnen hier gefunden werden: Open Air Preview&hellip;<\/p>\n<\/div>\n\t\n<a href=\"https:\/\/ucm.one\/de\/heute-abend-open-air-kino-preview-los-reyes-koenigliche-streuner-in-der-alten-muenze-in-berlin\/\" class=\"post-details details-type-link\" aria-label=\"Read more about Heute Abend Open Air Kino Preview  &#8222;Los Reyes  &#8211; K\u00f6nigliche Streuner&#8220; in der Alten M\u00fcnze in Berlin\">Mehr lesen<i class=\"dt-icon-the7-arrow-03\" aria-hidden=\"true\"><\/i><\/a>\n\n<\/div><\/article><\/div><div class=\"visible wf-cell\" data-post-id=\"51912\" data-date=\"2021-04-10T23:35:27+00:00\" data-name=\"UCM.ONE bringt die Dokumentation &quot;Los Reyes - K\u00f6nigliche Streuner&quot; von Bettina Perut &amp; Iv\u00e1n Osnovikoff in die Kinos\"><article class=\"post project-odd visible post-51912 type-post status-publish format-standard has-post-thumbnail hentry category-dokumentarfilm category-film category-kino category-news category-nonfy-documentaries category-verleih tag-adolfo-mesias tag-bettina-perut tag-chile tag-dirk-manthey tag-ivan-osnovikoff tag-koenigliche-streuner tag-los-reyes tag-nonfy-documentaries tag-pablo-valdes tag-santiago tag-skateboard tag-skatepark tag-skater category-6267 category-8 category-10 category-13 category-4587 category-752\" data-name=\"UCM.ONE bringt die Dokumentation &#8222;Los Reyes &#8211; K\u00f6nigliche Streuner&#8220; von Bettina Perut &#038; Iv\u00e1n Osnovikoff in die Kinos\" data-date=\"2021-04-10T23:35:27+00:00\">\n\n<div class=\"post-thumbnail-wrap\">\n\t<div class=\"post-thumbnail\">\n\t\t\n\t\t\n\t\t<a href=\"https:\/\/ucm.one\/de\/ucm-one-bringt-die-dokumentation-los-reyes-koenigliche-streuner-von-bettina-perut-ivan-osnovikoff-in-die-kinos\/\" class=\"post-thumbnail-rollover layzr-bg layzr-bg\" ><img decoding=\"async\" class=\"iso-lazy-load preload-me iso-lazy-load aspect\" src=\"data:image\/svg+xml,%3Csvg%20xmlns%3D&#39;http%3A%2F%2Fwww.w3.org%2F2000%2Fsvg&#39;%20viewBox%3D&#39;0%200%20990%20309&#39;%2F%3E\" data-src=\"https:\/\/ucm.one\/wp-content\/uploads\/2021\/04\/los-reyes-banner-artwork-990x309.jpg\" data-srcset=\"https:\/\/ucm.one\/wp-content\/uploads\/2021\/04\/los-reyes-banner-artwork-990x309.jpg 990w, https:\/\/ucm.one\/wp-content\/uploads\/2021\/04\/los-reyes-banner-artwork-1485x464.jpg 1485w\" loading=\"eager\" style=\"--ratio: 990 \/ 309\" sizes=\"(max-width: 990px) 100vw, 990px\" alt=\"\" title=\"los-reyes-banner-artwork\" width=\"990\" height=\"309\"  \/><\/a>\t<\/div>\n<\/div>\n\n\n<div class=\"post-entry-content\">\n\n\t<h3 class=\"entry-title\">\n\t\t<a href=\"https:\/\/ucm.one\/de\/ucm-one-bringt-die-dokumentation-los-reyes-koenigliche-streuner-von-bettina-perut-ivan-osnovikoff-in-die-kinos\/\" title=\"UCM.ONE bringt die Dokumentation &#8222;Los Reyes &#8211; K\u00f6nigliche Streuner&#8220; von Bettina Perut &#038; Iv\u00e1n Osnovikoff in die Kinos\" rel=\"bookmark\">UCM.ONE bringt die Dokumentation &#8222;Los Reyes &#8211; K\u00f6nigliche Streuner&#8220; von Bettina Perut &#038; Iv\u00e1n Osnovikoff in die Kinos<\/a>\n\t<\/h3>\n\n\t<div class=\"entry-meta\"><span class=\"category-link\"><a href=\"https:\/\/ucm.one\/de\/category\/news\/dokumentarfilm\/\" >Dokumentarfilm<\/a>, <a href=\"https:\/\/ucm.one\/de\/category\/news\/film\/\" >Film<\/a>, <a href=\"https:\/\/ucm.one\/de\/category\/news\/kino\/\" >Kino<\/a>, <a href=\"https:\/\/ucm.one\/de\/category\/news\/\" >News<\/a>, <a href=\"https:\/\/ucm.one\/de\/category\/news\/film\/nonfy-documentaries\/\" >NONFY Documentaries<\/a>, <a href=\"https:\/\/ucm.one\/de\/category\/news\/verleih\/\" >Verleih<\/a><\/span><a class=\"author vcard\" href=\"\" title=\"Zeige alle Beitr\u00e4ge von Joachim Keil\" rel=\"author\">Von <span class=\"fn\">Joachim Keil<\/span><\/a><a href=\"https:\/\/ucm.one\/de\/2021\/04\/10\/\" title=\"23:35\" class=\"data-link\" rel=\"bookmark\"><time class=\"entry-date updated\" datetime=\"2021-04-10T23:35:27+00:00\">10. April 2021<\/time><\/a><\/div>\n\t<div class=\"entry-excerpt\"><p>[vc_row][vc_column][vc_column_text]Der Film &#8222;Los Reyes &#8211; K\u00f6nigliche Streuner&#8220; wird auf der Filmlabel NONFY Documentaries \u00fcber den Verleih UCM.ONE im deutschsprachigen Raum am 10.06.2021 in die Kinos kommen. Der Film handelt aber\u00a0nicht in erster Linie von den Skatern des bekannten und \u00e4ltesten Skaterparks Los Reyes\u00a0in der\u00a0chilenischen\u00a0Hauptstadt\u00a0Santiago\u00a0 sondern von den wahren K\u00f6nigen dieses Mikrokosmos: Futbol und Chola, zwei&hellip;<\/p>\n<\/div>\n\t\n<a href=\"https:\/\/ucm.one\/de\/ucm-one-bringt-die-dokumentation-los-reyes-koenigliche-streuner-von-bettina-perut-ivan-osnovikoff-in-die-kinos\/\" class=\"post-details details-type-link\" aria-label=\"Read more about UCM.ONE bringt die Dokumentation &#8222;Los Reyes &#8211; K\u00f6nigliche Streuner&#8220; von Bettina Perut &#038; Iv\u00e1n Osnovikoff in die Kinos\">Mehr lesen<i class=\"dt-icon-the7-arrow-03\" aria-hidden=\"true\"><\/i><\/a>\n\n<\/div><\/article><\/div><div class=\"visible wf-cell\" data-post-id=\"30490\" data-date=\"2019-05-09T16:14:10+00:00\" data-name=\"Deutschlandpremiere vom &quot;Los Reyes&quot; (NONFY Documentaries) beim DOK.fest M\u00fcnchen\"><article class=\"post project-odd visible post-30490 type-post status-publish format-standard has-post-thumbnail hentry category-film category-kino category-news category-nonfy-documentaries tag-bettina-perut tag-chile tag-dirk-manthey tag-dok-fest-muenchen tag-dokumentation tag-hunde tag-ivan-osnovikoff tag-los-reyes tag-nonfy-documentaries tag-skatepark tag-skater category-8 category-10 category-13 category-4587\" data-name=\"Deutschlandpremiere vom &#8222;Los Reyes&#8220; (NONFY Documentaries) beim DOK.fest M\u00fcnchen\" data-date=\"2019-05-09T16:14:10+00:00\">\n\n<div class=\"post-thumbnail-wrap\">\n\t<div class=\"post-thumbnail\">\n\t\t\n\t\t\n\t\t<a href=\"https:\/\/ucm.one\/de\/deutschlandpremiere-vom-los-reyes-nonfy-documentaries-beim-dok-fest-muenchen\/\" class=\"post-thumbnail-rollover layzr-bg layzr-bg\" ><img decoding=\"async\" class=\"iso-lazy-load preload-me iso-lazy-load aspect\" src=\"data:image\/svg+xml,%3Csvg%20xmlns%3D&#39;http%3A%2F%2Fwww.w3.org%2F2000%2Fsvg&#39;%20viewBox%3D&#39;0%200%20990%20309&#39;%2F%3E\" data-src=\"https:\/\/ucm.one\/wp-content\/uploads\/2019\/05\/TN-LOS-REYES_1-990x309.jpg\" data-srcset=\"https:\/\/ucm.one\/wp-content\/uploads\/2019\/05\/TN-LOS-REYES_1-990x309.jpg 990w, https:\/\/ucm.one\/wp-content\/uploads\/2019\/05\/TN-LOS-REYES_1-1485x464.jpg 1485w\" loading=\"eager\" style=\"--ratio: 990 \/ 309\" sizes=\"(max-width: 990px) 100vw, 990px\" alt=\"\" title=\"TN LOS REYES_1\" width=\"990\" height=\"309\"  \/><\/a>\t<\/div>\n<\/div>\n\n\n<div class=\"post-entry-content\">\n\n\t<h3 class=\"entry-title\">\n\t\t<a href=\"https:\/\/ucm.one\/de\/deutschlandpremiere-vom-los-reyes-nonfy-documentaries-beim-dok-fest-muenchen\/\" title=\"Deutschlandpremiere vom &#8222;Los Reyes&#8220; (NONFY Documentaries) beim DOK.fest M\u00fcnchen\" rel=\"bookmark\">Deutschlandpremiere vom &#8222;Los Reyes&#8220; (NONFY Documentaries) beim DOK.fest M\u00fcnchen<\/a>\n\t<\/h3>\n\n\t<div class=\"entry-meta\"><span class=\"category-link\"><a href=\"https:\/\/ucm.one\/de\/category\/news\/film\/\" >Film<\/a>, <a href=\"https:\/\/ucm.one\/de\/category\/news\/kino\/\" >Kino<\/a>, <a href=\"https:\/\/ucm.one\/de\/category\/news\/\" >News<\/a>, <a href=\"https:\/\/ucm.one\/de\/category\/news\/film\/nonfy-documentaries\/\" >NONFY Documentaries<\/a><\/span><a class=\"author vcard\" href=\"\" title=\"Zeige alle Beitr\u00e4ge von Joachim Keil\" rel=\"author\">Von <span class=\"fn\">Joachim Keil<\/span><\/a><a href=\"https:\/\/ucm.one\/de\/2019\/05\/09\/\" title=\"16:14\" class=\"data-link\" rel=\"bookmark\"><time class=\"entry-date updated\" datetime=\"2019-05-09T16:14:10+00:00\">9. Mai 2019<\/time><\/a><\/div>\n\t<div class=\"entry-excerpt\"><p>[vc_row][vc_column][vc_column_text] Der Dokumentarfilm &#8222;Los Reyes&#8220; (NONFY Documentaries) feiert auf dem Dok.fest M\u00fcnchen (vom 8.-19. Mai 2019) seine Deutschland-Premiere. Der Film erz\u00e4hlt die Geschichte der chilenischen Skatepark-Jugend in Santiago aus der Perspektive zweier Stra\u00dfenhunde Chola und Futbol. Die beiden Streuner lauschen den Gespr\u00e4chen der Jugendlichen, die Tag f\u00fcr Tag auf ihren Boards in ihrem Revier abh\u00e4ngen,&hellip;<\/p>\n<\/div>\n\t\n<a href=\"https:\/\/ucm.one\/de\/deutschlandpremiere-vom-los-reyes-nonfy-documentaries-beim-dok-fest-muenchen\/\" class=\"post-details details-type-link\" aria-label=\"Read more about Deutschlandpremiere vom &#8222;Los Reyes&#8220; (NONFY Documentaries) beim DOK.fest M\u00fcnchen\">Mehr lesen<i class=\"dt-icon-the7-arrow-03\" aria-hidden=\"true\"><\/i><\/a>\n\n<\/div><\/article><\/div><\/div><!-- iso-container|iso-grid --><\/div>[vc_empty_space height=&#8220;30px&#8220;][vc_separator color=&#8220;custom&#8220; accent_color=&#8220;#1e73be&#8220;][\/vc_column][\/vc_row][vc_row css=&#8220;.vc_custom_1636251645775{margin-top: 45px !important;}&#8220;][vc_column width=&#8220;1\/4&#8243;][vc_btn title=&#8220;\u00dcbersicht&#8220; style=&#8220;flat&#8220; size=&#8220;lg&#8220; align=&#8220;center&#8220; i_icon_fontawesome=&#8220;fas fa-home&#8220; button_block=&#8220;true&#8220; add_icon=&#8220;true&#8220; link=&#8220;url:https%3A%2F%2Fucm.one%2Fde|title:%C3%9Cbersicht&#8220;][\/vc_column][vc_column width=&#8220;1\/4&#8243;][vc_btn title=&#8220;Kinostarts&#8220; style=&#8220;flat&#8220; size=&#8220;lg&#8220; align=&#8220;center&#8220; i_icon_fontawesome=&#8220;fas fa-star&#8220; button_block=&#8220;true&#8220; add_icon=&#8220;true&#8220; link=&#8220;url:https%3A%2F%2Fucm.one%2Fde%2Fkinoverleih%2Fkinostarts-2%2F%23los-reyes|title:Kinoverleih&#8220;][\/vc_column][vc_column width=&#8220;1\/4&#8243;][vc_btn title=&#8220;NONFY Documentaries&#8220; style=&#8220;flat&#8220; size=&#8220;lg&#8220; align=&#8220;center&#8220; i_icon_fontawesome=&#8220;fas fa-arrow-right&#8220; button_block=&#8220;true&#8220; add_icon=&#8220;true&#8220; link=&#8220;url:https%3A%2F%2Fucm.one%2Fde%2Ffilm-labels%2Fnonfy-documentaries%2F|title:NONFY%20Documentaries&#8220;][\/vc_column][vc_column width=&#8220;1\/4&#8243;][vc_btn title=&#8220;IMDb&#8220; style=&#8220;flat&#8220; color=&#8220;blue&#8220; size=&#8220;lg&#8220; align=&#8220;center&#8220; i_icon_fontawesome=&#8220;fab fa-imdb&#8220; button_block=&#8220;true&#8220; add_icon=&#8220;true&#8220; link=&#8220;url:https%3A%2F%2Fwww.imdb.com%2Ftitle%2Ftt8819180|title:IMDd|target:_blank&#8220;][\/vc_column][\/vc_row][vc_row content_placement=&#8220;middle&#8220; bg_type=&#8220;grad&#8220; ult_hide_row=&#8220;ult_hide_row_value&#8220; ult_hide_row_large_screen=&#8220;large_screen&#8220; ult_hide_row_desktop=&#8220;desktop&#8220; css=&#8220;.vc_custom_1518701755537{margin-top: 0px !important;padding-top: -50px !important;}&#8220; bg_grad=&#8220;background: -webkit-gradient(linear, left top, left bottom, color-stop(0%, #E3E3E3), color-stop(0%, #FFFFFF), color-stop(6%, #FFFFFF), color-stop(7%, #FFFFFF), color-stop(50%, #FFFFFF));background: -moz-linear-gradient(top,#E3E3E3 0%,#FFFFFF 0%,#FFFFFF 6%,#FFFFFF 7%,#FFFFFF 50%);background: -webkit-linear-gradient(top,#E3E3E3 0%,#FFFFFF 0%,#FFFFFF 6%,#FFFFFF 7%,#FFFFFF 50%);background: -o-linear-gradient(top,#E3E3E3 0%,#FFFFFF 0%,#FFFFFF 6%,#FFFFFF 7%,#FFFFFF 50%);background: -ms-linear-gradient(top,#E3E3E3 0%,#FFFFFF 0%,#FFFFFF 6%,#FFFFFF 7%,#FFFFFF 50%);background: linear-gradient(top,#E3E3E3 0%,#FFFFFF 0%,#FFFFFF 6%,#FFFFFF 7%,#FFFFFF 50%);&#8220;][vc_column][vc_btn title=&#8220;Kontakt&#8220; style=&#8220;flat&#8220; color=&#8220;sky&#8220; size=&#8220;lg&#8220; align=&#8220;center&#8220; i_icon_fontawesome=&#8220;far fa-envelope&#8220; button_block=&#8220;true&#8220; add_icon=&#8220;true&#8220; link=&#8220;url:https%3A%2F%2Fucm.one%2Fde%2Ffirma%2Fkontakt%2F|title:Kontakt&#8220;][\/vc_column][\/vc_row]<\/p>\n<\/div>","protected":false},"excerpt":{"rendered":"<p>[vc_row][vc_column width=&#8220;3\/4&#8243; css=&#8220;.vc_custom_1561291995466{padding-right: 30px !important;}&#8220;][vc_column_text] Los Reyes &#8211; K\u00f6nigliche Streuner: [\/vc_column_text][vc_column_text]Los Reyes\u00a0(deutsch: &#8222;Die K\u00f6nige&#8222;) ist der \u00e4lteste Skatepark in der chilenischen Hauptstadt Santiago. Der Film &#8222;Los Reyes &#8211; K\u00f6nigliche Streuner&#8220;\u00a0handelt aber nicht in erster Linie von den Skatern, sondern von den wahren K\u00f6nigen dieses Mikrokosmos: Futbol und Chola, zwei unzertrennbaren streunenden Hunden, die zwischen rasenden&hellip;<\/p>\n","protected":false},"author":2,"featured_media":69923,"parent":0,"menu_order":0,"comment_status":"closed","ping_status":"closed","template":"","meta":{"_acf_changed":false,"footnotes":""},"class_list":["post-51859","page","type-page","status-publish","has-post-thumbnail","hentry","description-off"],"acf":[],"yoast_head":"<!-- This site is optimized with the Yoast SEO plugin v27.5 - https:\/\/yoast.com\/product\/yoast-seo-wordpress\/ -->\n<title>Los Reyes - K\u00f6nigliche Streuner (2018) von Bettina Perut &amp; Iv\u00e1n Osnovikoff | NONFY Documentaries - UCM.ONE<\/title>\n<meta name=\"description\" content=\"Los Reyes\u00a0ist ein Skatepark in Santiago. &quot;Los Reyes - K\u00f6nigliche Streuner&quot;\u00a0handelt aber nicht von Skatern, sondern von den wahren K\u00f6nigen eines Mikrokosmos.\" \/>\n<meta name=\"robots\" content=\"index, follow, max-snippet:-1, max-image-preview:large, max-video-preview:-1\" \/>\n<link rel=\"canonical\" href=\"https:\/\/ucm.one\/de\/los-reyes\/\" \/>\n<meta property=\"og:locale\" content=\"de_DE\" \/>\n<meta property=\"og:type\" content=\"article\" \/>\n<meta property=\"og:title\" content=\"Los Reyes - K\u00f6nigliche Streuner (2018) von Bettina Perut &amp; Iv\u00e1n Osnovikoff | NONFY Documentaries - UCM.ONE\" \/>\n<meta property=\"og:description\" content=\"Los Reyes\u00a0ist ein Skatepark in Santiago. &quot;Los Reyes - K\u00f6nigliche Streuner&quot;\u00a0handelt aber nicht von Skatern, sondern von den wahren K\u00f6nigen eines Mikrokosmos.\" \/>\n<meta property=\"og:url\" content=\"https:\/\/ucm.one\/de\/los-reyes\/\" \/>\n<meta property=\"og:site_name\" content=\"UCM.ONE\" \/>\n<meta property=\"article:modified_time\" content=\"2023-07-31T23:39:49+00:00\" \/>\n<meta property=\"og:image\" content=\"https:\/\/ucm.one\/wp-content\/uploads\/2022\/06\/Los-Reyes-Plakat.jpg\" \/>\n\t<meta property=\"og:image:width\" content=\"707\" \/>\n\t<meta property=\"og:image:height\" content=\"1000\" \/>\n\t<meta property=\"og:image:type\" content=\"image\/jpeg\" \/>\n<meta name=\"twitter:card\" content=\"summary_large_image\" \/>\n<meta name=\"twitter:label1\" content=\"Gesch\u00e4tzte Lesezeit\" \/>\n\t<meta name=\"twitter:data1\" content=\"14\u00a0Minuten\" \/>\n<!-- \/ Yoast SEO plugin. -->","yoast_head_json":{"title":"Los Reyes - K\u00f6nigliche Streuner (2018) von Bettina Perut & Iv\u00e1n Osnovikoff | NONFY Documentaries - UCM.ONE","description":"Los Reyes\u00a0ist ein Skatepark in Santiago. \"Los Reyes - K\u00f6nigliche Streuner\"\u00a0handelt aber nicht von Skatern, sondern von den wahren K\u00f6nigen eines Mikrokosmos.","robots":{"index":"index","follow":"follow","max-snippet":"max-snippet:-1","max-image-preview":"max-image-preview:large","max-video-preview":"max-video-preview:-1"},"canonical":"https:\/\/ucm.one\/de\/los-reyes\/","og_locale":"de_DE","og_type":"article","og_title":"Los Reyes - K\u00f6nigliche Streuner (2018) von Bettina Perut & Iv\u00e1n Osnovikoff | NONFY Documentaries - UCM.ONE","og_description":"Los Reyes\u00a0ist ein Skatepark in Santiago. \"Los Reyes - K\u00f6nigliche Streuner\"\u00a0handelt aber nicht von Skatern, sondern von den wahren K\u00f6nigen eines Mikrokosmos.","og_url":"https:\/\/ucm.one\/de\/los-reyes\/","og_site_name":"UCM.ONE","article_modified_time":"2023-07-31T23:39:49+00:00","og_image":[{"width":707,"height":1000,"url":"https:\/\/ucm.one\/wp-content\/uploads\/2022\/06\/Los-Reyes-Plakat.jpg","type":"image\/jpeg"}],"twitter_card":"summary_large_image","twitter_misc":{"Gesch\u00e4tzte Lesezeit":"14\u00a0Minuten"},"schema":{"@context":"https:\/\/schema.org","@graph":[{"@type":"WebPage","@id":"https:\/\/ucm.one\/de\/los-reyes\/","url":"https:\/\/ucm.one\/de\/los-reyes\/","name":"Los Reyes - K\u00f6nigliche Streuner (2018) von Bettina Perut & Iv\u00e1n Osnovikoff | NONFY Documentaries - UCM.ONE","isPartOf":{"@id":"https:\/\/ucm.one\/de\/#website"},"primaryImageOfPage":{"@id":"https:\/\/ucm.one\/de\/los-reyes\/#primaryimage"},"image":{"@id":"https:\/\/ucm.one\/de\/los-reyes\/#primaryimage"},"thumbnailUrl":"https:\/\/ucm.one\/wp-content\/uploads\/2022\/06\/Los-Reyes-Plakat.jpg","datePublished":"2021-07-08T22:08:20+00:00","dateModified":"2023-07-31T23:39:49+00:00","description":"Los Reyes\u00a0ist ein Skatepark in Santiago. \"Los Reyes - K\u00f6nigliche Streuner\"\u00a0handelt aber nicht von Skatern, sondern von den wahren K\u00f6nigen eines Mikrokosmos.","breadcrumb":{"@id":"https:\/\/ucm.one\/de\/los-reyes\/#breadcrumb"},"inLanguage":"de","potentialAction":[{"@type":"ReadAction","target":["https:\/\/ucm.one\/de\/los-reyes\/"]}]},{"@type":"ImageObject","inLanguage":"de","@id":"https:\/\/ucm.one\/de\/los-reyes\/#primaryimage","url":"https:\/\/ucm.one\/wp-content\/uploads\/2022\/06\/Los-Reyes-Plakat.jpg","contentUrl":"https:\/\/ucm.one\/wp-content\/uploads\/2022\/06\/Los-Reyes-Plakat.jpg","width":707,"height":1000},{"@type":"BreadcrumbList","@id":"https:\/\/ucm.one\/de\/los-reyes\/#breadcrumb","itemListElement":[{"@type":"ListItem","position":1,"name":"Home","item":"https:\/\/ucm.one\/de\/"},{"@type":"ListItem","position":2,"name":"Los Reyes &#8211; K\u00f6nigliche Streuner (2018) von Bettina Perut &#038; Iv\u00e1n Osnovikoff | NONFY Documentaries"}]},{"@type":"WebSite","@id":"https:\/\/ucm.one\/de\/#website","url":"https:\/\/ucm.one\/de\/","name":"UCM.ONE","description":"","publisher":{"@id":"https:\/\/ucm.one\/de\/#organization"},"potentialAction":[{"@type":"SearchAction","target":{"@type":"EntryPoint","urlTemplate":"https:\/\/ucm.one\/de\/?s={search_term_string}"},"query-input":{"@type":"PropertyValueSpecification","valueRequired":true,"valueName":"search_term_string"}}],"inLanguage":"de"},{"@type":"Organization","@id":"https:\/\/ucm.one\/de\/#organization","name":"UCM.ONE","url":"https:\/\/ucm.one\/de\/","logo":{"@type":"ImageObject","inLanguage":"de","@id":"https:\/\/ucm.one\/de\/#\/schema\/logo\/image\/","url":"https:\/\/ucm.one\/wp-content\/uploads\/2019\/10\/UCM.ONE-Logo-RGB.svg","contentUrl":"https:\/\/ucm.one\/wp-content\/uploads\/2019\/10\/UCM.ONE-Logo-RGB.svg","width":1,"height":1,"caption":"UCM.ONE"},"image":{"@id":"https:\/\/ucm.one\/de\/#\/schema\/logo\/image\/"}}]}},"_links":{"self":[{"href":"https:\/\/ucm.one\/de\/wp-json\/wp\/v2\/pages\/51859","targetHints":{"allow":["GET"]}}],"collection":[{"href":"https:\/\/ucm.one\/de\/wp-json\/wp\/v2\/pages"}],"about":[{"href":"https:\/\/ucm.one\/de\/wp-json\/wp\/v2\/types\/page"}],"author":[{"embeddable":true,"href":"https:\/\/ucm.one\/de\/wp-json\/wp\/v2\/users\/2"}],"replies":[{"embeddable":true,"href":"https:\/\/ucm.one\/de\/wp-json\/wp\/v2\/comments?post=51859"}],"version-history":[{"count":0,"href":"https:\/\/ucm.one\/de\/wp-json\/wp\/v2\/pages\/51859\/revisions"}],"wp:featuredmedia":[{"embeddable":true,"href":"https:\/\/ucm.one\/de\/wp-json\/wp\/v2\/media\/69923"}],"wp:attachment":[{"href":"https:\/\/ucm.one\/de\/wp-json\/wp\/v2\/media?parent=51859"}],"curies":[{"name":"wp","href":"https:\/\/api.w.org\/{rel}","templated":true}]}}