{"id":46,"date":"2018-02-07T09:28:51","date_gmt":"2018-02-07T09:28:51","guid":{"rendered":"https:\/\/ucm.one\/?page_id=46"},"modified":"2026-08-08T14:44:13","modified_gmt":"2026-08-08T14:44:13","slug":"neuigkeiten","status":"publish","type":"page","link":"https:\/\/ucm.one\/de\/firma\/neuigkeiten\/","title":{"rendered":"Neuigkeiten"},"content":{"rendered":"<div class=\"wpb-content-wrapper\"><p>[vc_row gap=&#8220;35&#8243;][vc_column width=&#8220;2\/3&#8243;]<style type=\"text\/css\" data-type=\"the7_shortcodes-inline-css\">.blog-shortcode.blog-list-shortcode-id-82fb8e06f8d509e9897018895276fab9.content-bg-on.classic-layout-list article {\n  background: rgba(165,165,165,0.23);\n  box-shadow: none;\n}\n.blog-shortcode.blog-list-shortcode-id-82fb8e06f8d509e9897018895276fab9.dividers-on.classic-layout-list article {\n  margin-top: 50px;\n  padding-top: 0;\n}\n.blog-shortcode.blog-list-shortcode-id-82fb8e06f8d509e9897018895276fab9.dividers-on.classic-layout-list article:first-of-type {\n  margin-top: 0;\n  padding-top: 0;\n}\n.blog-shortcode.blog-list-shortcode-id-82fb8e06f8d509e9897018895276fab9.classic-layout-list.mode-list .post-thumbnail-wrap {\n  width: 100%;\n}\n.blog-shortcode.blog-list-shortcode-id-82fb8e06f8d509e9897018895276fab9.classic-layout-list.mode-list .post-entry-content {\n  width: calc(100% - 100%);\n}\n.blog-shortcode.blog-list-shortcode-id-82fb8e06f8d509e9897018895276fab9.classic-layout-list.mode-list .no-img .post-entry-content {\n  width: 100%;\n}\n.blog-shortcode.blog-list-shortcode-id-82fb8e06f8d509e9897018895276fab9 .filter-bg-decoration .filter-categories a.act {\n  color: #fff;\n}\n.blog-shortcode.blog-list-shortcode-id-82fb8e06f8d509e9897018895276fab9:not(.mode-masonry) article {\n  margin-top: 50px;\n}\n.blog-shortcode.blog-list-shortcode-id-82fb8e06f8d509e9897018895276fab9:not(.mode-masonry) article:first-of-type,\n.blog-shortcode.blog-list-shortcode-id-82fb8e06f8d509e9897018895276fab9:not(.mode-masonry) article.visible.first:not(.product) {\n  margin-top: 0;\n}\n.blog-shortcode.blog-list-shortcode-id-82fb8e06f8d509e9897018895276fab9.dividers-on:not(.mode-masonry) article {\n  margin-top: 0;\n  padding-top: 50px;\n}\n.blog-shortcode.blog-list-shortcode-id-82fb8e06f8d509e9897018895276fab9.dividers-on:not(.mode-masonry) article:first-of-type,\n.blog-shortcode.blog-list-shortcode-id-82fb8e06f8d509e9897018895276fab9.dividers-on:not(.mode-masonry) article.visible.first:not(.product) {\n  margin-top: 0;\n  padding-top: 0;\n}\n.blog-shortcode.blog-list-shortcode-id-82fb8e06f8d509e9897018895276fab9 .post-thumbnail-wrap {\n  padding: 0px 0px 0px 0px;\n}\n.blog-shortcode.blog-list-shortcode-id-82fb8e06f8d509e9897018895276fab9.enable-bg-rollover .post-thumbnail-rollover:after {\n  background: -webkit-linear-gradient();\n  background: linear-gradient();\n}\n.blog-shortcode.blog-list-shortcode-id-82fb8e06f8d509e9897018895276fab9 .gallery-zoom-ico {\n  width: 44px;\n  height: 44px;\n  line-height: 44px;\n  border-radius: 100px;\n  margin: -22px 0 0 -22px;\n  border-width: 0px;\n  color: #ffffff;\n}\n.bottom-overlap-layout-list.blog-shortcode.blog-list-shortcode-id-82fb8e06f8d509e9897018895276fab9 .gallery-zoom-ico {\n  margin-top: -22px;\n}\n.gradient-overlay-layout-list.blog-shortcode.blog-list-shortcode-id-82fb8e06f8d509e9897018895276fab9 .gallery-zoom-ico,\n.content-rollover-layout-list.blog-shortcode.blog-list-shortcode-id-82fb8e06f8d509e9897018895276fab9 .gallery-zoom-ico {\n  margin: 0 0 10px;\n}\n.content-align-center.gradient-overlay-layout-list.blog-shortcode.blog-list-shortcode-id-82fb8e06f8d509e9897018895276fab9 .gallery-zoom-ico,\n.content-align-center.content-rollover-layout-list.blog-shortcode.blog-list-shortcode-id-82fb8e06f8d509e9897018895276fab9 .gallery-zoom-ico {\n  margin: 0 auto 10px;\n}\n.dt-icon-bg-on.blog-shortcode.blog-list-shortcode-id-82fb8e06f8d509e9897018895276fab9 .gallery-zoom-ico {\n  background: rgba(255,255,255,0.3);\n  box-shadow: none;\n}\n.blog-shortcode.blog-list-shortcode-id-82fb8e06f8d509e9897018895276fab9 .gallery-zoom-ico > span,\n.blog-shortcode.blog-list-shortcode-id-82fb8e06f8d509e9897018895276fab9 .gallery-zoom-ico:before {\n  font-size: 32px;\n  line-height: 44px;\n}\n.blog-shortcode.blog-list-shortcode-id-82fb8e06f8d509e9897018895276fab9 .gallery-zoom-ico > span,\n.blog-shortcode.blog-list-shortcode-id-82fb8e06f8d509e9897018895276fab9 .gallery-zoom-ico:before {\n  color: #ffffff;\n}\n.blog-shortcode.blog-list-shortcode-id-82fb8e06f8d509e9897018895276fab9 .fancy-date a {\n  background: #ffffff;\n  box-shadow: none;\n}\n.blog-shortcode.blog-list-shortcode-id-82fb8e06f8d509e9897018895276fab9 .fancy-date a * {\n  color: #2d2d2d;\n}\n.blog-shortcode.blog-list-shortcode-id-82fb8e06f8d509e9897018895276fab9 .entry-title,\n.blog-shortcode.blog-list-shortcode-id-82fb8e06f8d509e9897018895276fab9.owl-carousel .entry-title {\n  margin-bottom: 5px;\n  font-weight: bold;\n}\n.blog-shortcode.blog-list-shortcode-id-82fb8e06f8d509e9897018895276fab9 .entry-meta {\n  margin-bottom: 15px;\n}\n.blog-shortcode.blog-list-shortcode-id-82fb8e06f8d509e9897018895276fab9 .portfolio-categories {\n  margin-bottom: 15px;\n}\n.blog-shortcode.blog-list-shortcode-id-82fb8e06f8d509e9897018895276fab9 .entry-excerpt {\n  margin-bottom: 5px;\n}\n.blog-shortcode.blog-list-shortcode-id-82fb8e06f8d509e9897018895276fab9:not(.centered-layout-list) .post-entry-content {\n  padding: 25px 30px 30px 30px;\n}\n.blog-shortcode.blog-list-shortcode-id-82fb8e06f8d509e9897018895276fab9:not(.centered-layout-list):not(.content-bg-on):not(.mode-list) .no-img .post-entry-content {\n  padding: 0;\n}\n.blog-shortcode.blog-list-shortcode-id-82fb8e06f8d509e9897018895276fab9.content-bg-on:not(.classic-layout-list):not(.centered-layout-list) .post-entry-content {\n  background: rgba(165,165,165,0.23);\n  box-shadow: none;\n}\n@media screen and (max-width: 768px) {\n  .blog-shortcode.blog-list-shortcode-id-82fb8e06f8d509e9897018895276fab9 article {\n    -ms-flex-flow: column nowrap;\n    flex-flow: column nowrap;\n    margin-top: 20px;\n  }\n  .blog-shortcode.blog-list-shortcode-id-82fb8e06f8d509e9897018895276fab9.dividers-on article {\n    border: none;\n  }\n  .blog-shortcode.blog-list-shortcode-id-82fb8e06f8d509e9897018895276fab9.content-bg-on.centered-layout-list article {\n    padding: 0;\n  }\n  .blog-shortcode.blog-list-shortcode-id-82fb8e06f8d509e9897018895276fab9.blog-shortcode.dividers-on article,\n  .blog-shortcode.blog-list-shortcode-id-82fb8e06f8d509e9897018895276fab9.dividers-on.classic-layout-list article {\n    margin-top: 20px;\n    padding: 0;\n  }\n  .blog-shortcode.blog-list-shortcode-id-82fb8e06f8d509e9897018895276fab9.blog-shortcode.dividers-on article:first-of-type,\n  .blog-shortcode.blog-list-shortcode-id-82fb8e06f8d509e9897018895276fab9.dividers-on.classic-layout-list article:first-of-type {\n    padding: 0;\n  }\n  #page .blog-shortcode.blog-list-shortcode-id-82fb8e06f8d509e9897018895276fab9 .post-thumbnail-wrap,\n  #page .blog-shortcode.blog-list-shortcode-id-82fb8e06f8d509e9897018895276fab9 .post-entry-content {\n    width: 100%;\n    margin: 0;\n    top: 0;\n  }\n  #page .blog-shortcode.blog-list-shortcode-id-82fb8e06f8d509e9897018895276fab9 .post-thumbnail-wrap {\n    padding: 0;\n  }\n  #page .blog-shortcode.blog-list-shortcode-id-82fb8e06f8d509e9897018895276fab9 .post-entry-content:after {\n    display: none;\n  }\n  #page .blog-shortcode.blog-list-shortcode-id-82fb8e06f8d509e9897018895276fab9 .project-even .post-thumbnail-wrap,\n  #page .blog-shortcode.blog-list-shortcode-id-82fb8e06f8d509e9897018895276fab9.centered-layout-list .post-thumbnail-wrap {\n    -ms-flex-order: 0;\n    order: 0;\n  }\n  #page .blog-shortcode.blog-list-shortcode-id-82fb8e06f8d509e9897018895276fab9.centered-layout-list .post-entry-title-content {\n    -ms-flex-order: 1;\n    order: 1;\n    width: 100%;\n    padding: 20px 20px 0;\n  }\n  #page .blog-shortcode.blog-list-shortcode-id-82fb8e06f8d509e9897018895276fab9.centered-layout-list .post-entry-content {\n    -ms-flex-order: 2;\n    order: 2;\n    padding-top: 0;\n  }\n  #page .blog-shortcode.blog-list-shortcode-id-82fb8e06f8d509e9897018895276fab9 .fancy-categories {\n    top: 10px;\n    left: 10px;\n    bottom: auto;\n    right: auto;\n  }\n  #page .blog-shortcode.blog-list-shortcode-id-82fb8e06f8d509e9897018895276fab9 .fancy-date a {\n    top: 10px;\n    right: 10px;\n    left: auto;\n    bottom: auto;\n  }\n  #page .blog-shortcode.blog-list-shortcode-id-82fb8e06f8d509e9897018895276fab9 .post-entry-content {\n    padding: 20px;\n  }\n  #page .blog-shortcode.blog-list-shortcode-id-82fb8e06f8d509e9897018895276fab9 .entry-title {\n    margin: 3px 0 5px;\n    font-size: 20px;\n    line-height: 26px;\n  }\n  #page .blog-shortcode.blog-list-shortcode-id-82fb8e06f8d509e9897018895276fab9 .entry-meta {\n    margin: 5px 0 5px;\n  }\n  #page .blog-shortcode.blog-list-shortcode-id-82fb8e06f8d509e9897018895276fab9 .entry-excerpt {\n    margin: 15px 0 0;\n  }\n  #page .blog-shortcode.blog-list-shortcode-id-82fb8e06f8d509e9897018895276fab9 .post-details {\n    margin: 5px 0 10px;\n  }\n  #page .blog-shortcode.blog-list-shortcode-id-82fb8e06f8d509e9897018895276fab9 .post-details.details-type-link {\n    margin-bottom: 2px;\n  }\n}<\/style><div class=\"articles-list blog-shortcode mode-list blog-list-shortcode-id-82fb8e06f8d509e9897018895276fab9 classic-layout-list content-bg-on scale-img dt-icon-bg-off vertical-fancy-style loading-effect-fade-in\" data-cur-page=\"1\" data-post-limit=\"-1\" data-pagination-mode=\"pages\"><article class=\"post project-odd visible  full-width-img post-419175 type-post status-publish format-standard has-post-thumbnail hentry category-news tag-jana-stallein tag-nonfy-documentaries tag-where-the-waves-took-her tag-wueste-film-west category-13 description-off\" data-name=\"\ud83c\udfac Erfolgreicher Auftakt der Kinotour von \u201eWhere the Waves Took Her\u201c in Leipzig und VisionKino Filmtipp\" data-date=\"2026-08-29T12:47:45+00:00\">\n\n<div class=\"post-thumbnail-wrap\">\n\t<div class=\"post-thumbnail\">\n\n\t\t\n\t\t\n\t\t<a href=\"https:\/\/ucm.one\/de\/erfolgreicher-auftakt-der-kinotour-von-where-the-waves-took-her-in-leipzig-und-visionkino-filmtipp\/\" class=\"post-thumbnail-rollover layzr-bg layzr-bg\" ><img fetchpriority=\"high\" decoding=\"async\" class=\"lazy-load preload-me lazy-load aspect\" src=\"data:image\/svg+xml,%3Csvg%20xmlns%3D&#39;http%3A%2F%2Fwww.w3.org%2F2000%2Fsvg&#39;%20viewBox%3D&#39;0%200%20925%20289&#39;%2F%3E\" data-src=\"https:\/\/ucm.one\/wp-content\/uploads\/2026\/08\/b_WTWTH_1920x600-News_Kinotour_Filmtipp_de-925x289.jpg\" data-srcset=\"https:\/\/ucm.one\/wp-content\/uploads\/2026\/08\/b_WTWTH_1920x600-News_Kinotour_Filmtipp_de-925x289.jpg 925w, https:\/\/ucm.one\/wp-content\/uploads\/2026\/08\/b_WTWTH_1920x600-News_Kinotour_Filmtipp_de-1573x491.jpg 1573w\" loading=\"eager\" style=\"--ratio: 925 \/ 289\" sizes=\"(max-width: 925px) 100vw, 925px\" alt=\"\" title=\"b_WTWTH_1920x600-News_Kinotour_Filmtipp_de\" width=\"925\" height=\"289\"  \/><\/a>\n\t<\/div>\n<\/div>\n\n\n<div class=\"post-entry-content\">\n\n\t<h3 class=\"entry-title\">\n\t\t<a href=\"https:\/\/ucm.one\/de\/erfolgreicher-auftakt-der-kinotour-von-where-the-waves-took-her-in-leipzig-und-visionkino-filmtipp\/\" title=\"\ud83c\udfac Erfolgreicher Auftakt der Kinotour von \u201eWhere the Waves Took Her\u201c in Leipzig und VisionKino Filmtipp\" rel=\"bookmark\">\ud83c\udfac Erfolgreicher Auftakt der Kinotour von \u201eWhere the Waves Took Her\u201c in Leipzig und VisionKino Filmtipp<\/a>\n\t<\/h3>\n\n\t<div class=\"entry-meta\"><span class=\"category-link\"><a href=\"https:\/\/ucm.one\/de\/category\/news\/\" >News<\/a><\/span><a href=\"https:\/\/ucm.one\/de\/2026\/08\/29\/\" title=\"12:47\" class=\"data-link\" rel=\"bookmark\"><time class=\"entry-date updated\" datetime=\"2026-08-29T12:47:45+00:00\">29. August 2026<\/time><\/a><\/div>\n\t<div class=\"entry-excerpt\"><p>[vc_row][vc_column][vc_column_text css=&#8220;&#8220;] Erfolgreicher Auftakt der Kinotour in Leipzig [\/vc_column_text][vc_column_text css=&#8220;&#8220;] Die Kinotour zu \u201eWhere the Waves Took Her\u201c hat am\u00a0Donnerstag, dem 27. August 2026, im\u00a0Luru Kino in der Spinnerei in Leipzig begonnen &#8211; vor ausverkauftem Haus. Weil die Nachfrage das Platzangebot der 19:00-Uhr-Vorstellung \u00fcberstieg, setzte das Kino noch am selben Abend um 21:15 Uhr\u00a0kurzfristig eine&hellip;<\/p>\n<\/div>\n\t\n<a href=\"https:\/\/ucm.one\/de\/erfolgreicher-auftakt-der-kinotour-von-where-the-waves-took-her-in-leipzig-und-visionkino-filmtipp\/\" class=\"post-details details-type-link\" aria-label=\"Read more about \ud83c\udfac Erfolgreicher Auftakt der Kinotour von \u201eWhere the Waves Took Her\u201c in Leipzig und VisionKino Filmtipp\">Mehr lesen<i class=\"dt-icon-the7-arrow-03\" aria-hidden=\"true\"><\/i><\/a>\n\n<\/div><\/article><article class=\"post project-odd visible  full-width-img post-419223 type-post status-publish format-standard has-post-thumbnail hentry category-harthouse-de category-musik category-news tag-absonderlichkeiten tag-absonderlichkeiten-2 tag-andy-lupoli tag-harthouse tag-la-madonnina tag-marco-zaffarano tag-marco-zaffarano-andy-lupoli tag-techno tag-the-energy category-793 category-9 category-13 description-off\" data-name=\"\ud83c\udfb5 Marco Zaffarano &#038; Andy Lupoli setzen mit \u201eAbsonderlichkeiten 2\u201c ihre Zusammenarbeit auf Harthouse fort\" data-date=\"2026-08-28T18:26:18+00:00\">\n\n<div class=\"post-thumbnail-wrap\">\n\t<div class=\"post-thumbnail\">\n\n\t\t\n\t\t\n\t\t<a href=\"https:\/\/ucm.one\/de\/marco-zaffarano-andy-lupoli-setzen-mit-absonderlichkeiten-2-ihre-zusammenarbeit-auf-harthouse-fort\/\" class=\"post-thumbnail-rollover layzr-bg layzr-bg\" ><img decoding=\"async\" class=\"lazy-load preload-me lazy-load aspect\" src=\"data:image\/svg+xml,%3Csvg%20xmlns%3D&#39;http%3A%2F%2Fwww.w3.org%2F2000%2Fsvg&#39;%20viewBox%3D&#39;0%200%20925%20289&#39;%2F%3E\" data-src=\"https:\/\/ucm.one\/wp-content\/uploads\/2026\/08\/B-Marco-Zaffarano-Andy-Lupoli-\u2013-La-Madonnina-925x289.jpg\" data-srcset=\"https:\/\/ucm.one\/wp-content\/uploads\/2026\/08\/B-Marco-Zaffarano-Andy-Lupoli-\u2013-La-Madonnina-925x289.jpg 925w, https:\/\/ucm.one\/wp-content\/uploads\/2026\/08\/B-Marco-Zaffarano-Andy-Lupoli-\u2013-La-Madonnina-1573x491.jpg 1573w\" loading=\"eager\" style=\"--ratio: 925 \/ 289\" sizes=\"(max-width: 925px) 100vw, 925px\" alt=\"\" title=\"B Marco Zaffarano &#038; Andy Lupoli \u2013 La Madonnina\" width=\"925\" height=\"289\"  \/><\/a>\n\t<\/div>\n<\/div>\n\n\n<div class=\"post-entry-content\">\n\n\t<h3 class=\"entry-title\">\n\t\t<a href=\"https:\/\/ucm.one\/de\/marco-zaffarano-andy-lupoli-setzen-mit-absonderlichkeiten-2-ihre-zusammenarbeit-auf-harthouse-fort\/\" title=\"\ud83c\udfb5 Marco Zaffarano &#038; Andy Lupoli setzen mit \u201eAbsonderlichkeiten 2\u201c ihre Zusammenarbeit auf Harthouse fort\" rel=\"bookmark\">\ud83c\udfb5 Marco Zaffarano &#038; Andy Lupoli setzen mit \u201eAbsonderlichkeiten 2\u201c ihre Zusammenarbeit auf Harthouse fort<\/a>\n\t<\/h3>\n\n\t<div class=\"entry-meta\"><span class=\"category-link\"><a href=\"https:\/\/ucm.one\/de\/category\/news\/musik\/harthouse-de\/\" >Harthouse<\/a>, <a href=\"https:\/\/ucm.one\/de\/category\/news\/musik\/\" >Musik<\/a>, <a href=\"https:\/\/ucm.one\/de\/category\/news\/\" >News<\/a><\/span><a href=\"https:\/\/ucm.one\/de\/2026\/08\/28\/\" title=\"18:26\" class=\"data-link\" rel=\"bookmark\"><time class=\"entry-date updated\" datetime=\"2026-08-28T18:26:18+00:00\">28. August 2026<\/time><\/a><\/div>\n\t<div class=\"entry-excerpt\"><p>[vc_row][vc_column][vc_column_text css=&#8220;&#8220;] Nach ihrem gemeinsamen Album \u201eAbsonderlichkeiten\u201c setzen Marco Zaffarano &amp; Andy Lupoli ihre kreative Zusammenarbeit fort und pr\u00e4sentieren mit \u201eAbsonderlichkeiten 2\u201c das n\u00e4chste Kapitel ihrer gemeinsamen Reise auf dem legend\u00e4ren Techno-Label Harthouse. Das neue Album kn\u00fcpft an die Energie und Vielseitigkeit des Vorg\u00e4ngers an, entwickelt den gemeinsamen Sound der beiden Produzenten jedoch konsequent weiter.&hellip;<\/p>\n<\/div>\n\t\n<a href=\"https:\/\/ucm.one\/de\/marco-zaffarano-andy-lupoli-setzen-mit-absonderlichkeiten-2-ihre-zusammenarbeit-auf-harthouse-fort\/\" class=\"post-details details-type-link\" aria-label=\"Read more about \ud83c\udfb5 Marco Zaffarano &#038; Andy Lupoli setzen mit \u201eAbsonderlichkeiten 2\u201c ihre Zusammenarbeit auf Harthouse fort\">Mehr lesen<i class=\"dt-icon-the7-arrow-03\" aria-hidden=\"true\"><\/i><\/a>\n\n<\/div><\/article><article class=\"post project-odd visible  full-width-img post-419138 type-post status-publish format-standard has-post-thumbnail hentry category-merchandising category-musik category-news category-noble-demon tag-descending-into-madness tag-digipak tag-gatefolder tag-heavy-metal tag-hoodie tag-marble tag-merchandising tag-noble-demon tag-schweden tag-stockholm tag-t-shirt tag-the-funeral-march tag-vinyl tag-zorn tag-zornheym category-10190 category-9 category-13 category-7077 description-off\" data-name=\"\ud83c\udfb5 Zornheym pr\u00e4sentieren dritte Single &#8222;The Funeral March&#8220; vom kommenden Album &#8222;Descending Into Madness&#8220;\" data-date=\"2026-08-21T21:42:28+00:00\">\n\n<div class=\"post-thumbnail-wrap\">\n\t<div class=\"post-thumbnail\">\n\n\t\t\n\t\t\n\t\t<a href=\"https:\/\/ucm.one\/de\/zornheym-praesentieren-dritte-single-the-funeral-march-vom-kommenden-album-descending-into-madness\/\" class=\"post-thumbnail-rollover layzr-bg layzr-bg\" ><img decoding=\"async\" class=\"lazy-load preload-me lazy-load aspect\" src=\"data:image\/svg+xml,%3Csvg%20xmlns%3D&#39;http%3A%2F%2Fwww.w3.org%2F2000%2Fsvg&#39;%20viewBox%3D&#39;0%200%20925%20289&#39;%2F%3E\" data-src=\"https:\/\/ucm.one\/wp-content\/uploads\/2026\/08\/B-The-Funeral-March-925x289.jpg\" data-srcset=\"https:\/\/ucm.one\/wp-content\/uploads\/2026\/08\/B-The-Funeral-March-925x289.jpg 925w, https:\/\/ucm.one\/wp-content\/uploads\/2026\/08\/B-The-Funeral-March-1573x491.jpg 1573w\" loading=\"eager\" style=\"--ratio: 925 \/ 289\" sizes=\"(max-width: 925px) 100vw, 925px\" alt=\"\" title=\"B The Funeral March\" width=\"925\" height=\"289\"  \/><\/a>\n\t<\/div>\n<\/div>\n\n\n<div class=\"post-entry-content\">\n\n\t<h3 class=\"entry-title\">\n\t\t<a href=\"https:\/\/ucm.one\/de\/zornheym-praesentieren-dritte-single-the-funeral-march-vom-kommenden-album-descending-into-madness\/\" title=\"\ud83c\udfb5 Zornheym pr\u00e4sentieren dritte Single &#8222;The Funeral March&#8220; vom kommenden Album &#8222;Descending Into Madness&#8220;\" rel=\"bookmark\">\ud83c\udfb5 Zornheym pr\u00e4sentieren dritte Single &#8222;The Funeral March&#8220; vom kommenden Album &#8222;Descending Into Madness&#8220;<\/a>\n\t<\/h3>\n\n\t<div class=\"entry-meta\"><span class=\"category-link\"><a href=\"https:\/\/ucm.one\/de\/category\/news\/merchandising\/\" >Merchandising<\/a>, <a href=\"https:\/\/ucm.one\/de\/category\/news\/musik\/\" >Musik<\/a>, <a href=\"https:\/\/ucm.one\/de\/category\/news\/\" >News<\/a>, <a href=\"https:\/\/ucm.one\/de\/category\/news\/musik\/noble-demon\/\" >Noble Demon<\/a><\/span><a href=\"https:\/\/ucm.one\/de\/2026\/08\/21\/\" title=\"21:42\" class=\"data-link\" rel=\"bookmark\"><time class=\"entry-date updated\" datetime=\"2026-08-21T21:42:28+00:00\">21. August 2026<\/time><\/a><\/div>\n\t<div class=\"entry-excerpt\"><p>[vc_row][vc_column][vc_column_text css=&#8220;&#8220;] Die schwedischen Symphonic Metaller Zornheym ver\u00f6ffentlichen heute die dritte Single &#8222;The Funeral March&#8220; aus ihrem kommenden Studioalbum &#8222;Descending Into Madness&#8220;, welches am 2. Oktober \u00fcber Noble Demon erscheinen wird. Inspiriert von Fr\u00e9d\u00e9ric Chopins legend\u00e4rem &#8222;Trauermarsch&#8220; verschmelzen Zornheym in dem neuen Titel kraftvolle Riffs, cineastische Orchestrierung und subtile skandinavische Folk-Einfl\u00fcsse zu einem der dramatischsten&hellip;<\/p>\n<\/div>\n\t\n<a href=\"https:\/\/ucm.one\/de\/zornheym-praesentieren-dritte-single-the-funeral-march-vom-kommenden-album-descending-into-madness\/\" class=\"post-details details-type-link\" aria-label=\"Read more about \ud83c\udfb5 Zornheym pr\u00e4sentieren dritte Single &#8222;The Funeral March&#8220; vom kommenden Album &#8222;Descending Into Madness&#8220;\">Mehr lesen<i class=\"dt-icon-the7-arrow-03\" aria-hidden=\"true\"><\/i><\/a>\n\n<\/div><\/article><article class=\"post project-odd visible  full-width-img post-419092 type-post status-publish format-standard has-post-thumbnail hentry category-harthouse-de category-musik category-news tag-4xlp tag-boris-brejcha tag-dance tag-feuerfalter tag-harthouse tag-minimal tag-part-01 tag-techno tag-vinyl category-793 category-9 category-13 description-off\" data-name=\"\ud83c\udfb5 Ab heute als exklusive 4xLP-Vinyl-Edition erh\u00e4ltlich: &#8222;Boris Brejcha &#8211; Feuerfalter (Special Edition)\u201c\" data-date=\"2026-08-18T08:56:12+00:00\">\n\n<div class=\"post-thumbnail-wrap\">\n\t<div class=\"post-thumbnail\">\n\n\t\t\n\t\t\n\t\t<a href=\"https:\/\/ucm.one\/de\/ab-heute-als-exklusive-4xlp-vinyl-edition-erhaeltlich-boris-brejcha-feuerfalter-special-edition\/\" class=\"post-thumbnail-rollover layzr-bg layzr-bg\" ><img decoding=\"async\" class=\"lazy-load preload-me lazy-load aspect\" src=\"data:image\/svg+xml,%3Csvg%20xmlns%3D&#39;http%3A%2F%2Fwww.w3.org%2F2000%2Fsvg&#39;%20viewBox%3D&#39;0%200%20925%20289&#39;%2F%3E\" data-src=\"https:\/\/ucm.one\/wp-content\/uploads\/2026\/06\/B-Boris-Brejcha-Feuerfalter-Special-Edition-2026-925x289.jpg\" data-srcset=\"https:\/\/ucm.one\/wp-content\/uploads\/2026\/06\/B-Boris-Brejcha-Feuerfalter-Special-Edition-2026-925x289.jpg 925w, https:\/\/ucm.one\/wp-content\/uploads\/2026\/06\/B-Boris-Brejcha-Feuerfalter-Special-Edition-2026-1573x491.jpg 1573w\" loading=\"eager\" style=\"--ratio: 925 \/ 289\" sizes=\"(max-width: 925px) 100vw, 925px\" alt=\"\" title=\"B Boris Brejcha &#8211; Feuerfalter Special Edition 2026\" width=\"925\" height=\"289\"  \/><\/a>\n\t<\/div>\n<\/div>\n\n\n<div class=\"post-entry-content\">\n\n\t<h3 class=\"entry-title\">\n\t\t<a href=\"https:\/\/ucm.one\/de\/ab-heute-als-exklusive-4xlp-vinyl-edition-erhaeltlich-boris-brejcha-feuerfalter-special-edition\/\" title=\"\ud83c\udfb5 Ab heute als exklusive 4xLP-Vinyl-Edition erh\u00e4ltlich: &#8222;Boris Brejcha &#8211; Feuerfalter (Special Edition)\u201c\" rel=\"bookmark\">\ud83c\udfb5 Ab heute als exklusive 4xLP-Vinyl-Edition erh\u00e4ltlich: &#8222;Boris Brejcha &#8211; Feuerfalter (Special Edition)\u201c<\/a>\n\t<\/h3>\n\n\t<div class=\"entry-meta\"><span class=\"category-link\"><a href=\"https:\/\/ucm.one\/de\/category\/news\/musik\/harthouse-de\/\" >Harthouse<\/a>, <a href=\"https:\/\/ucm.one\/de\/category\/news\/musik\/\" >Musik<\/a>, <a href=\"https:\/\/ucm.one\/de\/category\/news\/\" >News<\/a><\/span><a href=\"https:\/\/ucm.one\/de\/2026\/08\/18\/\" title=\"08:56\" class=\"data-link\" rel=\"bookmark\"><time class=\"entry-date updated\" datetime=\"2026-08-18T08:56:12+00:00\">18. August 2026<\/time><\/a><\/div>\n\t<div class=\"entry-excerpt\"><p>[vc_row css=&#8220;.vc_custom_1608340212440{margin-top: -15px !important;}&#8220;][vc_column width=&#8220;3\/4&#8243;][vc_column_text css=&#8220;&#8220;] Mit einer besonderen Vinyl-Ver\u00f6ffentlichung kehren zwei der bekanntesten Werke von Boris Brejcha in einem au\u00dfergew\u00f6hnlichen Format zur\u00fcck: \u201eFeuerfalter Part 1\u201c und \u201eFeuerfalter Part 2\u201c sind ab heute erstmals gemeinsam als hochwertige 4xLP-Edition erh\u00e4ltlich. Die Ausgabe vereint beide Teile in einem umfassenden Sammlerformat und pr\u00e4sentiert das Projekt erstmals als zusammenh\u00e4ngende&hellip;<\/p>\n<\/div>\n\t\n<a href=\"https:\/\/ucm.one\/de\/ab-heute-als-exklusive-4xlp-vinyl-edition-erhaeltlich-boris-brejcha-feuerfalter-special-edition\/\" class=\"post-details details-type-link\" aria-label=\"Read more about \ud83c\udfb5 Ab heute als exklusive 4xLP-Vinyl-Edition erh\u00e4ltlich: &#8222;Boris Brejcha &#8211; Feuerfalter (Special Edition)\u201c\">Mehr lesen<i class=\"dt-icon-the7-arrow-03\" aria-hidden=\"true\"><\/i><\/a>\n\n<\/div><\/article><article class=\"post project-odd visible  full-width-img post-418959 type-post status-publish format-standard has-post-thumbnail hentry category-harthouse-de category-musik category-news tag-analoges-leben tag-harthouse tag-im-rampenlicht tag-koerpertanz tag-polyphonic tag-techno tag-thomas-corbach category-793 category-9 category-13 description-off\" data-name=\"\ud83c\udfb5 Thomas Corbach deb\u00fctiert mit der \u201eAnaloges Leben EP\u201c auf Harthouse\" data-date=\"2026-08-14T22:19:45+00:00\">\n\n<div class=\"post-thumbnail-wrap\">\n\t<div class=\"post-thumbnail\">\n\n\t\t\n\t\t\n\t\t<a href=\"https:\/\/ucm.one\/de\/thomas-corbach-debuetiert-mit-der-analoges-leben-ep-auf-harthouse\/\" class=\"post-thumbnail-rollover layzr-bg layzr-bg\" ><img decoding=\"async\" class=\"lazy-load preload-me lazy-load aspect\" src=\"data:image\/svg+xml,%3Csvg%20xmlns%3D&#39;http%3A%2F%2Fwww.w3.org%2F2000%2Fsvg&#39;%20viewBox%3D&#39;0%200%20925%20289&#39;%2F%3E\" data-src=\"https:\/\/ucm.one\/wp-content\/uploads\/2026\/08\/B-Thomas-Corbach-Analoges-Leben-925x289.jpg\" data-srcset=\"https:\/\/ucm.one\/wp-content\/uploads\/2026\/08\/B-Thomas-Corbach-Analoges-Leben-925x289.jpg 925w, https:\/\/ucm.one\/wp-content\/uploads\/2026\/08\/B-Thomas-Corbach-Analoges-Leben-1573x491.jpg 1573w\" loading=\"eager\" style=\"--ratio: 925 \/ 289\" sizes=\"(max-width: 925px) 100vw, 925px\" alt=\"\" title=\"B Thomas Corbach &#8211; Analoges Leben\" width=\"925\" height=\"289\"  \/><\/a>\n\t<\/div>\n<\/div>\n\n\n<div class=\"post-entry-content\">\n\n\t<h3 class=\"entry-title\">\n\t\t<a href=\"https:\/\/ucm.one\/de\/thomas-corbach-debuetiert-mit-der-analoges-leben-ep-auf-harthouse\/\" title=\"\ud83c\udfb5 Thomas Corbach deb\u00fctiert mit der \u201eAnaloges Leben EP\u201c auf Harthouse\" rel=\"bookmark\">\ud83c\udfb5 Thomas Corbach deb\u00fctiert mit der \u201eAnaloges Leben EP\u201c auf Harthouse<\/a>\n\t<\/h3>\n\n\t<div class=\"entry-meta\"><span class=\"category-link\"><a href=\"https:\/\/ucm.one\/de\/category\/news\/musik\/harthouse-de\/\" >Harthouse<\/a>, <a href=\"https:\/\/ucm.one\/de\/category\/news\/musik\/\" >Musik<\/a>, <a href=\"https:\/\/ucm.one\/de\/category\/news\/\" >News<\/a><\/span><a href=\"https:\/\/ucm.one\/de\/2026\/08\/14\/\" title=\"22:19\" class=\"data-link\" rel=\"bookmark\"><time class=\"entry-date updated\" datetime=\"2026-08-14T22:19:45+00:00\">14. August 2026<\/time><\/a><\/div>\n\t<div class=\"entry-excerpt\"><p>[vc_row][vc_column][vc_column_text css=&#8220;&#8220;] Mit der \u201eAnaloges Leben EP\u201c feiert Thomas Corbach sein Deb\u00fct auf dem legend\u00e4ren Label Harthouse und pr\u00e4sentiert vier atmosph\u00e4risch dichte Tracks, die tief in die Welt von Dub Techno und hypnotischer elektronischer Musik eintauchen. Warme analoge Klangfarben, weitl\u00e4ufige Delay-Strukturen und rollende Grooves verbinden sich zu einer vielschichtigen EP, die gleicherma\u00dfen f\u00fcr konzentriertes H\u00f6ren&hellip;<\/p>\n<\/div>\n\t\n<a href=\"https:\/\/ucm.one\/de\/thomas-corbach-debuetiert-mit-der-analoges-leben-ep-auf-harthouse\/\" class=\"post-details details-type-link\" aria-label=\"Read more about \ud83c\udfb5 Thomas Corbach deb\u00fctiert mit der \u201eAnaloges Leben EP\u201c auf Harthouse\">Mehr lesen<i class=\"dt-icon-the7-arrow-03\" aria-hidden=\"true\"><\/i><\/a>\n\n<\/div><\/article><article class=\"post project-odd visible  full-width-img post-418937 type-post status-publish format-standard has-post-thumbnail hentry category-musik category-news category-plastic-city tag-deep-house tag-endzeit tag-max-benini tag-plastic-city tag-tech-house category-9 category-13 category-802 description-off\" data-name=\"\ud83c\udfb5 Max Benini ver\u00f6ffentlicht \u201eEndzeit\u201c auf Plastic City\" data-date=\"2026-08-14T20:52:33+00:00\">\n\n<div class=\"post-thumbnail-wrap\">\n\t<div class=\"post-thumbnail\">\n\n\t\t\n\t\t\n\t\t<a href=\"https:\/\/ucm.one\/de\/max-benini-veroeffentlicht-endzeit-auf-plastic-city\/\" class=\"post-thumbnail-rollover layzr-bg layzr-bg\" ><img decoding=\"async\" class=\"lazy-load preload-me lazy-load aspect\" src=\"data:image\/svg+xml,%3Csvg%20xmlns%3D&#39;http%3A%2F%2Fwww.w3.org%2F2000%2Fsvg&#39;%20viewBox%3D&#39;0%200%20925%20289&#39;%2F%3E\" data-src=\"https:\/\/ucm.one\/wp-content\/uploads\/2026\/08\/B-Max-Benini-Endzeit-925x289.jpg\" data-srcset=\"https:\/\/ucm.one\/wp-content\/uploads\/2026\/08\/B-Max-Benini-Endzeit-925x289.jpg 925w, https:\/\/ucm.one\/wp-content\/uploads\/2026\/08\/B-Max-Benini-Endzeit-1573x491.jpg 1573w\" loading=\"eager\" style=\"--ratio: 925 \/ 289\" sizes=\"(max-width: 925px) 100vw, 925px\" alt=\"\" title=\"B Max Benini &#8211; Endzeit\" width=\"925\" height=\"289\"  \/><\/a>\n\t<\/div>\n<\/div>\n\n\n<div class=\"post-entry-content\">\n\n\t<h3 class=\"entry-title\">\n\t\t<a href=\"https:\/\/ucm.one\/de\/max-benini-veroeffentlicht-endzeit-auf-plastic-city\/\" title=\"\ud83c\udfb5 Max Benini ver\u00f6ffentlicht \u201eEndzeit\u201c auf Plastic City\" rel=\"bookmark\">\ud83c\udfb5 Max Benini ver\u00f6ffentlicht \u201eEndzeit\u201c auf Plastic City<\/a>\n\t<\/h3>\n\n\t<div class=\"entry-meta\"><span class=\"category-link\"><a href=\"https:\/\/ucm.one\/de\/category\/news\/musik\/\" >Musik<\/a>, <a href=\"https:\/\/ucm.one\/de\/category\/news\/\" >News<\/a>, <a href=\"https:\/\/ucm.one\/de\/category\/news\/musik\/plastic-city\/\" >Plastic City<\/a><\/span><a href=\"https:\/\/ucm.one\/de\/2026\/08\/14\/\" title=\"20:52\" class=\"data-link\" rel=\"bookmark\"><time class=\"entry-date updated\" datetime=\"2026-08-14T20:52:33+00:00\">14. August 2026<\/time><\/a><\/div>\n\t<div class=\"entry-excerpt\"><p>[vc_row][vc_column][vc_column_text css=&#8220;&#8220;] Mit \u201eEndzeit\u201c pr\u00e4sentiert Max Benini seine zweite Ver\u00f6ffentlichung auf dem renommierten Deep-House-Label Plastic City. Nach seinem Deb\u00fct \u201eOur Dreams\u201c, das mit hypnotischen Grooves, melancholischen Synthesizer-Fl\u00e4chen und atmosph\u00e4rischer Tiefe seinen Einstand auf dem Label markierte, zeigt der Produzent nun eine deutlich dunklere Facette seines Sounds. [\/vc_column_text][\/vc_column][\/vc_row][vc_row][vc_column width=&#8220;3\/4&#8243;][vc_column_text css=&#8220;&#8220;] \u201eEndzeit\u201c verbindet treibende Rhythmen mit einem&hellip;<\/p>\n<\/div>\n\t\n<a href=\"https:\/\/ucm.one\/de\/max-benini-veroeffentlicht-endzeit-auf-plastic-city\/\" class=\"post-details details-type-link\" aria-label=\"Read more about \ud83c\udfb5 Max Benini ver\u00f6ffentlicht \u201eEndzeit\u201c auf Plastic City\">Mehr lesen<i class=\"dt-icon-the7-arrow-03\" aria-hidden=\"true\"><\/i><\/a>\n\n<\/div><\/article><article class=\"post project-odd visible  full-width-img post-418867 type-post status-publish format-standard has-post-thumbnail hentry category-dokumentarfilm category-film category-kino category-news category-nonfy-documentaries category-verleih tag-jana-stallein tag-nonfy-documentaries tag-where-the-waves-took-her tag-wueste-film-west category-6267 category-8 category-10 category-13 category-4587 category-752 description-off\" data-name=\"\ud83c\udfac &#8222;Where the Waves Took Her&#8220; startet am 3. September 2026 in den deutschen Kinos\" data-date=\"2026-08-12T22:32:38+00:00\">\n\n<div class=\"post-thumbnail-wrap\">\n\t<div class=\"post-thumbnail\">\n\n\t\t\n\t\t\n\t\t<a href=\"https:\/\/ucm.one\/de\/where-the-waves-took-her-startet-am-3-september-2026-in-den-deutschen-kinos\/\" class=\"post-thumbnail-rollover layzr-bg layzr-bg\" ><img decoding=\"async\" class=\"lazy-load preload-me lazy-load aspect\" src=\"data:image\/svg+xml,%3Csvg%20xmlns%3D&#39;http%3A%2F%2Fwww.w3.org%2F2000%2Fsvg&#39;%20viewBox%3D&#39;0%200%20925%20289&#39;%2F%3E\" data-src=\"https:\/\/ucm.one\/wp-content\/uploads\/2026\/08\/b_WTWTH_1920x600-News_Kinostarttour_de-1-925x289.jpg\" data-srcset=\"https:\/\/ucm.one\/wp-content\/uploads\/2026\/08\/b_WTWTH_1920x600-News_Kinostarttour_de-1-925x289.jpg 925w, https:\/\/ucm.one\/wp-content\/uploads\/2026\/08\/b_WTWTH_1920x600-News_Kinostarttour_de-1-1573x491.jpg 1573w\" loading=\"eager\" style=\"--ratio: 925 \/ 289\" sizes=\"(max-width: 925px) 100vw, 925px\" alt=\"\" title=\"b_WTWTH_1920x600-News_Kinostart+tour_de\" width=\"925\" height=\"289\"  \/><\/a>\n\t<\/div>\n<\/div>\n\n\n<div class=\"post-entry-content\">\n\n\t<h3 class=\"entry-title\">\n\t\t<a href=\"https:\/\/ucm.one\/de\/where-the-waves-took-her-startet-am-3-september-2026-in-den-deutschen-kinos\/\" title=\"\ud83c\udfac &#8222;Where the Waves Took Her&#8220; startet am 3. September 2026 in den deutschen Kinos\" rel=\"bookmark\">\ud83c\udfac &#8222;Where the Waves Took Her&#8220; startet am 3. September 2026 in den deutschen Kinos<\/a>\n\t<\/h3>\n\n\t<div class=\"entry-meta\"><span class=\"category-link\"><a href=\"https:\/\/ucm.one\/de\/category\/news\/dokumentarfilm\/\" >Dokumentarfilm<\/a>, <a href=\"https:\/\/ucm.one\/de\/category\/news\/film\/\" >Film<\/a>, <a href=\"https:\/\/ucm.one\/de\/category\/news\/kino\/\" >Kino<\/a>, <a href=\"https:\/\/ucm.one\/de\/category\/news\/\" >News<\/a>, <a href=\"https:\/\/ucm.one\/de\/category\/news\/film\/nonfy-documentaries\/\" >NONFY Documentaries<\/a>, <a href=\"https:\/\/ucm.one\/de\/category\/news\/verleih\/\" >Verleih<\/a><\/span><a href=\"https:\/\/ucm.one\/de\/2026\/08\/12\/\" title=\"22:32\" class=\"data-link\" rel=\"bookmark\"><time class=\"entry-date updated\" datetime=\"2026-08-12T22:32:38+00:00\">12. August 2026<\/time><\/a><\/div>\n\t<div class=\"entry-excerpt\"><p>[vc_row][vc_column][vc_column_text css=&#8220;&#8220;] F\u00fcr viele Menschen ist die Flucht \u00fcber das Mittelmeer die letzte Hoffnung \u2013 und zugleich die gef\u00e4hrlichste Fluchtroute der Welt. Da immer h\u00e4ufiger auch Frauen und Kinder diesen Weg auf sich nehmen, geh\u00f6rt inzwischen eine Hebamme zur festen Besatzung eines Seenotrettungsschiffes. \u201eWhere the Waves Took Her\u201c begleitet die Hebamme Anne-Katrin bei ihrem ersten&hellip;<\/p>\n<\/div>\n\t\n<a href=\"https:\/\/ucm.one\/de\/where-the-waves-took-her-startet-am-3-september-2026-in-den-deutschen-kinos\/\" class=\"post-details details-type-link\" aria-label=\"Read more about \ud83c\udfac &#8222;Where the Waves Took Her&#8220; startet am 3. September 2026 in den deutschen Kinos\">Mehr lesen<i class=\"dt-icon-the7-arrow-03\" aria-hidden=\"true\"><\/i><\/a>\n\n<\/div><\/article><article class=\"post project-odd visible  full-width-img post-418658 type-post status-publish format-standard has-post-thumbnail hentry category-musik category-news category-time-unlimited tag-andreas-kettenbach tag-hardtrance tag-image-beat tag-liftoff tag-roughage tag-time-unlimited tag-trance category-9 category-13 category-10537 description-off\" data-name=\"\ud83c\udfb5 Roughage startet mit \u201eLiftoff\u201c auf dem Label Time Unlimited wieder durch\" data-date=\"2026-08-07T20:23:05+00:00\">\n\n<div class=\"post-thumbnail-wrap\">\n\t<div class=\"post-thumbnail\">\n\n\t\t\n\t\t\n\t\t<a href=\"https:\/\/ucm.one\/de\/roughage-startet-mit-liftoff-auf-dem-label-time-unlimited-wieder-durch\/\" class=\"post-thumbnail-rollover layzr-bg layzr-bg\" ><img decoding=\"async\" class=\"lazy-load preload-me lazy-load aspect\" src=\"data:image\/svg+xml,%3Csvg%20xmlns%3D&#39;http%3A%2F%2Fwww.w3.org%2F2000%2Fsvg&#39;%20viewBox%3D&#39;0%200%20925%20289&#39;%2F%3E\" data-src=\"https:\/\/ucm.one\/wp-content\/uploads\/2026\/08\/B-Roughage-Liftof-925x289.jpg\" data-srcset=\"https:\/\/ucm.one\/wp-content\/uploads\/2026\/08\/B-Roughage-Liftof-925x289.jpg 925w, https:\/\/ucm.one\/wp-content\/uploads\/2026\/08\/B-Roughage-Liftof-1573x491.jpg 1573w\" loading=\"eager\" style=\"--ratio: 925 \/ 289\" sizes=\"(max-width: 925px) 100vw, 925px\" alt=\"\" title=\"B Roughage &#8211; Liftof\" width=\"925\" height=\"289\"  \/><\/a>\n\t<\/div>\n<\/div>\n\n\n<div class=\"post-entry-content\">\n\n\t<h3 class=\"entry-title\">\n\t\t<a href=\"https:\/\/ucm.one\/de\/roughage-startet-mit-liftoff-auf-dem-label-time-unlimited-wieder-durch\/\" title=\"\ud83c\udfb5 Roughage startet mit \u201eLiftoff\u201c auf dem Label Time Unlimited wieder durch\" rel=\"bookmark\">\ud83c\udfb5 Roughage startet mit \u201eLiftoff\u201c auf dem Label Time Unlimited wieder durch<\/a>\n\t<\/h3>\n\n\t<div class=\"entry-meta\"><span class=\"category-link\"><a href=\"https:\/\/ucm.one\/de\/category\/news\/musik\/\" >Musik<\/a>, <a href=\"https:\/\/ucm.one\/de\/category\/news\/\" >News<\/a>, <a href=\"https:\/\/ucm.one\/de\/category\/news\/musik\/time-unlimited\/\" >Time unlimited<\/a><\/span><a href=\"https:\/\/ucm.one\/de\/2026\/08\/07\/\" title=\"20:23\" class=\"data-link\" rel=\"bookmark\"><time class=\"entry-date updated\" datetime=\"2026-08-07T20:23:05+00:00\">7. August 2026<\/time><\/a><\/div>\n\t<div class=\"entry-excerpt\"><p>[vc_row][vc_column][vc_column_text css=&#8220;&#8220;] Mit \u201eLiftoff\u201c pr\u00e4sentiert das Techno- und Trance-Projekt Roughage um Andreas Kettenbach eine energiegeladene Single, die ihre Wurzeln tief in der Rave- und Trance-Kultur der sp\u00e4ten 1990er-Jahre hat. Auf dem legend\u00e4ren Label Time Unlimited verbindet die Ver\u00f6ffentlichung klassische Einfl\u00fcsse mit moderner Produktion und schl\u00e4gt damit die Br\u00fccke zwischen nostalgischem Spirit und zeitgem\u00e4\u00dfer Club\u00e4sthetik. [\/vc_column_text][vc_column_text&hellip;<\/p>\n<\/div>\n\t\n<a href=\"https:\/\/ucm.one\/de\/roughage-startet-mit-liftoff-auf-dem-label-time-unlimited-wieder-durch\/\" class=\"post-details details-type-link\" aria-label=\"Read more about \ud83c\udfb5 Roughage startet mit \u201eLiftoff\u201c auf dem Label Time Unlimited wieder durch\">Mehr lesen<i class=\"dt-icon-the7-arrow-03\" aria-hidden=\"true\"><\/i><\/a>\n\n<\/div><\/article><article class=\"post project-odd visible  full-width-img post-418617 type-post status-publish format-standard has-post-thumbnail hentry category-filmvertrieb-de category-firma category-musik category-musikvertrieb category-news category-vertrieb-von-medien-de tag-aggregator tag-digitalvertrieb tag-download tag-filmvertrieb tag-hand-made-music tag-musik tag-musikvertrieb tag-oesterreich tag-streaming tag-wien category-15325 category-5590 category-9 category-19730 category-13 category-15323 description-off\" data-name=\"\ud83c\udfdb\ufe0f UCM.ONE gr\u00fcndet Tochterfirma in \u00d6sterreich und startet eigenen digitalen Musikvertrieb\" data-date=\"2026-08-07T16:44:19+00:00\">\n\n<div class=\"post-thumbnail-wrap\">\n\t<div class=\"post-thumbnail\">\n\n\t\t\n\t\t\n\t\t<a href=\"https:\/\/ucm.one\/de\/ucm-one-gruendet-tochterfirma-in-oesterreich-und-startet-eigenen-digitalen-musikvertrieb\/\" class=\"post-thumbnail-rollover layzr-bg layzr-bg\" ><img decoding=\"async\" class=\"lazy-load preload-me lazy-load aspect\" src=\"data:image\/svg+xml,%3Csvg%20xmlns%3D&#39;http%3A%2F%2Fwww.w3.org%2F2000%2Fsvg&#39;%20viewBox%3D&#39;0%200%20925%20280&#39;%2F%3E\" data-src=\"https:\/\/ucm.one\/wp-content\/uploads\/2026\/08\/UCM.ONE-Buero-in-Wien-2026-1-925x280.jpg\" data-srcset=\"https:\/\/ucm.one\/wp-content\/uploads\/2026\/08\/UCM.ONE-Buero-in-Wien-2026-1-925x280.jpg 925w, https:\/\/ucm.one\/wp-content\/uploads\/2026\/08\/UCM.ONE-Buero-in-Wien-2026-1-1573x476.jpg 1573w\" loading=\"eager\" style=\"--ratio: 925 \/ 280\" sizes=\"(max-width: 925px) 100vw, 925px\" alt=\"\" title=\"Aerial view of city center of Vienna\" width=\"925\" height=\"280\"  \/><\/a>\n\t<\/div>\n<\/div>\n\n\n<div class=\"post-entry-content\">\n\n\t<h3 class=\"entry-title\">\n\t\t<a href=\"https:\/\/ucm.one\/de\/ucm-one-gruendet-tochterfirma-in-oesterreich-und-startet-eigenen-digitalen-musikvertrieb\/\" title=\"\ud83c\udfdb\ufe0f UCM.ONE gr\u00fcndet Tochterfirma in \u00d6sterreich und startet eigenen digitalen Musikvertrieb\" rel=\"bookmark\">\ud83c\udfdb\ufe0f UCM.ONE gr\u00fcndet Tochterfirma in \u00d6sterreich und startet eigenen digitalen Musikvertrieb<\/a>\n\t<\/h3>\n\n\t<div class=\"entry-meta\"><span class=\"category-link\"><a href=\"https:\/\/ucm.one\/de\/category\/news\/vertrieb-von-medien-de\/filmvertrieb-de\/\" >Filmvertrieb<\/a>, <a href=\"https:\/\/ucm.one\/de\/category\/news\/firma\/\" >Firma<\/a>, <a href=\"https:\/\/ucm.one\/de\/category\/news\/musik\/\" >Musik<\/a>, <a href=\"https:\/\/ucm.one\/de\/category\/news\/vertrieb-von-medien-de\/musikvertrieb\/\" >Musikvertrieb<\/a>, <a href=\"https:\/\/ucm.one\/de\/category\/news\/\" >News<\/a>, <a href=\"https:\/\/ucm.one\/de\/category\/news\/vertrieb-von-medien-de\/\" >Vertrieb von Medien<\/a><\/span><a href=\"https:\/\/ucm.one\/de\/2026\/08\/07\/\" title=\"16:44\" class=\"data-link\" rel=\"bookmark\"><time class=\"entry-date updated\" datetime=\"2026-08-07T16:44:19+00:00\">7. August 2026<\/time><\/a><\/div>\n\t<div class=\"entry-excerpt\"><p>[vc_row][vc_column][vc_column_text css=&#8220;&#8220;] Die UCM.ONE GmbH stellt die Weichen f\u00fcr weiteres internationales Wachstum im Digitalgesch\u00e4ft: Mit der Gr\u00fcndung der eigenst\u00e4ndigen Tochtergesellschaft UCM.ONE AT GmbH mit Sitz in Wien im August 2026 etabliert das Unternehmen einen neuen digitalen Musikvertrieb (Aggregator). Unter dem Slogan \u201ehand-made.music\u201c bietet die neue \u00f6sterreichische Gesellschaft ab sofort die weltweite Platzierung von Musik auf&hellip;<\/p>\n<\/div>\n\t\n<a href=\"https:\/\/ucm.one\/de\/ucm-one-gruendet-tochterfirma-in-oesterreich-und-startet-eigenen-digitalen-musikvertrieb\/\" class=\"post-details details-type-link\" aria-label=\"Read more about \ud83c\udfdb\ufe0f UCM.ONE gr\u00fcndet Tochterfirma in \u00d6sterreich und startet eigenen digitalen Musikvertrieb\">Mehr lesen<i class=\"dt-icon-the7-arrow-03\" aria-hidden=\"true\"><\/i><\/a>\n\n<\/div><\/article><article class=\"post project-odd visible  full-width-img post-418481 type-post status-publish format-standard has-post-thumbnail hentry category-darling-berlin category-film category-kino category-news tag-alexander-merbeth tag-ceci-chuh tag-charlotte-roche tag-darling-berlin tag-feature-film-directorial-debut tag-flieg-steil tag-lana-cooper tag-martina-schoene-radunski tag-spielfilmregiedebuet category-830 category-8 category-10 category-13 description-off\" data-name=\"\ud83c\udfac &#8222;Flieg Steil&#8220; feierte Premiere zum Kinostart im CineStar &#8211; Kino in der Kulturbrauerei, Berlin\" data-date=\"2026-08-04T23:45:05+00:00\">\n\n<div class=\"post-thumbnail-wrap\">\n\t<div class=\"post-thumbnail\">\n\n\t\t\n\t\t\n\t\t<a href=\"https:\/\/ucm.one\/de\/flieg-steil-feierte-premiere-zum-kinostart-im-cinestar-kino-in-der-kulturbrauerei-berlin\/\" class=\"post-thumbnail-rollover layzr-bg layzr-bg\" ><img decoding=\"async\" class=\"lazy-load preload-me lazy-load aspect\" src=\"data:image\/svg+xml,%3Csvg%20xmlns%3D&#39;http%3A%2F%2Fwww.w3.org%2F2000%2Fsvg&#39;%20viewBox%3D&#39;0%200%20925%20289&#39;%2F%3E\" data-src=\"https:\/\/ucm.one\/wp-content\/uploads\/2026\/08\/b_flgstl_News_Kinostartpremiere_de-925x289.jpg\" data-srcset=\"https:\/\/ucm.one\/wp-content\/uploads\/2026\/08\/b_flgstl_News_Kinostartpremiere_de-925x289.jpg 925w, https:\/\/ucm.one\/wp-content\/uploads\/2026\/08\/b_flgstl_News_Kinostartpremiere_de-1573x491.jpg 1573w\" loading=\"eager\" style=\"--ratio: 925 \/ 289\" sizes=\"(max-width: 925px) 100vw, 925px\" alt=\"\" title=\"b_flgstl_News_Kinostartpremiere_de\" width=\"925\" height=\"289\"  \/><\/a>\n\t<\/div>\n<\/div>\n\n\n<div class=\"post-entry-content\">\n\n\t<h3 class=\"entry-title\">\n\t\t<a href=\"https:\/\/ucm.one\/de\/flieg-steil-feierte-premiere-zum-kinostart-im-cinestar-kino-in-der-kulturbrauerei-berlin\/\" title=\"\ud83c\udfac &#8222;Flieg Steil&#8220; feierte Premiere zum Kinostart im CineStar &#8211; Kino in der Kulturbrauerei, Berlin\" rel=\"bookmark\">\ud83c\udfac &#8222;Flieg Steil&#8220; feierte Premiere zum Kinostart im CineStar &#8211; Kino in der Kulturbrauerei, Berlin<\/a>\n\t<\/h3>\n\n\t<div class=\"entry-meta\"><span class=\"category-link\"><a href=\"https:\/\/ucm.one\/de\/category\/news\/film\/darling-berlin\/\" >Darling Berlin<\/a>, <a href=\"https:\/\/ucm.one\/de\/category\/news\/film\/\" >Film<\/a>, <a href=\"https:\/\/ucm.one\/de\/category\/news\/kino\/\" >Kino<\/a>, <a href=\"https:\/\/ucm.one\/de\/category\/news\/\" >News<\/a><\/span><a href=\"https:\/\/ucm.one\/de\/2026\/08\/04\/\" title=\"23:45\" class=\"data-link\" rel=\"bookmark\"><time class=\"entry-date updated\" datetime=\"2026-08-04T23:45:05+00:00\">4. August 2026<\/time><\/a><\/div>\n\t<div class=\"entry-excerpt\"><p>[vc_row][vc_column][vc_column_text css=&#8220;&#8220;] Am Dienstag, 4. August 2026, feierte &#8222;Flieg Steil&#8220;\u00a0 (Internationaler Titel: Ascend), das Spielfilmdeb\u00fct der Regisseurinnen Martina Sch\u00f6ne-Radunski und Lana Cooper, seine Premiere zum Kinostart im CineStar &#8211; Kino in der Kulturbrauerei in Berlin. Bundesweit startet &#8222;Flieg Steil&#8220; am Donnerstag, 6. August 2026, in den deutschen Kinos. [\/vc_column_text][\/vc_column][\/vc_row][vc_row equal_height=&#8220;yes&#8220;][vc_column width=&#8220;4\/5&#8243;][vc_message css=&#8220;.vc_custom_1785278931606{padding-bottom: 17px !important;}&#8220;]Kinostart: ab&hellip;<\/p>\n<\/div>\n\t\n<a href=\"https:\/\/ucm.one\/de\/flieg-steil-feierte-premiere-zum-kinostart-im-cinestar-kino-in-der-kulturbrauerei-berlin\/\" class=\"post-details details-type-link\" aria-label=\"Read more about \ud83c\udfac &#8222;Flieg Steil&#8220; feierte Premiere zum Kinostart im CineStar &#8211; Kino in der Kulturbrauerei, Berlin\">Mehr lesen<i class=\"dt-icon-the7-arrow-03\" aria-hidden=\"true\"><\/i><\/a>\n\n<\/div><\/article><article class=\"post project-odd visible  full-width-img post-418400 type-post status-publish format-standard has-post-thumbnail hentry category-film category-filmvertrieb-de category-news category-vertrieb-von-medien-de tag-aggegator tag-august-2026 tag-digital-film-distribution-de tag-digitaler-filmvertrieb tag-est tag-fast tag-vod category-8 category-15325 category-13 category-15323 description-off\" data-name=\"\ud83c\udfac Digitale Film- &#038; Serienver\u00f6ffentlichungen im August 2026\" data-date=\"2026-08-01T13:34:04+00:00\">\n\n<div class=\"post-thumbnail-wrap\">\n\t<div class=\"post-thumbnail\">\n\n\t\t\n\t\t\n\t\t<a href=\"https:\/\/ucm.one\/de\/digitale-film-serienveroeffentlichungen-im-august-2026\/\" class=\"post-thumbnail-rollover layzr-bg layzr-bg\" ><img decoding=\"async\" class=\"lazy-load preload-me lazy-load aspect\" src=\"data:image\/svg+xml,%3Csvg%20xmlns%3D&#39;http%3A%2F%2Fwww.w3.org%2F2000%2Fsvg&#39;%20viewBox%3D&#39;0%200%20925%20289&#39;%2F%3E\" data-src=\"https:\/\/ucm.one\/wp-content\/uploads\/2026\/08\/Digitaler-Filmbertrieb-NEWS-2026-07-925x289.jpg\" data-srcset=\"https:\/\/ucm.one\/wp-content\/uploads\/2026\/08\/Digitaler-Filmbertrieb-NEWS-2026-07-925x289.jpg 925w, https:\/\/ucm.one\/wp-content\/uploads\/2026\/08\/Digitaler-Filmbertrieb-NEWS-2026-07-1573x491.jpg 1573w\" loading=\"eager\" style=\"--ratio: 925 \/ 289\" sizes=\"(max-width: 925px) 100vw, 925px\" alt=\"\" title=\"Digitaler Filmbertrieb NEWS 2026-07\" width=\"925\" height=\"289\"  \/><\/a>\n\t<\/div>\n<\/div>\n\n\n<div class=\"post-entry-content\">\n\n\t<h3 class=\"entry-title\">\n\t\t<a href=\"https:\/\/ucm.one\/de\/digitale-film-serienveroeffentlichungen-im-august-2026\/\" title=\"\ud83c\udfac Digitale Film- &#038; Serienver\u00f6ffentlichungen im August 2026\" rel=\"bookmark\">\ud83c\udfac Digitale Film- &#038; Serienver\u00f6ffentlichungen im August 2026<\/a>\n\t<\/h3>\n\n\t<div class=\"entry-meta\"><span class=\"category-link\"><a href=\"https:\/\/ucm.one\/de\/category\/news\/film\/\" >Film<\/a>, <a href=\"https:\/\/ucm.one\/de\/category\/news\/vertrieb-von-medien-de\/filmvertrieb-de\/\" >Filmvertrieb<\/a>, <a href=\"https:\/\/ucm.one\/de\/category\/news\/\" >News<\/a>, <a href=\"https:\/\/ucm.one\/de\/category\/news\/vertrieb-von-medien-de\/\" >Vertrieb von Medien<\/a><\/span><a href=\"https:\/\/ucm.one\/de\/2026\/08\/01\/\" title=\"13:34\" class=\"data-link\" rel=\"bookmark\"><time class=\"entry-date updated\" datetime=\"2026-08-01T13:34:04+00:00\">1. August 2026<\/time><\/a><\/div>\n\t<div class=\"entry-excerpt\"><p>[vc_row][vc_column][vc_column_text css=&#8220;&#8220;] Im hochsommerlichen August 2026 h\u00e4lt unser digitales Vertriebsprogramm auch in der hei\u00dfen Jahreszeit eine Vielzahl abwechslungsreicher Ver\u00f6ffentlichungen bereit. Das Line-up vereint packende Abenteuer-, Thriller und Horror-Filme mit Zeichentrickfilmen sowie zeitlosen Filmklassikern. Ein besonderes Highlight im Serienbereich bildet in diesem Monat beste britische Comedy mit Rowan Atkinson: Neben der kompletten Original-Serie \u201eMr. Bean\u201c sorgt&hellip;<\/p>\n<\/div>\n\t\n<a href=\"https:\/\/ucm.one\/de\/digitale-film-serienveroeffentlichungen-im-august-2026\/\" class=\"post-details details-type-link\" aria-label=\"Read more about \ud83c\udfac Digitale Film- &#038; Serienver\u00f6ffentlichungen im August 2026\">Mehr lesen<i class=\"dt-icon-the7-arrow-03\" aria-hidden=\"true\"><\/i><\/a>\n\n<\/div><\/article><article class=\"post project-odd visible  full-width-img post-418373 type-post status-publish format-standard has-post-thumbnail hentry category-musik category-news category-plastic-city tag-blurred-colours tag-dub-techno tag-felix-kowalski tag-heidelberg tag-lost-frame tag-plastic-city category-9 category-13 category-802 description-off\" data-name=\"\ud83c\udfb5 Felix Kowalski und das Label Plastic City setzen ihre erfolgreiche Zusammenarbeit mit \u201eLost Frame\u201c fort\" data-date=\"2026-07-31T23:30:04+00:00\">\n\n<div class=\"post-thumbnail-wrap\">\n\t<div class=\"post-thumbnail\">\n\n\t\t\n\t\t\n\t\t<a href=\"https:\/\/ucm.one\/de\/felix-kowalski-und-das-label-plastic-city-setzen-ihre-erfolgreiche-zusammenarbeit-mit-lost-frame-fort\/\" class=\"post-thumbnail-rollover layzr-bg layzr-bg\" ><img decoding=\"async\" class=\"lazy-load preload-me lazy-load aspect\" src=\"data:image\/svg+xml,%3Csvg%20xmlns%3D&#39;http%3A%2F%2Fwww.w3.org%2F2000%2Fsvg&#39;%20viewBox%3D&#39;0%200%20925%20289&#39;%2F%3E\" data-src=\"https:\/\/ucm.one\/wp-content\/uploads\/2026\/08\/B-Felix-Kowalski-Lost-Frame-925x289.jpg\" data-srcset=\"https:\/\/ucm.one\/wp-content\/uploads\/2026\/08\/B-Felix-Kowalski-Lost-Frame-925x289.jpg 925w, https:\/\/ucm.one\/wp-content\/uploads\/2026\/08\/B-Felix-Kowalski-Lost-Frame-1573x491.jpg 1573w\" loading=\"eager\" style=\"--ratio: 925 \/ 289\" sizes=\"(max-width: 925px) 100vw, 925px\" alt=\"\" title=\"B Felix Kowalski &#8211; Lost Frame\" width=\"925\" height=\"289\"  \/><\/a>\n\t<\/div>\n<\/div>\n\n\n<div class=\"post-entry-content\">\n\n\t<h3 class=\"entry-title\">\n\t\t<a href=\"https:\/\/ucm.one\/de\/felix-kowalski-und-das-label-plastic-city-setzen-ihre-erfolgreiche-zusammenarbeit-mit-lost-frame-fort\/\" title=\"\ud83c\udfb5 Felix Kowalski und das Label Plastic City setzen ihre erfolgreiche Zusammenarbeit mit \u201eLost Frame\u201c fort\" rel=\"bookmark\">\ud83c\udfb5 Felix Kowalski und das Label Plastic City setzen ihre erfolgreiche Zusammenarbeit mit \u201eLost Frame\u201c fort<\/a>\n\t<\/h3>\n\n\t<div class=\"entry-meta\"><span class=\"category-link\"><a href=\"https:\/\/ucm.one\/de\/category\/news\/musik\/\" >Musik<\/a>, <a href=\"https:\/\/ucm.one\/de\/category\/news\/\" >News<\/a>, <a href=\"https:\/\/ucm.one\/de\/category\/news\/musik\/plastic-city\/\" >Plastic City<\/a><\/span><a href=\"https:\/\/ucm.one\/de\/2026\/07\/31\/\" title=\"23:30\" class=\"data-link\" rel=\"bookmark\"><time class=\"entry-date updated\" datetime=\"2026-07-31T23:30:04+00:00\">31. Juli 2026<\/time><\/a><\/div>\n\t<div class=\"entry-excerpt\"><p>[vc_row][vc_column][vc_column_text css=&#8220;&#8220;] Mit \u201eLost Frame\u201c pr\u00e4sentiert Felix Kowalski bereits seine siebte Ver\u00f6ffentlichung auf dem traditionsreichen Deep-House-Label Plastic City und unterstreicht damit einmal mehr seine enge Verbindung zum Label sowie seine kontinuierliche k\u00fcnstlerische Weiterentwicklung. Seit seinem Deb\u00fct hat sich Kowalski zu einer festen Gr\u00f6\u00dfe im Plastic City-Katalog entwickelt und \u00fcberzeugt mit einem unverwechselbaren Sound zwischen Deep&hellip;<\/p>\n<\/div>\n\t\n<a href=\"https:\/\/ucm.one\/de\/felix-kowalski-und-das-label-plastic-city-setzen-ihre-erfolgreiche-zusammenarbeit-mit-lost-frame-fort\/\" class=\"post-details details-type-link\" aria-label=\"Read more about \ud83c\udfb5 Felix Kowalski und das Label Plastic City setzen ihre erfolgreiche Zusammenarbeit mit \u201eLost Frame\u201c fort\">Mehr lesen<i class=\"dt-icon-the7-arrow-03\" aria-hidden=\"true\"><\/i><\/a>\n\n<\/div><\/article><div class=\"paginator\" role=\"navigation\"><span class=\"nav-prev disabled\">\u2192<\/span><a href=\"https:\/\/ucm.one\/de\/wp-json\/wp\/v2\/pages\/46\/\" class=\"page-numbers act\" data-page-num=\"1\">1<\/a><a href=\"https:\/\/ucm.one\/de\/wp-json\/wp\/v2\/pages\/46\/page\/2\/\" class=\"page-numbers \" data-page-num=\"2\">2<\/a><a href=\"https:\/\/ucm.one\/de\/wp-json\/wp\/v2\/pages\/46\/page\/3\/\" class=\"page-numbers \" data-page-num=\"3\">3<\/a><a href=\"https:\/\/ucm.one\/de\/wp-json\/wp\/v2\/pages\/46\/page\/4\/\" class=\"page-numbers \" data-page-num=\"4\">4<\/a><a href=\"https:\/\/ucm.one\/de\/wp-json\/wp\/v2\/pages\/46\/page\/5\/\" class=\"page-numbers \" data-page-num=\"5\">5<\/a><a href=\"javascript:void(0);\" class=\"dots\">&#8230;<\/a><div style=\"display: none;\"><a href=\"https:\/\/ucm.one\/de\/wp-json\/wp\/v2\/pages\/46\/page\/6\/\" class=\"page-numbers \" data-page-num=\"6\">6<\/a><a href=\"https:\/\/ucm.one\/de\/wp-json\/wp\/v2\/pages\/46\/page\/7\/\" class=\"page-numbers \" data-page-num=\"7\">7<\/a><a href=\"https:\/\/ucm.one\/de\/wp-json\/wp\/v2\/pages\/46\/page\/8\/\" class=\"page-numbers \" data-page-num=\"8\">8<\/a><a href=\"https:\/\/ucm.one\/de\/wp-json\/wp\/v2\/pages\/46\/page\/9\/\" class=\"page-numbers \" data-page-num=\"9\">9<\/a><a href=\"https:\/\/ucm.one\/de\/wp-json\/wp\/v2\/pages\/46\/page\/10\/\" class=\"page-numbers \" data-page-num=\"10\">10<\/a><a href=\"https:\/\/ucm.one\/de\/wp-json\/wp\/v2\/pages\/46\/page\/11\/\" class=\"page-numbers \" data-page-num=\"11\">11<\/a><a href=\"https:\/\/ucm.one\/de\/wp-json\/wp\/v2\/pages\/46\/page\/12\/\" class=\"page-numbers \" data-page-num=\"12\">12<\/a><a href=\"https:\/\/ucm.one\/de\/wp-json\/wp\/v2\/pages\/46\/page\/13\/\" class=\"page-numbers \" data-page-num=\"13\">13<\/a><a href=\"https:\/\/ucm.one\/de\/wp-json\/wp\/v2\/pages\/46\/page\/14\/\" class=\"page-numbers \" data-page-num=\"14\">14<\/a><a href=\"https:\/\/ucm.one\/de\/wp-json\/wp\/v2\/pages\/46\/page\/15\/\" class=\"page-numbers \" data-page-num=\"15\">15<\/a><a href=\"https:\/\/ucm.one\/de\/wp-json\/wp\/v2\/pages\/46\/page\/16\/\" class=\"page-numbers \" data-page-num=\"16\">16<\/a><a href=\"https:\/\/ucm.one\/de\/wp-json\/wp\/v2\/pages\/46\/page\/17\/\" class=\"page-numbers \" data-page-num=\"17\">17<\/a><a href=\"https:\/\/ucm.one\/de\/wp-json\/wp\/v2\/pages\/46\/page\/18\/\" class=\"page-numbers \" data-page-num=\"18\">18<\/a><a href=\"https:\/\/ucm.one\/de\/wp-json\/wp\/v2\/pages\/46\/page\/19\/\" class=\"page-numbers \" data-page-num=\"19\">19<\/a><a href=\"https:\/\/ucm.one\/de\/wp-json\/wp\/v2\/pages\/46\/page\/20\/\" class=\"page-numbers \" data-page-num=\"20\">20<\/a><a href=\"https:\/\/ucm.one\/de\/wp-json\/wp\/v2\/pages\/46\/page\/21\/\" class=\"page-numbers \" data-page-num=\"21\">21<\/a><a href=\"https:\/\/ucm.one\/de\/wp-json\/wp\/v2\/pages\/46\/page\/22\/\" class=\"page-numbers \" data-page-num=\"22\">22<\/a><a href=\"https:\/\/ucm.one\/de\/wp-json\/wp\/v2\/pages\/46\/page\/23\/\" class=\"page-numbers \" data-page-num=\"23\">23<\/a><a href=\"https:\/\/ucm.one\/de\/wp-json\/wp\/v2\/pages\/46\/page\/24\/\" class=\"page-numbers \" data-page-num=\"24\">24<\/a><a href=\"https:\/\/ucm.one\/de\/wp-json\/wp\/v2\/pages\/46\/page\/25\/\" class=\"page-numbers \" data-page-num=\"25\">25<\/a><a href=\"https:\/\/ucm.one\/de\/wp-json\/wp\/v2\/pages\/46\/page\/26\/\" class=\"page-numbers \" data-page-num=\"26\">26<\/a><a href=\"https:\/\/ucm.one\/de\/wp-json\/wp\/v2\/pages\/46\/page\/27\/\" class=\"page-numbers \" data-page-num=\"27\">27<\/a><a href=\"https:\/\/ucm.one\/de\/wp-json\/wp\/v2\/pages\/46\/page\/28\/\" class=\"page-numbers \" data-page-num=\"28\">28<\/a><a href=\"https:\/\/ucm.one\/de\/wp-json\/wp\/v2\/pages\/46\/page\/29\/\" class=\"page-numbers \" data-page-num=\"29\">29<\/a><a href=\"https:\/\/ucm.one\/de\/wp-json\/wp\/v2\/pages\/46\/page\/30\/\" class=\"page-numbers \" data-page-num=\"30\">30<\/a><a href=\"https:\/\/ucm.one\/de\/wp-json\/wp\/v2\/pages\/46\/page\/31\/\" class=\"page-numbers \" data-page-num=\"31\">31<\/a><a href=\"https:\/\/ucm.one\/de\/wp-json\/wp\/v2\/pages\/46\/page\/32\/\" class=\"page-numbers \" data-page-num=\"32\">32<\/a><a href=\"https:\/\/ucm.one\/de\/wp-json\/wp\/v2\/pages\/46\/page\/33\/\" class=\"page-numbers \" data-page-num=\"33\">33<\/a><a href=\"https:\/\/ucm.one\/de\/wp-json\/wp\/v2\/pages\/46\/page\/34\/\" class=\"page-numbers \" data-page-num=\"34\">34<\/a><a href=\"https:\/\/ucm.one\/de\/wp-json\/wp\/v2\/pages\/46\/page\/35\/\" class=\"page-numbers \" data-page-num=\"35\">35<\/a><a href=\"https:\/\/ucm.one\/de\/wp-json\/wp\/v2\/pages\/46\/page\/36\/\" class=\"page-numbers \" data-page-num=\"36\">36<\/a><a href=\"https:\/\/ucm.one\/de\/wp-json\/wp\/v2\/pages\/46\/page\/37\/\" class=\"page-numbers \" data-page-num=\"37\">37<\/a><a href=\"https:\/\/ucm.one\/de\/wp-json\/wp\/v2\/pages\/46\/page\/38\/\" class=\"page-numbers \" data-page-num=\"38\">38<\/a><a href=\"https:\/\/ucm.one\/de\/wp-json\/wp\/v2\/pages\/46\/page\/39\/\" class=\"page-numbers \" data-page-num=\"39\">39<\/a><a href=\"https:\/\/ucm.one\/de\/wp-json\/wp\/v2\/pages\/46\/page\/40\/\" class=\"page-numbers \" data-page-num=\"40\">40<\/a><a href=\"https:\/\/ucm.one\/de\/wp-json\/wp\/v2\/pages\/46\/page\/41\/\" class=\"page-numbers \" data-page-num=\"41\">41<\/a><a href=\"https:\/\/ucm.one\/de\/wp-json\/wp\/v2\/pages\/46\/page\/42\/\" class=\"page-numbers \" data-page-num=\"42\">42<\/a><a href=\"https:\/\/ucm.one\/de\/wp-json\/wp\/v2\/pages\/46\/page\/43\/\" class=\"page-numbers \" data-page-num=\"43\">43<\/a><a href=\"https:\/\/ucm.one\/de\/wp-json\/wp\/v2\/pages\/46\/page\/44\/\" class=\"page-numbers \" data-page-num=\"44\">44<\/a><a href=\"https:\/\/ucm.one\/de\/wp-json\/wp\/v2\/pages\/46\/page\/45\/\" class=\"page-numbers \" data-page-num=\"45\">45<\/a><a href=\"https:\/\/ucm.one\/de\/wp-json\/wp\/v2\/pages\/46\/page\/46\/\" class=\"page-numbers \" data-page-num=\"46\">46<\/a><a href=\"https:\/\/ucm.one\/de\/wp-json\/wp\/v2\/pages\/46\/page\/47\/\" class=\"page-numbers \" data-page-num=\"47\">47<\/a><a href=\"https:\/\/ucm.one\/de\/wp-json\/wp\/v2\/pages\/46\/page\/48\/\" class=\"page-numbers \" data-page-num=\"48\">48<\/a><a href=\"https:\/\/ucm.one\/de\/wp-json\/wp\/v2\/pages\/46\/page\/49\/\" class=\"page-numbers \" data-page-num=\"49\">49<\/a><a href=\"https:\/\/ucm.one\/de\/wp-json\/wp\/v2\/pages\/46\/page\/50\/\" class=\"page-numbers \" data-page-num=\"50\">50<\/a><a href=\"https:\/\/ucm.one\/de\/wp-json\/wp\/v2\/pages\/46\/page\/51\/\" class=\"page-numbers \" data-page-num=\"51\">51<\/a><a href=\"https:\/\/ucm.one\/de\/wp-json\/wp\/v2\/pages\/46\/page\/52\/\" class=\"page-numbers \" data-page-num=\"52\">52<\/a><a href=\"https:\/\/ucm.one\/de\/wp-json\/wp\/v2\/pages\/46\/page\/53\/\" class=\"page-numbers \" data-page-num=\"53\">53<\/a><a href=\"https:\/\/ucm.one\/de\/wp-json\/wp\/v2\/pages\/46\/page\/54\/\" class=\"page-numbers \" data-page-num=\"54\">54<\/a><a href=\"https:\/\/ucm.one\/de\/wp-json\/wp\/v2\/pages\/46\/page\/55\/\" class=\"page-numbers \" data-page-num=\"55\">55<\/a><a href=\"https:\/\/ucm.one\/de\/wp-json\/wp\/v2\/pages\/46\/page\/56\/\" class=\"page-numbers \" data-page-num=\"56\">56<\/a><a href=\"https:\/\/ucm.one\/de\/wp-json\/wp\/v2\/pages\/46\/page\/57\/\" class=\"page-numbers \" data-page-num=\"57\">57<\/a><a href=\"https:\/\/ucm.one\/de\/wp-json\/wp\/v2\/pages\/46\/page\/58\/\" class=\"page-numbers \" data-page-num=\"58\">58<\/a><a href=\"https:\/\/ucm.one\/de\/wp-json\/wp\/v2\/pages\/46\/page\/59\/\" class=\"page-numbers \" data-page-num=\"59\">59<\/a><a href=\"https:\/\/ucm.one\/de\/wp-json\/wp\/v2\/pages\/46\/page\/60\/\" class=\"page-numbers \" data-page-num=\"60\">60<\/a><a href=\"https:\/\/ucm.one\/de\/wp-json\/wp\/v2\/pages\/46\/page\/61\/\" class=\"page-numbers \" data-page-num=\"61\">61<\/a><a href=\"https:\/\/ucm.one\/de\/wp-json\/wp\/v2\/pages\/46\/page\/62\/\" class=\"page-numbers \" data-page-num=\"62\">62<\/a><a href=\"https:\/\/ucm.one\/de\/wp-json\/wp\/v2\/pages\/46\/page\/63\/\" class=\"page-numbers \" data-page-num=\"63\">63<\/a><a href=\"https:\/\/ucm.one\/de\/wp-json\/wp\/v2\/pages\/46\/page\/64\/\" class=\"page-numbers \" data-page-num=\"64\">64<\/a><a href=\"https:\/\/ucm.one\/de\/wp-json\/wp\/v2\/pages\/46\/page\/65\/\" class=\"page-numbers \" data-page-num=\"65\">65<\/a><a href=\"https:\/\/ucm.one\/de\/wp-json\/wp\/v2\/pages\/46\/page\/66\/\" class=\"page-numbers \" data-page-num=\"66\">66<\/a><a href=\"https:\/\/ucm.one\/de\/wp-json\/wp\/v2\/pages\/46\/page\/67\/\" class=\"page-numbers \" data-page-num=\"67\">67<\/a><a href=\"https:\/\/ucm.one\/de\/wp-json\/wp\/v2\/pages\/46\/page\/68\/\" class=\"page-numbers \" data-page-num=\"68\">68<\/a><a href=\"https:\/\/ucm.one\/de\/wp-json\/wp\/v2\/pages\/46\/page\/69\/\" class=\"page-numbers \" data-page-num=\"69\">69<\/a><a href=\"https:\/\/ucm.one\/de\/wp-json\/wp\/v2\/pages\/46\/page\/70\/\" class=\"page-numbers \" data-page-num=\"70\">70<\/a><a href=\"https:\/\/ucm.one\/de\/wp-json\/wp\/v2\/pages\/46\/page\/71\/\" class=\"page-numbers \" data-page-num=\"71\">71<\/a><a href=\"https:\/\/ucm.one\/de\/wp-json\/wp\/v2\/pages\/46\/page\/72\/\" class=\"page-numbers \" data-page-num=\"72\">72<\/a><a href=\"https:\/\/ucm.one\/de\/wp-json\/wp\/v2\/pages\/46\/page\/73\/\" class=\"page-numbers \" data-page-num=\"73\">73<\/a><a href=\"https:\/\/ucm.one\/de\/wp-json\/wp\/v2\/pages\/46\/page\/74\/\" class=\"page-numbers \" data-page-num=\"74\">74<\/a><a href=\"https:\/\/ucm.one\/de\/wp-json\/wp\/v2\/pages\/46\/page\/75\/\" class=\"page-numbers \" data-page-num=\"75\">75<\/a><a href=\"https:\/\/ucm.one\/de\/wp-json\/wp\/v2\/pages\/46\/page\/76\/\" class=\"page-numbers \" data-page-num=\"76\">76<\/a><a href=\"https:\/\/ucm.one\/de\/wp-json\/wp\/v2\/pages\/46\/page\/77\/\" class=\"page-numbers \" data-page-num=\"77\">77<\/a><a href=\"https:\/\/ucm.one\/de\/wp-json\/wp\/v2\/pages\/46\/page\/78\/\" class=\"page-numbers \" data-page-num=\"78\">78<\/a><a href=\"https:\/\/ucm.one\/de\/wp-json\/wp\/v2\/pages\/46\/page\/79\/\" class=\"page-numbers \" data-page-num=\"79\">79<\/a><a href=\"https:\/\/ucm.one\/de\/wp-json\/wp\/v2\/pages\/46\/page\/80\/\" class=\"page-numbers \" data-page-num=\"80\">80<\/a><a href=\"https:\/\/ucm.one\/de\/wp-json\/wp\/v2\/pages\/46\/page\/81\/\" class=\"page-numbers \" data-page-num=\"81\">81<\/a><a href=\"https:\/\/ucm.one\/de\/wp-json\/wp\/v2\/pages\/46\/page\/82\/\" class=\"page-numbers \" data-page-num=\"82\">82<\/a><a href=\"https:\/\/ucm.one\/de\/wp-json\/wp\/v2\/pages\/46\/page\/83\/\" class=\"page-numbers \" data-page-num=\"83\">83<\/a><a href=\"https:\/\/ucm.one\/de\/wp-json\/wp\/v2\/pages\/46\/page\/84\/\" class=\"page-numbers \" data-page-num=\"84\">84<\/a><a href=\"https:\/\/ucm.one\/de\/wp-json\/wp\/v2\/pages\/46\/page\/85\/\" class=\"page-numbers \" data-page-num=\"85\">85<\/a><a href=\"https:\/\/ucm.one\/de\/wp-json\/wp\/v2\/pages\/46\/page\/86\/\" class=\"page-numbers \" data-page-num=\"86\">86<\/a><a href=\"https:\/\/ucm.one\/de\/wp-json\/wp\/v2\/pages\/46\/page\/87\/\" class=\"page-numbers \" data-page-num=\"87\">87<\/a><a href=\"https:\/\/ucm.one\/de\/wp-json\/wp\/v2\/pages\/46\/page\/88\/\" class=\"page-numbers \" data-page-num=\"88\">88<\/a><a href=\"https:\/\/ucm.one\/de\/wp-json\/wp\/v2\/pages\/46\/page\/89\/\" class=\"page-numbers \" data-page-num=\"89\">89<\/a><a href=\"https:\/\/ucm.one\/de\/wp-json\/wp\/v2\/pages\/46\/page\/90\/\" class=\"page-numbers \" data-page-num=\"90\">90<\/a><a href=\"https:\/\/ucm.one\/de\/wp-json\/wp\/v2\/pages\/46\/page\/91\/\" class=\"page-numbers \" data-page-num=\"91\">91<\/a><a href=\"https:\/\/ucm.one\/de\/wp-json\/wp\/v2\/pages\/46\/page\/92\/\" class=\"page-numbers \" data-page-num=\"92\">92<\/a><a href=\"https:\/\/ucm.one\/de\/wp-json\/wp\/v2\/pages\/46\/page\/93\/\" class=\"page-numbers \" data-page-num=\"93\">93<\/a><a href=\"https:\/\/ucm.one\/de\/wp-json\/wp\/v2\/pages\/46\/page\/94\/\" class=\"page-numbers \" data-page-num=\"94\">94<\/a><a href=\"https:\/\/ucm.one\/de\/wp-json\/wp\/v2\/pages\/46\/page\/95\/\" class=\"page-numbers \" data-page-num=\"95\">95<\/a><a href=\"https:\/\/ucm.one\/de\/wp-json\/wp\/v2\/pages\/46\/page\/96\/\" class=\"page-numbers \" data-page-num=\"96\">96<\/a><a href=\"https:\/\/ucm.one\/de\/wp-json\/wp\/v2\/pages\/46\/page\/97\/\" class=\"page-numbers \" data-page-num=\"97\">97<\/a><a href=\"https:\/\/ucm.one\/de\/wp-json\/wp\/v2\/pages\/46\/page\/98\/\" class=\"page-numbers \" data-page-num=\"98\">98<\/a><a href=\"https:\/\/ucm.one\/de\/wp-json\/wp\/v2\/pages\/46\/page\/99\/\" class=\"page-numbers \" data-page-num=\"99\">99<\/a><a href=\"https:\/\/ucm.one\/de\/wp-json\/wp\/v2\/pages\/46\/page\/100\/\" class=\"page-numbers \" data-page-num=\"100\">100<\/a><a href=\"https:\/\/ucm.one\/de\/wp-json\/wp\/v2\/pages\/46\/page\/101\/\" class=\"page-numbers \" data-page-num=\"101\">101<\/a><a href=\"https:\/\/ucm.one\/de\/wp-json\/wp\/v2\/pages\/46\/page\/102\/\" class=\"page-numbers \" data-page-num=\"102\">102<\/a><a href=\"https:\/\/ucm.one\/de\/wp-json\/wp\/v2\/pages\/46\/page\/103\/\" class=\"page-numbers \" data-page-num=\"103\">103<\/a><a href=\"https:\/\/ucm.one\/de\/wp-json\/wp\/v2\/pages\/46\/page\/104\/\" class=\"page-numbers \" data-page-num=\"104\">104<\/a><a href=\"https:\/\/ucm.one\/de\/wp-json\/wp\/v2\/pages\/46\/page\/105\/\" class=\"page-numbers \" data-page-num=\"105\">105<\/a><a href=\"https:\/\/ucm.one\/de\/wp-json\/wp\/v2\/pages\/46\/page\/106\/\" class=\"page-numbers \" data-page-num=\"106\">106<\/a><a href=\"https:\/\/ucm.one\/de\/wp-json\/wp\/v2\/pages\/46\/page\/107\/\" class=\"page-numbers \" data-page-num=\"107\">107<\/a><a href=\"https:\/\/ucm.one\/de\/wp-json\/wp\/v2\/pages\/46\/page\/108\/\" class=\"page-numbers \" data-page-num=\"108\">108<\/a><a href=\"https:\/\/ucm.one\/de\/wp-json\/wp\/v2\/pages\/46\/page\/109\/\" class=\"page-numbers \" data-page-num=\"109\">109<\/a><a href=\"https:\/\/ucm.one\/de\/wp-json\/wp\/v2\/pages\/46\/page\/110\/\" class=\"page-numbers \" data-page-num=\"110\">110<\/a><a href=\"https:\/\/ucm.one\/de\/wp-json\/wp\/v2\/pages\/46\/page\/111\/\" class=\"page-numbers \" data-page-num=\"111\">111<\/a><a href=\"https:\/\/ucm.one\/de\/wp-json\/wp\/v2\/pages\/46\/page\/112\/\" class=\"page-numbers \" data-page-num=\"112\">112<\/a><a href=\"https:\/\/ucm.one\/de\/wp-json\/wp\/v2\/pages\/46\/page\/113\/\" class=\"page-numbers \" data-page-num=\"113\">113<\/a><a href=\"https:\/\/ucm.one\/de\/wp-json\/wp\/v2\/pages\/46\/page\/114\/\" class=\"page-numbers \" data-page-num=\"114\">114<\/a><a href=\"https:\/\/ucm.one\/de\/wp-json\/wp\/v2\/pages\/46\/page\/115\/\" class=\"page-numbers \" data-page-num=\"115\">115<\/a><a href=\"https:\/\/ucm.one\/de\/wp-json\/wp\/v2\/pages\/46\/page\/116\/\" class=\"page-numbers \" data-page-num=\"116\">116<\/a><a href=\"https:\/\/ucm.one\/de\/wp-json\/wp\/v2\/pages\/46\/page\/117\/\" class=\"page-numbers \" data-page-num=\"117\">117<\/a><a href=\"https:\/\/ucm.one\/de\/wp-json\/wp\/v2\/pages\/46\/page\/118\/\" class=\"page-numbers \" data-page-num=\"118\">118<\/a><a href=\"https:\/\/ucm.one\/de\/wp-json\/wp\/v2\/pages\/46\/page\/119\/\" class=\"page-numbers \" data-page-num=\"119\">119<\/a><a href=\"https:\/\/ucm.one\/de\/wp-json\/wp\/v2\/pages\/46\/page\/120\/\" class=\"page-numbers \" data-page-num=\"120\">120<\/a><a href=\"https:\/\/ucm.one\/de\/wp-json\/wp\/v2\/pages\/46\/page\/121\/\" class=\"page-numbers \" data-page-num=\"121\">121<\/a><a href=\"https:\/\/ucm.one\/de\/wp-json\/wp\/v2\/pages\/46\/page\/122\/\" class=\"page-numbers \" data-page-num=\"122\">122<\/a><a href=\"https:\/\/ucm.one\/de\/wp-json\/wp\/v2\/pages\/46\/page\/123\/\" class=\"page-numbers \" data-page-num=\"123\">123<\/a><a href=\"https:\/\/ucm.one\/de\/wp-json\/wp\/v2\/pages\/46\/page\/124\/\" class=\"page-numbers \" data-page-num=\"124\">124<\/a><a href=\"https:\/\/ucm.one\/de\/wp-json\/wp\/v2\/pages\/46\/page\/125\/\" class=\"page-numbers \" data-page-num=\"125\">125<\/a><a href=\"https:\/\/ucm.one\/de\/wp-json\/wp\/v2\/pages\/46\/page\/126\/\" class=\"page-numbers \" data-page-num=\"126\">126<\/a><a href=\"https:\/\/ucm.one\/de\/wp-json\/wp\/v2\/pages\/46\/page\/127\/\" class=\"page-numbers \" data-page-num=\"127\">127<\/a><a href=\"https:\/\/ucm.one\/de\/wp-json\/wp\/v2\/pages\/46\/page\/128\/\" class=\"page-numbers \" data-page-num=\"128\">128<\/a><a href=\"https:\/\/ucm.one\/de\/wp-json\/wp\/v2\/pages\/46\/page\/129\/\" class=\"page-numbers \" data-page-num=\"129\">129<\/a><\/div><a href=\"https:\/\/ucm.one\/de\/wp-json\/wp\/v2\/pages\/46\/page\/130\/\" class=\"page-numbers \" data-page-num=\"130\">130<\/a><a href=\"https:\/\/ucm.one\/de\/wp-json\/wp\/v2\/pages\/46\/page\/2\/\" class=\"page-numbers nav-next filter-item\" data-page-num=\"2\" >\u2192<\/a><\/div><\/div>[\/vc_column][vc_column width=&#8220;1\/3&#8243;][vc_widget_sidebar sidebar_id=&#8220;sidebar_1&#8243;][\/vc_column][\/vc_row][vc_row content_placement=&#8220;middle&#8220; bg_type=&#8220;grad&#8220; ult_hide_row=&#8220;ult_hide_row_value&#8220; ult_hide_row_large_screen=&#8220;large_screen&#8220; ult_hide_row_desktop=&#8220;desktop&#8220; css=&#8220;.vc_custom_1518701755537{margin-top: 0px !important;padding-top: -50px !important;}&#8220; bg_grad=&#8220;background: -webkit-gradient(linear, left top, left bottom, color-stop(0%, #E3E3E3), color-stop(0%, #FFFFFF), color-stop(6%, #FFFFFF), color-stop(7%, #FFFFFF), color-stop(50%, #FFFFFF));background: -moz-linear-gradient(top,#E3E3E3 0%,#FFFFFF 0%,#FFFFFF 6%,#FFFFFF 7%,#FFFFFF 50%);background: -webkit-linear-gradient(top,#E3E3E3 0%,#FFFFFF 0%,#FFFFFF 6%,#FFFFFF 7%,#FFFFFF 50%);background: -o-linear-gradient(top,#E3E3E3 0%,#FFFFFF 0%,#FFFFFF 6%,#FFFFFF 7%,#FFFFFF 50%);background: -ms-linear-gradient(top,#E3E3E3 0%,#FFFFFF 0%,#FFFFFF 6%,#FFFFFF 7%,#FFFFFF 50%);background: linear-gradient(top,#E3E3E3 0%,#FFFFFF 0%,#FFFFFF 6%,#FFFFFF 7%,#FFFFFF 50%);&#8220;][vc_column][vc_btn title=&#8220;Kontakt&#8220; style=&#8220;flat&#8220; color=&#8220;primary&#8220; size=&#8220;lg&#8220; align=&#8220;center&#8220; i_icon_fontawesome=&#8220;fa fa-envelope-square&#8220; button_block=&#8220;true&#8220; add_icon=&#8220;true&#8220; link=&#8220;url:https%3A%2F%2Fucm.one%2Ffirma%2Fkontakt%2F|title:Kontakt||&#8220;][\/vc_column][\/vc_row]<\/p>\n<\/div>","protected":false},"excerpt":{"rendered":"<p>[vc_row gap=&#8220;35&#8243;][vc_column width=&#8220;2\/3&#8243;][\/vc_column][vc_column width=&#8220;1\/3&#8243;][vc_widget_sidebar sidebar_id=&#8220;sidebar_1&#8243;][\/vc_column][\/vc_row][vc_row content_placement=&#8220;middle&#8220; bg_type=&#8220;grad&#8220; ult_hide_row=&#8220;ult_hide_row_value&#8220; ult_hide_row_large_screen=&#8220;large_screen&#8220; ult_hide_row_desktop=&#8220;desktop&#8220; css=&#8220;.vc_custom_1518701755537{margin-top: 0px !important;padding-top: -50px !important;}&#8220; bg_grad=&#8220;background: -webkit-gradient(linear, left top, left bottom, color-stop(0%, #E3E3E3), color-stop(0%, #FFFFFF), color-stop(6%, #FFFFFF), color-stop(7%, #FFFFFF), color-stop(50%, #FFFFFF));background: -moz-linear-gradient(top,#E3E3E3 0%,#FFFFFF 0%,#FFFFFF 6%,#FFFFFF 7%,#FFFFFF 50%);background: -webkit-linear-gradient(top,#E3E3E3 0%,#FFFFFF 0%,#FFFFFF 6%,#FFFFFF 7%,#FFFFFF 50%);background: -o-linear-gradient(top,#E3E3E3 0%,#FFFFFF 0%,#FFFFFF 6%,#FFFFFF 7%,#FFFFFF 50%);background: -ms-linear-gradient(top,#E3E3E3 0%,#FFFFFF 0%,#FFFFFF 6%,#FFFFFF 7%,#FFFFFF 50%);background:&hellip;<\/p>\n","protected":false},"author":1,"featured_media":0,"parent":44,"menu_order":0,"comment_status":"closed","ping_status":"closed","template":"","meta":{"_acf_changed":false,"footnotes":""},"class_list":["post-46","page","type-page","status-publish","hentry","description-off"],"acf":[],"yoast_head":"<!-- This site is optimized with the Yoast SEO plugin v28.3 - https:\/\/yoast.com\/product\/yoast-seo-wordpress\/ -->\n<title>Neuigkeiten - UCM.ONE<\/title>\n<meta name=\"description\" content=\"Aktuelle Neuigkeiten der UCM.ONE GmbH. Hier k\u00f6nnen auch alle Infos \u00fcber neue Musik- und Filmver\u00f6ffentlichungen gefunden werden.\" \/>\n<meta name=\"robots\" content=\"index, follow, max-snippet:-1, max-image-preview:large, max-video-preview:-1\" \/>\n<link rel=\"canonical\" href=\"https:\/\/ucm.one\/de\/firma\/neuigkeiten\/\" \/>\n<meta property=\"og:locale\" content=\"de_DE\" \/>\n<meta property=\"og:type\" content=\"article\" \/>\n<meta property=\"og:title\" content=\"Neuigkeiten - UCM.ONE\" \/>\n<meta property=\"og:description\" content=\"Aktuelle Neuigkeiten der UCM.ONE GmbH. Hier k\u00f6nnen auch alle Infos \u00fcber neue Musik- und Filmver\u00f6ffentlichungen gefunden werden.\" \/>\n<meta property=\"og:url\" content=\"https:\/\/ucm.one\/de\/firma\/neuigkeiten\/\" \/>\n<meta property=\"og:site_name\" content=\"UCM.ONE\" \/>\n<meta property=\"article:modified_time\" content=\"2026-08-08T14:44:13+00:00\" \/>\n<meta name=\"twitter:card\" content=\"summary_large_image\" \/>\n<meta name=\"twitter:label1\" content=\"Gesch\u00e4tzte Lesezeit\" \/>\n\t<meta name=\"twitter:data1\" content=\"1\u00a0Minute\" \/>\n<!-- \/ Yoast SEO plugin. -->","yoast_head_json":{"title":"Neuigkeiten - UCM.ONE","description":"Aktuelle Neuigkeiten der UCM.ONE GmbH. Hier k\u00f6nnen auch alle Infos \u00fcber neue Musik- und Filmver\u00f6ffentlichungen gefunden werden.","robots":{"index":"index","follow":"follow","max-snippet":"max-snippet:-1","max-image-preview":"max-image-preview:large","max-video-preview":"max-video-preview:-1"},"canonical":"https:\/\/ucm.one\/de\/firma\/neuigkeiten\/","og_locale":"de_DE","og_type":"article","og_title":"Neuigkeiten - UCM.ONE","og_description":"Aktuelle Neuigkeiten der UCM.ONE GmbH. Hier k\u00f6nnen auch alle Infos \u00fcber neue Musik- und Filmver\u00f6ffentlichungen gefunden werden.","og_url":"https:\/\/ucm.one\/de\/firma\/neuigkeiten\/","og_site_name":"UCM.ONE","article_modified_time":"2026-08-08T14:44:13+00:00","twitter_card":"summary_large_image","twitter_misc":{"Gesch\u00e4tzte Lesezeit":"1\u00a0Minute"},"schema":{"@context":"https:\/\/schema.org","@graph":[{"@type":"WebPage","@id":"https:\/\/ucm.one\/de\/firma\/neuigkeiten\/","url":"https:\/\/ucm.one\/de\/firma\/neuigkeiten\/","name":"Neuigkeiten - UCM.ONE","isPartOf":{"@id":"https:\/\/ucm.one\/de\/#website"},"datePublished":"2018-02-07T09:28:51+00:00","dateModified":"2026-08-08T14:44:13+00:00","description":"Aktuelle Neuigkeiten der UCM.ONE GmbH. Hier k\u00f6nnen auch alle Infos \u00fcber neue Musik- und Filmver\u00f6ffentlichungen gefunden werden.","breadcrumb":{"@id":"https:\/\/ucm.one\/de\/firma\/neuigkeiten\/#breadcrumb"},"inLanguage":"de","potentialAction":[{"@type":"ReadAction","target":["https:\/\/ucm.one\/de\/firma\/neuigkeiten\/"]}]},{"@type":"BreadcrumbList","@id":"https:\/\/ucm.one\/de\/firma\/neuigkeiten\/#breadcrumb","itemListElement":[{"@type":"ListItem","position":1,"name":"Home","item":"https:\/\/ucm.one\/de\/"},{"@type":"ListItem","position":2,"name":"Firma","item":"https:\/\/ucm.one\/de\/company\/"},{"@type":"ListItem","position":3,"name":"Neuigkeiten"}]},{"@type":"WebSite","@id":"https:\/\/ucm.one\/de\/#website","url":"https:\/\/ucm.one\/de\/","name":"UCM.ONE","description":"","publisher":{"@id":"https:\/\/ucm.one\/de\/#organization"},"potentialAction":[{"@type":"SearchAction","target":{"@type":"EntryPoint","urlTemplate":"https:\/\/ucm.one\/de\/?s={search_term_string}"},"query-input":{"@type":"PropertyValueSpecification","valueRequired":true,"valueName":"search_term_string"}}],"inLanguage":"de"},{"@type":"Organization","@id":"https:\/\/ucm.one\/de\/#organization","name":"UCM.ONE","url":"https:\/\/ucm.one\/de\/","logo":{"@type":"ImageObject","inLanguage":"de","@id":"https:\/\/ucm.one\/de\/#\/schema\/logo\/image\/","url":"https:\/\/ucm.one\/wp-content\/uploads\/2019\/10\/UCM.ONE-Logo-RGB.svg","contentUrl":"https:\/\/ucm.one\/wp-content\/uploads\/2019\/10\/UCM.ONE-Logo-RGB.svg","width":1,"height":1,"caption":"UCM.ONE"},"image":{"@id":"https:\/\/ucm.one\/de\/#\/schema\/logo\/image\/"}}]}},"_links":{"self":[{"href":"https:\/\/ucm.one\/de\/wp-json\/wp\/v2\/pages\/46","targetHints":{"allow":["GET"]}}],"collection":[{"href":"https:\/\/ucm.one\/de\/wp-json\/wp\/v2\/pages"}],"about":[{"href":"https:\/\/ucm.one\/de\/wp-json\/wp\/v2\/types\/page"}],"author":[{"embeddable":true,"href":"https:\/\/ucm.one\/de\/wp-json\/wp\/v2\/users\/1"}],"replies":[{"embeddable":true,"href":"https:\/\/ucm.one\/de\/wp-json\/wp\/v2\/comments?post=46"}],"version-history":[{"count":1,"href":"https:\/\/ucm.one\/de\/wp-json\/wp\/v2\/pages\/46\/revisions"}],"predecessor-version":[{"id":418606,"href":"https:\/\/ucm.one\/de\/wp-json\/wp\/v2\/pages\/46\/revisions\/418606"}],"up":[{"embeddable":true,"href":"https:\/\/ucm.one\/de\/wp-json\/wp\/v2\/pages\/44"}],"wp:attachment":[{"href":"https:\/\/ucm.one\/de\/wp-json\/wp\/v2\/media?parent=46"}],"curies":[{"name":"wp","href":"https:\/\/api.w.org\/{rel}","templated":true}]}}