{"id":44554,"date":"2020-09-12T21:18:06","date_gmt":"2020-09-12T21:18:06","guid":{"rendered":"https:\/\/ucm.one\/?page_id=44554"},"modified":"2023-04-01T15:01:38","modified_gmt":"2023-04-01T15:01:38","slug":"serenade-fuer-zwei-spione","status":"publish","type":"page","link":"https:\/\/ucm.one\/de\/serenade-fuer-zwei-spione\/","title":{"rendered":"Serenade f\u00fcr zwei Spione (1965) von Michael Pfleghar | M-Square Classics"},"content":{"rendered":"<div class=\"wpb-content-wrapper\"><p>[vc_row css=&#8220;.vc_custom_1561374765584{margin-top: 20px !important;}&#8220;][vc_column width=&#8220;3\/4&#8243; css=&#8220;.vc_custom_1561378576831{padding-right: 30px !important;}&#8220;][vc_column_text]<\/p>\n<h1>Serenade f\u00fcr zwei Spione<\/h1>\n<p>[\/vc_column_text][vc_column_text]&#8220;<b>Serenade f\u00fcr zwei Spione<\/b>&#8220; ist ein verschmitzter Kniefall vor dem Genre-Kino und vor einer intellektuell-entspannten Rezeption desselbigen, ein Kniefall vor einem Kino, wie es in Deutschland nie Tradition gewesen ist und tragischer Weise nie sein wird, vollzogen mit solcher Inbrunst, dass er diesen Verlust beinahe im Alleingang kompensiert. Wie w\u00fcrde unser Held John Krim alias 006 sagen? <em>\u201cIch hab\u2019 doch schon immer gewusst, dass ich das besser kann als diese Amis. Hatte nur keine Gelegenheit, es zu beweisen!\u201d<span class=\"Apple-converted-space\">\u00a0<\/span><\/em>[\/vc_column_text][vc_column_text]Nach \u201e<strong>Die Tote von Beverly Hills<\/strong>\u201c bringen\u00a0<span style=\"font-family: 'arial black', sans-serif;\"><strong>UCM.ONE<\/strong><\/span> und <strong>moviemax <\/strong>den\u00a0zweiten Film &#8222;<strong>Serenade f\u00fcr zwei Spione<\/strong>&#8220; von Deutschlands gr\u00f6\u00dften Show-Regisseur <strong>Michael Pfleghar (<\/strong>\u201e<strong>Lieben Sie Show<\/strong>\u201c<strong>, <\/strong>\u201e<strong>W\u00fcnsch Dir was<\/strong>\u201c<strong>, <\/strong>\u201e<strong>Klimbim<\/strong>\u201c<strong>, <\/strong>\u201e<strong>Zwei himmlische T\u00f6chter<\/strong>\u201c u.a.) in digital hochwertig restaurierter HD Version als DVD und VOD in den Handel.\u00a0&#8222;<strong>Serenade f\u00fcr zwei Spione<\/strong>&#8220; ist ungefilterte Liebe zum \u00fcberlebensgro\u00dfen Kino-Eskapismus, wie ihn das deutsche Kino so vielleicht nie wieder gesehen hat. Purer cineastischer Sex-Appeal mit Mut zur Albernheit aber strikter Ablehnung der Klamotte.[\/vc_column_text][vc_row_inner][vc_column_inner width=&#8220;1\/2&#8243;][vc_single_image image=&#8220;44614&#8243; img_size=&#8220;full&#8220;][\/vc_column_inner][vc_column_inner width=&#8220;1\/2&#8243;][vc_single_image image=&#8220;44612&#8243; img_size=&#8220;full&#8220;][\/vc_column_inner][\/vc_row_inner][vc_column_text]<span style=\"font-size: 18pt;\">Inhalt des Films<\/span><\/p>\n<p><span style=\"font-family: Arial, sans-serif;\">Eine internationale Waffenschieberbande in den USA hat den Prototyp eines Lasergewehres aus einem deutschen Labor gestohlen. Der FBI-Agent Cormoran wird darauf angesetzt, die hochmoderne und sehr effektive Waffe wiederzubeschaffen. Doch es gibt einige Anzeichen daf\u00fcr, dass er zu den Gegnern \u00fcbergelaufen ist. Da Agent 007 derzeit in anderer Mission unterwegs ist, muss der Geheimdienstchef auf seinen zweitbesten Mann, die vorhergehende Nummer 006, zur\u00fcckgreifen.<\/span>[\/vc_column_text][vc_column_text]<span style=\"font-family: Arial, sans-serif;\">Und so erh\u00e4lt der deutsche Geheimagent John Krim den Auftrag, das Gewehr wieder in seine H\u00e4nde zu bringen, Beweise f\u00fcr Cormorans Verrat zu finden und den Kollegen letztlich auszuschalten. Krims Reise f\u00fchrt ihn \u00fcber den Ozean, und dort er erlebt er in San Francisco, Los Angeles und Las Vegas haarstr\u00e4ubende Abenteuer. Dabei kommen ihm zwei Frauen in die Quere, bei denen Krim sich \u00fcberhaupt nicht sicher sein kann, ob er ihnen trauen kann oder ob auch sie nicht vielmehr f\u00fcr die Gegenseite arbeiten. <\/span>[\/vc_column_text][vc_row_inner][vc_column_inner][vc_single_image image=&#8220;44617&#8243; img_size=&#8220;full&#8220;][\/vc_column_inner][\/vc_row_inner][vc_column_text]<span style=\"font-family: Arial, sans-serif;\">Regisseur\u00a0<strong>Michael\u00a0Pfleghar<\/strong> nutzt jede Gelegenheit, um zu demonstrieren, dass sein zweiter Kinofilm eine abgedrehte <strong>James-Bond<\/strong>&#8211; Persiflage ist. Er l\u00e4sst keinen noch so abstrusen Einfall aus: Sein Bond-Abklatsch 006, der sich genregerecht regelm\u00e4\u00dfig durch die Betten der Sch\u00f6nen schl\u00e4ft, hat es mit einem Atomhubschrauber, einem Dynamitbr\u00f6tchen und explodierenden Toiletten zu tun. In Pfleghars Film tauchen, wenn ben\u00f6tigt, urpl\u00f6tzlich Fahrr\u00e4der in der W\u00fcste auf, und ein auf dem Las Vegas Strip vor dem Horseshoe \u201efalsch parkendes\u201c Flugzeug erh\u00e4lt prompt ein Strafmandat. Zu den absurden H\u00f6hepunkten des Streifens z\u00e4hlen ein u.a. ein Rock-\u2019n\u2019-Roll-Ballett und ein bizzarrer Schusswechsel unter Wasser.<\/span>[\/vc_column_text][vc_column_text]<span style=\"font-family: Arial, sans-serif;\">&#8222;<strong>Serenade f\u00fcr zwei Spione<\/strong>&#8220; wurde u. a. in Spanien sowie in Los Angeles, Las Vegas und San Francisco gedreht. <\/span>[\/vc_column_text][vc_row_inner][vc_column_inner width=&#8220;1\/2&#8243;][vc_single_image image=&#8220;44620&#8243; img_size=&#8220;full&#8220;][\/vc_column_inner][vc_column_inner width=&#8220;1\/2&#8243;][vc_single_image image=&#8220;44622&#8243; img_size=&#8220;full&#8220;][\/vc_column_inner][\/vc_row_inner][vc_column_text]<span style=\"font-family: Arial, sans-serif; font-size: 18pt;\">Christoph Draxtra schreibt in \u201eEskalierende Tr\u00e4ume\u201c<\/span><\/p>\n<p><em><span style=\"font-family: Arial, sans-serif;\">&#8222;Das ist er. Der einzig wahre deutsche Agentenfilm \u2013 wenn es jemals so etwas wie einen deutschen Agentenfilm gab. Das ist sie, die einzig wahre Agentenfilm-Persiflage, wenn es jemals eine wirklich gewitzte, pointierte Agentenfilm-Persiflage gab. [\u2026] Ein Film, der die Pop Art ins deutsche Kino tr\u00e4gt, die Acid-\u00c4sthetik der sp\u00e4ten 60iger und fr\u00fchen 70iger vorwegnimmt und [&#8230;] die filmische Postmoderne im Geist eines Quentin Tarantino im Jahr 1965 mit einer Exzessisivit\u00e4t und verspielten Selbstverst\u00e4ndlichkeit betreibt, dass einem in fassungsloser Hilflosigkeit und entgeisterter Begeisterung die Kinnlade nach unten klappt.&#8220;<\/span><\/em>[\/vc_column_text][\/vc_column][vc_column width=&#8220;1\/4&#8243; css=&#8220;.vc_custom_1561379511981{margin-top: 10px !important;margin-bottom: 30px !important;background-color: #efefef !important;}&#8220;][vc_single_image image=&#8220;30289&#8243; img_size=&#8220;full&#8220; onclick=&#8220;link_image&#8220; css=&#8220;.vc_custom_1599961936804{padding-top: 15px !important;}&#8220;][vc_column_text css=&#8220;.vc_custom_1600002471975{margin-top: -10px !important;}&#8220;]<\/p>\n<p id=\"u3084-2\"><strong>Titel: <\/strong>Serenade f\u00fcr zwei Spione<\/p>\n<p><strong>Regie:\u00a0<\/strong>Michael Pfleghar<\/p>\n<p><strong>Drehbuch: <\/strong>Klaus Munco, Michael Pfleghar<\/p>\n<p><strong>Schauspieler*innen:<\/strong> Hellmut Lange, Tony Kendall, Barbara Lass, Heidelinde Weis, Wolfgang Neuss, Mimmo Palmara, Annie Giss<\/p>\n<p><strong>Produzent:\u00a0<\/strong>Hans J\u00fcrgen Pohland<\/p>\n<p><span lang=\"de\" tabindex=\"0\"><strong>Kamera<\/strong>: Ernst Wild<\/span><\/p>\n<p><strong>Technik:\u00a0<\/strong>J\u00fcrgen J\u00fcrges<\/p>\n<p><strong>Schnitt:\u00a0<\/strong>Margot von Schlieffen<\/p>\n<p><strong>Kost\u00fcme:<\/strong> Helmut Holger<\/p>\n<p><strong>Musik<\/strong>:\u00a0Fransesco De Masi<\/p>\n<p>&nbsp;<\/p>\n<p><strong>Produktion:\u00a0<\/strong>Matheus Film, Modern Art Films<\/p>\n<p><strong>Produktionsjahr:\u00a0<\/strong>1965<\/p>\n<p><strong>Genres:\u00a0<\/strong>Krimi, Kom\u00f6die<\/p>\n<p><strong>L\u00e4nder:<\/strong>\u00a0Deutschland, Italien<\/p>\n<p><strong>Sprache<\/strong>: Deutsch<\/p>\n<p><strong>Synchronisation:<\/strong> Englisch<\/p>\n<p>&nbsp;<\/p>\n<p><strong>L\u00e4nge:\u00a0<\/strong>87 Min<\/p>\n<p><strong>FSK:<\/strong>\u00a016<\/p>\n<p><strong>Seitenverh\u00e4ltnis:\u00a0<\/strong>2,35:1 (Remastered)<\/p>\n<p><strong>Sound Mix<\/strong>: Mono<\/p>\n<p><strong>Aufl\u00f6sung: <\/strong>4K (neue Abtastung 2020)[\/vc_column_text][vc_separator color=&#8220;custom&#8220; accent_color=&#8220;#a0a0a0&#8243;][vc_column_text]<em>Weitere Titel:<\/em><\/p>\n<p><strong>Englisch:\u00a0<\/strong>Serenade for Two Spies, Adventures of a Secret Agent<\/p>\n<p><strong>Italienisch:<\/strong> Sinfonia per due spie<\/p>\n<p><strong>Spanisch:<\/strong> 006 contra los pepitas<\/p>\n<p><strong>Portugiesisch:<\/strong> Agente Secreto 006 \u00bd, Serenata para 2 Espi\u00f5es, Aventuras em Las Vegas<\/p>\n<p><strong>Japanisch:<\/strong> \u30ec\u30fc\u30b6\u30fc\u30e9\u30a4\u30d5\u30eb[\/vc_column_text][vc_separator color=&#8220;custom&#8220; accent_color=&#8220;#a0a0a0&#8243;][vc_column_text]<strong>Filmlabel:\u00a0<\/strong>M-Square Classics<\/p>\n<p>&nbsp;<\/p>\n<p><strong>Kinostart:<\/strong>\u00a019.08.1965<\/p>\n<p><strong>DVD-Start: <\/strong>16.10.2020<\/p>\n<p><strong>VoD-Start:<\/strong> 15.11.2020[\/vc_column_text][vc_separator color=&#8220;custom&#8220; accent_color=&#8220;#a0a0a0&#8243;][vc_btn title=&#8220;Presse Material&#8220; color=&#8220;white&#8220; align=&#8220;center&#8220; i_icon_fontawesome=&#8220;fas fa-download&#8220; button_block=&#8220;true&#8220; add_icon=&#8220;true&#8220; css=&#8220;.vc_custom_1600099271327{padding-bottom: 15px !important;}&#8220; link=&#8220;url:https%3A%2F%2Fwww.ucm.one%2Fpresse%2Fms_sfzs.zip|title:Presse%20Material|rel:nofollow&#8220;][\/vc_column][\/vc_row][vc_row][vc_column][vc_column_text]<span style=\"font-size: 18pt;\">\u00dcber Regisseur Michael Pfleghar<\/span><\/p>\n<p><span style=\"font-family: Arial, sans-serif;\">Der deutsche Filmregisseur und Fernsehproduzent <strong>Michael Pfleghar<\/strong> wurde 1933 in Stuttgart geboren. Er erhielt eine Ausbildung als Cutter und wurde mit 21 Jahren Regieassistent beim <strong>S\u00fcddeutschen Rundfunk<\/strong>, wo er ab Mitte der 50er Jahre auch die Regie von Unterhaltungssendungen \u00fcbernahm. Ende der 1950er Jahre ging er zur <strong>Bavaria Film<\/strong> bei M\u00fcnchen. Mit seinen innovativen Shows wurde er bald Deutschlands bekanntester Fernsehregisseur. 1964 f\u00fchrte er Regie beim Kinofilm \u201e<strong>Die Tote von Beverly Hills<\/strong>\u201c mit <strong>Heidelinde Weis<\/strong> in der Hauptrolle. Im Jahr darauf engagierte er sie wieder f\u00fcr seinen zweiten Spielfilm \u201e<strong>Serenade f\u00fcr zwei Spione<\/strong>\u201c. 1967 ging er in die USA und f\u00fchrte dort Regie f\u00fcr das preisgekr\u00f6nte Musik-Fernsehspecial \u201e<strong>A Man and His Music plus Ella plus Jobim<\/strong>\u201c f\u00fcr <strong>Frank Sinatra<\/strong> mit <strong>Ella Fitzgerald<\/strong> und <strong>Ant\u00f4nio Carlos Jobim<\/strong>. Mit Sinatras Tochter <strong>Tina Sinatra<\/strong> lebte er Ende der 1960er Jahre zeitweise in M\u00fcnchen zusammen. Gro\u00dfe Popularit\u00e4t erlangten seine ZDF-Showreihe \u201e<strong>W\u00fcnsch Dir was<\/strong>\u201c und in den Jahren 1973 bis 1979 die Comedy-Fernsehserie \u201e<strong>Klimbim<\/strong>\u201c.<\/span>[\/vc_column_text][vc_single_image image=&#8220;44575&#8243; img_size=&#8220;full&#8220;][vc_column_text]<strong style=\"font-family: Arial, sans-serif;\">Michael Pfleghar<\/strong><span style=\"font-family: Arial, sans-serif;\"> war in den 60ern mit den Schlagers\u00e4ngerinnen <\/span><strong style=\"font-family: Arial, sans-serif;\">Bibi Johns<\/strong><span style=\"font-family: Arial, sans-serif;\"> und <\/span><strong style=\"font-family: Arial, sans-serif;\">Inge Br\u00fcck<\/strong><span style=\"font-family: Arial, sans-serif;\"> verheiratet. Nach einer Beziehung mit <\/span><strong style=\"font-family: Arial, sans-serif;\">Ingrid Steeger<\/strong><span style=\"font-family: Arial, sans-serif;\">, die in \u201e<\/span><strong style=\"font-family: Arial, sans-serif;\">Klimbim<\/strong><span style=\"font-family: Arial, sans-serif;\">\u201c mitspielte, war er von 1981 bis 1990 der zweite Ehemann der S\u00e4ngerin <\/span><strong style=\"font-family: Arial, sans-serif;\">Wencke Myhre<\/strong><span style=\"font-family: Arial, sans-serif;\">. Mit ihr hat er den gemeinsamen Sohn <strong>Michael<\/strong> <strong style=\"font-family: Arial, sans-serif;\">Pfleghar\u00a0<\/strong>und aus einer kurzen Beziehung mit <\/span><strong style=\"font-family: Arial, sans-serif;\">Corinne Pulver<\/strong><span style=\"font-family: Arial, sans-serif;\"> eine Tochter.\u00a0<strong>Michael\u00a0Pfleghar<\/strong> beging 1991 Selbstmord.<\/span>[\/vc_column_text][vc_column_text]<span style=\"font-size: 18pt;\">\u00dcber Heidelinde Weis<\/span><\/p>\n<p><span style=\"font-family: Arial, sans-serif;\">Die \u00f6sterreichische Schauspielerin, geboren 1940 in K\u00e4rnten, begann ihr Karriere am Wiener Theater in der Josefstadt. Auf Wunsch der Eltern besuchte<strong> Heidelinde Weis<\/strong> vor der Ausbildung am Max-Reinhardt-Seminar die Handelsschule. Noch auf der Schauspielschule wurde sie vom \u00f6sterreichischen Fernsehen entdeckt und f\u00fcr die Tochter-Rolle in der Live-Serie &#8222;<strong>Familie Leitner<\/strong>&#8220; verpflichtet Mit 19 Jahren hatte sie ihr Kinodeb\u00fct in &#8222;<strong>Ich heirate Herrn Direktor<\/strong>&#8222;. Es folgten die Pfleghar-Filme &#8222;<strong>Die Tote von Beverly Hills<\/strong>&#8220; und \u201e<strong>Serenade f\u00fcr zwei Spione<\/strong>\u201c.<\/span><\/p>\n<p><span style=\"font-family: Arial, sans-serif;\">Neben ihrer Filmkarriere war <strong>Heidelinde Weis<\/strong>, die seit 1960 mit dem 21 Jahre \u00e4lteren Theaterproduzenten <strong>Hellmuth Duna<\/strong> verheiratet war, auch am Theater sehr erfolgreich aktiv. Ende der 1960er Jahre verlagerte sie ihre Arbeit dann zunehmend zum Fernsehen. Gro\u00dfe Bekanntheit erlangte sie 1971 in dem dreiteiligen WDR-Fernsehfilm \u201e<strong>Die Frau in Wei\u00df<\/strong>\u201c, in dem sie die Doppelrolle der Laura und der Frau in Wei\u00df spielte.<\/span>[\/vc_column_text][vc_row_inner][vc_column_inner width=&#8220;1\/2&#8243;][vc_single_image image=&#8220;44630&#8243; img_size=&#8220;full&#8220;][\/vc_column_inner][vc_column_inner width=&#8220;1\/2&#8243;][vc_single_image image=&#8220;44632&#8243; img_size=&#8220;full&#8220;][\/vc_column_inner][\/vc_row_inner][vc_column_text]<span style=\"font-family: Arial, sans-serif;\">Neben Gastauftritten in popul\u00e4ren Serien wie &#8222;<strong>Der Alte<\/strong>&#8222;, &#8222;<strong>Derrick<\/strong>&#8220; und &#8222;<strong>Ein Fall f\u00fcr Zwei<\/strong>&#8220; spielte sie in der Fernsehserie &#8222;<strong>Schwarzwaldklinik<\/strong>&#8220; in den ersten sieben Folgen mit.\u00a0<\/span><span style=\"font-family: Arial, sans-serif;\">Seit Mitte der 1960er Jahre war sie auch mit Chansons erfolgreich. Dar\u00fcber hinaus war sie als Sprecherin bei verschiedenen H\u00f6rspielproduktionen beteiligt.<\/span><\/p>\n<p><span style=\"font-family: Arial, sans-serif;\">Wegen der langj\u00e4hrigen Krankheit ihres Ehemannes, der von ihr gepflegt wurde, zog sie sich bis zu dessen Tod 1998 aus der \u00d6ffentlichkeit zur\u00fcck. Seitdem ist sie sie wieder \u00f6fter im Fernsehen zu sehen, vor allem in Serienproduktionen wie &#8222;<strong>Das Traumschiff<\/strong>&#8222;, &#8222;<strong>Rosamunde-Pilcher<\/strong>&#8222;- und &#8222;<strong>Utta-Danella<\/strong>&#8222;-Verfilmungen. Daneben spielt sie auch \u00f6fter an Boulevardtheatern. 2016 wurde bekannt, dass <strong>Heidelinde Weis<\/strong> an Krebs erkrankt ist, den sie inzwischen \u00fcberwunden hat. Sie lebt in K\u00e4rnten.<\/span>[\/vc_column_text][vc_column_text]<\/p>\n<div class=\"wpb_text_column wpb_content_element \">\n<div class=\"wpb_wrapper\">\n<p><span style=\"font-size: 18pt;\">Aufnahmen w\u00e4hrend der Restaurierung<\/span><\/p>\n<p>In Zusammenarbeit mit\u00a0<strong>moviemax<\/strong>\u00a0und <strong>Christos Pateludis<\/strong> und seiner Firma <strong>Filmscan &amp; more<\/strong> wurde der aufwendige 4K-Scan durchgef\u00fchrt. Als Ausgangsmaterial stand ein 35mm Intermed-Negativ zur Verf\u00fcgung. Auf den nachfolgenden Bildern ist die aufwendige Lichtbestimmung und Farbkorrektur des Spielfilms zu sehen.<\/p>\n<\/div>\n<\/div>\n<p>[\/vc_column_text][vc_row_inner css=&#8220;.vc_custom_1600112369599{margin-top: -12px !important;}&#8220;][vc_column_inner width=&#8220;1\/2&#8243;][vc_single_image image=&#8220;44762&#8243; img_size=&#8220;full&#8220;][\/vc_column_inner][vc_column_inner width=&#8220;1\/2&#8243;][vc_single_image image=&#8220;44764&#8243; img_size=&#8220;full&#8220;][\/vc_column_inner][\/vc_row_inner][vc_column_text]<span style=\"font-size: 18pt;\">Michael Pfleghar in Illustrierter Film Kurier (1965) zu &#8222;Serenade f\u00fcr zwei Spione&#8220;<\/span><\/p>\n<p><em><span style=\"font-family: Arial, sans-serif;\">&#8222;Ich bin ja oft gefragt worden, wie ich auf Heidelinde Weis gekommen bin. Schlie\u00dflich, so meinte man, sei sie ja nicht der Idealtyp einer Frau unserer Zeit.\u00a0Heidelinde arbeitete seinerzeit bei der Bavaria in M\u00fcnchen in zahlreichen Fernsehinszenierungen, sie galt in Fachkreisen als exzellente Schauspielerin. Als ich \u201eDie kleinste Show der Welt\u201c vorbereitete, wollte ich die Rollen der Clowns einmal nicht mit Show-Leuten besetzen, sondern mit Schauspielern, weil meiner Meinung nach das Schauspielerische im Vordergrund stand. Ich engagierte f\u00fcr die eine Rolle Wolfgang Eichmann, f\u00fcr die andere suchte ich ein zartes, fast zerbrechliches M\u00e4dchen. Da sah ich Heidelinde Weis in Geiselgasteig. Es gelang mir, sie f\u00fcr die Rolle zu bekommen. Und die Zusammenarbeit war gro\u00dfartig. Heidelinde hat ein ungeheures Einf\u00fchlungsverm\u00f6gen, sie bew\u00e4ltigte mit einer erstaunlichen Leichtigkeit die musikalischen und t\u00e4nzerischen Parts.\u00a0Dann kam im vorigen Jahr mein erster Spielfilm \u201e<strong>Die Tote von Beverly Hills<\/strong>\u201c. Wir wollten bewusst keinen Star f\u00fcr die Hauptrolle. Alle Experimente mit jungen Damen scheiterten. Da fiel mir Heidelinde ein. Und ich glaube, meine Wahl war richtig.<\/span><\/em>[\/vc_column_text][vc_column_text]<span style=\"font-family: Arial, sans-serif;\">I<em>n der ersten Drehbuchfassung war keine Rolle f\u00fcr Heidelinde drin, denn urspr\u00fcnglich sollten alle M\u00e4dchen von Japanerinnen gespielt werden.\u00a0<\/em><\/span><em><span style=\"font-family: Arial, sans-serif;\">Auch in der heutigen Fassung unseres Films ist im konventionellen Sinne keine Rolle f\u00fcr Heidelinde. Wir haben sie absolut gegen den Typ besetzt und \u2013 ich glaube \u2013 damit einen besonderen Effekt erzielt. So etwas kann man nat\u00fcrlich nur mit einer so gro\u00dfartigen Schauspielerin machen. So ist es fast selbstverst\u00e4ndlich, dass Heidelinde Weis auch bei meinem zweiten Film, \u201e<strong>Serenade f\u00fcr zwei Spione<\/strong>\u201c, dabei ist. Ich kann und will auf diese gro\u00dfe Begabung nicht verzichten.<\/span><\/em>[\/vc_column_text][vc_row_inner][vc_column_inner][vc_single_image image=&#8220;44579&#8243; img_size=&#8220;full&#8220;][\/vc_column_inner][\/vc_row_inner][vc_column_text]<em><span style=\"font-family: Arial, sans-serif;\">Eine andere Frage, die mir oft gestellt wird, bezieht sich auf den Unterschied zwischen der Arbeit f\u00fcr das Fernsehen und f\u00fcr den Film. Die gro\u00dfe Leinwand ist f\u00fcr mich ein wundersch\u00f6nes Spielzeug. Ich arbeite ja auch bei meinen Fernsehsendungen sehr stark mit optischen Mitteln. Auf dem kleinen Bildschirm kommen diese oft sehr m\u00fchsam erarbeiteten Einzelheiten nicht so recht zur Wirkung. Man kann also bei der Arbeit f\u00fcr den Kinofilm auch optisch in ganz anderen Dimensionen denken. Das ist der wesentliche und f\u00fcr mich auch so ziemlich der einzige Unterschied.<\/span><\/em>[\/vc_column_text][vc_column_text]<em><span style=\"font-family: Arial, sans-serif;\">Dass ich nun mit meinem Film \u201eSerenade f\u00fcr zwei Spione\u201c zum zweiten Mal einen Ausflug ins Kino mache, hat nat\u00fcrlich noch einen anderen Grund: Ich war in der Gefahr, beim Fernsehen festgelegt zu werden. Wer einmal mit Unterhaltungssendungen einigerma\u00dfen Erfolg hatte, der bleibt eben Unterhaltungsmann. Und das will ich nicht.<\/span><span style=\"font-family: Arial, sans-serif;\">\u00a0<\/span><span style=\"font-family: Arial, sans-serif;\">Au\u00dferdem reizt es mich, mit einem Film dem Publikum eine Geschichte in der mir nun einmal eigenen Bildersprache zu erz\u00e4hlen. Das bedeutet nicht etwa, dass ich in Zukunft keine Shows mehr machen will. Ganz im Gegenteil, ich liebe die Arbeit f\u00fcr das Fernsehen. Aber ich liebe in gleicher Weise die Abwechslung.&#8220;<\/span><\/em>[\/vc_column_text][vc_row_inner][vc_column_inner][vc_column_text]<span style=\"font-size: 18pt;\">Trailer (Remastered)<\/span>[\/vc_column_text][vc_video link=&#8220;https:\/\/youtu.be\/-UW8mpjC4SE&#8220; css=&#8220;.vc_custom_1599957843880{margin-top: -10px !important;}&#8220;][vc_empty_space height=&#8220;10px&#8220;][\/vc_column_inner][\/vc_row_inner][vc_column_text]<span style=\"font-family: Arial, sans-serif; font-size: 18pt;\">Die einfallsreiche Kamera &#8211; Ernst Wild &#8211; der Bildgestalter des Films \u201eSerenade f\u00fcr zwei Spione\u201c, aus Illustrierter Film Kurier (1965)<\/span><\/p>\n<p><span style=\"font-family: Arial, sans-serif;\">Frage: <em>&#8222;Die Kameram\u00e4nner, bei denen Sie als Assistent arbeiteten, haben alle einen konventionellen Stil. Wie sind Sie auf den Stil gekommen, den Sie bei dem Film \u201e<strong>Die Tote von Beverly Hills<\/strong>\u201c praktiziert haben und jetzt wieder bei der \u201e<strong>Serenade f\u00fcr zwei Spione<\/strong>\u201c anwenden?&#8220;<\/em><\/span><\/p>\n<p><span style=\"font-family: Arial, sans-serif;\">Antwort: <em>&#8222;Ich habe die deutschen Kameram\u00e4nner bei ihrer Arbeit genau beobachtet. Ich habe ihre Filme gesehen. Und ich habe mir die Filme der Franzosen, die f\u00fcr moderne Kameraf\u00fchrung richtunggebend sind, angesehen. Auf Grund meiner technischen Kenntnisse war es mir m\u00f6glich, genau zu sehen, mit welchen Mitteln die einzelnen Kameram\u00e4nnner arbeiteten. Dann habe ich auf den richtigen Film gewartet. Bevor ich \u201e<strong>Die Tote von Beverly Hills<\/strong>\u201c fotografierte, hatte ich mehrere Angebote. Aber wie soll ich mit einem Regisseur\u00a0<\/em><\/span><em><span style=\"font-family: Arial, sans-serif;\">zusammenarbeiten, der auf mich und auf das, was ich machen m\u00f6chte, nicht eingeht?&#8220;<\/span><\/em>[\/vc_column_text][vc_column_text]<span style=\"font-family: Arial, sans-serif;\">Frage: <em>&#8222;Und <strong>Michael Pfleghar<\/strong> war der richtige Regisseur?&#8220;<\/em><\/span><\/p>\n<p><span style=\"font-family: Arial, sans-serif;\">Antwort: <em>&#8222;Ja. Ich habe ihn bei der Show \u201e<strong>In achtzig Takten um die Welt<\/strong>\u201c kennengekernt. Wir haben uns vom ersten Augenblick an gut verstanden. Wir haben fast die gleichen Ideen.&#8220;<\/em><\/span>[\/vc_column_text][vc_row_inner][vc_column_inner width=&#8220;1\/2&#8243;][vc_single_image image=&#8220;44653&#8243; img_size=&#8220;full&#8220;][\/vc_column_inner][vc_column_inner width=&#8220;1\/2&#8243;][vc_single_image image=&#8220;44655&#8243; img_size=&#8220;full&#8220;][\/vc_column_inner][\/vc_row_inner][vc_column_text]<span style=\"font-family: Arial, sans-serif;\">Frage: <em>&#8222;Was ist das Wesentliche Ihrer Fotografie? Und warum weichen Sie von dem konventionellen Stil ab, bei dem immer ein Hinterlicht benutzt wird, wo alles sch\u00f6n ausgeleuchtet ist, wo selbst bei einem Gang durchs Zimmer die Gesichter eine gleichbleibende Helle haben?&#8220;<\/em><\/span><\/p>\n<p><span style=\"font-family: Arial, sans-serif;\">Antwort: <em>&#8222;Ich will die Wirklichkeit zeigen, die Realit\u00e4t. Wenn ich beispielsweise bei D\u00e4mmerlicht durch die Stra\u00dfen gehe oder mich beim Schein der Kerzen im Zimmer aufhalte, sehe ich die Gesichter der anderen Menschen ja auch nicht in gleichbleibendem Licht.&#8220;<\/em><\/span>[\/vc_column_text][vc_column_text]<span style=\"font-family: Arial, sans-serif;\">Frage: <em>&#8222;Sie schwenken in dem Film \u201e<strong>Serenade f\u00fcr zwei Spione<\/strong>\u201c die Kamera manchmal so, dass sie direkt ins Licht kommt. Warum tun Sie das?&#8220;<\/em><\/span><\/p>\n<p><span style=\"font-family: Arial, sans-serif;\">Antwort: <em>&#8222;Ich habe sogar h\u00e4ufig die Scheinwerfer mit ins Bild genommen. Durch die verschiedenen Brennweiten habe ich die Scheinwerfer, um sie nicht mehr real erschienen zu lassen, allerdings ins blaue, rote oder gr\u00fcne Lichtpunkte verwandelt. Dadurch entstehen irreale Reflexe, die in Wirklichkeit ja auch vorhanden sind. Wie sie sehen, bleibe ich meinem Prinzip, die Realit\u00e4t zu zeigen, eigentlich bei jeder Einstellung treu.&#8220;<\/em><\/span>[\/vc_column_text][vc_row_inner][vc_column_inner][vc_single_image image=&#8220;44585&#8243; img_size=&#8220;full&#8220;][\/vc_column_inner][\/vc_row_inner][vc_column_text]<span style=\"font-family: Arial, sans-serif;\">Frage:<em> &#8222;Sie benutzen ein Traggestell, das es Ihnen erm\u00f6glicht, die Kamera vor sich her zu tragen. Warum arbeiten Sie wenig mit Schienen und Stativen?&#8220;<\/em><\/span><\/p>\n<p><span style=\"font-family: Arial, sans-serif;\">Antwort: <em>&#8222;Wenn, wie es beispielsweise bei unserem Film \u201e<strong>Serenade f\u00fcr zwei Spione<\/strong>\u201c geschieht, zwei Menschen durch die Stra\u00dfen gehen, laufe ich mit der Kamera vor der Brust hinterher. Die sich daraus ergebenden Verwacklungen sind realer als das saubere Bild, das entsteht, wenn die Kamera auf Schienen f\u00e4hrt. H\u00e4ufig binde ich die Kamera sogar einem Schauspieler um. Wenn er dann durch die Stra\u00dfen l\u00e4uft, wirkt das, was er dabei sieht, auf den Zuschauer im Kino ungleich echter, als wenn eine fest montierte Kamera H\u00e4userfronten und laufende Menschen abtastet.&#8220;<\/em><\/span>[\/vc_column_text][vc_column_text]<span style=\"font-family: Arial, sans-serif;\">Frage: <em>&#8222;Sie arbeiten bei Ihrem Film mit verschiedenen Glasscheiben, um bestimmte Effekte zu erzielen. Wie machen Sie das?&#8220;<\/em><\/span><\/p>\n<p><span style=\"font-family: Arial, sans-serif;\">Antwort:<em> &#8222;Die Scheibe wird in einer bestimmten Entfernung \u2013 das richtet sich nach der jeweiligen Einstellung \u2013 vor dem Objektiv der Kamera befestigt und vollkommen mit Vaseline verschmiert. Das Kompendium ist dabei meistens weg, weil ich die Scheibe von vorn beleuchte. Dadurch wird das Bild grau oder weich. An den Stellen, wo der Schauspieler steht, der in der betreffenden Szene besonders herausgeholt werden soll, entferne ich die Vaseline. Alles andere, Personen und Gegenst\u00e4nde, die dabei nur am Rande in Erscheinung treten, erscheint undeutlich, manchmal kaum erkennbar. Das wiederum ist ja auch realer, als wenn das, was bei dieser Einstellung gezeigt werden soll, gleichm\u00e4\u00dfig betont ist. Wenn ich mich mit einem Menschen in einem Zimmer unterhalte, besch\u00e4ftige ich mich ja auch haupts\u00e4chlich nur mit ihm und nur am Rande mit den Gegenst\u00e4nden seiner Umgebung.&#8220;<\/em><\/span>[\/vc_column_text][\/vc_column][\/vc_row][vc_row][vc_column][vc_empty_space height=&#8220;15px&#8220;][vc_separator][vc_column_text]<\/p>\n<h2>Neuigkeiten<\/h2>\n<p>[\/vc_column_text]<style type=\"text\/css\" data-type=\"the7_shortcodes-inline-css\">.blog-shortcode.blog-masonry-shortcode-id-cb31605953a3858bfea154976eff70ef.dividers-on.classic-layout-list article {\n  padding-top: 0;\n}\n.blog-shortcode.blog-masonry-shortcode-id-cb31605953a3858bfea154976eff70ef.dividers-on.classic-layout-list article:first-of-type {\n  margin-top: 0;\n  padding-top: 0;\n}\n.blog-shortcode.blog-masonry-shortcode-id-cb31605953a3858bfea154976eff70ef.classic-layout-list.mode-list .post-entry-content {\n  width: calc(100% - );\n}\n.blog-shortcode.blog-masonry-shortcode-id-cb31605953a3858bfea154976eff70ef.classic-layout-list.mode-list .no-img .post-entry-content {\n  width: 100%;\n}\n.blog-shortcode.blog-masonry-shortcode-id-cb31605953a3858bfea154976eff70ef .filter-bg-decoration .filter-categories a.act {\n  color: #fff;\n}\n.blog-shortcode.blog-masonry-shortcode-id-cb31605953a3858bfea154976eff70ef:not(.mode-masonry) article:first-of-type,\n.blog-shortcode.blog-masonry-shortcode-id-cb31605953a3858bfea154976eff70ef:not(.mode-masonry) article.visible.first:not(.product) {\n  margin-top: 0;\n}\n.blog-shortcode.blog-masonry-shortcode-id-cb31605953a3858bfea154976eff70ef.dividers-on:not(.mode-masonry) article {\n  margin-top: 0;\n}\n.blog-shortcode.blog-masonry-shortcode-id-cb31605953a3858bfea154976eff70ef.dividers-on:not(.mode-masonry) article:first-of-type,\n.blog-shortcode.blog-masonry-shortcode-id-cb31605953a3858bfea154976eff70ef.dividers-on:not(.mode-masonry) article.visible.first:not(.product) {\n  margin-top: 0;\n  padding-top: 0;\n}\n.blog-shortcode.blog-masonry-shortcode-id-cb31605953a3858bfea154976eff70ef .post-thumbnail-wrap {\n  padding: 0px 0px 0px 0px;\n}\n.blog-shortcode.blog-masonry-shortcode-id-cb31605953a3858bfea154976eff70ef.enable-bg-rollover .post-thumbnail-rollover:after {\n  background: -webkit-linear-gradient();\n  background: linear-gradient();\n}\n.blog-shortcode.blog-masonry-shortcode-id-cb31605953a3858bfea154976eff70ef .gallery-zoom-ico {\n  width: 44px;\n  height: 44px;\n  line-height: 44px;\n  border-radius: 100px;\n  margin: -22px 0 0 -22px;\n  border-width: 0px;\n  color: #ffffff;\n}\n.bottom-overlap-layout-list.blog-shortcode.blog-masonry-shortcode-id-cb31605953a3858bfea154976eff70ef .gallery-zoom-ico {\n  margin-top: -72px;\n}\n.gradient-overlay-layout-list.blog-shortcode.blog-masonry-shortcode-id-cb31605953a3858bfea154976eff70ef .gallery-zoom-ico,\n.content-rollover-layout-list.blog-shortcode.blog-masonry-shortcode-id-cb31605953a3858bfea154976eff70ef .gallery-zoom-ico {\n  margin: 0 0 10px;\n}\n.content-align-center.gradient-overlay-layout-list.blog-shortcode.blog-masonry-shortcode-id-cb31605953a3858bfea154976eff70ef .gallery-zoom-ico,\n.content-align-center.content-rollover-layout-list.blog-shortcode.blog-masonry-shortcode-id-cb31605953a3858bfea154976eff70ef .gallery-zoom-ico {\n  margin: 0 auto 10px;\n}\n.dt-icon-bg-on.blog-shortcode.blog-masonry-shortcode-id-cb31605953a3858bfea154976eff70ef .gallery-zoom-ico {\n  background: rgba(255,255,255,0.3);\n  box-shadow: none;\n}\n.blog-shortcode.blog-masonry-shortcode-id-cb31605953a3858bfea154976eff70ef .gallery-zoom-ico > span,\n.blog-shortcode.blog-masonry-shortcode-id-cb31605953a3858bfea154976eff70ef .gallery-zoom-ico:before {\n  font-size: 32px;\n  line-height: 44px;\n}\n.blog-shortcode.blog-masonry-shortcode-id-cb31605953a3858bfea154976eff70ef .gallery-zoom-ico > span,\n.blog-shortcode.blog-masonry-shortcode-id-cb31605953a3858bfea154976eff70ef .gallery-zoom-ico:before {\n  color: #ffffff;\n}\n.blog-shortcode.blog-masonry-shortcode-id-cb31605953a3858bfea154976eff70ef .entry-title,\n.blog-shortcode.blog-masonry-shortcode-id-cb31605953a3858bfea154976eff70ef.owl-carousel .entry-title {\n  margin-bottom: 5px;\n  font-weight: bold;\n}\n.blog-shortcode.blog-masonry-shortcode-id-cb31605953a3858bfea154976eff70ef .entry-meta {\n  margin-bottom: 15px;\n}\n.blog-shortcode.blog-masonry-shortcode-id-cb31605953a3858bfea154976eff70ef .portfolio-categories {\n  margin-bottom: 15px;\n}\n.blog-shortcode.blog-masonry-shortcode-id-cb31605953a3858bfea154976eff70ef .entry-excerpt {\n  margin-bottom: 5px;\n}\n.blog-shortcode.blog-masonry-shortcode-id-cb31605953a3858bfea154976eff70ef:not(.centered-layout-list) .post-entry-content {\n  padding: 25px 30px 30px 30px;\n}\n.blog-shortcode.blog-masonry-shortcode-id-cb31605953a3858bfea154976eff70ef:not(.centered-layout-list):not(.content-bg-on):not(.mode-list) .no-img .post-entry-content {\n  padding: 0;\n}\n@media screen and (max-width: ) {\n  .blog-shortcode.blog-masonry-shortcode-id-cb31605953a3858bfea154976eff70ef article {\n    -ms-flex-flow: column nowrap;\n    flex-flow: column nowrap;\n    margin-top: 20px;\n  }\n  .blog-shortcode.blog-masonry-shortcode-id-cb31605953a3858bfea154976eff70ef.dividers-on article {\n    border: none;\n  }\n  .blog-shortcode.blog-masonry-shortcode-id-cb31605953a3858bfea154976eff70ef.content-bg-on.centered-layout-list article {\n    padding: 0;\n  }\n  .blog-shortcode.blog-masonry-shortcode-id-cb31605953a3858bfea154976eff70ef.blog-shortcode.dividers-on article,\n  .blog-shortcode.blog-masonry-shortcode-id-cb31605953a3858bfea154976eff70ef.dividers-on.classic-layout-list article {\n    margin-top: 20px;\n    padding: 0;\n  }\n  .blog-shortcode.blog-masonry-shortcode-id-cb31605953a3858bfea154976eff70ef.blog-shortcode.dividers-on article:first-of-type,\n  .blog-shortcode.blog-masonry-shortcode-id-cb31605953a3858bfea154976eff70ef.dividers-on.classic-layout-list article:first-of-type {\n    padding: 0;\n  }\n  #page .blog-shortcode.blog-masonry-shortcode-id-cb31605953a3858bfea154976eff70ef .post-thumbnail-wrap,\n  #page .blog-shortcode.blog-masonry-shortcode-id-cb31605953a3858bfea154976eff70ef .post-entry-content {\n    width: 100%;\n    margin: 0;\n    top: 0;\n  }\n  #page .blog-shortcode.blog-masonry-shortcode-id-cb31605953a3858bfea154976eff70ef .post-thumbnail-wrap {\n    padding: 0;\n  }\n  #page .blog-shortcode.blog-masonry-shortcode-id-cb31605953a3858bfea154976eff70ef .post-entry-content:after {\n    display: none;\n  }\n  #page .blog-shortcode.blog-masonry-shortcode-id-cb31605953a3858bfea154976eff70ef .project-even .post-thumbnail-wrap,\n  #page .blog-shortcode.blog-masonry-shortcode-id-cb31605953a3858bfea154976eff70ef.centered-layout-list .post-thumbnail-wrap {\n    -ms-flex-order: 0;\n    order: 0;\n  }\n  #page .blog-shortcode.blog-masonry-shortcode-id-cb31605953a3858bfea154976eff70ef.centered-layout-list .post-entry-title-content {\n    -ms-flex-order: 1;\n    order: 1;\n    width: 100%;\n    padding: 20px 20px 0;\n  }\n  #page .blog-shortcode.blog-masonry-shortcode-id-cb31605953a3858bfea154976eff70ef.centered-layout-list .post-entry-content {\n    -ms-flex-order: 2;\n    order: 2;\n    padding-top: 0;\n  }\n  #page .blog-shortcode.blog-masonry-shortcode-id-cb31605953a3858bfea154976eff70ef .fancy-categories {\n    top: 10px;\n    left: 10px;\n    bottom: auto;\n    right: auto;\n  }\n  #page .blog-shortcode.blog-masonry-shortcode-id-cb31605953a3858bfea154976eff70ef .fancy-date a {\n    top: 10px;\n    right: 10px;\n    left: auto;\n    bottom: auto;\n  }\n  #page .blog-shortcode.blog-masonry-shortcode-id-cb31605953a3858bfea154976eff70ef .post-entry-content {\n    padding: 20px;\n  }\n  #page .blog-shortcode.blog-masonry-shortcode-id-cb31605953a3858bfea154976eff70ef .entry-title {\n    margin: 3px 0 5px;\n    font-size: 20px;\n    line-height: 26px;\n  }\n  #page .blog-shortcode.blog-masonry-shortcode-id-cb31605953a3858bfea154976eff70ef .entry-meta {\n    margin: 5px 0 5px;\n  }\n  #page .blog-shortcode.blog-masonry-shortcode-id-cb31605953a3858bfea154976eff70ef .entry-excerpt {\n    margin: 15px 0 0;\n  }\n  #page .blog-shortcode.blog-masonry-shortcode-id-cb31605953a3858bfea154976eff70ef .post-details {\n    margin: 5px 0 10px;\n  }\n  #page .blog-shortcode.blog-masonry-shortcode-id-cb31605953a3858bfea154976eff70ef .post-details.details-type-link {\n    margin-bottom: 2px;\n  }\n}\n.blog-shortcode.blog-masonry-shortcode-id-cb31605953a3858bfea154976eff70ef:not(.resize-by-browser-width) .dt-css-grid {\n  grid-row-gap: 30px;\n  grid-column-gap: 30px;\n  grid-template-columns: repeat(auto-fill,minmax(,1fr));\n}\n.blog-shortcode.blog-masonry-shortcode-id-cb31605953a3858bfea154976eff70ef:not(.resize-by-browser-width) .dt-css-grid .double-width {\n  grid-column: span 2;\n}\n.cssgridlegacy.no-cssgrid .blog-shortcode.blog-masonry-shortcode-id-cb31605953a3858bfea154976eff70ef:not(.resize-by-browser-width) .dt-css-grid,\n.no-cssgridlegacy.no-cssgrid .blog-shortcode.blog-masonry-shortcode-id-cb31605953a3858bfea154976eff70ef:not(.resize-by-browser-width) .dt-css-grid {\n  display: flex;\n  flex-flow: row wrap;\n  margin: -15px;\n}\n.cssgridlegacy.no-cssgrid .blog-shortcode.blog-masonry-shortcode-id-cb31605953a3858bfea154976eff70ef:not(.resize-by-browser-width) .dt-css-grid .wf-cell,\n.no-cssgridlegacy.no-cssgrid .blog-shortcode.blog-masonry-shortcode-id-cb31605953a3858bfea154976eff70ef:not(.resize-by-browser-width) .dt-css-grid .wf-cell {\n  flex: 1 0 ;\n  max-width: 100%;\n  padding: 15px;\n  box-sizing: border-box;\n}\n.blog-shortcode.blog-masonry-shortcode-id-cb31605953a3858bfea154976eff70ef.resize-by-browser-width .dt-css-grid {\n  grid-template-columns: repeat(2,1fr);\n  grid-template-rows: auto;\n  grid-column-gap: 30px;\n  grid-row-gap: 30px;\n}\n.blog-shortcode.blog-masonry-shortcode-id-cb31605953a3858bfea154976eff70ef.resize-by-browser-width .dt-css-grid .double-width {\n  grid-column: span 2;\n}\n.cssgridlegacy.no-cssgrid .blog-shortcode.blog-masonry-shortcode-id-cb31605953a3858bfea154976eff70ef.resize-by-browser-width .dt-css-grid {\n  margin: -15px;\n}\n.cssgridlegacy.no-cssgrid .blog-shortcode.blog-masonry-shortcode-id-cb31605953a3858bfea154976eff70ef.resize-by-browser-width .dt-css-grid .wf-cell {\n  width: 50%;\n  padding: 15px;\n}\n.cssgridlegacy.no-cssgrid .blog-shortcode.blog-masonry-shortcode-id-cb31605953a3858bfea154976eff70ef.resize-by-browser-width .dt-css-grid .wf-cell.double-width {\n  width: calc(50%) * 2;\n}\n.blog-shortcode.blog-masonry-shortcode-id-cb31605953a3858bfea154976eff70ef.resize-by-browser-width:not(.centered-layout-list):not(.content-bg-on) .dt-css-grid {\n  grid-row-gap: 0px;\n}\n@media screen and (max-width: 1199px) {\n  .blog-shortcode.blog-masonry-shortcode-id-cb31605953a3858bfea154976eff70ef.resize-by-browser-width .dt-css-grid {\n    grid-template-columns: repeat(2,1fr);\n  }\n  .cssgridlegacy.no-cssgrid .blog-shortcode.blog-masonry-shortcode-id-cb31605953a3858bfea154976eff70ef.resize-by-browser-width .dt-css-grid .wf-cell,\n  .no-cssgridlegacy.no-cssgrid .blog-shortcode.blog-masonry-shortcode-id-cb31605953a3858bfea154976eff70ef.resize-by-browser-width .dt-css-grid .wf-cell {\n    width: 50%;\n  }\n  .cssgridlegacy.no-cssgrid .blog-shortcode.blog-masonry-shortcode-id-cb31605953a3858bfea154976eff70ef.resize-by-browser-width .dt-css-grid .wf-cell.double-width,\n  .no-cssgridlegacy.no-cssgrid .blog-shortcode.blog-masonry-shortcode-id-cb31605953a3858bfea154976eff70ef.resize-by-browser-width .dt-css-grid .wf-cell.double-width {\n    width: calc(50%)*2;\n  }\n}\n@media screen and (max-width: 991px) {\n  .blog-shortcode.blog-masonry-shortcode-id-cb31605953a3858bfea154976eff70ef.resize-by-browser-width .dt-css-grid {\n    grid-template-columns: repeat(1,1fr);\n  }\n  .cssgridlegacy.no-cssgrid .blog-shortcode.blog-masonry-shortcode-id-cb31605953a3858bfea154976eff70ef.resize-by-browser-width .dt-css-grid .wf-cell,\n  .no-cssgridlegacy.no-cssgrid .blog-shortcode.blog-masonry-shortcode-id-cb31605953a3858bfea154976eff70ef.resize-by-browser-width .dt-css-grid .wf-cell {\n    width: 100%;\n  }\n  .cssgridlegacy.no-cssgrid .blog-shortcode.blog-masonry-shortcode-id-cb31605953a3858bfea154976eff70ef.resize-by-browser-width .dt-css-grid .wf-cell.double-width,\n  .no-cssgridlegacy.no-cssgrid .blog-shortcode.blog-masonry-shortcode-id-cb31605953a3858bfea154976eff70ef.resize-by-browser-width .dt-css-grid .wf-cell.double-width {\n    width: calc(100%)*2;\n  }\n}\n@media screen and (max-width: 767px) {\n  .blog-shortcode.blog-masonry-shortcode-id-cb31605953a3858bfea154976eff70ef.resize-by-browser-width .dt-css-grid {\n    grid-template-columns: repeat(1,1fr);\n  }\n  .blog-shortcode.blog-masonry-shortcode-id-cb31605953a3858bfea154976eff70ef.resize-by-browser-width .dt-css-grid .double-width {\n    grid-column: span 1;\n  }\n  .cssgridlegacy.no-cssgrid .blog-shortcode.blog-masonry-shortcode-id-cb31605953a3858bfea154976eff70ef.resize-by-browser-width .dt-css-grid .wf-cell,\n  .no-cssgridlegacy.no-cssgrid .blog-shortcode.blog-masonry-shortcode-id-cb31605953a3858bfea154976eff70ef.resize-by-browser-width .dt-css-grid .wf-cell {\n    width: 100%;\n  }\n  .cssgridlegacy.no-cssgrid .blog-shortcode.blog-masonry-shortcode-id-cb31605953a3858bfea154976eff70ef.resize-by-browser-width .dt-css-grid .wf-cell.double-width,\n  .no-cssgridlegacy.no-cssgrid .blog-shortcode.blog-masonry-shortcode-id-cb31605953a3858bfea154976eff70ef.resize-by-browser-width .dt-css-grid .wf-cell.double-width {\n    width: calc(100%)*2;\n  }\n}<\/style><div class=\"blog-shortcode blog-masonry-shortcode-id-cb31605953a3858bfea154976eff70ef mode-grid classic-layout-list content-bg-on jquery-filter scale-img dt-css-grid-wrap dt-icon-bg-off resize-by-browser-width loading-effect-none description-under-image \" data-padding=\"15px\" data-cur-page=\"1\" data-post-limit=\"-1\" data-pagination-mode=\"none\" data-desktop-columns-num=\"2\" data-v-tablet-columns-num=\"1\" data-h-tablet-columns-num=\"2\" data-phone-columns-num=\"1\" data-width=\"0px\" data-columns=\"0\"><div class=\"dt-css-grid\" ><div class=\"visible wf-cell\" data-post-id=\"99470\" data-date=\"2023-11-24T00:04:36+00:00\" data-name=\"\ud83c\udfac \u00d6sterreichische Schauspielerin Heidelinde Weis im Alter von 83 Jahren gestorben\"><article class=\"post project-odd visible post-99470 type-post status-publish format-standard has-post-thumbnail hentry category-film category-filmklassiker category-m-square-classics category-m-square-pictures category-news tag-83-jahre tag-der-alte tag-derrick tag-die-frau-in-weiss tag-die-tote-von-beverly-hills tag-heidelinde-weis tag-klaus-maria-brandauer tag-m-square tag-michael-pfleghar tag-schwarzwaldklinik tag-serenade-fuer-zwei-spione tag-todestag category-8 category-7004 category-5849 category-1046 category-13\" data-name=\"\ud83c\udfac \u00d6sterreichische Schauspielerin Heidelinde Weis im Alter von 83 Jahren gestorben\" data-date=\"2023-11-24T00:04:36+00:00\">\n\n<div class=\"post-thumbnail-wrap\">\n\t<div class=\"post-thumbnail\">\n\t\t\n\t\t\n\t\t<a href=\"https:\/\/ucm.one\/de\/oesterreichische-schauspielerin-heidelinde-weis-ist-im-alter-von-83-jahren-gestorben\/\" class=\"post-thumbnail-rollover layzr-bg layzr-bg\" ><img fetchpriority=\"high\" decoding=\"async\" class=\"iso-lazy-load preload-me iso-lazy-load aspect\" src=\"data:image\/svg+xml,%3Csvg%20xmlns%3D&#39;http%3A%2F%2Fwww.w3.org%2F2000%2Fsvg&#39;%20viewBox%3D&#39;0%200%20990%20309&#39;%2F%3E\" data-src=\"https:\/\/ucm.one\/wp-content\/uploads\/2023\/11\/Heidelinde-Weis-Traurbanner-1920x600-1-990x309.jpeg\" data-srcset=\"https:\/\/ucm.one\/wp-content\/uploads\/2023\/11\/Heidelinde-Weis-Traurbanner-1920x600-1-990x309.jpeg 990w, https:\/\/ucm.one\/wp-content\/uploads\/2023\/11\/Heidelinde-Weis-Traurbanner-1920x600-1-1485x464.jpeg 1485w\" loading=\"eager\" style=\"--ratio: 990 \/ 309\" sizes=\"(max-width: 990px) 100vw, 990px\" alt=\"\" title=\"Heidelinde Weis Traurbanner 1920&#215;600\" width=\"990\" height=\"309\"  \/><\/a>\t<\/div>\n<\/div>\n\n\n<div class=\"post-entry-content\">\n\n\t<h3 class=\"entry-title\">\n\t\t<a href=\"https:\/\/ucm.one\/de\/oesterreichische-schauspielerin-heidelinde-weis-ist-im-alter-von-83-jahren-gestorben\/\" title=\"\ud83c\udfac \u00d6sterreichische Schauspielerin Heidelinde Weis im Alter von 83 Jahren gestorben\" rel=\"bookmark\">\ud83c\udfac \u00d6sterreichische Schauspielerin Heidelinde Weis im Alter von 83 Jahren gestorben<\/a>\n\t<\/h3>\n\n\t<div class=\"entry-meta\"><span class=\"category-link\"><a href=\"https:\/\/ucm.one\/de\/category\/news\/film\/\" >Film<\/a>, <a href=\"https:\/\/ucm.one\/de\/category\/news\/filmklassiker\/\" >Filmklassiker<\/a>, <a href=\"https:\/\/ucm.one\/de\/category\/news\/film\/m-square-pictures\/m-square-classics\/\" >M-Square Classics<\/a>, <a href=\"https:\/\/ucm.one\/de\/category\/news\/film\/m-square-pictures\/\" >M-Square Pictures<\/a>, <a href=\"https:\/\/ucm.one\/de\/category\/news\/\" >News<\/a><\/span><a class=\"author vcard\" href=\"\" title=\"Zeige alle Beitr\u00e4ge von Joachim Keil\" rel=\"author\">Von <span class=\"fn\">Joachim Keil<\/span><\/a><a href=\"https:\/\/ucm.one\/de\/2023\/11\/24\/\" title=\"00:04\" class=\"data-link\" rel=\"bookmark\"><time class=\"entry-date updated\" datetime=\"2023-11-24T00:04:36+00:00\">24. November 2023<\/time><\/a><\/div>\n\t<div class=\"entry-excerpt\"><p>[vc_row][vc_column][vc_column_text]Die bekannte \u00f6sterreichische Schauspielerin Heidelinde Weis ist leider im Alter von 83 Jahren verstorben. Sie erlangte vor allem durch ihre Rollen in Fernsehproduktionen wie &#8222;Derrick&#8222;, &#8222;Der Alte&#8222;, &#8222;Traumschiff&#8220; und &#8222;Schwarzwaldklinik&#8220; gro\u00dfe Bekanntheit. Jedoch lag ihre wahre Leidenschaft im Theaterschauspiel. Weis trat auf renommierten B\u00fchnen in St\u00e4dten wie Berlin, Hamburg, D\u00fcsseldorf und M\u00fcnchen auf und war&hellip;<\/p>\n<\/div>\n\t\n<a href=\"https:\/\/ucm.one\/de\/oesterreichische-schauspielerin-heidelinde-weis-ist-im-alter-von-83-jahren-gestorben\/\" class=\"post-details details-type-link\" aria-label=\"Read more about \ud83c\udfac \u00d6sterreichische Schauspielerin Heidelinde Weis im Alter von 83 Jahren gestorben\">Mehr lesen<i class=\"dt-icon-the7-arrow-03\" aria-hidden=\"true\"><\/i><\/a>\n\n<\/div><\/article><\/div><div class=\"visible wf-cell\" data-post-id=\"45619\" data-date=\"2020-10-16T08:10:11+00:00\" data-name=\"\u201eSerenade f\u00fcr zwei Spione\u201c von Michael Pfleghar (M-Square Classics) ab heute auf DVD erh\u00e4ltlich\"><article class=\"post project-odd visible post-45619 type-post status-publish format-standard has-post-thumbnail hentry category-film category-filmklassiker category-m-square-classics category-m-square-pictures category-news tag-annie-giss tag-barbara-lass tag-die-tote-von-beverly-hills tag-filmklassiker tag-hansjuergen-pohland tag-heidelinde-weis tag-hellmut-lange tag-m-square tag-m-square-classics tag-michael-pfleghar tag-mimmo-palmara tag-serenade-fuer-zwei-spione tag-tony-kendall tag-wolfgang-neuss category-8 category-7004 category-5849 category-1046 category-13\" data-name=\"\u201eSerenade f\u00fcr zwei Spione\u201c von Michael Pfleghar (M-Square Classics) ab heute auf DVD erh\u00e4ltlich\" data-date=\"2020-10-16T08:10:11+00:00\">\n\n<div class=\"post-thumbnail-wrap\">\n\t<div class=\"post-thumbnail\">\n\t\t\n\t\t\n\t\t<a href=\"https:\/\/ucm.one\/de\/serenade-fuer-zwei-spione-von-michael-pfleghar-m-square-classics-ab-heute-auf-dvd-erhaeltlich\/\" class=\"post-thumbnail-rollover layzr-bg layzr-bg\" ><img decoding=\"async\" class=\"iso-lazy-load preload-me iso-lazy-load aspect\" src=\"data:image\/svg+xml,%3Csvg%20xmlns%3D&#39;http%3A%2F%2Fwww.w3.org%2F2000%2Fsvg&#39;%20viewBox%3D&#39;0%200%20990%20309&#39;%2F%3E\" data-src=\"https:\/\/ucm.one\/wp-content\/uploads\/2020\/09\/SerenadeBanner2-1-990x309.png\" data-srcset=\"https:\/\/ucm.one\/wp-content\/uploads\/2020\/09\/SerenadeBanner2-1-990x309.png 990w, https:\/\/ucm.one\/wp-content\/uploads\/2020\/09\/SerenadeBanner2-1-1485x464.png 1485w\" loading=\"eager\" style=\"--ratio: 990 \/ 309\" sizes=\"(max-width: 990px) 100vw, 990px\" alt=\"\" title=\"SerenadeBanner2\" width=\"990\" height=\"309\"  \/><\/a>\t<\/div>\n<\/div>\n\n\n<div class=\"post-entry-content\">\n\n\t<h3 class=\"entry-title\">\n\t\t<a href=\"https:\/\/ucm.one\/de\/serenade-fuer-zwei-spione-von-michael-pfleghar-m-square-classics-ab-heute-auf-dvd-erhaeltlich\/\" title=\"\u201eSerenade f\u00fcr zwei Spione\u201c von Michael Pfleghar (M-Square Classics) ab heute auf DVD erh\u00e4ltlich\" rel=\"bookmark\">\u201eSerenade f\u00fcr zwei Spione\u201c von Michael Pfleghar (M-Square Classics) ab heute auf DVD erh\u00e4ltlich<\/a>\n\t<\/h3>\n\n\t<div class=\"entry-meta\"><span class=\"category-link\"><a href=\"https:\/\/ucm.one\/de\/category\/news\/film\/\" >Film<\/a>, <a href=\"https:\/\/ucm.one\/de\/category\/news\/filmklassiker\/\" >Filmklassiker<\/a>, <a href=\"https:\/\/ucm.one\/de\/category\/news\/film\/m-square-pictures\/m-square-classics\/\" >M-Square Classics<\/a>, <a href=\"https:\/\/ucm.one\/de\/category\/news\/film\/m-square-pictures\/\" >M-Square Pictures<\/a>, <a href=\"https:\/\/ucm.one\/de\/category\/news\/\" >News<\/a><\/span><a class=\"author vcard\" href=\"\" title=\"Zeige alle Beitr\u00e4ge von Joachim Keil\" rel=\"author\">Von <span class=\"fn\">Joachim Keil<\/span><\/a><a href=\"https:\/\/ucm.one\/de\/2020\/10\/16\/\" title=\"08:10\" class=\"data-link\" rel=\"bookmark\"><time class=\"entry-date updated\" datetime=\"2020-10-16T08:10:11+00:00\">16. Oktober 2020<\/time><\/a><\/div>\n\t<div class=\"entry-excerpt\"><p>[vc_row][vc_column width=&#8220;3\/4&#8243;][vc_column_text]Nach \u201eDie Tote von Beverly Hills\u201c bringen\u00a0UCM.ONE und moviemax den\u00a0zweiten Film \u201cSerenade f\u00fcr zwei Spione\u201d von Deutschlands gr\u00f6\u00dften Show-Regisseur Michael Pfleghar (\u201eLieben Sie Show\u201c, \u201eW\u00fcnsch Dir was\u201c, \u201eKlimbim\u201c, \u201eZwei himmlische T\u00f6chter\u201c u.a.) in digital hochwertig restaurierter HD-Version als DVD in den Handel.\u00a0\u201cSerenade f\u00fcr zwei Spione\u201d ist ungefilterte Liebe zum \u00fcberlebensgro\u00dfen Kino-Eskapismus, wie ihn das&hellip;<\/p>\n<\/div>\n\t\n<a href=\"https:\/\/ucm.one\/de\/serenade-fuer-zwei-spione-von-michael-pfleghar-m-square-classics-ab-heute-auf-dvd-erhaeltlich\/\" class=\"post-details details-type-link\" aria-label=\"Read more about \u201eSerenade f\u00fcr zwei Spione\u201c von Michael Pfleghar (M-Square Classics) ab heute auf DVD erh\u00e4ltlich\">Mehr lesen<i class=\"dt-icon-the7-arrow-03\" aria-hidden=\"true\"><\/i><\/a>\n\n<\/div><\/article><\/div><div class=\"visible wf-cell\" data-post-id=\"44780\" data-date=\"2020-09-17T07:08:58+00:00\" data-name=\"Heidelinde Weis feiert ihren 80. Geburtstag!\"><article class=\"post project-odd visible post-44780 type-post status-publish format-standard has-post-thumbnail hentry category-film category-filmklassiker category-m-square-classics category-m-square-pictures category-news tag-80-geburtstag tag-das-traumschiff tag-der-alte tag-derrick tag-die-frau-in-weiss tag-die-tote-von-beverly-hills tag-heidelinde-weis tag-m-square tag-michael-pfleghar tag-oesterreich tag-schwarzwaldklinik tag-serenade-fuer-zwei-spione category-8 category-7004 category-5849 category-1046 category-13\" data-name=\"Heidelinde Weis feiert ihren 80. Geburtstag!\" data-date=\"2020-09-17T07:08:58+00:00\">\n\n<div class=\"post-thumbnail-wrap\">\n\t<div class=\"post-thumbnail\">\n\t\t\n\t\t\n\t\t<a href=\"https:\/\/ucm.one\/de\/heidelinde-weis-feiert-ihren-80-geburtstag\/\" class=\"post-thumbnail-rollover layzr-bg layzr-bg\" ><img decoding=\"async\" class=\"iso-lazy-load preload-me iso-lazy-load aspect\" src=\"data:image\/svg+xml,%3Csvg%20xmlns%3D&#39;http%3A%2F%2Fwww.w3.org%2F2000%2Fsvg&#39;%20viewBox%3D&#39;0%200%20990%20309&#39;%2F%3E\" data-src=\"https:\/\/ucm.one\/wp-content\/uploads\/2020\/09\/B-Heidelinde-Weis-80-Geburtstag-990x309.jpg\" data-srcset=\"https:\/\/ucm.one\/wp-content\/uploads\/2020\/09\/B-Heidelinde-Weis-80-Geburtstag-990x309.jpg 990w, https:\/\/ucm.one\/wp-content\/uploads\/2020\/09\/B-Heidelinde-Weis-80-Geburtstag-1485x464.jpg 1485w\" loading=\"eager\" style=\"--ratio: 990 \/ 309\" sizes=\"(max-width: 990px) 100vw, 990px\" alt=\"\" title=\"B Heidelinde Weis 80 Geburtstag\" width=\"990\" height=\"309\"  \/><\/a>\t<\/div>\n<\/div>\n\n\n<div class=\"post-entry-content\">\n\n\t<h3 class=\"entry-title\">\n\t\t<a href=\"https:\/\/ucm.one\/de\/heidelinde-weis-feiert-ihren-80-geburtstag\/\" title=\"Heidelinde Weis feiert ihren 80. Geburtstag!\" rel=\"bookmark\">Heidelinde Weis feiert ihren 80. Geburtstag!<\/a>\n\t<\/h3>\n\n\t<div class=\"entry-meta\"><span class=\"category-link\"><a href=\"https:\/\/ucm.one\/de\/category\/news\/film\/\" >Film<\/a>, <a href=\"https:\/\/ucm.one\/de\/category\/news\/filmklassiker\/\" >Filmklassiker<\/a>, <a href=\"https:\/\/ucm.one\/de\/category\/news\/film\/m-square-pictures\/m-square-classics\/\" >M-Square Classics<\/a>, <a href=\"https:\/\/ucm.one\/de\/category\/news\/film\/m-square-pictures\/\" >M-Square Pictures<\/a>, <a href=\"https:\/\/ucm.one\/de\/category\/news\/\" >News<\/a><\/span><a class=\"author vcard\" href=\"\" title=\"Zeige alle Beitr\u00e4ge von Joachim Keil\" rel=\"author\">Von <span class=\"fn\">Joachim Keil<\/span><\/a><a href=\"https:\/\/ucm.one\/de\/2020\/09\/17\/\" title=\"07:08\" class=\"data-link\" rel=\"bookmark\"><time class=\"entry-date updated\" datetime=\"2020-09-17T07:08:58+00:00\">17. September 2020<\/time><\/a><\/div>\n\t<div class=\"entry-excerpt\"><p>[vc_row][vc_column][vc_column_text]Wir gratulieren der Schauspielerin Heidelinde Weis ganz herzlich zu Ihrem 80. Geburtstag! Und freuen uns sehr, dass wir am 16. Oktober bereits den zweiten Film mit ihr, wieder in einer exklusiven, neu in HD abgetasteten Version, auf DVD ver\u00f6ffentlichen d\u00fcrfen, n\u00e4mlich \u201eSerenade f\u00fcr zwei Spione\u201c von Michael Pfleghar. F\u00fcr ihn hatte sie schon 1964 in&hellip;<\/p>\n<\/div>\n\t\n<a href=\"https:\/\/ucm.one\/de\/heidelinde-weis-feiert-ihren-80-geburtstag\/\" class=\"post-details details-type-link\" aria-label=\"Read more about Heidelinde Weis feiert ihren 80. Geburtstag!\">Mehr lesen<i class=\"dt-icon-the7-arrow-03\" aria-hidden=\"true\"><\/i><\/a>\n\n<\/div><\/article><\/div><div class=\"visible wf-cell\" data-post-id=\"44664\" data-date=\"2020-09-14T00:28:48+00:00\" data-name=\"Digital restaurierte Version von \u201eSerenade f\u00fcr zwei Spione\u201c (M-Square Classics) ab 16. Oktober erh\u00e4ltlich\"><article class=\"post project-odd visible post-44664 type-post status-publish format-standard has-post-thumbnail hentry category-film category-filmklassiker category-m-square-classics category-m-square-pictures category-news tag-annie-giss tag-barbara-lass tag-die-tote-von-beverly-hills tag-filmklassiker tag-hansjuergen-pohland tag-heidelinde-weis tag-hellmut-lange tag-m-square tag-m-square-classics tag-michael-pfleghar tag-mimmo-palmara tag-serenade-fuer-zwei-spione tag-tony-kendall tag-wolfgang-neuss category-8 category-7004 category-5849 category-1046 category-13\" data-name=\"Digital restaurierte Version von \u201eSerenade f\u00fcr zwei Spione\u201c (M-Square Classics) ab 16. Oktober erh\u00e4ltlich\" data-date=\"2020-09-14T00:28:48+00:00\">\n\n<div class=\"post-thumbnail-wrap\">\n\t<div class=\"post-thumbnail\">\n\t\t\n\t\t\n\t\t<a href=\"https:\/\/ucm.one\/de\/digital-restaurierte-version-von-serenade-fuer-zwei-spione-m-square-classics-ab-09-oktober-erhaeltlich\/\" class=\"post-thumbnail-rollover layzr-bg layzr-bg\" ><img decoding=\"async\" class=\"iso-lazy-load preload-me iso-lazy-load aspect\" src=\"data:image\/svg+xml,%3Csvg%20xmlns%3D&#39;http%3A%2F%2Fwww.w3.org%2F2000%2Fsvg&#39;%20viewBox%3D&#39;0%200%20990%20309&#39;%2F%3E\" data-src=\"https:\/\/ucm.one\/wp-content\/uploads\/2020\/09\/B-Serenade-fur-2-Spione-Banner-990x309.jpg\" data-srcset=\"https:\/\/ucm.one\/wp-content\/uploads\/2020\/09\/B-Serenade-fur-2-Spione-Banner-990x309.jpg 990w, https:\/\/ucm.one\/wp-content\/uploads\/2020\/09\/B-Serenade-fur-2-Spione-Banner-1485x464.jpg 1485w\" loading=\"eager\" style=\"--ratio: 990 \/ 309\" sizes=\"(max-width: 990px) 100vw, 990px\" alt=\"\" title=\"B Serenade f\u00fcr 2 Spione &#8211; Banner\" width=\"990\" height=\"309\"  \/><\/a>\t<\/div>\n<\/div>\n\n\n<div class=\"post-entry-content\">\n\n\t<h3 class=\"entry-title\">\n\t\t<a href=\"https:\/\/ucm.one\/de\/digital-restaurierte-version-von-serenade-fuer-zwei-spione-m-square-classics-ab-09-oktober-erhaeltlich\/\" title=\"Digital restaurierte Version von \u201eSerenade f\u00fcr zwei Spione\u201c (M-Square Classics) ab 16. Oktober erh\u00e4ltlich\" rel=\"bookmark\">Digital restaurierte Version von \u201eSerenade f\u00fcr zwei Spione\u201c (M-Square Classics) ab 16. Oktober erh\u00e4ltlich<\/a>\n\t<\/h3>\n\n\t<div class=\"entry-meta\"><span class=\"category-link\"><a href=\"https:\/\/ucm.one\/de\/category\/news\/film\/\" >Film<\/a>, <a href=\"https:\/\/ucm.one\/de\/category\/news\/filmklassiker\/\" >Filmklassiker<\/a>, <a href=\"https:\/\/ucm.one\/de\/category\/news\/film\/m-square-pictures\/m-square-classics\/\" >M-Square Classics<\/a>, <a href=\"https:\/\/ucm.one\/de\/category\/news\/film\/m-square-pictures\/\" >M-Square Pictures<\/a>, <a href=\"https:\/\/ucm.one\/de\/category\/news\/\" >News<\/a><\/span><a class=\"author vcard\" href=\"\" title=\"Zeige alle Beitr\u00e4ge von Joachim Keil\" rel=\"author\">Von <span class=\"fn\">Joachim Keil<\/span><\/a><a href=\"https:\/\/ucm.one\/de\/2020\/09\/14\/\" title=\"00:28\" class=\"data-link\" rel=\"bookmark\"><time class=\"entry-date updated\" datetime=\"2020-09-14T00:28:48+00:00\">14. September 2020<\/time><\/a><\/div>\n\t<div class=\"entry-excerpt\"><p>[vc_row][vc_column][vc_column_text]Nach \u201eDie Tote von Beverly Hills\u201c bringen\u00a0UCM.ONE und moviemax den\u00a0zweiten Film \u201cSerenade f\u00fcr zwei Spione\u201d von Deutschlands gr\u00f6\u00dften Show-Regisseur Michael Pfleghar (\u201eLieben Sie Show\u201c, \u201eW\u00fcnsch Dir was\u201c, \u201eKlimbim\u201c, \u201eZwei himmlische T\u00f6chter\u201c u.a.) in digital hochwertig restaurierter HD-Version als DVD und VOD in den Handel.\u00a0\u201cSerenade f\u00fcr zwei Spione\u201d ist ungefilterte Liebe zum \u00fcberlebensgro\u00dfen Kino-Eskapismus, wie ihn&hellip;<\/p>\n<\/div>\n\t\n<a href=\"https:\/\/ucm.one\/de\/digital-restaurierte-version-von-serenade-fuer-zwei-spione-m-square-classics-ab-09-oktober-erhaeltlich\/\" class=\"post-details details-type-link\" aria-label=\"Read more about Digital restaurierte Version von \u201eSerenade f\u00fcr zwei Spione\u201c (M-Square Classics) ab 16. Oktober erh\u00e4ltlich\">Mehr lesen<i class=\"dt-icon-the7-arrow-03\" aria-hidden=\"true\"><\/i><\/a>\n\n<\/div><\/article><\/div><div class=\"visible wf-cell\" data-post-id=\"32079\" data-date=\"2019-07-26T01:00:21+00:00\" data-name=\"\u201eDie Tote von Beverly Hills\u201c von Michael Pfleghar (M-Square Classics) ab jetzt \u00fcberall erh\u00e4ltlich\"><article class=\"post project-odd visible post-32079 type-post status-publish format-standard has-post-thumbnail hentry category-film category-filmklassiker category-m-square-classics category-m-square-pictures category-news tag-alice-und-ellen-kessler tag-bruno-dietrich tag-curt-goetz tag-die-tote-von-beverly-hills tag-ernst-fritz-fuerbringer tag-filmklassiker tag-hansjuergen-pohland tag-heidelinde-weis tag-horst-frank tag-klausjuergen-wussow-m-square tag-m-square-classics tag-michael-pfleghar tag-peter-laregh tag-peter-schuette tag-wolfgang-neuss category-8 category-7004 category-5849 category-1046 category-13\" data-name=\"\u201eDie Tote von Beverly Hills\u201c von Michael Pfleghar (M-Square Classics) ab jetzt \u00fcberall erh\u00e4ltlich\" data-date=\"2019-07-26T01:00:21+00:00\">\n\n<div class=\"post-thumbnail-wrap\">\n\t<div class=\"post-thumbnail\">\n\t\t\n\t\t\n\t\t<a href=\"https:\/\/ucm.one\/de\/die-tote-von-beverly-hills-von-michael-pfleghar-m-square-classics-ab-jetzt-ueberall-erhaeltlich\/\" class=\"post-thumbnail-rollover layzr-bg layzr-bg\" ><img decoding=\"async\" class=\"iso-lazy-load preload-me iso-lazy-load aspect\" src=\"data:image\/svg+xml,%3Csvg%20xmlns%3D&#39;http%3A%2F%2Fwww.w3.org%2F2000%2Fsvg&#39;%20viewBox%3D&#39;0%200%20990%20309&#39;%2F%3E\" data-src=\"https:\/\/ucm.one\/wp-content\/uploads\/2019\/06\/Die-Tote-von-Beverly-Hills-06-990x309.jpg\" data-srcset=\"https:\/\/ucm.one\/wp-content\/uploads\/2019\/06\/Die-Tote-von-Beverly-Hills-06-990x309.jpg 990w, https:\/\/ucm.one\/wp-content\/uploads\/2019\/06\/Die-Tote-von-Beverly-Hills-06-1485x464.jpg 1485w\" loading=\"eager\" style=\"--ratio: 990 \/ 309\" sizes=\"(max-width: 990px) 100vw, 990px\" alt=\"\" title=\"Die Tote von Beverly Hills 06\" width=\"990\" height=\"309\"  \/><\/a>\t<\/div>\n<\/div>\n\n\n<div class=\"post-entry-content\">\n\n\t<h3 class=\"entry-title\">\n\t\t<a href=\"https:\/\/ucm.one\/de\/die-tote-von-beverly-hills-von-michael-pfleghar-m-square-classics-ab-jetzt-ueberall-erhaeltlich\/\" title=\"\u201eDie Tote von Beverly Hills\u201c von Michael Pfleghar (M-Square Classics) ab jetzt \u00fcberall erh\u00e4ltlich\" rel=\"bookmark\">\u201eDie Tote von Beverly Hills\u201c von Michael Pfleghar (M-Square Classics) ab jetzt \u00fcberall erh\u00e4ltlich<\/a>\n\t<\/h3>\n\n\t<div class=\"entry-meta\"><span class=\"category-link\"><a href=\"https:\/\/ucm.one\/de\/category\/news\/film\/\" >Film<\/a>, <a href=\"https:\/\/ucm.one\/de\/category\/news\/filmklassiker\/\" >Filmklassiker<\/a>, <a href=\"https:\/\/ucm.one\/de\/category\/news\/film\/m-square-pictures\/m-square-classics\/\" >M-Square Classics<\/a>, <a href=\"https:\/\/ucm.one\/de\/category\/news\/film\/m-square-pictures\/\" >M-Square Pictures<\/a>, <a href=\"https:\/\/ucm.one\/de\/category\/news\/\" >News<\/a><\/span><a class=\"author vcard\" href=\"\" title=\"Zeige alle Beitr\u00e4ge von Joachim Keil\" rel=\"author\">Von <span class=\"fn\">Joachim Keil<\/span><\/a><a href=\"https:\/\/ucm.one\/de\/2019\/07\/26\/\" title=\"01:00\" class=\"data-link\" rel=\"bookmark\"><time class=\"entry-date updated\" datetime=\"2019-07-26T01:00:21+00:00\">26. Juli 2019<\/time><\/a><\/div>\n\t<div class=\"entry-excerpt\"><p>[vc_row][vc_column width=&#8220;3\/4&#8243;][vc_column_text]Ab\u00a0heute ist die restaurierte Fassung des \u00b4Filmklassikers \u201eDie Tote von Beverly Hills\u201c (M-Square Clasics) als DVD auf den Markt. Der Film ist zudem auch bei allen einschl\u00e4gigen VoD-Portalen abrufbar. Der Film von TV-Showlegene Michael Pfleghar (\u201cW\u00fcnsch dir was\u201d, \u201cKlimbim\u201d) war 1964 der offizielle deutsche Beitrag bei den Filmfestspielen in Cannes und wurde als \u201ek\u00fcnstlerisch&hellip;<\/p>\n<\/div>\n\t\n<a href=\"https:\/\/ucm.one\/de\/die-tote-von-beverly-hills-von-michael-pfleghar-m-square-classics-ab-jetzt-ueberall-erhaeltlich\/\" class=\"post-details details-type-link\" aria-label=\"Read more about \u201eDie Tote von Beverly Hills\u201c von Michael Pfleghar (M-Square Classics) ab jetzt \u00fcberall erh\u00e4ltlich\">Mehr lesen<i class=\"dt-icon-the7-arrow-03\" aria-hidden=\"true\"><\/i><\/a>\n\n<\/div><\/article><\/div><div class=\"visible wf-cell\" data-post-id=\"31231\" data-date=\"2019-06-24T13:08:12+00:00\" data-name=\"Digital restaurierte Version von \u201eDie Tote von Beverly Hills\u201c (M-Square Classics) ab 26. Juli erh\u00e4ltlich\"><article class=\"post project-odd visible post-31231 type-post status-publish format-standard has-post-thumbnail hentry category-film category-filmklassiker category-m-square-classics category-m-square-pictures category-news tag-annie-giss tag-barbara-lass tag-die-tote-von-beverly-hills tag-filmklassiker tag-hansjuergen-pohland tag-heidelinde-weis tag-hellmut-lange tag-m-square tag-m-square-classics tag-michael-pfleghar tag-mimmo-palmara tag-tony-kendall tag-wolfgang-neuss category-8 category-7004 category-5849 category-1046 category-13\" data-name=\"Digital restaurierte Version von \u201eDie Tote von Beverly Hills\u201c (M-Square Classics) ab 26. Juli erh\u00e4ltlich\" data-date=\"2019-06-24T13:08:12+00:00\">\n\n<div class=\"post-thumbnail-wrap\">\n\t<div class=\"post-thumbnail\">\n\t\t\n\t\t\n\t\t<a href=\"https:\/\/ucm.one\/de\/digital-restaurierte-version-von-die-tote-von-beverly-hills-m-square-classics-ab-26-juli-erhaeltlich\/\" class=\"post-thumbnail-rollover layzr-bg layzr-bg\" ><img decoding=\"async\" class=\"iso-lazy-load preload-me iso-lazy-load aspect\" src=\"data:image\/svg+xml,%3Csvg%20xmlns%3D&#39;http%3A%2F%2Fwww.w3.org%2F2000%2Fsvg&#39;%20viewBox%3D&#39;0%200%20990%20309&#39;%2F%3E\" data-src=\"https:\/\/ucm.one\/wp-content\/uploads\/2019\/04\/Die-Tote-vob-Beverly-Hills-Banner-990x309.jpg\" data-srcset=\"https:\/\/ucm.one\/wp-content\/uploads\/2019\/04\/Die-Tote-vob-Beverly-Hills-Banner-990x309.jpg 990w, https:\/\/ucm.one\/wp-content\/uploads\/2019\/04\/Die-Tote-vob-Beverly-Hills-Banner-1485x464.jpg 1485w\" loading=\"eager\" style=\"--ratio: 990 \/ 309\" sizes=\"(max-width: 990px) 100vw, 990px\" alt=\"\" title=\"Die Tote vob Beverly Hills &#8211; Banner\" width=\"990\" height=\"309\"  \/><\/a>\t<\/div>\n<\/div>\n\n\n<div class=\"post-entry-content\">\n\n\t<h3 class=\"entry-title\">\n\t\t<a href=\"https:\/\/ucm.one\/de\/digital-restaurierte-version-von-die-tote-von-beverly-hills-m-square-classics-ab-26-juli-erhaeltlich\/\" title=\"Digital restaurierte Version von \u201eDie Tote von Beverly Hills\u201c (M-Square Classics) ab 26. Juli erh\u00e4ltlich\" rel=\"bookmark\">Digital restaurierte Version von \u201eDie Tote von Beverly Hills\u201c (M-Square Classics) ab 26. Juli erh\u00e4ltlich<\/a>\n\t<\/h3>\n\n\t<div class=\"entry-meta\"><span class=\"category-link\"><a href=\"https:\/\/ucm.one\/de\/category\/news\/film\/\" >Film<\/a>, <a href=\"https:\/\/ucm.one\/de\/category\/news\/filmklassiker\/\" >Filmklassiker<\/a>, <a href=\"https:\/\/ucm.one\/de\/category\/news\/film\/m-square-pictures\/m-square-classics\/\" >M-Square Classics<\/a>, <a href=\"https:\/\/ucm.one\/de\/category\/news\/film\/m-square-pictures\/\" >M-Square Pictures<\/a>, <a href=\"https:\/\/ucm.one\/de\/category\/news\/\" >News<\/a><\/span><a class=\"author vcard\" href=\"\" title=\"Zeige alle Beitr\u00e4ge von Joachim Keil\" rel=\"author\">Von <span class=\"fn\">Joachim Keil<\/span><\/a><a href=\"https:\/\/ucm.one\/de\/2019\/06\/24\/\" title=\"13:08\" class=\"data-link\" rel=\"bookmark\"><time class=\"entry-date updated\" datetime=\"2019-06-24T13:08:12+00:00\">24. Juni 2019<\/time><\/a><\/div>\n\t<div class=\"entry-excerpt\"><p>[vc_row][vc_column][vc_column_text]UCM.ONE und moviemax bringen am 26. Juli 2019 eine in HD digital restaurierte Version des deutschen Filmklassikers \u201eDie Tote von Beverly Hills\u201c (M-Square Clasics) als DVD auf den Markt. Der Film von TV-Showlegene Michael Pfleghar (&#8222;W\u00fcnsch dir was&#8220;, &#8222;Klimbim&#8220;) war 1964 der offizielle deutsche Beitrag bei den Filmfestspielen in Cannes und wurde als \u201ek\u00fcnstlerisch wertvollster&hellip;<\/p>\n<\/div>\n\t\n<a href=\"https:\/\/ucm.one\/de\/digital-restaurierte-version-von-die-tote-von-beverly-hills-m-square-classics-ab-26-juli-erhaeltlich\/\" class=\"post-details details-type-link\" aria-label=\"Read more about Digital restaurierte Version von \u201eDie Tote von Beverly Hills\u201c (M-Square Classics) ab 26. Juli erh\u00e4ltlich\">Mehr lesen<i class=\"dt-icon-the7-arrow-03\" aria-hidden=\"true\"><\/i><\/a>\n\n<\/div><\/article><\/div><\/div><!-- iso-container|iso-grid --><\/div>[vc_empty_space height=&#8220;50px&#8220;][vc_separator color=&#8220;blue&#8220;][\/vc_column][\/vc_row][vc_row css=&#8220;.vc_custom_1518458873891{margin-top: 65px !important;}&#8220;][vc_column width=&#8220;1\/4&#8243;][vc_btn title=&#8220;M-Square Classics&#8220; style=&#8220;flat&#8220; size=&#8220;lg&#8220; align=&#8220;center&#8220; i_icon_fontawesome=&#8220;fas fa-arrow-right&#8220; button_block=&#8220;true&#8220; add_icon=&#8220;true&#8220; link=&#8220;url:%2Fde%2Ffilm-labels%2Fm-square-pictures%2F%23m-square-classics|title:M-Square%20Classics||&#8220;][\/vc_column][vc_column width=&#8220;1\/4&#8243;][vc_btn title=&#8220;Filmportal&#8220; style=&#8220;flat&#8220; color=&#8220;blue&#8220; size=&#8220;lg&#8220; align=&#8220;center&#8220; i_icon_fontawesome=&#8220;fas fa-film&#8220; button_block=&#8220;true&#8220; add_icon=&#8220;true&#8220; link=&#8220;url:https%3A%2F%2Fwww.filmportal.de%2Ffilm%2Fserenade-fuer-zwei-spione_96f593e4d73b4efb8422e515ee317f99|title:Serenade%20f%C3%BCr%20zwei%20Spione|target:_blank&#8220;][\/vc_column][vc_column width=&#8220;1\/4&#8243;][vc_btn title=&#8220;IMDb&#8220; style=&#8220;flat&#8220; color=&#8220;blue&#8220; size=&#8220;lg&#8220; align=&#8220;center&#8220; i_icon_fontawesome=&#8220;fab fa-imdb&#8220; button_block=&#8220;true&#8220; add_icon=&#8220;true&#8220; link=&#8220;url:https%3A%2F%2Fwww.imdb.com%2Ftitle%2Ftt0059703|title:Serenade%20f%C3%BCr%20zwei%20Spione|target:_blank&#8220;][\/vc_column][vc_column width=&#8220;1\/4&#8243;][vc_btn title=&#8220;Wikipedia&#8220; style=&#8220;flat&#8220; color=&#8220;blue&#8220; size=&#8220;lg&#8220; align=&#8220;center&#8220; i_icon_fontawesome=&#8220;fab fa-wikipedia-w&#8220; button_block=&#8220;true&#8220; add_icon=&#8220;true&#8220; link=&#8220;url:https%3A%2F%2Fde.wikipedia.org%2Fwiki%2FSerenade_f%25C3%25BCr_zwei_Spione|title:Wikipedia|target:_blank&#8220;][\/vc_column][\/vc_row][vc_row content_placement=&#8220;middle&#8220; bg_type=&#8220;grad&#8220; ult_hide_row=&#8220;ult_hide_row_value&#8220; ult_hide_row_large_screen=&#8220;large_screen&#8220; ult_hide_row_desktop=&#8220;desktop&#8220; css=&#8220;.vc_custom_1518701755537{margin-top: 0px !important;padding-top: -50px !important;}&#8220; bg_grad=&#8220;background: -webkit-gradient(linear, left top, left bottom, color-stop(0%, #E3E3E3), color-stop(0%, #FFFFFF), color-stop(6%, #FFFFFF), color-stop(7%, #FFFFFF), color-stop(50%, #FFFFFF));background: -moz-linear-gradient(top,#E3E3E3 0%,#FFFFFF 0%,#FFFFFF 6%,#FFFFFF 7%,#FFFFFF 50%);background: -webkit-linear-gradient(top,#E3E3E3 0%,#FFFFFF 0%,#FFFFFF 6%,#FFFFFF 7%,#FFFFFF 50%);background: -o-linear-gradient(top,#E3E3E3 0%,#FFFFFF 0%,#FFFFFF 6%,#FFFFFF 7%,#FFFFFF 50%);background: -ms-linear-gradient(top,#E3E3E3 0%,#FFFFFF 0%,#FFFFFF 6%,#FFFFFF 7%,#FFFFFF 50%);background: linear-gradient(top,#E3E3E3 0%,#FFFFFF 0%,#FFFFFF 6%,#FFFFFF 7%,#FFFFFF 50%);&#8220;][vc_column][vc_btn title=&#8220;Kontakt&#8220; style=&#8220;flat&#8220; color=&#8220;primary&#8220; size=&#8220;lg&#8220; align=&#8220;center&#8220; i_icon_fontawesome=&#8220;far fa-envelope&#8220; button_block=&#8220;true&#8220; add_icon=&#8220;true&#8220; link=&#8220;url:https%3A%2F%2Fucm.one%2Fde%2Ffirma%2Fkontakt%2F|title:Kontakt&#8220;][\/vc_column][\/vc_row]<\/p>\n<\/div>","protected":false},"excerpt":{"rendered":"<p>[vc_row css=&#8220;.vc_custom_1561374765584{margin-top: 20px !important;}&#8220;][vc_column width=&#8220;3\/4&#8243; css=&#8220;.vc_custom_1561378576831{padding-right: 30px !important;}&#8220;][vc_column_text] Serenade f\u00fcr zwei Spione [\/vc_column_text][vc_column_text]&#8220;Serenade f\u00fcr zwei Spione&#8220; ist ein verschmitzter Kniefall vor dem Genre-Kino und vor einer intellektuell-entspannten Rezeption desselbigen, ein Kniefall vor einem Kino, wie es in Deutschland nie Tradition gewesen ist und tragischer Weise nie sein wird, vollzogen mit solcher Inbrunst, dass er diesen&hellip;<\/p>\n","protected":false},"author":2,"featured_media":44606,"parent":0,"menu_order":2,"comment_status":"closed","ping_status":"closed","template":"","meta":{"_acf_changed":false,"footnotes":""},"class_list":["post-44554","page","type-page","status-publish","has-post-thumbnail","hentry","description-off"],"acf":[],"yoast_head":"<!-- This site is optimized with the Yoast SEO plugin v27.5 - https:\/\/yoast.com\/product\/yoast-seo-wordpress\/ -->\n<title>Serenade f\u00fcr zwei Spione (1965) von Michael Pfleghar | M-Square Classics - UCM.ONE<\/title>\n<meta name=\"description\" content=\"&quot;Serenade f\u00fcr zwei Spione&quot; ist ein verschmitzter Kniefall vor dem Genre-Kino und vor einer intellektuell-entspannten Rezeption desselbigen.\" \/>\n<meta name=\"robots\" content=\"index, follow, max-snippet:-1, max-image-preview:large, max-video-preview:-1\" \/>\n<link rel=\"canonical\" href=\"https:\/\/ucm.one\/de\/serenade-fuer-zwei-spione\/\" \/>\n<meta property=\"og:locale\" content=\"de_DE\" \/>\n<meta property=\"og:type\" content=\"article\" \/>\n<meta property=\"og:title\" content=\"Serenade f\u00fcr zwei Spione (1965) von Michael Pfleghar | M-Square Classics - UCM.ONE\" \/>\n<meta property=\"og:description\" content=\"&quot;Serenade f\u00fcr zwei Spione&quot; ist ein verschmitzter Kniefall vor dem Genre-Kino und vor einer intellektuell-entspannten Rezeption desselbigen.\" \/>\n<meta property=\"og:url\" content=\"https:\/\/ucm.one\/de\/serenade-fuer-zwei-spione\/\" \/>\n<meta property=\"og:site_name\" content=\"UCM.ONE\" \/>\n<meta property=\"article:modified_time\" content=\"2023-04-01T15:01:38+00:00\" \/>\n<meta property=\"og:image\" content=\"https:\/\/ucm.one\/wp-content\/uploads\/2020\/09\/B-Serenade-fur-2-Spione-Banner.jpg\" \/>\n\t<meta property=\"og:image:width\" content=\"1920\" \/>\n\t<meta property=\"og:image:height\" content=\"600\" \/>\n\t<meta property=\"og:image:type\" content=\"image\/jpeg\" \/>\n<meta name=\"twitter:card\" content=\"summary_large_image\" \/>\n<meta name=\"twitter:label1\" content=\"Gesch\u00e4tzte Lesezeit\" \/>\n\t<meta name=\"twitter:data1\" content=\"17\u00a0Minuten\" \/>\n<!-- \/ Yoast SEO plugin. -->","yoast_head_json":{"title":"Serenade f\u00fcr zwei Spione (1965) von Michael Pfleghar | M-Square Classics - UCM.ONE","description":"\"Serenade f\u00fcr zwei Spione\" ist ein verschmitzter Kniefall vor dem Genre-Kino und vor einer intellektuell-entspannten Rezeption desselbigen.","robots":{"index":"index","follow":"follow","max-snippet":"max-snippet:-1","max-image-preview":"max-image-preview:large","max-video-preview":"max-video-preview:-1"},"canonical":"https:\/\/ucm.one\/de\/serenade-fuer-zwei-spione\/","og_locale":"de_DE","og_type":"article","og_title":"Serenade f\u00fcr zwei Spione (1965) von Michael Pfleghar | M-Square Classics - UCM.ONE","og_description":"\"Serenade f\u00fcr zwei Spione\" ist ein verschmitzter Kniefall vor dem Genre-Kino und vor einer intellektuell-entspannten Rezeption desselbigen.","og_url":"https:\/\/ucm.one\/de\/serenade-fuer-zwei-spione\/","og_site_name":"UCM.ONE","article_modified_time":"2023-04-01T15:01:38+00:00","og_image":[{"width":1920,"height":600,"url":"https:\/\/ucm.one\/wp-content\/uploads\/2020\/09\/B-Serenade-fur-2-Spione-Banner.jpg","type":"image\/jpeg"}],"twitter_card":"summary_large_image","twitter_misc":{"Gesch\u00e4tzte Lesezeit":"17\u00a0Minuten"},"schema":{"@context":"https:\/\/schema.org","@graph":[{"@type":"WebPage","@id":"https:\/\/ucm.one\/de\/serenade-fuer-zwei-spione\/","url":"https:\/\/ucm.one\/de\/serenade-fuer-zwei-spione\/","name":"Serenade f\u00fcr zwei Spione (1965) von Michael Pfleghar | M-Square Classics - UCM.ONE","isPartOf":{"@id":"https:\/\/ucm.one\/de\/#website"},"primaryImageOfPage":{"@id":"https:\/\/ucm.one\/de\/serenade-fuer-zwei-spione\/#primaryimage"},"image":{"@id":"https:\/\/ucm.one\/de\/serenade-fuer-zwei-spione\/#primaryimage"},"thumbnailUrl":"https:\/\/ucm.one\/wp-content\/uploads\/2020\/09\/B-Serenade-fur-2-Spione-Banner.jpg","datePublished":"2020-09-12T21:18:06+00:00","dateModified":"2023-04-01T15:01:38+00:00","description":"\"Serenade f\u00fcr zwei Spione\" ist ein verschmitzter Kniefall vor dem Genre-Kino und vor einer intellektuell-entspannten Rezeption desselbigen.","breadcrumb":{"@id":"https:\/\/ucm.one\/de\/serenade-fuer-zwei-spione\/#breadcrumb"},"inLanguage":"de","potentialAction":[{"@type":"ReadAction","target":["https:\/\/ucm.one\/de\/serenade-fuer-zwei-spione\/"]}]},{"@type":"ImageObject","inLanguage":"de","@id":"https:\/\/ucm.one\/de\/serenade-fuer-zwei-spione\/#primaryimage","url":"https:\/\/ucm.one\/wp-content\/uploads\/2020\/09\/B-Serenade-fur-2-Spione-Banner.jpg","contentUrl":"https:\/\/ucm.one\/wp-content\/uploads\/2020\/09\/B-Serenade-fur-2-Spione-Banner.jpg","width":1920,"height":600},{"@type":"BreadcrumbList","@id":"https:\/\/ucm.one\/de\/serenade-fuer-zwei-spione\/#breadcrumb","itemListElement":[{"@type":"ListItem","position":1,"name":"Home","item":"https:\/\/ucm.one\/de\/"},{"@type":"ListItem","position":2,"name":"Serenade f\u00fcr zwei Spione (1965) von Michael Pfleghar | M-Square Classics"}]},{"@type":"WebSite","@id":"https:\/\/ucm.one\/de\/#website","url":"https:\/\/ucm.one\/de\/","name":"UCM.ONE","description":"","publisher":{"@id":"https:\/\/ucm.one\/de\/#organization"},"potentialAction":[{"@type":"SearchAction","target":{"@type":"EntryPoint","urlTemplate":"https:\/\/ucm.one\/de\/?s={search_term_string}"},"query-input":{"@type":"PropertyValueSpecification","valueRequired":true,"valueName":"search_term_string"}}],"inLanguage":"de"},{"@type":"Organization","@id":"https:\/\/ucm.one\/de\/#organization","name":"UCM.ONE","url":"https:\/\/ucm.one\/de\/","logo":{"@type":"ImageObject","inLanguage":"de","@id":"https:\/\/ucm.one\/de\/#\/schema\/logo\/image\/","url":"https:\/\/ucm.one\/wp-content\/uploads\/2019\/10\/UCM.ONE-Logo-RGB.svg","contentUrl":"https:\/\/ucm.one\/wp-content\/uploads\/2019\/10\/UCM.ONE-Logo-RGB.svg","width":1,"height":1,"caption":"UCM.ONE"},"image":{"@id":"https:\/\/ucm.one\/de\/#\/schema\/logo\/image\/"}}]}},"_links":{"self":[{"href":"https:\/\/ucm.one\/de\/wp-json\/wp\/v2\/pages\/44554","targetHints":{"allow":["GET"]}}],"collection":[{"href":"https:\/\/ucm.one\/de\/wp-json\/wp\/v2\/pages"}],"about":[{"href":"https:\/\/ucm.one\/de\/wp-json\/wp\/v2\/types\/page"}],"author":[{"embeddable":true,"href":"https:\/\/ucm.one\/de\/wp-json\/wp\/v2\/users\/2"}],"replies":[{"embeddable":true,"href":"https:\/\/ucm.one\/de\/wp-json\/wp\/v2\/comments?post=44554"}],"version-history":[{"count":0,"href":"https:\/\/ucm.one\/de\/wp-json\/wp\/v2\/pages\/44554\/revisions"}],"wp:featuredmedia":[{"embeddable":true,"href":"https:\/\/ucm.one\/de\/wp-json\/wp\/v2\/media\/44606"}],"wp:attachment":[{"href":"https:\/\/ucm.one\/de\/wp-json\/wp\/v2\/media?parent=44554"}],"curies":[{"name":"wp","href":"https:\/\/api.w.org\/{rel}","templated":true}]}}