{"id":411362,"date":"2025-10-28T08:04:58","date_gmt":"2025-10-28T08:04:58","guid":{"rendered":"https:\/\/ucm.one\/?page_id=411362"},"modified":"2025-11-22T15:18:54","modified_gmt":"2025-11-22T15:18:54","slug":"kinostarts-2024","status":"publish","type":"page","link":"https:\/\/ucm.one\/de\/kinoverleih\/kinostarts-2024\/","title":{"rendered":"Kinostarts (2024)"},"content":{"rendered":"<div class=\"wpb-content-wrapper\"><p>[vc_row css=&#8220;.vc_custom_1691100252572{margin-bottom: 20px !important;}&#8220;][vc_column][vc_column_text css=&#8220;&#8220;]<\/p>\n<h1>Kinostarts (2024)<\/h1>\n<p>[\/vc_column_text][vc_column_text]Die meisten Filme werden f\u00fcr die gro\u00dfen Leinw\u00e4nde der Kinos produziert. Daher steht bei <strong><span style=\"font-family: 'arial black', sans-serif;\">UCM.ONE<\/span><\/strong> f\u00fcr diese Filme an erster Stelle der Kinostart im Vordergrund. Als Kinoliebhaber m\u00f6chten wir dieser Tatsache Tribut zollen und betreiben deshalb in Berlin einen eigenen Kinoverleih.[\/vc_column_text][vc_column_text css=&#8220;&#8220; el_id=&#8220;the-art-of-destruction&#8220;]Folgende Filme k\u00f6nnen ab dem angegebenen Kinostart-Termin (bzw. k\u00f6nnen seitdem) in ausgew\u00e4hlten Kinos angesehen werden:[\/vc_column_text][\/vc_column][\/vc_row][vc_row el_id=&#8220;martin-liest-den-koran&#8220; css=&#8220;.vc_custom_1763809468306{margin-top: 20px !important;}&#8220;][vc_column width=&#8220;1\/4&#8243; offset=&#8220;vc_col-lg-offset-0 vc_col-md-offset-0 vc_col-sm-offset-0&#8243;][vc_single_image image=&#8220;107836&#8243; img_size=&#8220;full&#8220; onclick=&#8220;link_image&#8220; css=&#8220;&#8220;][\/vc_column][vc_column width=&#8220;3\/4&#8243;][vc_column_text css=&#8220;&#8220;]<\/p>\n<h2>Martin liest den Koran<\/h2>\n<h3>von Jurijs Saule<\/h3>\n<div class=\"wpb_text_column wpb_content_element \">\n<div class=\"wpb_wrapper\">\n<div class=\"wpb_text_column wpb_content_element \">\n<div class=\"wpb_wrapper\">\n<div class=\"wpb_text_column wpb_content_element \">\n<p style=\"font-weight: 400;\">Martin ist ein 35 Jahre alter Familienvater mit iranischen Wurzeln, der erst seit einem Jahr den Islam studiert. Er besucht Professor Neuweiser, einen Professor f\u00fcr Islamwissenschaft, um ihm von seinem aufregenden Terroranschlag zu erz\u00e4hlen, den er heute Morgen initiiert hat. Martin ist verwirrt, wenn man Terroristen kritisiert, denn er glaubt, sie w\u00fcrden nur das befolgen, was im Koran steht. Oder kann Professor Neuweiser Martin eine Passage zeigen, die eindeutig verbietet, Menschen mit Bomben zu t\u00f6ten? Wenn nicht, wird Martins Bombe folgerichtig viele Menschen t\u00f6ten. Dem Professor bleibt keine andere Waffe als der Koran selbst, das Wort Gottes, um zu beweisen, dass Gewalt verboten ist.<\/p>\n<p style=\"font-weight: 400;\">Aber hat Martin den Professor wirklich nur aufgesucht, um den Rat eines \u201eweisen Mannes\u201c einzuholen oder verbirgt sich etwas anderes hinter dem unangek\u00fcndigten Besuch? Martin selbst ist den ganzen Film \u00fcber das gro\u00dfe R\u00e4tsel, das sich erst am Ende in seiner ganzen emotionalen Tiefe entfaltet \u2013 um schlie\u00dflich in den Herzen der Zuschauer zu detonieren.<\/p>\n<h3>Kinostart: 07. November 2024<\/h3>\n<\/div>\n<\/div>\n<\/div>\n<\/div>\n<\/div>\n<p>[\/vc_column_text][\/vc_column][vc_column][vc_row_inner css=&#8220;.vc_custom_1603814225076{padding-top: 0px !important;}&#8220;][vc_column_inner width=&#8220;4\/6&#8243;][vc_column_text css=&#8220;&#8220;]Artkeim\u00b2 | 2023 | Drama, Thriller | Deutschland | Original Titel: <a href=\"https:\/\/ucm.one\/de\/martin-liest-den-koran\/\">Martin liest den Koran<\/a> | Englischer Titel: Martin Reads the Quran | Franz\u00f6sischer Titel: Martin lee el Cor\u00e1n[\/vc_column_text][\/vc_column_inner][vc_column_inner width=&#8220;1\/6&#8243;][vc_btn title=&#8220;Presse Materialien&#8220; size=&#8220;xs&#8220; align=&#8220;center&#8220; i_icon_fontawesome=&#8220;fas fa-download&#8220; css=&#8220;&#8220; button_block=&#8220;true&#8220; add_icon=&#8220;true&#8220; link=&#8220;url:https%3A%2F%2Fwww.ucm.one%2Fpresse%2Fak_martin-liest-den-koran_presskit-de.zip|title:Martin%20liest%20den%20Koran%20Pressematerial|rel:nofollow&#8220;][\/vc_column_inner][vc_column_inner width=&#8220;1\/6&#8243;][vc_btn title=&#8220;DCP Trailer&#8220; size=&#8220;xs&#8220; align=&#8220;center&#8220; i_icon_fontawesome=&#8220;&#8220; css=&#8220;&#8220; button_block=&#8220;true&#8220; add_icon=&#8220;true&#8220; link=&#8220;url:https%3A%2F%2Fwww.dropbox.com%2Fscl%2Ffo%2Fdveow132j81pamoo01uik%2FAOb5XjlaZnQP9S704cgqBmI%3Frlkey%3Dksam4erdeglkos48kc6gt1clz%26st%3Dk93g3hqo%26dl%3D0|target:_blank|rel:nofollow&#8220;][\/vc_column_inner][\/vc_row_inner][vc_tta_accordion style=&#8220;modern&#8220; shape=&#8220;square&#8220; c_icon=&#8220;chevron&#8220; active_section=&#8220;33&#8243; no_fill=&#8220;true&#8220; collapsible_all=&#8220;true&#8220;][vc_tta_section title=&#8220;Weitere Informationen&#8220; tab_id=&#8220;1738856071927-050a9d0e-1455&#8243;][vc_column_text css=&#8220;&#8220;]<\/p>\n<div class=\"wpb_text_column wpb_content_element \">\n<div class=\"wpb_wrapper\">\n<div class=\"wpb_text_column wpb_content_element \">\n<div class=\"wpb_wrapper\">\n<div class=\"wpb_text_column wpb_content_element \">\n<div class=\"wpb_wrapper\">\n<div class=\"wpb_text_column wpb_content_element \">\n<div class=\"wpb_wrapper\">\n<div class=\"wpb_text_column wpb_content_element \">\n<div class=\"wpb_wrapper\">\n<div class=\"wpb_text_column wpb_content_element \">\n<div class=\"wpb_wrapper\">\n<p><strong>Titel:<\/strong> Martin liest den Koran<\/p>\n<p><strong>Regie:<\/strong> Jurijs Saule<\/p>\n<p><strong>Drehbuch:<\/strong> Michail Lurje, Jurijs Saule<\/p>\n<p><strong>Produzenten:<\/strong> Jurijs Saule, Michail Lurje<\/p>\n<p><strong>Ausf\u00fchrende Produzentin:<\/strong> Julia Rovnik<\/p>\n<p><strong>Darstellende:<\/strong> Ulrich Tukur (Prof. Dr. Neuweiser), Zejhun Demirov (Martin Harirat), Sarah Sandeh (Aliyah Harirat), Alissia Krupsky (Jannetta Harirat), Prince Chughtai (Fahid Amrosi)<\/p>\n<p><strong>Kamera:<\/strong> Arsenij Gusev<\/p>\n<p><strong>Schnitt:<\/strong> Jurijs Saule<\/p>\n<p><strong>Schnittassistent:innen<\/strong>: Camilo Correa Costa, Mascha Kokina<\/p>\n<p><strong>Ton:<\/strong> Michael Kaczmarek (Re-Recording Mixer) Adrian Lo (Re-Recording Mixer \/ Sound Design), Jonas Vicent (Aufnahme\/ Dialog Editor \/ Foley Artist)<\/p>\n<p><strong>Musik:<\/strong> Raphael Schalz<\/p>\n<p><strong>Genres:<\/strong> Drama, Thriller<\/p>\n<p>&nbsp;<\/p>\n<p><strong>Produktionsfirma:<\/strong> Blobel Film<\/p>\n<p><strong>Produktionsland:<\/strong> Deutschland<\/p>\n<p><strong>Produktionsjahr<\/strong>: 2024<\/p>\n<p><strong>Sprachen:<\/strong> deutsch<\/p>\n<p><strong>Untertitel:<\/strong> englisch, deutsch (Teil-UT)<\/p>\n<p><strong>FSK:<\/strong> 16 (Deskriptoren: \u00a0Gewalt, Verletzung)<\/p>\n<p><strong>L\u00e4nge:<\/strong> 107 Minuten<\/p>\n<p><strong>Bildformat:<\/strong> 1,5:1<\/p>\n<p><strong>Aufl\u00f6sung: <\/strong>3240\u00d72160 (1620\u00d71080)<\/p>\n<p><strong>Ton:<\/strong> 5.1 (DCP)<\/p>\n<\/div>\n<\/div>\n<div class=\"vc_separator wpb_content_element vc_separator_align_center vc_sep_width_100 vc_sep_pos_align_center vc_separator_no_text wpb_content_element wpb_content_element\"><\/div>\n<div class=\"wpb_text_column wpb_content_element \">\n<div class=\"wpb_wrapper\">\n<p><b>Premiere:<\/b><\/p>\n<p>58. Internationale Hofer Filmtage 2024, Deutschland<\/p>\n<\/div>\n<\/div>\n<div class=\"vc_separator wpb_content_element vc_separator_align_center vc_sep_width_100 vc_sep_pos_align_center vc_separator_no_text wpb_content_element wpb_content_element\"><\/div>\n<div class=\"wpb_text_column wpb_content_element \">\n<div class=\"wpb_wrapper\">\n<p><em>Weitere Titel:<\/em><\/p>\n<p><strong>Englisch:<\/strong> Martin Reads the Quran<\/p>\n<p><strong>Spanisch<\/strong>: <span class=\"ipc-metadata-list-item__list-content-item\" aria-disabled=\"false\">Martin lee el Cor\u00e1n<\/span><\/p>\n<\/div>\n<\/div>\n<div class=\"vc_separator wpb_content_element vc_separator_align_center vc_sep_width_100 vc_sep_pos_align_center vc_separator_no_text wpb_content_element wpb_content_element\"><\/div>\n<div class=\"wpb_text_column wpb_content_element \">\n<div class=\"wpb_wrapper\">\n<p><strong>Filmlabel:<\/strong> Artkeim\u00b2<\/p>\n<p><strong>Verleih:<\/strong> <strong>UCM.ONE<\/strong><\/p>\n<p><strong>Kinostart: <\/strong>07. November 2024<\/p>\n<\/div>\n<\/div>\n<div class=\"vc_separator wpb_content_element vc_separator_align_center vc_sep_width_100 vc_sep_pos_align_center vc_separator_no_text wpb_content_element wpb_content_element\"><\/div>\n<\/div>\n<\/div>\n<\/div>\n<\/div>\n<\/div>\n<div><div class=\"gap\" style=\"line-height: 40px; height: 40px;\"><\/div><\/div>\n<div class=\"vc_separator wpb_content_element vc_separator_align_center vc_sep_width_100 vc_sep_pos_align_center vc_separator_no_text wpb_content_element wpb_content_element\">Alle Informationen \u00fcber den Film: \u00a0<a href=\"https:\/\/ucm.one\/de\/martin-liest-den-koran\/\">Martin liest den Koran<\/a><\/div>\n<div><div class=\"gap\" style=\"line-height: 20px; height: 20px;\"><\/div><\/div>\n<div><\/div>\n<\/div>\n<\/div>\n<\/div>\n<\/div>\n<\/div>\n<p>[\/vc_column_text][\/vc_tta_section][vc_tta_section title=&#8220;Trailer 1&#8243; tab_id=&#8220;1738856072022-f5f6563b-21f3&#8243;][vc_video link=&#8220;https:\/\/youtu.be\/nNMy3hSnTcE&#8220; align=&#8220;center&#8220; css=&#8220;&#8220;][\/vc_tta_section][vc_tta_section title=&#8220;Trailer 2&#8243; tab_id=&#8220;1738856072117-a533fe03-d1c8&#8243;][vc_video link=&#8220;https:\/\/www.youtube.com\/watch?v=_acoFhXBYuw&#8220; align=&#8220;center&#8220; css=&#8220;&#8220;][\/vc_tta_section][vc_tta_section title=&#8220;Neuigkeiten&#8220; tab_id=&#8220;1738856072210-66ea3db6-de62&#8243;]<style type=\"text\/css\" data-type=\"the7_shortcodes-inline-css\">.blog-shortcode.blog-masonry-shortcode-id-0ef6b6fec756e3f45347147d0b814e35.content-bg-on.classic-layout-list article {\n  background: #e6e6e6;\n  box-shadow: none;\n}\n.blog-shortcode.blog-masonry-shortcode-id-0ef6b6fec756e3f45347147d0b814e35.dividers-on.classic-layout-list article {\n  padding-top: 0;\n}\n.blog-shortcode.blog-masonry-shortcode-id-0ef6b6fec756e3f45347147d0b814e35.dividers-on.classic-layout-list article:first-of-type {\n  margin-top: 0;\n  padding-top: 0;\n}\n.blog-shortcode.blog-masonry-shortcode-id-0ef6b6fec756e3f45347147d0b814e35.classic-layout-list.mode-list .post-entry-content {\n  width: calc(100% - );\n}\n.blog-shortcode.blog-masonry-shortcode-id-0ef6b6fec756e3f45347147d0b814e35.classic-layout-list.mode-list .no-img .post-entry-content {\n  width: 100%;\n}\n.blog-shortcode.blog-masonry-shortcode-id-0ef6b6fec756e3f45347147d0b814e35 .filter-bg-decoration .filter-categories a.act {\n  color: #fff;\n}\n.blog-shortcode.blog-masonry-shortcode-id-0ef6b6fec756e3f45347147d0b814e35:not(.mode-masonry) article:first-of-type,\n.blog-shortcode.blog-masonry-shortcode-id-0ef6b6fec756e3f45347147d0b814e35:not(.mode-masonry) article.visible.first:not(.product) {\n  margin-top: 0;\n}\n.blog-shortcode.blog-masonry-shortcode-id-0ef6b6fec756e3f45347147d0b814e35.dividers-on:not(.mode-masonry) article {\n  margin-top: 0;\n}\n.blog-shortcode.blog-masonry-shortcode-id-0ef6b6fec756e3f45347147d0b814e35.dividers-on:not(.mode-masonry) article:first-of-type,\n.blog-shortcode.blog-masonry-shortcode-id-0ef6b6fec756e3f45347147d0b814e35.dividers-on:not(.mode-masonry) article.visible.first:not(.product) {\n  margin-top: 0;\n  padding-top: 0;\n}\n.blog-shortcode.blog-masonry-shortcode-id-0ef6b6fec756e3f45347147d0b814e35 .post-thumbnail-wrap {\n  padding: 0px 0px 0px 0px;\n}\n.blog-shortcode.blog-masonry-shortcode-id-0ef6b6fec756e3f45347147d0b814e35.enable-bg-rollover .post-thumbnail-rollover:after {\n  background: -webkit-linear-gradient();\n  background: linear-gradient();\n}\n.blog-shortcode.blog-masonry-shortcode-id-0ef6b6fec756e3f45347147d0b814e35 .gallery-zoom-ico {\n  width: 44px;\n  height: 44px;\n  line-height: 44px;\n  border-radius: 100px;\n  margin: -22px 0 0 -22px;\n  border-width: 0px;\n  color: #ffffff;\n}\n.bottom-overlap-layout-list.blog-shortcode.blog-masonry-shortcode-id-0ef6b6fec756e3f45347147d0b814e35 .gallery-zoom-ico {\n  margin-top: -72px;\n}\n.gradient-overlay-layout-list.blog-shortcode.blog-masonry-shortcode-id-0ef6b6fec756e3f45347147d0b814e35 .gallery-zoom-ico,\n.content-rollover-layout-list.blog-shortcode.blog-masonry-shortcode-id-0ef6b6fec756e3f45347147d0b814e35 .gallery-zoom-ico {\n  margin: 0 0 10px;\n}\n.content-align-center.gradient-overlay-layout-list.blog-shortcode.blog-masonry-shortcode-id-0ef6b6fec756e3f45347147d0b814e35 .gallery-zoom-ico,\n.content-align-center.content-rollover-layout-list.blog-shortcode.blog-masonry-shortcode-id-0ef6b6fec756e3f45347147d0b814e35 .gallery-zoom-ico {\n  margin: 0 auto 10px;\n}\n.dt-icon-bg-on.blog-shortcode.blog-masonry-shortcode-id-0ef6b6fec756e3f45347147d0b814e35 .gallery-zoom-ico {\n  background: rgba(255,255,255,0.3);\n  box-shadow: none;\n}\n.blog-shortcode.blog-masonry-shortcode-id-0ef6b6fec756e3f45347147d0b814e35 .gallery-zoom-ico > span,\n.blog-shortcode.blog-masonry-shortcode-id-0ef6b6fec756e3f45347147d0b814e35 .gallery-zoom-ico:before {\n  font-size: 32px;\n  line-height: 44px;\n}\n.blog-shortcode.blog-masonry-shortcode-id-0ef6b6fec756e3f45347147d0b814e35 .gallery-zoom-ico > span,\n.blog-shortcode.blog-masonry-shortcode-id-0ef6b6fec756e3f45347147d0b814e35 .gallery-zoom-ico:before {\n  color: #ffffff;\n}\n.blog-shortcode.blog-masonry-shortcode-id-0ef6b6fec756e3f45347147d0b814e35 .fancy-date a .entry-month:after,\n.blog-shortcode.blog-masonry-shortcode-id-0ef6b6fec756e3f45347147d0b814e35 .fancy-date a .entry-date:after {\n  background: #092480;\n  box-shadow: none;\n}\n.blog-shortcode.blog-masonry-shortcode-id-0ef6b6fec756e3f45347147d0b814e35 .entry-title,\n.blog-shortcode.blog-masonry-shortcode-id-0ef6b6fec756e3f45347147d0b814e35.owl-carousel .entry-title {\n  margin-bottom: 5px;\n  font-weight: bold;\n}\n.blog-shortcode.blog-masonry-shortcode-id-0ef6b6fec756e3f45347147d0b814e35 .entry-meta {\n  margin-bottom: 15px;\n}\n.blog-shortcode.blog-masonry-shortcode-id-0ef6b6fec756e3f45347147d0b814e35 .portfolio-categories {\n  margin-bottom: 15px;\n}\n.blog-shortcode.blog-masonry-shortcode-id-0ef6b6fec756e3f45347147d0b814e35 .entry-excerpt {\n  margin-bottom: 5px;\n}\n.blog-shortcode.blog-masonry-shortcode-id-0ef6b6fec756e3f45347147d0b814e35:not(.centered-layout-list) .post-entry-content {\n  padding: 15px 20px 20px 20px;\n}\n.blog-shortcode.blog-masonry-shortcode-id-0ef6b6fec756e3f45347147d0b814e35:not(.centered-layout-list):not(.content-bg-on):not(.mode-list) .no-img .post-entry-content {\n  padding: 0;\n}\n.blog-shortcode.blog-masonry-shortcode-id-0ef6b6fec756e3f45347147d0b814e35.content-bg-on:not(.classic-layout-list):not(.centered-layout-list) .post-entry-content {\n  background: #e6e6e6;\n  box-shadow: none;\n}\n@media screen and (max-width: ) {\n  .blog-shortcode.blog-masonry-shortcode-id-0ef6b6fec756e3f45347147d0b814e35 article {\n    -ms-flex-flow: column nowrap;\n    flex-flow: column nowrap;\n    margin-top: 20px;\n  }\n  .blog-shortcode.blog-masonry-shortcode-id-0ef6b6fec756e3f45347147d0b814e35.dividers-on article {\n    border: none;\n  }\n  .blog-shortcode.blog-masonry-shortcode-id-0ef6b6fec756e3f45347147d0b814e35.content-bg-on.centered-layout-list article {\n    padding: 0;\n  }\n  .blog-shortcode.blog-masonry-shortcode-id-0ef6b6fec756e3f45347147d0b814e35.blog-shortcode.dividers-on article,\n  .blog-shortcode.blog-masonry-shortcode-id-0ef6b6fec756e3f45347147d0b814e35.dividers-on.classic-layout-list article {\n    margin-top: 20px;\n    padding: 0;\n  }\n  .blog-shortcode.blog-masonry-shortcode-id-0ef6b6fec756e3f45347147d0b814e35.blog-shortcode.dividers-on article:first-of-type,\n  .blog-shortcode.blog-masonry-shortcode-id-0ef6b6fec756e3f45347147d0b814e35.dividers-on.classic-layout-list article:first-of-type {\n    padding: 0;\n  }\n  #page .blog-shortcode.blog-masonry-shortcode-id-0ef6b6fec756e3f45347147d0b814e35 .post-thumbnail-wrap,\n  #page .blog-shortcode.blog-masonry-shortcode-id-0ef6b6fec756e3f45347147d0b814e35 .post-entry-content {\n    width: 100%;\n    margin: 0;\n    top: 0;\n  }\n  #page .blog-shortcode.blog-masonry-shortcode-id-0ef6b6fec756e3f45347147d0b814e35 .post-thumbnail-wrap {\n    padding: 0;\n  }\n  #page .blog-shortcode.blog-masonry-shortcode-id-0ef6b6fec756e3f45347147d0b814e35 .post-entry-content:after {\n    display: none;\n  }\n  #page .blog-shortcode.blog-masonry-shortcode-id-0ef6b6fec756e3f45347147d0b814e35 .project-even .post-thumbnail-wrap,\n  #page .blog-shortcode.blog-masonry-shortcode-id-0ef6b6fec756e3f45347147d0b814e35.centered-layout-list .post-thumbnail-wrap {\n    -ms-flex-order: 0;\n    order: 0;\n  }\n  #page .blog-shortcode.blog-masonry-shortcode-id-0ef6b6fec756e3f45347147d0b814e35.centered-layout-list .post-entry-title-content {\n    -ms-flex-order: 1;\n    order: 1;\n    width: 100%;\n    padding: 20px 20px 0;\n  }\n  #page .blog-shortcode.blog-masonry-shortcode-id-0ef6b6fec756e3f45347147d0b814e35.centered-layout-list .post-entry-content {\n    -ms-flex-order: 2;\n    order: 2;\n    padding-top: 0;\n  }\n  #page .blog-shortcode.blog-masonry-shortcode-id-0ef6b6fec756e3f45347147d0b814e35 .fancy-categories {\n    top: 10px;\n    left: 10px;\n    bottom: auto;\n    right: auto;\n  }\n  #page .blog-shortcode.blog-masonry-shortcode-id-0ef6b6fec756e3f45347147d0b814e35 .fancy-date a {\n    top: 10px;\n    right: 10px;\n    left: auto;\n    bottom: auto;\n  }\n  #page .blog-shortcode.blog-masonry-shortcode-id-0ef6b6fec756e3f45347147d0b814e35 .post-entry-content {\n    padding: 20px;\n  }\n  #page .blog-shortcode.blog-masonry-shortcode-id-0ef6b6fec756e3f45347147d0b814e35 .entry-title {\n    margin: 3px 0 5px;\n    font-size: 20px;\n    line-height: 26px;\n  }\n  #page .blog-shortcode.blog-masonry-shortcode-id-0ef6b6fec756e3f45347147d0b814e35 .entry-meta {\n    margin: 5px 0 5px;\n  }\n  #page .blog-shortcode.blog-masonry-shortcode-id-0ef6b6fec756e3f45347147d0b814e35 .entry-excerpt {\n    margin: 15px 0 0;\n  }\n  #page .blog-shortcode.blog-masonry-shortcode-id-0ef6b6fec756e3f45347147d0b814e35 .post-details {\n    margin: 5px 0 10px;\n  }\n  #page .blog-shortcode.blog-masonry-shortcode-id-0ef6b6fec756e3f45347147d0b814e35 .post-details.details-type-link {\n    margin-bottom: 2px;\n  }\n}\n.blog-shortcode.blog-masonry-shortcode-id-0ef6b6fec756e3f45347147d0b814e35:not(.resize-by-browser-width) .dt-css-grid {\n  grid-row-gap: 50px;\n  grid-column-gap: 50px;\n  grid-template-columns: repeat(auto-fill,minmax(,1fr));\n}\n.blog-shortcode.blog-masonry-shortcode-id-0ef6b6fec756e3f45347147d0b814e35:not(.resize-by-browser-width) .dt-css-grid .double-width {\n  grid-column: span 2;\n}\n.cssgridlegacy.no-cssgrid .blog-shortcode.blog-masonry-shortcode-id-0ef6b6fec756e3f45347147d0b814e35:not(.resize-by-browser-width) .dt-css-grid,\n.no-cssgridlegacy.no-cssgrid .blog-shortcode.blog-masonry-shortcode-id-0ef6b6fec756e3f45347147d0b814e35:not(.resize-by-browser-width) .dt-css-grid {\n  display: flex;\n  flex-flow: row wrap;\n  margin: -25px;\n}\n.cssgridlegacy.no-cssgrid .blog-shortcode.blog-masonry-shortcode-id-0ef6b6fec756e3f45347147d0b814e35:not(.resize-by-browser-width) .dt-css-grid .wf-cell,\n.no-cssgridlegacy.no-cssgrid .blog-shortcode.blog-masonry-shortcode-id-0ef6b6fec756e3f45347147d0b814e35:not(.resize-by-browser-width) .dt-css-grid .wf-cell {\n  flex: 1 0 ;\n  max-width: 100%;\n  padding: 25px;\n  box-sizing: border-box;\n}\n.blog-shortcode.blog-masonry-shortcode-id-0ef6b6fec756e3f45347147d0b814e35.resize-by-browser-width .dt-css-grid {\n  grid-template-columns: repeat(1,1fr);\n  grid-template-rows: auto;\n  grid-column-gap: 50px;\n  grid-row-gap: 50px;\n}\n.blog-shortcode.blog-masonry-shortcode-id-0ef6b6fec756e3f45347147d0b814e35.resize-by-browser-width .dt-css-grid .double-width {\n  grid-column: span 2;\n}\n.cssgridlegacy.no-cssgrid .blog-shortcode.blog-masonry-shortcode-id-0ef6b6fec756e3f45347147d0b814e35.resize-by-browser-width .dt-css-grid {\n  margin: -25px;\n}\n.cssgridlegacy.no-cssgrid .blog-shortcode.blog-masonry-shortcode-id-0ef6b6fec756e3f45347147d0b814e35.resize-by-browser-width .dt-css-grid .wf-cell {\n  width: 100%;\n  padding: 25px;\n}\n.cssgridlegacy.no-cssgrid .blog-shortcode.blog-masonry-shortcode-id-0ef6b6fec756e3f45347147d0b814e35.resize-by-browser-width .dt-css-grid .wf-cell.double-width {\n  width: calc(100%) * 2;\n}\n.blog-shortcode.blog-masonry-shortcode-id-0ef6b6fec756e3f45347147d0b814e35.resize-by-browser-width:not(.centered-layout-list):not(.content-bg-on) .dt-css-grid {\n  grid-row-gap: 30px;\n}\n@media screen and (max-width: 1199px) {\n  .blog-shortcode.blog-masonry-shortcode-id-0ef6b6fec756e3f45347147d0b814e35.resize-by-browser-width .dt-css-grid {\n    grid-template-columns: repeat(1,1fr);\n  }\n  .cssgridlegacy.no-cssgrid .blog-shortcode.blog-masonry-shortcode-id-0ef6b6fec756e3f45347147d0b814e35.resize-by-browser-width .dt-css-grid .wf-cell,\n  .no-cssgridlegacy.no-cssgrid .blog-shortcode.blog-masonry-shortcode-id-0ef6b6fec756e3f45347147d0b814e35.resize-by-browser-width .dt-css-grid .wf-cell {\n    width: 100%;\n  }\n  .cssgridlegacy.no-cssgrid .blog-shortcode.blog-masonry-shortcode-id-0ef6b6fec756e3f45347147d0b814e35.resize-by-browser-width .dt-css-grid .wf-cell.double-width,\n  .no-cssgridlegacy.no-cssgrid .blog-shortcode.blog-masonry-shortcode-id-0ef6b6fec756e3f45347147d0b814e35.resize-by-browser-width .dt-css-grid .wf-cell.double-width {\n    width: calc(100%)*2;\n  }\n}\n@media screen and (max-width: 991px) {\n  .blog-shortcode.blog-masonry-shortcode-id-0ef6b6fec756e3f45347147d0b814e35.resize-by-browser-width .dt-css-grid {\n    grid-template-columns: repeat(1,1fr);\n  }\n  .cssgridlegacy.no-cssgrid .blog-shortcode.blog-masonry-shortcode-id-0ef6b6fec756e3f45347147d0b814e35.resize-by-browser-width .dt-css-grid .wf-cell,\n  .no-cssgridlegacy.no-cssgrid .blog-shortcode.blog-masonry-shortcode-id-0ef6b6fec756e3f45347147d0b814e35.resize-by-browser-width .dt-css-grid .wf-cell {\n    width: 100%;\n  }\n  .cssgridlegacy.no-cssgrid .blog-shortcode.blog-masonry-shortcode-id-0ef6b6fec756e3f45347147d0b814e35.resize-by-browser-width .dt-css-grid .wf-cell.double-width,\n  .no-cssgridlegacy.no-cssgrid .blog-shortcode.blog-masonry-shortcode-id-0ef6b6fec756e3f45347147d0b814e35.resize-by-browser-width .dt-css-grid .wf-cell.double-width {\n    width: calc(100%)*2;\n  }\n}\n@media screen and (max-width: 767px) {\n  .blog-shortcode.blog-masonry-shortcode-id-0ef6b6fec756e3f45347147d0b814e35.resize-by-browser-width .dt-css-grid {\n    grid-template-columns: repeat(1,1fr);\n  }\n  .blog-shortcode.blog-masonry-shortcode-id-0ef6b6fec756e3f45347147d0b814e35.resize-by-browser-width .dt-css-grid .double-width {\n    grid-column: span 1;\n  }\n  .cssgridlegacy.no-cssgrid .blog-shortcode.blog-masonry-shortcode-id-0ef6b6fec756e3f45347147d0b814e35.resize-by-browser-width .dt-css-grid .wf-cell,\n  .no-cssgridlegacy.no-cssgrid .blog-shortcode.blog-masonry-shortcode-id-0ef6b6fec756e3f45347147d0b814e35.resize-by-browser-width .dt-css-grid .wf-cell {\n    width: 100%;\n  }\n  .cssgridlegacy.no-cssgrid .blog-shortcode.blog-masonry-shortcode-id-0ef6b6fec756e3f45347147d0b814e35.resize-by-browser-width .dt-css-grid .wf-cell.double-width,\n  .no-cssgridlegacy.no-cssgrid .blog-shortcode.blog-masonry-shortcode-id-0ef6b6fec756e3f45347147d0b814e35.resize-by-browser-width .dt-css-grid .wf-cell.double-width {\n    width: calc(100%)*2;\n  }\n}<\/style><div class=\"blog-shortcode blog-masonry-shortcode-id-0ef6b6fec756e3f45347147d0b814e35 mode-grid classic-layout-list content-bg-on jquery-filter vertical-fancy-style scale-img dt-css-grid-wrap dt-icon-bg-off resize-by-browser-width loading-effect-none description-under-image \" data-padding=\"25px\" data-cur-page=\"1\" data-post-limit=\"2\" data-pagination-mode=\"load-more\" aria-live=\"assertive\" data-desktop-columns-num=\"1\" data-v-tablet-columns-num=\"1\" data-h-tablet-columns-num=\"1\" data-phone-columns-num=\"1\" data-width=\"0px\" data-columns=\"0\"><div class=\"dt-css-grid\" ><div class=\"visible wf-cell\" data-post-id=\"412557\" data-date=\"2025-12-01T22:38:04+00:00\" data-name=\"\ud83c\udfac &quot;Martin liest den Koran&quot; von Jurijs Saule heute im TV-Programm des NDR und in der ARD Mediathek zu sehen\"><article class=\"post project-odd visible post-412557 type-post status-publish format-standard has-post-thumbnail hentry category-artkeim category-film category-news tag-alissia-krupsky tag-ard tag-deutscher-filmpreis tag-islam tag-jurijs-saule tag-lola tag-martin-liest-den-koran tag-michail-lurje tag-ndr tag-prince-chughtai tag-sarah-sandeh tag-ulrich-tukur tag-zejhun-demirov category-828 category-8 category-13\" data-name=\"\ud83c\udfac &#8222;Martin liest den Koran&#8220; von Jurijs Saule heute im TV-Programm des NDR und in der ARD Mediathek zu sehen\" data-date=\"2025-12-01T22:38:04+00:00\">\n\n<div class=\"post-thumbnail-wrap\">\n\t<div class=\"post-thumbnail\">\n\t\t\n\t\t\n\t\t<a href=\"https:\/\/ucm.one\/de\/martin-liest-den-koran-von-jurijs-saule-heute-im-tv-programm-des-ndr-und-in-der-ard-mediathek-zu-sehen\/\" class=\"post-thumbnail-rollover layzr-bg layzr-bg\" ><img fetchpriority=\"high\" decoding=\"async\" class=\"iso-lazy-load preload-me iso-lazy-load aspect\" src=\"data:image\/svg+xml,%3Csvg%20xmlns%3D&#39;http%3A%2F%2Fwww.w3.org%2F2000%2Fsvg&#39;%20viewBox%3D&#39;0%200%20990%20309&#39;%2F%3E\" data-src=\"https:\/\/ucm.one\/wp-content\/uploads\/2025\/12\/B-Martin-list-den-Koran-NDR-2025-DE-990x309.jpg\" data-srcset=\"https:\/\/ucm.one\/wp-content\/uploads\/2025\/12\/B-Martin-list-den-Koran-NDR-2025-DE-990x309.jpg 990w, https:\/\/ucm.one\/wp-content\/uploads\/2025\/12\/B-Martin-list-den-Koran-NDR-2025-DE-1485x464.jpg 1485w\" loading=\"eager\" style=\"--ratio: 990 \/ 309\" sizes=\"(max-width: 990px) 100vw, 990px\" alt=\"\" title=\"B Martin list den Koran NDR 2025 DE\" width=\"990\" height=\"309\"  \/><\/a>\t<\/div>\n<\/div>\n\n\n<div class=\"post-entry-content\">\n\n\t<h3 class=\"entry-title\">\n\t\t<a href=\"https:\/\/ucm.one\/de\/martin-liest-den-koran-von-jurijs-saule-heute-im-tv-programm-des-ndr-und-in-der-ard-mediathek-zu-sehen\/\" title=\"\ud83c\udfac &#8222;Martin liest den Koran&#8220; von Jurijs Saule heute im TV-Programm des NDR und in der ARD Mediathek zu sehen\" rel=\"bookmark\">\ud83c\udfac &#8222;Martin liest den Koran&#8220; von Jurijs Saule heute im TV-Programm des NDR und in der ARD Mediathek zu sehen<\/a>\n\t<\/h3>\n\n\t<div class=\"entry-meta\"><span class=\"category-link\"><a href=\"https:\/\/ucm.one\/de\/category\/news\/film\/artkeim\/\" >Artkeim\u00b2<\/a>, <a href=\"https:\/\/ucm.one\/de\/category\/news\/film\/\" >Film<\/a>, <a href=\"https:\/\/ucm.one\/de\/category\/news\/\" >News<\/a><\/span><\/div>\n\t<div class=\"entry-excerpt\"><p>[vc_row][vc_column][vc_column_text css=&#8220;&#8220;] Der Film \u201eMartin liest den Koran\u201c von Jurijs Saule ist heute Abend in TV-Programm des NDR zu sehen und steht zudem in der ARD Mediathek zum Abruf bereit. Ulrich Tukur \u00fcberzeugt in einer der Hauptrollen als Islamwissenschaftler, der sich auf einen intensiven Dialog \u00fcber Glauben und Selbstverst\u00e4ndnis einl\u00e4sst. Der Film greift zentrale Themen&hellip;<\/p>\n<\/div>\n\t\n<a href=\"https:\/\/ucm.one\/de\/martin-liest-den-koran-von-jurijs-saule-heute-im-tv-programm-des-ndr-und-in-der-ard-mediathek-zu-sehen\/\" class=\"post-details details-type-link\" aria-label=\"Read more about \ud83c\udfac &#8222;Martin liest den Koran&#8220; von Jurijs Saule heute im TV-Programm des NDR und in der ARD Mediathek zu sehen\">Mehr lesen<i class=\"dt-icon-the7-arrow-03\" aria-hidden=\"true\"><\/i><\/a>\n\n<\/div><\/article><\/div><div class=\"visible wf-cell\" data-post-id=\"411694\" data-date=\"2025-10-31T21:17:14+00:00\" data-name=\"\ud83c\udfac &quot;Martin liest den Koran&quot; von Jurijs Saule ab heute digital erh\u00e4ltlich sowie DVD im Vorverkauf\"><article class=\"post project-odd visible post-411694 type-post status-publish format-standard has-post-thumbnail hentry category-artkeim category-film category-kino category-news category-verleih tag-alissia-krupsky tag-deutscher-filmpreis tag-islam tag-jurijs-saule tag-lola tag-martin-liest-den-koran tag-michail-lurje tag-prince-chughtai tag-sarah-sandeh tag-ulrich-tukur tag-zejhun-demirov category-828 category-8 category-10 category-13 category-752\" data-name=\"\ud83c\udfac &#8222;Martin liest den Koran&#8220; von Jurijs Saule ab heute digital erh\u00e4ltlich sowie DVD im Vorverkauf\" data-date=\"2025-10-31T21:17:14+00:00\">\n\n<div class=\"post-thumbnail-wrap\">\n\t<div class=\"post-thumbnail\">\n\t\t\n\t\t\n\t\t<a href=\"https:\/\/ucm.one\/de\/martin-liest-den-koran-von-jurijs-saule-ab-heute-digital-erhaeltlich-sowie-dvd-im-vorverkauf\/\" class=\"post-thumbnail-rollover layzr-bg layzr-bg\" ><img decoding=\"async\" class=\"iso-lazy-load preload-me iso-lazy-load aspect\" src=\"data:image\/svg+xml,%3Csvg%20xmlns%3D&#39;http%3A%2F%2Fwww.w3.org%2F2000%2Fsvg&#39;%20viewBox%3D&#39;0%200%20990%20309&#39;%2F%3E\" data-src=\"https:\/\/ucm.one\/wp-content\/uploads\/2025\/11\/B-Martin-Liest-den-Koran-2025-VoD-990x309.jpg\" data-srcset=\"https:\/\/ucm.one\/wp-content\/uploads\/2025\/11\/B-Martin-Liest-den-Koran-2025-VoD-990x309.jpg 990w, https:\/\/ucm.one\/wp-content\/uploads\/2025\/11\/B-Martin-Liest-den-Koran-2025-VoD-1485x464.jpg 1485w\" loading=\"eager\" style=\"--ratio: 990 \/ 309\" sizes=\"(max-width: 990px) 100vw, 990px\" alt=\"\" title=\"B Martin Liest den Koran 2025 VoD\" width=\"990\" height=\"309\"  \/><\/a>\t<\/div>\n<\/div>\n\n\n<div class=\"post-entry-content\">\n\n\t<h3 class=\"entry-title\">\n\t\t<a href=\"https:\/\/ucm.one\/de\/martin-liest-den-koran-von-jurijs-saule-ab-heute-digital-erhaeltlich-sowie-dvd-im-vorverkauf\/\" title=\"\ud83c\udfac &#8222;Martin liest den Koran&#8220; von Jurijs Saule ab heute digital erh\u00e4ltlich sowie DVD im Vorverkauf\" rel=\"bookmark\">\ud83c\udfac &#8222;Martin liest den Koran&#8220; von Jurijs Saule ab heute digital erh\u00e4ltlich sowie DVD im Vorverkauf<\/a>\n\t<\/h3>\n\n\t<div class=\"entry-meta\"><span class=\"category-link\"><a href=\"https:\/\/ucm.one\/de\/category\/news\/film\/artkeim\/\" >Artkeim\u00b2<\/a>, <a href=\"https:\/\/ucm.one\/de\/category\/news\/film\/\" >Film<\/a>, <a href=\"https:\/\/ucm.one\/de\/category\/news\/kino\/\" >Kino<\/a>, <a href=\"https:\/\/ucm.one\/de\/category\/news\/\" >News<\/a>, <a href=\"https:\/\/ucm.one\/de\/category\/news\/verleih\/\" >Verleih<\/a><\/span><\/div>\n\t<div class=\"entry-excerpt\"><p>[vc_row][vc_column][vc_column_text css=&#8220;&#8220;] Ab heute ist der Film \u201eMartin liest den Koran\u201c von Jurijs Saule digital verf\u00fcgbar und kann ab sofort auch auf DVD im Vorverkauf bestellt werden. Der Film, in dem Ulrich Tukur eine der Hauptrollen spielt, widmet sich zentralen Themen unserer Zeit \u2013 Identit\u00e4t, Radikalisierung und kulturellen Spannungen. Mit seiner eindrucksvollen Darstellung eines Islamwissenschaftlers,&hellip;<\/p>\n<\/div>\n\t\n<a href=\"https:\/\/ucm.one\/de\/martin-liest-den-koran-von-jurijs-saule-ab-heute-digital-erhaeltlich-sowie-dvd-im-vorverkauf\/\" class=\"post-details details-type-link\" aria-label=\"Read more about \ud83c\udfac &#8222;Martin liest den Koran&#8220; von Jurijs Saule ab heute digital erh\u00e4ltlich sowie DVD im Vorverkauf\">Mehr lesen<i class=\"dt-icon-the7-arrow-03\" aria-hidden=\"true\"><\/i><\/a>\n\n<\/div><\/article><\/div><div class=\"hidden wf-cell\" data-post-id=\"226148\" data-date=\"2025-03-18T12:12:54+00:00\" data-name=\"\ud83c\udfac &quot;Martin liest den Koran&quot; im Wettbewerb des 10. Filmfests Bremen\"><article class=\"post project-odd visible post-226148 type-post status-publish format-standard has-post-thumbnail hentry category-artkeim category-film category-kino category-news category-verleih tag-alissia-krupsky tag-deutscher-filmpreis tag-filmfest-bremen tag-islam tag-jurijs-saule tag-kino tag-lola tag-martin-liest-den-koran tag-michail-lurje tag-prince-chughtai tag-sarah-sandeh tag-ulrich-tukur tag-zejhun-demirov category-828 category-8 category-10 category-13 category-752\" data-name=\"\ud83c\udfac &#8222;Martin liest den Koran&#8220; im Wettbewerb des 10. Filmfests Bremen\" data-date=\"2025-03-18T12:12:54+00:00\">\n\n<div class=\"post-thumbnail-wrap\">\n\t<div class=\"post-thumbnail\">\n\t\t\n\t\t\n\t\t<a href=\"https:\/\/ucm.one\/de\/martin-liest-den-koran-im-wettbewerb-des-10-filmfests-bremen\/\" class=\"post-thumbnail-rollover layzr-bg layzr-bg\" ><img decoding=\"async\" class=\"iso-lazy-load preload-me iso-lazy-load aspect\" src=\"data:image\/svg+xml,%3Csvg%20xmlns%3D&#39;http%3A%2F%2Fwww.w3.org%2F2000%2Fsvg&#39;%20viewBox%3D&#39;0%200%20990%20309&#39;%2F%3E\" data-src=\"https:\/\/ucm.one\/wp-content\/uploads\/2025\/03\/bMLDK_FFBremen_DE_1920x600-990x309.jpg\" data-srcset=\"https:\/\/ucm.one\/wp-content\/uploads\/2025\/03\/bMLDK_FFBremen_DE_1920x600-990x309.jpg 990w, https:\/\/ucm.one\/wp-content\/uploads\/2025\/03\/bMLDK_FFBremen_DE_1920x600-1485x464.jpg 1485w\" loading=\"eager\" style=\"--ratio: 990 \/ 309\" sizes=\"(max-width: 990px) 100vw, 990px\" alt=\"\" title=\"bMLDK_FFBremen_DE_1920x600\" width=\"990\" height=\"309\"  \/><\/a>\t<\/div>\n<\/div>\n\n\n<div class=\"post-entry-content\">\n\n\t<h3 class=\"entry-title\">\n\t\t<a href=\"https:\/\/ucm.one\/de\/martin-liest-den-koran-im-wettbewerb-des-10-filmfests-bremen\/\" title=\"\ud83c\udfac &#8222;Martin liest den Koran&#8220; im Wettbewerb des 10. Filmfests Bremen\" rel=\"bookmark\">\ud83c\udfac &#8222;Martin liest den Koran&#8220; im Wettbewerb des 10. Filmfests Bremen<\/a>\n\t<\/h3>\n\n\t<div class=\"entry-meta\"><span class=\"category-link\"><a href=\"https:\/\/ucm.one\/de\/category\/news\/film\/artkeim\/\" >Artkeim\u00b2<\/a>, <a href=\"https:\/\/ucm.one\/de\/category\/news\/film\/\" >Film<\/a>, <a href=\"https:\/\/ucm.one\/de\/category\/news\/kino\/\" >Kino<\/a>, <a href=\"https:\/\/ucm.one\/de\/category\/news\/\" >News<\/a>, <a href=\"https:\/\/ucm.one\/de\/category\/news\/verleih\/\" >Verleih<\/a><\/span><\/div>\n\t<div class=\"entry-excerpt\"><p>[vc_row][vc_column][vc_column_text css=&#8220;&#8220;] &#8222;Martin liest den Koran&#8220; von Jurijs Saule nimmt am internationalen Innovationswettbewerb des 10. Filmfest Bremen teil. UCM.ONE vertreibt das Psycho-Drama mit Ulrich Tukur im deutschsprachigen Raum auf seinem Filmlabel Artkeim\u00b2. [\/vc_column_text][\/vc_column][\/vc_row][vc_row][vc_column width=&#8220;1\/3&#8243;][vc_single_image image=&#8220;226152&#8243; img_size=&#8220;full&#8220; onclick=&#8220;custom_link&#8220; img_link_target=&#8220;_blank&#8220; css=&#8220;&#8220; link=&#8220;https:\/\/www.filmfestbremen.com\/movies\/martin-liest-den-koran\/&#8220;][\/vc_column][vc_column width=&#8220;2\/3&#8243;][vc_column_text css=&#8220;&#8220;] Das Filmfest Bremen feiert in diesem Jahr sein zehnj\u00e4hriges Bestehen und hat sich&hellip;<\/p>\n<\/div>\n\t\n<a href=\"https:\/\/ucm.one\/de\/martin-liest-den-koran-im-wettbewerb-des-10-filmfests-bremen\/\" class=\"post-details details-type-link\" aria-label=\"Read more about \ud83c\udfac &#8222;Martin liest den Koran&#8220; im Wettbewerb des 10. Filmfests Bremen\">Mehr lesen<i class=\"dt-icon-the7-arrow-03\" aria-hidden=\"true\"><\/i><\/a>\n\n<\/div><\/article><\/div><div class=\"hidden wf-cell\" data-post-id=\"110091\" data-date=\"2024-11-07T21:29:38+00:00\" data-name=\"\ud83c\udfac  Kinostart: Ulrich Tukur in &quot;Martin liest den Koran&quot; von Jurijs Saule ab heute bundesweit im Kino\"><article class=\"post project-odd visible post-110091 type-post status-publish format-standard has-post-thumbnail hentry category-artkeim category-film category-kino category-news category-verleih tag-alissia-krupsky tag-deutscher-filmpreis tag-islam tag-jurijs-saule tag-kino tag-lola tag-martin-liest-den-koran tag-michail-lurje tag-prince-chughtai tag-sarah-sandeh tag-ulrich-tukur tag-zejhun-demirov category-828 category-8 category-10 category-13 category-752\" data-name=\"\ud83c\udfac  Kinostart: Ulrich Tukur in &#8222;Martin liest den Koran&#8220; von Jurijs Saule ab heute bundesweit im Kino\" data-date=\"2024-11-07T21:29:38+00:00\">\n\n<div class=\"post-thumbnail-wrap\">\n\t<div class=\"post-thumbnail\">\n\t\t\n\t\t\n\t\t<a href=\"https:\/\/ucm.one\/de\/kinostart-ulrich-tukur-in-martin-liest-den-koran-von-jurijs-saule-ab-heute-bundesweit-im-kino\/\" class=\"post-thumbnail-rollover layzr-bg layzr-bg\" ><img decoding=\"async\" class=\"iso-lazy-load preload-me iso-lazy-load aspect\" src=\"data:image\/svg+xml,%3Csvg%20xmlns%3D&#39;http%3A%2F%2Fwww.w3.org%2F2000%2Fsvg&#39;%20viewBox%3D&#39;0%200%20990%20309&#39;%2F%3E\" data-src=\"https:\/\/ucm.one\/wp-content\/uploads\/2024\/11\/B-MLDK-Kinostart-DE-990x309.jpeg\" data-srcset=\"https:\/\/ucm.one\/wp-content\/uploads\/2024\/11\/B-MLDK-Kinostart-DE-990x309.jpeg 990w, https:\/\/ucm.one\/wp-content\/uploads\/2024\/11\/B-MLDK-Kinostart-DE-1485x464.jpeg 1485w\" loading=\"eager\" style=\"--ratio: 990 \/ 309\" sizes=\"(max-width: 990px) 100vw, 990px\" alt=\"\" title=\"B MLDK Kinostart DE\" width=\"990\" height=\"309\"  \/><\/a>\t<\/div>\n<\/div>\n\n\n<div class=\"post-entry-content\">\n\n\t<h3 class=\"entry-title\">\n\t\t<a href=\"https:\/\/ucm.one\/de\/kinostart-ulrich-tukur-in-martin-liest-den-koran-von-jurijs-saule-ab-heute-bundesweit-im-kino\/\" title=\"\ud83c\udfac  Kinostart: Ulrich Tukur in &#8222;Martin liest den Koran&#8220; von Jurijs Saule ab heute bundesweit im Kino\" rel=\"bookmark\">\ud83c\udfac  Kinostart: Ulrich Tukur in &#8222;Martin liest den Koran&#8220; von Jurijs Saule ab heute bundesweit im Kino<\/a>\n\t<\/h3>\n\n\t<div class=\"entry-meta\"><span class=\"category-link\"><a href=\"https:\/\/ucm.one\/de\/category\/news\/film\/artkeim\/\" >Artkeim\u00b2<\/a>, <a href=\"https:\/\/ucm.one\/de\/category\/news\/film\/\" >Film<\/a>, <a href=\"https:\/\/ucm.one\/de\/category\/news\/kino\/\" >Kino<\/a>, <a href=\"https:\/\/ucm.one\/de\/category\/news\/\" >News<\/a>, <a href=\"https:\/\/ucm.one\/de\/category\/news\/verleih\/\" >Verleih<\/a><\/span><\/div>\n\t<div class=\"entry-excerpt\"><p>[vc_row][vc_column][vc_column_text css=&#8220;&#8220;]Ab heute, Donnerstag, den 7. November 2024, ist &#8222;Martin liest den Koran&#8220; bundesweit in den Kinos zu sehen. Der Film, in dem Ulrich Tukur eine der Hauptrollen \u00fcbernimmt, greift aktuelle Themen wie Identit\u00e4t, Radikalisierung und kulturelle Spannungen auf. Mit seiner intensiven Darstellung eines Islamwissenschaftlers, der sich auf einen tiefgr\u00fcndigen Dialog einl\u00e4sst, verleiht Ulrich Tukur&hellip;<\/p>\n<\/div>\n\t\n<a href=\"https:\/\/ucm.one\/de\/kinostart-ulrich-tukur-in-martin-liest-den-koran-von-jurijs-saule-ab-heute-bundesweit-im-kino\/\" class=\"post-details details-type-link\" aria-label=\"Read more about \ud83c\udfac  Kinostart: Ulrich Tukur in &#8222;Martin liest den Koran&#8220; von Jurijs Saule ab heute bundesweit im Kino\">Mehr lesen<i class=\"dt-icon-the7-arrow-03\" aria-hidden=\"true\"><\/i><\/a>\n\n<\/div><\/article><\/div><div class=\"hidden wf-cell\" data-post-id=\"110138\" data-date=\"2024-11-06T23:48:06+00:00\" data-name=\"\ud83c\udfac \u201eMartin liest den Koran\u201c von Jurijs Saule feierte Kinostart-Premiere im traditionsreichen Kino Babylon in Berlin-Mitte\"><article class=\"post project-odd visible post-110138 type-post status-publish format-standard has-post-thumbnail hentry category-artkeim category-film category-kino category-news category-verleih tag-alissia-krupsky tag-deutscher-filmpreis tag-islam tag-jurijs-saule tag-kino tag-lola tag-martin-liest-den-koran tag-michail-lurje tag-prince-chughtai tag-sarah-sandeh tag-ulrich-tukur tag-zejhun-demirov category-828 category-8 category-10 category-13 category-752\" data-name=\"\ud83c\udfac \u201eMartin liest den Koran\u201c von Jurijs Saule feierte Kinostart-Premiere im traditionsreichen Kino Babylon in Berlin-Mitte\" data-date=\"2024-11-06T23:48:06+00:00\">\n\n<div class=\"post-thumbnail-wrap\">\n\t<div class=\"post-thumbnail\">\n\t\t\n\t\t\n\t\t<a href=\"https:\/\/ucm.one\/de\/martin-liest-den-koran-von-jurijs-saule-feierte-kinostart-premiere-im-traditionsreichen-kino-babylon-in-berlin-mitte\/\" class=\"post-thumbnail-rollover layzr-bg layzr-bg\" ><img decoding=\"async\" class=\"iso-lazy-load preload-me iso-lazy-load aspect\" src=\"data:image\/svg+xml,%3Csvg%20xmlns%3D&#39;http%3A%2F%2Fwww.w3.org%2F2000%2Fsvg&#39;%20viewBox%3D&#39;0%200%20990%20309&#39;%2F%3E\" data-src=\"https:\/\/ucm.one\/wp-content\/uploads\/2024\/11\/B-MLDK-Premiere-DE-990x309.jpg\" data-srcset=\"https:\/\/ucm.one\/wp-content\/uploads\/2024\/11\/B-MLDK-Premiere-DE-990x309.jpg 990w, https:\/\/ucm.one\/wp-content\/uploads\/2024\/11\/B-MLDK-Premiere-DE-1485x464.jpg 1485w\" loading=\"eager\" style=\"--ratio: 990 \/ 309\" sizes=\"(max-width: 990px) 100vw, 990px\" alt=\"\" title=\"B MLDK Premiere DE\" width=\"990\" height=\"309\"  \/><\/a>\t<\/div>\n<\/div>\n\n\n<div class=\"post-entry-content\">\n\n\t<h3 class=\"entry-title\">\n\t\t<a href=\"https:\/\/ucm.one\/de\/martin-liest-den-koran-von-jurijs-saule-feierte-kinostart-premiere-im-traditionsreichen-kino-babylon-in-berlin-mitte\/\" title=\"\ud83c\udfac \u201eMartin liest den Koran\u201c von Jurijs Saule feierte Kinostart-Premiere im traditionsreichen Kino Babylon in Berlin-Mitte\" rel=\"bookmark\">\ud83c\udfac \u201eMartin liest den Koran\u201c von Jurijs Saule feierte Kinostart-Premiere im traditionsreichen Kino Babylon in Berlin-Mitte<\/a>\n\t<\/h3>\n\n\t<div class=\"entry-meta\"><span class=\"category-link\"><a href=\"https:\/\/ucm.one\/de\/category\/news\/film\/artkeim\/\" >Artkeim\u00b2<\/a>, <a href=\"https:\/\/ucm.one\/de\/category\/news\/film\/\" >Film<\/a>, <a href=\"https:\/\/ucm.one\/de\/category\/news\/kino\/\" >Kino<\/a>, <a href=\"https:\/\/ucm.one\/de\/category\/news\/\" >News<\/a>, <a href=\"https:\/\/ucm.one\/de\/category\/news\/verleih\/\" >Verleih<\/a><\/span><\/div>\n\t<div class=\"entry-excerpt\"><p>[vc_row][vc_column][vc_column_text css=&#8220;&#8220;]Der psychologische Religions-Thriller um einen Familienvater iranischer Abstammung (Zejhun Demirov), der bei einem Professor f\u00fcr Islamwissenschaften (Ulrich Tukur) die Versicherung einholen will, dass der Koran die T\u00f6tung Dritter unter bestimmten Umst\u00e4nden erlaube, hatte im traditionsreichen Berliner Kino Babylon seine Berlin- und Kinostartpremiere vor ausverkauften Haus. Unter den G\u00e4sten waren neben Cast und Crew zahlreiche&hellip;<\/p>\n<\/div>\n\t\n<a href=\"https:\/\/ucm.one\/de\/martin-liest-den-koran-von-jurijs-saule-feierte-kinostart-premiere-im-traditionsreichen-kino-babylon-in-berlin-mitte\/\" class=\"post-details details-type-link\" aria-label=\"Read more about \ud83c\udfac \u201eMartin liest den Koran\u201c von Jurijs Saule feierte Kinostart-Premiere im traditionsreichen Kino Babylon in Berlin-Mitte\">Mehr lesen<i class=\"dt-icon-the7-arrow-03\" aria-hidden=\"true\"><\/i><\/a>\n\n<\/div><\/article><\/div><div class=\"hidden wf-cell\" data-post-id=\"109118\" data-date=\"2024-10-24T10:59:02+00:00\" data-name=\"\ud83c\udfac  Deutschlandpremiere von &quot;Martin liest den Koran&quot; auf den Hofer Filmtagen. Kinostart am 6.11. 2024 im Babylon Mitte\"><article class=\"post project-odd visible post-109118 type-post status-publish format-standard has-post-thumbnail hentry category-artkeim category-film category-kino category-news category-verleih tag-alissia-krupsky tag-deutscher-filmpreis tag-hofer-filmtage tag-internationale-hofer-filmtage tag-islam tag-jurijs-saule tag-lola tag-martin-liest-den-koran tag-michail-lurje tag-prince-chughtai tag-sarah-sandeh tag-ulrich-tukur tag-zejhun-demirov category-828 category-8 category-10 category-13 category-752\" data-name=\"\ud83c\udfac  Deutschlandpremiere von &#8222;Martin liest den Koran&#8220; auf den Hofer Filmtagen. Kinostart am 6.11. 2024 im Babylon Mitte\" data-date=\"2024-10-24T10:59:02+00:00\">\n\n<div class=\"post-thumbnail-wrap\">\n\t<div class=\"post-thumbnail\">\n\t\t\n\t\t\n\t\t<a href=\"https:\/\/ucm.one\/de\/deutschlandpremiere-von-martin-liest-den-koran-auf-den-hofer-filmtagen-kinostart-am-6-11-2024-im-babylon-mitte\/\" class=\"post-thumbnail-rollover layzr-bg layzr-bg\" ><img decoding=\"async\" class=\"iso-lazy-load preload-me iso-lazy-load aspect\" src=\"data:image\/svg+xml,%3Csvg%20xmlns%3D&#39;http%3A%2F%2Fwww.w3.org%2F2000%2Fsvg&#39;%20viewBox%3D&#39;0%200%20990%20309&#39;%2F%3E\" data-src=\"https:\/\/ucm.one\/wp-content\/uploads\/2024\/10\/B-MLDK-Hof-Babylon-990x309.jpeg\" data-srcset=\"https:\/\/ucm.one\/wp-content\/uploads\/2024\/10\/B-MLDK-Hof-Babylon-990x309.jpeg 990w, https:\/\/ucm.one\/wp-content\/uploads\/2024\/10\/B-MLDK-Hof-Babylon-1485x464.jpeg 1485w\" loading=\"eager\" style=\"--ratio: 990 \/ 309\" sizes=\"(max-width: 990px) 100vw, 990px\" alt=\"\" title=\"B MLDK Hof-Babylon\" width=\"990\" height=\"309\"  \/><\/a>\t<\/div>\n<\/div>\n\n\n<div class=\"post-entry-content\">\n\n\t<h3 class=\"entry-title\">\n\t\t<a href=\"https:\/\/ucm.one\/de\/deutschlandpremiere-von-martin-liest-den-koran-auf-den-hofer-filmtagen-kinostart-am-6-11-2024-im-babylon-mitte\/\" title=\"\ud83c\udfac  Deutschlandpremiere von &#8222;Martin liest den Koran&#8220; auf den Hofer Filmtagen. Kinostart am 6.11. 2024 im Babylon Mitte\" rel=\"bookmark\">\ud83c\udfac  Deutschlandpremiere von &#8222;Martin liest den Koran&#8220; auf den Hofer Filmtagen. Kinostart am 6.11. 2024 im Babylon Mitte<\/a>\n\t<\/h3>\n\n\t<div class=\"entry-meta\"><span class=\"category-link\"><a href=\"https:\/\/ucm.one\/de\/category\/news\/film\/artkeim\/\" >Artkeim\u00b2<\/a>, <a href=\"https:\/\/ucm.one\/de\/category\/news\/film\/\" >Film<\/a>, <a href=\"https:\/\/ucm.one\/de\/category\/news\/kino\/\" >Kino<\/a>, <a href=\"https:\/\/ucm.one\/de\/category\/news\/\" >News<\/a>, <a href=\"https:\/\/ucm.one\/de\/category\/news\/verleih\/\" >Verleih<\/a><\/span><\/div>\n\t<div class=\"entry-excerpt\"><p>[vc_row][vc_column][vc_column_text css=&#8220;&#8220;]Der Psycho-Thriller\u00a0&#8222;Martin liest den Koran&#8220;\u00a0von Jurijs Saule feiert heute seine Deutschlandpremiere auf den Hofer Filmtagen. Die Kinostart-Premiere wird am Mittwoch den 6. November 2024 mit einer Vorf\u00fchrung mit dem Filmteam und G\u00e4sten im Babylon Mitte in Berlin gefeiert.\u00a0Der regul\u00e4re Kinostart in Deutschland ist einen Tag sp\u00e4ter am 7. November 2024.[\/vc_column_text][\/vc_column][\/vc_row][vc_row][vc_column width=&#8220;1\/2&#8243;][vc_single_image image=&#8220;107260&#8243; img_size=&#8220;full&#8220; onclick=&#8220;link_image&#8220;&hellip;<\/p>\n<\/div>\n\t\n<a href=\"https:\/\/ucm.one\/de\/deutschlandpremiere-von-martin-liest-den-koran-auf-den-hofer-filmtagen-kinostart-am-6-11-2024-im-babylon-mitte\/\" class=\"post-details details-type-link\" aria-label=\"Read more about \ud83c\udfac  Deutschlandpremiere von &#8222;Martin liest den Koran&#8220; auf den Hofer Filmtagen. Kinostart am 6.11. 2024 im Babylon Mitte\">Mehr lesen<i class=\"dt-icon-the7-arrow-03\" aria-hidden=\"true\"><\/i><\/a>\n\n<\/div><\/article><\/div><div class=\"hidden wf-cell\" data-post-id=\"107345\" data-date=\"2024-10-03T14:41:24+00:00\" data-name=\"\ud83c\udfac  Preview: &quot;Martin liest den Koran&quot; von Jurijs Saule bei den Biberacher Filmfestspielen\"><article class=\"post project-odd visible post-107345 type-post status-publish format-standard has-post-thumbnail hentry category-artkeim category-film category-kino category-news category-verleih tag-alissia-krupsky tag-biberacher-filmfestspiele tag-deutscher-filmpreis tag-islam tag-jurijs-saule tag-lola tag-martin-liest-den-koran tag-michail-lurje tag-prince-chughtai tag-sarah-sandeh tag-ulrich-tukur tag-zejhun-demirov category-828 category-8 category-10 category-13 category-752\" data-name=\"\ud83c\udfac  Preview: &#8222;Martin liest den Koran&#8220; von Jurijs Saule bei den Biberacher Filmfestspielen\" data-date=\"2024-10-03T14:41:24+00:00\">\n\n<div class=\"post-thumbnail-wrap\">\n\t<div class=\"post-thumbnail\">\n\t\t\n\t\t\n\t\t<a href=\"https:\/\/ucm.one\/de\/preview-martin-liest-den-koran-von-jurijs-saule-bei-den-biberacher-filmfestspielen\/\" class=\"post-thumbnail-rollover layzr-bg layzr-bg\" ><img decoding=\"async\" class=\"iso-lazy-load preload-me iso-lazy-load aspect\" src=\"data:image\/svg+xml,%3Csvg%20xmlns%3D&#39;http%3A%2F%2Fwww.w3.org%2F2000%2Fsvg&#39;%20viewBox%3D&#39;0%200%20990%20309&#39;%2F%3E\" data-src=\"https:\/\/ucm.one\/wp-content\/uploads\/2024\/10\/B-MLDK-Biberach-DE-990x309.jpg\" data-srcset=\"https:\/\/ucm.one\/wp-content\/uploads\/2024\/10\/B-MLDK-Biberach-DE-990x309.jpg 990w, https:\/\/ucm.one\/wp-content\/uploads\/2024\/10\/B-MLDK-Biberach-DE-1485x464.jpg 1485w\" loading=\"eager\" style=\"--ratio: 990 \/ 309\" sizes=\"(max-width: 990px) 100vw, 990px\" alt=\"\" title=\"B MLDK Biberach DE\" width=\"990\" height=\"309\"  \/><\/a>\t<\/div>\n<\/div>\n\n\n<div class=\"post-entry-content\">\n\n\t<h3 class=\"entry-title\">\n\t\t<a href=\"https:\/\/ucm.one\/de\/preview-martin-liest-den-koran-von-jurijs-saule-bei-den-biberacher-filmfestspielen\/\" title=\"\ud83c\udfac  Preview: &#8222;Martin liest den Koran&#8220; von Jurijs Saule bei den Biberacher Filmfestspielen\" rel=\"bookmark\">\ud83c\udfac  Preview: &#8222;Martin liest den Koran&#8220; von Jurijs Saule bei den Biberacher Filmfestspielen<\/a>\n\t<\/h3>\n\n\t<div class=\"entry-meta\"><span class=\"category-link\"><a href=\"https:\/\/ucm.one\/de\/category\/news\/film\/artkeim\/\" >Artkeim\u00b2<\/a>, <a href=\"https:\/\/ucm.one\/de\/category\/news\/film\/\" >Film<\/a>, <a href=\"https:\/\/ucm.one\/de\/category\/news\/kino\/\" >Kino<\/a>, <a href=\"https:\/\/ucm.one\/de\/category\/news\/\" >News<\/a>, <a href=\"https:\/\/ucm.one\/de\/category\/news\/verleih\/\" >Verleih<\/a><\/span><\/div>\n\t<div class=\"entry-excerpt\"><p>[vc_row][vc_column][vc_column_text css=&#8220;&#8220;]Eine Woche vor dem offiziellen Kinostart am 7. November pr\u00e4sentieren die Biberacher Filmfestspiele den Deb\u00fctspielfilm von Jurijs Saule, \u201eMartin liest den Koran&#8222;, in einer Festival-Preview. Das Drama, dessen Drehbuch 2022 mit dem Deutschen Filmpreis (Lola) f\u00fcr das beste unverfilmte Drehbuch ausgezeichnet wurde, feiert hier im Rahmen einer Kinotour eine weitere Vorpremiere.[\/vc_column_text][\/vc_column][\/vc_row][vc_row][vc_column width=&#8220;1\/2&#8243;][vc_single_image image=&#8220;107252&#8243; img_size=&#8220;full&#8220;&hellip;<\/p>\n<\/div>\n\t\n<a href=\"https:\/\/ucm.one\/de\/preview-martin-liest-den-koran-von-jurijs-saule-bei-den-biberacher-filmfestspielen\/\" class=\"post-details details-type-link\" aria-label=\"Read more about \ud83c\udfac  Preview: &#8222;Martin liest den Koran&#8220; von Jurijs Saule bei den Biberacher Filmfestspielen\">Mehr lesen<i class=\"dt-icon-the7-arrow-03\" aria-hidden=\"true\"><\/i><\/a>\n\n<\/div><\/article><\/div><\/div><!-- iso-container|iso-grid --><div class=\"paginator paginator-more-button\">\n\t\t\t\t<a class=\"button-load-more \" href=\"javascript:void(0);\" data-dt-page=\"1\" ><span class=\"stick\"><\/span><span class=\"stick\"><\/span><span class=\"stick\"><\/span><span class=\"button-caption\">Mehr laden<\/span><\/a>\n\t\t\t<\/div><\/div>[\/vc_tta_section][\/vc_tta_accordion][vc_separator][\/vc_column][\/vc_row][vc_row el_id=&#8220;the-vanishing-soldier&#8220; css=&#8220;.vc_custom_1729723495807{margin-top: 80px !important;padding-top: 0px !important;}&#8220;][vc_column width=&#8220;1\/4&#8243; offset=&#8220;vc_col-lg-offset-0 vc_col-md-offset-0 vc_col-sm-offset-0&#8243;][vc_single_image image=&#8220;106989&#8243; img_size=&#8220;full&#8220; onclick=&#8220;link_image&#8220; css=&#8220;&#8220;][\/vc_column][vc_column width=&#8220;3\/4&#8243;][vc_column_text css=&#8220;&#8220;]<\/p>\n<h2>Der verschwundene Soldat | The Vanishing Soldier<\/h2>\n<h3>von Dani Rosenberg<\/h3>\n<div class=\"wpb_text_column wpb_content_element \">\n<div class=\"wpb_wrapper\">\n<div class=\"wpb_text_column wpb_content_element \">\n<div class=\"wpb_wrapper\">\n<div class=\"wpb_text_column wpb_content_element \">\n<p style=\"font-weight: 400;\">Im Morgengrauen nach einem Kampfeinsatz im Gaza-Streifen entfernt sich Shlomi Aharonov, ein 18-j\u00e4hriger Infantriesoldat der Golani-Brigade, von seiner Einheit und der Truppe, indem er einfach wegl\u00e4uft. <span style=\"font-weight: 400;\">Sein Weg f\u00fchrt ihn zun\u00e4chst zum Haus seiner Eltern in der Siedlung Sde Uziel auf dem Land. Seine Eltern trifft er nicht an. Als Soldaten vor dem Haus auftauchen um offensichtlich seine Eltern aufsuchen zu wollen, fl\u00fcchtet Shlomi mit einem Fahrrad. Schlie\u00dflich gelangt er mit einem Milit\u00e4rbus, in welchem er unerkannt mitfahren kann, nach Tel Aviv, wo er seine Freundin Shiri auf Arbeit besucht. <\/span><\/p>\n<p style=\"font-weight: 400;\">Als Shlomi erf\u00e4hrt, dass die Milit\u00e4rf\u00fchrung davon \u00fcberzeugt ist, dass er in den Kriegswirren entf\u00fchrt wurde, versteckt er sich nicht mehr vor den Soldaten, von denen er glaubte, dass sie hinter ihm her sind, sondern vor seiner eigenen Identit\u00e4t, die zu einer Falle geworden ist. Trotz der Bitten seiner Eltern, zu seiner Einheit zur\u00fcckzukehren, bevor es zu sp\u00e4t ist, geht Shlomi ein verzweifeltes Risiko f\u00fcr die Liebe ein &#8211; mit dramatischen Folgen. Diese tragisch-komische Reise, die sich \u00fcber einen Zeitraum von 24 Stunden in den hei\u00dfen und feuchten Stra\u00dfen von Tel Aviv abspielt, wechselt von Schrecken zu Hoffnung, von Romantik zu Albtraum.<\/p>\n<h3>Kinostart: 17. Oktober 2024<\/h3>\n<\/div>\n<\/div>\n<\/div>\n<\/div>\n<\/div>\n<p>[\/vc_column_text][\/vc_column][vc_column][vc_row_inner css=&#8220;.vc_custom_1603814225076{padding-top: 0px !important;}&#8220;][vc_column_inner width=&#8220;4\/6&#8243;][vc_column_text css=&#8220;&#8220;]Artkeim\u00b2 | 2023 | Drama, Thriller, Kriegsfilm | Israel | Internationaler Titel: &#8222;<a title=\"Einhundertvier (2023) von Jonathan Sch\u00f6rnig | NONFY Documentaries\" href=\"https:\/\/ucm.one\/de\/der-verschwundene-soldat\/\">The Vanishing Soldier<\/a>&#8220; | Original Titel: \u05d4\u05d7\u05d9\u05d9\u05dc \u05d4\u05e0\u05e2\u05dc\u05dd<span dir=\"RTL\" lang=\"AR-SA\"> |\u00a0<\/span>Franz\u00f6sischer Titel: Le d\u00e9serteur[\/vc_column_text][\/vc_column_inner][vc_column_inner width=&#8220;1\/6&#8243;][vc_btn title=&#8220;Presse Materialien&#8220; size=&#8220;xs&#8220; align=&#8220;center&#8220; i_icon_fontawesome=&#8220;fas fa-download&#8220; css=&#8220;&#8220; button_block=&#8220;true&#8220; add_icon=&#8220;true&#8220; link=&#8220;url:https%3A%2F%2Fwww.ucm.one%2Fpresse%2Fak_the-vanishing-soldier_presskit-de.zip|title:The%20vanishing%20Soldier%20Pressematerial|rel:nofollow&#8220;][\/vc_column_inner][vc_column_inner width=&#8220;1\/6&#8243;][vc_btn title=&#8220;DCP Trailer&#8220; size=&#8220;xs&#8220; align=&#8220;center&#8220; i_icon_fontawesome=&#8220;fas fa-external-link-alt&#8220; css=&#8220;&#8220; button_block=&#8220;true&#8220; add_icon=&#8220;true&#8220; link=&#8220;url:https%3A%2F%2Fwww.dropbox.com%2Fscl%2Ffo%2Fduxjnsgf1h2q5jufhket3%2FAJdxVvL6tHo26urOIk4t8lA%3Frlkey%3D7wba3gwrj0bwrwy2hd6vco5xe%26st%3D70zeuz6t%26dl%3D0|target:_blank|rel:nofollow&#8220;][\/vc_column_inner][\/vc_row_inner][vc_tta_accordion style=&#8220;modern&#8220; shape=&#8220;square&#8220; c_icon=&#8220;chevron&#8220; active_section=&#8220;33&#8243; no_fill=&#8220;true&#8220; collapsible_all=&#8220;true&#8220;][vc_tta_section title=&#8220;Weitere Informationen&#8220; tab_id=&#8220;1727655896154-5a0fbfd7-b4ee&#8220;][vc_column_text css=&#8220;&#8220;]<\/p>\n<div class=\"wpb_text_column wpb_content_element \">\n<div class=\"wpb_wrapper\">\n<div class=\"wpb_text_column wpb_content_element \">\n<div class=\"wpb_wrapper\">\n<div class=\"wpb_text_column wpb_content_element \">\n<div class=\"wpb_wrapper\">\n<div class=\"wpb_text_column wpb_content_element \">\n<div class=\"wpb_wrapper\">\n<p><strong>Internationaler Titel:<\/strong> The Vanishing Soldier<\/p>\n<p><strong>Original Titel:<\/strong> \u05d4\u05d7\u05d9\u05d9\u05dc \u05d4\u05e0\u05e2\u05dc\u05dd<\/p>\n<p><strong>Regie:<\/strong> Dani Rosenberg<\/p>\n<p><strong>Drehbuch:<\/strong> Dani Rosenberg, Amir Klinger<\/p>\n<p><strong>Produzenten:<\/strong> Avraham Pirchi, Chilik Michaeli, Itamar Pirchi, Leon Edery, Moshe Edery<\/p>\n<p><strong>Darstellende:<\/strong> Ido Tako, Mika Reiss, Efrat Ben Tzur, Tikva Dayan, Shmulik Cohen, Yariv Horowitz, Seif Nabul, Mushy Vider<\/p>\n<p><strong>Kamera:<\/strong> David Stragmeister<\/p>\n<p><strong>Schnitt:<\/strong> Nili Feller<\/p>\n<p><strong>Ton:<\/strong> Michael Stoliar<\/p>\n<p><strong>Sounddesign:<\/strong> Neal Gibbs<\/p>\n<p><strong>Musik:<\/strong> Yuval Semo<\/p>\n<p>&nbsp;<\/p>\n<p><strong>Produktionsfirma:<\/strong> United Channels Movies (UCM)<\/p>\n<p><strong>Produktionsland:<\/strong> Israel<\/p>\n<p><strong>Produktionsjahr<\/strong>: 2023<\/p>\n<p><strong>Genres:<\/strong> Drama, Thriller, Kriegsfilm<\/p>\n<p>&nbsp;<\/p>\n<p><strong>Bildformat:<\/strong> 2,39:1 [DCP: DCI 2K Scope]<\/p>\n<p><strong>Aufl\u00f6sung:<\/strong> 2048\u00d7858<\/p>\n<p><strong>L\u00e4nge<\/strong>: 89 Min<\/p>\n<p><strong>Sprachen:<\/strong> Hebr\u00e4isch, Deutsche Synchronfassung<\/p>\n<p><strong>Untertitel:<\/strong> Englisch, Deutsch<\/p>\n<p><strong>Ton:<\/strong> Surround 5.1 \/ 2.0 Stereo<\/p>\n<p><strong>FSK:<\/strong> 12<\/p>\n<\/div>\n<\/div>\n<div class=\"vc_separator wpb_content_element vc_separator_align_center vc_sep_width_100 vc_sep_pos_align_center vc_separator_no_text wpb_content_element wpb_content_element\"><div class=\"gap\" style=\"line-height: 10px; height: 10px;\"><\/div><\/div>\n<div class=\"wpb_text_column wpb_content_element \">\n<div class=\"wpb_wrapper\">\n<p><em>Weitere Titel:<\/em><\/p>\n<p><strong>Englisch:<\/strong> The Vanishing Soldier<\/p>\n<p><strong>Franz\u00f6sisch:<\/strong> Le d\u00e9serteur<\/p>\n<p><strong>Japanisch:<\/strong> \u6d88\u3048\u305f\u5175\u58eb<\/p>\n<\/div>\n<\/div>\n<div class=\"vc_separator wpb_content_element vc_separator_align_center vc_sep_width_100 vc_sep_pos_align_center vc_separator_no_text wpb_content_element wpb_content_element\"><div class=\"gap\" style=\"line-height: 10px; height: 10px;\"><\/div><\/div>\n<div class=\"wpb_text_column wpb_content_element \">\n<div class=\"wpb_wrapper\">\n<p><b>Premiere: <\/b>04. August 2023 beim \u00a0<strong>76. Locarno Film Festival<\/strong><\/p>\n<div class=\"gap\" style=\"line-height: 10px; height: 10px;\"><\/div>\n<\/div>\n<\/div>\n<div class=\"wpb_text_column wpb_content_element \">\n<div class=\"wpb_wrapper\">\n<p><strong>Filmlabel:<\/strong> Artkeim\u00b2<\/p>\n<p><strong>Verleih:<\/strong> <strong>UCM.ONE<\/strong><\/p>\n<p><strong>Kinostart: <\/strong>17. Oktober 2024<\/p>\n<\/div>\n<\/div>\n<\/div>\n<div><div class=\"gap\" style=\"line-height: 40px; height: 40px;\"><\/div><\/div>\n<div class=\"vc_separator wpb_content_element vc_separator_align_center vc_sep_width_100 vc_sep_pos_align_center vc_separator_no_text wpb_content_element wpb_content_element\">Alle Informationen \u00fcber den Film: \u00a0<a href=\"https:\/\/ucm.one\/de\/der-verschwundene-soldat\/\">Der verschwundene Soldat<\/a><\/div>\n<div><div class=\"gap\" style=\"line-height: 20px; height: 20px;\"><\/div><\/div>\n<div><\/div>\n<\/div>\n<\/div>\n<\/div>\n<\/div>\n<\/div>\n<p>[\/vc_column_text][\/vc_tta_section][vc_tta_section title=&#8220;Kino Trailer (deutsch)&#8220; tab_id=&#8220;1727655896225-0b844db9-c91f&#8220;][vc_video link=&#8220;https:\/\/youtu.be\/k7bUlr9lsms?si=t0ynYns_urEDpKZ5&#8243; align=&#8220;center&#8220; css=&#8220;&#8220;][\/vc_tta_section][vc_tta_section title=&#8220;Internationaler Trailer (mit deutschen Untertiteln)&#8220; tab_id=&#8220;1729168252613-f8ff0544-d797&#8243;][vc_video link=&#8220;https:\/\/www.youtube.com\/watch?v=Ym7Hsw6ng4I&#8220; align=&#8220;center&#8220; css=&#8220;&#8220;][\/vc_tta_section][vc_tta_section title=&#8220;Q&amp;A @ Locarno Film Festival 2023 (englisch)&#8220; tab_id=&#8220;1727655896295-f39ae304-93ec&#8220;][vc_video link=&#8220;https:\/\/www.youtube.com\/watch?v=Oa-avCkfiA8&#8243; align=&#8220;center&#8220; css=&#8220;&#8220;][\/vc_tta_section][vc_tta_section title=&#8220;Neuigkeiten&#8220; tab_id=&#8220;1729723289271-ab1454a9-8798&#8243;]<style type=\"text\/css\" data-type=\"the7_shortcodes-inline-css\">.blog-shortcode.blog-masonry-shortcode-id-b7b4cf74b699b4e02d2a23224cf229b4.content-bg-on.classic-layout-list article {\n  background: #e6e6e6;\n  box-shadow: none;\n}\n.blog-shortcode.blog-masonry-shortcode-id-b7b4cf74b699b4e02d2a23224cf229b4.dividers-on.classic-layout-list article {\n  padding-top: 0;\n}\n.blog-shortcode.blog-masonry-shortcode-id-b7b4cf74b699b4e02d2a23224cf229b4.dividers-on.classic-layout-list article:first-of-type {\n  margin-top: 0;\n  padding-top: 0;\n}\n.blog-shortcode.blog-masonry-shortcode-id-b7b4cf74b699b4e02d2a23224cf229b4.classic-layout-list.mode-list .post-entry-content {\n  width: calc(100% - );\n}\n.blog-shortcode.blog-masonry-shortcode-id-b7b4cf74b699b4e02d2a23224cf229b4.classic-layout-list.mode-list .no-img .post-entry-content {\n  width: 100%;\n}\n.blog-shortcode.blog-masonry-shortcode-id-b7b4cf74b699b4e02d2a23224cf229b4 .filter-bg-decoration .filter-categories a.act {\n  color: #fff;\n}\n.blog-shortcode.blog-masonry-shortcode-id-b7b4cf74b699b4e02d2a23224cf229b4:not(.mode-masonry) article:first-of-type,\n.blog-shortcode.blog-masonry-shortcode-id-b7b4cf74b699b4e02d2a23224cf229b4:not(.mode-masonry) article.visible.first:not(.product) {\n  margin-top: 0;\n}\n.blog-shortcode.blog-masonry-shortcode-id-b7b4cf74b699b4e02d2a23224cf229b4.dividers-on:not(.mode-masonry) article {\n  margin-top: 0;\n}\n.blog-shortcode.blog-masonry-shortcode-id-b7b4cf74b699b4e02d2a23224cf229b4.dividers-on:not(.mode-masonry) article:first-of-type,\n.blog-shortcode.blog-masonry-shortcode-id-b7b4cf74b699b4e02d2a23224cf229b4.dividers-on:not(.mode-masonry) article.visible.first:not(.product) {\n  margin-top: 0;\n  padding-top: 0;\n}\n.blog-shortcode.blog-masonry-shortcode-id-b7b4cf74b699b4e02d2a23224cf229b4 .post-thumbnail-wrap {\n  padding: 0px 0px 0px 0px;\n}\n.blog-shortcode.blog-masonry-shortcode-id-b7b4cf74b699b4e02d2a23224cf229b4.enable-bg-rollover .post-thumbnail-rollover:after {\n  background: -webkit-linear-gradient();\n  background: linear-gradient();\n}\n.blog-shortcode.blog-masonry-shortcode-id-b7b4cf74b699b4e02d2a23224cf229b4 .gallery-zoom-ico {\n  width: 44px;\n  height: 44px;\n  line-height: 44px;\n  border-radius: 100px;\n  margin: -22px 0 0 -22px;\n  border-width: 0px;\n  color: #ffffff;\n}\n.bottom-overlap-layout-list.blog-shortcode.blog-masonry-shortcode-id-b7b4cf74b699b4e02d2a23224cf229b4 .gallery-zoom-ico {\n  margin-top: -72px;\n}\n.gradient-overlay-layout-list.blog-shortcode.blog-masonry-shortcode-id-b7b4cf74b699b4e02d2a23224cf229b4 .gallery-zoom-ico,\n.content-rollover-layout-list.blog-shortcode.blog-masonry-shortcode-id-b7b4cf74b699b4e02d2a23224cf229b4 .gallery-zoom-ico {\n  margin: 0 0 10px;\n}\n.content-align-center.gradient-overlay-layout-list.blog-shortcode.blog-masonry-shortcode-id-b7b4cf74b699b4e02d2a23224cf229b4 .gallery-zoom-ico,\n.content-align-center.content-rollover-layout-list.blog-shortcode.blog-masonry-shortcode-id-b7b4cf74b699b4e02d2a23224cf229b4 .gallery-zoom-ico {\n  margin: 0 auto 10px;\n}\n.dt-icon-bg-on.blog-shortcode.blog-masonry-shortcode-id-b7b4cf74b699b4e02d2a23224cf229b4 .gallery-zoom-ico {\n  background: rgba(255,255,255,0.3);\n  box-shadow: none;\n}\n.blog-shortcode.blog-masonry-shortcode-id-b7b4cf74b699b4e02d2a23224cf229b4 .gallery-zoom-ico > span,\n.blog-shortcode.blog-masonry-shortcode-id-b7b4cf74b699b4e02d2a23224cf229b4 .gallery-zoom-ico:before {\n  font-size: 32px;\n  line-height: 44px;\n}\n.blog-shortcode.blog-masonry-shortcode-id-b7b4cf74b699b4e02d2a23224cf229b4 .gallery-zoom-ico > span,\n.blog-shortcode.blog-masonry-shortcode-id-b7b4cf74b699b4e02d2a23224cf229b4 .gallery-zoom-ico:before {\n  color: #ffffff;\n}\n.blog-shortcode.blog-masonry-shortcode-id-b7b4cf74b699b4e02d2a23224cf229b4 .fancy-date a .entry-month:after,\n.blog-shortcode.blog-masonry-shortcode-id-b7b4cf74b699b4e02d2a23224cf229b4 .fancy-date a .entry-date:after {\n  background: #092480;\n  box-shadow: none;\n}\n.blog-shortcode.blog-masonry-shortcode-id-b7b4cf74b699b4e02d2a23224cf229b4 .entry-title,\n.blog-shortcode.blog-masonry-shortcode-id-b7b4cf74b699b4e02d2a23224cf229b4.owl-carousel .entry-title {\n  margin-bottom: 5px;\n  font-weight: bold;\n}\n.blog-shortcode.blog-masonry-shortcode-id-b7b4cf74b699b4e02d2a23224cf229b4 .entry-meta {\n  margin-bottom: 15px;\n}\n.blog-shortcode.blog-masonry-shortcode-id-b7b4cf74b699b4e02d2a23224cf229b4 .portfolio-categories {\n  margin-bottom: 15px;\n}\n.blog-shortcode.blog-masonry-shortcode-id-b7b4cf74b699b4e02d2a23224cf229b4 .entry-excerpt {\n  margin-bottom: 5px;\n}\n.blog-shortcode.blog-masonry-shortcode-id-b7b4cf74b699b4e02d2a23224cf229b4:not(.centered-layout-list) .post-entry-content {\n  padding: 15px 20px 20px 20px;\n}\n.blog-shortcode.blog-masonry-shortcode-id-b7b4cf74b699b4e02d2a23224cf229b4:not(.centered-layout-list):not(.content-bg-on):not(.mode-list) .no-img .post-entry-content {\n  padding: 0;\n}\n.blog-shortcode.blog-masonry-shortcode-id-b7b4cf74b699b4e02d2a23224cf229b4.content-bg-on:not(.classic-layout-list):not(.centered-layout-list) .post-entry-content {\n  background: #e6e6e6;\n  box-shadow: none;\n}\n@media screen and (max-width: ) {\n  .blog-shortcode.blog-masonry-shortcode-id-b7b4cf74b699b4e02d2a23224cf229b4 article {\n    -ms-flex-flow: column nowrap;\n    flex-flow: column nowrap;\n    margin-top: 20px;\n  }\n  .blog-shortcode.blog-masonry-shortcode-id-b7b4cf74b699b4e02d2a23224cf229b4.dividers-on article {\n    border: none;\n  }\n  .blog-shortcode.blog-masonry-shortcode-id-b7b4cf74b699b4e02d2a23224cf229b4.content-bg-on.centered-layout-list article {\n    padding: 0;\n  }\n  .blog-shortcode.blog-masonry-shortcode-id-b7b4cf74b699b4e02d2a23224cf229b4.blog-shortcode.dividers-on article,\n  .blog-shortcode.blog-masonry-shortcode-id-b7b4cf74b699b4e02d2a23224cf229b4.dividers-on.classic-layout-list article {\n    margin-top: 20px;\n    padding: 0;\n  }\n  .blog-shortcode.blog-masonry-shortcode-id-b7b4cf74b699b4e02d2a23224cf229b4.blog-shortcode.dividers-on article:first-of-type,\n  .blog-shortcode.blog-masonry-shortcode-id-b7b4cf74b699b4e02d2a23224cf229b4.dividers-on.classic-layout-list article:first-of-type {\n    padding: 0;\n  }\n  #page .blog-shortcode.blog-masonry-shortcode-id-b7b4cf74b699b4e02d2a23224cf229b4 .post-thumbnail-wrap,\n  #page .blog-shortcode.blog-masonry-shortcode-id-b7b4cf74b699b4e02d2a23224cf229b4 .post-entry-content {\n    width: 100%;\n    margin: 0;\n    top: 0;\n  }\n  #page .blog-shortcode.blog-masonry-shortcode-id-b7b4cf74b699b4e02d2a23224cf229b4 .post-thumbnail-wrap {\n    padding: 0;\n  }\n  #page .blog-shortcode.blog-masonry-shortcode-id-b7b4cf74b699b4e02d2a23224cf229b4 .post-entry-content:after {\n    display: none;\n  }\n  #page .blog-shortcode.blog-masonry-shortcode-id-b7b4cf74b699b4e02d2a23224cf229b4 .project-even .post-thumbnail-wrap,\n  #page .blog-shortcode.blog-masonry-shortcode-id-b7b4cf74b699b4e02d2a23224cf229b4.centered-layout-list .post-thumbnail-wrap {\n    -ms-flex-order: 0;\n    order: 0;\n  }\n  #page .blog-shortcode.blog-masonry-shortcode-id-b7b4cf74b699b4e02d2a23224cf229b4.centered-layout-list .post-entry-title-content {\n    -ms-flex-order: 1;\n    order: 1;\n    width: 100%;\n    padding: 20px 20px 0;\n  }\n  #page .blog-shortcode.blog-masonry-shortcode-id-b7b4cf74b699b4e02d2a23224cf229b4.centered-layout-list .post-entry-content {\n    -ms-flex-order: 2;\n    order: 2;\n    padding-top: 0;\n  }\n  #page .blog-shortcode.blog-masonry-shortcode-id-b7b4cf74b699b4e02d2a23224cf229b4 .fancy-categories {\n    top: 10px;\n    left: 10px;\n    bottom: auto;\n    right: auto;\n  }\n  #page .blog-shortcode.blog-masonry-shortcode-id-b7b4cf74b699b4e02d2a23224cf229b4 .fancy-date a {\n    top: 10px;\n    right: 10px;\n    left: auto;\n    bottom: auto;\n  }\n  #page .blog-shortcode.blog-masonry-shortcode-id-b7b4cf74b699b4e02d2a23224cf229b4 .post-entry-content {\n    padding: 20px;\n  }\n  #page .blog-shortcode.blog-masonry-shortcode-id-b7b4cf74b699b4e02d2a23224cf229b4 .entry-title {\n    margin: 3px 0 5px;\n    font-size: 20px;\n    line-height: 26px;\n  }\n  #page .blog-shortcode.blog-masonry-shortcode-id-b7b4cf74b699b4e02d2a23224cf229b4 .entry-meta {\n    margin: 5px 0 5px;\n  }\n  #page .blog-shortcode.blog-masonry-shortcode-id-b7b4cf74b699b4e02d2a23224cf229b4 .entry-excerpt {\n    margin: 15px 0 0;\n  }\n  #page .blog-shortcode.blog-masonry-shortcode-id-b7b4cf74b699b4e02d2a23224cf229b4 .post-details {\n    margin: 5px 0 10px;\n  }\n  #page .blog-shortcode.blog-masonry-shortcode-id-b7b4cf74b699b4e02d2a23224cf229b4 .post-details.details-type-link {\n    margin-bottom: 2px;\n  }\n}\n.blog-shortcode.blog-masonry-shortcode-id-b7b4cf74b699b4e02d2a23224cf229b4:not(.resize-by-browser-width) .dt-css-grid {\n  grid-row-gap: 50px;\n  grid-column-gap: 50px;\n  grid-template-columns: repeat(auto-fill,minmax(,1fr));\n}\n.blog-shortcode.blog-masonry-shortcode-id-b7b4cf74b699b4e02d2a23224cf229b4:not(.resize-by-browser-width) .dt-css-grid .double-width {\n  grid-column: span 2;\n}\n.cssgridlegacy.no-cssgrid .blog-shortcode.blog-masonry-shortcode-id-b7b4cf74b699b4e02d2a23224cf229b4:not(.resize-by-browser-width) .dt-css-grid,\n.no-cssgridlegacy.no-cssgrid .blog-shortcode.blog-masonry-shortcode-id-b7b4cf74b699b4e02d2a23224cf229b4:not(.resize-by-browser-width) .dt-css-grid {\n  display: flex;\n  flex-flow: row wrap;\n  margin: -25px;\n}\n.cssgridlegacy.no-cssgrid .blog-shortcode.blog-masonry-shortcode-id-b7b4cf74b699b4e02d2a23224cf229b4:not(.resize-by-browser-width) .dt-css-grid .wf-cell,\n.no-cssgridlegacy.no-cssgrid .blog-shortcode.blog-masonry-shortcode-id-b7b4cf74b699b4e02d2a23224cf229b4:not(.resize-by-browser-width) .dt-css-grid .wf-cell {\n  flex: 1 0 ;\n  max-width: 100%;\n  padding: 25px;\n  box-sizing: border-box;\n}\n.blog-shortcode.blog-masonry-shortcode-id-b7b4cf74b699b4e02d2a23224cf229b4.resize-by-browser-width .dt-css-grid {\n  grid-template-columns: repeat(1,1fr);\n  grid-template-rows: auto;\n  grid-column-gap: 50px;\n  grid-row-gap: 50px;\n}\n.blog-shortcode.blog-masonry-shortcode-id-b7b4cf74b699b4e02d2a23224cf229b4.resize-by-browser-width .dt-css-grid .double-width {\n  grid-column: span 2;\n}\n.cssgridlegacy.no-cssgrid .blog-shortcode.blog-masonry-shortcode-id-b7b4cf74b699b4e02d2a23224cf229b4.resize-by-browser-width .dt-css-grid {\n  margin: -25px;\n}\n.cssgridlegacy.no-cssgrid .blog-shortcode.blog-masonry-shortcode-id-b7b4cf74b699b4e02d2a23224cf229b4.resize-by-browser-width .dt-css-grid .wf-cell {\n  width: 100%;\n  padding: 25px;\n}\n.cssgridlegacy.no-cssgrid .blog-shortcode.blog-masonry-shortcode-id-b7b4cf74b699b4e02d2a23224cf229b4.resize-by-browser-width .dt-css-grid .wf-cell.double-width {\n  width: calc(100%) * 2;\n}\n.blog-shortcode.blog-masonry-shortcode-id-b7b4cf74b699b4e02d2a23224cf229b4.resize-by-browser-width:not(.centered-layout-list):not(.content-bg-on) .dt-css-grid {\n  grid-row-gap: 30px;\n}\n@media screen and (max-width: 1199px) {\n  .blog-shortcode.blog-masonry-shortcode-id-b7b4cf74b699b4e02d2a23224cf229b4.resize-by-browser-width .dt-css-grid {\n    grid-template-columns: repeat(1,1fr);\n  }\n  .cssgridlegacy.no-cssgrid .blog-shortcode.blog-masonry-shortcode-id-b7b4cf74b699b4e02d2a23224cf229b4.resize-by-browser-width .dt-css-grid .wf-cell,\n  .no-cssgridlegacy.no-cssgrid .blog-shortcode.blog-masonry-shortcode-id-b7b4cf74b699b4e02d2a23224cf229b4.resize-by-browser-width .dt-css-grid .wf-cell {\n    width: 100%;\n  }\n  .cssgridlegacy.no-cssgrid .blog-shortcode.blog-masonry-shortcode-id-b7b4cf74b699b4e02d2a23224cf229b4.resize-by-browser-width .dt-css-grid .wf-cell.double-width,\n  .no-cssgridlegacy.no-cssgrid .blog-shortcode.blog-masonry-shortcode-id-b7b4cf74b699b4e02d2a23224cf229b4.resize-by-browser-width .dt-css-grid .wf-cell.double-width {\n    width: calc(100%)*2;\n  }\n}\n@media screen and (max-width: 991px) {\n  .blog-shortcode.blog-masonry-shortcode-id-b7b4cf74b699b4e02d2a23224cf229b4.resize-by-browser-width .dt-css-grid {\n    grid-template-columns: repeat(1,1fr);\n  }\n  .cssgridlegacy.no-cssgrid .blog-shortcode.blog-masonry-shortcode-id-b7b4cf74b699b4e02d2a23224cf229b4.resize-by-browser-width .dt-css-grid .wf-cell,\n  .no-cssgridlegacy.no-cssgrid .blog-shortcode.blog-masonry-shortcode-id-b7b4cf74b699b4e02d2a23224cf229b4.resize-by-browser-width .dt-css-grid .wf-cell {\n    width: 100%;\n  }\n  .cssgridlegacy.no-cssgrid .blog-shortcode.blog-masonry-shortcode-id-b7b4cf74b699b4e02d2a23224cf229b4.resize-by-browser-width .dt-css-grid .wf-cell.double-width,\n  .no-cssgridlegacy.no-cssgrid .blog-shortcode.blog-masonry-shortcode-id-b7b4cf74b699b4e02d2a23224cf229b4.resize-by-browser-width .dt-css-grid .wf-cell.double-width {\n    width: calc(100%)*2;\n  }\n}\n@media screen and (max-width: 767px) {\n  .blog-shortcode.blog-masonry-shortcode-id-b7b4cf74b699b4e02d2a23224cf229b4.resize-by-browser-width .dt-css-grid {\n    grid-template-columns: repeat(1,1fr);\n  }\n  .blog-shortcode.blog-masonry-shortcode-id-b7b4cf74b699b4e02d2a23224cf229b4.resize-by-browser-width .dt-css-grid .double-width {\n    grid-column: span 1;\n  }\n  .cssgridlegacy.no-cssgrid .blog-shortcode.blog-masonry-shortcode-id-b7b4cf74b699b4e02d2a23224cf229b4.resize-by-browser-width .dt-css-grid .wf-cell,\n  .no-cssgridlegacy.no-cssgrid .blog-shortcode.blog-masonry-shortcode-id-b7b4cf74b699b4e02d2a23224cf229b4.resize-by-browser-width .dt-css-grid .wf-cell {\n    width: 100%;\n  }\n  .cssgridlegacy.no-cssgrid .blog-shortcode.blog-masonry-shortcode-id-b7b4cf74b699b4e02d2a23224cf229b4.resize-by-browser-width .dt-css-grid .wf-cell.double-width,\n  .no-cssgridlegacy.no-cssgrid .blog-shortcode.blog-masonry-shortcode-id-b7b4cf74b699b4e02d2a23224cf229b4.resize-by-browser-width .dt-css-grid .wf-cell.double-width {\n    width: calc(100%)*2;\n  }\n}<\/style><div class=\"blog-shortcode blog-masonry-shortcode-id-b7b4cf74b699b4e02d2a23224cf229b4 mode-grid classic-layout-list content-bg-on jquery-filter vertical-fancy-style scale-img dt-css-grid-wrap dt-icon-bg-off resize-by-browser-width loading-effect-none description-under-image \" data-padding=\"25px\" data-cur-page=\"1\" data-post-limit=\"2\" data-pagination-mode=\"load-more\" aria-live=\"assertive\" data-desktop-columns-num=\"1\" data-v-tablet-columns-num=\"1\" data-h-tablet-columns-num=\"1\" data-phone-columns-num=\"1\" data-width=\"0px\" data-columns=\"0\"><div class=\"dt-css-grid\" ><div class=\"visible wf-cell\" data-post-id=\"220427\" data-date=\"2025-03-10T08:31:21+00:00\" data-name=\"\ud83c\udfac &quot;Der verschwundene Soldat&quot; mit zwei Auff\u00fchrungen auf dem J\u00fcdischen Filmfestival Wien 2025\"><article class=\"post project-odd visible post-220427 type-post status-publish format-standard has-post-thumbnail hentry category-artkeim category-film category-news tag-artkeim tag-dani-rosenberg tag-der-verschwundene-soldat tag-europaeischer-filmpreis tag-festival-del-film-locarno tag-film-festival-locarno tag-gaza-streifen tag-haifa-film-festival tag-hakolnoa tag-hamas tag-internationales-filmfestival-montpellier tag-israel tag-jfbb tag-juedisches-filmfest-berlin-brandenburg tag-juedisches-filmfestival-wien tag-krieg tag-oldenburg tag-tel-aviv tag-the-vanishing-soldier category-828 category-8 category-13\" data-name=\"\ud83c\udfac &#8222;Der verschwundene Soldat&#8220; mit zwei Auff\u00fchrungen auf dem J\u00fcdischen Filmfestival Wien 2025\" data-date=\"2025-03-10T08:31:21+00:00\">\n\n<div class=\"post-thumbnail-wrap\">\n\t<div class=\"post-thumbnail\">\n\t\t\n\t\t\n\t\t<a href=\"https:\/\/ucm.one\/de\/der-verschwundene-soldat-mit-zwei-auffuehrungen-auf-dem-juedischen-filmfestival-wien-2025\/\" class=\"post-thumbnail-rollover layzr-bg layzr-bg\" ><img decoding=\"async\" class=\"iso-lazy-load preload-me iso-lazy-load aspect\" src=\"data:image\/svg+xml,%3Csvg%20xmlns%3D&#39;http%3A%2F%2Fwww.w3.org%2F2000%2Fsvg&#39;%20viewBox%3D&#39;0%200%20990%20309&#39;%2F%3E\" data-src=\"https:\/\/ucm.one\/wp-content\/uploads\/2025\/03\/b-TVS_JFW25_de-990x309.jpg\" data-srcset=\"https:\/\/ucm.one\/wp-content\/uploads\/2025\/03\/b-TVS_JFW25_de-990x309.jpg 990w, https:\/\/ucm.one\/wp-content\/uploads\/2025\/03\/b-TVS_JFW25_de-1485x464.jpg 1485w\" loading=\"eager\" style=\"--ratio: 990 \/ 309\" sizes=\"(max-width: 990px) 100vw, 990px\" alt=\"\" title=\"b-TVS_JFW25_de\" width=\"990\" height=\"309\"  \/><\/a>\t<\/div>\n<\/div>\n\n\n<div class=\"post-entry-content\">\n\n\t<h3 class=\"entry-title\">\n\t\t<a href=\"https:\/\/ucm.one\/de\/der-verschwundene-soldat-mit-zwei-auffuehrungen-auf-dem-juedischen-filmfestival-wien-2025\/\" title=\"\ud83c\udfac &#8222;Der verschwundene Soldat&#8220; mit zwei Auff\u00fchrungen auf dem J\u00fcdischen Filmfestival Wien 2025\" rel=\"bookmark\">\ud83c\udfac &#8222;Der verschwundene Soldat&#8220; mit zwei Auff\u00fchrungen auf dem J\u00fcdischen Filmfestival Wien 2025<\/a>\n\t<\/h3>\n\n\t<div class=\"entry-meta\"><span class=\"category-link\"><a href=\"https:\/\/ucm.one\/de\/category\/news\/film\/artkeim\/\" >Artkeim\u00b2<\/a>, <a href=\"https:\/\/ucm.one\/de\/category\/news\/film\/\" >Film<\/a>, <a href=\"https:\/\/ucm.one\/de\/category\/news\/\" >News<\/a><\/span><\/div>\n\t<div class=\"entry-excerpt\"><p>[vc_row][vc_column][vc_column_text css=&#8220;&#8220;] Der israelische Antikriegsfim &#8222;Der verschwundene Soldat&#8220; \u00a0(Internationaler Titel: &#8222;The Vanishing Soldier&#8220;) von Dani Rosenberg wird auf dem J\u00fcdischen Filmfestival Wien 2025 gezeigt. Das J\u00fcdische Filmfestival Wien (JFW), das vom 11. bis 25. M\u00e4rz 2025 stattfindet, feiert in diesem Jahr sein 34. Jubil\u00e4um. Unter dem Motto \u201cShalom Oida\u201d pr\u00e4sentiert das Festival rund 50 Spiel-,&hellip;<\/p>\n<\/div>\n\t\n<a href=\"https:\/\/ucm.one\/de\/der-verschwundene-soldat-mit-zwei-auffuehrungen-auf-dem-juedischen-filmfestival-wien-2025\/\" class=\"post-details details-type-link\" aria-label=\"Read more about \ud83c\udfac &#8222;Der verschwundene Soldat&#8220; mit zwei Auff\u00fchrungen auf dem J\u00fcdischen Filmfestival Wien 2025\">Mehr lesen<i class=\"dt-icon-the7-arrow-03\" aria-hidden=\"true\"><\/i><\/a>\n\n<\/div><\/article><\/div><div class=\"visible wf-cell\" data-post-id=\"109135\" data-date=\"2024-10-18T11:35:14+00:00\" data-name=\"\ud83c\udfac &quot;Der verschwundene Soldat&quot; im CineK in Oldenburg mit Nachgespr\u00e4ch am Sonntag mit HAKOLNOA\"><article class=\"post project-odd visible post-109135 type-post status-publish format-standard has-post-thumbnail hentry category-artkeim category-film category-news tag-artkeim tag-cinek tag-dani-rosenberg tag-der-verschwundene-soldat tag-europaeischer-filmpreis tag-festival-del-film-locarno tag-film-festival-locarno tag-gaza-streifen tag-haifa-film-festival tag-hakolnoa tag-hamas tag-internationales-filmfestival-montpellier tag-israel tag-jfbb tag-juedisches-filmfest-berlin-brandenburg tag-krieg tag-oldenburg tag-tel-aviv tag-the-vanishing-soldier category-828 category-8 category-13\" data-name=\"\ud83c\udfac &#8222;Der verschwundene Soldat&#8220; im CineK in Oldenburg mit Nachgespr\u00e4ch am Sonntag mit HAKOLNOA\" data-date=\"2024-10-18T11:35:14+00:00\">\n\n<div class=\"post-thumbnail-wrap\">\n\t<div class=\"post-thumbnail\">\n\t\t\n\t\t\n\t\t<a href=\"https:\/\/ucm.one\/de\/der-verschwundene-soldat-im-cinek-in-oldenburg-mit-nachgespraech-am-sonntag-mit-hakolnoa\/\" class=\"post-thumbnail-rollover layzr-bg layzr-bg\" ><img decoding=\"async\" class=\"iso-lazy-load preload-me iso-lazy-load aspect\" src=\"data:image\/svg+xml,%3Csvg%20xmlns%3D&#39;http%3A%2F%2Fwww.w3.org%2F2000%2Fsvg&#39;%20viewBox%3D&#39;0%200%20990%20309&#39;%2F%3E\" data-src=\"https:\/\/ucm.one\/wp-content\/uploads\/2024\/10\/B-DerVerschwundeneSoldat-Oldenburg-990x309.jpg\" data-srcset=\"https:\/\/ucm.one\/wp-content\/uploads\/2024\/10\/B-DerVerschwundeneSoldat-Oldenburg-990x309.jpg 990w, https:\/\/ucm.one\/wp-content\/uploads\/2024\/10\/B-DerVerschwundeneSoldat-Oldenburg-1485x464.jpg 1485w\" loading=\"eager\" style=\"--ratio: 990 \/ 309\" sizes=\"(max-width: 990px) 100vw, 990px\" alt=\"\" title=\"B DerVerschwundeneSoldat Oldenburg\" width=\"990\" height=\"309\"  \/><\/a>\t<\/div>\n<\/div>\n\n\n<div class=\"post-entry-content\">\n\n\t<h3 class=\"entry-title\">\n\t\t<a href=\"https:\/\/ucm.one\/de\/der-verschwundene-soldat-im-cinek-in-oldenburg-mit-nachgespraech-am-sonntag-mit-hakolnoa\/\" title=\"\ud83c\udfac &#8222;Der verschwundene Soldat&#8220; im CineK in Oldenburg mit Nachgespr\u00e4ch am Sonntag mit HAKOLNOA\" rel=\"bookmark\">\ud83c\udfac &#8222;Der verschwundene Soldat&#8220; im CineK in Oldenburg mit Nachgespr\u00e4ch am Sonntag mit HAKOLNOA<\/a>\n\t<\/h3>\n\n\t<div class=\"entry-meta\"><span class=\"category-link\"><a href=\"https:\/\/ucm.one\/de\/category\/news\/film\/artkeim\/\" >Artkeim\u00b2<\/a>, <a href=\"https:\/\/ucm.one\/de\/category\/news\/film\/\" >Film<\/a>, <a href=\"https:\/\/ucm.one\/de\/category\/news\/\" >News<\/a><\/span><\/div>\n\t<div class=\"entry-excerpt\"><p>[vc_row][vc_column][vc_column_text css=&#8220;&#8220;] Der israelische Antikriegsfim &#8222;Der verschwundene Soldat&#8220; \u00a0(Internationaler Titel: &#8222;The Vanishing Soldier&#8222;) von Dani Rosenberg wird ab dieser Woche bundesweit, aber auch t\u00e4glich im CineK in Oldenburg gezeigt. An diesem Sonntag, den 20. September 2024, 18.30 Uhr, findet nach der Vorf\u00fchrung in Oldenburg des Film (im hebr\u00e4ischen Original mit deutschen Untertiteln) ein Nachgespr\u00e4ch mit&hellip;<\/p>\n<\/div>\n\t\n<a href=\"https:\/\/ucm.one\/de\/der-verschwundene-soldat-im-cinek-in-oldenburg-mit-nachgespraech-am-sonntag-mit-hakolnoa\/\" class=\"post-details details-type-link\" aria-label=\"Read more about \ud83c\udfac &#8222;Der verschwundene Soldat&#8220; im CineK in Oldenburg mit Nachgespr\u00e4ch am Sonntag mit HAKOLNOA\">Mehr lesen<i class=\"dt-icon-the7-arrow-03\" aria-hidden=\"true\"><\/i><\/a>\n\n<\/div><\/article><\/div><div class=\"hidden wf-cell\" data-post-id=\"107463\" data-date=\"2024-10-17T09:34:28+00:00\" data-name=\"\ud83c\udfac &quot;Der verschwundene Soldat&quot; von Dani Rosenberg startet heute in den deutschen Kinos\"><article class=\"post project-odd visible post-107463 type-post status-publish format-standard has-post-thumbnail hentry category-artkeim category-film category-news tag-artkeim tag-dani-rosenberg tag-der-verschwundene-soldat tag-europaeischer-filmpreis tag-festival-del-film-locarno tag-film-festival-locarno tag-filmkunst-66 tag-gaza-streifen tag-haifa-film-festival tag-hamas tag-internationales-filmfestival-montpellier tag-israel tag-jfbb tag-juedisches-filmfest-berlin-brandenburg tag-krieg tag-tel-aviv tag-thalia-potsdam tag-the-vanishing-soldier category-828 category-8 category-13\" data-name=\"\ud83c\udfac &#8222;Der verschwundene Soldat&#8220; von Dani Rosenberg startet heute in den deutschen Kinos\" data-date=\"2024-10-17T09:34:28+00:00\">\n\n<div class=\"post-thumbnail-wrap\">\n\t<div class=\"post-thumbnail\">\n\t\t\n\t\t\n\t\t<a href=\"https:\/\/ucm.one\/de\/der-verschwundene-soldat-von-dani-rosenberg-startet-heute-in-den-deutschen-kinos\/\" class=\"post-thumbnail-rollover layzr-bg layzr-bg\" ><img decoding=\"async\" class=\"iso-lazy-load preload-me iso-lazy-load aspect\" src=\"data:image\/svg+xml,%3Csvg%20xmlns%3D&#39;http%3A%2F%2Fwww.w3.org%2F2000%2Fsvg&#39;%20viewBox%3D&#39;0%200%20990%20309&#39;%2F%3E\" data-src=\"https:\/\/ucm.one\/wp-content\/uploads\/2024\/10\/DerVerschwundeneSoldat-Banner-Artwork-990x309.jpg\" data-srcset=\"https:\/\/ucm.one\/wp-content\/uploads\/2024\/10\/DerVerschwundeneSoldat-Banner-Artwork-990x309.jpg 990w, https:\/\/ucm.one\/wp-content\/uploads\/2024\/10\/DerVerschwundeneSoldat-Banner-Artwork-1485x464.jpg 1485w\" loading=\"eager\" style=\"--ratio: 990 \/ 309\" sizes=\"(max-width: 990px) 100vw, 990px\" alt=\"\" title=\"DerVerschwundeneSoldat-Banner-Artwork\" width=\"990\" height=\"309\"  \/><\/a>\t<\/div>\n<\/div>\n\n\n<div class=\"post-entry-content\">\n\n\t<h3 class=\"entry-title\">\n\t\t<a href=\"https:\/\/ucm.one\/de\/der-verschwundene-soldat-von-dani-rosenberg-startet-heute-in-den-deutschen-kinos\/\" title=\"\ud83c\udfac &#8222;Der verschwundene Soldat&#8220; von Dani Rosenberg startet heute in den deutschen Kinos\" rel=\"bookmark\">\ud83c\udfac &#8222;Der verschwundene Soldat&#8220; von Dani Rosenberg startet heute in den deutschen Kinos<\/a>\n\t<\/h3>\n\n\t<div class=\"entry-meta\"><span class=\"category-link\"><a href=\"https:\/\/ucm.one\/de\/category\/news\/film\/artkeim\/\" >Artkeim\u00b2<\/a>, <a href=\"https:\/\/ucm.one\/de\/category\/news\/film\/\" >Film<\/a>, <a href=\"https:\/\/ucm.one\/de\/category\/news\/\" >News<\/a><\/span><\/div>\n\t<div class=\"entry-excerpt\"><p>[vc_row][vc_column][vc_column_text css=&#8220;&#8220;] Heute startet der neue Film\u00a0&#8222;Der verschwundene Soldat&#8220; (Englischer Titel: &#8222;The Vanishing Soldier&#8222;) von Dani Rosenberg in den deutschen Kino. UCM.ONE pr\u00e4sentiert neben der originalen hebr\u00e4ischen Version den Film auf dem Label Artkeim\u00b2 erstmals in der deutschen Synchronfassung. [\/vc_column_text][\/vc_column][\/vc_row][vc_row][vc_column width=&#8220;3\/4&#8243;][vc_row_inner][vc_column_inner][vc_column_text css=&#8220;&#8220;] Der Film um Shlomi, einen 18-j\u00e4hrigen israelischen IDF-Soldaten, der sich regelwidrig von der&hellip;<\/p>\n<\/div>\n\t\n<a href=\"https:\/\/ucm.one\/de\/der-verschwundene-soldat-von-dani-rosenberg-startet-heute-in-den-deutschen-kinos\/\" class=\"post-details details-type-link\" aria-label=\"Read more about \ud83c\udfac &#8222;Der verschwundene Soldat&#8220; von Dani Rosenberg startet heute in den deutschen Kinos\">Mehr lesen<i class=\"dt-icon-the7-arrow-03\" aria-hidden=\"true\"><\/i><\/a>\n\n<\/div><\/article><\/div><div class=\"hidden wf-cell\" data-post-id=\"105220\" data-date=\"2024-06-19T06:34:36+00:00\" data-name=\"\ud83c\udfac Antikriegsdrama \u201cThe Vanishing Soldier\u201d von Dani Rosenberg im Wettbewerb des 30. J\u00fcdischen Filmfestivals Berlin Brandenburg\"><article class=\"post project-odd visible post-105220 type-post status-publish format-standard has-post-thumbnail hentry category-artkeim category-film category-filmvertrieb-de category-news tag-artkeim tag-bundesplatz-kino tag-dani-rosenberg tag-europaeischer-filmpreis tag-festival-del-film-locarno tag-film-festival-locarno tag-filmkunst-66 tag-gaza-streifen tag-haifa-film-festival tag-hamas tag-internationales-filmfestival-montpellier tag-israel tag-jfbb tag-juedisches-filmfest-berlin-brandenburg tag-krieg tag-tel-aviv tag-thalia-potsdam tag-the-vanishing-soldier category-828 category-8 category-15325 category-13\" data-name=\"\ud83c\udfac Antikriegsdrama \u201cThe Vanishing Soldier\u201d von Dani Rosenberg im Wettbewerb des 30. J\u00fcdischen Filmfestivals Berlin Brandenburg\" data-date=\"2024-06-19T06:34:36+00:00\">\n\n<div class=\"post-thumbnail-wrap\">\n\t<div class=\"post-thumbnail\">\n\t\t\n\t\t\n\t\t<a href=\"https:\/\/ucm.one\/de\/antikriegsdrama-the-vanishing-soldier-von-dani-rosenberg-im-wettbewerb-des-30-juedischen-filmfestivals-berlin-brandenburg\/\" class=\"post-thumbnail-rollover layzr-bg layzr-bg\" ><img decoding=\"async\" class=\"iso-lazy-load preload-me iso-lazy-load aspect\" src=\"data:image\/svg+xml,%3Csvg%20xmlns%3D&#39;http%3A%2F%2Fwww.w3.org%2F2000%2Fsvg&#39;%20viewBox%3D&#39;0%200%20990%20309&#39;%2F%3E\" data-src=\"https:\/\/ucm.one\/wp-content\/uploads\/2024\/06\/BB-The-Vanishing-Soldier-JFBB-2024-990x309.jpg\" data-srcset=\"https:\/\/ucm.one\/wp-content\/uploads\/2024\/06\/BB-The-Vanishing-Soldier-JFBB-2024-990x309.jpg 990w, https:\/\/ucm.one\/wp-content\/uploads\/2024\/06\/BB-The-Vanishing-Soldier-JFBB-2024-1485x464.jpg 1485w\" loading=\"eager\" style=\"--ratio: 990 \/ 309\" sizes=\"(max-width: 990px) 100vw, 990px\" alt=\"\" title=\"BB The Vanishing Soldier &#8211; JFBB-2024\" width=\"990\" height=\"309\"  \/><\/a>\t<\/div>\n<\/div>\n\n\n<div class=\"post-entry-content\">\n\n\t<h3 class=\"entry-title\">\n\t\t<a href=\"https:\/\/ucm.one\/de\/antikriegsdrama-the-vanishing-soldier-von-dani-rosenberg-im-wettbewerb-des-30-juedischen-filmfestivals-berlin-brandenburg\/\" title=\"\ud83c\udfac Antikriegsdrama \u201cThe Vanishing Soldier\u201d von Dani Rosenberg im Wettbewerb des 30. J\u00fcdischen Filmfestivals Berlin Brandenburg\" rel=\"bookmark\">\ud83c\udfac Antikriegsdrama \u201cThe Vanishing Soldier\u201d von Dani Rosenberg im Wettbewerb des 30. J\u00fcdischen Filmfestivals Berlin Brandenburg<\/a>\n\t<\/h3>\n\n\t<div class=\"entry-meta\"><span class=\"category-link\"><a href=\"https:\/\/ucm.one\/de\/category\/news\/film\/artkeim\/\" >Artkeim\u00b2<\/a>, <a href=\"https:\/\/ucm.one\/de\/category\/news\/film\/\" >Film<\/a>, <a href=\"https:\/\/ucm.one\/de\/category\/news\/vertrieb-von-medien-de\/filmvertrieb-de\/\" >Filmvertrieb<\/a>, <a href=\"https:\/\/ucm.one\/de\/category\/news\/\" >News<\/a><\/span><\/div>\n\t<div class=\"entry-excerpt\"><p>[vc_row][vc_column][vc_column_text css=&#8220;&#8220;] Das von UCM.ONE f\u00fcr die deutschsprachigen L\u00e4nder vertriebene israelische Anti-Kriegsdrama \u201cThe Vanishing Soldier\u201d des renommierten Regisseurs Dani Rosenberg nimmt am Spielfilmwettbewerb des 30. J\u00fcdischen Filmfestivals Berlin Brandenburg (kurz: 30.JFBB) teil. [\/vc_column_text][\/vc_column][\/vc_row][vc_row][vc_column width=&#8220;3\/4&#8243;][vc_row_inner][vc_column_inner][vc_column_text css=&#8220;&#8220;] Der Film um Shlomi, einen 18-j\u00e4hrigen israelischen IDF-Soldaten, der sich regelwidrig von der im Gaza-Streifen k\u00e4mpfenden Truppe entfernt um zu&hellip;<\/p>\n<\/div>\n\t\n<a href=\"https:\/\/ucm.one\/de\/antikriegsdrama-the-vanishing-soldier-von-dani-rosenberg-im-wettbewerb-des-30-juedischen-filmfestivals-berlin-brandenburg\/\" class=\"post-details details-type-link\" aria-label=\"Read more about \ud83c\udfac Antikriegsdrama \u201cThe Vanishing Soldier\u201d von Dani Rosenberg im Wettbewerb des 30. J\u00fcdischen Filmfestivals Berlin Brandenburg\">Mehr lesen<i class=\"dt-icon-the7-arrow-03\" aria-hidden=\"true\"><\/i><\/a>\n\n<\/div><\/article><\/div><div class=\"hidden wf-cell\" data-post-id=\"106483\" data-date=\"2023-10-30T13:10:38+00:00\" data-name=\"\ud83c\udfac UCM.ONE nimmt den israelischen Film &quot;The Vanishing Soldier&quot; von Dani Rosenberg unter Vertrag\"><article class=\"post project-odd visible post-106483 type-post status-publish format-standard has-post-thumbnail hentry category-artkeim category-film category-filmvertrieb-de category-news tag-artkeim tag-dani-rosenberg tag-der-verschwundene-soldat tag-festival-del-film-locarno tag-film-festival-locarno tag-gaza-streifen tag-hamas tag-israel tag-krieg tag-tel-aviv tag-the-vanishing-soldier category-828 category-8 category-15325 category-13\" data-name=\"\ud83c\udfac UCM.ONE nimmt den israelischen Film &#8222;The Vanishing Soldier&#8220; von Dani Rosenberg unter Vertrag\" data-date=\"2023-10-30T13:10:38+00:00\">\n\n<div class=\"post-thumbnail-wrap\">\n\t<div class=\"post-thumbnail\">\n\t\t\n\t\t\n\t\t<a href=\"https:\/\/ucm.one\/de\/ucm-one-nimmt-den-israelischen-film-the-vanishing-soldier-von-dani-rosenberg-unter-vertrag\/\" class=\"post-thumbnail-rollover layzr-bg layzr-bg\" ><img decoding=\"async\" class=\"iso-lazy-load preload-me iso-lazy-load aspect\" src=\"data:image\/svg+xml,%3Csvg%20xmlns%3D&#39;http%3A%2F%2Fwww.w3.org%2F2000%2Fsvg&#39;%20viewBox%3D&#39;0%200%20990%20309&#39;%2F%3E\" data-src=\"https:\/\/ucm.one\/wp-content\/uploads\/2024\/09\/The-Vanishing-Soldier-Locarno-2023-990x309.jpg\" data-srcset=\"https:\/\/ucm.one\/wp-content\/uploads\/2024\/09\/The-Vanishing-Soldier-Locarno-2023-990x309.jpg 990w, https:\/\/ucm.one\/wp-content\/uploads\/2024\/09\/The-Vanishing-Soldier-Locarno-2023-1485x464.jpg 1485w\" loading=\"eager\" style=\"--ratio: 990 \/ 309\" sizes=\"(max-width: 990px) 100vw, 990px\" alt=\"\" title=\"The Vanishing Soldier Locarno 2023\" width=\"990\" height=\"309\"  \/><\/a>\t<\/div>\n<\/div>\n\n\n<div class=\"post-entry-content\">\n\n\t<h3 class=\"entry-title\">\n\t\t<a href=\"https:\/\/ucm.one\/de\/ucm-one-nimmt-den-israelischen-film-the-vanishing-soldier-von-dani-rosenberg-unter-vertrag\/\" title=\"\ud83c\udfac UCM.ONE nimmt den israelischen Film &#8222;The Vanishing Soldier&#8220; von Dani Rosenberg unter Vertrag\" rel=\"bookmark\">\ud83c\udfac UCM.ONE nimmt den israelischen Film &#8222;The Vanishing Soldier&#8220; von Dani Rosenberg unter Vertrag<\/a>\n\t<\/h3>\n\n\t<div class=\"entry-meta\"><span class=\"category-link\"><a href=\"https:\/\/ucm.one\/de\/category\/news\/film\/artkeim\/\" >Artkeim\u00b2<\/a>, <a href=\"https:\/\/ucm.one\/de\/category\/news\/film\/\" >Film<\/a>, <a href=\"https:\/\/ucm.one\/de\/category\/news\/vertrieb-von-medien-de\/filmvertrieb-de\/\" >Filmvertrieb<\/a>, <a href=\"https:\/\/ucm.one\/de\/category\/news\/\" >News<\/a><\/span><\/div>\n\t<div class=\"entry-excerpt\"><p>[vc_row][vc_column][vc_column_text css=&#8220;&#8220;] UCM.ONE nimmt den israelischen Film &#8222;The Vanishing Soldier&#8220; des renommierten Regisseurs Dani Rosenberg, der im Sommer auf dem 76. Locarno Filmfestival 2023 in der Schweiz seine Premiere feierte, f\u00fcr die deutschsprachigen L\u00e4nder Deutschland, \u00d6sterreich sowie die Schweiz unter Vertrag. [\/vc_column_text][\/vc_column][\/vc_row][vc_row][vc_column width=&#8220;3\/4&#8243;][vc_row_inner][vc_column_inner][vc_column_text css=&#8220;&#8220;] Der Film um Shlomi, einen 18-j\u00e4hrigen israelischen IDF-Soldaten, der sich regelwidrig&hellip;<\/p>\n<\/div>\n\t\n<a href=\"https:\/\/ucm.one\/de\/ucm-one-nimmt-den-israelischen-film-the-vanishing-soldier-von-dani-rosenberg-unter-vertrag\/\" class=\"post-details details-type-link\" aria-label=\"Read more about \ud83c\udfac UCM.ONE nimmt den israelischen Film &#8222;The Vanishing Soldier&#8220; von Dani Rosenberg unter Vertrag\">Mehr lesen<i class=\"dt-icon-the7-arrow-03\" aria-hidden=\"true\"><\/i><\/a>\n\n<\/div><\/article><\/div><\/div><!-- iso-container|iso-grid --><div class=\"paginator paginator-more-button\">\n\t\t\t\t<a class=\"button-load-more \" href=\"javascript:void(0);\" data-dt-page=\"1\" ><span class=\"stick\"><\/span><span class=\"stick\"><\/span><span class=\"stick\"><\/span><span class=\"button-caption\">Mehr laden<\/span><\/a>\n\t\t\t<\/div><\/div>[\/vc_tta_section][\/vc_tta_accordion][vc_separator][\/vc_column][\/vc_row][vc_row el_id=&#8220;rock-n-roll-ringo&#8220; css=&#8220;.vc_custom_1725187952934{margin-top: 80px !important;padding-top: 0px !important;}&#8220;][vc_column width=&#8220;1\/4&#8243; offset=&#8220;vc_col-lg-offset-0 vc_col-md-offset-0 vc_col-sm-offset-0&#8243;][vc_single_image image=&#8220;105743&#8243; img_size=&#8220;full&#8220; onclick=&#8220;link_image&#8220; css=&#8220;&#8220;][\/vc_column][vc_column width=&#8220;3\/4&#8243;][vc_column_text css=&#8220;&#8220;]<\/p>\n<h2>Rock &#8217;n&#8216; Roll Ringo<\/h2>\n<h3>von Dominik Galizia<\/h3>\n<div class=\"wpb_text_column wpb_content_element \">\n<div class=\"wpb_wrapper\">\n<div class=\"wpb_text_column wpb_content_element \">\n<div class=\"wpb_wrapper\">\n<div class=\"wpb_text_column wpb_content_element \">\n<p style=\"font-weight: 400;\">Ringo Fleisch, Ger\u00fcstbauer aus Herne, verliert seinen Job und f\u00e4ngt als Aushilfskraft auf der Kirmes an. Dort verf\u00fchrt ihn Schausteller Fr\u00e4nkie, eine Karriere als Kirmesboxer zu machen. Zum ersten Mal verl\u00e4sst Ringo seine Heimat, geht mit dem Rummel auf Reisen. Die Kirmesfamilie ver\u00e4ndert Ringos Leben. Fr\u00e4nkie wird sein Mentor, lockt ihn mit schnellem Geld und einem Starstatus auf der Kirmes.\u00a0Jenny vom Autoscooter zeigt ihm das schnelle Leben der Kirmes.<\/p>\n<p style=\"font-weight: 400;\">Von Kampf zu Kampf taucht Ringo tiefer in die Kirmesfamilie ein. Der Gro\u00dfe Hainz, ein Pantomime, wird zu seinem loyalen Kompagnon. Durch Jenny vom Autoscooter lernt er das schnelle Leben der Kirmes kennen, auch wenn er immer wieder mit ihrem Bruder Mirko aneinanderger\u00e4t. Jenny und Ringo haben eine wilde Freundschaft, eine Mischung aus Zuneigung und gegenseitigem Nutzen. Doch Ringo treibt ein anderes Ziel an: Am Ende der Kirmessaison will er mit seine Tochter Mia auf einem <span style=\"font-weight: 400;\">Kaj\u00fctenboot zur Nordsee schippern.<\/span><\/p>\n<h3>Kinostart: 05. September 2024<\/h3>\n<\/div>\n<\/div>\n<\/div>\n<\/div>\n<\/div>\n<p>[\/vc_column_text][\/vc_column][vc_column][vc_row_inner css=&#8220;.vc_custom_1603814225076{padding-top: 0px !important;}&#8220;][vc_column_inner width=&#8220;4\/6&#8243;][vc_column_text css=&#8220;&#8220;]Artkeim\u00b2 | 2024 | Drama (Spektakel) | Deutschland | Original Titel: &#8222;<a title=\"Einhundertvier (2023) von Jonathan Sch\u00f6rnig | NONFY Documentaries\" href=\"https:\/\/ucm.one\/de\/rock-n-roll-ringo\/\">Rock &#8217;n&#8216; Roll Ringo<\/a>&#8222;[\/vc_column_text][\/vc_column_inner][vc_column_inner width=&#8220;1\/6&#8243;][vc_btn title=&#8220;Presse Materialien&#8220; size=&#8220;xs&#8220; align=&#8220;center&#8220; i_icon_fontawesome=&#8220;fas fa-download&#8220; css=&#8220;&#8220; button_block=&#8220;true&#8220; add_icon=&#8220;true&#8220; link=&#8220;url:https%3A%2F%2Fwww.ucm.one%2Fpresse%2Fak_rrr_presskit.zip|title:Rock%20&#8217;n&#8217;%20Roll%20Ringo%20Pressematerial|rel:nofollow&#8220;][\/vc_column_inner][vc_column_inner width=&#8220;1\/6&#8243;][vc_btn title=&#8220;DCP Trailer&#8220; size=&#8220;xs&#8220; align=&#8220;center&#8220; i_icon_fontawesome=&#8220;fas fa-external-link-alt&#8220; css=&#8220;&#8220; button_block=&#8220;true&#8220; add_icon=&#8220;true&#8220; link=&#8220;url:https%3A%2F%2Fwww.dropbox.com%2Fscl%2Ffo%2F73cex0n9glg91fobnl166%2FAKepqX_u3NMidgu1nW64J9A%3Frlkey%3Dgyxbtrdix2g8vk99lxs9tdnhw%26st%3Dycuunm2w%26dl%3D0|target:_blank|rel:nofollow&#8220;][\/vc_column_inner][\/vc_row_inner][vc_tta_accordion style=&#8220;modern&#8220; shape=&#8220;square&#8220; c_icon=&#8220;chevron&#8220; active_section=&#8220;33&#8243; no_fill=&#8220;true&#8220; collapsible_all=&#8220;true&#8220;][vc_tta_section title=&#8220;Weitere Informationen&#8220; tab_id=&#8220;1725187672736-e18f1b07-b798&#8243;][vc_column_text css=&#8220;&#8220;]<\/p>\n<div class=\"wpb_text_column wpb_content_element \">\n<div class=\"wpb_wrapper\">\n<div class=\"wpb_text_column wpb_content_element \">\n<div class=\"wpb_wrapper\">\n<p><strong>Original Titel:<\/strong>\u00a0Rock \u2019n\u2018 Roll Ringo<\/p>\n<p><strong>Regie:<\/strong>\u00a0Dominik Galizia<\/p>\n<p><strong>Drehbuch:<\/strong>\u00a0Dominik Galizia<\/p>\n<p><strong>Produzent:innen:<\/strong>\u00a0Dominik Galizia, Massuda Kassem, Alexander Schoeller<\/p>\n<p><strong>Darstellende:<\/strong>\u00a0Martin Rohde (Ringo), Larissa Sirah Herden (Jenny), Charly Schultz (Fr\u00e4nkie), Margarethe Tiesel (Inge), Erwin Leder (Pater Petrus), Peter Trabner (Der Gro\u00dfe Hainz), Tuba Seese (Mia), Victoria Schulz (Tamara), Eric Cordes (Montecarlo Manfred)<\/p>\n<p><strong>Kamera:<\/strong>\u00a0Elias C.J. K\u00f6hler<\/p>\n<p><strong>Schnitt:<\/strong>\u00a0Daniel Kundrat<\/p>\n<p><strong>Musik:<\/strong>\u00a0Bethany Barrett<\/p>\n<p><strong>Genre:<\/strong>\u00a0Drama (Spektakel)<\/p>\n<p>&nbsp;<\/p>\n<p><strong>Produktionsfirmen:<\/strong>\u00a0Mutter &amp; Vater Film GmbH, ASP Alexander Schoeller Productions GmbH<\/p>\n<p><strong>Produktionsland:<\/strong>\u00a0Deutschland<\/p>\n<p><strong>Produktionsjahr<\/strong>: 2024<\/p>\n<p><strong>Sprachen:<\/strong>\u00a0deutsch, \u00a0deutsch (Geb\u00e4rdensprache)<\/p>\n<p><strong>Untertitel:<\/strong>\u00a0englisch, deutsch (Teil-UT)<\/p>\n<p><strong>FSK:<\/strong>\u00a016 (Deskriptoren: \u00a0Gewalt, Diskriminierung, Verletzung)<\/p>\n<p><strong>L\u00e4nge:<\/strong>\u00a0100 Min<\/p>\n<p><strong>Bildformat:<\/strong>\u00a02,39:1<\/p>\n<p><strong>Bildrate:<\/strong>\u00a024 FPS<\/p>\n<p><strong>DCP:<\/strong> DCI 4K \/ 2K Scope<\/p>\n<p><strong>Aufl\u00f6sung:<\/strong>\u00a04096\u00d71716 (2048\u00d7858)<\/p>\n<p><strong>35mm Filmkopie:<\/strong><em> in Vorbereitung<\/em><\/p>\n<p><strong>Ton:<\/strong> 5.1 \/ 7.1 Surround, Dolby Atmos<\/p>\n<p>&nbsp;<\/p>\n<p><b>Premiere: <\/b>05. September 2024 in Herne<\/p>\n<p>&nbsp;<\/p>\n<p><strong>Filmlabel:<\/strong>\u00a0Artkeim\u00b2<\/p>\n<\/div>\n<\/div>\n<div class=\"wpb_text_column wpb_content_element \">\n<div class=\"wpb_wrapper\">\n<p><strong>Verleih:<\/strong>\u00a0<strong>UCM.ONE<\/strong><\/p>\n<p><strong>Kinostart:\u00a0<\/strong>05. September 2024<\/p>\n<p>&nbsp;<\/p>\n<\/div>\n<p>Alle Informationen \u00fcber den Film: \u00a0<a href=\"https:\/\/ucm.one\/de\/rock-n-roll-ringo\/\">Rock n Roll Ringo<\/a><\/p>\n<p>&nbsp;<\/p>\n<\/div>\n<p>&nbsp;<\/p>\n<\/div>\n<\/div>\n<p>[\/vc_column_text][\/vc_tta_section][vc_tta_section title=&#8220;Trailer&#8220; tab_id=&#8220;1725187672840-ac418b5a-8123&#8243;][vc_video link=&#8220;https:\/\/youtu.be\/7TRZIlN9OvY?si=68JgWJiv95x2jmn-&#8220; align=&#8220;center&#8220; css=&#8220;&#8220;][\/vc_tta_section][vc_tta_section title=&#8220;Neuigkeiten&#8220; tab_id=&#8220;1725187672960-886006fb-af22&#8243;]<style type=\"text\/css\" data-type=\"the7_shortcodes-inline-css\">.blog-shortcode.blog-masonry-shortcode-id-756d4b79dd0771be9e6f7f2af11cc81b.content-bg-on.classic-layout-list article {\n  background: #e6e6e6;\n  box-shadow: none;\n}\n.blog-shortcode.blog-masonry-shortcode-id-756d4b79dd0771be9e6f7f2af11cc81b.dividers-on.classic-layout-list article {\n  padding-top: 0;\n}\n.blog-shortcode.blog-masonry-shortcode-id-756d4b79dd0771be9e6f7f2af11cc81b.dividers-on.classic-layout-list article:first-of-type {\n  margin-top: 0;\n  padding-top: 0;\n}\n.blog-shortcode.blog-masonry-shortcode-id-756d4b79dd0771be9e6f7f2af11cc81b.classic-layout-list.mode-list .post-entry-content {\n  width: calc(100% - );\n}\n.blog-shortcode.blog-masonry-shortcode-id-756d4b79dd0771be9e6f7f2af11cc81b.classic-layout-list.mode-list .no-img .post-entry-content {\n  width: 100%;\n}\n.blog-shortcode.blog-masonry-shortcode-id-756d4b79dd0771be9e6f7f2af11cc81b .filter-bg-decoration .filter-categories a.act {\n  color: #fff;\n}\n.blog-shortcode.blog-masonry-shortcode-id-756d4b79dd0771be9e6f7f2af11cc81b:not(.mode-masonry) article:first-of-type,\n.blog-shortcode.blog-masonry-shortcode-id-756d4b79dd0771be9e6f7f2af11cc81b:not(.mode-masonry) article.visible.first:not(.product) {\n  margin-top: 0;\n}\n.blog-shortcode.blog-masonry-shortcode-id-756d4b79dd0771be9e6f7f2af11cc81b.dividers-on:not(.mode-masonry) article {\n  margin-top: 0;\n}\n.blog-shortcode.blog-masonry-shortcode-id-756d4b79dd0771be9e6f7f2af11cc81b.dividers-on:not(.mode-masonry) article:first-of-type,\n.blog-shortcode.blog-masonry-shortcode-id-756d4b79dd0771be9e6f7f2af11cc81b.dividers-on:not(.mode-masonry) article.visible.first:not(.product) {\n  margin-top: 0;\n  padding-top: 0;\n}\n.blog-shortcode.blog-masonry-shortcode-id-756d4b79dd0771be9e6f7f2af11cc81b .post-thumbnail-wrap {\n  padding: 0px 0px 0px 0px;\n}\n.blog-shortcode.blog-masonry-shortcode-id-756d4b79dd0771be9e6f7f2af11cc81b.enable-bg-rollover .post-thumbnail-rollover:after {\n  background: -webkit-linear-gradient();\n  background: linear-gradient();\n}\n.blog-shortcode.blog-masonry-shortcode-id-756d4b79dd0771be9e6f7f2af11cc81b .gallery-zoom-ico {\n  width: 44px;\n  height: 44px;\n  line-height: 44px;\n  border-radius: 100px;\n  margin: -22px 0 0 -22px;\n  border-width: 0px;\n  color: #ffffff;\n}\n.bottom-overlap-layout-list.blog-shortcode.blog-masonry-shortcode-id-756d4b79dd0771be9e6f7f2af11cc81b .gallery-zoom-ico {\n  margin-top: -72px;\n}\n.gradient-overlay-layout-list.blog-shortcode.blog-masonry-shortcode-id-756d4b79dd0771be9e6f7f2af11cc81b .gallery-zoom-ico,\n.content-rollover-layout-list.blog-shortcode.blog-masonry-shortcode-id-756d4b79dd0771be9e6f7f2af11cc81b .gallery-zoom-ico {\n  margin: 0 0 10px;\n}\n.content-align-center.gradient-overlay-layout-list.blog-shortcode.blog-masonry-shortcode-id-756d4b79dd0771be9e6f7f2af11cc81b .gallery-zoom-ico,\n.content-align-center.content-rollover-layout-list.blog-shortcode.blog-masonry-shortcode-id-756d4b79dd0771be9e6f7f2af11cc81b .gallery-zoom-ico {\n  margin: 0 auto 10px;\n}\n.dt-icon-bg-on.blog-shortcode.blog-masonry-shortcode-id-756d4b79dd0771be9e6f7f2af11cc81b .gallery-zoom-ico {\n  background: rgba(255,255,255,0.3);\n  box-shadow: none;\n}\n.blog-shortcode.blog-masonry-shortcode-id-756d4b79dd0771be9e6f7f2af11cc81b .gallery-zoom-ico > span,\n.blog-shortcode.blog-masonry-shortcode-id-756d4b79dd0771be9e6f7f2af11cc81b .gallery-zoom-ico:before {\n  font-size: 32px;\n  line-height: 44px;\n}\n.blog-shortcode.blog-masonry-shortcode-id-756d4b79dd0771be9e6f7f2af11cc81b .gallery-zoom-ico > span,\n.blog-shortcode.blog-masonry-shortcode-id-756d4b79dd0771be9e6f7f2af11cc81b .gallery-zoom-ico:before {\n  color: #ffffff;\n}\n.blog-shortcode.blog-masonry-shortcode-id-756d4b79dd0771be9e6f7f2af11cc81b .fancy-date a .entry-month:after,\n.blog-shortcode.blog-masonry-shortcode-id-756d4b79dd0771be9e6f7f2af11cc81b .fancy-date a .entry-date:after {\n  background: #092480;\n  box-shadow: none;\n}\n.blog-shortcode.blog-masonry-shortcode-id-756d4b79dd0771be9e6f7f2af11cc81b .entry-title,\n.blog-shortcode.blog-masonry-shortcode-id-756d4b79dd0771be9e6f7f2af11cc81b.owl-carousel .entry-title {\n  margin-bottom: 5px;\n  font-weight: bold;\n}\n.blog-shortcode.blog-masonry-shortcode-id-756d4b79dd0771be9e6f7f2af11cc81b .entry-meta {\n  margin-bottom: 15px;\n}\n.blog-shortcode.blog-masonry-shortcode-id-756d4b79dd0771be9e6f7f2af11cc81b .portfolio-categories {\n  margin-bottom: 15px;\n}\n.blog-shortcode.blog-masonry-shortcode-id-756d4b79dd0771be9e6f7f2af11cc81b .entry-excerpt {\n  margin-bottom: 5px;\n}\n.blog-shortcode.blog-masonry-shortcode-id-756d4b79dd0771be9e6f7f2af11cc81b:not(.centered-layout-list) .post-entry-content {\n  padding: 15px 20px 20px 20px;\n}\n.blog-shortcode.blog-masonry-shortcode-id-756d4b79dd0771be9e6f7f2af11cc81b:not(.centered-layout-list):not(.content-bg-on):not(.mode-list) .no-img .post-entry-content {\n  padding: 0;\n}\n.blog-shortcode.blog-masonry-shortcode-id-756d4b79dd0771be9e6f7f2af11cc81b.content-bg-on:not(.classic-layout-list):not(.centered-layout-list) .post-entry-content {\n  background: #e6e6e6;\n  box-shadow: none;\n}\n@media screen and (max-width: ) {\n  .blog-shortcode.blog-masonry-shortcode-id-756d4b79dd0771be9e6f7f2af11cc81b article {\n    -ms-flex-flow: column nowrap;\n    flex-flow: column nowrap;\n    margin-top: 20px;\n  }\n  .blog-shortcode.blog-masonry-shortcode-id-756d4b79dd0771be9e6f7f2af11cc81b.dividers-on article {\n    border: none;\n  }\n  .blog-shortcode.blog-masonry-shortcode-id-756d4b79dd0771be9e6f7f2af11cc81b.content-bg-on.centered-layout-list article {\n    padding: 0;\n  }\n  .blog-shortcode.blog-masonry-shortcode-id-756d4b79dd0771be9e6f7f2af11cc81b.blog-shortcode.dividers-on article,\n  .blog-shortcode.blog-masonry-shortcode-id-756d4b79dd0771be9e6f7f2af11cc81b.dividers-on.classic-layout-list article {\n    margin-top: 20px;\n    padding: 0;\n  }\n  .blog-shortcode.blog-masonry-shortcode-id-756d4b79dd0771be9e6f7f2af11cc81b.blog-shortcode.dividers-on article:first-of-type,\n  .blog-shortcode.blog-masonry-shortcode-id-756d4b79dd0771be9e6f7f2af11cc81b.dividers-on.classic-layout-list article:first-of-type {\n    padding: 0;\n  }\n  #page .blog-shortcode.blog-masonry-shortcode-id-756d4b79dd0771be9e6f7f2af11cc81b .post-thumbnail-wrap,\n  #page .blog-shortcode.blog-masonry-shortcode-id-756d4b79dd0771be9e6f7f2af11cc81b .post-entry-content {\n    width: 100%;\n    margin: 0;\n    top: 0;\n  }\n  #page .blog-shortcode.blog-masonry-shortcode-id-756d4b79dd0771be9e6f7f2af11cc81b .post-thumbnail-wrap {\n    padding: 0;\n  }\n  #page .blog-shortcode.blog-masonry-shortcode-id-756d4b79dd0771be9e6f7f2af11cc81b .post-entry-content:after {\n    display: none;\n  }\n  #page .blog-shortcode.blog-masonry-shortcode-id-756d4b79dd0771be9e6f7f2af11cc81b .project-even .post-thumbnail-wrap,\n  #page .blog-shortcode.blog-masonry-shortcode-id-756d4b79dd0771be9e6f7f2af11cc81b.centered-layout-list .post-thumbnail-wrap {\n    -ms-flex-order: 0;\n    order: 0;\n  }\n  #page .blog-shortcode.blog-masonry-shortcode-id-756d4b79dd0771be9e6f7f2af11cc81b.centered-layout-list .post-entry-title-content {\n    -ms-flex-order: 1;\n    order: 1;\n    width: 100%;\n    padding: 20px 20px 0;\n  }\n  #page .blog-shortcode.blog-masonry-shortcode-id-756d4b79dd0771be9e6f7f2af11cc81b.centered-layout-list .post-entry-content {\n    -ms-flex-order: 2;\n    order: 2;\n    padding-top: 0;\n  }\n  #page .blog-shortcode.blog-masonry-shortcode-id-756d4b79dd0771be9e6f7f2af11cc81b .fancy-categories {\n    top: 10px;\n    left: 10px;\n    bottom: auto;\n    right: auto;\n  }\n  #page .blog-shortcode.blog-masonry-shortcode-id-756d4b79dd0771be9e6f7f2af11cc81b .fancy-date a {\n    top: 10px;\n    right: 10px;\n    left: auto;\n    bottom: auto;\n  }\n  #page .blog-shortcode.blog-masonry-shortcode-id-756d4b79dd0771be9e6f7f2af11cc81b .post-entry-content {\n    padding: 20px;\n  }\n  #page .blog-shortcode.blog-masonry-shortcode-id-756d4b79dd0771be9e6f7f2af11cc81b .entry-title {\n    margin: 3px 0 5px;\n    font-size: 20px;\n    line-height: 26px;\n  }\n  #page .blog-shortcode.blog-masonry-shortcode-id-756d4b79dd0771be9e6f7f2af11cc81b .entry-meta {\n    margin: 5px 0 5px;\n  }\n  #page .blog-shortcode.blog-masonry-shortcode-id-756d4b79dd0771be9e6f7f2af11cc81b .entry-excerpt {\n    margin: 15px 0 0;\n  }\n  #page .blog-shortcode.blog-masonry-shortcode-id-756d4b79dd0771be9e6f7f2af11cc81b .post-details {\n    margin: 5px 0 10px;\n  }\n  #page .blog-shortcode.blog-masonry-shortcode-id-756d4b79dd0771be9e6f7f2af11cc81b .post-details.details-type-link {\n    margin-bottom: 2px;\n  }\n}\n.blog-shortcode.blog-masonry-shortcode-id-756d4b79dd0771be9e6f7f2af11cc81b:not(.resize-by-browser-width) .dt-css-grid {\n  grid-row-gap: 50px;\n  grid-column-gap: 50px;\n  grid-template-columns: repeat(auto-fill,minmax(,1fr));\n}\n.blog-shortcode.blog-masonry-shortcode-id-756d4b79dd0771be9e6f7f2af11cc81b:not(.resize-by-browser-width) .dt-css-grid .double-width {\n  grid-column: span 2;\n}\n.cssgridlegacy.no-cssgrid .blog-shortcode.blog-masonry-shortcode-id-756d4b79dd0771be9e6f7f2af11cc81b:not(.resize-by-browser-width) .dt-css-grid,\n.no-cssgridlegacy.no-cssgrid .blog-shortcode.blog-masonry-shortcode-id-756d4b79dd0771be9e6f7f2af11cc81b:not(.resize-by-browser-width) .dt-css-grid {\n  display: flex;\n  flex-flow: row wrap;\n  margin: -25px;\n}\n.cssgridlegacy.no-cssgrid .blog-shortcode.blog-masonry-shortcode-id-756d4b79dd0771be9e6f7f2af11cc81b:not(.resize-by-browser-width) .dt-css-grid .wf-cell,\n.no-cssgridlegacy.no-cssgrid .blog-shortcode.blog-masonry-shortcode-id-756d4b79dd0771be9e6f7f2af11cc81b:not(.resize-by-browser-width) .dt-css-grid .wf-cell {\n  flex: 1 0 ;\n  max-width: 100%;\n  padding: 25px;\n  box-sizing: border-box;\n}\n.blog-shortcode.blog-masonry-shortcode-id-756d4b79dd0771be9e6f7f2af11cc81b.resize-by-browser-width .dt-css-grid {\n  grid-template-columns: repeat(1,1fr);\n  grid-template-rows: auto;\n  grid-column-gap: 50px;\n  grid-row-gap: 50px;\n}\n.blog-shortcode.blog-masonry-shortcode-id-756d4b79dd0771be9e6f7f2af11cc81b.resize-by-browser-width .dt-css-grid .double-width {\n  grid-column: span 2;\n}\n.cssgridlegacy.no-cssgrid .blog-shortcode.blog-masonry-shortcode-id-756d4b79dd0771be9e6f7f2af11cc81b.resize-by-browser-width .dt-css-grid {\n  margin: -25px;\n}\n.cssgridlegacy.no-cssgrid .blog-shortcode.blog-masonry-shortcode-id-756d4b79dd0771be9e6f7f2af11cc81b.resize-by-browser-width .dt-css-grid .wf-cell {\n  width: 100%;\n  padding: 25px;\n}\n.cssgridlegacy.no-cssgrid .blog-shortcode.blog-masonry-shortcode-id-756d4b79dd0771be9e6f7f2af11cc81b.resize-by-browser-width .dt-css-grid .wf-cell.double-width {\n  width: calc(100%) * 2;\n}\n.blog-shortcode.blog-masonry-shortcode-id-756d4b79dd0771be9e6f7f2af11cc81b.resize-by-browser-width:not(.centered-layout-list):not(.content-bg-on) .dt-css-grid {\n  grid-row-gap: 30px;\n}\n@media screen and (max-width: 1199px) {\n  .blog-shortcode.blog-masonry-shortcode-id-756d4b79dd0771be9e6f7f2af11cc81b.resize-by-browser-width .dt-css-grid {\n    grid-template-columns: repeat(1,1fr);\n  }\n  .cssgridlegacy.no-cssgrid .blog-shortcode.blog-masonry-shortcode-id-756d4b79dd0771be9e6f7f2af11cc81b.resize-by-browser-width .dt-css-grid .wf-cell,\n  .no-cssgridlegacy.no-cssgrid .blog-shortcode.blog-masonry-shortcode-id-756d4b79dd0771be9e6f7f2af11cc81b.resize-by-browser-width .dt-css-grid .wf-cell {\n    width: 100%;\n  }\n  .cssgridlegacy.no-cssgrid .blog-shortcode.blog-masonry-shortcode-id-756d4b79dd0771be9e6f7f2af11cc81b.resize-by-browser-width .dt-css-grid .wf-cell.double-width,\n  .no-cssgridlegacy.no-cssgrid .blog-shortcode.blog-masonry-shortcode-id-756d4b79dd0771be9e6f7f2af11cc81b.resize-by-browser-width .dt-css-grid .wf-cell.double-width {\n    width: calc(100%)*2;\n  }\n}\n@media screen and (max-width: 991px) {\n  .blog-shortcode.blog-masonry-shortcode-id-756d4b79dd0771be9e6f7f2af11cc81b.resize-by-browser-width .dt-css-grid {\n    grid-template-columns: repeat(1,1fr);\n  }\n  .cssgridlegacy.no-cssgrid .blog-shortcode.blog-masonry-shortcode-id-756d4b79dd0771be9e6f7f2af11cc81b.resize-by-browser-width .dt-css-grid .wf-cell,\n  .no-cssgridlegacy.no-cssgrid .blog-shortcode.blog-masonry-shortcode-id-756d4b79dd0771be9e6f7f2af11cc81b.resize-by-browser-width .dt-css-grid .wf-cell {\n    width: 100%;\n  }\n  .cssgridlegacy.no-cssgrid .blog-shortcode.blog-masonry-shortcode-id-756d4b79dd0771be9e6f7f2af11cc81b.resize-by-browser-width .dt-css-grid .wf-cell.double-width,\n  .no-cssgridlegacy.no-cssgrid .blog-shortcode.blog-masonry-shortcode-id-756d4b79dd0771be9e6f7f2af11cc81b.resize-by-browser-width .dt-css-grid .wf-cell.double-width {\n    width: calc(100%)*2;\n  }\n}\n@media screen and (max-width: 767px) {\n  .blog-shortcode.blog-masonry-shortcode-id-756d4b79dd0771be9e6f7f2af11cc81b.resize-by-browser-width .dt-css-grid {\n    grid-template-columns: repeat(1,1fr);\n  }\n  .blog-shortcode.blog-masonry-shortcode-id-756d4b79dd0771be9e6f7f2af11cc81b.resize-by-browser-width .dt-css-grid .double-width {\n    grid-column: span 1;\n  }\n  .cssgridlegacy.no-cssgrid .blog-shortcode.blog-masonry-shortcode-id-756d4b79dd0771be9e6f7f2af11cc81b.resize-by-browser-width .dt-css-grid .wf-cell,\n  .no-cssgridlegacy.no-cssgrid .blog-shortcode.blog-masonry-shortcode-id-756d4b79dd0771be9e6f7f2af11cc81b.resize-by-browser-width .dt-css-grid .wf-cell {\n    width: 100%;\n  }\n  .cssgridlegacy.no-cssgrid .blog-shortcode.blog-masonry-shortcode-id-756d4b79dd0771be9e6f7f2af11cc81b.resize-by-browser-width .dt-css-grid .wf-cell.double-width,\n  .no-cssgridlegacy.no-cssgrid .blog-shortcode.blog-masonry-shortcode-id-756d4b79dd0771be9e6f7f2af11cc81b.resize-by-browser-width .dt-css-grid .wf-cell.double-width {\n    width: calc(100%)*2;\n  }\n}<\/style><div class=\"blog-shortcode blog-masonry-shortcode-id-756d4b79dd0771be9e6f7f2af11cc81b mode-grid classic-layout-list content-bg-on jquery-filter vertical-fancy-style scale-img dt-css-grid-wrap dt-icon-bg-off resize-by-browser-width loading-effect-none description-under-image \" data-padding=\"25px\" data-cur-page=\"1\" data-post-limit=\"2\" data-pagination-mode=\"load-more\" aria-live=\"assertive\" data-desktop-columns-num=\"1\" data-v-tablet-columns-num=\"1\" data-h-tablet-columns-num=\"1\" data-phone-columns-num=\"1\" data-width=\"0px\" data-columns=\"0\"><div class=\"dt-css-grid\" ><div class=\"visible wf-cell\" data-post-id=\"309396\" data-date=\"2025-05-30T22:38:03+00:00\" data-name=\"\ud83c\udfac &quot;Rock &#039;n&#039; Roll Ringo von Dominik Galizia ab heute als Blu-Ray und DVD erh\u00e4ltlich\"><article class=\"post project-odd visible post-309396 type-post status-publish format-standard has-post-thumbnail hentry category-artkeim category-film category-news tag-artkeim tag-blu-ray tag-currywurst tag-dominik-galizia tag-dvd tag-heiko tag-herne tag-kerve tag-kultatze-heiko tag-nordachse tag-rock-n-roll-ringo tag-rummelplatz category-828 category-8 category-13\" data-name=\"\ud83c\udfac &#8222;Rock &#8217;n&#8216; Roll Ringo von Dominik Galizia ab heute als Blu-Ray und DVD erh\u00e4ltlich\" data-date=\"2025-05-30T22:38:03+00:00\">\n\n<div class=\"post-thumbnail-wrap\">\n\t<div class=\"post-thumbnail\">\n\t\t\n\t\t\n\t\t<a href=\"https:\/\/ucm.one\/de\/rock-n-roll-ringo-von-dominik-galizia-ab-heute-als-blu-ray-und-dvd-erhaeltlich\/\" class=\"post-thumbnail-rollover layzr-bg layzr-bg\" ><img decoding=\"async\" class=\"iso-lazy-load preload-me iso-lazy-load aspect\" src=\"data:image\/svg+xml,%3Csvg%20xmlns%3D&#39;http%3A%2F%2Fwww.w3.org%2F2000%2Fsvg&#39;%20viewBox%3D&#39;0%200%20990%20309&#39;%2F%3E\" data-src=\"https:\/\/ucm.one\/wp-content\/uploads\/2025\/06\/B-Rock-N-Roll-Ringo-DVD-990x309.jpg\" data-srcset=\"https:\/\/ucm.one\/wp-content\/uploads\/2025\/06\/B-Rock-N-Roll-Ringo-DVD-990x309.jpg 990w, https:\/\/ucm.one\/wp-content\/uploads\/2025\/06\/B-Rock-N-Roll-Ringo-DVD-1485x464.jpg 1485w\" loading=\"eager\" style=\"--ratio: 990 \/ 309\" sizes=\"(max-width: 990px) 100vw, 990px\" alt=\"\" title=\"B Rock &#8218;N&#8216; Roll Ringo DVD\" width=\"990\" height=\"309\"  \/><\/a>\t<\/div>\n<\/div>\n\n\n<div class=\"post-entry-content\">\n\n\t<h3 class=\"entry-title\">\n\t\t<a href=\"https:\/\/ucm.one\/de\/rock-n-roll-ringo-von-dominik-galizia-ab-heute-als-blu-ray-und-dvd-erhaeltlich\/\" title=\"\ud83c\udfac &#8222;Rock &#8217;n&#8216; Roll Ringo von Dominik Galizia ab heute als Blu-Ray und DVD erh\u00e4ltlich\" rel=\"bookmark\">\ud83c\udfac &#8222;Rock &#8217;n&#8216; Roll Ringo von Dominik Galizia ab heute als Blu-Ray und DVD erh\u00e4ltlich<\/a>\n\t<\/h3>\n\n\t<div class=\"entry-meta\"><span class=\"category-link\"><a href=\"https:\/\/ucm.one\/de\/category\/news\/film\/artkeim\/\" >Artkeim\u00b2<\/a>, <a href=\"https:\/\/ucm.one\/de\/category\/news\/film\/\" >Film<\/a>, <a href=\"https:\/\/ucm.one\/de\/category\/news\/\" >News<\/a><\/span><\/div>\n\t<div class=\"entry-excerpt\"><p>[vc_row][vc_column][vc_column_text css=&#8220;&#8220;] Ab heute, dem 30. Mai 2025, ist der Spielfilm &#8222;Rock \u2018n\u2019 Roll Ringo&#8220; von Dominik Galizia offiziell im Home-Entertainment erh\u00e4ltlich. Der Film erscheint sowohl als DVD und Blu-ray auf dem Filmlabel Artkeim\u00b2 als auch als digitaler Download und Stream \u00fcber alle g\u00e4ngigen Plattformen. [\/vc_column_text][vc_column_text css=&#8220;&#8220;]Die Blu-ray enth\u00e4lt neben dem Hauptfilm (Laufzeit ca. 100&hellip;<\/p>\n<\/div>\n\t\n<a href=\"https:\/\/ucm.one\/de\/rock-n-roll-ringo-von-dominik-galizia-ab-heute-als-blu-ray-und-dvd-erhaeltlich\/\" class=\"post-details details-type-link\" aria-label=\"Read more about \ud83c\udfac &#8222;Rock &#8217;n&#8216; Roll Ringo von Dominik Galizia ab heute als Blu-Ray und DVD erh\u00e4ltlich\">Mehr lesen<i class=\"dt-icon-the7-arrow-03\" aria-hidden=\"true\"><\/i><\/a>\n\n<\/div><\/article><\/div><div class=\"visible wf-cell\" data-post-id=\"152237\" data-date=\"2025-01-21T20:30:45+00:00\" data-name=\"\ud83c\udfac Internationale Premiere von \u201eRock \u0301n \u0301Roll Ringo\u201c beim Film Festival Rotterdam (IFFR)\"><article class=\"post project-odd visible post-152237 type-post status-publish format-standard has-post-thumbnail hentry category-artkeim category-film category-news category-weltvertrieb tag-artkeim tag-berlin tag-bochum tag-cinedom tag-dominik-galizia tag-efm tag-heikos-welt tag-iffr tag-international-film-festival-rotterdam tag-koeln tag-mutter-vater tag-nordachse tag-premiere tag-rock-n-roll-ringo tag-weltvertieb category-828 category-8 category-13 category-7528\" data-name=\"\ud83c\udfac Internationale Premiere von \u201eRock \u0301n \u0301Roll Ringo\u201c beim Film Festival Rotterdam (IFFR)\" data-date=\"2025-01-21T20:30:45+00:00\">\n\n<div class=\"post-thumbnail-wrap\">\n\t<div class=\"post-thumbnail\">\n\t\t\n\t\t\n\t\t<a href=\"https:\/\/ucm.one\/de\/rock-n-roll-ringo-beim-film-festival-rotterdam-iffr\/\" class=\"post-thumbnail-rollover layzr-bg layzr-bg\" ><img decoding=\"async\" class=\"iso-lazy-load preload-me iso-lazy-load aspect\" src=\"data:image\/svg+xml,%3Csvg%20xmlns%3D&#39;http%3A%2F%2Fwww.w3.org%2F2000%2Fsvg&#39;%20viewBox%3D&#39;0%200%20990%20309&#39;%2F%3E\" data-src=\"https:\/\/ucm.one\/wp-content\/uploads\/2025\/01\/Rock-N-Roll-Ringo-Film-Festival-Rotterdam-DE-1920x600-1-990x309.jpg\" data-srcset=\"https:\/\/ucm.one\/wp-content\/uploads\/2025\/01\/Rock-N-Roll-Ringo-Film-Festival-Rotterdam-DE-1920x600-1-990x309.jpg 990w, https:\/\/ucm.one\/wp-content\/uploads\/2025\/01\/Rock-N-Roll-Ringo-Film-Festival-Rotterdam-DE-1920x600-1-1485x464.jpg 1485w\" loading=\"eager\" style=\"--ratio: 990 \/ 309\" sizes=\"(max-width: 990px) 100vw, 990px\" alt=\"\" title=\"Rock &#8218;N&#8216; Roll Ringo Film Festival Rotterdam DE 1920&#215;600\" width=\"990\" height=\"309\"  \/><\/a>\t<\/div>\n<\/div>\n\n\n<div class=\"post-entry-content\">\n\n\t<h3 class=\"entry-title\">\n\t\t<a href=\"https:\/\/ucm.one\/de\/rock-n-roll-ringo-beim-film-festival-rotterdam-iffr\/\" title=\"\ud83c\udfac Internationale Premiere von \u201eRock \u0301n \u0301Roll Ringo\u201c beim Film Festival Rotterdam (IFFR)\" rel=\"bookmark\">\ud83c\udfac Internationale Premiere von \u201eRock \u0301n \u0301Roll Ringo\u201c beim Film Festival Rotterdam (IFFR)<\/a>\n\t<\/h3>\n\n\t<div class=\"entry-meta\"><span class=\"category-link\"><a href=\"https:\/\/ucm.one\/de\/category\/news\/film\/artkeim\/\" >Artkeim\u00b2<\/a>, <a href=\"https:\/\/ucm.one\/de\/category\/news\/film\/\" >Film<\/a>, <a href=\"https:\/\/ucm.one\/de\/category\/news\/\" >News<\/a>, <a href=\"https:\/\/ucm.one\/de\/category\/news\/verleih\/weltvertrieb\/\" >Weltvertrieb<\/a><\/span><\/div>\n\t<div class=\"entry-excerpt\"><p>[vc_row][vc_column][vc_column_text css=&#8220;&#8220;]Der Spielfilm &#8222;Rock \u0301n \u0301Roll Ringo&#8220; von Dominik Galizia wird am 4. Februar 2025 im Rahmen des International Film Festival Rotterdam (IFFR) erstmals international pr\u00e4sentiert. Der Film l\u00e4uft in der Sektion \u201eLimelight\u201c, die sich Avant-Premieren sowie filmischen Highlights der aktuellen Festivalsaison widmet.[\/vc_column_text][\/vc_column][\/vc_row][vc_row][vc_column width=&#8220;3\/4&#8243;][vc_row_inner][vc_column_inner][vc_column_text css=&#8220;&#8220;]&#8220;Rock &#8217;n&#8216; Roll Ringo&#8220; ist der neue Film von &#8222;Heikos Welt&#8222;-Regisseur&hellip;<\/p>\n<\/div>\n\t\n<a href=\"https:\/\/ucm.one\/de\/rock-n-roll-ringo-beim-film-festival-rotterdam-iffr\/\" class=\"post-details details-type-link\" aria-label=\"Read more about \ud83c\udfac Internationale Premiere von \u201eRock \u0301n \u0301Roll Ringo\u201c beim Film Festival Rotterdam (IFFR)\">Mehr lesen<i class=\"dt-icon-the7-arrow-03\" aria-hidden=\"true\"><\/i><\/a>\n\n<\/div><\/article><\/div><div class=\"hidden wf-cell\" data-post-id=\"107045\" data-date=\"2024-09-30T01:12:11+00:00\" data-name=\"\ud83c\udfac  Barrierefreie Vorstellung von \u201eRock &#039;n&#039; Roll Ringo\u201c im Delphi LUX mit Q&amp;A in Geb\u00e4rdensprache\"><article class=\"post project-odd visible post-107045 type-post status-publish format-standard has-post-thumbnail hentry category-artkeim category-film category-kino category-news category-verleih category-weltvertrieb tag-alexander-schoeller tag-artheim tag-asp tag-charly-schultz tag-dominik-galizia tag-gebaerdensprache tag-heiko tag-heikos-welt tag-larissa-sirah-herden tag-margarethe-tiesel tag-martin-rohde tag-massuda-kassem tag-mutter-vater tag-rock-n-roll-ringo tag-tuba-seese category-828 category-8 category-10 category-13 category-752 category-7528\" data-name=\"\ud83c\udfac  Barrierefreie Vorstellung von \u201eRock &#8217;n&#8216; Roll Ringo\u201c im Delphi LUX mit Q&#038;A in Geb\u00e4rdensprache\" data-date=\"2024-09-30T01:12:11+00:00\">\n\n<div class=\"post-thumbnail-wrap\">\n\t<div class=\"post-thumbnail\">\n\t\t\n\t\t\n\t\t<a href=\"https:\/\/ucm.one\/de\/barrierefreie-vorstellung-von-rock-n-roll-ringo-im-delphi-lux-mit-qa-in-gebaerdensprache\/\" class=\"post-thumbnail-rollover layzr-bg layzr-bg\" ><img decoding=\"async\" class=\"iso-lazy-load preload-me iso-lazy-load aspect\" src=\"data:image\/svg+xml,%3Csvg%20xmlns%3D&#39;http%3A%2F%2Fwww.w3.org%2F2000%2Fsvg&#39;%20viewBox%3D&#39;0%200%20990%20309&#39;%2F%3E\" data-src=\"https:\/\/ucm.one\/wp-content\/uploads\/2024\/09\/B-Rock-N-Roll-Ringo-Delphi-LUX-990x309.jpg\" data-srcset=\"https:\/\/ucm.one\/wp-content\/uploads\/2024\/09\/B-Rock-N-Roll-Ringo-Delphi-LUX-990x309.jpg 990w, https:\/\/ucm.one\/wp-content\/uploads\/2024\/09\/B-Rock-N-Roll-Ringo-Delphi-LUX-1485x464.jpg 1485w\" loading=\"eager\" style=\"--ratio: 990 \/ 309\" sizes=\"(max-width: 990px) 100vw, 990px\" alt=\"\" title=\"B Rock &#8218;N&#8216; Roll Ringo Delphi LUX\" width=\"990\" height=\"309\"  \/><\/a>\t<\/div>\n<\/div>\n\n\n<div class=\"post-entry-content\">\n\n\t<h3 class=\"entry-title\">\n\t\t<a href=\"https:\/\/ucm.one\/de\/barrierefreie-vorstellung-von-rock-n-roll-ringo-im-delphi-lux-mit-qa-in-gebaerdensprache\/\" title=\"\ud83c\udfac  Barrierefreie Vorstellung von \u201eRock &#8217;n&#8216; Roll Ringo\u201c im Delphi LUX mit Q&#038;A in Geb\u00e4rdensprache\" rel=\"bookmark\">\ud83c\udfac  Barrierefreie Vorstellung von \u201eRock &#8217;n&#8216; Roll Ringo\u201c im Delphi LUX mit Q&#038;A in Geb\u00e4rdensprache<\/a>\n\t<\/h3>\n\n\t<div class=\"entry-meta\"><span class=\"category-link\"><a href=\"https:\/\/ucm.one\/de\/category\/news\/film\/artkeim\/\" >Artkeim\u00b2<\/a>, <a href=\"https:\/\/ucm.one\/de\/category\/news\/film\/\" >Film<\/a>, <a href=\"https:\/\/ucm.one\/de\/category\/news\/kino\/\" >Kino<\/a>, <a href=\"https:\/\/ucm.one\/de\/category\/news\/\" >News<\/a>, <a href=\"https:\/\/ucm.one\/de\/category\/news\/verleih\/\" >Verleih<\/a>, <a href=\"https:\/\/ucm.one\/de\/category\/news\/verleih\/weltvertrieb\/\" >Weltvertrieb<\/a><\/span><\/div>\n\t<div class=\"entry-excerpt\"><p>[vc_row][vc_column][vc_column_text css=&#8220;&#8220;]Am 8. Oktober 2024 wird der Film \u201eRock &#8217;n&#8216; Roll Ringo\u201c von Dominik Galizia erstmals in einer barrierefreien Fassung f\u00fcr geh\u00f6rlose und schwerh\u00f6rige Menschen im Kino gezeigt. Im Berliner Delphi LUX wird der Film um 20 Uhr auf deutsch mit entsprechenden Untertiteln pr\u00e4sentiert. In den Hauptrollen sind Martin Rohde und Larissa Sirah Herden zu&hellip;<\/p>\n<\/div>\n\t\n<a href=\"https:\/\/ucm.one\/de\/barrierefreie-vorstellung-von-rock-n-roll-ringo-im-delphi-lux-mit-qa-in-gebaerdensprache\/\" class=\"post-details details-type-link\" aria-label=\"Read more about \ud83c\udfac  Barrierefreie Vorstellung von \u201eRock &#8217;n&#8216; Roll Ringo\u201c im Delphi LUX mit Q&#038;A in Geb\u00e4rdensprache\">Mehr lesen<i class=\"dt-icon-the7-arrow-03\" aria-hidden=\"true\"><\/i><\/a>\n\n<\/div><\/article><\/div><div class=\"hidden wf-cell\" data-post-id=\"106695\" data-date=\"2024-09-12T22:27:58+00:00\" data-name=\"\ud83c\udfac  Rock \u2019n\u2019 Roll Ringo rockt jetzt Berlin\"><article class=\"post project-odd visible post-106695 type-post status-publish format-standard has-post-thumbnail hentry category-artkeim category-film category-kino category-news category-verleih category-weltvertrieb tag-alexander-schoeller tag-artheim tag-asp tag-charly-schultz tag-cineplex tag-dominik-galizia tag-freiluftkino-hasenheide tag-heiko tag-heikos-welt tag-larissa-sirah-herden tag-margarethe-tiesel tag-martin-rohde tag-massuda-kassem tag-mutter-vater tag-peter-trabner tag-rock-n-roll-ringo category-828 category-8 category-10 category-13 category-752 category-7528\" data-name=\"\ud83c\udfac  Rock \u2019n\u2019 Roll Ringo rockt jetzt Berlin\" data-date=\"2024-09-12T22:27:58+00:00\">\n\n<div class=\"post-thumbnail-wrap\">\n\t<div class=\"post-thumbnail\">\n\t\t\n\t\t\n\t\t<a href=\"https:\/\/ucm.one\/de\/rock-n-roll-ringo-rockt-jetzt-berlin\/\" class=\"post-thumbnail-rollover layzr-bg layzr-bg\" ><img decoding=\"async\" class=\"iso-lazy-load preload-me iso-lazy-load aspect\" src=\"data:image\/svg+xml,%3Csvg%20xmlns%3D&#39;http%3A%2F%2Fwww.w3.org%2F2000%2Fsvg&#39;%20viewBox%3D&#39;0%200%20990%20309&#39;%2F%3E\" data-src=\"https:\/\/ucm.one\/wp-content\/uploads\/2024\/09\/Rock-N-Roll-Ringo-Berlin-DE-1920x600-1-990x309.jpg\" data-srcset=\"https:\/\/ucm.one\/wp-content\/uploads\/2024\/09\/Rock-N-Roll-Ringo-Berlin-DE-1920x600-1-990x309.jpg 990w, https:\/\/ucm.one\/wp-content\/uploads\/2024\/09\/Rock-N-Roll-Ringo-Berlin-DE-1920x600-1-1485x464.jpg 1485w\" loading=\"eager\" style=\"--ratio: 990 \/ 309\" sizes=\"(max-width: 990px) 100vw, 990px\" alt=\"\" title=\"Rock &#8218;N&#8216; Roll Ringo Berlin DE 1920&#215;600\" width=\"990\" height=\"309\"  \/><\/a>\t<\/div>\n<\/div>\n\n\n<div class=\"post-entry-content\">\n\n\t<h3 class=\"entry-title\">\n\t\t<a href=\"https:\/\/ucm.one\/de\/rock-n-roll-ringo-rockt-jetzt-berlin\/\" title=\"\ud83c\udfac  Rock \u2019n\u2019 Roll Ringo rockt jetzt Berlin\" rel=\"bookmark\">\ud83c\udfac  Rock \u2019n\u2019 Roll Ringo rockt jetzt Berlin<\/a>\n\t<\/h3>\n\n\t<div class=\"entry-meta\"><span class=\"category-link\"><a href=\"https:\/\/ucm.one\/de\/category\/news\/film\/artkeim\/\" >Artkeim\u00b2<\/a>, <a href=\"https:\/\/ucm.one\/de\/category\/news\/film\/\" >Film<\/a>, <a href=\"https:\/\/ucm.one\/de\/category\/news\/kino\/\" >Kino<\/a>, <a href=\"https:\/\/ucm.one\/de\/category\/news\/\" >News<\/a>, <a href=\"https:\/\/ucm.one\/de\/category\/news\/verleih\/\" >Verleih<\/a>, <a href=\"https:\/\/ucm.one\/de\/category\/news\/verleih\/weltvertrieb\/\" >Weltvertrieb<\/a><\/span><\/div>\n\t<div class=\"entry-excerpt\"><p>[vc_row][vc_column][vc_column_text css=&#8220;&#8220;]Nach der Weltpremiere in der Filmwelt Herne, dem Kinostart in Deutschland und einer erfolgreichen, ausverkauften Kinotour durch NRW schl\u00e4gt jetzt der neue Film von Dominik Galizia, \u201eRock \u2019n\u2019 Roll Ringo\u201c, auch in Berlin voll ein.[\/vc_column_text][vc_column_text css=&#8220;&#8220;] Am Mittwochabend war Kino 1 des Alhambra-Kinos im Wedding ausverkauft, woraufhin spontan eine Zusatzvorstellung 15 Minuten sp\u00e4ter im&hellip;<\/p>\n<\/div>\n\t\n<a href=\"https:\/\/ucm.one\/de\/rock-n-roll-ringo-rockt-jetzt-berlin\/\" class=\"post-details details-type-link\" aria-label=\"Read more about \ud83c\udfac  Rock \u2019n\u2019 Roll Ringo rockt jetzt Berlin\">Mehr lesen<i class=\"dt-icon-the7-arrow-03\" aria-hidden=\"true\"><\/i><\/a>\n\n<\/div><\/article><\/div><div class=\"hidden wf-cell\" data-post-id=\"106683\" data-date=\"2024-09-06T23:52:36+00:00\" data-name=\"\ud83c\udfac  \u201eRock \u2019n\u2019 Roll Ringo\u201c begeistert bei ausverkaufter Herner Weltpremiere\"><article class=\"post project-odd visible post-106683 type-post status-publish format-standard has-post-thumbnail hentry category-artkeim category-film category-kino category-news category-verleih category-weltvertrieb tag-alexander-schoeller tag-artheim tag-asp tag-charly-schultz tag-dominik-galizia tag-heiko tag-heikos-welt tag-herne tag-larissa-sirah-herden tag-margarethe-tiesel tag-martin-rohde tag-massuda-kassem tag-mutter-vater tag-peter-trabner tag-rock-n-roll-ringo category-828 category-8 category-10 category-13 category-752 category-7528\" data-name=\"\ud83c\udfac  \u201eRock \u2019n\u2019 Roll Ringo\u201c begeistert bei ausverkaufter Herner Weltpremiere\" data-date=\"2024-09-06T23:52:36+00:00\">\n\n<div class=\"post-thumbnail-wrap\">\n\t<div class=\"post-thumbnail\">\n\t\t\n\t\t\n\t\t<a href=\"https:\/\/ucm.one\/de\/rock-n-roll-ringo-begeistert-bei-ausverkaufter-herner-weltpremiere\/\" class=\"post-thumbnail-rollover layzr-bg layzr-bg\" ><img decoding=\"async\" class=\"iso-lazy-load preload-me iso-lazy-load aspect\" src=\"data:image\/svg+xml,%3Csvg%20xmlns%3D&#39;http%3A%2F%2Fwww.w3.org%2F2000%2Fsvg&#39;%20viewBox%3D&#39;0%200%20990%20309&#39;%2F%3E\" data-src=\"https:\/\/ucm.one\/wp-content\/uploads\/2024\/09\/Rock-N-Roll-Ringo-Herne-DE-1920x600-1-990x309.jpg\" data-srcset=\"https:\/\/ucm.one\/wp-content\/uploads\/2024\/09\/Rock-N-Roll-Ringo-Herne-DE-1920x600-1-990x309.jpg 990w, https:\/\/ucm.one\/wp-content\/uploads\/2024\/09\/Rock-N-Roll-Ringo-Herne-DE-1920x600-1-1485x464.jpg 1485w\" loading=\"eager\" style=\"--ratio: 990 \/ 309\" sizes=\"(max-width: 990px) 100vw, 990px\" alt=\"\" title=\"Rock &#8218;N&#8216; Roll Ringo Herne DE 1920&#215;600\" width=\"990\" height=\"309\"  \/><\/a>\t<\/div>\n<\/div>\n\n\n<div class=\"post-entry-content\">\n\n\t<h3 class=\"entry-title\">\n\t\t<a href=\"https:\/\/ucm.one\/de\/rock-n-roll-ringo-begeistert-bei-ausverkaufter-herner-weltpremiere\/\" title=\"\ud83c\udfac  \u201eRock \u2019n\u2019 Roll Ringo\u201c begeistert bei ausverkaufter Herner Weltpremiere\" rel=\"bookmark\">\ud83c\udfac  \u201eRock \u2019n\u2019 Roll Ringo\u201c begeistert bei ausverkaufter Herner Weltpremiere<\/a>\n\t<\/h3>\n\n\t<div class=\"entry-meta\"><span class=\"category-link\"><a href=\"https:\/\/ucm.one\/de\/category\/news\/film\/artkeim\/\" >Artkeim\u00b2<\/a>, <a href=\"https:\/\/ucm.one\/de\/category\/news\/film\/\" >Film<\/a>, <a href=\"https:\/\/ucm.one\/de\/category\/news\/kino\/\" >Kino<\/a>, <a href=\"https:\/\/ucm.one\/de\/category\/news\/\" >News<\/a>, <a href=\"https:\/\/ucm.one\/de\/category\/news\/verleih\/\" >Verleih<\/a>, <a href=\"https:\/\/ucm.one\/de\/category\/news\/verleih\/weltvertrieb\/\" >Weltvertrieb<\/a><\/span><\/div>\n\t<div class=\"entry-excerpt\"><p>[vc_row][vc_column][vc_column_text css=&#8220;&#8220;]Mit einer seit Wochen ausverkauften Weltpremiere ist gestern \u201eRock \u2019n\u2019 Roll Ringo\u201c zum bundesweiten Kinostart in der Filmwelt Herne zum ersten Mal in einer Urauff\u00fchrung \u00fcber die Leinwand geflimmert. Das gesamte Film-Team aus Berlin und Nordrhein-Westfalen war in der Stadt im Ruhrpott zu Gast, darunter Hauptdarsteller Martin Rohde, Regisseur Dominik Galizia und Nebendarsteller Charly&hellip;<\/p>\n<\/div>\n\t\n<a href=\"https:\/\/ucm.one\/de\/rock-n-roll-ringo-begeistert-bei-ausverkaufter-herner-weltpremiere\/\" class=\"post-details details-type-link\" aria-label=\"Read more about \ud83c\udfac  \u201eRock \u2019n\u2019 Roll Ringo\u201c begeistert bei ausverkaufter Herner Weltpremiere\">Mehr lesen<i class=\"dt-icon-the7-arrow-03\" aria-hidden=\"true\"><\/i><\/a>\n\n<\/div><\/article><\/div><div class=\"hidden wf-cell\" data-post-id=\"106591\" data-date=\"2024-09-05T20:43:21+00:00\" data-name=\"\ud83c\udfac &quot;Rock &#039;n&#039; Roll Ringo&quot; von Dominik Galizia startet heute in den deutschen Kinos\"><article class=\"post project-odd visible post-106591 type-post status-publish format-standard has-post-thumbnail hentry category-artkeim category-film category-kino category-news category-verleih category-weltvertrieb tag-alexander-schoeller tag-artheim tag-asp tag-charly-schultz tag-dominik-galizia tag-heiko tag-heikos-welt tag-herne tag-larissa-sirah-herden tag-margarethe-tiesel tag-martin-rohde tag-massuda-kassem tag-mutter-vater tag-peter-trabner tag-rock-n-roll-ringo category-828 category-8 category-10 category-13 category-752 category-7528\" data-name=\"\ud83c\udfac &#8222;Rock &#8217;n&#8216; Roll Ringo&#8220; von Dominik Galizia startet heute in den deutschen Kinos\" data-date=\"2024-09-05T20:43:21+00:00\">\n\n<div class=\"post-thumbnail-wrap\">\n\t<div class=\"post-thumbnail\">\n\t\t\n\t\t\n\t\t<a href=\"https:\/\/ucm.one\/de\/rock-n-roll-ringo-von-dominik-galizia-startet-heute-in-den-deutschen-kinos\/\" class=\"post-thumbnail-rollover layzr-bg layzr-bg\" ><img decoding=\"async\" class=\"iso-lazy-load preload-me iso-lazy-load aspect\" src=\"data:image\/svg+xml,%3Csvg%20xmlns%3D&#39;http%3A%2F%2Fwww.w3.org%2F2000%2Fsvg&#39;%20viewBox%3D&#39;0%200%20990%20309&#39;%2F%3E\" data-src=\"https:\/\/ucm.one\/wp-content\/uploads\/2024\/09\/B-Rock-N-Roll-RingoDE-990x309.jpg\" data-srcset=\"https:\/\/ucm.one\/wp-content\/uploads\/2024\/09\/B-Rock-N-Roll-RingoDE-990x309.jpg 990w, https:\/\/ucm.one\/wp-content\/uploads\/2024\/09\/B-Rock-N-Roll-RingoDE-1485x464.jpg 1485w\" loading=\"eager\" style=\"--ratio: 990 \/ 309\" sizes=\"(max-width: 990px) 100vw, 990px\" alt=\"\" title=\"B Rock &#8218;N&#8216; Roll RingoDE\" width=\"990\" height=\"309\"  \/><\/a>\t<\/div>\n<\/div>\n\n\n<div class=\"post-entry-content\">\n\n\t<h3 class=\"entry-title\">\n\t\t<a href=\"https:\/\/ucm.one\/de\/rock-n-roll-ringo-von-dominik-galizia-startet-heute-in-den-deutschen-kinos\/\" title=\"\ud83c\udfac &#8222;Rock &#8217;n&#8216; Roll Ringo&#8220; von Dominik Galizia startet heute in den deutschen Kinos\" rel=\"bookmark\">\ud83c\udfac &#8222;Rock &#8217;n&#8216; Roll Ringo&#8220; von Dominik Galizia startet heute in den deutschen Kinos<\/a>\n\t<\/h3>\n\n\t<div class=\"entry-meta\"><span class=\"category-link\"><a href=\"https:\/\/ucm.one\/de\/category\/news\/film\/artkeim\/\" >Artkeim\u00b2<\/a>, <a href=\"https:\/\/ucm.one\/de\/category\/news\/film\/\" >Film<\/a>, <a href=\"https:\/\/ucm.one\/de\/category\/news\/kino\/\" >Kino<\/a>, <a href=\"https:\/\/ucm.one\/de\/category\/news\/\" >News<\/a>, <a href=\"https:\/\/ucm.one\/de\/category\/news\/verleih\/\" >Verleih<\/a>, <a href=\"https:\/\/ucm.one\/de\/category\/news\/verleih\/weltvertrieb\/\" >Weltvertrieb<\/a><\/span><\/div>\n\t<div class=\"entry-excerpt\"><p>[vc_row][vc_column][vc_column_text css=&#8220;&#8220;]Der neue Film von Dominik Galizia,\u00a0&#8222;Rock &#8217;n&#8216; Roll Ringo&#8222;, startet heute bundesweit in den Kinos. Der Startschuss f\u00e4llt am Abend in der Filmwelt Herne mit der ausverkauften Weltpremiere. Bis Ende September wird das Filmteam, neben den zahlreichen regul\u00e4ren Kinovorstellungen, eine ausgiebige Tour mit Hauptdarsteller Martin Rohde und Regisseur Dominik Galizia durch die deutschen Kinos\u00e4le&hellip;<\/p>\n<\/div>\n\t\n<a href=\"https:\/\/ucm.one\/de\/rock-n-roll-ringo-von-dominik-galizia-startet-heute-in-den-deutschen-kinos\/\" class=\"post-details details-type-link\" aria-label=\"Read more about \ud83c\udfac &#8222;Rock &#8217;n&#8216; Roll Ringo&#8220; von Dominik Galizia startet heute in den deutschen Kinos\">Mehr lesen<i class=\"dt-icon-the7-arrow-03\" aria-hidden=\"true\"><\/i><\/a>\n\n<\/div><\/article><\/div><div class=\"hidden wf-cell\" data-post-id=\"106087\" data-date=\"2024-08-22T18:57:54+00:00\" data-name=\"\ud83c\udfac &quot;Rock &#039;n&#039; Roll Ringo&quot; startet im September mit ausverkauften Vorf\u00fchrungen in Berlin, K\u00f6ln und Herne\"><article class=\"post project-odd visible post-106087 type-post status-publish format-standard has-post-thumbnail hentry category-artkeim category-film category-filmvertrieb-de category-news category-weltvertrieb tag-artkeim tag-berlin tag-berlinale tag-bochum tag-cinedom tag-dominik-galizia tag-duesseldorf tag-efm tag-hasenheide tag-heikos-welt tag-koeln tag-metropol tag-metropolis tag-mutter-vater tag-nordachse tag-premiere tag-rock-n-roll-ringo tag-schauburg tag-weltvertieb category-828 category-8 category-15325 category-13 category-7528\" data-name=\"\ud83c\udfac &#8222;Rock &#8217;n&#8216; Roll Ringo&#8220; startet im September mit ausverkauften Vorf\u00fchrungen in Berlin, K\u00f6ln und Herne\" data-date=\"2024-08-22T18:57:54+00:00\">\n\n<div class=\"post-thumbnail-wrap\">\n\t<div class=\"post-thumbnail\">\n\t\t\n\t\t\n\t\t<a href=\"https:\/\/ucm.one\/de\/rock-n-roll-ringo-startet-im-september-mit-ausverkauften-vorfuehrungen-in-berlin-koeln-und-herne\/\" class=\"post-thumbnail-rollover layzr-bg layzr-bg\" ><img decoding=\"async\" class=\"iso-lazy-load preload-me iso-lazy-load aspect\" src=\"data:image\/svg+xml,%3Csvg%20xmlns%3D&#39;http%3A%2F%2Fwww.w3.org%2F2000%2Fsvg&#39;%20viewBox%3D&#39;0%200%20990%20309&#39;%2F%3E\" data-src=\"https:\/\/ucm.one\/wp-content\/uploads\/2024\/08\/B-Rock-N-Roll-Ringo-September-DE-1920x600-2-990x309.jpg\" data-srcset=\"https:\/\/ucm.one\/wp-content\/uploads\/2024\/08\/B-Rock-N-Roll-Ringo-September-DE-1920x600-2-990x309.jpg 990w, https:\/\/ucm.one\/wp-content\/uploads\/2024\/08\/B-Rock-N-Roll-Ringo-September-DE-1920x600-2-1485x464.jpg 1485w\" loading=\"eager\" style=\"--ratio: 990 \/ 309\" sizes=\"(max-width: 990px) 100vw, 990px\" alt=\"\" title=\"B Rock &#8218;N&#8216; Roll Ringo September DE 1920&#215;600\" width=\"990\" height=\"309\"  \/><\/a>\t<\/div>\n<\/div>\n\n\n<div class=\"post-entry-content\">\n\n\t<h3 class=\"entry-title\">\n\t\t<a href=\"https:\/\/ucm.one\/de\/rock-n-roll-ringo-startet-im-september-mit-ausverkauften-vorfuehrungen-in-berlin-koeln-und-herne\/\" title=\"\ud83c\udfac &#8222;Rock &#8217;n&#8216; Roll Ringo&#8220; startet im September mit ausverkauften Vorf\u00fchrungen in Berlin, K\u00f6ln und Herne\" rel=\"bookmark\">\ud83c\udfac &#8222;Rock &#8217;n&#8216; Roll Ringo&#8220; startet im September mit ausverkauften Vorf\u00fchrungen in Berlin, K\u00f6ln und Herne<\/a>\n\t<\/h3>\n\n\t<div class=\"entry-meta\"><span class=\"category-link\"><a href=\"https:\/\/ucm.one\/de\/category\/news\/film\/artkeim\/\" >Artkeim\u00b2<\/a>, <a href=\"https:\/\/ucm.one\/de\/category\/news\/film\/\" >Film<\/a>, <a href=\"https:\/\/ucm.one\/de\/category\/news\/vertrieb-von-medien-de\/filmvertrieb-de\/\" >Filmvertrieb<\/a>, <a href=\"https:\/\/ucm.one\/de\/category\/news\/\" >News<\/a>, <a href=\"https:\/\/ucm.one\/de\/category\/news\/verleih\/weltvertrieb\/\" >Weltvertrieb<\/a><\/span><\/div>\n\t<div class=\"entry-excerpt\"><p>[vc_row][vc_column][vc_column_text css=&#8220;&#8220;]F\u00fcr den bundesweiten Kinostart von &#8222;Rock &#8217;n&#8216; Roll Ringo&#8220; am 5. September sind bereits \u00fcber tausend Tickets im Vorverkauf gesichert worden. Die Weltpremiere in Herne und das Screening der NRW-Tour in K\u00f6ln sind schon seit Anfang August ausverkauft. Auch f\u00fcr das Open-Air-Event in der Berliner Hasenheide (800 Pl\u00e4tze) am 12. September sind keine Tickets&hellip;<\/p>\n<\/div>\n\t\n<a href=\"https:\/\/ucm.one\/de\/rock-n-roll-ringo-startet-im-september-mit-ausverkauften-vorfuehrungen-in-berlin-koeln-und-herne\/\" class=\"post-details details-type-link\" aria-label=\"Read more about \ud83c\udfac &#8222;Rock &#8217;n&#8216; Roll Ringo&#8220; startet im September mit ausverkauften Vorf\u00fchrungen in Berlin, K\u00f6ln und Herne\">Mehr lesen<i class=\"dt-icon-the7-arrow-03\" aria-hidden=\"true\"><\/i><\/a>\n\n<\/div><\/article><\/div><div class=\"hidden wf-cell\" data-post-id=\"105330\" data-date=\"2024-07-04T14:00:20+00:00\" data-name=\"\ud83c\udfac Online-Teaserpremiere von &quot;Rock &#039;n&#039; Roll Ringo&quot; von Regisseur Dominik Galizia\"><article class=\"post project-odd visible post-105330 type-post status-publish format-standard has-post-thumbnail hentry category-artkeim category-film category-filmvertrieb-de category-news category-weltvertrieb tag-artkeim tag-berlinale tag-cineplex-alhambra tag-dominik-galizia tag-duesseldorfer-rheinkirmes tag-heikos-welt tag-mutter-vater tag-nordachse tag-rock-n-roll-ringo tag-trailer tag-weltvertieb category-828 category-8 category-15325 category-13 category-7528\" data-name=\"\ud83c\udfac Online-Teaserpremiere von &#8222;Rock &#8217;n&#8216; Roll Ringo&#8220; von Regisseur Dominik Galizia\" data-date=\"2024-07-04T14:00:20+00:00\">\n\n<div class=\"post-thumbnail-wrap\">\n\t<div class=\"post-thumbnail\">\n\t\t\n\t\t\n\t\t<a href=\"https:\/\/ucm.one\/de\/online-teaserpremiere-von-rock-n-roll-ringo-von-regisseur-dominik-galizia\/\" class=\"post-thumbnail-rollover layzr-bg layzr-bg\" ><img decoding=\"async\" class=\"iso-lazy-load preload-me iso-lazy-load aspect\" src=\"data:image\/svg+xml,%3Csvg%20xmlns%3D&#39;http%3A%2F%2Fwww.w3.org%2F2000%2Fsvg&#39;%20viewBox%3D&#39;0%200%20990%20309&#39;%2F%3E\" data-src=\"https:\/\/ucm.one\/wp-content\/uploads\/2024\/07\/RRR-Online-Teaserpremiere-DE-1920x600-1-990x309.jpg\" data-srcset=\"https:\/\/ucm.one\/wp-content\/uploads\/2024\/07\/RRR-Online-Teaserpremiere-DE-1920x600-1-990x309.jpg 990w, https:\/\/ucm.one\/wp-content\/uploads\/2024\/07\/RRR-Online-Teaserpremiere-DE-1920x600-1-1485x464.jpg 1485w\" loading=\"eager\" style=\"--ratio: 990 \/ 309\" sizes=\"(max-width: 990px) 100vw, 990px\" alt=\"\" title=\"RRR-Online-Teaserpremiere-DE-1920&#215;600\" width=\"990\" height=\"309\"  \/><\/a>\t<\/div>\n<\/div>\n\n\n<div class=\"post-entry-content\">\n\n\t<h3 class=\"entry-title\">\n\t\t<a href=\"https:\/\/ucm.one\/de\/online-teaserpremiere-von-rock-n-roll-ringo-von-regisseur-dominik-galizia\/\" title=\"\ud83c\udfac Online-Teaserpremiere von &#8222;Rock &#8217;n&#8216; Roll Ringo&#8220; von Regisseur Dominik Galizia\" rel=\"bookmark\">\ud83c\udfac Online-Teaserpremiere von &#8222;Rock &#8217;n&#8216; Roll Ringo&#8220; von Regisseur Dominik Galizia<\/a>\n\t<\/h3>\n\n\t<div class=\"entry-meta\"><span class=\"category-link\"><a href=\"https:\/\/ucm.one\/de\/category\/news\/film\/artkeim\/\" >Artkeim\u00b2<\/a>, <a href=\"https:\/\/ucm.one\/de\/category\/news\/film\/\" >Film<\/a>, <a href=\"https:\/\/ucm.one\/de\/category\/news\/vertrieb-von-medien-de\/filmvertrieb-de\/\" >Filmvertrieb<\/a>, <a href=\"https:\/\/ucm.one\/de\/category\/news\/\" >News<\/a>, <a href=\"https:\/\/ucm.one\/de\/category\/news\/verleih\/weltvertrieb\/\" >Weltvertrieb<\/a><\/span><\/div>\n\t<div class=\"entry-excerpt\"><p>[vc_row][vc_column][vc_row_inner][vc_column_inner][vc_column_text css=&#8220;&#8220;] Das von UCM.ONE weltweit vertriebene Filmdrama &#8222;Rock &#8217;n&#8216; Roll Ringo&#8220; von Dominik Galizia hat am 4. Juli 2024 um 16:00 Uhr Teaser-Premiere auf YouTube und Vimeo. [\/vc_column_text][vc_column_text css=&#8220;&#8220;] Nach der umjubelten exklusiven Teaser-Premiere des Films &#8222;Rock &#8217;n&#8216; Roll Ringo&#8220; von Dominik Galizia im Berliner Alhambra-Kino im Mai 2024, startet der von den vielen&hellip;<\/p>\n<\/div>\n\t\n<a href=\"https:\/\/ucm.one\/de\/online-teaserpremiere-von-rock-n-roll-ringo-von-regisseur-dominik-galizia\/\" class=\"post-details details-type-link\" aria-label=\"Read more about \ud83c\udfac Online-Teaserpremiere von &#8222;Rock &#8217;n&#8216; Roll Ringo&#8220; von Regisseur Dominik Galizia\">Mehr lesen<i class=\"dt-icon-the7-arrow-03\" aria-hidden=\"true\"><\/i><\/a>\n\n<\/div><\/article><\/div><div class=\"hidden wf-cell\" data-post-id=\"104366\" data-date=\"2024-05-22T17:30:26+00:00\" data-name=\"\ud83c\udfac Trailerpremiere von &quot;Rock &#039;n&#039; Roll Ringo&quot; im ausverkauften Cineplex Alhambra\"><article class=\"post project-odd visible post-104366 type-post status-publish format-standard has-post-thumbnail hentry category-artkeim category-film category-filmvertrieb-de category-news category-weltvertrieb tag-artkeim tag-berlinale tag-cineplex-alhambra tag-cranger-kirmes tag-dominik-galizia tag-duesseldorfer-rheinkirmes tag-efm tag-heikos-welt tag-mutter-vater tag-nordachse tag-rock-n-roll-ringo tag-trailer tag-weltvertieb category-828 category-8 category-15325 category-13 category-7528\" data-name=\"\ud83c\udfac Trailerpremiere von &#8222;Rock &#8217;n&#8216; Roll Ringo&#8220; im ausverkauften Cineplex Alhambra\" data-date=\"2024-05-22T17:30:26+00:00\">\n\n<div class=\"post-thumbnail-wrap\">\n\t<div class=\"post-thumbnail\">\n\t\t\n\t\t\n\t\t<a href=\"https:\/\/ucm.one\/de\/trailerpremiere-von-rock-n-roll-ringo-im-ausverkauften-cineplex-alhambra\/\" class=\"post-thumbnail-rollover layzr-bg layzr-bg\" ><img decoding=\"async\" class=\"iso-lazy-load preload-me iso-lazy-load aspect\" src=\"data:image\/svg+xml,%3Csvg%20xmlns%3D&#39;http%3A%2F%2Fwww.w3.org%2F2000%2Fsvg&#39;%20viewBox%3D&#39;0%200%20990%20309&#39;%2F%3E\" data-src=\"https:\/\/ucm.one\/wp-content\/uploads\/2024\/05\/B-RRR-Trailerpremiere-DE-990x309.jpeg\" data-srcset=\"https:\/\/ucm.one\/wp-content\/uploads\/2024\/05\/B-RRR-Trailerpremiere-DE-990x309.jpeg 990w, https:\/\/ucm.one\/wp-content\/uploads\/2024\/05\/B-RRR-Trailerpremiere-DE-1485x464.jpeg 1485w\" loading=\"eager\" style=\"--ratio: 990 \/ 309\" sizes=\"(max-width: 990px) 100vw, 990px\" alt=\"\" title=\"B RRR Trailerpremiere DE\" width=\"990\" height=\"309\"  \/><\/a>\t<\/div>\n<\/div>\n\n\n<div class=\"post-entry-content\">\n\n\t<h3 class=\"entry-title\">\n\t\t<a href=\"https:\/\/ucm.one\/de\/trailerpremiere-von-rock-n-roll-ringo-im-ausverkauften-cineplex-alhambra\/\" title=\"\ud83c\udfac Trailerpremiere von &#8222;Rock &#8217;n&#8216; Roll Ringo&#8220; im ausverkauften Cineplex Alhambra\" rel=\"bookmark\">\ud83c\udfac Trailerpremiere von &#8222;Rock &#8217;n&#8216; Roll Ringo&#8220; im ausverkauften Cineplex Alhambra<\/a>\n\t<\/h3>\n\n\t<div class=\"entry-meta\"><span class=\"category-link\"><a href=\"https:\/\/ucm.one\/de\/category\/news\/film\/artkeim\/\" >Artkeim\u00b2<\/a>, <a href=\"https:\/\/ucm.one\/de\/category\/news\/film\/\" >Film<\/a>, <a href=\"https:\/\/ucm.one\/de\/category\/news\/vertrieb-von-medien-de\/filmvertrieb-de\/\" >Filmvertrieb<\/a>, <a href=\"https:\/\/ucm.one\/de\/category\/news\/\" >News<\/a>, <a href=\"https:\/\/ucm.one\/de\/category\/news\/verleih\/weltvertrieb\/\" >Weltvertrieb<\/a><\/span><\/div>\n\t<div class=\"entry-excerpt\"><p>[vc_row][vc_column width=&#8220;1\/2&#8243;][vc_row_inner][vc_column_inner][vc_column_text css=&#8220;&#8220;] Fast 400 Fans haben am Dienstagabend im ausverkauften Weddinger Cineplex Alhambra die exklusive Trailerpremiere von &#8222;Rock &#8217;n&#8216; Roll Ringo&#8220; gefeiert. Der neue Film von Dominik Galizia, mit Martin &#8222;Heiko&#8220; Rohde in der Hauptrolle, startet am 5. September im Verleih von UCM.ONE in den deutschen Kinos. [\/vc_column_text][vc_column_text css=&#8220;&#8220;] Im Anschluss an den Trailer&hellip;<\/p>\n<\/div>\n\t\n<a href=\"https:\/\/ucm.one\/de\/trailerpremiere-von-rock-n-roll-ringo-im-ausverkauften-cineplex-alhambra\/\" class=\"post-details details-type-link\" aria-label=\"Read more about \ud83c\udfac Trailerpremiere von &#8222;Rock &#8217;n&#8216; Roll Ringo&#8220; im ausverkauften Cineplex Alhambra\">Mehr lesen<i class=\"dt-icon-the7-arrow-03\" aria-hidden=\"true\"><\/i><\/a>\n\n<\/div><\/article><\/div><div class=\"hidden wf-cell\" data-post-id=\"101694\" data-date=\"2024-01-28T05:49:09+00:00\" data-name=\"\ud83c\udfac &quot;Rock &#039;n&#039; Roll Ringo&quot; von Dominik Galizia wird im Weltvertrieb von UCM.ONE erstmals auf der EFM 2024 international angeboten\"><article class=\"post project-odd visible post-101694 type-post status-publish format-standard has-post-thumbnail hentry category-artkeim category-film category-filmvertrieb-de category-news category-weltvertrieb tag-artkeim tag-berlinale tag-dominik-galizia tag-efm tag-heikos-welt tag-mutter-vater tag-nordachse tag-rock-n-roll-ringo tag-weltvertieb category-828 category-8 category-15325 category-13 category-7528\" data-name=\"\ud83c\udfac &#8222;Rock &#8217;n&#8216; Roll Ringo&#8220; von Dominik Galizia wird im Weltvertrieb von UCM.ONE erstmals auf der EFM 2024 international angeboten\" data-date=\"2024-01-28T05:49:09+00:00\">\n\n<div class=\"post-thumbnail-wrap\">\n\t<div class=\"post-thumbnail\">\n\t\t\n\t\t\n\t\t<a href=\"https:\/\/ucm.one\/de\/rock-n-roll-ringo-von-dominik-galizia-wird-im-weltvertrieb-von-ucm-one-erstmals-auf-der-efm-2024-international-angeboten\/\" class=\"post-thumbnail-rollover layzr-bg layzr-bg\" ><img decoding=\"async\" class=\"iso-lazy-load preload-me iso-lazy-load aspect\" src=\"data:image\/svg+xml,%3Csvg%20xmlns%3D&#39;http%3A%2F%2Fwww.w3.org%2F2000%2Fsvg&#39;%20viewBox%3D&#39;0%200%20990%20309&#39;%2F%3E\" data-src=\"https:\/\/ucm.one\/wp-content\/uploads\/2024\/02\/RRR-EFM-990x309.jpg\" data-srcset=\"https:\/\/ucm.one\/wp-content\/uploads\/2024\/02\/RRR-EFM-990x309.jpg 990w, https:\/\/ucm.one\/wp-content\/uploads\/2024\/02\/RRR-EFM-1485x464.jpg 1485w\" loading=\"eager\" style=\"--ratio: 990 \/ 309\" sizes=\"(max-width: 990px) 100vw, 990px\" alt=\"\" title=\"RRR EFM\" width=\"990\" height=\"309\"  \/><\/a>\t<\/div>\n<\/div>\n\n\n<div class=\"post-entry-content\">\n\n\t<h3 class=\"entry-title\">\n\t\t<a href=\"https:\/\/ucm.one\/de\/rock-n-roll-ringo-von-dominik-galizia-wird-im-weltvertrieb-von-ucm-one-erstmals-auf-der-efm-2024-international-angeboten\/\" title=\"\ud83c\udfac &#8222;Rock &#8217;n&#8216; Roll Ringo&#8220; von Dominik Galizia wird im Weltvertrieb von UCM.ONE erstmals auf der EFM 2024 international angeboten\" rel=\"bookmark\">\ud83c\udfac &#8222;Rock &#8217;n&#8216; Roll Ringo&#8220; von Dominik Galizia wird im Weltvertrieb von UCM.ONE erstmals auf der EFM 2024 international angeboten<\/a>\n\t<\/h3>\n\n\t<div class=\"entry-meta\"><span class=\"category-link\"><a href=\"https:\/\/ucm.one\/de\/category\/news\/film\/artkeim\/\" >Artkeim\u00b2<\/a>, <a href=\"https:\/\/ucm.one\/de\/category\/news\/film\/\" >Film<\/a>, <a href=\"https:\/\/ucm.one\/de\/category\/news\/vertrieb-von-medien-de\/filmvertrieb-de\/\" >Filmvertrieb<\/a>, <a href=\"https:\/\/ucm.one\/de\/category\/news\/\" >News<\/a>, <a href=\"https:\/\/ucm.one\/de\/category\/news\/verleih\/weltvertrieb\/\" >Weltvertrieb<\/a><\/span><\/div>\n\t<div class=\"entry-excerpt\"><p>[vc_row][vc_column width=&#8220;3\/4&#8243;][vc_row_inner][vc_column_inner][vc_column_text] Nach dem erfolgreichen Kulthit &#8222;Heikos Welt&#8220; melden sich Regisseur Dominik Galizia, Schauspieler Martin Rohde und das Rap- und K\u00fcnstlerkollektiv &#8222;Nordachse&#8220; mit ihrem neuen stoischen Kom\u00f6dien-Drama \u00fcber das Boxen auf dem Jahrmarkt zur\u00fcck: &#8222;Rock&#8217;N&#8217;Roll Ringo&#8222;, gedreht auf 35mm mit einem Budget von 1.200.000 EUR, wird erstmals branchenintern auf der EFM\u00a0(European Film Market), die wie&hellip;<\/p>\n<\/div>\n\t\n<a href=\"https:\/\/ucm.one\/de\/rock-n-roll-ringo-von-dominik-galizia-wird-im-weltvertrieb-von-ucm-one-erstmals-auf-der-efm-2024-international-angeboten\/\" class=\"post-details details-type-link\" aria-label=\"Read more about \ud83c\udfac &#8222;Rock &#8217;n&#8216; Roll Ringo&#8220; von Dominik Galizia wird im Weltvertrieb von UCM.ONE erstmals auf der EFM 2024 international angeboten\">Mehr lesen<i class=\"dt-icon-the7-arrow-03\" aria-hidden=\"true\"><\/i><\/a>\n\n<\/div><\/article><\/div><div class=\"hidden wf-cell\" data-post-id=\"96733\" data-date=\"2023-08-18T16:00:19+00:00\" data-name=\"\ud83c\udfac Letzte Klappe f\u00fcr &quot;Rock &#039;n&#039; Roll Ringo&quot; \/ Dreharbeiten in NRW abgeschlossen\"><article class=\"post project-odd visible post-96733 type-post status-publish format-standard has-post-thumbnail hentry category-darling-berlin category-film category-filmvertrieb-de category-kino category-news category-weltvertrieb tag-darling-berlin tag-dominik-galizia tag-erwin-leder tag-heiko tag-heikos-welt tag-larissa-sirah-herden tag-margarethe-tiesel tag-martin-rohde tag-peter-trabner tag-rock-n-roll-ringo tag-tuba-seese category-830 category-8 category-15325 category-10 category-13 category-7528\" data-name=\"\ud83c\udfac Letzte Klappe f\u00fcr &#8222;Rock &#8217;n&#8216; Roll Ringo&#8220; \/ Dreharbeiten in NRW abgeschlossen\" data-date=\"2023-08-18T16:00:19+00:00\">\n\n<div class=\"post-thumbnail-wrap\">\n\t<div class=\"post-thumbnail\">\n\t\t\n\t\t\n\t\t<a href=\"https:\/\/ucm.one\/de\/letzte-klappe-fuer-rock-n-roll-ringo-dreharbeiten-in-nrw-abgeschlossen\/\" class=\"post-thumbnail-rollover layzr-bg layzr-bg\" ><img decoding=\"async\" class=\"iso-lazy-load preload-me iso-lazy-load aspect\" src=\"data:image\/svg+xml,%3Csvg%20xmlns%3D&#39;http%3A%2F%2Fwww.w3.org%2F2000%2Fsvg&#39;%20viewBox%3D&#39;0%200%20990%20309&#39;%2F%3E\" data-src=\"https:\/\/ucm.one\/wp-content\/uploads\/2023\/09\/Rock-N-Roll-Ringo-1920x600-1-990x309.jpeg\" data-srcset=\"https:\/\/ucm.one\/wp-content\/uploads\/2023\/09\/Rock-N-Roll-Ringo-1920x600-1-990x309.jpeg 990w, https:\/\/ucm.one\/wp-content\/uploads\/2023\/09\/Rock-N-Roll-Ringo-1920x600-1-1485x464.jpeg 1485w\" loading=\"eager\" style=\"--ratio: 990 \/ 309\" sizes=\"(max-width: 990px) 100vw, 990px\" alt=\"\" title=\"Rock &#8218;N&#8216; Roll Ringo 1920&#215;600\" width=\"990\" height=\"309\"  \/><\/a>\t<\/div>\n<\/div>\n\n\n<div class=\"post-entry-content\">\n\n\t<h3 class=\"entry-title\">\n\t\t<a href=\"https:\/\/ucm.one\/de\/letzte-klappe-fuer-rock-n-roll-ringo-dreharbeiten-in-nrw-abgeschlossen\/\" title=\"\ud83c\udfac Letzte Klappe f\u00fcr &#8222;Rock &#8217;n&#8216; Roll Ringo&#8220; \/ Dreharbeiten in NRW abgeschlossen\" rel=\"bookmark\">\ud83c\udfac Letzte Klappe f\u00fcr &#8222;Rock &#8217;n&#8216; Roll Ringo&#8220; \/ Dreharbeiten in NRW abgeschlossen<\/a>\n\t<\/h3>\n\n\t<div class=\"entry-meta\"><span class=\"category-link\"><a href=\"https:\/\/ucm.one\/de\/category\/news\/film\/darling-berlin\/\" >Darling Berlin<\/a>, <a href=\"https:\/\/ucm.one\/de\/category\/news\/film\/\" >Film<\/a>, <a href=\"https:\/\/ucm.one\/de\/category\/news\/vertrieb-von-medien-de\/filmvertrieb-de\/\" >Filmvertrieb<\/a>, <a href=\"https:\/\/ucm.one\/de\/category\/news\/kino\/\" >Kino<\/a>, <a href=\"https:\/\/ucm.one\/de\/category\/news\/\" >News<\/a>, <a href=\"https:\/\/ucm.one\/de\/category\/news\/verleih\/weltvertrieb\/\" >Weltvertrieb<\/a><\/span><\/div>\n\t<div class=\"entry-excerpt\"><p>[vc_row][vc_column width=&#8220;3\/4&#8243;][vc_column_text css=&#8220;&#8220;] Nach f\u00fcnf intensiven Wochen in Nordrhein-Westfalen hat Dominik Galizia die Dreharbeiten zu seinem neuen Film &#8222;Rock &#8217;n&#8216; Roll Ringo&#8220; abgeschlossen. In dem Action Drama taucht Galizia, der 2022 mit dem Kult-Film &#8222;Heikos Welt&#8220; f\u00fcr Aufsehen sorgte, in die Welt des Preisboxens ab &#8211; einer einzigartigen Szene, die es so vielleicht nicht mehr&hellip;<\/p>\n<\/div>\n\t\n<a href=\"https:\/\/ucm.one\/de\/letzte-klappe-fuer-rock-n-roll-ringo-dreharbeiten-in-nrw-abgeschlossen\/\" class=\"post-details details-type-link\" aria-label=\"Read more about \ud83c\udfac Letzte Klappe f\u00fcr &#8222;Rock &#8217;n&#8216; Roll Ringo&#8220; \/ Dreharbeiten in NRW abgeschlossen\">Mehr lesen<i class=\"dt-icon-the7-arrow-03\" aria-hidden=\"true\"><\/i><\/a>\n\n<\/div><\/article><\/div><\/div><!-- iso-container|iso-grid --><div class=\"paginator paginator-more-button\">\n\t\t\t\t<a class=\"button-load-more \" href=\"javascript:void(0);\" data-dt-page=\"1\" ><span class=\"stick\"><\/span><span class=\"stick\"><\/span><span class=\"stick\"><\/span><span class=\"button-caption\">Mehr laden<\/span><\/a>\n\t\t\t<\/div><\/div>[\/vc_tta_section][\/vc_tta_accordion][vc_separator][\/vc_column][\/vc_row][vc_row css=&#8220;.vc_custom_1723411838807{margin-top: 80px !important;padding-top: 0px !important;}&#8220; el_id=&#8220;einhundervier&#8220;][vc_column width=&#8220;1\/4&#8243; offset=&#8220;vc_col-lg-offset-0 vc_col-md-offset-0 vc_col-sm-offset-0&#8243;][vc_single_image image=&#8220;101642&#8243; img_size=&#8220;full&#8220; onclick=&#8220;link_image&#8220;][\/vc_column][vc_column width=&#8220;3\/4&#8243;][vc_column_text]<\/p>\n<h2>Einhundertvier<\/h2>\n<h3>von Jonathan Sch\u00f6rnig<\/h3>\n<div class=\"wpb_text_column wpb_content_element \">\n<div class=\"wpb_wrapper\">\n<div class=\"wpb_text_column wpb_content_element \">\n<div class=\"wpb_wrapper\">\n<div class=\"wpb_text_column wpb_content_element \">\n<p style=\"font-weight: 400;\">Wie eine Seenotrettung ablaufen kann, \u00fcbersteigt jegliche Vorstellungskraft. Die Echtzeitdokumentation \u201eEinhundertvier\u201c bringt diese dramatische Situation n\u00e4her. Der Film zeigt, wie qu\u00e4lend lange es dauert, 104 Personen von einem sinkenden Schlauchboot zu bergen. Mensch f\u00fcr Mensch, Schritt f\u00fcr Schritt wird die Aktion mit mehreren parallelen Kameras begleitet. Mit dem Auftauchen der Libyschen K\u00fcstenwache spitzt sich die Lage zu. Tagelang harren die Geretteten und die Crew auf hoher See aus, da kein Mittelmeerland ihnen erlaubt anzulegen. Erst nach einem schlimmen Sturm erreicht das Schiff einen europ\u00e4ischen Hafen.<\/p>\n<p>Jedes Jahr fordert die gef\u00e4hrlichste Fluchtroute der Welt Tausende von Menschenleben. Allein in der ersten H\u00e4lfte des Jahres 2023 starben fast 2.000 Menschen im Mittelmeer, da die Grenzpolitik der Europ\u00e4ischen Union systematisch geltende Rechte verletzt. Statt den Schiffbr\u00fcchigen zu helfen, f\u00fchrt Frontex illegale Pushbacks durch, unterst\u00fctzt das gewaltt\u00e4tige Vorgehen der libyschen K\u00fcstenwache und bek\u00e4mpft massiv private Seenotrettungsmissionen, die dort eingreifen, wo die EU versagt.<div class=\"gap\" style=\"line-height: 5px; height: 5px;\"><\/div>\n<h3>Kinostart: 23. Mai 2024<\/h3>\n<\/div>\n<\/div>\n<\/div>\n<\/div>\n<\/div>\n<p>[\/vc_column_text][\/vc_column][vc_column][vc_row_inner css=&#8220;.vc_custom_1603814225076{padding-top: 0px !important;}&#8220;][vc_column_inner width=&#8220;4\/6&#8243;][vc_column_text]NONFY Documentaries | 2023 | Dokumentarfilm | Deutschland | Original Titel: &#8222;<a title=\"Einhundertvier (2023) von Jonathan Sch\u00f6rnig | NONFY Documentaries\" href=\"https:\/\/ucm.one\/de\/einhundertvier\/\">Einhundertvier<\/a>&#8220; | Englischer Titel: &#8222;One Hundred Four&#8220;[\/vc_column_text][\/vc_column_inner][vc_column_inner width=&#8220;1\/6&#8243;][vc_btn title=&#8220;Presse Materialien&#8220; size=&#8220;xs&#8220; align=&#8220;center&#8220; i_icon_fontawesome=&#8220;fas fa-download&#8220; button_block=&#8220;true&#8220; add_icon=&#8220;true&#8220; link=&#8220;url:https%3A%2F%2Fwww.ucm.one%2Fpresse%2Fnf_einhundertvier.zip|title:Einhundervier%20Presskit|rel:nofollow&#8220;][\/vc_column_inner][vc_column_inner width=&#8220;1\/6&#8243;][vc_btn title=&#8220;DCP Trailer&#8220; size=&#8220;xs&#8220; align=&#8220;center&#8220; i_icon_fontawesome=&#8220;fas fa-external-link-alt&#8220; button_block=&#8220;true&#8220; add_icon=&#8220;true&#8220; link=&#8220;url:https%3A%2F%2Fwww.dropbox.com%2Fscl%2Ffo%2Fozezc0igz37akzxeyb7m3%2Fh%3Frlkey%3Dhq4jdjlr97yhmz70u760iqd5q%26dl%3D0|target:_blank|rel:nofollow&#8220;][\/vc_column_inner][\/vc_row_inner][vc_tta_accordion style=&#8220;modern&#8220; shape=&#8220;square&#8220; c_icon=&#8220;chevron&#8220; active_section=&#8220;33&#8243; no_fill=&#8220;true&#8220; collapsible_all=&#8220;true&#8220;][vc_tta_section title=&#8220;Weitere Informationen&#8220; tab_id=&#8220;1723411795397-860c253d-e52f&#8220;][vc_column_text]<\/p>\n<div class=\"wpb_text_column wpb_content_element \">\n<div class=\"wpb_wrapper\">\n<p id=\"u3084-2\"><strong>Original Titel: <\/strong>Einhundertvier<\/p>\n<p><strong>Regie: <\/strong><span lang=\"EN-US\">Jonathan Sch\u00f6rnig<\/span><\/p>\n<p><strong>Kameras: <\/strong><span lang=\"EN-US\">Jonathan Sch\u00f6rnig, Johannes Filous<\/span><\/p>\n<p><strong>Schnitt:<\/strong><em> kein Schnitt (Echtzeitdoku)<\/em><\/p>\n<p><strong>Ton: <\/strong><em><span lang=\"EN-US\">Echtzeitton<\/span><\/em><\/p>\n<div><b>Mitwirkende: <\/b>Crew des Rettungsschiffs ELEONORE: Claus-Peter Reisch (Kapit\u00e4n), Martin Ernst (1. Offizier ( RHIB Fahrer), Thorsten Smikalla (2. Offizier), Gerald Karl (3. Offizier \/ Deckmanager), Clara Richter (Cultural Mediator \/ K\u00f6chin), Georg Albiez (Schiffsarzt), Kostis Plevris (RHIB-Kommunikation)<\/div>\n<div><\/div>\n<p><strong>Produzent: <\/strong><span lang=\"EN-US\">Uwe Nitschke<\/span><\/p>\n<p><strong>Ko-Produzent:<\/strong> <span lang=\"EN-US\">Adrian Then<\/span><\/p>\n<p><strong>Produktionsjahr: <\/strong>2023<\/p>\n<p><strong>Genre:<\/strong> Dokumentarfilm<\/p>\n<p><strong>Land:<\/strong> Deutschland<\/p>\n<p><strong>Sprachen:<\/strong> englisch, deutsch<\/p>\n<p><strong>Untertitel-Versionen:<\/strong> d<span lang=\"EN-US\">eutsch, englisch, franz\u00f6sisch, spanisch, portugiesisch, russisch, arabisch, chinesisch<\/span><\/p>\n<p><strong>L\u00e4nge:<\/strong> 93 Min.<\/p>\n<p><strong>FSK: 12 <\/strong><em>(beantragt)<\/em><\/p>\n<p><strong>Seitenverh\u00e4ltnis \/ Aufl\u00f6sung: <\/strong>1,85:1 (4K: 3996\u00d72160 \/ 2K:1998\u00d71080)<\/p>\n<p><strong>DCP \/ Projektions-mp4:<\/strong>DCI 4K\/2K-F Stereo (2.0) \/ 1080P LB185 (Letterboxed)<\/p>\n<p>&nbsp;<\/p>\n<div class=\"wpb_text_column wpb_content_element \">\n<div class=\"wpb_wrapper\">\n<p><em>Internationale Titel: <\/em><\/p>\n<p><strong>Englisch:<\/strong> One Hundred Four<\/p>\n<p>Franz\u00f6sisch: Cent quatre<\/p>\n<\/div>\n<\/div>\n<div class=\"vc_separator wpb_content_element vc_separator_align_center vc_sep_width_100 vc_sep_pos_align_center vc_separator_no_text\"><\/div>\n<div class=\"wpb_text_column wpb_content_element \">\n<div class=\"wpb_wrapper\">\n<p><em>Awards:<\/em><\/p>\n<p><b>2023 DOK Leipzig:<\/b> Deutscher Wettbewerb Dokumentarfilm \u201cGoldene Taube Langfilm\u201d -&gt; Einhundertvier<\/p>\n<p><b>2023 DOK Leipzig:<\/b> \u201cFilmpreis Leipziger Ring\u201d -&gt; Einhundertvier<\/p>\n<p><b>2023 DOK Leipzig:<\/b> \u201cDokumentarfilmpreis des Goethe-Instituts\u201d -&gt; Einhundertvier<\/p>\n<p><b>2023 DOK Leipzig:<\/b> \u201cver.di Preis f\u00fcr Solidarit\u00e4t, Menschlichkeit und Fairness\u201d -&gt; Einhundertvier<\/p>\n<\/div>\n<\/div>\n<div class=\"vc_separator wpb_content_element vc_separator_align_center vc_sep_width_100 vc_sep_pos_align_center vc_separator_no_text\"><\/div>\n<div class=\"wpb_text_column wpb_content_element \">\n<div class=\"wpb_wrapper\">\n<p><strong>Filmlabel:<\/strong> NONFY Documentaries<\/p>\n<p><strong>Verleih:<\/strong> <strong>UCM.ONE<\/strong><\/p>\n<p><strong>Kinostart : <\/strong>23.05.2024<\/p>\n<\/div>\n<\/div>\n<\/div>\n<\/div>\n<div class=\"vc_separator wpb_content_element vc_separator_align_center vc_sep_width_100 vc_sep_pos_align_center vc_separator_no_text\"><\/div>\n<p>[\/vc_column_text][\/vc_tta_section][vc_tta_section title=&#8220;Trailer&#8220; tab_id=&#8220;1723411795494-10490556-aa03&#8243;][vc_video link=&#8220;https:\/\/youtu.be\/MQ4EhZdZAIQ&#8220; align=&#8220;center&#8220;][\/vc_tta_section][vc_tta_section title=&#8220;Interview mit Jonathan Sch\u00f6rnig und Klaus Claus-Peter Reisch&#8220; tab_id=&#8220;1723411795593-c543cf41-9f3c&#8220;][vc_video link=&#8220;https:\/\/youtu.be\/Hj1ZPa1xc-w?si=kFfvdRMHwdiPFqn0&#8243; align=&#8220;center&#8220;][\/vc_tta_section][vc_tta_section title=&#8220;Neuigkeiten&#8220; tab_id=&#8220;1723411795693-dcc87802-a28a&#8220;]<style type=\"text\/css\" data-type=\"the7_shortcodes-inline-css\">.blog-shortcode.blog-masonry-shortcode-id-bd9ef227ff07505d733f8630f6803c07.content-bg-on.classic-layout-list article {\n  background: #e6e6e6;\n  box-shadow: none;\n}\n.blog-shortcode.blog-masonry-shortcode-id-bd9ef227ff07505d733f8630f6803c07.dividers-on.classic-layout-list article {\n  padding-top: 0;\n}\n.blog-shortcode.blog-masonry-shortcode-id-bd9ef227ff07505d733f8630f6803c07.dividers-on.classic-layout-list article:first-of-type {\n  margin-top: 0;\n  padding-top: 0;\n}\n.blog-shortcode.blog-masonry-shortcode-id-bd9ef227ff07505d733f8630f6803c07.classic-layout-list.mode-list .post-entry-content {\n  width: calc(100% - );\n}\n.blog-shortcode.blog-masonry-shortcode-id-bd9ef227ff07505d733f8630f6803c07.classic-layout-list.mode-list .no-img .post-entry-content {\n  width: 100%;\n}\n.blog-shortcode.blog-masonry-shortcode-id-bd9ef227ff07505d733f8630f6803c07 .filter-bg-decoration .filter-categories a.act {\n  color: #fff;\n}\n.blog-shortcode.blog-masonry-shortcode-id-bd9ef227ff07505d733f8630f6803c07:not(.mode-masonry) article:first-of-type,\n.blog-shortcode.blog-masonry-shortcode-id-bd9ef227ff07505d733f8630f6803c07:not(.mode-masonry) article.visible.first:not(.product) {\n  margin-top: 0;\n}\n.blog-shortcode.blog-masonry-shortcode-id-bd9ef227ff07505d733f8630f6803c07.dividers-on:not(.mode-masonry) article {\n  margin-top: 0;\n}\n.blog-shortcode.blog-masonry-shortcode-id-bd9ef227ff07505d733f8630f6803c07.dividers-on:not(.mode-masonry) article:first-of-type,\n.blog-shortcode.blog-masonry-shortcode-id-bd9ef227ff07505d733f8630f6803c07.dividers-on:not(.mode-masonry) article.visible.first:not(.product) {\n  margin-top: 0;\n  padding-top: 0;\n}\n.blog-shortcode.blog-masonry-shortcode-id-bd9ef227ff07505d733f8630f6803c07 .post-thumbnail-wrap {\n  padding: 0px 0px 0px 0px;\n}\n.blog-shortcode.blog-masonry-shortcode-id-bd9ef227ff07505d733f8630f6803c07.enable-bg-rollover .post-thumbnail-rollover:after {\n  background: -webkit-linear-gradient();\n  background: linear-gradient();\n}\n.blog-shortcode.blog-masonry-shortcode-id-bd9ef227ff07505d733f8630f6803c07 .gallery-zoom-ico {\n  width: 44px;\n  height: 44px;\n  line-height: 44px;\n  border-radius: 100px;\n  margin: -22px 0 0 -22px;\n  border-width: 0px;\n  color: #ffffff;\n}\n.bottom-overlap-layout-list.blog-shortcode.blog-masonry-shortcode-id-bd9ef227ff07505d733f8630f6803c07 .gallery-zoom-ico {\n  margin-top: -72px;\n}\n.gradient-overlay-layout-list.blog-shortcode.blog-masonry-shortcode-id-bd9ef227ff07505d733f8630f6803c07 .gallery-zoom-ico,\n.content-rollover-layout-list.blog-shortcode.blog-masonry-shortcode-id-bd9ef227ff07505d733f8630f6803c07 .gallery-zoom-ico {\n  margin: 0 0 10px;\n}\n.content-align-center.gradient-overlay-layout-list.blog-shortcode.blog-masonry-shortcode-id-bd9ef227ff07505d733f8630f6803c07 .gallery-zoom-ico,\n.content-align-center.content-rollover-layout-list.blog-shortcode.blog-masonry-shortcode-id-bd9ef227ff07505d733f8630f6803c07 .gallery-zoom-ico {\n  margin: 0 auto 10px;\n}\n.dt-icon-bg-on.blog-shortcode.blog-masonry-shortcode-id-bd9ef227ff07505d733f8630f6803c07 .gallery-zoom-ico {\n  background: rgba(255,255,255,0.3);\n  box-shadow: none;\n}\n.blog-shortcode.blog-masonry-shortcode-id-bd9ef227ff07505d733f8630f6803c07 .gallery-zoom-ico > span,\n.blog-shortcode.blog-masonry-shortcode-id-bd9ef227ff07505d733f8630f6803c07 .gallery-zoom-ico:before {\n  font-size: 32px;\n  line-height: 44px;\n}\n.blog-shortcode.blog-masonry-shortcode-id-bd9ef227ff07505d733f8630f6803c07 .gallery-zoom-ico > span,\n.blog-shortcode.blog-masonry-shortcode-id-bd9ef227ff07505d733f8630f6803c07 .gallery-zoom-ico:before {\n  color: #ffffff;\n}\n.blog-shortcode.blog-masonry-shortcode-id-bd9ef227ff07505d733f8630f6803c07 .fancy-date a .entry-month:after,\n.blog-shortcode.blog-masonry-shortcode-id-bd9ef227ff07505d733f8630f6803c07 .fancy-date a .entry-date:after {\n  background: #092480;\n  box-shadow: none;\n}\n.blog-shortcode.blog-masonry-shortcode-id-bd9ef227ff07505d733f8630f6803c07 .entry-title,\n.blog-shortcode.blog-masonry-shortcode-id-bd9ef227ff07505d733f8630f6803c07.owl-carousel .entry-title {\n  margin-bottom: 5px;\n  font-weight: bold;\n}\n.blog-shortcode.blog-masonry-shortcode-id-bd9ef227ff07505d733f8630f6803c07 .entry-meta {\n  margin-bottom: 15px;\n}\n.blog-shortcode.blog-masonry-shortcode-id-bd9ef227ff07505d733f8630f6803c07 .portfolio-categories {\n  margin-bottom: 15px;\n}\n.blog-shortcode.blog-masonry-shortcode-id-bd9ef227ff07505d733f8630f6803c07 .entry-excerpt {\n  margin-bottom: 5px;\n}\n.blog-shortcode.blog-masonry-shortcode-id-bd9ef227ff07505d733f8630f6803c07:not(.centered-layout-list) .post-entry-content {\n  padding: 15px 20px 20px 20px;\n}\n.blog-shortcode.blog-masonry-shortcode-id-bd9ef227ff07505d733f8630f6803c07:not(.centered-layout-list):not(.content-bg-on):not(.mode-list) .no-img .post-entry-content {\n  padding: 0;\n}\n.blog-shortcode.blog-masonry-shortcode-id-bd9ef227ff07505d733f8630f6803c07.content-bg-on:not(.classic-layout-list):not(.centered-layout-list) .post-entry-content {\n  background: #e6e6e6;\n  box-shadow: none;\n}\n@media screen and (max-width: ) {\n  .blog-shortcode.blog-masonry-shortcode-id-bd9ef227ff07505d733f8630f6803c07 article {\n    -ms-flex-flow: column nowrap;\n    flex-flow: column nowrap;\n    margin-top: 20px;\n  }\n  .blog-shortcode.blog-masonry-shortcode-id-bd9ef227ff07505d733f8630f6803c07.dividers-on article {\n    border: none;\n  }\n  .blog-shortcode.blog-masonry-shortcode-id-bd9ef227ff07505d733f8630f6803c07.content-bg-on.centered-layout-list article {\n    padding: 0;\n  }\n  .blog-shortcode.blog-masonry-shortcode-id-bd9ef227ff07505d733f8630f6803c07.blog-shortcode.dividers-on article,\n  .blog-shortcode.blog-masonry-shortcode-id-bd9ef227ff07505d733f8630f6803c07.dividers-on.classic-layout-list article {\n    margin-top: 20px;\n    padding: 0;\n  }\n  .blog-shortcode.blog-masonry-shortcode-id-bd9ef227ff07505d733f8630f6803c07.blog-shortcode.dividers-on article:first-of-type,\n  .blog-shortcode.blog-masonry-shortcode-id-bd9ef227ff07505d733f8630f6803c07.dividers-on.classic-layout-list article:first-of-type {\n    padding: 0;\n  }\n  #page .blog-shortcode.blog-masonry-shortcode-id-bd9ef227ff07505d733f8630f6803c07 .post-thumbnail-wrap,\n  #page .blog-shortcode.blog-masonry-shortcode-id-bd9ef227ff07505d733f8630f6803c07 .post-entry-content {\n    width: 100%;\n    margin: 0;\n    top: 0;\n  }\n  #page .blog-shortcode.blog-masonry-shortcode-id-bd9ef227ff07505d733f8630f6803c07 .post-thumbnail-wrap {\n    padding: 0;\n  }\n  #page .blog-shortcode.blog-masonry-shortcode-id-bd9ef227ff07505d733f8630f6803c07 .post-entry-content:after {\n    display: none;\n  }\n  #page .blog-shortcode.blog-masonry-shortcode-id-bd9ef227ff07505d733f8630f6803c07 .project-even .post-thumbnail-wrap,\n  #page .blog-shortcode.blog-masonry-shortcode-id-bd9ef227ff07505d733f8630f6803c07.centered-layout-list .post-thumbnail-wrap {\n    -ms-flex-order: 0;\n    order: 0;\n  }\n  #page .blog-shortcode.blog-masonry-shortcode-id-bd9ef227ff07505d733f8630f6803c07.centered-layout-list .post-entry-title-content {\n    -ms-flex-order: 1;\n    order: 1;\n    width: 100%;\n    padding: 20px 20px 0;\n  }\n  #page .blog-shortcode.blog-masonry-shortcode-id-bd9ef227ff07505d733f8630f6803c07.centered-layout-list .post-entry-content {\n    -ms-flex-order: 2;\n    order: 2;\n    padding-top: 0;\n  }\n  #page .blog-shortcode.blog-masonry-shortcode-id-bd9ef227ff07505d733f8630f6803c07 .fancy-categories {\n    top: 10px;\n    left: 10px;\n    bottom: auto;\n    right: auto;\n  }\n  #page .blog-shortcode.blog-masonry-shortcode-id-bd9ef227ff07505d733f8630f6803c07 .fancy-date a {\n    top: 10px;\n    right: 10px;\n    left: auto;\n    bottom: auto;\n  }\n  #page .blog-shortcode.blog-masonry-shortcode-id-bd9ef227ff07505d733f8630f6803c07 .post-entry-content {\n    padding: 20px;\n  }\n  #page .blog-shortcode.blog-masonry-shortcode-id-bd9ef227ff07505d733f8630f6803c07 .entry-title {\n    margin: 3px 0 5px;\n    font-size: 20px;\n    line-height: 26px;\n  }\n  #page .blog-shortcode.blog-masonry-shortcode-id-bd9ef227ff07505d733f8630f6803c07 .entry-meta {\n    margin: 5px 0 5px;\n  }\n  #page .blog-shortcode.blog-masonry-shortcode-id-bd9ef227ff07505d733f8630f6803c07 .entry-excerpt {\n    margin: 15px 0 0;\n  }\n  #page .blog-shortcode.blog-masonry-shortcode-id-bd9ef227ff07505d733f8630f6803c07 .post-details {\n    margin: 5px 0 10px;\n  }\n  #page .blog-shortcode.blog-masonry-shortcode-id-bd9ef227ff07505d733f8630f6803c07 .post-details.details-type-link {\n    margin-bottom: 2px;\n  }\n}\n.blog-shortcode.blog-masonry-shortcode-id-bd9ef227ff07505d733f8630f6803c07:not(.resize-by-browser-width) .dt-css-grid {\n  grid-row-gap: 50px;\n  grid-column-gap: 50px;\n  grid-template-columns: repeat(auto-fill,minmax(,1fr));\n}\n.blog-shortcode.blog-masonry-shortcode-id-bd9ef227ff07505d733f8630f6803c07:not(.resize-by-browser-width) .dt-css-grid .double-width {\n  grid-column: span 2;\n}\n.cssgridlegacy.no-cssgrid .blog-shortcode.blog-masonry-shortcode-id-bd9ef227ff07505d733f8630f6803c07:not(.resize-by-browser-width) .dt-css-grid,\n.no-cssgridlegacy.no-cssgrid .blog-shortcode.blog-masonry-shortcode-id-bd9ef227ff07505d733f8630f6803c07:not(.resize-by-browser-width) .dt-css-grid {\n  display: flex;\n  flex-flow: row wrap;\n  margin: -25px;\n}\n.cssgridlegacy.no-cssgrid .blog-shortcode.blog-masonry-shortcode-id-bd9ef227ff07505d733f8630f6803c07:not(.resize-by-browser-width) .dt-css-grid .wf-cell,\n.no-cssgridlegacy.no-cssgrid .blog-shortcode.blog-masonry-shortcode-id-bd9ef227ff07505d733f8630f6803c07:not(.resize-by-browser-width) .dt-css-grid .wf-cell {\n  flex: 1 0 ;\n  max-width: 100%;\n  padding: 25px;\n  box-sizing: border-box;\n}\n.blog-shortcode.blog-masonry-shortcode-id-bd9ef227ff07505d733f8630f6803c07.resize-by-browser-width .dt-css-grid {\n  grid-template-columns: repeat(1,1fr);\n  grid-template-rows: auto;\n  grid-column-gap: 50px;\n  grid-row-gap: 50px;\n}\n.blog-shortcode.blog-masonry-shortcode-id-bd9ef227ff07505d733f8630f6803c07.resize-by-browser-width .dt-css-grid .double-width {\n  grid-column: span 2;\n}\n.cssgridlegacy.no-cssgrid .blog-shortcode.blog-masonry-shortcode-id-bd9ef227ff07505d733f8630f6803c07.resize-by-browser-width .dt-css-grid {\n  margin: -25px;\n}\n.cssgridlegacy.no-cssgrid .blog-shortcode.blog-masonry-shortcode-id-bd9ef227ff07505d733f8630f6803c07.resize-by-browser-width .dt-css-grid .wf-cell {\n  width: 100%;\n  padding: 25px;\n}\n.cssgridlegacy.no-cssgrid .blog-shortcode.blog-masonry-shortcode-id-bd9ef227ff07505d733f8630f6803c07.resize-by-browser-width .dt-css-grid .wf-cell.double-width {\n  width: calc(100%) * 2;\n}\n.blog-shortcode.blog-masonry-shortcode-id-bd9ef227ff07505d733f8630f6803c07.resize-by-browser-width:not(.centered-layout-list):not(.content-bg-on) .dt-css-grid {\n  grid-row-gap: 30px;\n}\n@media screen and (max-width: 1199px) {\n  .blog-shortcode.blog-masonry-shortcode-id-bd9ef227ff07505d733f8630f6803c07.resize-by-browser-width .dt-css-grid {\n    grid-template-columns: repeat(1,1fr);\n  }\n  .cssgridlegacy.no-cssgrid .blog-shortcode.blog-masonry-shortcode-id-bd9ef227ff07505d733f8630f6803c07.resize-by-browser-width .dt-css-grid .wf-cell,\n  .no-cssgridlegacy.no-cssgrid .blog-shortcode.blog-masonry-shortcode-id-bd9ef227ff07505d733f8630f6803c07.resize-by-browser-width .dt-css-grid .wf-cell {\n    width: 100%;\n  }\n  .cssgridlegacy.no-cssgrid .blog-shortcode.blog-masonry-shortcode-id-bd9ef227ff07505d733f8630f6803c07.resize-by-browser-width .dt-css-grid .wf-cell.double-width,\n  .no-cssgridlegacy.no-cssgrid .blog-shortcode.blog-masonry-shortcode-id-bd9ef227ff07505d733f8630f6803c07.resize-by-browser-width .dt-css-grid .wf-cell.double-width {\n    width: calc(100%)*2;\n  }\n}\n@media screen and (max-width: 991px) {\n  .blog-shortcode.blog-masonry-shortcode-id-bd9ef227ff07505d733f8630f6803c07.resize-by-browser-width .dt-css-grid {\n    grid-template-columns: repeat(1,1fr);\n  }\n  .cssgridlegacy.no-cssgrid .blog-shortcode.blog-masonry-shortcode-id-bd9ef227ff07505d733f8630f6803c07.resize-by-browser-width .dt-css-grid .wf-cell,\n  .no-cssgridlegacy.no-cssgrid .blog-shortcode.blog-masonry-shortcode-id-bd9ef227ff07505d733f8630f6803c07.resize-by-browser-width .dt-css-grid .wf-cell {\n    width: 100%;\n  }\n  .cssgridlegacy.no-cssgrid .blog-shortcode.blog-masonry-shortcode-id-bd9ef227ff07505d733f8630f6803c07.resize-by-browser-width .dt-css-grid .wf-cell.double-width,\n  .no-cssgridlegacy.no-cssgrid .blog-shortcode.blog-masonry-shortcode-id-bd9ef227ff07505d733f8630f6803c07.resize-by-browser-width .dt-css-grid .wf-cell.double-width {\n    width: calc(100%)*2;\n  }\n}\n@media screen and (max-width: 767px) {\n  .blog-shortcode.blog-masonry-shortcode-id-bd9ef227ff07505d733f8630f6803c07.resize-by-browser-width .dt-css-grid {\n    grid-template-columns: repeat(1,1fr);\n  }\n  .blog-shortcode.blog-masonry-shortcode-id-bd9ef227ff07505d733f8630f6803c07.resize-by-browser-width .dt-css-grid .double-width {\n    grid-column: span 1;\n  }\n  .cssgridlegacy.no-cssgrid .blog-shortcode.blog-masonry-shortcode-id-bd9ef227ff07505d733f8630f6803c07.resize-by-browser-width .dt-css-grid .wf-cell,\n  .no-cssgridlegacy.no-cssgrid .blog-shortcode.blog-masonry-shortcode-id-bd9ef227ff07505d733f8630f6803c07.resize-by-browser-width .dt-css-grid .wf-cell {\n    width: 100%;\n  }\n  .cssgridlegacy.no-cssgrid .blog-shortcode.blog-masonry-shortcode-id-bd9ef227ff07505d733f8630f6803c07.resize-by-browser-width .dt-css-grid .wf-cell.double-width,\n  .no-cssgridlegacy.no-cssgrid .blog-shortcode.blog-masonry-shortcode-id-bd9ef227ff07505d733f8630f6803c07.resize-by-browser-width .dt-css-grid .wf-cell.double-width {\n    width: calc(100%)*2;\n  }\n}<\/style><div class=\"blog-shortcode blog-masonry-shortcode-id-bd9ef227ff07505d733f8630f6803c07 mode-grid classic-layout-list content-bg-on jquery-filter vertical-fancy-style scale-img dt-css-grid-wrap dt-icon-bg-off resize-by-browser-width loading-effect-none description-under-image \" data-padding=\"25px\" data-cur-page=\"1\" data-post-limit=\"2\" data-pagination-mode=\"load-more\" aria-live=\"assertive\" data-desktop-columns-num=\"1\" data-v-tablet-columns-num=\"1\" data-h-tablet-columns-num=\"1\" data-phone-columns-num=\"1\" data-width=\"0px\" data-columns=\"0\"><div class=\"dt-css-grid\" ><div class=\"visible wf-cell\" data-post-id=\"211479\" data-date=\"2025-03-06T18:24:59+00:00\" data-name=\"\ud83c\udfac \u201eEinhundertvier\u201c von Jonathan Sch\u00f6rnig gewinnt Grimme-Preis 2025 in der Kategorie \u201eInformation &amp; Kultur\u201c\"><article class=\"post project-odd visible post-211479 type-post status-publish format-standard has-post-thumbnail hentry category-dokumentarfilm category-film category-kino category-news category-nonfy-documentaries category-weltvertrieb tag-adrian-then tag-dokumentarfilm tag-einhundertvier tag-eleonore tag-europaeischen-union tag-frontex tag-grimme-preis tag-jonathan-schoernig tag-mittelmeer tag-nonfy-documentaries tag-oscars tag-schiffbruechige tag-seenotrettung tag-shortlist category-6267 category-8 category-10 category-13 category-4587 category-7528\" data-name=\"\ud83c\udfac \u201eEinhundertvier\u201c von Jonathan Sch\u00f6rnig gewinnt Grimme-Preis 2025 in der Kategorie \u201eInformation &#038; Kultur\u201c\" data-date=\"2025-03-06T18:24:59+00:00\">\n\n<div class=\"post-thumbnail-wrap\">\n\t<div class=\"post-thumbnail\">\n\t\t\n\t\t\n\t\t<a href=\"https:\/\/ucm.one\/de\/einhundertvier-von-jonathan-schoernig-gewinnt-grimme-preis-2025-in-der-kategorie-information-kultur\/\" class=\"post-thumbnail-rollover layzr-bg layzr-bg\" ><img decoding=\"async\" class=\"iso-lazy-load preload-me iso-lazy-load aspect\" src=\"data:image\/svg+xml,%3Csvg%20xmlns%3D&#39;http%3A%2F%2Fwww.w3.org%2F2000%2Fsvg&#39;%20viewBox%3D&#39;0%200%20990%20309&#39;%2F%3E\" data-src=\"https:\/\/ucm.one\/wp-content\/uploads\/2025\/03\/B-Einhundertvier-Grimme-Preis-2025-990x309.jpg\" data-srcset=\"https:\/\/ucm.one\/wp-content\/uploads\/2025\/03\/B-Einhundertvier-Grimme-Preis-2025-990x309.jpg 990w, https:\/\/ucm.one\/wp-content\/uploads\/2025\/03\/B-Einhundertvier-Grimme-Preis-2025-1485x464.jpg 1485w\" loading=\"eager\" style=\"--ratio: 990 \/ 309\" sizes=\"(max-width: 990px) 100vw, 990px\" alt=\"\" title=\"B Einhundertvier Grimme Preis 2025\" width=\"990\" height=\"309\"  \/><\/a>\t<\/div>\n<\/div>\n\n\n<div class=\"post-entry-content\">\n\n\t<h3 class=\"entry-title\">\n\t\t<a href=\"https:\/\/ucm.one\/de\/einhundertvier-von-jonathan-schoernig-gewinnt-grimme-preis-2025-in-der-kategorie-information-kultur\/\" title=\"\ud83c\udfac \u201eEinhundertvier\u201c von Jonathan Sch\u00f6rnig gewinnt Grimme-Preis 2025 in der Kategorie \u201eInformation &#038; Kultur\u201c\" rel=\"bookmark\">\ud83c\udfac \u201eEinhundertvier\u201c von Jonathan Sch\u00f6rnig gewinnt Grimme-Preis 2025 in der Kategorie \u201eInformation &#038; Kultur\u201c<\/a>\n\t<\/h3>\n\n\t<div class=\"entry-meta\"><span class=\"category-link\"><a href=\"https:\/\/ucm.one\/de\/category\/news\/dokumentarfilm\/\" >Dokumentarfilm<\/a>, <a href=\"https:\/\/ucm.one\/de\/category\/news\/film\/\" >Film<\/a>, <a href=\"https:\/\/ucm.one\/de\/category\/news\/kino\/\" >Kino<\/a>, <a href=\"https:\/\/ucm.one\/de\/category\/news\/\" >News<\/a>, <a href=\"https:\/\/ucm.one\/de\/category\/news\/film\/nonfy-documentaries\/\" >NONFY Documentaries<\/a>, <a href=\"https:\/\/ucm.one\/de\/category\/news\/verleih\/weltvertrieb\/\" >Weltvertrieb<\/a><\/span><\/div>\n\t<div class=\"entry-excerpt\"><p>[vc_row][vc_column][vc_row_inner][vc_column_inner][vc_column_text css=&#8220;&#8220;]Die Echtzeitdokumentation\u00a0\u201eEinhundertvier\u201c von Jonathan Sch\u00f6rnig, die auf dem Label NONFY Documentaries erschienen ist, wird mit dem diesj\u00e4hrigen Grimme-Preis in der Kategorie \u201eInformation &amp; Kultur\u201c ausgezeichnet. Die Jury w\u00fcrdigte den Film f\u00fcr seine eindringliche Auseinandersetzung mit gesellschaftlich relevanten Themen und seine \u00fcberzeugende erz\u00e4hlerische Gestaltung.[\/vc_column_text][\/vc_column_inner][\/vc_row_inner][\/vc_column][\/vc_row][vc_row][vc_column width=&#8220;3\/4&#8243;][vc_column_text css=&#8220;&#8220;] \u201eEinhundertvier\u201c schildert in eindringlicher Weise den Ablauf einer Seenotrettung&hellip;<\/p>\n<\/div>\n\t\n<a href=\"https:\/\/ucm.one\/de\/einhundertvier-von-jonathan-schoernig-gewinnt-grimme-preis-2025-in-der-kategorie-information-kultur\/\" class=\"post-details details-type-link\" aria-label=\"Read more about \ud83c\udfac \u201eEinhundertvier\u201c von Jonathan Sch\u00f6rnig gewinnt Grimme-Preis 2025 in der Kategorie \u201eInformation &#038; Kultur\u201c\">Mehr lesen<i class=\"dt-icon-the7-arrow-03\" aria-hidden=\"true\"><\/i><\/a>\n\n<\/div><\/article><\/div><div class=\"visible wf-cell\" data-post-id=\"172028\" data-date=\"2025-01-27T10:00:16+00:00\" data-name=\"\ud83c\udfac Dokumentarfilm \u201eEinhundertvier\u201c (NONFY Documentaries) f\u00fcr den Grimme-Preis 2025 nominiert\"><article class=\"post project-odd visible post-172028 type-post status-publish format-standard has-post-thumbnail hentry category-dokumentarfilm category-film category-kino category-news category-nonfy-documentaries category-weltvertrieb tag-adrian-then tag-dokumentarfilm tag-einhundertvier tag-eleonore tag-europaeischen-union tag-frontex tag-grimme-preis tag-jonathan-schoernig tag-mittelmeer tag-nonfy-documentaries tag-oscars tag-schiffbruechige tag-seenotrettung tag-shortlist category-6267 category-8 category-10 category-13 category-4587 category-7528\" data-name=\"\ud83c\udfac Dokumentarfilm \u201eEinhundertvier\u201c (NONFY Documentaries) f\u00fcr den Grimme-Preis 2025 nominiert\" data-date=\"2025-01-27T10:00:16+00:00\">\n\n<div class=\"post-thumbnail-wrap\">\n\t<div class=\"post-thumbnail\">\n\t\t\n\t\t\n\t\t<a href=\"https:\/\/ucm.one\/de\/dokumentarfilm-einhundertvier-nonfy-documentaries-fuer-den-grimme-preis-2025-nominiert\/\" class=\"post-thumbnail-rollover layzr-bg layzr-bg\" ><img decoding=\"async\" class=\"iso-lazy-load preload-me iso-lazy-load aspect\" src=\"data:image\/svg+xml,%3Csvg%20xmlns%3D&#39;http%3A%2F%2Fwww.w3.org%2F2000%2Fsvg&#39;%20viewBox%3D&#39;0%200%20990%20309&#39;%2F%3E\" data-src=\"https:\/\/ucm.one\/wp-content\/uploads\/2025\/01\/Einhundertvier-Grimme-1920x600-1-990x309.jpg\" data-srcset=\"https:\/\/ucm.one\/wp-content\/uploads\/2025\/01\/Einhundertvier-Grimme-1920x600-1-990x309.jpg 990w, https:\/\/ucm.one\/wp-content\/uploads\/2025\/01\/Einhundertvier-Grimme-1920x600-1-1485x464.jpg 1485w\" loading=\"eager\" style=\"--ratio: 990 \/ 309\" sizes=\"(max-width: 990px) 100vw, 990px\" alt=\"\" title=\"Einhundertvier Grimme 1920&#215;600\" width=\"990\" height=\"309\"  \/><\/a>\t<\/div>\n<\/div>\n\n\n<div class=\"post-entry-content\">\n\n\t<h3 class=\"entry-title\">\n\t\t<a href=\"https:\/\/ucm.one\/de\/dokumentarfilm-einhundertvier-nonfy-documentaries-fuer-den-grimme-preis-2025-nominiert\/\" title=\"\ud83c\udfac Dokumentarfilm \u201eEinhundertvier\u201c (NONFY Documentaries) f\u00fcr den Grimme-Preis 2025 nominiert\" rel=\"bookmark\">\ud83c\udfac Dokumentarfilm \u201eEinhundertvier\u201c (NONFY Documentaries) f\u00fcr den Grimme-Preis 2025 nominiert<\/a>\n\t<\/h3>\n\n\t<div class=\"entry-meta\"><span class=\"category-link\"><a href=\"https:\/\/ucm.one\/de\/category\/news\/dokumentarfilm\/\" >Dokumentarfilm<\/a>, <a href=\"https:\/\/ucm.one\/de\/category\/news\/film\/\" >Film<\/a>, <a href=\"https:\/\/ucm.one\/de\/category\/news\/kino\/\" >Kino<\/a>, <a href=\"https:\/\/ucm.one\/de\/category\/news\/\" >News<\/a>, <a href=\"https:\/\/ucm.one\/de\/category\/news\/film\/nonfy-documentaries\/\" >NONFY Documentaries<\/a>, <a href=\"https:\/\/ucm.one\/de\/category\/news\/verleih\/weltvertrieb\/\" >Weltvertrieb<\/a><\/span><\/div>\n\t<div class=\"entry-excerpt\"><p>[vc_row][vc_column][vc_row_inner][vc_column_inner][vc_column_text css=&#8220;&#8220;]Die Echtzeitdokumentation\u00a0\u201eEinhundertvier\u201c\u00a0von Jonathan Sch\u00f6rnig ist f\u00fcr den\u00a0Grimme-Preis 2025\u00a0in der Kategorie\u00a0\u201eWettbewerb Information &amp; Kultur\u201c\u00a0nominiert. Der Film ist der einzige Beitrag in diesem Wettbewerb, der ohne Senderbeteiligung realisiert wurde \u2013 eine besondere Anerkennung f\u00fcr die unabh\u00e4ngige Filmproduktion. Zuletzt stand der Film auch auf der Longlist zu den Oscars 2025. \u201eEinhundertvier\u201c\u00a0schildert in eindringlicher Weise den Ablauf einer&hellip;<\/p>\n<\/div>\n\t\n<a href=\"https:\/\/ucm.one\/de\/dokumentarfilm-einhundertvier-nonfy-documentaries-fuer-den-grimme-preis-2025-nominiert\/\" class=\"post-details details-type-link\" aria-label=\"Read more about \ud83c\udfac Dokumentarfilm \u201eEinhundertvier\u201c (NONFY Documentaries) f\u00fcr den Grimme-Preis 2025 nominiert\">Mehr lesen<i class=\"dt-icon-the7-arrow-03\" aria-hidden=\"true\"><\/i><\/a>\n\n<\/div><\/article><\/div><div class=\"hidden wf-cell\" data-post-id=\"127905\" data-date=\"2024-11-21T13:56:27+00:00\" data-name=\"\ud83c\udfac \u201eEinhundertvier&quot; von Jonathan Sch\u00f6rnig im Rennen f\u00fcr die Oscars 2025 in der Kategorie \u201cDocumentary Feature Film\u201d\"><article class=\"post project-odd visible post-127905 type-post status-publish format-standard has-post-thumbnail hentry category-dokumentarfilm category-film category-kino category-news category-nonfy-documentaries category-weltvertrieb tag-adrian-then tag-dokumentarfilm tag-einhundertvier tag-eleonore tag-eu tag-europaeischen-union tag-frontex tag-its-all-true tag-jonathan-schoernig tag-mittelmeer tag-nonfy-documentaries tag-oscars tag-schiffbruechige tag-seenotrettung tag-shortlist tag-suedamerika category-6267 category-8 category-10 category-13 category-4587 category-7528\" data-name=\"\ud83c\udfac \u201eEinhundertvier&#8220; von Jonathan Sch\u00f6rnig im Rennen f\u00fcr die Oscars 2025 in der Kategorie \u201cDocumentary Feature Film\u201d\" data-date=\"2024-11-21T13:56:27+00:00\">\n\n<div class=\"post-thumbnail-wrap\">\n\t<div class=\"post-thumbnail\">\n\t\t\n\t\t\n\t\t<a href=\"https:\/\/ucm.one\/de\/einhundertvier-von-jonathan-schoernig-im-rennen-fuer-die-oscars-2025-in-der-kategorie-documentary-feature-film\/\" class=\"post-thumbnail-rollover layzr-bg layzr-bg\" ><img decoding=\"async\" class=\"iso-lazy-load preload-me iso-lazy-load aspect\" src=\"data:image\/svg+xml,%3Csvg%20xmlns%3D&#39;http%3A%2F%2Fwww.w3.org%2F2000%2Fsvg&#39;%20viewBox%3D&#39;0%200%20990%20309&#39;%2F%3E\" data-src=\"https:\/\/ucm.one\/wp-content\/uploads\/2024\/11\/TN-Einhundertvier-Oscar-nov24-990x309.jpg\" data-srcset=\"https:\/\/ucm.one\/wp-content\/uploads\/2024\/11\/TN-Einhundertvier-Oscar-nov24-990x309.jpg 990w, https:\/\/ucm.one\/wp-content\/uploads\/2024\/11\/TN-Einhundertvier-Oscar-nov24-1485x464.jpg 1485w\" loading=\"eager\" style=\"--ratio: 990 \/ 309\" sizes=\"(max-width: 990px) 100vw, 990px\" alt=\"\" title=\"TN Einhundertvier Oscar nov24\" width=\"990\" height=\"309\"  \/><\/a>\t<\/div>\n<\/div>\n\n\n<div class=\"post-entry-content\">\n\n\t<h3 class=\"entry-title\">\n\t\t<a href=\"https:\/\/ucm.one\/de\/einhundertvier-von-jonathan-schoernig-im-rennen-fuer-die-oscars-2025-in-der-kategorie-documentary-feature-film\/\" title=\"\ud83c\udfac \u201eEinhundertvier&#8220; von Jonathan Sch\u00f6rnig im Rennen f\u00fcr die Oscars 2025 in der Kategorie \u201cDocumentary Feature Film\u201d\" rel=\"bookmark\">\ud83c\udfac \u201eEinhundertvier&#8220; von Jonathan Sch\u00f6rnig im Rennen f\u00fcr die Oscars 2025 in der Kategorie \u201cDocumentary Feature Film\u201d<\/a>\n\t<\/h3>\n\n\t<div class=\"entry-meta\"><span class=\"category-link\"><a href=\"https:\/\/ucm.one\/de\/category\/news\/dokumentarfilm\/\" >Dokumentarfilm<\/a>, <a href=\"https:\/\/ucm.one\/de\/category\/news\/film\/\" >Film<\/a>, <a href=\"https:\/\/ucm.one\/de\/category\/news\/kino\/\" >Kino<\/a>, <a href=\"https:\/\/ucm.one\/de\/category\/news\/\" >News<\/a>, <a href=\"https:\/\/ucm.one\/de\/category\/news\/film\/nonfy-documentaries\/\" >NONFY Documentaries<\/a>, <a href=\"https:\/\/ucm.one\/de\/category\/news\/verleih\/weltvertrieb\/\" >Weltvertrieb<\/a><\/span><\/div>\n\t<div class=\"entry-excerpt\"><p>[vc_row][vc_column][vc_row_inner][vc_column_inner][vc_column_text css=&#8220;&#8220;]Gro\u00dfe Ehre f\u00fcr die Dokumentation\u00a0\u201cEinhundervier (NONFY Dpcumentaries)\u201d: Der Film steht auf der offiziellen Liste der\u00a0qualifizierten Dokumentarfilme\u00a0f\u00fcr die\u00a097. Academy Awards\u00a02025. Damit hat der Film die erste H\u00fcrde auf dem Weg zu einer m\u00f6glichen Oscar-Nominierung in der prestigetr\u00e4chtigen Kategorie\u00a0\u201cDocumentary Feature Film\u201d\u00a0genommen.[\/vc_column_text][vc_column_text css=&#8220;&#8220;]Insgesamt sind\u00a0169 Dokumentarfilme\u00a0f\u00fcr diese Kategorie zugelassen. Um in den n\u00e4chsten Abstimmungsrunden weiterzukommen, m\u00fcssen alle Filme&hellip;<\/p>\n<\/div>\n\t\n<a href=\"https:\/\/ucm.one\/de\/einhundertvier-von-jonathan-schoernig-im-rennen-fuer-die-oscars-2025-in-der-kategorie-documentary-feature-film\/\" class=\"post-details details-type-link\" aria-label=\"Read more about \ud83c\udfac \u201eEinhundertvier&#8220; von Jonathan Sch\u00f6rnig im Rennen f\u00fcr die Oscars 2025 in der Kategorie \u201cDocumentary Feature Film\u201d\">Mehr lesen<i class=\"dt-icon-the7-arrow-03\" aria-hidden=\"true\"><\/i><\/a>\n\n<\/div><\/article><\/div><div class=\"hidden wf-cell\" data-post-id=\"104529\" data-date=\"2024-05-23T13:32:03+00:00\" data-name=\"\ud83c\udfac Dokumentarfilm \u201eEinhundertvier&quot; (NONFY Documentaries) startet in den deutschen Kinos\"><article class=\"post project-odd visible post-104529 type-post status-publish format-standard has-post-thumbnail hentry category-dokumentarfilm category-film category-kino category-news category-nonfy-documentaries category-weltvertrieb tag-adrian-then tag-dok-fest-muenchen tag-dokumentarfilm tag-einhundertvier tag-eleonore tag-eu tag-europaeischen-union tag-fish-festival tag-frontex tag-jonathan-schoernig tag-mittelmeer tag-muenchen tag-nonfy-documentaries tag-rostock tag-schiffbruechige tag-seenotrettung tag-uwe-nitschke category-6267 category-8 category-10 category-13 category-4587 category-7528\" data-name=\"\ud83c\udfac Dokumentarfilm \u201eEinhundertvier&#8220; (NONFY Documentaries) startet in den deutschen Kinos\" data-date=\"2024-05-23T13:32:03+00:00\">\n\n<div class=\"post-thumbnail-wrap\">\n\t<div class=\"post-thumbnail\">\n\t\t\n\t\t\n\t\t<a href=\"https:\/\/ucm.one\/de\/dokumentarfilm-einhundertvier-nonfy-documentaries-startet-in-den-deutschen-kinos\/\" class=\"post-thumbnail-rollover layzr-bg layzr-bg\" ><img decoding=\"async\" class=\"iso-lazy-load preload-me iso-lazy-load aspect\" src=\"data:image\/svg+xml,%3Csvg%20xmlns%3D&#39;http%3A%2F%2Fwww.w3.org%2F2000%2Fsvg&#39;%20viewBox%3D&#39;0%200%20990%20309&#39;%2F%3E\" data-src=\"https:\/\/ucm.one\/wp-content\/uploads\/2024\/05\/B-Einhundertvier-in-Kinos-990x309.jpeg\" data-srcset=\"https:\/\/ucm.one\/wp-content\/uploads\/2024\/05\/B-Einhundertvier-in-Kinos-990x309.jpeg 990w, https:\/\/ucm.one\/wp-content\/uploads\/2024\/05\/B-Einhundertvier-in-Kinos-1485x464.jpeg 1485w\" loading=\"eager\" style=\"--ratio: 990 \/ 309\" sizes=\"(max-width: 990px) 100vw, 990px\" alt=\"\" title=\"B Einhundertvier in Kinos\" width=\"990\" height=\"309\"  \/><\/a>\t<\/div>\n<\/div>\n\n\n<div class=\"post-entry-content\">\n\n\t<h3 class=\"entry-title\">\n\t\t<a href=\"https:\/\/ucm.one\/de\/dokumentarfilm-einhundertvier-nonfy-documentaries-startet-in-den-deutschen-kinos\/\" title=\"\ud83c\udfac Dokumentarfilm \u201eEinhundertvier&#8220; (NONFY Documentaries) startet in den deutschen Kinos\" rel=\"bookmark\">\ud83c\udfac Dokumentarfilm \u201eEinhundertvier&#8220; (NONFY Documentaries) startet in den deutschen Kinos<\/a>\n\t<\/h3>\n\n\t<div class=\"entry-meta\"><span class=\"category-link\"><a href=\"https:\/\/ucm.one\/de\/category\/news\/dokumentarfilm\/\" >Dokumentarfilm<\/a>, <a href=\"https:\/\/ucm.one\/de\/category\/news\/film\/\" >Film<\/a>, <a href=\"https:\/\/ucm.one\/de\/category\/news\/kino\/\" >Kino<\/a>, <a href=\"https:\/\/ucm.one\/de\/category\/news\/\" >News<\/a>, <a href=\"https:\/\/ucm.one\/de\/category\/news\/film\/nonfy-documentaries\/\" >NONFY Documentaries<\/a>, <a href=\"https:\/\/ucm.one\/de\/category\/news\/verleih\/weltvertrieb\/\" >Weltvertrieb<\/a><\/span><\/div>\n\t<div class=\"entry-excerpt\"><p>[vc_row][vc_column][vc_row_inner][vc_column_inner][vc_column_text css=&#8220;&#8220;]Der f\u00fcr den Oscar 2025 qualifizierte Dokumentarfilm \u201eEinhundertvier&#8220; von Jonathan Sch\u00f6rnig startet heute auf dem Filmlabel NONFY Documentaries bundesweit in den deutschen Kinos. Das Filmteam ist am Abend zu Gast im Berliner Wolf Kino, um den Film zum Kinostart zu pr\u00e4sentieren. Es folgt in den n\u00e4chsten Wochen eine ausgiebige Kinotour mit vielen Sonderveranstaltungen und&hellip;<\/p>\n<\/div>\n\t\n<a href=\"https:\/\/ucm.one\/de\/dokumentarfilm-einhundertvier-nonfy-documentaries-startet-in-den-deutschen-kinos\/\" class=\"post-details details-type-link\" aria-label=\"Read more about \ud83c\udfac Dokumentarfilm \u201eEinhundertvier&#8220; (NONFY Documentaries) startet in den deutschen Kinos\">Mehr lesen<i class=\"dt-icon-the7-arrow-03\" aria-hidden=\"true\"><\/i><\/a>\n\n<\/div><\/article><\/div><div class=\"hidden wf-cell\" data-post-id=\"103816\" data-date=\"2024-04-25T12:53:48+00:00\" data-name=\"\ud83c\udfac \u201eEinhundertvier&quot; (NONFY Documentaries) siegt beim internationalen \u201eIt&#039;s all true\u201c Filmfestival in Brasilien\"><article class=\"post project-odd visible post-103816 type-post status-publish format-standard has-post-thumbnail hentry category-dokumentarfilm category-film category-kino category-news category-nonfy-documentaries category-weltvertrieb tag-adrian-then tag-dokumentarfilm tag-einhundertvier tag-eleonore tag-eu tag-europaeischen-union tag-frontex tag-its-all-true tag-jonathan-schoernig tag-mittelmeer tag-nonfy-documentaries tag-rio-de-janeiro tag-sao-paulo tag-schiffbruechige tag-seenotrettung tag-suedamerika tag-uwe-nitschke category-6267 category-8 category-10 category-13 category-4587 category-7528\" data-name=\"\ud83c\udfac \u201eEinhundertvier&#8220; (NONFY Documentaries) siegt beim internationalen \u201eIt&#8217;s all true\u201c Filmfestival in Brasilien\" data-date=\"2024-04-25T12:53:48+00:00\">\n\n<div class=\"post-thumbnail-wrap\">\n\t<div class=\"post-thumbnail\">\n\t\t\n\t\t\n\t\t<a href=\"https:\/\/ucm.one\/de\/einhundertvier-nonfy-documentaries-siegt-beim-internationalen-its-all-true-filmfestival-in-brasilien\/\" class=\"post-thumbnail-rollover layzr-bg layzr-bg\" ><img decoding=\"async\" class=\"iso-lazy-load preload-me iso-lazy-load aspect\" src=\"data:image\/svg+xml,%3Csvg%20xmlns%3D&#39;http%3A%2F%2Fwww.w3.org%2F2000%2Fsvg&#39;%20viewBox%3D&#39;0%200%20990%20309&#39;%2F%3E\" data-src=\"https:\/\/ucm.one\/wp-content\/uploads\/2024\/04\/C-Einhundertvier-Brasilien-990x309.jpeg\" data-srcset=\"https:\/\/ucm.one\/wp-content\/uploads\/2024\/04\/C-Einhundertvier-Brasilien-990x309.jpeg 990w, https:\/\/ucm.one\/wp-content\/uploads\/2024\/04\/C-Einhundertvier-Brasilien-1485x464.jpeg 1485w\" loading=\"eager\" style=\"--ratio: 990 \/ 309\" sizes=\"(max-width: 990px) 100vw, 990px\" alt=\"\" title=\"C Einhundertvier Brasilien\" width=\"990\" height=\"309\"  \/><\/a>\t<\/div>\n<\/div>\n\n\n<div class=\"post-entry-content\">\n\n\t<h3 class=\"entry-title\">\n\t\t<a href=\"https:\/\/ucm.one\/de\/einhundertvier-nonfy-documentaries-siegt-beim-internationalen-its-all-true-filmfestival-in-brasilien\/\" title=\"\ud83c\udfac \u201eEinhundertvier&#8220; (NONFY Documentaries) siegt beim internationalen \u201eIt&#8217;s all true\u201c Filmfestival in Brasilien\" rel=\"bookmark\">\ud83c\udfac \u201eEinhundertvier&#8220; (NONFY Documentaries) siegt beim internationalen \u201eIt&#8217;s all true\u201c Filmfestival in Brasilien<\/a>\n\t<\/h3>\n\n\t<div class=\"entry-meta\"><span class=\"category-link\"><a href=\"https:\/\/ucm.one\/de\/category\/news\/dokumentarfilm\/\" >Dokumentarfilm<\/a>, <a href=\"https:\/\/ucm.one\/de\/category\/news\/film\/\" >Film<\/a>, <a href=\"https:\/\/ucm.one\/de\/category\/news\/kino\/\" >Kino<\/a>, <a href=\"https:\/\/ucm.one\/de\/category\/news\/\" >News<\/a>, <a href=\"https:\/\/ucm.one\/de\/category\/news\/film\/nonfy-documentaries\/\" >NONFY Documentaries<\/a>, <a href=\"https:\/\/ucm.one\/de\/category\/news\/verleih\/weltvertrieb\/\" >Weltvertrieb<\/a><\/span><\/div>\n\t<div class=\"entry-excerpt\"><p>[vc_row][vc_column][vc_row_inner][vc_column_inner][vc_column_text]Das Dokumentar-Seenotrettung-Drama \u201eEinhundertvier\u201c (NONFY Documentaries) von Jonathan Sch\u00f6rnig hat den Hauptpreis beim \u201eIt&#8217;s all true\u201c Filmfestival 2024, dem f\u00fchrenden Dokumentarfilmfestival in S\u00fcdamerika, gewonnen. Das Festival fand in Rio de Janeiro und S\u00e3o Paulo statt, wo der Film als bester Langfilm am Wochenende ausgezeichnet wurde.[\/vc_column_text][vc_column_text]Die Jury lobte \u201eEinhundertvier\u201c f\u00fcr seine packende, rohe und dynamische Darstellung eines&hellip;<\/p>\n<\/div>\n\t\n<a href=\"https:\/\/ucm.one\/de\/einhundertvier-nonfy-documentaries-siegt-beim-internationalen-its-all-true-filmfestival-in-brasilien\/\" class=\"post-details details-type-link\" aria-label=\"Read more about \ud83c\udfac \u201eEinhundertvier&#8220; (NONFY Documentaries) siegt beim internationalen \u201eIt&#8217;s all true\u201c Filmfestival in Brasilien\">Mehr lesen<i class=\"dt-icon-the7-arrow-03\" aria-hidden=\"true\"><\/i><\/a>\n\n<\/div><\/article><\/div><div class=\"hidden wf-cell\" data-post-id=\"103779\" data-date=\"2024-04-23T16:11:08+00:00\" data-name=\"\ud83c\udfac Dokumentarfilm \u201eEinhundertvier&quot; (NONFY Documentaries) auf Festivals in M\u00fcnchen und Rostock\"><article class=\"post project-odd visible post-103779 type-post status-publish format-standard has-post-thumbnail hentry category-dokumentarfilm category-film category-kino category-news category-nonfy-documentaries category-weltvertrieb tag-adrian-then tag-dok-fest-muenchen tag-dokumentarfilm tag-einhundertvier tag-eleonore tag-eu tag-europaeischen-union tag-fish-festival tag-frontex tag-jonathan-schoernig tag-mittelmeer tag-muenchen tag-nonfy-documentaries tag-rostock tag-schiffbruechige tag-seenotrettung tag-uwe-nitschke category-6267 category-8 category-10 category-13 category-4587 category-7528\" data-name=\"\ud83c\udfac Dokumentarfilm \u201eEinhundertvier&#8220; (NONFY Documentaries) auf Festivals in M\u00fcnchen und Rostock\" data-date=\"2024-04-23T16:11:08+00:00\">\n\n<div class=\"post-thumbnail-wrap\">\n\t<div class=\"post-thumbnail\">\n\t\t\n\t\t\n\t\t<a href=\"https:\/\/ucm.one\/de\/dokumentarfilm-einhundertvier-nonfy-documentaries-auf-festivals-in-muenchen-und-rostock\/\" class=\"post-thumbnail-rollover layzr-bg layzr-bg\" ><img decoding=\"async\" class=\"iso-lazy-load preload-me iso-lazy-load aspect\" src=\"data:image\/svg+xml,%3Csvg%20xmlns%3D&#39;http%3A%2F%2Fwww.w3.org%2F2000%2Fsvg&#39;%20viewBox%3D&#39;0%200%20990%20309&#39;%2F%3E\" data-src=\"https:\/\/ucm.one\/wp-content\/uploads\/2024\/04\/B-Einhundertvier-News-Festivals-990x309.jpeg\" data-srcset=\"https:\/\/ucm.one\/wp-content\/uploads\/2024\/04\/B-Einhundertvier-News-Festivals-990x309.jpeg 990w, https:\/\/ucm.one\/wp-content\/uploads\/2024\/04\/B-Einhundertvier-News-Festivals-1485x464.jpeg 1485w\" loading=\"eager\" style=\"--ratio: 990 \/ 309\" sizes=\"(max-width: 990px) 100vw, 990px\" alt=\"\" title=\"B Einhundertvier News Festivals\" width=\"990\" height=\"309\"  \/><\/a>\t<\/div>\n<\/div>\n\n\n<div class=\"post-entry-content\">\n\n\t<h3 class=\"entry-title\">\n\t\t<a href=\"https:\/\/ucm.one\/de\/dokumentarfilm-einhundertvier-nonfy-documentaries-auf-festivals-in-muenchen-und-rostock\/\" title=\"\ud83c\udfac Dokumentarfilm \u201eEinhundertvier&#8220; (NONFY Documentaries) auf Festivals in M\u00fcnchen und Rostock\" rel=\"bookmark\">\ud83c\udfac Dokumentarfilm \u201eEinhundertvier&#8220; (NONFY Documentaries) auf Festivals in M\u00fcnchen und Rostock<\/a>\n\t<\/h3>\n\n\t<div class=\"entry-meta\"><span class=\"category-link\"><a href=\"https:\/\/ucm.one\/de\/category\/news\/dokumentarfilm\/\" >Dokumentarfilm<\/a>, <a href=\"https:\/\/ucm.one\/de\/category\/news\/film\/\" >Film<\/a>, <a href=\"https:\/\/ucm.one\/de\/category\/news\/kino\/\" >Kino<\/a>, <a href=\"https:\/\/ucm.one\/de\/category\/news\/\" >News<\/a>, <a href=\"https:\/\/ucm.one\/de\/category\/news\/film\/nonfy-documentaries\/\" >NONFY Documentaries<\/a>, <a href=\"https:\/\/ucm.one\/de\/category\/news\/verleih\/weltvertrieb\/\" >Weltvertrieb<\/a><\/span><\/div>\n\t<div class=\"entry-excerpt\"><p>[vc_row][vc_column][vc_row_inner][vc_column_inner][vc_column_text]Der Dokumentarfilm &#8222;Einhundertvier&#8220; von Regisseur Jonathan Sch\u00f6rnig wird vor seinem offiziellen Kinostart am 23.5.2024 bei verschiedenen Filmfestivals in Deutschland Anfang Mai als Preview gezeigt. Besucher haben die M\u00f6glichkeit, den Film beim Dok.fest M\u00fcnchen sowie beim Fish Festival in Rostock zu sehen. Der Film gibt Einblick in eine Rettungsaktion im Mittelmeer, bei der 104 Menschen aus&hellip;<\/p>\n<\/div>\n\t\n<a href=\"https:\/\/ucm.one\/de\/dokumentarfilm-einhundertvier-nonfy-documentaries-auf-festivals-in-muenchen-und-rostock\/\" class=\"post-details details-type-link\" aria-label=\"Read more about \ud83c\udfac Dokumentarfilm \u201eEinhundertvier&#8220; (NONFY Documentaries) auf Festivals in M\u00fcnchen und Rostock\">Mehr lesen<i class=\"dt-icon-the7-arrow-03\" aria-hidden=\"true\"><\/i><\/a>\n\n<\/div><\/article><\/div><div class=\"hidden wf-cell\" data-post-id=\"101621\" data-date=\"2024-01-17T02:52:28+00:00\" data-name=\"\ud83c\udfac UCM.ONE bringt den Dokumentarfilm &quot;Einhundertvier&quot; in die deutschen Kinos und \u00fcbernimmt zudem den Weltvertrieb\"><article class=\"post project-odd visible post-101621 type-post status-publish format-standard has-post-thumbnail hentry category-dokumentarfilm category-film category-kino category-news category-nonfy-documentaries tag-adrian-then tag-dokumentarfilm tag-einhundertvier tag-eleonore tag-eu tag-europaeischen-union tag-frontex tag-jonathan-schoernig tag-mittelmeer tag-nonfy-documentaries tag-schiffbruechige tag-seenotrettung tag-uwe-nitschke category-6267 category-8 category-10 category-13 category-4587\" data-name=\"\ud83c\udfac UCM.ONE bringt den Dokumentarfilm &#8222;Einhundertvier&#8220; in die deutschen Kinos und \u00fcbernimmt zudem den Weltvertrieb\" data-date=\"2024-01-17T02:52:28+00:00\">\n\n<div class=\"post-thumbnail-wrap\">\n\t<div class=\"post-thumbnail\">\n\t\t\n\t\t\n\t\t<a href=\"https:\/\/ucm.one\/de\/ucm-one-bringt-den-dokumentarfilm-einhundertvier-in-die-deutschen-kinos-und-uebernimmt-zudem-den-weltvertrieb\/\" class=\"post-thumbnail-rollover layzr-bg layzr-bg\" ><img decoding=\"async\" class=\"iso-lazy-load preload-me iso-lazy-load aspect\" src=\"data:image\/svg+xml,%3Csvg%20xmlns%3D&#39;http%3A%2F%2Fwww.w3.org%2F2000%2Fsvg&#39;%20viewBox%3D&#39;0%200%20990%20309&#39;%2F%3E\" data-src=\"https:\/\/ucm.one\/wp-content\/uploads\/2024\/02\/BB-Einhundertvier-Ankuendigung-990x309.jpg\" data-srcset=\"https:\/\/ucm.one\/wp-content\/uploads\/2024\/02\/BB-Einhundertvier-Ankuendigung-990x309.jpg 990w, https:\/\/ucm.one\/wp-content\/uploads\/2024\/02\/BB-Einhundertvier-Ankuendigung-1485x464.jpg 1485w\" loading=\"eager\" style=\"--ratio: 990 \/ 309\" sizes=\"(max-width: 990px) 100vw, 990px\" alt=\"\" title=\"BB Einhundertvier Ank\u00fcndigung\" width=\"990\" height=\"309\"  \/><\/a>\t<\/div>\n<\/div>\n\n\n<div class=\"post-entry-content\">\n\n\t<h3 class=\"entry-title\">\n\t\t<a href=\"https:\/\/ucm.one\/de\/ucm-one-bringt-den-dokumentarfilm-einhundertvier-in-die-deutschen-kinos-und-uebernimmt-zudem-den-weltvertrieb\/\" title=\"\ud83c\udfac UCM.ONE bringt den Dokumentarfilm &#8222;Einhundertvier&#8220; in die deutschen Kinos und \u00fcbernimmt zudem den Weltvertrieb\" rel=\"bookmark\">\ud83c\udfac UCM.ONE bringt den Dokumentarfilm &#8222;Einhundertvier&#8220; in die deutschen Kinos und \u00fcbernimmt zudem den Weltvertrieb<\/a>\n\t<\/h3>\n\n\t<div class=\"entry-meta\"><span class=\"category-link\"><a href=\"https:\/\/ucm.one\/de\/category\/news\/dokumentarfilm\/\" >Dokumentarfilm<\/a>, <a href=\"https:\/\/ucm.one\/de\/category\/news\/film\/\" >Film<\/a>, <a href=\"https:\/\/ucm.one\/de\/category\/news\/kino\/\" >Kino<\/a>, <a href=\"https:\/\/ucm.one\/de\/category\/news\/\" >News<\/a>, <a href=\"https:\/\/ucm.one\/de\/category\/news\/film\/nonfy-documentaries\/\" >NONFY Documentaries<\/a><\/span><\/div>\n\t<div class=\"entry-excerpt\"><p>[vc_row][vc_column][vc_row_inner][vc_column_inner][vc_column_text]UCM.ONE bringt die Echtzeitdokumentation &#8222;Einhundertvier&#8222;, die ohne Schnitt auskommt, im Mai 2024 auf dem Filmlabel NONFY Documentaries in die deutschen Kinos. Zudem \u00fcbernimmt UCM.ONE den Weltvertrieb des aussergew\u00f6hnlichen Dokumentarfilms. Der Film behandelt das Thema, dass jedes Jahr die gef\u00e4hrlichste Fluchtroute der Welt Tausende von Menschenleben fordert. Allein in der ersten H\u00e4lfte des Jahres 2023 starben&hellip;<\/p>\n<\/div>\n\t\n<a href=\"https:\/\/ucm.one\/de\/ucm-one-bringt-den-dokumentarfilm-einhundertvier-in-die-deutschen-kinos-und-uebernimmt-zudem-den-weltvertrieb\/\" class=\"post-details details-type-link\" aria-label=\"Read more about \ud83c\udfac UCM.ONE bringt den Dokumentarfilm &#8222;Einhundertvier&#8220; in die deutschen Kinos und \u00fcbernimmt zudem den Weltvertrieb\">Mehr lesen<i class=\"dt-icon-the7-arrow-03\" aria-hidden=\"true\"><\/i><\/a>\n\n<\/div><\/article><\/div><\/div><!-- iso-container|iso-grid --><div class=\"paginator paginator-more-button\">\n\t\t\t\t<a class=\"button-load-more \" href=\"javascript:void(0);\" data-dt-page=\"1\" ><span class=\"stick\"><\/span><span class=\"stick\"><\/span><span class=\"stick\"><\/span><span class=\"button-caption\">Mehr laden<\/span><\/a>\n\t\t\t<\/div><\/div>[\/vc_tta_section][\/vc_tta_accordion][vc_separator][\/vc_column][\/vc_row][vc_row css=&#8220;.vc_custom_1714348898974{margin-top: 80px !important;padding-top: 0px !important;}&#8220; el_id=&#8220;holy-island&#8220;][vc_column width=&#8220;1\/4&#8243; offset=&#8220;vc_col-lg-offset-0 vc_col-md-offset-0 vc_col-sm-offset-0&#8243;][vc_single_image image=&#8220;101248&#8243; img_size=&#8220;full&#8220; onclick=&#8220;link_image&#8220;][\/vc_column][vc_column width=&#8220;3\/4&#8243;][vc_column_text]<\/p>\n<h2>Holy Island<\/h2>\n<h3>von Robert Manson<\/h3>\n<div class=\"wpb_text_column wpb_content_element \">\n<div class=\"wpb_wrapper\">\n<div class=\"wpb_text_column wpb_content_element \">\n<div class=\"wpb_wrapper\">\n<div class=\"wpb_text_column wpb_content_element \">\n<div class=\"wpb_text_column wpb_content_element \">\n<div class=\"wpb_wrapper\">\n<div class=\"\">\n<p>\u201cHoly Island\u201d ist eine Geschichte \u00fcber zwei verlorene Seelen, Rosa und David, die im Fegefeuer in Form einer heruntergekommenen Hafenstadt gefangen sind. Sie treffen sich, als sie auf ein Boot warten, um die Insel zu verlassen, und sehnen sich beide nach Hause zur\u00fcck. Gemeinsam sind sie gezwungen, ein abnormales Labyrinth zu durchqueren und ihre vergangenen Leben durch gemeinsame Gespr\u00e4che und Erinnerungen zusammenzusetzen. Am Ende kann nur einer von ihnen gerettet werden.<\/p>\n<p>Dieser Film behandelt die Themen Tod, Verlust, Heimat, Liebe, Emigration, Familie, \u00dcberleben, Erl\u00f6sung und Einsamkeit. Aktuelle Archetypen und Stereotypen vom \u201cIrischsein\u201d und nationaler Identit\u00e4t werden durch intergenerationale Begegnungen innerhalb dieser Geschichte erforscht.<\/p>\n<p>Die \u00c4sthetik des Films f\u00fcr die schwarz-wei\u00dfe, leblose Hafenstadt \u201cLimbo\u201d ist eine Anspielung auf Michael Powells \u201cA Matter of Life and Death\u201d, in dem die Frage gestellt wird, warum der Himmel schwarz-wei\u00df ist.<\/p>\n<p><span style=\"font-size: 14pt;\">Kinostart: 05. Mai 2024<\/span><\/p>\n<\/div>\n<\/div>\n<\/div>\n<\/div>\n<\/div>\n<\/div>\n<\/div>\n<\/div>\n<p>[\/vc_column_text][\/vc_column][vc_column][vc_row_inner css=&#8220;.vc_custom_1603814225076{padding-top: 0px !important;}&#8220;][vc_column_inner width=&#8220;4\/6&#8243;][vc_column_text]Artkeim\u00b2 | 2021 | Drama | Irland | Original Titel: &#8222;<a title=\"Holy Island (2021) von Robert Manson | Artkeim\u00b2\" href=\"https:\/\/ucm.one\/de\/holy-island\/\">Holy Island<\/a>&#8222;[\/vc_column_text][\/vc_column_inner][vc_column_inner width=&#8220;1\/6&#8243;][vc_btn title=&#8220;Presse Materialien&#8220; size=&#8220;xs&#8220; align=&#8220;center&#8220; i_icon_fontawesome=&#8220;fas fa-download&#8220; button_block=&#8220;true&#8220; add_icon=&#8220;true&#8220; link=&#8220;url:https%3A%2F%2Fucm.one%2Fpresse%2Fak_holy-island.zip|title:Holy%20Island%20Presskit|rel:nofollow&#8220;][\/vc_column_inner][vc_column_inner width=&#8220;1\/6&#8243;][vc_btn title=&#8220;DCP Trailer&#8220; size=&#8220;xs&#8220; align=&#8220;center&#8220; i_icon_fontawesome=&#8220;fas fa-external-link-alt&#8220; button_block=&#8220;true&#8220; add_icon=&#8220;true&#8220; link=&#8220;url:https%3A%2F%2Fwww.dropbox.com%2Fscl%2Ffo%2Fllba4ehr0fiywkq6cxr4j%2Fh%3Frlkey%3Dfvsjtfxqo7mm3lsu6qw16qn4y%26dl%3D0|target:_blank|rel:nofollow&#8220;][\/vc_column_inner][\/vc_row_inner][vc_tta_accordion style=&#8220;modern&#8220; shape=&#8220;square&#8220; c_icon=&#8220;chevron&#8220; active_section=&#8220;33&#8243; no_fill=&#8220;true&#8220; collapsible_all=&#8220;true&#8220;][vc_tta_section title=&#8220;Weitere Informationen&#8220; tab_id=&#8220;1714348188538-67bf9cfd-f228&#8243;][vc_column_text]<\/p>\n<div class=\"wpb_text_column wpb_content_element \">\n<div class=\"wpb_wrapper\">\n<div class=\"wpb_text_column wpb_content_element \">\n<div class=\"wpb_wrapper\">\n<p id=\"u3084-2\"><strong>Original Titel:\u00a0<\/strong>Holy Island<\/p>\n<p><strong>Buch &amp; Regie:<\/strong>\u00a0Robert Manson<\/p>\n<p><strong>Schauspieler:innen:\u00a0<\/strong>Jeanne Nicole N\u00ed \u00c1inle, Conor Madden, Dermot Murphy, Mark Doherty, Maria Oxley Boardman<\/p>\n<p><strong>Produzentin:\u00a0<\/strong>Claire McCabe<\/p>\n<p><strong>Kamera:\u00a0<\/strong>Evan Barry<\/p>\n<p><strong>Schnitt:\u00a0<\/strong>David Byrne<\/p>\n<p><strong>Ton:\u00a0<\/strong>Dean Murray<\/p>\n<p>&nbsp;<\/p>\n<p><strong>Produktionsfirmen:\u00a0<\/strong>Samson Films &amp; Ballyrogan Films<\/p>\n<p><strong>Produktionsjahr:<\/strong>\u00a02021<\/p>\n<p><strong>Genre<\/strong>: Drama<\/p>\n<p><strong>Land:<\/strong>\u00a0Irland<\/p>\n<p><strong>Sprache:<\/strong>\u00a0englisch<\/p>\n<p><strong>Untertitel:<\/strong>\u00a0deutsch (OmeU)<\/p>\n<p>&nbsp;<\/p>\n<p><strong>L\u00e4nge:<\/strong>\u00a089 Min<\/p>\n<p><strong>Bildformat:\u00a0<\/strong>2,39:1<\/p>\n<p><strong>Ton:<\/strong>\u00a0Surround 5.1<\/p>\n<p><strong>Bildaufl\u00f6sung:<\/strong>\u00a02048\u00d7858<\/p>\n<p><strong>Farbe:<\/strong>\u00a0schwarz-weiss \/ farbig<\/p>\n<p><strong>FSK:<\/strong>\u00a012 (beantragt)<\/p>\n<\/div>\n<\/div>\n<div class=\"vc_separator wpb_content_element vc_separator_align_center vc_sep_width_100 vc_sep_pos_align_center vc_separator_no_text\"><\/div>\n<div class=\"wpb_text_column wpb_content_element \">\n<div class=\"wpb_wrapper\">\n<p><strong>Filmlabel:<\/strong>\u00a0Artkeim\u00b2<\/p>\n<p><strong>Verleih:<\/strong>\u00a0<strong>UCM.ONE<\/strong><\/p>\n<p><strong>Kinostart:<\/strong> 05. Mai 2024<\/p>\n<\/div>\n<\/div>\n<\/div>\n<\/div>\n<div class=\"vc_separator wpb_content_element vc_separator_align_center vc_sep_width_100 vc_sep_pos_align_center vc_separator_no_text\"><\/div>\n<p>[\/vc_column_text][\/vc_tta_section][vc_tta_section title=&#8220;Trailer&#8220; tab_id=&#8220;1714348188642-5cbb9e0c-148f&#8220;][vc_video link=&#8220;https:\/\/youtu.be\/GgUa8Xz8Aao?si=oQhhK7kpVMLkq9rD&#8220; align=&#8220;center&#8220;][\/vc_tta_section][vc_tta_section title=&#8220;Neuigkeiten&#8220; tab_id=&#8220;1714348188861-65a26e54-039c&#8220;]<style type=\"text\/css\" data-type=\"the7_shortcodes-inline-css\">.blog-shortcode.blog-masonry-shortcode-id-991ad1b3e5581a41b7fec5bc51cb422d.content-bg-on.classic-layout-list article {\n  background: #e6e6e6;\n  box-shadow: none;\n}\n.blog-shortcode.blog-masonry-shortcode-id-991ad1b3e5581a41b7fec5bc51cb422d.dividers-on.classic-layout-list article {\n  padding-top: 0;\n}\n.blog-shortcode.blog-masonry-shortcode-id-991ad1b3e5581a41b7fec5bc51cb422d.dividers-on.classic-layout-list article:first-of-type {\n  margin-top: 0;\n  padding-top: 0;\n}\n.blog-shortcode.blog-masonry-shortcode-id-991ad1b3e5581a41b7fec5bc51cb422d.classic-layout-list.mode-list .post-entry-content {\n  width: calc(100% - );\n}\n.blog-shortcode.blog-masonry-shortcode-id-991ad1b3e5581a41b7fec5bc51cb422d.classic-layout-list.mode-list .no-img .post-entry-content {\n  width: 100%;\n}\n.blog-shortcode.blog-masonry-shortcode-id-991ad1b3e5581a41b7fec5bc51cb422d .filter-bg-decoration .filter-categories a.act {\n  color: #fff;\n}\n.blog-shortcode.blog-masonry-shortcode-id-991ad1b3e5581a41b7fec5bc51cb422d:not(.mode-masonry) article:first-of-type,\n.blog-shortcode.blog-masonry-shortcode-id-991ad1b3e5581a41b7fec5bc51cb422d:not(.mode-masonry) article.visible.first:not(.product) {\n  margin-top: 0;\n}\n.blog-shortcode.blog-masonry-shortcode-id-991ad1b3e5581a41b7fec5bc51cb422d.dividers-on:not(.mode-masonry) article {\n  margin-top: 0;\n}\n.blog-shortcode.blog-masonry-shortcode-id-991ad1b3e5581a41b7fec5bc51cb422d.dividers-on:not(.mode-masonry) article:first-of-type,\n.blog-shortcode.blog-masonry-shortcode-id-991ad1b3e5581a41b7fec5bc51cb422d.dividers-on:not(.mode-masonry) article.visible.first:not(.product) {\n  margin-top: 0;\n  padding-top: 0;\n}\n.blog-shortcode.blog-masonry-shortcode-id-991ad1b3e5581a41b7fec5bc51cb422d .post-thumbnail-wrap {\n  padding: 0px 0px 0px 0px;\n}\n.blog-shortcode.blog-masonry-shortcode-id-991ad1b3e5581a41b7fec5bc51cb422d.enable-bg-rollover .post-thumbnail-rollover:after {\n  background: -webkit-linear-gradient();\n  background: linear-gradient();\n}\n.blog-shortcode.blog-masonry-shortcode-id-991ad1b3e5581a41b7fec5bc51cb422d .gallery-zoom-ico {\n  width: 44px;\n  height: 44px;\n  line-height: 44px;\n  border-radius: 100px;\n  margin: -22px 0 0 -22px;\n  border-width: 0px;\n  color: #ffffff;\n}\n.bottom-overlap-layout-list.blog-shortcode.blog-masonry-shortcode-id-991ad1b3e5581a41b7fec5bc51cb422d .gallery-zoom-ico {\n  margin-top: -72px;\n}\n.gradient-overlay-layout-list.blog-shortcode.blog-masonry-shortcode-id-991ad1b3e5581a41b7fec5bc51cb422d .gallery-zoom-ico,\n.content-rollover-layout-list.blog-shortcode.blog-masonry-shortcode-id-991ad1b3e5581a41b7fec5bc51cb422d .gallery-zoom-ico {\n  margin: 0 0 10px;\n}\n.content-align-center.gradient-overlay-layout-list.blog-shortcode.blog-masonry-shortcode-id-991ad1b3e5581a41b7fec5bc51cb422d .gallery-zoom-ico,\n.content-align-center.content-rollover-layout-list.blog-shortcode.blog-masonry-shortcode-id-991ad1b3e5581a41b7fec5bc51cb422d .gallery-zoom-ico {\n  margin: 0 auto 10px;\n}\n.dt-icon-bg-on.blog-shortcode.blog-masonry-shortcode-id-991ad1b3e5581a41b7fec5bc51cb422d .gallery-zoom-ico {\n  background: rgba(255,255,255,0.3);\n  box-shadow: none;\n}\n.blog-shortcode.blog-masonry-shortcode-id-991ad1b3e5581a41b7fec5bc51cb422d .gallery-zoom-ico > span,\n.blog-shortcode.blog-masonry-shortcode-id-991ad1b3e5581a41b7fec5bc51cb422d .gallery-zoom-ico:before {\n  font-size: 32px;\n  line-height: 44px;\n}\n.blog-shortcode.blog-masonry-shortcode-id-991ad1b3e5581a41b7fec5bc51cb422d .gallery-zoom-ico > span,\n.blog-shortcode.blog-masonry-shortcode-id-991ad1b3e5581a41b7fec5bc51cb422d .gallery-zoom-ico:before {\n  color: #ffffff;\n}\n.blog-shortcode.blog-masonry-shortcode-id-991ad1b3e5581a41b7fec5bc51cb422d .fancy-date a .entry-month:after,\n.blog-shortcode.blog-masonry-shortcode-id-991ad1b3e5581a41b7fec5bc51cb422d .fancy-date a .entry-date:after {\n  background: #092480;\n  box-shadow: none;\n}\n.blog-shortcode.blog-masonry-shortcode-id-991ad1b3e5581a41b7fec5bc51cb422d .entry-title,\n.blog-shortcode.blog-masonry-shortcode-id-991ad1b3e5581a41b7fec5bc51cb422d.owl-carousel .entry-title {\n  margin-bottom: 5px;\n  font-weight: bold;\n}\n.blog-shortcode.blog-masonry-shortcode-id-991ad1b3e5581a41b7fec5bc51cb422d .entry-meta {\n  margin-bottom: 15px;\n}\n.blog-shortcode.blog-masonry-shortcode-id-991ad1b3e5581a41b7fec5bc51cb422d .portfolio-categories {\n  margin-bottom: 15px;\n}\n.blog-shortcode.blog-masonry-shortcode-id-991ad1b3e5581a41b7fec5bc51cb422d .entry-excerpt {\n  margin-bottom: 5px;\n}\n.blog-shortcode.blog-masonry-shortcode-id-991ad1b3e5581a41b7fec5bc51cb422d:not(.centered-layout-list) .post-entry-content {\n  padding: 15px 20px 20px 20px;\n}\n.blog-shortcode.blog-masonry-shortcode-id-991ad1b3e5581a41b7fec5bc51cb422d:not(.centered-layout-list):not(.content-bg-on):not(.mode-list) .no-img .post-entry-content {\n  padding: 0;\n}\n.blog-shortcode.blog-masonry-shortcode-id-991ad1b3e5581a41b7fec5bc51cb422d.content-bg-on:not(.classic-layout-list):not(.centered-layout-list) .post-entry-content {\n  background: #e6e6e6;\n  box-shadow: none;\n}\n@media screen and (max-width: ) {\n  .blog-shortcode.blog-masonry-shortcode-id-991ad1b3e5581a41b7fec5bc51cb422d article {\n    -ms-flex-flow: column nowrap;\n    flex-flow: column nowrap;\n    margin-top: 20px;\n  }\n  .blog-shortcode.blog-masonry-shortcode-id-991ad1b3e5581a41b7fec5bc51cb422d.dividers-on article {\n    border: none;\n  }\n  .blog-shortcode.blog-masonry-shortcode-id-991ad1b3e5581a41b7fec5bc51cb422d.content-bg-on.centered-layout-list article {\n    padding: 0;\n  }\n  .blog-shortcode.blog-masonry-shortcode-id-991ad1b3e5581a41b7fec5bc51cb422d.blog-shortcode.dividers-on article,\n  .blog-shortcode.blog-masonry-shortcode-id-991ad1b3e5581a41b7fec5bc51cb422d.dividers-on.classic-layout-list article {\n    margin-top: 20px;\n    padding: 0;\n  }\n  .blog-shortcode.blog-masonry-shortcode-id-991ad1b3e5581a41b7fec5bc51cb422d.blog-shortcode.dividers-on article:first-of-type,\n  .blog-shortcode.blog-masonry-shortcode-id-991ad1b3e5581a41b7fec5bc51cb422d.dividers-on.classic-layout-list article:first-of-type {\n    padding: 0;\n  }\n  #page .blog-shortcode.blog-masonry-shortcode-id-991ad1b3e5581a41b7fec5bc51cb422d .post-thumbnail-wrap,\n  #page .blog-shortcode.blog-masonry-shortcode-id-991ad1b3e5581a41b7fec5bc51cb422d .post-entry-content {\n    width: 100%;\n    margin: 0;\n    top: 0;\n  }\n  #page .blog-shortcode.blog-masonry-shortcode-id-991ad1b3e5581a41b7fec5bc51cb422d .post-thumbnail-wrap {\n    padding: 0;\n  }\n  #page .blog-shortcode.blog-masonry-shortcode-id-991ad1b3e5581a41b7fec5bc51cb422d .post-entry-content:after {\n    display: none;\n  }\n  #page .blog-shortcode.blog-masonry-shortcode-id-991ad1b3e5581a41b7fec5bc51cb422d .project-even .post-thumbnail-wrap,\n  #page .blog-shortcode.blog-masonry-shortcode-id-991ad1b3e5581a41b7fec5bc51cb422d.centered-layout-list .post-thumbnail-wrap {\n    -ms-flex-order: 0;\n    order: 0;\n  }\n  #page .blog-shortcode.blog-masonry-shortcode-id-991ad1b3e5581a41b7fec5bc51cb422d.centered-layout-list .post-entry-title-content {\n    -ms-flex-order: 1;\n    order: 1;\n    width: 100%;\n    padding: 20px 20px 0;\n  }\n  #page .blog-shortcode.blog-masonry-shortcode-id-991ad1b3e5581a41b7fec5bc51cb422d.centered-layout-list .post-entry-content {\n    -ms-flex-order: 2;\n    order: 2;\n    padding-top: 0;\n  }\n  #page .blog-shortcode.blog-masonry-shortcode-id-991ad1b3e5581a41b7fec5bc51cb422d .fancy-categories {\n    top: 10px;\n    left: 10px;\n    bottom: auto;\n    right: auto;\n  }\n  #page .blog-shortcode.blog-masonry-shortcode-id-991ad1b3e5581a41b7fec5bc51cb422d .fancy-date a {\n    top: 10px;\n    right: 10px;\n    left: auto;\n    bottom: auto;\n  }\n  #page .blog-shortcode.blog-masonry-shortcode-id-991ad1b3e5581a41b7fec5bc51cb422d .post-entry-content {\n    padding: 20px;\n  }\n  #page .blog-shortcode.blog-masonry-shortcode-id-991ad1b3e5581a41b7fec5bc51cb422d .entry-title {\n    margin: 3px 0 5px;\n    font-size: 20px;\n    line-height: 26px;\n  }\n  #page .blog-shortcode.blog-masonry-shortcode-id-991ad1b3e5581a41b7fec5bc51cb422d .entry-meta {\n    margin: 5px 0 5px;\n  }\n  #page .blog-shortcode.blog-masonry-shortcode-id-991ad1b3e5581a41b7fec5bc51cb422d .entry-excerpt {\n    margin: 15px 0 0;\n  }\n  #page .blog-shortcode.blog-masonry-shortcode-id-991ad1b3e5581a41b7fec5bc51cb422d .post-details {\n    margin: 5px 0 10px;\n  }\n  #page .blog-shortcode.blog-masonry-shortcode-id-991ad1b3e5581a41b7fec5bc51cb422d .post-details.details-type-link {\n    margin-bottom: 2px;\n  }\n}\n.blog-shortcode.blog-masonry-shortcode-id-991ad1b3e5581a41b7fec5bc51cb422d:not(.resize-by-browser-width) .dt-css-grid {\n  grid-row-gap: 50px;\n  grid-column-gap: 50px;\n  grid-template-columns: repeat(auto-fill,minmax(,1fr));\n}\n.blog-shortcode.blog-masonry-shortcode-id-991ad1b3e5581a41b7fec5bc51cb422d:not(.resize-by-browser-width) .dt-css-grid .double-width {\n  grid-column: span 2;\n}\n.cssgridlegacy.no-cssgrid .blog-shortcode.blog-masonry-shortcode-id-991ad1b3e5581a41b7fec5bc51cb422d:not(.resize-by-browser-width) .dt-css-grid,\n.no-cssgridlegacy.no-cssgrid .blog-shortcode.blog-masonry-shortcode-id-991ad1b3e5581a41b7fec5bc51cb422d:not(.resize-by-browser-width) .dt-css-grid {\n  display: flex;\n  flex-flow: row wrap;\n  margin: -25px;\n}\n.cssgridlegacy.no-cssgrid .blog-shortcode.blog-masonry-shortcode-id-991ad1b3e5581a41b7fec5bc51cb422d:not(.resize-by-browser-width) .dt-css-grid .wf-cell,\n.no-cssgridlegacy.no-cssgrid .blog-shortcode.blog-masonry-shortcode-id-991ad1b3e5581a41b7fec5bc51cb422d:not(.resize-by-browser-width) .dt-css-grid .wf-cell {\n  flex: 1 0 ;\n  max-width: 100%;\n  padding: 25px;\n  box-sizing: border-box;\n}\n.blog-shortcode.blog-masonry-shortcode-id-991ad1b3e5581a41b7fec5bc51cb422d.resize-by-browser-width .dt-css-grid {\n  grid-template-columns: repeat(1,1fr);\n  grid-template-rows: auto;\n  grid-column-gap: 50px;\n  grid-row-gap: 50px;\n}\n.blog-shortcode.blog-masonry-shortcode-id-991ad1b3e5581a41b7fec5bc51cb422d.resize-by-browser-width .dt-css-grid .double-width {\n  grid-column: span 2;\n}\n.cssgridlegacy.no-cssgrid .blog-shortcode.blog-masonry-shortcode-id-991ad1b3e5581a41b7fec5bc51cb422d.resize-by-browser-width .dt-css-grid {\n  margin: -25px;\n}\n.cssgridlegacy.no-cssgrid .blog-shortcode.blog-masonry-shortcode-id-991ad1b3e5581a41b7fec5bc51cb422d.resize-by-browser-width .dt-css-grid .wf-cell {\n  width: 100%;\n  padding: 25px;\n}\n.cssgridlegacy.no-cssgrid .blog-shortcode.blog-masonry-shortcode-id-991ad1b3e5581a41b7fec5bc51cb422d.resize-by-browser-width .dt-css-grid .wf-cell.double-width {\n  width: calc(100%) * 2;\n}\n.blog-shortcode.blog-masonry-shortcode-id-991ad1b3e5581a41b7fec5bc51cb422d.resize-by-browser-width:not(.centered-layout-list):not(.content-bg-on) .dt-css-grid {\n  grid-row-gap: 30px;\n}\n@media screen and (max-width: 1199px) {\n  .blog-shortcode.blog-masonry-shortcode-id-991ad1b3e5581a41b7fec5bc51cb422d.resize-by-browser-width .dt-css-grid {\n    grid-template-columns: repeat(1,1fr);\n  }\n  .cssgridlegacy.no-cssgrid .blog-shortcode.blog-masonry-shortcode-id-991ad1b3e5581a41b7fec5bc51cb422d.resize-by-browser-width .dt-css-grid .wf-cell,\n  .no-cssgridlegacy.no-cssgrid .blog-shortcode.blog-masonry-shortcode-id-991ad1b3e5581a41b7fec5bc51cb422d.resize-by-browser-width .dt-css-grid .wf-cell {\n    width: 100%;\n  }\n  .cssgridlegacy.no-cssgrid .blog-shortcode.blog-masonry-shortcode-id-991ad1b3e5581a41b7fec5bc51cb422d.resize-by-browser-width .dt-css-grid .wf-cell.double-width,\n  .no-cssgridlegacy.no-cssgrid .blog-shortcode.blog-masonry-shortcode-id-991ad1b3e5581a41b7fec5bc51cb422d.resize-by-browser-width .dt-css-grid .wf-cell.double-width {\n    width: calc(100%)*2;\n  }\n}\n@media screen and (max-width: 991px) {\n  .blog-shortcode.blog-masonry-shortcode-id-991ad1b3e5581a41b7fec5bc51cb422d.resize-by-browser-width .dt-css-grid {\n    grid-template-columns: repeat(1,1fr);\n  }\n  .cssgridlegacy.no-cssgrid .blog-shortcode.blog-masonry-shortcode-id-991ad1b3e5581a41b7fec5bc51cb422d.resize-by-browser-width .dt-css-grid .wf-cell,\n  .no-cssgridlegacy.no-cssgrid .blog-shortcode.blog-masonry-shortcode-id-991ad1b3e5581a41b7fec5bc51cb422d.resize-by-browser-width .dt-css-grid .wf-cell {\n    width: 100%;\n  }\n  .cssgridlegacy.no-cssgrid .blog-shortcode.blog-masonry-shortcode-id-991ad1b3e5581a41b7fec5bc51cb422d.resize-by-browser-width .dt-css-grid .wf-cell.double-width,\n  .no-cssgridlegacy.no-cssgrid .blog-shortcode.blog-masonry-shortcode-id-991ad1b3e5581a41b7fec5bc51cb422d.resize-by-browser-width .dt-css-grid .wf-cell.double-width {\n    width: calc(100%)*2;\n  }\n}\n@media screen and (max-width: 767px) {\n  .blog-shortcode.blog-masonry-shortcode-id-991ad1b3e5581a41b7fec5bc51cb422d.resize-by-browser-width .dt-css-grid {\n    grid-template-columns: repeat(1,1fr);\n  }\n  .blog-shortcode.blog-masonry-shortcode-id-991ad1b3e5581a41b7fec5bc51cb422d.resize-by-browser-width .dt-css-grid .double-width {\n    grid-column: span 1;\n  }\n  .cssgridlegacy.no-cssgrid .blog-shortcode.blog-masonry-shortcode-id-991ad1b3e5581a41b7fec5bc51cb422d.resize-by-browser-width .dt-css-grid .wf-cell,\n  .no-cssgridlegacy.no-cssgrid .blog-shortcode.blog-masonry-shortcode-id-991ad1b3e5581a41b7fec5bc51cb422d.resize-by-browser-width .dt-css-grid .wf-cell {\n    width: 100%;\n  }\n  .cssgridlegacy.no-cssgrid .blog-shortcode.blog-masonry-shortcode-id-991ad1b3e5581a41b7fec5bc51cb422d.resize-by-browser-width .dt-css-grid .wf-cell.double-width,\n  .no-cssgridlegacy.no-cssgrid .blog-shortcode.blog-masonry-shortcode-id-991ad1b3e5581a41b7fec5bc51cb422d.resize-by-browser-width .dt-css-grid .wf-cell.double-width {\n    width: calc(100%)*2;\n  }\n}<\/style><div class=\"blog-shortcode blog-masonry-shortcode-id-991ad1b3e5581a41b7fec5bc51cb422d mode-grid classic-layout-list content-bg-on jquery-filter vertical-fancy-style scale-img dt-css-grid-wrap dt-icon-bg-off resize-by-browser-width loading-effect-none description-under-image \" data-padding=\"25px\" data-cur-page=\"1\" data-post-limit=\"2\" data-pagination-mode=\"load-more\" aria-live=\"assertive\" data-desktop-columns-num=\"1\" data-v-tablet-columns-num=\"1\" data-h-tablet-columns-num=\"1\" data-phone-columns-num=\"1\" data-width=\"0px\" data-columns=\"0\"><div class=\"dt-css-grid\" ><div class=\"visible wf-cell\" data-post-id=\"103982\" data-date=\"2024-05-02T17:53:32+00:00\" data-name=\"\ud83c\udfac &quot;Holy Island&quot; (Artkeim\u00b2) von Robert Manson ab heute in den deutschen Kinos\"><article class=\"post project-odd visible post-103982 type-post status-publish format-standard has-post-thumbnail hentry category-artkeim category-film category-filmvertrieb-de category-kino category-news category-weltvertrieb tag-artkeim tag-ballyrogan-films tag-claire-mccabe tag-conor-madden tag-dermot-murphy tag-holy-island tag-jeanne-nicole-ni-ainle tag-maria-oxley-boardman tag-mark-doherty tag-robert-manson tag-samson-films category-828 category-8 category-15325 category-10 category-13 category-7528\" data-name=\"\ud83c\udfac &#8222;Holy Island&#8220; (Artkeim\u00b2) von Robert Manson ab heute in den deutschen Kinos\" data-date=\"2024-05-02T17:53:32+00:00\">\n\n<div class=\"post-thumbnail-wrap\">\n\t<div class=\"post-thumbnail\">\n\t\t\n\t\t\n\t\t<a href=\"https:\/\/ucm.one\/de\/holy-island-artkeim%c2%b2-von-robert-manson-ab-heute-in-den-deutschen-kinos\/\" class=\"post-thumbnail-rollover layzr-bg layzr-bg\" ><img decoding=\"async\" class=\"iso-lazy-load preload-me iso-lazy-load aspect\" src=\"data:image\/svg+xml,%3Csvg%20xmlns%3D&#39;http%3A%2F%2Fwww.w3.org%2F2000%2Fsvg&#39;%20viewBox%3D&#39;0%200%20990%20309&#39;%2F%3E\" data-src=\"https:\/\/ucm.one\/wp-content\/uploads\/2024\/05\/B-Holy-Island-Kinostart-990x309.jpeg\" data-srcset=\"https:\/\/ucm.one\/wp-content\/uploads\/2024\/05\/B-Holy-Island-Kinostart-990x309.jpeg 990w, https:\/\/ucm.one\/wp-content\/uploads\/2024\/05\/B-Holy-Island-Kinostart-1485x464.jpeg 1485w\" loading=\"eager\" style=\"--ratio: 990 \/ 309\" sizes=\"(max-width: 990px) 100vw, 990px\" alt=\"\" title=\"B Holy Island Kinostart\" width=\"990\" height=\"309\"  \/><\/a>\t<\/div>\n<\/div>\n\n\n<div class=\"post-entry-content\">\n\n\t<h3 class=\"entry-title\">\n\t\t<a href=\"https:\/\/ucm.one\/de\/holy-island-artkeim%c2%b2-von-robert-manson-ab-heute-in-den-deutschen-kinos\/\" title=\"\ud83c\udfac &#8222;Holy Island&#8220; (Artkeim\u00b2) von Robert Manson ab heute in den deutschen Kinos\" rel=\"bookmark\">\ud83c\udfac &#8222;Holy Island&#8220; (Artkeim\u00b2) von Robert Manson ab heute in den deutschen Kinos<\/a>\n\t<\/h3>\n\n\t<div class=\"entry-meta\"><span class=\"category-link\"><a href=\"https:\/\/ucm.one\/de\/category\/news\/film\/artkeim\/\" >Artkeim\u00b2<\/a>, <a href=\"https:\/\/ucm.one\/de\/category\/news\/film\/\" >Film<\/a>, <a href=\"https:\/\/ucm.one\/de\/category\/news\/vertrieb-von-medien-de\/filmvertrieb-de\/\" >Filmvertrieb<\/a>, <a href=\"https:\/\/ucm.one\/de\/category\/news\/kino\/\" >Kino<\/a>, <a href=\"https:\/\/ucm.one\/de\/category\/news\/\" >News<\/a>, <a href=\"https:\/\/ucm.one\/de\/category\/news\/verleih\/weltvertrieb\/\" >Weltvertrieb<\/a><\/span><\/div>\n\t<div class=\"entry-excerpt\"><p>[vc_row][vc_column][vc_column_text] Der Film &#8222;Holy Island&#8220; startet heute im Verleih der UCM.ONE auf dem Filmlabel Artkeim\u00b2 in ausgew\u00e4hlten deutschen Kinos. Regie f\u00fchrte der irische Filmemacher Robert Manson. [\/vc_column_text][vc_column_text] In der Handlung des Films findet sich David, ein Mann in seinen Vierzigern, festgehalten in einer heruntergekommenen Hafenstadt. Er wartet auf ein Schiff, das ihn nach Hause bringen&hellip;<\/p>\n<\/div>\n\t\n<a href=\"https:\/\/ucm.one\/de\/holy-island-artkeim%c2%b2-von-robert-manson-ab-heute-in-den-deutschen-kinos\/\" class=\"post-details details-type-link\" aria-label=\"Read more about \ud83c\udfac &#8222;Holy Island&#8220; (Artkeim\u00b2) von Robert Manson ab heute in den deutschen Kinos\">Mehr lesen<i class=\"dt-icon-the7-arrow-03\" aria-hidden=\"true\"><\/i><\/a>\n\n<\/div><\/article><\/div><div class=\"visible wf-cell\" data-post-id=\"101432\" data-date=\"2024-02-01T18:06:40+00:00\" data-name=\"\ud83c\udfac &quot;Holy Island&quot; von Robert Manson im Weltvertrieb von UCM.ONE startet im Mai 2024 in den deutschen Kinos\"><article class=\"post project-odd visible post-101432 type-post status-publish format-standard has-post-thumbnail hentry category-artkeim category-film category-filmvertrieb-de category-kino category-news category-weltvertrieb tag-artkeim tag-ballyrogan-films tag-claire-mccabe tag-conor-madden tag-dermot-murphy tag-holy-island tag-jeanne-nicole-ni-ainle tag-maria-oxley-boardman tag-mark-doherty tag-robert-manson tag-samson-films category-828 category-8 category-15325 category-10 category-13 category-7528\" data-name=\"\ud83c\udfac &#8222;Holy Island&#8220; von Robert Manson im Weltvertrieb von UCM.ONE startet im Mai 2024 in den deutschen Kinos\" data-date=\"2024-02-01T18:06:40+00:00\">\n\n<div class=\"post-thumbnail-wrap\">\n\t<div class=\"post-thumbnail\">\n\t\t\n\t\t\n\t\t<a href=\"https:\/\/ucm.one\/de\/holy-island-von-robert-manson-im-weltvertrieb-von-ucm-one-startet-im-mai-2024-in-den-deutschen-kinos\/\" class=\"post-thumbnail-rollover layzr-bg layzr-bg\" ><img decoding=\"async\" class=\"iso-lazy-load preload-me iso-lazy-load aspect\" src=\"data:image\/svg+xml,%3Csvg%20xmlns%3D&#39;http%3A%2F%2Fwww.w3.org%2F2000%2Fsvg&#39;%20viewBox%3D&#39;0%200%20990%20309&#39;%2F%3E\" data-src=\"https:\/\/ucm.one\/wp-content\/uploads\/2024\/02\/BB-Holy-Island-EFM-990x309.jpg\" data-srcset=\"https:\/\/ucm.one\/wp-content\/uploads\/2024\/02\/BB-Holy-Island-EFM-990x309.jpg 990w, https:\/\/ucm.one\/wp-content\/uploads\/2024\/02\/BB-Holy-Island-EFM-1485x464.jpg 1485w\" loading=\"eager\" style=\"--ratio: 990 \/ 309\" sizes=\"(max-width: 990px) 100vw, 990px\" alt=\"\" title=\"BB Holy Island EFM\" width=\"990\" height=\"309\"  \/><\/a>\t<\/div>\n<\/div>\n\n\n<div class=\"post-entry-content\">\n\n\t<h3 class=\"entry-title\">\n\t\t<a href=\"https:\/\/ucm.one\/de\/holy-island-von-robert-manson-im-weltvertrieb-von-ucm-one-startet-im-mai-2024-in-den-deutschen-kinos\/\" title=\"\ud83c\udfac &#8222;Holy Island&#8220; von Robert Manson im Weltvertrieb von UCM.ONE startet im Mai 2024 in den deutschen Kinos\" rel=\"bookmark\">\ud83c\udfac &#8222;Holy Island&#8220; von Robert Manson im Weltvertrieb von UCM.ONE startet im Mai 2024 in den deutschen Kinos<\/a>\n\t<\/h3>\n\n\t<div class=\"entry-meta\"><span class=\"category-link\"><a href=\"https:\/\/ucm.one\/de\/category\/news\/film\/artkeim\/\" >Artkeim\u00b2<\/a>, <a href=\"https:\/\/ucm.one\/de\/category\/news\/film\/\" >Film<\/a>, <a href=\"https:\/\/ucm.one\/de\/category\/news\/vertrieb-von-medien-de\/filmvertrieb-de\/\" >Filmvertrieb<\/a>, <a href=\"https:\/\/ucm.one\/de\/category\/news\/kino\/\" >Kino<\/a>, <a href=\"https:\/\/ucm.one\/de\/category\/news\/\" >News<\/a>, <a href=\"https:\/\/ucm.one\/de\/category\/news\/verleih\/weltvertrieb\/\" >Weltvertrieb<\/a><\/span><\/div>\n\t<div class=\"entry-excerpt\"><p>[vc_row][vc_column][vc_column_text] Das Filmdrama &#8222;Holy Island&#8220; des irischen Filmemachers Robert Manson wird von UCM.ONE im Mai 2024 auf dem Label Artkeim\u00b2\u00a0in die Deutschen Kinos gebracht. [\/vc_column_text][\/vc_column][\/vc_row][vc_row][vc_column width=&#8220;3\/4&#8243;][vc_column_text] &#8222;Holy Island&#8220; ist eine Geschichte \u00fcber zwei verlorene Seelen, Rosa und David, die im Fegefeuer in Form einer heruntergekommenen Hafenstadt gefangen sind. Sie treffen sich, als sie auf ein&hellip;<\/p>\n<\/div>\n\t\n<a href=\"https:\/\/ucm.one\/de\/holy-island-von-robert-manson-im-weltvertrieb-von-ucm-one-startet-im-mai-2024-in-den-deutschen-kinos\/\" class=\"post-details details-type-link\" aria-label=\"Read more about \ud83c\udfac &#8222;Holy Island&#8220; von Robert Manson im Weltvertrieb von UCM.ONE startet im Mai 2024 in den deutschen Kinos\">Mehr lesen<i class=\"dt-icon-the7-arrow-03\" aria-hidden=\"true\"><\/i><\/a>\n\n<\/div><\/article><\/div><div class=\"hidden wf-cell\" data-post-id=\"96943\" data-date=\"2023-09-21T13:37:00+00:00\" data-name=\"\ud83c\udfac UCM.ONE stellt &quot;Holy Island&quot; von Robert Manson auf der Leipziger Filmkunstmesse vor\"><article class=\"post project-odd visible post-96943 type-post status-publish format-standard has-post-thumbnail hentry category-artkeim category-film category-filmvertrieb-de category-kino category-news category-weltvertrieb tag-artkeim tag-conor-madden tag-dermot-murphy tag-holy-island tag-jeanne-nicole-ni-ainle tag-maria-oxley-boardman tag-mark-doherty tag-robert-manson category-828 category-8 category-15325 category-10 category-13 category-7528\" data-name=\"\ud83c\udfac UCM.ONE stellt &#8222;Holy Island&#8220; von Robert Manson auf der Leipziger Filmkunstmesse vor\" data-date=\"2023-09-21T13:37:00+00:00\">\n\n<div class=\"post-thumbnail-wrap\">\n\t<div class=\"post-thumbnail\">\n\t\t\n\t\t\n\t\t<a href=\"https:\/\/ucm.one\/de\/ucm-one-stellt-holy-island-von-robert-manson-auf-der-leipziger-filmkunstmesse-vor\/\" class=\"post-thumbnail-rollover layzr-bg layzr-bg\" ><img decoding=\"async\" class=\"iso-lazy-load preload-me iso-lazy-load aspect\" src=\"data:image\/svg+xml,%3Csvg%20xmlns%3D&#39;http%3A%2F%2Fwww.w3.org%2F2000%2Fsvg&#39;%20viewBox%3D&#39;0%200%20990%20309&#39;%2F%3E\" data-src=\"https:\/\/ucm.one\/wp-content\/uploads\/2023\/09\/B-Holy-Island-Filmkunstmesse-990x309.jpg\" data-srcset=\"https:\/\/ucm.one\/wp-content\/uploads\/2023\/09\/B-Holy-Island-Filmkunstmesse-990x309.jpg 990w, https:\/\/ucm.one\/wp-content\/uploads\/2023\/09\/B-Holy-Island-Filmkunstmesse-1485x464.jpg 1485w\" loading=\"eager\" style=\"--ratio: 990 \/ 309\" sizes=\"(max-width: 990px) 100vw, 990px\" alt=\"\" title=\"B Holy Island Filmkunstmesse\" width=\"990\" height=\"309\"  \/><\/a>\t<\/div>\n<\/div>\n\n\n<div class=\"post-entry-content\">\n\n\t<h3 class=\"entry-title\">\n\t\t<a href=\"https:\/\/ucm.one\/de\/ucm-one-stellt-holy-island-von-robert-manson-auf-der-leipziger-filmkunstmesse-vor\/\" title=\"\ud83c\udfac UCM.ONE stellt &#8222;Holy Island&#8220; von Robert Manson auf der Leipziger Filmkunstmesse vor\" rel=\"bookmark\">\ud83c\udfac UCM.ONE stellt &#8222;Holy Island&#8220; von Robert Manson auf der Leipziger Filmkunstmesse vor<\/a>\n\t<\/h3>\n\n\t<div class=\"entry-meta\"><span class=\"category-link\"><a href=\"https:\/\/ucm.one\/de\/category\/news\/film\/artkeim\/\" >Artkeim\u00b2<\/a>, <a href=\"https:\/\/ucm.one\/de\/category\/news\/film\/\" >Film<\/a>, <a href=\"https:\/\/ucm.one\/de\/category\/news\/vertrieb-von-medien-de\/filmvertrieb-de\/\" >Filmvertrieb<\/a>, <a href=\"https:\/\/ucm.one\/de\/category\/news\/kino\/\" >Kino<\/a>, <a href=\"https:\/\/ucm.one\/de\/category\/news\/\" >News<\/a>, <a href=\"https:\/\/ucm.one\/de\/category\/news\/verleih\/weltvertrieb\/\" >Weltvertrieb<\/a><\/span><\/div>\n\t<div class=\"entry-excerpt\"><p>[vc_row][vc_column][vc_column_text] In dieser Woche werden in Leipzig dem deutschen Kinofachpublikum die Filmstarts der n\u00e4chsten Monate auf der j\u00e4hrlichen Filmkunstmesse der AG Kino pr\u00e4sentiert. Der UCM.ONE Filmverleih stellt am Dienstag und Mittwoch den irischen Film &#8222;Holy Island&#8220; vom Regisseur Robert Manson vor. Mansons Deb\u00fctfilm &#8222;Lost in the Living&#8220; aus dem Jahr 2015 erschien bei &#8222;Darling Berlin&#8222;.&hellip;<\/p>\n<\/div>\n\t\n<a href=\"https:\/\/ucm.one\/de\/ucm-one-stellt-holy-island-von-robert-manson-auf-der-leipziger-filmkunstmesse-vor\/\" class=\"post-details details-type-link\" aria-label=\"Read more about \ud83c\udfac UCM.ONE stellt &#8222;Holy Island&#8220; von Robert Manson auf der Leipziger Filmkunstmesse vor\">Mehr lesen<i class=\"dt-icon-the7-arrow-03\" aria-hidden=\"true\"><\/i><\/a>\n\n<\/div><\/article><\/div><\/div><!-- iso-container|iso-grid --><div class=\"paginator paginator-more-button\">\n\t\t\t\t<a class=\"button-load-more \" href=\"javascript:void(0);\" data-dt-page=\"1\" ><span class=\"stick\"><\/span><span class=\"stick\"><\/span><span class=\"stick\"><\/span><span class=\"button-caption\">Mehr laden<\/span><\/a>\n\t\t\t<\/div><\/div>[\/vc_tta_section][\/vc_tta_accordion][vc_separator][\/vc_column][\/vc_row][vc_row css=&#8220;.vc_custom_1712364281224{margin-top: 80px !important;}&#8220; el_id=&#8220;ueberleben-um-brandenburg&#8220;][vc_column width=&#8220;1\/4&#8243; offset=&#8220;vc_col-lg-offset-0 vc_col-md-offset-0 vc_col-sm-offset-0&#8243;][vc_single_image image=&#8220;102445&#8243; img_size=&#8220;full&#8220; onclick=&#8220;link_image&#8220; el_id=&#8220;ueberleben-in-brandenburg&#8220;][\/vc_column][vc_column width=&#8220;3\/4&#8243;][vc_column_text]<\/p>\n<h2>\u00dcberleben in Brandenburg<\/h2>\n<h3>von <span lang=\"EN-US\">Zoltan Paul &amp; Ben von Grafenstein<\/span><\/h3>\n<div class=\"wpb_text_column wpb_content_element \">\n<div class=\"wpb_wrapper\">\n<div class=\"wpb_text_column wpb_content_element \">\n<div class=\"wpb_wrapper\">\n<div class=\"wpb_text_column wpb_content_element \">\n<div>\n<p style=\"font-weight: 400;\">L\u00e1szl\u00f3 Kov\u00e1cs, Autorenfilmer, wird die Finanzierung f\u00fcr sein Filmprojekt abgesagt: Zu alt, wei\u00df und obendrein Herzprobleme! Fazit: Nicht mehr vermittelbar. Wollte der Ungar vom Balaton nicht mal ganz hoch hinaus? Was nun? Weiter seiner erfolgreichen Frau auf der Tasche liegen? Laszlo schliddert in eine waschechte Lebenskrise und findet erstmal Trost in der faszinierenden Anziehungskraft einer &#8222;Wahnsinnsfrau&#8220; aus dem Nachbardorf. Als sich aber ein Rechtspopulist im 120 Seelendorf zum einzigen B\u00fcrgermeisterkandidaten aufstellen l\u00e4sst, besinnt sich Laszlo. Um \u201eden rechten Deppen zu verhindern\u201c l\u00e4sst er sich als liberaler Gegenkandidat aufstellen. Bleibt nur die Frage ob L\u00e1szl\u00f3s Ehe und er selbst den Dorf-Wahlkampf \u00fcberleben?<\/p>\n<p style=\"font-weight: 400;\"><div class=\"gap\" style=\"line-height: 10px; height: 10px;\"><\/div>\n<p style=\"font-weight: 400;\">\u201e\u00dcberleben in Brandenburg\u201c ist eine Kom\u00f6die \u00fcber Altersdiskriminierung und die Post-Midlife-Crisis mit brandaktuellem Bezug zur politischen Situation.<\/p>\n<div class=\"gap\" style=\"line-height: 5px; height: 5px;\"><\/div>\n<\/div>\n<h3>Kinostart: 11. April 2024<\/h3>\n<\/div>\n<\/div>\n<\/div>\n<\/div>\n<\/div>\n<p>[\/vc_column_text][\/vc_column][vc_column][vc_row_inner css=&#8220;.vc_custom_1603814225076{padding-top: 0px !important;}&#8220;][vc_column_inner width=&#8220;4\/6&#8243;][vc_column_text]Darling Berlin | 2023 | Kom\u00f6die | Deutschland | Original Titel: &#8222;<a title=\"\u00dcberleben in Brandenburg\" href=\"https:\/\/ucm.one\/de\/ueberleben-in-brandenburg\">\u00dcberleben in Brandenburg<\/a>&#8220; | Englischer Titel: &#8222;Surviving Brandenburg&#8220;[\/vc_column_text][\/vc_column_inner][vc_column_inner width=&#8220;1\/6&#8243;][vc_btn title=&#8220;Presse Materialien&#8220; size=&#8220;xs&#8220; align=&#8220;center&#8220; i_icon_fontawesome=&#8220;fas fa-download&#8220; button_block=&#8220;true&#8220; add_icon=&#8220;true&#8220; link=&#8220;url:https%3A%2F%2Fwww.ucm.one%2Fpresse%2Fdb_ueberleben-in-brandenburg.zip|title:%C3%9Cberleben%20in%20Brandenburg%20Pressekit|rel:nofollow&#8220;][\/vc_column_inner][vc_column_inner width=&#8220;1\/6&#8243;][vc_btn title=&#8220;DCP Trailer&#8220; size=&#8220;xs&#8220; align=&#8220;center&#8220; i_icon_fontawesome=&#8220;fas fa-external-link-alt&#8220; button_block=&#8220;true&#8220; add_icon=&#8220;true&#8220; link=&#8220;url:https%3A%2F%2Fwww.dropbox.com%2Fscl%2Ffo%2Fec0d2havuthj7g63v5r9k%2Fh%3Frlkey%3D2jxz0wxxkuut2k0ye4gfijknv%26dl%3D0|target:_blank|rel:nofollow&#8220;][\/vc_column_inner][\/vc_row_inner][vc_tta_accordion style=&#8220;modern&#8220; shape=&#8220;square&#8220; c_icon=&#8220;chevron&#8220; active_section=&#8220;33&#8243; no_fill=&#8220;true&#8220; collapsible_all=&#8220;true&#8220;][vc_tta_section title=&#8220;Weitere Informationen&#8220; tab_id=&#8220;1710844284002-912b8ee5-dcb2&#8243;][vc_column_text]<\/p>\n<div class=\"wpb_text_column wpb_content_element \">\n<div class=\"wpb_wrapper\">\n<p id=\"u3084-2\"><strong>Original Titel: <\/strong>\u00dcberleben in Brandenburg<\/p>\n<p><strong>Regie:<\/strong> Zoltan Paul, Ben von Grafenstein<\/p>\n<p><b>Drehbuch<\/b>: Zoltan Paul<\/p>\n<p><strong>Darstellende<\/strong><strong>: <\/strong>Zoltan Paul (L\u00e1szl\u00f3), Adele Neuhauser (Emma Meisel), Dietrich Hollinderb\u00e4umer (Fritz), Joachim Paul Assb\u00f6ck (Weidland), Laszlo I. Kish (Karcsi), Sabine Waibel (Lisa), Werner Eng (Mario), Ralph Herforth (Clemens), Attila Georg Borlan (Attila), Gisa Flake (Chantal), Andr\u00e9 Fischer (Andrzej), Ulrike Bliefert (L\u00e1szl\u00f3s Mutter), Dietrich Hollinderb\u00e4umer (Fritz Meisel), Monica Reyes (Journalistin), Ruth Rosenfeld (Sabrina), Jessica Sy (Rita), u.v.a.<strong><br \/>\n<\/strong><\/p>\n<p><strong>Produzent:innen: <\/strong>Clementina Hegewisch, Jan Kerhart, Sandra Maischberger (Produktion)<\/p>\n<p><strong>Kamera:<\/strong> Jan Kerhart<\/p>\n<p><strong>Schnitt:<\/strong> Ben von Grafenstein, Antje Lass, Sebastian Bonde, Mirja Gerle<\/p>\n<p><strong>Ton: <\/strong>Andr\u00e9 Goeters<\/p>\n<p><strong>Visuelle Effekte:<\/strong> Roman Gonther<\/p>\n<p><strong>Musik:<\/strong> Julian Adam Pajzs<\/p>\n<p>&nbsp;<\/p>\n<p><strong>Produktionsjahr:<\/strong> 2023<\/p>\n<p><strong>Produktionsfirmen: <\/strong>Vincent Productions, NEXT Film<\/p>\n<p><strong>Genre<\/strong>: Drama<\/p>\n<p><strong>Land:<\/strong>\u00a0Deutschland<\/p>\n<p><strong>Sprache:<\/strong> Deutsch<\/p>\n<p><strong>Untertitel:<\/strong> Englisch<\/p>\n<p>&nbsp;<\/p>\n<p><strong>L\u00e4nge:<\/strong> 80 Min<\/p>\n<p><strong>FSK:<\/strong> 12<\/p>\n<p><strong>Seitenverh\u00e4ltnis: <\/strong>2,39:1 (2048\u00d7858 Pixel)<\/p>\n<p><strong>Framerate:<\/strong> 25 fps<\/p>\n<p><strong>Ton:<\/strong>\u00a0Surround 5.1, Stereo 2.0<\/p>\n<p><strong>Aufl\u00f6sung:<\/strong>\u00a0digital 2K<\/p>\n<p><strong>DCP:<\/strong> 2K S 5.1 Surround<\/p>\n<\/div>\n<\/div>\n<div class=\"vc_separator wpb_content_element vc_separator_align_center vc_sep_width_100 vc_sep_pos_align_center vc_separator_no_text\"><\/div>\n<div class=\"wpb_text_column wpb_content_element \">\n<div class=\"wpb_wrapper\">\n<p><em>Weitere Titel:<\/em><\/p>\n<p><strong>Deutsch: <\/strong>\u00dcber Leben in Brandenburg (Festivaltitel), \u00dcberLeben in Brandenburg (Arbeitstitel)<\/p>\n<p><strong>Englisch<\/strong>: Surviving Brandenburg, About Living in Brandenburg (Alternativtitel)<\/p>\n<\/div>\n<\/div>\n<div class=\"vc_separator wpb_content_element vc_separator_align_center vc_sep_width_100 vc_sep_pos_align_center vc_separator_no_text\"><\/div>\n<div class=\"wpb_text_column wpb_content_element \">\n<div class=\"wpb_wrapper\">\n<p><em>Weltpremiere:<\/em><\/p>\n<p><strong>57. Internationale Hofer Filmtage <\/strong>am 26.10.2023<\/p>\n<\/div>\n<\/div>\n<div class=\"vc_separator wpb_content_element vc_separator_align_center vc_sep_width_100 vc_sep_pos_align_center vc_separator_no_text\"><\/div>\n<div class=\"wpb_text_column wpb_content_element \">\n<div class=\"wpb_wrapper\">\n<p><strong>Filmlabel:<\/strong> Darling Berlin<\/p>\n<p><strong>Verleih:<\/strong> <span style=\"font-family: 'arial black', sans-serif;\"><strong>UCM.ONE<\/strong><\/span><\/p>\n<p>&nbsp;<\/p>\n<p><strong>Kinostart: <\/strong>11. April 2024<\/p>\n<\/div>\n<\/div>\n<div class=\"vc_separator wpb_content_element vc_separator_align_center vc_sep_width_100 vc_sep_pos_align_center vc_separator_no_text\"><div class=\"gap\" style=\"line-height: 20px; height: 20px;\"><\/div><\/div>\n<div><\/div>\n<p>Alle Informationen \u00fcber den Film: <a title=\"\" href=\"https:\/\/ucm.one\/de\/ueberleben-in-brandenburg\/\" target=\"_blank\" rel=\"noopener\">\u00dcberleben in Brandenburg<\/a><\/p>\n<div class=\"gap\" style=\"line-height: 10px; height: 10px;\"><\/div>[\/vc_column_text][\/vc_tta_section][vc_tta_section title=&#8220;Trailer&#8220; tab_id=&#8220;1710844284094-12c48ff3-407e&#8220;][vc_video link=&#8220;https:\/\/youtu.be\/XNNHnLzyD-Y?si=EHwgDYfR8JOJyOf4&#8243; align=&#8220;center&#8220;][\/vc_tta_section][vc_tta_section title=&#8220;Neuigkeiten&#8220; tab_id=&#8220;1710844284191-2f5ca4eb-a19d&#8220;]<style type=\"text\/css\" data-type=\"the7_shortcodes-inline-css\">.blog-shortcode.blog-masonry-shortcode-id-7a786c916338b92d2f7547fe4d17c6cb.content-bg-on.classic-layout-list article {\n  background: #e6e6e6;\n  box-shadow: none;\n}\n.blog-shortcode.blog-masonry-shortcode-id-7a786c916338b92d2f7547fe4d17c6cb.dividers-on.classic-layout-list article {\n  padding-top: 0;\n}\n.blog-shortcode.blog-masonry-shortcode-id-7a786c916338b92d2f7547fe4d17c6cb.dividers-on.classic-layout-list article:first-of-type {\n  margin-top: 0;\n  padding-top: 0;\n}\n.blog-shortcode.blog-masonry-shortcode-id-7a786c916338b92d2f7547fe4d17c6cb.classic-layout-list.mode-list .post-entry-content {\n  width: calc(100% - );\n}\n.blog-shortcode.blog-masonry-shortcode-id-7a786c916338b92d2f7547fe4d17c6cb.classic-layout-list.mode-list .no-img .post-entry-content {\n  width: 100%;\n}\n.blog-shortcode.blog-masonry-shortcode-id-7a786c916338b92d2f7547fe4d17c6cb .filter-bg-decoration .filter-categories a.act {\n  color: #fff;\n}\n.blog-shortcode.blog-masonry-shortcode-id-7a786c916338b92d2f7547fe4d17c6cb:not(.mode-masonry) article:first-of-type,\n.blog-shortcode.blog-masonry-shortcode-id-7a786c916338b92d2f7547fe4d17c6cb:not(.mode-masonry) article.visible.first:not(.product) {\n  margin-top: 0;\n}\n.blog-shortcode.blog-masonry-shortcode-id-7a786c916338b92d2f7547fe4d17c6cb.dividers-on:not(.mode-masonry) article {\n  margin-top: 0;\n}\n.blog-shortcode.blog-masonry-shortcode-id-7a786c916338b92d2f7547fe4d17c6cb.dividers-on:not(.mode-masonry) article:first-of-type,\n.blog-shortcode.blog-masonry-shortcode-id-7a786c916338b92d2f7547fe4d17c6cb.dividers-on:not(.mode-masonry) article.visible.first:not(.product) {\n  margin-top: 0;\n  padding-top: 0;\n}\n.blog-shortcode.blog-masonry-shortcode-id-7a786c916338b92d2f7547fe4d17c6cb .post-thumbnail-wrap {\n  padding: 0px 0px 0px 0px;\n}\n.blog-shortcode.blog-masonry-shortcode-id-7a786c916338b92d2f7547fe4d17c6cb.enable-bg-rollover .post-thumbnail-rollover:after {\n  background: -webkit-linear-gradient();\n  background: linear-gradient();\n}\n.blog-shortcode.blog-masonry-shortcode-id-7a786c916338b92d2f7547fe4d17c6cb .gallery-zoom-ico {\n  width: 44px;\n  height: 44px;\n  line-height: 44px;\n  border-radius: 100px;\n  margin: -22px 0 0 -22px;\n  border-width: 0px;\n  color: #ffffff;\n}\n.bottom-overlap-layout-list.blog-shortcode.blog-masonry-shortcode-id-7a786c916338b92d2f7547fe4d17c6cb .gallery-zoom-ico {\n  margin-top: -72px;\n}\n.gradient-overlay-layout-list.blog-shortcode.blog-masonry-shortcode-id-7a786c916338b92d2f7547fe4d17c6cb .gallery-zoom-ico,\n.content-rollover-layout-list.blog-shortcode.blog-masonry-shortcode-id-7a786c916338b92d2f7547fe4d17c6cb .gallery-zoom-ico {\n  margin: 0 0 10px;\n}\n.content-align-center.gradient-overlay-layout-list.blog-shortcode.blog-masonry-shortcode-id-7a786c916338b92d2f7547fe4d17c6cb .gallery-zoom-ico,\n.content-align-center.content-rollover-layout-list.blog-shortcode.blog-masonry-shortcode-id-7a786c916338b92d2f7547fe4d17c6cb .gallery-zoom-ico {\n  margin: 0 auto 10px;\n}\n.dt-icon-bg-on.blog-shortcode.blog-masonry-shortcode-id-7a786c916338b92d2f7547fe4d17c6cb .gallery-zoom-ico {\n  background: rgba(255,255,255,0.3);\n  box-shadow: none;\n}\n.blog-shortcode.blog-masonry-shortcode-id-7a786c916338b92d2f7547fe4d17c6cb .gallery-zoom-ico > span,\n.blog-shortcode.blog-masonry-shortcode-id-7a786c916338b92d2f7547fe4d17c6cb .gallery-zoom-ico:before {\n  font-size: 32px;\n  line-height: 44px;\n}\n.blog-shortcode.blog-masonry-shortcode-id-7a786c916338b92d2f7547fe4d17c6cb .gallery-zoom-ico > span,\n.blog-shortcode.blog-masonry-shortcode-id-7a786c916338b92d2f7547fe4d17c6cb .gallery-zoom-ico:before {\n  color: #ffffff;\n}\n.blog-shortcode.blog-masonry-shortcode-id-7a786c916338b92d2f7547fe4d17c6cb .fancy-date a .entry-month:after,\n.blog-shortcode.blog-masonry-shortcode-id-7a786c916338b92d2f7547fe4d17c6cb .fancy-date a .entry-date:after {\n  background: #092480;\n  box-shadow: none;\n}\n.blog-shortcode.blog-masonry-shortcode-id-7a786c916338b92d2f7547fe4d17c6cb .entry-title,\n.blog-shortcode.blog-masonry-shortcode-id-7a786c916338b92d2f7547fe4d17c6cb.owl-carousel .entry-title {\n  margin-bottom: 5px;\n  font-weight: bold;\n}\n.blog-shortcode.blog-masonry-shortcode-id-7a786c916338b92d2f7547fe4d17c6cb .entry-meta {\n  margin-bottom: 15px;\n}\n.blog-shortcode.blog-masonry-shortcode-id-7a786c916338b92d2f7547fe4d17c6cb .portfolio-categories {\n  margin-bottom: 15px;\n}\n.blog-shortcode.blog-masonry-shortcode-id-7a786c916338b92d2f7547fe4d17c6cb .entry-excerpt {\n  margin-bottom: 5px;\n}\n.blog-shortcode.blog-masonry-shortcode-id-7a786c916338b92d2f7547fe4d17c6cb:not(.centered-layout-list) .post-entry-content {\n  padding: 15px 20px 20px 20px;\n}\n.blog-shortcode.blog-masonry-shortcode-id-7a786c916338b92d2f7547fe4d17c6cb:not(.centered-layout-list):not(.content-bg-on):not(.mode-list) .no-img .post-entry-content {\n  padding: 0;\n}\n.blog-shortcode.blog-masonry-shortcode-id-7a786c916338b92d2f7547fe4d17c6cb.content-bg-on:not(.classic-layout-list):not(.centered-layout-list) .post-entry-content {\n  background: #e6e6e6;\n  box-shadow: none;\n}\n@media screen and (max-width: ) {\n  .blog-shortcode.blog-masonry-shortcode-id-7a786c916338b92d2f7547fe4d17c6cb article {\n    -ms-flex-flow: column nowrap;\n    flex-flow: column nowrap;\n    margin-top: 20px;\n  }\n  .blog-shortcode.blog-masonry-shortcode-id-7a786c916338b92d2f7547fe4d17c6cb.dividers-on article {\n    border: none;\n  }\n  .blog-shortcode.blog-masonry-shortcode-id-7a786c916338b92d2f7547fe4d17c6cb.content-bg-on.centered-layout-list article {\n    padding: 0;\n  }\n  .blog-shortcode.blog-masonry-shortcode-id-7a786c916338b92d2f7547fe4d17c6cb.blog-shortcode.dividers-on article,\n  .blog-shortcode.blog-masonry-shortcode-id-7a786c916338b92d2f7547fe4d17c6cb.dividers-on.classic-layout-list article {\n    margin-top: 20px;\n    padding: 0;\n  }\n  .blog-shortcode.blog-masonry-shortcode-id-7a786c916338b92d2f7547fe4d17c6cb.blog-shortcode.dividers-on article:first-of-type,\n  .blog-shortcode.blog-masonry-shortcode-id-7a786c916338b92d2f7547fe4d17c6cb.dividers-on.classic-layout-list article:first-of-type {\n    padding: 0;\n  }\n  #page .blog-shortcode.blog-masonry-shortcode-id-7a786c916338b92d2f7547fe4d17c6cb .post-thumbnail-wrap,\n  #page .blog-shortcode.blog-masonry-shortcode-id-7a786c916338b92d2f7547fe4d17c6cb .post-entry-content {\n    width: 100%;\n    margin: 0;\n    top: 0;\n  }\n  #page .blog-shortcode.blog-masonry-shortcode-id-7a786c916338b92d2f7547fe4d17c6cb .post-thumbnail-wrap {\n    padding: 0;\n  }\n  #page .blog-shortcode.blog-masonry-shortcode-id-7a786c916338b92d2f7547fe4d17c6cb .post-entry-content:after {\n    display: none;\n  }\n  #page .blog-shortcode.blog-masonry-shortcode-id-7a786c916338b92d2f7547fe4d17c6cb .project-even .post-thumbnail-wrap,\n  #page .blog-shortcode.blog-masonry-shortcode-id-7a786c916338b92d2f7547fe4d17c6cb.centered-layout-list .post-thumbnail-wrap {\n    -ms-flex-order: 0;\n    order: 0;\n  }\n  #page .blog-shortcode.blog-masonry-shortcode-id-7a786c916338b92d2f7547fe4d17c6cb.centered-layout-list .post-entry-title-content {\n    -ms-flex-order: 1;\n    order: 1;\n    width: 100%;\n    padding: 20px 20px 0;\n  }\n  #page .blog-shortcode.blog-masonry-shortcode-id-7a786c916338b92d2f7547fe4d17c6cb.centered-layout-list .post-entry-content {\n    -ms-flex-order: 2;\n    order: 2;\n    padding-top: 0;\n  }\n  #page .blog-shortcode.blog-masonry-shortcode-id-7a786c916338b92d2f7547fe4d17c6cb .fancy-categories {\n    top: 10px;\n    left: 10px;\n    bottom: auto;\n    right: auto;\n  }\n  #page .blog-shortcode.blog-masonry-shortcode-id-7a786c916338b92d2f7547fe4d17c6cb .fancy-date a {\n    top: 10px;\n    right: 10px;\n    left: auto;\n    bottom: auto;\n  }\n  #page .blog-shortcode.blog-masonry-shortcode-id-7a786c916338b92d2f7547fe4d17c6cb .post-entry-content {\n    padding: 20px;\n  }\n  #page .blog-shortcode.blog-masonry-shortcode-id-7a786c916338b92d2f7547fe4d17c6cb .entry-title {\n    margin: 3px 0 5px;\n    font-size: 20px;\n    line-height: 26px;\n  }\n  #page .blog-shortcode.blog-masonry-shortcode-id-7a786c916338b92d2f7547fe4d17c6cb .entry-meta {\n    margin: 5px 0 5px;\n  }\n  #page .blog-shortcode.blog-masonry-shortcode-id-7a786c916338b92d2f7547fe4d17c6cb .entry-excerpt {\n    margin: 15px 0 0;\n  }\n  #page .blog-shortcode.blog-masonry-shortcode-id-7a786c916338b92d2f7547fe4d17c6cb .post-details {\n    margin: 5px 0 10px;\n  }\n  #page .blog-shortcode.blog-masonry-shortcode-id-7a786c916338b92d2f7547fe4d17c6cb .post-details.details-type-link {\n    margin-bottom: 2px;\n  }\n}\n.blog-shortcode.blog-masonry-shortcode-id-7a786c916338b92d2f7547fe4d17c6cb:not(.resize-by-browser-width) .dt-css-grid {\n  grid-row-gap: 50px;\n  grid-column-gap: 50px;\n  grid-template-columns: repeat(auto-fill,minmax(,1fr));\n}\n.blog-shortcode.blog-masonry-shortcode-id-7a786c916338b92d2f7547fe4d17c6cb:not(.resize-by-browser-width) .dt-css-grid .double-width {\n  grid-column: span 2;\n}\n.cssgridlegacy.no-cssgrid .blog-shortcode.blog-masonry-shortcode-id-7a786c916338b92d2f7547fe4d17c6cb:not(.resize-by-browser-width) .dt-css-grid,\n.no-cssgridlegacy.no-cssgrid .blog-shortcode.blog-masonry-shortcode-id-7a786c916338b92d2f7547fe4d17c6cb:not(.resize-by-browser-width) .dt-css-grid {\n  display: flex;\n  flex-flow: row wrap;\n  margin: -25px;\n}\n.cssgridlegacy.no-cssgrid .blog-shortcode.blog-masonry-shortcode-id-7a786c916338b92d2f7547fe4d17c6cb:not(.resize-by-browser-width) .dt-css-grid .wf-cell,\n.no-cssgridlegacy.no-cssgrid .blog-shortcode.blog-masonry-shortcode-id-7a786c916338b92d2f7547fe4d17c6cb:not(.resize-by-browser-width) .dt-css-grid .wf-cell {\n  flex: 1 0 ;\n  max-width: 100%;\n  padding: 25px;\n  box-sizing: border-box;\n}\n.blog-shortcode.blog-masonry-shortcode-id-7a786c916338b92d2f7547fe4d17c6cb.resize-by-browser-width .dt-css-grid {\n  grid-template-columns: repeat(1,1fr);\n  grid-template-rows: auto;\n  grid-column-gap: 50px;\n  grid-row-gap: 50px;\n}\n.blog-shortcode.blog-masonry-shortcode-id-7a786c916338b92d2f7547fe4d17c6cb.resize-by-browser-width .dt-css-grid .double-width {\n  grid-column: span 2;\n}\n.cssgridlegacy.no-cssgrid .blog-shortcode.blog-masonry-shortcode-id-7a786c916338b92d2f7547fe4d17c6cb.resize-by-browser-width .dt-css-grid {\n  margin: -25px;\n}\n.cssgridlegacy.no-cssgrid .blog-shortcode.blog-masonry-shortcode-id-7a786c916338b92d2f7547fe4d17c6cb.resize-by-browser-width .dt-css-grid .wf-cell {\n  width: 100%;\n  padding: 25px;\n}\n.cssgridlegacy.no-cssgrid .blog-shortcode.blog-masonry-shortcode-id-7a786c916338b92d2f7547fe4d17c6cb.resize-by-browser-width .dt-css-grid .wf-cell.double-width {\n  width: calc(100%) * 2;\n}\n.blog-shortcode.blog-masonry-shortcode-id-7a786c916338b92d2f7547fe4d17c6cb.resize-by-browser-width:not(.centered-layout-list):not(.content-bg-on) .dt-css-grid {\n  grid-row-gap: 30px;\n}\n@media screen and (max-width: 1199px) {\n  .blog-shortcode.blog-masonry-shortcode-id-7a786c916338b92d2f7547fe4d17c6cb.resize-by-browser-width .dt-css-grid {\n    grid-template-columns: repeat(1,1fr);\n  }\n  .cssgridlegacy.no-cssgrid .blog-shortcode.blog-masonry-shortcode-id-7a786c916338b92d2f7547fe4d17c6cb.resize-by-browser-width .dt-css-grid .wf-cell,\n  .no-cssgridlegacy.no-cssgrid .blog-shortcode.blog-masonry-shortcode-id-7a786c916338b92d2f7547fe4d17c6cb.resize-by-browser-width .dt-css-grid .wf-cell {\n    width: 100%;\n  }\n  .cssgridlegacy.no-cssgrid .blog-shortcode.blog-masonry-shortcode-id-7a786c916338b92d2f7547fe4d17c6cb.resize-by-browser-width .dt-css-grid .wf-cell.double-width,\n  .no-cssgridlegacy.no-cssgrid .blog-shortcode.blog-masonry-shortcode-id-7a786c916338b92d2f7547fe4d17c6cb.resize-by-browser-width .dt-css-grid .wf-cell.double-width {\n    width: calc(100%)*2;\n  }\n}\n@media screen and (max-width: 991px) {\n  .blog-shortcode.blog-masonry-shortcode-id-7a786c916338b92d2f7547fe4d17c6cb.resize-by-browser-width .dt-css-grid {\n    grid-template-columns: repeat(1,1fr);\n  }\n  .cssgridlegacy.no-cssgrid .blog-shortcode.blog-masonry-shortcode-id-7a786c916338b92d2f7547fe4d17c6cb.resize-by-browser-width .dt-css-grid .wf-cell,\n  .no-cssgridlegacy.no-cssgrid .blog-shortcode.blog-masonry-shortcode-id-7a786c916338b92d2f7547fe4d17c6cb.resize-by-browser-width .dt-css-grid .wf-cell {\n    width: 100%;\n  }\n  .cssgridlegacy.no-cssgrid .blog-shortcode.blog-masonry-shortcode-id-7a786c916338b92d2f7547fe4d17c6cb.resize-by-browser-width .dt-css-grid .wf-cell.double-width,\n  .no-cssgridlegacy.no-cssgrid .blog-shortcode.blog-masonry-shortcode-id-7a786c916338b92d2f7547fe4d17c6cb.resize-by-browser-width .dt-css-grid .wf-cell.double-width {\n    width: calc(100%)*2;\n  }\n}\n@media screen and (max-width: 767px) {\n  .blog-shortcode.blog-masonry-shortcode-id-7a786c916338b92d2f7547fe4d17c6cb.resize-by-browser-width .dt-css-grid {\n    grid-template-columns: repeat(1,1fr);\n  }\n  .blog-shortcode.blog-masonry-shortcode-id-7a786c916338b92d2f7547fe4d17c6cb.resize-by-browser-width .dt-css-grid .double-width {\n    grid-column: span 1;\n  }\n  .cssgridlegacy.no-cssgrid .blog-shortcode.blog-masonry-shortcode-id-7a786c916338b92d2f7547fe4d17c6cb.resize-by-browser-width .dt-css-grid .wf-cell,\n  .no-cssgridlegacy.no-cssgrid .blog-shortcode.blog-masonry-shortcode-id-7a786c916338b92d2f7547fe4d17c6cb.resize-by-browser-width .dt-css-grid .wf-cell {\n    width: 100%;\n  }\n  .cssgridlegacy.no-cssgrid .blog-shortcode.blog-masonry-shortcode-id-7a786c916338b92d2f7547fe4d17c6cb.resize-by-browser-width .dt-css-grid .wf-cell.double-width,\n  .no-cssgridlegacy.no-cssgrid .blog-shortcode.blog-masonry-shortcode-id-7a786c916338b92d2f7547fe4d17c6cb.resize-by-browser-width .dt-css-grid .wf-cell.double-width {\n    width: calc(100%)*2;\n  }\n}<\/style><div class=\"blog-shortcode blog-masonry-shortcode-id-7a786c916338b92d2f7547fe4d17c6cb mode-grid classic-layout-list content-bg-on jquery-filter vertical-fancy-style scale-img dt-css-grid-wrap dt-icon-bg-off resize-by-browser-width loading-effect-none description-under-image \" data-padding=\"25px\" data-cur-page=\"1\" data-post-limit=\"2\" data-pagination-mode=\"load-more\" aria-live=\"assertive\" data-desktop-columns-num=\"1\" data-v-tablet-columns-num=\"1\" data-h-tablet-columns-num=\"1\" data-phone-columns-num=\"1\" data-width=\"0px\" data-columns=\"0\"><div class=\"dt-css-grid\" ><div class=\"visible wf-cell\" data-post-id=\"196978\" data-date=\"2025-02-22T13:06:17+00:00\" data-name=\"\ud83c\udfac &quot;\u00dcberleben in Brandenburg&quot; feiert Internationale Premiere auf dem 31. Sedona International Film Festival 2025\"><article class=\"post project-odd visible post-196978 type-post status-publish format-standard has-post-thumbnail hentry category-darling-berlin category-film category-news category-weltvertrieb tag-ben-von-grafenstein tag-bundestagsewahl tag-darling-berlin tag-internationale-premiere tag-jan-kerhart tag-kinostart tag-kommunalwahlen tag-sandra-maischberger tag-sedona-international-film-festival tag-tina-hegewisch tag-ueberleben-in-brandenburg tag-zoltan-paul category-830 category-8 category-13 category-7528\" data-name=\"\ud83c\udfac &#8222;\u00dcberleben in Brandenburg&#8220; feiert Internationale Premiere auf dem 31. Sedona International Film Festival 2025\" data-date=\"2025-02-22T13:06:17+00:00\">\n\n<div class=\"post-thumbnail-wrap\">\n\t<div class=\"post-thumbnail\">\n\t\t\n\t\t\n\t\t<a href=\"https:\/\/ucm.one\/de\/%f0%9f%8e%ac-ueberleben-in-brandenburg-internationale-premiere-auf-dem-siff-usa\/\" class=\"post-thumbnail-rollover layzr-bg layzr-bg\" ><img decoding=\"async\" class=\"iso-lazy-load preload-me iso-lazy-load aspect\" src=\"data:image\/svg+xml,%3Csvg%20xmlns%3D&#39;http%3A%2F%2Fwww.w3.org%2F2000%2Fsvg&#39;%20viewBox%3D&#39;0%200%20990%20309&#39;%2F%3E\" data-src=\"https:\/\/ucm.one\/wp-content\/uploads\/2025\/02\/B-UELIB-DE_SIFF_1920x600-990x309.jpg\" data-srcset=\"https:\/\/ucm.one\/wp-content\/uploads\/2025\/02\/B-UELIB-DE_SIFF_1920x600-990x309.jpg 990w, https:\/\/ucm.one\/wp-content\/uploads\/2025\/02\/B-UELIB-DE_SIFF_1920x600-1485x464.jpg 1485w\" loading=\"eager\" style=\"--ratio: 990 \/ 309\" sizes=\"(max-width: 990px) 100vw, 990px\" alt=\"\" title=\"B-UELIB-DE_SIFF_1920x600\" width=\"990\" height=\"309\"  \/><\/a>\t<\/div>\n<\/div>\n\n\n<div class=\"post-entry-content\">\n\n\t<h3 class=\"entry-title\">\n\t\t<a href=\"https:\/\/ucm.one\/de\/%f0%9f%8e%ac-ueberleben-in-brandenburg-internationale-premiere-auf-dem-siff-usa\/\" title=\"\ud83c\udfac &#8222;\u00dcberleben in Brandenburg&#8220; feiert Internationale Premiere auf dem 31. Sedona International Film Festival 2025\" rel=\"bookmark\">\ud83c\udfac &#8222;\u00dcberleben in Brandenburg&#8220; feiert Internationale Premiere auf dem 31. Sedona International Film Festival 2025<\/a>\n\t<\/h3>\n\n\t<div class=\"entry-meta\"><span class=\"category-link\"><a href=\"https:\/\/ucm.one\/de\/category\/news\/film\/darling-berlin\/\" >Darling Berlin<\/a>, <a href=\"https:\/\/ucm.one\/de\/category\/news\/film\/\" >Film<\/a>, <a href=\"https:\/\/ucm.one\/de\/category\/news\/\" >News<\/a>, <a href=\"https:\/\/ucm.one\/de\/category\/news\/verleih\/weltvertrieb\/\" >Weltvertrieb<\/a><\/span><\/div>\n\t<div class=\"entry-excerpt\"><p>[vc_row][vc_column][vc_column_text css=&#8220;&#8220;]Zehn Monate nach seinem deutschen Kinostart im April 2024 feiert die Kom\u00f6die &#8222;\u00dcberleben In Brandenburg&#8220; internationale Premiere auf dem Sedona International Film Festival (SIFF), Sedona, Arizona, USA.[\/vc_column_text][vc_column_text css=&#8220;&#8220;] Das Sedona International Film Festival (SIFF) ist ein j\u00e4hrlich stattfindendes Filmfestival in Sedona, Arizona, das 1994 gegr\u00fcndet wurde. Es findet vom 22. Februar bis 3. M\u00e4rz&hellip;<\/p>\n<\/div>\n\t\n<a href=\"https:\/\/ucm.one\/de\/%f0%9f%8e%ac-ueberleben-in-brandenburg-internationale-premiere-auf-dem-siff-usa\/\" class=\"post-details details-type-link\" aria-label=\"Read more about \ud83c\udfac &#8222;\u00dcberleben in Brandenburg&#8220; feiert Internationale Premiere auf dem 31. Sedona International Film Festival 2025\">Mehr lesen<i class=\"dt-icon-the7-arrow-03\" aria-hidden=\"true\"><\/i><\/a>\n\n<\/div><\/article><\/div><div class=\"visible wf-cell\" data-post-id=\"104384\" data-date=\"2024-05-21T17:54:19+00:00\" data-name=\"\ud83c\udfac &quot;\u00dcberleben in Brandenburg&quot; geht auf D\u00f6rfer und St\u00e4detour durch Ostdeutschland\"><article class=\"post project-odd visible post-104384 type-post status-publish format-standard has-post-thumbnail hentry category-darling-berlin category-film category-filmvertrieb-de category-news category-weltvertrieb tag-ben-von-grafenstein tag-darling-berlin tag-europawahlen tag-jan-kerhart tag-kinostart tag-kommunalwahlen tag-sandra-maischberger tag-thalia-kino tag-tina-hegewisch tag-ueberleben-in-brandenburg tag-zoltan-paul category-830 category-8 category-15325 category-13 category-7528\" data-name=\"\ud83c\udfac &#8222;\u00dcberleben in Brandenburg&#8220; geht auf D\u00f6rfer und St\u00e4detour durch Ostdeutschland\" data-date=\"2024-05-21T17:54:19+00:00\">\n\n<div class=\"post-thumbnail-wrap\">\n\t<div class=\"post-thumbnail\">\n\t\t\n\t\t\n\t\t<a href=\"https:\/\/ucm.one\/de\/ueberleben-in-brandenburg-geht-auf-doerfer-und-staedetour-durch-ostdeutschland\/\" class=\"post-thumbnail-rollover layzr-bg layzr-bg\" ><img decoding=\"async\" class=\"iso-lazy-load preload-me iso-lazy-load aspect\" src=\"data:image\/svg+xml,%3Csvg%20xmlns%3D&#39;http%3A%2F%2Fwww.w3.org%2F2000%2Fsvg&#39;%20viewBox%3D&#39;0%200%20990%20309&#39;%2F%3E\" data-src=\"https:\/\/ucm.one\/wp-content\/uploads\/2024\/05\/B-Ueberleben-in-Brandenburg-tour-990x309.jpeg\" data-srcset=\"https:\/\/ucm.one\/wp-content\/uploads\/2024\/05\/B-Ueberleben-in-Brandenburg-tour-990x309.jpeg 990w, https:\/\/ucm.one\/wp-content\/uploads\/2024\/05\/B-Ueberleben-in-Brandenburg-tour-1485x464.jpeg 1485w\" loading=\"eager\" style=\"--ratio: 990 \/ 309\" sizes=\"(max-width: 990px) 100vw, 990px\" alt=\"\" title=\"B \u00dcberleben in Brandenburg tour\" width=\"990\" height=\"309\"  \/><\/a>\t<\/div>\n<\/div>\n\n\n<div class=\"post-entry-content\">\n\n\t<h3 class=\"entry-title\">\n\t\t<a href=\"https:\/\/ucm.one\/de\/ueberleben-in-brandenburg-geht-auf-doerfer-und-staedetour-durch-ostdeutschland\/\" title=\"\ud83c\udfac &#8222;\u00dcberleben in Brandenburg&#8220; geht auf D\u00f6rfer und St\u00e4detour durch Ostdeutschland\" rel=\"bookmark\">\ud83c\udfac &#8222;\u00dcberleben in Brandenburg&#8220; geht auf D\u00f6rfer und St\u00e4detour durch Ostdeutschland<\/a>\n\t<\/h3>\n\n\t<div class=\"entry-meta\"><span class=\"category-link\"><a href=\"https:\/\/ucm.one\/de\/category\/news\/film\/darling-berlin\/\" >Darling Berlin<\/a>, <a href=\"https:\/\/ucm.one\/de\/category\/news\/film\/\" >Film<\/a>, <a href=\"https:\/\/ucm.one\/de\/category\/news\/vertrieb-von-medien-de\/filmvertrieb-de\/\" >Filmvertrieb<\/a>, <a href=\"https:\/\/ucm.one\/de\/category\/news\/\" >News<\/a>, <a href=\"https:\/\/ucm.one\/de\/category\/news\/verleih\/weltvertrieb\/\" >Weltvertrieb<\/a><\/span><\/div>\n\t<div class=\"entry-excerpt\"><p>[vc_row][vc_column][vc_column_text css=&#8220;&#8220;] Zwei Wochen vor den Kommunal- und Europawahlen in Brandenburg am 9.Juni geht der Spielfilm &#8222;\u00dcberleben in Brandenburg\u201c (Darling Berlin) auf eine weitere Kino-Tour durch ostdeutsche D\u00f6rfer, Orte und St\u00e4dte. In Berlin l\u00e4uft die Kom\u00f6die ab Donnerstag den 23. Mai t\u00e4glich im Kant Kino, wo das Filmteam am sp\u00e4ten Samstagnachmittag um 18 Uhr zu&hellip;<\/p>\n<\/div>\n\t\n<a href=\"https:\/\/ucm.one\/de\/ueberleben-in-brandenburg-geht-auf-doerfer-und-staedetour-durch-ostdeutschland\/\" class=\"post-details details-type-link\" aria-label=\"Read more about \ud83c\udfac &#8222;\u00dcberleben in Brandenburg&#8220; geht auf D\u00f6rfer und St\u00e4detour durch Ostdeutschland\">Mehr lesen<i class=\"dt-icon-the7-arrow-03\" aria-hidden=\"true\"><\/i><\/a>\n\n<\/div><\/article><\/div><div class=\"hidden wf-cell\" data-post-id=\"103506\" data-date=\"2024-04-12T20:38:00+00:00\" data-name=\"\ud83c\udfac Umjubelte Premiere zum Kinostart von &quot;\u00dcberleben in Brandenburg&quot; von Zoltan Paul und Ben von Grafenstein auf dem 20. Achtung Berlin Filmfestival\"><article class=\"post project-odd visible post-103506 type-post status-publish format-standard has-post-thumbnail hentry category-darling-berlin category-film category-filmvertrieb-de category-news category-weltvertrieb tag-babylon-berlin tag-ben-von-grafenstein tag-darling-berlin tag-jan-kerhart tag-kinostart tag-sandra-maischberger tag-tina-hegewisch tag-ueberleben-in-brandenburg tag-zoltan-paul category-830 category-8 category-15325 category-13 category-7528\" data-name=\"\ud83c\udfac Umjubelte Premiere zum Kinostart von &#8222;\u00dcberleben in Brandenburg&#8220; von Zoltan Paul und Ben von Grafenstein auf dem 20. Achtung Berlin Filmfestival\" data-date=\"2024-04-12T20:38:00+00:00\">\n\n<div class=\"post-thumbnail-wrap\">\n\t<div class=\"post-thumbnail\">\n\t\t\n\t\t\n\t\t<a href=\"https:\/\/ucm.one\/de\/umjubelte-premiere-zum-kinostart-von-ueberleben-in-brandenburg-von-zoltan-paul-und-ben-von-grafenstein-auf-dem-20-achtung-berlin-filmfestival\/\" class=\"post-thumbnail-rollover layzr-bg layzr-bg\" ><img decoding=\"async\" class=\"iso-lazy-load preload-me iso-lazy-load aspect\" src=\"data:image\/svg+xml,%3Csvg%20xmlns%3D&#39;http%3A%2F%2Fwww.w3.org%2F2000%2Fsvg&#39;%20viewBox%3D&#39;0%200%20990%20309&#39;%2F%3E\" data-src=\"https:\/\/ucm.one\/wp-content\/uploads\/2024\/04\/B-UeiB-Babylon-990x309.jpeg\" data-srcset=\"https:\/\/ucm.one\/wp-content\/uploads\/2024\/04\/B-UeiB-Babylon-990x309.jpeg 990w, https:\/\/ucm.one\/wp-content\/uploads\/2024\/04\/B-UeiB-Babylon-1485x464.jpeg 1485w\" loading=\"eager\" style=\"--ratio: 990 \/ 309\" sizes=\"(max-width: 990px) 100vw, 990px\" alt=\"\" title=\"B \u00dciB Babylon\" width=\"990\" height=\"309\"  \/><\/a>\t<\/div>\n<\/div>\n\n\n<div class=\"post-entry-content\">\n\n\t<h3 class=\"entry-title\">\n\t\t<a href=\"https:\/\/ucm.one\/de\/umjubelte-premiere-zum-kinostart-von-ueberleben-in-brandenburg-von-zoltan-paul-und-ben-von-grafenstein-auf-dem-20-achtung-berlin-filmfestival\/\" title=\"\ud83c\udfac Umjubelte Premiere zum Kinostart von &#8222;\u00dcberleben in Brandenburg&#8220; von Zoltan Paul und Ben von Grafenstein auf dem 20. Achtung Berlin Filmfestival\" rel=\"bookmark\">\ud83c\udfac Umjubelte Premiere zum Kinostart von &#8222;\u00dcberleben in Brandenburg&#8220; von Zoltan Paul und Ben von Grafenstein auf dem 20. Achtung Berlin Filmfestival<\/a>\n\t<\/h3>\n\n\t<div class=\"entry-meta\"><span class=\"category-link\"><a href=\"https:\/\/ucm.one\/de\/category\/news\/film\/darling-berlin\/\" >Darling Berlin<\/a>, <a href=\"https:\/\/ucm.one\/de\/category\/news\/film\/\" >Film<\/a>, <a href=\"https:\/\/ucm.one\/de\/category\/news\/vertrieb-von-medien-de\/filmvertrieb-de\/\" >Filmvertrieb<\/a>, <a href=\"https:\/\/ucm.one\/de\/category\/news\/\" >News<\/a>, <a href=\"https:\/\/ucm.one\/de\/category\/news\/verleih\/weltvertrieb\/\" >Weltvertrieb<\/a><\/span><\/div>\n\t<div class=\"entry-excerpt\"><p>[vc_row][vc_column][vc_column_text] Der Spielfilm \u201e\u00dcberleben in Brandenburg\u201c von Zoltan Paul und Ben von Grafenstein feierte am 11. April 2024 seine Kinostartpremiere im traditionsreichen Berliner Kino Babylon in Berlin Mitte vor nahezu ausverkauftem Haus. [\/vc_column_text][\/vc_column][\/vc_row][vc_row][vc_column width=&#8220;1\/3&#8243;][vc_empty_space height=&#8220;8px&#8220;][vc_single_image image=&#8220;103518&#8243; img_size=&#8220;full&#8220; add_caption=&#8220;yes&#8220; alignment=&#8220;center&#8220; onclick=&#8220;link_image&#8220;][\/vc_column][vc_column width=&#8220;1\/3&#8243;][vc_column_text]Die thematisch hochaktuelle Kom\u00f6die um den alternden Filmemacher Laszl\u00f3 Kovacs (Zoltan Paul), der sich aus&hellip;<\/p>\n<\/div>\n\t\n<a href=\"https:\/\/ucm.one\/de\/umjubelte-premiere-zum-kinostart-von-ueberleben-in-brandenburg-von-zoltan-paul-und-ben-von-grafenstein-auf-dem-20-achtung-berlin-filmfestival\/\" class=\"post-details details-type-link\" aria-label=\"Read more about \ud83c\udfac Umjubelte Premiere zum Kinostart von &#8222;\u00dcberleben in Brandenburg&#8220; von Zoltan Paul und Ben von Grafenstein auf dem 20. Achtung Berlin Filmfestival\">Mehr lesen<i class=\"dt-icon-the7-arrow-03\" aria-hidden=\"true\"><\/i><\/a>\n\n<\/div><\/article><\/div><div class=\"hidden wf-cell\" data-post-id=\"103488\" data-date=\"2024-04-11T13:22:55+00:00\" data-name=\"\ud83c\udfac &quot;\u00dcberleben in Brandenburg&quot; von Zoltan Paul &amp; Ben von Grafenstein startet heute in den Kinos\"><article class=\"post project-odd visible post-103488 type-post status-publish format-standard has-post-thumbnail hentry category-darling-berlin category-film category-filmvertrieb-de category-news category-weltvertrieb tag-babylon-berlin tag-ben-von-grafenstein tag-darling-berlin tag-jan-kerhart tag-kinostart tag-sandra-maischberger tag-tina-hegewisch tag-ueberleben-in-brandenburg tag-zoltan-paul category-830 category-8 category-15325 category-13 category-7528\" data-name=\"\ud83c\udfac &#8222;\u00dcberleben in Brandenburg&#8220; von Zoltan Paul &#038; Ben von Grafenstein startet heute in den Kinos\" data-date=\"2024-04-11T13:22:55+00:00\">\n\n<div class=\"post-thumbnail-wrap\">\n\t<div class=\"post-thumbnail\">\n\t\t\n\t\t\n\t\t<a href=\"https:\/\/ucm.one\/de\/ueberleben-in-brandenburg-von-zoltan-paul-ben-von-grafenstein-startet-heute-in-den-kinos\/\" class=\"post-thumbnail-rollover layzr-bg layzr-bg\" ><img decoding=\"async\" class=\"iso-lazy-load preload-me iso-lazy-load aspect\" src=\"data:image\/svg+xml,%3Csvg%20xmlns%3D&#39;http%3A%2F%2Fwww.w3.org%2F2000%2Fsvg&#39;%20viewBox%3D&#39;0%200%20990%20309&#39;%2F%3E\" data-src=\"https:\/\/ucm.one\/wp-content\/uploads\/2024\/04\/B-Ueberleben-in-Brandenburg-in-den-Kinos-990x309.jpeg\" data-srcset=\"https:\/\/ucm.one\/wp-content\/uploads\/2024\/04\/B-Ueberleben-in-Brandenburg-in-den-Kinos-990x309.jpeg 990w, https:\/\/ucm.one\/wp-content\/uploads\/2024\/04\/B-Ueberleben-in-Brandenburg-in-den-Kinos-1485x464.jpeg 1485w\" loading=\"eager\" style=\"--ratio: 990 \/ 309\" sizes=\"(max-width: 990px) 100vw, 990px\" alt=\"\" title=\"B \u00dcberleben in Brandenburg in den Kinos\" width=\"990\" height=\"309\"  \/><\/a>\t<\/div>\n<\/div>\n\n\n<div class=\"post-entry-content\">\n\n\t<h3 class=\"entry-title\">\n\t\t<a href=\"https:\/\/ucm.one\/de\/ueberleben-in-brandenburg-von-zoltan-paul-ben-von-grafenstein-startet-heute-in-den-kinos\/\" title=\"\ud83c\udfac &#8222;\u00dcberleben in Brandenburg&#8220; von Zoltan Paul &#038; Ben von Grafenstein startet heute in den Kinos\" rel=\"bookmark\">\ud83c\udfac &#8222;\u00dcberleben in Brandenburg&#8220; von Zoltan Paul &#038; Ben von Grafenstein startet heute in den Kinos<\/a>\n\t<\/h3>\n\n\t<div class=\"entry-meta\"><span class=\"category-link\"><a href=\"https:\/\/ucm.one\/de\/category\/news\/film\/darling-berlin\/\" >Darling Berlin<\/a>, <a href=\"https:\/\/ucm.one\/de\/category\/news\/film\/\" >Film<\/a>, <a href=\"https:\/\/ucm.one\/de\/category\/news\/vertrieb-von-medien-de\/filmvertrieb-de\/\" >Filmvertrieb<\/a>, <a href=\"https:\/\/ucm.one\/de\/category\/news\/\" >News<\/a>, <a href=\"https:\/\/ucm.one\/de\/category\/news\/verleih\/weltvertrieb\/\" >Weltvertrieb<\/a><\/span><\/div>\n\t<div class=\"entry-excerpt\"><p>[vc_row][vc_column][vc_column_text] Die Kom\u00f6die &#8222;\u00dcberleben in Brandenburg&#8220; startet heute auf dem Label Darling Berlin bundesweit in den Kinos. Der Film ist das posthume Werk des Regisseurs und Schauspielers Zoltan Paul, dessen Freund, Ben von Grafenstein, in Co-Regie die Kom\u00f6die vollendete. Er erz\u00e4hlt die Geschichte eines ausrangierten \u201eBest-Ager-Regisseurs\u201c (Zoltan Paul), der versucht, in seinem 120-Seelendorf einen rechten&hellip;<\/p>\n<\/div>\n\t\n<a href=\"https:\/\/ucm.one\/de\/ueberleben-in-brandenburg-von-zoltan-paul-ben-von-grafenstein-startet-heute-in-den-kinos\/\" class=\"post-details details-type-link\" aria-label=\"Read more about \ud83c\udfac &#8222;\u00dcberleben in Brandenburg&#8220; von Zoltan Paul &#038; Ben von Grafenstein startet heute in den Kinos\">Mehr lesen<i class=\"dt-icon-the7-arrow-03\" aria-hidden=\"true\"><\/i><\/a>\n\n<\/div><\/article><\/div><div class=\"hidden wf-cell\" data-post-id=\"102973\" data-date=\"2024-03-19T02:48:54+00:00\" data-name=\"\ud83c\udfac Adele Neuhauser f\u00fcr den Deutschen Filmpreis 2024 in der Kategorie \u201cBeste weibliche Nebendarstellerin\u201d nominiert\"><article class=\"post project-odd visible post-102973 type-post status-publish format-standard has-post-thumbnail hentry category-darling-berlin category-film category-filmvertrieb-de category-kino category-news tag-17028 tag-adele-neuhauser tag-ben-von-grafenstein tag-clementina-hegewisch tag-darling-berlin tag-deutsche-filmakademie tag-deutscher-filmpreis tag-hofer-filmtage tag-julian-pajzs tag-lola tag-premiere tag-sabine-weibel tag-ueberleben-in-brandenburg tag-zoltan-paul category-830 category-8 category-15325 category-10 category-13\" data-name=\"\ud83c\udfac Adele Neuhauser f\u00fcr den Deutschen Filmpreis 2024 in der Kategorie \u201cBeste weibliche Nebendarstellerin\u201d nominiert\" data-date=\"2024-03-19T02:48:54+00:00\">\n\n<div class=\"post-thumbnail-wrap\">\n\t<div class=\"post-thumbnail\">\n\t\t\n\t\t\n\t\t<a href=\"https:\/\/ucm.one\/de\/adele-neuhauser-fuer-den-deutschen-filmpreis-2024-in-der-kategorie-beste-weibliche-nebendarstellerin-nominiert\/\" class=\"post-thumbnail-rollover layzr-bg layzr-bg\" ><img decoding=\"async\" class=\"iso-lazy-load preload-me iso-lazy-load aspect\" src=\"data:image\/svg+xml,%3Csvg%20xmlns%3D&#39;http%3A%2F%2Fwww.w3.org%2F2000%2Fsvg&#39;%20viewBox%3D&#39;0%200%20990%20309&#39;%2F%3E\" data-src=\"https:\/\/ucm.one\/wp-content\/uploads\/2024\/03\/ADELE-NEUHAUSER-Nominiert-fuer-den-Deutschen-Filmpreis-1920x600-1-990x309.jpeg\" data-srcset=\"https:\/\/ucm.one\/wp-content\/uploads\/2024\/03\/ADELE-NEUHAUSER-Nominiert-fuer-den-Deutschen-Filmpreis-1920x600-1-990x309.jpeg 990w, https:\/\/ucm.one\/wp-content\/uploads\/2024\/03\/ADELE-NEUHAUSER-Nominiert-fuer-den-Deutschen-Filmpreis-1920x600-1-1485x464.jpeg 1485w\" loading=\"eager\" style=\"--ratio: 990 \/ 309\" sizes=\"(max-width: 990px) 100vw, 990px\" alt=\"\" title=\"ADELE NEUHAUSER &#8211; Nominiert f\u00fcr den Deutschen Filmpreis 1920&#215;600\" width=\"990\" height=\"309\"  \/><\/a>\t<\/div>\n<\/div>\n\n\n<div class=\"post-entry-content\">\n\n\t<h3 class=\"entry-title\">\n\t\t<a href=\"https:\/\/ucm.one\/de\/adele-neuhauser-fuer-den-deutschen-filmpreis-2024-in-der-kategorie-beste-weibliche-nebendarstellerin-nominiert\/\" title=\"\ud83c\udfac Adele Neuhauser f\u00fcr den Deutschen Filmpreis 2024 in der Kategorie \u201cBeste weibliche Nebendarstellerin\u201d nominiert\" rel=\"bookmark\">\ud83c\udfac Adele Neuhauser f\u00fcr den Deutschen Filmpreis 2024 in der Kategorie \u201cBeste weibliche Nebendarstellerin\u201d nominiert<\/a>\n\t<\/h3>\n\n\t<div class=\"entry-meta\"><span class=\"category-link\"><a href=\"https:\/\/ucm.one\/de\/category\/news\/film\/darling-berlin\/\" >Darling Berlin<\/a>, <a href=\"https:\/\/ucm.one\/de\/category\/news\/film\/\" >Film<\/a>, <a href=\"https:\/\/ucm.one\/de\/category\/news\/vertrieb-von-medien-de\/filmvertrieb-de\/\" >Filmvertrieb<\/a>, <a href=\"https:\/\/ucm.one\/de\/category\/news\/kino\/\" >Kino<\/a>, <a href=\"https:\/\/ucm.one\/de\/category\/news\/\" >News<\/a><\/span><\/div>\n\t<div class=\"entry-excerpt\"><p>[vc_row][vc_column][vc_column_text] Am 19.03.2024 wurden die Nominierungen f\u00fcr den Deutschen Filmpreis 2024 durch die Deutsche Filmakademie bekannt gegeben. [\/vc_column_text][vc_column_text] UCM.ONE gratuliert Adele Neuhauser\u00a0zur Nominierung in der Kategorie \u201cBeste weibliche Nebenrolle\u201d im Spielfilm &#8222;15 Jahre&#8220; von Chris Kraus. Adele Neuhauser ist derzeit auch in Kom\u00f6die &#8222;\u00dcberleben in Brandenburg&#8220; von Zoltan Paul und Ben von Grafenstein (produziert von&hellip;<\/p>\n<\/div>\n\t\n<a href=\"https:\/\/ucm.one\/de\/adele-neuhauser-fuer-den-deutschen-filmpreis-2024-in-der-kategorie-beste-weibliche-nebendarstellerin-nominiert\/\" class=\"post-details details-type-link\" aria-label=\"Read more about \ud83c\udfac Adele Neuhauser f\u00fcr den Deutschen Filmpreis 2024 in der Kategorie \u201cBeste weibliche Nebendarstellerin\u201d nominiert\">Mehr lesen<i class=\"dt-icon-the7-arrow-03\" aria-hidden=\"true\"><\/i><\/a>\n\n<\/div><\/article><\/div><div class=\"hidden wf-cell\" data-post-id=\"101707\" data-date=\"2024-01-27T06:38:03+00:00\" data-name=\"\ud83c\udfac &quot;\u00dcberleben in Brandenburg&quot; von Zoltan Paul &amp; Ben von Grafenstein wird ab 11.04.2024 in den deutschen Kinos zu sehen sein\"><article class=\"post project-odd visible post-101707 type-post status-publish format-standard has-post-thumbnail hentry category-darling-berlin category-film category-filmvertrieb-de category-news category-weltvertrieb tag-ben-von-grafenstein tag-darling-berlin tag-jan-kerhart tag-sandra-maischberger tag-tina-hegewisch tag-ueberleben-in-brandenburg tag-zoltan-paul category-830 category-8 category-15325 category-13 category-7528\" data-name=\"\ud83c\udfac &#8222;\u00dcberleben in Brandenburg&#8220; von Zoltan Paul &#038; Ben von Grafenstein wird ab 11.04.2024 in den deutschen Kinos zu sehen sein\" data-date=\"2024-01-27T06:38:03+00:00\">\n\n<div class=\"post-thumbnail-wrap\">\n\t<div class=\"post-thumbnail\">\n\t\t\n\t\t\n\t\t<a href=\"https:\/\/ucm.one\/de\/ueberleben-in-brandenburg-von-zoltan-paul-ben-von-grafenstein-wird-ab-11-04-2024-in-den-deutschen-kinos-zu-sehen-sein\/\" class=\"post-thumbnail-rollover layzr-bg layzr-bg\" ><img decoding=\"async\" class=\"iso-lazy-load preload-me iso-lazy-load aspect\" src=\"data:image\/svg+xml,%3Csvg%20xmlns%3D&#39;http%3A%2F%2Fwww.w3.org%2F2000%2Fsvg&#39;%20viewBox%3D&#39;0%200%20990%20309&#39;%2F%3E\" data-src=\"https:\/\/ucm.one\/wp-content\/uploads\/2024\/01\/B-Ueber-Leben-in-Brandenburg-EFM-990x309.jpg\" data-srcset=\"https:\/\/ucm.one\/wp-content\/uploads\/2024\/01\/B-Ueber-Leben-in-Brandenburg-EFM-990x309.jpg 990w, https:\/\/ucm.one\/wp-content\/uploads\/2024\/01\/B-Ueber-Leben-in-Brandenburg-EFM-1485x464.jpg 1485w\" loading=\"eager\" style=\"--ratio: 990 \/ 309\" sizes=\"(max-width: 990px) 100vw, 990px\" alt=\"\" title=\"B \u00dcber-Leben-in-Brandenburg-EFM\" width=\"990\" height=\"309\"  \/><\/a>\t<\/div>\n<\/div>\n\n\n<div class=\"post-entry-content\">\n\n\t<h3 class=\"entry-title\">\n\t\t<a href=\"https:\/\/ucm.one\/de\/ueberleben-in-brandenburg-von-zoltan-paul-ben-von-grafenstein-wird-ab-11-04-2024-in-den-deutschen-kinos-zu-sehen-sein\/\" title=\"\ud83c\udfac &#8222;\u00dcberleben in Brandenburg&#8220; von Zoltan Paul &#038; Ben von Grafenstein wird ab 11.04.2024 in den deutschen Kinos zu sehen sein\" rel=\"bookmark\">\ud83c\udfac &#8222;\u00dcberleben in Brandenburg&#8220; von Zoltan Paul &#038; Ben von Grafenstein wird ab 11.04.2024 in den deutschen Kinos zu sehen sein<\/a>\n\t<\/h3>\n\n\t<div class=\"entry-meta\"><span class=\"category-link\"><a href=\"https:\/\/ucm.one\/de\/category\/news\/film\/darling-berlin\/\" >Darling Berlin<\/a>, <a href=\"https:\/\/ucm.one\/de\/category\/news\/film\/\" >Film<\/a>, <a href=\"https:\/\/ucm.one\/de\/category\/news\/vertrieb-von-medien-de\/filmvertrieb-de\/\" >Filmvertrieb<\/a>, <a href=\"https:\/\/ucm.one\/de\/category\/news\/\" >News<\/a>, <a href=\"https:\/\/ucm.one\/de\/category\/news\/verleih\/weltvertrieb\/\" >Weltvertrieb<\/a><\/span><\/div>\n\t<div class=\"entry-excerpt\"><p>[vc_row][vc_column width=&#8220;3\/4&#8243;][vc_row_inner][vc_column_inner][vc_column_text] \u00dcberleben in Brandenburg von Zoltan Paul und Ben von Grafenstein erz\u00e4hlt die Geschichte einem ausrangierten &#8222;Best-Ager-Regisseur&#8220;, der versucht, in seinem 120-Seelendorf einen rechten B\u00fcrgermeister zu verhindern. Aktuell, sinnstiftend, urkomisch! Der Film wird von UCM.ONE \u00fcber das Label Artkeim\u00b2 am 11. April 2024 in die deutschen und \u00f6sterreichischen Kinos kommen und w\u00e4hrend der EFM&hellip;<\/p>\n<\/div>\n\t\n<a href=\"https:\/\/ucm.one\/de\/ueberleben-in-brandenburg-von-zoltan-paul-ben-von-grafenstein-wird-ab-11-04-2024-in-den-deutschen-kinos-zu-sehen-sein\/\" class=\"post-details details-type-link\" aria-label=\"Read more about \ud83c\udfac &#8222;\u00dcberleben in Brandenburg&#8220; von Zoltan Paul &#038; Ben von Grafenstein wird ab 11.04.2024 in den deutschen Kinos zu sehen sein\">Mehr lesen<i class=\"dt-icon-the7-arrow-03\" aria-hidden=\"true\"><\/i><\/a>\n\n<\/div><\/article><\/div><div class=\"hidden wf-cell\" data-post-id=\"98209\" data-date=\"2023-10-27T00:48:17+00:00\" data-name=\"\ud83c\udfac Hofer Filmtage: \u00dcberleben in Brandenburg mit Zusatzvorstellung\"><article class=\"post project-odd visible post-98209 type-post status-publish format-standard has-post-thumbnail hentry category-darling-berlin category-film category-kino category-news category-verleih tag-adele-neuhauser tag-ben-von-grafenstein tag-clementina-hegewisch tag-darling-berlin tag-hofer-filmtage tag-julian-pajzs tag-premiere tag-sabine-weibel tag-ueberleben-in-brandenburg tag-zoltan-paul category-830 category-8 category-10 category-13 category-752\" data-name=\"\ud83c\udfac Hofer Filmtage: \u00dcberleben in Brandenburg mit Zusatzvorstellung\" data-date=\"2023-10-27T00:48:17+00:00\">\n\n<div class=\"post-thumbnail-wrap\">\n\t<div class=\"post-thumbnail\">\n\t\t\n\t\t\n\t\t<a href=\"https:\/\/ucm.one\/de\/hofer-filmtage-ueberleben-in-brandenburg-mit-zusatzvorstellung\/\" class=\"post-thumbnail-rollover layzr-bg layzr-bg\" ><img decoding=\"async\" class=\"iso-lazy-load preload-me iso-lazy-load aspect\" src=\"data:image\/svg+xml,%3Csvg%20xmlns%3D&#39;http%3A%2F%2Fwww.w3.org%2F2000%2Fsvg&#39;%20viewBox%3D&#39;0%200%20990%20309&#39;%2F%3E\" data-src=\"https:\/\/ucm.one\/wp-content\/uploads\/2023\/10\/UeiB-Hofer-Filmtage-Banner-alternativ-990x309.jpeg\" data-srcset=\"https:\/\/ucm.one\/wp-content\/uploads\/2023\/10\/UeiB-Hofer-Filmtage-Banner-alternativ-990x309.jpeg 990w, https:\/\/ucm.one\/wp-content\/uploads\/2023\/10\/UeiB-Hofer-Filmtage-Banner-alternativ-1485x464.jpeg 1485w\" loading=\"eager\" style=\"--ratio: 990 \/ 309\" sizes=\"(max-width: 990px) 100vw, 990px\" alt=\"\" title=\"\u00dciB Hofer Filmtage Banner alternativ\" width=\"990\" height=\"309\"  \/><\/a>\t<\/div>\n<\/div>\n\n\n<div class=\"post-entry-content\">\n\n\t<h3 class=\"entry-title\">\n\t\t<a href=\"https:\/\/ucm.one\/de\/hofer-filmtage-ueberleben-in-brandenburg-mit-zusatzvorstellung\/\" title=\"\ud83c\udfac Hofer Filmtage: \u00dcberleben in Brandenburg mit Zusatzvorstellung\" rel=\"bookmark\">\ud83c\udfac Hofer Filmtage: \u00dcberleben in Brandenburg mit Zusatzvorstellung<\/a>\n\t<\/h3>\n\n\t<div class=\"entry-meta\"><span class=\"category-link\"><a href=\"https:\/\/ucm.one\/de\/category\/news\/film\/darling-berlin\/\" >Darling Berlin<\/a>, <a href=\"https:\/\/ucm.one\/de\/category\/news\/film\/\" >Film<\/a>, <a href=\"https:\/\/ucm.one\/de\/category\/news\/kino\/\" >Kino<\/a>, <a href=\"https:\/\/ucm.one\/de\/category\/news\/\" >News<\/a>, <a href=\"https:\/\/ucm.one\/de\/category\/news\/verleih\/\" >Verleih<\/a><\/span><\/div>\n\t<div class=\"entry-excerpt\"><p>[vc_row][vc_column][vc_column_text]Die posthume neue Kom\u00f6die von Zoltan Paul &#8222;\u00dcberleben in Brandenburg&#8220; (Darling Berlin), die Co-Regisseur Ben von Grafenstein fertig gestellt hat, hat am Donnerstag seine Weltpremiere auf den Hofer Filmtagen gefeiert. Die Nachfrage der Tickets war so gro\u00df das die Festivalleitung f\u00fcr Samstag eine vierte Vorf\u00fchrung im Central Kino 1 f\u00fcr Samstag 10.30 Uhr angesetzt hat.[\/vc_column_text][\/vc_column][\/vc_row][vc_row][vc_column&hellip;<\/p>\n<\/div>\n\t\n<a href=\"https:\/\/ucm.one\/de\/hofer-filmtage-ueberleben-in-brandenburg-mit-zusatzvorstellung\/\" class=\"post-details details-type-link\" aria-label=\"Read more about \ud83c\udfac Hofer Filmtage: \u00dcberleben in Brandenburg mit Zusatzvorstellung\">Mehr lesen<i class=\"dt-icon-the7-arrow-03\" aria-hidden=\"true\"><\/i><\/a>\n\n<\/div><\/article><\/div><div class=\"hidden wf-cell\" data-post-id=\"97884\" data-date=\"2023-10-17T22:30:43+00:00\" data-name=\"\ud83c\udfac Zwei Weltpremieren auf den Hofer Filmtagen: &quot;\u00dcberleben in Brandenburg&quot; und &quot;Haus der Stille&quot;\"><article class=\"post project-odd visible post-97884 type-post status-publish format-standard has-post-thumbnail hentry category-darling-berlin category-film category-kino category-news category-verleih tag-darling-berlin tag-haus-der-stille tag-hofer-filmtage tag-premiere tag-simone-geissler tag-ueberleben-in-brandenburg tag-zoltan-paul category-830 category-8 category-10 category-13 category-752\" data-name=\"\ud83c\udfac Zwei Weltpremieren auf den Hofer Filmtagen: &#8222;\u00dcberleben in Brandenburg&#8220; und &#8222;Haus der Stille&#8220;\" data-date=\"2023-10-17T22:30:43+00:00\">\n\n<div class=\"post-thumbnail-wrap\">\n\t<div class=\"post-thumbnail\">\n\t\t\n\t\t\n\t\t<a href=\"https:\/\/ucm.one\/de\/zwei-weltpremieren-auf-den-hofer-filmtagen-ueberleben-in-brandenburg-und-haus-der-stille\/\" class=\"post-thumbnail-rollover layzr-bg layzr-bg\" ><img decoding=\"async\" class=\"iso-lazy-load preload-me iso-lazy-load aspect\" src=\"data:image\/svg+xml,%3Csvg%20xmlns%3D&#39;http%3A%2F%2Fwww.w3.org%2F2000%2Fsvg&#39;%20viewBox%3D&#39;0%200%20990%20309&#39;%2F%3E\" data-src=\"https:\/\/ucm.one\/wp-content\/uploads\/2023\/10\/Zwei-Weltpremieren-Hofer-Filmtage-1920x600-1-990x309.jpeg\" data-srcset=\"https:\/\/ucm.one\/wp-content\/uploads\/2023\/10\/Zwei-Weltpremieren-Hofer-Filmtage-1920x600-1-990x309.jpeg 990w, https:\/\/ucm.one\/wp-content\/uploads\/2023\/10\/Zwei-Weltpremieren-Hofer-Filmtage-1920x600-1-1485x464.jpeg 1485w\" loading=\"eager\" style=\"--ratio: 990 \/ 309\" sizes=\"(max-width: 990px) 100vw, 990px\" alt=\"\" title=\"Zwei Weltpremieren Hofer Filmtage 1920&#215;600\" width=\"990\" height=\"309\"  \/><\/a>\t<\/div>\n<\/div>\n\n\n<div class=\"post-entry-content\">\n\n\t<h3 class=\"entry-title\">\n\t\t<a href=\"https:\/\/ucm.one\/de\/zwei-weltpremieren-auf-den-hofer-filmtagen-ueberleben-in-brandenburg-und-haus-der-stille\/\" title=\"\ud83c\udfac Zwei Weltpremieren auf den Hofer Filmtagen: &#8222;\u00dcberleben in Brandenburg&#8220; und &#8222;Haus der Stille&#8220;\" rel=\"bookmark\">\ud83c\udfac Zwei Weltpremieren auf den Hofer Filmtagen: &#8222;\u00dcberleben in Brandenburg&#8220; und &#8222;Haus der Stille&#8220;<\/a>\n\t<\/h3>\n\n\t<div class=\"entry-meta\"><span class=\"category-link\"><a href=\"https:\/\/ucm.one\/de\/category\/news\/film\/darling-berlin\/\" >Darling Berlin<\/a>, <a href=\"https:\/\/ucm.one\/de\/category\/news\/film\/\" >Film<\/a>, <a href=\"https:\/\/ucm.one\/de\/category\/news\/kino\/\" >Kino<\/a>, <a href=\"https:\/\/ucm.one\/de\/category\/news\/\" >News<\/a>, <a href=\"https:\/\/ucm.one\/de\/category\/news\/verleih\/\" >Verleih<\/a><\/span><\/div>\n\t<div class=\"entry-excerpt\"><p>[vc_row][vc_column][vc_column_text]Am Donnerstag, den 26. Oktober, werden auf den Hofer Filmtagen gleich zwei neue Filme der Labels Artkeim\u00b2 und Darling Berlin, die beide \u00fcber den Verleih UCM.ONE vermarktet werden, erstmals vorgestellt: &#8222;Haus der Stille&#8220; von Simone Geissler und &#8222;\u00dcberleben in Brandenburg&#8220; von Zoltan Paul.[\/vc_column_text][\/vc_column][\/vc_row][vc_row][vc_column][vc_single_image image=&#8220;97889&#8243; img_size=&#8220;full&#8220;][vc_column_text]&#8220;Haus der Stille&#8222;, unter der Regie und Darstellung von Simone Geissler,&hellip;<\/p>\n<\/div>\n\t\n<a href=\"https:\/\/ucm.one\/de\/zwei-weltpremieren-auf-den-hofer-filmtagen-ueberleben-in-brandenburg-und-haus-der-stille\/\" class=\"post-details details-type-link\" aria-label=\"Read more about \ud83c\udfac Zwei Weltpremieren auf den Hofer Filmtagen: &#8222;\u00dcberleben in Brandenburg&#8220; und &#8222;Haus der Stille&#8220;\">Mehr lesen<i class=\"dt-icon-the7-arrow-03\" aria-hidden=\"true\"><\/i><\/a>\n\n<\/div><\/article><\/div><div class=\"hidden wf-cell\" data-post-id=\"70874\" data-date=\"2022-07-04T21:12:32+00:00\" data-name=\"\ud83c\udfac  UCM.ONE und Darling Berlin trauern um Zoltan Paul\"><article class=\"post project-odd visible post-70874 type-post status-publish format-standard has-post-thumbnail hentry category-darling-berlin category-film category-firma category-news category-verleih tag-amok tag-breakdown-in-tokyo tag-budapest tag-darling-berlin tag-dust tag-ein-vater-dreht-durch tag-freiherr-von-racalmas tag-hansi-geht-es-gut tag-ueberleben-in-brandenburg tag-verstorben tag-wien tag-zoltan-paul category-830 category-8 category-5590 category-13 category-752\" data-name=\"\ud83c\udfac  UCM.ONE und Darling Berlin trauern um Zoltan Paul\" data-date=\"2022-07-04T21:12:32+00:00\">\n\n<div class=\"post-thumbnail-wrap\">\n\t<div class=\"post-thumbnail\">\n\t\t\n\t\t\n\t\t<a href=\"https:\/\/ucm.one\/de\/ucm-one-und-darling-berlin-trauern-um-zoltan-paul\/\" class=\"post-thumbnail-rollover layzr-bg layzr-bg\" ><img decoding=\"async\" class=\"iso-lazy-load preload-me iso-lazy-load aspect\" src=\"data:image\/svg+xml,%3Csvg%20xmlns%3D&#39;http%3A%2F%2Fwww.w3.org%2F2000%2Fsvg&#39;%20viewBox%3D&#39;0%200%20990%20309&#39;%2F%3E\" data-src=\"https:\/\/ucm.one\/wp-content\/uploads\/2022\/07\/Zoltan-Paul-Traurbanner-Website-NEU-990x309.jpg\" data-srcset=\"https:\/\/ucm.one\/wp-content\/uploads\/2022\/07\/Zoltan-Paul-Traurbanner-Website-NEU-990x309.jpg 990w, https:\/\/ucm.one\/wp-content\/uploads\/2022\/07\/Zoltan-Paul-Traurbanner-Website-NEU-1485x464.jpg 1485w\" loading=\"eager\" style=\"--ratio: 990 \/ 309\" sizes=\"(max-width: 990px) 100vw, 990px\" alt=\"\" title=\"Zoltan Paul Traurbanner Website NEU\" width=\"990\" height=\"309\"  \/><\/a>\t<\/div>\n<\/div>\n\n\n<div class=\"post-entry-content\">\n\n\t<h3 class=\"entry-title\">\n\t\t<a href=\"https:\/\/ucm.one\/de\/ucm-one-und-darling-berlin-trauern-um-zoltan-paul\/\" title=\"\ud83c\udfac  UCM.ONE und Darling Berlin trauern um Zoltan Paul\" rel=\"bookmark\">\ud83c\udfac  UCM.ONE und Darling Berlin trauern um Zoltan Paul<\/a>\n\t<\/h3>\n\n\t<div class=\"entry-meta\"><span class=\"category-link\"><a href=\"https:\/\/ucm.one\/de\/category\/news\/film\/darling-berlin\/\" >Darling Berlin<\/a>, <a href=\"https:\/\/ucm.one\/de\/category\/news\/film\/\" >Film<\/a>, <a href=\"https:\/\/ucm.one\/de\/category\/news\/firma\/\" >Firma<\/a>, <a href=\"https:\/\/ucm.one\/de\/category\/news\/\" >News<\/a>, <a href=\"https:\/\/ucm.one\/de\/category\/news\/verleih\/\" >Verleih<\/a><\/span><\/div>\n\t<div class=\"entry-excerpt\"><p>[vc_row][vc_column][vc_column_text]Das Team von Darling Berlin und die Mitarbeiter von UCM.ONE trauern um Zoltan Paul. Der Schauspieler und Regisseur ist am Freitag den 1. Juli 2022 im Alter von 68 Jahren unerwartet gestorben. Zoltan Paul geh\u00f6rte seit seinen letzten beiden Filmen &#8222;Amok &#8211; Hansi geht&#8217;s gut&#8220; im Jahr 2014 und &#8222;Breakdown in Tokio &#8211; Ein Vater&hellip;<\/p>\n<\/div>\n\t\n<a href=\"https:\/\/ucm.one\/de\/ucm-one-und-darling-berlin-trauern-um-zoltan-paul\/\" class=\"post-details details-type-link\" aria-label=\"Read more about \ud83c\udfac  UCM.ONE und Darling Berlin trauern um Zoltan Paul\">Mehr lesen<i class=\"dt-icon-the7-arrow-03\" aria-hidden=\"true\"><\/i><\/a>\n\n<\/div><\/article><\/div><div class=\"hidden wf-cell\" data-post-id=\"16460\" data-date=\"2018-08-30T12:20:13+00:00\" data-name=\"\u201eBreakdown in Tokyo\u201c (Darling Berlin) startet mit Premiere und Konzert in den deutschen Kinos\"><article class=\"post project-odd visible post-16460 type-post status-publish format-standard has-post-thumbnail hentry category-darling-berlin category-film category-kino category-news category-verleih tag-letzterfilmvorderrente tag-breakdown-in-tokyo tag-clementina-hegewisch tag-darling-berlin tag-ein-vater-dreht-durch tag-julian-adam-pajzs tag-letzter-film-vor-der-rente tag-tomoko-inoue tag-valentin-schuster tag-zoltan-paul category-830 category-8 category-10 category-13 category-752\" data-name=\"\u201eBreakdown in Tokyo\u201c (Darling Berlin) startet mit Premiere und Konzert in den deutschen Kinos\" data-date=\"2018-08-30T12:20:13+00:00\">\n\n<div class=\"post-thumbnail-wrap\">\n\t<div class=\"post-thumbnail\">\n\t\t\n\t\t\n\t\t<a href=\"https:\/\/ucm.one\/de\/breakdown-in-tokyo-darling-berlin-startet-mit-premiere-und-konzert-in-den-deutschen-kinos\/\" class=\"post-thumbnail-rollover layzr-bg layzr-bg\" ><img decoding=\"async\" class=\"iso-lazy-load preload-me iso-lazy-load aspect\" src=\"data:image\/svg+xml,%3Csvg%20xmlns%3D&#39;http%3A%2F%2Fwww.w3.org%2F2000%2Fsvg&#39;%20viewBox%3D&#39;0%200%20990%20309&#39;%2F%3E\" data-src=\"https:\/\/ucm.one\/wp-content\/uploads\/2018\/08\/B-Breakdown-in-Tokyo-Premiere-990x309.jpg\" data-srcset=\"https:\/\/ucm.one\/wp-content\/uploads\/2018\/08\/B-Breakdown-in-Tokyo-Premiere-990x309.jpg 990w, https:\/\/ucm.one\/wp-content\/uploads\/2018\/08\/B-Breakdown-in-Tokyo-Premiere-1485x464.jpg 1485w\" loading=\"eager\" style=\"--ratio: 990 \/ 309\" sizes=\"(max-width: 990px) 100vw, 990px\" alt=\"\" title=\"B Breakdown in Tokyo Premiere\" width=\"990\" height=\"309\"  \/><\/a>\t<\/div>\n<\/div>\n\n\n<div class=\"post-entry-content\">\n\n\t<h3 class=\"entry-title\">\n\t\t<a href=\"https:\/\/ucm.one\/de\/breakdown-in-tokyo-darling-berlin-startet-mit-premiere-und-konzert-in-den-deutschen-kinos\/\" title=\"\u201eBreakdown in Tokyo\u201c (Darling Berlin) startet mit Premiere und Konzert in den deutschen Kinos\" rel=\"bookmark\">\u201eBreakdown in Tokyo\u201c (Darling Berlin) startet mit Premiere und Konzert in den deutschen Kinos<\/a>\n\t<\/h3>\n\n\t<div class=\"entry-meta\"><span class=\"category-link\"><a href=\"https:\/\/ucm.one\/de\/category\/news\/film\/darling-berlin\/\" >Darling Berlin<\/a>, <a href=\"https:\/\/ucm.one\/de\/category\/news\/film\/\" >Film<\/a>, <a href=\"https:\/\/ucm.one\/de\/category\/news\/kino\/\" >Kino<\/a>, <a href=\"https:\/\/ucm.one\/de\/category\/news\/\" >News<\/a>, <a href=\"https:\/\/ucm.one\/de\/category\/news\/verleih\/\" >Verleih<\/a><\/span><\/div>\n\t<div class=\"entry-excerpt\"><p>[vc_row][vc_column width=&#8220;3\/4&#8243;][vc_column_text]Nach einer ausverkauften Preview im Hamburger Abaton Kino am Dienstag ist heute der neue Film von Zoltan Paul \u201eBreakdown in Tokyo &#8211; Ein Vater dreht durch\u201c bundesweit gestartet. Im Berliner City Kino Wedding fand am Abend die Kinostartpremiere mit einem Konzert der Filmband PeroPero statt. Der Film er\u00e4hlt die Geschichte des 60j\u00e4hrigen Regisseurs L\u00e1szlo&hellip;<\/p>\n<\/div>\n\t\n<a href=\"https:\/\/ucm.one\/de\/breakdown-in-tokyo-darling-berlin-startet-mit-premiere-und-konzert-in-den-deutschen-kinos\/\" class=\"post-details details-type-link\" aria-label=\"Read more about \u201eBreakdown in Tokyo\u201c (Darling Berlin) startet mit Premiere und Konzert in den deutschen Kinos\">Mehr lesen<i class=\"dt-icon-the7-arrow-03\" aria-hidden=\"true\"><\/i><\/a>\n\n<\/div><\/article><\/div><div class=\"hidden wf-cell\" data-post-id=\"16382\" data-date=\"2018-08-28T11:34:02+00:00\" data-name=\"Zwei &quot;Darling Berlin Filme&quot; mit Kinostarts in Frankreich und Deutschland\"><article class=\"post project-odd visible post-16382 type-post status-publish format-standard has-post-thumbnail hentry category-darling-berlin category-film category-kino category-news category-verleih tag-breakdown-in-tokyo tag-ceci-chuh tag-city-kino-wedding tag-clementina-hegewisch tag-cornelius-schwalm tag-darling-berlin tag-denny-sonnenschein tag-ein-vater-dreht-durch tag-elias-sebastin tag-frankreich tag-frederik-schindler tag-ivo-t-michligk tag-jamila-saab tag-johanna-lanzky tag-joya-thome tag-julian-adam-pajzs tag-koenigin-von-niendorf tag-lisa-moell tag-marion-alessandra-becker tag-mex-schluepfer tag-miriam-schmidt tag-moritz-riek tag-peropero tag-philipp-wunderlich tag-salim-fazzani tag-sophie-kluge tag-til-schindler tag-tino-mewes tag-tomoko-inoue tag-valentin-schuster tag-vivian-janz tag-zoltan-paul category-830 category-8 category-10 category-13 category-752\" data-name=\"Zwei &#8222;Darling Berlin Filme&#8220; mit Kinostarts in Frankreich und Deutschland\" data-date=\"2018-08-28T11:34:02+00:00\">\n\n<div class=\"post-thumbnail-wrap\">\n\t<div class=\"post-thumbnail\">\n\t\t\n\t\t\n\t\t<a href=\"https:\/\/ucm.one\/de\/zwei-darling-berlin-filme-mit-kinostarts-in-frankreich-und-deutschland\/\" class=\"post-thumbnail-rollover layzr-bg layzr-bg\" ><img decoding=\"async\" class=\"iso-lazy-load preload-me iso-lazy-load aspect\" src=\"data:image\/svg+xml,%3Csvg%20xmlns%3D&#39;http%3A%2F%2Fwww.w3.org%2F2000%2Fsvg&#39;%20viewBox%3D&#39;0%200%20990%20309&#39;%2F%3E\" data-src=\"https:\/\/ucm.one\/wp-content\/uploads\/2018\/08\/B-Darlin-Gernin-Band-990x309.jpg\" data-srcset=\"https:\/\/ucm.one\/wp-content\/uploads\/2018\/08\/B-Darlin-Gernin-Band-990x309.jpg 990w, https:\/\/ucm.one\/wp-content\/uploads\/2018\/08\/B-Darlin-Gernin-Band-1485x464.jpg 1485w\" loading=\"eager\" style=\"--ratio: 990 \/ 309\" sizes=\"(max-width: 990px) 100vw, 990px\" alt=\"\" title=\"B-Darlin-Gernin-Band\" width=\"990\" height=\"309\"  \/><\/a>\t<\/div>\n<\/div>\n\n\n<div class=\"post-entry-content\">\n\n\t<h3 class=\"entry-title\">\n\t\t<a href=\"https:\/\/ucm.one\/de\/zwei-darling-berlin-filme-mit-kinostarts-in-frankreich-und-deutschland\/\" title=\"Zwei &#8222;Darling Berlin Filme&#8220; mit Kinostarts in Frankreich und Deutschland\" rel=\"bookmark\">Zwei &#8222;Darling Berlin Filme&#8220; mit Kinostarts in Frankreich und Deutschland<\/a>\n\t<\/h3>\n\n\t<div class=\"entry-meta\"><span class=\"category-link\"><a href=\"https:\/\/ucm.one\/de\/category\/news\/film\/darling-berlin\/\" >Darling Berlin<\/a>, <a href=\"https:\/\/ucm.one\/de\/category\/news\/film\/\" >Film<\/a>, <a href=\"https:\/\/ucm.one\/de\/category\/news\/kino\/\" >Kino<\/a>, <a href=\"https:\/\/ucm.one\/de\/category\/news\/\" >News<\/a>, <a href=\"https:\/\/ucm.one\/de\/category\/news\/verleih\/\" >Verleih<\/a><\/span><\/div>\n\t<div class=\"entry-excerpt\"><p>[vc_row][vc_column][vc_column_text]Der Darling Berlin Film &#8222;K\u00f6nigin von Niendorf&#8220; startet heute in den franz\u00f6sischen Kinos; &#8222;Breakdown in Tokyo &#8211; Ein Vater dreht durch&#8220; feiert\u00a0in dieser Woche seinen deutschen Kinostart.[\/vc_column_text][\/vc_column][\/vc_row][vc_row][vc_column][vc_column_text]In Frankreich l\u00e4uft der Familienfilm von Joya Thome in \u00fcber 50 Kinos an. &#8222;K\u00f6nigin von Niendorf&#8220; wurde zuletzt auch in unserem Nachbarland mit mehreren Preisen geehrt. Die Kom\u00f6die von&hellip;<\/p>\n<\/div>\n\t\n<a href=\"https:\/\/ucm.one\/de\/zwei-darling-berlin-filme-mit-kinostarts-in-frankreich-und-deutschland\/\" class=\"post-details details-type-link\" aria-label=\"Read more about Zwei &#8222;Darling Berlin Filme&#8220; mit Kinostarts in Frankreich und Deutschland\">Mehr lesen<i class=\"dt-icon-the7-arrow-03\" aria-hidden=\"true\"><\/i><\/a>\n\n<\/div><\/article><\/div><div class=\"hidden wf-cell\" data-post-id=\"15902\" data-date=\"2018-08-09T09:48:55+00:00\" data-name=\"Zoltan Paul mit &quot;Breakdown in Tokyo&quot; (Darling Berlin) auf Kinotour\"><article class=\"post project-odd visible post-15902 type-post status-publish format-standard has-post-thumbnail hentry category-darling-berlin category-film category-kino category-news category-verleih tag-abaton tag-atelier tag-berlin tag-breakdown-in-tokyo tag-casablanca tag-city-kino-berlin tag-clementina-hegewisch tag-darling-berlin tag-julian-adam-pajzs tag-lichtblick tag-muenchen tag-nuernberg tag-tomoko-inoue tag-tuebingen tag-valentin-schuster tag-werkstattkino tag-zoltan-paul category-830 category-8 category-10 category-13 category-752\" data-name=\"Zoltan Paul mit &#8222;Breakdown in Tokyo&#8220; (Darling Berlin) auf Kinotour\" data-date=\"2018-08-09T09:48:55+00:00\">\n\n<div class=\"post-thumbnail-wrap\">\n\t<div class=\"post-thumbnail\">\n\t\t\n\t\t\n\t\t<a href=\"https:\/\/ucm.one\/de\/zoltan-paul-mit-breakdown-in-tokyo-darling-berlin-auf-kinotour\/\" class=\"post-thumbnail-rollover layzr-bg layzr-bg\" ><img decoding=\"async\" class=\"iso-lazy-load preload-me iso-lazy-load aspect\" src=\"data:image\/svg+xml,%3Csvg%20xmlns%3D&#39;http%3A%2F%2Fwww.w3.org%2F2000%2Fsvg&#39;%20viewBox%3D&#39;0%200%20990%20309&#39;%2F%3E\" data-src=\"https:\/\/ucm.one\/wp-content\/uploads\/2018\/08\/B-Breakdown-in-Tokyo-Kinotour-990x309.jpg\" data-srcset=\"https:\/\/ucm.one\/wp-content\/uploads\/2018\/08\/B-Breakdown-in-Tokyo-Kinotour-990x309.jpg 990w, https:\/\/ucm.one\/wp-content\/uploads\/2018\/08\/B-Breakdown-in-Tokyo-Kinotour-1485x464.jpg 1485w\" loading=\"eager\" style=\"--ratio: 990 \/ 309\" sizes=\"(max-width: 990px) 100vw, 990px\" alt=\"\" title=\"B Breakdown-in-Tokyo Kinotour\" width=\"990\" height=\"309\"  \/><\/a>\t<\/div>\n<\/div>\n\n\n<div class=\"post-entry-content\">\n\n\t<h3 class=\"entry-title\">\n\t\t<a href=\"https:\/\/ucm.one\/de\/zoltan-paul-mit-breakdown-in-tokyo-darling-berlin-auf-kinotour\/\" title=\"Zoltan Paul mit &#8222;Breakdown in Tokyo&#8220; (Darling Berlin) auf Kinotour\" rel=\"bookmark\">Zoltan Paul mit &#8222;Breakdown in Tokyo&#8220; (Darling Berlin) auf Kinotour<\/a>\n\t<\/h3>\n\n\t<div class=\"entry-meta\"><span class=\"category-link\"><a href=\"https:\/\/ucm.one\/de\/category\/news\/film\/darling-berlin\/\" >Darling Berlin<\/a>, <a href=\"https:\/\/ucm.one\/de\/category\/news\/film\/\" >Film<\/a>, <a href=\"https:\/\/ucm.one\/de\/category\/news\/kino\/\" >Kino<\/a>, <a href=\"https:\/\/ucm.one\/de\/category\/news\/\" >News<\/a>, <a href=\"https:\/\/ucm.one\/de\/category\/news\/verleih\/\" >Verleih<\/a><\/span><\/div>\n\t<div class=\"entry-excerpt\"><p>[vc_row][vc_column][vc_column_text] Regisseur und Hauptdarsteller Zoltan Paul stellt seinen neuen Film &#8222;Breakdown in Tokyo &#8211; Ein Vater dreht durch&#8220; (Darling Berlin) auf einer mehrt\u00e4gigen Kinotour durch Deutschland vor.\u00a0Die Screening in Anwesenheit von Zoltan Paul starten am 28. August im Abaton in Hamburg. Zum Kinostart am 30.8. findet im City Kino Wedding zudem ein Konzert mit der&hellip;<\/p>\n<\/div>\n\t\n<a href=\"https:\/\/ucm.one\/de\/zoltan-paul-mit-breakdown-in-tokyo-darling-berlin-auf-kinotour\/\" class=\"post-details details-type-link\" aria-label=\"Read more about Zoltan Paul mit &#8222;Breakdown in Tokyo&#8220; (Darling Berlin) auf Kinotour\">Mehr lesen<i class=\"dt-icon-the7-arrow-03\" aria-hidden=\"true\"><\/i><\/a>\n\n<\/div><\/article><\/div><div class=\"hidden wf-cell\" data-post-id=\"15480\" data-date=\"2018-07-13T13:05:00+00:00\" data-name=\"Film-Premiere von &quot;Breakdown in Tokyo&quot; (Darling Berlin) mit Live Konzert von PeroPero\"><article class=\"post project-odd visible post-15480 type-post status-publish format-standard has-post-thumbnail hentry category-darling-berlin category-film category-kino category-musik category-news category-verleih tag-achtfeld tag-breakdown-in-tokyo tag-city-kino-wedding tag-clementina-hegewisch tag-darling-berlin tag-japan tag-julian-adam-pajzs tag-livekonzert tag-nextfilm-filmproduktion tag-peropero tag-premiere tag-tomoko-inoue tag-valentin-schuster tag-zoltan-paul category-830 category-8 category-10 category-9 category-13 category-752\" data-name=\"Film-Premiere von &#8222;Breakdown in Tokyo&#8220; (Darling Berlin) mit Live Konzert von PeroPero\" data-date=\"2018-07-13T13:05:00+00:00\">\n\n<div class=\"post-thumbnail-wrap\">\n\t<div class=\"post-thumbnail\">\n\t\t\n\t\t\n\t\t<a href=\"https:\/\/ucm.one\/de\/film-premiere-von-breakdown-in-tokyo-darling-berlin-mit-live-konzert-von-peropero\/\" class=\"post-thumbnail-rollover layzr-bg layzr-bg\" ><img decoding=\"async\" class=\"iso-lazy-load preload-me iso-lazy-load aspect\" src=\"data:image\/svg+xml,%3Csvg%20xmlns%3D&#39;http%3A%2F%2Fwww.w3.org%2F2000%2Fsvg&#39;%20viewBox%3D&#39;0%200%20990%20309&#39;%2F%3E\" data-src=\"https:\/\/ucm.one\/wp-content\/uploads\/2018\/07\/B-PeroPero-180713-990x309.jpg\" data-srcset=\"https:\/\/ucm.one\/wp-content\/uploads\/2018\/07\/B-PeroPero-180713-990x309.jpg 990w, https:\/\/ucm.one\/wp-content\/uploads\/2018\/07\/B-PeroPero-180713-1485x464.jpg 1485w\" loading=\"eager\" style=\"--ratio: 990 \/ 309\" sizes=\"(max-width: 990px) 100vw, 990px\" alt=\"\" title=\"B PeroPero 180713\" width=\"990\" height=\"309\"  \/><\/a>\t<\/div>\n<\/div>\n\n\n<div class=\"post-entry-content\">\n\n\t<h3 class=\"entry-title\">\n\t\t<a href=\"https:\/\/ucm.one\/de\/film-premiere-von-breakdown-in-tokyo-darling-berlin-mit-live-konzert-von-peropero\/\" title=\"Film-Premiere von &#8222;Breakdown in Tokyo&#8220; (Darling Berlin) mit Live Konzert von PeroPero\" rel=\"bookmark\">Film-Premiere von &#8222;Breakdown in Tokyo&#8220; (Darling Berlin) mit Live Konzert von PeroPero<\/a>\n\t<\/h3>\n\n\t<div class=\"entry-meta\"><span class=\"category-link\"><a href=\"https:\/\/ucm.one\/de\/category\/news\/film\/darling-berlin\/\" >Darling Berlin<\/a>, <a href=\"https:\/\/ucm.one\/de\/category\/news\/film\/\" >Film<\/a>, <a href=\"https:\/\/ucm.one\/de\/category\/news\/kino\/\" >Kino<\/a>, <a href=\"https:\/\/ucm.one\/de\/category\/news\/musik\/\" >Musik<\/a>, <a href=\"https:\/\/ucm.one\/de\/category\/news\/\" >News<\/a>, <a href=\"https:\/\/ucm.one\/de\/category\/news\/verleih\/\" >Verleih<\/a><\/span><\/div>\n\t<div class=\"entry-excerpt\"><p>[vc_row][vc_column][vc_column_text]Zum Kinostart am 30. August von &#8222;Breakdown in Tokyo&#8220; (Darling Berlin) wird das City Kino Wedding in eine Konzerthalle verwandelt. Nach der Kinostart-Premiere der neuen Kom\u00f6die von Zoltan Paul spielt die Band aus dem Film um den Sohn des Regisseurs &#8222;PeroPero&#8220; im Anschluss eines ihrer mitreissenden Konzerte.[\/vc_column_text][\/vc_column][\/vc_row][vc_row][vc_column][vc_column_text]Ab sofort sind die Tickets f\u00fcr den Kino und&hellip;<\/p>\n<\/div>\n\t\n<a href=\"https:\/\/ucm.one\/de\/film-premiere-von-breakdown-in-tokyo-darling-berlin-mit-live-konzert-von-peropero\/\" class=\"post-details details-type-link\" aria-label=\"Read more about Film-Premiere von &#8222;Breakdown in Tokyo&#8220; (Darling Berlin) mit Live Konzert von PeroPero\">Mehr lesen<i class=\"dt-icon-the7-arrow-03\" aria-hidden=\"true\"><\/i><\/a>\n\n<\/div><\/article><\/div><div class=\"hidden wf-cell\" data-post-id=\"12850\" data-date=\"2018-03-29T00:30:26+00:00\" data-name=\"&quot;Breakdown in Tokyo&quot; im Wettbewerb beim Filmfestival &quot;achtung berlin&quot;\"><article class=\"post project-odd visible post-12850 type-post status-publish format-standard has-post-thumbnail hentry category-darling-berlin category-film category-kino category-news category-verleih tag-achtung-berlin tag-berlin tag-breakdown-in-tokyo tag-darling-berlin tag-festival tag-pero-pero tag-peropero tag-premiere tag-tokyo tag-zoltan-paul category-830 category-8 category-10 category-13 category-752\" data-name=\"&#8222;Breakdown in Tokyo&#8220; im Wettbewerb beim Filmfestival &#8222;achtung berlin&#8220;\" data-date=\"2018-03-29T00:30:26+00:00\">\n\n<div class=\"post-thumbnail-wrap\">\n\t<div class=\"post-thumbnail\">\n\t\t\n\t\t\n\t\t<a href=\"https:\/\/ucm.one\/de\/breakdown-in-tokyo-im-wettbewerb-vom-filmfestival-achtung-berlin\/\" class=\"post-thumbnail-rollover layzr-bg layzr-bg\" ><img decoding=\"async\" class=\"iso-lazy-load preload-me iso-lazy-load aspect\" src=\"data:image\/svg+xml,%3Csvg%20xmlns%3D&#39;http%3A%2F%2Fwww.w3.org%2F2000%2Fsvg&#39;%20viewBox%3D&#39;0%200%20990%20309&#39;%2F%3E\" data-src=\"https:\/\/ucm.one\/wp-content\/uploads\/2018\/03\/B-Breakdown-in-Tokyo-180329-990x309.jpg\" data-srcset=\"https:\/\/ucm.one\/wp-content\/uploads\/2018\/03\/B-Breakdown-in-Tokyo-180329-990x309.jpg 990w, https:\/\/ucm.one\/wp-content\/uploads\/2018\/03\/B-Breakdown-in-Tokyo-180329-1485x464.jpg 1485w\" loading=\"eager\" style=\"--ratio: 990 \/ 309\" sizes=\"(max-width: 990px) 100vw, 990px\" alt=\"\" title=\"B-Breakdown-in-Tokyo-180329\" width=\"990\" height=\"309\"  \/><\/a>\t<\/div>\n<\/div>\n\n\n<div class=\"post-entry-content\">\n\n\t<h3 class=\"entry-title\">\n\t\t<a href=\"https:\/\/ucm.one\/de\/breakdown-in-tokyo-im-wettbewerb-vom-filmfestival-achtung-berlin\/\" title=\"&#8222;Breakdown in Tokyo&#8220; im Wettbewerb beim Filmfestival &#8222;achtung berlin&#8220;\" rel=\"bookmark\">&#8222;Breakdown in Tokyo&#8220; im Wettbewerb beim Filmfestival &#8222;achtung berlin&#8220;<\/a>\n\t<\/h3>\n\n\t<div class=\"entry-meta\"><span class=\"category-link\"><a href=\"https:\/\/ucm.one\/de\/category\/news\/film\/darling-berlin\/\" >Darling Berlin<\/a>, <a href=\"https:\/\/ucm.one\/de\/category\/news\/film\/\" >Film<\/a>, <a href=\"https:\/\/ucm.one\/de\/category\/news\/kino\/\" >Kino<\/a>, <a href=\"https:\/\/ucm.one\/de\/category\/news\/\" >News<\/a>, <a href=\"https:\/\/ucm.one\/de\/category\/news\/verleih\/\" >Verleih<\/a><\/span><\/div>\n\t<div class=\"entry-excerpt\"><p>[vc_row][vc_column][vc_column_text]Der neue Film von Zoltan Paul &#8222;Breakdown in Tokyo&#8222;, den Darling Berlin im Sommer 2018 in die Kinos bringt, l\u00e4uft im diesj\u00e4hrigen Spielfilmwettbewerb von achtung berlin. Die Mockumentary erz\u00e4hlt die Geschichte eines Regisseurs in der Lebenskrise, der die Japan-Tournee seines Sohnes eigentlich dokumentieren will, sich aber in ein aberwitzige Liebesabenteuer mit der blutjungen Tourmanagerin st\u00fcrzt&hellip;<\/p>\n<\/div>\n\t\n<a href=\"https:\/\/ucm.one\/de\/breakdown-in-tokyo-im-wettbewerb-vom-filmfestival-achtung-berlin\/\" class=\"post-details details-type-link\" aria-label=\"Read more about &#8222;Breakdown in Tokyo&#8220; im Wettbewerb beim Filmfestival &#8222;achtung berlin&#8220;\">Mehr lesen<i class=\"dt-icon-the7-arrow-03\" aria-hidden=\"true\"><\/i><\/a>\n\n<\/div><\/article><\/div><div class=\"hidden wf-cell\" data-post-id=\"13571\" data-date=\"2016-07-01T10:46:26+00:00\" data-name=\"Hallo Netflix !\"><article class=\"post project-odd visible post-13571 type-post status-publish format-standard has-post-thumbnail hentry category-artkeim category-darling-berlin category-film category-m-square-pictures category-news tag-amelie-kiefer tag-amok tag-amok-hansi-gehts-gut tag-anne-kathrin-gliese tag-arthouse tag-artkeim tag-axel-ranisch tag-bright-night tag-christian-ehrich tag-daniele-grieco tag-darling-berlin tag-das-floss tag-die-praesenz tag-familienfieber tag-family-fever tag-floating tag-franz-rogowski tag-iii-das-ritual tag-jakob-lass tag-jakob-r-erwa tag-julia-becker tag-julia-c-kaiser tag-kaptn-oskar tag-klappe-cowboy tag-lana-cooper tag-lass-bros tag-liebe-mich tag-liv-lisa-fries tag-love-me tag-love-steaks tag-m-square tag-m-square-pictures tag-martina-schoene-radunski tag-nachthelle tag-netflix tag-nico-sommer tag-pavel-khvaleev tag-peter-trabner tag-philipp-eichholtz tag-the-presence tag-timo-jacobs tag-tom-lass tag-zoltan-paul category-828 category-830 category-8 category-1046 category-13\" data-name=\"Hallo Netflix !\" data-date=\"2016-07-01T10:46:26+00:00\">\n\n<div class=\"post-thumbnail-wrap\">\n\t<div class=\"post-thumbnail\">\n\t\t\n\t\t\n\t\t<a href=\"https:\/\/ucm.one\/de\/hallo-netflix\/\" class=\"post-thumbnail-rollover layzr-bg layzr-bg\" ><img decoding=\"async\" class=\"iso-lazy-load preload-me iso-lazy-load aspect\" src=\"data:image\/svg+xml,%3Csvg%20xmlns%3D&#39;http%3A%2F%2Fwww.w3.org%2F2000%2Fsvg&#39;%20viewBox%3D&#39;0%200%20990%20309&#39;%2F%3E\" data-src=\"https:\/\/ucm.one\/wp-content\/uploads\/2016\/07\/B-Netflix-990x309.jpg\" data-srcset=\"https:\/\/ucm.one\/wp-content\/uploads\/2016\/07\/B-Netflix-990x309.jpg 990w, https:\/\/ucm.one\/wp-content\/uploads\/2016\/07\/B-Netflix-1485x464.jpg 1485w\" loading=\"eager\" style=\"--ratio: 990 \/ 309\" sizes=\"(max-width: 990px) 100vw, 990px\" alt=\"\" title=\"B-Netflix\" width=\"990\" height=\"309\"  \/><\/a>\t<\/div>\n<\/div>\n\n\n<div class=\"post-entry-content\">\n\n\t<h3 class=\"entry-title\">\n\t\t<a href=\"https:\/\/ucm.one\/de\/hallo-netflix\/\" title=\"Hallo Netflix !\" rel=\"bookmark\">Hallo Netflix !<\/a>\n\t<\/h3>\n\n\t<div class=\"entry-meta\"><span class=\"category-link\"><a href=\"https:\/\/ucm.one\/de\/category\/news\/film\/artkeim\/\" >Artkeim\u00b2<\/a>, <a href=\"https:\/\/ucm.one\/de\/category\/news\/film\/darling-berlin\/\" >Darling Berlin<\/a>, <a href=\"https:\/\/ucm.one\/de\/category\/news\/film\/\" >Film<\/a>, <a href=\"https:\/\/ucm.one\/de\/category\/news\/film\/m-square-pictures\/\" >M-Square Pictures<\/a>, <a href=\"https:\/\/ucm.one\/de\/category\/news\/\" >News<\/a><\/span><\/div>\n\t<div class=\"entry-excerpt\"><p>[vc_row][vc_column][vc_column_text]Im April 2016 meldete Netflix weltweit \u00fcber 81 Millionen Abonnenten, darunter mehr als 46 Millionen in den USA. Heute sind wir stolz darauf, dass ab sofort die folgenden Filme in mehr als 190 L\u00e4ndern auf dem Video-on-Demand-Abonnementdienst Netflix verf\u00fcgbar sind: &nbsp; Love Steaks\u00a0,\u00a0von Jakob Lass: Clemens beginnt eine neue Arbeit als Masseur in einem Luxushotel.&hellip;<\/p>\n<\/div>\n\t\n<a href=\"https:\/\/ucm.one\/de\/hallo-netflix\/\" class=\"post-details details-type-link\" aria-label=\"Read more about Hallo Netflix !\">Mehr lesen<i class=\"dt-icon-the7-arrow-03\" aria-hidden=\"true\"><\/i><\/a>\n\n<\/div><\/article><\/div><div class=\"hidden wf-cell\" data-post-id=\"13586\" data-date=\"2016-05-20T13:54:01+00:00\" data-name=\"Jetzt erh\u00e4ltlich: &quot;German Mumblecore 10 DVD Box&quot;, pr\u00e4sentiert von achtung berlin\"><article class=\"post project-odd visible post-13586 type-post status-publish format-standard has-post-thumbnail hentry category-darling-berlin category-edition-german-mumblecore category-film category-kino category-news category-verleih tag-achtung-berlin tag-amelie-kiefer tag-aron-lehmann tag-arthouse tag-axel-ranisch tag-christian-ehrich tag-darling-berlin tag-dicke-maedchen tag-edition-german-mumblecore tag-familienfieber tag-film tag-franz-rogowski tag-frauen-ihre-brueste tag-german-mumblecore tag-hanna-dose tag-isabell-suba tag-jacob-lass tag-jakob-lass tag-julia-becker tag-julia-c-kaiser tag-kaptn-oskar tag-klappe-cowboy tag-kohlhaas-oder-die-verhaeltnismaessigkeit-der-mittel tag-lana-cooper tag-lass-bros tag-liebe-mich tag-love-steaks tag-maenner-zeigen-filme tag-martina-schoene-radunski tag-nico-sommer tag-peter-trabner tag-philipp-eichholtz tag-staub-auf-unseren-herzen tag-timo-jacobs tag-tom-lass tag-zoltan-paul category-830 category-4688 category-8 category-10 category-13 category-752\" data-name=\"Jetzt erh\u00e4ltlich: &#8222;German Mumblecore 10 DVD Box&#8220;, pr\u00e4sentiert von achtung berlin\" data-date=\"2016-05-20T13:54:01+00:00\">\n\n<div class=\"post-thumbnail-wrap\">\n\t<div class=\"post-thumbnail\">\n\t\t\n\t\t\n\t\t<a href=\"https:\/\/ucm.one\/de\/jetzt-erhaeltlich-german-mumblecore-10-dvd-box-praesentiert-von-achtung-berlin\/\" class=\"post-thumbnail-rollover layzr-bg layzr-bg\" ><img decoding=\"async\" class=\"iso-lazy-load preload-me iso-lazy-load aspect\" src=\"data:image\/svg+xml,%3Csvg%20xmlns%3D&#39;http%3A%2F%2Fwww.w3.org%2F2000%2Fsvg&#39;%20viewBox%3D&#39;0%200%20990%20309&#39;%2F%3E\" data-src=\"https:\/\/ucm.one\/wp-content\/uploads\/2016\/05\/B-Edition-German-Mumblecore-990x309.jpg\" data-srcset=\"https:\/\/ucm.one\/wp-content\/uploads\/2016\/05\/B-Edition-German-Mumblecore-990x309.jpg 990w, https:\/\/ucm.one\/wp-content\/uploads\/2016\/05\/B-Edition-German-Mumblecore-1485x464.jpg 1485w\" loading=\"eager\" style=\"--ratio: 990 \/ 309\" sizes=\"(max-width: 990px) 100vw, 990px\" alt=\"\" title=\"B Edition German Mumblecore\" width=\"990\" height=\"309\"  \/><\/a>\t<\/div>\n<\/div>\n\n\n<div class=\"post-entry-content\">\n\n\t<h3 class=\"entry-title\">\n\t\t<a href=\"https:\/\/ucm.one\/de\/jetzt-erhaeltlich-german-mumblecore-10-dvd-box-praesentiert-von-achtung-berlin\/\" title=\"Jetzt erh\u00e4ltlich: &#8222;German Mumblecore 10 DVD Box&#8220;, pr\u00e4sentiert von achtung berlin\" rel=\"bookmark\">Jetzt erh\u00e4ltlich: &#8222;German Mumblecore 10 DVD Box&#8220;, pr\u00e4sentiert von achtung berlin<\/a>\n\t<\/h3>\n\n\t<div class=\"entry-meta\"><span class=\"category-link\"><a href=\"https:\/\/ucm.one\/de\/category\/news\/film\/darling-berlin\/\" >Darling Berlin<\/a>, <a href=\"https:\/\/ucm.one\/de\/category\/news\/film\/darling-berlin\/edition-german-mumblecore\/\" >Edition German Mumblecore<\/a>, <a href=\"https:\/\/ucm.one\/de\/category\/news\/film\/\" >Film<\/a>, <a href=\"https:\/\/ucm.one\/de\/category\/news\/kino\/\" >Kino<\/a>, <a href=\"https:\/\/ucm.one\/de\/category\/news\/\" >News<\/a>, <a href=\"https:\/\/ucm.one\/de\/category\/news\/verleih\/\" >Verleih<\/a><\/span><\/div>\n\t<div class=\"entry-excerpt\"><p>[vc_row][vc_column][vc_column_text]Darling Berlin ver\u00f6ffentlicht in Zusammenarbeit mit achtung berlin &#8211; new berlin film award ein 10-DVD Box Set &#8222;German Mumblecore&#8222;. Der erste umfassende \u00dcberblick \u00fcber das deutsche Mumblecore-Kino, der jemals erschienen ist &#8211; 10 DVDs mit den besten Filmen, die das zeitgen\u00f6ssische deutsche Kino zu bieten hat, inklusive einem 76-seitigem Booklet von Urs Sp\u00f6rri, mit Tonnen&hellip;<\/p>\n<\/div>\n\t\n<a href=\"https:\/\/ucm.one\/de\/jetzt-erhaeltlich-german-mumblecore-10-dvd-box-praesentiert-von-achtung-berlin\/\" class=\"post-details details-type-link\" aria-label=\"Read more about Jetzt erh\u00e4ltlich: &#8222;German Mumblecore 10 DVD Box&#8220;, pr\u00e4sentiert von achtung berlin\">Mehr lesen<i class=\"dt-icon-the7-arrow-03\" aria-hidden=\"true\"><\/i><\/a>\n\n<\/div><\/article><\/div><div class=\"hidden wf-cell\" data-post-id=\"233\" data-date=\"2015-09-02T12:33:45+00:00\" data-name=\"AMOK - Hansi geht\u00b4s gut\"><article class=\"post project-odd visible post-233 type-post status-publish format-video has-post-thumbnail hentry category-darling-berlin category-film category-kino category-news category-verleih tag-achtfeld tag-amok tag-amok-hansi-gehts-gut tag-andreas-lechner tag-berlin tag-charlottenburg tag-charly-huebner tag-clementina-hegewisch tag-darling-berlin tag-heike-hanold-lynch tag-nextfilm tag-tilo-nest tag-west-berlin tag-zoltan-paul post_format-post-format-video category-830 category-8 category-10 category-13 category-752\" data-name=\"AMOK &#8211; Hansi geht\u00b4s gut\" data-date=\"2015-09-02T12:33:45+00:00\">\n\n<div class=\"post-thumbnail-wrap\">\n\t<div class=\"post-thumbnail\">\n\t\t\n\t\t\n\t\t<a href=\"https:\/\/ucm.one\/de\/amok-hansi-gehts-gut\/\" class=\"post-thumbnail-rollover layzr-bg layzr-bg\" ><img decoding=\"async\" class=\"iso-lazy-load preload-me iso-lazy-load aspect\" src=\"data:image\/svg+xml,%3Csvg%20xmlns%3D&#39;http%3A%2F%2Fwww.w3.org%2F2000%2Fsvg&#39;%20viewBox%3D&#39;0%200%20990%20330&#39;%2F%3E\" data-src=\"https:\/\/ucm.one\/wp-content\/uploads\/2015\/09\/S-Amok-1-990x330.jpg\" data-srcset=\"https:\/\/ucm.one\/wp-content\/uploads\/2015\/09\/S-Amok-1-990x330.jpg 990w, https:\/\/ucm.one\/wp-content\/uploads\/2015\/09\/S-Amok-1.jpg 1200w\" loading=\"eager\" style=\"--ratio: 990 \/ 330\" sizes=\"(max-width: 990px) 100vw, 990px\" alt=\"\" title=\"S-Amok\" width=\"990\" height=\"330\"  \/><\/a>\t<\/div>\n<\/div>\n\n\n<div class=\"post-entry-content\">\n\n\t<h3 class=\"entry-title\">\n\t\t<a href=\"https:\/\/ucm.one\/de\/amok-hansi-gehts-gut\/\" title=\"AMOK &#8211; Hansi geht\u00b4s gut\" rel=\"bookmark\">AMOK &#8211; Hansi geht\u00b4s gut<\/a>\n\t<\/h3>\n\n\t<div class=\"entry-meta\"><span class=\"category-link\"><a href=\"https:\/\/ucm.one\/de\/category\/news\/film\/darling-berlin\/\" >Darling Berlin<\/a>, <a href=\"https:\/\/ucm.one\/de\/category\/news\/film\/\" >Film<\/a>, <a href=\"https:\/\/ucm.one\/de\/category\/news\/kino\/\" >Kino<\/a>, <a href=\"https:\/\/ucm.one\/de\/category\/news\/\" >News<\/a>, <a href=\"https:\/\/ucm.one\/de\/category\/news\/verleih\/\" >Verleih<\/a><\/span><\/div>\n\t<div class=\"entry-excerpt\"><p>[vc_row][vc_column width=&#8220;2\/3&#8243;][vc_column_text] Mit\u00a0\u201eAMOK &#8211; Hansi geht&#8217;s gut\u201c\u00a0kommt am 28. Mai 2015 ein ruhiges, scharf beobachtetes und pr\u00e4gnant inszeniertes Psychodrama von\u00a0Zoltan Paul\u00a0in die Kinos. Schauplatz ist der Shakespeare-Platz in Charlottenburg. Hier liegt das alte Westberlin im Sterben. Direkt um die Ecke wurde Benno Ohnesorg erschossen. Einen Steinwurf weiter halten am Bahnhof Zoo nur noch Regionalz\u00fcge. Die&hellip;<\/p>\n<\/div>\n\t\n<a href=\"https:\/\/ucm.one\/de\/amok-hansi-gehts-gut\/\" class=\"post-details details-type-link\" aria-label=\"Read more about AMOK &#8211; Hansi geht\u00b4s gut\">Mehr lesen<i class=\"dt-icon-the7-arrow-03\" aria-hidden=\"true\"><\/i><\/a>\n\n<\/div><\/article><\/div><div class=\"hidden wf-cell\" data-post-id=\"13035\" data-date=\"2015-05-28T00:38:23+00:00\" data-name=\"Kinostart von &quot;Amok - Hansi geht&#039;s gut&quot; (Darling Berlin)\"><article class=\"post project-odd visible post-13035 type-post status-publish format-standard has-post-thumbnail hentry category-darling-berlin category-film category-kino category-news category-verleih tag-amok tag-amok-hansi-gehts-gut tag-andreas-lechner tag-arthouse tag-berlin tag-charlottenburg tag-charly-huebner tag-clementina-hegewisch tag-darling-berlin tag-film tag-heike-hanold-lynch tag-tilo-nest tag-west-berlin tag-zoltan-paul category-830 category-8 category-10 category-13 category-752\" data-name=\"Kinostart von &#8222;Amok &#8211; Hansi geht&#8217;s gut&#8220; (Darling Berlin)\" data-date=\"2015-05-28T00:38:23+00:00\">\n\n<div class=\"post-thumbnail-wrap\">\n\t<div class=\"post-thumbnail\">\n\t\t\n\t\t\n\t\t<a href=\"https:\/\/ucm.one\/de\/kinostart-von-amok-hansi-gehts-gut-darling-berlin\/\" class=\"post-thumbnail-rollover layzr-bg layzr-bg\" ><img decoding=\"async\" class=\"iso-lazy-load preload-me iso-lazy-load aspect\" src=\"data:image\/svg+xml,%3Csvg%20xmlns%3D&#39;http%3A%2F%2Fwww.w3.org%2F2000%2Fsvg&#39;%20viewBox%3D&#39;0%200%20990%20309&#39;%2F%3E\" data-src=\"https:\/\/ucm.one\/wp-content\/uploads\/2015\/05\/B-Amok-17-990x309.jpg\" data-srcset=\"https:\/\/ucm.one\/wp-content\/uploads\/2015\/05\/B-Amok-17-990x309.jpg 990w, https:\/\/ucm.one\/wp-content\/uploads\/2015\/05\/B-Amok-17-1485x464.jpg 1485w\" loading=\"eager\" style=\"--ratio: 990 \/ 309\" sizes=\"(max-width: 990px) 100vw, 990px\" alt=\"\" title=\"B Amok 17\" width=\"990\" height=\"309\"  \/><\/a>\t<\/div>\n<\/div>\n\n\n<div class=\"post-entry-content\">\n\n\t<h3 class=\"entry-title\">\n\t\t<a href=\"https:\/\/ucm.one\/de\/kinostart-von-amok-hansi-gehts-gut-darling-berlin\/\" title=\"Kinostart von &#8222;Amok &#8211; Hansi geht&#8217;s gut&#8220; (Darling Berlin)\" rel=\"bookmark\">Kinostart von &#8222;Amok &#8211; Hansi geht&#8217;s gut&#8220; (Darling Berlin)<\/a>\n\t<\/h3>\n\n\t<div class=\"entry-meta\"><span class=\"category-link\"><a href=\"https:\/\/ucm.one\/de\/category\/news\/film\/darling-berlin\/\" >Darling Berlin<\/a>, <a href=\"https:\/\/ucm.one\/de\/category\/news\/film\/\" >Film<\/a>, <a href=\"https:\/\/ucm.one\/de\/category\/news\/kino\/\" >Kino<\/a>, <a href=\"https:\/\/ucm.one\/de\/category\/news\/\" >News<\/a>, <a href=\"https:\/\/ucm.one\/de\/category\/news\/verleih\/\" >Verleih<\/a><\/span><\/div>\n\t<div class=\"entry-excerpt\"><p>[vc_row][vc_column][vc_column_text]&#8222;Amok &#8211; Hansi geht&#8217;s gut&#8220; ist ein Psychodrama \u00fcber die Zeit, die qu\u00e4lend auf dem Weg in den Ruhestand geblieben ist und keine Perspektive mehr einnimmt. Ein Film \u00fcber den Innendruck, der zu falschen Entscheidungen f\u00fchrt und dann nur noch explodieren kann. In Echtzeit suggestiver Kamera folgt der Protagonist. Von der Wohnung, auf der Stra\u00dfe,&hellip;<\/p>\n<\/div>\n\t\n<a href=\"https:\/\/ucm.one\/de\/kinostart-von-amok-hansi-gehts-gut-darling-berlin\/\" class=\"post-details details-type-link\" aria-label=\"Read more about Kinostart von &#8222;Amok &#8211; Hansi geht&#8217;s gut&#8220; (Darling Berlin)\">Mehr lesen<i class=\"dt-icon-the7-arrow-03\" aria-hidden=\"true\"><\/i><\/a>\n\n<\/div><\/article><\/div><\/div><!-- iso-container|iso-grid --><div class=\"paginator paginator-more-button\">\n\t\t\t\t<a class=\"button-load-more \" href=\"javascript:void(0);\" data-dt-page=\"1\" ><span class=\"stick\"><\/span><span class=\"stick\"><\/span><span class=\"stick\"><\/span><span class=\"button-caption\">Mehr laden<\/span><\/a>\n\t\t\t<\/div><\/div>[\/vc_tta_section][\/vc_tta_accordion][vc_separator][\/vc_column][\/vc_row][vc_row css=&#8220;.vc_custom_1712364318119{margin-top: 80px !important;}&#8220; el_id=&#8220;die-mechanik-der-dinge&#8220;][vc_column width=&#8220;1\/4&#8243; offset=&#8220;vc_col-lg-offset-0 vc_col-md-offset-0 vc_col-sm-offset-0&#8243;][vc_single_image image=&#8220;103247&#8243; img_size=&#8220;full&#8220; onclick=&#8220;link_image&#8220;][\/vc_column][vc_column width=&#8220;3\/4&#8243;][vc_column_text]<\/p>\n<h2>Die Mechanik der Dinge<\/h2>\n<h3>von Alessandra Celesia<\/h3>\n<div class=\"wpb_text_column wpb_content_element \">\n<div class=\"wpb_wrapper\">\n<div class=\"wpb_text_column wpb_content_element \">\n<div class=\"wpb_wrapper\">\n<div class=\"wpb_text_column wpb_content_element \">\n<div>\n<p style=\"font-weight: 400;\">Tito, die streunende Katze einer italienischen Filmemacherin, f\u00e4llt aus dem achten Stock und l\u00f6st dadurch Ereignisse aus, die bis nach China reichen und die die Filmemacherin bis in ihr Innerstes treffen.<\/p>\n<p style=\"font-weight: 400;\">Wird meine Katze jemals wieder laufen k\u00f6nnen? Werden wir jemals wieder laufen k\u00f6nnen? Das ist die Frage, die sich jede:r Querschnittsgel\u00e4hmte stellt. Der Film begleitet sechs querschnittsgel\u00e4hmte Franz\u00f6s:innen, die sich freiwillig f\u00fcr einen klinischen Test in China zur Verf\u00fcgung gestellt haben, und die Katze Tito auf ihrer Reise nach China, bei dem ihnen k\u00fcnstlich hergestelltes R\u00fcckenmark (Neurogel) transplantiert wird. Der Sturz ihrer Katze konfrontiert die Filmemacherin aber auch mit ihrer eigenen Geschichte. Mit Erlebnissen, die bis tief in ihre Kindheit reichen und bei deren Aufarbeitung sie die Zuschauer*innen teilnehmen l\u00e4sst.<\/p>\n<p style=\"font-weight: 400;\">Die &#8222;Mechanik der Dinge<strong>&#8222;<\/strong> ist die Reise einer Filmemacherin auf der Suche nach Heilung, w\u00e4hrend der sie zu akzeptieren lernen muss, dass es Dinge gibt, die sich nicht wiederherstellen lassen, und Dinge, die wir wiederherstellen k\u00f6nnen.<\/p>\n<\/div>\n<div><div class=\"gap\" style=\"line-height: 10px; height: 10px;\"><\/div><\/div>\n<h3>Kinostart: 05. April 2024<\/h3>\n<\/div>\n<\/div>\n<\/div>\n<\/div>\n<\/div>\n<p>[\/vc_column_text][\/vc_column][vc_column][vc_row_inner css=&#8220;.vc_custom_1603814225076{padding-top: 0px !important;}&#8220;][vc_column_inner width=&#8220;4\/6&#8243;][vc_column_text]NONFY Documentaries | 2023 | Dokumentarfilm | Deutschland | Original Titel: &#8222;<a title=\"Die Mechanik der Dinge (2023) von Alessandra Celesia | NONFY Documentaries\" href=\"https:\/\/ucm.one\/de\/die-mechanik-der-dinge\/\">La M\u00e9canique des choses<\/a>&#8222;[\/vc_column_text][\/vc_column_inner][vc_column_inner width=&#8220;1\/6&#8243;][vc_btn title=&#8220;Presse Materialien&#8220; size=&#8220;xs&#8220; align=&#8220;center&#8220; i_icon_fontawesome=&#8220;fas fa-download&#8220; button_block=&#8220;true&#8220; add_icon=&#8220;true&#8220; link=&#8220;url:https%3A%2F%2Fwww.ucm.one%2Fpresse%2Fnf_die-mechanik-der-dinge.zip|title:Die%20Mechanik%20der%20Dinge|rel:nofollow&#8220;][\/vc_column_inner][vc_column_inner width=&#8220;1\/6&#8243;][vc_btn title=&#8220;DCP Trailer&#8220; size=&#8220;xs&#8220; align=&#8220;center&#8220; i_icon_fontawesome=&#8220;fas fa-external-link-alt&#8220; button_block=&#8220;true&#8220; add_icon=&#8220;true&#8220; link=&#8220;url:https%3A%2F%2Fwww.dropbox.com%2Fscl%2Ffo%2Fzs3y2d2y84dcchhjc3lgr%2Fh%3Frlkey%3Dkpclryftwfxdf1xe5op7fq7hm%26dl%3D0|target:_blank|rel:nofollow&#8220;][\/vc_column_inner][\/vc_row_inner][vc_tta_accordion style=&#8220;modern&#8220; shape=&#8220;square&#8220; c_icon=&#8220;chevron&#8220; active_section=&#8220;33&#8243; no_fill=&#8220;true&#8220; collapsible_all=&#8220;true&#8220;][vc_tta_section title=&#8220;Weitere Informationen&#8220; tab_id=&#8220;1712360642662-95323e44-22ff&#8220;][vc_column_text]<\/p>\n<div class=\"wpb_text_column wpb_content_element \">\n<div class=\"wpb_wrapper\">\n<p><strong>Original Titel: <\/strong><span class=\"hero__primary-text\" data-testid=\"hero__primary-text\">La M\u00e9canique des choses<\/span><\/p>\n<p><strong>Buch &amp; Regie: <\/strong>Alessandra Celesia<\/p>\n<p><strong>Produzent:innen:<\/strong> <span lang=\"FR\">Jean-Laurent Csinidis; Dirk Manthey<\/span><\/p>\n<p><strong>Kamera: <\/strong>Fran\u00e7ois Chambe<\/p>\n<p><strong>Ton:<\/strong> Marilou Cuffini-Fabre<\/p>\n<p><strong>Postproduktions-Koordinatorin:<\/strong> Nora Bertone<\/p>\n<p>&nbsp;<\/p>\n<p><strong>Produktionsfirmen: <\/strong><span lang=\"FR\">Les Films de Force Majeure, Dirk Manthey Film<\/span><\/p>\n<div><\/div>\n<p><strong>Produktionsjahr: <\/strong>2023<\/p>\n<p><strong>Genre:<\/strong> Dokumentarfilm<\/p>\n<p><strong>L\u00e4nder:<\/strong> Frankreich, Deutschland<\/p>\n<p><strong>Sprache:<\/strong> italienisch<\/p>\n<p><strong>Untertitel-Versionen:<\/strong> d<span lang=\"EN-US\">eutsch, englisch, franz\u00f6sisch<\/span><\/p>\n<p>&nbsp;<\/p>\n<p><strong>L\u00e4nge:<\/strong> ca. 102 Min.<\/p>\n<p><strong>FSK: <\/strong>12 (beantragt)<\/p>\n<p><strong>Seitenverh\u00e4ltnis \/ Aufl\u00f6sung: <\/strong><span lang=\"EN-US\">16:9 \/ 1998\u00d71080<\/span><\/p>\n<p><strong>DCP: <\/strong>DCI 2K F-178<\/p>\n<p><strong>Ton:<\/strong> Stereo<\/p>\n<\/div>\n<\/div>\n<div class=\"vc_separator wpb_content_element vc_separator_align_center vc_sep_width_100 vc_sep_pos_align_center vc_separator_no_text\"><\/div>\n<div class=\"wpb_text_column wpb_content_element \">\n<div class=\"wpb_wrapper\">\n<p><strong>Filmlabel:<\/strong> NONFY Documentaries<\/p>\n<p><strong>Verleih:<\/strong> <strong>UCM.ONE<\/strong><\/p>\n<p>&nbsp;<\/p>\n<p><strong>Kinostart: <\/strong>05.04.2024<\/p>\n<\/div>\n<\/div>\n<div class=\"vc_separator wpb_content_element vc_separator_align_center vc_sep_width_100 vc_sep_pos_align_center vc_separator_no_text\"><\/div>\n<p>Alle Informationen \u00fcber den Film: <a title=\"Die Mechanik der Dinge (2023) von Alessandra Celesia | NONFY Documentaries\" href=\"https:\/\/ucm.one\/de\/die-mechanik-der-dinge\/\">Die Mechanik der Dinge<\/a>[\/vc_column_text][\/vc_tta_section][vc_tta_section title=&#8220;Trailer&#8220; tab_id=&#8220;1712360642767-f799d7d3-521f&#8220;][vc_video link=&#8220;https:\/\/youtu.be\/oC5VjZewUW8&#8243; align=&#8220;center&#8220;][\/vc_tta_section][vc_tta_section title=&#8220;Neuigkeiten&#8220; tab_id=&#8220;1712360642862-d9d8e7fe-5311&#8243;]<style type=\"text\/css\" data-type=\"the7_shortcodes-inline-css\">.blog-shortcode.blog-masonry-shortcode-id-e2ee7bb0c5e96353b6576b4f8135458c.content-bg-on.classic-layout-list article {\n  background: #e6e6e6;\n  box-shadow: none;\n}\n.blog-shortcode.blog-masonry-shortcode-id-e2ee7bb0c5e96353b6576b4f8135458c.dividers-on.classic-layout-list article {\n  padding-top: 0;\n}\n.blog-shortcode.blog-masonry-shortcode-id-e2ee7bb0c5e96353b6576b4f8135458c.dividers-on.classic-layout-list article:first-of-type {\n  margin-top: 0;\n  padding-top: 0;\n}\n.blog-shortcode.blog-masonry-shortcode-id-e2ee7bb0c5e96353b6576b4f8135458c.classic-layout-list.mode-list .post-entry-content {\n  width: calc(100% - );\n}\n.blog-shortcode.blog-masonry-shortcode-id-e2ee7bb0c5e96353b6576b4f8135458c.classic-layout-list.mode-list .no-img .post-entry-content {\n  width: 100%;\n}\n.blog-shortcode.blog-masonry-shortcode-id-e2ee7bb0c5e96353b6576b4f8135458c .filter-bg-decoration .filter-categories a.act {\n  color: #fff;\n}\n.blog-shortcode.blog-masonry-shortcode-id-e2ee7bb0c5e96353b6576b4f8135458c:not(.mode-masonry) article:first-of-type,\n.blog-shortcode.blog-masonry-shortcode-id-e2ee7bb0c5e96353b6576b4f8135458c:not(.mode-masonry) article.visible.first:not(.product) {\n  margin-top: 0;\n}\n.blog-shortcode.blog-masonry-shortcode-id-e2ee7bb0c5e96353b6576b4f8135458c.dividers-on:not(.mode-masonry) article {\n  margin-top: 0;\n}\n.blog-shortcode.blog-masonry-shortcode-id-e2ee7bb0c5e96353b6576b4f8135458c.dividers-on:not(.mode-masonry) article:first-of-type,\n.blog-shortcode.blog-masonry-shortcode-id-e2ee7bb0c5e96353b6576b4f8135458c.dividers-on:not(.mode-masonry) article.visible.first:not(.product) {\n  margin-top: 0;\n  padding-top: 0;\n}\n.blog-shortcode.blog-masonry-shortcode-id-e2ee7bb0c5e96353b6576b4f8135458c .post-thumbnail-wrap {\n  padding: 0px 0px 0px 0px;\n}\n.blog-shortcode.blog-masonry-shortcode-id-e2ee7bb0c5e96353b6576b4f8135458c.enable-bg-rollover .post-thumbnail-rollover:after {\n  background: -webkit-linear-gradient();\n  background: linear-gradient();\n}\n.blog-shortcode.blog-masonry-shortcode-id-e2ee7bb0c5e96353b6576b4f8135458c .gallery-zoom-ico {\n  width: 44px;\n  height: 44px;\n  line-height: 44px;\n  border-radius: 100px;\n  margin: -22px 0 0 -22px;\n  border-width: 0px;\n  color: #ffffff;\n}\n.bottom-overlap-layout-list.blog-shortcode.blog-masonry-shortcode-id-e2ee7bb0c5e96353b6576b4f8135458c .gallery-zoom-ico {\n  margin-top: -72px;\n}\n.gradient-overlay-layout-list.blog-shortcode.blog-masonry-shortcode-id-e2ee7bb0c5e96353b6576b4f8135458c .gallery-zoom-ico,\n.content-rollover-layout-list.blog-shortcode.blog-masonry-shortcode-id-e2ee7bb0c5e96353b6576b4f8135458c .gallery-zoom-ico {\n  margin: 0 0 10px;\n}\n.content-align-center.gradient-overlay-layout-list.blog-shortcode.blog-masonry-shortcode-id-e2ee7bb0c5e96353b6576b4f8135458c .gallery-zoom-ico,\n.content-align-center.content-rollover-layout-list.blog-shortcode.blog-masonry-shortcode-id-e2ee7bb0c5e96353b6576b4f8135458c .gallery-zoom-ico {\n  margin: 0 auto 10px;\n}\n.dt-icon-bg-on.blog-shortcode.blog-masonry-shortcode-id-e2ee7bb0c5e96353b6576b4f8135458c .gallery-zoom-ico {\n  background: rgba(255,255,255,0.3);\n  box-shadow: none;\n}\n.blog-shortcode.blog-masonry-shortcode-id-e2ee7bb0c5e96353b6576b4f8135458c .gallery-zoom-ico > span,\n.blog-shortcode.blog-masonry-shortcode-id-e2ee7bb0c5e96353b6576b4f8135458c .gallery-zoom-ico:before {\n  font-size: 32px;\n  line-height: 44px;\n}\n.blog-shortcode.blog-masonry-shortcode-id-e2ee7bb0c5e96353b6576b4f8135458c .gallery-zoom-ico > span,\n.blog-shortcode.blog-masonry-shortcode-id-e2ee7bb0c5e96353b6576b4f8135458c .gallery-zoom-ico:before {\n  color: #ffffff;\n}\n.blog-shortcode.blog-masonry-shortcode-id-e2ee7bb0c5e96353b6576b4f8135458c .fancy-date a .entry-month:after,\n.blog-shortcode.blog-masonry-shortcode-id-e2ee7bb0c5e96353b6576b4f8135458c .fancy-date a .entry-date:after {\n  background: #092480;\n  box-shadow: none;\n}\n.blog-shortcode.blog-masonry-shortcode-id-e2ee7bb0c5e96353b6576b4f8135458c .entry-title,\n.blog-shortcode.blog-masonry-shortcode-id-e2ee7bb0c5e96353b6576b4f8135458c.owl-carousel .entry-title {\n  margin-bottom: 5px;\n  font-weight: bold;\n}\n.blog-shortcode.blog-masonry-shortcode-id-e2ee7bb0c5e96353b6576b4f8135458c .entry-meta {\n  margin-bottom: 15px;\n}\n.blog-shortcode.blog-masonry-shortcode-id-e2ee7bb0c5e96353b6576b4f8135458c .portfolio-categories {\n  margin-bottom: 15px;\n}\n.blog-shortcode.blog-masonry-shortcode-id-e2ee7bb0c5e96353b6576b4f8135458c .entry-excerpt {\n  margin-bottom: 5px;\n}\n.blog-shortcode.blog-masonry-shortcode-id-e2ee7bb0c5e96353b6576b4f8135458c:not(.centered-layout-list) .post-entry-content {\n  padding: 15px 20px 20px 20px;\n}\n.blog-shortcode.blog-masonry-shortcode-id-e2ee7bb0c5e96353b6576b4f8135458c:not(.centered-layout-list):not(.content-bg-on):not(.mode-list) .no-img .post-entry-content {\n  padding: 0;\n}\n.blog-shortcode.blog-masonry-shortcode-id-e2ee7bb0c5e96353b6576b4f8135458c.content-bg-on:not(.classic-layout-list):not(.centered-layout-list) .post-entry-content {\n  background: #e6e6e6;\n  box-shadow: none;\n}\n@media screen and (max-width: ) {\n  .blog-shortcode.blog-masonry-shortcode-id-e2ee7bb0c5e96353b6576b4f8135458c article {\n    -ms-flex-flow: column nowrap;\n    flex-flow: column nowrap;\n    margin-top: 20px;\n  }\n  .blog-shortcode.blog-masonry-shortcode-id-e2ee7bb0c5e96353b6576b4f8135458c.dividers-on article {\n    border: none;\n  }\n  .blog-shortcode.blog-masonry-shortcode-id-e2ee7bb0c5e96353b6576b4f8135458c.content-bg-on.centered-layout-list article {\n    padding: 0;\n  }\n  .blog-shortcode.blog-masonry-shortcode-id-e2ee7bb0c5e96353b6576b4f8135458c.blog-shortcode.dividers-on article,\n  .blog-shortcode.blog-masonry-shortcode-id-e2ee7bb0c5e96353b6576b4f8135458c.dividers-on.classic-layout-list article {\n    margin-top: 20px;\n    padding: 0;\n  }\n  .blog-shortcode.blog-masonry-shortcode-id-e2ee7bb0c5e96353b6576b4f8135458c.blog-shortcode.dividers-on article:first-of-type,\n  .blog-shortcode.blog-masonry-shortcode-id-e2ee7bb0c5e96353b6576b4f8135458c.dividers-on.classic-layout-list article:first-of-type {\n    padding: 0;\n  }\n  #page .blog-shortcode.blog-masonry-shortcode-id-e2ee7bb0c5e96353b6576b4f8135458c .post-thumbnail-wrap,\n  #page .blog-shortcode.blog-masonry-shortcode-id-e2ee7bb0c5e96353b6576b4f8135458c .post-entry-content {\n    width: 100%;\n    margin: 0;\n    top: 0;\n  }\n  #page .blog-shortcode.blog-masonry-shortcode-id-e2ee7bb0c5e96353b6576b4f8135458c .post-thumbnail-wrap {\n    padding: 0;\n  }\n  #page .blog-shortcode.blog-masonry-shortcode-id-e2ee7bb0c5e96353b6576b4f8135458c .post-entry-content:after {\n    display: none;\n  }\n  #page .blog-shortcode.blog-masonry-shortcode-id-e2ee7bb0c5e96353b6576b4f8135458c .project-even .post-thumbnail-wrap,\n  #page .blog-shortcode.blog-masonry-shortcode-id-e2ee7bb0c5e96353b6576b4f8135458c.centered-layout-list .post-thumbnail-wrap {\n    -ms-flex-order: 0;\n    order: 0;\n  }\n  #page .blog-shortcode.blog-masonry-shortcode-id-e2ee7bb0c5e96353b6576b4f8135458c.centered-layout-list .post-entry-title-content {\n    -ms-flex-order: 1;\n    order: 1;\n    width: 100%;\n    padding: 20px 20px 0;\n  }\n  #page .blog-shortcode.blog-masonry-shortcode-id-e2ee7bb0c5e96353b6576b4f8135458c.centered-layout-list .post-entry-content {\n    -ms-flex-order: 2;\n    order: 2;\n    padding-top: 0;\n  }\n  #page .blog-shortcode.blog-masonry-shortcode-id-e2ee7bb0c5e96353b6576b4f8135458c .fancy-categories {\n    top: 10px;\n    left: 10px;\n    bottom: auto;\n    right: auto;\n  }\n  #page .blog-shortcode.blog-masonry-shortcode-id-e2ee7bb0c5e96353b6576b4f8135458c .fancy-date a {\n    top: 10px;\n    right: 10px;\n    left: auto;\n    bottom: auto;\n  }\n  #page .blog-shortcode.blog-masonry-shortcode-id-e2ee7bb0c5e96353b6576b4f8135458c .post-entry-content {\n    padding: 20px;\n  }\n  #page .blog-shortcode.blog-masonry-shortcode-id-e2ee7bb0c5e96353b6576b4f8135458c .entry-title {\n    margin: 3px 0 5px;\n    font-size: 20px;\n    line-height: 26px;\n  }\n  #page .blog-shortcode.blog-masonry-shortcode-id-e2ee7bb0c5e96353b6576b4f8135458c .entry-meta {\n    margin: 5px 0 5px;\n  }\n  #page .blog-shortcode.blog-masonry-shortcode-id-e2ee7bb0c5e96353b6576b4f8135458c .entry-excerpt {\n    margin: 15px 0 0;\n  }\n  #page .blog-shortcode.blog-masonry-shortcode-id-e2ee7bb0c5e96353b6576b4f8135458c .post-details {\n    margin: 5px 0 10px;\n  }\n  #page .blog-shortcode.blog-masonry-shortcode-id-e2ee7bb0c5e96353b6576b4f8135458c .post-details.details-type-link {\n    margin-bottom: 2px;\n  }\n}\n.blog-shortcode.blog-masonry-shortcode-id-e2ee7bb0c5e96353b6576b4f8135458c:not(.resize-by-browser-width) .dt-css-grid {\n  grid-row-gap: 50px;\n  grid-column-gap: 50px;\n  grid-template-columns: repeat(auto-fill,minmax(,1fr));\n}\n.blog-shortcode.blog-masonry-shortcode-id-e2ee7bb0c5e96353b6576b4f8135458c:not(.resize-by-browser-width) .dt-css-grid .double-width {\n  grid-column: span 2;\n}\n.cssgridlegacy.no-cssgrid .blog-shortcode.blog-masonry-shortcode-id-e2ee7bb0c5e96353b6576b4f8135458c:not(.resize-by-browser-width) .dt-css-grid,\n.no-cssgridlegacy.no-cssgrid .blog-shortcode.blog-masonry-shortcode-id-e2ee7bb0c5e96353b6576b4f8135458c:not(.resize-by-browser-width) .dt-css-grid {\n  display: flex;\n  flex-flow: row wrap;\n  margin: -25px;\n}\n.cssgridlegacy.no-cssgrid .blog-shortcode.blog-masonry-shortcode-id-e2ee7bb0c5e96353b6576b4f8135458c:not(.resize-by-browser-width) .dt-css-grid .wf-cell,\n.no-cssgridlegacy.no-cssgrid .blog-shortcode.blog-masonry-shortcode-id-e2ee7bb0c5e96353b6576b4f8135458c:not(.resize-by-browser-width) .dt-css-grid .wf-cell {\n  flex: 1 0 ;\n  max-width: 100%;\n  padding: 25px;\n  box-sizing: border-box;\n}\n.blog-shortcode.blog-masonry-shortcode-id-e2ee7bb0c5e96353b6576b4f8135458c.resize-by-browser-width .dt-css-grid {\n  grid-template-columns: repeat(1,1fr);\n  grid-template-rows: auto;\n  grid-column-gap: 50px;\n  grid-row-gap: 50px;\n}\n.blog-shortcode.blog-masonry-shortcode-id-e2ee7bb0c5e96353b6576b4f8135458c.resize-by-browser-width .dt-css-grid .double-width {\n  grid-column: span 2;\n}\n.cssgridlegacy.no-cssgrid .blog-shortcode.blog-masonry-shortcode-id-e2ee7bb0c5e96353b6576b4f8135458c.resize-by-browser-width .dt-css-grid {\n  margin: -25px;\n}\n.cssgridlegacy.no-cssgrid .blog-shortcode.blog-masonry-shortcode-id-e2ee7bb0c5e96353b6576b4f8135458c.resize-by-browser-width .dt-css-grid .wf-cell {\n  width: 100%;\n  padding: 25px;\n}\n.cssgridlegacy.no-cssgrid .blog-shortcode.blog-masonry-shortcode-id-e2ee7bb0c5e96353b6576b4f8135458c.resize-by-browser-width .dt-css-grid .wf-cell.double-width {\n  width: calc(100%) * 2;\n}\n.blog-shortcode.blog-masonry-shortcode-id-e2ee7bb0c5e96353b6576b4f8135458c.resize-by-browser-width:not(.centered-layout-list):not(.content-bg-on) .dt-css-grid {\n  grid-row-gap: 30px;\n}\n@media screen and (max-width: 1199px) {\n  .blog-shortcode.blog-masonry-shortcode-id-e2ee7bb0c5e96353b6576b4f8135458c.resize-by-browser-width .dt-css-grid {\n    grid-template-columns: repeat(1,1fr);\n  }\n  .cssgridlegacy.no-cssgrid .blog-shortcode.blog-masonry-shortcode-id-e2ee7bb0c5e96353b6576b4f8135458c.resize-by-browser-width .dt-css-grid .wf-cell,\n  .no-cssgridlegacy.no-cssgrid .blog-shortcode.blog-masonry-shortcode-id-e2ee7bb0c5e96353b6576b4f8135458c.resize-by-browser-width .dt-css-grid .wf-cell {\n    width: 100%;\n  }\n  .cssgridlegacy.no-cssgrid .blog-shortcode.blog-masonry-shortcode-id-e2ee7bb0c5e96353b6576b4f8135458c.resize-by-browser-width .dt-css-grid .wf-cell.double-width,\n  .no-cssgridlegacy.no-cssgrid .blog-shortcode.blog-masonry-shortcode-id-e2ee7bb0c5e96353b6576b4f8135458c.resize-by-browser-width .dt-css-grid .wf-cell.double-width {\n    width: calc(100%)*2;\n  }\n}\n@media screen and (max-width: 991px) {\n  .blog-shortcode.blog-masonry-shortcode-id-e2ee7bb0c5e96353b6576b4f8135458c.resize-by-browser-width .dt-css-grid {\n    grid-template-columns: repeat(1,1fr);\n  }\n  .cssgridlegacy.no-cssgrid .blog-shortcode.blog-masonry-shortcode-id-e2ee7bb0c5e96353b6576b4f8135458c.resize-by-browser-width .dt-css-grid .wf-cell,\n  .no-cssgridlegacy.no-cssgrid .blog-shortcode.blog-masonry-shortcode-id-e2ee7bb0c5e96353b6576b4f8135458c.resize-by-browser-width .dt-css-grid .wf-cell {\n    width: 100%;\n  }\n  .cssgridlegacy.no-cssgrid .blog-shortcode.blog-masonry-shortcode-id-e2ee7bb0c5e96353b6576b4f8135458c.resize-by-browser-width .dt-css-grid .wf-cell.double-width,\n  .no-cssgridlegacy.no-cssgrid .blog-shortcode.blog-masonry-shortcode-id-e2ee7bb0c5e96353b6576b4f8135458c.resize-by-browser-width .dt-css-grid .wf-cell.double-width {\n    width: calc(100%)*2;\n  }\n}\n@media screen and (max-width: 767px) {\n  .blog-shortcode.blog-masonry-shortcode-id-e2ee7bb0c5e96353b6576b4f8135458c.resize-by-browser-width .dt-css-grid {\n    grid-template-columns: repeat(1,1fr);\n  }\n  .blog-shortcode.blog-masonry-shortcode-id-e2ee7bb0c5e96353b6576b4f8135458c.resize-by-browser-width .dt-css-grid .double-width {\n    grid-column: span 1;\n  }\n  .cssgridlegacy.no-cssgrid .blog-shortcode.blog-masonry-shortcode-id-e2ee7bb0c5e96353b6576b4f8135458c.resize-by-browser-width .dt-css-grid .wf-cell,\n  .no-cssgridlegacy.no-cssgrid .blog-shortcode.blog-masonry-shortcode-id-e2ee7bb0c5e96353b6576b4f8135458c.resize-by-browser-width .dt-css-grid .wf-cell {\n    width: 100%;\n  }\n  .cssgridlegacy.no-cssgrid .blog-shortcode.blog-masonry-shortcode-id-e2ee7bb0c5e96353b6576b4f8135458c.resize-by-browser-width .dt-css-grid .wf-cell.double-width,\n  .no-cssgridlegacy.no-cssgrid .blog-shortcode.blog-masonry-shortcode-id-e2ee7bb0c5e96353b6576b4f8135458c.resize-by-browser-width .dt-css-grid .wf-cell.double-width {\n    width: calc(100%)*2;\n  }\n}<\/style><div class=\"blog-shortcode blog-masonry-shortcode-id-e2ee7bb0c5e96353b6576b4f8135458c mode-grid classic-layout-list content-bg-on jquery-filter vertical-fancy-style scale-img dt-css-grid-wrap dt-icon-bg-off resize-by-browser-width loading-effect-none description-under-image \" data-padding=\"25px\" data-cur-page=\"1\" data-post-limit=\"2\" data-pagination-mode=\"load-more\" aria-live=\"assertive\" data-desktop-columns-num=\"1\" data-v-tablet-columns-num=\"1\" data-h-tablet-columns-num=\"1\" data-phone-columns-num=\"1\" data-width=\"0px\" data-columns=\"0\"><div class=\"dt-css-grid\" ><div class=\"visible wf-cell\" data-post-id=\"103177\" data-date=\"2024-04-04T21:30:12+00:00\" data-name=\"\ud83c\udfac Der Dokumentarfilm \u201cDie Mechanik der Dinge\u201d von Alessandra Celesia ab heute in ausgew\u00e4hlten Kinos\"><article class=\"post project-odd visible post-103177 type-post status-publish format-standard has-post-thumbnail hentry category-film category-filmvertrieb-de category-news category-nonfy-documentaries tag-alessandra-celesia tag-die-mechanik-der-dinge tag-dirk-manthey tag-heilung tag-jean-laurent-csinidis tag-katze tag-nonfy-documentaries tag-querschnittslaehmung tag-rueckenmark tag-rueckenmarks-transplantation category-8 category-15325 category-13 category-4587\" data-name=\"\ud83c\udfac Der Dokumentarfilm \u201cDie Mechanik der Dinge\u201d von Alessandra Celesia ab heute in ausgew\u00e4hlten Kinos\" data-date=\"2024-04-04T21:30:12+00:00\">\n\n<div class=\"post-thumbnail-wrap\">\n\t<div class=\"post-thumbnail\">\n\t\t\n\t\t\n\t\t<a href=\"https:\/\/ucm.one\/de\/der-dokumentarfilm-die-mechanik-der-dinge-von-alessandra-celesia-ab-heute-in-ausgewaehlten-kinos\/\" class=\"post-thumbnail-rollover layzr-bg layzr-bg\" ><img decoding=\"async\" class=\"iso-lazy-load preload-me iso-lazy-load aspect\" src=\"data:image\/svg+xml,%3Csvg%20xmlns%3D&#39;http%3A%2F%2Fwww.w3.org%2F2000%2Fsvg&#39;%20viewBox%3D&#39;0%200%20990%20309&#39;%2F%3E\" data-src=\"https:\/\/ucm.one\/wp-content\/uploads\/2024\/04\/D-The-Mechanics-of-Things-en-990x309.jpg\" data-srcset=\"https:\/\/ucm.one\/wp-content\/uploads\/2024\/04\/D-The-Mechanics-of-Things-en-990x309.jpg 990w, https:\/\/ucm.one\/wp-content\/uploads\/2024\/04\/D-The-Mechanics-of-Things-en-1485x464.jpg 1485w\" loading=\"eager\" style=\"--ratio: 990 \/ 309\" sizes=\"(max-width: 990px) 100vw, 990px\" alt=\"\" title=\"D The-Mechanics-of-Things en\" width=\"990\" height=\"309\"  \/><\/a>\t<\/div>\n<\/div>\n\n\n<div class=\"post-entry-content\">\n\n\t<h3 class=\"entry-title\">\n\t\t<a href=\"https:\/\/ucm.one\/de\/der-dokumentarfilm-die-mechanik-der-dinge-von-alessandra-celesia-ab-heute-in-ausgewaehlten-kinos\/\" title=\"\ud83c\udfac Der Dokumentarfilm \u201cDie Mechanik der Dinge\u201d von Alessandra Celesia ab heute in ausgew\u00e4hlten Kinos\" rel=\"bookmark\">\ud83c\udfac Der Dokumentarfilm \u201cDie Mechanik der Dinge\u201d von Alessandra Celesia ab heute in ausgew\u00e4hlten Kinos<\/a>\n\t<\/h3>\n\n\t<div class=\"entry-meta\"><span class=\"category-link\"><a href=\"https:\/\/ucm.one\/de\/category\/news\/film\/\" >Film<\/a>, <a href=\"https:\/\/ucm.one\/de\/category\/news\/vertrieb-von-medien-de\/filmvertrieb-de\/\" >Filmvertrieb<\/a>, <a href=\"https:\/\/ucm.one\/de\/category\/news\/\" >News<\/a>, <a href=\"https:\/\/ucm.one\/de\/category\/news\/film\/nonfy-documentaries\/\" >NONFY Documentaries<\/a><\/span><\/div>\n\t<div class=\"entry-excerpt\"><p>[vc_row][vc_column][vc_column_text] Der international produzierte Dokumentarfilm \u201cDie Mechanik der Dinge\u201d der italienischen Regisseurin Alessandra Celesia wird von UCM.ONE auf dem Label NONFY Documentaries deutschlandweit am 4. April in ausgew\u00e4hlten Programmkinos starten. [\/vc_column_text][\/vc_column][\/vc_row][vc_row][vc_column width=&#8220;3\/4&#8243;][vc_row_inner][vc_column_inner][vc_column_text] Inhalt: Es war ein kleines Wunder, dass ihre Katze Tito den Sturz aus dem achten Stock \u00fcberlebte, zwar querschnittsgel\u00e4hmt, aber mit dem \u00dcberlebenswillen&hellip;<\/p>\n<\/div>\n\t\n<a href=\"https:\/\/ucm.one\/de\/der-dokumentarfilm-die-mechanik-der-dinge-von-alessandra-celesia-ab-heute-in-ausgewaehlten-kinos\/\" class=\"post-details details-type-link\" aria-label=\"Read more about \ud83c\udfac Der Dokumentarfilm \u201cDie Mechanik der Dinge\u201d von Alessandra Celesia ab heute in ausgew\u00e4hlten Kinos\">Mehr lesen<i class=\"dt-icon-the7-arrow-03\" aria-hidden=\"true\"><\/i><\/a>\n\n<\/div><\/article><\/div><\/div><!-- iso-container|iso-grid --><div class=\"paginator paginator-more-button\">\n\t\t\t\t<a class=\"button-load-more \" href=\"javascript:void(0);\" data-dt-page=\"1\" ><span class=\"stick\"><\/span><span class=\"stick\"><\/span><span class=\"stick\"><\/span><span class=\"button-caption\">Mehr laden<\/span><\/a>\n\t\t\t<\/div><\/div>[\/vc_tta_section][\/vc_tta_accordion][vc_separator][\/vc_column][\/vc_row][vc_row css=&#8220;.vc_custom_1707838046520{margin-top: 80px !important;}&#8220; el_id=&#8220;berlin-bytch-love&#8220;][vc_column width=&#8220;1\/4&#8243; offset=&#8220;vc_col-lg-offset-0 vc_col-md-offset-0 vc_col-sm-offset-0&#8243;][vc_single_image image=&#8220;101539&#8243; img_size=&#8220;full&#8220; onclick=&#8220;link_image&#8220;][\/vc_column][vc_column width=&#8220;3\/4&#8243;][vc_column_text]<\/p>\n<h2>Berlin Bytch Love<\/h2>\n<h3>von <span lang=\"EN-US\">Heiko Aufdermauer &amp; Johannes Girke<\/span><\/h3>\n<div class=\"wpb_text_column wpb_content_element \">\n<div class=\"wpb_wrapper\">\n<div class=\"wpb_text_column wpb_content_element \">\n<div class=\"wpb_wrapper\">\n<div class=\"wpb_text_column wpb_content_element \">\n<div>\n<div>&#8222;Berlin Bytch Love\u201c ist ein Dokumentarfilm von Heiko Aufdermauer und Johannes Girke \u00fcber Sophie und Dominik, ein junges obdachloses Paar in Berlin. Der Film zeigt ihr Leben auf den Stra\u00dfen Berlins, ihre Beziehung und die Herausforderungen, denen sie sich stellen m\u00fcssen.<\/div>\n<div><div class=\"gap\" style=\"line-height: 10px; height: 10px;\"><\/div><\/div>\n<div>Sophie, 15, und Dominik, 17, leben seit einem halben Jahr auf den Stra\u00dfen um den G\u00f6rlitzer Park. Ihr Alltag ist gepr\u00e4gt von \u00dcberlebenskampf, inklusive Schlafen in Hauseing\u00e4ngen, Flaschensammeln und Betteln. Trotz der schwierigen Umst\u00e4nde bleibt ihre Beziehung stark. Der Film beleuchtet auch Sophies Schwangerschaft und Dominiks bevorstehende Gerichtsverhandlung wegen mehrerer Straftaten.<\/div>\n<div><div class=\"gap\" style=\"line-height: 10px; height: 10px;\"><\/div><\/div>\n<h3>Kinostart: 29. Februar 2024<\/h3>\n<\/div>\n<\/div>\n<\/div>\n<\/div>\n<\/div>\n<\/div>\n<p>[\/vc_column_text][\/vc_column][vc_column][vc_row_inner css=&#8220;.vc_custom_1603814225076{padding-top: 0px !important;}&#8220;][vc_column_inner width=&#8220;4\/6&#8243;][vc_column_text]Darling Berlin | 2022 | Dokumentarfilm | Deutschland | Original Titel: &#8222;<a title=\"Berlin Bytch Love\" href=\"https:\/\/ucm.one\/de\/berlin-bytch-love\/\">Berlin Bytch Love<\/a>&#8222;[\/vc_column_text][\/vc_column_inner][vc_column_inner width=&#8220;1\/6&#8243;][vc_btn title=&#8220;Presse Materialien&#8220; size=&#8220;xs&#8220; align=&#8220;center&#8220; i_icon_fontawesome=&#8220;fas fa-download&#8220; button_block=&#8220;true&#8220; add_icon=&#8220;true&#8220; link=&#8220;url:https%3A%2F%2Fwww.ucm.one%2Fpresse%2Fdb_berlin-bytch-love_presskit_de.zip|title:Dreamers%20Presskit|rel:nofollow&#8220;][\/vc_column_inner][vc_column_inner width=&#8220;1\/6&#8243;][vc_btn title=&#8220;DCP Trailer&#8220; size=&#8220;xs&#8220; align=&#8220;center&#8220; i_icon_fontawesome=&#8220;fas fa-external-link-alt&#8220; button_block=&#8220;true&#8220; add_icon=&#8220;true&#8220; link=&#8220;url:https%3A%2F%2Fwww.dropbox.com%2Fscl%2Ffo%2Fgvz01fa1s6q62gh8cflg8%2Fh%3Frlkey%3Dhjmhnvb0a2k43qm26uo60ru75%26dl%3D0|target:_blank|rel:nofollow&#8220;][\/vc_column_inner][\/vc_row_inner][vc_tta_accordion style=&#8220;modern&#8220; shape=&#8220;square&#8220; c_icon=&#8220;chevron&#8220; active_section=&#8220;33&#8243; no_fill=&#8220;true&#8220; collapsible_all=&#8220;true&#8220;][vc_tta_section title=&#8220;Weitere Informationen&#8220; tab_id=&#8220;1707791408368-989faa57-ae02&#8243;][vc_column_text]<strong>Original Titel<\/strong>: Berlin Bytch Love<br \/>\n<strong>Regie:<\/strong> Heiko Aufdermauer, Johannes Girke<br \/>\n<strong>Script \/ Buch:<\/strong> Heiko Aufdermauer, Johannes Girke<br \/>\n<strong>Produzenten:<\/strong> Heiko Aufdermauer, Johannes Girke<br \/>\n<strong>Produktion:<\/strong> Silentfilm Film &amp; Video Produktion, Berlin<br \/>\n<strong>Bildgestaltung:<\/strong> Johannes Girke, Heiko Aufdermauer, Victoire Bonin<br \/>\n<strong>Editoren:<\/strong> Johannes Girke, Heiko Aufdermauer<br \/>\n<strong>Ton:<\/strong> Liam Algrisi, Luuk van den Heuvel, Fabio Thieme<br \/>\n<strong>Genre:<\/strong> Dokumentarfilm<br \/>\n<strong>Herstellungsland\/ -jahr:<\/strong> Deutschland \/ 2022<br \/>\n<strong>Kinostart:<\/strong> 29.02.2024<br \/>\n<strong>Laufzeit \/ Framerate:<\/strong> 86 Minuten \/ 25 FPS<br \/>\n<strong>DCP:<\/strong> 2K F-178 5.1 Surround<br \/>\n<strong>Farbe\/SW:<\/strong> Farbe<br \/>\n<strong>Aspekt Ratio \/ Aufl\u00f6sung:<\/strong> 16:9 \/ 1920\u00d71080)<br \/>\n<strong>Sprachfassung (Original):<\/strong> deutsch<br \/>\n<strong>Untertitel:<\/strong> Englisch \/ Franz\u00f6sisch<br \/>\n<strong>FSK:<\/strong> 12<\/p>\n<p>Alle Informationen \u00fcber den Film: https:\/\/ucm.one\/de\/berlin-bytch-love<\/p>\n<p>[\/vc_column_text][\/vc_tta_section][vc_tta_section title=&#8220;Trailer&#8220; tab_id=&#8220;1707791408456-b8be8481-1957&#8243;][vc_video link=&#8220;https:\/\/youtu.be\/nhmTF3ZbPrU?si=ldBPawMdw08A_Ol8&#8243; align=&#8220;center&#8220;][\/vc_tta_section][vc_tta_section title=&#8220;Neuigkeiten&#8220; tab_id=&#8220;1707791408542-36bb94f7-3940&#8243;]<style type=\"text\/css\" data-type=\"the7_shortcodes-inline-css\">.blog-shortcode.blog-masonry-shortcode-id-5dedddc189127dfe048ced80e6b5e396.content-bg-on.classic-layout-list article {\n  background: #e6e6e6;\n  box-shadow: none;\n}\n.blog-shortcode.blog-masonry-shortcode-id-5dedddc189127dfe048ced80e6b5e396.dividers-on.classic-layout-list article {\n  padding-top: 0;\n}\n.blog-shortcode.blog-masonry-shortcode-id-5dedddc189127dfe048ced80e6b5e396.dividers-on.classic-layout-list article:first-of-type {\n  margin-top: 0;\n  padding-top: 0;\n}\n.blog-shortcode.blog-masonry-shortcode-id-5dedddc189127dfe048ced80e6b5e396.classic-layout-list.mode-list .post-entry-content {\n  width: calc(100% - );\n}\n.blog-shortcode.blog-masonry-shortcode-id-5dedddc189127dfe048ced80e6b5e396.classic-layout-list.mode-list .no-img .post-entry-content {\n  width: 100%;\n}\n.blog-shortcode.blog-masonry-shortcode-id-5dedddc189127dfe048ced80e6b5e396 .filter-bg-decoration .filter-categories a.act {\n  color: #fff;\n}\n.blog-shortcode.blog-masonry-shortcode-id-5dedddc189127dfe048ced80e6b5e396:not(.mode-masonry) article:first-of-type,\n.blog-shortcode.blog-masonry-shortcode-id-5dedddc189127dfe048ced80e6b5e396:not(.mode-masonry) article.visible.first:not(.product) {\n  margin-top: 0;\n}\n.blog-shortcode.blog-masonry-shortcode-id-5dedddc189127dfe048ced80e6b5e396.dividers-on:not(.mode-masonry) article {\n  margin-top: 0;\n}\n.blog-shortcode.blog-masonry-shortcode-id-5dedddc189127dfe048ced80e6b5e396.dividers-on:not(.mode-masonry) article:first-of-type,\n.blog-shortcode.blog-masonry-shortcode-id-5dedddc189127dfe048ced80e6b5e396.dividers-on:not(.mode-masonry) article.visible.first:not(.product) {\n  margin-top: 0;\n  padding-top: 0;\n}\n.blog-shortcode.blog-masonry-shortcode-id-5dedddc189127dfe048ced80e6b5e396 .post-thumbnail-wrap {\n  padding: 0px 0px 0px 0px;\n}\n.blog-shortcode.blog-masonry-shortcode-id-5dedddc189127dfe048ced80e6b5e396.enable-bg-rollover .post-thumbnail-rollover:after {\n  background: -webkit-linear-gradient();\n  background: linear-gradient();\n}\n.blog-shortcode.blog-masonry-shortcode-id-5dedddc189127dfe048ced80e6b5e396 .gallery-zoom-ico {\n  width: 44px;\n  height: 44px;\n  line-height: 44px;\n  border-radius: 100px;\n  margin: -22px 0 0 -22px;\n  border-width: 0px;\n  color: #ffffff;\n}\n.bottom-overlap-layout-list.blog-shortcode.blog-masonry-shortcode-id-5dedddc189127dfe048ced80e6b5e396 .gallery-zoom-ico {\n  margin-top: -72px;\n}\n.gradient-overlay-layout-list.blog-shortcode.blog-masonry-shortcode-id-5dedddc189127dfe048ced80e6b5e396 .gallery-zoom-ico,\n.content-rollover-layout-list.blog-shortcode.blog-masonry-shortcode-id-5dedddc189127dfe048ced80e6b5e396 .gallery-zoom-ico {\n  margin: 0 0 10px;\n}\n.content-align-center.gradient-overlay-layout-list.blog-shortcode.blog-masonry-shortcode-id-5dedddc189127dfe048ced80e6b5e396 .gallery-zoom-ico,\n.content-align-center.content-rollover-layout-list.blog-shortcode.blog-masonry-shortcode-id-5dedddc189127dfe048ced80e6b5e396 .gallery-zoom-ico {\n  margin: 0 auto 10px;\n}\n.dt-icon-bg-on.blog-shortcode.blog-masonry-shortcode-id-5dedddc189127dfe048ced80e6b5e396 .gallery-zoom-ico {\n  background: rgba(255,255,255,0.3);\n  box-shadow: none;\n}\n.blog-shortcode.blog-masonry-shortcode-id-5dedddc189127dfe048ced80e6b5e396 .gallery-zoom-ico > span,\n.blog-shortcode.blog-masonry-shortcode-id-5dedddc189127dfe048ced80e6b5e396 .gallery-zoom-ico:before {\n  font-size: 32px;\n  line-height: 44px;\n}\n.blog-shortcode.blog-masonry-shortcode-id-5dedddc189127dfe048ced80e6b5e396 .gallery-zoom-ico > span,\n.blog-shortcode.blog-masonry-shortcode-id-5dedddc189127dfe048ced80e6b5e396 .gallery-zoom-ico:before {\n  color: #ffffff;\n}\n.blog-shortcode.blog-masonry-shortcode-id-5dedddc189127dfe048ced80e6b5e396 .fancy-date a .entry-month:after,\n.blog-shortcode.blog-masonry-shortcode-id-5dedddc189127dfe048ced80e6b5e396 .fancy-date a .entry-date:after {\n  background: #092480;\n  box-shadow: none;\n}\n.blog-shortcode.blog-masonry-shortcode-id-5dedddc189127dfe048ced80e6b5e396 .entry-title,\n.blog-shortcode.blog-masonry-shortcode-id-5dedddc189127dfe048ced80e6b5e396.owl-carousel .entry-title {\n  margin-bottom: 5px;\n  font-weight: bold;\n}\n.blog-shortcode.blog-masonry-shortcode-id-5dedddc189127dfe048ced80e6b5e396 .entry-meta {\n  margin-bottom: 15px;\n}\n.blog-shortcode.blog-masonry-shortcode-id-5dedddc189127dfe048ced80e6b5e396 .portfolio-categories {\n  margin-bottom: 15px;\n}\n.blog-shortcode.blog-masonry-shortcode-id-5dedddc189127dfe048ced80e6b5e396 .entry-excerpt {\n  margin-bottom: 5px;\n}\n.blog-shortcode.blog-masonry-shortcode-id-5dedddc189127dfe048ced80e6b5e396:not(.centered-layout-list) .post-entry-content {\n  padding: 15px 20px 20px 20px;\n}\n.blog-shortcode.blog-masonry-shortcode-id-5dedddc189127dfe048ced80e6b5e396:not(.centered-layout-list):not(.content-bg-on):not(.mode-list) .no-img .post-entry-content {\n  padding: 0;\n}\n.blog-shortcode.blog-masonry-shortcode-id-5dedddc189127dfe048ced80e6b5e396.content-bg-on:not(.classic-layout-list):not(.centered-layout-list) .post-entry-content {\n  background: #e6e6e6;\n  box-shadow: none;\n}\n@media screen and (max-width: ) {\n  .blog-shortcode.blog-masonry-shortcode-id-5dedddc189127dfe048ced80e6b5e396 article {\n    -ms-flex-flow: column nowrap;\n    flex-flow: column nowrap;\n    margin-top: 20px;\n  }\n  .blog-shortcode.blog-masonry-shortcode-id-5dedddc189127dfe048ced80e6b5e396.dividers-on article {\n    border: none;\n  }\n  .blog-shortcode.blog-masonry-shortcode-id-5dedddc189127dfe048ced80e6b5e396.content-bg-on.centered-layout-list article {\n    padding: 0;\n  }\n  .blog-shortcode.blog-masonry-shortcode-id-5dedddc189127dfe048ced80e6b5e396.blog-shortcode.dividers-on article,\n  .blog-shortcode.blog-masonry-shortcode-id-5dedddc189127dfe048ced80e6b5e396.dividers-on.classic-layout-list article {\n    margin-top: 20px;\n    padding: 0;\n  }\n  .blog-shortcode.blog-masonry-shortcode-id-5dedddc189127dfe048ced80e6b5e396.blog-shortcode.dividers-on article:first-of-type,\n  .blog-shortcode.blog-masonry-shortcode-id-5dedddc189127dfe048ced80e6b5e396.dividers-on.classic-layout-list article:first-of-type {\n    padding: 0;\n  }\n  #page .blog-shortcode.blog-masonry-shortcode-id-5dedddc189127dfe048ced80e6b5e396 .post-thumbnail-wrap,\n  #page .blog-shortcode.blog-masonry-shortcode-id-5dedddc189127dfe048ced80e6b5e396 .post-entry-content {\n    width: 100%;\n    margin: 0;\n    top: 0;\n  }\n  #page .blog-shortcode.blog-masonry-shortcode-id-5dedddc189127dfe048ced80e6b5e396 .post-thumbnail-wrap {\n    padding: 0;\n  }\n  #page .blog-shortcode.blog-masonry-shortcode-id-5dedddc189127dfe048ced80e6b5e396 .post-entry-content:after {\n    display: none;\n  }\n  #page .blog-shortcode.blog-masonry-shortcode-id-5dedddc189127dfe048ced80e6b5e396 .project-even .post-thumbnail-wrap,\n  #page .blog-shortcode.blog-masonry-shortcode-id-5dedddc189127dfe048ced80e6b5e396.centered-layout-list .post-thumbnail-wrap {\n    -ms-flex-order: 0;\n    order: 0;\n  }\n  #page .blog-shortcode.blog-masonry-shortcode-id-5dedddc189127dfe048ced80e6b5e396.centered-layout-list .post-entry-title-content {\n    -ms-flex-order: 1;\n    order: 1;\n    width: 100%;\n    padding: 20px 20px 0;\n  }\n  #page .blog-shortcode.blog-masonry-shortcode-id-5dedddc189127dfe048ced80e6b5e396.centered-layout-list .post-entry-content {\n    -ms-flex-order: 2;\n    order: 2;\n    padding-top: 0;\n  }\n  #page .blog-shortcode.blog-masonry-shortcode-id-5dedddc189127dfe048ced80e6b5e396 .fancy-categories {\n    top: 10px;\n    left: 10px;\n    bottom: auto;\n    right: auto;\n  }\n  #page .blog-shortcode.blog-masonry-shortcode-id-5dedddc189127dfe048ced80e6b5e396 .fancy-date a {\n    top: 10px;\n    right: 10px;\n    left: auto;\n    bottom: auto;\n  }\n  #page .blog-shortcode.blog-masonry-shortcode-id-5dedddc189127dfe048ced80e6b5e396 .post-entry-content {\n    padding: 20px;\n  }\n  #page .blog-shortcode.blog-masonry-shortcode-id-5dedddc189127dfe048ced80e6b5e396 .entry-title {\n    margin: 3px 0 5px;\n    font-size: 20px;\n    line-height: 26px;\n  }\n  #page .blog-shortcode.blog-masonry-shortcode-id-5dedddc189127dfe048ced80e6b5e396 .entry-meta {\n    margin: 5px 0 5px;\n  }\n  #page .blog-shortcode.blog-masonry-shortcode-id-5dedddc189127dfe048ced80e6b5e396 .entry-excerpt {\n    margin: 15px 0 0;\n  }\n  #page .blog-shortcode.blog-masonry-shortcode-id-5dedddc189127dfe048ced80e6b5e396 .post-details {\n    margin: 5px 0 10px;\n  }\n  #page .blog-shortcode.blog-masonry-shortcode-id-5dedddc189127dfe048ced80e6b5e396 .post-details.details-type-link {\n    margin-bottom: 2px;\n  }\n}\n.blog-shortcode.blog-masonry-shortcode-id-5dedddc189127dfe048ced80e6b5e396:not(.resize-by-browser-width) .dt-css-grid {\n  grid-row-gap: 50px;\n  grid-column-gap: 50px;\n  grid-template-columns: repeat(auto-fill,minmax(,1fr));\n}\n.blog-shortcode.blog-masonry-shortcode-id-5dedddc189127dfe048ced80e6b5e396:not(.resize-by-browser-width) .dt-css-grid .double-width {\n  grid-column: span 2;\n}\n.cssgridlegacy.no-cssgrid .blog-shortcode.blog-masonry-shortcode-id-5dedddc189127dfe048ced80e6b5e396:not(.resize-by-browser-width) .dt-css-grid,\n.no-cssgridlegacy.no-cssgrid .blog-shortcode.blog-masonry-shortcode-id-5dedddc189127dfe048ced80e6b5e396:not(.resize-by-browser-width) .dt-css-grid {\n  display: flex;\n  flex-flow: row wrap;\n  margin: -25px;\n}\n.cssgridlegacy.no-cssgrid .blog-shortcode.blog-masonry-shortcode-id-5dedddc189127dfe048ced80e6b5e396:not(.resize-by-browser-width) .dt-css-grid .wf-cell,\n.no-cssgridlegacy.no-cssgrid .blog-shortcode.blog-masonry-shortcode-id-5dedddc189127dfe048ced80e6b5e396:not(.resize-by-browser-width) .dt-css-grid .wf-cell {\n  flex: 1 0 ;\n  max-width: 100%;\n  padding: 25px;\n  box-sizing: border-box;\n}\n.blog-shortcode.blog-masonry-shortcode-id-5dedddc189127dfe048ced80e6b5e396.resize-by-browser-width .dt-css-grid {\n  grid-template-columns: repeat(1,1fr);\n  grid-template-rows: auto;\n  grid-column-gap: 50px;\n  grid-row-gap: 50px;\n}\n.blog-shortcode.blog-masonry-shortcode-id-5dedddc189127dfe048ced80e6b5e396.resize-by-browser-width .dt-css-grid .double-width {\n  grid-column: span 2;\n}\n.cssgridlegacy.no-cssgrid .blog-shortcode.blog-masonry-shortcode-id-5dedddc189127dfe048ced80e6b5e396.resize-by-browser-width .dt-css-grid {\n  margin: -25px;\n}\n.cssgridlegacy.no-cssgrid .blog-shortcode.blog-masonry-shortcode-id-5dedddc189127dfe048ced80e6b5e396.resize-by-browser-width .dt-css-grid .wf-cell {\n  width: 100%;\n  padding: 25px;\n}\n.cssgridlegacy.no-cssgrid .blog-shortcode.blog-masonry-shortcode-id-5dedddc189127dfe048ced80e6b5e396.resize-by-browser-width .dt-css-grid .wf-cell.double-width {\n  width: calc(100%) * 2;\n}\n.blog-shortcode.blog-masonry-shortcode-id-5dedddc189127dfe048ced80e6b5e396.resize-by-browser-width:not(.centered-layout-list):not(.content-bg-on) .dt-css-grid {\n  grid-row-gap: 30px;\n}\n@media screen and (max-width: 1199px) {\n  .blog-shortcode.blog-masonry-shortcode-id-5dedddc189127dfe048ced80e6b5e396.resize-by-browser-width .dt-css-grid {\n    grid-template-columns: repeat(1,1fr);\n  }\n  .cssgridlegacy.no-cssgrid .blog-shortcode.blog-masonry-shortcode-id-5dedddc189127dfe048ced80e6b5e396.resize-by-browser-width .dt-css-grid .wf-cell,\n  .no-cssgridlegacy.no-cssgrid .blog-shortcode.blog-masonry-shortcode-id-5dedddc189127dfe048ced80e6b5e396.resize-by-browser-width .dt-css-grid .wf-cell {\n    width: 100%;\n  }\n  .cssgridlegacy.no-cssgrid .blog-shortcode.blog-masonry-shortcode-id-5dedddc189127dfe048ced80e6b5e396.resize-by-browser-width .dt-css-grid .wf-cell.double-width,\n  .no-cssgridlegacy.no-cssgrid .blog-shortcode.blog-masonry-shortcode-id-5dedddc189127dfe048ced80e6b5e396.resize-by-browser-width .dt-css-grid .wf-cell.double-width {\n    width: calc(100%)*2;\n  }\n}\n@media screen and (max-width: 991px) {\n  .blog-shortcode.blog-masonry-shortcode-id-5dedddc189127dfe048ced80e6b5e396.resize-by-browser-width .dt-css-grid {\n    grid-template-columns: repeat(1,1fr);\n  }\n  .cssgridlegacy.no-cssgrid .blog-shortcode.blog-masonry-shortcode-id-5dedddc189127dfe048ced80e6b5e396.resize-by-browser-width .dt-css-grid .wf-cell,\n  .no-cssgridlegacy.no-cssgrid .blog-shortcode.blog-masonry-shortcode-id-5dedddc189127dfe048ced80e6b5e396.resize-by-browser-width .dt-css-grid .wf-cell {\n    width: 100%;\n  }\n  .cssgridlegacy.no-cssgrid .blog-shortcode.blog-masonry-shortcode-id-5dedddc189127dfe048ced80e6b5e396.resize-by-browser-width .dt-css-grid .wf-cell.double-width,\n  .no-cssgridlegacy.no-cssgrid .blog-shortcode.blog-masonry-shortcode-id-5dedddc189127dfe048ced80e6b5e396.resize-by-browser-width .dt-css-grid .wf-cell.double-width {\n    width: calc(100%)*2;\n  }\n}\n@media screen and (max-width: 767px) {\n  .blog-shortcode.blog-masonry-shortcode-id-5dedddc189127dfe048ced80e6b5e396.resize-by-browser-width .dt-css-grid {\n    grid-template-columns: repeat(1,1fr);\n  }\n  .blog-shortcode.blog-masonry-shortcode-id-5dedddc189127dfe048ced80e6b5e396.resize-by-browser-width .dt-css-grid .double-width {\n    grid-column: span 1;\n  }\n  .cssgridlegacy.no-cssgrid .blog-shortcode.blog-masonry-shortcode-id-5dedddc189127dfe048ced80e6b5e396.resize-by-browser-width .dt-css-grid .wf-cell,\n  .no-cssgridlegacy.no-cssgrid .blog-shortcode.blog-masonry-shortcode-id-5dedddc189127dfe048ced80e6b5e396.resize-by-browser-width .dt-css-grid .wf-cell {\n    width: 100%;\n  }\n  .cssgridlegacy.no-cssgrid .blog-shortcode.blog-masonry-shortcode-id-5dedddc189127dfe048ced80e6b5e396.resize-by-browser-width .dt-css-grid .wf-cell.double-width,\n  .no-cssgridlegacy.no-cssgrid .blog-shortcode.blog-masonry-shortcode-id-5dedddc189127dfe048ced80e6b5e396.resize-by-browser-width .dt-css-grid .wf-cell.double-width {\n    width: calc(100%)*2;\n  }\n}<\/style><div class=\"blog-shortcode blog-masonry-shortcode-id-5dedddc189127dfe048ced80e6b5e396 mode-grid classic-layout-list content-bg-on jquery-filter vertical-fancy-style scale-img dt-css-grid-wrap dt-icon-bg-off resize-by-browser-width loading-effect-none description-under-image \" data-padding=\"25px\" data-cur-page=\"1\" data-post-limit=\"2\" data-pagination-mode=\"load-more\" aria-live=\"assertive\" data-desktop-columns-num=\"1\" data-v-tablet-columns-num=\"1\" data-h-tablet-columns-num=\"1\" data-phone-columns-num=\"1\" data-width=\"0px\" data-columns=\"0\"><div class=\"dt-css-grid\" ><div class=\"visible wf-cell\" data-post-id=\"106920\" data-date=\"2024-09-11T09:56:48+00:00\" data-name=\"\ud83c\udfac Am Tag der Wohnungslosen: Berlin Bytch Love (Darling Berlin) im Babylon Mitte\"><article class=\"post project-odd visible post-106920 type-post status-publish format-standard has-post-thumbnail hentry category-darling-berlin category-film category-filmvertrieb-de category-kino category-news category-weltvertrieb tag-arbeitskreis-wohnungsnot-berlin tag-babylon tag-berlin tag-berlin-bytch-love tag-betteln tag-darling-berlin tag-dokumentarfilm tag-flaschensammeln tag-goerlitzer-park tag-heiko-aufdermauer tag-johannes-girke-de tag-obdachlos tag-tag-der-wohnungslosen tag-ueberlebenskampf category-830 category-8 category-15325 category-10 category-13 category-7528\" data-name=\"\ud83c\udfac Am Tag der Wohnungslosen: Berlin Bytch Love (Darling Berlin) im Babylon Mitte\" data-date=\"2024-09-11T09:56:48+00:00\">\n\n<div class=\"post-thumbnail-wrap\">\n\t<div class=\"post-thumbnail\">\n\t\t\n\t\t\n\t\t<a href=\"https:\/\/ucm.one\/de\/am-tag-der-wohnungslosen-berlin-bytch-love-darling-berlin-im-babylon-mitte\/\" class=\"post-thumbnail-rollover layzr-bg layzr-bg\" ><img decoding=\"async\" class=\"iso-lazy-load preload-me iso-lazy-load aspect\" src=\"data:image\/svg+xml,%3Csvg%20xmlns%3D&#39;http%3A%2F%2Fwww.w3.org%2F2000%2Fsvg&#39;%20viewBox%3D&#39;0%200%20990%20309&#39;%2F%3E\" data-src=\"https:\/\/ucm.one\/wp-content\/uploads\/2024\/09\/B-Berlin-Bytch-Love-Tag-der-Wohznungslosen--990x309.jpg\" data-srcset=\"https:\/\/ucm.one\/wp-content\/uploads\/2024\/09\/B-Berlin-Bytch-Love-Tag-der-Wohznungslosen--990x309.jpg 990w, https:\/\/ucm.one\/wp-content\/uploads\/2024\/09\/B-Berlin-Bytch-Love-Tag-der-Wohznungslosen--1485x464.jpg 1485w\" loading=\"eager\" style=\"--ratio: 990 \/ 309\" sizes=\"(max-width: 990px) 100vw, 990px\" alt=\"\" title=\"B Berlin Bytch Love &#8211; Tag der Wohznungslosen\" width=\"990\" height=\"309\"  \/><\/a>\t<\/div>\n<\/div>\n\n\n<div class=\"post-entry-content\">\n\n\t<h3 class=\"entry-title\">\n\t\t<a href=\"https:\/\/ucm.one\/de\/am-tag-der-wohnungslosen-berlin-bytch-love-darling-berlin-im-babylon-mitte\/\" title=\"\ud83c\udfac Am Tag der Wohnungslosen: Berlin Bytch Love (Darling Berlin) im Babylon Mitte\" rel=\"bookmark\">\ud83c\udfac Am Tag der Wohnungslosen: Berlin Bytch Love (Darling Berlin) im Babylon Mitte<\/a>\n\t<\/h3>\n\n\t<div class=\"entry-meta\"><span class=\"category-link\"><a href=\"https:\/\/ucm.one\/de\/category\/news\/film\/darling-berlin\/\" >Darling Berlin<\/a>, <a href=\"https:\/\/ucm.one\/de\/category\/news\/film\/\" >Film<\/a>, <a href=\"https:\/\/ucm.one\/de\/category\/news\/vertrieb-von-medien-de\/filmvertrieb-de\/\" >Filmvertrieb<\/a>, <a href=\"https:\/\/ucm.one\/de\/category\/news\/kino\/\" >Kino<\/a>, <a href=\"https:\/\/ucm.one\/de\/category\/news\/\" >News<\/a>, <a href=\"https:\/\/ucm.one\/de\/category\/news\/verleih\/weltvertrieb\/\" >Weltvertrieb<\/a><\/span><\/div>\n\t<div class=\"entry-excerpt\"><p>[vc_row][vc_column][vc_column_text css=&#8220;&#8220;] Am Tag der Wohnungslosen am 11.September zeigt das Kino Babylon heute um 18 Uhr in Kooperation mit UCM.ONE und dem Arbeitskreis Wohnungsnot Berlin den Dokumentarfilm *Berlin Bytch Love* (Darling Berlin, Regie: Heiko Aufdermauer und Johannes Girke). [\/vc_column_text][\/vc_column][\/vc_row][vc_row][vc_column width=&#8220;3\/4&#8243;][vc_row_inner][vc_column_inner][vc_column_text]&#8220;Berlin Bytch Love&#8220; entstand unter der Regie von Heiko Aufdermauer und Johannes Girke, die es sich&hellip;<\/p>\n<\/div>\n\t\n<a href=\"https:\/\/ucm.one\/de\/am-tag-der-wohnungslosen-berlin-bytch-love-darling-berlin-im-babylon-mitte\/\" class=\"post-details details-type-link\" aria-label=\"Read more about \ud83c\udfac Am Tag der Wohnungslosen: Berlin Bytch Love (Darling Berlin) im Babylon Mitte\">Mehr lesen<i class=\"dt-icon-the7-arrow-03\" aria-hidden=\"true\"><\/i><\/a>\n\n<\/div><\/article><\/div><div class=\"visible wf-cell\" data-post-id=\"102080\" data-date=\"2024-03-01T14:51:37+00:00\" data-name=\"\ud83c\udfac \u201eBerlin Bytch Love\u201c (Darling Berlin) feierte Kinostartpremiere im Kino Krokodil in Berlin\"><article class=\"post project-odd visible post-102080 type-post status-publish format-standard has-post-thumbnail hentry category-darling-berlin category-film category-filmvertrieb-de category-kino category-news category-weltvertrieb tag-berlin tag-berlin-bytch-love tag-betteln tag-darling-berlin tag-dokumentarfilm tag-flaschensammeln tag-goerlitzer-park tag-heiko-aufdermauer tag-johannes-girke-de tag-krokodil tag-obdachlos tag-ueberlebenskampf category-830 category-8 category-15325 category-10 category-13 category-7528\" data-name=\"\ud83c\udfac \u201eBerlin Bytch Love\u201c (Darling Berlin) feierte Kinostartpremiere im Kino Krokodil in Berlin\" data-date=\"2024-03-01T14:51:37+00:00\">\n\n<div class=\"post-thumbnail-wrap\">\n\t<div class=\"post-thumbnail\">\n\t\t\n\t\t\n\t\t<a href=\"https:\/\/ucm.one\/de\/berlin-bytch-love-darling-berlin-feierte-kinostartpremiere-im-kino-krokodil-in-berlin\/\" class=\"post-thumbnail-rollover layzr-bg layzr-bg\" ><img decoding=\"async\" class=\"iso-lazy-load preload-me iso-lazy-load aspect\" src=\"data:image\/svg+xml,%3Csvg%20xmlns%3D&#39;http%3A%2F%2Fwww.w3.org%2F2000%2Fsvg&#39;%20viewBox%3D&#39;0%200%20990%20309&#39;%2F%3E\" data-src=\"https:\/\/ucm.one\/wp-content\/uploads\/2024\/03\/B-Berlin-Nytch-Love-Premiere-990x309.jpg\" data-srcset=\"https:\/\/ucm.one\/wp-content\/uploads\/2024\/03\/B-Berlin-Nytch-Love-Premiere-990x309.jpg 990w, https:\/\/ucm.one\/wp-content\/uploads\/2024\/03\/B-Berlin-Nytch-Love-Premiere-1485x464.jpg 1485w\" loading=\"eager\" style=\"--ratio: 990 \/ 309\" sizes=\"(max-width: 990px) 100vw, 990px\" alt=\"\" title=\"B Berlin Nytch Love Premiere\" width=\"990\" height=\"309\"  \/><\/a>\t<\/div>\n<\/div>\n\n\n<div class=\"post-entry-content\">\n\n\t<h3 class=\"entry-title\">\n\t\t<a href=\"https:\/\/ucm.one\/de\/berlin-bytch-love-darling-berlin-feierte-kinostartpremiere-im-kino-krokodil-in-berlin\/\" title=\"\ud83c\udfac \u201eBerlin Bytch Love\u201c (Darling Berlin) feierte Kinostartpremiere im Kino Krokodil in Berlin\" rel=\"bookmark\">\ud83c\udfac \u201eBerlin Bytch Love\u201c (Darling Berlin) feierte Kinostartpremiere im Kino Krokodil in Berlin<\/a>\n\t<\/h3>\n\n\t<div class=\"entry-meta\"><span class=\"category-link\"><a href=\"https:\/\/ucm.one\/de\/category\/news\/film\/darling-berlin\/\" >Darling Berlin<\/a>, <a href=\"https:\/\/ucm.one\/de\/category\/news\/film\/\" >Film<\/a>, <a href=\"https:\/\/ucm.one\/de\/category\/news\/vertrieb-von-medien-de\/filmvertrieb-de\/\" >Filmvertrieb<\/a>, <a href=\"https:\/\/ucm.one\/de\/category\/news\/kino\/\" >Kino<\/a>, <a href=\"https:\/\/ucm.one\/de\/category\/news\/\" >News<\/a>, <a href=\"https:\/\/ucm.one\/de\/category\/news\/verleih\/weltvertrieb\/\" >Weltvertrieb<\/a><\/span><\/div>\n\t<div class=\"entry-excerpt\"><p>[vc_row][vc_column][vc_column_text] Der Dokumentarfilm &#8222;Berlin Bytch Love&#8220; von Heiko Aufdermauer und Johannes Girke feierte am 29.02.2024 im renommierten Berliner Programmkino \u201cKrokodil\u201d im Prenzlauer Berg Kinostartpremiere. Der Filmauff\u00fchrung folgte ein Filmgespr\u00e4ch, in welchem die Filmemacher und die Protagonistin Sophie Einblicke in die Entstehung des Films gaben und sich den Fragen des zahlreich erschienenen Publikums stellten. [\/vc_column_text][\/vc_column][\/vc_row][vc_row][vc_column width=&#8220;3\/4&#8243;][vc_row_inner][vc_column_inner][vc_column_text]Zwei&hellip;<\/p>\n<\/div>\n\t\n<a href=\"https:\/\/ucm.one\/de\/berlin-bytch-love-darling-berlin-feierte-kinostartpremiere-im-kino-krokodil-in-berlin\/\" class=\"post-details details-type-link\" aria-label=\"Read more about \ud83c\udfac \u201eBerlin Bytch Love\u201c (Darling Berlin) feierte Kinostartpremiere im Kino Krokodil in Berlin\">Mehr lesen<i class=\"dt-icon-the7-arrow-03\" aria-hidden=\"true\"><\/i><\/a>\n\n<\/div><\/article><\/div><div class=\"hidden wf-cell\" data-post-id=\"101981\" data-date=\"2024-02-29T10:38:54+00:00\" data-name=\"\ud83c\udfac \u201eBerlin Bytch Love\u201c (Darling Berlin) ab heute bundesweit im Kino zu sehen\"><article class=\"post project-odd visible post-101981 type-post status-publish format-standard has-post-thumbnail hentry category-darling-berlin category-film category-filmvertrieb-de category-kino category-news category-weltvertrieb tag-berlin tag-berlin-bytch-love tag-betteln tag-darling-berlin tag-dokumentarfilm tag-flaschensammeln tag-goerlitzer-park tag-heiko-aufdermauer tag-johannes-girke-de tag-obdachlos tag-ueberlebenskampf category-830 category-8 category-15325 category-10 category-13 category-7528\" data-name=\"\ud83c\udfac \u201eBerlin Bytch Love\u201c (Darling Berlin) ab heute bundesweit im Kino zu sehen\" data-date=\"2024-02-29T10:38:54+00:00\">\n\n<div class=\"post-thumbnail-wrap\">\n\t<div class=\"post-thumbnail\">\n\t\t\n\t\t\n\t\t<a href=\"https:\/\/ucm.one\/de\/berlin-bytch-love-darling-berlin-ab-heute-bundesweit-im-kino-zu-sehen\/\" class=\"post-thumbnail-rollover layzr-bg layzr-bg\" ><img decoding=\"async\" class=\"iso-lazy-load preload-me iso-lazy-load aspect\" src=\"data:image\/svg+xml,%3Csvg%20xmlns%3D&#39;http%3A%2F%2Fwww.w3.org%2F2000%2Fsvg&#39;%20viewBox%3D&#39;0%200%20990%20309&#39;%2F%3E\" data-src=\"https:\/\/ucm.one\/wp-content\/uploads\/2024\/02\/B-Berlin-Bsytch-Love-Kinopremiere-990x309.jpg\" data-srcset=\"https:\/\/ucm.one\/wp-content\/uploads\/2024\/02\/B-Berlin-Bsytch-Love-Kinopremiere-990x309.jpg 990w, https:\/\/ucm.one\/wp-content\/uploads\/2024\/02\/B-Berlin-Bsytch-Love-Kinopremiere-1485x464.jpg 1485w\" loading=\"eager\" style=\"--ratio: 990 \/ 309\" sizes=\"(max-width: 990px) 100vw, 990px\" alt=\"\" title=\"B Berlin Bsytch Love Kinopremiere\" width=\"990\" height=\"309\"  \/><\/a>\t<\/div>\n<\/div>\n\n\n<div class=\"post-entry-content\">\n\n\t<h3 class=\"entry-title\">\n\t\t<a href=\"https:\/\/ucm.one\/de\/berlin-bytch-love-darling-berlin-ab-heute-bundesweit-im-kino-zu-sehen\/\" title=\"\ud83c\udfac \u201eBerlin Bytch Love\u201c (Darling Berlin) ab heute bundesweit im Kino zu sehen\" rel=\"bookmark\">\ud83c\udfac \u201eBerlin Bytch Love\u201c (Darling Berlin) ab heute bundesweit im Kino zu sehen<\/a>\n\t<\/h3>\n\n\t<div class=\"entry-meta\"><span class=\"category-link\"><a href=\"https:\/\/ucm.one\/de\/category\/news\/film\/darling-berlin\/\" >Darling Berlin<\/a>, <a href=\"https:\/\/ucm.one\/de\/category\/news\/film\/\" >Film<\/a>, <a href=\"https:\/\/ucm.one\/de\/category\/news\/vertrieb-von-medien-de\/filmvertrieb-de\/\" >Filmvertrieb<\/a>, <a href=\"https:\/\/ucm.one\/de\/category\/news\/kino\/\" >Kino<\/a>, <a href=\"https:\/\/ucm.one\/de\/category\/news\/\" >News<\/a>, <a href=\"https:\/\/ucm.one\/de\/category\/news\/verleih\/weltvertrieb\/\" >Weltvertrieb<\/a><\/span><\/div>\n\t<div class=\"entry-excerpt\"><p>[vc_row][vc_column][vc_column_text] Ab heute ist \u201eBerlin Bytch Love\u201c bundesweit in ausgew\u00e4hlten Kino zu sehen. Zudem feiert der Dokumentarfilm auf dem Filmlabel Darling Berlin seine Kinostartpremiere im Berliner Kino Krokodil. Der Film wirft einen ungesch\u00f6nten Blick auf das Leben von Sophie (15) und Dominik (17), die seit einem halben Jahr auf den Stra\u00dfen rund um den Berliner&hellip;<\/p>\n<\/div>\n\t\n<a href=\"https:\/\/ucm.one\/de\/berlin-bytch-love-darling-berlin-ab-heute-bundesweit-im-kino-zu-sehen\/\" class=\"post-details details-type-link\" aria-label=\"Read more about \ud83c\udfac \u201eBerlin Bytch Love\u201c (Darling Berlin) ab heute bundesweit im Kino zu sehen\">Mehr lesen<i class=\"dt-icon-the7-arrow-03\" aria-hidden=\"true\"><\/i><\/a>\n\n<\/div><\/article><\/div><div class=\"hidden wf-cell\" data-post-id=\"101885\" data-date=\"2024-01-12T21:30:09+00:00\" data-name=\"\ud83c\udfac Der Dokumentarfilm &quot;Berlin Bytch Love\u201c (Darling Berlin) wird am 29. Februar 2024 seinen deutschen Kinostart feiern\"><article class=\"post project-odd visible post-101885 type-post status-publish format-standard has-post-thumbnail hentry category-film category-filmvertrieb-de category-kino category-news category-weltvertrieb tag-berlin tag-berlin-bytch-love tag-betteln tag-darling-berlin tag-dokumentarfilm tag-flaschensammeln tag-goerlitzer-park tag-heiko-aufdermauer tag-johannes-girke-de tag-obdachlos tag-ueberlebenskampf category-8 category-15325 category-10 category-13 category-7528\" data-name=\"\ud83c\udfac Der Dokumentarfilm &#8222;Berlin Bytch Love\u201c (Darling Berlin) wird am 29. Februar 2024 seinen deutschen Kinostart feiern\" data-date=\"2024-01-12T21:30:09+00:00\">\n\n<div class=\"post-thumbnail-wrap\">\n\t<div class=\"post-thumbnail\">\n\t\t\n\t\t\n\t\t<a href=\"https:\/\/ucm.one\/de\/der-dokumentarfilm-berlin-bytch-love-darling-berlin-wird-am-29-februar-2024-seinen-deutschen-kinostart-feiern\/\" class=\"post-thumbnail-rollover layzr-bg layzr-bg\" ><img decoding=\"async\" class=\"iso-lazy-load preload-me iso-lazy-load aspect\" src=\"data:image\/svg+xml,%3Csvg%20xmlns%3D&#39;http%3A%2F%2Fwww.w3.org%2F2000%2Fsvg&#39;%20viewBox%3D&#39;0%200%20990%20309&#39;%2F%3E\" data-src=\"https:\/\/ucm.one\/wp-content\/uploads\/2024\/02\/BBL-Banner-EFM-990x309.jpg\" data-srcset=\"https:\/\/ucm.one\/wp-content\/uploads\/2024\/02\/BBL-Banner-EFM-990x309.jpg 990w, https:\/\/ucm.one\/wp-content\/uploads\/2024\/02\/BBL-Banner-EFM-1485x464.jpg 1485w\" loading=\"eager\" style=\"--ratio: 990 \/ 309\" sizes=\"(max-width: 990px) 100vw, 990px\" alt=\"\" title=\"BBL Banner EFM\" width=\"990\" height=\"309\"  \/><\/a>\t<\/div>\n<\/div>\n\n\n<div class=\"post-entry-content\">\n\n\t<h3 class=\"entry-title\">\n\t\t<a href=\"https:\/\/ucm.one\/de\/der-dokumentarfilm-berlin-bytch-love-darling-berlin-wird-am-29-februar-2024-seinen-deutschen-kinostart-feiern\/\" title=\"\ud83c\udfac Der Dokumentarfilm &#8222;Berlin Bytch Love\u201c (Darling Berlin) wird am 29. Februar 2024 seinen deutschen Kinostart feiern\" rel=\"bookmark\">\ud83c\udfac Der Dokumentarfilm &#8222;Berlin Bytch Love\u201c (Darling Berlin) wird am 29. Februar 2024 seinen deutschen Kinostart feiern<\/a>\n\t<\/h3>\n\n\t<div class=\"entry-meta\"><span class=\"category-link\"><a href=\"https:\/\/ucm.one\/de\/category\/news\/film\/\" >Film<\/a>, <a href=\"https:\/\/ucm.one\/de\/category\/news\/vertrieb-von-medien-de\/filmvertrieb-de\/\" >Filmvertrieb<\/a>, <a href=\"https:\/\/ucm.one\/de\/category\/news\/kino\/\" >Kino<\/a>, <a href=\"https:\/\/ucm.one\/de\/category\/news\/\" >News<\/a>, <a href=\"https:\/\/ucm.one\/de\/category\/news\/verleih\/weltvertrieb\/\" >Weltvertrieb<\/a><\/span><\/div>\n\t<div class=\"entry-excerpt\"><p>[vc_row][vc_column][vc_column_text] Am 29. Februar 2024 bring UCM.ONE auf dem Label Darling Berlin den Dokumentarfilm &#8222;Berlin Bytch Love&#8220; von Heiko Aufdermauer und Johannes Girke in die deutschen Kinos. Im Film geht es um ein junges Liebespaar (15 und 17 Jahre), das auf den Stra\u00dfen um den Berliner G\u00f6rlitzer Park herum lebt und welches die beiden Filmemacher&hellip;<\/p>\n<\/div>\n\t\n<a href=\"https:\/\/ucm.one\/de\/der-dokumentarfilm-berlin-bytch-love-darling-berlin-wird-am-29-februar-2024-seinen-deutschen-kinostart-feiern\/\" class=\"post-details details-type-link\" aria-label=\"Read more about \ud83c\udfac Der Dokumentarfilm &#8222;Berlin Bytch Love\u201c (Darling Berlin) wird am 29. Februar 2024 seinen deutschen Kinostart feiern\">Mehr lesen<i class=\"dt-icon-the7-arrow-03\" aria-hidden=\"true\"><\/i><\/a>\n\n<\/div><\/article><\/div><div class=\"hidden wf-cell\" data-post-id=\"100711\" data-date=\"2023-05-25T20:15:10+00:00\" data-name=\"\ud83c\udfac &quot;Berlin Bytch Love\u201c (Darling Berlin) nominiert f\u00fcr den Deutschen Dokumentarfilmpreis 2023\"><article class=\"post project-odd visible post-100711 type-post status-publish format-standard has-post-thumbnail hentry category-darling-berlin category-film category-filmvertrieb-de category-kino category-news category-weltvertrieb tag-berlin tag-berlin-bytch-love tag-betteln tag-darling-berlin tag-dokumentarfilm tag-flaschensammeln tag-goerlitzer-park tag-heiko-aufdermauer tag-johannes-girke-de tag-obdachlos tag-ueberlebenskampf category-830 category-8 category-15325 category-10 category-13 category-7528\" data-name=\"\ud83c\udfac &#8222;Berlin Bytch Love\u201c (Darling Berlin) nominiert f\u00fcr den Deutschen Dokumentarfilmpreis 2023\" data-date=\"2023-05-25T20:15:10+00:00\">\n\n<div class=\"post-thumbnail-wrap\">\n\t<div class=\"post-thumbnail\">\n\t\t\n\t\t\n\t\t<a href=\"https:\/\/ucm.one\/de\/berlin-bytch-love-darling-berlin-nominiert-fuer-den-deutschen-dokumentarfilmpreis-2023\/\" class=\"post-thumbnail-rollover layzr-bg layzr-bg\" ><img decoding=\"async\" class=\"iso-lazy-load preload-me iso-lazy-load aspect\" src=\"data:image\/svg+xml,%3Csvg%20xmlns%3D&#39;http%3A%2F%2Fwww.w3.org%2F2000%2Fsvg&#39;%20viewBox%3D&#39;0%200%20990%20309&#39;%2F%3E\" data-src=\"https:\/\/ucm.one\/wp-content\/uploads\/2024\/01\/B-Berlin-Bytch-Love-Deutscher-Dokumentarfilmpreis-2023-990x309.jpg\" data-srcset=\"https:\/\/ucm.one\/wp-content\/uploads\/2024\/01\/B-Berlin-Bytch-Love-Deutscher-Dokumentarfilmpreis-2023-990x309.jpg 990w, https:\/\/ucm.one\/wp-content\/uploads\/2024\/01\/B-Berlin-Bytch-Love-Deutscher-Dokumentarfilmpreis-2023-1485x464.jpg 1485w\" loading=\"eager\" style=\"--ratio: 990 \/ 309\" sizes=\"(max-width: 990px) 100vw, 990px\" alt=\"\" title=\"B Berlin Bytch Love &#8211; Deutscher Dokumentarfilmpreis 2023\" width=\"990\" height=\"309\"  \/><\/a>\t<\/div>\n<\/div>\n\n\n<div class=\"post-entry-content\">\n\n\t<h3 class=\"entry-title\">\n\t\t<a href=\"https:\/\/ucm.one\/de\/berlin-bytch-love-darling-berlin-nominiert-fuer-den-deutschen-dokumentarfilmpreis-2023\/\" title=\"\ud83c\udfac &#8222;Berlin Bytch Love\u201c (Darling Berlin) nominiert f\u00fcr den Deutschen Dokumentarfilmpreis 2023\" rel=\"bookmark\">\ud83c\udfac &#8222;Berlin Bytch Love\u201c (Darling Berlin) nominiert f\u00fcr den Deutschen Dokumentarfilmpreis 2023<\/a>\n\t<\/h3>\n\n\t<div class=\"entry-meta\"><span class=\"category-link\"><a href=\"https:\/\/ucm.one\/de\/category\/news\/film\/darling-berlin\/\" >Darling Berlin<\/a>, <a href=\"https:\/\/ucm.one\/de\/category\/news\/film\/\" >Film<\/a>, <a href=\"https:\/\/ucm.one\/de\/category\/news\/vertrieb-von-medien-de\/filmvertrieb-de\/\" >Filmvertrieb<\/a>, <a href=\"https:\/\/ucm.one\/de\/category\/news\/kino\/\" >Kino<\/a>, <a href=\"https:\/\/ucm.one\/de\/category\/news\/\" >News<\/a>, <a href=\"https:\/\/ucm.one\/de\/category\/news\/verleih\/weltvertrieb\/\" >Weltvertrieb<\/a><\/span><\/div>\n\t<div class=\"entry-excerpt\"><p>[vc_row][vc_column][vc_column_text] &#8222;Berlin Bytch Love\u201c (Darling Berlin), ein Dokumentarfilm von\u00a0Heiko Aufdermauer und Johannes Girke,\u00a0\u00fcber Sophie und Dominik, ein junges obdachloses Paar in Berlin, wurde f\u00fcr den Deutschen Dokumentarfilmpreis 2023 nominiert. Der Film zeigt ihr Leben auf den Stra\u00dfen Berlins, ihre Beziehung und die Herausforderungen, denen sie sich stellen m\u00fcssen. [\/vc_column_text][\/vc_column][\/vc_row][vc_row][vc_column width=&#8220;3\/4&#8243;][vc_row_inner][vc_column_inner][vc_column_text] Die Regie des Films f\u00fchrten&hellip;<\/p>\n<\/div>\n\t\n<a href=\"https:\/\/ucm.one\/de\/berlin-bytch-love-darling-berlin-nominiert-fuer-den-deutschen-dokumentarfilmpreis-2023\/\" class=\"post-details details-type-link\" aria-label=\"Read more about \ud83c\udfac &#8222;Berlin Bytch Love\u201c (Darling Berlin) nominiert f\u00fcr den Deutschen Dokumentarfilmpreis 2023\">Mehr lesen<i class=\"dt-icon-the7-arrow-03\" aria-hidden=\"true\"><\/i><\/a>\n\n<\/div><\/article><\/div><\/div><!-- iso-container|iso-grid --><div class=\"paginator paginator-more-button\">\n\t\t\t\t<a class=\"button-load-more \" href=\"javascript:void(0);\" data-dt-page=\"1\" ><span class=\"stick\"><\/span><span class=\"stick\"><\/span><span class=\"stick\"><\/span><span class=\"button-caption\">Mehr laden<\/span><\/a>\n\t\t\t<\/div><\/div>[\/vc_tta_section][\/vc_tta_accordion][vc_separator][\/vc_column][\/vc_row][vc_row el_id=&#8220;dreamers&#8220; css=&#8220;.vc_custom_1706483476390{padding-top: 80px !important;}&#8220;][vc_column width=&#8220;1\/4&#8243; offset=&#8220;vc_col-lg-offset-0 vc_col-md-offset-0 vc_col-sm-offset-0&#8243;][vc_single_image image=&#8220;101072&#8243; img_size=&#8220;full&#8220; onclick=&#8220;link_image&#8220;][\/vc_column][vc_column width=&#8220;3\/4&#8243;][vc_column_text]<\/p>\n<h2>Dreamers<\/h2>\n<h3>von St\u00e9phanie Barbey &amp; Luc Peter<\/h3>\n<div class=\"wpb_text_column wpb_content_element \">\n<div class=\"wpb_wrapper\">\n<div class=\"wpb_text_column wpb_content_element \">\n<div class=\"wpb_wrapper\">\n<div class=\"wpb_text_column wpb_content_element \">\n<div class=\"wpb_wrapper\">\n<p style=\"font-weight: 400;\">Im Alter von 9 Jahren kam er mit seinen drei Br\u00fcdern und seinen Eltern aus Mexiko illegal nach Chicago. Bis zu seinem 17. Lebensjahr hatte er Aufenthaltsrecht in der USA. Mit seinem 18. Geburtstag \u00e4nderte sich sein Status: In den Augen des Gesetzes ist er seit diesem Zeitpunkt illegal in den USA. Der amerikanische Traum verwandelt sich in einen Alptraum. Der kleinste Fehler kann ihn zur Abschiebung f\u00fchren.<\/p>\n<p>Das Regiepaar\u00a0Stephanie Barbey\u00a0&amp;\u00a0Luc Peter\u00a0haben\u00a0<em>Carlos<\/em>\u00a0und seine Familie \u00fcber mehr als zwei Jahre begleitet und durch sie erlebt was es hei\u00dft, ohne einen legalen Status in der USA zu leben. Die Schwarz-Wei\u00df-Kameraarbeit von\u00a0Nikolai von Graevenitz\u00a0(<em>Deutscher Kamerapreis 2022<\/em>) wurde speziell ausgew\u00e4hlt, um diese Kontraste und Widerspr\u00fcche hervorzuheben und zu betonen, was es bedeutet, im Schatten des US-Rechtssystems zu leben. Sie lassen uns die Glitzerwelt des amerikanischen Traums vergessen und vermitteln, trotz der harten Lebenssituation der Protagonist:innen, Hoffnung auf eine bessere Zukunft.<\/p>\n<h3>Kinostart: 08. Februar 2024<\/h3>\n<\/div>\n<\/div>\n<\/div>\n<\/div>\n<\/div>\n<\/div>\n<p>[\/vc_column_text][\/vc_column][vc_column][vc_row_inner css=&#8220;.vc_custom_1603814225076{padding-top: 0px !important;}&#8220;][vc_column_inner width=&#8220;4\/6&#8243;][vc_column_text]NONFY Documentaries | 2023 | Dokumentarfilm | Schweiz, Deutschland | Original Titel: &#8222;<a title=\"Dreamers (2023) von St\u00e9phanie Barbey und Luc Peter | NONFY Documentaries\" href=\"https:\/\/ucm.one\/de\/dreamers\/\">Dreamers<\/a>&#8222;[\/vc_column_text][\/vc_column_inner][vc_column_inner width=&#8220;1\/6&#8243;][vc_btn title=&#8220;Presse Materialien&#8220; size=&#8220;xs&#8220; align=&#8220;center&#8220; i_icon_fontawesome=&#8220;fas fa-download&#8220; button_block=&#8220;true&#8220; add_icon=&#8220;true&#8220; link=&#8220;url:https%3A%2F%2Fwww.ucm.one%2Fpresse%2Fnf_dreamers.zip|title:Dreamers%20Presskit|rel:nofollow&#8220;][\/vc_column_inner][vc_column_inner width=&#8220;1\/6&#8243;][vc_btn title=&#8220;DCP Trailer&#8220; size=&#8220;xs&#8220; align=&#8220;center&#8220; i_icon_fontawesome=&#8220;fas fa-external-link-alt&#8220; button_block=&#8220;true&#8220; add_icon=&#8220;true&#8220; link=&#8220;url:https%3A%2F%2Fwww.dropbox.com%2Fscl%2Ffo%2Fdog0rs8y00krx8mst3q1r%2Fh%3Frlkey%3Dwxbquhaecv6tngazeflrd762y%26dl%3D0|target:_blank|rel:nofollow&#8220;][\/vc_column_inner][\/vc_row_inner][vc_tta_accordion style=&#8220;modern&#8220; shape=&#8220;square&#8220; c_icon=&#8220;chevron&#8220; active_section=&#8220;33&#8243; no_fill=&#8220;true&#8220; collapsible_all=&#8220;true&#8220;][vc_tta_section title=&#8220;Weitere Informationen&#8220; tab_id=&#8220;1706483436778-7897a967-a437&#8243;][vc_column_text]<\/p>\n<div class=\"wpb_text_column wpb_content_element \">\n<div class=\"wpb_wrapper\">\n<div class=\"wpb_text_column wpb_content_element \">\n<div class=\"wpb_wrapper\">\n<div class=\"wpb_text_column wpb_content_element \">\n<div class=\"wpb_wrapper\">\n<div class=\"wpb_text_column wpb_content_element \">\n<div class=\"wpb_wrapper\">\n<div>\n<div>\n<div class=\"wpb_text_column wpb_content_element \">\n<div class=\"wpb_wrapper\">\n<p id=\"u3084-2\"><strong>Original Titel:\u00a0<\/strong>Dreamers<\/p>\n<p><strong>Regie:\u00a0<\/strong><span lang=\"EN-US\">St\u00e9phanie Barbey, Luc Peter<\/span><\/p>\n<p><strong>Kamera:\u00a0<\/strong><span lang=\"EN-US\">Nikola\u00ef von Graevenitz<\/span><\/p>\n<p><strong>Schnitt:\u00a0<\/strong><span lang=\"EN-US\">Florent Mangeot, Aurique Delannoy<\/span><\/p>\n<p><strong>Ton:\u00a0<\/strong><span lang=\"EN-US\">Masaki Hatsui, Janis Grossmann<\/span><\/p>\n<p><strong>Musik:\u00a0<\/strong><span lang=\"EN-US\">Louis Jucker<\/span><\/p>\n<p>&nbsp;<\/p>\n<p><strong>Produktionsfirmen:\u00a0<\/strong>Intermezzo Films, in Co-Produktion mit Dirk Manthey Film, RTS Radio T\u00e9l\u00e9vision Suisse, SWR\/ARTE<\/p>\n<p><strong>Produzenten:innen:<\/strong>\u00a0Luc Peter, Katia Monla<\/p>\n<p><strong>Co-Produzent:<\/strong>\u00a0Dirk Manthey<\/p>\n<div><\/div>\n<p><strong>Produktionsjahr:\u00a0<\/strong>2023<\/p>\n<p><strong>Genre:<\/strong>\u00a0Dokumentarfilm<\/p>\n<p><strong>L\u00e4nder:<\/strong>\u00a0Schweiz, Deutschland<\/p>\n<p><strong>Drehort:<\/strong>\u00a0Chicago (USA)<\/p>\n<p><strong>Sprachen:<\/strong>\u00a0englisch, spanisch<\/p>\n<p><strong>Untertitel-Versionen:<\/strong>\u00a0d<span lang=\"EN-US\">eutsch, englisch, franz\u00f6sisch<\/span><\/p>\n<p>&nbsp;<\/p>\n<p><strong>L\u00e4nge:<\/strong>\u00a0ca. 84 Min.<\/p>\n<p><strong>FSK: 12<\/strong><\/p>\n<p><strong>Seitenverh\u00e4ltnis \/ Aufl\u00f6sung:\u00a0<\/strong><span lang=\"EN-US\">16:9 \/ 1998\u00d71080 (letterboxed 2,0:1)<\/span><\/p>\n<p><strong>DCP \/ Projektions-mp4:\u00a0<\/strong><span lang=\"EN-US\">DCI 2K F-200 5.1 Surround \/ 1080p24<\/span><\/p>\n<p><strong>Ton:<\/strong>\u00a05.1. Surround<\/p>\n<\/div>\n<\/div>\n<div class=\"vc_separator wpb_content_element vc_separator_align_center vc_sep_width_100 vc_sep_pos_align_center vc_separator_no_text\"><div class=\"gap\" style=\"line-height: 10px; height: 10px;\"><\/div><\/div>\n<\/div>\n<\/div>\n<p>Alle Informationen \u00fcber den Film: <a title=\"Dreamers (2023) von St\u00e9phanie Barbey und Luc Peter | NONFY Documentaries\" href=\"https:\/\/ucm.one\/de\/dreamers\/\">Dreamers<\/a><\/p>\n<\/div>\n<\/div>\n<\/div>\n<\/div>\n<\/div>\n<\/div>\n<\/div>\n<\/div>\n<p>[\/vc_column_text][\/vc_tta_section][vc_tta_section title=&#8220;Trailer&#8220; tab_id=&#8220;1706483436858-18c57eac-4ad3&#8243;][vc_video link=&#8220;https:\/\/youtu.be\/m_id8IG7zTA?si=fSFMn49iTVB-Ay3O&#8220; align=&#8220;center&#8220;][\/vc_tta_section][vc_tta_section title=&#8220;Neuigkeiten&#8220; tab_id=&#8220;1706483436941-290b193c-2db0&#8243;]<style type=\"text\/css\" data-type=\"the7_shortcodes-inline-css\">.blog-shortcode.blog-masonry-shortcode-id-637bd11770726f39457e6ed8f929f12c.content-bg-on.classic-layout-list article {\n  background: #e6e6e6;\n  box-shadow: none;\n}\n.blog-shortcode.blog-masonry-shortcode-id-637bd11770726f39457e6ed8f929f12c.dividers-on.classic-layout-list article {\n  padding-top: 0;\n}\n.blog-shortcode.blog-masonry-shortcode-id-637bd11770726f39457e6ed8f929f12c.dividers-on.classic-layout-list article:first-of-type {\n  margin-top: 0;\n  padding-top: 0;\n}\n.blog-shortcode.blog-masonry-shortcode-id-637bd11770726f39457e6ed8f929f12c.classic-layout-list.mode-list .post-entry-content {\n  width: calc(100% - );\n}\n.blog-shortcode.blog-masonry-shortcode-id-637bd11770726f39457e6ed8f929f12c.classic-layout-list.mode-list .no-img .post-entry-content {\n  width: 100%;\n}\n.blog-shortcode.blog-masonry-shortcode-id-637bd11770726f39457e6ed8f929f12c .filter-bg-decoration .filter-categories a.act {\n  color: #fff;\n}\n.blog-shortcode.blog-masonry-shortcode-id-637bd11770726f39457e6ed8f929f12c:not(.mode-masonry) article:first-of-type,\n.blog-shortcode.blog-masonry-shortcode-id-637bd11770726f39457e6ed8f929f12c:not(.mode-masonry) article.visible.first:not(.product) {\n  margin-top: 0;\n}\n.blog-shortcode.blog-masonry-shortcode-id-637bd11770726f39457e6ed8f929f12c.dividers-on:not(.mode-masonry) article {\n  margin-top: 0;\n}\n.blog-shortcode.blog-masonry-shortcode-id-637bd11770726f39457e6ed8f929f12c.dividers-on:not(.mode-masonry) article:first-of-type,\n.blog-shortcode.blog-masonry-shortcode-id-637bd11770726f39457e6ed8f929f12c.dividers-on:not(.mode-masonry) article.visible.first:not(.product) {\n  margin-top: 0;\n  padding-top: 0;\n}\n.blog-shortcode.blog-masonry-shortcode-id-637bd11770726f39457e6ed8f929f12c .post-thumbnail-wrap {\n  padding: 0px 0px 0px 0px;\n}\n.blog-shortcode.blog-masonry-shortcode-id-637bd11770726f39457e6ed8f929f12c.enable-bg-rollover .post-thumbnail-rollover:after {\n  background: -webkit-linear-gradient();\n  background: linear-gradient();\n}\n.blog-shortcode.blog-masonry-shortcode-id-637bd11770726f39457e6ed8f929f12c .gallery-zoom-ico {\n  width: 44px;\n  height: 44px;\n  line-height: 44px;\n  border-radius: 100px;\n  margin: -22px 0 0 -22px;\n  border-width: 0px;\n  color: #ffffff;\n}\n.bottom-overlap-layout-list.blog-shortcode.blog-masonry-shortcode-id-637bd11770726f39457e6ed8f929f12c .gallery-zoom-ico {\n  margin-top: -72px;\n}\n.gradient-overlay-layout-list.blog-shortcode.blog-masonry-shortcode-id-637bd11770726f39457e6ed8f929f12c .gallery-zoom-ico,\n.content-rollover-layout-list.blog-shortcode.blog-masonry-shortcode-id-637bd11770726f39457e6ed8f929f12c .gallery-zoom-ico {\n  margin: 0 0 10px;\n}\n.content-align-center.gradient-overlay-layout-list.blog-shortcode.blog-masonry-shortcode-id-637bd11770726f39457e6ed8f929f12c .gallery-zoom-ico,\n.content-align-center.content-rollover-layout-list.blog-shortcode.blog-masonry-shortcode-id-637bd11770726f39457e6ed8f929f12c .gallery-zoom-ico {\n  margin: 0 auto 10px;\n}\n.dt-icon-bg-on.blog-shortcode.blog-masonry-shortcode-id-637bd11770726f39457e6ed8f929f12c .gallery-zoom-ico {\n  background: rgba(255,255,255,0.3);\n  box-shadow: none;\n}\n.blog-shortcode.blog-masonry-shortcode-id-637bd11770726f39457e6ed8f929f12c .gallery-zoom-ico > span,\n.blog-shortcode.blog-masonry-shortcode-id-637bd11770726f39457e6ed8f929f12c .gallery-zoom-ico:before {\n  font-size: 32px;\n  line-height: 44px;\n}\n.blog-shortcode.blog-masonry-shortcode-id-637bd11770726f39457e6ed8f929f12c .gallery-zoom-ico > span,\n.blog-shortcode.blog-masonry-shortcode-id-637bd11770726f39457e6ed8f929f12c .gallery-zoom-ico:before {\n  color: #ffffff;\n}\n.blog-shortcode.blog-masonry-shortcode-id-637bd11770726f39457e6ed8f929f12c .fancy-date a .entry-month:after,\n.blog-shortcode.blog-masonry-shortcode-id-637bd11770726f39457e6ed8f929f12c .fancy-date a .entry-date:after {\n  background: #092480;\n  box-shadow: none;\n}\n.blog-shortcode.blog-masonry-shortcode-id-637bd11770726f39457e6ed8f929f12c .entry-title,\n.blog-shortcode.blog-masonry-shortcode-id-637bd11770726f39457e6ed8f929f12c.owl-carousel .entry-title {\n  margin-bottom: 5px;\n  font-weight: bold;\n}\n.blog-shortcode.blog-masonry-shortcode-id-637bd11770726f39457e6ed8f929f12c .entry-meta {\n  margin-bottom: 15px;\n}\n.blog-shortcode.blog-masonry-shortcode-id-637bd11770726f39457e6ed8f929f12c .portfolio-categories {\n  margin-bottom: 15px;\n}\n.blog-shortcode.blog-masonry-shortcode-id-637bd11770726f39457e6ed8f929f12c .entry-excerpt {\n  margin-bottom: 5px;\n}\n.blog-shortcode.blog-masonry-shortcode-id-637bd11770726f39457e6ed8f929f12c:not(.centered-layout-list) .post-entry-content {\n  padding: 15px 20px 20px 20px;\n}\n.blog-shortcode.blog-masonry-shortcode-id-637bd11770726f39457e6ed8f929f12c:not(.centered-layout-list):not(.content-bg-on):not(.mode-list) .no-img .post-entry-content {\n  padding: 0;\n}\n.blog-shortcode.blog-masonry-shortcode-id-637bd11770726f39457e6ed8f929f12c.content-bg-on:not(.classic-layout-list):not(.centered-layout-list) .post-entry-content {\n  background: #e6e6e6;\n  box-shadow: none;\n}\n@media screen and (max-width: ) {\n  .blog-shortcode.blog-masonry-shortcode-id-637bd11770726f39457e6ed8f929f12c article {\n    -ms-flex-flow: column nowrap;\n    flex-flow: column nowrap;\n    margin-top: 20px;\n  }\n  .blog-shortcode.blog-masonry-shortcode-id-637bd11770726f39457e6ed8f929f12c.dividers-on article {\n    border: none;\n  }\n  .blog-shortcode.blog-masonry-shortcode-id-637bd11770726f39457e6ed8f929f12c.content-bg-on.centered-layout-list article {\n    padding: 0;\n  }\n  .blog-shortcode.blog-masonry-shortcode-id-637bd11770726f39457e6ed8f929f12c.blog-shortcode.dividers-on article,\n  .blog-shortcode.blog-masonry-shortcode-id-637bd11770726f39457e6ed8f929f12c.dividers-on.classic-layout-list article {\n    margin-top: 20px;\n    padding: 0;\n  }\n  .blog-shortcode.blog-masonry-shortcode-id-637bd11770726f39457e6ed8f929f12c.blog-shortcode.dividers-on article:first-of-type,\n  .blog-shortcode.blog-masonry-shortcode-id-637bd11770726f39457e6ed8f929f12c.dividers-on.classic-layout-list article:first-of-type {\n    padding: 0;\n  }\n  #page .blog-shortcode.blog-masonry-shortcode-id-637bd11770726f39457e6ed8f929f12c .post-thumbnail-wrap,\n  #page .blog-shortcode.blog-masonry-shortcode-id-637bd11770726f39457e6ed8f929f12c .post-entry-content {\n    width: 100%;\n    margin: 0;\n    top: 0;\n  }\n  #page .blog-shortcode.blog-masonry-shortcode-id-637bd11770726f39457e6ed8f929f12c .post-thumbnail-wrap {\n    padding: 0;\n  }\n  #page .blog-shortcode.blog-masonry-shortcode-id-637bd11770726f39457e6ed8f929f12c .post-entry-content:after {\n    display: none;\n  }\n  #page .blog-shortcode.blog-masonry-shortcode-id-637bd11770726f39457e6ed8f929f12c .project-even .post-thumbnail-wrap,\n  #page .blog-shortcode.blog-masonry-shortcode-id-637bd11770726f39457e6ed8f929f12c.centered-layout-list .post-thumbnail-wrap {\n    -ms-flex-order: 0;\n    order: 0;\n  }\n  #page .blog-shortcode.blog-masonry-shortcode-id-637bd11770726f39457e6ed8f929f12c.centered-layout-list .post-entry-title-content {\n    -ms-flex-order: 1;\n    order: 1;\n    width: 100%;\n    padding: 20px 20px 0;\n  }\n  #page .blog-shortcode.blog-masonry-shortcode-id-637bd11770726f39457e6ed8f929f12c.centered-layout-list .post-entry-content {\n    -ms-flex-order: 2;\n    order: 2;\n    padding-top: 0;\n  }\n  #page .blog-shortcode.blog-masonry-shortcode-id-637bd11770726f39457e6ed8f929f12c .fancy-categories {\n    top: 10px;\n    left: 10px;\n    bottom: auto;\n    right: auto;\n  }\n  #page .blog-shortcode.blog-masonry-shortcode-id-637bd11770726f39457e6ed8f929f12c .fancy-date a {\n    top: 10px;\n    right: 10px;\n    left: auto;\n    bottom: auto;\n  }\n  #page .blog-shortcode.blog-masonry-shortcode-id-637bd11770726f39457e6ed8f929f12c .post-entry-content {\n    padding: 20px;\n  }\n  #page .blog-shortcode.blog-masonry-shortcode-id-637bd11770726f39457e6ed8f929f12c .entry-title {\n    margin: 3px 0 5px;\n    font-size: 20px;\n    line-height: 26px;\n  }\n  #page .blog-shortcode.blog-masonry-shortcode-id-637bd11770726f39457e6ed8f929f12c .entry-meta {\n    margin: 5px 0 5px;\n  }\n  #page .blog-shortcode.blog-masonry-shortcode-id-637bd11770726f39457e6ed8f929f12c .entry-excerpt {\n    margin: 15px 0 0;\n  }\n  #page .blog-shortcode.blog-masonry-shortcode-id-637bd11770726f39457e6ed8f929f12c .post-details {\n    margin: 5px 0 10px;\n  }\n  #page .blog-shortcode.blog-masonry-shortcode-id-637bd11770726f39457e6ed8f929f12c .post-details.details-type-link {\n    margin-bottom: 2px;\n  }\n}\n.blog-shortcode.blog-masonry-shortcode-id-637bd11770726f39457e6ed8f929f12c:not(.resize-by-browser-width) .dt-css-grid {\n  grid-row-gap: 50px;\n  grid-column-gap: 50px;\n  grid-template-columns: repeat(auto-fill,minmax(,1fr));\n}\n.blog-shortcode.blog-masonry-shortcode-id-637bd11770726f39457e6ed8f929f12c:not(.resize-by-browser-width) .dt-css-grid .double-width {\n  grid-column: span 2;\n}\n.cssgridlegacy.no-cssgrid .blog-shortcode.blog-masonry-shortcode-id-637bd11770726f39457e6ed8f929f12c:not(.resize-by-browser-width) .dt-css-grid,\n.no-cssgridlegacy.no-cssgrid .blog-shortcode.blog-masonry-shortcode-id-637bd11770726f39457e6ed8f929f12c:not(.resize-by-browser-width) .dt-css-grid {\n  display: flex;\n  flex-flow: row wrap;\n  margin: -25px;\n}\n.cssgridlegacy.no-cssgrid .blog-shortcode.blog-masonry-shortcode-id-637bd11770726f39457e6ed8f929f12c:not(.resize-by-browser-width) .dt-css-grid .wf-cell,\n.no-cssgridlegacy.no-cssgrid .blog-shortcode.blog-masonry-shortcode-id-637bd11770726f39457e6ed8f929f12c:not(.resize-by-browser-width) .dt-css-grid .wf-cell {\n  flex: 1 0 ;\n  max-width: 100%;\n  padding: 25px;\n  box-sizing: border-box;\n}\n.blog-shortcode.blog-masonry-shortcode-id-637bd11770726f39457e6ed8f929f12c.resize-by-browser-width .dt-css-grid {\n  grid-template-columns: repeat(1,1fr);\n  grid-template-rows: auto;\n  grid-column-gap: 50px;\n  grid-row-gap: 50px;\n}\n.blog-shortcode.blog-masonry-shortcode-id-637bd11770726f39457e6ed8f929f12c.resize-by-browser-width .dt-css-grid .double-width {\n  grid-column: span 2;\n}\n.cssgridlegacy.no-cssgrid .blog-shortcode.blog-masonry-shortcode-id-637bd11770726f39457e6ed8f929f12c.resize-by-browser-width .dt-css-grid {\n  margin: -25px;\n}\n.cssgridlegacy.no-cssgrid .blog-shortcode.blog-masonry-shortcode-id-637bd11770726f39457e6ed8f929f12c.resize-by-browser-width .dt-css-grid .wf-cell {\n  width: 100%;\n  padding: 25px;\n}\n.cssgridlegacy.no-cssgrid .blog-shortcode.blog-masonry-shortcode-id-637bd11770726f39457e6ed8f929f12c.resize-by-browser-width .dt-css-grid .wf-cell.double-width {\n  width: calc(100%) * 2;\n}\n.blog-shortcode.blog-masonry-shortcode-id-637bd11770726f39457e6ed8f929f12c.resize-by-browser-width:not(.centered-layout-list):not(.content-bg-on) .dt-css-grid {\n  grid-row-gap: 30px;\n}\n@media screen and (max-width: 1199px) {\n  .blog-shortcode.blog-masonry-shortcode-id-637bd11770726f39457e6ed8f929f12c.resize-by-browser-width .dt-css-grid {\n    grid-template-columns: repeat(1,1fr);\n  }\n  .cssgridlegacy.no-cssgrid .blog-shortcode.blog-masonry-shortcode-id-637bd11770726f39457e6ed8f929f12c.resize-by-browser-width .dt-css-grid .wf-cell,\n  .no-cssgridlegacy.no-cssgrid .blog-shortcode.blog-masonry-shortcode-id-637bd11770726f39457e6ed8f929f12c.resize-by-browser-width .dt-css-grid .wf-cell {\n    width: 100%;\n  }\n  .cssgridlegacy.no-cssgrid .blog-shortcode.blog-masonry-shortcode-id-637bd11770726f39457e6ed8f929f12c.resize-by-browser-width .dt-css-grid .wf-cell.double-width,\n  .no-cssgridlegacy.no-cssgrid .blog-shortcode.blog-masonry-shortcode-id-637bd11770726f39457e6ed8f929f12c.resize-by-browser-width .dt-css-grid .wf-cell.double-width {\n    width: calc(100%)*2;\n  }\n}\n@media screen and (max-width: 991px) {\n  .blog-shortcode.blog-masonry-shortcode-id-637bd11770726f39457e6ed8f929f12c.resize-by-browser-width .dt-css-grid {\n    grid-template-columns: repeat(1,1fr);\n  }\n  .cssgridlegacy.no-cssgrid .blog-shortcode.blog-masonry-shortcode-id-637bd11770726f39457e6ed8f929f12c.resize-by-browser-width .dt-css-grid .wf-cell,\n  .no-cssgridlegacy.no-cssgrid .blog-shortcode.blog-masonry-shortcode-id-637bd11770726f39457e6ed8f929f12c.resize-by-browser-width .dt-css-grid .wf-cell {\n    width: 100%;\n  }\n  .cssgridlegacy.no-cssgrid .blog-shortcode.blog-masonry-shortcode-id-637bd11770726f39457e6ed8f929f12c.resize-by-browser-width .dt-css-grid .wf-cell.double-width,\n  .no-cssgridlegacy.no-cssgrid .blog-shortcode.blog-masonry-shortcode-id-637bd11770726f39457e6ed8f929f12c.resize-by-browser-width .dt-css-grid .wf-cell.double-width {\n    width: calc(100%)*2;\n  }\n}\n@media screen and (max-width: 767px) {\n  .blog-shortcode.blog-masonry-shortcode-id-637bd11770726f39457e6ed8f929f12c.resize-by-browser-width .dt-css-grid {\n    grid-template-columns: repeat(1,1fr);\n  }\n  .blog-shortcode.blog-masonry-shortcode-id-637bd11770726f39457e6ed8f929f12c.resize-by-browser-width .dt-css-grid .double-width {\n    grid-column: span 1;\n  }\n  .cssgridlegacy.no-cssgrid .blog-shortcode.blog-masonry-shortcode-id-637bd11770726f39457e6ed8f929f12c.resize-by-browser-width .dt-css-grid .wf-cell,\n  .no-cssgridlegacy.no-cssgrid .blog-shortcode.blog-masonry-shortcode-id-637bd11770726f39457e6ed8f929f12c.resize-by-browser-width .dt-css-grid .wf-cell {\n    width: 100%;\n  }\n  .cssgridlegacy.no-cssgrid .blog-shortcode.blog-masonry-shortcode-id-637bd11770726f39457e6ed8f929f12c.resize-by-browser-width .dt-css-grid .wf-cell.double-width,\n  .no-cssgridlegacy.no-cssgrid .blog-shortcode.blog-masonry-shortcode-id-637bd11770726f39457e6ed8f929f12c.resize-by-browser-width .dt-css-grid .wf-cell.double-width {\n    width: calc(100%)*2;\n  }\n}<\/style><div class=\"blog-shortcode blog-masonry-shortcode-id-637bd11770726f39457e6ed8f929f12c mode-grid classic-layout-list content-bg-on jquery-filter vertical-fancy-style scale-img dt-css-grid-wrap dt-icon-bg-off resize-by-browser-width loading-effect-none description-under-image \" data-padding=\"25px\" data-cur-page=\"1\" data-post-limit=\"2\" data-pagination-mode=\"load-more\" aria-live=\"assertive\" data-desktop-columns-num=\"1\" data-v-tablet-columns-num=\"1\" data-h-tablet-columns-num=\"1\" data-phone-columns-num=\"1\" data-width=\"0px\" data-columns=\"0\"><div class=\"dt-css-grid\" ><div class=\"visible wf-cell\" data-post-id=\"101251\" data-date=\"2024-02-08T16:29:13+00:00\" data-name=\"\ud83c\udfac Der Dokumentarfilm &quot;Dreamers&quot; (NONFY Documentaries) startet heute in den deutschen Kinos\"><article class=\"post project-odd visible post-101251 type-post status-publish format-standard has-post-thumbnail hentry category-dokumentarfilm category-film category-kino category-news category-nonfy-documentaries tag-dreamers tag-louis-jucker tag-luc-peter tag-mexiko tag-migration tag-nikolai-von-graevenitz tag-nonfy-documentaries tag-stephanie-barbey tag-usa category-6267 category-8 category-10 category-13 category-4587\" data-name=\"\ud83c\udfac Der Dokumentarfilm &#8222;Dreamers&#8220; (NONFY Documentaries) startet heute in den deutschen Kinos\" data-date=\"2024-02-08T16:29:13+00:00\">\n\n<div class=\"post-thumbnail-wrap\">\n\t<div class=\"post-thumbnail\">\n\t\t\n\t\t\n\t\t<a href=\"https:\/\/ucm.one\/de\/der-dokumentarfilm-dreamers-nonfy-documentaries-startet-heute-in-den-deutschen-kinos\/\" class=\"post-thumbnail-rollover layzr-bg layzr-bg\" ><img decoding=\"async\" class=\"iso-lazy-load preload-me iso-lazy-load aspect\" src=\"data:image\/svg+xml,%3Csvg%20xmlns%3D&#39;http%3A%2F%2Fwww.w3.org%2F2000%2Fsvg&#39;%20viewBox%3D&#39;0%200%20990%20309&#39;%2F%3E\" data-src=\"https:\/\/ucm.one\/wp-content\/uploads\/2024\/02\/B-Dreamers-Kinostart--990x309.jpg\" data-srcset=\"https:\/\/ucm.one\/wp-content\/uploads\/2024\/02\/B-Dreamers-Kinostart--990x309.jpg 990w, https:\/\/ucm.one\/wp-content\/uploads\/2024\/02\/B-Dreamers-Kinostart--1485x464.jpg 1485w\" loading=\"eager\" style=\"--ratio: 990 \/ 309\" sizes=\"(max-width: 990px) 100vw, 990px\" alt=\"\" title=\"B Dreamers Kinostart\" width=\"990\" height=\"309\"  \/><\/a>\t<\/div>\n<\/div>\n\n\n<div class=\"post-entry-content\">\n\n\t<h3 class=\"entry-title\">\n\t\t<a href=\"https:\/\/ucm.one\/de\/der-dokumentarfilm-dreamers-nonfy-documentaries-startet-heute-in-den-deutschen-kinos\/\" title=\"\ud83c\udfac Der Dokumentarfilm &#8222;Dreamers&#8220; (NONFY Documentaries) startet heute in den deutschen Kinos\" rel=\"bookmark\">\ud83c\udfac Der Dokumentarfilm &#8222;Dreamers&#8220; (NONFY Documentaries) startet heute in den deutschen Kinos<\/a>\n\t<\/h3>\n\n\t<div class=\"entry-meta\"><span class=\"category-link\"><a href=\"https:\/\/ucm.one\/de\/category\/news\/dokumentarfilm\/\" >Dokumentarfilm<\/a>, <a href=\"https:\/\/ucm.one\/de\/category\/news\/film\/\" >Film<\/a>, <a href=\"https:\/\/ucm.one\/de\/category\/news\/kino\/\" >Kino<\/a>, <a href=\"https:\/\/ucm.one\/de\/category\/news\/\" >News<\/a>, <a href=\"https:\/\/ucm.one\/de\/category\/news\/film\/nonfy-documentaries\/\" >NONFY Documentaries<\/a><\/span><\/div>\n\t<div class=\"entry-excerpt\"><p>[vc_row][vc_column][vc_column_text] Heute startet der Dokumentarfilm &#8222;Dreamers&#8220; auf dem Filmlabel NONFY Documentaries in ausgew\u00e4hlten deutschen Kinos. Der Film, unter der Regie von Stephanie Barbey und Luc Peter, begleitet Carlos und seine Familie, die aus Mexiko stammen und illegal in die USA eingewandert sind. [\/vc_column_text][\/vc_column][\/vc_row][vc_row][vc_column width=&#8220;3\/4&#8243;][vc_row_inner][vc_column_inner][vc_column_text] Inhaltsangabe Im Alter von 9 Jahren kam er mit seinen drei&hellip;<\/p>\n<\/div>\n\t\n<a href=\"https:\/\/ucm.one\/de\/der-dokumentarfilm-dreamers-nonfy-documentaries-startet-heute-in-den-deutschen-kinos\/\" class=\"post-details details-type-link\" aria-label=\"Read more about \ud83c\udfac Der Dokumentarfilm &#8222;Dreamers&#8220; (NONFY Documentaries) startet heute in den deutschen Kinos\">Mehr lesen<i class=\"dt-icon-the7-arrow-03\" aria-hidden=\"true\"><\/i><\/a>\n\n<\/div><\/article><\/div><div class=\"visible wf-cell\" data-post-id=\"101100\" data-date=\"2024-01-15T20:56:15+00:00\" data-name=\"\ud83c\udfac Der Dokumentarfilm &quot;Dreamers&quot; von St\u00e9phanie Barbey und Luc Peter kommt am 08. Februar in die Kinos\"><article class=\"post project-odd visible post-101100 type-post status-publish format-standard has-post-thumbnail hentry category-dokumentarfilm category-film category-kino category-news category-nonfy-documentaries tag-dreamers tag-louis-jucker tag-luc-peter tag-mexiko tag-migration tag-nikolai-von-graevenitz tag-nonfy-documentaries tag-stephanie-barbey tag-usa category-6267 category-8 category-10 category-13 category-4587\" data-name=\"\ud83c\udfac Der Dokumentarfilm &#8222;Dreamers&#8220; von St\u00e9phanie Barbey und Luc Peter kommt am 08. Februar in die Kinos\" data-date=\"2024-01-15T20:56:15+00:00\">\n\n<div class=\"post-thumbnail-wrap\">\n\t<div class=\"post-thumbnail\">\n\t\t\n\t\t\n\t\t<a href=\"https:\/\/ucm.one\/de\/der-dokumentarfilm-dreamers-von-stephanie-barbey-und-luc-peter-kommt-am-08-februar-in-die-kinos\/\" class=\"post-thumbnail-rollover layzr-bg layzr-bg\" ><img decoding=\"async\" class=\"iso-lazy-load preload-me iso-lazy-load aspect\" src=\"data:image\/svg+xml,%3Csvg%20xmlns%3D&#39;http%3A%2F%2Fwww.w3.org%2F2000%2Fsvg&#39;%20viewBox%3D&#39;0%200%20990%20309&#39;%2F%3E\" data-src=\"https:\/\/ucm.one\/wp-content\/uploads\/2024\/01\/B-Dreamers-Banner-Vorankuendigung-990x309.jpg\" data-srcset=\"https:\/\/ucm.one\/wp-content\/uploads\/2024\/01\/B-Dreamers-Banner-Vorankuendigung-990x309.jpg 990w, https:\/\/ucm.one\/wp-content\/uploads\/2024\/01\/B-Dreamers-Banner-Vorankuendigung-1485x464.jpg 1485w\" loading=\"eager\" style=\"--ratio: 990 \/ 309\" sizes=\"(max-width: 990px) 100vw, 990px\" alt=\"\" title=\"B Dreamers Banner Vorank\u00fcndigung\" width=\"990\" height=\"309\"  \/><\/a>\t<\/div>\n<\/div>\n\n\n<div class=\"post-entry-content\">\n\n\t<h3 class=\"entry-title\">\n\t\t<a href=\"https:\/\/ucm.one\/de\/der-dokumentarfilm-dreamers-von-stephanie-barbey-und-luc-peter-kommt-am-08-februar-in-die-kinos\/\" title=\"\ud83c\udfac Der Dokumentarfilm &#8222;Dreamers&#8220; von St\u00e9phanie Barbey und Luc Peter kommt am 08. Februar in die Kinos\" rel=\"bookmark\">\ud83c\udfac Der Dokumentarfilm &#8222;Dreamers&#8220; von St\u00e9phanie Barbey und Luc Peter kommt am 08. Februar in die Kinos<\/a>\n\t<\/h3>\n\n\t<div class=\"entry-meta\"><span class=\"category-link\"><a href=\"https:\/\/ucm.one\/de\/category\/news\/dokumentarfilm\/\" >Dokumentarfilm<\/a>, <a href=\"https:\/\/ucm.one\/de\/category\/news\/film\/\" >Film<\/a>, <a href=\"https:\/\/ucm.one\/de\/category\/news\/kino\/\" >Kino<\/a>, <a href=\"https:\/\/ucm.one\/de\/category\/news\/\" >News<\/a>, <a href=\"https:\/\/ucm.one\/de\/category\/news\/film\/nonfy-documentaries\/\" >NONFY Documentaries<\/a><\/span><\/div>\n\t<div class=\"entry-excerpt\"><p>[vc_row][vc_column][vc_column_text] &#8222;Dreamers&#8222;, so hei\u00dfen die jungen Menschen ohne US-amerikanische Ausweispapiere, die im Kindesalter von ihren Eltern in die USA gebracht wurden &#8211; meist \u00fcber die Grenze zu Mexiko. Sch\u00e4tzungen zufolge f\u00fchren der USA mehr als zwei Millionen &#8222;Dreamers&#8222; ein Leben im Schatten der Gesellschaft. Sie sind illegal, \u201eohne Dokumente\u201c. Carlos ist einer von ihnen. [\/vc_column_text][\/vc_column][\/vc_row][vc_row][vc_column&hellip;<\/p>\n<\/div>\n\t\n<a href=\"https:\/\/ucm.one\/de\/der-dokumentarfilm-dreamers-von-stephanie-barbey-und-luc-peter-kommt-am-08-februar-in-die-kinos\/\" class=\"post-details details-type-link\" aria-label=\"Read more about \ud83c\udfac Der Dokumentarfilm &#8222;Dreamers&#8220; von St\u00e9phanie Barbey und Luc Peter kommt am 08. Februar in die Kinos\">Mehr lesen<i class=\"dt-icon-the7-arrow-03\" aria-hidden=\"true\"><\/i><\/a>\n\n<\/div><\/article><\/div><\/div><!-- iso-container|iso-grid --><div class=\"paginator paginator-more-button\">\n\t\t\t\t<a class=\"button-load-more \" href=\"javascript:void(0);\" data-dt-page=\"1\" ><span class=\"stick\"><\/span><span class=\"stick\"><\/span><span class=\"stick\"><\/span><span class=\"button-caption\">Mehr laden<\/span><\/a>\n\t\t\t<\/div><\/div>[\/vc_tta_section][\/vc_tta_accordion][vc_separator][\/vc_column][\/vc_row][vc_row el_id=&#8220;sprich-mit-mir&#8220; css=&#8220;.vc_custom_1705785057872{padding-top: 80px !important;}&#8220;][vc_column width=&#8220;1\/4&#8243; offset=&#8220;vc_col-lg-offset-0 vc_col-md-offset-0 vc_col-sm-offset-0&#8243;][vc_single_image image=&#8220;100578&#8243; img_size=&#8220;full&#8220; onclick=&#8220;link_image&#8220;][\/vc_column][vc_column width=&#8220;3\/4&#8243;][vc_column_text]<\/p>\n<h2>Sprich mit mir<\/h2>\n<h3>von <span lang=\"EN-US\">Janin Halisch<\/span><\/h3>\n<div class=\"wpb_text_column wpb_content_element \">\n<div class=\"wpb_wrapper\">\n<div class=\"wpb_text_column wpb_content_element \">\n<div class=\"wpb_wrapper\">\n<div class=\"wpb_text_column wpb_content_element \">\n<div class=\"wpb_wrapper\">\n<p style=\"font-weight: 400;\">Karo (28) ist frisch getrennt und k\u00e4mpft mit der nicht vorhandenen Beziehung zu ihrem Vater. Als ihre Mutter Michaela (50) mit ihr in den Urlaub nach R\u00fcgen fahren will, vermutet Karo wieder eine gescheiterte M\u00e4nnergeschichte dahinter. Was als spontaner Trip beginnt, entpuppt sich schnell als Reise in die Vergangenheit zweier Frauen, die unterschiedlicher nicht sein k\u00f6nnen: Michaela will Ablenkung, Karo will Ruhe. Im Hotel angekommen, lernen sie den frisch geschiedenen Jochen (60) und seine Teenager Tochter Marie (16) kennen. F\u00fcr Michaela ist Jochen ein Urlaubsflirt und f\u00fcr Karo k\u00f6nnte er die Antwort auf all ihre Fragen und Sehns\u00fcchte sein, Marie hingegen der Spiegel einer Jugend, die Karo nie hatte.<\/p>\n<p style=\"font-weight: 400;\">Mutter und Tochter begreifen schnell, dass der abwesende Vater eine Leerstelle hinterlassen hat, die gr\u00f6\u00dfer und schmerzhafter ist, als sie dachten. Alte Wunden werden aufgerissen und beide versuchen auf ihre eigene Art und Weise zu heilen und sich aus ihren gefestigten Rollen zu befreien.<\/p>\n<h3>Kinostart: 18. Januar 2024<\/h3>\n<\/div>\n<\/div>\n<\/div>\n<\/div>\n<\/div>\n<\/div>\n<p>[\/vc_column_text][\/vc_column][vc_column][vc_row_inner css=&#8220;.vc_custom_1603814225076{padding-top: 0px !important;}&#8220;][vc_column_inner width=&#8220;4\/6&#8243;][vc_column_text]Darling Berlin | 2023 | Drama, Coming-Of-Age | Deutschland | Original Titel: &#8222;<a title=\"Sprich mit mir\" href=\"https:\/\/ucm.one\/de\/sprich-mit-mir\">Sprich mit mir<\/a>&#8220; | Englischer Titel: &#8222;Talk To Me&#8220;[\/vc_column_text][\/vc_column_inner][vc_column_inner width=&#8220;1\/6&#8243;][vc_btn title=&#8220;Presse Materialien&#8220; size=&#8220;xs&#8220; align=&#8220;center&#8220; i_icon_fontawesome=&#8220;fas fa-download&#8220; button_block=&#8220;true&#8220; add_icon=&#8220;true&#8220; link=&#8220;url:https%3A%2F%2Fwww.ucm.one%2Fpresse%2Fdb_sprich_mit_mir.zip|title:Sprich%20mit%20mir%20Presskit|rel:nofollow&#8220;][\/vc_column_inner][vc_column_inner width=&#8220;1\/6&#8243;][vc_btn title=&#8220;DCP Trailer&#8220; size=&#8220;xs&#8220; align=&#8220;center&#8220; i_icon_fontawesome=&#8220;fas fa-external-link-alt&#8220; button_block=&#8220;true&#8220; add_icon=&#8220;true&#8220; link=&#8220;url:https%3A%2F%2Fwww.dropbox.com%2Fscl%2Ffo%2Fiwoztv08lkfdj3og0f2yz%2Fh%3Frlkey%3Dibqq94kmrucf0156n1tqzq5we%26dl%3D0|target:_blank|rel:nofollow&#8220;][\/vc_column_inner][\/vc_row_inner][vc_tta_accordion style=&#8220;modern&#8220; shape=&#8220;square&#8220; c_icon=&#8220;chevron&#8220; active_section=&#8220;33&#8243; no_fill=&#8220;true&#8220; collapsible_all=&#8220;true&#8220;][vc_tta_section title=&#8220;Weitere Informationen&#8220; tab_id=&#8220;1705784123420-a0bec8ea-bef9&#8243;][vc_column_text]<\/p>\n<div class=\"wpb_text_column wpb_content_element \">\n<div class=\"wpb_wrapper\">\n<div class=\"wpb_text_column wpb_content_element \">\n<div class=\"wpb_wrapper\">\n<div class=\"wpb_text_column wpb_content_element \">\n<div class=\"wpb_wrapper\">\n<div class=\"wpb_text_column wpb_content_element \">\n<div class=\"wpb_wrapper\">\n<div>\n<div>\n<p style=\"font-weight: 400;\"><strong>Original Titel:<\/strong>\u00a0Sprich mit mir<\/p>\n<p style=\"font-weight: 400;\"><strong>Regie:<\/strong>\u00a0Janin Halisch<\/p>\n<p style=\"font-weight: 400;\"><strong>Drehbuch:<\/strong>\u00a0Janin Halisch, Hannah Sioda<\/p>\n<p style=\"font-weight: 400;\"><strong>Produzentin:\u00a0<\/strong>Clara Gerst<\/p>\n<p style=\"font-weight: 400;\"><strong>Darstellende:\u00a0<\/strong>Alina Stiegler (Karo), Barbara Philipp (Michaela), Peter Lohmeyer (Jochen), Pearl Graw (Marie), Jonathan Berlin (Alex), Zethphan Smith Gneist (Victor), Pierre Besson (Vater)<\/p>\n<p style=\"font-weight: 400;\"><strong>Kamera:<\/strong>\u00a0Antonia Lange<\/p>\n<p style=\"font-weight: 400;\"><strong>Schnitt:<\/strong>\u00a0Jamin Benazzouz<\/p>\n<p style=\"font-weight: 400;\"><strong>Genres:<\/strong>\u00a0Drama, Coming-Of-Age<\/p>\n<p style=\"font-weight: 400;\"><strong>Produktionsland:<\/strong>\u00a0Deutschland<\/p>\n<p style=\"font-weight: 400;\"><strong>Produktionsjahr:<\/strong>\u00a02023<\/p>\n<p style=\"font-weight: 400;\"><strong>FSK:<\/strong>\u00a012<\/p>\n<p style=\"font-weight: 400;\"><strong>L\u00e4nge:<\/strong>\u00a080 Min<\/p>\n<p style=\"font-weight: 400;\"><strong>Bildformat:\u00a0<\/strong>1,85:1 (16:9) [DCI 2K F-185]<\/p>\n<p style=\"font-weight: 400;\"><strong>Aufl\u00f6sung:<\/strong>\u00a01998\u00d71080<\/p>\n<p style=\"font-weight: 400;\"><strong>Ton:<\/strong>\u00a0Surround 5.1 \/ 2.0 Stereo<\/p>\n<p style=\"font-weight: 400;\"><strong>FSK:<\/strong> 12<\/p>\n<\/div>\n<p>&nbsp;<\/p>\n<\/div>\n<div><strong><span lang=\"de\"><span lang=\"de\">Verf\u00fcgbare Projektionsmedien:<\/span><\/span><\/strong><\/div>\n<ul>\n<li>Digital Cinema Packages: DE-XX (OV), DE-EN (VF)<\/li>\n<li>Projektions-Mp4 (16:9)<\/li>\n<\/ul>\n<p>&nbsp;<\/p>\n<p>Alle Informationen \u00fcber den Film: <a title=\"Sprich mit mir\" href=\"https:\/\/ucm.one\/de\/sprich-mit-mir\/\">Sprich mit mir<\/a><\/p>\n<\/div>\n<\/div>\n<\/div>\n<\/div>\n<\/div>\n<\/div>\n<\/div>\n<\/div>\n<p>[\/vc_column_text][\/vc_tta_section][vc_tta_section title=&#8220;Trailer&#8220; tab_id=&#8220;1705784123501-2335be9d-5b43&#8243;][vc_video link=&#8220;https:\/\/youtu.be\/o_lhgLxJ_D4?si=0xH6RMIXx6t0t8lL&#8220; align=&#8220;center&#8220;][\/vc_tta_section][vc_tta_section title=&#8220;Neuigkeiten&#8220; tab_id=&#8220;1705784123581-638ed557-0cb2&#8243;]<style type=\"text\/css\" data-type=\"the7_shortcodes-inline-css\">.blog-shortcode.blog-masonry-shortcode-id-5f4eb5fd63ed625ae0a9bc25f7626756.content-bg-on.classic-layout-list article {\n  background: #e6e6e6;\n  box-shadow: none;\n}\n.blog-shortcode.blog-masonry-shortcode-id-5f4eb5fd63ed625ae0a9bc25f7626756.dividers-on.classic-layout-list article {\n  padding-top: 0;\n}\n.blog-shortcode.blog-masonry-shortcode-id-5f4eb5fd63ed625ae0a9bc25f7626756.dividers-on.classic-layout-list article:first-of-type {\n  margin-top: 0;\n  padding-top: 0;\n}\n.blog-shortcode.blog-masonry-shortcode-id-5f4eb5fd63ed625ae0a9bc25f7626756.classic-layout-list.mode-list .post-entry-content {\n  width: calc(100% - );\n}\n.blog-shortcode.blog-masonry-shortcode-id-5f4eb5fd63ed625ae0a9bc25f7626756.classic-layout-list.mode-list .no-img .post-entry-content {\n  width: 100%;\n}\n.blog-shortcode.blog-masonry-shortcode-id-5f4eb5fd63ed625ae0a9bc25f7626756 .filter-bg-decoration .filter-categories a.act {\n  color: #fff;\n}\n.blog-shortcode.blog-masonry-shortcode-id-5f4eb5fd63ed625ae0a9bc25f7626756:not(.mode-masonry) article:first-of-type,\n.blog-shortcode.blog-masonry-shortcode-id-5f4eb5fd63ed625ae0a9bc25f7626756:not(.mode-masonry) article.visible.first:not(.product) {\n  margin-top: 0;\n}\n.blog-shortcode.blog-masonry-shortcode-id-5f4eb5fd63ed625ae0a9bc25f7626756.dividers-on:not(.mode-masonry) article {\n  margin-top: 0;\n}\n.blog-shortcode.blog-masonry-shortcode-id-5f4eb5fd63ed625ae0a9bc25f7626756.dividers-on:not(.mode-masonry) article:first-of-type,\n.blog-shortcode.blog-masonry-shortcode-id-5f4eb5fd63ed625ae0a9bc25f7626756.dividers-on:not(.mode-masonry) article.visible.first:not(.product) {\n  margin-top: 0;\n  padding-top: 0;\n}\n.blog-shortcode.blog-masonry-shortcode-id-5f4eb5fd63ed625ae0a9bc25f7626756 .post-thumbnail-wrap {\n  padding: 0px 0px 0px 0px;\n}\n.blog-shortcode.blog-masonry-shortcode-id-5f4eb5fd63ed625ae0a9bc25f7626756.enable-bg-rollover .post-thumbnail-rollover:after {\n  background: -webkit-linear-gradient();\n  background: linear-gradient();\n}\n.blog-shortcode.blog-masonry-shortcode-id-5f4eb5fd63ed625ae0a9bc25f7626756 .gallery-zoom-ico {\n  width: 44px;\n  height: 44px;\n  line-height: 44px;\n  border-radius: 100px;\n  margin: -22px 0 0 -22px;\n  border-width: 0px;\n  color: #ffffff;\n}\n.bottom-overlap-layout-list.blog-shortcode.blog-masonry-shortcode-id-5f4eb5fd63ed625ae0a9bc25f7626756 .gallery-zoom-ico {\n  margin-top: -72px;\n}\n.gradient-overlay-layout-list.blog-shortcode.blog-masonry-shortcode-id-5f4eb5fd63ed625ae0a9bc25f7626756 .gallery-zoom-ico,\n.content-rollover-layout-list.blog-shortcode.blog-masonry-shortcode-id-5f4eb5fd63ed625ae0a9bc25f7626756 .gallery-zoom-ico {\n  margin: 0 0 10px;\n}\n.content-align-center.gradient-overlay-layout-list.blog-shortcode.blog-masonry-shortcode-id-5f4eb5fd63ed625ae0a9bc25f7626756 .gallery-zoom-ico,\n.content-align-center.content-rollover-layout-list.blog-shortcode.blog-masonry-shortcode-id-5f4eb5fd63ed625ae0a9bc25f7626756 .gallery-zoom-ico {\n  margin: 0 auto 10px;\n}\n.dt-icon-bg-on.blog-shortcode.blog-masonry-shortcode-id-5f4eb5fd63ed625ae0a9bc25f7626756 .gallery-zoom-ico {\n  background: rgba(255,255,255,0.3);\n  box-shadow: none;\n}\n.blog-shortcode.blog-masonry-shortcode-id-5f4eb5fd63ed625ae0a9bc25f7626756 .gallery-zoom-ico > span,\n.blog-shortcode.blog-masonry-shortcode-id-5f4eb5fd63ed625ae0a9bc25f7626756 .gallery-zoom-ico:before {\n  font-size: 32px;\n  line-height: 44px;\n}\n.blog-shortcode.blog-masonry-shortcode-id-5f4eb5fd63ed625ae0a9bc25f7626756 .gallery-zoom-ico > span,\n.blog-shortcode.blog-masonry-shortcode-id-5f4eb5fd63ed625ae0a9bc25f7626756 .gallery-zoom-ico:before {\n  color: #ffffff;\n}\n.blog-shortcode.blog-masonry-shortcode-id-5f4eb5fd63ed625ae0a9bc25f7626756 .fancy-date a .entry-month:after,\n.blog-shortcode.blog-masonry-shortcode-id-5f4eb5fd63ed625ae0a9bc25f7626756 .fancy-date a .entry-date:after {\n  background: #092480;\n  box-shadow: none;\n}\n.blog-shortcode.blog-masonry-shortcode-id-5f4eb5fd63ed625ae0a9bc25f7626756 .entry-title,\n.blog-shortcode.blog-masonry-shortcode-id-5f4eb5fd63ed625ae0a9bc25f7626756.owl-carousel .entry-title {\n  margin-bottom: 5px;\n  font-weight: bold;\n}\n.blog-shortcode.blog-masonry-shortcode-id-5f4eb5fd63ed625ae0a9bc25f7626756 .entry-meta {\n  margin-bottom: 15px;\n}\n.blog-shortcode.blog-masonry-shortcode-id-5f4eb5fd63ed625ae0a9bc25f7626756 .portfolio-categories {\n  margin-bottom: 15px;\n}\n.blog-shortcode.blog-masonry-shortcode-id-5f4eb5fd63ed625ae0a9bc25f7626756 .entry-excerpt {\n  margin-bottom: 5px;\n}\n.blog-shortcode.blog-masonry-shortcode-id-5f4eb5fd63ed625ae0a9bc25f7626756:not(.centered-layout-list) .post-entry-content {\n  padding: 15px 20px 20px 20px;\n}\n.blog-shortcode.blog-masonry-shortcode-id-5f4eb5fd63ed625ae0a9bc25f7626756:not(.centered-layout-list):not(.content-bg-on):not(.mode-list) .no-img .post-entry-content {\n  padding: 0;\n}\n.blog-shortcode.blog-masonry-shortcode-id-5f4eb5fd63ed625ae0a9bc25f7626756.content-bg-on:not(.classic-layout-list):not(.centered-layout-list) .post-entry-content {\n  background: #e6e6e6;\n  box-shadow: none;\n}\n@media screen and (max-width: ) {\n  .blog-shortcode.blog-masonry-shortcode-id-5f4eb5fd63ed625ae0a9bc25f7626756 article {\n    -ms-flex-flow: column nowrap;\n    flex-flow: column nowrap;\n    margin-top: 20px;\n  }\n  .blog-shortcode.blog-masonry-shortcode-id-5f4eb5fd63ed625ae0a9bc25f7626756.dividers-on article {\n    border: none;\n  }\n  .blog-shortcode.blog-masonry-shortcode-id-5f4eb5fd63ed625ae0a9bc25f7626756.content-bg-on.centered-layout-list article {\n    padding: 0;\n  }\n  .blog-shortcode.blog-masonry-shortcode-id-5f4eb5fd63ed625ae0a9bc25f7626756.blog-shortcode.dividers-on article,\n  .blog-shortcode.blog-masonry-shortcode-id-5f4eb5fd63ed625ae0a9bc25f7626756.dividers-on.classic-layout-list article {\n    margin-top: 20px;\n    padding: 0;\n  }\n  .blog-shortcode.blog-masonry-shortcode-id-5f4eb5fd63ed625ae0a9bc25f7626756.blog-shortcode.dividers-on article:first-of-type,\n  .blog-shortcode.blog-masonry-shortcode-id-5f4eb5fd63ed625ae0a9bc25f7626756.dividers-on.classic-layout-list article:first-of-type {\n    padding: 0;\n  }\n  #page .blog-shortcode.blog-masonry-shortcode-id-5f4eb5fd63ed625ae0a9bc25f7626756 .post-thumbnail-wrap,\n  #page .blog-shortcode.blog-masonry-shortcode-id-5f4eb5fd63ed625ae0a9bc25f7626756 .post-entry-content {\n    width: 100%;\n    margin: 0;\n    top: 0;\n  }\n  #page .blog-shortcode.blog-masonry-shortcode-id-5f4eb5fd63ed625ae0a9bc25f7626756 .post-thumbnail-wrap {\n    padding: 0;\n  }\n  #page .blog-shortcode.blog-masonry-shortcode-id-5f4eb5fd63ed625ae0a9bc25f7626756 .post-entry-content:after {\n    display: none;\n  }\n  #page .blog-shortcode.blog-masonry-shortcode-id-5f4eb5fd63ed625ae0a9bc25f7626756 .project-even .post-thumbnail-wrap,\n  #page .blog-shortcode.blog-masonry-shortcode-id-5f4eb5fd63ed625ae0a9bc25f7626756.centered-layout-list .post-thumbnail-wrap {\n    -ms-flex-order: 0;\n    order: 0;\n  }\n  #page .blog-shortcode.blog-masonry-shortcode-id-5f4eb5fd63ed625ae0a9bc25f7626756.centered-layout-list .post-entry-title-content {\n    -ms-flex-order: 1;\n    order: 1;\n    width: 100%;\n    padding: 20px 20px 0;\n  }\n  #page .blog-shortcode.blog-masonry-shortcode-id-5f4eb5fd63ed625ae0a9bc25f7626756.centered-layout-list .post-entry-content {\n    -ms-flex-order: 2;\n    order: 2;\n    padding-top: 0;\n  }\n  #page .blog-shortcode.blog-masonry-shortcode-id-5f4eb5fd63ed625ae0a9bc25f7626756 .fancy-categories {\n    top: 10px;\n    left: 10px;\n    bottom: auto;\n    right: auto;\n  }\n  #page .blog-shortcode.blog-masonry-shortcode-id-5f4eb5fd63ed625ae0a9bc25f7626756 .fancy-date a {\n    top: 10px;\n    right: 10px;\n    left: auto;\n    bottom: auto;\n  }\n  #page .blog-shortcode.blog-masonry-shortcode-id-5f4eb5fd63ed625ae0a9bc25f7626756 .post-entry-content {\n    padding: 20px;\n  }\n  #page .blog-shortcode.blog-masonry-shortcode-id-5f4eb5fd63ed625ae0a9bc25f7626756 .entry-title {\n    margin: 3px 0 5px;\n    font-size: 20px;\n    line-height: 26px;\n  }\n  #page .blog-shortcode.blog-masonry-shortcode-id-5f4eb5fd63ed625ae0a9bc25f7626756 .entry-meta {\n    margin: 5px 0 5px;\n  }\n  #page .blog-shortcode.blog-masonry-shortcode-id-5f4eb5fd63ed625ae0a9bc25f7626756 .entry-excerpt {\n    margin: 15px 0 0;\n  }\n  #page .blog-shortcode.blog-masonry-shortcode-id-5f4eb5fd63ed625ae0a9bc25f7626756 .post-details {\n    margin: 5px 0 10px;\n  }\n  #page .blog-shortcode.blog-masonry-shortcode-id-5f4eb5fd63ed625ae0a9bc25f7626756 .post-details.details-type-link {\n    margin-bottom: 2px;\n  }\n}\n.blog-shortcode.blog-masonry-shortcode-id-5f4eb5fd63ed625ae0a9bc25f7626756:not(.resize-by-browser-width) .dt-css-grid {\n  grid-row-gap: 50px;\n  grid-column-gap: 50px;\n  grid-template-columns: repeat(auto-fill,minmax(,1fr));\n}\n.blog-shortcode.blog-masonry-shortcode-id-5f4eb5fd63ed625ae0a9bc25f7626756:not(.resize-by-browser-width) .dt-css-grid .double-width {\n  grid-column: span 2;\n}\n.cssgridlegacy.no-cssgrid .blog-shortcode.blog-masonry-shortcode-id-5f4eb5fd63ed625ae0a9bc25f7626756:not(.resize-by-browser-width) .dt-css-grid,\n.no-cssgridlegacy.no-cssgrid .blog-shortcode.blog-masonry-shortcode-id-5f4eb5fd63ed625ae0a9bc25f7626756:not(.resize-by-browser-width) .dt-css-grid {\n  display: flex;\n  flex-flow: row wrap;\n  margin: -25px;\n}\n.cssgridlegacy.no-cssgrid .blog-shortcode.blog-masonry-shortcode-id-5f4eb5fd63ed625ae0a9bc25f7626756:not(.resize-by-browser-width) .dt-css-grid .wf-cell,\n.no-cssgridlegacy.no-cssgrid .blog-shortcode.blog-masonry-shortcode-id-5f4eb5fd63ed625ae0a9bc25f7626756:not(.resize-by-browser-width) .dt-css-grid .wf-cell {\n  flex: 1 0 ;\n  max-width: 100%;\n  padding: 25px;\n  box-sizing: border-box;\n}\n.blog-shortcode.blog-masonry-shortcode-id-5f4eb5fd63ed625ae0a9bc25f7626756.resize-by-browser-width .dt-css-grid {\n  grid-template-columns: repeat(1,1fr);\n  grid-template-rows: auto;\n  grid-column-gap: 50px;\n  grid-row-gap: 50px;\n}\n.blog-shortcode.blog-masonry-shortcode-id-5f4eb5fd63ed625ae0a9bc25f7626756.resize-by-browser-width .dt-css-grid .double-width {\n  grid-column: span 2;\n}\n.cssgridlegacy.no-cssgrid .blog-shortcode.blog-masonry-shortcode-id-5f4eb5fd63ed625ae0a9bc25f7626756.resize-by-browser-width .dt-css-grid {\n  margin: -25px;\n}\n.cssgridlegacy.no-cssgrid .blog-shortcode.blog-masonry-shortcode-id-5f4eb5fd63ed625ae0a9bc25f7626756.resize-by-browser-width .dt-css-grid .wf-cell {\n  width: 100%;\n  padding: 25px;\n}\n.cssgridlegacy.no-cssgrid .blog-shortcode.blog-masonry-shortcode-id-5f4eb5fd63ed625ae0a9bc25f7626756.resize-by-browser-width .dt-css-grid .wf-cell.double-width {\n  width: calc(100%) * 2;\n}\n.blog-shortcode.blog-masonry-shortcode-id-5f4eb5fd63ed625ae0a9bc25f7626756.resize-by-browser-width:not(.centered-layout-list):not(.content-bg-on) .dt-css-grid {\n  grid-row-gap: 30px;\n}\n@media screen and (max-width: 1199px) {\n  .blog-shortcode.blog-masonry-shortcode-id-5f4eb5fd63ed625ae0a9bc25f7626756.resize-by-browser-width .dt-css-grid {\n    grid-template-columns: repeat(1,1fr);\n  }\n  .cssgridlegacy.no-cssgrid .blog-shortcode.blog-masonry-shortcode-id-5f4eb5fd63ed625ae0a9bc25f7626756.resize-by-browser-width .dt-css-grid .wf-cell,\n  .no-cssgridlegacy.no-cssgrid .blog-shortcode.blog-masonry-shortcode-id-5f4eb5fd63ed625ae0a9bc25f7626756.resize-by-browser-width .dt-css-grid .wf-cell {\n    width: 100%;\n  }\n  .cssgridlegacy.no-cssgrid .blog-shortcode.blog-masonry-shortcode-id-5f4eb5fd63ed625ae0a9bc25f7626756.resize-by-browser-width .dt-css-grid .wf-cell.double-width,\n  .no-cssgridlegacy.no-cssgrid .blog-shortcode.blog-masonry-shortcode-id-5f4eb5fd63ed625ae0a9bc25f7626756.resize-by-browser-width .dt-css-grid .wf-cell.double-width {\n    width: calc(100%)*2;\n  }\n}\n@media screen and (max-width: 991px) {\n  .blog-shortcode.blog-masonry-shortcode-id-5f4eb5fd63ed625ae0a9bc25f7626756.resize-by-browser-width .dt-css-grid {\n    grid-template-columns: repeat(1,1fr);\n  }\n  .cssgridlegacy.no-cssgrid .blog-shortcode.blog-masonry-shortcode-id-5f4eb5fd63ed625ae0a9bc25f7626756.resize-by-browser-width .dt-css-grid .wf-cell,\n  .no-cssgridlegacy.no-cssgrid .blog-shortcode.blog-masonry-shortcode-id-5f4eb5fd63ed625ae0a9bc25f7626756.resize-by-browser-width .dt-css-grid .wf-cell {\n    width: 100%;\n  }\n  .cssgridlegacy.no-cssgrid .blog-shortcode.blog-masonry-shortcode-id-5f4eb5fd63ed625ae0a9bc25f7626756.resize-by-browser-width .dt-css-grid .wf-cell.double-width,\n  .no-cssgridlegacy.no-cssgrid .blog-shortcode.blog-masonry-shortcode-id-5f4eb5fd63ed625ae0a9bc25f7626756.resize-by-browser-width .dt-css-grid .wf-cell.double-width {\n    width: calc(100%)*2;\n  }\n}\n@media screen and (max-width: 767px) {\n  .blog-shortcode.blog-masonry-shortcode-id-5f4eb5fd63ed625ae0a9bc25f7626756.resize-by-browser-width .dt-css-grid {\n    grid-template-columns: repeat(1,1fr);\n  }\n  .blog-shortcode.blog-masonry-shortcode-id-5f4eb5fd63ed625ae0a9bc25f7626756.resize-by-browser-width .dt-css-grid .double-width {\n    grid-column: span 1;\n  }\n  .cssgridlegacy.no-cssgrid .blog-shortcode.blog-masonry-shortcode-id-5f4eb5fd63ed625ae0a9bc25f7626756.resize-by-browser-width .dt-css-grid .wf-cell,\n  .no-cssgridlegacy.no-cssgrid .blog-shortcode.blog-masonry-shortcode-id-5f4eb5fd63ed625ae0a9bc25f7626756.resize-by-browser-width .dt-css-grid .wf-cell {\n    width: 100%;\n  }\n  .cssgridlegacy.no-cssgrid .blog-shortcode.blog-masonry-shortcode-id-5f4eb5fd63ed625ae0a9bc25f7626756.resize-by-browser-width .dt-css-grid .wf-cell.double-width,\n  .no-cssgridlegacy.no-cssgrid .blog-shortcode.blog-masonry-shortcode-id-5f4eb5fd63ed625ae0a9bc25f7626756.resize-by-browser-width .dt-css-grid .wf-cell.double-width {\n    width: calc(100%)*2;\n  }\n}<\/style><div class=\"blog-shortcode blog-masonry-shortcode-id-5f4eb5fd63ed625ae0a9bc25f7626756 mode-grid classic-layout-list content-bg-on jquery-filter vertical-fancy-style scale-img dt-css-grid-wrap dt-icon-bg-off resize-by-browser-width loading-effect-none description-under-image \" data-padding=\"25px\" data-cur-page=\"1\" data-post-limit=\"2\" data-pagination-mode=\"load-more\" aria-live=\"assertive\" data-desktop-columns-num=\"1\" data-v-tablet-columns-num=\"1\" data-h-tablet-columns-num=\"1\" data-phone-columns-num=\"1\" data-width=\"0px\" data-columns=\"0\"><div class=\"dt-css-grid\" ><div class=\"visible wf-cell\" data-post-id=\"103654\" data-date=\"2024-04-15T21:30:27+00:00\" data-name=\"\ud83c\udfac &quot;Sprich mit mir&quot; (Darling Berlin) Lola-Screening in K\u00f6ln\"><article class=\"post project-odd visible post-103654 type-post status-publish format-standard has-post-thumbnail hentry category-darling-berlin category-film category-filmvertrieb-de category-kino category-news category-weltvertrieb tag-17028 tag-alina-stiegler tag-barbara-phillipp tag-cinenova tag-clara-gerst tag-darling-berlin tag-deutsche-filmakademie tag-deutscher-filmpreis tag-hannah-sioda tag-janin-halisch tag-koeln tag-lola tag-pearl-graw tag-peter-lohmeyer tag-sprich-mit-mir tag-talk-to-me category-830 category-8 category-15325 category-10 category-13 category-7528\" data-name=\"\ud83c\udfac &#8222;Sprich mit mir&#8220; (Darling Berlin) Lola-Screening in K\u00f6ln\" data-date=\"2024-04-15T21:30:27+00:00\">\n\n<div class=\"post-thumbnail-wrap\">\n\t<div class=\"post-thumbnail\">\n\t\t\n\t\t\n\t\t<a href=\"https:\/\/ucm.one\/de\/sprich-mit-mir-darling-berlin-lola-screening-in-koeln\/\" class=\"post-thumbnail-rollover layzr-bg layzr-bg\" ><img decoding=\"async\" class=\"iso-lazy-load preload-me iso-lazy-load aspect\" src=\"data:image\/svg+xml,%3Csvg%20xmlns%3D&#39;http%3A%2F%2Fwww.w3.org%2F2000%2Fsvg&#39;%20viewBox%3D&#39;0%200%20990%20309&#39;%2F%3E\" data-src=\"https:\/\/ucm.one\/wp-content\/uploads\/2024\/04\/B-Sprich-mit-mir-Lola-Screening-in-Koeln-1920x600-1-990x309.jpeg\" data-srcset=\"https:\/\/ucm.one\/wp-content\/uploads\/2024\/04\/B-Sprich-mit-mir-Lola-Screening-in-Koeln-1920x600-1-990x309.jpeg 990w, https:\/\/ucm.one\/wp-content\/uploads\/2024\/04\/B-Sprich-mit-mir-Lola-Screening-in-Koeln-1920x600-1-1485x464.jpeg 1485w\" loading=\"eager\" style=\"--ratio: 990 \/ 309\" sizes=\"(max-width: 990px) 100vw, 990px\" alt=\"\" title=\"B Sprich mit mir Lola-Screening in K\u00f6ln 1920&#215;600\" width=\"990\" height=\"309\"  \/><\/a>\t<\/div>\n<\/div>\n\n\n<div class=\"post-entry-content\">\n\n\t<h3 class=\"entry-title\">\n\t\t<a href=\"https:\/\/ucm.one\/de\/sprich-mit-mir-darling-berlin-lola-screening-in-koeln\/\" title=\"\ud83c\udfac &#8222;Sprich mit mir&#8220; (Darling Berlin) Lola-Screening in K\u00f6ln\" rel=\"bookmark\">\ud83c\udfac &#8222;Sprich mit mir&#8220; (Darling Berlin) Lola-Screening in K\u00f6ln<\/a>\n\t<\/h3>\n\n\t<div class=\"entry-meta\"><span class=\"category-link\"><a href=\"https:\/\/ucm.one\/de\/category\/news\/film\/darling-berlin\/\" >Darling Berlin<\/a>, <a href=\"https:\/\/ucm.one\/de\/category\/news\/film\/\" >Film<\/a>, <a href=\"https:\/\/ucm.one\/de\/category\/news\/vertrieb-von-medien-de\/filmvertrieb-de\/\" >Filmvertrieb<\/a>, <a href=\"https:\/\/ucm.one\/de\/category\/news\/kino\/\" >Kino<\/a>, <a href=\"https:\/\/ucm.one\/de\/category\/news\/\" >News<\/a>, <a href=\"https:\/\/ucm.one\/de\/category\/news\/verleih\/weltvertrieb\/\" >Weltvertrieb<\/a><\/span><\/div>\n\t<div class=\"entry-excerpt\"><p>[vc_row][vc_column][vc_column_text] Gut zwei Wochen vor der Vergabe der Deutschen Filmpreise (Lola) 2024 findet im K\u00f6lner Cinenova Kino am Donnerstag, den 18. April, um 20 Uhr ein \u00f6ffentliches Screening f\u00fcr die Mitglieder der Deutschen Filmakademie von &#8222;Sprich mit mir&#8220; von Janin Halisch (anwesend) statt. Schauspielerin Barbara Philipp ist f\u00fcr die Lola 2024 als beste Nebendarstellerin nominiert.&hellip;<\/p>\n<\/div>\n\t\n<a href=\"https:\/\/ucm.one\/de\/sprich-mit-mir-darling-berlin-lola-screening-in-koeln\/\" class=\"post-details details-type-link\" aria-label=\"Read more about \ud83c\udfac &#8222;Sprich mit mir&#8220; (Darling Berlin) Lola-Screening in K\u00f6ln\">Mehr lesen<i class=\"dt-icon-the7-arrow-03\" aria-hidden=\"true\"><\/i><\/a>\n\n<\/div><\/article><\/div><div class=\"visible wf-cell\" data-post-id=\"102957\" data-date=\"2024-03-19T08:22:16+00:00\" data-name=\"\ud83c\udfac Barbara Philipp f\u00fcr den Deutschen Filmpreis 2024 in der Kategorie \u201cBeste weibliche Nebendarstellerin\u201d nominiert\"><article class=\"post project-odd visible post-102957 type-post status-publish format-standard has-post-thumbnail hentry category-darling-berlin category-film category-filmvertrieb-de category-kino category-news category-weltvertrieb tag-17028 tag-alina-stiegler tag-barbara-phillipp tag-clara-gerst tag-darling-berlin tag-deutsche-filmakademie tag-deutscher-filmpreis tag-hannah-sioda tag-janin-halisch tag-lola tag-pearl-graw tag-peter-lohmeyer tag-sprich-mit-mir tag-talk-to-me category-830 category-8 category-15325 category-10 category-13 category-7528\" data-name=\"\ud83c\udfac Barbara Philipp f\u00fcr den Deutschen Filmpreis 2024 in der Kategorie \u201cBeste weibliche Nebendarstellerin\u201d nominiert\" data-date=\"2024-03-19T08:22:16+00:00\">\n\n<div class=\"post-thumbnail-wrap\">\n\t<div class=\"post-thumbnail\">\n\t\t\n\t\t\n\t\t<a href=\"https:\/\/ucm.one\/de\/barbara-philipp-fuer-den-deutschen-filmpreis-2024-in-der-kategorie-beste-weibliche-nebendarstellerin-nominiert\/\" class=\"post-thumbnail-rollover layzr-bg layzr-bg\" ><img decoding=\"async\" class=\"iso-lazy-load preload-me iso-lazy-load aspect\" src=\"data:image\/svg+xml,%3Csvg%20xmlns%3D&#39;http%3A%2F%2Fwww.w3.org%2F2000%2Fsvg&#39;%20viewBox%3D&#39;0%200%20990%20309&#39;%2F%3E\" data-src=\"https:\/\/ucm.one\/wp-content\/uploads\/2024\/03\/BARBARA-PHILIPP-Nominiert-fuer-den-Deutschen-Filmpreis-1920x600-1-990x309.jpeg\" data-srcset=\"https:\/\/ucm.one\/wp-content\/uploads\/2024\/03\/BARBARA-PHILIPP-Nominiert-fuer-den-Deutschen-Filmpreis-1920x600-1-990x309.jpeg 990w, https:\/\/ucm.one\/wp-content\/uploads\/2024\/03\/BARBARA-PHILIPP-Nominiert-fuer-den-Deutschen-Filmpreis-1920x600-1-1485x464.jpeg 1485w\" loading=\"eager\" style=\"--ratio: 990 \/ 309\" sizes=\"(max-width: 990px) 100vw, 990px\" alt=\"\" title=\"BARBARA PHILIPP &#8211; Nominiert f\u00fcr den Deutschen Filmpreis 1920&#215;600\" width=\"990\" height=\"309\"  \/><\/a>\t<\/div>\n<\/div>\n\n\n<div class=\"post-entry-content\">\n\n\t<h3 class=\"entry-title\">\n\t\t<a href=\"https:\/\/ucm.one\/de\/barbara-philipp-fuer-den-deutschen-filmpreis-2024-in-der-kategorie-beste-weibliche-nebendarstellerin-nominiert\/\" title=\"\ud83c\udfac Barbara Philipp f\u00fcr den Deutschen Filmpreis 2024 in der Kategorie \u201cBeste weibliche Nebendarstellerin\u201d nominiert\" rel=\"bookmark\">\ud83c\udfac Barbara Philipp f\u00fcr den Deutschen Filmpreis 2024 in der Kategorie \u201cBeste weibliche Nebendarstellerin\u201d nominiert<\/a>\n\t<\/h3>\n\n\t<div class=\"entry-meta\"><span class=\"category-link\"><a href=\"https:\/\/ucm.one\/de\/category\/news\/film\/darling-berlin\/\" >Darling Berlin<\/a>, <a href=\"https:\/\/ucm.one\/de\/category\/news\/film\/\" >Film<\/a>, <a href=\"https:\/\/ucm.one\/de\/category\/news\/vertrieb-von-medien-de\/filmvertrieb-de\/\" >Filmvertrieb<\/a>, <a href=\"https:\/\/ucm.one\/de\/category\/news\/kino\/\" >Kino<\/a>, <a href=\"https:\/\/ucm.one\/de\/category\/news\/\" >News<\/a>, <a href=\"https:\/\/ucm.one\/de\/category\/news\/verleih\/weltvertrieb\/\" >Weltvertrieb<\/a><\/span><\/div>\n\t<div class=\"entry-excerpt\"><p>[vc_row][vc_column][vc_column_text] Am 19.03.2024 wurden die Nominierungen f\u00fcr den Deutschen Filmpreis 2024 durch die Deutsche Filmakademie bekannt gegeben. [\/vc_column_text][vc_column_text] UCM.ONE gratuliert Barbara Philipp zur Nominierung in der Kategorie \u201cBeste weibliche Nebenrolle\u201d im Spielfilm &#8222;Sprich mit mir&#8220; von Janin Halisch. &#8222;Sprich mit mir&#8220; wird von UCM.ONE auf dem Label Darling Berlin in Deutschland im Kino verliehen und&hellip;<\/p>\n<\/div>\n\t\n<a href=\"https:\/\/ucm.one\/de\/barbara-philipp-fuer-den-deutschen-filmpreis-2024-in-der-kategorie-beste-weibliche-nebendarstellerin-nominiert\/\" class=\"post-details details-type-link\" aria-label=\"Read more about \ud83c\udfac Barbara Philipp f\u00fcr den Deutschen Filmpreis 2024 in der Kategorie \u201cBeste weibliche Nebendarstellerin\u201d nominiert\">Mehr lesen<i class=\"dt-icon-the7-arrow-03\" aria-hidden=\"true\"><\/i><\/a>\n\n<\/div><\/article><\/div><div class=\"hidden wf-cell\" data-post-id=\"100658\" data-date=\"2024-01-19T16:23:46+00:00\" data-name=\"\ud83c\udfac Begeistertes Publikum: &quot;Sprich mit mir\u201c feiert Kinostartpremiere im Colosseum Filmtheater Berlin\"><article class=\"post project-odd visible post-100658 type-post status-publish format-standard has-post-thumbnail hentry category-darling-berlin category-film category-filmvertrieb-de category-kino category-news category-weltvertrieb tag-alina-stiegler tag-barbara-phillipp tag-clara-gerst tag-colosseum-filmtheater tag-darling-berlin tag-hannah-sioda tag-janin-halisch tag-knut-elstermann tag-pearl-graw tag-peter-lohmeyer tag-premiere tag-sprich-mit-mir tag-talk-to-me category-830 category-8 category-15325 category-10 category-13 category-7528\" data-name=\"\ud83c\udfac Begeistertes Publikum: &#8222;Sprich mit mir\u201c feiert Kinostartpremiere im Colosseum Filmtheater Berlin\" data-date=\"2024-01-19T16:23:46+00:00\">\n\n<div class=\"post-thumbnail-wrap\">\n\t<div class=\"post-thumbnail\">\n\t\t\n\t\t\n\t\t<a href=\"https:\/\/ucm.one\/de\/begeistertes-publikum-sprich-mit-mir-feiert-kinostartpremiere-im-colosseum-filmtheater-berlin\/\" class=\"post-thumbnail-rollover layzr-bg layzr-bg\" ><img decoding=\"async\" class=\"iso-lazy-load preload-me iso-lazy-load aspect\" src=\"data:image\/svg+xml,%3Csvg%20xmlns%3D&#39;http%3A%2F%2Fwww.w3.org%2F2000%2Fsvg&#39;%20viewBox%3D&#39;0%200%20990%20309&#39;%2F%3E\" data-src=\"https:\/\/ucm.one\/wp-content\/uploads\/2024\/01\/B-Sprich-mit-mir-Pemiere-990x309.jpg\" data-srcset=\"https:\/\/ucm.one\/wp-content\/uploads\/2024\/01\/B-Sprich-mit-mir-Pemiere-990x309.jpg 990w, https:\/\/ucm.one\/wp-content\/uploads\/2024\/01\/B-Sprich-mit-mir-Pemiere-1485x464.jpg 1485w\" loading=\"eager\" style=\"--ratio: 990 \/ 309\" sizes=\"(max-width: 990px) 100vw, 990px\" alt=\"\" title=\"B Sprich mit mir Pemiere\" width=\"990\" height=\"309\"  \/><\/a>\t<\/div>\n<\/div>\n\n\n<div class=\"post-entry-content\">\n\n\t<h3 class=\"entry-title\">\n\t\t<a href=\"https:\/\/ucm.one\/de\/begeistertes-publikum-sprich-mit-mir-feiert-kinostartpremiere-im-colosseum-filmtheater-berlin\/\" title=\"\ud83c\udfac Begeistertes Publikum: &#8222;Sprich mit mir\u201c feiert Kinostartpremiere im Colosseum Filmtheater Berlin\" rel=\"bookmark\">\ud83c\udfac Begeistertes Publikum: &#8222;Sprich mit mir\u201c feiert Kinostartpremiere im Colosseum Filmtheater Berlin<\/a>\n\t<\/h3>\n\n\t<div class=\"entry-meta\"><span class=\"category-link\"><a href=\"https:\/\/ucm.one\/de\/category\/news\/film\/darling-berlin\/\" >Darling Berlin<\/a>, <a href=\"https:\/\/ucm.one\/de\/category\/news\/film\/\" >Film<\/a>, <a href=\"https:\/\/ucm.one\/de\/category\/news\/vertrieb-von-medien-de\/filmvertrieb-de\/\" >Filmvertrieb<\/a>, <a href=\"https:\/\/ucm.one\/de\/category\/news\/kino\/\" >Kino<\/a>, <a href=\"https:\/\/ucm.one\/de\/category\/news\/\" >News<\/a>, <a href=\"https:\/\/ucm.one\/de\/category\/news\/verleih\/weltvertrieb\/\" >Weltvertrieb<\/a><\/span><\/div>\n\t<div class=\"entry-excerpt\"><p>[vc_row][vc_column][vc_column_text] Das Filmdrama \u201eSprich mit mir\u201c von Janin Halisch, hatte am 18.01.2024 in Berlin seine Kinostartpremiere im nahezu ausverkauften Saal 1 des Colosseum Filmtheaters im Berliner Prenzlauer Berg. Unter den zahlreichen Premiereng\u00e4sten fanden sich neben Cast und Crew auch viele Vertreter der Medien- und Filmindustrie. Der Film um eine bewegende Mutter-Tochter-Beziehung wurde vom Publikum begeistert&hellip;<\/p>\n<\/div>\n\t\n<a href=\"https:\/\/ucm.one\/de\/begeistertes-publikum-sprich-mit-mir-feiert-kinostartpremiere-im-colosseum-filmtheater-berlin\/\" class=\"post-details details-type-link\" aria-label=\"Read more about \ud83c\udfac Begeistertes Publikum: &#8222;Sprich mit mir\u201c feiert Kinostartpremiere im Colosseum Filmtheater Berlin\">Mehr lesen<i class=\"dt-icon-the7-arrow-03\" aria-hidden=\"true\"><\/i><\/a>\n\n<\/div><\/article><\/div><div class=\"hidden wf-cell\" data-post-id=\"100632\" data-date=\"2024-01-18T15:55:30+00:00\" data-name=\"\ud83c\udfac \u201eSprich mit mir\u201c (Darling Berlin) von Janin Halisch startet heute in den Kinos\"><article class=\"post project-odd visible post-100632 type-post status-publish format-standard has-post-thumbnail hentry category-darling-berlin category-film category-filmvertrieb-de category-kino category-news category-weltvertrieb tag-alina-stiegler tag-barbara-phillipp tag-clara-gerst tag-darling-berlin tag-hannah-sioda tag-janin-halisch tag-pearl-graw tag-peter-lohmeyer tag-sprich-mit-mir tag-talk-to-me category-830 category-8 category-15325 category-10 category-13 category-7528\" data-name=\"\ud83c\udfac \u201eSprich mit mir\u201c (Darling Berlin) von Janin Halisch startet heute in den Kinos\" data-date=\"2024-01-18T15:55:30+00:00\">\n\n<div class=\"post-thumbnail-wrap\">\n\t<div class=\"post-thumbnail\">\n\t\t\n\t\t\n\t\t<a href=\"https:\/\/ucm.one\/de\/sprich-mit-mir-darling-berlin-von-janin-halisch-startet-heute-in-den-kinos\/\" class=\"post-thumbnail-rollover layzr-bg layzr-bg\" ><img decoding=\"async\" class=\"iso-lazy-load preload-me iso-lazy-load aspect\" src=\"data:image\/svg+xml,%3Csvg%20xmlns%3D&#39;http%3A%2F%2Fwww.w3.org%2F2000%2Fsvg&#39;%20viewBox%3D&#39;0%200%20990%20309&#39;%2F%3E\" data-src=\"https:\/\/ucm.one\/wp-content\/uploads\/2024\/01\/B-Sprich-mit-mir-Kinostart-990x309.jpeg\" data-srcset=\"https:\/\/ucm.one\/wp-content\/uploads\/2024\/01\/B-Sprich-mit-mir-Kinostart-990x309.jpeg 990w, https:\/\/ucm.one\/wp-content\/uploads\/2024\/01\/B-Sprich-mit-mir-Kinostart-1485x464.jpeg 1485w\" loading=\"eager\" style=\"--ratio: 990 \/ 309\" sizes=\"(max-width: 990px) 100vw, 990px\" alt=\"\" title=\"B Sprich mit mir Kinostart\" width=\"990\" height=\"309\"  \/><\/a>\t<\/div>\n<\/div>\n\n\n<div class=\"post-entry-content\">\n\n\t<h3 class=\"entry-title\">\n\t\t<a href=\"https:\/\/ucm.one\/de\/sprich-mit-mir-darling-berlin-von-janin-halisch-startet-heute-in-den-kinos\/\" title=\"\ud83c\udfac \u201eSprich mit mir\u201c (Darling Berlin) von Janin Halisch startet heute in den Kinos\" rel=\"bookmark\">\ud83c\udfac \u201eSprich mit mir\u201c (Darling Berlin) von Janin Halisch startet heute in den Kinos<\/a>\n\t<\/h3>\n\n\t<div class=\"entry-meta\"><span class=\"category-link\"><a href=\"https:\/\/ucm.one\/de\/category\/news\/film\/darling-berlin\/\" >Darling Berlin<\/a>, <a href=\"https:\/\/ucm.one\/de\/category\/news\/film\/\" >Film<\/a>, <a href=\"https:\/\/ucm.one\/de\/category\/news\/vertrieb-von-medien-de\/filmvertrieb-de\/\" >Filmvertrieb<\/a>, <a href=\"https:\/\/ucm.one\/de\/category\/news\/kino\/\" >Kino<\/a>, <a href=\"https:\/\/ucm.one\/de\/category\/news\/\" >News<\/a>, <a href=\"https:\/\/ucm.one\/de\/category\/news\/verleih\/weltvertrieb\/\" >Weltvertrieb<\/a><\/span><\/div>\n\t<div class=\"entry-excerpt\"><p>[vc_row][vc_column][vc_column_text] Mit Auff\u00fchrungen unter anderen in Berlin, Hamburg, M\u00fcnchen, M\u00fcnster und Aachen startet heute der Spielfilm \u201eSprich mit mir\u201c (Darling Berlin) in den Kinos. Janin\u00a0Halischs Deb\u00fctfilm beleuchtet die komplexe Beziehung zweier Frauen, die mit Missverst\u00e4ndnissen und Kommunikationsproblemen k\u00e4mpfen. Janin\u00a0Halischs tiefgehende, einf\u00fchlsame Darstellung hebt die emotionalen Konflikte und die Beziehungsdynamik der Figuren hervor, unterst\u00fctzt durch visuelle&hellip;<\/p>\n<\/div>\n\t\n<a href=\"https:\/\/ucm.one\/de\/sprich-mit-mir-darling-berlin-von-janin-halisch-startet-heute-in-den-kinos\/\" class=\"post-details details-type-link\" aria-label=\"Read more about \ud83c\udfac \u201eSprich mit mir\u201c (Darling Berlin) von Janin Halisch startet heute in den Kinos\">Mehr lesen<i class=\"dt-icon-the7-arrow-03\" aria-hidden=\"true\"><\/i><\/a>\n\n<\/div><\/article><\/div><div class=\"hidden wf-cell\" data-post-id=\"100313\" data-date=\"2024-01-02T01:00:43+00:00\" data-name=\"\ud83c\udfac Kinostartpremiere von \u201eSprich mit mir\u201c am 18. Januar 2024 im traditionsreichen Berliner Colosseum Filmtheater\"><article class=\"post project-odd visible post-100313 type-post status-publish format-standard has-post-thumbnail hentry category-darling-berlin category-film category-filmvertrieb-de category-kino category-news category-weltvertrieb tag-alina-stiegler tag-barbara-phillipp tag-clara-gerst tag-colosseum-filmtheater tag-darling-berlin tag-hannah-sioda tag-janin-halisch tag-knut-elstermann tag-pearl-graw tag-peter-lohmeyer tag-sprich-mit-mir tag-talk-to-me category-830 category-8 category-15325 category-10 category-13 category-7528\" data-name=\"\ud83c\udfac Kinostartpremiere von \u201eSprich mit mir\u201c am 18. Januar 2024 im traditionsreichen Berliner Colosseum Filmtheater\" data-date=\"2024-01-02T01:00:43+00:00\">\n\n<div class=\"post-thumbnail-wrap\">\n\t<div class=\"post-thumbnail\">\n\t\t\n\t\t\n\t\t<a href=\"https:\/\/ucm.one\/de\/kinostartpremiere-von-sprich-mir-mir-am-18-januar-2024-im-traditionsreichen-berliner-colosseum-filmtheater\/\" class=\"post-thumbnail-rollover layzr-bg layzr-bg\" ><img decoding=\"async\" class=\"iso-lazy-load preload-me iso-lazy-load aspect\" src=\"data:image\/svg+xml,%3Csvg%20xmlns%3D&#39;http%3A%2F%2Fwww.w3.org%2F2000%2Fsvg&#39;%20viewBox%3D&#39;0%200%20990%20309&#39;%2F%3E\" data-src=\"https:\/\/ucm.one\/wp-content\/uploads\/2024\/01\/B-Sprich-mit-mir-Ankuendigung-Premiere-990x309.jpg\" data-srcset=\"https:\/\/ucm.one\/wp-content\/uploads\/2024\/01\/B-Sprich-mit-mir-Ankuendigung-Premiere-990x309.jpg 990w, https:\/\/ucm.one\/wp-content\/uploads\/2024\/01\/B-Sprich-mit-mir-Ankuendigung-Premiere-1485x464.jpg 1485w\" loading=\"eager\" style=\"--ratio: 990 \/ 309\" sizes=\"(max-width: 990px) 100vw, 990px\" alt=\"\" title=\"B Sprich mit mir Ank\u00fcndigung Premiere\" width=\"990\" height=\"309\"  \/><\/a>\t<\/div>\n<\/div>\n\n\n<div class=\"post-entry-content\">\n\n\t<h3 class=\"entry-title\">\n\t\t<a href=\"https:\/\/ucm.one\/de\/kinostartpremiere-von-sprich-mir-mir-am-18-januar-2024-im-traditionsreichen-berliner-colosseum-filmtheater\/\" title=\"\ud83c\udfac Kinostartpremiere von \u201eSprich mit mir\u201c am 18. Januar 2024 im traditionsreichen Berliner Colosseum Filmtheater\" rel=\"bookmark\">\ud83c\udfac Kinostartpremiere von \u201eSprich mit mir\u201c am 18. Januar 2024 im traditionsreichen Berliner Colosseum Filmtheater<\/a>\n\t<\/h3>\n\n\t<div class=\"entry-meta\"><span class=\"category-link\"><a href=\"https:\/\/ucm.one\/de\/category\/news\/film\/darling-berlin\/\" >Darling Berlin<\/a>, <a href=\"https:\/\/ucm.one\/de\/category\/news\/film\/\" >Film<\/a>, <a href=\"https:\/\/ucm.one\/de\/category\/news\/vertrieb-von-medien-de\/filmvertrieb-de\/\" >Filmvertrieb<\/a>, <a href=\"https:\/\/ucm.one\/de\/category\/news\/kino\/\" >Kino<\/a>, <a href=\"https:\/\/ucm.one\/de\/category\/news\/\" >News<\/a>, <a href=\"https:\/\/ucm.one\/de\/category\/news\/verleih\/weltvertrieb\/\" >Weltvertrieb<\/a><\/span><\/div>\n\t<div class=\"entry-excerpt\"><p>[vc_row][vc_column][vc_column_text] Am 18. Januar 2024 feiert der Spielfilm \u201eSprich mit mir\u201c von Janin Halisch seine Kinostartpremiere im renommierten Berliner Colosseum Filmtheater an der Sch\u00f6nhauser Allee im Berliner Stadtteil Prenzlauer Berg. Im Anschlu\u00df an die Vorf\u00fchrung f\u00fchrt Rundfunkmoderator und Filmkritiker Knut Elstermann ein Filmgespr\u00e4ch mit Regisseurin Janin Halisch, den Hauptdarsteller:innen Alina Stiegler, Barbara Philipp und Peter&hellip;<\/p>\n<\/div>\n\t\n<a href=\"https:\/\/ucm.one\/de\/kinostartpremiere-von-sprich-mir-mir-am-18-januar-2024-im-traditionsreichen-berliner-colosseum-filmtheater\/\" class=\"post-details details-type-link\" aria-label=\"Read more about \ud83c\udfac Kinostartpremiere von \u201eSprich mit mir\u201c am 18. Januar 2024 im traditionsreichen Berliner Colosseum Filmtheater\">Mehr lesen<i class=\"dt-icon-the7-arrow-03\" aria-hidden=\"true\"><\/i><\/a>\n\n<\/div><\/article><\/div><div class=\"hidden wf-cell\" data-post-id=\"97402\" data-date=\"2023-10-09T16:54:01+00:00\" data-name=\"\ud83c\udfac Produzentin Clara Gerst von \u201eSprich mit mir\u201c mit dem &quot;No Fear Award&quot; ausgezeichnet\"><article class=\"post project-odd visible post-97402 type-post status-publish format-standard has-post-thumbnail hentry category-darling-berlin category-film category-filmvertrieb-de category-kino category-news category-weltvertrieb tag-alina-stiegler tag-barbara-phillipp tag-clara-gerst tag-darling-berlin tag-first-steps-awards tag-hannah-sioda tag-janin-halisch tag-no-fear-award tag-pearl-graw tag-peter-lohmeyer tag-sprich-mit-mir tag-talk-to-me category-830 category-8 category-15325 category-10 category-13 category-7528\" data-name=\"\ud83c\udfac Produzentin Clara Gerst von \u201eSprich mit mir\u201c mit dem &#8222;No Fear Award&#8220; ausgezeichnet\" data-date=\"2023-10-09T16:54:01+00:00\">\n\n<div class=\"post-thumbnail-wrap\">\n\t<div class=\"post-thumbnail\">\n\t\t\n\t\t\n\t\t<a href=\"https:\/\/ucm.one\/de\/produzentin-clara-gerst-von-sprich-mit-mir-mit-dem-no-fear-award-ausgezeichnet\/\" class=\"post-thumbnail-rollover layzr-bg layzr-bg\" ><img decoding=\"async\" class=\"iso-lazy-load preload-me iso-lazy-load aspect\" src=\"data:image\/svg+xml,%3Csvg%20xmlns%3D&#39;http%3A%2F%2Fwww.w3.org%2F2000%2Fsvg&#39;%20viewBox%3D&#39;0%200%20990%20309&#39;%2F%3E\" data-src=\"https:\/\/ucm.one\/wp-content\/uploads\/2023\/10\/B-Sprich-mit-mir-NO-FEAR-Award-990x309.jpeg\" data-srcset=\"https:\/\/ucm.one\/wp-content\/uploads\/2023\/10\/B-Sprich-mit-mir-NO-FEAR-Award-990x309.jpeg 990w, https:\/\/ucm.one\/wp-content\/uploads\/2023\/10\/B-Sprich-mit-mir-NO-FEAR-Award-1485x464.jpeg 1485w\" loading=\"eager\" style=\"--ratio: 990 \/ 309\" sizes=\"(max-width: 990px) 100vw, 990px\" alt=\"\" title=\"B Sprich mit mir NO FEAR Award\" width=\"990\" height=\"309\"  \/><\/a>\t<\/div>\n<\/div>\n\n\n<div class=\"post-entry-content\">\n\n\t<h3 class=\"entry-title\">\n\t\t<a href=\"https:\/\/ucm.one\/de\/produzentin-clara-gerst-von-sprich-mit-mir-mit-dem-no-fear-award-ausgezeichnet\/\" title=\"\ud83c\udfac Produzentin Clara Gerst von \u201eSprich mit mir\u201c mit dem &#8222;No Fear Award&#8220; ausgezeichnet\" rel=\"bookmark\">\ud83c\udfac Produzentin Clara Gerst von \u201eSprich mit mir\u201c mit dem &#8222;No Fear Award&#8220; ausgezeichnet<\/a>\n\t<\/h3>\n\n\t<div class=\"entry-meta\"><span class=\"category-link\"><a href=\"https:\/\/ucm.one\/de\/category\/news\/film\/darling-berlin\/\" >Darling Berlin<\/a>, <a href=\"https:\/\/ucm.one\/de\/category\/news\/film\/\" >Film<\/a>, <a href=\"https:\/\/ucm.one\/de\/category\/news\/vertrieb-von-medien-de\/filmvertrieb-de\/\" >Filmvertrieb<\/a>, <a href=\"https:\/\/ucm.one\/de\/category\/news\/kino\/\" >Kino<\/a>, <a href=\"https:\/\/ucm.one\/de\/category\/news\/\" >News<\/a>, <a href=\"https:\/\/ucm.one\/de\/category\/news\/verleih\/weltvertrieb\/\" >Weltvertrieb<\/a><\/span><\/div>\n\t<div class=\"entry-excerpt\"><p>[vc_row][vc_column][vc_column_text] Die Produzentin des Spielfilms &#8222;Sprich mit mir&#8222;, Clara Gerst, wurde am Sonntag, 08. Oktober 2023, bei der Verleihung der Nachwuchspreise des Deutschen Films, First Steps Awards\u00a02023, mit dem Produzent*innen-Preis &#8222;No Fear Award\u201c ausgezeichnet. [\/vc_column_text][vc_column_text]&#8220;First Steps \u2013 Der deutsche Nachwuchspreis&#8220; ist ein j\u00e4hrlicher Wettbewerb, der seit dem Jahr 2000 stattfindet. Er richtet sich an Abschlussfilme&hellip;<\/p>\n<\/div>\n\t\n<a href=\"https:\/\/ucm.one\/de\/produzentin-clara-gerst-von-sprich-mit-mir-mit-dem-no-fear-award-ausgezeichnet\/\" class=\"post-details details-type-link\" aria-label=\"Read more about \ud83c\udfac Produzentin Clara Gerst von \u201eSprich mit mir\u201c mit dem &#8222;No Fear Award&#8220; ausgezeichnet\">Mehr lesen<i class=\"dt-icon-the7-arrow-03\" aria-hidden=\"true\"><\/i><\/a>\n\n<\/div><\/article><\/div><div class=\"hidden wf-cell\" data-post-id=\"97367\" data-date=\"2023-10-05T23:15:48+00:00\" data-name=\"\ud83c\udfac &quot;Sprich mit mir&quot; von Janin Halisch feiert internationale Premiere als Wettbewerbsbeitrag des 39. Internationalen Filmfestival Warschau\"><article class=\"post project-odd visible post-97367 type-post status-publish format-standard has-post-thumbnail hentry category-darling-berlin category-film category-filmvertrieb-de category-kino category-news category-weltvertrieb tag-alina-stiegler tag-barbara-phillipp tag-clara-gerst tag-darling-berlin tag-hannah-sioda tag-internationales-filmfestival-warschau tag-janin-halisch tag-pearl-graw tag-peter-lohmeyer tag-sprich-mit-mir tag-talk-to-me category-830 category-8 category-15325 category-10 category-13 category-7528\" data-name=\"\ud83c\udfac &#8222;Sprich mit mir&#8220; von Janin Halisch feiert internationale Premiere als Wettbewerbsbeitrag des 39. Internationalen Filmfestival Warschau\" data-date=\"2023-10-05T23:15:48+00:00\">\n\n<div class=\"post-thumbnail-wrap\">\n\t<div class=\"post-thumbnail\">\n\t\t\n\t\t\n\t\t<a href=\"https:\/\/ucm.one\/de\/sprich-mit-mir-von-janin-halisch-feiert-internationale-premiere-als-wettbewerbsbeitrag-des-39-internationalen-filmfestival-warschau\/\" class=\"post-thumbnail-rollover layzr-bg layzr-bg\" ><img decoding=\"async\" class=\"iso-lazy-load preload-me iso-lazy-load aspect\" src=\"data:image\/svg+xml,%3Csvg%20xmlns%3D&#39;http%3A%2F%2Fwww.w3.org%2F2000%2Fsvg&#39;%20viewBox%3D&#39;0%200%20990%20309&#39;%2F%3E\" data-src=\"https:\/\/ucm.one\/wp-content\/uploads\/2023\/10\/B-Sprich-mit-mir-Int.Premiere-39.-IFFW-990x309.jpg\" data-srcset=\"https:\/\/ucm.one\/wp-content\/uploads\/2023\/10\/B-Sprich-mit-mir-Int.Premiere-39.-IFFW-990x309.jpg 990w, https:\/\/ucm.one\/wp-content\/uploads\/2023\/10\/B-Sprich-mit-mir-Int.Premiere-39.-IFFW-1485x464.jpg 1485w\" loading=\"eager\" style=\"--ratio: 990 \/ 309\" sizes=\"(max-width: 990px) 100vw, 990px\" alt=\"\" title=\"B Sprich mit mir Int.Premiere 39. IFFW\" width=\"990\" height=\"309\"  \/><\/a>\t<\/div>\n<\/div>\n\n\n<div class=\"post-entry-content\">\n\n\t<h3 class=\"entry-title\">\n\t\t<a href=\"https:\/\/ucm.one\/de\/sprich-mit-mir-von-janin-halisch-feiert-internationale-premiere-als-wettbewerbsbeitrag-des-39-internationalen-filmfestival-warschau\/\" title=\"\ud83c\udfac &#8222;Sprich mit mir&#8220; von Janin Halisch feiert internationale Premiere als Wettbewerbsbeitrag des 39. Internationalen Filmfestival Warschau\" rel=\"bookmark\">\ud83c\udfac &#8222;Sprich mit mir&#8220; von Janin Halisch feiert internationale Premiere als Wettbewerbsbeitrag des 39. Internationalen Filmfestival Warschau<\/a>\n\t<\/h3>\n\n\t<div class=\"entry-meta\"><span class=\"category-link\"><a href=\"https:\/\/ucm.one\/de\/category\/news\/film\/darling-berlin\/\" >Darling Berlin<\/a>, <a href=\"https:\/\/ucm.one\/de\/category\/news\/film\/\" >Film<\/a>, <a href=\"https:\/\/ucm.one\/de\/category\/news\/vertrieb-von-medien-de\/filmvertrieb-de\/\" >Filmvertrieb<\/a>, <a href=\"https:\/\/ucm.one\/de\/category\/news\/kino\/\" >Kino<\/a>, <a href=\"https:\/\/ucm.one\/de\/category\/news\/\" >News<\/a>, <a href=\"https:\/\/ucm.one\/de\/category\/news\/verleih\/weltvertrieb\/\" >Weltvertrieb<\/a><\/span><\/div>\n\t<div class=\"entry-excerpt\"><p>[vc_row][vc_column][vc_column_text] Der Spielfilm \u201eSprich mit mir\u201c von Autorin und Regisseurin Janin Halisch feiert\u00a0am 6. Oktober 2023\u00a0seine internationale Premiere auf dem 39. Internationalen Filmfestival Warschau. Der Film startet in der Wettbewerbskategorie &#8222;1-2 Wettbewerb: Deb\u00fct- und Zweitfilme \u00fcber 60. Minuten von Regisseur*innen aus der ganzen Welt\u201c. [\/vc_column_text][\/vc_column][\/vc_row][vc_row][vc_column width=&#8220;3\/4&#8243;][vc_row_inner][vc_column_inner][vc_column_text] Das Internationale Filmfestival Warschau findet vom 6. bis 15.&hellip;<\/p>\n<\/div>\n\t\n<a href=\"https:\/\/ucm.one\/de\/sprich-mit-mir-von-janin-halisch-feiert-internationale-premiere-als-wettbewerbsbeitrag-des-39-internationalen-filmfestival-warschau\/\" class=\"post-details details-type-link\" aria-label=\"Read more about \ud83c\udfac &#8222;Sprich mit mir&#8220; von Janin Halisch feiert internationale Premiere als Wettbewerbsbeitrag des 39. Internationalen Filmfestival Warschau\">Mehr lesen<i class=\"dt-icon-the7-arrow-03\" aria-hidden=\"true\"><\/i><\/a>\n\n<\/div><\/article><\/div><div class=\"hidden wf-cell\" data-post-id=\"93424\" data-date=\"2023-04-19T11:50:50+00:00\" data-name=\"\ud83c\udfac &quot;Monolith&quot; von Julius Schulthei\u00df gewinnt &quot;Achtung Berlin Award&quot; als Bester Spielfilm\"><article class=\"post project-odd visible post-93424 type-post status-publish format-standard has-post-thumbnail hentry category-darling-berlin category-film category-firma category-kino category-news tag-15026 tag-achtung-berlin tag-achtung-berlin-fimfestival tag-alaska tag-berlin tag-bester-film tag-bestes-drehbuch tag-bettina-bluemer tag-darling-berlin tag-filmfestival tag-hannah-sioda tag-janin-halisch tag-julius-schultheiss tag-max-gleschinski tag-milena-dreissig tag-monolith tag-regina-kraeh tag-sebastian-brose tag-sprich-mit-mir category-830 category-8 category-5590 category-10 category-13\" data-name=\"\ud83c\udfac &#8222;Monolith&#8220; von Julius Schulthei\u00df gewinnt &#8222;Achtung Berlin Award&#8220; als Bester Spielfilm\" data-date=\"2023-04-19T11:50:50+00:00\">\n\n<div class=\"post-thumbnail-wrap\">\n\t<div class=\"post-thumbnail\">\n\t\t\n\t\t\n\t\t<a href=\"https:\/\/ucm.one\/de\/monolith-von-julius-schultheiss-gewinnt-achtung-berlin-award-als-bester-spielfilm\/\" class=\"post-thumbnail-rollover layzr-bg layzr-bg\" ><img decoding=\"async\" class=\"iso-lazy-load preload-me iso-lazy-load aspect\" src=\"data:image\/svg+xml,%3Csvg%20xmlns%3D&#39;http%3A%2F%2Fwww.w3.org%2F2000%2Fsvg&#39;%20viewBox%3D&#39;0%200%20990%20309&#39;%2F%3E\" data-src=\"https:\/\/ucm.one\/wp-content\/uploads\/2023\/04\/Monolith-Achtung-Berlin-Banner-DE-1920x600-1-990x309.jpg\" data-srcset=\"https:\/\/ucm.one\/wp-content\/uploads\/2023\/04\/Monolith-Achtung-Berlin-Banner-DE-1920x600-1-990x309.jpg 990w, https:\/\/ucm.one\/wp-content\/uploads\/2023\/04\/Monolith-Achtung-Berlin-Banner-DE-1920x600-1-1485x464.jpg 1485w\" loading=\"eager\" style=\"--ratio: 990 \/ 309\" sizes=\"(max-width: 990px) 100vw, 990px\" alt=\"\" title=\"Monolith Achtung Berlin Banner DE 1920&#215;600\" width=\"990\" height=\"309\"  \/><\/a>\t<\/div>\n<\/div>\n\n\n<div class=\"post-entry-content\">\n\n\t<h3 class=\"entry-title\">\n\t\t<a href=\"https:\/\/ucm.one\/de\/monolith-von-julius-schultheiss-gewinnt-achtung-berlin-award-als-bester-spielfilm\/\" title=\"\ud83c\udfac &#8222;Monolith&#8220; von Julius Schulthei\u00df gewinnt &#8222;Achtung Berlin Award&#8220; als Bester Spielfilm\" rel=\"bookmark\">\ud83c\udfac &#8222;Monolith&#8220; von Julius Schulthei\u00df gewinnt &#8222;Achtung Berlin Award&#8220; als Bester Spielfilm<\/a>\n\t<\/h3>\n\n\t<div class=\"entry-meta\"><span class=\"category-link\"><a href=\"https:\/\/ucm.one\/de\/category\/news\/film\/darling-berlin\/\" >Darling Berlin<\/a>, <a href=\"https:\/\/ucm.one\/de\/category\/news\/film\/\" >Film<\/a>, <a href=\"https:\/\/ucm.one\/de\/category\/news\/firma\/\" >Firma<\/a>, <a href=\"https:\/\/ucm.one\/de\/category\/news\/kino\/\" >Kino<\/a>, <a href=\"https:\/\/ucm.one\/de\/category\/news\/\" >News<\/a><\/span><\/div>\n\t<div class=\"entry-excerpt\"><p>[vc_row][vc_column][vc_column_text] Auf dem 19. Achtung Berlin Filmfestival 2023 wurde der von Finderlohnfilm produzierte und UCMP koproduzierte Film \u201cMonolith&#8220; von Julius Schulthei\u00df als &#8222;Bester Spielfilm&#8222; ausgezeichnet. Der von UCM.ONE auf dem Label Darling Berlin vertriebene Film sei ein \u201eruhig und sehr eindringlich erz\u00e4hltes\u00a0Drama \u00fcber einen verdeckten Ermittler, dessen Existenz und Glaube auf dem Spiel steht\u201c, teilte&hellip;<\/p>\n<\/div>\n\t\n<a href=\"https:\/\/ucm.one\/de\/monolith-von-julius-schultheiss-gewinnt-achtung-berlin-award-als-bester-spielfilm\/\" class=\"post-details details-type-link\" aria-label=\"Read more about \ud83c\udfac &#8222;Monolith&#8220; von Julius Schulthei\u00df gewinnt &#8222;Achtung Berlin Award&#8220; als Bester Spielfilm\">Mehr lesen<i class=\"dt-icon-the7-arrow-03\" aria-hidden=\"true\"><\/i><\/a>\n\n<\/div><\/article><\/div><div class=\"hidden wf-cell\" data-post-id=\"88179\" data-date=\"2023-02-19T22:29:06+00:00\" data-name=\"\ud83c\udfac UCM.ONE akquiriert w\u00e4hrend der 73. Berlinale das Coming-Of-Age-Drama &quot;Sprich mit mir&quot; von Janin Halisch\"><article class=\"post project-odd visible post-88179 type-post status-publish format-standard has-post-thumbnail hentry category-darling-berlin category-film category-filmvertrieb-de category-kino category-news category-weltvertrieb tag-alina-stiegler tag-barbara-phillipp tag-clara-gerst tag-darling-berlin tag-hannah-sioda tag-janin-halisch tag-pearl-graw tag-peter-lohmeyer tag-sprich-mit-mir tag-talk-to-me category-830 category-8 category-15325 category-10 category-13 category-7528\" data-name=\"\ud83c\udfac UCM.ONE akquiriert w\u00e4hrend der 73. Berlinale das Coming-Of-Age-Drama &#8222;Sprich mit mir&#8220; von Janin Halisch\" data-date=\"2023-02-19T22:29:06+00:00\">\n\n<div class=\"post-thumbnail-wrap\">\n\t<div class=\"post-thumbnail\">\n\t\t\n\t\t\n\t\t<a href=\"https:\/\/ucm.one\/de\/ucm-one-akquiriert-waehrend-der-73-berlinale-das-coming-of-age-drama-sprich-mit-mir-von-janin-halisch\/\" class=\"post-thumbnail-rollover layzr-bg layzr-bg\" ><img decoding=\"async\" class=\"iso-lazy-load preload-me iso-lazy-load aspect\" src=\"data:image\/svg+xml,%3Csvg%20xmlns%3D&#39;http%3A%2F%2Fwww.w3.org%2F2000%2Fsvg&#39;%20viewBox%3D&#39;0%200%20990%20309&#39;%2F%3E\" data-src=\"https:\/\/ucm.one\/wp-content\/uploads\/2023\/02\/B-Sprich-mit-mir-Signing-990x309.jpg\" data-srcset=\"https:\/\/ucm.one\/wp-content\/uploads\/2023\/02\/B-Sprich-mit-mir-Signing-990x309.jpg 990w, https:\/\/ucm.one\/wp-content\/uploads\/2023\/02\/B-Sprich-mit-mir-Signing-1485x464.jpg 1485w\" loading=\"eager\" style=\"--ratio: 990 \/ 309\" sizes=\"(max-width: 990px) 100vw, 990px\" alt=\"\" title=\"B Sprich mit mir Signing\" width=\"990\" height=\"309\"  \/><\/a>\t<\/div>\n<\/div>\n\n\n<div class=\"post-entry-content\">\n\n\t<h3 class=\"entry-title\">\n\t\t<a href=\"https:\/\/ucm.one\/de\/ucm-one-akquiriert-waehrend-der-73-berlinale-das-coming-of-age-drama-sprich-mit-mir-von-janin-halisch\/\" title=\"\ud83c\udfac UCM.ONE akquiriert w\u00e4hrend der 73. Berlinale das Coming-Of-Age-Drama &#8222;Sprich mit mir&#8220; von Janin Halisch\" rel=\"bookmark\">\ud83c\udfac UCM.ONE akquiriert w\u00e4hrend der 73. Berlinale das Coming-Of-Age-Drama &#8222;Sprich mit mir&#8220; von Janin Halisch<\/a>\n\t<\/h3>\n\n\t<div class=\"entry-meta\"><span class=\"category-link\"><a href=\"https:\/\/ucm.one\/de\/category\/news\/film\/darling-berlin\/\" >Darling Berlin<\/a>, <a href=\"https:\/\/ucm.one\/de\/category\/news\/film\/\" >Film<\/a>, <a href=\"https:\/\/ucm.one\/de\/category\/news\/vertrieb-von-medien-de\/filmvertrieb-de\/\" >Filmvertrieb<\/a>, <a href=\"https:\/\/ucm.one\/de\/category\/news\/kino\/\" >Kino<\/a>, <a href=\"https:\/\/ucm.one\/de\/category\/news\/\" >News<\/a>, <a href=\"https:\/\/ucm.one\/de\/category\/news\/verleih\/weltvertrieb\/\" >Weltvertrieb<\/a><\/span><\/div>\n\t<div class=\"entry-excerpt\"><p>[vc_row][vc_column][vc_column_text] Der von den Deutschen Film und Fernsehakademie Berlin (DFFB) [Produktion: Clara Gerst]\u00a0produzierte Spielfilm &#8222;Sprich mit mir&#8220; (Internationaler Titel: &#8222;Talk to me&#8222;) von Janin Halisch (Buch u. Regie,) wurde am Rande der 73. Internationalen Berliner Filmfestpiele auf dem Europ\u00e4ischen Filmmarkt (EFM) von UCM.ONE f\u00fcr den Kinoverleih sowie den Weltvertrieb akquiriert. [\/vc_column_text][\/vc_column][\/vc_row][vc_row][vc_column width=&#8220;3\/4&#8243;][vc_row_inner][vc_column_inner][vc_column_text] Neben Alina Stiegler,&hellip;<\/p>\n<\/div>\n\t\n<a href=\"https:\/\/ucm.one\/de\/ucm-one-akquiriert-waehrend-der-73-berlinale-das-coming-of-age-drama-sprich-mit-mir-von-janin-halisch\/\" class=\"post-details details-type-link\" aria-label=\"Read more about \ud83c\udfac UCM.ONE akquiriert w\u00e4hrend der 73. Berlinale das Coming-Of-Age-Drama &#8222;Sprich mit mir&#8220; von Janin Halisch\">Mehr lesen<i class=\"dt-icon-the7-arrow-03\" aria-hidden=\"true\"><\/i><\/a>\n\n<\/div><\/article><\/div><\/div><!-- iso-container|iso-grid --><div class=\"paginator paginator-more-button\">\n\t\t\t\t<a class=\"button-load-more \" href=\"javascript:void(0);\" data-dt-page=\"1\" ><span class=\"stick\"><\/span><span class=\"stick\"><\/span><span class=\"stick\"><\/span><span class=\"button-caption\">Mehr laden<\/span><\/a>\n\t\t\t<\/div><\/div>[\/vc_tta_section][\/vc_tta_accordion][vc_separator][\/vc_column][\/vc_row][vc_row][vc_column][vc_column_text css=&#8220;&#8220;]Weitere Filme, die vor 2024 einen offiziellen Kinostart \u00fcber <span style=\"font-family: 'arial black', sans-serif;\"><strong>UCM.ONE<\/strong><\/span> hatten: <a title=\"Kinostarts (Seite 2)\" href=\"https:\/\/ucm.one\/de\/kinoverleih\/kinostarts-1a\">Kinostarts (2023 I)<\/a>[\/vc_column_text][vc_separator color=&#8220;blue&#8220;][\/vc_column][\/vc_row][vc_row css=&#8220;.vc_custom_1518458873891{margin-top: 65px !important;}&#8220;][vc_column width=&#8220;1\/4&#8243;][vc_btn title=&#8220;\u00dcbersicht&#8220; style=&#8220;flat&#8220; size=&#8220;lg&#8220; align=&#8220;center&#8220; i_icon_fontawesome=&#8220;fas fa-home&#8220; button_block=&#8220;true&#8220; add_icon=&#8220;true&#8220; link=&#8220;url:https%3A%2F%2Fucm.one%2Fde|title:%C3%9Cbersicht&#8220;][\/vc_column][vc_column width=&#8220;1\/4&#8243;][vc_btn title=&#8220;Film Labels&#8220; style=&#8220;flat&#8220; size=&#8220;lg&#8220; align=&#8220;center&#8220; i_icon_fontawesome=&#8220;fas fa-film&#8220; button_block=&#8220;true&#8220; add_icon=&#8220;true&#8220; link=&#8220;url:https%3A%2F%2Fucm.one%2Fde%2Ffilm-labels%2F|title:Film%20Labels&#8220;][\/vc_column][vc_column width=&#8220;1\/4&#8243;][vc_btn title=&#8220;Katalogfilme&#8220; style=&#8220;flat&#8220; size=&#8220;lg&#8220; align=&#8220;center&#8220; i_icon_fontawesome=&#8220;fas fa-list&#8220; button_block=&#8220;true&#8220; add_icon=&#8220;true&#8220; link=&#8220;url:https%3A%2F%2Fucm.one%2Fde%2Fkinoverleih%2Fkatalogfilme%2F|title:Katalogfilme&#8220;][\/vc_column][vc_column width=&#8220;1\/4&#8243;][vc_btn title=&#8220;Weltvertrieb&#8220; style=&#8220;flat&#8220; size=&#8220;lg&#8220; align=&#8220;center&#8220; i_icon_fontawesome=&#8220;fas fa-globe-asia&#8220; button_block=&#8220;true&#8220; add_icon=&#8220;true&#8220; link=&#8220;url:%2Fde%2Fweltvertrieb%2F|title:Weltvertrieb&#8220;][\/vc_column][\/vc_row][vc_row content_placement=&#8220;middle&#8220; bg_type=&#8220;grad&#8220; ult_hide_row=&#8220;ult_hide_row_value&#8220; ult_hide_row_large_screen=&#8220;large_screen&#8220; ult_hide_row_desktop=&#8220;desktop&#8220; css=&#8220;.vc_custom_1518701755537{margin-top: 0px !important;padding-top: -50px !important;}&#8220; bg_grad=&#8220;background: -webkit-gradient(linear, left top, left bottom, color-stop(0%, #E3E3E3), color-stop(0%, #FFFFFF), color-stop(6%, #FFFFFF), color-stop(7%, #FFFFFF), color-stop(50%, #FFFFFF));background: -moz-linear-gradient(top,#E3E3E3 0%,#FFFFFF 0%,#FFFFFF 6%,#FFFFFF 7%,#FFFFFF 50%);background: -webkit-linear-gradient(top,#E3E3E3 0%,#FFFFFF 0%,#FFFFFF 6%,#FFFFFF 7%,#FFFFFF 50%);background: -o-linear-gradient(top,#E3E3E3 0%,#FFFFFF 0%,#FFFFFF 6%,#FFFFFF 7%,#FFFFFF 50%);background: -ms-linear-gradient(top,#E3E3E3 0%,#FFFFFF 0%,#FFFFFF 6%,#FFFFFF 7%,#FFFFFF 50%);background: linear-gradient(top,#E3E3E3 0%,#FFFFFF 0%,#FFFFFF 6%,#FFFFFF 7%,#FFFFFF 50%);&#8220;][vc_column][vc_btn title=&#8220;Kontakt&#8220; style=&#8220;flat&#8220; color=&#8220;juicy-pink&#8220; size=&#8220;lg&#8220; align=&#8220;center&#8220; i_icon_fontawesome=&#8220;far fa-envelope&#8220; button_block=&#8220;true&#8220; add_icon=&#8220;true&#8220; link=&#8220;url:https%3A%2F%2Fucm.one%2Fde%2Ffirma%2Fkontakt%2F|title:Kontakt&#8220;][\/vc_column][\/vc_row][vc_row][vc_column][vc_column_text]<\/p>\n<p>[\/vc_column_text][\/vc_column][\/vc_row]<\/p>\n<\/div>","protected":false},"excerpt":{"rendered":"<p>[vc_row css=&#8220;.vc_custom_1691100252572{margin-bottom: 20px !important;}&#8220;][vc_column][vc_column_text css=&#8220;&#8220;] Kinostarts (2024) [\/vc_column_text][vc_column_text]Die meisten Filme werden f\u00fcr die gro\u00dfen Leinw\u00e4nde der Kinos produziert. Daher steht bei UCM.ONE f\u00fcr diese Filme an erster Stelle der Kinostart im Vordergrund. Als Kinoliebhaber m\u00f6chten wir dieser Tatsache Tribut zollen und betreiben deshalb in Berlin einen eigenen Kinoverleih.[\/vc_column_text][vc_column_text css=&#8220;&#8220; el_id=&#8220;the-art-of-destruction&#8220;]Folgende Filme k\u00f6nnen ab dem angegebenen&hellip;<\/p>\n","protected":false},"author":2,"featured_media":14069,"parent":10423,"menu_order":0,"comment_status":"closed","ping_status":"closed","template":"","meta":{"_acf_changed":false,"footnotes":""},"class_list":["post-411362","page","type-page","status-publish","has-post-thumbnail","hentry","description-off"],"acf":[],"yoast_head":"<!-- This site is optimized with the Yoast SEO plugin v27.5 - https:\/\/yoast.com\/product\/yoast-seo-wordpress\/ -->\n<title>Kinostarts (2024)<\/title>\n<meta name=\"description\" content=\"Die meisten Filme werden f\u00fcr die gro\u00dfen Leinw\u00e4nde der Kinos produziert. Daher steht bei UCM.ONE f\u00fcr diese Filme an erster Stelle der Kinostart im Vordergrund. Als Kinoliebhaber m\u00f6chten wir dieser Tatsache Tribut zollen und betreiben deshalb in Berlin einen eigenen Kinoverleih.\" \/>\n<meta name=\"robots\" content=\"index, follow, max-snippet:-1, max-image-preview:large, max-video-preview:-1\" \/>\n<link rel=\"canonical\" href=\"https:\/\/ucm.one\/de\/kinoverleih\/kinostarts-2024\/\" \/>\n<meta property=\"og:locale\" content=\"de_DE\" \/>\n<meta property=\"og:type\" content=\"article\" \/>\n<meta property=\"og:title\" content=\"Kinostarts (2024)\" \/>\n<meta property=\"og:description\" content=\"Die meisten Filme werden f\u00fcr die gro\u00dfen Leinw\u00e4nde der Kinos produziert. Daher steht bei UCM.ONE f\u00fcr diese Filme an erster Stelle der Kinostart im Vordergrund. Als Kinoliebhaber m\u00f6chten wir dieser Tatsache Tribut zollen und betreiben deshalb in Berlin einen eigenen Kinoverleih.\" \/>\n<meta property=\"og:url\" content=\"https:\/\/ucm.one\/de\/kinoverleih\/kinostarts-2024\/\" \/>\n<meta property=\"og:site_name\" content=\"UCM.ONE\" \/>\n<meta property=\"article:modified_time\" content=\"2025-11-22T15:18:54+00:00\" \/>\n<meta property=\"og:image\" content=\"https:\/\/ucm.one\/wp-content\/uploads\/2018\/05\/B-Filmstarts.jpg\" \/>\n\t<meta property=\"og:image:width\" content=\"1920\" \/>\n\t<meta property=\"og:image:height\" content=\"600\" \/>\n\t<meta property=\"og:image:type\" content=\"image\/jpeg\" \/>\n<meta name=\"twitter:card\" content=\"summary_large_image\" \/>\n<meta name=\"twitter:label1\" content=\"Gesch\u00e4tzte Lesezeit\" \/>\n\t<meta name=\"twitter:data1\" content=\"25\u00a0Minuten\" \/>\n<!-- \/ Yoast SEO plugin. -->","yoast_head_json":{"title":"Kinostarts (2024)","description":"Die meisten Filme werden f\u00fcr die gro\u00dfen Leinw\u00e4nde der Kinos produziert. Daher steht bei UCM.ONE f\u00fcr diese Filme an erster Stelle der Kinostart im Vordergrund. Als Kinoliebhaber m\u00f6chten wir dieser Tatsache Tribut zollen und betreiben deshalb in Berlin einen eigenen Kinoverleih.","robots":{"index":"index","follow":"follow","max-snippet":"max-snippet:-1","max-image-preview":"max-image-preview:large","max-video-preview":"max-video-preview:-1"},"canonical":"https:\/\/ucm.one\/de\/kinoverleih\/kinostarts-2024\/","og_locale":"de_DE","og_type":"article","og_title":"Kinostarts (2024)","og_description":"Die meisten Filme werden f\u00fcr die gro\u00dfen Leinw\u00e4nde der Kinos produziert. Daher steht bei UCM.ONE f\u00fcr diese Filme an erster Stelle der Kinostart im Vordergrund. Als Kinoliebhaber m\u00f6chten wir dieser Tatsache Tribut zollen und betreiben deshalb in Berlin einen eigenen Kinoverleih.","og_url":"https:\/\/ucm.one\/de\/kinoverleih\/kinostarts-2024\/","og_site_name":"UCM.ONE","article_modified_time":"2025-11-22T15:18:54+00:00","og_image":[{"width":1920,"height":600,"url":"https:\/\/ucm.one\/wp-content\/uploads\/2018\/05\/B-Filmstarts.jpg","type":"image\/jpeg"}],"twitter_card":"summary_large_image","twitter_misc":{"Gesch\u00e4tzte Lesezeit":"25\u00a0Minuten"},"schema":{"@context":"https:\/\/schema.org","@graph":[{"@type":"WebPage","@id":"https:\/\/ucm.one\/de\/kinoverleih\/kinostarts-2024\/","url":"https:\/\/ucm.one\/de\/kinoverleih\/kinostarts-2024\/","name":"Kinostarts (2024)","isPartOf":{"@id":"https:\/\/ucm.one\/de\/#website"},"primaryImageOfPage":{"@id":"https:\/\/ucm.one\/de\/kinoverleih\/kinostarts-2024\/#primaryimage"},"image":{"@id":"https:\/\/ucm.one\/de\/kinoverleih\/kinostarts-2024\/#primaryimage"},"thumbnailUrl":"https:\/\/ucm.one\/wp-content\/uploads\/2018\/05\/B-Filmstarts.jpg","datePublished":"2025-10-28T08:04:58+00:00","dateModified":"2025-11-22T15:18:54+00:00","description":"Die meisten Filme werden f\u00fcr die gro\u00dfen Leinw\u00e4nde der Kinos produziert. Daher steht bei UCM.ONE f\u00fcr diese Filme an erster Stelle der Kinostart im Vordergrund. Als Kinoliebhaber m\u00f6chten wir dieser Tatsache Tribut zollen und betreiben deshalb in Berlin einen eigenen Kinoverleih.","breadcrumb":{"@id":"https:\/\/ucm.one\/de\/kinoverleih\/kinostarts-2024\/#breadcrumb"},"inLanguage":"de","potentialAction":[{"@type":"ReadAction","target":["https:\/\/ucm.one\/de\/kinoverleih\/kinostarts-2024\/"]}]},{"@type":"ImageObject","inLanguage":"de","@id":"https:\/\/ucm.one\/de\/kinoverleih\/kinostarts-2024\/#primaryimage","url":"https:\/\/ucm.one\/wp-content\/uploads\/2018\/05\/B-Filmstarts.jpg","contentUrl":"https:\/\/ucm.one\/wp-content\/uploads\/2018\/05\/B-Filmstarts.jpg","width":1920,"height":600},{"@type":"BreadcrumbList","@id":"https:\/\/ucm.one\/de\/kinoverleih\/kinostarts-2024\/#breadcrumb","itemListElement":[{"@type":"ListItem","position":1,"name":"Home","item":"https:\/\/ucm.one\/de\/"},{"@type":"ListItem","position":2,"name":"Kinoverleih","item":"https:\/\/ucm.one\/de\/kinoverleih\/"},{"@type":"ListItem","position":3,"name":"Kinostarts (2024)"}]},{"@type":"WebSite","@id":"https:\/\/ucm.one\/de\/#website","url":"https:\/\/ucm.one\/de\/","name":"UCM.ONE","description":"","publisher":{"@id":"https:\/\/ucm.one\/de\/#organization"},"potentialAction":[{"@type":"SearchAction","target":{"@type":"EntryPoint","urlTemplate":"https:\/\/ucm.one\/de\/?s={search_term_string}"},"query-input":{"@type":"PropertyValueSpecification","valueRequired":true,"valueName":"search_term_string"}}],"inLanguage":"de"},{"@type":"Organization","@id":"https:\/\/ucm.one\/de\/#organization","name":"UCM.ONE","url":"https:\/\/ucm.one\/de\/","logo":{"@type":"ImageObject","inLanguage":"de","@id":"https:\/\/ucm.one\/de\/#\/schema\/logo\/image\/","url":"https:\/\/ucm.one\/wp-content\/uploads\/2019\/10\/UCM.ONE-Logo-RGB.svg","contentUrl":"https:\/\/ucm.one\/wp-content\/uploads\/2019\/10\/UCM.ONE-Logo-RGB.svg","width":1,"height":1,"caption":"UCM.ONE"},"image":{"@id":"https:\/\/ucm.one\/de\/#\/schema\/logo\/image\/"}}]}},"_links":{"self":[{"href":"https:\/\/ucm.one\/de\/wp-json\/wp\/v2\/pages\/411362","targetHints":{"allow":["GET"]}}],"collection":[{"href":"https:\/\/ucm.one\/de\/wp-json\/wp\/v2\/pages"}],"about":[{"href":"https:\/\/ucm.one\/de\/wp-json\/wp\/v2\/types\/page"}],"author":[{"embeddable":true,"href":"https:\/\/ucm.one\/de\/wp-json\/wp\/v2\/users\/2"}],"replies":[{"embeddable":true,"href":"https:\/\/ucm.one\/de\/wp-json\/wp\/v2\/comments?post=411362"}],"version-history":[{"count":6,"href":"https:\/\/ucm.one\/de\/wp-json\/wp\/v2\/pages\/411362\/revisions"}],"predecessor-version":[{"id":412390,"href":"https:\/\/ucm.one\/de\/wp-json\/wp\/v2\/pages\/411362\/revisions\/412390"}],"up":[{"embeddable":true,"href":"https:\/\/ucm.one\/de\/wp-json\/wp\/v2\/pages\/10423"}],"wp:featuredmedia":[{"embeddable":true,"href":"https:\/\/ucm.one\/de\/wp-json\/wp\/v2\/media\/14069"}],"wp:attachment":[{"href":"https:\/\/ucm.one\/de\/wp-json\/wp\/v2\/media?parent=411362"}],"curies":[{"name":"wp","href":"https:\/\/api.w.org\/{rel}","templated":true}]}}