{"id":40906,"date":"2020-05-13T18:30:05","date_gmt":"2020-05-13T18:30:05","guid":{"rendered":"https:\/\/ucm.one\/?page_id=40906"},"modified":"2024-02-12T15:49:16","modified_gmt":"2024-02-12T15:49:16","slug":"15-jahre-achtung-berlin-die-online-retrospektive","status":"publish","type":"page","link":"https:\/\/ucm.one\/de\/15-jahre-achtung-berlin-die-online-retrospektive\/","title":{"rendered":"15 Jahre achtung berlin \u2022 Die Online-Retrospektive"},"content":{"rendered":"<div class=\"wpb-content-wrapper\"><p>[vc_row][vc_column][vc_column_text]<span style=\"font-size: 24pt; color: #000000;\">15 Jahre <strong>achtung berlin<\/strong> \u2022 Die Online-Retrospektive<\/span>[\/vc_column_text][\/vc_column][\/vc_row][vc_row][vc_column][vc_column_text]Seit \u00fcber 15 Jahren ist <strong>achtung berlin \u2013 the new berlin film award<\/strong> das wichtigste Schaufenster f\u00fcr Filmschaffen aus Berlin. Viele gro\u00dfartige Filme haben uns bewegt, zum Lachen, Weinen, Diskutieren gebracht, und wir alle haben uns auch dieses Jahr wieder gefreut auf ein spannendes Programm voller filmischer Neuentdeckungen. Aber wie so viele andere hei\u00df erwartete Events musste das Festival, das f\u00fcr April geplant war, auf September verschoben werden.[\/vc_column_text][vc_row_inner][vc_column_inner width=&#8220;1\/2&#8243;][vc_column_text]<strong>achtung berlin<\/strong> m\u00f6chte deshalb gemeinsam mit seinem langj\u00e4hrigen Partnerlabel <strong>Darling Berlin<\/strong> von <span style=\"font-family: 'arial black', sans-serif;\"><strong>UCM.ONE<\/strong><\/span> den Fokus auf etwas richten, das in gesch\u00e4ftigeren Zeiten, aka \u201eAlltag vor Corona\u201c, im allgemeinen Tempo untergegangen ist: Die zauberhaften, verst\u00f6renden, schr\u00e4gen, verliebt machenden, au\u00dfergew\u00f6hnlichen, inspirierenden, faszinierenden, auch mal schockierenden Filme, die in den letzten 15 Jahren achtung berlin als Filmfestival ausgemacht haben.[\/vc_column_text][vc_column_text]Diese Filmperlen \u2013 Kurz- und Mittellange Filme, Spielfilme und Dokumentarfilme \u2013 erhalten nun die M\u00f6glichkeit, noch einmal online das Licht der Filmwelt zu erblicken. Daf\u00fcr startet auf dem <strong>YouTube<\/strong>-Kanal von Darling Berlin eine Playlist, auf der ab Mittwoch, dem 13. Mai, t\u00e4glich um 18:00 Uhr neue \u201eHidden Gems\u201c der Festivalgeschichte zu entdecken sind: <a title=\"Darling Berlin @ YouTube\" href=\"http:\/\/www.youtube.com\/darlingberlin\" target=\"_blank\" rel=\"noopener noreferrer\">www.youtube.com\/darlingberlin<\/a>[\/vc_column_text][\/vc_column_inner][vc_column_inner width=&#8220;1\/2&#8243;][vc_single_image image=&#8220;40925&#8243; img_size=&#8220;full&#8220;][\/vc_column_inner][\/vc_row_inner][vc_column_text css=&#8220;.vc_custom_1589501340645{margin-top: 0px !important;margin-right: 0px !important;margin-bottom: 0px !important;margin-left: 0px !important;padding-top: 10px !important;padding-right: 10px !important;padding-bottom: 10px !important;padding-left: 10px !important;background-color: #e8e8e8 !important;background-position: center !important;background-repeat: no-repeat !important;background-size: cover !important;border-radius: 1px !important;}&#8220;]<em>&#8222;Wir freuen uns sehr, dass wir in diesen Zeiten, in denen die Kinos leider noch geschlossen sind, besondere Filme der letzten Festivaljahre f\u00fcr eine begrenzte Zeit online pr\u00e4sentieren k\u00f6nnen. Wir werden damit gerade jenen Filmen noch einmal eine \u00d6ffentlichkeit geben, die f\u00fcr Filmbegeisterte in den letzten Jahren nicht mehr verf\u00fcgbar waren. Wir hoffen, dass wir uns im September wieder live begegnen werden und w\u00fcnschen bis dahin viel Spa\u00df beim \u201eNeuentdecken\u201c der Filmperlen aus 15 Jahren Filmfestival achtung berlin.\u201c<\/em> (<strong>Sebastian Brose<\/strong>, Co-Festivalleiter)[\/vc_column_text][vc_empty_space height=&#8220;16px&#8220;][vc_column_text]Alle Filmfans und Freund*innen von <strong>achtung berlin<\/strong> haben jetzt also die M\u00f6glichkeit, gratis zu Hause Filme aus der Festivalhistorie, die noch nicht oder nicht mehr online verf\u00fcgbar sind, erleben zu k\u00f6nnen und so durch die erzwungene Festival-Durststrecke zu kommen.[\/vc_column_text][vc_row_inner][vc_column_inner][vc_video link=&#8220;https:\/\/www.youtube.com\/watch?v=1-4jEDCIIh8&#8243; title=&#8220;15 Jahre ACHTUNG BERLIN \u2022 Die Online-Retrospektive&#8220;][\/vc_column_inner][\/vc_row_inner][vc_column_text]Nachfolgend eine Aufstellung der Filme, die schon gezeigt wurden oder in den n\u00e4chsten Tagen gezeigt werden,\u00a0darunter unter anderem\u00a0<strong>achtung berlin<\/strong>-\u201cKlassiker\u201c von und mit\u00a0<strong>Tom Lass, Philipp Eichholtz,\u00a0Victoria Schulz<\/strong>\u00a0und vielen anderen pr\u00e4genden Berliner Filmschaffenden mehr. Zu den Premieren-Zeiten sind zudem in der Regel Teammitglieder der gezeigten Filme im Chat parallel online, die den Film kommentieren und Fragen beantworten. Es lohnt sich also, immer um 18:00 Uhr gleich mit dabei zu sein. Selbstverst\u00e4ndlich kann man aber auch danach f\u00fcr eine gewisse Zeit die Filme noch in der Playlist\u00a0<em>&#8222;<a title=\"\" href=\"https:\/\/www.youtube.com\/watch?v=_3sZHBi8Otc&amp;list=PLQs1TlT0ZYkkUPLMnvIhsxDjuoPalMMPx\" target=\"_blank\" rel=\"noopener noreferrer\">15 Jahre\u00a0<strong>achtung berlin<\/strong>\u00a0\u2022 Die Online-Retrospektive<\/a>&#8222;<\/em>\u00a0 auf dem <strong>YouTube<\/strong>-Kanal von <strong>Darling Berlin<\/strong> ansehen.[\/vc_column_text][\/vc_column][\/vc_row][vc_row][vc_column][vc_column_text el_id=&#8220;achtung-berlin-kosmonautensehnsucht&#8220;]<\/p>\n<h2>Bisheriges Programm<\/h2>\n<p>[\/vc_column_text][vc_row_inner][vc_column_inner width=&#8220;1\/5&#8243;][vc_single_image image=&#8220;40957&#8243; img_size=&#8220;full&#8220; onclick=&#8220;link_image&#8220;][\/vc_column_inner][vc_column_inner width=&#8220;2\/5&#8243;][vc_column_text]<\/p>\n<h2>Kosmonautensehnsucht<\/h2>\n<h3>von Catharina G\u00f6ldner<\/h3>\n<p>Die Theaterinspizienten Miriam wartet w\u00e4hrend der Sommerferien ungeduldig darauf, dass ihr Schwarm, eine Kosmonautin, aus dem All zur\u00fcckkehrt. Als sie nichts von der Angebeteten h\u00f6rt, konsultiert sie einen Astrologen. Der sagt ihr, dass ihre perfekte Partnerin am 19. Januar 1985 geboren sein m\u00fcsse \u2013 das ist nicht der Geburtstag der Kosmonautin&#8230;<\/p>\n<h3>Start: 13.05.2020, 18:00 Uhr<\/h3>\n<p>[\/vc_column_text][\/vc_column_inner][vc_column_inner width=&#8220;2\/5&#8243;][vc_single_image image=&#8220;48172&#8243; img_size=&#8220;full&#8220;][vc_btn title=&#8220;Kosmonautensehnsucht | Ganzer Film (deutsch) \u1d34\u1d30&#8220; color=&#8220;sky&#8220; size=&#8220;sm&#8220; align=&#8220;center&#8220; i_icon_fontawesome=&#8220;fab fa-youtube&#8220; button_block=&#8220;true&#8220; add_icon=&#8220;true&#8220; css=&#8220;.vc_custom_1589557569464{margin-top: -20px !important;}&#8220; link=&#8220;url:%20https%3A%2F%2Fyoutu.be%2FmLmhv9KOpaE|title:Kosmonautensehnsucht%20%7C%20Ganzer%20Film%20(deutsch)%20%E1%B4%B4%E1%B4%B0|target:%20_blank|&#8220;][\/vc_column_inner][\/vc_row_inner][vc_column_text]<strong>Deutschland 2016, 60 Min., Mittellanger Film<\/strong>\u00a0|\u00a0<strong>15 Jahre ACHTUNG BERLIN \u2022 Die Online-Retrospektive<\/strong> &#8211; Film 1 |\u00a0<strong>Schauspieler*innen:\u00a0<\/strong>Katharina Behrens, Ina Tempel, Alexander H\u00f6chst, Ruth Bickelhaupt, Moritz Vierboom, Anke Retzlaff, Nadja St\u00fcbiger, Jan Jaroszek, Annekatrin Grimm, Johannes Benecke\u00a0|\u00a0<strong>Mitwirkende:<\/strong> Catharina G\u00f6ldner (Regie), Catharina G\u00f6ldner (Drehbuch), Giuseppe Vaccaro (Kamera), Gernot B\u00fcttner (Ton), Christian Dabeler (Tonschnitt &amp; Mischung), Sandra Klaus (Kost\u00fcmbild), Orchestre Miniature in the Park &amp; Odd Paws (Musik), Catharina G\u00f6ldner (Montage), Arbeitsgemeinschaft Kosmos &amp; MPFilm (Produktion), Miriam Pfeiffer (Ko-Produzentin)[\/vc_column_text][\/vc_column][\/vc_row][vc_row][vc_column][vc_separator el_id=&#8220;achtung-berlin-ianus&#8220;][vc_empty_space][vc_row_inner][vc_column_inner width=&#8220;1\/5&#8243;][vc_single_image image=&#8220;40998&#8243; img_size=&#8220;full&#8220; onclick=&#8220;link_image&#8220;][\/vc_column_inner][vc_column_inner width=&#8220;2\/5&#8243;][vc_column_text]<\/p>\n<h2>Ianus<\/h2>\n<h3>von Victoria Schulz<\/h3>\n<p>Wie der r\u00f6mische Gott Ianus zwei Pole besitzt, ist auch die junge Mutter Lynn ganz zerrissen zwischen ihrer alten Freiheit und der neuen Verantwortung.<\/p>\n<h3>Start: 14.05.2020, 18:00 Uhr<\/h3>\n<p>[\/vc_column_text][\/vc_column_inner][vc_column_inner width=&#8220;2\/5&#8243;][vc_single_image image=&#8220;48175&#8243; img_size=&#8220;full&#8220;][vc_btn title=&#8220;Ianus | Ganzer Film (deutsch) \u1d34\u1d30&#8220; color=&#8220;sky&#8220; size=&#8220;sm&#8220; align=&#8220;center&#8220; i_icon_fontawesome=&#8220;fab fa-youtube&#8220; button_block=&#8220;true&#8220; add_icon=&#8220;true&#8220; css=&#8220;.vc_custom_1609459162775{margin-top: -20px !important;}&#8220; link=&#8220;url:https%3A%2F%2Fyoutu.be%2FLmwLH2s8EBU|title:Ianus%20%7C%20Ganzer%20Film%20(deutsch)%20%E1%B4%B4%E1%B4%B0|target:%20_blank|&#8220;][\/vc_column_inner][\/vc_row_inner][vc_column_text]<strong>Deutschland 2017, 13 Min., Kurzfilm<\/strong> |\u00a0<strong>15 Jahre ACHTUNG BERLIN \u2022 Die Online-Retrospektive<\/strong> &#8211; Film 2 |\u00a0<strong>Schauspieler*innen:\u00a0<\/strong>Luisa-C\u00e9line Gaffron, Jennifer Rudloff, Henning Beckhoff, Victoria Schulz\u00a0|\u00a0<strong>Mitwirkende:<\/strong> Victoria Schulz (Buch und Regie), Valentin Selmke (Kamera), Marielle Pohlmann (Schnitt), Chuckamuck &amp; Boxie Blue (Musik), Victoria Schulz (Produzentin)[\/vc_column_text][\/vc_column][\/vc_row][vc_row][vc_column][vc_separator el_id=&#8220;achtung-berlin-blank&#8220;][vc_empty_space][vc_row_inner][vc_column_inner width=&#8220;1\/5&#8243;][vc_single_image image=&#8220;41023&#8243; img_size=&#8220;full&#8220; onclick=&#8220;link_image&#8220;][\/vc_column_inner][vc_column_inner width=&#8220;2\/5&#8243;][vc_column_text]<\/p>\n<h2>Blank<\/h2>\n<h3>von Sarah Bla\u00dfkiewitz, Anne Haug &amp; Alessija Lause<\/h3>\n<p>Die beiden Frauen Mila und Charly nutzen das \u201eescapen\u201c, also Abhauen, als Mittel, um sich ihren Sinnkrisen nicht stellen zu m\u00fcssen. In der Hoffnung, an einem anderen Ort einen Weg aus der inneren Sackgasse zu finden, begeben sie sich kurz entschlossen auf einen Roadtrip in Richtung Meer, untersch\u00e4tzen dabei aber, dass sie sich ja selbst auf die Reise mitgenommen haben\u2026<\/p>\n<h3>Start: 15.05.2020, 18:00 Uhr<\/h3>\n<p>[\/vc_column_text][\/vc_column_inner][vc_column_inner width=&#8220;2\/5&#8243;][vc_single_image image=&#8220;48178&#8243; img_size=&#8220;full&#8220;][vc_btn title=&#8220;Blank | Ganzer Film (deutsch) \u1d34\u1d30&#8220; color=&#8220;sky&#8220; size=&#8220;sm&#8220; align=&#8220;center&#8220; i_icon_fontawesome=&#8220;fab fa-youtube&#8220; button_block=&#8220;true&#8220; add_icon=&#8220;true&#8220; css=&#8220;.vc_custom_1589557586864{margin-top: -20px !important;}&#8220; link=&#8220;url:https%3A%2F%2Fyoutu.be%2F0vJdOF0aLoU|title:Blank%20%7C%20Ganzer%20Film%20(deutsch)%20%E1%B4%B4%E1%B4%B0|target:%20_blank|&#8220;][\/vc_column_inner][\/vc_row_inner][vc_column_text]<strong>Deutschland 2016, 53 Min., Mittellanger Film<\/strong>\u00a0|\u00a0<strong>15 Jahre ACHTUNG BERLIN \u2022 Die Online-Retrospektive<\/strong> &#8211; Film 3 |\u00a0<strong>Schauspieler*innen:\u00a0<\/strong>Anne Haug, Alessija Lause |\u00a0<strong>Mitwirkende:\u00a0<\/strong>Sarah Bla\u00dfkiewitz, Anne Haug &amp; Alessija Lause (Regie, Buch &amp; Kamera); Emma Gr\u00e4f (Schnitt), Thomas Deittert (Musik);<span class=\"Apple-converted-space\">\u00a0<\/span>Antje Volkmann, Leander Bauer &amp; Kai von Glasow (Sound Design); Sarah Bla\u00dfkiewitz (Produktion)[\/vc_column_text][\/vc_column][\/vc_row][vc_row][vc_column][vc_separator el_id=&#8220;achtung-berlin-berlinized&#8220;][vc_empty_space][vc_row_inner][vc_column_inner width=&#8220;1\/5&#8243;][vc_single_image image=&#8220;12423&#8243; img_size=&#8220;full&#8220; onclick=&#8220;link_image&#8220;][\/vc_column_inner][vc_column_inner width=&#8220;2\/5&#8243;][vc_column_text]<\/p>\n<h2>Berlinized<\/h2>\n<h3>von Lucian Busse<\/h3>\n<p>Berlin in den 90ern &#8211; Neben den gro\u00dfen politischen Umbr\u00fcchen und der kommerzialisierten Technokultur pr\u00e4gte auch ein heute eher vergessenes Paralleluniversum das Lebensgef\u00fchl der Stadt: Die Welt der Kellerbars und Hinterhofkreativen. In den freien H\u00e4usern und Wohnungen in Berlin-Mitte zelebrierte nach dem Fall der Mauer eine Szene sehr verschiedener junger Menschen eine unbek\u00fcmmerte Freiheit. Der Film \u201eBerlinized\u201c beschreibt dieses spezielle Lebensgef\u00fchl in einer reflexiven Zeitreise in das Berlin-Mitte der 90er Jahre.<\/p>\n<h3>Start: 16.05.2020, 18:00 Uhr<\/h3>\n<p>[\/vc_column_text][\/vc_column_inner][vc_column_inner width=&#8220;2\/5&#8243;][vc_single_image image=&#8220;48181&#8243; img_size=&#8220;full&#8220;][vc_btn title=&#8220;Berlinized | Ganzer Film (deutsch) \u1d34\u1d30&#8220; color=&#8220;sky&#8220; size=&#8220;sm&#8220; align=&#8220;center&#8220; i_icon_fontawesome=&#8220;fab fa-youtube&#8220; button_block=&#8220;true&#8220; add_icon=&#8220;true&#8220; css=&#8220;.vc_custom_1589573109592{margin-top: -20px !important;}&#8220; link=&#8220;url:https%3A%2F%2Fyoutu.be%2F0QybUzOisOw|title:Berlinized%20%7C%20Ganzer%20Film%20(deutsch)%20%E1%B4%B4%E1%B4%B0|target:%20_blank|&#8220;][\/vc_column_inner][\/vc_row_inner][vc_column_text]<strong>Deutschland 2011, 79 Min., Dokumentation<\/strong>\u00a0|\u00a0<strong>15 Jahre ACHTUNG BERLIN \u2022 Die Online-Retrospektive<\/strong> &#8211; Film 4 |\u00a0<strong>Protagonist*innen:\u00a0<\/strong>Jim Avignon, Captain Space Sex, Simone Gilges, Peter Kisur, Nina Rhode, Howard Goldkrand, Beth Coleman, Jan Elder, Vredeber Albrecht, Patrick Zollinger, Mina\u00a0|\u00a0<strong>Mitwirkende:<\/strong> Lucian Busse (Regie), Lucian Busse (Kamera), Lucyhoneychurch (Musik),\u00a0Lucian Busse\u00a0(Produktion) | Label: Darling Berlin | Weitere Informationen: <a href=\"https:\/\/ucm.one\/de\/kinoverleih\/katalogfilme\/#berlinized\">Berlinized<\/a>[\/vc_column_text][\/vc_column][\/vc_row][vc_row][vc_column][vc_separator el_id=&#8220;achtung-berlin-lottaleicht&#8220;][vc_empty_space][vc_row_inner][vc_column_inner width=&#8220;1\/5&#8243;][vc_single_image image=&#8220;41031&#8243; img_size=&#8220;full&#8220; onclick=&#8220;link_image&#8220;][\/vc_column_inner][vc_column_inner width=&#8220;2\/5&#8243;][vc_column_text]<\/p>\n<h2>Lottaleicht<\/h2>\n<h3>von Stella Denis<\/h3>\n<p>Als Lotta, die in einer WG-Kommune in der Provinz aufwuchs, bei einem Heimatbesuch in ein absurdes Weingelage ihrer alten Mitbewohner*innen ger\u00e4t, wird ihr klar, dass es Zeit ist, sich von den idealisierten Bildern ihrer Vergangenheit abzunabeln.<\/p>\n<h3>Start: 17.05.2020, 18:00 Uhr<\/h3>\n<p>[\/vc_column_text][\/vc_column_inner][vc_column_inner width=&#8220;2\/5&#8243;][vc_single_image image=&#8220;48184&#8243; img_size=&#8220;full&#8220;][vc_btn title=&#8220;Lottaleicht | Ganzer Film (deutsch) \u1d34\u1d30&#8220; color=&#8220;sky&#8220; size=&#8220;sm&#8220; align=&#8220;center&#8220; i_icon_fontawesome=&#8220;fab fa-youtube&#8220; button_block=&#8220;true&#8220; add_icon=&#8220;true&#8220; css=&#8220;.vc_custom_1589557613904{margin-top: -20px !important;}&#8220; link=&#8220;url:https%3A%2F%2Fyoutu.be%2Fk5GtBpcF3FA|title:Lottaleicht%7C%20Ganzer%20Film%20(deutsch)%20%E1%B4%B4%E1%B4%B0|target:%20_blank|&#8220;][\/vc_column_inner][\/vc_row_inner][vc_column_text]<strong>Deutschland 2015, 15 Min., Kurzfilm<\/strong>\u00a0|\u00a0<strong>15 Jahre ACHTUNG BERLIN \u2022 Die Online-Retrospektive<\/strong> &#8211; Film 5 |\u00a0<strong>Schauspieler*innen: <\/strong>Juliane G\u00f6tz, Michael Greiling, Sabine Vitua, Stefan Lochau, Constanze Ros\u00e9no, Thomas Schmuckert, Sabine Urig |\u00a0<strong>Mitwirkende:\u00a0<\/strong>Stella Denis (Buch &amp; Regie), Stephan Zwickirsch (Kamera), Philip Rohrbeck (Montage), Moritz Capellmann (Ton &amp; Sounddesign), Vera Weisbrod, Johann Fohl &amp; Stella Denis (Produktion), Rita &amp; Helmut Maier [Les Maiers](Co-Produzent*innen)<strong><br \/>\n<\/strong>[\/vc_column_text][\/vc_column][\/vc_row][vc_row][vc_column][vc_separator el_id=&#8220;achtung-berlin-teneriffa-exit&#8220;][vc_empty_space][vc_row_inner][vc_column_inner width=&#8220;1\/5&#8243;][vc_single_image image=&#8220;41143&#8243; img_size=&#8220;full&#8220; onclick=&#8220;link_image&#8220;][\/vc_column_inner][vc_column_inner width=&#8220;2\/5&#8243;][vc_column_text]<\/p>\n<h2>Teneriffa EXIT<\/h2>\n<h3>von Bernd Heiber<\/h3>\n<p>Zwei Spazierg\u00e4nger am Ende einer Nacht im Prenzlauer Berg. Sie sind sexy, sie sind jung, sie sind verloren. Eine Liebe, die keine Chance hat. Ein Verbrechen, das vorhersehbar ist. Ein Sehnsuchtsort, der seine Versprechen nicht h\u00e4lt in einem Reservat von Versagern, Spinnern und proletarischen Urgesteinen, die den Anschluss an ihre Zeit verloren haben.<\/p>\n<h3>Start: 18.05.2020, 18:00 Uhr<\/h3>\n<p>[\/vc_column_text][\/vc_column_inner][vc_column_inner width=&#8220;2\/5&#8243;][vc_single_image image=&#8220;48168&#8243; img_size=&#8220;full&#8220;][vc_btn title=&#8220;Teneriffa EXIT | Ganzer Film (deutsch) \u1d34\u1d30&#8220; color=&#8220;sky&#8220; size=&#8220;sm&#8220; align=&#8220;center&#8220; i_icon_fontawesome=&#8220;fab fa-youtube&#8220; button_block=&#8220;true&#8220; add_icon=&#8220;true&#8220; css=&#8220;.vc_custom_1589800982512{margin-top: -20px !important;}&#8220; link=&#8220;url:https%3A%2F%2Fyoutu.be%2FPbGEIpPkKvQ|title:Teneriffa%20EXIT%20%7C%20Ganzer%20Film%20(deutsch)%20%E1%B4%B4%E1%B4%B0|target:%20_blank|&#8220;][\/vc_column_inner][\/vc_row_inner][vc_column_text]<strong>Deutschland 2011, 90 Min., Langfilm<\/strong>\u00a0|\u00a0<strong>15 Jahre ACHTUNG BERLIN \u2022 Die Online-Retrospektive<\/strong> &#8211; Film 6 |\u00a0<strong>Schauspieler*innen: <\/strong>Natascha Paulick,\u00a0Christian Eckert, Paul Fa\u00dfnacht, Reginald Gr\u00fcnenberg , Wolf List, Dietmar Obst, Frieder Venus\u00a0|\u00a0<strong>Mitwirkende:\u00a0<\/strong>Bernd Heiber\u00a0(Buch &amp; Regie), Uwe Mann (Kamera), Antje Dombrowsky (Schnitt), Der Dr!tte Mann, Danilloff, Andreas Hirche &amp; Rolf Hammerm\u00fcller (Musik), Bernd Heiber (Produzent)<strong><br \/>\n<\/strong>[\/vc_column_text][\/vc_column][\/vc_row][vc_row][vc_column][vc_separator el_id=&#8220;achtung-berlin-warisover&#8220;][vc_empty_space][vc_row_inner][vc_column_inner width=&#8220;1\/5&#8243;][vc_single_image image=&#8220;41239&#8243; img_size=&#8220;full&#8220; onclick=&#8220;link_image&#8220;][\/vc_column_inner][vc_column_inner width=&#8220;2\/5&#8243;][vc_column_text]<\/p>\n<h2>Warisover<\/h2>\n<h3>von Carlos Morelli<\/h3>\n<p>Der Film erz\u00e4hlt die Geschichte eines jungen Mannes, der schmerzhaft erkennt, dass er nach seinem Kriegseinsatz nie wieder in sein altes Leben zur\u00fcck finden wird.<\/p>\n<h3>Start: 19.05.2020, 18:00 Uhr<\/h3>\n<p>[\/vc_column_text][\/vc_column_inner][vc_column_inner width=&#8220;2\/5&#8243;][vc_single_image image=&#8220;48187&#8243; img_size=&#8220;full&#8220;][vc_btn title=&#8220;Warisover | Ganzer Film (englisch) `{`mit deutschen Untertiteln`}` \u1d34\u1d30&#8220; color=&#8220;sky&#8220; size=&#8220;sm&#8220; align=&#8220;center&#8220; i_icon_fontawesome=&#8220;fab fa-youtube&#8220; button_block=&#8220;true&#8220; add_icon=&#8220;true&#8220; css=&#8220;.vc_custom_1589894724093{margin-top: -20px !important;}&#8220; link=&#8220;url:https%3A%2F%2Fyoutu.be%2FVo4OJ8UXL5g|title:Warisover%20%7C%20Ganzer%20Film%20(englisch)%20%5Bmit%20deutschen%20Untertiteln%5D%20%E1%B4%B4%E1%B4%B0|target:%20_blank|&#8220;][\/vc_column_inner][\/vc_row_inner][vc_column_text]<strong>Deutschland 2010, 9 Min., Kurzfilm<\/strong>\u00a0|\u00a0<strong>15 Jahre ACHTUNG BERLIN \u2022 Die Online-Retrospektive<\/strong> &#8211; Film 7 |\u00a0<strong>Schauspieler*innen:\u00a0<\/strong>Sebastian Urzendowsky, Leslie Malton\u00a0|\u00a0<strong>Mitwirkende:\u00a0<\/strong>Carlos A. Morelli (Buch &amp; Regie), Mathias Sch\u00f6ningh (Kamera), Joroni Film\u00a0(Produktion)<strong><br \/>\n<\/strong>[\/vc_column_text][\/vc_column][\/vc_row][vc_row][vc_column][vc_separator el_id=&#8220;achtung-berlin-krach-der-stille&#8220;][vc_empty_space][vc_row_inner][vc_column_inner width=&#8220;1\/5&#8243;][vc_single_image image=&#8220;41244&#8243; img_size=&#8220;full&#8220; onclick=&#8220;link_image&#8220;][\/vc_column_inner][vc_column_inner width=&#8220;2\/5&#8243;][vc_column_text]<\/p>\n<h2>Krach der Stille<\/h2>\n<h3>von Theresa Henning<\/h3>\n<p>Drei Fremde sitzen zusammen in einem Auto. Ulrike, ohne Job und Wohnung, Anna, von allen verlassen und perspektivlos, und Thomas, ziel- und bewusstlos. Unfreiwillig werden sie zu einer Schicksalsgemeinschaft. Auf der Reise durch Deutschland begegnen sie Gott, feiern persisches Neujahr, drehen einen Film und tr\u00e4umen von bedingungsloser Liebe.<\/p>\n<h3>Start: 20.05.2020, 18:00 Uhr<\/h3>\n<p>[\/vc_column_text][\/vc_column_inner][vc_column_inner width=&#8220;2\/5&#8243;][vc_single_image image=&#8220;48190&#8243; img_size=&#8220;full&#8220;][vc_btn title=&#8220;Krach der Stille | Ganzer Film (deutsch) `{`mit englischen Untertiteln`}` \u1d34\u1d30&#8220; color=&#8220;sky&#8220; size=&#8220;sm&#8220; align=&#8220;center&#8220; i_icon_fontawesome=&#8220;fab fa-youtube&#8220; button_block=&#8220;true&#8220; add_icon=&#8220;true&#8220; css=&#8220;.vc_custom_1589979877497{margin-top: -20px !important;}&#8220; link=&#8220;url:https%3A%2F%2Fyoutu.be%2FRpI-0QT8PNc|title:Krach%20der%20Stille|target:%20_blank|&#8220;][\/vc_column_inner][\/vc_row_inner][vc_column_text]<strong>Deutschland 2017, 83 Min., Langfilm<\/strong>\u00a0|\u00a0<strong>15 Jahre ACHTUNG BERLIN \u2022 Die Online-Retrospektive<\/strong> &#8211; Film 8 |\u00a0<strong>Schauspieler*innen: <\/strong>Elmira Bahrami, Salome Dastmalchi, Recardo Koppe, Javeh Asefdjah, Heide Simon, Sebastian Thiers, Theresa Henning, Michael Goussev\u00a0|\u00a0<strong>Mitwirkende:\u00a0<\/strong>Theresa Henning\u00a0(Buch &amp; Regie), Moritz von Dungern (Kamera), Roman Tsukman (Schnitt), Stefanie Fehrmann &amp; Marc Reinkober (Ton), Andreas Fertig (Sound), Yuri Pascual (Musik), Christoph Himmelfahrt, Javad Salkordeh &amp; Dona Asisi\u00a0(Samples), Joroni Film\u00a0(Produktion), Christian Klausen (Set Assistent), Kinderzimmer Produktion (Produktion)<strong><br \/>\n<\/strong>[\/vc_column_text][\/vc_column][\/vc_row][vc_row][vc_column][vc_separator el_id=&#8220;achtung-berlin-adams-ende&#8220;][vc_empty_space][vc_row_inner][vc_column_inner width=&#8220;1\/5&#8243;][vc_single_image image=&#8220;41261&#8243; img_size=&#8220;full&#8220; onclick=&#8220;link_image&#8220;][\/vc_column_inner][vc_column_inner width=&#8220;2\/5&#8243;][vc_column_text]<\/p>\n<h2>Adams Ende<\/h2>\n<h3>von Richard Wilhelmer<\/h3>\n<p>Adam ist in seiner seelischen und k\u00f6rperlichen Abh\u00e4ngigkeit von Freundin Anna gefangen und beneidet seinen Jugendfreund Conrad, der sich die Zeit mit Gelegenheitsjobs, n\u00e4chtelangen Partys und One-Night-Stands vertreibt. Als dann noch Annas beste Freundin Carmen auftaucht, steigern sich Eifersucht und Angst bis hin zu psychopathischer Gewalt..<\/p>\n<h3>Start: 21.05.2020, 18:00 Uhr<\/h3>\n<p>[\/vc_column_text][\/vc_column_inner][vc_column_inner width=&#8220;2\/5&#8243;][vc_single_image image=&#8220;48193&#8243; img_size=&#8220;full&#8220;][vc_btn title=&#8220;Adams Ende | Ganzer Film (deutsch) \u1d34\u1d30&#8220; color=&#8220;sky&#8220; size=&#8220;sm&#8220; align=&#8220;center&#8220; i_icon_fontawesome=&#8220;fab fa-youtube&#8220; button_block=&#8220;true&#8220; add_icon=&#8220;true&#8220; css=&#8220;.vc_custom_1589905220163{margin-top: -20px !important;}&#8220; link=&#8220;url:https%3A%2F%2Fyoutu.be%2FjuleP9chbDs|title:Adams%20Ende|target:%20_blank|&#8220;][\/vc_column_inner][\/vc_row_inner][vc_column_text]<strong>Deutschland \/ \u00d6sterreich 2011, 81 Min., Langfilm<\/strong>\u00a0|\u00a0<strong>15 Jahre ACHTUNG BERLIN \u2022 Die Online-Retrospektive<\/strong> &#8211; Film 9 |\u00a0<strong>Schauspieler*innen: <\/strong>Robert Stadlober, David Winter, Eva-Maria May, Peter Schulze, Paula Kalenberg, Jacob Matschenz\u00a0|\u00a0<strong>Mitwirkende:\u00a0<\/strong>Richard Wilhelmer (Buch &amp; Regie), Julius von Bismarck (Kamera), Richard Wilhelmer &amp; Alexander Murygin\u00a0(Schnitt), Richard Wilhelmer (Produzent), Robert Stadlober (Koproduzent)<strong><br \/>\n<\/strong>[\/vc_column_text][\/vc_column][\/vc_row][vc_row][vc_column][vc_separator el_id=&#8220;achtung-berlin-liebe-mich&#8220;][vc_empty_space][vc_row_inner][vc_column_inner width=&#8220;1\/5&#8243;][vc_single_image image=&#8220;12433&#8243; img_size=&#8220;full&#8220; onclick=&#8220;link_image&#8220;][\/vc_column_inner][vc_column_inner width=&#8220;2\/5&#8243;][vc_column_text]<\/p>\n<h2>Liebe mich!<\/h2>\n<h3>von Philipp Eichholtz<\/h3>\n<p>Sarah, impulsiv und kompromisslos, trifft jemanden, der vielleicht nicht nur ihren Computer, sondern auch ihr Leben reparieren kann. Aber sie w\u00e4re nicht Sarah, wenn sie nicht wieder alles zerst\u00f6ren w\u00fcrde. Und wieder alles bereuen&#8230;<\/p>\n<h3>Start: 22.05.2020, 18:00 Uhr<\/h3>\n<p>[\/vc_column_text][\/vc_column_inner][vc_column_inner width=&#8220;2\/5&#8243;][vc_single_image image=&#8220;48196&#8243; img_size=&#8220;full&#8220;][vc_btn title=&#8220;Liebe mich! | Ganzer Film (deutsch) `{`mit englischen Untertiteln`}` \u1d34\u1d30&#8220; color=&#8220;sky&#8220; size=&#8220;sm&#8220; align=&#8220;center&#8220; i_icon_fontawesome=&#8220;fab fa-youtube&#8220; button_block=&#8220;true&#8220; add_icon=&#8220;true&#8220; css=&#8220;.vc_custom_1590156829453{margin-top: -20px !important;}&#8220; link=&#8220;url:https%3A%2F%2Fyoutu.be%2F_3sZHBi8Otc|title:Liebe%20mich!|target:%20_blank|&#8220;][\/vc_column_inner][\/vc_row_inner][vc_column_text]<strong>Deutschland 2014, 83 Min., Langfilm<\/strong>\u00a0|\u00a0<strong>15 Jahre ACHTUNG BERLIN \u2022 Die Online-Retrospektive<\/strong> &#8211; Film 10 |\u00a0<strong>Schauspieler*innen: <\/strong>Lilli Meinhardt, Christian Ehrich, Maggy Domschke, Peter Trabner, Davide Brizzi, Eva Bay, Axel Ranisch |\u00a0<strong>Mitwirkende:\u00a0<\/strong>Philipp Eichholtz (Buch, Regie und Produzent), Fee Scherer (Kamera), Jens Focke, Matthias Lindner, Lukas L\u00fccke &amp; Tobias Rahm (Ton), Oliver Jerke (Producer) | Label: Darling Berlin | Weitere Informationen: <a href=\"https:\/\/ucm.one\/de\/kinoverleih\/kinostarts\/#liebe-mich\">Liebe mich!<\/a><strong><br \/>\n<\/strong>[\/vc_column_text][\/vc_column][\/vc_row][vc_row][vc_column][vc_separator el_id=&#8220;achtung-berlin-the-invisible-string&#8220;][vc_empty_space][vc_row_inner][vc_column_inner width=&#8220;1\/5&#8243;][vc_single_image image=&#8220;41399&#8243; img_size=&#8220;full&#8220; onclick=&#8220;link_image&#8220;][\/vc_column_inner][vc_column_inner width=&#8220;2\/5&#8243;][vc_column_text]<\/p>\n<h2>The Invisible String<\/h2>\n<h3>von Jan B\u00e4ss<\/h3>\n<p>F\u00fcr die einen ist es ein fliegender Deckel, f\u00fcr die anderen der Ausdruck eines Lebensgef\u00fchls: Die Frisbee Scheibe. Steigen sie ein in die cineastische Achterbahnfahrt von den ersten Wurfversuchen mit Kuchenblechen \u00fcber die goldenen Zeiten der 70er und 80er Jahren bis zu den heute weltweit verteilten Hot Spots. Au\u00dfergew\u00f6hnliche Charaktere, seltenes Archivmaterial und augenzwinkernde Animationen gew\u00e4hren einen intimen und unterhaltsamen Einblick in die Scheibenwelt und an die universelle Freude am Spiel.<\/p>\n<h3>Start: 23.05.2020, 18:00 Uhr<\/h3>\n<p>[\/vc_column_text][\/vc_column_inner][vc_column_inner width=&#8220;2\/5&#8243;][vc_single_image image=&#8220;48199&#8243; img_size=&#8220;full&#8220;][vc_btn title=&#8220;The Invisible String | Ganzer Film (englisch) `{`mit deutschen Untertiteln`}` \u1d34\u1d30&#8220; color=&#8220;sky&#8220; size=&#8220;sm&#8220; align=&#8220;center&#8220; i_icon_fontawesome=&#8220;fab fa-youtube&#8220; button_block=&#8220;true&#8220; add_icon=&#8220;true&#8220; css=&#8220;.vc_custom_1590157024657{margin-top: -20px !important;}&#8220; link=&#8220;url:https%3A%2F%2Fyoutu.be%2FgfOZ623gJm0|title:The%20Invisible%20String|target:%20_blank|&#8220;][\/vc_column_inner][\/vc_row_inner][vc_column_text]<strong>Deutschland 2012, 83 Min., Dokumentation<\/strong>\u00a0|\u00a0<strong>15 Jahre ACHTUNG BERLIN \u2022 Die Online-Retrospektive<\/strong> &#8211; Film 11 | <strong>Protagonist*innen:\u00a0<\/strong>Chipper &#8218;Bro&#8216; Bell, \u201aCrazy&#8216; John Brooks, Jo Cahow, Kevin &#8218;Skippy Jammer&#8216; Given, Jonathan Guss, \u201aSteady Ed&#8216; Headrick, Joey &#8218;The Oracle&#8216; Hudoklin , Irv &#8218;Dr. I&#8216; Kalb, John Kirkland, Victor Malafronte, Dan &#8218;Stork&#8216; Roddick, John Weyand\u00a0|\u00a0<strong>Mitwirkende:\u00a0<\/strong>Jan B\u00e4ss (Regie), Jan B\u00e4ss, Gregor Marter &amp; Michael Osterhoff (Buch), Jan B\u00e4ss (Kamera), Julia Wiedwald (Schnitt), Kuno Schmid (Musik), Jonas Knudsen (Produzent), Ren\u00e9 H\u00f6lting &amp; Richard C.<span class=\"Apple-converted-space\">\u00a0 <\/span>McGuire (Koproduzenten), Michael Osterhoff (Produktion Management)<\/p>\n<p><strong>\u00a0<\/strong>[\/vc_column_text][\/vc_column][\/vc_row][vc_row][vc_column][vc_separator el_id=&#8220;achtung-berlin-stiller-fruehling&#8220;][vc_empty_space][vc_row_inner][vc_column_inner width=&#8220;1\/5&#8243;][vc_single_image image=&#8220;16628&#8243; img_size=&#8220;full&#8220; onclick=&#8220;link_image&#8220;][\/vc_column_inner][vc_column_inner width=&#8220;2\/5&#8243;][vc_column_text]<\/p>\n<h2>Stiller F\u00fchling<\/h2>\n<h3>von Nico Sommer<\/h3>\n<p>Sebastian ist 21 und war noch nie mit einer Frau zusammen. Seine Geduld ist am Ende! Doch weder die Tipps seines r\u00fcstigen Gro\u00dfvaters noch die abstrusen Methoden seiner Therapeutin\u00a0k\u00f6nnen ihm wirklich helfen, unbefangen auf Andere zu zugehen. Nur langsam beginnt er, aus seinem Gedankenurwald auszubrechen.<\/p>\n<h3>Start: 24.05.2020, 18:00 Uhr<\/h3>\n<p>[\/vc_column_text][\/vc_column_inner][vc_column_inner width=&#8220;2\/5&#8243;][vc_single_image image=&#8220;48202&#8243; img_size=&#8220;full&#8220;][vc_btn title=&#8220;Stiller Fr\u00fchling | Ganzer Film (deutsch) \u1d34\u1d30&#8220; color=&#8220;sky&#8220; size=&#8220;sm&#8220; align=&#8220;center&#8220; i_icon_fontawesome=&#8220;fab fa-youtube&#8220; button_block=&#8220;true&#8220; add_icon=&#8220;true&#8220; css=&#8220;.vc_custom_1590151265563{margin-top: -20px !important;}&#8220; link=&#8220;url:https%3A%2F%2Fyoutu.be%2F5KRmNsBccfo|title:Stiller%20Fr%C3%BChling|target:%20_blank|&#8220;][\/vc_column_inner][\/vc_row_inner][vc_column_text]<strong>Deutschland 2008, 49 Min., Mittellanger Film<\/strong>\u00a0|\u00a0<strong>15 Jahre ACHTUNG BERLIN \u2022 Die Online-Retrospektive<\/strong> &#8211; Film 12 | <strong>Schauspieler*innen:\u00a0<\/strong>Tom Lass, Thorsten Kaphahn, Livia S. Reinhard, Claudia Jacob, Robert Hofmann, Nilam Farooq\u00a0|\u00a0<strong>Mitwirkende:\u00a0<\/strong>Nico Sommer (Regie &amp; Buch), Dimitri Hempel (Kamera), Nico Sommer (Schnitt), Anton Weranow (Ton), Christoph Belau (Mischung), s\u00fcsssauer Filmproduktion Berlin (Produktion) | Label: Darling Berlin<\/p>\n<p><strong>\u00a0<\/strong>[\/vc_column_text][\/vc_column][\/vc_row][vc_row][vc_column][vc_separator el_id=&#8220;achtung-berlin-luft&#8220;][vc_empty_space][vc_row_inner][vc_column_inner width=&#8220;1\/5&#8243;][vc_single_image image=&#8220;41388&#8243; img_size=&#8220;full&#8220; onclick=&#8220;link_image&#8220;][\/vc_column_inner][vc_column_inner width=&#8220;2\/5&#8243;][vc_column_text]<\/p>\n<h2>Luft<\/h2>\n<h3>von Max Hegewald<\/h3>\n<p>Raphaela und Basti sind ein P\u00e4rchen in Berlin. Beide sind \u201eMitte-Ende-Zwanzig\u201c. Raphaela schreibt an ihrer Bachelorarbeit und steckt fest, Basti arbeitet in einem Start-Up und kann keine Grenzen ziehen. Als Raphaela sich aus heiterem Himmel trennt, f\u00fchlt Basti sich unf\u00e4hig, etwas zu unternehmen.<\/p>\n<h3>Start: 25.05.2020, 18:00 Uhr<\/h3>\n<p>[\/vc_column_text][\/vc_column_inner][vc_column_inner width=&#8220;2\/5&#8243;][vc_single_image image=&#8220;48205&#8243; img_size=&#8220;full&#8220;][vc_btn title=&#8220;Luft | Ganzer Film (deutsch) `{`with English subtitles`}` \u1d34\u1d30&#8220; color=&#8220;sky&#8220; size=&#8220;sm&#8220; align=&#8220;center&#8220; i_icon_fontawesome=&#8220;fab fa-youtube&#8220; button_block=&#8220;true&#8220; add_icon=&#8220;true&#8220; css=&#8220;.vc_custom_1590146584203{margin-top: -20px !important;}&#8220; link=&#8220;url:https%3A%2F%2Fyoutu.be%2FbwtdmyhirAo|title:Luft|target:%20_blank|&#8220;][\/vc_column_inner][\/vc_row_inner][vc_column_text]<strong>Deutschland 2018, 35 Min., Mittellanger Film<\/strong>\u00a0|\u00a0<strong>15 Jahre ACHTUNG BERLIN \u2022 Die Online-Retrospektive<\/strong> &#8211; Film 13 |\u00a0<strong>Schauspieler*innen:\u00a0<\/strong>Ewa Noack, Tom B\u00f6ttcher\u00a0|\u00a0<strong>Mitwirkende:\u00a0<\/strong>Max Hegewald (Regie), Mirjam Khera (Drehbuch), Janine P\u00e4tzold (Kamera), Dr. Annika Mayer (Schnitt), Andrej Schmitt &amp; Leopold Alexander Reisenauer (Ton), Franziska May &amp; Anna-Marlene Bicking (Musik), Manuel H\u00f6hne &amp; Raphael W\u00fcstner (Producer)<\/p>\n<p><strong>\u00a0<\/strong>[\/vc_column_text][\/vc_column][\/vc_row][vc_row][vc_column][vc_separator el_id=&#8220;achtung-berlin-mauerpark&#8220;][vc_empty_space][vc_row_inner][vc_column_inner width=&#8220;1\/5&#8243;][vc_single_image image=&#8220;12448&#8243; img_size=&#8220;full&#8220; onclick=&#8220;link_image&#8220;][\/vc_column_inner][vc_column_inner width=&#8220;2\/5&#8243;][vc_column_text]<\/p>\n<h2>Mauerpark<\/h2>\n<h3>von Dennis Karsten<\/h3>\n<p>Dr. Motte und Wladimir Kaminer, aber auch Schraubermicha, Joe Hatchiban und Ginger Brown \u2013 sie alle nutzen ihn. Der Mauerpark befindet sich auf dem ehemaligen Todesstreifen in Berlin. Fr\u00fcher hat die Mauer die Menschen voneinander getrennt, heute vereint der Park sie wieder. Da liegen Punks neben M\u00fcttern mit Kindern und K\u00fcnstler malen neben Basketballspielern. Hier kommt eine einzigartige Mixtur aus Wahnsinn, Spa\u00df, Entspannung, Gegens\u00e4tzen und Interessenkonflikten zusammen, die nur eine Stadt wie Berlin hervorbringen kann.<\/p>\n<h3>Start: 26.05.2020, 18:00 Uhr<\/h3>\n<p>[\/vc_column_text][\/vc_column_inner][vc_column_inner width=&#8220;2\/5&#8243;][vc_single_image image=&#8220;48219&#8243; img_size=&#8220;full&#8220;][vc_btn title=&#8220;Mauerpark | Ganzer Film (deutsch) `{`with English subtitles`}` \u1d34\u1d30&#8220; color=&#8220;sky&#8220; size=&#8220;sm&#8220; align=&#8220;center&#8220; i_icon_fontawesome=&#8220;fab fa-youtube&#8220; button_block=&#8220;true&#8220; add_icon=&#8220;true&#8220; css=&#8220;.vc_custom_1590513937282{margin-top: -20px !important;}&#8220; link=&#8220;url:https%3A%2F%2Fyoutu.be%2FEtx8-DpP9gQ|title:Mauerpark|target:%20_blank|&#8220;][\/vc_column_inner][\/vc_row_inner][vc_column_text]<strong>Deutschland 2011, 79 Min., Dokumentation<\/strong>\u00a0|\u00a0<strong>15 Jahre ACHTUNG BERLIN \u2022 Die Online-Retrospektive<\/strong> &#8211; Film 14 | <strong>Protagonist*innen<\/strong><strong>:\u00a0<\/strong>Wladimir Kaminer, DJ Tanith, Dr. Motte u.v.m.\u00a0|\u00a0<strong>Mitwirkende:\u00a0<\/strong>Dennis Karsten\u00a0(Regie, Kamera, Schnitt), Matthias B\u00f6rner (Kamera), Gwendolyn Hayward &amp; Frank Bubenze (Ton), Stefan Rogall (Mischung), Dennis Karsten (Produzent) | Label: Darling Berlin<\/p>\n<p><strong>\u00a0<\/strong>[\/vc_column_text][\/vc_column][\/vc_row][vc_row][vc_column][vc_separator el_id=&#8220;achtung-berlin-rebecca&#8220;][vc_empty_space][vc_row_inner][vc_column_inner width=&#8220;1\/5&#8243;][vc_single_image image=&#8220;16631&#8243; img_size=&#8220;full&#8220; onclick=&#8220;link_image&#8220;][\/vc_column_inner][vc_column_inner width=&#8220;2\/5&#8243;][vc_column_text]<\/p>\n<h2>Rebecca<\/h2>\n<h3>von Anna F. Kohlsch\u00fctter<\/h3>\n<p>Rebecca hat sich von Ben getrennt und wohnt \u00fcbergangsweise auf der Couch in der WG ihrer Freundin. Rebecca ist rastlos, kann nicht schlafen, l\u00e4uft durch die Stra\u00dfen der Gro\u00dfstadt, l\u00e4sst sich treiben. Ihr passieren die Dinge. Ihre einzige Konstante im Leben sind die Besuche bei ihrem demenzkranken Vater, der in einem Pflegeheim lebt und nicht mehr ansprechbar ist. Sie f\u00fcttert ihn, ist liebevoll und versucht ihm immer alles zu erz\u00e4hlen. Und dann ist da noch Philipp.<\/p>\n<h3>Start: 27.05.2020, 18:00 Uhr<\/h3>\n<p>[\/vc_column_text][\/vc_column_inner][vc_column_inner width=&#8220;2\/5&#8243;][vc_single_image image=&#8220;48208&#8243; img_size=&#8220;full&#8220;][vc_btn title=&#8220;Rebecca | Ganzer Film (deutsch) `{`with English subtitles`}` \u1d34\u1d30&#8220; color=&#8220;sky&#8220; size=&#8220;sm&#8220; align=&#8220;center&#8220; i_icon_fontawesome=&#8220;fab fa-youtube&#8220; button_block=&#8220;true&#8220; add_icon=&#8220;true&#8220; css=&#8220;.vc_custom_1590598209584{margin-top: -20px !important;}&#8220; link=&#8220;url:https%3A%2F%2Fyoutu.be%2F55MAC4FhYvo|title:Rebecca|target:%20_blank|&#8220;][\/vc_column_inner][\/vc_row_inner][vc_column_text]<strong>Deutschland 2014, 29 Min.,\u00a0Mittellanger Film<\/strong>\u00a0|\u00a0<strong>15 Jahre ACHTUNG BERLIN \u2022 Die Online-Retrospektive<\/strong> &#8211; Film 15 | <strong>Schauspieler*innen<\/strong><strong>:\u00a0<\/strong>Lise Wolle, Bj\u00f6rn von der Wellen, Axel Siefer, Christin Nichols\u00a0|\u00a0<strong>Mitwirkende:\u00a0<\/strong>Anna F. Kohlsch\u00fctter (Regisseurin, Skript), Bine Jankowski (DoP), Ronny M\u00fcller (Ton), Gesa Hille (Schnitt und Sounddesign), Romain Vicente (Musik), Ulrich Friedrichs (Set Design), Johanna Blott (Kost\u00fcme),<span class=\"Apple-converted-space\">\u00a0 <\/span>Stefanie Herstel (Makeup), Maureen Adlawan (Produzentin)\u00a0| Label: Darling Berlin<\/p>\n<p><strong>\u00a0<\/strong>[\/vc_column_text][\/vc_column][\/vc_row][vc_row][vc_column][vc_separator el_id=&#8220;achtung-berlin-atme&#8220;][vc_empty_space][vc_row_inner][vc_column_inner width=&#8220;1\/5&#8243;][vc_single_image image=&#8220;41555&#8243; img_size=&#8220;full&#8220; onclick=&#8220;link_image&#8220;][\/vc_column_inner][vc_column_inner width=&#8220;2\/5&#8243;][vc_column_text]<\/p>\n<h2>Atme<\/h2>\n<h3>von Magoscha Siwinsk &amp; Nicki Durand<\/h3>\n<p>Karl findet die leblose Johanna an einem verschneiten Ort in Finnland. Er nimmt sie schweigsam und f\u00fcrsorglich bei sich auf, versorgt sie mit dem N\u00f6tigsten: W\u00e4rme \u2013 Nahrung \u2013 Schlaf. Langsam kehrt das Leben in Johanna zur\u00fcck. Zwischen Schneestille und Berliner Gro\u00dfstadtkulisse entrollt sich in R\u00fcckblenden die Geschichte einer unm\u00f6glichen Liebe zwischen Johanna und dem rastlosen Nick. Was anfangs wie eine junge Liebe wirkt, entwickelt mehr und mehr eine zerst\u00f6rerische Kraft. F\u00fcr Johanna beginnt ein Wechselbad der Gef\u00fchle, f\u00fcr Nick ein gef\u00e4hrliche Spiel ohne Grenzen. Am Ende muss Johanna sich f\u00fcr oder gegen sich selbst entscheiden.<\/p>\n<h3>Start: 28.05.2020, 18:00 Uhr<\/h3>\n<p>[\/vc_column_text][\/vc_column_inner][vc_column_inner width=&#8220;2\/5&#8243;][vc_single_image image=&#8220;48211&#8243; img_size=&#8220;full&#8220;][vc_btn title=&#8220;Atme | Ganzer Film (deutsch) `{`mit englischen Untertiteln`}` \u1d34\u1d30&#8220; color=&#8220;sky&#8220; size=&#8220;sm&#8220; align=&#8220;center&#8220; i_icon_fontawesome=&#8220;fab fa-youtube&#8220; button_block=&#8220;true&#8220; add_icon=&#8220;true&#8220; css=&#8220;.vc_custom_1590681684972{margin-top: -20px !important;}&#8220; link=&#8220;url:https%3A%2F%2Fyoutu.be%2FCYQvqSK6IHM|title:Atme|target:%20_blank|&#8220;][\/vc_column_inner][\/vc_row_inner][vc_column_text]<strong>Deutschland 2010, 81 Min.,\u00a0Langfilm<\/strong>\u00a0|\u00a0<strong>15 Jahre ACHTUNG BERLIN \u2022 Die Online-Retrospektive<\/strong> &#8211; Film 16 | <strong>Schauspieler*innen<\/strong><strong>:\u00a0<\/strong>Christine Heimannsberg, Andreas Schwankl, Heinrich Rofling, Marion Gretchen Schmitz, Moritz Berg, Thierry Besson\u00a0|\u00a0<strong>Mitwirkende:\u00a0<\/strong>Magoscha Siwinska und Nicki Durand (Regie), Christine Heimannsberg (Buch), Gustav Hundar (Kamera), Nicki Durand und Valentin Fastabend (Schnitt), Roland St\u00e4hle (Ton), Diego Lorenzo Sufrategui (Musik), Yvonne Krokow (Szenenbild), Nicole Zielke (Kost\u00fcme), Katharina Buchelt und Sonja Bechthold (Produktionsleitung), Artur Lugmayr (Koproduktion)<span class=\"Apple-converted-space\">\u00a0<\/span><\/p>\n<p><strong>\u00a0<\/strong>[\/vc_column_text][\/vc_column][\/vc_row][vc_row][vc_column][vc_separator el_id=&#8220;achtung-berlin-oregon-pine&#8220;][vc_empty_space][vc_row_inner][vc_column_inner width=&#8220;1\/5&#8243;][vc_single_image image=&#8220;41571&#8243; img_size=&#8220;full&#8220; onclick=&#8220;link_image&#8220;][\/vc_column_inner][vc_column_inner width=&#8220;2\/5&#8243;][vc_column_text]<\/p>\n<h2>Oregon Pine<\/h2>\n<h3>von Nicolai Max Hahn<\/h3>\n<p>Der Holztechnik-Ingenieur Richard L\u00fcders f\u00fchrt ein Leben wie eine Konstruktion, beruflich stark engagiert, privat reduziert auf kurze, sexuelle Bekanntschaften ohne tats\u00e4chliche N\u00e4he. Als er Teresa Becker kennen lernt, beginnt diese Konstruktion zu wanken. Es beginnt eine gemeinsame Zeit der Liebe voller Unbeschwertheit und Freiheit und eine Reise zu den eigenen Gef\u00fchlen und der Frage: Wo geh\u00f6re ich hin?<\/p>\n<h3>Start: 29.05.2020, 18:00 Uhr<\/h3>\n<p>[\/vc_column_text][\/vc_column_inner][vc_column_inner width=&#8220;2\/5&#8243;][vc_single_image image=&#8220;48214&#8243; img_size=&#8220;full&#8220;][vc_btn title=&#8220;Oregon Pine | Ganzer Film (deutsch) `{`mit englischen Untertiteln`}`&#8220; color=&#8220;sky&#8220; size=&#8220;sm&#8220; align=&#8220;center&#8220; i_icon_fontawesome=&#8220;fab fa-youtube&#8220; button_block=&#8220;true&#8220; add_icon=&#8220;true&#8220; css=&#8220;.vc_custom_1590685444657{margin-top: -20px !important;}&#8220; link=&#8220;url:https%3A%2F%2Fyoutu.be%2F0uUsxJLjwJc|title:Oregon%20Pine|target:%20_blank|&#8220;][\/vc_column_inner][\/vc_row_inner][vc_column_text]<strong>Deutschland 2016, 89 Min.,\u00a0Langfilm<\/strong>\u00a0|\u00a0<strong>15 Jahre ACHTUNG BERLIN \u2022 Die Online-Retrospektive<\/strong> &#8211; Film 17 | <strong>Schauspieler*innen<\/strong><strong>:\u00a0<\/strong>Hannes Wegener, Peri Baumeister, Silke Bodenbender, Godehard Giese\u00a0|\u00a0<strong>Mitwirkende:\u00a0<\/strong>Nicolai Max Hahn (Buch und Regie), Yannick Bonica (Kamera), Melanie Lischker (Schnitt), Lukas L\u00fccke, Tobias R\u00fcther und Joel Laube (Ton), Thee Balancer (Musik), Fabian Eisenacher (Szenenbilder), Nadja Liening (Kost\u00fcme), Nicolai Max Hahn und Vulnet Rusani (Produzenten)<\/p>\n<p><strong>\u00a0<\/strong>[\/vc_column_text][\/vc_column][\/vc_row][vc_row][vc_column][vc_separator][vc_column_text]<\/p>\n<h2>Neuigkeiten<\/h2>\n<p>[\/vc_column_text]<style type=\"text\/css\" data-type=\"the7_shortcodes-inline-css\">.blog-shortcode.blog-masonry-shortcode-id-84ed7b116a937c2ef4ca52562dc4583d.dividers-on.classic-layout-list article {\n  padding-top: 0;\n}\n.blog-shortcode.blog-masonry-shortcode-id-84ed7b116a937c2ef4ca52562dc4583d.dividers-on.classic-layout-list article:first-of-type {\n  margin-top: 0;\n  padding-top: 0;\n}\n.blog-shortcode.blog-masonry-shortcode-id-84ed7b116a937c2ef4ca52562dc4583d.classic-layout-list.mode-list .post-entry-content {\n  width: calc(100% - );\n}\n.blog-shortcode.blog-masonry-shortcode-id-84ed7b116a937c2ef4ca52562dc4583d.classic-layout-list.mode-list .no-img .post-entry-content {\n  width: 100%;\n}\n.blog-shortcode.blog-masonry-shortcode-id-84ed7b116a937c2ef4ca52562dc4583d .filter-bg-decoration .filter-categories a.act {\n  color: #fff;\n}\n.blog-shortcode.blog-masonry-shortcode-id-84ed7b116a937c2ef4ca52562dc4583d:not(.mode-masonry) article:first-of-type,\n.blog-shortcode.blog-masonry-shortcode-id-84ed7b116a937c2ef4ca52562dc4583d:not(.mode-masonry) article.visible.first:not(.product) {\n  margin-top: 0;\n}\n.blog-shortcode.blog-masonry-shortcode-id-84ed7b116a937c2ef4ca52562dc4583d.dividers-on:not(.mode-masonry) article {\n  margin-top: 0;\n}\n.blog-shortcode.blog-masonry-shortcode-id-84ed7b116a937c2ef4ca52562dc4583d.dividers-on:not(.mode-masonry) article:first-of-type,\n.blog-shortcode.blog-masonry-shortcode-id-84ed7b116a937c2ef4ca52562dc4583d.dividers-on:not(.mode-masonry) article.visible.first:not(.product) {\n  margin-top: 0;\n  padding-top: 0;\n}\n.blog-shortcode.blog-masonry-shortcode-id-84ed7b116a937c2ef4ca52562dc4583d .post-thumbnail-wrap {\n  padding: 0px 0px 0px 0px;\n}\n.blog-shortcode.blog-masonry-shortcode-id-84ed7b116a937c2ef4ca52562dc4583d.enable-bg-rollover .post-thumbnail-rollover:after {\n  background: -webkit-linear-gradient();\n  background: linear-gradient();\n}\n.blog-shortcode.blog-masonry-shortcode-id-84ed7b116a937c2ef4ca52562dc4583d .gallery-zoom-ico {\n  width: 44px;\n  height: 44px;\n  line-height: 44px;\n  border-radius: 100px;\n  margin: -22px 0 0 -22px;\n  border-width: 0px;\n  color: #ffffff;\n}\n.bottom-overlap-layout-list.blog-shortcode.blog-masonry-shortcode-id-84ed7b116a937c2ef4ca52562dc4583d .gallery-zoom-ico {\n  margin-top: -72px;\n}\n.gradient-overlay-layout-list.blog-shortcode.blog-masonry-shortcode-id-84ed7b116a937c2ef4ca52562dc4583d .gallery-zoom-ico,\n.content-rollover-layout-list.blog-shortcode.blog-masonry-shortcode-id-84ed7b116a937c2ef4ca52562dc4583d .gallery-zoom-ico {\n  margin: 0 0 10px;\n}\n.content-align-center.gradient-overlay-layout-list.blog-shortcode.blog-masonry-shortcode-id-84ed7b116a937c2ef4ca52562dc4583d .gallery-zoom-ico,\n.content-align-center.content-rollover-layout-list.blog-shortcode.blog-masonry-shortcode-id-84ed7b116a937c2ef4ca52562dc4583d .gallery-zoom-ico {\n  margin: 0 auto 10px;\n}\n.dt-icon-bg-on.blog-shortcode.blog-masonry-shortcode-id-84ed7b116a937c2ef4ca52562dc4583d .gallery-zoom-ico {\n  background: rgba(255,255,255,0.3);\n  box-shadow: none;\n}\n.blog-shortcode.blog-masonry-shortcode-id-84ed7b116a937c2ef4ca52562dc4583d .gallery-zoom-ico > span,\n.blog-shortcode.blog-masonry-shortcode-id-84ed7b116a937c2ef4ca52562dc4583d .gallery-zoom-ico:before {\n  font-size: 32px;\n  line-height: 44px;\n}\n.blog-shortcode.blog-masonry-shortcode-id-84ed7b116a937c2ef4ca52562dc4583d .gallery-zoom-ico > span,\n.blog-shortcode.blog-masonry-shortcode-id-84ed7b116a937c2ef4ca52562dc4583d .gallery-zoom-ico:before {\n  color: #ffffff;\n}\n.blog-shortcode.blog-masonry-shortcode-id-84ed7b116a937c2ef4ca52562dc4583d .entry-title,\n.blog-shortcode.blog-masonry-shortcode-id-84ed7b116a937c2ef4ca52562dc4583d.owl-carousel .entry-title {\n  margin-bottom: 5px;\n  font-weight: bold;\n}\n.blog-shortcode.blog-masonry-shortcode-id-84ed7b116a937c2ef4ca52562dc4583d .entry-meta {\n  margin-bottom: 15px;\n}\n.blog-shortcode.blog-masonry-shortcode-id-84ed7b116a937c2ef4ca52562dc4583d .portfolio-categories {\n  margin-bottom: 15px;\n}\n.blog-shortcode.blog-masonry-shortcode-id-84ed7b116a937c2ef4ca52562dc4583d .entry-excerpt {\n  margin-bottom: 5px;\n}\n.blog-shortcode.blog-masonry-shortcode-id-84ed7b116a937c2ef4ca52562dc4583d:not(.centered-layout-list) .post-entry-content {\n  padding: 25px 30px 30px 30px;\n}\n.blog-shortcode.blog-masonry-shortcode-id-84ed7b116a937c2ef4ca52562dc4583d:not(.centered-layout-list):not(.content-bg-on):not(.mode-list) .no-img .post-entry-content {\n  padding: 0;\n}\n@media screen and (max-width: ) {\n  .blog-shortcode.blog-masonry-shortcode-id-84ed7b116a937c2ef4ca52562dc4583d article {\n    -ms-flex-flow: column nowrap;\n    flex-flow: column nowrap;\n    margin-top: 20px;\n  }\n  .blog-shortcode.blog-masonry-shortcode-id-84ed7b116a937c2ef4ca52562dc4583d.dividers-on article {\n    border: none;\n  }\n  .blog-shortcode.blog-masonry-shortcode-id-84ed7b116a937c2ef4ca52562dc4583d.content-bg-on.centered-layout-list article {\n    padding: 0;\n  }\n  .blog-shortcode.blog-masonry-shortcode-id-84ed7b116a937c2ef4ca52562dc4583d.blog-shortcode.dividers-on article,\n  .blog-shortcode.blog-masonry-shortcode-id-84ed7b116a937c2ef4ca52562dc4583d.dividers-on.classic-layout-list article {\n    margin-top: 20px;\n    padding: 0;\n  }\n  .blog-shortcode.blog-masonry-shortcode-id-84ed7b116a937c2ef4ca52562dc4583d.blog-shortcode.dividers-on article:first-of-type,\n  .blog-shortcode.blog-masonry-shortcode-id-84ed7b116a937c2ef4ca52562dc4583d.dividers-on.classic-layout-list article:first-of-type {\n    padding: 0;\n  }\n  #page .blog-shortcode.blog-masonry-shortcode-id-84ed7b116a937c2ef4ca52562dc4583d .post-thumbnail-wrap,\n  #page .blog-shortcode.blog-masonry-shortcode-id-84ed7b116a937c2ef4ca52562dc4583d .post-entry-content {\n    width: 100%;\n    margin: 0;\n    top: 0;\n  }\n  #page .blog-shortcode.blog-masonry-shortcode-id-84ed7b116a937c2ef4ca52562dc4583d .post-thumbnail-wrap {\n    padding: 0;\n  }\n  #page .blog-shortcode.blog-masonry-shortcode-id-84ed7b116a937c2ef4ca52562dc4583d .post-entry-content:after {\n    display: none;\n  }\n  #page .blog-shortcode.blog-masonry-shortcode-id-84ed7b116a937c2ef4ca52562dc4583d .project-even .post-thumbnail-wrap,\n  #page .blog-shortcode.blog-masonry-shortcode-id-84ed7b116a937c2ef4ca52562dc4583d.centered-layout-list .post-thumbnail-wrap {\n    -ms-flex-order: 0;\n    order: 0;\n  }\n  #page .blog-shortcode.blog-masonry-shortcode-id-84ed7b116a937c2ef4ca52562dc4583d.centered-layout-list .post-entry-title-content {\n    -ms-flex-order: 1;\n    order: 1;\n    width: 100%;\n    padding: 20px 20px 0;\n  }\n  #page .blog-shortcode.blog-masonry-shortcode-id-84ed7b116a937c2ef4ca52562dc4583d.centered-layout-list .post-entry-content {\n    -ms-flex-order: 2;\n    order: 2;\n    padding-top: 0;\n  }\n  #page .blog-shortcode.blog-masonry-shortcode-id-84ed7b116a937c2ef4ca52562dc4583d .fancy-categories {\n    top: 10px;\n    left: 10px;\n    bottom: auto;\n    right: auto;\n  }\n  #page .blog-shortcode.blog-masonry-shortcode-id-84ed7b116a937c2ef4ca52562dc4583d .fancy-date a {\n    top: 10px;\n    right: 10px;\n    left: auto;\n    bottom: auto;\n  }\n  #page .blog-shortcode.blog-masonry-shortcode-id-84ed7b116a937c2ef4ca52562dc4583d .post-entry-content {\n    padding: 20px;\n  }\n  #page .blog-shortcode.blog-masonry-shortcode-id-84ed7b116a937c2ef4ca52562dc4583d .entry-title {\n    margin: 3px 0 5px;\n    font-size: 20px;\n    line-height: 26px;\n  }\n  #page .blog-shortcode.blog-masonry-shortcode-id-84ed7b116a937c2ef4ca52562dc4583d .entry-meta {\n    margin: 5px 0 5px;\n  }\n  #page .blog-shortcode.blog-masonry-shortcode-id-84ed7b116a937c2ef4ca52562dc4583d .entry-excerpt {\n    margin: 15px 0 0;\n  }\n  #page .blog-shortcode.blog-masonry-shortcode-id-84ed7b116a937c2ef4ca52562dc4583d .post-details {\n    margin: 5px 0 10px;\n  }\n  #page .blog-shortcode.blog-masonry-shortcode-id-84ed7b116a937c2ef4ca52562dc4583d .post-details.details-type-link {\n    margin-bottom: 2px;\n  }\n}\n.blog-shortcode.blog-masonry-shortcode-id-84ed7b116a937c2ef4ca52562dc4583d:not(.resize-by-browser-width) .dt-css-grid {\n  grid-row-gap: 30px;\n  grid-column-gap: 30px;\n  grid-template-columns: repeat(auto-fill,minmax(,1fr));\n}\n.blog-shortcode.blog-masonry-shortcode-id-84ed7b116a937c2ef4ca52562dc4583d:not(.resize-by-browser-width) .dt-css-grid .double-width {\n  grid-column: span 2;\n}\n.cssgridlegacy.no-cssgrid .blog-shortcode.blog-masonry-shortcode-id-84ed7b116a937c2ef4ca52562dc4583d:not(.resize-by-browser-width) .dt-css-grid,\n.no-cssgridlegacy.no-cssgrid .blog-shortcode.blog-masonry-shortcode-id-84ed7b116a937c2ef4ca52562dc4583d:not(.resize-by-browser-width) .dt-css-grid {\n  display: flex;\n  flex-flow: row wrap;\n  margin: -15px;\n}\n.cssgridlegacy.no-cssgrid .blog-shortcode.blog-masonry-shortcode-id-84ed7b116a937c2ef4ca52562dc4583d:not(.resize-by-browser-width) .dt-css-grid .wf-cell,\n.no-cssgridlegacy.no-cssgrid .blog-shortcode.blog-masonry-shortcode-id-84ed7b116a937c2ef4ca52562dc4583d:not(.resize-by-browser-width) .dt-css-grid .wf-cell {\n  flex: 1 0 ;\n  max-width: 100%;\n  padding: 15px;\n  box-sizing: border-box;\n}\n.blog-shortcode.blog-masonry-shortcode-id-84ed7b116a937c2ef4ca52562dc4583d.resize-by-browser-width .dt-css-grid {\n  grid-template-columns: repeat(2,1fr);\n  grid-template-rows: auto;\n  grid-column-gap: 30px;\n  grid-row-gap: 30px;\n}\n.blog-shortcode.blog-masonry-shortcode-id-84ed7b116a937c2ef4ca52562dc4583d.resize-by-browser-width .dt-css-grid .double-width {\n  grid-column: span 2;\n}\n.cssgridlegacy.no-cssgrid .blog-shortcode.blog-masonry-shortcode-id-84ed7b116a937c2ef4ca52562dc4583d.resize-by-browser-width .dt-css-grid {\n  margin: -15px;\n}\n.cssgridlegacy.no-cssgrid .blog-shortcode.blog-masonry-shortcode-id-84ed7b116a937c2ef4ca52562dc4583d.resize-by-browser-width .dt-css-grid .wf-cell {\n  width: 50%;\n  padding: 15px;\n}\n.cssgridlegacy.no-cssgrid .blog-shortcode.blog-masonry-shortcode-id-84ed7b116a937c2ef4ca52562dc4583d.resize-by-browser-width .dt-css-grid .wf-cell.double-width {\n  width: calc(50%) * 2;\n}\n.blog-shortcode.blog-masonry-shortcode-id-84ed7b116a937c2ef4ca52562dc4583d.resize-by-browser-width:not(.centered-layout-list):not(.content-bg-on) .dt-css-grid {\n  grid-row-gap: 0px;\n}\n@media screen and (max-width: 1199px) {\n  .blog-shortcode.blog-masonry-shortcode-id-84ed7b116a937c2ef4ca52562dc4583d.resize-by-browser-width .dt-css-grid {\n    grid-template-columns: repeat(2,1fr);\n  }\n  .cssgridlegacy.no-cssgrid .blog-shortcode.blog-masonry-shortcode-id-84ed7b116a937c2ef4ca52562dc4583d.resize-by-browser-width .dt-css-grid .wf-cell,\n  .no-cssgridlegacy.no-cssgrid .blog-shortcode.blog-masonry-shortcode-id-84ed7b116a937c2ef4ca52562dc4583d.resize-by-browser-width .dt-css-grid .wf-cell {\n    width: 50%;\n  }\n  .cssgridlegacy.no-cssgrid .blog-shortcode.blog-masonry-shortcode-id-84ed7b116a937c2ef4ca52562dc4583d.resize-by-browser-width .dt-css-grid .wf-cell.double-width,\n  .no-cssgridlegacy.no-cssgrid .blog-shortcode.blog-masonry-shortcode-id-84ed7b116a937c2ef4ca52562dc4583d.resize-by-browser-width .dt-css-grid .wf-cell.double-width {\n    width: calc(50%)*2;\n  }\n}\n@media screen and (max-width: 991px) {\n  .blog-shortcode.blog-masonry-shortcode-id-84ed7b116a937c2ef4ca52562dc4583d.resize-by-browser-width .dt-css-grid {\n    grid-template-columns: repeat(1,1fr);\n  }\n  .cssgridlegacy.no-cssgrid .blog-shortcode.blog-masonry-shortcode-id-84ed7b116a937c2ef4ca52562dc4583d.resize-by-browser-width .dt-css-grid .wf-cell,\n  .no-cssgridlegacy.no-cssgrid .blog-shortcode.blog-masonry-shortcode-id-84ed7b116a937c2ef4ca52562dc4583d.resize-by-browser-width .dt-css-grid .wf-cell {\n    width: 100%;\n  }\n  .cssgridlegacy.no-cssgrid .blog-shortcode.blog-masonry-shortcode-id-84ed7b116a937c2ef4ca52562dc4583d.resize-by-browser-width .dt-css-grid .wf-cell.double-width,\n  .no-cssgridlegacy.no-cssgrid .blog-shortcode.blog-masonry-shortcode-id-84ed7b116a937c2ef4ca52562dc4583d.resize-by-browser-width .dt-css-grid .wf-cell.double-width {\n    width: calc(100%)*2;\n  }\n}\n@media screen and (max-width: 767px) {\n  .blog-shortcode.blog-masonry-shortcode-id-84ed7b116a937c2ef4ca52562dc4583d.resize-by-browser-width .dt-css-grid {\n    grid-template-columns: repeat(1,1fr);\n  }\n  .blog-shortcode.blog-masonry-shortcode-id-84ed7b116a937c2ef4ca52562dc4583d.resize-by-browser-width .dt-css-grid .double-width {\n    grid-column: span 1;\n  }\n  .cssgridlegacy.no-cssgrid .blog-shortcode.blog-masonry-shortcode-id-84ed7b116a937c2ef4ca52562dc4583d.resize-by-browser-width .dt-css-grid .wf-cell,\n  .no-cssgridlegacy.no-cssgrid .blog-shortcode.blog-masonry-shortcode-id-84ed7b116a937c2ef4ca52562dc4583d.resize-by-browser-width .dt-css-grid .wf-cell {\n    width: 100%;\n  }\n  .cssgridlegacy.no-cssgrid .blog-shortcode.blog-masonry-shortcode-id-84ed7b116a937c2ef4ca52562dc4583d.resize-by-browser-width .dt-css-grid .wf-cell.double-width,\n  .no-cssgridlegacy.no-cssgrid .blog-shortcode.blog-masonry-shortcode-id-84ed7b116a937c2ef4ca52562dc4583d.resize-by-browser-width .dt-css-grid .wf-cell.double-width {\n    width: calc(100%)*2;\n  }\n}<\/style><div class=\"blog-shortcode blog-masonry-shortcode-id-84ed7b116a937c2ef4ca52562dc4583d mode-grid classic-layout-list content-bg-on jquery-filter scale-img dt-css-grid-wrap dt-icon-bg-off resize-by-browser-width loading-effect-none description-under-image \" data-padding=\"15px\" data-cur-page=\"1\" data-post-limit=\"-1\" data-pagination-mode=\"none\" data-desktop-columns-num=\"2\" data-v-tablet-columns-num=\"1\" data-h-tablet-columns-num=\"2\" data-phone-columns-num=\"1\" data-width=\"0px\" data-columns=\"0\"><div class=\"dt-css-grid\" ><div class=\"visible wf-cell\" data-post-id=\"41587\" data-date=\"2020-05-29T14:07:01+00:00\" data-name=\"Oregon Pine (von Nicolai Max Hahn) | achtung berlin \u2022 Die Online-Retrospektive \u2022 Film 17\"><article class=\"post project-odd visible post-41587 type-post status-publish format-standard has-post-thumbnail hentry category-achtung-berlin-online-retrospektive category-film category-news tag-15-jahre-achtung-berlin-die-online-retrospektive tag-achtung-berlin tag-darling-berlin tag-godehard-giese tag-hannes-wegener tag-nicolai-max-hahn tag-online-festival tag-oregon-pine tag-peri-baumeister tag-silke-bodenbender category-7765 category-8 category-13\" data-name=\"Oregon Pine (von Nicolai Max Hahn) | achtung berlin \u2022 Die Online-Retrospektive \u2022 Film 17\" data-date=\"2020-05-29T14:07:01+00:00\">\n\n<div class=\"post-thumbnail-wrap\">\n\t<div class=\"post-thumbnail\">\n\t\t\n\t\t\n\t\t<a href=\"https:\/\/ucm.one\/de\/oregon-pine-von-nicolai-max-hahn-achtung-berlin-die-online-retrospektive-film-17\/\" class=\"post-thumbnail-rollover layzr-bg layzr-bg\" ><img fetchpriority=\"high\" decoding=\"async\" class=\"iso-lazy-load preload-me iso-lazy-load aspect\" src=\"data:image\/svg+xml,%3Csvg%20xmlns%3D&#39;http%3A%2F%2Fwww.w3.org%2F2000%2Fsvg&#39;%20viewBox%3D&#39;0%200%20990%20309&#39;%2F%3E\" data-src=\"https:\/\/ucm.one\/wp-content\/uploads\/2020\/05\/B-Oregon-Pine-990x309.jpg\" data-srcset=\"https:\/\/ucm.one\/wp-content\/uploads\/2020\/05\/B-Oregon-Pine-990x309.jpg 990w, https:\/\/ucm.one\/wp-content\/uploads\/2020\/05\/B-Oregon-Pine-1485x464.jpg 1485w\" loading=\"eager\" style=\"--ratio: 990 \/ 309\" sizes=\"(max-width: 990px) 100vw, 990px\" alt=\"\" title=\"B Oregon Pine\" width=\"990\" height=\"309\"  \/><\/a>\t<\/div>\n<\/div>\n\n\n<div class=\"post-entry-content\">\n\n\t<h3 class=\"entry-title\">\n\t\t<a href=\"https:\/\/ucm.one\/de\/oregon-pine-von-nicolai-max-hahn-achtung-berlin-die-online-retrospektive-film-17\/\" title=\"Oregon Pine (von Nicolai Max Hahn) | achtung berlin \u2022 Die Online-Retrospektive \u2022 Film 17\" rel=\"bookmark\">Oregon Pine (von Nicolai Max Hahn) | achtung berlin \u2022 Die Online-Retrospektive \u2022 Film 17<\/a>\n\t<\/h3>\n\n\t<div class=\"entry-meta\"><span class=\"category-link\"><a href=\"https:\/\/ucm.one\/de\/category\/news\/film\/darling-berlin\/achtung-berlin-online-retrospektive\/\" >achtung berlin - Online Retrospektive<\/a>, <a href=\"https:\/\/ucm.one\/de\/category\/news\/film\/\" >Film<\/a>, <a href=\"https:\/\/ucm.one\/de\/category\/news\/\" >News<\/a><\/span><a class=\"author vcard\" href=\"\" title=\"Zeige alle Beitr\u00e4ge von Joachim Keil\" rel=\"author\">Von <span class=\"fn\">Joachim Keil<\/span><\/a><a href=\"https:\/\/ucm.one\/de\/2020\/05\/29\/\" title=\"14:07\" class=\"data-link\" rel=\"bookmark\"><time class=\"entry-date updated\" datetime=\"2020-05-29T14:07:01+00:00\">29. Mai 2020<\/time><\/a><\/div>\n\t<div class=\"entry-excerpt\"><p>[vc_row][vc_column][vc_column_text]Der 17. Film und gleichzeitig der kr\u00f6nende Abschluss der\u00a015 Jahre achtung berlin \u2022 Online-Retrospektive ist &#8222;Oregon Pine&#8220; von\u00a0Nicolai Max Hahn. In dem Film f\u00fchrt der\u00a0Holztechnik-Ingenieur Richard L\u00fcders zun\u00e4chst ein Leben wie eine Konstruktion, beruflich stark engagiert, privat reduziert auf kurze, sexuelle Bekanntschaften ohne tats\u00e4chliche N\u00e4he. Als er Teresa Becker kennen lernt, beginnt diese Konstruktion zu&hellip;<\/p>\n<\/div>\n\t\n<a href=\"https:\/\/ucm.one\/de\/oregon-pine-von-nicolai-max-hahn-achtung-berlin-die-online-retrospektive-film-17\/\" class=\"post-details details-type-link\" aria-label=\"Read more about Oregon Pine (von Nicolai Max Hahn) | achtung berlin \u2022 Die Online-Retrospektive \u2022 Film 17\">Mehr lesen<i class=\"dt-icon-the7-arrow-03\" aria-hidden=\"true\"><\/i><\/a>\n\n<\/div><\/article><\/div><div class=\"visible wf-cell\" data-post-id=\"41540\" data-date=\"2020-05-28T14:57:53+00:00\" data-name=\"Atme (von Magoscha Siwinska &amp; Nicki Durand) | achtung berlin \u2022 Die Online-Retrospektive \u2022 Film 16\"><article class=\"post project-odd visible post-41540 type-post status-publish format-standard has-post-thumbnail hentry category-achtung-berlin-online-retrospektive category-darling-berlin category-film category-news tag-15-jahre-achtung-berlin-die-online-retrospektive tag-achtung-berlin tag-andreas-schwankl tag-atme tag-christine-heimannsberg tag-darling-berlin tag-heinrich-rofling tag-magoscha-siwinska tag-marion-gretchen-schmitz tag-moritz-berg tag-nicki-durand tag-online-festival tag-thierry-besson category-7765 category-830 category-8 category-13\" data-name=\"Atme (von Magoscha Siwinska &#038; Nicki Durand) | achtung berlin \u2022 Die Online-Retrospektive \u2022 Film 16\" data-date=\"2020-05-28T14:57:53+00:00\">\n\n<div class=\"post-thumbnail-wrap\">\n\t<div class=\"post-thumbnail\">\n\t\t\n\t\t\n\t\t<a href=\"https:\/\/ucm.one\/de\/atme-von-magoscha-siwinska-nicki-durand-achtung-berlin-die-online-retrospektive-film-16\/\" class=\"post-thumbnail-rollover layzr-bg layzr-bg\" ><img decoding=\"async\" class=\"iso-lazy-load preload-me iso-lazy-load aspect\" src=\"data:image\/svg+xml,%3Csvg%20xmlns%3D&#39;http%3A%2F%2Fwww.w3.org%2F2000%2Fsvg&#39;%20viewBox%3D&#39;0%200%20990%20309&#39;%2F%3E\" data-src=\"https:\/\/ucm.one\/wp-content\/uploads\/2020\/05\/B-Atme-990x309.jpg\" data-srcset=\"https:\/\/ucm.one\/wp-content\/uploads\/2020\/05\/B-Atme-990x309.jpg 990w, https:\/\/ucm.one\/wp-content\/uploads\/2020\/05\/B-Atme-1485x464.jpg 1485w\" loading=\"eager\" style=\"--ratio: 990 \/ 309\" sizes=\"(max-width: 990px) 100vw, 990px\" alt=\"\" title=\"B Atme\" width=\"990\" height=\"309\"  \/><\/a>\t<\/div>\n<\/div>\n\n\n<div class=\"post-entry-content\">\n\n\t<h3 class=\"entry-title\">\n\t\t<a href=\"https:\/\/ucm.one\/de\/atme-von-magoscha-siwinska-nicki-durand-achtung-berlin-die-online-retrospektive-film-16\/\" title=\"Atme (von Magoscha Siwinska &#038; Nicki Durand) | achtung berlin \u2022 Die Online-Retrospektive \u2022 Film 16\" rel=\"bookmark\">Atme (von Magoscha Siwinska &#038; Nicki Durand) | achtung berlin \u2022 Die Online-Retrospektive \u2022 Film 16<\/a>\n\t<\/h3>\n\n\t<div class=\"entry-meta\"><span class=\"category-link\"><a href=\"https:\/\/ucm.one\/de\/category\/news\/film\/darling-berlin\/achtung-berlin-online-retrospektive\/\" >achtung berlin - Online Retrospektive<\/a>, <a href=\"https:\/\/ucm.one\/de\/category\/news\/film\/darling-berlin\/\" >Darling Berlin<\/a>, <a href=\"https:\/\/ucm.one\/de\/category\/news\/film\/\" >Film<\/a>, <a href=\"https:\/\/ucm.one\/de\/category\/news\/\" >News<\/a><\/span><a class=\"author vcard\" href=\"\" title=\"Zeige alle Beitr\u00e4ge von Joachim Keil\" rel=\"author\">Von <span class=\"fn\">Joachim Keil<\/span><\/a><a href=\"https:\/\/ucm.one\/de\/2020\/05\/28\/\" title=\"14:57\" class=\"data-link\" rel=\"bookmark\"><time class=\"entry-date updated\" datetime=\"2020-05-28T14:57:53+00:00\">28. Mai 2020<\/time><\/a><\/div>\n\t<div class=\"entry-excerpt\"><p>[vc_row][vc_column][vc_column_text]&#8220;Atme&#8220; heisst der Langfilm von Magoscha Siwinsk und Nicki Durand, der als 16. Film bei der\u00a015 Jahre achtung berlin \u2022 Online-Retrospektive gezeigt wird. In dem Film findet\u00a0Karl die leblose Johanna an einem verschneiten Ort in Finnland. Er nimmt sie schweigsam und f\u00fcrsorglich bei sich auf, versorgt sie mit dem N\u00f6tigsten: W\u00e4rme \u2013 Nahrung \u2013 Schlaf.&hellip;<\/p>\n<\/div>\n\t\n<a href=\"https:\/\/ucm.one\/de\/atme-von-magoscha-siwinska-nicki-durand-achtung-berlin-die-online-retrospektive-film-16\/\" class=\"post-details details-type-link\" aria-label=\"Read more about Atme (von Magoscha Siwinska &#038; Nicki Durand) | achtung berlin \u2022 Die Online-Retrospektive \u2022 Film 16\">Mehr lesen<i class=\"dt-icon-the7-arrow-03\" aria-hidden=\"true\"><\/i><\/a>\n\n<\/div><\/article><\/div><div class=\"visible wf-cell\" data-post-id=\"41562\" data-date=\"2020-05-27T16:43:23+00:00\" data-name=\"Rebecca (von Anna F. Kohlsch\u00fctter) | achtung berlin \u2022 Die Online-Retrospektive \u2022 Film 15\"><article class=\"post project-odd visible post-41562 type-post status-publish format-standard has-post-thumbnail hentry category-achtung-berlin-online-retrospektive category-film category-news tag-15-jahre-achtung-berlin-die-online-retrospektive tag-achtung-berlin tag-anna-f-kohlschuetter tag-axel-siefer tag-bjoern-von-der-wellen tag-christin-nichols tag-darling-berlin tag-gesa-hille tag-lise-wolle tag-online-festival tag-rebecca category-7765 category-8 category-13\" data-name=\"Rebecca (von Anna F. Kohlsch\u00fctter) | achtung berlin \u2022 Die Online-Retrospektive \u2022 Film 15\" data-date=\"2020-05-27T16:43:23+00:00\">\n\n<div class=\"post-thumbnail-wrap\">\n\t<div class=\"post-thumbnail\">\n\t\t\n\t\t\n\t\t<a href=\"https:\/\/ucm.one\/de\/rebecca-von-anna-f-kohlschuetter-achtung-berlin-die-online-retrospektive-film-15\/\" class=\"post-thumbnail-rollover layzr-bg layzr-bg\" ><img decoding=\"async\" class=\"iso-lazy-load preload-me iso-lazy-load aspect\" src=\"data:image\/svg+xml,%3Csvg%20xmlns%3D&#39;http%3A%2F%2Fwww.w3.org%2F2000%2Fsvg&#39;%20viewBox%3D&#39;0%200%20990%20309&#39;%2F%3E\" data-src=\"https:\/\/ucm.one\/wp-content\/uploads\/2020\/05\/B-Rebecca-990x309.jpg\" data-srcset=\"https:\/\/ucm.one\/wp-content\/uploads\/2020\/05\/B-Rebecca-990x309.jpg 990w, https:\/\/ucm.one\/wp-content\/uploads\/2020\/05\/B-Rebecca-1485x464.jpg 1485w\" loading=\"eager\" style=\"--ratio: 990 \/ 309\" sizes=\"(max-width: 990px) 100vw, 990px\" alt=\"\" title=\"B Rebecca\" width=\"990\" height=\"309\"  \/><\/a>\t<\/div>\n<\/div>\n\n\n<div class=\"post-entry-content\">\n\n\t<h3 class=\"entry-title\">\n\t\t<a href=\"https:\/\/ucm.one\/de\/rebecca-von-anna-f-kohlschuetter-achtung-berlin-die-online-retrospektive-film-15\/\" title=\"Rebecca (von Anna F. Kohlsch\u00fctter) | achtung berlin \u2022 Die Online-Retrospektive \u2022 Film 15\" rel=\"bookmark\">Rebecca (von Anna F. Kohlsch\u00fctter) | achtung berlin \u2022 Die Online-Retrospektive \u2022 Film 15<\/a>\n\t<\/h3>\n\n\t<div class=\"entry-meta\"><span class=\"category-link\"><a href=\"https:\/\/ucm.one\/de\/category\/news\/film\/darling-berlin\/achtung-berlin-online-retrospektive\/\" >achtung berlin - Online Retrospektive<\/a>, <a href=\"https:\/\/ucm.one\/de\/category\/news\/film\/\" >Film<\/a>, <a href=\"https:\/\/ucm.one\/de\/category\/news\/\" >News<\/a><\/span><a class=\"author vcard\" href=\"\" title=\"Zeige alle Beitr\u00e4ge von Joachim Keil\" rel=\"author\">Von <span class=\"fn\">Joachim Keil<\/span><\/a><a href=\"https:\/\/ucm.one\/de\/2020\/05\/27\/\" title=\"16:43\" class=\"data-link\" rel=\"bookmark\"><time class=\"entry-date updated\" datetime=\"2020-05-27T16:43:23+00:00\">27. Mai 2020<\/time><\/a><\/div>\n\t<div class=\"entry-excerpt\"><p>[vc_row][vc_column][vc_column_text]Der 15. Film bei der\u00a015 Jahre achtung berlin \u2022 Online-Retrospektive ist der Mittellange Film &#8222;Rebecca&#8220; von\u00a0Anna F. Kohlsch\u00fctter.\u00a0Der Film erz\u00e4hlt die Geschichte von Rebecca, die sich von Ben getrennt hat und nun \u00fcbergangsweise auf der Couch in der WG ihrer Freundin schl\u00e4ft. Rebecca ist rastlos, kann nicht schlafen, l\u00e4uft durch die Stra\u00dfen der Gro\u00dfstadt, l\u00e4sst&hellip;<\/p>\n<\/div>\n\t\n<a href=\"https:\/\/ucm.one\/de\/rebecca-von-anna-f-kohlschuetter-achtung-berlin-die-online-retrospektive-film-15\/\" class=\"post-details details-type-link\" aria-label=\"Read more about Rebecca (von Anna F. Kohlsch\u00fctter) | achtung berlin \u2022 Die Online-Retrospektive \u2022 Film 15\">Mehr lesen<i class=\"dt-icon-the7-arrow-03\" aria-hidden=\"true\"><\/i><\/a>\n\n<\/div><\/article><\/div><div class=\"visible wf-cell\" data-post-id=\"41488\" data-date=\"2020-05-26T10:35:00+00:00\" data-name=\"Mauerpark (von Dennis Karsten) | achtung berlin \u2022 Die Online-Retrospektive \u2022 Film 14\"><article class=\"post project-odd visible post-41488 type-post status-publish format-standard has-post-thumbnail hentry category-achtung-berlin-online-retrospektive category-darling-berlin category-film category-news tag-15-jahre-achtung-berlin-die-online-retrospektive tag-achtung-berlin tag-darling-berlin tag-dennis-karsten tag-dj-tanith tag-dokumentation tag-dr-motte tag-mauerpark tag-online-festival tag-online-retrospektive tag-wladimir-kaminer category-7765 category-830 category-8 category-13\" data-name=\"Mauerpark (von Dennis Karsten) | achtung berlin \u2022 Die Online-Retrospektive \u2022 Film 14\" data-date=\"2020-05-26T10:35:00+00:00\">\n\n<div class=\"post-thumbnail-wrap\">\n\t<div class=\"post-thumbnail\">\n\t\t\n\t\t\n\t\t<a href=\"https:\/\/ucm.one\/de\/mauerpark-von-dennis-karsten-achtung-berlin-die-online-retrospektive-film-14\/\" class=\"post-thumbnail-rollover layzr-bg layzr-bg\" ><img decoding=\"async\" class=\"iso-lazy-load preload-me iso-lazy-load aspect\" src=\"data:image\/svg+xml,%3Csvg%20xmlns%3D&#39;http%3A%2F%2Fwww.w3.org%2F2000%2Fsvg&#39;%20viewBox%3D&#39;0%200%20990%20309&#39;%2F%3E\" data-src=\"https:\/\/ucm.one\/wp-content\/uploads\/2020\/05\/B-Mauerpark-2020-990x309.jpg\" data-srcset=\"https:\/\/ucm.one\/wp-content\/uploads\/2020\/05\/B-Mauerpark-2020-990x309.jpg 990w, https:\/\/ucm.one\/wp-content\/uploads\/2020\/05\/B-Mauerpark-2020-1485x464.jpg 1485w\" loading=\"eager\" style=\"--ratio: 990 \/ 309\" sizes=\"(max-width: 990px) 100vw, 990px\" alt=\"\" title=\"B Mauerpark 2020\" width=\"990\" height=\"309\"  \/><\/a>\t<\/div>\n<\/div>\n\n\n<div class=\"post-entry-content\">\n\n\t<h3 class=\"entry-title\">\n\t\t<a href=\"https:\/\/ucm.one\/de\/mauerpark-von-dennis-karsten-achtung-berlin-die-online-retrospektive-film-14\/\" title=\"Mauerpark (von Dennis Karsten) | achtung berlin \u2022 Die Online-Retrospektive \u2022 Film 14\" rel=\"bookmark\">Mauerpark (von Dennis Karsten) | achtung berlin \u2022 Die Online-Retrospektive \u2022 Film 14<\/a>\n\t<\/h3>\n\n\t<div class=\"entry-meta\"><span class=\"category-link\"><a href=\"https:\/\/ucm.one\/de\/category\/news\/film\/darling-berlin\/achtung-berlin-online-retrospektive\/\" >achtung berlin - Online Retrospektive<\/a>, <a href=\"https:\/\/ucm.one\/de\/category\/news\/film\/darling-berlin\/\" >Darling Berlin<\/a>, <a href=\"https:\/\/ucm.one\/de\/category\/news\/film\/\" >Film<\/a>, <a href=\"https:\/\/ucm.one\/de\/category\/news\/\" >News<\/a><\/span><a class=\"author vcard\" href=\"\" title=\"Zeige alle Beitr\u00e4ge von Joachim Keil\" rel=\"author\">Von <span class=\"fn\">Joachim Keil<\/span><\/a><a href=\"https:\/\/ucm.one\/de\/2020\/05\/26\/\" title=\"10:35\" class=\"data-link\" rel=\"bookmark\"><time class=\"entry-date updated\" datetime=\"2020-05-26T10:35:00+00:00\">26. Mai 2020<\/time><\/a><\/div>\n\t<div class=\"entry-excerpt\"><p>[vc_row][vc_column][vc_column_text]Der 14. Film der\u00a015 Jahre achtung berlin \u2022 Online-Retrospektive stammt von Dennis Kartsen und besch\u00e4ftigt sich mit dem Mauerpark in Berlin.\u00a0Dr. Motte und Wladimir Kaminer, aber auch Schraubermicha, Joe Hatchiban und Ginger Brown \u2013 sie alle nutzen ihn. Der Mauerpark befindet sich auf dem ehemaligen Todesstreifen in Berlin. Fr\u00fcher hat die Mauer die Menschen voneinander&hellip;<\/p>\n<\/div>\n\t\n<a href=\"https:\/\/ucm.one\/de\/mauerpark-von-dennis-karsten-achtung-berlin-die-online-retrospektive-film-14\/\" class=\"post-details details-type-link\" aria-label=\"Read more about Mauerpark (von Dennis Karsten) | achtung berlin \u2022 Die Online-Retrospektive \u2022 Film 14\">Mehr lesen<i class=\"dt-icon-the7-arrow-03\" aria-hidden=\"true\"><\/i><\/a>\n\n<\/div><\/article><\/div><div class=\"visible wf-cell\" data-post-id=\"41470\" data-date=\"2020-05-25T15:21:59+00:00\" data-name=\"Luft (von Max Hegewald) | achtung berlin \u2022 Die Online-Retrospektive \u2022 Film 13\"><article class=\"post project-odd visible post-41470 type-post status-publish format-standard has-post-thumbnail hentry category-achtung-berlin-online-retrospektive category-darling-berlin category-film category-news tag-15-jahre-achtung-berlin-die-online-retrospektive tag-achtung-berlin tag-darling-berlin tag-ewa-noack tag-luft tag-max-hegewald tag-mirjam-khera tag-online-festival tag-tom-boettcher category-7765 category-830 category-8 category-13\" data-name=\"Luft (von Max Hegewald) | achtung berlin \u2022 Die Online-Retrospektive \u2022 Film 13\" data-date=\"2020-05-25T15:21:59+00:00\">\n\n<div class=\"post-thumbnail-wrap\">\n\t<div class=\"post-thumbnail\">\n\t\t\n\t\t\n\t\t<a href=\"https:\/\/ucm.one\/de\/luft-von-max-hegewald-achtung-berlin-die-online-retrospektive-film-13\/\" class=\"post-thumbnail-rollover layzr-bg layzr-bg\" ><img decoding=\"async\" class=\"iso-lazy-load preload-me iso-lazy-load aspect\" src=\"data:image\/svg+xml,%3Csvg%20xmlns%3D&#39;http%3A%2F%2Fwww.w3.org%2F2000%2Fsvg&#39;%20viewBox%3D&#39;0%200%20990%20309&#39;%2F%3E\" data-src=\"https:\/\/ucm.one\/wp-content\/uploads\/2020\/05\/Luft_Banner-990x309.jpg\" data-srcset=\"https:\/\/ucm.one\/wp-content\/uploads\/2020\/05\/Luft_Banner-990x309.jpg 990w, https:\/\/ucm.one\/wp-content\/uploads\/2020\/05\/Luft_Banner-1485x464.jpg 1485w\" loading=\"eager\" style=\"--ratio: 990 \/ 309\" sizes=\"(max-width: 990px) 100vw, 990px\" alt=\"\" title=\"Luft_Banner\" width=\"990\" height=\"309\"  \/><\/a>\t<\/div>\n<\/div>\n\n\n<div class=\"post-entry-content\">\n\n\t<h3 class=\"entry-title\">\n\t\t<a href=\"https:\/\/ucm.one\/de\/luft-von-max-hegewald-achtung-berlin-die-online-retrospektive-film-13\/\" title=\"Luft (von Max Hegewald) | achtung berlin \u2022 Die Online-Retrospektive \u2022 Film 13\" rel=\"bookmark\">Luft (von Max Hegewald) | achtung berlin \u2022 Die Online-Retrospektive \u2022 Film 13<\/a>\n\t<\/h3>\n\n\t<div class=\"entry-meta\"><span class=\"category-link\"><a href=\"https:\/\/ucm.one\/de\/category\/news\/film\/darling-berlin\/achtung-berlin-online-retrospektive\/\" >achtung berlin - Online Retrospektive<\/a>, <a href=\"https:\/\/ucm.one\/de\/category\/news\/film\/darling-berlin\/\" >Darling Berlin<\/a>, <a href=\"https:\/\/ucm.one\/de\/category\/news\/film\/\" >Film<\/a>, <a href=\"https:\/\/ucm.one\/de\/category\/news\/\" >News<\/a><\/span><a class=\"author vcard\" href=\"\" title=\"Zeige alle Beitr\u00e4ge von Joachim Keil\" rel=\"author\">Von <span class=\"fn\">Joachim Keil<\/span><\/a><a href=\"https:\/\/ucm.one\/de\/2020\/05\/25\/\" title=\"15:21\" class=\"data-link\" rel=\"bookmark\"><time class=\"entry-date updated\" datetime=\"2020-05-25T15:21:59+00:00\">25. Mai 2020<\/time><\/a><\/div>\n\t<div class=\"entry-excerpt\"><p>[vc_row][vc_column][vc_column_text]&#8220;Luft&#8220; von Max Hegewald ist der 13. Film bei der\u00a015 Jahre achtung berlin \u2022 Online-Retrospektive.\u00a0Der Film erz\u00e4hlt die Geschichte von\u00a0Raphaela und Basti, einem P\u00e4rchen in Berlin. Beide sind \u201eMitte-Ende-Zwanzig\u201c. Raphaela schreibt an ihrer Bachelorarbeit und steckt fest, Basti arbeitet in einem Start-Up und kann keine Grenzen ziehen. Als Raphaela sich aus heiterem Himmel trennt, f\u00fchlt&hellip;<\/p>\n<\/div>\n\t\n<a href=\"https:\/\/ucm.one\/de\/luft-von-max-hegewald-achtung-berlin-die-online-retrospektive-film-13\/\" class=\"post-details details-type-link\" aria-label=\"Read more about Luft (von Max Hegewald) | achtung berlin \u2022 Die Online-Retrospektive \u2022 Film 13\">Mehr lesen<i class=\"dt-icon-the7-arrow-03\" aria-hidden=\"true\"><\/i><\/a>\n\n<\/div><\/article><\/div><div class=\"visible wf-cell\" data-post-id=\"41448\" data-date=\"2020-05-24T14:35:56+00:00\" data-name=\"Stiller Fr\u00fchling (von Nico Sommer) | achtung berlin \u2022 Die Online-Retrospektive \u2022 Film 12\"><article class=\"post project-odd visible post-41448 type-post status-publish format-standard has-post-thumbnail hentry category-achtung-berlin-online-retrospektive category-darling-berlin category-film category-news tag-15-jahre-achtung-berlin-die-online-retrospektive tag-achtung-berlin tag-claudia-jacob tag-darling-berlin tag-livia-s-reinhard tag-nico-sommer tag-nilam-farooq tag-online-festival tag-rebecca tag-robert-hofmann tag-stiller-fruehling tag-thorsten-kaphahn tag-tom-lass category-7765 category-830 category-8 category-13\" data-name=\"Stiller Fr\u00fchling (von Nico Sommer) | achtung berlin \u2022 Die Online-Retrospektive \u2022 Film 12\" data-date=\"2020-05-24T14:35:56+00:00\">\n\n<div class=\"post-thumbnail-wrap\">\n\t<div class=\"post-thumbnail\">\n\t\t\n\t\t\n\t\t<a href=\"https:\/\/ucm.one\/de\/stiller-fruehling-von-nico-sommer-achtung-berlin-die-online-retrospektive-film-12\/\" class=\"post-thumbnail-rollover layzr-bg layzr-bg\" ><img decoding=\"async\" class=\"iso-lazy-load preload-me iso-lazy-load aspect\" src=\"data:image\/svg+xml,%3Csvg%20xmlns%3D&#39;http%3A%2F%2Fwww.w3.org%2F2000%2Fsvg&#39;%20viewBox%3D&#39;0%200%20990%20309&#39;%2F%3E\" data-src=\"https:\/\/ucm.one\/wp-content\/uploads\/2020\/05\/B-Stiller-Fr\u00fchling-2020-990x309.jpg\" data-srcset=\"https:\/\/ucm.one\/wp-content\/uploads\/2020\/05\/B-Stiller-Fr\u00fchling-2020-990x309.jpg 990w, https:\/\/ucm.one\/wp-content\/uploads\/2020\/05\/B-Stiller-Fr\u00fchling-2020-1485x464.jpg 1485w\" loading=\"eager\" style=\"--ratio: 990 \/ 309\" sizes=\"(max-width: 990px) 100vw, 990px\" alt=\"\" title=\"B Stiller Fr\u00fchling 2020\" width=\"990\" height=\"309\"  \/><\/a>\t<\/div>\n<\/div>\n\n\n<div class=\"post-entry-content\">\n\n\t<h3 class=\"entry-title\">\n\t\t<a href=\"https:\/\/ucm.one\/de\/stiller-fruehling-von-nico-sommer-achtung-berlin-die-online-retrospektive-film-12\/\" title=\"Stiller Fr\u00fchling (von Nico Sommer) | achtung berlin \u2022 Die Online-Retrospektive \u2022 Film 12\" rel=\"bookmark\">Stiller Fr\u00fchling (von Nico Sommer) | achtung berlin \u2022 Die Online-Retrospektive \u2022 Film 12<\/a>\n\t<\/h3>\n\n\t<div class=\"entry-meta\"><span class=\"category-link\"><a href=\"https:\/\/ucm.one\/de\/category\/news\/film\/darling-berlin\/achtung-berlin-online-retrospektive\/\" >achtung berlin - Online Retrospektive<\/a>, <a href=\"https:\/\/ucm.one\/de\/category\/news\/film\/darling-berlin\/\" >Darling Berlin<\/a>, <a href=\"https:\/\/ucm.one\/de\/category\/news\/film\/\" >Film<\/a>, <a href=\"https:\/\/ucm.one\/de\/category\/news\/\" >News<\/a><\/span><a class=\"author vcard\" href=\"\" title=\"Zeige alle Beitr\u00e4ge von Joachim Keil\" rel=\"author\">Von <span class=\"fn\">Joachim Keil<\/span><\/a><a href=\"https:\/\/ucm.one\/de\/2020\/05\/24\/\" title=\"14:35\" class=\"data-link\" rel=\"bookmark\"><time class=\"entry-date updated\" datetime=\"2020-05-24T14:35:56+00:00\">24. Mai 2020<\/time><\/a><\/div>\n\t<div class=\"entry-excerpt\"><p>[vc_row][vc_column][vc_column_text]Unser zweiter Sonntagsfilm und gleichzeitig der 12. Film bei der\u00a015 Jahre achtung berlin \u2022 Online-Retrospektive ist der Film\u00a0&#8222;Stiller Fr\u00fchling&#8220; von Nico Sommer.\u00a0Der Film handelt von 21j\u00e4hrigen Sebastian (gespielt von Tom Lass), der noch nie mit einer Frau zusammen war. Seine Geduld ist am Ende! Doch weder die Tipps seines r\u00fcstigen Gro\u00dfvaters noch die abstrusen Methoden&hellip;<\/p>\n<\/div>\n\t\n<a href=\"https:\/\/ucm.one\/de\/stiller-fruehling-von-nico-sommer-achtung-berlin-die-online-retrospektive-film-12\/\" class=\"post-details details-type-link\" aria-label=\"Read more about Stiller Fr\u00fchling (von Nico Sommer) | achtung berlin \u2022 Die Online-Retrospektive \u2022 Film 12\">Mehr lesen<i class=\"dt-icon-the7-arrow-03\" aria-hidden=\"true\"><\/i><\/a>\n\n<\/div><\/article><\/div><\/div><!-- iso-container|iso-grid --><\/div>[vc_btn title=&#8220;Alle News&#8220; style=&#8220;flat&#8220; align=&#8220;right&#8220; i_icon_fontawesome=&#8220;fas fa-newspaper&#8220; add_icon=&#8220;true&#8220; link=&#8220;url:https%3A%2F%2Fucm.one%2Fde%2Fcategory%2Fnews%2Ffilm%2Fdarling-berlin%2Fachtung-berlin-online-retrospektive%2F|title:15%20Jahre%20ACHTUNG%20BERLIN%20%E2%80%A2%20Die%20Online-Retrospektive&#8220; css=&#8220;.vc_custom_1680457096381{margin-top: 25px !important;}&#8220;][vc_separator color=&#8220;blue&#8220;][\/vc_column][\/vc_row][vc_row css=&#8220;.vc_custom_1528424905515{margin-top: 65px !important;}&#8220;][vc_column width=&#8220;1\/4&#8243;][vc_btn title=&#8220;\u00dcbersicht&#8220; style=&#8220;flat&#8220; size=&#8220;lg&#8220; align=&#8220;center&#8220; i_icon_fontawesome=&#8220;fas fa-home&#8220; button_block=&#8220;true&#8220; add_icon=&#8220;true&#8220; link=&#8220;url:https%3A%2F%2Fucm.one%2Fde|title:Uebersicht&#8220;][\/vc_column][vc_column width=&#8220;1\/4&#8243;][vc_btn title=&#8220;Darling Berlin&#8220; style=&#8220;flat&#8220; size=&#8220;lg&#8220; align=&#8220;center&#8220; i_icon_fontawesome=&#8220;fas fa-arrow-right&#8220; button_block=&#8220;true&#8220; add_icon=&#8220;true&#8220; link=&#8220;url:%2Fde%2Ffilm-labels%2Fdarling-berlin|title:Filme||&#8220;][\/vc_column][vc_column width=&#8220;1\/4&#8243;][vc_btn title=&#8220;YouTube&#8220; style=&#8220;flat&#8220; color=&#8220;blue&#8220; size=&#8220;lg&#8220; align=&#8220;center&#8220; i_type=&#8220;typicons&#8220; i_icon_typicons=&#8220;typcn typcn-social-youtube&#8220; button_block=&#8220;true&#8220; add_icon=&#8220;true&#8220; link=&#8220;url:https%3A%2F%2Fwww.youtube.com%2Fchannel%2FUCWky5WT5dQH4DtWXNgrZT3A|title:Darling%20Berlin|target:%20_blank|&#8220;][\/vc_column][vc_column width=&#8220;1\/4&#8243;][vc_btn title=&#8220;Achtung Berlin&#8220; style=&#8220;flat&#8220; color=&#8220;blue&#8220; size=&#8220;lg&#8220; align=&#8220;center&#8220; i_icon_fontawesome=&#8220;fas fa-external-link-alt&#8220; button_block=&#8220;true&#8220; add_icon=&#8220;true&#8220; link=&#8220;url:https%3A%2F%2Fachtungberlin.de|title:Achtung%20Berlin|target:%20_blank|&#8220;][\/vc_column][\/vc_row][vc_row bg_type=&#8220;grad&#8220; ult_hide_row=&#8220;ult_hide_row_value&#8220; ult_hide_row_large_screen=&#8220;large_screen&#8220; ult_hide_row_desktop=&#8220;desktop&#8220; bg_grad=&#8220;background: -webkit-gradient(linear, left top, left bottom, color-stop(0%, #E3E3E3), color-stop(0%, #FFFFFF), color-stop(98%, #FFFAFF), color-stop(100%, #E3E3E3), color-stop(100%, #FFFCFF));background: -moz-linear-gradient(left,#E3E3E3 0%,#FFFFFF 0%,#FFFAFF 98%,#E3E3E3 100%,#FFFCFF 100%);background: -webkit-linear-gradient(left,#E3E3E3 0%,#FFFFFF 0%,#FFFAFF 98%,#E3E3E3 100%,#FFFCFF 100%);background: -o-linear-gradient(left,#E3E3E3 0%,#FFFFFF 0%,#FFFAFF 98%,#E3E3E3 100%,#FFFCFF 100%);background: -ms-linear-gradient(left,#E3E3E3 0%,#FFFFFF 0%,#FFFAFF 98%,#E3E3E3 100%,#FFFCFF 100%);background: linear-gradient(left,#E3E3E3 0%,#FFFFFF 0%,#FFFAFF 98%,#E3E3E3 100%,#FFFCFF 100%);&#8220;][vc_column][vc_btn title=&#8220;Kontakt&#8220; style=&#8220;flat&#8220; color=&#8220;juicy-pink&#8220; size=&#8220;lg&#8220; align=&#8220;center&#8220; i_icon_fontawesome=&#8220;far fa-envelope&#8220; button_block=&#8220;true&#8220; add_icon=&#8220;true&#8220; link=&#8220;url:https%3A%2F%2Fucm.one%2Fde%2Ffirma%2Fkontakt%2F|title:Kontakt&#8220;][\/vc_column][\/vc_row]<\/p>\n<\/div>","protected":false},"excerpt":{"rendered":"<p>[vc_row][vc_column][vc_column_text]15 Jahre achtung berlin \u2022 Die Online-Retrospektive[\/vc_column_text][\/vc_column][\/vc_row][vc_row][vc_column][vc_column_text]Seit \u00fcber 15 Jahren ist achtung berlin \u2013 the new berlin film award das wichtigste Schaufenster f\u00fcr Filmschaffen aus Berlin. Viele gro\u00dfartige Filme haben uns bewegt, zum Lachen, Weinen, Diskutieren gebracht, und wir alle haben uns auch dieses Jahr wieder gefreut auf ein spannendes Programm voller filmischer Neuentdeckungen. Aber&hellip;<\/p>\n","protected":false},"author":2,"featured_media":40904,"parent":0,"menu_order":0,"comment_status":"closed","ping_status":"closed","template":"","meta":{"_acf_changed":false,"footnotes":""},"class_list":["post-40906","page","type-page","status-publish","has-post-thumbnail","hentry","description-off"],"acf":[],"yoast_head":"<!-- This site is optimized with the Yoast SEO plugin v27.5 - https:\/\/yoast.com\/product\/yoast-seo-wordpress\/ -->\n<title>15 Jahre achtung berlin \u2022 Die Online-Retrospektive - UCM.ONE<\/title>\n<meta name=\"description\" content=\"Das Fimmfestival achtung berlin, welches f\u00fcr April geplant war, musste wegen dem Corona Virus abgesagt werden. Daf\u00fcr gibt es jetzt die Online-Retrospektive.\" \/>\n<meta name=\"robots\" content=\"index, follow, max-snippet:-1, max-image-preview:large, max-video-preview:-1\" \/>\n<link rel=\"canonical\" href=\"https:\/\/ucm.one\/de\/15-jahre-achtung-berlin-die-online-retrospektive\/\" \/>\n<meta property=\"og:locale\" content=\"de_DE\" \/>\n<meta property=\"og:type\" content=\"article\" \/>\n<meta property=\"og:title\" content=\"15 Jahre achtung berlin \u2022 Die Online-Retrospektive - UCM.ONE\" \/>\n<meta property=\"og:description\" content=\"Das Fimmfestival achtung berlin, welches f\u00fcr April geplant war, musste wegen dem Corona Virus abgesagt werden. Daf\u00fcr gibt es jetzt die Online-Retrospektive.\" \/>\n<meta property=\"og:url\" content=\"https:\/\/ucm.one\/de\/15-jahre-achtung-berlin-die-online-retrospektive\/\" \/>\n<meta property=\"og:site_name\" content=\"UCM.ONE\" \/>\n<meta property=\"article:modified_time\" content=\"2024-02-12T15:49:16+00:00\" \/>\n<meta property=\"og:image\" content=\"https:\/\/ucm.one\/wp-content\/uploads\/2020\/05\/B-15-Jahre-Achtung-Berlin-Retrospektive.jpg\" \/>\n\t<meta property=\"og:image:width\" content=\"1920\" \/>\n\t<meta property=\"og:image:height\" content=\"600\" \/>\n\t<meta property=\"og:image:type\" content=\"image\/jpeg\" \/>\n<meta name=\"twitter:card\" content=\"summary_large_image\" \/>\n<meta name=\"twitter:label1\" content=\"Gesch\u00e4tzte Lesezeit\" \/>\n\t<meta name=\"twitter:data1\" content=\"26\u00a0Minuten\" \/>\n<!-- \/ Yoast SEO plugin. -->","yoast_head_json":{"title":"15 Jahre achtung berlin \u2022 Die Online-Retrospektive - UCM.ONE","description":"Das Fimmfestival achtung berlin, welches f\u00fcr April geplant war, musste wegen dem Corona Virus abgesagt werden. Daf\u00fcr gibt es jetzt die Online-Retrospektive.","robots":{"index":"index","follow":"follow","max-snippet":"max-snippet:-1","max-image-preview":"max-image-preview:large","max-video-preview":"max-video-preview:-1"},"canonical":"https:\/\/ucm.one\/de\/15-jahre-achtung-berlin-die-online-retrospektive\/","og_locale":"de_DE","og_type":"article","og_title":"15 Jahre achtung berlin \u2022 Die Online-Retrospektive - UCM.ONE","og_description":"Das Fimmfestival achtung berlin, welches f\u00fcr April geplant war, musste wegen dem Corona Virus abgesagt werden. Daf\u00fcr gibt es jetzt die Online-Retrospektive.","og_url":"https:\/\/ucm.one\/de\/15-jahre-achtung-berlin-die-online-retrospektive\/","og_site_name":"UCM.ONE","article_modified_time":"2024-02-12T15:49:16+00:00","og_image":[{"width":1920,"height":600,"url":"https:\/\/ucm.one\/wp-content\/uploads\/2020\/05\/B-15-Jahre-Achtung-Berlin-Retrospektive.jpg","type":"image\/jpeg"}],"twitter_card":"summary_large_image","twitter_misc":{"Gesch\u00e4tzte Lesezeit":"26\u00a0Minuten"},"schema":{"@context":"https:\/\/schema.org","@graph":[{"@type":"WebPage","@id":"https:\/\/ucm.one\/de\/15-jahre-achtung-berlin-die-online-retrospektive\/","url":"https:\/\/ucm.one\/de\/15-jahre-achtung-berlin-die-online-retrospektive\/","name":"15 Jahre achtung berlin \u2022 Die Online-Retrospektive - UCM.ONE","isPartOf":{"@id":"https:\/\/ucm.one\/de\/#website"},"primaryImageOfPage":{"@id":"https:\/\/ucm.one\/de\/15-jahre-achtung-berlin-die-online-retrospektive\/#primaryimage"},"image":{"@id":"https:\/\/ucm.one\/de\/15-jahre-achtung-berlin-die-online-retrospektive\/#primaryimage"},"thumbnailUrl":"https:\/\/ucm.one\/wp-content\/uploads\/2020\/05\/B-15-Jahre-Achtung-Berlin-Retrospektive.jpg","datePublished":"2020-05-13T18:30:05+00:00","dateModified":"2024-02-12T15:49:16+00:00","description":"Das Fimmfestival achtung berlin, welches f\u00fcr April geplant war, musste wegen dem Corona Virus abgesagt werden. Daf\u00fcr gibt es jetzt die Online-Retrospektive.","breadcrumb":{"@id":"https:\/\/ucm.one\/de\/15-jahre-achtung-berlin-die-online-retrospektive\/#breadcrumb"},"inLanguage":"de","potentialAction":[{"@type":"ReadAction","target":["https:\/\/ucm.one\/de\/15-jahre-achtung-berlin-die-online-retrospektive\/"]}]},{"@type":"ImageObject","inLanguage":"de","@id":"https:\/\/ucm.one\/de\/15-jahre-achtung-berlin-die-online-retrospektive\/#primaryimage","url":"https:\/\/ucm.one\/wp-content\/uploads\/2020\/05\/B-15-Jahre-Achtung-Berlin-Retrospektive.jpg","contentUrl":"https:\/\/ucm.one\/wp-content\/uploads\/2020\/05\/B-15-Jahre-Achtung-Berlin-Retrospektive.jpg","width":1920,"height":600},{"@type":"BreadcrumbList","@id":"https:\/\/ucm.one\/de\/15-jahre-achtung-berlin-die-online-retrospektive\/#breadcrumb","itemListElement":[{"@type":"ListItem","position":1,"name":"Home","item":"https:\/\/ucm.one\/de\/"},{"@type":"ListItem","position":2,"name":"15 Jahre achtung berlin \u2022 Die Online-Retrospektive"}]},{"@type":"WebSite","@id":"https:\/\/ucm.one\/de\/#website","url":"https:\/\/ucm.one\/de\/","name":"UCM.ONE","description":"","publisher":{"@id":"https:\/\/ucm.one\/de\/#organization"},"potentialAction":[{"@type":"SearchAction","target":{"@type":"EntryPoint","urlTemplate":"https:\/\/ucm.one\/de\/?s={search_term_string}"},"query-input":{"@type":"PropertyValueSpecification","valueRequired":true,"valueName":"search_term_string"}}],"inLanguage":"de"},{"@type":"Organization","@id":"https:\/\/ucm.one\/de\/#organization","name":"UCM.ONE","url":"https:\/\/ucm.one\/de\/","logo":{"@type":"ImageObject","inLanguage":"de","@id":"https:\/\/ucm.one\/de\/#\/schema\/logo\/image\/","url":"https:\/\/ucm.one\/wp-content\/uploads\/2019\/10\/UCM.ONE-Logo-RGB.svg","contentUrl":"https:\/\/ucm.one\/wp-content\/uploads\/2019\/10\/UCM.ONE-Logo-RGB.svg","width":1,"height":1,"caption":"UCM.ONE"},"image":{"@id":"https:\/\/ucm.one\/de\/#\/schema\/logo\/image\/"}}]}},"_links":{"self":[{"href":"https:\/\/ucm.one\/de\/wp-json\/wp\/v2\/pages\/40906","targetHints":{"allow":["GET"]}}],"collection":[{"href":"https:\/\/ucm.one\/de\/wp-json\/wp\/v2\/pages"}],"about":[{"href":"https:\/\/ucm.one\/de\/wp-json\/wp\/v2\/types\/page"}],"author":[{"embeddable":true,"href":"https:\/\/ucm.one\/de\/wp-json\/wp\/v2\/users\/2"}],"replies":[{"embeddable":true,"href":"https:\/\/ucm.one\/de\/wp-json\/wp\/v2\/comments?post=40906"}],"version-history":[{"count":2,"href":"https:\/\/ucm.one\/de\/wp-json\/wp\/v2\/pages\/40906\/revisions"}],"predecessor-version":[{"id":101511,"href":"https:\/\/ucm.one\/de\/wp-json\/wp\/v2\/pages\/40906\/revisions\/101511"}],"wp:featuredmedia":[{"embeddable":true,"href":"https:\/\/ucm.one\/de\/wp-json\/wp\/v2\/media\/40904"}],"wp:attachment":[{"href":"https:\/\/ucm.one\/de\/wp-json\/wp\/v2\/media?parent=40906"}],"curies":[{"name":"wp","href":"https:\/\/api.w.org\/{rel}","templated":true}]}}