{"id":38022,"date":"2019-12-27T22:57:18","date_gmt":"2019-12-27T22:57:18","guid":{"rendered":"https:\/\/ucm.one\/?page_id=38022"},"modified":"2024-05-12T13:24:38","modified_gmt":"2024-05-12T13:24:38","slug":"der-krieger-und-die-hexe","status":"publish","type":"page","link":"https:\/\/ucm.one\/de\/der-krieger-und-die-hexe\/","title":{"rendered":"Der Krieger und die Hexe (1984) von John C. Broderick | M-Square Classics"},"content":{"rendered":"<div class=\"wpb-content-wrapper\"><p>[vc_row][vc_column width=&#8220;3\/4&#8243; css=&#8220;.vc_custom_1561291995466{padding-right: 30px !important;}&#8220;][vc_column_text]<\/p>\n<h1>Der Krieger und die Hexe<span style=\"color: #ffffff;\">:<\/span><\/h1>\n<p>[\/vc_column_text][vc_column_text]Auf den Label <strong>M-Square Classics<\/strong>\u00a0ver\u00f6ffentlicht <span style=\"font-family: 'arial black', sans-serif;\"><strong>UCM.ONE <\/strong><span style=\"font-family: arial, helvetica, sans-serif;\">in einem limitierten Mediabook<\/span>\u00a0<\/span>den Film &#8222;<strong>Der Krieger und die Hexe<\/strong>&#8220; erstmalig in der ungeschnittenen US-Fassung, die \u00fcber vier Minuten l\u00e4nger ist als die alte deutsche VHS-Fassung. Dabei wurden nicht synchronisierte Szenen deutsch untertitelt. Mitproduziert wurde der Film vom <strong>Oscar<\/strong>-pr\u00e4mierten Regisseur und Filmproduzenten <strong>Roger Corman<\/strong> (\u201e<strong>Frankensteins Todesrennen<\/strong>\u201c, \u201e<strong>Die Faust der Rebellen<\/strong>\u201c).\u00a0Die Storyline ist klar inspiriert von Filmen wie <strong>Sergio Leone<\/strong>s\u00a0&#8222;<strong>F\u00fcr eine Handvoll Dollar<\/strong>&#8220; (Italien, Spanien 1964) und\u00a0<strong>Akira Kurosawa<\/strong>s &#8222;<strong>Yojimbo<\/strong>&#8220; (Japan 1961), jedoch auf einen fiktiven Planeten versetzt worden.[\/vc_column_text][vc_column_text]Die Hauptrolle \u00fcbernahm\u00a0<strong>David Carradine<\/strong>, der unter anderem durch die US-Western-Kampsportserie &#8222;<strong>Kung Fu<\/strong>&#8220; (1972-1975) und die Filme &#8222;<strong>Fackeln im Sturm<\/strong>&#8220; (1985) oder <strong>Quentin Tarantino<\/strong>s &#8222;<strong>Kill Bill Vol. 1 &amp; 2<\/strong>&#8220; bekannt wurde und der erstmals schon 1975 mit Roger Corman zusammen f\u00fcr dessen brutale Zukunftssatire &#8222;<strong>Frankensteins Todesrennen<\/strong>&#8220; zusammenarbeitete.[\/vc_column_text][vc_row_inner][vc_column_inner width=&#8220;1\/2&#8243; css=&#8220;.vc_custom_1561290391124{border-right-width: -15px !important;}&#8220;][vc_single_image image=&#8220;38132&#8243; img_size=&#8220;full&#8220;][\/vc_column_inner][vc_column_inner width=&#8220;1\/2&#8243;][vc_single_image image=&#8220;38130&#8243; img_size=&#8220;full&#8220;][\/vc_column_inner][\/vc_row_inner][vc_column_text]<\/p>\n<h3>Inhaltsangabe:<\/h3>\n<p>Der Schwertk\u00e4mpfer Kain (<strong>David Carradine<\/strong>) war einst Krieger eines heiligen Ordens, verdingte sich nach dessen Untergang jedoch in den Weiten des Planeten Ura als S\u00f6ldner. Dem W\u00fcstendorf Yamatar kommt er wie gerufen, denn zwei Warlords streiten dort um den einzigen Brunnen weit und breit.\u00a0Kain erf\u00e4hrt, dass der letzte \u00dcberlebende seines ehemaligen Ordens in der Stadt wohnt und einer der Warlords, Zeg, dessen Tochter Naja (<strong>Maria Socas<\/strong>) wegen ihrer magischen Kr\u00e4fte gefangen h\u00e4lt. Er beschlie\u00dft, Naja zu befreien, um in den Besitz des magischen Schwertes von Yura zu kommen, das nur Naja beschw\u00f6ren kann und welches seinem Besitzer unendliche Macht verleihen soll. Doch damit sein Vorhaben gelingen kann, muss er zun\u00e4chst einen Weg finden, die beiden verfeindeten Parteien gegeneinander auszuspielen&#8230;[\/vc_column_text][vc_column_text]<\/p>\n<h3>\u00dcber Regisseur John C. Broderick:<\/h3>\n<p><strong>John C. Broderick<\/strong>, der lediglich bei den drei Filmen &#8222;<strong>Georgia Road &#8211; Die Unschlagbaren<\/strong>&#8220; (1977), &#8222;D<strong>er Krieger und due Hexe<\/strong>&#8220; (1984) und &#8222;<strong>A Bed Full of Foreigners<\/strong>&#8220; (1998) Regie f\u00fchrte, begann seine Kariere in der Unterhaltungsbranche als Schauspieler an seiner High School in San Francisco. Zwischen 1974 und 1998 war er haupts\u00e4chlich als Filmproduzent t\u00e4tig, allerdings ist hier kaum ein Film erw\u00e4hnenswert. Ein kleiner H\u00f6hepunkt seiner Karriere war eine <strong>Oscar<\/strong>-Nominierung f\u00fcr seine Schnittarbeit an &#8222;<strong>Der Exorzist<\/strong>&#8220; im Jahre 1973. Bereits im Alter von 58 Jahren erlag er einem langj\u00e4hrigen Nierenleiden.[\/vc_column_text][vc_row_inner][vc_column_inner css=&#8220;.vc_custom_1561290391124{border-right-width: -15px !important;}&#8220;][vc_single_image image=&#8220;38041&#8243; img_size=&#8220;full&#8220;][\/vc_column_inner][\/vc_row_inner][vc_column_text]<\/p>\n<h3><span style=\"font-size: 12pt;\">Aries Cinematogr\u00e1fica Argentina:<\/span><\/h3>\n<p>Regisseur und Produzent <strong>H\u00e9ctor Olivera<\/strong> gr\u00fcndete <strong>Aries Cinematogr\u00e1fica Argentinia<\/strong> im Jahr 1956. Besonders in den 1970ern und 1980ern war das Studio aktiv und steuerte einige wichtige Beitr\u00e4ge zur argentinischen Filmkultur bei, etwa <strong>Adolfo Aristarain<\/strong>s &#8222;<strong>Zeit der Rache<\/strong>&#8220; (1981) oder Hector Oliveras &#8222;<strong>Nacht der tausend Schreie<\/strong>&#8222;, der als einer der besten Filme des Regisseurs gilt. Anfang der 1990er bekam Aries jedoch mehr und mehr wirtschaftliche Probleme, eine Umstrukturierung im Management lie\u00df das Studio zun\u00e4chst weiterproduzieren, jedoch ging das Unternehmen 2014 in Konkurs.[\/vc_column_text][vc_row_inner][vc_column_inner width=&#8220;1\/2&#8243; css=&#8220;.vc_custom_1561290391124{border-right-width: -15px !important;}&#8220;][vc_single_image image=&#8220;38134&#8243; img_size=&#8220;full&#8220;][\/vc_column_inner][vc_column_inner width=&#8220;1\/2&#8243;][vc_single_image image=&#8220;38153&#8243; img_size=&#8220;full&#8220;][\/vc_column_inner][\/vc_row_inner][vc_column_text]<\/p>\n<h3>\u00dcber Roger Coman:<\/h3>\n<p><strong>Roger William Corman<\/strong> wurde am 5. April 1926 in Detroit im US-Bundesstaat Michigan geboren. Nach seinem Studium an der Stanford University und dem Dienst bei der Marine zog es Corman kurzzeitig in die Filmwelt als Bote bei der Produktionsfirma <strong>20th Century Fox<\/strong>. Dann studierte er in Oxford englische Literatur, kehrte aber bald nach Hollywood zur\u00fcck, wo er als Literaturagent zu arbeiten begann. Im Jahr 1953 produzierte er mit &#8222;<strong>Highway Dragnet<\/strong>&#8220; seinen ersten Film. Zwei Jahre darauf deb\u00fctierte er als Regisseur mit zwei Westernfilmen.[\/vc_column_text][vc_single_image image=&#8220;38027&#8243; img_size=&#8220;full&#8220;][\/vc_column][vc_column width=&#8220;1\/4&#8243; css=&#8220;.vc_custom_1561286315715{margin-top: 15px !important;background-color: #efefef !important;}&#8220;]<style type=\"text\/css\" data-type=\"the7_shortcodes-inline-css\">.shortcode-single-image-wrap.shortcode-single-image-a1c967f77fb141d78f6bc54b02416749.enable-bg-rollover .rollover i,\n.shortcode-single-image-wrap.shortcode-single-image-a1c967f77fb141d78f6bc54b02416749.enable-bg-rollover .rollover-video i {\n  background: -webkit-linear-gradient();\n  background: linear-gradient();\n}\n.shortcode-single-image-wrap.shortcode-single-image-a1c967f77fb141d78f6bc54b02416749 .rollover-icon {\n  font-size: 32px;\n  color: #ffffff;\n  min-width: 44px;\n  min-height: 44px;\n  line-height: 44px;\n  border-radius: 100px;\n  border-style: solid;\n  border-width: 0px;\n}\n.dt-icon-bg-on.shortcode-single-image-wrap.shortcode-single-image-a1c967f77fb141d78f6bc54b02416749 .rollover-icon {\n  background: rgba(255,255,255,0.3);\n  box-shadow: none;\n}<\/style><div class=\"shortcode-single-image-wrap shortcode-single-image-a1c967f77fb141d78f6bc54b02416749 alignnone  vc_custom_1577487953477 enable-bg-rollover dt-icon-bg-off\" ><div class=\"shortcode-single-image\"><div class=\"fancy-media-wrap  layzr-bg\" style=\"\"><img fetchpriority=\"high\" decoding=\"async\" class=\"preload-me lazy-load aspect\" src=\"data:image\/svg+xml,%3Csvg%20xmlns%3D&#39;http%3A%2F%2Fwww.w3.org%2F2000%2Fsvg&#39;%20viewBox%3D&#39;0%200%20699%201000&#39;%2F%3E\" data-src=\"https:\/\/ucm.one\/wp-content\/uploads\/2019\/09\/C-Die-Hexe-und-der-Krieger.jpg\" data-srcset=\"https:\/\/ucm.one\/wp-content\/uploads\/2019\/09\/C-Die-Hexe-und-der-Krieger.jpg 699w\" loading=\"eager\" sizes=\"(max-width: 699px) 100vw, 699px\" width=\"699\" height=\"1000\"  data-dt-location=\"https:\/\/ucm.one\/de\/film-labels\/m-square-pictures\/untitled\/\" style=\"--ratio: 699 \/ 1000;\" alt=\"\" \/><\/div><\/div><\/div>[vc_empty_space height=&#8220;10px&#8220;][vc_column_text]<strong>Original Titel:\u00a0<\/strong>The Warrior and the Sorceress<\/p>\n<p><strong>Regie:\u00a0<\/strong>John C. Broderick<\/p>\n<p><strong>Buch:<\/strong> John C. Broderick, William Stout<\/p>\n<p><strong>Drehbuch:<\/strong> John C. Broderick<\/p>\n<p id=\"u3084-7\"><strong>Schauspieler*innen:\u00a0<\/strong>David Carradine, Luke Askew, Maria Socas, Anthony De Longis, Harry Townes, Guillermo Mar\u00edn, Armando Capo, Daniel March, John Overby, Richard Paley, Marcos Woinsky, Cecilia Narova, Dylan Willias, Jos\u00e9 Casanova, Miguel Zabaleta, Herman Cass, Arturo Noal, Hern\u00e1n Gen\u00e9, Gus Parker, Ned Ivers, Liliana Cameroni, Eva Adanaylo, No\u00eblle Balfour<\/p>\n<p><strong>Produzenten:\u00a0<\/strong>John C. Broderick, Frank K. Isaac, Roger Corman<\/p>\n<p><span lang=\"EN-US\"><strong>Koproduzenten:<\/strong> H\u00e9ctor Olivera, Alejandro Sessa<\/span><\/p>\n<p><span lang=\"de\" tabindex=\"0\"><span style=\"font-family: arial, helvetica, sans-serif;\"><b>Kamera<\/b>: Leonardo Rodr\u00edguez Sol\u00eds<\/span><\/span><\/p>\n<p><strong>Technik:<\/strong> Miguel Amengual, Juan Jos\u00e9 Fabio, Oscar Gonz\u00e1lez, Ever Latour, Hans Ritter<\/p>\n<p><strong>Ton:<\/strong> Pedro Marra, Jorge Stavropulos<\/p>\n<p><strong>Schnitt:<\/strong> Silvia Ripoll<\/p>\n<p><strong>Spezialeffekte:<\/strong> Ricardo Lanzoni<\/p>\n<p><strong>Stunts:<\/strong> Anthony De Longis<\/p>\n<p><strong>Make-up:<\/strong> George Barry, R. Christopher Biggs, Willy Smith, Rodolfo Spinetta<\/p>\n<p><strong>Kost\u00fcme und\u00a0Ausstattung:\u00a0<\/strong>Mar\u00eda Julia Bertotto, Beatriz Quiroga, Gloria Van Hartenstein, M\u00f3nica Mendoza<\/p>\n<p><strong>Casting:<\/strong>\u00a0Stan Shaffer<\/p>\n<p><strong>Musik:<\/strong> Luis Mar\u00eda Serra<\/p>\n<p>&nbsp;<\/p>\n<p><strong>Produktionen:\u00a0<\/strong>Aries Cinematogr\u00e1fica Argentina, New Horizons Picture<\/p>\n<p><strong>Produktionsjahr:<\/strong> 1984<\/p>\n<p><strong>Genre:<\/strong> Action, Abenteuer, Fantasy<\/p>\n<p><strong>L\u00e4nder:<\/strong>\u00a0Argentinien, USA<\/p>\n<p><strong>Sprache:<\/strong> Englisch<\/p>\n<p><strong>Synchronisation:<\/strong> Deutsch<\/p>\n<p>&nbsp;<\/p>\n<p><strong>L\u00e4nge:<\/strong>\u00a081 Min<\/p>\n<p><strong>FSK:<\/strong>\u00a016<\/p>\n<p><strong>Seitenverh\u00e4ltnis:<\/strong> 1.85 : 1<\/p>\n<p><strong>Ton:<\/strong> Mono<\/p>\n<p><strong>Aufl\u00f6sung:<\/strong>\u00a0SD[\/vc_column_text][vc_separator color=&#8220;custom&#8220; accent_color=&#8220;#a0a0a0&#8243;][vc_column_text]<em>Weitere Titel:<\/em><\/p>\n<p><strong>Deutsch:<\/strong> Der Krieger und die Hexe<\/p>\n<p><strong>Franz\u00f6sisch:<\/strong> Kaine le mercenaire<\/p>\n<p><strong>Spanisch:<\/strong> El guerrero y la hechicera<\/p>\n<p><strong>Portugiesisch:<\/strong> O Guerreiro E a Espada<\/p>\n<p><strong>Russisch:<\/strong> \u0412\u043e\u0438\u043d \u0438 \u043a\u043e\u043b\u0434\u0443\u043d\u044c\u044f[\/vc_column_text][vc_separator color=&#8220;custom&#8220; accent_color=&#8220;#a0a0a0&#8243;][vc_column_text]<strong>Start USA:<\/strong>\u00a0September 1984<\/p>\n<p><strong>Mediabook-Start (DVD) Deutschland:<\/strong>\u00a006.12.2019<\/p>\n<p><strong>VoD-Start Deutschland:<\/strong>\u00a006.12.2019[\/vc_column_text][\/vc_column][\/vc_row][vc_row][vc_column][vc_empty_space height=&#8220;15px&#8220;][vc_column_text]In den folgenden Jahren tat sich Roger Corman vor allem als Regisseur f\u00fcr die Filmproduktion <strong>AIP<\/strong> von <strong>Z. Arkoff<\/strong> und J<strong>ames H. Nicholson<\/strong> hervor. Er drehte Filme in verschiedenen Genres wie Western, Gangster- und Horror- sowie Science-Fiction-Filme f\u00fcr das jugendliche Publikum. Dar\u00fcber hinaus entwickelte er neue Genres wie den Rocker- und den Rock`n`Roll-Film, die mit ihren rebellischen Grundthemen die Jugend anzusprechen wussten. Mit seinem Rockerfilm &#8222;<strong>Die wilden Engel<\/strong>&#8220; nahm Corman bereits im Jahr 1966 den legend\u00e4ren &#8222;<strong>Easy Rider<\/strong>&#8220; (1969) von <strong>Dennis Hopper<\/strong> vorweg. In den 60er Jahren wurde Corman auch aufgrund einer ganzen Serie von Verfilmungen der <strong>Edgar-Allan-Poe<\/strong>-Literatur bekannt, deren Grundideen er in Horrorfilmen unterzubringen versuchte. Im Jahr 1970 schuf Corman mit &#8222;<strong>Manfred von Richthofen<\/strong>&#8220; eine f\u00fcr zwei Jahrzehnte zun\u00e4chst letzte Regiearbeit. Mit seiner Produktionsfirma <strong>New World Pictures<\/strong>, die ab dem Jahr 1983 unter der Bezeichnung <strong>Concorde &#8211; New Horizons Corp.<\/strong> firmierte, trat er in der Folge ausschlie\u00dflich als Filmproduzent auf. Er produzierte Filme wie etwa 1972 &#8222;<strong>Die Faust der Rebellen<\/strong>&#8220; von <strong>Martin Scorsese,<\/strong> 1975 &#8222;<strong>Capone<\/strong>&#8220; von <strong>Steve Carver<\/strong> oder 1978 &#8222;<strong>Piranhas<\/strong>&#8220; von <strong>Joe Dante<\/strong>. Im Jahr 1990 kehrte er mit &#8222;<strong>Roger Corman&#8217;s Frankenstein<\/strong>&#8220; kurzzeitig auf den Regiestuhl zur\u00fcck. Danach setzte er seine T\u00e4tigkeit als Produzent fort, um so erfolgreiche Filme wie die &#8222;<strong>Death Race<\/strong>&#8222;-Reihe zu verwirklichen. Insgesamt produzierte Corman \u00fcber 200 Filme.[\/vc_column_text][\/vc_column][\/vc_row][vc_row][vc_column width=&#8220;1\/2&#8243;][vc_single_image image=&#8220;38043&#8243; img_size=&#8220;full&#8220;][\/vc_column][vc_column width=&#8220;1\/2&#8243;][vc_single_image image=&#8220;38025&#8243; img_size=&#8220;full&#8220;][\/vc_column][\/vc_row][vc_row][vc_column][vc_column_text]Zu seinen vielen Cameo-Auftritten z\u00e4hlen unter anderem der Thriller &#8222;<strong>D<\/strong>a<strong>s Schweigen der L\u00e4mmer<\/strong>&#8220; (1990), das Sozialdrama &#8222;<strong>Philadelphia<\/strong>&#8220; (1993), &#8222;<strong>Apollo 13<\/strong>&#8220; (1994) oder &#8222;<strong>Der Manchurian Kandidat<\/strong>&#8220; (2004). 1998 wurde er in <strong>Cannes<\/strong> mit dem ersten Preis f\u00fcr einen Produzenten geehrt, 2010 erhielt er in Los Angeles den <strong>Ehrenoscar f\u00fcr sein Lebenswerk<\/strong>. Roger Corman ist mit Julie Ann Halloran verheiratet, mit der er vier Kinder hat.[\/vc_column_text][\/vc_column][\/vc_row][vc_row][vc_column][vc_column_text]<\/p>\n<h3>\u00dcber\u00a0John Arthur Carradine:<\/h3>\n<p><strong>John Arthur Carradine<\/strong> erblickte am 8. Dezember 1936 in Los Angeles das Licht der Welt. Er entstammte einer Schauspielerfamilie, deren Karrieren sich \u00fcber viele Jahrzehnte erstreckten. Seine Schauspielkarriere sollte ann\u00e4hernd sechzig Jahre andauern. Zun\u00e4chst besuchte er eine High School in Oakland, ging dann aufs Junior College und studierte schlie\u00dflich Schauspielerei und Musiktheorie am <strong>San Francisco State College<\/strong>, wo er Mitglied einer Shakespeare-Truppe wurde, was sein Interesse an der Schauspielerei noch verst\u00e4rkte. Obwohl er standhaft versuchte, der Wehrpflicht zu entgehen, wurde er 1960 in die US Army eingezogen. Zwei Jahre sp\u00e4ter, nach der Geburt seiner Tochter Calista, wurde er ehrenhaft entlassen.\u00a0Er begann, sich ernsthafter mit der Schauspielerei auseinanderzusetzen, und gab 1963 in &#8222;<strong>Armstrong Circle Theatre<\/strong>\u201c sein TV-Deb\u00fct. Weitere TV-Rollen folgten, was 1964 schlie\u00dflich zu einem Vertrag bei <strong>Universal<\/strong> und seinem Filmdeb\u00fct im Western &#8222;<strong>Taggart<\/strong>&#8220; f\u00fchrte. Er ging an den <strong>Broadway<\/strong> und trat in <strong>Rolf Hochmuth<\/strong>s St\u00fcck &#8222;<strong>The Deputy<\/strong>\u201c auf, trat aber anschlie\u00dfend erneut f\u00fcr Universal vor die TV-Kameras. Allerdings sollte es ein weiteres Broadway-St\u00fcck sein, das seine Karriere richtig ins Rollen brachte: In Peter Shaffers &#8222;<strong>The Royal Hunt of the Sun<\/strong>\u201c verk\u00f6rperte er den Inka-Herrscher Atahualpa, der sich gegen den spanischen Konquistador Pizarro \u2013 im St\u00fcck gespielt von <strong>Christopher Plummer<\/strong> \u2013 zu wehren versucht. Das St\u00fcck war mit 261 Vorf\u00fchrungen nicht nur ein gro\u00dfer Erfolg, auch Carradines Darstellung \u00fcberzeugte Publikum und Kritiker auf ganzer Linie und er wurde f\u00fcr seine Rolle 1965 mit dem <strong>Theatre World Award<\/strong> als <em>&#8222;<strong>Bester Nachwuchsdarsteller<\/strong>\u201c<\/em> ausgezeichnet.[\/vc_column_text][\/vc_column][\/vc_row][vc_row][vc_column width=&#8220;1\/3&#8243;][vc_single_image image=&#8220;38151&#8243; img_size=&#8220;full&#8220;][\/vc_column][vc_column width=&#8220;1\/3&#8243;][vc_single_image image=&#8220;38164&#8243; img_size=&#8220;full&#8220;][\/vc_column][vc_column width=&#8220;1\/3&#8243;][vc_single_image image=&#8220;38145&#8243; img_size=&#8220;full&#8220;][\/vc_column][\/vc_row][vc_row][vc_column][vc_column_text]1966 verlie\u00df er erneut den Broadway und \u00fcbernahm die Hauptrolle in der Westernserie \u201e<strong>Shane<\/strong>\u201c. Trotz guter Kritiken wurde die Serie bereits nach 17 Episoden abgesetzt, sie machte Carradine jedoch zu einem begehrten Nebendarsteller, besonders in Western. Nach einer Rolle in dem TV-Film &#8222;<strong>Johnny Belinda<\/strong>&#8222;, die Carradine selbst als die \u201e<strong>Rettung seiner Karriere<\/strong>\u201c bezeichnete, folgten verschiedene mehr oder minder gro\u00dfe Nebenrollen in &#8222;<strong>Der gnadenlose R\u00e4cher<\/strong>&#8220; (1969), &#8222;<strong>Die letzten von Red River<\/strong>&#8220; (ebenfalls 1969) und &#8222;<strong>Die McMasters<\/strong>&#8220; (1970). Nach diversen TV-Rollen trat er 1972 als Big Bill Shelly in &#8222;<strong>Die Faust der Rebellen<\/strong>&#8222;, einem der ersten Filme von Meisterregisseur <strong>Martin Scorsese<\/strong>, neben <strong>Barbara Hershey<\/strong> in Erscheinung.[\/vc_column_text][vc_column_text]Vier weitere Filme folgten, dann bekam er die Rolle, die ihn zum Weltstar machen sollte: Zwischen 1972 und 1975 schl\u00fcpfte er in die Rolle des Shaolin-M\u00f6nches Kwai Chang Caine in <strong>ABC<\/strong>s TV-Serie \u201e<strong>Kung Fu<\/strong>\u201c. Neben den Filmen von <strong>Bruce Lee<\/strong> (1940 \u2013 1973) machte \u201eKung Fu\u201c die fern\u00f6stliche Kampfkunst und Philosophie zu einem festen Bestandteil der westlichen Popul\u00e4rkultur. Die Serie brachte Carradine eine <strong>Emmy<\/strong>&#8211; und eine <strong>Golden Globe<\/strong>-Nominierung ein und f\u00fchrte schlie\u00dflich zu seiner ersten Hauptrolle in &#8222;<strong>Death Race 2000 &#8211; Herrscher der Stra\u00dfe<\/strong>&#8220; (1975), einem Science-Fiction-Film unter der Regie von <strong>Paul Bertel<\/strong>, produziert von <strong>Roger Corman<\/strong>, der heute zu den Kultfilmen von <strong>New World Pictures<\/strong> z\u00e4hlt. Ein Jahr sp\u00e4ter kam das Trio in &#8222;<strong>Cannonball<\/strong>&#8220; erneut zusammen und Carradine setzte sich wieder hinter das Steuer eines Rennwagens. Noch im selben Jahr wurde er f\u00fcr seine Darstellung von <strong>Woody Guthrie<\/strong> in &#8222;<strong>Dieses Land ist mein Land<\/strong>&#8220; vom <strong>National Board of Review<\/strong> als <em>\u201e<strong>Bester Schauspieler<\/strong>\u201c<\/em> ausgezeichnet, f\u00fcr den <strong>Golden Globe\u00a0<\/strong>nominiert und mit dem <strong>New York Film Critics Award<\/strong> geehrt. 1977 spielte er ein drittes Mal f\u00fcr Roger Corman den Rennfahrer in &#8222;<strong>Wie Blltz und Donner<\/strong>&#8220; und trat in &#8222;<strong>Das Schlangenei<\/strong>&#8220; f\u00fcr die schwedische Regielegende <strong>Ingmar Bergman<\/strong> vor die Kamera.[\/vc_column_text][\/vc_column][\/vc_row][vc_row][vc_column][vc_single_image image=&#8220;38047&#8243; img_size=&#8220;full&#8220;][\/vc_column][\/vc_row][vc_row][vc_column][vc_column_text]1978 folgten in &#8222;<strong>U-Boot in Not<\/strong>&#8220; eine weitere Nebenrolle, dieses Mal an der Seite von <strong>Charlton Heston<\/strong>, und mit &#8222;<strong>Giganten mit st\u00e4hlernen F\u00e4usten<\/strong>&#8220; &#8211; dem inoffiziellen Nachfolger von &#8222;<strong>Death Race 2000<\/strong>&#8220; &#8211; wieder ein Corman-Film. Seine Rolle in &#8222;<strong>Long Riders<\/strong>&#8220; von 1980 z\u00e4hlt bis heute zu seinen bemerkenswertesten Auftritten. In dem Film \u00fcber die Gang des Revolverhelden Jesse James gab er, neben seinen Halbbr\u00fcdern Keith und Robert, den Gesetzlosen Cole Younger. Carradine blieb ein gefragter Darsteller vor allem f\u00fcr Actionfilme und setzte sich Anfang der 1980er bei &#8222;<strong>Americana<\/strong>&#8220; sogar selbst auf den Regiestuhl. Er \u00fcbernahm auch die Hauptrolle, aber obwohl der Film beim Publikum Anklang fand, blieb ein gro\u00dfer finanzieller Erfolg aus. Seine letzte Regiearbeit &#8222;<strong>Mata Hari<\/strong>&#8222;, mit seiner Tochter Calista in der Hauptrolle, ist bis heute unver\u00f6ffentlicht geblieben.[\/vc_column_text][vc_column_text]In den 1980ern verblasste jedoch sein Stern als Filmschauspieler etwas und Filmrollen wurden seltener. Die meisten Angebote fand er fortan im Fernsehen oder bei Actionfilmen, die direkt auf Video erschienen, und so wurde er 1982 <strong>Chuck Norris<\/strong>\u2018 Gegenspieler in <strong>McQuade, der Wolf<\/strong>&#8222;, trat als Krieger Kain in &#8222;<strong>Der Krieger und die Hexe<\/strong>&#8220; (1984) in Erscheinung und kehrte 1986 als Caine in &#8222;<strong>Kung Fu &#8211; Der Film<\/strong>&#8222;. Seine Karriere erlebte aber auch einen weiteren H\u00f6hepunkt, denn seine Rolle als b\u00f6sartiger Justin LaMotte in der Kultserie \u201e<strong>Fackeln im Sturm<\/strong>\u201c brachte ihm erneut eine <strong>Golden Globe<\/strong>-Nominierung ein.[\/vc_column_text][\/vc_column][\/vc_row][vc_row][vc_column width=&#8220;1\/2&#8243;][vc_single_image image=&#8220;38138&#8243; img_size=&#8220;full&#8220;][\/vc_column][vc_column width=&#8220;1\/2&#8243;][vc_single_image image=&#8220;38140&#8243; img_size=&#8220;full&#8220;][\/vc_column][\/vc_row][vc_row][vc_column][vc_column_text]In den 1990ern war seine Karriere von weiteren Auftritten in TV-Filmen und B-Actionstreifen gepr\u00e4gt, so schl\u00fcpfte er zwischen 1993 und 1997 in der Serie \u201e<strong>Kung Fu \u2013 Im Zeichen des Drachen<\/strong>\u201c nochmals in die Rolle des Cain. Kurz darauf wurde er zwar mit einem <strong>Stern<\/strong> auf dem <strong>Walk of Fame<\/strong> geehrt, seine Karriere d\u00fcmpelte jedoch vor sich hin. Dies \u00e4nderte sich 2003, als <strong>Quentin Tarantino<\/strong> ihm die Rolle des Bill in &#8222;<strong>Kill Bill<\/strong>&#8220; (2003\/2004) anvertraute. Als gro\u00dfer Favorit f\u00fcr den <strong>Oscar<\/strong> gehandelt, blieb Carradine zwar der Goldjunge versagt, aber erneut wurde er f\u00fcr den <strong>Golden Globe\u00a0<\/strong>nominiert und erhielt den <strong>Saturn Award<\/strong> <em>\u201e<strong>Bester Nebendarsteller<\/strong>\u201c<\/em>. Trotz eines soliden Auftritts in &#8222;<strong>American Reel<\/strong>&#8220; (2003) verbesserte sich die Qualit\u00e4t seiner Rollenangebote jedoch kaum und die letzten Jahre der 2000er waren \u2013 wie bereits die 1990er \u2013 gepr\u00e4gt durch kaum erw\u00e4hnenswerte Rollen in TV- und Billigproduktionen. Nichtsdestotrotz gilt Carradine bis heute, nach \u00fcber 230 Auftritten, als einer der am h\u00e4rtesten arbeitenden Schauspieler Hollywoods. Am 3. Juni 2009 wurde er erdrosselt in seinem Hotelzimmer in Bangkok aufgefunden. Zwar wurde zun\u00e4chst von Suizid ausgegangen, zwei Autopsien ergaben jedoch als Todesursache einen Unfall durch autoerotische Strangulation.[\/vc_column_text][\/vc_column][\/vc_row][vc_row css=&#8220;.vc_custom_1561251907772{margin-top: 20px !important;}&#8220;][vc_column][vc_column_text]<span style=\"font-family: arial, helvetica, sans-serif; font-size: 18pt;\">Der Krieger und die Hexe | Trailer (deutsch)<\/span>[\/vc_column_text][vc_video link=&#8220;https:\/\/youtu.be\/zHOWKpu-1SA&#8220;][\/vc_column][\/vc_row][vc_row css=&#8220;.vc_custom_1561251873952{margin-top: 20px !important;}&#8220;][vc_column][vc_column_text css=&#8220;.vc_custom_1561289264537{margin-top: 20px !important;}&#8220;]<span style=\"font-family: arial, helvetica, sans-serif; font-size: 18pt;\">Pressestimmen<\/span>[\/vc_column_text][vc_column_text]<\/p>\n<div class=\"wpb_text_column wpb_content_element \">\n<div class=\"wpb_wrapper\">\n<p><em>&#8222;Oberfl\u00e4chlich wirkt er zwar billig und schlecht gemacht, aber eigentlich ist er ein soziologisches Traktat dar\u00fcber, wie super Br\u00fcste sind. Und wer will schon der Soziologie widersprechen?\u201c<\/em> (<strong>filmcriticsunited<\/strong>)<\/p>\n<p><em>&#8222;Man sollte den Film aus drei Gr\u00fcnden schauen: 1. David Carradine spielt die Hauptrolle, und er ist Hammer! 2. Die Hexe tr\u00e4gt nie ein Oberteil. 3. Ja, es gibt eine Frau mit vier Br\u00fcsten darin!\u201c<\/em> (<strong>deathwishindustries.com<\/strong>)<\/p>\n<p><em>\u00a0&#8222;Zur\u00fccklehnen, Hirn aus und sich von \u201eDer Krieger und die Hexe\u201c berieseln lassen, auch ein perfekter Film f\u00fcr den Filmabend mit Freunden und ein bisschen Alkohol dazu und die Lacher kommen von ganz alleine!&#8220;<\/em> (<strong>retro-film.info)<\/strong><\/p>\n<p><em>&#8222;Ein idealer Film f\u00fcr einen verkaterten Morgen oder als Einstieg in einen Abend mit Kumpels, Dosenbier und vielleicht sogar besseren Filmen.&#8220;<\/em> (<strong>Remember it for later, Oliver N\u00f6ding<\/strong>)<\/p>\n<p><em>&#8222;Keine gro\u00dfe Filmkunst, aber durchaus mal \u201eetwas anderes\u201c, das Elemente enth\u00e4lt, die auch langj\u00e4hrige Trashfreunde sogar noch mit einem erstaunten \u201eWatt?!?\u201c vor dem Bildschirm sitzen l\u00e4sst.&#8220;<\/em> (<strong>moviegeek.de<\/strong>)<\/p>\n<p><em>&#8222;Schande, dass es den Kram nicht als DVD gibt. So gammelt diese kleine Perle seit Jahren auf den Magnetb\u00e4ndern der Videoverleihversion vor sich hin\u2026in der Hoffnung, von seinem Schicksal irgendwann erl\u00f6st zu werden. V\u00f6lker dieser Erde, schaut auf diesen Film\u2026oder irgendwer der \u2019ne DVD-Presse hat. W\u00fcrde ja schon reichen.&#8220;<\/em> (<strong>neon-zombie.net<\/strong>)<\/p>\n<\/div>\n<\/div>\n<p>[\/vc_column_text][\/vc_column][\/vc_row][vc_row][vc_column][vc_empty_space height=&#8220;15px&#8220;][\/vc_column][\/vc_row][vc_row][vc_column width=&#8220;1\/5&#8243;][vc_btn title=&#8220;Amazon&#8220; style=&#8220;flat&#8220; color=&#8220;orange&#8220; size=&#8220;sm&#8220; align=&#8220;center&#8220; i_icon_fontawesome=&#8220;fab fa-amazon&#8220; button_block=&#8220;true&#8220; add_icon=&#8220;true&#8220; link=&#8220;url:https%3A%2F%2Fwww.amazon.de%2FKrieger-die-Hexe-Mediabook-remastered%2Fdp%2FB07ZW9C4KC%2Fref%3Dsr_1_3%3Fkeywords%3DDer%2BKrieger%2Bund%2Bdie%2BHexe%26qid%3D1577488213%26s%3Ddvd%26sr%3D1-3|title:Amazon|target:%20_blank|&#8220;][\/vc_column][vc_column width=&#8220;1\/5&#8243;][vc_btn title=&#8220;Saturn&#8220; style=&#8220;flat&#8220; color=&#8220;orange&#8220; size=&#8220;sm&#8220; align=&#8220;center&#8220; i_icon_fontawesome=&#8220;fas fa-dot-circle&#8220; button_block=&#8220;true&#8220; add_icon=&#8220;true&#8220; link=&#8220;url:https%3A%2F%2Fwww.saturn.de%2Fde%2Fproduct%2F_der-krieger-und-die-hexe-limited-mediabook-fantasy-dvd-2613733.html%3Fga_query%3Dder%2Bkrieger%2Bund%2Bdie%2Bhexe|title:Saturn|target:%20_blank|&#8220;][\/vc_column][vc_column width=&#8220;1\/5&#8243;][vc_btn title=&#8220;Shop&#8220; style=&#8220;flat&#8220; color=&#8220;juicy-pink&#8220; size=&#8220;sm&#8220; align=&#8220;center&#8220; i_icon_fontawesome=&#8220;fas fa-shopping-cart&#8220; button_block=&#8220;true&#8220; add_icon=&#8220;true&#8220; link=&#8220;url:https%3A%2F%2Fucm.one%2Fde%2Fprodukt%2Fder-krieger-und-die-hexe%2F|title:Shop&#8220;][\/vc_column][vc_column width=&#8220;1\/5&#8243;][vc_btn title=&#8220;Prime Video&#8220; style=&#8220;flat&#8220; color=&#8220;sky&#8220; size=&#8220;sm&#8220; align=&#8220;center&#8220; i_icon_fontawesome=&#8220;fab fa-amazon&#8220; button_block=&#8220;true&#8220; add_icon=&#8220;true&#8220; link=&#8220;url:https%3A%2F%2Fwww.amazon.de%2FKrieger-die-Hexe-David-Carradine%2Fdp%2FB082B9GTKW%2Fref%3Dsr_1_1%3F__mk_de_DE%3D%C3%85M%C3%85%C5%BD%C3%95%C3%91%26keywords%3DDer%2BKrieger%2Bund%2Bdie%2BHexe%26qid%3D1577488314%26s%3Dinstant-video%26sr%3D1-1|title:Prime%20Video|target:%20_blank|&#8220;][\/vc_column][vc_column width=&#8220;1\/5&#8243;][vc_btn title=&#8220;Wer streamt es&#8220; style=&#8220;flat&#8220; color=&#8220;blue&#8220; size=&#8220;sm&#8220; align=&#8220;center&#8220; i_icon_fontawesome=&#8220;fas fa-external-link-alt&#8220; button_block=&#8220;true&#8220; add_icon=&#8220;true&#8220; link=&#8220;url:https%3A%2F%2Fwww.werstreamt.es%2Ffilm%2Fdetails%2F2020509%2Fder-krieger-und-die-hexe%2F|title:Wer%20Streamt%20Es|target:%20_blank|&#8220;][\/vc_column][\/vc_row][vc_row css=&#8220;.vc_custom_1561251907772{margin-top: 20px !important;}&#8220;][vc_column][vc_column_text]<span style=\"font-size: 18pt;\">Ausstattung und technische Daten des Mediabooks<\/span><\/p>\n<p>Film in der original langen Kinofassung, 16-seitiges Booklet | Bildformat:\u00a0<span lang=\"EN-US\">WS 1.78:1 (anamorph)<\/span>\u00a0| Gesamtlaufzeit 81 Min | Tonformat: Deutsch DD 2.0 ((nicht synchronisierte Szenen\u00a0 sind deutsch untertitelt), Englisch DD 2.0 | FSK 16 (DVD wegen eines Trailers FSK 18)[\/vc_column_text][\/vc_column][\/vc_row][vc_row][vc_column][vc_empty_space height=&#8220;15px&#8220;][\/vc_column][\/vc_row][vc_row][vc_column][vc_separator css=&#8220;.vc_custom_1560377795279{margin-top: 15px !important;}&#8220;][\/vc_column][\/vc_row][vc_row][vc_column][vc_column_text]<\/p>\n<h2><span style=\"font-family: arial, helvetica, sans-serif;\">Neuigkeiten<\/span><\/h2>\n<p>[\/vc_column_text]<style type=\"text\/css\" data-type=\"the7_shortcodes-inline-css\">.blog-shortcode.blog-masonry-shortcode-id-6c2015e2d2fc0bf346c97ae9f6313455.dividers-on.classic-layout-list article {\n  padding-top: 0;\n}\n.blog-shortcode.blog-masonry-shortcode-id-6c2015e2d2fc0bf346c97ae9f6313455.dividers-on.classic-layout-list article:first-of-type {\n  margin-top: 0;\n  padding-top: 0;\n}\n.blog-shortcode.blog-masonry-shortcode-id-6c2015e2d2fc0bf346c97ae9f6313455.classic-layout-list.mode-list .post-entry-content {\n  width: calc(100% - );\n}\n.blog-shortcode.blog-masonry-shortcode-id-6c2015e2d2fc0bf346c97ae9f6313455.classic-layout-list.mode-list .no-img .post-entry-content {\n  width: 100%;\n}\n.blog-shortcode.blog-masonry-shortcode-id-6c2015e2d2fc0bf346c97ae9f6313455 .filter-bg-decoration .filter-categories a.act {\n  color: #fff;\n}\n.blog-shortcode.blog-masonry-shortcode-id-6c2015e2d2fc0bf346c97ae9f6313455:not(.mode-masonry) article:first-of-type,\n.blog-shortcode.blog-masonry-shortcode-id-6c2015e2d2fc0bf346c97ae9f6313455:not(.mode-masonry) article.visible.first:not(.product) {\n  margin-top: 0;\n}\n.blog-shortcode.blog-masonry-shortcode-id-6c2015e2d2fc0bf346c97ae9f6313455.dividers-on:not(.mode-masonry) article {\n  margin-top: 0;\n}\n.blog-shortcode.blog-masonry-shortcode-id-6c2015e2d2fc0bf346c97ae9f6313455.dividers-on:not(.mode-masonry) article:first-of-type,\n.blog-shortcode.blog-masonry-shortcode-id-6c2015e2d2fc0bf346c97ae9f6313455.dividers-on:not(.mode-masonry) article.visible.first:not(.product) {\n  margin-top: 0;\n  padding-top: 0;\n}\n.blog-shortcode.blog-masonry-shortcode-id-6c2015e2d2fc0bf346c97ae9f6313455 .post-thumbnail-wrap {\n  padding: 0px 0px 0px 0px;\n}\n.blog-shortcode.blog-masonry-shortcode-id-6c2015e2d2fc0bf346c97ae9f6313455.enable-bg-rollover .post-thumbnail-rollover:after {\n  background: -webkit-linear-gradient();\n  background: linear-gradient();\n}\n.blog-shortcode.blog-masonry-shortcode-id-6c2015e2d2fc0bf346c97ae9f6313455 .gallery-zoom-ico {\n  width: 44px;\n  height: 44px;\n  line-height: 44px;\n  border-radius: 100px;\n  margin: -22px 0 0 -22px;\n  border-width: 0px;\n  color: #ffffff;\n}\n.bottom-overlap-layout-list.blog-shortcode.blog-masonry-shortcode-id-6c2015e2d2fc0bf346c97ae9f6313455 .gallery-zoom-ico {\n  margin-top: -72px;\n}\n.gradient-overlay-layout-list.blog-shortcode.blog-masonry-shortcode-id-6c2015e2d2fc0bf346c97ae9f6313455 .gallery-zoom-ico,\n.content-rollover-layout-list.blog-shortcode.blog-masonry-shortcode-id-6c2015e2d2fc0bf346c97ae9f6313455 .gallery-zoom-ico {\n  margin: 0 0 10px;\n}\n.content-align-center.gradient-overlay-layout-list.blog-shortcode.blog-masonry-shortcode-id-6c2015e2d2fc0bf346c97ae9f6313455 .gallery-zoom-ico,\n.content-align-center.content-rollover-layout-list.blog-shortcode.blog-masonry-shortcode-id-6c2015e2d2fc0bf346c97ae9f6313455 .gallery-zoom-ico {\n  margin: 0 auto 10px;\n}\n.dt-icon-bg-on.blog-shortcode.blog-masonry-shortcode-id-6c2015e2d2fc0bf346c97ae9f6313455 .gallery-zoom-ico {\n  background: rgba(255,255,255,0.3);\n  box-shadow: none;\n}\n.blog-shortcode.blog-masonry-shortcode-id-6c2015e2d2fc0bf346c97ae9f6313455 .gallery-zoom-ico > span,\n.blog-shortcode.blog-masonry-shortcode-id-6c2015e2d2fc0bf346c97ae9f6313455 .gallery-zoom-ico:before {\n  font-size: 32px;\n  line-height: 44px;\n}\n.blog-shortcode.blog-masonry-shortcode-id-6c2015e2d2fc0bf346c97ae9f6313455 .gallery-zoom-ico > span,\n.blog-shortcode.blog-masonry-shortcode-id-6c2015e2d2fc0bf346c97ae9f6313455 .gallery-zoom-ico:before {\n  color: #ffffff;\n}\n.blog-shortcode.blog-masonry-shortcode-id-6c2015e2d2fc0bf346c97ae9f6313455 .entry-title,\n.blog-shortcode.blog-masonry-shortcode-id-6c2015e2d2fc0bf346c97ae9f6313455.owl-carousel .entry-title {\n  margin-bottom: 5px;\n  font-weight: bold;\n}\n.blog-shortcode.blog-masonry-shortcode-id-6c2015e2d2fc0bf346c97ae9f6313455 .entry-meta {\n  margin-bottom: 15px;\n}\n.blog-shortcode.blog-masonry-shortcode-id-6c2015e2d2fc0bf346c97ae9f6313455 .portfolio-categories {\n  margin-bottom: 15px;\n}\n.blog-shortcode.blog-masonry-shortcode-id-6c2015e2d2fc0bf346c97ae9f6313455 .entry-excerpt {\n  margin-bottom: 5px;\n}\n.blog-shortcode.blog-masonry-shortcode-id-6c2015e2d2fc0bf346c97ae9f6313455:not(.centered-layout-list) .post-entry-content {\n  padding: 25px 30px 30px 30px;\n}\n.blog-shortcode.blog-masonry-shortcode-id-6c2015e2d2fc0bf346c97ae9f6313455:not(.centered-layout-list):not(.content-bg-on):not(.mode-list) .no-img .post-entry-content {\n  padding: 0;\n}\n@media screen and (max-width: ) {\n  .blog-shortcode.blog-masonry-shortcode-id-6c2015e2d2fc0bf346c97ae9f6313455 article {\n    -ms-flex-flow: column nowrap;\n    flex-flow: column nowrap;\n    margin-top: 20px;\n  }\n  .blog-shortcode.blog-masonry-shortcode-id-6c2015e2d2fc0bf346c97ae9f6313455.dividers-on article {\n    border: none;\n  }\n  .blog-shortcode.blog-masonry-shortcode-id-6c2015e2d2fc0bf346c97ae9f6313455.content-bg-on.centered-layout-list article {\n    padding: 0;\n  }\n  .blog-shortcode.blog-masonry-shortcode-id-6c2015e2d2fc0bf346c97ae9f6313455.blog-shortcode.dividers-on article,\n  .blog-shortcode.blog-masonry-shortcode-id-6c2015e2d2fc0bf346c97ae9f6313455.dividers-on.classic-layout-list article {\n    margin-top: 20px;\n    padding: 0;\n  }\n  .blog-shortcode.blog-masonry-shortcode-id-6c2015e2d2fc0bf346c97ae9f6313455.blog-shortcode.dividers-on article:first-of-type,\n  .blog-shortcode.blog-masonry-shortcode-id-6c2015e2d2fc0bf346c97ae9f6313455.dividers-on.classic-layout-list article:first-of-type {\n    padding: 0;\n  }\n  #page .blog-shortcode.blog-masonry-shortcode-id-6c2015e2d2fc0bf346c97ae9f6313455 .post-thumbnail-wrap,\n  #page .blog-shortcode.blog-masonry-shortcode-id-6c2015e2d2fc0bf346c97ae9f6313455 .post-entry-content {\n    width: 100%;\n    margin: 0;\n    top: 0;\n  }\n  #page .blog-shortcode.blog-masonry-shortcode-id-6c2015e2d2fc0bf346c97ae9f6313455 .post-thumbnail-wrap {\n    padding: 0;\n  }\n  #page .blog-shortcode.blog-masonry-shortcode-id-6c2015e2d2fc0bf346c97ae9f6313455 .post-entry-content:after {\n    display: none;\n  }\n  #page .blog-shortcode.blog-masonry-shortcode-id-6c2015e2d2fc0bf346c97ae9f6313455 .project-even .post-thumbnail-wrap,\n  #page .blog-shortcode.blog-masonry-shortcode-id-6c2015e2d2fc0bf346c97ae9f6313455.centered-layout-list .post-thumbnail-wrap {\n    -ms-flex-order: 0;\n    order: 0;\n  }\n  #page .blog-shortcode.blog-masonry-shortcode-id-6c2015e2d2fc0bf346c97ae9f6313455.centered-layout-list .post-entry-title-content {\n    -ms-flex-order: 1;\n    order: 1;\n    width: 100%;\n    padding: 20px 20px 0;\n  }\n  #page .blog-shortcode.blog-masonry-shortcode-id-6c2015e2d2fc0bf346c97ae9f6313455.centered-layout-list .post-entry-content {\n    -ms-flex-order: 2;\n    order: 2;\n    padding-top: 0;\n  }\n  #page .blog-shortcode.blog-masonry-shortcode-id-6c2015e2d2fc0bf346c97ae9f6313455 .fancy-categories {\n    top: 10px;\n    left: 10px;\n    bottom: auto;\n    right: auto;\n  }\n  #page .blog-shortcode.blog-masonry-shortcode-id-6c2015e2d2fc0bf346c97ae9f6313455 .fancy-date a {\n    top: 10px;\n    right: 10px;\n    left: auto;\n    bottom: auto;\n  }\n  #page .blog-shortcode.blog-masonry-shortcode-id-6c2015e2d2fc0bf346c97ae9f6313455 .post-entry-content {\n    padding: 20px;\n  }\n  #page .blog-shortcode.blog-masonry-shortcode-id-6c2015e2d2fc0bf346c97ae9f6313455 .entry-title {\n    margin: 3px 0 5px;\n    font-size: 20px;\n    line-height: 26px;\n  }\n  #page .blog-shortcode.blog-masonry-shortcode-id-6c2015e2d2fc0bf346c97ae9f6313455 .entry-meta {\n    margin: 5px 0 5px;\n  }\n  #page .blog-shortcode.blog-masonry-shortcode-id-6c2015e2d2fc0bf346c97ae9f6313455 .entry-excerpt {\n    margin: 15px 0 0;\n  }\n  #page .blog-shortcode.blog-masonry-shortcode-id-6c2015e2d2fc0bf346c97ae9f6313455 .post-details {\n    margin: 5px 0 10px;\n  }\n  #page .blog-shortcode.blog-masonry-shortcode-id-6c2015e2d2fc0bf346c97ae9f6313455 .post-details.details-type-link {\n    margin-bottom: 2px;\n  }\n}\n.blog-shortcode.blog-masonry-shortcode-id-6c2015e2d2fc0bf346c97ae9f6313455:not(.resize-by-browser-width) .dt-css-grid {\n  grid-row-gap: 30px;\n  grid-column-gap: 30px;\n  grid-template-columns: repeat(auto-fill,minmax(,1fr));\n}\n.blog-shortcode.blog-masonry-shortcode-id-6c2015e2d2fc0bf346c97ae9f6313455:not(.resize-by-browser-width) .dt-css-grid .double-width {\n  grid-column: span 2;\n}\n.cssgridlegacy.no-cssgrid .blog-shortcode.blog-masonry-shortcode-id-6c2015e2d2fc0bf346c97ae9f6313455:not(.resize-by-browser-width) .dt-css-grid,\n.no-cssgridlegacy.no-cssgrid .blog-shortcode.blog-masonry-shortcode-id-6c2015e2d2fc0bf346c97ae9f6313455:not(.resize-by-browser-width) .dt-css-grid {\n  display: flex;\n  flex-flow: row wrap;\n  margin: -15px;\n}\n.cssgridlegacy.no-cssgrid .blog-shortcode.blog-masonry-shortcode-id-6c2015e2d2fc0bf346c97ae9f6313455:not(.resize-by-browser-width) .dt-css-grid .wf-cell,\n.no-cssgridlegacy.no-cssgrid .blog-shortcode.blog-masonry-shortcode-id-6c2015e2d2fc0bf346c97ae9f6313455:not(.resize-by-browser-width) .dt-css-grid .wf-cell {\n  flex: 1 0 ;\n  max-width: 100%;\n  padding: 15px;\n  box-sizing: border-box;\n}\n.blog-shortcode.blog-masonry-shortcode-id-6c2015e2d2fc0bf346c97ae9f6313455.resize-by-browser-width .dt-css-grid {\n  grid-template-columns: repeat(2,1fr);\n  grid-template-rows: auto;\n  grid-column-gap: 30px;\n  grid-row-gap: 30px;\n}\n.blog-shortcode.blog-masonry-shortcode-id-6c2015e2d2fc0bf346c97ae9f6313455.resize-by-browser-width .dt-css-grid .double-width {\n  grid-column: span 2;\n}\n.cssgridlegacy.no-cssgrid .blog-shortcode.blog-masonry-shortcode-id-6c2015e2d2fc0bf346c97ae9f6313455.resize-by-browser-width .dt-css-grid {\n  margin: -15px;\n}\n.cssgridlegacy.no-cssgrid .blog-shortcode.blog-masonry-shortcode-id-6c2015e2d2fc0bf346c97ae9f6313455.resize-by-browser-width .dt-css-grid .wf-cell {\n  width: 50%;\n  padding: 15px;\n}\n.cssgridlegacy.no-cssgrid .blog-shortcode.blog-masonry-shortcode-id-6c2015e2d2fc0bf346c97ae9f6313455.resize-by-browser-width .dt-css-grid .wf-cell.double-width {\n  width: calc(50%) * 2;\n}\n.blog-shortcode.blog-masonry-shortcode-id-6c2015e2d2fc0bf346c97ae9f6313455.resize-by-browser-width:not(.centered-layout-list):not(.content-bg-on) .dt-css-grid {\n  grid-row-gap: 0px;\n}\n@media screen and (max-width: 1199px) {\n  .blog-shortcode.blog-masonry-shortcode-id-6c2015e2d2fc0bf346c97ae9f6313455.resize-by-browser-width .dt-css-grid {\n    grid-template-columns: repeat(2,1fr);\n  }\n  .cssgridlegacy.no-cssgrid .blog-shortcode.blog-masonry-shortcode-id-6c2015e2d2fc0bf346c97ae9f6313455.resize-by-browser-width .dt-css-grid .wf-cell,\n  .no-cssgridlegacy.no-cssgrid .blog-shortcode.blog-masonry-shortcode-id-6c2015e2d2fc0bf346c97ae9f6313455.resize-by-browser-width .dt-css-grid .wf-cell {\n    width: 50%;\n  }\n  .cssgridlegacy.no-cssgrid .blog-shortcode.blog-masonry-shortcode-id-6c2015e2d2fc0bf346c97ae9f6313455.resize-by-browser-width .dt-css-grid .wf-cell.double-width,\n  .no-cssgridlegacy.no-cssgrid .blog-shortcode.blog-masonry-shortcode-id-6c2015e2d2fc0bf346c97ae9f6313455.resize-by-browser-width .dt-css-grid .wf-cell.double-width {\n    width: calc(50%)*2;\n  }\n}\n@media screen and (max-width: 991px) {\n  .blog-shortcode.blog-masonry-shortcode-id-6c2015e2d2fc0bf346c97ae9f6313455.resize-by-browser-width .dt-css-grid {\n    grid-template-columns: repeat(1,1fr);\n  }\n  .cssgridlegacy.no-cssgrid .blog-shortcode.blog-masonry-shortcode-id-6c2015e2d2fc0bf346c97ae9f6313455.resize-by-browser-width .dt-css-grid .wf-cell,\n  .no-cssgridlegacy.no-cssgrid .blog-shortcode.blog-masonry-shortcode-id-6c2015e2d2fc0bf346c97ae9f6313455.resize-by-browser-width .dt-css-grid .wf-cell {\n    width: 100%;\n  }\n  .cssgridlegacy.no-cssgrid .blog-shortcode.blog-masonry-shortcode-id-6c2015e2d2fc0bf346c97ae9f6313455.resize-by-browser-width .dt-css-grid .wf-cell.double-width,\n  .no-cssgridlegacy.no-cssgrid .blog-shortcode.blog-masonry-shortcode-id-6c2015e2d2fc0bf346c97ae9f6313455.resize-by-browser-width .dt-css-grid .wf-cell.double-width {\n    width: calc(100%)*2;\n  }\n}\n@media screen and (max-width: 767px) {\n  .blog-shortcode.blog-masonry-shortcode-id-6c2015e2d2fc0bf346c97ae9f6313455.resize-by-browser-width .dt-css-grid {\n    grid-template-columns: repeat(1,1fr);\n  }\n  .blog-shortcode.blog-masonry-shortcode-id-6c2015e2d2fc0bf346c97ae9f6313455.resize-by-browser-width .dt-css-grid .double-width {\n    grid-column: span 1;\n  }\n  .cssgridlegacy.no-cssgrid .blog-shortcode.blog-masonry-shortcode-id-6c2015e2d2fc0bf346c97ae9f6313455.resize-by-browser-width .dt-css-grid .wf-cell,\n  .no-cssgridlegacy.no-cssgrid .blog-shortcode.blog-masonry-shortcode-id-6c2015e2d2fc0bf346c97ae9f6313455.resize-by-browser-width .dt-css-grid .wf-cell {\n    width: 100%;\n  }\n  .cssgridlegacy.no-cssgrid .blog-shortcode.blog-masonry-shortcode-id-6c2015e2d2fc0bf346c97ae9f6313455.resize-by-browser-width .dt-css-grid .wf-cell.double-width,\n  .no-cssgridlegacy.no-cssgrid .blog-shortcode.blog-masonry-shortcode-id-6c2015e2d2fc0bf346c97ae9f6313455.resize-by-browser-width .dt-css-grid .wf-cell.double-width {\n    width: calc(100%)*2;\n  }\n}<\/style><div class=\"blog-shortcode blog-masonry-shortcode-id-6c2015e2d2fc0bf346c97ae9f6313455 mode-grid classic-layout-list content-bg-on jquery-filter scale-img dt-css-grid-wrap dt-icon-bg-off resize-by-browser-width loading-effect-none description-under-image \" data-padding=\"15px\" data-cur-page=\"1\" data-post-limit=\"-1\" data-pagination-mode=\"none\" data-desktop-columns-num=\"2\" data-v-tablet-columns-num=\"1\" data-h-tablet-columns-num=\"2\" data-phone-columns-num=\"1\" data-width=\"0px\" data-columns=\"0\"><div class=\"dt-css-grid\" ><div class=\"visible wf-cell\" data-post-id=\"104217\" data-date=\"2024-05-12T09:04:04+00:00\" data-name=\"\ud83c\udfac Hollywood-Legende Roger Corman im Alter von 98 Jahren gestorben\"><article class=\"post project-odd visible post-104217 type-post status-publish format-standard has-post-thumbnail hentry category-cinenet category-film category-news category-verleih category-weltvertrieb tag-barbarian-queen tag-cinenet tag-cinenet-deutschland tag-deathstalker tag-der-krieger-und-die-hexe tag-die-maechte-des-lichts tag-forbidden-world tag-good-night-hell tag-im-reich-der-amazonen tag-roger-corman tag-sorceress tag-the-terror-within tag-wizards-of-the-lost-kingdom category-1271 category-8 category-13 category-752 category-7528\" data-name=\"\ud83c\udfac Hollywood-Legende Roger Corman im Alter von 98 Jahren gestorben\" data-date=\"2024-05-12T09:04:04+00:00\">\n\n<div class=\"post-thumbnail-wrap\">\n\t<div class=\"post-thumbnail\">\n\t\t\n\t\t\n\t\t<a href=\"https:\/\/ucm.one\/de\/hollywood-legende-roger-corman-im-alter-von-98-jahren-gestorben\/\" class=\"post-thumbnail-rollover layzr-bg layzr-bg\" ><img decoding=\"async\" class=\"iso-lazy-load preload-me iso-lazy-load aspect\" src=\"data:image\/svg+xml,%3Csvg%20xmlns%3D&#39;http%3A%2F%2Fwww.w3.org%2F2000%2Fsvg&#39;%20viewBox%3D&#39;0%200%20990%20309&#39;%2F%3E\" data-src=\"https:\/\/ucm.one\/wp-content\/uploads\/2024\/05\/B-Roger-Corman-Trauer-990x309.jpg\" data-srcset=\"https:\/\/ucm.one\/wp-content\/uploads\/2024\/05\/B-Roger-Corman-Trauer-990x309.jpg 990w, https:\/\/ucm.one\/wp-content\/uploads\/2024\/05\/B-Roger-Corman-Trauer-1485x464.jpg 1485w\" loading=\"eager\" style=\"--ratio: 990 \/ 309\" sizes=\"(max-width: 990px) 100vw, 990px\" alt=\"\" title=\"Los,Angeles,,Ca,-,October,24,,2019:,Roger,Corman,Arrives\" width=\"990\" height=\"309\"  \/><\/a>\t<\/div>\n<\/div>\n\n\n<div class=\"post-entry-content\">\n\n\t<h3 class=\"entry-title\">\n\t\t<a href=\"https:\/\/ucm.one\/de\/hollywood-legende-roger-corman-im-alter-von-98-jahren-gestorben\/\" title=\"\ud83c\udfac Hollywood-Legende Roger Corman im Alter von 98 Jahren gestorben\" rel=\"bookmark\">\ud83c\udfac Hollywood-Legende Roger Corman im Alter von 98 Jahren gestorben<\/a>\n\t<\/h3>\n\n\t<div class=\"entry-meta\"><span class=\"category-link\"><a href=\"https:\/\/ucm.one\/de\/category\/news\/film\/cinenet\/\" >CiNENET<\/a>, <a href=\"https:\/\/ucm.one\/de\/category\/news\/film\/\" >Film<\/a>, <a href=\"https:\/\/ucm.one\/de\/category\/news\/\" >News<\/a>, <a href=\"https:\/\/ucm.one\/de\/category\/news\/verleih\/\" >Verleih<\/a>, <a href=\"https:\/\/ucm.one\/de\/category\/news\/verleih\/weltvertrieb\/\" >Weltvertrieb<\/a><\/span><a class=\"author vcard\" href=\"\" title=\"Zeige alle Beitr\u00e4ge von Joachim Keil\" rel=\"author\">Von <span class=\"fn\">Joachim Keil<\/span><\/a><a href=\"https:\/\/ucm.one\/de\/2024\/05\/12\/\" title=\"09:04\" class=\"data-link\" rel=\"bookmark\"><time class=\"entry-date updated\" datetime=\"2024-05-12T09:04:04+00:00\">12. Mai 2024<\/time><\/a><\/div>\n\t<div class=\"entry-excerpt\"><p>[vc_row][vc_column][vc_column_text] Der legend\u00e4re amerikanische Regisseur und Produzent Roger Corman\u00a0ist laut &#8222;Variety\u201c bereits am letzten Donnerstag im Alter von 98 Jahren in seinem Zuhause im kalifornischen Santa Monica gestorben. Roger Corman war als &#8222;K\u00f6nig der B-Movies&#8220; und Filmemacher f\u00fcr Schnellsch\u00fcsse mit einem kleinen Budget bekannt. Von den gro\u00dfen Hollywoodstudios hielt der Independent-Filmer meist Abstand. Er ist&hellip;<\/p>\n<\/div>\n\t\n<a href=\"https:\/\/ucm.one\/de\/hollywood-legende-roger-corman-im-alter-von-98-jahren-gestorben\/\" class=\"post-details details-type-link\" aria-label=\"Read more about \ud83c\udfac Hollywood-Legende Roger Corman im Alter von 98 Jahren gestorben\">Mehr lesen<i class=\"dt-icon-the7-arrow-03\" aria-hidden=\"true\"><\/i><\/a>\n\n<\/div><\/article><\/div><div class=\"visible wf-cell\" data-post-id=\"38172\" data-date=\"2019-12-06T13:26:24+00:00\" data-name=\"\u201cDer Krieger und die Hexe\u201d von John C. Broderick ab heute erh\u00e4ltlich\"><article class=\"post project-odd visible post-38172 type-post status-publish format-standard has-post-thumbnail hentry category-film category-filmklassiker category-m-square-classics category-m-square-pictures category-news tag-anthony-de-longis tag-david-carradine tag-der-krieger-und-die-hexe tag-filmklassiker tag-harry-townes tag-hector-olivera tag-john-c-broderick tag-luke-askew tag-m-square-classics tag-m-square-pictures tag-maria-socas tag-roger-corman category-8 category-7004 category-5849 category-1046 category-13\" data-name=\"\u201cDer Krieger und die Hexe\u201d von John C. Broderick ab heute erh\u00e4ltlich\" data-date=\"2019-12-06T13:26:24+00:00\">\n\n<div class=\"post-thumbnail-wrap\">\n\t<div class=\"post-thumbnail\">\n\t\t\n\t\t\n\t\t<a href=\"https:\/\/ucm.one\/de\/der-krieger-und-die-hexe-von-john-c-broderick-ab-heute-erhaeltlich\/\" class=\"post-thumbnail-rollover layzr-bg layzr-bg\" ><img decoding=\"async\" class=\"iso-lazy-load preload-me iso-lazy-load aspect\" src=\"data:image\/svg+xml,%3Csvg%20xmlns%3D&#39;http%3A%2F%2Fwww.w3.org%2F2000%2Fsvg&#39;%20viewBox%3D&#39;0%200%20990%20309&#39;%2F%3E\" data-src=\"https:\/\/ucm.one\/wp-content\/uploads\/2019\/12\/B-Der-Krieger-und-die-Hexe-1912-1-990x309.jpg\" data-srcset=\"https:\/\/ucm.one\/wp-content\/uploads\/2019\/12\/B-Der-Krieger-und-die-Hexe-1912-1-990x309.jpg 990w, https:\/\/ucm.one\/wp-content\/uploads\/2019\/12\/B-Der-Krieger-und-die-Hexe-1912-1-1485x464.jpg 1485w\" loading=\"eager\" style=\"--ratio: 990 \/ 309\" sizes=\"(max-width: 990px) 100vw, 990px\" alt=\"\" title=\"B Der Krieger und die Hexe 1912\" width=\"990\" height=\"309\"  \/><\/a>\t<\/div>\n<\/div>\n\n\n<div class=\"post-entry-content\">\n\n\t<h3 class=\"entry-title\">\n\t\t<a href=\"https:\/\/ucm.one\/de\/der-krieger-und-die-hexe-von-john-c-broderick-ab-heute-erhaeltlich\/\" title=\"\u201cDer Krieger und die Hexe\u201d von John C. Broderick ab heute erh\u00e4ltlich\" rel=\"bookmark\">\u201cDer Krieger und die Hexe\u201d von John C. Broderick ab heute erh\u00e4ltlich<\/a>\n\t<\/h3>\n\n\t<div class=\"entry-meta\"><span class=\"category-link\"><a href=\"https:\/\/ucm.one\/de\/category\/news\/film\/\" >Film<\/a>, <a href=\"https:\/\/ucm.one\/de\/category\/news\/filmklassiker\/\" >Filmklassiker<\/a>, <a href=\"https:\/\/ucm.one\/de\/category\/news\/film\/m-square-pictures\/m-square-classics\/\" >M-Square Classics<\/a>, <a href=\"https:\/\/ucm.one\/de\/category\/news\/film\/m-square-pictures\/\" >M-Square Pictures<\/a>, <a href=\"https:\/\/ucm.one\/de\/category\/news\/\" >News<\/a><\/span><a class=\"author vcard\" href=\"\" title=\"Zeige alle Beitr\u00e4ge von Joachim Keil\" rel=\"author\">Von <span class=\"fn\">Joachim Keil<\/span><\/a><a href=\"https:\/\/ucm.one\/de\/2019\/12\/06\/\" title=\"13:26\" class=\"data-link\" rel=\"bookmark\"><time class=\"entry-date updated\" datetime=\"2019-12-06T13:26:24+00:00\">6. Dezember 2019<\/time><\/a><\/div>\n\t<div class=\"entry-excerpt\"><p>[vc_row][vc_column width=&#8220;3\/4&#8243;][vc_column_text]Auf den Label M-Square Classics\u00a0ver\u00f6ffentlicht UCM.ONE in einem limitierten Mediabook\u00a0den Film \u201cDer Krieger und die Hexe\u201d erstmalig in der ungeschnittenen US-Fassung, die \u00fcber vier Minuten l\u00e4nger ist als die alte deutsche VHS-Fassung. Dabei wurden nicht synchronisierte Szenen deutsch untertitelt. Mitproduziert wurde der Film vom Oscar-pr\u00e4mierten Regisseur und Filmproduzenten Roger Corman (\u201eFrankensteins Todesrennen\u201c, \u201eDie Faust&hellip;<\/p>\n<\/div>\n\t\n<a href=\"https:\/\/ucm.one\/de\/der-krieger-und-die-hexe-von-john-c-broderick-ab-heute-erhaeltlich\/\" class=\"post-details details-type-link\" aria-label=\"Read more about \u201cDer Krieger und die Hexe\u201d von John C. Broderick ab heute erh\u00e4ltlich\">Mehr lesen<i class=\"dt-icon-the7-arrow-03\" aria-hidden=\"true\"><\/i><\/a>\n\n<\/div><\/article><\/div><div class=\"visible wf-cell\" data-post-id=\"38225\" data-date=\"2019-10-26T18:25:42+00:00\" data-name=\"Ab 6. Dezember 2019 erh\u00e4ltlich: \u201cDer Krieger und die Hexe\u201d von John C. Broderick\"><article class=\"post project-odd visible post-38225 type-post status-publish format-standard has-post-thumbnail hentry category-film category-filmklassiker category-m-square-classics category-m-square-pictures category-news tag-anthony-de-longis tag-david-carradine tag-der-krieger-und-die-hexe tag-filmklassiker tag-harry-townes tag-hector-olivera tag-john-c-broderick tag-luke-askew tag-m-square-classics tag-m-square-pictures tag-maria-socas tag-roger-corman category-8 category-7004 category-5849 category-1046 category-13\" data-name=\"Ab 6. Dezember 2019 erh\u00e4ltlich: \u201cDer Krieger und die Hexe\u201d von John C. Broderick\" data-date=\"2019-10-26T18:25:42+00:00\">\n\n<div class=\"post-thumbnail-wrap\">\n\t<div class=\"post-thumbnail\">\n\t\t\n\t\t\n\t\t<a href=\"https:\/\/ucm.one\/de\/ab-6-dezember-2019-erhaeltlich-der-krieger-und-die-hexe-von-john-c-broderick\/\" class=\"post-thumbnail-rollover layzr-bg layzr-bg\" ><img decoding=\"async\" class=\"iso-lazy-load preload-me iso-lazy-load aspect\" src=\"data:image\/svg+xml,%3Csvg%20xmlns%3D&#39;http%3A%2F%2Fwww.w3.org%2F2000%2Fsvg&#39;%20viewBox%3D&#39;0%200%20990%20309&#39;%2F%3E\" data-src=\"https:\/\/ucm.one\/wp-content\/uploads\/2019\/12\/B-Der-Krieger-und-die-Hexe-1912-2-990x309.jpg\" data-srcset=\"https:\/\/ucm.one\/wp-content\/uploads\/2019\/12\/B-Der-Krieger-und-die-Hexe-1912-2-990x309.jpg 990w, https:\/\/ucm.one\/wp-content\/uploads\/2019\/12\/B-Der-Krieger-und-die-Hexe-1912-2-1485x464.jpg 1485w\" loading=\"eager\" style=\"--ratio: 990 \/ 309\" sizes=\"(max-width: 990px) 100vw, 990px\" alt=\"\" title=\"B Der Krieger und die Hexe 1912-2\" width=\"990\" height=\"309\"  \/><\/a>\t<\/div>\n<\/div>\n\n\n<div class=\"post-entry-content\">\n\n\t<h3 class=\"entry-title\">\n\t\t<a href=\"https:\/\/ucm.one\/de\/ab-6-dezember-2019-erhaeltlich-der-krieger-und-die-hexe-von-john-c-broderick\/\" title=\"Ab 6. Dezember 2019 erh\u00e4ltlich: \u201cDer Krieger und die Hexe\u201d von John C. Broderick\" rel=\"bookmark\">Ab 6. Dezember 2019 erh\u00e4ltlich: \u201cDer Krieger und die Hexe\u201d von John C. Broderick<\/a>\n\t<\/h3>\n\n\t<div class=\"entry-meta\"><span class=\"category-link\"><a href=\"https:\/\/ucm.one\/de\/category\/news\/film\/\" >Film<\/a>, <a href=\"https:\/\/ucm.one\/de\/category\/news\/filmklassiker\/\" >Filmklassiker<\/a>, <a href=\"https:\/\/ucm.one\/de\/category\/news\/film\/m-square-pictures\/m-square-classics\/\" >M-Square Classics<\/a>, <a href=\"https:\/\/ucm.one\/de\/category\/news\/film\/m-square-pictures\/\" >M-Square Pictures<\/a>, <a href=\"https:\/\/ucm.one\/de\/category\/news\/\" >News<\/a><\/span><a class=\"author vcard\" href=\"\" title=\"Zeige alle Beitr\u00e4ge von Joachim Keil\" rel=\"author\">Von <span class=\"fn\">Joachim Keil<\/span><\/a><a href=\"https:\/\/ucm.one\/de\/2019\/10\/26\/\" title=\"18:25\" class=\"data-link\" rel=\"bookmark\"><time class=\"entry-date updated\" datetime=\"2019-10-26T18:25:42+00:00\">26. Oktober 2019<\/time><\/a><\/div>\n\t<div class=\"entry-excerpt\"><p>[vc_row][vc_column width=&#8220;3\/4&#8243;][vc_column_text]UCM.ONE ver\u00f6ffentlicht den Film \u201cDer Krieger und die Hexe\u201d erstmalig in der ungeschnittenen US-Fassung. Nicht synchronisierte Szenen werden dabei deutsch untertitelt sein.\u00a0Die Storyline ist klar inspiriert von Filmen wie Sergio Leones\u00a0\u201cF\u00fcr eine Handvoll Dollar\u201d (Italien, Spanien 1964) und\u00a0Akira Kurosawas \u201cYojimbo\u201d (Japan 1961), jedoch auf einen fiktiven Planeten versetzt worden. Mitproduziert wurde der Film vom&hellip;<\/p>\n<\/div>\n\t\n<a href=\"https:\/\/ucm.one\/de\/ab-6-dezember-2019-erhaeltlich-der-krieger-und-die-hexe-von-john-c-broderick\/\" class=\"post-details details-type-link\" aria-label=\"Read more about Ab 6. Dezember 2019 erh\u00e4ltlich: \u201cDer Krieger und die Hexe\u201d von John C. Broderick\">Mehr lesen<i class=\"dt-icon-the7-arrow-03\" aria-hidden=\"true\"><\/i><\/a>\n\n<\/div><\/article><\/div><\/div><!-- iso-container|iso-grid --><\/div>[vc_empty_space][\/vc_column][\/vc_row][vc_row][vc_column][vc_separator color=&#8220;custom&#8220; accent_color=&#8220;#0141a0&#8243;][\/vc_column][\/vc_row][vc_row css=&#8220;.vc_custom_1518458873891{margin-top: 65px !important;}&#8220;][vc_column width=&#8220;1\/4&#8243;][vc_btn title=&#8220;\u00dcbersicht&#8220; style=&#8220;flat&#8220; size=&#8220;lg&#8220; align=&#8220;center&#8220; i_icon_fontawesome=&#8220;fas fa-home&#8220; button_block=&#8220;true&#8220; add_icon=&#8220;true&#8220; link=&#8220;url:https%3A%2F%2Fucm.one%2Fde|title:Start&#8220;][\/vc_column][vc_column width=&#8220;1\/4&#8243;][vc_btn title=&#8220;M-Square Classics&#8220; style=&#8220;flat&#8220; size=&#8220;lg&#8220; align=&#8220;center&#8220; i_icon_fontawesome=&#8220;fas fa-arrow-right&#8220; button_block=&#8220;true&#8220; add_icon=&#8220;true&#8220; link=&#8220;url:%2Fde%2Ffilm-labels%2Fm-square-pictures%2F%23m-square-classics|title:M-Square%20Classics||&#8220;][\/vc_column][vc_column width=&#8220;1\/4&#8243;][vc_btn title=&#8220;iMDB&#8220; style=&#8220;flat&#8220; color=&#8220;blue&#8220; size=&#8220;lg&#8220; align=&#8220;center&#8220; i_icon_fontawesome=&#8220;fab fa-imdb&#8220; button_block=&#8220;true&#8220; add_icon=&#8220;true&#8220; link=&#8220;url:https%3A%2F%2Fwww.imdb.com%2Ftitle%2Ftt0088379|title:Der%20Krieger%20und%20die%20Hexe|target:%20_blank|&#8220;][\/vc_column][vc_column width=&#8220;1\/4&#8243;][vc_btn title=&#8220;TMDB&#8220; style=&#8220;flat&#8220; color=&#8220;blue&#8220; size=&#8220;lg&#8220; align=&#8220;center&#8220; i_icon_fontawesome=&#8220;fas fa-external-link-alt&#8220; button_block=&#8220;true&#8220; add_icon=&#8220;true&#8220; link=&#8220;url:https%3A%2F%2Fwww.themoviedb.org%2Fmovie%2F46500-the-warrior-and-the-sorceress%3Flanguage%3Dde-DE|title:der%20Krieger%20und%20die%20Hexe|target:%20_blank|&#8220;][\/vc_column][\/vc_row][vc_row content_placement=&#8220;middle&#8220; bg_type=&#8220;grad&#8220; ult_hide_row=&#8220;ult_hide_row_value&#8220; ult_hide_row_large_screen=&#8220;large_screen&#8220; ult_hide_row_desktop=&#8220;desktop&#8220; css=&#8220;.vc_custom_1518701755537{margin-top: 0px !important;padding-top: -50px !important;}&#8220; bg_grad=&#8220;background: -webkit-gradient(linear, left top, left bottom, color-stop(0%, #E3E3E3), color-stop(0%, #FFFFFF), color-stop(6%, #FFFFFF), color-stop(7%, #FFFFFF), color-stop(50%, #FFFFFF));background: -moz-linear-gradient(top,#E3E3E3 0%,#FFFFFF 0%,#FFFFFF 6%,#FFFFFF 7%,#FFFFFF 50%);background: -webkit-linear-gradient(top,#E3E3E3 0%,#FFFFFF 0%,#FFFFFF 6%,#FFFFFF 7%,#FFFFFF 50%);background: -o-linear-gradient(top,#E3E3E3 0%,#FFFFFF 0%,#FFFFFF 6%,#FFFFFF 7%,#FFFFFF 50%);background: -ms-linear-gradient(top,#E3E3E3 0%,#FFFFFF 0%,#FFFFFF 6%,#FFFFFF 7%,#FFFFFF 50%);background: linear-gradient(top,#E3E3E3 0%,#FFFFFF 0%,#FFFFFF 6%,#FFFFFF 7%,#FFFFFF 50%);&#8220;][vc_column][vc_btn title=&#8220;Kontakt&#8220; style=&#8220;flat&#8220; color=&#8220;sky&#8220; size=&#8220;lg&#8220; align=&#8220;center&#8220; i_icon_fontawesome=&#8220;far fa-envelope&#8220; button_block=&#8220;true&#8220; add_icon=&#8220;true&#8220; link=&#8220;url:https%3A%2F%2Fucm.one%2Fde%2Ffirma%2Fkontakt%2F|title:Kontakt&#8220;][\/vc_column][\/vc_row]<\/p>\n<\/div>","protected":false},"excerpt":{"rendered":"<p>[vc_row][vc_column width=&#8220;3\/4&#8243; css=&#8220;.vc_custom_1561291995466{padding-right: 30px !important;}&#8220;][vc_column_text] Der Krieger und die Hexe: [\/vc_column_text][vc_column_text]Auf den Label M-Square Classics\u00a0ver\u00f6ffentlicht UCM.ONE in einem limitierten Mediabook\u00a0den Film &#8222;Der Krieger und die Hexe&#8220; erstmalig in der ungeschnittenen US-Fassung, die \u00fcber vier Minuten l\u00e4nger ist als die alte deutsche VHS-Fassung. Dabei wurden nicht synchronisierte Szenen deutsch untertitelt. Mitproduziert wurde der Film vom Oscar-pr\u00e4mierten&hellip;<\/p>\n","protected":false},"author":2,"featured_media":33880,"parent":0,"menu_order":0,"comment_status":"closed","ping_status":"closed","template":"","meta":{"_acf_changed":false,"footnotes":""},"class_list":["post-38022","page","type-page","status-publish","has-post-thumbnail","hentry","description-off"],"acf":[],"yoast_head":"<!-- This site is optimized with the Yoast SEO plugin v27.5 - https:\/\/yoast.com\/product\/yoast-seo-wordpress\/ -->\n<title>Der Krieger und die Hexe (1984) von John C. Broderick | M-Square Classics - UCM.ONE<\/title>\n<meta name=\"description\" content=\"UCM.ONE ver\u00f6ffentlicht in einem limitierten Mediabook den Film \u201cDer Krieger und die Hexe\u201d erstmalig in der ungeschnittenen US-Fassung.\" \/>\n<meta name=\"robots\" content=\"index, follow, max-snippet:-1, max-image-preview:large, max-video-preview:-1\" \/>\n<link rel=\"canonical\" href=\"https:\/\/ucm.one\/de\/der-krieger-und-die-hexe\/\" \/>\n<meta property=\"og:locale\" content=\"de_DE\" \/>\n<meta property=\"og:type\" content=\"article\" \/>\n<meta property=\"og:title\" content=\"Der Krieger und die Hexe (1984) von John C. Broderick | M-Square Classics - UCM.ONE\" \/>\n<meta property=\"og:description\" content=\"UCM.ONE ver\u00f6ffentlicht in einem limitierten Mediabook den Film \u201cDer Krieger und die Hexe\u201d erstmalig in der ungeschnittenen US-Fassung.\" \/>\n<meta property=\"og:url\" content=\"https:\/\/ucm.one\/de\/der-krieger-und-die-hexe\/\" \/>\n<meta property=\"og:site_name\" content=\"UCM.ONE\" \/>\n<meta property=\"article:modified_time\" content=\"2024-05-12T13:24:38+00:00\" \/>\n<meta property=\"og:image\" content=\"https:\/\/ucm.one\/wp-content\/uploads\/2019\/09\/C-Die-Hexe-und-der-Krieger.jpg\" \/>\n\t<meta property=\"og:image:width\" content=\"699\" \/>\n\t<meta property=\"og:image:height\" content=\"1000\" \/>\n\t<meta property=\"og:image:type\" content=\"image\/jpeg\" \/>\n<meta name=\"twitter:card\" content=\"summary_large_image\" \/>\n<meta name=\"twitter:label1\" content=\"Gesch\u00e4tzte Lesezeit\" \/>\n\t<meta name=\"twitter:data1\" content=\"18\u00a0Minuten\" \/>\n<!-- \/ Yoast SEO plugin. -->","yoast_head_json":{"title":"Der Krieger und die Hexe (1984) von John C. Broderick | M-Square Classics - UCM.ONE","description":"UCM.ONE ver\u00f6ffentlicht in einem limitierten Mediabook den Film \u201cDer Krieger und die Hexe\u201d erstmalig in der ungeschnittenen US-Fassung.","robots":{"index":"index","follow":"follow","max-snippet":"max-snippet:-1","max-image-preview":"max-image-preview:large","max-video-preview":"max-video-preview:-1"},"canonical":"https:\/\/ucm.one\/de\/der-krieger-und-die-hexe\/","og_locale":"de_DE","og_type":"article","og_title":"Der Krieger und die Hexe (1984) von John C. Broderick | M-Square Classics - UCM.ONE","og_description":"UCM.ONE ver\u00f6ffentlicht in einem limitierten Mediabook den Film \u201cDer Krieger und die Hexe\u201d erstmalig in der ungeschnittenen US-Fassung.","og_url":"https:\/\/ucm.one\/de\/der-krieger-und-die-hexe\/","og_site_name":"UCM.ONE","article_modified_time":"2024-05-12T13:24:38+00:00","og_image":[{"width":699,"height":1000,"url":"https:\/\/ucm.one\/wp-content\/uploads\/2019\/09\/C-Die-Hexe-und-der-Krieger.jpg","type":"image\/jpeg"}],"twitter_card":"summary_large_image","twitter_misc":{"Gesch\u00e4tzte Lesezeit":"18\u00a0Minuten"},"schema":{"@context":"https:\/\/schema.org","@graph":[{"@type":"WebPage","@id":"https:\/\/ucm.one\/de\/der-krieger-und-die-hexe\/","url":"https:\/\/ucm.one\/de\/der-krieger-und-die-hexe\/","name":"Der Krieger und die Hexe (1984) von John C. Broderick | M-Square Classics - UCM.ONE","isPartOf":{"@id":"https:\/\/ucm.one\/de\/#website"},"primaryImageOfPage":{"@id":"https:\/\/ucm.one\/de\/der-krieger-und-die-hexe\/#primaryimage"},"image":{"@id":"https:\/\/ucm.one\/de\/der-krieger-und-die-hexe\/#primaryimage"},"thumbnailUrl":"https:\/\/ucm.one\/wp-content\/uploads\/2019\/09\/C-Die-Hexe-und-der-Krieger.jpg","datePublished":"2019-12-27T22:57:18+00:00","dateModified":"2024-05-12T13:24:38+00:00","description":"UCM.ONE ver\u00f6ffentlicht in einem limitierten Mediabook den Film \u201cDer Krieger und die Hexe\u201d erstmalig in der ungeschnittenen US-Fassung.","breadcrumb":{"@id":"https:\/\/ucm.one\/de\/der-krieger-und-die-hexe\/#breadcrumb"},"inLanguage":"de","potentialAction":[{"@type":"ReadAction","target":["https:\/\/ucm.one\/de\/der-krieger-und-die-hexe\/"]}]},{"@type":"ImageObject","inLanguage":"de","@id":"https:\/\/ucm.one\/de\/der-krieger-und-die-hexe\/#primaryimage","url":"https:\/\/ucm.one\/wp-content\/uploads\/2019\/09\/C-Die-Hexe-und-der-Krieger.jpg","contentUrl":"https:\/\/ucm.one\/wp-content\/uploads\/2019\/09\/C-Die-Hexe-und-der-Krieger.jpg","width":699,"height":1000},{"@type":"BreadcrumbList","@id":"https:\/\/ucm.one\/de\/der-krieger-und-die-hexe\/#breadcrumb","itemListElement":[{"@type":"ListItem","position":1,"name":"Home","item":"https:\/\/ucm.one\/de\/"},{"@type":"ListItem","position":2,"name":"Der Krieger und die Hexe (1984) von John C. Broderick | M-Square Classics"}]},{"@type":"WebSite","@id":"https:\/\/ucm.one\/de\/#website","url":"https:\/\/ucm.one\/de\/","name":"UCM.ONE","description":"","publisher":{"@id":"https:\/\/ucm.one\/de\/#organization"},"potentialAction":[{"@type":"SearchAction","target":{"@type":"EntryPoint","urlTemplate":"https:\/\/ucm.one\/de\/?s={search_term_string}"},"query-input":{"@type":"PropertyValueSpecification","valueRequired":true,"valueName":"search_term_string"}}],"inLanguage":"de"},{"@type":"Organization","@id":"https:\/\/ucm.one\/de\/#organization","name":"UCM.ONE","url":"https:\/\/ucm.one\/de\/","logo":{"@type":"ImageObject","inLanguage":"de","@id":"https:\/\/ucm.one\/de\/#\/schema\/logo\/image\/","url":"https:\/\/ucm.one\/wp-content\/uploads\/2019\/10\/UCM.ONE-Logo-RGB.svg","contentUrl":"https:\/\/ucm.one\/wp-content\/uploads\/2019\/10\/UCM.ONE-Logo-RGB.svg","width":1,"height":1,"caption":"UCM.ONE"},"image":{"@id":"https:\/\/ucm.one\/de\/#\/schema\/logo\/image\/"}}]}},"_links":{"self":[{"href":"https:\/\/ucm.one\/de\/wp-json\/wp\/v2\/pages\/38022","targetHints":{"allow":["GET"]}}],"collection":[{"href":"https:\/\/ucm.one\/de\/wp-json\/wp\/v2\/pages"}],"about":[{"href":"https:\/\/ucm.one\/de\/wp-json\/wp\/v2\/types\/page"}],"author":[{"embeddable":true,"href":"https:\/\/ucm.one\/de\/wp-json\/wp\/v2\/users\/2"}],"replies":[{"embeddable":true,"href":"https:\/\/ucm.one\/de\/wp-json\/wp\/v2\/comments?post=38022"}],"version-history":[{"count":1,"href":"https:\/\/ucm.one\/de\/wp-json\/wp\/v2\/pages\/38022\/revisions"}],"predecessor-version":[{"id":104270,"href":"https:\/\/ucm.one\/de\/wp-json\/wp\/v2\/pages\/38022\/revisions\/104270"}],"wp:featuredmedia":[{"embeddable":true,"href":"https:\/\/ucm.one\/de\/wp-json\/wp\/v2\/media\/33880"}],"wp:attachment":[{"href":"https:\/\/ucm.one\/de\/wp-json\/wp\/v2\/media?parent=38022"}],"curies":[{"name":"wp","href":"https:\/\/api.w.org\/{rel}","templated":true}]}}