{"id":35659,"date":"2019-11-07T12:00:04","date_gmt":"2019-11-07T12:00:04","guid":{"rendered":"https:\/\/ucm.one\/?page_id=35659"},"modified":"2023-04-01T15:13:17","modified_gmt":"2023-04-01T15:13:17","slug":"der-weg-nach-oben","status":"publish","type":"page","link":"https:\/\/ucm.one\/de\/der-weg-nach-oben\/","title":{"rendered":"Der Weg nach oben (1959) von Jack Clayton | Die blaue Serie"},"content":{"rendered":"<div class=\"wpb-content-wrapper\"><p>[vc_row][vc_column width=&#8220;3\/4&#8243; css=&#8220;.vc_custom_1561291995466{padding-right: 30px !important;}&#8220;][vc_column_text]<\/p>\n<h1>Der Weg nach oben<\/h1>\n<p>[\/vc_column_text][vc_column_text]<\/p>\n<div class=\"vc_row wpb_row vc_row-fluid\">\n<div class=\"wpb_column vc_column_container vc_col-sm-12\">\n<div class=\"vc_column-inner\">\n<div class=\"wpb_wrapper\">\n<div class=\"wpb_text_column wpb_content_element \">\n<div class=\"wpb_wrapper\">\n<p>Mit dem vielfach ausgezeichneten Film \u201c<strong>Der Weg nach oben<\/strong>\u201d\u00a0startet <span style=\"font-family: 'arial black', sans-serif;\"><strong>UCM.ONE<\/strong><\/span> eine neue Klassiker-Reihe. &#8222;<strong>Die blaue Serie<\/strong>&#8220; widmet sich sowohl herausragenden Filmen, welche die Filmwelt gepr\u00e4gt haben, als auch Filmperlen, die bisher noch nie auf DVD oder VoD-Portalen ver\u00f6ffentlicht worden sind.<\/p>\n<\/div>\n<\/div>\n<\/div>\n<\/div>\n<\/div>\n<\/div>\n<p>[\/vc_column_text][vc_column_text]<\/p>\n<div class=\"vc_row wpb_row vc_row-fluid\">\n<div class=\"wpb_column vc_column_container vc_col-sm-12\">\n<div class=\"vc_column-inner\">\n<div class=\"wpb_wrapper\">\n<div class=\"wpb_text_column wpb_content_element \">\n<div class=\"wpb_wrapper\">\n<p>Der Film \u201c<strong>Der Weg nach oben<\/strong>\u201d von <strong>Jack Clayton<\/strong>, gro\u00dfartig besetzt mit <strong>Simone Signoret<\/strong> und Laurence Harvey, wurde sechsmal f\u00fcr den \u201c<strong>Oscar<\/strong>\u201d nominiert und zweimal ausgezeichnet (<strong>Beste Hauptdarstellerin<\/strong> f\u00fcr <strong>Simone Signoret<\/strong> und <strong>Bestes adaptiertes Drehbuch<\/strong>) und gewann den\u00a0<strong>British Film Academy Award<\/strong> als <strong>Bester britischer Film des Jahres 1959<\/strong>. Simone Signoret erhielt zudem im gleichen Jahr in <strong>Cannes<\/strong> die Auszeichnung als <strong>Beste Schauspielerin.<\/strong><\/p>\n<\/div>\n<\/div>\n<\/div>\n<\/div>\n<\/div>\n<\/div>\n<p>[\/vc_column_text][vc_row_inner][vc_column_inner width=&#8220;1\/2&#8243; css=&#8220;.vc_custom_1561290391124{border-right-width: -15px !important;}&#8220;][vc_single_image image=&#8220;35779&#8243; img_size=&#8220;full&#8220;][\/vc_column_inner][vc_column_inner width=&#8220;1\/2&#8243;][vc_single_image image=&#8220;35783&#8243; img_size=&#8220;full&#8220;][\/vc_column_inner][\/vc_row_inner][vc_column_text]<\/p>\n<h3>Inhaltsangabe:<\/h3>\n<p>Der 25-j\u00e4hrige ehrgeizige Joe Lampton <strong>(Laurence Harvey)<\/strong> will nach oben: Als kleiner Angestellter des Finanzamtes in der Kleinstadt Warnley im englischen Norden hat er erkannt, dass dies allein durch Flei\u00df und Kompetenz im Beruf nicht zu erreichen ist. Also schlie\u00dft er sich in seiner Freizeit der Theatergruppe an, in der auch Susan Brown <strong>(Heather Sears)<\/strong>, die Tochter eines reichen Industriemagnaten, mitspielt. Sie verliebt sich, wie er es geplant hat, in Joe, doch ihre Eltern sind gegen die Verbindung. Und Joes Gef\u00fchle durchkreuzen den Plan seines Aufstiegs durch Heirat, denn er verliebt sich in die zehn Jahre \u00e4ltere, ungl\u00fccklich verheiratete Franz\u00f6sin Alice <strong>(Simone Signoret)<\/strong>&#8230;[\/vc_column_text][vc_row_inner][vc_column_inner css=&#8220;.vc_custom_1561290391124{border-right-width: -15px !important;}&#8220;][vc_single_image image=&#8220;35680&#8243; img_size=&#8220;full&#8220;][\/vc_column_inner][\/vc_row_inner][vc_column_text]<\/p>\n<h3>\u00dcber Regisseur Jack Clayton:<\/h3>\n<p><strong>Jack Clayton<\/strong> (*1921 in Brighton, East Sussex) begann seine Karriere in der britischen Filmindustrie 1935 als &#8222;Tea Boy&#8220; und arbeitete sich in fast sechzig Jahren durch mehrere Positionen ganz nach oben. Schon f\u00fcr seine erste Regiearbeit, den Kurzfilm &#8222;<strong>Der Mantel nach Mass<\/strong>&#8220; (1955), konnte er sowohl den Preis f\u00fcr den <strong>Besten Kurzfilm<\/strong> vom <strong>Filmfestival in Venedig<\/strong> mit nach Hause nehmen, als auch einen <strong>Oscar<\/strong> gewinnen. Mit seiner zweiten Regiearbeit, dem Drama &#8222;<strong>Der Weg nach oben<\/strong>&#8220; (1959), der die <strong>British New Wave<\/strong> einl\u00e4utete, erlangte er internationalen Ruhm. Der Film war ein gro\u00dfer finanzieller und k\u00fcnstlerischer Erfolg und erhielt <strong>sechs Oscar-Nominierungen<\/strong>, darunter eine f\u00fcr Clayton als besten Regisseur (Oscars gingen an die Drehbuchautoren und <strong>Simone Signoret<\/strong> als beste Hauptdarstellerin). Kurz danach folgte der viel gelobte Horrorfilm-Klassiker &#8222;Schloss des Schreckens&#8220; (1961) nach Henry James, mit <strong>Deborah Kerr<\/strong> in der Hauptrolle. Ein weiterer Meilenstein seiner Karriere war &#8222;<strong>The Great Gatsby<\/strong>&#8220; von 1974 mit <strong>Robert Reford<\/strong>, der zwar von der Kritik verrissen wurde, aber an den Kinokassen funktionierte und inzwischen als ein Klassiker der Filmgeschichte gilt.[\/vc_column_text][vc_row_inner][vc_column_inner width=&#8220;1\/2&#8243; css=&#8220;.vc_custom_1561290391124{border-right-width: -15px !important;}&#8220;][vc_single_image image=&#8220;35794&#8243; img_size=&#8220;full&#8220;][\/vc_column_inner][vc_column_inner width=&#8220;1\/2&#8243;][vc_single_image image=&#8220;35796&#8243; img_size=&#8220;full&#8220;][\/vc_column_inner][\/vc_row_inner][vc_column_text]Clayton war ein bemerkenswert &#8222;w\u00e4hlerischer&#8220; Regisseur, der immer wieder l\u00e4ngere Pausen zwischen Produktionene einlegte und nach eigenem Bekunden &#8222;nie einen Film gemacht hat, den ich nicht machen wollte&#8220;. Er lehnte wiederholt Filme ab, die zu gro\u00dfen Hits f\u00fcr andere Regisseure wurden (z.B. &#8222;<strong>Alien<\/strong>&#8222;), aber er war auch von Pech und schlechtem Timing geplagt. Die Hollywood-Studios bezeichneten ihn als &#8222;schwierig&#8220;, und die Studios stoppten in den 1970er Jahren eine Reihe von geplanten Filmprojekten, die ihm entweder aus den H\u00e4nden genommen oder in der Endphase der Vorbereitung abgesagt wurden. Als Produzent war Clayton an den John-Huston-Filmen &#8222;<strong>Moulin Rouge<\/strong>&#8222;, &#8222;<strong>Schach dem Teufel<\/strong>&#8220; und &#8222;<strong>Moby Dick<\/strong>&#8220; beteiligt.[\/vc_column_text][vc_row_inner][vc_column_inner css=&#8220;.vc_custom_1561290391124{border-right-width: -15px !important;}&#8220;][vc_single_image image=&#8220;35692&#8243; img_size=&#8220;full&#8220;][\/vc_column_inner][\/vc_row_inner][vc_column_text]Trotz seines relativ kleinen Oeuvres wird den Filmen von Jack Clayton gro\u00dfe Wertsch\u00e4tzung zuteil, sowohl von der Kritik als auch von Kollegen aus der Filmbranche wie <strong>Martin Scorsese<\/strong>, <strong>Guillermo del Toro<\/strong>, <strong>Fran\u00e7ois Truffaut<\/strong>, <strong>Harold Pinter<\/strong> oder <strong>Steven Spielberg<\/strong>.[\/vc_column_text][vc_column_text]<\/p>\n<h3>\u00dcber Simone Signoret:<\/h3>\n<p><strong>Simone Signoret <\/strong>wurde 1921 in Wiesbaden als Tochter von Andr\u00e9 und Georgette Kaminker geboren. Sie war das \u00e4lteste der drei Kinder des Paares. Ihr Vater, ein Sprachwissenschaftler und \u00dcbersetzer, war ein franz\u00f6sischer Offizier polnisch-j\u00fcdischer Abstammung und arbeitete damals f\u00fcr die franz\u00f6sischen Besatzungstruppen im Rheinland. Signoret wuchs in Paris in einer intellektuellen Atmosph\u00e4re auf, studierte Englisch und wurde Lehrerin. Nebenbei arbeitete sie als Autorin f\u00fcr die franz\u00f6sische Zeitung Les Nouveaux Temps.[\/vc_column_text][vc_row_inner][vc_column_inner width=&#8220;1\/2&#8243; css=&#8220;.vc_custom_1561290391124{border-right-width: -15px !important;}&#8220;][vc_single_image image=&#8220;35772&#8243; img_size=&#8220;full&#8220;][\/vc_column_inner][vc_column_inner width=&#8220;1\/2&#8243;][vc_single_image image=&#8220;35774&#8243; img_size=&#8220;full&#8220;][\/vc_column_inner][\/vc_row_inner][vc_column_text]W\u00e4hrend der deutschen Besetzung Frankreichs geh\u00f6rte Signoret zu einer Gruppe von Schriftstellern und Schauspielern, die sich im Caf\u00e9 de Flore in Saint-Germain-des-Pr\u00e9s trafen. Damals entstand ihr Interesse am Schauspiel, und sie wurde von ihren Freunden ermutigt, eine Schauspielkarriere zu beginnen. 1942 begann sie, in Nebenrollen zu spielen und konnte genug Geld verdienen, um ihre Mutter und Geschwister finanziell durchzubringen, w\u00e4hrend der Vater im britischen Exil war. Signoret nahm damals den Nachnamen ihrer Mutter an, da sie ihre j\u00fcdischen Wurzeln verbergen wollte.[\/vc_column_text][vc_column_text]Ihr wurden wegen ihres Aussehens und ihrer Pers\u00f6nlichkeit oftmals Rollen als Geliebte oder Prostituierte angeboten. Gro\u00dfe Aufmerksamkeit bekam ihr Auftritt in &#8222;<strong>Der Reigen<\/strong>&#8220; von <strong>Max Oph\u00fcls<\/strong>, einem Film, der in New York vor\u00fcbergehend verboten wurde, weil er als unmoralisch galt. Aufsehen erregte auch ihre Darstellung einer Prostituierten in Jacques Beckers &#8222;<strong>Goldhelm<\/strong>&#8222;, f\u00fcr die sie den BAFTA als Beste Schauspielerin erhielt. Signoret spielte in den 1950er Jahren in einigen der ber\u00fchmtesten franz\u00f6sischen Filme mit, darunter <strong>Marcel Carn\u00e9s<\/strong> &#8222;<strong>Th\u00e9r\u00e8se Raquin<\/strong>&#8222;, <strong>Henri-George<\/strong>\u00a0<strong>Clouzots<\/strong> &#8222;<strong>Die Teuflischen<\/strong>&#8220; und, an der Seite ihres Lebenspartners <strong>Yves Montand<\/strong>, <strong>Rouleaus<\/strong> &#8222;D<strong>ie Hexen von Salem<\/strong>&#8222;, basierend auf <strong>Arthur Miller<\/strong>s Theaterst\u00fcck \u201c<strong>Hexenjagd<\/strong>\u201d und mit einem Drehbuch von <strong>Jean-Paul Sartre<\/strong>.[\/vc_column_text][vc_row_inner][vc_column_inner css=&#8220;.vc_custom_1561290391124{border-right-width: -15px !important;}&#8220;][vc_single_image image=&#8220;35696&#8243; img_size=&#8220;full&#8220;][\/vc_column_inner][\/vc_row_inner][vc_column_text]1958 reiste Signoret nach England, um &#8222;<strong>Der Weg nach oben<\/strong>&#8220; zu drehen, f\u00fcr den sie mehrere Auszeichnungen erhielt, darunter den <strong>Best Actress Award<\/strong> bei den Internationalen <strong>Filmfestspielen von Cannes<\/strong> und den <strong>Oscar<\/strong> f\u00fcr die <strong>beste Schauspielerin<\/strong>. Sie war die erste franz\u00f6sische Schauspielerin, die einen Oscar erhielt, und die erste Frau, die den Preis f\u00fcr ihre Leistung in einem ausl\u00e4ndischen Film erhielt. Signoret erhielt daraufhin Angebote, in Hollywood zu arbeiten, lehnte sie aber ab und arbeitete zun\u00e4chst weiterhin in Frankreich und England. So spielte sie unter anderem neben <strong>Laurence Olivier<\/strong> in &#8222;<strong>Spiel mit dem Schicksal<\/strong>&#8222;. 1965 kehrte sie in die Vereinigten Staaten zur\u00fcck, um &#8222;<strong>Das Narrenschiff<\/strong>&#8220; zu drehen, f\u00fcr den sie eine weitere Oscar-Nominierung erhielt, und spielte in mehreren Hollywood-Filmen mit, bevor sie 1969 nach Frankreich zur\u00fcckkehrte.[\/vc_column_text][vc_row_inner][vc_column_inner width=&#8220;1\/2&#8243; css=&#8220;.vc_custom_1561290391124{border-right-width: -15px !important;}&#8220;][vc_single_image image=&#8220;35786&#8243; img_size=&#8220;full&#8220;][\/vc_column_inner][vc_column_inner width=&#8220;1\/2&#8243;][vc_single_image image=&#8220;35788&#8243; img_size=&#8220;full&#8220;][\/vc_column_inner][\/vc_row_inner][vc_column_text]Neben ihrer Schauspielkarriere war Signoret zeitlebens politisch sehr engagiert und setzte sich unter anderem f\u00fcr ein Verbot von Kernwaffen und gegen den Algerienkrieg und das Franco-Regime in Spanien ein. Simone\u00a0Signoret starb 1985, im Alter von 64 Jahren, an Bauchspeicheldr\u00fcsenkrebs und wurde auf dem Friedhof von P\u00e8re-Lachaise bestattet.[\/vc_column_text][\/vc_column][vc_column width=&#8220;1\/4&#8243; css=&#8220;.vc_custom_1561286315715{margin-top: 15px !important;background-color: #efefef !important;}&#8220;]<style type=\"text\/css\" data-type=\"the7_shortcodes-inline-css\">.shortcode-single-image-wrap.shortcode-single-image-d54263b7445b714116c8adebe5db47ec.enable-bg-rollover .rollover i,\n.shortcode-single-image-wrap.shortcode-single-image-d54263b7445b714116c8adebe5db47ec.enable-bg-rollover .rollover-video i {\n  background: -webkit-linear-gradient();\n  background: linear-gradient();\n}\n.shortcode-single-image-wrap.shortcode-single-image-d54263b7445b714116c8adebe5db47ec .rollover-icon {\n  font-size: 32px;\n  color: #ffffff;\n  min-width: 44px;\n  min-height: 44px;\n  line-height: 44px;\n  border-radius: 100px;\n  border-style: solid;\n  border-width: 0px;\n}\n.dt-icon-bg-on.shortcode-single-image-wrap.shortcode-single-image-d54263b7445b714116c8adebe5db47ec .rollover-icon {\n  background: rgba(255,255,255,0.3);\n  box-shadow: none;\n}<\/style><div class=\"shortcode-single-image-wrap shortcode-single-image-d54263b7445b714116c8adebe5db47ec alignnone  vc_custom_1573129736083 enable-bg-rollover dt-icon-bg-off\" ><div class=\"shortcode-single-image\"><div class=\"fancy-media-wrap  layzr-bg\" style=\"\"><img fetchpriority=\"high\" decoding=\"async\" class=\"preload-me lazy-load aspect\" src=\"data:image\/svg+xml,%3Csvg%20xmlns%3D&#39;http%3A%2F%2Fwww.w3.org%2F2000%2Fsvg&#39;%20viewBox%3D&#39;0%200%20699%20999&#39;%2F%3E\" data-src=\"https:\/\/ucm.one\/wp-content\/uploads\/2019\/11\/C-Der-Weg-nach-Oben-nr1.jpg\" data-srcset=\"https:\/\/ucm.one\/wp-content\/uploads\/2019\/11\/C-Der-Weg-nach-Oben-nr1.jpg 699w\" loading=\"eager\" sizes=\"(max-width: 699px) 100vw, 699px\" width=\"699\" height=\"999\"  data-dt-location=\"https:\/\/ucm.one\/de\/film-labels\/m-square-pictures\/c-der-weg-nach-oben-nr1\/\" style=\"--ratio: 699 \/ 999;\" alt=\"\" \/><\/div><\/div><\/div>[vc_empty_space height=&#8220;10px&#8220;][vc_column_text]<\/p>\n<p id=\"u3084-2\"><strong>Original Titel:\u00a0<\/strong>Room at the Top<\/p>\n<p><strong>Regie:\u00a0<\/strong>Jack Clayton<\/p>\n<p><strong>Drehbuch:<\/strong> Neil Paterson<\/p>\n<p><strong>Buch:<\/strong> John Braine<\/p>\n<p id=\"u3084-7\"><strong>Schauspieler*innen:\u00a0<\/strong>Simone Signoret, Laurence Harvey, Heather Sears, Donald Wolfit, Donald Houston, Hermione Baddeley, Allan Cuthbertson, Raymond Huntley, John Westbrook, Ambrosine Phillpotts, Richard Pasco, Beatrice Varley, Delena Kidd, Ian Hendry, April Olrich, Mary Peach, Anthony Newlands, Avril Elgar, Thelma Ruby, Paul Whitsun-Jones, Derren Nesbitt, Michael Atkinson, Hyma Beckley, Derek Benfield, Allan Bracewell, Bonita Bridgeman, Yvonne Buckingham, Honora Burke, Richard Caldicot, Isla Cameron, Wendy Craig, Angela Culbert, Doreen Dawn, Basil Dignam, Jane Eccles, Anthony Elgar, Gilda Emmanuelli, Janina Faye, Kathleen Fox, Everley Gregg, Anne Gunning, May Hallatt, Jack Hedley, Andrew Irvine, Stephen Jack, Miriam Karlin, Ruth Kettlewell, Pat Lanski, Wilfrid Lawson, Joan Leake, Linda Leo, Anne Leon, Denis Linford, Eric Louro, Pamela Manson, Harry Moore, Bill Morgan, John Moulder-Brown, Kendrick Owen, Katharine Page, Edward Palmer, Robert Palmer, Mandy Priestley, Sheila Raynor, Prunella Scales, Julian Somers, Hazel Sutton, Sandra Thompson, Kenneth Waller, John Welsh, Brian Worth<\/p>\n<p><strong>Produzenten: <\/strong>Raymond Anzarut, James Woolf, John Woolf<\/p>\n<p><span lang=\"de\" style=\"font-family: arial, helvetica, sans-serif;\" tabindex=\"0\"><strong>Kamera<\/strong>: Freddie Francis<\/span><\/p>\n<p><strong>Technik:<\/strong> Derek V. Browne, Maurice Gillett, Ray Jones, Ronnie Taylor<\/p>\n<p><strong>Ton:<\/strong> John Cox, Peter Handford, Stan Hawkes, Alastair McIntyre, Ken Ritchie<\/p>\n<p><strong>Schnitt:\u00a0<\/strong>Ralph Kemplen<\/p>\n<p><strong>Visuelle Effekte:<\/strong> Bob Cuff<\/p>\n<p><strong>Makeup:\u00a0<\/strong>Tony Sforzini<\/p>\n<p><strong>Kost\u00fcme<\/strong>: Raemonde Rahvis<\/p>\n<p><strong>Musik:<\/strong> Mario Nascimbene<\/p>\n<p>&nbsp;<\/p>\n<p><strong>Produktionen:\u00a0<\/strong>Romulus Films (as Romulus), Remus (as A Remus Production)<\/p>\n<p><strong>Produktionsjahr:<\/strong> 1959<\/p>\n<p><strong>Genre:<\/strong> Drama, Liebesfilm<\/p>\n<p><strong>Land:<\/strong>\u00a0Gro\u00dfbritannien<\/p>\n<p><strong>Sprache:<\/strong> Englisch<\/p>\n<p><strong>Synchronisation:<\/strong> Deutsch<\/p>\n<p>&nbsp;<\/p>\n<p><strong>L\u00e4nge:<\/strong> 115 Min<\/p>\n<p><strong>FSK:<\/strong>\u00a012<\/p>\n<p><strong>Seitenverh\u00e4ltnis:<\/strong> 1.66 : 1<\/p>\n<p><strong>Ton:<\/strong> Mono (Westrex Recording System)<\/p>\n<p><strong>Farbe:<\/strong>\u00a0Schwarz-Weiss<\/p>\n<p><strong>Aufl\u00f6sung:<\/strong>\u00a0HD[\/vc_column_text][vc_separator color=&#8220;custom&#8220; accent_color=&#8220;#a0a0a0&#8243;][vc_column_text]<em>Weitere Titel:<\/em><\/p>\n<p><strong>Deutsch:<\/strong> Der Weg nach oben<\/p>\n<p><strong>Franz\u00f6sisch:<\/strong> Les chemins de la haute ville<\/p>\n<p><strong>Spanisch:<\/strong> Un lugar en la cumbre<\/p>\n<p><strong>Portugiesisch:<\/strong> Um Lugar na Alta Roda<\/p>\n<p><strong>Italienisch:<\/strong> La strada dei quartieri alti<\/p>\n<p><strong>Russisch:<\/strong> \u041f\u0443\u0442\u044c \u043d\u0430\u0432\u0435\u0440\u0445[\/vc_column_text][vc_separator color=&#8220;custom&#8220; accent_color=&#8220;#a0a0a0&#8243;][vc_column_text]<em>Preise:<\/em><\/p>\n<p><strong>1959\u00a0BAFTA Awards, UK:<\/strong> &#8222;BAFTA Film Award&#8220; f\u00fcr den besten britischen Film -&gt; Der Weg nach oben<\/p>\n<p><strong>1959\u00a0BAFTA Awards, UK:<\/strong> &#8222;BAFTA Film Award&#8220; f\u00fcr den besten weltweiten Film -&gt; Der Weg nach oben<\/p>\n<p><strong>1959\u00a0BAFTA Awards, UK:<\/strong> &#8222;BAFTA Film Award&#8220; f\u00fcr die beste ausl\u00e4ndische Schauspielerin -&gt; Simone Signoret<\/p>\n<p><strong>1959\u00a0Cannes Film Festival, Frankreich:<\/strong> Preis f\u00fcr die beste Schauspielerin -&gt; Simone Signoret<\/p>\n<p><strong>1959\u00a0Jussi Awards, Finnland:<\/strong> &#8222;Diploma of Merit&#8220; f\u00fcr die beste ausl\u00e4ndische Schauspielerin -&gt; Simone Signoret<\/p>\n<p><strong>1960\u00a0Academy Awards, USA<\/strong>:\u00a0\u201cOscar\u201d f\u00fcr die beste Hauptdarstellerin -&gt; Simone Signoret<\/p>\n<p><strong>1960\u00a0Academy Awards, USA: &#8222;<\/strong>Oscar&#8220; f\u00fcr das beste adaptierte Drehbuch -&gt; Neil Paterson<\/p>\n<p><strong>1960\u00a0Golden Globes, USA:<\/strong> &#8222;Samuel Goldwyn Award&#8220; f\u00fcr den besten Film -&gt; Der Weg nach oben<\/p>\n<p><strong>1960, National Board of Review, USA<\/strong>: &#8222;NBR Award&#8220; f\u00fcr den besten Film -&gt; Der Weg nach oben<\/p>\n<p><strong>1960, National Board of Review, USA<\/strong>: &#8222;NBR Award&#8220; f\u00fcr die beste Schauspielerin -&gt; Simone Signoret[\/vc_column_text][vc_separator color=&#8220;custom&#8220; accent_color=&#8220;#a0a0a0&#8243;][vc_column_text]<strong>Filmlabel:<\/strong> M-Square Classics<\/p>\n<p>&nbsp;<\/p>\n<p><strong>Premiere UK:<\/strong> 22. Januar 1959 (London)<\/p>\n<p><strong>Premiere USA:<\/strong> 30. M\u00e4rz 1959 (New York)<\/p>\n<p><strong>Premiere Frankreich:<\/strong> 01. Mai 1959 (Cannes Film Festival)<\/p>\n<p><strong>DVD-Start:<\/strong> 08.11.2019 (Deutschland)[\/vc_column_text][\/vc_column][\/vc_row][vc_row][vc_column][vc_empty_space height=&#8220;15px&#8220;][vc_row_inner][vc_column_inner width=&#8220;1\/2&#8243; css=&#8220;.vc_custom_1561290391124{border-right-width: -15px !important;}&#8220;][vc_single_image image=&#8220;35820&#8243; img_size=&#8220;full&#8220;][\/vc_column_inner][vc_column_inner width=&#8220;1\/2&#8243;][vc_single_image image=&#8220;35817&#8243; img_size=&#8220;full&#8220;][\/vc_column_inner][\/vc_row_inner][vc_column_text]<\/p>\n<h3>\u00dcber Laurence Harvey:<\/h3>\n<p><strong>Laurence Harvey<\/strong> wurde als <strong>Zvi Mosheh Skikn<\/strong> 1928 in Litauen in eine j\u00fcdische Familie geboren. Den Gro\u00dfteil seiner Jugend verbrachte er in S\u00fcdafrika, wohin die Familie \u00fcbersiedelte, als er 5 Jahre alt war. 1946 ging er nach London, wo er seinen K\u00fcnstlernamen annahm und zun\u00e4chst bei der <strong>Royal Academy of Dramatic Art<\/strong> B\u00fchnenerfahrung sammelte, um bald darauf eine erfolgreiche Filmkarriere zu starten. 1958 feierte er seinen Durchbruch mit der m\u00e4nnlichen Hauptrolle in &#8222;<strong>Der Weg nach oben<\/strong>&#8220; an der Seite von <strong>Simone Signoret<\/strong>. F\u00fcr diese Rolle wurde er als erster litauischer Schauspieler der Filmgeschichte f\u00fcr einen <strong>Oscar<\/strong> nominiert.[\/vc_column_text][vc_column_text]Mit diesem Erfolg gelangte er in die A-Liga Hollywoods und spielte an der Seite der gr\u00f6\u00dften Stars der Zeit: In &#8222;<strong>Telefon Butterfield 8<\/strong>&#8220; spielte er 1960 die m\u00e4nnliche Hauptrolle neben <strong>Elizabeth Taylor<\/strong>, die f\u00fcr ihre Darstellung den <strong>Oscar<\/strong> als <strong>Beste Hauptdarstellerin<\/strong> erhielt. Im selben Jahr spielte er neben <strong>John Wayne<\/strong> im Heldenepos &#8222;Alamo&#8220;, 1962 neben <strong>Frank Sinatra<\/strong> in &#8222;<strong>Botschafter der Angs<\/strong>t&#8220; (&#8222;The <strong>Manchurian Candidate<\/strong>&#8222;), an der Seite von <strong>Paul Newman<\/strong> 1964 in &#8222;<strong>Carrasco, der Sch\u00e4nder<\/strong>&#8220; oder 1969 mit <strong>Peter Sellers<\/strong> in &#8222;<strong>Magic Christian<\/strong>&#8222;. Daneben f\u00fchrte er auch bei drei Filmen Regie.\u00a0Harvey starb 1973 im Alter von nur 45 Jahren in London an Magenkrebs.[\/vc_column_text][vc_row_inner][vc_column_inner width=&#8220;1\/3&#8243; css=&#8220;.vc_custom_1561290391124{border-right-width: -15px !important;}&#8220;][vc_single_image image=&#8220;35810&#8243; img_size=&#8220;full&#8220;][\/vc_column_inner][vc_column_inner width=&#8220;1\/3&#8243;][vc_single_image image=&#8220;35812&#8243; img_size=&#8220;full&#8220;][\/vc_column_inner][vc_column_inner width=&#8220;1\/3&#8243;][vc_single_image image=&#8220;35804&#8243; img_size=&#8220;full&#8220;][\/vc_column_inner][\/vc_row_inner][vc_column_text]<\/p>\n<h3>Fakten zum Film:<\/h3>\n<p>\u2022 Die gleichnamige literarische Vorlage von <strong>John Braine<\/strong> erschien erst zwei Jahre zuvor. Die Handlung blickt zur\u00fcck auf das Jahr 1947.<\/p>\n<p>\u2022 Preisgekr\u00f6nter Film: 1960 Nominiert f\u00fcr <strong>6 Oscars<\/strong> (darunter die 5 wichtigsten: <strong>Beste Hauptdarsteller, Bester Film, Beste Regie, Bestes Adaptiertes Drehbuch<\/strong>) sowie Beste Weibliche Nebenrolle, von denen <strong>Neil Paterson<\/strong> f\u00fcr sein Drehbuch und \u2013 sensationell f\u00fcr eine nicht geb\u00fcrtig englischsprachige Schauspielerin \u2013 <strong>Simone Signoret<\/strong> als beste Hauptdarstellerin ausgezeichnet wurden.<\/p>\n<p>\u2022 1959 erhielt der Film bereits den <strong>British Film Academy Award<\/strong> als <strong>Bester britischer Film<\/strong>, <strong>Simone Signoret<\/strong> gewann den <strong>Preis als Beste ausl\u00e4ndische Schauspielerin<\/strong>. Bei den <strong>Internationalen Filmfestspielen von Cannes<\/strong> 1959 erhielt sie im selben Jahr den <strong>Preis als Beste Darstellerin<\/strong>.<\/p>\n<p>\u2022 <strong>Das British Film Institute<\/strong> w\u00e4hlte Der Weg nach oben im Jahre 1999 auf <strong>Platz 32 der besten britischen Filme aller Zeiten<\/strong>.<\/p>\n<p>\u2022 Skandalfilm, der im Entstehungsjahr 1959 wegen seiner Freiz\u00fcgigkeit in England mit dem <strong>X-Rating<\/strong> gekennzeichnet wurde, zwischenzeitlich aber sogar eine FSK 12-Freigabe in England wie in Deutschland erhalten hat.[\/vc_column_text][\/vc_column][\/vc_row][vc_row css=&#8220;.vc_custom_1573156414813{margin-top: 5px !important;}&#8220;][vc_column][vc_column_text]<span style=\"font-family: arial, helvetica, sans-serif; font-size: 18pt;\">Trailer (deutsch)<\/span>[\/vc_column_text][vc_video link=&#8220;https:\/\/youtu.be\/MgjPXcwCuNk&#8220;][\/vc_column][\/vc_row][vc_row css=&#8220;.vc_custom_1573156372296{margin-top: 5px !important;}&#8220;][vc_column][vc_column_text css=&#8220;.vc_custom_1567980583607{margin-top: 20px !important;}&#8220;]<span style=\"font-family: arial, helvetica, sans-serif; font-size: 18pt;\">Pressestimmen &amp; Zitate<\/span>[\/vc_column_text][vc_column_text]<\/p>\n<div class=\"wpb_text_column wpb_content_element \">\n<div class=\"wpb_wrapper\">\n<p><em>\u201eDer Film selbst ist gro\u00dfartig, voller guter schauspielerischer Leistungen und meisterhafter Regie. Der Schuss, der den Beginn der neuen Welle ank\u00fcndigt und nicht wirklich in die Bewegung selbst passt.&#8220;<\/em> (<strong>Cineoutsider<\/strong>)<\/p>\n<p><em>\u201eDer Weg nach oben&#8220; war f\u00fcr die britische Filmindustrie ein Meilenstein. Damals geh\u00f6rten die Liebesszenen &#8222;zum Hei\u00dfesten, was je britische Filmstudios verlassen hatte&#8220;<\/em> (<strong>Cinema-Filmlexikon<\/strong>).<\/p>\n<p><em>\u201e&#8230;hervorragend gespielt und atmosph\u00e4risch dicht inszeniert.\u201c<\/em> (<strong>Lexikon des Internationalen Films<\/strong>)<\/p>\n<p><em>\u201eDer Weg nach oben mag grundlegend d\u00fcster und freudlos sein, hinterl\u00e4sst aber einen \u00fcberraschend nachhaltigen Eindruck.\u201c<\/em> (<strong>New York Times<\/strong>)<\/p>\n<p><em>\u201eGleich die j\u00fcngste Arbeit aus Frankreichs &#8222;Neuer Welle&#8220; macht deutlich, wie bedr\u00fcckend altmodisch und international unbedeutend bundesdeutsche Spitzenfilme sind.<\/em> (<strong>Remus im SPIEGEL<\/strong> am 26.08.1959)<\/p>\n<\/div>\n<\/div>\n<p>[\/vc_column_text][\/vc_column][\/vc_row][vc_row css=&#8220;.vc_custom_1573156414813{margin-top: 5px !important;}&#8220;][vc_column][vc_column_text]<span style=\"font-family: arial, helvetica, sans-serif; font-size: 18pt;\">Original Trailer von 1959 (englisch)<\/span>[\/vc_column_text][vc_video link=&#8220;https:\/\/youtu.be\/L3XLwspUjb0&#8243;][\/vc_column][\/vc_row][vc_row][vc_column][vc_empty_space height=&#8220;15px&#8220;][\/vc_column][\/vc_row][vc_row][vc_column width=&#8220;1\/4&#8243;][vc_btn title=&#8220;Amazon&#8220; style=&#8220;flat&#8220; color=&#8220;orange&#8220; size=&#8220;sm&#8220; align=&#8220;center&#8220; i_icon_fontawesome=&#8220;fa fa-amazon&#8220; button_block=&#8220;true&#8220; add_icon=&#8220;true&#8220; link=&#8220;url:https%3A%2F%2Fwww.amazon.de%2FWeg-nach-oben-Blaue-Serie%2Fdp%2FB07YMLDJ5B%2Fref%3Dsr_1_1%3F__mk_de_DE%3D%C3%85M%C3%85%C5%BD%C3%95%C3%91%26keywords%3Dder%2Bweg%2Bnach%2Boben%26qid%3D1573136049%26s%3Ddvd%26sr%3D1-1|title:Amazon|target:%20_blank|&#8220;][\/vc_column][vc_column width=&#8220;1\/4&#8243;][vc_btn title=&#8220;Saturn&#8220; style=&#8220;flat&#8220; color=&#8220;inverse&#8220; size=&#8220;sm&#8220; align=&#8220;center&#8220; i_icon_fontawesome=&#8220;far fa-dot-circle&#8220; button_block=&#8220;true&#8220; add_icon=&#8220;true&#8220; link=&#8220;url:https%3A%2F%2Fwww.saturn.de%2Fde%2Fproduct%2F_der-weg-nach-oben-blaue-serie-edition-drama-dvd-2605681.html|title:Saturn|target:%20_blank|&#8220;][\/vc_column][vc_column width=&#8220;1\/4&#8243;][vc_btn title=&#8220;Shop&#8220; style=&#8220;flat&#8220; color=&#8220;juicy-pink&#8220; size=&#8220;sm&#8220; align=&#8220;center&#8220; i_icon_fontawesome=&#8220;fas fa-shopping-cart&#8220; button_block=&#8220;true&#8220; add_icon=&#8220;true&#8220; link=&#8220;url:https%3A%2F%2Fucm.one%2Fde%2Fprodukt%2Fder-weg-nach-oben%2F|title:Shop&#8220;][\/vc_column][vc_column width=&#8220;1\/4&#8243;][vc_btn title=&#8220;Wer Streamt Es?&#8220; style=&#8220;flat&#8220; color=&#8220;blue&#8220; size=&#8220;sm&#8220; align=&#8220;center&#8220; i_icon_fontawesome=&#8220;fas fa-question-circle&#8220; button_block=&#8220;true&#8220; add_icon=&#8220;true&#8220; link=&#8220;url:https%3A%2F%2Fwww.werstreamt.es%2Ffilm%2Fdetails%2F6838%2Fder-weg-nach-oben%2F|title:Wer%20Streamt%20Es%3F|target:_blank&#8220;][\/vc_column][\/vc_row][vc_row css=&#8220;.vc_custom_1568039120641{margin-top: 20px !important;}&#8220;][vc_column][vc_column_text]<span style=\"font-size: 18pt;\">Technische Daten<\/span><\/p>\n<p>Ungeschnittene Kinofassung, erstmalig im Kinoformat auf DVD, neu\u00a0digital remastered |\u00a0Bildformat: WS 1.66:1 (anamorph), Schwarz-Wei\u00df-Film\u00a0| Laufzeit: 113 Min | Tonformat: Deutsch DD 2.0, Englisch DD 2.0 |\u00a0Artworkgalerie, Original Kinotrailer\u00a0| FSK 12 | Die blaue Serie Nr. 1[\/vc_column_text][vc_empty_space height=&#8220;15px&#8220;][\/vc_column][\/vc_row][vc_row][vc_column][vc_separator css=&#8220;.vc_custom_1560377795279{margin-top: 15px !important;}&#8220;][\/vc_column][\/vc_row][vc_row][vc_column][vc_column_text]<\/p>\n<h2><span style=\"font-family: arial, helvetica, sans-serif;\">Neuigkeiten<\/span><\/h2>\n<p>[\/vc_column_text]<style type=\"text\/css\" data-type=\"the7_shortcodes-inline-css\">.blog-shortcode.blog-masonry-shortcode-id-52d4b17fe767e90220bf708457b55bc9.dividers-on.classic-layout-list article {\n  padding-top: 0;\n}\n.blog-shortcode.blog-masonry-shortcode-id-52d4b17fe767e90220bf708457b55bc9.dividers-on.classic-layout-list article:first-of-type {\n  margin-top: 0;\n  padding-top: 0;\n}\n.blog-shortcode.blog-masonry-shortcode-id-52d4b17fe767e90220bf708457b55bc9.classic-layout-list.mode-list .post-entry-content {\n  width: calc(100% - );\n}\n.blog-shortcode.blog-masonry-shortcode-id-52d4b17fe767e90220bf708457b55bc9.classic-layout-list.mode-list .no-img .post-entry-content {\n  width: 100%;\n}\n.blog-shortcode.blog-masonry-shortcode-id-52d4b17fe767e90220bf708457b55bc9 .filter-bg-decoration .filter-categories a.act {\n  color: #fff;\n}\n.blog-shortcode.blog-masonry-shortcode-id-52d4b17fe767e90220bf708457b55bc9:not(.mode-masonry) article:first-of-type,\n.blog-shortcode.blog-masonry-shortcode-id-52d4b17fe767e90220bf708457b55bc9:not(.mode-masonry) article.visible.first:not(.product) {\n  margin-top: 0;\n}\n.blog-shortcode.blog-masonry-shortcode-id-52d4b17fe767e90220bf708457b55bc9.dividers-on:not(.mode-masonry) article {\n  margin-top: 0;\n}\n.blog-shortcode.blog-masonry-shortcode-id-52d4b17fe767e90220bf708457b55bc9.dividers-on:not(.mode-masonry) article:first-of-type,\n.blog-shortcode.blog-masonry-shortcode-id-52d4b17fe767e90220bf708457b55bc9.dividers-on:not(.mode-masonry) article.visible.first:not(.product) {\n  margin-top: 0;\n  padding-top: 0;\n}\n.blog-shortcode.blog-masonry-shortcode-id-52d4b17fe767e90220bf708457b55bc9 .post-thumbnail-wrap {\n  padding: 0px 0px 0px 0px;\n}\n.blog-shortcode.blog-masonry-shortcode-id-52d4b17fe767e90220bf708457b55bc9.enable-bg-rollover .post-thumbnail-rollover:after {\n  background: -webkit-linear-gradient();\n  background: linear-gradient();\n}\n.blog-shortcode.blog-masonry-shortcode-id-52d4b17fe767e90220bf708457b55bc9 .gallery-zoom-ico {\n  width: 44px;\n  height: 44px;\n  line-height: 44px;\n  border-radius: 100px;\n  margin: -22px 0 0 -22px;\n  border-width: 0px;\n  color: #ffffff;\n}\n.bottom-overlap-layout-list.blog-shortcode.blog-masonry-shortcode-id-52d4b17fe767e90220bf708457b55bc9 .gallery-zoom-ico {\n  margin-top: -72px;\n}\n.gradient-overlay-layout-list.blog-shortcode.blog-masonry-shortcode-id-52d4b17fe767e90220bf708457b55bc9 .gallery-zoom-ico,\n.content-rollover-layout-list.blog-shortcode.blog-masonry-shortcode-id-52d4b17fe767e90220bf708457b55bc9 .gallery-zoom-ico {\n  margin: 0 0 10px;\n}\n.content-align-center.gradient-overlay-layout-list.blog-shortcode.blog-masonry-shortcode-id-52d4b17fe767e90220bf708457b55bc9 .gallery-zoom-ico,\n.content-align-center.content-rollover-layout-list.blog-shortcode.blog-masonry-shortcode-id-52d4b17fe767e90220bf708457b55bc9 .gallery-zoom-ico {\n  margin: 0 auto 10px;\n}\n.dt-icon-bg-on.blog-shortcode.blog-masonry-shortcode-id-52d4b17fe767e90220bf708457b55bc9 .gallery-zoom-ico {\n  background: rgba(255,255,255,0.3);\n  box-shadow: none;\n}\n.blog-shortcode.blog-masonry-shortcode-id-52d4b17fe767e90220bf708457b55bc9 .gallery-zoom-ico > span,\n.blog-shortcode.blog-masonry-shortcode-id-52d4b17fe767e90220bf708457b55bc9 .gallery-zoom-ico:before {\n  font-size: 32px;\n  line-height: 44px;\n}\n.blog-shortcode.blog-masonry-shortcode-id-52d4b17fe767e90220bf708457b55bc9 .gallery-zoom-ico > span,\n.blog-shortcode.blog-masonry-shortcode-id-52d4b17fe767e90220bf708457b55bc9 .gallery-zoom-ico:before {\n  color: #ffffff;\n}\n.blog-shortcode.blog-masonry-shortcode-id-52d4b17fe767e90220bf708457b55bc9 .entry-title,\n.blog-shortcode.blog-masonry-shortcode-id-52d4b17fe767e90220bf708457b55bc9.owl-carousel .entry-title {\n  margin-bottom: 5px;\n  font-weight: bold;\n}\n.blog-shortcode.blog-masonry-shortcode-id-52d4b17fe767e90220bf708457b55bc9 .entry-meta {\n  margin-bottom: 15px;\n}\n.blog-shortcode.blog-masonry-shortcode-id-52d4b17fe767e90220bf708457b55bc9 .portfolio-categories {\n  margin-bottom: 15px;\n}\n.blog-shortcode.blog-masonry-shortcode-id-52d4b17fe767e90220bf708457b55bc9 .entry-excerpt {\n  margin-bottom: 5px;\n}\n.blog-shortcode.blog-masonry-shortcode-id-52d4b17fe767e90220bf708457b55bc9:not(.centered-layout-list) .post-entry-content {\n  padding: 25px 30px 30px 30px;\n}\n.blog-shortcode.blog-masonry-shortcode-id-52d4b17fe767e90220bf708457b55bc9:not(.centered-layout-list):not(.content-bg-on):not(.mode-list) .no-img .post-entry-content {\n  padding: 0;\n}\n@media screen and (max-width: ) {\n  .blog-shortcode.blog-masonry-shortcode-id-52d4b17fe767e90220bf708457b55bc9 article {\n    -ms-flex-flow: column nowrap;\n    flex-flow: column nowrap;\n    margin-top: 20px;\n  }\n  .blog-shortcode.blog-masonry-shortcode-id-52d4b17fe767e90220bf708457b55bc9.dividers-on article {\n    border: none;\n  }\n  .blog-shortcode.blog-masonry-shortcode-id-52d4b17fe767e90220bf708457b55bc9.content-bg-on.centered-layout-list article {\n    padding: 0;\n  }\n  .blog-shortcode.blog-masonry-shortcode-id-52d4b17fe767e90220bf708457b55bc9.blog-shortcode.dividers-on article,\n  .blog-shortcode.blog-masonry-shortcode-id-52d4b17fe767e90220bf708457b55bc9.dividers-on.classic-layout-list article {\n    margin-top: 20px;\n    padding: 0;\n  }\n  .blog-shortcode.blog-masonry-shortcode-id-52d4b17fe767e90220bf708457b55bc9.blog-shortcode.dividers-on article:first-of-type,\n  .blog-shortcode.blog-masonry-shortcode-id-52d4b17fe767e90220bf708457b55bc9.dividers-on.classic-layout-list article:first-of-type {\n    padding: 0;\n  }\n  #page .blog-shortcode.blog-masonry-shortcode-id-52d4b17fe767e90220bf708457b55bc9 .post-thumbnail-wrap,\n  #page .blog-shortcode.blog-masonry-shortcode-id-52d4b17fe767e90220bf708457b55bc9 .post-entry-content {\n    width: 100%;\n    margin: 0;\n    top: 0;\n  }\n  #page .blog-shortcode.blog-masonry-shortcode-id-52d4b17fe767e90220bf708457b55bc9 .post-thumbnail-wrap {\n    padding: 0;\n  }\n  #page .blog-shortcode.blog-masonry-shortcode-id-52d4b17fe767e90220bf708457b55bc9 .post-entry-content:after {\n    display: none;\n  }\n  #page .blog-shortcode.blog-masonry-shortcode-id-52d4b17fe767e90220bf708457b55bc9 .project-even .post-thumbnail-wrap,\n  #page .blog-shortcode.blog-masonry-shortcode-id-52d4b17fe767e90220bf708457b55bc9.centered-layout-list .post-thumbnail-wrap {\n    -ms-flex-order: 0;\n    order: 0;\n  }\n  #page .blog-shortcode.blog-masonry-shortcode-id-52d4b17fe767e90220bf708457b55bc9.centered-layout-list .post-entry-title-content {\n    -ms-flex-order: 1;\n    order: 1;\n    width: 100%;\n    padding: 20px 20px 0;\n  }\n  #page .blog-shortcode.blog-masonry-shortcode-id-52d4b17fe767e90220bf708457b55bc9.centered-layout-list .post-entry-content {\n    -ms-flex-order: 2;\n    order: 2;\n    padding-top: 0;\n  }\n  #page .blog-shortcode.blog-masonry-shortcode-id-52d4b17fe767e90220bf708457b55bc9 .fancy-categories {\n    top: 10px;\n    left: 10px;\n    bottom: auto;\n    right: auto;\n  }\n  #page .blog-shortcode.blog-masonry-shortcode-id-52d4b17fe767e90220bf708457b55bc9 .fancy-date a {\n    top: 10px;\n    right: 10px;\n    left: auto;\n    bottom: auto;\n  }\n  #page .blog-shortcode.blog-masonry-shortcode-id-52d4b17fe767e90220bf708457b55bc9 .post-entry-content {\n    padding: 20px;\n  }\n  #page .blog-shortcode.blog-masonry-shortcode-id-52d4b17fe767e90220bf708457b55bc9 .entry-title {\n    margin: 3px 0 5px;\n    font-size: 20px;\n    line-height: 26px;\n  }\n  #page .blog-shortcode.blog-masonry-shortcode-id-52d4b17fe767e90220bf708457b55bc9 .entry-meta {\n    margin: 5px 0 5px;\n  }\n  #page .blog-shortcode.blog-masonry-shortcode-id-52d4b17fe767e90220bf708457b55bc9 .entry-excerpt {\n    margin: 15px 0 0;\n  }\n  #page .blog-shortcode.blog-masonry-shortcode-id-52d4b17fe767e90220bf708457b55bc9 .post-details {\n    margin: 5px 0 10px;\n  }\n  #page .blog-shortcode.blog-masonry-shortcode-id-52d4b17fe767e90220bf708457b55bc9 .post-details.details-type-link {\n    margin-bottom: 2px;\n  }\n}\n.blog-shortcode.blog-masonry-shortcode-id-52d4b17fe767e90220bf708457b55bc9:not(.resize-by-browser-width) .dt-css-grid {\n  grid-row-gap: 30px;\n  grid-column-gap: 30px;\n  grid-template-columns: repeat(auto-fill,minmax(,1fr));\n}\n.blog-shortcode.blog-masonry-shortcode-id-52d4b17fe767e90220bf708457b55bc9:not(.resize-by-browser-width) .dt-css-grid .double-width {\n  grid-column: span 2;\n}\n.cssgridlegacy.no-cssgrid .blog-shortcode.blog-masonry-shortcode-id-52d4b17fe767e90220bf708457b55bc9:not(.resize-by-browser-width) .dt-css-grid,\n.no-cssgridlegacy.no-cssgrid .blog-shortcode.blog-masonry-shortcode-id-52d4b17fe767e90220bf708457b55bc9:not(.resize-by-browser-width) .dt-css-grid {\n  display: flex;\n  flex-flow: row wrap;\n  margin: -15px;\n}\n.cssgridlegacy.no-cssgrid .blog-shortcode.blog-masonry-shortcode-id-52d4b17fe767e90220bf708457b55bc9:not(.resize-by-browser-width) .dt-css-grid .wf-cell,\n.no-cssgridlegacy.no-cssgrid .blog-shortcode.blog-masonry-shortcode-id-52d4b17fe767e90220bf708457b55bc9:not(.resize-by-browser-width) .dt-css-grid .wf-cell {\n  flex: 1 0 ;\n  max-width: 100%;\n  padding: 15px;\n  box-sizing: border-box;\n}\n.blog-shortcode.blog-masonry-shortcode-id-52d4b17fe767e90220bf708457b55bc9.resize-by-browser-width .dt-css-grid {\n  grid-template-columns: repeat(2,1fr);\n  grid-template-rows: auto;\n  grid-column-gap: 30px;\n  grid-row-gap: 30px;\n}\n.blog-shortcode.blog-masonry-shortcode-id-52d4b17fe767e90220bf708457b55bc9.resize-by-browser-width .dt-css-grid .double-width {\n  grid-column: span 2;\n}\n.cssgridlegacy.no-cssgrid .blog-shortcode.blog-masonry-shortcode-id-52d4b17fe767e90220bf708457b55bc9.resize-by-browser-width .dt-css-grid {\n  margin: -15px;\n}\n.cssgridlegacy.no-cssgrid .blog-shortcode.blog-masonry-shortcode-id-52d4b17fe767e90220bf708457b55bc9.resize-by-browser-width .dt-css-grid .wf-cell {\n  width: 50%;\n  padding: 15px;\n}\n.cssgridlegacy.no-cssgrid .blog-shortcode.blog-masonry-shortcode-id-52d4b17fe767e90220bf708457b55bc9.resize-by-browser-width .dt-css-grid .wf-cell.double-width {\n  width: calc(50%) * 2;\n}\n.blog-shortcode.blog-masonry-shortcode-id-52d4b17fe767e90220bf708457b55bc9.resize-by-browser-width:not(.centered-layout-list):not(.content-bg-on) .dt-css-grid {\n  grid-row-gap: 0px;\n}\n@media screen and (max-width: 1199px) {\n  .blog-shortcode.blog-masonry-shortcode-id-52d4b17fe767e90220bf708457b55bc9.resize-by-browser-width .dt-css-grid {\n    grid-template-columns: repeat(2,1fr);\n  }\n  .cssgridlegacy.no-cssgrid .blog-shortcode.blog-masonry-shortcode-id-52d4b17fe767e90220bf708457b55bc9.resize-by-browser-width .dt-css-grid .wf-cell,\n  .no-cssgridlegacy.no-cssgrid .blog-shortcode.blog-masonry-shortcode-id-52d4b17fe767e90220bf708457b55bc9.resize-by-browser-width .dt-css-grid .wf-cell {\n    width: 50%;\n  }\n  .cssgridlegacy.no-cssgrid .blog-shortcode.blog-masonry-shortcode-id-52d4b17fe767e90220bf708457b55bc9.resize-by-browser-width .dt-css-grid .wf-cell.double-width,\n  .no-cssgridlegacy.no-cssgrid .blog-shortcode.blog-masonry-shortcode-id-52d4b17fe767e90220bf708457b55bc9.resize-by-browser-width .dt-css-grid .wf-cell.double-width {\n    width: calc(50%)*2;\n  }\n}\n@media screen and (max-width: 991px) {\n  .blog-shortcode.blog-masonry-shortcode-id-52d4b17fe767e90220bf708457b55bc9.resize-by-browser-width .dt-css-grid {\n    grid-template-columns: repeat(1,1fr);\n  }\n  .cssgridlegacy.no-cssgrid .blog-shortcode.blog-masonry-shortcode-id-52d4b17fe767e90220bf708457b55bc9.resize-by-browser-width .dt-css-grid .wf-cell,\n  .no-cssgridlegacy.no-cssgrid .blog-shortcode.blog-masonry-shortcode-id-52d4b17fe767e90220bf708457b55bc9.resize-by-browser-width .dt-css-grid .wf-cell {\n    width: 100%;\n  }\n  .cssgridlegacy.no-cssgrid .blog-shortcode.blog-masonry-shortcode-id-52d4b17fe767e90220bf708457b55bc9.resize-by-browser-width .dt-css-grid .wf-cell.double-width,\n  .no-cssgridlegacy.no-cssgrid .blog-shortcode.blog-masonry-shortcode-id-52d4b17fe767e90220bf708457b55bc9.resize-by-browser-width .dt-css-grid .wf-cell.double-width {\n    width: calc(100%)*2;\n  }\n}\n@media screen and (max-width: 767px) {\n  .blog-shortcode.blog-masonry-shortcode-id-52d4b17fe767e90220bf708457b55bc9.resize-by-browser-width .dt-css-grid {\n    grid-template-columns: repeat(1,1fr);\n  }\n  .blog-shortcode.blog-masonry-shortcode-id-52d4b17fe767e90220bf708457b55bc9.resize-by-browser-width .dt-css-grid .double-width {\n    grid-column: span 1;\n  }\n  .cssgridlegacy.no-cssgrid .blog-shortcode.blog-masonry-shortcode-id-52d4b17fe767e90220bf708457b55bc9.resize-by-browser-width .dt-css-grid .wf-cell,\n  .no-cssgridlegacy.no-cssgrid .blog-shortcode.blog-masonry-shortcode-id-52d4b17fe767e90220bf708457b55bc9.resize-by-browser-width .dt-css-grid .wf-cell {\n    width: 100%;\n  }\n  .cssgridlegacy.no-cssgrid .blog-shortcode.blog-masonry-shortcode-id-52d4b17fe767e90220bf708457b55bc9.resize-by-browser-width .dt-css-grid .wf-cell.double-width,\n  .no-cssgridlegacy.no-cssgrid .blog-shortcode.blog-masonry-shortcode-id-52d4b17fe767e90220bf708457b55bc9.resize-by-browser-width .dt-css-grid .wf-cell.double-width {\n    width: calc(100%)*2;\n  }\n}<\/style><div class=\"blog-shortcode blog-masonry-shortcode-id-52d4b17fe767e90220bf708457b55bc9 mode-grid classic-layout-list content-bg-on jquery-filter scale-img dt-css-grid-wrap dt-icon-bg-off resize-by-browser-width loading-effect-none description-under-image \" data-padding=\"15px\" data-cur-page=\"1\" data-post-limit=\"-1\" data-pagination-mode=\"none\" data-desktop-columns-num=\"2\" data-v-tablet-columns-num=\"1\" data-h-tablet-columns-num=\"2\" data-phone-columns-num=\"1\" data-width=\"0px\" data-columns=\"0\"><div class=\"dt-css-grid\" ><div class=\"visible wf-cell\" data-post-id=\"50954\" data-date=\"2021-03-25T18:10:51+00:00\" data-name=\"Simone Signoret w\u00e4re heute 100 Jahre alt geworden\"><article class=\"post project-odd visible post-50954 type-post status-publish format-standard has-post-thumbnail hentry category-die-blaue-serie category-film category-filmklassiker category-m-square-classics category-m-square-pictures category-news tag-6857 tag-allan-cuthbertson tag-bafta-film-award tag-beste-schauspielerin tag-bester-film tag-cannes tag-der-weg-nach-oben tag-die-blaue-serie tag-diploma-of-merit tag-filmklassiker tag-m-square-classics tag-m-square-pictures tag-nbr-award tag-oscar tag-room-at-the-top tag-samuel-goldwyn-award tag-simone-signoret category-6847 category-8 category-7004 category-5849 category-1046 category-13\" data-name=\"Simone Signoret w\u00e4re heute 100 Jahre alt geworden\" data-date=\"2021-03-25T18:10:51+00:00\">\n\n<div class=\"post-thumbnail-wrap\">\n\t<div class=\"post-thumbnail\">\n\t\t\n\t\t\n\t\t<a href=\"https:\/\/ucm.one\/de\/simone-signoret-waere-heute-100-jahre-alt-geworden\/\" class=\"post-thumbnail-rollover layzr-bg layzr-bg\" ><img decoding=\"async\" class=\"iso-lazy-load preload-me iso-lazy-load aspect\" src=\"data:image\/svg+xml,%3Csvg%20xmlns%3D&#39;http%3A%2F%2Fwww.w3.org%2F2000%2Fsvg&#39;%20viewBox%3D&#39;0%200%20990%20309&#39;%2F%3E\" data-src=\"https:\/\/ucm.one\/wp-content\/uploads\/2021\/03\/SimoneSignoret100-990x309.jpg\" data-srcset=\"https:\/\/ucm.one\/wp-content\/uploads\/2021\/03\/SimoneSignoret100-990x309.jpg 990w, https:\/\/ucm.one\/wp-content\/uploads\/2021\/03\/SimoneSignoret100-1485x464.jpg 1485w\" loading=\"eager\" style=\"--ratio: 990 \/ 309\" sizes=\"(max-width: 990px) 100vw, 990px\" alt=\"\" title=\"SimoneSignoret100\" width=\"990\" height=\"309\"  \/><\/a>\t<\/div>\n<\/div>\n\n\n<div class=\"post-entry-content\">\n\n\t<h3 class=\"entry-title\">\n\t\t<a href=\"https:\/\/ucm.one\/de\/simone-signoret-waere-heute-100-jahre-alt-geworden\/\" title=\"Simone Signoret w\u00e4re heute 100 Jahre alt geworden\" rel=\"bookmark\">Simone Signoret w\u00e4re heute 100 Jahre alt geworden<\/a>\n\t<\/h3>\n\n\t<div class=\"entry-meta\"><span class=\"category-link\"><a href=\"https:\/\/ucm.one\/de\/category\/news\/film\/m-square-pictures\/die-blaue-serie\/\" >Die Blaue Serie<\/a>, <a href=\"https:\/\/ucm.one\/de\/category\/news\/film\/\" >Film<\/a>, <a href=\"https:\/\/ucm.one\/de\/category\/news\/filmklassiker\/\" >Filmklassiker<\/a>, <a href=\"https:\/\/ucm.one\/de\/category\/news\/film\/m-square-pictures\/m-square-classics\/\" >M-Square Classics<\/a>, <a href=\"https:\/\/ucm.one\/de\/category\/news\/film\/m-square-pictures\/\" >M-Square Pictures<\/a>, <a href=\"https:\/\/ucm.one\/de\/category\/news\/\" >News<\/a><\/span><a class=\"author vcard\" href=\"\" title=\"Zeige alle Beitr\u00e4ge von Joachim Keil\" rel=\"author\">Von <span class=\"fn\">Joachim Keil<\/span><\/a><a href=\"https:\/\/ucm.one\/de\/2021\/03\/25\/\" title=\"18:10\" class=\"data-link\" rel=\"bookmark\"><time class=\"entry-date updated\" datetime=\"2021-03-25T18:10:51+00:00\">25. M\u00e4rz 2021<\/time><\/a><\/div>\n\t<div class=\"entry-excerpt\"><p>[vc_row][vc_column][vc_column_text]Die gro\u00dfe franz\u00f6sische Schauspielerin Simone Signoret wurde am 25. M\u00e4rz 1921 in Wiesbaden als \u00e4ltestes von drei Kindern geboren. Ihr Vater Andr\u00e9 Kaminker, ein Sprachwissenschaftler und \u00dcbersetzer, war ein franz\u00f6sischer Offizier polnisch-j\u00fcdischer Abstammung und arbeitete damals f\u00fcr die franz\u00f6sischen Besatzungstruppen im Rheinland.[\/vc_column_text][vc_row_inner][vc_column_inner width=&#8220;1\/2&#8243;][vc_single_image image=&#8220;50969&#8243; img_size=&#8220;full&#8220;][\/vc_column_inner][vc_column_inner width=&#8220;1\/2&#8243;][vc_column_text]Simone Signoret wuchs in Paris in einer intellektuellen Atmosph\u00e4re auf,&hellip;<\/p>\n<\/div>\n\t\n<a href=\"https:\/\/ucm.one\/de\/simone-signoret-waere-heute-100-jahre-alt-geworden\/\" class=\"post-details details-type-link\" aria-label=\"Read more about Simone Signoret w\u00e4re heute 100 Jahre alt geworden\">Mehr lesen<i class=\"dt-icon-the7-arrow-03\" aria-hidden=\"true\"><\/i><\/a>\n\n<\/div><\/article><\/div><div class=\"visible wf-cell\" data-post-id=\"35858\" data-date=\"2019-11-08T12:26:01+00:00\" data-name=\"\u201cDer Weg nach oben\u201d von Jack Clayton ab heute erh\u00e4ltlich\"><article class=\"post project-odd visible post-35858 type-post status-publish format-standard has-post-thumbnail hentry category-die-blaue-serie category-film category-filmklassiker category-m-square-classics category-m-square-pictures category-news tag-6857 tag-allan-cuthbertson tag-bafta-film-award tag-beste-schauspielerin tag-bester-film tag-cannes tag-der-weg-nach-oben tag-die-blaue-serie tag-diploma-of-merit tag-donald-houston tag-donald-wolfit tag-filmklassiker tag-heather-sears tag-hermione-baddeley tag-jack-clayton tag-laurence-harvey tag-m-square-classics tag-m-square-pictures tag-nbr-award tag-oscar tag-raymond-huntley tag-room-at-the-top tag-samuel-goldwyn-award tag-simone-signoret category-6847 category-8 category-7004 category-5849 category-1046 category-13\" data-name=\"\u201cDer Weg nach oben\u201d von Jack Clayton ab heute erh\u00e4ltlich\" data-date=\"2019-11-08T12:26:01+00:00\">\n\n<div class=\"post-thumbnail-wrap\">\n\t<div class=\"post-thumbnail\">\n\t\t\n\t\t\n\t\t<a href=\"https:\/\/ucm.one\/de\/der-weg-nach-oben-von-jack-clayton-ab-heute-erhaeltlich\/\" class=\"post-thumbnail-rollover layzr-bg layzr-bg\" ><img decoding=\"async\" class=\"iso-lazy-load preload-me iso-lazy-load aspect\" src=\"data:image\/svg+xml,%3Csvg%20xmlns%3D&#39;http%3A%2F%2Fwww.w3.org%2F2000%2Fsvg&#39;%20viewBox%3D&#39;0%200%20990%20309&#39;%2F%3E\" data-src=\"https:\/\/ucm.one\/wp-content\/uploads\/2019\/11\/B-Der-Web-nach-oben-DVD-1-990x309.jpg\" data-srcset=\"https:\/\/ucm.one\/wp-content\/uploads\/2019\/11\/B-Der-Web-nach-oben-DVD-1-990x309.jpg 990w, https:\/\/ucm.one\/wp-content\/uploads\/2019\/11\/B-Der-Web-nach-oben-DVD-1-1485x464.jpg 1485w\" loading=\"eager\" style=\"--ratio: 990 \/ 309\" sizes=\"(max-width: 990px) 100vw, 990px\" alt=\"\" title=\"B Der Web nach oben DVD\" width=\"990\" height=\"309\"  \/><\/a>\t<\/div>\n<\/div>\n\n\n<div class=\"post-entry-content\">\n\n\t<h3 class=\"entry-title\">\n\t\t<a href=\"https:\/\/ucm.one\/de\/der-weg-nach-oben-von-jack-clayton-ab-heute-erhaeltlich\/\" title=\"\u201cDer Weg nach oben\u201d von Jack Clayton ab heute erh\u00e4ltlich\" rel=\"bookmark\">\u201cDer Weg nach oben\u201d von Jack Clayton ab heute erh\u00e4ltlich<\/a>\n\t<\/h3>\n\n\t<div class=\"entry-meta\"><span class=\"category-link\"><a href=\"https:\/\/ucm.one\/de\/category\/news\/film\/m-square-pictures\/die-blaue-serie\/\" >Die Blaue Serie<\/a>, <a href=\"https:\/\/ucm.one\/de\/category\/news\/film\/\" >Film<\/a>, <a href=\"https:\/\/ucm.one\/de\/category\/news\/filmklassiker\/\" >Filmklassiker<\/a>, <a href=\"https:\/\/ucm.one\/de\/category\/news\/film\/m-square-pictures\/m-square-classics\/\" >M-Square Classics<\/a>, <a href=\"https:\/\/ucm.one\/de\/category\/news\/film\/m-square-pictures\/\" >M-Square Pictures<\/a>, <a href=\"https:\/\/ucm.one\/de\/category\/news\/\" >News<\/a><\/span><a class=\"author vcard\" href=\"\" title=\"Zeige alle Beitr\u00e4ge von Joachim Keil\" rel=\"author\">Von <span class=\"fn\">Joachim Keil<\/span><\/a><a href=\"https:\/\/ucm.one\/de\/2019\/11\/08\/\" title=\"12:26\" class=\"data-link\" rel=\"bookmark\"><time class=\"entry-date updated\" datetime=\"2019-11-08T12:26:01+00:00\">8. November 2019<\/time><\/a><\/div>\n\t<div class=\"entry-excerpt\"><p>[vc_row][vc_column width=&#8220;3\/4&#8243;][vc_column_text]UCM.ONE startet heute \u201cDie blaue Serie\u201d mit dem gro\u00dfartigen Filmklassiker \u201cDer Weg nach oben\u201d mit Simone Signoret und Laurence Harvey. Der Film wurde 1959 f\u00fcr sechs Oscars nominiert und zweimal ausgezeichnet (Beste Hauptdarstellerin f\u00fcr Simone Signoret und Bestes adaptiertes Drehbuch) und gewann den British Film Academy Award als bester Film im Jahr 1959.[\/vc_column_text][vc_column_text]\u201eDie blaue&hellip;<\/p>\n<\/div>\n\t\n<a href=\"https:\/\/ucm.one\/de\/der-weg-nach-oben-von-jack-clayton-ab-heute-erhaeltlich\/\" class=\"post-details details-type-link\" aria-label=\"Read more about \u201cDer Weg nach oben\u201d von Jack Clayton ab heute erh\u00e4ltlich\">Mehr lesen<i class=\"dt-icon-the7-arrow-03\" aria-hidden=\"true\"><\/i><\/a>\n\n<\/div><\/article><\/div><div class=\"visible wf-cell\" data-post-id=\"35600\" data-date=\"2019-09-11T22:28:43+00:00\" data-name=\"UCM.ONE startet mit dem Film &quot;Der Weg nach Oben&quot; die &quot;Die Blaue Serie&quot;\"><article class=\"post project-odd visible post-35600 type-post status-publish format-standard has-post-thumbnail hentry category-die-blaue-serie category-film category-filmklassiker category-m-square-pictures category-news tag-6857 tag-beste-hauptdarstellerin tag-bester-britischer-film-des-jahres tag-british-film-academy tag-cannes tag-der-weg-nach-oben tag-die-blaue-serie tag-filmklassiker tag-jack-clayton tag-laurence-harvey tag-m-sqare-pictures tag-mata-hari-agentin-h21 tag-oscar tag-room-at-the-top tag-simone-signoret category-6847 category-8 category-7004 category-1046 category-13\" data-name=\"UCM.ONE startet mit dem Film &#8222;Der Weg nach Oben&#8220; die &#8222;Die Blaue Serie&#8220;\" data-date=\"2019-09-11T22:28:43+00:00\">\n\n<div class=\"post-thumbnail-wrap\">\n\t<div class=\"post-thumbnail\">\n\t\t\n\t\t\n\t\t<a href=\"https:\/\/ucm.one\/de\/ucm-one-startet-mit-dem-film-der-weg-nach-oben-die-die-blaue-serie\/\" class=\"post-thumbnail-rollover layzr-bg layzr-bg\" ><img decoding=\"async\" class=\"iso-lazy-load preload-me iso-lazy-load aspect\" src=\"data:image\/svg+xml,%3Csvg%20xmlns%3D&#39;http%3A%2F%2Fwww.w3.org%2F2000%2Fsvg&#39;%20viewBox%3D&#39;0%200%20990%20309&#39;%2F%3E\" data-src=\"https:\/\/ucm.one\/wp-content\/uploads\/2019\/11\/B-Die-Blaue-Serie-990x309.jpg\" data-srcset=\"https:\/\/ucm.one\/wp-content\/uploads\/2019\/11\/B-Die-Blaue-Serie-990x309.jpg 990w, https:\/\/ucm.one\/wp-content\/uploads\/2019\/11\/B-Die-Blaue-Serie-1485x464.jpg 1485w\" loading=\"eager\" style=\"--ratio: 990 \/ 309\" sizes=\"(max-width: 990px) 100vw, 990px\" alt=\"\" title=\"B Die Blaue Serie\" width=\"990\" height=\"309\"  \/><\/a>\t<\/div>\n<\/div>\n\n\n<div class=\"post-entry-content\">\n\n\t<h3 class=\"entry-title\">\n\t\t<a href=\"https:\/\/ucm.one\/de\/ucm-one-startet-mit-dem-film-der-weg-nach-oben-die-die-blaue-serie\/\" title=\"UCM.ONE startet mit dem Film &#8222;Der Weg nach Oben&#8220; die &#8222;Die Blaue Serie&#8220;\" rel=\"bookmark\">UCM.ONE startet mit dem Film &#8222;Der Weg nach Oben&#8220; die &#8222;Die Blaue Serie&#8220;<\/a>\n\t<\/h3>\n\n\t<div class=\"entry-meta\"><span class=\"category-link\"><a href=\"https:\/\/ucm.one\/de\/category\/news\/film\/m-square-pictures\/die-blaue-serie\/\" >Die Blaue Serie<\/a>, <a href=\"https:\/\/ucm.one\/de\/category\/news\/film\/\" >Film<\/a>, <a href=\"https:\/\/ucm.one\/de\/category\/news\/filmklassiker\/\" >Filmklassiker<\/a>, <a href=\"https:\/\/ucm.one\/de\/category\/news\/film\/m-square-pictures\/\" >M-Square Pictures<\/a>, <a href=\"https:\/\/ucm.one\/de\/category\/news\/\" >News<\/a><\/span><a class=\"author vcard\" href=\"\" title=\"Zeige alle Beitr\u00e4ge von Joachim Keil\" rel=\"author\">Von <span class=\"fn\">Joachim Keil<\/span><\/a><a href=\"https:\/\/ucm.one\/de\/2019\/09\/11\/\" title=\"22:28\" class=\"data-link\" rel=\"bookmark\"><time class=\"entry-date updated\" datetime=\"2019-09-11T22:28:43+00:00\">11. September 2019<\/time><\/a><\/div>\n\t<div class=\"entry-excerpt\"><p>[vc_row][vc_column][vc_column_text]Im November 2019 startet UCM.ONE \u201cDie blaue Serie\u201d. Den Anfang macht \u201cDer Weg nach oben\u201d mit Simone Signoret und\u00a0Laurence Harvey, sechsfach f\u00fcr den Oscar nominiert und Gewinner des British Film Academy Award als bester Film im Jahr 1959.[\/vc_column_text][vc_column_text]Die Serie widmet sich sowohl herausragenden Filmen, welche die Filmwelt gepr\u00e4gt haben als auch Filmperlen, die bisher noch&hellip;<\/p>\n<\/div>\n\t\n<a href=\"https:\/\/ucm.one\/de\/ucm-one-startet-mit-dem-film-der-weg-nach-oben-die-die-blaue-serie\/\" class=\"post-details details-type-link\" aria-label=\"Read more about UCM.ONE startet mit dem Film &#8222;Der Weg nach Oben&#8220; die &#8222;Die Blaue Serie&#8220;\">Mehr lesen<i class=\"dt-icon-the7-arrow-03\" aria-hidden=\"true\"><\/i><\/a>\n\n<\/div><\/article><\/div><\/div><!-- iso-container|iso-grid --><\/div>[vc_empty_space height=&#8220;35px&#8220;][\/vc_column][\/vc_row][vc_row][vc_column][vc_separator color=&#8220;custom&#8220; accent_color=&#8220;#0141a0&#8243;][\/vc_column][\/vc_row][vc_row css=&#8220;.vc_custom_1518458873891{margin-top: 65px !important;}&#8220;][vc_column width=&#8220;1\/4&#8243;][vc_btn title=&#8220;\u00dcbersicht&#8220; style=&#8220;flat&#8220; size=&#8220;lg&#8220; align=&#8220;center&#8220; i_icon_fontawesome=&#8220;fas fa-home&#8220; button_block=&#8220;true&#8220; add_icon=&#8220;true&#8220; link=&#8220;url:https%3A%2F%2Fucm.one%2Fde|title:%C3%9Cbersicht&#8220;][\/vc_column][vc_column width=&#8220;1\/4&#8243;][vc_btn title=&#8220;M-Square Classics&#8220; style=&#8220;flat&#8220; size=&#8220;lg&#8220; align=&#8220;center&#8220; i_icon_fontawesome=&#8220;fas fa-arrow-right&#8220; button_block=&#8220;true&#8220; add_icon=&#8220;true&#8220; link=&#8220;url:https%3A%2F%2Fucm.one%2Fde%2Ffilm-labels%2Fm-square-pictures%2F%23m-square-classics|title:M-Square%20Classics&#8220;][\/vc_column][vc_column width=&#8220;1\/4&#8243;][vc_btn title=&#8220;Die blaue Serie&#8220; style=&#8220;flat&#8220; size=&#8220;lg&#8220; align=&#8220;center&#8220; i_icon_fontawesome=&#8220;fas fa-columns&#8220; button_block=&#8220;true&#8220; add_icon=&#8220;true&#8220; link=&#8220;url:https%3A%2F%2Fucm.one%2Fde%2Ffilm-labels%2Fm-square-pictures%2F%23die-blaue-serie|title:Die%20blaue%20Serie&#8220;][\/vc_column][vc_column width=&#8220;1\/4&#8243;][vc_btn title=&#8220;iMDB&#8220; style=&#8220;flat&#8220; color=&#8220;blue&#8220; size=&#8220;lg&#8220; align=&#8220;center&#8220; i_icon_fontawesome=&#8220;fa fa-imdb&#8220; button_block=&#8220;true&#8220; add_icon=&#8220;true&#8220; link=&#8220;url:https%3A%2F%2Fwww.imdb.com%2Ftitle%2Ftt0053226|title:Der%20Weg%20nach%20oben|target:%20_blank|&#8220;][\/vc_column][\/vc_row][vc_row content_placement=&#8220;middle&#8220; bg_type=&#8220;grad&#8220; ult_hide_row=&#8220;ult_hide_row_value&#8220; ult_hide_row_large_screen=&#8220;large_screen&#8220; ult_hide_row_desktop=&#8220;desktop&#8220; css=&#8220;.vc_custom_1518701755537{margin-top: 0px !important;padding-top: -50px !important;}&#8220; bg_grad=&#8220;background: -webkit-gradient(linear, left top, left bottom, color-stop(0%, #E3E3E3), color-stop(0%, #FFFFFF), color-stop(6%, #FFFFFF), color-stop(7%, #FFFFFF), color-stop(50%, #FFFFFF));background: -moz-linear-gradient(top,#E3E3E3 0%,#FFFFFF 0%,#FFFFFF 6%,#FFFFFF 7%,#FFFFFF 50%);background: -webkit-linear-gradient(top,#E3E3E3 0%,#FFFFFF 0%,#FFFFFF 6%,#FFFFFF 7%,#FFFFFF 50%);background: -o-linear-gradient(top,#E3E3E3 0%,#FFFFFF 0%,#FFFFFF 6%,#FFFFFF 7%,#FFFFFF 50%);background: -ms-linear-gradient(top,#E3E3E3 0%,#FFFFFF 0%,#FFFFFF 6%,#FFFFFF 7%,#FFFFFF 50%);background: linear-gradient(top,#E3E3E3 0%,#FFFFFF 0%,#FFFFFF 6%,#FFFFFF 7%,#FFFFFF 50%);&#8220;][vc_column][vc_btn title=&#8220;Kontakt&#8220; style=&#8220;flat&#8220; color=&#8220;sky&#8220; size=&#8220;lg&#8220; align=&#8220;center&#8220; i_icon_fontawesome=&#8220;far fa-envelope&#8220; button_block=&#8220;true&#8220; add_icon=&#8220;true&#8220; link=&#8220;url:https%3A%2F%2Fucm.one%2Fde%2Ffirma%2Fkontakt%2F|title:Kontakt&#8220;][\/vc_column][\/vc_row]<\/p>\n<\/div>","protected":false},"excerpt":{"rendered":"<p>[vc_row][vc_column width=&#8220;3\/4&#8243; css=&#8220;.vc_custom_1561291995466{padding-right: 30px !important;}&#8220;][vc_column_text] Der Weg nach oben [\/vc_column_text][vc_column_text] Mit dem vielfach ausgezeichneten Film \u201cDer Weg nach oben\u201d\u00a0startet UCM.ONE eine neue Klassiker-Reihe. &#8222;Die blaue Serie&#8220; widmet sich sowohl herausragenden Filmen, welche die Filmwelt gepr\u00e4gt haben, als auch Filmperlen, die bisher noch nie auf DVD oder VoD-Portalen ver\u00f6ffentlicht worden sind. [\/vc_column_text][vc_column_text] Der Film \u201cDer Weg&hellip;<\/p>\n","protected":false},"author":2,"featured_media":35760,"parent":0,"menu_order":0,"comment_status":"closed","ping_status":"closed","template":"","meta":{"_acf_changed":false,"footnotes":""},"class_list":["post-35659","page","type-page","status-publish","has-post-thumbnail","hentry","description-off"],"acf":[],"yoast_head":"<!-- This site is optimized with the Yoast SEO plugin v27.5 - https:\/\/yoast.com\/product\/yoast-seo-wordpress\/ -->\n<title>Der Weg nach oben (1959) von Jack Clayton | Die blaue Serie - UCM.ONE<\/title>\n<meta name=\"description\" content=\"Der Film \u201cDer Weg nach oben\u201d (mit Simone Signoret und Laurence Harvey) wurde zweimal mit dem Oskar ausgezeichnet und gewann den British Film Academy Award.\" \/>\n<meta name=\"robots\" content=\"index, follow, max-snippet:-1, max-image-preview:large, max-video-preview:-1\" \/>\n<link rel=\"canonical\" href=\"https:\/\/ucm.one\/de\/der-weg-nach-oben\/\" \/>\n<meta property=\"og:locale\" content=\"de_DE\" \/>\n<meta property=\"og:type\" content=\"article\" \/>\n<meta property=\"og:title\" content=\"Der Weg nach oben (1959) von Jack Clayton | Die blaue Serie - UCM.ONE\" \/>\n<meta property=\"og:description\" content=\"Der Film \u201cDer Weg nach oben\u201d (mit Simone Signoret und Laurence Harvey) wurde zweimal mit dem Oskar ausgezeichnet und gewann den British Film Academy Award.\" \/>\n<meta property=\"og:url\" content=\"https:\/\/ucm.one\/de\/der-weg-nach-oben\/\" \/>\n<meta property=\"og:site_name\" content=\"UCM.ONE\" \/>\n<meta property=\"article:modified_time\" content=\"2023-04-01T15:13:17+00:00\" \/>\n<meta property=\"og:image\" content=\"https:\/\/ucm.one\/wp-content\/uploads\/2019\/11\/B-Der-Web-nach-oben-DVD.jpg\" \/>\n\t<meta property=\"og:image:width\" content=\"1920\" \/>\n\t<meta property=\"og:image:height\" content=\"600\" \/>\n\t<meta property=\"og:image:type\" content=\"image\/jpeg\" \/>\n<meta name=\"twitter:card\" content=\"summary_large_image\" \/>\n<meta name=\"twitter:label1\" content=\"Gesch\u00e4tzte Lesezeit\" \/>\n\t<meta name=\"twitter:data1\" content=\"16\u00a0Minuten\" \/>\n<!-- \/ Yoast SEO plugin. -->","yoast_head_json":{"title":"Der Weg nach oben (1959) von Jack Clayton | Die blaue Serie - UCM.ONE","description":"Der Film \u201cDer Weg nach oben\u201d (mit Simone Signoret und Laurence Harvey) wurde zweimal mit dem Oskar ausgezeichnet und gewann den British Film Academy Award.","robots":{"index":"index","follow":"follow","max-snippet":"max-snippet:-1","max-image-preview":"max-image-preview:large","max-video-preview":"max-video-preview:-1"},"canonical":"https:\/\/ucm.one\/de\/der-weg-nach-oben\/","og_locale":"de_DE","og_type":"article","og_title":"Der Weg nach oben (1959) von Jack Clayton | Die blaue Serie - UCM.ONE","og_description":"Der Film \u201cDer Weg nach oben\u201d (mit Simone Signoret und Laurence Harvey) wurde zweimal mit dem Oskar ausgezeichnet und gewann den British Film Academy Award.","og_url":"https:\/\/ucm.one\/de\/der-weg-nach-oben\/","og_site_name":"UCM.ONE","article_modified_time":"2023-04-01T15:13:17+00:00","og_image":[{"width":1920,"height":600,"url":"https:\/\/ucm.one\/wp-content\/uploads\/2019\/11\/B-Der-Web-nach-oben-DVD.jpg","type":"image\/jpeg"}],"twitter_card":"summary_large_image","twitter_misc":{"Gesch\u00e4tzte Lesezeit":"16\u00a0Minuten"},"schema":{"@context":"https:\/\/schema.org","@graph":[{"@type":"WebPage","@id":"https:\/\/ucm.one\/de\/der-weg-nach-oben\/","url":"https:\/\/ucm.one\/de\/der-weg-nach-oben\/","name":"Der Weg nach oben (1959) von Jack Clayton | Die blaue Serie - UCM.ONE","isPartOf":{"@id":"https:\/\/ucm.one\/de\/#website"},"primaryImageOfPage":{"@id":"https:\/\/ucm.one\/de\/der-weg-nach-oben\/#primaryimage"},"image":{"@id":"https:\/\/ucm.one\/de\/der-weg-nach-oben\/#primaryimage"},"thumbnailUrl":"https:\/\/ucm.one\/wp-content\/uploads\/2019\/11\/B-Der-Web-nach-oben-DVD.jpg","datePublished":"2019-11-07T12:00:04+00:00","dateModified":"2023-04-01T15:13:17+00:00","description":"Der Film \u201cDer Weg nach oben\u201d (mit Simone Signoret und Laurence Harvey) wurde zweimal mit dem Oskar ausgezeichnet und gewann den British Film Academy Award.","breadcrumb":{"@id":"https:\/\/ucm.one\/de\/der-weg-nach-oben\/#breadcrumb"},"inLanguage":"de","potentialAction":[{"@type":"ReadAction","target":["https:\/\/ucm.one\/de\/der-weg-nach-oben\/"]}]},{"@type":"ImageObject","inLanguage":"de","@id":"https:\/\/ucm.one\/de\/der-weg-nach-oben\/#primaryimage","url":"https:\/\/ucm.one\/wp-content\/uploads\/2019\/11\/B-Der-Web-nach-oben-DVD.jpg","contentUrl":"https:\/\/ucm.one\/wp-content\/uploads\/2019\/11\/B-Der-Web-nach-oben-DVD.jpg","width":1920,"height":600},{"@type":"BreadcrumbList","@id":"https:\/\/ucm.one\/de\/der-weg-nach-oben\/#breadcrumb","itemListElement":[{"@type":"ListItem","position":1,"name":"Home","item":"https:\/\/ucm.one\/de\/"},{"@type":"ListItem","position":2,"name":"Der Weg nach oben (1959) von Jack Clayton | Die blaue Serie"}]},{"@type":"WebSite","@id":"https:\/\/ucm.one\/de\/#website","url":"https:\/\/ucm.one\/de\/","name":"UCM.ONE","description":"","publisher":{"@id":"https:\/\/ucm.one\/de\/#organization"},"potentialAction":[{"@type":"SearchAction","target":{"@type":"EntryPoint","urlTemplate":"https:\/\/ucm.one\/de\/?s={search_term_string}"},"query-input":{"@type":"PropertyValueSpecification","valueRequired":true,"valueName":"search_term_string"}}],"inLanguage":"de"},{"@type":"Organization","@id":"https:\/\/ucm.one\/de\/#organization","name":"UCM.ONE","url":"https:\/\/ucm.one\/de\/","logo":{"@type":"ImageObject","inLanguage":"de","@id":"https:\/\/ucm.one\/de\/#\/schema\/logo\/image\/","url":"https:\/\/ucm.one\/wp-content\/uploads\/2019\/10\/UCM.ONE-Logo-RGB.svg","contentUrl":"https:\/\/ucm.one\/wp-content\/uploads\/2019\/10\/UCM.ONE-Logo-RGB.svg","width":1,"height":1,"caption":"UCM.ONE"},"image":{"@id":"https:\/\/ucm.one\/de\/#\/schema\/logo\/image\/"}}]}},"_links":{"self":[{"href":"https:\/\/ucm.one\/de\/wp-json\/wp\/v2\/pages\/35659","targetHints":{"allow":["GET"]}}],"collection":[{"href":"https:\/\/ucm.one\/de\/wp-json\/wp\/v2\/pages"}],"about":[{"href":"https:\/\/ucm.one\/de\/wp-json\/wp\/v2\/types\/page"}],"author":[{"embeddable":true,"href":"https:\/\/ucm.one\/de\/wp-json\/wp\/v2\/users\/2"}],"replies":[{"embeddable":true,"href":"https:\/\/ucm.one\/de\/wp-json\/wp\/v2\/comments?post=35659"}],"version-history":[{"count":0,"href":"https:\/\/ucm.one\/de\/wp-json\/wp\/v2\/pages\/35659\/revisions"}],"wp:featuredmedia":[{"embeddable":true,"href":"https:\/\/ucm.one\/de\/wp-json\/wp\/v2\/media\/35760"}],"wp:attachment":[{"href":"https:\/\/ucm.one\/de\/wp-json\/wp\/v2\/media?parent=35659"}],"curies":[{"name":"wp","href":"https:\/\/api.w.org\/{rel}","templated":true}]}}