{"id":31081,"date":"2019-06-23T21:30:40","date_gmt":"2019-06-23T21:30:40","guid":{"rendered":"https:\/\/ucm.one\/?page_id=31081"},"modified":"2023-04-01T15:05:02","modified_gmt":"2023-04-01T15:05:02","slug":"die-tote-von-beverly-hills","status":"publish","type":"page","link":"https:\/\/ucm.one\/de\/die-tote-von-beverly-hills\/","title":{"rendered":"Die Tote von Beverly Hills (1964) von Michael Pfleghar | M-Square Classics"},"content":{"rendered":"<div class=\"wpb-content-wrapper\"><p>[vc_row css=&#8220;.vc_custom_1561374765584{margin-top: 20px !important;}&#8220;][vc_column width=&#8220;3\/4&#8243; css=&#8220;.vc_custom_1561378576831{padding-right: 30px !important;}&#8220;][vc_column_text]<\/p>\n<h1>Die Tote von Beverly Hills<\/h1>\n<p>[\/vc_column_text][vc_column_text]<em>Jung, frech und experimentell. Mit \u201e<strong>Die Tote von Beverly Hills<\/strong>\u201c stellte <strong>Michael Pfleghar<\/strong> 1964 in Cannes das deutsche Kino auf den Kopf. Der Film erscheint am 26. Juli 2019 erstmals als digital restaurierte HD Version auf DVD und VoD.<\/em>[\/vc_column_text][vc_column_text]F\u00fcr <strong>Heidelinde Weis<\/strong> sind die Erinnerungen an die Dreharbeiten von \u201e<strong>Die Tote von Beverly Hills<\/strong>\u201c noch immer ein gro\u00dfer Spa\u00df. Im Booklet der DVD zur jetzt als digital restauriert vorliegenden HD Version erz\u00e4hlt die heute 79-j\u00e4hrige, dass sie \u201ezum Entsetzen aller Filmgewaltigen\u201c von Michael Pfleghar kurzfristig f\u00fcr Rolle der Lu besetzt wurde, obwohl sie selbst befand, keinen erkennbar besonderen Reiz auf M\u00e4nner zu haben, denen sie im Film reihenweise den Kopf verdrehen sollte. Der Film wurde nach Erscheinen in den Himmel gehoben und zum Teil zerfetzt. Aber eines ist Heidelinde Weis bis heute klar:\u00a0\u201e<em>Die Regie war der Zeit um Jahre voraus.<\/em>\u201c[\/vc_column_text][vc_row_inner][vc_column_inner width=&#8220;1\/2&#8243;][vc_single_image image=&#8220;31189&#8243; img_size=&#8220;full&#8220;][\/vc_column_inner][vc_column_inner width=&#8220;1\/2&#8243;][vc_single_image image=&#8220;31191&#8243; img_size=&#8220;full&#8220;][\/vc_column_inner][\/vc_row_inner][vc_column_text]Am <strong>26. Juli 2019<\/strong> bringen <span style=\"font-family: 'arial black', sans-serif;\"><strong>UCM.ONE<\/strong><\/span> und <strong>moviemax<\/strong> mit \u201e<strong>Die Tote von Beverly Hills<\/strong>\u201c ein St\u00fcck deutscher Kinogeschichte in digital hochwertig restaurierter HD Version als DVD und VOD in den Handel. Der Film wurde 1964 als offizieller deutscher Beitrag nach <strong>Cannes<\/strong> eingeladen und gewann 1965 den <strong>Bambi<\/strong> als \u201e<strong>k\u00fcnstlerisch wertvollster Film<\/strong>\u201c. Eine Produktion, die ohne viel Geld entstand. Das Kino-Deb\u00fct von Deutschlands gr\u00f6\u00dften Show-Regisseur Michael Pfleghar (\u201eLieben Sie Show\u201c, \u201eW\u00fcnsch Dir was\u201c, \u201eKlimbim\u201c, \u201eZwei himmlische T\u00f6chter\u201c u.a.).[\/vc_column_text][vc_column_text]Die Geschichte stammt aus einer Novelle des damaligen Meister der Kom\u00f6die <strong>Curt Goetz<\/strong>. Gedreht wurde mit einem Budget von 1,2 Millionen DM im Oktober und November 1963 in Beverly Hills, teilweise versteckt, ohne Drehgenehmigungen. Der Legende nach besa\u00df der damals 29-j\u00e4hrige Produzent <strong>Hansj\u00fcrgen Pohland<\/strong> nur ein Empfehlungsschreiben des damaligen Regierenden Berliner B\u00fcrgermeisters <strong>Willy Brandt<\/strong>. Heidelinde Weis schreibt in ihren Erinnerungen zur DVD, dass sie durch Beverly Hills \u201emit Riesenautos ohne F\u00fchrerschein\u201c fuhr.[\/vc_column_text][vc_row_inner][vc_column_inner width=&#8220;1\/2&#8243;][vc_single_image image=&#8220;31195&#8243; img_size=&#8220;full&#8220;][\/vc_column_inner][vc_column_inner width=&#8220;1\/2&#8243;][vc_single_image image=&#8220;31197&#8243; img_size=&#8220;full&#8220;][\/vc_column_inner][\/vc_row_inner][vc_column_text]\u201e<strong>Die Tote von Beverly Hills\u201c<\/strong> spielt mit allen Facetten des Kinos. Mit Klischees, mit der Logik und surrealen Tr\u00e4umen. Mal in Farbe, mal in Cinemascope, mal in Schwarz-Wei\u00df. Das M\u00e4nnerbild der Zeit wurde auf den Kopf gestellt. Etwas d\u00fcmmliche Kerle mit \u201eirrem Blick\u201c, die von einer selbstbewussten jungen Frau willenlos unter Kontrolle gebracht werden.[\/vc_column_text][vc_row_inner][vc_column_inner][vc_single_image image=&#8220;31193&#8243; img_size=&#8220;full&#8220;][\/vc_column_inner][\/vc_row_inner][vc_column_text]<span style=\"font-size: 18pt;\">Inhalt des Films<\/span><\/p>\n<p>Ein Mann namens C.G. (Klausj\u00fcrgen Wussow) findet in den W\u00e4ldern von Beverly Hills die nackte Leiche der 17-j\u00e4hrigen Lu (Heidelinde Weis). Aus ihrem Tagebuch geht hervor, dass sie keineswegs eine junge Unschuld war, sondern eine ausgemachte Nymphomanin. Das Werk ist eine Aufzeichnung erotischer Abenteuer. Unter ihren Geliebten befanden sich ein Operns\u00e4nger, ein reicher Maler, ein Untersuchungsrichter, ein Messdiener und ein emigrierter tschechischer Altertumsforscher. Aber findet sich dort auch der Name des M\u00f6rders? Der Detektiv Ben (Wolfgang Neuss) folgt allen Spuren. Diese f\u00fchren ihn schlie\u00dflich nach Las Vegas, wo jeden Abend die Tiddy Sisters auf der B\u00fchne stehen&#8230;[\/vc_column_text][vc_row_inner][vc_column_inner width=&#8220;1\/2&#8243;][vc_single_image image=&#8220;31226&#8243; img_size=&#8220;full&#8220;][\/vc_column_inner][vc_column_inner width=&#8220;1\/2&#8243;][vc_single_image image=&#8220;31206&#8243; img_size=&#8220;full&#8220;][\/vc_column_inner][\/vc_row_inner][vc_column_text]<span style=\"font-size: 18pt;\">Pressestimmen<\/span><\/p>\n<p><strong>Der Spiegel (1964):\u00a0<\/strong><em>&#8222;Auf dem Hollywood-Boulevard von Beverly Hills stauten sich die Automobile: In der Mitte einer Kreuzung stand ein grobgezimmerter, schwarzer Sarg. Pl\u00f6tzlich hob sich der Sargdeckel, eine schmale, wei\u00dfe Hand kam hervor und winkte &#8211; am Stra\u00dfenrand begann eine Kamera zu surren. Als die Aufnahme beendet, der Sarg von der Kreuzung getragen und der Verkehr wieder flott war, trat ein Passant an die Filmleute heran: &#8222;Seid ihr Kommunisten?\u201c<\/em><\/p>\n<p><strong>Thorsten Kr\u00e4mer<\/strong> in \u201e<strong>Verf\u00fchrer im System!<\/strong>\u201c <em>nennt den Film \u201eeinen der seltsamsten Star-Vehikel, das der deutsche Film je gesehen hat, indem sich ausgerechnet die Kessler Zwillinge als grausame M\u00f6rderinnen entpuppen.&#8220;\u00a0<\/em><\/p>\n<p><strong>Ekkehard Knarrer (Jumpcut Magazin):\u00a0<\/strong><em>&#8222;Zur Freude am Spiel mit der Vorlage kommt die Lust an der Aufl\u00f6sung aller Sinnstrukturen. Logik steht w\u00e4hrend der Ermittlungen in dem Kriminalfall, um den es sich recht eigentlich handelt, nie zur Debatte (die M\u00f6rderinnen sind, wie kaum anders zu erwarten: die Kessler-Zwillinge). Figuren werden aus dem Hut gezaubert und wieder zur\u00fcck. Abstruse Einf\u00e4lle und k\u00f6stliche, mitunter auch einfach durch und durch bescheuerte Dialogzeilen wechseln sich ab, ein H\u00f6hepunkt ist die Hochzeit der Heldin mit einem Arch\u00e4ologen, der seine Liebe in typisch Zuckerscher (Nackte Kanone) Steigerungslogik zuletzt als Fahrer eines Riesenbaggers beweist: \u201cRudolf gr\u00e4bt alles f\u00fcr mich aus.\u201c<\/em>[\/vc_column_text][vc_column_text]<i>\u201eDie Furcht vor dem Tode ist unvern\u00fcnftig, denn solange wir leben, ist er noch nicht da, und wenn er endlich kommt, sind wir schon weg.\u201d\u00a0<\/i>so\u00a0<strong>Curt Goetz<\/strong>, Spiritus rector des deutschen Vorkriegshumors. Und er hat in seinem Leben viel geschrieben, so auch den erotischen Roman \u201c<b>Die Tote von Beverly Hills<\/b>, den Michael Pfleghar 1964 verfilmte.[\/vc_column_text][\/vc_column][vc_column width=&#8220;1\/4&#8243; css=&#8220;.vc_custom_1561379511981{margin-top: 10px !important;margin-bottom: 30px !important;background-color: #efefef !important;}&#8220;][vc_single_image image=&#8220;30111&#8243; img_size=&#8220;full&#8220; css=&#8220;.vc_custom_1561330080319{padding-top: 15px !important;}&#8220;][vc_column_text css=&#8220;.vc_custom_1569003334961{margin-top: -10px !important;}&#8220;]<\/p>\n<p id=\"u3084-2\"><strong>Titel: <\/strong>Die Tote von Beverly Hills<\/p>\n<p><strong>Regie:\u00a0<\/strong>Michael Pfleghar<\/p>\n<p><strong>Nach dem Roman von:<\/strong> Curt Goetz<\/p>\n<p><strong>Drehbuch: <\/strong>Peter Laregh, Michael Pfleghar, Hansj\u00fcrgen Pohland<\/p>\n<p><strong>Schauspieler*innen:<\/strong> Heidelinde Weis, Klausj\u00fcrgen Wussow, Horst Frank, Wolfgang Neuss, Alice\u00a0Kessler, Ellen Kessler, Walter Giller, Bruno Dietrich, Ernst Fritz F\u00fcrbringer, Peter Sch\u00fctte, Herbert Wei\u00dfenbach, Walter Giller<\/p>\n<p><strong>Produzent:\u00a0<\/strong>Hans J\u00fcrgen Pohland<\/p>\n<p><strong>Produktion Management:<\/strong> Harald Zimmer<\/p>\n<p><strong>Produktionsassistent:<\/strong> Peter Gen\u00e9e<\/p>\n<p><span lang=\"de\" tabindex=\"0\"><strong>Kamera<\/strong>: Ernst Wild<\/span><\/p>\n<p><strong>Technik:\u00a0<\/strong>J\u00fcrgen J\u00fcrges<\/p>\n<p><strong>Schnitt:\u00a0<\/strong>Margot von Schlieffen<\/p>\n<p><strong>Kost\u00fcme:<\/strong> Helmut Holger<\/p>\n<p><strong>Musik<\/strong>:\u00a0Heinz Kiessling<\/p>\n<p>&nbsp;<\/p>\n<p><strong>Produktion: <\/strong>Modern Art Films<\/p>\n<p><strong>Produktionsjahr:\u00a0<\/strong>1964<\/p>\n<p><strong>Genre:\u00a0<\/strong>Drama, Krimi<\/p>\n<p><strong>Land:<\/strong>\u00a0Deutschland<\/p>\n<p><strong>Sprache<\/strong>: Deutsch<\/p>\n<p><strong>Drehorte:<\/strong> Berlin (Deutschland), Hollywood, Los Angeles, Kalifornien (USA; Las Vegas, Nevada (USA); Los Angeles, Kalifornien (USA); Schwetzingen, Baden-W\u00fcrttemberg (Deutschland)<\/p>\n<p>&nbsp;<\/p>\n<p><strong>L\u00e4nge:\u00a0<\/strong>110 Min<\/p>\n<p><strong>FSK:<\/strong>\u00a012 (bis Mai 2919 FSK: 18)<\/p>\n<p><strong>Seitenverh\u00e4ltnis:\u00a0<\/strong>2,35:1 (Remastered)<\/p>\n<p><strong>Sound Mix<\/strong>: Mono<\/p>\n<p><strong>Aufl\u00f6sung: <\/strong>4K (neue Abtastung 2019)[\/vc_column_text][vc_separator color=&#8220;custom&#8220; accent_color=&#8220;#a0a0a0&#8243;][vc_column_text]<em>Weitere Titel:<\/em><\/p>\n<p><strong>Englisch:\u00a0<\/strong>Dead Woman from Beverly Hills, Lu,\u00a0That Girl from Beverly Hills, The Corpse of Beverly Hills<\/p>\n<p><strong>Franz\u00f6sisch<\/strong>: La morte de Beverly Hills<\/p>\n<p><strong>Spanisch:<\/strong> Crimen en Beverly Hills<\/p>\n<p><strong>Finnisch:<\/strong> Kauniisti kuollut<\/p>\n<p><strong>Griechisch<\/strong>: Eglima sto Hollywood (transliterated ISO-LATIN-1 title)[\/vc_column_text][vc_separator color=&#8220;custom&#8220; accent_color=&#8220;#a0a0a0&#8243;][vc_column_text]<em>Preise:\u00a0<\/em><\/p>\n<p><strong>1964 Cannes Film Festival:<\/strong><\/p>\n<p>Technical Grand Prize -&gt; Michael Pfleghar<\/p>\n<p><strong>1965 Bambi:<\/strong><\/p>\n<p>K\u00fcnstlerisch wertvollster Film -&gt; Die Tote von Beverly Hills<\/p>\n<p><em>Nominierung:<\/em><\/p>\n<p><strong>1964 Cannes Film Festival:<\/strong><\/p>\n<p>Palme d&#8217;Or -&gt; Michael Pfleghar[\/vc_column_text][vc_separator color=&#8220;custom&#8220; accent_color=&#8220;#a0a0a0&#8243;][vc_column_text]<strong>Filmlabel:\u00a0<\/strong>M-Square Classics<\/p>\n<p><strong>Verleih:\u00a0<\/strong><span style=\"font-family: 'arial black', sans-serif;\"><strong>UCM.ONE<\/strong><\/span><\/p>\n<p><strong>Kinostart:<\/strong>\u00a008.04.1964<\/p>\n<p><strong>DVD-Start: <\/strong>26.07.2019<\/p>\n<p><strong>VoD-Start:<\/strong> 26.07.2019[\/vc_column_text][vc_separator color=&#8220;custom&#8220; accent_color=&#8220;#a0a0a0&#8243;][vc_btn title=&#8220;Presse Material&#8220; color=&#8220;white&#8220; align=&#8220;center&#8220; i_icon_fontawesome=&#8220;fa fa-download&#8220; button_block=&#8220;true&#8220; add_icon=&#8220;true&#8220; css=&#8220;.vc_custom_1561402885237{padding-bottom: 15px !important;}&#8220; link=&#8220;url:https%3A%2F%2Fucm.one%2Fpresse%2Fdtvb.zip|title:Die%20Tote%20von%20Beverly%20Hills||rel:nofollow&#8220;][\/vc_column][\/vc_row][vc_row][vc_column][vc_column_text]<span style=\"font-size: 18pt;\">Aufnahme w\u00e4hrend der Restaurierung einer Szene mit den Kessler Zwillingen<\/span>[\/vc_column_text][vc_single_image image=&#8220;31209&#8243; img_size=&#8220;full&#8220;][vc_column_text]<strong>Walter Potganski (moviemax)<\/strong> sagte zu dem Film: <em>&#8222;Pfleghar, der Jahre sp\u00e4ter mit \u201eKlimbim\u201c die Fernsehunterhaltung beleben sollte, inszenierte<\/em>\u00a0<em>die Geschichte um den Mord an dem M\u00e4dchen mit sichtlicher Freude an der Aufl\u00f6sung aller Sinnstrukturen: Die Logik wird durchg\u00e4ngig ausgeklammert, Figuren tauchenurpl\u00f6tzlich auf und verschwinden ebenso schnell wieder, absurde Einf\u00e4lle und aberwitzige Dialoge wechseln sich ab, urdeutsche Schauspieler wie Klausj\u00fcrgen Wussow, Horst Frank oder die Kessler-Zwillinge lustwandeln durch kalifornische Landschaften, womit der Gegensatz zwischen dem Spie\u00dfb\u00fcrgermief der Adenauer-\u00c4ra und dem High-Society-Getue Hollywoods unterstrichen wird. Ein Ereignis ist \u00fcbrigens Heidelinde Weis, die durch die Rolle der m\u00e4nnermordenden Lu zum Kinostar wurde. Um es kurz zu machen: \u201eDie Tote von Beverly Hills\u201c ist wohl der gewagteste deutsche Film der 60er, er ist eine cineastische Preziose, die realistische und surreale Stilmittel virtuos verkn\u00fcpft und so den Geist der Gebr\u00fcder Zucker (Die nackte Kanone) und Helge Schneiders vorwegnahm.&#8220;<\/em>[\/vc_column_text][vc_row_inner][vc_column_inner width=&#8220;1\/3&#8243;][vc_single_image image=&#8220;31216&#8243; img_size=&#8220;full&#8220;][\/vc_column_inner][vc_column_inner width=&#8220;1\/3&#8243;][vc_single_image image=&#8220;31218&#8243; img_size=&#8220;full&#8220;][\/vc_column_inner][vc_column_inner width=&#8220;1\/3&#8243;][vc_single_image image=&#8220;31220&#8243; img_size=&#8220;full&#8220;][\/vc_column_inner][\/vc_row_inner][vc_column_text]<span style=\"font-size: 18pt;\">Erinnerungen an die Dreharbeiten von Heidelinde Weis<\/span><\/p>\n<p><em>&#8222;Geplant war ich nicht f\u00fcr diese m\u00e4nnerfordernde LU.\u00a0Eine Franz\u00f6sin war besetzt, eine sch\u00f6ne junge Frau die leider, kurz vor Beginn der Dreharbeiten gestand, dass sie schon sehr schwanger war. In der Not griff Michael Pfleghar nach mir, zum Entsetzen aller Filmgewaltigen. Ich war weder sch\u00f6n, noch hatte ich einen erkennbar besonderen Reiz auf M\u00e4nner. Ich war nur Schauspielerin. Kein Glitzerstar, nur Schauspielerin. Pfleghar kannte ich. 1962 spielte ich die Olivia in Shakespeares \u201eWas ihr wollt\u201c, unter der Regie von Franz Peter Wirth, wir drehten in der Bavaria. Pfleghar war oft im Studio und sah uns zu. Ich gefiel ihm. Und 1963 holte er mich f\u00fcr seine \u201eKleinste Show der Welt\u201c. Ich spielte, sang und tanzte, gemeinsam mit Wolfgang Reichmann, einen Clown. Es hat mir einen Riesenspa\u00df gemacht, obwohl ich keine Ahnung von Show hatte.<\/em><\/p>\n<p><em>Weit entfernt von LU war das. Weit entfernt von dieser LU, die ich jetzt spielen sollte. Aber Pfleghar glaubte an mich, er besetzte mich gegen alle Widerst\u00e4nde. Ich wusste von dem Risiko, aber die Lust an dem Abenteuer \u201eDie Tote von Beverly Hills\u201c war gewaltig. Es fing auch schon richtig gut an. Der Kameramann \u00a0fand mich schrecklich, er meinte: &#8222;die sieht aus wie eine Feldmaus&#8220;. Von Horst Wendlandt, dem ber\u00fchmten Filmproduzenten, h\u00f6rte man: &#8222;die hat kein Gesicht&#8220;. Er mochte mich \u00fcberhaupt nicht.<\/em><\/p>\n<p><em>In Amerika mussten wir die erste Zeit heimlich arbeiten, wir hatten keine Drehgenehmigung. Ich musste diese Riesenautos fahren, hatte aber keinen F\u00fchrerschein. Endlos weiter k\u00f6nnte ich erz\u00e4hlen. Nur unser Team war eine Einheit, unglaublich! Jeder ging f\u00fcr jeden durchs Feuer, Helmut Holger schuf Wunder mit mir. Anni F\u00fcrk\u00f6tter, eine begnadete Maskenbildnerin, alle haben mir Vertrauen gegeben. Und der neue Kameramann, mein geliebter Freund Ernst Wild, sah mich so wie Michael Pfleghar.<\/em><\/p>\n<p><em>Der Film wurde geteilt aufgenommen, zum Teil in den Himmel gehoben, zum Teil zerfetzt. Die Regie war der Zeit um Jahre voraus. Heute wei\u00df man das. Erst als \u201eLa muerta de Beverly Hills\u201c in Acapulco einen Preis bekam und nach Cannes eingeladen wurde, war man gn\u00e4diger und ich war pl\u00f6tzlich der neue deutsche Vamp. Was nat\u00fcrlich noch gr\u00f6\u00dferer Unsinn war. Die LU war ein Gl\u00fccksfall, eine wunderbare Rolle und nur in dieser Konstellation konnte ich die Aufgabe erf\u00fcllen.<\/em><\/p>\n<p><em>Wie traurig ist es, dass wir heute nicht mehr die Zeit, ja die Zeit und Hingabe haben, um mit Sorgfalt und Liebe ein Talent zu f\u00f6rdern. Uns fehlt der gro\u00dfe Atem, den wir hatten in den 60ziger Jahren.&#8220;\u00a0 \u00a0\u00a0<\/em>[\/vc_column_text][\/vc_column][\/vc_row][vc_row][vc_column][vc_column_text]<span style=\"font-size: 18pt;\">Trailer (Remastered)<\/span>[\/vc_column_text][vc_video link=&#8220;https:\/\/youtu.be\/lTC0cUZeoss&#8220; css=&#8220;.vc_custom_1561332698725{margin-top: -10px !important;}&#8220;][\/vc_column][\/vc_row][vc_row][vc_column][vc_column_text]<span style=\"font-size: 18pt;\">Filmfakten<\/span><\/p>\n<p>BRD 1964 | R: Michael Pfleghar | B: Michael Pfleghar, Hansj\u00fcrgen Pohland, Peter Laregh, nach der Novelle von Curt Goetz | K: Ernst Wild | M: Heinz Kiessling | L\u00e4nge\u00a0Hauptfilm 110 min[\/vc_column_text][\/vc_column][\/vc_row][vc_row][vc_column][vc_column_text]<span style=\"font-size: 18pt;\">SWR Archiv<\/span><\/p>\n<p>Bericht \u00fcber die Aussenaufnahmen in Schwetzingen vom Film &#8222;<strong>Die Tote von Beverly Hills<\/strong>&#8222;: <a title=\"\" href=\"https:\/\/www.ardmediathek.de\/swr\/player\/Y3JpZDovL3N3ci5kZS9hZXgvbzExNzM0MTY\/?fbclid=IwAR3LlRk0OpypPiZFbNyS_JgF4Z3dy2bqHOp9kIN_X6wa44kcwN5ZtwaMFIs\" target=\"_blank\" rel=\"noopener noreferrer\">SWR Abendschau vom 03.10.1963<\/a>[\/vc_column_text][\/vc_column][\/vc_row][vc_row][vc_column][vc_column_text]<span style=\"font-size: 18pt;\">Ausstattung und technische Daten<\/span><\/p>\n<p><strong>Blu-Ray<\/strong> | Film in der Original Kinofassung | Tonformat: 2.0 Dolby Stereo | Bildformat:\u00a02,35:1 (16:9) anamorph (remastered), geeignet f\u00fcr alle Bildschirmgr\u00f6ssen | Laufzeit des Films: 115 Min. | Bonusmaterialien: Booklet, Original Programmheft als Reprint, Bildergalerie, Filmausschnitte im Split Screen (vor und nach der Restaurierung),\u00a0Trailer, Interview mit Heidelinde Weis, barrierefreie Filmfassung (Audiodeskription und Untertitel f\u00fcr H\u00f6rgesch\u00e4digte) | FSK 12<\/p>\n<p><strong>Limitierte DVD (im Schuber)<\/strong> | Film in der Original Kinofassung | Tonformat: 2.0 Dolby Stereo | Bildformat:\u00a02,35:1 (16:9) anamorph (remastered), geeignet f\u00fcr alle Bildschirmgr\u00f6ssen | Laufzeit des Films: 110 Min., Gesamtlaufzeit der DVD 1:43:49\u00a0| Bonusmaterialien: Booklet, Original Programmheft als Reprint, Bildergalerie, Filmausschnitte im Split Screen (vor und nach der Restaurierung),\u00a0Trailer, Interview mit Heidelinde Weis, barrierefreie Filmfassung (Audiodeskription und Untertitel f\u00fcr H\u00f6rgesch\u00e4digte) | FSK 12<\/p>\n<p><strong>DVD<\/strong> | Film in der Original Kinofassung | Tonformat: 2.0 Dolby Stereo | Bildformat:\u00a02,35:1 (16:9) anamorph (remastered), geeignet f\u00fcr alle Bildschirmgr\u00f6ssen | Laufzeit des Films: 110 Min. | Bonusmaterialien: Booklet, Original Programmheft als Reprint, Bildergalerie, Filmausschnitte im Split Screen (vor und nach der Restaurierung),\u00a0Trailer, Interview mit Heidelinde Weis, barrierefreie Filmfassung (Audiodeskription und Untertitel f\u00fcr H\u00f6rgesch\u00e4digte) | FSK 12[\/vc_column_text][vc_empty_space height=&#8220;15px&#8220;][\/vc_column][\/vc_row][vc_row][vc_column width=&#8220;1\/4&#8243;][vc_btn title=&#8220;Amazon&#8220; style=&#8220;flat&#8220; color=&#8220;orange&#8220; size=&#8220;sm&#8220; align=&#8220;center&#8220; i_icon_fontawesome=&#8220;fa fa-amazon&#8220; button_block=&#8220;true&#8220; add_icon=&#8220;true&#8220; link=&#8220;url:https%3A%2F%2Fwww.amazon.de%2FDie-Tote-von-Beverly-Hills%2Fdp%2FB07T4MV75S%2Fref%3Dsr_1_1%3F__mk_de_DE%3D%C3%85M%C3%85%C5%BD%C3%95%C3%91%26keywords%3Ddie%2Btote%2Bvon%2Bbeverly%2Bhills%26qid%3D1564934414%26s%3Dgateway%26sr%3D8-1|title:Amazon|target:%20_blank|&#8220;][\/vc_column][vc_column width=&#8220;1\/4&#8243;][vc_btn title=&#8220;Shop&#8220; style=&#8220;flat&#8220; color=&#8220;juicy-pink&#8220; size=&#8220;sm&#8220; align=&#8220;center&#8220; i_icon_fontawesome=&#8220;fas fa-shopping-cart&#8220; button_block=&#8220;true&#8220; add_icon=&#8220;true&#8220; link=&#8220;url:https%3A%2F%2Fucm.one%2Fde%2Fprodukt%2Fdie-tote-von-beverly-hills%2F|title:Shop&#8220;][\/vc_column][vc_column width=&#8220;1\/4&#8243;][vc_btn title=&#8220;Apple TV&#8220; style=&#8220;flat&#8220; color=&#8220;sky&#8220; size=&#8220;sm&#8220; align=&#8220;center&#8220; i_icon_fontawesome=&#8220;fa fa-apple&#8220; button_block=&#8220;true&#8220; add_icon=&#8220;true&#8220; link=&#8220;url:https%3A%2F%2Fitunes.apple.com%2Fde%2Fmovie%2Fdie-tote-von-beverly-hills%2Fid1471547333|title:Apple|target:%20_blank|&#8220;][\/vc_column][vc_column width=&#8220;1\/4&#8243;][vc_btn title=&#8220;Wer Streamt?&#8220; style=&#8220;flat&#8220; color=&#8220;blue&#8220; size=&#8220;sm&#8220; align=&#8220;center&#8220; i_icon_fontawesome=&#8220;fa fa-external-link&#8220; button_block=&#8220;true&#8220; add_icon=&#8220;true&#8220; link=&#8220;url:https%3A%2F%2Fwww.werstreamt.es%2Ffilm%2Fdetails%2F12181%2Fdie-tote-von-beverly-hills%2F|title:Wer%20Streamt|target:%20_blank|&#8220;][\/vc_column][\/vc_row][vc_row][vc_column][vc_empty_space height=&#8220;15px&#8220;][vc_separator][vc_column_text]<\/p>\n<h2>Neuigkeiten<\/h2>\n<p>[\/vc_column_text]<style type=\"text\/css\" data-type=\"the7_shortcodes-inline-css\">.blog-shortcode.blog-masonry-shortcode-id-51805e65a3beda031c51c7781d0713e6.dividers-on.classic-layout-list article {\n  padding-top: 0;\n}\n.blog-shortcode.blog-masonry-shortcode-id-51805e65a3beda031c51c7781d0713e6.dividers-on.classic-layout-list article:first-of-type {\n  margin-top: 0;\n  padding-top: 0;\n}\n.blog-shortcode.blog-masonry-shortcode-id-51805e65a3beda031c51c7781d0713e6.classic-layout-list.mode-list .post-entry-content {\n  width: calc(100% - );\n}\n.blog-shortcode.blog-masonry-shortcode-id-51805e65a3beda031c51c7781d0713e6.classic-layout-list.mode-list .no-img .post-entry-content {\n  width: 100%;\n}\n.blog-shortcode.blog-masonry-shortcode-id-51805e65a3beda031c51c7781d0713e6 .filter-bg-decoration .filter-categories a.act {\n  color: #fff;\n}\n.blog-shortcode.blog-masonry-shortcode-id-51805e65a3beda031c51c7781d0713e6:not(.mode-masonry) article:first-of-type,\n.blog-shortcode.blog-masonry-shortcode-id-51805e65a3beda031c51c7781d0713e6:not(.mode-masonry) article.visible.first:not(.product) {\n  margin-top: 0;\n}\n.blog-shortcode.blog-masonry-shortcode-id-51805e65a3beda031c51c7781d0713e6.dividers-on:not(.mode-masonry) article {\n  margin-top: 0;\n}\n.blog-shortcode.blog-masonry-shortcode-id-51805e65a3beda031c51c7781d0713e6.dividers-on:not(.mode-masonry) article:first-of-type,\n.blog-shortcode.blog-masonry-shortcode-id-51805e65a3beda031c51c7781d0713e6.dividers-on:not(.mode-masonry) article.visible.first:not(.product) {\n  margin-top: 0;\n  padding-top: 0;\n}\n.blog-shortcode.blog-masonry-shortcode-id-51805e65a3beda031c51c7781d0713e6 .post-thumbnail-wrap {\n  padding: 0px 0px 0px 0px;\n}\n.blog-shortcode.blog-masonry-shortcode-id-51805e65a3beda031c51c7781d0713e6.enable-bg-rollover .post-thumbnail-rollover:after {\n  background: -webkit-linear-gradient();\n  background: linear-gradient();\n}\n.blog-shortcode.blog-masonry-shortcode-id-51805e65a3beda031c51c7781d0713e6 .gallery-zoom-ico {\n  width: 44px;\n  height: 44px;\n  line-height: 44px;\n  border-radius: 100px;\n  margin: -22px 0 0 -22px;\n  border-width: 0px;\n  color: #ffffff;\n}\n.bottom-overlap-layout-list.blog-shortcode.blog-masonry-shortcode-id-51805e65a3beda031c51c7781d0713e6 .gallery-zoom-ico {\n  margin-top: -72px;\n}\n.gradient-overlay-layout-list.blog-shortcode.blog-masonry-shortcode-id-51805e65a3beda031c51c7781d0713e6 .gallery-zoom-ico,\n.content-rollover-layout-list.blog-shortcode.blog-masonry-shortcode-id-51805e65a3beda031c51c7781d0713e6 .gallery-zoom-ico {\n  margin: 0 0 10px;\n}\n.content-align-center.gradient-overlay-layout-list.blog-shortcode.blog-masonry-shortcode-id-51805e65a3beda031c51c7781d0713e6 .gallery-zoom-ico,\n.content-align-center.content-rollover-layout-list.blog-shortcode.blog-masonry-shortcode-id-51805e65a3beda031c51c7781d0713e6 .gallery-zoom-ico {\n  margin: 0 auto 10px;\n}\n.dt-icon-bg-on.blog-shortcode.blog-masonry-shortcode-id-51805e65a3beda031c51c7781d0713e6 .gallery-zoom-ico {\n  background: rgba(255,255,255,0.3);\n  box-shadow: none;\n}\n.blog-shortcode.blog-masonry-shortcode-id-51805e65a3beda031c51c7781d0713e6 .gallery-zoom-ico > span,\n.blog-shortcode.blog-masonry-shortcode-id-51805e65a3beda031c51c7781d0713e6 .gallery-zoom-ico:before {\n  font-size: 32px;\n  line-height: 44px;\n}\n.blog-shortcode.blog-masonry-shortcode-id-51805e65a3beda031c51c7781d0713e6 .gallery-zoom-ico > span,\n.blog-shortcode.blog-masonry-shortcode-id-51805e65a3beda031c51c7781d0713e6 .gallery-zoom-ico:before {\n  color: #ffffff;\n}\n.blog-shortcode.blog-masonry-shortcode-id-51805e65a3beda031c51c7781d0713e6 .entry-title,\n.blog-shortcode.blog-masonry-shortcode-id-51805e65a3beda031c51c7781d0713e6.owl-carousel .entry-title {\n  margin-bottom: 5px;\n  font-weight: bold;\n}\n.blog-shortcode.blog-masonry-shortcode-id-51805e65a3beda031c51c7781d0713e6 .entry-meta {\n  margin-bottom: 15px;\n}\n.blog-shortcode.blog-masonry-shortcode-id-51805e65a3beda031c51c7781d0713e6 .portfolio-categories {\n  margin-bottom: 15px;\n}\n.blog-shortcode.blog-masonry-shortcode-id-51805e65a3beda031c51c7781d0713e6 .entry-excerpt {\n  margin-bottom: 5px;\n}\n.blog-shortcode.blog-masonry-shortcode-id-51805e65a3beda031c51c7781d0713e6:not(.centered-layout-list) .post-entry-content {\n  padding: 25px 30px 30px 30px;\n}\n.blog-shortcode.blog-masonry-shortcode-id-51805e65a3beda031c51c7781d0713e6:not(.centered-layout-list):not(.content-bg-on):not(.mode-list) .no-img .post-entry-content {\n  padding: 0;\n}\n@media screen and (max-width: ) {\n  .blog-shortcode.blog-masonry-shortcode-id-51805e65a3beda031c51c7781d0713e6 article {\n    -ms-flex-flow: column nowrap;\n    flex-flow: column nowrap;\n    margin-top: 20px;\n  }\n  .blog-shortcode.blog-masonry-shortcode-id-51805e65a3beda031c51c7781d0713e6.dividers-on article {\n    border: none;\n  }\n  .blog-shortcode.blog-masonry-shortcode-id-51805e65a3beda031c51c7781d0713e6.content-bg-on.centered-layout-list article {\n    padding: 0;\n  }\n  .blog-shortcode.blog-masonry-shortcode-id-51805e65a3beda031c51c7781d0713e6.blog-shortcode.dividers-on article,\n  .blog-shortcode.blog-masonry-shortcode-id-51805e65a3beda031c51c7781d0713e6.dividers-on.classic-layout-list article {\n    margin-top: 20px;\n    padding: 0;\n  }\n  .blog-shortcode.blog-masonry-shortcode-id-51805e65a3beda031c51c7781d0713e6.blog-shortcode.dividers-on article:first-of-type,\n  .blog-shortcode.blog-masonry-shortcode-id-51805e65a3beda031c51c7781d0713e6.dividers-on.classic-layout-list article:first-of-type {\n    padding: 0;\n  }\n  #page .blog-shortcode.blog-masonry-shortcode-id-51805e65a3beda031c51c7781d0713e6 .post-thumbnail-wrap,\n  #page .blog-shortcode.blog-masonry-shortcode-id-51805e65a3beda031c51c7781d0713e6 .post-entry-content {\n    width: 100%;\n    margin: 0;\n    top: 0;\n  }\n  #page .blog-shortcode.blog-masonry-shortcode-id-51805e65a3beda031c51c7781d0713e6 .post-thumbnail-wrap {\n    padding: 0;\n  }\n  #page .blog-shortcode.blog-masonry-shortcode-id-51805e65a3beda031c51c7781d0713e6 .post-entry-content:after {\n    display: none;\n  }\n  #page .blog-shortcode.blog-masonry-shortcode-id-51805e65a3beda031c51c7781d0713e6 .project-even .post-thumbnail-wrap,\n  #page .blog-shortcode.blog-masonry-shortcode-id-51805e65a3beda031c51c7781d0713e6.centered-layout-list .post-thumbnail-wrap {\n    -ms-flex-order: 0;\n    order: 0;\n  }\n  #page .blog-shortcode.blog-masonry-shortcode-id-51805e65a3beda031c51c7781d0713e6.centered-layout-list .post-entry-title-content {\n    -ms-flex-order: 1;\n    order: 1;\n    width: 100%;\n    padding: 20px 20px 0;\n  }\n  #page .blog-shortcode.blog-masonry-shortcode-id-51805e65a3beda031c51c7781d0713e6.centered-layout-list .post-entry-content {\n    -ms-flex-order: 2;\n    order: 2;\n    padding-top: 0;\n  }\n  #page .blog-shortcode.blog-masonry-shortcode-id-51805e65a3beda031c51c7781d0713e6 .fancy-categories {\n    top: 10px;\n    left: 10px;\n    bottom: auto;\n    right: auto;\n  }\n  #page .blog-shortcode.blog-masonry-shortcode-id-51805e65a3beda031c51c7781d0713e6 .fancy-date a {\n    top: 10px;\n    right: 10px;\n    left: auto;\n    bottom: auto;\n  }\n  #page .blog-shortcode.blog-masonry-shortcode-id-51805e65a3beda031c51c7781d0713e6 .post-entry-content {\n    padding: 20px;\n  }\n  #page .blog-shortcode.blog-masonry-shortcode-id-51805e65a3beda031c51c7781d0713e6 .entry-title {\n    margin: 3px 0 5px;\n    font-size: 20px;\n    line-height: 26px;\n  }\n  #page .blog-shortcode.blog-masonry-shortcode-id-51805e65a3beda031c51c7781d0713e6 .entry-meta {\n    margin: 5px 0 5px;\n  }\n  #page .blog-shortcode.blog-masonry-shortcode-id-51805e65a3beda031c51c7781d0713e6 .entry-excerpt {\n    margin: 15px 0 0;\n  }\n  #page .blog-shortcode.blog-masonry-shortcode-id-51805e65a3beda031c51c7781d0713e6 .post-details {\n    margin: 5px 0 10px;\n  }\n  #page .blog-shortcode.blog-masonry-shortcode-id-51805e65a3beda031c51c7781d0713e6 .post-details.details-type-link {\n    margin-bottom: 2px;\n  }\n}\n.blog-shortcode.blog-masonry-shortcode-id-51805e65a3beda031c51c7781d0713e6:not(.resize-by-browser-width) .dt-css-grid {\n  grid-row-gap: 30px;\n  grid-column-gap: 30px;\n  grid-template-columns: repeat(auto-fill,minmax(,1fr));\n}\n.blog-shortcode.blog-masonry-shortcode-id-51805e65a3beda031c51c7781d0713e6:not(.resize-by-browser-width) .dt-css-grid .double-width {\n  grid-column: span 2;\n}\n.cssgridlegacy.no-cssgrid .blog-shortcode.blog-masonry-shortcode-id-51805e65a3beda031c51c7781d0713e6:not(.resize-by-browser-width) .dt-css-grid,\n.no-cssgridlegacy.no-cssgrid .blog-shortcode.blog-masonry-shortcode-id-51805e65a3beda031c51c7781d0713e6:not(.resize-by-browser-width) .dt-css-grid {\n  display: flex;\n  flex-flow: row wrap;\n  margin: -15px;\n}\n.cssgridlegacy.no-cssgrid .blog-shortcode.blog-masonry-shortcode-id-51805e65a3beda031c51c7781d0713e6:not(.resize-by-browser-width) .dt-css-grid .wf-cell,\n.no-cssgridlegacy.no-cssgrid .blog-shortcode.blog-masonry-shortcode-id-51805e65a3beda031c51c7781d0713e6:not(.resize-by-browser-width) .dt-css-grid .wf-cell {\n  flex: 1 0 ;\n  max-width: 100%;\n  padding: 15px;\n  box-sizing: border-box;\n}\n.blog-shortcode.blog-masonry-shortcode-id-51805e65a3beda031c51c7781d0713e6.resize-by-browser-width .dt-css-grid {\n  grid-template-columns: repeat(2,1fr);\n  grid-template-rows: auto;\n  grid-column-gap: 30px;\n  grid-row-gap: 30px;\n}\n.blog-shortcode.blog-masonry-shortcode-id-51805e65a3beda031c51c7781d0713e6.resize-by-browser-width .dt-css-grid .double-width {\n  grid-column: span 2;\n}\n.cssgridlegacy.no-cssgrid .blog-shortcode.blog-masonry-shortcode-id-51805e65a3beda031c51c7781d0713e6.resize-by-browser-width .dt-css-grid {\n  margin: -15px;\n}\n.cssgridlegacy.no-cssgrid .blog-shortcode.blog-masonry-shortcode-id-51805e65a3beda031c51c7781d0713e6.resize-by-browser-width .dt-css-grid .wf-cell {\n  width: 50%;\n  padding: 15px;\n}\n.cssgridlegacy.no-cssgrid .blog-shortcode.blog-masonry-shortcode-id-51805e65a3beda031c51c7781d0713e6.resize-by-browser-width .dt-css-grid .wf-cell.double-width {\n  width: calc(50%) * 2;\n}\n.blog-shortcode.blog-masonry-shortcode-id-51805e65a3beda031c51c7781d0713e6.resize-by-browser-width:not(.centered-layout-list):not(.content-bg-on) .dt-css-grid {\n  grid-row-gap: 0px;\n}\n@media screen and (max-width: 1199px) {\n  .blog-shortcode.blog-masonry-shortcode-id-51805e65a3beda031c51c7781d0713e6.resize-by-browser-width .dt-css-grid {\n    grid-template-columns: repeat(2,1fr);\n  }\n  .cssgridlegacy.no-cssgrid .blog-shortcode.blog-masonry-shortcode-id-51805e65a3beda031c51c7781d0713e6.resize-by-browser-width .dt-css-grid .wf-cell,\n  .no-cssgridlegacy.no-cssgrid .blog-shortcode.blog-masonry-shortcode-id-51805e65a3beda031c51c7781d0713e6.resize-by-browser-width .dt-css-grid .wf-cell {\n    width: 50%;\n  }\n  .cssgridlegacy.no-cssgrid .blog-shortcode.blog-masonry-shortcode-id-51805e65a3beda031c51c7781d0713e6.resize-by-browser-width .dt-css-grid .wf-cell.double-width,\n  .no-cssgridlegacy.no-cssgrid .blog-shortcode.blog-masonry-shortcode-id-51805e65a3beda031c51c7781d0713e6.resize-by-browser-width .dt-css-grid .wf-cell.double-width {\n    width: calc(50%)*2;\n  }\n}\n@media screen and (max-width: 991px) {\n  .blog-shortcode.blog-masonry-shortcode-id-51805e65a3beda031c51c7781d0713e6.resize-by-browser-width .dt-css-grid {\n    grid-template-columns: repeat(1,1fr);\n  }\n  .cssgridlegacy.no-cssgrid .blog-shortcode.blog-masonry-shortcode-id-51805e65a3beda031c51c7781d0713e6.resize-by-browser-width .dt-css-grid .wf-cell,\n  .no-cssgridlegacy.no-cssgrid .blog-shortcode.blog-masonry-shortcode-id-51805e65a3beda031c51c7781d0713e6.resize-by-browser-width .dt-css-grid .wf-cell {\n    width: 100%;\n  }\n  .cssgridlegacy.no-cssgrid .blog-shortcode.blog-masonry-shortcode-id-51805e65a3beda031c51c7781d0713e6.resize-by-browser-width .dt-css-grid .wf-cell.double-width,\n  .no-cssgridlegacy.no-cssgrid .blog-shortcode.blog-masonry-shortcode-id-51805e65a3beda031c51c7781d0713e6.resize-by-browser-width .dt-css-grid .wf-cell.double-width {\n    width: calc(100%)*2;\n  }\n}\n@media screen and (max-width: 767px) {\n  .blog-shortcode.blog-masonry-shortcode-id-51805e65a3beda031c51c7781d0713e6.resize-by-browser-width .dt-css-grid {\n    grid-template-columns: repeat(1,1fr);\n  }\n  .blog-shortcode.blog-masonry-shortcode-id-51805e65a3beda031c51c7781d0713e6.resize-by-browser-width .dt-css-grid .double-width {\n    grid-column: span 1;\n  }\n  .cssgridlegacy.no-cssgrid .blog-shortcode.blog-masonry-shortcode-id-51805e65a3beda031c51c7781d0713e6.resize-by-browser-width .dt-css-grid .wf-cell,\n  .no-cssgridlegacy.no-cssgrid .blog-shortcode.blog-masonry-shortcode-id-51805e65a3beda031c51c7781d0713e6.resize-by-browser-width .dt-css-grid .wf-cell {\n    width: 100%;\n  }\n  .cssgridlegacy.no-cssgrid .blog-shortcode.blog-masonry-shortcode-id-51805e65a3beda031c51c7781d0713e6.resize-by-browser-width .dt-css-grid .wf-cell.double-width,\n  .no-cssgridlegacy.no-cssgrid .blog-shortcode.blog-masonry-shortcode-id-51805e65a3beda031c51c7781d0713e6.resize-by-browser-width .dt-css-grid .wf-cell.double-width {\n    width: calc(100%)*2;\n  }\n}<\/style><div class=\"blog-shortcode blog-masonry-shortcode-id-51805e65a3beda031c51c7781d0713e6 mode-grid classic-layout-list content-bg-on jquery-filter scale-img dt-css-grid-wrap dt-icon-bg-off resize-by-browser-width loading-effect-none description-under-image \" data-padding=\"15px\" data-cur-page=\"1\" data-post-limit=\"-1\" data-pagination-mode=\"none\" data-desktop-columns-num=\"2\" data-v-tablet-columns-num=\"1\" data-h-tablet-columns-num=\"2\" data-phone-columns-num=\"1\" data-width=\"0px\" data-columns=\"0\"><div class=\"dt-css-grid\" ><div class=\"visible wf-cell\" data-post-id=\"99470\" data-date=\"2023-11-24T00:04:36+00:00\" data-name=\"\ud83c\udfac \u00d6sterreichische Schauspielerin Heidelinde Weis im Alter von 83 Jahren gestorben\"><article class=\"post project-odd visible post-99470 type-post status-publish format-standard has-post-thumbnail hentry category-film category-filmklassiker category-m-square-classics category-m-square-pictures category-news tag-83-jahre tag-der-alte tag-derrick tag-die-frau-in-weiss tag-die-tote-von-beverly-hills tag-heidelinde-weis tag-klaus-maria-brandauer tag-m-square tag-michael-pfleghar tag-schwarzwaldklinik tag-serenade-fuer-zwei-spione tag-todestag category-8 category-7004 category-5849 category-1046 category-13\" data-name=\"\ud83c\udfac \u00d6sterreichische Schauspielerin Heidelinde Weis im Alter von 83 Jahren gestorben\" data-date=\"2023-11-24T00:04:36+00:00\">\n\n<div class=\"post-thumbnail-wrap\">\n\t<div class=\"post-thumbnail\">\n\t\t\n\t\t\n\t\t<a href=\"https:\/\/ucm.one\/de\/oesterreichische-schauspielerin-heidelinde-weis-ist-im-alter-von-83-jahren-gestorben\/\" class=\"post-thumbnail-rollover layzr-bg layzr-bg\" ><img fetchpriority=\"high\" decoding=\"async\" class=\"iso-lazy-load preload-me iso-lazy-load aspect\" src=\"data:image\/svg+xml,%3Csvg%20xmlns%3D&#39;http%3A%2F%2Fwww.w3.org%2F2000%2Fsvg&#39;%20viewBox%3D&#39;0%200%20990%20309&#39;%2F%3E\" data-src=\"https:\/\/ucm.one\/wp-content\/uploads\/2023\/11\/Heidelinde-Weis-Traurbanner-1920x600-1-990x309.jpeg\" data-srcset=\"https:\/\/ucm.one\/wp-content\/uploads\/2023\/11\/Heidelinde-Weis-Traurbanner-1920x600-1-990x309.jpeg 990w, https:\/\/ucm.one\/wp-content\/uploads\/2023\/11\/Heidelinde-Weis-Traurbanner-1920x600-1-1485x464.jpeg 1485w\" loading=\"eager\" style=\"--ratio: 990 \/ 309\" sizes=\"(max-width: 990px) 100vw, 990px\" alt=\"\" title=\"Heidelinde Weis Traurbanner 1920&#215;600\" width=\"990\" height=\"309\"  \/><\/a>\t<\/div>\n<\/div>\n\n\n<div class=\"post-entry-content\">\n\n\t<h3 class=\"entry-title\">\n\t\t<a href=\"https:\/\/ucm.one\/de\/oesterreichische-schauspielerin-heidelinde-weis-ist-im-alter-von-83-jahren-gestorben\/\" title=\"\ud83c\udfac \u00d6sterreichische Schauspielerin Heidelinde Weis im Alter von 83 Jahren gestorben\" rel=\"bookmark\">\ud83c\udfac \u00d6sterreichische Schauspielerin Heidelinde Weis im Alter von 83 Jahren gestorben<\/a>\n\t<\/h3>\n\n\t<div class=\"entry-meta\"><span class=\"category-link\"><a href=\"https:\/\/ucm.one\/de\/category\/news\/film\/\" >Film<\/a>, <a href=\"https:\/\/ucm.one\/de\/category\/news\/filmklassiker\/\" >Filmklassiker<\/a>, <a href=\"https:\/\/ucm.one\/de\/category\/news\/film\/m-square-pictures\/m-square-classics\/\" >M-Square Classics<\/a>, <a href=\"https:\/\/ucm.one\/de\/category\/news\/film\/m-square-pictures\/\" >M-Square Pictures<\/a>, <a href=\"https:\/\/ucm.one\/de\/category\/news\/\" >News<\/a><\/span><a class=\"author vcard\" href=\"\" title=\"Zeige alle Beitr\u00e4ge von Joachim Keil\" rel=\"author\">Von <span class=\"fn\">Joachim Keil<\/span><\/a><a href=\"https:\/\/ucm.one\/de\/2023\/11\/24\/\" title=\"00:04\" class=\"data-link\" rel=\"bookmark\"><time class=\"entry-date updated\" datetime=\"2023-11-24T00:04:36+00:00\">24. November 2023<\/time><\/a><\/div>\n\t<div class=\"entry-excerpt\"><p>[vc_row][vc_column][vc_column_text]Die bekannte \u00f6sterreichische Schauspielerin Heidelinde Weis ist leider im Alter von 83 Jahren verstorben. Sie erlangte vor allem durch ihre Rollen in Fernsehproduktionen wie &#8222;Derrick&#8222;, &#8222;Der Alte&#8222;, &#8222;Traumschiff&#8220; und &#8222;Schwarzwaldklinik&#8220; gro\u00dfe Bekanntheit. Jedoch lag ihre wahre Leidenschaft im Theaterschauspiel. Weis trat auf renommierten B\u00fchnen in St\u00e4dten wie Berlin, Hamburg, D\u00fcsseldorf und M\u00fcnchen auf und war&hellip;<\/p>\n<\/div>\n\t\n<a href=\"https:\/\/ucm.one\/de\/oesterreichische-schauspielerin-heidelinde-weis-ist-im-alter-von-83-jahren-gestorben\/\" class=\"post-details details-type-link\" aria-label=\"Read more about \ud83c\udfac \u00d6sterreichische Schauspielerin Heidelinde Weis im Alter von 83 Jahren gestorben\">Mehr lesen<i class=\"dt-icon-the7-arrow-03\" aria-hidden=\"true\"><\/i><\/a>\n\n<\/div><\/article><\/div><div class=\"visible wf-cell\" data-post-id=\"45619\" data-date=\"2020-10-16T08:10:11+00:00\" data-name=\"\u201eSerenade f\u00fcr zwei Spione\u201c von Michael Pfleghar (M-Square Classics) ab heute auf DVD erh\u00e4ltlich\"><article class=\"post project-odd visible post-45619 type-post status-publish format-standard has-post-thumbnail hentry category-film category-filmklassiker category-m-square-classics category-m-square-pictures category-news tag-annie-giss tag-barbara-lass tag-die-tote-von-beverly-hills tag-filmklassiker tag-hansjuergen-pohland tag-heidelinde-weis tag-hellmut-lange tag-m-square tag-m-square-classics tag-michael-pfleghar tag-mimmo-palmara tag-serenade-fuer-zwei-spione tag-tony-kendall tag-wolfgang-neuss category-8 category-7004 category-5849 category-1046 category-13\" data-name=\"\u201eSerenade f\u00fcr zwei Spione\u201c von Michael Pfleghar (M-Square Classics) ab heute auf DVD erh\u00e4ltlich\" data-date=\"2020-10-16T08:10:11+00:00\">\n\n<div class=\"post-thumbnail-wrap\">\n\t<div class=\"post-thumbnail\">\n\t\t\n\t\t\n\t\t<a href=\"https:\/\/ucm.one\/de\/serenade-fuer-zwei-spione-von-michael-pfleghar-m-square-classics-ab-heute-auf-dvd-erhaeltlich\/\" class=\"post-thumbnail-rollover layzr-bg layzr-bg\" ><img decoding=\"async\" class=\"iso-lazy-load preload-me iso-lazy-load aspect\" src=\"data:image\/svg+xml,%3Csvg%20xmlns%3D&#39;http%3A%2F%2Fwww.w3.org%2F2000%2Fsvg&#39;%20viewBox%3D&#39;0%200%20990%20309&#39;%2F%3E\" data-src=\"https:\/\/ucm.one\/wp-content\/uploads\/2020\/09\/SerenadeBanner2-1-990x309.png\" data-srcset=\"https:\/\/ucm.one\/wp-content\/uploads\/2020\/09\/SerenadeBanner2-1-990x309.png 990w, https:\/\/ucm.one\/wp-content\/uploads\/2020\/09\/SerenadeBanner2-1-1485x464.png 1485w\" loading=\"eager\" style=\"--ratio: 990 \/ 309\" sizes=\"(max-width: 990px) 100vw, 990px\" alt=\"\" title=\"SerenadeBanner2\" width=\"990\" height=\"309\"  \/><\/a>\t<\/div>\n<\/div>\n\n\n<div class=\"post-entry-content\">\n\n\t<h3 class=\"entry-title\">\n\t\t<a href=\"https:\/\/ucm.one\/de\/serenade-fuer-zwei-spione-von-michael-pfleghar-m-square-classics-ab-heute-auf-dvd-erhaeltlich\/\" title=\"\u201eSerenade f\u00fcr zwei Spione\u201c von Michael Pfleghar (M-Square Classics) ab heute auf DVD erh\u00e4ltlich\" rel=\"bookmark\">\u201eSerenade f\u00fcr zwei Spione\u201c von Michael Pfleghar (M-Square Classics) ab heute auf DVD erh\u00e4ltlich<\/a>\n\t<\/h3>\n\n\t<div class=\"entry-meta\"><span class=\"category-link\"><a href=\"https:\/\/ucm.one\/de\/category\/news\/film\/\" >Film<\/a>, <a href=\"https:\/\/ucm.one\/de\/category\/news\/filmklassiker\/\" >Filmklassiker<\/a>, <a href=\"https:\/\/ucm.one\/de\/category\/news\/film\/m-square-pictures\/m-square-classics\/\" >M-Square Classics<\/a>, <a href=\"https:\/\/ucm.one\/de\/category\/news\/film\/m-square-pictures\/\" >M-Square Pictures<\/a>, <a href=\"https:\/\/ucm.one\/de\/category\/news\/\" >News<\/a><\/span><a class=\"author vcard\" href=\"\" title=\"Zeige alle Beitr\u00e4ge von Joachim Keil\" rel=\"author\">Von <span class=\"fn\">Joachim Keil<\/span><\/a><a href=\"https:\/\/ucm.one\/de\/2020\/10\/16\/\" title=\"08:10\" class=\"data-link\" rel=\"bookmark\"><time class=\"entry-date updated\" datetime=\"2020-10-16T08:10:11+00:00\">16. Oktober 2020<\/time><\/a><\/div>\n\t<div class=\"entry-excerpt\"><p>[vc_row][vc_column width=&#8220;3\/4&#8243;][vc_column_text]Nach \u201eDie Tote von Beverly Hills\u201c bringen\u00a0UCM.ONE und moviemax den\u00a0zweiten Film \u201cSerenade f\u00fcr zwei Spione\u201d von Deutschlands gr\u00f6\u00dften Show-Regisseur Michael Pfleghar (\u201eLieben Sie Show\u201c, \u201eW\u00fcnsch Dir was\u201c, \u201eKlimbim\u201c, \u201eZwei himmlische T\u00f6chter\u201c u.a.) in digital hochwertig restaurierter HD-Version als DVD in den Handel.\u00a0\u201cSerenade f\u00fcr zwei Spione\u201d ist ungefilterte Liebe zum \u00fcberlebensgro\u00dfen Kino-Eskapismus, wie ihn das&hellip;<\/p>\n<\/div>\n\t\n<a href=\"https:\/\/ucm.one\/de\/serenade-fuer-zwei-spione-von-michael-pfleghar-m-square-classics-ab-heute-auf-dvd-erhaeltlich\/\" class=\"post-details details-type-link\" aria-label=\"Read more about \u201eSerenade f\u00fcr zwei Spione\u201c von Michael Pfleghar (M-Square Classics) ab heute auf DVD erh\u00e4ltlich\">Mehr lesen<i class=\"dt-icon-the7-arrow-03\" aria-hidden=\"true\"><\/i><\/a>\n\n<\/div><\/article><\/div><div class=\"visible wf-cell\" data-post-id=\"44780\" data-date=\"2020-09-17T07:08:58+00:00\" data-name=\"Heidelinde Weis feiert ihren 80. Geburtstag!\"><article class=\"post project-odd visible post-44780 type-post status-publish format-standard has-post-thumbnail hentry category-film category-filmklassiker category-m-square-classics category-m-square-pictures category-news tag-80-geburtstag tag-das-traumschiff tag-der-alte tag-derrick tag-die-frau-in-weiss tag-die-tote-von-beverly-hills tag-heidelinde-weis tag-m-square tag-michael-pfleghar tag-oesterreich tag-schwarzwaldklinik tag-serenade-fuer-zwei-spione category-8 category-7004 category-5849 category-1046 category-13\" data-name=\"Heidelinde Weis feiert ihren 80. Geburtstag!\" data-date=\"2020-09-17T07:08:58+00:00\">\n\n<div class=\"post-thumbnail-wrap\">\n\t<div class=\"post-thumbnail\">\n\t\t\n\t\t\n\t\t<a href=\"https:\/\/ucm.one\/de\/heidelinde-weis-feiert-ihren-80-geburtstag\/\" class=\"post-thumbnail-rollover layzr-bg layzr-bg\" ><img decoding=\"async\" class=\"iso-lazy-load preload-me iso-lazy-load aspect\" src=\"data:image\/svg+xml,%3Csvg%20xmlns%3D&#39;http%3A%2F%2Fwww.w3.org%2F2000%2Fsvg&#39;%20viewBox%3D&#39;0%200%20990%20309&#39;%2F%3E\" data-src=\"https:\/\/ucm.one\/wp-content\/uploads\/2020\/09\/B-Heidelinde-Weis-80-Geburtstag-990x309.jpg\" data-srcset=\"https:\/\/ucm.one\/wp-content\/uploads\/2020\/09\/B-Heidelinde-Weis-80-Geburtstag-990x309.jpg 990w, https:\/\/ucm.one\/wp-content\/uploads\/2020\/09\/B-Heidelinde-Weis-80-Geburtstag-1485x464.jpg 1485w\" loading=\"eager\" style=\"--ratio: 990 \/ 309\" sizes=\"(max-width: 990px) 100vw, 990px\" alt=\"\" title=\"B Heidelinde Weis 80 Geburtstag\" width=\"990\" height=\"309\"  \/><\/a>\t<\/div>\n<\/div>\n\n\n<div class=\"post-entry-content\">\n\n\t<h3 class=\"entry-title\">\n\t\t<a href=\"https:\/\/ucm.one\/de\/heidelinde-weis-feiert-ihren-80-geburtstag\/\" title=\"Heidelinde Weis feiert ihren 80. Geburtstag!\" rel=\"bookmark\">Heidelinde Weis feiert ihren 80. Geburtstag!<\/a>\n\t<\/h3>\n\n\t<div class=\"entry-meta\"><span class=\"category-link\"><a href=\"https:\/\/ucm.one\/de\/category\/news\/film\/\" >Film<\/a>, <a href=\"https:\/\/ucm.one\/de\/category\/news\/filmklassiker\/\" >Filmklassiker<\/a>, <a href=\"https:\/\/ucm.one\/de\/category\/news\/film\/m-square-pictures\/m-square-classics\/\" >M-Square Classics<\/a>, <a href=\"https:\/\/ucm.one\/de\/category\/news\/film\/m-square-pictures\/\" >M-Square Pictures<\/a>, <a href=\"https:\/\/ucm.one\/de\/category\/news\/\" >News<\/a><\/span><a class=\"author vcard\" href=\"\" title=\"Zeige alle Beitr\u00e4ge von Joachim Keil\" rel=\"author\">Von <span class=\"fn\">Joachim Keil<\/span><\/a><a href=\"https:\/\/ucm.one\/de\/2020\/09\/17\/\" title=\"07:08\" class=\"data-link\" rel=\"bookmark\"><time class=\"entry-date updated\" datetime=\"2020-09-17T07:08:58+00:00\">17. September 2020<\/time><\/a><\/div>\n\t<div class=\"entry-excerpt\"><p>[vc_row][vc_column][vc_column_text]Wir gratulieren der Schauspielerin Heidelinde Weis ganz herzlich zu Ihrem 80. Geburtstag! Und freuen uns sehr, dass wir am 16. Oktober bereits den zweiten Film mit ihr, wieder in einer exklusiven, neu in HD abgetasteten Version, auf DVD ver\u00f6ffentlichen d\u00fcrfen, n\u00e4mlich \u201eSerenade f\u00fcr zwei Spione\u201c von Michael Pfleghar. F\u00fcr ihn hatte sie schon 1964 in&hellip;<\/p>\n<\/div>\n\t\n<a href=\"https:\/\/ucm.one\/de\/heidelinde-weis-feiert-ihren-80-geburtstag\/\" class=\"post-details details-type-link\" aria-label=\"Read more about Heidelinde Weis feiert ihren 80. Geburtstag!\">Mehr lesen<i class=\"dt-icon-the7-arrow-03\" aria-hidden=\"true\"><\/i><\/a>\n\n<\/div><\/article><\/div><div class=\"visible wf-cell\" data-post-id=\"44664\" data-date=\"2020-09-14T00:28:48+00:00\" data-name=\"Digital restaurierte Version von \u201eSerenade f\u00fcr zwei Spione\u201c (M-Square Classics) ab 16. Oktober erh\u00e4ltlich\"><article class=\"post project-odd visible post-44664 type-post status-publish format-standard has-post-thumbnail hentry category-film category-filmklassiker category-m-square-classics category-m-square-pictures category-news tag-annie-giss tag-barbara-lass tag-die-tote-von-beverly-hills tag-filmklassiker tag-hansjuergen-pohland tag-heidelinde-weis tag-hellmut-lange tag-m-square tag-m-square-classics tag-michael-pfleghar tag-mimmo-palmara tag-serenade-fuer-zwei-spione tag-tony-kendall tag-wolfgang-neuss category-8 category-7004 category-5849 category-1046 category-13\" data-name=\"Digital restaurierte Version von \u201eSerenade f\u00fcr zwei Spione\u201c (M-Square Classics) ab 16. Oktober erh\u00e4ltlich\" data-date=\"2020-09-14T00:28:48+00:00\">\n\n<div class=\"post-thumbnail-wrap\">\n\t<div class=\"post-thumbnail\">\n\t\t\n\t\t\n\t\t<a href=\"https:\/\/ucm.one\/de\/digital-restaurierte-version-von-serenade-fuer-zwei-spione-m-square-classics-ab-09-oktober-erhaeltlich\/\" class=\"post-thumbnail-rollover layzr-bg layzr-bg\" ><img decoding=\"async\" class=\"iso-lazy-load preload-me iso-lazy-load aspect\" src=\"data:image\/svg+xml,%3Csvg%20xmlns%3D&#39;http%3A%2F%2Fwww.w3.org%2F2000%2Fsvg&#39;%20viewBox%3D&#39;0%200%20990%20309&#39;%2F%3E\" data-src=\"https:\/\/ucm.one\/wp-content\/uploads\/2020\/09\/B-Serenade-fur-2-Spione-Banner-990x309.jpg\" data-srcset=\"https:\/\/ucm.one\/wp-content\/uploads\/2020\/09\/B-Serenade-fur-2-Spione-Banner-990x309.jpg 990w, https:\/\/ucm.one\/wp-content\/uploads\/2020\/09\/B-Serenade-fur-2-Spione-Banner-1485x464.jpg 1485w\" loading=\"eager\" style=\"--ratio: 990 \/ 309\" sizes=\"(max-width: 990px) 100vw, 990px\" alt=\"\" title=\"B Serenade f\u00fcr 2 Spione &#8211; Banner\" width=\"990\" height=\"309\"  \/><\/a>\t<\/div>\n<\/div>\n\n\n<div class=\"post-entry-content\">\n\n\t<h3 class=\"entry-title\">\n\t\t<a href=\"https:\/\/ucm.one\/de\/digital-restaurierte-version-von-serenade-fuer-zwei-spione-m-square-classics-ab-09-oktober-erhaeltlich\/\" title=\"Digital restaurierte Version von \u201eSerenade f\u00fcr zwei Spione\u201c (M-Square Classics) ab 16. Oktober erh\u00e4ltlich\" rel=\"bookmark\">Digital restaurierte Version von \u201eSerenade f\u00fcr zwei Spione\u201c (M-Square Classics) ab 16. Oktober erh\u00e4ltlich<\/a>\n\t<\/h3>\n\n\t<div class=\"entry-meta\"><span class=\"category-link\"><a href=\"https:\/\/ucm.one\/de\/category\/news\/film\/\" >Film<\/a>, <a href=\"https:\/\/ucm.one\/de\/category\/news\/filmklassiker\/\" >Filmklassiker<\/a>, <a href=\"https:\/\/ucm.one\/de\/category\/news\/film\/m-square-pictures\/m-square-classics\/\" >M-Square Classics<\/a>, <a href=\"https:\/\/ucm.one\/de\/category\/news\/film\/m-square-pictures\/\" >M-Square Pictures<\/a>, <a href=\"https:\/\/ucm.one\/de\/category\/news\/\" >News<\/a><\/span><a class=\"author vcard\" href=\"\" title=\"Zeige alle Beitr\u00e4ge von Joachim Keil\" rel=\"author\">Von <span class=\"fn\">Joachim Keil<\/span><\/a><a href=\"https:\/\/ucm.one\/de\/2020\/09\/14\/\" title=\"00:28\" class=\"data-link\" rel=\"bookmark\"><time class=\"entry-date updated\" datetime=\"2020-09-14T00:28:48+00:00\">14. September 2020<\/time><\/a><\/div>\n\t<div class=\"entry-excerpt\"><p>[vc_row][vc_column][vc_column_text]Nach \u201eDie Tote von Beverly Hills\u201c bringen\u00a0UCM.ONE und moviemax den\u00a0zweiten Film \u201cSerenade f\u00fcr zwei Spione\u201d von Deutschlands gr\u00f6\u00dften Show-Regisseur Michael Pfleghar (\u201eLieben Sie Show\u201c, \u201eW\u00fcnsch Dir was\u201c, \u201eKlimbim\u201c, \u201eZwei himmlische T\u00f6chter\u201c u.a.) in digital hochwertig restaurierter HD-Version als DVD und VOD in den Handel.\u00a0\u201cSerenade f\u00fcr zwei Spione\u201d ist ungefilterte Liebe zum \u00fcberlebensgro\u00dfen Kino-Eskapismus, wie ihn&hellip;<\/p>\n<\/div>\n\t\n<a href=\"https:\/\/ucm.one\/de\/digital-restaurierte-version-von-serenade-fuer-zwei-spione-m-square-classics-ab-09-oktober-erhaeltlich\/\" class=\"post-details details-type-link\" aria-label=\"Read more about Digital restaurierte Version von \u201eSerenade f\u00fcr zwei Spione\u201c (M-Square Classics) ab 16. Oktober erh\u00e4ltlich\">Mehr lesen<i class=\"dt-icon-the7-arrow-03\" aria-hidden=\"true\"><\/i><\/a>\n\n<\/div><\/article><\/div><div class=\"visible wf-cell\" data-post-id=\"32079\" data-date=\"2019-07-26T01:00:21+00:00\" data-name=\"\u201eDie Tote von Beverly Hills\u201c von Michael Pfleghar (M-Square Classics) ab jetzt \u00fcberall erh\u00e4ltlich\"><article class=\"post project-odd visible post-32079 type-post status-publish format-standard has-post-thumbnail hentry category-film category-filmklassiker category-m-square-classics category-m-square-pictures category-news tag-alice-und-ellen-kessler tag-bruno-dietrich tag-curt-goetz tag-die-tote-von-beverly-hills tag-ernst-fritz-fuerbringer tag-filmklassiker tag-hansjuergen-pohland tag-heidelinde-weis tag-horst-frank tag-klausjuergen-wussow-m-square tag-m-square-classics tag-michael-pfleghar tag-peter-laregh tag-peter-schuette tag-wolfgang-neuss category-8 category-7004 category-5849 category-1046 category-13\" data-name=\"\u201eDie Tote von Beverly Hills\u201c von Michael Pfleghar (M-Square Classics) ab jetzt \u00fcberall erh\u00e4ltlich\" data-date=\"2019-07-26T01:00:21+00:00\">\n\n<div class=\"post-thumbnail-wrap\">\n\t<div class=\"post-thumbnail\">\n\t\t\n\t\t\n\t\t<a href=\"https:\/\/ucm.one\/de\/die-tote-von-beverly-hills-von-michael-pfleghar-m-square-classics-ab-jetzt-ueberall-erhaeltlich\/\" class=\"post-thumbnail-rollover layzr-bg layzr-bg\" ><img decoding=\"async\" class=\"iso-lazy-load preload-me iso-lazy-load aspect\" src=\"data:image\/svg+xml,%3Csvg%20xmlns%3D&#39;http%3A%2F%2Fwww.w3.org%2F2000%2Fsvg&#39;%20viewBox%3D&#39;0%200%20990%20309&#39;%2F%3E\" data-src=\"https:\/\/ucm.one\/wp-content\/uploads\/2019\/06\/Die-Tote-von-Beverly-Hills-06-990x309.jpg\" data-srcset=\"https:\/\/ucm.one\/wp-content\/uploads\/2019\/06\/Die-Tote-von-Beverly-Hills-06-990x309.jpg 990w, https:\/\/ucm.one\/wp-content\/uploads\/2019\/06\/Die-Tote-von-Beverly-Hills-06-1485x464.jpg 1485w\" loading=\"eager\" style=\"--ratio: 990 \/ 309\" sizes=\"(max-width: 990px) 100vw, 990px\" alt=\"\" title=\"Die Tote von Beverly Hills 06\" width=\"990\" height=\"309\"  \/><\/a>\t<\/div>\n<\/div>\n\n\n<div class=\"post-entry-content\">\n\n\t<h3 class=\"entry-title\">\n\t\t<a href=\"https:\/\/ucm.one\/de\/die-tote-von-beverly-hills-von-michael-pfleghar-m-square-classics-ab-jetzt-ueberall-erhaeltlich\/\" title=\"\u201eDie Tote von Beverly Hills\u201c von Michael Pfleghar (M-Square Classics) ab jetzt \u00fcberall erh\u00e4ltlich\" rel=\"bookmark\">\u201eDie Tote von Beverly Hills\u201c von Michael Pfleghar (M-Square Classics) ab jetzt \u00fcberall erh\u00e4ltlich<\/a>\n\t<\/h3>\n\n\t<div class=\"entry-meta\"><span class=\"category-link\"><a href=\"https:\/\/ucm.one\/de\/category\/news\/film\/\" >Film<\/a>, <a href=\"https:\/\/ucm.one\/de\/category\/news\/filmklassiker\/\" >Filmklassiker<\/a>, <a href=\"https:\/\/ucm.one\/de\/category\/news\/film\/m-square-pictures\/m-square-classics\/\" >M-Square Classics<\/a>, <a href=\"https:\/\/ucm.one\/de\/category\/news\/film\/m-square-pictures\/\" >M-Square Pictures<\/a>, <a href=\"https:\/\/ucm.one\/de\/category\/news\/\" >News<\/a><\/span><a class=\"author vcard\" href=\"\" title=\"Zeige alle Beitr\u00e4ge von Joachim Keil\" rel=\"author\">Von <span class=\"fn\">Joachim Keil<\/span><\/a><a href=\"https:\/\/ucm.one\/de\/2019\/07\/26\/\" title=\"01:00\" class=\"data-link\" rel=\"bookmark\"><time class=\"entry-date updated\" datetime=\"2019-07-26T01:00:21+00:00\">26. Juli 2019<\/time><\/a><\/div>\n\t<div class=\"entry-excerpt\"><p>[vc_row][vc_column width=&#8220;3\/4&#8243;][vc_column_text]Ab\u00a0heute ist die restaurierte Fassung des \u00b4Filmklassikers \u201eDie Tote von Beverly Hills\u201c (M-Square Clasics) als DVD auf den Markt. Der Film ist zudem auch bei allen einschl\u00e4gigen VoD-Portalen abrufbar. Der Film von TV-Showlegene Michael Pfleghar (\u201cW\u00fcnsch dir was\u201d, \u201cKlimbim\u201d) war 1964 der offizielle deutsche Beitrag bei den Filmfestspielen in Cannes und wurde als \u201ek\u00fcnstlerisch&hellip;<\/p>\n<\/div>\n\t\n<a href=\"https:\/\/ucm.one\/de\/die-tote-von-beverly-hills-von-michael-pfleghar-m-square-classics-ab-jetzt-ueberall-erhaeltlich\/\" class=\"post-details details-type-link\" aria-label=\"Read more about \u201eDie Tote von Beverly Hills\u201c von Michael Pfleghar (M-Square Classics) ab jetzt \u00fcberall erh\u00e4ltlich\">Mehr lesen<i class=\"dt-icon-the7-arrow-03\" aria-hidden=\"true\"><\/i><\/a>\n\n<\/div><\/article><\/div><div class=\"visible wf-cell\" data-post-id=\"31231\" data-date=\"2019-06-24T13:08:12+00:00\" data-name=\"Digital restaurierte Version von \u201eDie Tote von Beverly Hills\u201c (M-Square Classics) ab 26. Juli erh\u00e4ltlich\"><article class=\"post project-odd visible post-31231 type-post status-publish format-standard has-post-thumbnail hentry category-film category-filmklassiker category-m-square-classics category-m-square-pictures category-news tag-annie-giss tag-barbara-lass tag-die-tote-von-beverly-hills tag-filmklassiker tag-hansjuergen-pohland tag-heidelinde-weis tag-hellmut-lange tag-m-square tag-m-square-classics tag-michael-pfleghar tag-mimmo-palmara tag-tony-kendall tag-wolfgang-neuss category-8 category-7004 category-5849 category-1046 category-13\" data-name=\"Digital restaurierte Version von \u201eDie Tote von Beverly Hills\u201c (M-Square Classics) ab 26. Juli erh\u00e4ltlich\" data-date=\"2019-06-24T13:08:12+00:00\">\n\n<div class=\"post-thumbnail-wrap\">\n\t<div class=\"post-thumbnail\">\n\t\t\n\t\t\n\t\t<a href=\"https:\/\/ucm.one\/de\/digital-restaurierte-version-von-die-tote-von-beverly-hills-m-square-classics-ab-26-juli-erhaeltlich\/\" class=\"post-thumbnail-rollover layzr-bg layzr-bg\" ><img decoding=\"async\" class=\"iso-lazy-load preload-me iso-lazy-load aspect\" src=\"data:image\/svg+xml,%3Csvg%20xmlns%3D&#39;http%3A%2F%2Fwww.w3.org%2F2000%2Fsvg&#39;%20viewBox%3D&#39;0%200%20990%20309&#39;%2F%3E\" data-src=\"https:\/\/ucm.one\/wp-content\/uploads\/2019\/04\/Die-Tote-vob-Beverly-Hills-Banner-990x309.jpg\" data-srcset=\"https:\/\/ucm.one\/wp-content\/uploads\/2019\/04\/Die-Tote-vob-Beverly-Hills-Banner-990x309.jpg 990w, https:\/\/ucm.one\/wp-content\/uploads\/2019\/04\/Die-Tote-vob-Beverly-Hills-Banner-1485x464.jpg 1485w\" loading=\"eager\" style=\"--ratio: 990 \/ 309\" sizes=\"(max-width: 990px) 100vw, 990px\" alt=\"\" title=\"Die Tote vob Beverly Hills &#8211; Banner\" width=\"990\" height=\"309\"  \/><\/a>\t<\/div>\n<\/div>\n\n\n<div class=\"post-entry-content\">\n\n\t<h3 class=\"entry-title\">\n\t\t<a href=\"https:\/\/ucm.one\/de\/digital-restaurierte-version-von-die-tote-von-beverly-hills-m-square-classics-ab-26-juli-erhaeltlich\/\" title=\"Digital restaurierte Version von \u201eDie Tote von Beverly Hills\u201c (M-Square Classics) ab 26. Juli erh\u00e4ltlich\" rel=\"bookmark\">Digital restaurierte Version von \u201eDie Tote von Beverly Hills\u201c (M-Square Classics) ab 26. Juli erh\u00e4ltlich<\/a>\n\t<\/h3>\n\n\t<div class=\"entry-meta\"><span class=\"category-link\"><a href=\"https:\/\/ucm.one\/de\/category\/news\/film\/\" >Film<\/a>, <a href=\"https:\/\/ucm.one\/de\/category\/news\/filmklassiker\/\" >Filmklassiker<\/a>, <a href=\"https:\/\/ucm.one\/de\/category\/news\/film\/m-square-pictures\/m-square-classics\/\" >M-Square Classics<\/a>, <a href=\"https:\/\/ucm.one\/de\/category\/news\/film\/m-square-pictures\/\" >M-Square Pictures<\/a>, <a href=\"https:\/\/ucm.one\/de\/category\/news\/\" >News<\/a><\/span><a class=\"author vcard\" href=\"\" title=\"Zeige alle Beitr\u00e4ge von Joachim Keil\" rel=\"author\">Von <span class=\"fn\">Joachim Keil<\/span><\/a><a href=\"https:\/\/ucm.one\/de\/2019\/06\/24\/\" title=\"13:08\" class=\"data-link\" rel=\"bookmark\"><time class=\"entry-date updated\" datetime=\"2019-06-24T13:08:12+00:00\">24. Juni 2019<\/time><\/a><\/div>\n\t<div class=\"entry-excerpt\"><p>[vc_row][vc_column][vc_column_text]UCM.ONE und moviemax bringen am 26. Juli 2019 eine in HD digital restaurierte Version des deutschen Filmklassikers \u201eDie Tote von Beverly Hills\u201c (M-Square Clasics) als DVD auf den Markt. Der Film von TV-Showlegene Michael Pfleghar (&#8222;W\u00fcnsch dir was&#8220;, &#8222;Klimbim&#8220;) war 1964 der offizielle deutsche Beitrag bei den Filmfestspielen in Cannes und wurde als \u201ek\u00fcnstlerisch wertvollster&hellip;<\/p>\n<\/div>\n\t\n<a href=\"https:\/\/ucm.one\/de\/digital-restaurierte-version-von-die-tote-von-beverly-hills-m-square-classics-ab-26-juli-erhaeltlich\/\" class=\"post-details details-type-link\" aria-label=\"Read more about Digital restaurierte Version von \u201eDie Tote von Beverly Hills\u201c (M-Square Classics) ab 26. Juli erh\u00e4ltlich\">Mehr lesen<i class=\"dt-icon-the7-arrow-03\" aria-hidden=\"true\"><\/i><\/a>\n\n<\/div><\/article><\/div><\/div><!-- iso-container|iso-grid --><\/div>[vc_empty_space height=&#8220;50px&#8220;][vc_separator color=&#8220;blue&#8220;][\/vc_column][\/vc_row][vc_row css=&#8220;.vc_custom_1518458873891{margin-top: 65px !important;}&#8220;][vc_column width=&#8220;1\/4&#8243;][vc_btn title=&#8220;M-Square Classics&#8220; style=&#8220;flat&#8220; size=&#8220;lg&#8220; align=&#8220;center&#8220; i_icon_fontawesome=&#8220;fas fa-arrow-right&#8220; button_block=&#8220;true&#8220; add_icon=&#8220;true&#8220; link=&#8220;url:%2Fde%2Ffilm-labels%2Fm-square-pictures%2F%23m-square-classics|title:M-Square%20Classics||&#8220;][\/vc_column][vc_column width=&#8220;1\/4&#8243;][vc_btn title=&#8220;Filmortal&#8220; style=&#8220;flat&#8220; color=&#8220;blue&#8220; size=&#8220;lg&#8220; align=&#8220;center&#8220; i_icon_fontawesome=&#8220;fa fa-film&#8220; button_block=&#8220;true&#8220; add_icon=&#8220;true&#8220; link=&#8220;url:https%3A%2F%2Fwww.filmportal.de%2Ffilm%2Fdie-tote-von-beverly-hills_047a8a07f9164b8cad47380775eba427|title:Die%20Tote%20von%20Beverly%20Hills|target:%20_blank|&#8220;][\/vc_column][vc_column width=&#8220;1\/4&#8243;][vc_btn title=&#8220;IMDb&#8220; style=&#8220;flat&#8220; color=&#8220;blue&#8220; size=&#8220;lg&#8220; align=&#8220;center&#8220; i_icon_fontawesome=&#8220;fa fa-imdb&#8220; button_block=&#8220;true&#8220; add_icon=&#8220;true&#8220; link=&#8220;url:https%3A%2F%2Fwww.imdb.com%2Ftitle%2Ftt0058673|title:Kinostarts|target:%20_blank|&#8220;][\/vc_column][vc_column width=&#8220;1\/4&#8243;][vc_btn title=&#8220;Wikipedia&#8220; style=&#8220;flat&#8220; color=&#8220;blue&#8220; size=&#8220;lg&#8220; align=&#8220;center&#8220; i_icon_fontawesome=&#8220;fa fa-wikipedia-w&#8220; button_block=&#8220;true&#8220; add_icon=&#8220;true&#8220; link=&#8220;url:https%3A%2F%2Fde.wikipedia.org%2Fwiki%2FDie_Tote_von_Beverly_Hills|title:Wikipedia|target:%20_blank|&#8220;][\/vc_column][\/vc_row][vc_row content_placement=&#8220;middle&#8220; bg_type=&#8220;grad&#8220; ult_hide_row=&#8220;ult_hide_row_value&#8220; ult_hide_row_large_screen=&#8220;large_screen&#8220; ult_hide_row_desktop=&#8220;desktop&#8220; css=&#8220;.vc_custom_1518701755537{margin-top: 0px !important;padding-top: -50px !important;}&#8220; bg_grad=&#8220;background: -webkit-gradient(linear, left top, left bottom, color-stop(0%, #E3E3E3), color-stop(0%, #FFFFFF), color-stop(6%, #FFFFFF), color-stop(7%, #FFFFFF), color-stop(50%, #FFFFFF));background: -moz-linear-gradient(top,#E3E3E3 0%,#FFFFFF 0%,#FFFFFF 6%,#FFFFFF 7%,#FFFFFF 50%);background: -webkit-linear-gradient(top,#E3E3E3 0%,#FFFFFF 0%,#FFFFFF 6%,#FFFFFF 7%,#FFFFFF 50%);background: -o-linear-gradient(top,#E3E3E3 0%,#FFFFFF 0%,#FFFFFF 6%,#FFFFFF 7%,#FFFFFF 50%);background: -ms-linear-gradient(top,#E3E3E3 0%,#FFFFFF 0%,#FFFFFF 6%,#FFFFFF 7%,#FFFFFF 50%);background: linear-gradient(top,#E3E3E3 0%,#FFFFFF 0%,#FFFFFF 6%,#FFFFFF 7%,#FFFFFF 50%);&#8220;][vc_column][vc_btn title=&#8220;Kontakt&#8220; style=&#8220;flat&#8220; color=&#8220;primary&#8220; size=&#8220;lg&#8220; align=&#8220;center&#8220; i_icon_fontawesome=&#8220;far fa-envelope&#8220; button_block=&#8220;true&#8220; add_icon=&#8220;true&#8220; link=&#8220;url:https%3A%2F%2Fucm.one%2Fde%2Ffirma%2Fkontakt%2F|title:Kontakt&#8220;][\/vc_column][\/vc_row]<\/p>\n<\/div>","protected":false},"excerpt":{"rendered":"<p>[vc_row css=&#8220;.vc_custom_1561374765584{margin-top: 20px !important;}&#8220;][vc_column width=&#8220;3\/4&#8243; css=&#8220;.vc_custom_1561378576831{padding-right: 30px !important;}&#8220;][vc_column_text] Die Tote von Beverly Hills [\/vc_column_text][vc_column_text]Jung, frech und experimentell. Mit \u201eDie Tote von Beverly Hills\u201c stellte Michael Pfleghar 1964 in Cannes das deutsche Kino auf den Kopf. Der Film erscheint am 26. Juli 2019 erstmals als digital restaurierte HD Version auf DVD und VoD.[\/vc_column_text][vc_column_text]F\u00fcr Heidelinde Weis sind&hellip;<\/p>\n","protected":false},"author":2,"featured_media":30228,"parent":0,"menu_order":2,"comment_status":"closed","ping_status":"closed","template":"","meta":{"_acf_changed":false,"footnotes":""},"class_list":["post-31081","page","type-page","status-publish","has-post-thumbnail","hentry","description-off"],"acf":[],"yoast_head":"<!-- This site is optimized with the Yoast SEO plugin v27.5 - https:\/\/yoast.com\/product\/yoast-seo-wordpress\/ -->\n<title>Die Tote von Beverly Hills (1964) von Michael Pfleghar | M-Square Classics - UCM.ONE<\/title>\n<meta name=\"description\" content=\"Mit \u201eDie Tote von Beverly Hills\u201c stellte Michael Pfleghar 1964 in Cannes das deutsche Kino auf den Kopf. Der Film erscheint als restaurierte Version auf DVD.\" \/>\n<meta name=\"robots\" content=\"index, follow, max-snippet:-1, max-image-preview:large, max-video-preview:-1\" \/>\n<link rel=\"canonical\" href=\"https:\/\/ucm.one\/de\/die-tote-von-beverly-hills\/\" \/>\n<meta property=\"og:locale\" content=\"de_DE\" \/>\n<meta property=\"og:type\" content=\"article\" \/>\n<meta property=\"og:title\" content=\"Die Tote von Beverly Hills (1964) von Michael Pfleghar | M-Square Classics - UCM.ONE\" \/>\n<meta property=\"og:description\" content=\"Mit \u201eDie Tote von Beverly Hills\u201c stellte Michael Pfleghar 1964 in Cannes das deutsche Kino auf den Kopf. Der Film erscheint als restaurierte Version auf DVD.\" \/>\n<meta property=\"og:url\" content=\"https:\/\/ucm.one\/de\/die-tote-von-beverly-hills\/\" \/>\n<meta property=\"og:site_name\" content=\"UCM.ONE\" \/>\n<meta property=\"article:modified_time\" content=\"2023-04-01T15:05:02+00:00\" \/>\n<meta property=\"og:image\" content=\"https:\/\/ucm.one\/wp-content\/uploads\/2019\/04\/Die-Tote-vob-Beverly-Hills-Banner.jpg\" \/>\n\t<meta property=\"og:image:width\" content=\"1920\" \/>\n\t<meta property=\"og:image:height\" content=\"600\" \/>\n\t<meta property=\"og:image:type\" content=\"image\/jpeg\" \/>\n<meta name=\"twitter:card\" content=\"summary_large_image\" \/>\n<meta name=\"twitter:label1\" content=\"Gesch\u00e4tzte Lesezeit\" \/>\n\t<meta name=\"twitter:data1\" content=\"14\u00a0Minuten\" \/>\n<!-- \/ Yoast SEO plugin. -->","yoast_head_json":{"title":"Die Tote von Beverly Hills (1964) von Michael Pfleghar | M-Square Classics - UCM.ONE","description":"Mit \u201eDie Tote von Beverly Hills\u201c stellte Michael Pfleghar 1964 in Cannes das deutsche Kino auf den Kopf. Der Film erscheint als restaurierte Version auf DVD.","robots":{"index":"index","follow":"follow","max-snippet":"max-snippet:-1","max-image-preview":"max-image-preview:large","max-video-preview":"max-video-preview:-1"},"canonical":"https:\/\/ucm.one\/de\/die-tote-von-beverly-hills\/","og_locale":"de_DE","og_type":"article","og_title":"Die Tote von Beverly Hills (1964) von Michael Pfleghar | M-Square Classics - UCM.ONE","og_description":"Mit \u201eDie Tote von Beverly Hills\u201c stellte Michael Pfleghar 1964 in Cannes das deutsche Kino auf den Kopf. Der Film erscheint als restaurierte Version auf DVD.","og_url":"https:\/\/ucm.one\/de\/die-tote-von-beverly-hills\/","og_site_name":"UCM.ONE","article_modified_time":"2023-04-01T15:05:02+00:00","og_image":[{"width":1920,"height":600,"url":"https:\/\/ucm.one\/wp-content\/uploads\/2019\/04\/Die-Tote-vob-Beverly-Hills-Banner.jpg","type":"image\/jpeg"}],"twitter_card":"summary_large_image","twitter_misc":{"Gesch\u00e4tzte Lesezeit":"14\u00a0Minuten"},"schema":{"@context":"https:\/\/schema.org","@graph":[{"@type":"WebPage","@id":"https:\/\/ucm.one\/de\/die-tote-von-beverly-hills\/","url":"https:\/\/ucm.one\/de\/die-tote-von-beverly-hills\/","name":"Die Tote von Beverly Hills (1964) von Michael Pfleghar | M-Square Classics - UCM.ONE","isPartOf":{"@id":"https:\/\/ucm.one\/de\/#website"},"primaryImageOfPage":{"@id":"https:\/\/ucm.one\/de\/die-tote-von-beverly-hills\/#primaryimage"},"image":{"@id":"https:\/\/ucm.one\/de\/die-tote-von-beverly-hills\/#primaryimage"},"thumbnailUrl":"https:\/\/ucm.one\/wp-content\/uploads\/2019\/04\/Die-Tote-vob-Beverly-Hills-Banner.jpg","datePublished":"2019-06-23T21:30:40+00:00","dateModified":"2023-04-01T15:05:02+00:00","description":"Mit \u201eDie Tote von Beverly Hills\u201c stellte Michael Pfleghar 1964 in Cannes das deutsche Kino auf den Kopf. Der Film erscheint als restaurierte Version auf DVD.","breadcrumb":{"@id":"https:\/\/ucm.one\/de\/die-tote-von-beverly-hills\/#breadcrumb"},"inLanguage":"de","potentialAction":[{"@type":"ReadAction","target":["https:\/\/ucm.one\/de\/die-tote-von-beverly-hills\/"]}]},{"@type":"ImageObject","inLanguage":"de","@id":"https:\/\/ucm.one\/de\/die-tote-von-beverly-hills\/#primaryimage","url":"https:\/\/ucm.one\/wp-content\/uploads\/2019\/04\/Die-Tote-vob-Beverly-Hills-Banner.jpg","contentUrl":"https:\/\/ucm.one\/wp-content\/uploads\/2019\/04\/Die-Tote-vob-Beverly-Hills-Banner.jpg","width":1920,"height":600},{"@type":"BreadcrumbList","@id":"https:\/\/ucm.one\/de\/die-tote-von-beverly-hills\/#breadcrumb","itemListElement":[{"@type":"ListItem","position":1,"name":"Home","item":"https:\/\/ucm.one\/de\/"},{"@type":"ListItem","position":2,"name":"Die Tote von Beverly Hills (1964) von Michael Pfleghar | M-Square Classics"}]},{"@type":"WebSite","@id":"https:\/\/ucm.one\/de\/#website","url":"https:\/\/ucm.one\/de\/","name":"UCM.ONE","description":"","publisher":{"@id":"https:\/\/ucm.one\/de\/#organization"},"potentialAction":[{"@type":"SearchAction","target":{"@type":"EntryPoint","urlTemplate":"https:\/\/ucm.one\/de\/?s={search_term_string}"},"query-input":{"@type":"PropertyValueSpecification","valueRequired":true,"valueName":"search_term_string"}}],"inLanguage":"de"},{"@type":"Organization","@id":"https:\/\/ucm.one\/de\/#organization","name":"UCM.ONE","url":"https:\/\/ucm.one\/de\/","logo":{"@type":"ImageObject","inLanguage":"de","@id":"https:\/\/ucm.one\/de\/#\/schema\/logo\/image\/","url":"https:\/\/ucm.one\/wp-content\/uploads\/2019\/10\/UCM.ONE-Logo-RGB.svg","contentUrl":"https:\/\/ucm.one\/wp-content\/uploads\/2019\/10\/UCM.ONE-Logo-RGB.svg","width":1,"height":1,"caption":"UCM.ONE"},"image":{"@id":"https:\/\/ucm.one\/de\/#\/schema\/logo\/image\/"}}]}},"_links":{"self":[{"href":"https:\/\/ucm.one\/de\/wp-json\/wp\/v2\/pages\/31081","targetHints":{"allow":["GET"]}}],"collection":[{"href":"https:\/\/ucm.one\/de\/wp-json\/wp\/v2\/pages"}],"about":[{"href":"https:\/\/ucm.one\/de\/wp-json\/wp\/v2\/types\/page"}],"author":[{"embeddable":true,"href":"https:\/\/ucm.one\/de\/wp-json\/wp\/v2\/users\/2"}],"replies":[{"embeddable":true,"href":"https:\/\/ucm.one\/de\/wp-json\/wp\/v2\/comments?post=31081"}],"version-history":[{"count":0,"href":"https:\/\/ucm.one\/de\/wp-json\/wp\/v2\/pages\/31081\/revisions"}],"wp:featuredmedia":[{"embeddable":true,"href":"https:\/\/ucm.one\/de\/wp-json\/wp\/v2\/media\/30228"}],"wp:attachment":[{"href":"https:\/\/ucm.one\/de\/wp-json\/wp\/v2\/media?parent=31081"}],"curies":[{"name":"wp","href":"https:\/\/api.w.org\/{rel}","templated":true}]}}