{"id":18,"date":"2018-02-07T09:22:23","date_gmt":"2018-02-07T09:22:23","guid":{"rendered":"https:\/\/ucm.one\/?page_id=18"},"modified":"2026-01-12T09:54:04","modified_gmt":"2026-01-12T09:54:04","slug":"film-labels","status":"publish","type":"page","link":"https:\/\/ucm.one\/de\/film-labels\/","title":{"rendered":"Film Labels"},"content":{"rendered":"<div class=\"wpb-content-wrapper\"><p>[vc_row][vc_column][vc_column_text]<\/p>\n<p>[\/vc_column_text][\/vc_column][\/vc_row][vc_row][vc_column width=&#8220;2\/3&#8243;][vc_column_text]<\/p>\n<h1>Filme<\/h1>\n<p>[\/vc_column_text][vc_column_text]<strong style=\"font-family: 'arial black', sans-serif;\">UCM.ONE<\/strong> <span style=\"font-family: arial, helvetica, sans-serif;\">betreibt mehrere Filmlabels wie <\/span><strong style=\"font-family: arial, helvetica, sans-serif;\">Darling Berlin<\/strong><span style=\"font-family: arial, helvetica, sans-serif;\">, <\/span><strong><span style=\"font-family: arial, helvetica, sans-serif;\">M-Square Pictures<\/span><\/strong><span style=\"font-family: arial, helvetica, sans-serif;\">,\u00a0<\/span><strong style=\"font-family: arial, helvetica, sans-serif;\">Artkeim\u00b2<\/strong>,\u00a0<strong style=\"font-family: arial, helvetica, sans-serif;\"><strong><span style=\"font-family: arial, helvetica, sans-serif;\">B-Spree Pictures<\/span><\/strong><\/strong><span style=\"font-family: arial, helvetica, sans-serif;\">,<\/span><strong style=\"font-family: arial, helvetica, sans-serif;\"><strong><span style=\"font-family: arial, helvetica, sans-serif;\"> <span style=\"font-family: 'arial black', sans-serif;\">U1<\/span> Films Berlin, Zeitlose Filmkunst\u00a0<\/span><\/strong><\/strong>und\u00a0<strong style=\"font-family: arial, helvetica, sans-serif;\">NONFY Documentaries<\/strong><span style=\"font-family: arial, helvetica, sans-serif;\">, auf denen Langfilme, Dokumentationen, aber auch Mittellange Filme und Kurzfilme sowie Serien ver\u00f6ffentlicht werden. Dabei entscheidet unser Kreativ-Team f\u00fcr jedes Filmwerk individuell, welche Vermarktungsstrategie angewendet wird.\u00a0<\/span><strong style=\"font-family: arial, helvetica, sans-serif;\"><span style=\"font-family: 'arial black', sans-serif;\">UCM.ONE<\/span><\/strong><span style=\"font-family: arial, helvetica, sans-serif;\"> nutz dabei das bestehende Netzwerk in enger Absprache mit Produzent:innen und\/oder Regisseur:innen so, dass der Film die bestm\u00f6gliche Vermarktung und Reichweite bekommen kann.<\/span>[\/vc_column_text][vc_column_text]<span style=\"font-family: 'arial black', sans-serif;\"><strong>UCM.ONE<\/strong> <span style=\"font-family: arial, helvetica, sans-serif;\">steht dabei daf\u00fcr<\/span><\/span>, m\u00f6glichst die Koordination der gesamten Wertsch\u00f6pfungskette in den eigenen H\u00e4nden zu behalten, um gew\u00e4hrleisten zu k\u00f6nnen, <span style=\"font-family: arial, helvetica, sans-serif;\">dass<\/span> alle m\u00f6glichen Auswertungsm\u00f6glichkeiten eines Films optimal und im Zusammenspiel der einzelnen Verwertungsformen im richtigen Zeitablauf genutzt werden k\u00f6nnen. Dies beinhaltet den Kinoverleih, die Platzierung im Fernsehen, den Verlauf von Blu-Ray und DVDs, die digitale Platzierung in Download- und Streamingportalen, die Vermarktung der Werbe- und Merchandising-Rechte sowie die Kreation von begleitenden Produkten wie Soundtracks, eBooks oder H\u00f6rb\u00fcchern. Selbstverst\u00e4ndlich arbeitet <strong><span style=\"font-family: 'arial black', sans-serif;\">UCM.ONE<\/span><\/strong>, um dieses Ziel zu erreichen, in diversen Feldern mit langj\u00e4hrigen und auch immer wieder neuen Partnern im In- und Ausland zusammen.[\/vc_column_text][vc_column_text]<\/p>\n<h3><em>Einige unserer Filmlabels:<\/em><\/h3>\n<p>[\/vc_column_text][vc_single_image image=&#8220;19778&#8243; img_size=&#8220;full&#8220;][vc_column_text css=&#8220;.vc_custom_1761513375640{margin-bottom: 0px !important;}&#8220;]<\/p>\n<h2>Intermediale Vermarktung<\/h2>\n<p>Zu Beginn einer Vermarktungsstrategie \u00fcberlegen wir uns ein Ver\u00f6ffentlichungskonzept inkl. detaillierter Marketingpl\u00e4ne und Budgetierungen sowie der m\u00f6glichen Koordination der Promotionaktivit\u00e4ten. Zudem planen wir die nationalen und internationalen Zeitabl\u00e4ufe der Auslieferungsprozesse und Ver\u00f6ffentlichungen von den Kinos \u00fcber den physischen Handel bis zu den Download- und Streamingportalen. Das Timing ist dabei ein dominierenden, weil wir immer versuchen, Ergebnisse bei den schon erfolgten Auswertungen sinnvoll f\u00fcr die n\u00e4chsten Schritte zu nutzen, die das Filmgesch\u00e4ft bietet. Der Hauptunterschied zwischen dem Konzept der &#8222;intermedialen Vermarktung&#8220; und der sonst g\u00e4ngigen Herangehensweise der kommerziellen Verwertung von Filmen besteht nicht nur in der engeren Verkn\u00fcpfung der verschiedenen Vermarktungsm\u00f6glichkeiten, sondern vor allem auch in einer besonderen Herangehensweise an den Film selbst. Diese f\u00fchrt nach einem Entwicklungsprozess zu jeweils individuellen Strategien, die durch die dann vorgegebenen Priorit\u00e4ten keinerlei Einschr\u00e4nkungen unterliegen.[\/vc_column_text][vc_empty_space height=&#8220;30px&#8220;][vc_single_image image=&#8220;55991&#8243; img_size=&#8220;full&#8220; onclick=&#8220;link_image&#8220;][vc_column_text css=&#8220;&#8220;]Das Ziel von <span style=\"font-family: 'arial black', sans-serif;\"><strong>UCM.ONE<\/strong><\/span> ist es, die Konsumierenden auf allen m\u00f6glichen und zur Verf\u00fcgung stehenden Kan\u00e4len zu erreichen. Wir wollen Konsumierende nicht bedr\u00e4ngen, ihr Konsumentenverhalten wegen unseren Inhalten \u00e4ndern zu m\u00fcssen, sondern arbeiten daf\u00fcr, dass die Filme dort angeboten werden und zur Verf\u00fcgung stehen, wo der Konsumierende gerne seine Filme sehen m\u00f6chte: Im Kino, auf Blu-Ray oder DVD, im Fernsehen oder bei Download sowie Streaming-Portalen.[\/vc_column_text][vc_column_text css=&#8220;&#8220;]<\/p>\n<h2>Digitaler Filmvertrieb (Aggregator)<\/h2>\n<p class=\"p1\">Erfolgreiche Medienvermarktung braucht starke Partner und effiziente Vertriebsstrukturen. Seit 2024 bietet <span class=\"s1\" style=\"font-family: 'arial black', sans-serif;\"><b>UCM.ONE <\/b><\/span>seinen digitalen Filmvertrieb auch externen Partnern, befreundeten Firmen und Mitbewerbern an. Als erfahrener <span class=\"s1\">Aggregator<\/span> bringen wir Filme und Serien auf die f\u00fchrenden <span class=\"s1\">Streaming-Plattformen und VoD-Dienste weltweit<\/span> \u2013 transparent, zuverl\u00e4ssig und mit einem klaren Fokus auf die optimale Auswertung Ihrer Inhalte. Ob unabh\u00e4ngiger Produzent, Verleih oder Rechteinhaber \u2013 wir bieten Ihnen ma\u00dfgeschneiderte L\u00f6sungen f\u00fcr die <span class=\"s1\">digitale Vermarktung auf nationaler und internationaler Ebene<\/span>.<\/p>\n<p>Weitere Informationen: <a href=\"https:\/\/ucm.one\/de\/filmvertrieb\/\">Digitaler Filmvertrieb<\/a>[\/vc_column_text][vc_separator][vc_column_text]<\/p>\n<h3><em>Eine Auswahl von\u00a0Kinofilmen\u00a0in unserem Katalog:<\/em><\/h3>\n<p>[\/vc_column_text][vc_media_grid style=&#8220;pagination&#8220; items_per_page=&#8220;8&#8243; element_width=&#8220;3&#8243; gap=&#8220;10&#8243; paging_design=&#8220;none&#8220; autoplay=&#8220;7&#8243; item=&#8220;masonryMedia_Default&#8220; grid_id=&#8220;vc_gid:1766534547002-0397eeb1-0d15-4&#8243; include=&#8220;12414,12416,12451,12435,12425,12419,12413,12443,12429,12436,12422,12417,12415,12427,12418,12420,12433,12424,12423,12426,12428,12430,12431,12434,12438,12437,12445,12439,12447,12448,12450,12452,62293,39098,63943,32659,39938,30504,62999,54499&#8243; paging_animation_in=&#8220;fadeIn&#8220; paging_animation_out=&#8220;fadeOut&#8220;][vc_separator][vc_column_text css=&#8220;&#8220;]<\/p>\n<h3><em>Aktuelle DVDs, Blu-rays und Mediabooks:<\/em><\/h3>\n<p>[\/vc_column_text]<div class=\"woocommerce columns-4 \"><div class=\"wf-container dt-products  woo-hover products loading-effect-fade-in description-on-hover cart-btn-on-img hide-description wc-grid\" data-padding=\"0px\" data-cur-page=\"1\" data-desktop-columns-num=\"4\" data-v-tablet-columns-num=\"2\" data-h-tablet-columns-num=\"3\" data-phone-columns-num=\"1\">\n\n<article class=\"post visible description-off product type-product post-416903 status-publish first instock product_cat-abenteuer product_cat-action-de product_cat-itn-germany-de product_cat-filme-de product_cat-horror-de product_cat-dvd-de product_tag-itn product_tag-itn-germany product_tag-spinne product_tag-monsterfilm has-post-thumbnail taxable shipping-taxable purchasable product-type-variable has-default-attributes\">\n\n\t<figure class=\"woocom-project\">\n\t<div class=\"woo-buttons-on-img\">\n\n\t\t<a href=\"https:\/\/ucm.one\/de\/produkt\/spiders-on-a-plane\/\" class=\"alignnone layzr-bg\"><img decoding=\"async\" width=\"300\" height=\"424\" src=\"data:image\/svg+xml;charset=utf-8,%3Csvg xmlns%3D&#039;http%3A%2F%2Fwww.w3.org%2F2000%2Fsvg&#039; viewBox%3D&#039;0 0 300 424&#039;%2F%3E\" class=\"attachment-woocommerce_thumbnail size-woocommerce_thumbnail lazy-load preload-me\" alt=\"Spiders on a Plane\" data-src=\"https:\/\/ucm.one\/wp-content\/uploads\/2026\/04\/Spiders-on-a-Plane-DVD-Front-300x424.jpg\" data-srcset=\"https:\/\/ucm.one\/wp-content\/uploads\/2026\/04\/Spiders-on-a-Plane-DVD-Front-300x424.jpg 300w, https:\/\/ucm.one\/wp-content\/uploads\/2026\/04\/Spiders-on-a-Plane-DVD-Front-212x300.jpg 212w, https:\/\/ucm.one\/wp-content\/uploads\/2026\/04\/Spiders-on-a-Plane-DVD-Front-724x1024.jpg 724w, https:\/\/ucm.one\/wp-content\/uploads\/2026\/04\/Spiders-on-a-Plane-DVD-Front-768x1086.jpg 768w, https:\/\/ucm.one\/wp-content\/uploads\/2026\/04\/Spiders-on-a-Plane-DVD-Front-1086x1536.jpg 1086w, https:\/\/ucm.one\/wp-content\/uploads\/2026\/04\/Spiders-on-a-Plane-DVD-Front-1448x2048.jpg 1448w, https:\/\/ucm.one\/wp-content\/uploads\/2026\/04\/Spiders-on-a-Plane-DVD-Front-600x849.jpg 600w, https:\/\/ucm.one\/wp-content\/uploads\/2026\/04\/Spiders-on-a-Plane-DVD-Front.jpg 1529w\" \/><\/a>\n\t<\/div>\n\t<figcaption class=\"woocom-list-content\">\n\n\t\t\n\n\n<div class=\"woocommerce-product-details__short-description\">\n\t<p>Regie: <a title=\"Brendan Petrizzo\" href=\"https:\/\/ucm.one\/de\/?s=%22Ben+William%22&amp;post_type=product\"><strong>Ben J. William<\/strong><\/a><\/p>\n<p>Label: <a title=\"M-Square Pictures\" href=\"https:\/\/ucm.one\/de\/produkt-kategorie\/label-film-de\/itn-germany-de\/\"><strong>ITN Germany<\/strong><\/a><\/p>\n<p>Art:\u00a0<strong><a href=\"https:\/\/ucm.one\/de\/produkt-kategorie\/art-de\/filme-de\/\">Film<\/a> (Spielfilm)<\/strong><\/p>\n<p>Genre: <b><a title=\"\" href=\"https:\/\/ucm.one\/de\/produkt-kategorie\/genre-film-de\/action-de\/\">Action<\/a><\/b>, <b><a href=\"https:\/\/ucm.one\/de\/produkt-kategorie\/genre-film-de\/horror-de\/\">Horror<\/a><\/b><\/p>\n<p>Jahr: <strong>2024<\/strong><\/p>\n<p>FSK: <strong>16<\/strong><\/p>\n<p>Format: <strong>DVD<\/strong><\/p>\n<\/div>\n\n\t<p class=\"wc-gzd-additional-info wc-gzd-additional-info-loop tax-info\">inkl. MwSt.<\/p>\n\n\t<p class=\"wc-gzd-additional-info wc-gzd-additional-info-loop shipping-costs-info\">zzgl. <a href=\"https:\/\/ucm.one\/de\/versandarten\/\" target=\"_blank\">Versandkosten<\/a><\/p>\n\n\n\n\t<\/figcaption>\n<\/figure>\n\n<\/article>\n\n\n\n<article class=\"post visible description-off product type-product post-416892 status-publish instock product_cat-filme-de product_cat-dvd-de product_cat-dokumentarfilm-de product_cat-nonfy-documentaries-de product_tag-frontex product_tag-seenotrettung product_tag-kuestenwache product_tag-ngo product_tag-nonfy-documentaries product_tag-fluechtlinge has-post-thumbnail taxable shipping-taxable purchasable product-type-variable has-default-attributes\">\n\n\t<figure class=\"woocom-project\">\n\t<div class=\"woo-buttons-on-img\">\n\n\t\t<a href=\"https:\/\/ucm.one\/de\/produkt\/einhundertvier\/\" class=\"alignnone layzr-bg\"><img decoding=\"async\" width=\"300\" height=\"428\" src=\"data:image\/svg+xml;charset=utf-8,%3Csvg xmlns%3D&#039;http%3A%2F%2Fwww.w3.org%2F2000%2Fsvg&#039; viewBox%3D&#039;0 0 300 428&#039;%2F%3E\" class=\"attachment-woocommerce_thumbnail size-woocommerce_thumbnail lazy-load preload-me\" alt=\"Einhundertvier\" data-src=\"https:\/\/ucm.one\/wp-content\/uploads\/2026\/04\/DVD_2D_1-300x428.jpg\" data-srcset=\"https:\/\/ucm.one\/wp-content\/uploads\/2026\/04\/DVD_2D_1-300x428.jpg 300w, https:\/\/ucm.one\/wp-content\/uploads\/2026\/04\/DVD_2D_1-210x300.jpg 210w, https:\/\/ucm.one\/wp-content\/uploads\/2026\/04\/DVD_2D_1-718x1024.jpg 718w, https:\/\/ucm.one\/wp-content\/uploads\/2026\/04\/DVD_2D_1-768x1095.jpg 768w, https:\/\/ucm.one\/wp-content\/uploads\/2026\/04\/DVD_2D_1-1077x1536.jpg 1077w, https:\/\/ucm.one\/wp-content\/uploads\/2026\/04\/DVD_2D_1-1436x2048.jpg 1436w, https:\/\/ucm.one\/wp-content\/uploads\/2026\/04\/DVD_2D_1-600x856.jpg 600w, https:\/\/ucm.one\/wp-content\/uploads\/2026\/04\/DVD_2D_1.jpg 1565w\" \/><\/a>\n\t<\/div>\n\t<figcaption class=\"woocom-list-content\">\n\n\t\t\n\n\n<div class=\"woocommerce-product-details__short-description\">\n\t<p>Regie: <strong><a title=\"\" href=\"https:\/\/ucm.one\/de\/?s=%22Jonathan+Schoernig%22&amp;post_type=product\">Jonathan Sch\u00f6rnig<\/a><\/strong><\/p>\n<p>Label:\u00a0<a title=\"Artkeim\u00b2\" href=\"https:\/\/ucm.one\/de\/produkt-kategorie\/label-film-de\/nonfy-documentaries-de\/\"><strong>NONFY Documentaries<\/strong><\/a><\/p>\n<p>Art:\u00a0<strong><a href=\"https:\/\/ucm.one\/de\/produkt-kategorie\/art-de\/filme-de\/\">Film<\/a><\/strong><\/p>\n<p>Genre: <strong><a title=\"Dokumentarfilm\" href=\"https:\/\/ucm.one\/de\/produkt-kategorie\/genre-film-de\/dokumentarfilm-de\/\">Dokumentarfilm<\/a><\/strong><\/p>\n<p>Jahr: <strong>2026<\/strong><\/p>\n<p>Format: <strong>DVD<\/strong><\/p>\n<\/div>\n\n\t<p class=\"wc-gzd-additional-info wc-gzd-additional-info-loop tax-info\">inkl. MwSt.<\/p>\n\n\t<p class=\"wc-gzd-additional-info wc-gzd-additional-info-loop shipping-costs-info\">zzgl. <a href=\"https:\/\/ucm.one\/de\/versandarten\/\" target=\"_blank\">Versandkosten<\/a><\/p>\n\n\n\n\t<\/figcaption>\n<\/figure>\n\n<\/article>\n\n\n\n<article class=\"post visible description-off product type-product post-415294 status-publish instock product_cat-filme-de product_cat-thriller-de product_cat-dvd-de product_cat-blu-ray-de product_cat-b-spree-pictures-de product_cat-komoedie-de product_cat-action-de product_tag-b-spree-pictures product_tag-samsara-film product_tag-pulled-pork product_tag-paul-pizzera product_tag-otto-jaus product_tag-silvia-schneider product_tag-benno-fuehrmann product_tag-gizem-emre product_tag-melissa-naschenweng product_tag-anna-strigl has-post-thumbnail taxable shipping-taxable purchasable product-type-variable has-product-safety-information\">\n\n\t<figure class=\"woocom-project\">\n\t<div class=\"woo-buttons-on-img\">\n\n\t\t<a href=\"https:\/\/ucm.one\/de\/produkt\/neo-nuggets-eine-pulled-pork-komoedie\/\" class=\"alignnone layzr-bg\"><img decoding=\"async\" width=\"300\" height=\"429\" src=\"data:image\/svg+xml;charset=utf-8,%3Csvg xmlns%3D&#039;http%3A%2F%2Fwww.w3.org%2F2000%2Fsvg&#039; viewBox%3D&#039;0 0 300 429&#039;%2F%3E\" class=\"attachment-woocommerce_thumbnail size-woocommerce_thumbnail lazy-load preload-me\" alt=\"Neo Nuggets \u2013 Eine Pulled Pork Kom\u00f6die\" data-src=\"https:\/\/ucm.one\/wp-content\/uploads\/2026\/03\/C-Neo-Nuggets-DVD-2D-FSK12-300x429.jpg\" data-srcset=\"https:\/\/ucm.one\/wp-content\/uploads\/2026\/03\/C-Neo-Nuggets-DVD-2D-FSK12-300x429.jpg 300w, https:\/\/ucm.one\/wp-content\/uploads\/2026\/03\/C-Neo-Nuggets-DVD-2D-FSK12-210x300.jpg 210w, https:\/\/ucm.one\/wp-content\/uploads\/2026\/03\/C-Neo-Nuggets-DVD-2D-FSK12-600x858.jpg 600w, https:\/\/ucm.one\/wp-content\/uploads\/2026\/03\/C-Neo-Nuggets-DVD-2D-FSK12.jpg 699w\" \/><\/a>\n\t<\/div>\n\t<figcaption class=\"woocom-list-content\">\n\n\t\t\n\n\n<div class=\"woocommerce-product-details__short-description\">\n\t<p>Regie: <a title=\"Brendan Petrizzo\" href=\"https:\/\/ucm.one\/de\/?s=%22Andreas+Schmied%22&amp;post_type=product\"><strong>Andreas Schmied<\/strong><\/a><\/p>\n<p>Label: <strong>Samsara Film \/ <a href=\"https:\/\/ucm.one\/de\/produkt-kategorie\/label-film-de\/b-spree-pictures-de\/\">B-Spree Pictures<\/a><\/strong><\/p>\n<p>Art:\u00a0<strong><a href=\"https:\/\/ucm.one\/de\/produkt-kategorie\/art-de\/filme-de\/\">Film<\/a> (Spielfilm)<\/strong><\/p>\n<p>Genres: <b><a title=\"\" href=\"https:\/\/ucm.one\/de\/produkt-kategorie\/genre-film-de\/komoedie-de\/\">Kom\u00f6die<\/a><\/b>, <b><a href=\"https:\/\/ucm.one\/de\/produkt-kategorie\/genre-film-de\/action-de\/\">Action<\/a><\/b><\/p>\n<p>Jahr: <strong>2026<\/strong><\/p>\n<p>FSK: <strong>12<\/strong><\/p>\n<p>Formate: <strong>Diverse<\/strong><\/p>\n<\/div>\n\n\t<p class=\"wc-gzd-additional-info wc-gzd-additional-info-loop tax-info\">inkl. MwSt.<\/p>\n\n\t<p class=\"wc-gzd-additional-info wc-gzd-additional-info-loop shipping-costs-info\">zzgl. <a href=\"https:\/\/ucm.one\/de\/versandarten\/\" target=\"_blank\">Versandkosten<\/a><\/p>\n\n\n\n\t<\/figcaption>\n<\/figure>\n\n<\/article>\n\n\n\n<article class=\"post visible description-off product type-product post-411561 status-publish last instock product_cat-action-de product_cat-filme-de product_cat-itn-germany-de product_cat-horror-de product_cat-dvd-de product_cat-abenteuer product_tag-comedy product_tag-itn product_tag-itn-germany product_tag-claw product_tag-jurassic-park product_tag-stand-up product_tag-t-rex has-post-thumbnail taxable shipping-taxable purchasable product-type-variable has-default-attributes\">\n\n\t<figure class=\"woocom-project\">\n\t<div class=\"woo-buttons-on-img\">\n\n\t\t<a href=\"https:\/\/ucm.one\/de\/produkt\/claw\/\" class=\"alignnone layzr-bg\"><img decoding=\"async\" width=\"300\" height=\"429\" src=\"data:image\/svg+xml;charset=utf-8,%3Csvg xmlns%3D&#039;http%3A%2F%2Fwww.w3.org%2F2000%2Fsvg&#039; viewBox%3D&#039;0 0 300 429&#039;%2F%3E\" class=\"attachment-woocommerce_thumbnail size-woocommerce_thumbnail lazy-load preload-me\" alt=\"Claw\" data-src=\"https:\/\/ucm.one\/wp-content\/uploads\/2025\/10\/C-Claw-DVD-2D-FSK12-300x429.jpg\" data-srcset=\"https:\/\/ucm.one\/wp-content\/uploads\/2025\/10\/C-Claw-DVD-2D-FSK12-300x429.jpg 300w, https:\/\/ucm.one\/wp-content\/uploads\/2025\/10\/C-Claw-DVD-2D-FSK12-210x300.jpg 210w, https:\/\/ucm.one\/wp-content\/uploads\/2025\/10\/C-Claw-DVD-2D-FSK12-600x858.jpg 600w, https:\/\/ucm.one\/wp-content\/uploads\/2025\/10\/C-Claw-DVD-2D-FSK12.jpg 699w\" \/><\/a>\n\t<\/div>\n\t<figcaption class=\"woocom-list-content\">\n\n\t\t\n\n\n<div class=\"woocommerce-product-details__short-description\">\n\t<p>Regie: <a title=\"Brendan Petrizzo\" href=\"https:\/\/ucm.one\/de\/?s=%22Gerald+Rascionato%22&amp;post_type=product\"><strong>Gerald Rascionato<\/strong><\/a><\/p>\n<p>Label: <a title=\"M-Square Pictures\" href=\"https:\/\/ucm.one\/de\/produkt-kategorie\/label-film-de\/itn-germany-de\/\"><strong>ITN Germany<\/strong><\/a><\/p>\n<p>Art:\u00a0<strong><a href=\"https:\/\/ucm.one\/de\/produkt-kategorie\/art-de\/filme-de\/\">Film<\/a> (Spielfilm)<\/strong><\/p>\n<p>Genre: <b><a title=\"\" href=\"https:\/\/ucm.one\/de\/produkt-kategorie\/genre-film-de\/action-de\/\">Action<\/a><\/b>, <b><a href=\"https:\/\/ucm.one\/de\/produkt-kategorie\/genre-film-de\/horror-de\/\">Horror<\/a><\/b><\/p>\n<p>Jahr: <strong>2025<\/strong><\/p>\n<p>FSK: <strong>12<\/strong><\/p>\n<p>Format: <strong>DVD<\/strong><\/p>\n<\/div>\n\n\t<p class=\"wc-gzd-additional-info wc-gzd-additional-info-loop tax-info\">inkl. MwSt.<\/p>\n\n\t<p class=\"wc-gzd-additional-info wc-gzd-additional-info-loop shipping-costs-info\">zzgl. <a href=\"https:\/\/ucm.one\/de\/versandarten\/\" target=\"_blank\">Versandkosten<\/a><\/p>\n\n\n\n\t<\/figcaption>\n<\/figure>\n\n<\/article>\n\n\n\n<article class=\"post visible description-off product type-product post-411546 status-publish first instock product_cat-thriller-de product_cat-dvd-de product_cat-drama-de product_cat-artkeim-de product_cat-arthouse-de product_cat-filme-de product_tag-ulrich-tukur product_tag-tatort product_tag-koran product_tag-jurijs-saule product_tag-deutscher-filmpreis product_tag-martin-liest-den-koran has-post-thumbnail taxable shipping-taxable purchasable product-type-variable has-default-attributes\">\n\n\t<figure class=\"woocom-project\">\n\t<div class=\"woo-buttons-on-img\">\n\n\t\t<a href=\"https:\/\/ucm.one\/de\/produkt\/martin-liest-den-koran\/\" class=\"alignnone layzr-bg\"><img decoding=\"async\" width=\"300\" height=\"429\" src=\"data:image\/svg+xml;charset=utf-8,%3Csvg xmlns%3D&#039;http%3A%2F%2Fwww.w3.org%2F2000%2Fsvg&#039; viewBox%3D&#039;0 0 300 429&#039;%2F%3E\" class=\"attachment-woocommerce_thumbnail size-woocommerce_thumbnail lazy-load preload-me\" alt=\"Martin liest den Koran\" data-src=\"https:\/\/ucm.one\/wp-content\/uploads\/2025\/10\/C-Martin-liest-den-Koran-300x429.jpg\" data-srcset=\"https:\/\/ucm.one\/wp-content\/uploads\/2025\/10\/C-Martin-liest-den-Koran-300x429.jpg 300w, https:\/\/ucm.one\/wp-content\/uploads\/2025\/10\/C-Martin-liest-den-Koran-210x300.jpg 210w, https:\/\/ucm.one\/wp-content\/uploads\/2025\/10\/C-Martin-liest-den-Koran-600x858.jpg 600w, https:\/\/ucm.one\/wp-content\/uploads\/2025\/10\/C-Martin-liest-den-Koran.jpg 699w\" \/><\/a>\n\t<\/div>\n\t<figcaption class=\"woocom-list-content\">\n\n\t\t\n\n\n<div class=\"woocommerce-product-details__short-description\">\n\t<p>Regie: <a title=\"\" href=\"https:\/\/ucm.one\/de\/?s=%22Jurijs+Saule%22&amp;post_type=product\"><strong>Jurijs Saule<\/strong><\/a><\/p>\n<p>Label: <a title=\"\" href=\"https:\/\/ucm.one\/de\/produkt-kategorie\/label-film-de\/artkeim-de\/\"><strong>Artkeim\u00b2<\/strong><\/a><\/p>\n<p>Art:\u00a0<strong><a href=\"https:\/\/ucm.one\/de\/produkt-kategorie\/art-de\/filme-de\/\">Film<\/a> (Spielfilm)<\/strong><\/p>\n<p>Genres: <strong><a href=\"https:\/\/ucm.one\/de\/produkt-kategorie\/genre-film-de\/drama-de\/\">Drama<\/a><\/strong>, <b><a title=\"Kom\u00f6die\" href=\"https:\/\/ucm.one\/de\/produkt-kategorie\/genre-film-de\/thriller-de\/\">Thriller<\/a><\/b><\/p>\n<p>Jahr: <strong>2025<\/strong><\/p>\n<p>FSK: <strong>16<\/strong><\/p>\n<p>Format: <strong>DVD<\/strong><\/p>\n<\/div>\n\n\t<p class=\"wc-gzd-additional-info wc-gzd-additional-info-loop tax-info\">inkl. MwSt.<\/p>\n\n\t<p class=\"wc-gzd-additional-info wc-gzd-additional-info-loop shipping-costs-info\">zzgl. <a href=\"https:\/\/ucm.one\/de\/versandarten\/\" target=\"_blank\">Versandkosten<\/a><\/p>\n\n\n\n\t<\/figcaption>\n<\/figure>\n\n<\/article>\n\n\n\n<article class=\"post visible description-off product type-product post-410212 status-publish instock product_cat-drama-de product_cat-darling-berlin-de product_cat-arthouse-de product_cat-filme-de product_cat-thriller-de product_cat-dvd-de product_tag-darling-berlin product_tag-lotte product_tag-julius-schultheiss product_tag-monolith has-post-thumbnail taxable shipping-taxable purchasable product-type-variable has-default-attributes\">\n\n\t<figure class=\"woocom-project\">\n\t<div class=\"woo-buttons-on-img\">\n\n\t\t<a href=\"https:\/\/ucm.one\/de\/produkt\/monolith\/\" class=\"alignnone layzr-bg\"><img decoding=\"async\" width=\"300\" height=\"429\" src=\"data:image\/svg+xml;charset=utf-8,%3Csvg xmlns%3D&#039;http%3A%2F%2Fwww.w3.org%2F2000%2Fsvg&#039; viewBox%3D&#039;0 0 300 429&#039;%2F%3E\" class=\"attachment-woocommerce_thumbnail size-woocommerce_thumbnail lazy-load preload-me\" alt=\"Monolith\" data-src=\"https:\/\/ucm.one\/wp-content\/uploads\/2025\/10\/C-Monolith-DVD-300x429.jpg\" data-srcset=\"https:\/\/ucm.one\/wp-content\/uploads\/2025\/10\/C-Monolith-DVD-300x429.jpg 300w, https:\/\/ucm.one\/wp-content\/uploads\/2025\/10\/C-Monolith-DVD-210x300.jpg 210w, https:\/\/ucm.one\/wp-content\/uploads\/2025\/10\/C-Monolith-DVD-600x858.jpg 600w, https:\/\/ucm.one\/wp-content\/uploads\/2025\/10\/C-Monolith-DVD.jpg 699w\" \/><\/a>\n\t<\/div>\n\t<figcaption class=\"woocom-list-content\">\n\n\t\t\n\n\n<div class=\"woocommerce-product-details__short-description\">\n\t<p>Regie: <strong><a title=\"Julius Schulthei\u00df\" href=\"https:\/\/ucm.one\/de\/?s=%22Julius+Schulthei\u00df%22&amp;post_type=product\">Julius Schulthei\u00df<\/a><\/strong><\/p>\n<p>Label:\u00a0<a title=\"\" href=\"https:\/\/ucm.one\/de\/produkt-kategorie\/label-film-de\/darling-berlin-de\/\"><strong>Darling Berlin<\/strong><\/a><\/p>\n<p>Art:\u00a0<strong><a href=\"https:\/\/ucm.one\/de\/produkt-kategorie\/art-de\/filme-de\/\">Film<\/a> (Spielfilm)<\/strong><\/p>\n<p>Genre:\u00a0<b><a href=\"https:\/\/ucm.one\/de\/produkt-kategorie\/genre-film-de\/drama-de\/\">Drama<\/a><\/b><\/p>\n<p>Jahr: <strong>2025<\/strong><\/p>\n<p>FSK: <strong>12<\/strong><\/p>\n<p>Format: <strong>DVD<\/strong><\/p>\n<\/div>\n\n\t<p class=\"wc-gzd-additional-info wc-gzd-additional-info-loop tax-info\">inkl. MwSt.<\/p>\n\n\t<p class=\"wc-gzd-additional-info wc-gzd-additional-info-loop shipping-costs-info\">zzgl. <a href=\"https:\/\/ucm.one\/de\/versandarten\/\" target=\"_blank\">Versandkosten<\/a><\/p>\n\n\n\n\t<\/figcaption>\n<\/figure>\n\n<\/article>\n\n<\/div><\/div>[vc_empty_space height=&#8220;10px&#8220;][vc_btn title=&#8220;Mehr Filme&#8220; style=&#8220;outline-custom&#8220; outline_custom_color=&#8220;#666666&#8243; outline_custom_hover_background=&#8220;#a0a0a0&#8243; outline_custom_hover_text=&#8220;#ffffff&#8220; size=&#8220;xs&#8220; align=&#8220;right&#8220; i_icon_fontawesome=&#8220;fas fa-angle-double-right&#8220; css=&#8220;.vc_custom_1679325616339{margin-top: -30px !important;}&#8220; add_icon=&#8220;true&#8220; link=&#8220;url:https%3A%2F%2Fucm.one%2Fde%2Fprodukt-kategorie%2Fart-de%2Ffilme-de%2F|title:Mehr%20Filme&#8220;][\/vc_column][vc_column width=&#8220;1\/3&#8243;][vc_column_text]<\/p>\n<h3>Film-News:<\/h3>\n<p>[\/vc_column_text]<style type=\"text\/css\" data-type=\"the7_shortcodes-inline-css\">.blog-shortcode.blog-list-shortcode-id-5ce25f36ad4f1c367689339811afb549.content-bg-on.classic-layout-list article {\n  background: rgba(165,165,165,0.23);\n  box-shadow: none;\n}\n.blog-shortcode.blog-list-shortcode-id-5ce25f36ad4f1c367689339811afb549.dividers-on.classic-layout-list article {\n  margin-top: 50px;\n  padding-top: 0;\n}\n.blog-shortcode.blog-list-shortcode-id-5ce25f36ad4f1c367689339811afb549.dividers-on.classic-layout-list article:first-of-type {\n  margin-top: 0;\n  padding-top: 0;\n}\n.blog-shortcode.blog-list-shortcode-id-5ce25f36ad4f1c367689339811afb549.classic-layout-list.mode-list .post-thumbnail-wrap {\n  width: 100%;\n}\n.blog-shortcode.blog-list-shortcode-id-5ce25f36ad4f1c367689339811afb549.classic-layout-list.mode-list .post-entry-content {\n  width: calc(100% - 100%);\n}\n.blog-shortcode.blog-list-shortcode-id-5ce25f36ad4f1c367689339811afb549.classic-layout-list.mode-list .no-img .post-entry-content {\n  width: 100%;\n}\n.blog-shortcode.blog-list-shortcode-id-5ce25f36ad4f1c367689339811afb549 .filter-bg-decoration .filter-categories a.act {\n  color: #fff;\n}\n.blog-shortcode.blog-list-shortcode-id-5ce25f36ad4f1c367689339811afb549:not(.mode-masonry) article {\n  margin-top: 50px;\n}\n.blog-shortcode.blog-list-shortcode-id-5ce25f36ad4f1c367689339811afb549:not(.mode-masonry) article:first-of-type,\n.blog-shortcode.blog-list-shortcode-id-5ce25f36ad4f1c367689339811afb549:not(.mode-masonry) article.visible.first:not(.product) {\n  margin-top: 0;\n}\n.blog-shortcode.blog-list-shortcode-id-5ce25f36ad4f1c367689339811afb549.dividers-on:not(.mode-masonry) article {\n  margin-top: 0;\n  padding-top: 50px;\n}\n.blog-shortcode.blog-list-shortcode-id-5ce25f36ad4f1c367689339811afb549.dividers-on:not(.mode-masonry) article:first-of-type,\n.blog-shortcode.blog-list-shortcode-id-5ce25f36ad4f1c367689339811afb549.dividers-on:not(.mode-masonry) article.visible.first:not(.product) {\n  margin-top: 0;\n  padding-top: 0;\n}\n.blog-shortcode.blog-list-shortcode-id-5ce25f36ad4f1c367689339811afb549 .post-thumbnail-wrap {\n  padding: 0px 0px 0px 0px;\n}\n.blog-shortcode.blog-list-shortcode-id-5ce25f36ad4f1c367689339811afb549.enable-bg-rollover .post-thumbnail-rollover:after {\n  background: -webkit-linear-gradient();\n  background: linear-gradient();\n}\n.blog-shortcode.blog-list-shortcode-id-5ce25f36ad4f1c367689339811afb549 .gallery-zoom-ico {\n  width: 44px;\n  height: 44px;\n  line-height: 44px;\n  border-radius: 100px;\n  margin: -22px 0 0 -22px;\n  border-width: 0px;\n  color: #ffffff;\n}\n.bottom-overlap-layout-list.blog-shortcode.blog-list-shortcode-id-5ce25f36ad4f1c367689339811afb549 .gallery-zoom-ico {\n  margin-top: -22px;\n}\n.gradient-overlay-layout-list.blog-shortcode.blog-list-shortcode-id-5ce25f36ad4f1c367689339811afb549 .gallery-zoom-ico,\n.content-rollover-layout-list.blog-shortcode.blog-list-shortcode-id-5ce25f36ad4f1c367689339811afb549 .gallery-zoom-ico {\n  margin: 0 0 10px;\n}\n.content-align-center.gradient-overlay-layout-list.blog-shortcode.blog-list-shortcode-id-5ce25f36ad4f1c367689339811afb549 .gallery-zoom-ico,\n.content-align-center.content-rollover-layout-list.blog-shortcode.blog-list-shortcode-id-5ce25f36ad4f1c367689339811afb549 .gallery-zoom-ico {\n  margin: 0 auto 10px;\n}\n.dt-icon-bg-on.blog-shortcode.blog-list-shortcode-id-5ce25f36ad4f1c367689339811afb549 .gallery-zoom-ico {\n  background: rgba(255,255,255,0.3);\n  box-shadow: none;\n}\n.blog-shortcode.blog-list-shortcode-id-5ce25f36ad4f1c367689339811afb549 .gallery-zoom-ico > span,\n.blog-shortcode.blog-list-shortcode-id-5ce25f36ad4f1c367689339811afb549 .gallery-zoom-ico:before {\n  font-size: 32px;\n  line-height: 44px;\n}\n.blog-shortcode.blog-list-shortcode-id-5ce25f36ad4f1c367689339811afb549 .gallery-zoom-ico > span,\n.blog-shortcode.blog-list-shortcode-id-5ce25f36ad4f1c367689339811afb549 .gallery-zoom-ico:before {\n  color: #ffffff;\n}\n.blog-shortcode.blog-list-shortcode-id-5ce25f36ad4f1c367689339811afb549 .fancy-date a {\n  background: #ffffff;\n  box-shadow: none;\n}\n.blog-shortcode.blog-list-shortcode-id-5ce25f36ad4f1c367689339811afb549 .fancy-date a * {\n  color: #2d2d2d;\n}\n.blog-shortcode.blog-list-shortcode-id-5ce25f36ad4f1c367689339811afb549 .entry-title,\n.blog-shortcode.blog-list-shortcode-id-5ce25f36ad4f1c367689339811afb549.owl-carousel .entry-title {\n  margin-bottom: 5px;\n  font-size: -2px;\n  line-height: -2px;\n  font-weight: bold;\n}\n.blog-shortcode.blog-list-shortcode-id-5ce25f36ad4f1c367689339811afb549 .entry-meta {\n  margin-bottom: 15px;\n}\n.blog-shortcode.blog-list-shortcode-id-5ce25f36ad4f1c367689339811afb549 .portfolio-categories {\n  margin-bottom: 15px;\n}\n.blog-shortcode.blog-list-shortcode-id-5ce25f36ad4f1c367689339811afb549 .entry-excerpt {\n  margin-bottom: 5px;\n}\n.blog-shortcode.blog-list-shortcode-id-5ce25f36ad4f1c367689339811afb549:not(.centered-layout-list) .post-entry-content {\n  padding: 25px 30px 30px 30px;\n}\n.blog-shortcode.blog-list-shortcode-id-5ce25f36ad4f1c367689339811afb549:not(.centered-layout-list):not(.content-bg-on):not(.mode-list) .no-img .post-entry-content {\n  padding: 0;\n}\n.blog-shortcode.blog-list-shortcode-id-5ce25f36ad4f1c367689339811afb549.content-bg-on:not(.classic-layout-list):not(.centered-layout-list) .post-entry-content {\n  background: rgba(165,165,165,0.23);\n  box-shadow: none;\n}\n@media screen and (max-width: 768px) {\n  .blog-shortcode.blog-list-shortcode-id-5ce25f36ad4f1c367689339811afb549 article {\n    -ms-flex-flow: column nowrap;\n    flex-flow: column nowrap;\n    margin-top: 20px;\n  }\n  .blog-shortcode.blog-list-shortcode-id-5ce25f36ad4f1c367689339811afb549.dividers-on article {\n    border: none;\n  }\n  .blog-shortcode.blog-list-shortcode-id-5ce25f36ad4f1c367689339811afb549.content-bg-on.centered-layout-list article {\n    padding: 0;\n  }\n  .blog-shortcode.blog-list-shortcode-id-5ce25f36ad4f1c367689339811afb549.blog-shortcode.dividers-on article,\n  .blog-shortcode.blog-list-shortcode-id-5ce25f36ad4f1c367689339811afb549.dividers-on.classic-layout-list article {\n    margin-top: 20px;\n    padding: 0;\n  }\n  .blog-shortcode.blog-list-shortcode-id-5ce25f36ad4f1c367689339811afb549.blog-shortcode.dividers-on article:first-of-type,\n  .blog-shortcode.blog-list-shortcode-id-5ce25f36ad4f1c367689339811afb549.dividers-on.classic-layout-list article:first-of-type {\n    padding: 0;\n  }\n  #page .blog-shortcode.blog-list-shortcode-id-5ce25f36ad4f1c367689339811afb549 .post-thumbnail-wrap,\n  #page .blog-shortcode.blog-list-shortcode-id-5ce25f36ad4f1c367689339811afb549 .post-entry-content {\n    width: 100%;\n    margin: 0;\n    top: 0;\n  }\n  #page .blog-shortcode.blog-list-shortcode-id-5ce25f36ad4f1c367689339811afb549 .post-thumbnail-wrap {\n    padding: 0;\n  }\n  #page .blog-shortcode.blog-list-shortcode-id-5ce25f36ad4f1c367689339811afb549 .post-entry-content:after {\n    display: none;\n  }\n  #page .blog-shortcode.blog-list-shortcode-id-5ce25f36ad4f1c367689339811afb549 .project-even .post-thumbnail-wrap,\n  #page .blog-shortcode.blog-list-shortcode-id-5ce25f36ad4f1c367689339811afb549.centered-layout-list .post-thumbnail-wrap {\n    -ms-flex-order: 0;\n    order: 0;\n  }\n  #page .blog-shortcode.blog-list-shortcode-id-5ce25f36ad4f1c367689339811afb549.centered-layout-list .post-entry-title-content {\n    -ms-flex-order: 1;\n    order: 1;\n    width: 100%;\n    padding: 20px 20px 0;\n  }\n  #page .blog-shortcode.blog-list-shortcode-id-5ce25f36ad4f1c367689339811afb549.centered-layout-list .post-entry-content {\n    -ms-flex-order: 2;\n    order: 2;\n    padding-top: 0;\n  }\n  #page .blog-shortcode.blog-list-shortcode-id-5ce25f36ad4f1c367689339811afb549 .fancy-categories {\n    top: 10px;\n    left: 10px;\n    bottom: auto;\n    right: auto;\n  }\n  #page .blog-shortcode.blog-list-shortcode-id-5ce25f36ad4f1c367689339811afb549 .fancy-date a {\n    top: 10px;\n    right: 10px;\n    left: auto;\n    bottom: auto;\n  }\n  #page .blog-shortcode.blog-list-shortcode-id-5ce25f36ad4f1c367689339811afb549 .post-entry-content {\n    padding: 20px;\n  }\n  #page .blog-shortcode.blog-list-shortcode-id-5ce25f36ad4f1c367689339811afb549 .entry-title {\n    margin: 3px 0 5px;\n    font-size: 20px;\n    font-size: -2px;\n    line-height: 26px;\n    line-height: -2px;\n  }\n  #page .blog-shortcode.blog-list-shortcode-id-5ce25f36ad4f1c367689339811afb549 .entry-meta {\n    margin: 5px 0 5px;\n  }\n  #page .blog-shortcode.blog-list-shortcode-id-5ce25f36ad4f1c367689339811afb549 .entry-excerpt {\n    margin: 15px 0 0;\n  }\n  #page .blog-shortcode.blog-list-shortcode-id-5ce25f36ad4f1c367689339811afb549 .post-details {\n    margin: 5px 0 10px;\n  }\n  #page .blog-shortcode.blog-list-shortcode-id-5ce25f36ad4f1c367689339811afb549 .post-details.details-type-link {\n    margin-bottom: 2px;\n  }\n}<\/style><div class=\"articles-list blog-shortcode mode-list blog-list-shortcode-id-5ce25f36ad4f1c367689339811afb549 classic-layout-list content-bg-on jquery-filter scale-img dt-icon-bg-off loading-effect-fade-in\" data-cur-page=\"1\" data-post-limit=\"-1\" data-pagination-mode=\"none\"><article class=\"post project-odd visible  full-width-img post-416496 type-post status-publish format-standard has-post-thumbnail hentry category-film category-news tag-19353 tag-achtung-berlin tag-achtung-berlin-fimfestival tag-berlin tag-celine-scharff tag-darling-berlin tag-kino-babylin-berlin-mitte tag-lana-cooper tag-preisverleihung tag-regina-kraeh tag-sebastian-brose category-8 category-13 description-off\" data-name=\"\ud83c\udfac new berlin film awards f\u00fcr Lana Cooper und Celina Scharff &#8211; Preisverleihung achtung berlin filmfestival 2026\" data-date=\"2026-04-23T16:00:01+00:00\">\n\n<div class=\"post-thumbnail-wrap\">\n\t<div class=\"post-thumbnail\">\n\n\t\t\n\t\t\n\t\t<a href=\"https:\/\/ucm.one\/de\/new-berlin-film-awards-fuer-lana-cooper-und-celina-scharff-preisverleihung-achtung-berlin-filmfestival-2026\/\" class=\"post-thumbnail-rollover layzr-bg layzr-bg\" ><img fetchpriority=\"high\" decoding=\"async\" class=\"blog-thumb-lazy-load preload-me lazy-load aspect\" src=\"data:image\/svg+xml,%3Csvg%20xmlns%3D&#39;http%3A%2F%2Fwww.w3.org%2F2000%2Fsvg&#39;%20viewBox%3D&#39;0%200%20925%20289&#39;%2F%3E\" data-src=\"https:\/\/ucm.one\/wp-content\/uploads\/2026\/04\/b_ABFF2026_Preisverleihung-de-\u00a9Hingst-925x289.jpg\" data-srcset=\"https:\/\/ucm.one\/wp-content\/uploads\/2026\/04\/b_ABFF2026_Preisverleihung-de-\u00a9Hingst-925x289.jpg 925w, https:\/\/ucm.one\/wp-content\/uploads\/2026\/04\/b_ABFF2026_Preisverleihung-de-\u00a9Hingst-1573x491.jpg 1573w\" loading=\"eager\" style=\"--ratio: 925 \/ 289\" sizes=\"(max-width: 925px) 100vw, 925px\" alt=\"\" title=\"b_ABFF2026_Preisverleihung-de \u00a9Hingst\" width=\"925\" height=\"289\"  \/><\/a>\n\t<\/div>\n<\/div>\n\n\n<div class=\"post-entry-content\">\n\n\t<h3 class=\"entry-title\">\n\t\t<a href=\"https:\/\/ucm.one\/de\/new-berlin-film-awards-fuer-lana-cooper-und-celina-scharff-preisverleihung-achtung-berlin-filmfestival-2026\/\" title=\"\ud83c\udfac new berlin film awards f\u00fcr Lana Cooper und Celina Scharff &#8211; Preisverleihung achtung berlin filmfestival 2026\" rel=\"bookmark\">\ud83c\udfac new berlin film awards f\u00fcr Lana Cooper und Celina Scharff &#8211; Preisverleihung achtung berlin filmfestival 2026<\/a>\n\t<\/h3>\n\n\t<div class=\"entry-meta\"><span class=\"category-link\"><a href=\"https:\/\/ucm.one\/de\/category\/news\/film\/\" >Film<\/a>, <a href=\"https:\/\/ucm.one\/de\/category\/news\/\" >News<\/a><\/span><a href=\"https:\/\/ucm.one\/de\/2026\/04\/23\/\" title=\"16:00\" class=\"data-link\" rel=\"bookmark\"><time class=\"entry-date updated\" datetime=\"2026-04-23T16:00:01+00:00\">23. April 2026<\/time><\/a><\/div>\n\t<div class=\"entry-excerpt\"><p>[vc_row][vc_column][vc_column_text css=&#8220;&#8220;] Mit der Preisverleihung am Mittwoch, dem 22. April, im Kino Babylon endete das 22. achtung berlin filmfestival. Die Spielfilm-Jury w\u00fcrdigte mit dem von UCM.ONE und seinem Berliner Filmlabel&hellip;<\/p>\n<\/div>\n\t\n<a href=\"https:\/\/ucm.one\/de\/new-berlin-film-awards-fuer-lana-cooper-und-celina-scharff-preisverleihung-achtung-berlin-filmfestival-2026\/\" class=\"post-details details-type-link\" aria-label=\"Read more about \ud83c\udfac new berlin film awards f\u00fcr Lana Cooper und Celina Scharff &#8211; Preisverleihung achtung berlin filmfestival 2026\">Mehr lesen<i class=\"dt-icon-the7-arrow-03\" aria-hidden=\"true\"><\/i><\/a>\n\n<\/div><\/article><article class=\"post project-odd visible  full-width-img post-416399 type-post status-publish format-standard has-post-thumbnail hentry category-film category-firma category-news category-verleih tag-plan-f tag-19353 tag-achtung-berlin tag-achtung-berlin-fimfestival tag-ali-tamim tag-berlin tag-breaking-the-stigma tag-darling-berlin tag-filmfestival tag-ina-balon tag-karoline-roessler tag-volksbuehne tag-yann-rehberg category-8 category-5590 category-13 category-752 description-off\" data-name=\"\ud83c\udfac \u201eBreaking the Stigma&#8220; \u2014 Paneldiskussion beim achtung berlin filmfestival\" data-date=\"2026-04-21T17:29:15+00:00\">\n\n<div class=\"post-thumbnail-wrap\">\n\t<div class=\"post-thumbnail\">\n\n\t\t\n\t\t\n\t\t<a href=\"https:\/\/ucm.one\/de\/breaking-the-stigma-paneldiskussion-beim-achtung-berlin-filmfestival\/\" class=\"post-thumbnail-rollover layzr-bg layzr-bg\" ><img decoding=\"async\" class=\"blog-thumb-lazy-load preload-me lazy-load aspect\" src=\"data:image\/svg+xml,%3Csvg%20xmlns%3D&#39;http%3A%2F%2Fwww.w3.org%2F2000%2Fsvg&#39;%20viewBox%3D&#39;0%200%20925%20289&#39;%2F%3E\" data-src=\"https:\/\/ucm.one\/wp-content\/uploads\/2026\/04\/b_ABBF26_Stigma-de-2-925x289.jpg\" data-srcset=\"https:\/\/ucm.one\/wp-content\/uploads\/2026\/04\/b_ABBF26_Stigma-de-2-925x289.jpg 925w, https:\/\/ucm.one\/wp-content\/uploads\/2026\/04\/b_ABBF26_Stigma-de-2-1573x491.jpg 1573w\" loading=\"eager\" style=\"--ratio: 925 \/ 289\" sizes=\"(max-width: 925px) 100vw, 925px\" alt=\"\" title=\"b_ABBF26_Stigma-de\" width=\"925\" height=\"289\"  \/><\/a>\n\t<\/div>\n<\/div>\n\n\n<div class=\"post-entry-content\">\n\n\t<h3 class=\"entry-title\">\n\t\t<a href=\"https:\/\/ucm.one\/de\/breaking-the-stigma-paneldiskussion-beim-achtung-berlin-filmfestival\/\" title=\"\ud83c\udfac \u201eBreaking the Stigma&#8220; \u2014 Paneldiskussion beim achtung berlin filmfestival\" rel=\"bookmark\">\ud83c\udfac \u201eBreaking the Stigma&#8220; \u2014 Paneldiskussion beim achtung berlin filmfestival<\/a>\n\t<\/h3>\n\n\t<div class=\"entry-meta\"><span class=\"category-link\"><a href=\"https:\/\/ucm.one\/de\/category\/news\/film\/\" >Film<\/a>, <a href=\"https:\/\/ucm.one\/de\/category\/news\/firma\/\" >Firma<\/a>, <a href=\"https:\/\/ucm.one\/de\/category\/news\/\" >News<\/a>, <a href=\"https:\/\/ucm.one\/de\/category\/news\/verleih\/\" >Verleih<\/a><\/span><a href=\"https:\/\/ucm.one\/de\/2026\/04\/21\/\" title=\"17:29\" class=\"data-link\" rel=\"bookmark\"><time class=\"entry-date updated\" datetime=\"2026-04-21T17:29:15+00:00\">21. April 2026<\/time><\/a><\/div>\n\t<div class=\"entry-excerpt\"><p>[vc_row][vc_column][vc_column_text css=&#8220;&#8220;] Im Gr\u00fcnen Salon der Volksb\u00fchne am Rosa-Luxemburg-Platz \u2014 jenem rund 200 Quadratmeter gro\u00dfen Salonraum aus dem Wiederaufbau der fr\u00fchen F\u00fcnfzigerjahre, dessen ovale Glasl\u00fcster, schwere Samtvorh\u00e4nge und Spiegelwand bis&hellip;<\/p>\n<\/div>\n\t\n<a href=\"https:\/\/ucm.one\/de\/breaking-the-stigma-paneldiskussion-beim-achtung-berlin-filmfestival\/\" class=\"post-details details-type-link\" aria-label=\"Read more about \ud83c\udfac \u201eBreaking the Stigma&#8220; \u2014 Paneldiskussion beim achtung berlin filmfestival\">Mehr lesen<i class=\"dt-icon-the7-arrow-03\" aria-hidden=\"true\"><\/i><\/a>\n\n<\/div><\/article><article class=\"post project-odd visible  full-width-img post-416344 type-post status-publish format-standard has-post-thumbnail hentry category-darling-berlin category-film category-firma category-news category-verleih tag-plan-f tag-19353 tag-achtung-berlin tag-achtung-berlin-fimfestival tag-baerbel-schwarz tag-berlin tag-darling-berlin tag-filmfestival tag-ina-balon tag-jannik-bueddig tag-ursula-rennecke category-830 category-8 category-5590 category-13 category-752 description-off\" data-name=\"\ud83c\udfac \u201ePlan F&#8220; feiert Berliner Premiere beim 22. Achtung Berlin Filmfestival\" data-date=\"2026-04-20T12:00:53+00:00\">\n\n<div class=\"post-thumbnail-wrap\">\n\t<div class=\"post-thumbnail\">\n\n\t\t\n\t\t\n\t\t<a href=\"https:\/\/ucm.one\/de\/plan-f-feiert-berliner-premiere-beim-22-achtung-berlin-filmfestival\/\" class=\"post-thumbnail-rollover layzr-bg layzr-bg\" ><img decoding=\"async\" class=\"blog-thumb-lazy-load preload-me lazy-load aspect\" src=\"data:image\/svg+xml,%3Csvg%20xmlns%3D&#39;http%3A%2F%2Fwww.w3.org%2F2000%2Fsvg&#39;%20viewBox%3D&#39;0%200%20925%20289&#39;%2F%3E\" data-src=\"https:\/\/ucm.one\/wp-content\/uploads\/2026\/04\/bPlanF_ABBF26_Premiere_de-925x289.jpg\" data-srcset=\"https:\/\/ucm.one\/wp-content\/uploads\/2026\/04\/bPlanF_ABBF26_Premiere_de-925x289.jpg 925w, https:\/\/ucm.one\/wp-content\/uploads\/2026\/04\/bPlanF_ABBF26_Premiere_de-1573x491.jpg 1573w\" loading=\"eager\" style=\"--ratio: 925 \/ 289\" sizes=\"(max-width: 925px) 100vw, 925px\" alt=\"\" title=\"bPlanF_ABBF26_Premiere_de\" width=\"925\" height=\"289\"  \/><\/a>\n\t<\/div>\n<\/div>\n\n\n<div class=\"post-entry-content\">\n\n\t<h3 class=\"entry-title\">\n\t\t<a href=\"https:\/\/ucm.one\/de\/plan-f-feiert-berliner-premiere-beim-22-achtung-berlin-filmfestival\/\" title=\"\ud83c\udfac \u201ePlan F&#8220; feiert Berliner Premiere beim 22. Achtung Berlin Filmfestival\" rel=\"bookmark\">\ud83c\udfac \u201ePlan F&#8220; feiert Berliner Premiere beim 22. Achtung Berlin Filmfestival<\/a>\n\t<\/h3>\n\n\t<div class=\"entry-meta\"><span class=\"category-link\"><a href=\"https:\/\/ucm.one\/de\/category\/news\/film\/darling-berlin\/\" >Darling Berlin<\/a>, <a href=\"https:\/\/ucm.one\/de\/category\/news\/film\/\" >Film<\/a>, <a href=\"https:\/\/ucm.one\/de\/category\/news\/firma\/\" >Firma<\/a>, <a href=\"https:\/\/ucm.one\/de\/category\/news\/\" >News<\/a>, <a href=\"https:\/\/ucm.one\/de\/category\/news\/verleih\/\" >Verleih<\/a><\/span><a href=\"https:\/\/ucm.one\/de\/2026\/04\/20\/\" title=\"12:00\" class=\"data-link\" rel=\"bookmark\"><time class=\"entry-date updated\" datetime=\"2026-04-20T12:00:53+00:00\">20. April 2026<\/time><\/a><\/div>\n\t<div class=\"entry-excerpt\"><p>[vc_row][vc_column][vc_column_text css=&#8220;&#8220;] Am Sonntagabend, 19. April 2026, feierte der Spielfilm \u201ePlan F&#8220; von Regisseurin Ina Balon seine Berliner Premiere im Kino Babylon Berlin-Mitte. Gezeigt wurde der Film um 18:15 Uhr&hellip;<\/p>\n<\/div>\n\t\n<a href=\"https:\/\/ucm.one\/de\/plan-f-feiert-berliner-premiere-beim-22-achtung-berlin-filmfestival\/\" class=\"post-details details-type-link\" aria-label=\"Read more about \ud83c\udfac \u201ePlan F&#8220; feiert Berliner Premiere beim 22. Achtung Berlin Filmfestival\">Mehr lesen<i class=\"dt-icon-the7-arrow-03\" aria-hidden=\"true\"><\/i><\/a>\n\n<\/div><\/article><article class=\"post project-odd visible  full-width-img post-416180 type-post status-publish format-standard has-post-thumbnail hentry category-film category-firma category-news category-verleih tag-19353 tag-achtung-berlin tag-achtung-berlin-fimfestival tag-berlin tag-breaking-the-stigma tag-darling-berlin tag-filmfestival tag-regina-kraeh tag-sebastian-brose category-8 category-5590 category-13 category-752 description-off\" data-name=\"\ud83c\udfac UCM.ONE und Darling Berlin sind zum elften Mal Partner des achtung berlin filmfestivals\" data-date=\"2026-04-16T12:00:27+00:00\">\n\n<div class=\"post-thumbnail-wrap\">\n\t<div class=\"post-thumbnail\">\n\n\t\t\n\t\t\n\t\t<a href=\"https:\/\/ucm.one\/de\/ucm-one-und-darling-berlin-sind-zum-elften-mal-partner-des-achtung-berlin-filmfestivals\/\" class=\"post-thumbnail-rollover layzr-bg layzr-bg\" ><img decoding=\"async\" class=\"blog-thumb-lazy-load preload-me lazy-load aspect\" src=\"data:image\/svg+xml,%3Csvg%20xmlns%3D&#39;http%3A%2F%2Fwww.w3.org%2F2000%2Fsvg&#39;%20viewBox%3D&#39;0%200%20925%20289&#39;%2F%3E\" data-src=\"https:\/\/ucm.one\/wp-content\/uploads\/2026\/04\/b_ABBF2026-925x289.jpg\" data-srcset=\"https:\/\/ucm.one\/wp-content\/uploads\/2026\/04\/b_ABBF2026-925x289.jpg 925w, https:\/\/ucm.one\/wp-content\/uploads\/2026\/04\/b_ABBF2026-1573x491.jpg 1573w\" loading=\"eager\" style=\"--ratio: 925 \/ 289\" sizes=\"(max-width: 925px) 100vw, 925px\" alt=\"\" title=\"b_ABBF2026\" width=\"925\" height=\"289\"  \/><\/a>\n\t<\/div>\n<\/div>\n\n\n<div class=\"post-entry-content\">\n\n\t<h3 class=\"entry-title\">\n\t\t<a href=\"https:\/\/ucm.one\/de\/ucm-one-und-darling-berlin-sind-zum-elften-mal-partner-des-achtung-berlin-filmfestivals\/\" title=\"\ud83c\udfac UCM.ONE und Darling Berlin sind zum elften Mal Partner des achtung berlin filmfestivals\" rel=\"bookmark\">\ud83c\udfac UCM.ONE und Darling Berlin sind zum elften Mal Partner des achtung berlin filmfestivals<\/a>\n\t<\/h3>\n\n\t<div class=\"entry-meta\"><span class=\"category-link\"><a href=\"https:\/\/ucm.one\/de\/category\/news\/film\/\" >Film<\/a>, <a href=\"https:\/\/ucm.one\/de\/category\/news\/firma\/\" >Firma<\/a>, <a href=\"https:\/\/ucm.one\/de\/category\/news\/\" >News<\/a>, <a href=\"https:\/\/ucm.one\/de\/category\/news\/verleih\/\" >Verleih<\/a><\/span><a href=\"https:\/\/ucm.one\/de\/2026\/04\/16\/\" title=\"12:00\" class=\"data-link\" rel=\"bookmark\"><time class=\"entry-date updated\" datetime=\"2026-04-16T12:00:27+00:00\">16. April 2026<\/time><\/a><\/div>\n\t<div class=\"entry-excerpt\"><p>[vc_row][vc_column][vc_column_text css=&#8220;&#8220;] UCM.ONE \/ DARLING BERLIN begleitet die 22. Ausgabe des Achtung Berlin Festivals mit einem Film im Wettbewerb, einem selbst initiierten Panel w\u00e4hrend der Branchentage und der Stiftung des&hellip;<\/p>\n<\/div>\n\t\n<a href=\"https:\/\/ucm.one\/de\/ucm-one-und-darling-berlin-sind-zum-elften-mal-partner-des-achtung-berlin-filmfestivals\/\" class=\"post-details details-type-link\" aria-label=\"Read more about \ud83c\udfac UCM.ONE und Darling Berlin sind zum elften Mal Partner des achtung berlin filmfestivals\">Mehr lesen<i class=\"dt-icon-the7-arrow-03\" aria-hidden=\"true\"><\/i><\/a>\n\n<\/div><\/article><article class=\"post project-odd visible  full-width-img post-415904 type-post status-publish format-standard has-post-thumbnail hentry category-cinenet category-film category-filmklassiker category-news category-zeitlose-filmkunst tag--08-april-2026 tag-am-tag-als-der-regen-kam tag-darling-berlin tag-die-endlose-nacht tag-gerd-oswald tag-mario-adorf tag-trauer tag-will-tremper category-1271 category-8 category-7004 category-13 category-15548 description-off\" data-name=\"\ud83c\udfac Trauer um Mario Adorf\" data-date=\"2026-04-09T10:00:09+00:00\">\n\n<div class=\"post-thumbnail-wrap\">\n\t<div class=\"post-thumbnail\">\n\n\t\t\n\t\t\n\t\t<a href=\"https:\/\/ucm.one\/de\/trauer-um-mario-adorf\/\" class=\"post-thumbnail-rollover layzr-bg layzr-bg\" ><img decoding=\"async\" class=\"blog-thumb-lazy-load preload-me lazy-load aspect\" src=\"data:image\/svg+xml,%3Csvg%20xmlns%3D&#39;http%3A%2F%2Fwww.w3.org%2F2000%2Fsvg&#39;%20viewBox%3D&#39;0%200%20925%20289&#39;%2F%3E\" data-src=\"https:\/\/ucm.one\/wp-content\/uploads\/2026\/04\/MarioAdorf_TrauerBanner_CC-BY-SA-4_Heike_Huslage-Koch-1-925x289.jpg\" data-srcset=\"https:\/\/ucm.one\/wp-content\/uploads\/2026\/04\/MarioAdorf_TrauerBanner_CC-BY-SA-4_Heike_Huslage-Koch-1-925x289.jpg 925w, https:\/\/ucm.one\/wp-content\/uploads\/2026\/04\/MarioAdorf_TrauerBanner_CC-BY-SA-4_Heike_Huslage-Koch-1-1573x491.jpg 1573w\" loading=\"eager\" style=\"--ratio: 925 \/ 289\" sizes=\"(max-width: 925px) 100vw, 925px\" alt=\"CC BY-SA 4.0 \/ Bild: Heike Huslage-Koch (Bild wurde zugeschnitten \/ in Schwarzwei\u00df umgewandelt)\" title=\"CC BY-SA 4.0 \/ Bild: Heike Huslage-Koch (Bild wurde zugeschnitten \/ in Schwarzwei\u00df umgewandelt)\" width=\"925\" height=\"289\"  \/><\/a>\n\t<\/div>\n<\/div>\n\n\n<div class=\"post-entry-content\">\n\n\t<h3 class=\"entry-title\">\n\t\t<a href=\"https:\/\/ucm.one\/de\/trauer-um-mario-adorf\/\" title=\"\ud83c\udfac Trauer um Mario Adorf\" rel=\"bookmark\">\ud83c\udfac Trauer um Mario Adorf<\/a>\n\t<\/h3>\n\n\t<div class=\"entry-meta\"><span class=\"category-link\"><a href=\"https:\/\/ucm.one\/de\/category\/news\/film\/cinenet\/\" >CiNENET<\/a>, <a href=\"https:\/\/ucm.one\/de\/category\/news\/film\/\" >Film<\/a>, <a href=\"https:\/\/ucm.one\/de\/category\/news\/filmklassiker\/\" >Filmklassiker<\/a>, <a href=\"https:\/\/ucm.one\/de\/category\/news\/\" >News<\/a>, <a href=\"https:\/\/ucm.one\/de\/category\/zeitlose-filmkunst\/\" >Zeitlose Filmkunst<\/a><\/span><a href=\"https:\/\/ucm.one\/de\/2026\/04\/09\/\" title=\"10:00\" class=\"data-link\" rel=\"bookmark\"><time class=\"entry-date updated\" datetime=\"2026-04-09T10:00:09+00:00\">9. April 2026<\/time><\/a><\/div>\n\t<div class=\"entry-excerpt\"><p>[vc_row][vc_column][vc_column_text css=&#8220;&#8220;] Am 8. April 2026 ist Mario Adorf im Alter von 95 Jahren in seiner Wohnung in Paris verstorben. Mit ihm verliert das europ\u00e4ische Kino einen seiner letzten gro\u00dfen&hellip;<\/p>\n<\/div>\n\t\n<a href=\"https:\/\/ucm.one\/de\/trauer-um-mario-adorf\/\" class=\"post-details details-type-link\" aria-label=\"Read more about \ud83c\udfac Trauer um Mario Adorf\">Mehr lesen<i class=\"dt-icon-the7-arrow-03\" aria-hidden=\"true\"><\/i><\/a>\n\n<\/div><\/article><article class=\"post project-odd visible  full-width-img post-410469 type-post status-publish format-standard has-post-thumbnail hentry category-cinenet category-film category-news tag-advertised-video-on-demand tag-avod tag-cinenet tag-cinenet-deutschland tag-ganze-filme tag-kostenlos tag-spielfilme tag-top-10-filme tag-top-10-kanaele tag-youtube category-1271 category-8 category-13 description-off\" data-name=\"\u25b6\ufe0e Top 10 der erfolgreichsten Filme bei CiNENET und den Partnerkan\u00e4len im 1. Quartal 2026 bei YouTube\" data-date=\"2026-04-05T20:29:37+00:00\">\n\n<div class=\"post-thumbnail-wrap\">\n\t<div class=\"post-thumbnail\">\n\n\t\t\n\t\t\n\t\t<a href=\"https:\/\/ucm.one\/de\/top-10-der-erfolgreichsten-filme-bei-cinenet-und-den-partnerkanaelen-im-1-quartal-2026-bei-youtube\/\" class=\"post-thumbnail-rollover layzr-bg layzr-bg\" ><img decoding=\"async\" class=\"blog-thumb-lazy-load preload-me lazy-load aspect\" src=\"data:image\/svg+xml,%3Csvg%20xmlns%3D&#39;http%3A%2F%2Fwww.w3.org%2F2000%2Fsvg&#39;%20viewBox%3D&#39;0%200%20925%20289&#39;%2F%3E\" data-src=\"https:\/\/ucm.one\/wp-content\/uploads\/2026\/04\/B-CiNENET-Top-10-2026-Q1-925x289.jpg\" data-srcset=\"https:\/\/ucm.one\/wp-content\/uploads\/2026\/04\/B-CiNENET-Top-10-2026-Q1-925x289.jpg 925w, https:\/\/ucm.one\/wp-content\/uploads\/2026\/04\/B-CiNENET-Top-10-2026-Q1-1573x491.jpg 1573w\" loading=\"eager\" style=\"--ratio: 925 \/ 289\" sizes=\"(max-width: 925px) 100vw, 925px\" alt=\"\" title=\"B CiNENET Top 10 2026 Q1\" width=\"925\" height=\"289\"  \/><\/a>\n\t<\/div>\n<\/div>\n\n\n<div class=\"post-entry-content\">\n\n\t<h3 class=\"entry-title\">\n\t\t<a href=\"https:\/\/ucm.one\/de\/top-10-der-erfolgreichsten-filme-bei-cinenet-und-den-partnerkanaelen-im-1-quartal-2026-bei-youtube\/\" title=\"\u25b6\ufe0e Top 10 der erfolgreichsten Filme bei CiNENET und den Partnerkan\u00e4len im 1. Quartal 2026 bei YouTube\" rel=\"bookmark\">\u25b6\ufe0e Top 10 der erfolgreichsten Filme bei CiNENET und den Partnerkan\u00e4len im 1. Quartal 2026 bei YouTube<\/a>\n\t<\/h3>\n\n\t<div class=\"entry-meta\"><span class=\"category-link\"><a href=\"https:\/\/ucm.one\/de\/category\/news\/film\/cinenet\/\" >CiNENET<\/a>, <a href=\"https:\/\/ucm.one\/de\/category\/news\/film\/\" >Film<\/a>, <a href=\"https:\/\/ucm.one\/de\/category\/news\/\" >News<\/a><\/span><a href=\"https:\/\/ucm.one\/de\/2026\/04\/05\/\" title=\"20:29\" class=\"data-link\" rel=\"bookmark\"><time class=\"entry-date updated\" datetime=\"2026-04-05T20:29:37+00:00\">5. April 2026<\/time><\/a><\/div>\n\t<div class=\"entry-excerpt\"><p>[vc_row][vc_column][vc_column_text css=&#8220;&#8220;]Im ersten Quartal 2026 platzieren sich mit den Titeln \u201eLa Mala Monja 3\u201c und \u201eBeb\u00e9 Demon\u00edaco\u201c gleich zwei britische Filme auf dem spanischen CiNENET&#8211;Kanal auf den ersten beiden Pl\u00e4tzen.&hellip;<\/p>\n<\/div>\n\t\n<a href=\"https:\/\/ucm.one\/de\/top-10-der-erfolgreichsten-filme-bei-cinenet-und-den-partnerkanaelen-im-1-quartal-2026-bei-youtube\/\" class=\"post-details details-type-link\" aria-label=\"Read more about \u25b6\ufe0e Top 10 der erfolgreichsten Filme bei CiNENET und den Partnerkan\u00e4len im 1. Quartal 2026 bei YouTube\">Mehr lesen<i class=\"dt-icon-the7-arrow-03\" aria-hidden=\"true\"><\/i><\/a>\n\n<\/div><\/article><article class=\"post project-odd visible  full-width-img post-415701 type-post status-publish format-standard has-post-thumbnail hentry category-film category-filmvertrieb-de category-news category-vertrieb-von-medien-de tag-aggegator tag-april-2026 tag-digital-film-distribution-de tag-digitaler-filmvertrieb tag-est tag-fast tag-vod category-8 category-15325 category-13 category-15323 description-off\" data-name=\"\ud83c\udfac Digitale Film- &#038; Serienver\u00f6ffentlichungen im April 2026\" data-date=\"2026-04-01T10:55:00+00:00\">\n\n<div class=\"post-thumbnail-wrap\">\n\t<div class=\"post-thumbnail\">\n\n\t\t\n\t\t\n\t\t<a href=\"https:\/\/ucm.one\/de\/digitale-film-serienveroeffentlichungen-im-april-2026\/\" class=\"post-thumbnail-rollover layzr-bg layzr-bg\" ><img decoding=\"async\" class=\"blog-thumb-lazy-load preload-me lazy-load aspect\" src=\"data:image\/svg+xml,%3Csvg%20xmlns%3D&#39;http%3A%2F%2Fwww.w3.org%2F2000%2Fsvg&#39;%20viewBox%3D&#39;0%200%20925%20289&#39;%2F%3E\" data-src=\"https:\/\/ucm.one\/wp-content\/uploads\/2026\/03\/Digitaler-Filmbertrieb-NEWS-2026-04-925x289.jpg\" data-srcset=\"https:\/\/ucm.one\/wp-content\/uploads\/2026\/03\/Digitaler-Filmbertrieb-NEWS-2026-04-925x289.jpg 925w, https:\/\/ucm.one\/wp-content\/uploads\/2026\/03\/Digitaler-Filmbertrieb-NEWS-2026-04-1573x491.jpg 1573w\" loading=\"eager\" style=\"--ratio: 925 \/ 289\" sizes=\"(max-width: 925px) 100vw, 925px\" alt=\"\" title=\"Digitaler Filmbertrieb NEWS 2026-04\" width=\"925\" height=\"289\"  \/><\/a>\n\t<\/div>\n<\/div>\n\n\n<div class=\"post-entry-content\">\n\n\t<h3 class=\"entry-title\">\n\t\t<a href=\"https:\/\/ucm.one\/de\/digitale-film-serienveroeffentlichungen-im-april-2026\/\" title=\"\ud83c\udfac Digitale Film- &#038; Serienver\u00f6ffentlichungen im April 2026\" rel=\"bookmark\">\ud83c\udfac Digitale Film- &#038; Serienver\u00f6ffentlichungen im April 2026<\/a>\n\t<\/h3>\n\n\t<div class=\"entry-meta\"><span class=\"category-link\"><a href=\"https:\/\/ucm.one\/de\/category\/news\/film\/\" >Film<\/a>, <a href=\"https:\/\/ucm.one\/de\/category\/news\/vertrieb-von-medien-de\/filmvertrieb-de\/\" >Filmvertrieb<\/a>, <a href=\"https:\/\/ucm.one\/de\/category\/news\/\" >News<\/a>, <a href=\"https:\/\/ucm.one\/de\/category\/news\/vertrieb-von-medien-de\/\" >Vertrieb von Medien<\/a><\/span><a href=\"https:\/\/ucm.one\/de\/2026\/04\/01\/\" title=\"10:55\" class=\"data-link\" rel=\"bookmark\"><time class=\"entry-date updated\" datetime=\"2026-04-01T10:55:00+00:00\">1. April 2026<\/time><\/a><\/div>\n\t<div class=\"entry-excerpt\"><p>[vc_row][vc_column][vc_column_text css=&#8220;&#8220;] Der April 2026 bringt im digitalen Filmvertrieb (Aggregation) erneut eine Vielzahl an Neuver\u00f6ffentlichungen hervor. Die Bandbreite reicht von anspruchsvollen Arthouse-Filmen \u00fcber spannende Genreproduktionen aus den Bereichen Abenteuer, Science-Fiction&hellip;<\/p>\n<\/div>\n\t\n<a href=\"https:\/\/ucm.one\/de\/digitale-film-serienveroeffentlichungen-im-april-2026\/\" class=\"post-details details-type-link\" aria-label=\"Read more about \ud83c\udfac Digitale Film- &#038; Serienver\u00f6ffentlichungen im April 2026\">Mehr lesen<i class=\"dt-icon-the7-arrow-03\" aria-hidden=\"true\"><\/i><\/a>\n\n<\/div><\/article><\/div>[vc_btn title=&#8220;Alle News&#8220; style=&#8220;flat&#8220; size=&#8220;sm&#8220; align=&#8220;right&#8220; i_icon_fontawesome=&#8220;far fa-newspaper&#8220; css=&#8220;.vc_custom_1679325819254{margin-top: 25px !important;}&#8220; add_icon=&#8220;true&#8220; link=&#8220;url:https%3A%2F%2Fucm.one%2Fde%2Fcategory%2Fnews%2Ffilm%2F|title:Alle%20News&#8220;][\/vc_column][\/vc_row][vc_row][vc_column][vc_column_text]<\/p>\n<p>[\/vc_column_text][vc_separator color=&#8220;blue&#8220;][\/vc_column][\/vc_row][vc_row css=&#8220;.vc_custom_1518458873891{margin-top: 65px !important;}&#8220;][vc_column width=&#8220;1\/4&#8243;][vc_btn title=&#8220;Kinoverleih<br \/>\n<small>Kinostarts &amp; Katalogfilme&#8220; style=&#8220;flat&#8220; size=&#8220;lg&#8220; align=&#8220;center&#8220; i_icon_fontawesome=&#8220;fas fa-university&#8220; button_block=&#8220;true&#8220; add_icon=&#8220;true&#8220; link=&#8220;url:https%3A%2F%2Fucm.one%2Fde%2Fkinoverleih%2F|title:Kinoverleih&#8220;][\/vc_column][vc_column width=&#8220;1\/4&#8243;][vc_btn title=&#8220;Darling Berlin<br \/>\n<small>Filme aus der Hauptstadt<\/small>&#8220; style=&#8220;flat&#8220; size=&#8220;lg&#8220; align=&#8220;center&#8220; i_icon_fontawesome=&#8220;fas fa-film&#8220; button_block=&#8220;true&#8220; add_icon=&#8220;true&#8220; link=&#8220;url:https%3A%2F%2Fucm.one%2Fde%2Ffilm-labels%2Fdarling-berlin%2F|title:Darling%20Berlin&#8220;][\/vc_column][vc_column width=&#8220;1\/4&#8243;][vc_btn title=&#8220;Artkeim\u00b2<br \/>\n<small>Arthouse &amp; Film Noir&#8220; style=&#8220;flat&#8220; size=&#8220;lg&#8220; align=&#8220;center&#8220; i_icon_fontawesome=&#8220;fas fa-film&#8220; button_block=&#8220;true&#8220; add_icon=&#8220;true&#8220; link=&#8220;url:https%3A%2F%2Fucm.one%2Fde%2Ffilm-labels%2Fartkeim%2F|title:Filmkatalog&#8220;][\/vc_column][vc_column width=&#8220;1\/4&#8243;][vc_btn title=&#8220;M-Square Pictures<br \/>\n<small>Horror, Action &amp; Fantasy<\/small>&#8220; style=&#8220;flat&#8220; size=&#8220;lg&#8220; align=&#8220;center&#8220; i_icon_fontawesome=&#8220;fas fa-film&#8220; button_block=&#8220;true&#8220; add_icon=&#8220;true&#8220; link=&#8220;url:https%3A%2F%2Fucm.one%2Fde%2Ffilm-labels%2Fm-square-pictures%2F|title:M-Square&#8220;][\/vc_column][\/vc_row][vc_row][vc_column width=&#8220;1\/4&#8243;][vc_btn title=&#8220;B-Spree Pictures<br \/>\n<small>Action, Abenteuer &amp; Mystery<small>&#8220; style=&#8220;flat&#8220; size=&#8220;lg&#8220; align=&#8220;center&#8220; i_icon_fontawesome=&#8220;fas fa-film&#8220; button_block=&#8220;true&#8220; add_icon=&#8220;true&#8220; link=&#8220;url:%2Fde%2Ffilm-labels%2Fb-spree-pictures%2F|title:B-Spree%20Pictures&#8220;][\/vc_column][vc_column width=&#8220;1\/4&#8243;][vc_btn title=&#8220;U1 Films Berlin<br \/>\n<small>Drama, Thriller &amp; Science Fiction&#8220; style=&#8220;flat&#8220; size=&#8220;lg&#8220; align=&#8220;center&#8220; i_icon_fontawesome=&#8220;fas fa-film&#8220; button_block=&#8220;true&#8220; add_icon=&#8220;true&#8220; link=&#8220;url:%2Fde%2Ffilm-labels%2Fu1-films-berlin%2F|title:U1%20Films%20Berlin&#8220;][\/vc_column][vc_column width=&#8220;1\/4&#8243;][vc_btn title=&#8220;Zeitlose Filmkunst<br \/>\n<small>Deutsche Filmklassiker&#8220; style=&#8220;flat&#8220; size=&#8220;lg&#8220; align=&#8220;center&#8220; i_icon_fontawesome=&#8220;fas fa-film&#8220; button_block=&#8220;true&#8220; add_icon=&#8220;true&#8220; link=&#8220;url:https%3A%2F%2Fucm.one%2Fde%2Ffilm-labels%2Fzeitlose-filmkunst%2F|title:Zeitlose%20Filmkunst&#8220;][\/vc_column][vc_column width=&#8220;1\/4&#8243;][vc_btn title=&#8220;NONFY Documentaries<br \/>\n<small>Dokumentarfilme&#8220; style=&#8220;flat&#8220; size=&#8220;lg&#8220; align=&#8220;center&#8220; i_icon_fontawesome=&#8220;fas fa-film&#8220; button_block=&#8220;true&#8220; add_icon=&#8220;true&#8220; link=&#8220;url:%2Fde%2Ffilm-labels%2Fnonfy-documentaries%2F|title:NONFY%20Documentaries&#8220;][\/vc_column][\/vc_row][vc_row content_placement=&#8220;middle&#8220; bg_type=&#8220;grad&#8220; ult_hide_row=&#8220;ult_hide_row_value&#8220; ult_hide_row_large_screen=&#8220;large_screen&#8220; ult_hide_row_desktop=&#8220;desktop&#8220; css=&#8220;.vc_custom_1518701755537{margin-top: 0px !important;padding-top: -50px !important;}&#8220; bg_grad=&#8220;background: -webkit-gradient(linear, left top, left bottom, color-stop(0%, #E3E3E3), color-stop(0%, #FFFFFF), color-stop(6%, #FFFFFF), color-stop(7%, #FFFFFF), color-stop(50%, #FFFFFF));background: -moz-linear-gradient(top,#E3E3E3 0%,#FFFFFF 0%,#FFFFFF 6%,#FFFFFF 7%,#FFFFFF 50%);background: -webkit-linear-gradient(top,#E3E3E3 0%,#FFFFFF 0%,#FFFFFF 6%,#FFFFFF 7%,#FFFFFF 50%);background: -o-linear-gradient(top,#E3E3E3 0%,#FFFFFF 0%,#FFFFFF 6%,#FFFFFF 7%,#FFFFFF 50%);background: -ms-linear-gradient(top,#E3E3E3 0%,#FFFFFF 0%,#FFFFFF 6%,#FFFFFF 7%,#FFFFFF 50%);background: linear-gradient(top,#E3E3E3 0%,#FFFFFF 0%,#FFFFFF 6%,#FFFFFF 7%,#FFFFFF 50%);&#8220;][vc_column][vc_btn title=&#8220;Kontakt&#8220; style=&#8220;flat&#8220; color=&#8220;juicy-pink&#8220; size=&#8220;lg&#8220; align=&#8220;center&#8220; i_icon_fontawesome=&#8220;far fa-envelope&#8220; button_block=&#8220;true&#8220; add_icon=&#8220;true&#8220; link=&#8220;url:https%3A%2F%2Fucm.one%2Fde%2Ffirma%2Fkontakt%2F|title:Kontakt&#8220;][\/vc_column][\/vc_row][vc_row][vc_column][vc_column_text]<\/small>[\/vc_column_text][\/vc_column][\/vc_row][vc_row][vc_column][vc_column_text]<\/small><\/small><\/small><\/small>[\/vc_column_text][\/vc_column][\/vc_row][vc_row][vc_column][vc_column_text]<\/small>[\/vc_column_text][\/vc_column][\/vc_row][vc_row][vc_column][vc_column_text]<\/small>[\/vc_column_text][\/vc_column][\/vc_row]<\/p>\n<\/div>","protected":false},"excerpt":{"rendered":"<p>[vc_row][vc_column][vc_column_text] [\/vc_column_text][\/vc_column][\/vc_row][vc_row][vc_column width=&#8220;2\/3&#8243;][vc_column_text] Filme [\/vc_column_text][vc_column_text]UCM.ONE betreibt mehrere Filmlabels wie Darling Berlin, M-Square Pictures,\u00a0Artkeim\u00b2,\u00a0B-Spree Pictures, U1 Films Berlin, Zeitlose Filmkunst\u00a0und\u00a0NONFY Documentaries, auf denen Langfilme, Dokumentationen, aber auch Mittellange Filme und Kurzfilme sowie Serien ver\u00f6ffentlicht werden. Dabei entscheidet unser Kreativ-Team f\u00fcr jedes Filmwerk individuell, welche Vermarktungsstrategie angewendet wird.\u00a0UCM.ONE nutz dabei das bestehende Netzwerk in enger Absprache mit&hellip;<\/p>\n","protected":false},"author":1,"featured_media":14070,"parent":0,"menu_order":0,"comment_status":"closed","ping_status":"closed","template":"","meta":{"_acf_changed":false,"footnotes":""},"class_list":["post-18","page","type-page","status-publish","has-post-thumbnail","hentry","description-off"],"acf":[],"yoast_head":"<!-- This site is optimized with the Yoast SEO plugin v27.5 - https:\/\/yoast.com\/product\/yoast-seo-wordpress\/ -->\n<title>Film Labels<\/title>\n<meta name=\"description\" content=\"UCM.ONE betreibt mehrere Filmlabels wie Darling Berlin, Artheim, NONFY Documentaries und M-Square Pictures, auf denen Langfilme, Dokumentationen, aber auch Mittellange Filme und Kurzfilme sowie Serien ver\u00f6ffentlicht werden. Dabei entscheidet unser Kreativ-Team individuell, welche Vermarktungsstrategie angewendet wird.\" \/>\n<meta name=\"robots\" content=\"index, follow, max-snippet:-1, max-image-preview:large, max-video-preview:-1\" \/>\n<link rel=\"canonical\" href=\"https:\/\/ucm.one\/de\/film-labels\/\" \/>\n<meta property=\"og:locale\" content=\"de_DE\" \/>\n<meta property=\"og:type\" content=\"article\" \/>\n<meta property=\"og:title\" content=\"Film Labels\" \/>\n<meta property=\"og:description\" content=\"UCM.ONE betreibt mehrere Filmlabels wie Darling Berlin, Artheim, NONFY Documentaries und M-Square Pictures, auf denen Langfilme, Dokumentationen, aber auch Mittellange Filme und Kurzfilme sowie Serien ver\u00f6ffentlicht werden. Dabei entscheidet unser Kreativ-Team individuell, welche Vermarktungsstrategie angewendet wird.\" \/>\n<meta property=\"og:url\" content=\"https:\/\/ucm.one\/de\/film-labels\/\" \/>\n<meta property=\"og:site_name\" content=\"UCM.ONE\" \/>\n<meta property=\"article:modified_time\" content=\"2026-01-12T09:54:04+00:00\" \/>\n<meta property=\"og:image\" content=\"https:\/\/ucm.one\/wp-content\/uploads\/2018\/05\/B-Katalogfilme.jpg\" \/>\n\t<meta property=\"og:image:width\" content=\"1920\" \/>\n\t<meta property=\"og:image:height\" content=\"600\" \/>\n\t<meta property=\"og:image:type\" content=\"image\/jpeg\" \/>\n<meta name=\"twitter:card\" content=\"summary_large_image\" \/>\n<meta name=\"twitter:label1\" content=\"Gesch\u00e4tzte Lesezeit\" \/>\n\t<meta name=\"twitter:data1\" content=\"5\u00a0Minuten\" \/>\n<!-- \/ Yoast SEO plugin. -->","yoast_head_json":{"title":"Film Labels","description":"UCM.ONE betreibt mehrere Filmlabels wie Darling Berlin, Artheim, NONFY Documentaries und M-Square Pictures, auf denen Langfilme, Dokumentationen, aber auch Mittellange Filme und Kurzfilme sowie Serien ver\u00f6ffentlicht werden. Dabei entscheidet unser Kreativ-Team individuell, welche Vermarktungsstrategie angewendet wird.","robots":{"index":"index","follow":"follow","max-snippet":"max-snippet:-1","max-image-preview":"max-image-preview:large","max-video-preview":"max-video-preview:-1"},"canonical":"https:\/\/ucm.one\/de\/film-labels\/","og_locale":"de_DE","og_type":"article","og_title":"Film Labels","og_description":"UCM.ONE betreibt mehrere Filmlabels wie Darling Berlin, Artheim, NONFY Documentaries und M-Square Pictures, auf denen Langfilme, Dokumentationen, aber auch Mittellange Filme und Kurzfilme sowie Serien ver\u00f6ffentlicht werden. Dabei entscheidet unser Kreativ-Team individuell, welche Vermarktungsstrategie angewendet wird.","og_url":"https:\/\/ucm.one\/de\/film-labels\/","og_site_name":"UCM.ONE","article_modified_time":"2026-01-12T09:54:04+00:00","og_image":[{"width":1920,"height":600,"url":"https:\/\/ucm.one\/wp-content\/uploads\/2018\/05\/B-Katalogfilme.jpg","type":"image\/jpeg"}],"twitter_card":"summary_large_image","twitter_misc":{"Gesch\u00e4tzte Lesezeit":"5\u00a0Minuten"},"schema":{"@context":"https:\/\/schema.org","@graph":[{"@type":"WebPage","@id":"https:\/\/ucm.one\/de\/film-labels\/","url":"https:\/\/ucm.one\/de\/film-labels\/","name":"Film Labels","isPartOf":{"@id":"https:\/\/ucm.one\/de\/#website"},"primaryImageOfPage":{"@id":"https:\/\/ucm.one\/de\/film-labels\/#primaryimage"},"image":{"@id":"https:\/\/ucm.one\/de\/film-labels\/#primaryimage"},"thumbnailUrl":"https:\/\/ucm.one\/wp-content\/uploads\/2018\/05\/B-Katalogfilme.jpg","datePublished":"2018-02-07T09:22:23+00:00","dateModified":"2026-01-12T09:54:04+00:00","description":"UCM.ONE betreibt mehrere Filmlabels wie Darling Berlin, Artheim, NONFY Documentaries und M-Square Pictures, auf denen Langfilme, Dokumentationen, aber auch Mittellange Filme und Kurzfilme sowie Serien ver\u00f6ffentlicht werden. Dabei entscheidet unser Kreativ-Team individuell, welche Vermarktungsstrategie angewendet wird.","breadcrumb":{"@id":"https:\/\/ucm.one\/de\/film-labels\/#breadcrumb"},"inLanguage":"de","potentialAction":[{"@type":"ReadAction","target":["https:\/\/ucm.one\/de\/film-labels\/"]}]},{"@type":"ImageObject","inLanguage":"de","@id":"https:\/\/ucm.one\/de\/film-labels\/#primaryimage","url":"https:\/\/ucm.one\/wp-content\/uploads\/2018\/05\/B-Katalogfilme.jpg","contentUrl":"https:\/\/ucm.one\/wp-content\/uploads\/2018\/05\/B-Katalogfilme.jpg","width":1920,"height":600,"caption":"SONY DSC"},{"@type":"BreadcrumbList","@id":"https:\/\/ucm.one\/de\/film-labels\/#breadcrumb","itemListElement":[{"@type":"ListItem","position":1,"name":"Home","item":"https:\/\/ucm.one\/de\/"},{"@type":"ListItem","position":2,"name":"Film Labels"}]},{"@type":"WebSite","@id":"https:\/\/ucm.one\/de\/#website","url":"https:\/\/ucm.one\/de\/","name":"UCM.ONE","description":"","publisher":{"@id":"https:\/\/ucm.one\/de\/#organization"},"potentialAction":[{"@type":"SearchAction","target":{"@type":"EntryPoint","urlTemplate":"https:\/\/ucm.one\/de\/?s={search_term_string}"},"query-input":{"@type":"PropertyValueSpecification","valueRequired":true,"valueName":"search_term_string"}}],"inLanguage":"de"},{"@type":"Organization","@id":"https:\/\/ucm.one\/de\/#organization","name":"UCM.ONE","url":"https:\/\/ucm.one\/de\/","logo":{"@type":"ImageObject","inLanguage":"de","@id":"https:\/\/ucm.one\/de\/#\/schema\/logo\/image\/","url":"https:\/\/ucm.one\/wp-content\/uploads\/2019\/10\/UCM.ONE-Logo-RGB.svg","contentUrl":"https:\/\/ucm.one\/wp-content\/uploads\/2019\/10\/UCM.ONE-Logo-RGB.svg","width":1,"height":1,"caption":"UCM.ONE"},"image":{"@id":"https:\/\/ucm.one\/de\/#\/schema\/logo\/image\/"}}]}},"_links":{"self":[{"href":"https:\/\/ucm.one\/de\/wp-json\/wp\/v2\/pages\/18","targetHints":{"allow":["GET"]}}],"collection":[{"href":"https:\/\/ucm.one\/de\/wp-json\/wp\/v2\/pages"}],"about":[{"href":"https:\/\/ucm.one\/de\/wp-json\/wp\/v2\/types\/page"}],"author":[{"embeddable":true,"href":"https:\/\/ucm.one\/de\/wp-json\/wp\/v2\/users\/1"}],"replies":[{"embeddable":true,"href":"https:\/\/ucm.one\/de\/wp-json\/wp\/v2\/comments?post=18"}],"version-history":[{"count":9,"href":"https:\/\/ucm.one\/de\/wp-json\/wp\/v2\/pages\/18\/revisions"}],"predecessor-version":[{"id":413246,"href":"https:\/\/ucm.one\/de\/wp-json\/wp\/v2\/pages\/18\/revisions\/413246"}],"wp:featuredmedia":[{"embeddable":true,"href":"https:\/\/ucm.one\/de\/wp-json\/wp\/v2\/media\/14070"}],"wp:attachment":[{"href":"https:\/\/ucm.one\/de\/wp-json\/wp\/v2\/media?parent=18"}],"curies":[{"name":"wp","href":"https:\/\/api.w.org\/{rel}","templated":true}]}}