{"id":10423,"date":"2018-02-14T09:13:00","date_gmt":"2018-02-14T09:13:00","guid":{"rendered":"https:\/\/ucm.one\/?page_id=10423"},"modified":"2026-03-18T22:19:42","modified_gmt":"2026-03-18T22:19:42","slug":"kinoverleih","status":"publish","type":"page","link":"https:\/\/ucm.one\/de\/kinoverleih\/","title":{"rendered":"Kinoverleih"},"content":{"rendered":"<div class=\"wpb-content-wrapper\"><p>[vc_row content_placement=&#8220;middle&#8220;][vc_column width=&#8220;1\/3&#8243;][vc_btn title=&#8220;Kinostarts&#8220; style=&#8220;flat&#8220; color=&#8220;inverse&#8220; size=&#8220;lg&#8220; align=&#8220;center&#8220; i_icon_fontawesome=&#8220;fas fa-star&#8220; button_block=&#8220;true&#8220; add_icon=&#8220;true&#8220; link=&#8220;url:https%3A%2F%2Fucm.one%2Fde%2Fkinoverleih%2Fkinostarts%2F|title:Kinostarts&#8220;][\/vc_column][vc_column width=&#8220;1\/3&#8243;][vc_btn title=&#8220;Katalogfilme&#8220; style=&#8220;flat&#8220; color=&#8220;inverse&#8220; size=&#8220;lg&#8220; align=&#8220;center&#8220; i_icon_fontawesome=&#8220;fas fa-list&#8220; button_block=&#8220;true&#8220; add_icon=&#8220;true&#8220; link=&#8220;url:https%3A%2F%2Fucm.one%2Fde%2Fkinoverleih%2Fkatalogfilme%2F|title:Katalogfilme&#8220;][\/vc_column][vc_column width=&#8220;1\/3&#8243;][vc_btn title=&#8220;Weltvertrieb&#8220; style=&#8220;flat&#8220; color=&#8220;inverse&#8220; size=&#8220;lg&#8220; align=&#8220;center&#8220; i_icon_fontawesome=&#8220;fas fa-globe-americas&#8220; button_block=&#8220;true&#8220; add_icon=&#8220;true&#8220; link=&#8220;url:%2Fde%2Fweltvertrieb|title:Weltvertrieb||&#8220;][\/vc_column][\/vc_row][vc_row css=&#8220;.vc_custom_1519642005477{margin-top: 50px !important;margin-bottom: 50px !important;}&#8220;][vc_column][vc_column_text]<\/p>\n<h1>Kinoverleih<\/h1>\n<p>[\/vc_column_text][vc_column_text]Die meisten Filme werden f\u00fcr die gro\u00dfen Leinw\u00e4nde der Kinos produziert. Daher steht vor allem f\u00fcr diese Filme an erster Stelle der Kinoverleih im Vordergrund. Erst danach startet die komplette weitere Vermarktung in Form von physischen Vertrieb auf DVD und\/oder Blu-Ray, das Download- und Streaming-Angebot, die TV-Vermarktung sowie die weiteren m\u00f6glichen Platzierungsm\u00f6glichkeiten (z.B. in Flugzeugen und Schulen). Als Kinoliebhaber m\u00f6chten wir dieser Tatsache Tribut zollen und betreiben deshalb einen eigenen Kinoverleih f\u00fcr Deutschland in Berlin.[\/vc_column_text][vc_column_text]Dabei unterscheiden wir zwischen Filmen, bei denen wir einen offiziellen Kinostart planen (h\u00e4ufig koordiniert mit parallel oder zeitversetzten Kinostarts in anderen L\u00e4ndern \u00fcber Partner) und Katalogfilmen.\u00a0Filme, die \u00fcber <strong><span style=\"font-family: 'arial black', sans-serif;\">UCM.ONE<\/span><\/strong>\u00a0offiziell mit einem Kinostart ins Kino kommen, sind in der Regel neue Filme, die vorher bei diversen Festivals gelaufen sind und zu einem bestimmten Datum (Starttermin) deutschlandweit startet.[\/vc_column_text][vc_row_inner][vc_column_inner][vc_column_text]<\/p>\n<h6><span style=\"color: #808080;\"><em>Beispiele von Filmen, die einen offiziellen Kinostart bei <strong><span style=\"font-family: 'arial black', sans-serif;\">UCM.ONE<\/span> <\/strong>hatten:<\/em><\/span><\/h6>\n<p>[\/vc_column_text][vc_media_grid style=&#8220;pagination&#8220; items_per_page=&#8220;4&#8243; element_width=&#8220;3&#8243; gap=&#8220;10&#8243; paging_design=&#8220;none&#8220; autoplay=&#8220;5&#8243; item=&#8220;masonryMedia_Default&#8220; css=&#8220;&#8220; grid_id=&#8220;vc_gid:1773872347777-613153e4-339c-0&#8243; include=&#8220;39935,62293,101642,97620,34258,39098,13259,13263,63943,12438,411865,62993,12436,12434,13261,57186,105743,12424,30793,12427,54499,12418,107290,32659&#8243; paging_animation_in=&#8220;fadeIn&#8220; paging_animation_out=&#8220;fadeOut&#8220;][vc_separator][\/vc_column_inner][\/vc_row_inner][vc_column_text]Manche Filme werden von uns unter Vertrag genommen, nachdem Sie schon (z.B. durch einen Mitbewerber oder im Eigenvertrieb) einen offiziellen Kinostart hatten. Oder wir entscheiden zusammen mit den Regisseuren und Produzenten, keinen speziellen Starttermin auf einen bestimmten Tag festzulegen, sondern den Film lieber \u00fcber einen gr\u00f6\u00dferen Zeitraum konstant anzubieten, um den Kinobetreibern eine h\u00f6here Flexibilit\u00e4t des Einsatzes zu erm\u00f6glichen. Erfahrungsgem\u00e4\u00df kann dies f\u00fcr den ein oder anderen Film sogar die bessere Strategie sein, um letztendlich mehr Kinobesucher zu erreichen.[\/vc_column_text][vc_column_text]Auch einige Genre-Filme (z.B. Thriller, Science-Fiction und Horror-Filme) k\u00f6nnen bei <span style=\"font-family: 'arial black', sans-serif;\"><strong>UCM.ONE<\/strong><\/span> gebucht werden. Diese Filme haben meist ebenfalls keinen offiziellen Kinostart, sondern werden eher f\u00fcr spezielle Events oder zu bestimmten Ereignissen (Halloween, Horror-N\u00e4chste) von Kinobetreibern gebucht. Gleiches betrifft \u00e4ltere Filme, die wir (meinst in neuer HD-Abtastung) unter Vertrag nehmen und physisch sowie digital neu ver\u00f6ffentlichen und dadurch auch f\u00fcr m\u00f6gliche Kinovorf\u00fchrungen bereithalten k\u00f6nnen.[\/vc_column_text][vc_row_inner][vc_column_inner][vc_column_text]<\/p>\n<h6><span style=\"color: #808080;\"><em>Beispiele von Filmen, die \u00fcber <span style=\"font-family: 'arial black', sans-serif;\"><strong>UCM.ONE<\/strong><\/span> f\u00fcr Vorf\u00fchrungen gebucht werden k\u00f6nnen:<\/em><\/span><\/h6>\n<p>[\/vc_column_text][vc_media_grid style=&#8220;pagination&#8220; items_per_page=&#8220;4&#8243; element_width=&#8220;3&#8243; gap=&#8220;10&#8243; paging_design=&#8220;none&#8220; autoplay=&#8220;5&#8243; item=&#8220;masonryMedia_Default&#8220; css=&#8220;&#8220; grid_id=&#8220;vc_gid:1773872347780-7130f414-102b-4&#8243; include=&#8220;54896,19385,31955,10960,10962,10963,10964,10965,10969,10966,10961,16845,15985,18549,30517,39938,17168,53506,49059,65278&#8243; paging_animation_in=&#8220;fadeIn&#8220; paging_animation_out=&#8220;fadeOut&#8220;][vc_separator][vc_column_text]Wenn Sie aktuelle Filme oder Filme aus unserem Katalog buchen m\u00f6chte, schreiben Sie uns bitte eine <a href=\"mailto:dispo@ucm.one\">E-Mail<\/a>.[\/vc_column_text][\/vc_column_inner][\/vc_row_inner][vc_separator css=&#8220;.vc_custom_1773872328719{margin-bottom: 0px !important;}&#8220;][\/vc_column][\/vc_row][vc_row][vc_column][vc_column_text]<\/p>\n<h2>Neuigkeiten<\/h2>\n<p>[\/vc_column_text]<style type=\"text\/css\" data-type=\"the7_shortcodes-inline-css\">.blog-shortcode.blog-masonry-shortcode-id-ba1bcab42e2ae94fb4bde9a6dfb1ead1.dividers-on.classic-layout-list article {\n  padding-top: 0;\n}\n.blog-shortcode.blog-masonry-shortcode-id-ba1bcab42e2ae94fb4bde9a6dfb1ead1.dividers-on.classic-layout-list article:first-of-type {\n  margin-top: 0;\n  padding-top: 0;\n}\n.blog-shortcode.blog-masonry-shortcode-id-ba1bcab42e2ae94fb4bde9a6dfb1ead1.classic-layout-list.mode-list .post-entry-content {\n  width: calc(100% - );\n}\n.blog-shortcode.blog-masonry-shortcode-id-ba1bcab42e2ae94fb4bde9a6dfb1ead1.classic-layout-list.mode-list .no-img .post-entry-content {\n  width: 100%;\n}\n.blog-shortcode.blog-masonry-shortcode-id-ba1bcab42e2ae94fb4bde9a6dfb1ead1 .filter-bg-decoration .filter-categories a.act {\n  color: #fff;\n}\n.blog-shortcode.blog-masonry-shortcode-id-ba1bcab42e2ae94fb4bde9a6dfb1ead1:not(.mode-masonry) article:first-of-type,\n.blog-shortcode.blog-masonry-shortcode-id-ba1bcab42e2ae94fb4bde9a6dfb1ead1:not(.mode-masonry) article.visible.first:not(.product) {\n  margin-top: 0;\n}\n.blog-shortcode.blog-masonry-shortcode-id-ba1bcab42e2ae94fb4bde9a6dfb1ead1.dividers-on:not(.mode-masonry) article {\n  margin-top: 0;\n}\n.blog-shortcode.blog-masonry-shortcode-id-ba1bcab42e2ae94fb4bde9a6dfb1ead1.dividers-on:not(.mode-masonry) article:first-of-type,\n.blog-shortcode.blog-masonry-shortcode-id-ba1bcab42e2ae94fb4bde9a6dfb1ead1.dividers-on:not(.mode-masonry) article.visible.first:not(.product) {\n  margin-top: 0;\n  padding-top: 0;\n}\n.blog-shortcode.blog-masonry-shortcode-id-ba1bcab42e2ae94fb4bde9a6dfb1ead1 .post-thumbnail-wrap {\n  padding: 0px 0px 0px 0px;\n}\n.blog-shortcode.blog-masonry-shortcode-id-ba1bcab42e2ae94fb4bde9a6dfb1ead1.enable-bg-rollover .post-thumbnail-rollover:after {\n  background: -webkit-linear-gradient();\n  background: linear-gradient();\n}\n.blog-shortcode.blog-masonry-shortcode-id-ba1bcab42e2ae94fb4bde9a6dfb1ead1 .gallery-zoom-ico {\n  width: 44px;\n  height: 44px;\n  line-height: 44px;\n  border-radius: 100px;\n  margin: -22px 0 0 -22px;\n  border-width: 0px;\n  color: #ffffff;\n}\n.bottom-overlap-layout-list.blog-shortcode.blog-masonry-shortcode-id-ba1bcab42e2ae94fb4bde9a6dfb1ead1 .gallery-zoom-ico {\n  margin-top: -72px;\n}\n.gradient-overlay-layout-list.blog-shortcode.blog-masonry-shortcode-id-ba1bcab42e2ae94fb4bde9a6dfb1ead1 .gallery-zoom-ico,\n.content-rollover-layout-list.blog-shortcode.blog-masonry-shortcode-id-ba1bcab42e2ae94fb4bde9a6dfb1ead1 .gallery-zoom-ico {\n  margin: 0 0 10px;\n}\n.content-align-center.gradient-overlay-layout-list.blog-shortcode.blog-masonry-shortcode-id-ba1bcab42e2ae94fb4bde9a6dfb1ead1 .gallery-zoom-ico,\n.content-align-center.content-rollover-layout-list.blog-shortcode.blog-masonry-shortcode-id-ba1bcab42e2ae94fb4bde9a6dfb1ead1 .gallery-zoom-ico {\n  margin: 0 auto 10px;\n}\n.dt-icon-bg-on.blog-shortcode.blog-masonry-shortcode-id-ba1bcab42e2ae94fb4bde9a6dfb1ead1 .gallery-zoom-ico {\n  background: rgba(255,255,255,0.3);\n  box-shadow: none;\n}\n.blog-shortcode.blog-masonry-shortcode-id-ba1bcab42e2ae94fb4bde9a6dfb1ead1 .gallery-zoom-ico > span,\n.blog-shortcode.blog-masonry-shortcode-id-ba1bcab42e2ae94fb4bde9a6dfb1ead1 .gallery-zoom-ico:before {\n  font-size: 32px;\n  line-height: 44px;\n}\n.blog-shortcode.blog-masonry-shortcode-id-ba1bcab42e2ae94fb4bde9a6dfb1ead1 .gallery-zoom-ico > span,\n.blog-shortcode.blog-masonry-shortcode-id-ba1bcab42e2ae94fb4bde9a6dfb1ead1 .gallery-zoom-ico:before {\n  color: #ffffff;\n}\n.blog-shortcode.blog-masonry-shortcode-id-ba1bcab42e2ae94fb4bde9a6dfb1ead1 .entry-title,\n.blog-shortcode.blog-masonry-shortcode-id-ba1bcab42e2ae94fb4bde9a6dfb1ead1.owl-carousel .entry-title {\n  margin-bottom: 5px;\n  font-weight: bold;\n}\n.blog-shortcode.blog-masonry-shortcode-id-ba1bcab42e2ae94fb4bde9a6dfb1ead1 .entry-meta {\n  margin-bottom: 15px;\n}\n.blog-shortcode.blog-masonry-shortcode-id-ba1bcab42e2ae94fb4bde9a6dfb1ead1 .portfolio-categories {\n  margin-bottom: 15px;\n}\n.blog-shortcode.blog-masonry-shortcode-id-ba1bcab42e2ae94fb4bde9a6dfb1ead1 .entry-excerpt {\n  margin-bottom: 5px;\n}\n.blog-shortcode.blog-masonry-shortcode-id-ba1bcab42e2ae94fb4bde9a6dfb1ead1:not(.centered-layout-list) .post-entry-content {\n  padding: 25px 30px 30px 30px;\n}\n.blog-shortcode.blog-masonry-shortcode-id-ba1bcab42e2ae94fb4bde9a6dfb1ead1:not(.centered-layout-list):not(.content-bg-on):not(.mode-list) .no-img .post-entry-content {\n  padding: 0;\n}\n@media screen and (max-width: ) {\n  .blog-shortcode.blog-masonry-shortcode-id-ba1bcab42e2ae94fb4bde9a6dfb1ead1 article {\n    -ms-flex-flow: column nowrap;\n    flex-flow: column nowrap;\n    margin-top: 20px;\n  }\n  .blog-shortcode.blog-masonry-shortcode-id-ba1bcab42e2ae94fb4bde9a6dfb1ead1.dividers-on article {\n    border: none;\n  }\n  .blog-shortcode.blog-masonry-shortcode-id-ba1bcab42e2ae94fb4bde9a6dfb1ead1.content-bg-on.centered-layout-list article {\n    padding: 0;\n  }\n  .blog-shortcode.blog-masonry-shortcode-id-ba1bcab42e2ae94fb4bde9a6dfb1ead1.blog-shortcode.dividers-on article,\n  .blog-shortcode.blog-masonry-shortcode-id-ba1bcab42e2ae94fb4bde9a6dfb1ead1.dividers-on.classic-layout-list article {\n    margin-top: 20px;\n    padding: 0;\n  }\n  .blog-shortcode.blog-masonry-shortcode-id-ba1bcab42e2ae94fb4bde9a6dfb1ead1.blog-shortcode.dividers-on article:first-of-type,\n  .blog-shortcode.blog-masonry-shortcode-id-ba1bcab42e2ae94fb4bde9a6dfb1ead1.dividers-on.classic-layout-list article:first-of-type {\n    padding: 0;\n  }\n  #page .blog-shortcode.blog-masonry-shortcode-id-ba1bcab42e2ae94fb4bde9a6dfb1ead1 .post-thumbnail-wrap,\n  #page .blog-shortcode.blog-masonry-shortcode-id-ba1bcab42e2ae94fb4bde9a6dfb1ead1 .post-entry-content {\n    width: 100%;\n    margin: 0;\n    top: 0;\n  }\n  #page .blog-shortcode.blog-masonry-shortcode-id-ba1bcab42e2ae94fb4bde9a6dfb1ead1 .post-thumbnail-wrap {\n    padding: 0;\n  }\n  #page .blog-shortcode.blog-masonry-shortcode-id-ba1bcab42e2ae94fb4bde9a6dfb1ead1 .post-entry-content:after {\n    display: none;\n  }\n  #page .blog-shortcode.blog-masonry-shortcode-id-ba1bcab42e2ae94fb4bde9a6dfb1ead1 .project-even .post-thumbnail-wrap,\n  #page .blog-shortcode.blog-masonry-shortcode-id-ba1bcab42e2ae94fb4bde9a6dfb1ead1.centered-layout-list .post-thumbnail-wrap {\n    -ms-flex-order: 0;\n    order: 0;\n  }\n  #page .blog-shortcode.blog-masonry-shortcode-id-ba1bcab42e2ae94fb4bde9a6dfb1ead1.centered-layout-list .post-entry-title-content {\n    -ms-flex-order: 1;\n    order: 1;\n    width: 100%;\n    padding: 20px 20px 0;\n  }\n  #page .blog-shortcode.blog-masonry-shortcode-id-ba1bcab42e2ae94fb4bde9a6dfb1ead1.centered-layout-list .post-entry-content {\n    -ms-flex-order: 2;\n    order: 2;\n    padding-top: 0;\n  }\n  #page .blog-shortcode.blog-masonry-shortcode-id-ba1bcab42e2ae94fb4bde9a6dfb1ead1 .fancy-categories {\n    top: 10px;\n    left: 10px;\n    bottom: auto;\n    right: auto;\n  }\n  #page .blog-shortcode.blog-masonry-shortcode-id-ba1bcab42e2ae94fb4bde9a6dfb1ead1 .fancy-date a {\n    top: 10px;\n    right: 10px;\n    left: auto;\n    bottom: auto;\n  }\n  #page .blog-shortcode.blog-masonry-shortcode-id-ba1bcab42e2ae94fb4bde9a6dfb1ead1 .post-entry-content {\n    padding: 20px;\n  }\n  #page .blog-shortcode.blog-masonry-shortcode-id-ba1bcab42e2ae94fb4bde9a6dfb1ead1 .entry-title {\n    margin: 3px 0 5px;\n    font-size: 20px;\n    line-height: 26px;\n  }\n  #page .blog-shortcode.blog-masonry-shortcode-id-ba1bcab42e2ae94fb4bde9a6dfb1ead1 .entry-meta {\n    margin: 5px 0 5px;\n  }\n  #page .blog-shortcode.blog-masonry-shortcode-id-ba1bcab42e2ae94fb4bde9a6dfb1ead1 .entry-excerpt {\n    margin: 15px 0 0;\n  }\n  #page .blog-shortcode.blog-masonry-shortcode-id-ba1bcab42e2ae94fb4bde9a6dfb1ead1 .post-details {\n    margin: 5px 0 10px;\n  }\n  #page .blog-shortcode.blog-masonry-shortcode-id-ba1bcab42e2ae94fb4bde9a6dfb1ead1 .post-details.details-type-link {\n    margin-bottom: 2px;\n  }\n}\n.blog-shortcode.blog-masonry-shortcode-id-ba1bcab42e2ae94fb4bde9a6dfb1ead1:not(.resize-by-browser-width) .dt-css-grid {\n  grid-row-gap: 30px;\n  grid-column-gap: 30px;\n  grid-template-columns: repeat(auto-fill,minmax(,1fr));\n}\n.blog-shortcode.blog-masonry-shortcode-id-ba1bcab42e2ae94fb4bde9a6dfb1ead1:not(.resize-by-browser-width) .dt-css-grid .double-width {\n  grid-column: span 2;\n}\n.cssgridlegacy.no-cssgrid .blog-shortcode.blog-masonry-shortcode-id-ba1bcab42e2ae94fb4bde9a6dfb1ead1:not(.resize-by-browser-width) .dt-css-grid,\n.no-cssgridlegacy.no-cssgrid .blog-shortcode.blog-masonry-shortcode-id-ba1bcab42e2ae94fb4bde9a6dfb1ead1:not(.resize-by-browser-width) .dt-css-grid {\n  display: flex;\n  flex-flow: row wrap;\n  margin: -15px;\n}\n.cssgridlegacy.no-cssgrid .blog-shortcode.blog-masonry-shortcode-id-ba1bcab42e2ae94fb4bde9a6dfb1ead1:not(.resize-by-browser-width) .dt-css-grid .wf-cell,\n.no-cssgridlegacy.no-cssgrid .blog-shortcode.blog-masonry-shortcode-id-ba1bcab42e2ae94fb4bde9a6dfb1ead1:not(.resize-by-browser-width) .dt-css-grid .wf-cell {\n  flex: 1 0 ;\n  max-width: 100%;\n  padding: 15px;\n  box-sizing: border-box;\n}\n.blog-shortcode.blog-masonry-shortcode-id-ba1bcab42e2ae94fb4bde9a6dfb1ead1.resize-by-browser-width .dt-css-grid {\n  grid-template-columns: repeat(2,1fr);\n  grid-template-rows: auto;\n  grid-column-gap: 30px;\n  grid-row-gap: 30px;\n}\n.blog-shortcode.blog-masonry-shortcode-id-ba1bcab42e2ae94fb4bde9a6dfb1ead1.resize-by-browser-width .dt-css-grid .double-width {\n  grid-column: span 2;\n}\n.cssgridlegacy.no-cssgrid .blog-shortcode.blog-masonry-shortcode-id-ba1bcab42e2ae94fb4bde9a6dfb1ead1.resize-by-browser-width .dt-css-grid {\n  margin: -15px;\n}\n.cssgridlegacy.no-cssgrid .blog-shortcode.blog-masonry-shortcode-id-ba1bcab42e2ae94fb4bde9a6dfb1ead1.resize-by-browser-width .dt-css-grid .wf-cell {\n  width: 50%;\n  padding: 15px;\n}\n.cssgridlegacy.no-cssgrid .blog-shortcode.blog-masonry-shortcode-id-ba1bcab42e2ae94fb4bde9a6dfb1ead1.resize-by-browser-width .dt-css-grid .wf-cell.double-width {\n  width: calc(50%) * 2;\n}\n.blog-shortcode.blog-masonry-shortcode-id-ba1bcab42e2ae94fb4bde9a6dfb1ead1.resize-by-browser-width:not(.centered-layout-list):not(.content-bg-on) .dt-css-grid {\n  grid-row-gap: 0px;\n}\n@media screen and (max-width: 1199px) {\n  .blog-shortcode.blog-masonry-shortcode-id-ba1bcab42e2ae94fb4bde9a6dfb1ead1.resize-by-browser-width .dt-css-grid {\n    grid-template-columns: repeat(2,1fr);\n  }\n  .cssgridlegacy.no-cssgrid .blog-shortcode.blog-masonry-shortcode-id-ba1bcab42e2ae94fb4bde9a6dfb1ead1.resize-by-browser-width .dt-css-grid .wf-cell,\n  .no-cssgridlegacy.no-cssgrid .blog-shortcode.blog-masonry-shortcode-id-ba1bcab42e2ae94fb4bde9a6dfb1ead1.resize-by-browser-width .dt-css-grid .wf-cell {\n    width: 50%;\n  }\n  .cssgridlegacy.no-cssgrid .blog-shortcode.blog-masonry-shortcode-id-ba1bcab42e2ae94fb4bde9a6dfb1ead1.resize-by-browser-width .dt-css-grid .wf-cell.double-width,\n  .no-cssgridlegacy.no-cssgrid .blog-shortcode.blog-masonry-shortcode-id-ba1bcab42e2ae94fb4bde9a6dfb1ead1.resize-by-browser-width .dt-css-grid .wf-cell.double-width {\n    width: calc(50%)*2;\n  }\n}\n@media screen and (max-width: 991px) {\n  .blog-shortcode.blog-masonry-shortcode-id-ba1bcab42e2ae94fb4bde9a6dfb1ead1.resize-by-browser-width .dt-css-grid {\n    grid-template-columns: repeat(1,1fr);\n  }\n  .cssgridlegacy.no-cssgrid .blog-shortcode.blog-masonry-shortcode-id-ba1bcab42e2ae94fb4bde9a6dfb1ead1.resize-by-browser-width .dt-css-grid .wf-cell,\n  .no-cssgridlegacy.no-cssgrid .blog-shortcode.blog-masonry-shortcode-id-ba1bcab42e2ae94fb4bde9a6dfb1ead1.resize-by-browser-width .dt-css-grid .wf-cell {\n    width: 100%;\n  }\n  .cssgridlegacy.no-cssgrid .blog-shortcode.blog-masonry-shortcode-id-ba1bcab42e2ae94fb4bde9a6dfb1ead1.resize-by-browser-width .dt-css-grid .wf-cell.double-width,\n  .no-cssgridlegacy.no-cssgrid .blog-shortcode.blog-masonry-shortcode-id-ba1bcab42e2ae94fb4bde9a6dfb1ead1.resize-by-browser-width .dt-css-grid .wf-cell.double-width {\n    width: calc(100%)*2;\n  }\n}\n@media screen and (max-width: 767px) {\n  .blog-shortcode.blog-masonry-shortcode-id-ba1bcab42e2ae94fb4bde9a6dfb1ead1.resize-by-browser-width .dt-css-grid {\n    grid-template-columns: repeat(1,1fr);\n  }\n  .blog-shortcode.blog-masonry-shortcode-id-ba1bcab42e2ae94fb4bde9a6dfb1ead1.resize-by-browser-width .dt-css-grid .double-width {\n    grid-column: span 1;\n  }\n  .cssgridlegacy.no-cssgrid .blog-shortcode.blog-masonry-shortcode-id-ba1bcab42e2ae94fb4bde9a6dfb1ead1.resize-by-browser-width .dt-css-grid .wf-cell,\n  .no-cssgridlegacy.no-cssgrid .blog-shortcode.blog-masonry-shortcode-id-ba1bcab42e2ae94fb4bde9a6dfb1ead1.resize-by-browser-width .dt-css-grid .wf-cell {\n    width: 100%;\n  }\n  .cssgridlegacy.no-cssgrid .blog-shortcode.blog-masonry-shortcode-id-ba1bcab42e2ae94fb4bde9a6dfb1ead1.resize-by-browser-width .dt-css-grid .wf-cell.double-width,\n  .no-cssgridlegacy.no-cssgrid .blog-shortcode.blog-masonry-shortcode-id-ba1bcab42e2ae94fb4bde9a6dfb1ead1.resize-by-browser-width .dt-css-grid .wf-cell.double-width {\n    width: calc(100%)*2;\n  }\n}<\/style><div class=\"blog-shortcode blog-masonry-shortcode-id-ba1bcab42e2ae94fb4bde9a6dfb1ead1 mode-grid classic-layout-list content-bg-on jquery-filter scale-img dt-css-grid-wrap dt-icon-bg-off resize-by-browser-width loading-effect-none description-under-image \" data-padding=\"15px\" data-cur-page=\"1\" data-post-limit=\"-1\" data-pagination-mode=\"none\" data-desktop-columns-num=\"2\" data-v-tablet-columns-num=\"1\" data-h-tablet-columns-num=\"2\" data-phone-columns-num=\"1\" data-width=\"0px\" data-columns=\"0\"><div class=\"dt-css-grid\" ><div class=\"visible wf-cell\" data-post-id=\"416399\" data-date=\"2026-04-21T17:29:15+00:00\" data-name=\"\ud83c\udfac \u201eBreaking the Stigma&quot; \u2014 Paneldiskussion beim achtung berlin filmfestival\"><article class=\"post project-odd visible post-416399 type-post status-publish format-standard has-post-thumbnail hentry category-film category-firma category-news category-verleih tag-plan-f tag-19353 tag-achtung-berlin tag-achtung-berlin-fimfestival tag-ali-tamim tag-berlin tag-breaking-the-stigma tag-darling-berlin tag-filmfestival tag-ina-balon tag-karoline-roessler tag-volksbuehne tag-yann-rehberg category-8 category-5590 category-13 category-752\" data-name=\"\ud83c\udfac \u201eBreaking the Stigma&#8220; \u2014 Paneldiskussion beim achtung berlin filmfestival\" data-date=\"2026-04-21T17:29:15+00:00\">\n\n<div class=\"post-thumbnail-wrap\">\n\t<div class=\"post-thumbnail\">\n\t\t\n\t\t\n\t\t<a href=\"https:\/\/ucm.one\/de\/breaking-the-stigma-paneldiskussion-beim-achtung-berlin-filmfestival\/\" class=\"post-thumbnail-rollover layzr-bg layzr-bg\" ><img fetchpriority=\"high\" decoding=\"async\" class=\"iso-lazy-load preload-me iso-lazy-load aspect\" src=\"data:image\/svg+xml,%3Csvg%20xmlns%3D&#39;http%3A%2F%2Fwww.w3.org%2F2000%2Fsvg&#39;%20viewBox%3D&#39;0%200%20990%20309&#39;%2F%3E\" data-src=\"https:\/\/ucm.one\/wp-content\/uploads\/2026\/04\/b_ABBF26_Stigma-de-2-990x309.jpg\" data-srcset=\"https:\/\/ucm.one\/wp-content\/uploads\/2026\/04\/b_ABBF26_Stigma-de-2-990x309.jpg 990w, https:\/\/ucm.one\/wp-content\/uploads\/2026\/04\/b_ABBF26_Stigma-de-2-1485x464.jpg 1485w\" loading=\"eager\" style=\"--ratio: 990 \/ 309\" sizes=\"(max-width: 990px) 100vw, 990px\" alt=\"\" title=\"b_ABBF26_Stigma-de\" width=\"990\" height=\"309\"  \/><\/a>\t<\/div>\n<\/div>\n\n\n<div class=\"post-entry-content\">\n\n\t<h3 class=\"entry-title\">\n\t\t<a href=\"https:\/\/ucm.one\/de\/breaking-the-stigma-paneldiskussion-beim-achtung-berlin-filmfestival\/\" title=\"\ud83c\udfac \u201eBreaking the Stigma&#8220; \u2014 Paneldiskussion beim achtung berlin filmfestival\" rel=\"bookmark\">\ud83c\udfac \u201eBreaking the Stigma&#8220; \u2014 Paneldiskussion beim achtung berlin filmfestival<\/a>\n\t<\/h3>\n\n\t<div class=\"entry-meta\"><span class=\"category-link\"><a href=\"https:\/\/ucm.one\/de\/category\/news\/film\/\" >Film<\/a>, <a href=\"https:\/\/ucm.one\/de\/category\/news\/firma\/\" >Firma<\/a>, <a href=\"https:\/\/ucm.one\/de\/category\/news\/\" >News<\/a>, <a href=\"https:\/\/ucm.one\/de\/category\/news\/verleih\/\" >Verleih<\/a><\/span><a class=\"author vcard\" href=\"\" title=\"Zeige alle Beitr\u00e4ge von robert.zimmermann\" rel=\"author\">Von <span class=\"fn\">robert.zimmermann<\/span><\/a><a href=\"https:\/\/ucm.one\/de\/2026\/04\/21\/\" title=\"17:29\" class=\"data-link\" rel=\"bookmark\"><time class=\"entry-date updated\" datetime=\"2026-04-21T17:29:15+00:00\">21. April 2026<\/time><\/a><\/div>\n\t<div class=\"entry-excerpt\"><p>[vc_row][vc_column][vc_column_text css=&#8220;&#8220;] Im Gr\u00fcnen Salon der Volksb\u00fchne am Rosa-Luxemburg-Platz \u2014 jenem rund 200 Quadratmeter gro\u00dfen Salonraum aus dem Wiederaufbau der fr\u00fchen F\u00fcnfzigerjahre, dessen ovale Glasl\u00fcster, schwere Samtvorh\u00e4nge und Spiegelwand bis heute das 20er-Jahre-Flair des Kaufmann-Baus zitieren \u2014 fand am Montag, 20. April 2026, im Rahmen der achtung berlin Branchentage die Paneldiskussion \u201eBreaking the Stigma&#8220; statt.&hellip;<\/p>\n<\/div>\n\t\n<a href=\"https:\/\/ucm.one\/de\/breaking-the-stigma-paneldiskussion-beim-achtung-berlin-filmfestival\/\" class=\"post-details details-type-link\" aria-label=\"Read more about \ud83c\udfac \u201eBreaking the Stigma&#8220; \u2014 Paneldiskussion beim achtung berlin filmfestival\">Mehr lesen<i class=\"dt-icon-the7-arrow-03\" aria-hidden=\"true\"><\/i><\/a>\n\n<\/div><\/article><\/div><div class=\"visible wf-cell\" data-post-id=\"416344\" data-date=\"2026-04-20T12:00:53+00:00\" data-name=\"\ud83c\udfac \u201ePlan F&quot; feiert Berliner Premiere beim 22. Achtung Berlin Filmfestival\"><article class=\"post project-odd visible post-416344 type-post status-publish format-standard has-post-thumbnail hentry category-darling-berlin category-film category-firma category-news category-verleih tag-plan-f tag-19353 tag-achtung-berlin tag-achtung-berlin-fimfestival tag-baerbel-schwarz tag-berlin tag-darling-berlin tag-filmfestival tag-ina-balon tag-jannik-bueddig tag-ursula-rennecke category-830 category-8 category-5590 category-13 category-752\" data-name=\"\ud83c\udfac \u201ePlan F&#8220; feiert Berliner Premiere beim 22. Achtung Berlin Filmfestival\" data-date=\"2026-04-20T12:00:53+00:00\">\n\n<div class=\"post-thumbnail-wrap\">\n\t<div class=\"post-thumbnail\">\n\t\t\n\t\t\n\t\t<a href=\"https:\/\/ucm.one\/de\/plan-f-feiert-berliner-premiere-beim-22-achtung-berlin-filmfestival\/\" class=\"post-thumbnail-rollover layzr-bg layzr-bg\" ><img decoding=\"async\" class=\"iso-lazy-load preload-me iso-lazy-load aspect\" src=\"data:image\/svg+xml,%3Csvg%20xmlns%3D&#39;http%3A%2F%2Fwww.w3.org%2F2000%2Fsvg&#39;%20viewBox%3D&#39;0%200%20990%20309&#39;%2F%3E\" data-src=\"https:\/\/ucm.one\/wp-content\/uploads\/2026\/04\/bPlanF_ABBF26_Premiere_de-990x309.jpg\" data-srcset=\"https:\/\/ucm.one\/wp-content\/uploads\/2026\/04\/bPlanF_ABBF26_Premiere_de-990x309.jpg 990w, https:\/\/ucm.one\/wp-content\/uploads\/2026\/04\/bPlanF_ABBF26_Premiere_de-1485x464.jpg 1485w\" loading=\"eager\" style=\"--ratio: 990 \/ 309\" sizes=\"(max-width: 990px) 100vw, 990px\" alt=\"\" title=\"bPlanF_ABBF26_Premiere_de\" width=\"990\" height=\"309\"  \/><\/a>\t<\/div>\n<\/div>\n\n\n<div class=\"post-entry-content\">\n\n\t<h3 class=\"entry-title\">\n\t\t<a href=\"https:\/\/ucm.one\/de\/plan-f-feiert-berliner-premiere-beim-22-achtung-berlin-filmfestival\/\" title=\"\ud83c\udfac \u201ePlan F&#8220; feiert Berliner Premiere beim 22. Achtung Berlin Filmfestival\" rel=\"bookmark\">\ud83c\udfac \u201ePlan F&#8220; feiert Berliner Premiere beim 22. Achtung Berlin Filmfestival<\/a>\n\t<\/h3>\n\n\t<div class=\"entry-meta\"><span class=\"category-link\"><a href=\"https:\/\/ucm.one\/de\/category\/news\/film\/darling-berlin\/\" >Darling Berlin<\/a>, <a href=\"https:\/\/ucm.one\/de\/category\/news\/film\/\" >Film<\/a>, <a href=\"https:\/\/ucm.one\/de\/category\/news\/firma\/\" >Firma<\/a>, <a href=\"https:\/\/ucm.one\/de\/category\/news\/\" >News<\/a>, <a href=\"https:\/\/ucm.one\/de\/category\/news\/verleih\/\" >Verleih<\/a><\/span><a class=\"author vcard\" href=\"\" title=\"Zeige alle Beitr\u00e4ge von robert.zimmermann\" rel=\"author\">Von <span class=\"fn\">robert.zimmermann<\/span><\/a><a href=\"https:\/\/ucm.one\/de\/2026\/04\/20\/\" title=\"12:00\" class=\"data-link\" rel=\"bookmark\"><time class=\"entry-date updated\" datetime=\"2026-04-20T12:00:53+00:00\">20. April 2026<\/time><\/a><\/div>\n\t<div class=\"entry-excerpt\"><p>[vc_row][vc_column][vc_column_text css=&#8220;&#8220;] Am Sonntagabend, 19. April 2026, feierte der Spielfilm \u201ePlan F&#8220; von Regisseurin Ina Balon seine Berliner Premiere im Kino Babylon Berlin-Mitte. Gezeigt wurde der Film um 18:15 Uhr im Wettbewerb Spielfilm des 22. achtung berlin filmfestivals \u2013 ein weiterer wichtiger Schritt auf dem Weg zum Kinostart Ende 2026 \u00fcber das UCM.ONE-Filmlabel Darling Berlin.&hellip;<\/p>\n<\/div>\n\t\n<a href=\"https:\/\/ucm.one\/de\/plan-f-feiert-berliner-premiere-beim-22-achtung-berlin-filmfestival\/\" class=\"post-details details-type-link\" aria-label=\"Read more about \ud83c\udfac \u201ePlan F&#8220; feiert Berliner Premiere beim 22. Achtung Berlin Filmfestival\">Mehr lesen<i class=\"dt-icon-the7-arrow-03\" aria-hidden=\"true\"><\/i><\/a>\n\n<\/div><\/article><\/div><div class=\"visible wf-cell\" data-post-id=\"416180\" data-date=\"2026-04-16T12:00:27+00:00\" data-name=\"\ud83c\udfac UCM.ONE und Darling Berlin sind zum elften Mal Partner des achtung berlin filmfestivals\"><article class=\"post project-odd visible post-416180 type-post status-publish format-standard has-post-thumbnail hentry category-film category-firma category-news category-verleih tag-19353 tag-achtung-berlin tag-achtung-berlin-fimfestival tag-berlin tag-breaking-the-stigma tag-darling-berlin tag-filmfestival tag-regina-kraeh tag-sebastian-brose category-8 category-5590 category-13 category-752\" data-name=\"\ud83c\udfac UCM.ONE und Darling Berlin sind zum elften Mal Partner des achtung berlin filmfestivals\" data-date=\"2026-04-16T12:00:27+00:00\">\n\n<div class=\"post-thumbnail-wrap\">\n\t<div class=\"post-thumbnail\">\n\t\t\n\t\t\n\t\t<a href=\"https:\/\/ucm.one\/de\/ucm-one-und-darling-berlin-sind-zum-elften-mal-partner-des-achtung-berlin-filmfestivals\/\" class=\"post-thumbnail-rollover layzr-bg layzr-bg\" ><img decoding=\"async\" class=\"iso-lazy-load preload-me iso-lazy-load aspect\" src=\"data:image\/svg+xml,%3Csvg%20xmlns%3D&#39;http%3A%2F%2Fwww.w3.org%2F2000%2Fsvg&#39;%20viewBox%3D&#39;0%200%20990%20309&#39;%2F%3E\" data-src=\"https:\/\/ucm.one\/wp-content\/uploads\/2026\/04\/b_ABBF2026-990x309.jpg\" data-srcset=\"https:\/\/ucm.one\/wp-content\/uploads\/2026\/04\/b_ABBF2026-990x309.jpg 990w, https:\/\/ucm.one\/wp-content\/uploads\/2026\/04\/b_ABBF2026-1485x464.jpg 1485w\" loading=\"eager\" style=\"--ratio: 990 \/ 309\" sizes=\"(max-width: 990px) 100vw, 990px\" alt=\"\" title=\"b_ABBF2026\" width=\"990\" height=\"309\"  \/><\/a>\t<\/div>\n<\/div>\n\n\n<div class=\"post-entry-content\">\n\n\t<h3 class=\"entry-title\">\n\t\t<a href=\"https:\/\/ucm.one\/de\/ucm-one-und-darling-berlin-sind-zum-elften-mal-partner-des-achtung-berlin-filmfestivals\/\" title=\"\ud83c\udfac UCM.ONE und Darling Berlin sind zum elften Mal Partner des achtung berlin filmfestivals\" rel=\"bookmark\">\ud83c\udfac UCM.ONE und Darling Berlin sind zum elften Mal Partner des achtung berlin filmfestivals<\/a>\n\t<\/h3>\n\n\t<div class=\"entry-meta\"><span class=\"category-link\"><a href=\"https:\/\/ucm.one\/de\/category\/news\/film\/\" >Film<\/a>, <a href=\"https:\/\/ucm.one\/de\/category\/news\/firma\/\" >Firma<\/a>, <a href=\"https:\/\/ucm.one\/de\/category\/news\/\" >News<\/a>, <a href=\"https:\/\/ucm.one\/de\/category\/news\/verleih\/\" >Verleih<\/a><\/span><a class=\"author vcard\" href=\"\" title=\"Zeige alle Beitr\u00e4ge von robert.zimmermann\" rel=\"author\">Von <span class=\"fn\">robert.zimmermann<\/span><\/a><a href=\"https:\/\/ucm.one\/de\/2026\/04\/16\/\" title=\"12:00\" class=\"data-link\" rel=\"bookmark\"><time class=\"entry-date updated\" datetime=\"2026-04-16T12:00:27+00:00\">16. April 2026<\/time><\/a><\/div>\n\t<div class=\"entry-excerpt\"><p>[vc_row][vc_column][vc_column_text css=&#8220;&#8220;] UCM.ONE \/ DARLING BERLIN begleitet die 22. Ausgabe des Achtung Berlin Festivals mit einem Film im Wettbewerb, einem selbst initiierten Panel w\u00e4hrend der Branchentage und der Stiftung des Preises f\u00fcr Bestes Schauspiel. [\/vc_column_text][\/vc_column][\/vc_row][vc_row][vc_column width=&#8220;4\/5&#8243;][vc_column_text css=&#8220;&#8220;] Vom 15. bis 22. April 2026 \u00f6ffnet das achtung berlin filmfestival erneut seine Kinos\u00e4le f\u00fcr das Filmschaffen der&hellip;<\/p>\n<\/div>\n\t\n<a href=\"https:\/\/ucm.one\/de\/ucm-one-und-darling-berlin-sind-zum-elften-mal-partner-des-achtung-berlin-filmfestivals\/\" class=\"post-details details-type-link\" aria-label=\"Read more about \ud83c\udfac UCM.ONE und Darling Berlin sind zum elften Mal Partner des achtung berlin filmfestivals\">Mehr lesen<i class=\"dt-icon-the7-arrow-03\" aria-hidden=\"true\"><\/i><\/a>\n\n<\/div><\/article><\/div><div class=\"visible wf-cell\" data-post-id=\"415794\" data-date=\"2026-03-31T21:00:16+00:00\" data-name=\"\ud83c\udfac &quot;Nulpen&quot; von Sorina Gajewski \u00fcberzeugt junges Publikum bei den SchulKinoWochen im M\u00e4rz 2026\"><article class=\"post project-odd visible post-415794 type-post status-publish format-standard has-post-thumbnail hentry category-film category-kino category-news category-verleih tag-bella-lochmann tag-darling-berlin tag-nulpen tag-pola-geiger tag-schulkinowochen tag-sorina-gajewsk category-8 category-10 category-13 category-752\" data-name=\"\ud83c\udfac &#8222;Nulpen&#8220; von Sorina Gajewski \u00fcberzeugt junges Publikum bei den SchulKinoWochen im M\u00e4rz 2026\" data-date=\"2026-03-31T21:00:16+00:00\">\n\n<div class=\"post-thumbnail-wrap\">\n\t<div class=\"post-thumbnail\">\n\t\t\n\t\t\n\t\t<a href=\"https:\/\/ucm.one\/de\/nulpen-von-sorina-gajewski-ueberzeugt-junges-publikum-bei-den-schulkinowochen-im-maerz-2026\/\" class=\"post-thumbnail-rollover layzr-bg layzr-bg\" ><img decoding=\"async\" class=\"iso-lazy-load preload-me iso-lazy-load aspect\" src=\"data:image\/svg+xml,%3Csvg%20xmlns%3D&#39;http%3A%2F%2Fwww.w3.org%2F2000%2Fsvg&#39;%20viewBox%3D&#39;0%200%20990%20309&#39;%2F%3E\" data-src=\"https:\/\/ucm.one\/wp-content\/uploads\/2026\/04\/B_Nulpen_Banner_SKW2026-990x309.jpg\" data-srcset=\"https:\/\/ucm.one\/wp-content\/uploads\/2026\/04\/B_Nulpen_Banner_SKW2026-990x309.jpg 990w, https:\/\/ucm.one\/wp-content\/uploads\/2026\/04\/B_Nulpen_Banner_SKW2026-1485x464.jpg 1485w\" loading=\"eager\" style=\"--ratio: 990 \/ 309\" sizes=\"(max-width: 990px) 100vw, 990px\" alt=\"\" title=\"B_Nulpen_Banner_SKW2026\" width=\"990\" height=\"309\"  \/><\/a>\t<\/div>\n<\/div>\n\n\n<div class=\"post-entry-content\">\n\n\t<h3 class=\"entry-title\">\n\t\t<a href=\"https:\/\/ucm.one\/de\/nulpen-von-sorina-gajewski-ueberzeugt-junges-publikum-bei-den-schulkinowochen-im-maerz-2026\/\" title=\"\ud83c\udfac &#8222;Nulpen&#8220; von Sorina Gajewski \u00fcberzeugt junges Publikum bei den SchulKinoWochen im M\u00e4rz 2026\" rel=\"bookmark\">\ud83c\udfac &#8222;Nulpen&#8220; von Sorina Gajewski \u00fcberzeugt junges Publikum bei den SchulKinoWochen im M\u00e4rz 2026<\/a>\n\t<\/h3>\n\n\t<div class=\"entry-meta\"><span class=\"category-link\"><a href=\"https:\/\/ucm.one\/de\/category\/news\/film\/\" >Film<\/a>, <a href=\"https:\/\/ucm.one\/de\/category\/news\/kino\/\" >Kino<\/a>, <a href=\"https:\/\/ucm.one\/de\/category\/news\/\" >News<\/a>, <a href=\"https:\/\/ucm.one\/de\/category\/news\/verleih\/\" >Verleih<\/a><\/span><a class=\"author vcard\" href=\"\" title=\"Zeige alle Beitr\u00e4ge von robert.zimmermann\" rel=\"author\">Von <span class=\"fn\">robert.zimmermann<\/span><\/a><a href=\"https:\/\/ucm.one\/de\/2026\/03\/31\/\" title=\"21:00\" class=\"data-link\" rel=\"bookmark\"><time class=\"entry-date updated\" datetime=\"2026-03-31T21:00:16+00:00\">31. M\u00e4rz 2026<\/time><\/a><\/div>\n\t<div class=\"entry-excerpt\"><p>[vc_row][vc_column width=&#8220;3\/5&#8243;][vc_column_text css=&#8220;&#8220;] Vom 13. bis 27. M\u00e4rz 2026 war NULPEN im Rahmen der SchulKinoWochen in Bremen, Bayern, Sachsen und Brandenburg zu sehen \u2013 und traf dabei erneut auf ein auffallend offenes, interessiertes junges Publikum. Nachdem der Film bereits im November 2025 die Berliner SchulKinoWochen im ausverkauften Kino Toni er\u00f6ffnet hatte, setzte sich diese Resonanz&hellip;<\/p>\n<\/div>\n\t\n<a href=\"https:\/\/ucm.one\/de\/nulpen-von-sorina-gajewski-ueberzeugt-junges-publikum-bei-den-schulkinowochen-im-maerz-2026\/\" class=\"post-details details-type-link\" aria-label=\"Read more about \ud83c\udfac &#8222;Nulpen&#8220; von Sorina Gajewski \u00fcberzeugt junges Publikum bei den SchulKinoWochen im M\u00e4rz 2026\">Mehr lesen<i class=\"dt-icon-the7-arrow-03\" aria-hidden=\"true\"><\/i><\/a>\n\n<\/div><\/article><\/div><div class=\"visible wf-cell\" data-post-id=\"415749\" data-date=\"2026-03-27T10:07:59+00:00\" data-name=\"\ud83c\udfac Der Film &quot;Neo Nuggets \u2013 Eine Pulled Pork Kom\u00f6die&quot; ab heute auf Blu-Ray, DVD und digital erh\u00e4ltlich\"><article class=\"post project-odd visible post-415749 type-post status-publish format-standard has-post-thumbnail hentry category-b-spree-pictures category-film category-kino category-news category-verleih category-weltvertrieb tag-andreas-schmied tag-benno-fuermann tag-eine-pulled-pork-komoedie tag-gizem-emre tag-leburger tag-loredana-rehekampff tag-mathaeser tag-melissa-naschenweng tag-muenchen tag-neo-nuggets tag-oesterreich tag-otto-jaus tag-paul-pizzera tag-pizzera-jaus tag-pulled-pork tag-silvia-schneider category-9377 category-8 category-10 category-13 category-752 category-7528\" data-name=\"\ud83c\udfac Der Film &#8222;Neo Nuggets \u2013 Eine Pulled Pork Kom\u00f6die&#8220; ab heute auf Blu-Ray, DVD und digital erh\u00e4ltlich\" data-date=\"2026-03-27T10:07:59+00:00\">\n\n<div class=\"post-thumbnail-wrap\">\n\t<div class=\"post-thumbnail\">\n\t\t\n\t\t\n\t\t<a href=\"https:\/\/ucm.one\/de\/der-film-neo-nuggets-eine-pulled-pork-komoedie-ab-heute-auf-blu-ray-dvd-und-digital-erhaeltlich\/\" class=\"post-thumbnail-rollover layzr-bg layzr-bg\" ><img decoding=\"async\" class=\"iso-lazy-load preload-me iso-lazy-load aspect\" src=\"data:image\/svg+xml,%3Csvg%20xmlns%3D&#39;http%3A%2F%2Fwww.w3.org%2F2000%2Fsvg&#39;%20viewBox%3D&#39;0%200%20990%20309&#39;%2F%3E\" data-src=\"https:\/\/ucm.one\/wp-content\/uploads\/2026\/03\/B-Neo-Nuggets-BDDVD_DE-990x309.jpg\" data-srcset=\"https:\/\/ucm.one\/wp-content\/uploads\/2026\/03\/B-Neo-Nuggets-BDDVD_DE-990x309.jpg 990w, https:\/\/ucm.one\/wp-content\/uploads\/2026\/03\/B-Neo-Nuggets-BDDVD_DE-1485x464.jpg 1485w\" loading=\"eager\" style=\"--ratio: 990 \/ 309\" sizes=\"(max-width: 990px) 100vw, 990px\" alt=\"\" title=\"B-Neo-Nuggets-BD+DVD_DE\" width=\"990\" height=\"309\"  \/><\/a>\t<\/div>\n<\/div>\n\n\n<div class=\"post-entry-content\">\n\n\t<h3 class=\"entry-title\">\n\t\t<a href=\"https:\/\/ucm.one\/de\/der-film-neo-nuggets-eine-pulled-pork-komoedie-ab-heute-auf-blu-ray-dvd-und-digital-erhaeltlich\/\" title=\"\ud83c\udfac Der Film &#8222;Neo Nuggets \u2013 Eine Pulled Pork Kom\u00f6die&#8220; ab heute auf Blu-Ray, DVD und digital erh\u00e4ltlich\" rel=\"bookmark\">\ud83c\udfac Der Film &#8222;Neo Nuggets \u2013 Eine Pulled Pork Kom\u00f6die&#8220; ab heute auf Blu-Ray, DVD und digital erh\u00e4ltlich<\/a>\n\t<\/h3>\n\n\t<div class=\"entry-meta\"><span class=\"category-link\"><a href=\"https:\/\/ucm.one\/de\/category\/news\/film\/b-spree-pictures\/\" >B-Spree Pictures<\/a>, <a href=\"https:\/\/ucm.one\/de\/category\/news\/film\/\" >Film<\/a>, <a href=\"https:\/\/ucm.one\/de\/category\/news\/kino\/\" >Kino<\/a>, <a href=\"https:\/\/ucm.one\/de\/category\/news\/\" >News<\/a>, <a href=\"https:\/\/ucm.one\/de\/category\/news\/verleih\/\" >Verleih<\/a>, <a href=\"https:\/\/ucm.one\/de\/category\/news\/verleih\/weltvertrieb\/\" >Weltvertrieb<\/a><\/span><a class=\"author vcard\" href=\"\" title=\"Zeige alle Beitr\u00e4ge von Joachim Keil\" rel=\"author\">Von <span class=\"fn\">Joachim Keil<\/span><\/a><a href=\"https:\/\/ucm.one\/de\/2026\/03\/27\/\" title=\"10:07\" class=\"data-link\" rel=\"bookmark\"><time class=\"entry-date updated\" datetime=\"2026-03-27T10:07:59+00:00\">27. M\u00e4rz 2026<\/time><\/a><\/div>\n\t<div class=\"entry-excerpt\"><p>[vc_row][vc_column][vc_column_text css=&#8220;&#8220;] Ab heute ist die \u00f6sterreichische Erfolgskom\u00f6die &#8222;Neo Nuggets \u2013 Eine Pulled Pork Kom\u00f6die&#8220; mit den Hauptdarstellern Paul Pizzera und Otto Jaus von Regisseur Andreas Schmied auf Blu-ray, DVD sowie bei Download-Portalen und Streaming-Services zu finden. [\/vc_column_text][\/vc_column][\/vc_row][vc_row][vc_column width=&#8220;3\/4&#8243;][vc_column_text css=&#8220;&#8220;]Abgerundet wird das hochkar\u00e4tige Ensemble rund um Paul Pizzera und Otto Jaus mit Benno F\u00fcrmann, Gizem&hellip;<\/p>\n<\/div>\n\t\n<a href=\"https:\/\/ucm.one\/de\/der-film-neo-nuggets-eine-pulled-pork-komoedie-ab-heute-auf-blu-ray-dvd-und-digital-erhaeltlich\/\" class=\"post-details details-type-link\" aria-label=\"Read more about \ud83c\udfac Der Film &#8222;Neo Nuggets \u2013 Eine Pulled Pork Kom\u00f6die&#8220; ab heute auf Blu-Ray, DVD und digital erh\u00e4ltlich\">Mehr lesen<i class=\"dt-icon-the7-arrow-03\" aria-hidden=\"true\"><\/i><\/a>\n\n<\/div><\/article><\/div><div class=\"visible wf-cell\" data-post-id=\"415153\" data-date=\"2026-02-19T01:30:09+00:00\" data-name=\"\ud83c\udfac &quot;Coexistence My Ass!&quot; von VISION KINO f\u00fcr p\u00e4dagogische Bildungsarbeit empfohlen\"><article class=\"post project-odd visible post-415153 type-post status-publish format-standard has-post-thumbnail hentry category-film category-kino category-news category-nonfy-documentaries tag-amber-fares tag-coexistence tag-coexistence-my-ass tag-dokumentarfilm tag-filmtipp tag-isreal tag-medienkompetenz tag-my-ass tag-noam-shuster-eliassi tag-nonfy tag-nonfy-documentaries tag-paedagogik tag-palaestina tag-palestine tag-schulkinowochen tag-showtimes tag-spieltermine tag-vision-kino category-8 category-10 category-13 category-4587\" data-name=\"\ud83c\udfac &#8222;Coexistence My Ass!&#8220; von VISION KINO f\u00fcr p\u00e4dagogische Bildungsarbeit empfohlen\" data-date=\"2026-02-19T01:30:09+00:00\">\n\n<div class=\"post-thumbnail-wrap\">\n\t<div class=\"post-thumbnail\">\n\t\t\n\t\t\n\t\t<a href=\"https:\/\/ucm.one\/de\/coexistence-my-ass-von-vision-kino-fuer-paedagogische-bildungsarbeit-empfohlen\/\" class=\"post-thumbnail-rollover layzr-bg layzr-bg\" ><img decoding=\"async\" class=\"iso-lazy-load preload-me iso-lazy-load aspect\" src=\"data:image\/svg+xml,%3Csvg%20xmlns%3D&#39;http%3A%2F%2Fwww.w3.org%2F2000%2Fsvg&#39;%20viewBox%3D&#39;0%200%20990%20309&#39;%2F%3E\" data-src=\"https:\/\/ucm.one\/wp-content\/uploads\/2026\/02\/b_CMA_ViKi_Filmtip_News_DE-990x309.jpg\" data-srcset=\"https:\/\/ucm.one\/wp-content\/uploads\/2026\/02\/b_CMA_ViKi_Filmtip_News_DE-990x309.jpg 990w, https:\/\/ucm.one\/wp-content\/uploads\/2026\/02\/b_CMA_ViKi_Filmtip_News_DE-1485x464.jpg 1485w\" loading=\"eager\" style=\"--ratio: 990 \/ 309\" sizes=\"(max-width: 990px) 100vw, 990px\" alt=\"\" title=\"b_CMA_ViKi_Filmtip_News_DE\" width=\"990\" height=\"309\"  \/><\/a>\t<\/div>\n<\/div>\n\n\n<div class=\"post-entry-content\">\n\n\t<h3 class=\"entry-title\">\n\t\t<a href=\"https:\/\/ucm.one\/de\/coexistence-my-ass-von-vision-kino-fuer-paedagogische-bildungsarbeit-empfohlen\/\" title=\"\ud83c\udfac &#8222;Coexistence My Ass!&#8220; von VISION KINO f\u00fcr p\u00e4dagogische Bildungsarbeit empfohlen\" rel=\"bookmark\">\ud83c\udfac &#8222;Coexistence My Ass!&#8220; von VISION KINO f\u00fcr p\u00e4dagogische Bildungsarbeit empfohlen<\/a>\n\t<\/h3>\n\n\t<div class=\"entry-meta\"><span class=\"category-link\"><a href=\"https:\/\/ucm.one\/de\/category\/news\/film\/\" >Film<\/a>, <a href=\"https:\/\/ucm.one\/de\/category\/news\/kino\/\" >Kino<\/a>, <a href=\"https:\/\/ucm.one\/de\/category\/news\/\" >News<\/a>, <a href=\"https:\/\/ucm.one\/de\/category\/news\/film\/nonfy-documentaries\/\" >NONFY Documentaries<\/a><\/span><a class=\"author vcard\" href=\"\" title=\"Zeige alle Beitr\u00e4ge von robert.zimmermann\" rel=\"author\">Von <span class=\"fn\">robert.zimmermann<\/span><\/a><a href=\"https:\/\/ucm.one\/de\/2026\/02\/19\/\" title=\"01:30\" class=\"data-link\" rel=\"bookmark\"><time class=\"entry-date updated\" datetime=\"2026-02-19T01:30:09+00:00\">19. Februar 2026<\/time><\/a><\/div>\n\t<div class=\"entry-excerpt\"><p>[vc_row][vc_column width=&#8220;3\/4&#8243;][vc_column_text css=&#8220;&#8220;] VISION KINO empfiehlt \u201eCoexistence, My Ass!\u201c als FilmTipp: Die gemeinn\u00fctzige Gesellschaft VISION KINO f\u00f6rdert bundesweit die Film- und Medienkompetenz von Kindern und Jugendlichen. Unterst\u00fctzt wird sie von der Beauftragten der Bundesregierung f\u00fcr Kultur und Medien, der Filmf\u00f6rderungsanstalt, der Stiftung Deutsche Kinemathek sowie der Initiative \u201eKino macht Schule\u201c, getragen von ma\u00dfgeblichen Verb\u00e4nden der&hellip;<\/p>\n<\/div>\n\t\n<a href=\"https:\/\/ucm.one\/de\/coexistence-my-ass-von-vision-kino-fuer-paedagogische-bildungsarbeit-empfohlen\/\" class=\"post-details details-type-link\" aria-label=\"Read more about \ud83c\udfac &#8222;Coexistence My Ass!&#8220; von VISION KINO f\u00fcr p\u00e4dagogische Bildungsarbeit empfohlen\">Mehr lesen<i class=\"dt-icon-the7-arrow-03\" aria-hidden=\"true\"><\/i><\/a>\n\n<\/div><\/article><\/div><\/div><!-- iso-container|iso-grid --><\/div>[vc_btn title=&#8220;Alle News&#8220; style=&#8220;flat&#8220; align=&#8220;right&#8220; i_icon_fontawesome=&#8220;fa fa-solid fa-newspaper&#8220; css=&#8220;.vc_custom_1773872377850{margin-top: 25px !important;}&#8220; add_icon=&#8220;true&#8220; link=&#8220;url:%2Fde%2Fcategory%2Fnews%2Fkino%2F|title:Alle%20News&#8220;][vc_separator color=&#8220;blue&#8220;][\/vc_column][\/vc_row][vc_row css=&#8220;.vc_custom_1518458873891{margin-top: 65px !important;}&#8220;][vc_column width=&#8220;1\/4&#8243;][vc_btn title=&#8220;\u00dcbersicht&#8220; style=&#8220;flat&#8220; size=&#8220;lg&#8220; align=&#8220;center&#8220; i_icon_fontawesome=&#8220;fas fa-home&#8220; button_block=&#8220;true&#8220; add_icon=&#8220;true&#8220; link=&#8220;url:https%3A%2F%2Fucm.one%2Fde|title:%C3%9Cbersicht&#8220;][\/vc_column][vc_column width=&#8220;1\/4&#8243;][vc_btn title=&#8220;Kinostarts&#8220; style=&#8220;flat&#8220; size=&#8220;lg&#8220; align=&#8220;center&#8220; i_icon_fontawesome=&#8220;fas fa-star&#8220; button_block=&#8220;true&#8220; add_icon=&#8220;true&#8220; link=&#8220;url:https%3A%2F%2Fucm.one%2Fde%2Fkinoverleih%2Fkinostarts%2F|title:Kinostarts&#8220;][\/vc_column][vc_column width=&#8220;1\/4&#8243;][vc_btn title=&#8220;Katalogfilme&#8220; style=&#8220;flat&#8220; size=&#8220;lg&#8220; align=&#8220;center&#8220; i_icon_fontawesome=&#8220;fas fa-list&#8220; button_block=&#8220;true&#8220; add_icon=&#8220;true&#8220; link=&#8220;url:https%3A%2F%2Fucm.one%2Fde%2Fkinoverleih%2Fkatalogfilme%2F|title:Katalogfilme&#8220;][\/vc_column][vc_column width=&#8220;1\/4&#8243;][vc_btn title=&#8220;Weltvertrieb&#8220; style=&#8220;flat&#8220; size=&#8220;lg&#8220; align=&#8220;center&#8220; i_icon_fontawesome=&#8220;fas fa-globe-americas&#8220; button_block=&#8220;true&#8220; add_icon=&#8220;true&#8220; link=&#8220;url:%2Fde%2Fweltvertrieb%2F|title:Weltvertrieb||&#8220;][\/vc_column][\/vc_row][vc_row content_placement=&#8220;middle&#8220; bg_type=&#8220;grad&#8220; ult_hide_row=&#8220;ult_hide_row_value&#8220; ult_hide_row_large_screen=&#8220;large_screen&#8220; ult_hide_row_desktop=&#8220;desktop&#8220; css=&#8220;.vc_custom_1518701755537{margin-top: 0px !important;padding-top: -50px !important;}&#8220; bg_grad=&#8220;background: -webkit-gradient(linear, left top, left bottom, color-stop(0%, #E3E3E3), color-stop(0%, #FFFFFF), color-stop(6%, #FFFFFF), color-stop(7%, #FFFFFF), color-stop(50%, #FFFFFF));background: -moz-linear-gradient(top,#E3E3E3 0%,#FFFFFF 0%,#FFFFFF 6%,#FFFFFF 7%,#FFFFFF 50%);background: -webkit-linear-gradient(top,#E3E3E3 0%,#FFFFFF 0%,#FFFFFF 6%,#FFFFFF 7%,#FFFFFF 50%);background: -o-linear-gradient(top,#E3E3E3 0%,#FFFFFF 0%,#FFFFFF 6%,#FFFFFF 7%,#FFFFFF 50%);background: -ms-linear-gradient(top,#E3E3E3 0%,#FFFFFF 0%,#FFFFFF 6%,#FFFFFF 7%,#FFFFFF 50%);background: linear-gradient(top,#E3E3E3 0%,#FFFFFF 0%,#FFFFFF 6%,#FFFFFF 7%,#FFFFFF 50%);&#8220;][vc_column][vc_btn title=&#8220;Kontakt&#8220; style=&#8220;flat&#8220; color=&#8220;juicy-pink&#8220; size=&#8220;lg&#8220; align=&#8220;center&#8220; i_icon_fontawesome=&#8220;far fa-envelope&#8220; button_block=&#8220;true&#8220; add_icon=&#8220;true&#8220; link=&#8220;url:https%3A%2F%2Fucm.one%2Fde%2Ffirma%2Fkontakt%2F|title:Kontakt&#8220;][\/vc_column][\/vc_row]<\/p>\n<\/div>","protected":false},"excerpt":{"rendered":"<p>[vc_row content_placement=&#8220;middle&#8220;][vc_column width=&#8220;1\/3&#8243;][vc_btn title=&#8220;Kinostarts&#8220; style=&#8220;flat&#8220; color=&#8220;inverse&#8220; size=&#8220;lg&#8220; align=&#8220;center&#8220; i_icon_fontawesome=&#8220;fas fa-star&#8220; button_block=&#8220;true&#8220; add_icon=&#8220;true&#8220; link=&#8220;url:https%3A%2F%2Fucm.one%2Fde%2Fkinoverleih%2Fkinostarts%2F|title:Kinostarts&#8220;][\/vc_column][vc_column width=&#8220;1\/3&#8243;][vc_btn title=&#8220;Katalogfilme&#8220; style=&#8220;flat&#8220; color=&#8220;inverse&#8220; size=&#8220;lg&#8220; align=&#8220;center&#8220; i_icon_fontawesome=&#8220;fas fa-list&#8220; button_block=&#8220;true&#8220; add_icon=&#8220;true&#8220; link=&#8220;url:https%3A%2F%2Fucm.one%2Fde%2Fkinoverleih%2Fkatalogfilme%2F|title:Katalogfilme&#8220;][\/vc_column][vc_column width=&#8220;1\/3&#8243;][vc_btn title=&#8220;Weltvertrieb&#8220; style=&#8220;flat&#8220; color=&#8220;inverse&#8220; size=&#8220;lg&#8220; align=&#8220;center&#8220; i_icon_fontawesome=&#8220;fas fa-globe-americas&#8220; button_block=&#8220;true&#8220; add_icon=&#8220;true&#8220; link=&#8220;url:%2Fde%2Fweltvertrieb|title:Weltvertrieb||&#8220;][\/vc_column][\/vc_row][vc_row css=&#8220;.vc_custom_1519642005477{margin-top: 50px !important;margin-bottom: 50px !important;}&#8220;][vc_column][vc_column_text] Kinoverleih [\/vc_column_text][vc_column_text]Die meisten Filme werden f\u00fcr die gro\u00dfen Leinw\u00e4nde der Kinos produziert. Daher steht vor&hellip;<\/p>\n","protected":false},"author":1,"featured_media":0,"parent":0,"menu_order":0,"comment_status":"closed","ping_status":"closed","template":"","meta":{"_acf_changed":false,"footnotes":""},"class_list":["post-10423","page","type-page","status-publish","hentry","description-off"],"acf":[],"yoast_head":"<!-- This site is optimized with the Yoast SEO plugin v27.5 - https:\/\/yoast.com\/product\/yoast-seo-wordpress\/ -->\n<title>Kinoverleih<\/title>\n<meta name=\"description\" content=\"Die meisten Filme werden f\u00fcr die gro\u00dfen Leinw\u00e4nde der Kinos produziert. Daher steht vor allem f\u00fcr diese Filme an erster Stelle der Kinoverleih im Vordergrund. Erst danach startet die komplette weitere Vermarktung in Form von physischen Vertrieb auf DVD und\/oder Blu-Ray, das Download- und Streaming-Angebot...\" \/>\n<meta name=\"robots\" content=\"index, follow, max-snippet:-1, max-image-preview:large, max-video-preview:-1\" \/>\n<link rel=\"canonical\" href=\"https:\/\/ucm.one\/de\/kinoverleih\/\" \/>\n<meta property=\"og:locale\" content=\"de_DE\" \/>\n<meta property=\"og:type\" content=\"article\" \/>\n<meta property=\"og:title\" content=\"Kinoverleih\" \/>\n<meta property=\"og:description\" content=\"Die meisten Filme werden f\u00fcr die gro\u00dfen Leinw\u00e4nde der Kinos produziert. Daher steht vor allem f\u00fcr diese Filme an erster Stelle der Kinoverleih im Vordergrund. Erst danach startet die komplette weitere Vermarktung in Form von physischen Vertrieb auf DVD und\/oder Blu-Ray, das Download- und Streaming-Angebot...\" \/>\n<meta property=\"og:url\" content=\"https:\/\/ucm.one\/de\/kinoverleih\/\" \/>\n<meta property=\"og:site_name\" content=\"UCM.ONE\" \/>\n<meta property=\"article:modified_time\" content=\"2026-03-18T22:19:42+00:00\" \/>\n<meta name=\"twitter:card\" content=\"summary_large_image\" \/>\n<meta name=\"twitter:label1\" content=\"Gesch\u00e4tzte Lesezeit\" \/>\n\t<meta name=\"twitter:data1\" content=\"5\u00a0Minuten\" \/>\n<!-- \/ Yoast SEO plugin. -->","yoast_head_json":{"title":"Kinoverleih","description":"Die meisten Filme werden f\u00fcr die gro\u00dfen Leinw\u00e4nde der Kinos produziert. Daher steht vor allem f\u00fcr diese Filme an erster Stelle der Kinoverleih im Vordergrund. Erst danach startet die komplette weitere Vermarktung in Form von physischen Vertrieb auf DVD und\/oder Blu-Ray, das Download- und Streaming-Angebot...","robots":{"index":"index","follow":"follow","max-snippet":"max-snippet:-1","max-image-preview":"max-image-preview:large","max-video-preview":"max-video-preview:-1"},"canonical":"https:\/\/ucm.one\/de\/kinoverleih\/","og_locale":"de_DE","og_type":"article","og_title":"Kinoverleih","og_description":"Die meisten Filme werden f\u00fcr die gro\u00dfen Leinw\u00e4nde der Kinos produziert. Daher steht vor allem f\u00fcr diese Filme an erster Stelle der Kinoverleih im Vordergrund. Erst danach startet die komplette weitere Vermarktung in Form von physischen Vertrieb auf DVD und\/oder Blu-Ray, das Download- und Streaming-Angebot...","og_url":"https:\/\/ucm.one\/de\/kinoverleih\/","og_site_name":"UCM.ONE","article_modified_time":"2026-03-18T22:19:42+00:00","twitter_card":"summary_large_image","twitter_misc":{"Gesch\u00e4tzte Lesezeit":"5\u00a0Minuten"},"schema":{"@context":"https:\/\/schema.org","@graph":[{"@type":"WebPage","@id":"https:\/\/ucm.one\/de\/kinoverleih\/","url":"https:\/\/ucm.one\/de\/kinoverleih\/","name":"Kinoverleih","isPartOf":{"@id":"https:\/\/ucm.one\/de\/#website"},"datePublished":"2018-02-14T09:13:00+00:00","dateModified":"2026-03-18T22:19:42+00:00","description":"Die meisten Filme werden f\u00fcr die gro\u00dfen Leinw\u00e4nde der Kinos produziert. Daher steht vor allem f\u00fcr diese Filme an erster Stelle der Kinoverleih im Vordergrund. Erst danach startet die komplette weitere Vermarktung in Form von physischen Vertrieb auf DVD und\/oder Blu-Ray, das Download- und Streaming-Angebot...","breadcrumb":{"@id":"https:\/\/ucm.one\/de\/kinoverleih\/#breadcrumb"},"inLanguage":"de","potentialAction":[{"@type":"ReadAction","target":["https:\/\/ucm.one\/de\/kinoverleih\/"]}]},{"@type":"BreadcrumbList","@id":"https:\/\/ucm.one\/de\/kinoverleih\/#breadcrumb","itemListElement":[{"@type":"ListItem","position":1,"name":"Home","item":"https:\/\/ucm.one\/de\/"},{"@type":"ListItem","position":2,"name":"Kinoverleih"}]},{"@type":"WebSite","@id":"https:\/\/ucm.one\/de\/#website","url":"https:\/\/ucm.one\/de\/","name":"UCM.ONE","description":"","publisher":{"@id":"https:\/\/ucm.one\/de\/#organization"},"potentialAction":[{"@type":"SearchAction","target":{"@type":"EntryPoint","urlTemplate":"https:\/\/ucm.one\/de\/?s={search_term_string}"},"query-input":{"@type":"PropertyValueSpecification","valueRequired":true,"valueName":"search_term_string"}}],"inLanguage":"de"},{"@type":"Organization","@id":"https:\/\/ucm.one\/de\/#organization","name":"UCM.ONE","url":"https:\/\/ucm.one\/de\/","logo":{"@type":"ImageObject","inLanguage":"de","@id":"https:\/\/ucm.one\/de\/#\/schema\/logo\/image\/","url":"https:\/\/ucm.one\/wp-content\/uploads\/2019\/10\/UCM.ONE-Logo-RGB.svg","contentUrl":"https:\/\/ucm.one\/wp-content\/uploads\/2019\/10\/UCM.ONE-Logo-RGB.svg","width":1,"height":1,"caption":"UCM.ONE"},"image":{"@id":"https:\/\/ucm.one\/de\/#\/schema\/logo\/image\/"}}]}},"_links":{"self":[{"href":"https:\/\/ucm.one\/de\/wp-json\/wp\/v2\/pages\/10423","targetHints":{"allow":["GET"]}}],"collection":[{"href":"https:\/\/ucm.one\/de\/wp-json\/wp\/v2\/pages"}],"about":[{"href":"https:\/\/ucm.one\/de\/wp-json\/wp\/v2\/types\/page"}],"author":[{"embeddable":true,"href":"https:\/\/ucm.one\/de\/wp-json\/wp\/v2\/users\/1"}],"replies":[{"embeddable":true,"href":"https:\/\/ucm.one\/de\/wp-json\/wp\/v2\/comments?post=10423"}],"version-history":[{"count":15,"href":"https:\/\/ucm.one\/de\/wp-json\/wp\/v2\/pages\/10423\/revisions"}],"predecessor-version":[{"id":415662,"href":"https:\/\/ucm.one\/de\/wp-json\/wp\/v2\/pages\/10423\/revisions\/415662"}],"wp:attachment":[{"href":"https:\/\/ucm.one\/de\/wp-json\/wp\/v2\/media?parent=10423"}],"curies":[{"name":"wp","href":"https:\/\/api.w.org\/{rel}","templated":true}]}}