{"id":103375,"date":"2024-04-10T08:48:45","date_gmt":"2024-04-10T08:48:45","guid":{"rendered":"https:\/\/ucm.one\/?page_id=103375"},"modified":"2024-04-10T08:48:45","modified_gmt":"2024-04-10T08:48:45","slug":"neuigkeiten-film","status":"publish","type":"page","link":"https:\/\/ucm.one\/de\/firma\/neuigkeiten\/neuigkeiten-film\/","title":{"rendered":"Film Neuigkeiten"},"content":{"rendered":"<div class=\"wpb-content-wrapper\"><p>[vc_row][vc_column][vc_column_text]<\/p>\n<h1>Neuigkeiten &#8211;\u00a0Film<\/h1>\n<p>[\/vc_column_text][\/vc_column][\/vc_row][vc_row gap=&#8220;35&#8243;][vc_column width=&#8220;2\/3&#8243;]<style type=\"text\/css\" data-type=\"the7_shortcodes-inline-css\">.blog-shortcode.blog-list-shortcode-id-d7a6c77817f28263669af8bd3ddbedd5.content-bg-on.classic-layout-list article {\n  background: rgba(165,165,165,0.23);\n  box-shadow: none;\n}\n.blog-shortcode.blog-list-shortcode-id-d7a6c77817f28263669af8bd3ddbedd5.dividers-on.classic-layout-list article {\n  margin-top: 50px;\n  padding-top: 0;\n}\n.blog-shortcode.blog-list-shortcode-id-d7a6c77817f28263669af8bd3ddbedd5.dividers-on.classic-layout-list article:first-of-type {\n  margin-top: 0;\n  padding-top: 0;\n}\n.blog-shortcode.blog-list-shortcode-id-d7a6c77817f28263669af8bd3ddbedd5.classic-layout-list.mode-list .post-thumbnail-wrap {\n  width: 100%;\n}\n.blog-shortcode.blog-list-shortcode-id-d7a6c77817f28263669af8bd3ddbedd5.classic-layout-list.mode-list .post-entry-content {\n  width: calc(100% - 100%);\n}\n.blog-shortcode.blog-list-shortcode-id-d7a6c77817f28263669af8bd3ddbedd5.classic-layout-list.mode-list .no-img .post-entry-content {\n  width: 100%;\n}\n.blog-shortcode.blog-list-shortcode-id-d7a6c77817f28263669af8bd3ddbedd5 .filter-bg-decoration .filter-categories a.act {\n  color: #fff;\n}\n.blog-shortcode.blog-list-shortcode-id-d7a6c77817f28263669af8bd3ddbedd5:not(.mode-masonry) article {\n  margin-top: 50px;\n}\n.blog-shortcode.blog-list-shortcode-id-d7a6c77817f28263669af8bd3ddbedd5:not(.mode-masonry) article:first-of-type,\n.blog-shortcode.blog-list-shortcode-id-d7a6c77817f28263669af8bd3ddbedd5:not(.mode-masonry) article.visible.first:not(.product) {\n  margin-top: 0;\n}\n.blog-shortcode.blog-list-shortcode-id-d7a6c77817f28263669af8bd3ddbedd5.dividers-on:not(.mode-masonry) article {\n  margin-top: 0;\n  padding-top: 50px;\n}\n.blog-shortcode.blog-list-shortcode-id-d7a6c77817f28263669af8bd3ddbedd5.dividers-on:not(.mode-masonry) article:first-of-type,\n.blog-shortcode.blog-list-shortcode-id-d7a6c77817f28263669af8bd3ddbedd5.dividers-on:not(.mode-masonry) article.visible.first:not(.product) {\n  margin-top: 0;\n  padding-top: 0;\n}\n.blog-shortcode.blog-list-shortcode-id-d7a6c77817f28263669af8bd3ddbedd5 .post-thumbnail-wrap {\n  padding: 0px 0px 0px 0px;\n}\n.blog-shortcode.blog-list-shortcode-id-d7a6c77817f28263669af8bd3ddbedd5.enable-bg-rollover .post-thumbnail-rollover:after {\n  background: -webkit-linear-gradient();\n  background: linear-gradient();\n}\n.blog-shortcode.blog-list-shortcode-id-d7a6c77817f28263669af8bd3ddbedd5 .gallery-zoom-ico {\n  width: 44px;\n  height: 44px;\n  line-height: 44px;\n  border-radius: 100px;\n  margin: -22px 0 0 -22px;\n  border-width: 0px;\n  color: #ffffff;\n}\n.bottom-overlap-layout-list.blog-shortcode.blog-list-shortcode-id-d7a6c77817f28263669af8bd3ddbedd5 .gallery-zoom-ico {\n  margin-top: -22px;\n}\n.gradient-overlay-layout-list.blog-shortcode.blog-list-shortcode-id-d7a6c77817f28263669af8bd3ddbedd5 .gallery-zoom-ico,\n.content-rollover-layout-list.blog-shortcode.blog-list-shortcode-id-d7a6c77817f28263669af8bd3ddbedd5 .gallery-zoom-ico {\n  margin: 0 0 10px;\n}\n.content-align-center.gradient-overlay-layout-list.blog-shortcode.blog-list-shortcode-id-d7a6c77817f28263669af8bd3ddbedd5 .gallery-zoom-ico,\n.content-align-center.content-rollover-layout-list.blog-shortcode.blog-list-shortcode-id-d7a6c77817f28263669af8bd3ddbedd5 .gallery-zoom-ico {\n  margin: 0 auto 10px;\n}\n.dt-icon-bg-on.blog-shortcode.blog-list-shortcode-id-d7a6c77817f28263669af8bd3ddbedd5 .gallery-zoom-ico {\n  background: rgba(255,255,255,0.3);\n  box-shadow: none;\n}\n.blog-shortcode.blog-list-shortcode-id-d7a6c77817f28263669af8bd3ddbedd5 .gallery-zoom-ico > span,\n.blog-shortcode.blog-list-shortcode-id-d7a6c77817f28263669af8bd3ddbedd5 .gallery-zoom-ico:before {\n  font-size: 32px;\n  line-height: 44px;\n}\n.blog-shortcode.blog-list-shortcode-id-d7a6c77817f28263669af8bd3ddbedd5 .gallery-zoom-ico > span,\n.blog-shortcode.blog-list-shortcode-id-d7a6c77817f28263669af8bd3ddbedd5 .gallery-zoom-ico:before {\n  color: #ffffff;\n}\n.blog-shortcode.blog-list-shortcode-id-d7a6c77817f28263669af8bd3ddbedd5 .fancy-date a {\n  background: #ffffff;\n  box-shadow: none;\n}\n.blog-shortcode.blog-list-shortcode-id-d7a6c77817f28263669af8bd3ddbedd5 .fancy-date a * {\n  color: #2d2d2d;\n}\n.blog-shortcode.blog-list-shortcode-id-d7a6c77817f28263669af8bd3ddbedd5 .entry-title,\n.blog-shortcode.blog-list-shortcode-id-d7a6c77817f28263669af8bd3ddbedd5.owl-carousel .entry-title {\n  margin-bottom: 5px;\n  font-weight: bold;\n}\n.blog-shortcode.blog-list-shortcode-id-d7a6c77817f28263669af8bd3ddbedd5 .entry-meta {\n  margin-bottom: 15px;\n}\n.blog-shortcode.blog-list-shortcode-id-d7a6c77817f28263669af8bd3ddbedd5 .portfolio-categories {\n  margin-bottom: 15px;\n}\n.blog-shortcode.blog-list-shortcode-id-d7a6c77817f28263669af8bd3ddbedd5 .entry-excerpt {\n  margin-bottom: 5px;\n}\n.blog-shortcode.blog-list-shortcode-id-d7a6c77817f28263669af8bd3ddbedd5:not(.centered-layout-list) .post-entry-content {\n  padding: 25px 30px 30px 30px;\n}\n.blog-shortcode.blog-list-shortcode-id-d7a6c77817f28263669af8bd3ddbedd5:not(.centered-layout-list):not(.content-bg-on):not(.mode-list) .no-img .post-entry-content {\n  padding: 0;\n}\n.blog-shortcode.blog-list-shortcode-id-d7a6c77817f28263669af8bd3ddbedd5.content-bg-on:not(.classic-layout-list):not(.centered-layout-list) .post-entry-content {\n  background: rgba(165,165,165,0.23);\n  box-shadow: none;\n}\n@media screen and (max-width: 768px) {\n  .blog-shortcode.blog-list-shortcode-id-d7a6c77817f28263669af8bd3ddbedd5 article {\n    -ms-flex-flow: column nowrap;\n    flex-flow: column nowrap;\n    margin-top: 20px;\n  }\n  .blog-shortcode.blog-list-shortcode-id-d7a6c77817f28263669af8bd3ddbedd5.dividers-on article {\n    border: none;\n  }\n  .blog-shortcode.blog-list-shortcode-id-d7a6c77817f28263669af8bd3ddbedd5.content-bg-on.centered-layout-list article {\n    padding: 0;\n  }\n  .blog-shortcode.blog-list-shortcode-id-d7a6c77817f28263669af8bd3ddbedd5.blog-shortcode.dividers-on article,\n  .blog-shortcode.blog-list-shortcode-id-d7a6c77817f28263669af8bd3ddbedd5.dividers-on.classic-layout-list article {\n    margin-top: 20px;\n    padding: 0;\n  }\n  .blog-shortcode.blog-list-shortcode-id-d7a6c77817f28263669af8bd3ddbedd5.blog-shortcode.dividers-on article:first-of-type,\n  .blog-shortcode.blog-list-shortcode-id-d7a6c77817f28263669af8bd3ddbedd5.dividers-on.classic-layout-list article:first-of-type {\n    padding: 0;\n  }\n  #page .blog-shortcode.blog-list-shortcode-id-d7a6c77817f28263669af8bd3ddbedd5 .post-thumbnail-wrap,\n  #page .blog-shortcode.blog-list-shortcode-id-d7a6c77817f28263669af8bd3ddbedd5 .post-entry-content {\n    width: 100%;\n    margin: 0;\n    top: 0;\n  }\n  #page .blog-shortcode.blog-list-shortcode-id-d7a6c77817f28263669af8bd3ddbedd5 .post-thumbnail-wrap {\n    padding: 0;\n  }\n  #page .blog-shortcode.blog-list-shortcode-id-d7a6c77817f28263669af8bd3ddbedd5 .post-entry-content:after {\n    display: none;\n  }\n  #page .blog-shortcode.blog-list-shortcode-id-d7a6c77817f28263669af8bd3ddbedd5 .project-even .post-thumbnail-wrap,\n  #page .blog-shortcode.blog-list-shortcode-id-d7a6c77817f28263669af8bd3ddbedd5.centered-layout-list .post-thumbnail-wrap {\n    -ms-flex-order: 0;\n    order: 0;\n  }\n  #page .blog-shortcode.blog-list-shortcode-id-d7a6c77817f28263669af8bd3ddbedd5.centered-layout-list .post-entry-title-content {\n    -ms-flex-order: 1;\n    order: 1;\n    width: 100%;\n    padding: 20px 20px 0;\n  }\n  #page .blog-shortcode.blog-list-shortcode-id-d7a6c77817f28263669af8bd3ddbedd5.centered-layout-list .post-entry-content {\n    -ms-flex-order: 2;\n    order: 2;\n    padding-top: 0;\n  }\n  #page .blog-shortcode.blog-list-shortcode-id-d7a6c77817f28263669af8bd3ddbedd5 .fancy-categories {\n    top: 10px;\n    left: 10px;\n    bottom: auto;\n    right: auto;\n  }\n  #page .blog-shortcode.blog-list-shortcode-id-d7a6c77817f28263669af8bd3ddbedd5 .fancy-date a {\n    top: 10px;\n    right: 10px;\n    left: auto;\n    bottom: auto;\n  }\n  #page .blog-shortcode.blog-list-shortcode-id-d7a6c77817f28263669af8bd3ddbedd5 .post-entry-content {\n    padding: 20px;\n  }\n  #page .blog-shortcode.blog-list-shortcode-id-d7a6c77817f28263669af8bd3ddbedd5 .entry-title {\n    margin: 3px 0 5px;\n    font-size: 20px;\n    line-height: 26px;\n  }\n  #page .blog-shortcode.blog-list-shortcode-id-d7a6c77817f28263669af8bd3ddbedd5 .entry-meta {\n    margin: 5px 0 5px;\n  }\n  #page .blog-shortcode.blog-list-shortcode-id-d7a6c77817f28263669af8bd3ddbedd5 .entry-excerpt {\n    margin: 15px 0 0;\n  }\n  #page .blog-shortcode.blog-list-shortcode-id-d7a6c77817f28263669af8bd3ddbedd5 .post-details {\n    margin: 5px 0 10px;\n  }\n  #page .blog-shortcode.blog-list-shortcode-id-d7a6c77817f28263669af8bd3ddbedd5 .post-details.details-type-link {\n    margin-bottom: 2px;\n  }\n}<\/style><div class=\"articles-list blog-shortcode mode-list blog-list-shortcode-id-d7a6c77817f28263669af8bd3ddbedd5 classic-layout-list content-bg-on scale-img dt-icon-bg-off vertical-fancy-style loading-effect-fade-in\" data-cur-page=\"1\" data-post-limit=\"-1\" data-pagination-mode=\"pages\"><article class=\"post project-odd visible  full-width-img post-416496 type-post status-publish format-standard has-post-thumbnail hentry category-film category-news tag-19353 tag-achtung-berlin tag-achtung-berlin-fimfestival tag-berlin tag-celine-scharff tag-darling-berlin tag-kino-babylin-berlin-mitte tag-lana-cooper tag-preisverleihung tag-regina-kraeh tag-sebastian-brose category-8 category-13 description-off\" data-name=\"\ud83c\udfac new berlin film awards f\u00fcr Lana Cooper und Celina Scharff &#8211; Preisverleihung achtung berlin filmfestival 2026\" data-date=\"2026-04-23T16:00:01+00:00\">\n\n<div class=\"post-thumbnail-wrap\">\n\t<div class=\"post-thumbnail\">\n\n\t\t\n\t\t\n\t\t<a href=\"https:\/\/ucm.one\/de\/new-berlin-film-awards-fuer-lana-cooper-und-celina-scharff-preisverleihung-achtung-berlin-filmfestival-2026\/\" class=\"post-thumbnail-rollover layzr-bg layzr-bg\" ><img fetchpriority=\"high\" decoding=\"async\" class=\"lazy-load preload-me lazy-load aspect\" src=\"data:image\/svg+xml,%3Csvg%20xmlns%3D&#39;http%3A%2F%2Fwww.w3.org%2F2000%2Fsvg&#39;%20viewBox%3D&#39;0%200%20925%20289&#39;%2F%3E\" data-src=\"https:\/\/ucm.one\/wp-content\/uploads\/2026\/04\/b_ABFF2026_Preisverleihung-de-\u00a9Hingst-925x289.jpg\" data-srcset=\"https:\/\/ucm.one\/wp-content\/uploads\/2026\/04\/b_ABFF2026_Preisverleihung-de-\u00a9Hingst-925x289.jpg 925w, https:\/\/ucm.one\/wp-content\/uploads\/2026\/04\/b_ABFF2026_Preisverleihung-de-\u00a9Hingst-1573x491.jpg 1573w\" loading=\"eager\" style=\"--ratio: 925 \/ 289\" sizes=\"(max-width: 925px) 100vw, 925px\" alt=\"\" title=\"b_ABFF2026_Preisverleihung-de \u00a9Hingst\" width=\"925\" height=\"289\"  \/><\/a>\n\t<\/div>\n<\/div>\n\n\n<div class=\"post-entry-content\">\n\n\t<h3 class=\"entry-title\">\n\t\t<a href=\"https:\/\/ucm.one\/de\/new-berlin-film-awards-fuer-lana-cooper-und-celina-scharff-preisverleihung-achtung-berlin-filmfestival-2026\/\" title=\"\ud83c\udfac new berlin film awards f\u00fcr Lana Cooper und Celina Scharff &#8211; Preisverleihung achtung berlin filmfestival 2026\" rel=\"bookmark\">\ud83c\udfac new berlin film awards f\u00fcr Lana Cooper und Celina Scharff &#8211; Preisverleihung achtung berlin filmfestival 2026<\/a>\n\t<\/h3>\n\n\t<div class=\"entry-meta\"><span class=\"category-link\"><a href=\"https:\/\/ucm.one\/de\/category\/news\/film\/\" >Film<\/a>, <a href=\"https:\/\/ucm.one\/de\/category\/news\/\" >News<\/a><\/span><a href=\"https:\/\/ucm.one\/de\/2026\/04\/23\/\" title=\"16:00\" class=\"data-link\" rel=\"bookmark\"><time class=\"entry-date updated\" datetime=\"2026-04-23T16:00:01+00:00\">23. April 2026<\/time><\/a><\/div>\n\t<div class=\"entry-excerpt\"><p>[vc_row][vc_column][vc_column_text css=&#8220;&#8220;] Mit der Preisverleihung am Mittwoch, dem 22. April, im Kino Babylon endete das 22. achtung berlin filmfestival. Die Spielfilm-Jury w\u00fcrdigte mit dem von UCM.ONE und seinem Berliner Filmlabel Darling Berlin gestifteten Preis f\u00fcr Bestes Schauspiel zwei Darsteller:innen: Lana Cooper f\u00fcr ihre Rolle in \u201eDas Gl\u00fcck der T\u00fcchtigen&#8220; (Regie Franz M\u00fcller) und Celina Scharff&hellip;<\/p>\n<\/div>\n\t\n<a href=\"https:\/\/ucm.one\/de\/new-berlin-film-awards-fuer-lana-cooper-und-celina-scharff-preisverleihung-achtung-berlin-filmfestival-2026\/\" class=\"post-details details-type-link\" aria-label=\"Read more about \ud83c\udfac new berlin film awards f\u00fcr Lana Cooper und Celina Scharff &#8211; Preisverleihung achtung berlin filmfestival 2026\">Mehr lesen<i class=\"dt-icon-the7-arrow-03\" aria-hidden=\"true\"><\/i><\/a>\n\n<\/div><\/article><article class=\"post project-odd visible  full-width-img post-416399 type-post status-publish format-standard has-post-thumbnail hentry category-film category-firma category-news category-verleih tag-plan-f tag-19353 tag-achtung-berlin tag-achtung-berlin-fimfestival tag-ali-tamim tag-berlin tag-breaking-the-stigma tag-darling-berlin tag-filmfestival tag-ina-balon tag-karoline-roessler tag-volksbuehne tag-yann-rehberg category-8 category-5590 category-13 category-752 description-off\" data-name=\"\ud83c\udfac \u201eBreaking the Stigma&#8220; \u2014 Paneldiskussion beim achtung berlin filmfestival\" data-date=\"2026-04-21T17:29:15+00:00\">\n\n<div class=\"post-thumbnail-wrap\">\n\t<div class=\"post-thumbnail\">\n\n\t\t\n\t\t\n\t\t<a href=\"https:\/\/ucm.one\/de\/breaking-the-stigma-paneldiskussion-beim-achtung-berlin-filmfestival\/\" class=\"post-thumbnail-rollover layzr-bg layzr-bg\" ><img decoding=\"async\" class=\"lazy-load preload-me lazy-load aspect\" src=\"data:image\/svg+xml,%3Csvg%20xmlns%3D&#39;http%3A%2F%2Fwww.w3.org%2F2000%2Fsvg&#39;%20viewBox%3D&#39;0%200%20925%20289&#39;%2F%3E\" data-src=\"https:\/\/ucm.one\/wp-content\/uploads\/2026\/04\/b_ABBF26_Stigma-de-2-925x289.jpg\" data-srcset=\"https:\/\/ucm.one\/wp-content\/uploads\/2026\/04\/b_ABBF26_Stigma-de-2-925x289.jpg 925w, https:\/\/ucm.one\/wp-content\/uploads\/2026\/04\/b_ABBF26_Stigma-de-2-1573x491.jpg 1573w\" loading=\"eager\" style=\"--ratio: 925 \/ 289\" sizes=\"(max-width: 925px) 100vw, 925px\" alt=\"\" title=\"b_ABBF26_Stigma-de\" width=\"925\" height=\"289\"  \/><\/a>\n\t<\/div>\n<\/div>\n\n\n<div class=\"post-entry-content\">\n\n\t<h3 class=\"entry-title\">\n\t\t<a href=\"https:\/\/ucm.one\/de\/breaking-the-stigma-paneldiskussion-beim-achtung-berlin-filmfestival\/\" title=\"\ud83c\udfac \u201eBreaking the Stigma&#8220; \u2014 Paneldiskussion beim achtung berlin filmfestival\" rel=\"bookmark\">\ud83c\udfac \u201eBreaking the Stigma&#8220; \u2014 Paneldiskussion beim achtung berlin filmfestival<\/a>\n\t<\/h3>\n\n\t<div class=\"entry-meta\"><span class=\"category-link\"><a href=\"https:\/\/ucm.one\/de\/category\/news\/film\/\" >Film<\/a>, <a href=\"https:\/\/ucm.one\/de\/category\/news\/firma\/\" >Firma<\/a>, <a href=\"https:\/\/ucm.one\/de\/category\/news\/\" >News<\/a>, <a href=\"https:\/\/ucm.one\/de\/category\/news\/verleih\/\" >Verleih<\/a><\/span><a href=\"https:\/\/ucm.one\/de\/2026\/04\/21\/\" title=\"17:29\" class=\"data-link\" rel=\"bookmark\"><time class=\"entry-date updated\" datetime=\"2026-04-21T17:29:15+00:00\">21. April 2026<\/time><\/a><\/div>\n\t<div class=\"entry-excerpt\"><p>[vc_row][vc_column][vc_column_text css=&#8220;&#8220;] Im Gr\u00fcnen Salon der Volksb\u00fchne am Rosa-Luxemburg-Platz \u2014 jenem rund 200 Quadratmeter gro\u00dfen Salonraum aus dem Wiederaufbau der fr\u00fchen F\u00fcnfzigerjahre, dessen ovale Glasl\u00fcster, schwere Samtvorh\u00e4nge und Spiegelwand bis heute das 20er-Jahre-Flair des Kaufmann-Baus zitieren \u2014 fand am Montag, 20. April 2026, im Rahmen der achtung berlin Branchentage die Paneldiskussion \u201eBreaking the Stigma&#8220; statt.&hellip;<\/p>\n<\/div>\n\t\n<a href=\"https:\/\/ucm.one\/de\/breaking-the-stigma-paneldiskussion-beim-achtung-berlin-filmfestival\/\" class=\"post-details details-type-link\" aria-label=\"Read more about \ud83c\udfac \u201eBreaking the Stigma&#8220; \u2014 Paneldiskussion beim achtung berlin filmfestival\">Mehr lesen<i class=\"dt-icon-the7-arrow-03\" aria-hidden=\"true\"><\/i><\/a>\n\n<\/div><\/article><article class=\"post project-odd visible  full-width-img post-416344 type-post status-publish format-standard has-post-thumbnail hentry category-darling-berlin category-film category-firma category-news category-verleih tag-plan-f tag-19353 tag-achtung-berlin tag-achtung-berlin-fimfestival tag-baerbel-schwarz tag-berlin tag-darling-berlin tag-filmfestival tag-ina-balon tag-jannik-bueddig tag-ursula-rennecke category-830 category-8 category-5590 category-13 category-752 description-off\" data-name=\"\ud83c\udfac \u201ePlan F&#8220; feiert Berliner Premiere beim 22. Achtung Berlin Filmfestival\" data-date=\"2026-04-20T12:00:53+00:00\">\n\n<div class=\"post-thumbnail-wrap\">\n\t<div class=\"post-thumbnail\">\n\n\t\t\n\t\t\n\t\t<a href=\"https:\/\/ucm.one\/de\/plan-f-feiert-berliner-premiere-beim-22-achtung-berlin-filmfestival\/\" class=\"post-thumbnail-rollover layzr-bg layzr-bg\" ><img decoding=\"async\" class=\"lazy-load preload-me lazy-load aspect\" src=\"data:image\/svg+xml,%3Csvg%20xmlns%3D&#39;http%3A%2F%2Fwww.w3.org%2F2000%2Fsvg&#39;%20viewBox%3D&#39;0%200%20925%20289&#39;%2F%3E\" data-src=\"https:\/\/ucm.one\/wp-content\/uploads\/2026\/04\/bPlanF_ABBF26_Premiere_de-925x289.jpg\" data-srcset=\"https:\/\/ucm.one\/wp-content\/uploads\/2026\/04\/bPlanF_ABBF26_Premiere_de-925x289.jpg 925w, https:\/\/ucm.one\/wp-content\/uploads\/2026\/04\/bPlanF_ABBF26_Premiere_de-1573x491.jpg 1573w\" loading=\"eager\" style=\"--ratio: 925 \/ 289\" sizes=\"(max-width: 925px) 100vw, 925px\" alt=\"\" title=\"bPlanF_ABBF26_Premiere_de\" width=\"925\" height=\"289\"  \/><\/a>\n\t<\/div>\n<\/div>\n\n\n<div class=\"post-entry-content\">\n\n\t<h3 class=\"entry-title\">\n\t\t<a href=\"https:\/\/ucm.one\/de\/plan-f-feiert-berliner-premiere-beim-22-achtung-berlin-filmfestival\/\" title=\"\ud83c\udfac \u201ePlan F&#8220; feiert Berliner Premiere beim 22. Achtung Berlin Filmfestival\" rel=\"bookmark\">\ud83c\udfac \u201ePlan F&#8220; feiert Berliner Premiere beim 22. Achtung Berlin Filmfestival<\/a>\n\t<\/h3>\n\n\t<div class=\"entry-meta\"><span class=\"category-link\"><a href=\"https:\/\/ucm.one\/de\/category\/news\/film\/darling-berlin\/\" >Darling Berlin<\/a>, <a href=\"https:\/\/ucm.one\/de\/category\/news\/film\/\" >Film<\/a>, <a href=\"https:\/\/ucm.one\/de\/category\/news\/firma\/\" >Firma<\/a>, <a href=\"https:\/\/ucm.one\/de\/category\/news\/\" >News<\/a>, <a href=\"https:\/\/ucm.one\/de\/category\/news\/verleih\/\" >Verleih<\/a><\/span><a href=\"https:\/\/ucm.one\/de\/2026\/04\/20\/\" title=\"12:00\" class=\"data-link\" rel=\"bookmark\"><time class=\"entry-date updated\" datetime=\"2026-04-20T12:00:53+00:00\">20. April 2026<\/time><\/a><\/div>\n\t<div class=\"entry-excerpt\"><p>[vc_row][vc_column][vc_column_text css=&#8220;&#8220;] Am Sonntagabend, 19. April 2026, feierte der Spielfilm \u201ePlan F&#8220; von Regisseurin Ina Balon seine Berliner Premiere im Kino Babylon Berlin-Mitte. Gezeigt wurde der Film um 18:15 Uhr im Wettbewerb Spielfilm des 22. achtung berlin filmfestivals \u2013 ein weiterer wichtiger Schritt auf dem Weg zum Kinostart Ende 2026 \u00fcber das UCM.ONE-Filmlabel Darling Berlin.&hellip;<\/p>\n<\/div>\n\t\n<a href=\"https:\/\/ucm.one\/de\/plan-f-feiert-berliner-premiere-beim-22-achtung-berlin-filmfestival\/\" class=\"post-details details-type-link\" aria-label=\"Read more about \ud83c\udfac \u201ePlan F&#8220; feiert Berliner Premiere beim 22. Achtung Berlin Filmfestival\">Mehr lesen<i class=\"dt-icon-the7-arrow-03\" aria-hidden=\"true\"><\/i><\/a>\n\n<\/div><\/article><article class=\"post project-odd visible  full-width-img post-416180 type-post status-publish format-standard has-post-thumbnail hentry category-film category-firma category-news category-verleih tag-19353 tag-achtung-berlin tag-achtung-berlin-fimfestival tag-berlin tag-breaking-the-stigma tag-darling-berlin tag-filmfestival tag-regina-kraeh tag-sebastian-brose category-8 category-5590 category-13 category-752 description-off\" data-name=\"\ud83c\udfac UCM.ONE und Darling Berlin sind zum elften Mal Partner des achtung berlin filmfestivals\" data-date=\"2026-04-16T12:00:27+00:00\">\n\n<div class=\"post-thumbnail-wrap\">\n\t<div class=\"post-thumbnail\">\n\n\t\t\n\t\t\n\t\t<a href=\"https:\/\/ucm.one\/de\/ucm-one-und-darling-berlin-sind-zum-elften-mal-partner-des-achtung-berlin-filmfestivals\/\" class=\"post-thumbnail-rollover layzr-bg layzr-bg\" ><img decoding=\"async\" class=\"lazy-load preload-me lazy-load aspect\" src=\"data:image\/svg+xml,%3Csvg%20xmlns%3D&#39;http%3A%2F%2Fwww.w3.org%2F2000%2Fsvg&#39;%20viewBox%3D&#39;0%200%20925%20289&#39;%2F%3E\" data-src=\"https:\/\/ucm.one\/wp-content\/uploads\/2026\/04\/b_ABBF2026-925x289.jpg\" data-srcset=\"https:\/\/ucm.one\/wp-content\/uploads\/2026\/04\/b_ABBF2026-925x289.jpg 925w, https:\/\/ucm.one\/wp-content\/uploads\/2026\/04\/b_ABBF2026-1573x491.jpg 1573w\" loading=\"eager\" style=\"--ratio: 925 \/ 289\" sizes=\"(max-width: 925px) 100vw, 925px\" alt=\"\" title=\"b_ABBF2026\" width=\"925\" height=\"289\"  \/><\/a>\n\t<\/div>\n<\/div>\n\n\n<div class=\"post-entry-content\">\n\n\t<h3 class=\"entry-title\">\n\t\t<a href=\"https:\/\/ucm.one\/de\/ucm-one-und-darling-berlin-sind-zum-elften-mal-partner-des-achtung-berlin-filmfestivals\/\" title=\"\ud83c\udfac UCM.ONE und Darling Berlin sind zum elften Mal Partner des achtung berlin filmfestivals\" rel=\"bookmark\">\ud83c\udfac UCM.ONE und Darling Berlin sind zum elften Mal Partner des achtung berlin filmfestivals<\/a>\n\t<\/h3>\n\n\t<div class=\"entry-meta\"><span class=\"category-link\"><a href=\"https:\/\/ucm.one\/de\/category\/news\/film\/\" >Film<\/a>, <a href=\"https:\/\/ucm.one\/de\/category\/news\/firma\/\" >Firma<\/a>, <a href=\"https:\/\/ucm.one\/de\/category\/news\/\" >News<\/a>, <a href=\"https:\/\/ucm.one\/de\/category\/news\/verleih\/\" >Verleih<\/a><\/span><a href=\"https:\/\/ucm.one\/de\/2026\/04\/16\/\" title=\"12:00\" class=\"data-link\" rel=\"bookmark\"><time class=\"entry-date updated\" datetime=\"2026-04-16T12:00:27+00:00\">16. April 2026<\/time><\/a><\/div>\n\t<div class=\"entry-excerpt\"><p>[vc_row][vc_column][vc_column_text css=&#8220;&#8220;] UCM.ONE \/ DARLING BERLIN begleitet die 22. Ausgabe des Achtung Berlin Festivals mit einem Film im Wettbewerb, einem selbst initiierten Panel w\u00e4hrend der Branchentage und der Stiftung des Preises f\u00fcr Bestes Schauspiel. [\/vc_column_text][\/vc_column][\/vc_row][vc_row][vc_column width=&#8220;4\/5&#8243;][vc_column_text css=&#8220;&#8220;] Vom 15. bis 22. April 2026 \u00f6ffnet das achtung berlin filmfestival erneut seine Kinos\u00e4le f\u00fcr das Filmschaffen der&hellip;<\/p>\n<\/div>\n\t\n<a href=\"https:\/\/ucm.one\/de\/ucm-one-und-darling-berlin-sind-zum-elften-mal-partner-des-achtung-berlin-filmfestivals\/\" class=\"post-details details-type-link\" aria-label=\"Read more about \ud83c\udfac UCM.ONE und Darling Berlin sind zum elften Mal Partner des achtung berlin filmfestivals\">Mehr lesen<i class=\"dt-icon-the7-arrow-03\" aria-hidden=\"true\"><\/i><\/a>\n\n<\/div><\/article><article class=\"post project-odd visible  full-width-img post-415904 type-post status-publish format-standard has-post-thumbnail hentry category-cinenet category-film category-filmklassiker category-news category-zeitlose-filmkunst tag--08-april-2026 tag-am-tag-als-der-regen-kam tag-darling-berlin tag-die-endlose-nacht tag-gerd-oswald tag-mario-adorf tag-trauer tag-will-tremper category-1271 category-8 category-7004 category-13 category-15548 description-off\" data-name=\"\ud83c\udfac Trauer um Mario Adorf\" data-date=\"2026-04-09T10:00:09+00:00\">\n\n<div class=\"post-thumbnail-wrap\">\n\t<div class=\"post-thumbnail\">\n\n\t\t\n\t\t\n\t\t<a href=\"https:\/\/ucm.one\/de\/trauer-um-mario-adorf\/\" class=\"post-thumbnail-rollover layzr-bg layzr-bg\" ><img decoding=\"async\" class=\"lazy-load preload-me lazy-load aspect\" src=\"data:image\/svg+xml,%3Csvg%20xmlns%3D&#39;http%3A%2F%2Fwww.w3.org%2F2000%2Fsvg&#39;%20viewBox%3D&#39;0%200%20925%20289&#39;%2F%3E\" data-src=\"https:\/\/ucm.one\/wp-content\/uploads\/2026\/04\/MarioAdorf_TrauerBanner_CC-BY-SA-4_Heike_Huslage-Koch-1-925x289.jpg\" data-srcset=\"https:\/\/ucm.one\/wp-content\/uploads\/2026\/04\/MarioAdorf_TrauerBanner_CC-BY-SA-4_Heike_Huslage-Koch-1-925x289.jpg 925w, https:\/\/ucm.one\/wp-content\/uploads\/2026\/04\/MarioAdorf_TrauerBanner_CC-BY-SA-4_Heike_Huslage-Koch-1-1573x491.jpg 1573w\" loading=\"eager\" style=\"--ratio: 925 \/ 289\" sizes=\"(max-width: 925px) 100vw, 925px\" alt=\"CC BY-SA 4.0 \/ Bild: Heike Huslage-Koch (Bild wurde zugeschnitten \/ in Schwarzwei\u00df umgewandelt)\" title=\"CC BY-SA 4.0 \/ Bild: Heike Huslage-Koch (Bild wurde zugeschnitten \/ in Schwarzwei\u00df umgewandelt)\" width=\"925\" height=\"289\"  \/><\/a>\n\t<\/div>\n<\/div>\n\n\n<div class=\"post-entry-content\">\n\n\t<h3 class=\"entry-title\">\n\t\t<a href=\"https:\/\/ucm.one\/de\/trauer-um-mario-adorf\/\" title=\"\ud83c\udfac Trauer um Mario Adorf\" rel=\"bookmark\">\ud83c\udfac Trauer um Mario Adorf<\/a>\n\t<\/h3>\n\n\t<div class=\"entry-meta\"><span class=\"category-link\"><a href=\"https:\/\/ucm.one\/de\/category\/news\/film\/cinenet\/\" >CiNENET<\/a>, <a href=\"https:\/\/ucm.one\/de\/category\/news\/film\/\" >Film<\/a>, <a href=\"https:\/\/ucm.one\/de\/category\/news\/filmklassiker\/\" >Filmklassiker<\/a>, <a href=\"https:\/\/ucm.one\/de\/category\/news\/\" >News<\/a>, <a href=\"https:\/\/ucm.one\/de\/category\/zeitlose-filmkunst\/\" >Zeitlose Filmkunst<\/a><\/span><a href=\"https:\/\/ucm.one\/de\/2026\/04\/09\/\" title=\"10:00\" class=\"data-link\" rel=\"bookmark\"><time class=\"entry-date updated\" datetime=\"2026-04-09T10:00:09+00:00\">9. April 2026<\/time><\/a><\/div>\n\t<div class=\"entry-excerpt\"><p>[vc_row][vc_column][vc_column_text css=&#8220;&#8220;] Am 8. April 2026 ist Mario Adorf im Alter von 95 Jahren in seiner Wohnung in Paris verstorben. Mit ihm verliert das europ\u00e4ische Kino einen seiner letzten gro\u00dfen Charakterdarsteller \u2014 und eine Pers\u00f6nlichkeit, die das deutsche Nachkriegskino \u00fcber sieben Jahrzehnte mitgepr\u00e4gt hat. [\/vc_column_text][vc_column_text css=&#8220;&#8220;] Mario Adorf war nie ein gef\u00e4lliger Schauspieler. Er war&hellip;<\/p>\n<\/div>\n\t\n<a href=\"https:\/\/ucm.one\/de\/trauer-um-mario-adorf\/\" class=\"post-details details-type-link\" aria-label=\"Read more about \ud83c\udfac Trauer um Mario Adorf\">Mehr lesen<i class=\"dt-icon-the7-arrow-03\" aria-hidden=\"true\"><\/i><\/a>\n\n<\/div><\/article><article class=\"post project-odd visible  full-width-img post-410469 type-post status-publish format-standard has-post-thumbnail hentry category-cinenet category-film category-news tag-advertised-video-on-demand tag-avod tag-cinenet tag-cinenet-deutschland tag-ganze-filme tag-kostenlos tag-spielfilme tag-top-10-filme tag-top-10-kanaele tag-youtube category-1271 category-8 category-13 description-off\" data-name=\"\u25b6\ufe0e Top 10 der erfolgreichsten Filme bei CiNENET und den Partnerkan\u00e4len im 1. Quartal 2026 bei YouTube\" data-date=\"2026-04-05T20:29:37+00:00\">\n\n<div class=\"post-thumbnail-wrap\">\n\t<div class=\"post-thumbnail\">\n\n\t\t\n\t\t\n\t\t<a href=\"https:\/\/ucm.one\/de\/top-10-der-erfolgreichsten-filme-bei-cinenet-und-den-partnerkanaelen-im-1-quartal-2026-bei-youtube\/\" class=\"post-thumbnail-rollover layzr-bg layzr-bg\" ><img decoding=\"async\" class=\"lazy-load preload-me lazy-load aspect\" src=\"data:image\/svg+xml,%3Csvg%20xmlns%3D&#39;http%3A%2F%2Fwww.w3.org%2F2000%2Fsvg&#39;%20viewBox%3D&#39;0%200%20925%20289&#39;%2F%3E\" data-src=\"https:\/\/ucm.one\/wp-content\/uploads\/2026\/04\/B-CiNENET-Top-10-2026-Q1-925x289.jpg\" data-srcset=\"https:\/\/ucm.one\/wp-content\/uploads\/2026\/04\/B-CiNENET-Top-10-2026-Q1-925x289.jpg 925w, https:\/\/ucm.one\/wp-content\/uploads\/2026\/04\/B-CiNENET-Top-10-2026-Q1-1573x491.jpg 1573w\" loading=\"eager\" style=\"--ratio: 925 \/ 289\" sizes=\"(max-width: 925px) 100vw, 925px\" alt=\"\" title=\"B CiNENET Top 10 2026 Q1\" width=\"925\" height=\"289\"  \/><\/a>\n\t<\/div>\n<\/div>\n\n\n<div class=\"post-entry-content\">\n\n\t<h3 class=\"entry-title\">\n\t\t<a href=\"https:\/\/ucm.one\/de\/top-10-der-erfolgreichsten-filme-bei-cinenet-und-den-partnerkanaelen-im-1-quartal-2026-bei-youtube\/\" title=\"\u25b6\ufe0e Top 10 der erfolgreichsten Filme bei CiNENET und den Partnerkan\u00e4len im 1. Quartal 2026 bei YouTube\" rel=\"bookmark\">\u25b6\ufe0e Top 10 der erfolgreichsten Filme bei CiNENET und den Partnerkan\u00e4len im 1. Quartal 2026 bei YouTube<\/a>\n\t<\/h3>\n\n\t<div class=\"entry-meta\"><span class=\"category-link\"><a href=\"https:\/\/ucm.one\/de\/category\/news\/film\/cinenet\/\" >CiNENET<\/a>, <a href=\"https:\/\/ucm.one\/de\/category\/news\/film\/\" >Film<\/a>, <a href=\"https:\/\/ucm.one\/de\/category\/news\/\" >News<\/a><\/span><a href=\"https:\/\/ucm.one\/de\/2026\/04\/05\/\" title=\"20:29\" class=\"data-link\" rel=\"bookmark\"><time class=\"entry-date updated\" datetime=\"2026-04-05T20:29:37+00:00\">5. April 2026<\/time><\/a><\/div>\n\t<div class=\"entry-excerpt\"><p>[vc_row][vc_column][vc_column_text css=&#8220;&#8220;]Im ersten Quartal 2026 platzieren sich mit den Titeln \u201eLa Mala Monja 3\u201c und \u201eBeb\u00e9 Demon\u00edaco\u201c gleich zwei britische Filme auf dem spanischen CiNENET&#8211;Kanal auf den ersten beiden Pl\u00e4tzen. Waren in den letzten Quartalen die chinesischen Filme regelm\u00e4\u00dfig stark platziert, haben nun amerikanische Produktionen mit 4 Platzierungen die meisten Pl\u00e4tze in der Top 10&hellip;<\/p>\n<\/div>\n\t\n<a href=\"https:\/\/ucm.one\/de\/top-10-der-erfolgreichsten-filme-bei-cinenet-und-den-partnerkanaelen-im-1-quartal-2026-bei-youtube\/\" class=\"post-details details-type-link\" aria-label=\"Read more about \u25b6\ufe0e Top 10 der erfolgreichsten Filme bei CiNENET und den Partnerkan\u00e4len im 1. Quartal 2026 bei YouTube\">Mehr lesen<i class=\"dt-icon-the7-arrow-03\" aria-hidden=\"true\"><\/i><\/a>\n\n<\/div><\/article><article class=\"post project-odd visible  full-width-img post-415701 type-post status-publish format-standard has-post-thumbnail hentry category-film category-filmvertrieb-de category-news category-vertrieb-von-medien-de tag-aggegator tag-april-2026 tag-digital-film-distribution-de tag-digitaler-filmvertrieb tag-est tag-fast tag-vod category-8 category-15325 category-13 category-15323 description-off\" data-name=\"\ud83c\udfac Digitale Film- &#038; Serienver\u00f6ffentlichungen im April 2026\" data-date=\"2026-04-01T10:55:00+00:00\">\n\n<div class=\"post-thumbnail-wrap\">\n\t<div class=\"post-thumbnail\">\n\n\t\t\n\t\t\n\t\t<a href=\"https:\/\/ucm.one\/de\/digitale-film-serienveroeffentlichungen-im-april-2026\/\" class=\"post-thumbnail-rollover layzr-bg layzr-bg\" ><img decoding=\"async\" class=\"lazy-load preload-me lazy-load aspect\" src=\"data:image\/svg+xml,%3Csvg%20xmlns%3D&#39;http%3A%2F%2Fwww.w3.org%2F2000%2Fsvg&#39;%20viewBox%3D&#39;0%200%20925%20289&#39;%2F%3E\" data-src=\"https:\/\/ucm.one\/wp-content\/uploads\/2026\/03\/Digitaler-Filmbertrieb-NEWS-2026-04-925x289.jpg\" data-srcset=\"https:\/\/ucm.one\/wp-content\/uploads\/2026\/03\/Digitaler-Filmbertrieb-NEWS-2026-04-925x289.jpg 925w, https:\/\/ucm.one\/wp-content\/uploads\/2026\/03\/Digitaler-Filmbertrieb-NEWS-2026-04-1573x491.jpg 1573w\" loading=\"eager\" style=\"--ratio: 925 \/ 289\" sizes=\"(max-width: 925px) 100vw, 925px\" alt=\"\" title=\"Digitaler Filmbertrieb NEWS 2026-04\" width=\"925\" height=\"289\"  \/><\/a>\n\t<\/div>\n<\/div>\n\n\n<div class=\"post-entry-content\">\n\n\t<h3 class=\"entry-title\">\n\t\t<a href=\"https:\/\/ucm.one\/de\/digitale-film-serienveroeffentlichungen-im-april-2026\/\" title=\"\ud83c\udfac Digitale Film- &#038; Serienver\u00f6ffentlichungen im April 2026\" rel=\"bookmark\">\ud83c\udfac Digitale Film- &#038; Serienver\u00f6ffentlichungen im April 2026<\/a>\n\t<\/h3>\n\n\t<div class=\"entry-meta\"><span class=\"category-link\"><a href=\"https:\/\/ucm.one\/de\/category\/news\/film\/\" >Film<\/a>, <a href=\"https:\/\/ucm.one\/de\/category\/news\/vertrieb-von-medien-de\/filmvertrieb-de\/\" >Filmvertrieb<\/a>, <a href=\"https:\/\/ucm.one\/de\/category\/news\/\" >News<\/a>, <a href=\"https:\/\/ucm.one\/de\/category\/news\/vertrieb-von-medien-de\/\" >Vertrieb von Medien<\/a><\/span><a href=\"https:\/\/ucm.one\/de\/2026\/04\/01\/\" title=\"10:55\" class=\"data-link\" rel=\"bookmark\"><time class=\"entry-date updated\" datetime=\"2026-04-01T10:55:00+00:00\">1. April 2026<\/time><\/a><\/div>\n\t<div class=\"entry-excerpt\"><p>[vc_row][vc_column][vc_column_text css=&#8220;&#8220;] Der April 2026 bringt im digitalen Filmvertrieb (Aggregation) erneut eine Vielzahl an Neuver\u00f6ffentlichungen hervor. Die Bandbreite reicht von anspruchsvollen Arthouse-Filmen \u00fcber spannende Genreproduktionen aus den Bereichen Abenteuer, Science-Fiction und Horror bis hin zu bekannten Klassikern. Erg\u00e4nzt wird das Angebot durch Dokumentarfilme und \u00a0Serienneuheiten, die das Programm sinnvoll erweitern. Die jeweiligen Ver\u00f6ffentlichungstermine sind bei&hellip;<\/p>\n<\/div>\n\t\n<a href=\"https:\/\/ucm.one\/de\/digitale-film-serienveroeffentlichungen-im-april-2026\/\" class=\"post-details details-type-link\" aria-label=\"Read more about \ud83c\udfac Digitale Film- &#038; Serienver\u00f6ffentlichungen im April 2026\">Mehr lesen<i class=\"dt-icon-the7-arrow-03\" aria-hidden=\"true\"><\/i><\/a>\n\n<\/div><\/article><article class=\"post project-odd visible  full-width-img post-415794 type-post status-publish format-standard has-post-thumbnail hentry category-film category-kino category-news category-verleih tag-bella-lochmann tag-darling-berlin tag-nulpen tag-pola-geiger tag-schulkinowochen tag-sorina-gajewsk category-8 category-10 category-13 category-752 description-off\" data-name=\"\ud83c\udfac &#8222;Nulpen&#8220; von Sorina Gajewski \u00fcberzeugt junges Publikum bei den SchulKinoWochen im M\u00e4rz 2026\" data-date=\"2026-03-31T21:00:16+00:00\">\n\n<div class=\"post-thumbnail-wrap\">\n\t<div class=\"post-thumbnail\">\n\n\t\t\n\t\t\n\t\t<a href=\"https:\/\/ucm.one\/de\/nulpen-von-sorina-gajewski-ueberzeugt-junges-publikum-bei-den-schulkinowochen-im-maerz-2026\/\" class=\"post-thumbnail-rollover layzr-bg layzr-bg\" ><img decoding=\"async\" class=\"lazy-load preload-me lazy-load aspect\" src=\"data:image\/svg+xml,%3Csvg%20xmlns%3D&#39;http%3A%2F%2Fwww.w3.org%2F2000%2Fsvg&#39;%20viewBox%3D&#39;0%200%20925%20289&#39;%2F%3E\" data-src=\"https:\/\/ucm.one\/wp-content\/uploads\/2026\/04\/B_Nulpen_Banner_SKW2026-925x289.jpg\" data-srcset=\"https:\/\/ucm.one\/wp-content\/uploads\/2026\/04\/B_Nulpen_Banner_SKW2026-925x289.jpg 925w, https:\/\/ucm.one\/wp-content\/uploads\/2026\/04\/B_Nulpen_Banner_SKW2026-1573x491.jpg 1573w\" loading=\"eager\" style=\"--ratio: 925 \/ 289\" sizes=\"(max-width: 925px) 100vw, 925px\" alt=\"\" title=\"B_Nulpen_Banner_SKW2026\" width=\"925\" height=\"289\"  \/><\/a>\n\t<\/div>\n<\/div>\n\n\n<div class=\"post-entry-content\">\n\n\t<h3 class=\"entry-title\">\n\t\t<a href=\"https:\/\/ucm.one\/de\/nulpen-von-sorina-gajewski-ueberzeugt-junges-publikum-bei-den-schulkinowochen-im-maerz-2026\/\" title=\"\ud83c\udfac &#8222;Nulpen&#8220; von Sorina Gajewski \u00fcberzeugt junges Publikum bei den SchulKinoWochen im M\u00e4rz 2026\" rel=\"bookmark\">\ud83c\udfac &#8222;Nulpen&#8220; von Sorina Gajewski \u00fcberzeugt junges Publikum bei den SchulKinoWochen im M\u00e4rz 2026<\/a>\n\t<\/h3>\n\n\t<div class=\"entry-meta\"><span class=\"category-link\"><a href=\"https:\/\/ucm.one\/de\/category\/news\/film\/\" >Film<\/a>, <a href=\"https:\/\/ucm.one\/de\/category\/news\/kino\/\" >Kino<\/a>, <a href=\"https:\/\/ucm.one\/de\/category\/news\/\" >News<\/a>, <a href=\"https:\/\/ucm.one\/de\/category\/news\/verleih\/\" >Verleih<\/a><\/span><a href=\"https:\/\/ucm.one\/de\/2026\/03\/31\/\" title=\"21:00\" class=\"data-link\" rel=\"bookmark\"><time class=\"entry-date updated\" datetime=\"2026-03-31T21:00:16+00:00\">31. M\u00e4rz 2026<\/time><\/a><\/div>\n\t<div class=\"entry-excerpt\"><p>[vc_row][vc_column width=&#8220;3\/5&#8243;][vc_column_text css=&#8220;&#8220;] Vom 13. bis 27. M\u00e4rz 2026 war NULPEN im Rahmen der SchulKinoWochen in Bremen, Bayern, Sachsen und Brandenburg zu sehen \u2013 und traf dabei erneut auf ein auffallend offenes, interessiertes junges Publikum. Nachdem der Film bereits im November 2025 die Berliner SchulKinoWochen im ausverkauften Kino Toni er\u00f6ffnet hatte, setzte sich diese Resonanz&hellip;<\/p>\n<\/div>\n\t\n<a href=\"https:\/\/ucm.one\/de\/nulpen-von-sorina-gajewski-ueberzeugt-junges-publikum-bei-den-schulkinowochen-im-maerz-2026\/\" class=\"post-details details-type-link\" aria-label=\"Read more about \ud83c\udfac &#8222;Nulpen&#8220; von Sorina Gajewski \u00fcberzeugt junges Publikum bei den SchulKinoWochen im M\u00e4rz 2026\">Mehr lesen<i class=\"dt-icon-the7-arrow-03\" aria-hidden=\"true\"><\/i><\/a>\n\n<\/div><\/article><article class=\"post project-odd visible  full-width-img post-415749 type-post status-publish format-standard has-post-thumbnail hentry category-b-spree-pictures category-film category-kino category-news category-verleih category-weltvertrieb tag-andreas-schmied tag-benno-fuermann tag-eine-pulled-pork-komoedie tag-gizem-emre tag-leburger tag-loredana-rehekampff tag-mathaeser tag-melissa-naschenweng tag-muenchen tag-neo-nuggets tag-oesterreich tag-otto-jaus tag-paul-pizzera tag-pizzera-jaus tag-pulled-pork tag-silvia-schneider category-9377 category-8 category-10 category-13 category-752 category-7528 description-off\" data-name=\"\ud83c\udfac Der Film &#8222;Neo Nuggets \u2013 Eine Pulled Pork Kom\u00f6die&#8220; ab heute auf Blu-Ray, DVD und digital erh\u00e4ltlich\" data-date=\"2026-03-27T10:07:59+00:00\">\n\n<div class=\"post-thumbnail-wrap\">\n\t<div class=\"post-thumbnail\">\n\n\t\t\n\t\t\n\t\t<a href=\"https:\/\/ucm.one\/de\/der-film-neo-nuggets-eine-pulled-pork-komoedie-ab-heute-auf-blu-ray-dvd-und-digital-erhaeltlich\/\" class=\"post-thumbnail-rollover layzr-bg layzr-bg\" ><img decoding=\"async\" class=\"lazy-load preload-me lazy-load aspect\" src=\"data:image\/svg+xml,%3Csvg%20xmlns%3D&#39;http%3A%2F%2Fwww.w3.org%2F2000%2Fsvg&#39;%20viewBox%3D&#39;0%200%20925%20289&#39;%2F%3E\" data-src=\"https:\/\/ucm.one\/wp-content\/uploads\/2026\/03\/B-Neo-Nuggets-BDDVD_DE-925x289.jpg\" data-srcset=\"https:\/\/ucm.one\/wp-content\/uploads\/2026\/03\/B-Neo-Nuggets-BDDVD_DE-925x289.jpg 925w, https:\/\/ucm.one\/wp-content\/uploads\/2026\/03\/B-Neo-Nuggets-BDDVD_DE-1573x491.jpg 1573w\" loading=\"eager\" style=\"--ratio: 925 \/ 289\" sizes=\"(max-width: 925px) 100vw, 925px\" alt=\"\" title=\"B-Neo-Nuggets-BD+DVD_DE\" width=\"925\" height=\"289\"  \/><\/a>\n\t<\/div>\n<\/div>\n\n\n<div class=\"post-entry-content\">\n\n\t<h3 class=\"entry-title\">\n\t\t<a href=\"https:\/\/ucm.one\/de\/der-film-neo-nuggets-eine-pulled-pork-komoedie-ab-heute-auf-blu-ray-dvd-und-digital-erhaeltlich\/\" title=\"\ud83c\udfac Der Film &#8222;Neo Nuggets \u2013 Eine Pulled Pork Kom\u00f6die&#8220; ab heute auf Blu-Ray, DVD und digital erh\u00e4ltlich\" rel=\"bookmark\">\ud83c\udfac Der Film &#8222;Neo Nuggets \u2013 Eine Pulled Pork Kom\u00f6die&#8220; ab heute auf Blu-Ray, DVD und digital erh\u00e4ltlich<\/a>\n\t<\/h3>\n\n\t<div class=\"entry-meta\"><span class=\"category-link\"><a href=\"https:\/\/ucm.one\/de\/category\/news\/film\/b-spree-pictures\/\" >B-Spree Pictures<\/a>, <a href=\"https:\/\/ucm.one\/de\/category\/news\/film\/\" >Film<\/a>, <a href=\"https:\/\/ucm.one\/de\/category\/news\/kino\/\" >Kino<\/a>, <a href=\"https:\/\/ucm.one\/de\/category\/news\/\" >News<\/a>, <a href=\"https:\/\/ucm.one\/de\/category\/news\/verleih\/\" >Verleih<\/a>, <a href=\"https:\/\/ucm.one\/de\/category\/news\/verleih\/weltvertrieb\/\" >Weltvertrieb<\/a><\/span><a href=\"https:\/\/ucm.one\/de\/2026\/03\/27\/\" title=\"10:07\" class=\"data-link\" rel=\"bookmark\"><time class=\"entry-date updated\" datetime=\"2026-03-27T10:07:59+00:00\">27. M\u00e4rz 2026<\/time><\/a><\/div>\n\t<div class=\"entry-excerpt\"><p>[vc_row][vc_column][vc_column_text css=&#8220;&#8220;] Ab heute ist die \u00f6sterreichische Erfolgskom\u00f6die &#8222;Neo Nuggets \u2013 Eine Pulled Pork Kom\u00f6die&#8220; mit den Hauptdarstellern Paul Pizzera und Otto Jaus von Regisseur Andreas Schmied auf Blu-ray, DVD sowie bei Download-Portalen und Streaming-Services zu finden. [\/vc_column_text][\/vc_column][\/vc_row][vc_row][vc_column width=&#8220;3\/4&#8243;][vc_column_text css=&#8220;&#8220;]Abgerundet wird das hochkar\u00e4tige Ensemble rund um Paul Pizzera und Otto Jaus mit Benno F\u00fcrmann, Gizem&hellip;<\/p>\n<\/div>\n\t\n<a href=\"https:\/\/ucm.one\/de\/der-film-neo-nuggets-eine-pulled-pork-komoedie-ab-heute-auf-blu-ray-dvd-und-digital-erhaeltlich\/\" class=\"post-details details-type-link\" aria-label=\"Read more about \ud83c\udfac Der Film &#8222;Neo Nuggets \u2013 Eine Pulled Pork Kom\u00f6die&#8220; ab heute auf Blu-Ray, DVD und digital erh\u00e4ltlich\">Mehr lesen<i class=\"dt-icon-the7-arrow-03\" aria-hidden=\"true\"><\/i><\/a>\n\n<\/div><\/article><article class=\"post project-odd visible  full-width-img post-415311 type-post status-publish format-standard has-post-thumbnail hentry category-film category-filmvertrieb-de category-news category-vertrieb-von-medien-de tag-aggegator tag-digital-film-distribution-de tag-digitaler-filmvertrieb tag-est tag-fast tag-maerz-2026 tag-vod category-8 category-15325 category-13 category-15323 description-off\" data-name=\"\ud83c\udfac Digitale Film- &#038; Serienver\u00f6ffentlichungen im M\u00e4rz 2026\" data-date=\"2026-03-01T00:01:23+00:00\">\n\n<div class=\"post-thumbnail-wrap\">\n\t<div class=\"post-thumbnail\">\n\n\t\t\n\t\t\n\t\t<a href=\"https:\/\/ucm.one\/de\/digitale-film-serienveroeffentlichungen-im-maerz-2026\/\" class=\"post-thumbnail-rollover layzr-bg layzr-bg\" ><img decoding=\"async\" class=\"lazy-load preload-me lazy-load aspect\" src=\"data:image\/svg+xml,%3Csvg%20xmlns%3D&#39;http%3A%2F%2Fwww.w3.org%2F2000%2Fsvg&#39;%20viewBox%3D&#39;0%200%20925%20289&#39;%2F%3E\" data-src=\"https:\/\/ucm.one\/wp-content\/uploads\/2026\/02\/Digitaler-Filmbertrieb-Maerz-2026-925x289.jpg\" data-srcset=\"https:\/\/ucm.one\/wp-content\/uploads\/2026\/02\/Digitaler-Filmbertrieb-Maerz-2026-925x289.jpg 925w, https:\/\/ucm.one\/wp-content\/uploads\/2026\/02\/Digitaler-Filmbertrieb-Maerz-2026-1573x491.jpg 1573w\" loading=\"eager\" style=\"--ratio: 925 \/ 289\" sizes=\"(max-width: 925px) 100vw, 925px\" alt=\"\" title=\"Digitaler Filmbertrieb M\u00e4rz 2026\" width=\"925\" height=\"289\"  \/><\/a>\n\t<\/div>\n<\/div>\n\n\n<div class=\"post-entry-content\">\n\n\t<h3 class=\"entry-title\">\n\t\t<a href=\"https:\/\/ucm.one\/de\/digitale-film-serienveroeffentlichungen-im-maerz-2026\/\" title=\"\ud83c\udfac Digitale Film- &#038; Serienver\u00f6ffentlichungen im M\u00e4rz 2026\" rel=\"bookmark\">\ud83c\udfac Digitale Film- &#038; Serienver\u00f6ffentlichungen im M\u00e4rz 2026<\/a>\n\t<\/h3>\n\n\t<div class=\"entry-meta\"><span class=\"category-link\"><a href=\"https:\/\/ucm.one\/de\/category\/news\/film\/\" >Film<\/a>, <a href=\"https:\/\/ucm.one\/de\/category\/news\/vertrieb-von-medien-de\/filmvertrieb-de\/\" >Filmvertrieb<\/a>, <a href=\"https:\/\/ucm.one\/de\/category\/news\/\" >News<\/a>, <a href=\"https:\/\/ucm.one\/de\/category\/news\/vertrieb-von-medien-de\/\" >Vertrieb von Medien<\/a><\/span><a href=\"https:\/\/ucm.one\/de\/2026\/03\/01\/\" title=\"00:01\" class=\"data-link\" rel=\"bookmark\"><time class=\"entry-date updated\" datetime=\"2026-03-01T00:01:23+00:00\">1. M\u00e4rz 2026<\/time><\/a><\/div>\n\t<div class=\"entry-excerpt\"><p>[vc_row][vc_column][vc_column_text css=&#8220;&#8220;] Im digitalen Filmvertrieb (Aggregation) pr\u00e4sentiert sich der M\u00e4rz 2026 erneut mit einem breit gef\u00e4cherten Angebot an Neuver\u00f6ffentlichungen. Das Spektrum reicht von k\u00fcnstlerisch anspruchsvollen Arthouse-Produktionen \u00fcber packende Genre-Titel aus den Bereichen Abenteuer, Science-Fiction und Horror bis hin zu beliebten Klassikern. Auch im Serienbereich setzen vielf\u00e4ltige Neuheiten zus\u00e4tzliche Akzente und runden das Gesamtprogramm ab. Die&hellip;<\/p>\n<\/div>\n\t\n<a href=\"https:\/\/ucm.one\/de\/digitale-film-serienveroeffentlichungen-im-maerz-2026\/\" class=\"post-details details-type-link\" aria-label=\"Read more about \ud83c\udfac Digitale Film- &#038; Serienver\u00f6ffentlichungen im M\u00e4rz 2026\">Mehr lesen<i class=\"dt-icon-the7-arrow-03\" aria-hidden=\"true\"><\/i><\/a>\n\n<\/div><\/article><div class=\"paginator\" role=\"navigation\"><span class=\"nav-prev disabled\">\u2192<\/span><a href=\"https:\/\/ucm.one\/de\/wp-json\/wp\/v2\/pages\/103375\/\" class=\"page-numbers act\" data-page-num=\"1\">1<\/a><a href=\"https:\/\/ucm.one\/de\/wp-json\/wp\/v2\/pages\/103375\/page\/2\/\" class=\"page-numbers \" data-page-num=\"2\">2<\/a><a href=\"https:\/\/ucm.one\/de\/wp-json\/wp\/v2\/pages\/103375\/page\/3\/\" class=\"page-numbers \" data-page-num=\"3\">3<\/a><a href=\"https:\/\/ucm.one\/de\/wp-json\/wp\/v2\/pages\/103375\/page\/4\/\" class=\"page-numbers \" data-page-num=\"4\">4<\/a><a href=\"https:\/\/ucm.one\/de\/wp-json\/wp\/v2\/pages\/103375\/page\/5\/\" class=\"page-numbers \" data-page-num=\"5\">5<\/a><a href=\"javascript:void(0);\" class=\"dots\">&#8230;<\/a><div style=\"display: none;\"><a href=\"https:\/\/ucm.one\/de\/wp-json\/wp\/v2\/pages\/103375\/page\/6\/\" class=\"page-numbers \" data-page-num=\"6\">6<\/a><a href=\"https:\/\/ucm.one\/de\/wp-json\/wp\/v2\/pages\/103375\/page\/7\/\" class=\"page-numbers \" data-page-num=\"7\">7<\/a><a href=\"https:\/\/ucm.one\/de\/wp-json\/wp\/v2\/pages\/103375\/page\/8\/\" class=\"page-numbers \" data-page-num=\"8\">8<\/a><a href=\"https:\/\/ucm.one\/de\/wp-json\/wp\/v2\/pages\/103375\/page\/9\/\" class=\"page-numbers \" data-page-num=\"9\">9<\/a><a href=\"https:\/\/ucm.one\/de\/wp-json\/wp\/v2\/pages\/103375\/page\/10\/\" class=\"page-numbers \" data-page-num=\"10\">10<\/a><a href=\"https:\/\/ucm.one\/de\/wp-json\/wp\/v2\/pages\/103375\/page\/11\/\" class=\"page-numbers \" data-page-num=\"11\">11<\/a><a href=\"https:\/\/ucm.one\/de\/wp-json\/wp\/v2\/pages\/103375\/page\/12\/\" class=\"page-numbers \" data-page-num=\"12\">12<\/a><a href=\"https:\/\/ucm.one\/de\/wp-json\/wp\/v2\/pages\/103375\/page\/13\/\" class=\"page-numbers \" data-page-num=\"13\">13<\/a><a href=\"https:\/\/ucm.one\/de\/wp-json\/wp\/v2\/pages\/103375\/page\/14\/\" class=\"page-numbers \" data-page-num=\"14\">14<\/a><a href=\"https:\/\/ucm.one\/de\/wp-json\/wp\/v2\/pages\/103375\/page\/15\/\" class=\"page-numbers \" data-page-num=\"15\">15<\/a><a href=\"https:\/\/ucm.one\/de\/wp-json\/wp\/v2\/pages\/103375\/page\/16\/\" class=\"page-numbers \" data-page-num=\"16\">16<\/a><a href=\"https:\/\/ucm.one\/de\/wp-json\/wp\/v2\/pages\/103375\/page\/17\/\" class=\"page-numbers \" data-page-num=\"17\">17<\/a><a href=\"https:\/\/ucm.one\/de\/wp-json\/wp\/v2\/pages\/103375\/page\/18\/\" class=\"page-numbers \" data-page-num=\"18\">18<\/a><a href=\"https:\/\/ucm.one\/de\/wp-json\/wp\/v2\/pages\/103375\/page\/19\/\" class=\"page-numbers \" data-page-num=\"19\">19<\/a><a href=\"https:\/\/ucm.one\/de\/wp-json\/wp\/v2\/pages\/103375\/page\/20\/\" class=\"page-numbers \" data-page-num=\"20\">20<\/a><a href=\"https:\/\/ucm.one\/de\/wp-json\/wp\/v2\/pages\/103375\/page\/21\/\" class=\"page-numbers \" data-page-num=\"21\">21<\/a><a href=\"https:\/\/ucm.one\/de\/wp-json\/wp\/v2\/pages\/103375\/page\/22\/\" class=\"page-numbers \" data-page-num=\"22\">22<\/a><a href=\"https:\/\/ucm.one\/de\/wp-json\/wp\/v2\/pages\/103375\/page\/23\/\" class=\"page-numbers \" data-page-num=\"23\">23<\/a><a href=\"https:\/\/ucm.one\/de\/wp-json\/wp\/v2\/pages\/103375\/page\/24\/\" class=\"page-numbers \" data-page-num=\"24\">24<\/a><a href=\"https:\/\/ucm.one\/de\/wp-json\/wp\/v2\/pages\/103375\/page\/25\/\" class=\"page-numbers \" data-page-num=\"25\">25<\/a><a href=\"https:\/\/ucm.one\/de\/wp-json\/wp\/v2\/pages\/103375\/page\/26\/\" class=\"page-numbers \" data-page-num=\"26\">26<\/a><a href=\"https:\/\/ucm.one\/de\/wp-json\/wp\/v2\/pages\/103375\/page\/27\/\" class=\"page-numbers \" data-page-num=\"27\">27<\/a><a href=\"https:\/\/ucm.one\/de\/wp-json\/wp\/v2\/pages\/103375\/page\/28\/\" class=\"page-numbers \" data-page-num=\"28\">28<\/a><a href=\"https:\/\/ucm.one\/de\/wp-json\/wp\/v2\/pages\/103375\/page\/29\/\" class=\"page-numbers \" data-page-num=\"29\">29<\/a><a href=\"https:\/\/ucm.one\/de\/wp-json\/wp\/v2\/pages\/103375\/page\/30\/\" class=\"page-numbers \" data-page-num=\"30\">30<\/a><a href=\"https:\/\/ucm.one\/de\/wp-json\/wp\/v2\/pages\/103375\/page\/31\/\" class=\"page-numbers \" data-page-num=\"31\">31<\/a><a href=\"https:\/\/ucm.one\/de\/wp-json\/wp\/v2\/pages\/103375\/page\/32\/\" class=\"page-numbers \" data-page-num=\"32\">32<\/a><a href=\"https:\/\/ucm.one\/de\/wp-json\/wp\/v2\/pages\/103375\/page\/33\/\" class=\"page-numbers \" data-page-num=\"33\">33<\/a><a href=\"https:\/\/ucm.one\/de\/wp-json\/wp\/v2\/pages\/103375\/page\/34\/\" class=\"page-numbers \" data-page-num=\"34\">34<\/a><a href=\"https:\/\/ucm.one\/de\/wp-json\/wp\/v2\/pages\/103375\/page\/35\/\" class=\"page-numbers \" data-page-num=\"35\">35<\/a><a href=\"https:\/\/ucm.one\/de\/wp-json\/wp\/v2\/pages\/103375\/page\/36\/\" class=\"page-numbers \" data-page-num=\"36\">36<\/a><a href=\"https:\/\/ucm.one\/de\/wp-json\/wp\/v2\/pages\/103375\/page\/37\/\" class=\"page-numbers \" data-page-num=\"37\">37<\/a><a href=\"https:\/\/ucm.one\/de\/wp-json\/wp\/v2\/pages\/103375\/page\/38\/\" class=\"page-numbers \" data-page-num=\"38\">38<\/a><a href=\"https:\/\/ucm.one\/de\/wp-json\/wp\/v2\/pages\/103375\/page\/39\/\" class=\"page-numbers \" data-page-num=\"39\">39<\/a><a href=\"https:\/\/ucm.one\/de\/wp-json\/wp\/v2\/pages\/103375\/page\/40\/\" class=\"page-numbers \" data-page-num=\"40\">40<\/a><a href=\"https:\/\/ucm.one\/de\/wp-json\/wp\/v2\/pages\/103375\/page\/41\/\" class=\"page-numbers \" data-page-num=\"41\">41<\/a><a href=\"https:\/\/ucm.one\/de\/wp-json\/wp\/v2\/pages\/103375\/page\/42\/\" class=\"page-numbers \" data-page-num=\"42\">42<\/a><a href=\"https:\/\/ucm.one\/de\/wp-json\/wp\/v2\/pages\/103375\/page\/43\/\" class=\"page-numbers \" data-page-num=\"43\">43<\/a><a href=\"https:\/\/ucm.one\/de\/wp-json\/wp\/v2\/pages\/103375\/page\/44\/\" class=\"page-numbers \" data-page-num=\"44\">44<\/a><a href=\"https:\/\/ucm.one\/de\/wp-json\/wp\/v2\/pages\/103375\/page\/45\/\" class=\"page-numbers \" data-page-num=\"45\">45<\/a><a href=\"https:\/\/ucm.one\/de\/wp-json\/wp\/v2\/pages\/103375\/page\/46\/\" class=\"page-numbers \" data-page-num=\"46\">46<\/a><a href=\"https:\/\/ucm.one\/de\/wp-json\/wp\/v2\/pages\/103375\/page\/47\/\" class=\"page-numbers \" data-page-num=\"47\">47<\/a><a href=\"https:\/\/ucm.one\/de\/wp-json\/wp\/v2\/pages\/103375\/page\/48\/\" class=\"page-numbers \" data-page-num=\"48\">48<\/a><a href=\"https:\/\/ucm.one\/de\/wp-json\/wp\/v2\/pages\/103375\/page\/49\/\" class=\"page-numbers \" data-page-num=\"49\">49<\/a><a href=\"https:\/\/ucm.one\/de\/wp-json\/wp\/v2\/pages\/103375\/page\/50\/\" class=\"page-numbers \" data-page-num=\"50\">50<\/a><a href=\"https:\/\/ucm.one\/de\/wp-json\/wp\/v2\/pages\/103375\/page\/51\/\" class=\"page-numbers \" data-page-num=\"51\">51<\/a><a href=\"https:\/\/ucm.one\/de\/wp-json\/wp\/v2\/pages\/103375\/page\/52\/\" class=\"page-numbers \" data-page-num=\"52\">52<\/a><a href=\"https:\/\/ucm.one\/de\/wp-json\/wp\/v2\/pages\/103375\/page\/53\/\" class=\"page-numbers \" data-page-num=\"53\">53<\/a><a href=\"https:\/\/ucm.one\/de\/wp-json\/wp\/v2\/pages\/103375\/page\/54\/\" class=\"page-numbers \" data-page-num=\"54\">54<\/a><a href=\"https:\/\/ucm.one\/de\/wp-json\/wp\/v2\/pages\/103375\/page\/55\/\" class=\"page-numbers \" data-page-num=\"55\">55<\/a><a href=\"https:\/\/ucm.one\/de\/wp-json\/wp\/v2\/pages\/103375\/page\/56\/\" class=\"page-numbers \" data-page-num=\"56\">56<\/a><a href=\"https:\/\/ucm.one\/de\/wp-json\/wp\/v2\/pages\/103375\/page\/57\/\" class=\"page-numbers \" data-page-num=\"57\">57<\/a><a href=\"https:\/\/ucm.one\/de\/wp-json\/wp\/v2\/pages\/103375\/page\/58\/\" class=\"page-numbers \" data-page-num=\"58\">58<\/a><a href=\"https:\/\/ucm.one\/de\/wp-json\/wp\/v2\/pages\/103375\/page\/59\/\" class=\"page-numbers \" data-page-num=\"59\">59<\/a><a href=\"https:\/\/ucm.one\/de\/wp-json\/wp\/v2\/pages\/103375\/page\/60\/\" class=\"page-numbers \" data-page-num=\"60\">60<\/a><a href=\"https:\/\/ucm.one\/de\/wp-json\/wp\/v2\/pages\/103375\/page\/61\/\" class=\"page-numbers \" data-page-num=\"61\">61<\/a><a href=\"https:\/\/ucm.one\/de\/wp-json\/wp\/v2\/pages\/103375\/page\/62\/\" class=\"page-numbers \" data-page-num=\"62\">62<\/a><a href=\"https:\/\/ucm.one\/de\/wp-json\/wp\/v2\/pages\/103375\/page\/63\/\" class=\"page-numbers \" data-page-num=\"63\">63<\/a><a href=\"https:\/\/ucm.one\/de\/wp-json\/wp\/v2\/pages\/103375\/page\/64\/\" class=\"page-numbers \" data-page-num=\"64\">64<\/a><a href=\"https:\/\/ucm.one\/de\/wp-json\/wp\/v2\/pages\/103375\/page\/65\/\" class=\"page-numbers \" data-page-num=\"65\">65<\/a><a href=\"https:\/\/ucm.one\/de\/wp-json\/wp\/v2\/pages\/103375\/page\/66\/\" class=\"page-numbers \" data-page-num=\"66\">66<\/a><a href=\"https:\/\/ucm.one\/de\/wp-json\/wp\/v2\/pages\/103375\/page\/67\/\" class=\"page-numbers \" data-page-num=\"67\">67<\/a><a href=\"https:\/\/ucm.one\/de\/wp-json\/wp\/v2\/pages\/103375\/page\/68\/\" class=\"page-numbers \" data-page-num=\"68\">68<\/a><\/div><a href=\"https:\/\/ucm.one\/de\/wp-json\/wp\/v2\/pages\/103375\/page\/69\/\" class=\"page-numbers \" data-page-num=\"69\">69<\/a><a href=\"https:\/\/ucm.one\/de\/wp-json\/wp\/v2\/pages\/103375\/page\/2\/\" class=\"page-numbers nav-next filter-item\" data-page-num=\"2\" >\u2192<\/a><\/div><\/div>[\/vc_column][vc_column width=&#8220;1\/3&#8243;][vc_widget_sidebar sidebar_id=&#8220;sidebar_1&#8243;][\/vc_column][\/vc_row][vc_row content_placement=&#8220;middle&#8220; bg_type=&#8220;grad&#8220; ult_hide_row=&#8220;ult_hide_row_value&#8220; ult_hide_row_large_screen=&#8220;large_screen&#8220; ult_hide_row_desktop=&#8220;desktop&#8220; css=&#8220;.vc_custom_1518701755537{margin-top: 0px !important;padding-top: -50px !important;}&#8220; bg_grad=&#8220;background: -webkit-gradient(linear, left top, left bottom, color-stop(0%, #E3E3E3), color-stop(0%, #FFFFFF), color-stop(6%, #FFFFFF), color-stop(7%, #FFFFFF), color-stop(50%, #FFFFFF));background: -moz-linear-gradient(top,#E3E3E3 0%,#FFFFFF 0%,#FFFFFF 6%,#FFFFFF 7%,#FFFFFF 50%);background: -webkit-linear-gradient(top,#E3E3E3 0%,#FFFFFF 0%,#FFFFFF 6%,#FFFFFF 7%,#FFFFFF 50%);background: -o-linear-gradient(top,#E3E3E3 0%,#FFFFFF 0%,#FFFFFF 6%,#FFFFFF 7%,#FFFFFF 50%);background: -ms-linear-gradient(top,#E3E3E3 0%,#FFFFFF 0%,#FFFFFF 6%,#FFFFFF 7%,#FFFFFF 50%);background: linear-gradient(top,#E3E3E3 0%,#FFFFFF 0%,#FFFFFF 6%,#FFFFFF 7%,#FFFFFF 50%);&#8220;][vc_column][vc_btn title=&#8220;Kontakt&#8220; style=&#8220;flat&#8220; color=&#8220;primary&#8220; size=&#8220;lg&#8220; align=&#8220;center&#8220; i_icon_fontawesome=&#8220;fa fa-envelope-square&#8220; button_block=&#8220;true&#8220; add_icon=&#8220;true&#8220; link=&#8220;url:https%3A%2F%2Fucm.one%2Ffirma%2Fkontakt%2F|title:Kontakt||&#8220;][\/vc_column][\/vc_row]<\/p>\n<\/div>","protected":false},"excerpt":{"rendered":"<p>[vc_row][vc_column][vc_column_text] Neuigkeiten &#8211;\u00a0Film [\/vc_column_text][\/vc_column][\/vc_row][vc_row gap=&#8220;35&#8243;][vc_column width=&#8220;2\/3&#8243;][\/vc_column][vc_column width=&#8220;1\/3&#8243;][vc_widget_sidebar sidebar_id=&#8220;sidebar_1&#8243;][\/vc_column][\/vc_row][vc_row content_placement=&#8220;middle&#8220; bg_type=&#8220;grad&#8220; ult_hide_row=&#8220;ult_hide_row_value&#8220; ult_hide_row_large_screen=&#8220;large_screen&#8220; ult_hide_row_desktop=&#8220;desktop&#8220; css=&#8220;.vc_custom_1518701755537{margin-top: 0px !important;padding-top: -50px !important;}&#8220; bg_grad=&#8220;background: -webkit-gradient(linear, left top, left bottom, color-stop(0%, #E3E3E3), color-stop(0%, #FFFFFF), color-stop(6%, #FFFFFF), color-stop(7%, #FFFFFF), color-stop(50%, #FFFFFF));background: -moz-linear-gradient(top,#E3E3E3 0%,#FFFFFF 0%,#FFFFFF 6%,#FFFFFF 7%,#FFFFFF 50%);background: -webkit-linear-gradient(top,#E3E3E3 0%,#FFFFFF 0%,#FFFFFF 6%,#FFFFFF 7%,#FFFFFF 50%);background: -o-linear-gradient(top,#E3E3E3 0%,#FFFFFF 0%,#FFFFFF 6%,#FFFFFF 7%,#FFFFFF 50%);background: -ms-linear-gradient(top,#E3E3E3 0%,#FFFFFF 0%,#FFFFFF&hellip;<\/p>\n","protected":false},"author":941,"featured_media":0,"parent":46,"menu_order":0,"comment_status":"closed","ping_status":"closed","template":"","meta":{"_acf_changed":false,"footnotes":""},"class_list":["post-103375","page","type-page","status-publish","hentry","description-off"],"acf":[],"yoast_head":"<!-- This site is optimized with the Yoast SEO plugin v27.5 - https:\/\/yoast.com\/product\/yoast-seo-wordpress\/ -->\n<title>Film Neuigkeiten - UCM.ONE<\/title>\n<meta name=\"description\" content=\"Aktuelle Neuigkeiten der UCM.ONE GmbH. Hier k\u00f6nnen auch alle Infos \u00fcber neue Musik- und Filmver\u00f6ffentlichungen gefunden werden.\" \/>\n<meta name=\"robots\" content=\"index, follow, max-snippet:-1, max-image-preview:large, max-video-preview:-1\" \/>\n<link rel=\"canonical\" href=\"https:\/\/ucm.one\/de\/firma\/neuigkeiten\/neuigkeiten-film\/\" \/>\n<meta property=\"og:locale\" content=\"de_DE\" \/>\n<meta property=\"og:type\" content=\"article\" \/>\n<meta property=\"og:title\" content=\"Film Neuigkeiten - UCM.ONE\" \/>\n<meta property=\"og:description\" content=\"Aktuelle Neuigkeiten der UCM.ONE GmbH. Hier k\u00f6nnen auch alle Infos \u00fcber neue Musik- und Filmver\u00f6ffentlichungen gefunden werden.\" \/>\n<meta property=\"og:url\" content=\"https:\/\/ucm.one\/de\/firma\/neuigkeiten\/neuigkeiten-film\/\" \/>\n<meta property=\"og:site_name\" content=\"UCM.ONE\" \/>\n<meta name=\"twitter:card\" content=\"summary_large_image\" \/>\n<meta name=\"twitter:label1\" content=\"Gesch\u00e4tzte Lesezeit\" \/>\n\t<meta name=\"twitter:data1\" content=\"1\u00a0Minute\" \/>\n<!-- \/ Yoast SEO plugin. -->","yoast_head_json":{"title":"Film Neuigkeiten - UCM.ONE","description":"Aktuelle Neuigkeiten der UCM.ONE GmbH. Hier k\u00f6nnen auch alle Infos \u00fcber neue Musik- und Filmver\u00f6ffentlichungen gefunden werden.","robots":{"index":"index","follow":"follow","max-snippet":"max-snippet:-1","max-image-preview":"max-image-preview:large","max-video-preview":"max-video-preview:-1"},"canonical":"https:\/\/ucm.one\/de\/firma\/neuigkeiten\/neuigkeiten-film\/","og_locale":"de_DE","og_type":"article","og_title":"Film Neuigkeiten - UCM.ONE","og_description":"Aktuelle Neuigkeiten der UCM.ONE GmbH. Hier k\u00f6nnen auch alle Infos \u00fcber neue Musik- und Filmver\u00f6ffentlichungen gefunden werden.","og_url":"https:\/\/ucm.one\/de\/firma\/neuigkeiten\/neuigkeiten-film\/","og_site_name":"UCM.ONE","twitter_card":"summary_large_image","twitter_misc":{"Gesch\u00e4tzte Lesezeit":"1\u00a0Minute"},"schema":{"@context":"https:\/\/schema.org","@graph":[{"@type":"WebPage","@id":"https:\/\/ucm.one\/de\/firma\/neuigkeiten\/neuigkeiten-film\/","url":"https:\/\/ucm.one\/de\/firma\/neuigkeiten\/neuigkeiten-film\/","name":"Film Neuigkeiten - UCM.ONE","isPartOf":{"@id":"https:\/\/ucm.one\/de\/#website"},"datePublished":"2024-04-10T08:48:45+00:00","description":"Aktuelle Neuigkeiten der UCM.ONE GmbH. Hier k\u00f6nnen auch alle Infos \u00fcber neue Musik- und Filmver\u00f6ffentlichungen gefunden werden.","breadcrumb":{"@id":"https:\/\/ucm.one\/de\/firma\/neuigkeiten\/neuigkeiten-film\/#breadcrumb"},"inLanguage":"de","potentialAction":[{"@type":"ReadAction","target":["https:\/\/ucm.one\/de\/firma\/neuigkeiten\/neuigkeiten-film\/"]}]},{"@type":"BreadcrumbList","@id":"https:\/\/ucm.one\/de\/firma\/neuigkeiten\/neuigkeiten-film\/#breadcrumb","itemListElement":[{"@type":"ListItem","position":1,"name":"Home","item":"https:\/\/ucm.one\/de\/"},{"@type":"ListItem","position":2,"name":"Firma","item":"https:\/\/ucm.one\/de\/company\/"},{"@type":"ListItem","position":3,"name":"Neuigkeiten","item":"https:\/\/ucm.one\/de\/company\/news\/"},{"@type":"ListItem","position":4,"name":"Film Neuigkeiten"}]},{"@type":"WebSite","@id":"https:\/\/ucm.one\/de\/#website","url":"https:\/\/ucm.one\/de\/","name":"UCM.ONE","description":"","publisher":{"@id":"https:\/\/ucm.one\/de\/#organization"},"potentialAction":[{"@type":"SearchAction","target":{"@type":"EntryPoint","urlTemplate":"https:\/\/ucm.one\/de\/?s={search_term_string}"},"query-input":{"@type":"PropertyValueSpecification","valueRequired":true,"valueName":"search_term_string"}}],"inLanguage":"de"},{"@type":"Organization","@id":"https:\/\/ucm.one\/de\/#organization","name":"UCM.ONE","url":"https:\/\/ucm.one\/de\/","logo":{"@type":"ImageObject","inLanguage":"de","@id":"https:\/\/ucm.one\/de\/#\/schema\/logo\/image\/","url":"https:\/\/ucm.one\/wp-content\/uploads\/2019\/10\/UCM.ONE-Logo-RGB.svg","contentUrl":"https:\/\/ucm.one\/wp-content\/uploads\/2019\/10\/UCM.ONE-Logo-RGB.svg","width":1,"height":1,"caption":"UCM.ONE"},"image":{"@id":"https:\/\/ucm.one\/de\/#\/schema\/logo\/image\/"}}]}},"_links":{"self":[{"href":"https:\/\/ucm.one\/de\/wp-json\/wp\/v2\/pages\/103375","targetHints":{"allow":["GET"]}}],"collection":[{"href":"https:\/\/ucm.one\/de\/wp-json\/wp\/v2\/pages"}],"about":[{"href":"https:\/\/ucm.one\/de\/wp-json\/wp\/v2\/types\/page"}],"author":[{"embeddable":true,"href":"https:\/\/ucm.one\/de\/wp-json\/wp\/v2\/users\/941"}],"replies":[{"embeddable":true,"href":"https:\/\/ucm.one\/de\/wp-json\/wp\/v2\/comments?post=103375"}],"version-history":[{"count":4,"href":"https:\/\/ucm.one\/de\/wp-json\/wp\/v2\/pages\/103375\/revisions"}],"predecessor-version":[{"id":103426,"href":"https:\/\/ucm.one\/de\/wp-json\/wp\/v2\/pages\/103375\/revisions\/103426"}],"up":[{"embeddable":true,"href":"https:\/\/ucm.one\/de\/wp-json\/wp\/v2\/pages\/46"}],"wp:attachment":[{"href":"https:\/\/ucm.one\/de\/wp-json\/wp\/v2\/media?parent=103375"}],"curies":[{"name":"wp","href":"https:\/\/api.w.org\/{rel}","templated":true}]}}